{"id":16123,"date":"2021-03-24T16:14:53","date_gmt":"2021-03-24T15:14:53","guid":{"rendered":"https:\/\/www.vignevin.com\/?page_id=16123"},"modified":"2021-03-26T11:14:54","modified_gmt":"2021-03-26T10:14:54","slug":"library","status":"publish","type":"page","link":"https:\/\/www.vignevin.com\/en\/library\/","title":{"rendered":"Library"},"content":{"rendered":"<p>[et_pb_section bb_built=&#8221;1&#8243; fullwidth=&#8221;off&#8221; specialty=&#8221;on&#8221; inner_width=&#8221;auto&#8221; inner_max_width=&#8221;none&#8221; _builder_version=&#8221;4.4.2&#8243;][et_pb_column type=&#8221;1_2&#8243;][et_pb_text admin_label=&#8221;Photo-Library&#8221; _builder_version=&#8221;4.8.2&#8243; text_text_shadow_horizontal_length=&#8221;text_text_shadow_style,%91object Object%93&#8243; text_text_shadow_horizontal_length_tablet=&#8221;0px&#8221; text_text_shadow_vertical_length=&#8221;text_text_shadow_style,%91object Object%93&#8243; text_text_shadow_vertical_length_tablet=&#8221;0px&#8221; text_text_shadow_blur_strength=&#8221;text_text_shadow_style,%91object Object%93&#8243; text_text_shadow_blur_strength_tablet=&#8221;1px&#8221; link_text_shadow_horizontal_length=&#8221;link_text_shadow_style,%91object Object%93&#8243; link_text_shadow_horizontal_length_tablet=&#8221;0px&#8221; link_text_shadow_vertical_length=&#8221;link_text_shadow_style,%91object Object%93&#8243; link_text_shadow_vertical_length_tablet=&#8221;0px&#8221; link_text_shadow_blur_strength=&#8221;link_text_shadow_style,%91object Object%93&#8243; link_text_shadow_blur_strength_tablet=&#8221;1px&#8221; ul_text_shadow_horizontal_length=&#8221;ul_text_shadow_style,%91object Object%93&#8243; ul_text_shadow_horizontal_length_tablet=&#8221;0px&#8221; ul_text_shadow_vertical_length=&#8221;ul_text_shadow_style,%91object Object%93&#8243; ul_text_shadow_vertical_length_tablet=&#8221;0px&#8221; ul_text_shadow_blur_strength=&#8221;ul_text_shadow_style,%91object Object%93&#8243; ul_text_shadow_blur_strength_tablet=&#8221;1px&#8221; ol_text_shadow_horizontal_length=&#8221;ol_text_shadow_style,%91object Object%93&#8243; ol_text_shadow_horizontal_length_tablet=&#8221;0px&#8221; ol_text_shadow_vertical_length=&#8221;ol_text_shadow_style,%91object Object%93&#8243; ol_text_shadow_vertical_length_tablet=&#8221;0px&#8221; ol_text_shadow_blur_strength=&#8221;ol_text_shadow_style,%91object Object%93&#8243; ol_text_shadow_blur_strength_tablet=&#8221;1px&#8221; quote_text_shadow_horizontal_length=&#8221;quote_text_shadow_style,%91object Object%93&#8243; quote_text_shadow_horizontal_length_tablet=&#8221;0px&#8221; quote_text_shadow_vertical_length=&#8221;quote_text_shadow_style,%91object Object%93&#8243; quote_text_shadow_vertical_length_tablet=&#8221;0px&#8221; quote_text_shadow_blur_strength=&#8221;quote_text_shadow_style,%91object Object%93&#8243; quote_text_shadow_blur_strength_tablet=&#8221;1px&#8221; header_text_shadow_horizontal_length=&#8221;header_text_shadow_style,%91object Object%93&#8243; header_text_shadow_horizontal_length_tablet=&#8221;0px&#8221; header_text_shadow_vertical_length=&#8221;header_text_shadow_style,%91object Object%93&#8243; header_text_shadow_vertical_length_tablet=&#8221;0px&#8221; header_text_shadow_blur_strength=&#8221;header_text_shadow_style,%91object Object%93&#8243; header_text_shadow_blur_strength_tablet=&#8221;1px&#8221; header_2_text_shadow_horizontal_length=&#8221;header_2_text_shadow_style,%91object Object%93&#8243; header_2_text_shadow_horizontal_length_tablet=&#8221;0px&#8221; header_2_text_shadow_vertical_length=&#8221;header_2_text_shadow_style,%91object Object%93&#8243; header_2_text_shadow_vertical_length_tablet=&#8221;0px&#8221; header_2_text_shadow_blur_strength=&#8221;header_2_text_shadow_style,%91object Object%93&#8243; header_2_text_shadow_blur_strength_tablet=&#8221;1px&#8221; header_3_text_shadow_horizontal_length=&#8221;header_3_text_shadow_style,%91object Object%93&#8243; header_3_text_shadow_horizontal_length_tablet=&#8221;0px&#8221; header_3_text_shadow_vertical_length=&#8221;header_3_text_shadow_style,%91object Object%93&#8243; header_3_text_shadow_vertical_length_tablet=&#8221;0px&#8221; header_3_text_shadow_blur_strength=&#8221;header_3_text_shadow_style,%91object Object%93&#8243; header_3_text_shadow_blur_strength_tablet=&#8221;1px&#8221; header_4_text_shadow_horizontal_length=&#8221;header_4_text_shadow_style,%91object Object%93&#8243; header_4_text_shadow_horizontal_length_tablet=&#8221;0px&#8221; header_4_text_shadow_vertical_length=&#8221;header_4_text_shadow_style,%91object Object%93&#8243; header_4_text_shadow_vertical_length_tablet=&#8221;0px&#8221; header_4_text_shadow_blur_strength=&#8221;header_4_text_shadow_style,%91object Object%93&#8243; header_4_text_shadow_blur_strength_tablet=&#8221;1px&#8221; header_5_text_shadow_horizontal_length=&#8221;header_5_text_shadow_style,%91object Object%93&#8243; header_5_text_shadow_horizontal_length_tablet=&#8221;0px&#8221; header_5_text_shadow_vertical_length=&#8221;header_5_text_shadow_style,%91object Object%93&#8243; header_5_text_shadow_vertical_length_tablet=&#8221;0px&#8221; header_5_text_shadow_blur_strength=&#8221;header_5_text_shadow_style,%91object Object%93&#8243; header_5_text_shadow_blur_strength_tablet=&#8221;1px&#8221; header_6_text_shadow_horizontal_length=&#8221;header_6_text_shadow_style,%91object Object%93&#8243; header_6_text_shadow_horizontal_length_tablet=&#8221;0px&#8221; header_6_text_shadow_vertical_length=&#8221;header_6_text_shadow_style,%91object Object%93&#8243; header_6_text_shadow_vertical_length_tablet=&#8221;0px&#8221; header_6_text_shadow_blur_strength=&#8221;header_6_text_shadow_style,%91object Object%93&#8243; header_6_text_shadow_blur_strength_tablet=&#8221;1px&#8221; box_shadow_horizontal_tablet=&#8221;0px&#8221; box_shadow_vertical_tablet=&#8221;0px&#8221; box_shadow_blur_tablet=&#8221;40px&#8221; box_shadow_spread_tablet=&#8221;0px&#8221; vertical_offset_tablet=&#8221;0&#8243; horizontal_offset_tablet=&#8221;0&#8243; z_index_tablet=&#8221;0&#8243;]<\/p>\n<h2 style=\"text-align: center;\">Photo-Library<\/h2>\n<p>[\/et_pb_text][et_pb_text admin_label=&#8221;Liste des albums&#8221; _builder_version=&#8221;4.8.2&#8243; text_text_shadow_horizontal_length=&#8221;text_text_shadow_style,%91object Object%93&#8243; text_text_shadow_vertical_length=&#8221;text_text_shadow_style,%91object Object%93&#8243; text_text_shadow_blur_strength=&#8221;text_text_shadow_style,%91object Object%93&#8243; link_text_shadow_horizontal_length=&#8221;link_text_shadow_style,%91object Object%93&#8243; link_text_shadow_vertical_length=&#8221;link_text_shadow_style,%91object Object%93&#8243; link_text_shadow_blur_strength=&#8221;link_text_shadow_style,%91object Object%93&#8243; ul_text_shadow_horizontal_length=&#8221;ul_text_shadow_style,%91object Object%93&#8243; ul_text_shadow_vertical_length=&#8221;ul_text_shadow_style,%91object Object%93&#8243; ul_text_shadow_blur_strength=&#8221;ul_text_shadow_style,%91object Object%93&#8243; ol_text_shadow_horizontal_length=&#8221;ol_text_shadow_style,%91object Object%93&#8243; ol_text_shadow_vertical_length=&#8221;ol_text_shadow_style,%91object Object%93&#8243; ol_text_shadow_blur_strength=&#8221;ol_text_shadow_style,%91object Object%93&#8243; quote_text_shadow_horizontal_length=&#8221;quote_text_shadow_style,%91object Object%93&#8243; quote_text_shadow_vertical_length=&#8221;quote_text_shadow_style,%91object Object%93&#8243; quote_text_shadow_blur_strength=&#8221;quote_text_shadow_style,%91object Object%93&#8243; header_text_shadow_horizontal_length=&#8221;header_text_shadow_style,%91object Object%93&#8243; header_text_shadow_vertical_length=&#8221;header_text_shadow_style,%91object Object%93&#8243; header_text_shadow_blur_strength=&#8221;header_text_shadow_style,%91object Object%93&#8243; header_2_text_shadow_horizontal_length=&#8221;header_2_text_shadow_style,%91object Object%93&#8243; header_2_text_shadow_vertical_length=&#8221;header_2_text_shadow_style,%91object Object%93&#8243; header_2_text_shadow_blur_strength=&#8221;header_2_text_shadow_style,%91object Object%93&#8243; header_3_text_shadow_horizontal_length=&#8221;header_3_text_shadow_style,%91object Object%93&#8243; header_3_text_shadow_vertical_length=&#8221;header_3_text_shadow_style,%91object Object%93&#8243; header_3_text_shadow_blur_strength=&#8221;header_3_text_shadow_style,%91object Object%93&#8243; header_4_text_shadow_horizontal_length=&#8221;header_4_text_shadow_style,%91object Object%93&#8243; header_4_text_shadow_vertical_length=&#8221;header_4_text_shadow_style,%91object Object%93&#8243; header_4_text_shadow_blur_strength=&#8221;header_4_text_shadow_style,%91object Object%93&#8243; header_5_text_shadow_horizontal_length=&#8221;header_5_text_shadow_style,%91object Object%93&#8243; header_5_text_shadow_vertical_length=&#8221;header_5_text_shadow_style,%91object Object%93&#8243; header_5_text_shadow_blur_strength=&#8221;header_5_text_shadow_style,%91object Object%93&#8243; header_6_text_shadow_horizontal_length=&#8221;header_6_text_shadow_style,%91object Object%93&#8243; header_6_text_shadow_vertical_length=&#8221;header_6_text_shadow_style,%91object Object%93&#8243; header_6_text_shadow_blur_strength=&#8221;header_6_text_shadow_style,%91object Object%93&#8243; z_index_tablet=&#8221;500&#8243; box_shadow_horizontal_tablet=&#8221;0px&#8221; box_shadow_vertical_tablet=&#8221;0px&#8221; box_shadow_blur_tablet=&#8221;40px&#8221; box_shadow_spread_tablet=&#8221;0px&#8221; vertical_offset_tablet=&#8221;0&#8243; horizontal_offset_tablet=&#8221;0&#8243;]<\/p>\n<div id=\"envira-gallery-wrap-17390\" class=\"envira-album-wrap envira-gallery-wrap envira-gallery-theme-base envira-lightbox-theme-base_dark\" ><div data-album-config='{\"type\":\"default\",\"columns\":\"2\",\"title\":\"Photo-library\",\"justified_row_height\":150,\"justified_margins\":1,\"justified_last_row\":\"nojustify\",\"back\":0,\"back_location\":\"above\",\"back_label\":\"Back to Album\",\"description_position\":\"0\",\"album_alignment\":\"0\",\"gallery_theme\":\"base\",\"album_width\":100,\"description\":null,\"display_titles\":\"below\",\"display_titles_automatic\":0,\"gallery_description_display\":\"\",\"display_captions\":0,\"display_image_count\":0,\"gutter\":10,\"margin\":10,\"sorting\":\"0\",\"sorting_direction\":\"ASC\",\"crop\":1,\"crop_width\":600,\"crop_height\":400,\"isotope\":1,\"lazy_loading\":1,\"lazy_loading_delay\":500,\"lightbox\":0,\"lightbox_theme\":\"base_dark\",\"title_display\":\"float\",\"arrows\":1,\"arrows_position\":\"inside\",\"toolbar\":1,\"toolbar_title\":0,\"toolbar_position\":\"top\",\"aspect\":1,\"loop\":1,\"lightbox_open_close_effect\":\"fade\",\"effect\":\"fade\",\"html5\":0,\"gallery_sort\":\"0\",\"supersize\":0,\"image_counter\":0,\"thumbnails\":1,\"thumbnails_width\":\"auto\",\"thumbnails_height\":\"auto\",\"thumbnails_position\":\"bottom\",\"thumbnails_custom_size\":0,\"mobile\":1,\"mobile_width\":320,\"mobile_height\":240,\"mobile_lightbox\":1,\"mobile_arrows\":1,\"mobile_toolbar\":1,\"mobile_thumbnails\":1,\"mobile_thumbnails_width\":75,\"mobile_thumbnails_height\":50,\"standalone_template\":\"\",\"classes\":\"\",\"rtl\":0,\"slug\":\"\",\"download_lightbox\":0,\"download_lightbox_position\":\"top-left\",\"download_lightbox_force\":0,\"album_id\":17390,\"keyboard\":1,\"mousewheel\":1,\"lightbox_title_caption\":\"title\"}' data-lightbox-theme='{&quot;arrows&quot;:true,&quot;margins&quot;:[120,0],&quot;gutter&quot;:&quot;100&quot;,&quot;thumbs_position&quot;:&quot;bottom&quot;,&quot;base_template&quot;:&quot;&lt;div id=\\&quot;envirabox-17390\\&quot; data-envirabox-id=\\&quot;17390\\&quot; class=\\&quot;envirabox-container envirabox-theme-base_dark envirabox-wrap\\&quot; role=\\&quot;dialog\\&quot;&gt;&lt;div class=\\&quot;envirabox-bg\\&quot;&gt;&lt;\\\/div&gt;&lt;div class=\\&quot;envirabox-outer\\&quot;&gt;&lt;div class=\\&quot;envirabox-inner\\&quot;&gt;&lt;div class=\\&quot;envirabox-caption-wrap\\&quot;&gt;&lt;div class=\\&quot;envirabox-title\\&quot;&gt;&lt;\\\/div&gt;&lt;\\\/div&gt;&lt;div class=\\&quot;envirabox-toolbar\\&quot;&gt;&lt;div class=\\&quot;envira-close-button\\&quot;&gt;&lt;a data-envirabox-close class=\\&quot;envirabox-item envirabox-close envirabox-button--close\\&quot; title=\\&quot;Close\\&quot; href=\\&quot;#\\&quot;&gt;&lt;\\\/a&gt;&lt;\\\/div&gt;&lt;\\\/div&gt;&lt;div class=\\&quot;envirabox-navigation\\&quot;&gt;&lt;a data-envirabox-prev title=\\&quot;Prev\\&quot; class=\\&quot;envirabox-arrow envirabox-arrow--left envirabox-nav envirabox-prev\\&quot; href=\\&quot;#\\&quot;&gt;&lt;span&gt;&lt;\\\/span&gt;&lt;\\\/a&gt;&lt;a data-envirabox-next title=\\&quot;Next\\&quot; class=\\&quot;envirabox-arrow envirabox-arrow--right envirabox-nav envirabox-next\\&quot; href=\\&quot;#\\&quot;&gt;&lt;span&gt;&lt;\\\/span&gt;&lt;\\\/a&gt;&lt;\\\/div&gt;&lt;div class=\\&quot;envirabox-stage\\&quot;&gt;&lt;\\\/div&gt;&lt;\\\/div&gt;&lt;\\\/div&gt;&lt;\\\/div&gt;&quot;,&quot;load_all&quot;:false,&quot;error_template&quot;:&quot;&lt;div class=\\&quot;envirabox-error\\&quot;&gt;&lt;p&gt;{{ERROR}}&lt;p&gt;&lt;\\\/div&gt;&quot;,&quot;inner_caption&quot;:false,&quot;caption_position&quot;:false,&quot;arrow_position&quot;:false,&quot;toolbar&quot;:true,&quot;infobar&quot;:false,&quot;show_smallbtn&quot;:false,&quot;lightbox_title_caption&quot;:false,&quot;idle_time&quot;:false,&quot;click_content&quot;:false,&quot;click_slide&quot;:false,&quot;click_outside&quot;:false,&quot;small_btn_template&quot;:&quot;&lt;a data-envirabox-close class=\\&quot;envirabox-item envirabox-close envirabox-button--close\\&quot; title=\\&quot;Close\\&quot; href=\\&quot;#\\&quot;&gt;&lt;\\\/a&gt;&quot;}' data-album-galleries='{\"17408\":{\"id\":\"17408\",\"title\":\"Grapevines Pests\",\"caption\":\"\",\"alt\":\"\",\"cover_image_id\":\"6933\",\"cover_image_url\":\"https:\\\/\\\/www.vignevin.com\\\/wp-content\\\/uploads\\\/2019\\\/02\\\/Acarien_rouge.jpg\",\"link_new_window\":\"\",\"gallery_lightbox\":\"1\",\"cover_image_url_thumb\":\"\",\"publish_date\":\"\"},\"17410\":{\"id\":\"17410\",\"title\":\"Grapevines virus\",\"caption\":\"\",\"alt\":\"\",\"cover_image_id\":\"6928\",\"cover_image_url\":\"https:\\\/\\\/www.vignevin.com\\\/wp-content\\\/uploads\\\/2019\\\/02\\\/etiquette-phototheque-viroses.jpg\",\"link_new_window\":\"\",\"gallery_lightbox\":\"1\",\"cover_image_url_thumb\":\"\",\"publish_date\":\"\"},\"17413\":{\"id\":\"17413\",\"title\":\"Grapevines Diseases\",\"caption\":\"\",\"alt\":\"\",\"cover_image_id\":\"7051\",\"cover_image_url\":\"https:\\\/\\\/www.vignevin.com\\\/wp-content\\\/uploads\\\/2019\\\/03\\\/IFV_BDA_11.jpg\",\"link_new_window\":\"\",\"gallery_lightbox\":\"1\",\"cover_image_url_thumb\":\"\",\"publish_date\":\"\"},\"17415\":{\"id\":\"17415\",\"title\":\"Grapevines auxiliary fauna\",\"caption\":\"\",\"alt\":\"\",\"cover_image_id\":\"7069\",\"cover_image_url\":\"https:\\\/\\\/www.vignevin.com\\\/wp-content\\\/uploads\\\/2019\\\/03\\\/AgrypoAnnxium2.jpg\",\"link_new_window\":\"\",\"gallery_lightbox\":\"1\",\"cover_image_url_thumb\":\"\",\"publish_date\":\"\"},\"17388\":{\"id\":\"17388\",\"title\":\"Grapevines Deficiencies\",\"caption\":\"\",\"alt\":\"\",\"cover_image_id\":\"10056\",\"cover_image_url\":\"https:\\\/\\\/www.vignevin.com\\\/wp-content\\\/uploads\\\/2019\\\/02\\\/etiquette-phototheque-carences.jpg\",\"link_new_window\":\"\",\"gallery_lightbox\":\"1\",\"cover_image_url_thumb\":\"\",\"publish_date\":\"\"}}' data-parsed-attrs='{&quot;id&quot;:&quot;17390&quot;,&quot;cache&quot;:true}' id=\"envira-gallery-17390\" class=\"envira-album-public envira-gallery-justified-public envira-lazy  envira-gallery-2-columns envira-clear\" data-envira-columns=\"2\" data-row-height=\"150\"><div id=\"envira-gallery-item-17408\" class=\"envira-gallery-item enviratope-item envira-gallery-item-1\" style=\"padding-left: 5px; padding-bottom: 10px; padding-right: 5px;\" ><div class=\"envira-gallery-item-inner\"><div class=\"envira-gallery-position-overlay  envira-gallery-top-left\"><\/div><div class=\"envira-gallery-position-overlay  envira-gallery-top-right\"><\/div><div class=\"envira-gallery-position-overlay  envira-gallery-bottom-left\"><\/div><div class=\"envira-gallery-position-overlay  envira-gallery-bottom-right\"><\/div><a href=\"https:\/\/www.vignevin.com\/en\/galerie\/les-ravageurs\/\" data-gallery-images='{\"6934\":{\"status\":\"active\",\"src\":\"https:\\\/\\\/www.vignevin.com\\\/wp-content\\\/uploads\\\/2019\\\/02\\\/Cicadelle_verte_1147-scaled.jpg\",\"title\":\"Nymphe de cicadelle verte (Empoasca vitis)\",\"link\":\"https:\\\/\\\/www.vignevin.com\\\/wp-content\\\/uploads\\\/2019\\\/02\\\/Cicadelle_verte_1147.jpg\",\"alt\":\"\",\"caption\":false,\"thumb\":\"https:\\\/\\\/www.vignevin.com\\\/wp-content\\\/uploads\\\/2019\\\/02\\\/Cicadelle_verte_1147-scaled-75x50_c.jpg\",\"meta\":{\"aperture\":null,\"credit\":\"Mackiewicz P.\",\"camera\":null,\"caption\":\"Nymphe de cicadelle verte (Empoasca vitis)\",\"created_timestamp\":null,\"copyright\":\"IFV\",\"focal_length\":null,\"iso\":null,\"shutter_speed\":null,\"title\":\"Nymphe de cicadelle verte (Empoasca vitis)\",\"orientation\":\"1\",\"keywords\":null},\"thumbnail\":\"https:\\\/\\\/www.vignevin.com\\\/wp-content\\\/uploads\\\/2019\\\/02\\\/Cicadelle_verte_1147-150x150.jpg\",\"medium\":\"https:\\\/\\\/www.vignevin.com\\\/wp-content\\\/uploads\\\/2019\\\/02\\\/Cicadelle_verte_1147-300x196.jpg\",\"medium_large\":\"https:\\\/\\\/www.vignevin.com\\\/wp-content\\\/uploads\\\/2019\\\/02\\\/Cicadelle_verte_1147-768x501.jpg\",\"large\":\"https:\\\/\\\/www.vignevin.com\\\/wp-content\\\/uploads\\\/2019\\\/02\\\/Cicadelle_verte_1147-1024x668.jpg\",\"1536x1536\":\"https:\\\/\\\/www.vignevin.com\\\/wp-content\\\/uploads\\\/2019\\\/02\\\/Cicadelle_verte_1147-scaled.jpg\",\"2048x2048\":\"https:\\\/\\\/www.vignevin.com\\\/wp-content\\\/uploads\\\/2019\\\/02\\\/Cicadelle_verte_1147-scaled.jpg\",\"et-pb-post-main-image\":\"https:\\\/\\\/www.vignevin.com\\\/wp-content\\\/uploads\\\/2019\\\/02\\\/Cicadelle_verte_1147-400x250.jpg\",\"et-pb-post-main-image-fullwidth\":\"https:\\\/\\\/www.vignevin.com\\\/wp-content\\\/uploads\\\/2019\\\/02\\\/Cicadelle_verte_1147-1080x675.jpg\",\"et-pb-portfolio-image\":\"https:\\\/\\\/www.vignevin.com\\\/wp-content\\\/uploads\\\/2019\\\/02\\\/Cicadelle_verte_1147-400x284.jpg\",\"et-pb-portfolio-module-image\":\"https:\\\/\\\/www.vignevin.com\\\/wp-content\\\/uploads\\\/2019\\\/02\\\/Cicadelle_verte_1147-510x382.jpg\",\"et-pb-portfolio-image-single\":\"https:\\\/\\\/www.vignevin.com\\\/wp-content\\\/uploads\\\/2019\\\/02\\\/Cicadelle_verte_1147-1080x705.jpg\",\"et-pb-gallery-module-image-portrait\":\"https:\\\/\\\/www.vignevin.com\\\/wp-content\\\/uploads\\\/2019\\\/02\\\/Cicadelle_verte_1147-400x516.jpg\",\"et-pb-post-main-image-fullwidth-large\":\"https:\\\/\\\/www.vignevin.com\\\/wp-content\\\/uploads\\\/2019\\\/02\\\/Cicadelle_verte_1147-2880x1800.jpg\",\"et-pb-image--responsive--desktop\":\"https:\\\/\\\/www.vignevin.com\\\/wp-content\\\/uploads\\\/2019\\\/02\\\/Cicadelle_verte_1147-scaled.jpg\",\"et-pb-image--responsive--tablet\":\"https:\\\/\\\/www.vignevin.com\\\/wp-content\\\/uploads\\\/2019\\\/02\\\/Cicadelle_verte_1147-scaled.jpg\",\"et-pb-image--responsive--phone\":\"https:\\\/\\\/www.vignevin.com\\\/wp-content\\\/uploads\\\/2019\\\/02\\\/Cicadelle_verte_1147-scaled.jpg\",\"gform-image-choice-sm\":\"https:\\\/\\\/www.vignevin.com\\\/wp-content\\\/uploads\\\/2019\\\/02\\\/Cicadelle_verte_1147-scaled.jpg\",\"gform-image-choice-md\":\"https:\\\/\\\/www.vignevin.com\\\/wp-content\\\/uploads\\\/2019\\\/02\\\/Cicadelle_verte_1147-scaled.jpg\",\"gform-image-choice-lg\":\"https:\\\/\\\/www.vignevin.com\\\/wp-content\\\/uploads\\\/2019\\\/02\\\/Cicadelle_verte_1147-scaled.jpg\",\"woocommerce_thumbnail\":\"https:\\\/\\\/www.vignevin.com\\\/wp-content\\\/uploads\\\/2019\\\/02\\\/Cicadelle_verte_1147-scaled-300x300.jpg\",\"woocommerce_single\":\"https:\\\/\\\/www.vignevin.com\\\/wp-content\\\/uploads\\\/2019\\\/02\\\/Cicadelle_verte_1147-scaled-600x392.jpg\",\"woocommerce_gallery_thumbnail\":\"https:\\\/\\\/www.vignevin.com\\\/wp-content\\\/uploads\\\/2019\\\/02\\\/Cicadelle_verte_1147-scaled-100x100.jpg\",\"full\":\"https:\\\/\\\/www.vignevin.com\\\/wp-content\\\/uploads\\\/2019\\\/02\\\/Cicadelle_verte_1147-scaled.jpg\",\"index\":0,\"id\":6934,\"video\":false,\"opts\":{\"caption\":\"\",\"thumb\":\"https:\\\/\\\/www.vignevin.com\\\/wp-content\\\/uploads\\\/2019\\\/02\\\/Cicadelle_verte_1147-scaled-75x50_c.jpg\",\"title\":\"Nymphe de cicadelle verte (Empoasca vitis)\"},\"gallery_id\":17408,\"gallery_title\":\"Grapevines Pests\"},\"6931\":{\"status\":\"active\",\"src\":\"https:\\\/\\\/www.vignevin.com\\\/wp-content\\\/uploads\\\/2019\\\/02\\\/Drosophyle_1217-scaled.jpg\",\"title\":\"Drosophile adulte (Drosophila melanogaster)\",\"link\":\"https:\\\/\\\/www.vignevin.com\\\/wp-content\\\/uploads\\\/2019\\\/02\\\/Drosophyle_1217.jpg\",\"alt\":\"\",\"caption\":false,\"thumb\":\"https:\\\/\\\/www.vignevin.com\\\/wp-content\\\/uploads\\\/2019\\\/02\\\/Drosophyle_1217-scaled-75x50_c.jpg\",\"meta\":{\"aperture\":null,\"credit\":\"Molot. B\",\"camera\":null,\"caption\":\"Drosophile adulte (Drosophila melanogaster)\",\"created_timestamp\":null,\"copyright\":\"IFV\",\"focal_length\":null,\"iso\":null,\"shutter_speed\":null,\"title\":\"Drosophile adulte (Drosophila melanogaster)\",\"orientation\":\"1\",\"keywords\":null},\"thumbnail\":\"https:\\\/\\\/www.vignevin.com\\\/wp-content\\\/uploads\\\/2019\\\/02\\\/Drosophyle_1217-150x150.jpg\",\"medium\":\"https:\\\/\\\/www.vignevin.com\\\/wp-content\\\/uploads\\\/2019\\\/02\\\/Drosophyle_1217-300x196.jpg\",\"medium_large\":\"https:\\\/\\\/www.vignevin.com\\\/wp-content\\\/uploads\\\/2019\\\/02\\\/Drosophyle_1217-768x501.jpg\",\"large\":\"https:\\\/\\\/www.vignevin.com\\\/wp-content\\\/uploads\\\/2019\\\/02\\\/Drosophyle_1217-1024x668.jpg\",\"1536x1536\":\"https:\\\/\\\/www.vignevin.com\\\/wp-content\\\/uploads\\\/2019\\\/02\\\/Drosophyle_1217-scaled.jpg\",\"2048x2048\":\"https:\\\/\\\/www.vignevin.com\\\/wp-content\\\/uploads\\\/2019\\\/02\\\/Drosophyle_1217-scaled.jpg\",\"et-pb-post-main-image\":\"https:\\\/\\\/www.vignevin.com\\\/wp-content\\\/uploads\\\/2019\\\/02\\\/Drosophyle_1217-400x250.jpg\",\"et-pb-post-main-image-fullwidth\":\"https:\\\/\\\/www.vignevin.com\\\/wp-content\\\/uploads\\\/2019\\\/02\\\/Drosophyle_1217-1080x675.jpg\",\"et-pb-portfolio-image\":\"https:\\\/\\\/www.vignevin.com\\\/wp-content\\\/uploads\\\/2019\\\/02\\\/Drosophyle_1217-400x284.jpg\",\"et-pb-portfolio-module-image\":\"https:\\\/\\\/www.vignevin.com\\\/wp-content\\\/uploads\\\/2019\\\/02\\\/Drosophyle_1217-510x382.jpg\",\"et-pb-portfolio-image-single\":\"https:\\\/\\\/www.vignevin.com\\\/wp-content\\\/uploads\\\/2019\\\/02\\\/Drosophyle_1217-1080x705.jpg\",\"et-pb-gallery-module-image-portrait\":\"https:\\\/\\\/www.vignevin.com\\\/wp-content\\\/uploads\\\/2019\\\/02\\\/Drosophyle_1217-400x516.jpg\",\"et-pb-post-main-image-fullwidth-large\":\"https:\\\/\\\/www.vignevin.com\\\/wp-content\\\/uploads\\\/2019\\\/02\\\/Drosophyle_1217-2880x1800.jpg\",\"et-pb-image--responsive--desktop\":\"https:\\\/\\\/www.vignevin.com\\\/wp-content\\\/uploads\\\/2019\\\/02\\\/Drosophyle_1217-scaled.jpg\",\"et-pb-image--responsive--tablet\":\"https:\\\/\\\/www.vignevin.com\\\/wp-content\\\/uploads\\\/2019\\\/02\\\/Drosophyle_1217-scaled.jpg\",\"et-pb-image--responsive--phone\":\"https:\\\/\\\/www.vignevin.com\\\/wp-content\\\/uploads\\\/2019\\\/02\\\/Drosophyle_1217-scaled.jpg\",\"gform-image-choice-sm\":\"https:\\\/\\\/www.vignevin.com\\\/wp-content\\\/uploads\\\/2019\\\/02\\\/Drosophyle_1217-scaled.jpg\",\"gform-image-choice-md\":\"https:\\\/\\\/www.vignevin.com\\\/wp-content\\\/uploads\\\/2019\\\/02\\\/Drosophyle_1217-scaled.jpg\",\"gform-image-choice-lg\":\"https:\\\/\\\/www.vignevin.com\\\/wp-content\\\/uploads\\\/2019\\\/02\\\/Drosophyle_1217-scaled.jpg\",\"woocommerce_thumbnail\":\"https:\\\/\\\/www.vignevin.com\\\/wp-content\\\/uploads\\\/2019\\\/02\\\/Drosophyle_1217-scaled-300x300.jpg\",\"woocommerce_single\":\"https:\\\/\\\/www.vignevin.com\\\/wp-content\\\/uploads\\\/2019\\\/02\\\/Drosophyle_1217-scaled-600x392.jpg\",\"woocommerce_gallery_thumbnail\":\"https:\\\/\\\/www.vignevin.com\\\/wp-content\\\/uploads\\\/2019\\\/02\\\/Drosophyle_1217-scaled-100x100.jpg\",\"full\":\"https:\\\/\\\/www.vignevin.com\\\/wp-content\\\/uploads\\\/2019\\\/02\\\/Drosophyle_1217-scaled.jpg\",\"index\":1,\"id\":6931,\"video\":false,\"opts\":{\"caption\":\"\",\"thumb\":\"https:\\\/\\\/www.vignevin.com\\\/wp-content\\\/uploads\\\/2019\\\/02\\\/Drosophyle_1217-scaled-75x50_c.jpg\",\"title\":\"Drosophile adulte (Drosophila melanogaster)\"},\"gallery_id\":17408,\"gallery_title\":\"Grapevines Pests\"},\"6932\":{\"status\":\"active\",\"src\":\"https:\\\/\\\/www.vignevin.com\\\/wp-content\\\/uploads\\\/2019\\\/02\\\/Erinose-scaled.jpg\",\"title\":\"&amp;eacute;rinose Colomerus vitis sur feuille\",\"link\":\"https:\\\/\\\/www.vignevin.com\\\/wp-content\\\/uploads\\\/2019\\\/02\\\/Erinose.jpg\",\"alt\":\"\",\"caption\":false,\"thumb\":\"https:\\\/\\\/www.vignevin.com\\\/wp-content\\\/uploads\\\/2019\\\/02\\\/Erinose-scaled-75x50_c.jpg\",\"meta\":{\"aperture\":null,\"credit\":\"Mackiewicz P.\",\"camera\":null,\"caption\":\"\u00e9rinose Colomerus vitis sur feuille\",\"created_timestamp\":null,\"copyright\":\"IFV\",\"focal_length\":null,\"iso\":null,\"shutter_speed\":null,\"title\":\"\u00e9rinose Colomerus vitis sur feuille\",\"orientation\":\"1\",\"keywords\":null},\"thumbnail\":\"https:\\\/\\\/www.vignevin.com\\\/wp-content\\\/uploads\\\/2019\\\/02\\\/Erinose-150x150.jpg\",\"medium\":\"https:\\\/\\\/www.vignevin.com\\\/wp-content\\\/uploads\\\/2019\\\/02\\\/Erinose-300x201.jpg\",\"medium_large\":\"https:\\\/\\\/www.vignevin.com\\\/wp-content\\\/uploads\\\/2019\\\/02\\\/Erinose-768x514.jpg\",\"large\":\"https:\\\/\\\/www.vignevin.com\\\/wp-content\\\/uploads\\\/2019\\\/02\\\/Erinose-1024x685.jpg\",\"1536x1536\":\"https:\\\/\\\/www.vignevin.com\\\/wp-content\\\/uploads\\\/2019\\\/02\\\/Erinose-scaled.jpg\",\"2048x2048\":\"https:\\\/\\\/www.vignevin.com\\\/wp-content\\\/uploads\\\/2019\\\/02\\\/Erinose-scaled.jpg\",\"et-pb-post-main-image\":\"https:\\\/\\\/www.vignevin.com\\\/wp-content\\\/uploads\\\/2019\\\/02\\\/Erinose-400x250.jpg\",\"et-pb-post-main-image-fullwidth\":\"https:\\\/\\\/www.vignevin.com\\\/wp-content\\\/uploads\\\/2019\\\/02\\\/Erinose-1080x675.jpg\",\"et-pb-portfolio-image\":\"https:\\\/\\\/www.vignevin.com\\\/wp-content\\\/uploads\\\/2019\\\/02\\\/Erinose-400x284.jpg\",\"et-pb-portfolio-module-image\":\"https:\\\/\\\/www.vignevin.com\\\/wp-content\\\/uploads\\\/2019\\\/02\\\/Erinose-510x382.jpg\",\"et-pb-portfolio-image-single\":\"https:\\\/\\\/www.vignevin.com\\\/wp-content\\\/uploads\\\/2019\\\/02\\\/Erinose-1080x723.jpg\",\"et-pb-gallery-module-image-portrait\":\"https:\\\/\\\/www.vignevin.com\\\/wp-content\\\/uploads\\\/2019\\\/02\\\/Erinose-400x516.jpg\",\"et-pb-post-main-image-fullwidth-large\":\"https:\\\/\\\/www.vignevin.com\\\/wp-content\\\/uploads\\\/2019\\\/02\\\/Erinose-2880x1800.jpg\",\"et-pb-image--responsive--desktop\":\"https:\\\/\\\/www.vignevin.com\\\/wp-content\\\/uploads\\\/2019\\\/02\\\/Erinose-scaled.jpg\",\"et-pb-image--responsive--tablet\":\"https:\\\/\\\/www.vignevin.com\\\/wp-content\\\/uploads\\\/2019\\\/02\\\/Erinose-scaled.jpg\",\"et-pb-image--responsive--phone\":\"https:\\\/\\\/www.vignevin.com\\\/wp-content\\\/uploads\\\/2019\\\/02\\\/Erinose-scaled.jpg\",\"gform-image-choice-sm\":\"https:\\\/\\\/www.vignevin.com\\\/wp-content\\\/uploads\\\/2019\\\/02\\\/Erinose-scaled.jpg\",\"gform-image-choice-md\":\"https:\\\/\\\/www.vignevin.com\\\/wp-content\\\/uploads\\\/2019\\\/02\\\/Erinose-scaled.jpg\",\"gform-image-choice-lg\":\"https:\\\/\\\/www.vignevin.com\\\/wp-content\\\/uploads\\\/2019\\\/02\\\/Erinose-scaled.jpg\",\"woocommerce_thumbnail\":\"https:\\\/\\\/www.vignevin.com\\\/wp-content\\\/uploads\\\/2019\\\/02\\\/Erinose-scaled-300x300.jpg\",\"woocommerce_single\":\"https:\\\/\\\/www.vignevin.com\\\/wp-content\\\/uploads\\\/2019\\\/02\\\/Erinose-scaled-600x401.jpg\",\"woocommerce_gallery_thumbnail\":\"https:\\\/\\\/www.vignevin.com\\\/wp-content\\\/uploads\\\/2019\\\/02\\\/Erinose-scaled-100x100.jpg\",\"full\":\"https:\\\/\\\/www.vignevin.com\\\/wp-content\\\/uploads\\\/2019\\\/02\\\/Erinose-scaled.jpg\",\"index\":2,\"id\":6932,\"video\":false,\"opts\":{\"caption\":\"\",\"thumb\":\"https:\\\/\\\/www.vignevin.com\\\/wp-content\\\/uploads\\\/2019\\\/02\\\/Erinose-scaled-75x50_c.jpg\",\"title\":\"&amp;eacute;rinose Colomerus vitis sur feuille\"},\"gallery_id\":17408,\"gallery_title\":\"Grapevines Pests\"},\"6933\":{\"status\":\"active\",\"src\":\"https:\\\/\\\/www.vignevin.com\\\/wp-content\\\/uploads\\\/2019\\\/02\\\/Acarien_rouge-scaled.jpg\",\"title\":\"acarien rouge Panonychus ulmi sur feuille\",\"link\":\"https:\\\/\\\/www.vignevin.com\\\/wp-content\\\/uploads\\\/2019\\\/02\\\/Acarien_rouge.jpg\",\"alt\":\"\",\"caption\":false,\"thumb\":\"https:\\\/\\\/www.vignevin.com\\\/wp-content\\\/uploads\\\/2019\\\/02\\\/Acarien_rouge-scaled-75x50_c.jpg\",\"meta\":{\"aperture\":null,\"credit\":\"Mackiewicz P.\",\"camera\":null,\"caption\":\"acarien rouge Panonychus ulmi sur feuille\",\"created_timestamp\":null,\"copyright\":\"IFV\",\"focal_length\":null,\"iso\":null,\"shutter_speed\":null,\"title\":\"acarien rouge Panonychus ulmi sur feuille\",\"orientation\":\"1\",\"keywords\":null},\"thumbnail\":\"https:\\\/\\\/www.vignevin.com\\\/wp-content\\\/uploads\\\/2019\\\/02\\\/Acarien_rouge-150x150.jpg\",\"medium\":\"https:\\\/\\\/www.vignevin.com\\\/wp-content\\\/uploads\\\/2019\\\/02\\\/Acarien_rouge-300x197.jpg\",\"medium_large\":\"https:\\\/\\\/www.vignevin.com\\\/wp-content\\\/uploads\\\/2019\\\/02\\\/Acarien_rouge-768x505.jpg\",\"large\":\"https:\\\/\\\/www.vignevin.com\\\/wp-content\\\/uploads\\\/2019\\\/02\\\/Acarien_rouge-1024x673.jpg\",\"1536x1536\":\"https:\\\/\\\/www.vignevin.com\\\/wp-content\\\/uploads\\\/2019\\\/02\\\/Acarien_rouge-scaled.jpg\",\"2048x2048\":\"https:\\\/\\\/www.vignevin.com\\\/wp-content\\\/uploads\\\/2019\\\/02\\\/Acarien_rouge-scaled.jpg\",\"et-pb-post-main-image\":\"https:\\\/\\\/www.vignevin.com\\\/wp-content\\\/uploads\\\/2019\\\/02\\\/Acarien_rouge-400x250.jpg\",\"et-pb-post-main-image-fullwidth\":\"https:\\\/\\\/www.vignevin.com\\\/wp-content\\\/uploads\\\/2019\\\/02\\\/Acarien_rouge-1080x675.jpg\",\"et-pb-portfolio-image\":\"https:\\\/\\\/www.vignevin.com\\\/wp-content\\\/uploads\\\/2019\\\/02\\\/Acarien_rouge-400x284.jpg\",\"et-pb-portfolio-module-image\":\"https:\\\/\\\/www.vignevin.com\\\/wp-content\\\/uploads\\\/2019\\\/02\\\/Acarien_rouge-510x382.jpg\",\"et-pb-portfolio-image-single\":\"https:\\\/\\\/www.vignevin.com\\\/wp-content\\\/uploads\\\/2019\\\/02\\\/Acarien_rouge-1080x710.jpg\",\"et-pb-gallery-module-image-portrait\":\"https:\\\/\\\/www.vignevin.com\\\/wp-content\\\/uploads\\\/2019\\\/02\\\/Acarien_rouge-400x516.jpg\",\"et-pb-post-main-image-fullwidth-large\":\"https:\\\/\\\/www.vignevin.com\\\/wp-content\\\/uploads\\\/2019\\\/02\\\/Acarien_rouge-2880x1800.jpg\",\"et-pb-image--responsive--desktop\":\"https:\\\/\\\/www.vignevin.com\\\/wp-content\\\/uploads\\\/2019\\\/02\\\/Acarien_rouge-scaled.jpg\",\"et-pb-image--responsive--tablet\":\"https:\\\/\\\/www.vignevin.com\\\/wp-content\\\/uploads\\\/2019\\\/02\\\/Acarien_rouge-scaled.jpg\",\"et-pb-image--responsive--phone\":\"https:\\\/\\\/www.vignevin.com\\\/wp-content\\\/uploads\\\/2019\\\/02\\\/Acarien_rouge-scaled.jpg\",\"gform-image-choice-sm\":\"https:\\\/\\\/www.vignevin.com\\\/wp-content\\\/uploads\\\/2019\\\/02\\\/Acarien_rouge-scaled.jpg\",\"gform-image-choice-md\":\"https:\\\/\\\/www.vignevin.com\\\/wp-content\\\/uploads\\\/2019\\\/02\\\/Acarien_rouge-scaled.jpg\",\"gform-image-choice-lg\":\"https:\\\/\\\/www.vignevin.com\\\/wp-content\\\/uploads\\\/2019\\\/02\\\/Acarien_rouge-scaled.jpg\",\"woocommerce_thumbnail\":\"https:\\\/\\\/www.vignevin.com\\\/wp-content\\\/uploads\\\/2019\\\/02\\\/Acarien_rouge-scaled-300x300.jpg\",\"woocommerce_single\":\"https:\\\/\\\/www.vignevin.com\\\/wp-content\\\/uploads\\\/2019\\\/02\\\/Acarien_rouge-scaled-600x395.jpg\",\"woocommerce_gallery_thumbnail\":\"https:\\\/\\\/www.vignevin.com\\\/wp-content\\\/uploads\\\/2019\\\/02\\\/Acarien_rouge-scaled-100x100.jpg\",\"full\":\"https:\\\/\\\/www.vignevin.com\\\/wp-content\\\/uploads\\\/2019\\\/02\\\/Acarien_rouge-scaled.jpg\",\"index\":3,\"id\":6933,\"video\":false,\"opts\":{\"caption\":\"\",\"thumb\":\"https:\\\/\\\/www.vignevin.com\\\/wp-content\\\/uploads\\\/2019\\\/02\\\/Acarien_rouge-scaled-75x50_c.jpg\",\"title\":\"acarien rouge Panonychus ulmi sur feuille\"},\"gallery_id\":17408,\"gallery_title\":\"Grapevines Pests\"},\"10041\":{\"status\":\"active\",\"src\":\"https:\\\/\\\/www.vignevin.com\\\/wp-content\\\/uploads\\\/2019\\\/02\\\/Ceresa-bubalus.jpg\",\"title\":\"Ceresa bubalus\",\"link\":\"https:\\\/\\\/www.vignevin.com\\\/wp-content\\\/uploads\\\/2019\\\/02\\\/Ceresa-bubalus.jpg\",\"alt\":\"\",\"caption\":false,\"thumb\":\"https:\\\/\\\/www.vignevin.com\\\/wp-content\\\/uploads\\\/2019\\\/02\\\/Ceresa-bubalus-75x50_c.jpg\",\"meta\":{\"aperture\":null,\"credit\":null,\"camera\":null,\"caption\":\"\",\"created_timestamp\":null,\"copyright\":null,\"focal_length\":null,\"iso\":null,\"shutter_speed\":null,\"title\":\"\",\"orientation\":null,\"keywords\":null},\"thumbnail\":\"https:\\\/\\\/www.vignevin.com\\\/wp-content\\\/uploads\\\/2019\\\/02\\\/Ceresa-bubalus-150x150.jpg\",\"medium\":\"https:\\\/\\\/www.vignevin.com\\\/wp-content\\\/uploads\\\/2019\\\/02\\\/Ceresa-bubalus-300x291.jpg\",\"medium_large\":\"https:\\\/\\\/www.vignevin.com\\\/wp-content\\\/uploads\\\/2019\\\/02\\\/Ceresa-bubalus.jpg\",\"large\":\"https:\\\/\\\/www.vignevin.com\\\/wp-content\\\/uploads\\\/2019\\\/02\\\/Ceresa-bubalus.jpg\",\"1536x1536\":\"https:\\\/\\\/www.vignevin.com\\\/wp-content\\\/uploads\\\/2019\\\/02\\\/Ceresa-bubalus.jpg\",\"2048x2048\":\"https:\\\/\\\/www.vignevin.com\\\/wp-content\\\/uploads\\\/2019\\\/02\\\/Ceresa-bubalus.jpg\",\"et-pb-post-main-image\":\"https:\\\/\\\/www.vignevin.com\\\/wp-content\\\/uploads\\\/2019\\\/02\\\/Ceresa-bubalus-308x250.jpg\",\"et-pb-post-main-image-fullwidth\":\"https:\\\/\\\/www.vignevin.com\\\/wp-content\\\/uploads\\\/2019\\\/02\\\/Ceresa-bubalus.jpg\",\"et-pb-portfolio-image\":\"https:\\\/\\\/www.vignevin.com\\\/wp-content\\\/uploads\\\/2019\\\/02\\\/Ceresa-bubalus-308x284.jpg\",\"et-pb-portfolio-module-image\":\"https:\\\/\\\/www.vignevin.com\\\/wp-content\\\/uploads\\\/2019\\\/02\\\/Ceresa-bubalus.jpg\",\"et-pb-portfolio-image-single\":\"https:\\\/\\\/www.vignevin.com\\\/wp-content\\\/uploads\\\/2019\\\/02\\\/Ceresa-bubalus.jpg\",\"et-pb-gallery-module-image-portrait\":\"https:\\\/\\\/www.vignevin.com\\\/wp-content\\\/uploads\\\/2019\\\/02\\\/Ceresa-bubalus.jpg\",\"et-pb-post-main-image-fullwidth-large\":\"https:\\\/\\\/www.vignevin.com\\\/wp-content\\\/uploads\\\/2019\\\/02\\\/Ceresa-bubalus.jpg\",\"et-pb-image--responsive--desktop\":\"https:\\\/\\\/www.vignevin.com\\\/wp-content\\\/uploads\\\/2019\\\/02\\\/Ceresa-bubalus.jpg\",\"et-pb-image--responsive--tablet\":\"https:\\\/\\\/www.vignevin.com\\\/wp-content\\\/uploads\\\/2019\\\/02\\\/Ceresa-bubalus.jpg\",\"et-pb-image--responsive--phone\":\"https:\\\/\\\/www.vignevin.com\\\/wp-content\\\/uploads\\\/2019\\\/02\\\/Ceresa-bubalus.jpg\",\"gform-image-choice-sm\":\"https:\\\/\\\/www.vignevin.com\\\/wp-content\\\/uploads\\\/2019\\\/02\\\/Ceresa-bubalus.jpg\",\"gform-image-choice-md\":\"https:\\\/\\\/www.vignevin.com\\\/wp-content\\\/uploads\\\/2019\\\/02\\\/Ceresa-bubalus.jpg\",\"gform-image-choice-lg\":\"https:\\\/\\\/www.vignevin.com\\\/wp-content\\\/uploads\\\/2019\\\/02\\\/Ceresa-bubalus.jpg\",\"woocommerce_thumbnail\":\"https:\\\/\\\/www.vignevin.com\\\/wp-content\\\/uploads\\\/2019\\\/02\\\/Ceresa-bubalus.jpg\",\"woocommerce_single\":\"https:\\\/\\\/www.vignevin.com\\\/wp-content\\\/uploads\\\/2019\\\/02\\\/Ceresa-bubalus.jpg\",\"woocommerce_gallery_thumbnail\":\"https:\\\/\\\/www.vignevin.com\\\/wp-content\\\/uploads\\\/2019\\\/02\\\/Ceresa-bubalus-100x100.jpg\",\"full\":\"https:\\\/\\\/www.vignevin.com\\\/wp-content\\\/uploads\\\/2019\\\/02\\\/Ceresa-bubalus.jpg\",\"index\":4,\"id\":10041,\"video\":false,\"opts\":{\"caption\":\"\",\"thumb\":\"https:\\\/\\\/www.vignevin.com\\\/wp-content\\\/uploads\\\/2019\\\/02\\\/Ceresa-bubalus-75x50_c.jpg\",\"title\":\"Ceresa bubalus\"},\"gallery_id\":17408,\"gallery_title\":\"Grapevines Pests\"},\"10042\":{\"status\":\"active\",\"src\":\"https:\\\/\\\/www.vignevin.com\\\/wp-content\\\/uploads\\\/2019\\\/02\\\/D\u00e9g\u00e2ts-dacariose-printemps-2.jpg\",\"title\":\"D&amp;eacute;g&amp;acirc;ts d&amp;amp;rsquo;acariose (printemps) (2)\",\"link\":\"https:\\\/\\\/www.vignevin.com\\\/wp-content\\\/uploads\\\/2019\\\/02\\\/D\u00e9g\u00e2ts-dacariose-printemps-2.jpg\",\"alt\":\"\",\"caption\":false,\"thumb\":\"https:\\\/\\\/www.vignevin.com\\\/wp-content\\\/uploads\\\/2019\\\/02\\\/D\u00e9g\u00e2ts-dacariose-printemps-2-75x50_c.jpg\",\"meta\":{\"aperture\":null,\"credit\":null,\"camera\":null,\"caption\":\"\",\"created_timestamp\":null,\"copyright\":null,\"focal_length\":null,\"iso\":null,\"shutter_speed\":null,\"title\":\"\",\"orientation\":null,\"keywords\":null},\"thumbnail\":\"https:\\\/\\\/www.vignevin.com\\\/wp-content\\\/uploads\\\/2019\\\/02\\\/D\u00e9g\u00e2ts-dacariose-printemps-2-150x150.jpg\",\"medium\":\"https:\\\/\\\/www.vignevin.com\\\/wp-content\\\/uploads\\\/2019\\\/02\\\/D\u00e9g\u00e2ts-dacariose-printemps-2-300x225.jpg\",\"medium_large\":\"https:\\\/\\\/www.vignevin.com\\\/wp-content\\\/uploads\\\/2019\\\/02\\\/D\u00e9g\u00e2ts-dacariose-printemps-2.jpg\",\"large\":\"https:\\\/\\\/www.vignevin.com\\\/wp-content\\\/uploads\\\/2019\\\/02\\\/D\u00e9g\u00e2ts-dacariose-printemps-2.jpg\",\"1536x1536\":\"https:\\\/\\\/www.vignevin.com\\\/wp-content\\\/uploads\\\/2019\\\/02\\\/D\u00e9g\u00e2ts-dacariose-printemps-2.jpg\",\"2048x2048\":\"https:\\\/\\\/www.vignevin.com\\\/wp-content\\\/uploads\\\/2019\\\/02\\\/D\u00e9g\u00e2ts-dacariose-printemps-2.jpg\",\"et-pb-post-main-image\":\"https:\\\/\\\/www.vignevin.com\\\/wp-content\\\/uploads\\\/2019\\\/02\\\/D\u00e9g\u00e2ts-dacariose-printemps-2-400x250.jpg\",\"et-pb-post-main-image-fullwidth\":\"https:\\\/\\\/www.vignevin.com\\\/wp-content\\\/uploads\\\/2019\\\/02\\\/D\u00e9g\u00e2ts-dacariose-printemps-2.jpg\",\"et-pb-portfolio-image\":\"https:\\\/\\\/www.vignevin.com\\\/wp-content\\\/uploads\\\/2019\\\/02\\\/D\u00e9g\u00e2ts-dacariose-printemps-2-400x284.jpg\",\"et-pb-portfolio-module-image\":\"https:\\\/\\\/www.vignevin.com\\\/wp-content\\\/uploads\\\/2019\\\/02\\\/D\u00e9g\u00e2ts-dacariose-printemps-2-510x382.jpg\",\"et-pb-portfolio-image-single\":\"https:\\\/\\\/www.vignevin.com\\\/wp-content\\\/uploads\\\/2019\\\/02\\\/D\u00e9g\u00e2ts-dacariose-printemps-2.jpg\",\"et-pb-gallery-module-image-portrait\":\"https:\\\/\\\/www.vignevin.com\\\/wp-content\\\/uploads\\\/2019\\\/02\\\/D\u00e9g\u00e2ts-dacariose-printemps-2-400x516.jpg\",\"et-pb-post-main-image-fullwidth-large\":\"https:\\\/\\\/www.vignevin.com\\\/wp-content\\\/uploads\\\/2019\\\/02\\\/D\u00e9g\u00e2ts-dacariose-printemps-2.jpg\",\"et-pb-image--responsive--desktop\":\"https:\\\/\\\/www.vignevin.com\\\/wp-content\\\/uploads\\\/2019\\\/02\\\/D\u00e9g\u00e2ts-dacariose-printemps-2.jpg\",\"et-pb-image--responsive--tablet\":\"https:\\\/\\\/www.vignevin.com\\\/wp-content\\\/uploads\\\/2019\\\/02\\\/D\u00e9g\u00e2ts-dacariose-printemps-2.jpg\",\"et-pb-image--responsive--phone\":\"https:\\\/\\\/www.vignevin.com\\\/wp-content\\\/uploads\\\/2019\\\/02\\\/D\u00e9g\u00e2ts-dacariose-printemps-2.jpg\",\"gform-image-choice-sm\":\"https:\\\/\\\/www.vignevin.com\\\/wp-content\\\/uploads\\\/2019\\\/02\\\/D\u00e9g\u00e2ts-dacariose-printemps-2.jpg\",\"gform-image-choice-md\":\"https:\\\/\\\/www.vignevin.com\\\/wp-content\\\/uploads\\\/2019\\\/02\\\/D\u00e9g\u00e2ts-dacariose-printemps-2.jpg\",\"gform-image-choice-lg\":\"https:\\\/\\\/www.vignevin.com\\\/wp-content\\\/uploads\\\/2019\\\/02\\\/D\u00e9g\u00e2ts-dacariose-printemps-2.jpg\",\"woocommerce_thumbnail\":\"https:\\\/\\\/www.vignevin.com\\\/wp-content\\\/uploads\\\/2019\\\/02\\\/D\u00e9g\u00e2ts-dacariose-printemps-2-300x300.jpg\",\"woocommerce_single\":\"https:\\\/\\\/www.vignevin.com\\\/wp-content\\\/uploads\\\/2019\\\/02\\\/D\u00e9g\u00e2ts-dacariose-printemps-2-600x450.jpg\",\"woocommerce_gallery_thumbnail\":\"https:\\\/\\\/www.vignevin.com\\\/wp-content\\\/uploads\\\/2019\\\/02\\\/D\u00e9g\u00e2ts-dacariose-printemps-2-100x100.jpg\",\"full\":\"https:\\\/\\\/www.vignevin.com\\\/wp-content\\\/uploads\\\/2019\\\/02\\\/D\u00e9g\u00e2ts-dacariose-printemps-2.jpg\",\"index\":5,\"id\":10042,\"video\":false,\"opts\":{\"caption\":\"\",\"thumb\":\"https:\\\/\\\/www.vignevin.com\\\/wp-content\\\/uploads\\\/2019\\\/02\\\/D\u00e9g\u00e2ts-dacariose-printemps-2-75x50_c.jpg\",\"title\":\"D&amp;eacute;g&amp;acirc;ts d&amp;amp;rsquo;acariose (printemps) (2)\"},\"gallery_id\":17408,\"gallery_title\":\"Grapevines Pests\"},\"10043\":{\"status\":\"active\",\"src\":\"https:\\\/\\\/www.vignevin.com\\\/wp-content\\\/uploads\\\/2019\\\/02\\\/D\u00e9g\u00e2ts-dacariose-printemps.jpg\",\"title\":\"D&amp;eacute;g&amp;acirc;ts d&amp;amp;rsquo;acariose (printemps)\",\"link\":\"https:\\\/\\\/www.vignevin.com\\\/wp-content\\\/uploads\\\/2019\\\/02\\\/D\u00e9g\u00e2ts-dacariose-printemps.jpg\",\"alt\":\"\",\"caption\":false,\"thumb\":\"https:\\\/\\\/www.vignevin.com\\\/wp-content\\\/uploads\\\/2019\\\/02\\\/D\u00e9g\u00e2ts-dacariose-printemps-75x50_c.jpg\",\"meta\":{\"aperture\":null,\"credit\":null,\"camera\":null,\"caption\":\"\",\"created_timestamp\":null,\"copyright\":null,\"focal_length\":null,\"iso\":null,\"shutter_speed\":null,\"title\":\"\",\"orientation\":null,\"keywords\":null},\"thumbnail\":\"https:\\\/\\\/www.vignevin.com\\\/wp-content\\\/uploads\\\/2019\\\/02\\\/D\u00e9g\u00e2ts-dacariose-printemps-150x150.jpg\",\"medium\":\"https:\\\/\\\/www.vignevin.com\\\/wp-content\\\/uploads\\\/2019\\\/02\\\/D\u00e9g\u00e2ts-dacariose-printemps-300x100.jpg\",\"medium_large\":\"https:\\\/\\\/www.vignevin.com\\\/wp-content\\\/uploads\\\/2019\\\/02\\\/D\u00e9g\u00e2ts-dacariose-printemps-768x255.jpg\",\"large\":\"https:\\\/\\\/www.vignevin.com\\\/wp-content\\\/uploads\\\/2019\\\/02\\\/D\u00e9g\u00e2ts-dacariose-printemps.jpg\",\"1536x1536\":\"https:\\\/\\\/www.vignevin.com\\\/wp-content\\\/uploads\\\/2019\\\/02\\\/D\u00e9g\u00e2ts-dacariose-printemps.jpg\",\"2048x2048\":\"https:\\\/\\\/www.vignevin.com\\\/wp-content\\\/uploads\\\/2019\\\/02\\\/D\u00e9g\u00e2ts-dacariose-printemps.jpg\",\"et-pb-post-main-image\":\"https:\\\/\\\/www.vignevin.com\\\/wp-content\\\/uploads\\\/2019\\\/02\\\/D\u00e9g\u00e2ts-dacariose-printemps-400x250.jpg\",\"et-pb-post-main-image-fullwidth\":\"https:\\\/\\\/www.vignevin.com\\\/wp-content\\\/uploads\\\/2019\\\/02\\\/D\u00e9g\u00e2ts-dacariose-printemps.jpg\",\"et-pb-portfolio-image\":\"https:\\\/\\\/www.vignevin.com\\\/wp-content\\\/uploads\\\/2019\\\/02\\\/D\u00e9g\u00e2ts-dacariose-printemps-400x259.jpg\",\"et-pb-portfolio-module-image\":\"https:\\\/\\\/www.vignevin.com\\\/wp-content\\\/uploads\\\/2019\\\/02\\\/D\u00e9g\u00e2ts-dacariose-printemps-510x259.jpg\",\"et-pb-portfolio-image-single\":\"https:\\\/\\\/www.vignevin.com\\\/wp-content\\\/uploads\\\/2019\\\/02\\\/D\u00e9g\u00e2ts-dacariose-printemps.jpg\",\"et-pb-gallery-module-image-portrait\":\"https:\\\/\\\/www.vignevin.com\\\/wp-content\\\/uploads\\\/2019\\\/02\\\/D\u00e9g\u00e2ts-dacariose-printemps-400x259.jpg\",\"et-pb-post-main-image-fullwidth-large\":\"https:\\\/\\\/www.vignevin.com\\\/wp-content\\\/uploads\\\/2019\\\/02\\\/D\u00e9g\u00e2ts-dacariose-printemps.jpg\",\"et-pb-image--responsive--desktop\":\"https:\\\/\\\/www.vignevin.com\\\/wp-content\\\/uploads\\\/2019\\\/02\\\/D\u00e9g\u00e2ts-dacariose-printemps.jpg\",\"et-pb-image--responsive--tablet\":\"https:\\\/\\\/www.vignevin.com\\\/wp-content\\\/uploads\\\/2019\\\/02\\\/D\u00e9g\u00e2ts-dacariose-printemps.jpg\",\"et-pb-image--responsive--phone\":\"https:\\\/\\\/www.vignevin.com\\\/wp-content\\\/uploads\\\/2019\\\/02\\\/D\u00e9g\u00e2ts-dacariose-printemps.jpg\",\"gform-image-choice-sm\":\"https:\\\/\\\/www.vignevin.com\\\/wp-content\\\/uploads\\\/2019\\\/02\\\/D\u00e9g\u00e2ts-dacariose-printemps.jpg\",\"gform-image-choice-md\":\"https:\\\/\\\/www.vignevin.com\\\/wp-content\\\/uploads\\\/2019\\\/02\\\/D\u00e9g\u00e2ts-dacariose-printemps.jpg\",\"gform-image-choice-lg\":\"https:\\\/\\\/www.vignevin.com\\\/wp-content\\\/uploads\\\/2019\\\/02\\\/D\u00e9g\u00e2ts-dacariose-printemps.jpg\",\"woocommerce_thumbnail\":\"https:\\\/\\\/www.vignevin.com\\\/wp-content\\\/uploads\\\/2019\\\/02\\\/D\u00e9g\u00e2ts-dacariose-printemps-300x259.jpg\",\"woocommerce_single\":\"https:\\\/\\\/www.vignevin.com\\\/wp-content\\\/uploads\\\/2019\\\/02\\\/D\u00e9g\u00e2ts-dacariose-printemps-600x199.jpg\",\"woocommerce_gallery_thumbnail\":\"https:\\\/\\\/www.vignevin.com\\\/wp-content\\\/uploads\\\/2019\\\/02\\\/D\u00e9g\u00e2ts-dacariose-printemps-100x100.jpg\",\"full\":\"https:\\\/\\\/www.vignevin.com\\\/wp-content\\\/uploads\\\/2019\\\/02\\\/D\u00e9g\u00e2ts-dacariose-printemps.jpg\",\"index\":6,\"id\":10043,\"video\":false,\"opts\":{\"caption\":\"\",\"thumb\":\"https:\\\/\\\/www.vignevin.com\\\/wp-content\\\/uploads\\\/2019\\\/02\\\/D\u00e9g\u00e2ts-dacariose-printemps-75x50_c.jpg\",\"title\":\"D&amp;eacute;g&amp;acirc;ts d&amp;amp;rsquo;acariose (printemps)\"},\"gallery_id\":17408,\"gallery_title\":\"Grapevines Pests\"},\"10044\":{\"status\":\"active\",\"src\":\"https:\\\/\\\/www.vignevin.com\\\/wp-content\\\/uploads\\\/2019\\\/02\\\/D\u00e9g\u00e2ts-de-cicadelle-bubale.jpg\",\"title\":\"OLYMPUS DIGITAL CAMERA\",\"link\":\"https:\\\/\\\/www.vignevin.com\\\/wp-content\\\/uploads\\\/2019\\\/02\\\/D\u00e9g\u00e2ts-de-cicadelle-bubale.jpg\",\"alt\":\"\",\"caption\":\"OLYMPUS DIGITAL CAMERA\",\"thumb\":\"https:\\\/\\\/www.vignevin.com\\\/wp-content\\\/uploads\\\/2019\\\/02\\\/D\u00e9g\u00e2ts-de-cicadelle-bubale-75x50_c.jpg\",\"meta\":{\"aperture\":\"2.8\",\"credit\":null,\"camera\":\"C-5000Z\",\"caption\":\"OLYMPUS DIGITAL CAMERA\",\"created_timestamp\":\"1189514306\",\"copyright\":null,\"focal_length\":\"7.8\",\"iso\":\"80\",\"shutter_speed\":\"0.016666666666667\",\"title\":\"OLYMPUS DIGITAL CAMERA\",\"orientation\":\"1\",\"keywords\":null},\"thumbnail\":\"https:\\\/\\\/www.vignevin.com\\\/wp-content\\\/uploads\\\/2019\\\/02\\\/D\u00e9g\u00e2ts-de-cicadelle-bubale-150x150.jpg\",\"medium\":\"https:\\\/\\\/www.vignevin.com\\\/wp-content\\\/uploads\\\/2019\\\/02\\\/D\u00e9g\u00e2ts-de-cicadelle-bubale-225x300.jpg\",\"medium_large\":\"https:\\\/\\\/www.vignevin.com\\\/wp-content\\\/uploads\\\/2019\\\/02\\\/D\u00e9g\u00e2ts-de-cicadelle-bubale-768x1024.jpg\",\"large\":\"https:\\\/\\\/www.vignevin.com\\\/wp-content\\\/uploads\\\/2019\\\/02\\\/D\u00e9g\u00e2ts-de-cicadelle-bubale-768x1024.jpg\",\"1536x1536\":\"https:\\\/\\\/www.vignevin.com\\\/wp-content\\\/uploads\\\/2019\\\/02\\\/D\u00e9g\u00e2ts-de-cicadelle-bubale.jpg\",\"2048x2048\":\"https:\\\/\\\/www.vignevin.com\\\/wp-content\\\/uploads\\\/2019\\\/02\\\/D\u00e9g\u00e2ts-de-cicadelle-bubale.jpg\",\"et-pb-post-main-image\":\"https:\\\/\\\/www.vignevin.com\\\/wp-content\\\/uploads\\\/2019\\\/02\\\/D\u00e9g\u00e2ts-de-cicadelle-bubale-400x250.jpg\",\"et-pb-post-main-image-fullwidth\":\"https:\\\/\\\/www.vignevin.com\\\/wp-content\\\/uploads\\\/2019\\\/02\\\/D\u00e9g\u00e2ts-de-cicadelle-bubale-1080x675.jpg\",\"et-pb-portfolio-image\":\"https:\\\/\\\/www.vignevin.com\\\/wp-content\\\/uploads\\\/2019\\\/02\\\/D\u00e9g\u00e2ts-de-cicadelle-bubale-400x284.jpg\",\"et-pb-portfolio-module-image\":\"https:\\\/\\\/www.vignevin.com\\\/wp-content\\\/uploads\\\/2019\\\/02\\\/D\u00e9g\u00e2ts-de-cicadelle-bubale-510x382.jpg\",\"et-pb-portfolio-image-single\":\"https:\\\/\\\/www.vignevin.com\\\/wp-content\\\/uploads\\\/2019\\\/02\\\/D\u00e9g\u00e2ts-de-cicadelle-bubale-1080x1440.jpg\",\"et-pb-gallery-module-image-portrait\":\"https:\\\/\\\/www.vignevin.com\\\/wp-content\\\/uploads\\\/2019\\\/02\\\/D\u00e9g\u00e2ts-de-cicadelle-bubale-400x516.jpg\",\"et-pb-post-main-image-fullwidth-large\":\"https:\\\/\\\/www.vignevin.com\\\/wp-content\\\/uploads\\\/2019\\\/02\\\/D\u00e9g\u00e2ts-de-cicadelle-bubale.jpg\",\"et-pb-image--responsive--desktop\":\"https:\\\/\\\/www.vignevin.com\\\/wp-content\\\/uploads\\\/2019\\\/02\\\/D\u00e9g\u00e2ts-de-cicadelle-bubale.jpg\",\"et-pb-image--responsive--tablet\":\"https:\\\/\\\/www.vignevin.com\\\/wp-content\\\/uploads\\\/2019\\\/02\\\/D\u00e9g\u00e2ts-de-cicadelle-bubale.jpg\",\"et-pb-image--responsive--phone\":\"https:\\\/\\\/www.vignevin.com\\\/wp-content\\\/uploads\\\/2019\\\/02\\\/D\u00e9g\u00e2ts-de-cicadelle-bubale.jpg\",\"gform-image-choice-sm\":\"https:\\\/\\\/www.vignevin.com\\\/wp-content\\\/uploads\\\/2019\\\/02\\\/D\u00e9g\u00e2ts-de-cicadelle-bubale.jpg\",\"gform-image-choice-md\":\"https:\\\/\\\/www.vignevin.com\\\/wp-content\\\/uploads\\\/2019\\\/02\\\/D\u00e9g\u00e2ts-de-cicadelle-bubale.jpg\",\"gform-image-choice-lg\":\"https:\\\/\\\/www.vignevin.com\\\/wp-content\\\/uploads\\\/2019\\\/02\\\/D\u00e9g\u00e2ts-de-cicadelle-bubale.jpg\",\"woocommerce_thumbnail\":\"https:\\\/\\\/www.vignevin.com\\\/wp-content\\\/uploads\\\/2019\\\/02\\\/D\u00e9g\u00e2ts-de-cicadelle-bubale-300x300.jpg\",\"woocommerce_single\":\"https:\\\/\\\/www.vignevin.com\\\/wp-content\\\/uploads\\\/2019\\\/02\\\/D\u00e9g\u00e2ts-de-cicadelle-bubale-600x800.jpg\",\"woocommerce_gallery_thumbnail\":\"https:\\\/\\\/www.vignevin.com\\\/wp-content\\\/uploads\\\/2019\\\/02\\\/D\u00e9g\u00e2ts-de-cicadelle-bubale-100x100.jpg\",\"full\":\"https:\\\/\\\/www.vignevin.com\\\/wp-content\\\/uploads\\\/2019\\\/02\\\/D\u00e9g\u00e2ts-de-cicadelle-bubale.jpg\",\"index\":7,\"id\":10044,\"video\":false,\"opts\":{\"caption\":\"OLYMPUS DIGITAL CAMERA\",\"thumb\":\"https:\\\/\\\/www.vignevin.com\\\/wp-content\\\/uploads\\\/2019\\\/02\\\/D\u00e9g\u00e2ts-de-cicadelle-bubale-75x50_c.jpg\",\"title\":\"OLYMPUS DIGITAL CAMERA\"},\"gallery_id\":17408,\"gallery_title\":\"Grapevines Pests\"},\"10045\":{\"status\":\"active\",\"src\":\"https:\\\/\\\/www.vignevin.com\\\/wp-content\\\/uploads\\\/2019\\\/02\\\/D\u00e9g\u00e2ts-de-cicadelles-vertes-sur-le-feuillage-2.jpg\",\"title\":\"D&amp;eacute;g&amp;acirc;ts de cicadelles vertes sur le feuillage (2)\",\"link\":\"https:\\\/\\\/www.vignevin.com\\\/wp-content\\\/uploads\\\/2019\\\/02\\\/D\u00e9g\u00e2ts-de-cicadelles-vertes-sur-le-feuillage-2.jpg\",\"alt\":\"\",\"caption\":false,\"thumb\":\"https:\\\/\\\/www.vignevin.com\\\/wp-content\\\/uploads\\\/2019\\\/02\\\/D\u00e9g\u00e2ts-de-cicadelles-vertes-sur-le-feuillage-2-75x50_c.jpg\",\"meta\":{\"aperture\":\"3.3\",\"credit\":null,\"camera\":\"DMC-TZ10\",\"caption\":\"\",\"created_timestamp\":\"1412608050\",\"copyright\":null,\"focal_length\":\"4.1\",\"iso\":\"80\",\"shutter_speed\":\"0.02\",\"title\":\"\",\"orientation\":\"1\",\"keywords\":null},\"thumbnail\":\"https:\\\/\\\/www.vignevin.com\\\/wp-content\\\/uploads\\\/2019\\\/02\\\/D\u00e9g\u00e2ts-de-cicadelles-vertes-sur-le-feuillage-2-150x150.jpg\",\"medium\":\"https:\\\/\\\/www.vignevin.com\\\/wp-content\\\/uploads\\\/2019\\\/02\\\/D\u00e9g\u00e2ts-de-cicadelles-vertes-sur-le-feuillage-2-225x300.jpg\",\"medium_large\":\"https:\\\/\\\/www.vignevin.com\\\/wp-content\\\/uploads\\\/2019\\\/02\\\/D\u00e9g\u00e2ts-de-cicadelles-vertes-sur-le-feuillage-2-768x1024.jpg\",\"large\":\"https:\\\/\\\/www.vignevin.com\\\/wp-content\\\/uploads\\\/2019\\\/02\\\/D\u00e9g\u00e2ts-de-cicadelles-vertes-sur-le-feuillage-2-768x1024.jpg\",\"1536x1536\":\"https:\\\/\\\/www.vignevin.com\\\/wp-content\\\/uploads\\\/2019\\\/02\\\/D\u00e9g\u00e2ts-de-cicadelles-vertes-sur-le-feuillage-2.jpg\",\"2048x2048\":\"https:\\\/\\\/www.vignevin.com\\\/wp-content\\\/uploads\\\/2019\\\/02\\\/D\u00e9g\u00e2ts-de-cicadelles-vertes-sur-le-feuillage-2.jpg\",\"et-pb-post-main-image\":\"https:\\\/\\\/www.vignevin.com\\\/wp-content\\\/uploads\\\/2019\\\/02\\\/D\u00e9g\u00e2ts-de-cicadelles-vertes-sur-le-feuillage-2-400x250.jpg\",\"et-pb-post-main-image-fullwidth\":\"https:\\\/\\\/www.vignevin.com\\\/wp-content\\\/uploads\\\/2019\\\/02\\\/D\u00e9g\u00e2ts-de-cicadelles-vertes-sur-le-feuillage-2-1080x675.jpg\",\"et-pb-portfolio-image\":\"https:\\\/\\\/www.vignevin.com\\\/wp-content\\\/uploads\\\/2019\\\/02\\\/D\u00e9g\u00e2ts-de-cicadelles-vertes-sur-le-feuillage-2-400x284.jpg\",\"et-pb-portfolio-module-image\":\"https:\\\/\\\/www.vignevin.com\\\/wp-content\\\/uploads\\\/2019\\\/02\\\/D\u00e9g\u00e2ts-de-cicadelles-vertes-sur-le-feuillage-2-510x382.jpg\",\"et-pb-portfolio-image-single\":\"https:\\\/\\\/www.vignevin.com\\\/wp-content\\\/uploads\\\/2019\\\/02\\\/D\u00e9g\u00e2ts-de-cicadelles-vertes-sur-le-feuillage-2-1080x1440.jpg\",\"et-pb-gallery-module-image-portrait\":\"https:\\\/\\\/www.vignevin.com\\\/wp-content\\\/uploads\\\/2019\\\/02\\\/D\u00e9g\u00e2ts-de-cicadelles-vertes-sur-le-feuillage-2-400x516.jpg\",\"et-pb-post-main-image-fullwidth-large\":\"https:\\\/\\\/www.vignevin.com\\\/wp-content\\\/uploads\\\/2019\\\/02\\\/D\u00e9g\u00e2ts-de-cicadelles-vertes-sur-le-feuillage-2-1920x1800.jpg\",\"et-pb-image--responsive--desktop\":\"https:\\\/\\\/www.vignevin.com\\\/wp-content\\\/uploads\\\/2019\\\/02\\\/D\u00e9g\u00e2ts-de-cicadelles-vertes-sur-le-feuillage-2.jpg\",\"et-pb-image--responsive--tablet\":\"https:\\\/\\\/www.vignevin.com\\\/wp-content\\\/uploads\\\/2019\\\/02\\\/D\u00e9g\u00e2ts-de-cicadelles-vertes-sur-le-feuillage-2.jpg\",\"et-pb-image--responsive--phone\":\"https:\\\/\\\/www.vignevin.com\\\/wp-content\\\/uploads\\\/2019\\\/02\\\/D\u00e9g\u00e2ts-de-cicadelles-vertes-sur-le-feuillage-2.jpg\",\"gform-image-choice-sm\":\"https:\\\/\\\/www.vignevin.com\\\/wp-content\\\/uploads\\\/2019\\\/02\\\/D\u00e9g\u00e2ts-de-cicadelles-vertes-sur-le-feuillage-2.jpg\",\"gform-image-choice-md\":\"https:\\\/\\\/www.vignevin.com\\\/wp-content\\\/uploads\\\/2019\\\/02\\\/D\u00e9g\u00e2ts-de-cicadelles-vertes-sur-le-feuillage-2.jpg\",\"gform-image-choice-lg\":\"https:\\\/\\\/www.vignevin.com\\\/wp-content\\\/uploads\\\/2019\\\/02\\\/D\u00e9g\u00e2ts-de-cicadelles-vertes-sur-le-feuillage-2.jpg\",\"woocommerce_thumbnail\":\"https:\\\/\\\/www.vignevin.com\\\/wp-content\\\/uploads\\\/2019\\\/02\\\/D\u00e9g\u00e2ts-de-cicadelles-vertes-sur-le-feuillage-2-300x300.jpg\",\"woocommerce_single\":\"https:\\\/\\\/www.vignevin.com\\\/wp-content\\\/uploads\\\/2019\\\/02\\\/D\u00e9g\u00e2ts-de-cicadelles-vertes-sur-le-feuillage-2-600x800.jpg\",\"woocommerce_gallery_thumbnail\":\"https:\\\/\\\/www.vignevin.com\\\/wp-content\\\/uploads\\\/2019\\\/02\\\/D\u00e9g\u00e2ts-de-cicadelles-vertes-sur-le-feuillage-2-100x100.jpg\",\"full\":\"https:\\\/\\\/www.vignevin.com\\\/wp-content\\\/uploads\\\/2019\\\/02\\\/D\u00e9g\u00e2ts-de-cicadelles-vertes-sur-le-feuillage-2.jpg\",\"index\":8,\"id\":10045,\"video\":false,\"opts\":{\"caption\":\"\",\"thumb\":\"https:\\\/\\\/www.vignevin.com\\\/wp-content\\\/uploads\\\/2019\\\/02\\\/D\u00e9g\u00e2ts-de-cicadelles-vertes-sur-le-feuillage-2-75x50_c.jpg\",\"title\":\"D&amp;eacute;g&amp;acirc;ts de cicadelles vertes sur le feuillage (2)\"},\"gallery_id\":17408,\"gallery_title\":\"Grapevines Pests\"},\"10046\":{\"status\":\"active\",\"src\":\"https:\\\/\\\/www.vignevin.com\\\/wp-content\\\/uploads\\\/2019\\\/02\\\/D\u00e9g\u00e2ts-de-cicadelles-vertes-sur-le-feuillage.jpg\",\"title\":\"D&amp;eacute;g&amp;acirc;ts de cicadelles vertes sur le feuillage\",\"link\":\"https:\\\/\\\/www.vignevin.com\\\/wp-content\\\/uploads\\\/2019\\\/02\\\/D\u00e9g\u00e2ts-de-cicadelles-vertes-sur-le-feuillage.jpg\",\"alt\":\"\",\"caption\":false,\"thumb\":\"https:\\\/\\\/www.vignevin.com\\\/wp-content\\\/uploads\\\/2019\\\/02\\\/D\u00e9g\u00e2ts-de-cicadelles-vertes-sur-le-feuillage-75x50_c.jpg\",\"meta\":{\"aperture\":\"3.3\",\"credit\":null,\"camera\":\"DMC-TZ10\",\"caption\":\"\",\"created_timestamp\":\"1378473302\",\"copyright\":null,\"focal_length\":\"4.1\",\"iso\":\"80\",\"shutter_speed\":\"0.016666666666667\",\"title\":\"\",\"orientation\":\"1\",\"keywords\":null},\"thumbnail\":\"https:\\\/\\\/www.vignevin.com\\\/wp-content\\\/uploads\\\/2019\\\/02\\\/D\u00e9g\u00e2ts-de-cicadelles-vertes-sur-le-feuillage-150x150.jpg\",\"medium\":\"https:\\\/\\\/www.vignevin.com\\\/wp-content\\\/uploads\\\/2019\\\/02\\\/D\u00e9g\u00e2ts-de-cicadelles-vertes-sur-le-feuillage-225x300.jpg\",\"medium_large\":\"https:\\\/\\\/www.vignevin.com\\\/wp-content\\\/uploads\\\/2019\\\/02\\\/D\u00e9g\u00e2ts-de-cicadelles-vertes-sur-le-feuillage-768x1024.jpg\",\"large\":\"https:\\\/\\\/www.vignevin.com\\\/wp-content\\\/uploads\\\/2019\\\/02\\\/D\u00e9g\u00e2ts-de-cicadelles-vertes-sur-le-feuillage-768x1024.jpg\",\"1536x1536\":\"https:\\\/\\\/www.vignevin.com\\\/wp-content\\\/uploads\\\/2019\\\/02\\\/D\u00e9g\u00e2ts-de-cicadelles-vertes-sur-le-feuillage.jpg\",\"2048x2048\":\"https:\\\/\\\/www.vignevin.com\\\/wp-content\\\/uploads\\\/2019\\\/02\\\/D\u00e9g\u00e2ts-de-cicadelles-vertes-sur-le-feuillage.jpg\",\"et-pb-post-main-image\":\"https:\\\/\\\/www.vignevin.com\\\/wp-content\\\/uploads\\\/2019\\\/02\\\/D\u00e9g\u00e2ts-de-cicadelles-vertes-sur-le-feuillage-400x250.jpg\",\"et-pb-post-main-image-fullwidth\":\"https:\\\/\\\/www.vignevin.com\\\/wp-content\\\/uploads\\\/2019\\\/02\\\/D\u00e9g\u00e2ts-de-cicadelles-vertes-sur-le-feuillage-1080x675.jpg\",\"et-pb-portfolio-image\":\"https:\\\/\\\/www.vignevin.com\\\/wp-content\\\/uploads\\\/2019\\\/02\\\/D\u00e9g\u00e2ts-de-cicadelles-vertes-sur-le-feuillage-400x284.jpg\",\"et-pb-portfolio-module-image\":\"https:\\\/\\\/www.vignevin.com\\\/wp-content\\\/uploads\\\/2019\\\/02\\\/D\u00e9g\u00e2ts-de-cicadelles-vertes-sur-le-feuillage-510x382.jpg\",\"et-pb-portfolio-image-single\":\"https:\\\/\\\/www.vignevin.com\\\/wp-content\\\/uploads\\\/2019\\\/02\\\/D\u00e9g\u00e2ts-de-cicadelles-vertes-sur-le-feuillage-1080x1440.jpg\",\"et-pb-gallery-module-image-portrait\":\"https:\\\/\\\/www.vignevin.com\\\/wp-content\\\/uploads\\\/2019\\\/02\\\/D\u00e9g\u00e2ts-de-cicadelles-vertes-sur-le-feuillage-400x516.jpg\",\"et-pb-post-main-image-fullwidth-large\":\"https:\\\/\\\/www.vignevin.com\\\/wp-content\\\/uploads\\\/2019\\\/02\\\/D\u00e9g\u00e2ts-de-cicadelles-vertes-sur-le-feuillage-1920x1800.jpg\",\"et-pb-image--responsive--desktop\":\"https:\\\/\\\/www.vignevin.com\\\/wp-content\\\/uploads\\\/2019\\\/02\\\/D\u00e9g\u00e2ts-de-cicadelles-vertes-sur-le-feuillage.jpg\",\"et-pb-image--responsive--tablet\":\"https:\\\/\\\/www.vignevin.com\\\/wp-content\\\/uploads\\\/2019\\\/02\\\/D\u00e9g\u00e2ts-de-cicadelles-vertes-sur-le-feuillage.jpg\",\"et-pb-image--responsive--phone\":\"https:\\\/\\\/www.vignevin.com\\\/wp-content\\\/uploads\\\/2019\\\/02\\\/D\u00e9g\u00e2ts-de-cicadelles-vertes-sur-le-feuillage.jpg\",\"gform-image-choice-sm\":\"https:\\\/\\\/www.vignevin.com\\\/wp-content\\\/uploads\\\/2019\\\/02\\\/D\u00e9g\u00e2ts-de-cicadelles-vertes-sur-le-feuillage.jpg\",\"gform-image-choice-md\":\"https:\\\/\\\/www.vignevin.com\\\/wp-content\\\/uploads\\\/2019\\\/02\\\/D\u00e9g\u00e2ts-de-cicadelles-vertes-sur-le-feuillage.jpg\",\"gform-image-choice-lg\":\"https:\\\/\\\/www.vignevin.com\\\/wp-content\\\/uploads\\\/2019\\\/02\\\/D\u00e9g\u00e2ts-de-cicadelles-vertes-sur-le-feuillage.jpg\",\"woocommerce_thumbnail\":\"https:\\\/\\\/www.vignevin.com\\\/wp-content\\\/uploads\\\/2019\\\/02\\\/D\u00e9g\u00e2ts-de-cicadelles-vertes-sur-le-feuillage-300x300.jpg\",\"woocommerce_single\":\"https:\\\/\\\/www.vignevin.com\\\/wp-content\\\/uploads\\\/2019\\\/02\\\/D\u00e9g\u00e2ts-de-cicadelles-vertes-sur-le-feuillage-600x800.jpg\",\"woocommerce_gallery_thumbnail\":\"https:\\\/\\\/www.vignevin.com\\\/wp-content\\\/uploads\\\/2019\\\/02\\\/D\u00e9g\u00e2ts-de-cicadelles-vertes-sur-le-feuillage-100x100.jpg\",\"full\":\"https:\\\/\\\/www.vignevin.com\\\/wp-content\\\/uploads\\\/2019\\\/02\\\/D\u00e9g\u00e2ts-de-cicadelles-vertes-sur-le-feuillage.jpg\",\"index\":9,\"id\":10046,\"video\":false,\"opts\":{\"caption\":\"\",\"thumb\":\"https:\\\/\\\/www.vignevin.com\\\/wp-content\\\/uploads\\\/2019\\\/02\\\/D\u00e9g\u00e2ts-de-cicadelles-vertes-sur-le-feuillage-75x50_c.jpg\",\"title\":\"D&amp;eacute;g&amp;acirc;ts de cicadelles vertes sur le feuillage\"},\"gallery_id\":17408,\"gallery_title\":\"Grapevines Pests\"},\"10047\":{\"status\":\"active\",\"src\":\"https:\\\/\\\/www.vignevin.com\\\/wp-content\\\/uploads\\\/2019\\\/02\\\/Diff\u00e9rents-stades-larvaires-de-Parthenolecanium-corni-scaled.jpg\",\"title\":\"Diff&amp;eacute;rents stades larvaires de Parthenolecanium corni\",\"link\":\"https:\\\/\\\/www.vignevin.com\\\/wp-content\\\/uploads\\\/2019\\\/02\\\/Diff\u00e9rents-stades-larvaires-de-Parthenolecanium-corni.jpg\",\"alt\":\"\",\"caption\":false,\"thumb\":\"https:\\\/\\\/www.vignevin.com\\\/wp-content\\\/uploads\\\/2019\\\/02\\\/Diff\u00e9rents-stades-larvaires-de-Parthenolecanium-corni-scaled-75x50_c.jpg\",\"meta\":{\"aperture\":\"3.5\",\"credit\":null,\"camera\":\"FinePix S5700 S700\",\"caption\":\"\",\"created_timestamp\":null,\"copyright\":null,\"focal_length\":\"3.9\",\"iso\":\"100\",\"shutter_speed\":\"0.0083333333333333\",\"title\":\"\",\"orientation\":\"1\",\"keywords\":null},\"thumbnail\":\"https:\\\/\\\/www.vignevin.com\\\/wp-content\\\/uploads\\\/2019\\\/02\\\/Diff\u00e9rents-stades-larvaires-de-Parthenolecanium-corni-150x150.jpg\",\"medium\":\"https:\\\/\\\/www.vignevin.com\\\/wp-content\\\/uploads\\\/2019\\\/02\\\/Diff\u00e9rents-stades-larvaires-de-Parthenolecanium-corni-225x300.jpg\",\"medium_large\":\"https:\\\/\\\/www.vignevin.com\\\/wp-content\\\/uploads\\\/2019\\\/02\\\/Diff\u00e9rents-stades-larvaires-de-Parthenolecanium-corni-768x1024.jpg\",\"large\":\"https:\\\/\\\/www.vignevin.com\\\/wp-content\\\/uploads\\\/2019\\\/02\\\/Diff\u00e9rents-stades-larvaires-de-Parthenolecanium-corni-768x1024.jpg\",\"1536x1536\":\"https:\\\/\\\/www.vignevin.com\\\/wp-content\\\/uploads\\\/2019\\\/02\\\/Diff\u00e9rents-stades-larvaires-de-Parthenolecanium-corni-scaled.jpg\",\"2048x2048\":\"https:\\\/\\\/www.vignevin.com\\\/wp-content\\\/uploads\\\/2019\\\/02\\\/Diff\u00e9rents-stades-larvaires-de-Parthenolecanium-corni-scaled.jpg\",\"et-pb-post-main-image\":\"https:\\\/\\\/www.vignevin.com\\\/wp-content\\\/uploads\\\/2019\\\/02\\\/Diff\u00e9rents-stades-larvaires-de-Parthenolecanium-corni-400x250.jpg\",\"et-pb-post-main-image-fullwidth\":\"https:\\\/\\\/www.vignevin.com\\\/wp-content\\\/uploads\\\/2019\\\/02\\\/Diff\u00e9rents-stades-larvaires-de-Parthenolecanium-corni-1080x675.jpg\",\"et-pb-portfolio-image\":\"https:\\\/\\\/www.vignevin.com\\\/wp-content\\\/uploads\\\/2019\\\/02\\\/Diff\u00e9rents-stades-larvaires-de-Parthenolecanium-corni-400x284.jpg\",\"et-pb-portfolio-module-image\":\"https:\\\/\\\/www.vignevin.com\\\/wp-content\\\/uploads\\\/2019\\\/02\\\/Diff\u00e9rents-stades-larvaires-de-Parthenolecanium-corni-510x382.jpg\",\"et-pb-portfolio-image-single\":\"https:\\\/\\\/www.vignevin.com\\\/wp-content\\\/uploads\\\/2019\\\/02\\\/Diff\u00e9rents-stades-larvaires-de-Parthenolecanium-corni-1080x1440.jpg\",\"et-pb-gallery-module-image-portrait\":\"https:\\\/\\\/www.vignevin.com\\\/wp-content\\\/uploads\\\/2019\\\/02\\\/Diff\u00e9rents-stades-larvaires-de-Parthenolecanium-corni-400x516.jpg\",\"et-pb-post-main-image-fullwidth-large\":\"https:\\\/\\\/www.vignevin.com\\\/wp-content\\\/uploads\\\/2019\\\/02\\\/Diff\u00e9rents-stades-larvaires-de-Parthenolecanium-corni-2304x1800.jpg\",\"et-pb-image--responsive--desktop\":\"https:\\\/\\\/www.vignevin.com\\\/wp-content\\\/uploads\\\/2019\\\/02\\\/Diff\u00e9rents-stades-larvaires-de-Parthenolecanium-corni-scaled.jpg\",\"et-pb-image--responsive--tablet\":\"https:\\\/\\\/www.vignevin.com\\\/wp-content\\\/uploads\\\/2019\\\/02\\\/Diff\u00e9rents-stades-larvaires-de-Parthenolecanium-corni-scaled.jpg\",\"et-pb-image--responsive--phone\":\"https:\\\/\\\/www.vignevin.com\\\/wp-content\\\/uploads\\\/2019\\\/02\\\/Diff\u00e9rents-stades-larvaires-de-Parthenolecanium-corni-scaled.jpg\",\"gform-image-choice-sm\":\"https:\\\/\\\/www.vignevin.com\\\/wp-content\\\/uploads\\\/2019\\\/02\\\/Diff\u00e9rents-stades-larvaires-de-Parthenolecanium-corni-scaled.jpg\",\"gform-image-choice-md\":\"https:\\\/\\\/www.vignevin.com\\\/wp-content\\\/uploads\\\/2019\\\/02\\\/Diff\u00e9rents-stades-larvaires-de-Parthenolecanium-corni-scaled.jpg\",\"gform-image-choice-lg\":\"https:\\\/\\\/www.vignevin.com\\\/wp-content\\\/uploads\\\/2019\\\/02\\\/Diff\u00e9rents-stades-larvaires-de-Parthenolecanium-corni-scaled.jpg\",\"woocommerce_thumbnail\":\"https:\\\/\\\/www.vignevin.com\\\/wp-content\\\/uploads\\\/2019\\\/02\\\/Diff\u00e9rents-stades-larvaires-de-Parthenolecanium-corni-scaled-300x300.jpg\",\"woocommerce_single\":\"https:\\\/\\\/www.vignevin.com\\\/wp-content\\\/uploads\\\/2019\\\/02\\\/Diff\u00e9rents-stades-larvaires-de-Parthenolecanium-corni-scaled-600x800.jpg\",\"woocommerce_gallery_thumbnail\":\"https:\\\/\\\/www.vignevin.com\\\/wp-content\\\/uploads\\\/2019\\\/02\\\/Diff\u00e9rents-stades-larvaires-de-Parthenolecanium-corni-scaled-100x100.jpg\",\"full\":\"https:\\\/\\\/www.vignevin.com\\\/wp-content\\\/uploads\\\/2019\\\/02\\\/Diff\u00e9rents-stades-larvaires-de-Parthenolecanium-corni-scaled.jpg\",\"index\":10,\"id\":10047,\"video\":false,\"opts\":{\"caption\":\"\",\"thumb\":\"https:\\\/\\\/www.vignevin.com\\\/wp-content\\\/uploads\\\/2019\\\/02\\\/Diff\u00e9rents-stades-larvaires-de-Parthenolecanium-corni-scaled-75x50_c.jpg\",\"title\":\"Diff&amp;eacute;rents stades larvaires de Parthenolecanium corni\"},\"gallery_id\":17408,\"gallery_title\":\"Grapevines Pests\"},\"10048\":{\"status\":\"active\",\"src\":\"https:\\\/\\\/www.vignevin.com\\\/wp-content\\\/uploads\\\/2019\\\/02\\\/Galles-d\u00e9rinose-scaled.jpg\",\"title\":\"Galles d&amp;amp;rsquo;&amp;eacute;rinose\",\"link\":\"https:\\\/\\\/www.vignevin.com\\\/wp-content\\\/uploads\\\/2019\\\/02\\\/Galles-d\u00e9rinose.jpg\",\"alt\":\"\",\"caption\":false,\"thumb\":\"https:\\\/\\\/www.vignevin.com\\\/wp-content\\\/uploads\\\/2019\\\/02\\\/Galles-d\u00e9rinose-scaled-75x50_c.jpg\",\"meta\":{\"aperture\":\"3.3\",\"credit\":null,\"camera\":\"DMC-TZ10\",\"caption\":\"\",\"created_timestamp\":\"1463584915\",\"copyright\":null,\"focal_length\":\"4.1\",\"iso\":\"80\",\"shutter_speed\":\"0.0125\",\"title\":\"\",\"orientation\":\"1\",\"keywords\":null},\"thumbnail\":\"https:\\\/\\\/www.vignevin.com\\\/wp-content\\\/uploads\\\/2019\\\/02\\\/Galles-d\u00e9rinose-150x150.jpg\",\"medium\":\"https:\\\/\\\/www.vignevin.com\\\/wp-content\\\/uploads\\\/2019\\\/02\\\/Galles-d\u00e9rinose-225x300.jpg\",\"medium_large\":\"https:\\\/\\\/www.vignevin.com\\\/wp-content\\\/uploads\\\/2019\\\/02\\\/Galles-d\u00e9rinose-768x1024.jpg\",\"large\":\"https:\\\/\\\/www.vignevin.com\\\/wp-content\\\/uploads\\\/2019\\\/02\\\/Galles-d\u00e9rinose-768x1024.jpg\",\"1536x1536\":\"https:\\\/\\\/www.vignevin.com\\\/wp-content\\\/uploads\\\/2019\\\/02\\\/Galles-d\u00e9rinose-scaled.jpg\",\"2048x2048\":\"https:\\\/\\\/www.vignevin.com\\\/wp-content\\\/uploads\\\/2019\\\/02\\\/Galles-d\u00e9rinose-scaled.jpg\",\"et-pb-post-main-image\":\"https:\\\/\\\/www.vignevin.com\\\/wp-content\\\/uploads\\\/2019\\\/02\\\/Galles-d\u00e9rinose-400x250.jpg\",\"et-pb-post-main-image-fullwidth\":\"https:\\\/\\\/www.vignevin.com\\\/wp-content\\\/uploads\\\/2019\\\/02\\\/Galles-d\u00e9rinose-1080x675.jpg\",\"et-pb-portfolio-image\":\"https:\\\/\\\/www.vignevin.com\\\/wp-content\\\/uploads\\\/2019\\\/02\\\/Galles-d\u00e9rinose-400x284.jpg\",\"et-pb-portfolio-module-image\":\"https:\\\/\\\/www.vignevin.com\\\/wp-content\\\/uploads\\\/2019\\\/02\\\/Galles-d\u00e9rinose-510x382.jpg\",\"et-pb-portfolio-image-single\":\"https:\\\/\\\/www.vignevin.com\\\/wp-content\\\/uploads\\\/2019\\\/02\\\/Galles-d\u00e9rinose-1080x1440.jpg\",\"et-pb-gallery-module-image-portrait\":\"https:\\\/\\\/www.vignevin.com\\\/wp-content\\\/uploads\\\/2019\\\/02\\\/Galles-d\u00e9rinose-400x516.jpg\",\"et-pb-post-main-image-fullwidth-large\":\"https:\\\/\\\/www.vignevin.com\\\/wp-content\\\/uploads\\\/2019\\\/02\\\/Galles-d\u00e9rinose-2880x1800.jpg\",\"et-pb-image--responsive--desktop\":\"https:\\\/\\\/www.vignevin.com\\\/wp-content\\\/uploads\\\/2019\\\/02\\\/Galles-d\u00e9rinose-scaled.jpg\",\"et-pb-image--responsive--tablet\":\"https:\\\/\\\/www.vignevin.com\\\/wp-content\\\/uploads\\\/2019\\\/02\\\/Galles-d\u00e9rinose-scaled.jpg\",\"et-pb-image--responsive--phone\":\"https:\\\/\\\/www.vignevin.com\\\/wp-content\\\/uploads\\\/2019\\\/02\\\/Galles-d\u00e9rinose-scaled.jpg\",\"gform-image-choice-sm\":\"https:\\\/\\\/www.vignevin.com\\\/wp-content\\\/uploads\\\/2019\\\/02\\\/Galles-d\u00e9rinose-scaled.jpg\",\"gform-image-choice-md\":\"https:\\\/\\\/www.vignevin.com\\\/wp-content\\\/uploads\\\/2019\\\/02\\\/Galles-d\u00e9rinose-scaled.jpg\",\"gform-image-choice-lg\":\"https:\\\/\\\/www.vignevin.com\\\/wp-content\\\/uploads\\\/2019\\\/02\\\/Galles-d\u00e9rinose-scaled.jpg\",\"woocommerce_thumbnail\":\"https:\\\/\\\/www.vignevin.com\\\/wp-content\\\/uploads\\\/2019\\\/02\\\/Galles-d\u00e9rinose-scaled-300x300.jpg\",\"woocommerce_single\":\"https:\\\/\\\/www.vignevin.com\\\/wp-content\\\/uploads\\\/2019\\\/02\\\/Galles-d\u00e9rinose-scaled-600x800.jpg\",\"woocommerce_gallery_thumbnail\":\"https:\\\/\\\/www.vignevin.com\\\/wp-content\\\/uploads\\\/2019\\\/02\\\/Galles-d\u00e9rinose-scaled-100x100.jpg\",\"full\":\"https:\\\/\\\/www.vignevin.com\\\/wp-content\\\/uploads\\\/2019\\\/02\\\/Galles-d\u00e9rinose-scaled.jpg\",\"index\":11,\"id\":10048,\"video\":false,\"opts\":{\"caption\":\"\",\"thumb\":\"https:\\\/\\\/www.vignevin.com\\\/wp-content\\\/uploads\\\/2019\\\/02\\\/Galles-d\u00e9rinose-scaled-75x50_c.jpg\",\"title\":\"Galles d&amp;amp;rsquo;&amp;eacute;rinose\"},\"gallery_id\":17408,\"gallery_title\":\"Grapevines Pests\"},\"10049\":{\"status\":\"active\",\"src\":\"https:\\\/\\\/www.vignevin.com\\\/wp-content\\\/uploads\\\/2019\\\/02\\\/Heliococcus-bohemicus-sur-rameau-de-vigne-scaled.jpg\",\"title\":\"OLYMPUS DIGITAL CAMERA\",\"link\":\"https:\\\/\\\/www.vignevin.com\\\/wp-content\\\/uploads\\\/2019\\\/02\\\/Heliococcus-bohemicus-sur-rameau-de-vigne.jpg\",\"alt\":\"\",\"caption\":\"OLYMPUS DIGITAL CAMERA\",\"thumb\":\"https:\\\/\\\/www.vignevin.com\\\/wp-content\\\/uploads\\\/2019\\\/02\\\/Heliococcus-bohemicus-sur-rameau-de-vigne-scaled-75x50_c.jpg\",\"meta\":{\"aperture\":\"5.6\",\"credit\":null,\"camera\":\"E-300\",\"caption\":\"OLYMPUS DIGITAL CAMERA\",\"created_timestamp\":\"1272538149\",\"copyright\":null,\"focal_length\":\"25\",\"iso\":\"200\",\"shutter_speed\":\"0.016666666666667\",\"title\":\"OLYMPUS DIGITAL CAMERA\",\"orientation\":\"1\",\"keywords\":null},\"thumbnail\":\"https:\\\/\\\/www.vignevin.com\\\/wp-content\\\/uploads\\\/2019\\\/02\\\/Heliococcus-bohemicus-sur-rameau-de-vigne-150x150.jpg\",\"medium\":\"https:\\\/\\\/www.vignevin.com\\\/wp-content\\\/uploads\\\/2019\\\/02\\\/Heliococcus-bohemicus-sur-rameau-de-vigne-225x300.jpg\",\"medium_large\":\"https:\\\/\\\/www.vignevin.com\\\/wp-content\\\/uploads\\\/2019\\\/02\\\/Heliococcus-bohemicus-sur-rameau-de-vigne-768x1024.jpg\",\"large\":\"https:\\\/\\\/www.vignevin.com\\\/wp-content\\\/uploads\\\/2019\\\/02\\\/Heliococcus-bohemicus-sur-rameau-de-vigne-768x1024.jpg\",\"1536x1536\":\"https:\\\/\\\/www.vignevin.com\\\/wp-content\\\/uploads\\\/2019\\\/02\\\/Heliococcus-bohemicus-sur-rameau-de-vigne-scaled.jpg\",\"2048x2048\":\"https:\\\/\\\/www.vignevin.com\\\/wp-content\\\/uploads\\\/2019\\\/02\\\/Heliococcus-bohemicus-sur-rameau-de-vigne-scaled.jpg\",\"et-pb-post-main-image\":\"https:\\\/\\\/www.vignevin.com\\\/wp-content\\\/uploads\\\/2019\\\/02\\\/Heliococcus-bohemicus-sur-rameau-de-vigne-400x250.jpg\",\"et-pb-post-main-image-fullwidth\":\"https:\\\/\\\/www.vignevin.com\\\/wp-content\\\/uploads\\\/2019\\\/02\\\/Heliococcus-bohemicus-sur-rameau-de-vigne-1080x675.jpg\",\"et-pb-portfolio-image\":\"https:\\\/\\\/www.vignevin.com\\\/wp-content\\\/uploads\\\/2019\\\/02\\\/Heliococcus-bohemicus-sur-rameau-de-vigne-400x284.jpg\",\"et-pb-portfolio-module-image\":\"https:\\\/\\\/www.vignevin.com\\\/wp-content\\\/uploads\\\/2019\\\/02\\\/Heliococcus-bohemicus-sur-rameau-de-vigne-510x382.jpg\",\"et-pb-portfolio-image-single\":\"https:\\\/\\\/www.vignevin.com\\\/wp-content\\\/uploads\\\/2019\\\/02\\\/Heliococcus-bohemicus-sur-rameau-de-vigne-1080x1440.jpg\",\"et-pb-gallery-module-image-portrait\":\"https:\\\/\\\/www.vignevin.com\\\/wp-content\\\/uploads\\\/2019\\\/02\\\/Heliococcus-bohemicus-sur-rameau-de-vigne-400x516.jpg\",\"et-pb-post-main-image-fullwidth-large\":\"https:\\\/\\\/www.vignevin.com\\\/wp-content\\\/uploads\\\/2019\\\/02\\\/Heliococcus-bohemicus-sur-rameau-de-vigne-2448x1800.jpg\",\"et-pb-image--responsive--desktop\":\"https:\\\/\\\/www.vignevin.com\\\/wp-content\\\/uploads\\\/2019\\\/02\\\/Heliococcus-bohemicus-sur-rameau-de-vigne-scaled.jpg\",\"et-pb-image--responsive--tablet\":\"https:\\\/\\\/www.vignevin.com\\\/wp-content\\\/uploads\\\/2019\\\/02\\\/Heliococcus-bohemicus-sur-rameau-de-vigne-scaled.jpg\",\"et-pb-image--responsive--phone\":\"https:\\\/\\\/www.vignevin.com\\\/wp-content\\\/uploads\\\/2019\\\/02\\\/Heliococcus-bohemicus-sur-rameau-de-vigne-scaled.jpg\",\"gform-image-choice-sm\":\"https:\\\/\\\/www.vignevin.com\\\/wp-content\\\/uploads\\\/2019\\\/02\\\/Heliococcus-bohemicus-sur-rameau-de-vigne-scaled.jpg\",\"gform-image-choice-md\":\"https:\\\/\\\/www.vignevin.com\\\/wp-content\\\/uploads\\\/2019\\\/02\\\/Heliococcus-bohemicus-sur-rameau-de-vigne-scaled.jpg\",\"gform-image-choice-lg\":\"https:\\\/\\\/www.vignevin.com\\\/wp-content\\\/uploads\\\/2019\\\/02\\\/Heliococcus-bohemicus-sur-rameau-de-vigne-scaled.jpg\",\"woocommerce_thumbnail\":\"https:\\\/\\\/www.vignevin.com\\\/wp-content\\\/uploads\\\/2019\\\/02\\\/Heliococcus-bohemicus-sur-rameau-de-vigne-scaled-300x300.jpg\",\"woocommerce_single\":\"https:\\\/\\\/www.vignevin.com\\\/wp-content\\\/uploads\\\/2019\\\/02\\\/Heliococcus-bohemicus-sur-rameau-de-vigne-scaled-600x800.jpg\",\"woocommerce_gallery_thumbnail\":\"https:\\\/\\\/www.vignevin.com\\\/wp-content\\\/uploads\\\/2019\\\/02\\\/Heliococcus-bohemicus-sur-rameau-de-vigne-scaled-100x100.jpg\",\"full\":\"https:\\\/\\\/www.vignevin.com\\\/wp-content\\\/uploads\\\/2019\\\/02\\\/Heliococcus-bohemicus-sur-rameau-de-vigne-scaled.jpg\",\"index\":12,\"id\":10049,\"video\":false,\"opts\":{\"caption\":\"OLYMPUS DIGITAL CAMERA\",\"thumb\":\"https:\\\/\\\/www.vignevin.com\\\/wp-content\\\/uploads\\\/2019\\\/02\\\/Heliococcus-bohemicus-sur-rameau-de-vigne-scaled-75x50_c.jpg\",\"title\":\"OLYMPUS DIGITAL CAMERA\"},\"gallery_id\":17408,\"gallery_title\":\"Grapevines Pests\"},\"10050\":{\"status\":\"active\",\"src\":\"https:\\\/\\\/www.vignevin.com\\\/wp-content\\\/uploads\\\/2019\\\/02\\\/Parthenolecanium-corni-et-fourmis-sur-une-souche-au-printemps-scaled.jpg\",\"title\":\"Parthenolecanium corni et fourmis sur une souche au printemps\",\"link\":\"https:\\\/\\\/www.vignevin.com\\\/wp-content\\\/uploads\\\/2019\\\/02\\\/Parthenolecanium-corni-et-fourmis-sur-une-souche-au-printemps.jpg\",\"alt\":\"\",\"caption\":false,\"thumb\":\"https:\\\/\\\/www.vignevin.com\\\/wp-content\\\/uploads\\\/2019\\\/02\\\/Parthenolecanium-corni-et-fourmis-sur-une-souche-au-printemps-scaled-75x50_c.jpg\",\"meta\":{\"aperture\":\"4\",\"credit\":null,\"camera\":\"FinePix S5700 S700\",\"caption\":\"\",\"created_timestamp\":\"1448131194\",\"copyright\":null,\"focal_length\":\"23.6\",\"iso\":\"64\",\"shutter_speed\":\"0.0047619047619048\",\"title\":\"\",\"orientation\":\"1\",\"keywords\":null},\"thumbnail\":\"https:\\\/\\\/www.vignevin.com\\\/wp-content\\\/uploads\\\/2019\\\/02\\\/Parthenolecanium-corni-et-fourmis-sur-une-souche-au-printemps-150x150.jpg\",\"medium\":\"https:\\\/\\\/www.vignevin.com\\\/wp-content\\\/uploads\\\/2019\\\/02\\\/Parthenolecanium-corni-et-fourmis-sur-une-souche-au-printemps-300x225.jpg\",\"medium_large\":\"https:\\\/\\\/www.vignevin.com\\\/wp-content\\\/uploads\\\/2019\\\/02\\\/Parthenolecanium-corni-et-fourmis-sur-une-souche-au-printemps-768x576.jpg\",\"large\":\"https:\\\/\\\/www.vignevin.com\\\/wp-content\\\/uploads\\\/2019\\\/02\\\/Parthenolecanium-corni-et-fourmis-sur-une-souche-au-printemps-1024x768.jpg\",\"1536x1536\":\"https:\\\/\\\/www.vignevin.com\\\/wp-content\\\/uploads\\\/2019\\\/02\\\/Parthenolecanium-corni-et-fourmis-sur-une-souche-au-printemps-scaled.jpg\",\"2048x2048\":\"https:\\\/\\\/www.vignevin.com\\\/wp-content\\\/uploads\\\/2019\\\/02\\\/Parthenolecanium-corni-et-fourmis-sur-une-souche-au-printemps-scaled.jpg\",\"et-pb-post-main-image\":\"https:\\\/\\\/www.vignevin.com\\\/wp-content\\\/uploads\\\/2019\\\/02\\\/Parthenolecanium-corni-et-fourmis-sur-une-souche-au-printemps-400x250.jpg\",\"et-pb-post-main-image-fullwidth\":\"https:\\\/\\\/www.vignevin.com\\\/wp-content\\\/uploads\\\/2019\\\/02\\\/Parthenolecanium-corni-et-fourmis-sur-une-souche-au-printemps-1080x675.jpg\",\"et-pb-portfolio-image\":\"https:\\\/\\\/www.vignevin.com\\\/wp-content\\\/uploads\\\/2019\\\/02\\\/Parthenolecanium-corni-et-fourmis-sur-une-souche-au-printemps-400x284.jpg\",\"et-pb-portfolio-module-image\":\"https:\\\/\\\/www.vignevin.com\\\/wp-content\\\/uploads\\\/2019\\\/02\\\/Parthenolecanium-corni-et-fourmis-sur-une-souche-au-printemps-510x382.jpg\",\"et-pb-portfolio-image-single\":\"https:\\\/\\\/www.vignevin.com\\\/wp-content\\\/uploads\\\/2019\\\/02\\\/Parthenolecanium-corni-et-fourmis-sur-une-souche-au-printemps-1080x810.jpg\",\"et-pb-gallery-module-image-portrait\":\"https:\\\/\\\/www.vignevin.com\\\/wp-content\\\/uploads\\\/2019\\\/02\\\/Parthenolecanium-corni-et-fourmis-sur-une-souche-au-printemps-400x516.jpg\",\"et-pb-post-main-image-fullwidth-large\":\"https:\\\/\\\/www.vignevin.com\\\/wp-content\\\/uploads\\\/2019\\\/02\\\/Parthenolecanium-corni-et-fourmis-sur-une-souche-au-printemps-2880x1800.jpg\",\"et-pb-image--responsive--desktop\":\"https:\\\/\\\/www.vignevin.com\\\/wp-content\\\/uploads\\\/2019\\\/02\\\/Parthenolecanium-corni-et-fourmis-sur-une-souche-au-printemps-scaled.jpg\",\"et-pb-image--responsive--tablet\":\"https:\\\/\\\/www.vignevin.com\\\/wp-content\\\/uploads\\\/2019\\\/02\\\/Parthenolecanium-corni-et-fourmis-sur-une-souche-au-printemps-scaled.jpg\",\"et-pb-image--responsive--phone\":\"https:\\\/\\\/www.vignevin.com\\\/wp-content\\\/uploads\\\/2019\\\/02\\\/Parthenolecanium-corni-et-fourmis-sur-une-souche-au-printemps-scaled.jpg\",\"gform-image-choice-sm\":\"https:\\\/\\\/www.vignevin.com\\\/wp-content\\\/uploads\\\/2019\\\/02\\\/Parthenolecanium-corni-et-fourmis-sur-une-souche-au-printemps-scaled.jpg\",\"gform-image-choice-md\":\"https:\\\/\\\/www.vignevin.com\\\/wp-content\\\/uploads\\\/2019\\\/02\\\/Parthenolecanium-corni-et-fourmis-sur-une-souche-au-printemps-scaled.jpg\",\"gform-image-choice-lg\":\"https:\\\/\\\/www.vignevin.com\\\/wp-content\\\/uploads\\\/2019\\\/02\\\/Parthenolecanium-corni-et-fourmis-sur-une-souche-au-printemps-scaled.jpg\",\"woocommerce_thumbnail\":\"https:\\\/\\\/www.vignevin.com\\\/wp-content\\\/uploads\\\/2019\\\/02\\\/Parthenolecanium-corni-et-fourmis-sur-une-souche-au-printemps-scaled-300x300.jpg\",\"woocommerce_single\":\"https:\\\/\\\/www.vignevin.com\\\/wp-content\\\/uploads\\\/2019\\\/02\\\/Parthenolecanium-corni-et-fourmis-sur-une-souche-au-printemps-scaled-600x450.jpg\",\"woocommerce_gallery_thumbnail\":\"https:\\\/\\\/www.vignevin.com\\\/wp-content\\\/uploads\\\/2019\\\/02\\\/Parthenolecanium-corni-et-fourmis-sur-une-souche-au-printemps-scaled-100x100.jpg\",\"full\":\"https:\\\/\\\/www.vignevin.com\\\/wp-content\\\/uploads\\\/2019\\\/02\\\/Parthenolecanium-corni-et-fourmis-sur-une-souche-au-printemps-scaled.jpg\",\"index\":13,\"id\":10050,\"video\":false,\"opts\":{\"caption\":\"\",\"thumb\":\"https:\\\/\\\/www.vignevin.com\\\/wp-content\\\/uploads\\\/2019\\\/02\\\/Parthenolecanium-corni-et-fourmis-sur-une-souche-au-printemps-scaled-75x50_c.jpg\",\"title\":\"Parthenolecanium corni et fourmis sur une souche au printemps\"},\"gallery_id\":17408,\"gallery_title\":\"Grapevines Pests\"},\"10051\":{\"status\":\"active\",\"src\":\"https:\\\/\\\/www.vignevin.com\\\/wp-content\\\/uploads\\\/2019\\\/02\\\/Rougissement-foliaire-du-\u00e0-des-d\u00e9g\u00e2ts-dacariens-Panonychus-ulmi.jpg\",\"title\":\"Rougissement foliaire du &amp;agrave; des d&amp;eacute;g&amp;acirc;ts d&amp;amp;rsquo;acariens (Panonychus ulmi)\",\"link\":\"https:\\\/\\\/www.vignevin.com\\\/wp-content\\\/uploads\\\/2019\\\/02\\\/Rougissement-foliaire-du-\u00e0-des-d\u00e9g\u00e2ts-dacariens-Panonychus-ulmi.jpg\",\"alt\":\"\",\"caption\":false,\"thumb\":\"https:\\\/\\\/www.vignevin.com\\\/wp-content\\\/uploads\\\/2019\\\/02\\\/Rougissement-foliaire-du-\u00e0-des-d\u00e9g\u00e2ts-dacariens-Panonychus-ulmi-75x50_c.jpg\",\"meta\":{\"aperture\":\"5.3\",\"credit\":null,\"camera\":\"E4500\",\"caption\":\"\",\"created_timestamp\":\"1221645859\",\"copyright\":null,\"focal_length\":\"7.85\",\"iso\":\"100\",\"shutter_speed\":\"0.0044583147570218\",\"title\":\"\",\"orientation\":null,\"keywords\":null},\"thumbnail\":\"https:\\\/\\\/www.vignevin.com\\\/wp-content\\\/uploads\\\/2019\\\/02\\\/Rougissement-foliaire-du-\u00e0-des-d\u00e9g\u00e2ts-dacariens-Panonychus-ulmi-150x150.jpg\",\"medium\":\"https:\\\/\\\/www.vignevin.com\\\/wp-content\\\/uploads\\\/2019\\\/02\\\/Rougissement-foliaire-du-\u00e0-des-d\u00e9g\u00e2ts-dacariens-Panonychus-ulmi-225x300.jpg\",\"medium_large\":\"https:\\\/\\\/www.vignevin.com\\\/wp-content\\\/uploads\\\/2019\\\/02\\\/Rougissement-foliaire-du-\u00e0-des-d\u00e9g\u00e2ts-dacariens-Panonychus-ulmi-768x1024.jpg\",\"large\":\"https:\\\/\\\/www.vignevin.com\\\/wp-content\\\/uploads\\\/2019\\\/02\\\/Rougissement-foliaire-du-\u00e0-des-d\u00e9g\u00e2ts-dacariens-Panonychus-ulmi-768x1024.jpg\",\"1536x1536\":\"https:\\\/\\\/www.vignevin.com\\\/wp-content\\\/uploads\\\/2019\\\/02\\\/Rougissement-foliaire-du-\u00e0-des-d\u00e9g\u00e2ts-dacariens-Panonychus-ulmi.jpg\",\"2048x2048\":\"https:\\\/\\\/www.vignevin.com\\\/wp-content\\\/uploads\\\/2019\\\/02\\\/Rougissement-foliaire-du-\u00e0-des-d\u00e9g\u00e2ts-dacariens-Panonychus-ulmi.jpg\",\"et-pb-post-main-image\":\"https:\\\/\\\/www.vignevin.com\\\/wp-content\\\/uploads\\\/2019\\\/02\\\/Rougissement-foliaire-du-\u00e0-des-d\u00e9g\u00e2ts-dacariens-Panonychus-ulmi-400x250.jpg\",\"et-pb-post-main-image-fullwidth\":\"https:\\\/\\\/www.vignevin.com\\\/wp-content\\\/uploads\\\/2019\\\/02\\\/Rougissement-foliaire-du-\u00e0-des-d\u00e9g\u00e2ts-dacariens-Panonychus-ulmi-1080x675.jpg\",\"et-pb-portfolio-image\":\"https:\\\/\\\/www.vignevin.com\\\/wp-content\\\/uploads\\\/2019\\\/02\\\/Rougissement-foliaire-du-\u00e0-des-d\u00e9g\u00e2ts-dacariens-Panonychus-ulmi-400x284.jpg\",\"et-pb-portfolio-module-image\":\"https:\\\/\\\/www.vignevin.com\\\/wp-content\\\/uploads\\\/2019\\\/02\\\/Rougissement-foliaire-du-\u00e0-des-d\u00e9g\u00e2ts-dacariens-Panonychus-ulmi-510x382.jpg\",\"et-pb-portfolio-image-single\":\"https:\\\/\\\/www.vignevin.com\\\/wp-content\\\/uploads\\\/2019\\\/02\\\/Rougissement-foliaire-du-\u00e0-des-d\u00e9g\u00e2ts-dacariens-Panonychus-ulmi-1080x1440.jpg\",\"et-pb-gallery-module-image-portrait\":\"https:\\\/\\\/www.vignevin.com\\\/wp-content\\\/uploads\\\/2019\\\/02\\\/Rougissement-foliaire-du-\u00e0-des-d\u00e9g\u00e2ts-dacariens-Panonychus-ulmi-400x516.jpg\",\"et-pb-post-main-image-fullwidth-large\":\"https:\\\/\\\/www.vignevin.com\\\/wp-content\\\/uploads\\\/2019\\\/02\\\/Rougissement-foliaire-du-\u00e0-des-d\u00e9g\u00e2ts-dacariens-Panonychus-ulmi.jpg\",\"et-pb-image--responsive--desktop\":\"https:\\\/\\\/www.vignevin.com\\\/wp-content\\\/uploads\\\/2019\\\/02\\\/Rougissement-foliaire-du-\u00e0-des-d\u00e9g\u00e2ts-dacariens-Panonychus-ulmi.jpg\",\"et-pb-image--responsive--tablet\":\"https:\\\/\\\/www.vignevin.com\\\/wp-content\\\/uploads\\\/2019\\\/02\\\/Rougissement-foliaire-du-\u00e0-des-d\u00e9g\u00e2ts-dacariens-Panonychus-ulmi.jpg\",\"et-pb-image--responsive--phone\":\"https:\\\/\\\/www.vignevin.com\\\/wp-content\\\/uploads\\\/2019\\\/02\\\/Rougissement-foliaire-du-\u00e0-des-d\u00e9g\u00e2ts-dacariens-Panonychus-ulmi.jpg\",\"gform-image-choice-sm\":\"https:\\\/\\\/www.vignevin.com\\\/wp-content\\\/uploads\\\/2019\\\/02\\\/Rougissement-foliaire-du-\u00e0-des-d\u00e9g\u00e2ts-dacariens-Panonychus-ulmi.jpg\",\"gform-image-choice-md\":\"https:\\\/\\\/www.vignevin.com\\\/wp-content\\\/uploads\\\/2019\\\/02\\\/Rougissement-foliaire-du-\u00e0-des-d\u00e9g\u00e2ts-dacariens-Panonychus-ulmi.jpg\",\"gform-image-choice-lg\":\"https:\\\/\\\/www.vignevin.com\\\/wp-content\\\/uploads\\\/2019\\\/02\\\/Rougissement-foliaire-du-\u00e0-des-d\u00e9g\u00e2ts-dacariens-Panonychus-ulmi.jpg\",\"woocommerce_thumbnail\":\"https:\\\/\\\/www.vignevin.com\\\/wp-content\\\/uploads\\\/2019\\\/02\\\/Rougissement-foliaire-du-\u00e0-des-d\u00e9g\u00e2ts-dacariens-Panonychus-ulmi-300x300.jpg\",\"woocommerce_single\":\"https:\\\/\\\/www.vignevin.com\\\/wp-content\\\/uploads\\\/2019\\\/02\\\/Rougissement-foliaire-du-\u00e0-des-d\u00e9g\u00e2ts-dacariens-Panonychus-ulmi-600x800.jpg\",\"woocommerce_gallery_thumbnail\":\"https:\\\/\\\/www.vignevin.com\\\/wp-content\\\/uploads\\\/2019\\\/02\\\/Rougissement-foliaire-du-\u00e0-des-d\u00e9g\u00e2ts-dacariens-Panonychus-ulmi-100x100.jpg\",\"full\":\"https:\\\/\\\/www.vignevin.com\\\/wp-content\\\/uploads\\\/2019\\\/02\\\/Rougissement-foliaire-du-\u00e0-des-d\u00e9g\u00e2ts-dacariens-Panonychus-ulmi.jpg\",\"index\":14,\"id\":10051,\"video\":false,\"opts\":{\"caption\":\"\",\"thumb\":\"https:\\\/\\\/www.vignevin.com\\\/wp-content\\\/uploads\\\/2019\\\/02\\\/Rougissement-foliaire-du-\u00e0-des-d\u00e9g\u00e2ts-dacariens-Panonychus-ulmi-75x50_c.jpg\",\"title\":\"Rougissement foliaire du &amp;agrave; des d&amp;eacute;g&amp;acirc;ts d&amp;amp;rsquo;acariens (Panonychus ulmi)\"},\"gallery_id\":17408,\"gallery_title\":\"Grapevines Pests\"},\"10052\":{\"status\":\"active\",\"src\":\"https:\\\/\\\/www.vignevin.com\\\/wp-content\\\/uploads\\\/2019\\\/02\\\/Spissistilus-festinus.png\",\"title\":\"Spissistilus festinus\",\"link\":\"https:\\\/\\\/www.vignevin.com\\\/wp-content\\\/uploads\\\/2019\\\/02\\\/Spissistilus-festinus.png\",\"alt\":\"\",\"caption\":false,\"thumb\":\"https:\\\/\\\/www.vignevin.com\\\/wp-content\\\/uploads\\\/2019\\\/02\\\/Spissistilus-festinus-75x50_c.png\",\"meta\":{\"aperture\":null,\"credit\":null,\"camera\":null,\"caption\":\"\",\"created_timestamp\":null,\"copyright\":null,\"focal_length\":null,\"iso\":null,\"shutter_speed\":null,\"title\":\"\",\"orientation\":null,\"keywords\":null},\"thumbnail\":\"https:\\\/\\\/www.vignevin.com\\\/wp-content\\\/uploads\\\/2019\\\/02\\\/Spissistilus-festinus-150x150.png\",\"medium\":\"https:\\\/\\\/www.vignevin.com\\\/wp-content\\\/uploads\\\/2019\\\/02\\\/Spissistilus-festinus-300x262.png\",\"medium_large\":\"https:\\\/\\\/www.vignevin.com\\\/wp-content\\\/uploads\\\/2019\\\/02\\\/Spissistilus-festinus.png\",\"large\":\"https:\\\/\\\/www.vignevin.com\\\/wp-content\\\/uploads\\\/2019\\\/02\\\/Spissistilus-festinus.png\",\"1536x1536\":\"https:\\\/\\\/www.vignevin.com\\\/wp-content\\\/uploads\\\/2019\\\/02\\\/Spissistilus-festinus.png\",\"2048x2048\":\"https:\\\/\\\/www.vignevin.com\\\/wp-content\\\/uploads\\\/2019\\\/02\\\/Spissistilus-festinus.png\",\"et-pb-post-main-image\":\"https:\\\/\\\/www.vignevin.com\\\/wp-content\\\/uploads\\\/2019\\\/02\\\/Spissistilus-festinus-340x250.png\",\"et-pb-post-main-image-fullwidth\":\"https:\\\/\\\/www.vignevin.com\\\/wp-content\\\/uploads\\\/2019\\\/02\\\/Spissistilus-festinus.png\",\"et-pb-portfolio-image\":\"https:\\\/\\\/www.vignevin.com\\\/wp-content\\\/uploads\\\/2019\\\/02\\\/Spissistilus-festinus-340x284.png\",\"et-pb-portfolio-module-image\":\"https:\\\/\\\/www.vignevin.com\\\/wp-content\\\/uploads\\\/2019\\\/02\\\/Spissistilus-festinus.png\",\"et-pb-portfolio-image-single\":\"https:\\\/\\\/www.vignevin.com\\\/wp-content\\\/uploads\\\/2019\\\/02\\\/Spissistilus-festinus.png\",\"et-pb-gallery-module-image-portrait\":\"https:\\\/\\\/www.vignevin.com\\\/wp-content\\\/uploads\\\/2019\\\/02\\\/Spissistilus-festinus.png\",\"et-pb-post-main-image-fullwidth-large\":\"https:\\\/\\\/www.vignevin.com\\\/wp-content\\\/uploads\\\/2019\\\/02\\\/Spissistilus-festinus.png\",\"et-pb-image--responsive--desktop\":\"https:\\\/\\\/www.vignevin.com\\\/wp-content\\\/uploads\\\/2019\\\/02\\\/Spissistilus-festinus.png\",\"et-pb-image--responsive--tablet\":\"https:\\\/\\\/www.vignevin.com\\\/wp-content\\\/uploads\\\/2019\\\/02\\\/Spissistilus-festinus.png\",\"et-pb-image--responsive--phone\":\"https:\\\/\\\/www.vignevin.com\\\/wp-content\\\/uploads\\\/2019\\\/02\\\/Spissistilus-festinus.png\",\"gform-image-choice-sm\":\"https:\\\/\\\/www.vignevin.com\\\/wp-content\\\/uploads\\\/2019\\\/02\\\/Spissistilus-festinus.png\",\"gform-image-choice-md\":\"https:\\\/\\\/www.vignevin.com\\\/wp-content\\\/uploads\\\/2019\\\/02\\\/Spissistilus-festinus.png\",\"gform-image-choice-lg\":\"https:\\\/\\\/www.vignevin.com\\\/wp-content\\\/uploads\\\/2019\\\/02\\\/Spissistilus-festinus.png\",\"woocommerce_thumbnail\":\"https:\\\/\\\/www.vignevin.com\\\/wp-content\\\/uploads\\\/2019\\\/02\\\/Spissistilus-festinus-300x297.png\",\"woocommerce_single\":\"https:\\\/\\\/www.vignevin.com\\\/wp-content\\\/uploads\\\/2019\\\/02\\\/Spissistilus-festinus.png\",\"woocommerce_gallery_thumbnail\":\"https:\\\/\\\/www.vignevin.com\\\/wp-content\\\/uploads\\\/2019\\\/02\\\/Spissistilus-festinus-100x100.png\",\"full\":\"https:\\\/\\\/www.vignevin.com\\\/wp-content\\\/uploads\\\/2019\\\/02\\\/Spissistilus-festinus.png\",\"index\":15,\"id\":10052,\"video\":false,\"opts\":{\"caption\":\"\",\"thumb\":\"https:\\\/\\\/www.vignevin.com\\\/wp-content\\\/uploads\\\/2019\\\/02\\\/Spissistilus-festinus-75x50_c.png\",\"title\":\"Spissistilus festinus\"},\"gallery_id\":17408,\"gallery_title\":\"Grapevines Pests\"},\"10053\":{\"status\":\"active\",\"src\":\"https:\\\/\\\/www.vignevin.com\\\/wp-content\\\/uploads\\\/2019\\\/02\\\/Sympt\u00f4mes-d\u00e9rinose-galles-sur-feuilles-scaled.jpg\",\"title\":\"Sympt&amp;ocirc;mes d&amp;amp;rsquo;&amp;eacute;rinose galles sur feuilles\",\"link\":\"https:\\\/\\\/www.vignevin.com\\\/wp-content\\\/uploads\\\/2019\\\/02\\\/Sympt\u00f4mes-d\u00e9rinose-galles-sur-feuilles.jpg\",\"alt\":\"\",\"caption\":false,\"thumb\":\"https:\\\/\\\/www.vignevin.com\\\/wp-content\\\/uploads\\\/2019\\\/02\\\/Sympt\u00f4mes-d\u00e9rinose-galles-sur-feuilles-scaled-75x50_c.jpg\",\"meta\":{\"aperture\":\"3.3\",\"credit\":null,\"camera\":\"DMC-TZ10\",\"caption\":\"\",\"created_timestamp\":\"1463586465\",\"copyright\":null,\"focal_length\":\"4.1\",\"iso\":\"80\",\"shutter_speed\":\"0.016666666666667\",\"title\":\"\",\"orientation\":\"1\",\"keywords\":null},\"thumbnail\":\"https:\\\/\\\/www.vignevin.com\\\/wp-content\\\/uploads\\\/2019\\\/02\\\/Sympt\u00f4mes-d\u00e9rinose-galles-sur-feuilles-150x150.jpg\",\"medium\":\"https:\\\/\\\/www.vignevin.com\\\/wp-content\\\/uploads\\\/2019\\\/02\\\/Sympt\u00f4mes-d\u00e9rinose-galles-sur-feuilles-300x225.jpg\",\"medium_large\":\"https:\\\/\\\/www.vignevin.com\\\/wp-content\\\/uploads\\\/2019\\\/02\\\/Sympt\u00f4mes-d\u00e9rinose-galles-sur-feuilles-768x576.jpg\",\"large\":\"https:\\\/\\\/www.vignevin.com\\\/wp-content\\\/uploads\\\/2019\\\/02\\\/Sympt\u00f4mes-d\u00e9rinose-galles-sur-feuilles-1024x768.jpg\",\"1536x1536\":\"https:\\\/\\\/www.vignevin.com\\\/wp-content\\\/uploads\\\/2019\\\/02\\\/Sympt\u00f4mes-d\u00e9rinose-galles-sur-feuilles-scaled.jpg\",\"2048x2048\":\"https:\\\/\\\/www.vignevin.com\\\/wp-content\\\/uploads\\\/2019\\\/02\\\/Sympt\u00f4mes-d\u00e9rinose-galles-sur-feuilles-scaled.jpg\",\"et-pb-post-main-image\":\"https:\\\/\\\/www.vignevin.com\\\/wp-content\\\/uploads\\\/2019\\\/02\\\/Sympt\u00f4mes-d\u00e9rinose-galles-sur-feuilles-400x250.jpg\",\"et-pb-post-main-image-fullwidth\":\"https:\\\/\\\/www.vignevin.com\\\/wp-content\\\/uploads\\\/2019\\\/02\\\/Sympt\u00f4mes-d\u00e9rinose-galles-sur-feuilles-1080x675.jpg\",\"et-pb-portfolio-image\":\"https:\\\/\\\/www.vignevin.com\\\/wp-content\\\/uploads\\\/2019\\\/02\\\/Sympt\u00f4mes-d\u00e9rinose-galles-sur-feuilles-400x284.jpg\",\"et-pb-portfolio-module-image\":\"https:\\\/\\\/www.vignevin.com\\\/wp-content\\\/uploads\\\/2019\\\/02\\\/Sympt\u00f4mes-d\u00e9rinose-galles-sur-feuilles-510x382.jpg\",\"et-pb-portfolio-image-single\":\"https:\\\/\\\/www.vignevin.com\\\/wp-content\\\/uploads\\\/2019\\\/02\\\/Sympt\u00f4mes-d\u00e9rinose-galles-sur-feuilles-1080x810.jpg\",\"et-pb-gallery-module-image-portrait\":\"https:\\\/\\\/www.vignevin.com\\\/wp-content\\\/uploads\\\/2019\\\/02\\\/Sympt\u00f4mes-d\u00e9rinose-galles-sur-feuilles-400x516.jpg\",\"et-pb-post-main-image-fullwidth-large\":\"https:\\\/\\\/www.vignevin.com\\\/wp-content\\\/uploads\\\/2019\\\/02\\\/Sympt\u00f4mes-d\u00e9rinose-galles-sur-feuilles-2880x1800.jpg\",\"et-pb-image--responsive--desktop\":\"https:\\\/\\\/www.vignevin.com\\\/wp-content\\\/uploads\\\/2019\\\/02\\\/Sympt\u00f4mes-d\u00e9rinose-galles-sur-feuilles-scaled.jpg\",\"et-pb-image--responsive--tablet\":\"https:\\\/\\\/www.vignevin.com\\\/wp-content\\\/uploads\\\/2019\\\/02\\\/Sympt\u00f4mes-d\u00e9rinose-galles-sur-feuilles-scaled.jpg\",\"et-pb-image--responsive--phone\":\"https:\\\/\\\/www.vignevin.com\\\/wp-content\\\/uploads\\\/2019\\\/02\\\/Sympt\u00f4mes-d\u00e9rinose-galles-sur-feuilles-scaled.jpg\",\"gform-image-choice-sm\":\"https:\\\/\\\/www.vignevin.com\\\/wp-content\\\/uploads\\\/2019\\\/02\\\/Sympt\u00f4mes-d\u00e9rinose-galles-sur-feuilles-scaled.jpg\",\"gform-image-choice-md\":\"https:\\\/\\\/www.vignevin.com\\\/wp-content\\\/uploads\\\/2019\\\/02\\\/Sympt\u00f4mes-d\u00e9rinose-galles-sur-feuilles-scaled.jpg\",\"gform-image-choice-lg\":\"https:\\\/\\\/www.vignevin.com\\\/wp-content\\\/uploads\\\/2019\\\/02\\\/Sympt\u00f4mes-d\u00e9rinose-galles-sur-feuilles-scaled.jpg\",\"woocommerce_thumbnail\":\"https:\\\/\\\/www.vignevin.com\\\/wp-content\\\/uploads\\\/2019\\\/02\\\/Sympt\u00f4mes-d\u00e9rinose-galles-sur-feuilles-scaled-300x300.jpg\",\"woocommerce_single\":\"https:\\\/\\\/www.vignevin.com\\\/wp-content\\\/uploads\\\/2019\\\/02\\\/Sympt\u00f4mes-d\u00e9rinose-galles-sur-feuilles-scaled-600x450.jpg\",\"woocommerce_gallery_thumbnail\":\"https:\\\/\\\/www.vignevin.com\\\/wp-content\\\/uploads\\\/2019\\\/02\\\/Sympt\u00f4mes-d\u00e9rinose-galles-sur-feuilles-scaled-100x100.jpg\",\"full\":\"https:\\\/\\\/www.vignevin.com\\\/wp-content\\\/uploads\\\/2019\\\/02\\\/Sympt\u00f4mes-d\u00e9rinose-galles-sur-feuilles-scaled.jpg\",\"index\":16,\"id\":10053,\"video\":false,\"opts\":{\"caption\":\"\",\"thumb\":\"https:\\\/\\\/www.vignevin.com\\\/wp-content\\\/uploads\\\/2019\\\/02\\\/Sympt\u00f4mes-d\u00e9rinose-galles-sur-feuilles-scaled-75x50_c.jpg\",\"title\":\"Sympt&amp;ocirc;mes d&amp;amp;rsquo;&amp;eacute;rinose galles sur feuilles\"},\"gallery_id\":17408,\"gallery_title\":\"Grapevines Pests\"},\"10054\":{\"status\":\"active\",\"src\":\"https:\\\/\\\/www.vignevin.com\\\/wp-content\\\/uploads\\\/2019\\\/02\\\/Xiphinema-index.tif\",\"title\":\"Xiphinema index\",\"link\":\"https:\\\/\\\/www.vignevin.com\\\/wp-content\\\/uploads\\\/2019\\\/02\\\/Xiphinema-index.tif\",\"alt\":\"\",\"caption\":false,\"thumb\":\"https:\\\/\\\/www.vignevin.com\\\/wp-content\\\/uploads\\\/2019\\\/02\\\/Xiphinema-index-75x50_c.tif\",\"thumbnail\":\"https:\\\/\\\/www.vignevin.com\\\/wp-content\\\/uploads\\\/2019\\\/02\\\/Xiphinema-index.tif\",\"medium\":\"https:\\\/\\\/www.vignevin.com\\\/wp-content\\\/uploads\\\/2019\\\/02\\\/Xiphinema-index.tif\",\"medium_large\":\"https:\\\/\\\/www.vignevin.com\\\/wp-content\\\/uploads\\\/2019\\\/02\\\/Xiphinema-index.tif\",\"large\":\"https:\\\/\\\/www.vignevin.com\\\/wp-content\\\/uploads\\\/2019\\\/02\\\/Xiphinema-index.tif\",\"1536x1536\":\"https:\\\/\\\/www.vignevin.com\\\/wp-content\\\/uploads\\\/2019\\\/02\\\/Xiphinema-index.tif\",\"2048x2048\":\"https:\\\/\\\/www.vignevin.com\\\/wp-content\\\/uploads\\\/2019\\\/02\\\/Xiphinema-index.tif\",\"et-pb-post-main-image\":\"https:\\\/\\\/www.vignevin.com\\\/wp-content\\\/uploads\\\/2019\\\/02\\\/Xiphinema-index.tif\",\"et-pb-post-main-image-fullwidth\":\"https:\\\/\\\/www.vignevin.com\\\/wp-content\\\/uploads\\\/2019\\\/02\\\/Xiphinema-index.tif\",\"et-pb-portfolio-image\":\"https:\\\/\\\/www.vignevin.com\\\/wp-content\\\/uploads\\\/2019\\\/02\\\/Xiphinema-index.tif\",\"et-pb-portfolio-module-image\":\"https:\\\/\\\/www.vignevin.com\\\/wp-content\\\/uploads\\\/2019\\\/02\\\/Xiphinema-index.tif\",\"et-pb-portfolio-image-single\":\"https:\\\/\\\/www.vignevin.com\\\/wp-content\\\/uploads\\\/2019\\\/02\\\/Xiphinema-index.tif\",\"et-pb-gallery-module-image-portrait\":\"https:\\\/\\\/www.vignevin.com\\\/wp-content\\\/uploads\\\/2019\\\/02\\\/Xiphinema-index.tif\",\"et-pb-post-main-image-fullwidth-large\":\"https:\\\/\\\/www.vignevin.com\\\/wp-content\\\/uploads\\\/2019\\\/02\\\/Xiphinema-index.tif\",\"et-pb-image--responsive--desktop\":\"https:\\\/\\\/www.vignevin.com\\\/wp-content\\\/uploads\\\/2019\\\/02\\\/Xiphinema-index.tif\",\"et-pb-image--responsive--tablet\":\"https:\\\/\\\/www.vignevin.com\\\/wp-content\\\/uploads\\\/2019\\\/02\\\/Xiphinema-index.tif\",\"et-pb-image--responsive--phone\":\"https:\\\/\\\/www.vignevin.com\\\/wp-content\\\/uploads\\\/2019\\\/02\\\/Xiphinema-index.tif\",\"gform-image-choice-sm\":\"https:\\\/\\\/www.vignevin.com\\\/wp-content\\\/uploads\\\/2019\\\/02\\\/Xiphinema-index.tif\",\"gform-image-choice-md\":\"https:\\\/\\\/www.vignevin.com\\\/wp-content\\\/uploads\\\/2019\\\/02\\\/Xiphinema-index.tif\",\"gform-image-choice-lg\":\"https:\\\/\\\/www.vignevin.com\\\/wp-content\\\/uploads\\\/2019\\\/02\\\/Xiphinema-index.tif\",\"woocommerce_thumbnail\":\"https:\\\/\\\/www.vignevin.com\\\/wp-content\\\/uploads\\\/2019\\\/02\\\/Xiphinema-index.tif\",\"woocommerce_single\":\"https:\\\/\\\/www.vignevin.com\\\/wp-content\\\/uploads\\\/2019\\\/02\\\/Xiphinema-index.tif\",\"woocommerce_gallery_thumbnail\":\"https:\\\/\\\/www.vignevin.com\\\/wp-content\\\/uploads\\\/2019\\\/02\\\/Xiphinema-index.tif\",\"full\":\"https:\\\/\\\/www.vignevin.com\\\/wp-content\\\/uploads\\\/2019\\\/02\\\/Xiphinema-index.tif\",\"index\":17,\"id\":10054,\"video\":false,\"opts\":{\"caption\":\"\",\"thumb\":\"https:\\\/\\\/www.vignevin.com\\\/wp-content\\\/uploads\\\/2019\\\/02\\\/Xiphinema-index-75x50_c.tif\",\"title\":\"Xiphinema index\"},\"gallery_id\":17408,\"gallery_title\":\"Grapevines Pests\"}}'  data-gallery-sort-ids='[6934,6931,6932,6933,10041,10042,10043,10044,10045,10046,10047,10048,10049,10050,10051,10052,10053,10054]'  class=\"envira-album-gallery-17408 \" title=\"Grapevines Pests\" ><div class=\"envira-lazy\" style=\"padding-bottom:66.666666666667%;\"><img loading=\"lazy\" decoding=\"async\" id=\"envira-gallery-image-17408\" class=\"envira-gallery-image envira-gallery-image-1\" data-envira-index=\"1\" src=\"https:\/\/www.vignevin.com\/wp-content\/uploads\/2019\/02\/Acarien_rouge-600x400_c.jpg\" width=\"600\" height=\"400\" data-envira-src=\"https:\/\/www.vignevin.com\/wp-content\/uploads\/2019\/02\/Acarien_rouge-600x400_c.jpg\" data-envira-album-id=\"17390\" data-envira-gallery-id=\"17408\" data-envira-item-id=\"17408\" data-caption=\"Grapevines Pests\" alt=\"\" title=\"Grapevines Pests\"  data-envira-srcset=\"https:\/\/www.vignevin.com\/wp-content\/uploads\/2019\/02\/Acarien_rouge-600x400_c.jpg 400w,https:\/\/www.vignevin.com\/wp-content\/uploads\/2019\/02\/Acarien_rouge-600x400_c.jpg 2x\" srcset=\"data:image\/gif;base64,R0lGODlhAQABAIAAAP\/\/\/\/\/\/\/yH5BAEKAAEALAAAAAABAAEAAAICTAEAOw==\" \/><\/div><\/a><div class=\"envira-album-title\">Grapevines Pests<\/div><\/div><\/div><div id=\"envira-gallery-item-17410\" class=\"envira-gallery-item enviratope-item envira-gallery-item-2\" style=\"padding-left: 5px; padding-bottom: 10px; padding-right: 5px;\" ><div class=\"envira-gallery-item-inner\"><div class=\"envira-gallery-position-overlay  envira-gallery-top-left\"><\/div><div class=\"envira-gallery-position-overlay  envira-gallery-top-right\"><\/div><div class=\"envira-gallery-position-overlay  envira-gallery-bottom-left\"><\/div><div class=\"envira-gallery-position-overlay  envira-gallery-bottom-right\"><\/div><a href=\"https:\/\/www.vignevin.com\/en\/galerie\/maladies\/\" data-gallery-images='{\"6928\":{\"status\":\"active\",\"src\":\"https:\\\/\\\/www.vignevin.com\\\/wp-content\\\/uploads\\\/2019\\\/02\\\/Court_Nou\u00e9_1272-scaled.jpg\",\"title\":\"court-nou&amp;eacute; : sympt&amp;ocirc;mes ring spot\",\"link\":\"https:\\\/\\\/www.vignevin.com\\\/https:\\\/\\\/www.vignevin.com\\\/https:\\\/\\\/www.vignevin.com\\\/https:\\\/\\\/www.vignevin.com\\\/wp-content\\\/uploads\\\/2019\\\/02\\\/Court_Nou\u00e9_1272.jpg\",\"alt\":\"\",\"caption\":false,\"thumb\":\"https:\\\/\\\/www.vignevin.com\\\/wp-content\\\/uploads\\\/2019\\\/02\\\/Court_Nou\u00e9_1272-scaled-75x50_c.jpg\",\"meta\":{\"aperture\":null,\"credit\":\"Mackiewicz P.\",\"camera\":null,\"caption\":\"court-nou\u00e9 : sympt\u00f4mes ring spot\",\"created_timestamp\":null,\"copyright\":\"IFV\",\"focal_length\":null,\"iso\":null,\"shutter_speed\":null,\"title\":\"court-nou\u00e9 : sympt\u00f4mes ring spot\",\"orientation\":\"1\",\"keywords\":null},\"thumbnail\":\"https:\\\/\\\/www.vignevin.com\\\/wp-content\\\/uploads\\\/2019\\\/02\\\/Court_Nou\u00e9_1272-150x150.jpg\",\"medium\":\"https:\\\/\\\/www.vignevin.com\\\/wp-content\\\/uploads\\\/2019\\\/02\\\/Court_Nou\u00e9_1272-300x196.jpg\",\"medium_large\":\"https:\\\/\\\/www.vignevin.com\\\/wp-content\\\/uploads\\\/2019\\\/02\\\/Court_Nou\u00e9_1272-768x501.jpg\",\"large\":\"https:\\\/\\\/www.vignevin.com\\\/wp-content\\\/uploads\\\/2019\\\/02\\\/Court_Nou\u00e9_1272-1024x668.jpg\",\"1536x1536\":\"https:\\\/\\\/www.vignevin.com\\\/wp-content\\\/uploads\\\/2019\\\/02\\\/Court_Nou\u00e9_1272-scaled.jpg\",\"2048x2048\":\"https:\\\/\\\/www.vignevin.com\\\/wp-content\\\/uploads\\\/2019\\\/02\\\/Court_Nou\u00e9_1272-scaled.jpg\",\"et-pb-post-main-image\":\"https:\\\/\\\/www.vignevin.com\\\/wp-content\\\/uploads\\\/2019\\\/02\\\/Court_Nou\u00e9_1272-400x250.jpg\",\"et-pb-post-main-image-fullwidth\":\"https:\\\/\\\/www.vignevin.com\\\/wp-content\\\/uploads\\\/2019\\\/02\\\/Court_Nou\u00e9_1272-1080x675.jpg\",\"et-pb-portfolio-image\":\"https:\\\/\\\/www.vignevin.com\\\/wp-content\\\/uploads\\\/2019\\\/02\\\/Court_Nou\u00e9_1272-400x284.jpg\",\"et-pb-portfolio-module-image\":\"https:\\\/\\\/www.vignevin.com\\\/wp-content\\\/uploads\\\/2019\\\/02\\\/Court_Nou\u00e9_1272-510x382.jpg\",\"et-pb-portfolio-image-single\":\"https:\\\/\\\/www.vignevin.com\\\/wp-content\\\/uploads\\\/2019\\\/02\\\/Court_Nou\u00e9_1272-1080x705.jpg\",\"et-pb-gallery-module-image-portrait\":\"https:\\\/\\\/www.vignevin.com\\\/wp-content\\\/uploads\\\/2019\\\/02\\\/Court_Nou\u00e9_1272-400x516.jpg\",\"et-pb-post-main-image-fullwidth-large\":\"https:\\\/\\\/www.vignevin.com\\\/wp-content\\\/uploads\\\/2019\\\/02\\\/Court_Nou\u00e9_1272-2880x1800.jpg\",\"et-pb-image--responsive--desktop\":\"https:\\\/\\\/www.vignevin.com\\\/wp-content\\\/uploads\\\/2019\\\/02\\\/Court_Nou\u00e9_1272-scaled.jpg\",\"et-pb-image--responsive--tablet\":\"https:\\\/\\\/www.vignevin.com\\\/wp-content\\\/uploads\\\/2019\\\/02\\\/Court_Nou\u00e9_1272-scaled.jpg\",\"et-pb-image--responsive--phone\":\"https:\\\/\\\/www.vignevin.com\\\/wp-content\\\/uploads\\\/2019\\\/02\\\/Court_Nou\u00e9_1272-scaled.jpg\",\"gform-image-choice-sm\":\"https:\\\/\\\/www.vignevin.com\\\/wp-content\\\/uploads\\\/2019\\\/02\\\/Court_Nou\u00e9_1272-scaled.jpg\",\"gform-image-choice-md\":\"https:\\\/\\\/www.vignevin.com\\\/wp-content\\\/uploads\\\/2019\\\/02\\\/Court_Nou\u00e9_1272-scaled.jpg\",\"gform-image-choice-lg\":\"https:\\\/\\\/www.vignevin.com\\\/wp-content\\\/uploads\\\/2019\\\/02\\\/Court_Nou\u00e9_1272-scaled.jpg\",\"woocommerce_thumbnail\":\"https:\\\/\\\/www.vignevin.com\\\/wp-content\\\/uploads\\\/2019\\\/02\\\/Court_Nou\u00e9_1272-scaled-300x300.jpg\",\"woocommerce_single\":\"https:\\\/\\\/www.vignevin.com\\\/wp-content\\\/uploads\\\/2019\\\/02\\\/Court_Nou\u00e9_1272-scaled-600x392.jpg\",\"woocommerce_gallery_thumbnail\":\"https:\\\/\\\/www.vignevin.com\\\/wp-content\\\/uploads\\\/2019\\\/02\\\/Court_Nou\u00e9_1272-scaled-100x100.jpg\",\"full\":\"https:\\\/\\\/www.vignevin.com\\\/wp-content\\\/uploads\\\/2019\\\/02\\\/Court_Nou\u00e9_1272-scaled.jpg\",\"index\":0,\"id\":6928,\"video\":false,\"opts\":{\"caption\":\"\",\"thumb\":\"https:\\\/\\\/www.vignevin.com\\\/wp-content\\\/uploads\\\/2019\\\/02\\\/Court_Nou\u00e9_1272-scaled-75x50_c.jpg\",\"title\":\"court-nou&amp;eacute; : sympt&amp;ocirc;mes ring spot\"},\"gallery_id\":17410,\"gallery_title\":\"Grapevines virus\"},\"6927\":{\"status\":\"active\",\"src\":\"https:\\\/\\\/www.vignevin.com\\\/wp-content\\\/uploads\\\/2019\\\/02\\\/Court_Nou\u00e9-scaled.jpg\",\"title\":\"court nou&amp;eacute; : sympt&amp;ocirc;me de panachure (GFLV, AMV)\",\"link\":\"https:\\\/\\\/www.vignevin.com\\\/https:\\\/\\\/www.vignevin.com\\\/https:\\\/\\\/www.vignevin.com\\\/https:\\\/\\\/www.vignevin.com\\\/wp-content\\\/uploads\\\/2019\\\/02\\\/Court_Nou\u00e9.jpg\",\"alt\":\"\",\"caption\":false,\"thumb\":\"https:\\\/\\\/www.vignevin.com\\\/wp-content\\\/uploads\\\/2019\\\/02\\\/Court_Nou\u00e9-scaled-75x50_c.jpg\",\"meta\":{\"aperture\":null,\"credit\":\"Cuinier C.\",\"camera\":null,\"caption\":\"court nou\u00e9 : sympt\u00f4me de panachure (GFLV, AMV)\",\"created_timestamp\":null,\"copyright\":\"IFV\",\"focal_length\":null,\"iso\":null,\"shutter_speed\":null,\"title\":\"court nou\u00e9 : sympt\u00f4me de panachure (GFLV, AMV)\",\"orientation\":\"1\",\"keywords\":null},\"thumbnail\":\"https:\\\/\\\/www.vignevin.com\\\/wp-content\\\/uploads\\\/2019\\\/02\\\/Court_Nou\u00e9-150x150.jpg\",\"medium\":\"https:\\\/\\\/www.vignevin.com\\\/wp-content\\\/uploads\\\/2019\\\/02\\\/Court_Nou\u00e9-300x196.jpg\",\"medium_large\":\"https:\\\/\\\/www.vignevin.com\\\/wp-content\\\/uploads\\\/2019\\\/02\\\/Court_Nou\u00e9-768x501.jpg\",\"large\":\"https:\\\/\\\/www.vignevin.com\\\/wp-content\\\/uploads\\\/2019\\\/02\\\/Court_Nou\u00e9-1024x668.jpg\",\"1536x1536\":\"https:\\\/\\\/www.vignevin.com\\\/wp-content\\\/uploads\\\/2019\\\/02\\\/Court_Nou\u00e9-scaled.jpg\",\"2048x2048\":\"https:\\\/\\\/www.vignevin.com\\\/wp-content\\\/uploads\\\/2019\\\/02\\\/Court_Nou\u00e9-scaled.jpg\",\"et-pb-post-main-image\":\"https:\\\/\\\/www.vignevin.com\\\/wp-content\\\/uploads\\\/2019\\\/02\\\/Court_Nou\u00e9-400x250.jpg\",\"et-pb-post-main-image-fullwidth\":\"https:\\\/\\\/www.vignevin.com\\\/wp-content\\\/uploads\\\/2019\\\/02\\\/Court_Nou\u00e9-1080x675.jpg\",\"et-pb-portfolio-image\":\"https:\\\/\\\/www.vignevin.com\\\/wp-content\\\/uploads\\\/2019\\\/02\\\/Court_Nou\u00e9-400x284.jpg\",\"et-pb-portfolio-module-image\":\"https:\\\/\\\/www.vignevin.com\\\/wp-content\\\/uploads\\\/2019\\\/02\\\/Court_Nou\u00e9-510x382.jpg\",\"et-pb-portfolio-image-single\":\"https:\\\/\\\/www.vignevin.com\\\/wp-content\\\/uploads\\\/2019\\\/02\\\/Court_Nou\u00e9-1080x705.jpg\",\"et-pb-gallery-module-image-portrait\":\"https:\\\/\\\/www.vignevin.com\\\/wp-content\\\/uploads\\\/2019\\\/02\\\/Court_Nou\u00e9-400x516.jpg\",\"et-pb-post-main-image-fullwidth-large\":\"https:\\\/\\\/www.vignevin.com\\\/wp-content\\\/uploads\\\/2019\\\/02\\\/Court_Nou\u00e9-2880x1800.jpg\",\"et-pb-image--responsive--desktop\":\"https:\\\/\\\/www.vignevin.com\\\/wp-content\\\/uploads\\\/2019\\\/02\\\/Court_Nou\u00e9-scaled.jpg\",\"et-pb-image--responsive--tablet\":\"https:\\\/\\\/www.vignevin.com\\\/wp-content\\\/uploads\\\/2019\\\/02\\\/Court_Nou\u00e9-scaled.jpg\",\"et-pb-image--responsive--phone\":\"https:\\\/\\\/www.vignevin.com\\\/wp-content\\\/uploads\\\/2019\\\/02\\\/Court_Nou\u00e9-scaled.jpg\",\"gform-image-choice-sm\":\"https:\\\/\\\/www.vignevin.com\\\/wp-content\\\/uploads\\\/2019\\\/02\\\/Court_Nou\u00e9-scaled.jpg\",\"gform-image-choice-md\":\"https:\\\/\\\/www.vignevin.com\\\/wp-content\\\/uploads\\\/2019\\\/02\\\/Court_Nou\u00e9-scaled.jpg\",\"gform-image-choice-lg\":\"https:\\\/\\\/www.vignevin.com\\\/wp-content\\\/uploads\\\/2019\\\/02\\\/Court_Nou\u00e9-scaled.jpg\",\"woocommerce_thumbnail\":\"https:\\\/\\\/www.vignevin.com\\\/wp-content\\\/uploads\\\/2019\\\/02\\\/Court_Nou\u00e9-scaled-300x300.jpg\",\"woocommerce_single\":\"https:\\\/\\\/www.vignevin.com\\\/wp-content\\\/uploads\\\/2019\\\/02\\\/Court_Nou\u00e9-scaled-600x392.jpg\",\"woocommerce_gallery_thumbnail\":\"https:\\\/\\\/www.vignevin.com\\\/wp-content\\\/uploads\\\/2019\\\/02\\\/Court_Nou\u00e9-scaled-100x100.jpg\",\"full\":\"https:\\\/\\\/www.vignevin.com\\\/wp-content\\\/uploads\\\/2019\\\/02\\\/Court_Nou\u00e9-scaled.jpg\",\"index\":1,\"id\":6927,\"video\":false,\"opts\":{\"caption\":\"\",\"thumb\":\"https:\\\/\\\/www.vignevin.com\\\/wp-content\\\/uploads\\\/2019\\\/02\\\/Court_Nou\u00e9-scaled-75x50_c.jpg\",\"title\":\"court nou&amp;eacute; : sympt&amp;ocirc;me de panachure (GFLV, AMV)\"},\"gallery_id\":17410,\"gallery_title\":\"Grapevines virus\"},\"6929\":{\"status\":\"active\",\"src\":\"https:\\\/\\\/www.vignevin.com\\\/wp-content\\\/uploads\\\/2019\\\/02\\\/Enroulement-scaled.jpg\",\"title\":\"enroulement (GLRV)\",\"link\":\"https:\\\/\\\/www.vignevin.com\\\/wp-content\\\/uploads\\\/2019\\\/02\\\/Enroulement.jpg\",\"alt\":\"\",\"caption\":false,\"thumb\":\"https:\\\/\\\/www.vignevin.com\\\/wp-content\\\/uploads\\\/2019\\\/02\\\/Enroulement-scaled-75x50_c.jpg\",\"meta\":{\"aperture\":null,\"credit\":\"Mackiewicz P.\",\"camera\":null,\"caption\":\"enroulement (GLRV)\",\"created_timestamp\":null,\"copyright\":\"IFV\",\"focal_length\":null,\"iso\":null,\"shutter_speed\":null,\"title\":\"enroulement (GLRV)\",\"orientation\":\"1\",\"keywords\":null},\"thumbnail\":\"https:\\\/\\\/www.vignevin.com\\\/wp-content\\\/uploads\\\/2019\\\/02\\\/Enroulement-150x150.jpg\",\"medium\":\"https:\\\/\\\/www.vignevin.com\\\/wp-content\\\/uploads\\\/2019\\\/02\\\/Enroulement-300x196.jpg\",\"medium_large\":\"https:\\\/\\\/www.vignevin.com\\\/wp-content\\\/uploads\\\/2019\\\/02\\\/Enroulement-768x501.jpg\",\"large\":\"https:\\\/\\\/www.vignevin.com\\\/wp-content\\\/uploads\\\/2019\\\/02\\\/Enroulement-1024x668.jpg\",\"1536x1536\":\"https:\\\/\\\/www.vignevin.com\\\/wp-content\\\/uploads\\\/2019\\\/02\\\/Enroulement-scaled.jpg\",\"2048x2048\":\"https:\\\/\\\/www.vignevin.com\\\/wp-content\\\/uploads\\\/2019\\\/02\\\/Enroulement-scaled.jpg\",\"et-pb-post-main-image\":\"https:\\\/\\\/www.vignevin.com\\\/wp-content\\\/uploads\\\/2019\\\/02\\\/Enroulement-400x250.jpg\",\"et-pb-post-main-image-fullwidth\":\"https:\\\/\\\/www.vignevin.com\\\/wp-content\\\/uploads\\\/2019\\\/02\\\/Enroulement-1080x675.jpg\",\"et-pb-portfolio-image\":\"https:\\\/\\\/www.vignevin.com\\\/wp-content\\\/uploads\\\/2019\\\/02\\\/Enroulement-400x284.jpg\",\"et-pb-portfolio-module-image\":\"https:\\\/\\\/www.vignevin.com\\\/wp-content\\\/uploads\\\/2019\\\/02\\\/Enroulement-510x382.jpg\",\"et-pb-portfolio-image-single\":\"https:\\\/\\\/www.vignevin.com\\\/wp-content\\\/uploads\\\/2019\\\/02\\\/Enroulement-1080x705.jpg\",\"et-pb-gallery-module-image-portrait\":\"https:\\\/\\\/www.vignevin.com\\\/wp-content\\\/uploads\\\/2019\\\/02\\\/Enroulement-400x516.jpg\",\"et-pb-post-main-image-fullwidth-large\":\"https:\\\/\\\/www.vignevin.com\\\/wp-content\\\/uploads\\\/2019\\\/02\\\/Enroulement-2880x1800.jpg\",\"et-pb-image--responsive--desktop\":\"https:\\\/\\\/www.vignevin.com\\\/wp-content\\\/uploads\\\/2019\\\/02\\\/Enroulement-scaled.jpg\",\"et-pb-image--responsive--tablet\":\"https:\\\/\\\/www.vignevin.com\\\/wp-content\\\/uploads\\\/2019\\\/02\\\/Enroulement-scaled.jpg\",\"et-pb-image--responsive--phone\":\"https:\\\/\\\/www.vignevin.com\\\/wp-content\\\/uploads\\\/2019\\\/02\\\/Enroulement-scaled.jpg\",\"gform-image-choice-sm\":\"https:\\\/\\\/www.vignevin.com\\\/wp-content\\\/uploads\\\/2019\\\/02\\\/Enroulement-scaled.jpg\",\"gform-image-choice-md\":\"https:\\\/\\\/www.vignevin.com\\\/wp-content\\\/uploads\\\/2019\\\/02\\\/Enroulement-scaled.jpg\",\"gform-image-choice-lg\":\"https:\\\/\\\/www.vignevin.com\\\/wp-content\\\/uploads\\\/2019\\\/02\\\/Enroulement-scaled.jpg\",\"woocommerce_thumbnail\":\"https:\\\/\\\/www.vignevin.com\\\/wp-content\\\/uploads\\\/2019\\\/02\\\/Enroulement-scaled-300x300.jpg\",\"woocommerce_single\":\"https:\\\/\\\/www.vignevin.com\\\/wp-content\\\/uploads\\\/2019\\\/02\\\/Enroulement-scaled-600x392.jpg\",\"woocommerce_gallery_thumbnail\":\"https:\\\/\\\/www.vignevin.com\\\/wp-content\\\/uploads\\\/2019\\\/02\\\/Enroulement-scaled-100x100.jpg\",\"full\":\"https:\\\/\\\/www.vignevin.com\\\/wp-content\\\/uploads\\\/2019\\\/02\\\/Enroulement-scaled.jpg\",\"index\":2,\"id\":6929,\"video\":false,\"opts\":{\"caption\":\"\",\"thumb\":\"https:\\\/\\\/www.vignevin.com\\\/wp-content\\\/uploads\\\/2019\\\/02\\\/Enroulement-scaled-75x50_c.jpg\",\"title\":\"enroulement (GLRV)\"},\"gallery_id\":17410,\"gallery_title\":\"Grapevines virus\"},\"6930\":{\"status\":\"active\",\"src\":\"https:\\\/\\\/www.vignevin.com\\\/wp-content\\\/uploads\\\/2019\\\/02\\\/Enroulement1-scaled.jpg\",\"title\":\"enroulement (GLRV)\",\"link\":\"https:\\\/\\\/www.vignevin.com\\\/wp-content\\\/uploads\\\/2019\\\/02\\\/Enroulement1.jpg\",\"alt\":\"\",\"caption\":\"enroulement (GLRV)\",\"thumb\":\"https:\\\/\\\/www.vignevin.com\\\/wp-content\\\/uploads\\\/2019\\\/02\\\/Enroulement1-scaled-75x50_c.jpg\",\"meta\":{\"aperture\":null,\"credit\":\"Mackiewicz P.\",\"camera\":null,\"caption\":\"enroulement (GLRV)\",\"created_timestamp\":null,\"copyright\":\"IFV\",\"focal_length\":null,\"iso\":null,\"shutter_speed\":null,\"title\":\"enroulement (GLRV)\",\"orientation\":\"1\",\"keywords\":null},\"thumbnail\":\"https:\\\/\\\/www.vignevin.com\\\/wp-content\\\/uploads\\\/2019\\\/02\\\/Enroulement1-150x150.jpg\",\"medium\":\"https:\\\/\\\/www.vignevin.com\\\/wp-content\\\/uploads\\\/2019\\\/02\\\/Enroulement1-196x300.jpg\",\"medium_large\":\"https:\\\/\\\/www.vignevin.com\\\/wp-content\\\/uploads\\\/2019\\\/02\\\/Enroulement1-768x1177.jpg\",\"large\":\"https:\\\/\\\/www.vignevin.com\\\/wp-content\\\/uploads\\\/2019\\\/02\\\/Enroulement1-668x1024.jpg\",\"1536x1536\":\"https:\\\/\\\/www.vignevin.com\\\/wp-content\\\/uploads\\\/2019\\\/02\\\/Enroulement1-scaled.jpg\",\"2048x2048\":\"https:\\\/\\\/www.vignevin.com\\\/wp-content\\\/uploads\\\/2019\\\/02\\\/Enroulement1-scaled.jpg\",\"et-pb-post-main-image\":\"https:\\\/\\\/www.vignevin.com\\\/wp-content\\\/uploads\\\/2019\\\/02\\\/Enroulement1-400x250.jpg\",\"et-pb-post-main-image-fullwidth\":\"https:\\\/\\\/www.vignevin.com\\\/wp-content\\\/uploads\\\/2019\\\/02\\\/Enroulement1-1080x675.jpg\",\"et-pb-portfolio-image\":\"https:\\\/\\\/www.vignevin.com\\\/wp-content\\\/uploads\\\/2019\\\/02\\\/Enroulement1-400x284.jpg\",\"et-pb-portfolio-module-image\":\"https:\\\/\\\/www.vignevin.com\\\/wp-content\\\/uploads\\\/2019\\\/02\\\/Enroulement1-510x382.jpg\",\"et-pb-portfolio-image-single\":\"https:\\\/\\\/www.vignevin.com\\\/wp-content\\\/uploads\\\/2019\\\/02\\\/Enroulement1-1080x1655.jpg\",\"et-pb-gallery-module-image-portrait\":\"https:\\\/\\\/www.vignevin.com\\\/wp-content\\\/uploads\\\/2019\\\/02\\\/Enroulement1-400x516.jpg\",\"et-pb-post-main-image-fullwidth-large\":\"https:\\\/\\\/www.vignevin.com\\\/wp-content\\\/uploads\\\/2019\\\/02\\\/Enroulement1-1927x1800.jpg\",\"et-pb-image--responsive--desktop\":\"https:\\\/\\\/www.vignevin.com\\\/wp-content\\\/uploads\\\/2019\\\/02\\\/Enroulement1-scaled.jpg\",\"et-pb-image--responsive--tablet\":\"https:\\\/\\\/www.vignevin.com\\\/wp-content\\\/uploads\\\/2019\\\/02\\\/Enroulement1-scaled.jpg\",\"et-pb-image--responsive--phone\":\"https:\\\/\\\/www.vignevin.com\\\/wp-content\\\/uploads\\\/2019\\\/02\\\/Enroulement1-scaled.jpg\",\"gform-image-choice-sm\":\"https:\\\/\\\/www.vignevin.com\\\/wp-content\\\/uploads\\\/2019\\\/02\\\/Enroulement1-scaled.jpg\",\"gform-image-choice-md\":\"https:\\\/\\\/www.vignevin.com\\\/wp-content\\\/uploads\\\/2019\\\/02\\\/Enroulement1-scaled.jpg\",\"gform-image-choice-lg\":\"https:\\\/\\\/www.vignevin.com\\\/wp-content\\\/uploads\\\/2019\\\/02\\\/Enroulement1-scaled.jpg\",\"woocommerce_thumbnail\":\"https:\\\/\\\/www.vignevin.com\\\/wp-content\\\/uploads\\\/2019\\\/02\\\/Enroulement1-scaled-300x300.jpg\",\"woocommerce_single\":\"https:\\\/\\\/www.vignevin.com\\\/wp-content\\\/uploads\\\/2019\\\/02\\\/Enroulement1-scaled-600x919.jpg\",\"woocommerce_gallery_thumbnail\":\"https:\\\/\\\/www.vignevin.com\\\/wp-content\\\/uploads\\\/2019\\\/02\\\/Enroulement1-scaled-100x100.jpg\",\"full\":\"https:\\\/\\\/www.vignevin.com\\\/wp-content\\\/uploads\\\/2019\\\/02\\\/Enroulement1-scaled.jpg\",\"index\":3,\"id\":6930,\"video\":false,\"opts\":{\"caption\":\"enroulement (GLRV)\",\"thumb\":\"https:\\\/\\\/www.vignevin.com\\\/wp-content\\\/uploads\\\/2019\\\/02\\\/Enroulement1-scaled-75x50_c.jpg\",\"title\":\"enroulement (GLRV)\"},\"gallery_id\":17410,\"gallery_title\":\"Grapevines virus\"},\"9942\":{\"status\":\"active\",\"src\":\"https:\\\/\\\/www.vignevin.com\\\/wp-content\\\/uploads\\\/2019\\\/02\\\/Pulvinaria-vitis.jpg\",\"title\":\"Pulvinaria vitis\",\"link\":\"https:\\\/\\\/www.vignevin.com\\\/wp-content\\\/uploads\\\/2019\\\/02\\\/Pulvinaria-vitis.jpg\",\"alt\":\"\",\"caption\":false,\"thumb\":\"https:\\\/\\\/www.vignevin.com\\\/wp-content\\\/uploads\\\/2019\\\/02\\\/Pulvinaria-vitis-75x50_c.jpg\",\"meta\":{\"aperture\":null,\"credit\":null,\"camera\":null,\"caption\":\"\",\"created_timestamp\":null,\"copyright\":null,\"focal_length\":null,\"iso\":null,\"shutter_speed\":null,\"title\":\"\",\"orientation\":null,\"keywords\":null},\"thumbnail\":\"https:\\\/\\\/www.vignevin.com\\\/wp-content\\\/uploads\\\/2019\\\/02\\\/Pulvinaria-vitis-150x150.jpg\",\"medium\":\"https:\\\/\\\/www.vignevin.com\\\/wp-content\\\/uploads\\\/2019\\\/02\\\/Pulvinaria-vitis-300x181.jpg\",\"medium_large\":\"https:\\\/\\\/www.vignevin.com\\\/wp-content\\\/uploads\\\/2019\\\/02\\\/Pulvinaria-vitis.jpg\",\"large\":\"https:\\\/\\\/www.vignevin.com\\\/wp-content\\\/uploads\\\/2019\\\/02\\\/Pulvinaria-vitis.jpg\",\"1536x1536\":\"https:\\\/\\\/www.vignevin.com\\\/wp-content\\\/uploads\\\/2019\\\/02\\\/Pulvinaria-vitis.jpg\",\"2048x2048\":\"https:\\\/\\\/www.vignevin.com\\\/wp-content\\\/uploads\\\/2019\\\/02\\\/Pulvinaria-vitis.jpg\",\"et-pb-post-main-image\":\"https:\\\/\\\/www.vignevin.com\\\/wp-content\\\/uploads\\\/2019\\\/02\\\/Pulvinaria-vitis-400x250.jpg\",\"et-pb-post-main-image-fullwidth\":\"https:\\\/\\\/www.vignevin.com\\\/wp-content\\\/uploads\\\/2019\\\/02\\\/Pulvinaria-vitis.jpg\",\"et-pb-portfolio-image\":\"https:\\\/\\\/www.vignevin.com\\\/wp-content\\\/uploads\\\/2019\\\/02\\\/Pulvinaria-vitis-400x275.jpg\",\"et-pb-portfolio-module-image\":\"https:\\\/\\\/www.vignevin.com\\\/wp-content\\\/uploads\\\/2019\\\/02\\\/Pulvinaria-vitis.jpg\",\"et-pb-portfolio-image-single\":\"https:\\\/\\\/www.vignevin.com\\\/wp-content\\\/uploads\\\/2019\\\/02\\\/Pulvinaria-vitis.jpg\",\"et-pb-gallery-module-image-portrait\":\"https:\\\/\\\/www.vignevin.com\\\/wp-content\\\/uploads\\\/2019\\\/02\\\/Pulvinaria-vitis-400x275.jpg\",\"et-pb-post-main-image-fullwidth-large\":\"https:\\\/\\\/www.vignevin.com\\\/wp-content\\\/uploads\\\/2019\\\/02\\\/Pulvinaria-vitis.jpg\",\"et-pb-image--responsive--desktop\":\"https:\\\/\\\/www.vignevin.com\\\/wp-content\\\/uploads\\\/2019\\\/02\\\/Pulvinaria-vitis.jpg\",\"et-pb-image--responsive--tablet\":\"https:\\\/\\\/www.vignevin.com\\\/wp-content\\\/uploads\\\/2019\\\/02\\\/Pulvinaria-vitis.jpg\",\"et-pb-image--responsive--phone\":\"https:\\\/\\\/www.vignevin.com\\\/wp-content\\\/uploads\\\/2019\\\/02\\\/Pulvinaria-vitis.jpg\",\"gform-image-choice-sm\":\"https:\\\/\\\/www.vignevin.com\\\/wp-content\\\/uploads\\\/2019\\\/02\\\/Pulvinaria-vitis.jpg\",\"gform-image-choice-md\":\"https:\\\/\\\/www.vignevin.com\\\/wp-content\\\/uploads\\\/2019\\\/02\\\/Pulvinaria-vitis.jpg\",\"gform-image-choice-lg\":\"https:\\\/\\\/www.vignevin.com\\\/wp-content\\\/uploads\\\/2019\\\/02\\\/Pulvinaria-vitis.jpg\",\"woocommerce_thumbnail\":\"https:\\\/\\\/www.vignevin.com\\\/wp-content\\\/uploads\\\/2019\\\/02\\\/Pulvinaria-vitis-300x275.jpg\",\"woocommerce_single\":\"https:\\\/\\\/www.vignevin.com\\\/wp-content\\\/uploads\\\/2019\\\/02\\\/Pulvinaria-vitis.jpg\",\"woocommerce_gallery_thumbnail\":\"https:\\\/\\\/www.vignevin.com\\\/wp-content\\\/uploads\\\/2019\\\/02\\\/Pulvinaria-vitis-100x100.jpg\",\"full\":\"https:\\\/\\\/www.vignevin.com\\\/wp-content\\\/uploads\\\/2019\\\/02\\\/Pulvinaria-vitis.jpg\",\"index\":4,\"id\":9942,\"video\":false,\"opts\":{\"caption\":\"\",\"thumb\":\"https:\\\/\\\/www.vignevin.com\\\/wp-content\\\/uploads\\\/2019\\\/02\\\/Pulvinaria-vitis-75x50_c.jpg\",\"title\":\"Pulvinaria vitis\"},\"gallery_id\":17410,\"gallery_title\":\"Grapevines virus\"},\"9943\":{\"status\":\"active\",\"src\":\"https:\\\/\\\/www.vignevin.com\\\/wp-content\\\/uploads\\\/2019\\\/02\\\/Ronds-de-court-nou\u00e9-dans-le-vignoble-de-Champagne.jpg\",\"title\":\"Ronds de court-nou&amp;eacute; dans le vignoble de Champagne\",\"link\":\"https:\\\/\\\/www.vignevin.com\\\/wp-content\\\/uploads\\\/2019\\\/02\\\/Ronds-de-court-nou\u00e9-dans-le-vignoble-de-Champagne.jpg\",\"alt\":\"\",\"caption\":false,\"thumb\":\"https:\\\/\\\/www.vignevin.com\\\/wp-content\\\/uploads\\\/2019\\\/02\\\/Ronds-de-court-nou\u00e9-dans-le-vignoble-de-Champagne-75x50_c.jpg\",\"meta\":{\"aperture\":\"4.2\",\"credit\":null,\"camera\":\"DMC-TZ10\",\"caption\":\"\",\"created_timestamp\":\"1307384902\",\"copyright\":null,\"focal_length\":\"13.7\",\"iso\":\"80\",\"shutter_speed\":\"0.00625\",\"title\":\"\",\"orientation\":\"1\",\"keywords\":null},\"thumbnail\":\"https:\\\/\\\/www.vignevin.com\\\/wp-content\\\/uploads\\\/2019\\\/02\\\/Ronds-de-court-nou\u00e9-dans-le-vignoble-de-Champagne-150x150.jpg\",\"medium\":\"https:\\\/\\\/www.vignevin.com\\\/wp-content\\\/uploads\\\/2019\\\/02\\\/Ronds-de-court-nou\u00e9-dans-le-vignoble-de-Champagne-300x225.jpg\",\"medium_large\":\"https:\\\/\\\/www.vignevin.com\\\/wp-content\\\/uploads\\\/2019\\\/02\\\/Ronds-de-court-nou\u00e9-dans-le-vignoble-de-Champagne-768x576.jpg\",\"large\":\"https:\\\/\\\/www.vignevin.com\\\/wp-content\\\/uploads\\\/2019\\\/02\\\/Ronds-de-court-nou\u00e9-dans-le-vignoble-de-Champagne-1024x768.jpg\",\"1536x1536\":\"https:\\\/\\\/www.vignevin.com\\\/wp-content\\\/uploads\\\/2019\\\/02\\\/Ronds-de-court-nou\u00e9-dans-le-vignoble-de-Champagne.jpg\",\"2048x2048\":\"https:\\\/\\\/www.vignevin.com\\\/wp-content\\\/uploads\\\/2019\\\/02\\\/Ronds-de-court-nou\u00e9-dans-le-vignoble-de-Champagne.jpg\",\"et-pb-post-main-image\":\"https:\\\/\\\/www.vignevin.com\\\/wp-content\\\/uploads\\\/2019\\\/02\\\/Ronds-de-court-nou\u00e9-dans-le-vignoble-de-Champagne-400x250.jpg\",\"et-pb-post-main-image-fullwidth\":\"https:\\\/\\\/www.vignevin.com\\\/wp-content\\\/uploads\\\/2019\\\/02\\\/Ronds-de-court-nou\u00e9-dans-le-vignoble-de-Champagne-1080x675.jpg\",\"et-pb-portfolio-image\":\"https:\\\/\\\/www.vignevin.com\\\/wp-content\\\/uploads\\\/2019\\\/02\\\/Ronds-de-court-nou\u00e9-dans-le-vignoble-de-Champagne-400x284.jpg\",\"et-pb-portfolio-module-image\":\"https:\\\/\\\/www.vignevin.com\\\/wp-content\\\/uploads\\\/2019\\\/02\\\/Ronds-de-court-nou\u00e9-dans-le-vignoble-de-Champagne-510x382.jpg\",\"et-pb-portfolio-image-single\":\"https:\\\/\\\/www.vignevin.com\\\/wp-content\\\/uploads\\\/2019\\\/02\\\/Ronds-de-court-nou\u00e9-dans-le-vignoble-de-Champagne-1080x810.jpg\",\"et-pb-gallery-module-image-portrait\":\"https:\\\/\\\/www.vignevin.com\\\/wp-content\\\/uploads\\\/2019\\\/02\\\/Ronds-de-court-nou\u00e9-dans-le-vignoble-de-Champagne-400x516.jpg\",\"et-pb-post-main-image-fullwidth-large\":\"https:\\\/\\\/www.vignevin.com\\\/wp-content\\\/uploads\\\/2019\\\/02\\\/Ronds-de-court-nou\u00e9-dans-le-vignoble-de-Champagne-2560x1800.jpg\",\"et-pb-image--responsive--desktop\":\"https:\\\/\\\/www.vignevin.com\\\/wp-content\\\/uploads\\\/2019\\\/02\\\/Ronds-de-court-nou\u00e9-dans-le-vignoble-de-Champagne.jpg\",\"et-pb-image--responsive--tablet\":\"https:\\\/\\\/www.vignevin.com\\\/wp-content\\\/uploads\\\/2019\\\/02\\\/Ronds-de-court-nou\u00e9-dans-le-vignoble-de-Champagne.jpg\",\"et-pb-image--responsive--phone\":\"https:\\\/\\\/www.vignevin.com\\\/wp-content\\\/uploads\\\/2019\\\/02\\\/Ronds-de-court-nou\u00e9-dans-le-vignoble-de-Champagne.jpg\",\"gform-image-choice-sm\":\"https:\\\/\\\/www.vignevin.com\\\/wp-content\\\/uploads\\\/2019\\\/02\\\/Ronds-de-court-nou\u00e9-dans-le-vignoble-de-Champagne.jpg\",\"gform-image-choice-md\":\"https:\\\/\\\/www.vignevin.com\\\/wp-content\\\/uploads\\\/2019\\\/02\\\/Ronds-de-court-nou\u00e9-dans-le-vignoble-de-Champagne.jpg\",\"gform-image-choice-lg\":\"https:\\\/\\\/www.vignevin.com\\\/wp-content\\\/uploads\\\/2019\\\/02\\\/Ronds-de-court-nou\u00e9-dans-le-vignoble-de-Champagne.jpg\",\"woocommerce_thumbnail\":\"https:\\\/\\\/www.vignevin.com\\\/wp-content\\\/uploads\\\/2019\\\/02\\\/Ronds-de-court-nou\u00e9-dans-le-vignoble-de-Champagne-300x300.jpg\",\"woocommerce_single\":\"https:\\\/\\\/www.vignevin.com\\\/wp-content\\\/uploads\\\/2019\\\/02\\\/Ronds-de-court-nou\u00e9-dans-le-vignoble-de-Champagne-600x450.jpg\",\"woocommerce_gallery_thumbnail\":\"https:\\\/\\\/www.vignevin.com\\\/wp-content\\\/uploads\\\/2019\\\/02\\\/Ronds-de-court-nou\u00e9-dans-le-vignoble-de-Champagne-100x100.jpg\",\"full\":\"https:\\\/\\\/www.vignevin.com\\\/wp-content\\\/uploads\\\/2019\\\/02\\\/Ronds-de-court-nou\u00e9-dans-le-vignoble-de-Champagne.jpg\",\"index\":5,\"id\":9943,\"video\":false,\"opts\":{\"caption\":\"\",\"thumb\":\"https:\\\/\\\/www.vignevin.com\\\/wp-content\\\/uploads\\\/2019\\\/02\\\/Ronds-de-court-nou\u00e9-dans-le-vignoble-de-Champagne-75x50_c.jpg\",\"title\":\"Ronds de court-nou&amp;eacute; dans le vignoble de Champagne\"},\"gallery_id\":17410,\"gallery_title\":\"Grapevines virus\"},\"9944\":{\"status\":\"active\",\"src\":\"https:\\\/\\\/www.vignevin.com\\\/wp-content\\\/uploads\\\/2019\\\/02\\\/Sympt\u00f4mes-de-court-nou\u00e9-d\u00e9formation-foliaire-2.jpg\",\"title\":\"Sympt&amp;ocirc;mes de court-nou&amp;eacute; d&amp;eacute;formation foliaire (2)\",\"link\":\"https:\\\/\\\/www.vignevin.com\\\/wp-content\\\/uploads\\\/2019\\\/02\\\/Sympt\u00f4mes-de-court-nou\u00e9-d\u00e9formation-foliaire-2.jpg\",\"alt\":\"\",\"caption\":false,\"thumb\":\"https:\\\/\\\/www.vignevin.com\\\/wp-content\\\/uploads\\\/2019\\\/02\\\/Sympt\u00f4mes-de-court-nou\u00e9-d\u00e9formation-foliaire-2-75x50_c.jpg\",\"meta\":{\"aperture\":\"3.5\",\"credit\":null,\"camera\":\"DMC-TZ10\",\"caption\":\"\",\"created_timestamp\":\"1377621838\",\"copyright\":null,\"focal_length\":\"4.1\",\"iso\":\"80\",\"shutter_speed\":\"0.01\",\"title\":\"\",\"orientation\":\"1\",\"keywords\":null},\"thumbnail\":\"https:\\\/\\\/www.vignevin.com\\\/wp-content\\\/uploads\\\/2019\\\/02\\\/Sympt\u00f4mes-de-court-nou\u00e9-d\u00e9formation-foliaire-2-150x150.jpg\",\"medium\":\"https:\\\/\\\/www.vignevin.com\\\/wp-content\\\/uploads\\\/2019\\\/02\\\/Sympt\u00f4mes-de-court-nou\u00e9-d\u00e9formation-foliaire-2-225x300.jpg\",\"medium_large\":\"https:\\\/\\\/www.vignevin.com\\\/wp-content\\\/uploads\\\/2019\\\/02\\\/Sympt\u00f4mes-de-court-nou\u00e9-d\u00e9formation-foliaire-2-768x1024.jpg\",\"large\":\"https:\\\/\\\/www.vignevin.com\\\/wp-content\\\/uploads\\\/2019\\\/02\\\/Sympt\u00f4mes-de-court-nou\u00e9-d\u00e9formation-foliaire-2-768x1024.jpg\",\"1536x1536\":\"https:\\\/\\\/www.vignevin.com\\\/wp-content\\\/uploads\\\/2019\\\/02\\\/Sympt\u00f4mes-de-court-nou\u00e9-d\u00e9formation-foliaire-2.jpg\",\"2048x2048\":\"https:\\\/\\\/www.vignevin.com\\\/wp-content\\\/uploads\\\/2019\\\/02\\\/Sympt\u00f4mes-de-court-nou\u00e9-d\u00e9formation-foliaire-2.jpg\",\"et-pb-post-main-image\":\"https:\\\/\\\/www.vignevin.com\\\/wp-content\\\/uploads\\\/2019\\\/02\\\/Sympt\u00f4mes-de-court-nou\u00e9-d\u00e9formation-foliaire-2-400x250.jpg\",\"et-pb-post-main-image-fullwidth\":\"https:\\\/\\\/www.vignevin.com\\\/wp-content\\\/uploads\\\/2019\\\/02\\\/Sympt\u00f4mes-de-court-nou\u00e9-d\u00e9formation-foliaire-2-1080x675.jpg\",\"et-pb-portfolio-image\":\"https:\\\/\\\/www.vignevin.com\\\/wp-content\\\/uploads\\\/2019\\\/02\\\/Sympt\u00f4mes-de-court-nou\u00e9-d\u00e9formation-foliaire-2-400x284.jpg\",\"et-pb-portfolio-module-image\":\"https:\\\/\\\/www.vignevin.com\\\/wp-content\\\/uploads\\\/2019\\\/02\\\/Sympt\u00f4mes-de-court-nou\u00e9-d\u00e9formation-foliaire-2-510x382.jpg\",\"et-pb-portfolio-image-single\":\"https:\\\/\\\/www.vignevin.com\\\/wp-content\\\/uploads\\\/2019\\\/02\\\/Sympt\u00f4mes-de-court-nou\u00e9-d\u00e9formation-foliaire-2-1080x1440.jpg\",\"et-pb-gallery-module-image-portrait\":\"https:\\\/\\\/www.vignevin.com\\\/wp-content\\\/uploads\\\/2019\\\/02\\\/Sympt\u00f4mes-de-court-nou\u00e9-d\u00e9formation-foliaire-2-400x516.jpg\",\"et-pb-post-main-image-fullwidth-large\":\"https:\\\/\\\/www.vignevin.com\\\/wp-content\\\/uploads\\\/2019\\\/02\\\/Sympt\u00f4mes-de-court-nou\u00e9-d\u00e9formation-foliaire-2-1920x1800.jpg\",\"et-pb-image--responsive--desktop\":\"https:\\\/\\\/www.vignevin.com\\\/wp-content\\\/uploads\\\/2019\\\/02\\\/Sympt\u00f4mes-de-court-nou\u00e9-d\u00e9formation-foliaire-2.jpg\",\"et-pb-image--responsive--tablet\":\"https:\\\/\\\/www.vignevin.com\\\/wp-content\\\/uploads\\\/2019\\\/02\\\/Sympt\u00f4mes-de-court-nou\u00e9-d\u00e9formation-foliaire-2.jpg\",\"et-pb-image--responsive--phone\":\"https:\\\/\\\/www.vignevin.com\\\/wp-content\\\/uploads\\\/2019\\\/02\\\/Sympt\u00f4mes-de-court-nou\u00e9-d\u00e9formation-foliaire-2.jpg\",\"gform-image-choice-sm\":\"https:\\\/\\\/www.vignevin.com\\\/wp-content\\\/uploads\\\/2019\\\/02\\\/Sympt\u00f4mes-de-court-nou\u00e9-d\u00e9formation-foliaire-2.jpg\",\"gform-image-choice-md\":\"https:\\\/\\\/www.vignevin.com\\\/wp-content\\\/uploads\\\/2019\\\/02\\\/Sympt\u00f4mes-de-court-nou\u00e9-d\u00e9formation-foliaire-2.jpg\",\"gform-image-choice-lg\":\"https:\\\/\\\/www.vignevin.com\\\/wp-content\\\/uploads\\\/2019\\\/02\\\/Sympt\u00f4mes-de-court-nou\u00e9-d\u00e9formation-foliaire-2.jpg\",\"woocommerce_thumbnail\":\"https:\\\/\\\/www.vignevin.com\\\/wp-content\\\/uploads\\\/2019\\\/02\\\/Sympt\u00f4mes-de-court-nou\u00e9-d\u00e9formation-foliaire-2-300x300.jpg\",\"woocommerce_single\":\"https:\\\/\\\/www.vignevin.com\\\/wp-content\\\/uploads\\\/2019\\\/02\\\/Sympt\u00f4mes-de-court-nou\u00e9-d\u00e9formation-foliaire-2-600x800.jpg\",\"woocommerce_gallery_thumbnail\":\"https:\\\/\\\/www.vignevin.com\\\/wp-content\\\/uploads\\\/2019\\\/02\\\/Sympt\u00f4mes-de-court-nou\u00e9-d\u00e9formation-foliaire-2-100x100.jpg\",\"full\":\"https:\\\/\\\/www.vignevin.com\\\/wp-content\\\/uploads\\\/2019\\\/02\\\/Sympt\u00f4mes-de-court-nou\u00e9-d\u00e9formation-foliaire-2.jpg\",\"index\":6,\"id\":9944,\"video\":false,\"opts\":{\"caption\":\"\",\"thumb\":\"https:\\\/\\\/www.vignevin.com\\\/wp-content\\\/uploads\\\/2019\\\/02\\\/Sympt\u00f4mes-de-court-nou\u00e9-d\u00e9formation-foliaire-2-75x50_c.jpg\",\"title\":\"Sympt&amp;ocirc;mes de court-nou&amp;eacute; d&amp;eacute;formation foliaire (2)\"},\"gallery_id\":17410,\"gallery_title\":\"Grapevines virus\"},\"9945\":{\"status\":\"active\",\"src\":\"https:\\\/\\\/www.vignevin.com\\\/wp-content\\\/uploads\\\/2019\\\/02\\\/Sympt\u00f4mes-de-court-nou\u00e9-d\u00e9formation-foliaire.jpg\",\"title\":\"Sympt&amp;ocirc;mes de court-nou&amp;eacute; d&amp;eacute;formation foliaire\",\"link\":\"https:\\\/\\\/www.vignevin.com\\\/wp-content\\\/uploads\\\/2019\\\/02\\\/Sympt\u00f4mes-de-court-nou\u00e9-d\u00e9formation-foliaire.jpg\",\"alt\":\"\",\"caption\":false,\"thumb\":\"https:\\\/\\\/www.vignevin.com\\\/wp-content\\\/uploads\\\/2019\\\/02\\\/Sympt\u00f4mes-de-court-nou\u00e9-d\u00e9formation-foliaire-75x50_c.jpg\",\"meta\":{\"aperture\":\"4\",\"credit\":null,\"camera\":\"DMC-TZ10\",\"caption\":\"\",\"created_timestamp\":\"1313751034\",\"copyright\":null,\"focal_length\":\"4.1\",\"iso\":\"80\",\"shutter_speed\":\"0.00625\",\"title\":\"\",\"orientation\":\"1\",\"keywords\":null},\"thumbnail\":\"https:\\\/\\\/www.vignevin.com\\\/wp-content\\\/uploads\\\/2019\\\/02\\\/Sympt\u00f4mes-de-court-nou\u00e9-d\u00e9formation-foliaire-150x150.jpg\",\"medium\":\"https:\\\/\\\/www.vignevin.com\\\/wp-content\\\/uploads\\\/2019\\\/02\\\/Sympt\u00f4mes-de-court-nou\u00e9-d\u00e9formation-foliaire-300x225.jpg\",\"medium_large\":\"https:\\\/\\\/www.vignevin.com\\\/wp-content\\\/uploads\\\/2019\\\/02\\\/Sympt\u00f4mes-de-court-nou\u00e9-d\u00e9formation-foliaire-768x576.jpg\",\"large\":\"https:\\\/\\\/www.vignevin.com\\\/wp-content\\\/uploads\\\/2019\\\/02\\\/Sympt\u00f4mes-de-court-nou\u00e9-d\u00e9formation-foliaire-1024x768.jpg\",\"1536x1536\":\"https:\\\/\\\/www.vignevin.com\\\/wp-content\\\/uploads\\\/2019\\\/02\\\/Sympt\u00f4mes-de-court-nou\u00e9-d\u00e9formation-foliaire.jpg\",\"2048x2048\":\"https:\\\/\\\/www.vignevin.com\\\/wp-content\\\/uploads\\\/2019\\\/02\\\/Sympt\u00f4mes-de-court-nou\u00e9-d\u00e9formation-foliaire.jpg\",\"et-pb-post-main-image\":\"https:\\\/\\\/www.vignevin.com\\\/wp-content\\\/uploads\\\/2019\\\/02\\\/Sympt\u00f4mes-de-court-nou\u00e9-d\u00e9formation-foliaire-400x250.jpg\",\"et-pb-post-main-image-fullwidth\":\"https:\\\/\\\/www.vignevin.com\\\/wp-content\\\/uploads\\\/2019\\\/02\\\/Sympt\u00f4mes-de-court-nou\u00e9-d\u00e9formation-foliaire-1080x675.jpg\",\"et-pb-portfolio-image\":\"https:\\\/\\\/www.vignevin.com\\\/wp-content\\\/uploads\\\/2019\\\/02\\\/Sympt\u00f4mes-de-court-nou\u00e9-d\u00e9formation-foliaire-400x284.jpg\",\"et-pb-portfolio-module-image\":\"https:\\\/\\\/www.vignevin.com\\\/wp-content\\\/uploads\\\/2019\\\/02\\\/Sympt\u00f4mes-de-court-nou\u00e9-d\u00e9formation-foliaire-510x382.jpg\",\"et-pb-portfolio-image-single\":\"https:\\\/\\\/www.vignevin.com\\\/wp-content\\\/uploads\\\/2019\\\/02\\\/Sympt\u00f4mes-de-court-nou\u00e9-d\u00e9formation-foliaire-1080x810.jpg\",\"et-pb-gallery-module-image-portrait\":\"https:\\\/\\\/www.vignevin.com\\\/wp-content\\\/uploads\\\/2019\\\/02\\\/Sympt\u00f4mes-de-court-nou\u00e9-d\u00e9formation-foliaire-400x516.jpg\",\"et-pb-post-main-image-fullwidth-large\":\"https:\\\/\\\/www.vignevin.com\\\/wp-content\\\/uploads\\\/2019\\\/02\\\/Sympt\u00f4mes-de-court-nou\u00e9-d\u00e9formation-foliaire-2560x1800.jpg\",\"et-pb-image--responsive--desktop\":\"https:\\\/\\\/www.vignevin.com\\\/wp-content\\\/uploads\\\/2019\\\/02\\\/Sympt\u00f4mes-de-court-nou\u00e9-d\u00e9formation-foliaire.jpg\",\"et-pb-image--responsive--tablet\":\"https:\\\/\\\/www.vignevin.com\\\/wp-content\\\/uploads\\\/2019\\\/02\\\/Sympt\u00f4mes-de-court-nou\u00e9-d\u00e9formation-foliaire.jpg\",\"et-pb-image--responsive--phone\":\"https:\\\/\\\/www.vignevin.com\\\/wp-content\\\/uploads\\\/2019\\\/02\\\/Sympt\u00f4mes-de-court-nou\u00e9-d\u00e9formation-foliaire.jpg\",\"gform-image-choice-sm\":\"https:\\\/\\\/www.vignevin.com\\\/wp-content\\\/uploads\\\/2019\\\/02\\\/Sympt\u00f4mes-de-court-nou\u00e9-d\u00e9formation-foliaire.jpg\",\"gform-image-choice-md\":\"https:\\\/\\\/www.vignevin.com\\\/wp-content\\\/uploads\\\/2019\\\/02\\\/Sympt\u00f4mes-de-court-nou\u00e9-d\u00e9formation-foliaire.jpg\",\"gform-image-choice-lg\":\"https:\\\/\\\/www.vignevin.com\\\/wp-content\\\/uploads\\\/2019\\\/02\\\/Sympt\u00f4mes-de-court-nou\u00e9-d\u00e9formation-foliaire.jpg\",\"woocommerce_thumbnail\":\"https:\\\/\\\/www.vignevin.com\\\/wp-content\\\/uploads\\\/2019\\\/02\\\/Sympt\u00f4mes-de-court-nou\u00e9-d\u00e9formation-foliaire-300x300.jpg\",\"woocommerce_single\":\"https:\\\/\\\/www.vignevin.com\\\/wp-content\\\/uploads\\\/2019\\\/02\\\/Sympt\u00f4mes-de-court-nou\u00e9-d\u00e9formation-foliaire-600x450.jpg\",\"woocommerce_gallery_thumbnail\":\"https:\\\/\\\/www.vignevin.com\\\/wp-content\\\/uploads\\\/2019\\\/02\\\/Sympt\u00f4mes-de-court-nou\u00e9-d\u00e9formation-foliaire-100x100.jpg\",\"full\":\"https:\\\/\\\/www.vignevin.com\\\/wp-content\\\/uploads\\\/2019\\\/02\\\/Sympt\u00f4mes-de-court-nou\u00e9-d\u00e9formation-foliaire.jpg\",\"index\":7,\"id\":9945,\"video\":false,\"opts\":{\"caption\":\"\",\"thumb\":\"https:\\\/\\\/www.vignevin.com\\\/wp-content\\\/uploads\\\/2019\\\/02\\\/Sympt\u00f4mes-de-court-nou\u00e9-d\u00e9formation-foliaire-75x50_c.jpg\",\"title\":\"Sympt&amp;ocirc;mes de court-nou&amp;eacute; d&amp;eacute;formation foliaire\"},\"gallery_id\":17410,\"gallery_title\":\"Grapevines virus\"},\"9946\":{\"status\":\"active\",\"src\":\"https:\\\/\\\/www.vignevin.com\\\/wp-content\\\/uploads\\\/2019\\\/02\\\/Sympt\u00f4mes-de-court-nou\u00e9-double-n\u0153uds.jpg\",\"title\":\"OLYMPUS DIGITAL CAMERA\",\"link\":\"https:\\\/\\\/www.vignevin.com\\\/wp-content\\\/uploads\\\/2019\\\/02\\\/Sympt\u00f4mes-de-court-nou\u00e9-double-n\u0153uds.jpg\",\"alt\":\"\",\"caption\":\"OLYMPUS DIGITAL CAMERA\",\"thumb\":\"https:\\\/\\\/www.vignevin.com\\\/wp-content\\\/uploads\\\/2019\\\/02\\\/Sympt\u00f4mes-de-court-nou\u00e9-double-n\u0153uds-75x50_c.jpg\",\"meta\":{\"aperture\":\"2.8\",\"credit\":null,\"camera\":\"C-5000Z\",\"caption\":\"OLYMPUS DIGITAL CAMERA\",\"created_timestamp\":\"1083369864\",\"copyright\":null,\"focal_length\":\"7.8\",\"iso\":\"100\",\"shutter_speed\":\"0.033333333333333\",\"title\":\"OLYMPUS DIGITAL CAMERA\",\"orientation\":\"1\",\"keywords\":null},\"thumbnail\":\"https:\\\/\\\/www.vignevin.com\\\/wp-content\\\/uploads\\\/2019\\\/02\\\/Sympt\u00f4mes-de-court-nou\u00e9-double-n\u0153uds-150x150.jpg\",\"medium\":\"https:\\\/\\\/www.vignevin.com\\\/wp-content\\\/uploads\\\/2019\\\/02\\\/Sympt\u00f4mes-de-court-nou\u00e9-double-n\u0153uds-225x300.jpg\",\"medium_large\":\"https:\\\/\\\/www.vignevin.com\\\/wp-content\\\/uploads\\\/2019\\\/02\\\/Sympt\u00f4mes-de-court-nou\u00e9-double-n\u0153uds-768x1024.jpg\",\"large\":\"https:\\\/\\\/www.vignevin.com\\\/wp-content\\\/uploads\\\/2019\\\/02\\\/Sympt\u00f4mes-de-court-nou\u00e9-double-n\u0153uds-768x1024.jpg\",\"1536x1536\":\"https:\\\/\\\/www.vignevin.com\\\/wp-content\\\/uploads\\\/2019\\\/02\\\/Sympt\u00f4mes-de-court-nou\u00e9-double-n\u0153uds.jpg\",\"2048x2048\":\"https:\\\/\\\/www.vignevin.com\\\/wp-content\\\/uploads\\\/2019\\\/02\\\/Sympt\u00f4mes-de-court-nou\u00e9-double-n\u0153uds.jpg\",\"et-pb-post-main-image\":\"https:\\\/\\\/www.vignevin.com\\\/wp-content\\\/uploads\\\/2019\\\/02\\\/Sympt\u00f4mes-de-court-nou\u00e9-double-n\u0153uds-400x250.jpg\",\"et-pb-post-main-image-fullwidth\":\"https:\\\/\\\/www.vignevin.com\\\/wp-content\\\/uploads\\\/2019\\\/02\\\/Sympt\u00f4mes-de-court-nou\u00e9-double-n\u0153uds-1080x675.jpg\",\"et-pb-portfolio-image\":\"https:\\\/\\\/www.vignevin.com\\\/wp-content\\\/uploads\\\/2019\\\/02\\\/Sympt\u00f4mes-de-court-nou\u00e9-double-n\u0153uds-400x284.jpg\",\"et-pb-portfolio-module-image\":\"https:\\\/\\\/www.vignevin.com\\\/wp-content\\\/uploads\\\/2019\\\/02\\\/Sympt\u00f4mes-de-court-nou\u00e9-double-n\u0153uds-510x382.jpg\",\"et-pb-portfolio-image-single\":\"https:\\\/\\\/www.vignevin.com\\\/wp-content\\\/uploads\\\/2019\\\/02\\\/Sympt\u00f4mes-de-court-nou\u00e9-double-n\u0153uds-1080x1440.jpg\",\"et-pb-gallery-module-image-portrait\":\"https:\\\/\\\/www.vignevin.com\\\/wp-content\\\/uploads\\\/2019\\\/02\\\/Sympt\u00f4mes-de-court-nou\u00e9-double-n\u0153uds-400x516.jpg\",\"et-pb-post-main-image-fullwidth-large\":\"https:\\\/\\\/www.vignevin.com\\\/wp-content\\\/uploads\\\/2019\\\/02\\\/Sympt\u00f4mes-de-court-nou\u00e9-double-n\u0153uds-1920x1800.jpg\",\"et-pb-image--responsive--desktop\":\"https:\\\/\\\/www.vignevin.com\\\/wp-content\\\/uploads\\\/2019\\\/02\\\/Sympt\u00f4mes-de-court-nou\u00e9-double-n\u0153uds.jpg\",\"et-pb-image--responsive--tablet\":\"https:\\\/\\\/www.vignevin.com\\\/wp-content\\\/uploads\\\/2019\\\/02\\\/Sympt\u00f4mes-de-court-nou\u00e9-double-n\u0153uds.jpg\",\"et-pb-image--responsive--phone\":\"https:\\\/\\\/www.vignevin.com\\\/wp-content\\\/uploads\\\/2019\\\/02\\\/Sympt\u00f4mes-de-court-nou\u00e9-double-n\u0153uds.jpg\",\"gform-image-choice-sm\":\"https:\\\/\\\/www.vignevin.com\\\/wp-content\\\/uploads\\\/2019\\\/02\\\/Sympt\u00f4mes-de-court-nou\u00e9-double-n\u0153uds.jpg\",\"gform-image-choice-md\":\"https:\\\/\\\/www.vignevin.com\\\/wp-content\\\/uploads\\\/2019\\\/02\\\/Sympt\u00f4mes-de-court-nou\u00e9-double-n\u0153uds.jpg\",\"gform-image-choice-lg\":\"https:\\\/\\\/www.vignevin.com\\\/wp-content\\\/uploads\\\/2019\\\/02\\\/Sympt\u00f4mes-de-court-nou\u00e9-double-n\u0153uds.jpg\",\"woocommerce_thumbnail\":\"https:\\\/\\\/www.vignevin.com\\\/wp-content\\\/uploads\\\/2019\\\/02\\\/Sympt\u00f4mes-de-court-nou\u00e9-double-n\u0153uds-300x300.jpg\",\"woocommerce_single\":\"https:\\\/\\\/www.vignevin.com\\\/wp-content\\\/uploads\\\/2019\\\/02\\\/Sympt\u00f4mes-de-court-nou\u00e9-double-n\u0153uds-600x800.jpg\",\"woocommerce_gallery_thumbnail\":\"https:\\\/\\\/www.vignevin.com\\\/wp-content\\\/uploads\\\/2019\\\/02\\\/Sympt\u00f4mes-de-court-nou\u00e9-double-n\u0153uds-100x100.jpg\",\"full\":\"https:\\\/\\\/www.vignevin.com\\\/wp-content\\\/uploads\\\/2019\\\/02\\\/Sympt\u00f4mes-de-court-nou\u00e9-double-n\u0153uds.jpg\",\"index\":8,\"id\":9946,\"video\":false,\"opts\":{\"caption\":\"OLYMPUS DIGITAL CAMERA\",\"thumb\":\"https:\\\/\\\/www.vignevin.com\\\/wp-content\\\/uploads\\\/2019\\\/02\\\/Sympt\u00f4mes-de-court-nou\u00e9-double-n\u0153uds-75x50_c.jpg\",\"title\":\"OLYMPUS DIGITAL CAMERA\"},\"gallery_id\":17410,\"gallery_title\":\"Grapevines virus\"},\"9947\":{\"status\":\"active\",\"src\":\"https:\\\/\\\/www.vignevin.com\\\/wp-content\\\/uploads\\\/2019\\\/02\\\/Sympt\u00f4mes-de-court-nou\u00e9-entrenoeuds-irr\u00e9guliers.jpg\",\"title\":\"OLYMPUS DIGITAL CAMERA\",\"link\":\"https:\\\/\\\/www.vignevin.com\\\/wp-content\\\/uploads\\\/2019\\\/02\\\/Sympt\u00f4mes-de-court-nou\u00e9-entrenoeuds-irr\u00e9guliers.jpg\",\"alt\":\"\",\"caption\":\"OLYMPUS DIGITAL CAMERA\",\"thumb\":\"https:\\\/\\\/www.vignevin.com\\\/wp-content\\\/uploads\\\/2019\\\/02\\\/Sympt\u00f4mes-de-court-nou\u00e9-entrenoeuds-irr\u00e9guliers-75x50_c.jpg\",\"meta\":{\"aperture\":\"8\",\"credit\":null,\"camera\":\"C-5000Z\",\"caption\":\"OLYMPUS DIGITAL CAMERA\",\"created_timestamp\":\"1082852223\",\"copyright\":null,\"focal_length\":\"7.8\",\"iso\":\"160\",\"shutter_speed\":\"0.033333333333333\",\"title\":\"OLYMPUS DIGITAL CAMERA\",\"orientation\":\"1\",\"keywords\":null},\"thumbnail\":\"https:\\\/\\\/www.vignevin.com\\\/wp-content\\\/uploads\\\/2019\\\/02\\\/Sympt\u00f4mes-de-court-nou\u00e9-entrenoeuds-irr\u00e9guliers-150x150.jpg\",\"medium\":\"https:\\\/\\\/www.vignevin.com\\\/wp-content\\\/uploads\\\/2019\\\/02\\\/Sympt\u00f4mes-de-court-nou\u00e9-entrenoeuds-irr\u00e9guliers-300x225.jpg\",\"medium_large\":\"https:\\\/\\\/www.vignevin.com\\\/wp-content\\\/uploads\\\/2019\\\/02\\\/Sympt\u00f4mes-de-court-nou\u00e9-entrenoeuds-irr\u00e9guliers-768x576.jpg\",\"large\":\"https:\\\/\\\/www.vignevin.com\\\/wp-content\\\/uploads\\\/2019\\\/02\\\/Sympt\u00f4mes-de-court-nou\u00e9-entrenoeuds-irr\u00e9guliers-1024x768.jpg\",\"1536x1536\":\"https:\\\/\\\/www.vignevin.com\\\/wp-content\\\/uploads\\\/2019\\\/02\\\/Sympt\u00f4mes-de-court-nou\u00e9-entrenoeuds-irr\u00e9guliers.jpg\",\"2048x2048\":\"https:\\\/\\\/www.vignevin.com\\\/wp-content\\\/uploads\\\/2019\\\/02\\\/Sympt\u00f4mes-de-court-nou\u00e9-entrenoeuds-irr\u00e9guliers.jpg\",\"et-pb-post-main-image\":\"https:\\\/\\\/www.vignevin.com\\\/wp-content\\\/uploads\\\/2019\\\/02\\\/Sympt\u00f4mes-de-court-nou\u00e9-entrenoeuds-irr\u00e9guliers-400x250.jpg\",\"et-pb-post-main-image-fullwidth\":\"https:\\\/\\\/www.vignevin.com\\\/wp-content\\\/uploads\\\/2019\\\/02\\\/Sympt\u00f4mes-de-court-nou\u00e9-entrenoeuds-irr\u00e9guliers-1080x675.jpg\",\"et-pb-portfolio-image\":\"https:\\\/\\\/www.vignevin.com\\\/wp-content\\\/uploads\\\/2019\\\/02\\\/Sympt\u00f4mes-de-court-nou\u00e9-entrenoeuds-irr\u00e9guliers-400x284.jpg\",\"et-pb-portfolio-module-image\":\"https:\\\/\\\/www.vignevin.com\\\/wp-content\\\/uploads\\\/2019\\\/02\\\/Sympt\u00f4mes-de-court-nou\u00e9-entrenoeuds-irr\u00e9guliers-510x382.jpg\",\"et-pb-portfolio-image-single\":\"https:\\\/\\\/www.vignevin.com\\\/wp-content\\\/uploads\\\/2019\\\/02\\\/Sympt\u00f4mes-de-court-nou\u00e9-entrenoeuds-irr\u00e9guliers-1080x810.jpg\",\"et-pb-gallery-module-image-portrait\":\"https:\\\/\\\/www.vignevin.com\\\/wp-content\\\/uploads\\\/2019\\\/02\\\/Sympt\u00f4mes-de-court-nou\u00e9-entrenoeuds-irr\u00e9guliers-400x516.jpg\",\"et-pb-post-main-image-fullwidth-large\":\"https:\\\/\\\/www.vignevin.com\\\/wp-content\\\/uploads\\\/2019\\\/02\\\/Sympt\u00f4mes-de-court-nou\u00e9-entrenoeuds-irr\u00e9guliers-2560x1800.jpg\",\"et-pb-image--responsive--desktop\":\"https:\\\/\\\/www.vignevin.com\\\/wp-content\\\/uploads\\\/2019\\\/02\\\/Sympt\u00f4mes-de-court-nou\u00e9-entrenoeuds-irr\u00e9guliers.jpg\",\"et-pb-image--responsive--tablet\":\"https:\\\/\\\/www.vignevin.com\\\/wp-content\\\/uploads\\\/2019\\\/02\\\/Sympt\u00f4mes-de-court-nou\u00e9-entrenoeuds-irr\u00e9guliers.jpg\",\"et-pb-image--responsive--phone\":\"https:\\\/\\\/www.vignevin.com\\\/wp-content\\\/uploads\\\/2019\\\/02\\\/Sympt\u00f4mes-de-court-nou\u00e9-entrenoeuds-irr\u00e9guliers.jpg\",\"gform-image-choice-sm\":\"https:\\\/\\\/www.vignevin.com\\\/wp-content\\\/uploads\\\/2019\\\/02\\\/Sympt\u00f4mes-de-court-nou\u00e9-entrenoeuds-irr\u00e9guliers.jpg\",\"gform-image-choice-md\":\"https:\\\/\\\/www.vignevin.com\\\/wp-content\\\/uploads\\\/2019\\\/02\\\/Sympt\u00f4mes-de-court-nou\u00e9-entrenoeuds-irr\u00e9guliers.jpg\",\"gform-image-choice-lg\":\"https:\\\/\\\/www.vignevin.com\\\/wp-content\\\/uploads\\\/2019\\\/02\\\/Sympt\u00f4mes-de-court-nou\u00e9-entrenoeuds-irr\u00e9guliers.jpg\",\"woocommerce_thumbnail\":\"https:\\\/\\\/www.vignevin.com\\\/wp-content\\\/uploads\\\/2019\\\/02\\\/Sympt\u00f4mes-de-court-nou\u00e9-entrenoeuds-irr\u00e9guliers-300x300.jpg\",\"woocommerce_single\":\"https:\\\/\\\/www.vignevin.com\\\/wp-content\\\/uploads\\\/2019\\\/02\\\/Sympt\u00f4mes-de-court-nou\u00e9-entrenoeuds-irr\u00e9guliers-600x450.jpg\",\"woocommerce_gallery_thumbnail\":\"https:\\\/\\\/www.vignevin.com\\\/wp-content\\\/uploads\\\/2019\\\/02\\\/Sympt\u00f4mes-de-court-nou\u00e9-entrenoeuds-irr\u00e9guliers-100x100.jpg\",\"full\":\"https:\\\/\\\/www.vignevin.com\\\/wp-content\\\/uploads\\\/2019\\\/02\\\/Sympt\u00f4mes-de-court-nou\u00e9-entrenoeuds-irr\u00e9guliers.jpg\",\"index\":9,\"id\":9947,\"video\":false,\"opts\":{\"caption\":\"OLYMPUS DIGITAL CAMERA\",\"thumb\":\"https:\\\/\\\/www.vignevin.com\\\/wp-content\\\/uploads\\\/2019\\\/02\\\/Sympt\u00f4mes-de-court-nou\u00e9-entrenoeuds-irr\u00e9guliers-75x50_c.jpg\",\"title\":\"OLYMPUS DIGITAL CAMERA\"},\"gallery_id\":17410,\"gallery_title\":\"Grapevines virus\"},\"9948\":{\"status\":\"active\",\"src\":\"https:\\\/\\\/www.vignevin.com\\\/wp-content\\\/uploads\\\/2019\\\/02\\\/Sympt\u00f4mes-de-court-nou\u00e9-fasciations-aplatissement-des-rameaux.jpg\",\"title\":\"OLYMPUS DIGITAL CAMERA\",\"link\":\"https:\\\/\\\/www.vignevin.com\\\/wp-content\\\/uploads\\\/2019\\\/02\\\/Sympt\u00f4mes-de-court-nou\u00e9-fasciations-aplatissement-des-rameaux.jpg\",\"alt\":\"\",\"caption\":\"OLYMPUS DIGITAL CAMERA\",\"thumb\":\"https:\\\/\\\/www.vignevin.com\\\/wp-content\\\/uploads\\\/2019\\\/02\\\/Sympt\u00f4mes-de-court-nou\u00e9-fasciations-aplatissement-des-rameaux-75x50_c.jpg\",\"meta\":{\"aperture\":\"2.8\",\"credit\":null,\"camera\":\"C-5000Z\",\"caption\":\"OLYMPUS DIGITAL CAMERA\",\"created_timestamp\":\"1195210236\",\"copyright\":null,\"focal_length\":\"7.8\",\"iso\":\"125\",\"shutter_speed\":\"0.033333333333333\",\"title\":\"OLYMPUS DIGITAL CAMERA\",\"orientation\":\"1\",\"keywords\":null},\"thumbnail\":\"https:\\\/\\\/www.vignevin.com\\\/wp-content\\\/uploads\\\/2019\\\/02\\\/Sympt\u00f4mes-de-court-nou\u00e9-fasciations-aplatissement-des-rameaux-150x150.jpg\",\"medium\":\"https:\\\/\\\/www.vignevin.com\\\/wp-content\\\/uploads\\\/2019\\\/02\\\/Sympt\u00f4mes-de-court-nou\u00e9-fasciations-aplatissement-des-rameaux-300x225.jpg\",\"medium_large\":\"https:\\\/\\\/www.vignevin.com\\\/wp-content\\\/uploads\\\/2019\\\/02\\\/Sympt\u00f4mes-de-court-nou\u00e9-fasciations-aplatissement-des-rameaux-768x576.jpg\",\"large\":\"https:\\\/\\\/www.vignevin.com\\\/wp-content\\\/uploads\\\/2019\\\/02\\\/Sympt\u00f4mes-de-court-nou\u00e9-fasciations-aplatissement-des-rameaux-1024x768.jpg\",\"1536x1536\":\"https:\\\/\\\/www.vignevin.com\\\/wp-content\\\/uploads\\\/2019\\\/02\\\/Sympt\u00f4mes-de-court-nou\u00e9-fasciations-aplatissement-des-rameaux.jpg\",\"2048x2048\":\"https:\\\/\\\/www.vignevin.com\\\/wp-content\\\/uploads\\\/2019\\\/02\\\/Sympt\u00f4mes-de-court-nou\u00e9-fasciations-aplatissement-des-rameaux.jpg\",\"et-pb-post-main-image\":\"https:\\\/\\\/www.vignevin.com\\\/wp-content\\\/uploads\\\/2019\\\/02\\\/Sympt\u00f4mes-de-court-nou\u00e9-fasciations-aplatissement-des-rameaux-400x250.jpg\",\"et-pb-post-main-image-fullwidth\":\"https:\\\/\\\/www.vignevin.com\\\/wp-content\\\/uploads\\\/2019\\\/02\\\/Sympt\u00f4mes-de-court-nou\u00e9-fasciations-aplatissement-des-rameaux-1080x675.jpg\",\"et-pb-portfolio-image\":\"https:\\\/\\\/www.vignevin.com\\\/wp-content\\\/uploads\\\/2019\\\/02\\\/Sympt\u00f4mes-de-court-nou\u00e9-fasciations-aplatissement-des-rameaux-400x284.jpg\",\"et-pb-portfolio-module-image\":\"https:\\\/\\\/www.vignevin.com\\\/wp-content\\\/uploads\\\/2019\\\/02\\\/Sympt\u00f4mes-de-court-nou\u00e9-fasciations-aplatissement-des-rameaux-510x382.jpg\",\"et-pb-portfolio-image-single\":\"https:\\\/\\\/www.vignevin.com\\\/wp-content\\\/uploads\\\/2019\\\/02\\\/Sympt\u00f4mes-de-court-nou\u00e9-fasciations-aplatissement-des-rameaux-1080x810.jpg\",\"et-pb-gallery-module-image-portrait\":\"https:\\\/\\\/www.vignevin.com\\\/wp-content\\\/uploads\\\/2019\\\/02\\\/Sympt\u00f4mes-de-court-nou\u00e9-fasciations-aplatissement-des-rameaux-400x516.jpg\",\"et-pb-post-main-image-fullwidth-large\":\"https:\\\/\\\/www.vignevin.com\\\/wp-content\\\/uploads\\\/2019\\\/02\\\/Sympt\u00f4mes-de-court-nou\u00e9-fasciations-aplatissement-des-rameaux.jpg\",\"et-pb-image--responsive--desktop\":\"https:\\\/\\\/www.vignevin.com\\\/wp-content\\\/uploads\\\/2019\\\/02\\\/Sympt\u00f4mes-de-court-nou\u00e9-fasciations-aplatissement-des-rameaux.jpg\",\"et-pb-image--responsive--tablet\":\"https:\\\/\\\/www.vignevin.com\\\/wp-content\\\/uploads\\\/2019\\\/02\\\/Sympt\u00f4mes-de-court-nou\u00e9-fasciations-aplatissement-des-rameaux.jpg\",\"et-pb-image--responsive--phone\":\"https:\\\/\\\/www.vignevin.com\\\/wp-content\\\/uploads\\\/2019\\\/02\\\/Sympt\u00f4mes-de-court-nou\u00e9-fasciations-aplatissement-des-rameaux.jpg\",\"gform-image-choice-sm\":\"https:\\\/\\\/www.vignevin.com\\\/wp-content\\\/uploads\\\/2019\\\/02\\\/Sympt\u00f4mes-de-court-nou\u00e9-fasciations-aplatissement-des-rameaux.jpg\",\"gform-image-choice-md\":\"https:\\\/\\\/www.vignevin.com\\\/wp-content\\\/uploads\\\/2019\\\/02\\\/Sympt\u00f4mes-de-court-nou\u00e9-fasciations-aplatissement-des-rameaux.jpg\",\"gform-image-choice-lg\":\"https:\\\/\\\/www.vignevin.com\\\/wp-content\\\/uploads\\\/2019\\\/02\\\/Sympt\u00f4mes-de-court-nou\u00e9-fasciations-aplatissement-des-rameaux.jpg\",\"woocommerce_thumbnail\":\"https:\\\/\\\/www.vignevin.com\\\/wp-content\\\/uploads\\\/2019\\\/02\\\/Sympt\u00f4mes-de-court-nou\u00e9-fasciations-aplatissement-des-rameaux-300x300.jpg\",\"woocommerce_single\":\"https:\\\/\\\/www.vignevin.com\\\/wp-content\\\/uploads\\\/2019\\\/02\\\/Sympt\u00f4mes-de-court-nou\u00e9-fasciations-aplatissement-des-rameaux-600x450.jpg\",\"woocommerce_gallery_thumbnail\":\"https:\\\/\\\/www.vignevin.com\\\/wp-content\\\/uploads\\\/2019\\\/02\\\/Sympt\u00f4mes-de-court-nou\u00e9-fasciations-aplatissement-des-rameaux-100x100.jpg\",\"full\":\"https:\\\/\\\/www.vignevin.com\\\/wp-content\\\/uploads\\\/2019\\\/02\\\/Sympt\u00f4mes-de-court-nou\u00e9-fasciations-aplatissement-des-rameaux.jpg\",\"index\":10,\"id\":9948,\"video\":false,\"opts\":{\"caption\":\"OLYMPUS DIGITAL CAMERA\",\"thumb\":\"https:\\\/\\\/www.vignevin.com\\\/wp-content\\\/uploads\\\/2019\\\/02\\\/Sympt\u00f4mes-de-court-nou\u00e9-fasciations-aplatissement-des-rameaux-75x50_c.jpg\",\"title\":\"OLYMPUS DIGITAL CAMERA\"},\"gallery_id\":17410,\"gallery_title\":\"Grapevines virus\"},\"9949\":{\"status\":\"active\",\"src\":\"https:\\\/\\\/www.vignevin.com\\\/wp-content\\\/uploads\\\/2019\\\/02\\\/Sympt\u00f4mes-de-court-nou\u00e9-millerandage.jpg\",\"title\":\"Sympt&amp;ocirc;mes de court-nou&amp;eacute; millerandage\",\"link\":\"https:\\\/\\\/www.vignevin.com\\\/wp-content\\\/uploads\\\/2019\\\/02\\\/Sympt\u00f4mes-de-court-nou\u00e9-millerandage.jpg\",\"alt\":\"\",\"caption\":false,\"thumb\":\"https:\\\/\\\/www.vignevin.com\\\/wp-content\\\/uploads\\\/2019\\\/02\\\/Sympt\u00f4mes-de-court-nou\u00e9-millerandage-75x50_c.jpg\",\"meta\":{\"aperture\":\"3.3\",\"credit\":null,\"camera\":\"DMC-TZ10\",\"caption\":\"\",\"created_timestamp\":\"1341430501\",\"copyright\":null,\"focal_length\":\"4.1\",\"iso\":\"100\",\"shutter_speed\":\"0.033333333333333\",\"title\":\"\",\"orientation\":\"1\",\"keywords\":null},\"thumbnail\":\"https:\\\/\\\/www.vignevin.com\\\/wp-content\\\/uploads\\\/2019\\\/02\\\/Sympt\u00f4mes-de-court-nou\u00e9-millerandage.jpg\",\"medium\":\"https:\\\/\\\/www.vignevin.com\\\/wp-content\\\/uploads\\\/2019\\\/02\\\/Sympt\u00f4mes-de-court-nou\u00e9-millerandage.jpg\",\"medium_large\":\"https:\\\/\\\/www.vignevin.com\\\/wp-content\\\/uploads\\\/2019\\\/02\\\/Sympt\u00f4mes-de-court-nou\u00e9-millerandage.jpg\",\"large\":\"https:\\\/\\\/www.vignevin.com\\\/wp-content\\\/uploads\\\/2019\\\/02\\\/Sympt\u00f4mes-de-court-nou\u00e9-millerandage.jpg\",\"1536x1536\":\"https:\\\/\\\/www.vignevin.com\\\/wp-content\\\/uploads\\\/2019\\\/02\\\/Sympt\u00f4mes-de-court-nou\u00e9-millerandage.jpg\",\"2048x2048\":\"https:\\\/\\\/www.vignevin.com\\\/wp-content\\\/uploads\\\/2019\\\/02\\\/Sympt\u00f4mes-de-court-nou\u00e9-millerandage.jpg\",\"et-pb-post-main-image\":\"https:\\\/\\\/www.vignevin.com\\\/wp-content\\\/uploads\\\/2019\\\/02\\\/Sympt\u00f4mes-de-court-nou\u00e9-millerandage.jpg\",\"et-pb-post-main-image-fullwidth\":\"https:\\\/\\\/www.vignevin.com\\\/wp-content\\\/uploads\\\/2019\\\/02\\\/Sympt\u00f4mes-de-court-nou\u00e9-millerandage.jpg\",\"et-pb-portfolio-image\":\"https:\\\/\\\/www.vignevin.com\\\/wp-content\\\/uploads\\\/2019\\\/02\\\/Sympt\u00f4mes-de-court-nou\u00e9-millerandage.jpg\",\"et-pb-portfolio-module-image\":\"https:\\\/\\\/www.vignevin.com\\\/wp-content\\\/uploads\\\/2019\\\/02\\\/Sympt\u00f4mes-de-court-nou\u00e9-millerandage.jpg\",\"et-pb-portfolio-image-single\":\"https:\\\/\\\/www.vignevin.com\\\/wp-content\\\/uploads\\\/2019\\\/02\\\/Sympt\u00f4mes-de-court-nou\u00e9-millerandage.jpg\",\"et-pb-gallery-module-image-portrait\":\"https:\\\/\\\/www.vignevin.com\\\/wp-content\\\/uploads\\\/2019\\\/02\\\/Sympt\u00f4mes-de-court-nou\u00e9-millerandage.jpg\",\"et-pb-post-main-image-fullwidth-large\":\"https:\\\/\\\/www.vignevin.com\\\/wp-content\\\/uploads\\\/2019\\\/02\\\/Sympt\u00f4mes-de-court-nou\u00e9-millerandage.jpg\",\"et-pb-image--responsive--desktop\":\"https:\\\/\\\/www.vignevin.com\\\/wp-content\\\/uploads\\\/2019\\\/02\\\/Sympt\u00f4mes-de-court-nou\u00e9-millerandage.jpg\",\"et-pb-image--responsive--tablet\":\"https:\\\/\\\/www.vignevin.com\\\/wp-content\\\/uploads\\\/2019\\\/02\\\/Sympt\u00f4mes-de-court-nou\u00e9-millerandage.jpg\",\"et-pb-image--responsive--phone\":\"https:\\\/\\\/www.vignevin.com\\\/wp-content\\\/uploads\\\/2019\\\/02\\\/Sympt\u00f4mes-de-court-nou\u00e9-millerandage.jpg\",\"gform-image-choice-sm\":\"https:\\\/\\\/www.vignevin.com\\\/wp-content\\\/uploads\\\/2019\\\/02\\\/Sympt\u00f4mes-de-court-nou\u00e9-millerandage.jpg\",\"gform-image-choice-md\":\"https:\\\/\\\/www.vignevin.com\\\/wp-content\\\/uploads\\\/2019\\\/02\\\/Sympt\u00f4mes-de-court-nou\u00e9-millerandage.jpg\",\"gform-image-choice-lg\":\"https:\\\/\\\/www.vignevin.com\\\/wp-content\\\/uploads\\\/2019\\\/02\\\/Sympt\u00f4mes-de-court-nou\u00e9-millerandage.jpg\",\"woocommerce_thumbnail\":\"https:\\\/\\\/www.vignevin.com\\\/wp-content\\\/uploads\\\/2019\\\/02\\\/Sympt\u00f4mes-de-court-nou\u00e9-millerandage-300x300.jpg\",\"woocommerce_single\":\"https:\\\/\\\/www.vignevin.com\\\/wp-content\\\/uploads\\\/2019\\\/02\\\/Sympt\u00f4mes-de-court-nou\u00e9-millerandage-600x800.jpg\",\"woocommerce_gallery_thumbnail\":\"https:\\\/\\\/www.vignevin.com\\\/wp-content\\\/uploads\\\/2019\\\/02\\\/Sympt\u00f4mes-de-court-nou\u00e9-millerandage-100x100.jpg\",\"full\":\"https:\\\/\\\/www.vignevin.com\\\/wp-content\\\/uploads\\\/2019\\\/02\\\/Sympt\u00f4mes-de-court-nou\u00e9-millerandage.jpg\",\"index\":11,\"id\":9949,\"video\":false,\"opts\":{\"caption\":\"\",\"thumb\":\"https:\\\/\\\/www.vignevin.com\\\/wp-content\\\/uploads\\\/2019\\\/02\\\/Sympt\u00f4mes-de-court-nou\u00e9-millerandage-75x50_c.jpg\",\"title\":\"Sympt&amp;ocirc;mes de court-nou&amp;eacute; millerandage\"},\"gallery_id\":17410,\"gallery_title\":\"Grapevines virus\"},\"9950\":{\"status\":\"active\",\"src\":\"https:\\\/\\\/www.vignevin.com\\\/wp-content\\\/uploads\\\/2019\\\/02\\\/Sympt\u00f4mes-de-court-nou\u00e9-panachure-2.jpg\",\"title\":\"Sympt&amp;ocirc;mes de court-nou&amp;eacute; panachure (2)\",\"link\":\"https:\\\/\\\/www.vignevin.com\\\/wp-content\\\/uploads\\\/2019\\\/02\\\/Sympt\u00f4mes-de-court-nou\u00e9-panachure-2.jpg\",\"alt\":\"\",\"caption\":false,\"thumb\":\"https:\\\/\\\/www.vignevin.com\\\/wp-content\\\/uploads\\\/2019\\\/02\\\/Sympt\u00f4mes-de-court-nou\u00e9-panachure-2-75x50_c.jpg\",\"meta\":{\"aperture\":\"3.3\",\"credit\":null,\"camera\":\"DMC-TZ10\",\"caption\":\"\",\"created_timestamp\":\"1341430666\",\"copyright\":null,\"focal_length\":\"4.1\",\"iso\":\"80\",\"shutter_speed\":\"0.02\",\"title\":\"\",\"orientation\":\"1\",\"keywords\":null},\"thumbnail\":\"https:\\\/\\\/www.vignevin.com\\\/wp-content\\\/uploads\\\/2019\\\/02\\\/Sympt\u00f4mes-de-court-nou\u00e9-panachure-2.jpg\",\"medium\":\"https:\\\/\\\/www.vignevin.com\\\/wp-content\\\/uploads\\\/2019\\\/02\\\/Sympt\u00f4mes-de-court-nou\u00e9-panachure-2.jpg\",\"medium_large\":\"https:\\\/\\\/www.vignevin.com\\\/wp-content\\\/uploads\\\/2019\\\/02\\\/Sympt\u00f4mes-de-court-nou\u00e9-panachure-2.jpg\",\"large\":\"https:\\\/\\\/www.vignevin.com\\\/wp-content\\\/uploads\\\/2019\\\/02\\\/Sympt\u00f4mes-de-court-nou\u00e9-panachure-2.jpg\",\"1536x1536\":\"https:\\\/\\\/www.vignevin.com\\\/wp-content\\\/uploads\\\/2019\\\/02\\\/Sympt\u00f4mes-de-court-nou\u00e9-panachure-2.jpg\",\"2048x2048\":\"https:\\\/\\\/www.vignevin.com\\\/wp-content\\\/uploads\\\/2019\\\/02\\\/Sympt\u00f4mes-de-court-nou\u00e9-panachure-2.jpg\",\"et-pb-post-main-image\":\"https:\\\/\\\/www.vignevin.com\\\/wp-content\\\/uploads\\\/2019\\\/02\\\/Sympt\u00f4mes-de-court-nou\u00e9-panachure-2.jpg\",\"et-pb-post-main-image-fullwidth\":\"https:\\\/\\\/www.vignevin.com\\\/wp-content\\\/uploads\\\/2019\\\/02\\\/Sympt\u00f4mes-de-court-nou\u00e9-panachure-2.jpg\",\"et-pb-portfolio-image\":\"https:\\\/\\\/www.vignevin.com\\\/wp-content\\\/uploads\\\/2019\\\/02\\\/Sympt\u00f4mes-de-court-nou\u00e9-panachure-2.jpg\",\"et-pb-portfolio-module-image\":\"https:\\\/\\\/www.vignevin.com\\\/wp-content\\\/uploads\\\/2019\\\/02\\\/Sympt\u00f4mes-de-court-nou\u00e9-panachure-2.jpg\",\"et-pb-portfolio-image-single\":\"https:\\\/\\\/www.vignevin.com\\\/wp-content\\\/uploads\\\/2019\\\/02\\\/Sympt\u00f4mes-de-court-nou\u00e9-panachure-2.jpg\",\"et-pb-gallery-module-image-portrait\":\"https:\\\/\\\/www.vignevin.com\\\/wp-content\\\/uploads\\\/2019\\\/02\\\/Sympt\u00f4mes-de-court-nou\u00e9-panachure-2.jpg\",\"et-pb-post-main-image-fullwidth-large\":\"https:\\\/\\\/www.vignevin.com\\\/wp-content\\\/uploads\\\/2019\\\/02\\\/Sympt\u00f4mes-de-court-nou\u00e9-panachure-2.jpg\",\"et-pb-image--responsive--desktop\":\"https:\\\/\\\/www.vignevin.com\\\/wp-content\\\/uploads\\\/2019\\\/02\\\/Sympt\u00f4mes-de-court-nou\u00e9-panachure-2.jpg\",\"et-pb-image--responsive--tablet\":\"https:\\\/\\\/www.vignevin.com\\\/wp-content\\\/uploads\\\/2019\\\/02\\\/Sympt\u00f4mes-de-court-nou\u00e9-panachure-2.jpg\",\"et-pb-image--responsive--phone\":\"https:\\\/\\\/www.vignevin.com\\\/wp-content\\\/uploads\\\/2019\\\/02\\\/Sympt\u00f4mes-de-court-nou\u00e9-panachure-2.jpg\",\"gform-image-choice-sm\":\"https:\\\/\\\/www.vignevin.com\\\/wp-content\\\/uploads\\\/2019\\\/02\\\/Sympt\u00f4mes-de-court-nou\u00e9-panachure-2.jpg\",\"gform-image-choice-md\":\"https:\\\/\\\/www.vignevin.com\\\/wp-content\\\/uploads\\\/2019\\\/02\\\/Sympt\u00f4mes-de-court-nou\u00e9-panachure-2.jpg\",\"gform-image-choice-lg\":\"https:\\\/\\\/www.vignevin.com\\\/wp-content\\\/uploads\\\/2019\\\/02\\\/Sympt\u00f4mes-de-court-nou\u00e9-panachure-2.jpg\",\"woocommerce_thumbnail\":\"https:\\\/\\\/www.vignevin.com\\\/wp-content\\\/uploads\\\/2019\\\/02\\\/Sympt\u00f4mes-de-court-nou\u00e9-panachure-2-300x300.jpg\",\"woocommerce_single\":\"https:\\\/\\\/www.vignevin.com\\\/wp-content\\\/uploads\\\/2019\\\/02\\\/Sympt\u00f4mes-de-court-nou\u00e9-panachure-2-600x800.jpg\",\"woocommerce_gallery_thumbnail\":\"https:\\\/\\\/www.vignevin.com\\\/wp-content\\\/uploads\\\/2019\\\/02\\\/Sympt\u00f4mes-de-court-nou\u00e9-panachure-2-100x100.jpg\",\"full\":\"https:\\\/\\\/www.vignevin.com\\\/wp-content\\\/uploads\\\/2019\\\/02\\\/Sympt\u00f4mes-de-court-nou\u00e9-panachure-2.jpg\",\"index\":12,\"id\":9950,\"video\":false,\"opts\":{\"caption\":\"\",\"thumb\":\"https:\\\/\\\/www.vignevin.com\\\/wp-content\\\/uploads\\\/2019\\\/02\\\/Sympt\u00f4mes-de-court-nou\u00e9-panachure-2-75x50_c.jpg\",\"title\":\"Sympt&amp;ocirc;mes de court-nou&amp;eacute; panachure (2)\"},\"gallery_id\":17410,\"gallery_title\":\"Grapevines virus\"},\"9951\":{\"status\":\"active\",\"src\":\"https:\\\/\\\/www.vignevin.com\\\/wp-content\\\/uploads\\\/2019\\\/02\\\/Sympt\u00f4mes-de-court-nou\u00e9-panachure-r\u00e9ticul\u00e9e-et-d\u00e9formation-foliaire-scaled.jpg\",\"title\":\"Sympt&amp;ocirc;mes de court-nou&amp;eacute; panachure r&amp;eacute;ticul&amp;eacute;e et d&amp;eacute;formation foliaire\",\"link\":\"https:\\\/\\\/www.vignevin.com\\\/wp-content\\\/uploads\\\/2019\\\/02\\\/Sympt\u00f4mes-de-court-nou\u00e9-panachure-r\u00e9ticul\u00e9e-et-d\u00e9formation-foliaire.jpg\",\"alt\":\"\",\"caption\":false,\"thumb\":\"https:\\\/\\\/www.vignevin.com\\\/wp-content\\\/uploads\\\/2019\\\/02\\\/Sympt\u00f4mes-de-court-nou\u00e9-panachure-r\u00e9ticul\u00e9e-et-d\u00e9formation-foliaire-scaled-75x50_c.jpg\",\"meta\":{\"aperture\":\"4\",\"credit\":null,\"camera\":\"DMC-TZ10\",\"caption\":\"\",\"created_timestamp\":\"1469725525\",\"copyright\":null,\"focal_length\":\"4.1\",\"iso\":\"80\",\"shutter_speed\":\"0.008\",\"title\":\"\",\"orientation\":\"1\",\"keywords\":null},\"thumbnail\":\"https:\\\/\\\/www.vignevin.com\\\/wp-content\\\/uploads\\\/2019\\\/02\\\/Sympt\u00f4mes-de-court-nou\u00e9-panachure-r\u00e9ticul\u00e9e-et-d\u00e9formation-foliaire-150x150.jpg\",\"medium\":\"https:\\\/\\\/www.vignevin.com\\\/wp-content\\\/uploads\\\/2019\\\/02\\\/Sympt\u00f4mes-de-court-nou\u00e9-panachure-r\u00e9ticul\u00e9e-et-d\u00e9formation-foliaire-225x300.jpg\",\"medium_large\":\"https:\\\/\\\/www.vignevin.com\\\/wp-content\\\/uploads\\\/2019\\\/02\\\/Sympt\u00f4mes-de-court-nou\u00e9-panachure-r\u00e9ticul\u00e9e-et-d\u00e9formation-foliaire-768x1024.jpg\",\"large\":\"https:\\\/\\\/www.vignevin.com\\\/wp-content\\\/uploads\\\/2019\\\/02\\\/Sympt\u00f4mes-de-court-nou\u00e9-panachure-r\u00e9ticul\u00e9e-et-d\u00e9formation-foliaire-768x1024.jpg\",\"1536x1536\":\"https:\\\/\\\/www.vignevin.com\\\/wp-content\\\/uploads\\\/2019\\\/02\\\/Sympt\u00f4mes-de-court-nou\u00e9-panachure-r\u00e9ticul\u00e9e-et-d\u00e9formation-foliaire-scaled.jpg\",\"2048x2048\":\"https:\\\/\\\/www.vignevin.com\\\/wp-content\\\/uploads\\\/2019\\\/02\\\/Sympt\u00f4mes-de-court-nou\u00e9-panachure-r\u00e9ticul\u00e9e-et-d\u00e9formation-foliaire-scaled.jpg\",\"et-pb-post-main-image\":\"https:\\\/\\\/www.vignevin.com\\\/wp-content\\\/uploads\\\/2019\\\/02\\\/Sympt\u00f4mes-de-court-nou\u00e9-panachure-r\u00e9ticul\u00e9e-et-d\u00e9formation-foliaire-400x250.jpg\",\"et-pb-post-main-image-fullwidth\":\"https:\\\/\\\/www.vignevin.com\\\/wp-content\\\/uploads\\\/2019\\\/02\\\/Sympt\u00f4mes-de-court-nou\u00e9-panachure-r\u00e9ticul\u00e9e-et-d\u00e9formation-foliaire-1080x675.jpg\",\"et-pb-portfolio-image\":\"https:\\\/\\\/www.vignevin.com\\\/wp-content\\\/uploads\\\/2019\\\/02\\\/Sympt\u00f4mes-de-court-nou\u00e9-panachure-r\u00e9ticul\u00e9e-et-d\u00e9formation-foliaire-400x284.jpg\",\"et-pb-portfolio-module-image\":\"https:\\\/\\\/www.vignevin.com\\\/wp-content\\\/uploads\\\/2019\\\/02\\\/Sympt\u00f4mes-de-court-nou\u00e9-panachure-r\u00e9ticul\u00e9e-et-d\u00e9formation-foliaire-510x382.jpg\",\"et-pb-portfolio-image-single\":\"https:\\\/\\\/www.vignevin.com\\\/wp-content\\\/uploads\\\/2019\\\/02\\\/Sympt\u00f4mes-de-court-nou\u00e9-panachure-r\u00e9ticul\u00e9e-et-d\u00e9formation-foliaire-1080x1440.jpg\",\"et-pb-gallery-module-image-portrait\":\"https:\\\/\\\/www.vignevin.com\\\/wp-content\\\/uploads\\\/2019\\\/02\\\/Sympt\u00f4mes-de-court-nou\u00e9-panachure-r\u00e9ticul\u00e9e-et-d\u00e9formation-foliaire-400x516.jpg\",\"et-pb-post-main-image-fullwidth-large\":\"https:\\\/\\\/www.vignevin.com\\\/wp-content\\\/uploads\\\/2019\\\/02\\\/Sympt\u00f4mes-de-court-nou\u00e9-panachure-r\u00e9ticul\u00e9e-et-d\u00e9formation-foliaire-2880x1800.jpg\",\"et-pb-image--responsive--desktop\":\"https:\\\/\\\/www.vignevin.com\\\/wp-content\\\/uploads\\\/2019\\\/02\\\/Sympt\u00f4mes-de-court-nou\u00e9-panachure-r\u00e9ticul\u00e9e-et-d\u00e9formation-foliaire-scaled.jpg\",\"et-pb-image--responsive--tablet\":\"https:\\\/\\\/www.vignevin.com\\\/wp-content\\\/uploads\\\/2019\\\/02\\\/Sympt\u00f4mes-de-court-nou\u00e9-panachure-r\u00e9ticul\u00e9e-et-d\u00e9formation-foliaire-scaled.jpg\",\"et-pb-image--responsive--phone\":\"https:\\\/\\\/www.vignevin.com\\\/wp-content\\\/uploads\\\/2019\\\/02\\\/Sympt\u00f4mes-de-court-nou\u00e9-panachure-r\u00e9ticul\u00e9e-et-d\u00e9formation-foliaire-scaled.jpg\",\"gform-image-choice-sm\":\"https:\\\/\\\/www.vignevin.com\\\/wp-content\\\/uploads\\\/2019\\\/02\\\/Sympt\u00f4mes-de-court-nou\u00e9-panachure-r\u00e9ticul\u00e9e-et-d\u00e9formation-foliaire-scaled.jpg\",\"gform-image-choice-md\":\"https:\\\/\\\/www.vignevin.com\\\/wp-content\\\/uploads\\\/2019\\\/02\\\/Sympt\u00f4mes-de-court-nou\u00e9-panachure-r\u00e9ticul\u00e9e-et-d\u00e9formation-foliaire-scaled.jpg\",\"gform-image-choice-lg\":\"https:\\\/\\\/www.vignevin.com\\\/wp-content\\\/uploads\\\/2019\\\/02\\\/Sympt\u00f4mes-de-court-nou\u00e9-panachure-r\u00e9ticul\u00e9e-et-d\u00e9formation-foliaire-scaled.jpg\",\"woocommerce_thumbnail\":\"https:\\\/\\\/www.vignevin.com\\\/wp-content\\\/uploads\\\/2019\\\/02\\\/Sympt\u00f4mes-de-court-nou\u00e9-panachure-r\u00e9ticul\u00e9e-et-d\u00e9formation-foliaire-scaled-300x300.jpg\",\"woocommerce_single\":\"https:\\\/\\\/www.vignevin.com\\\/wp-content\\\/uploads\\\/2019\\\/02\\\/Sympt\u00f4mes-de-court-nou\u00e9-panachure-r\u00e9ticul\u00e9e-et-d\u00e9formation-foliaire-scaled-600x800.jpg\",\"woocommerce_gallery_thumbnail\":\"https:\\\/\\\/www.vignevin.com\\\/wp-content\\\/uploads\\\/2019\\\/02\\\/Sympt\u00f4mes-de-court-nou\u00e9-panachure-r\u00e9ticul\u00e9e-et-d\u00e9formation-foliaire-scaled-100x100.jpg\",\"full\":\"https:\\\/\\\/www.vignevin.com\\\/wp-content\\\/uploads\\\/2019\\\/02\\\/Sympt\u00f4mes-de-court-nou\u00e9-panachure-r\u00e9ticul\u00e9e-et-d\u00e9formation-foliaire-scaled.jpg\",\"index\":13,\"id\":9951,\"video\":false,\"opts\":{\"caption\":\"\",\"thumb\":\"https:\\\/\\\/www.vignevin.com\\\/wp-content\\\/uploads\\\/2019\\\/02\\\/Sympt\u00f4mes-de-court-nou\u00e9-panachure-r\u00e9ticul\u00e9e-et-d\u00e9formation-foliaire-scaled-75x50_c.jpg\",\"title\":\"Sympt&amp;ocirc;mes de court-nou&amp;eacute; panachure r&amp;eacute;ticul&amp;eacute;e et d&amp;eacute;formation foliaire\"},\"gallery_id\":17410,\"gallery_title\":\"Grapevines virus\"},\"9952\":{\"status\":\"active\",\"src\":\"https:\\\/\\\/www.vignevin.com\\\/wp-content\\\/uploads\\\/2019\\\/02\\\/Sympt\u00f4mes-de-court-nou\u00e9-panachure-r\u00e9ticul\u00e9e.jpg\",\"title\":\"Sympt&amp;ocirc;mes de court-nou&amp;eacute; panachure r&amp;eacute;ticul&amp;eacute;e\",\"link\":\"https:\\\/\\\/www.vignevin.com\\\/wp-content\\\/uploads\\\/2019\\\/02\\\/Sympt\u00f4mes-de-court-nou\u00e9-panachure-r\u00e9ticul\u00e9e.jpg\",\"alt\":\"\",\"caption\":false,\"thumb\":\"https:\\\/\\\/www.vignevin.com\\\/wp-content\\\/uploads\\\/2019\\\/02\\\/Sympt\u00f4mes-de-court-nou\u00e9-panachure-r\u00e9ticul\u00e9e-75x50_c.jpg\",\"meta\":{\"aperture\":\"4\",\"credit\":null,\"camera\":\"DMC-TZ10\",\"caption\":\"\",\"created_timestamp\":\"1278245436\",\"copyright\":null,\"focal_length\":\"4.1\",\"iso\":\"80\",\"shutter_speed\":\"0.00625\",\"title\":\"\",\"orientation\":\"1\",\"keywords\":null},\"thumbnail\":\"https:\\\/\\\/www.vignevin.com\\\/wp-content\\\/uploads\\\/2019\\\/02\\\/Sympt\u00f4mes-de-court-nou\u00e9-panachure-r\u00e9ticul\u00e9e.jpg\",\"medium\":\"https:\\\/\\\/www.vignevin.com\\\/wp-content\\\/uploads\\\/2019\\\/02\\\/Sympt\u00f4mes-de-court-nou\u00e9-panachure-r\u00e9ticul\u00e9e.jpg\",\"medium_large\":\"https:\\\/\\\/www.vignevin.com\\\/wp-content\\\/uploads\\\/2019\\\/02\\\/Sympt\u00f4mes-de-court-nou\u00e9-panachure-r\u00e9ticul\u00e9e.jpg\",\"large\":\"https:\\\/\\\/www.vignevin.com\\\/wp-content\\\/uploads\\\/2019\\\/02\\\/Sympt\u00f4mes-de-court-nou\u00e9-panachure-r\u00e9ticul\u00e9e.jpg\",\"1536x1536\":\"https:\\\/\\\/www.vignevin.com\\\/wp-content\\\/uploads\\\/2019\\\/02\\\/Sympt\u00f4mes-de-court-nou\u00e9-panachure-r\u00e9ticul\u00e9e.jpg\",\"2048x2048\":\"https:\\\/\\\/www.vignevin.com\\\/wp-content\\\/uploads\\\/2019\\\/02\\\/Sympt\u00f4mes-de-court-nou\u00e9-panachure-r\u00e9ticul\u00e9e.jpg\",\"et-pb-post-main-image\":\"https:\\\/\\\/www.vignevin.com\\\/wp-content\\\/uploads\\\/2019\\\/02\\\/Sympt\u00f4mes-de-court-nou\u00e9-panachure-r\u00e9ticul\u00e9e.jpg\",\"et-pb-post-main-image-fullwidth\":\"https:\\\/\\\/www.vignevin.com\\\/wp-content\\\/uploads\\\/2019\\\/02\\\/Sympt\u00f4mes-de-court-nou\u00e9-panachure-r\u00e9ticul\u00e9e.jpg\",\"et-pb-portfolio-image\":\"https:\\\/\\\/www.vignevin.com\\\/wp-content\\\/uploads\\\/2019\\\/02\\\/Sympt\u00f4mes-de-court-nou\u00e9-panachure-r\u00e9ticul\u00e9e.jpg\",\"et-pb-portfolio-module-image\":\"https:\\\/\\\/www.vignevin.com\\\/wp-content\\\/uploads\\\/2019\\\/02\\\/Sympt\u00f4mes-de-court-nou\u00e9-panachure-r\u00e9ticul\u00e9e.jpg\",\"et-pb-portfolio-image-single\":\"https:\\\/\\\/www.vignevin.com\\\/wp-content\\\/uploads\\\/2019\\\/02\\\/Sympt\u00f4mes-de-court-nou\u00e9-panachure-r\u00e9ticul\u00e9e.jpg\",\"et-pb-gallery-module-image-portrait\":\"https:\\\/\\\/www.vignevin.com\\\/wp-content\\\/uploads\\\/2019\\\/02\\\/Sympt\u00f4mes-de-court-nou\u00e9-panachure-r\u00e9ticul\u00e9e.jpg\",\"et-pb-post-main-image-fullwidth-large\":\"https:\\\/\\\/www.vignevin.com\\\/wp-content\\\/uploads\\\/2019\\\/02\\\/Sympt\u00f4mes-de-court-nou\u00e9-panachure-r\u00e9ticul\u00e9e.jpg\",\"et-pb-image--responsive--desktop\":\"https:\\\/\\\/www.vignevin.com\\\/wp-content\\\/uploads\\\/2019\\\/02\\\/Sympt\u00f4mes-de-court-nou\u00e9-panachure-r\u00e9ticul\u00e9e.jpg\",\"et-pb-image--responsive--tablet\":\"https:\\\/\\\/www.vignevin.com\\\/wp-content\\\/uploads\\\/2019\\\/02\\\/Sympt\u00f4mes-de-court-nou\u00e9-panachure-r\u00e9ticul\u00e9e.jpg\",\"et-pb-image--responsive--phone\":\"https:\\\/\\\/www.vignevin.com\\\/wp-content\\\/uploads\\\/2019\\\/02\\\/Sympt\u00f4mes-de-court-nou\u00e9-panachure-r\u00e9ticul\u00e9e.jpg\",\"gform-image-choice-sm\":\"https:\\\/\\\/www.vignevin.com\\\/wp-content\\\/uploads\\\/2019\\\/02\\\/Sympt\u00f4mes-de-court-nou\u00e9-panachure-r\u00e9ticul\u00e9e.jpg\",\"gform-image-choice-md\":\"https:\\\/\\\/www.vignevin.com\\\/wp-content\\\/uploads\\\/2019\\\/02\\\/Sympt\u00f4mes-de-court-nou\u00e9-panachure-r\u00e9ticul\u00e9e.jpg\",\"gform-image-choice-lg\":\"https:\\\/\\\/www.vignevin.com\\\/wp-content\\\/uploads\\\/2019\\\/02\\\/Sympt\u00f4mes-de-court-nou\u00e9-panachure-r\u00e9ticul\u00e9e.jpg\",\"woocommerce_thumbnail\":\"https:\\\/\\\/www.vignevin.com\\\/wp-content\\\/uploads\\\/2019\\\/02\\\/Sympt\u00f4mes-de-court-nou\u00e9-panachure-r\u00e9ticul\u00e9e-300x300.jpg\",\"woocommerce_single\":\"https:\\\/\\\/www.vignevin.com\\\/wp-content\\\/uploads\\\/2019\\\/02\\\/Sympt\u00f4mes-de-court-nou\u00e9-panachure-r\u00e9ticul\u00e9e-600x800.jpg\",\"woocommerce_gallery_thumbnail\":\"https:\\\/\\\/www.vignevin.com\\\/wp-content\\\/uploads\\\/2019\\\/02\\\/Sympt\u00f4mes-de-court-nou\u00e9-panachure-r\u00e9ticul\u00e9e-100x100.jpg\",\"full\":\"https:\\\/\\\/www.vignevin.com\\\/wp-content\\\/uploads\\\/2019\\\/02\\\/Sympt\u00f4mes-de-court-nou\u00e9-panachure-r\u00e9ticul\u00e9e.jpg\",\"index\":14,\"id\":9952,\"video\":false,\"opts\":{\"caption\":\"\",\"thumb\":\"https:\\\/\\\/www.vignevin.com\\\/wp-content\\\/uploads\\\/2019\\\/02\\\/Sympt\u00f4mes-de-court-nou\u00e9-panachure-r\u00e9ticul\u00e9e-75x50_c.jpg\",\"title\":\"Sympt&amp;ocirc;mes de court-nou&amp;eacute; panachure r&amp;eacute;ticul&amp;eacute;e\"},\"gallery_id\":17410,\"gallery_title\":\"Grapevines virus\"},\"9953\":{\"status\":\"active\",\"src\":\"https:\\\/\\\/www.vignevin.com\\\/wp-content\\\/uploads\\\/2019\\\/02\\\/Sympt\u00f4mes-de-court-nou\u00e9-panachure.jpg\",\"title\":\"Sympt&amp;ocirc;mes de court-nou&amp;eacute; panachure\",\"link\":\"https:\\\/\\\/www.vignevin.com\\\/wp-content\\\/uploads\\\/2019\\\/02\\\/Sympt\u00f4mes-de-court-nou\u00e9-panachure.jpg\",\"alt\":\"\",\"caption\":false,\"thumb\":\"https:\\\/\\\/www.vignevin.com\\\/wp-content\\\/uploads\\\/2019\\\/02\\\/Sympt\u00f4mes-de-court-nou\u00e9-panachure-75x50_c.jpg\",\"meta\":{\"aperture\":\"4\",\"credit\":null,\"camera\":\"DMC-TZ10\",\"caption\":\"\",\"created_timestamp\":\"1278245314\",\"copyright\":null,\"focal_length\":\"4.1\",\"iso\":\"80\",\"shutter_speed\":\"0.0025\",\"title\":\"\",\"orientation\":\"1\",\"keywords\":null},\"thumbnail\":\"https:\\\/\\\/www.vignevin.com\\\/wp-content\\\/uploads\\\/2019\\\/02\\\/Sympt\u00f4mes-de-court-nou\u00e9-panachure-150x150.jpg\",\"medium\":\"https:\\\/\\\/www.vignevin.com\\\/wp-content\\\/uploads\\\/2019\\\/02\\\/Sympt\u00f4mes-de-court-nou\u00e9-panachure-300x225.jpg\",\"medium_large\":\"https:\\\/\\\/www.vignevin.com\\\/wp-content\\\/uploads\\\/2019\\\/02\\\/Sympt\u00f4mes-de-court-nou\u00e9-panachure-768x576.jpg\",\"large\":\"https:\\\/\\\/www.vignevin.com\\\/wp-content\\\/uploads\\\/2019\\\/02\\\/Sympt\u00f4mes-de-court-nou\u00e9-panachure-1024x768.jpg\",\"1536x1536\":\"https:\\\/\\\/www.vignevin.com\\\/wp-content\\\/uploads\\\/2019\\\/02\\\/Sympt\u00f4mes-de-court-nou\u00e9-panachure.jpg\",\"2048x2048\":\"https:\\\/\\\/www.vignevin.com\\\/wp-content\\\/uploads\\\/2019\\\/02\\\/Sympt\u00f4mes-de-court-nou\u00e9-panachure.jpg\",\"et-pb-post-main-image\":\"https:\\\/\\\/www.vignevin.com\\\/wp-content\\\/uploads\\\/2019\\\/02\\\/Sympt\u00f4mes-de-court-nou\u00e9-panachure-400x250.jpg\",\"et-pb-post-main-image-fullwidth\":\"https:\\\/\\\/www.vignevin.com\\\/wp-content\\\/uploads\\\/2019\\\/02\\\/Sympt\u00f4mes-de-court-nou\u00e9-panachure-1080x675.jpg\",\"et-pb-portfolio-image\":\"https:\\\/\\\/www.vignevin.com\\\/wp-content\\\/uploads\\\/2019\\\/02\\\/Sympt\u00f4mes-de-court-nou\u00e9-panachure-400x284.jpg\",\"et-pb-portfolio-module-image\":\"https:\\\/\\\/www.vignevin.com\\\/wp-content\\\/uploads\\\/2019\\\/02\\\/Sympt\u00f4mes-de-court-nou\u00e9-panachure-510x382.jpg\",\"et-pb-portfolio-image-single\":\"https:\\\/\\\/www.vignevin.com\\\/wp-content\\\/uploads\\\/2019\\\/02\\\/Sympt\u00f4mes-de-court-nou\u00e9-panachure-1080x810.jpg\",\"et-pb-gallery-module-image-portrait\":\"https:\\\/\\\/www.vignevin.com\\\/wp-content\\\/uploads\\\/2019\\\/02\\\/Sympt\u00f4mes-de-court-nou\u00e9-panachure-400x516.jpg\",\"et-pb-post-main-image-fullwidth-large\":\"https:\\\/\\\/www.vignevin.com\\\/wp-content\\\/uploads\\\/2019\\\/02\\\/Sympt\u00f4mes-de-court-nou\u00e9-panachure-2560x1800.jpg\",\"et-pb-image--responsive--desktop\":\"https:\\\/\\\/www.vignevin.com\\\/wp-content\\\/uploads\\\/2019\\\/02\\\/Sympt\u00f4mes-de-court-nou\u00e9-panachure.jpg\",\"et-pb-image--responsive--tablet\":\"https:\\\/\\\/www.vignevin.com\\\/wp-content\\\/uploads\\\/2019\\\/02\\\/Sympt\u00f4mes-de-court-nou\u00e9-panachure.jpg\",\"et-pb-image--responsive--phone\":\"https:\\\/\\\/www.vignevin.com\\\/wp-content\\\/uploads\\\/2019\\\/02\\\/Sympt\u00f4mes-de-court-nou\u00e9-panachure.jpg\",\"gform-image-choice-sm\":\"https:\\\/\\\/www.vignevin.com\\\/wp-content\\\/uploads\\\/2019\\\/02\\\/Sympt\u00f4mes-de-court-nou\u00e9-panachure.jpg\",\"gform-image-choice-md\":\"https:\\\/\\\/www.vignevin.com\\\/wp-content\\\/uploads\\\/2019\\\/02\\\/Sympt\u00f4mes-de-court-nou\u00e9-panachure.jpg\",\"gform-image-choice-lg\":\"https:\\\/\\\/www.vignevin.com\\\/wp-content\\\/uploads\\\/2019\\\/02\\\/Sympt\u00f4mes-de-court-nou\u00e9-panachure.jpg\",\"woocommerce_thumbnail\":\"https:\\\/\\\/www.vignevin.com\\\/wp-content\\\/uploads\\\/2019\\\/02\\\/Sympt\u00f4mes-de-court-nou\u00e9-panachure-300x300.jpg\",\"woocommerce_single\":\"https:\\\/\\\/www.vignevin.com\\\/wp-content\\\/uploads\\\/2019\\\/02\\\/Sympt\u00f4mes-de-court-nou\u00e9-panachure-600x450.jpg\",\"woocommerce_gallery_thumbnail\":\"https:\\\/\\\/www.vignevin.com\\\/wp-content\\\/uploads\\\/2019\\\/02\\\/Sympt\u00f4mes-de-court-nou\u00e9-panachure-100x100.jpg\",\"full\":\"https:\\\/\\\/www.vignevin.com\\\/wp-content\\\/uploads\\\/2019\\\/02\\\/Sympt\u00f4mes-de-court-nou\u00e9-panachure.jpg\",\"index\":15,\"id\":9953,\"video\":false,\"opts\":{\"caption\":\"\",\"thumb\":\"https:\\\/\\\/www.vignevin.com\\\/wp-content\\\/uploads\\\/2019\\\/02\\\/Sympt\u00f4mes-de-court-nou\u00e9-panachure-75x50_c.jpg\",\"title\":\"Sympt&amp;ocirc;mes de court-nou&amp;eacute; panachure\"},\"gallery_id\":17410,\"gallery_title\":\"Grapevines virus\"},\"9954\":{\"status\":\"active\",\"src\":\"https:\\\/\\\/www.vignevin.com\\\/wp-content\\\/uploads\\\/2019\\\/02\\\/Sympt\u00f4mes-de-court-nou\u00e9-rond-de-panachure-scaled.jpg\",\"title\":\"Sympt&amp;ocirc;mes de court-nou&amp;eacute; rond de panachure\",\"link\":\"https:\\\/\\\/www.vignevin.com\\\/wp-content\\\/uploads\\\/2019\\\/02\\\/Sympt\u00f4mes-de-court-nou\u00e9-rond-de-panachure.jpg\",\"alt\":\"\",\"caption\":false,\"thumb\":\"https:\\\/\\\/www.vignevin.com\\\/wp-content\\\/uploads\\\/2019\\\/02\\\/Sympt\u00f4mes-de-court-nou\u00e9-rond-de-panachure-scaled-75x50_c.jpg\",\"meta\":{\"aperture\":\"4.4\",\"credit\":null,\"camera\":\"DMC-TZ10\",\"caption\":\"\",\"created_timestamp\":\"1464200355\",\"copyright\":null,\"focal_length\":\"18.2\",\"iso\":\"125\",\"shutter_speed\":\"0.00625\",\"title\":\"\",\"orientation\":\"1\",\"keywords\":null},\"thumbnail\":\"https:\\\/\\\/www.vignevin.com\\\/wp-content\\\/uploads\\\/2019\\\/02\\\/Sympt\u00f4mes-de-court-nou\u00e9-rond-de-panachure-150x150.jpg\",\"medium\":\"https:\\\/\\\/www.vignevin.com\\\/wp-content\\\/uploads\\\/2019\\\/02\\\/Sympt\u00f4mes-de-court-nou\u00e9-rond-de-panachure-300x225.jpg\",\"medium_large\":\"https:\\\/\\\/www.vignevin.com\\\/wp-content\\\/uploads\\\/2019\\\/02\\\/Sympt\u00f4mes-de-court-nou\u00e9-rond-de-panachure-768x576.jpg\",\"large\":\"https:\\\/\\\/www.vignevin.com\\\/wp-content\\\/uploads\\\/2019\\\/02\\\/Sympt\u00f4mes-de-court-nou\u00e9-rond-de-panachure-1024x768.jpg\",\"1536x1536\":\"https:\\\/\\\/www.vignevin.com\\\/wp-content\\\/uploads\\\/2019\\\/02\\\/Sympt\u00f4mes-de-court-nou\u00e9-rond-de-panachure-scaled.jpg\",\"2048x2048\":\"https:\\\/\\\/www.vignevin.com\\\/wp-content\\\/uploads\\\/2019\\\/02\\\/Sympt\u00f4mes-de-court-nou\u00e9-rond-de-panachure-scaled.jpg\",\"et-pb-post-main-image\":\"https:\\\/\\\/www.vignevin.com\\\/wp-content\\\/uploads\\\/2019\\\/02\\\/Sympt\u00f4mes-de-court-nou\u00e9-rond-de-panachure-400x250.jpg\",\"et-pb-post-main-image-fullwidth\":\"https:\\\/\\\/www.vignevin.com\\\/wp-content\\\/uploads\\\/2019\\\/02\\\/Sympt\u00f4mes-de-court-nou\u00e9-rond-de-panachure-1080x675.jpg\",\"et-pb-portfolio-image\":\"https:\\\/\\\/www.vignevin.com\\\/wp-content\\\/uploads\\\/2019\\\/02\\\/Sympt\u00f4mes-de-court-nou\u00e9-rond-de-panachure-400x284.jpg\",\"et-pb-portfolio-module-image\":\"https:\\\/\\\/www.vignevin.com\\\/wp-content\\\/uploads\\\/2019\\\/02\\\/Sympt\u00f4mes-de-court-nou\u00e9-rond-de-panachure-510x382.jpg\",\"et-pb-portfolio-image-single\":\"https:\\\/\\\/www.vignevin.com\\\/wp-content\\\/uploads\\\/2019\\\/02\\\/Sympt\u00f4mes-de-court-nou\u00e9-rond-de-panachure-1080x810.jpg\",\"et-pb-gallery-module-image-portrait\":\"https:\\\/\\\/www.vignevin.com\\\/wp-content\\\/uploads\\\/2019\\\/02\\\/Sympt\u00f4mes-de-court-nou\u00e9-rond-de-panachure-400x516.jpg\",\"et-pb-post-main-image-fullwidth-large\":\"https:\\\/\\\/www.vignevin.com\\\/wp-content\\\/uploads\\\/2019\\\/02\\\/Sympt\u00f4mes-de-court-nou\u00e9-rond-de-panachure-2880x1800.jpg\",\"et-pb-image--responsive--desktop\":\"https:\\\/\\\/www.vignevin.com\\\/wp-content\\\/uploads\\\/2019\\\/02\\\/Sympt\u00f4mes-de-court-nou\u00e9-rond-de-panachure-scaled.jpg\",\"et-pb-image--responsive--tablet\":\"https:\\\/\\\/www.vignevin.com\\\/wp-content\\\/uploads\\\/2019\\\/02\\\/Sympt\u00f4mes-de-court-nou\u00e9-rond-de-panachure-scaled.jpg\",\"et-pb-image--responsive--phone\":\"https:\\\/\\\/www.vignevin.com\\\/wp-content\\\/uploads\\\/2019\\\/02\\\/Sympt\u00f4mes-de-court-nou\u00e9-rond-de-panachure-scaled.jpg\",\"gform-image-choice-sm\":\"https:\\\/\\\/www.vignevin.com\\\/wp-content\\\/uploads\\\/2019\\\/02\\\/Sympt\u00f4mes-de-court-nou\u00e9-rond-de-panachure-scaled.jpg\",\"gform-image-choice-md\":\"https:\\\/\\\/www.vignevin.com\\\/wp-content\\\/uploads\\\/2019\\\/02\\\/Sympt\u00f4mes-de-court-nou\u00e9-rond-de-panachure-scaled.jpg\",\"gform-image-choice-lg\":\"https:\\\/\\\/www.vignevin.com\\\/wp-content\\\/uploads\\\/2019\\\/02\\\/Sympt\u00f4mes-de-court-nou\u00e9-rond-de-panachure-scaled.jpg\",\"woocommerce_thumbnail\":\"https:\\\/\\\/www.vignevin.com\\\/wp-content\\\/uploads\\\/2019\\\/02\\\/Sympt\u00f4mes-de-court-nou\u00e9-rond-de-panachure-scaled-300x300.jpg\",\"woocommerce_single\":\"https:\\\/\\\/www.vignevin.com\\\/wp-content\\\/uploads\\\/2019\\\/02\\\/Sympt\u00f4mes-de-court-nou\u00e9-rond-de-panachure-scaled-600x450.jpg\",\"woocommerce_gallery_thumbnail\":\"https:\\\/\\\/www.vignevin.com\\\/wp-content\\\/uploads\\\/2019\\\/02\\\/Sympt\u00f4mes-de-court-nou\u00e9-rond-de-panachure-scaled-100x100.jpg\",\"full\":\"https:\\\/\\\/www.vignevin.com\\\/wp-content\\\/uploads\\\/2019\\\/02\\\/Sympt\u00f4mes-de-court-nou\u00e9-rond-de-panachure-scaled.jpg\",\"index\":16,\"id\":9954,\"video\":false,\"opts\":{\"caption\":\"\",\"thumb\":\"https:\\\/\\\/www.vignevin.com\\\/wp-content\\\/uploads\\\/2019\\\/02\\\/Sympt\u00f4mes-de-court-nou\u00e9-rond-de-panachure-scaled-75x50_c.jpg\",\"title\":\"Sympt&amp;ocirc;mes de court-nou&amp;eacute; rond de panachure\"},\"gallery_id\":17410,\"gallery_title\":\"Grapevines virus\"},\"9955\":{\"status\":\"active\",\"src\":\"https:\\\/\\\/www.vignevin.com\\\/wp-content\\\/uploads\\\/2019\\\/02\\\/Sympt\u00f4mes-de-court-nou\u00e9-2.jpg\",\"title\":\"Sympt&amp;ocirc;mes de court-nou&amp;eacute; (2)\",\"link\":\"https:\\\/\\\/www.vignevin.com\\\/wp-content\\\/uploads\\\/2019\\\/02\\\/Sympt\u00f4mes-de-court-nou\u00e9-2.jpg\",\"alt\":\"\",\"caption\":false,\"thumb\":\"https:\\\/\\\/www.vignevin.com\\\/wp-content\\\/uploads\\\/2019\\\/02\\\/Sympt\u00f4mes-de-court-nou\u00e9-2-75x50_c.jpg\",\"meta\":{\"aperture\":\"4\",\"credit\":null,\"camera\":\"DMC-TZ10\",\"caption\":\"\",\"created_timestamp\":\"1338976889\",\"copyright\":null,\"focal_length\":\"4.1\",\"iso\":\"80\",\"shutter_speed\":\"0.004\",\"title\":\"\",\"orientation\":\"1\",\"keywords\":null},\"thumbnail\":\"https:\\\/\\\/www.vignevin.com\\\/wp-content\\\/uploads\\\/2019\\\/02\\\/Sympt\u00f4mes-de-court-nou\u00e9-2-150x150.jpg\",\"medium\":\"https:\\\/\\\/www.vignevin.com\\\/wp-content\\\/uploads\\\/2019\\\/02\\\/Sympt\u00f4mes-de-court-nou\u00e9-2-225x300.jpg\",\"medium_large\":\"https:\\\/\\\/www.vignevin.com\\\/wp-content\\\/uploads\\\/2019\\\/02\\\/Sympt\u00f4mes-de-court-nou\u00e9-2-768x1024.jpg\",\"large\":\"https:\\\/\\\/www.vignevin.com\\\/wp-content\\\/uploads\\\/2019\\\/02\\\/Sympt\u00f4mes-de-court-nou\u00e9-2-768x1024.jpg\",\"1536x1536\":\"https:\\\/\\\/www.vignevin.com\\\/wp-content\\\/uploads\\\/2019\\\/02\\\/Sympt\u00f4mes-de-court-nou\u00e9-2.jpg\",\"2048x2048\":\"https:\\\/\\\/www.vignevin.com\\\/wp-content\\\/uploads\\\/2019\\\/02\\\/Sympt\u00f4mes-de-court-nou\u00e9-2.jpg\",\"et-pb-post-main-image\":\"https:\\\/\\\/www.vignevin.com\\\/wp-content\\\/uploads\\\/2019\\\/02\\\/Sympt\u00f4mes-de-court-nou\u00e9-2-400x250.jpg\",\"et-pb-post-main-image-fullwidth\":\"https:\\\/\\\/www.vignevin.com\\\/wp-content\\\/uploads\\\/2019\\\/02\\\/Sympt\u00f4mes-de-court-nou\u00e9-2-1080x675.jpg\",\"et-pb-portfolio-image\":\"https:\\\/\\\/www.vignevin.com\\\/wp-content\\\/uploads\\\/2019\\\/02\\\/Sympt\u00f4mes-de-court-nou\u00e9-2-400x284.jpg\",\"et-pb-portfolio-module-image\":\"https:\\\/\\\/www.vignevin.com\\\/wp-content\\\/uploads\\\/2019\\\/02\\\/Sympt\u00f4mes-de-court-nou\u00e9-2-510x382.jpg\",\"et-pb-portfolio-image-single\":\"https:\\\/\\\/www.vignevin.com\\\/wp-content\\\/uploads\\\/2019\\\/02\\\/Sympt\u00f4mes-de-court-nou\u00e9-2-1080x1440.jpg\",\"et-pb-gallery-module-image-portrait\":\"https:\\\/\\\/www.vignevin.com\\\/wp-content\\\/uploads\\\/2019\\\/02\\\/Sympt\u00f4mes-de-court-nou\u00e9-2-400x516.jpg\",\"et-pb-post-main-image-fullwidth-large\":\"https:\\\/\\\/www.vignevin.com\\\/wp-content\\\/uploads\\\/2019\\\/02\\\/Sympt\u00f4mes-de-court-nou\u00e9-2-1920x1800.jpg\",\"et-pb-image--responsive--desktop\":\"https:\\\/\\\/www.vignevin.com\\\/wp-content\\\/uploads\\\/2019\\\/02\\\/Sympt\u00f4mes-de-court-nou\u00e9-2.jpg\",\"et-pb-image--responsive--tablet\":\"https:\\\/\\\/www.vignevin.com\\\/wp-content\\\/uploads\\\/2019\\\/02\\\/Sympt\u00f4mes-de-court-nou\u00e9-2.jpg\",\"et-pb-image--responsive--phone\":\"https:\\\/\\\/www.vignevin.com\\\/wp-content\\\/uploads\\\/2019\\\/02\\\/Sympt\u00f4mes-de-court-nou\u00e9-2.jpg\",\"gform-image-choice-sm\":\"https:\\\/\\\/www.vignevin.com\\\/wp-content\\\/uploads\\\/2019\\\/02\\\/Sympt\u00f4mes-de-court-nou\u00e9-2.jpg\",\"gform-image-choice-md\":\"https:\\\/\\\/www.vignevin.com\\\/wp-content\\\/uploads\\\/2019\\\/02\\\/Sympt\u00f4mes-de-court-nou\u00e9-2.jpg\",\"gform-image-choice-lg\":\"https:\\\/\\\/www.vignevin.com\\\/wp-content\\\/uploads\\\/2019\\\/02\\\/Sympt\u00f4mes-de-court-nou\u00e9-2.jpg\",\"woocommerce_thumbnail\":\"https:\\\/\\\/www.vignevin.com\\\/wp-content\\\/uploads\\\/2019\\\/02\\\/Sympt\u00f4mes-de-court-nou\u00e9-2-300x300.jpg\",\"woocommerce_single\":\"https:\\\/\\\/www.vignevin.com\\\/wp-content\\\/uploads\\\/2019\\\/02\\\/Sympt\u00f4mes-de-court-nou\u00e9-2-600x800.jpg\",\"woocommerce_gallery_thumbnail\":\"https:\\\/\\\/www.vignevin.com\\\/wp-content\\\/uploads\\\/2019\\\/02\\\/Sympt\u00f4mes-de-court-nou\u00e9-2-100x100.jpg\",\"full\":\"https:\\\/\\\/www.vignevin.com\\\/wp-content\\\/uploads\\\/2019\\\/02\\\/Sympt\u00f4mes-de-court-nou\u00e9-2.jpg\",\"index\":17,\"id\":9955,\"video\":false,\"opts\":{\"caption\":\"\",\"thumb\":\"https:\\\/\\\/www.vignevin.com\\\/wp-content\\\/uploads\\\/2019\\\/02\\\/Sympt\u00f4mes-de-court-nou\u00e9-2-75x50_c.jpg\",\"title\":\"Sympt&amp;ocirc;mes de court-nou&amp;eacute; (2)\"},\"gallery_id\":17410,\"gallery_title\":\"Grapevines virus\"},\"9956\":{\"status\":\"active\",\"src\":\"https:\\\/\\\/www.vignevin.com\\\/wp-content\\\/uploads\\\/2019\\\/02\\\/Sympt\u00f4mes-de-court-nou\u00e9-3.jpg\",\"title\":\"Sympt&amp;ocirc;mes de court-nou&amp;eacute; (3)\",\"link\":\"https:\\\/\\\/www.vignevin.com\\\/wp-content\\\/uploads\\\/2019\\\/02\\\/Sympt\u00f4mes-de-court-nou\u00e9-3.jpg\",\"alt\":\"\",\"caption\":false,\"thumb\":\"https:\\\/\\\/www.vignevin.com\\\/wp-content\\\/uploads\\\/2019\\\/02\\\/Sympt\u00f4mes-de-court-nou\u00e9-3-75x50_c.jpg\",\"meta\":{\"aperture\":\"4\",\"credit\":null,\"camera\":\"DMC-TZ10\",\"caption\":\"\",\"created_timestamp\":\"1372930847\",\"copyright\":null,\"focal_length\":\"4.1\",\"iso\":\"125\",\"shutter_speed\":\"0.004\",\"title\":\"\",\"orientation\":\"1\",\"keywords\":null},\"thumbnail\":\"https:\\\/\\\/www.vignevin.com\\\/wp-content\\\/uploads\\\/2019\\\/02\\\/Sympt\u00f4mes-de-court-nou\u00e9-3.jpg\",\"medium\":\"https:\\\/\\\/www.vignevin.com\\\/wp-content\\\/uploads\\\/2019\\\/02\\\/Sympt\u00f4mes-de-court-nou\u00e9-3.jpg\",\"medium_large\":\"https:\\\/\\\/www.vignevin.com\\\/wp-content\\\/uploads\\\/2019\\\/02\\\/Sympt\u00f4mes-de-court-nou\u00e9-3.jpg\",\"large\":\"https:\\\/\\\/www.vignevin.com\\\/wp-content\\\/uploads\\\/2019\\\/02\\\/Sympt\u00f4mes-de-court-nou\u00e9-3.jpg\",\"1536x1536\":\"https:\\\/\\\/www.vignevin.com\\\/wp-content\\\/uploads\\\/2019\\\/02\\\/Sympt\u00f4mes-de-court-nou\u00e9-3.jpg\",\"2048x2048\":\"https:\\\/\\\/www.vignevin.com\\\/wp-content\\\/uploads\\\/2019\\\/02\\\/Sympt\u00f4mes-de-court-nou\u00e9-3.jpg\",\"et-pb-post-main-image\":\"https:\\\/\\\/www.vignevin.com\\\/wp-content\\\/uploads\\\/2019\\\/02\\\/Sympt\u00f4mes-de-court-nou\u00e9-3.jpg\",\"et-pb-post-main-image-fullwidth\":\"https:\\\/\\\/www.vignevin.com\\\/wp-content\\\/uploads\\\/2019\\\/02\\\/Sympt\u00f4mes-de-court-nou\u00e9-3.jpg\",\"et-pb-portfolio-image\":\"https:\\\/\\\/www.vignevin.com\\\/wp-content\\\/uploads\\\/2019\\\/02\\\/Sympt\u00f4mes-de-court-nou\u00e9-3.jpg\",\"et-pb-portfolio-module-image\":\"https:\\\/\\\/www.vignevin.com\\\/wp-content\\\/uploads\\\/2019\\\/02\\\/Sympt\u00f4mes-de-court-nou\u00e9-3.jpg\",\"et-pb-portfolio-image-single\":\"https:\\\/\\\/www.vignevin.com\\\/wp-content\\\/uploads\\\/2019\\\/02\\\/Sympt\u00f4mes-de-court-nou\u00e9-3.jpg\",\"et-pb-gallery-module-image-portrait\":\"https:\\\/\\\/www.vignevin.com\\\/wp-content\\\/uploads\\\/2019\\\/02\\\/Sympt\u00f4mes-de-court-nou\u00e9-3.jpg\",\"et-pb-post-main-image-fullwidth-large\":\"https:\\\/\\\/www.vignevin.com\\\/wp-content\\\/uploads\\\/2019\\\/02\\\/Sympt\u00f4mes-de-court-nou\u00e9-3.jpg\",\"et-pb-image--responsive--desktop\":\"https:\\\/\\\/www.vignevin.com\\\/wp-content\\\/uploads\\\/2019\\\/02\\\/Sympt\u00f4mes-de-court-nou\u00e9-3.jpg\",\"et-pb-image--responsive--tablet\":\"https:\\\/\\\/www.vignevin.com\\\/wp-content\\\/uploads\\\/2019\\\/02\\\/Sympt\u00f4mes-de-court-nou\u00e9-3.jpg\",\"et-pb-image--responsive--phone\":\"https:\\\/\\\/www.vignevin.com\\\/wp-content\\\/uploads\\\/2019\\\/02\\\/Sympt\u00f4mes-de-court-nou\u00e9-3.jpg\",\"gform-image-choice-sm\":\"https:\\\/\\\/www.vignevin.com\\\/wp-content\\\/uploads\\\/2019\\\/02\\\/Sympt\u00f4mes-de-court-nou\u00e9-3.jpg\",\"gform-image-choice-md\":\"https:\\\/\\\/www.vignevin.com\\\/wp-content\\\/uploads\\\/2019\\\/02\\\/Sympt\u00f4mes-de-court-nou\u00e9-3.jpg\",\"gform-image-choice-lg\":\"https:\\\/\\\/www.vignevin.com\\\/wp-content\\\/uploads\\\/2019\\\/02\\\/Sympt\u00f4mes-de-court-nou\u00e9-3.jpg\",\"woocommerce_thumbnail\":\"https:\\\/\\\/www.vignevin.com\\\/wp-content\\\/uploads\\\/2019\\\/02\\\/Sympt\u00f4mes-de-court-nou\u00e9-3-300x300.jpg\",\"woocommerce_single\":\"https:\\\/\\\/www.vignevin.com\\\/wp-content\\\/uploads\\\/2019\\\/02\\\/Sympt\u00f4mes-de-court-nou\u00e9-3-600x450.jpg\",\"woocommerce_gallery_thumbnail\":\"https:\\\/\\\/www.vignevin.com\\\/wp-content\\\/uploads\\\/2019\\\/02\\\/Sympt\u00f4mes-de-court-nou\u00e9-3-100x100.jpg\",\"full\":\"https:\\\/\\\/www.vignevin.com\\\/wp-content\\\/uploads\\\/2019\\\/02\\\/Sympt\u00f4mes-de-court-nou\u00e9-3.jpg\",\"index\":18,\"id\":9956,\"video\":false,\"opts\":{\"caption\":\"\",\"thumb\":\"https:\\\/\\\/www.vignevin.com\\\/wp-content\\\/uploads\\\/2019\\\/02\\\/Sympt\u00f4mes-de-court-nou\u00e9-3-75x50_c.jpg\",\"title\":\"Sympt&amp;ocirc;mes de court-nou&amp;eacute; (3)\"},\"gallery_id\":17410,\"gallery_title\":\"Grapevines virus\"},\"9957\":{\"status\":\"active\",\"src\":\"https:\\\/\\\/www.vignevin.com\\\/wp-content\\\/uploads\\\/2019\\\/02\\\/Sympt\u00f4mes-de-court-nou\u00e9-4.jpg\",\"title\":\"OLYMPUS DIGITAL CAMERA\",\"link\":\"https:\\\/\\\/www.vignevin.com\\\/wp-content\\\/uploads\\\/2019\\\/02\\\/Sympt\u00f4mes-de-court-nou\u00e9-4.jpg\",\"alt\":\"\",\"caption\":\"OLYMPUS DIGITAL CAMERA\",\"thumb\":\"https:\\\/\\\/www.vignevin.com\\\/wp-content\\\/uploads\\\/2019\\\/02\\\/Sympt\u00f4mes-de-court-nou\u00e9-4-75x50_c.jpg\",\"meta\":{\"aperture\":\"2.8\",\"credit\":null,\"camera\":\"C-5000Z\",\"caption\":\"OLYMPUS DIGITAL CAMERA\",\"created_timestamp\":\"1221674867\",\"copyright\":null,\"focal_length\":\"7.8\",\"iso\":\"80\",\"shutter_speed\":\"0.033333333333333\",\"title\":\"OLYMPUS DIGITAL CAMERA\",\"orientation\":null,\"keywords\":null},\"thumbnail\":\"https:\\\/\\\/www.vignevin.com\\\/wp-content\\\/uploads\\\/2019\\\/02\\\/Sympt\u00f4mes-de-court-nou\u00e9-4.jpg\",\"medium\":\"https:\\\/\\\/www.vignevin.com\\\/wp-content\\\/uploads\\\/2019\\\/02\\\/Sympt\u00f4mes-de-court-nou\u00e9-4.jpg\",\"medium_large\":\"https:\\\/\\\/www.vignevin.com\\\/wp-content\\\/uploads\\\/2019\\\/02\\\/Sympt\u00f4mes-de-court-nou\u00e9-4.jpg\",\"large\":\"https:\\\/\\\/www.vignevin.com\\\/wp-content\\\/uploads\\\/2019\\\/02\\\/Sympt\u00f4mes-de-court-nou\u00e9-4.jpg\",\"1536x1536\":\"https:\\\/\\\/www.vignevin.com\\\/wp-content\\\/uploads\\\/2019\\\/02\\\/Sympt\u00f4mes-de-court-nou\u00e9-4.jpg\",\"2048x2048\":\"https:\\\/\\\/www.vignevin.com\\\/wp-content\\\/uploads\\\/2019\\\/02\\\/Sympt\u00f4mes-de-court-nou\u00e9-4.jpg\",\"et-pb-post-main-image\":\"https:\\\/\\\/www.vignevin.com\\\/wp-content\\\/uploads\\\/2019\\\/02\\\/Sympt\u00f4mes-de-court-nou\u00e9-4.jpg\",\"et-pb-post-main-image-fullwidth\":\"https:\\\/\\\/www.vignevin.com\\\/wp-content\\\/uploads\\\/2019\\\/02\\\/Sympt\u00f4mes-de-court-nou\u00e9-4.jpg\",\"et-pb-portfolio-image\":\"https:\\\/\\\/www.vignevin.com\\\/wp-content\\\/uploads\\\/2019\\\/02\\\/Sympt\u00f4mes-de-court-nou\u00e9-4.jpg\",\"et-pb-portfolio-module-image\":\"https:\\\/\\\/www.vignevin.com\\\/wp-content\\\/uploads\\\/2019\\\/02\\\/Sympt\u00f4mes-de-court-nou\u00e9-4.jpg\",\"et-pb-portfolio-image-single\":\"https:\\\/\\\/www.vignevin.com\\\/wp-content\\\/uploads\\\/2019\\\/02\\\/Sympt\u00f4mes-de-court-nou\u00e9-4.jpg\",\"et-pb-gallery-module-image-portrait\":\"https:\\\/\\\/www.vignevin.com\\\/wp-content\\\/uploads\\\/2019\\\/02\\\/Sympt\u00f4mes-de-court-nou\u00e9-4.jpg\",\"et-pb-post-main-image-fullwidth-large\":\"https:\\\/\\\/www.vignevin.com\\\/wp-content\\\/uploads\\\/2019\\\/02\\\/Sympt\u00f4mes-de-court-nou\u00e9-4.jpg\",\"et-pb-image--responsive--desktop\":\"https:\\\/\\\/www.vignevin.com\\\/wp-content\\\/uploads\\\/2019\\\/02\\\/Sympt\u00f4mes-de-court-nou\u00e9-4.jpg\",\"et-pb-image--responsive--tablet\":\"https:\\\/\\\/www.vignevin.com\\\/wp-content\\\/uploads\\\/2019\\\/02\\\/Sympt\u00f4mes-de-court-nou\u00e9-4.jpg\",\"et-pb-image--responsive--phone\":\"https:\\\/\\\/www.vignevin.com\\\/wp-content\\\/uploads\\\/2019\\\/02\\\/Sympt\u00f4mes-de-court-nou\u00e9-4.jpg\",\"gform-image-choice-sm\":\"https:\\\/\\\/www.vignevin.com\\\/wp-content\\\/uploads\\\/2019\\\/02\\\/Sympt\u00f4mes-de-court-nou\u00e9-4.jpg\",\"gform-image-choice-md\":\"https:\\\/\\\/www.vignevin.com\\\/wp-content\\\/uploads\\\/2019\\\/02\\\/Sympt\u00f4mes-de-court-nou\u00e9-4.jpg\",\"gform-image-choice-lg\":\"https:\\\/\\\/www.vignevin.com\\\/wp-content\\\/uploads\\\/2019\\\/02\\\/Sympt\u00f4mes-de-court-nou\u00e9-4.jpg\",\"woocommerce_thumbnail\":\"https:\\\/\\\/www.vignevin.com\\\/wp-content\\\/uploads\\\/2019\\\/02\\\/Sympt\u00f4mes-de-court-nou\u00e9-4-300x300.jpg\",\"woocommerce_single\":\"https:\\\/\\\/www.vignevin.com\\\/wp-content\\\/uploads\\\/2019\\\/02\\\/Sympt\u00f4mes-de-court-nou\u00e9-4-600x800.jpg\",\"woocommerce_gallery_thumbnail\":\"https:\\\/\\\/www.vignevin.com\\\/wp-content\\\/uploads\\\/2019\\\/02\\\/Sympt\u00f4mes-de-court-nou\u00e9-4-100x100.jpg\",\"full\":\"https:\\\/\\\/www.vignevin.com\\\/wp-content\\\/uploads\\\/2019\\\/02\\\/Sympt\u00f4mes-de-court-nou\u00e9-4.jpg\",\"index\":19,\"id\":9957,\"video\":false,\"opts\":{\"caption\":\"OLYMPUS DIGITAL CAMERA\",\"thumb\":\"https:\\\/\\\/www.vignevin.com\\\/wp-content\\\/uploads\\\/2019\\\/02\\\/Sympt\u00f4mes-de-court-nou\u00e9-4-75x50_c.jpg\",\"title\":\"OLYMPUS DIGITAL CAMERA\"},\"gallery_id\":17410,\"gallery_title\":\"Grapevines virus\"},\"9958\":{\"status\":\"active\",\"src\":\"https:\\\/\\\/www.vignevin.com\\\/wp-content\\\/uploads\\\/2019\\\/02\\\/Sympt\u00f4mes-de-court-nou\u00e9-5.jpg\",\"title\":\"Sympt&amp;ocirc;mes de court-nou&amp;eacute; (5)\",\"link\":\"https:\\\/\\\/www.vignevin.com\\\/wp-content\\\/uploads\\\/2019\\\/02\\\/Sympt\u00f4mes-de-court-nou\u00e9-5.jpg\",\"alt\":\"\",\"caption\":false,\"thumb\":\"https:\\\/\\\/www.vignevin.com\\\/wp-content\\\/uploads\\\/2019\\\/02\\\/Sympt\u00f4mes-de-court-nou\u00e9-5-75x50_c.jpg\",\"meta\":{\"aperture\":\"3.3\",\"credit\":null,\"camera\":\"DMC-TZ10\",\"caption\":\"\",\"created_timestamp\":\"1374076227\",\"copyright\":null,\"focal_length\":\"4.1\",\"iso\":\"400\",\"shutter_speed\":\"0.033333333333333\",\"title\":\"\",\"orientation\":\"1\",\"keywords\":null},\"thumbnail\":\"https:\\\/\\\/www.vignevin.com\\\/wp-content\\\/uploads\\\/2019\\\/02\\\/Sympt\u00f4mes-de-court-nou\u00e9-5.jpg\",\"medium\":\"https:\\\/\\\/www.vignevin.com\\\/wp-content\\\/uploads\\\/2019\\\/02\\\/Sympt\u00f4mes-de-court-nou\u00e9-5.jpg\",\"medium_large\":\"https:\\\/\\\/www.vignevin.com\\\/wp-content\\\/uploads\\\/2019\\\/02\\\/Sympt\u00f4mes-de-court-nou\u00e9-5.jpg\",\"large\":\"https:\\\/\\\/www.vignevin.com\\\/wp-content\\\/uploads\\\/2019\\\/02\\\/Sympt\u00f4mes-de-court-nou\u00e9-5.jpg\",\"1536x1536\":\"https:\\\/\\\/www.vignevin.com\\\/wp-content\\\/uploads\\\/2019\\\/02\\\/Sympt\u00f4mes-de-court-nou\u00e9-5.jpg\",\"2048x2048\":\"https:\\\/\\\/www.vignevin.com\\\/wp-content\\\/uploads\\\/2019\\\/02\\\/Sympt\u00f4mes-de-court-nou\u00e9-5.jpg\",\"et-pb-post-main-image\":\"https:\\\/\\\/www.vignevin.com\\\/wp-content\\\/uploads\\\/2019\\\/02\\\/Sympt\u00f4mes-de-court-nou\u00e9-5.jpg\",\"et-pb-post-main-image-fullwidth\":\"https:\\\/\\\/www.vignevin.com\\\/wp-content\\\/uploads\\\/2019\\\/02\\\/Sympt\u00f4mes-de-court-nou\u00e9-5.jpg\",\"et-pb-portfolio-image\":\"https:\\\/\\\/www.vignevin.com\\\/wp-content\\\/uploads\\\/2019\\\/02\\\/Sympt\u00f4mes-de-court-nou\u00e9-5.jpg\",\"et-pb-portfolio-module-image\":\"https:\\\/\\\/www.vignevin.com\\\/wp-content\\\/uploads\\\/2019\\\/02\\\/Sympt\u00f4mes-de-court-nou\u00e9-5.jpg\",\"et-pb-portfolio-image-single\":\"https:\\\/\\\/www.vignevin.com\\\/wp-content\\\/uploads\\\/2019\\\/02\\\/Sympt\u00f4mes-de-court-nou\u00e9-5.jpg\",\"et-pb-gallery-module-image-portrait\":\"https:\\\/\\\/www.vignevin.com\\\/wp-content\\\/uploads\\\/2019\\\/02\\\/Sympt\u00f4mes-de-court-nou\u00e9-5.jpg\",\"et-pb-post-main-image-fullwidth-large\":\"https:\\\/\\\/www.vignevin.com\\\/wp-content\\\/uploads\\\/2019\\\/02\\\/Sympt\u00f4mes-de-court-nou\u00e9-5.jpg\",\"et-pb-image--responsive--desktop\":\"https:\\\/\\\/www.vignevin.com\\\/wp-content\\\/uploads\\\/2019\\\/02\\\/Sympt\u00f4mes-de-court-nou\u00e9-5.jpg\",\"et-pb-image--responsive--tablet\":\"https:\\\/\\\/www.vignevin.com\\\/wp-content\\\/uploads\\\/2019\\\/02\\\/Sympt\u00f4mes-de-court-nou\u00e9-5.jpg\",\"et-pb-image--responsive--phone\":\"https:\\\/\\\/www.vignevin.com\\\/wp-content\\\/uploads\\\/2019\\\/02\\\/Sympt\u00f4mes-de-court-nou\u00e9-5.jpg\",\"gform-image-choice-sm\":\"https:\\\/\\\/www.vignevin.com\\\/wp-content\\\/uploads\\\/2019\\\/02\\\/Sympt\u00f4mes-de-court-nou\u00e9-5.jpg\",\"gform-image-choice-md\":\"https:\\\/\\\/www.vignevin.com\\\/wp-content\\\/uploads\\\/2019\\\/02\\\/Sympt\u00f4mes-de-court-nou\u00e9-5.jpg\",\"gform-image-choice-lg\":\"https:\\\/\\\/www.vignevin.com\\\/wp-content\\\/uploads\\\/2019\\\/02\\\/Sympt\u00f4mes-de-court-nou\u00e9-5.jpg\",\"woocommerce_thumbnail\":\"https:\\\/\\\/www.vignevin.com\\\/wp-content\\\/uploads\\\/2019\\\/02\\\/Sympt\u00f4mes-de-court-nou\u00e9-5-300x300.jpg\",\"woocommerce_single\":\"https:\\\/\\\/www.vignevin.com\\\/wp-content\\\/uploads\\\/2019\\\/02\\\/Sympt\u00f4mes-de-court-nou\u00e9-5-600x800.jpg\",\"woocommerce_gallery_thumbnail\":\"https:\\\/\\\/www.vignevin.com\\\/wp-content\\\/uploads\\\/2019\\\/02\\\/Sympt\u00f4mes-de-court-nou\u00e9-5-100x100.jpg\",\"full\":\"https:\\\/\\\/www.vignevin.com\\\/wp-content\\\/uploads\\\/2019\\\/02\\\/Sympt\u00f4mes-de-court-nou\u00e9-5.jpg\",\"index\":20,\"id\":9958,\"video\":false,\"opts\":{\"caption\":\"\",\"thumb\":\"https:\\\/\\\/www.vignevin.com\\\/wp-content\\\/uploads\\\/2019\\\/02\\\/Sympt\u00f4mes-de-court-nou\u00e9-5-75x50_c.jpg\",\"title\":\"Sympt&amp;ocirc;mes de court-nou&amp;eacute; (5)\"},\"gallery_id\":17410,\"gallery_title\":\"Grapevines virus\"},\"9959\":{\"status\":\"active\",\"src\":\"https:\\\/\\\/www.vignevin.com\\\/wp-content\\\/uploads\\\/2019\\\/02\\\/Sympt\u00f4mes-de-court-nou\u00e9-6.jpg\",\"title\":\"Sympt&amp;ocirc;mes de court-nou&amp;eacute; (6)\",\"link\":\"https:\\\/\\\/www.vignevin.com\\\/wp-content\\\/uploads\\\/2019\\\/02\\\/Sympt\u00f4mes-de-court-nou\u00e9-6.jpg\",\"alt\":\"\",\"caption\":false,\"thumb\":\"https:\\\/\\\/www.vignevin.com\\\/wp-content\\\/uploads\\\/2019\\\/02\\\/Sympt\u00f4mes-de-court-nou\u00e9-6-75x50_c.jpg\",\"meta\":{\"aperture\":\"4\",\"credit\":null,\"camera\":\"DMC-TZ10\",\"caption\":\"\",\"created_timestamp\":\"1342091093\",\"copyright\":null,\"focal_length\":\"4.1\",\"iso\":\"80\",\"shutter_speed\":\"0.003125\",\"title\":\"\",\"orientation\":\"1\",\"keywords\":null},\"thumbnail\":\"https:\\\/\\\/www.vignevin.com\\\/wp-content\\\/uploads\\\/2019\\\/02\\\/Sympt\u00f4mes-de-court-nou\u00e9-6.jpg\",\"medium\":\"https:\\\/\\\/www.vignevin.com\\\/wp-content\\\/uploads\\\/2019\\\/02\\\/Sympt\u00f4mes-de-court-nou\u00e9-6.jpg\",\"medium_large\":\"https:\\\/\\\/www.vignevin.com\\\/wp-content\\\/uploads\\\/2019\\\/02\\\/Sympt\u00f4mes-de-court-nou\u00e9-6.jpg\",\"large\":\"https:\\\/\\\/www.vignevin.com\\\/wp-content\\\/uploads\\\/2019\\\/02\\\/Sympt\u00f4mes-de-court-nou\u00e9-6.jpg\",\"1536x1536\":\"https:\\\/\\\/www.vignevin.com\\\/wp-content\\\/uploads\\\/2019\\\/02\\\/Sympt\u00f4mes-de-court-nou\u00e9-6.jpg\",\"2048x2048\":\"https:\\\/\\\/www.vignevin.com\\\/wp-content\\\/uploads\\\/2019\\\/02\\\/Sympt\u00f4mes-de-court-nou\u00e9-6.jpg\",\"et-pb-post-main-image\":\"https:\\\/\\\/www.vignevin.com\\\/wp-content\\\/uploads\\\/2019\\\/02\\\/Sympt\u00f4mes-de-court-nou\u00e9-6.jpg\",\"et-pb-post-main-image-fullwidth\":\"https:\\\/\\\/www.vignevin.com\\\/wp-content\\\/uploads\\\/2019\\\/02\\\/Sympt\u00f4mes-de-court-nou\u00e9-6.jpg\",\"et-pb-portfolio-image\":\"https:\\\/\\\/www.vignevin.com\\\/wp-content\\\/uploads\\\/2019\\\/02\\\/Sympt\u00f4mes-de-court-nou\u00e9-6.jpg\",\"et-pb-portfolio-module-image\":\"https:\\\/\\\/www.vignevin.com\\\/wp-content\\\/uploads\\\/2019\\\/02\\\/Sympt\u00f4mes-de-court-nou\u00e9-6.jpg\",\"et-pb-portfolio-image-single\":\"https:\\\/\\\/www.vignevin.com\\\/wp-content\\\/uploads\\\/2019\\\/02\\\/Sympt\u00f4mes-de-court-nou\u00e9-6.jpg\",\"et-pb-gallery-module-image-portrait\":\"https:\\\/\\\/www.vignevin.com\\\/wp-content\\\/uploads\\\/2019\\\/02\\\/Sympt\u00f4mes-de-court-nou\u00e9-6.jpg\",\"et-pb-post-main-image-fullwidth-large\":\"https:\\\/\\\/www.vignevin.com\\\/wp-content\\\/uploads\\\/2019\\\/02\\\/Sympt\u00f4mes-de-court-nou\u00e9-6.jpg\",\"et-pb-image--responsive--desktop\":\"https:\\\/\\\/www.vignevin.com\\\/wp-content\\\/uploads\\\/2019\\\/02\\\/Sympt\u00f4mes-de-court-nou\u00e9-6.jpg\",\"et-pb-image--responsive--tablet\":\"https:\\\/\\\/www.vignevin.com\\\/wp-content\\\/uploads\\\/2019\\\/02\\\/Sympt\u00f4mes-de-court-nou\u00e9-6.jpg\",\"et-pb-image--responsive--phone\":\"https:\\\/\\\/www.vignevin.com\\\/wp-content\\\/uploads\\\/2019\\\/02\\\/Sympt\u00f4mes-de-court-nou\u00e9-6.jpg\",\"gform-image-choice-sm\":\"https:\\\/\\\/www.vignevin.com\\\/wp-content\\\/uploads\\\/2019\\\/02\\\/Sympt\u00f4mes-de-court-nou\u00e9-6.jpg\",\"gform-image-choice-md\":\"https:\\\/\\\/www.vignevin.com\\\/wp-content\\\/uploads\\\/2019\\\/02\\\/Sympt\u00f4mes-de-court-nou\u00e9-6.jpg\",\"gform-image-choice-lg\":\"https:\\\/\\\/www.vignevin.com\\\/wp-content\\\/uploads\\\/2019\\\/02\\\/Sympt\u00f4mes-de-court-nou\u00e9-6.jpg\",\"woocommerce_thumbnail\":\"https:\\\/\\\/www.vignevin.com\\\/wp-content\\\/uploads\\\/2019\\\/02\\\/Sympt\u00f4mes-de-court-nou\u00e9-6-300x300.jpg\",\"woocommerce_single\":\"https:\\\/\\\/www.vignevin.com\\\/wp-content\\\/uploads\\\/2019\\\/02\\\/Sympt\u00f4mes-de-court-nou\u00e9-6-600x800.jpg\",\"woocommerce_gallery_thumbnail\":\"https:\\\/\\\/www.vignevin.com\\\/wp-content\\\/uploads\\\/2019\\\/02\\\/Sympt\u00f4mes-de-court-nou\u00e9-6-100x100.jpg\",\"full\":\"https:\\\/\\\/www.vignevin.com\\\/wp-content\\\/uploads\\\/2019\\\/02\\\/Sympt\u00f4mes-de-court-nou\u00e9-6.jpg\",\"index\":21,\"id\":9959,\"video\":false,\"opts\":{\"caption\":\"\",\"thumb\":\"https:\\\/\\\/www.vignevin.com\\\/wp-content\\\/uploads\\\/2019\\\/02\\\/Sympt\u00f4mes-de-court-nou\u00e9-6-75x50_c.jpg\",\"title\":\"Sympt&amp;ocirc;mes de court-nou&amp;eacute; (6)\"},\"gallery_id\":17410,\"gallery_title\":\"Grapevines virus\"},\"9960\":{\"status\":\"active\",\"src\":\"https:\\\/\\\/www.vignevin.com\\\/wp-content\\\/uploads\\\/2019\\\/02\\\/Sympt\u00f4mes-de-court-nou\u00e9-7.jpg\",\"title\":\"Sympt&amp;ocirc;mes de court-nou&amp;eacute; (7)\",\"link\":\"https:\\\/\\\/www.vignevin.com\\\/wp-content\\\/uploads\\\/2019\\\/02\\\/Sympt\u00f4mes-de-court-nou\u00e9-7.jpg\",\"alt\":\"\",\"caption\":false,\"thumb\":\"https:\\\/\\\/www.vignevin.com\\\/wp-content\\\/uploads\\\/2019\\\/02\\\/Sympt\u00f4mes-de-court-nou\u00e9-7-75x50_c.jpg\",\"meta\":{\"aperture\":\"4\",\"credit\":null,\"camera\":\"DMC-TZ10\",\"caption\":\"\",\"created_timestamp\":\"1341483981\",\"copyright\":null,\"focal_length\":\"4.1\",\"iso\":\"80\",\"shutter_speed\":\"0.00625\",\"title\":\"\",\"orientation\":\"1\",\"keywords\":null},\"thumbnail\":\"https:\\\/\\\/www.vignevin.com\\\/wp-content\\\/uploads\\\/2019\\\/02\\\/Sympt\u00f4mes-de-court-nou\u00e9-7.jpg\",\"medium\":\"https:\\\/\\\/www.vignevin.com\\\/wp-content\\\/uploads\\\/2019\\\/02\\\/Sympt\u00f4mes-de-court-nou\u00e9-7.jpg\",\"medium_large\":\"https:\\\/\\\/www.vignevin.com\\\/wp-content\\\/uploads\\\/2019\\\/02\\\/Sympt\u00f4mes-de-court-nou\u00e9-7.jpg\",\"large\":\"https:\\\/\\\/www.vignevin.com\\\/wp-content\\\/uploads\\\/2019\\\/02\\\/Sympt\u00f4mes-de-court-nou\u00e9-7.jpg\",\"1536x1536\":\"https:\\\/\\\/www.vignevin.com\\\/wp-content\\\/uploads\\\/2019\\\/02\\\/Sympt\u00f4mes-de-court-nou\u00e9-7.jpg\",\"2048x2048\":\"https:\\\/\\\/www.vignevin.com\\\/wp-content\\\/uploads\\\/2019\\\/02\\\/Sympt\u00f4mes-de-court-nou\u00e9-7.jpg\",\"et-pb-post-main-image\":\"https:\\\/\\\/www.vignevin.com\\\/wp-content\\\/uploads\\\/2019\\\/02\\\/Sympt\u00f4mes-de-court-nou\u00e9-7.jpg\",\"et-pb-post-main-image-fullwidth\":\"https:\\\/\\\/www.vignevin.com\\\/wp-content\\\/uploads\\\/2019\\\/02\\\/Sympt\u00f4mes-de-court-nou\u00e9-7.jpg\",\"et-pb-portfolio-image\":\"https:\\\/\\\/www.vignevin.com\\\/wp-content\\\/uploads\\\/2019\\\/02\\\/Sympt\u00f4mes-de-court-nou\u00e9-7.jpg\",\"et-pb-portfolio-module-image\":\"https:\\\/\\\/www.vignevin.com\\\/wp-content\\\/uploads\\\/2019\\\/02\\\/Sympt\u00f4mes-de-court-nou\u00e9-7.jpg\",\"et-pb-portfolio-image-single\":\"https:\\\/\\\/www.vignevin.com\\\/wp-content\\\/uploads\\\/2019\\\/02\\\/Sympt\u00f4mes-de-court-nou\u00e9-7.jpg\",\"et-pb-gallery-module-image-portrait\":\"https:\\\/\\\/www.vignevin.com\\\/wp-content\\\/uploads\\\/2019\\\/02\\\/Sympt\u00f4mes-de-court-nou\u00e9-7.jpg\",\"et-pb-post-main-image-fullwidth-large\":\"https:\\\/\\\/www.vignevin.com\\\/wp-content\\\/uploads\\\/2019\\\/02\\\/Sympt\u00f4mes-de-court-nou\u00e9-7.jpg\",\"et-pb-image--responsive--desktop\":\"https:\\\/\\\/www.vignevin.com\\\/wp-content\\\/uploads\\\/2019\\\/02\\\/Sympt\u00f4mes-de-court-nou\u00e9-7.jpg\",\"et-pb-image--responsive--tablet\":\"https:\\\/\\\/www.vignevin.com\\\/wp-content\\\/uploads\\\/2019\\\/02\\\/Sympt\u00f4mes-de-court-nou\u00e9-7.jpg\",\"et-pb-image--responsive--phone\":\"https:\\\/\\\/www.vignevin.com\\\/wp-content\\\/uploads\\\/2019\\\/02\\\/Sympt\u00f4mes-de-court-nou\u00e9-7.jpg\",\"gform-image-choice-sm\":\"https:\\\/\\\/www.vignevin.com\\\/wp-content\\\/uploads\\\/2019\\\/02\\\/Sympt\u00f4mes-de-court-nou\u00e9-7.jpg\",\"gform-image-choice-md\":\"https:\\\/\\\/www.vignevin.com\\\/wp-content\\\/uploads\\\/2019\\\/02\\\/Sympt\u00f4mes-de-court-nou\u00e9-7.jpg\",\"gform-image-choice-lg\":\"https:\\\/\\\/www.vignevin.com\\\/wp-content\\\/uploads\\\/2019\\\/02\\\/Sympt\u00f4mes-de-court-nou\u00e9-7.jpg\",\"woocommerce_thumbnail\":\"https:\\\/\\\/www.vignevin.com\\\/wp-content\\\/uploads\\\/2019\\\/02\\\/Sympt\u00f4mes-de-court-nou\u00e9-7-300x300.jpg\",\"woocommerce_single\":\"https:\\\/\\\/www.vignevin.com\\\/wp-content\\\/uploads\\\/2019\\\/02\\\/Sympt\u00f4mes-de-court-nou\u00e9-7-600x800.jpg\",\"woocommerce_gallery_thumbnail\":\"https:\\\/\\\/www.vignevin.com\\\/wp-content\\\/uploads\\\/2019\\\/02\\\/Sympt\u00f4mes-de-court-nou\u00e9-7-100x100.jpg\",\"full\":\"https:\\\/\\\/www.vignevin.com\\\/wp-content\\\/uploads\\\/2019\\\/02\\\/Sympt\u00f4mes-de-court-nou\u00e9-7.jpg\",\"index\":22,\"id\":9960,\"video\":false,\"opts\":{\"caption\":\"\",\"thumb\":\"https:\\\/\\\/www.vignevin.com\\\/wp-content\\\/uploads\\\/2019\\\/02\\\/Sympt\u00f4mes-de-court-nou\u00e9-7-75x50_c.jpg\",\"title\":\"Sympt&amp;ocirc;mes de court-nou&amp;eacute; (7)\"},\"gallery_id\":17410,\"gallery_title\":\"Grapevines virus\"},\"9961\":{\"status\":\"active\",\"src\":\"https:\\\/\\\/www.vignevin.com\\\/wp-content\\\/uploads\\\/2019\\\/02\\\/Sympt\u00f4mes-de-court-nou\u00e9-8-scaled.jpg\",\"title\":\"Sympt&amp;ocirc;mes de court-nou&amp;eacute; (8)\",\"link\":\"https:\\\/\\\/www.vignevin.com\\\/wp-content\\\/uploads\\\/2019\\\/02\\\/Sympt\u00f4mes-de-court-nou\u00e9-8.jpg\",\"alt\":\"\",\"caption\":false,\"thumb\":\"https:\\\/\\\/www.vignevin.com\\\/wp-content\\\/uploads\\\/2019\\\/02\\\/Sympt\u00f4mes-de-court-nou\u00e9-8-scaled-75x50_c.jpg\",\"meta\":{\"aperture\":\"4.5\",\"credit\":null,\"camera\":\"DMC-TZ10\",\"caption\":\"\",\"created_timestamp\":\"1467893642\",\"copyright\":null,\"focal_length\":\"4.1\",\"iso\":\"80\",\"shutter_speed\":\"0.0025\",\"title\":\"\",\"orientation\":\"1\",\"keywords\":null},\"thumbnail\":\"https:\\\/\\\/www.vignevin.com\\\/wp-content\\\/uploads\\\/2019\\\/02\\\/Sympt\u00f4mes-de-court-nou\u00e9-8-150x150.jpg\",\"medium\":\"https:\\\/\\\/www.vignevin.com\\\/wp-content\\\/uploads\\\/2019\\\/02\\\/Sympt\u00f4mes-de-court-nou\u00e9-8-225x300.jpg\",\"medium_large\":\"https:\\\/\\\/www.vignevin.com\\\/wp-content\\\/uploads\\\/2019\\\/02\\\/Sympt\u00f4mes-de-court-nou\u00e9-8-768x1024.jpg\",\"large\":\"https:\\\/\\\/www.vignevin.com\\\/wp-content\\\/uploads\\\/2019\\\/02\\\/Sympt\u00f4mes-de-court-nou\u00e9-8-768x1024.jpg\",\"1536x1536\":\"https:\\\/\\\/www.vignevin.com\\\/wp-content\\\/uploads\\\/2019\\\/02\\\/Sympt\u00f4mes-de-court-nou\u00e9-8-scaled.jpg\",\"2048x2048\":\"https:\\\/\\\/www.vignevin.com\\\/wp-content\\\/uploads\\\/2019\\\/02\\\/Sympt\u00f4mes-de-court-nou\u00e9-8-scaled.jpg\",\"et-pb-post-main-image\":\"https:\\\/\\\/www.vignevin.com\\\/wp-content\\\/uploads\\\/2019\\\/02\\\/Sympt\u00f4mes-de-court-nou\u00e9-8-400x250.jpg\",\"et-pb-post-main-image-fullwidth\":\"https:\\\/\\\/www.vignevin.com\\\/wp-content\\\/uploads\\\/2019\\\/02\\\/Sympt\u00f4mes-de-court-nou\u00e9-8-1080x675.jpg\",\"et-pb-portfolio-image\":\"https:\\\/\\\/www.vignevin.com\\\/wp-content\\\/uploads\\\/2019\\\/02\\\/Sympt\u00f4mes-de-court-nou\u00e9-8-400x284.jpg\",\"et-pb-portfolio-module-image\":\"https:\\\/\\\/www.vignevin.com\\\/wp-content\\\/uploads\\\/2019\\\/02\\\/Sympt\u00f4mes-de-court-nou\u00e9-8-510x382.jpg\",\"et-pb-portfolio-image-single\":\"https:\\\/\\\/www.vignevin.com\\\/wp-content\\\/uploads\\\/2019\\\/02\\\/Sympt\u00f4mes-de-court-nou\u00e9-8-1080x1440.jpg\",\"et-pb-gallery-module-image-portrait\":\"https:\\\/\\\/www.vignevin.com\\\/wp-content\\\/uploads\\\/2019\\\/02\\\/Sympt\u00f4mes-de-court-nou\u00e9-8-400x516.jpg\",\"et-pb-post-main-image-fullwidth-large\":\"https:\\\/\\\/www.vignevin.com\\\/wp-content\\\/uploads\\\/2019\\\/02\\\/Sympt\u00f4mes-de-court-nou\u00e9-8-2880x1800.jpg\",\"et-pb-image--responsive--desktop\":\"https:\\\/\\\/www.vignevin.com\\\/wp-content\\\/uploads\\\/2019\\\/02\\\/Sympt\u00f4mes-de-court-nou\u00e9-8-scaled.jpg\",\"et-pb-image--responsive--tablet\":\"https:\\\/\\\/www.vignevin.com\\\/wp-content\\\/uploads\\\/2019\\\/02\\\/Sympt\u00f4mes-de-court-nou\u00e9-8-scaled.jpg\",\"et-pb-image--responsive--phone\":\"https:\\\/\\\/www.vignevin.com\\\/wp-content\\\/uploads\\\/2019\\\/02\\\/Sympt\u00f4mes-de-court-nou\u00e9-8-scaled.jpg\",\"gform-image-choice-sm\":\"https:\\\/\\\/www.vignevin.com\\\/wp-content\\\/uploads\\\/2019\\\/02\\\/Sympt\u00f4mes-de-court-nou\u00e9-8-scaled.jpg\",\"gform-image-choice-md\":\"https:\\\/\\\/www.vignevin.com\\\/wp-content\\\/uploads\\\/2019\\\/02\\\/Sympt\u00f4mes-de-court-nou\u00e9-8-scaled.jpg\",\"gform-image-choice-lg\":\"https:\\\/\\\/www.vignevin.com\\\/wp-content\\\/uploads\\\/2019\\\/02\\\/Sympt\u00f4mes-de-court-nou\u00e9-8-scaled.jpg\",\"woocommerce_thumbnail\":\"https:\\\/\\\/www.vignevin.com\\\/wp-content\\\/uploads\\\/2019\\\/02\\\/Sympt\u00f4mes-de-court-nou\u00e9-8-scaled-300x300.jpg\",\"woocommerce_single\":\"https:\\\/\\\/www.vignevin.com\\\/wp-content\\\/uploads\\\/2019\\\/02\\\/Sympt\u00f4mes-de-court-nou\u00e9-8-scaled-600x800.jpg\",\"woocommerce_gallery_thumbnail\":\"https:\\\/\\\/www.vignevin.com\\\/wp-content\\\/uploads\\\/2019\\\/02\\\/Sympt\u00f4mes-de-court-nou\u00e9-8-scaled-100x100.jpg\",\"full\":\"https:\\\/\\\/www.vignevin.com\\\/wp-content\\\/uploads\\\/2019\\\/02\\\/Sympt\u00f4mes-de-court-nou\u00e9-8-scaled.jpg\",\"index\":23,\"id\":9961,\"video\":false,\"opts\":{\"caption\":\"\",\"thumb\":\"https:\\\/\\\/www.vignevin.com\\\/wp-content\\\/uploads\\\/2019\\\/02\\\/Sympt\u00f4mes-de-court-nou\u00e9-8-scaled-75x50_c.jpg\",\"title\":\"Sympt&amp;ocirc;mes de court-nou&amp;eacute; (8)\"},\"gallery_id\":17410,\"gallery_title\":\"Grapevines virus\"},\"9962\":{\"status\":\"active\",\"src\":\"https:\\\/\\\/www.vignevin.com\\\/wp-content\\\/uploads\\\/2019\\\/02\\\/Sympt\u00f4mes-de-court-nou\u00e9-9.jpg\",\"title\":\"Sympt&amp;ocirc;mes de court-nou&amp;eacute; (9)\",\"link\":\"https:\\\/\\\/www.vignevin.com\\\/wp-content\\\/uploads\\\/2019\\\/02\\\/Sympt\u00f4mes-de-court-nou\u00e9-9.jpg\",\"alt\":\"\",\"caption\":false,\"thumb\":\"https:\\\/\\\/www.vignevin.com\\\/wp-content\\\/uploads\\\/2019\\\/02\\\/Sympt\u00f4mes-de-court-nou\u00e9-9-75x50_c.jpg\",\"meta\":{\"aperture\":\"3.3\",\"credit\":null,\"camera\":\"DMC-TZ10\",\"caption\":\"\",\"created_timestamp\":\"1341415775\",\"copyright\":null,\"focal_length\":\"4.4\",\"iso\":\"80\",\"shutter_speed\":\"0.004\",\"title\":\"\",\"orientation\":\"1\",\"keywords\":null},\"thumbnail\":\"https:\\\/\\\/www.vignevin.com\\\/wp-content\\\/uploads\\\/2019\\\/02\\\/Sympt\u00f4mes-de-court-nou\u00e9-9-150x150.jpg\",\"medium\":\"https:\\\/\\\/www.vignevin.com\\\/wp-content\\\/uploads\\\/2019\\\/02\\\/Sympt\u00f4mes-de-court-nou\u00e9-9-300x225.jpg\",\"medium_large\":\"https:\\\/\\\/www.vignevin.com\\\/wp-content\\\/uploads\\\/2019\\\/02\\\/Sympt\u00f4mes-de-court-nou\u00e9-9-768x576.jpg\",\"large\":\"https:\\\/\\\/www.vignevin.com\\\/wp-content\\\/uploads\\\/2019\\\/02\\\/Sympt\u00f4mes-de-court-nou\u00e9-9-1024x768.jpg\",\"1536x1536\":\"https:\\\/\\\/www.vignevin.com\\\/wp-content\\\/uploads\\\/2019\\\/02\\\/Sympt\u00f4mes-de-court-nou\u00e9-9.jpg\",\"2048x2048\":\"https:\\\/\\\/www.vignevin.com\\\/wp-content\\\/uploads\\\/2019\\\/02\\\/Sympt\u00f4mes-de-court-nou\u00e9-9.jpg\",\"et-pb-post-main-image\":\"https:\\\/\\\/www.vignevin.com\\\/wp-content\\\/uploads\\\/2019\\\/02\\\/Sympt\u00f4mes-de-court-nou\u00e9-9-400x250.jpg\",\"et-pb-post-main-image-fullwidth\":\"https:\\\/\\\/www.vignevin.com\\\/wp-content\\\/uploads\\\/2019\\\/02\\\/Sympt\u00f4mes-de-court-nou\u00e9-9-1080x675.jpg\",\"et-pb-portfolio-image\":\"https:\\\/\\\/www.vignevin.com\\\/wp-content\\\/uploads\\\/2019\\\/02\\\/Sympt\u00f4mes-de-court-nou\u00e9-9-400x284.jpg\",\"et-pb-portfolio-module-image\":\"https:\\\/\\\/www.vignevin.com\\\/wp-content\\\/uploads\\\/2019\\\/02\\\/Sympt\u00f4mes-de-court-nou\u00e9-9-510x382.jpg\",\"et-pb-portfolio-image-single\":\"https:\\\/\\\/www.vignevin.com\\\/wp-content\\\/uploads\\\/2019\\\/02\\\/Sympt\u00f4mes-de-court-nou\u00e9-9-1080x810.jpg\",\"et-pb-gallery-module-image-portrait\":\"https:\\\/\\\/www.vignevin.com\\\/wp-content\\\/uploads\\\/2019\\\/02\\\/Sympt\u00f4mes-de-court-nou\u00e9-9-400x516.jpg\",\"et-pb-post-main-image-fullwidth-large\":\"https:\\\/\\\/www.vignevin.com\\\/wp-content\\\/uploads\\\/2019\\\/02\\\/Sympt\u00f4mes-de-court-nou\u00e9-9.jpg\",\"et-pb-image--responsive--desktop\":\"https:\\\/\\\/www.vignevin.com\\\/wp-content\\\/uploads\\\/2019\\\/02\\\/Sympt\u00f4mes-de-court-nou\u00e9-9.jpg\",\"et-pb-image--responsive--tablet\":\"https:\\\/\\\/www.vignevin.com\\\/wp-content\\\/uploads\\\/2019\\\/02\\\/Sympt\u00f4mes-de-court-nou\u00e9-9.jpg\",\"et-pb-image--responsive--phone\":\"https:\\\/\\\/www.vignevin.com\\\/wp-content\\\/uploads\\\/2019\\\/02\\\/Sympt\u00f4mes-de-court-nou\u00e9-9.jpg\",\"gform-image-choice-sm\":\"https:\\\/\\\/www.vignevin.com\\\/wp-content\\\/uploads\\\/2019\\\/02\\\/Sympt\u00f4mes-de-court-nou\u00e9-9.jpg\",\"gform-image-choice-md\":\"https:\\\/\\\/www.vignevin.com\\\/wp-content\\\/uploads\\\/2019\\\/02\\\/Sympt\u00f4mes-de-court-nou\u00e9-9.jpg\",\"gform-image-choice-lg\":\"https:\\\/\\\/www.vignevin.com\\\/wp-content\\\/uploads\\\/2019\\\/02\\\/Sympt\u00f4mes-de-court-nou\u00e9-9.jpg\",\"woocommerce_thumbnail\":\"https:\\\/\\\/www.vignevin.com\\\/wp-content\\\/uploads\\\/2019\\\/02\\\/Sympt\u00f4mes-de-court-nou\u00e9-9-300x300.jpg\",\"woocommerce_single\":\"https:\\\/\\\/www.vignevin.com\\\/wp-content\\\/uploads\\\/2019\\\/02\\\/Sympt\u00f4mes-de-court-nou\u00e9-9-600x450.jpg\",\"woocommerce_gallery_thumbnail\":\"https:\\\/\\\/www.vignevin.com\\\/wp-content\\\/uploads\\\/2019\\\/02\\\/Sympt\u00f4mes-de-court-nou\u00e9-9-100x100.jpg\",\"full\":\"https:\\\/\\\/www.vignevin.com\\\/wp-content\\\/uploads\\\/2019\\\/02\\\/Sympt\u00f4mes-de-court-nou\u00e9-9.jpg\",\"index\":24,\"id\":9962,\"video\":false,\"opts\":{\"caption\":\"\",\"thumb\":\"https:\\\/\\\/www.vignevin.com\\\/wp-content\\\/uploads\\\/2019\\\/02\\\/Sympt\u00f4mes-de-court-nou\u00e9-9-75x50_c.jpg\",\"title\":\"Sympt&amp;ocirc;mes de court-nou&amp;eacute; (9)\"},\"gallery_id\":17410,\"gallery_title\":\"Grapevines virus\"},\"9963\":{\"status\":\"active\",\"src\":\"https:\\\/\\\/www.vignevin.com\\\/wp-content\\\/uploads\\\/2019\\\/02\\\/Sympt\u00f4mes-de-court-nou\u00e9-10.jpg\",\"title\":\"Sympt&amp;ocirc;mes de court-nou&amp;eacute; (10)\",\"link\":\"https:\\\/\\\/www.vignevin.com\\\/wp-content\\\/uploads\\\/2019\\\/02\\\/Sympt\u00f4mes-de-court-nou\u00e9-10.jpg\",\"alt\":\"\",\"caption\":false,\"thumb\":\"https:\\\/\\\/www.vignevin.com\\\/wp-content\\\/uploads\\\/2019\\\/02\\\/Sympt\u00f4mes-de-court-nou\u00e9-10-75x50_c.jpg\",\"meta\":{\"aperture\":\"3.2\",\"credit\":null,\"camera\":\"E5700\",\"caption\":\"\",\"created_timestamp\":null,\"copyright\":null,\"focal_length\":\"15.7\",\"iso\":\"100\",\"shutter_speed\":\"0.016583747927032\",\"title\":\"\",\"orientation\":\"1\",\"keywords\":null},\"thumbnail\":\"https:\\\/\\\/www.vignevin.com\\\/wp-content\\\/uploads\\\/2019\\\/02\\\/Sympt\u00f4mes-de-court-nou\u00e9-10-150x150.jpg\",\"medium\":\"https:\\\/\\\/www.vignevin.com\\\/wp-content\\\/uploads\\\/2019\\\/02\\\/Sympt\u00f4mes-de-court-nou\u00e9-10-300x225.jpg\",\"medium_large\":\"https:\\\/\\\/www.vignevin.com\\\/wp-content\\\/uploads\\\/2019\\\/02\\\/Sympt\u00f4mes-de-court-nou\u00e9-10-768x576.jpg\",\"large\":\"https:\\\/\\\/www.vignevin.com\\\/wp-content\\\/uploads\\\/2019\\\/02\\\/Sympt\u00f4mes-de-court-nou\u00e9-10-1024x768.jpg\",\"1536x1536\":\"https:\\\/\\\/www.vignevin.com\\\/wp-content\\\/uploads\\\/2019\\\/02\\\/Sympt\u00f4mes-de-court-nou\u00e9-10.jpg\",\"2048x2048\":\"https:\\\/\\\/www.vignevin.com\\\/wp-content\\\/uploads\\\/2019\\\/02\\\/Sympt\u00f4mes-de-court-nou\u00e9-10.jpg\",\"et-pb-post-main-image\":\"https:\\\/\\\/www.vignevin.com\\\/wp-content\\\/uploads\\\/2019\\\/02\\\/Sympt\u00f4mes-de-court-nou\u00e9-10-400x250.jpg\",\"et-pb-post-main-image-fullwidth\":\"https:\\\/\\\/www.vignevin.com\\\/wp-content\\\/uploads\\\/2019\\\/02\\\/Sympt\u00f4mes-de-court-nou\u00e9-10-1080x675.jpg\",\"et-pb-portfolio-image\":\"https:\\\/\\\/www.vignevin.com\\\/wp-content\\\/uploads\\\/2019\\\/02\\\/Sympt\u00f4mes-de-court-nou\u00e9-10-400x284.jpg\",\"et-pb-portfolio-module-image\":\"https:\\\/\\\/www.vignevin.com\\\/wp-content\\\/uploads\\\/2019\\\/02\\\/Sympt\u00f4mes-de-court-nou\u00e9-10-510x382.jpg\",\"et-pb-portfolio-image-single\":\"https:\\\/\\\/www.vignevin.com\\\/wp-content\\\/uploads\\\/2019\\\/02\\\/Sympt\u00f4mes-de-court-nou\u00e9-10-1080x810.jpg\",\"et-pb-gallery-module-image-portrait\":\"https:\\\/\\\/www.vignevin.com\\\/wp-content\\\/uploads\\\/2019\\\/02\\\/Sympt\u00f4mes-de-court-nou\u00e9-10-400x516.jpg\",\"et-pb-post-main-image-fullwidth-large\":\"https:\\\/\\\/www.vignevin.com\\\/wp-content\\\/uploads\\\/2019\\\/02\\\/Sympt\u00f4mes-de-court-nou\u00e9-10-2560x1800.jpg\",\"et-pb-image--responsive--desktop\":\"https:\\\/\\\/www.vignevin.com\\\/wp-content\\\/uploads\\\/2019\\\/02\\\/Sympt\u00f4mes-de-court-nou\u00e9-10.jpg\",\"et-pb-image--responsive--tablet\":\"https:\\\/\\\/www.vignevin.com\\\/wp-content\\\/uploads\\\/2019\\\/02\\\/Sympt\u00f4mes-de-court-nou\u00e9-10.jpg\",\"et-pb-image--responsive--phone\":\"https:\\\/\\\/www.vignevin.com\\\/wp-content\\\/uploads\\\/2019\\\/02\\\/Sympt\u00f4mes-de-court-nou\u00e9-10.jpg\",\"gform-image-choice-sm\":\"https:\\\/\\\/www.vignevin.com\\\/wp-content\\\/uploads\\\/2019\\\/02\\\/Sympt\u00f4mes-de-court-nou\u00e9-10.jpg\",\"gform-image-choice-md\":\"https:\\\/\\\/www.vignevin.com\\\/wp-content\\\/uploads\\\/2019\\\/02\\\/Sympt\u00f4mes-de-court-nou\u00e9-10.jpg\",\"gform-image-choice-lg\":\"https:\\\/\\\/www.vignevin.com\\\/wp-content\\\/uploads\\\/2019\\\/02\\\/Sympt\u00f4mes-de-court-nou\u00e9-10.jpg\",\"woocommerce_thumbnail\":\"https:\\\/\\\/www.vignevin.com\\\/wp-content\\\/uploads\\\/2019\\\/02\\\/Sympt\u00f4mes-de-court-nou\u00e9-10-300x300.jpg\",\"woocommerce_single\":\"https:\\\/\\\/www.vignevin.com\\\/wp-content\\\/uploads\\\/2019\\\/02\\\/Sympt\u00f4mes-de-court-nou\u00e9-10-600x450.jpg\",\"woocommerce_gallery_thumbnail\":\"https:\\\/\\\/www.vignevin.com\\\/wp-content\\\/uploads\\\/2019\\\/02\\\/Sympt\u00f4mes-de-court-nou\u00e9-10-100x100.jpg\",\"full\":\"https:\\\/\\\/www.vignevin.com\\\/wp-content\\\/uploads\\\/2019\\\/02\\\/Sympt\u00f4mes-de-court-nou\u00e9-10.jpg\",\"index\":25,\"id\":9963,\"video\":false,\"opts\":{\"caption\":\"\",\"thumb\":\"https:\\\/\\\/www.vignevin.com\\\/wp-content\\\/uploads\\\/2019\\\/02\\\/Sympt\u00f4mes-de-court-nou\u00e9-10-75x50_c.jpg\",\"title\":\"Sympt&amp;ocirc;mes de court-nou&amp;eacute; (10)\"},\"gallery_id\":17410,\"gallery_title\":\"Grapevines virus\"},\"9964\":{\"status\":\"active\",\"src\":\"https:\\\/\\\/www.vignevin.com\\\/wp-content\\\/uploads\\\/2019\\\/02\\\/Sympt\u00f4mes-de-court-nou\u00e9-caus\u00e9s-par-le-Raspberry-Ringspot-Virus-RpRV-scaled.jpg\",\"title\":\"Sympt&amp;ocirc;mes de court-nou&amp;eacute; caus&amp;eacute;s par le Raspberry Ringspot Virus (RpRV)\",\"link\":\"https:\\\/\\\/www.vignevin.com\\\/wp-content\\\/uploads\\\/2019\\\/02\\\/Sympt\u00f4mes-de-court-nou\u00e9-caus\u00e9s-par-le-Raspberry-Ringspot-Virus-RpRV.jpg\",\"alt\":\"\",\"caption\":false,\"thumb\":\"https:\\\/\\\/www.vignevin.com\\\/wp-content\\\/uploads\\\/2019\\\/02\\\/Sympt\u00f4mes-de-court-nou\u00e9-caus\u00e9s-par-le-Raspberry-Ringspot-Virus-RpRV-scaled-75x50_c.jpg\",\"meta\":{\"aperture\":\"3.5\",\"credit\":null,\"camera\":\"FinePix S5700 S700\",\"caption\":\"\",\"created_timestamp\":\"1421421993\",\"copyright\":null,\"focal_length\":\"6.3\",\"iso\":\"64\",\"shutter_speed\":\"0.0071428571428571\",\"title\":\"\",\"orientation\":\"1\",\"keywords\":null},\"thumbnail\":\"https:\\\/\\\/www.vignevin.com\\\/wp-content\\\/uploads\\\/2019\\\/02\\\/Sympt\u00f4mes-de-court-nou\u00e9-caus\u00e9s-par-le-Raspberry-Ringspot-Virus-RpRV-150x150.jpg\",\"medium\":\"https:\\\/\\\/www.vignevin.com\\\/wp-content\\\/uploads\\\/2019\\\/02\\\/Sympt\u00f4mes-de-court-nou\u00e9-caus\u00e9s-par-le-Raspberry-Ringspot-Virus-RpRV-300x225.jpg\",\"medium_large\":\"https:\\\/\\\/www.vignevin.com\\\/wp-content\\\/uploads\\\/2019\\\/02\\\/Sympt\u00f4mes-de-court-nou\u00e9-caus\u00e9s-par-le-Raspberry-Ringspot-Virus-RpRV-768x576.jpg\",\"large\":\"https:\\\/\\\/www.vignevin.com\\\/wp-content\\\/uploads\\\/2019\\\/02\\\/Sympt\u00f4mes-de-court-nou\u00e9-caus\u00e9s-par-le-Raspberry-Ringspot-Virus-RpRV-1024x768.jpg\",\"1536x1536\":\"https:\\\/\\\/www.vignevin.com\\\/wp-content\\\/uploads\\\/2019\\\/02\\\/Sympt\u00f4mes-de-court-nou\u00e9-caus\u00e9s-par-le-Raspberry-Ringspot-Virus-RpRV-scaled.jpg\",\"2048x2048\":\"https:\\\/\\\/www.vignevin.com\\\/wp-content\\\/uploads\\\/2019\\\/02\\\/Sympt\u00f4mes-de-court-nou\u00e9-caus\u00e9s-par-le-Raspberry-Ringspot-Virus-RpRV-scaled.jpg\",\"et-pb-post-main-image\":\"https:\\\/\\\/www.vignevin.com\\\/wp-content\\\/uploads\\\/2019\\\/02\\\/Sympt\u00f4mes-de-court-nou\u00e9-caus\u00e9s-par-le-Raspberry-Ringspot-Virus-RpRV-400x250.jpg\",\"et-pb-post-main-image-fullwidth\":\"https:\\\/\\\/www.vignevin.com\\\/wp-content\\\/uploads\\\/2019\\\/02\\\/Sympt\u00f4mes-de-court-nou\u00e9-caus\u00e9s-par-le-Raspberry-Ringspot-Virus-RpRV-1080x675.jpg\",\"et-pb-portfolio-image\":\"https:\\\/\\\/www.vignevin.com\\\/wp-content\\\/uploads\\\/2019\\\/02\\\/Sympt\u00f4mes-de-court-nou\u00e9-caus\u00e9s-par-le-Raspberry-Ringspot-Virus-RpRV-400x284.jpg\",\"et-pb-portfolio-module-image\":\"https:\\\/\\\/www.vignevin.com\\\/wp-content\\\/uploads\\\/2019\\\/02\\\/Sympt\u00f4mes-de-court-nou\u00e9-caus\u00e9s-par-le-Raspberry-Ringspot-Virus-RpRV-510x382.jpg\",\"et-pb-portfolio-image-single\":\"https:\\\/\\\/www.vignevin.com\\\/wp-content\\\/uploads\\\/2019\\\/02\\\/Sympt\u00f4mes-de-court-nou\u00e9-caus\u00e9s-par-le-Raspberry-Ringspot-Virus-RpRV-1080x810.jpg\",\"et-pb-gallery-module-image-portrait\":\"https:\\\/\\\/www.vignevin.com\\\/wp-content\\\/uploads\\\/2019\\\/02\\\/Sympt\u00f4mes-de-court-nou\u00e9-caus\u00e9s-par-le-Raspberry-Ringspot-Virus-RpRV-400x516.jpg\",\"et-pb-post-main-image-fullwidth-large\":\"https:\\\/\\\/www.vignevin.com\\\/wp-content\\\/uploads\\\/2019\\\/02\\\/Sympt\u00f4mes-de-court-nou\u00e9-caus\u00e9s-par-le-Raspberry-Ringspot-Virus-RpRV-2880x1800.jpg\",\"et-pb-image--responsive--desktop\":\"https:\\\/\\\/www.vignevin.com\\\/wp-content\\\/uploads\\\/2019\\\/02\\\/Sympt\u00f4mes-de-court-nou\u00e9-caus\u00e9s-par-le-Raspberry-Ringspot-Virus-RpRV-scaled.jpg\",\"et-pb-image--responsive--tablet\":\"https:\\\/\\\/www.vignevin.com\\\/wp-content\\\/uploads\\\/2019\\\/02\\\/Sympt\u00f4mes-de-court-nou\u00e9-caus\u00e9s-par-le-Raspberry-Ringspot-Virus-RpRV-scaled.jpg\",\"et-pb-image--responsive--phone\":\"https:\\\/\\\/www.vignevin.com\\\/wp-content\\\/uploads\\\/2019\\\/02\\\/Sympt\u00f4mes-de-court-nou\u00e9-caus\u00e9s-par-le-Raspberry-Ringspot-Virus-RpRV-scaled.jpg\",\"gform-image-choice-sm\":\"https:\\\/\\\/www.vignevin.com\\\/wp-content\\\/uploads\\\/2019\\\/02\\\/Sympt\u00f4mes-de-court-nou\u00e9-caus\u00e9s-par-le-Raspberry-Ringspot-Virus-RpRV-scaled.jpg\",\"gform-image-choice-md\":\"https:\\\/\\\/www.vignevin.com\\\/wp-content\\\/uploads\\\/2019\\\/02\\\/Sympt\u00f4mes-de-court-nou\u00e9-caus\u00e9s-par-le-Raspberry-Ringspot-Virus-RpRV-scaled.jpg\",\"gform-image-choice-lg\":\"https:\\\/\\\/www.vignevin.com\\\/wp-content\\\/uploads\\\/2019\\\/02\\\/Sympt\u00f4mes-de-court-nou\u00e9-caus\u00e9s-par-le-Raspberry-Ringspot-Virus-RpRV-scaled.jpg\",\"woocommerce_thumbnail\":\"https:\\\/\\\/www.vignevin.com\\\/wp-content\\\/uploads\\\/2019\\\/02\\\/Sympt\u00f4mes-de-court-nou\u00e9-caus\u00e9s-par-le-Raspberry-Ringspot-Virus-RpRV-scaled-300x300.jpg\",\"woocommerce_single\":\"https:\\\/\\\/www.vignevin.com\\\/wp-content\\\/uploads\\\/2019\\\/02\\\/Sympt\u00f4mes-de-court-nou\u00e9-caus\u00e9s-par-le-Raspberry-Ringspot-Virus-RpRV-scaled-600x450.jpg\",\"woocommerce_gallery_thumbnail\":\"https:\\\/\\\/www.vignevin.com\\\/wp-content\\\/uploads\\\/2019\\\/02\\\/Sympt\u00f4mes-de-court-nou\u00e9-caus\u00e9s-par-le-Raspberry-Ringspot-Virus-RpRV-scaled-100x100.jpg\",\"full\":\"https:\\\/\\\/www.vignevin.com\\\/wp-content\\\/uploads\\\/2019\\\/02\\\/Sympt\u00f4mes-de-court-nou\u00e9-caus\u00e9s-par-le-Raspberry-Ringspot-Virus-RpRV-scaled.jpg\",\"index\":26,\"id\":9964,\"video\":false,\"opts\":{\"caption\":\"\",\"thumb\":\"https:\\\/\\\/www.vignevin.com\\\/wp-content\\\/uploads\\\/2019\\\/02\\\/Sympt\u00f4mes-de-court-nou\u00e9-caus\u00e9s-par-le-Raspberry-Ringspot-Virus-RpRV-scaled-75x50_c.jpg\",\"title\":\"Sympt&amp;ocirc;mes de court-nou&amp;eacute; caus&amp;eacute;s par le Raspberry Ringspot Virus (RpRV)\"},\"gallery_id\":17410,\"gallery_title\":\"Grapevines virus\"},\"9965\":{\"status\":\"active\",\"src\":\"https:\\\/\\\/www.vignevin.com\\\/wp-content\\\/uploads\\\/2019\\\/02\\\/Sympt\u00f4mes-de-court-nou\u00e9-caus\u00e9s-par-le-Strawberry-Latent-Ringspot-Virus-SLRV-scaled.jpg\",\"title\":\"Sympt&amp;ocirc;mes de court-nou&amp;eacute; caus&amp;eacute;s par le Strawberry Latent Ringspot Virus (SLRV)\",\"link\":\"https:\\\/\\\/www.vignevin.com\\\/wp-content\\\/uploads\\\/2019\\\/02\\\/Sympt\u00f4mes-de-court-nou\u00e9-caus\u00e9s-par-le-Strawberry-Latent-Ringspot-Virus-SLRV.jpg\",\"alt\":\"\",\"caption\":false,\"thumb\":\"https:\\\/\\\/www.vignevin.com\\\/wp-content\\\/uploads\\\/2019\\\/02\\\/Sympt\u00f4mes-de-court-nou\u00e9-caus\u00e9s-par-le-Strawberry-Latent-Ringspot-Virus-SLRV-scaled-75x50_c.jpg\",\"meta\":{\"aperture\":\"6.8\",\"credit\":null,\"camera\":\"FinePix S5700 S700\",\"caption\":\"\",\"created_timestamp\":\"1421420644\",\"copyright\":null,\"focal_length\":\"8\",\"iso\":\"200\",\"shutter_speed\":\"0.0045454545454545\",\"title\":\"\",\"orientation\":\"1\",\"keywords\":null,\"resized_images\":null},\"thumbnail\":\"https:\\\/\\\/www.vignevin.com\\\/wp-content\\\/uploads\\\/2019\\\/02\\\/Sympt\u00f4mes-de-court-nou\u00e9-caus\u00e9s-par-le-Strawberry-Latent-Ringspot-Virus-SLRV-scaled.jpg\",\"medium\":\"https:\\\/\\\/www.vignevin.com\\\/wp-content\\\/uploads\\\/2019\\\/02\\\/Sympt\u00f4mes-de-court-nou\u00e9-caus\u00e9s-par-le-Strawberry-Latent-Ringspot-Virus-SLRV-scaled.jpg\",\"medium_large\":\"https:\\\/\\\/www.vignevin.com\\\/wp-content\\\/uploads\\\/2019\\\/02\\\/Sympt\u00f4mes-de-court-nou\u00e9-caus\u00e9s-par-le-Strawberry-Latent-Ringspot-Virus-SLRV-scaled.jpg\",\"large\":\"https:\\\/\\\/www.vignevin.com\\\/wp-content\\\/uploads\\\/2019\\\/02\\\/Sympt\u00f4mes-de-court-nou\u00e9-caus\u00e9s-par-le-Strawberry-Latent-Ringspot-Virus-SLRV-scaled.jpg\",\"1536x1536\":\"https:\\\/\\\/www.vignevin.com\\\/wp-content\\\/uploads\\\/2019\\\/02\\\/Sympt\u00f4mes-de-court-nou\u00e9-caus\u00e9s-par-le-Strawberry-Latent-Ringspot-Virus-SLRV-scaled.jpg\",\"2048x2048\":\"https:\\\/\\\/www.vignevin.com\\\/wp-content\\\/uploads\\\/2019\\\/02\\\/Sympt\u00f4mes-de-court-nou\u00e9-caus\u00e9s-par-le-Strawberry-Latent-Ringspot-Virus-SLRV-scaled.jpg\",\"et-pb-post-main-image\":\"https:\\\/\\\/www.vignevin.com\\\/wp-content\\\/uploads\\\/2019\\\/02\\\/Sympt\u00f4mes-de-court-nou\u00e9-caus\u00e9s-par-le-Strawberry-Latent-Ringspot-Virus-SLRV-scaled.jpg\",\"et-pb-post-main-image-fullwidth\":\"https:\\\/\\\/www.vignevin.com\\\/wp-content\\\/uploads\\\/2019\\\/02\\\/Sympt\u00f4mes-de-court-nou\u00e9-caus\u00e9s-par-le-Strawberry-Latent-Ringspot-Virus-SLRV-scaled.jpg\",\"et-pb-portfolio-image\":\"https:\\\/\\\/www.vignevin.com\\\/wp-content\\\/uploads\\\/2019\\\/02\\\/Sympt\u00f4mes-de-court-nou\u00e9-caus\u00e9s-par-le-Strawberry-Latent-Ringspot-Virus-SLRV-scaled.jpg\",\"et-pb-portfolio-module-image\":\"https:\\\/\\\/www.vignevin.com\\\/wp-content\\\/uploads\\\/2019\\\/02\\\/Sympt\u00f4mes-de-court-nou\u00e9-caus\u00e9s-par-le-Strawberry-Latent-Ringspot-Virus-SLRV-scaled.jpg\",\"et-pb-portfolio-image-single\":\"https:\\\/\\\/www.vignevin.com\\\/wp-content\\\/uploads\\\/2019\\\/02\\\/Sympt\u00f4mes-de-court-nou\u00e9-caus\u00e9s-par-le-Strawberry-Latent-Ringspot-Virus-SLRV-scaled.jpg\",\"et-pb-gallery-module-image-portrait\":\"https:\\\/\\\/www.vignevin.com\\\/wp-content\\\/uploads\\\/2019\\\/02\\\/Sympt\u00f4mes-de-court-nou\u00e9-caus\u00e9s-par-le-Strawberry-Latent-Ringspot-Virus-SLRV-scaled.jpg\",\"et-pb-post-main-image-fullwidth-large\":\"https:\\\/\\\/www.vignevin.com\\\/wp-content\\\/uploads\\\/2019\\\/02\\\/Sympt\u00f4mes-de-court-nou\u00e9-caus\u00e9s-par-le-Strawberry-Latent-Ringspot-Virus-SLRV-scaled.jpg\",\"et-pb-image--responsive--desktop\":\"https:\\\/\\\/www.vignevin.com\\\/wp-content\\\/uploads\\\/2019\\\/02\\\/Sympt\u00f4mes-de-court-nou\u00e9-caus\u00e9s-par-le-Strawberry-Latent-Ringspot-Virus-SLRV-scaled.jpg\",\"et-pb-image--responsive--tablet\":\"https:\\\/\\\/www.vignevin.com\\\/wp-content\\\/uploads\\\/2019\\\/02\\\/Sympt\u00f4mes-de-court-nou\u00e9-caus\u00e9s-par-le-Strawberry-Latent-Ringspot-Virus-SLRV-scaled.jpg\",\"et-pb-image--responsive--phone\":\"https:\\\/\\\/www.vignevin.com\\\/wp-content\\\/uploads\\\/2019\\\/02\\\/Sympt\u00f4mes-de-court-nou\u00e9-caus\u00e9s-par-le-Strawberry-Latent-Ringspot-Virus-SLRV-scaled.jpg\",\"gform-image-choice-sm\":\"https:\\\/\\\/www.vignevin.com\\\/wp-content\\\/uploads\\\/2019\\\/02\\\/Sympt\u00f4mes-de-court-nou\u00e9-caus\u00e9s-par-le-Strawberry-Latent-Ringspot-Virus-SLRV-scaled.jpg\",\"gform-image-choice-md\":\"https:\\\/\\\/www.vignevin.com\\\/wp-content\\\/uploads\\\/2019\\\/02\\\/Sympt\u00f4mes-de-court-nou\u00e9-caus\u00e9s-par-le-Strawberry-Latent-Ringspot-Virus-SLRV-scaled.jpg\",\"gform-image-choice-lg\":\"https:\\\/\\\/www.vignevin.com\\\/wp-content\\\/uploads\\\/2019\\\/02\\\/Sympt\u00f4mes-de-court-nou\u00e9-caus\u00e9s-par-le-Strawberry-Latent-Ringspot-Virus-SLRV-scaled.jpg\",\"woocommerce_thumbnail\":\"https:\\\/\\\/www.vignevin.com\\\/wp-content\\\/uploads\\\/2019\\\/02\\\/Sympt\u00f4mes-de-court-nou\u00e9-caus\u00e9s-par-le-Strawberry-Latent-Ringspot-Virus-SLRV-scaled-300x300.jpg\",\"woocommerce_single\":\"https:\\\/\\\/www.vignevin.com\\\/wp-content\\\/uploads\\\/2019\\\/02\\\/Sympt\u00f4mes-de-court-nou\u00e9-caus\u00e9s-par-le-Strawberry-Latent-Ringspot-Virus-SLRV-scaled-600x450.jpg\",\"woocommerce_gallery_thumbnail\":\"https:\\\/\\\/www.vignevin.com\\\/wp-content\\\/uploads\\\/2019\\\/02\\\/Sympt\u00f4mes-de-court-nou\u00e9-caus\u00e9s-par-le-Strawberry-Latent-Ringspot-Virus-SLRV-scaled-100x100.jpg\",\"full\":\"https:\\\/\\\/www.vignevin.com\\\/wp-content\\\/uploads\\\/2019\\\/02\\\/Sympt\u00f4mes-de-court-nou\u00e9-caus\u00e9s-par-le-Strawberry-Latent-Ringspot-Virus-SLRV-scaled.jpg\",\"index\":27,\"id\":9965,\"video\":false,\"opts\":{\"caption\":\"\",\"thumb\":\"https:\\\/\\\/www.vignevin.com\\\/wp-content\\\/uploads\\\/2019\\\/02\\\/Sympt\u00f4mes-de-court-nou\u00e9-caus\u00e9s-par-le-Strawberry-Latent-Ringspot-Virus-SLRV-scaled-75x50_c.jpg\",\"title\":\"Sympt&amp;ocirc;mes de court-nou&amp;eacute; caus&amp;eacute;s par le Strawberry Latent Ringspot Virus (SLRV)\"},\"gallery_id\":17410,\"gallery_title\":\"Grapevines virus\"},\"9966\":{\"status\":\"active\",\"src\":\"https:\\\/\\\/www.vignevin.com\\\/wp-content\\\/uploads\\\/2019\\\/02\\\/Sympt\u00f4mes-de-court-nou\u00e9-caus\u00e9s-par-le-Tomato-Blackring-Virus-TBRV-scaled.jpg\",\"title\":\"Sympt&amp;ocirc;mes de court-nou&amp;eacute; caus&amp;eacute;s par le Tomato Blackring Virus (TBRV)\",\"link\":\"https:\\\/\\\/www.vignevin.com\\\/wp-content\\\/uploads\\\/2019\\\/02\\\/Sympt\u00f4mes-de-court-nou\u00e9-caus\u00e9s-par-le-Tomato-Blackring-Virus-TBRV.jpg\",\"alt\":\"\",\"caption\":false,\"thumb\":\"https:\\\/\\\/www.vignevin.com\\\/wp-content\\\/uploads\\\/2019\\\/02\\\/Sympt\u00f4mes-de-court-nou\u00e9-caus\u00e9s-par-le-Tomato-Blackring-Virus-TBRV-scaled-75x50_c.jpg\",\"meta\":{\"aperture\":\"3.5\",\"credit\":null,\"camera\":\"FinePix S5700 S700\",\"caption\":\"\",\"created_timestamp\":\"1421421076\",\"copyright\":null,\"focal_length\":\"6.3\",\"iso\":\"100\",\"shutter_speed\":\"0.0071428571428571\",\"title\":\"\",\"orientation\":\"1\",\"keywords\":null},\"thumbnail\":\"https:\\\/\\\/www.vignevin.com\\\/wp-content\\\/uploads\\\/2019\\\/02\\\/Sympt\u00f4mes-de-court-nou\u00e9-caus\u00e9s-par-le-Tomato-Blackring-Virus-TBRV-150x150.jpg\",\"medium\":\"https:\\\/\\\/www.vignevin.com\\\/wp-content\\\/uploads\\\/2019\\\/02\\\/Sympt\u00f4mes-de-court-nou\u00e9-caus\u00e9s-par-le-Tomato-Blackring-Virus-TBRV-300x225.jpg\",\"medium_large\":\"https:\\\/\\\/www.vignevin.com\\\/wp-content\\\/uploads\\\/2019\\\/02\\\/Sympt\u00f4mes-de-court-nou\u00e9-caus\u00e9s-par-le-Tomato-Blackring-Virus-TBRV-768x576.jpg\",\"large\":\"https:\\\/\\\/www.vignevin.com\\\/wp-content\\\/uploads\\\/2019\\\/02\\\/Sympt\u00f4mes-de-court-nou\u00e9-caus\u00e9s-par-le-Tomato-Blackring-Virus-TBRV-1024x768.jpg\",\"1536x1536\":\"https:\\\/\\\/www.vignevin.com\\\/wp-content\\\/uploads\\\/2019\\\/02\\\/Sympt\u00f4mes-de-court-nou\u00e9-caus\u00e9s-par-le-Tomato-Blackring-Virus-TBRV-scaled.jpg\",\"2048x2048\":\"https:\\\/\\\/www.vignevin.com\\\/wp-content\\\/uploads\\\/2019\\\/02\\\/Sympt\u00f4mes-de-court-nou\u00e9-caus\u00e9s-par-le-Tomato-Blackring-Virus-TBRV-scaled.jpg\",\"et-pb-post-main-image\":\"https:\\\/\\\/www.vignevin.com\\\/wp-content\\\/uploads\\\/2019\\\/02\\\/Sympt\u00f4mes-de-court-nou\u00e9-caus\u00e9s-par-le-Tomato-Blackring-Virus-TBRV-400x250.jpg\",\"et-pb-post-main-image-fullwidth\":\"https:\\\/\\\/www.vignevin.com\\\/wp-content\\\/uploads\\\/2019\\\/02\\\/Sympt\u00f4mes-de-court-nou\u00e9-caus\u00e9s-par-le-Tomato-Blackring-Virus-TBRV-1080x675.jpg\",\"et-pb-portfolio-image\":\"https:\\\/\\\/www.vignevin.com\\\/wp-content\\\/uploads\\\/2019\\\/02\\\/Sympt\u00f4mes-de-court-nou\u00e9-caus\u00e9s-par-le-Tomato-Blackring-Virus-TBRV-400x284.jpg\",\"et-pb-portfolio-module-image\":\"https:\\\/\\\/www.vignevin.com\\\/wp-content\\\/uploads\\\/2019\\\/02\\\/Sympt\u00f4mes-de-court-nou\u00e9-caus\u00e9s-par-le-Tomato-Blackring-Virus-TBRV-510x382.jpg\",\"et-pb-portfolio-image-single\":\"https:\\\/\\\/www.vignevin.com\\\/wp-content\\\/uploads\\\/2019\\\/02\\\/Sympt\u00f4mes-de-court-nou\u00e9-caus\u00e9s-par-le-Tomato-Blackring-Virus-TBRV-1080x810.jpg\",\"et-pb-gallery-module-image-portrait\":\"https:\\\/\\\/www.vignevin.com\\\/wp-content\\\/uploads\\\/2019\\\/02\\\/Sympt\u00f4mes-de-court-nou\u00e9-caus\u00e9s-par-le-Tomato-Blackring-Virus-TBRV-400x516.jpg\",\"et-pb-post-main-image-fullwidth-large\":\"https:\\\/\\\/www.vignevin.com\\\/wp-content\\\/uploads\\\/2019\\\/02\\\/Sympt\u00f4mes-de-court-nou\u00e9-caus\u00e9s-par-le-Tomato-Blackring-Virus-TBRV-2880x1800.jpg\",\"et-pb-image--responsive--desktop\":\"https:\\\/\\\/www.vignevin.com\\\/wp-content\\\/uploads\\\/2019\\\/02\\\/Sympt\u00f4mes-de-court-nou\u00e9-caus\u00e9s-par-le-Tomato-Blackring-Virus-TBRV-scaled.jpg\",\"et-pb-image--responsive--tablet\":\"https:\\\/\\\/www.vignevin.com\\\/wp-content\\\/uploads\\\/2019\\\/02\\\/Sympt\u00f4mes-de-court-nou\u00e9-caus\u00e9s-par-le-Tomato-Blackring-Virus-TBRV-scaled.jpg\",\"et-pb-image--responsive--phone\":\"https:\\\/\\\/www.vignevin.com\\\/wp-content\\\/uploads\\\/2019\\\/02\\\/Sympt\u00f4mes-de-court-nou\u00e9-caus\u00e9s-par-le-Tomato-Blackring-Virus-TBRV-scaled.jpg\",\"gform-image-choice-sm\":\"https:\\\/\\\/www.vignevin.com\\\/wp-content\\\/uploads\\\/2019\\\/02\\\/Sympt\u00f4mes-de-court-nou\u00e9-caus\u00e9s-par-le-Tomato-Blackring-Virus-TBRV-scaled.jpg\",\"gform-image-choice-md\":\"https:\\\/\\\/www.vignevin.com\\\/wp-content\\\/uploads\\\/2019\\\/02\\\/Sympt\u00f4mes-de-court-nou\u00e9-caus\u00e9s-par-le-Tomato-Blackring-Virus-TBRV-scaled.jpg\",\"gform-image-choice-lg\":\"https:\\\/\\\/www.vignevin.com\\\/wp-content\\\/uploads\\\/2019\\\/02\\\/Sympt\u00f4mes-de-court-nou\u00e9-caus\u00e9s-par-le-Tomato-Blackring-Virus-TBRV-scaled.jpg\",\"woocommerce_thumbnail\":\"https:\\\/\\\/www.vignevin.com\\\/wp-content\\\/uploads\\\/2019\\\/02\\\/Sympt\u00f4mes-de-court-nou\u00e9-caus\u00e9s-par-le-Tomato-Blackring-Virus-TBRV-scaled-300x300.jpg\",\"woocommerce_single\":\"https:\\\/\\\/www.vignevin.com\\\/wp-content\\\/uploads\\\/2019\\\/02\\\/Sympt\u00f4mes-de-court-nou\u00e9-caus\u00e9s-par-le-Tomato-Blackring-Virus-TBRV-scaled-600x450.jpg\",\"woocommerce_gallery_thumbnail\":\"https:\\\/\\\/www.vignevin.com\\\/wp-content\\\/uploads\\\/2019\\\/02\\\/Sympt\u00f4mes-de-court-nou\u00e9-caus\u00e9s-par-le-Tomato-Blackring-Virus-TBRV-scaled-100x100.jpg\",\"full\":\"https:\\\/\\\/www.vignevin.com\\\/wp-content\\\/uploads\\\/2019\\\/02\\\/Sympt\u00f4mes-de-court-nou\u00e9-caus\u00e9s-par-le-Tomato-Blackring-Virus-TBRV-scaled.jpg\",\"index\":28,\"id\":9966,\"video\":false,\"opts\":{\"caption\":\"\",\"thumb\":\"https:\\\/\\\/www.vignevin.com\\\/wp-content\\\/uploads\\\/2019\\\/02\\\/Sympt\u00f4mes-de-court-nou\u00e9-caus\u00e9s-par-le-Tomato-Blackring-Virus-TBRV-scaled-75x50_c.jpg\",\"title\":\"Sympt&amp;ocirc;mes de court-nou&amp;eacute; caus&amp;eacute;s par le Tomato Blackring Virus (TBRV)\"},\"gallery_id\":17410,\"gallery_title\":\"Grapevines virus\"},\"9967\":{\"status\":\"active\",\"src\":\"https:\\\/\\\/www.vignevin.com\\\/wp-content\\\/uploads\\\/2019\\\/02\\\/Sympt\u00f4mes-de-court-nou\u00e9-dans-une-vieille-vigne.jpg\",\"title\":\"Sympt&amp;ocirc;mes de court-nou&amp;eacute; dans une vieille vigne\",\"link\":\"https:\\\/\\\/www.vignevin.com\\\/wp-content\\\/uploads\\\/2019\\\/02\\\/Sympt\u00f4mes-de-court-nou\u00e9-dans-une-vieille-vigne.jpg\",\"alt\":\"\",\"caption\":false,\"thumb\":\"https:\\\/\\\/www.vignevin.com\\\/wp-content\\\/uploads\\\/2019\\\/02\\\/Sympt\u00f4mes-de-court-nou\u00e9-dans-une-vieille-vigne-75x50_c.jpg\",\"meta\":{\"aperture\":\"5\",\"credit\":null,\"camera\":\"DMC-TZ10\",\"caption\":\"\",\"created_timestamp\":\"1341853275\",\"copyright\":null,\"focal_length\":\"4.1\",\"iso\":\"125\",\"shutter_speed\":\"0.0025\",\"title\":\"\",\"orientation\":\"1\",\"keywords\":null},\"thumbnail\":\"https:\\\/\\\/www.vignevin.com\\\/wp-content\\\/uploads\\\/2019\\\/02\\\/Sympt\u00f4mes-de-court-nou\u00e9-dans-une-vieille-vigne.jpg\",\"medium\":\"https:\\\/\\\/www.vignevin.com\\\/wp-content\\\/uploads\\\/2019\\\/02\\\/Sympt\u00f4mes-de-court-nou\u00e9-dans-une-vieille-vigne.jpg\",\"medium_large\":\"https:\\\/\\\/www.vignevin.com\\\/wp-content\\\/uploads\\\/2019\\\/02\\\/Sympt\u00f4mes-de-court-nou\u00e9-dans-une-vieille-vigne.jpg\",\"large\":\"https:\\\/\\\/www.vignevin.com\\\/wp-content\\\/uploads\\\/2019\\\/02\\\/Sympt\u00f4mes-de-court-nou\u00e9-dans-une-vieille-vigne.jpg\",\"1536x1536\":\"https:\\\/\\\/www.vignevin.com\\\/wp-content\\\/uploads\\\/2019\\\/02\\\/Sympt\u00f4mes-de-court-nou\u00e9-dans-une-vieille-vigne.jpg\",\"2048x2048\":\"https:\\\/\\\/www.vignevin.com\\\/wp-content\\\/uploads\\\/2019\\\/02\\\/Sympt\u00f4mes-de-court-nou\u00e9-dans-une-vieille-vigne.jpg\",\"et-pb-post-main-image\":\"https:\\\/\\\/www.vignevin.com\\\/wp-content\\\/uploads\\\/2019\\\/02\\\/Sympt\u00f4mes-de-court-nou\u00e9-dans-une-vieille-vigne.jpg\",\"et-pb-post-main-image-fullwidth\":\"https:\\\/\\\/www.vignevin.com\\\/wp-content\\\/uploads\\\/2019\\\/02\\\/Sympt\u00f4mes-de-court-nou\u00e9-dans-une-vieille-vigne.jpg\",\"et-pb-portfolio-image\":\"https:\\\/\\\/www.vignevin.com\\\/wp-content\\\/uploads\\\/2019\\\/02\\\/Sympt\u00f4mes-de-court-nou\u00e9-dans-une-vieille-vigne.jpg\",\"et-pb-portfolio-module-image\":\"https:\\\/\\\/www.vignevin.com\\\/wp-content\\\/uploads\\\/2019\\\/02\\\/Sympt\u00f4mes-de-court-nou\u00e9-dans-une-vieille-vigne.jpg\",\"et-pb-portfolio-image-single\":\"https:\\\/\\\/www.vignevin.com\\\/wp-content\\\/uploads\\\/2019\\\/02\\\/Sympt\u00f4mes-de-court-nou\u00e9-dans-une-vieille-vigne.jpg\",\"et-pb-gallery-module-image-portrait\":\"https:\\\/\\\/www.vignevin.com\\\/wp-content\\\/uploads\\\/2019\\\/02\\\/Sympt\u00f4mes-de-court-nou\u00e9-dans-une-vieille-vigne.jpg\",\"et-pb-post-main-image-fullwidth-large\":\"https:\\\/\\\/www.vignevin.com\\\/wp-content\\\/uploads\\\/2019\\\/02\\\/Sympt\u00f4mes-de-court-nou\u00e9-dans-une-vieille-vigne.jpg\",\"et-pb-image--responsive--desktop\":\"https:\\\/\\\/www.vignevin.com\\\/wp-content\\\/uploads\\\/2019\\\/02\\\/Sympt\u00f4mes-de-court-nou\u00e9-dans-une-vieille-vigne.jpg\",\"et-pb-image--responsive--tablet\":\"https:\\\/\\\/www.vignevin.com\\\/wp-content\\\/uploads\\\/2019\\\/02\\\/Sympt\u00f4mes-de-court-nou\u00e9-dans-une-vieille-vigne.jpg\",\"et-pb-image--responsive--phone\":\"https:\\\/\\\/www.vignevin.com\\\/wp-content\\\/uploads\\\/2019\\\/02\\\/Sympt\u00f4mes-de-court-nou\u00e9-dans-une-vieille-vigne.jpg\",\"gform-image-choice-sm\":\"https:\\\/\\\/www.vignevin.com\\\/wp-content\\\/uploads\\\/2019\\\/02\\\/Sympt\u00f4mes-de-court-nou\u00e9-dans-une-vieille-vigne.jpg\",\"gform-image-choice-md\":\"https:\\\/\\\/www.vignevin.com\\\/wp-content\\\/uploads\\\/2019\\\/02\\\/Sympt\u00f4mes-de-court-nou\u00e9-dans-une-vieille-vigne.jpg\",\"gform-image-choice-lg\":\"https:\\\/\\\/www.vignevin.com\\\/wp-content\\\/uploads\\\/2019\\\/02\\\/Sympt\u00f4mes-de-court-nou\u00e9-dans-une-vieille-vigne.jpg\",\"woocommerce_thumbnail\":\"https:\\\/\\\/www.vignevin.com\\\/wp-content\\\/uploads\\\/2019\\\/02\\\/Sympt\u00f4mes-de-court-nou\u00e9-dans-une-vieille-vigne-300x300.jpg\",\"woocommerce_single\":\"https:\\\/\\\/www.vignevin.com\\\/wp-content\\\/uploads\\\/2019\\\/02\\\/Sympt\u00f4mes-de-court-nou\u00e9-dans-une-vieille-vigne-600x450.jpg\",\"woocommerce_gallery_thumbnail\":\"https:\\\/\\\/www.vignevin.com\\\/wp-content\\\/uploads\\\/2019\\\/02\\\/Sympt\u00f4mes-de-court-nou\u00e9-dans-une-vieille-vigne-100x100.jpg\",\"full\":\"https:\\\/\\\/www.vignevin.com\\\/wp-content\\\/uploads\\\/2019\\\/02\\\/Sympt\u00f4mes-de-court-nou\u00e9-dans-une-vieille-vigne.jpg\",\"index\":29,\"id\":9967,\"video\":false,\"opts\":{\"caption\":\"\",\"thumb\":\"https:\\\/\\\/www.vignevin.com\\\/wp-content\\\/uploads\\\/2019\\\/02\\\/Sympt\u00f4mes-de-court-nou\u00e9-dans-une-vieille-vigne-75x50_c.jpg\",\"title\":\"Sympt&amp;ocirc;mes de court-nou&amp;eacute; dans une vieille vigne\"},\"gallery_id\":17410,\"gallery_title\":\"Grapevines virus\"},\"9968\":{\"status\":\"active\",\"src\":\"https:\\\/\\\/www.vignevin.com\\\/wp-content\\\/uploads\\\/2019\\\/02\\\/Sympt\u00f4mes-de-court-nou\u00e9-sur-Carignan-N-panachure-scaled.jpg\",\"title\":\"Sympt&amp;ocirc;mes de court-nou&amp;eacute; sur Carignan N panachure\",\"link\":\"https:\\\/\\\/www.vignevin.com\\\/wp-content\\\/uploads\\\/2019\\\/02\\\/Sympt\u00f4mes-de-court-nou\u00e9-sur-Carignan-N-panachure.jpg\",\"alt\":\"\",\"caption\":false,\"thumb\":\"https:\\\/\\\/www.vignevin.com\\\/wp-content\\\/uploads\\\/2019\\\/02\\\/Sympt\u00f4mes-de-court-nou\u00e9-sur-Carignan-N-panachure-scaled-75x50_c.jpg\",\"meta\":{\"aperture\":\"10\",\"credit\":null,\"camera\":\"Canon EOS 50D\",\"caption\":\"\",\"created_timestamp\":\"1461950862\",\"copyright\":null,\"focal_length\":\"17\",\"iso\":\"100\",\"shutter_speed\":\"0.005\",\"title\":\"\",\"orientation\":\"1\",\"keywords\":null},\"thumbnail\":\"https:\\\/\\\/www.vignevin.com\\\/wp-content\\\/uploads\\\/2019\\\/02\\\/Sympt\u00f4mes-de-court-nou\u00e9-sur-Carignan-N-panachure-150x150.jpg\",\"medium\":\"https:\\\/\\\/www.vignevin.com\\\/wp-content\\\/uploads\\\/2019\\\/02\\\/Sympt\u00f4mes-de-court-nou\u00e9-sur-Carignan-N-panachure-200x300.jpg\",\"medium_large\":\"https:\\\/\\\/www.vignevin.com\\\/wp-content\\\/uploads\\\/2019\\\/02\\\/Sympt\u00f4mes-de-court-nou\u00e9-sur-Carignan-N-panachure-768x1152.jpg\",\"large\":\"https:\\\/\\\/www.vignevin.com\\\/wp-content\\\/uploads\\\/2019\\\/02\\\/Sympt\u00f4mes-de-court-nou\u00e9-sur-Carignan-N-panachure-683x1024.jpg\",\"1536x1536\":\"https:\\\/\\\/www.vignevin.com\\\/wp-content\\\/uploads\\\/2019\\\/02\\\/Sympt\u00f4mes-de-court-nou\u00e9-sur-Carignan-N-panachure-scaled.jpg\",\"2048x2048\":\"https:\\\/\\\/www.vignevin.com\\\/wp-content\\\/uploads\\\/2019\\\/02\\\/Sympt\u00f4mes-de-court-nou\u00e9-sur-Carignan-N-panachure-scaled.jpg\",\"et-pb-post-main-image\":\"https:\\\/\\\/www.vignevin.com\\\/wp-content\\\/uploads\\\/2019\\\/02\\\/Sympt\u00f4mes-de-court-nou\u00e9-sur-Carignan-N-panachure-400x250.jpg\",\"et-pb-post-main-image-fullwidth\":\"https:\\\/\\\/www.vignevin.com\\\/wp-content\\\/uploads\\\/2019\\\/02\\\/Sympt\u00f4mes-de-court-nou\u00e9-sur-Carignan-N-panachure-1080x675.jpg\",\"et-pb-portfolio-image\":\"https:\\\/\\\/www.vignevin.com\\\/wp-content\\\/uploads\\\/2019\\\/02\\\/Sympt\u00f4mes-de-court-nou\u00e9-sur-Carignan-N-panachure-400x284.jpg\",\"et-pb-portfolio-module-image\":\"https:\\\/\\\/www.vignevin.com\\\/wp-content\\\/uploads\\\/2019\\\/02\\\/Sympt\u00f4mes-de-court-nou\u00e9-sur-Carignan-N-panachure-510x382.jpg\",\"et-pb-portfolio-image-single\":\"https:\\\/\\\/www.vignevin.com\\\/wp-content\\\/uploads\\\/2019\\\/02\\\/Sympt\u00f4mes-de-court-nou\u00e9-sur-Carignan-N-panachure-1080x1620.jpg\",\"et-pb-gallery-module-image-portrait\":\"https:\\\/\\\/www.vignevin.com\\\/wp-content\\\/uploads\\\/2019\\\/02\\\/Sympt\u00f4mes-de-court-nou\u00e9-sur-Carignan-N-panachure-400x516.jpg\",\"et-pb-post-main-image-fullwidth-large\":\"https:\\\/\\\/www.vignevin.com\\\/wp-content\\\/uploads\\\/2019\\\/02\\\/Sympt\u00f4mes-de-court-nou\u00e9-sur-Carignan-N-panachure-2304x1800.jpg\",\"et-pb-image--responsive--desktop\":\"https:\\\/\\\/www.vignevin.com\\\/wp-content\\\/uploads\\\/2019\\\/02\\\/Sympt\u00f4mes-de-court-nou\u00e9-sur-Carignan-N-panachure-scaled.jpg\",\"et-pb-image--responsive--tablet\":\"https:\\\/\\\/www.vignevin.com\\\/wp-content\\\/uploads\\\/2019\\\/02\\\/Sympt\u00f4mes-de-court-nou\u00e9-sur-Carignan-N-panachure-scaled.jpg\",\"et-pb-image--responsive--phone\":\"https:\\\/\\\/www.vignevin.com\\\/wp-content\\\/uploads\\\/2019\\\/02\\\/Sympt\u00f4mes-de-court-nou\u00e9-sur-Carignan-N-panachure-scaled.jpg\",\"gform-image-choice-sm\":\"https:\\\/\\\/www.vignevin.com\\\/wp-content\\\/uploads\\\/2019\\\/02\\\/Sympt\u00f4mes-de-court-nou\u00e9-sur-Carignan-N-panachure-scaled.jpg\",\"gform-image-choice-md\":\"https:\\\/\\\/www.vignevin.com\\\/wp-content\\\/uploads\\\/2019\\\/02\\\/Sympt\u00f4mes-de-court-nou\u00e9-sur-Carignan-N-panachure-scaled.jpg\",\"gform-image-choice-lg\":\"https:\\\/\\\/www.vignevin.com\\\/wp-content\\\/uploads\\\/2019\\\/02\\\/Sympt\u00f4mes-de-court-nou\u00e9-sur-Carignan-N-panachure-scaled.jpg\",\"woocommerce_thumbnail\":\"https:\\\/\\\/www.vignevin.com\\\/wp-content\\\/uploads\\\/2019\\\/02\\\/Sympt\u00f4mes-de-court-nou\u00e9-sur-Carignan-N-panachure-scaled-300x300.jpg\",\"woocommerce_single\":\"https:\\\/\\\/www.vignevin.com\\\/wp-content\\\/uploads\\\/2019\\\/02\\\/Sympt\u00f4mes-de-court-nou\u00e9-sur-Carignan-N-panachure-scaled-600x900.jpg\",\"woocommerce_gallery_thumbnail\":\"https:\\\/\\\/www.vignevin.com\\\/wp-content\\\/uploads\\\/2019\\\/02\\\/Sympt\u00f4mes-de-court-nou\u00e9-sur-Carignan-N-panachure-scaled-100x100.jpg\",\"full\":\"https:\\\/\\\/www.vignevin.com\\\/wp-content\\\/uploads\\\/2019\\\/02\\\/Sympt\u00f4mes-de-court-nou\u00e9-sur-Carignan-N-panachure-scaled.jpg\",\"index\":30,\"id\":9968,\"video\":false,\"opts\":{\"caption\":\"\",\"thumb\":\"https:\\\/\\\/www.vignevin.com\\\/wp-content\\\/uploads\\\/2019\\\/02\\\/Sympt\u00f4mes-de-court-nou\u00e9-sur-Carignan-N-panachure-scaled-75x50_c.jpg\",\"title\":\"Sympt&amp;ocirc;mes de court-nou&amp;eacute; sur Carignan N panachure\"},\"gallery_id\":17410,\"gallery_title\":\"Grapevines virus\"},\"9969\":{\"status\":\"active\",\"src\":\"https:\\\/\\\/www.vignevin.com\\\/wp-content\\\/uploads\\\/2019\\\/02\\\/Sympt\u00f4mes-de-court-nou\u00e9-sur-Chardonnay-panachure.jpg\",\"title\":\"Sympt&amp;ocirc;mes de court-nou&amp;eacute; sur Chardonnay panachure\",\"link\":\"https:\\\/\\\/www.vignevin.com\\\/wp-content\\\/uploads\\\/2019\\\/02\\\/Sympt\u00f4mes-de-court-nou\u00e9-sur-Chardonnay-panachure.jpg\",\"alt\":\"\",\"caption\":false,\"thumb\":\"https:\\\/\\\/www.vignevin.com\\\/wp-content\\\/uploads\\\/2019\\\/02\\\/Sympt\u00f4mes-de-court-nou\u00e9-sur-Chardonnay-panachure-75x50_c.jpg\",\"meta\":{\"aperture\":\"4\",\"credit\":null,\"camera\":\"DMC-TZ10\",\"caption\":\"\",\"created_timestamp\":\"1307385039\",\"copyright\":null,\"focal_length\":\"7.3\",\"iso\":\"80\",\"shutter_speed\":\"0.00625\",\"title\":\"\",\"orientation\":\"1\",\"keywords\":null},\"thumbnail\":\"https:\\\/\\\/www.vignevin.com\\\/wp-content\\\/uploads\\\/2019\\\/02\\\/Sympt\u00f4mes-de-court-nou\u00e9-sur-Chardonnay-panachure-150x150.jpg\",\"medium\":\"https:\\\/\\\/www.vignevin.com\\\/wp-content\\\/uploads\\\/2019\\\/02\\\/Sympt\u00f4mes-de-court-nou\u00e9-sur-Chardonnay-panachure-300x225.jpg\",\"medium_large\":\"https:\\\/\\\/www.vignevin.com\\\/wp-content\\\/uploads\\\/2019\\\/02\\\/Sympt\u00f4mes-de-court-nou\u00e9-sur-Chardonnay-panachure-768x576.jpg\",\"large\":\"https:\\\/\\\/www.vignevin.com\\\/wp-content\\\/uploads\\\/2019\\\/02\\\/Sympt\u00f4mes-de-court-nou\u00e9-sur-Chardonnay-panachure-1024x768.jpg\",\"1536x1536\":\"https:\\\/\\\/www.vignevin.com\\\/wp-content\\\/uploads\\\/2019\\\/02\\\/Sympt\u00f4mes-de-court-nou\u00e9-sur-Chardonnay-panachure.jpg\",\"2048x2048\":\"https:\\\/\\\/www.vignevin.com\\\/wp-content\\\/uploads\\\/2019\\\/02\\\/Sympt\u00f4mes-de-court-nou\u00e9-sur-Chardonnay-panachure.jpg\",\"et-pb-post-main-image\":\"https:\\\/\\\/www.vignevin.com\\\/wp-content\\\/uploads\\\/2019\\\/02\\\/Sympt\u00f4mes-de-court-nou\u00e9-sur-Chardonnay-panachure-400x250.jpg\",\"et-pb-post-main-image-fullwidth\":\"https:\\\/\\\/www.vignevin.com\\\/wp-content\\\/uploads\\\/2019\\\/02\\\/Sympt\u00f4mes-de-court-nou\u00e9-sur-Chardonnay-panachure-1080x675.jpg\",\"et-pb-portfolio-image\":\"https:\\\/\\\/www.vignevin.com\\\/wp-content\\\/uploads\\\/2019\\\/02\\\/Sympt\u00f4mes-de-court-nou\u00e9-sur-Chardonnay-panachure-400x284.jpg\",\"et-pb-portfolio-module-image\":\"https:\\\/\\\/www.vignevin.com\\\/wp-content\\\/uploads\\\/2019\\\/02\\\/Sympt\u00f4mes-de-court-nou\u00e9-sur-Chardonnay-panachure-510x382.jpg\",\"et-pb-portfolio-image-single\":\"https:\\\/\\\/www.vignevin.com\\\/wp-content\\\/uploads\\\/2019\\\/02\\\/Sympt\u00f4mes-de-court-nou\u00e9-sur-Chardonnay-panachure-1080x810.jpg\",\"et-pb-gallery-module-image-portrait\":\"https:\\\/\\\/www.vignevin.com\\\/wp-content\\\/uploads\\\/2019\\\/02\\\/Sympt\u00f4mes-de-court-nou\u00e9-sur-Chardonnay-panachure-400x516.jpg\",\"et-pb-post-main-image-fullwidth-large\":\"https:\\\/\\\/www.vignevin.com\\\/wp-content\\\/uploads\\\/2019\\\/02\\\/Sympt\u00f4mes-de-court-nou\u00e9-sur-Chardonnay-panachure-2560x1800.jpg\",\"et-pb-image--responsive--desktop\":\"https:\\\/\\\/www.vignevin.com\\\/wp-content\\\/uploads\\\/2019\\\/02\\\/Sympt\u00f4mes-de-court-nou\u00e9-sur-Chardonnay-panachure.jpg\",\"et-pb-image--responsive--tablet\":\"https:\\\/\\\/www.vignevin.com\\\/wp-content\\\/uploads\\\/2019\\\/02\\\/Sympt\u00f4mes-de-court-nou\u00e9-sur-Chardonnay-panachure.jpg\",\"et-pb-image--responsive--phone\":\"https:\\\/\\\/www.vignevin.com\\\/wp-content\\\/uploads\\\/2019\\\/02\\\/Sympt\u00f4mes-de-court-nou\u00e9-sur-Chardonnay-panachure.jpg\",\"gform-image-choice-sm\":\"https:\\\/\\\/www.vignevin.com\\\/wp-content\\\/uploads\\\/2019\\\/02\\\/Sympt\u00f4mes-de-court-nou\u00e9-sur-Chardonnay-panachure.jpg\",\"gform-image-choice-md\":\"https:\\\/\\\/www.vignevin.com\\\/wp-content\\\/uploads\\\/2019\\\/02\\\/Sympt\u00f4mes-de-court-nou\u00e9-sur-Chardonnay-panachure.jpg\",\"gform-image-choice-lg\":\"https:\\\/\\\/www.vignevin.com\\\/wp-content\\\/uploads\\\/2019\\\/02\\\/Sympt\u00f4mes-de-court-nou\u00e9-sur-Chardonnay-panachure.jpg\",\"woocommerce_thumbnail\":\"https:\\\/\\\/www.vignevin.com\\\/wp-content\\\/uploads\\\/2019\\\/02\\\/Sympt\u00f4mes-de-court-nou\u00e9-sur-Chardonnay-panachure-300x300.jpg\",\"woocommerce_single\":\"https:\\\/\\\/www.vignevin.com\\\/wp-content\\\/uploads\\\/2019\\\/02\\\/Sympt\u00f4mes-de-court-nou\u00e9-sur-Chardonnay-panachure-600x450.jpg\",\"woocommerce_gallery_thumbnail\":\"https:\\\/\\\/www.vignevin.com\\\/wp-content\\\/uploads\\\/2019\\\/02\\\/Sympt\u00f4mes-de-court-nou\u00e9-sur-Chardonnay-panachure-100x100.jpg\",\"full\":\"https:\\\/\\\/www.vignevin.com\\\/wp-content\\\/uploads\\\/2019\\\/02\\\/Sympt\u00f4mes-de-court-nou\u00e9-sur-Chardonnay-panachure.jpg\",\"index\":31,\"id\":9969,\"video\":false,\"opts\":{\"caption\":\"\",\"thumb\":\"https:\\\/\\\/www.vignevin.com\\\/wp-content\\\/uploads\\\/2019\\\/02\\\/Sympt\u00f4mes-de-court-nou\u00e9-sur-Chardonnay-panachure-75x50_c.jpg\",\"title\":\"Sympt&amp;ocirc;mes de court-nou&amp;eacute; sur Chardonnay panachure\"},\"gallery_id\":17410,\"gallery_title\":\"Grapevines virus\"},\"9970\":{\"status\":\"active\",\"src\":\"https:\\\/\\\/www.vignevin.com\\\/wp-content\\\/uploads\\\/2019\\\/02\\\/Sympt\u00f4mes-de-court-nou\u00e9-sur-Cot-N-Malbec-2-scaled.jpg\",\"title\":\"Sympt&amp;ocirc;mes de court-nou&amp;eacute; sur Cot N (Malbec) (2)\",\"link\":\"https:\\\/\\\/www.vignevin.com\\\/wp-content\\\/uploads\\\/2019\\\/02\\\/Sympt\u00f4mes-de-court-nou\u00e9-sur-Cot-N-Malbec-2.jpg\",\"alt\":\"\",\"caption\":false,\"thumb\":\"https:\\\/\\\/www.vignevin.com\\\/wp-content\\\/uploads\\\/2019\\\/02\\\/Sympt\u00f4mes-de-court-nou\u00e9-sur-Cot-N-Malbec-2-scaled-75x50_c.jpg\",\"meta\":{\"aperture\":\"3.3\",\"credit\":null,\"camera\":\"DMC-TZ10\",\"caption\":\"\",\"created_timestamp\":\"1436352237\",\"copyright\":null,\"focal_length\":\"4.1\",\"iso\":\"80\",\"shutter_speed\":\"0.02\",\"title\":\"\",\"orientation\":\"1\",\"keywords\":null,\"resized_images\":null},\"thumbnail\":\"https:\\\/\\\/www.vignevin.com\\\/wp-content\\\/uploads\\\/2019\\\/02\\\/Sympt\u00f4mes-de-court-nou\u00e9-sur-Cot-N-Malbec-2-scaled.jpg\",\"medium\":\"https:\\\/\\\/www.vignevin.com\\\/wp-content\\\/uploads\\\/2019\\\/02\\\/Sympt\u00f4mes-de-court-nou\u00e9-sur-Cot-N-Malbec-2-scaled.jpg\",\"medium_large\":\"https:\\\/\\\/www.vignevin.com\\\/wp-content\\\/uploads\\\/2019\\\/02\\\/Sympt\u00f4mes-de-court-nou\u00e9-sur-Cot-N-Malbec-2-scaled.jpg\",\"large\":\"https:\\\/\\\/www.vignevin.com\\\/wp-content\\\/uploads\\\/2019\\\/02\\\/Sympt\u00f4mes-de-court-nou\u00e9-sur-Cot-N-Malbec-2-scaled.jpg\",\"1536x1536\":\"https:\\\/\\\/www.vignevin.com\\\/wp-content\\\/uploads\\\/2019\\\/02\\\/Sympt\u00f4mes-de-court-nou\u00e9-sur-Cot-N-Malbec-2-scaled.jpg\",\"2048x2048\":\"https:\\\/\\\/www.vignevin.com\\\/wp-content\\\/uploads\\\/2019\\\/02\\\/Sympt\u00f4mes-de-court-nou\u00e9-sur-Cot-N-Malbec-2-scaled.jpg\",\"et-pb-post-main-image\":\"https:\\\/\\\/www.vignevin.com\\\/wp-content\\\/uploads\\\/2019\\\/02\\\/Sympt\u00f4mes-de-court-nou\u00e9-sur-Cot-N-Malbec-2-scaled.jpg\",\"et-pb-post-main-image-fullwidth\":\"https:\\\/\\\/www.vignevin.com\\\/wp-content\\\/uploads\\\/2019\\\/02\\\/Sympt\u00f4mes-de-court-nou\u00e9-sur-Cot-N-Malbec-2-scaled.jpg\",\"et-pb-portfolio-image\":\"https:\\\/\\\/www.vignevin.com\\\/wp-content\\\/uploads\\\/2019\\\/02\\\/Sympt\u00f4mes-de-court-nou\u00e9-sur-Cot-N-Malbec-2-scaled.jpg\",\"et-pb-portfolio-module-image\":\"https:\\\/\\\/www.vignevin.com\\\/wp-content\\\/uploads\\\/2019\\\/02\\\/Sympt\u00f4mes-de-court-nou\u00e9-sur-Cot-N-Malbec-2-scaled.jpg\",\"et-pb-portfolio-image-single\":\"https:\\\/\\\/www.vignevin.com\\\/wp-content\\\/uploads\\\/2019\\\/02\\\/Sympt\u00f4mes-de-court-nou\u00e9-sur-Cot-N-Malbec-2-scaled.jpg\",\"et-pb-gallery-module-image-portrait\":\"https:\\\/\\\/www.vignevin.com\\\/wp-content\\\/uploads\\\/2019\\\/02\\\/Sympt\u00f4mes-de-court-nou\u00e9-sur-Cot-N-Malbec-2-scaled.jpg\",\"et-pb-post-main-image-fullwidth-large\":\"https:\\\/\\\/www.vignevin.com\\\/wp-content\\\/uploads\\\/2019\\\/02\\\/Sympt\u00f4mes-de-court-nou\u00e9-sur-Cot-N-Malbec-2-scaled.jpg\",\"et-pb-image--responsive--desktop\":\"https:\\\/\\\/www.vignevin.com\\\/wp-content\\\/uploads\\\/2019\\\/02\\\/Sympt\u00f4mes-de-court-nou\u00e9-sur-Cot-N-Malbec-2-scaled.jpg\",\"et-pb-image--responsive--tablet\":\"https:\\\/\\\/www.vignevin.com\\\/wp-content\\\/uploads\\\/2019\\\/02\\\/Sympt\u00f4mes-de-court-nou\u00e9-sur-Cot-N-Malbec-2-scaled.jpg\",\"et-pb-image--responsive--phone\":\"https:\\\/\\\/www.vignevin.com\\\/wp-content\\\/uploads\\\/2019\\\/02\\\/Sympt\u00f4mes-de-court-nou\u00e9-sur-Cot-N-Malbec-2-scaled.jpg\",\"gform-image-choice-sm\":\"https:\\\/\\\/www.vignevin.com\\\/wp-content\\\/uploads\\\/2019\\\/02\\\/Sympt\u00f4mes-de-court-nou\u00e9-sur-Cot-N-Malbec-2-scaled.jpg\",\"gform-image-choice-md\":\"https:\\\/\\\/www.vignevin.com\\\/wp-content\\\/uploads\\\/2019\\\/02\\\/Sympt\u00f4mes-de-court-nou\u00e9-sur-Cot-N-Malbec-2-scaled.jpg\",\"gform-image-choice-lg\":\"https:\\\/\\\/www.vignevin.com\\\/wp-content\\\/uploads\\\/2019\\\/02\\\/Sympt\u00f4mes-de-court-nou\u00e9-sur-Cot-N-Malbec-2-scaled.jpg\",\"woocommerce_thumbnail\":\"https:\\\/\\\/www.vignevin.com\\\/wp-content\\\/uploads\\\/2019\\\/02\\\/Sympt\u00f4mes-de-court-nou\u00e9-sur-Cot-N-Malbec-2-scaled-300x300.jpg\",\"woocommerce_single\":\"https:\\\/\\\/www.vignevin.com\\\/wp-content\\\/uploads\\\/2019\\\/02\\\/Sympt\u00f4mes-de-court-nou\u00e9-sur-Cot-N-Malbec-2-scaled-600x800.jpg\",\"woocommerce_gallery_thumbnail\":\"https:\\\/\\\/www.vignevin.com\\\/wp-content\\\/uploads\\\/2019\\\/02\\\/Sympt\u00f4mes-de-court-nou\u00e9-sur-Cot-N-Malbec-2-scaled-100x100.jpg\",\"full\":\"https:\\\/\\\/www.vignevin.com\\\/wp-content\\\/uploads\\\/2019\\\/02\\\/Sympt\u00f4mes-de-court-nou\u00e9-sur-Cot-N-Malbec-2-scaled.jpg\",\"index\":32,\"id\":9970,\"video\":false,\"opts\":{\"caption\":\"\",\"thumb\":\"https:\\\/\\\/www.vignevin.com\\\/wp-content\\\/uploads\\\/2019\\\/02\\\/Sympt\u00f4mes-de-court-nou\u00e9-sur-Cot-N-Malbec-2-scaled-75x50_c.jpg\",\"title\":\"Sympt&amp;ocirc;mes de court-nou&amp;eacute; sur Cot N (Malbec) (2)\"},\"gallery_id\":17410,\"gallery_title\":\"Grapevines virus\"},\"9971\":{\"status\":\"active\",\"src\":\"https:\\\/\\\/www.vignevin.com\\\/wp-content\\\/uploads\\\/2019\\\/02\\\/Sympt\u00f4mes-de-court-nou\u00e9-sur-Cot-N-Malbec.jpg\",\"title\":\"Sympt&amp;ocirc;mes de court-nou&amp;eacute; sur Cot N (Malbec)\",\"link\":\"https:\\\/\\\/www.vignevin.com\\\/wp-content\\\/uploads\\\/2019\\\/02\\\/Sympt\u00f4mes-de-court-nou\u00e9-sur-Cot-N-Malbec.jpg\",\"alt\":\"\",\"caption\":false,\"thumb\":\"https:\\\/\\\/www.vignevin.com\\\/wp-content\\\/uploads\\\/2019\\\/02\\\/Sympt\u00f4mes-de-court-nou\u00e9-sur-Cot-N-Malbec-75x50_c.jpg\",\"meta\":{\"aperture\":\"3.9\",\"credit\":null,\"camera\":\"DMC-TZ10\",\"caption\":\"\",\"created_timestamp\":\"1314377890\",\"copyright\":null,\"focal_length\":\"9.7\",\"iso\":\"80\",\"shutter_speed\":\"0.025\",\"title\":\"\",\"orientation\":\"1\",\"keywords\":null},\"thumbnail\":\"https:\\\/\\\/www.vignevin.com\\\/wp-content\\\/uploads\\\/2019\\\/02\\\/Sympt\u00f4mes-de-court-nou\u00e9-sur-Cot-N-Malbec.jpg\",\"medium\":\"https:\\\/\\\/www.vignevin.com\\\/wp-content\\\/uploads\\\/2019\\\/02\\\/Sympt\u00f4mes-de-court-nou\u00e9-sur-Cot-N-Malbec.jpg\",\"medium_large\":\"https:\\\/\\\/www.vignevin.com\\\/wp-content\\\/uploads\\\/2019\\\/02\\\/Sympt\u00f4mes-de-court-nou\u00e9-sur-Cot-N-Malbec.jpg\",\"large\":\"https:\\\/\\\/www.vignevin.com\\\/wp-content\\\/uploads\\\/2019\\\/02\\\/Sympt\u00f4mes-de-court-nou\u00e9-sur-Cot-N-Malbec.jpg\",\"1536x1536\":\"https:\\\/\\\/www.vignevin.com\\\/wp-content\\\/uploads\\\/2019\\\/02\\\/Sympt\u00f4mes-de-court-nou\u00e9-sur-Cot-N-Malbec.jpg\",\"2048x2048\":\"https:\\\/\\\/www.vignevin.com\\\/wp-content\\\/uploads\\\/2019\\\/02\\\/Sympt\u00f4mes-de-court-nou\u00e9-sur-Cot-N-Malbec.jpg\",\"et-pb-post-main-image\":\"https:\\\/\\\/www.vignevin.com\\\/wp-content\\\/uploads\\\/2019\\\/02\\\/Sympt\u00f4mes-de-court-nou\u00e9-sur-Cot-N-Malbec.jpg\",\"et-pb-post-main-image-fullwidth\":\"https:\\\/\\\/www.vignevin.com\\\/wp-content\\\/uploads\\\/2019\\\/02\\\/Sympt\u00f4mes-de-court-nou\u00e9-sur-Cot-N-Malbec.jpg\",\"et-pb-portfolio-image\":\"https:\\\/\\\/www.vignevin.com\\\/wp-content\\\/uploads\\\/2019\\\/02\\\/Sympt\u00f4mes-de-court-nou\u00e9-sur-Cot-N-Malbec.jpg\",\"et-pb-portfolio-module-image\":\"https:\\\/\\\/www.vignevin.com\\\/wp-content\\\/uploads\\\/2019\\\/02\\\/Sympt\u00f4mes-de-court-nou\u00e9-sur-Cot-N-Malbec.jpg\",\"et-pb-portfolio-image-single\":\"https:\\\/\\\/www.vignevin.com\\\/wp-content\\\/uploads\\\/2019\\\/02\\\/Sympt\u00f4mes-de-court-nou\u00e9-sur-Cot-N-Malbec.jpg\",\"et-pb-gallery-module-image-portrait\":\"https:\\\/\\\/www.vignevin.com\\\/wp-content\\\/uploads\\\/2019\\\/02\\\/Sympt\u00f4mes-de-court-nou\u00e9-sur-Cot-N-Malbec.jpg\",\"et-pb-post-main-image-fullwidth-large\":\"https:\\\/\\\/www.vignevin.com\\\/wp-content\\\/uploads\\\/2019\\\/02\\\/Sympt\u00f4mes-de-court-nou\u00e9-sur-Cot-N-Malbec.jpg\",\"et-pb-image--responsive--desktop\":\"https:\\\/\\\/www.vignevin.com\\\/wp-content\\\/uploads\\\/2019\\\/02\\\/Sympt\u00f4mes-de-court-nou\u00e9-sur-Cot-N-Malbec.jpg\",\"et-pb-image--responsive--tablet\":\"https:\\\/\\\/www.vignevin.com\\\/wp-content\\\/uploads\\\/2019\\\/02\\\/Sympt\u00f4mes-de-court-nou\u00e9-sur-Cot-N-Malbec.jpg\",\"et-pb-image--responsive--phone\":\"https:\\\/\\\/www.vignevin.com\\\/wp-content\\\/uploads\\\/2019\\\/02\\\/Sympt\u00f4mes-de-court-nou\u00e9-sur-Cot-N-Malbec.jpg\",\"gform-image-choice-sm\":\"https:\\\/\\\/www.vignevin.com\\\/wp-content\\\/uploads\\\/2019\\\/02\\\/Sympt\u00f4mes-de-court-nou\u00e9-sur-Cot-N-Malbec.jpg\",\"gform-image-choice-md\":\"https:\\\/\\\/www.vignevin.com\\\/wp-content\\\/uploads\\\/2019\\\/02\\\/Sympt\u00f4mes-de-court-nou\u00e9-sur-Cot-N-Malbec.jpg\",\"gform-image-choice-lg\":\"https:\\\/\\\/www.vignevin.com\\\/wp-content\\\/uploads\\\/2019\\\/02\\\/Sympt\u00f4mes-de-court-nou\u00e9-sur-Cot-N-Malbec.jpg\",\"woocommerce_thumbnail\":\"https:\\\/\\\/www.vignevin.com\\\/wp-content\\\/uploads\\\/2019\\\/02\\\/Sympt\u00f4mes-de-court-nou\u00e9-sur-Cot-N-Malbec-300x300.jpg\",\"woocommerce_single\":\"https:\\\/\\\/www.vignevin.com\\\/wp-content\\\/uploads\\\/2019\\\/02\\\/Sympt\u00f4mes-de-court-nou\u00e9-sur-Cot-N-Malbec-600x450.jpg\",\"woocommerce_gallery_thumbnail\":\"https:\\\/\\\/www.vignevin.com\\\/wp-content\\\/uploads\\\/2019\\\/02\\\/Sympt\u00f4mes-de-court-nou\u00e9-sur-Cot-N-Malbec-100x100.jpg\",\"full\":\"https:\\\/\\\/www.vignevin.com\\\/wp-content\\\/uploads\\\/2019\\\/02\\\/Sympt\u00f4mes-de-court-nou\u00e9-sur-Cot-N-Malbec.jpg\",\"index\":33,\"id\":9971,\"video\":false,\"opts\":{\"caption\":\"\",\"thumb\":\"https:\\\/\\\/www.vignevin.com\\\/wp-content\\\/uploads\\\/2019\\\/02\\\/Sympt\u00f4mes-de-court-nou\u00e9-sur-Cot-N-Malbec-75x50_c.jpg\",\"title\":\"Sympt&amp;ocirc;mes de court-nou&amp;eacute; sur Cot N (Malbec)\"},\"gallery_id\":17410,\"gallery_title\":\"Grapevines virus\"},\"9972\":{\"status\":\"active\",\"src\":\"https:\\\/\\\/www.vignevin.com\\\/wp-content\\\/uploads\\\/2019\\\/02\\\/Sympt\u00f4mes-de-court-nou\u00e9-sur-Fer-N-double-n\u0153uds-2.jpg\",\"title\":\"Sympt&amp;ocirc;mes de court-nou&amp;eacute; sur Fer N double-n&amp;oelig;uds (2)\",\"link\":\"https:\\\/\\\/www.vignevin.com\\\/wp-content\\\/uploads\\\/2019\\\/02\\\/Sympt\u00f4mes-de-court-nou\u00e9-sur-Fer-N-double-n\u0153uds-2.jpg\",\"alt\":\"\",\"caption\":false,\"thumb\":\"https:\\\/\\\/www.vignevin.com\\\/wp-content\\\/uploads\\\/2019\\\/02\\\/Sympt\u00f4mes-de-court-nou\u00e9-sur-Fer-N-double-n\u0153uds-2-75x50_c.jpg\",\"meta\":{\"aperture\":null,\"credit\":null,\"camera\":null,\"caption\":\"\",\"created_timestamp\":null,\"copyright\":null,\"focal_length\":null,\"iso\":null,\"shutter_speed\":null,\"title\":\"\",\"orientation\":null,\"keywords\":null},\"thumbnail\":\"https:\\\/\\\/www.vignevin.com\\\/wp-content\\\/uploads\\\/2019\\\/02\\\/Sympt\u00f4mes-de-court-nou\u00e9-sur-Fer-N-double-n\u0153uds-2-150x150.jpg\",\"medium\":\"https:\\\/\\\/www.vignevin.com\\\/wp-content\\\/uploads\\\/2019\\\/02\\\/Sympt\u00f4mes-de-court-nou\u00e9-sur-Fer-N-double-n\u0153uds-2-256x300.jpg\",\"medium_large\":\"https:\\\/\\\/www.vignevin.com\\\/wp-content\\\/uploads\\\/2019\\\/02\\\/Sympt\u00f4mes-de-court-nou\u00e9-sur-Fer-N-double-n\u0153uds-2.jpg\",\"large\":\"https:\\\/\\\/www.vignevin.com\\\/wp-content\\\/uploads\\\/2019\\\/02\\\/Sympt\u00f4mes-de-court-nou\u00e9-sur-Fer-N-double-n\u0153uds-2.jpg\",\"1536x1536\":\"https:\\\/\\\/www.vignevin.com\\\/wp-content\\\/uploads\\\/2019\\\/02\\\/Sympt\u00f4mes-de-court-nou\u00e9-sur-Fer-N-double-n\u0153uds-2.jpg\",\"2048x2048\":\"https:\\\/\\\/www.vignevin.com\\\/wp-content\\\/uploads\\\/2019\\\/02\\\/Sympt\u00f4mes-de-court-nou\u00e9-sur-Fer-N-double-n\u0153uds-2.jpg\",\"et-pb-post-main-image\":\"https:\\\/\\\/www.vignevin.com\\\/wp-content\\\/uploads\\\/2019\\\/02\\\/Sympt\u00f4mes-de-court-nou\u00e9-sur-Fer-N-double-n\u0153uds-2-400x250.jpg\",\"et-pb-post-main-image-fullwidth\":\"https:\\\/\\\/www.vignevin.com\\\/wp-content\\\/uploads\\\/2019\\\/02\\\/Sympt\u00f4mes-de-court-nou\u00e9-sur-Fer-N-double-n\u0153uds-2-600x675.jpg\",\"et-pb-portfolio-image\":\"https:\\\/\\\/www.vignevin.com\\\/wp-content\\\/uploads\\\/2019\\\/02\\\/Sympt\u00f4mes-de-court-nou\u00e9-sur-Fer-N-double-n\u0153uds-2-400x284.jpg\",\"et-pb-portfolio-module-image\":\"https:\\\/\\\/www.vignevin.com\\\/wp-content\\\/uploads\\\/2019\\\/02\\\/Sympt\u00f4mes-de-court-nou\u00e9-sur-Fer-N-double-n\u0153uds-2-510x382.jpg\",\"et-pb-portfolio-image-single\":\"https:\\\/\\\/www.vignevin.com\\\/wp-content\\\/uploads\\\/2019\\\/02\\\/Sympt\u00f4mes-de-court-nou\u00e9-sur-Fer-N-double-n\u0153uds-2.jpg\",\"et-pb-gallery-module-image-portrait\":\"https:\\\/\\\/www.vignevin.com\\\/wp-content\\\/uploads\\\/2019\\\/02\\\/Sympt\u00f4mes-de-court-nou\u00e9-sur-Fer-N-double-n\u0153uds-2-400x516.jpg\",\"et-pb-post-main-image-fullwidth-large\":\"https:\\\/\\\/www.vignevin.com\\\/wp-content\\\/uploads\\\/2019\\\/02\\\/Sympt\u00f4mes-de-court-nou\u00e9-sur-Fer-N-double-n\u0153uds-2.jpg\",\"et-pb-image--responsive--desktop\":\"https:\\\/\\\/www.vignevin.com\\\/wp-content\\\/uploads\\\/2019\\\/02\\\/Sympt\u00f4mes-de-court-nou\u00e9-sur-Fer-N-double-n\u0153uds-2.jpg\",\"et-pb-image--responsive--tablet\":\"https:\\\/\\\/www.vignevin.com\\\/wp-content\\\/uploads\\\/2019\\\/02\\\/Sympt\u00f4mes-de-court-nou\u00e9-sur-Fer-N-double-n\u0153uds-2.jpg\",\"et-pb-image--responsive--phone\":\"https:\\\/\\\/www.vignevin.com\\\/wp-content\\\/uploads\\\/2019\\\/02\\\/Sympt\u00f4mes-de-court-nou\u00e9-sur-Fer-N-double-n\u0153uds-2.jpg\",\"gform-image-choice-sm\":\"https:\\\/\\\/www.vignevin.com\\\/wp-content\\\/uploads\\\/2019\\\/02\\\/Sympt\u00f4mes-de-court-nou\u00e9-sur-Fer-N-double-n\u0153uds-2.jpg\",\"gform-image-choice-md\":\"https:\\\/\\\/www.vignevin.com\\\/wp-content\\\/uploads\\\/2019\\\/02\\\/Sympt\u00f4mes-de-court-nou\u00e9-sur-Fer-N-double-n\u0153uds-2.jpg\",\"gform-image-choice-lg\":\"https:\\\/\\\/www.vignevin.com\\\/wp-content\\\/uploads\\\/2019\\\/02\\\/Sympt\u00f4mes-de-court-nou\u00e9-sur-Fer-N-double-n\u0153uds-2.jpg\",\"woocommerce_thumbnail\":\"https:\\\/\\\/www.vignevin.com\\\/wp-content\\\/uploads\\\/2019\\\/02\\\/Sympt\u00f4mes-de-court-nou\u00e9-sur-Fer-N-double-n\u0153uds-2-300x300.jpg\",\"woocommerce_single\":\"https:\\\/\\\/www.vignevin.com\\\/wp-content\\\/uploads\\\/2019\\\/02\\\/Sympt\u00f4mes-de-court-nou\u00e9-sur-Fer-N-double-n\u0153uds-2.jpg\",\"woocommerce_gallery_thumbnail\":\"https:\\\/\\\/www.vignevin.com\\\/wp-content\\\/uploads\\\/2019\\\/02\\\/Sympt\u00f4mes-de-court-nou\u00e9-sur-Fer-N-double-n\u0153uds-2-100x100.jpg\",\"full\":\"https:\\\/\\\/www.vignevin.com\\\/wp-content\\\/uploads\\\/2019\\\/02\\\/Sympt\u00f4mes-de-court-nou\u00e9-sur-Fer-N-double-n\u0153uds-2.jpg\",\"index\":34,\"id\":9972,\"video\":false,\"opts\":{\"caption\":\"\",\"thumb\":\"https:\\\/\\\/www.vignevin.com\\\/wp-content\\\/uploads\\\/2019\\\/02\\\/Sympt\u00f4mes-de-court-nou\u00e9-sur-Fer-N-double-n\u0153uds-2-75x50_c.jpg\",\"title\":\"Sympt&amp;ocirc;mes de court-nou&amp;eacute; sur Fer N double-n&amp;oelig;uds (2)\"},\"gallery_id\":17410,\"gallery_title\":\"Grapevines virus\"},\"9973\":{\"status\":\"active\",\"src\":\"https:\\\/\\\/www.vignevin.com\\\/wp-content\\\/uploads\\\/2019\\\/02\\\/Sympt\u00f4mes-de-court-nou\u00e9-sur-Fer-N-double-n\u0153uds.jpg\",\"title\":\"OLYMPUS DIGITAL CAMERA\",\"link\":\"https:\\\/\\\/www.vignevin.com\\\/wp-content\\\/uploads\\\/2019\\\/02\\\/Sympt\u00f4mes-de-court-nou\u00e9-sur-Fer-N-double-n\u0153uds.jpg\",\"alt\":\"\",\"caption\":\"OLYMPUS DIGITAL CAMERA\",\"thumb\":\"https:\\\/\\\/www.vignevin.com\\\/wp-content\\\/uploads\\\/2019\\\/02\\\/Sympt\u00f4mes-de-court-nou\u00e9-sur-Fer-N-double-n\u0153uds-75x50_c.jpg\",\"meta\":{\"aperture\":\"8\",\"credit\":null,\"camera\":\"C-5000Z\",\"caption\":\"OLYMPUS DIGITAL CAMERA\",\"created_timestamp\":\"1082842103\",\"copyright\":null,\"focal_length\":\"7.8\",\"iso\":\"50\",\"shutter_speed\":\"0.016666666666667\",\"title\":\"OLYMPUS DIGITAL CAMERA\",\"orientation\":\"1\",\"keywords\":null},\"thumbnail\":\"https:\\\/\\\/www.vignevin.com\\\/wp-content\\\/uploads\\\/2019\\\/02\\\/Sympt\u00f4mes-de-court-nou\u00e9-sur-Fer-N-double-n\u0153uds.jpg\",\"medium\":\"https:\\\/\\\/www.vignevin.com\\\/wp-content\\\/uploads\\\/2019\\\/02\\\/Sympt\u00f4mes-de-court-nou\u00e9-sur-Fer-N-double-n\u0153uds.jpg\",\"medium_large\":\"https:\\\/\\\/www.vignevin.com\\\/wp-content\\\/uploads\\\/2019\\\/02\\\/Sympt\u00f4mes-de-court-nou\u00e9-sur-Fer-N-double-n\u0153uds.jpg\",\"large\":\"https:\\\/\\\/www.vignevin.com\\\/wp-content\\\/uploads\\\/2019\\\/02\\\/Sympt\u00f4mes-de-court-nou\u00e9-sur-Fer-N-double-n\u0153uds.jpg\",\"1536x1536\":\"https:\\\/\\\/www.vignevin.com\\\/wp-content\\\/uploads\\\/2019\\\/02\\\/Sympt\u00f4mes-de-court-nou\u00e9-sur-Fer-N-double-n\u0153uds.jpg\",\"2048x2048\":\"https:\\\/\\\/www.vignevin.com\\\/wp-content\\\/uploads\\\/2019\\\/02\\\/Sympt\u00f4mes-de-court-nou\u00e9-sur-Fer-N-double-n\u0153uds.jpg\",\"et-pb-post-main-image\":\"https:\\\/\\\/www.vignevin.com\\\/wp-content\\\/uploads\\\/2019\\\/02\\\/Sympt\u00f4mes-de-court-nou\u00e9-sur-Fer-N-double-n\u0153uds.jpg\",\"et-pb-post-main-image-fullwidth\":\"https:\\\/\\\/www.vignevin.com\\\/wp-content\\\/uploads\\\/2019\\\/02\\\/Sympt\u00f4mes-de-court-nou\u00e9-sur-Fer-N-double-n\u0153uds.jpg\",\"et-pb-portfolio-image\":\"https:\\\/\\\/www.vignevin.com\\\/wp-content\\\/uploads\\\/2019\\\/02\\\/Sympt\u00f4mes-de-court-nou\u00e9-sur-Fer-N-double-n\u0153uds.jpg\",\"et-pb-portfolio-module-image\":\"https:\\\/\\\/www.vignevin.com\\\/wp-content\\\/uploads\\\/2019\\\/02\\\/Sympt\u00f4mes-de-court-nou\u00e9-sur-Fer-N-double-n\u0153uds.jpg\",\"et-pb-portfolio-image-single\":\"https:\\\/\\\/www.vignevin.com\\\/wp-content\\\/uploads\\\/2019\\\/02\\\/Sympt\u00f4mes-de-court-nou\u00e9-sur-Fer-N-double-n\u0153uds.jpg\",\"et-pb-gallery-module-image-portrait\":\"https:\\\/\\\/www.vignevin.com\\\/wp-content\\\/uploads\\\/2019\\\/02\\\/Sympt\u00f4mes-de-court-nou\u00e9-sur-Fer-N-double-n\u0153uds.jpg\",\"et-pb-post-main-image-fullwidth-large\":\"https:\\\/\\\/www.vignevin.com\\\/wp-content\\\/uploads\\\/2019\\\/02\\\/Sympt\u00f4mes-de-court-nou\u00e9-sur-Fer-N-double-n\u0153uds.jpg\",\"et-pb-image--responsive--desktop\":\"https:\\\/\\\/www.vignevin.com\\\/wp-content\\\/uploads\\\/2019\\\/02\\\/Sympt\u00f4mes-de-court-nou\u00e9-sur-Fer-N-double-n\u0153uds.jpg\",\"et-pb-image--responsive--tablet\":\"https:\\\/\\\/www.vignevin.com\\\/wp-content\\\/uploads\\\/2019\\\/02\\\/Sympt\u00f4mes-de-court-nou\u00e9-sur-Fer-N-double-n\u0153uds.jpg\",\"et-pb-image--responsive--phone\":\"https:\\\/\\\/www.vignevin.com\\\/wp-content\\\/uploads\\\/2019\\\/02\\\/Sympt\u00f4mes-de-court-nou\u00e9-sur-Fer-N-double-n\u0153uds.jpg\",\"gform-image-choice-sm\":\"https:\\\/\\\/www.vignevin.com\\\/wp-content\\\/uploads\\\/2019\\\/02\\\/Sympt\u00f4mes-de-court-nou\u00e9-sur-Fer-N-double-n\u0153uds.jpg\",\"gform-image-choice-md\":\"https:\\\/\\\/www.vignevin.com\\\/wp-content\\\/uploads\\\/2019\\\/02\\\/Sympt\u00f4mes-de-court-nou\u00e9-sur-Fer-N-double-n\u0153uds.jpg\",\"gform-image-choice-lg\":\"https:\\\/\\\/www.vignevin.com\\\/wp-content\\\/uploads\\\/2019\\\/02\\\/Sympt\u00f4mes-de-court-nou\u00e9-sur-Fer-N-double-n\u0153uds.jpg\",\"woocommerce_thumbnail\":\"https:\\\/\\\/www.vignevin.com\\\/wp-content\\\/uploads\\\/2019\\\/02\\\/Sympt\u00f4mes-de-court-nou\u00e9-sur-Fer-N-double-n\u0153uds-300x300.jpg\",\"woocommerce_single\":\"https:\\\/\\\/www.vignevin.com\\\/wp-content\\\/uploads\\\/2019\\\/02\\\/Sympt\u00f4mes-de-court-nou\u00e9-sur-Fer-N-double-n\u0153uds-600x450.jpg\",\"woocommerce_gallery_thumbnail\":\"https:\\\/\\\/www.vignevin.com\\\/wp-content\\\/uploads\\\/2019\\\/02\\\/Sympt\u00f4mes-de-court-nou\u00e9-sur-Fer-N-double-n\u0153uds-100x100.jpg\",\"full\":\"https:\\\/\\\/www.vignevin.com\\\/wp-content\\\/uploads\\\/2019\\\/02\\\/Sympt\u00f4mes-de-court-nou\u00e9-sur-Fer-N-double-n\u0153uds.jpg\",\"index\":35,\"id\":9973,\"video\":false,\"opts\":{\"caption\":\"OLYMPUS DIGITAL CAMERA\",\"thumb\":\"https:\\\/\\\/www.vignevin.com\\\/wp-content\\\/uploads\\\/2019\\\/02\\\/Sympt\u00f4mes-de-court-nou\u00e9-sur-Fer-N-double-n\u0153uds-75x50_c.jpg\",\"title\":\"OLYMPUS DIGITAL CAMERA\"},\"gallery_id\":17410,\"gallery_title\":\"Grapevines virus\"},\"9974\":{\"status\":\"active\",\"src\":\"https:\\\/\\\/www.vignevin.com\\\/wp-content\\\/uploads\\\/2019\\\/02\\\/Sympt\u00f4mes-de-court-nou\u00e9-sur-Fer-N-millerandage-2-scaled.jpg\",\"title\":\"Sympt&amp;ocirc;mes de court-nou&amp;eacute; sur Fer N millerandage (2)\",\"link\":\"https:\\\/\\\/www.vignevin.com\\\/wp-content\\\/uploads\\\/2019\\\/02\\\/Sympt\u00f4mes-de-court-nou\u00e9-sur-Fer-N-millerandage-2.jpg\",\"alt\":\"\",\"caption\":false,\"thumb\":\"https:\\\/\\\/www.vignevin.com\\\/wp-content\\\/uploads\\\/2019\\\/02\\\/Sympt\u00f4mes-de-court-nou\u00e9-sur-Fer-N-millerandage-2-scaled-75x50_c.jpg\",\"meta\":{\"aperture\":\"3.3\",\"credit\":null,\"camera\":\"DMC-TZ10\",\"caption\":\"\",\"created_timestamp\":\"1443439480\",\"copyright\":null,\"focal_length\":\"4.1\",\"iso\":\"125\",\"shutter_speed\":\"0.016666666666667\",\"title\":\"\",\"orientation\":\"1\",\"keywords\":null},\"thumbnail\":\"https:\\\/\\\/www.vignevin.com\\\/wp-content\\\/uploads\\\/2019\\\/02\\\/Sympt\u00f4mes-de-court-nou\u00e9-sur-Fer-N-millerandage-2-150x150.jpg\",\"medium\":\"https:\\\/\\\/www.vignevin.com\\\/wp-content\\\/uploads\\\/2019\\\/02\\\/Sympt\u00f4mes-de-court-nou\u00e9-sur-Fer-N-millerandage-2-225x300.jpg\",\"medium_large\":\"https:\\\/\\\/www.vignevin.com\\\/wp-content\\\/uploads\\\/2019\\\/02\\\/Sympt\u00f4mes-de-court-nou\u00e9-sur-Fer-N-millerandage-2-768x1024.jpg\",\"large\":\"https:\\\/\\\/www.vignevin.com\\\/wp-content\\\/uploads\\\/2019\\\/02\\\/Sympt\u00f4mes-de-court-nou\u00e9-sur-Fer-N-millerandage-2-768x1024.jpg\",\"1536x1536\":\"https:\\\/\\\/www.vignevin.com\\\/wp-content\\\/uploads\\\/2019\\\/02\\\/Sympt\u00f4mes-de-court-nou\u00e9-sur-Fer-N-millerandage-2-scaled.jpg\",\"2048x2048\":\"https:\\\/\\\/www.vignevin.com\\\/wp-content\\\/uploads\\\/2019\\\/02\\\/Sympt\u00f4mes-de-court-nou\u00e9-sur-Fer-N-millerandage-2-scaled.jpg\",\"et-pb-post-main-image\":\"https:\\\/\\\/www.vignevin.com\\\/wp-content\\\/uploads\\\/2019\\\/02\\\/Sympt\u00f4mes-de-court-nou\u00e9-sur-Fer-N-millerandage-2-400x250.jpg\",\"et-pb-post-main-image-fullwidth\":\"https:\\\/\\\/www.vignevin.com\\\/wp-content\\\/uploads\\\/2019\\\/02\\\/Sympt\u00f4mes-de-court-nou\u00e9-sur-Fer-N-millerandage-2-1080x675.jpg\",\"et-pb-portfolio-image\":\"https:\\\/\\\/www.vignevin.com\\\/wp-content\\\/uploads\\\/2019\\\/02\\\/Sympt\u00f4mes-de-court-nou\u00e9-sur-Fer-N-millerandage-2-400x284.jpg\",\"et-pb-portfolio-module-image\":\"https:\\\/\\\/www.vignevin.com\\\/wp-content\\\/uploads\\\/2019\\\/02\\\/Sympt\u00f4mes-de-court-nou\u00e9-sur-Fer-N-millerandage-2-510x382.jpg\",\"et-pb-portfolio-image-single\":\"https:\\\/\\\/www.vignevin.com\\\/wp-content\\\/uploads\\\/2019\\\/02\\\/Sympt\u00f4mes-de-court-nou\u00e9-sur-Fer-N-millerandage-2-1080x1440.jpg\",\"et-pb-gallery-module-image-portrait\":\"https:\\\/\\\/www.vignevin.com\\\/wp-content\\\/uploads\\\/2019\\\/02\\\/Sympt\u00f4mes-de-court-nou\u00e9-sur-Fer-N-millerandage-2-400x516.jpg\",\"et-pb-post-main-image-fullwidth-large\":\"https:\\\/\\\/www.vignevin.com\\\/wp-content\\\/uploads\\\/2019\\\/02\\\/Sympt\u00f4mes-de-court-nou\u00e9-sur-Fer-N-millerandage-2-2880x1800.jpg\",\"et-pb-image--responsive--desktop\":\"https:\\\/\\\/www.vignevin.com\\\/wp-content\\\/uploads\\\/2019\\\/02\\\/Sympt\u00f4mes-de-court-nou\u00e9-sur-Fer-N-millerandage-2-scaled.jpg\",\"et-pb-image--responsive--tablet\":\"https:\\\/\\\/www.vignevin.com\\\/wp-content\\\/uploads\\\/2019\\\/02\\\/Sympt\u00f4mes-de-court-nou\u00e9-sur-Fer-N-millerandage-2-scaled.jpg\",\"et-pb-image--responsive--phone\":\"https:\\\/\\\/www.vignevin.com\\\/wp-content\\\/uploads\\\/2019\\\/02\\\/Sympt\u00f4mes-de-court-nou\u00e9-sur-Fer-N-millerandage-2-scaled.jpg\",\"gform-image-choice-sm\":\"https:\\\/\\\/www.vignevin.com\\\/wp-content\\\/uploads\\\/2019\\\/02\\\/Sympt\u00f4mes-de-court-nou\u00e9-sur-Fer-N-millerandage-2-scaled.jpg\",\"gform-image-choice-md\":\"https:\\\/\\\/www.vignevin.com\\\/wp-content\\\/uploads\\\/2019\\\/02\\\/Sympt\u00f4mes-de-court-nou\u00e9-sur-Fer-N-millerandage-2-scaled.jpg\",\"gform-image-choice-lg\":\"https:\\\/\\\/www.vignevin.com\\\/wp-content\\\/uploads\\\/2019\\\/02\\\/Sympt\u00f4mes-de-court-nou\u00e9-sur-Fer-N-millerandage-2-scaled.jpg\",\"woocommerce_thumbnail\":\"https:\\\/\\\/www.vignevin.com\\\/wp-content\\\/uploads\\\/2019\\\/02\\\/Sympt\u00f4mes-de-court-nou\u00e9-sur-Fer-N-millerandage-2-scaled-300x300.jpg\",\"woocommerce_single\":\"https:\\\/\\\/www.vignevin.com\\\/wp-content\\\/uploads\\\/2019\\\/02\\\/Sympt\u00f4mes-de-court-nou\u00e9-sur-Fer-N-millerandage-2-scaled-600x800.jpg\",\"woocommerce_gallery_thumbnail\":\"https:\\\/\\\/www.vignevin.com\\\/wp-content\\\/uploads\\\/2019\\\/02\\\/Sympt\u00f4mes-de-court-nou\u00e9-sur-Fer-N-millerandage-2-scaled-100x100.jpg\",\"full\":\"https:\\\/\\\/www.vignevin.com\\\/wp-content\\\/uploads\\\/2019\\\/02\\\/Sympt\u00f4mes-de-court-nou\u00e9-sur-Fer-N-millerandage-2-scaled.jpg\",\"index\":36,\"id\":9974,\"video\":false,\"opts\":{\"caption\":\"\",\"thumb\":\"https:\\\/\\\/www.vignevin.com\\\/wp-content\\\/uploads\\\/2019\\\/02\\\/Sympt\u00f4mes-de-court-nou\u00e9-sur-Fer-N-millerandage-2-scaled-75x50_c.jpg\",\"title\":\"Sympt&amp;ocirc;mes de court-nou&amp;eacute; sur Fer N millerandage (2)\"},\"gallery_id\":17410,\"gallery_title\":\"Grapevines virus\"},\"9975\":{\"status\":\"active\",\"src\":\"https:\\\/\\\/www.vignevin.com\\\/wp-content\\\/uploads\\\/2019\\\/02\\\/Sympt\u00f4mes-de-court-nou\u00e9-sur-Fer-N-millerandage-scaled.jpg\",\"title\":\"Sympt&amp;ocirc;mes de court-nou&amp;eacute; sur Fer N millerandage\",\"link\":\"https:\\\/\\\/www.vignevin.com\\\/wp-content\\\/uploads\\\/2019\\\/02\\\/Sympt\u00f4mes-de-court-nou\u00e9-sur-Fer-N-millerandage.jpg\",\"alt\":\"\",\"caption\":false,\"thumb\":\"https:\\\/\\\/www.vignevin.com\\\/wp-content\\\/uploads\\\/2019\\\/02\\\/Sympt\u00f4mes-de-court-nou\u00e9-sur-Fer-N-millerandage-scaled-75x50_c.jpg\",\"meta\":{\"aperture\":\"3.3\",\"credit\":null,\"camera\":\"DMC-TZ10\",\"caption\":\"\",\"created_timestamp\":\"1443439471\",\"copyright\":null,\"focal_length\":\"4.1\",\"iso\":\"80\",\"shutter_speed\":\"0.01\",\"title\":\"\",\"orientation\":\"1\",\"keywords\":null},\"thumbnail\":\"https:\\\/\\\/www.vignevin.com\\\/wp-content\\\/uploads\\\/2019\\\/02\\\/Sympt\u00f4mes-de-court-nou\u00e9-sur-Fer-N-millerandage-150x150.jpg\",\"medium\":\"https:\\\/\\\/www.vignevin.com\\\/wp-content\\\/uploads\\\/2019\\\/02\\\/Sympt\u00f4mes-de-court-nou\u00e9-sur-Fer-N-millerandage-225x300.jpg\",\"medium_large\":\"https:\\\/\\\/www.vignevin.com\\\/wp-content\\\/uploads\\\/2019\\\/02\\\/Sympt\u00f4mes-de-court-nou\u00e9-sur-Fer-N-millerandage-768x1024.jpg\",\"large\":\"https:\\\/\\\/www.vignevin.com\\\/wp-content\\\/uploads\\\/2019\\\/02\\\/Sympt\u00f4mes-de-court-nou\u00e9-sur-Fer-N-millerandage-768x1024.jpg\",\"1536x1536\":\"https:\\\/\\\/www.vignevin.com\\\/wp-content\\\/uploads\\\/2019\\\/02\\\/Sympt\u00f4mes-de-court-nou\u00e9-sur-Fer-N-millerandage-scaled.jpg\",\"2048x2048\":\"https:\\\/\\\/www.vignevin.com\\\/wp-content\\\/uploads\\\/2019\\\/02\\\/Sympt\u00f4mes-de-court-nou\u00e9-sur-Fer-N-millerandage-scaled.jpg\",\"et-pb-post-main-image\":\"https:\\\/\\\/www.vignevin.com\\\/wp-content\\\/uploads\\\/2019\\\/02\\\/Sympt\u00f4mes-de-court-nou\u00e9-sur-Fer-N-millerandage-400x250.jpg\",\"et-pb-post-main-image-fullwidth\":\"https:\\\/\\\/www.vignevin.com\\\/wp-content\\\/uploads\\\/2019\\\/02\\\/Sympt\u00f4mes-de-court-nou\u00e9-sur-Fer-N-millerandage-1080x675.jpg\",\"et-pb-portfolio-image\":\"https:\\\/\\\/www.vignevin.com\\\/wp-content\\\/uploads\\\/2019\\\/02\\\/Sympt\u00f4mes-de-court-nou\u00e9-sur-Fer-N-millerandage-400x284.jpg\",\"et-pb-portfolio-module-image\":\"https:\\\/\\\/www.vignevin.com\\\/wp-content\\\/uploads\\\/2019\\\/02\\\/Sympt\u00f4mes-de-court-nou\u00e9-sur-Fer-N-millerandage-510x382.jpg\",\"et-pb-portfolio-image-single\":\"https:\\\/\\\/www.vignevin.com\\\/wp-content\\\/uploads\\\/2019\\\/02\\\/Sympt\u00f4mes-de-court-nou\u00e9-sur-Fer-N-millerandage-1080x1440.jpg\",\"et-pb-gallery-module-image-portrait\":\"https:\\\/\\\/www.vignevin.com\\\/wp-content\\\/uploads\\\/2019\\\/02\\\/Sympt\u00f4mes-de-court-nou\u00e9-sur-Fer-N-millerandage-400x516.jpg\",\"et-pb-post-main-image-fullwidth-large\":\"https:\\\/\\\/www.vignevin.com\\\/wp-content\\\/uploads\\\/2019\\\/02\\\/Sympt\u00f4mes-de-court-nou\u00e9-sur-Fer-N-millerandage-2880x1800.jpg\",\"et-pb-image--responsive--desktop\":\"https:\\\/\\\/www.vignevin.com\\\/wp-content\\\/uploads\\\/2019\\\/02\\\/Sympt\u00f4mes-de-court-nou\u00e9-sur-Fer-N-millerandage-scaled.jpg\",\"et-pb-image--responsive--tablet\":\"https:\\\/\\\/www.vignevin.com\\\/wp-content\\\/uploads\\\/2019\\\/02\\\/Sympt\u00f4mes-de-court-nou\u00e9-sur-Fer-N-millerandage-scaled.jpg\",\"et-pb-image--responsive--phone\":\"https:\\\/\\\/www.vignevin.com\\\/wp-content\\\/uploads\\\/2019\\\/02\\\/Sympt\u00f4mes-de-court-nou\u00e9-sur-Fer-N-millerandage-scaled.jpg\",\"gform-image-choice-sm\":\"https:\\\/\\\/www.vignevin.com\\\/wp-content\\\/uploads\\\/2019\\\/02\\\/Sympt\u00f4mes-de-court-nou\u00e9-sur-Fer-N-millerandage-scaled.jpg\",\"gform-image-choice-md\":\"https:\\\/\\\/www.vignevin.com\\\/wp-content\\\/uploads\\\/2019\\\/02\\\/Sympt\u00f4mes-de-court-nou\u00e9-sur-Fer-N-millerandage-scaled.jpg\",\"gform-image-choice-lg\":\"https:\\\/\\\/www.vignevin.com\\\/wp-content\\\/uploads\\\/2019\\\/02\\\/Sympt\u00f4mes-de-court-nou\u00e9-sur-Fer-N-millerandage-scaled.jpg\",\"woocommerce_thumbnail\":\"https:\\\/\\\/www.vignevin.com\\\/wp-content\\\/uploads\\\/2019\\\/02\\\/Sympt\u00f4mes-de-court-nou\u00e9-sur-Fer-N-millerandage-scaled-300x300.jpg\",\"woocommerce_single\":\"https:\\\/\\\/www.vignevin.com\\\/wp-content\\\/uploads\\\/2019\\\/02\\\/Sympt\u00f4mes-de-court-nou\u00e9-sur-Fer-N-millerandage-scaled-600x800.jpg\",\"woocommerce_gallery_thumbnail\":\"https:\\\/\\\/www.vignevin.com\\\/wp-content\\\/uploads\\\/2019\\\/02\\\/Sympt\u00f4mes-de-court-nou\u00e9-sur-Fer-N-millerandage-scaled-100x100.jpg\",\"full\":\"https:\\\/\\\/www.vignevin.com\\\/wp-content\\\/uploads\\\/2019\\\/02\\\/Sympt\u00f4mes-de-court-nou\u00e9-sur-Fer-N-millerandage-scaled.jpg\",\"index\":37,\"id\":9975,\"video\":false,\"opts\":{\"caption\":\"\",\"thumb\":\"https:\\\/\\\/www.vignevin.com\\\/wp-content\\\/uploads\\\/2019\\\/02\\\/Sympt\u00f4mes-de-court-nou\u00e9-sur-Fer-N-millerandage-scaled-75x50_c.jpg\",\"title\":\"Sympt&amp;ocirc;mes de court-nou&amp;eacute; sur Fer N millerandage\"},\"gallery_id\":17410,\"gallery_title\":\"Grapevines virus\"},\"9976\":{\"status\":\"active\",\"src\":\"https:\\\/\\\/www.vignevin.com\\\/wp-content\\\/uploads\\\/2019\\\/02\\\/Sympt\u00f4mes-de-court-nou\u00e9-sur-galle-d\u00e9rinose.jpg\",\"title\":\"Sympt&amp;ocirc;mes de court-nou&amp;eacute; sur galle d&amp;amp;rsquo;&amp;eacute;rinose\",\"link\":\"https:\\\/\\\/www.vignevin.com\\\/wp-content\\\/uploads\\\/2019\\\/02\\\/Sympt\u00f4mes-de-court-nou\u00e9-sur-galle-d\u00e9rinose.jpg\",\"alt\":\"\",\"caption\":false,\"thumb\":\"https:\\\/\\\/www.vignevin.com\\\/wp-content\\\/uploads\\\/2019\\\/02\\\/Sympt\u00f4mes-de-court-nou\u00e9-sur-galle-d\u00e9rinose-75x50_c.jpg\",\"meta\":{\"aperture\":\"3.3\",\"credit\":null,\"camera\":\"DMC-TZ10\",\"caption\":\"\",\"created_timestamp\":\"1276196351\",\"copyright\":null,\"focal_length\":\"4.1\",\"iso\":\"400\",\"shutter_speed\":\"0.033333333333333\",\"title\":\"\",\"orientation\":\"1\",\"keywords\":null},\"thumbnail\":\"https:\\\/\\\/www.vignevin.com\\\/wp-content\\\/uploads\\\/2019\\\/02\\\/Sympt\u00f4mes-de-court-nou\u00e9-sur-galle-d\u00e9rinose-150x150.jpg\",\"medium\":\"https:\\\/\\\/www.vignevin.com\\\/wp-content\\\/uploads\\\/2019\\\/02\\\/Sympt\u00f4mes-de-court-nou\u00e9-sur-galle-d\u00e9rinose-300x225.jpg\",\"medium_large\":\"https:\\\/\\\/www.vignevin.com\\\/wp-content\\\/uploads\\\/2019\\\/02\\\/Sympt\u00f4mes-de-court-nou\u00e9-sur-galle-d\u00e9rinose-768x576.jpg\",\"large\":\"https:\\\/\\\/www.vignevin.com\\\/wp-content\\\/uploads\\\/2019\\\/02\\\/Sympt\u00f4mes-de-court-nou\u00e9-sur-galle-d\u00e9rinose-1024x768.jpg\",\"1536x1536\":\"https:\\\/\\\/www.vignevin.com\\\/wp-content\\\/uploads\\\/2019\\\/02\\\/Sympt\u00f4mes-de-court-nou\u00e9-sur-galle-d\u00e9rinose.jpg\",\"2048x2048\":\"https:\\\/\\\/www.vignevin.com\\\/wp-content\\\/uploads\\\/2019\\\/02\\\/Sympt\u00f4mes-de-court-nou\u00e9-sur-galle-d\u00e9rinose.jpg\",\"et-pb-post-main-image\":\"https:\\\/\\\/www.vignevin.com\\\/wp-content\\\/uploads\\\/2019\\\/02\\\/Sympt\u00f4mes-de-court-nou\u00e9-sur-galle-d\u00e9rinose-400x250.jpg\",\"et-pb-post-main-image-fullwidth\":\"https:\\\/\\\/www.vignevin.com\\\/wp-content\\\/uploads\\\/2019\\\/02\\\/Sympt\u00f4mes-de-court-nou\u00e9-sur-galle-d\u00e9rinose-1080x675.jpg\",\"et-pb-portfolio-image\":\"https:\\\/\\\/www.vignevin.com\\\/wp-content\\\/uploads\\\/2019\\\/02\\\/Sympt\u00f4mes-de-court-nou\u00e9-sur-galle-d\u00e9rinose-400x284.jpg\",\"et-pb-portfolio-module-image\":\"https:\\\/\\\/www.vignevin.com\\\/wp-content\\\/uploads\\\/2019\\\/02\\\/Sympt\u00f4mes-de-court-nou\u00e9-sur-galle-d\u00e9rinose-510x382.jpg\",\"et-pb-portfolio-image-single\":\"https:\\\/\\\/www.vignevin.com\\\/wp-content\\\/uploads\\\/2019\\\/02\\\/Sympt\u00f4mes-de-court-nou\u00e9-sur-galle-d\u00e9rinose-1080x810.jpg\",\"et-pb-gallery-module-image-portrait\":\"https:\\\/\\\/www.vignevin.com\\\/wp-content\\\/uploads\\\/2019\\\/02\\\/Sympt\u00f4mes-de-court-nou\u00e9-sur-galle-d\u00e9rinose-400x516.jpg\",\"et-pb-post-main-image-fullwidth-large\":\"https:\\\/\\\/www.vignevin.com\\\/wp-content\\\/uploads\\\/2019\\\/02\\\/Sympt\u00f4mes-de-court-nou\u00e9-sur-galle-d\u00e9rinose-2560x1800.jpg\",\"et-pb-image--responsive--desktop\":\"https:\\\/\\\/www.vignevin.com\\\/wp-content\\\/uploads\\\/2019\\\/02\\\/Sympt\u00f4mes-de-court-nou\u00e9-sur-galle-d\u00e9rinose.jpg\",\"et-pb-image--responsive--tablet\":\"https:\\\/\\\/www.vignevin.com\\\/wp-content\\\/uploads\\\/2019\\\/02\\\/Sympt\u00f4mes-de-court-nou\u00e9-sur-galle-d\u00e9rinose.jpg\",\"et-pb-image--responsive--phone\":\"https:\\\/\\\/www.vignevin.com\\\/wp-content\\\/uploads\\\/2019\\\/02\\\/Sympt\u00f4mes-de-court-nou\u00e9-sur-galle-d\u00e9rinose.jpg\",\"gform-image-choice-sm\":\"https:\\\/\\\/www.vignevin.com\\\/wp-content\\\/uploads\\\/2019\\\/02\\\/Sympt\u00f4mes-de-court-nou\u00e9-sur-galle-d\u00e9rinose.jpg\",\"gform-image-choice-md\":\"https:\\\/\\\/www.vignevin.com\\\/wp-content\\\/uploads\\\/2019\\\/02\\\/Sympt\u00f4mes-de-court-nou\u00e9-sur-galle-d\u00e9rinose.jpg\",\"gform-image-choice-lg\":\"https:\\\/\\\/www.vignevin.com\\\/wp-content\\\/uploads\\\/2019\\\/02\\\/Sympt\u00f4mes-de-court-nou\u00e9-sur-galle-d\u00e9rinose.jpg\",\"woocommerce_thumbnail\":\"https:\\\/\\\/www.vignevin.com\\\/wp-content\\\/uploads\\\/2019\\\/02\\\/Sympt\u00f4mes-de-court-nou\u00e9-sur-galle-d\u00e9rinose-300x300.jpg\",\"woocommerce_single\":\"https:\\\/\\\/www.vignevin.com\\\/wp-content\\\/uploads\\\/2019\\\/02\\\/Sympt\u00f4mes-de-court-nou\u00e9-sur-galle-d\u00e9rinose-600x450.jpg\",\"woocommerce_gallery_thumbnail\":\"https:\\\/\\\/www.vignevin.com\\\/wp-content\\\/uploads\\\/2019\\\/02\\\/Sympt\u00f4mes-de-court-nou\u00e9-sur-galle-d\u00e9rinose-100x100.jpg\",\"full\":\"https:\\\/\\\/www.vignevin.com\\\/wp-content\\\/uploads\\\/2019\\\/02\\\/Sympt\u00f4mes-de-court-nou\u00e9-sur-galle-d\u00e9rinose.jpg\",\"index\":38,\"id\":9976,\"video\":false,\"opts\":{\"caption\":\"\",\"thumb\":\"https:\\\/\\\/www.vignevin.com\\\/wp-content\\\/uploads\\\/2019\\\/02\\\/Sympt\u00f4mes-de-court-nou\u00e9-sur-galle-d\u00e9rinose-75x50_c.jpg\",\"title\":\"Sympt&amp;ocirc;mes de court-nou&amp;eacute; sur galle d&amp;amp;rsquo;&amp;eacute;rinose\"},\"gallery_id\":17410,\"gallery_title\":\"Grapevines virus\"},\"9977\":{\"status\":\"active\",\"src\":\"https:\\\/\\\/www.vignevin.com\\\/wp-content\\\/uploads\\\/2019\\\/02\\\/Sympt\u00f4mes-de-court-nou\u00e9-sur-grappes-coulure.jpg\",\"title\":\"Sympt&amp;ocirc;mes de court-nou&amp;eacute; sur grappes coulure\",\"link\":\"https:\\\/\\\/www.vignevin.com\\\/wp-content\\\/uploads\\\/2019\\\/02\\\/Sympt\u00f4mes-de-court-nou\u00e9-sur-grappes-coulure.jpg\",\"alt\":\"\",\"caption\":false,\"thumb\":\"https:\\\/\\\/www.vignevin.com\\\/wp-content\\\/uploads\\\/2019\\\/02\\\/Sympt\u00f4mes-de-court-nou\u00e9-sur-grappes-coulure-75x50_c.jpg\",\"meta\":{\"aperture\":\"3.3\",\"credit\":null,\"camera\":\"DMC-TZ10\",\"caption\":\"\",\"created_timestamp\":\"1341416100\",\"copyright\":null,\"focal_length\":\"4.1\",\"iso\":\"80\",\"shutter_speed\":\"0.005\",\"title\":\"\",\"orientation\":\"1\",\"keywords\":null},\"thumbnail\":\"https:\\\/\\\/www.vignevin.com\\\/wp-content\\\/uploads\\\/2019\\\/02\\\/Sympt\u00f4mes-de-court-nou\u00e9-sur-grappes-coulure-150x150.jpg\",\"medium\":\"https:\\\/\\\/www.vignevin.com\\\/wp-content\\\/uploads\\\/2019\\\/02\\\/Sympt\u00f4mes-de-court-nou\u00e9-sur-grappes-coulure-225x300.jpg\",\"medium_large\":\"https:\\\/\\\/www.vignevin.com\\\/wp-content\\\/uploads\\\/2019\\\/02\\\/Sympt\u00f4mes-de-court-nou\u00e9-sur-grappes-coulure-768x1024.jpg\",\"large\":\"https:\\\/\\\/www.vignevin.com\\\/wp-content\\\/uploads\\\/2019\\\/02\\\/Sympt\u00f4mes-de-court-nou\u00e9-sur-grappes-coulure-768x1024.jpg\",\"1536x1536\":\"https:\\\/\\\/www.vignevin.com\\\/wp-content\\\/uploads\\\/2019\\\/02\\\/Sympt\u00f4mes-de-court-nou\u00e9-sur-grappes-coulure.jpg\",\"2048x2048\":\"https:\\\/\\\/www.vignevin.com\\\/wp-content\\\/uploads\\\/2019\\\/02\\\/Sympt\u00f4mes-de-court-nou\u00e9-sur-grappes-coulure.jpg\",\"et-pb-post-main-image\":\"https:\\\/\\\/www.vignevin.com\\\/wp-content\\\/uploads\\\/2019\\\/02\\\/Sympt\u00f4mes-de-court-nou\u00e9-sur-grappes-coulure-400x250.jpg\",\"et-pb-post-main-image-fullwidth\":\"https:\\\/\\\/www.vignevin.com\\\/wp-content\\\/uploads\\\/2019\\\/02\\\/Sympt\u00f4mes-de-court-nou\u00e9-sur-grappes-coulure-1080x675.jpg\",\"et-pb-portfolio-image\":\"https:\\\/\\\/www.vignevin.com\\\/wp-content\\\/uploads\\\/2019\\\/02\\\/Sympt\u00f4mes-de-court-nou\u00e9-sur-grappes-coulure-400x284.jpg\",\"et-pb-portfolio-module-image\":\"https:\\\/\\\/www.vignevin.com\\\/wp-content\\\/uploads\\\/2019\\\/02\\\/Sympt\u00f4mes-de-court-nou\u00e9-sur-grappes-coulure-510x382.jpg\",\"et-pb-portfolio-image-single\":\"https:\\\/\\\/www.vignevin.com\\\/wp-content\\\/uploads\\\/2019\\\/02\\\/Sympt\u00f4mes-de-court-nou\u00e9-sur-grappes-coulure-1080x1440.jpg\",\"et-pb-gallery-module-image-portrait\":\"https:\\\/\\\/www.vignevin.com\\\/wp-content\\\/uploads\\\/2019\\\/02\\\/Sympt\u00f4mes-de-court-nou\u00e9-sur-grappes-coulure-400x516.jpg\",\"et-pb-post-main-image-fullwidth-large\":\"https:\\\/\\\/www.vignevin.com\\\/wp-content\\\/uploads\\\/2019\\\/02\\\/Sympt\u00f4mes-de-court-nou\u00e9-sur-grappes-coulure-1536x1800.jpg\",\"et-pb-image--responsive--desktop\":\"https:\\\/\\\/www.vignevin.com\\\/wp-content\\\/uploads\\\/2019\\\/02\\\/Sympt\u00f4mes-de-court-nou\u00e9-sur-grappes-coulure.jpg\",\"et-pb-image--responsive--tablet\":\"https:\\\/\\\/www.vignevin.com\\\/wp-content\\\/uploads\\\/2019\\\/02\\\/Sympt\u00f4mes-de-court-nou\u00e9-sur-grappes-coulure.jpg\",\"et-pb-image--responsive--phone\":\"https:\\\/\\\/www.vignevin.com\\\/wp-content\\\/uploads\\\/2019\\\/02\\\/Sympt\u00f4mes-de-court-nou\u00e9-sur-grappes-coulure.jpg\",\"gform-image-choice-sm\":\"https:\\\/\\\/www.vignevin.com\\\/wp-content\\\/uploads\\\/2019\\\/02\\\/Sympt\u00f4mes-de-court-nou\u00e9-sur-grappes-coulure.jpg\",\"gform-image-choice-md\":\"https:\\\/\\\/www.vignevin.com\\\/wp-content\\\/uploads\\\/2019\\\/02\\\/Sympt\u00f4mes-de-court-nou\u00e9-sur-grappes-coulure.jpg\",\"gform-image-choice-lg\":\"https:\\\/\\\/www.vignevin.com\\\/wp-content\\\/uploads\\\/2019\\\/02\\\/Sympt\u00f4mes-de-court-nou\u00e9-sur-grappes-coulure.jpg\",\"woocommerce_thumbnail\":\"https:\\\/\\\/www.vignevin.com\\\/wp-content\\\/uploads\\\/2019\\\/02\\\/Sympt\u00f4mes-de-court-nou\u00e9-sur-grappes-coulure-300x300.jpg\",\"woocommerce_single\":\"https:\\\/\\\/www.vignevin.com\\\/wp-content\\\/uploads\\\/2019\\\/02\\\/Sympt\u00f4mes-de-court-nou\u00e9-sur-grappes-coulure-600x800.jpg\",\"woocommerce_gallery_thumbnail\":\"https:\\\/\\\/www.vignevin.com\\\/wp-content\\\/uploads\\\/2019\\\/02\\\/Sympt\u00f4mes-de-court-nou\u00e9-sur-grappes-coulure-100x100.jpg\",\"full\":\"https:\\\/\\\/www.vignevin.com\\\/wp-content\\\/uploads\\\/2019\\\/02\\\/Sympt\u00f4mes-de-court-nou\u00e9-sur-grappes-coulure.jpg\",\"index\":39,\"id\":9977,\"video\":false,\"opts\":{\"caption\":\"\",\"thumb\":\"https:\\\/\\\/www.vignevin.com\\\/wp-content\\\/uploads\\\/2019\\\/02\\\/Sympt\u00f4mes-de-court-nou\u00e9-sur-grappes-coulure-75x50_c.jpg\",\"title\":\"Sympt&amp;ocirc;mes de court-nou&amp;eacute; sur grappes coulure\"},\"gallery_id\":17410,\"gallery_title\":\"Grapevines virus\"},\"9978\":{\"status\":\"active\",\"src\":\"https:\\\/\\\/www.vignevin.com\\\/wp-content\\\/uploads\\\/2019\\\/02\\\/Sympt\u00f4mes-de-court-nou\u00e9-sur-Juran\u00e7on-noir-panachure-scaled.jpg\",\"title\":\"Sympt&amp;ocirc;mes de court-nou&amp;eacute; sur Juran&amp;ccedil;on noir panachure\",\"link\":\"https:\\\/\\\/www.vignevin.com\\\/wp-content\\\/uploads\\\/2019\\\/02\\\/Sympt\u00f4mes-de-court-nou\u00e9-sur-Juran\u00e7on-noir-panachure.jpg\",\"alt\":\"\",\"caption\":false,\"thumb\":\"https:\\\/\\\/www.vignevin.com\\\/wp-content\\\/uploads\\\/2019\\\/02\\\/Sympt\u00f4mes-de-court-nou\u00e9-sur-Juran\u00e7on-noir-panachure-scaled-75x50_c.jpg\",\"meta\":{\"aperture\":\"5\",\"credit\":null,\"camera\":\"DMC-TZ10\",\"caption\":\"\",\"created_timestamp\":\"1432738218\",\"copyright\":null,\"focal_length\":\"4.1\",\"iso\":\"80\",\"shutter_speed\":\"0.002\",\"title\":\"\",\"orientation\":\"1\",\"keywords\":null},\"thumbnail\":\"https:\\\/\\\/www.vignevin.com\\\/wp-content\\\/uploads\\\/2019\\\/02\\\/Sympt\u00f4mes-de-court-nou\u00e9-sur-Juran\u00e7on-noir-panachure-150x150.jpg\",\"medium\":\"https:\\\/\\\/www.vignevin.com\\\/wp-content\\\/uploads\\\/2019\\\/02\\\/Sympt\u00f4mes-de-court-nou\u00e9-sur-Juran\u00e7on-noir-panachure-225x300.jpg\",\"medium_large\":\"https:\\\/\\\/www.vignevin.com\\\/wp-content\\\/uploads\\\/2019\\\/02\\\/Sympt\u00f4mes-de-court-nou\u00e9-sur-Juran\u00e7on-noir-panachure-768x1024.jpg\",\"large\":\"https:\\\/\\\/www.vignevin.com\\\/wp-content\\\/uploads\\\/2019\\\/02\\\/Sympt\u00f4mes-de-court-nou\u00e9-sur-Juran\u00e7on-noir-panachure-768x1024.jpg\",\"1536x1536\":\"https:\\\/\\\/www.vignevin.com\\\/wp-content\\\/uploads\\\/2019\\\/02\\\/Sympt\u00f4mes-de-court-nou\u00e9-sur-Juran\u00e7on-noir-panachure-scaled.jpg\",\"2048x2048\":\"https:\\\/\\\/www.vignevin.com\\\/wp-content\\\/uploads\\\/2019\\\/02\\\/Sympt\u00f4mes-de-court-nou\u00e9-sur-Juran\u00e7on-noir-panachure-scaled.jpg\",\"et-pb-post-main-image\":\"https:\\\/\\\/www.vignevin.com\\\/wp-content\\\/uploads\\\/2019\\\/02\\\/Sympt\u00f4mes-de-court-nou\u00e9-sur-Juran\u00e7on-noir-panachure-400x250.jpg\",\"et-pb-post-main-image-fullwidth\":\"https:\\\/\\\/www.vignevin.com\\\/wp-content\\\/uploads\\\/2019\\\/02\\\/Sympt\u00f4mes-de-court-nou\u00e9-sur-Juran\u00e7on-noir-panachure-1080x675.jpg\",\"et-pb-portfolio-image\":\"https:\\\/\\\/www.vignevin.com\\\/wp-content\\\/uploads\\\/2019\\\/02\\\/Sympt\u00f4mes-de-court-nou\u00e9-sur-Juran\u00e7on-noir-panachure-400x284.jpg\",\"et-pb-portfolio-module-image\":\"https:\\\/\\\/www.vignevin.com\\\/wp-content\\\/uploads\\\/2019\\\/02\\\/Sympt\u00f4mes-de-court-nou\u00e9-sur-Juran\u00e7on-noir-panachure-510x382.jpg\",\"et-pb-portfolio-image-single\":\"https:\\\/\\\/www.vignevin.com\\\/wp-content\\\/uploads\\\/2019\\\/02\\\/Sympt\u00f4mes-de-court-nou\u00e9-sur-Juran\u00e7on-noir-panachure-1080x1440.jpg\",\"et-pb-gallery-module-image-portrait\":\"https:\\\/\\\/www.vignevin.com\\\/wp-content\\\/uploads\\\/2019\\\/02\\\/Sympt\u00f4mes-de-court-nou\u00e9-sur-Juran\u00e7on-noir-panachure-400x516.jpg\",\"et-pb-post-main-image-fullwidth-large\":\"https:\\\/\\\/www.vignevin.com\\\/wp-content\\\/uploads\\\/2019\\\/02\\\/Sympt\u00f4mes-de-court-nou\u00e9-sur-Juran\u00e7on-noir-panachure-2880x1800.jpg\",\"et-pb-image--responsive--desktop\":\"https:\\\/\\\/www.vignevin.com\\\/wp-content\\\/uploads\\\/2019\\\/02\\\/Sympt\u00f4mes-de-court-nou\u00e9-sur-Juran\u00e7on-noir-panachure-scaled.jpg\",\"et-pb-image--responsive--tablet\":\"https:\\\/\\\/www.vignevin.com\\\/wp-content\\\/uploads\\\/2019\\\/02\\\/Sympt\u00f4mes-de-court-nou\u00e9-sur-Juran\u00e7on-noir-panachure-scaled.jpg\",\"et-pb-image--responsive--phone\":\"https:\\\/\\\/www.vignevin.com\\\/wp-content\\\/uploads\\\/2019\\\/02\\\/Sympt\u00f4mes-de-court-nou\u00e9-sur-Juran\u00e7on-noir-panachure-scaled.jpg\",\"gform-image-choice-sm\":\"https:\\\/\\\/www.vignevin.com\\\/wp-content\\\/uploads\\\/2019\\\/02\\\/Sympt\u00f4mes-de-court-nou\u00e9-sur-Juran\u00e7on-noir-panachure-scaled.jpg\",\"gform-image-choice-md\":\"https:\\\/\\\/www.vignevin.com\\\/wp-content\\\/uploads\\\/2019\\\/02\\\/Sympt\u00f4mes-de-court-nou\u00e9-sur-Juran\u00e7on-noir-panachure-scaled.jpg\",\"gform-image-choice-lg\":\"https:\\\/\\\/www.vignevin.com\\\/wp-content\\\/uploads\\\/2019\\\/02\\\/Sympt\u00f4mes-de-court-nou\u00e9-sur-Juran\u00e7on-noir-panachure-scaled.jpg\",\"woocommerce_thumbnail\":\"https:\\\/\\\/www.vignevin.com\\\/wp-content\\\/uploads\\\/2019\\\/02\\\/Sympt\u00f4mes-de-court-nou\u00e9-sur-Juran\u00e7on-noir-panachure-scaled-300x300.jpg\",\"woocommerce_single\":\"https:\\\/\\\/www.vignevin.com\\\/wp-content\\\/uploads\\\/2019\\\/02\\\/Sympt\u00f4mes-de-court-nou\u00e9-sur-Juran\u00e7on-noir-panachure-scaled-600x800.jpg\",\"woocommerce_gallery_thumbnail\":\"https:\\\/\\\/www.vignevin.com\\\/wp-content\\\/uploads\\\/2019\\\/02\\\/Sympt\u00f4mes-de-court-nou\u00e9-sur-Juran\u00e7on-noir-panachure-scaled-100x100.jpg\",\"full\":\"https:\\\/\\\/www.vignevin.com\\\/wp-content\\\/uploads\\\/2019\\\/02\\\/Sympt\u00f4mes-de-court-nou\u00e9-sur-Juran\u00e7on-noir-panachure-scaled.jpg\",\"index\":40,\"id\":9978,\"video\":false,\"opts\":{\"caption\":\"\",\"thumb\":\"https:\\\/\\\/www.vignevin.com\\\/wp-content\\\/uploads\\\/2019\\\/02\\\/Sympt\u00f4mes-de-court-nou\u00e9-sur-Juran\u00e7on-noir-panachure-scaled-75x50_c.jpg\",\"title\":\"Sympt&amp;ocirc;mes de court-nou&amp;eacute; sur Juran&amp;ccedil;on noir panachure\"},\"gallery_id\":17410,\"gallery_title\":\"Grapevines virus\"},\"9979\":{\"status\":\"active\",\"src\":\"https:\\\/\\\/www.vignevin.com\\\/wp-content\\\/uploads\\\/2019\\\/02\\\/Sympt\u00f4mes-de-court-nou\u00e9-sur-Juran\u00e7on-noir-2-scaled.jpg\",\"title\":\"Sympt&amp;ocirc;mes de court-nou&amp;eacute; sur Juran&amp;ccedil;on noir (2)\",\"link\":\"https:\\\/\\\/www.vignevin.com\\\/wp-content\\\/uploads\\\/2019\\\/02\\\/Sympt\u00f4mes-de-court-nou\u00e9-sur-Juran\u00e7on-noir-2.jpg\",\"alt\":\"\",\"caption\":false,\"thumb\":\"https:\\\/\\\/www.vignevin.com\\\/wp-content\\\/uploads\\\/2019\\\/02\\\/Sympt\u00f4mes-de-court-nou\u00e9-sur-Juran\u00e7on-noir-2-scaled-75x50_c.jpg\",\"meta\":{\"aperture\":\"3.3\",\"credit\":null,\"camera\":\"DMC-TZ10\",\"caption\":\"\",\"created_timestamp\":\"1466149740\",\"copyright\":null,\"focal_length\":\"4.1\",\"iso\":\"125\",\"shutter_speed\":\"0.01\",\"title\":\"\",\"orientation\":\"1\",\"keywords\":null},\"thumbnail\":\"https:\\\/\\\/www.vignevin.com\\\/wp-content\\\/uploads\\\/2019\\\/02\\\/Sympt\u00f4mes-de-court-nou\u00e9-sur-Juran\u00e7on-noir-2-150x150.jpg\",\"medium\":\"https:\\\/\\\/www.vignevin.com\\\/wp-content\\\/uploads\\\/2019\\\/02\\\/Sympt\u00f4mes-de-court-nou\u00e9-sur-Juran\u00e7on-noir-2-225x300.jpg\",\"medium_large\":\"https:\\\/\\\/www.vignevin.com\\\/wp-content\\\/uploads\\\/2019\\\/02\\\/Sympt\u00f4mes-de-court-nou\u00e9-sur-Juran\u00e7on-noir-2-768x1024.jpg\",\"large\":\"https:\\\/\\\/www.vignevin.com\\\/wp-content\\\/uploads\\\/2019\\\/02\\\/Sympt\u00f4mes-de-court-nou\u00e9-sur-Juran\u00e7on-noir-2-768x1024.jpg\",\"1536x1536\":\"https:\\\/\\\/www.vignevin.com\\\/wp-content\\\/uploads\\\/2019\\\/02\\\/Sympt\u00f4mes-de-court-nou\u00e9-sur-Juran\u00e7on-noir-2-scaled.jpg\",\"2048x2048\":\"https:\\\/\\\/www.vignevin.com\\\/wp-content\\\/uploads\\\/2019\\\/02\\\/Sympt\u00f4mes-de-court-nou\u00e9-sur-Juran\u00e7on-noir-2-scaled.jpg\",\"et-pb-post-main-image\":\"https:\\\/\\\/www.vignevin.com\\\/wp-content\\\/uploads\\\/2019\\\/02\\\/Sympt\u00f4mes-de-court-nou\u00e9-sur-Juran\u00e7on-noir-2-400x250.jpg\",\"et-pb-post-main-image-fullwidth\":\"https:\\\/\\\/www.vignevin.com\\\/wp-content\\\/uploads\\\/2019\\\/02\\\/Sympt\u00f4mes-de-court-nou\u00e9-sur-Juran\u00e7on-noir-2-1080x675.jpg\",\"et-pb-portfolio-image\":\"https:\\\/\\\/www.vignevin.com\\\/wp-content\\\/uploads\\\/2019\\\/02\\\/Sympt\u00f4mes-de-court-nou\u00e9-sur-Juran\u00e7on-noir-2-400x284.jpg\",\"et-pb-portfolio-module-image\":\"https:\\\/\\\/www.vignevin.com\\\/wp-content\\\/uploads\\\/2019\\\/02\\\/Sympt\u00f4mes-de-court-nou\u00e9-sur-Juran\u00e7on-noir-2-510x382.jpg\",\"et-pb-portfolio-image-single\":\"https:\\\/\\\/www.vignevin.com\\\/wp-content\\\/uploads\\\/2019\\\/02\\\/Sympt\u00f4mes-de-court-nou\u00e9-sur-Juran\u00e7on-noir-2-1080x1440.jpg\",\"et-pb-gallery-module-image-portrait\":\"https:\\\/\\\/www.vignevin.com\\\/wp-content\\\/uploads\\\/2019\\\/02\\\/Sympt\u00f4mes-de-court-nou\u00e9-sur-Juran\u00e7on-noir-2-400x516.jpg\",\"et-pb-post-main-image-fullwidth-large\":\"https:\\\/\\\/www.vignevin.com\\\/wp-content\\\/uploads\\\/2019\\\/02\\\/Sympt\u00f4mes-de-court-nou\u00e9-sur-Juran\u00e7on-noir-2-2880x1800.jpg\",\"et-pb-image--responsive--desktop\":\"https:\\\/\\\/www.vignevin.com\\\/wp-content\\\/uploads\\\/2019\\\/02\\\/Sympt\u00f4mes-de-court-nou\u00e9-sur-Juran\u00e7on-noir-2-scaled.jpg\",\"et-pb-image--responsive--tablet\":\"https:\\\/\\\/www.vignevin.com\\\/wp-content\\\/uploads\\\/2019\\\/02\\\/Sympt\u00f4mes-de-court-nou\u00e9-sur-Juran\u00e7on-noir-2-scaled.jpg\",\"et-pb-image--responsive--phone\":\"https:\\\/\\\/www.vignevin.com\\\/wp-content\\\/uploads\\\/2019\\\/02\\\/Sympt\u00f4mes-de-court-nou\u00e9-sur-Juran\u00e7on-noir-2-scaled.jpg\",\"gform-image-choice-sm\":\"https:\\\/\\\/www.vignevin.com\\\/wp-content\\\/uploads\\\/2019\\\/02\\\/Sympt\u00f4mes-de-court-nou\u00e9-sur-Juran\u00e7on-noir-2-scaled.jpg\",\"gform-image-choice-md\":\"https:\\\/\\\/www.vignevin.com\\\/wp-content\\\/uploads\\\/2019\\\/02\\\/Sympt\u00f4mes-de-court-nou\u00e9-sur-Juran\u00e7on-noir-2-scaled.jpg\",\"gform-image-choice-lg\":\"https:\\\/\\\/www.vignevin.com\\\/wp-content\\\/uploads\\\/2019\\\/02\\\/Sympt\u00f4mes-de-court-nou\u00e9-sur-Juran\u00e7on-noir-2-scaled.jpg\",\"woocommerce_thumbnail\":\"https:\\\/\\\/www.vignevin.com\\\/wp-content\\\/uploads\\\/2019\\\/02\\\/Sympt\u00f4mes-de-court-nou\u00e9-sur-Juran\u00e7on-noir-2-scaled-300x300.jpg\",\"woocommerce_single\":\"https:\\\/\\\/www.vignevin.com\\\/wp-content\\\/uploads\\\/2019\\\/02\\\/Sympt\u00f4mes-de-court-nou\u00e9-sur-Juran\u00e7on-noir-2-scaled-600x800.jpg\",\"woocommerce_gallery_thumbnail\":\"https:\\\/\\\/www.vignevin.com\\\/wp-content\\\/uploads\\\/2019\\\/02\\\/Sympt\u00f4mes-de-court-nou\u00e9-sur-Juran\u00e7on-noir-2-scaled-100x100.jpg\",\"full\":\"https:\\\/\\\/www.vignevin.com\\\/wp-content\\\/uploads\\\/2019\\\/02\\\/Sympt\u00f4mes-de-court-nou\u00e9-sur-Juran\u00e7on-noir-2-scaled.jpg\",\"index\":41,\"id\":9979,\"video\":false,\"opts\":{\"caption\":\"\",\"thumb\":\"https:\\\/\\\/www.vignevin.com\\\/wp-content\\\/uploads\\\/2019\\\/02\\\/Sympt\u00f4mes-de-court-nou\u00e9-sur-Juran\u00e7on-noir-2-scaled-75x50_c.jpg\",\"title\":\"Sympt&amp;ocirc;mes de court-nou&amp;eacute; sur Juran&amp;ccedil;on noir (2)\"},\"gallery_id\":17410,\"gallery_title\":\"Grapevines virus\"},\"9980\":{\"status\":\"active\",\"src\":\"https:\\\/\\\/www.vignevin.com\\\/wp-content\\\/uploads\\\/2019\\\/02\\\/Sympt\u00f4mes-de-court-nou\u00e9-sur-Juran\u00e7on-noir-3.jpg\",\"title\":\"Sympt&amp;ocirc;mes de court-nou&amp;eacute; sur Juran&amp;ccedil;on noir (3)\",\"link\":\"https:\\\/\\\/www.vignevin.com\\\/wp-content\\\/uploads\\\/2019\\\/02\\\/Sympt\u00f4mes-de-court-nou\u00e9-sur-Juran\u00e7on-noir-3.jpg\",\"alt\":\"\",\"caption\":false,\"thumb\":\"https:\\\/\\\/www.vignevin.com\\\/wp-content\\\/uploads\\\/2019\\\/02\\\/Sympt\u00f4mes-de-court-nou\u00e9-sur-Juran\u00e7on-noir-3-75x50_c.jpg\",\"meta\":{\"aperture\":\"4\",\"credit\":null,\"camera\":\"DMC-TZ10\",\"caption\":\"\",\"created_timestamp\":\"1313751034\",\"copyright\":null,\"focal_length\":\"4.1\",\"iso\":\"80\",\"shutter_speed\":\"0.00625\",\"title\":\"\",\"orientation\":\"1\",\"keywords\":null},\"thumbnail\":\"https:\\\/\\\/www.vignevin.com\\\/wp-content\\\/uploads\\\/2019\\\/02\\\/Sympt\u00f4mes-de-court-nou\u00e9-sur-Juran\u00e7on-noir-3-150x150.jpg\",\"medium\":\"https:\\\/\\\/www.vignevin.com\\\/wp-content\\\/uploads\\\/2019\\\/02\\\/Sympt\u00f4mes-de-court-nou\u00e9-sur-Juran\u00e7on-noir-3-300x225.jpg\",\"medium_large\":\"https:\\\/\\\/www.vignevin.com\\\/wp-content\\\/uploads\\\/2019\\\/02\\\/Sympt\u00f4mes-de-court-nou\u00e9-sur-Juran\u00e7on-noir-3-768x576.jpg\",\"large\":\"https:\\\/\\\/www.vignevin.com\\\/wp-content\\\/uploads\\\/2019\\\/02\\\/Sympt\u00f4mes-de-court-nou\u00e9-sur-Juran\u00e7on-noir-3-1024x768.jpg\",\"1536x1536\":\"https:\\\/\\\/www.vignevin.com\\\/wp-content\\\/uploads\\\/2019\\\/02\\\/Sympt\u00f4mes-de-court-nou\u00e9-sur-Juran\u00e7on-noir-3.jpg\",\"2048x2048\":\"https:\\\/\\\/www.vignevin.com\\\/wp-content\\\/uploads\\\/2019\\\/02\\\/Sympt\u00f4mes-de-court-nou\u00e9-sur-Juran\u00e7on-noir-3.jpg\",\"et-pb-post-main-image\":\"https:\\\/\\\/www.vignevin.com\\\/wp-content\\\/uploads\\\/2019\\\/02\\\/Sympt\u00f4mes-de-court-nou\u00e9-sur-Juran\u00e7on-noir-3-400x250.jpg\",\"et-pb-post-main-image-fullwidth\":\"https:\\\/\\\/www.vignevin.com\\\/wp-content\\\/uploads\\\/2019\\\/02\\\/Sympt\u00f4mes-de-court-nou\u00e9-sur-Juran\u00e7on-noir-3-1080x675.jpg\",\"et-pb-portfolio-image\":\"https:\\\/\\\/www.vignevin.com\\\/wp-content\\\/uploads\\\/2019\\\/02\\\/Sympt\u00f4mes-de-court-nou\u00e9-sur-Juran\u00e7on-noir-3-400x284.jpg\",\"et-pb-portfolio-module-image\":\"https:\\\/\\\/www.vignevin.com\\\/wp-content\\\/uploads\\\/2019\\\/02\\\/Sympt\u00f4mes-de-court-nou\u00e9-sur-Juran\u00e7on-noir-3-510x382.jpg\",\"et-pb-portfolio-image-single\":\"https:\\\/\\\/www.vignevin.com\\\/wp-content\\\/uploads\\\/2019\\\/02\\\/Sympt\u00f4mes-de-court-nou\u00e9-sur-Juran\u00e7on-noir-3-1080x810.jpg\",\"et-pb-gallery-module-image-portrait\":\"https:\\\/\\\/www.vignevin.com\\\/wp-content\\\/uploads\\\/2019\\\/02\\\/Sympt\u00f4mes-de-court-nou\u00e9-sur-Juran\u00e7on-noir-3-400x516.jpg\",\"et-pb-post-main-image-fullwidth-large\":\"https:\\\/\\\/www.vignevin.com\\\/wp-content\\\/uploads\\\/2019\\\/02\\\/Sympt\u00f4mes-de-court-nou\u00e9-sur-Juran\u00e7on-noir-3-2560x1800.jpg\",\"et-pb-image--responsive--desktop\":\"https:\\\/\\\/www.vignevin.com\\\/wp-content\\\/uploads\\\/2019\\\/02\\\/Sympt\u00f4mes-de-court-nou\u00e9-sur-Juran\u00e7on-noir-3.jpg\",\"et-pb-image--responsive--tablet\":\"https:\\\/\\\/www.vignevin.com\\\/wp-content\\\/uploads\\\/2019\\\/02\\\/Sympt\u00f4mes-de-court-nou\u00e9-sur-Juran\u00e7on-noir-3.jpg\",\"et-pb-image--responsive--phone\":\"https:\\\/\\\/www.vignevin.com\\\/wp-content\\\/uploads\\\/2019\\\/02\\\/Sympt\u00f4mes-de-court-nou\u00e9-sur-Juran\u00e7on-noir-3.jpg\",\"gform-image-choice-sm\":\"https:\\\/\\\/www.vignevin.com\\\/wp-content\\\/uploads\\\/2019\\\/02\\\/Sympt\u00f4mes-de-court-nou\u00e9-sur-Juran\u00e7on-noir-3.jpg\",\"gform-image-choice-md\":\"https:\\\/\\\/www.vignevin.com\\\/wp-content\\\/uploads\\\/2019\\\/02\\\/Sympt\u00f4mes-de-court-nou\u00e9-sur-Juran\u00e7on-noir-3.jpg\",\"gform-image-choice-lg\":\"https:\\\/\\\/www.vignevin.com\\\/wp-content\\\/uploads\\\/2019\\\/02\\\/Sympt\u00f4mes-de-court-nou\u00e9-sur-Juran\u00e7on-noir-3.jpg\",\"woocommerce_thumbnail\":\"https:\\\/\\\/www.vignevin.com\\\/wp-content\\\/uploads\\\/2019\\\/02\\\/Sympt\u00f4mes-de-court-nou\u00e9-sur-Juran\u00e7on-noir-3-300x300.jpg\",\"woocommerce_single\":\"https:\\\/\\\/www.vignevin.com\\\/wp-content\\\/uploads\\\/2019\\\/02\\\/Sympt\u00f4mes-de-court-nou\u00e9-sur-Juran\u00e7on-noir-3-600x450.jpg\",\"woocommerce_gallery_thumbnail\":\"https:\\\/\\\/www.vignevin.com\\\/wp-content\\\/uploads\\\/2019\\\/02\\\/Sympt\u00f4mes-de-court-nou\u00e9-sur-Juran\u00e7on-noir-3-100x100.jpg\",\"full\":\"https:\\\/\\\/www.vignevin.com\\\/wp-content\\\/uploads\\\/2019\\\/02\\\/Sympt\u00f4mes-de-court-nou\u00e9-sur-Juran\u00e7on-noir-3.jpg\",\"index\":42,\"id\":9980,\"video\":false,\"opts\":{\"caption\":\"\",\"thumb\":\"https:\\\/\\\/www.vignevin.com\\\/wp-content\\\/uploads\\\/2019\\\/02\\\/Sympt\u00f4mes-de-court-nou\u00e9-sur-Juran\u00e7on-noir-3-75x50_c.jpg\",\"title\":\"Sympt&amp;ocirc;mes de court-nou&amp;eacute; sur Juran&amp;ccedil;on noir (3)\"},\"gallery_id\":17410,\"gallery_title\":\"Grapevines virus\"},\"9981\":{\"status\":\"active\",\"src\":\"https:\\\/\\\/www.vignevin.com\\\/wp-content\\\/uploads\\\/2019\\\/02\\\/Sympt\u00f4mes-de-court-nou\u00e9-sur-Juran\u00e7on-noir-scaled.jpg\",\"title\":\"Sympt&amp;ocirc;mes de court-nou&amp;eacute; sur Juran&amp;ccedil;on noir\",\"link\":\"https:\\\/\\\/www.vignevin.com\\\/wp-content\\\/uploads\\\/2019\\\/02\\\/Sympt\u00f4mes-de-court-nou\u00e9-sur-Juran\u00e7on-noir.jpg\",\"alt\":\"\",\"caption\":false,\"thumb\":\"https:\\\/\\\/www.vignevin.com\\\/wp-content\\\/uploads\\\/2019\\\/02\\\/Sympt\u00f4mes-de-court-nou\u00e9-sur-Juran\u00e7on-noir-scaled-75x50_c.jpg\",\"meta\":{\"aperture\":\"3.3\",\"credit\":null,\"camera\":\"DMC-TZ10\",\"caption\":\"\",\"created_timestamp\":\"1466149698\",\"copyright\":null,\"focal_length\":\"4.1\",\"iso\":\"80\",\"shutter_speed\":\"0.0125\",\"title\":\"\",\"orientation\":\"1\",\"keywords\":null},\"thumbnail\":\"https:\\\/\\\/www.vignevin.com\\\/wp-content\\\/uploads\\\/2019\\\/02\\\/Sympt\u00f4mes-de-court-nou\u00e9-sur-Juran\u00e7on-noir-150x150.jpg\",\"medium\":\"https:\\\/\\\/www.vignevin.com\\\/wp-content\\\/uploads\\\/2019\\\/02\\\/Sympt\u00f4mes-de-court-nou\u00e9-sur-Juran\u00e7on-noir-225x300.jpg\",\"medium_large\":\"https:\\\/\\\/www.vignevin.com\\\/wp-content\\\/uploads\\\/2019\\\/02\\\/Sympt\u00f4mes-de-court-nou\u00e9-sur-Juran\u00e7on-noir-768x1024.jpg\",\"large\":\"https:\\\/\\\/www.vignevin.com\\\/wp-content\\\/uploads\\\/2019\\\/02\\\/Sympt\u00f4mes-de-court-nou\u00e9-sur-Juran\u00e7on-noir-768x1024.jpg\",\"1536x1536\":\"https:\\\/\\\/www.vignevin.com\\\/wp-content\\\/uploads\\\/2019\\\/02\\\/Sympt\u00f4mes-de-court-nou\u00e9-sur-Juran\u00e7on-noir-scaled.jpg\",\"2048x2048\":\"https:\\\/\\\/www.vignevin.com\\\/wp-content\\\/uploads\\\/2019\\\/02\\\/Sympt\u00f4mes-de-court-nou\u00e9-sur-Juran\u00e7on-noir-scaled.jpg\",\"et-pb-post-main-image\":\"https:\\\/\\\/www.vignevin.com\\\/wp-content\\\/uploads\\\/2019\\\/02\\\/Sympt\u00f4mes-de-court-nou\u00e9-sur-Juran\u00e7on-noir-400x250.jpg\",\"et-pb-post-main-image-fullwidth\":\"https:\\\/\\\/www.vignevin.com\\\/wp-content\\\/uploads\\\/2019\\\/02\\\/Sympt\u00f4mes-de-court-nou\u00e9-sur-Juran\u00e7on-noir-1080x675.jpg\",\"et-pb-portfolio-image\":\"https:\\\/\\\/www.vignevin.com\\\/wp-content\\\/uploads\\\/2019\\\/02\\\/Sympt\u00f4mes-de-court-nou\u00e9-sur-Juran\u00e7on-noir-400x284.jpg\",\"et-pb-portfolio-module-image\":\"https:\\\/\\\/www.vignevin.com\\\/wp-content\\\/uploads\\\/2019\\\/02\\\/Sympt\u00f4mes-de-court-nou\u00e9-sur-Juran\u00e7on-noir-510x382.jpg\",\"et-pb-portfolio-image-single\":\"https:\\\/\\\/www.vignevin.com\\\/wp-content\\\/uploads\\\/2019\\\/02\\\/Sympt\u00f4mes-de-court-nou\u00e9-sur-Juran\u00e7on-noir-1080x1440.jpg\",\"et-pb-gallery-module-image-portrait\":\"https:\\\/\\\/www.vignevin.com\\\/wp-content\\\/uploads\\\/2019\\\/02\\\/Sympt\u00f4mes-de-court-nou\u00e9-sur-Juran\u00e7on-noir-400x516.jpg\",\"et-pb-post-main-image-fullwidth-large\":\"https:\\\/\\\/www.vignevin.com\\\/wp-content\\\/uploads\\\/2019\\\/02\\\/Sympt\u00f4mes-de-court-nou\u00e9-sur-Juran\u00e7on-noir-2880x1800.jpg\",\"et-pb-image--responsive--desktop\":\"https:\\\/\\\/www.vignevin.com\\\/wp-content\\\/uploads\\\/2019\\\/02\\\/Sympt\u00f4mes-de-court-nou\u00e9-sur-Juran\u00e7on-noir-scaled.jpg\",\"et-pb-image--responsive--tablet\":\"https:\\\/\\\/www.vignevin.com\\\/wp-content\\\/uploads\\\/2019\\\/02\\\/Sympt\u00f4mes-de-court-nou\u00e9-sur-Juran\u00e7on-noir-scaled.jpg\",\"et-pb-image--responsive--phone\":\"https:\\\/\\\/www.vignevin.com\\\/wp-content\\\/uploads\\\/2019\\\/02\\\/Sympt\u00f4mes-de-court-nou\u00e9-sur-Juran\u00e7on-noir-scaled.jpg\",\"gform-image-choice-sm\":\"https:\\\/\\\/www.vignevin.com\\\/wp-content\\\/uploads\\\/2019\\\/02\\\/Sympt\u00f4mes-de-court-nou\u00e9-sur-Juran\u00e7on-noir-scaled.jpg\",\"gform-image-choice-md\":\"https:\\\/\\\/www.vignevin.com\\\/wp-content\\\/uploads\\\/2019\\\/02\\\/Sympt\u00f4mes-de-court-nou\u00e9-sur-Juran\u00e7on-noir-scaled.jpg\",\"gform-image-choice-lg\":\"https:\\\/\\\/www.vignevin.com\\\/wp-content\\\/uploads\\\/2019\\\/02\\\/Sympt\u00f4mes-de-court-nou\u00e9-sur-Juran\u00e7on-noir-scaled.jpg\",\"woocommerce_thumbnail\":\"https:\\\/\\\/www.vignevin.com\\\/wp-content\\\/uploads\\\/2019\\\/02\\\/Sympt\u00f4mes-de-court-nou\u00e9-sur-Juran\u00e7on-noir-scaled-300x300.jpg\",\"woocommerce_single\":\"https:\\\/\\\/www.vignevin.com\\\/wp-content\\\/uploads\\\/2019\\\/02\\\/Sympt\u00f4mes-de-court-nou\u00e9-sur-Juran\u00e7on-noir-scaled-600x800.jpg\",\"woocommerce_gallery_thumbnail\":\"https:\\\/\\\/www.vignevin.com\\\/wp-content\\\/uploads\\\/2019\\\/02\\\/Sympt\u00f4mes-de-court-nou\u00e9-sur-Juran\u00e7on-noir-scaled-100x100.jpg\",\"full\":\"https:\\\/\\\/www.vignevin.com\\\/wp-content\\\/uploads\\\/2019\\\/02\\\/Sympt\u00f4mes-de-court-nou\u00e9-sur-Juran\u00e7on-noir-scaled.jpg\",\"index\":43,\"id\":9981,\"video\":false,\"opts\":{\"caption\":\"\",\"thumb\":\"https:\\\/\\\/www.vignevin.com\\\/wp-content\\\/uploads\\\/2019\\\/02\\\/Sympt\u00f4mes-de-court-nou\u00e9-sur-Juran\u00e7on-noir-scaled-75x50_c.jpg\",\"title\":\"Sympt&amp;ocirc;mes de court-nou&amp;eacute; sur Juran&amp;ccedil;on noir\"},\"gallery_id\":17410,\"gallery_title\":\"Grapevines virus\"},\"9982\":{\"status\":\"active\",\"src\":\"https:\\\/\\\/www.vignevin.com\\\/wp-content\\\/uploads\\\/2019\\\/02\\\/Sympt\u00f4mes-de-court-nou\u00e9-sur-Merlot-N-panachure.jpg\",\"title\":\"OLYMPUS DIGITAL CAMERA\",\"link\":\"https:\\\/\\\/www.vignevin.com\\\/wp-content\\\/uploads\\\/2019\\\/02\\\/Sympt\u00f4mes-de-court-nou\u00e9-sur-Merlot-N-panachure.jpg\",\"alt\":\"\",\"caption\":\"OLYMPUS DIGITAL CAMERA\",\"thumb\":\"https:\\\/\\\/www.vignevin.com\\\/wp-content\\\/uploads\\\/2019\\\/02\\\/Sympt\u00f4mes-de-court-nou\u00e9-sur-Merlot-N-panachure-75x50_c.jpg\",\"meta\":{\"aperture\":\"5.6\",\"credit\":null,\"camera\":\"C-5000Z\",\"caption\":\"OLYMPUS DIGITAL CAMERA\",\"created_timestamp\":\"1082041219\",\"copyright\":null,\"focal_length\":\"7.8\",\"iso\":\"50\",\"shutter_speed\":\"0.005\",\"title\":\"OLYMPUS DIGITAL CAMERA\",\"orientation\":\"1\",\"keywords\":null},\"thumbnail\":\"https:\\\/\\\/www.vignevin.com\\\/wp-content\\\/uploads\\\/2019\\\/02\\\/Sympt\u00f4mes-de-court-nou\u00e9-sur-Merlot-N-panachure.jpg\",\"medium\":\"https:\\\/\\\/www.vignevin.com\\\/wp-content\\\/uploads\\\/2019\\\/02\\\/Sympt\u00f4mes-de-court-nou\u00e9-sur-Merlot-N-panachure.jpg\",\"medium_large\":\"https:\\\/\\\/www.vignevin.com\\\/wp-content\\\/uploads\\\/2019\\\/02\\\/Sympt\u00f4mes-de-court-nou\u00e9-sur-Merlot-N-panachure.jpg\",\"large\":\"https:\\\/\\\/www.vignevin.com\\\/wp-content\\\/uploads\\\/2019\\\/02\\\/Sympt\u00f4mes-de-court-nou\u00e9-sur-Merlot-N-panachure.jpg\",\"1536x1536\":\"https:\\\/\\\/www.vignevin.com\\\/wp-content\\\/uploads\\\/2019\\\/02\\\/Sympt\u00f4mes-de-court-nou\u00e9-sur-Merlot-N-panachure.jpg\",\"2048x2048\":\"https:\\\/\\\/www.vignevin.com\\\/wp-content\\\/uploads\\\/2019\\\/02\\\/Sympt\u00f4mes-de-court-nou\u00e9-sur-Merlot-N-panachure.jpg\",\"et-pb-post-main-image\":\"https:\\\/\\\/www.vignevin.com\\\/wp-content\\\/uploads\\\/2019\\\/02\\\/Sympt\u00f4mes-de-court-nou\u00e9-sur-Merlot-N-panachure.jpg\",\"et-pb-post-main-image-fullwidth\":\"https:\\\/\\\/www.vignevin.com\\\/wp-content\\\/uploads\\\/2019\\\/02\\\/Sympt\u00f4mes-de-court-nou\u00e9-sur-Merlot-N-panachure.jpg\",\"et-pb-portfolio-image\":\"https:\\\/\\\/www.vignevin.com\\\/wp-content\\\/uploads\\\/2019\\\/02\\\/Sympt\u00f4mes-de-court-nou\u00e9-sur-Merlot-N-panachure.jpg\",\"et-pb-portfolio-module-image\":\"https:\\\/\\\/www.vignevin.com\\\/wp-content\\\/uploads\\\/2019\\\/02\\\/Sympt\u00f4mes-de-court-nou\u00e9-sur-Merlot-N-panachure.jpg\",\"et-pb-portfolio-image-single\":\"https:\\\/\\\/www.vignevin.com\\\/wp-content\\\/uploads\\\/2019\\\/02\\\/Sympt\u00f4mes-de-court-nou\u00e9-sur-Merlot-N-panachure.jpg\",\"et-pb-gallery-module-image-portrait\":\"https:\\\/\\\/www.vignevin.com\\\/wp-content\\\/uploads\\\/2019\\\/02\\\/Sympt\u00f4mes-de-court-nou\u00e9-sur-Merlot-N-panachure.jpg\",\"et-pb-post-main-image-fullwidth-large\":\"https:\\\/\\\/www.vignevin.com\\\/wp-content\\\/uploads\\\/2019\\\/02\\\/Sympt\u00f4mes-de-court-nou\u00e9-sur-Merlot-N-panachure.jpg\",\"et-pb-image--responsive--desktop\":\"https:\\\/\\\/www.vignevin.com\\\/wp-content\\\/uploads\\\/2019\\\/02\\\/Sympt\u00f4mes-de-court-nou\u00e9-sur-Merlot-N-panachure.jpg\",\"et-pb-image--responsive--tablet\":\"https:\\\/\\\/www.vignevin.com\\\/wp-content\\\/uploads\\\/2019\\\/02\\\/Sympt\u00f4mes-de-court-nou\u00e9-sur-Merlot-N-panachure.jpg\",\"et-pb-image--responsive--phone\":\"https:\\\/\\\/www.vignevin.com\\\/wp-content\\\/uploads\\\/2019\\\/02\\\/Sympt\u00f4mes-de-court-nou\u00e9-sur-Merlot-N-panachure.jpg\",\"gform-image-choice-sm\":\"https:\\\/\\\/www.vignevin.com\\\/wp-content\\\/uploads\\\/2019\\\/02\\\/Sympt\u00f4mes-de-court-nou\u00e9-sur-Merlot-N-panachure.jpg\",\"gform-image-choice-md\":\"https:\\\/\\\/www.vignevin.com\\\/wp-content\\\/uploads\\\/2019\\\/02\\\/Sympt\u00f4mes-de-court-nou\u00e9-sur-Merlot-N-panachure.jpg\",\"gform-image-choice-lg\":\"https:\\\/\\\/www.vignevin.com\\\/wp-content\\\/uploads\\\/2019\\\/02\\\/Sympt\u00f4mes-de-court-nou\u00e9-sur-Merlot-N-panachure.jpg\",\"woocommerce_thumbnail\":\"https:\\\/\\\/www.vignevin.com\\\/wp-content\\\/uploads\\\/2019\\\/02\\\/Sympt\u00f4mes-de-court-nou\u00e9-sur-Merlot-N-panachure-300x300.jpg\",\"woocommerce_single\":\"https:\\\/\\\/www.vignevin.com\\\/wp-content\\\/uploads\\\/2019\\\/02\\\/Sympt\u00f4mes-de-court-nou\u00e9-sur-Merlot-N-panachure-600x800.jpg\",\"woocommerce_gallery_thumbnail\":\"https:\\\/\\\/www.vignevin.com\\\/wp-content\\\/uploads\\\/2019\\\/02\\\/Sympt\u00f4mes-de-court-nou\u00e9-sur-Merlot-N-panachure-100x100.jpg\",\"full\":\"https:\\\/\\\/www.vignevin.com\\\/wp-content\\\/uploads\\\/2019\\\/02\\\/Sympt\u00f4mes-de-court-nou\u00e9-sur-Merlot-N-panachure.jpg\",\"index\":44,\"id\":9982,\"video\":false,\"opts\":{\"caption\":\"OLYMPUS DIGITAL CAMERA\",\"thumb\":\"https:\\\/\\\/www.vignevin.com\\\/wp-content\\\/uploads\\\/2019\\\/02\\\/Sympt\u00f4mes-de-court-nou\u00e9-sur-Merlot-N-panachure-75x50_c.jpg\",\"title\":\"OLYMPUS DIGITAL CAMERA\"},\"gallery_id\":17410,\"gallery_title\":\"Grapevines virus\"},\"9983\":{\"status\":\"active\",\"src\":\"https:\\\/\\\/www.vignevin.com\\\/wp-content\\\/uploads\\\/2019\\\/02\\\/Sympt\u00f4mes-de-court-nou\u00e9-sur-Persan-N-feuille-d\u00e9form\u00e9e.jpg\",\"title\":\"Sympt&amp;ocirc;mes de court-nou&amp;eacute; sur Persan N feuille d&amp;eacute;form&amp;eacute;e\",\"link\":\"https:\\\/\\\/www.vignevin.com\\\/wp-content\\\/uploads\\\/2019\\\/02\\\/Sympt\u00f4mes-de-court-nou\u00e9-sur-Persan-N-feuille-d\u00e9form\u00e9e.jpg\",\"alt\":\"\",\"caption\":false,\"thumb\":\"https:\\\/\\\/www.vignevin.com\\\/wp-content\\\/uploads\\\/2019\\\/02\\\/Sympt\u00f4mes-de-court-nou\u00e9-sur-Persan-N-feuille-d\u00e9form\u00e9e-75x50_c.jpg\",\"meta\":{\"aperture\":\"4\",\"credit\":null,\"camera\":\"DMC-TZ10\",\"caption\":\"\",\"created_timestamp\":\"1372866873\",\"copyright\":null,\"focal_length\":\"4.1\",\"iso\":\"80\",\"shutter_speed\":\"0.01\",\"title\":\"\",\"orientation\":\"1\",\"keywords\":null},\"thumbnail\":\"https:\\\/\\\/www.vignevin.com\\\/wp-content\\\/uploads\\\/2019\\\/02\\\/Sympt\u00f4mes-de-court-nou\u00e9-sur-Persan-N-feuille-d\u00e9form\u00e9e-150x150.jpg\",\"medium\":\"https:\\\/\\\/www.vignevin.com\\\/wp-content\\\/uploads\\\/2019\\\/02\\\/Sympt\u00f4mes-de-court-nou\u00e9-sur-Persan-N-feuille-d\u00e9form\u00e9e-225x300.jpg\",\"medium_large\":\"https:\\\/\\\/www.vignevin.com\\\/wp-content\\\/uploads\\\/2019\\\/02\\\/Sympt\u00f4mes-de-court-nou\u00e9-sur-Persan-N-feuille-d\u00e9form\u00e9e-768x1024.jpg\",\"large\":\"https:\\\/\\\/www.vignevin.com\\\/wp-content\\\/uploads\\\/2019\\\/02\\\/Sympt\u00f4mes-de-court-nou\u00e9-sur-Persan-N-feuille-d\u00e9form\u00e9e-768x1024.jpg\",\"1536x1536\":\"https:\\\/\\\/www.vignevin.com\\\/wp-content\\\/uploads\\\/2019\\\/02\\\/Sympt\u00f4mes-de-court-nou\u00e9-sur-Persan-N-feuille-d\u00e9form\u00e9e.jpg\",\"2048x2048\":\"https:\\\/\\\/www.vignevin.com\\\/wp-content\\\/uploads\\\/2019\\\/02\\\/Sympt\u00f4mes-de-court-nou\u00e9-sur-Persan-N-feuille-d\u00e9form\u00e9e.jpg\",\"et-pb-post-main-image\":\"https:\\\/\\\/www.vignevin.com\\\/wp-content\\\/uploads\\\/2019\\\/02\\\/Sympt\u00f4mes-de-court-nou\u00e9-sur-Persan-N-feuille-d\u00e9form\u00e9e-400x250.jpg\",\"et-pb-post-main-image-fullwidth\":\"https:\\\/\\\/www.vignevin.com\\\/wp-content\\\/uploads\\\/2019\\\/02\\\/Sympt\u00f4mes-de-court-nou\u00e9-sur-Persan-N-feuille-d\u00e9form\u00e9e-1080x675.jpg\",\"et-pb-portfolio-image\":\"https:\\\/\\\/www.vignevin.com\\\/wp-content\\\/uploads\\\/2019\\\/02\\\/Sympt\u00f4mes-de-court-nou\u00e9-sur-Persan-N-feuille-d\u00e9form\u00e9e-400x284.jpg\",\"et-pb-portfolio-module-image\":\"https:\\\/\\\/www.vignevin.com\\\/wp-content\\\/uploads\\\/2019\\\/02\\\/Sympt\u00f4mes-de-court-nou\u00e9-sur-Persan-N-feuille-d\u00e9form\u00e9e-510x382.jpg\",\"et-pb-portfolio-image-single\":\"https:\\\/\\\/www.vignevin.com\\\/wp-content\\\/uploads\\\/2019\\\/02\\\/Sympt\u00f4mes-de-court-nou\u00e9-sur-Persan-N-feuille-d\u00e9form\u00e9e-1080x1440.jpg\",\"et-pb-gallery-module-image-portrait\":\"https:\\\/\\\/www.vignevin.com\\\/wp-content\\\/uploads\\\/2019\\\/02\\\/Sympt\u00f4mes-de-court-nou\u00e9-sur-Persan-N-feuille-d\u00e9form\u00e9e-400x516.jpg\",\"et-pb-post-main-image-fullwidth-large\":\"https:\\\/\\\/www.vignevin.com\\\/wp-content\\\/uploads\\\/2019\\\/02\\\/Sympt\u00f4mes-de-court-nou\u00e9-sur-Persan-N-feuille-d\u00e9form\u00e9e-1920x1800.jpg\",\"et-pb-image--responsive--desktop\":\"https:\\\/\\\/www.vignevin.com\\\/wp-content\\\/uploads\\\/2019\\\/02\\\/Sympt\u00f4mes-de-court-nou\u00e9-sur-Persan-N-feuille-d\u00e9form\u00e9e.jpg\",\"et-pb-image--responsive--tablet\":\"https:\\\/\\\/www.vignevin.com\\\/wp-content\\\/uploads\\\/2019\\\/02\\\/Sympt\u00f4mes-de-court-nou\u00e9-sur-Persan-N-feuille-d\u00e9form\u00e9e.jpg\",\"et-pb-image--responsive--phone\":\"https:\\\/\\\/www.vignevin.com\\\/wp-content\\\/uploads\\\/2019\\\/02\\\/Sympt\u00f4mes-de-court-nou\u00e9-sur-Persan-N-feuille-d\u00e9form\u00e9e.jpg\",\"gform-image-choice-sm\":\"https:\\\/\\\/www.vignevin.com\\\/wp-content\\\/uploads\\\/2019\\\/02\\\/Sympt\u00f4mes-de-court-nou\u00e9-sur-Persan-N-feuille-d\u00e9form\u00e9e.jpg\",\"gform-image-choice-md\":\"https:\\\/\\\/www.vignevin.com\\\/wp-content\\\/uploads\\\/2019\\\/02\\\/Sympt\u00f4mes-de-court-nou\u00e9-sur-Persan-N-feuille-d\u00e9form\u00e9e.jpg\",\"gform-image-choice-lg\":\"https:\\\/\\\/www.vignevin.com\\\/wp-content\\\/uploads\\\/2019\\\/02\\\/Sympt\u00f4mes-de-court-nou\u00e9-sur-Persan-N-feuille-d\u00e9form\u00e9e.jpg\",\"woocommerce_thumbnail\":\"https:\\\/\\\/www.vignevin.com\\\/wp-content\\\/uploads\\\/2019\\\/02\\\/Sympt\u00f4mes-de-court-nou\u00e9-sur-Persan-N-feuille-d\u00e9form\u00e9e-300x300.jpg\",\"woocommerce_single\":\"https:\\\/\\\/www.vignevin.com\\\/wp-content\\\/uploads\\\/2019\\\/02\\\/Sympt\u00f4mes-de-court-nou\u00e9-sur-Persan-N-feuille-d\u00e9form\u00e9e-600x800.jpg\",\"woocommerce_gallery_thumbnail\":\"https:\\\/\\\/www.vignevin.com\\\/wp-content\\\/uploads\\\/2019\\\/02\\\/Sympt\u00f4mes-de-court-nou\u00e9-sur-Persan-N-feuille-d\u00e9form\u00e9e-100x100.jpg\",\"full\":\"https:\\\/\\\/www.vignevin.com\\\/wp-content\\\/uploads\\\/2019\\\/02\\\/Sympt\u00f4mes-de-court-nou\u00e9-sur-Persan-N-feuille-d\u00e9form\u00e9e.jpg\",\"index\":45,\"id\":9983,\"video\":false,\"opts\":{\"caption\":\"\",\"thumb\":\"https:\\\/\\\/www.vignevin.com\\\/wp-content\\\/uploads\\\/2019\\\/02\\\/Sympt\u00f4mes-de-court-nou\u00e9-sur-Persan-N-feuille-d\u00e9form\u00e9e-75x50_c.jpg\",\"title\":\"Sympt&amp;ocirc;mes de court-nou&amp;eacute; sur Persan N feuille d&amp;eacute;form&amp;eacute;e\"},\"gallery_id\":17410,\"gallery_title\":\"Grapevines virus\"},\"9984\":{\"status\":\"active\",\"src\":\"https:\\\/\\\/www.vignevin.com\\\/wp-content\\\/uploads\\\/2019\\\/02\\\/Sympt\u00f4mes-de-court-nou\u00e9-sur-Rupestris-du-Lot-2-scaled.jpg\",\"title\":\"Sympt&amp;ocirc;mes de court-nou&amp;eacute; sur Rupestris du Lot 2\",\"link\":\"https:\\\/\\\/www.vignevin.com\\\/wp-content\\\/uploads\\\/2019\\\/02\\\/Sympt\u00f4mes-de-court-nou\u00e9-sur-Rupestris-du-Lot-2.jpg\",\"alt\":\"\",\"caption\":false,\"thumb\":\"https:\\\/\\\/www.vignevin.com\\\/wp-content\\\/uploads\\\/2019\\\/02\\\/Sympt\u00f4mes-de-court-nou\u00e9-sur-Rupestris-du-Lot-2-scaled-75x50_c.jpg\",\"meta\":{\"aperture\":\"3.5\",\"credit\":null,\"camera\":\"DSC-HX9V\",\"caption\":\"\",\"created_timestamp\":\"1464707246\",\"copyright\":null,\"focal_length\":\"4.52\",\"iso\":\"100\",\"shutter_speed\":\"0.0015625\",\"title\":\"\",\"orientation\":\"1\",\"keywords\":null,\"resized_images\":null},\"thumbnail\":\"https:\\\/\\\/www.vignevin.com\\\/wp-content\\\/uploads\\\/2019\\\/02\\\/Sympt\u00f4mes-de-court-nou\u00e9-sur-Rupestris-du-Lot-2-scaled.jpg\",\"medium\":\"https:\\\/\\\/www.vignevin.com\\\/wp-content\\\/uploads\\\/2019\\\/02\\\/Sympt\u00f4mes-de-court-nou\u00e9-sur-Rupestris-du-Lot-2-scaled.jpg\",\"medium_large\":\"https:\\\/\\\/www.vignevin.com\\\/wp-content\\\/uploads\\\/2019\\\/02\\\/Sympt\u00f4mes-de-court-nou\u00e9-sur-Rupestris-du-Lot-2-scaled.jpg\",\"large\":\"https:\\\/\\\/www.vignevin.com\\\/wp-content\\\/uploads\\\/2019\\\/02\\\/Sympt\u00f4mes-de-court-nou\u00e9-sur-Rupestris-du-Lot-2-scaled.jpg\",\"1536x1536\":\"https:\\\/\\\/www.vignevin.com\\\/wp-content\\\/uploads\\\/2019\\\/02\\\/Sympt\u00f4mes-de-court-nou\u00e9-sur-Rupestris-du-Lot-2-scaled.jpg\",\"2048x2048\":\"https:\\\/\\\/www.vignevin.com\\\/wp-content\\\/uploads\\\/2019\\\/02\\\/Sympt\u00f4mes-de-court-nou\u00e9-sur-Rupestris-du-Lot-2-scaled.jpg\",\"et-pb-post-main-image\":\"https:\\\/\\\/www.vignevin.com\\\/wp-content\\\/uploads\\\/2019\\\/02\\\/Sympt\u00f4mes-de-court-nou\u00e9-sur-Rupestris-du-Lot-2-scaled.jpg\",\"et-pb-post-main-image-fullwidth\":\"https:\\\/\\\/www.vignevin.com\\\/wp-content\\\/uploads\\\/2019\\\/02\\\/Sympt\u00f4mes-de-court-nou\u00e9-sur-Rupestris-du-Lot-2-scaled.jpg\",\"et-pb-portfolio-image\":\"https:\\\/\\\/www.vignevin.com\\\/wp-content\\\/uploads\\\/2019\\\/02\\\/Sympt\u00f4mes-de-court-nou\u00e9-sur-Rupestris-du-Lot-2-scaled.jpg\",\"et-pb-portfolio-module-image\":\"https:\\\/\\\/www.vignevin.com\\\/wp-content\\\/uploads\\\/2019\\\/02\\\/Sympt\u00f4mes-de-court-nou\u00e9-sur-Rupestris-du-Lot-2-scaled.jpg\",\"et-pb-portfolio-image-single\":\"https:\\\/\\\/www.vignevin.com\\\/wp-content\\\/uploads\\\/2019\\\/02\\\/Sympt\u00f4mes-de-court-nou\u00e9-sur-Rupestris-du-Lot-2-scaled.jpg\",\"et-pb-gallery-module-image-portrait\":\"https:\\\/\\\/www.vignevin.com\\\/wp-content\\\/uploads\\\/2019\\\/02\\\/Sympt\u00f4mes-de-court-nou\u00e9-sur-Rupestris-du-Lot-2-scaled.jpg\",\"et-pb-post-main-image-fullwidth-large\":\"https:\\\/\\\/www.vignevin.com\\\/wp-content\\\/uploads\\\/2019\\\/02\\\/Sympt\u00f4mes-de-court-nou\u00e9-sur-Rupestris-du-Lot-2-scaled.jpg\",\"et-pb-image--responsive--desktop\":\"https:\\\/\\\/www.vignevin.com\\\/wp-content\\\/uploads\\\/2019\\\/02\\\/Sympt\u00f4mes-de-court-nou\u00e9-sur-Rupestris-du-Lot-2-scaled.jpg\",\"et-pb-image--responsive--tablet\":\"https:\\\/\\\/www.vignevin.com\\\/wp-content\\\/uploads\\\/2019\\\/02\\\/Sympt\u00f4mes-de-court-nou\u00e9-sur-Rupestris-du-Lot-2-scaled.jpg\",\"et-pb-image--responsive--phone\":\"https:\\\/\\\/www.vignevin.com\\\/wp-content\\\/uploads\\\/2019\\\/02\\\/Sympt\u00f4mes-de-court-nou\u00e9-sur-Rupestris-du-Lot-2-scaled.jpg\",\"gform-image-choice-sm\":\"https:\\\/\\\/www.vignevin.com\\\/wp-content\\\/uploads\\\/2019\\\/02\\\/Sympt\u00f4mes-de-court-nou\u00e9-sur-Rupestris-du-Lot-2-scaled.jpg\",\"gform-image-choice-md\":\"https:\\\/\\\/www.vignevin.com\\\/wp-content\\\/uploads\\\/2019\\\/02\\\/Sympt\u00f4mes-de-court-nou\u00e9-sur-Rupestris-du-Lot-2-scaled.jpg\",\"gform-image-choice-lg\":\"https:\\\/\\\/www.vignevin.com\\\/wp-content\\\/uploads\\\/2019\\\/02\\\/Sympt\u00f4mes-de-court-nou\u00e9-sur-Rupestris-du-Lot-2-scaled.jpg\",\"woocommerce_thumbnail\":\"https:\\\/\\\/www.vignevin.com\\\/wp-content\\\/uploads\\\/2019\\\/02\\\/Sympt\u00f4mes-de-court-nou\u00e9-sur-Rupestris-du-Lot-2-scaled-300x300.jpg\",\"woocommerce_single\":\"https:\\\/\\\/www.vignevin.com\\\/wp-content\\\/uploads\\\/2019\\\/02\\\/Sympt\u00f4mes-de-court-nou\u00e9-sur-Rupestris-du-Lot-2-scaled-600x450.jpg\",\"woocommerce_gallery_thumbnail\":\"https:\\\/\\\/www.vignevin.com\\\/wp-content\\\/uploads\\\/2019\\\/02\\\/Sympt\u00f4mes-de-court-nou\u00e9-sur-Rupestris-du-Lot-2-scaled-100x100.jpg\",\"full\":\"https:\\\/\\\/www.vignevin.com\\\/wp-content\\\/uploads\\\/2019\\\/02\\\/Sympt\u00f4mes-de-court-nou\u00e9-sur-Rupestris-du-Lot-2-scaled.jpg\",\"index\":46,\"id\":9984,\"video\":false,\"opts\":{\"caption\":\"\",\"thumb\":\"https:\\\/\\\/www.vignevin.com\\\/wp-content\\\/uploads\\\/2019\\\/02\\\/Sympt\u00f4mes-de-court-nou\u00e9-sur-Rupestris-du-Lot-2-scaled-75x50_c.jpg\",\"title\":\"Sympt&amp;ocirc;mes de court-nou&amp;eacute; sur Rupestris du Lot 2\"},\"gallery_id\":17410,\"gallery_title\":\"Grapevines virus\"},\"9985\":{\"status\":\"active\",\"src\":\"https:\\\/\\\/www.vignevin.com\\\/wp-content\\\/uploads\\\/2019\\\/02\\\/Sympt\u00f4mes-de-court-nou\u00e9-sur-Rupestris-du-Lot-3-scaled.jpg\",\"title\":\"Sympt&amp;ocirc;mes de court-nou&amp;eacute; sur Rupestris du Lot 3\",\"link\":\"https:\\\/\\\/www.vignevin.com\\\/wp-content\\\/uploads\\\/2019\\\/02\\\/Sympt\u00f4mes-de-court-nou\u00e9-sur-Rupestris-du-Lot-3.jpg\",\"alt\":\"\",\"caption\":false,\"thumb\":\"https:\\\/\\\/www.vignevin.com\\\/wp-content\\\/uploads\\\/2019\\\/02\\\/Sympt\u00f4mes-de-court-nou\u00e9-sur-Rupestris-du-Lot-3-scaled-75x50_c.jpg\",\"meta\":{\"aperture\":\"4.5\",\"credit\":null,\"camera\":\"DSC-HX9V\",\"caption\":\"\",\"created_timestamp\":\"1464706985\",\"copyright\":null,\"focal_length\":\"16.64\",\"iso\":\"100\",\"shutter_speed\":\"0.004\",\"title\":\"\",\"orientation\":\"1\",\"keywords\":null},\"thumbnail\":\"https:\\\/\\\/www.vignevin.com\\\/wp-content\\\/uploads\\\/2019\\\/02\\\/Sympt\u00f4mes-de-court-nou\u00e9-sur-Rupestris-du-Lot-3-150x150.jpg\",\"medium\":\"https:\\\/\\\/www.vignevin.com\\\/wp-content\\\/uploads\\\/2019\\\/02\\\/Sympt\u00f4mes-de-court-nou\u00e9-sur-Rupestris-du-Lot-3-225x300.jpg\",\"medium_large\":\"https:\\\/\\\/www.vignevin.com\\\/wp-content\\\/uploads\\\/2019\\\/02\\\/Sympt\u00f4mes-de-court-nou\u00e9-sur-Rupestris-du-Lot-3-768x1024.jpg\",\"large\":\"https:\\\/\\\/www.vignevin.com\\\/wp-content\\\/uploads\\\/2019\\\/02\\\/Sympt\u00f4mes-de-court-nou\u00e9-sur-Rupestris-du-Lot-3-768x1024.jpg\",\"1536x1536\":\"https:\\\/\\\/www.vignevin.com\\\/wp-content\\\/uploads\\\/2019\\\/02\\\/Sympt\u00f4mes-de-court-nou\u00e9-sur-Rupestris-du-Lot-3-scaled.jpg\",\"2048x2048\":\"https:\\\/\\\/www.vignevin.com\\\/wp-content\\\/uploads\\\/2019\\\/02\\\/Sympt\u00f4mes-de-court-nou\u00e9-sur-Rupestris-du-Lot-3-scaled.jpg\",\"et-pb-post-main-image\":\"https:\\\/\\\/www.vignevin.com\\\/wp-content\\\/uploads\\\/2019\\\/02\\\/Sympt\u00f4mes-de-court-nou\u00e9-sur-Rupestris-du-Lot-3-400x250.jpg\",\"et-pb-post-main-image-fullwidth\":\"https:\\\/\\\/www.vignevin.com\\\/wp-content\\\/uploads\\\/2019\\\/02\\\/Sympt\u00f4mes-de-court-nou\u00e9-sur-Rupestris-du-Lot-3-1080x675.jpg\",\"et-pb-portfolio-image\":\"https:\\\/\\\/www.vignevin.com\\\/wp-content\\\/uploads\\\/2019\\\/02\\\/Sympt\u00f4mes-de-court-nou\u00e9-sur-Rupestris-du-Lot-3-400x284.jpg\",\"et-pb-portfolio-module-image\":\"https:\\\/\\\/www.vignevin.com\\\/wp-content\\\/uploads\\\/2019\\\/02\\\/Sympt\u00f4mes-de-court-nou\u00e9-sur-Rupestris-du-Lot-3-510x382.jpg\",\"et-pb-portfolio-image-single\":\"https:\\\/\\\/www.vignevin.com\\\/wp-content\\\/uploads\\\/2019\\\/02\\\/Sympt\u00f4mes-de-court-nou\u00e9-sur-Rupestris-du-Lot-3-1080x1440.jpg\",\"et-pb-gallery-module-image-portrait\":\"https:\\\/\\\/www.vignevin.com\\\/wp-content\\\/uploads\\\/2019\\\/02\\\/Sympt\u00f4mes-de-court-nou\u00e9-sur-Rupestris-du-Lot-3-400x516.jpg\",\"et-pb-post-main-image-fullwidth-large\":\"https:\\\/\\\/www.vignevin.com\\\/wp-content\\\/uploads\\\/2019\\\/02\\\/Sympt\u00f4mes-de-court-nou\u00e9-sur-Rupestris-du-Lot-3-2880x1800.jpg\",\"et-pb-image--responsive--desktop\":\"https:\\\/\\\/www.vignevin.com\\\/wp-content\\\/uploads\\\/2019\\\/02\\\/Sympt\u00f4mes-de-court-nou\u00e9-sur-Rupestris-du-Lot-3-scaled.jpg\",\"et-pb-image--responsive--tablet\":\"https:\\\/\\\/www.vignevin.com\\\/wp-content\\\/uploads\\\/2019\\\/02\\\/Sympt\u00f4mes-de-court-nou\u00e9-sur-Rupestris-du-Lot-3-scaled.jpg\",\"et-pb-image--responsive--phone\":\"https:\\\/\\\/www.vignevin.com\\\/wp-content\\\/uploads\\\/2019\\\/02\\\/Sympt\u00f4mes-de-court-nou\u00e9-sur-Rupestris-du-Lot-3-scaled.jpg\",\"gform-image-choice-sm\":\"https:\\\/\\\/www.vignevin.com\\\/wp-content\\\/uploads\\\/2019\\\/02\\\/Sympt\u00f4mes-de-court-nou\u00e9-sur-Rupestris-du-Lot-3-scaled.jpg\",\"gform-image-choice-md\":\"https:\\\/\\\/www.vignevin.com\\\/wp-content\\\/uploads\\\/2019\\\/02\\\/Sympt\u00f4mes-de-court-nou\u00e9-sur-Rupestris-du-Lot-3-scaled.jpg\",\"gform-image-choice-lg\":\"https:\\\/\\\/www.vignevin.com\\\/wp-content\\\/uploads\\\/2019\\\/02\\\/Sympt\u00f4mes-de-court-nou\u00e9-sur-Rupestris-du-Lot-3-scaled.jpg\",\"woocommerce_thumbnail\":\"https:\\\/\\\/www.vignevin.com\\\/wp-content\\\/uploads\\\/2019\\\/02\\\/Sympt\u00f4mes-de-court-nou\u00e9-sur-Rupestris-du-Lot-3-scaled-300x300.jpg\",\"woocommerce_single\":\"https:\\\/\\\/www.vignevin.com\\\/wp-content\\\/uploads\\\/2019\\\/02\\\/Sympt\u00f4mes-de-court-nou\u00e9-sur-Rupestris-du-Lot-3-scaled-600x800.jpg\",\"woocommerce_gallery_thumbnail\":\"https:\\\/\\\/www.vignevin.com\\\/wp-content\\\/uploads\\\/2019\\\/02\\\/Sympt\u00f4mes-de-court-nou\u00e9-sur-Rupestris-du-Lot-3-scaled-100x100.jpg\",\"full\":\"https:\\\/\\\/www.vignevin.com\\\/wp-content\\\/uploads\\\/2019\\\/02\\\/Sympt\u00f4mes-de-court-nou\u00e9-sur-Rupestris-du-Lot-3-scaled.jpg\",\"index\":47,\"id\":9985,\"video\":false,\"opts\":{\"caption\":\"\",\"thumb\":\"https:\\\/\\\/www.vignevin.com\\\/wp-content\\\/uploads\\\/2019\\\/02\\\/Sympt\u00f4mes-de-court-nou\u00e9-sur-Rupestris-du-Lot-3-scaled-75x50_c.jpg\",\"title\":\"Sympt&amp;ocirc;mes de court-nou&amp;eacute; sur Rupestris du Lot 3\"},\"gallery_id\":17410,\"gallery_title\":\"Grapevines virus\"},\"9986\":{\"status\":\"active\",\"src\":\"https:\\\/\\\/www.vignevin.com\\\/wp-content\\\/uploads\\\/2019\\\/02\\\/Sympt\u00f4mes-de-court-nou\u00e9-sur-Rupestris-du-Lot-4-scaled.jpg\",\"title\":\"Sympt&amp;ocirc;mes de court-nou&amp;eacute; sur Rupestris du Lot 4\",\"link\":\"https:\\\/\\\/www.vignevin.com\\\/wp-content\\\/uploads\\\/2019\\\/02\\\/Sympt\u00f4mes-de-court-nou\u00e9-sur-Rupestris-du-Lot-4.jpg\",\"alt\":\"\",\"caption\":false,\"thumb\":\"https:\\\/\\\/www.vignevin.com\\\/wp-content\\\/uploads\\\/2019\\\/02\\\/Sympt\u00f4mes-de-court-nou\u00e9-sur-Rupestris-du-Lot-4-scaled-75x50_c.jpg\",\"meta\":{\"aperture\":\"4.5\",\"credit\":null,\"camera\":\"DSC-HX9V\",\"caption\":\"\",\"created_timestamp\":\"1464707014\",\"copyright\":null,\"focal_length\":\"16.64\",\"iso\":\"100\",\"shutter_speed\":\"0.0025\",\"title\":\"\",\"orientation\":\"1\",\"keywords\":null},\"thumbnail\":\"https:\\\/\\\/www.vignevin.com\\\/wp-content\\\/uploads\\\/2019\\\/02\\\/Sympt\u00f4mes-de-court-nou\u00e9-sur-Rupestris-du-Lot-4-150x150.jpg\",\"medium\":\"https:\\\/\\\/www.vignevin.com\\\/wp-content\\\/uploads\\\/2019\\\/02\\\/Sympt\u00f4mes-de-court-nou\u00e9-sur-Rupestris-du-Lot-4-225x300.jpg\",\"medium_large\":\"https:\\\/\\\/www.vignevin.com\\\/wp-content\\\/uploads\\\/2019\\\/02\\\/Sympt\u00f4mes-de-court-nou\u00e9-sur-Rupestris-du-Lot-4-768x1024.jpg\",\"large\":\"https:\\\/\\\/www.vignevin.com\\\/wp-content\\\/uploads\\\/2019\\\/02\\\/Sympt\u00f4mes-de-court-nou\u00e9-sur-Rupestris-du-Lot-4-768x1024.jpg\",\"1536x1536\":\"https:\\\/\\\/www.vignevin.com\\\/wp-content\\\/uploads\\\/2019\\\/02\\\/Sympt\u00f4mes-de-court-nou\u00e9-sur-Rupestris-du-Lot-4-scaled.jpg\",\"2048x2048\":\"https:\\\/\\\/www.vignevin.com\\\/wp-content\\\/uploads\\\/2019\\\/02\\\/Sympt\u00f4mes-de-court-nou\u00e9-sur-Rupestris-du-Lot-4-scaled.jpg\",\"et-pb-post-main-image\":\"https:\\\/\\\/www.vignevin.com\\\/wp-content\\\/uploads\\\/2019\\\/02\\\/Sympt\u00f4mes-de-court-nou\u00e9-sur-Rupestris-du-Lot-4-400x250.jpg\",\"et-pb-post-main-image-fullwidth\":\"https:\\\/\\\/www.vignevin.com\\\/wp-content\\\/uploads\\\/2019\\\/02\\\/Sympt\u00f4mes-de-court-nou\u00e9-sur-Rupestris-du-Lot-4-1080x675.jpg\",\"et-pb-portfolio-image\":\"https:\\\/\\\/www.vignevin.com\\\/wp-content\\\/uploads\\\/2019\\\/02\\\/Sympt\u00f4mes-de-court-nou\u00e9-sur-Rupestris-du-Lot-4-400x284.jpg\",\"et-pb-portfolio-module-image\":\"https:\\\/\\\/www.vignevin.com\\\/wp-content\\\/uploads\\\/2019\\\/02\\\/Sympt\u00f4mes-de-court-nou\u00e9-sur-Rupestris-du-Lot-4-510x382.jpg\",\"et-pb-portfolio-image-single\":\"https:\\\/\\\/www.vignevin.com\\\/wp-content\\\/uploads\\\/2019\\\/02\\\/Sympt\u00f4mes-de-court-nou\u00e9-sur-Rupestris-du-Lot-4-1080x1440.jpg\",\"et-pb-gallery-module-image-portrait\":\"https:\\\/\\\/www.vignevin.com\\\/wp-content\\\/uploads\\\/2019\\\/02\\\/Sympt\u00f4mes-de-court-nou\u00e9-sur-Rupestris-du-Lot-4-400x516.jpg\",\"et-pb-post-main-image-fullwidth-large\":\"https:\\\/\\\/www.vignevin.com\\\/wp-content\\\/uploads\\\/2019\\\/02\\\/Sympt\u00f4mes-de-court-nou\u00e9-sur-Rupestris-du-Lot-4-2880x1800.jpg\",\"et-pb-image--responsive--desktop\":\"https:\\\/\\\/www.vignevin.com\\\/wp-content\\\/uploads\\\/2019\\\/02\\\/Sympt\u00f4mes-de-court-nou\u00e9-sur-Rupestris-du-Lot-4-scaled.jpg\",\"et-pb-image--responsive--tablet\":\"https:\\\/\\\/www.vignevin.com\\\/wp-content\\\/uploads\\\/2019\\\/02\\\/Sympt\u00f4mes-de-court-nou\u00e9-sur-Rupestris-du-Lot-4-scaled.jpg\",\"et-pb-image--responsive--phone\":\"https:\\\/\\\/www.vignevin.com\\\/wp-content\\\/uploads\\\/2019\\\/02\\\/Sympt\u00f4mes-de-court-nou\u00e9-sur-Rupestris-du-Lot-4-scaled.jpg\",\"gform-image-choice-sm\":\"https:\\\/\\\/www.vignevin.com\\\/wp-content\\\/uploads\\\/2019\\\/02\\\/Sympt\u00f4mes-de-court-nou\u00e9-sur-Rupestris-du-Lot-4-scaled.jpg\",\"gform-image-choice-md\":\"https:\\\/\\\/www.vignevin.com\\\/wp-content\\\/uploads\\\/2019\\\/02\\\/Sympt\u00f4mes-de-court-nou\u00e9-sur-Rupestris-du-Lot-4-scaled.jpg\",\"gform-image-choice-lg\":\"https:\\\/\\\/www.vignevin.com\\\/wp-content\\\/uploads\\\/2019\\\/02\\\/Sympt\u00f4mes-de-court-nou\u00e9-sur-Rupestris-du-Lot-4-scaled.jpg\",\"woocommerce_thumbnail\":\"https:\\\/\\\/www.vignevin.com\\\/wp-content\\\/uploads\\\/2019\\\/02\\\/Sympt\u00f4mes-de-court-nou\u00e9-sur-Rupestris-du-Lot-4-scaled-300x300.jpg\",\"woocommerce_single\":\"https:\\\/\\\/www.vignevin.com\\\/wp-content\\\/uploads\\\/2019\\\/02\\\/Sympt\u00f4mes-de-court-nou\u00e9-sur-Rupestris-du-Lot-4-scaled-600x800.jpg\",\"woocommerce_gallery_thumbnail\":\"https:\\\/\\\/www.vignevin.com\\\/wp-content\\\/uploads\\\/2019\\\/02\\\/Sympt\u00f4mes-de-court-nou\u00e9-sur-Rupestris-du-Lot-4-scaled-100x100.jpg\",\"full\":\"https:\\\/\\\/www.vignevin.com\\\/wp-content\\\/uploads\\\/2019\\\/02\\\/Sympt\u00f4mes-de-court-nou\u00e9-sur-Rupestris-du-Lot-4-scaled.jpg\",\"index\":48,\"id\":9986,\"video\":false,\"opts\":{\"caption\":\"\",\"thumb\":\"https:\\\/\\\/www.vignevin.com\\\/wp-content\\\/uploads\\\/2019\\\/02\\\/Sympt\u00f4mes-de-court-nou\u00e9-sur-Rupestris-du-Lot-4-scaled-75x50_c.jpg\",\"title\":\"Sympt&amp;ocirc;mes de court-nou&amp;eacute; sur Rupestris du Lot 4\"},\"gallery_id\":17410,\"gallery_title\":\"Grapevines virus\"},\"9987\":{\"status\":\"active\",\"src\":\"https:\\\/\\\/www.vignevin.com\\\/wp-content\\\/uploads\\\/2019\\\/02\\\/Sympt\u00f4mes-de-court-nou\u00e9-sur-Rupestris-du-Lot.jpg\",\"title\":\"Sympt&amp;ocirc;mes de court-nou&amp;eacute; sur Rupestris du Lot\",\"link\":\"https:\\\/\\\/www.vignevin.com\\\/wp-content\\\/uploads\\\/2019\\\/02\\\/Sympt\u00f4mes-de-court-nou\u00e9-sur-Rupestris-du-Lot.jpg\",\"alt\":\"\",\"caption\":false,\"thumb\":\"https:\\\/\\\/www.vignevin.com\\\/wp-content\\\/uploads\\\/2019\\\/02\\\/Sympt\u00f4mes-de-court-nou\u00e9-sur-Rupestris-du-Lot-75x50_c.jpg\",\"meta\":{\"aperture\":null,\"credit\":null,\"camera\":null,\"caption\":\"\",\"created_timestamp\":null,\"copyright\":null,\"focal_length\":null,\"iso\":null,\"shutter_speed\":null,\"title\":\"\",\"orientation\":null,\"keywords\":null},\"thumbnail\":\"https:\\\/\\\/www.vignevin.com\\\/wp-content\\\/uploads\\\/2019\\\/02\\\/Sympt\u00f4mes-de-court-nou\u00e9-sur-Rupestris-du-Lot.jpg\",\"medium\":\"https:\\\/\\\/www.vignevin.com\\\/wp-content\\\/uploads\\\/2019\\\/02\\\/Sympt\u00f4mes-de-court-nou\u00e9-sur-Rupestris-du-Lot.jpg\",\"medium_large\":\"https:\\\/\\\/www.vignevin.com\\\/wp-content\\\/uploads\\\/2019\\\/02\\\/Sympt\u00f4mes-de-court-nou\u00e9-sur-Rupestris-du-Lot.jpg\",\"large\":\"https:\\\/\\\/www.vignevin.com\\\/wp-content\\\/uploads\\\/2019\\\/02\\\/Sympt\u00f4mes-de-court-nou\u00e9-sur-Rupestris-du-Lot.jpg\",\"1536x1536\":\"https:\\\/\\\/www.vignevin.com\\\/wp-content\\\/uploads\\\/2019\\\/02\\\/Sympt\u00f4mes-de-court-nou\u00e9-sur-Rupestris-du-Lot.jpg\",\"2048x2048\":\"https:\\\/\\\/www.vignevin.com\\\/wp-content\\\/uploads\\\/2019\\\/02\\\/Sympt\u00f4mes-de-court-nou\u00e9-sur-Rupestris-du-Lot.jpg\",\"et-pb-post-main-image\":\"https:\\\/\\\/www.vignevin.com\\\/wp-content\\\/uploads\\\/2019\\\/02\\\/Sympt\u00f4mes-de-court-nou\u00e9-sur-Rupestris-du-Lot.jpg\",\"et-pb-post-main-image-fullwidth\":\"https:\\\/\\\/www.vignevin.com\\\/wp-content\\\/uploads\\\/2019\\\/02\\\/Sympt\u00f4mes-de-court-nou\u00e9-sur-Rupestris-du-Lot.jpg\",\"et-pb-portfolio-image\":\"https:\\\/\\\/www.vignevin.com\\\/wp-content\\\/uploads\\\/2019\\\/02\\\/Sympt\u00f4mes-de-court-nou\u00e9-sur-Rupestris-du-Lot.jpg\",\"et-pb-portfolio-module-image\":\"https:\\\/\\\/www.vignevin.com\\\/wp-content\\\/uploads\\\/2019\\\/02\\\/Sympt\u00f4mes-de-court-nou\u00e9-sur-Rupestris-du-Lot.jpg\",\"et-pb-portfolio-image-single\":\"https:\\\/\\\/www.vignevin.com\\\/wp-content\\\/uploads\\\/2019\\\/02\\\/Sympt\u00f4mes-de-court-nou\u00e9-sur-Rupestris-du-Lot.jpg\",\"et-pb-gallery-module-image-portrait\":\"https:\\\/\\\/www.vignevin.com\\\/wp-content\\\/uploads\\\/2019\\\/02\\\/Sympt\u00f4mes-de-court-nou\u00e9-sur-Rupestris-du-Lot.jpg\",\"et-pb-post-main-image-fullwidth-large\":\"https:\\\/\\\/www.vignevin.com\\\/wp-content\\\/uploads\\\/2019\\\/02\\\/Sympt\u00f4mes-de-court-nou\u00e9-sur-Rupestris-du-Lot.jpg\",\"et-pb-image--responsive--desktop\":\"https:\\\/\\\/www.vignevin.com\\\/wp-content\\\/uploads\\\/2019\\\/02\\\/Sympt\u00f4mes-de-court-nou\u00e9-sur-Rupestris-du-Lot.jpg\",\"et-pb-image--responsive--tablet\":\"https:\\\/\\\/www.vignevin.com\\\/wp-content\\\/uploads\\\/2019\\\/02\\\/Sympt\u00f4mes-de-court-nou\u00e9-sur-Rupestris-du-Lot.jpg\",\"et-pb-image--responsive--phone\":\"https:\\\/\\\/www.vignevin.com\\\/wp-content\\\/uploads\\\/2019\\\/02\\\/Sympt\u00f4mes-de-court-nou\u00e9-sur-Rupestris-du-Lot.jpg\",\"gform-image-choice-sm\":\"https:\\\/\\\/www.vignevin.com\\\/wp-content\\\/uploads\\\/2019\\\/02\\\/Sympt\u00f4mes-de-court-nou\u00e9-sur-Rupestris-du-Lot.jpg\",\"gform-image-choice-md\":\"https:\\\/\\\/www.vignevin.com\\\/wp-content\\\/uploads\\\/2019\\\/02\\\/Sympt\u00f4mes-de-court-nou\u00e9-sur-Rupestris-du-Lot.jpg\",\"gform-image-choice-lg\":\"https:\\\/\\\/www.vignevin.com\\\/wp-content\\\/uploads\\\/2019\\\/02\\\/Sympt\u00f4mes-de-court-nou\u00e9-sur-Rupestris-du-Lot.jpg\",\"woocommerce_thumbnail\":\"https:\\\/\\\/www.vignevin.com\\\/wp-content\\\/uploads\\\/2019\\\/02\\\/Sympt\u00f4mes-de-court-nou\u00e9-sur-Rupestris-du-Lot-300x300.jpg\",\"woocommerce_single\":\"https:\\\/\\\/www.vignevin.com\\\/wp-content\\\/uploads\\\/2019\\\/02\\\/Sympt\u00f4mes-de-court-nou\u00e9-sur-Rupestris-du-Lot-600x393.jpg\",\"woocommerce_gallery_thumbnail\":\"https:\\\/\\\/www.vignevin.com\\\/wp-content\\\/uploads\\\/2019\\\/02\\\/Sympt\u00f4mes-de-court-nou\u00e9-sur-Rupestris-du-Lot-100x100.jpg\",\"full\":\"https:\\\/\\\/www.vignevin.com\\\/wp-content\\\/uploads\\\/2019\\\/02\\\/Sympt\u00f4mes-de-court-nou\u00e9-sur-Rupestris-du-Lot.jpg\",\"index\":49,\"id\":9987,\"video\":false,\"opts\":{\"caption\":\"\",\"thumb\":\"https:\\\/\\\/www.vignevin.com\\\/wp-content\\\/uploads\\\/2019\\\/02\\\/Sympt\u00f4mes-de-court-nou\u00e9-sur-Rupestris-du-Lot-75x50_c.jpg\",\"title\":\"Sympt&amp;ocirc;mes de court-nou&amp;eacute; sur Rupestris du Lot\"},\"gallery_id\":17410,\"gallery_title\":\"Grapevines virus\"},\"9988\":{\"status\":\"active\",\"src\":\"https:\\\/\\\/www.vignevin.com\\\/wp-content\\\/uploads\\\/2019\\\/02\\\/Sympt\u00f4mes-de-court-nou\u00e9-sur-Sauvignon-blanc-double-n\u0153ud.jpg\",\"title\":\"Sympt&amp;ocirc;mes de court-nou&amp;eacute; sur Sauvignon blanc double-n&amp;oelig;ud\",\"link\":\"https:\\\/\\\/www.vignevin.com\\\/wp-content\\\/uploads\\\/2019\\\/02\\\/Sympt\u00f4mes-de-court-nou\u00e9-sur-Sauvignon-blanc-double-n\u0153ud.jpg\",\"alt\":\"\",\"caption\":false,\"thumb\":\"https:\\\/\\\/www.vignevin.com\\\/wp-content\\\/uploads\\\/2019\\\/02\\\/Sympt\u00f4mes-de-court-nou\u00e9-sur-Sauvignon-blanc-double-n\u0153ud-75x50_c.jpg\",\"meta\":{\"aperture\":\"3.3\",\"credit\":null,\"camera\":\"DMC-TZ10\",\"caption\":\"\",\"created_timestamp\":\"1313747553\",\"copyright\":null,\"focal_length\":\"4.1\",\"iso\":\"80\",\"shutter_speed\":\"0.02\",\"title\":\"\",\"orientation\":\"1\",\"keywords\":null},\"thumbnail\":\"https:\\\/\\\/www.vignevin.com\\\/wp-content\\\/uploads\\\/2019\\\/02\\\/Sympt\u00f4mes-de-court-nou\u00e9-sur-Sauvignon-blanc-double-n\u0153ud.jpg\",\"medium\":\"https:\\\/\\\/www.vignevin.com\\\/wp-content\\\/uploads\\\/2019\\\/02\\\/Sympt\u00f4mes-de-court-nou\u00e9-sur-Sauvignon-blanc-double-n\u0153ud.jpg\",\"medium_large\":\"https:\\\/\\\/www.vignevin.com\\\/wp-content\\\/uploads\\\/2019\\\/02\\\/Sympt\u00f4mes-de-court-nou\u00e9-sur-Sauvignon-blanc-double-n\u0153ud.jpg\",\"large\":\"https:\\\/\\\/www.vignevin.com\\\/wp-content\\\/uploads\\\/2019\\\/02\\\/Sympt\u00f4mes-de-court-nou\u00e9-sur-Sauvignon-blanc-double-n\u0153ud.jpg\",\"1536x1536\":\"https:\\\/\\\/www.vignevin.com\\\/wp-content\\\/uploads\\\/2019\\\/02\\\/Sympt\u00f4mes-de-court-nou\u00e9-sur-Sauvignon-blanc-double-n\u0153ud.jpg\",\"2048x2048\":\"https:\\\/\\\/www.vignevin.com\\\/wp-content\\\/uploads\\\/2019\\\/02\\\/Sympt\u00f4mes-de-court-nou\u00e9-sur-Sauvignon-blanc-double-n\u0153ud.jpg\",\"et-pb-post-main-image\":\"https:\\\/\\\/www.vignevin.com\\\/wp-content\\\/uploads\\\/2019\\\/02\\\/Sympt\u00f4mes-de-court-nou\u00e9-sur-Sauvignon-blanc-double-n\u0153ud.jpg\",\"et-pb-post-main-image-fullwidth\":\"https:\\\/\\\/www.vignevin.com\\\/wp-content\\\/uploads\\\/2019\\\/02\\\/Sympt\u00f4mes-de-court-nou\u00e9-sur-Sauvignon-blanc-double-n\u0153ud.jpg\",\"et-pb-portfolio-image\":\"https:\\\/\\\/www.vignevin.com\\\/wp-content\\\/uploads\\\/2019\\\/02\\\/Sympt\u00f4mes-de-court-nou\u00e9-sur-Sauvignon-blanc-double-n\u0153ud.jpg\",\"et-pb-portfolio-module-image\":\"https:\\\/\\\/www.vignevin.com\\\/wp-content\\\/uploads\\\/2019\\\/02\\\/Sympt\u00f4mes-de-court-nou\u00e9-sur-Sauvignon-blanc-double-n\u0153ud.jpg\",\"et-pb-portfolio-image-single\":\"https:\\\/\\\/www.vignevin.com\\\/wp-content\\\/uploads\\\/2019\\\/02\\\/Sympt\u00f4mes-de-court-nou\u00e9-sur-Sauvignon-blanc-double-n\u0153ud.jpg\",\"et-pb-gallery-module-image-portrait\":\"https:\\\/\\\/www.vignevin.com\\\/wp-content\\\/uploads\\\/2019\\\/02\\\/Sympt\u00f4mes-de-court-nou\u00e9-sur-Sauvignon-blanc-double-n\u0153ud.jpg\",\"et-pb-post-main-image-fullwidth-large\":\"https:\\\/\\\/www.vignevin.com\\\/wp-content\\\/uploads\\\/2019\\\/02\\\/Sympt\u00f4mes-de-court-nou\u00e9-sur-Sauvignon-blanc-double-n\u0153ud.jpg\",\"et-pb-image--responsive--desktop\":\"https:\\\/\\\/www.vignevin.com\\\/wp-content\\\/uploads\\\/2019\\\/02\\\/Sympt\u00f4mes-de-court-nou\u00e9-sur-Sauvignon-blanc-double-n\u0153ud.jpg\",\"et-pb-image--responsive--tablet\":\"https:\\\/\\\/www.vignevin.com\\\/wp-content\\\/uploads\\\/2019\\\/02\\\/Sympt\u00f4mes-de-court-nou\u00e9-sur-Sauvignon-blanc-double-n\u0153ud.jpg\",\"et-pb-image--responsive--phone\":\"https:\\\/\\\/www.vignevin.com\\\/wp-content\\\/uploads\\\/2019\\\/02\\\/Sympt\u00f4mes-de-court-nou\u00e9-sur-Sauvignon-blanc-double-n\u0153ud.jpg\",\"gform-image-choice-sm\":\"https:\\\/\\\/www.vignevin.com\\\/wp-content\\\/uploads\\\/2019\\\/02\\\/Sympt\u00f4mes-de-court-nou\u00e9-sur-Sauvignon-blanc-double-n\u0153ud.jpg\",\"gform-image-choice-md\":\"https:\\\/\\\/www.vignevin.com\\\/wp-content\\\/uploads\\\/2019\\\/02\\\/Sympt\u00f4mes-de-court-nou\u00e9-sur-Sauvignon-blanc-double-n\u0153ud.jpg\",\"gform-image-choice-lg\":\"https:\\\/\\\/www.vignevin.com\\\/wp-content\\\/uploads\\\/2019\\\/02\\\/Sympt\u00f4mes-de-court-nou\u00e9-sur-Sauvignon-blanc-double-n\u0153ud.jpg\",\"woocommerce_thumbnail\":\"https:\\\/\\\/www.vignevin.com\\\/wp-content\\\/uploads\\\/2019\\\/02\\\/Sympt\u00f4mes-de-court-nou\u00e9-sur-Sauvignon-blanc-double-n\u0153ud-300x300.jpg\",\"woocommerce_single\":\"https:\\\/\\\/www.vignevin.com\\\/wp-content\\\/uploads\\\/2019\\\/02\\\/Sympt\u00f4mes-de-court-nou\u00e9-sur-Sauvignon-blanc-double-n\u0153ud-600x450.jpg\",\"woocommerce_gallery_thumbnail\":\"https:\\\/\\\/www.vignevin.com\\\/wp-content\\\/uploads\\\/2019\\\/02\\\/Sympt\u00f4mes-de-court-nou\u00e9-sur-Sauvignon-blanc-double-n\u0153ud-100x100.jpg\",\"full\":\"https:\\\/\\\/www.vignevin.com\\\/wp-content\\\/uploads\\\/2019\\\/02\\\/Sympt\u00f4mes-de-court-nou\u00e9-sur-Sauvignon-blanc-double-n\u0153ud.jpg\",\"index\":50,\"id\":9988,\"video\":false,\"opts\":{\"caption\":\"\",\"thumb\":\"https:\\\/\\\/www.vignevin.com\\\/wp-content\\\/uploads\\\/2019\\\/02\\\/Sympt\u00f4mes-de-court-nou\u00e9-sur-Sauvignon-blanc-double-n\u0153ud-75x50_c.jpg\",\"title\":\"Sympt&amp;ocirc;mes de court-nou&amp;eacute; sur Sauvignon blanc double-n&amp;oelig;ud\"},\"gallery_id\":17410,\"gallery_title\":\"Grapevines virus\"},\"9989\":{\"status\":\"active\",\"src\":\"https:\\\/\\\/www.vignevin.com\\\/wp-content\\\/uploads\\\/2019\\\/02\\\/Sympt\u00f4mes-de-court-nou\u00e9-sur-Sauvignon-blanc-double-n\u0153uds-scaled.jpg\",\"title\":\"Sympt&amp;ocirc;mes de court-nou&amp;eacute; sur Sauvignon blanc double-n&amp;oelig;uds\",\"link\":\"https:\\\/\\\/www.vignevin.com\\\/wp-content\\\/uploads\\\/2019\\\/02\\\/Sympt\u00f4mes-de-court-nou\u00e9-sur-Sauvignon-blanc-double-n\u0153uds.jpg\",\"alt\":\"\",\"caption\":false,\"thumb\":\"https:\\\/\\\/www.vignevin.com\\\/wp-content\\\/uploads\\\/2019\\\/02\\\/Sympt\u00f4mes-de-court-nou\u00e9-sur-Sauvignon-blanc-double-n\u0153uds-scaled-75x50_c.jpg\",\"meta\":{\"aperture\":\"4\",\"credit\":null,\"camera\":\"DMC-TZ10\",\"caption\":\"\",\"created_timestamp\":\"1467198819\",\"copyright\":null,\"focal_length\":\"4.1\",\"iso\":\"80\",\"shutter_speed\":\"0.005\",\"title\":\"\",\"orientation\":\"1\",\"keywords\":null,\"resized_images\":null},\"thumbnail\":\"https:\\\/\\\/www.vignevin.com\\\/wp-content\\\/uploads\\\/2019\\\/02\\\/Sympt\u00f4mes-de-court-nou\u00e9-sur-Sauvignon-blanc-double-n\u0153uds-scaled.jpg\",\"medium\":\"https:\\\/\\\/www.vignevin.com\\\/wp-content\\\/uploads\\\/2019\\\/02\\\/Sympt\u00f4mes-de-court-nou\u00e9-sur-Sauvignon-blanc-double-n\u0153uds-scaled.jpg\",\"medium_large\":\"https:\\\/\\\/www.vignevin.com\\\/wp-content\\\/uploads\\\/2019\\\/02\\\/Sympt\u00f4mes-de-court-nou\u00e9-sur-Sauvignon-blanc-double-n\u0153uds-scaled.jpg\",\"large\":\"https:\\\/\\\/www.vignevin.com\\\/wp-content\\\/uploads\\\/2019\\\/02\\\/Sympt\u00f4mes-de-court-nou\u00e9-sur-Sauvignon-blanc-double-n\u0153uds-scaled.jpg\",\"1536x1536\":\"https:\\\/\\\/www.vignevin.com\\\/wp-content\\\/uploads\\\/2019\\\/02\\\/Sympt\u00f4mes-de-court-nou\u00e9-sur-Sauvignon-blanc-double-n\u0153uds-scaled.jpg\",\"2048x2048\":\"https:\\\/\\\/www.vignevin.com\\\/wp-content\\\/uploads\\\/2019\\\/02\\\/Sympt\u00f4mes-de-court-nou\u00e9-sur-Sauvignon-blanc-double-n\u0153uds-scaled.jpg\",\"et-pb-post-main-image\":\"https:\\\/\\\/www.vignevin.com\\\/wp-content\\\/uploads\\\/2019\\\/02\\\/Sympt\u00f4mes-de-court-nou\u00e9-sur-Sauvignon-blanc-double-n\u0153uds-scaled.jpg\",\"et-pb-post-main-image-fullwidth\":\"https:\\\/\\\/www.vignevin.com\\\/wp-content\\\/uploads\\\/2019\\\/02\\\/Sympt\u00f4mes-de-court-nou\u00e9-sur-Sauvignon-blanc-double-n\u0153uds-scaled.jpg\",\"et-pb-portfolio-image\":\"https:\\\/\\\/www.vignevin.com\\\/wp-content\\\/uploads\\\/2019\\\/02\\\/Sympt\u00f4mes-de-court-nou\u00e9-sur-Sauvignon-blanc-double-n\u0153uds-scaled.jpg\",\"et-pb-portfolio-module-image\":\"https:\\\/\\\/www.vignevin.com\\\/wp-content\\\/uploads\\\/2019\\\/02\\\/Sympt\u00f4mes-de-court-nou\u00e9-sur-Sauvignon-blanc-double-n\u0153uds-scaled.jpg\",\"et-pb-portfolio-image-single\":\"https:\\\/\\\/www.vignevin.com\\\/wp-content\\\/uploads\\\/2019\\\/02\\\/Sympt\u00f4mes-de-court-nou\u00e9-sur-Sauvignon-blanc-double-n\u0153uds-scaled.jpg\",\"et-pb-gallery-module-image-portrait\":\"https:\\\/\\\/www.vignevin.com\\\/wp-content\\\/uploads\\\/2019\\\/02\\\/Sympt\u00f4mes-de-court-nou\u00e9-sur-Sauvignon-blanc-double-n\u0153uds-scaled.jpg\",\"et-pb-post-main-image-fullwidth-large\":\"https:\\\/\\\/www.vignevin.com\\\/wp-content\\\/uploads\\\/2019\\\/02\\\/Sympt\u00f4mes-de-court-nou\u00e9-sur-Sauvignon-blanc-double-n\u0153uds-scaled.jpg\",\"et-pb-image--responsive--desktop\":\"https:\\\/\\\/www.vignevin.com\\\/wp-content\\\/uploads\\\/2019\\\/02\\\/Sympt\u00f4mes-de-court-nou\u00e9-sur-Sauvignon-blanc-double-n\u0153uds-scaled.jpg\",\"et-pb-image--responsive--tablet\":\"https:\\\/\\\/www.vignevin.com\\\/wp-content\\\/uploads\\\/2019\\\/02\\\/Sympt\u00f4mes-de-court-nou\u00e9-sur-Sauvignon-blanc-double-n\u0153uds-scaled.jpg\",\"et-pb-image--responsive--phone\":\"https:\\\/\\\/www.vignevin.com\\\/wp-content\\\/uploads\\\/2019\\\/02\\\/Sympt\u00f4mes-de-court-nou\u00e9-sur-Sauvignon-blanc-double-n\u0153uds-scaled.jpg\",\"gform-image-choice-sm\":\"https:\\\/\\\/www.vignevin.com\\\/wp-content\\\/uploads\\\/2019\\\/02\\\/Sympt\u00f4mes-de-court-nou\u00e9-sur-Sauvignon-blanc-double-n\u0153uds-scaled.jpg\",\"gform-image-choice-md\":\"https:\\\/\\\/www.vignevin.com\\\/wp-content\\\/uploads\\\/2019\\\/02\\\/Sympt\u00f4mes-de-court-nou\u00e9-sur-Sauvignon-blanc-double-n\u0153uds-scaled.jpg\",\"gform-image-choice-lg\":\"https:\\\/\\\/www.vignevin.com\\\/wp-content\\\/uploads\\\/2019\\\/02\\\/Sympt\u00f4mes-de-court-nou\u00e9-sur-Sauvignon-blanc-double-n\u0153uds-scaled.jpg\",\"woocommerce_thumbnail\":\"https:\\\/\\\/www.vignevin.com\\\/wp-content\\\/uploads\\\/2019\\\/02\\\/Sympt\u00f4mes-de-court-nou\u00e9-sur-Sauvignon-blanc-double-n\u0153uds-scaled-300x300.jpg\",\"woocommerce_single\":\"https:\\\/\\\/www.vignevin.com\\\/wp-content\\\/uploads\\\/2019\\\/02\\\/Sympt\u00f4mes-de-court-nou\u00e9-sur-Sauvignon-blanc-double-n\u0153uds-scaled-600x810.jpg\",\"woocommerce_gallery_thumbnail\":\"https:\\\/\\\/www.vignevin.com\\\/wp-content\\\/uploads\\\/2019\\\/02\\\/Sympt\u00f4mes-de-court-nou\u00e9-sur-Sauvignon-blanc-double-n\u0153uds-scaled-100x100.jpg\",\"full\":\"https:\\\/\\\/www.vignevin.com\\\/wp-content\\\/uploads\\\/2019\\\/02\\\/Sympt\u00f4mes-de-court-nou\u00e9-sur-Sauvignon-blanc-double-n\u0153uds-scaled.jpg\",\"index\":51,\"id\":9989,\"video\":false,\"opts\":{\"caption\":\"\",\"thumb\":\"https:\\\/\\\/www.vignevin.com\\\/wp-content\\\/uploads\\\/2019\\\/02\\\/Sympt\u00f4mes-de-court-nou\u00e9-sur-Sauvignon-blanc-double-n\u0153uds-scaled-75x50_c.jpg\",\"title\":\"Sympt&amp;ocirc;mes de court-nou&amp;eacute; sur Sauvignon blanc double-n&amp;oelig;uds\"},\"gallery_id\":17410,\"gallery_title\":\"Grapevines virus\"},\"9990\":{\"status\":\"active\",\"src\":\"https:\\\/\\\/www.vignevin.com\\\/wp-content\\\/uploads\\\/2019\\\/02\\\/Sympt\u00f4mes-de-court-nou\u00e9-sur-Sauvignon-blanc-feuille-d\u00e9form\u00e9e-scaled.jpg\",\"title\":\"Sympt&amp;ocirc;mes de court-nou&amp;eacute; sur Sauvignon blanc feuille d&amp;eacute;form&amp;eacute;e\",\"link\":\"https:\\\/\\\/www.vignevin.com\\\/wp-content\\\/uploads\\\/2019\\\/02\\\/Sympt\u00f4mes-de-court-nou\u00e9-sur-Sauvignon-blanc-feuille-d\u00e9form\u00e9e.jpg\",\"alt\":\"\",\"caption\":false,\"thumb\":\"https:\\\/\\\/www.vignevin.com\\\/wp-content\\\/uploads\\\/2019\\\/02\\\/Sympt\u00f4mes-de-court-nou\u00e9-sur-Sauvignon-blanc-feuille-d\u00e9form\u00e9e-scaled-75x50_c.jpg\",\"meta\":{\"aperture\":\"6.3\",\"credit\":null,\"camera\":\"DMC-TZ10\",\"caption\":\"\",\"created_timestamp\":\"1467198378\",\"copyright\":null,\"focal_length\":\"4.1\",\"iso\":\"125\",\"shutter_speed\":\"0.00125\",\"title\":\"\",\"orientation\":\"1\",\"keywords\":null},\"thumbnail\":\"https:\\\/\\\/www.vignevin.com\\\/wp-content\\\/uploads\\\/2019\\\/02\\\/Sympt\u00f4mes-de-court-nou\u00e9-sur-Sauvignon-blanc-feuille-d\u00e9form\u00e9e-150x150.jpg\",\"medium\":\"https:\\\/\\\/www.vignevin.com\\\/wp-content\\\/uploads\\\/2019\\\/02\\\/Sympt\u00f4mes-de-court-nou\u00e9-sur-Sauvignon-blanc-feuille-d\u00e9form\u00e9e-295x300.jpg\",\"medium_large\":\"https:\\\/\\\/www.vignevin.com\\\/wp-content\\\/uploads\\\/2019\\\/02\\\/Sympt\u00f4mes-de-court-nou\u00e9-sur-Sauvignon-blanc-feuille-d\u00e9form\u00e9e-768x781.jpg\",\"large\":\"https:\\\/\\\/www.vignevin.com\\\/wp-content\\\/uploads\\\/2019\\\/02\\\/Sympt\u00f4mes-de-court-nou\u00e9-sur-Sauvignon-blanc-feuille-d\u00e9form\u00e9e-1007x1024.jpg\",\"1536x1536\":\"https:\\\/\\\/www.vignevin.com\\\/wp-content\\\/uploads\\\/2019\\\/02\\\/Sympt\u00f4mes-de-court-nou\u00e9-sur-Sauvignon-blanc-feuille-d\u00e9form\u00e9e-scaled.jpg\",\"2048x2048\":\"https:\\\/\\\/www.vignevin.com\\\/wp-content\\\/uploads\\\/2019\\\/02\\\/Sympt\u00f4mes-de-court-nou\u00e9-sur-Sauvignon-blanc-feuille-d\u00e9form\u00e9e-scaled.jpg\",\"et-pb-post-main-image\":\"https:\\\/\\\/www.vignevin.com\\\/wp-content\\\/uploads\\\/2019\\\/02\\\/Sympt\u00f4mes-de-court-nou\u00e9-sur-Sauvignon-blanc-feuille-d\u00e9form\u00e9e-400x250.jpg\",\"et-pb-post-main-image-fullwidth\":\"https:\\\/\\\/www.vignevin.com\\\/wp-content\\\/uploads\\\/2019\\\/02\\\/Sympt\u00f4mes-de-court-nou\u00e9-sur-Sauvignon-blanc-feuille-d\u00e9form\u00e9e-1080x675.jpg\",\"et-pb-portfolio-image\":\"https:\\\/\\\/www.vignevin.com\\\/wp-content\\\/uploads\\\/2019\\\/02\\\/Sympt\u00f4mes-de-court-nou\u00e9-sur-Sauvignon-blanc-feuille-d\u00e9form\u00e9e-400x284.jpg\",\"et-pb-portfolio-module-image\":\"https:\\\/\\\/www.vignevin.com\\\/wp-content\\\/uploads\\\/2019\\\/02\\\/Sympt\u00f4mes-de-court-nou\u00e9-sur-Sauvignon-blanc-feuille-d\u00e9form\u00e9e-510x382.jpg\",\"et-pb-portfolio-image-single\":\"https:\\\/\\\/www.vignevin.com\\\/wp-content\\\/uploads\\\/2019\\\/02\\\/Sympt\u00f4mes-de-court-nou\u00e9-sur-Sauvignon-blanc-feuille-d\u00e9form\u00e9e-1080x1099.jpg\",\"et-pb-gallery-module-image-portrait\":\"https:\\\/\\\/www.vignevin.com\\\/wp-content\\\/uploads\\\/2019\\\/02\\\/Sympt\u00f4mes-de-court-nou\u00e9-sur-Sauvignon-blanc-feuille-d\u00e9form\u00e9e-400x516.jpg\",\"et-pb-post-main-image-fullwidth-large\":\"https:\\\/\\\/www.vignevin.com\\\/wp-content\\\/uploads\\\/2019\\\/02\\\/Sympt\u00f4mes-de-court-nou\u00e9-sur-Sauvignon-blanc-feuille-d\u00e9form\u00e9e-2761x1800.jpg\",\"et-pb-image--responsive--desktop\":\"https:\\\/\\\/www.vignevin.com\\\/wp-content\\\/uploads\\\/2019\\\/02\\\/Sympt\u00f4mes-de-court-nou\u00e9-sur-Sauvignon-blanc-feuille-d\u00e9form\u00e9e-scaled.jpg\",\"et-pb-image--responsive--tablet\":\"https:\\\/\\\/www.vignevin.com\\\/wp-content\\\/uploads\\\/2019\\\/02\\\/Sympt\u00f4mes-de-court-nou\u00e9-sur-Sauvignon-blanc-feuille-d\u00e9form\u00e9e-scaled.jpg\",\"et-pb-image--responsive--phone\":\"https:\\\/\\\/www.vignevin.com\\\/wp-content\\\/uploads\\\/2019\\\/02\\\/Sympt\u00f4mes-de-court-nou\u00e9-sur-Sauvignon-blanc-feuille-d\u00e9form\u00e9e-scaled.jpg\",\"gform-image-choice-sm\":\"https:\\\/\\\/www.vignevin.com\\\/wp-content\\\/uploads\\\/2019\\\/02\\\/Sympt\u00f4mes-de-court-nou\u00e9-sur-Sauvignon-blanc-feuille-d\u00e9form\u00e9e-scaled.jpg\",\"gform-image-choice-md\":\"https:\\\/\\\/www.vignevin.com\\\/wp-content\\\/uploads\\\/2019\\\/02\\\/Sympt\u00f4mes-de-court-nou\u00e9-sur-Sauvignon-blanc-feuille-d\u00e9form\u00e9e-scaled.jpg\",\"gform-image-choice-lg\":\"https:\\\/\\\/www.vignevin.com\\\/wp-content\\\/uploads\\\/2019\\\/02\\\/Sympt\u00f4mes-de-court-nou\u00e9-sur-Sauvignon-blanc-feuille-d\u00e9form\u00e9e-scaled.jpg\",\"woocommerce_thumbnail\":\"https:\\\/\\\/www.vignevin.com\\\/wp-content\\\/uploads\\\/2019\\\/02\\\/Sympt\u00f4mes-de-court-nou\u00e9-sur-Sauvignon-blanc-feuille-d\u00e9form\u00e9e-scaled-300x300.jpg\",\"woocommerce_single\":\"https:\\\/\\\/www.vignevin.com\\\/wp-content\\\/uploads\\\/2019\\\/02\\\/Sympt\u00f4mes-de-court-nou\u00e9-sur-Sauvignon-blanc-feuille-d\u00e9form\u00e9e-scaled-600x610.jpg\",\"woocommerce_gallery_thumbnail\":\"https:\\\/\\\/www.vignevin.com\\\/wp-content\\\/uploads\\\/2019\\\/02\\\/Sympt\u00f4mes-de-court-nou\u00e9-sur-Sauvignon-blanc-feuille-d\u00e9form\u00e9e-scaled-100x100.jpg\",\"full\":\"https:\\\/\\\/www.vignevin.com\\\/wp-content\\\/uploads\\\/2019\\\/02\\\/Sympt\u00f4mes-de-court-nou\u00e9-sur-Sauvignon-blanc-feuille-d\u00e9form\u00e9e-scaled.jpg\",\"index\":52,\"id\":9990,\"video\":false,\"opts\":{\"caption\":\"\",\"thumb\":\"https:\\\/\\\/www.vignevin.com\\\/wp-content\\\/uploads\\\/2019\\\/02\\\/Sympt\u00f4mes-de-court-nou\u00e9-sur-Sauvignon-blanc-feuille-d\u00e9form\u00e9e-scaled-75x50_c.jpg\",\"title\":\"Sympt&amp;ocirc;mes de court-nou&amp;eacute; sur Sauvignon blanc feuille d&amp;eacute;form&amp;eacute;e\"},\"gallery_id\":17410,\"gallery_title\":\"Grapevines virus\"},\"9991\":{\"status\":\"active\",\"src\":\"https:\\\/\\\/www.vignevin.com\\\/wp-content\\\/uploads\\\/2019\\\/02\\\/Sympt\u00f4mes-de-court-nou\u00e9-sur-Sauvignon-blanc-feuille-normale-gauche-et-feuille-d\u00e9form\u00e9e-droite-scaled.jpg\",\"title\":\"Sympt&amp;ocirc;mes de court-nou&amp;eacute; sur Sauvignon blanc feuille normale (gauche) et feuille d&amp;eacute;form&amp;eacute;e (droite)\",\"link\":\"https:\\\/\\\/www.vignevin.com\\\/wp-content\\\/uploads\\\/2019\\\/02\\\/Sympt\u00f4mes-de-court-nou\u00e9-sur-Sauvignon-blanc-feuille-normale-gauche-et-feuille-d\u00e9form\u00e9e-droite.jpg\",\"alt\":\"\",\"caption\":false,\"thumb\":\"https:\\\/\\\/www.vignevin.com\\\/wp-content\\\/uploads\\\/2019\\\/02\\\/Sympt\u00f4mes-de-court-nou\u00e9-sur-Sauvignon-blanc-feuille-normale-gauche-et-feuille-d\u00e9form\u00e9e-droite-scaled-75x50_c.jpg\",\"meta\":{\"aperture\":\"4\",\"credit\":null,\"camera\":\"DMC-TZ10\",\"caption\":\"\",\"created_timestamp\":\"1467198887\",\"copyright\":null,\"focal_length\":\"4.1\",\"iso\":\"125\",\"shutter_speed\":\"0.005\",\"title\":\"\",\"orientation\":\"1\",\"keywords\":null},\"thumbnail\":\"https:\\\/\\\/www.vignevin.com\\\/wp-content\\\/uploads\\\/2019\\\/02\\\/Sympt\u00f4mes-de-court-nou\u00e9-sur-Sauvignon-blanc-feuille-normale-gauche-et-feuille-d\u00e9form\u00e9e-droite-150x150.jpg\",\"medium\":\"https:\\\/\\\/www.vignevin.com\\\/wp-content\\\/uploads\\\/2019\\\/02\\\/Sympt\u00f4mes-de-court-nou\u00e9-sur-Sauvignon-blanc-feuille-normale-gauche-et-feuille-d\u00e9form\u00e9e-droite-300x225.jpg\",\"medium_large\":\"https:\\\/\\\/www.vignevin.com\\\/wp-content\\\/uploads\\\/2019\\\/02\\\/Sympt\u00f4mes-de-court-nou\u00e9-sur-Sauvignon-blanc-feuille-normale-gauche-et-feuille-d\u00e9form\u00e9e-droite-768x576.jpg\",\"large\":\"https:\\\/\\\/www.vignevin.com\\\/wp-content\\\/uploads\\\/2019\\\/02\\\/Sympt\u00f4mes-de-court-nou\u00e9-sur-Sauvignon-blanc-feuille-normale-gauche-et-feuille-d\u00e9form\u00e9e-droite-1024x768.jpg\",\"1536x1536\":\"https:\\\/\\\/www.vignevin.com\\\/wp-content\\\/uploads\\\/2019\\\/02\\\/Sympt\u00f4mes-de-court-nou\u00e9-sur-Sauvignon-blanc-feuille-normale-gauche-et-feuille-d\u00e9form\u00e9e-droite-scaled.jpg\",\"2048x2048\":\"https:\\\/\\\/www.vignevin.com\\\/wp-content\\\/uploads\\\/2019\\\/02\\\/Sympt\u00f4mes-de-court-nou\u00e9-sur-Sauvignon-blanc-feuille-normale-gauche-et-feuille-d\u00e9form\u00e9e-droite-scaled.jpg\",\"et-pb-post-main-image\":\"https:\\\/\\\/www.vignevin.com\\\/wp-content\\\/uploads\\\/2019\\\/02\\\/Sympt\u00f4mes-de-court-nou\u00e9-sur-Sauvignon-blanc-feuille-normale-gauche-et-feuille-d\u00e9form\u00e9e-droite-400x250.jpg\",\"et-pb-post-main-image-fullwidth\":\"https:\\\/\\\/www.vignevin.com\\\/wp-content\\\/uploads\\\/2019\\\/02\\\/Sympt\u00f4mes-de-court-nou\u00e9-sur-Sauvignon-blanc-feuille-normale-gauche-et-feuille-d\u00e9form\u00e9e-droite-1080x675.jpg\",\"et-pb-portfolio-image\":\"https:\\\/\\\/www.vignevin.com\\\/wp-content\\\/uploads\\\/2019\\\/02\\\/Sympt\u00f4mes-de-court-nou\u00e9-sur-Sauvignon-blanc-feuille-normale-gauche-et-feuille-d\u00e9form\u00e9e-droite-400x284.jpg\",\"et-pb-portfolio-module-image\":\"https:\\\/\\\/www.vignevin.com\\\/wp-content\\\/uploads\\\/2019\\\/02\\\/Sympt\u00f4mes-de-court-nou\u00e9-sur-Sauvignon-blanc-feuille-normale-gauche-et-feuille-d\u00e9form\u00e9e-droite-510x382.jpg\",\"et-pb-portfolio-image-single\":\"https:\\\/\\\/www.vignevin.com\\\/wp-content\\\/uploads\\\/2019\\\/02\\\/Sympt\u00f4mes-de-court-nou\u00e9-sur-Sauvignon-blanc-feuille-normale-gauche-et-feuille-d\u00e9form\u00e9e-droite-1080x810.jpg\",\"et-pb-gallery-module-image-portrait\":\"https:\\\/\\\/www.vignevin.com\\\/wp-content\\\/uploads\\\/2019\\\/02\\\/Sympt\u00f4mes-de-court-nou\u00e9-sur-Sauvignon-blanc-feuille-normale-gauche-et-feuille-d\u00e9form\u00e9e-droite-400x516.jpg\",\"et-pb-post-main-image-fullwidth-large\":\"https:\\\/\\\/www.vignevin.com\\\/wp-content\\\/uploads\\\/2019\\\/02\\\/Sympt\u00f4mes-de-court-nou\u00e9-sur-Sauvignon-blanc-feuille-normale-gauche-et-feuille-d\u00e9form\u00e9e-droite-2880x1800.jpg\",\"et-pb-image--responsive--desktop\":\"https:\\\/\\\/www.vignevin.com\\\/wp-content\\\/uploads\\\/2019\\\/02\\\/Sympt\u00f4mes-de-court-nou\u00e9-sur-Sauvignon-blanc-feuille-normale-gauche-et-feuille-d\u00e9form\u00e9e-droite-scaled.jpg\",\"et-pb-image--responsive--tablet\":\"https:\\\/\\\/www.vignevin.com\\\/wp-content\\\/uploads\\\/2019\\\/02\\\/Sympt\u00f4mes-de-court-nou\u00e9-sur-Sauvignon-blanc-feuille-normale-gauche-et-feuille-d\u00e9form\u00e9e-droite-scaled.jpg\",\"et-pb-image--responsive--phone\":\"https:\\\/\\\/www.vignevin.com\\\/wp-content\\\/uploads\\\/2019\\\/02\\\/Sympt\u00f4mes-de-court-nou\u00e9-sur-Sauvignon-blanc-feuille-normale-gauche-et-feuille-d\u00e9form\u00e9e-droite-scaled.jpg\",\"gform-image-choice-sm\":\"https:\\\/\\\/www.vignevin.com\\\/wp-content\\\/uploads\\\/2019\\\/02\\\/Sympt\u00f4mes-de-court-nou\u00e9-sur-Sauvignon-blanc-feuille-normale-gauche-et-feuille-d\u00e9form\u00e9e-droite-scaled.jpg\",\"gform-image-choice-md\":\"https:\\\/\\\/www.vignevin.com\\\/wp-content\\\/uploads\\\/2019\\\/02\\\/Sympt\u00f4mes-de-court-nou\u00e9-sur-Sauvignon-blanc-feuille-normale-gauche-et-feuille-d\u00e9form\u00e9e-droite-scaled.jpg\",\"gform-image-choice-lg\":\"https:\\\/\\\/www.vignevin.com\\\/wp-content\\\/uploads\\\/2019\\\/02\\\/Sympt\u00f4mes-de-court-nou\u00e9-sur-Sauvignon-blanc-feuille-normale-gauche-et-feuille-d\u00e9form\u00e9e-droite-scaled.jpg\",\"woocommerce_thumbnail\":\"https:\\\/\\\/www.vignevin.com\\\/wp-content\\\/uploads\\\/2019\\\/02\\\/Sympt\u00f4mes-de-court-nou\u00e9-sur-Sauvignon-blanc-feuille-normale-gauche-et-feuille-d\u00e9form\u00e9e-droite-scaled-300x300.jpg\",\"woocommerce_single\":\"https:\\\/\\\/www.vignevin.com\\\/wp-content\\\/uploads\\\/2019\\\/02\\\/Sympt\u00f4mes-de-court-nou\u00e9-sur-Sauvignon-blanc-feuille-normale-gauche-et-feuille-d\u00e9form\u00e9e-droite-scaled-600x450.jpg\",\"woocommerce_gallery_thumbnail\":\"https:\\\/\\\/www.vignevin.com\\\/wp-content\\\/uploads\\\/2019\\\/02\\\/Sympt\u00f4mes-de-court-nou\u00e9-sur-Sauvignon-blanc-feuille-normale-gauche-et-feuille-d\u00e9form\u00e9e-droite-scaled-100x100.jpg\",\"full\":\"https:\\\/\\\/www.vignevin.com\\\/wp-content\\\/uploads\\\/2019\\\/02\\\/Sympt\u00f4mes-de-court-nou\u00e9-sur-Sauvignon-blanc-feuille-normale-gauche-et-feuille-d\u00e9form\u00e9e-droite-scaled.jpg\",\"index\":53,\"id\":9991,\"video\":false,\"opts\":{\"caption\":\"\",\"thumb\":\"https:\\\/\\\/www.vignevin.com\\\/wp-content\\\/uploads\\\/2019\\\/02\\\/Sympt\u00f4mes-de-court-nou\u00e9-sur-Sauvignon-blanc-feuille-normale-gauche-et-feuille-d\u00e9form\u00e9e-droite-scaled-75x50_c.jpg\",\"title\":\"Sympt&amp;ocirc;mes de court-nou&amp;eacute; sur Sauvignon blanc feuille normale (gauche) et feuille d&amp;eacute;form&amp;eacute;e (droite)\"},\"gallery_id\":17410,\"gallery_title\":\"Grapevines virus\"},\"9992\":{\"status\":\"active\",\"src\":\"https:\\\/\\\/www.vignevin.com\\\/wp-content\\\/uploads\\\/2019\\\/02\\\/Sympt\u00f4mes-de-court-nou\u00e9-sur-Sauvignon-blanc-grappe-millerand\u00e9e.jpg\",\"title\":\"Sympt&amp;ocirc;mes de court-nou&amp;eacute; sur Sauvignon blanc grappe millerand&amp;eacute;e\",\"link\":\"https:\\\/\\\/www.vignevin.com\\\/wp-content\\\/uploads\\\/2019\\\/02\\\/Sympt\u00f4mes-de-court-nou\u00e9-sur-Sauvignon-blanc-grappe-millerand\u00e9e.jpg\",\"alt\":\"\",\"caption\":false,\"thumb\":\"https:\\\/\\\/www.vignevin.com\\\/wp-content\\\/uploads\\\/2019\\\/02\\\/Sympt\u00f4mes-de-court-nou\u00e9-sur-Sauvignon-blanc-grappe-millerand\u00e9e-75x50_c.jpg\",\"meta\":{\"aperture\":\"3.3\",\"credit\":null,\"camera\":\"DMC-TZ10\",\"caption\":\"\",\"created_timestamp\":\"1380012979\",\"copyright\":null,\"focal_length\":\"4.1\",\"iso\":\"125\",\"shutter_speed\":\"0.033333333333333\",\"title\":\"\",\"orientation\":\"1\",\"keywords\":null},\"thumbnail\":\"https:\\\/\\\/www.vignevin.com\\\/wp-content\\\/uploads\\\/2019\\\/02\\\/Sympt\u00f4mes-de-court-nou\u00e9-sur-Sauvignon-blanc-grappe-millerand\u00e9e-150x150.jpg\",\"medium\":\"https:\\\/\\\/www.vignevin.com\\\/wp-content\\\/uploads\\\/2019\\\/02\\\/Sympt\u00f4mes-de-court-nou\u00e9-sur-Sauvignon-blanc-grappe-millerand\u00e9e-225x300.jpg\",\"medium_large\":\"https:\\\/\\\/www.vignevin.com\\\/wp-content\\\/uploads\\\/2019\\\/02\\\/Sympt\u00f4mes-de-court-nou\u00e9-sur-Sauvignon-blanc-grappe-millerand\u00e9e-768x1024.jpg\",\"large\":\"https:\\\/\\\/www.vignevin.com\\\/wp-content\\\/uploads\\\/2019\\\/02\\\/Sympt\u00f4mes-de-court-nou\u00e9-sur-Sauvignon-blanc-grappe-millerand\u00e9e-768x1024.jpg\",\"1536x1536\":\"https:\\\/\\\/www.vignevin.com\\\/wp-content\\\/uploads\\\/2019\\\/02\\\/Sympt\u00f4mes-de-court-nou\u00e9-sur-Sauvignon-blanc-grappe-millerand\u00e9e.jpg\",\"2048x2048\":\"https:\\\/\\\/www.vignevin.com\\\/wp-content\\\/uploads\\\/2019\\\/02\\\/Sympt\u00f4mes-de-court-nou\u00e9-sur-Sauvignon-blanc-grappe-millerand\u00e9e.jpg\",\"et-pb-post-main-image\":\"https:\\\/\\\/www.vignevin.com\\\/wp-content\\\/uploads\\\/2019\\\/02\\\/Sympt\u00f4mes-de-court-nou\u00e9-sur-Sauvignon-blanc-grappe-millerand\u00e9e-400x250.jpg\",\"et-pb-post-main-image-fullwidth\":\"https:\\\/\\\/www.vignevin.com\\\/wp-content\\\/uploads\\\/2019\\\/02\\\/Sympt\u00f4mes-de-court-nou\u00e9-sur-Sauvignon-blanc-grappe-millerand\u00e9e-1080x675.jpg\",\"et-pb-portfolio-image\":\"https:\\\/\\\/www.vignevin.com\\\/wp-content\\\/uploads\\\/2019\\\/02\\\/Sympt\u00f4mes-de-court-nou\u00e9-sur-Sauvignon-blanc-grappe-millerand\u00e9e-400x284.jpg\",\"et-pb-portfolio-module-image\":\"https:\\\/\\\/www.vignevin.com\\\/wp-content\\\/uploads\\\/2019\\\/02\\\/Sympt\u00f4mes-de-court-nou\u00e9-sur-Sauvignon-blanc-grappe-millerand\u00e9e-510x382.jpg\",\"et-pb-portfolio-image-single\":\"https:\\\/\\\/www.vignevin.com\\\/wp-content\\\/uploads\\\/2019\\\/02\\\/Sympt\u00f4mes-de-court-nou\u00e9-sur-Sauvignon-blanc-grappe-millerand\u00e9e-1080x1440.jpg\",\"et-pb-gallery-module-image-portrait\":\"https:\\\/\\\/www.vignevin.com\\\/wp-content\\\/uploads\\\/2019\\\/02\\\/Sympt\u00f4mes-de-court-nou\u00e9-sur-Sauvignon-blanc-grappe-millerand\u00e9e-400x516.jpg\",\"et-pb-post-main-image-fullwidth-large\":\"https:\\\/\\\/www.vignevin.com\\\/wp-content\\\/uploads\\\/2019\\\/02\\\/Sympt\u00f4mes-de-court-nou\u00e9-sur-Sauvignon-blanc-grappe-millerand\u00e9e-1920x1800.jpg\",\"et-pb-image--responsive--desktop\":\"https:\\\/\\\/www.vignevin.com\\\/wp-content\\\/uploads\\\/2019\\\/02\\\/Sympt\u00f4mes-de-court-nou\u00e9-sur-Sauvignon-blanc-grappe-millerand\u00e9e.jpg\",\"et-pb-image--responsive--tablet\":\"https:\\\/\\\/www.vignevin.com\\\/wp-content\\\/uploads\\\/2019\\\/02\\\/Sympt\u00f4mes-de-court-nou\u00e9-sur-Sauvignon-blanc-grappe-millerand\u00e9e.jpg\",\"et-pb-image--responsive--phone\":\"https:\\\/\\\/www.vignevin.com\\\/wp-content\\\/uploads\\\/2019\\\/02\\\/Sympt\u00f4mes-de-court-nou\u00e9-sur-Sauvignon-blanc-grappe-millerand\u00e9e.jpg\",\"gform-image-choice-sm\":\"https:\\\/\\\/www.vignevin.com\\\/wp-content\\\/uploads\\\/2019\\\/02\\\/Sympt\u00f4mes-de-court-nou\u00e9-sur-Sauvignon-blanc-grappe-millerand\u00e9e.jpg\",\"gform-image-choice-md\":\"https:\\\/\\\/www.vignevin.com\\\/wp-content\\\/uploads\\\/2019\\\/02\\\/Sympt\u00f4mes-de-court-nou\u00e9-sur-Sauvignon-blanc-grappe-millerand\u00e9e.jpg\",\"gform-image-choice-lg\":\"https:\\\/\\\/www.vignevin.com\\\/wp-content\\\/uploads\\\/2019\\\/02\\\/Sympt\u00f4mes-de-court-nou\u00e9-sur-Sauvignon-blanc-grappe-millerand\u00e9e.jpg\",\"woocommerce_thumbnail\":\"https:\\\/\\\/www.vignevin.com\\\/wp-content\\\/uploads\\\/2019\\\/02\\\/Sympt\u00f4mes-de-court-nou\u00e9-sur-Sauvignon-blanc-grappe-millerand\u00e9e-300x300.jpg\",\"woocommerce_single\":\"https:\\\/\\\/www.vignevin.com\\\/wp-content\\\/uploads\\\/2019\\\/02\\\/Sympt\u00f4mes-de-court-nou\u00e9-sur-Sauvignon-blanc-grappe-millerand\u00e9e-600x800.jpg\",\"woocommerce_gallery_thumbnail\":\"https:\\\/\\\/www.vignevin.com\\\/wp-content\\\/uploads\\\/2019\\\/02\\\/Sympt\u00f4mes-de-court-nou\u00e9-sur-Sauvignon-blanc-grappe-millerand\u00e9e-100x100.jpg\",\"full\":\"https:\\\/\\\/www.vignevin.com\\\/wp-content\\\/uploads\\\/2019\\\/02\\\/Sympt\u00f4mes-de-court-nou\u00e9-sur-Sauvignon-blanc-grappe-millerand\u00e9e.jpg\",\"index\":54,\"id\":9992,\"video\":false,\"opts\":{\"caption\":\"\",\"thumb\":\"https:\\\/\\\/www.vignevin.com\\\/wp-content\\\/uploads\\\/2019\\\/02\\\/Sympt\u00f4mes-de-court-nou\u00e9-sur-Sauvignon-blanc-grappe-millerand\u00e9e-75x50_c.jpg\",\"title\":\"Sympt&amp;ocirc;mes de court-nou&amp;eacute; sur Sauvignon blanc grappe millerand&amp;eacute;e\"},\"gallery_id\":17410,\"gallery_title\":\"Grapevines virus\"},\"9993\":{\"status\":\"active\",\"src\":\"https:\\\/\\\/www.vignevin.com\\\/wp-content\\\/uploads\\\/2019\\\/02\\\/Sympt\u00f4mes-de-court-nou\u00e9-sur-Tannat-N-2-scaled.jpg\",\"title\":\"Sympt&amp;ocirc;mes de court-nou&amp;eacute; sur Tannat N (2)\",\"link\":\"https:\\\/\\\/www.vignevin.com\\\/wp-content\\\/uploads\\\/2019\\\/02\\\/Sympt\u00f4mes-de-court-nou\u00e9-sur-Tannat-N-2.jpg\",\"alt\":\"\",\"caption\":false,\"thumb\":\"https:\\\/\\\/www.vignevin.com\\\/wp-content\\\/uploads\\\/2019\\\/02\\\/Sympt\u00f4mes-de-court-nou\u00e9-sur-Tannat-N-2-scaled-75x50_c.jpg\",\"meta\":{\"aperture\":\"1.9\",\"credit\":null,\"camera\":\"SM-G920F\",\"caption\":\"\",\"created_timestamp\":\"1468337271\",\"copyright\":null,\"focal_length\":\"4.3\",\"iso\":\"40\",\"shutter_speed\":\"0.0054347826086957\",\"title\":\"\",\"orientation\":\"1\",\"keywords\":null},\"thumbnail\":\"https:\\\/\\\/www.vignevin.com\\\/wp-content\\\/uploads\\\/2019\\\/02\\\/Sympt\u00f4mes-de-court-nou\u00e9-sur-Tannat-N-2-150x150.jpg\",\"medium\":\"https:\\\/\\\/www.vignevin.com\\\/wp-content\\\/uploads\\\/2019\\\/02\\\/Sympt\u00f4mes-de-court-nou\u00e9-sur-Tannat-N-2-169x300.jpg\",\"medium_large\":\"https:\\\/\\\/www.vignevin.com\\\/wp-content\\\/uploads\\\/2019\\\/02\\\/Sympt\u00f4mes-de-court-nou\u00e9-sur-Tannat-N-2-768x1365.jpg\",\"large\":\"https:\\\/\\\/www.vignevin.com\\\/wp-content\\\/uploads\\\/2019\\\/02\\\/Sympt\u00f4mes-de-court-nou\u00e9-sur-Tannat-N-2-576x1024.jpg\",\"1536x1536\":\"https:\\\/\\\/www.vignevin.com\\\/wp-content\\\/uploads\\\/2019\\\/02\\\/Sympt\u00f4mes-de-court-nou\u00e9-sur-Tannat-N-2-scaled.jpg\",\"2048x2048\":\"https:\\\/\\\/www.vignevin.com\\\/wp-content\\\/uploads\\\/2019\\\/02\\\/Sympt\u00f4mes-de-court-nou\u00e9-sur-Tannat-N-2-scaled.jpg\",\"et-pb-post-main-image\":\"https:\\\/\\\/www.vignevin.com\\\/wp-content\\\/uploads\\\/2019\\\/02\\\/Sympt\u00f4mes-de-court-nou\u00e9-sur-Tannat-N-2-400x250.jpg\",\"et-pb-post-main-image-fullwidth\":\"https:\\\/\\\/www.vignevin.com\\\/wp-content\\\/uploads\\\/2019\\\/02\\\/Sympt\u00f4mes-de-court-nou\u00e9-sur-Tannat-N-2-1080x675.jpg\",\"et-pb-portfolio-image\":\"https:\\\/\\\/www.vignevin.com\\\/wp-content\\\/uploads\\\/2019\\\/02\\\/Sympt\u00f4mes-de-court-nou\u00e9-sur-Tannat-N-2-400x284.jpg\",\"et-pb-portfolio-module-image\":\"https:\\\/\\\/www.vignevin.com\\\/wp-content\\\/uploads\\\/2019\\\/02\\\/Sympt\u00f4mes-de-court-nou\u00e9-sur-Tannat-N-2-510x382.jpg\",\"et-pb-portfolio-image-single\":\"https:\\\/\\\/www.vignevin.com\\\/wp-content\\\/uploads\\\/2019\\\/02\\\/Sympt\u00f4mes-de-court-nou\u00e9-sur-Tannat-N-2-1080x1920.jpg\",\"et-pb-gallery-module-image-portrait\":\"https:\\\/\\\/www.vignevin.com\\\/wp-content\\\/uploads\\\/2019\\\/02\\\/Sympt\u00f4mes-de-court-nou\u00e9-sur-Tannat-N-2-400x516.jpg\",\"et-pb-post-main-image-fullwidth-large\":\"https:\\\/\\\/www.vignevin.com\\\/wp-content\\\/uploads\\\/2019\\\/02\\\/Sympt\u00f4mes-de-court-nou\u00e9-sur-Tannat-N-2-2880x1800.jpg\",\"et-pb-image--responsive--desktop\":\"https:\\\/\\\/www.vignevin.com\\\/wp-content\\\/uploads\\\/2019\\\/02\\\/Sympt\u00f4mes-de-court-nou\u00e9-sur-Tannat-N-2-scaled.jpg\",\"et-pb-image--responsive--tablet\":\"https:\\\/\\\/www.vignevin.com\\\/wp-content\\\/uploads\\\/2019\\\/02\\\/Sympt\u00f4mes-de-court-nou\u00e9-sur-Tannat-N-2-scaled.jpg\",\"et-pb-image--responsive--phone\":\"https:\\\/\\\/www.vignevin.com\\\/wp-content\\\/uploads\\\/2019\\\/02\\\/Sympt\u00f4mes-de-court-nou\u00e9-sur-Tannat-N-2-scaled.jpg\",\"gform-image-choice-sm\":\"https:\\\/\\\/www.vignevin.com\\\/wp-content\\\/uploads\\\/2019\\\/02\\\/Sympt\u00f4mes-de-court-nou\u00e9-sur-Tannat-N-2-scaled.jpg\",\"gform-image-choice-md\":\"https:\\\/\\\/www.vignevin.com\\\/wp-content\\\/uploads\\\/2019\\\/02\\\/Sympt\u00f4mes-de-court-nou\u00e9-sur-Tannat-N-2-scaled.jpg\",\"gform-image-choice-lg\":\"https:\\\/\\\/www.vignevin.com\\\/wp-content\\\/uploads\\\/2019\\\/02\\\/Sympt\u00f4mes-de-court-nou\u00e9-sur-Tannat-N-2-scaled.jpg\",\"woocommerce_thumbnail\":\"https:\\\/\\\/www.vignevin.com\\\/wp-content\\\/uploads\\\/2019\\\/02\\\/Sympt\u00f4mes-de-court-nou\u00e9-sur-Tannat-N-2-scaled-300x300.jpg\",\"woocommerce_single\":\"https:\\\/\\\/www.vignevin.com\\\/wp-content\\\/uploads\\\/2019\\\/02\\\/Sympt\u00f4mes-de-court-nou\u00e9-sur-Tannat-N-2-scaled-600x1067.jpg\",\"woocommerce_gallery_thumbnail\":\"https:\\\/\\\/www.vignevin.com\\\/wp-content\\\/uploads\\\/2019\\\/02\\\/Sympt\u00f4mes-de-court-nou\u00e9-sur-Tannat-N-2-scaled-100x100.jpg\",\"full\":\"https:\\\/\\\/www.vignevin.com\\\/wp-content\\\/uploads\\\/2019\\\/02\\\/Sympt\u00f4mes-de-court-nou\u00e9-sur-Tannat-N-2-scaled.jpg\",\"index\":55,\"id\":9993,\"video\":false,\"opts\":{\"caption\":\"\",\"thumb\":\"https:\\\/\\\/www.vignevin.com\\\/wp-content\\\/uploads\\\/2019\\\/02\\\/Sympt\u00f4mes-de-court-nou\u00e9-sur-Tannat-N-2-scaled-75x50_c.jpg\",\"title\":\"Sympt&amp;ocirc;mes de court-nou&amp;eacute; sur Tannat N (2)\"},\"gallery_id\":17410,\"gallery_title\":\"Grapevines virus\"},\"9994\":{\"status\":\"active\",\"src\":\"https:\\\/\\\/www.vignevin.com\\\/wp-content\\\/uploads\\\/2019\\\/02\\\/Sympt\u00f4mes-de-court-nou\u00e9-sur-Tannat-N-scaled.jpg\",\"title\":\"Sympt&amp;ocirc;mes de court-nou&amp;eacute; sur Tannat N\",\"link\":\"https:\\\/\\\/www.vignevin.com\\\/wp-content\\\/uploads\\\/2019\\\/02\\\/Sympt\u00f4mes-de-court-nou\u00e9-sur-Tannat-N.jpg\",\"alt\":\"\",\"caption\":false,\"thumb\":\"https:\\\/\\\/www.vignevin.com\\\/wp-content\\\/uploads\\\/2019\\\/02\\\/Sympt\u00f4mes-de-court-nou\u00e9-sur-Tannat-N-scaled-75x50_c.jpg\",\"meta\":{\"aperture\":\"1.9\",\"credit\":null,\"camera\":\"SM-G920F\",\"caption\":\"\",\"created_timestamp\":\"1468315167\",\"copyright\":null,\"focal_length\":\"4.3\",\"iso\":\"50\",\"shutter_speed\":\"0.02\",\"title\":\"\",\"orientation\":\"1\",\"keywords\":null,\"resized_images\":null},\"thumbnail\":\"https:\\\/\\\/www.vignevin.com\\\/wp-content\\\/uploads\\\/2019\\\/02\\\/Sympt\u00f4mes-de-court-nou\u00e9-sur-Tannat-N-scaled.jpg\",\"medium\":\"https:\\\/\\\/www.vignevin.com\\\/wp-content\\\/uploads\\\/2019\\\/02\\\/Sympt\u00f4mes-de-court-nou\u00e9-sur-Tannat-N-scaled.jpg\",\"medium_large\":\"https:\\\/\\\/www.vignevin.com\\\/wp-content\\\/uploads\\\/2019\\\/02\\\/Sympt\u00f4mes-de-court-nou\u00e9-sur-Tannat-N-scaled.jpg\",\"large\":\"https:\\\/\\\/www.vignevin.com\\\/wp-content\\\/uploads\\\/2019\\\/02\\\/Sympt\u00f4mes-de-court-nou\u00e9-sur-Tannat-N-scaled.jpg\",\"1536x1536\":\"https:\\\/\\\/www.vignevin.com\\\/wp-content\\\/uploads\\\/2019\\\/02\\\/Sympt\u00f4mes-de-court-nou\u00e9-sur-Tannat-N-scaled.jpg\",\"2048x2048\":\"https:\\\/\\\/www.vignevin.com\\\/wp-content\\\/uploads\\\/2019\\\/02\\\/Sympt\u00f4mes-de-court-nou\u00e9-sur-Tannat-N-scaled.jpg\",\"et-pb-post-main-image\":\"https:\\\/\\\/www.vignevin.com\\\/wp-content\\\/uploads\\\/2019\\\/02\\\/Sympt\u00f4mes-de-court-nou\u00e9-sur-Tannat-N-scaled.jpg\",\"et-pb-post-main-image-fullwidth\":\"https:\\\/\\\/www.vignevin.com\\\/wp-content\\\/uploads\\\/2019\\\/02\\\/Sympt\u00f4mes-de-court-nou\u00e9-sur-Tannat-N-scaled.jpg\",\"et-pb-portfolio-image\":\"https:\\\/\\\/www.vignevin.com\\\/wp-content\\\/uploads\\\/2019\\\/02\\\/Sympt\u00f4mes-de-court-nou\u00e9-sur-Tannat-N-scaled.jpg\",\"et-pb-portfolio-module-image\":\"https:\\\/\\\/www.vignevin.com\\\/wp-content\\\/uploads\\\/2019\\\/02\\\/Sympt\u00f4mes-de-court-nou\u00e9-sur-Tannat-N-scaled.jpg\",\"et-pb-portfolio-image-single\":\"https:\\\/\\\/www.vignevin.com\\\/wp-content\\\/uploads\\\/2019\\\/02\\\/Sympt\u00f4mes-de-court-nou\u00e9-sur-Tannat-N-scaled.jpg\",\"et-pb-gallery-module-image-portrait\":\"https:\\\/\\\/www.vignevin.com\\\/wp-content\\\/uploads\\\/2019\\\/02\\\/Sympt\u00f4mes-de-court-nou\u00e9-sur-Tannat-N-scaled.jpg\",\"et-pb-post-main-image-fullwidth-large\":\"https:\\\/\\\/www.vignevin.com\\\/wp-content\\\/uploads\\\/2019\\\/02\\\/Sympt\u00f4mes-de-court-nou\u00e9-sur-Tannat-N-scaled.jpg\",\"et-pb-image--responsive--desktop\":\"https:\\\/\\\/www.vignevin.com\\\/wp-content\\\/uploads\\\/2019\\\/02\\\/Sympt\u00f4mes-de-court-nou\u00e9-sur-Tannat-N-scaled.jpg\",\"et-pb-image--responsive--tablet\":\"https:\\\/\\\/www.vignevin.com\\\/wp-content\\\/uploads\\\/2019\\\/02\\\/Sympt\u00f4mes-de-court-nou\u00e9-sur-Tannat-N-scaled.jpg\",\"et-pb-image--responsive--phone\":\"https:\\\/\\\/www.vignevin.com\\\/wp-content\\\/uploads\\\/2019\\\/02\\\/Sympt\u00f4mes-de-court-nou\u00e9-sur-Tannat-N-scaled.jpg\",\"gform-image-choice-sm\":\"https:\\\/\\\/www.vignevin.com\\\/wp-content\\\/uploads\\\/2019\\\/02\\\/Sympt\u00f4mes-de-court-nou\u00e9-sur-Tannat-N-scaled.jpg\",\"gform-image-choice-md\":\"https:\\\/\\\/www.vignevin.com\\\/wp-content\\\/uploads\\\/2019\\\/02\\\/Sympt\u00f4mes-de-court-nou\u00e9-sur-Tannat-N-scaled.jpg\",\"gform-image-choice-lg\":\"https:\\\/\\\/www.vignevin.com\\\/wp-content\\\/uploads\\\/2019\\\/02\\\/Sympt\u00f4mes-de-court-nou\u00e9-sur-Tannat-N-scaled.jpg\",\"woocommerce_thumbnail\":\"https:\\\/\\\/www.vignevin.com\\\/wp-content\\\/uploads\\\/2019\\\/02\\\/Sympt\u00f4mes-de-court-nou\u00e9-sur-Tannat-N-scaled-300x300.jpg\",\"woocommerce_single\":\"https:\\\/\\\/www.vignevin.com\\\/wp-content\\\/uploads\\\/2019\\\/02\\\/Sympt\u00f4mes-de-court-nou\u00e9-sur-Tannat-N-scaled-600x1067.jpg\",\"woocommerce_gallery_thumbnail\":\"https:\\\/\\\/www.vignevin.com\\\/wp-content\\\/uploads\\\/2019\\\/02\\\/Sympt\u00f4mes-de-court-nou\u00e9-sur-Tannat-N-scaled-100x100.jpg\",\"full\":\"https:\\\/\\\/www.vignevin.com\\\/wp-content\\\/uploads\\\/2019\\\/02\\\/Sympt\u00f4mes-de-court-nou\u00e9-sur-Tannat-N-scaled.jpg\",\"index\":56,\"id\":9994,\"video\":false,\"opts\":{\"caption\":\"\",\"thumb\":\"https:\\\/\\\/www.vignevin.com\\\/wp-content\\\/uploads\\\/2019\\\/02\\\/Sympt\u00f4mes-de-court-nou\u00e9-sur-Tannat-N-scaled-75x50_c.jpg\",\"title\":\"Sympt&amp;ocirc;mes de court-nou&amp;eacute; sur Tannat N\"},\"gallery_id\":17410,\"gallery_title\":\"Grapevines virus\"},\"9995\":{\"status\":\"active\",\"src\":\"https:\\\/\\\/www.vignevin.com\\\/wp-content\\\/uploads\\\/2019\\\/02\\\/Sympt\u00f4mes-de-court-nou\u00e9-sur-Valdigui\u00e9-N-scaled.jpg\",\"title\":\"Sympt&amp;ocirc;mes de court-nou&amp;eacute; sur Valdigui&amp;eacute; N\",\"link\":\"https:\\\/\\\/www.vignevin.com\\\/wp-content\\\/uploads\\\/2019\\\/02\\\/Sympt\u00f4mes-de-court-nou\u00e9-sur-Valdigui\u00e9-N.jpg\",\"alt\":\"\",\"caption\":false,\"thumb\":\"https:\\\/\\\/www.vignevin.com\\\/wp-content\\\/uploads\\\/2019\\\/02\\\/Sympt\u00f4mes-de-court-nou\u00e9-sur-Valdigui\u00e9-N-scaled-75x50_c.jpg\",\"meta\":{\"aperture\":\"4\",\"credit\":null,\"camera\":\"DMC-TZ10\",\"caption\":\"\",\"created_timestamp\":\"1469724723\",\"copyright\":null,\"focal_length\":\"4.1\",\"iso\":\"80\",\"shutter_speed\":\"0.01\",\"title\":\"\",\"orientation\":\"1\",\"keywords\":null},\"thumbnail\":\"https:\\\/\\\/www.vignevin.com\\\/wp-content\\\/uploads\\\/2019\\\/02\\\/Sympt\u00f4mes-de-court-nou\u00e9-sur-Valdigui\u00e9-N-150x150.jpg\",\"medium\":\"https:\\\/\\\/www.vignevin.com\\\/wp-content\\\/uploads\\\/2019\\\/02\\\/Sympt\u00f4mes-de-court-nou\u00e9-sur-Valdigui\u00e9-N-225x300.jpg\",\"medium_large\":\"https:\\\/\\\/www.vignevin.com\\\/wp-content\\\/uploads\\\/2019\\\/02\\\/Sympt\u00f4mes-de-court-nou\u00e9-sur-Valdigui\u00e9-N-768x1024.jpg\",\"large\":\"https:\\\/\\\/www.vignevin.com\\\/wp-content\\\/uploads\\\/2019\\\/02\\\/Sympt\u00f4mes-de-court-nou\u00e9-sur-Valdigui\u00e9-N-768x1024.jpg\",\"1536x1536\":\"https:\\\/\\\/www.vignevin.com\\\/wp-content\\\/uploads\\\/2019\\\/02\\\/Sympt\u00f4mes-de-court-nou\u00e9-sur-Valdigui\u00e9-N-scaled.jpg\",\"2048x2048\":\"https:\\\/\\\/www.vignevin.com\\\/wp-content\\\/uploads\\\/2019\\\/02\\\/Sympt\u00f4mes-de-court-nou\u00e9-sur-Valdigui\u00e9-N-scaled.jpg\",\"et-pb-post-main-image\":\"https:\\\/\\\/www.vignevin.com\\\/wp-content\\\/uploads\\\/2019\\\/02\\\/Sympt\u00f4mes-de-court-nou\u00e9-sur-Valdigui\u00e9-N-400x250.jpg\",\"et-pb-post-main-image-fullwidth\":\"https:\\\/\\\/www.vignevin.com\\\/wp-content\\\/uploads\\\/2019\\\/02\\\/Sympt\u00f4mes-de-court-nou\u00e9-sur-Valdigui\u00e9-N-1080x675.jpg\",\"et-pb-portfolio-image\":\"https:\\\/\\\/www.vignevin.com\\\/wp-content\\\/uploads\\\/2019\\\/02\\\/Sympt\u00f4mes-de-court-nou\u00e9-sur-Valdigui\u00e9-N-400x284.jpg\",\"et-pb-portfolio-module-image\":\"https:\\\/\\\/www.vignevin.com\\\/wp-content\\\/uploads\\\/2019\\\/02\\\/Sympt\u00f4mes-de-court-nou\u00e9-sur-Valdigui\u00e9-N-510x382.jpg\",\"et-pb-portfolio-image-single\":\"https:\\\/\\\/www.vignevin.com\\\/wp-content\\\/uploads\\\/2019\\\/02\\\/Sympt\u00f4mes-de-court-nou\u00e9-sur-Valdigui\u00e9-N-1080x1440.jpg\",\"et-pb-gallery-module-image-portrait\":\"https:\\\/\\\/www.vignevin.com\\\/wp-content\\\/uploads\\\/2019\\\/02\\\/Sympt\u00f4mes-de-court-nou\u00e9-sur-Valdigui\u00e9-N-400x516.jpg\",\"et-pb-post-main-image-fullwidth-large\":\"https:\\\/\\\/www.vignevin.com\\\/wp-content\\\/uploads\\\/2019\\\/02\\\/Sympt\u00f4mes-de-court-nou\u00e9-sur-Valdigui\u00e9-N-2880x1800.jpg\",\"et-pb-image--responsive--desktop\":\"https:\\\/\\\/www.vignevin.com\\\/wp-content\\\/uploads\\\/2019\\\/02\\\/Sympt\u00f4mes-de-court-nou\u00e9-sur-Valdigui\u00e9-N-scaled.jpg\",\"et-pb-image--responsive--tablet\":\"https:\\\/\\\/www.vignevin.com\\\/wp-content\\\/uploads\\\/2019\\\/02\\\/Sympt\u00f4mes-de-court-nou\u00e9-sur-Valdigui\u00e9-N-scaled.jpg\",\"et-pb-image--responsive--phone\":\"https:\\\/\\\/www.vignevin.com\\\/wp-content\\\/uploads\\\/2019\\\/02\\\/Sympt\u00f4mes-de-court-nou\u00e9-sur-Valdigui\u00e9-N-scaled.jpg\",\"gform-image-choice-sm\":\"https:\\\/\\\/www.vignevin.com\\\/wp-content\\\/uploads\\\/2019\\\/02\\\/Sympt\u00f4mes-de-court-nou\u00e9-sur-Valdigui\u00e9-N-scaled.jpg\",\"gform-image-choice-md\":\"https:\\\/\\\/www.vignevin.com\\\/wp-content\\\/uploads\\\/2019\\\/02\\\/Sympt\u00f4mes-de-court-nou\u00e9-sur-Valdigui\u00e9-N-scaled.jpg\",\"gform-image-choice-lg\":\"https:\\\/\\\/www.vignevin.com\\\/wp-content\\\/uploads\\\/2019\\\/02\\\/Sympt\u00f4mes-de-court-nou\u00e9-sur-Valdigui\u00e9-N-scaled.jpg\",\"woocommerce_thumbnail\":\"https:\\\/\\\/www.vignevin.com\\\/wp-content\\\/uploads\\\/2019\\\/02\\\/Sympt\u00f4mes-de-court-nou\u00e9-sur-Valdigui\u00e9-N-scaled-300x300.jpg\",\"woocommerce_single\":\"https:\\\/\\\/www.vignevin.com\\\/wp-content\\\/uploads\\\/2019\\\/02\\\/Sympt\u00f4mes-de-court-nou\u00e9-sur-Valdigui\u00e9-N-scaled-600x800.jpg\",\"woocommerce_gallery_thumbnail\":\"https:\\\/\\\/www.vignevin.com\\\/wp-content\\\/uploads\\\/2019\\\/02\\\/Sympt\u00f4mes-de-court-nou\u00e9-sur-Valdigui\u00e9-N-scaled-100x100.jpg\",\"full\":\"https:\\\/\\\/www.vignevin.com\\\/wp-content\\\/uploads\\\/2019\\\/02\\\/Sympt\u00f4mes-de-court-nou\u00e9-sur-Valdigui\u00e9-N-scaled.jpg\",\"index\":57,\"id\":9995,\"video\":false,\"opts\":{\"caption\":\"\",\"thumb\":\"https:\\\/\\\/www.vignevin.com\\\/wp-content\\\/uploads\\\/2019\\\/02\\\/Sympt\u00f4mes-de-court-nou\u00e9-sur-Valdigui\u00e9-N-scaled-75x50_c.jpg\",\"title\":\"Sympt&amp;ocirc;mes de court-nou&amp;eacute; sur Valdigui&amp;eacute; N\"},\"gallery_id\":17410,\"gallery_title\":\"Grapevines virus\"},\"9996\":{\"status\":\"active\",\"src\":\"https:\\\/\\\/www.vignevin.com\\\/wp-content\\\/uploads\\\/2019\\\/02\\\/Sympt\u00f4mes-de-court-nou\u00e9-scaled.jpg\",\"title\":\"Sympt&amp;ocirc;mes de court-nou&amp;eacute;\",\"link\":\"https:\\\/\\\/www.vignevin.com\\\/wp-content\\\/uploads\\\/2019\\\/02\\\/Sympt\u00f4mes-de-court-nou\u00e9.jpg\",\"alt\":\"\",\"caption\":false,\"thumb\":\"https:\\\/\\\/www.vignevin.com\\\/wp-content\\\/uploads\\\/2019\\\/02\\\/Sympt\u00f4mes-de-court-nou\u00e9-scaled-75x50_c.jpg\",\"meta\":{\"aperture\":\"3.3\",\"credit\":null,\"camera\":\"DMC-TZ10\",\"caption\":\"\",\"created_timestamp\":\"1430914382\",\"copyright\":null,\"focal_length\":\"4.1\",\"iso\":\"80\",\"shutter_speed\":\"0.016666666666667\",\"title\":\"\",\"orientation\":\"1\",\"keywords\":null},\"thumbnail\":\"https:\\\/\\\/www.vignevin.com\\\/wp-content\\\/uploads\\\/2019\\\/02\\\/Sympt\u00f4mes-de-court-nou\u00e9-150x150.jpg\",\"medium\":\"https:\\\/\\\/www.vignevin.com\\\/wp-content\\\/uploads\\\/2019\\\/02\\\/Sympt\u00f4mes-de-court-nou\u00e9-300x225.jpg\",\"medium_large\":\"https:\\\/\\\/www.vignevin.com\\\/wp-content\\\/uploads\\\/2019\\\/02\\\/Sympt\u00f4mes-de-court-nou\u00e9-768x576.jpg\",\"large\":\"https:\\\/\\\/www.vignevin.com\\\/wp-content\\\/uploads\\\/2019\\\/02\\\/Sympt\u00f4mes-de-court-nou\u00e9-1024x768.jpg\",\"1536x1536\":\"https:\\\/\\\/www.vignevin.com\\\/wp-content\\\/uploads\\\/2019\\\/02\\\/Sympt\u00f4mes-de-court-nou\u00e9-scaled.jpg\",\"2048x2048\":\"https:\\\/\\\/www.vignevin.com\\\/wp-content\\\/uploads\\\/2019\\\/02\\\/Sympt\u00f4mes-de-court-nou\u00e9-scaled.jpg\",\"et-pb-post-main-image\":\"https:\\\/\\\/www.vignevin.com\\\/wp-content\\\/uploads\\\/2019\\\/02\\\/Sympt\u00f4mes-de-court-nou\u00e9-400x250.jpg\",\"et-pb-post-main-image-fullwidth\":\"https:\\\/\\\/www.vignevin.com\\\/wp-content\\\/uploads\\\/2019\\\/02\\\/Sympt\u00f4mes-de-court-nou\u00e9-1080x675.jpg\",\"et-pb-portfolio-image\":\"https:\\\/\\\/www.vignevin.com\\\/wp-content\\\/uploads\\\/2019\\\/02\\\/Sympt\u00f4mes-de-court-nou\u00e9-400x284.jpg\",\"et-pb-portfolio-module-image\":\"https:\\\/\\\/www.vignevin.com\\\/wp-content\\\/uploads\\\/2019\\\/02\\\/Sympt\u00f4mes-de-court-nou\u00e9-510x382.jpg\",\"et-pb-portfolio-image-single\":\"https:\\\/\\\/www.vignevin.com\\\/wp-content\\\/uploads\\\/2019\\\/02\\\/Sympt\u00f4mes-de-court-nou\u00e9-1080x810.jpg\",\"et-pb-gallery-module-image-portrait\":\"https:\\\/\\\/www.vignevin.com\\\/wp-content\\\/uploads\\\/2019\\\/02\\\/Sympt\u00f4mes-de-court-nou\u00e9-400x516.jpg\",\"et-pb-post-main-image-fullwidth-large\":\"https:\\\/\\\/www.vignevin.com\\\/wp-content\\\/uploads\\\/2019\\\/02\\\/Sympt\u00f4mes-de-court-nou\u00e9-2880x1800.jpg\",\"et-pb-image--responsive--desktop\":\"https:\\\/\\\/www.vignevin.com\\\/wp-content\\\/uploads\\\/2019\\\/02\\\/Sympt\u00f4mes-de-court-nou\u00e9-scaled.jpg\",\"et-pb-image--responsive--tablet\":\"https:\\\/\\\/www.vignevin.com\\\/wp-content\\\/uploads\\\/2019\\\/02\\\/Sympt\u00f4mes-de-court-nou\u00e9-scaled.jpg\",\"et-pb-image--responsive--phone\":\"https:\\\/\\\/www.vignevin.com\\\/wp-content\\\/uploads\\\/2019\\\/02\\\/Sympt\u00f4mes-de-court-nou\u00e9-scaled.jpg\",\"gform-image-choice-sm\":\"https:\\\/\\\/www.vignevin.com\\\/wp-content\\\/uploads\\\/2019\\\/02\\\/Sympt\u00f4mes-de-court-nou\u00e9-scaled.jpg\",\"gform-image-choice-md\":\"https:\\\/\\\/www.vignevin.com\\\/wp-content\\\/uploads\\\/2019\\\/02\\\/Sympt\u00f4mes-de-court-nou\u00e9-scaled.jpg\",\"gform-image-choice-lg\":\"https:\\\/\\\/www.vignevin.com\\\/wp-content\\\/uploads\\\/2019\\\/02\\\/Sympt\u00f4mes-de-court-nou\u00e9-scaled.jpg\",\"woocommerce_thumbnail\":\"https:\\\/\\\/www.vignevin.com\\\/wp-content\\\/uploads\\\/2019\\\/02\\\/Sympt\u00f4mes-de-court-nou\u00e9-scaled-300x300.jpg\",\"woocommerce_single\":\"https:\\\/\\\/www.vignevin.com\\\/wp-content\\\/uploads\\\/2019\\\/02\\\/Sympt\u00f4mes-de-court-nou\u00e9-scaled-600x450.jpg\",\"woocommerce_gallery_thumbnail\":\"https:\\\/\\\/www.vignevin.com\\\/wp-content\\\/uploads\\\/2019\\\/02\\\/Sympt\u00f4mes-de-court-nou\u00e9-scaled-100x100.jpg\",\"full\":\"https:\\\/\\\/www.vignevin.com\\\/wp-content\\\/uploads\\\/2019\\\/02\\\/Sympt\u00f4mes-de-court-nou\u00e9-scaled.jpg\",\"index\":58,\"id\":9996,\"video\":false,\"opts\":{\"caption\":\"\",\"thumb\":\"https:\\\/\\\/www.vignevin.com\\\/wp-content\\\/uploads\\\/2019\\\/02\\\/Sympt\u00f4mes-de-court-nou\u00e9-scaled-75x50_c.jpg\",\"title\":\"Sympt&amp;ocirc;mes de court-nou&amp;eacute;\"},\"gallery_id\":17410,\"gallery_title\":\"Grapevines virus\"},\"9997\":{\"status\":\"active\",\"src\":\"https:\\\/\\\/www.vignevin.com\\\/wp-content\\\/uploads\\\/2019\\\/02\\\/Sympt\u00f4mes-de-GVCV-Grapevine-Vein-Clearing-Virus-sur-Chardonnel.jpg\",\"title\":\"OLYMPUS DIGITAL CAMERA\",\"link\":\"https:\\\/\\\/www.vignevin.com\\\/wp-content\\\/uploads\\\/2019\\\/02\\\/Sympt\u00f4mes-de-GVCV-Grapevine-Vein-Clearing-Virus-sur-Chardonnel.jpg\",\"alt\":\"\",\"caption\":\"OLYMPUS DIGITAL CAMERA\",\"thumb\":\"https:\\\/\\\/www.vignevin.com\\\/wp-content\\\/uploads\\\/2019\\\/02\\\/Sympt\u00f4mes-de-GVCV-Grapevine-Vein-Clearing-Virus-sur-Chardonnel-75x50_c.jpg\",\"meta\":{\"aperture\":\"4\",\"credit\":null,\"camera\":\"C765UZ\",\"caption\":\"OLYMPUS DIGITAL CAMERA\",\"created_timestamp\":null,\"copyright\":null,\"focal_length\":\"6.3\",\"iso\":\"64\",\"shutter_speed\":\"0.0015625\",\"title\":\"OLYMPUS DIGITAL CAMERA\",\"orientation\":\"1\",\"keywords\":null},\"thumbnail\":\"https:\\\/\\\/www.vignevin.com\\\/wp-content\\\/uploads\\\/2019\\\/02\\\/Sympt\u00f4mes-de-GVCV-Grapevine-Vein-Clearing-Virus-sur-Chardonnel.jpg\",\"medium\":\"https:\\\/\\\/www.vignevin.com\\\/wp-content\\\/uploads\\\/2019\\\/02\\\/Sympt\u00f4mes-de-GVCV-Grapevine-Vein-Clearing-Virus-sur-Chardonnel.jpg\",\"medium_large\":\"https:\\\/\\\/www.vignevin.com\\\/wp-content\\\/uploads\\\/2019\\\/02\\\/Sympt\u00f4mes-de-GVCV-Grapevine-Vein-Clearing-Virus-sur-Chardonnel.jpg\",\"large\":\"https:\\\/\\\/www.vignevin.com\\\/wp-content\\\/uploads\\\/2019\\\/02\\\/Sympt\u00f4mes-de-GVCV-Grapevine-Vein-Clearing-Virus-sur-Chardonnel.jpg\",\"1536x1536\":\"https:\\\/\\\/www.vignevin.com\\\/wp-content\\\/uploads\\\/2019\\\/02\\\/Sympt\u00f4mes-de-GVCV-Grapevine-Vein-Clearing-Virus-sur-Chardonnel.jpg\",\"2048x2048\":\"https:\\\/\\\/www.vignevin.com\\\/wp-content\\\/uploads\\\/2019\\\/02\\\/Sympt\u00f4mes-de-GVCV-Grapevine-Vein-Clearing-Virus-sur-Chardonnel.jpg\",\"et-pb-post-main-image\":\"https:\\\/\\\/www.vignevin.com\\\/wp-content\\\/uploads\\\/2019\\\/02\\\/Sympt\u00f4mes-de-GVCV-Grapevine-Vein-Clearing-Virus-sur-Chardonnel.jpg\",\"et-pb-post-main-image-fullwidth\":\"https:\\\/\\\/www.vignevin.com\\\/wp-content\\\/uploads\\\/2019\\\/02\\\/Sympt\u00f4mes-de-GVCV-Grapevine-Vein-Clearing-Virus-sur-Chardonnel.jpg\",\"et-pb-portfolio-image\":\"https:\\\/\\\/www.vignevin.com\\\/wp-content\\\/uploads\\\/2019\\\/02\\\/Sympt\u00f4mes-de-GVCV-Grapevine-Vein-Clearing-Virus-sur-Chardonnel.jpg\",\"et-pb-portfolio-module-image\":\"https:\\\/\\\/www.vignevin.com\\\/wp-content\\\/uploads\\\/2019\\\/02\\\/Sympt\u00f4mes-de-GVCV-Grapevine-Vein-Clearing-Virus-sur-Chardonnel.jpg\",\"et-pb-portfolio-image-single\":\"https:\\\/\\\/www.vignevin.com\\\/wp-content\\\/uploads\\\/2019\\\/02\\\/Sympt\u00f4mes-de-GVCV-Grapevine-Vein-Clearing-Virus-sur-Chardonnel.jpg\",\"et-pb-gallery-module-image-portrait\":\"https:\\\/\\\/www.vignevin.com\\\/wp-content\\\/uploads\\\/2019\\\/02\\\/Sympt\u00f4mes-de-GVCV-Grapevine-Vein-Clearing-Virus-sur-Chardonnel.jpg\",\"et-pb-post-main-image-fullwidth-large\":\"https:\\\/\\\/www.vignevin.com\\\/wp-content\\\/uploads\\\/2019\\\/02\\\/Sympt\u00f4mes-de-GVCV-Grapevine-Vein-Clearing-Virus-sur-Chardonnel.jpg\",\"et-pb-image--responsive--desktop\":\"https:\\\/\\\/www.vignevin.com\\\/wp-content\\\/uploads\\\/2019\\\/02\\\/Sympt\u00f4mes-de-GVCV-Grapevine-Vein-Clearing-Virus-sur-Chardonnel.jpg\",\"et-pb-image--responsive--tablet\":\"https:\\\/\\\/www.vignevin.com\\\/wp-content\\\/uploads\\\/2019\\\/02\\\/Sympt\u00f4mes-de-GVCV-Grapevine-Vein-Clearing-Virus-sur-Chardonnel.jpg\",\"et-pb-image--responsive--phone\":\"https:\\\/\\\/www.vignevin.com\\\/wp-content\\\/uploads\\\/2019\\\/02\\\/Sympt\u00f4mes-de-GVCV-Grapevine-Vein-Clearing-Virus-sur-Chardonnel.jpg\",\"gform-image-choice-sm\":\"https:\\\/\\\/www.vignevin.com\\\/wp-content\\\/uploads\\\/2019\\\/02\\\/Sympt\u00f4mes-de-GVCV-Grapevine-Vein-Clearing-Virus-sur-Chardonnel.jpg\",\"gform-image-choice-md\":\"https:\\\/\\\/www.vignevin.com\\\/wp-content\\\/uploads\\\/2019\\\/02\\\/Sympt\u00f4mes-de-GVCV-Grapevine-Vein-Clearing-Virus-sur-Chardonnel.jpg\",\"gform-image-choice-lg\":\"https:\\\/\\\/www.vignevin.com\\\/wp-content\\\/uploads\\\/2019\\\/02\\\/Sympt\u00f4mes-de-GVCV-Grapevine-Vein-Clearing-Virus-sur-Chardonnel.jpg\",\"woocommerce_thumbnail\":\"https:\\\/\\\/www.vignevin.com\\\/wp-content\\\/uploads\\\/2019\\\/02\\\/Sympt\u00f4mes-de-GVCV-Grapevine-Vein-Clearing-Virus-sur-Chardonnel-300x300.jpg\",\"woocommerce_single\":\"https:\\\/\\\/www.vignevin.com\\\/wp-content\\\/uploads\\\/2019\\\/02\\\/Sympt\u00f4mes-de-GVCV-Grapevine-Vein-Clearing-Virus-sur-Chardonnel-600x449.jpg\",\"woocommerce_gallery_thumbnail\":\"https:\\\/\\\/www.vignevin.com\\\/wp-content\\\/uploads\\\/2019\\\/02\\\/Sympt\u00f4mes-de-GVCV-Grapevine-Vein-Clearing-Virus-sur-Chardonnel-100x100.jpg\",\"full\":\"https:\\\/\\\/www.vignevin.com\\\/wp-content\\\/uploads\\\/2019\\\/02\\\/Sympt\u00f4mes-de-GVCV-Grapevine-Vein-Clearing-Virus-sur-Chardonnel.jpg\",\"index\":59,\"id\":9997,\"video\":false,\"opts\":{\"caption\":\"OLYMPUS DIGITAL CAMERA\",\"thumb\":\"https:\\\/\\\/www.vignevin.com\\\/wp-content\\\/uploads\\\/2019\\\/02\\\/Sympt\u00f4mes-de-GVCV-Grapevine-Vein-Clearing-Virus-sur-Chardonnel-75x50_c.jpg\",\"title\":\"OLYMPUS DIGITAL CAMERA\"},\"gallery_id\":17410,\"gallery_title\":\"Grapevines virus\"},\"9998\":{\"status\":\"active\",\"src\":\"https:\\\/\\\/www.vignevin.com\\\/wp-content\\\/uploads\\\/2019\\\/02\\\/Sympt\u00f4mes-de-GVCV-Grapevine-Vein-Clearing-Virus-sur-Vidal-blanc.jpg\",\"title\":\"OLYMPUS DIGITAL CAMERA\",\"link\":\"https:\\\/\\\/www.vignevin.com\\\/wp-content\\\/uploads\\\/2019\\\/02\\\/Sympt\u00f4mes-de-GVCV-Grapevine-Vein-Clearing-Virus-sur-Vidal-blanc.jpg\",\"alt\":\"\",\"caption\":\"OLYMPUS DIGITAL CAMERA\",\"thumb\":\"https:\\\/\\\/www.vignevin.com\\\/wp-content\\\/uploads\\\/2019\\\/02\\\/Sympt\u00f4mes-de-GVCV-Grapevine-Vein-Clearing-Virus-sur-Vidal-blanc-75x50_c.jpg\",\"meta\":{\"aperture\":\"4\",\"credit\":null,\"camera\":\"C765UZ\",\"caption\":\"OLYMPUS DIGITAL CAMERA\",\"created_timestamp\":null,\"copyright\":null,\"focal_length\":\"6.3\",\"iso\":\"64\",\"shutter_speed\":\"0.008\",\"title\":\"OLYMPUS DIGITAL CAMERA\",\"orientation\":\"1\",\"keywords\":null},\"thumbnail\":\"https:\\\/\\\/www.vignevin.com\\\/wp-content\\\/uploads\\\/2019\\\/02\\\/Sympt\u00f4mes-de-GVCV-Grapevine-Vein-Clearing-Virus-sur-Vidal-blanc.jpg\",\"medium\":\"https:\\\/\\\/www.vignevin.com\\\/wp-content\\\/uploads\\\/2019\\\/02\\\/Sympt\u00f4mes-de-GVCV-Grapevine-Vein-Clearing-Virus-sur-Vidal-blanc.jpg\",\"medium_large\":\"https:\\\/\\\/www.vignevin.com\\\/wp-content\\\/uploads\\\/2019\\\/02\\\/Sympt\u00f4mes-de-GVCV-Grapevine-Vein-Clearing-Virus-sur-Vidal-blanc.jpg\",\"large\":\"https:\\\/\\\/www.vignevin.com\\\/wp-content\\\/uploads\\\/2019\\\/02\\\/Sympt\u00f4mes-de-GVCV-Grapevine-Vein-Clearing-Virus-sur-Vidal-blanc.jpg\",\"1536x1536\":\"https:\\\/\\\/www.vignevin.com\\\/wp-content\\\/uploads\\\/2019\\\/02\\\/Sympt\u00f4mes-de-GVCV-Grapevine-Vein-Clearing-Virus-sur-Vidal-blanc.jpg\",\"2048x2048\":\"https:\\\/\\\/www.vignevin.com\\\/wp-content\\\/uploads\\\/2019\\\/02\\\/Sympt\u00f4mes-de-GVCV-Grapevine-Vein-Clearing-Virus-sur-Vidal-blanc.jpg\",\"et-pb-post-main-image\":\"https:\\\/\\\/www.vignevin.com\\\/wp-content\\\/uploads\\\/2019\\\/02\\\/Sympt\u00f4mes-de-GVCV-Grapevine-Vein-Clearing-Virus-sur-Vidal-blanc.jpg\",\"et-pb-post-main-image-fullwidth\":\"https:\\\/\\\/www.vignevin.com\\\/wp-content\\\/uploads\\\/2019\\\/02\\\/Sympt\u00f4mes-de-GVCV-Grapevine-Vein-Clearing-Virus-sur-Vidal-blanc.jpg\",\"et-pb-portfolio-image\":\"https:\\\/\\\/www.vignevin.com\\\/wp-content\\\/uploads\\\/2019\\\/02\\\/Sympt\u00f4mes-de-GVCV-Grapevine-Vein-Clearing-Virus-sur-Vidal-blanc.jpg\",\"et-pb-portfolio-module-image\":\"https:\\\/\\\/www.vignevin.com\\\/wp-content\\\/uploads\\\/2019\\\/02\\\/Sympt\u00f4mes-de-GVCV-Grapevine-Vein-Clearing-Virus-sur-Vidal-blanc.jpg\",\"et-pb-portfolio-image-single\":\"https:\\\/\\\/www.vignevin.com\\\/wp-content\\\/uploads\\\/2019\\\/02\\\/Sympt\u00f4mes-de-GVCV-Grapevine-Vein-Clearing-Virus-sur-Vidal-blanc.jpg\",\"et-pb-gallery-module-image-portrait\":\"https:\\\/\\\/www.vignevin.com\\\/wp-content\\\/uploads\\\/2019\\\/02\\\/Sympt\u00f4mes-de-GVCV-Grapevine-Vein-Clearing-Virus-sur-Vidal-blanc.jpg\",\"et-pb-post-main-image-fullwidth-large\":\"https:\\\/\\\/www.vignevin.com\\\/wp-content\\\/uploads\\\/2019\\\/02\\\/Sympt\u00f4mes-de-GVCV-Grapevine-Vein-Clearing-Virus-sur-Vidal-blanc.jpg\",\"et-pb-image--responsive--desktop\":\"https:\\\/\\\/www.vignevin.com\\\/wp-content\\\/uploads\\\/2019\\\/02\\\/Sympt\u00f4mes-de-GVCV-Grapevine-Vein-Clearing-Virus-sur-Vidal-blanc.jpg\",\"et-pb-image--responsive--tablet\":\"https:\\\/\\\/www.vignevin.com\\\/wp-content\\\/uploads\\\/2019\\\/02\\\/Sympt\u00f4mes-de-GVCV-Grapevine-Vein-Clearing-Virus-sur-Vidal-blanc.jpg\",\"et-pb-image--responsive--phone\":\"https:\\\/\\\/www.vignevin.com\\\/wp-content\\\/uploads\\\/2019\\\/02\\\/Sympt\u00f4mes-de-GVCV-Grapevine-Vein-Clearing-Virus-sur-Vidal-blanc.jpg\",\"gform-image-choice-sm\":\"https:\\\/\\\/www.vignevin.com\\\/wp-content\\\/uploads\\\/2019\\\/02\\\/Sympt\u00f4mes-de-GVCV-Grapevine-Vein-Clearing-Virus-sur-Vidal-blanc.jpg\",\"gform-image-choice-md\":\"https:\\\/\\\/www.vignevin.com\\\/wp-content\\\/uploads\\\/2019\\\/02\\\/Sympt\u00f4mes-de-GVCV-Grapevine-Vein-Clearing-Virus-sur-Vidal-blanc.jpg\",\"gform-image-choice-lg\":\"https:\\\/\\\/www.vignevin.com\\\/wp-content\\\/uploads\\\/2019\\\/02\\\/Sympt\u00f4mes-de-GVCV-Grapevine-Vein-Clearing-Virus-sur-Vidal-blanc.jpg\",\"woocommerce_thumbnail\":\"https:\\\/\\\/www.vignevin.com\\\/wp-content\\\/uploads\\\/2019\\\/02\\\/Sympt\u00f4mes-de-GVCV-Grapevine-Vein-Clearing-Virus-sur-Vidal-blanc-300x300.jpg\",\"woocommerce_single\":\"https:\\\/\\\/www.vignevin.com\\\/wp-content\\\/uploads\\\/2019\\\/02\\\/Sympt\u00f4mes-de-GVCV-Grapevine-Vein-Clearing-Virus-sur-Vidal-blanc-600x449.jpg\",\"woocommerce_gallery_thumbnail\":\"https:\\\/\\\/www.vignevin.com\\\/wp-content\\\/uploads\\\/2019\\\/02\\\/Sympt\u00f4mes-de-GVCV-Grapevine-Vein-Clearing-Virus-sur-Vidal-blanc-100x100.jpg\",\"full\":\"https:\\\/\\\/www.vignevin.com\\\/wp-content\\\/uploads\\\/2019\\\/02\\\/Sympt\u00f4mes-de-GVCV-Grapevine-Vein-Clearing-Virus-sur-Vidal-blanc.jpg\",\"index\":60,\"id\":9998,\"video\":false,\"opts\":{\"caption\":\"OLYMPUS DIGITAL CAMERA\",\"thumb\":\"https:\\\/\\\/www.vignevin.com\\\/wp-content\\\/uploads\\\/2019\\\/02\\\/Sympt\u00f4mes-de-GVCV-Grapevine-Vein-Clearing-Virus-sur-Vidal-blanc-75x50_c.jpg\",\"title\":\"OLYMPUS DIGITAL CAMERA\"},\"gallery_id\":17410,\"gallery_title\":\"Grapevines virus\"},\"9999\":{\"status\":\"active\",\"src\":\"https:\\\/\\\/www.vignevin.com\\\/wp-content\\\/uploads\\\/2019\\\/02\\\/Sympt\u00f4mes-de-GVCV-Grapevine-Vein-Clearing-Virus.tif\",\"title\":\"Sympt&amp;ocirc;mes de GVCV (Grapevine Vein Clearing Virus)\",\"link\":\"https:\\\/\\\/www.vignevin.com\\\/wp-content\\\/uploads\\\/2019\\\/02\\\/Sympt\u00f4mes-de-GVCV-Grapevine-Vein-Clearing-Virus.tif\",\"alt\":\"\",\"caption\":false,\"thumb\":\"https:\\\/\\\/www.vignevin.com\\\/wp-content\\\/uploads\\\/2019\\\/02\\\/Sympt\u00f4mes-de-GVCV-Grapevine-Vein-Clearing-Virus-75x50_c.tif\",\"thumbnail\":\"https:\\\/\\\/www.vignevin.com\\\/wp-content\\\/uploads\\\/2019\\\/02\\\/Sympt\u00f4mes-de-GVCV-Grapevine-Vein-Clearing-Virus.tif\",\"medium\":\"https:\\\/\\\/www.vignevin.com\\\/wp-content\\\/uploads\\\/2019\\\/02\\\/Sympt\u00f4mes-de-GVCV-Grapevine-Vein-Clearing-Virus.tif\",\"medium_large\":\"https:\\\/\\\/www.vignevin.com\\\/wp-content\\\/uploads\\\/2019\\\/02\\\/Sympt\u00f4mes-de-GVCV-Grapevine-Vein-Clearing-Virus.tif\",\"large\":\"https:\\\/\\\/www.vignevin.com\\\/wp-content\\\/uploads\\\/2019\\\/02\\\/Sympt\u00f4mes-de-GVCV-Grapevine-Vein-Clearing-Virus.tif\",\"1536x1536\":\"https:\\\/\\\/www.vignevin.com\\\/wp-content\\\/uploads\\\/2019\\\/02\\\/Sympt\u00f4mes-de-GVCV-Grapevine-Vein-Clearing-Virus.tif\",\"2048x2048\":\"https:\\\/\\\/www.vignevin.com\\\/wp-content\\\/uploads\\\/2019\\\/02\\\/Sympt\u00f4mes-de-GVCV-Grapevine-Vein-Clearing-Virus.tif\",\"et-pb-post-main-image\":\"https:\\\/\\\/www.vignevin.com\\\/wp-content\\\/uploads\\\/2019\\\/02\\\/Sympt\u00f4mes-de-GVCV-Grapevine-Vein-Clearing-Virus.tif\",\"et-pb-post-main-image-fullwidth\":\"https:\\\/\\\/www.vignevin.com\\\/wp-content\\\/uploads\\\/2019\\\/02\\\/Sympt\u00f4mes-de-GVCV-Grapevine-Vein-Clearing-Virus.tif\",\"et-pb-portfolio-image\":\"https:\\\/\\\/www.vignevin.com\\\/wp-content\\\/uploads\\\/2019\\\/02\\\/Sympt\u00f4mes-de-GVCV-Grapevine-Vein-Clearing-Virus.tif\",\"et-pb-portfolio-module-image\":\"https:\\\/\\\/www.vignevin.com\\\/wp-content\\\/uploads\\\/2019\\\/02\\\/Sympt\u00f4mes-de-GVCV-Grapevine-Vein-Clearing-Virus.tif\",\"et-pb-portfolio-image-single\":\"https:\\\/\\\/www.vignevin.com\\\/wp-content\\\/uploads\\\/2019\\\/02\\\/Sympt\u00f4mes-de-GVCV-Grapevine-Vein-Clearing-Virus.tif\",\"et-pb-gallery-module-image-portrait\":\"https:\\\/\\\/www.vignevin.com\\\/wp-content\\\/uploads\\\/2019\\\/02\\\/Sympt\u00f4mes-de-GVCV-Grapevine-Vein-Clearing-Virus.tif\",\"et-pb-post-main-image-fullwidth-large\":\"https:\\\/\\\/www.vignevin.com\\\/wp-content\\\/uploads\\\/2019\\\/02\\\/Sympt\u00f4mes-de-GVCV-Grapevine-Vein-Clearing-Virus.tif\",\"et-pb-image--responsive--desktop\":\"https:\\\/\\\/www.vignevin.com\\\/wp-content\\\/uploads\\\/2019\\\/02\\\/Sympt\u00f4mes-de-GVCV-Grapevine-Vein-Clearing-Virus.tif\",\"et-pb-image--responsive--tablet\":\"https:\\\/\\\/www.vignevin.com\\\/wp-content\\\/uploads\\\/2019\\\/02\\\/Sympt\u00f4mes-de-GVCV-Grapevine-Vein-Clearing-Virus.tif\",\"et-pb-image--responsive--phone\":\"https:\\\/\\\/www.vignevin.com\\\/wp-content\\\/uploads\\\/2019\\\/02\\\/Sympt\u00f4mes-de-GVCV-Grapevine-Vein-Clearing-Virus.tif\",\"gform-image-choice-sm\":\"https:\\\/\\\/www.vignevin.com\\\/wp-content\\\/uploads\\\/2019\\\/02\\\/Sympt\u00f4mes-de-GVCV-Grapevine-Vein-Clearing-Virus.tif\",\"gform-image-choice-md\":\"https:\\\/\\\/www.vignevin.com\\\/wp-content\\\/uploads\\\/2019\\\/02\\\/Sympt\u00f4mes-de-GVCV-Grapevine-Vein-Clearing-Virus.tif\",\"gform-image-choice-lg\":\"https:\\\/\\\/www.vignevin.com\\\/wp-content\\\/uploads\\\/2019\\\/02\\\/Sympt\u00f4mes-de-GVCV-Grapevine-Vein-Clearing-Virus.tif\",\"woocommerce_thumbnail\":\"https:\\\/\\\/www.vignevin.com\\\/wp-content\\\/uploads\\\/2019\\\/02\\\/Sympt\u00f4mes-de-GVCV-Grapevine-Vein-Clearing-Virus.tif\",\"woocommerce_single\":\"https:\\\/\\\/www.vignevin.com\\\/wp-content\\\/uploads\\\/2019\\\/02\\\/Sympt\u00f4mes-de-GVCV-Grapevine-Vein-Clearing-Virus.tif\",\"woocommerce_gallery_thumbnail\":\"https:\\\/\\\/www.vignevin.com\\\/wp-content\\\/uploads\\\/2019\\\/02\\\/Sympt\u00f4mes-de-GVCV-Grapevine-Vein-Clearing-Virus.tif\",\"full\":\"https:\\\/\\\/www.vignevin.com\\\/wp-content\\\/uploads\\\/2019\\\/02\\\/Sympt\u00f4mes-de-GVCV-Grapevine-Vein-Clearing-Virus.tif\",\"index\":61,\"id\":9999,\"video\":false,\"opts\":{\"caption\":\"\",\"thumb\":\"https:\\\/\\\/www.vignevin.com\\\/wp-content\\\/uploads\\\/2019\\\/02\\\/Sympt\u00f4mes-de-GVCV-Grapevine-Vein-Clearing-Virus-75x50_c.tif\",\"title\":\"Sympt&amp;ocirc;mes de GVCV (Grapevine Vein Clearing Virus)\"},\"gallery_id\":17410,\"gallery_title\":\"Grapevines virus\"},\"10000\":{\"status\":\"active\",\"src\":\"https:\\\/\\\/www.vignevin.com\\\/wp-content\\\/uploads\\\/2019\\\/02\\\/Sympt\u00f4mes-de-la-marbrure-sur-feuilles-de-Rupestris-du-Lot.jpg\",\"title\":\"OLYMPUS DIGITAL CAMERA\",\"link\":\"https:\\\/\\\/www.vignevin.com\\\/wp-content\\\/uploads\\\/2019\\\/02\\\/Sympt\u00f4mes-de-la-marbrure-sur-feuilles-de-Rupestris-du-Lot.jpg\",\"alt\":\"\",\"caption\":\"OLYMPUS DIGITAL CAMERA\",\"thumb\":\"https:\\\/\\\/www.vignevin.com\\\/wp-content\\\/uploads\\\/2019\\\/02\\\/Sympt\u00f4mes-de-la-marbrure-sur-feuilles-de-Rupestris-du-Lot-75x50_c.jpg\",\"meta\":{\"aperture\":\"3\",\"credit\":null,\"camera\":\"C2500L\",\"caption\":\"OLYMPUS DIGITAL CAMERA\",\"created_timestamp\":\"1084355860\",\"copyright\":null,\"focal_length\":\"13.6\",\"iso\":\"100\",\"shutter_speed\":\"0.025\",\"title\":\"OLYMPUS DIGITAL CAMERA\",\"orientation\":\"1\",\"keywords\":null},\"thumbnail\":\"https:\\\/\\\/www.vignevin.com\\\/wp-content\\\/uploads\\\/2019\\\/02\\\/Sympt\u00f4mes-de-la-marbrure-sur-feuilles-de-Rupestris-du-Lot-150x150.jpg\",\"medium\":\"https:\\\/\\\/www.vignevin.com\\\/wp-content\\\/uploads\\\/2019\\\/02\\\/Sympt\u00f4mes-de-la-marbrure-sur-feuilles-de-Rupestris-du-Lot-300x240.jpg\",\"medium_large\":\"https:\\\/\\\/www.vignevin.com\\\/wp-content\\\/uploads\\\/2019\\\/02\\\/Sympt\u00f4mes-de-la-marbrure-sur-feuilles-de-Rupestris-du-Lot-768x614.jpg\",\"large\":\"https:\\\/\\\/www.vignevin.com\\\/wp-content\\\/uploads\\\/2019\\\/02\\\/Sympt\u00f4mes-de-la-marbrure-sur-feuilles-de-Rupestris-du-Lot-1024x818.jpg\",\"1536x1536\":\"https:\\\/\\\/www.vignevin.com\\\/wp-content\\\/uploads\\\/2019\\\/02\\\/Sympt\u00f4mes-de-la-marbrure-sur-feuilles-de-Rupestris-du-Lot.jpg\",\"2048x2048\":\"https:\\\/\\\/www.vignevin.com\\\/wp-content\\\/uploads\\\/2019\\\/02\\\/Sympt\u00f4mes-de-la-marbrure-sur-feuilles-de-Rupestris-du-Lot.jpg\",\"et-pb-post-main-image\":\"https:\\\/\\\/www.vignevin.com\\\/wp-content\\\/uploads\\\/2019\\\/02\\\/Sympt\u00f4mes-de-la-marbrure-sur-feuilles-de-Rupestris-du-Lot-400x250.jpg\",\"et-pb-post-main-image-fullwidth\":\"https:\\\/\\\/www.vignevin.com\\\/wp-content\\\/uploads\\\/2019\\\/02\\\/Sympt\u00f4mes-de-la-marbrure-sur-feuilles-de-Rupestris-du-Lot-1080x675.jpg\",\"et-pb-portfolio-image\":\"https:\\\/\\\/www.vignevin.com\\\/wp-content\\\/uploads\\\/2019\\\/02\\\/Sympt\u00f4mes-de-la-marbrure-sur-feuilles-de-Rupestris-du-Lot-400x284.jpg\",\"et-pb-portfolio-module-image\":\"https:\\\/\\\/www.vignevin.com\\\/wp-content\\\/uploads\\\/2019\\\/02\\\/Sympt\u00f4mes-de-la-marbrure-sur-feuilles-de-Rupestris-du-Lot-510x382.jpg\",\"et-pb-portfolio-image-single\":\"https:\\\/\\\/www.vignevin.com\\\/wp-content\\\/uploads\\\/2019\\\/02\\\/Sympt\u00f4mes-de-la-marbrure-sur-feuilles-de-Rupestris-du-Lot-1080x863.jpg\",\"et-pb-gallery-module-image-portrait\":\"https:\\\/\\\/www.vignevin.com\\\/wp-content\\\/uploads\\\/2019\\\/02\\\/Sympt\u00f4mes-de-la-marbrure-sur-feuilles-de-Rupestris-du-Lot-400x516.jpg\",\"et-pb-post-main-image-fullwidth-large\":\"https:\\\/\\\/www.vignevin.com\\\/wp-content\\\/uploads\\\/2019\\\/02\\\/Sympt\u00f4mes-de-la-marbrure-sur-feuilles-de-Rupestris-du-Lot.jpg\",\"et-pb-image--responsive--desktop\":\"https:\\\/\\\/www.vignevin.com\\\/wp-content\\\/uploads\\\/2019\\\/02\\\/Sympt\u00f4mes-de-la-marbrure-sur-feuilles-de-Rupestris-du-Lot.jpg\",\"et-pb-image--responsive--tablet\":\"https:\\\/\\\/www.vignevin.com\\\/wp-content\\\/uploads\\\/2019\\\/02\\\/Sympt\u00f4mes-de-la-marbrure-sur-feuilles-de-Rupestris-du-Lot.jpg\",\"et-pb-image--responsive--phone\":\"https:\\\/\\\/www.vignevin.com\\\/wp-content\\\/uploads\\\/2019\\\/02\\\/Sympt\u00f4mes-de-la-marbrure-sur-feuilles-de-Rupestris-du-Lot.jpg\",\"gform-image-choice-sm\":\"https:\\\/\\\/www.vignevin.com\\\/wp-content\\\/uploads\\\/2019\\\/02\\\/Sympt\u00f4mes-de-la-marbrure-sur-feuilles-de-Rupestris-du-Lot.jpg\",\"gform-image-choice-md\":\"https:\\\/\\\/www.vignevin.com\\\/wp-content\\\/uploads\\\/2019\\\/02\\\/Sympt\u00f4mes-de-la-marbrure-sur-feuilles-de-Rupestris-du-Lot.jpg\",\"gform-image-choice-lg\":\"https:\\\/\\\/www.vignevin.com\\\/wp-content\\\/uploads\\\/2019\\\/02\\\/Sympt\u00f4mes-de-la-marbrure-sur-feuilles-de-Rupestris-du-Lot.jpg\",\"woocommerce_thumbnail\":\"https:\\\/\\\/www.vignevin.com\\\/wp-content\\\/uploads\\\/2019\\\/02\\\/Sympt\u00f4mes-de-la-marbrure-sur-feuilles-de-Rupestris-du-Lot-300x300.jpg\",\"woocommerce_single\":\"https:\\\/\\\/www.vignevin.com\\\/wp-content\\\/uploads\\\/2019\\\/02\\\/Sympt\u00f4mes-de-la-marbrure-sur-feuilles-de-Rupestris-du-Lot-600x479.jpg\",\"woocommerce_gallery_thumbnail\":\"https:\\\/\\\/www.vignevin.com\\\/wp-content\\\/uploads\\\/2019\\\/02\\\/Sympt\u00f4mes-de-la-marbrure-sur-feuilles-de-Rupestris-du-Lot-100x100.jpg\",\"full\":\"https:\\\/\\\/www.vignevin.com\\\/wp-content\\\/uploads\\\/2019\\\/02\\\/Sympt\u00f4mes-de-la-marbrure-sur-feuilles-de-Rupestris-du-Lot.jpg\",\"index\":62,\"id\":10000,\"video\":false,\"opts\":{\"caption\":\"OLYMPUS DIGITAL CAMERA\",\"thumb\":\"https:\\\/\\\/www.vignevin.com\\\/wp-content\\\/uploads\\\/2019\\\/02\\\/Sympt\u00f4mes-de-la-marbrure-sur-feuilles-de-Rupestris-du-Lot-75x50_c.jpg\",\"title\":\"OLYMPUS DIGITAL CAMERA\"},\"gallery_id\":17410,\"gallery_title\":\"Grapevines virus\"},\"10001\":{\"status\":\"active\",\"src\":\"https:\\\/\\\/www.vignevin.com\\\/wp-content\\\/uploads\\\/2019\\\/02\\\/Sympt\u00f4mes-de-la-marbrure-scaled.jpg\",\"title\":\"Sympt&amp;ocirc;mes de la marbrure\",\"link\":\"https:\\\/\\\/www.vignevin.com\\\/wp-content\\\/uploads\\\/2019\\\/02\\\/Sympt\u00f4mes-de-la-marbrure.jpg\",\"alt\":\"\",\"caption\":false,\"thumb\":\"https:\\\/\\\/www.vignevin.com\\\/wp-content\\\/uploads\\\/2019\\\/02\\\/Sympt\u00f4mes-de-la-marbrure-scaled-75x50_c.jpg\",\"meta\":{\"aperture\":\"4\",\"credit\":null,\"camera\":\"DSC-HX9V\",\"caption\":\"\",\"created_timestamp\":\"1463129977\",\"copyright\":null,\"focal_length\":\"9.37\",\"iso\":\"100\",\"shutter_speed\":\"0.008\",\"title\":\"\",\"orientation\":\"1\",\"keywords\":null,\"resized_images\":null},\"thumbnail\":\"https:\\\/\\\/www.vignevin.com\\\/wp-content\\\/uploads\\\/2019\\\/02\\\/Sympt\u00f4mes-de-la-marbrure-scaled.jpg\",\"medium\":\"https:\\\/\\\/www.vignevin.com\\\/wp-content\\\/uploads\\\/2019\\\/02\\\/Sympt\u00f4mes-de-la-marbrure-scaled.jpg\",\"medium_large\":\"https:\\\/\\\/www.vignevin.com\\\/wp-content\\\/uploads\\\/2019\\\/02\\\/Sympt\u00f4mes-de-la-marbrure-scaled.jpg\",\"large\":\"https:\\\/\\\/www.vignevin.com\\\/wp-content\\\/uploads\\\/2019\\\/02\\\/Sympt\u00f4mes-de-la-marbrure-scaled.jpg\",\"1536x1536\":\"https:\\\/\\\/www.vignevin.com\\\/wp-content\\\/uploads\\\/2019\\\/02\\\/Sympt\u00f4mes-de-la-marbrure-scaled.jpg\",\"2048x2048\":\"https:\\\/\\\/www.vignevin.com\\\/wp-content\\\/uploads\\\/2019\\\/02\\\/Sympt\u00f4mes-de-la-marbrure-scaled.jpg\",\"et-pb-post-main-image\":\"https:\\\/\\\/www.vignevin.com\\\/wp-content\\\/uploads\\\/2019\\\/02\\\/Sympt\u00f4mes-de-la-marbrure-scaled.jpg\",\"et-pb-post-main-image-fullwidth\":\"https:\\\/\\\/www.vignevin.com\\\/wp-content\\\/uploads\\\/2019\\\/02\\\/Sympt\u00f4mes-de-la-marbrure-scaled.jpg\",\"et-pb-portfolio-image\":\"https:\\\/\\\/www.vignevin.com\\\/wp-content\\\/uploads\\\/2019\\\/02\\\/Sympt\u00f4mes-de-la-marbrure-scaled.jpg\",\"et-pb-portfolio-module-image\":\"https:\\\/\\\/www.vignevin.com\\\/wp-content\\\/uploads\\\/2019\\\/02\\\/Sympt\u00f4mes-de-la-marbrure-scaled.jpg\",\"et-pb-portfolio-image-single\":\"https:\\\/\\\/www.vignevin.com\\\/wp-content\\\/uploads\\\/2019\\\/02\\\/Sympt\u00f4mes-de-la-marbrure-scaled.jpg\",\"et-pb-gallery-module-image-portrait\":\"https:\\\/\\\/www.vignevin.com\\\/wp-content\\\/uploads\\\/2019\\\/02\\\/Sympt\u00f4mes-de-la-marbrure-scaled.jpg\",\"et-pb-post-main-image-fullwidth-large\":\"https:\\\/\\\/www.vignevin.com\\\/wp-content\\\/uploads\\\/2019\\\/02\\\/Sympt\u00f4mes-de-la-marbrure-scaled.jpg\",\"et-pb-image--responsive--desktop\":\"https:\\\/\\\/www.vignevin.com\\\/wp-content\\\/uploads\\\/2019\\\/02\\\/Sympt\u00f4mes-de-la-marbrure-scaled.jpg\",\"et-pb-image--responsive--tablet\":\"https:\\\/\\\/www.vignevin.com\\\/wp-content\\\/uploads\\\/2019\\\/02\\\/Sympt\u00f4mes-de-la-marbrure-scaled.jpg\",\"et-pb-image--responsive--phone\":\"https:\\\/\\\/www.vignevin.com\\\/wp-content\\\/uploads\\\/2019\\\/02\\\/Sympt\u00f4mes-de-la-marbrure-scaled.jpg\",\"gform-image-choice-sm\":\"https:\\\/\\\/www.vignevin.com\\\/wp-content\\\/uploads\\\/2019\\\/02\\\/Sympt\u00f4mes-de-la-marbrure-scaled.jpg\",\"gform-image-choice-md\":\"https:\\\/\\\/www.vignevin.com\\\/wp-content\\\/uploads\\\/2019\\\/02\\\/Sympt\u00f4mes-de-la-marbrure-scaled.jpg\",\"gform-image-choice-lg\":\"https:\\\/\\\/www.vignevin.com\\\/wp-content\\\/uploads\\\/2019\\\/02\\\/Sympt\u00f4mes-de-la-marbrure-scaled.jpg\",\"woocommerce_thumbnail\":\"https:\\\/\\\/www.vignevin.com\\\/wp-content\\\/uploads\\\/2019\\\/02\\\/Sympt\u00f4mes-de-la-marbrure-scaled-300x300.jpg\",\"woocommerce_single\":\"https:\\\/\\\/www.vignevin.com\\\/wp-content\\\/uploads\\\/2019\\\/02\\\/Sympt\u00f4mes-de-la-marbrure-scaled-600x450.jpg\",\"woocommerce_gallery_thumbnail\":\"https:\\\/\\\/www.vignevin.com\\\/wp-content\\\/uploads\\\/2019\\\/02\\\/Sympt\u00f4mes-de-la-marbrure-scaled-100x100.jpg\",\"full\":\"https:\\\/\\\/www.vignevin.com\\\/wp-content\\\/uploads\\\/2019\\\/02\\\/Sympt\u00f4mes-de-la-marbrure-scaled.jpg\",\"index\":63,\"id\":10001,\"video\":false,\"opts\":{\"caption\":\"\",\"thumb\":\"https:\\\/\\\/www.vignevin.com\\\/wp-content\\\/uploads\\\/2019\\\/02\\\/Sympt\u00f4mes-de-la-marbrure-scaled-75x50_c.jpg\",\"title\":\"Sympt&amp;ocirc;mes de la marbrure\"},\"gallery_id\":17410,\"gallery_title\":\"Grapevines virus\"},\"10002\":{\"status\":\"active\",\"src\":\"https:\\\/\\\/www.vignevin.com\\\/wp-content\\\/uploads\\\/2019\\\/02\\\/Sympt\u00f4mes-de-mabrure.jpg\",\"title\":\"OLYMPUS DIGITAL CAMERA\",\"link\":\"https:\\\/\\\/www.vignevin.com\\\/wp-content\\\/uploads\\\/2019\\\/02\\\/Sympt\u00f4mes-de-mabrure.jpg\",\"alt\":\"\",\"caption\":\"OLYMPUS DIGITAL CAMERA\",\"thumb\":\"https:\\\/\\\/www.vignevin.com\\\/wp-content\\\/uploads\\\/2019\\\/02\\\/Sympt\u00f4mes-de-mabrure-75x50_c.jpg\",\"meta\":{\"aperture\":\"3\",\"credit\":null,\"camera\":\"C2500L\",\"caption\":\"OLYMPUS DIGITAL CAMERA\",\"created_timestamp\":\"1084355860\",\"copyright\":null,\"focal_length\":\"13.6\",\"iso\":\"100\",\"shutter_speed\":\"0.025\",\"title\":\"OLYMPUS DIGITAL CAMERA\",\"orientation\":null,\"keywords\":null},\"thumbnail\":\"https:\\\/\\\/www.vignevin.com\\\/wp-content\\\/uploads\\\/2019\\\/02\\\/Sympt\u00f4mes-de-mabrure-150x150.jpg\",\"medium\":\"https:\\\/\\\/www.vignevin.com\\\/wp-content\\\/uploads\\\/2019\\\/02\\\/Sympt\u00f4mes-de-mabrure-300x242.jpg\",\"medium_large\":\"https:\\\/\\\/www.vignevin.com\\\/wp-content\\\/uploads\\\/2019\\\/02\\\/Sympt\u00f4mes-de-mabrure-768x620.jpg\",\"large\":\"https:\\\/\\\/www.vignevin.com\\\/wp-content\\\/uploads\\\/2019\\\/02\\\/Sympt\u00f4mes-de-mabrure-1024x827.jpg\",\"1536x1536\":\"https:\\\/\\\/www.vignevin.com\\\/wp-content\\\/uploads\\\/2019\\\/02\\\/Sympt\u00f4mes-de-mabrure.jpg\",\"2048x2048\":\"https:\\\/\\\/www.vignevin.com\\\/wp-content\\\/uploads\\\/2019\\\/02\\\/Sympt\u00f4mes-de-mabrure.jpg\",\"et-pb-post-main-image\":\"https:\\\/\\\/www.vignevin.com\\\/wp-content\\\/uploads\\\/2019\\\/02\\\/Sympt\u00f4mes-de-mabrure-400x250.jpg\",\"et-pb-post-main-image-fullwidth\":\"https:\\\/\\\/www.vignevin.com\\\/wp-content\\\/uploads\\\/2019\\\/02\\\/Sympt\u00f4mes-de-mabrure-1080x675.jpg\",\"et-pb-portfolio-image\":\"https:\\\/\\\/www.vignevin.com\\\/wp-content\\\/uploads\\\/2019\\\/02\\\/Sympt\u00f4mes-de-mabrure-400x284.jpg\",\"et-pb-portfolio-module-image\":\"https:\\\/\\\/www.vignevin.com\\\/wp-content\\\/uploads\\\/2019\\\/02\\\/Sympt\u00f4mes-de-mabrure-510x382.jpg\",\"et-pb-portfolio-image-single\":\"https:\\\/\\\/www.vignevin.com\\\/wp-content\\\/uploads\\\/2019\\\/02\\\/Sympt\u00f4mes-de-mabrure-1080x872.jpg\",\"et-pb-gallery-module-image-portrait\":\"https:\\\/\\\/www.vignevin.com\\\/wp-content\\\/uploads\\\/2019\\\/02\\\/Sympt\u00f4mes-de-mabrure-400x516.jpg\",\"et-pb-post-main-image-fullwidth-large\":\"https:\\\/\\\/www.vignevin.com\\\/wp-content\\\/uploads\\\/2019\\\/02\\\/Sympt\u00f4mes-de-mabrure.jpg\",\"et-pb-image--responsive--desktop\":\"https:\\\/\\\/www.vignevin.com\\\/wp-content\\\/uploads\\\/2019\\\/02\\\/Sympt\u00f4mes-de-mabrure.jpg\",\"et-pb-image--responsive--tablet\":\"https:\\\/\\\/www.vignevin.com\\\/wp-content\\\/uploads\\\/2019\\\/02\\\/Sympt\u00f4mes-de-mabrure.jpg\",\"et-pb-image--responsive--phone\":\"https:\\\/\\\/www.vignevin.com\\\/wp-content\\\/uploads\\\/2019\\\/02\\\/Sympt\u00f4mes-de-mabrure.jpg\",\"gform-image-choice-sm\":\"https:\\\/\\\/www.vignevin.com\\\/wp-content\\\/uploads\\\/2019\\\/02\\\/Sympt\u00f4mes-de-mabrure.jpg\",\"gform-image-choice-md\":\"https:\\\/\\\/www.vignevin.com\\\/wp-content\\\/uploads\\\/2019\\\/02\\\/Sympt\u00f4mes-de-mabrure.jpg\",\"gform-image-choice-lg\":\"https:\\\/\\\/www.vignevin.com\\\/wp-content\\\/uploads\\\/2019\\\/02\\\/Sympt\u00f4mes-de-mabrure.jpg\",\"woocommerce_thumbnail\":\"https:\\\/\\\/www.vignevin.com\\\/wp-content\\\/uploads\\\/2019\\\/02\\\/Sympt\u00f4mes-de-mabrure-300x300.jpg\",\"woocommerce_single\":\"https:\\\/\\\/www.vignevin.com\\\/wp-content\\\/uploads\\\/2019\\\/02\\\/Sympt\u00f4mes-de-mabrure-600x485.jpg\",\"woocommerce_gallery_thumbnail\":\"https:\\\/\\\/www.vignevin.com\\\/wp-content\\\/uploads\\\/2019\\\/02\\\/Sympt\u00f4mes-de-mabrure-100x100.jpg\",\"full\":\"https:\\\/\\\/www.vignevin.com\\\/wp-content\\\/uploads\\\/2019\\\/02\\\/Sympt\u00f4mes-de-mabrure.jpg\",\"index\":64,\"id\":10002,\"video\":false,\"opts\":{\"caption\":\"OLYMPUS DIGITAL CAMERA\",\"thumb\":\"https:\\\/\\\/www.vignevin.com\\\/wp-content\\\/uploads\\\/2019\\\/02\\\/Sympt\u00f4mes-de-mabrure-75x50_c.jpg\",\"title\":\"OLYMPUS DIGITAL CAMERA\"},\"gallery_id\":17410,\"gallery_title\":\"Grapevines virus\"},\"10003\":{\"status\":\"active\",\"src\":\"https:\\\/\\\/www.vignevin.com\\\/wp-content\\\/uploads\\\/2019\\\/02\\\/Sympt\u00f4mes-de-marbrure-sur-Rupestris-du-Lot-scaled.jpg\",\"title\":\"Sympt&amp;ocirc;mes de marbrure sur Rupestris du Lot\",\"link\":\"https:\\\/\\\/www.vignevin.com\\\/wp-content\\\/uploads\\\/2019\\\/02\\\/Sympt\u00f4mes-de-marbrure-sur-Rupestris-du-Lot.jpg\",\"alt\":\"\",\"caption\":false,\"thumb\":\"https:\\\/\\\/www.vignevin.com\\\/wp-content\\\/uploads\\\/2019\\\/02\\\/Sympt\u00f4mes-de-marbrure-sur-Rupestris-du-Lot-scaled-75x50_c.jpg\",\"meta\":{\"aperture\":\"3.3\",\"credit\":null,\"camera\":\"DSC-HX9V\",\"caption\":\"\",\"created_timestamp\":\"1463130273\",\"copyright\":null,\"focal_length\":\"4.28\",\"iso\":\"100\",\"shutter_speed\":\"0.004\",\"title\":\"\",\"orientation\":\"1\",\"keywords\":null},\"thumbnail\":\"https:\\\/\\\/www.vignevin.com\\\/wp-content\\\/uploads\\\/2019\\\/02\\\/Sympt\u00f4mes-de-marbrure-sur-Rupestris-du-Lot-150x150.jpg\",\"medium\":\"https:\\\/\\\/www.vignevin.com\\\/wp-content\\\/uploads\\\/2019\\\/02\\\/Sympt\u00f4mes-de-marbrure-sur-Rupestris-du-Lot-225x300.jpg\",\"medium_large\":\"https:\\\/\\\/www.vignevin.com\\\/wp-content\\\/uploads\\\/2019\\\/02\\\/Sympt\u00f4mes-de-marbrure-sur-Rupestris-du-Lot-768x1024.jpg\",\"large\":\"https:\\\/\\\/www.vignevin.com\\\/wp-content\\\/uploads\\\/2019\\\/02\\\/Sympt\u00f4mes-de-marbrure-sur-Rupestris-du-Lot-768x1024.jpg\",\"1536x1536\":\"https:\\\/\\\/www.vignevin.com\\\/wp-content\\\/uploads\\\/2019\\\/02\\\/Sympt\u00f4mes-de-marbrure-sur-Rupestris-du-Lot-scaled.jpg\",\"2048x2048\":\"https:\\\/\\\/www.vignevin.com\\\/wp-content\\\/uploads\\\/2019\\\/02\\\/Sympt\u00f4mes-de-marbrure-sur-Rupestris-du-Lot-scaled.jpg\",\"et-pb-post-main-image\":\"https:\\\/\\\/www.vignevin.com\\\/wp-content\\\/uploads\\\/2019\\\/02\\\/Sympt\u00f4mes-de-marbrure-sur-Rupestris-du-Lot-400x250.jpg\",\"et-pb-post-main-image-fullwidth\":\"https:\\\/\\\/www.vignevin.com\\\/wp-content\\\/uploads\\\/2019\\\/02\\\/Sympt\u00f4mes-de-marbrure-sur-Rupestris-du-Lot-1080x675.jpg\",\"et-pb-portfolio-image\":\"https:\\\/\\\/www.vignevin.com\\\/wp-content\\\/uploads\\\/2019\\\/02\\\/Sympt\u00f4mes-de-marbrure-sur-Rupestris-du-Lot-400x284.jpg\",\"et-pb-portfolio-module-image\":\"https:\\\/\\\/www.vignevin.com\\\/wp-content\\\/uploads\\\/2019\\\/02\\\/Sympt\u00f4mes-de-marbrure-sur-Rupestris-du-Lot-510x382.jpg\",\"et-pb-portfolio-image-single\":\"https:\\\/\\\/www.vignevin.com\\\/wp-content\\\/uploads\\\/2019\\\/02\\\/Sympt\u00f4mes-de-marbrure-sur-Rupestris-du-Lot-1080x1440.jpg\",\"et-pb-gallery-module-image-portrait\":\"https:\\\/\\\/www.vignevin.com\\\/wp-content\\\/uploads\\\/2019\\\/02\\\/Sympt\u00f4mes-de-marbrure-sur-Rupestris-du-Lot-400x516.jpg\",\"et-pb-post-main-image-fullwidth-large\":\"https:\\\/\\\/www.vignevin.com\\\/wp-content\\\/uploads\\\/2019\\\/02\\\/Sympt\u00f4mes-de-marbrure-sur-Rupestris-du-Lot-2880x1800.jpg\",\"et-pb-image--responsive--desktop\":\"https:\\\/\\\/www.vignevin.com\\\/wp-content\\\/uploads\\\/2019\\\/02\\\/Sympt\u00f4mes-de-marbrure-sur-Rupestris-du-Lot-scaled.jpg\",\"et-pb-image--responsive--tablet\":\"https:\\\/\\\/www.vignevin.com\\\/wp-content\\\/uploads\\\/2019\\\/02\\\/Sympt\u00f4mes-de-marbrure-sur-Rupestris-du-Lot-scaled.jpg\",\"et-pb-image--responsive--phone\":\"https:\\\/\\\/www.vignevin.com\\\/wp-content\\\/uploads\\\/2019\\\/02\\\/Sympt\u00f4mes-de-marbrure-sur-Rupestris-du-Lot-scaled.jpg\",\"gform-image-choice-sm\":\"https:\\\/\\\/www.vignevin.com\\\/wp-content\\\/uploads\\\/2019\\\/02\\\/Sympt\u00f4mes-de-marbrure-sur-Rupestris-du-Lot-scaled.jpg\",\"gform-image-choice-md\":\"https:\\\/\\\/www.vignevin.com\\\/wp-content\\\/uploads\\\/2019\\\/02\\\/Sympt\u00f4mes-de-marbrure-sur-Rupestris-du-Lot-scaled.jpg\",\"gform-image-choice-lg\":\"https:\\\/\\\/www.vignevin.com\\\/wp-content\\\/uploads\\\/2019\\\/02\\\/Sympt\u00f4mes-de-marbrure-sur-Rupestris-du-Lot-scaled.jpg\",\"woocommerce_thumbnail\":\"https:\\\/\\\/www.vignevin.com\\\/wp-content\\\/uploads\\\/2019\\\/02\\\/Sympt\u00f4mes-de-marbrure-sur-Rupestris-du-Lot-scaled-300x300.jpg\",\"woocommerce_single\":\"https:\\\/\\\/www.vignevin.com\\\/wp-content\\\/uploads\\\/2019\\\/02\\\/Sympt\u00f4mes-de-marbrure-sur-Rupestris-du-Lot-scaled-600x800.jpg\",\"woocommerce_gallery_thumbnail\":\"https:\\\/\\\/www.vignevin.com\\\/wp-content\\\/uploads\\\/2019\\\/02\\\/Sympt\u00f4mes-de-marbrure-sur-Rupestris-du-Lot-scaled-100x100.jpg\",\"full\":\"https:\\\/\\\/www.vignevin.com\\\/wp-content\\\/uploads\\\/2019\\\/02\\\/Sympt\u00f4mes-de-marbrure-sur-Rupestris-du-Lot-scaled.jpg\",\"index\":65,\"id\":10003,\"video\":false,\"opts\":{\"caption\":\"\",\"thumb\":\"https:\\\/\\\/www.vignevin.com\\\/wp-content\\\/uploads\\\/2019\\\/02\\\/Sympt\u00f4mes-de-marbrure-sur-Rupestris-du-Lot-scaled-75x50_c.jpg\",\"title\":\"Sympt&amp;ocirc;mes de marbrure sur Rupestris du Lot\"},\"gallery_id\":17410,\"gallery_title\":\"Grapevines virus\"},\"10004\":{\"status\":\"active\",\"src\":\"https:\\\/\\\/www.vignevin.com\\\/wp-content\\\/uploads\\\/2019\\\/02\\\/Sympt\u00f4mes-de-n\u00e9crose-des-nervures-sur-110-R-provoqu\u00e9-par-le-GRSPaV.jpg\",\"title\":\"Sympt&amp;ocirc;mes de n&amp;eacute;crose des nervures sur 110 R, provoqu&amp;eacute; par le GRSPaV\",\"link\":\"https:\\\/\\\/www.vignevin.com\\\/wp-content\\\/uploads\\\/2019\\\/02\\\/Sympt\u00f4mes-de-n\u00e9crose-des-nervures-sur-110-R-provoqu\u00e9-par-le-GRSPaV.jpg\",\"alt\":\"\",\"caption\":false,\"thumb\":\"https:\\\/\\\/www.vignevin.com\\\/wp-content\\\/uploads\\\/2019\\\/02\\\/Sympt\u00f4mes-de-n\u00e9crose-des-nervures-sur-110-R-provoqu\u00e9-par-le-GRSPaV-75x50_c.jpg\",\"meta\":{\"aperture\":null,\"credit\":null,\"camera\":null,\"caption\":\"\",\"created_timestamp\":null,\"copyright\":null,\"focal_length\":null,\"iso\":null,\"shutter_speed\":null,\"title\":\"\",\"orientation\":null,\"keywords\":null},\"thumbnail\":\"https:\\\/\\\/www.vignevin.com\\\/wp-content\\\/uploads\\\/2019\\\/02\\\/Sympt\u00f4mes-de-n\u00e9crose-des-nervures-sur-110-R-provoqu\u00e9-par-le-GRSPaV-150x150.jpg\",\"medium\":\"https:\\\/\\\/www.vignevin.com\\\/wp-content\\\/uploads\\\/2019\\\/02\\\/Sympt\u00f4mes-de-n\u00e9crose-des-nervures-sur-110-R-provoqu\u00e9-par-le-GRSPaV-300x183.jpg\",\"medium_large\":\"https:\\\/\\\/www.vignevin.com\\\/wp-content\\\/uploads\\\/2019\\\/02\\\/Sympt\u00f4mes-de-n\u00e9crose-des-nervures-sur-110-R-provoqu\u00e9-par-le-GRSPaV.jpg\",\"large\":\"https:\\\/\\\/www.vignevin.com\\\/wp-content\\\/uploads\\\/2019\\\/02\\\/Sympt\u00f4mes-de-n\u00e9crose-des-nervures-sur-110-R-provoqu\u00e9-par-le-GRSPaV.jpg\",\"1536x1536\":\"https:\\\/\\\/www.vignevin.com\\\/wp-content\\\/uploads\\\/2019\\\/02\\\/Sympt\u00f4mes-de-n\u00e9crose-des-nervures-sur-110-R-provoqu\u00e9-par-le-GRSPaV.jpg\",\"2048x2048\":\"https:\\\/\\\/www.vignevin.com\\\/wp-content\\\/uploads\\\/2019\\\/02\\\/Sympt\u00f4mes-de-n\u00e9crose-des-nervures-sur-110-R-provoqu\u00e9-par-le-GRSPaV.jpg\",\"et-pb-post-main-image\":\"https:\\\/\\\/www.vignevin.com\\\/wp-content\\\/uploads\\\/2019\\\/02\\\/Sympt\u00f4mes-de-n\u00e9crose-des-nervures-sur-110-R-provoqu\u00e9-par-le-GRSPaV-400x250.jpg\",\"et-pb-post-main-image-fullwidth\":\"https:\\\/\\\/www.vignevin.com\\\/wp-content\\\/uploads\\\/2019\\\/02\\\/Sympt\u00f4mes-de-n\u00e9crose-des-nervures-sur-110-R-provoqu\u00e9-par-le-GRSPaV.jpg\",\"et-pb-portfolio-image\":\"https:\\\/\\\/www.vignevin.com\\\/wp-content\\\/uploads\\\/2019\\\/02\\\/Sympt\u00f4mes-de-n\u00e9crose-des-nervures-sur-110-R-provoqu\u00e9-par-le-GRSPaV-400x284.jpg\",\"et-pb-portfolio-module-image\":\"https:\\\/\\\/www.vignevin.com\\\/wp-content\\\/uploads\\\/2019\\\/02\\\/Sympt\u00f4mes-de-n\u00e9crose-des-nervures-sur-110-R-provoqu\u00e9-par-le-GRSPaV-510x382.jpg\",\"et-pb-portfolio-image-single\":\"https:\\\/\\\/www.vignevin.com\\\/wp-content\\\/uploads\\\/2019\\\/02\\\/Sympt\u00f4mes-de-n\u00e9crose-des-nervures-sur-110-R-provoqu\u00e9-par-le-GRSPaV.jpg\",\"et-pb-gallery-module-image-portrait\":\"https:\\\/\\\/www.vignevin.com\\\/wp-content\\\/uploads\\\/2019\\\/02\\\/Sympt\u00f4mes-de-n\u00e9crose-des-nervures-sur-110-R-provoqu\u00e9-par-le-GRSPaV-400x411.jpg\",\"et-pb-post-main-image-fullwidth-large\":\"https:\\\/\\\/www.vignevin.com\\\/wp-content\\\/uploads\\\/2019\\\/02\\\/Sympt\u00f4mes-de-n\u00e9crose-des-nervures-sur-110-R-provoqu\u00e9-par-le-GRSPaV.jpg\",\"et-pb-image--responsive--desktop\":\"https:\\\/\\\/www.vignevin.com\\\/wp-content\\\/uploads\\\/2019\\\/02\\\/Sympt\u00f4mes-de-n\u00e9crose-des-nervures-sur-110-R-provoqu\u00e9-par-le-GRSPaV.jpg\",\"et-pb-image--responsive--tablet\":\"https:\\\/\\\/www.vignevin.com\\\/wp-content\\\/uploads\\\/2019\\\/02\\\/Sympt\u00f4mes-de-n\u00e9crose-des-nervures-sur-110-R-provoqu\u00e9-par-le-GRSPaV.jpg\",\"et-pb-image--responsive--phone\":\"https:\\\/\\\/www.vignevin.com\\\/wp-content\\\/uploads\\\/2019\\\/02\\\/Sympt\u00f4mes-de-n\u00e9crose-des-nervures-sur-110-R-provoqu\u00e9-par-le-GRSPaV.jpg\",\"gform-image-choice-sm\":\"https:\\\/\\\/www.vignevin.com\\\/wp-content\\\/uploads\\\/2019\\\/02\\\/Sympt\u00f4mes-de-n\u00e9crose-des-nervures-sur-110-R-provoqu\u00e9-par-le-GRSPaV.jpg\",\"gform-image-choice-md\":\"https:\\\/\\\/www.vignevin.com\\\/wp-content\\\/uploads\\\/2019\\\/02\\\/Sympt\u00f4mes-de-n\u00e9crose-des-nervures-sur-110-R-provoqu\u00e9-par-le-GRSPaV.jpg\",\"gform-image-choice-lg\":\"https:\\\/\\\/www.vignevin.com\\\/wp-content\\\/uploads\\\/2019\\\/02\\\/Sympt\u00f4mes-de-n\u00e9crose-des-nervures-sur-110-R-provoqu\u00e9-par-le-GRSPaV.jpg\",\"woocommerce_thumbnail\":\"https:\\\/\\\/www.vignevin.com\\\/wp-content\\\/uploads\\\/2019\\\/02\\\/Sympt\u00f4mes-de-n\u00e9crose-des-nervures-sur-110-R-provoqu\u00e9-par-le-GRSPaV-300x300.jpg\",\"woocommerce_single\":\"https:\\\/\\\/www.vignevin.com\\\/wp-content\\\/uploads\\\/2019\\\/02\\\/Sympt\u00f4mes-de-n\u00e9crose-des-nervures-sur-110-R-provoqu\u00e9-par-le-GRSPaV-600x366.jpg\",\"woocommerce_gallery_thumbnail\":\"https:\\\/\\\/www.vignevin.com\\\/wp-content\\\/uploads\\\/2019\\\/02\\\/Sympt\u00f4mes-de-n\u00e9crose-des-nervures-sur-110-R-provoqu\u00e9-par-le-GRSPaV-100x100.jpg\",\"full\":\"https:\\\/\\\/www.vignevin.com\\\/wp-content\\\/uploads\\\/2019\\\/02\\\/Sympt\u00f4mes-de-n\u00e9crose-des-nervures-sur-110-R-provoqu\u00e9-par-le-GRSPaV.jpg\",\"index\":66,\"id\":10004,\"video\":false,\"opts\":{\"caption\":\"\",\"thumb\":\"https:\\\/\\\/www.vignevin.com\\\/wp-content\\\/uploads\\\/2019\\\/02\\\/Sympt\u00f4mes-de-n\u00e9crose-des-nervures-sur-110-R-provoqu\u00e9-par-le-GRSPaV-75x50_c.jpg\",\"title\":\"Sympt&amp;ocirc;mes de n&amp;eacute;crose des nervures sur 110 R, provoqu&amp;eacute; par le GRSPaV\"},\"gallery_id\":17410,\"gallery_title\":\"Grapevines virus\"},\"10005\":{\"status\":\"active\",\"src\":\"https:\\\/\\\/www.vignevin.com\\\/wp-content\\\/uploads\\\/2019\\\/02\\\/Sympt\u00f4mes-de-n\u00e9crose-des-nervures-sur-feuille-de-110R-indicateur.jpg\",\"title\":\"Sympt&amp;ocirc;mes de n&amp;eacute;crose des nervures sur feuille de 110R (indicateur)\",\"link\":\"https:\\\/\\\/www.vignevin.com\\\/wp-content\\\/uploads\\\/2019\\\/02\\\/Sympt\u00f4mes-de-n\u00e9crose-des-nervures-sur-feuille-de-110R-indicateur.jpg\",\"alt\":\"\",\"caption\":false,\"thumb\":\"https:\\\/\\\/www.vignevin.com\\\/wp-content\\\/uploads\\\/2019\\\/02\\\/Sympt\u00f4mes-de-n\u00e9crose-des-nervures-sur-feuille-de-110R-indicateur-75x50_c.jpg\",\"meta\":{\"aperture\":\"3.3\",\"credit\":null,\"camera\":\"E5700\",\"caption\":\"\",\"created_timestamp\":\"1284022858\",\"copyright\":null,\"focal_length\":\"18.8\",\"iso\":\"100\",\"shutter_speed\":\"0.016583747927032\",\"title\":\"\",\"orientation\":\"1\",\"keywords\":null},\"thumbnail\":\"https:\\\/\\\/www.vignevin.com\\\/wp-content\\\/uploads\\\/2019\\\/02\\\/Sympt\u00f4mes-de-n\u00e9crose-des-nervures-sur-feuille-de-110R-indicateur-150x150.jpg\",\"medium\":\"https:\\\/\\\/www.vignevin.com\\\/wp-content\\\/uploads\\\/2019\\\/02\\\/Sympt\u00f4mes-de-n\u00e9crose-des-nervures-sur-feuille-de-110R-indicateur-300x225.jpg\",\"medium_large\":\"https:\\\/\\\/www.vignevin.com\\\/wp-content\\\/uploads\\\/2019\\\/02\\\/Sympt\u00f4mes-de-n\u00e9crose-des-nervures-sur-feuille-de-110R-indicateur-768x576.jpg\",\"large\":\"https:\\\/\\\/www.vignevin.com\\\/wp-content\\\/uploads\\\/2019\\\/02\\\/Sympt\u00f4mes-de-n\u00e9crose-des-nervures-sur-feuille-de-110R-indicateur-1024x768.jpg\",\"1536x1536\":\"https:\\\/\\\/www.vignevin.com\\\/wp-content\\\/uploads\\\/2019\\\/02\\\/Sympt\u00f4mes-de-n\u00e9crose-des-nervures-sur-feuille-de-110R-indicateur.jpg\",\"2048x2048\":\"https:\\\/\\\/www.vignevin.com\\\/wp-content\\\/uploads\\\/2019\\\/02\\\/Sympt\u00f4mes-de-n\u00e9crose-des-nervures-sur-feuille-de-110R-indicateur.jpg\",\"et-pb-post-main-image\":\"https:\\\/\\\/www.vignevin.com\\\/wp-content\\\/uploads\\\/2019\\\/02\\\/Sympt\u00f4mes-de-n\u00e9crose-des-nervures-sur-feuille-de-110R-indicateur-400x250.jpg\",\"et-pb-post-main-image-fullwidth\":\"https:\\\/\\\/www.vignevin.com\\\/wp-content\\\/uploads\\\/2019\\\/02\\\/Sympt\u00f4mes-de-n\u00e9crose-des-nervures-sur-feuille-de-110R-indicateur-1080x675.jpg\",\"et-pb-portfolio-image\":\"https:\\\/\\\/www.vignevin.com\\\/wp-content\\\/uploads\\\/2019\\\/02\\\/Sympt\u00f4mes-de-n\u00e9crose-des-nervures-sur-feuille-de-110R-indicateur-400x284.jpg\",\"et-pb-portfolio-module-image\":\"https:\\\/\\\/www.vignevin.com\\\/wp-content\\\/uploads\\\/2019\\\/02\\\/Sympt\u00f4mes-de-n\u00e9crose-des-nervures-sur-feuille-de-110R-indicateur-510x382.jpg\",\"et-pb-portfolio-image-single\":\"https:\\\/\\\/www.vignevin.com\\\/wp-content\\\/uploads\\\/2019\\\/02\\\/Sympt\u00f4mes-de-n\u00e9crose-des-nervures-sur-feuille-de-110R-indicateur-1080x810.jpg\",\"et-pb-gallery-module-image-portrait\":\"https:\\\/\\\/www.vignevin.com\\\/wp-content\\\/uploads\\\/2019\\\/02\\\/Sympt\u00f4mes-de-n\u00e9crose-des-nervures-sur-feuille-de-110R-indicateur-400x516.jpg\",\"et-pb-post-main-image-fullwidth-large\":\"https:\\\/\\\/www.vignevin.com\\\/wp-content\\\/uploads\\\/2019\\\/02\\\/Sympt\u00f4mes-de-n\u00e9crose-des-nervures-sur-feuille-de-110R-indicateur-2560x1800.jpg\",\"et-pb-image--responsive--desktop\":\"https:\\\/\\\/www.vignevin.com\\\/wp-content\\\/uploads\\\/2019\\\/02\\\/Sympt\u00f4mes-de-n\u00e9crose-des-nervures-sur-feuille-de-110R-indicateur.jpg\",\"et-pb-image--responsive--tablet\":\"https:\\\/\\\/www.vignevin.com\\\/wp-content\\\/uploads\\\/2019\\\/02\\\/Sympt\u00f4mes-de-n\u00e9crose-des-nervures-sur-feuille-de-110R-indicateur.jpg\",\"et-pb-image--responsive--phone\":\"https:\\\/\\\/www.vignevin.com\\\/wp-content\\\/uploads\\\/2019\\\/02\\\/Sympt\u00f4mes-de-n\u00e9crose-des-nervures-sur-feuille-de-110R-indicateur.jpg\",\"gform-image-choice-sm\":\"https:\\\/\\\/www.vignevin.com\\\/wp-content\\\/uploads\\\/2019\\\/02\\\/Sympt\u00f4mes-de-n\u00e9crose-des-nervures-sur-feuille-de-110R-indicateur.jpg\",\"gform-image-choice-md\":\"https:\\\/\\\/www.vignevin.com\\\/wp-content\\\/uploads\\\/2019\\\/02\\\/Sympt\u00f4mes-de-n\u00e9crose-des-nervures-sur-feuille-de-110R-indicateur.jpg\",\"gform-image-choice-lg\":\"https:\\\/\\\/www.vignevin.com\\\/wp-content\\\/uploads\\\/2019\\\/02\\\/Sympt\u00f4mes-de-n\u00e9crose-des-nervures-sur-feuille-de-110R-indicateur.jpg\",\"woocommerce_thumbnail\":\"https:\\\/\\\/www.vignevin.com\\\/wp-content\\\/uploads\\\/2019\\\/02\\\/Sympt\u00f4mes-de-n\u00e9crose-des-nervures-sur-feuille-de-110R-indicateur-300x300.jpg\",\"woocommerce_single\":\"https:\\\/\\\/www.vignevin.com\\\/wp-content\\\/uploads\\\/2019\\\/02\\\/Sympt\u00f4mes-de-n\u00e9crose-des-nervures-sur-feuille-de-110R-indicateur-600x450.jpg\",\"woocommerce_gallery_thumbnail\":\"https:\\\/\\\/www.vignevin.com\\\/wp-content\\\/uploads\\\/2019\\\/02\\\/Sympt\u00f4mes-de-n\u00e9crose-des-nervures-sur-feuille-de-110R-indicateur-100x100.jpg\",\"full\":\"https:\\\/\\\/www.vignevin.com\\\/wp-content\\\/uploads\\\/2019\\\/02\\\/Sympt\u00f4mes-de-n\u00e9crose-des-nervures-sur-feuille-de-110R-indicateur.jpg\",\"index\":67,\"id\":10005,\"video\":false,\"opts\":{\"caption\":\"\",\"thumb\":\"https:\\\/\\\/www.vignevin.com\\\/wp-content\\\/uploads\\\/2019\\\/02\\\/Sympt\u00f4mes-de-n\u00e9crose-des-nervures-sur-feuille-de-110R-indicateur-75x50_c.jpg\",\"title\":\"Sympt&amp;ocirc;mes de n&amp;eacute;crose des nervures sur feuille de 110R (indicateur)\"},\"gallery_id\":17410,\"gallery_title\":\"Grapevines virus\"},\"10006\":{\"status\":\"active\",\"src\":\"https:\\\/\\\/www.vignevin.com\\\/wp-content\\\/uploads\\\/2019\\\/02\\\/Sympt\u00f4mes-de-t\u00e2ches-annulaires-sur-feuilles-de-Rupestris-du-Lot.jpg\",\"title\":\"Sympt&amp;ocirc;mes de t&amp;acirc;ches annulaires sur feuilles de Rupestris du Lot\",\"link\":\"https:\\\/\\\/www.vignevin.com\\\/wp-content\\\/uploads\\\/2019\\\/02\\\/Sympt\u00f4mes-de-t\u00e2ches-annulaires-sur-feuilles-de-Rupestris-du-Lot.jpg\",\"alt\":\"\",\"caption\":false,\"thumb\":\"https:\\\/\\\/www.vignevin.com\\\/wp-content\\\/uploads\\\/2019\\\/02\\\/Sympt\u00f4mes-de-t\u00e2ches-annulaires-sur-feuilles-de-Rupestris-du-Lot-75x50_c.jpg\",\"meta\":{\"aperture\":\"3.5\",\"credit\":null,\"camera\":\"E5700\",\"caption\":\"\",\"created_timestamp\":null,\"copyright\":null,\"focal_length\":\"21\",\"iso\":\"100\",\"shutter_speed\":\"0.016583747927032\",\"title\":\"\",\"orientation\":\"1\",\"keywords\":null},\"thumbnail\":\"https:\\\/\\\/www.vignevin.com\\\/wp-content\\\/uploads\\\/2019\\\/02\\\/Sympt\u00f4mes-de-t\u00e2ches-annulaires-sur-feuilles-de-Rupestris-du-Lot.jpg\",\"medium\":\"https:\\\/\\\/www.vignevin.com\\\/wp-content\\\/uploads\\\/2019\\\/02\\\/Sympt\u00f4mes-de-t\u00e2ches-annulaires-sur-feuilles-de-Rupestris-du-Lot.jpg\",\"medium_large\":\"https:\\\/\\\/www.vignevin.com\\\/wp-content\\\/uploads\\\/2019\\\/02\\\/Sympt\u00f4mes-de-t\u00e2ches-annulaires-sur-feuilles-de-Rupestris-du-Lot.jpg\",\"large\":\"https:\\\/\\\/www.vignevin.com\\\/wp-content\\\/uploads\\\/2019\\\/02\\\/Sympt\u00f4mes-de-t\u00e2ches-annulaires-sur-feuilles-de-Rupestris-du-Lot.jpg\",\"1536x1536\":\"https:\\\/\\\/www.vignevin.com\\\/wp-content\\\/uploads\\\/2019\\\/02\\\/Sympt\u00f4mes-de-t\u00e2ches-annulaires-sur-feuilles-de-Rupestris-du-Lot.jpg\",\"2048x2048\":\"https:\\\/\\\/www.vignevin.com\\\/wp-content\\\/uploads\\\/2019\\\/02\\\/Sympt\u00f4mes-de-t\u00e2ches-annulaires-sur-feuilles-de-Rupestris-du-Lot.jpg\",\"et-pb-post-main-image\":\"https:\\\/\\\/www.vignevin.com\\\/wp-content\\\/uploads\\\/2019\\\/02\\\/Sympt\u00f4mes-de-t\u00e2ches-annulaires-sur-feuilles-de-Rupestris-du-Lot.jpg\",\"et-pb-post-main-image-fullwidth\":\"https:\\\/\\\/www.vignevin.com\\\/wp-content\\\/uploads\\\/2019\\\/02\\\/Sympt\u00f4mes-de-t\u00e2ches-annulaires-sur-feuilles-de-Rupestris-du-Lot.jpg\",\"et-pb-portfolio-image\":\"https:\\\/\\\/www.vignevin.com\\\/wp-content\\\/uploads\\\/2019\\\/02\\\/Sympt\u00f4mes-de-t\u00e2ches-annulaires-sur-feuilles-de-Rupestris-du-Lot.jpg\",\"et-pb-portfolio-module-image\":\"https:\\\/\\\/www.vignevin.com\\\/wp-content\\\/uploads\\\/2019\\\/02\\\/Sympt\u00f4mes-de-t\u00e2ches-annulaires-sur-feuilles-de-Rupestris-du-Lot.jpg\",\"et-pb-portfolio-image-single\":\"https:\\\/\\\/www.vignevin.com\\\/wp-content\\\/uploads\\\/2019\\\/02\\\/Sympt\u00f4mes-de-t\u00e2ches-annulaires-sur-feuilles-de-Rupestris-du-Lot.jpg\",\"et-pb-gallery-module-image-portrait\":\"https:\\\/\\\/www.vignevin.com\\\/wp-content\\\/uploads\\\/2019\\\/02\\\/Sympt\u00f4mes-de-t\u00e2ches-annulaires-sur-feuilles-de-Rupestris-du-Lot.jpg\",\"et-pb-post-main-image-fullwidth-large\":\"https:\\\/\\\/www.vignevin.com\\\/wp-content\\\/uploads\\\/2019\\\/02\\\/Sympt\u00f4mes-de-t\u00e2ches-annulaires-sur-feuilles-de-Rupestris-du-Lot.jpg\",\"et-pb-image--responsive--desktop\":\"https:\\\/\\\/www.vignevin.com\\\/wp-content\\\/uploads\\\/2019\\\/02\\\/Sympt\u00f4mes-de-t\u00e2ches-annulaires-sur-feuilles-de-Rupestris-du-Lot.jpg\",\"et-pb-image--responsive--tablet\":\"https:\\\/\\\/www.vignevin.com\\\/wp-content\\\/uploads\\\/2019\\\/02\\\/Sympt\u00f4mes-de-t\u00e2ches-annulaires-sur-feuilles-de-Rupestris-du-Lot.jpg\",\"et-pb-image--responsive--phone\":\"https:\\\/\\\/www.vignevin.com\\\/wp-content\\\/uploads\\\/2019\\\/02\\\/Sympt\u00f4mes-de-t\u00e2ches-annulaires-sur-feuilles-de-Rupestris-du-Lot.jpg\",\"gform-image-choice-sm\":\"https:\\\/\\\/www.vignevin.com\\\/wp-content\\\/uploads\\\/2019\\\/02\\\/Sympt\u00f4mes-de-t\u00e2ches-annulaires-sur-feuilles-de-Rupestris-du-Lot.jpg\",\"gform-image-choice-md\":\"https:\\\/\\\/www.vignevin.com\\\/wp-content\\\/uploads\\\/2019\\\/02\\\/Sympt\u00f4mes-de-t\u00e2ches-annulaires-sur-feuilles-de-Rupestris-du-Lot.jpg\",\"gform-image-choice-lg\":\"https:\\\/\\\/www.vignevin.com\\\/wp-content\\\/uploads\\\/2019\\\/02\\\/Sympt\u00f4mes-de-t\u00e2ches-annulaires-sur-feuilles-de-Rupestris-du-Lot.jpg\",\"woocommerce_thumbnail\":\"https:\\\/\\\/www.vignevin.com\\\/wp-content\\\/uploads\\\/2019\\\/02\\\/Sympt\u00f4mes-de-t\u00e2ches-annulaires-sur-feuilles-de-Rupestris-du-Lot-300x300.jpg\",\"woocommerce_single\":\"https:\\\/\\\/www.vignevin.com\\\/wp-content\\\/uploads\\\/2019\\\/02\\\/Sympt\u00f4mes-de-t\u00e2ches-annulaires-sur-feuilles-de-Rupestris-du-Lot-600x450.jpg\",\"woocommerce_gallery_thumbnail\":\"https:\\\/\\\/www.vignevin.com\\\/wp-content\\\/uploads\\\/2019\\\/02\\\/Sympt\u00f4mes-de-t\u00e2ches-annulaires-sur-feuilles-de-Rupestris-du-Lot-100x100.jpg\",\"full\":\"https:\\\/\\\/www.vignevin.com\\\/wp-content\\\/uploads\\\/2019\\\/02\\\/Sympt\u00f4mes-de-t\u00e2ches-annulaires-sur-feuilles-de-Rupestris-du-Lot.jpg\",\"index\":68,\"id\":10006,\"video\":false,\"opts\":{\"caption\":\"\",\"thumb\":\"https:\\\/\\\/www.vignevin.com\\\/wp-content\\\/uploads\\\/2019\\\/02\\\/Sympt\u00f4mes-de-t\u00e2ches-annulaires-sur-feuilles-de-Rupestris-du-Lot-75x50_c.jpg\",\"title\":\"Sympt&amp;ocirc;mes de t&amp;acirc;ches annulaires sur feuilles de Rupestris du Lot\"},\"gallery_id\":17410,\"gallery_title\":\"Grapevines virus\"},\"10007\":{\"status\":\"active\",\"src\":\"https:\\\/\\\/www.vignevin.com\\\/wp-content\\\/uploads\\\/2019\\\/02\\\/Sympt\u00f4mes-de-Vein-Clearing-Virus-sur-feuilles-de-Vidal-Blanc-2.tif\",\"title\":\"Sympt&amp;ocirc;mes de Vein Clearing Virus sur feuilles de Vidal Blanc (2)\",\"link\":\"https:\\\/\\\/www.vignevin.com\\\/wp-content\\\/uploads\\\/2019\\\/02\\\/Sympt\u00f4mes-de-Vein-Clearing-Virus-sur-feuilles-de-Vidal-Blanc-2.tif\",\"alt\":\"\",\"caption\":false,\"thumb\":\"https:\\\/\\\/www.vignevin.com\\\/wp-content\\\/uploads\\\/2019\\\/02\\\/Sympt\u00f4mes-de-Vein-Clearing-Virus-sur-feuilles-de-Vidal-Blanc-2-75x50_c.tif\",\"thumbnail\":\"https:\\\/\\\/www.vignevin.com\\\/wp-content\\\/uploads\\\/2019\\\/02\\\/Sympt\u00f4mes-de-Vein-Clearing-Virus-sur-feuilles-de-Vidal-Blanc-2.tif\",\"medium\":\"https:\\\/\\\/www.vignevin.com\\\/wp-content\\\/uploads\\\/2019\\\/02\\\/Sympt\u00f4mes-de-Vein-Clearing-Virus-sur-feuilles-de-Vidal-Blanc-2.tif\",\"medium_large\":\"https:\\\/\\\/www.vignevin.com\\\/wp-content\\\/uploads\\\/2019\\\/02\\\/Sympt\u00f4mes-de-Vein-Clearing-Virus-sur-feuilles-de-Vidal-Blanc-2.tif\",\"large\":\"https:\\\/\\\/www.vignevin.com\\\/wp-content\\\/uploads\\\/2019\\\/02\\\/Sympt\u00f4mes-de-Vein-Clearing-Virus-sur-feuilles-de-Vidal-Blanc-2.tif\",\"1536x1536\":\"https:\\\/\\\/www.vignevin.com\\\/wp-content\\\/uploads\\\/2019\\\/02\\\/Sympt\u00f4mes-de-Vein-Clearing-Virus-sur-feuilles-de-Vidal-Blanc-2.tif\",\"2048x2048\":\"https:\\\/\\\/www.vignevin.com\\\/wp-content\\\/uploads\\\/2019\\\/02\\\/Sympt\u00f4mes-de-Vein-Clearing-Virus-sur-feuilles-de-Vidal-Blanc-2.tif\",\"et-pb-post-main-image\":\"https:\\\/\\\/www.vignevin.com\\\/wp-content\\\/uploads\\\/2019\\\/02\\\/Sympt\u00f4mes-de-Vein-Clearing-Virus-sur-feuilles-de-Vidal-Blanc-2.tif\",\"et-pb-post-main-image-fullwidth\":\"https:\\\/\\\/www.vignevin.com\\\/wp-content\\\/uploads\\\/2019\\\/02\\\/Sympt\u00f4mes-de-Vein-Clearing-Virus-sur-feuilles-de-Vidal-Blanc-2.tif\",\"et-pb-portfolio-image\":\"https:\\\/\\\/www.vignevin.com\\\/wp-content\\\/uploads\\\/2019\\\/02\\\/Sympt\u00f4mes-de-Vein-Clearing-Virus-sur-feuilles-de-Vidal-Blanc-2.tif\",\"et-pb-portfolio-module-image\":\"https:\\\/\\\/www.vignevin.com\\\/wp-content\\\/uploads\\\/2019\\\/02\\\/Sympt\u00f4mes-de-Vein-Clearing-Virus-sur-feuilles-de-Vidal-Blanc-2.tif\",\"et-pb-portfolio-image-single\":\"https:\\\/\\\/www.vignevin.com\\\/wp-content\\\/uploads\\\/2019\\\/02\\\/Sympt\u00f4mes-de-Vein-Clearing-Virus-sur-feuilles-de-Vidal-Blanc-2.tif\",\"et-pb-gallery-module-image-portrait\":\"https:\\\/\\\/www.vignevin.com\\\/wp-content\\\/uploads\\\/2019\\\/02\\\/Sympt\u00f4mes-de-Vein-Clearing-Virus-sur-feuilles-de-Vidal-Blanc-2.tif\",\"et-pb-post-main-image-fullwidth-large\":\"https:\\\/\\\/www.vignevin.com\\\/wp-content\\\/uploads\\\/2019\\\/02\\\/Sympt\u00f4mes-de-Vein-Clearing-Virus-sur-feuilles-de-Vidal-Blanc-2.tif\",\"et-pb-image--responsive--desktop\":\"https:\\\/\\\/www.vignevin.com\\\/wp-content\\\/uploads\\\/2019\\\/02\\\/Sympt\u00f4mes-de-Vein-Clearing-Virus-sur-feuilles-de-Vidal-Blanc-2.tif\",\"et-pb-image--responsive--tablet\":\"https:\\\/\\\/www.vignevin.com\\\/wp-content\\\/uploads\\\/2019\\\/02\\\/Sympt\u00f4mes-de-Vein-Clearing-Virus-sur-feuilles-de-Vidal-Blanc-2.tif\",\"et-pb-image--responsive--phone\":\"https:\\\/\\\/www.vignevin.com\\\/wp-content\\\/uploads\\\/2019\\\/02\\\/Sympt\u00f4mes-de-Vein-Clearing-Virus-sur-feuilles-de-Vidal-Blanc-2.tif\",\"gform-image-choice-sm\":\"https:\\\/\\\/www.vignevin.com\\\/wp-content\\\/uploads\\\/2019\\\/02\\\/Sympt\u00f4mes-de-Vein-Clearing-Virus-sur-feuilles-de-Vidal-Blanc-2.tif\",\"gform-image-choice-md\":\"https:\\\/\\\/www.vignevin.com\\\/wp-content\\\/uploads\\\/2019\\\/02\\\/Sympt\u00f4mes-de-Vein-Clearing-Virus-sur-feuilles-de-Vidal-Blanc-2.tif\",\"gform-image-choice-lg\":\"https:\\\/\\\/www.vignevin.com\\\/wp-content\\\/uploads\\\/2019\\\/02\\\/Sympt\u00f4mes-de-Vein-Clearing-Virus-sur-feuilles-de-Vidal-Blanc-2.tif\",\"woocommerce_thumbnail\":\"https:\\\/\\\/www.vignevin.com\\\/wp-content\\\/uploads\\\/2019\\\/02\\\/Sympt\u00f4mes-de-Vein-Clearing-Virus-sur-feuilles-de-Vidal-Blanc-2.tif\",\"woocommerce_single\":\"https:\\\/\\\/www.vignevin.com\\\/wp-content\\\/uploads\\\/2019\\\/02\\\/Sympt\u00f4mes-de-Vein-Clearing-Virus-sur-feuilles-de-Vidal-Blanc-2.tif\",\"woocommerce_gallery_thumbnail\":\"https:\\\/\\\/www.vignevin.com\\\/wp-content\\\/uploads\\\/2019\\\/02\\\/Sympt\u00f4mes-de-Vein-Clearing-Virus-sur-feuilles-de-Vidal-Blanc-2.tif\",\"full\":\"https:\\\/\\\/www.vignevin.com\\\/wp-content\\\/uploads\\\/2019\\\/02\\\/Sympt\u00f4mes-de-Vein-Clearing-Virus-sur-feuilles-de-Vidal-Blanc-2.tif\",\"index\":69,\"id\":10007,\"video\":false,\"opts\":{\"caption\":\"\",\"thumb\":\"https:\\\/\\\/www.vignevin.com\\\/wp-content\\\/uploads\\\/2019\\\/02\\\/Sympt\u00f4mes-de-Vein-Clearing-Virus-sur-feuilles-de-Vidal-Blanc-2-75x50_c.tif\",\"title\":\"Sympt&amp;ocirc;mes de Vein Clearing Virus sur feuilles de Vidal Blanc (2)\"},\"gallery_id\":17410,\"gallery_title\":\"Grapevines virus\"},\"10008\":{\"status\":\"active\",\"src\":\"https:\\\/\\\/www.vignevin.com\\\/wp-content\\\/uploads\\\/2019\\\/02\\\/Sympt\u00f4mes-de-Vein-Clearing-Virus-sur-feuilles-de-Vidal-Blanc.tif\",\"title\":\"Sympt&amp;ocirc;mes de Vein Clearing Virus sur feuilles de Vidal Blanc\",\"link\":\"https:\\\/\\\/www.vignevin.com\\\/wp-content\\\/uploads\\\/2019\\\/02\\\/Sympt\u00f4mes-de-Vein-Clearing-Virus-sur-feuilles-de-Vidal-Blanc.tif\",\"alt\":\"\",\"caption\":false,\"thumb\":\"https:\\\/\\\/www.vignevin.com\\\/wp-content\\\/uploads\\\/2019\\\/02\\\/Sympt\u00f4mes-de-Vein-Clearing-Virus-sur-feuilles-de-Vidal-Blanc-75x50_c.tif\",\"thumbnail\":\"https:\\\/\\\/www.vignevin.com\\\/wp-content\\\/uploads\\\/2019\\\/02\\\/Sympt\u00f4mes-de-Vein-Clearing-Virus-sur-feuilles-de-Vidal-Blanc.tif\",\"medium\":\"https:\\\/\\\/www.vignevin.com\\\/wp-content\\\/uploads\\\/2019\\\/02\\\/Sympt\u00f4mes-de-Vein-Clearing-Virus-sur-feuilles-de-Vidal-Blanc.tif\",\"medium_large\":\"https:\\\/\\\/www.vignevin.com\\\/wp-content\\\/uploads\\\/2019\\\/02\\\/Sympt\u00f4mes-de-Vein-Clearing-Virus-sur-feuilles-de-Vidal-Blanc.tif\",\"large\":\"https:\\\/\\\/www.vignevin.com\\\/wp-content\\\/uploads\\\/2019\\\/02\\\/Sympt\u00f4mes-de-Vein-Clearing-Virus-sur-feuilles-de-Vidal-Blanc.tif\",\"1536x1536\":\"https:\\\/\\\/www.vignevin.com\\\/wp-content\\\/uploads\\\/2019\\\/02\\\/Sympt\u00f4mes-de-Vein-Clearing-Virus-sur-feuilles-de-Vidal-Blanc.tif\",\"2048x2048\":\"https:\\\/\\\/www.vignevin.com\\\/wp-content\\\/uploads\\\/2019\\\/02\\\/Sympt\u00f4mes-de-Vein-Clearing-Virus-sur-feuilles-de-Vidal-Blanc.tif\",\"et-pb-post-main-image\":\"https:\\\/\\\/www.vignevin.com\\\/wp-content\\\/uploads\\\/2019\\\/02\\\/Sympt\u00f4mes-de-Vein-Clearing-Virus-sur-feuilles-de-Vidal-Blanc.tif\",\"et-pb-post-main-image-fullwidth\":\"https:\\\/\\\/www.vignevin.com\\\/wp-content\\\/uploads\\\/2019\\\/02\\\/Sympt\u00f4mes-de-Vein-Clearing-Virus-sur-feuilles-de-Vidal-Blanc.tif\",\"et-pb-portfolio-image\":\"https:\\\/\\\/www.vignevin.com\\\/wp-content\\\/uploads\\\/2019\\\/02\\\/Sympt\u00f4mes-de-Vein-Clearing-Virus-sur-feuilles-de-Vidal-Blanc.tif\",\"et-pb-portfolio-module-image\":\"https:\\\/\\\/www.vignevin.com\\\/wp-content\\\/uploads\\\/2019\\\/02\\\/Sympt\u00f4mes-de-Vein-Clearing-Virus-sur-feuilles-de-Vidal-Blanc.tif\",\"et-pb-portfolio-image-single\":\"https:\\\/\\\/www.vignevin.com\\\/wp-content\\\/uploads\\\/2019\\\/02\\\/Sympt\u00f4mes-de-Vein-Clearing-Virus-sur-feuilles-de-Vidal-Blanc.tif\",\"et-pb-gallery-module-image-portrait\":\"https:\\\/\\\/www.vignevin.com\\\/wp-content\\\/uploads\\\/2019\\\/02\\\/Sympt\u00f4mes-de-Vein-Clearing-Virus-sur-feuilles-de-Vidal-Blanc.tif\",\"et-pb-post-main-image-fullwidth-large\":\"https:\\\/\\\/www.vignevin.com\\\/wp-content\\\/uploads\\\/2019\\\/02\\\/Sympt\u00f4mes-de-Vein-Clearing-Virus-sur-feuilles-de-Vidal-Blanc.tif\",\"et-pb-image--responsive--desktop\":\"https:\\\/\\\/www.vignevin.com\\\/wp-content\\\/uploads\\\/2019\\\/02\\\/Sympt\u00f4mes-de-Vein-Clearing-Virus-sur-feuilles-de-Vidal-Blanc.tif\",\"et-pb-image--responsive--tablet\":\"https:\\\/\\\/www.vignevin.com\\\/wp-content\\\/uploads\\\/2019\\\/02\\\/Sympt\u00f4mes-de-Vein-Clearing-Virus-sur-feuilles-de-Vidal-Blanc.tif\",\"et-pb-image--responsive--phone\":\"https:\\\/\\\/www.vignevin.com\\\/wp-content\\\/uploads\\\/2019\\\/02\\\/Sympt\u00f4mes-de-Vein-Clearing-Virus-sur-feuilles-de-Vidal-Blanc.tif\",\"gform-image-choice-sm\":\"https:\\\/\\\/www.vignevin.com\\\/wp-content\\\/uploads\\\/2019\\\/02\\\/Sympt\u00f4mes-de-Vein-Clearing-Virus-sur-feuilles-de-Vidal-Blanc.tif\",\"gform-image-choice-md\":\"https:\\\/\\\/www.vignevin.com\\\/wp-content\\\/uploads\\\/2019\\\/02\\\/Sympt\u00f4mes-de-Vein-Clearing-Virus-sur-feuilles-de-Vidal-Blanc.tif\",\"gform-image-choice-lg\":\"https:\\\/\\\/www.vignevin.com\\\/wp-content\\\/uploads\\\/2019\\\/02\\\/Sympt\u00f4mes-de-Vein-Clearing-Virus-sur-feuilles-de-Vidal-Blanc.tif\",\"woocommerce_thumbnail\":\"https:\\\/\\\/www.vignevin.com\\\/wp-content\\\/uploads\\\/2019\\\/02\\\/Sympt\u00f4mes-de-Vein-Clearing-Virus-sur-feuilles-de-Vidal-Blanc.tif\",\"woocommerce_single\":\"https:\\\/\\\/www.vignevin.com\\\/wp-content\\\/uploads\\\/2019\\\/02\\\/Sympt\u00f4mes-de-Vein-Clearing-Virus-sur-feuilles-de-Vidal-Blanc.tif\",\"woocommerce_gallery_thumbnail\":\"https:\\\/\\\/www.vignevin.com\\\/wp-content\\\/uploads\\\/2019\\\/02\\\/Sympt\u00f4mes-de-Vein-Clearing-Virus-sur-feuilles-de-Vidal-Blanc.tif\",\"full\":\"https:\\\/\\\/www.vignevin.com\\\/wp-content\\\/uploads\\\/2019\\\/02\\\/Sympt\u00f4mes-de-Vein-Clearing-Virus-sur-feuilles-de-Vidal-Blanc.tif\",\"index\":70,\"id\":10008,\"video\":false,\"opts\":{\"caption\":\"\",\"thumb\":\"https:\\\/\\\/www.vignevin.com\\\/wp-content\\\/uploads\\\/2019\\\/02\\\/Sympt\u00f4mes-de-Vein-Clearing-Virus-sur-feuilles-de-Vidal-Blanc-75x50_c.tif\",\"title\":\"Sympt&amp;ocirc;mes de Vein Clearing Virus sur feuilles de Vidal Blanc\"},\"gallery_id\":17410,\"gallery_title\":\"Grapevines virus\"},\"10009\":{\"status\":\"active\",\"src\":\"https:\\\/\\\/www.vignevin.com\\\/wp-content\\\/uploads\\\/2019\\\/02\\\/Sympt\u00f4mes-denroulement-2.jpg\",\"title\":\"Sympt&amp;ocirc;mes d&amp;amp;rsquo;enroulement (2)\",\"link\":\"https:\\\/\\\/www.vignevin.com\\\/wp-content\\\/uploads\\\/2019\\\/02\\\/Sympt\u00f4mes-denroulement-2.jpg\",\"alt\":\"\",\"caption\":false,\"thumb\":\"https:\\\/\\\/www.vignevin.com\\\/wp-content\\\/uploads\\\/2019\\\/02\\\/Sympt\u00f4mes-denroulement-2-75x50_c.jpg\",\"meta\":{\"aperture\":\"4\",\"credit\":null,\"camera\":\"DMC-TZ10\",\"caption\":\"\",\"created_timestamp\":\"1379600142\",\"copyright\":null,\"focal_length\":\"4.1\",\"iso\":\"80\",\"shutter_speed\":\"0.008\",\"title\":\"\",\"orientation\":\"1\",\"keywords\":null},\"thumbnail\":\"https:\\\/\\\/www.vignevin.com\\\/wp-content\\\/uploads\\\/2019\\\/02\\\/Sympt\u00f4mes-denroulement-2.jpg\",\"medium\":\"https:\\\/\\\/www.vignevin.com\\\/wp-content\\\/uploads\\\/2019\\\/02\\\/Sympt\u00f4mes-denroulement-2.jpg\",\"medium_large\":\"https:\\\/\\\/www.vignevin.com\\\/wp-content\\\/uploads\\\/2019\\\/02\\\/Sympt\u00f4mes-denroulement-2.jpg\",\"large\":\"https:\\\/\\\/www.vignevin.com\\\/wp-content\\\/uploads\\\/2019\\\/02\\\/Sympt\u00f4mes-denroulement-2.jpg\",\"1536x1536\":\"https:\\\/\\\/www.vignevin.com\\\/wp-content\\\/uploads\\\/2019\\\/02\\\/Sympt\u00f4mes-denroulement-2.jpg\",\"2048x2048\":\"https:\\\/\\\/www.vignevin.com\\\/wp-content\\\/uploads\\\/2019\\\/02\\\/Sympt\u00f4mes-denroulement-2.jpg\",\"et-pb-post-main-image\":\"https:\\\/\\\/www.vignevin.com\\\/wp-content\\\/uploads\\\/2019\\\/02\\\/Sympt\u00f4mes-denroulement-2.jpg\",\"et-pb-post-main-image-fullwidth\":\"https:\\\/\\\/www.vignevin.com\\\/wp-content\\\/uploads\\\/2019\\\/02\\\/Sympt\u00f4mes-denroulement-2.jpg\",\"et-pb-portfolio-image\":\"https:\\\/\\\/www.vignevin.com\\\/wp-content\\\/uploads\\\/2019\\\/02\\\/Sympt\u00f4mes-denroulement-2.jpg\",\"et-pb-portfolio-module-image\":\"https:\\\/\\\/www.vignevin.com\\\/wp-content\\\/uploads\\\/2019\\\/02\\\/Sympt\u00f4mes-denroulement-2.jpg\",\"et-pb-portfolio-image-single\":\"https:\\\/\\\/www.vignevin.com\\\/wp-content\\\/uploads\\\/2019\\\/02\\\/Sympt\u00f4mes-denroulement-2.jpg\",\"et-pb-gallery-module-image-portrait\":\"https:\\\/\\\/www.vignevin.com\\\/wp-content\\\/uploads\\\/2019\\\/02\\\/Sympt\u00f4mes-denroulement-2.jpg\",\"et-pb-post-main-image-fullwidth-large\":\"https:\\\/\\\/www.vignevin.com\\\/wp-content\\\/uploads\\\/2019\\\/02\\\/Sympt\u00f4mes-denroulement-2.jpg\",\"et-pb-image--responsive--desktop\":\"https:\\\/\\\/www.vignevin.com\\\/wp-content\\\/uploads\\\/2019\\\/02\\\/Sympt\u00f4mes-denroulement-2.jpg\",\"et-pb-image--responsive--tablet\":\"https:\\\/\\\/www.vignevin.com\\\/wp-content\\\/uploads\\\/2019\\\/02\\\/Sympt\u00f4mes-denroulement-2.jpg\",\"et-pb-image--responsive--phone\":\"https:\\\/\\\/www.vignevin.com\\\/wp-content\\\/uploads\\\/2019\\\/02\\\/Sympt\u00f4mes-denroulement-2.jpg\",\"gform-image-choice-sm\":\"https:\\\/\\\/www.vignevin.com\\\/wp-content\\\/uploads\\\/2019\\\/02\\\/Sympt\u00f4mes-denroulement-2.jpg\",\"gform-image-choice-md\":\"https:\\\/\\\/www.vignevin.com\\\/wp-content\\\/uploads\\\/2019\\\/02\\\/Sympt\u00f4mes-denroulement-2.jpg\",\"gform-image-choice-lg\":\"https:\\\/\\\/www.vignevin.com\\\/wp-content\\\/uploads\\\/2019\\\/02\\\/Sympt\u00f4mes-denroulement-2.jpg\",\"woocommerce_thumbnail\":\"https:\\\/\\\/www.vignevin.com\\\/wp-content\\\/uploads\\\/2019\\\/02\\\/Sympt\u00f4mes-denroulement-2-300x300.jpg\",\"woocommerce_single\":\"https:\\\/\\\/www.vignevin.com\\\/wp-content\\\/uploads\\\/2019\\\/02\\\/Sympt\u00f4mes-denroulement-2-600x800.jpg\",\"woocommerce_gallery_thumbnail\":\"https:\\\/\\\/www.vignevin.com\\\/wp-content\\\/uploads\\\/2019\\\/02\\\/Sympt\u00f4mes-denroulement-2-100x100.jpg\",\"full\":\"https:\\\/\\\/www.vignevin.com\\\/wp-content\\\/uploads\\\/2019\\\/02\\\/Sympt\u00f4mes-denroulement-2.jpg\",\"index\":71,\"id\":10009,\"video\":false,\"opts\":{\"caption\":\"\",\"thumb\":\"https:\\\/\\\/www.vignevin.com\\\/wp-content\\\/uploads\\\/2019\\\/02\\\/Sympt\u00f4mes-denroulement-2-75x50_c.jpg\",\"title\":\"Sympt&amp;ocirc;mes d&amp;amp;rsquo;enroulement (2)\"},\"gallery_id\":17410,\"gallery_title\":\"Grapevines virus\"},\"10010\":{\"status\":\"active\",\"src\":\"https:\\\/\\\/www.vignevin.com\\\/wp-content\\\/uploads\\\/2019\\\/02\\\/Sympt\u00f4mes-denroulement-3.jpg\",\"title\":\"OLYMPUS DIGITAL CAMERA\",\"link\":\"https:\\\/\\\/www.vignevin.com\\\/wp-content\\\/uploads\\\/2019\\\/02\\\/Sympt\u00f4mes-denroulement-3.jpg\",\"alt\":\"\",\"caption\":\"OLYMPUS DIGITAL CAMERA\",\"thumb\":\"https:\\\/\\\/www.vignevin.com\\\/wp-content\\\/uploads\\\/2019\\\/02\\\/Sympt\u00f4mes-denroulement-3-75x50_c.jpg\",\"meta\":{\"aperture\":\"2.8\",\"credit\":null,\"camera\":\"C-5000Z\",\"caption\":\"OLYMPUS DIGITAL CAMERA\",\"created_timestamp\":\"1190815916\",\"copyright\":null,\"focal_length\":\"7.8\",\"iso\":\"50\",\"shutter_speed\":\"0.004\",\"title\":\"OLYMPUS DIGITAL CAMERA\",\"orientation\":\"1\",\"keywords\":null},\"thumbnail\":\"https:\\\/\\\/www.vignevin.com\\\/wp-content\\\/uploads\\\/2019\\\/02\\\/Sympt\u00f4mes-denroulement-3.jpg\",\"medium\":\"https:\\\/\\\/www.vignevin.com\\\/wp-content\\\/uploads\\\/2019\\\/02\\\/Sympt\u00f4mes-denroulement-3.jpg\",\"medium_large\":\"https:\\\/\\\/www.vignevin.com\\\/wp-content\\\/uploads\\\/2019\\\/02\\\/Sympt\u00f4mes-denroulement-3.jpg\",\"large\":\"https:\\\/\\\/www.vignevin.com\\\/wp-content\\\/uploads\\\/2019\\\/02\\\/Sympt\u00f4mes-denroulement-3.jpg\",\"1536x1536\":\"https:\\\/\\\/www.vignevin.com\\\/wp-content\\\/uploads\\\/2019\\\/02\\\/Sympt\u00f4mes-denroulement-3.jpg\",\"2048x2048\":\"https:\\\/\\\/www.vignevin.com\\\/wp-content\\\/uploads\\\/2019\\\/02\\\/Sympt\u00f4mes-denroulement-3.jpg\",\"et-pb-post-main-image\":\"https:\\\/\\\/www.vignevin.com\\\/wp-content\\\/uploads\\\/2019\\\/02\\\/Sympt\u00f4mes-denroulement-3.jpg\",\"et-pb-post-main-image-fullwidth\":\"https:\\\/\\\/www.vignevin.com\\\/wp-content\\\/uploads\\\/2019\\\/02\\\/Sympt\u00f4mes-denroulement-3.jpg\",\"et-pb-portfolio-image\":\"https:\\\/\\\/www.vignevin.com\\\/wp-content\\\/uploads\\\/2019\\\/02\\\/Sympt\u00f4mes-denroulement-3.jpg\",\"et-pb-portfolio-module-image\":\"https:\\\/\\\/www.vignevin.com\\\/wp-content\\\/uploads\\\/2019\\\/02\\\/Sympt\u00f4mes-denroulement-3.jpg\",\"et-pb-portfolio-image-single\":\"https:\\\/\\\/www.vignevin.com\\\/wp-content\\\/uploads\\\/2019\\\/02\\\/Sympt\u00f4mes-denroulement-3.jpg\",\"et-pb-gallery-module-image-portrait\":\"https:\\\/\\\/www.vignevin.com\\\/wp-content\\\/uploads\\\/2019\\\/02\\\/Sympt\u00f4mes-denroulement-3.jpg\",\"et-pb-post-main-image-fullwidth-large\":\"https:\\\/\\\/www.vignevin.com\\\/wp-content\\\/uploads\\\/2019\\\/02\\\/Sympt\u00f4mes-denroulement-3.jpg\",\"et-pb-image--responsive--desktop\":\"https:\\\/\\\/www.vignevin.com\\\/wp-content\\\/uploads\\\/2019\\\/02\\\/Sympt\u00f4mes-denroulement-3.jpg\",\"et-pb-image--responsive--tablet\":\"https:\\\/\\\/www.vignevin.com\\\/wp-content\\\/uploads\\\/2019\\\/02\\\/Sympt\u00f4mes-denroulement-3.jpg\",\"et-pb-image--responsive--phone\":\"https:\\\/\\\/www.vignevin.com\\\/wp-content\\\/uploads\\\/2019\\\/02\\\/Sympt\u00f4mes-denroulement-3.jpg\",\"gform-image-choice-sm\":\"https:\\\/\\\/www.vignevin.com\\\/wp-content\\\/uploads\\\/2019\\\/02\\\/Sympt\u00f4mes-denroulement-3.jpg\",\"gform-image-choice-md\":\"https:\\\/\\\/www.vignevin.com\\\/wp-content\\\/uploads\\\/2019\\\/02\\\/Sympt\u00f4mes-denroulement-3.jpg\",\"gform-image-choice-lg\":\"https:\\\/\\\/www.vignevin.com\\\/wp-content\\\/uploads\\\/2019\\\/02\\\/Sympt\u00f4mes-denroulement-3.jpg\",\"woocommerce_thumbnail\":\"https:\\\/\\\/www.vignevin.com\\\/wp-content\\\/uploads\\\/2019\\\/02\\\/Sympt\u00f4mes-denroulement-3-300x300.jpg\",\"woocommerce_single\":\"https:\\\/\\\/www.vignevin.com\\\/wp-content\\\/uploads\\\/2019\\\/02\\\/Sympt\u00f4mes-denroulement-3-600x800.jpg\",\"woocommerce_gallery_thumbnail\":\"https:\\\/\\\/www.vignevin.com\\\/wp-content\\\/uploads\\\/2019\\\/02\\\/Sympt\u00f4mes-denroulement-3-100x100.jpg\",\"full\":\"https:\\\/\\\/www.vignevin.com\\\/wp-content\\\/uploads\\\/2019\\\/02\\\/Sympt\u00f4mes-denroulement-3.jpg\",\"index\":72,\"id\":10010,\"video\":false,\"opts\":{\"caption\":\"OLYMPUS DIGITAL CAMERA\",\"thumb\":\"https:\\\/\\\/www.vignevin.com\\\/wp-content\\\/uploads\\\/2019\\\/02\\\/Sympt\u00f4mes-denroulement-3-75x50_c.jpg\",\"title\":\"OLYMPUS DIGITAL CAMERA\"},\"gallery_id\":17410,\"gallery_title\":\"Grapevines virus\"},\"10011\":{\"status\":\"active\",\"src\":\"https:\\\/\\\/www.vignevin.com\\\/wp-content\\\/uploads\\\/2019\\\/02\\\/Sympt\u00f4mes-denroulement-4-scaled.jpg\",\"title\":\"Sympt&amp;ocirc;mes d&amp;amp;rsquo;enroulement (4)\",\"link\":\"https:\\\/\\\/www.vignevin.com\\\/wp-content\\\/uploads\\\/2019\\\/02\\\/Sympt\u00f4mes-denroulement-4.jpg\",\"alt\":\"\",\"caption\":false,\"thumb\":\"https:\\\/\\\/www.vignevin.com\\\/wp-content\\\/uploads\\\/2019\\\/02\\\/Sympt\u00f4mes-denroulement-4-scaled-75x50_c.jpg\",\"meta\":{\"aperture\":\"4\",\"credit\":null,\"camera\":\"DMC-TZ10\",\"caption\":\"\",\"created_timestamp\":\"1435073524\",\"copyright\":null,\"focal_length\":\"4.1\",\"iso\":\"80\",\"shutter_speed\":\"0.0025\",\"title\":\"\",\"orientation\":\"1\",\"keywords\":null},\"thumbnail\":\"https:\\\/\\\/www.vignevin.com\\\/wp-content\\\/uploads\\\/2019\\\/02\\\/Sympt\u00f4mes-denroulement-4-150x150.jpg\",\"medium\":\"https:\\\/\\\/www.vignevin.com\\\/wp-content\\\/uploads\\\/2019\\\/02\\\/Sympt\u00f4mes-denroulement-4-225x300.jpg\",\"medium_large\":\"https:\\\/\\\/www.vignevin.com\\\/wp-content\\\/uploads\\\/2019\\\/02\\\/Sympt\u00f4mes-denroulement-4-768x1024.jpg\",\"large\":\"https:\\\/\\\/www.vignevin.com\\\/wp-content\\\/uploads\\\/2019\\\/02\\\/Sympt\u00f4mes-denroulement-4-768x1024.jpg\",\"1536x1536\":\"https:\\\/\\\/www.vignevin.com\\\/wp-content\\\/uploads\\\/2019\\\/02\\\/Sympt\u00f4mes-denroulement-4-scaled.jpg\",\"2048x2048\":\"https:\\\/\\\/www.vignevin.com\\\/wp-content\\\/uploads\\\/2019\\\/02\\\/Sympt\u00f4mes-denroulement-4-scaled.jpg\",\"et-pb-post-main-image\":\"https:\\\/\\\/www.vignevin.com\\\/wp-content\\\/uploads\\\/2019\\\/02\\\/Sympt\u00f4mes-denroulement-4-400x250.jpg\",\"et-pb-post-main-image-fullwidth\":\"https:\\\/\\\/www.vignevin.com\\\/wp-content\\\/uploads\\\/2019\\\/02\\\/Sympt\u00f4mes-denroulement-4-1080x675.jpg\",\"et-pb-portfolio-image\":\"https:\\\/\\\/www.vignevin.com\\\/wp-content\\\/uploads\\\/2019\\\/02\\\/Sympt\u00f4mes-denroulement-4-400x284.jpg\",\"et-pb-portfolio-module-image\":\"https:\\\/\\\/www.vignevin.com\\\/wp-content\\\/uploads\\\/2019\\\/02\\\/Sympt\u00f4mes-denroulement-4-510x382.jpg\",\"et-pb-portfolio-image-single\":\"https:\\\/\\\/www.vignevin.com\\\/wp-content\\\/uploads\\\/2019\\\/02\\\/Sympt\u00f4mes-denroulement-4-1080x1440.jpg\",\"et-pb-gallery-module-image-portrait\":\"https:\\\/\\\/www.vignevin.com\\\/wp-content\\\/uploads\\\/2019\\\/02\\\/Sympt\u00f4mes-denroulement-4-400x516.jpg\",\"et-pb-post-main-image-fullwidth-large\":\"https:\\\/\\\/www.vignevin.com\\\/wp-content\\\/uploads\\\/2019\\\/02\\\/Sympt\u00f4mes-denroulement-4-2880x1800.jpg\",\"et-pb-image--responsive--desktop\":\"https:\\\/\\\/www.vignevin.com\\\/wp-content\\\/uploads\\\/2019\\\/02\\\/Sympt\u00f4mes-denroulement-4-scaled.jpg\",\"et-pb-image--responsive--tablet\":\"https:\\\/\\\/www.vignevin.com\\\/wp-content\\\/uploads\\\/2019\\\/02\\\/Sympt\u00f4mes-denroulement-4-scaled.jpg\",\"et-pb-image--responsive--phone\":\"https:\\\/\\\/www.vignevin.com\\\/wp-content\\\/uploads\\\/2019\\\/02\\\/Sympt\u00f4mes-denroulement-4-scaled.jpg\",\"gform-image-choice-sm\":\"https:\\\/\\\/www.vignevin.com\\\/wp-content\\\/uploads\\\/2019\\\/02\\\/Sympt\u00f4mes-denroulement-4-scaled.jpg\",\"gform-image-choice-md\":\"https:\\\/\\\/www.vignevin.com\\\/wp-content\\\/uploads\\\/2019\\\/02\\\/Sympt\u00f4mes-denroulement-4-scaled.jpg\",\"gform-image-choice-lg\":\"https:\\\/\\\/www.vignevin.com\\\/wp-content\\\/uploads\\\/2019\\\/02\\\/Sympt\u00f4mes-denroulement-4-scaled.jpg\",\"woocommerce_thumbnail\":\"https:\\\/\\\/www.vignevin.com\\\/wp-content\\\/uploads\\\/2019\\\/02\\\/Sympt\u00f4mes-denroulement-4-scaled-300x300.jpg\",\"woocommerce_single\":\"https:\\\/\\\/www.vignevin.com\\\/wp-content\\\/uploads\\\/2019\\\/02\\\/Sympt\u00f4mes-denroulement-4-scaled-600x800.jpg\",\"woocommerce_gallery_thumbnail\":\"https:\\\/\\\/www.vignevin.com\\\/wp-content\\\/uploads\\\/2019\\\/02\\\/Sympt\u00f4mes-denroulement-4-scaled-100x100.jpg\",\"full\":\"https:\\\/\\\/www.vignevin.com\\\/wp-content\\\/uploads\\\/2019\\\/02\\\/Sympt\u00f4mes-denroulement-4-scaled.jpg\",\"index\":73,\"id\":10011,\"video\":false,\"opts\":{\"caption\":\"\",\"thumb\":\"https:\\\/\\\/www.vignevin.com\\\/wp-content\\\/uploads\\\/2019\\\/02\\\/Sympt\u00f4mes-denroulement-4-scaled-75x50_c.jpg\",\"title\":\"Sympt&amp;ocirc;mes d&amp;amp;rsquo;enroulement (4)\"},\"gallery_id\":17410,\"gallery_title\":\"Grapevines virus\"},\"10012\":{\"status\":\"active\",\"src\":\"https:\\\/\\\/www.vignevin.com\\\/wp-content\\\/uploads\\\/2019\\\/02\\\/Sympt\u00f4mes-denroulement-5.jpg\",\"title\":\"Sympt&amp;ocirc;mes d&amp;amp;rsquo;enroulement (5)\",\"link\":\"https:\\\/\\\/www.vignevin.com\\\/wp-content\\\/uploads\\\/2019\\\/02\\\/Sympt\u00f4mes-denroulement-5.jpg\",\"alt\":\"\",\"caption\":false,\"thumb\":\"https:\\\/\\\/www.vignevin.com\\\/wp-content\\\/uploads\\\/2019\\\/02\\\/Sympt\u00f4mes-denroulement-5-75x50_c.jpg\",\"meta\":{\"aperture\":null,\"credit\":null,\"camera\":null,\"caption\":\"\",\"created_timestamp\":null,\"copyright\":null,\"focal_length\":null,\"iso\":null,\"shutter_speed\":null,\"title\":\"\",\"orientation\":null,\"keywords\":null},\"thumbnail\":\"https:\\\/\\\/www.vignevin.com\\\/wp-content\\\/uploads\\\/2019\\\/02\\\/Sympt\u00f4mes-denroulement-5.jpg\",\"medium\":\"https:\\\/\\\/www.vignevin.com\\\/wp-content\\\/uploads\\\/2019\\\/02\\\/Sympt\u00f4mes-denroulement-5.jpg\",\"medium_large\":\"https:\\\/\\\/www.vignevin.com\\\/wp-content\\\/uploads\\\/2019\\\/02\\\/Sympt\u00f4mes-denroulement-5.jpg\",\"large\":\"https:\\\/\\\/www.vignevin.com\\\/wp-content\\\/uploads\\\/2019\\\/02\\\/Sympt\u00f4mes-denroulement-5.jpg\",\"1536x1536\":\"https:\\\/\\\/www.vignevin.com\\\/wp-content\\\/uploads\\\/2019\\\/02\\\/Sympt\u00f4mes-denroulement-5.jpg\",\"2048x2048\":\"https:\\\/\\\/www.vignevin.com\\\/wp-content\\\/uploads\\\/2019\\\/02\\\/Sympt\u00f4mes-denroulement-5.jpg\",\"et-pb-post-main-image\":\"https:\\\/\\\/www.vignevin.com\\\/wp-content\\\/uploads\\\/2019\\\/02\\\/Sympt\u00f4mes-denroulement-5.jpg\",\"et-pb-post-main-image-fullwidth\":\"https:\\\/\\\/www.vignevin.com\\\/wp-content\\\/uploads\\\/2019\\\/02\\\/Sympt\u00f4mes-denroulement-5.jpg\",\"et-pb-portfolio-image\":\"https:\\\/\\\/www.vignevin.com\\\/wp-content\\\/uploads\\\/2019\\\/02\\\/Sympt\u00f4mes-denroulement-5.jpg\",\"et-pb-portfolio-module-image\":\"https:\\\/\\\/www.vignevin.com\\\/wp-content\\\/uploads\\\/2019\\\/02\\\/Sympt\u00f4mes-denroulement-5.jpg\",\"et-pb-portfolio-image-single\":\"https:\\\/\\\/www.vignevin.com\\\/wp-content\\\/uploads\\\/2019\\\/02\\\/Sympt\u00f4mes-denroulement-5.jpg\",\"et-pb-gallery-module-image-portrait\":\"https:\\\/\\\/www.vignevin.com\\\/wp-content\\\/uploads\\\/2019\\\/02\\\/Sympt\u00f4mes-denroulement-5.jpg\",\"et-pb-post-main-image-fullwidth-large\":\"https:\\\/\\\/www.vignevin.com\\\/wp-content\\\/uploads\\\/2019\\\/02\\\/Sympt\u00f4mes-denroulement-5.jpg\",\"et-pb-image--responsive--desktop\":\"https:\\\/\\\/www.vignevin.com\\\/wp-content\\\/uploads\\\/2019\\\/02\\\/Sympt\u00f4mes-denroulement-5.jpg\",\"et-pb-image--responsive--tablet\":\"https:\\\/\\\/www.vignevin.com\\\/wp-content\\\/uploads\\\/2019\\\/02\\\/Sympt\u00f4mes-denroulement-5.jpg\",\"et-pb-image--responsive--phone\":\"https:\\\/\\\/www.vignevin.com\\\/wp-content\\\/uploads\\\/2019\\\/02\\\/Sympt\u00f4mes-denroulement-5.jpg\",\"gform-image-choice-sm\":\"https:\\\/\\\/www.vignevin.com\\\/wp-content\\\/uploads\\\/2019\\\/02\\\/Sympt\u00f4mes-denroulement-5.jpg\",\"gform-image-choice-md\":\"https:\\\/\\\/www.vignevin.com\\\/wp-content\\\/uploads\\\/2019\\\/02\\\/Sympt\u00f4mes-denroulement-5.jpg\",\"gform-image-choice-lg\":\"https:\\\/\\\/www.vignevin.com\\\/wp-content\\\/uploads\\\/2019\\\/02\\\/Sympt\u00f4mes-denroulement-5.jpg\",\"woocommerce_thumbnail\":\"https:\\\/\\\/www.vignevin.com\\\/wp-content\\\/uploads\\\/2019\\\/02\\\/Sympt\u00f4mes-denroulement-5-300x300.jpg\",\"woocommerce_single\":\"https:\\\/\\\/www.vignevin.com\\\/wp-content\\\/uploads\\\/2019\\\/02\\\/Sympt\u00f4mes-denroulement-5.jpg\",\"woocommerce_gallery_thumbnail\":\"https:\\\/\\\/www.vignevin.com\\\/wp-content\\\/uploads\\\/2019\\\/02\\\/Sympt\u00f4mes-denroulement-5-100x100.jpg\",\"full\":\"https:\\\/\\\/www.vignevin.com\\\/wp-content\\\/uploads\\\/2019\\\/02\\\/Sympt\u00f4mes-denroulement-5.jpg\",\"index\":74,\"id\":10012,\"video\":false,\"opts\":{\"caption\":\"\",\"thumb\":\"https:\\\/\\\/www.vignevin.com\\\/wp-content\\\/uploads\\\/2019\\\/02\\\/Sympt\u00f4mes-denroulement-5-75x50_c.jpg\",\"title\":\"Sympt&amp;ocirc;mes d&amp;amp;rsquo;enroulement (5)\"},\"gallery_id\":17410,\"gallery_title\":\"Grapevines virus\"},\"10013\":{\"status\":\"active\",\"src\":\"https:\\\/\\\/www.vignevin.com\\\/wp-content\\\/uploads\\\/2019\\\/02\\\/Sympt\u00f4mes-denroulement-sur-Fer-N-2.jpg\",\"title\":\"Sympt&amp;ocirc;mes d&amp;amp;rsquo;enroulement sur Fer N (2)\",\"link\":\"https:\\\/\\\/www.vignevin.com\\\/wp-content\\\/uploads\\\/2019\\\/02\\\/Sympt\u00f4mes-denroulement-sur-Fer-N-2.jpg\",\"alt\":\"\",\"caption\":false,\"thumb\":\"https:\\\/\\\/www.vignevin.com\\\/wp-content\\\/uploads\\\/2019\\\/02\\\/Sympt\u00f4mes-denroulement-sur-Fer-N-2-75x50_c.jpg\",\"meta\":{\"aperture\":\"4\",\"credit\":null,\"camera\":\"DMC-TZ10\",\"caption\":\"\",\"created_timestamp\":\"1286279382\",\"copyright\":null,\"focal_length\":\"6.5\",\"iso\":\"80\",\"shutter_speed\":\"0.004\",\"title\":\"\",\"orientation\":\"1\",\"keywords\":null},\"thumbnail\":\"https:\\\/\\\/www.vignevin.com\\\/wp-content\\\/uploads\\\/2019\\\/02\\\/Sympt\u00f4mes-denroulement-sur-Fer-N-2-150x150.jpg\",\"medium\":\"https:\\\/\\\/www.vignevin.com\\\/wp-content\\\/uploads\\\/2019\\\/02\\\/Sympt\u00f4mes-denroulement-sur-Fer-N-2-300x225.jpg\",\"medium_large\":\"https:\\\/\\\/www.vignevin.com\\\/wp-content\\\/uploads\\\/2019\\\/02\\\/Sympt\u00f4mes-denroulement-sur-Fer-N-2-768x576.jpg\",\"large\":\"https:\\\/\\\/www.vignevin.com\\\/wp-content\\\/uploads\\\/2019\\\/02\\\/Sympt\u00f4mes-denroulement-sur-Fer-N-2-1024x768.jpg\",\"1536x1536\":\"https:\\\/\\\/www.vignevin.com\\\/wp-content\\\/uploads\\\/2019\\\/02\\\/Sympt\u00f4mes-denroulement-sur-Fer-N-2.jpg\",\"2048x2048\":\"https:\\\/\\\/www.vignevin.com\\\/wp-content\\\/uploads\\\/2019\\\/02\\\/Sympt\u00f4mes-denroulement-sur-Fer-N-2.jpg\",\"et-pb-post-main-image\":\"https:\\\/\\\/www.vignevin.com\\\/wp-content\\\/uploads\\\/2019\\\/02\\\/Sympt\u00f4mes-denroulement-sur-Fer-N-2-400x250.jpg\",\"et-pb-post-main-image-fullwidth\":\"https:\\\/\\\/www.vignevin.com\\\/wp-content\\\/uploads\\\/2019\\\/02\\\/Sympt\u00f4mes-denroulement-sur-Fer-N-2-1080x675.jpg\",\"et-pb-portfolio-image\":\"https:\\\/\\\/www.vignevin.com\\\/wp-content\\\/uploads\\\/2019\\\/02\\\/Sympt\u00f4mes-denroulement-sur-Fer-N-2-400x284.jpg\",\"et-pb-portfolio-module-image\":\"https:\\\/\\\/www.vignevin.com\\\/wp-content\\\/uploads\\\/2019\\\/02\\\/Sympt\u00f4mes-denroulement-sur-Fer-N-2-510x382.jpg\",\"et-pb-portfolio-image-single\":\"https:\\\/\\\/www.vignevin.com\\\/wp-content\\\/uploads\\\/2019\\\/02\\\/Sympt\u00f4mes-denroulement-sur-Fer-N-2-1080x810.jpg\",\"et-pb-gallery-module-image-portrait\":\"https:\\\/\\\/www.vignevin.com\\\/wp-content\\\/uploads\\\/2019\\\/02\\\/Sympt\u00f4mes-denroulement-sur-Fer-N-2-400x516.jpg\",\"et-pb-post-main-image-fullwidth-large\":\"https:\\\/\\\/www.vignevin.com\\\/wp-content\\\/uploads\\\/2019\\\/02\\\/Sympt\u00f4mes-denroulement-sur-Fer-N-2-2560x1800.jpg\",\"et-pb-image--responsive--desktop\":\"https:\\\/\\\/www.vignevin.com\\\/wp-content\\\/uploads\\\/2019\\\/02\\\/Sympt\u00f4mes-denroulement-sur-Fer-N-2.jpg\",\"et-pb-image--responsive--tablet\":\"https:\\\/\\\/www.vignevin.com\\\/wp-content\\\/uploads\\\/2019\\\/02\\\/Sympt\u00f4mes-denroulement-sur-Fer-N-2.jpg\",\"et-pb-image--responsive--phone\":\"https:\\\/\\\/www.vignevin.com\\\/wp-content\\\/uploads\\\/2019\\\/02\\\/Sympt\u00f4mes-denroulement-sur-Fer-N-2.jpg\",\"gform-image-choice-sm\":\"https:\\\/\\\/www.vignevin.com\\\/wp-content\\\/uploads\\\/2019\\\/02\\\/Sympt\u00f4mes-denroulement-sur-Fer-N-2.jpg\",\"gform-image-choice-md\":\"https:\\\/\\\/www.vignevin.com\\\/wp-content\\\/uploads\\\/2019\\\/02\\\/Sympt\u00f4mes-denroulement-sur-Fer-N-2.jpg\",\"gform-image-choice-lg\":\"https:\\\/\\\/www.vignevin.com\\\/wp-content\\\/uploads\\\/2019\\\/02\\\/Sympt\u00f4mes-denroulement-sur-Fer-N-2.jpg\",\"woocommerce_thumbnail\":\"https:\\\/\\\/www.vignevin.com\\\/wp-content\\\/uploads\\\/2019\\\/02\\\/Sympt\u00f4mes-denroulement-sur-Fer-N-2-300x300.jpg\",\"woocommerce_single\":\"https:\\\/\\\/www.vignevin.com\\\/wp-content\\\/uploads\\\/2019\\\/02\\\/Sympt\u00f4mes-denroulement-sur-Fer-N-2-600x450.jpg\",\"woocommerce_gallery_thumbnail\":\"https:\\\/\\\/www.vignevin.com\\\/wp-content\\\/uploads\\\/2019\\\/02\\\/Sympt\u00f4mes-denroulement-sur-Fer-N-2-100x100.jpg\",\"full\":\"https:\\\/\\\/www.vignevin.com\\\/wp-content\\\/uploads\\\/2019\\\/02\\\/Sympt\u00f4mes-denroulement-sur-Fer-N-2.jpg\",\"index\":75,\"id\":10013,\"video\":false,\"opts\":{\"caption\":\"\",\"thumb\":\"https:\\\/\\\/www.vignevin.com\\\/wp-content\\\/uploads\\\/2019\\\/02\\\/Sympt\u00f4mes-denroulement-sur-Fer-N-2-75x50_c.jpg\",\"title\":\"Sympt&amp;ocirc;mes d&amp;amp;rsquo;enroulement sur Fer N (2)\"},\"gallery_id\":17410,\"gallery_title\":\"Grapevines virus\"},\"10014\":{\"status\":\"active\",\"src\":\"https:\\\/\\\/www.vignevin.com\\\/wp-content\\\/uploads\\\/2019\\\/02\\\/Sympt\u00f4mes-denroulement-sur-Fer-N-3.jpg\",\"title\":\"Sympt&amp;ocirc;mes d&amp;amp;rsquo;enroulement sur Fer N (3)\",\"link\":\"https:\\\/\\\/www.vignevin.com\\\/wp-content\\\/uploads\\\/2019\\\/02\\\/Sympt\u00f4mes-denroulement-sur-Fer-N-3.jpg\",\"alt\":\"\",\"caption\":false,\"thumb\":\"https:\\\/\\\/www.vignevin.com\\\/wp-content\\\/uploads\\\/2019\\\/02\\\/Sympt\u00f4mes-denroulement-sur-Fer-N-3-75x50_c.jpg\",\"meta\":{\"aperture\":\"3.3\",\"credit\":null,\"camera\":\"DMC-TZ10\",\"caption\":\"\",\"created_timestamp\":\"1412609078\",\"copyright\":null,\"focal_length\":\"4.1\",\"iso\":\"80\",\"shutter_speed\":\"0.0125\",\"title\":\"\",\"orientation\":\"1\",\"keywords\":null},\"thumbnail\":\"https:\\\/\\\/www.vignevin.com\\\/wp-content\\\/uploads\\\/2019\\\/02\\\/Sympt\u00f4mes-denroulement-sur-Fer-N-3-150x150.jpg\",\"medium\":\"https:\\\/\\\/www.vignevin.com\\\/wp-content\\\/uploads\\\/2019\\\/02\\\/Sympt\u00f4mes-denroulement-sur-Fer-N-3-225x300.jpg\",\"medium_large\":\"https:\\\/\\\/www.vignevin.com\\\/wp-content\\\/uploads\\\/2019\\\/02\\\/Sympt\u00f4mes-denroulement-sur-Fer-N-3-768x1024.jpg\",\"large\":\"https:\\\/\\\/www.vignevin.com\\\/wp-content\\\/uploads\\\/2019\\\/02\\\/Sympt\u00f4mes-denroulement-sur-Fer-N-3-768x1024.jpg\",\"1536x1536\":\"https:\\\/\\\/www.vignevin.com\\\/wp-content\\\/uploads\\\/2019\\\/02\\\/Sympt\u00f4mes-denroulement-sur-Fer-N-3.jpg\",\"2048x2048\":\"https:\\\/\\\/www.vignevin.com\\\/wp-content\\\/uploads\\\/2019\\\/02\\\/Sympt\u00f4mes-denroulement-sur-Fer-N-3.jpg\",\"et-pb-post-main-image\":\"https:\\\/\\\/www.vignevin.com\\\/wp-content\\\/uploads\\\/2019\\\/02\\\/Sympt\u00f4mes-denroulement-sur-Fer-N-3-400x250.jpg\",\"et-pb-post-main-image-fullwidth\":\"https:\\\/\\\/www.vignevin.com\\\/wp-content\\\/uploads\\\/2019\\\/02\\\/Sympt\u00f4mes-denroulement-sur-Fer-N-3-1080x675.jpg\",\"et-pb-portfolio-image\":\"https:\\\/\\\/www.vignevin.com\\\/wp-content\\\/uploads\\\/2019\\\/02\\\/Sympt\u00f4mes-denroulement-sur-Fer-N-3-400x284.jpg\",\"et-pb-portfolio-module-image\":\"https:\\\/\\\/www.vignevin.com\\\/wp-content\\\/uploads\\\/2019\\\/02\\\/Sympt\u00f4mes-denroulement-sur-Fer-N-3-510x382.jpg\",\"et-pb-portfolio-image-single\":\"https:\\\/\\\/www.vignevin.com\\\/wp-content\\\/uploads\\\/2019\\\/02\\\/Sympt\u00f4mes-denroulement-sur-Fer-N-3-1080x1440.jpg\",\"et-pb-gallery-module-image-portrait\":\"https:\\\/\\\/www.vignevin.com\\\/wp-content\\\/uploads\\\/2019\\\/02\\\/Sympt\u00f4mes-denroulement-sur-Fer-N-3-400x516.jpg\",\"et-pb-post-main-image-fullwidth-large\":\"https:\\\/\\\/www.vignevin.com\\\/wp-content\\\/uploads\\\/2019\\\/02\\\/Sympt\u00f4mes-denroulement-sur-Fer-N-3-1920x1800.jpg\",\"et-pb-image--responsive--desktop\":\"https:\\\/\\\/www.vignevin.com\\\/wp-content\\\/uploads\\\/2019\\\/02\\\/Sympt\u00f4mes-denroulement-sur-Fer-N-3.jpg\",\"et-pb-image--responsive--tablet\":\"https:\\\/\\\/www.vignevin.com\\\/wp-content\\\/uploads\\\/2019\\\/02\\\/Sympt\u00f4mes-denroulement-sur-Fer-N-3.jpg\",\"et-pb-image--responsive--phone\":\"https:\\\/\\\/www.vignevin.com\\\/wp-content\\\/uploads\\\/2019\\\/02\\\/Sympt\u00f4mes-denroulement-sur-Fer-N-3.jpg\",\"gform-image-choice-sm\":\"https:\\\/\\\/www.vignevin.com\\\/wp-content\\\/uploads\\\/2019\\\/02\\\/Sympt\u00f4mes-denroulement-sur-Fer-N-3.jpg\",\"gform-image-choice-md\":\"https:\\\/\\\/www.vignevin.com\\\/wp-content\\\/uploads\\\/2019\\\/02\\\/Sympt\u00f4mes-denroulement-sur-Fer-N-3.jpg\",\"gform-image-choice-lg\":\"https:\\\/\\\/www.vignevin.com\\\/wp-content\\\/uploads\\\/2019\\\/02\\\/Sympt\u00f4mes-denroulement-sur-Fer-N-3.jpg\",\"woocommerce_thumbnail\":\"https:\\\/\\\/www.vignevin.com\\\/wp-content\\\/uploads\\\/2019\\\/02\\\/Sympt\u00f4mes-denroulement-sur-Fer-N-3-300x300.jpg\",\"woocommerce_single\":\"https:\\\/\\\/www.vignevin.com\\\/wp-content\\\/uploads\\\/2019\\\/02\\\/Sympt\u00f4mes-denroulement-sur-Fer-N-3-600x800.jpg\",\"woocommerce_gallery_thumbnail\":\"https:\\\/\\\/www.vignevin.com\\\/wp-content\\\/uploads\\\/2019\\\/02\\\/Sympt\u00f4mes-denroulement-sur-Fer-N-3-100x100.jpg\",\"full\":\"https:\\\/\\\/www.vignevin.com\\\/wp-content\\\/uploads\\\/2019\\\/02\\\/Sympt\u00f4mes-denroulement-sur-Fer-N-3.jpg\",\"index\":76,\"id\":10014,\"video\":false,\"opts\":{\"caption\":\"\",\"thumb\":\"https:\\\/\\\/www.vignevin.com\\\/wp-content\\\/uploads\\\/2019\\\/02\\\/Sympt\u00f4mes-denroulement-sur-Fer-N-3-75x50_c.jpg\",\"title\":\"Sympt&amp;ocirc;mes d&amp;amp;rsquo;enroulement sur Fer N (3)\"},\"gallery_id\":17410,\"gallery_title\":\"Grapevines virus\"},\"10015\":{\"status\":\"active\",\"src\":\"https:\\\/\\\/www.vignevin.com\\\/wp-content\\\/uploads\\\/2019\\\/02\\\/Sympt\u00f4mes-denroulement-sur-Fer-N-4.jpg\",\"title\":\"Sympt&amp;ocirc;mes d&amp;amp;rsquo;enroulement sur Fer N (4)\",\"link\":\"https:\\\/\\\/www.vignevin.com\\\/wp-content\\\/uploads\\\/2019\\\/02\\\/Sympt\u00f4mes-denroulement-sur-Fer-N-4.jpg\",\"alt\":\"\",\"caption\":false,\"thumb\":\"https:\\\/\\\/www.vignevin.com\\\/wp-content\\\/uploads\\\/2019\\\/02\\\/Sympt\u00f4mes-denroulement-sur-Fer-N-4-75x50_c.jpg\",\"meta\":{\"aperture\":\"4\",\"credit\":null,\"camera\":\"DMC-TZ10\",\"caption\":\"\",\"created_timestamp\":\"1412609189\",\"copyright\":null,\"focal_length\":\"4.1\",\"iso\":\"125\",\"shutter_speed\":\"0.01\",\"title\":\"\",\"orientation\":\"1\",\"keywords\":null},\"thumbnail\":\"https:\\\/\\\/www.vignevin.com\\\/wp-content\\\/uploads\\\/2019\\\/02\\\/Sympt\u00f4mes-denroulement-sur-Fer-N-4-150x150.jpg\",\"medium\":\"https:\\\/\\\/www.vignevin.com\\\/wp-content\\\/uploads\\\/2019\\\/02\\\/Sympt\u00f4mes-denroulement-sur-Fer-N-4-225x300.jpg\",\"medium_large\":\"https:\\\/\\\/www.vignevin.com\\\/wp-content\\\/uploads\\\/2019\\\/02\\\/Sympt\u00f4mes-denroulement-sur-Fer-N-4-768x1024.jpg\",\"large\":\"https:\\\/\\\/www.vignevin.com\\\/wp-content\\\/uploads\\\/2019\\\/02\\\/Sympt\u00f4mes-denroulement-sur-Fer-N-4-768x1024.jpg\",\"1536x1536\":\"https:\\\/\\\/www.vignevin.com\\\/wp-content\\\/uploads\\\/2019\\\/02\\\/Sympt\u00f4mes-denroulement-sur-Fer-N-4.jpg\",\"2048x2048\":\"https:\\\/\\\/www.vignevin.com\\\/wp-content\\\/uploads\\\/2019\\\/02\\\/Sympt\u00f4mes-denroulement-sur-Fer-N-4.jpg\",\"et-pb-post-main-image\":\"https:\\\/\\\/www.vignevin.com\\\/wp-content\\\/uploads\\\/2019\\\/02\\\/Sympt\u00f4mes-denroulement-sur-Fer-N-4-400x250.jpg\",\"et-pb-post-main-image-fullwidth\":\"https:\\\/\\\/www.vignevin.com\\\/wp-content\\\/uploads\\\/2019\\\/02\\\/Sympt\u00f4mes-denroulement-sur-Fer-N-4-1080x675.jpg\",\"et-pb-portfolio-image\":\"https:\\\/\\\/www.vignevin.com\\\/wp-content\\\/uploads\\\/2019\\\/02\\\/Sympt\u00f4mes-denroulement-sur-Fer-N-4-400x284.jpg\",\"et-pb-portfolio-module-image\":\"https:\\\/\\\/www.vignevin.com\\\/wp-content\\\/uploads\\\/2019\\\/02\\\/Sympt\u00f4mes-denroulement-sur-Fer-N-4-510x382.jpg\",\"et-pb-portfolio-image-single\":\"https:\\\/\\\/www.vignevin.com\\\/wp-content\\\/uploads\\\/2019\\\/02\\\/Sympt\u00f4mes-denroulement-sur-Fer-N-4-1080x1440.jpg\",\"et-pb-gallery-module-image-portrait\":\"https:\\\/\\\/www.vignevin.com\\\/wp-content\\\/uploads\\\/2019\\\/02\\\/Sympt\u00f4mes-denroulement-sur-Fer-N-4-400x516.jpg\",\"et-pb-post-main-image-fullwidth-large\":\"https:\\\/\\\/www.vignevin.com\\\/wp-content\\\/uploads\\\/2019\\\/02\\\/Sympt\u00f4mes-denroulement-sur-Fer-N-4-1920x1800.jpg\",\"et-pb-image--responsive--desktop\":\"https:\\\/\\\/www.vignevin.com\\\/wp-content\\\/uploads\\\/2019\\\/02\\\/Sympt\u00f4mes-denroulement-sur-Fer-N-4.jpg\",\"et-pb-image--responsive--tablet\":\"https:\\\/\\\/www.vignevin.com\\\/wp-content\\\/uploads\\\/2019\\\/02\\\/Sympt\u00f4mes-denroulement-sur-Fer-N-4.jpg\",\"et-pb-image--responsive--phone\":\"https:\\\/\\\/www.vignevin.com\\\/wp-content\\\/uploads\\\/2019\\\/02\\\/Sympt\u00f4mes-denroulement-sur-Fer-N-4.jpg\",\"gform-image-choice-sm\":\"https:\\\/\\\/www.vignevin.com\\\/wp-content\\\/uploads\\\/2019\\\/02\\\/Sympt\u00f4mes-denroulement-sur-Fer-N-4.jpg\",\"gform-image-choice-md\":\"https:\\\/\\\/www.vignevin.com\\\/wp-content\\\/uploads\\\/2019\\\/02\\\/Sympt\u00f4mes-denroulement-sur-Fer-N-4.jpg\",\"gform-image-choice-lg\":\"https:\\\/\\\/www.vignevin.com\\\/wp-content\\\/uploads\\\/2019\\\/02\\\/Sympt\u00f4mes-denroulement-sur-Fer-N-4.jpg\",\"woocommerce_thumbnail\":\"https:\\\/\\\/www.vignevin.com\\\/wp-content\\\/uploads\\\/2019\\\/02\\\/Sympt\u00f4mes-denroulement-sur-Fer-N-4-300x300.jpg\",\"woocommerce_single\":\"https:\\\/\\\/www.vignevin.com\\\/wp-content\\\/uploads\\\/2019\\\/02\\\/Sympt\u00f4mes-denroulement-sur-Fer-N-4-600x800.jpg\",\"woocommerce_gallery_thumbnail\":\"https:\\\/\\\/www.vignevin.com\\\/wp-content\\\/uploads\\\/2019\\\/02\\\/Sympt\u00f4mes-denroulement-sur-Fer-N-4-100x100.jpg\",\"full\":\"https:\\\/\\\/www.vignevin.com\\\/wp-content\\\/uploads\\\/2019\\\/02\\\/Sympt\u00f4mes-denroulement-sur-Fer-N-4.jpg\",\"index\":77,\"id\":10015,\"video\":false,\"opts\":{\"caption\":\"\",\"thumb\":\"https:\\\/\\\/www.vignevin.com\\\/wp-content\\\/uploads\\\/2019\\\/02\\\/Sympt\u00f4mes-denroulement-sur-Fer-N-4-75x50_c.jpg\",\"title\":\"Sympt&amp;ocirc;mes d&amp;amp;rsquo;enroulement sur Fer N (4)\"},\"gallery_id\":17410,\"gallery_title\":\"Grapevines virus\"},\"10016\":{\"status\":\"active\",\"src\":\"https:\\\/\\\/www.vignevin.com\\\/wp-content\\\/uploads\\\/2019\\\/02\\\/Sympt\u00f4mes-denroulement-sur-Fer-N-5.jpg\",\"title\":\"Sympt&amp;ocirc;mes d&amp;amp;rsquo;enroulement sur Fer N (5)\",\"link\":\"https:\\\/\\\/www.vignevin.com\\\/wp-content\\\/uploads\\\/2019\\\/02\\\/Sympt\u00f4mes-denroulement-sur-Fer-N-5.jpg\",\"alt\":\"\",\"caption\":false,\"thumb\":\"https:\\\/\\\/www.vignevin.com\\\/wp-content\\\/uploads\\\/2019\\\/02\\\/Sympt\u00f4mes-denroulement-sur-Fer-N-5-75x50_c.jpg\",\"meta\":{\"aperture\":\"3.3\",\"credit\":null,\"camera\":\"DMC-TZ10\",\"caption\":\"\",\"created_timestamp\":\"1412607798\",\"copyright\":null,\"focal_length\":\"4.1\",\"iso\":\"80\",\"shutter_speed\":\"0.016666666666667\",\"title\":\"\",\"orientation\":\"1\",\"keywords\":null},\"thumbnail\":\"https:\\\/\\\/www.vignevin.com\\\/wp-content\\\/uploads\\\/2019\\\/02\\\/Sympt\u00f4mes-denroulement-sur-Fer-N-5-150x150.jpg\",\"medium\":\"https:\\\/\\\/www.vignevin.com\\\/wp-content\\\/uploads\\\/2019\\\/02\\\/Sympt\u00f4mes-denroulement-sur-Fer-N-5-225x300.jpg\",\"medium_large\":\"https:\\\/\\\/www.vignevin.com\\\/wp-content\\\/uploads\\\/2019\\\/02\\\/Sympt\u00f4mes-denroulement-sur-Fer-N-5-768x1024.jpg\",\"large\":\"https:\\\/\\\/www.vignevin.com\\\/wp-content\\\/uploads\\\/2019\\\/02\\\/Sympt\u00f4mes-denroulement-sur-Fer-N-5-768x1024.jpg\",\"1536x1536\":\"https:\\\/\\\/www.vignevin.com\\\/wp-content\\\/uploads\\\/2019\\\/02\\\/Sympt\u00f4mes-denroulement-sur-Fer-N-5.jpg\",\"2048x2048\":\"https:\\\/\\\/www.vignevin.com\\\/wp-content\\\/uploads\\\/2019\\\/02\\\/Sympt\u00f4mes-denroulement-sur-Fer-N-5.jpg\",\"et-pb-post-main-image\":\"https:\\\/\\\/www.vignevin.com\\\/wp-content\\\/uploads\\\/2019\\\/02\\\/Sympt\u00f4mes-denroulement-sur-Fer-N-5-400x250.jpg\",\"et-pb-post-main-image-fullwidth\":\"https:\\\/\\\/www.vignevin.com\\\/wp-content\\\/uploads\\\/2019\\\/02\\\/Sympt\u00f4mes-denroulement-sur-Fer-N-5-1080x675.jpg\",\"et-pb-portfolio-image\":\"https:\\\/\\\/www.vignevin.com\\\/wp-content\\\/uploads\\\/2019\\\/02\\\/Sympt\u00f4mes-denroulement-sur-Fer-N-5-400x284.jpg\",\"et-pb-portfolio-module-image\":\"https:\\\/\\\/www.vignevin.com\\\/wp-content\\\/uploads\\\/2019\\\/02\\\/Sympt\u00f4mes-denroulement-sur-Fer-N-5-510x382.jpg\",\"et-pb-portfolio-image-single\":\"https:\\\/\\\/www.vignevin.com\\\/wp-content\\\/uploads\\\/2019\\\/02\\\/Sympt\u00f4mes-denroulement-sur-Fer-N-5-1080x1440.jpg\",\"et-pb-gallery-module-image-portrait\":\"https:\\\/\\\/www.vignevin.com\\\/wp-content\\\/uploads\\\/2019\\\/02\\\/Sympt\u00f4mes-denroulement-sur-Fer-N-5-400x516.jpg\",\"et-pb-post-main-image-fullwidth-large\":\"https:\\\/\\\/www.vignevin.com\\\/wp-content\\\/uploads\\\/2019\\\/02\\\/Sympt\u00f4mes-denroulement-sur-Fer-N-5-1920x1800.jpg\",\"et-pb-image--responsive--desktop\":\"https:\\\/\\\/www.vignevin.com\\\/wp-content\\\/uploads\\\/2019\\\/02\\\/Sympt\u00f4mes-denroulement-sur-Fer-N-5.jpg\",\"et-pb-image--responsive--tablet\":\"https:\\\/\\\/www.vignevin.com\\\/wp-content\\\/uploads\\\/2019\\\/02\\\/Sympt\u00f4mes-denroulement-sur-Fer-N-5.jpg\",\"et-pb-image--responsive--phone\":\"https:\\\/\\\/www.vignevin.com\\\/wp-content\\\/uploads\\\/2019\\\/02\\\/Sympt\u00f4mes-denroulement-sur-Fer-N-5.jpg\",\"gform-image-choice-sm\":\"https:\\\/\\\/www.vignevin.com\\\/wp-content\\\/uploads\\\/2019\\\/02\\\/Sympt\u00f4mes-denroulement-sur-Fer-N-5.jpg\",\"gform-image-choice-md\":\"https:\\\/\\\/www.vignevin.com\\\/wp-content\\\/uploads\\\/2019\\\/02\\\/Sympt\u00f4mes-denroulement-sur-Fer-N-5.jpg\",\"gform-image-choice-lg\":\"https:\\\/\\\/www.vignevin.com\\\/wp-content\\\/uploads\\\/2019\\\/02\\\/Sympt\u00f4mes-denroulement-sur-Fer-N-5.jpg\",\"woocommerce_thumbnail\":\"https:\\\/\\\/www.vignevin.com\\\/wp-content\\\/uploads\\\/2019\\\/02\\\/Sympt\u00f4mes-denroulement-sur-Fer-N-5-300x300.jpg\",\"woocommerce_single\":\"https:\\\/\\\/www.vignevin.com\\\/wp-content\\\/uploads\\\/2019\\\/02\\\/Sympt\u00f4mes-denroulement-sur-Fer-N-5-600x800.jpg\",\"woocommerce_gallery_thumbnail\":\"https:\\\/\\\/www.vignevin.com\\\/wp-content\\\/uploads\\\/2019\\\/02\\\/Sympt\u00f4mes-denroulement-sur-Fer-N-5-100x100.jpg\",\"full\":\"https:\\\/\\\/www.vignevin.com\\\/wp-content\\\/uploads\\\/2019\\\/02\\\/Sympt\u00f4mes-denroulement-sur-Fer-N-5.jpg\",\"index\":78,\"id\":10016,\"video\":false,\"opts\":{\"caption\":\"\",\"thumb\":\"https:\\\/\\\/www.vignevin.com\\\/wp-content\\\/uploads\\\/2019\\\/02\\\/Sympt\u00f4mes-denroulement-sur-Fer-N-5-75x50_c.jpg\",\"title\":\"Sympt&amp;ocirc;mes d&amp;amp;rsquo;enroulement sur Fer N (5)\"},\"gallery_id\":17410,\"gallery_title\":\"Grapevines virus\"},\"10017\":{\"status\":\"active\",\"src\":\"https:\\\/\\\/www.vignevin.com\\\/wp-content\\\/uploads\\\/2019\\\/02\\\/Sympt\u00f4mes-denroulement-sur-Fer-N-6.jpg\",\"title\":\"Sympt&amp;ocirc;mes d&amp;amp;rsquo;enroulement sur Fer N (6)\",\"link\":\"https:\\\/\\\/www.vignevin.com\\\/wp-content\\\/uploads\\\/2019\\\/02\\\/Sympt\u00f4mes-denroulement-sur-Fer-N-6.jpg\",\"alt\":\"\",\"caption\":false,\"thumb\":\"https:\\\/\\\/www.vignevin.com\\\/wp-content\\\/uploads\\\/2019\\\/02\\\/Sympt\u00f4mes-denroulement-sur-Fer-N-6-75x50_c.jpg\",\"meta\":{\"aperture\":\"3.3\",\"credit\":null,\"camera\":\"DMC-TZ10\",\"caption\":\"\",\"created_timestamp\":\"1412607811\",\"copyright\":null,\"focal_length\":\"4.1\",\"iso\":\"80\",\"shutter_speed\":\"0.0125\",\"title\":\"\",\"orientation\":\"1\",\"keywords\":null},\"thumbnail\":\"https:\\\/\\\/www.vignevin.com\\\/wp-content\\\/uploads\\\/2019\\\/02\\\/Sympt\u00f4mes-denroulement-sur-Fer-N-6-150x150.jpg\",\"medium\":\"https:\\\/\\\/www.vignevin.com\\\/wp-content\\\/uploads\\\/2019\\\/02\\\/Sympt\u00f4mes-denroulement-sur-Fer-N-6-300x225.jpg\",\"medium_large\":\"https:\\\/\\\/www.vignevin.com\\\/wp-content\\\/uploads\\\/2019\\\/02\\\/Sympt\u00f4mes-denroulement-sur-Fer-N-6-768x576.jpg\",\"large\":\"https:\\\/\\\/www.vignevin.com\\\/wp-content\\\/uploads\\\/2019\\\/02\\\/Sympt\u00f4mes-denroulement-sur-Fer-N-6-1024x768.jpg\",\"1536x1536\":\"https:\\\/\\\/www.vignevin.com\\\/wp-content\\\/uploads\\\/2019\\\/02\\\/Sympt\u00f4mes-denroulement-sur-Fer-N-6.jpg\",\"2048x2048\":\"https:\\\/\\\/www.vignevin.com\\\/wp-content\\\/uploads\\\/2019\\\/02\\\/Sympt\u00f4mes-denroulement-sur-Fer-N-6.jpg\",\"et-pb-post-main-image\":\"https:\\\/\\\/www.vignevin.com\\\/wp-content\\\/uploads\\\/2019\\\/02\\\/Sympt\u00f4mes-denroulement-sur-Fer-N-6-400x250.jpg\",\"et-pb-post-main-image-fullwidth\":\"https:\\\/\\\/www.vignevin.com\\\/wp-content\\\/uploads\\\/2019\\\/02\\\/Sympt\u00f4mes-denroulement-sur-Fer-N-6-1080x675.jpg\",\"et-pb-portfolio-image\":\"https:\\\/\\\/www.vignevin.com\\\/wp-content\\\/uploads\\\/2019\\\/02\\\/Sympt\u00f4mes-denroulement-sur-Fer-N-6-400x284.jpg\",\"et-pb-portfolio-module-image\":\"https:\\\/\\\/www.vignevin.com\\\/wp-content\\\/uploads\\\/2019\\\/02\\\/Sympt\u00f4mes-denroulement-sur-Fer-N-6-510x382.jpg\",\"et-pb-portfolio-image-single\":\"https:\\\/\\\/www.vignevin.com\\\/wp-content\\\/uploads\\\/2019\\\/02\\\/Sympt\u00f4mes-denroulement-sur-Fer-N-6-1080x810.jpg\",\"et-pb-gallery-module-image-portrait\":\"https:\\\/\\\/www.vignevin.com\\\/wp-content\\\/uploads\\\/2019\\\/02\\\/Sympt\u00f4mes-denroulement-sur-Fer-N-6-400x516.jpg\",\"et-pb-post-main-image-fullwidth-large\":\"https:\\\/\\\/www.vignevin.com\\\/wp-content\\\/uploads\\\/2019\\\/02\\\/Sympt\u00f4mes-denroulement-sur-Fer-N-6-2560x1800.jpg\",\"et-pb-image--responsive--desktop\":\"https:\\\/\\\/www.vignevin.com\\\/wp-content\\\/uploads\\\/2019\\\/02\\\/Sympt\u00f4mes-denroulement-sur-Fer-N-6.jpg\",\"et-pb-image--responsive--tablet\":\"https:\\\/\\\/www.vignevin.com\\\/wp-content\\\/uploads\\\/2019\\\/02\\\/Sympt\u00f4mes-denroulement-sur-Fer-N-6.jpg\",\"et-pb-image--responsive--phone\":\"https:\\\/\\\/www.vignevin.com\\\/wp-content\\\/uploads\\\/2019\\\/02\\\/Sympt\u00f4mes-denroulement-sur-Fer-N-6.jpg\",\"gform-image-choice-sm\":\"https:\\\/\\\/www.vignevin.com\\\/wp-content\\\/uploads\\\/2019\\\/02\\\/Sympt\u00f4mes-denroulement-sur-Fer-N-6.jpg\",\"gform-image-choice-md\":\"https:\\\/\\\/www.vignevin.com\\\/wp-content\\\/uploads\\\/2019\\\/02\\\/Sympt\u00f4mes-denroulement-sur-Fer-N-6.jpg\",\"gform-image-choice-lg\":\"https:\\\/\\\/www.vignevin.com\\\/wp-content\\\/uploads\\\/2019\\\/02\\\/Sympt\u00f4mes-denroulement-sur-Fer-N-6.jpg\",\"woocommerce_thumbnail\":\"https:\\\/\\\/www.vignevin.com\\\/wp-content\\\/uploads\\\/2019\\\/02\\\/Sympt\u00f4mes-denroulement-sur-Fer-N-6-300x300.jpg\",\"woocommerce_single\":\"https:\\\/\\\/www.vignevin.com\\\/wp-content\\\/uploads\\\/2019\\\/02\\\/Sympt\u00f4mes-denroulement-sur-Fer-N-6-600x450.jpg\",\"woocommerce_gallery_thumbnail\":\"https:\\\/\\\/www.vignevin.com\\\/wp-content\\\/uploads\\\/2019\\\/02\\\/Sympt\u00f4mes-denroulement-sur-Fer-N-6-100x100.jpg\",\"full\":\"https:\\\/\\\/www.vignevin.com\\\/wp-content\\\/uploads\\\/2019\\\/02\\\/Sympt\u00f4mes-denroulement-sur-Fer-N-6.jpg\",\"index\":79,\"id\":10017,\"video\":false,\"opts\":{\"caption\":\"\",\"thumb\":\"https:\\\/\\\/www.vignevin.com\\\/wp-content\\\/uploads\\\/2019\\\/02\\\/Sympt\u00f4mes-denroulement-sur-Fer-N-6-75x50_c.jpg\",\"title\":\"Sympt&amp;ocirc;mes d&amp;amp;rsquo;enroulement sur Fer N (6)\"},\"gallery_id\":17410,\"gallery_title\":\"Grapevines virus\"},\"10018\":{\"status\":\"active\",\"src\":\"https:\\\/\\\/www.vignevin.com\\\/wp-content\\\/uploads\\\/2019\\\/02\\\/Sympt\u00f4mes-denroulement-sur-Fer-N-7.jpg\",\"title\":\"Sympt&amp;ocirc;mes d&amp;amp;rsquo;enroulement sur Fer N (7)\",\"link\":\"https:\\\/\\\/www.vignevin.com\\\/wp-content\\\/uploads\\\/2019\\\/02\\\/Sympt\u00f4mes-denroulement-sur-Fer-N-7.jpg\",\"alt\":\"\",\"caption\":false,\"thumb\":\"https:\\\/\\\/www.vignevin.com\\\/wp-content\\\/uploads\\\/2019\\\/02\\\/Sympt\u00f4mes-denroulement-sur-Fer-N-7-75x50_c.jpg\",\"meta\":{\"aperture\":\"3.8\",\"credit\":null,\"camera\":\"DMC-TZ10\",\"caption\":\"\",\"created_timestamp\":\"1412608607\",\"copyright\":null,\"focal_length\":\"7.9\",\"iso\":\"80\",\"shutter_speed\":\"0.0125\",\"title\":\"\",\"orientation\":\"1\",\"keywords\":null},\"thumbnail\":\"https:\\\/\\\/www.vignevin.com\\\/wp-content\\\/uploads\\\/2019\\\/02\\\/Sympt\u00f4mes-denroulement-sur-Fer-N-7-150x150.jpg\",\"medium\":\"https:\\\/\\\/www.vignevin.com\\\/wp-content\\\/uploads\\\/2019\\\/02\\\/Sympt\u00f4mes-denroulement-sur-Fer-N-7-300x225.jpg\",\"medium_large\":\"https:\\\/\\\/www.vignevin.com\\\/wp-content\\\/uploads\\\/2019\\\/02\\\/Sympt\u00f4mes-denroulement-sur-Fer-N-7-768x576.jpg\",\"large\":\"https:\\\/\\\/www.vignevin.com\\\/wp-content\\\/uploads\\\/2019\\\/02\\\/Sympt\u00f4mes-denroulement-sur-Fer-N-7-1024x768.jpg\",\"1536x1536\":\"https:\\\/\\\/www.vignevin.com\\\/wp-content\\\/uploads\\\/2019\\\/02\\\/Sympt\u00f4mes-denroulement-sur-Fer-N-7.jpg\",\"2048x2048\":\"https:\\\/\\\/www.vignevin.com\\\/wp-content\\\/uploads\\\/2019\\\/02\\\/Sympt\u00f4mes-denroulement-sur-Fer-N-7.jpg\",\"et-pb-post-main-image\":\"https:\\\/\\\/www.vignevin.com\\\/wp-content\\\/uploads\\\/2019\\\/02\\\/Sympt\u00f4mes-denroulement-sur-Fer-N-7-400x250.jpg\",\"et-pb-post-main-image-fullwidth\":\"https:\\\/\\\/www.vignevin.com\\\/wp-content\\\/uploads\\\/2019\\\/02\\\/Sympt\u00f4mes-denroulement-sur-Fer-N-7-1080x675.jpg\",\"et-pb-portfolio-image\":\"https:\\\/\\\/www.vignevin.com\\\/wp-content\\\/uploads\\\/2019\\\/02\\\/Sympt\u00f4mes-denroulement-sur-Fer-N-7-400x284.jpg\",\"et-pb-portfolio-module-image\":\"https:\\\/\\\/www.vignevin.com\\\/wp-content\\\/uploads\\\/2019\\\/02\\\/Sympt\u00f4mes-denroulement-sur-Fer-N-7-510x382.jpg\",\"et-pb-portfolio-image-single\":\"https:\\\/\\\/www.vignevin.com\\\/wp-content\\\/uploads\\\/2019\\\/02\\\/Sympt\u00f4mes-denroulement-sur-Fer-N-7-1080x810.jpg\",\"et-pb-gallery-module-image-portrait\":\"https:\\\/\\\/www.vignevin.com\\\/wp-content\\\/uploads\\\/2019\\\/02\\\/Sympt\u00f4mes-denroulement-sur-Fer-N-7-400x516.jpg\",\"et-pb-post-main-image-fullwidth-large\":\"https:\\\/\\\/www.vignevin.com\\\/wp-content\\\/uploads\\\/2019\\\/02\\\/Sympt\u00f4mes-denroulement-sur-Fer-N-7-2560x1800.jpg\",\"et-pb-image--responsive--desktop\":\"https:\\\/\\\/www.vignevin.com\\\/wp-content\\\/uploads\\\/2019\\\/02\\\/Sympt\u00f4mes-denroulement-sur-Fer-N-7.jpg\",\"et-pb-image--responsive--tablet\":\"https:\\\/\\\/www.vignevin.com\\\/wp-content\\\/uploads\\\/2019\\\/02\\\/Sympt\u00f4mes-denroulement-sur-Fer-N-7.jpg\",\"et-pb-image--responsive--phone\":\"https:\\\/\\\/www.vignevin.com\\\/wp-content\\\/uploads\\\/2019\\\/02\\\/Sympt\u00f4mes-denroulement-sur-Fer-N-7.jpg\",\"gform-image-choice-sm\":\"https:\\\/\\\/www.vignevin.com\\\/wp-content\\\/uploads\\\/2019\\\/02\\\/Sympt\u00f4mes-denroulement-sur-Fer-N-7.jpg\",\"gform-image-choice-md\":\"https:\\\/\\\/www.vignevin.com\\\/wp-content\\\/uploads\\\/2019\\\/02\\\/Sympt\u00f4mes-denroulement-sur-Fer-N-7.jpg\",\"gform-image-choice-lg\":\"https:\\\/\\\/www.vignevin.com\\\/wp-content\\\/uploads\\\/2019\\\/02\\\/Sympt\u00f4mes-denroulement-sur-Fer-N-7.jpg\",\"woocommerce_thumbnail\":\"https:\\\/\\\/www.vignevin.com\\\/wp-content\\\/uploads\\\/2019\\\/02\\\/Sympt\u00f4mes-denroulement-sur-Fer-N-7-300x300.jpg\",\"woocommerce_single\":\"https:\\\/\\\/www.vignevin.com\\\/wp-content\\\/uploads\\\/2019\\\/02\\\/Sympt\u00f4mes-denroulement-sur-Fer-N-7-600x450.jpg\",\"woocommerce_gallery_thumbnail\":\"https:\\\/\\\/www.vignevin.com\\\/wp-content\\\/uploads\\\/2019\\\/02\\\/Sympt\u00f4mes-denroulement-sur-Fer-N-7-100x100.jpg\",\"full\":\"https:\\\/\\\/www.vignevin.com\\\/wp-content\\\/uploads\\\/2019\\\/02\\\/Sympt\u00f4mes-denroulement-sur-Fer-N-7.jpg\",\"index\":80,\"id\":10018,\"video\":false,\"opts\":{\"caption\":\"\",\"thumb\":\"https:\\\/\\\/www.vignevin.com\\\/wp-content\\\/uploads\\\/2019\\\/02\\\/Sympt\u00f4mes-denroulement-sur-Fer-N-7-75x50_c.jpg\",\"title\":\"Sympt&amp;ocirc;mes d&amp;amp;rsquo;enroulement sur Fer N (7)\"},\"gallery_id\":17410,\"gallery_title\":\"Grapevines virus\"},\"10019\":{\"status\":\"active\",\"src\":\"https:\\\/\\\/www.vignevin.com\\\/wp-content\\\/uploads\\\/2019\\\/02\\\/Sympt\u00f4mes-denroulement-sur-Fer-N-8.jpg\",\"title\":\"OLYMPUS DIGITAL CAMERA\",\"link\":\"https:\\\/\\\/www.vignevin.com\\\/wp-content\\\/uploads\\\/2019\\\/02\\\/Sympt\u00f4mes-denroulement-sur-Fer-N-8.jpg\",\"alt\":\"\",\"caption\":\"OLYMPUS DIGITAL CAMERA\",\"thumb\":\"https:\\\/\\\/www.vignevin.com\\\/wp-content\\\/uploads\\\/2019\\\/02\\\/Sympt\u00f4mes-denroulement-sur-Fer-N-8-75x50_c.jpg\",\"meta\":{\"aperture\":\"4\",\"credit\":null,\"camera\":\"C-5000Z\",\"caption\":\"OLYMPUS DIGITAL CAMERA\",\"created_timestamp\":\"1189591341\",\"copyright\":null,\"focal_length\":\"7.8\",\"iso\":\"50\",\"shutter_speed\":\"0.033333333333333\",\"title\":\"OLYMPUS DIGITAL CAMERA\",\"orientation\":\"1\",\"keywords\":null},\"thumbnail\":\"https:\\\/\\\/www.vignevin.com\\\/wp-content\\\/uploads\\\/2019\\\/02\\\/Sympt\u00f4mes-denroulement-sur-Fer-N-8-150x150.jpg\",\"medium\":\"https:\\\/\\\/www.vignevin.com\\\/wp-content\\\/uploads\\\/2019\\\/02\\\/Sympt\u00f4mes-denroulement-sur-Fer-N-8-225x300.jpg\",\"medium_large\":\"https:\\\/\\\/www.vignevin.com\\\/wp-content\\\/uploads\\\/2019\\\/02\\\/Sympt\u00f4mes-denroulement-sur-Fer-N-8-768x1024.jpg\",\"large\":\"https:\\\/\\\/www.vignevin.com\\\/wp-content\\\/uploads\\\/2019\\\/02\\\/Sympt\u00f4mes-denroulement-sur-Fer-N-8-768x1024.jpg\",\"1536x1536\":\"https:\\\/\\\/www.vignevin.com\\\/wp-content\\\/uploads\\\/2019\\\/02\\\/Sympt\u00f4mes-denroulement-sur-Fer-N-8.jpg\",\"2048x2048\":\"https:\\\/\\\/www.vignevin.com\\\/wp-content\\\/uploads\\\/2019\\\/02\\\/Sympt\u00f4mes-denroulement-sur-Fer-N-8.jpg\",\"et-pb-post-main-image\":\"https:\\\/\\\/www.vignevin.com\\\/wp-content\\\/uploads\\\/2019\\\/02\\\/Sympt\u00f4mes-denroulement-sur-Fer-N-8-400x250.jpg\",\"et-pb-post-main-image-fullwidth\":\"https:\\\/\\\/www.vignevin.com\\\/wp-content\\\/uploads\\\/2019\\\/02\\\/Sympt\u00f4mes-denroulement-sur-Fer-N-8-1080x675.jpg\",\"et-pb-portfolio-image\":\"https:\\\/\\\/www.vignevin.com\\\/wp-content\\\/uploads\\\/2019\\\/02\\\/Sympt\u00f4mes-denroulement-sur-Fer-N-8-400x284.jpg\",\"et-pb-portfolio-module-image\":\"https:\\\/\\\/www.vignevin.com\\\/wp-content\\\/uploads\\\/2019\\\/02\\\/Sympt\u00f4mes-denroulement-sur-Fer-N-8-510x382.jpg\",\"et-pb-portfolio-image-single\":\"https:\\\/\\\/www.vignevin.com\\\/wp-content\\\/uploads\\\/2019\\\/02\\\/Sympt\u00f4mes-denroulement-sur-Fer-N-8-1080x1440.jpg\",\"et-pb-gallery-module-image-portrait\":\"https:\\\/\\\/www.vignevin.com\\\/wp-content\\\/uploads\\\/2019\\\/02\\\/Sympt\u00f4mes-denroulement-sur-Fer-N-8-400x516.jpg\",\"et-pb-post-main-image-fullwidth-large\":\"https:\\\/\\\/www.vignevin.com\\\/wp-content\\\/uploads\\\/2019\\\/02\\\/Sympt\u00f4mes-denroulement-sur-Fer-N-8.jpg\",\"et-pb-image--responsive--desktop\":\"https:\\\/\\\/www.vignevin.com\\\/wp-content\\\/uploads\\\/2019\\\/02\\\/Sympt\u00f4mes-denroulement-sur-Fer-N-8.jpg\",\"et-pb-image--responsive--tablet\":\"https:\\\/\\\/www.vignevin.com\\\/wp-content\\\/uploads\\\/2019\\\/02\\\/Sympt\u00f4mes-denroulement-sur-Fer-N-8.jpg\",\"et-pb-image--responsive--phone\":\"https:\\\/\\\/www.vignevin.com\\\/wp-content\\\/uploads\\\/2019\\\/02\\\/Sympt\u00f4mes-denroulement-sur-Fer-N-8.jpg\",\"gform-image-choice-sm\":\"https:\\\/\\\/www.vignevin.com\\\/wp-content\\\/uploads\\\/2019\\\/02\\\/Sympt\u00f4mes-denroulement-sur-Fer-N-8.jpg\",\"gform-image-choice-md\":\"https:\\\/\\\/www.vignevin.com\\\/wp-content\\\/uploads\\\/2019\\\/02\\\/Sympt\u00f4mes-denroulement-sur-Fer-N-8.jpg\",\"gform-image-choice-lg\":\"https:\\\/\\\/www.vignevin.com\\\/wp-content\\\/uploads\\\/2019\\\/02\\\/Sympt\u00f4mes-denroulement-sur-Fer-N-8.jpg\",\"woocommerce_thumbnail\":\"https:\\\/\\\/www.vignevin.com\\\/wp-content\\\/uploads\\\/2019\\\/02\\\/Sympt\u00f4mes-denroulement-sur-Fer-N-8-300x300.jpg\",\"woocommerce_single\":\"https:\\\/\\\/www.vignevin.com\\\/wp-content\\\/uploads\\\/2019\\\/02\\\/Sympt\u00f4mes-denroulement-sur-Fer-N-8-600x800.jpg\",\"woocommerce_gallery_thumbnail\":\"https:\\\/\\\/www.vignevin.com\\\/wp-content\\\/uploads\\\/2019\\\/02\\\/Sympt\u00f4mes-denroulement-sur-Fer-N-8-100x100.jpg\",\"full\":\"https:\\\/\\\/www.vignevin.com\\\/wp-content\\\/uploads\\\/2019\\\/02\\\/Sympt\u00f4mes-denroulement-sur-Fer-N-8.jpg\",\"index\":81,\"id\":10019,\"video\":false,\"opts\":{\"caption\":\"OLYMPUS DIGITAL CAMERA\",\"thumb\":\"https:\\\/\\\/www.vignevin.com\\\/wp-content\\\/uploads\\\/2019\\\/02\\\/Sympt\u00f4mes-denroulement-sur-Fer-N-8-75x50_c.jpg\",\"title\":\"OLYMPUS DIGITAL CAMERA\"},\"gallery_id\":17410,\"gallery_title\":\"Grapevines virus\"},\"10020\":{\"status\":\"active\",\"src\":\"https:\\\/\\\/www.vignevin.com\\\/wp-content\\\/uploads\\\/2019\\\/02\\\/Sympt\u00f4mes-denroulement-sur-Fer-N-9.jpg\",\"title\":\"OLYMPUS DIGITAL CAMERA\",\"link\":\"https:\\\/\\\/www.vignevin.com\\\/wp-content\\\/uploads\\\/2019\\\/02\\\/Sympt\u00f4mes-denroulement-sur-Fer-N-9.jpg\",\"alt\":\"\",\"caption\":\"OLYMPUS DIGITAL CAMERA\",\"thumb\":\"https:\\\/\\\/www.vignevin.com\\\/wp-content\\\/uploads\\\/2019\\\/02\\\/Sympt\u00f4mes-denroulement-sur-Fer-N-9-75x50_c.jpg\",\"meta\":{\"aperture\":\"4\",\"credit\":null,\"camera\":\"C-5000Z\",\"caption\":\"OLYMPUS DIGITAL CAMERA\",\"created_timestamp\":\"1189591361\",\"copyright\":null,\"focal_length\":\"7.8\",\"iso\":\"80\",\"shutter_speed\":\"0.033333333333333\",\"title\":\"OLYMPUS DIGITAL CAMERA\",\"orientation\":\"1\",\"keywords\":null},\"thumbnail\":\"https:\\\/\\\/www.vignevin.com\\\/wp-content\\\/uploads\\\/2019\\\/02\\\/Sympt\u00f4mes-denroulement-sur-Fer-N-9-150x150.jpg\",\"medium\":\"https:\\\/\\\/www.vignevin.com\\\/wp-content\\\/uploads\\\/2019\\\/02\\\/Sympt\u00f4mes-denroulement-sur-Fer-N-9-225x300.jpg\",\"medium_large\":\"https:\\\/\\\/www.vignevin.com\\\/wp-content\\\/uploads\\\/2019\\\/02\\\/Sympt\u00f4mes-denroulement-sur-Fer-N-9-768x1024.jpg\",\"large\":\"https:\\\/\\\/www.vignevin.com\\\/wp-content\\\/uploads\\\/2019\\\/02\\\/Sympt\u00f4mes-denroulement-sur-Fer-N-9-768x1024.jpg\",\"1536x1536\":\"https:\\\/\\\/www.vignevin.com\\\/wp-content\\\/uploads\\\/2019\\\/02\\\/Sympt\u00f4mes-denroulement-sur-Fer-N-9.jpg\",\"2048x2048\":\"https:\\\/\\\/www.vignevin.com\\\/wp-content\\\/uploads\\\/2019\\\/02\\\/Sympt\u00f4mes-denroulement-sur-Fer-N-9.jpg\",\"et-pb-post-main-image\":\"https:\\\/\\\/www.vignevin.com\\\/wp-content\\\/uploads\\\/2019\\\/02\\\/Sympt\u00f4mes-denroulement-sur-Fer-N-9-400x250.jpg\",\"et-pb-post-main-image-fullwidth\":\"https:\\\/\\\/www.vignevin.com\\\/wp-content\\\/uploads\\\/2019\\\/02\\\/Sympt\u00f4mes-denroulement-sur-Fer-N-9-1080x675.jpg\",\"et-pb-portfolio-image\":\"https:\\\/\\\/www.vignevin.com\\\/wp-content\\\/uploads\\\/2019\\\/02\\\/Sympt\u00f4mes-denroulement-sur-Fer-N-9-400x284.jpg\",\"et-pb-portfolio-module-image\":\"https:\\\/\\\/www.vignevin.com\\\/wp-content\\\/uploads\\\/2019\\\/02\\\/Sympt\u00f4mes-denroulement-sur-Fer-N-9-510x382.jpg\",\"et-pb-portfolio-image-single\":\"https:\\\/\\\/www.vignevin.com\\\/wp-content\\\/uploads\\\/2019\\\/02\\\/Sympt\u00f4mes-denroulement-sur-Fer-N-9-1080x1440.jpg\",\"et-pb-gallery-module-image-portrait\":\"https:\\\/\\\/www.vignevin.com\\\/wp-content\\\/uploads\\\/2019\\\/02\\\/Sympt\u00f4mes-denroulement-sur-Fer-N-9-400x516.jpg\",\"et-pb-post-main-image-fullwidth-large\":\"https:\\\/\\\/www.vignevin.com\\\/wp-content\\\/uploads\\\/2019\\\/02\\\/Sympt\u00f4mes-denroulement-sur-Fer-N-9-1920x1800.jpg\",\"et-pb-image--responsive--desktop\":\"https:\\\/\\\/www.vignevin.com\\\/wp-content\\\/uploads\\\/2019\\\/02\\\/Sympt\u00f4mes-denroulement-sur-Fer-N-9.jpg\",\"et-pb-image--responsive--tablet\":\"https:\\\/\\\/www.vignevin.com\\\/wp-content\\\/uploads\\\/2019\\\/02\\\/Sympt\u00f4mes-denroulement-sur-Fer-N-9.jpg\",\"et-pb-image--responsive--phone\":\"https:\\\/\\\/www.vignevin.com\\\/wp-content\\\/uploads\\\/2019\\\/02\\\/Sympt\u00f4mes-denroulement-sur-Fer-N-9.jpg\",\"gform-image-choice-sm\":\"https:\\\/\\\/www.vignevin.com\\\/wp-content\\\/uploads\\\/2019\\\/02\\\/Sympt\u00f4mes-denroulement-sur-Fer-N-9.jpg\",\"gform-image-choice-md\":\"https:\\\/\\\/www.vignevin.com\\\/wp-content\\\/uploads\\\/2019\\\/02\\\/Sympt\u00f4mes-denroulement-sur-Fer-N-9.jpg\",\"gform-image-choice-lg\":\"https:\\\/\\\/www.vignevin.com\\\/wp-content\\\/uploads\\\/2019\\\/02\\\/Sympt\u00f4mes-denroulement-sur-Fer-N-9.jpg\",\"woocommerce_thumbnail\":\"https:\\\/\\\/www.vignevin.com\\\/wp-content\\\/uploads\\\/2019\\\/02\\\/Sympt\u00f4mes-denroulement-sur-Fer-N-9-300x300.jpg\",\"woocommerce_single\":\"https:\\\/\\\/www.vignevin.com\\\/wp-content\\\/uploads\\\/2019\\\/02\\\/Sympt\u00f4mes-denroulement-sur-Fer-N-9-600x800.jpg\",\"woocommerce_gallery_thumbnail\":\"https:\\\/\\\/www.vignevin.com\\\/wp-content\\\/uploads\\\/2019\\\/02\\\/Sympt\u00f4mes-denroulement-sur-Fer-N-9-100x100.jpg\",\"full\":\"https:\\\/\\\/www.vignevin.com\\\/wp-content\\\/uploads\\\/2019\\\/02\\\/Sympt\u00f4mes-denroulement-sur-Fer-N-9.jpg\",\"index\":82,\"id\":10020,\"video\":false,\"opts\":{\"caption\":\"OLYMPUS DIGITAL CAMERA\",\"thumb\":\"https:\\\/\\\/www.vignevin.com\\\/wp-content\\\/uploads\\\/2019\\\/02\\\/Sympt\u00f4mes-denroulement-sur-Fer-N-9-75x50_c.jpg\",\"title\":\"OLYMPUS DIGITAL CAMERA\"},\"gallery_id\":17410,\"gallery_title\":\"Grapevines virus\"},\"10021\":{\"status\":\"active\",\"src\":\"https:\\\/\\\/www.vignevin.com\\\/wp-content\\\/uploads\\\/2019\\\/02\\\/Sympt\u00f4mes-denroulement-sur-Fer-N.jpg\",\"title\":\"Sympt&amp;ocirc;mes d&amp;amp;rsquo;enroulement sur Fer N\",\"link\":\"https:\\\/\\\/www.vignevin.com\\\/wp-content\\\/uploads\\\/2019\\\/02\\\/Sympt\u00f4mes-denroulement-sur-Fer-N.jpg\",\"alt\":\"\",\"caption\":false,\"thumb\":\"https:\\\/\\\/www.vignevin.com\\\/wp-content\\\/uploads\\\/2019\\\/02\\\/Sympt\u00f4mes-denroulement-sur-Fer-N-75x50_c.jpg\",\"meta\":{\"aperture\":\"4\",\"credit\":null,\"camera\":\"DMC-TZ10\",\"caption\":\"\",\"created_timestamp\":\"1286279403\",\"copyright\":null,\"focal_length\":\"6.5\",\"iso\":\"80\",\"shutter_speed\":\"0.004\",\"title\":\"\",\"orientation\":\"1\",\"keywords\":null},\"thumbnail\":\"https:\\\/\\\/www.vignevin.com\\\/wp-content\\\/uploads\\\/2019\\\/02\\\/Sympt\u00f4mes-denroulement-sur-Fer-N.jpg\",\"medium\":\"https:\\\/\\\/www.vignevin.com\\\/wp-content\\\/uploads\\\/2019\\\/02\\\/Sympt\u00f4mes-denroulement-sur-Fer-N.jpg\",\"medium_large\":\"https:\\\/\\\/www.vignevin.com\\\/wp-content\\\/uploads\\\/2019\\\/02\\\/Sympt\u00f4mes-denroulement-sur-Fer-N.jpg\",\"large\":\"https:\\\/\\\/www.vignevin.com\\\/wp-content\\\/uploads\\\/2019\\\/02\\\/Sympt\u00f4mes-denroulement-sur-Fer-N.jpg\",\"1536x1536\":\"https:\\\/\\\/www.vignevin.com\\\/wp-content\\\/uploads\\\/2019\\\/02\\\/Sympt\u00f4mes-denroulement-sur-Fer-N.jpg\",\"2048x2048\":\"https:\\\/\\\/www.vignevin.com\\\/wp-content\\\/uploads\\\/2019\\\/02\\\/Sympt\u00f4mes-denroulement-sur-Fer-N.jpg\",\"et-pb-post-main-image\":\"https:\\\/\\\/www.vignevin.com\\\/wp-content\\\/uploads\\\/2019\\\/02\\\/Sympt\u00f4mes-denroulement-sur-Fer-N.jpg\",\"et-pb-post-main-image-fullwidth\":\"https:\\\/\\\/www.vignevin.com\\\/wp-content\\\/uploads\\\/2019\\\/02\\\/Sympt\u00f4mes-denroulement-sur-Fer-N.jpg\",\"et-pb-portfolio-image\":\"https:\\\/\\\/www.vignevin.com\\\/wp-content\\\/uploads\\\/2019\\\/02\\\/Sympt\u00f4mes-denroulement-sur-Fer-N.jpg\",\"et-pb-portfolio-module-image\":\"https:\\\/\\\/www.vignevin.com\\\/wp-content\\\/uploads\\\/2019\\\/02\\\/Sympt\u00f4mes-denroulement-sur-Fer-N.jpg\",\"et-pb-portfolio-image-single\":\"https:\\\/\\\/www.vignevin.com\\\/wp-content\\\/uploads\\\/2019\\\/02\\\/Sympt\u00f4mes-denroulement-sur-Fer-N.jpg\",\"et-pb-gallery-module-image-portrait\":\"https:\\\/\\\/www.vignevin.com\\\/wp-content\\\/uploads\\\/2019\\\/02\\\/Sympt\u00f4mes-denroulement-sur-Fer-N.jpg\",\"et-pb-post-main-image-fullwidth-large\":\"https:\\\/\\\/www.vignevin.com\\\/wp-content\\\/uploads\\\/2019\\\/02\\\/Sympt\u00f4mes-denroulement-sur-Fer-N.jpg\",\"et-pb-image--responsive--desktop\":\"https:\\\/\\\/www.vignevin.com\\\/wp-content\\\/uploads\\\/2019\\\/02\\\/Sympt\u00f4mes-denroulement-sur-Fer-N.jpg\",\"et-pb-image--responsive--tablet\":\"https:\\\/\\\/www.vignevin.com\\\/wp-content\\\/uploads\\\/2019\\\/02\\\/Sympt\u00f4mes-denroulement-sur-Fer-N.jpg\",\"et-pb-image--responsive--phone\":\"https:\\\/\\\/www.vignevin.com\\\/wp-content\\\/uploads\\\/2019\\\/02\\\/Sympt\u00f4mes-denroulement-sur-Fer-N.jpg\",\"gform-image-choice-sm\":\"https:\\\/\\\/www.vignevin.com\\\/wp-content\\\/uploads\\\/2019\\\/02\\\/Sympt\u00f4mes-denroulement-sur-Fer-N.jpg\",\"gform-image-choice-md\":\"https:\\\/\\\/www.vignevin.com\\\/wp-content\\\/uploads\\\/2019\\\/02\\\/Sympt\u00f4mes-denroulement-sur-Fer-N.jpg\",\"gform-image-choice-lg\":\"https:\\\/\\\/www.vignevin.com\\\/wp-content\\\/uploads\\\/2019\\\/02\\\/Sympt\u00f4mes-denroulement-sur-Fer-N.jpg\",\"woocommerce_thumbnail\":\"https:\\\/\\\/www.vignevin.com\\\/wp-content\\\/uploads\\\/2019\\\/02\\\/Sympt\u00f4mes-denroulement-sur-Fer-N-300x300.jpg\",\"woocommerce_single\":\"https:\\\/\\\/www.vignevin.com\\\/wp-content\\\/uploads\\\/2019\\\/02\\\/Sympt\u00f4mes-denroulement-sur-Fer-N-600x450.jpg\",\"woocommerce_gallery_thumbnail\":\"https:\\\/\\\/www.vignevin.com\\\/wp-content\\\/uploads\\\/2019\\\/02\\\/Sympt\u00f4mes-denroulement-sur-Fer-N-100x100.jpg\",\"full\":\"https:\\\/\\\/www.vignevin.com\\\/wp-content\\\/uploads\\\/2019\\\/02\\\/Sympt\u00f4mes-denroulement-sur-Fer-N.jpg\",\"index\":83,\"id\":10021,\"video\":false,\"opts\":{\"caption\":\"\",\"thumb\":\"https:\\\/\\\/www.vignevin.com\\\/wp-content\\\/uploads\\\/2019\\\/02\\\/Sympt\u00f4mes-denroulement-sur-Fer-N-75x50_c.jpg\",\"title\":\"Sympt&amp;ocirc;mes d&amp;amp;rsquo;enroulement sur Fer N\"},\"gallery_id\":17410,\"gallery_title\":\"Grapevines virus\"},\"10022\":{\"status\":\"active\",\"src\":\"https:\\\/\\\/www.vignevin.com\\\/wp-content\\\/uploads\\\/2019\\\/02\\\/Sympt\u00f4mes-denroulement-sur-Gamay.jpg\",\"title\":\"OLYMPUS DIGITAL CAMERA\",\"link\":\"https:\\\/\\\/www.vignevin.com\\\/wp-content\\\/uploads\\\/2019\\\/02\\\/Sympt\u00f4mes-denroulement-sur-Gamay.jpg\",\"alt\":\"\",\"caption\":\"OLYMPUS DIGITAL CAMERA\",\"thumb\":\"https:\\\/\\\/www.vignevin.com\\\/wp-content\\\/uploads\\\/2019\\\/02\\\/Sympt\u00f4mes-denroulement-sur-Gamay-75x50_c.jpg\",\"meta\":{\"aperture\":\"2.8\",\"credit\":null,\"camera\":\"C-5000Z\",\"caption\":\"OLYMPUS DIGITAL CAMERA\",\"created_timestamp\":\"1191409581\",\"copyright\":null,\"focal_length\":\"7.8\",\"iso\":\"50\",\"shutter_speed\":\"0.0125\",\"title\":\"OLYMPUS DIGITAL CAMERA\",\"orientation\":\"1\",\"keywords\":null},\"thumbnail\":\"https:\\\/\\\/www.vignevin.com\\\/wp-content\\\/uploads\\\/2019\\\/02\\\/Sympt\u00f4mes-denroulement-sur-Gamay-150x150.jpg\",\"medium\":\"https:\\\/\\\/www.vignevin.com\\\/wp-content\\\/uploads\\\/2019\\\/02\\\/Sympt\u00f4mes-denroulement-sur-Gamay-225x300.jpg\",\"medium_large\":\"https:\\\/\\\/www.vignevin.com\\\/wp-content\\\/uploads\\\/2019\\\/02\\\/Sympt\u00f4mes-denroulement-sur-Gamay-768x1024.jpg\",\"large\":\"https:\\\/\\\/www.vignevin.com\\\/wp-content\\\/uploads\\\/2019\\\/02\\\/Sympt\u00f4mes-denroulement-sur-Gamay-768x1024.jpg\",\"1536x1536\":\"https:\\\/\\\/www.vignevin.com\\\/wp-content\\\/uploads\\\/2019\\\/02\\\/Sympt\u00f4mes-denroulement-sur-Gamay.jpg\",\"2048x2048\":\"https:\\\/\\\/www.vignevin.com\\\/wp-content\\\/uploads\\\/2019\\\/02\\\/Sympt\u00f4mes-denroulement-sur-Gamay.jpg\",\"et-pb-post-main-image\":\"https:\\\/\\\/www.vignevin.com\\\/wp-content\\\/uploads\\\/2019\\\/02\\\/Sympt\u00f4mes-denroulement-sur-Gamay-400x250.jpg\",\"et-pb-post-main-image-fullwidth\":\"https:\\\/\\\/www.vignevin.com\\\/wp-content\\\/uploads\\\/2019\\\/02\\\/Sympt\u00f4mes-denroulement-sur-Gamay-1080x675.jpg\",\"et-pb-portfolio-image\":\"https:\\\/\\\/www.vignevin.com\\\/wp-content\\\/uploads\\\/2019\\\/02\\\/Sympt\u00f4mes-denroulement-sur-Gamay-400x284.jpg\",\"et-pb-portfolio-module-image\":\"https:\\\/\\\/www.vignevin.com\\\/wp-content\\\/uploads\\\/2019\\\/02\\\/Sympt\u00f4mes-denroulement-sur-Gamay-510x382.jpg\",\"et-pb-portfolio-image-single\":\"https:\\\/\\\/www.vignevin.com\\\/wp-content\\\/uploads\\\/2019\\\/02\\\/Sympt\u00f4mes-denroulement-sur-Gamay-1080x1440.jpg\",\"et-pb-gallery-module-image-portrait\":\"https:\\\/\\\/www.vignevin.com\\\/wp-content\\\/uploads\\\/2019\\\/02\\\/Sympt\u00f4mes-denroulement-sur-Gamay-400x516.jpg\",\"et-pb-post-main-image-fullwidth-large\":\"https:\\\/\\\/www.vignevin.com\\\/wp-content\\\/uploads\\\/2019\\\/02\\\/Sympt\u00f4mes-denroulement-sur-Gamay.jpg\",\"et-pb-image--responsive--desktop\":\"https:\\\/\\\/www.vignevin.com\\\/wp-content\\\/uploads\\\/2019\\\/02\\\/Sympt\u00f4mes-denroulement-sur-Gamay.jpg\",\"et-pb-image--responsive--tablet\":\"https:\\\/\\\/www.vignevin.com\\\/wp-content\\\/uploads\\\/2019\\\/02\\\/Sympt\u00f4mes-denroulement-sur-Gamay.jpg\",\"et-pb-image--responsive--phone\":\"https:\\\/\\\/www.vignevin.com\\\/wp-content\\\/uploads\\\/2019\\\/02\\\/Sympt\u00f4mes-denroulement-sur-Gamay.jpg\",\"gform-image-choice-sm\":\"https:\\\/\\\/www.vignevin.com\\\/wp-content\\\/uploads\\\/2019\\\/02\\\/Sympt\u00f4mes-denroulement-sur-Gamay.jpg\",\"gform-image-choice-md\":\"https:\\\/\\\/www.vignevin.com\\\/wp-content\\\/uploads\\\/2019\\\/02\\\/Sympt\u00f4mes-denroulement-sur-Gamay.jpg\",\"gform-image-choice-lg\":\"https:\\\/\\\/www.vignevin.com\\\/wp-content\\\/uploads\\\/2019\\\/02\\\/Sympt\u00f4mes-denroulement-sur-Gamay.jpg\",\"woocommerce_thumbnail\":\"https:\\\/\\\/www.vignevin.com\\\/wp-content\\\/uploads\\\/2019\\\/02\\\/Sympt\u00f4mes-denroulement-sur-Gamay-300x300.jpg\",\"woocommerce_single\":\"https:\\\/\\\/www.vignevin.com\\\/wp-content\\\/uploads\\\/2019\\\/02\\\/Sympt\u00f4mes-denroulement-sur-Gamay-600x800.jpg\",\"woocommerce_gallery_thumbnail\":\"https:\\\/\\\/www.vignevin.com\\\/wp-content\\\/uploads\\\/2019\\\/02\\\/Sympt\u00f4mes-denroulement-sur-Gamay-100x100.jpg\",\"full\":\"https:\\\/\\\/www.vignevin.com\\\/wp-content\\\/uploads\\\/2019\\\/02\\\/Sympt\u00f4mes-denroulement-sur-Gamay.jpg\",\"index\":84,\"id\":10022,\"video\":false,\"opts\":{\"caption\":\"OLYMPUS DIGITAL CAMERA\",\"thumb\":\"https:\\\/\\\/www.vignevin.com\\\/wp-content\\\/uploads\\\/2019\\\/02\\\/Sympt\u00f4mes-denroulement-sur-Gamay-75x50_c.jpg\",\"title\":\"OLYMPUS DIGITAL CAMERA\"},\"gallery_id\":17410,\"gallery_title\":\"Grapevines virus\"},\"10023\":{\"status\":\"active\",\"src\":\"https:\\\/\\\/www.vignevin.com\\\/wp-content\\\/uploads\\\/2019\\\/02\\\/Sympt\u00f4mes-denroulement-sur-Jaoumet-B-2.jpg\",\"title\":\"Sympt&amp;ocirc;mes d&amp;amp;rsquo;enroulement sur Jaoumet B (2)\",\"link\":\"https:\\\/\\\/www.vignevin.com\\\/wp-content\\\/uploads\\\/2019\\\/02\\\/Sympt\u00f4mes-denroulement-sur-Jaoumet-B-2.jpg\",\"alt\":\"\",\"caption\":false,\"thumb\":\"https:\\\/\\\/www.vignevin.com\\\/wp-content\\\/uploads\\\/2019\\\/02\\\/Sympt\u00f4mes-denroulement-sur-Jaoumet-B-2-75x50_c.jpg\",\"meta\":{\"aperture\":\"3.3\",\"credit\":null,\"camera\":\"DMC-TZ10\",\"caption\":\"\",\"created_timestamp\":\"1379093160\",\"copyright\":null,\"focal_length\":\"4.1\",\"iso\":\"80\",\"shutter_speed\":\"0.0125\",\"title\":\"\",\"orientation\":\"1\",\"keywords\":null},\"thumbnail\":\"https:\\\/\\\/www.vignevin.com\\\/wp-content\\\/uploads\\\/2019\\\/02\\\/Sympt\u00f4mes-denroulement-sur-Jaoumet-B-2-150x150.jpg\",\"medium\":\"https:\\\/\\\/www.vignevin.com\\\/wp-content\\\/uploads\\\/2019\\\/02\\\/Sympt\u00f4mes-denroulement-sur-Jaoumet-B-2-225x300.jpg\",\"medium_large\":\"https:\\\/\\\/www.vignevin.com\\\/wp-content\\\/uploads\\\/2019\\\/02\\\/Sympt\u00f4mes-denroulement-sur-Jaoumet-B-2-768x1024.jpg\",\"large\":\"https:\\\/\\\/www.vignevin.com\\\/wp-content\\\/uploads\\\/2019\\\/02\\\/Sympt\u00f4mes-denroulement-sur-Jaoumet-B-2-768x1024.jpg\",\"1536x1536\":\"https:\\\/\\\/www.vignevin.com\\\/wp-content\\\/uploads\\\/2019\\\/02\\\/Sympt\u00f4mes-denroulement-sur-Jaoumet-B-2.jpg\",\"2048x2048\":\"https:\\\/\\\/www.vignevin.com\\\/wp-content\\\/uploads\\\/2019\\\/02\\\/Sympt\u00f4mes-denroulement-sur-Jaoumet-B-2.jpg\",\"et-pb-post-main-image\":\"https:\\\/\\\/www.vignevin.com\\\/wp-content\\\/uploads\\\/2019\\\/02\\\/Sympt\u00f4mes-denroulement-sur-Jaoumet-B-2-400x250.jpg\",\"et-pb-post-main-image-fullwidth\":\"https:\\\/\\\/www.vignevin.com\\\/wp-content\\\/uploads\\\/2019\\\/02\\\/Sympt\u00f4mes-denroulement-sur-Jaoumet-B-2-1080x675.jpg\",\"et-pb-portfolio-image\":\"https:\\\/\\\/www.vignevin.com\\\/wp-content\\\/uploads\\\/2019\\\/02\\\/Sympt\u00f4mes-denroulement-sur-Jaoumet-B-2-400x284.jpg\",\"et-pb-portfolio-module-image\":\"https:\\\/\\\/www.vignevin.com\\\/wp-content\\\/uploads\\\/2019\\\/02\\\/Sympt\u00f4mes-denroulement-sur-Jaoumet-B-2-510x382.jpg\",\"et-pb-portfolio-image-single\":\"https:\\\/\\\/www.vignevin.com\\\/wp-content\\\/uploads\\\/2019\\\/02\\\/Sympt\u00f4mes-denroulement-sur-Jaoumet-B-2-1080x1440.jpg\",\"et-pb-gallery-module-image-portrait\":\"https:\\\/\\\/www.vignevin.com\\\/wp-content\\\/uploads\\\/2019\\\/02\\\/Sympt\u00f4mes-denroulement-sur-Jaoumet-B-2-400x516.jpg\",\"et-pb-post-main-image-fullwidth-large\":\"https:\\\/\\\/www.vignevin.com\\\/wp-content\\\/uploads\\\/2019\\\/02\\\/Sympt\u00f4mes-denroulement-sur-Jaoumet-B-2-1920x1800.jpg\",\"et-pb-image--responsive--desktop\":\"https:\\\/\\\/www.vignevin.com\\\/wp-content\\\/uploads\\\/2019\\\/02\\\/Sympt\u00f4mes-denroulement-sur-Jaoumet-B-2.jpg\",\"et-pb-image--responsive--tablet\":\"https:\\\/\\\/www.vignevin.com\\\/wp-content\\\/uploads\\\/2019\\\/02\\\/Sympt\u00f4mes-denroulement-sur-Jaoumet-B-2.jpg\",\"et-pb-image--responsive--phone\":\"https:\\\/\\\/www.vignevin.com\\\/wp-content\\\/uploads\\\/2019\\\/02\\\/Sympt\u00f4mes-denroulement-sur-Jaoumet-B-2.jpg\",\"gform-image-choice-sm\":\"https:\\\/\\\/www.vignevin.com\\\/wp-content\\\/uploads\\\/2019\\\/02\\\/Sympt\u00f4mes-denroulement-sur-Jaoumet-B-2.jpg\",\"gform-image-choice-md\":\"https:\\\/\\\/www.vignevin.com\\\/wp-content\\\/uploads\\\/2019\\\/02\\\/Sympt\u00f4mes-denroulement-sur-Jaoumet-B-2.jpg\",\"gform-image-choice-lg\":\"https:\\\/\\\/www.vignevin.com\\\/wp-content\\\/uploads\\\/2019\\\/02\\\/Sympt\u00f4mes-denroulement-sur-Jaoumet-B-2.jpg\",\"woocommerce_thumbnail\":\"https:\\\/\\\/www.vignevin.com\\\/wp-content\\\/uploads\\\/2019\\\/02\\\/Sympt\u00f4mes-denroulement-sur-Jaoumet-B-2-300x300.jpg\",\"woocommerce_single\":\"https:\\\/\\\/www.vignevin.com\\\/wp-content\\\/uploads\\\/2019\\\/02\\\/Sympt\u00f4mes-denroulement-sur-Jaoumet-B-2-600x800.jpg\",\"woocommerce_gallery_thumbnail\":\"https:\\\/\\\/www.vignevin.com\\\/wp-content\\\/uploads\\\/2019\\\/02\\\/Sympt\u00f4mes-denroulement-sur-Jaoumet-B-2-100x100.jpg\",\"full\":\"https:\\\/\\\/www.vignevin.com\\\/wp-content\\\/uploads\\\/2019\\\/02\\\/Sympt\u00f4mes-denroulement-sur-Jaoumet-B-2.jpg\",\"index\":85,\"id\":10023,\"video\":false,\"opts\":{\"caption\":\"\",\"thumb\":\"https:\\\/\\\/www.vignevin.com\\\/wp-content\\\/uploads\\\/2019\\\/02\\\/Sympt\u00f4mes-denroulement-sur-Jaoumet-B-2-75x50_c.jpg\",\"title\":\"Sympt&amp;ocirc;mes d&amp;amp;rsquo;enroulement sur Jaoumet B (2)\"},\"gallery_id\":17410,\"gallery_title\":\"Grapevines virus\"},\"10024\":{\"status\":\"active\",\"src\":\"https:\\\/\\\/www.vignevin.com\\\/wp-content\\\/uploads\\\/2019\\\/02\\\/Sympt\u00f4mes-denroulement-sur-Jaoumet-B-3-e1589898670985.jpg\",\"title\":\"Sympt&amp;ocirc;mes d&amp;amp;rsquo;enroulement sur Jaoumet B (3)\",\"link\":\"https:\\\/\\\/www.vignevin.com\\\/wp-content\\\/uploads\\\/2019\\\/02\\\/Sympt\u00f4mes-denroulement-sur-Jaoumet-B-3.jpg\",\"alt\":\"\",\"caption\":false,\"thumb\":\"https:\\\/\\\/www.vignevin.com\\\/wp-content\\\/uploads\\\/2019\\\/02\\\/Sympt\u00f4mes-denroulement-sur-Jaoumet-B-3-e1589898670985-75x50_c.jpg\",\"meta\":{\"aperture\":\"3.3\",\"credit\":null,\"camera\":\"DMC-TZ10\",\"caption\":\"\",\"created_timestamp\":\"1379093287\",\"copyright\":null,\"focal_length\":\"4.1\",\"iso\":\"80\",\"shutter_speed\":\"0.01\",\"title\":\"\",\"orientation\":\"1\",\"keywords\":null},\"thumbnail\":\"https:\\\/\\\/www.vignevin.com\\\/wp-content\\\/uploads\\\/2019\\\/02\\\/Sympt\u00f4mes-denroulement-sur-Jaoumet-B-3-e1589898670985-150x150.jpg\",\"medium\":\"https:\\\/\\\/www.vignevin.com\\\/wp-content\\\/uploads\\\/2019\\\/02\\\/Sympt\u00f4mes-denroulement-sur-Jaoumet-B-3-e1589898670985-288x300.jpg\",\"medium_large\":\"https:\\\/\\\/www.vignevin.com\\\/wp-content\\\/uploads\\\/2019\\\/02\\\/Sympt\u00f4mes-denroulement-sur-Jaoumet-B-3-e1589898670985-768x801.jpg\",\"large\":\"https:\\\/\\\/www.vignevin.com\\\/wp-content\\\/uploads\\\/2019\\\/02\\\/Sympt\u00f4mes-denroulement-sur-Jaoumet-B-3-e1589898670985-982x1024.jpg\",\"1536x1536\":\"https:\\\/\\\/www.vignevin.com\\\/wp-content\\\/uploads\\\/2019\\\/02\\\/Sympt\u00f4mes-denroulement-sur-Jaoumet-B-3-e1589898670985-1472x1536.jpg\",\"2048x2048\":\"https:\\\/\\\/www.vignevin.com\\\/wp-content\\\/uploads\\\/2019\\\/02\\\/Sympt\u00f4mes-denroulement-sur-Jaoumet-B-3-e1589898670985.jpg\",\"et-pb-post-main-image\":\"https:\\\/\\\/www.vignevin.com\\\/wp-content\\\/uploads\\\/2019\\\/02\\\/Sympt\u00f4mes-denroulement-sur-Jaoumet-B-3-e1589898670985-400x250.jpg\",\"et-pb-post-main-image-fullwidth\":\"https:\\\/\\\/www.vignevin.com\\\/wp-content\\\/uploads\\\/2019\\\/02\\\/Sympt\u00f4mes-denroulement-sur-Jaoumet-B-3-e1589898670985-1080x675.jpg\",\"et-pb-portfolio-image\":\"https:\\\/\\\/www.vignevin.com\\\/wp-content\\\/uploads\\\/2019\\\/02\\\/Sympt\u00f4mes-denroulement-sur-Jaoumet-B-3-e1589898670985-400x284.jpg\",\"et-pb-portfolio-module-image\":\"https:\\\/\\\/www.vignevin.com\\\/wp-content\\\/uploads\\\/2019\\\/02\\\/Sympt\u00f4mes-denroulement-sur-Jaoumet-B-3-e1589898670985-510x382.jpg\",\"et-pb-portfolio-image-single\":\"https:\\\/\\\/www.vignevin.com\\\/wp-content\\\/uploads\\\/2019\\\/02\\\/Sympt\u00f4mes-denroulement-sur-Jaoumet-B-3-e1589898670985-1080x1127.jpg\",\"et-pb-gallery-module-image-portrait\":\"https:\\\/\\\/www.vignevin.com\\\/wp-content\\\/uploads\\\/2019\\\/02\\\/Sympt\u00f4mes-denroulement-sur-Jaoumet-B-3-e1589898670985-400x516.jpg\",\"et-pb-post-main-image-fullwidth-large\":\"https:\\\/\\\/www.vignevin.com\\\/wp-content\\\/uploads\\\/2019\\\/02\\\/Sympt\u00f4mes-denroulement-sur-Jaoumet-B-3-e1589898670985-1920x1800.jpg\",\"et-pb-image--responsive--desktop\":\"https:\\\/\\\/www.vignevin.com\\\/wp-content\\\/uploads\\\/2019\\\/02\\\/Sympt\u00f4mes-denroulement-sur-Jaoumet-B-3-e1589898670985-1280x720.jpg\",\"et-pb-image--responsive--tablet\":\"https:\\\/\\\/www.vignevin.com\\\/wp-content\\\/uploads\\\/2019\\\/02\\\/Sympt\u00f4mes-denroulement-sur-Jaoumet-B-3-e1589898670985-980x551.jpg\",\"et-pb-image--responsive--phone\":\"https:\\\/\\\/www.vignevin.com\\\/wp-content\\\/uploads\\\/2019\\\/02\\\/Sympt\u00f4mes-denroulement-sur-Jaoumet-B-3-e1589898670985-480x270.jpg\",\"gform-image-choice-sm\":\"https:\\\/\\\/www.vignevin.com\\\/wp-content\\\/uploads\\\/2019\\\/02\\\/Sympt\u00f4mes-denroulement-sur-Jaoumet-B-3-e1589898670985.jpg\",\"gform-image-choice-md\":\"https:\\\/\\\/www.vignevin.com\\\/wp-content\\\/uploads\\\/2019\\\/02\\\/Sympt\u00f4mes-denroulement-sur-Jaoumet-B-3-e1589898670985.jpg\",\"gform-image-choice-lg\":\"https:\\\/\\\/www.vignevin.com\\\/wp-content\\\/uploads\\\/2019\\\/02\\\/Sympt\u00f4mes-denroulement-sur-Jaoumet-B-3-e1589898670985.jpg\",\"woocommerce_thumbnail\":\"https:\\\/\\\/www.vignevin.com\\\/wp-content\\\/uploads\\\/2019\\\/02\\\/Sympt\u00f4mes-denroulement-sur-Jaoumet-B-3-e1589898670985-300x300.jpg\",\"woocommerce_single\":\"https:\\\/\\\/www.vignevin.com\\\/wp-content\\\/uploads\\\/2019\\\/02\\\/Sympt\u00f4mes-denroulement-sur-Jaoumet-B-3-e1589898670985-600x626.jpg\",\"woocommerce_gallery_thumbnail\":\"https:\\\/\\\/www.vignevin.com\\\/wp-content\\\/uploads\\\/2019\\\/02\\\/Sympt\u00f4mes-denroulement-sur-Jaoumet-B-3-e1589898670985-100x100.jpg\",\"full\":\"https:\\\/\\\/www.vignevin.com\\\/wp-content\\\/uploads\\\/2019\\\/02\\\/Sympt\u00f4mes-denroulement-sur-Jaoumet-B-3-e1589898670985.jpg\",\"index\":86,\"id\":10024,\"video\":false,\"opts\":{\"caption\":\"\",\"thumb\":\"https:\\\/\\\/www.vignevin.com\\\/wp-content\\\/uploads\\\/2019\\\/02\\\/Sympt\u00f4mes-denroulement-sur-Jaoumet-B-3-e1589898670985-75x50_c.jpg\",\"title\":\"Sympt&amp;ocirc;mes d&amp;amp;rsquo;enroulement sur Jaoumet B (3)\"},\"gallery_id\":17410,\"gallery_title\":\"Grapevines virus\"},\"10025\":{\"status\":\"active\",\"src\":\"https:\\\/\\\/www.vignevin.com\\\/wp-content\\\/uploads\\\/2019\\\/02\\\/Sympt\u00f4mes-denroulement-sur-Jaoumet-B.jpg\",\"title\":\"Sympt&amp;ocirc;mes d&amp;amp;rsquo;enroulement sur Jaoumet B\",\"link\":\"https:\\\/\\\/www.vignevin.com\\\/wp-content\\\/uploads\\\/2019\\\/02\\\/Sympt\u00f4mes-denroulement-sur-Jaoumet-B.jpg\",\"alt\":\"\",\"caption\":false,\"thumb\":\"https:\\\/\\\/www.vignevin.com\\\/wp-content\\\/uploads\\\/2019\\\/02\\\/Sympt\u00f4mes-denroulement-sur-Jaoumet-B-75x50_c.jpg\",\"meta\":{\"aperture\":\"3.3\",\"credit\":null,\"camera\":\"DMC-TZ10\",\"caption\":\"\",\"created_timestamp\":\"1379093360\",\"copyright\":null,\"focal_length\":\"4.1\",\"iso\":\"80\",\"shutter_speed\":\"0.0125\",\"title\":\"\",\"orientation\":\"1\",\"keywords\":null},\"thumbnail\":\"https:\\\/\\\/www.vignevin.com\\\/wp-content\\\/uploads\\\/2019\\\/02\\\/Sympt\u00f4mes-denroulement-sur-Jaoumet-B-150x150.jpg\",\"medium\":\"https:\\\/\\\/www.vignevin.com\\\/wp-content\\\/uploads\\\/2019\\\/02\\\/Sympt\u00f4mes-denroulement-sur-Jaoumet-B-225x300.jpg\",\"medium_large\":\"https:\\\/\\\/www.vignevin.com\\\/wp-content\\\/uploads\\\/2019\\\/02\\\/Sympt\u00f4mes-denroulement-sur-Jaoumet-B-768x1024.jpg\",\"large\":\"https:\\\/\\\/www.vignevin.com\\\/wp-content\\\/uploads\\\/2019\\\/02\\\/Sympt\u00f4mes-denroulement-sur-Jaoumet-B-768x1024.jpg\",\"1536x1536\":\"https:\\\/\\\/www.vignevin.com\\\/wp-content\\\/uploads\\\/2019\\\/02\\\/Sympt\u00f4mes-denroulement-sur-Jaoumet-B.jpg\",\"2048x2048\":\"https:\\\/\\\/www.vignevin.com\\\/wp-content\\\/uploads\\\/2019\\\/02\\\/Sympt\u00f4mes-denroulement-sur-Jaoumet-B.jpg\",\"et-pb-post-main-image\":\"https:\\\/\\\/www.vignevin.com\\\/wp-content\\\/uploads\\\/2019\\\/02\\\/Sympt\u00f4mes-denroulement-sur-Jaoumet-B-400x250.jpg\",\"et-pb-post-main-image-fullwidth\":\"https:\\\/\\\/www.vignevin.com\\\/wp-content\\\/uploads\\\/2019\\\/02\\\/Sympt\u00f4mes-denroulement-sur-Jaoumet-B-1080x675.jpg\",\"et-pb-portfolio-image\":\"https:\\\/\\\/www.vignevin.com\\\/wp-content\\\/uploads\\\/2019\\\/02\\\/Sympt\u00f4mes-denroulement-sur-Jaoumet-B-400x284.jpg\",\"et-pb-portfolio-module-image\":\"https:\\\/\\\/www.vignevin.com\\\/wp-content\\\/uploads\\\/2019\\\/02\\\/Sympt\u00f4mes-denroulement-sur-Jaoumet-B-510x382.jpg\",\"et-pb-portfolio-image-single\":\"https:\\\/\\\/www.vignevin.com\\\/wp-content\\\/uploads\\\/2019\\\/02\\\/Sympt\u00f4mes-denroulement-sur-Jaoumet-B-1080x1440.jpg\",\"et-pb-gallery-module-image-portrait\":\"https:\\\/\\\/www.vignevin.com\\\/wp-content\\\/uploads\\\/2019\\\/02\\\/Sympt\u00f4mes-denroulement-sur-Jaoumet-B-400x516.jpg\",\"et-pb-post-main-image-fullwidth-large\":\"https:\\\/\\\/www.vignevin.com\\\/wp-content\\\/uploads\\\/2019\\\/02\\\/Sympt\u00f4mes-denroulement-sur-Jaoumet-B-1920x1800.jpg\",\"et-pb-image--responsive--desktop\":\"https:\\\/\\\/www.vignevin.com\\\/wp-content\\\/uploads\\\/2019\\\/02\\\/Sympt\u00f4mes-denroulement-sur-Jaoumet-B.jpg\",\"et-pb-image--responsive--tablet\":\"https:\\\/\\\/www.vignevin.com\\\/wp-content\\\/uploads\\\/2019\\\/02\\\/Sympt\u00f4mes-denroulement-sur-Jaoumet-B.jpg\",\"et-pb-image--responsive--phone\":\"https:\\\/\\\/www.vignevin.com\\\/wp-content\\\/uploads\\\/2019\\\/02\\\/Sympt\u00f4mes-denroulement-sur-Jaoumet-B.jpg\",\"gform-image-choice-sm\":\"https:\\\/\\\/www.vignevin.com\\\/wp-content\\\/uploads\\\/2019\\\/02\\\/Sympt\u00f4mes-denroulement-sur-Jaoumet-B.jpg\",\"gform-image-choice-md\":\"https:\\\/\\\/www.vignevin.com\\\/wp-content\\\/uploads\\\/2019\\\/02\\\/Sympt\u00f4mes-denroulement-sur-Jaoumet-B.jpg\",\"gform-image-choice-lg\":\"https:\\\/\\\/www.vignevin.com\\\/wp-content\\\/uploads\\\/2019\\\/02\\\/Sympt\u00f4mes-denroulement-sur-Jaoumet-B.jpg\",\"woocommerce_thumbnail\":\"https:\\\/\\\/www.vignevin.com\\\/wp-content\\\/uploads\\\/2019\\\/02\\\/Sympt\u00f4mes-denroulement-sur-Jaoumet-B-300x300.jpg\",\"woocommerce_single\":\"https:\\\/\\\/www.vignevin.com\\\/wp-content\\\/uploads\\\/2019\\\/02\\\/Sympt\u00f4mes-denroulement-sur-Jaoumet-B-600x800.jpg\",\"woocommerce_gallery_thumbnail\":\"https:\\\/\\\/www.vignevin.com\\\/wp-content\\\/uploads\\\/2019\\\/02\\\/Sympt\u00f4mes-denroulement-sur-Jaoumet-B-100x100.jpg\",\"full\":\"https:\\\/\\\/www.vignevin.com\\\/wp-content\\\/uploads\\\/2019\\\/02\\\/Sympt\u00f4mes-denroulement-sur-Jaoumet-B.jpg\",\"index\":87,\"id\":10025,\"video\":false,\"opts\":{\"caption\":\"\",\"thumb\":\"https:\\\/\\\/www.vignevin.com\\\/wp-content\\\/uploads\\\/2019\\\/02\\\/Sympt\u00f4mes-denroulement-sur-Jaoumet-B-75x50_c.jpg\",\"title\":\"Sympt&amp;ocirc;mes d&amp;amp;rsquo;enroulement sur Jaoumet B\"},\"gallery_id\":17410,\"gallery_title\":\"Grapevines virus\"},\"10026\":{\"status\":\"active\",\"src\":\"https:\\\/\\\/www.vignevin.com\\\/wp-content\\\/uploads\\\/2019\\\/02\\\/Sympt\u00f4mes-denroulement-sur-Juran\u00e7on-noir-2.jpg\",\"title\":\"Sympt&amp;ocirc;mes d&amp;amp;rsquo;enroulement sur Juran&amp;ccedil;on noir (2)\",\"link\":\"https:\\\/\\\/www.vignevin.com\\\/wp-content\\\/uploads\\\/2019\\\/02\\\/Sympt\u00f4mes-denroulement-sur-Juran\u00e7on-noir-2.jpg\",\"alt\":\"\",\"caption\":false,\"thumb\":\"https:\\\/\\\/www.vignevin.com\\\/wp-content\\\/uploads\\\/2019\\\/02\\\/Sympt\u00f4mes-denroulement-sur-Juran\u00e7on-noir-2-75x50_c.jpg\",\"meta\":{\"aperture\":\"3.3\",\"credit\":null,\"camera\":\"DMC-TZ10\",\"caption\":\"\",\"created_timestamp\":\"1315482841\",\"copyright\":null,\"focal_length\":\"4.1\",\"iso\":\"80\",\"shutter_speed\":\"0.016666666666667\",\"title\":\"\",\"orientation\":\"1\",\"keywords\":null},\"thumbnail\":\"https:\\\/\\\/www.vignevin.com\\\/wp-content\\\/uploads\\\/2019\\\/02\\\/Sympt\u00f4mes-denroulement-sur-Juran\u00e7on-noir-2-150x150.jpg\",\"medium\":\"https:\\\/\\\/www.vignevin.com\\\/wp-content\\\/uploads\\\/2019\\\/02\\\/Sympt\u00f4mes-denroulement-sur-Juran\u00e7on-noir-2-300x225.jpg\",\"medium_large\":\"https:\\\/\\\/www.vignevin.com\\\/wp-content\\\/uploads\\\/2019\\\/02\\\/Sympt\u00f4mes-denroulement-sur-Juran\u00e7on-noir-2-768x576.jpg\",\"large\":\"https:\\\/\\\/www.vignevin.com\\\/wp-content\\\/uploads\\\/2019\\\/02\\\/Sympt\u00f4mes-denroulement-sur-Juran\u00e7on-noir-2-1024x768.jpg\",\"1536x1536\":\"https:\\\/\\\/www.vignevin.com\\\/wp-content\\\/uploads\\\/2019\\\/02\\\/Sympt\u00f4mes-denroulement-sur-Juran\u00e7on-noir-2.jpg\",\"2048x2048\":\"https:\\\/\\\/www.vignevin.com\\\/wp-content\\\/uploads\\\/2019\\\/02\\\/Sympt\u00f4mes-denroulement-sur-Juran\u00e7on-noir-2.jpg\",\"et-pb-post-main-image\":\"https:\\\/\\\/www.vignevin.com\\\/wp-content\\\/uploads\\\/2019\\\/02\\\/Sympt\u00f4mes-denroulement-sur-Juran\u00e7on-noir-2-400x250.jpg\",\"et-pb-post-main-image-fullwidth\":\"https:\\\/\\\/www.vignevin.com\\\/wp-content\\\/uploads\\\/2019\\\/02\\\/Sympt\u00f4mes-denroulement-sur-Juran\u00e7on-noir-2-1080x675.jpg\",\"et-pb-portfolio-image\":\"https:\\\/\\\/www.vignevin.com\\\/wp-content\\\/uploads\\\/2019\\\/02\\\/Sympt\u00f4mes-denroulement-sur-Juran\u00e7on-noir-2-400x284.jpg\",\"et-pb-portfolio-module-image\":\"https:\\\/\\\/www.vignevin.com\\\/wp-content\\\/uploads\\\/2019\\\/02\\\/Sympt\u00f4mes-denroulement-sur-Juran\u00e7on-noir-2-510x382.jpg\",\"et-pb-portfolio-image-single\":\"https:\\\/\\\/www.vignevin.com\\\/wp-content\\\/uploads\\\/2019\\\/02\\\/Sympt\u00f4mes-denroulement-sur-Juran\u00e7on-noir-2-1080x810.jpg\",\"et-pb-gallery-module-image-portrait\":\"https:\\\/\\\/www.vignevin.com\\\/wp-content\\\/uploads\\\/2019\\\/02\\\/Sympt\u00f4mes-denroulement-sur-Juran\u00e7on-noir-2-400x516.jpg\",\"et-pb-post-main-image-fullwidth-large\":\"https:\\\/\\\/www.vignevin.com\\\/wp-content\\\/uploads\\\/2019\\\/02\\\/Sympt\u00f4mes-denroulement-sur-Juran\u00e7on-noir-2-2560x1800.jpg\",\"et-pb-image--responsive--desktop\":\"https:\\\/\\\/www.vignevin.com\\\/wp-content\\\/uploads\\\/2019\\\/02\\\/Sympt\u00f4mes-denroulement-sur-Juran\u00e7on-noir-2.jpg\",\"et-pb-image--responsive--tablet\":\"https:\\\/\\\/www.vignevin.com\\\/wp-content\\\/uploads\\\/2019\\\/02\\\/Sympt\u00f4mes-denroulement-sur-Juran\u00e7on-noir-2.jpg\",\"et-pb-image--responsive--phone\":\"https:\\\/\\\/www.vignevin.com\\\/wp-content\\\/uploads\\\/2019\\\/02\\\/Sympt\u00f4mes-denroulement-sur-Juran\u00e7on-noir-2.jpg\",\"gform-image-choice-sm\":\"https:\\\/\\\/www.vignevin.com\\\/wp-content\\\/uploads\\\/2019\\\/02\\\/Sympt\u00f4mes-denroulement-sur-Juran\u00e7on-noir-2.jpg\",\"gform-image-choice-md\":\"https:\\\/\\\/www.vignevin.com\\\/wp-content\\\/uploads\\\/2019\\\/02\\\/Sympt\u00f4mes-denroulement-sur-Juran\u00e7on-noir-2.jpg\",\"gform-image-choice-lg\":\"https:\\\/\\\/www.vignevin.com\\\/wp-content\\\/uploads\\\/2019\\\/02\\\/Sympt\u00f4mes-denroulement-sur-Juran\u00e7on-noir-2.jpg\",\"woocommerce_thumbnail\":\"https:\\\/\\\/www.vignevin.com\\\/wp-content\\\/uploads\\\/2019\\\/02\\\/Sympt\u00f4mes-denroulement-sur-Juran\u00e7on-noir-2-300x300.jpg\",\"woocommerce_single\":\"https:\\\/\\\/www.vignevin.com\\\/wp-content\\\/uploads\\\/2019\\\/02\\\/Sympt\u00f4mes-denroulement-sur-Juran\u00e7on-noir-2-600x450.jpg\",\"woocommerce_gallery_thumbnail\":\"https:\\\/\\\/www.vignevin.com\\\/wp-content\\\/uploads\\\/2019\\\/02\\\/Sympt\u00f4mes-denroulement-sur-Juran\u00e7on-noir-2-100x100.jpg\",\"full\":\"https:\\\/\\\/www.vignevin.com\\\/wp-content\\\/uploads\\\/2019\\\/02\\\/Sympt\u00f4mes-denroulement-sur-Juran\u00e7on-noir-2.jpg\",\"index\":88,\"id\":10026,\"video\":false,\"opts\":{\"caption\":\"\",\"thumb\":\"https:\\\/\\\/www.vignevin.com\\\/wp-content\\\/uploads\\\/2019\\\/02\\\/Sympt\u00f4mes-denroulement-sur-Juran\u00e7on-noir-2-75x50_c.jpg\",\"title\":\"Sympt&amp;ocirc;mes d&amp;amp;rsquo;enroulement sur Juran&amp;ccedil;on noir (2)\"},\"gallery_id\":17410,\"gallery_title\":\"Grapevines virus\"},\"10027\":{\"status\":\"active\",\"src\":\"https:\\\/\\\/www.vignevin.com\\\/wp-content\\\/uploads\\\/2019\\\/02\\\/Sympt\u00f4mes-denroulement-sur-Juran\u00e7on-noir.jpg\",\"title\":\"Sympt&amp;ocirc;mes d&amp;amp;rsquo;enroulement sur Juran&amp;ccedil;on noir\",\"link\":\"https:\\\/\\\/www.vignevin.com\\\/wp-content\\\/uploads\\\/2019\\\/02\\\/Sympt\u00f4mes-denroulement-sur-Juran\u00e7on-noir.jpg\",\"alt\":\"\",\"caption\":false,\"thumb\":\"https:\\\/\\\/www.vignevin.com\\\/wp-content\\\/uploads\\\/2019\\\/02\\\/Sympt\u00f4mes-denroulement-sur-Juran\u00e7on-noir-75x50_c.jpg\",\"meta\":{\"aperture\":\"3.3\",\"credit\":null,\"camera\":\"DMC-TZ10\",\"caption\":\"\",\"created_timestamp\":\"1315482340\",\"copyright\":null,\"focal_length\":\"4.1\",\"iso\":\"80\",\"shutter_speed\":\"0.0125\",\"title\":\"\",\"orientation\":\"1\",\"keywords\":null},\"thumbnail\":\"https:\\\/\\\/www.vignevin.com\\\/wp-content\\\/uploads\\\/2019\\\/02\\\/Sympt\u00f4mes-denroulement-sur-Juran\u00e7on-noir-150x150.jpg\",\"medium\":\"https:\\\/\\\/www.vignevin.com\\\/wp-content\\\/uploads\\\/2019\\\/02\\\/Sympt\u00f4mes-denroulement-sur-Juran\u00e7on-noir-300x225.jpg\",\"medium_large\":\"https:\\\/\\\/www.vignevin.com\\\/wp-content\\\/uploads\\\/2019\\\/02\\\/Sympt\u00f4mes-denroulement-sur-Juran\u00e7on-noir-768x576.jpg\",\"large\":\"https:\\\/\\\/www.vignevin.com\\\/wp-content\\\/uploads\\\/2019\\\/02\\\/Sympt\u00f4mes-denroulement-sur-Juran\u00e7on-noir-1024x768.jpg\",\"1536x1536\":\"https:\\\/\\\/www.vignevin.com\\\/wp-content\\\/uploads\\\/2019\\\/02\\\/Sympt\u00f4mes-denroulement-sur-Juran\u00e7on-noir.jpg\",\"2048x2048\":\"https:\\\/\\\/www.vignevin.com\\\/wp-content\\\/uploads\\\/2019\\\/02\\\/Sympt\u00f4mes-denroulement-sur-Juran\u00e7on-noir.jpg\",\"et-pb-post-main-image\":\"https:\\\/\\\/www.vignevin.com\\\/wp-content\\\/uploads\\\/2019\\\/02\\\/Sympt\u00f4mes-denroulement-sur-Juran\u00e7on-noir-400x250.jpg\",\"et-pb-post-main-image-fullwidth\":\"https:\\\/\\\/www.vignevin.com\\\/wp-content\\\/uploads\\\/2019\\\/02\\\/Sympt\u00f4mes-denroulement-sur-Juran\u00e7on-noir-1080x675.jpg\",\"et-pb-portfolio-image\":\"https:\\\/\\\/www.vignevin.com\\\/wp-content\\\/uploads\\\/2019\\\/02\\\/Sympt\u00f4mes-denroulement-sur-Juran\u00e7on-noir-400x284.jpg\",\"et-pb-portfolio-module-image\":\"https:\\\/\\\/www.vignevin.com\\\/wp-content\\\/uploads\\\/2019\\\/02\\\/Sympt\u00f4mes-denroulement-sur-Juran\u00e7on-noir-510x382.jpg\",\"et-pb-portfolio-image-single\":\"https:\\\/\\\/www.vignevin.com\\\/wp-content\\\/uploads\\\/2019\\\/02\\\/Sympt\u00f4mes-denroulement-sur-Juran\u00e7on-noir-1080x810.jpg\",\"et-pb-gallery-module-image-portrait\":\"https:\\\/\\\/www.vignevin.com\\\/wp-content\\\/uploads\\\/2019\\\/02\\\/Sympt\u00f4mes-denroulement-sur-Juran\u00e7on-noir-400x516.jpg\",\"et-pb-post-main-image-fullwidth-large\":\"https:\\\/\\\/www.vignevin.com\\\/wp-content\\\/uploads\\\/2019\\\/02\\\/Sympt\u00f4mes-denroulement-sur-Juran\u00e7on-noir-2560x1800.jpg\",\"et-pb-image--responsive--desktop\":\"https:\\\/\\\/www.vignevin.com\\\/wp-content\\\/uploads\\\/2019\\\/02\\\/Sympt\u00f4mes-denroulement-sur-Juran\u00e7on-noir.jpg\",\"et-pb-image--responsive--tablet\":\"https:\\\/\\\/www.vignevin.com\\\/wp-content\\\/uploads\\\/2019\\\/02\\\/Sympt\u00f4mes-denroulement-sur-Juran\u00e7on-noir.jpg\",\"et-pb-image--responsive--phone\":\"https:\\\/\\\/www.vignevin.com\\\/wp-content\\\/uploads\\\/2019\\\/02\\\/Sympt\u00f4mes-denroulement-sur-Juran\u00e7on-noir.jpg\",\"gform-image-choice-sm\":\"https:\\\/\\\/www.vignevin.com\\\/wp-content\\\/uploads\\\/2019\\\/02\\\/Sympt\u00f4mes-denroulement-sur-Juran\u00e7on-noir.jpg\",\"gform-image-choice-md\":\"https:\\\/\\\/www.vignevin.com\\\/wp-content\\\/uploads\\\/2019\\\/02\\\/Sympt\u00f4mes-denroulement-sur-Juran\u00e7on-noir.jpg\",\"gform-image-choice-lg\":\"https:\\\/\\\/www.vignevin.com\\\/wp-content\\\/uploads\\\/2019\\\/02\\\/Sympt\u00f4mes-denroulement-sur-Juran\u00e7on-noir.jpg\",\"woocommerce_thumbnail\":\"https:\\\/\\\/www.vignevin.com\\\/wp-content\\\/uploads\\\/2019\\\/02\\\/Sympt\u00f4mes-denroulement-sur-Juran\u00e7on-noir-300x300.jpg\",\"woocommerce_single\":\"https:\\\/\\\/www.vignevin.com\\\/wp-content\\\/uploads\\\/2019\\\/02\\\/Sympt\u00f4mes-denroulement-sur-Juran\u00e7on-noir-600x450.jpg\",\"woocommerce_gallery_thumbnail\":\"https:\\\/\\\/www.vignevin.com\\\/wp-content\\\/uploads\\\/2019\\\/02\\\/Sympt\u00f4mes-denroulement-sur-Juran\u00e7on-noir-100x100.jpg\",\"full\":\"https:\\\/\\\/www.vignevin.com\\\/wp-content\\\/uploads\\\/2019\\\/02\\\/Sympt\u00f4mes-denroulement-sur-Juran\u00e7on-noir.jpg\",\"index\":89,\"id\":10027,\"video\":false,\"opts\":{\"caption\":\"\",\"thumb\":\"https:\\\/\\\/www.vignevin.com\\\/wp-content\\\/uploads\\\/2019\\\/02\\\/Sympt\u00f4mes-denroulement-sur-Juran\u00e7on-noir-75x50_c.jpg\",\"title\":\"Sympt&amp;ocirc;mes d&amp;amp;rsquo;enroulement sur Juran&amp;ccedil;on noir\"},\"gallery_id\":17410,\"gallery_title\":\"Grapevines virus\"},\"10028\":{\"status\":\"active\",\"src\":\"https:\\\/\\\/www.vignevin.com\\\/wp-content\\\/uploads\\\/2019\\\/02\\\/Sympt\u00f4mes-denroulement-sur-vari\u00e9t\u00e9-indicatrice-apr\u00e8s-greffage-herbac\u00e9.jpg\",\"title\":\"Sympt&amp;ocirc;mes d&amp;amp;rsquo;enroulement sur vari&amp;eacute;t&amp;eacute; indicatrice apr&amp;egrave;s greffage herbac&amp;eacute;\",\"link\":\"https:\\\/\\\/www.vignevin.com\\\/wp-content\\\/uploads\\\/2019\\\/02\\\/Sympt\u00f4mes-denroulement-sur-vari\u00e9t\u00e9-indicatrice-apr\u00e8s-greffage-herbac\u00e9.jpg\",\"alt\":\"\",\"caption\":false,\"thumb\":\"https:\\\/\\\/www.vignevin.com\\\/wp-content\\\/uploads\\\/2019\\\/02\\\/Sympt\u00f4mes-denroulement-sur-vari\u00e9t\u00e9-indicatrice-apr\u00e8s-greffage-herbac\u00e9-75x50_c.jpg\",\"meta\":{\"aperture\":null,\"credit\":null,\"camera\":null,\"caption\":\"\",\"created_timestamp\":null,\"copyright\":null,\"focal_length\":null,\"iso\":null,\"shutter_speed\":null,\"title\":\"\",\"orientation\":null,\"keywords\":null},\"thumbnail\":\"https:\\\/\\\/www.vignevin.com\\\/wp-content\\\/uploads\\\/2019\\\/02\\\/Sympt\u00f4mes-denroulement-sur-vari\u00e9t\u00e9-indicatrice-apr\u00e8s-greffage-herbac\u00e9-150x150.jpg\",\"medium\":\"https:\\\/\\\/www.vignevin.com\\\/wp-content\\\/uploads\\\/2019\\\/02\\\/Sympt\u00f4mes-denroulement-sur-vari\u00e9t\u00e9-indicatrice-apr\u00e8s-greffage-herbac\u00e9-298x300.jpg\",\"medium_large\":\"https:\\\/\\\/www.vignevin.com\\\/wp-content\\\/uploads\\\/2019\\\/02\\\/Sympt\u00f4mes-denroulement-sur-vari\u00e9t\u00e9-indicatrice-apr\u00e8s-greffage-herbac\u00e9.jpg\",\"large\":\"https:\\\/\\\/www.vignevin.com\\\/wp-content\\\/uploads\\\/2019\\\/02\\\/Sympt\u00f4mes-denroulement-sur-vari\u00e9t\u00e9-indicatrice-apr\u00e8s-greffage-herbac\u00e9.jpg\",\"1536x1536\":\"https:\\\/\\\/www.vignevin.com\\\/wp-content\\\/uploads\\\/2019\\\/02\\\/Sympt\u00f4mes-denroulement-sur-vari\u00e9t\u00e9-indicatrice-apr\u00e8s-greffage-herbac\u00e9.jpg\",\"2048x2048\":\"https:\\\/\\\/www.vignevin.com\\\/wp-content\\\/uploads\\\/2019\\\/02\\\/Sympt\u00f4mes-denroulement-sur-vari\u00e9t\u00e9-indicatrice-apr\u00e8s-greffage-herbac\u00e9.jpg\",\"et-pb-post-main-image\":\"https:\\\/\\\/www.vignevin.com\\\/wp-content\\\/uploads\\\/2019\\\/02\\\/Sympt\u00f4mes-denroulement-sur-vari\u00e9t\u00e9-indicatrice-apr\u00e8s-greffage-herbac\u00e9-382x250.jpg\",\"et-pb-post-main-image-fullwidth\":\"https:\\\/\\\/www.vignevin.com\\\/wp-content\\\/uploads\\\/2019\\\/02\\\/Sympt\u00f4mes-denroulement-sur-vari\u00e9t\u00e9-indicatrice-apr\u00e8s-greffage-herbac\u00e9.jpg\",\"et-pb-portfolio-image\":\"https:\\\/\\\/www.vignevin.com\\\/wp-content\\\/uploads\\\/2019\\\/02\\\/Sympt\u00f4mes-denroulement-sur-vari\u00e9t\u00e9-indicatrice-apr\u00e8s-greffage-herbac\u00e9-382x284.jpg\",\"et-pb-portfolio-module-image\":\"https:\\\/\\\/www.vignevin.com\\\/wp-content\\\/uploads\\\/2019\\\/02\\\/Sympt\u00f4mes-denroulement-sur-vari\u00e9t\u00e9-indicatrice-apr\u00e8s-greffage-herbac\u00e9-382x382.jpg\",\"et-pb-portfolio-image-single\":\"https:\\\/\\\/www.vignevin.com\\\/wp-content\\\/uploads\\\/2019\\\/02\\\/Sympt\u00f4mes-denroulement-sur-vari\u00e9t\u00e9-indicatrice-apr\u00e8s-greffage-herbac\u00e9.jpg\",\"et-pb-gallery-module-image-portrait\":\"https:\\\/\\\/www.vignevin.com\\\/wp-content\\\/uploads\\\/2019\\\/02\\\/Sympt\u00f4mes-denroulement-sur-vari\u00e9t\u00e9-indicatrice-apr\u00e8s-greffage-herbac\u00e9.jpg\",\"et-pb-post-main-image-fullwidth-large\":\"https:\\\/\\\/www.vignevin.com\\\/wp-content\\\/uploads\\\/2019\\\/02\\\/Sympt\u00f4mes-denroulement-sur-vari\u00e9t\u00e9-indicatrice-apr\u00e8s-greffage-herbac\u00e9.jpg\",\"et-pb-image--responsive--desktop\":\"https:\\\/\\\/www.vignevin.com\\\/wp-content\\\/uploads\\\/2019\\\/02\\\/Sympt\u00f4mes-denroulement-sur-vari\u00e9t\u00e9-indicatrice-apr\u00e8s-greffage-herbac\u00e9.jpg\",\"et-pb-image--responsive--tablet\":\"https:\\\/\\\/www.vignevin.com\\\/wp-content\\\/uploads\\\/2019\\\/02\\\/Sympt\u00f4mes-denroulement-sur-vari\u00e9t\u00e9-indicatrice-apr\u00e8s-greffage-herbac\u00e9.jpg\",\"et-pb-image--responsive--phone\":\"https:\\\/\\\/www.vignevin.com\\\/wp-content\\\/uploads\\\/2019\\\/02\\\/Sympt\u00f4mes-denroulement-sur-vari\u00e9t\u00e9-indicatrice-apr\u00e8s-greffage-herbac\u00e9.jpg\",\"gform-image-choice-sm\":\"https:\\\/\\\/www.vignevin.com\\\/wp-content\\\/uploads\\\/2019\\\/02\\\/Sympt\u00f4mes-denroulement-sur-vari\u00e9t\u00e9-indicatrice-apr\u00e8s-greffage-herbac\u00e9.jpg\",\"gform-image-choice-md\":\"https:\\\/\\\/www.vignevin.com\\\/wp-content\\\/uploads\\\/2019\\\/02\\\/Sympt\u00f4mes-denroulement-sur-vari\u00e9t\u00e9-indicatrice-apr\u00e8s-greffage-herbac\u00e9.jpg\",\"gform-image-choice-lg\":\"https:\\\/\\\/www.vignevin.com\\\/wp-content\\\/uploads\\\/2019\\\/02\\\/Sympt\u00f4mes-denroulement-sur-vari\u00e9t\u00e9-indicatrice-apr\u00e8s-greffage-herbac\u00e9.jpg\",\"woocommerce_thumbnail\":\"https:\\\/\\\/www.vignevin.com\\\/wp-content\\\/uploads\\\/2019\\\/02\\\/Sympt\u00f4mes-denroulement-sur-vari\u00e9t\u00e9-indicatrice-apr\u00e8s-greffage-herbac\u00e9-300x300.jpg\",\"woocommerce_single\":\"https:\\\/\\\/www.vignevin.com\\\/wp-content\\\/uploads\\\/2019\\\/02\\\/Sympt\u00f4mes-denroulement-sur-vari\u00e9t\u00e9-indicatrice-apr\u00e8s-greffage-herbac\u00e9.jpg\",\"woocommerce_gallery_thumbnail\":\"https:\\\/\\\/www.vignevin.com\\\/wp-content\\\/uploads\\\/2019\\\/02\\\/Sympt\u00f4mes-denroulement-sur-vari\u00e9t\u00e9-indicatrice-apr\u00e8s-greffage-herbac\u00e9-100x100.jpg\",\"full\":\"https:\\\/\\\/www.vignevin.com\\\/wp-content\\\/uploads\\\/2019\\\/02\\\/Sympt\u00f4mes-denroulement-sur-vari\u00e9t\u00e9-indicatrice-apr\u00e8s-greffage-herbac\u00e9.jpg\",\"index\":90,\"id\":10028,\"video\":false,\"opts\":{\"caption\":\"\",\"thumb\":\"https:\\\/\\\/www.vignevin.com\\\/wp-content\\\/uploads\\\/2019\\\/02\\\/Sympt\u00f4mes-denroulement-sur-vari\u00e9t\u00e9-indicatrice-apr\u00e8s-greffage-herbac\u00e9-75x50_c.jpg\",\"title\":\"Sympt&amp;ocirc;mes d&amp;amp;rsquo;enroulement sur vari&amp;eacute;t&amp;eacute; indicatrice apr&amp;egrave;s greffage herbac&amp;eacute;\"},\"gallery_id\":17410,\"gallery_title\":\"Grapevines virus\"},\"10029\":{\"status\":\"active\",\"src\":\"https:\\\/\\\/www.vignevin.com\\\/wp-content\\\/uploads\\\/2019\\\/02\\\/Sympt\u00f4mes-denroulement.jpg\",\"title\":\"Sympt&amp;ocirc;mes d&amp;amp;rsquo;enroulement\",\"link\":\"https:\\\/\\\/www.vignevin.com\\\/wp-content\\\/uploads\\\/2019\\\/02\\\/Sympt\u00f4mes-denroulement.jpg\",\"alt\":\"\",\"caption\":false,\"thumb\":\"https:\\\/\\\/www.vignevin.com\\\/wp-content\\\/uploads\\\/2019\\\/02\\\/Sympt\u00f4mes-denroulement-75x50_c.jpg\",\"meta\":{\"aperture\":null,\"credit\":null,\"camera\":null,\"caption\":\"\",\"created_timestamp\":null,\"copyright\":null,\"focal_length\":null,\"iso\":null,\"shutter_speed\":null,\"title\":\"\",\"orientation\":\"1\",\"keywords\":null},\"thumbnail\":\"https:\\\/\\\/www.vignevin.com\\\/wp-content\\\/uploads\\\/2019\\\/02\\\/Sympt\u00f4mes-denroulement.jpg\",\"medium\":\"https:\\\/\\\/www.vignevin.com\\\/wp-content\\\/uploads\\\/2019\\\/02\\\/Sympt\u00f4mes-denroulement.jpg\",\"medium_large\":\"https:\\\/\\\/www.vignevin.com\\\/wp-content\\\/uploads\\\/2019\\\/02\\\/Sympt\u00f4mes-denroulement.jpg\",\"large\":\"https:\\\/\\\/www.vignevin.com\\\/wp-content\\\/uploads\\\/2019\\\/02\\\/Sympt\u00f4mes-denroulement.jpg\",\"1536x1536\":\"https:\\\/\\\/www.vignevin.com\\\/wp-content\\\/uploads\\\/2019\\\/02\\\/Sympt\u00f4mes-denroulement.jpg\",\"2048x2048\":\"https:\\\/\\\/www.vignevin.com\\\/wp-content\\\/uploads\\\/2019\\\/02\\\/Sympt\u00f4mes-denroulement.jpg\",\"et-pb-post-main-image\":\"https:\\\/\\\/www.vignevin.com\\\/wp-content\\\/uploads\\\/2019\\\/02\\\/Sympt\u00f4mes-denroulement.jpg\",\"et-pb-post-main-image-fullwidth\":\"https:\\\/\\\/www.vignevin.com\\\/wp-content\\\/uploads\\\/2019\\\/02\\\/Sympt\u00f4mes-denroulement.jpg\",\"et-pb-portfolio-image\":\"https:\\\/\\\/www.vignevin.com\\\/wp-content\\\/uploads\\\/2019\\\/02\\\/Sympt\u00f4mes-denroulement.jpg\",\"et-pb-portfolio-module-image\":\"https:\\\/\\\/www.vignevin.com\\\/wp-content\\\/uploads\\\/2019\\\/02\\\/Sympt\u00f4mes-denroulement.jpg\",\"et-pb-portfolio-image-single\":\"https:\\\/\\\/www.vignevin.com\\\/wp-content\\\/uploads\\\/2019\\\/02\\\/Sympt\u00f4mes-denroulement.jpg\",\"et-pb-gallery-module-image-portrait\":\"https:\\\/\\\/www.vignevin.com\\\/wp-content\\\/uploads\\\/2019\\\/02\\\/Sympt\u00f4mes-denroulement.jpg\",\"et-pb-post-main-image-fullwidth-large\":\"https:\\\/\\\/www.vignevin.com\\\/wp-content\\\/uploads\\\/2019\\\/02\\\/Sympt\u00f4mes-denroulement.jpg\",\"et-pb-image--responsive--desktop\":\"https:\\\/\\\/www.vignevin.com\\\/wp-content\\\/uploads\\\/2019\\\/02\\\/Sympt\u00f4mes-denroulement.jpg\",\"et-pb-image--responsive--tablet\":\"https:\\\/\\\/www.vignevin.com\\\/wp-content\\\/uploads\\\/2019\\\/02\\\/Sympt\u00f4mes-denroulement.jpg\",\"et-pb-image--responsive--phone\":\"https:\\\/\\\/www.vignevin.com\\\/wp-content\\\/uploads\\\/2019\\\/02\\\/Sympt\u00f4mes-denroulement.jpg\",\"gform-image-choice-sm\":\"https:\\\/\\\/www.vignevin.com\\\/wp-content\\\/uploads\\\/2019\\\/02\\\/Sympt\u00f4mes-denroulement.jpg\",\"gform-image-choice-md\":\"https:\\\/\\\/www.vignevin.com\\\/wp-content\\\/uploads\\\/2019\\\/02\\\/Sympt\u00f4mes-denroulement.jpg\",\"gform-image-choice-lg\":\"https:\\\/\\\/www.vignevin.com\\\/wp-content\\\/uploads\\\/2019\\\/02\\\/Sympt\u00f4mes-denroulement.jpg\",\"woocommerce_thumbnail\":\"https:\\\/\\\/www.vignevin.com\\\/wp-content\\\/uploads\\\/2019\\\/02\\\/Sympt\u00f4mes-denroulement-300x300.jpg\",\"woocommerce_single\":\"https:\\\/\\\/www.vignevin.com\\\/wp-content\\\/uploads\\\/2019\\\/02\\\/Sympt\u00f4mes-denroulement-600x383.jpg\",\"woocommerce_gallery_thumbnail\":\"https:\\\/\\\/www.vignevin.com\\\/wp-content\\\/uploads\\\/2019\\\/02\\\/Sympt\u00f4mes-denroulement-100x100.jpg\",\"full\":\"https:\\\/\\\/www.vignevin.com\\\/wp-content\\\/uploads\\\/2019\\\/02\\\/Sympt\u00f4mes-denroulement.jpg\",\"index\":91,\"id\":10029,\"video\":false,\"opts\":{\"caption\":\"\",\"thumb\":\"https:\\\/\\\/www.vignevin.com\\\/wp-content\\\/uploads\\\/2019\\\/02\\\/Sympt\u00f4mes-denroulement-75x50_c.jpg\",\"title\":\"Sympt&amp;ocirc;mes d&amp;amp;rsquo;enroulement\"},\"gallery_id\":17410,\"gallery_title\":\"Grapevines virus\"},\"10030\":{\"status\":\"active\",\"src\":\"https:\\\/\\\/www.vignevin.com\\\/wp-content\\\/uploads\\\/2019\\\/02\\\/Sympt\u00f4mes-deutypiose-Eutypa-lata-2.jpg\",\"title\":\"Sympt&amp;ocirc;mes d&amp;amp;rsquo;eutypiose (Eutypa lata) (2)\",\"link\":\"https:\\\/\\\/www.vignevin.com\\\/wp-content\\\/uploads\\\/2019\\\/02\\\/Sympt\u00f4mes-deutypiose-Eutypa-lata-2.jpg\",\"alt\":\"\",\"caption\":false,\"thumb\":\"https:\\\/\\\/www.vignevin.com\\\/wp-content\\\/uploads\\\/2019\\\/02\\\/Sympt\u00f4mes-deutypiose-Eutypa-lata-2-75x50_c.jpg\",\"meta\":{\"aperture\":null,\"credit\":null,\"camera\":null,\"caption\":\"\",\"created_timestamp\":null,\"copyright\":null,\"focal_length\":null,\"iso\":null,\"shutter_speed\":null,\"title\":\"\",\"orientation\":null,\"keywords\":null},\"thumbnail\":\"https:\\\/\\\/www.vignevin.com\\\/wp-content\\\/uploads\\\/2019\\\/02\\\/Sympt\u00f4mes-deutypiose-Eutypa-lata-2-150x150.jpg\",\"medium\":\"https:\\\/\\\/www.vignevin.com\\\/wp-content\\\/uploads\\\/2019\\\/02\\\/Sympt\u00f4mes-deutypiose-Eutypa-lata-2-209x300.jpg\",\"medium_large\":\"https:\\\/\\\/www.vignevin.com\\\/wp-content\\\/uploads\\\/2019\\\/02\\\/Sympt\u00f4mes-deutypiose-Eutypa-lata-2.jpg\",\"large\":\"https:\\\/\\\/www.vignevin.com\\\/wp-content\\\/uploads\\\/2019\\\/02\\\/Sympt\u00f4mes-deutypiose-Eutypa-lata-2.jpg\",\"1536x1536\":\"https:\\\/\\\/www.vignevin.com\\\/wp-content\\\/uploads\\\/2019\\\/02\\\/Sympt\u00f4mes-deutypiose-Eutypa-lata-2.jpg\",\"2048x2048\":\"https:\\\/\\\/www.vignevin.com\\\/wp-content\\\/uploads\\\/2019\\\/02\\\/Sympt\u00f4mes-deutypiose-Eutypa-lata-2.jpg\",\"et-pb-post-main-image\":\"https:\\\/\\\/www.vignevin.com\\\/wp-content\\\/uploads\\\/2019\\\/02\\\/Sympt\u00f4mes-deutypiose-Eutypa-lata-2-400x250.jpg\",\"et-pb-post-main-image-fullwidth\":\"https:\\\/\\\/www.vignevin.com\\\/wp-content\\\/uploads\\\/2019\\\/02\\\/Sympt\u00f4mes-deutypiose-Eutypa-lata-2-472x675.jpg\",\"et-pb-portfolio-image\":\"https:\\\/\\\/www.vignevin.com\\\/wp-content\\\/uploads\\\/2019\\\/02\\\/Sympt\u00f4mes-deutypiose-Eutypa-lata-2-400x284.jpg\",\"et-pb-portfolio-module-image\":\"https:\\\/\\\/www.vignevin.com\\\/wp-content\\\/uploads\\\/2019\\\/02\\\/Sympt\u00f4mes-deutypiose-Eutypa-lata-2-472x382.jpg\",\"et-pb-portfolio-image-single\":\"https:\\\/\\\/www.vignevin.com\\\/wp-content\\\/uploads\\\/2019\\\/02\\\/Sympt\u00f4mes-deutypiose-Eutypa-lata-2.jpg\",\"et-pb-gallery-module-image-portrait\":\"https:\\\/\\\/www.vignevin.com\\\/wp-content\\\/uploads\\\/2019\\\/02\\\/Sympt\u00f4mes-deutypiose-Eutypa-lata-2-400x516.jpg\",\"et-pb-post-main-image-fullwidth-large\":\"https:\\\/\\\/www.vignevin.com\\\/wp-content\\\/uploads\\\/2019\\\/02\\\/Sympt\u00f4mes-deutypiose-Eutypa-lata-2.jpg\",\"et-pb-image--responsive--desktop\":\"https:\\\/\\\/www.vignevin.com\\\/wp-content\\\/uploads\\\/2019\\\/02\\\/Sympt\u00f4mes-deutypiose-Eutypa-lata-2.jpg\",\"et-pb-image--responsive--tablet\":\"https:\\\/\\\/www.vignevin.com\\\/wp-content\\\/uploads\\\/2019\\\/02\\\/Sympt\u00f4mes-deutypiose-Eutypa-lata-2.jpg\",\"et-pb-image--responsive--phone\":\"https:\\\/\\\/www.vignevin.com\\\/wp-content\\\/uploads\\\/2019\\\/02\\\/Sympt\u00f4mes-deutypiose-Eutypa-lata-2.jpg\",\"gform-image-choice-sm\":\"https:\\\/\\\/www.vignevin.com\\\/wp-content\\\/uploads\\\/2019\\\/02\\\/Sympt\u00f4mes-deutypiose-Eutypa-lata-2.jpg\",\"gform-image-choice-md\":\"https:\\\/\\\/www.vignevin.com\\\/wp-content\\\/uploads\\\/2019\\\/02\\\/Sympt\u00f4mes-deutypiose-Eutypa-lata-2.jpg\",\"gform-image-choice-lg\":\"https:\\\/\\\/www.vignevin.com\\\/wp-content\\\/uploads\\\/2019\\\/02\\\/Sympt\u00f4mes-deutypiose-Eutypa-lata-2.jpg\",\"woocommerce_thumbnail\":\"https:\\\/\\\/www.vignevin.com\\\/wp-content\\\/uploads\\\/2019\\\/02\\\/Sympt\u00f4mes-deutypiose-Eutypa-lata-2-300x300.jpg\",\"woocommerce_single\":\"https:\\\/\\\/www.vignevin.com\\\/wp-content\\\/uploads\\\/2019\\\/02\\\/Sympt\u00f4mes-deutypiose-Eutypa-lata-2.jpg\",\"woocommerce_gallery_thumbnail\":\"https:\\\/\\\/www.vignevin.com\\\/wp-content\\\/uploads\\\/2019\\\/02\\\/Sympt\u00f4mes-deutypiose-Eutypa-lata-2-100x100.jpg\",\"full\":\"https:\\\/\\\/www.vignevin.com\\\/wp-content\\\/uploads\\\/2019\\\/02\\\/Sympt\u00f4mes-deutypiose-Eutypa-lata-2.jpg\",\"index\":92,\"id\":10030,\"video\":false,\"opts\":{\"caption\":\"\",\"thumb\":\"https:\\\/\\\/www.vignevin.com\\\/wp-content\\\/uploads\\\/2019\\\/02\\\/Sympt\u00f4mes-deutypiose-Eutypa-lata-2-75x50_c.jpg\",\"title\":\"Sympt&amp;ocirc;mes d&amp;amp;rsquo;eutypiose (Eutypa lata) (2)\"},\"gallery_id\":17410,\"gallery_title\":\"Grapevines virus\"},\"10031\":{\"status\":\"active\",\"src\":\"https:\\\/\\\/www.vignevin.com\\\/wp-content\\\/uploads\\\/2019\\\/02\\\/Sympt\u00f4mes-deutypiose-Eutypa-lata-3.jpg\",\"title\":\"Sympt&amp;ocirc;mes d&amp;amp;rsquo;eutypiose (Eutypa lata) (3)\",\"link\":\"https:\\\/\\\/www.vignevin.com\\\/wp-content\\\/uploads\\\/2019\\\/02\\\/Sympt\u00f4mes-deutypiose-Eutypa-lata-3.jpg\",\"alt\":\"\",\"caption\":false,\"thumb\":\"https:\\\/\\\/www.vignevin.com\\\/wp-content\\\/uploads\\\/2019\\\/02\\\/Sympt\u00f4mes-deutypiose-Eutypa-lata-3-75x50_c.jpg\",\"meta\":{\"aperture\":null,\"credit\":null,\"camera\":null,\"caption\":\"\",\"created_timestamp\":null,\"copyright\":null,\"focal_length\":null,\"iso\":null,\"shutter_speed\":null,\"title\":\"\",\"orientation\":null,\"keywords\":null},\"thumbnail\":\"https:\\\/\\\/www.vignevin.com\\\/wp-content\\\/uploads\\\/2019\\\/02\\\/Sympt\u00f4mes-deutypiose-Eutypa-lata-3-150x150.jpg\",\"medium\":\"https:\\\/\\\/www.vignevin.com\\\/wp-content\\\/uploads\\\/2019\\\/02\\\/Sympt\u00f4mes-deutypiose-Eutypa-lata-3.jpg\",\"medium_large\":\"https:\\\/\\\/www.vignevin.com\\\/wp-content\\\/uploads\\\/2019\\\/02\\\/Sympt\u00f4mes-deutypiose-Eutypa-lata-3.jpg\",\"large\":\"https:\\\/\\\/www.vignevin.com\\\/wp-content\\\/uploads\\\/2019\\\/02\\\/Sympt\u00f4mes-deutypiose-Eutypa-lata-3.jpg\",\"1536x1536\":\"https:\\\/\\\/www.vignevin.com\\\/wp-content\\\/uploads\\\/2019\\\/02\\\/Sympt\u00f4mes-deutypiose-Eutypa-lata-3.jpg\",\"2048x2048\":\"https:\\\/\\\/www.vignevin.com\\\/wp-content\\\/uploads\\\/2019\\\/02\\\/Sympt\u00f4mes-deutypiose-Eutypa-lata-3.jpg\",\"et-pb-post-main-image\":\"https:\\\/\\\/www.vignevin.com\\\/wp-content\\\/uploads\\\/2019\\\/02\\\/Sympt\u00f4mes-deutypiose-Eutypa-lata-3-265x250.jpg\",\"et-pb-post-main-image-fullwidth\":\"https:\\\/\\\/www.vignevin.com\\\/wp-content\\\/uploads\\\/2019\\\/02\\\/Sympt\u00f4mes-deutypiose-Eutypa-lata-3.jpg\",\"et-pb-portfolio-image\":\"https:\\\/\\\/www.vignevin.com\\\/wp-content\\\/uploads\\\/2019\\\/02\\\/Sympt\u00f4mes-deutypiose-Eutypa-lata-3-265x284.jpg\",\"et-pb-portfolio-module-image\":\"https:\\\/\\\/www.vignevin.com\\\/wp-content\\\/uploads\\\/2019\\\/02\\\/Sympt\u00f4mes-deutypiose-Eutypa-lata-3.jpg\",\"et-pb-portfolio-image-single\":\"https:\\\/\\\/www.vignevin.com\\\/wp-content\\\/uploads\\\/2019\\\/02\\\/Sympt\u00f4mes-deutypiose-Eutypa-lata-3.jpg\",\"et-pb-gallery-module-image-portrait\":\"https:\\\/\\\/www.vignevin.com\\\/wp-content\\\/uploads\\\/2019\\\/02\\\/Sympt\u00f4mes-deutypiose-Eutypa-lata-3.jpg\",\"et-pb-post-main-image-fullwidth-large\":\"https:\\\/\\\/www.vignevin.com\\\/wp-content\\\/uploads\\\/2019\\\/02\\\/Sympt\u00f4mes-deutypiose-Eutypa-lata-3.jpg\",\"et-pb-image--responsive--desktop\":\"https:\\\/\\\/www.vignevin.com\\\/wp-content\\\/uploads\\\/2019\\\/02\\\/Sympt\u00f4mes-deutypiose-Eutypa-lata-3.jpg\",\"et-pb-image--responsive--tablet\":\"https:\\\/\\\/www.vignevin.com\\\/wp-content\\\/uploads\\\/2019\\\/02\\\/Sympt\u00f4mes-deutypiose-Eutypa-lata-3.jpg\",\"et-pb-image--responsive--phone\":\"https:\\\/\\\/www.vignevin.com\\\/wp-content\\\/uploads\\\/2019\\\/02\\\/Sympt\u00f4mes-deutypiose-Eutypa-lata-3.jpg\",\"gform-image-choice-sm\":\"https:\\\/\\\/www.vignevin.com\\\/wp-content\\\/uploads\\\/2019\\\/02\\\/Sympt\u00f4mes-deutypiose-Eutypa-lata-3.jpg\",\"gform-image-choice-md\":\"https:\\\/\\\/www.vignevin.com\\\/wp-content\\\/uploads\\\/2019\\\/02\\\/Sympt\u00f4mes-deutypiose-Eutypa-lata-3.jpg\",\"gform-image-choice-lg\":\"https:\\\/\\\/www.vignevin.com\\\/wp-content\\\/uploads\\\/2019\\\/02\\\/Sympt\u00f4mes-deutypiose-Eutypa-lata-3.jpg\",\"woocommerce_thumbnail\":\"https:\\\/\\\/www.vignevin.com\\\/wp-content\\\/uploads\\\/2019\\\/02\\\/Sympt\u00f4mes-deutypiose-Eutypa-lata-3.jpg\",\"woocommerce_single\":\"https:\\\/\\\/www.vignevin.com\\\/wp-content\\\/uploads\\\/2019\\\/02\\\/Sympt\u00f4mes-deutypiose-Eutypa-lata-3.jpg\",\"woocommerce_gallery_thumbnail\":\"https:\\\/\\\/www.vignevin.com\\\/wp-content\\\/uploads\\\/2019\\\/02\\\/Sympt\u00f4mes-deutypiose-Eutypa-lata-3-100x100.jpg\",\"full\":\"https:\\\/\\\/www.vignevin.com\\\/wp-content\\\/uploads\\\/2019\\\/02\\\/Sympt\u00f4mes-deutypiose-Eutypa-lata-3.jpg\",\"index\":93,\"id\":10031,\"video\":false,\"opts\":{\"caption\":\"\",\"thumb\":\"https:\\\/\\\/www.vignevin.com\\\/wp-content\\\/uploads\\\/2019\\\/02\\\/Sympt\u00f4mes-deutypiose-Eutypa-lata-3-75x50_c.jpg\",\"title\":\"Sympt&amp;ocirc;mes d&amp;amp;rsquo;eutypiose (Eutypa lata) (3)\"},\"gallery_id\":17410,\"gallery_title\":\"Grapevines virus\"},\"10032\":{\"status\":\"active\",\"src\":\"https:\\\/\\\/www.vignevin.com\\\/wp-content\\\/uploads\\\/2019\\\/02\\\/Sympt\u00f4mes-deutypiose-Eutypa-lata-sur-Syrah.jpg\",\"title\":\"Sympt&amp;ocirc;mes d&amp;amp;rsquo;eutypiose (Eutypa lata) sur Syrah\",\"link\":\"https:\\\/\\\/www.vignevin.com\\\/wp-content\\\/uploads\\\/2019\\\/02\\\/Sympt\u00f4mes-deutypiose-Eutypa-lata-sur-Syrah.jpg\",\"alt\":\"\",\"caption\":false,\"thumb\":\"https:\\\/\\\/www.vignevin.com\\\/wp-content\\\/uploads\\\/2019\\\/02\\\/Sympt\u00f4mes-deutypiose-Eutypa-lata-sur-Syrah-75x50_c.jpg\",\"meta\":{\"aperture\":null,\"credit\":null,\"camera\":null,\"caption\":\"\",\"created_timestamp\":null,\"copyright\":null,\"focal_length\":null,\"iso\":null,\"shutter_speed\":null,\"title\":\"\",\"orientation\":null,\"keywords\":null},\"thumbnail\":\"https:\\\/\\\/www.vignevin.com\\\/wp-content\\\/uploads\\\/2019\\\/02\\\/Sympt\u00f4mes-deutypiose-Eutypa-lata-sur-Syrah-150x150.jpg\",\"medium\":\"https:\\\/\\\/www.vignevin.com\\\/wp-content\\\/uploads\\\/2019\\\/02\\\/Sympt\u00f4mes-deutypiose-Eutypa-lata-sur-Syrah-300x181.jpg\",\"medium_large\":\"https:\\\/\\\/www.vignevin.com\\\/wp-content\\\/uploads\\\/2019\\\/02\\\/Sympt\u00f4mes-deutypiose-Eutypa-lata-sur-Syrah-768x462.jpg\",\"large\":\"https:\\\/\\\/www.vignevin.com\\\/wp-content\\\/uploads\\\/2019\\\/02\\\/Sympt\u00f4mes-deutypiose-Eutypa-lata-sur-Syrah.jpg\",\"1536x1536\":\"https:\\\/\\\/www.vignevin.com\\\/wp-content\\\/uploads\\\/2019\\\/02\\\/Sympt\u00f4mes-deutypiose-Eutypa-lata-sur-Syrah.jpg\",\"2048x2048\":\"https:\\\/\\\/www.vignevin.com\\\/wp-content\\\/uploads\\\/2019\\\/02\\\/Sympt\u00f4mes-deutypiose-Eutypa-lata-sur-Syrah.jpg\",\"et-pb-post-main-image\":\"https:\\\/\\\/www.vignevin.com\\\/wp-content\\\/uploads\\\/2019\\\/02\\\/Sympt\u00f4mes-deutypiose-Eutypa-lata-sur-Syrah-400x250.jpg\",\"et-pb-post-main-image-fullwidth\":\"https:\\\/\\\/www.vignevin.com\\\/wp-content\\\/uploads\\\/2019\\\/02\\\/Sympt\u00f4mes-deutypiose-Eutypa-lata-sur-Syrah.jpg\",\"et-pb-portfolio-image\":\"https:\\\/\\\/www.vignevin.com\\\/wp-content\\\/uploads\\\/2019\\\/02\\\/Sympt\u00f4mes-deutypiose-Eutypa-lata-sur-Syrah-400x284.jpg\",\"et-pb-portfolio-module-image\":\"https:\\\/\\\/www.vignevin.com\\\/wp-content\\\/uploads\\\/2019\\\/02\\\/Sympt\u00f4mes-deutypiose-Eutypa-lata-sur-Syrah-510x382.jpg\",\"et-pb-portfolio-image-single\":\"https:\\\/\\\/www.vignevin.com\\\/wp-content\\\/uploads\\\/2019\\\/02\\\/Sympt\u00f4mes-deutypiose-Eutypa-lata-sur-Syrah.jpg\",\"et-pb-gallery-module-image-portrait\":\"https:\\\/\\\/www.vignevin.com\\\/wp-content\\\/uploads\\\/2019\\\/02\\\/Sympt\u00f4mes-deutypiose-Eutypa-lata-sur-Syrah-400x516.jpg\",\"et-pb-post-main-image-fullwidth-large\":\"https:\\\/\\\/www.vignevin.com\\\/wp-content\\\/uploads\\\/2019\\\/02\\\/Sympt\u00f4mes-deutypiose-Eutypa-lata-sur-Syrah.jpg\",\"et-pb-image--responsive--desktop\":\"https:\\\/\\\/www.vignevin.com\\\/wp-content\\\/uploads\\\/2019\\\/02\\\/Sympt\u00f4mes-deutypiose-Eutypa-lata-sur-Syrah.jpg\",\"et-pb-image--responsive--tablet\":\"https:\\\/\\\/www.vignevin.com\\\/wp-content\\\/uploads\\\/2019\\\/02\\\/Sympt\u00f4mes-deutypiose-Eutypa-lata-sur-Syrah.jpg\",\"et-pb-image--responsive--phone\":\"https:\\\/\\\/www.vignevin.com\\\/wp-content\\\/uploads\\\/2019\\\/02\\\/Sympt\u00f4mes-deutypiose-Eutypa-lata-sur-Syrah.jpg\",\"gform-image-choice-sm\":\"https:\\\/\\\/www.vignevin.com\\\/wp-content\\\/uploads\\\/2019\\\/02\\\/Sympt\u00f4mes-deutypiose-Eutypa-lata-sur-Syrah.jpg\",\"gform-image-choice-md\":\"https:\\\/\\\/www.vignevin.com\\\/wp-content\\\/uploads\\\/2019\\\/02\\\/Sympt\u00f4mes-deutypiose-Eutypa-lata-sur-Syrah.jpg\",\"gform-image-choice-lg\":\"https:\\\/\\\/www.vignevin.com\\\/wp-content\\\/uploads\\\/2019\\\/02\\\/Sympt\u00f4mes-deutypiose-Eutypa-lata-sur-Syrah.jpg\",\"woocommerce_thumbnail\":\"https:\\\/\\\/www.vignevin.com\\\/wp-content\\\/uploads\\\/2019\\\/02\\\/Sympt\u00f4mes-deutypiose-Eutypa-lata-sur-Syrah-300x300.jpg\",\"woocommerce_single\":\"https:\\\/\\\/www.vignevin.com\\\/wp-content\\\/uploads\\\/2019\\\/02\\\/Sympt\u00f4mes-deutypiose-Eutypa-lata-sur-Syrah-600x361.jpg\",\"woocommerce_gallery_thumbnail\":\"https:\\\/\\\/www.vignevin.com\\\/wp-content\\\/uploads\\\/2019\\\/02\\\/Sympt\u00f4mes-deutypiose-Eutypa-lata-sur-Syrah-100x100.jpg\",\"full\":\"https:\\\/\\\/www.vignevin.com\\\/wp-content\\\/uploads\\\/2019\\\/02\\\/Sympt\u00f4mes-deutypiose-Eutypa-lata-sur-Syrah.jpg\",\"index\":94,\"id\":10032,\"video\":false,\"opts\":{\"caption\":\"\",\"thumb\":\"https:\\\/\\\/www.vignevin.com\\\/wp-content\\\/uploads\\\/2019\\\/02\\\/Sympt\u00f4mes-deutypiose-Eutypa-lata-sur-Syrah-75x50_c.jpg\",\"title\":\"Sympt&amp;ocirc;mes d&amp;amp;rsquo;eutypiose (Eutypa lata) sur Syrah\"},\"gallery_id\":17410,\"gallery_title\":\"Grapevines virus\"},\"10033\":{\"status\":\"active\",\"src\":\"https:\\\/\\\/www.vignevin.com\\\/wp-content\\\/uploads\\\/2019\\\/02\\\/Sympt\u00f4mes-deutypiose-Eutypa-lata.jpg\",\"title\":\"Sympt&amp;ocirc;mes d&amp;amp;rsquo;eutypiose (Eutypa lata)\",\"link\":\"https:\\\/\\\/www.vignevin.com\\\/wp-content\\\/uploads\\\/2019\\\/02\\\/Sympt\u00f4mes-deutypiose-Eutypa-lata.jpg\",\"alt\":\"\",\"caption\":false,\"thumb\":\"https:\\\/\\\/www.vignevin.com\\\/wp-content\\\/uploads\\\/2019\\\/02\\\/Sympt\u00f4mes-deutypiose-Eutypa-lata-75x50_c.jpg\",\"meta\":{\"aperture\":null,\"credit\":null,\"camera\":null,\"caption\":\"\",\"created_timestamp\":null,\"copyright\":null,\"focal_length\":null,\"iso\":null,\"shutter_speed\":null,\"title\":\"\",\"orientation\":null,\"keywords\":null},\"thumbnail\":\"https:\\\/\\\/www.vignevin.com\\\/wp-content\\\/uploads\\\/2019\\\/02\\\/Sympt\u00f4mes-deutypiose-Eutypa-lata.jpg\",\"medium\":\"https:\\\/\\\/www.vignevin.com\\\/wp-content\\\/uploads\\\/2019\\\/02\\\/Sympt\u00f4mes-deutypiose-Eutypa-lata.jpg\",\"medium_large\":\"https:\\\/\\\/www.vignevin.com\\\/wp-content\\\/uploads\\\/2019\\\/02\\\/Sympt\u00f4mes-deutypiose-Eutypa-lata.jpg\",\"large\":\"https:\\\/\\\/www.vignevin.com\\\/wp-content\\\/uploads\\\/2019\\\/02\\\/Sympt\u00f4mes-deutypiose-Eutypa-lata.jpg\",\"1536x1536\":\"https:\\\/\\\/www.vignevin.com\\\/wp-content\\\/uploads\\\/2019\\\/02\\\/Sympt\u00f4mes-deutypiose-Eutypa-lata.jpg\",\"2048x2048\":\"https:\\\/\\\/www.vignevin.com\\\/wp-content\\\/uploads\\\/2019\\\/02\\\/Sympt\u00f4mes-deutypiose-Eutypa-lata.jpg\",\"et-pb-post-main-image\":\"https:\\\/\\\/www.vignevin.com\\\/wp-content\\\/uploads\\\/2019\\\/02\\\/Sympt\u00f4mes-deutypiose-Eutypa-lata.jpg\",\"et-pb-post-main-image-fullwidth\":\"https:\\\/\\\/www.vignevin.com\\\/wp-content\\\/uploads\\\/2019\\\/02\\\/Sympt\u00f4mes-deutypiose-Eutypa-lata.jpg\",\"et-pb-portfolio-image\":\"https:\\\/\\\/www.vignevin.com\\\/wp-content\\\/uploads\\\/2019\\\/02\\\/Sympt\u00f4mes-deutypiose-Eutypa-lata.jpg\",\"et-pb-portfolio-module-image\":\"https:\\\/\\\/www.vignevin.com\\\/wp-content\\\/uploads\\\/2019\\\/02\\\/Sympt\u00f4mes-deutypiose-Eutypa-lata.jpg\",\"et-pb-portfolio-image-single\":\"https:\\\/\\\/www.vignevin.com\\\/wp-content\\\/uploads\\\/2019\\\/02\\\/Sympt\u00f4mes-deutypiose-Eutypa-lata.jpg\",\"et-pb-gallery-module-image-portrait\":\"https:\\\/\\\/www.vignevin.com\\\/wp-content\\\/uploads\\\/2019\\\/02\\\/Sympt\u00f4mes-deutypiose-Eutypa-lata.jpg\",\"et-pb-post-main-image-fullwidth-large\":\"https:\\\/\\\/www.vignevin.com\\\/wp-content\\\/uploads\\\/2019\\\/02\\\/Sympt\u00f4mes-deutypiose-Eutypa-lata.jpg\",\"et-pb-image--responsive--desktop\":\"https:\\\/\\\/www.vignevin.com\\\/wp-content\\\/uploads\\\/2019\\\/02\\\/Sympt\u00f4mes-deutypiose-Eutypa-lata.jpg\",\"et-pb-image--responsive--tablet\":\"https:\\\/\\\/www.vignevin.com\\\/wp-content\\\/uploads\\\/2019\\\/02\\\/Sympt\u00f4mes-deutypiose-Eutypa-lata.jpg\",\"et-pb-image--responsive--phone\":\"https:\\\/\\\/www.vignevin.com\\\/wp-content\\\/uploads\\\/2019\\\/02\\\/Sympt\u00f4mes-deutypiose-Eutypa-lata.jpg\",\"gform-image-choice-sm\":\"https:\\\/\\\/www.vignevin.com\\\/wp-content\\\/uploads\\\/2019\\\/02\\\/Sympt\u00f4mes-deutypiose-Eutypa-lata.jpg\",\"gform-image-choice-md\":\"https:\\\/\\\/www.vignevin.com\\\/wp-content\\\/uploads\\\/2019\\\/02\\\/Sympt\u00f4mes-deutypiose-Eutypa-lata.jpg\",\"gform-image-choice-lg\":\"https:\\\/\\\/www.vignevin.com\\\/wp-content\\\/uploads\\\/2019\\\/02\\\/Sympt\u00f4mes-deutypiose-Eutypa-lata.jpg\",\"woocommerce_thumbnail\":\"https:\\\/\\\/www.vignevin.com\\\/wp-content\\\/uploads\\\/2019\\\/02\\\/Sympt\u00f4mes-deutypiose-Eutypa-lata-300x300.jpg\",\"woocommerce_single\":\"https:\\\/\\\/www.vignevin.com\\\/wp-content\\\/uploads\\\/2019\\\/02\\\/Sympt\u00f4mes-deutypiose-Eutypa-lata.jpg\",\"woocommerce_gallery_thumbnail\":\"https:\\\/\\\/www.vignevin.com\\\/wp-content\\\/uploads\\\/2019\\\/02\\\/Sympt\u00f4mes-deutypiose-Eutypa-lata-100x100.jpg\",\"full\":\"https:\\\/\\\/www.vignevin.com\\\/wp-content\\\/uploads\\\/2019\\\/02\\\/Sympt\u00f4mes-deutypiose-Eutypa-lata.jpg\",\"index\":95,\"id\":10033,\"video\":false,\"opts\":{\"caption\":\"\",\"thumb\":\"https:\\\/\\\/www.vignevin.com\\\/wp-content\\\/uploads\\\/2019\\\/02\\\/Sympt\u00f4mes-deutypiose-Eutypa-lata-75x50_c.jpg\",\"title\":\"Sympt&amp;ocirc;mes d&amp;amp;rsquo;eutypiose (Eutypa lata)\"},\"gallery_id\":17410,\"gallery_title\":\"Grapevines virus\"},\"10034\":{\"status\":\"active\",\"src\":\"https:\\\/\\\/www.vignevin.com\\\/wp-content\\\/uploads\\\/2019\\\/02\\\/Sympt\u00f4mes-foliaires-de-court-nou\u00e9-2.jpg\",\"title\":\"Sympt&amp;ocirc;mes foliaires de court-nou&amp;eacute; 2\",\"link\":\"https:\\\/\\\/www.vignevin.com\\\/wp-content\\\/uploads\\\/2019\\\/02\\\/Sympt\u00f4mes-foliaires-de-court-nou\u00e9-2.jpg\",\"alt\":\"\",\"caption\":false,\"thumb\":\"https:\\\/\\\/www.vignevin.com\\\/wp-content\\\/uploads\\\/2019\\\/02\\\/Sympt\u00f4mes-foliaires-de-court-nou\u00e9-2-75x50_c.jpg\",\"meta\":{\"aperture\":\"4\",\"credit\":null,\"camera\":\"DMC-TZ10\",\"caption\":\"\",\"created_timestamp\":\"1278245363\",\"copyright\":null,\"focal_length\":\"4.1\",\"iso\":\"80\",\"shutter_speed\":\"0.008\",\"title\":\"\",\"orientation\":\"1\",\"keywords\":null},\"thumbnail\":\"https:\\\/\\\/www.vignevin.com\\\/wp-content\\\/uploads\\\/2019\\\/02\\\/Sympt\u00f4mes-foliaires-de-court-nou\u00e9-2-150x150.jpg\",\"medium\":\"https:\\\/\\\/www.vignevin.com\\\/wp-content\\\/uploads\\\/2019\\\/02\\\/Sympt\u00f4mes-foliaires-de-court-nou\u00e9-2-225x300.jpg\",\"medium_large\":\"https:\\\/\\\/www.vignevin.com\\\/wp-content\\\/uploads\\\/2019\\\/02\\\/Sympt\u00f4mes-foliaires-de-court-nou\u00e9-2-768x1024.jpg\",\"large\":\"https:\\\/\\\/www.vignevin.com\\\/wp-content\\\/uploads\\\/2019\\\/02\\\/Sympt\u00f4mes-foliaires-de-court-nou\u00e9-2-768x1024.jpg\",\"1536x1536\":\"https:\\\/\\\/www.vignevin.com\\\/wp-content\\\/uploads\\\/2019\\\/02\\\/Sympt\u00f4mes-foliaires-de-court-nou\u00e9-2.jpg\",\"2048x2048\":\"https:\\\/\\\/www.vignevin.com\\\/wp-content\\\/uploads\\\/2019\\\/02\\\/Sympt\u00f4mes-foliaires-de-court-nou\u00e9-2.jpg\",\"et-pb-post-main-image\":\"https:\\\/\\\/www.vignevin.com\\\/wp-content\\\/uploads\\\/2019\\\/02\\\/Sympt\u00f4mes-foliaires-de-court-nou\u00e9-2-400x250.jpg\",\"et-pb-post-main-image-fullwidth\":\"https:\\\/\\\/www.vignevin.com\\\/wp-content\\\/uploads\\\/2019\\\/02\\\/Sympt\u00f4mes-foliaires-de-court-nou\u00e9-2-1080x675.jpg\",\"et-pb-portfolio-image\":\"https:\\\/\\\/www.vignevin.com\\\/wp-content\\\/uploads\\\/2019\\\/02\\\/Sympt\u00f4mes-foliaires-de-court-nou\u00e9-2-400x284.jpg\",\"et-pb-portfolio-module-image\":\"https:\\\/\\\/www.vignevin.com\\\/wp-content\\\/uploads\\\/2019\\\/02\\\/Sympt\u00f4mes-foliaires-de-court-nou\u00e9-2-510x382.jpg\",\"et-pb-portfolio-image-single\":\"https:\\\/\\\/www.vignevin.com\\\/wp-content\\\/uploads\\\/2019\\\/02\\\/Sympt\u00f4mes-foliaires-de-court-nou\u00e9-2-1080x1440.jpg\",\"et-pb-gallery-module-image-portrait\":\"https:\\\/\\\/www.vignevin.com\\\/wp-content\\\/uploads\\\/2019\\\/02\\\/Sympt\u00f4mes-foliaires-de-court-nou\u00e9-2-400x516.jpg\",\"et-pb-post-main-image-fullwidth-large\":\"https:\\\/\\\/www.vignevin.com\\\/wp-content\\\/uploads\\\/2019\\\/02\\\/Sympt\u00f4mes-foliaires-de-court-nou\u00e9-2-1920x1800.jpg\",\"et-pb-image--responsive--desktop\":\"https:\\\/\\\/www.vignevin.com\\\/wp-content\\\/uploads\\\/2019\\\/02\\\/Sympt\u00f4mes-foliaires-de-court-nou\u00e9-2.jpg\",\"et-pb-image--responsive--tablet\":\"https:\\\/\\\/www.vignevin.com\\\/wp-content\\\/uploads\\\/2019\\\/02\\\/Sympt\u00f4mes-foliaires-de-court-nou\u00e9-2.jpg\",\"et-pb-image--responsive--phone\":\"https:\\\/\\\/www.vignevin.com\\\/wp-content\\\/uploads\\\/2019\\\/02\\\/Sympt\u00f4mes-foliaires-de-court-nou\u00e9-2.jpg\",\"gform-image-choice-sm\":\"https:\\\/\\\/www.vignevin.com\\\/wp-content\\\/uploads\\\/2019\\\/02\\\/Sympt\u00f4mes-foliaires-de-court-nou\u00e9-2.jpg\",\"gform-image-choice-md\":\"https:\\\/\\\/www.vignevin.com\\\/wp-content\\\/uploads\\\/2019\\\/02\\\/Sympt\u00f4mes-foliaires-de-court-nou\u00e9-2.jpg\",\"gform-image-choice-lg\":\"https:\\\/\\\/www.vignevin.com\\\/wp-content\\\/uploads\\\/2019\\\/02\\\/Sympt\u00f4mes-foliaires-de-court-nou\u00e9-2.jpg\",\"woocommerce_thumbnail\":\"https:\\\/\\\/www.vignevin.com\\\/wp-content\\\/uploads\\\/2019\\\/02\\\/Sympt\u00f4mes-foliaires-de-court-nou\u00e9-2-300x300.jpg\",\"woocommerce_single\":\"https:\\\/\\\/www.vignevin.com\\\/wp-content\\\/uploads\\\/2019\\\/02\\\/Sympt\u00f4mes-foliaires-de-court-nou\u00e9-2-600x800.jpg\",\"woocommerce_gallery_thumbnail\":\"https:\\\/\\\/www.vignevin.com\\\/wp-content\\\/uploads\\\/2019\\\/02\\\/Sympt\u00f4mes-foliaires-de-court-nou\u00e9-2-100x100.jpg\",\"full\":\"https:\\\/\\\/www.vignevin.com\\\/wp-content\\\/uploads\\\/2019\\\/02\\\/Sympt\u00f4mes-foliaires-de-court-nou\u00e9-2.jpg\",\"index\":96,\"id\":10034,\"video\":false,\"opts\":{\"caption\":\"\",\"thumb\":\"https:\\\/\\\/www.vignevin.com\\\/wp-content\\\/uploads\\\/2019\\\/02\\\/Sympt\u00f4mes-foliaires-de-court-nou\u00e9-2-75x50_c.jpg\",\"title\":\"Sympt&amp;ocirc;mes foliaires de court-nou&amp;eacute; 2\"},\"gallery_id\":17410,\"gallery_title\":\"Grapevines virus\"},\"10035\":{\"status\":\"active\",\"src\":\"https:\\\/\\\/www.vignevin.com\\\/wp-content\\\/uploads\\\/2019\\\/02\\\/Sympt\u00f4mes-foliaires-de-court-nou\u00e9-3.jpg\",\"title\":\"Sympt&amp;ocirc;mes foliaires de court-nou&amp;eacute; 3\",\"link\":\"https:\\\/\\\/www.vignevin.com\\\/wp-content\\\/uploads\\\/2019\\\/02\\\/Sympt\u00f4mes-foliaires-de-court-nou\u00e9-3.jpg\",\"alt\":\"\",\"caption\":false,\"thumb\":\"https:\\\/\\\/www.vignevin.com\\\/wp-content\\\/uploads\\\/2019\\\/02\\\/Sympt\u00f4mes-foliaires-de-court-nou\u00e9-3-75x50_c.jpg\",\"meta\":{\"aperture\":\"4\",\"credit\":null,\"camera\":\"DMC-TZ10\",\"caption\":\"\",\"created_timestamp\":\"1342091134\",\"copyright\":null,\"focal_length\":\"4.1\",\"iso\":\"80\",\"shutter_speed\":\"0.002\",\"title\":\"\",\"orientation\":\"1\",\"keywords\":null},\"thumbnail\":\"https:\\\/\\\/www.vignevin.com\\\/wp-content\\\/uploads\\\/2019\\\/02\\\/Sympt\u00f4mes-foliaires-de-court-nou\u00e9-3-150x150.jpg\",\"medium\":\"https:\\\/\\\/www.vignevin.com\\\/wp-content\\\/uploads\\\/2019\\\/02\\\/Sympt\u00f4mes-foliaires-de-court-nou\u00e9-3-225x300.jpg\",\"medium_large\":\"https:\\\/\\\/www.vignevin.com\\\/wp-content\\\/uploads\\\/2019\\\/02\\\/Sympt\u00f4mes-foliaires-de-court-nou\u00e9-3-768x1024.jpg\",\"large\":\"https:\\\/\\\/www.vignevin.com\\\/wp-content\\\/uploads\\\/2019\\\/02\\\/Sympt\u00f4mes-foliaires-de-court-nou\u00e9-3-768x1024.jpg\",\"1536x1536\":\"https:\\\/\\\/www.vignevin.com\\\/wp-content\\\/uploads\\\/2019\\\/02\\\/Sympt\u00f4mes-foliaires-de-court-nou\u00e9-3.jpg\",\"2048x2048\":\"https:\\\/\\\/www.vignevin.com\\\/wp-content\\\/uploads\\\/2019\\\/02\\\/Sympt\u00f4mes-foliaires-de-court-nou\u00e9-3.jpg\",\"et-pb-post-main-image\":\"https:\\\/\\\/www.vignevin.com\\\/wp-content\\\/uploads\\\/2019\\\/02\\\/Sympt\u00f4mes-foliaires-de-court-nou\u00e9-3-400x250.jpg\",\"et-pb-post-main-image-fullwidth\":\"https:\\\/\\\/www.vignevin.com\\\/wp-content\\\/uploads\\\/2019\\\/02\\\/Sympt\u00f4mes-foliaires-de-court-nou\u00e9-3-1080x675.jpg\",\"et-pb-portfolio-image\":\"https:\\\/\\\/www.vignevin.com\\\/wp-content\\\/uploads\\\/2019\\\/02\\\/Sympt\u00f4mes-foliaires-de-court-nou\u00e9-3-400x284.jpg\",\"et-pb-portfolio-module-image\":\"https:\\\/\\\/www.vignevin.com\\\/wp-content\\\/uploads\\\/2019\\\/02\\\/Sympt\u00f4mes-foliaires-de-court-nou\u00e9-3-510x382.jpg\",\"et-pb-portfolio-image-single\":\"https:\\\/\\\/www.vignevin.com\\\/wp-content\\\/uploads\\\/2019\\\/02\\\/Sympt\u00f4mes-foliaires-de-court-nou\u00e9-3-1080x1440.jpg\",\"et-pb-gallery-module-image-portrait\":\"https:\\\/\\\/www.vignevin.com\\\/wp-content\\\/uploads\\\/2019\\\/02\\\/Sympt\u00f4mes-foliaires-de-court-nou\u00e9-3-400x516.jpg\",\"et-pb-post-main-image-fullwidth-large\":\"https:\\\/\\\/www.vignevin.com\\\/wp-content\\\/uploads\\\/2019\\\/02\\\/Sympt\u00f4mes-foliaires-de-court-nou\u00e9-3-1920x1800.jpg\",\"et-pb-image--responsive--desktop\":\"https:\\\/\\\/www.vignevin.com\\\/wp-content\\\/uploads\\\/2019\\\/02\\\/Sympt\u00f4mes-foliaires-de-court-nou\u00e9-3.jpg\",\"et-pb-image--responsive--tablet\":\"https:\\\/\\\/www.vignevin.com\\\/wp-content\\\/uploads\\\/2019\\\/02\\\/Sympt\u00f4mes-foliaires-de-court-nou\u00e9-3.jpg\",\"et-pb-image--responsive--phone\":\"https:\\\/\\\/www.vignevin.com\\\/wp-content\\\/uploads\\\/2019\\\/02\\\/Sympt\u00f4mes-foliaires-de-court-nou\u00e9-3.jpg\",\"gform-image-choice-sm\":\"https:\\\/\\\/www.vignevin.com\\\/wp-content\\\/uploads\\\/2019\\\/02\\\/Sympt\u00f4mes-foliaires-de-court-nou\u00e9-3.jpg\",\"gform-image-choice-md\":\"https:\\\/\\\/www.vignevin.com\\\/wp-content\\\/uploads\\\/2019\\\/02\\\/Sympt\u00f4mes-foliaires-de-court-nou\u00e9-3.jpg\",\"gform-image-choice-lg\":\"https:\\\/\\\/www.vignevin.com\\\/wp-content\\\/uploads\\\/2019\\\/02\\\/Sympt\u00f4mes-foliaires-de-court-nou\u00e9-3.jpg\",\"woocommerce_thumbnail\":\"https:\\\/\\\/www.vignevin.com\\\/wp-content\\\/uploads\\\/2019\\\/02\\\/Sympt\u00f4mes-foliaires-de-court-nou\u00e9-3-300x300.jpg\",\"woocommerce_single\":\"https:\\\/\\\/www.vignevin.com\\\/wp-content\\\/uploads\\\/2019\\\/02\\\/Sympt\u00f4mes-foliaires-de-court-nou\u00e9-3-600x800.jpg\",\"woocommerce_gallery_thumbnail\":\"https:\\\/\\\/www.vignevin.com\\\/wp-content\\\/uploads\\\/2019\\\/02\\\/Sympt\u00f4mes-foliaires-de-court-nou\u00e9-3-100x100.jpg\",\"full\":\"https:\\\/\\\/www.vignevin.com\\\/wp-content\\\/uploads\\\/2019\\\/02\\\/Sympt\u00f4mes-foliaires-de-court-nou\u00e9-3.jpg\",\"index\":97,\"id\":10035,\"video\":false,\"opts\":{\"caption\":\"\",\"thumb\":\"https:\\\/\\\/www.vignevin.com\\\/wp-content\\\/uploads\\\/2019\\\/02\\\/Sympt\u00f4mes-foliaires-de-court-nou\u00e9-3-75x50_c.jpg\",\"title\":\"Sympt&amp;ocirc;mes foliaires de court-nou&amp;eacute; 3\"},\"gallery_id\":17410,\"gallery_title\":\"Grapevines virus\"},\"10036\":{\"status\":\"active\",\"src\":\"https:\\\/\\\/www.vignevin.com\\\/wp-content\\\/uploads\\\/2019\\\/02\\\/Sympt\u00f4mes-foliaires-de-court-nou\u00e9-sur-Carignan-N-2-scaled.jpg\",\"title\":\"Sympt&amp;ocirc;mes foliaires de court-nou&amp;eacute; sur Carignan N 2\",\"link\":\"https:\\\/\\\/www.vignevin.com\\\/wp-content\\\/uploads\\\/2019\\\/02\\\/Sympt\u00f4mes-foliaires-de-court-nou\u00e9-sur-Carignan-N-2.jpg\",\"alt\":\"\",\"caption\":false,\"thumb\":\"https:\\\/\\\/www.vignevin.com\\\/wp-content\\\/uploads\\\/2019\\\/02\\\/Sympt\u00f4mes-foliaires-de-court-nou\u00e9-sur-Carignan-N-2-scaled-75x50_c.jpg\",\"meta\":{\"aperture\":\"3.5\",\"credit\":null,\"camera\":\"DSC-HX9V\",\"caption\":\"\",\"created_timestamp\":\"1464707134\",\"copyright\":null,\"focal_length\":\"4.52\",\"iso\":\"100\",\"shutter_speed\":\"0.00125\",\"title\":\"\",\"orientation\":\"1\",\"keywords\":null},\"thumbnail\":\"https:\\\/\\\/www.vignevin.com\\\/wp-content\\\/uploads\\\/2019\\\/02\\\/Sympt\u00f4mes-foliaires-de-court-nou\u00e9-sur-Carignan-N-2-150x150.jpg\",\"medium\":\"https:\\\/\\\/www.vignevin.com\\\/wp-content\\\/uploads\\\/2019\\\/02\\\/Sympt\u00f4mes-foliaires-de-court-nou\u00e9-sur-Carignan-N-2-225x300.jpg\",\"medium_large\":\"https:\\\/\\\/www.vignevin.com\\\/wp-content\\\/uploads\\\/2019\\\/02\\\/Sympt\u00f4mes-foliaires-de-court-nou\u00e9-sur-Carignan-N-2-768x1024.jpg\",\"large\":\"https:\\\/\\\/www.vignevin.com\\\/wp-content\\\/uploads\\\/2019\\\/02\\\/Sympt\u00f4mes-foliaires-de-court-nou\u00e9-sur-Carignan-N-2-768x1024.jpg\",\"1536x1536\":\"https:\\\/\\\/www.vignevin.com\\\/wp-content\\\/uploads\\\/2019\\\/02\\\/Sympt\u00f4mes-foliaires-de-court-nou\u00e9-sur-Carignan-N-2-scaled.jpg\",\"2048x2048\":\"https:\\\/\\\/www.vignevin.com\\\/wp-content\\\/uploads\\\/2019\\\/02\\\/Sympt\u00f4mes-foliaires-de-court-nou\u00e9-sur-Carignan-N-2-scaled.jpg\",\"et-pb-post-main-image\":\"https:\\\/\\\/www.vignevin.com\\\/wp-content\\\/uploads\\\/2019\\\/02\\\/Sympt\u00f4mes-foliaires-de-court-nou\u00e9-sur-Carignan-N-2-400x250.jpg\",\"et-pb-post-main-image-fullwidth\":\"https:\\\/\\\/www.vignevin.com\\\/wp-content\\\/uploads\\\/2019\\\/02\\\/Sympt\u00f4mes-foliaires-de-court-nou\u00e9-sur-Carignan-N-2-1080x675.jpg\",\"et-pb-portfolio-image\":\"https:\\\/\\\/www.vignevin.com\\\/wp-content\\\/uploads\\\/2019\\\/02\\\/Sympt\u00f4mes-foliaires-de-court-nou\u00e9-sur-Carignan-N-2-400x284.jpg\",\"et-pb-portfolio-module-image\":\"https:\\\/\\\/www.vignevin.com\\\/wp-content\\\/uploads\\\/2019\\\/02\\\/Sympt\u00f4mes-foliaires-de-court-nou\u00e9-sur-Carignan-N-2-510x382.jpg\",\"et-pb-portfolio-image-single\":\"https:\\\/\\\/www.vignevin.com\\\/wp-content\\\/uploads\\\/2019\\\/02\\\/Sympt\u00f4mes-foliaires-de-court-nou\u00e9-sur-Carignan-N-2-1080x1440.jpg\",\"et-pb-gallery-module-image-portrait\":\"https:\\\/\\\/www.vignevin.com\\\/wp-content\\\/uploads\\\/2019\\\/02\\\/Sympt\u00f4mes-foliaires-de-court-nou\u00e9-sur-Carignan-N-2-400x516.jpg\",\"et-pb-post-main-image-fullwidth-large\":\"https:\\\/\\\/www.vignevin.com\\\/wp-content\\\/uploads\\\/2019\\\/02\\\/Sympt\u00f4mes-foliaires-de-court-nou\u00e9-sur-Carignan-N-2-2880x1800.jpg\",\"et-pb-image--responsive--desktop\":\"https:\\\/\\\/www.vignevin.com\\\/wp-content\\\/uploads\\\/2019\\\/02\\\/Sympt\u00f4mes-foliaires-de-court-nou\u00e9-sur-Carignan-N-2-scaled.jpg\",\"et-pb-image--responsive--tablet\":\"https:\\\/\\\/www.vignevin.com\\\/wp-content\\\/uploads\\\/2019\\\/02\\\/Sympt\u00f4mes-foliaires-de-court-nou\u00e9-sur-Carignan-N-2-scaled.jpg\",\"et-pb-image--responsive--phone\":\"https:\\\/\\\/www.vignevin.com\\\/wp-content\\\/uploads\\\/2019\\\/02\\\/Sympt\u00f4mes-foliaires-de-court-nou\u00e9-sur-Carignan-N-2-scaled.jpg\",\"gform-image-choice-sm\":\"https:\\\/\\\/www.vignevin.com\\\/wp-content\\\/uploads\\\/2019\\\/02\\\/Sympt\u00f4mes-foliaires-de-court-nou\u00e9-sur-Carignan-N-2-scaled.jpg\",\"gform-image-choice-md\":\"https:\\\/\\\/www.vignevin.com\\\/wp-content\\\/uploads\\\/2019\\\/02\\\/Sympt\u00f4mes-foliaires-de-court-nou\u00e9-sur-Carignan-N-2-scaled.jpg\",\"gform-image-choice-lg\":\"https:\\\/\\\/www.vignevin.com\\\/wp-content\\\/uploads\\\/2019\\\/02\\\/Sympt\u00f4mes-foliaires-de-court-nou\u00e9-sur-Carignan-N-2-scaled.jpg\",\"woocommerce_thumbnail\":\"https:\\\/\\\/www.vignevin.com\\\/wp-content\\\/uploads\\\/2019\\\/02\\\/Sympt\u00f4mes-foliaires-de-court-nou\u00e9-sur-Carignan-N-2-scaled-300x300.jpg\",\"woocommerce_single\":\"https:\\\/\\\/www.vignevin.com\\\/wp-content\\\/uploads\\\/2019\\\/02\\\/Sympt\u00f4mes-foliaires-de-court-nou\u00e9-sur-Carignan-N-2-scaled-600x800.jpg\",\"woocommerce_gallery_thumbnail\":\"https:\\\/\\\/www.vignevin.com\\\/wp-content\\\/uploads\\\/2019\\\/02\\\/Sympt\u00f4mes-foliaires-de-court-nou\u00e9-sur-Carignan-N-2-scaled-100x100.jpg\",\"full\":\"https:\\\/\\\/www.vignevin.com\\\/wp-content\\\/uploads\\\/2019\\\/02\\\/Sympt\u00f4mes-foliaires-de-court-nou\u00e9-sur-Carignan-N-2-scaled.jpg\",\"index\":98,\"id\":10036,\"video\":false,\"opts\":{\"caption\":\"\",\"thumb\":\"https:\\\/\\\/www.vignevin.com\\\/wp-content\\\/uploads\\\/2019\\\/02\\\/Sympt\u00f4mes-foliaires-de-court-nou\u00e9-sur-Carignan-N-2-scaled-75x50_c.jpg\",\"title\":\"Sympt&amp;ocirc;mes foliaires de court-nou&amp;eacute; sur Carignan N 2\"},\"gallery_id\":17410,\"gallery_title\":\"Grapevines virus\"},\"10037\":{\"status\":\"active\",\"src\":\"https:\\\/\\\/www.vignevin.com\\\/wp-content\\\/uploads\\\/2019\\\/02\\\/Sympt\u00f4mes-foliaires-de-court-nou\u00e9-sur-Carignan-N-3-scaled.jpg\",\"title\":\"Sympt&amp;ocirc;mes foliaires de court-nou&amp;eacute; sur Carignan N 3\",\"link\":\"https:\\\/\\\/www.vignevin.com\\\/wp-content\\\/uploads\\\/2019\\\/02\\\/Sympt\u00f4mes-foliaires-de-court-nou\u00e9-sur-Carignan-N-3.jpg\",\"alt\":\"\",\"caption\":false,\"thumb\":\"https:\\\/\\\/www.vignevin.com\\\/wp-content\\\/uploads\\\/2019\\\/02\\\/Sympt\u00f4mes-foliaires-de-court-nou\u00e9-sur-Carignan-N-3-scaled-75x50_c.jpg\",\"meta\":{\"aperture\":\"3.5\",\"credit\":null,\"camera\":\"DSC-HX9V\",\"caption\":\"\",\"created_timestamp\":\"1464707432\",\"copyright\":null,\"focal_length\":\"5.25\",\"iso\":\"100\",\"shutter_speed\":\"0.0015625\",\"title\":\"\",\"orientation\":\"1\",\"keywords\":null,\"resized_images\":null},\"thumbnail\":\"https:\\\/\\\/www.vignevin.com\\\/wp-content\\\/uploads\\\/2019\\\/02\\\/Sympt\u00f4mes-foliaires-de-court-nou\u00e9-sur-Carignan-N-3-scaled.jpg\",\"medium\":\"https:\\\/\\\/www.vignevin.com\\\/wp-content\\\/uploads\\\/2019\\\/02\\\/Sympt\u00f4mes-foliaires-de-court-nou\u00e9-sur-Carignan-N-3-scaled.jpg\",\"medium_large\":\"https:\\\/\\\/www.vignevin.com\\\/wp-content\\\/uploads\\\/2019\\\/02\\\/Sympt\u00f4mes-foliaires-de-court-nou\u00e9-sur-Carignan-N-3-scaled.jpg\",\"large\":\"https:\\\/\\\/www.vignevin.com\\\/wp-content\\\/uploads\\\/2019\\\/02\\\/Sympt\u00f4mes-foliaires-de-court-nou\u00e9-sur-Carignan-N-3-scaled.jpg\",\"1536x1536\":\"https:\\\/\\\/www.vignevin.com\\\/wp-content\\\/uploads\\\/2019\\\/02\\\/Sympt\u00f4mes-foliaires-de-court-nou\u00e9-sur-Carignan-N-3-scaled.jpg\",\"2048x2048\":\"https:\\\/\\\/www.vignevin.com\\\/wp-content\\\/uploads\\\/2019\\\/02\\\/Sympt\u00f4mes-foliaires-de-court-nou\u00e9-sur-Carignan-N-3-scaled.jpg\",\"et-pb-post-main-image\":\"https:\\\/\\\/www.vignevin.com\\\/wp-content\\\/uploads\\\/2019\\\/02\\\/Sympt\u00f4mes-foliaires-de-court-nou\u00e9-sur-Carignan-N-3-scaled.jpg\",\"et-pb-post-main-image-fullwidth\":\"https:\\\/\\\/www.vignevin.com\\\/wp-content\\\/uploads\\\/2019\\\/02\\\/Sympt\u00f4mes-foliaires-de-court-nou\u00e9-sur-Carignan-N-3-scaled.jpg\",\"et-pb-portfolio-image\":\"https:\\\/\\\/www.vignevin.com\\\/wp-content\\\/uploads\\\/2019\\\/02\\\/Sympt\u00f4mes-foliaires-de-court-nou\u00e9-sur-Carignan-N-3-scaled.jpg\",\"et-pb-portfolio-module-image\":\"https:\\\/\\\/www.vignevin.com\\\/wp-content\\\/uploads\\\/2019\\\/02\\\/Sympt\u00f4mes-foliaires-de-court-nou\u00e9-sur-Carignan-N-3-scaled.jpg\",\"et-pb-portfolio-image-single\":\"https:\\\/\\\/www.vignevin.com\\\/wp-content\\\/uploads\\\/2019\\\/02\\\/Sympt\u00f4mes-foliaires-de-court-nou\u00e9-sur-Carignan-N-3-scaled.jpg\",\"et-pb-gallery-module-image-portrait\":\"https:\\\/\\\/www.vignevin.com\\\/wp-content\\\/uploads\\\/2019\\\/02\\\/Sympt\u00f4mes-foliaires-de-court-nou\u00e9-sur-Carignan-N-3-scaled.jpg\",\"et-pb-post-main-image-fullwidth-large\":\"https:\\\/\\\/www.vignevin.com\\\/wp-content\\\/uploads\\\/2019\\\/02\\\/Sympt\u00f4mes-foliaires-de-court-nou\u00e9-sur-Carignan-N-3-scaled.jpg\",\"et-pb-image--responsive--desktop\":\"https:\\\/\\\/www.vignevin.com\\\/wp-content\\\/uploads\\\/2019\\\/02\\\/Sympt\u00f4mes-foliaires-de-court-nou\u00e9-sur-Carignan-N-3-scaled.jpg\",\"et-pb-image--responsive--tablet\":\"https:\\\/\\\/www.vignevin.com\\\/wp-content\\\/uploads\\\/2019\\\/02\\\/Sympt\u00f4mes-foliaires-de-court-nou\u00e9-sur-Carignan-N-3-scaled.jpg\",\"et-pb-image--responsive--phone\":\"https:\\\/\\\/www.vignevin.com\\\/wp-content\\\/uploads\\\/2019\\\/02\\\/Sympt\u00f4mes-foliaires-de-court-nou\u00e9-sur-Carignan-N-3-scaled.jpg\",\"gform-image-choice-sm\":\"https:\\\/\\\/www.vignevin.com\\\/wp-content\\\/uploads\\\/2019\\\/02\\\/Sympt\u00f4mes-foliaires-de-court-nou\u00e9-sur-Carignan-N-3-scaled.jpg\",\"gform-image-choice-md\":\"https:\\\/\\\/www.vignevin.com\\\/wp-content\\\/uploads\\\/2019\\\/02\\\/Sympt\u00f4mes-foliaires-de-court-nou\u00e9-sur-Carignan-N-3-scaled.jpg\",\"gform-image-choice-lg\":\"https:\\\/\\\/www.vignevin.com\\\/wp-content\\\/uploads\\\/2019\\\/02\\\/Sympt\u00f4mes-foliaires-de-court-nou\u00e9-sur-Carignan-N-3-scaled.jpg\",\"woocommerce_thumbnail\":\"https:\\\/\\\/www.vignevin.com\\\/wp-content\\\/uploads\\\/2019\\\/02\\\/Sympt\u00f4mes-foliaires-de-court-nou\u00e9-sur-Carignan-N-3-scaled-300x300.jpg\",\"woocommerce_single\":\"https:\\\/\\\/www.vignevin.com\\\/wp-content\\\/uploads\\\/2019\\\/02\\\/Sympt\u00f4mes-foliaires-de-court-nou\u00e9-sur-Carignan-N-3-scaled-600x800.jpg\",\"woocommerce_gallery_thumbnail\":\"https:\\\/\\\/www.vignevin.com\\\/wp-content\\\/uploads\\\/2019\\\/02\\\/Sympt\u00f4mes-foliaires-de-court-nou\u00e9-sur-Carignan-N-3-scaled-100x100.jpg\",\"full\":\"https:\\\/\\\/www.vignevin.com\\\/wp-content\\\/uploads\\\/2019\\\/02\\\/Sympt\u00f4mes-foliaires-de-court-nou\u00e9-sur-Carignan-N-3-scaled.jpg\",\"index\":99,\"id\":10037,\"video\":false,\"opts\":{\"caption\":\"\",\"thumb\":\"https:\\\/\\\/www.vignevin.com\\\/wp-content\\\/uploads\\\/2019\\\/02\\\/Sympt\u00f4mes-foliaires-de-court-nou\u00e9-sur-Carignan-N-3-scaled-75x50_c.jpg\",\"title\":\"Sympt&amp;ocirc;mes foliaires de court-nou&amp;eacute; sur Carignan N 3\"},\"gallery_id\":17410,\"gallery_title\":\"Grapevines virus\"},\"10038\":{\"status\":\"active\",\"src\":\"https:\\\/\\\/www.vignevin.com\\\/wp-content\\\/uploads\\\/2019\\\/02\\\/Sympt\u00f4mes-foliaires-de-court-nou\u00e9-sur-Carignan-N-4-scaled.jpg\",\"title\":\"Sympt&amp;ocirc;mes foliaires de court-nou&amp;eacute; sur Carignan N 4\",\"link\":\"https:\\\/\\\/www.vignevin.com\\\/wp-content\\\/uploads\\\/2019\\\/02\\\/Sympt\u00f4mes-foliaires-de-court-nou\u00e9-sur-Carignan-N-4.jpg\",\"alt\":\"\",\"caption\":false,\"thumb\":\"https:\\\/\\\/www.vignevin.com\\\/wp-content\\\/uploads\\\/2019\\\/02\\\/Sympt\u00f4mes-foliaires-de-court-nou\u00e9-sur-Carignan-N-4-scaled-75x50_c.jpg\",\"meta\":{\"aperture\":\"4.5\",\"credit\":null,\"camera\":\"DSC-HX9V\",\"caption\":\"\",\"created_timestamp\":\"1464707500\",\"copyright\":null,\"focal_length\":\"11.09\",\"iso\":\"100\",\"shutter_speed\":\"0.0025\",\"title\":\"\",\"orientation\":\"1\",\"keywords\":null,\"resized_images\":null},\"thumbnail\":\"https:\\\/\\\/www.vignevin.com\\\/wp-content\\\/uploads\\\/2019\\\/02\\\/Sympt\u00f4mes-foliaires-de-court-nou\u00e9-sur-Carignan-N-4-scaled.jpg\",\"medium\":\"https:\\\/\\\/www.vignevin.com\\\/wp-content\\\/uploads\\\/2019\\\/02\\\/Sympt\u00f4mes-foliaires-de-court-nou\u00e9-sur-Carignan-N-4-scaled.jpg\",\"medium_large\":\"https:\\\/\\\/www.vignevin.com\\\/wp-content\\\/uploads\\\/2019\\\/02\\\/Sympt\u00f4mes-foliaires-de-court-nou\u00e9-sur-Carignan-N-4-scaled.jpg\",\"large\":\"https:\\\/\\\/www.vignevin.com\\\/wp-content\\\/uploads\\\/2019\\\/02\\\/Sympt\u00f4mes-foliaires-de-court-nou\u00e9-sur-Carignan-N-4-scaled.jpg\",\"1536x1536\":\"https:\\\/\\\/www.vignevin.com\\\/wp-content\\\/uploads\\\/2019\\\/02\\\/Sympt\u00f4mes-foliaires-de-court-nou\u00e9-sur-Carignan-N-4-scaled.jpg\",\"2048x2048\":\"https:\\\/\\\/www.vignevin.com\\\/wp-content\\\/uploads\\\/2019\\\/02\\\/Sympt\u00f4mes-foliaires-de-court-nou\u00e9-sur-Carignan-N-4-scaled.jpg\",\"et-pb-post-main-image\":\"https:\\\/\\\/www.vignevin.com\\\/wp-content\\\/uploads\\\/2019\\\/02\\\/Sympt\u00f4mes-foliaires-de-court-nou\u00e9-sur-Carignan-N-4-scaled.jpg\",\"et-pb-post-main-image-fullwidth\":\"https:\\\/\\\/www.vignevin.com\\\/wp-content\\\/uploads\\\/2019\\\/02\\\/Sympt\u00f4mes-foliaires-de-court-nou\u00e9-sur-Carignan-N-4-scaled.jpg\",\"et-pb-portfolio-image\":\"https:\\\/\\\/www.vignevin.com\\\/wp-content\\\/uploads\\\/2019\\\/02\\\/Sympt\u00f4mes-foliaires-de-court-nou\u00e9-sur-Carignan-N-4-scaled.jpg\",\"et-pb-portfolio-module-image\":\"https:\\\/\\\/www.vignevin.com\\\/wp-content\\\/uploads\\\/2019\\\/02\\\/Sympt\u00f4mes-foliaires-de-court-nou\u00e9-sur-Carignan-N-4-scaled.jpg\",\"et-pb-portfolio-image-single\":\"https:\\\/\\\/www.vignevin.com\\\/wp-content\\\/uploads\\\/2019\\\/02\\\/Sympt\u00f4mes-foliaires-de-court-nou\u00e9-sur-Carignan-N-4-scaled.jpg\",\"et-pb-gallery-module-image-portrait\":\"https:\\\/\\\/www.vignevin.com\\\/wp-content\\\/uploads\\\/2019\\\/02\\\/Sympt\u00f4mes-foliaires-de-court-nou\u00e9-sur-Carignan-N-4-scaled.jpg\",\"et-pb-post-main-image-fullwidth-large\":\"https:\\\/\\\/www.vignevin.com\\\/wp-content\\\/uploads\\\/2019\\\/02\\\/Sympt\u00f4mes-foliaires-de-court-nou\u00e9-sur-Carignan-N-4-scaled.jpg\",\"et-pb-image--responsive--desktop\":\"https:\\\/\\\/www.vignevin.com\\\/wp-content\\\/uploads\\\/2019\\\/02\\\/Sympt\u00f4mes-foliaires-de-court-nou\u00e9-sur-Carignan-N-4-scaled.jpg\",\"et-pb-image--responsive--tablet\":\"https:\\\/\\\/www.vignevin.com\\\/wp-content\\\/uploads\\\/2019\\\/02\\\/Sympt\u00f4mes-foliaires-de-court-nou\u00e9-sur-Carignan-N-4-scaled.jpg\",\"et-pb-image--responsive--phone\":\"https:\\\/\\\/www.vignevin.com\\\/wp-content\\\/uploads\\\/2019\\\/02\\\/Sympt\u00f4mes-foliaires-de-court-nou\u00e9-sur-Carignan-N-4-scaled.jpg\",\"gform-image-choice-sm\":\"https:\\\/\\\/www.vignevin.com\\\/wp-content\\\/uploads\\\/2019\\\/02\\\/Sympt\u00f4mes-foliaires-de-court-nou\u00e9-sur-Carignan-N-4-scaled.jpg\",\"gform-image-choice-md\":\"https:\\\/\\\/www.vignevin.com\\\/wp-content\\\/uploads\\\/2019\\\/02\\\/Sympt\u00f4mes-foliaires-de-court-nou\u00e9-sur-Carignan-N-4-scaled.jpg\",\"gform-image-choice-lg\":\"https:\\\/\\\/www.vignevin.com\\\/wp-content\\\/uploads\\\/2019\\\/02\\\/Sympt\u00f4mes-foliaires-de-court-nou\u00e9-sur-Carignan-N-4-scaled.jpg\",\"woocommerce_thumbnail\":\"https:\\\/\\\/www.vignevin.com\\\/wp-content\\\/uploads\\\/2019\\\/02\\\/Sympt\u00f4mes-foliaires-de-court-nou\u00e9-sur-Carignan-N-4-scaled-300x300.jpg\",\"woocommerce_single\":\"https:\\\/\\\/www.vignevin.com\\\/wp-content\\\/uploads\\\/2019\\\/02\\\/Sympt\u00f4mes-foliaires-de-court-nou\u00e9-sur-Carignan-N-4-scaled-600x800.jpg\",\"woocommerce_gallery_thumbnail\":\"https:\\\/\\\/www.vignevin.com\\\/wp-content\\\/uploads\\\/2019\\\/02\\\/Sympt\u00f4mes-foliaires-de-court-nou\u00e9-sur-Carignan-N-4-scaled-100x100.jpg\",\"full\":\"https:\\\/\\\/www.vignevin.com\\\/wp-content\\\/uploads\\\/2019\\\/02\\\/Sympt\u00f4mes-foliaires-de-court-nou\u00e9-sur-Carignan-N-4-scaled.jpg\",\"index\":100,\"id\":10038,\"video\":false,\"opts\":{\"caption\":\"\",\"thumb\":\"https:\\\/\\\/www.vignevin.com\\\/wp-content\\\/uploads\\\/2019\\\/02\\\/Sympt\u00f4mes-foliaires-de-court-nou\u00e9-sur-Carignan-N-4-scaled-75x50_c.jpg\",\"title\":\"Sympt&amp;ocirc;mes foliaires de court-nou&amp;eacute; sur Carignan N 4\"},\"gallery_id\":17410,\"gallery_title\":\"Grapevines virus\"},\"10039\":{\"status\":\"active\",\"src\":\"https:\\\/\\\/www.vignevin.com\\\/wp-content\\\/uploads\\\/2019\\\/02\\\/Sympt\u00f4mes-foliaires-de-court-nou\u00e9-sur-Carignan-N-scaled.jpg\",\"title\":\"Sympt&amp;ocirc;mes foliaires de court-nou&amp;eacute; sur Carignan N\",\"link\":\"https:\\\/\\\/www.vignevin.com\\\/wp-content\\\/uploads\\\/2019\\\/02\\\/Sympt\u00f4mes-foliaires-de-court-nou\u00e9-sur-Carignan-N.jpg\",\"alt\":\"\",\"caption\":false,\"thumb\":\"https:\\\/\\\/www.vignevin.com\\\/wp-content\\\/uploads\\\/2019\\\/02\\\/Sympt\u00f4mes-foliaires-de-court-nou\u00e9-sur-Carignan-N-scaled-75x50_c.jpg\",\"meta\":{\"aperture\":\"4.5\",\"credit\":null,\"camera\":\"DSC-HX9V\",\"caption\":\"\",\"created_timestamp\":\"1464707368\",\"copyright\":null,\"focal_length\":\"11.64\",\"iso\":\"100\",\"shutter_speed\":\"0.0025\",\"title\":\"\",\"orientation\":\"1\",\"keywords\":null},\"thumbnail\":\"https:\\\/\\\/www.vignevin.com\\\/wp-content\\\/uploads\\\/2019\\\/02\\\/Sympt\u00f4mes-foliaires-de-court-nou\u00e9-sur-Carignan-N-150x150.jpg\",\"medium\":\"https:\\\/\\\/www.vignevin.com\\\/wp-content\\\/uploads\\\/2019\\\/02\\\/Sympt\u00f4mes-foliaires-de-court-nou\u00e9-sur-Carignan-N-300x225.jpg\",\"medium_large\":\"https:\\\/\\\/www.vignevin.com\\\/wp-content\\\/uploads\\\/2019\\\/02\\\/Sympt\u00f4mes-foliaires-de-court-nou\u00e9-sur-Carignan-N-768x576.jpg\",\"large\":\"https:\\\/\\\/www.vignevin.com\\\/wp-content\\\/uploads\\\/2019\\\/02\\\/Sympt\u00f4mes-foliaires-de-court-nou\u00e9-sur-Carignan-N-1024x768.jpg\",\"1536x1536\":\"https:\\\/\\\/www.vignevin.com\\\/wp-content\\\/uploads\\\/2019\\\/02\\\/Sympt\u00f4mes-foliaires-de-court-nou\u00e9-sur-Carignan-N-scaled.jpg\",\"2048x2048\":\"https:\\\/\\\/www.vignevin.com\\\/wp-content\\\/uploads\\\/2019\\\/02\\\/Sympt\u00f4mes-foliaires-de-court-nou\u00e9-sur-Carignan-N-scaled.jpg\",\"et-pb-post-main-image\":\"https:\\\/\\\/www.vignevin.com\\\/wp-content\\\/uploads\\\/2019\\\/02\\\/Sympt\u00f4mes-foliaires-de-court-nou\u00e9-sur-Carignan-N-400x250.jpg\",\"et-pb-post-main-image-fullwidth\":\"https:\\\/\\\/www.vignevin.com\\\/wp-content\\\/uploads\\\/2019\\\/02\\\/Sympt\u00f4mes-foliaires-de-court-nou\u00e9-sur-Carignan-N-1080x675.jpg\",\"et-pb-portfolio-image\":\"https:\\\/\\\/www.vignevin.com\\\/wp-content\\\/uploads\\\/2019\\\/02\\\/Sympt\u00f4mes-foliaires-de-court-nou\u00e9-sur-Carignan-N-400x284.jpg\",\"et-pb-portfolio-module-image\":\"https:\\\/\\\/www.vignevin.com\\\/wp-content\\\/uploads\\\/2019\\\/02\\\/Sympt\u00f4mes-foliaires-de-court-nou\u00e9-sur-Carignan-N-510x382.jpg\",\"et-pb-portfolio-image-single\":\"https:\\\/\\\/www.vignevin.com\\\/wp-content\\\/uploads\\\/2019\\\/02\\\/Sympt\u00f4mes-foliaires-de-court-nou\u00e9-sur-Carignan-N-1080x810.jpg\",\"et-pb-gallery-module-image-portrait\":\"https:\\\/\\\/www.vignevin.com\\\/wp-content\\\/uploads\\\/2019\\\/02\\\/Sympt\u00f4mes-foliaires-de-court-nou\u00e9-sur-Carignan-N-400x516.jpg\",\"et-pb-post-main-image-fullwidth-large\":\"https:\\\/\\\/www.vignevin.com\\\/wp-content\\\/uploads\\\/2019\\\/02\\\/Sympt\u00f4mes-foliaires-de-court-nou\u00e9-sur-Carignan-N-2880x1800.jpg\",\"et-pb-image--responsive--desktop\":\"https:\\\/\\\/www.vignevin.com\\\/wp-content\\\/uploads\\\/2019\\\/02\\\/Sympt\u00f4mes-foliaires-de-court-nou\u00e9-sur-Carignan-N-scaled.jpg\",\"et-pb-image--responsive--tablet\":\"https:\\\/\\\/www.vignevin.com\\\/wp-content\\\/uploads\\\/2019\\\/02\\\/Sympt\u00f4mes-foliaires-de-court-nou\u00e9-sur-Carignan-N-scaled.jpg\",\"et-pb-image--responsive--phone\":\"https:\\\/\\\/www.vignevin.com\\\/wp-content\\\/uploads\\\/2019\\\/02\\\/Sympt\u00f4mes-foliaires-de-court-nou\u00e9-sur-Carignan-N-scaled.jpg\",\"gform-image-choice-sm\":\"https:\\\/\\\/www.vignevin.com\\\/wp-content\\\/uploads\\\/2019\\\/02\\\/Sympt\u00f4mes-foliaires-de-court-nou\u00e9-sur-Carignan-N-scaled.jpg\",\"gform-image-choice-md\":\"https:\\\/\\\/www.vignevin.com\\\/wp-content\\\/uploads\\\/2019\\\/02\\\/Sympt\u00f4mes-foliaires-de-court-nou\u00e9-sur-Carignan-N-scaled.jpg\",\"gform-image-choice-lg\":\"https:\\\/\\\/www.vignevin.com\\\/wp-content\\\/uploads\\\/2019\\\/02\\\/Sympt\u00f4mes-foliaires-de-court-nou\u00e9-sur-Carignan-N-scaled.jpg\",\"woocommerce_thumbnail\":\"https:\\\/\\\/www.vignevin.com\\\/wp-content\\\/uploads\\\/2019\\\/02\\\/Sympt\u00f4mes-foliaires-de-court-nou\u00e9-sur-Carignan-N-scaled-300x300.jpg\",\"woocommerce_single\":\"https:\\\/\\\/www.vignevin.com\\\/wp-content\\\/uploads\\\/2019\\\/02\\\/Sympt\u00f4mes-foliaires-de-court-nou\u00e9-sur-Carignan-N-scaled-600x450.jpg\",\"woocommerce_gallery_thumbnail\":\"https:\\\/\\\/www.vignevin.com\\\/wp-content\\\/uploads\\\/2019\\\/02\\\/Sympt\u00f4mes-foliaires-de-court-nou\u00e9-sur-Carignan-N-scaled-100x100.jpg\",\"full\":\"https:\\\/\\\/www.vignevin.com\\\/wp-content\\\/uploads\\\/2019\\\/02\\\/Sympt\u00f4mes-foliaires-de-court-nou\u00e9-sur-Carignan-N-scaled.jpg\",\"index\":101,\"id\":10039,\"video\":false,\"opts\":{\"caption\":\"\",\"thumb\":\"https:\\\/\\\/www.vignevin.com\\\/wp-content\\\/uploads\\\/2019\\\/02\\\/Sympt\u00f4mes-foliaires-de-court-nou\u00e9-sur-Carignan-N-scaled-75x50_c.jpg\",\"title\":\"Sympt&amp;ocirc;mes foliaires de court-nou&amp;eacute; sur Carignan N\"},\"gallery_id\":17410,\"gallery_title\":\"Grapevines virus\"},\"10040\":{\"status\":\"active\",\"src\":\"https:\\\/\\\/www.vignevin.com\\\/wp-content\\\/uploads\\\/2019\\\/02\\\/Sympt\u00f4mes-foliaires-de-court-nou\u00e9.jpg\",\"title\":\"Sympt&amp;ocirc;mes foliaires de court-nou&amp;eacute;\",\"link\":\"https:\\\/\\\/www.vignevin.com\\\/wp-content\\\/uploads\\\/2019\\\/02\\\/Sympt\u00f4mes-foliaires-de-court-nou\u00e9.jpg\",\"alt\":\"\",\"caption\":false,\"thumb\":\"https:\\\/\\\/www.vignevin.com\\\/wp-content\\\/uploads\\\/2019\\\/02\\\/Sympt\u00f4mes-foliaires-de-court-nou\u00e9-75x50_c.jpg\",\"meta\":{\"aperture\":\"3.3\",\"credit\":null,\"camera\":\"DMC-TZ10\",\"caption\":\"\",\"created_timestamp\":\"1380106167\",\"copyright\":null,\"focal_length\":\"4.1\",\"iso\":\"80\",\"shutter_speed\":\"0.025\",\"title\":\"\",\"orientation\":\"1\",\"keywords\":null},\"thumbnail\":\"https:\\\/\\\/www.vignevin.com\\\/wp-content\\\/uploads\\\/2019\\\/02\\\/Sympt\u00f4mes-foliaires-de-court-nou\u00e9.jpg\",\"medium\":\"https:\\\/\\\/www.vignevin.com\\\/wp-content\\\/uploads\\\/2019\\\/02\\\/Sympt\u00f4mes-foliaires-de-court-nou\u00e9.jpg\",\"medium_large\":\"https:\\\/\\\/www.vignevin.com\\\/wp-content\\\/uploads\\\/2019\\\/02\\\/Sympt\u00f4mes-foliaires-de-court-nou\u00e9.jpg\",\"large\":\"https:\\\/\\\/www.vignevin.com\\\/wp-content\\\/uploads\\\/2019\\\/02\\\/Sympt\u00f4mes-foliaires-de-court-nou\u00e9.jpg\",\"1536x1536\":\"https:\\\/\\\/www.vignevin.com\\\/wp-content\\\/uploads\\\/2019\\\/02\\\/Sympt\u00f4mes-foliaires-de-court-nou\u00e9.jpg\",\"2048x2048\":\"https:\\\/\\\/www.vignevin.com\\\/wp-content\\\/uploads\\\/2019\\\/02\\\/Sympt\u00f4mes-foliaires-de-court-nou\u00e9.jpg\",\"et-pb-post-main-image\":\"https:\\\/\\\/www.vignevin.com\\\/wp-content\\\/uploads\\\/2019\\\/02\\\/Sympt\u00f4mes-foliaires-de-court-nou\u00e9.jpg\",\"et-pb-post-main-image-fullwidth\":\"https:\\\/\\\/www.vignevin.com\\\/wp-content\\\/uploads\\\/2019\\\/02\\\/Sympt\u00f4mes-foliaires-de-court-nou\u00e9.jpg\",\"et-pb-portfolio-image\":\"https:\\\/\\\/www.vignevin.com\\\/wp-content\\\/uploads\\\/2019\\\/02\\\/Sympt\u00f4mes-foliaires-de-court-nou\u00e9.jpg\",\"et-pb-portfolio-module-image\":\"https:\\\/\\\/www.vignevin.com\\\/wp-content\\\/uploads\\\/2019\\\/02\\\/Sympt\u00f4mes-foliaires-de-court-nou\u00e9.jpg\",\"et-pb-portfolio-image-single\":\"https:\\\/\\\/www.vignevin.com\\\/wp-content\\\/uploads\\\/2019\\\/02\\\/Sympt\u00f4mes-foliaires-de-court-nou\u00e9.jpg\",\"et-pb-gallery-module-image-portrait\":\"https:\\\/\\\/www.vignevin.com\\\/wp-content\\\/uploads\\\/2019\\\/02\\\/Sympt\u00f4mes-foliaires-de-court-nou\u00e9.jpg\",\"et-pb-post-main-image-fullwidth-large\":\"https:\\\/\\\/www.vignevin.com\\\/wp-content\\\/uploads\\\/2019\\\/02\\\/Sympt\u00f4mes-foliaires-de-court-nou\u00e9.jpg\",\"et-pb-image--responsive--desktop\":\"https:\\\/\\\/www.vignevin.com\\\/wp-content\\\/uploads\\\/2019\\\/02\\\/Sympt\u00f4mes-foliaires-de-court-nou\u00e9.jpg\",\"et-pb-image--responsive--tablet\":\"https:\\\/\\\/www.vignevin.com\\\/wp-content\\\/uploads\\\/2019\\\/02\\\/Sympt\u00f4mes-foliaires-de-court-nou\u00e9.jpg\",\"et-pb-image--responsive--phone\":\"https:\\\/\\\/www.vignevin.com\\\/wp-content\\\/uploads\\\/2019\\\/02\\\/Sympt\u00f4mes-foliaires-de-court-nou\u00e9.jpg\",\"gform-image-choice-sm\":\"https:\\\/\\\/www.vignevin.com\\\/wp-content\\\/uploads\\\/2019\\\/02\\\/Sympt\u00f4mes-foliaires-de-court-nou\u00e9.jpg\",\"gform-image-choice-md\":\"https:\\\/\\\/www.vignevin.com\\\/wp-content\\\/uploads\\\/2019\\\/02\\\/Sympt\u00f4mes-foliaires-de-court-nou\u00e9.jpg\",\"gform-image-choice-lg\":\"https:\\\/\\\/www.vignevin.com\\\/wp-content\\\/uploads\\\/2019\\\/02\\\/Sympt\u00f4mes-foliaires-de-court-nou\u00e9.jpg\",\"woocommerce_thumbnail\":\"https:\\\/\\\/www.vignevin.com\\\/wp-content\\\/uploads\\\/2019\\\/02\\\/Sympt\u00f4mes-foliaires-de-court-nou\u00e9-300x300.jpg\",\"woocommerce_single\":\"https:\\\/\\\/www.vignevin.com\\\/wp-content\\\/uploads\\\/2019\\\/02\\\/Sympt\u00f4mes-foliaires-de-court-nou\u00e9-600x800.jpg\",\"woocommerce_gallery_thumbnail\":\"https:\\\/\\\/www.vignevin.com\\\/wp-content\\\/uploads\\\/2019\\\/02\\\/Sympt\u00f4mes-foliaires-de-court-nou\u00e9-100x100.jpg\",\"full\":\"https:\\\/\\\/www.vignevin.com\\\/wp-content\\\/uploads\\\/2019\\\/02\\\/Sympt\u00f4mes-foliaires-de-court-nou\u00e9.jpg\",\"index\":102,\"id\":10040,\"video\":false,\"opts\":{\"caption\":\"\",\"thumb\":\"https:\\\/\\\/www.vignevin.com\\\/wp-content\\\/uploads\\\/2019\\\/02\\\/Sympt\u00f4mes-foliaires-de-court-nou\u00e9-75x50_c.jpg\",\"title\":\"Sympt&amp;ocirc;mes foliaires de court-nou&amp;eacute;\"},\"gallery_id\":17410,\"gallery_title\":\"Grapevines virus\"}}'  data-gallery-sort-ids='[6928,6927,6929,6930,9942,9943,9944,9945,9946,9947,9948,9949,9950,9951,9952,9953,9954,9955,9956,9957,9958,9959,9960,9961,9962,9963,9964,9965,9966,9967,9968,9969,9970,9971,9972,9973,9974,9975,9976,9977,9978,9979,9980,9981,9982,9983,9984,9985,9986,9987,9988,9989,9990,9991,9992,9993,9994,9995,9996,9997,9998,9999,10000,10001,10002,10003,10004,10005,10006,10007,10008,10009,10010,10011,10012,10013,10014,10015,10016,10017,10018,10019,10020,10021,10022,10023,10024,10025,10026,10027,10028,10029,10030,10031,10032,10033,10034,10035,10036,10037,10038,10039,10040]'  class=\"envira-album-gallery-17410 \" title=\"Grapevines virus\" ><div class=\"envira-lazy\" style=\"padding-bottom:66.666666666667%;\"><img loading=\"lazy\" decoding=\"async\" id=\"envira-gallery-image-17410\" class=\"envira-gallery-image envira-gallery-image-2\" data-envira-index=\"2\" src=\"https:\/\/www.vignevin.com\/wp-content\/uploads\/2019\/02\/etiquette-phototheque-viroses.jpg\" width=\"600\" height=\"400\" data-envira-src=\"https:\/\/www.vignevin.com\/wp-content\/uploads\/2019\/02\/etiquette-phototheque-viroses.jpg\" data-envira-album-id=\"17390\" data-envira-gallery-id=\"17410\" data-envira-item-id=\"17410\" data-caption=\"Grapevines virus\" alt=\"\" title=\"Grapevines virus\"  data-envira-srcset=\"https:\/\/www.vignevin.com\/wp-content\/uploads\/2019\/02\/etiquette-phototheque-viroses.jpg 400w,https:\/\/www.vignevin.com\/wp-content\/uploads\/2019\/02\/etiquette-phototheque-viroses.jpg 2x\" srcset=\"data:image\/gif;base64,R0lGODlhAQABAIAAAP\/\/\/\/\/\/\/yH5BAEKAAEALAAAAAABAAEAAAICTAEAOw==\" \/><\/div><\/a><div class=\"envira-album-title\">Grapevines virus<\/div><\/div><\/div><div id=\"envira-gallery-item-17413\" class=\"envira-gallery-item enviratope-item envira-gallery-item-3\" style=\"padding-left: 5px; padding-bottom: 10px; padding-right: 5px;\" ><div class=\"envira-gallery-item-inner\"><div class=\"envira-gallery-position-overlay  envira-gallery-top-left\"><\/div><div class=\"envira-gallery-position-overlay  envira-gallery-top-right\"><\/div><div class=\"envira-gallery-position-overlay  envira-gallery-bottom-left\"><\/div><div class=\"envira-gallery-position-overlay  envira-gallery-bottom-right\"><\/div><a href=\"https:\/\/www.vignevin.com\/en\/galerie\/maladies-2\/\" data-gallery-images='{\"7053\":{\"status\":\"active\",\"src\":\"https:\\\/\\\/www.vignevin.com\\\/wp-content\\\/uploads\\\/2019\\\/03\\\/IFV_BDA_30.jpg\",\"title\":\"N&eacute;crose d&rsquo;eutypiose\",\"link\":\"https:\\\/\\\/www.vignevin.com\\\/wp-content\\\/uploads\\\/2019\\\/03\\\/IFV_BDA_30.jpg\",\"alt\":\"\",\"caption\":false,\"thumb\":\"https:\\\/\\\/www.vignevin.com\\\/wp-content\\\/uploads\\\/2019\\\/03\\\/IFV_BDA_30-75x50_c.jpg\",\"meta\":{\"aperture\":null,\"credit\":null,\"camera\":null,\"caption\":\"Sympt\u00f4mes du black dead arm\",\"created_timestamp\":null,\"copyright\":\"IFV\",\"focal_length\":null,\"iso\":null,\"shutter_speed\":null,\"title\":\"Sympt\u00f4mes du black dead arm\",\"orientation\":\"1\",\"keywords\":null},\"thumbnail\":\"https:\\\/\\\/www.vignevin.com\\\/wp-content\\\/uploads\\\/2019\\\/03\\\/IFV_BDA_30-150x150.jpg\",\"medium\":\"https:\\\/\\\/www.vignevin.com\\\/wp-content\\\/uploads\\\/2019\\\/03\\\/IFV_BDA_30-300x230.jpg\",\"medium_large\":\"https:\\\/\\\/www.vignevin.com\\\/wp-content\\\/uploads\\\/2019\\\/03\\\/IFV_BDA_30-768x590.jpg\",\"large\":\"https:\\\/\\\/www.vignevin.com\\\/wp-content\\\/uploads\\\/2019\\\/03\\\/IFV_BDA_30-1024x786.jpg\",\"1536x1536\":\"https:\\\/\\\/www.vignevin.com\\\/wp-content\\\/uploads\\\/2019\\\/03\\\/IFV_BDA_30.jpg\",\"2048x2048\":\"https:\\\/\\\/www.vignevin.com\\\/wp-content\\\/uploads\\\/2019\\\/03\\\/IFV_BDA_30.jpg\",\"et-pb-post-main-image\":\"https:\\\/\\\/www.vignevin.com\\\/wp-content\\\/uploads\\\/2019\\\/03\\\/IFV_BDA_30-400x250.jpg\",\"et-pb-post-main-image-fullwidth\":\"https:\\\/\\\/www.vignevin.com\\\/wp-content\\\/uploads\\\/2019\\\/03\\\/IFV_BDA_30-1080x675.jpg\",\"et-pb-portfolio-image\":\"https:\\\/\\\/www.vignevin.com\\\/wp-content\\\/uploads\\\/2019\\\/03\\\/IFV_BDA_30-400x284.jpg\",\"et-pb-portfolio-module-image\":\"https:\\\/\\\/www.vignevin.com\\\/wp-content\\\/uploads\\\/2019\\\/03\\\/IFV_BDA_30-510x382.jpg\",\"et-pb-portfolio-image-single\":\"https:\\\/\\\/www.vignevin.com\\\/wp-content\\\/uploads\\\/2019\\\/03\\\/IFV_BDA_30-1080x829.jpg\",\"et-pb-gallery-module-image-portrait\":\"https:\\\/\\\/www.vignevin.com\\\/wp-content\\\/uploads\\\/2019\\\/03\\\/IFV_BDA_30-400x516.jpg\",\"et-pb-post-main-image-fullwidth-large\":\"https:\\\/\\\/www.vignevin.com\\\/wp-content\\\/uploads\\\/2019\\\/03\\\/IFV_BDA_30.jpg\",\"et-pb-image--responsive--desktop\":\"https:\\\/\\\/www.vignevin.com\\\/wp-content\\\/uploads\\\/2019\\\/03\\\/IFV_BDA_30.jpg\",\"et-pb-image--responsive--tablet\":\"https:\\\/\\\/www.vignevin.com\\\/wp-content\\\/uploads\\\/2019\\\/03\\\/IFV_BDA_30.jpg\",\"et-pb-image--responsive--phone\":\"https:\\\/\\\/www.vignevin.com\\\/wp-content\\\/uploads\\\/2019\\\/03\\\/IFV_BDA_30.jpg\",\"gform-image-choice-sm\":\"https:\\\/\\\/www.vignevin.com\\\/wp-content\\\/uploads\\\/2019\\\/03\\\/IFV_BDA_30.jpg\",\"gform-image-choice-md\":\"https:\\\/\\\/www.vignevin.com\\\/wp-content\\\/uploads\\\/2019\\\/03\\\/IFV_BDA_30.jpg\",\"gform-image-choice-lg\":\"https:\\\/\\\/www.vignevin.com\\\/wp-content\\\/uploads\\\/2019\\\/03\\\/IFV_BDA_30.jpg\",\"woocommerce_thumbnail\":\"https:\\\/\\\/www.vignevin.com\\\/wp-content\\\/uploads\\\/2019\\\/03\\\/IFV_BDA_30-300x300.jpg\",\"woocommerce_single\":\"https:\\\/\\\/www.vignevin.com\\\/wp-content\\\/uploads\\\/2019\\\/03\\\/IFV_BDA_30-600x461.jpg\",\"woocommerce_gallery_thumbnail\":\"https:\\\/\\\/www.vignevin.com\\\/wp-content\\\/uploads\\\/2019\\\/03\\\/IFV_BDA_30-100x100.jpg\",\"full\":\"https:\\\/\\\/www.vignevin.com\\\/wp-content\\\/uploads\\\/2019\\\/03\\\/IFV_BDA_30.jpg\",\"index\":0,\"id\":7053,\"video\":false,\"opts\":{\"caption\":\"\",\"thumb\":\"https:\\\/\\\/www.vignevin.com\\\/wp-content\\\/uploads\\\/2019\\\/03\\\/IFV_BDA_30-75x50_c.jpg\",\"title\":\"N&eacute;crose d&rsquo;eutypiose\"},\"gallery_id\":\"17413\"},\"7051\":{\"status\":\"active\",\"src\":\"https:\\\/\\\/www.vignevin.com\\\/wp-content\\\/uploads\\\/2019\\\/03\\\/IFV_BDA_11.jpg\",\"title\":\"\",\"link\":\"https:\\\/\\\/www.vignevin.com\\\/wp-content\\\/uploads\\\/2019\\\/03\\\/IFV_BDA_11.jpg\",\"alt\":\"\",\"caption\":false,\"thumb\":\"https:\\\/\\\/www.vignevin.com\\\/wp-content\\\/uploads\\\/2019\\\/03\\\/IFV_BDA_11-75x50_c.jpg\",\"meta\":{\"aperture\":null,\"credit\":null,\"camera\":null,\"caption\":\"\",\"created_timestamp\":null,\"copyright\":null,\"focal_length\":null,\"iso\":null,\"shutter_speed\":null,\"title\":\"\",\"orientation\":null,\"keywords\":null,\"resized_images\":null},\"thumbnail\":\"https:\\\/\\\/www.vignevin.com\\\/wp-content\\\/uploads\\\/2019\\\/03\\\/IFV_BDA_11-150x150.jpg\",\"medium\":\"https:\\\/\\\/www.vignevin.com\\\/wp-content\\\/uploads\\\/2019\\\/03\\\/IFV_BDA_11-283x300.jpg\",\"medium_large\":\"https:\\\/\\\/www.vignevin.com\\\/wp-content\\\/uploads\\\/2019\\\/03\\\/IFV_BDA_11.jpg\",\"large\":\"https:\\\/\\\/www.vignevin.com\\\/wp-content\\\/uploads\\\/2019\\\/03\\\/IFV_BDA_11.jpg\",\"1536x1536\":\"https:\\\/\\\/www.vignevin.com\\\/wp-content\\\/uploads\\\/2019\\\/03\\\/IFV_BDA_11.jpg\",\"2048x2048\":\"https:\\\/\\\/www.vignevin.com\\\/wp-content\\\/uploads\\\/2019\\\/03\\\/IFV_BDA_11.jpg\",\"et-pb-post-main-image\":\"https:\\\/\\\/www.vignevin.com\\\/wp-content\\\/uploads\\\/2019\\\/03\\\/IFV_BDA_11-308x250.jpg\",\"et-pb-post-main-image-fullwidth\":\"https:\\\/\\\/www.vignevin.com\\\/wp-content\\\/uploads\\\/2019\\\/03\\\/IFV_BDA_11.jpg\",\"et-pb-portfolio-image\":\"https:\\\/\\\/www.vignevin.com\\\/wp-content\\\/uploads\\\/2019\\\/03\\\/IFV_BDA_11-308x284.jpg\",\"et-pb-portfolio-module-image\":\"https:\\\/\\\/www.vignevin.com\\\/wp-content\\\/uploads\\\/2019\\\/03\\\/IFV_BDA_11.jpg\",\"et-pb-portfolio-image-single\":\"https:\\\/\\\/www.vignevin.com\\\/wp-content\\\/uploads\\\/2019\\\/03\\\/IFV_BDA_11.jpg\",\"et-pb-gallery-module-image-portrait\":\"https:\\\/\\\/www.vignevin.com\\\/wp-content\\\/uploads\\\/2019\\\/03\\\/IFV_BDA_11.jpg\",\"et-pb-post-main-image-fullwidth-large\":\"https:\\\/\\\/www.vignevin.com\\\/wp-content\\\/uploads\\\/2019\\\/03\\\/IFV_BDA_11.jpg\",\"et-pb-image--responsive--desktop\":\"https:\\\/\\\/www.vignevin.com\\\/wp-content\\\/uploads\\\/2019\\\/03\\\/IFV_BDA_11.jpg\",\"et-pb-image--responsive--tablet\":\"https:\\\/\\\/www.vignevin.com\\\/wp-content\\\/uploads\\\/2019\\\/03\\\/IFV_BDA_11.jpg\",\"et-pb-image--responsive--phone\":\"https:\\\/\\\/www.vignevin.com\\\/wp-content\\\/uploads\\\/2019\\\/03\\\/IFV_BDA_11.jpg\",\"gform-image-choice-sm\":\"https:\\\/\\\/www.vignevin.com\\\/wp-content\\\/uploads\\\/2019\\\/03\\\/IFV_BDA_11.jpg\",\"gform-image-choice-md\":\"https:\\\/\\\/www.vignevin.com\\\/wp-content\\\/uploads\\\/2019\\\/03\\\/IFV_BDA_11.jpg\",\"gform-image-choice-lg\":\"https:\\\/\\\/www.vignevin.com\\\/wp-content\\\/uploads\\\/2019\\\/03\\\/IFV_BDA_11.jpg\",\"woocommerce_thumbnail\":\"https:\\\/\\\/www.vignevin.com\\\/wp-content\\\/uploads\\\/2019\\\/03\\\/IFV_BDA_11-300x300.jpg\",\"woocommerce_single\":\"https:\\\/\\\/www.vignevin.com\\\/wp-content\\\/uploads\\\/2019\\\/03\\\/IFV_BDA_11.jpg\",\"woocommerce_gallery_thumbnail\":\"https:\\\/\\\/www.vignevin.com\\\/wp-content\\\/uploads\\\/2019\\\/03\\\/IFV_BDA_11-100x100.jpg\",\"full\":\"https:\\\/\\\/www.vignevin.com\\\/wp-content\\\/uploads\\\/2019\\\/03\\\/IFV_BDA_11.jpg\",\"index\":1,\"id\":7051,\"video\":false,\"opts\":{\"caption\":\"\",\"thumb\":\"https:\\\/\\\/www.vignevin.com\\\/wp-content\\\/uploads\\\/2019\\\/03\\\/IFV_BDA_11-75x50_c.jpg\",\"title\":\"\"},\"gallery_id\":\"17413\"},\"7052\":{\"status\":\"active\",\"src\":\"https:\\\/\\\/www.vignevin.com\\\/wp-content\\\/uploads\\\/2019\\\/03\\\/IFV_BDA_19.jpg\",\"title\":\"Sympt&ocirc;mes du black dead arm\",\"link\":\"https:\\\/\\\/www.vignevin.com\\\/wp-content\\\/uploads\\\/2019\\\/03\\\/IFV_BDA_19.jpg\",\"alt\":\"\",\"caption\":false,\"thumb\":\"https:\\\/\\\/www.vignevin.com\\\/wp-content\\\/uploads\\\/2019\\\/03\\\/IFV_BDA_19-75x50_c.jpg\",\"meta\":{\"aperture\":null,\"credit\":null,\"camera\":null,\"caption\":\"Sympt\u00f4mes du black dead arm\",\"created_timestamp\":null,\"copyright\":\"IFV\",\"focal_length\":null,\"iso\":null,\"shutter_speed\":null,\"title\":\"Sympt\u00f4mes du black dead arm\",\"orientation\":\"1\",\"keywords\":null},\"thumbnail\":\"https:\\\/\\\/www.vignevin.com\\\/wp-content\\\/uploads\\\/2019\\\/03\\\/IFV_BDA_19-150x150.jpg\",\"medium\":\"https:\\\/\\\/www.vignevin.com\\\/wp-content\\\/uploads\\\/2019\\\/03\\\/IFV_BDA_19-300x202.jpg\",\"medium_large\":\"https:\\\/\\\/www.vignevin.com\\\/wp-content\\\/uploads\\\/2019\\\/03\\\/IFV_BDA_19-768x517.jpg\",\"large\":\"https:\\\/\\\/www.vignevin.com\\\/wp-content\\\/uploads\\\/2019\\\/03\\\/IFV_BDA_19-1024x689.jpg\",\"1536x1536\":\"https:\\\/\\\/www.vignevin.com\\\/wp-content\\\/uploads\\\/2019\\\/03\\\/IFV_BDA_19.jpg\",\"2048x2048\":\"https:\\\/\\\/www.vignevin.com\\\/wp-content\\\/uploads\\\/2019\\\/03\\\/IFV_BDA_19.jpg\",\"et-pb-post-main-image\":\"https:\\\/\\\/www.vignevin.com\\\/wp-content\\\/uploads\\\/2019\\\/03\\\/IFV_BDA_19-400x250.jpg\",\"et-pb-post-main-image-fullwidth\":\"https:\\\/\\\/www.vignevin.com\\\/wp-content\\\/uploads\\\/2019\\\/03\\\/IFV_BDA_19-1080x675.jpg\",\"et-pb-portfolio-image\":\"https:\\\/\\\/www.vignevin.com\\\/wp-content\\\/uploads\\\/2019\\\/03\\\/IFV_BDA_19-400x284.jpg\",\"et-pb-portfolio-module-image\":\"https:\\\/\\\/www.vignevin.com\\\/wp-content\\\/uploads\\\/2019\\\/03\\\/IFV_BDA_19-510x382.jpg\",\"et-pb-portfolio-image-single\":\"https:\\\/\\\/www.vignevin.com\\\/wp-content\\\/uploads\\\/2019\\\/03\\\/IFV_BDA_19-1080x727.jpg\",\"et-pb-gallery-module-image-portrait\":\"https:\\\/\\\/www.vignevin.com\\\/wp-content\\\/uploads\\\/2019\\\/03\\\/IFV_BDA_19-400x516.jpg\",\"et-pb-post-main-image-fullwidth-large\":\"https:\\\/\\\/www.vignevin.com\\\/wp-content\\\/uploads\\\/2019\\\/03\\\/IFV_BDA_19.jpg\",\"et-pb-image--responsive--desktop\":\"https:\\\/\\\/www.vignevin.com\\\/wp-content\\\/uploads\\\/2019\\\/03\\\/IFV_BDA_19.jpg\",\"et-pb-image--responsive--tablet\":\"https:\\\/\\\/www.vignevin.com\\\/wp-content\\\/uploads\\\/2019\\\/03\\\/IFV_BDA_19.jpg\",\"et-pb-image--responsive--phone\":\"https:\\\/\\\/www.vignevin.com\\\/wp-content\\\/uploads\\\/2019\\\/03\\\/IFV_BDA_19.jpg\",\"gform-image-choice-sm\":\"https:\\\/\\\/www.vignevin.com\\\/wp-content\\\/uploads\\\/2019\\\/03\\\/IFV_BDA_19.jpg\",\"gform-image-choice-md\":\"https:\\\/\\\/www.vignevin.com\\\/wp-content\\\/uploads\\\/2019\\\/03\\\/IFV_BDA_19.jpg\",\"gform-image-choice-lg\":\"https:\\\/\\\/www.vignevin.com\\\/wp-content\\\/uploads\\\/2019\\\/03\\\/IFV_BDA_19.jpg\",\"woocommerce_thumbnail\":\"https:\\\/\\\/www.vignevin.com\\\/wp-content\\\/uploads\\\/2019\\\/03\\\/IFV_BDA_19-300x300.jpg\",\"woocommerce_single\":\"https:\\\/\\\/www.vignevin.com\\\/wp-content\\\/uploads\\\/2019\\\/03\\\/IFV_BDA_19-600x404.jpg\",\"woocommerce_gallery_thumbnail\":\"https:\\\/\\\/www.vignevin.com\\\/wp-content\\\/uploads\\\/2019\\\/03\\\/IFV_BDA_19-100x100.jpg\",\"full\":\"https:\\\/\\\/www.vignevin.com\\\/wp-content\\\/uploads\\\/2019\\\/03\\\/IFV_BDA_19.jpg\",\"index\":2,\"id\":7052,\"video\":false,\"opts\":{\"caption\":\"\",\"thumb\":\"https:\\\/\\\/www.vignevin.com\\\/wp-content\\\/uploads\\\/2019\\\/03\\\/IFV_BDA_19-75x50_c.jpg\",\"title\":\"Sympt&ocirc;mes du black dead arm\"},\"gallery_id\":\"17413\"},\"7054\":{\"status\":\"active\",\"src\":\"https:\\\/\\\/www.vignevin.com\\\/wp-content\\\/uploads\\\/2019\\\/03\\\/IFV_Esca_3.jpg\",\"title\":\"Esca\",\"link\":\"https:\\\/\\\/www.vignevin.com\\\/wp-content\\\/uploads\\\/2019\\\/03\\\/IFV_Esca_3.jpg\",\"alt\":\"\",\"caption\":false,\"thumb\":\"https:\\\/\\\/www.vignevin.com\\\/wp-content\\\/uploads\\\/2019\\\/03\\\/IFV_Esca_3-75x50_c.jpg\",\"meta\":{\"aperture\":null,\"credit\":null,\"camera\":null,\"caption\":\"Esca\",\"created_timestamp\":null,\"copyright\":\"IFV\",\"focal_length\":null,\"iso\":null,\"shutter_speed\":null,\"title\":\"Esca\",\"orientation\":\"1\",\"keywords\":null},\"thumbnail\":\"https:\\\/\\\/www.vignevin.com\\\/wp-content\\\/uploads\\\/2019\\\/03\\\/IFV_Esca_3-150x150.jpg\",\"medium\":\"https:\\\/\\\/www.vignevin.com\\\/wp-content\\\/uploads\\\/2019\\\/03\\\/IFV_Esca_3-191x300.jpg\",\"medium_large\":\"https:\\\/\\\/www.vignevin.com\\\/wp-content\\\/uploads\\\/2019\\\/03\\\/IFV_Esca_3-768x1205.jpg\",\"large\":\"https:\\\/\\\/www.vignevin.com\\\/wp-content\\\/uploads\\\/2019\\\/03\\\/IFV_Esca_3-653x1024.jpg\",\"1536x1536\":\"https:\\\/\\\/www.vignevin.com\\\/wp-content\\\/uploads\\\/2019\\\/03\\\/IFV_Esca_3.jpg\",\"2048x2048\":\"https:\\\/\\\/www.vignevin.com\\\/wp-content\\\/uploads\\\/2019\\\/03\\\/IFV_Esca_3.jpg\",\"et-pb-post-main-image\":\"https:\\\/\\\/www.vignevin.com\\\/wp-content\\\/uploads\\\/2019\\\/03\\\/IFV_Esca_3-400x250.jpg\",\"et-pb-post-main-image-fullwidth\":\"https:\\\/\\\/www.vignevin.com\\\/wp-content\\\/uploads\\\/2019\\\/03\\\/IFV_Esca_3-968x675.jpg\",\"et-pb-portfolio-image\":\"https:\\\/\\\/www.vignevin.com\\\/wp-content\\\/uploads\\\/2019\\\/03\\\/IFV_Esca_3-400x284.jpg\",\"et-pb-portfolio-module-image\":\"https:\\\/\\\/www.vignevin.com\\\/wp-content\\\/uploads\\\/2019\\\/03\\\/IFV_Esca_3-510x382.jpg\",\"et-pb-portfolio-image-single\":\"https:\\\/\\\/www.vignevin.com\\\/wp-content\\\/uploads\\\/2019\\\/03\\\/IFV_Esca_3.jpg\",\"et-pb-gallery-module-image-portrait\":\"https:\\\/\\\/www.vignevin.com\\\/wp-content\\\/uploads\\\/2019\\\/03\\\/IFV_Esca_3-400x516.jpg\",\"et-pb-post-main-image-fullwidth-large\":\"https:\\\/\\\/www.vignevin.com\\\/wp-content\\\/uploads\\\/2019\\\/03\\\/IFV_Esca_3.jpg\",\"et-pb-image--responsive--desktop\":\"https:\\\/\\\/www.vignevin.com\\\/wp-content\\\/uploads\\\/2019\\\/03\\\/IFV_Esca_3.jpg\",\"et-pb-image--responsive--tablet\":\"https:\\\/\\\/www.vignevin.com\\\/wp-content\\\/uploads\\\/2019\\\/03\\\/IFV_Esca_3.jpg\",\"et-pb-image--responsive--phone\":\"https:\\\/\\\/www.vignevin.com\\\/wp-content\\\/uploads\\\/2019\\\/03\\\/IFV_Esca_3.jpg\",\"gform-image-choice-sm\":\"https:\\\/\\\/www.vignevin.com\\\/wp-content\\\/uploads\\\/2019\\\/03\\\/IFV_Esca_3.jpg\",\"gform-image-choice-md\":\"https:\\\/\\\/www.vignevin.com\\\/wp-content\\\/uploads\\\/2019\\\/03\\\/IFV_Esca_3.jpg\",\"gform-image-choice-lg\":\"https:\\\/\\\/www.vignevin.com\\\/wp-content\\\/uploads\\\/2019\\\/03\\\/IFV_Esca_3.jpg\",\"woocommerce_thumbnail\":\"https:\\\/\\\/www.vignevin.com\\\/wp-content\\\/uploads\\\/2019\\\/03\\\/IFV_Esca_3-300x300.jpg\",\"woocommerce_single\":\"https:\\\/\\\/www.vignevin.com\\\/wp-content\\\/uploads\\\/2019\\\/03\\\/IFV_Esca_3-600x942.jpg\",\"woocommerce_gallery_thumbnail\":\"https:\\\/\\\/www.vignevin.com\\\/wp-content\\\/uploads\\\/2019\\\/03\\\/IFV_Esca_3-100x100.jpg\",\"full\":\"https:\\\/\\\/www.vignevin.com\\\/wp-content\\\/uploads\\\/2019\\\/03\\\/IFV_Esca_3.jpg\",\"index\":3,\"id\":7054,\"video\":false,\"opts\":{\"caption\":\"\",\"thumb\":\"https:\\\/\\\/www.vignevin.com\\\/wp-content\\\/uploads\\\/2019\\\/03\\\/IFV_Esca_3-75x50_c.jpg\",\"title\":\"Esca\"},\"gallery_id\":\"17413\"},\"7055\":{\"status\":\"active\",\"src\":\"https:\\\/\\\/www.vignevin.com\\\/wp-content\\\/uploads\\\/2019\\\/03\\\/IFV_Esca_10.jpg\",\"title\":\"\",\"link\":\"https:\\\/\\\/www.vignevin.com\\\/wp-content\\\/uploads\\\/2019\\\/03\\\/IFV_Esca_10.jpg\",\"alt\":\"\",\"caption\":false,\"thumb\":\"https:\\\/\\\/www.vignevin.com\\\/wp-content\\\/uploads\\\/2019\\\/03\\\/IFV_Esca_10-75x50_c.jpg\",\"meta\":{\"aperture\":null,\"credit\":null,\"camera\":null,\"caption\":\"\",\"created_timestamp\":null,\"copyright\":null,\"focal_length\":null,\"iso\":null,\"shutter_speed\":null,\"title\":\"\",\"orientation\":\"1\",\"keywords\":null},\"thumbnail\":\"https:\\\/\\\/www.vignevin.com\\\/wp-content\\\/uploads\\\/2019\\\/03\\\/IFV_Esca_10-150x150.jpg\",\"medium\":\"https:\\\/\\\/www.vignevin.com\\\/wp-content\\\/uploads\\\/2019\\\/03\\\/IFV_Esca_10-234x300.jpg\",\"medium_large\":\"https:\\\/\\\/www.vignevin.com\\\/wp-content\\\/uploads\\\/2019\\\/03\\\/IFV_Esca_10.jpg\",\"large\":\"https:\\\/\\\/www.vignevin.com\\\/wp-content\\\/uploads\\\/2019\\\/03\\\/IFV_Esca_10.jpg\",\"1536x1536\":\"https:\\\/\\\/www.vignevin.com\\\/wp-content\\\/uploads\\\/2019\\\/03\\\/IFV_Esca_10.jpg\",\"2048x2048\":\"https:\\\/\\\/www.vignevin.com\\\/wp-content\\\/uploads\\\/2019\\\/03\\\/IFV_Esca_10.jpg\",\"et-pb-post-main-image\":\"https:\\\/\\\/www.vignevin.com\\\/wp-content\\\/uploads\\\/2019\\\/03\\\/IFV_Esca_10-359x250.jpg\",\"et-pb-post-main-image-fullwidth\":\"https:\\\/\\\/www.vignevin.com\\\/wp-content\\\/uploads\\\/2019\\\/03\\\/IFV_Esca_10.jpg\",\"et-pb-portfolio-image\":\"https:\\\/\\\/www.vignevin.com\\\/wp-content\\\/uploads\\\/2019\\\/03\\\/IFV_Esca_10-359x284.jpg\",\"et-pb-portfolio-module-image\":\"https:\\\/\\\/www.vignevin.com\\\/wp-content\\\/uploads\\\/2019\\\/03\\\/IFV_Esca_10-359x382.jpg\",\"et-pb-portfolio-image-single\":\"https:\\\/\\\/www.vignevin.com\\\/wp-content\\\/uploads\\\/2019\\\/03\\\/IFV_Esca_10.jpg\",\"et-pb-gallery-module-image-portrait\":\"https:\\\/\\\/www.vignevin.com\\\/wp-content\\\/uploads\\\/2019\\\/03\\\/IFV_Esca_10.jpg\",\"et-pb-post-main-image-fullwidth-large\":\"https:\\\/\\\/www.vignevin.com\\\/wp-content\\\/uploads\\\/2019\\\/03\\\/IFV_Esca_10.jpg\",\"et-pb-image--responsive--desktop\":\"https:\\\/\\\/www.vignevin.com\\\/wp-content\\\/uploads\\\/2019\\\/03\\\/IFV_Esca_10.jpg\",\"et-pb-image--responsive--tablet\":\"https:\\\/\\\/www.vignevin.com\\\/wp-content\\\/uploads\\\/2019\\\/03\\\/IFV_Esca_10.jpg\",\"et-pb-image--responsive--phone\":\"https:\\\/\\\/www.vignevin.com\\\/wp-content\\\/uploads\\\/2019\\\/03\\\/IFV_Esca_10.jpg\",\"gform-image-choice-sm\":\"https:\\\/\\\/www.vignevin.com\\\/wp-content\\\/uploads\\\/2019\\\/03\\\/IFV_Esca_10.jpg\",\"gform-image-choice-md\":\"https:\\\/\\\/www.vignevin.com\\\/wp-content\\\/uploads\\\/2019\\\/03\\\/IFV_Esca_10.jpg\",\"gform-image-choice-lg\":\"https:\\\/\\\/www.vignevin.com\\\/wp-content\\\/uploads\\\/2019\\\/03\\\/IFV_Esca_10.jpg\",\"woocommerce_thumbnail\":\"https:\\\/\\\/www.vignevin.com\\\/wp-content\\\/uploads\\\/2019\\\/03\\\/IFV_Esca_10-300x300.jpg\",\"woocommerce_single\":\"https:\\\/\\\/www.vignevin.com\\\/wp-content\\\/uploads\\\/2019\\\/03\\\/IFV_Esca_10.jpg\",\"woocommerce_gallery_thumbnail\":\"https:\\\/\\\/www.vignevin.com\\\/wp-content\\\/uploads\\\/2019\\\/03\\\/IFV_Esca_10-100x100.jpg\",\"full\":\"https:\\\/\\\/www.vignevin.com\\\/wp-content\\\/uploads\\\/2019\\\/03\\\/IFV_Esca_10.jpg\",\"index\":4,\"id\":7055,\"video\":false,\"opts\":{\"caption\":\"\",\"thumb\":\"https:\\\/\\\/www.vignevin.com\\\/wp-content\\\/uploads\\\/2019\\\/03\\\/IFV_Esca_10-75x50_c.jpg\",\"title\":\"\"},\"gallery_id\":\"17413\"},\"7056\":{\"status\":\"active\",\"src\":\"https:\\\/\\\/www.vignevin.com\\\/wp-content\\\/uploads\\\/2019\\\/03\\\/IFV_EUTYPIOSE-scaled.jpg\",\"title\":\"Porteur tr&egrave;s touch&eacute; &ndash; Cordon clone 509 Bois Franc (Domaine de l&rsquo;Eclair)\",\"link\":\"https:\\\/\\\/www.vignevin.com\\\/wp-content\\\/uploads\\\/2019\\\/03\\\/IFV_EUTYPIOSE.jpg\",\"alt\":\"\",\"caption\":false,\"thumb\":\"https:\\\/\\\/www.vignevin.com\\\/wp-content\\\/uploads\\\/2019\\\/03\\\/IFV_EUTYPIOSE-scaled-75x50_c.jpg\",\"meta\":{\"aperture\":\"4\",\"credit\":null,\"camera\":\"Canon PowerShot A610\",\"caption\":\"Porteur tr\u00e8s touch\u00e9 - Cordon clone 509 Bois Franc (Domaine de l&&#163;39;Eclair)\",\"created_timestamp\":\"1185882270\",\"copyright\":\"IFV\",\"focal_length\":\"14.926\",\"iso\":null,\"shutter_speed\":\"0.002\",\"title\":\"Porteur tr\u00e8s touch\u00e9 - Cordon clone 509 Bois Franc (Domaine de l&&#163;39;Eclair)\",\"orientation\":\"1\",\"keywords\":null},\"thumbnail\":\"https:\\\/\\\/www.vignevin.com\\\/wp-content\\\/uploads\\\/2019\\\/03\\\/IFV_EUTYPIOSE-150x150.jpg\",\"medium\":\"https:\\\/\\\/www.vignevin.com\\\/wp-content\\\/uploads\\\/2019\\\/03\\\/IFV_EUTYPIOSE-225x300.jpg\",\"medium_large\":\"https:\\\/\\\/www.vignevin.com\\\/wp-content\\\/uploads\\\/2019\\\/03\\\/IFV_EUTYPIOSE-768x1024.jpg\",\"large\":\"https:\\\/\\\/www.vignevin.com\\\/wp-content\\\/uploads\\\/2019\\\/03\\\/IFV_EUTYPIOSE-768x1024.jpg\",\"1536x1536\":\"https:\\\/\\\/www.vignevin.com\\\/wp-content\\\/uploads\\\/2019\\\/03\\\/IFV_EUTYPIOSE-scaled.jpg\",\"2048x2048\":\"https:\\\/\\\/www.vignevin.com\\\/wp-content\\\/uploads\\\/2019\\\/03\\\/IFV_EUTYPIOSE-scaled.jpg\",\"et-pb-post-main-image\":\"https:\\\/\\\/www.vignevin.com\\\/wp-content\\\/uploads\\\/2019\\\/03\\\/IFV_EUTYPIOSE-400x250.jpg\",\"et-pb-post-main-image-fullwidth\":\"https:\\\/\\\/www.vignevin.com\\\/wp-content\\\/uploads\\\/2019\\\/03\\\/IFV_EUTYPIOSE-1080x675.jpg\",\"et-pb-portfolio-image\":\"https:\\\/\\\/www.vignevin.com\\\/wp-content\\\/uploads\\\/2019\\\/03\\\/IFV_EUTYPIOSE-400x284.jpg\",\"et-pb-portfolio-module-image\":\"https:\\\/\\\/www.vignevin.com\\\/wp-content\\\/uploads\\\/2019\\\/03\\\/IFV_EUTYPIOSE-510x382.jpg\",\"et-pb-portfolio-image-single\":\"https:\\\/\\\/www.vignevin.com\\\/wp-content\\\/uploads\\\/2019\\\/03\\\/IFV_EUTYPIOSE-1080x1440.jpg\",\"et-pb-gallery-module-image-portrait\":\"https:\\\/\\\/www.vignevin.com\\\/wp-content\\\/uploads\\\/2019\\\/03\\\/IFV_EUTYPIOSE-400x516.jpg\",\"et-pb-post-main-image-fullwidth-large\":\"https:\\\/\\\/www.vignevin.com\\\/wp-content\\\/uploads\\\/2019\\\/03\\\/IFV_EUTYPIOSE-1944x1800.jpg\",\"et-pb-image--responsive--desktop\":\"https:\\\/\\\/www.vignevin.com\\\/wp-content\\\/uploads\\\/2019\\\/03\\\/IFV_EUTYPIOSE-scaled.jpg\",\"et-pb-image--responsive--tablet\":\"https:\\\/\\\/www.vignevin.com\\\/wp-content\\\/uploads\\\/2019\\\/03\\\/IFV_EUTYPIOSE-scaled.jpg\",\"et-pb-image--responsive--phone\":\"https:\\\/\\\/www.vignevin.com\\\/wp-content\\\/uploads\\\/2019\\\/03\\\/IFV_EUTYPIOSE-scaled.jpg\",\"gform-image-choice-sm\":\"https:\\\/\\\/www.vignevin.com\\\/wp-content\\\/uploads\\\/2019\\\/03\\\/IFV_EUTYPIOSE-scaled.jpg\",\"gform-image-choice-md\":\"https:\\\/\\\/www.vignevin.com\\\/wp-content\\\/uploads\\\/2019\\\/03\\\/IFV_EUTYPIOSE-scaled.jpg\",\"gform-image-choice-lg\":\"https:\\\/\\\/www.vignevin.com\\\/wp-content\\\/uploads\\\/2019\\\/03\\\/IFV_EUTYPIOSE-scaled.jpg\",\"woocommerce_thumbnail\":\"https:\\\/\\\/www.vignevin.com\\\/wp-content\\\/uploads\\\/2019\\\/03\\\/IFV_EUTYPIOSE-scaled-300x300.jpg\",\"woocommerce_single\":\"https:\\\/\\\/www.vignevin.com\\\/wp-content\\\/uploads\\\/2019\\\/03\\\/IFV_EUTYPIOSE-scaled-600x800.jpg\",\"woocommerce_gallery_thumbnail\":\"https:\\\/\\\/www.vignevin.com\\\/wp-content\\\/uploads\\\/2019\\\/03\\\/IFV_EUTYPIOSE-scaled-100x100.jpg\",\"full\":\"https:\\\/\\\/www.vignevin.com\\\/wp-content\\\/uploads\\\/2019\\\/03\\\/IFV_EUTYPIOSE-scaled.jpg\",\"index\":5,\"id\":7056,\"video\":false,\"opts\":{\"caption\":\"\",\"thumb\":\"https:\\\/\\\/www.vignevin.com\\\/wp-content\\\/uploads\\\/2019\\\/03\\\/IFV_EUTYPIOSE-scaled-75x50_c.jpg\",\"title\":\"Porteur tr&egrave;s touch&eacute; &ndash; Cordon clone 509 Bois Franc (Domaine de l&rsquo;Eclair)\"},\"gallery_id\":\"17413\"},\"7057\":{\"status\":\"active\",\"src\":\"https:\\\/\\\/www.vignevin.com\\\/wp-content\\\/uploads\\\/2019\\\/03\\\/IFV_Eutypiose1-scaled.jpg\",\"title\":\"eutypiose (Eutypa lata)\",\"link\":\"https:\\\/\\\/www.vignevin.com\\\/wp-content\\\/uploads\\\/2019\\\/03\\\/IFV_Eutypiose1.jpg\",\"alt\":\"\",\"caption\":false,\"thumb\":\"https:\\\/\\\/www.vignevin.com\\\/wp-content\\\/uploads\\\/2019\\\/03\\\/IFV_Eutypiose1-scaled-75x50_c.jpg\",\"meta\":{\"aperture\":null,\"credit\":\"Mackiewicz P.\",\"camera\":null,\"caption\":\"eutypiose (Eutypa lata)\",\"created_timestamp\":null,\"copyright\":\"IFV\",\"focal_length\":null,\"iso\":null,\"shutter_speed\":null,\"title\":\"eutypiose (Eutypa lata)\",\"orientation\":\"1\",\"keywords\":null},\"thumbnail\":\"https:\\\/\\\/www.vignevin.com\\\/wp-content\\\/uploads\\\/2019\\\/03\\\/IFV_Eutypiose1-150x150.jpg\",\"medium\":\"https:\\\/\\\/www.vignevin.com\\\/wp-content\\\/uploads\\\/2019\\\/03\\\/IFV_Eutypiose1-196x300.jpg\",\"medium_large\":\"https:\\\/\\\/www.vignevin.com\\\/wp-content\\\/uploads\\\/2019\\\/03\\\/IFV_Eutypiose1-768x1177.jpg\",\"large\":\"https:\\\/\\\/www.vignevin.com\\\/wp-content\\\/uploads\\\/2019\\\/03\\\/IFV_Eutypiose1-668x1024.jpg\",\"1536x1536\":\"https:\\\/\\\/www.vignevin.com\\\/wp-content\\\/uploads\\\/2019\\\/03\\\/IFV_Eutypiose1-scaled.jpg\",\"2048x2048\":\"https:\\\/\\\/www.vignevin.com\\\/wp-content\\\/uploads\\\/2019\\\/03\\\/IFV_Eutypiose1-scaled.jpg\",\"et-pb-post-main-image\":\"https:\\\/\\\/www.vignevin.com\\\/wp-content\\\/uploads\\\/2019\\\/03\\\/IFV_Eutypiose1-400x250.jpg\",\"et-pb-post-main-image-fullwidth\":\"https:\\\/\\\/www.vignevin.com\\\/wp-content\\\/uploads\\\/2019\\\/03\\\/IFV_Eutypiose1-1080x675.jpg\",\"et-pb-portfolio-image\":\"https:\\\/\\\/www.vignevin.com\\\/wp-content\\\/uploads\\\/2019\\\/03\\\/IFV_Eutypiose1-400x284.jpg\",\"et-pb-portfolio-module-image\":\"https:\\\/\\\/www.vignevin.com\\\/wp-content\\\/uploads\\\/2019\\\/03\\\/IFV_Eutypiose1-510x382.jpg\",\"et-pb-portfolio-image-single\":\"https:\\\/\\\/www.vignevin.com\\\/wp-content\\\/uploads\\\/2019\\\/03\\\/IFV_Eutypiose1-1080x1655.jpg\",\"et-pb-gallery-module-image-portrait\":\"https:\\\/\\\/www.vignevin.com\\\/wp-content\\\/uploads\\\/2019\\\/03\\\/IFV_Eutypiose1-400x516.jpg\",\"et-pb-post-main-image-fullwidth-large\":\"https:\\\/\\\/www.vignevin.com\\\/wp-content\\\/uploads\\\/2019\\\/03\\\/IFV_Eutypiose1-1927x1800.jpg\",\"et-pb-image--responsive--desktop\":\"https:\\\/\\\/www.vignevin.com\\\/wp-content\\\/uploads\\\/2019\\\/03\\\/IFV_Eutypiose1-scaled.jpg\",\"et-pb-image--responsive--tablet\":\"https:\\\/\\\/www.vignevin.com\\\/wp-content\\\/uploads\\\/2019\\\/03\\\/IFV_Eutypiose1-scaled.jpg\",\"et-pb-image--responsive--phone\":\"https:\\\/\\\/www.vignevin.com\\\/wp-content\\\/uploads\\\/2019\\\/03\\\/IFV_Eutypiose1-scaled.jpg\",\"gform-image-choice-sm\":\"https:\\\/\\\/www.vignevin.com\\\/wp-content\\\/uploads\\\/2019\\\/03\\\/IFV_Eutypiose1-scaled.jpg\",\"gform-image-choice-md\":\"https:\\\/\\\/www.vignevin.com\\\/wp-content\\\/uploads\\\/2019\\\/03\\\/IFV_Eutypiose1-scaled.jpg\",\"gform-image-choice-lg\":\"https:\\\/\\\/www.vignevin.com\\\/wp-content\\\/uploads\\\/2019\\\/03\\\/IFV_Eutypiose1-scaled.jpg\",\"woocommerce_thumbnail\":\"https:\\\/\\\/www.vignevin.com\\\/wp-content\\\/uploads\\\/2019\\\/03\\\/IFV_Eutypiose1-scaled-300x300.jpg\",\"woocommerce_single\":\"https:\\\/\\\/www.vignevin.com\\\/wp-content\\\/uploads\\\/2019\\\/03\\\/IFV_Eutypiose1-scaled-600x919.jpg\",\"woocommerce_gallery_thumbnail\":\"https:\\\/\\\/www.vignevin.com\\\/wp-content\\\/uploads\\\/2019\\\/03\\\/IFV_Eutypiose1-scaled-100x100.jpg\",\"full\":\"https:\\\/\\\/www.vignevin.com\\\/wp-content\\\/uploads\\\/2019\\\/03\\\/IFV_Eutypiose1-scaled.jpg\",\"index\":6,\"id\":7057,\"video\":false,\"opts\":{\"caption\":\"\",\"thumb\":\"https:\\\/\\\/www.vignevin.com\\\/wp-content\\\/uploads\\\/2019\\\/03\\\/IFV_Eutypiose1-scaled-75x50_c.jpg\",\"title\":\"eutypiose (Eutypa lata)\"},\"gallery_id\":\"17413\"},\"7058\":{\"status\":\"active\",\"src\":\"https:\\\/\\\/www.vignevin.com\\\/wp-content\\\/uploads\\\/2019\\\/03\\\/IFV_MILDIOU.jpg\",\"title\":\"Mildiou\",\"link\":\"https:\\\/\\\/www.vignevin.com\\\/wp-content\\\/uploads\\\/2019\\\/03\\\/IFV_MILDIOU.jpg\",\"alt\":\"\",\"caption\":false,\"thumb\":\"https:\\\/\\\/www.vignevin.com\\\/wp-content\\\/uploads\\\/2019\\\/03\\\/IFV_MILDIOU-75x50_c.jpg\",\"meta\":{\"aperture\":\"5.6\",\"credit\":null,\"camera\":\"E4500\",\"caption\":\"Mildiou\",\"created_timestamp\":\"1149076532\",\"copyright\":\"IFV\",\"focal_length\":\"12.6\",\"iso\":\"100\",\"shutter_speed\":\"0.0087336244541485\",\"title\":\"Mildiou\",\"orientation\":\"1\",\"keywords\":null},\"thumbnail\":\"https:\\\/\\\/www.vignevin.com\\\/wp-content\\\/uploads\\\/2019\\\/03\\\/IFV_MILDIOU-150x150.jpg\",\"medium\":\"https:\\\/\\\/www.vignevin.com\\\/wp-content\\\/uploads\\\/2019\\\/03\\\/IFV_MILDIOU-300x225.jpg\",\"medium_large\":\"https:\\\/\\\/www.vignevin.com\\\/wp-content\\\/uploads\\\/2019\\\/03\\\/IFV_MILDIOU-768x576.jpg\",\"large\":\"https:\\\/\\\/www.vignevin.com\\\/wp-content\\\/uploads\\\/2019\\\/03\\\/IFV_MILDIOU-1024x768.jpg\",\"1536x1536\":\"https:\\\/\\\/www.vignevin.com\\\/wp-content\\\/uploads\\\/2019\\\/03\\\/IFV_MILDIOU.jpg\",\"2048x2048\":\"https:\\\/\\\/www.vignevin.com\\\/wp-content\\\/uploads\\\/2019\\\/03\\\/IFV_MILDIOU.jpg\",\"et-pb-post-main-image\":\"https:\\\/\\\/www.vignevin.com\\\/wp-content\\\/uploads\\\/2019\\\/03\\\/IFV_MILDIOU-400x250.jpg\",\"et-pb-post-main-image-fullwidth\":\"https:\\\/\\\/www.vignevin.com\\\/wp-content\\\/uploads\\\/2019\\\/03\\\/IFV_MILDIOU-1080x675.jpg\",\"et-pb-portfolio-image\":\"https:\\\/\\\/www.vignevin.com\\\/wp-content\\\/uploads\\\/2019\\\/03\\\/IFV_MILDIOU-400x284.jpg\",\"et-pb-portfolio-module-image\":\"https:\\\/\\\/www.vignevin.com\\\/wp-content\\\/uploads\\\/2019\\\/03\\\/IFV_MILDIOU-510x382.jpg\",\"et-pb-portfolio-image-single\":\"https:\\\/\\\/www.vignevin.com\\\/wp-content\\\/uploads\\\/2019\\\/03\\\/IFV_MILDIOU-1080x810.jpg\",\"et-pb-gallery-module-image-portrait\":\"https:\\\/\\\/www.vignevin.com\\\/wp-content\\\/uploads\\\/2019\\\/03\\\/IFV_MILDIOU-400x516.jpg\",\"et-pb-post-main-image-fullwidth-large\":\"https:\\\/\\\/www.vignevin.com\\\/wp-content\\\/uploads\\\/2019\\\/03\\\/IFV_MILDIOU.jpg\",\"et-pb-image--responsive--desktop\":\"https:\\\/\\\/www.vignevin.com\\\/wp-content\\\/uploads\\\/2019\\\/03\\\/IFV_MILDIOU.jpg\",\"et-pb-image--responsive--tablet\":\"https:\\\/\\\/www.vignevin.com\\\/wp-content\\\/uploads\\\/2019\\\/03\\\/IFV_MILDIOU.jpg\",\"et-pb-image--responsive--phone\":\"https:\\\/\\\/www.vignevin.com\\\/wp-content\\\/uploads\\\/2019\\\/03\\\/IFV_MILDIOU.jpg\",\"gform-image-choice-sm\":\"https:\\\/\\\/www.vignevin.com\\\/wp-content\\\/uploads\\\/2019\\\/03\\\/IFV_MILDIOU.jpg\",\"gform-image-choice-md\":\"https:\\\/\\\/www.vignevin.com\\\/wp-content\\\/uploads\\\/2019\\\/03\\\/IFV_MILDIOU.jpg\",\"gform-image-choice-lg\":\"https:\\\/\\\/www.vignevin.com\\\/wp-content\\\/uploads\\\/2019\\\/03\\\/IFV_MILDIOU.jpg\",\"woocommerce_thumbnail\":\"https:\\\/\\\/www.vignevin.com\\\/wp-content\\\/uploads\\\/2019\\\/03\\\/IFV_MILDIOU-300x300.jpg\",\"woocommerce_single\":\"https:\\\/\\\/www.vignevin.com\\\/wp-content\\\/uploads\\\/2019\\\/03\\\/IFV_MILDIOU-600x450.jpg\",\"woocommerce_gallery_thumbnail\":\"https:\\\/\\\/www.vignevin.com\\\/wp-content\\\/uploads\\\/2019\\\/03\\\/IFV_MILDIOU-100x100.jpg\",\"full\":\"https:\\\/\\\/www.vignevin.com\\\/wp-content\\\/uploads\\\/2019\\\/03\\\/IFV_MILDIOU.jpg\",\"index\":7,\"id\":7058,\"video\":false,\"opts\":{\"caption\":\"\",\"thumb\":\"https:\\\/\\\/www.vignevin.com\\\/wp-content\\\/uploads\\\/2019\\\/03\\\/IFV_MILDIOU-75x50_c.jpg\",\"title\":\"Mildiou\"},\"gallery_id\":\"17413\"},\"7059\":{\"status\":\"active\",\"src\":\"https:\\\/\\\/www.vignevin.com\\\/wp-content\\\/uploads\\\/2019\\\/03\\\/Mildiou-scaled.jpg\",\"title\":\"Mildiou sur feuille\",\"link\":\"https:\\\/\\\/www.vignevin.com\\\/wp-content\\\/uploads\\\/2019\\\/03\\\/Mildiou.jpg\",\"alt\":\"\",\"caption\":false,\"thumb\":\"https:\\\/\\\/www.vignevin.com\\\/wp-content\\\/uploads\\\/2019\\\/03\\\/Mildiou-scaled-75x50_c.jpg\",\"meta\":{\"aperture\":null,\"credit\":\"Mackiewicz P.\",\"camera\":null,\"caption\":\"Mildiou sur feuille\",\"created_timestamp\":null,\"copyright\":\"IFV\",\"focal_length\":null,\"iso\":null,\"shutter_speed\":null,\"title\":\"Mildiou sur feuille\",\"orientation\":\"1\",\"keywords\":null},\"thumbnail\":\"https:\\\/\\\/www.vignevin.com\\\/wp-content\\\/uploads\\\/2019\\\/03\\\/Mildiou-150x150.jpg\",\"medium\":\"https:\\\/\\\/www.vignevin.com\\\/wp-content\\\/uploads\\\/2019\\\/03\\\/Mildiou-300x196.jpg\",\"medium_large\":\"https:\\\/\\\/www.vignevin.com\\\/wp-content\\\/uploads\\\/2019\\\/03\\\/Mildiou-768x501.jpg\",\"large\":\"https:\\\/\\\/www.vignevin.com\\\/wp-content\\\/uploads\\\/2019\\\/03\\\/Mildiou-1024x668.jpg\",\"1536x1536\":\"https:\\\/\\\/www.vignevin.com\\\/wp-content\\\/uploads\\\/2019\\\/03\\\/Mildiou-scaled.jpg\",\"2048x2048\":\"https:\\\/\\\/www.vignevin.com\\\/wp-content\\\/uploads\\\/2019\\\/03\\\/Mildiou-scaled.jpg\",\"et-pb-post-main-image\":\"https:\\\/\\\/www.vignevin.com\\\/wp-content\\\/uploads\\\/2019\\\/03\\\/Mildiou-400x250.jpg\",\"et-pb-post-main-image-fullwidth\":\"https:\\\/\\\/www.vignevin.com\\\/wp-content\\\/uploads\\\/2019\\\/03\\\/Mildiou-1080x675.jpg\",\"et-pb-portfolio-image\":\"https:\\\/\\\/www.vignevin.com\\\/wp-content\\\/uploads\\\/2019\\\/03\\\/Mildiou-400x284.jpg\",\"et-pb-portfolio-module-image\":\"https:\\\/\\\/www.vignevin.com\\\/wp-content\\\/uploads\\\/2019\\\/03\\\/Mildiou-510x382.jpg\",\"et-pb-portfolio-image-single\":\"https:\\\/\\\/www.vignevin.com\\\/wp-content\\\/uploads\\\/2019\\\/03\\\/Mildiou-1080x705.jpg\",\"et-pb-gallery-module-image-portrait\":\"https:\\\/\\\/www.vignevin.com\\\/wp-content\\\/uploads\\\/2019\\\/03\\\/Mildiou-400x516.jpg\",\"et-pb-post-main-image-fullwidth-large\":\"https:\\\/\\\/www.vignevin.com\\\/wp-content\\\/uploads\\\/2019\\\/03\\\/Mildiou-2880x1800.jpg\",\"et-pb-image--responsive--desktop\":\"https:\\\/\\\/www.vignevin.com\\\/wp-content\\\/uploads\\\/2019\\\/03\\\/Mildiou-scaled.jpg\",\"et-pb-image--responsive--tablet\":\"https:\\\/\\\/www.vignevin.com\\\/wp-content\\\/uploads\\\/2019\\\/03\\\/Mildiou-scaled.jpg\",\"et-pb-image--responsive--phone\":\"https:\\\/\\\/www.vignevin.com\\\/wp-content\\\/uploads\\\/2019\\\/03\\\/Mildiou-scaled.jpg\",\"gform-image-choice-sm\":\"https:\\\/\\\/www.vignevin.com\\\/wp-content\\\/uploads\\\/2019\\\/03\\\/Mildiou-scaled.jpg\",\"gform-image-choice-md\":\"https:\\\/\\\/www.vignevin.com\\\/wp-content\\\/uploads\\\/2019\\\/03\\\/Mildiou-scaled.jpg\",\"gform-image-choice-lg\":\"https:\\\/\\\/www.vignevin.com\\\/wp-content\\\/uploads\\\/2019\\\/03\\\/Mildiou-scaled.jpg\",\"woocommerce_thumbnail\":\"https:\\\/\\\/www.vignevin.com\\\/wp-content\\\/uploads\\\/2019\\\/03\\\/Mildiou-scaled-300x300.jpg\",\"woocommerce_single\":\"https:\\\/\\\/www.vignevin.com\\\/wp-content\\\/uploads\\\/2019\\\/03\\\/Mildiou-scaled-600x391.jpg\",\"woocommerce_gallery_thumbnail\":\"https:\\\/\\\/www.vignevin.com\\\/wp-content\\\/uploads\\\/2019\\\/03\\\/Mildiou-scaled-100x100.jpg\",\"full\":\"https:\\\/\\\/www.vignevin.com\\\/wp-content\\\/uploads\\\/2019\\\/03\\\/Mildiou-scaled.jpg\",\"index\":8,\"id\":7059,\"video\":false,\"opts\":{\"caption\":\"\",\"thumb\":\"https:\\\/\\\/www.vignevin.com\\\/wp-content\\\/uploads\\\/2019\\\/03\\\/Mildiou-scaled-75x50_c.jpg\",\"title\":\"Mildiou sur feuille\"},\"gallery_id\":\"17413\"},\"7060\":{\"status\":\"active\",\"src\":\"https:\\\/\\\/www.vignevin.com\\\/wp-content\\\/uploads\\\/2019\\\/03\\\/PIED_NOIR_4.jpg\",\"title\":\"PIED_NOIR_4\",\"link\":\"https:\\\/\\\/www.vignevin.com\\\/wp-content\\\/uploads\\\/2019\\\/03\\\/PIED_NOIR_4.jpg\",\"alt\":\"\",\"caption\":false,\"thumb\":\"https:\\\/\\\/www.vignevin.com\\\/wp-content\\\/uploads\\\/2019\\\/03\\\/PIED_NOIR_4-75x50_c.jpg\",\"meta\":{\"aperture\":null,\"credit\":null,\"camera\":null,\"caption\":\"\",\"created_timestamp\":null,\"copyright\":null,\"focal_length\":null,\"iso\":null,\"shutter_speed\":null,\"title\":\"\",\"orientation\":null,\"keywords\":null},\"thumbnail\":\"https:\\\/\\\/www.vignevin.com\\\/wp-content\\\/uploads\\\/2019\\\/03\\\/PIED_NOIR_4-150x150.jpg\",\"medium\":\"https:\\\/\\\/www.vignevin.com\\\/wp-content\\\/uploads\\\/2019\\\/03\\\/PIED_NOIR_4-197x300.jpg\",\"medium_large\":\"https:\\\/\\\/www.vignevin.com\\\/wp-content\\\/uploads\\\/2019\\\/03\\\/PIED_NOIR_4.jpg\",\"large\":\"https:\\\/\\\/www.vignevin.com\\\/wp-content\\\/uploads\\\/2019\\\/03\\\/PIED_NOIR_4.jpg\",\"1536x1536\":\"https:\\\/\\\/www.vignevin.com\\\/wp-content\\\/uploads\\\/2019\\\/03\\\/PIED_NOIR_4.jpg\",\"2048x2048\":\"https:\\\/\\\/www.vignevin.com\\\/wp-content\\\/uploads\\\/2019\\\/03\\\/PIED_NOIR_4.jpg\",\"et-pb-post-main-image\":\"https:\\\/\\\/www.vignevin.com\\\/wp-content\\\/uploads\\\/2019\\\/03\\\/PIED_NOIR_4-255x250.jpg\",\"et-pb-post-main-image-fullwidth\":\"https:\\\/\\\/www.vignevin.com\\\/wp-content\\\/uploads\\\/2019\\\/03\\\/PIED_NOIR_4.jpg\",\"et-pb-portfolio-image\":\"https:\\\/\\\/www.vignevin.com\\\/wp-content\\\/uploads\\\/2019\\\/03\\\/PIED_NOIR_4-255x284.jpg\",\"et-pb-portfolio-module-image\":\"https:\\\/\\\/www.vignevin.com\\\/wp-content\\\/uploads\\\/2019\\\/03\\\/PIED_NOIR_4-255x382.jpg\",\"et-pb-portfolio-image-single\":\"https:\\\/\\\/www.vignevin.com\\\/wp-content\\\/uploads\\\/2019\\\/03\\\/PIED_NOIR_4.jpg\",\"et-pb-gallery-module-image-portrait\":\"https:\\\/\\\/www.vignevin.com\\\/wp-content\\\/uploads\\\/2019\\\/03\\\/PIED_NOIR_4.jpg\",\"et-pb-post-main-image-fullwidth-large\":\"https:\\\/\\\/www.vignevin.com\\\/wp-content\\\/uploads\\\/2019\\\/03\\\/PIED_NOIR_4.jpg\",\"et-pb-image--responsive--desktop\":\"https:\\\/\\\/www.vignevin.com\\\/wp-content\\\/uploads\\\/2019\\\/03\\\/PIED_NOIR_4.jpg\",\"et-pb-image--responsive--tablet\":\"https:\\\/\\\/www.vignevin.com\\\/wp-content\\\/uploads\\\/2019\\\/03\\\/PIED_NOIR_4.jpg\",\"et-pb-image--responsive--phone\":\"https:\\\/\\\/www.vignevin.com\\\/wp-content\\\/uploads\\\/2019\\\/03\\\/PIED_NOIR_4.jpg\",\"gform-image-choice-sm\":\"https:\\\/\\\/www.vignevin.com\\\/wp-content\\\/uploads\\\/2019\\\/03\\\/PIED_NOIR_4.jpg\",\"gform-image-choice-md\":\"https:\\\/\\\/www.vignevin.com\\\/wp-content\\\/uploads\\\/2019\\\/03\\\/PIED_NOIR_4.jpg\",\"gform-image-choice-lg\":\"https:\\\/\\\/www.vignevin.com\\\/wp-content\\\/uploads\\\/2019\\\/03\\\/PIED_NOIR_4.jpg\",\"woocommerce_thumbnail\":\"https:\\\/\\\/www.vignevin.com\\\/wp-content\\\/uploads\\\/2019\\\/03\\\/PIED_NOIR_4-255x300.jpg\",\"woocommerce_single\":\"https:\\\/\\\/www.vignevin.com\\\/wp-content\\\/uploads\\\/2019\\\/03\\\/PIED_NOIR_4.jpg\",\"woocommerce_gallery_thumbnail\":\"https:\\\/\\\/www.vignevin.com\\\/wp-content\\\/uploads\\\/2019\\\/03\\\/PIED_NOIR_4-100x100.jpg\",\"full\":\"https:\\\/\\\/www.vignevin.com\\\/wp-content\\\/uploads\\\/2019\\\/03\\\/PIED_NOIR_4.jpg\",\"index\":9,\"id\":7060,\"video\":false,\"opts\":{\"caption\":\"\",\"thumb\":\"https:\\\/\\\/www.vignevin.com\\\/wp-content\\\/uploads\\\/2019\\\/03\\\/PIED_NOIR_4-75x50_c.jpg\",\"title\":\"PIED_NOIR_4\"},\"gallery_id\":\"17413\"},\"9876\":{\"status\":\"active\",\"src\":\"https:\\\/\\\/www.vignevin.com\\\/wp-content\\\/uploads\\\/2019\\\/03\\\/D\u00e9p\u00e9rissement-de-la-Syrah-rougissements-caract\u00e9ristiques.jpg\",\"title\":\"OLYMPUS DIGITAL CAMERA\",\"link\":\"https:\\\/\\\/www.vignevin.com\\\/wp-content\\\/uploads\\\/2019\\\/03\\\/D\u00e9p\u00e9rissement-de-la-Syrah-rougissements-caract\u00e9ristiques.jpg\",\"alt\":\"\",\"caption\":\"OLYMPUS DIGITAL CAMERA\",\"thumb\":\"https:\\\/\\\/www.vignevin.com\\\/wp-content\\\/uploads\\\/2019\\\/03\\\/D\u00e9p\u00e9rissement-de-la-Syrah-rougissements-caract\u00e9ristiques-75x50_c.jpg\",\"meta\":{\"aperture\":\"4\",\"credit\":null,\"camera\":\"C-5000Z\",\"caption\":\"OLYMPUS DIGITAL CAMERA\",\"created_timestamp\":\"1222360910\",\"copyright\":null,\"focal_length\":\"7.8\",\"iso\":\"50\",\"shutter_speed\":\"0.033333333333333\",\"title\":\"OLYMPUS DIGITAL CAMERA\",\"orientation\":\"1\",\"keywords\":null},\"thumbnail\":\"https:\\\/\\\/www.vignevin.com\\\/wp-content\\\/uploads\\\/2019\\\/03\\\/D\u00e9p\u00e9rissement-de-la-Syrah-rougissements-caract\u00e9ristiques-150x150.jpg\",\"medium\":\"https:\\\/\\\/www.vignevin.com\\\/wp-content\\\/uploads\\\/2019\\\/03\\\/D\u00e9p\u00e9rissement-de-la-Syrah-rougissements-caract\u00e9ristiques-300x225.jpg\",\"medium_large\":\"https:\\\/\\\/www.vignevin.com\\\/wp-content\\\/uploads\\\/2019\\\/03\\\/D\u00e9p\u00e9rissement-de-la-Syrah-rougissements-caract\u00e9ristiques-768x576.jpg\",\"large\":\"https:\\\/\\\/www.vignevin.com\\\/wp-content\\\/uploads\\\/2019\\\/03\\\/D\u00e9p\u00e9rissement-de-la-Syrah-rougissements-caract\u00e9ristiques-1024x768.jpg\",\"1536x1536\":\"https:\\\/\\\/www.vignevin.com\\\/wp-content\\\/uploads\\\/2019\\\/03\\\/D\u00e9p\u00e9rissement-de-la-Syrah-rougissements-caract\u00e9ristiques.jpg\",\"2048x2048\":\"https:\\\/\\\/www.vignevin.com\\\/wp-content\\\/uploads\\\/2019\\\/03\\\/D\u00e9p\u00e9rissement-de-la-Syrah-rougissements-caract\u00e9ristiques.jpg\",\"et-pb-post-main-image\":\"https:\\\/\\\/www.vignevin.com\\\/wp-content\\\/uploads\\\/2019\\\/03\\\/D\u00e9p\u00e9rissement-de-la-Syrah-rougissements-caract\u00e9ristiques-400x250.jpg\",\"et-pb-post-main-image-fullwidth\":\"https:\\\/\\\/www.vignevin.com\\\/wp-content\\\/uploads\\\/2019\\\/03\\\/D\u00e9p\u00e9rissement-de-la-Syrah-rougissements-caract\u00e9ristiques-1080x675.jpg\",\"et-pb-portfolio-image\":\"https:\\\/\\\/www.vignevin.com\\\/wp-content\\\/uploads\\\/2019\\\/03\\\/D\u00e9p\u00e9rissement-de-la-Syrah-rougissements-caract\u00e9ristiques-400x284.jpg\",\"et-pb-portfolio-module-image\":\"https:\\\/\\\/www.vignevin.com\\\/wp-content\\\/uploads\\\/2019\\\/03\\\/D\u00e9p\u00e9rissement-de-la-Syrah-rougissements-caract\u00e9ristiques-510x382.jpg\",\"et-pb-portfolio-image-single\":\"https:\\\/\\\/www.vignevin.com\\\/wp-content\\\/uploads\\\/2019\\\/03\\\/D\u00e9p\u00e9rissement-de-la-Syrah-rougissements-caract\u00e9ristiques-1080x810.jpg\",\"et-pb-gallery-module-image-portrait\":\"https:\\\/\\\/www.vignevin.com\\\/wp-content\\\/uploads\\\/2019\\\/03\\\/D\u00e9p\u00e9rissement-de-la-Syrah-rougissements-caract\u00e9ristiques-400x516.jpg\",\"et-pb-post-main-image-fullwidth-large\":\"https:\\\/\\\/www.vignevin.com\\\/wp-content\\\/uploads\\\/2019\\\/03\\\/D\u00e9p\u00e9rissement-de-la-Syrah-rougissements-caract\u00e9ristiques.jpg\",\"et-pb-image--responsive--desktop\":\"https:\\\/\\\/www.vignevin.com\\\/wp-content\\\/uploads\\\/2019\\\/03\\\/D\u00e9p\u00e9rissement-de-la-Syrah-rougissements-caract\u00e9ristiques.jpg\",\"et-pb-image--responsive--tablet\":\"https:\\\/\\\/www.vignevin.com\\\/wp-content\\\/uploads\\\/2019\\\/03\\\/D\u00e9p\u00e9rissement-de-la-Syrah-rougissements-caract\u00e9ristiques.jpg\",\"et-pb-image--responsive--phone\":\"https:\\\/\\\/www.vignevin.com\\\/wp-content\\\/uploads\\\/2019\\\/03\\\/D\u00e9p\u00e9rissement-de-la-Syrah-rougissements-caract\u00e9ristiques.jpg\",\"gform-image-choice-sm\":\"https:\\\/\\\/www.vignevin.com\\\/wp-content\\\/uploads\\\/2019\\\/03\\\/D\u00e9p\u00e9rissement-de-la-Syrah-rougissements-caract\u00e9ristiques.jpg\",\"gform-image-choice-md\":\"https:\\\/\\\/www.vignevin.com\\\/wp-content\\\/uploads\\\/2019\\\/03\\\/D\u00e9p\u00e9rissement-de-la-Syrah-rougissements-caract\u00e9ristiques.jpg\",\"gform-image-choice-lg\":\"https:\\\/\\\/www.vignevin.com\\\/wp-content\\\/uploads\\\/2019\\\/03\\\/D\u00e9p\u00e9rissement-de-la-Syrah-rougissements-caract\u00e9ristiques.jpg\",\"woocommerce_thumbnail\":\"https:\\\/\\\/www.vignevin.com\\\/wp-content\\\/uploads\\\/2019\\\/03\\\/D\u00e9p\u00e9rissement-de-la-Syrah-rougissements-caract\u00e9ristiques-300x300.jpg\",\"woocommerce_single\":\"https:\\\/\\\/www.vignevin.com\\\/wp-content\\\/uploads\\\/2019\\\/03\\\/D\u00e9p\u00e9rissement-de-la-Syrah-rougissements-caract\u00e9ristiques-600x450.jpg\",\"woocommerce_gallery_thumbnail\":\"https:\\\/\\\/www.vignevin.com\\\/wp-content\\\/uploads\\\/2019\\\/03\\\/D\u00e9p\u00e9rissement-de-la-Syrah-rougissements-caract\u00e9ristiques-100x100.jpg\",\"full\":\"https:\\\/\\\/www.vignevin.com\\\/wp-content\\\/uploads\\\/2019\\\/03\\\/D\u00e9p\u00e9rissement-de-la-Syrah-rougissements-caract\u00e9ristiques.jpg\",\"index\":10,\"id\":9876,\"video\":false,\"opts\":{\"caption\":\"OLYMPUS DIGITAL CAMERA\",\"thumb\":\"https:\\\/\\\/www.vignevin.com\\\/wp-content\\\/uploads\\\/2019\\\/03\\\/D\u00e9p\u00e9rissement-de-la-Syrah-rougissements-caract\u00e9ristiques-75x50_c.jpg\",\"title\":\"OLYMPUS DIGITAL CAMERA\"},\"gallery_id\":\"17413\"},\"9877\":{\"status\":\"active\",\"src\":\"https:\\\/\\\/www.vignevin.com\\\/wp-content\\\/uploads\\\/2019\\\/03\\\/Red-Blotch-sur-Gamay-souche-saine-et-atteinte.jpg\",\"title\":\"Red Blotch sur Gamay souche saine et atteinte\",\"link\":\"https:\\\/\\\/www.vignevin.com\\\/wp-content\\\/uploads\\\/2019\\\/03\\\/Red-Blotch-sur-Gamay-souche-saine-et-atteinte.jpg\",\"alt\":\"\",\"caption\":false,\"thumb\":\"https:\\\/\\\/www.vignevin.com\\\/wp-content\\\/uploads\\\/2019\\\/03\\\/Red-Blotch-sur-Gamay-souche-saine-et-atteinte-75x50_c.jpg\",\"meta\":{\"aperture\":null,\"credit\":null,\"camera\":null,\"caption\":\"\",\"created_timestamp\":null,\"copyright\":null,\"focal_length\":null,\"iso\":null,\"shutter_speed\":null,\"title\":\"\",\"orientation\":null,\"keywords\":null},\"thumbnail\":\"https:\\\/\\\/www.vignevin.com\\\/wp-content\\\/uploads\\\/2019\\\/03\\\/Red-Blotch-sur-Gamay-souche-saine-et-atteinte-150x150.jpg\",\"medium\":\"https:\\\/\\\/www.vignevin.com\\\/wp-content\\\/uploads\\\/2019\\\/03\\\/Red-Blotch-sur-Gamay-souche-saine-et-atteinte-166x300.jpg\",\"medium_large\":\"https:\\\/\\\/www.vignevin.com\\\/wp-content\\\/uploads\\\/2019\\\/03\\\/Red-Blotch-sur-Gamay-souche-saine-et-atteinte.jpg\",\"large\":\"https:\\\/\\\/www.vignevin.com\\\/wp-content\\\/uploads\\\/2019\\\/03\\\/Red-Blotch-sur-Gamay-souche-saine-et-atteinte.jpg\",\"1536x1536\":\"https:\\\/\\\/www.vignevin.com\\\/wp-content\\\/uploads\\\/2019\\\/03\\\/Red-Blotch-sur-Gamay-souche-saine-et-atteinte.jpg\",\"2048x2048\":\"https:\\\/\\\/www.vignevin.com\\\/wp-content\\\/uploads\\\/2019\\\/03\\\/Red-Blotch-sur-Gamay-souche-saine-et-atteinte.jpg\",\"et-pb-post-main-image\":\"https:\\\/\\\/www.vignevin.com\\\/wp-content\\\/uploads\\\/2019\\\/03\\\/Red-Blotch-sur-Gamay-souche-saine-et-atteinte-325x250.jpg\",\"et-pb-post-main-image-fullwidth\":\"https:\\\/\\\/www.vignevin.com\\\/wp-content\\\/uploads\\\/2019\\\/03\\\/Red-Blotch-sur-Gamay-souche-saine-et-atteinte.jpg\",\"et-pb-portfolio-image\":\"https:\\\/\\\/www.vignevin.com\\\/wp-content\\\/uploads\\\/2019\\\/03\\\/Red-Blotch-sur-Gamay-souche-saine-et-atteinte-325x284.jpg\",\"et-pb-portfolio-module-image\":\"https:\\\/\\\/www.vignevin.com\\\/wp-content\\\/uploads\\\/2019\\\/03\\\/Red-Blotch-sur-Gamay-souche-saine-et-atteinte-325x382.jpg\",\"et-pb-portfolio-image-single\":\"https:\\\/\\\/www.vignevin.com\\\/wp-content\\\/uploads\\\/2019\\\/03\\\/Red-Blotch-sur-Gamay-souche-saine-et-atteinte.jpg\",\"et-pb-gallery-module-image-portrait\":\"https:\\\/\\\/www.vignevin.com\\\/wp-content\\\/uploads\\\/2019\\\/03\\\/Red-Blotch-sur-Gamay-souche-saine-et-atteinte-325x516.jpg\",\"et-pb-post-main-image-fullwidth-large\":\"https:\\\/\\\/www.vignevin.com\\\/wp-content\\\/uploads\\\/2019\\\/03\\\/Red-Blotch-sur-Gamay-souche-saine-et-atteinte.jpg\",\"et-pb-image--responsive--desktop\":\"https:\\\/\\\/www.vignevin.com\\\/wp-content\\\/uploads\\\/2019\\\/03\\\/Red-Blotch-sur-Gamay-souche-saine-et-atteinte.jpg\",\"et-pb-image--responsive--tablet\":\"https:\\\/\\\/www.vignevin.com\\\/wp-content\\\/uploads\\\/2019\\\/03\\\/Red-Blotch-sur-Gamay-souche-saine-et-atteinte.jpg\",\"et-pb-image--responsive--phone\":\"https:\\\/\\\/www.vignevin.com\\\/wp-content\\\/uploads\\\/2019\\\/03\\\/Red-Blotch-sur-Gamay-souche-saine-et-atteinte.jpg\",\"gform-image-choice-sm\":\"https:\\\/\\\/www.vignevin.com\\\/wp-content\\\/uploads\\\/2019\\\/03\\\/Red-Blotch-sur-Gamay-souche-saine-et-atteinte.jpg\",\"gform-image-choice-md\":\"https:\\\/\\\/www.vignevin.com\\\/wp-content\\\/uploads\\\/2019\\\/03\\\/Red-Blotch-sur-Gamay-souche-saine-et-atteinte.jpg\",\"gform-image-choice-lg\":\"https:\\\/\\\/www.vignevin.com\\\/wp-content\\\/uploads\\\/2019\\\/03\\\/Red-Blotch-sur-Gamay-souche-saine-et-atteinte.jpg\",\"woocommerce_thumbnail\":\"https:\\\/\\\/www.vignevin.com\\\/wp-content\\\/uploads\\\/2019\\\/03\\\/Red-Blotch-sur-Gamay-souche-saine-et-atteinte-300x300.jpg\",\"woocommerce_single\":\"https:\\\/\\\/www.vignevin.com\\\/wp-content\\\/uploads\\\/2019\\\/03\\\/Red-Blotch-sur-Gamay-souche-saine-et-atteinte.jpg\",\"woocommerce_gallery_thumbnail\":\"https:\\\/\\\/www.vignevin.com\\\/wp-content\\\/uploads\\\/2019\\\/03\\\/Red-Blotch-sur-Gamay-souche-saine-et-atteinte-100x100.jpg\",\"full\":\"https:\\\/\\\/www.vignevin.com\\\/wp-content\\\/uploads\\\/2019\\\/03\\\/Red-Blotch-sur-Gamay-souche-saine-et-atteinte.jpg\",\"index\":11,\"id\":9877,\"video\":false,\"opts\":{\"caption\":\"\",\"thumb\":\"https:\\\/\\\/www.vignevin.com\\\/wp-content\\\/uploads\\\/2019\\\/03\\\/Red-Blotch-sur-Gamay-souche-saine-et-atteinte-75x50_c.jpg\",\"title\":\"Red Blotch sur Gamay souche saine et atteinte\"},\"gallery_id\":\"17413\"},\"9878\":{\"status\":\"active\",\"src\":\"https:\\\/\\\/www.vignevin.com\\\/wp-content\\\/uploads\\\/2019\\\/03\\\/Sympt\u00f4mes-de-bois-noir-sur-Chardonnay.jpg\",\"title\":\"OLYMPUS DIGITAL CAMERA\",\"link\":\"https:\\\/\\\/www.vignevin.com\\\/wp-content\\\/uploads\\\/2019\\\/03\\\/Sympt\u00f4mes-de-bois-noir-sur-Chardonnay.jpg\",\"alt\":\"\",\"caption\":\"OLYMPUS DIGITAL CAMERA\",\"thumb\":{\"errors\":{\"envira-gallery-error-no-file\":[\"No file could be found for the image URL specified.\"]},\"error_data\":[]},\"meta\":{\"aperture\":\"2.8\",\"credit\":null,\"camera\":\"C-5000Z\",\"caption\":\"OLYMPUS DIGITAL CAMERA\",\"created_timestamp\":\"1189508456\",\"copyright\":null,\"focal_length\":\"7.8\",\"iso\":\"50\",\"shutter_speed\":\"0.003125\",\"title\":\"OLYMPUS DIGITAL CAMERA\",\"orientation\":\"1\",\"keywords\":null},\"thumbnail\":\"https:\\\/\\\/www.vignevin.com\\\/wp-content\\\/uploads\\\/2019\\\/03\\\/Sympt\u00f4mes-de-bois-noir-sur-Chardonnay-150x150.jpg\",\"medium\":\"https:\\\/\\\/www.vignevin.com\\\/wp-content\\\/uploads\\\/2019\\\/03\\\/Sympt\u00f4mes-de-bois-noir-sur-Chardonnay-225x300.jpg\",\"medium_large\":\"https:\\\/\\\/www.vignevin.com\\\/wp-content\\\/uploads\\\/2019\\\/03\\\/Sympt\u00f4mes-de-bois-noir-sur-Chardonnay-768x1024.jpg\",\"large\":\"https:\\\/\\\/www.vignevin.com\\\/wp-content\\\/uploads\\\/2019\\\/03\\\/Sympt\u00f4mes-de-bois-noir-sur-Chardonnay-768x1024.jpg\",\"1536x1536\":\"https:\\\/\\\/www.vignevin.com\\\/wp-content\\\/uploads\\\/2019\\\/03\\\/Sympt\u00f4mes-de-bois-noir-sur-Chardonnay.jpg\",\"2048x2048\":\"https:\\\/\\\/www.vignevin.com\\\/wp-content\\\/uploads\\\/2019\\\/03\\\/Sympt\u00f4mes-de-bois-noir-sur-Chardonnay.jpg\",\"et-pb-post-main-image\":\"https:\\\/\\\/www.vignevin.com\\\/wp-content\\\/uploads\\\/2019\\\/03\\\/Sympt\u00f4mes-de-bois-noir-sur-Chardonnay-400x250.jpg\",\"et-pb-post-main-image-fullwidth\":\"https:\\\/\\\/www.vignevin.com\\\/wp-content\\\/uploads\\\/2019\\\/03\\\/Sympt\u00f4mes-de-bois-noir-sur-Chardonnay-1080x675.jpg\",\"et-pb-portfolio-image\":\"https:\\\/\\\/www.vignevin.com\\\/wp-content\\\/uploads\\\/2019\\\/03\\\/Sympt\u00f4mes-de-bois-noir-sur-Chardonnay-400x284.jpg\",\"et-pb-portfolio-module-image\":\"https:\\\/\\\/www.vignevin.com\\\/wp-content\\\/uploads\\\/2019\\\/03\\\/Sympt\u00f4mes-de-bois-noir-sur-Chardonnay-510x382.jpg\",\"et-pb-portfolio-image-single\":\"https:\\\/\\\/www.vignevin.com\\\/wp-content\\\/uploads\\\/2019\\\/03\\\/Sympt\u00f4mes-de-bois-noir-sur-Chardonnay-1080x1440.jpg\",\"et-pb-gallery-module-image-portrait\":\"https:\\\/\\\/www.vignevin.com\\\/wp-content\\\/uploads\\\/2019\\\/03\\\/Sympt\u00f4mes-de-bois-noir-sur-Chardonnay-400x516.jpg\",\"et-pb-post-main-image-fullwidth-large\":\"https:\\\/\\\/www.vignevin.com\\\/wp-content\\\/uploads\\\/2019\\\/03\\\/Sympt\u00f4mes-de-bois-noir-sur-Chardonnay.jpg\",\"et-pb-image--responsive--desktop\":\"https:\\\/\\\/www.vignevin.com\\\/wp-content\\\/uploads\\\/2019\\\/03\\\/Sympt\u00f4mes-de-bois-noir-sur-Chardonnay.jpg\",\"et-pb-image--responsive--tablet\":\"https:\\\/\\\/www.vignevin.com\\\/wp-content\\\/uploads\\\/2019\\\/03\\\/Sympt\u00f4mes-de-bois-noir-sur-Chardonnay.jpg\",\"et-pb-image--responsive--phone\":\"https:\\\/\\\/www.vignevin.com\\\/wp-content\\\/uploads\\\/2019\\\/03\\\/Sympt\u00f4mes-de-bois-noir-sur-Chardonnay.jpg\",\"gform-image-choice-sm\":\"https:\\\/\\\/www.vignevin.com\\\/wp-content\\\/uploads\\\/2019\\\/03\\\/Sympt\u00f4mes-de-bois-noir-sur-Chardonnay.jpg\",\"gform-image-choice-md\":\"https:\\\/\\\/www.vignevin.com\\\/wp-content\\\/uploads\\\/2019\\\/03\\\/Sympt\u00f4mes-de-bois-noir-sur-Chardonnay.jpg\",\"gform-image-choice-lg\":\"https:\\\/\\\/www.vignevin.com\\\/wp-content\\\/uploads\\\/2019\\\/03\\\/Sympt\u00f4mes-de-bois-noir-sur-Chardonnay.jpg\",\"woocommerce_thumbnail\":\"https:\\\/\\\/www.vignevin.com\\\/wp-content\\\/uploads\\\/2019\\\/03\\\/Sympt\u00f4mes-de-bois-noir-sur-Chardonnay-300x300.jpg\",\"woocommerce_single\":\"https:\\\/\\\/www.vignevin.com\\\/wp-content\\\/uploads\\\/2019\\\/03\\\/Sympt\u00f4mes-de-bois-noir-sur-Chardonnay-600x800.jpg\",\"woocommerce_gallery_thumbnail\":\"https:\\\/\\\/www.vignevin.com\\\/wp-content\\\/uploads\\\/2019\\\/03\\\/Sympt\u00f4mes-de-bois-noir-sur-Chardonnay-100x100.jpg\",\"full\":\"https:\\\/\\\/www.vignevin.com\\\/wp-content\\\/uploads\\\/2019\\\/03\\\/Sympt\u00f4mes-de-bois-noir-sur-Chardonnay.jpg\",\"index\":12,\"id\":9878,\"video\":false,\"opts\":{\"caption\":\"OLYMPUS DIGITAL CAMERA\",\"thumb\":{\"errors\":{\"envira-gallery-error-no-file\":[\"No file could be found for the image URL specified.\"]},\"error_data\":[]},\"title\":\"OLYMPUS DIGITAL CAMERA\"},\"gallery_id\":\"17413\"},\"9879\":{\"status\":\"active\",\"src\":\"https:\\\/\\\/www.vignevin.com\\\/wp-content\\\/uploads\\\/2019\\\/03\\\/Sympt\u00f4mes-de-bois-noir-sur-Gamay-coloration-foliaire-caract\u00e9ristique.jpg\",\"title\":\"OLYMPUS DIGITAL CAMERA\",\"link\":\"https:\\\/\\\/www.vignevin.com\\\/wp-content\\\/uploads\\\/2019\\\/03\\\/Sympt\u00f4mes-de-bois-noir-sur-Gamay-coloration-foliaire-caract\u00e9ristique.jpg\",\"alt\":\"\",\"caption\":\"OLYMPUS DIGITAL CAMERA\",\"thumb\":{\"errors\":{\"envira-gallery-error-no-file\":[\"No file could be found for the image URL specified.\"]},\"error_data\":[]},\"meta\":{\"aperture\":\"2.8\",\"credit\":null,\"camera\":\"C-5000Z\",\"caption\":\"OLYMPUS DIGITAL CAMERA\",\"created_timestamp\":\"1191413225\",\"copyright\":null,\"focal_length\":\"7.8\",\"iso\":\"50\",\"shutter_speed\":\"0.01\",\"title\":\"OLYMPUS DIGITAL CAMERA\",\"orientation\":\"1\",\"keywords\":null},\"thumbnail\":\"https:\\\/\\\/www.vignevin.com\\\/wp-content\\\/uploads\\\/2019\\\/03\\\/Sympt\u00f4mes-de-bois-noir-sur-Gamay-coloration-foliaire-caract\u00e9ristique-150x150.jpg\",\"medium\":\"https:\\\/\\\/www.vignevin.com\\\/wp-content\\\/uploads\\\/2019\\\/03\\\/Sympt\u00f4mes-de-bois-noir-sur-Gamay-coloration-foliaire-caract\u00e9ristique-225x300.jpg\",\"medium_large\":\"https:\\\/\\\/www.vignevin.com\\\/wp-content\\\/uploads\\\/2019\\\/03\\\/Sympt\u00f4mes-de-bois-noir-sur-Gamay-coloration-foliaire-caract\u00e9ristique-768x1024.jpg\",\"large\":\"https:\\\/\\\/www.vignevin.com\\\/wp-content\\\/uploads\\\/2019\\\/03\\\/Sympt\u00f4mes-de-bois-noir-sur-Gamay-coloration-foliaire-caract\u00e9ristique-768x1024.jpg\",\"1536x1536\":\"https:\\\/\\\/www.vignevin.com\\\/wp-content\\\/uploads\\\/2019\\\/03\\\/Sympt\u00f4mes-de-bois-noir-sur-Gamay-coloration-foliaire-caract\u00e9ristique.jpg\",\"2048x2048\":\"https:\\\/\\\/www.vignevin.com\\\/wp-content\\\/uploads\\\/2019\\\/03\\\/Sympt\u00f4mes-de-bois-noir-sur-Gamay-coloration-foliaire-caract\u00e9ristique.jpg\",\"et-pb-post-main-image\":\"https:\\\/\\\/www.vignevin.com\\\/wp-content\\\/uploads\\\/2019\\\/03\\\/Sympt\u00f4mes-de-bois-noir-sur-Gamay-coloration-foliaire-caract\u00e9ristique-400x250.jpg\",\"et-pb-post-main-image-fullwidth\":\"https:\\\/\\\/www.vignevin.com\\\/wp-content\\\/uploads\\\/2019\\\/03\\\/Sympt\u00f4mes-de-bois-noir-sur-Gamay-coloration-foliaire-caract\u00e9ristique-1080x675.jpg\",\"et-pb-portfolio-image\":\"https:\\\/\\\/www.vignevin.com\\\/wp-content\\\/uploads\\\/2019\\\/03\\\/Sympt\u00f4mes-de-bois-noir-sur-Gamay-coloration-foliaire-caract\u00e9ristique-400x284.jpg\",\"et-pb-portfolio-module-image\":\"https:\\\/\\\/www.vignevin.com\\\/wp-content\\\/uploads\\\/2019\\\/03\\\/Sympt\u00f4mes-de-bois-noir-sur-Gamay-coloration-foliaire-caract\u00e9ristique-510x382.jpg\",\"et-pb-portfolio-image-single\":\"https:\\\/\\\/www.vignevin.com\\\/wp-content\\\/uploads\\\/2019\\\/03\\\/Sympt\u00f4mes-de-bois-noir-sur-Gamay-coloration-foliaire-caract\u00e9ristique-1080x1440.jpg\",\"et-pb-gallery-module-image-portrait\":\"https:\\\/\\\/www.vignevin.com\\\/wp-content\\\/uploads\\\/2019\\\/03\\\/Sympt\u00f4mes-de-bois-noir-sur-Gamay-coloration-foliaire-caract\u00e9ristique-400x516.jpg\",\"et-pb-post-main-image-fullwidth-large\":\"https:\\\/\\\/www.vignevin.com\\\/wp-content\\\/uploads\\\/2019\\\/03\\\/Sympt\u00f4mes-de-bois-noir-sur-Gamay-coloration-foliaire-caract\u00e9ristique.jpg\",\"et-pb-image--responsive--desktop\":\"https:\\\/\\\/www.vignevin.com\\\/wp-content\\\/uploads\\\/2019\\\/03\\\/Sympt\u00f4mes-de-bois-noir-sur-Gamay-coloration-foliaire-caract\u00e9ristique.jpg\",\"et-pb-image--responsive--tablet\":\"https:\\\/\\\/www.vignevin.com\\\/wp-content\\\/uploads\\\/2019\\\/03\\\/Sympt\u00f4mes-de-bois-noir-sur-Gamay-coloration-foliaire-caract\u00e9ristique.jpg\",\"et-pb-image--responsive--phone\":\"https:\\\/\\\/www.vignevin.com\\\/wp-content\\\/uploads\\\/2019\\\/03\\\/Sympt\u00f4mes-de-bois-noir-sur-Gamay-coloration-foliaire-caract\u00e9ristique.jpg\",\"gform-image-choice-sm\":\"https:\\\/\\\/www.vignevin.com\\\/wp-content\\\/uploads\\\/2019\\\/03\\\/Sympt\u00f4mes-de-bois-noir-sur-Gamay-coloration-foliaire-caract\u00e9ristique.jpg\",\"gform-image-choice-md\":\"https:\\\/\\\/www.vignevin.com\\\/wp-content\\\/uploads\\\/2019\\\/03\\\/Sympt\u00f4mes-de-bois-noir-sur-Gamay-coloration-foliaire-caract\u00e9ristique.jpg\",\"gform-image-choice-lg\":\"https:\\\/\\\/www.vignevin.com\\\/wp-content\\\/uploads\\\/2019\\\/03\\\/Sympt\u00f4mes-de-bois-noir-sur-Gamay-coloration-foliaire-caract\u00e9ristique.jpg\",\"woocommerce_thumbnail\":\"https:\\\/\\\/www.vignevin.com\\\/wp-content\\\/uploads\\\/2019\\\/03\\\/Sympt\u00f4mes-de-bois-noir-sur-Gamay-coloration-foliaire-caract\u00e9ristique-300x300.jpg\",\"woocommerce_single\":\"https:\\\/\\\/www.vignevin.com\\\/wp-content\\\/uploads\\\/2019\\\/03\\\/Sympt\u00f4mes-de-bois-noir-sur-Gamay-coloration-foliaire-caract\u00e9ristique-600x800.jpg\",\"woocommerce_gallery_thumbnail\":\"https:\\\/\\\/www.vignevin.com\\\/wp-content\\\/uploads\\\/2019\\\/03\\\/Sympt\u00f4mes-de-bois-noir-sur-Gamay-coloration-foliaire-caract\u00e9ristique-100x100.jpg\",\"full\":\"https:\\\/\\\/www.vignevin.com\\\/wp-content\\\/uploads\\\/2019\\\/03\\\/Sympt\u00f4mes-de-bois-noir-sur-Gamay-coloration-foliaire-caract\u00e9ristique.jpg\",\"index\":13,\"id\":9879,\"video\":false,\"opts\":{\"caption\":\"OLYMPUS DIGITAL CAMERA\",\"thumb\":{\"errors\":{\"envira-gallery-error-no-file\":[\"No file could be found for the image URL specified.\"]},\"error_data\":[]},\"title\":\"OLYMPUS DIGITAL CAMERA\"},\"gallery_id\":\"17413\"},\"9880\":{\"status\":\"active\",\"src\":\"https:\\\/\\\/www.vignevin.com\\\/wp-content\\\/uploads\\\/2019\\\/03\\\/Sympt\u00f4mes-de-bois-noir-sur-Gamay-2.jpg\",\"title\":\"Sympt&ocirc;mes de bois noir sur Gamay (2)\",\"link\":\"https:\\\/\\\/www.vignevin.com\\\/wp-content\\\/uploads\\\/2019\\\/03\\\/Sympt\u00f4mes-de-bois-noir-sur-Gamay-2.jpg\",\"alt\":\"\",\"caption\":false,\"thumb\":{\"errors\":{\"envira-gallery-error-no-file\":[\"No file could be found for the image URL specified.\"]},\"error_data\":[]},\"meta\":{\"aperture\":\"4\",\"credit\":null,\"camera\":\"DMC-TZ10\",\"caption\":\"\",\"created_timestamp\":\"1285929224\",\"copyright\":null,\"focal_length\":\"6.9\",\"iso\":\"80\",\"shutter_speed\":\"0.004\",\"title\":\"\",\"orientation\":\"1\",\"keywords\":null},\"thumbnail\":\"https:\\\/\\\/www.vignevin.com\\\/wp-content\\\/uploads\\\/2019\\\/03\\\/Sympt\u00f4mes-de-bois-noir-sur-Gamay-2-150x150.jpg\",\"medium\":\"https:\\\/\\\/www.vignevin.com\\\/wp-content\\\/uploads\\\/2019\\\/03\\\/Sympt\u00f4mes-de-bois-noir-sur-Gamay-2-225x300.jpg\",\"medium_large\":\"https:\\\/\\\/www.vignevin.com\\\/wp-content\\\/uploads\\\/2019\\\/03\\\/Sympt\u00f4mes-de-bois-noir-sur-Gamay-2-768x1024.jpg\",\"large\":\"https:\\\/\\\/www.vignevin.com\\\/wp-content\\\/uploads\\\/2019\\\/03\\\/Sympt\u00f4mes-de-bois-noir-sur-Gamay-2-768x1024.jpg\",\"1536x1536\":\"https:\\\/\\\/www.vignevin.com\\\/wp-content\\\/uploads\\\/2019\\\/03\\\/Sympt\u00f4mes-de-bois-noir-sur-Gamay-2.jpg\",\"2048x2048\":\"https:\\\/\\\/www.vignevin.com\\\/wp-content\\\/uploads\\\/2019\\\/03\\\/Sympt\u00f4mes-de-bois-noir-sur-Gamay-2.jpg\",\"et-pb-post-main-image\":\"https:\\\/\\\/www.vignevin.com\\\/wp-content\\\/uploads\\\/2019\\\/03\\\/Sympt\u00f4mes-de-bois-noir-sur-Gamay-2-400x250.jpg\",\"et-pb-post-main-image-fullwidth\":\"https:\\\/\\\/www.vignevin.com\\\/wp-content\\\/uploads\\\/2019\\\/03\\\/Sympt\u00f4mes-de-bois-noir-sur-Gamay-2-1080x675.jpg\",\"et-pb-portfolio-image\":\"https:\\\/\\\/www.vignevin.com\\\/wp-content\\\/uploads\\\/2019\\\/03\\\/Sympt\u00f4mes-de-bois-noir-sur-Gamay-2-400x284.jpg\",\"et-pb-portfolio-module-image\":\"https:\\\/\\\/www.vignevin.com\\\/wp-content\\\/uploads\\\/2019\\\/03\\\/Sympt\u00f4mes-de-bois-noir-sur-Gamay-2-510x382.jpg\",\"et-pb-portfolio-image-single\":\"https:\\\/\\\/www.vignevin.com\\\/wp-content\\\/uploads\\\/2019\\\/03\\\/Sympt\u00f4mes-de-bois-noir-sur-Gamay-2-1080x1440.jpg\",\"et-pb-gallery-module-image-portrait\":\"https:\\\/\\\/www.vignevin.com\\\/wp-content\\\/uploads\\\/2019\\\/03\\\/Sympt\u00f4mes-de-bois-noir-sur-Gamay-2-400x516.jpg\",\"et-pb-post-main-image-fullwidth-large\":\"https:\\\/\\\/www.vignevin.com\\\/wp-content\\\/uploads\\\/2019\\\/03\\\/Sympt\u00f4mes-de-bois-noir-sur-Gamay-2-1920x1800.jpg\",\"et-pb-image--responsive--desktop\":\"https:\\\/\\\/www.vignevin.com\\\/wp-content\\\/uploads\\\/2019\\\/03\\\/Sympt\u00f4mes-de-bois-noir-sur-Gamay-2.jpg\",\"et-pb-image--responsive--tablet\":\"https:\\\/\\\/www.vignevin.com\\\/wp-content\\\/uploads\\\/2019\\\/03\\\/Sympt\u00f4mes-de-bois-noir-sur-Gamay-2.jpg\",\"et-pb-image--responsive--phone\":\"https:\\\/\\\/www.vignevin.com\\\/wp-content\\\/uploads\\\/2019\\\/03\\\/Sympt\u00f4mes-de-bois-noir-sur-Gamay-2.jpg\",\"gform-image-choice-sm\":\"https:\\\/\\\/www.vignevin.com\\\/wp-content\\\/uploads\\\/2019\\\/03\\\/Sympt\u00f4mes-de-bois-noir-sur-Gamay-2.jpg\",\"gform-image-choice-md\":\"https:\\\/\\\/www.vignevin.com\\\/wp-content\\\/uploads\\\/2019\\\/03\\\/Sympt\u00f4mes-de-bois-noir-sur-Gamay-2.jpg\",\"gform-image-choice-lg\":\"https:\\\/\\\/www.vignevin.com\\\/wp-content\\\/uploads\\\/2019\\\/03\\\/Sympt\u00f4mes-de-bois-noir-sur-Gamay-2.jpg\",\"woocommerce_thumbnail\":\"https:\\\/\\\/www.vignevin.com\\\/wp-content\\\/uploads\\\/2019\\\/03\\\/Sympt\u00f4mes-de-bois-noir-sur-Gamay-2-300x300.jpg\",\"woocommerce_single\":\"https:\\\/\\\/www.vignevin.com\\\/wp-content\\\/uploads\\\/2019\\\/03\\\/Sympt\u00f4mes-de-bois-noir-sur-Gamay-2-600x800.jpg\",\"woocommerce_gallery_thumbnail\":\"https:\\\/\\\/www.vignevin.com\\\/wp-content\\\/uploads\\\/2019\\\/03\\\/Sympt\u00f4mes-de-bois-noir-sur-Gamay-2-100x100.jpg\",\"full\":\"https:\\\/\\\/www.vignevin.com\\\/wp-content\\\/uploads\\\/2019\\\/03\\\/Sympt\u00f4mes-de-bois-noir-sur-Gamay-2.jpg\",\"index\":14,\"id\":9880,\"video\":false,\"opts\":{\"caption\":\"\",\"thumb\":{\"errors\":{\"envira-gallery-error-no-file\":[\"No file could be found for the image URL specified.\"]},\"error_data\":[]},\"title\":\"Sympt&ocirc;mes de bois noir sur Gamay (2)\"},\"gallery_id\":\"17413\"},\"9881\":{\"status\":\"active\",\"src\":\"https:\\\/\\\/www.vignevin.com\\\/wp-content\\\/uploads\\\/2019\\\/03\\\/Sympt\u00f4mes-de-bois-noir-sur-Gamay.jpg\",\"title\":\"OLYMPUS DIGITAL CAMERA\",\"link\":\"https:\\\/\\\/www.vignevin.com\\\/wp-content\\\/uploads\\\/2019\\\/03\\\/Sympt\u00f4mes-de-bois-noir-sur-Gamay.jpg\",\"alt\":\"\",\"caption\":\"OLYMPUS DIGITAL CAMERA\",\"thumb\":{\"errors\":{\"envira-gallery-error-no-file\":[\"No file could be found for the image URL specified.\"]},\"error_data\":[]},\"meta\":{\"aperture\":\"2.8\",\"credit\":null,\"camera\":\"C-5000Z\",\"caption\":\"OLYMPUS DIGITAL CAMERA\",\"created_timestamp\":\"1191405706\",\"copyright\":null,\"focal_length\":\"7.8\",\"iso\":\"50\",\"shutter_speed\":\"0.008\",\"title\":\"OLYMPUS DIGITAL CAMERA\",\"orientation\":\"1\",\"keywords\":null},\"thumbnail\":\"https:\\\/\\\/www.vignevin.com\\\/wp-content\\\/uploads\\\/2019\\\/03\\\/Sympt\u00f4mes-de-bois-noir-sur-Gamay-150x150.jpg\",\"medium\":\"https:\\\/\\\/www.vignevin.com\\\/wp-content\\\/uploads\\\/2019\\\/03\\\/Sympt\u00f4mes-de-bois-noir-sur-Gamay-225x300.jpg\",\"medium_large\":\"https:\\\/\\\/www.vignevin.com\\\/wp-content\\\/uploads\\\/2019\\\/03\\\/Sympt\u00f4mes-de-bois-noir-sur-Gamay-768x1024.jpg\",\"large\":\"https:\\\/\\\/www.vignevin.com\\\/wp-content\\\/uploads\\\/2019\\\/03\\\/Sympt\u00f4mes-de-bois-noir-sur-Gamay-768x1024.jpg\",\"1536x1536\":\"https:\\\/\\\/www.vignevin.com\\\/wp-content\\\/uploads\\\/2019\\\/03\\\/Sympt\u00f4mes-de-bois-noir-sur-Gamay.jpg\",\"2048x2048\":\"https:\\\/\\\/www.vignevin.com\\\/wp-content\\\/uploads\\\/2019\\\/03\\\/Sympt\u00f4mes-de-bois-noir-sur-Gamay.jpg\",\"et-pb-post-main-image\":\"https:\\\/\\\/www.vignevin.com\\\/wp-content\\\/uploads\\\/2019\\\/03\\\/Sympt\u00f4mes-de-bois-noir-sur-Gamay-400x250.jpg\",\"et-pb-post-main-image-fullwidth\":\"https:\\\/\\\/www.vignevin.com\\\/wp-content\\\/uploads\\\/2019\\\/03\\\/Sympt\u00f4mes-de-bois-noir-sur-Gamay-1080x675.jpg\",\"et-pb-portfolio-image\":\"https:\\\/\\\/www.vignevin.com\\\/wp-content\\\/uploads\\\/2019\\\/03\\\/Sympt\u00f4mes-de-bois-noir-sur-Gamay-400x284.jpg\",\"et-pb-portfolio-module-image\":\"https:\\\/\\\/www.vignevin.com\\\/wp-content\\\/uploads\\\/2019\\\/03\\\/Sympt\u00f4mes-de-bois-noir-sur-Gamay-510x382.jpg\",\"et-pb-portfolio-image-single\":\"https:\\\/\\\/www.vignevin.com\\\/wp-content\\\/uploads\\\/2019\\\/03\\\/Sympt\u00f4mes-de-bois-noir-sur-Gamay-1080x1440.jpg\",\"et-pb-gallery-module-image-portrait\":\"https:\\\/\\\/www.vignevin.com\\\/wp-content\\\/uploads\\\/2019\\\/03\\\/Sympt\u00f4mes-de-bois-noir-sur-Gamay-400x516.jpg\",\"et-pb-post-main-image-fullwidth-large\":\"https:\\\/\\\/www.vignevin.com\\\/wp-content\\\/uploads\\\/2019\\\/03\\\/Sympt\u00f4mes-de-bois-noir-sur-Gamay-1920x1800.jpg\",\"et-pb-image--responsive--desktop\":\"https:\\\/\\\/www.vignevin.com\\\/wp-content\\\/uploads\\\/2019\\\/03\\\/Sympt\u00f4mes-de-bois-noir-sur-Gamay.jpg\",\"et-pb-image--responsive--tablet\":\"https:\\\/\\\/www.vignevin.com\\\/wp-content\\\/uploads\\\/2019\\\/03\\\/Sympt\u00f4mes-de-bois-noir-sur-Gamay.jpg\",\"et-pb-image--responsive--phone\":\"https:\\\/\\\/www.vignevin.com\\\/wp-content\\\/uploads\\\/2019\\\/03\\\/Sympt\u00f4mes-de-bois-noir-sur-Gamay.jpg\",\"gform-image-choice-sm\":\"https:\\\/\\\/www.vignevin.com\\\/wp-content\\\/uploads\\\/2019\\\/03\\\/Sympt\u00f4mes-de-bois-noir-sur-Gamay.jpg\",\"gform-image-choice-md\":\"https:\\\/\\\/www.vignevin.com\\\/wp-content\\\/uploads\\\/2019\\\/03\\\/Sympt\u00f4mes-de-bois-noir-sur-Gamay.jpg\",\"gform-image-choice-lg\":\"https:\\\/\\\/www.vignevin.com\\\/wp-content\\\/uploads\\\/2019\\\/03\\\/Sympt\u00f4mes-de-bois-noir-sur-Gamay.jpg\",\"woocommerce_thumbnail\":\"https:\\\/\\\/www.vignevin.com\\\/wp-content\\\/uploads\\\/2019\\\/03\\\/Sympt\u00f4mes-de-bois-noir-sur-Gamay-300x300.jpg\",\"woocommerce_single\":\"https:\\\/\\\/www.vignevin.com\\\/wp-content\\\/uploads\\\/2019\\\/03\\\/Sympt\u00f4mes-de-bois-noir-sur-Gamay-600x800.jpg\",\"woocommerce_gallery_thumbnail\":\"https:\\\/\\\/www.vignevin.com\\\/wp-content\\\/uploads\\\/2019\\\/03\\\/Sympt\u00f4mes-de-bois-noir-sur-Gamay-100x100.jpg\",\"full\":\"https:\\\/\\\/www.vignevin.com\\\/wp-content\\\/uploads\\\/2019\\\/03\\\/Sympt\u00f4mes-de-bois-noir-sur-Gamay.jpg\",\"index\":15,\"id\":9881,\"video\":false,\"opts\":{\"caption\":\"OLYMPUS DIGITAL CAMERA\",\"thumb\":{\"errors\":{\"envira-gallery-error-no-file\":[\"No file could be found for the image URL specified.\"]},\"error_data\":[]},\"title\":\"OLYMPUS DIGITAL CAMERA\"},\"gallery_id\":\"17413\"},\"9882\":{\"status\":\"active\",\"src\":\"https:\\\/\\\/www.vignevin.com\\\/wp-content\\\/uploads\\\/2019\\\/03\\\/Sympt\u00f4mes-de-cannelures-Kober-stem-grooving-apr\u00e8s-greffage-herbac\u00e9-sur-lindicateur-Kober-5-BB-section-observ\u00e9e-\u00e0-la-loupe-binoculaire.jpg\",\"title\":\"Sympt&ocirc;mes de cannelures (Kober stem grooving) apr&egrave;s greffage herbac&eacute; sur l&amp;rsquo;indicateur Kober 5 BB section observ&eacute;e &agrave; la loupe binoculaire\",\"link\":\"https:\\\/\\\/www.vignevin.com\\\/wp-content\\\/uploads\\\/2019\\\/03\\\/Sympt\u00f4mes-de-cannelures-Kober-stem-grooving-apr\u00e8s-greffage-herbac\u00e9-sur-lindicateur-Kober-5-BB-section-observ\u00e9e-\u00e0-la-loupe-binoculaire.jpg\",\"alt\":\"\",\"caption\":false,\"thumb\":{\"errors\":{\"envira-gallery-error-no-file\":[\"No file could be found for the image URL specified.\"]},\"error_data\":[]},\"meta\":{\"aperture\":null,\"credit\":null,\"camera\":null,\"caption\":\"\",\"created_timestamp\":null,\"copyright\":null,\"focal_length\":null,\"iso\":null,\"shutter_speed\":null,\"title\":\"\",\"orientation\":null,\"keywords\":null},\"thumbnail\":\"https:\\\/\\\/www.vignevin.com\\\/wp-content\\\/uploads\\\/2019\\\/03\\\/Sympt\u00f4mes-de-cannelures-Kober-stem-grooving-apr\u00e8s-greffage-herbac\u00e9-sur-lindicateur-Kober-5-BB-section-observ\u00e9e-\u00e0-la-loupe-binoculaire-150x150.jpg\",\"medium\":\"https:\\\/\\\/www.vignevin.com\\\/wp-content\\\/uploads\\\/2019\\\/03\\\/Sympt\u00f4mes-de-cannelures-Kober-stem-grooving-apr\u00e8s-greffage-herbac\u00e9-sur-lindicateur-Kober-5-BB-section-observ\u00e9e-\u00e0-la-loupe-binoculaire-300x203.jpg\",\"medium_large\":\"https:\\\/\\\/www.vignevin.com\\\/wp-content\\\/uploads\\\/2019\\\/03\\\/Sympt\u00f4mes-de-cannelures-Kober-stem-grooving-apr\u00e8s-greffage-herbac\u00e9-sur-lindicateur-Kober-5-BB-section-observ\u00e9e-\u00e0-la-loupe-binoculaire-768x520.jpg\",\"large\":\"https:\\\/\\\/www.vignevin.com\\\/wp-content\\\/uploads\\\/2019\\\/03\\\/Sympt\u00f4mes-de-cannelures-Kober-stem-grooving-apr\u00e8s-greffage-herbac\u00e9-sur-lindicateur-Kober-5-BB-section-observ\u00e9e-\u00e0-la-loupe-binoculaire-1024x693.jpg\",\"1536x1536\":\"https:\\\/\\\/www.vignevin.com\\\/wp-content\\\/uploads\\\/2019\\\/03\\\/Sympt\u00f4mes-de-cannelures-Kober-stem-grooving-apr\u00e8s-greffage-herbac\u00e9-sur-lindicateur-Kober-5-BB-section-observ\u00e9e-\u00e0-la-loupe-binoculaire.jpg\",\"2048x2048\":\"https:\\\/\\\/www.vignevin.com\\\/wp-content\\\/uploads\\\/2019\\\/03\\\/Sympt\u00f4mes-de-cannelures-Kober-stem-grooving-apr\u00e8s-greffage-herbac\u00e9-sur-lindicateur-Kober-5-BB-section-observ\u00e9e-\u00e0-la-loupe-binoculaire.jpg\",\"et-pb-post-main-image\":\"https:\\\/\\\/www.vignevin.com\\\/wp-content\\\/uploads\\\/2019\\\/03\\\/Sympt\u00f4mes-de-cannelures-Kober-stem-grooving-apr\u00e8s-greffage-herbac\u00e9-sur-lindicateur-Kober-5-BB-section-observ\u00e9e-\u00e0-la-loupe-binoculaire-400x250.jpg\",\"et-pb-post-main-image-fullwidth\":\"https:\\\/\\\/www.vignevin.com\\\/wp-content\\\/uploads\\\/2019\\\/03\\\/Sympt\u00f4mes-de-cannelures-Kober-stem-grooving-apr\u00e8s-greffage-herbac\u00e9-sur-lindicateur-Kober-5-BB-section-observ\u00e9e-\u00e0-la-loupe-binoculaire-1080x675.jpg\",\"et-pb-portfolio-image\":\"https:\\\/\\\/www.vignevin.com\\\/wp-content\\\/uploads\\\/2019\\\/03\\\/Sympt\u00f4mes-de-cannelures-Kober-stem-grooving-apr\u00e8s-greffage-herbac\u00e9-sur-lindicateur-Kober-5-BB-section-observ\u00e9e-\u00e0-la-loupe-binoculaire-400x284.jpg\",\"et-pb-portfolio-module-image\":\"https:\\\/\\\/www.vignevin.com\\\/wp-content\\\/uploads\\\/2019\\\/03\\\/Sympt\u00f4mes-de-cannelures-Kober-stem-grooving-apr\u00e8s-greffage-herbac\u00e9-sur-lindicateur-Kober-5-BB-section-observ\u00e9e-\u00e0-la-loupe-binoculaire-510x382.jpg\",\"et-pb-portfolio-image-single\":\"https:\\\/\\\/www.vignevin.com\\\/wp-content\\\/uploads\\\/2019\\\/03\\\/Sympt\u00f4mes-de-cannelures-Kober-stem-grooving-apr\u00e8s-greffage-herbac\u00e9-sur-lindicateur-Kober-5-BB-section-observ\u00e9e-\u00e0-la-loupe-binoculaire-1080x731.jpg\",\"et-pb-gallery-module-image-portrait\":\"https:\\\/\\\/www.vignevin.com\\\/wp-content\\\/uploads\\\/2019\\\/03\\\/Sympt\u00f4mes-de-cannelures-Kober-stem-grooving-apr\u00e8s-greffage-herbac\u00e9-sur-lindicateur-Kober-5-BB-section-observ\u00e9e-\u00e0-la-loupe-binoculaire-400x516.jpg\",\"et-pb-post-main-image-fullwidth-large\":\"https:\\\/\\\/www.vignevin.com\\\/wp-content\\\/uploads\\\/2019\\\/03\\\/Sympt\u00f4mes-de-cannelures-Kober-stem-grooving-apr\u00e8s-greffage-herbac\u00e9-sur-lindicateur-Kober-5-BB-section-observ\u00e9e-\u00e0-la-loupe-binoculaire.jpg\",\"et-pb-image--responsive--desktop\":\"https:\\\/\\\/www.vignevin.com\\\/wp-content\\\/uploads\\\/2019\\\/03\\\/Sympt\u00f4mes-de-cannelures-Kober-stem-grooving-apr\u00e8s-greffage-herbac\u00e9-sur-lindicateur-Kober-5-BB-section-observ\u00e9e-\u00e0-la-loupe-binoculaire.jpg\",\"et-pb-image--responsive--tablet\":\"https:\\\/\\\/www.vignevin.com\\\/wp-content\\\/uploads\\\/2019\\\/03\\\/Sympt\u00f4mes-de-cannelures-Kober-stem-grooving-apr\u00e8s-greffage-herbac\u00e9-sur-lindicateur-Kober-5-BB-section-observ\u00e9e-\u00e0-la-loupe-binoculaire.jpg\",\"et-pb-image--responsive--phone\":\"https:\\\/\\\/www.vignevin.com\\\/wp-content\\\/uploads\\\/2019\\\/03\\\/Sympt\u00f4mes-de-cannelures-Kober-stem-grooving-apr\u00e8s-greffage-herbac\u00e9-sur-lindicateur-Kober-5-BB-section-observ\u00e9e-\u00e0-la-loupe-binoculaire.jpg\",\"gform-image-choice-sm\":\"https:\\\/\\\/www.vignevin.com\\\/wp-content\\\/uploads\\\/2019\\\/03\\\/Sympt\u00f4mes-de-cannelures-Kober-stem-grooving-apr\u00e8s-greffage-herbac\u00e9-sur-lindicateur-Kober-5-BB-section-observ\u00e9e-\u00e0-la-loupe-binoculaire.jpg\",\"gform-image-choice-md\":\"https:\\\/\\\/www.vignevin.com\\\/wp-content\\\/uploads\\\/2019\\\/03\\\/Sympt\u00f4mes-de-cannelures-Kober-stem-grooving-apr\u00e8s-greffage-herbac\u00e9-sur-lindicateur-Kober-5-BB-section-observ\u00e9e-\u00e0-la-loupe-binoculaire.jpg\",\"gform-image-choice-lg\":\"https:\\\/\\\/www.vignevin.com\\\/wp-content\\\/uploads\\\/2019\\\/03\\\/Sympt\u00f4mes-de-cannelures-Kober-stem-grooving-apr\u00e8s-greffage-herbac\u00e9-sur-lindicateur-Kober-5-BB-section-observ\u00e9e-\u00e0-la-loupe-binoculaire.jpg\",\"woocommerce_thumbnail\":\"https:\\\/\\\/www.vignevin.com\\\/wp-content\\\/uploads\\\/2019\\\/03\\\/Sympt\u00f4mes-de-cannelures-Kober-stem-grooving-apr\u00e8s-greffage-herbac\u00e9-sur-lindicateur-Kober-5-BB-section-observ\u00e9e-\u00e0-la-loupe-binoculaire-300x300.jpg\",\"woocommerce_single\":\"https:\\\/\\\/www.vignevin.com\\\/wp-content\\\/uploads\\\/2019\\\/03\\\/Sympt\u00f4mes-de-cannelures-Kober-stem-grooving-apr\u00e8s-greffage-herbac\u00e9-sur-lindicateur-Kober-5-BB-section-observ\u00e9e-\u00e0-la-loupe-binoculaire-600x406.jpg\",\"woocommerce_gallery_thumbnail\":\"https:\\\/\\\/www.vignevin.com\\\/wp-content\\\/uploads\\\/2019\\\/03\\\/Sympt\u00f4mes-de-cannelures-Kober-stem-grooving-apr\u00e8s-greffage-herbac\u00e9-sur-lindicateur-Kober-5-BB-section-observ\u00e9e-\u00e0-la-loupe-binoculaire-100x100.jpg\",\"full\":\"https:\\\/\\\/www.vignevin.com\\\/wp-content\\\/uploads\\\/2019\\\/03\\\/Sympt\u00f4mes-de-cannelures-Kober-stem-grooving-apr\u00e8s-greffage-herbac\u00e9-sur-lindicateur-Kober-5-BB-section-observ\u00e9e-\u00e0-la-loupe-binoculaire.jpg\",\"index\":16,\"id\":9882,\"video\":false,\"opts\":{\"caption\":\"\",\"thumb\":{\"errors\":{\"envira-gallery-error-no-file\":[\"No file could be found for the image URL specified.\"]},\"error_data\":[]},\"title\":\"Sympt&ocirc;mes de cannelures (Kober stem grooving) apr&egrave;s greffage herbac&eacute; sur l&amp;rsquo;indicateur Kober 5 BB section observ&eacute;e &agrave; la loupe binoculaire\"},\"gallery_id\":\"17413\"},\"9883\":{\"status\":\"active\",\"src\":\"https:\\\/\\\/www.vignevin.com\\\/wp-content\\\/uploads\\\/2019\\\/03\\\/Sympt\u00f4mes-de-cannelures-et-ponctuations-Rupestris-stem-pitting-sur-Rupestris-du-Lot-indicateur.jpg\",\"title\":\"Sympt&ocirc;mes de cannelures et ponctuations (Rupestris stem pitting) sur Rupestris du Lot (indicateur)\",\"link\":\"https:\\\/\\\/www.vignevin.com\\\/wp-content\\\/uploads\\\/2019\\\/03\\\/Sympt\u00f4mes-de-cannelures-et-ponctuations-Rupestris-stem-pitting-sur-Rupestris-du-Lot-indicateur.jpg\",\"alt\":\"\",\"caption\":false,\"thumb\":{\"errors\":{\"envira-gallery-error-no-file\":[\"No file could be found for the image URL specified.\"]},\"error_data\":[]},\"meta\":{\"aperture\":\"3.7\",\"credit\":null,\"camera\":\"E5700\",\"caption\":\"\",\"created_timestamp\":\"1128527646\",\"copyright\":null,\"focal_length\":\"29.5\",\"iso\":\"100\",\"shutter_speed\":\"0.008\",\"title\":\"\",\"orientation\":\"1\",\"keywords\":null},\"thumbnail\":\"https:\\\/\\\/www.vignevin.com\\\/wp-content\\\/uploads\\\/2019\\\/03\\\/Sympt\u00f4mes-de-cannelures-et-ponctuations-Rupestris-stem-pitting-sur-Rupestris-du-Lot-indicateur-150x150.jpg\",\"medium\":\"https:\\\/\\\/www.vignevin.com\\\/wp-content\\\/uploads\\\/2019\\\/03\\\/Sympt\u00f4mes-de-cannelures-et-ponctuations-Rupestris-stem-pitting-sur-Rupestris-du-Lot-indicateur-300x225.jpg\",\"medium_large\":\"https:\\\/\\\/www.vignevin.com\\\/wp-content\\\/uploads\\\/2019\\\/03\\\/Sympt\u00f4mes-de-cannelures-et-ponctuations-Rupestris-stem-pitting-sur-Rupestris-du-Lot-indicateur-768x576.jpg\",\"large\":\"https:\\\/\\\/www.vignevin.com\\\/wp-content\\\/uploads\\\/2019\\\/03\\\/Sympt\u00f4mes-de-cannelures-et-ponctuations-Rupestris-stem-pitting-sur-Rupestris-du-Lot-indicateur-1024x768.jpg\",\"1536x1536\":\"https:\\\/\\\/www.vignevin.com\\\/wp-content\\\/uploads\\\/2019\\\/03\\\/Sympt\u00f4mes-de-cannelures-et-ponctuations-Rupestris-stem-pitting-sur-Rupestris-du-Lot-indicateur.jpg\",\"2048x2048\":\"https:\\\/\\\/www.vignevin.com\\\/wp-content\\\/uploads\\\/2019\\\/03\\\/Sympt\u00f4mes-de-cannelures-et-ponctuations-Rupestris-stem-pitting-sur-Rupestris-du-Lot-indicateur.jpg\",\"et-pb-post-main-image\":\"https:\\\/\\\/www.vignevin.com\\\/wp-content\\\/uploads\\\/2019\\\/03\\\/Sympt\u00f4mes-de-cannelures-et-ponctuations-Rupestris-stem-pitting-sur-Rupestris-du-Lot-indicateur-400x250.jpg\",\"et-pb-post-main-image-fullwidth\":\"https:\\\/\\\/www.vignevin.com\\\/wp-content\\\/uploads\\\/2019\\\/03\\\/Sympt\u00f4mes-de-cannelures-et-ponctuations-Rupestris-stem-pitting-sur-Rupestris-du-Lot-indicateur-1080x675.jpg\",\"et-pb-portfolio-image\":\"https:\\\/\\\/www.vignevin.com\\\/wp-content\\\/uploads\\\/2019\\\/03\\\/Sympt\u00f4mes-de-cannelures-et-ponctuations-Rupestris-stem-pitting-sur-Rupestris-du-Lot-indicateur-400x284.jpg\",\"et-pb-portfolio-module-image\":\"https:\\\/\\\/www.vignevin.com\\\/wp-content\\\/uploads\\\/2019\\\/03\\\/Sympt\u00f4mes-de-cannelures-et-ponctuations-Rupestris-stem-pitting-sur-Rupestris-du-Lot-indicateur-510x382.jpg\",\"et-pb-portfolio-image-single\":\"https:\\\/\\\/www.vignevin.com\\\/wp-content\\\/uploads\\\/2019\\\/03\\\/Sympt\u00f4mes-de-cannelures-et-ponctuations-Rupestris-stem-pitting-sur-Rupestris-du-Lot-indicateur-1080x810.jpg\",\"et-pb-gallery-module-image-portrait\":\"https:\\\/\\\/www.vignevin.com\\\/wp-content\\\/uploads\\\/2019\\\/03\\\/Sympt\u00f4mes-de-cannelures-et-ponctuations-Rupestris-stem-pitting-sur-Rupestris-du-Lot-indicateur-400x516.jpg\",\"et-pb-post-main-image-fullwidth-large\":\"https:\\\/\\\/www.vignevin.com\\\/wp-content\\\/uploads\\\/2019\\\/03\\\/Sympt\u00f4mes-de-cannelures-et-ponctuations-Rupestris-stem-pitting-sur-Rupestris-du-Lot-indicateur-2560x1800.jpg\",\"et-pb-image--responsive--desktop\":\"https:\\\/\\\/www.vignevin.com\\\/wp-content\\\/uploads\\\/2019\\\/03\\\/Sympt\u00f4mes-de-cannelures-et-ponctuations-Rupestris-stem-pitting-sur-Rupestris-du-Lot-indicateur.jpg\",\"et-pb-image--responsive--tablet\":\"https:\\\/\\\/www.vignevin.com\\\/wp-content\\\/uploads\\\/2019\\\/03\\\/Sympt\u00f4mes-de-cannelures-et-ponctuations-Rupestris-stem-pitting-sur-Rupestris-du-Lot-indicateur.jpg\",\"et-pb-image--responsive--phone\":\"https:\\\/\\\/www.vignevin.com\\\/wp-content\\\/uploads\\\/2019\\\/03\\\/Sympt\u00f4mes-de-cannelures-et-ponctuations-Rupestris-stem-pitting-sur-Rupestris-du-Lot-indicateur.jpg\",\"gform-image-choice-sm\":\"https:\\\/\\\/www.vignevin.com\\\/wp-content\\\/uploads\\\/2019\\\/03\\\/Sympt\u00f4mes-de-cannelures-et-ponctuations-Rupestris-stem-pitting-sur-Rupestris-du-Lot-indicateur.jpg\",\"gform-image-choice-md\":\"https:\\\/\\\/www.vignevin.com\\\/wp-content\\\/uploads\\\/2019\\\/03\\\/Sympt\u00f4mes-de-cannelures-et-ponctuations-Rupestris-stem-pitting-sur-Rupestris-du-Lot-indicateur.jpg\",\"gform-image-choice-lg\":\"https:\\\/\\\/www.vignevin.com\\\/wp-content\\\/uploads\\\/2019\\\/03\\\/Sympt\u00f4mes-de-cannelures-et-ponctuations-Rupestris-stem-pitting-sur-Rupestris-du-Lot-indicateur.jpg\",\"woocommerce_thumbnail\":\"https:\\\/\\\/www.vignevin.com\\\/wp-content\\\/uploads\\\/2019\\\/03\\\/Sympt\u00f4mes-de-cannelures-et-ponctuations-Rupestris-stem-pitting-sur-Rupestris-du-Lot-indicateur-300x300.jpg\",\"woocommerce_single\":\"https:\\\/\\\/www.vignevin.com\\\/wp-content\\\/uploads\\\/2019\\\/03\\\/Sympt\u00f4mes-de-cannelures-et-ponctuations-Rupestris-stem-pitting-sur-Rupestris-du-Lot-indicateur-600x450.jpg\",\"woocommerce_gallery_thumbnail\":\"https:\\\/\\\/www.vignevin.com\\\/wp-content\\\/uploads\\\/2019\\\/03\\\/Sympt\u00f4mes-de-cannelures-et-ponctuations-Rupestris-stem-pitting-sur-Rupestris-du-Lot-indicateur-100x100.jpg\",\"full\":\"https:\\\/\\\/www.vignevin.com\\\/wp-content\\\/uploads\\\/2019\\\/03\\\/Sympt\u00f4mes-de-cannelures-et-ponctuations-Rupestris-stem-pitting-sur-Rupestris-du-Lot-indicateur.jpg\",\"index\":17,\"id\":9883,\"video\":false,\"opts\":{\"caption\":\"\",\"thumb\":{\"errors\":{\"envira-gallery-error-no-file\":[\"No file could be found for the image URL specified.\"]},\"error_data\":[]},\"title\":\"Sympt&ocirc;mes de cannelures et ponctuations (Rupestris stem pitting) sur Rupestris du Lot (indicateur)\"},\"gallery_id\":\"17413\"},\"9884\":{\"status\":\"active\",\"src\":\"https:\\\/\\\/www.vignevin.com\\\/wp-content\\\/uploads\\\/2019\\\/03\\\/Sympt\u00f4mes-de-cannelures-sur-Rupestris-du-Lot-2-plants-symptomatiques-\u00e0-gauche-et-1-asymptomatique-\u00e0-droite.jpg\",\"title\":\"Sympt&ocirc;mes de cannelures sur Rupestris du Lot 2 plants symptomatiques &agrave; gauche et 1 asymptomatique &agrave; droite\",\"link\":\"https:\\\/\\\/www.vignevin.com\\\/wp-content\\\/uploads\\\/2019\\\/03\\\/Sympt\u00f4mes-de-cannelures-sur-Rupestris-du-Lot-2-plants-symptomatiques-\u00e0-gauche-et-1-asymptomatique-\u00e0-droite.jpg\",\"alt\":\"\",\"caption\":false,\"thumb\":{\"errors\":{\"envira-gallery-error-no-file\":[\"No file could be found for the image URL specified.\"]},\"error_data\":[]},\"meta\":{\"aperture\":null,\"credit\":null,\"camera\":null,\"caption\":\"\",\"created_timestamp\":null,\"copyright\":null,\"focal_length\":null,\"iso\":null,\"shutter_speed\":null,\"title\":\"\",\"orientation\":null,\"keywords\":null},\"thumbnail\":\"https:\\\/\\\/www.vignevin.com\\\/wp-content\\\/uploads\\\/2019\\\/03\\\/Sympt\u00f4mes-de-cannelures-sur-Rupestris-du-Lot-2-plants-symptomatiques-\u00e0-gauche-et-1-asymptomatique-\u00e0-droite-150x150.jpg\",\"medium\":\"https:\\\/\\\/www.vignevin.com\\\/wp-content\\\/uploads\\\/2019\\\/03\\\/Sympt\u00f4mes-de-cannelures-sur-Rupestris-du-Lot-2-plants-symptomatiques-\u00e0-gauche-et-1-asymptomatique-\u00e0-droite-198x300.jpg\",\"medium_large\":\"https:\\\/\\\/www.vignevin.com\\\/wp-content\\\/uploads\\\/2019\\\/03\\\/Sympt\u00f4mes-de-cannelures-sur-Rupestris-du-Lot-2-plants-symptomatiques-\u00e0-gauche-et-1-asymptomatique-\u00e0-droite.jpg\",\"large\":\"https:\\\/\\\/www.vignevin.com\\\/wp-content\\\/uploads\\\/2019\\\/03\\\/Sympt\u00f4mes-de-cannelures-sur-Rupestris-du-Lot-2-plants-symptomatiques-\u00e0-gauche-et-1-asymptomatique-\u00e0-droite.jpg\",\"1536x1536\":\"https:\\\/\\\/www.vignevin.com\\\/wp-content\\\/uploads\\\/2019\\\/03\\\/Sympt\u00f4mes-de-cannelures-sur-Rupestris-du-Lot-2-plants-symptomatiques-\u00e0-gauche-et-1-asymptomatique-\u00e0-droite.jpg\",\"2048x2048\":\"https:\\\/\\\/www.vignevin.com\\\/wp-content\\\/uploads\\\/2019\\\/03\\\/Sympt\u00f4mes-de-cannelures-sur-Rupestris-du-Lot-2-plants-symptomatiques-\u00e0-gauche-et-1-asymptomatique-\u00e0-droite.jpg\",\"et-pb-post-main-image\":\"https:\\\/\\\/www.vignevin.com\\\/wp-content\\\/uploads\\\/2019\\\/03\\\/Sympt\u00f4mes-de-cannelures-sur-Rupestris-du-Lot-2-plants-symptomatiques-\u00e0-gauche-et-1-asymptomatique-\u00e0-droite-359x250.jpg\",\"et-pb-post-main-image-fullwidth\":\"https:\\\/\\\/www.vignevin.com\\\/wp-content\\\/uploads\\\/2019\\\/03\\\/Sympt\u00f4mes-de-cannelures-sur-Rupestris-du-Lot-2-plants-symptomatiques-\u00e0-gauche-et-1-asymptomatique-\u00e0-droite.jpg\",\"et-pb-portfolio-image\":\"https:\\\/\\\/www.vignevin.com\\\/wp-content\\\/uploads\\\/2019\\\/03\\\/Sympt\u00f4mes-de-cannelures-sur-Rupestris-du-Lot-2-plants-symptomatiques-\u00e0-gauche-et-1-asymptomatique-\u00e0-droite-359x284.jpg\",\"et-pb-portfolio-module-image\":\"https:\\\/\\\/www.vignevin.com\\\/wp-content\\\/uploads\\\/2019\\\/03\\\/Sympt\u00f4mes-de-cannelures-sur-Rupestris-du-Lot-2-plants-symptomatiques-\u00e0-gauche-et-1-asymptomatique-\u00e0-droite-359x382.jpg\",\"et-pb-portfolio-image-single\":\"https:\\\/\\\/www.vignevin.com\\\/wp-content\\\/uploads\\\/2019\\\/03\\\/Sympt\u00f4mes-de-cannelures-sur-Rupestris-du-Lot-2-plants-symptomatiques-\u00e0-gauche-et-1-asymptomatique-\u00e0-droite.jpg\",\"et-pb-gallery-module-image-portrait\":\"https:\\\/\\\/www.vignevin.com\\\/wp-content\\\/uploads\\\/2019\\\/03\\\/Sympt\u00f4mes-de-cannelures-sur-Rupestris-du-Lot-2-plants-symptomatiques-\u00e0-gauche-et-1-asymptomatique-\u00e0-droite-359x516.jpg\",\"et-pb-post-main-image-fullwidth-large\":\"https:\\\/\\\/www.vignevin.com\\\/wp-content\\\/uploads\\\/2019\\\/03\\\/Sympt\u00f4mes-de-cannelures-sur-Rupestris-du-Lot-2-plants-symptomatiques-\u00e0-gauche-et-1-asymptomatique-\u00e0-droite.jpg\",\"et-pb-image--responsive--desktop\":\"https:\\\/\\\/www.vignevin.com\\\/wp-content\\\/uploads\\\/2019\\\/03\\\/Sympt\u00f4mes-de-cannelures-sur-Rupestris-du-Lot-2-plants-symptomatiques-\u00e0-gauche-et-1-asymptomatique-\u00e0-droite.jpg\",\"et-pb-image--responsive--tablet\":\"https:\\\/\\\/www.vignevin.com\\\/wp-content\\\/uploads\\\/2019\\\/03\\\/Sympt\u00f4mes-de-cannelures-sur-Rupestris-du-Lot-2-plants-symptomatiques-\u00e0-gauche-et-1-asymptomatique-\u00e0-droite.jpg\",\"et-pb-image--responsive--phone\":\"https:\\\/\\\/www.vignevin.com\\\/wp-content\\\/uploads\\\/2019\\\/03\\\/Sympt\u00f4mes-de-cannelures-sur-Rupestris-du-Lot-2-plants-symptomatiques-\u00e0-gauche-et-1-asymptomatique-\u00e0-droite.jpg\",\"gform-image-choice-sm\":\"https:\\\/\\\/www.vignevin.com\\\/wp-content\\\/uploads\\\/2019\\\/03\\\/Sympt\u00f4mes-de-cannelures-sur-Rupestris-du-Lot-2-plants-symptomatiques-\u00e0-gauche-et-1-asymptomatique-\u00e0-droite.jpg\",\"gform-image-choice-md\":\"https:\\\/\\\/www.vignevin.com\\\/wp-content\\\/uploads\\\/2019\\\/03\\\/Sympt\u00f4mes-de-cannelures-sur-Rupestris-du-Lot-2-plants-symptomatiques-\u00e0-gauche-et-1-asymptomatique-\u00e0-droite.jpg\",\"gform-image-choice-lg\":\"https:\\\/\\\/www.vignevin.com\\\/wp-content\\\/uploads\\\/2019\\\/03\\\/Sympt\u00f4mes-de-cannelures-sur-Rupestris-du-Lot-2-plants-symptomatiques-\u00e0-gauche-et-1-asymptomatique-\u00e0-droite.jpg\",\"woocommerce_thumbnail\":\"https:\\\/\\\/www.vignevin.com\\\/wp-content\\\/uploads\\\/2019\\\/03\\\/Sympt\u00f4mes-de-cannelures-sur-Rupestris-du-Lot-2-plants-symptomatiques-\u00e0-gauche-et-1-asymptomatique-\u00e0-droite-300x300.jpg\",\"woocommerce_single\":\"https:\\\/\\\/www.vignevin.com\\\/wp-content\\\/uploads\\\/2019\\\/03\\\/Sympt\u00f4mes-de-cannelures-sur-Rupestris-du-Lot-2-plants-symptomatiques-\u00e0-gauche-et-1-asymptomatique-\u00e0-droite.jpg\",\"woocommerce_gallery_thumbnail\":\"https:\\\/\\\/www.vignevin.com\\\/wp-content\\\/uploads\\\/2019\\\/03\\\/Sympt\u00f4mes-de-cannelures-sur-Rupestris-du-Lot-2-plants-symptomatiques-\u00e0-gauche-et-1-asymptomatique-\u00e0-droite-100x100.jpg\",\"full\":\"https:\\\/\\\/www.vignevin.com\\\/wp-content\\\/uploads\\\/2019\\\/03\\\/Sympt\u00f4mes-de-cannelures-sur-Rupestris-du-Lot-2-plants-symptomatiques-\u00e0-gauche-et-1-asymptomatique-\u00e0-droite.jpg\",\"index\":18,\"id\":9884,\"video\":false,\"opts\":{\"caption\":\"\",\"thumb\":{\"errors\":{\"envira-gallery-error-no-file\":[\"No file could be found for the image URL specified.\"]},\"error_data\":[]},\"title\":\"Sympt&ocirc;mes de cannelures sur Rupestris du Lot 2 plants symptomatiques &agrave; gauche et 1 asymptomatique &agrave; droite\"},\"gallery_id\":\"17413\"},\"9885\":{\"status\":\"active\",\"src\":\"https:\\\/\\\/www.vignevin.com\\\/wp-content\\\/uploads\\\/2019\\\/03\\\/Sympt\u00f4mes-de-chlorose-calcaire.jpg\",\"title\":\"Sympt&ocirc;mes de chlorose calcaire\",\"link\":\"https:\\\/\\\/www.vignevin.com\\\/wp-content\\\/uploads\\\/2019\\\/03\\\/Sympt\u00f4mes-de-chlorose-calcaire.jpg\",\"alt\":\"\",\"caption\":false,\"thumb\":{\"errors\":{\"envira-gallery-error-no-file\":[\"No file could be found for the image URL specified.\"]},\"error_data\":[]},\"meta\":{\"aperture\":null,\"credit\":null,\"camera\":null,\"caption\":\"\",\"created_timestamp\":null,\"copyright\":null,\"focal_length\":null,\"iso\":null,\"shutter_speed\":null,\"title\":\"\",\"orientation\":null,\"keywords\":null},\"thumbnail\":\"https:\\\/\\\/www.vignevin.com\\\/wp-content\\\/uploads\\\/2019\\\/03\\\/Sympt\u00f4mes-de-chlorose-calcaire-150x150.jpg\",\"medium\":\"https:\\\/\\\/www.vignevin.com\\\/wp-content\\\/uploads\\\/2019\\\/03\\\/Sympt\u00f4mes-de-chlorose-calcaire-225x300.jpg\",\"medium_large\":\"https:\\\/\\\/www.vignevin.com\\\/wp-content\\\/uploads\\\/2019\\\/03\\\/Sympt\u00f4mes-de-chlorose-calcaire.jpg\",\"large\":\"https:\\\/\\\/www.vignevin.com\\\/wp-content\\\/uploads\\\/2019\\\/03\\\/Sympt\u00f4mes-de-chlorose-calcaire.jpg\",\"1536x1536\":\"https:\\\/\\\/www.vignevin.com\\\/wp-content\\\/uploads\\\/2019\\\/03\\\/Sympt\u00f4mes-de-chlorose-calcaire.jpg\",\"2048x2048\":\"https:\\\/\\\/www.vignevin.com\\\/wp-content\\\/uploads\\\/2019\\\/03\\\/Sympt\u00f4mes-de-chlorose-calcaire.jpg\",\"et-pb-post-main-image\":\"https:\\\/\\\/www.vignevin.com\\\/wp-content\\\/uploads\\\/2019\\\/03\\\/Sympt\u00f4mes-de-chlorose-calcaire-400x250.jpg\",\"et-pb-post-main-image-fullwidth\":\"https:\\\/\\\/www.vignevin.com\\\/wp-content\\\/uploads\\\/2019\\\/03\\\/Sympt\u00f4mes-de-chlorose-calcaire.jpg\",\"et-pb-portfolio-image\":\"https:\\\/\\\/www.vignevin.com\\\/wp-content\\\/uploads\\\/2019\\\/03\\\/Sympt\u00f4mes-de-chlorose-calcaire-400x284.jpg\",\"et-pb-portfolio-module-image\":\"https:\\\/\\\/www.vignevin.com\\\/wp-content\\\/uploads\\\/2019\\\/03\\\/Sympt\u00f4mes-de-chlorose-calcaire-500x382.jpg\",\"et-pb-portfolio-image-single\":\"https:\\\/\\\/www.vignevin.com\\\/wp-content\\\/uploads\\\/2019\\\/03\\\/Sympt\u00f4mes-de-chlorose-calcaire.jpg\",\"et-pb-gallery-module-image-portrait\":\"https:\\\/\\\/www.vignevin.com\\\/wp-content\\\/uploads\\\/2019\\\/03\\\/Sympt\u00f4mes-de-chlorose-calcaire-400x516.jpg\",\"et-pb-post-main-image-fullwidth-large\":\"https:\\\/\\\/www.vignevin.com\\\/wp-content\\\/uploads\\\/2019\\\/03\\\/Sympt\u00f4mes-de-chlorose-calcaire.jpg\",\"et-pb-image--responsive--desktop\":\"https:\\\/\\\/www.vignevin.com\\\/wp-content\\\/uploads\\\/2019\\\/03\\\/Sympt\u00f4mes-de-chlorose-calcaire.jpg\",\"et-pb-image--responsive--tablet\":\"https:\\\/\\\/www.vignevin.com\\\/wp-content\\\/uploads\\\/2019\\\/03\\\/Sympt\u00f4mes-de-chlorose-calcaire.jpg\",\"et-pb-image--responsive--phone\":\"https:\\\/\\\/www.vignevin.com\\\/wp-content\\\/uploads\\\/2019\\\/03\\\/Sympt\u00f4mes-de-chlorose-calcaire.jpg\",\"gform-image-choice-sm\":\"https:\\\/\\\/www.vignevin.com\\\/wp-content\\\/uploads\\\/2019\\\/03\\\/Sympt\u00f4mes-de-chlorose-calcaire.jpg\",\"gform-image-choice-md\":\"https:\\\/\\\/www.vignevin.com\\\/wp-content\\\/uploads\\\/2019\\\/03\\\/Sympt\u00f4mes-de-chlorose-calcaire.jpg\",\"gform-image-choice-lg\":\"https:\\\/\\\/www.vignevin.com\\\/wp-content\\\/uploads\\\/2019\\\/03\\\/Sympt\u00f4mes-de-chlorose-calcaire.jpg\",\"woocommerce_thumbnail\":\"https:\\\/\\\/www.vignevin.com\\\/wp-content\\\/uploads\\\/2019\\\/03\\\/Sympt\u00f4mes-de-chlorose-calcaire-300x300.jpg\",\"woocommerce_single\":\"https:\\\/\\\/www.vignevin.com\\\/wp-content\\\/uploads\\\/2019\\\/03\\\/Sympt\u00f4mes-de-chlorose-calcaire.jpg\",\"woocommerce_gallery_thumbnail\":\"https:\\\/\\\/www.vignevin.com\\\/wp-content\\\/uploads\\\/2019\\\/03\\\/Sympt\u00f4mes-de-chlorose-calcaire-100x100.jpg\",\"full\":\"https:\\\/\\\/www.vignevin.com\\\/wp-content\\\/uploads\\\/2019\\\/03\\\/Sympt\u00f4mes-de-chlorose-calcaire.jpg\",\"index\":19,\"id\":9885,\"video\":false,\"opts\":{\"caption\":\"\",\"thumb\":{\"errors\":{\"envira-gallery-error-no-file\":[\"No file could be found for the image URL specified.\"]},\"error_data\":[]},\"title\":\"Sympt&ocirc;mes de chlorose calcaire\"},\"gallery_id\":\"17413\"},\"9886\":{\"status\":\"active\",\"src\":\"https:\\\/\\\/www.vignevin.com\\\/wp-content\\\/uploads\\\/2019\\\/03\\\/Sympt\u00f4mes-de-chlorose-ferrique.jpg\",\"title\":\"OLYMPUS DIGITAL CAMERA\",\"link\":\"https:\\\/\\\/www.vignevin.com\\\/wp-content\\\/uploads\\\/2019\\\/03\\\/Sympt\u00f4mes-de-chlorose-ferrique.jpg\",\"alt\":\"\",\"caption\":\"OLYMPUS DIGITAL CAMERA\",\"thumb\":{\"errors\":{\"envira-gallery-error-no-file\":[\"No file could be found for the image URL specified.\"]},\"error_data\":[]},\"meta\":{\"aperture\":\"5.6\",\"credit\":null,\"camera\":\"C-5000Z\",\"caption\":\"OLYMPUS DIGITAL CAMERA\",\"created_timestamp\":\"1191412996\",\"copyright\":null,\"focal_length\":\"7.8\",\"iso\":\"50\",\"shutter_speed\":\"0.0125\",\"title\":\"OLYMPUS DIGITAL CAMERA\",\"orientation\":\"1\",\"keywords\":null},\"thumbnail\":\"https:\\\/\\\/www.vignevin.com\\\/wp-content\\\/uploads\\\/2019\\\/03\\\/Sympt\u00f4mes-de-chlorose-ferrique-150x150.jpg\",\"medium\":\"https:\\\/\\\/www.vignevin.com\\\/wp-content\\\/uploads\\\/2019\\\/03\\\/Sympt\u00f4mes-de-chlorose-ferrique-225x300.jpg\",\"medium_large\":\"https:\\\/\\\/www.vignevin.com\\\/wp-content\\\/uploads\\\/2019\\\/03\\\/Sympt\u00f4mes-de-chlorose-ferrique-768x1024.jpg\",\"large\":\"https:\\\/\\\/www.vignevin.com\\\/wp-content\\\/uploads\\\/2019\\\/03\\\/Sympt\u00f4mes-de-chlorose-ferrique-768x1024.jpg\",\"1536x1536\":\"https:\\\/\\\/www.vignevin.com\\\/wp-content\\\/uploads\\\/2019\\\/03\\\/Sympt\u00f4mes-de-chlorose-ferrique.jpg\",\"2048x2048\":\"https:\\\/\\\/www.vignevin.com\\\/wp-content\\\/uploads\\\/2019\\\/03\\\/Sympt\u00f4mes-de-chlorose-ferrique.jpg\",\"et-pb-post-main-image\":\"https:\\\/\\\/www.vignevin.com\\\/wp-content\\\/uploads\\\/2019\\\/03\\\/Sympt\u00f4mes-de-chlorose-ferrique-400x250.jpg\",\"et-pb-post-main-image-fullwidth\":\"https:\\\/\\\/www.vignevin.com\\\/wp-content\\\/uploads\\\/2019\\\/03\\\/Sympt\u00f4mes-de-chlorose-ferrique-1080x675.jpg\",\"et-pb-portfolio-image\":\"https:\\\/\\\/www.vignevin.com\\\/wp-content\\\/uploads\\\/2019\\\/03\\\/Sympt\u00f4mes-de-chlorose-ferrique-400x284.jpg\",\"et-pb-portfolio-module-image\":\"https:\\\/\\\/www.vignevin.com\\\/wp-content\\\/uploads\\\/2019\\\/03\\\/Sympt\u00f4mes-de-chlorose-ferrique-510x382.jpg\",\"et-pb-portfolio-image-single\":\"https:\\\/\\\/www.vignevin.com\\\/wp-content\\\/uploads\\\/2019\\\/03\\\/Sympt\u00f4mes-de-chlorose-ferrique-1080x1440.jpg\",\"et-pb-gallery-module-image-portrait\":\"https:\\\/\\\/www.vignevin.com\\\/wp-content\\\/uploads\\\/2019\\\/03\\\/Sympt\u00f4mes-de-chlorose-ferrique-400x516.jpg\",\"et-pb-post-main-image-fullwidth-large\":\"https:\\\/\\\/www.vignevin.com\\\/wp-content\\\/uploads\\\/2019\\\/03\\\/Sympt\u00f4mes-de-chlorose-ferrique.jpg\",\"et-pb-image--responsive--desktop\":\"https:\\\/\\\/www.vignevin.com\\\/wp-content\\\/uploads\\\/2019\\\/03\\\/Sympt\u00f4mes-de-chlorose-ferrique.jpg\",\"et-pb-image--responsive--tablet\":\"https:\\\/\\\/www.vignevin.com\\\/wp-content\\\/uploads\\\/2019\\\/03\\\/Sympt\u00f4mes-de-chlorose-ferrique.jpg\",\"et-pb-image--responsive--phone\":\"https:\\\/\\\/www.vignevin.com\\\/wp-content\\\/uploads\\\/2019\\\/03\\\/Sympt\u00f4mes-de-chlorose-ferrique.jpg\",\"gform-image-choice-sm\":\"https:\\\/\\\/www.vignevin.com\\\/wp-content\\\/uploads\\\/2019\\\/03\\\/Sympt\u00f4mes-de-chlorose-ferrique.jpg\",\"gform-image-choice-md\":\"https:\\\/\\\/www.vignevin.com\\\/wp-content\\\/uploads\\\/2019\\\/03\\\/Sympt\u00f4mes-de-chlorose-ferrique.jpg\",\"gform-image-choice-lg\":\"https:\\\/\\\/www.vignevin.com\\\/wp-content\\\/uploads\\\/2019\\\/03\\\/Sympt\u00f4mes-de-chlorose-ferrique.jpg\",\"woocommerce_thumbnail\":\"https:\\\/\\\/www.vignevin.com\\\/wp-content\\\/uploads\\\/2019\\\/03\\\/Sympt\u00f4mes-de-chlorose-ferrique-300x300.jpg\",\"woocommerce_single\":\"https:\\\/\\\/www.vignevin.com\\\/wp-content\\\/uploads\\\/2019\\\/03\\\/Sympt\u00f4mes-de-chlorose-ferrique-600x800.jpg\",\"woocommerce_gallery_thumbnail\":\"https:\\\/\\\/www.vignevin.com\\\/wp-content\\\/uploads\\\/2019\\\/03\\\/Sympt\u00f4mes-de-chlorose-ferrique-100x100.jpg\",\"full\":\"https:\\\/\\\/www.vignevin.com\\\/wp-content\\\/uploads\\\/2019\\\/03\\\/Sympt\u00f4mes-de-chlorose-ferrique.jpg\",\"index\":20,\"id\":9886,\"video\":false,\"opts\":{\"caption\":\"OLYMPUS DIGITAL CAMERA\",\"thumb\":{\"errors\":{\"envira-gallery-error-no-file\":[\"No file could be found for the image URL specified.\"]},\"error_data\":[]},\"title\":\"OLYMPUS DIGITAL CAMERA\"},\"gallery_id\":\"17413\"},\"9887\":{\"status\":\"active\",\"src\":\"https:\\\/\\\/www.vignevin.com\\\/wp-content\\\/uploads\\\/2019\\\/03\\\/Sympt\u00f4mes-de-chlorose-sur-Gamay-N.jpg\",\"title\":\"Sympt&ocirc;mes de chlorose sur Gamay N\",\"link\":\"https:\\\/\\\/www.vignevin.com\\\/wp-content\\\/uploads\\\/2019\\\/03\\\/Sympt\u00f4mes-de-chlorose-sur-Gamay-N.jpg\",\"alt\":\"\",\"caption\":false,\"thumb\":{\"errors\":{\"envira-gallery-error-no-file\":[\"No file could be found for the image URL specified.\"]},\"error_data\":[]},\"meta\":{\"aperture\":null,\"credit\":null,\"camera\":null,\"caption\":\"\",\"created_timestamp\":null,\"copyright\":null,\"focal_length\":null,\"iso\":null,\"shutter_speed\":null,\"title\":\"\",\"orientation\":null,\"keywords\":null},\"thumbnail\":\"https:\\\/\\\/www.vignevin.com\\\/wp-content\\\/uploads\\\/2019\\\/03\\\/Sympt\u00f4mes-de-chlorose-sur-Gamay-N-150x150.jpg\",\"medium\":\"https:\\\/\\\/www.vignevin.com\\\/wp-content\\\/uploads\\\/2019\\\/03\\\/Sympt\u00f4mes-de-chlorose-sur-Gamay-N-225x300.jpg\",\"medium_large\":\"https:\\\/\\\/www.vignevin.com\\\/wp-content\\\/uploads\\\/2019\\\/03\\\/Sympt\u00f4mes-de-chlorose-sur-Gamay-N.jpg\",\"large\":\"https:\\\/\\\/www.vignevin.com\\\/wp-content\\\/uploads\\\/2019\\\/03\\\/Sympt\u00f4mes-de-chlorose-sur-Gamay-N.jpg\",\"1536x1536\":\"https:\\\/\\\/www.vignevin.com\\\/wp-content\\\/uploads\\\/2019\\\/03\\\/Sympt\u00f4mes-de-chlorose-sur-Gamay-N.jpg\",\"2048x2048\":\"https:\\\/\\\/www.vignevin.com\\\/wp-content\\\/uploads\\\/2019\\\/03\\\/Sympt\u00f4mes-de-chlorose-sur-Gamay-N.jpg\",\"et-pb-post-main-image\":\"https:\\\/\\\/www.vignevin.com\\\/wp-content\\\/uploads\\\/2019\\\/03\\\/Sympt\u00f4mes-de-chlorose-sur-Gamay-N-400x250.jpg\",\"et-pb-post-main-image-fullwidth\":\"https:\\\/\\\/www.vignevin.com\\\/wp-content\\\/uploads\\\/2019\\\/03\\\/Sympt\u00f4mes-de-chlorose-sur-Gamay-N-564x675.jpg\",\"et-pb-portfolio-image\":\"https:\\\/\\\/www.vignevin.com\\\/wp-content\\\/uploads\\\/2019\\\/03\\\/Sympt\u00f4mes-de-chlorose-sur-Gamay-N-400x284.jpg\",\"et-pb-portfolio-module-image\":\"https:\\\/\\\/www.vignevin.com\\\/wp-content\\\/uploads\\\/2019\\\/03\\\/Sympt\u00f4mes-de-chlorose-sur-Gamay-N-510x382.jpg\",\"et-pb-portfolio-image-single\":\"https:\\\/\\\/www.vignevin.com\\\/wp-content\\\/uploads\\\/2019\\\/03\\\/Sympt\u00f4mes-de-chlorose-sur-Gamay-N.jpg\",\"et-pb-gallery-module-image-portrait\":\"https:\\\/\\\/www.vignevin.com\\\/wp-content\\\/uploads\\\/2019\\\/03\\\/Sympt\u00f4mes-de-chlorose-sur-Gamay-N-400x516.jpg\",\"et-pb-post-main-image-fullwidth-large\":\"https:\\\/\\\/www.vignevin.com\\\/wp-content\\\/uploads\\\/2019\\\/03\\\/Sympt\u00f4mes-de-chlorose-sur-Gamay-N.jpg\",\"et-pb-image--responsive--desktop\":\"https:\\\/\\\/www.vignevin.com\\\/wp-content\\\/uploads\\\/2019\\\/03\\\/Sympt\u00f4mes-de-chlorose-sur-Gamay-N.jpg\",\"et-pb-image--responsive--tablet\":\"https:\\\/\\\/www.vignevin.com\\\/wp-content\\\/uploads\\\/2019\\\/03\\\/Sympt\u00f4mes-de-chlorose-sur-Gamay-N.jpg\",\"et-pb-image--responsive--phone\":\"https:\\\/\\\/www.vignevin.com\\\/wp-content\\\/uploads\\\/2019\\\/03\\\/Sympt\u00f4mes-de-chlorose-sur-Gamay-N.jpg\",\"gform-image-choice-sm\":\"https:\\\/\\\/www.vignevin.com\\\/wp-content\\\/uploads\\\/2019\\\/03\\\/Sympt\u00f4mes-de-chlorose-sur-Gamay-N.jpg\",\"gform-image-choice-md\":\"https:\\\/\\\/www.vignevin.com\\\/wp-content\\\/uploads\\\/2019\\\/03\\\/Sympt\u00f4mes-de-chlorose-sur-Gamay-N.jpg\",\"gform-image-choice-lg\":\"https:\\\/\\\/www.vignevin.com\\\/wp-content\\\/uploads\\\/2019\\\/03\\\/Sympt\u00f4mes-de-chlorose-sur-Gamay-N.jpg\",\"woocommerce_thumbnail\":\"https:\\\/\\\/www.vignevin.com\\\/wp-content\\\/uploads\\\/2019\\\/03\\\/Sympt\u00f4mes-de-chlorose-sur-Gamay-N-300x300.jpg\",\"woocommerce_single\":\"https:\\\/\\\/www.vignevin.com\\\/wp-content\\\/uploads\\\/2019\\\/03\\\/Sympt\u00f4mes-de-chlorose-sur-Gamay-N.jpg\",\"woocommerce_gallery_thumbnail\":\"https:\\\/\\\/www.vignevin.com\\\/wp-content\\\/uploads\\\/2019\\\/03\\\/Sympt\u00f4mes-de-chlorose-sur-Gamay-N-100x100.jpg\",\"full\":\"https:\\\/\\\/www.vignevin.com\\\/wp-content\\\/uploads\\\/2019\\\/03\\\/Sympt\u00f4mes-de-chlorose-sur-Gamay-N.jpg\",\"index\":21,\"id\":9887,\"video\":false,\"opts\":{\"caption\":\"\",\"thumb\":{\"errors\":{\"envira-gallery-error-no-file\":[\"No file could be found for the image URL specified.\"]},\"error_data\":[]},\"title\":\"Sympt&ocirc;mes de chlorose sur Gamay N\"},\"gallery_id\":\"17413\"},\"9888\":{\"status\":\"active\",\"src\":\"https:\\\/\\\/www.vignevin.com\\\/wp-content\\\/uploads\\\/2019\\\/03\\\/Sympt\u00f4mes-de-flavescence-dor\u00e9e-sur-c\u00e9page-blanc.jpg\",\"title\":\"OLYMPUS DIGITAL CAMERA\",\"link\":\"https:\\\/\\\/www.vignevin.com\\\/wp-content\\\/uploads\\\/2019\\\/03\\\/Sympt\u00f4mes-de-flavescence-dor\u00e9e-sur-c\u00e9page-blanc.jpg\",\"alt\":\"\",\"caption\":\"OLYMPUS DIGITAL CAMERA\",\"thumb\":{\"errors\":{\"envira-gallery-error-no-file\":[\"No file could be found for the image URL specified.\"]},\"error_data\":[]},\"meta\":{\"aperture\":\"2.8\",\"credit\":null,\"camera\":\"C-5000Z\",\"caption\":\"OLYMPUS DIGITAL CAMERA\",\"created_timestamp\":\"1126088748\",\"copyright\":null,\"focal_length\":\"7.8\",\"iso\":\"50\",\"shutter_speed\":\"0.0015384615384615\",\"title\":\"OLYMPUS DIGITAL CAMERA\",\"orientation\":null,\"keywords\":null},\"thumbnail\":\"https:\\\/\\\/www.vignevin.com\\\/wp-content\\\/uploads\\\/2019\\\/03\\\/Sympt\u00f4mes-de-flavescence-dor\u00e9e-sur-c\u00e9page-blanc-150x150.jpg\",\"medium\":\"https:\\\/\\\/www.vignevin.com\\\/wp-content\\\/uploads\\\/2019\\\/03\\\/Sympt\u00f4mes-de-flavescence-dor\u00e9e-sur-c\u00e9page-blanc-225x300.jpg\",\"medium_large\":\"https:\\\/\\\/www.vignevin.com\\\/wp-content\\\/uploads\\\/2019\\\/03\\\/Sympt\u00f4mes-de-flavescence-dor\u00e9e-sur-c\u00e9page-blanc-768x1024.jpg\",\"large\":\"https:\\\/\\\/www.vignevin.com\\\/wp-content\\\/uploads\\\/2019\\\/03\\\/Sympt\u00f4mes-de-flavescence-dor\u00e9e-sur-c\u00e9page-blanc-768x1024.jpg\",\"1536x1536\":\"https:\\\/\\\/www.vignevin.com\\\/wp-content\\\/uploads\\\/2019\\\/03\\\/Sympt\u00f4mes-de-flavescence-dor\u00e9e-sur-c\u00e9page-blanc.jpg\",\"2048x2048\":\"https:\\\/\\\/www.vignevin.com\\\/wp-content\\\/uploads\\\/2019\\\/03\\\/Sympt\u00f4mes-de-flavescence-dor\u00e9e-sur-c\u00e9page-blanc.jpg\",\"et-pb-post-main-image\":\"https:\\\/\\\/www.vignevin.com\\\/wp-content\\\/uploads\\\/2019\\\/03\\\/Sympt\u00f4mes-de-flavescence-dor\u00e9e-sur-c\u00e9page-blanc-400x250.jpg\",\"et-pb-post-main-image-fullwidth\":\"https:\\\/\\\/www.vignevin.com\\\/wp-content\\\/uploads\\\/2019\\\/03\\\/Sympt\u00f4mes-de-flavescence-dor\u00e9e-sur-c\u00e9page-blanc-1080x675.jpg\",\"et-pb-portfolio-image\":\"https:\\\/\\\/www.vignevin.com\\\/wp-content\\\/uploads\\\/2019\\\/03\\\/Sympt\u00f4mes-de-flavescence-dor\u00e9e-sur-c\u00e9page-blanc-400x284.jpg\",\"et-pb-portfolio-module-image\":\"https:\\\/\\\/www.vignevin.com\\\/wp-content\\\/uploads\\\/2019\\\/03\\\/Sympt\u00f4mes-de-flavescence-dor\u00e9e-sur-c\u00e9page-blanc-510x382.jpg\",\"et-pb-portfolio-image-single\":\"https:\\\/\\\/www.vignevin.com\\\/wp-content\\\/uploads\\\/2019\\\/03\\\/Sympt\u00f4mes-de-flavescence-dor\u00e9e-sur-c\u00e9page-blanc-1080x1440.jpg\",\"et-pb-gallery-module-image-portrait\":\"https:\\\/\\\/www.vignevin.com\\\/wp-content\\\/uploads\\\/2019\\\/03\\\/Sympt\u00f4mes-de-flavescence-dor\u00e9e-sur-c\u00e9page-blanc-400x516.jpg\",\"et-pb-post-main-image-fullwidth-large\":\"https:\\\/\\\/www.vignevin.com\\\/wp-content\\\/uploads\\\/2019\\\/03\\\/Sympt\u00f4mes-de-flavescence-dor\u00e9e-sur-c\u00e9page-blanc.jpg\",\"et-pb-image--responsive--desktop\":\"https:\\\/\\\/www.vignevin.com\\\/wp-content\\\/uploads\\\/2019\\\/03\\\/Sympt\u00f4mes-de-flavescence-dor\u00e9e-sur-c\u00e9page-blanc.jpg\",\"et-pb-image--responsive--tablet\":\"https:\\\/\\\/www.vignevin.com\\\/wp-content\\\/uploads\\\/2019\\\/03\\\/Sympt\u00f4mes-de-flavescence-dor\u00e9e-sur-c\u00e9page-blanc.jpg\",\"et-pb-image--responsive--phone\":\"https:\\\/\\\/www.vignevin.com\\\/wp-content\\\/uploads\\\/2019\\\/03\\\/Sympt\u00f4mes-de-flavescence-dor\u00e9e-sur-c\u00e9page-blanc.jpg\",\"gform-image-choice-sm\":\"https:\\\/\\\/www.vignevin.com\\\/wp-content\\\/uploads\\\/2019\\\/03\\\/Sympt\u00f4mes-de-flavescence-dor\u00e9e-sur-c\u00e9page-blanc.jpg\",\"gform-image-choice-md\":\"https:\\\/\\\/www.vignevin.com\\\/wp-content\\\/uploads\\\/2019\\\/03\\\/Sympt\u00f4mes-de-flavescence-dor\u00e9e-sur-c\u00e9page-blanc.jpg\",\"gform-image-choice-lg\":\"https:\\\/\\\/www.vignevin.com\\\/wp-content\\\/uploads\\\/2019\\\/03\\\/Sympt\u00f4mes-de-flavescence-dor\u00e9e-sur-c\u00e9page-blanc.jpg\",\"woocommerce_thumbnail\":\"https:\\\/\\\/www.vignevin.com\\\/wp-content\\\/uploads\\\/2019\\\/03\\\/Sympt\u00f4mes-de-flavescence-dor\u00e9e-sur-c\u00e9page-blanc-300x300.jpg\",\"woocommerce_single\":\"https:\\\/\\\/www.vignevin.com\\\/wp-content\\\/uploads\\\/2019\\\/03\\\/Sympt\u00f4mes-de-flavescence-dor\u00e9e-sur-c\u00e9page-blanc-600x800.jpg\",\"woocommerce_gallery_thumbnail\":\"https:\\\/\\\/www.vignevin.com\\\/wp-content\\\/uploads\\\/2019\\\/03\\\/Sympt\u00f4mes-de-flavescence-dor\u00e9e-sur-c\u00e9page-blanc-100x100.jpg\",\"full\":\"https:\\\/\\\/www.vignevin.com\\\/wp-content\\\/uploads\\\/2019\\\/03\\\/Sympt\u00f4mes-de-flavescence-dor\u00e9e-sur-c\u00e9page-blanc.jpg\",\"index\":22,\"id\":9888,\"video\":false,\"opts\":{\"caption\":\"OLYMPUS DIGITAL CAMERA\",\"thumb\":{\"errors\":{\"envira-gallery-error-no-file\":[\"No file could be found for the image URL specified.\"]},\"error_data\":[]},\"title\":\"OLYMPUS DIGITAL CAMERA\"},\"gallery_id\":\"17413\"},\"9889\":{\"status\":\"active\",\"src\":\"https:\\\/\\\/www.vignevin.com\\\/wp-content\\\/uploads\\\/2019\\\/03\\\/Sympt\u00f4mes-de-flavescence-dor\u00e9e-sur-Duras-N.jpg\",\"title\":\"OLYMPUS DIGITAL CAMERA\",\"link\":\"https:\\\/\\\/www.vignevin.com\\\/wp-content\\\/uploads\\\/2019\\\/03\\\/Sympt\u00f4mes-de-flavescence-dor\u00e9e-sur-Duras-N.jpg\",\"alt\":\"\",\"caption\":\"OLYMPUS DIGITAL CAMERA\",\"thumb\":{\"errors\":{\"envira-gallery-error-no-file\":[\"No file could be found for the image URL specified.\"]},\"error_data\":[]},\"meta\":{\"aperture\":\"2.8\",\"credit\":null,\"camera\":\"C-5000Z\",\"caption\":\"OLYMPUS DIGITAL CAMERA\",\"created_timestamp\":\"1157040017\",\"copyright\":null,\"focal_length\":\"7.8\",\"iso\":\"50\",\"shutter_speed\":\"0.01\",\"title\":\"OLYMPUS DIGITAL CAMERA\",\"orientation\":\"1\",\"keywords\":null},\"thumbnail\":\"https:\\\/\\\/www.vignevin.com\\\/wp-content\\\/uploads\\\/2019\\\/03\\\/Sympt\u00f4mes-de-flavescence-dor\u00e9e-sur-Duras-N-150x150.jpg\",\"medium\":\"https:\\\/\\\/www.vignevin.com\\\/wp-content\\\/uploads\\\/2019\\\/03\\\/Sympt\u00f4mes-de-flavescence-dor\u00e9e-sur-Duras-N-300x225.jpg\",\"medium_large\":\"https:\\\/\\\/www.vignevin.com\\\/wp-content\\\/uploads\\\/2019\\\/03\\\/Sympt\u00f4mes-de-flavescence-dor\u00e9e-sur-Duras-N-768x576.jpg\",\"large\":\"https:\\\/\\\/www.vignevin.com\\\/wp-content\\\/uploads\\\/2019\\\/03\\\/Sympt\u00f4mes-de-flavescence-dor\u00e9e-sur-Duras-N-1024x768.jpg\",\"1536x1536\":\"https:\\\/\\\/www.vignevin.com\\\/wp-content\\\/uploads\\\/2019\\\/03\\\/Sympt\u00f4mes-de-flavescence-dor\u00e9e-sur-Duras-N.jpg\",\"2048x2048\":\"https:\\\/\\\/www.vignevin.com\\\/wp-content\\\/uploads\\\/2019\\\/03\\\/Sympt\u00f4mes-de-flavescence-dor\u00e9e-sur-Duras-N.jpg\",\"et-pb-post-main-image\":\"https:\\\/\\\/www.vignevin.com\\\/wp-content\\\/uploads\\\/2019\\\/03\\\/Sympt\u00f4mes-de-flavescence-dor\u00e9e-sur-Duras-N-400x250.jpg\",\"et-pb-post-main-image-fullwidth\":\"https:\\\/\\\/www.vignevin.com\\\/wp-content\\\/uploads\\\/2019\\\/03\\\/Sympt\u00f4mes-de-flavescence-dor\u00e9e-sur-Duras-N-1080x675.jpg\",\"et-pb-portfolio-image\":\"https:\\\/\\\/www.vignevin.com\\\/wp-content\\\/uploads\\\/2019\\\/03\\\/Sympt\u00f4mes-de-flavescence-dor\u00e9e-sur-Duras-N-400x284.jpg\",\"et-pb-portfolio-module-image\":\"https:\\\/\\\/www.vignevin.com\\\/wp-content\\\/uploads\\\/2019\\\/03\\\/Sympt\u00f4mes-de-flavescence-dor\u00e9e-sur-Duras-N-510x382.jpg\",\"et-pb-portfolio-image-single\":\"https:\\\/\\\/www.vignevin.com\\\/wp-content\\\/uploads\\\/2019\\\/03\\\/Sympt\u00f4mes-de-flavescence-dor\u00e9e-sur-Duras-N-1080x810.jpg\",\"et-pb-gallery-module-image-portrait\":\"https:\\\/\\\/www.vignevin.com\\\/wp-content\\\/uploads\\\/2019\\\/03\\\/Sympt\u00f4mes-de-flavescence-dor\u00e9e-sur-Duras-N-400x516.jpg\",\"et-pb-post-main-image-fullwidth-large\":\"https:\\\/\\\/www.vignevin.com\\\/wp-content\\\/uploads\\\/2019\\\/03\\\/Sympt\u00f4mes-de-flavescence-dor\u00e9e-sur-Duras-N.jpg\",\"et-pb-image--responsive--desktop\":\"https:\\\/\\\/www.vignevin.com\\\/wp-content\\\/uploads\\\/2019\\\/03\\\/Sympt\u00f4mes-de-flavescence-dor\u00e9e-sur-Duras-N.jpg\",\"et-pb-image--responsive--tablet\":\"https:\\\/\\\/www.vignevin.com\\\/wp-content\\\/uploads\\\/2019\\\/03\\\/Sympt\u00f4mes-de-flavescence-dor\u00e9e-sur-Duras-N.jpg\",\"et-pb-image--responsive--phone\":\"https:\\\/\\\/www.vignevin.com\\\/wp-content\\\/uploads\\\/2019\\\/03\\\/Sympt\u00f4mes-de-flavescence-dor\u00e9e-sur-Duras-N.jpg\",\"gform-image-choice-sm\":\"https:\\\/\\\/www.vignevin.com\\\/wp-content\\\/uploads\\\/2019\\\/03\\\/Sympt\u00f4mes-de-flavescence-dor\u00e9e-sur-Duras-N.jpg\",\"gform-image-choice-md\":\"https:\\\/\\\/www.vignevin.com\\\/wp-content\\\/uploads\\\/2019\\\/03\\\/Sympt\u00f4mes-de-flavescence-dor\u00e9e-sur-Duras-N.jpg\",\"gform-image-choice-lg\":\"https:\\\/\\\/www.vignevin.com\\\/wp-content\\\/uploads\\\/2019\\\/03\\\/Sympt\u00f4mes-de-flavescence-dor\u00e9e-sur-Duras-N.jpg\",\"woocommerce_thumbnail\":\"https:\\\/\\\/www.vignevin.com\\\/wp-content\\\/uploads\\\/2019\\\/03\\\/Sympt\u00f4mes-de-flavescence-dor\u00e9e-sur-Duras-N-300x300.jpg\",\"woocommerce_single\":\"https:\\\/\\\/www.vignevin.com\\\/wp-content\\\/uploads\\\/2019\\\/03\\\/Sympt\u00f4mes-de-flavescence-dor\u00e9e-sur-Duras-N-600x450.jpg\",\"woocommerce_gallery_thumbnail\":\"https:\\\/\\\/www.vignevin.com\\\/wp-content\\\/uploads\\\/2019\\\/03\\\/Sympt\u00f4mes-de-flavescence-dor\u00e9e-sur-Duras-N-100x100.jpg\",\"full\":\"https:\\\/\\\/www.vignevin.com\\\/wp-content\\\/uploads\\\/2019\\\/03\\\/Sympt\u00f4mes-de-flavescence-dor\u00e9e-sur-Duras-N.jpg\",\"index\":23,\"id\":9889,\"video\":false,\"opts\":{\"caption\":\"OLYMPUS DIGITAL CAMERA\",\"thumb\":{\"errors\":{\"envira-gallery-error-no-file\":[\"No file could be found for the image URL specified.\"]},\"error_data\":[]},\"title\":\"OLYMPUS DIGITAL CAMERA\"},\"gallery_id\":\"17413\"},\"9890\":{\"status\":\"active\",\"src\":\"https:\\\/\\\/www.vignevin.com\\\/wp-content\\\/uploads\\\/2019\\\/03\\\/Sympt\u00f4mes-de-flavescence-dor\u00e9e-sur-Gamay-N.jpg\",\"title\":\"Sympt&ocirc;mes de flavescence dor&eacute;e sur Gamay N\",\"link\":\"https:\\\/\\\/www.vignevin.com\\\/wp-content\\\/uploads\\\/2019\\\/03\\\/Sympt\u00f4mes-de-flavescence-dor\u00e9e-sur-Gamay-N.jpg\",\"alt\":\"\",\"caption\":false,\"thumb\":{\"errors\":{\"envira-gallery-error-no-file\":[\"No file could be found for the image URL specified.\"]},\"error_data\":[]},\"meta\":{\"aperture\":\"4\",\"credit\":null,\"camera\":\"DMC-TZ10\",\"caption\":\"\",\"created_timestamp\":\"1409759402\",\"copyright\":null,\"focal_length\":\"6.5\",\"iso\":\"80\",\"shutter_speed\":\"0.0025\",\"title\":\"\",\"orientation\":\"1\",\"keywords\":null},\"thumbnail\":\"https:\\\/\\\/www.vignevin.com\\\/wp-content\\\/uploads\\\/2019\\\/03\\\/Sympt\u00f4mes-de-flavescence-dor\u00e9e-sur-Gamay-N-150x150.jpg\",\"medium\":\"https:\\\/\\\/www.vignevin.com\\\/wp-content\\\/uploads\\\/2019\\\/03\\\/Sympt\u00f4mes-de-flavescence-dor\u00e9e-sur-Gamay-N-300x225.jpg\",\"medium_large\":\"https:\\\/\\\/www.vignevin.com\\\/wp-content\\\/uploads\\\/2019\\\/03\\\/Sympt\u00f4mes-de-flavescence-dor\u00e9e-sur-Gamay-N-768x576.jpg\",\"large\":\"https:\\\/\\\/www.vignevin.com\\\/wp-content\\\/uploads\\\/2019\\\/03\\\/Sympt\u00f4mes-de-flavescence-dor\u00e9e-sur-Gamay-N-1024x768.jpg\",\"1536x1536\":\"https:\\\/\\\/www.vignevin.com\\\/wp-content\\\/uploads\\\/2019\\\/03\\\/Sympt\u00f4mes-de-flavescence-dor\u00e9e-sur-Gamay-N.jpg\",\"2048x2048\":\"https:\\\/\\\/www.vignevin.com\\\/wp-content\\\/uploads\\\/2019\\\/03\\\/Sympt\u00f4mes-de-flavescence-dor\u00e9e-sur-Gamay-N.jpg\",\"et-pb-post-main-image\":\"https:\\\/\\\/www.vignevin.com\\\/wp-content\\\/uploads\\\/2019\\\/03\\\/Sympt\u00f4mes-de-flavescence-dor\u00e9e-sur-Gamay-N-400x250.jpg\",\"et-pb-post-main-image-fullwidth\":\"https:\\\/\\\/www.vignevin.com\\\/wp-content\\\/uploads\\\/2019\\\/03\\\/Sympt\u00f4mes-de-flavescence-dor\u00e9e-sur-Gamay-N-1080x675.jpg\",\"et-pb-portfolio-image\":\"https:\\\/\\\/www.vignevin.com\\\/wp-content\\\/uploads\\\/2019\\\/03\\\/Sympt\u00f4mes-de-flavescence-dor\u00e9e-sur-Gamay-N-400x284.jpg\",\"et-pb-portfolio-module-image\":\"https:\\\/\\\/www.vignevin.com\\\/wp-content\\\/uploads\\\/2019\\\/03\\\/Sympt\u00f4mes-de-flavescence-dor\u00e9e-sur-Gamay-N-510x382.jpg\",\"et-pb-portfolio-image-single\":\"https:\\\/\\\/www.vignevin.com\\\/wp-content\\\/uploads\\\/2019\\\/03\\\/Sympt\u00f4mes-de-flavescence-dor\u00e9e-sur-Gamay-N-1080x810.jpg\",\"et-pb-gallery-module-image-portrait\":\"https:\\\/\\\/www.vignevin.com\\\/wp-content\\\/uploads\\\/2019\\\/03\\\/Sympt\u00f4mes-de-flavescence-dor\u00e9e-sur-Gamay-N-400x516.jpg\",\"et-pb-post-main-image-fullwidth-large\":\"https:\\\/\\\/www.vignevin.com\\\/wp-content\\\/uploads\\\/2019\\\/03\\\/Sympt\u00f4mes-de-flavescence-dor\u00e9e-sur-Gamay-N-2560x1800.jpg\",\"et-pb-image--responsive--desktop\":\"https:\\\/\\\/www.vignevin.com\\\/wp-content\\\/uploads\\\/2019\\\/03\\\/Sympt\u00f4mes-de-flavescence-dor\u00e9e-sur-Gamay-N.jpg\",\"et-pb-image--responsive--tablet\":\"https:\\\/\\\/www.vignevin.com\\\/wp-content\\\/uploads\\\/2019\\\/03\\\/Sympt\u00f4mes-de-flavescence-dor\u00e9e-sur-Gamay-N.jpg\",\"et-pb-image--responsive--phone\":\"https:\\\/\\\/www.vignevin.com\\\/wp-content\\\/uploads\\\/2019\\\/03\\\/Sympt\u00f4mes-de-flavescence-dor\u00e9e-sur-Gamay-N.jpg\",\"gform-image-choice-sm\":\"https:\\\/\\\/www.vignevin.com\\\/wp-content\\\/uploads\\\/2019\\\/03\\\/Sympt\u00f4mes-de-flavescence-dor\u00e9e-sur-Gamay-N.jpg\",\"gform-image-choice-md\":\"https:\\\/\\\/www.vignevin.com\\\/wp-content\\\/uploads\\\/2019\\\/03\\\/Sympt\u00f4mes-de-flavescence-dor\u00e9e-sur-Gamay-N.jpg\",\"gform-image-choice-lg\":\"https:\\\/\\\/www.vignevin.com\\\/wp-content\\\/uploads\\\/2019\\\/03\\\/Sympt\u00f4mes-de-flavescence-dor\u00e9e-sur-Gamay-N.jpg\",\"woocommerce_thumbnail\":\"https:\\\/\\\/www.vignevin.com\\\/wp-content\\\/uploads\\\/2019\\\/03\\\/Sympt\u00f4mes-de-flavescence-dor\u00e9e-sur-Gamay-N-300x300.jpg\",\"woocommerce_single\":\"https:\\\/\\\/www.vignevin.com\\\/wp-content\\\/uploads\\\/2019\\\/03\\\/Sympt\u00f4mes-de-flavescence-dor\u00e9e-sur-Gamay-N-600x450.jpg\",\"woocommerce_gallery_thumbnail\":\"https:\\\/\\\/www.vignevin.com\\\/wp-content\\\/uploads\\\/2019\\\/03\\\/Sympt\u00f4mes-de-flavescence-dor\u00e9e-sur-Gamay-N-100x100.jpg\",\"full\":\"https:\\\/\\\/www.vignevin.com\\\/wp-content\\\/uploads\\\/2019\\\/03\\\/Sympt\u00f4mes-de-flavescence-dor\u00e9e-sur-Gamay-N.jpg\",\"index\":24,\"id\":9890,\"video\":false,\"opts\":{\"caption\":\"\",\"thumb\":{\"errors\":{\"envira-gallery-error-no-file\":[\"No file could be found for the image URL specified.\"]},\"error_data\":[]},\"title\":\"Sympt&ocirc;mes de flavescence dor&eacute;e sur Gamay N\"},\"gallery_id\":\"17413\"},\"9891\":{\"status\":\"active\",\"src\":\"https:\\\/\\\/www.vignevin.com\\\/wp-content\\\/uploads\\\/2019\\\/03\\\/Sympt\u00f4mes-de-la-maladie-du-Pinot-gris-GLMD-et-\u00e9rinose-scaled.jpg\",\"title\":\"Sympt&ocirc;mes de la maladie du Pinot gris (GLMD) et &eacute;rinose\",\"link\":\"https:\\\/\\\/www.vignevin.com\\\/wp-content\\\/uploads\\\/2019\\\/03\\\/Sympt\u00f4mes-de-la-maladie-du-Pinot-gris-GLMD-et-\u00e9rinose.jpg\",\"alt\":\"\",\"caption\":false,\"thumb\":{\"errors\":{\"envira-gallery-error-no-file\":[\"No file could be found for the image URL specified.\"]},\"error_data\":[]},\"meta\":{\"aperture\":\"3.3\",\"credit\":null,\"camera\":\"DMC-TZ10\",\"caption\":\"\",\"created_timestamp\":\"1463585055\",\"copyright\":null,\"focal_length\":\"4.1\",\"iso\":\"80\",\"shutter_speed\":\"0.025\",\"title\":\"\",\"orientation\":\"1\",\"keywords\":null},\"thumbnail\":\"https:\\\/\\\/www.vignevin.com\\\/wp-content\\\/uploads\\\/2019\\\/03\\\/Sympt\u00f4mes-de-la-maladie-du-Pinot-gris-GLMD-et-\u00e9rinose-150x150.jpg\",\"medium\":\"https:\\\/\\\/www.vignevin.com\\\/wp-content\\\/uploads\\\/2019\\\/03\\\/Sympt\u00f4mes-de-la-maladie-du-Pinot-gris-GLMD-et-\u00e9rinose-300x225.jpg\",\"medium_large\":\"https:\\\/\\\/www.vignevin.com\\\/wp-content\\\/uploads\\\/2019\\\/03\\\/Sympt\u00f4mes-de-la-maladie-du-Pinot-gris-GLMD-et-\u00e9rinose-768x576.jpg\",\"large\":\"https:\\\/\\\/www.vignevin.com\\\/wp-content\\\/uploads\\\/2019\\\/03\\\/Sympt\u00f4mes-de-la-maladie-du-Pinot-gris-GLMD-et-\u00e9rinose-1024x768.jpg\",\"1536x1536\":\"https:\\\/\\\/www.vignevin.com\\\/wp-content\\\/uploads\\\/2019\\\/03\\\/Sympt\u00f4mes-de-la-maladie-du-Pinot-gris-GLMD-et-\u00e9rinose-scaled.jpg\",\"2048x2048\":\"https:\\\/\\\/www.vignevin.com\\\/wp-content\\\/uploads\\\/2019\\\/03\\\/Sympt\u00f4mes-de-la-maladie-du-Pinot-gris-GLMD-et-\u00e9rinose-scaled.jpg\",\"et-pb-post-main-image\":\"https:\\\/\\\/www.vignevin.com\\\/wp-content\\\/uploads\\\/2019\\\/03\\\/Sympt\u00f4mes-de-la-maladie-du-Pinot-gris-GLMD-et-\u00e9rinose-400x250.jpg\",\"et-pb-post-main-image-fullwidth\":\"https:\\\/\\\/www.vignevin.com\\\/wp-content\\\/uploads\\\/2019\\\/03\\\/Sympt\u00f4mes-de-la-maladie-du-Pinot-gris-GLMD-et-\u00e9rinose-1080x675.jpg\",\"et-pb-portfolio-image\":\"https:\\\/\\\/www.vignevin.com\\\/wp-content\\\/uploads\\\/2019\\\/03\\\/Sympt\u00f4mes-de-la-maladie-du-Pinot-gris-GLMD-et-\u00e9rinose-400x284.jpg\",\"et-pb-portfolio-module-image\":\"https:\\\/\\\/www.vignevin.com\\\/wp-content\\\/uploads\\\/2019\\\/03\\\/Sympt\u00f4mes-de-la-maladie-du-Pinot-gris-GLMD-et-\u00e9rinose-510x382.jpg\",\"et-pb-portfolio-image-single\":\"https:\\\/\\\/www.vignevin.com\\\/wp-content\\\/uploads\\\/2019\\\/03\\\/Sympt\u00f4mes-de-la-maladie-du-Pinot-gris-GLMD-et-\u00e9rinose-1080x810.jpg\",\"et-pb-gallery-module-image-portrait\":\"https:\\\/\\\/www.vignevin.com\\\/wp-content\\\/uploads\\\/2019\\\/03\\\/Sympt\u00f4mes-de-la-maladie-du-Pinot-gris-GLMD-et-\u00e9rinose-400x516.jpg\",\"et-pb-post-main-image-fullwidth-large\":\"https:\\\/\\\/www.vignevin.com\\\/wp-content\\\/uploads\\\/2019\\\/03\\\/Sympt\u00f4mes-de-la-maladie-du-Pinot-gris-GLMD-et-\u00e9rinose-2880x1800.jpg\",\"et-pb-image--responsive--desktop\":\"https:\\\/\\\/www.vignevin.com\\\/wp-content\\\/uploads\\\/2019\\\/03\\\/Sympt\u00f4mes-de-la-maladie-du-Pinot-gris-GLMD-et-\u00e9rinose-scaled.jpg\",\"et-pb-image--responsive--tablet\":\"https:\\\/\\\/www.vignevin.com\\\/wp-content\\\/uploads\\\/2019\\\/03\\\/Sympt\u00f4mes-de-la-maladie-du-Pinot-gris-GLMD-et-\u00e9rinose-scaled.jpg\",\"et-pb-image--responsive--phone\":\"https:\\\/\\\/www.vignevin.com\\\/wp-content\\\/uploads\\\/2019\\\/03\\\/Sympt\u00f4mes-de-la-maladie-du-Pinot-gris-GLMD-et-\u00e9rinose-scaled.jpg\",\"gform-image-choice-sm\":\"https:\\\/\\\/www.vignevin.com\\\/wp-content\\\/uploads\\\/2019\\\/03\\\/Sympt\u00f4mes-de-la-maladie-du-Pinot-gris-GLMD-et-\u00e9rinose-scaled.jpg\",\"gform-image-choice-md\":\"https:\\\/\\\/www.vignevin.com\\\/wp-content\\\/uploads\\\/2019\\\/03\\\/Sympt\u00f4mes-de-la-maladie-du-Pinot-gris-GLMD-et-\u00e9rinose-scaled.jpg\",\"gform-image-choice-lg\":\"https:\\\/\\\/www.vignevin.com\\\/wp-content\\\/uploads\\\/2019\\\/03\\\/Sympt\u00f4mes-de-la-maladie-du-Pinot-gris-GLMD-et-\u00e9rinose-scaled.jpg\",\"woocommerce_thumbnail\":\"https:\\\/\\\/www.vignevin.com\\\/wp-content\\\/uploads\\\/2019\\\/03\\\/Sympt\u00f4mes-de-la-maladie-du-Pinot-gris-GLMD-et-\u00e9rinose-scaled-300x300.jpg\",\"woocommerce_single\":\"https:\\\/\\\/www.vignevin.com\\\/wp-content\\\/uploads\\\/2019\\\/03\\\/Sympt\u00f4mes-de-la-maladie-du-Pinot-gris-GLMD-et-\u00e9rinose-scaled-600x450.jpg\",\"woocommerce_gallery_thumbnail\":\"https:\\\/\\\/www.vignevin.com\\\/wp-content\\\/uploads\\\/2019\\\/03\\\/Sympt\u00f4mes-de-la-maladie-du-Pinot-gris-GLMD-et-\u00e9rinose-scaled-100x100.jpg\",\"full\":\"https:\\\/\\\/www.vignevin.com\\\/wp-content\\\/uploads\\\/2019\\\/03\\\/Sympt\u00f4mes-de-la-maladie-du-Pinot-gris-GLMD-et-\u00e9rinose-scaled.jpg\",\"index\":25,\"id\":9891,\"video\":false,\"opts\":{\"caption\":\"\",\"thumb\":{\"errors\":{\"envira-gallery-error-no-file\":[\"No file could be found for the image URL specified.\"]},\"error_data\":[]},\"title\":\"Sympt&ocirc;mes de la maladie du Pinot gris (GLMD) et &eacute;rinose\"},\"gallery_id\":\"17413\"},\"9892\":{\"status\":\"active\",\"src\":\"https:\\\/\\\/www.vignevin.com\\\/wp-content\\\/uploads\\\/2019\\\/03\\\/Sympt\u00f4mes-de-la-maladie-du-Pinot-gris-GLMD-sur-Pinot-noir-d\u00e9tail-dune-feuille-2.jpg\",\"title\":\"Sympt&ocirc;mes de la maladie du Pinot gris (GLMD) sur Pinot noir d&eacute;tail d&amp;rsquo;une feuille (2)\",\"link\":\"https:\\\/\\\/www.vignevin.com\\\/wp-content\\\/uploads\\\/2019\\\/03\\\/Sympt\u00f4mes-de-la-maladie-du-Pinot-gris-GLMD-sur-Pinot-noir-d\u00e9tail-dune-feuille-2.jpg\",\"alt\":\"\",\"caption\":false,\"thumb\":{\"errors\":{\"envira-gallery-error-no-file\":[\"No file could be found for the image URL specified.\"]},\"error_data\":[]},\"meta\":{\"aperture\":null,\"credit\":null,\"camera\":null,\"caption\":\"\",\"created_timestamp\":null,\"copyright\":null,\"focal_length\":null,\"iso\":null,\"shutter_speed\":null,\"title\":\"\",\"orientation\":null,\"keywords\":null},\"thumbnail\":\"https:\\\/\\\/www.vignevin.com\\\/wp-content\\\/uploads\\\/2019\\\/03\\\/Sympt\u00f4mes-de-la-maladie-du-Pinot-gris-GLMD-sur-Pinot-noir-d\u00e9tail-dune-feuille-2-150x150.jpg\",\"medium\":\"https:\\\/\\\/www.vignevin.com\\\/wp-content\\\/uploads\\\/2019\\\/03\\\/Sympt\u00f4mes-de-la-maladie-du-Pinot-gris-GLMD-sur-Pinot-noir-d\u00e9tail-dune-feuille-2-244x300.jpg\",\"medium_large\":\"https:\\\/\\\/www.vignevin.com\\\/wp-content\\\/uploads\\\/2019\\\/03\\\/Sympt\u00f4mes-de-la-maladie-du-Pinot-gris-GLMD-sur-Pinot-noir-d\u00e9tail-dune-feuille-2.jpg\",\"large\":\"https:\\\/\\\/www.vignevin.com\\\/wp-content\\\/uploads\\\/2019\\\/03\\\/Sympt\u00f4mes-de-la-maladie-du-Pinot-gris-GLMD-sur-Pinot-noir-d\u00e9tail-dune-feuille-2.jpg\",\"1536x1536\":\"https:\\\/\\\/www.vignevin.com\\\/wp-content\\\/uploads\\\/2019\\\/03\\\/Sympt\u00f4mes-de-la-maladie-du-Pinot-gris-GLMD-sur-Pinot-noir-d\u00e9tail-dune-feuille-2.jpg\",\"2048x2048\":\"https:\\\/\\\/www.vignevin.com\\\/wp-content\\\/uploads\\\/2019\\\/03\\\/Sympt\u00f4mes-de-la-maladie-du-Pinot-gris-GLMD-sur-Pinot-noir-d\u00e9tail-dune-feuille-2.jpg\",\"et-pb-post-main-image\":\"https:\\\/\\\/www.vignevin.com\\\/wp-content\\\/uploads\\\/2019\\\/03\\\/Sympt\u00f4mes-de-la-maladie-du-Pinot-gris-GLMD-sur-Pinot-noir-d\u00e9tail-dune-feuille-2-397x250.jpg\",\"et-pb-post-main-image-fullwidth\":\"https:\\\/\\\/www.vignevin.com\\\/wp-content\\\/uploads\\\/2019\\\/03\\\/Sympt\u00f4mes-de-la-maladie-du-Pinot-gris-GLMD-sur-Pinot-noir-d\u00e9tail-dune-feuille-2.jpg\",\"et-pb-portfolio-image\":\"https:\\\/\\\/www.vignevin.com\\\/wp-content\\\/uploads\\\/2019\\\/03\\\/Sympt\u00f4mes-de-la-maladie-du-Pinot-gris-GLMD-sur-Pinot-noir-d\u00e9tail-dune-feuille-2-397x284.jpg\",\"et-pb-portfolio-module-image\":\"https:\\\/\\\/www.vignevin.com\\\/wp-content\\\/uploads\\\/2019\\\/03\\\/Sympt\u00f4mes-de-la-maladie-du-Pinot-gris-GLMD-sur-Pinot-noir-d\u00e9tail-dune-feuille-2-397x382.jpg\",\"et-pb-portfolio-image-single\":\"https:\\\/\\\/www.vignevin.com\\\/wp-content\\\/uploads\\\/2019\\\/03\\\/Sympt\u00f4mes-de-la-maladie-du-Pinot-gris-GLMD-sur-Pinot-noir-d\u00e9tail-dune-feuille-2.jpg\",\"et-pb-gallery-module-image-portrait\":\"https:\\\/\\\/www.vignevin.com\\\/wp-content\\\/uploads\\\/2019\\\/03\\\/Sympt\u00f4mes-de-la-maladie-du-Pinot-gris-GLMD-sur-Pinot-noir-d\u00e9tail-dune-feuille-2.jpg\",\"et-pb-post-main-image-fullwidth-large\":\"https:\\\/\\\/www.vignevin.com\\\/wp-content\\\/uploads\\\/2019\\\/03\\\/Sympt\u00f4mes-de-la-maladie-du-Pinot-gris-GLMD-sur-Pinot-noir-d\u00e9tail-dune-feuille-2.jpg\",\"et-pb-image--responsive--desktop\":\"https:\\\/\\\/www.vignevin.com\\\/wp-content\\\/uploads\\\/2019\\\/03\\\/Sympt\u00f4mes-de-la-maladie-du-Pinot-gris-GLMD-sur-Pinot-noir-d\u00e9tail-dune-feuille-2.jpg\",\"et-pb-image--responsive--tablet\":\"https:\\\/\\\/www.vignevin.com\\\/wp-content\\\/uploads\\\/2019\\\/03\\\/Sympt\u00f4mes-de-la-maladie-du-Pinot-gris-GLMD-sur-Pinot-noir-d\u00e9tail-dune-feuille-2.jpg\",\"et-pb-image--responsive--phone\":\"https:\\\/\\\/www.vignevin.com\\\/wp-content\\\/uploads\\\/2019\\\/03\\\/Sympt\u00f4mes-de-la-maladie-du-Pinot-gris-GLMD-sur-Pinot-noir-d\u00e9tail-dune-feuille-2.jpg\",\"gform-image-choice-sm\":\"https:\\\/\\\/www.vignevin.com\\\/wp-content\\\/uploads\\\/2019\\\/03\\\/Sympt\u00f4mes-de-la-maladie-du-Pinot-gris-GLMD-sur-Pinot-noir-d\u00e9tail-dune-feuille-2.jpg\",\"gform-image-choice-md\":\"https:\\\/\\\/www.vignevin.com\\\/wp-content\\\/uploads\\\/2019\\\/03\\\/Sympt\u00f4mes-de-la-maladie-du-Pinot-gris-GLMD-sur-Pinot-noir-d\u00e9tail-dune-feuille-2.jpg\",\"gform-image-choice-lg\":\"https:\\\/\\\/www.vignevin.com\\\/wp-content\\\/uploads\\\/2019\\\/03\\\/Sympt\u00f4mes-de-la-maladie-du-Pinot-gris-GLMD-sur-Pinot-noir-d\u00e9tail-dune-feuille-2.jpg\",\"woocommerce_thumbnail\":\"https:\\\/\\\/www.vignevin.com\\\/wp-content\\\/uploads\\\/2019\\\/03\\\/Sympt\u00f4mes-de-la-maladie-du-Pinot-gris-GLMD-sur-Pinot-noir-d\u00e9tail-dune-feuille-2-300x300.jpg\",\"woocommerce_single\":\"https:\\\/\\\/www.vignevin.com\\\/wp-content\\\/uploads\\\/2019\\\/03\\\/Sympt\u00f4mes-de-la-maladie-du-Pinot-gris-GLMD-sur-Pinot-noir-d\u00e9tail-dune-feuille-2.jpg\",\"woocommerce_gallery_thumbnail\":\"https:\\\/\\\/www.vignevin.com\\\/wp-content\\\/uploads\\\/2019\\\/03\\\/Sympt\u00f4mes-de-la-maladie-du-Pinot-gris-GLMD-sur-Pinot-noir-d\u00e9tail-dune-feuille-2-100x100.jpg\",\"full\":\"https:\\\/\\\/www.vignevin.com\\\/wp-content\\\/uploads\\\/2019\\\/03\\\/Sympt\u00f4mes-de-la-maladie-du-Pinot-gris-GLMD-sur-Pinot-noir-d\u00e9tail-dune-feuille-2.jpg\",\"index\":26,\"id\":9892,\"video\":false,\"opts\":{\"caption\":\"\",\"thumb\":{\"errors\":{\"envira-gallery-error-no-file\":[\"No file could be found for the image URL specified.\"]},\"error_data\":[]},\"title\":\"Sympt&ocirc;mes de la maladie du Pinot gris (GLMD) sur Pinot noir d&eacute;tail d&amp;rsquo;une feuille (2)\"},\"gallery_id\":\"17413\"},\"9893\":{\"status\":\"active\",\"src\":\"https:\\\/\\\/www.vignevin.com\\\/wp-content\\\/uploads\\\/2019\\\/03\\\/Sympt\u00f4mes-de-la-maladie-du-Pinot-gris-GLMD-sur-Pinot-noir-d\u00e9tail-dune-feuille.jpg\",\"title\":\"Sympt&ocirc;mes de la maladie du Pinot gris (GLMD) sur Pinot noir d&eacute;tail d&amp;rsquo;une feuille\",\"link\":\"https:\\\/\\\/www.vignevin.com\\\/wp-content\\\/uploads\\\/2019\\\/03\\\/Sympt\u00f4mes-de-la-maladie-du-Pinot-gris-GLMD-sur-Pinot-noir-d\u00e9tail-dune-feuille.jpg\",\"alt\":\"\",\"caption\":false,\"thumb\":{\"errors\":{\"envira-gallery-error-no-file\":[\"No file could be found for the image URL specified.\"]},\"error_data\":[]},\"meta\":{\"aperture\":null,\"credit\":null,\"camera\":null,\"caption\":\"\",\"created_timestamp\":null,\"copyright\":null,\"focal_length\":null,\"iso\":null,\"shutter_speed\":null,\"title\":\"\",\"orientation\":null,\"keywords\":null},\"thumbnail\":\"https:\\\/\\\/www.vignevin.com\\\/wp-content\\\/uploads\\\/2019\\\/03\\\/Sympt\u00f4mes-de-la-maladie-du-Pinot-gris-GLMD-sur-Pinot-noir-d\u00e9tail-dune-feuille-150x150.jpg\",\"medium\":\"https:\\\/\\\/www.vignevin.com\\\/wp-content\\\/uploads\\\/2019\\\/03\\\/Sympt\u00f4mes-de-la-maladie-du-Pinot-gris-GLMD-sur-Pinot-noir-d\u00e9tail-dune-feuille-300x267.jpg\",\"medium_large\":\"https:\\\/\\\/www.vignevin.com\\\/wp-content\\\/uploads\\\/2019\\\/03\\\/Sympt\u00f4mes-de-la-maladie-du-Pinot-gris-GLMD-sur-Pinot-noir-d\u00e9tail-dune-feuille.jpg\",\"large\":\"https:\\\/\\\/www.vignevin.com\\\/wp-content\\\/uploads\\\/2019\\\/03\\\/Sympt\u00f4mes-de-la-maladie-du-Pinot-gris-GLMD-sur-Pinot-noir-d\u00e9tail-dune-feuille.jpg\",\"1536x1536\":\"https:\\\/\\\/www.vignevin.com\\\/wp-content\\\/uploads\\\/2019\\\/03\\\/Sympt\u00f4mes-de-la-maladie-du-Pinot-gris-GLMD-sur-Pinot-noir-d\u00e9tail-dune-feuille.jpg\",\"2048x2048\":\"https:\\\/\\\/www.vignevin.com\\\/wp-content\\\/uploads\\\/2019\\\/03\\\/Sympt\u00f4mes-de-la-maladie-du-Pinot-gris-GLMD-sur-Pinot-noir-d\u00e9tail-dune-feuille.jpg\",\"et-pb-post-main-image\":\"https:\\\/\\\/www.vignevin.com\\\/wp-content\\\/uploads\\\/2019\\\/03\\\/Sympt\u00f4mes-de-la-maladie-du-Pinot-gris-GLMD-sur-Pinot-noir-d\u00e9tail-dune-feuille-400x250.jpg\",\"et-pb-post-main-image-fullwidth\":\"https:\\\/\\\/www.vignevin.com\\\/wp-content\\\/uploads\\\/2019\\\/03\\\/Sympt\u00f4mes-de-la-maladie-du-Pinot-gris-GLMD-sur-Pinot-noir-d\u00e9tail-dune-feuille.jpg\",\"et-pb-portfolio-image\":\"https:\\\/\\\/www.vignevin.com\\\/wp-content\\\/uploads\\\/2019\\\/03\\\/Sympt\u00f4mes-de-la-maladie-du-Pinot-gris-GLMD-sur-Pinot-noir-d\u00e9tail-dune-feuille-400x284.jpg\",\"et-pb-portfolio-module-image\":\"https:\\\/\\\/www.vignevin.com\\\/wp-content\\\/uploads\\\/2019\\\/03\\\/Sympt\u00f4mes-de-la-maladie-du-Pinot-gris-GLMD-sur-Pinot-noir-d\u00e9tail-dune-feuille-452x382.jpg\",\"et-pb-portfolio-image-single\":\"https:\\\/\\\/www.vignevin.com\\\/wp-content\\\/uploads\\\/2019\\\/03\\\/Sympt\u00f4mes-de-la-maladie-du-Pinot-gris-GLMD-sur-Pinot-noir-d\u00e9tail-dune-feuille.jpg\",\"et-pb-gallery-module-image-portrait\":\"https:\\\/\\\/www.vignevin.com\\\/wp-content\\\/uploads\\\/2019\\\/03\\\/Sympt\u00f4mes-de-la-maladie-du-Pinot-gris-GLMD-sur-Pinot-noir-d\u00e9tail-dune-feuille-400x403.jpg\",\"et-pb-post-main-image-fullwidth-large\":\"https:\\\/\\\/www.vignevin.com\\\/wp-content\\\/uploads\\\/2019\\\/03\\\/Sympt\u00f4mes-de-la-maladie-du-Pinot-gris-GLMD-sur-Pinot-noir-d\u00e9tail-dune-feuille.jpg\",\"et-pb-image--responsive--desktop\":\"https:\\\/\\\/www.vignevin.com\\\/wp-content\\\/uploads\\\/2019\\\/03\\\/Sympt\u00f4mes-de-la-maladie-du-Pinot-gris-GLMD-sur-Pinot-noir-d\u00e9tail-dune-feuille.jpg\",\"et-pb-image--responsive--tablet\":\"https:\\\/\\\/www.vignevin.com\\\/wp-content\\\/uploads\\\/2019\\\/03\\\/Sympt\u00f4mes-de-la-maladie-du-Pinot-gris-GLMD-sur-Pinot-noir-d\u00e9tail-dune-feuille.jpg\",\"et-pb-image--responsive--phone\":\"https:\\\/\\\/www.vignevin.com\\\/wp-content\\\/uploads\\\/2019\\\/03\\\/Sympt\u00f4mes-de-la-maladie-du-Pinot-gris-GLMD-sur-Pinot-noir-d\u00e9tail-dune-feuille.jpg\",\"gform-image-choice-sm\":\"https:\\\/\\\/www.vignevin.com\\\/wp-content\\\/uploads\\\/2019\\\/03\\\/Sympt\u00f4mes-de-la-maladie-du-Pinot-gris-GLMD-sur-Pinot-noir-d\u00e9tail-dune-feuille.jpg\",\"gform-image-choice-md\":\"https:\\\/\\\/www.vignevin.com\\\/wp-content\\\/uploads\\\/2019\\\/03\\\/Sympt\u00f4mes-de-la-maladie-du-Pinot-gris-GLMD-sur-Pinot-noir-d\u00e9tail-dune-feuille.jpg\",\"gform-image-choice-lg\":\"https:\\\/\\\/www.vignevin.com\\\/wp-content\\\/uploads\\\/2019\\\/03\\\/Sympt\u00f4mes-de-la-maladie-du-Pinot-gris-GLMD-sur-Pinot-noir-d\u00e9tail-dune-feuille.jpg\",\"woocommerce_thumbnail\":\"https:\\\/\\\/www.vignevin.com\\\/wp-content\\\/uploads\\\/2019\\\/03\\\/Sympt\u00f4mes-de-la-maladie-du-Pinot-gris-GLMD-sur-Pinot-noir-d\u00e9tail-dune-feuille-300x300.jpg\",\"woocommerce_single\":\"https:\\\/\\\/www.vignevin.com\\\/wp-content\\\/uploads\\\/2019\\\/03\\\/Sympt\u00f4mes-de-la-maladie-du-Pinot-gris-GLMD-sur-Pinot-noir-d\u00e9tail-dune-feuille.jpg\",\"woocommerce_gallery_thumbnail\":\"https:\\\/\\\/www.vignevin.com\\\/wp-content\\\/uploads\\\/2019\\\/03\\\/Sympt\u00f4mes-de-la-maladie-du-Pinot-gris-GLMD-sur-Pinot-noir-d\u00e9tail-dune-feuille-100x100.jpg\",\"full\":\"https:\\\/\\\/www.vignevin.com\\\/wp-content\\\/uploads\\\/2019\\\/03\\\/Sympt\u00f4mes-de-la-maladie-du-Pinot-gris-GLMD-sur-Pinot-noir-d\u00e9tail-dune-feuille.jpg\",\"index\":27,\"id\":9893,\"video\":false,\"opts\":{\"caption\":\"\",\"thumb\":{\"errors\":{\"envira-gallery-error-no-file\":[\"No file could be found for the image URL specified.\"]},\"error_data\":[]},\"title\":\"Sympt&ocirc;mes de la maladie du Pinot gris (GLMD) sur Pinot noir d&eacute;tail d&amp;rsquo;une feuille\"},\"gallery_id\":\"17413\"},\"9894\":{\"status\":\"active\",\"src\":\"https:\\\/\\\/www.vignevin.com\\\/wp-content\\\/uploads\\\/2019\\\/03\\\/Sympt\u00f4mes-de-la-maladie-du-Pinot-gris-GLMD-sur-Pinot-noir-feuilles-d\u00e9form\u00e9es-d\u00e9color\u00e9es-et-entreneoeuds-courts-2.jpg\",\"title\":\"Sympt&ocirc;mes de la maladie du Pinot gris (GLMD) sur Pinot noir feuilles d&eacute;form&eacute;es, d&eacute;color&eacute;es et entreneoeuds courts (2)\",\"link\":\"https:\\\/\\\/www.vignevin.com\\\/wp-content\\\/uploads\\\/2019\\\/03\\\/Sympt\u00f4mes-de-la-maladie-du-Pinot-gris-GLMD-sur-Pinot-noir-feuilles-d\u00e9form\u00e9es-d\u00e9color\u00e9es-et-entreneoeuds-courts-2.jpg\",\"alt\":\"\",\"caption\":false,\"thumb\":{\"errors\":{\"envira-gallery-error-no-file\":[\"No file could be found for the image URL specified.\"]},\"error_data\":[]},\"meta\":{\"aperture\":null,\"credit\":null,\"camera\":null,\"caption\":\"\",\"created_timestamp\":null,\"copyright\":null,\"focal_length\":null,\"iso\":null,\"shutter_speed\":null,\"title\":\"\",\"orientation\":null,\"keywords\":null},\"thumbnail\":\"https:\\\/\\\/www.vignevin.com\\\/wp-content\\\/uploads\\\/2019\\\/03\\\/Sympt\u00f4mes-de-la-maladie-du-Pinot-gris-GLMD-sur-Pinot-noir-feuilles-d\u00e9form\u00e9es-d\u00e9color\u00e9es-et-entreneoeuds-courts-2-150x150.jpg\",\"medium\":\"https:\\\/\\\/www.vignevin.com\\\/wp-content\\\/uploads\\\/2019\\\/03\\\/Sympt\u00f4mes-de-la-maladie-du-Pinot-gris-GLMD-sur-Pinot-noir-feuilles-d\u00e9form\u00e9es-d\u00e9color\u00e9es-et-entreneoeuds-courts-2-220x300.jpg\",\"medium_large\":\"https:\\\/\\\/www.vignevin.com\\\/wp-content\\\/uploads\\\/2019\\\/03\\\/Sympt\u00f4mes-de-la-maladie-du-Pinot-gris-GLMD-sur-Pinot-noir-feuilles-d\u00e9form\u00e9es-d\u00e9color\u00e9es-et-entreneoeuds-courts-2.jpg\",\"large\":\"https:\\\/\\\/www.vignevin.com\\\/wp-content\\\/uploads\\\/2019\\\/03\\\/Sympt\u00f4mes-de-la-maladie-du-Pinot-gris-GLMD-sur-Pinot-noir-feuilles-d\u00e9form\u00e9es-d\u00e9color\u00e9es-et-entreneoeuds-courts-2.jpg\",\"1536x1536\":\"https:\\\/\\\/www.vignevin.com\\\/wp-content\\\/uploads\\\/2019\\\/03\\\/Sympt\u00f4mes-de-la-maladie-du-Pinot-gris-GLMD-sur-Pinot-noir-feuilles-d\u00e9form\u00e9es-d\u00e9color\u00e9es-et-entreneoeuds-courts-2.jpg\",\"2048x2048\":\"https:\\\/\\\/www.vignevin.com\\\/wp-content\\\/uploads\\\/2019\\\/03\\\/Sympt\u00f4mes-de-la-maladie-du-Pinot-gris-GLMD-sur-Pinot-noir-feuilles-d\u00e9form\u00e9es-d\u00e9color\u00e9es-et-entreneoeuds-courts-2.jpg\",\"et-pb-post-main-image\":\"https:\\\/\\\/www.vignevin.com\\\/wp-content\\\/uploads\\\/2019\\\/03\\\/Sympt\u00f4mes-de-la-maladie-du-Pinot-gris-GLMD-sur-Pinot-noir-feuilles-d\u00e9form\u00e9es-d\u00e9color\u00e9es-et-entreneoeuds-courts-2-400x250.jpg\",\"et-pb-post-main-image-fullwidth\":\"https:\\\/\\\/www.vignevin.com\\\/wp-content\\\/uploads\\\/2019\\\/03\\\/Sympt\u00f4mes-de-la-maladie-du-Pinot-gris-GLMD-sur-Pinot-noir-feuilles-d\u00e9form\u00e9es-d\u00e9color\u00e9es-et-entreneoeuds-courts-2-589x675.jpg\",\"et-pb-portfolio-image\":\"https:\\\/\\\/www.vignevin.com\\\/wp-content\\\/uploads\\\/2019\\\/03\\\/Sympt\u00f4mes-de-la-maladie-du-Pinot-gris-GLMD-sur-Pinot-noir-feuilles-d\u00e9form\u00e9es-d\u00e9color\u00e9es-et-entreneoeuds-courts-2-400x284.jpg\",\"et-pb-portfolio-module-image\":\"https:\\\/\\\/www.vignevin.com\\\/wp-content\\\/uploads\\\/2019\\\/03\\\/Sympt\u00f4mes-de-la-maladie-du-Pinot-gris-GLMD-sur-Pinot-noir-feuilles-d\u00e9form\u00e9es-d\u00e9color\u00e9es-et-entreneoeuds-courts-2-510x382.jpg\",\"et-pb-portfolio-image-single\":\"https:\\\/\\\/www.vignevin.com\\\/wp-content\\\/uploads\\\/2019\\\/03\\\/Sympt\u00f4mes-de-la-maladie-du-Pinot-gris-GLMD-sur-Pinot-noir-feuilles-d\u00e9form\u00e9es-d\u00e9color\u00e9es-et-entreneoeuds-courts-2.jpg\",\"et-pb-gallery-module-image-portrait\":\"https:\\\/\\\/www.vignevin.com\\\/wp-content\\\/uploads\\\/2019\\\/03\\\/Sympt\u00f4mes-de-la-maladie-du-Pinot-gris-GLMD-sur-Pinot-noir-feuilles-d\u00e9form\u00e9es-d\u00e9color\u00e9es-et-entreneoeuds-courts-2-400x516.jpg\",\"et-pb-post-main-image-fullwidth-large\":\"https:\\\/\\\/www.vignevin.com\\\/wp-content\\\/uploads\\\/2019\\\/03\\\/Sympt\u00f4mes-de-la-maladie-du-Pinot-gris-GLMD-sur-Pinot-noir-feuilles-d\u00e9form\u00e9es-d\u00e9color\u00e9es-et-entreneoeuds-courts-2.jpg\",\"et-pb-image--responsive--desktop\":\"https:\\\/\\\/www.vignevin.com\\\/wp-content\\\/uploads\\\/2019\\\/03\\\/Sympt\u00f4mes-de-la-maladie-du-Pinot-gris-GLMD-sur-Pinot-noir-feuilles-d\u00e9form\u00e9es-d\u00e9color\u00e9es-et-entreneoeuds-courts-2.jpg\",\"et-pb-image--responsive--tablet\":\"https:\\\/\\\/www.vignevin.com\\\/wp-content\\\/uploads\\\/2019\\\/03\\\/Sympt\u00f4mes-de-la-maladie-du-Pinot-gris-GLMD-sur-Pinot-noir-feuilles-d\u00e9form\u00e9es-d\u00e9color\u00e9es-et-entreneoeuds-courts-2.jpg\",\"et-pb-image--responsive--phone\":\"https:\\\/\\\/www.vignevin.com\\\/wp-content\\\/uploads\\\/2019\\\/03\\\/Sympt\u00f4mes-de-la-maladie-du-Pinot-gris-GLMD-sur-Pinot-noir-feuilles-d\u00e9form\u00e9es-d\u00e9color\u00e9es-et-entreneoeuds-courts-2.jpg\",\"gform-image-choice-sm\":\"https:\\\/\\\/www.vignevin.com\\\/wp-content\\\/uploads\\\/2019\\\/03\\\/Sympt\u00f4mes-de-la-maladie-du-Pinot-gris-GLMD-sur-Pinot-noir-feuilles-d\u00e9form\u00e9es-d\u00e9color\u00e9es-et-entreneoeuds-courts-2.jpg\",\"gform-image-choice-md\":\"https:\\\/\\\/www.vignevin.com\\\/wp-content\\\/uploads\\\/2019\\\/03\\\/Sympt\u00f4mes-de-la-maladie-du-Pinot-gris-GLMD-sur-Pinot-noir-feuilles-d\u00e9form\u00e9es-d\u00e9color\u00e9es-et-entreneoeuds-courts-2.jpg\",\"gform-image-choice-lg\":\"https:\\\/\\\/www.vignevin.com\\\/wp-content\\\/uploads\\\/2019\\\/03\\\/Sympt\u00f4mes-de-la-maladie-du-Pinot-gris-GLMD-sur-Pinot-noir-feuilles-d\u00e9form\u00e9es-d\u00e9color\u00e9es-et-entreneoeuds-courts-2.jpg\",\"woocommerce_thumbnail\":\"https:\\\/\\\/www.vignevin.com\\\/wp-content\\\/uploads\\\/2019\\\/03\\\/Sympt\u00f4mes-de-la-maladie-du-Pinot-gris-GLMD-sur-Pinot-noir-feuilles-d\u00e9form\u00e9es-d\u00e9color\u00e9es-et-entreneoeuds-courts-2-300x300.jpg\",\"woocommerce_single\":\"https:\\\/\\\/www.vignevin.com\\\/wp-content\\\/uploads\\\/2019\\\/03\\\/Sympt\u00f4mes-de-la-maladie-du-Pinot-gris-GLMD-sur-Pinot-noir-feuilles-d\u00e9form\u00e9es-d\u00e9color\u00e9es-et-entreneoeuds-courts-2.jpg\",\"woocommerce_gallery_thumbnail\":\"https:\\\/\\\/www.vignevin.com\\\/wp-content\\\/uploads\\\/2019\\\/03\\\/Sympt\u00f4mes-de-la-maladie-du-Pinot-gris-GLMD-sur-Pinot-noir-feuilles-d\u00e9form\u00e9es-d\u00e9color\u00e9es-et-entreneoeuds-courts-2-100x100.jpg\",\"full\":\"https:\\\/\\\/www.vignevin.com\\\/wp-content\\\/uploads\\\/2019\\\/03\\\/Sympt\u00f4mes-de-la-maladie-du-Pinot-gris-GLMD-sur-Pinot-noir-feuilles-d\u00e9form\u00e9es-d\u00e9color\u00e9es-et-entreneoeuds-courts-2.jpg\",\"index\":28,\"id\":9894,\"video\":false,\"opts\":{\"caption\":\"\",\"thumb\":{\"errors\":{\"envira-gallery-error-no-file\":[\"No file could be found for the image URL specified.\"]},\"error_data\":[]},\"title\":\"Sympt&ocirc;mes de la maladie du Pinot gris (GLMD) sur Pinot noir feuilles d&eacute;form&eacute;es, d&eacute;color&eacute;es et entreneoeuds courts (2)\"},\"gallery_id\":\"17413\"},\"9895\":{\"status\":\"active\",\"src\":\"https:\\\/\\\/www.vignevin.com\\\/wp-content\\\/uploads\\\/2019\\\/03\\\/Sympt\u00f4mes-de-la-maladie-du-Pinot-gris-GLMD-sur-Pinot-noir-feuilles-d\u00e9form\u00e9es-d\u00e9color\u00e9es-et-entreneoeuds-courts.jpg\",\"title\":\"Sympt&ocirc;mes de la maladie du Pinot gris (GLMD) sur Pinot noir feuilles d&eacute;form&eacute;es, d&eacute;color&eacute;es et entreneoeuds courts\",\"link\":\"https:\\\/\\\/www.vignevin.com\\\/wp-content\\\/uploads\\\/2019\\\/03\\\/Sympt\u00f4mes-de-la-maladie-du-Pinot-gris-GLMD-sur-Pinot-noir-feuilles-d\u00e9form\u00e9es-d\u00e9color\u00e9es-et-entreneoeuds-courts.jpg\",\"alt\":\"\",\"caption\":false,\"thumb\":{\"errors\":{\"envira-gallery-error-no-file\":[\"No file could be found for the image URL specified.\"]},\"error_data\":[]},\"meta\":{\"aperture\":null,\"credit\":null,\"camera\":null,\"caption\":\"\",\"created_timestamp\":null,\"copyright\":null,\"focal_length\":null,\"iso\":null,\"shutter_speed\":null,\"title\":\"\",\"orientation\":null,\"keywords\":null},\"thumbnail\":\"https:\\\/\\\/www.vignevin.com\\\/wp-content\\\/uploads\\\/2019\\\/03\\\/Sympt\u00f4mes-de-la-maladie-du-Pinot-gris-GLMD-sur-Pinot-noir-feuilles-d\u00e9form\u00e9es-d\u00e9color\u00e9es-et-entreneoeuds-courts-150x150.jpg\",\"medium\":\"https:\\\/\\\/www.vignevin.com\\\/wp-content\\\/uploads\\\/2019\\\/03\\\/Sympt\u00f4mes-de-la-maladie-du-Pinot-gris-GLMD-sur-Pinot-noir-feuilles-d\u00e9form\u00e9es-d\u00e9color\u00e9es-et-entreneoeuds-courts-300x225.jpg\",\"medium_large\":\"https:\\\/\\\/www.vignevin.com\\\/wp-content\\\/uploads\\\/2019\\\/03\\\/Sympt\u00f4mes-de-la-maladie-du-Pinot-gris-GLMD-sur-Pinot-noir-feuilles-d\u00e9form\u00e9es-d\u00e9color\u00e9es-et-entreneoeuds-courts-768x576.jpg\",\"large\":\"https:\\\/\\\/www.vignevin.com\\\/wp-content\\\/uploads\\\/2019\\\/03\\\/Sympt\u00f4mes-de-la-maladie-du-Pinot-gris-GLMD-sur-Pinot-noir-feuilles-d\u00e9form\u00e9es-d\u00e9color\u00e9es-et-entreneoeuds-courts.jpg\",\"1536x1536\":\"https:\\\/\\\/www.vignevin.com\\\/wp-content\\\/uploads\\\/2019\\\/03\\\/Sympt\u00f4mes-de-la-maladie-du-Pinot-gris-GLMD-sur-Pinot-noir-feuilles-d\u00e9form\u00e9es-d\u00e9color\u00e9es-et-entreneoeuds-courts.jpg\",\"2048x2048\":\"https:\\\/\\\/www.vignevin.com\\\/wp-content\\\/uploads\\\/2019\\\/03\\\/Sympt\u00f4mes-de-la-maladie-du-Pinot-gris-GLMD-sur-Pinot-noir-feuilles-d\u00e9form\u00e9es-d\u00e9color\u00e9es-et-entreneoeuds-courts.jpg\",\"et-pb-post-main-image\":\"https:\\\/\\\/www.vignevin.com\\\/wp-content\\\/uploads\\\/2019\\\/03\\\/Sympt\u00f4mes-de-la-maladie-du-Pinot-gris-GLMD-sur-Pinot-noir-feuilles-d\u00e9form\u00e9es-d\u00e9color\u00e9es-et-entreneoeuds-courts-400x250.jpg\",\"et-pb-post-main-image-fullwidth\":\"https:\\\/\\\/www.vignevin.com\\\/wp-content\\\/uploads\\\/2019\\\/03\\\/Sympt\u00f4mes-de-la-maladie-du-Pinot-gris-GLMD-sur-Pinot-noir-feuilles-d\u00e9form\u00e9es-d\u00e9color\u00e9es-et-entreneoeuds-courts.jpg\",\"et-pb-portfolio-image\":\"https:\\\/\\\/www.vignevin.com\\\/wp-content\\\/uploads\\\/2019\\\/03\\\/Sympt\u00f4mes-de-la-maladie-du-Pinot-gris-GLMD-sur-Pinot-noir-feuilles-d\u00e9form\u00e9es-d\u00e9color\u00e9es-et-entreneoeuds-courts-400x284.jpg\",\"et-pb-portfolio-module-image\":\"https:\\\/\\\/www.vignevin.com\\\/wp-content\\\/uploads\\\/2019\\\/03\\\/Sympt\u00f4mes-de-la-maladie-du-Pinot-gris-GLMD-sur-Pinot-noir-feuilles-d\u00e9form\u00e9es-d\u00e9color\u00e9es-et-entreneoeuds-courts-510x382.jpg\",\"et-pb-portfolio-image-single\":\"https:\\\/\\\/www.vignevin.com\\\/wp-content\\\/uploads\\\/2019\\\/03\\\/Sympt\u00f4mes-de-la-maladie-du-Pinot-gris-GLMD-sur-Pinot-noir-feuilles-d\u00e9form\u00e9es-d\u00e9color\u00e9es-et-entreneoeuds-courts.jpg\",\"et-pb-gallery-module-image-portrait\":\"https:\\\/\\\/www.vignevin.com\\\/wp-content\\\/uploads\\\/2019\\\/03\\\/Sympt\u00f4mes-de-la-maladie-du-Pinot-gris-GLMD-sur-Pinot-noir-feuilles-d\u00e9form\u00e9es-d\u00e9color\u00e9es-et-entreneoeuds-courts-400x516.jpg\",\"et-pb-post-main-image-fullwidth-large\":\"https:\\\/\\\/www.vignevin.com\\\/wp-content\\\/uploads\\\/2019\\\/03\\\/Sympt\u00f4mes-de-la-maladie-du-Pinot-gris-GLMD-sur-Pinot-noir-feuilles-d\u00e9form\u00e9es-d\u00e9color\u00e9es-et-entreneoeuds-courts.jpg\",\"et-pb-image--responsive--desktop\":\"https:\\\/\\\/www.vignevin.com\\\/wp-content\\\/uploads\\\/2019\\\/03\\\/Sympt\u00f4mes-de-la-maladie-du-Pinot-gris-GLMD-sur-Pinot-noir-feuilles-d\u00e9form\u00e9es-d\u00e9color\u00e9es-et-entreneoeuds-courts.jpg\",\"et-pb-image--responsive--tablet\":\"https:\\\/\\\/www.vignevin.com\\\/wp-content\\\/uploads\\\/2019\\\/03\\\/Sympt\u00f4mes-de-la-maladie-du-Pinot-gris-GLMD-sur-Pinot-noir-feuilles-d\u00e9form\u00e9es-d\u00e9color\u00e9es-et-entreneoeuds-courts.jpg\",\"et-pb-image--responsive--phone\":\"https:\\\/\\\/www.vignevin.com\\\/wp-content\\\/uploads\\\/2019\\\/03\\\/Sympt\u00f4mes-de-la-maladie-du-Pinot-gris-GLMD-sur-Pinot-noir-feuilles-d\u00e9form\u00e9es-d\u00e9color\u00e9es-et-entreneoeuds-courts.jpg\",\"gform-image-choice-sm\":\"https:\\\/\\\/www.vignevin.com\\\/wp-content\\\/uploads\\\/2019\\\/03\\\/Sympt\u00f4mes-de-la-maladie-du-Pinot-gris-GLMD-sur-Pinot-noir-feuilles-d\u00e9form\u00e9es-d\u00e9color\u00e9es-et-entreneoeuds-courts.jpg\",\"gform-image-choice-md\":\"https:\\\/\\\/www.vignevin.com\\\/wp-content\\\/uploads\\\/2019\\\/03\\\/Sympt\u00f4mes-de-la-maladie-du-Pinot-gris-GLMD-sur-Pinot-noir-feuilles-d\u00e9form\u00e9es-d\u00e9color\u00e9es-et-entreneoeuds-courts.jpg\",\"gform-image-choice-lg\":\"https:\\\/\\\/www.vignevin.com\\\/wp-content\\\/uploads\\\/2019\\\/03\\\/Sympt\u00f4mes-de-la-maladie-du-Pinot-gris-GLMD-sur-Pinot-noir-feuilles-d\u00e9form\u00e9es-d\u00e9color\u00e9es-et-entreneoeuds-courts.jpg\",\"woocommerce_thumbnail\":\"https:\\\/\\\/www.vignevin.com\\\/wp-content\\\/uploads\\\/2019\\\/03\\\/Sympt\u00f4mes-de-la-maladie-du-Pinot-gris-GLMD-sur-Pinot-noir-feuilles-d\u00e9form\u00e9es-d\u00e9color\u00e9es-et-entreneoeuds-courts-300x300.jpg\",\"woocommerce_single\":\"https:\\\/\\\/www.vignevin.com\\\/wp-content\\\/uploads\\\/2019\\\/03\\\/Sympt\u00f4mes-de-la-maladie-du-Pinot-gris-GLMD-sur-Pinot-noir-feuilles-d\u00e9form\u00e9es-d\u00e9color\u00e9es-et-entreneoeuds-courts-600x450.jpg\",\"woocommerce_gallery_thumbnail\":\"https:\\\/\\\/www.vignevin.com\\\/wp-content\\\/uploads\\\/2019\\\/03\\\/Sympt\u00f4mes-de-la-maladie-du-Pinot-gris-GLMD-sur-Pinot-noir-feuilles-d\u00e9form\u00e9es-d\u00e9color\u00e9es-et-entreneoeuds-courts-100x100.jpg\",\"full\":\"https:\\\/\\\/www.vignevin.com\\\/wp-content\\\/uploads\\\/2019\\\/03\\\/Sympt\u00f4mes-de-la-maladie-du-Pinot-gris-GLMD-sur-Pinot-noir-feuilles-d\u00e9form\u00e9es-d\u00e9color\u00e9es-et-entreneoeuds-courts.jpg\",\"index\":29,\"id\":9895,\"video\":false,\"opts\":{\"caption\":\"\",\"thumb\":{\"errors\":{\"envira-gallery-error-no-file\":[\"No file could be found for the image URL specified.\"]},\"error_data\":[]},\"title\":\"Sympt&ocirc;mes de la maladie du Pinot gris (GLMD) sur Pinot noir feuilles d&eacute;form&eacute;es, d&eacute;color&eacute;es et entreneoeuds courts\"},\"gallery_id\":\"17413\"},\"9896\":{\"status\":\"active\",\"src\":\"https:\\\/\\\/www.vignevin.com\\\/wp-content\\\/uploads\\\/2019\\\/03\\\/Sympt\u00f4mes-de-la-maladie-du-Pinot-gris-GLMD-sur-Pinot-noir.jpg\",\"title\":\"Sympt&ocirc;mes de la maladie du Pinot gris (GLMD) sur Pinot noir\",\"link\":\"https:\\\/\\\/www.vignevin.com\\\/wp-content\\\/uploads\\\/2019\\\/03\\\/Sympt\u00f4mes-de-la-maladie-du-Pinot-gris-GLMD-sur-Pinot-noir.jpg\",\"alt\":\"\",\"caption\":false,\"thumb\":{\"errors\":{\"envira-gallery-error-no-file\":[\"No file could be found for the image URL specified.\"]},\"error_data\":[]},\"meta\":{\"aperture\":null,\"credit\":null,\"camera\":null,\"caption\":\"\",\"created_timestamp\":null,\"copyright\":null,\"focal_length\":null,\"iso\":null,\"shutter_speed\":null,\"title\":\"\",\"orientation\":null,\"keywords\":null},\"thumbnail\":\"https:\\\/\\\/www.vignevin.com\\\/wp-content\\\/uploads\\\/2019\\\/03\\\/Sympt\u00f4mes-de-la-maladie-du-Pinot-gris-GLMD-sur-Pinot-noir-150x150.jpg\",\"medium\":\"https:\\\/\\\/www.vignevin.com\\\/wp-content\\\/uploads\\\/2019\\\/03\\\/Sympt\u00f4mes-de-la-maladie-du-Pinot-gris-GLMD-sur-Pinot-noir-300x225.jpg\",\"medium_large\":\"https:\\\/\\\/www.vignevin.com\\\/wp-content\\\/uploads\\\/2019\\\/03\\\/Sympt\u00f4mes-de-la-maladie-du-Pinot-gris-GLMD-sur-Pinot-noir.jpg\",\"large\":\"https:\\\/\\\/www.vignevin.com\\\/wp-content\\\/uploads\\\/2019\\\/03\\\/Sympt\u00f4mes-de-la-maladie-du-Pinot-gris-GLMD-sur-Pinot-noir.jpg\",\"1536x1536\":\"https:\\\/\\\/www.vignevin.com\\\/wp-content\\\/uploads\\\/2019\\\/03\\\/Sympt\u00f4mes-de-la-maladie-du-Pinot-gris-GLMD-sur-Pinot-noir.jpg\",\"2048x2048\":\"https:\\\/\\\/www.vignevin.com\\\/wp-content\\\/uploads\\\/2019\\\/03\\\/Sympt\u00f4mes-de-la-maladie-du-Pinot-gris-GLMD-sur-Pinot-noir.jpg\",\"et-pb-post-main-image\":\"https:\\\/\\\/www.vignevin.com\\\/wp-content\\\/uploads\\\/2019\\\/03\\\/Sympt\u00f4mes-de-la-maladie-du-Pinot-gris-GLMD-sur-Pinot-noir-400x250.jpg\",\"et-pb-post-main-image-fullwidth\":\"https:\\\/\\\/www.vignevin.com\\\/wp-content\\\/uploads\\\/2019\\\/03\\\/Sympt\u00f4mes-de-la-maladie-du-Pinot-gris-GLMD-sur-Pinot-noir.jpg\",\"et-pb-portfolio-image\":\"https:\\\/\\\/www.vignevin.com\\\/wp-content\\\/uploads\\\/2019\\\/03\\\/Sympt\u00f4mes-de-la-maladie-du-Pinot-gris-GLMD-sur-Pinot-noir-400x284.jpg\",\"et-pb-portfolio-module-image\":\"https:\\\/\\\/www.vignevin.com\\\/wp-content\\\/uploads\\\/2019\\\/03\\\/Sympt\u00f4mes-de-la-maladie-du-Pinot-gris-GLMD-sur-Pinot-noir-510x382.jpg\",\"et-pb-portfolio-image-single\":\"https:\\\/\\\/www.vignevin.com\\\/wp-content\\\/uploads\\\/2019\\\/03\\\/Sympt\u00f4mes-de-la-maladie-du-Pinot-gris-GLMD-sur-Pinot-noir.jpg\",\"et-pb-gallery-module-image-portrait\":\"https:\\\/\\\/www.vignevin.com\\\/wp-content\\\/uploads\\\/2019\\\/03\\\/Sympt\u00f4mes-de-la-maladie-du-Pinot-gris-GLMD-sur-Pinot-noir-400x516.jpg\",\"et-pb-post-main-image-fullwidth-large\":\"https:\\\/\\\/www.vignevin.com\\\/wp-content\\\/uploads\\\/2019\\\/03\\\/Sympt\u00f4mes-de-la-maladie-du-Pinot-gris-GLMD-sur-Pinot-noir.jpg\",\"et-pb-image--responsive--desktop\":\"https:\\\/\\\/www.vignevin.com\\\/wp-content\\\/uploads\\\/2019\\\/03\\\/Sympt\u00f4mes-de-la-maladie-du-Pinot-gris-GLMD-sur-Pinot-noir.jpg\",\"et-pb-image--responsive--tablet\":\"https:\\\/\\\/www.vignevin.com\\\/wp-content\\\/uploads\\\/2019\\\/03\\\/Sympt\u00f4mes-de-la-maladie-du-Pinot-gris-GLMD-sur-Pinot-noir.jpg\",\"et-pb-image--responsive--phone\":\"https:\\\/\\\/www.vignevin.com\\\/wp-content\\\/uploads\\\/2019\\\/03\\\/Sympt\u00f4mes-de-la-maladie-du-Pinot-gris-GLMD-sur-Pinot-noir.jpg\",\"gform-image-choice-sm\":\"https:\\\/\\\/www.vignevin.com\\\/wp-content\\\/uploads\\\/2019\\\/03\\\/Sympt\u00f4mes-de-la-maladie-du-Pinot-gris-GLMD-sur-Pinot-noir.jpg\",\"gform-image-choice-md\":\"https:\\\/\\\/www.vignevin.com\\\/wp-content\\\/uploads\\\/2019\\\/03\\\/Sympt\u00f4mes-de-la-maladie-du-Pinot-gris-GLMD-sur-Pinot-noir.jpg\",\"gform-image-choice-lg\":\"https:\\\/\\\/www.vignevin.com\\\/wp-content\\\/uploads\\\/2019\\\/03\\\/Sympt\u00f4mes-de-la-maladie-du-Pinot-gris-GLMD-sur-Pinot-noir.jpg\",\"woocommerce_thumbnail\":\"https:\\\/\\\/www.vignevin.com\\\/wp-content\\\/uploads\\\/2019\\\/03\\\/Sympt\u00f4mes-de-la-maladie-du-Pinot-gris-GLMD-sur-Pinot-noir-300x300.jpg\",\"woocommerce_single\":\"https:\\\/\\\/www.vignevin.com\\\/wp-content\\\/uploads\\\/2019\\\/03\\\/Sympt\u00f4mes-de-la-maladie-du-Pinot-gris-GLMD-sur-Pinot-noir-600x450.jpg\",\"woocommerce_gallery_thumbnail\":\"https:\\\/\\\/www.vignevin.com\\\/wp-content\\\/uploads\\\/2019\\\/03\\\/Sympt\u00f4mes-de-la-maladie-du-Pinot-gris-GLMD-sur-Pinot-noir-100x100.jpg\",\"full\":\"https:\\\/\\\/www.vignevin.com\\\/wp-content\\\/uploads\\\/2019\\\/03\\\/Sympt\u00f4mes-de-la-maladie-du-Pinot-gris-GLMD-sur-Pinot-noir.jpg\",\"index\":30,\"id\":9896,\"video\":false,\"opts\":{\"caption\":\"\",\"thumb\":{\"errors\":{\"envira-gallery-error-no-file\":[\"No file could be found for the image URL specified.\"]},\"error_data\":[]},\"title\":\"Sympt&ocirc;mes de la maladie du Pinot gris (GLMD) sur Pinot noir\"},\"gallery_id\":\"17413\"},\"9897\":{\"status\":\"active\",\"src\":\"https:\\\/\\\/www.vignevin.com\\\/wp-content\\\/uploads\\\/2019\\\/03\\\/Sympt\u00f4mes-de-maladie-du-Pinot-gris-GLMD-d\u00e9formations-folaires-et-mosa\u00efques-2-scaled.jpg\",\"title\":\"Sympt&ocirc;mes de maladie du Pinot gris (GLMD) d&eacute;formations folaires et mosa&iuml;ques (2)\",\"link\":\"https:\\\/\\\/www.vignevin.com\\\/wp-content\\\/uploads\\\/2019\\\/03\\\/Sympt\u00f4mes-de-maladie-du-Pinot-gris-GLMD-d\u00e9formations-folaires-et-mosa\u00efques-2.jpg\",\"alt\":\"\",\"caption\":false,\"thumb\":{\"errors\":{\"envira-gallery-error-no-file\":[\"No file could be found for the image URL specified.\"]},\"error_data\":[]},\"meta\":{\"aperture\":\"4\",\"credit\":null,\"camera\":\"DSC-HX9V\",\"caption\":\"\",\"created_timestamp\":\"1497350485\",\"copyright\":null,\"focal_length\":\"6.61\",\"iso\":\"125\",\"shutter_speed\":\"0.01\",\"title\":\"\",\"orientation\":\"1\",\"keywords\":null},\"thumbnail\":\"https:\\\/\\\/www.vignevin.com\\\/wp-content\\\/uploads\\\/2019\\\/03\\\/Sympt\u00f4mes-de-maladie-du-Pinot-gris-GLMD-d\u00e9formations-folaires-et-mosa\u00efques-2-150x150.jpg\",\"medium\":\"https:\\\/\\\/www.vignevin.com\\\/wp-content\\\/uploads\\\/2019\\\/03\\\/Sympt\u00f4mes-de-maladie-du-Pinot-gris-GLMD-d\u00e9formations-folaires-et-mosa\u00efques-2-300x225.jpg\",\"medium_large\":\"https:\\\/\\\/www.vignevin.com\\\/wp-content\\\/uploads\\\/2019\\\/03\\\/Sympt\u00f4mes-de-maladie-du-Pinot-gris-GLMD-d\u00e9formations-folaires-et-mosa\u00efques-2-768x576.jpg\",\"large\":\"https:\\\/\\\/www.vignevin.com\\\/wp-content\\\/uploads\\\/2019\\\/03\\\/Sympt\u00f4mes-de-maladie-du-Pinot-gris-GLMD-d\u00e9formations-folaires-et-mosa\u00efques-2-1024x768.jpg\",\"1536x1536\":\"https:\\\/\\\/www.vignevin.com\\\/wp-content\\\/uploads\\\/2019\\\/03\\\/Sympt\u00f4mes-de-maladie-du-Pinot-gris-GLMD-d\u00e9formations-folaires-et-mosa\u00efques-2-scaled.jpg\",\"2048x2048\":\"https:\\\/\\\/www.vignevin.com\\\/wp-content\\\/uploads\\\/2019\\\/03\\\/Sympt\u00f4mes-de-maladie-du-Pinot-gris-GLMD-d\u00e9formations-folaires-et-mosa\u00efques-2-scaled.jpg\",\"et-pb-post-main-image\":\"https:\\\/\\\/www.vignevin.com\\\/wp-content\\\/uploads\\\/2019\\\/03\\\/Sympt\u00f4mes-de-maladie-du-Pinot-gris-GLMD-d\u00e9formations-folaires-et-mosa\u00efques-2-400x250.jpg\",\"et-pb-post-main-image-fullwidth\":\"https:\\\/\\\/www.vignevin.com\\\/wp-content\\\/uploads\\\/2019\\\/03\\\/Sympt\u00f4mes-de-maladie-du-Pinot-gris-GLMD-d\u00e9formations-folaires-et-mosa\u00efques-2-1080x675.jpg\",\"et-pb-portfolio-image\":\"https:\\\/\\\/www.vignevin.com\\\/wp-content\\\/uploads\\\/2019\\\/03\\\/Sympt\u00f4mes-de-maladie-du-Pinot-gris-GLMD-d\u00e9formations-folaires-et-mosa\u00efques-2-400x284.jpg\",\"et-pb-portfolio-module-image\":\"https:\\\/\\\/www.vignevin.com\\\/wp-content\\\/uploads\\\/2019\\\/03\\\/Sympt\u00f4mes-de-maladie-du-Pinot-gris-GLMD-d\u00e9formations-folaires-et-mosa\u00efques-2-510x382.jpg\",\"et-pb-portfolio-image-single\":\"https:\\\/\\\/www.vignevin.com\\\/wp-content\\\/uploads\\\/2019\\\/03\\\/Sympt\u00f4mes-de-maladie-du-Pinot-gris-GLMD-d\u00e9formations-folaires-et-mosa\u00efques-2-1080x810.jpg\",\"et-pb-gallery-module-image-portrait\":\"https:\\\/\\\/www.vignevin.com\\\/wp-content\\\/uploads\\\/2019\\\/03\\\/Sympt\u00f4mes-de-maladie-du-Pinot-gris-GLMD-d\u00e9formations-folaires-et-mosa\u00efques-2-400x516.jpg\",\"et-pb-post-main-image-fullwidth-large\":\"https:\\\/\\\/www.vignevin.com\\\/wp-content\\\/uploads\\\/2019\\\/03\\\/Sympt\u00f4mes-de-maladie-du-Pinot-gris-GLMD-d\u00e9formations-folaires-et-mosa\u00efques-2-2880x1800.jpg\",\"et-pb-image--responsive--desktop\":\"https:\\\/\\\/www.vignevin.com\\\/wp-content\\\/uploads\\\/2019\\\/03\\\/Sympt\u00f4mes-de-maladie-du-Pinot-gris-GLMD-d\u00e9formations-folaires-et-mosa\u00efques-2-scaled.jpg\",\"et-pb-image--responsive--tablet\":\"https:\\\/\\\/www.vignevin.com\\\/wp-content\\\/uploads\\\/2019\\\/03\\\/Sympt\u00f4mes-de-maladie-du-Pinot-gris-GLMD-d\u00e9formations-folaires-et-mosa\u00efques-2-scaled.jpg\",\"et-pb-image--responsive--phone\":\"https:\\\/\\\/www.vignevin.com\\\/wp-content\\\/uploads\\\/2019\\\/03\\\/Sympt\u00f4mes-de-maladie-du-Pinot-gris-GLMD-d\u00e9formations-folaires-et-mosa\u00efques-2-scaled.jpg\",\"gform-image-choice-sm\":\"https:\\\/\\\/www.vignevin.com\\\/wp-content\\\/uploads\\\/2019\\\/03\\\/Sympt\u00f4mes-de-maladie-du-Pinot-gris-GLMD-d\u00e9formations-folaires-et-mosa\u00efques-2-scaled.jpg\",\"gform-image-choice-md\":\"https:\\\/\\\/www.vignevin.com\\\/wp-content\\\/uploads\\\/2019\\\/03\\\/Sympt\u00f4mes-de-maladie-du-Pinot-gris-GLMD-d\u00e9formations-folaires-et-mosa\u00efques-2-scaled.jpg\",\"gform-image-choice-lg\":\"https:\\\/\\\/www.vignevin.com\\\/wp-content\\\/uploads\\\/2019\\\/03\\\/Sympt\u00f4mes-de-maladie-du-Pinot-gris-GLMD-d\u00e9formations-folaires-et-mosa\u00efques-2-scaled.jpg\",\"woocommerce_thumbnail\":\"https:\\\/\\\/www.vignevin.com\\\/wp-content\\\/uploads\\\/2019\\\/03\\\/Sympt\u00f4mes-de-maladie-du-Pinot-gris-GLMD-d\u00e9formations-folaires-et-mosa\u00efques-2-scaled-300x300.jpg\",\"woocommerce_single\":\"https:\\\/\\\/www.vignevin.com\\\/wp-content\\\/uploads\\\/2019\\\/03\\\/Sympt\u00f4mes-de-maladie-du-Pinot-gris-GLMD-d\u00e9formations-folaires-et-mosa\u00efques-2-scaled-600x450.jpg\",\"woocommerce_gallery_thumbnail\":\"https:\\\/\\\/www.vignevin.com\\\/wp-content\\\/uploads\\\/2019\\\/03\\\/Sympt\u00f4mes-de-maladie-du-Pinot-gris-GLMD-d\u00e9formations-folaires-et-mosa\u00efques-2-scaled-100x100.jpg\",\"full\":\"https:\\\/\\\/www.vignevin.com\\\/wp-content\\\/uploads\\\/2019\\\/03\\\/Sympt\u00f4mes-de-maladie-du-Pinot-gris-GLMD-d\u00e9formations-folaires-et-mosa\u00efques-2-scaled.jpg\",\"index\":31,\"id\":9897,\"video\":false,\"opts\":{\"caption\":\"\",\"thumb\":{\"errors\":{\"envira-gallery-error-no-file\":[\"No file could be found for the image URL specified.\"]},\"error_data\":[]},\"title\":\"Sympt&ocirc;mes de maladie du Pinot gris (GLMD) d&eacute;formations folaires et mosa&iuml;ques (2)\"},\"gallery_id\":\"17413\"},\"9898\":{\"status\":\"active\",\"src\":\"https:\\\/\\\/www.vignevin.com\\\/wp-content\\\/uploads\\\/2019\\\/03\\\/Sympt\u00f4mes-de-maladie-du-Pinot-gris-GLMD-d\u00e9formations-folaires-et-mosa\u00efques-3-scaled.jpg\",\"title\":\"Sympt&ocirc;mes de maladie du Pinot gris (GLMD) d&eacute;formations folaires et mosa&iuml;ques (3)\",\"link\":\"https:\\\/\\\/www.vignevin.com\\\/wp-content\\\/uploads\\\/2019\\\/03\\\/Sympt\u00f4mes-de-maladie-du-Pinot-gris-GLMD-d\u00e9formations-folaires-et-mosa\u00efques-3.jpg\",\"alt\":\"\",\"caption\":false,\"thumb\":{\"errors\":{\"envira-gallery-error-no-file\":[\"No file could be found for the image URL specified.\"]},\"error_data\":[]},\"meta\":{\"aperture\":\"4.5\",\"credit\":null,\"camera\":\"DSC-HX9V\",\"caption\":\"\",\"created_timestamp\":\"1497350495\",\"copyright\":null,\"focal_length\":\"11.36\",\"iso\":\"125\",\"shutter_speed\":\"0.0125\",\"title\":\"\",\"orientation\":\"1\",\"keywords\":null},\"thumbnail\":\"https:\\\/\\\/www.vignevin.com\\\/wp-content\\\/uploads\\\/2019\\\/03\\\/Sympt\u00f4mes-de-maladie-du-Pinot-gris-GLMD-d\u00e9formations-folaires-et-mosa\u00efques-3-150x150.jpg\",\"medium\":\"https:\\\/\\\/www.vignevin.com\\\/wp-content\\\/uploads\\\/2019\\\/03\\\/Sympt\u00f4mes-de-maladie-du-Pinot-gris-GLMD-d\u00e9formations-folaires-et-mosa\u00efques-3-300x225.jpg\",\"medium_large\":\"https:\\\/\\\/www.vignevin.com\\\/wp-content\\\/uploads\\\/2019\\\/03\\\/Sympt\u00f4mes-de-maladie-du-Pinot-gris-GLMD-d\u00e9formations-folaires-et-mosa\u00efques-3-768x576.jpg\",\"large\":\"https:\\\/\\\/www.vignevin.com\\\/wp-content\\\/uploads\\\/2019\\\/03\\\/Sympt\u00f4mes-de-maladie-du-Pinot-gris-GLMD-d\u00e9formations-folaires-et-mosa\u00efques-3-1024x768.jpg\",\"1536x1536\":\"https:\\\/\\\/www.vignevin.com\\\/wp-content\\\/uploads\\\/2019\\\/03\\\/Sympt\u00f4mes-de-maladie-du-Pinot-gris-GLMD-d\u00e9formations-folaires-et-mosa\u00efques-3-scaled.jpg\",\"2048x2048\":\"https:\\\/\\\/www.vignevin.com\\\/wp-content\\\/uploads\\\/2019\\\/03\\\/Sympt\u00f4mes-de-maladie-du-Pinot-gris-GLMD-d\u00e9formations-folaires-et-mosa\u00efques-3-scaled.jpg\",\"et-pb-post-main-image\":\"https:\\\/\\\/www.vignevin.com\\\/wp-content\\\/uploads\\\/2019\\\/03\\\/Sympt\u00f4mes-de-maladie-du-Pinot-gris-GLMD-d\u00e9formations-folaires-et-mosa\u00efques-3-400x250.jpg\",\"et-pb-post-main-image-fullwidth\":\"https:\\\/\\\/www.vignevin.com\\\/wp-content\\\/uploads\\\/2019\\\/03\\\/Sympt\u00f4mes-de-maladie-du-Pinot-gris-GLMD-d\u00e9formations-folaires-et-mosa\u00efques-3-1080x675.jpg\",\"et-pb-portfolio-image\":\"https:\\\/\\\/www.vignevin.com\\\/wp-content\\\/uploads\\\/2019\\\/03\\\/Sympt\u00f4mes-de-maladie-du-Pinot-gris-GLMD-d\u00e9formations-folaires-et-mosa\u00efques-3-400x284.jpg\",\"et-pb-portfolio-module-image\":\"https:\\\/\\\/www.vignevin.com\\\/wp-content\\\/uploads\\\/2019\\\/03\\\/Sympt\u00f4mes-de-maladie-du-Pinot-gris-GLMD-d\u00e9formations-folaires-et-mosa\u00efques-3-510x382.jpg\",\"et-pb-portfolio-image-single\":\"https:\\\/\\\/www.vignevin.com\\\/wp-content\\\/uploads\\\/2019\\\/03\\\/Sympt\u00f4mes-de-maladie-du-Pinot-gris-GLMD-d\u00e9formations-folaires-et-mosa\u00efques-3-1080x810.jpg\",\"et-pb-gallery-module-image-portrait\":\"https:\\\/\\\/www.vignevin.com\\\/wp-content\\\/uploads\\\/2019\\\/03\\\/Sympt\u00f4mes-de-maladie-du-Pinot-gris-GLMD-d\u00e9formations-folaires-et-mosa\u00efques-3-400x516.jpg\",\"et-pb-post-main-image-fullwidth-large\":\"https:\\\/\\\/www.vignevin.com\\\/wp-content\\\/uploads\\\/2019\\\/03\\\/Sympt\u00f4mes-de-maladie-du-Pinot-gris-GLMD-d\u00e9formations-folaires-et-mosa\u00efques-3-2880x1800.jpg\",\"et-pb-image--responsive--desktop\":\"https:\\\/\\\/www.vignevin.com\\\/wp-content\\\/uploads\\\/2019\\\/03\\\/Sympt\u00f4mes-de-maladie-du-Pinot-gris-GLMD-d\u00e9formations-folaires-et-mosa\u00efques-3-scaled.jpg\",\"et-pb-image--responsive--tablet\":\"https:\\\/\\\/www.vignevin.com\\\/wp-content\\\/uploads\\\/2019\\\/03\\\/Sympt\u00f4mes-de-maladie-du-Pinot-gris-GLMD-d\u00e9formations-folaires-et-mosa\u00efques-3-scaled.jpg\",\"et-pb-image--responsive--phone\":\"https:\\\/\\\/www.vignevin.com\\\/wp-content\\\/uploads\\\/2019\\\/03\\\/Sympt\u00f4mes-de-maladie-du-Pinot-gris-GLMD-d\u00e9formations-folaires-et-mosa\u00efques-3-scaled.jpg\",\"gform-image-choice-sm\":\"https:\\\/\\\/www.vignevin.com\\\/wp-content\\\/uploads\\\/2019\\\/03\\\/Sympt\u00f4mes-de-maladie-du-Pinot-gris-GLMD-d\u00e9formations-folaires-et-mosa\u00efques-3-scaled.jpg\",\"gform-image-choice-md\":\"https:\\\/\\\/www.vignevin.com\\\/wp-content\\\/uploads\\\/2019\\\/03\\\/Sympt\u00f4mes-de-maladie-du-Pinot-gris-GLMD-d\u00e9formations-folaires-et-mosa\u00efques-3-scaled.jpg\",\"gform-image-choice-lg\":\"https:\\\/\\\/www.vignevin.com\\\/wp-content\\\/uploads\\\/2019\\\/03\\\/Sympt\u00f4mes-de-maladie-du-Pinot-gris-GLMD-d\u00e9formations-folaires-et-mosa\u00efques-3-scaled.jpg\",\"woocommerce_thumbnail\":\"https:\\\/\\\/www.vignevin.com\\\/wp-content\\\/uploads\\\/2019\\\/03\\\/Sympt\u00f4mes-de-maladie-du-Pinot-gris-GLMD-d\u00e9formations-folaires-et-mosa\u00efques-3-scaled-300x300.jpg\",\"woocommerce_single\":\"https:\\\/\\\/www.vignevin.com\\\/wp-content\\\/uploads\\\/2019\\\/03\\\/Sympt\u00f4mes-de-maladie-du-Pinot-gris-GLMD-d\u00e9formations-folaires-et-mosa\u00efques-3-scaled-600x450.jpg\",\"woocommerce_gallery_thumbnail\":\"https:\\\/\\\/www.vignevin.com\\\/wp-content\\\/uploads\\\/2019\\\/03\\\/Sympt\u00f4mes-de-maladie-du-Pinot-gris-GLMD-d\u00e9formations-folaires-et-mosa\u00efques-3-scaled-100x100.jpg\",\"full\":\"https:\\\/\\\/www.vignevin.com\\\/wp-content\\\/uploads\\\/2019\\\/03\\\/Sympt\u00f4mes-de-maladie-du-Pinot-gris-GLMD-d\u00e9formations-folaires-et-mosa\u00efques-3-scaled.jpg\",\"index\":32,\"id\":9898,\"video\":false,\"opts\":{\"caption\":\"\",\"thumb\":{\"errors\":{\"envira-gallery-error-no-file\":[\"No file could be found for the image URL specified.\"]},\"error_data\":[]},\"title\":\"Sympt&ocirc;mes de maladie du Pinot gris (GLMD) d&eacute;formations folaires et mosa&iuml;ques (3)\"},\"gallery_id\":\"17413\"},\"9899\":{\"status\":\"active\",\"src\":\"https:\\\/\\\/www.vignevin.com\\\/wp-content\\\/uploads\\\/2019\\\/03\\\/Sympt\u00f4mes-de-maladie-du-Pinot-gris-GLMD-d\u00e9formations-folaires-et-mosa\u00efques-4-scaled.jpg\",\"title\":\"Sympt&ocirc;mes de maladie du Pinot gris (GLMD) d&eacute;formations folaires et mosa&iuml;ques (4)\",\"link\":\"https:\\\/\\\/www.vignevin.com\\\/wp-content\\\/uploads\\\/2019\\\/03\\\/Sympt\u00f4mes-de-maladie-du-Pinot-gris-GLMD-d\u00e9formations-folaires-et-mosa\u00efques-4.jpg\",\"alt\":\"\",\"caption\":false,\"thumb\":{\"errors\":{\"envira-gallery-error-no-file\":[\"No file could be found for the image URL specified.\"]},\"error_data\":[]},\"meta\":{\"aperture\":\"4.5\",\"credit\":null,\"camera\":\"DSC-HX9V\",\"caption\":\"\",\"created_timestamp\":\"1497350522\",\"copyright\":null,\"focal_length\":\"11.36\",\"iso\":\"250\",\"shutter_speed\":\"0.0125\",\"title\":\"\",\"orientation\":\"1\",\"keywords\":null},\"thumbnail\":\"https:\\\/\\\/www.vignevin.com\\\/wp-content\\\/uploads\\\/2019\\\/03\\\/Sympt\u00f4mes-de-maladie-du-Pinot-gris-GLMD-d\u00e9formations-folaires-et-mosa\u00efques-4-150x150.jpg\",\"medium\":\"https:\\\/\\\/www.vignevin.com\\\/wp-content\\\/uploads\\\/2019\\\/03\\\/Sympt\u00f4mes-de-maladie-du-Pinot-gris-GLMD-d\u00e9formations-folaires-et-mosa\u00efques-4-300x225.jpg\",\"medium_large\":\"https:\\\/\\\/www.vignevin.com\\\/wp-content\\\/uploads\\\/2019\\\/03\\\/Sympt\u00f4mes-de-maladie-du-Pinot-gris-GLMD-d\u00e9formations-folaires-et-mosa\u00efques-4-768x576.jpg\",\"large\":\"https:\\\/\\\/www.vignevin.com\\\/wp-content\\\/uploads\\\/2019\\\/03\\\/Sympt\u00f4mes-de-maladie-du-Pinot-gris-GLMD-d\u00e9formations-folaires-et-mosa\u00efques-4-1024x768.jpg\",\"1536x1536\":\"https:\\\/\\\/www.vignevin.com\\\/wp-content\\\/uploads\\\/2019\\\/03\\\/Sympt\u00f4mes-de-maladie-du-Pinot-gris-GLMD-d\u00e9formations-folaires-et-mosa\u00efques-4-scaled.jpg\",\"2048x2048\":\"https:\\\/\\\/www.vignevin.com\\\/wp-content\\\/uploads\\\/2019\\\/03\\\/Sympt\u00f4mes-de-maladie-du-Pinot-gris-GLMD-d\u00e9formations-folaires-et-mosa\u00efques-4-scaled.jpg\",\"et-pb-post-main-image\":\"https:\\\/\\\/www.vignevin.com\\\/wp-content\\\/uploads\\\/2019\\\/03\\\/Sympt\u00f4mes-de-maladie-du-Pinot-gris-GLMD-d\u00e9formations-folaires-et-mosa\u00efques-4-400x250.jpg\",\"et-pb-post-main-image-fullwidth\":\"https:\\\/\\\/www.vignevin.com\\\/wp-content\\\/uploads\\\/2019\\\/03\\\/Sympt\u00f4mes-de-maladie-du-Pinot-gris-GLMD-d\u00e9formations-folaires-et-mosa\u00efques-4-1080x675.jpg\",\"et-pb-portfolio-image\":\"https:\\\/\\\/www.vignevin.com\\\/wp-content\\\/uploads\\\/2019\\\/03\\\/Sympt\u00f4mes-de-maladie-du-Pinot-gris-GLMD-d\u00e9formations-folaires-et-mosa\u00efques-4-400x284.jpg\",\"et-pb-portfolio-module-image\":\"https:\\\/\\\/www.vignevin.com\\\/wp-content\\\/uploads\\\/2019\\\/03\\\/Sympt\u00f4mes-de-maladie-du-Pinot-gris-GLMD-d\u00e9formations-folaires-et-mosa\u00efques-4-510x382.jpg\",\"et-pb-portfolio-image-single\":\"https:\\\/\\\/www.vignevin.com\\\/wp-content\\\/uploads\\\/2019\\\/03\\\/Sympt\u00f4mes-de-maladie-du-Pinot-gris-GLMD-d\u00e9formations-folaires-et-mosa\u00efques-4-1080x810.jpg\",\"et-pb-gallery-module-image-portrait\":\"https:\\\/\\\/www.vignevin.com\\\/wp-content\\\/uploads\\\/2019\\\/03\\\/Sympt\u00f4mes-de-maladie-du-Pinot-gris-GLMD-d\u00e9formations-folaires-et-mosa\u00efques-4-400x516.jpg\",\"et-pb-post-main-image-fullwidth-large\":\"https:\\\/\\\/www.vignevin.com\\\/wp-content\\\/uploads\\\/2019\\\/03\\\/Sympt\u00f4mes-de-maladie-du-Pinot-gris-GLMD-d\u00e9formations-folaires-et-mosa\u00efques-4-2880x1800.jpg\",\"et-pb-image--responsive--desktop\":\"https:\\\/\\\/www.vignevin.com\\\/wp-content\\\/uploads\\\/2019\\\/03\\\/Sympt\u00f4mes-de-maladie-du-Pinot-gris-GLMD-d\u00e9formations-folaires-et-mosa\u00efques-4-scaled.jpg\",\"et-pb-image--responsive--tablet\":\"https:\\\/\\\/www.vignevin.com\\\/wp-content\\\/uploads\\\/2019\\\/03\\\/Sympt\u00f4mes-de-maladie-du-Pinot-gris-GLMD-d\u00e9formations-folaires-et-mosa\u00efques-4-scaled.jpg\",\"et-pb-image--responsive--phone\":\"https:\\\/\\\/www.vignevin.com\\\/wp-content\\\/uploads\\\/2019\\\/03\\\/Sympt\u00f4mes-de-maladie-du-Pinot-gris-GLMD-d\u00e9formations-folaires-et-mosa\u00efques-4-scaled.jpg\",\"gform-image-choice-sm\":\"https:\\\/\\\/www.vignevin.com\\\/wp-content\\\/uploads\\\/2019\\\/03\\\/Sympt\u00f4mes-de-maladie-du-Pinot-gris-GLMD-d\u00e9formations-folaires-et-mosa\u00efques-4-scaled.jpg\",\"gform-image-choice-md\":\"https:\\\/\\\/www.vignevin.com\\\/wp-content\\\/uploads\\\/2019\\\/03\\\/Sympt\u00f4mes-de-maladie-du-Pinot-gris-GLMD-d\u00e9formations-folaires-et-mosa\u00efques-4-scaled.jpg\",\"gform-image-choice-lg\":\"https:\\\/\\\/www.vignevin.com\\\/wp-content\\\/uploads\\\/2019\\\/03\\\/Sympt\u00f4mes-de-maladie-du-Pinot-gris-GLMD-d\u00e9formations-folaires-et-mosa\u00efques-4-scaled.jpg\",\"woocommerce_thumbnail\":\"https:\\\/\\\/www.vignevin.com\\\/wp-content\\\/uploads\\\/2019\\\/03\\\/Sympt\u00f4mes-de-maladie-du-Pinot-gris-GLMD-d\u00e9formations-folaires-et-mosa\u00efques-4-scaled-300x300.jpg\",\"woocommerce_single\":\"https:\\\/\\\/www.vignevin.com\\\/wp-content\\\/uploads\\\/2019\\\/03\\\/Sympt\u00f4mes-de-maladie-du-Pinot-gris-GLMD-d\u00e9formations-folaires-et-mosa\u00efques-4-scaled-600x450.jpg\",\"woocommerce_gallery_thumbnail\":\"https:\\\/\\\/www.vignevin.com\\\/wp-content\\\/uploads\\\/2019\\\/03\\\/Sympt\u00f4mes-de-maladie-du-Pinot-gris-GLMD-d\u00e9formations-folaires-et-mosa\u00efques-4-scaled-100x100.jpg\",\"full\":\"https:\\\/\\\/www.vignevin.com\\\/wp-content\\\/uploads\\\/2019\\\/03\\\/Sympt\u00f4mes-de-maladie-du-Pinot-gris-GLMD-d\u00e9formations-folaires-et-mosa\u00efques-4-scaled.jpg\",\"index\":33,\"id\":9899,\"video\":false,\"opts\":{\"caption\":\"\",\"thumb\":{\"errors\":{\"envira-gallery-error-no-file\":[\"No file could be found for the image URL specified.\"]},\"error_data\":[]},\"title\":\"Sympt&ocirc;mes de maladie du Pinot gris (GLMD) d&eacute;formations folaires et mosa&iuml;ques (4)\"},\"gallery_id\":\"17413\"},\"9900\":{\"status\":\"active\",\"src\":\"https:\\\/\\\/www.vignevin.com\\\/wp-content\\\/uploads\\\/2019\\\/03\\\/Sympt\u00f4mes-de-maladie-du-Pinot-gris-GLMD-d\u00e9formations-folaires-et-mosa\u00efques-5-scaled.jpg\",\"title\":\"Sympt&ocirc;mes de maladie du Pinot gris (GLMD) d&eacute;formations folaires et mosa&iuml;ques (5)\",\"link\":\"https:\\\/\\\/www.vignevin.com\\\/wp-content\\\/uploads\\\/2019\\\/03\\\/Sympt\u00f4mes-de-maladie-du-Pinot-gris-GLMD-d\u00e9formations-folaires-et-mosa\u00efques-5.jpg\",\"alt\":\"\",\"caption\":false,\"thumb\":{\"errors\":{\"envira-gallery-error-no-file\":[\"No file could be found for the image URL specified.\"]},\"error_data\":[]},\"meta\":{\"aperture\":\"3.5\",\"credit\":null,\"camera\":\"DSC-HX9V\",\"caption\":\"\",\"created_timestamp\":\"1497350633\",\"copyright\":null,\"focal_length\":\"5.51\",\"iso\":\"100\",\"shutter_speed\":\"0.0125\",\"title\":\"\",\"orientation\":\"1\",\"keywords\":null},\"thumbnail\":\"https:\\\/\\\/www.vignevin.com\\\/wp-content\\\/uploads\\\/2019\\\/03\\\/Sympt\u00f4mes-de-maladie-du-Pinot-gris-GLMD-d\u00e9formations-folaires-et-mosa\u00efques-5-150x150.jpg\",\"medium\":\"https:\\\/\\\/www.vignevin.com\\\/wp-content\\\/uploads\\\/2019\\\/03\\\/Sympt\u00f4mes-de-maladie-du-Pinot-gris-GLMD-d\u00e9formations-folaires-et-mosa\u00efques-5-300x279.jpg\",\"medium_large\":\"https:\\\/\\\/www.vignevin.com\\\/wp-content\\\/uploads\\\/2019\\\/03\\\/Sympt\u00f4mes-de-maladie-du-Pinot-gris-GLMD-d\u00e9formations-folaires-et-mosa\u00efques-5-768x714.jpg\",\"large\":\"https:\\\/\\\/www.vignevin.com\\\/wp-content\\\/uploads\\\/2019\\\/03\\\/Sympt\u00f4mes-de-maladie-du-Pinot-gris-GLMD-d\u00e9formations-folaires-et-mosa\u00efques-5-1024x952.jpg\",\"1536x1536\":\"https:\\\/\\\/www.vignevin.com\\\/wp-content\\\/uploads\\\/2019\\\/03\\\/Sympt\u00f4mes-de-maladie-du-Pinot-gris-GLMD-d\u00e9formations-folaires-et-mosa\u00efques-5-scaled.jpg\",\"2048x2048\":\"https:\\\/\\\/www.vignevin.com\\\/wp-content\\\/uploads\\\/2019\\\/03\\\/Sympt\u00f4mes-de-maladie-du-Pinot-gris-GLMD-d\u00e9formations-folaires-et-mosa\u00efques-5-scaled.jpg\",\"et-pb-post-main-image\":\"https:\\\/\\\/www.vignevin.com\\\/wp-content\\\/uploads\\\/2019\\\/03\\\/Sympt\u00f4mes-de-maladie-du-Pinot-gris-GLMD-d\u00e9formations-folaires-et-mosa\u00efques-5-400x250.jpg\",\"et-pb-post-main-image-fullwidth\":\"https:\\\/\\\/www.vignevin.com\\\/wp-content\\\/uploads\\\/2019\\\/03\\\/Sympt\u00f4mes-de-maladie-du-Pinot-gris-GLMD-d\u00e9formations-folaires-et-mosa\u00efques-5-1080x675.jpg\",\"et-pb-portfolio-image\":\"https:\\\/\\\/www.vignevin.com\\\/wp-content\\\/uploads\\\/2019\\\/03\\\/Sympt\u00f4mes-de-maladie-du-Pinot-gris-GLMD-d\u00e9formations-folaires-et-mosa\u00efques-5-400x284.jpg\",\"et-pb-portfolio-module-image\":\"https:\\\/\\\/www.vignevin.com\\\/wp-content\\\/uploads\\\/2019\\\/03\\\/Sympt\u00f4mes-de-maladie-du-Pinot-gris-GLMD-d\u00e9formations-folaires-et-mosa\u00efques-5-510x382.jpg\",\"et-pb-portfolio-image-single\":\"https:\\\/\\\/www.vignevin.com\\\/wp-content\\\/uploads\\\/2019\\\/03\\\/Sympt\u00f4mes-de-maladie-du-Pinot-gris-GLMD-d\u00e9formations-folaires-et-mosa\u00efques-5-1080x1004.jpg\",\"et-pb-gallery-module-image-portrait\":\"https:\\\/\\\/www.vignevin.com\\\/wp-content\\\/uploads\\\/2019\\\/03\\\/Sympt\u00f4mes-de-maladie-du-Pinot-gris-GLMD-d\u00e9formations-folaires-et-mosa\u00efques-5-400x516.jpg\",\"et-pb-post-main-image-fullwidth-large\":\"https:\\\/\\\/www.vignevin.com\\\/wp-content\\\/uploads\\\/2019\\\/03\\\/Sympt\u00f4mes-de-maladie-du-Pinot-gris-GLMD-d\u00e9formations-folaires-et-mosa\u00efques-5-2880x1800.jpg\",\"et-pb-image--responsive--desktop\":\"https:\\\/\\\/www.vignevin.com\\\/wp-content\\\/uploads\\\/2019\\\/03\\\/Sympt\u00f4mes-de-maladie-du-Pinot-gris-GLMD-d\u00e9formations-folaires-et-mosa\u00efques-5-scaled.jpg\",\"et-pb-image--responsive--tablet\":\"https:\\\/\\\/www.vignevin.com\\\/wp-content\\\/uploads\\\/2019\\\/03\\\/Sympt\u00f4mes-de-maladie-du-Pinot-gris-GLMD-d\u00e9formations-folaires-et-mosa\u00efques-5-scaled.jpg\",\"et-pb-image--responsive--phone\":\"https:\\\/\\\/www.vignevin.com\\\/wp-content\\\/uploads\\\/2019\\\/03\\\/Sympt\u00f4mes-de-maladie-du-Pinot-gris-GLMD-d\u00e9formations-folaires-et-mosa\u00efques-5-scaled.jpg\",\"gform-image-choice-sm\":\"https:\\\/\\\/www.vignevin.com\\\/wp-content\\\/uploads\\\/2019\\\/03\\\/Sympt\u00f4mes-de-maladie-du-Pinot-gris-GLMD-d\u00e9formations-folaires-et-mosa\u00efques-5-scaled.jpg\",\"gform-image-choice-md\":\"https:\\\/\\\/www.vignevin.com\\\/wp-content\\\/uploads\\\/2019\\\/03\\\/Sympt\u00f4mes-de-maladie-du-Pinot-gris-GLMD-d\u00e9formations-folaires-et-mosa\u00efques-5-scaled.jpg\",\"gform-image-choice-lg\":\"https:\\\/\\\/www.vignevin.com\\\/wp-content\\\/uploads\\\/2019\\\/03\\\/Sympt\u00f4mes-de-maladie-du-Pinot-gris-GLMD-d\u00e9formations-folaires-et-mosa\u00efques-5-scaled.jpg\",\"woocommerce_thumbnail\":\"https:\\\/\\\/www.vignevin.com\\\/wp-content\\\/uploads\\\/2019\\\/03\\\/Sympt\u00f4mes-de-maladie-du-Pinot-gris-GLMD-d\u00e9formations-folaires-et-mosa\u00efques-5-scaled-300x300.jpg\",\"woocommerce_single\":\"https:\\\/\\\/www.vignevin.com\\\/wp-content\\\/uploads\\\/2019\\\/03\\\/Sympt\u00f4mes-de-maladie-du-Pinot-gris-GLMD-d\u00e9formations-folaires-et-mosa\u00efques-5-scaled-600x558.jpg\",\"woocommerce_gallery_thumbnail\":\"https:\\\/\\\/www.vignevin.com\\\/wp-content\\\/uploads\\\/2019\\\/03\\\/Sympt\u00f4mes-de-maladie-du-Pinot-gris-GLMD-d\u00e9formations-folaires-et-mosa\u00efques-5-scaled-100x100.jpg\",\"full\":\"https:\\\/\\\/www.vignevin.com\\\/wp-content\\\/uploads\\\/2019\\\/03\\\/Sympt\u00f4mes-de-maladie-du-Pinot-gris-GLMD-d\u00e9formations-folaires-et-mosa\u00efques-5-scaled.jpg\",\"index\":34,\"id\":9900,\"video\":false,\"opts\":{\"caption\":\"\",\"thumb\":{\"errors\":{\"envira-gallery-error-no-file\":[\"No file could be found for the image URL specified.\"]},\"error_data\":[]},\"title\":\"Sympt&ocirc;mes de maladie du Pinot gris (GLMD) d&eacute;formations folaires et mosa&iuml;ques (5)\"},\"gallery_id\":\"17413\"},\"9901\":{\"status\":\"active\",\"src\":\"https:\\\/\\\/www.vignevin.com\\\/wp-content\\\/uploads\\\/2019\\\/03\\\/Sympt\u00f4mes-de-maladie-du-Pinot-gris-GLMD-d\u00e9formations-folaires-et-mosa\u00efques-6-scaled.jpg\",\"title\":\"Sympt&ocirc;mes de maladie du Pinot gris (GLMD) d&eacute;formations folaires et mosa&iuml;ques (6)\",\"link\":\"https:\\\/\\\/www.vignevin.com\\\/wp-content\\\/uploads\\\/2019\\\/03\\\/Sympt\u00f4mes-de-maladie-du-Pinot-gris-GLMD-d\u00e9formations-folaires-et-mosa\u00efques-6.jpg\",\"alt\":\"\",\"caption\":false,\"thumb\":{\"errors\":{\"envira-gallery-error-no-file\":[\"No file could be found for the image URL specified.\"]},\"error_data\":[]},\"meta\":{\"aperture\":\"3.3\",\"credit\":null,\"camera\":\"DSC-HX9V\",\"caption\":\"\",\"created_timestamp\":\"1497367445\",\"copyright\":null,\"focal_length\":\"4.28\",\"iso\":\"100\",\"shutter_speed\":\"0.008\",\"title\":\"\",\"orientation\":null,\"keywords\":null},\"thumbnail\":\"https:\\\/\\\/www.vignevin.com\\\/wp-content\\\/uploads\\\/2019\\\/03\\\/Sympt\u00f4mes-de-maladie-du-Pinot-gris-GLMD-d\u00e9formations-folaires-et-mosa\u00efques-6-150x150.jpg\",\"medium\":\"https:\\\/\\\/www.vignevin.com\\\/wp-content\\\/uploads\\\/2019\\\/03\\\/Sympt\u00f4mes-de-maladie-du-Pinot-gris-GLMD-d\u00e9formations-folaires-et-mosa\u00efques-6-300x235.jpg\",\"medium_large\":\"https:\\\/\\\/www.vignevin.com\\\/wp-content\\\/uploads\\\/2019\\\/03\\\/Sympt\u00f4mes-de-maladie-du-Pinot-gris-GLMD-d\u00e9formations-folaires-et-mosa\u00efques-6-768x601.jpg\",\"large\":\"https:\\\/\\\/www.vignevin.com\\\/wp-content\\\/uploads\\\/2019\\\/03\\\/Sympt\u00f4mes-de-maladie-du-Pinot-gris-GLMD-d\u00e9formations-folaires-et-mosa\u00efques-6-1024x801.jpg\",\"1536x1536\":\"https:\\\/\\\/www.vignevin.com\\\/wp-content\\\/uploads\\\/2019\\\/03\\\/Sympt\u00f4mes-de-maladie-du-Pinot-gris-GLMD-d\u00e9formations-folaires-et-mosa\u00efques-6-scaled.jpg\",\"2048x2048\":\"https:\\\/\\\/www.vignevin.com\\\/wp-content\\\/uploads\\\/2019\\\/03\\\/Sympt\u00f4mes-de-maladie-du-Pinot-gris-GLMD-d\u00e9formations-folaires-et-mosa\u00efques-6-scaled.jpg\",\"et-pb-post-main-image\":\"https:\\\/\\\/www.vignevin.com\\\/wp-content\\\/uploads\\\/2019\\\/03\\\/Sympt\u00f4mes-de-maladie-du-Pinot-gris-GLMD-d\u00e9formations-folaires-et-mosa\u00efques-6-400x250.jpg\",\"et-pb-post-main-image-fullwidth\":\"https:\\\/\\\/www.vignevin.com\\\/wp-content\\\/uploads\\\/2019\\\/03\\\/Sympt\u00f4mes-de-maladie-du-Pinot-gris-GLMD-d\u00e9formations-folaires-et-mosa\u00efques-6-1080x675.jpg\",\"et-pb-portfolio-image\":\"https:\\\/\\\/www.vignevin.com\\\/wp-content\\\/uploads\\\/2019\\\/03\\\/Sympt\u00f4mes-de-maladie-du-Pinot-gris-GLMD-d\u00e9formations-folaires-et-mosa\u00efques-6-400x284.jpg\",\"et-pb-portfolio-module-image\":\"https:\\\/\\\/www.vignevin.com\\\/wp-content\\\/uploads\\\/2019\\\/03\\\/Sympt\u00f4mes-de-maladie-du-Pinot-gris-GLMD-d\u00e9formations-folaires-et-mosa\u00efques-6-510x382.jpg\",\"et-pb-portfolio-image-single\":\"https:\\\/\\\/www.vignevin.com\\\/wp-content\\\/uploads\\\/2019\\\/03\\\/Sympt\u00f4mes-de-maladie-du-Pinot-gris-GLMD-d\u00e9formations-folaires-et-mosa\u00efques-6-1080x845.jpg\",\"et-pb-gallery-module-image-portrait\":\"https:\\\/\\\/www.vignevin.com\\\/wp-content\\\/uploads\\\/2019\\\/03\\\/Sympt\u00f4mes-de-maladie-du-Pinot-gris-GLMD-d\u00e9formations-folaires-et-mosa\u00efques-6-400x516.jpg\",\"et-pb-post-main-image-fullwidth-large\":\"https:\\\/\\\/www.vignevin.com\\\/wp-content\\\/uploads\\\/2019\\\/03\\\/Sympt\u00f4mes-de-maladie-du-Pinot-gris-GLMD-d\u00e9formations-folaires-et-mosa\u00efques-6-2880x1800.jpg\",\"et-pb-image--responsive--desktop\":\"https:\\\/\\\/www.vignevin.com\\\/wp-content\\\/uploads\\\/2019\\\/03\\\/Sympt\u00f4mes-de-maladie-du-Pinot-gris-GLMD-d\u00e9formations-folaires-et-mosa\u00efques-6-scaled.jpg\",\"et-pb-image--responsive--tablet\":\"https:\\\/\\\/www.vignevin.com\\\/wp-content\\\/uploads\\\/2019\\\/03\\\/Sympt\u00f4mes-de-maladie-du-Pinot-gris-GLMD-d\u00e9formations-folaires-et-mosa\u00efques-6-scaled.jpg\",\"et-pb-image--responsive--phone\":\"https:\\\/\\\/www.vignevin.com\\\/wp-content\\\/uploads\\\/2019\\\/03\\\/Sympt\u00f4mes-de-maladie-du-Pinot-gris-GLMD-d\u00e9formations-folaires-et-mosa\u00efques-6-scaled.jpg\",\"gform-image-choice-sm\":\"https:\\\/\\\/www.vignevin.com\\\/wp-content\\\/uploads\\\/2019\\\/03\\\/Sympt\u00f4mes-de-maladie-du-Pinot-gris-GLMD-d\u00e9formations-folaires-et-mosa\u00efques-6-scaled.jpg\",\"gform-image-choice-md\":\"https:\\\/\\\/www.vignevin.com\\\/wp-content\\\/uploads\\\/2019\\\/03\\\/Sympt\u00f4mes-de-maladie-du-Pinot-gris-GLMD-d\u00e9formations-folaires-et-mosa\u00efques-6-scaled.jpg\",\"gform-image-choice-lg\":\"https:\\\/\\\/www.vignevin.com\\\/wp-content\\\/uploads\\\/2019\\\/03\\\/Sympt\u00f4mes-de-maladie-du-Pinot-gris-GLMD-d\u00e9formations-folaires-et-mosa\u00efques-6-scaled.jpg\",\"woocommerce_thumbnail\":\"https:\\\/\\\/www.vignevin.com\\\/wp-content\\\/uploads\\\/2019\\\/03\\\/Sympt\u00f4mes-de-maladie-du-Pinot-gris-GLMD-d\u00e9formations-folaires-et-mosa\u00efques-6-scaled-300x300.jpg\",\"woocommerce_single\":\"https:\\\/\\\/www.vignevin.com\\\/wp-content\\\/uploads\\\/2019\\\/03\\\/Sympt\u00f4mes-de-maladie-du-Pinot-gris-GLMD-d\u00e9formations-folaires-et-mosa\u00efques-6-scaled-600x469.jpg\",\"woocommerce_gallery_thumbnail\":\"https:\\\/\\\/www.vignevin.com\\\/wp-content\\\/uploads\\\/2019\\\/03\\\/Sympt\u00f4mes-de-maladie-du-Pinot-gris-GLMD-d\u00e9formations-folaires-et-mosa\u00efques-6-scaled-100x100.jpg\",\"full\":\"https:\\\/\\\/www.vignevin.com\\\/wp-content\\\/uploads\\\/2019\\\/03\\\/Sympt\u00f4mes-de-maladie-du-Pinot-gris-GLMD-d\u00e9formations-folaires-et-mosa\u00efques-6-scaled.jpg\",\"index\":35,\"id\":9901,\"video\":false,\"opts\":{\"caption\":\"\",\"thumb\":{\"errors\":{\"envira-gallery-error-no-file\":[\"No file could be found for the image URL specified.\"]},\"error_data\":[]},\"title\":\"Sympt&ocirc;mes de maladie du Pinot gris (GLMD) d&eacute;formations folaires et mosa&iuml;ques (6)\"},\"gallery_id\":\"17413\"},\"9902\":{\"status\":\"active\",\"src\":\"https:\\\/\\\/www.vignevin.com\\\/wp-content\\\/uploads\\\/2019\\\/03\\\/Sympt\u00f4mes-de-maladie-du-Pinot-gris-GLMD-d\u00e9formations-folaires-et-mosa\u00efques-7-scaled.jpg\",\"title\":\"Sympt&ocirc;mes de maladie du Pinot gris (GLMD) d&eacute;formations folaires et mosa&iuml;ques (7)\",\"link\":\"https:\\\/\\\/www.vignevin.com\\\/wp-content\\\/uploads\\\/2019\\\/03\\\/Sympt\u00f4mes-de-maladie-du-Pinot-gris-GLMD-d\u00e9formations-folaires-et-mosa\u00efques-7.jpg\",\"alt\":\"\",\"caption\":false,\"thumb\":{\"errors\":{\"envira-gallery-error-no-file\":[\"No file could be found for the image URL specified.\"]},\"error_data\":[]},\"meta\":{\"aperture\":\"3.5\",\"credit\":null,\"camera\":\"DSC-HX9V\",\"caption\":\"\",\"created_timestamp\":\"1497367655\",\"copyright\":null,\"focal_length\":\"4.45\",\"iso\":\"100\",\"shutter_speed\":\"0.0125\",\"title\":\"\",\"orientation\":null,\"keywords\":null},\"thumbnail\":\"https:\\\/\\\/www.vignevin.com\\\/wp-content\\\/uploads\\\/2019\\\/03\\\/Sympt\u00f4mes-de-maladie-du-Pinot-gris-GLMD-d\u00e9formations-folaires-et-mosa\u00efques-7-150x150.jpg\",\"medium\":\"https:\\\/\\\/www.vignevin.com\\\/wp-content\\\/uploads\\\/2019\\\/03\\\/Sympt\u00f4mes-de-maladie-du-Pinot-gris-GLMD-d\u00e9formations-folaires-et-mosa\u00efques-7-300x256.jpg\",\"medium_large\":\"https:\\\/\\\/www.vignevin.com\\\/wp-content\\\/uploads\\\/2019\\\/03\\\/Sympt\u00f4mes-de-maladie-du-Pinot-gris-GLMD-d\u00e9formations-folaires-et-mosa\u00efques-7-768x656.jpg\",\"large\":\"https:\\\/\\\/www.vignevin.com\\\/wp-content\\\/uploads\\\/2019\\\/03\\\/Sympt\u00f4mes-de-maladie-du-Pinot-gris-GLMD-d\u00e9formations-folaires-et-mosa\u00efques-7-1024x875.jpg\",\"1536x1536\":\"https:\\\/\\\/www.vignevin.com\\\/wp-content\\\/uploads\\\/2019\\\/03\\\/Sympt\u00f4mes-de-maladie-du-Pinot-gris-GLMD-d\u00e9formations-folaires-et-mosa\u00efques-7-scaled.jpg\",\"2048x2048\":\"https:\\\/\\\/www.vignevin.com\\\/wp-content\\\/uploads\\\/2019\\\/03\\\/Sympt\u00f4mes-de-maladie-du-Pinot-gris-GLMD-d\u00e9formations-folaires-et-mosa\u00efques-7-scaled.jpg\",\"et-pb-post-main-image\":\"https:\\\/\\\/www.vignevin.com\\\/wp-content\\\/uploads\\\/2019\\\/03\\\/Sympt\u00f4mes-de-maladie-du-Pinot-gris-GLMD-d\u00e9formations-folaires-et-mosa\u00efques-7-400x250.jpg\",\"et-pb-post-main-image-fullwidth\":\"https:\\\/\\\/www.vignevin.com\\\/wp-content\\\/uploads\\\/2019\\\/03\\\/Sympt\u00f4mes-de-maladie-du-Pinot-gris-GLMD-d\u00e9formations-folaires-et-mosa\u00efques-7-1080x675.jpg\",\"et-pb-portfolio-image\":\"https:\\\/\\\/www.vignevin.com\\\/wp-content\\\/uploads\\\/2019\\\/03\\\/Sympt\u00f4mes-de-maladie-du-Pinot-gris-GLMD-d\u00e9formations-folaires-et-mosa\u00efques-7-400x284.jpg\",\"et-pb-portfolio-module-image\":\"https:\\\/\\\/www.vignevin.com\\\/wp-content\\\/uploads\\\/2019\\\/03\\\/Sympt\u00f4mes-de-maladie-du-Pinot-gris-GLMD-d\u00e9formations-folaires-et-mosa\u00efques-7-510x382.jpg\",\"et-pb-portfolio-image-single\":\"https:\\\/\\\/www.vignevin.com\\\/wp-content\\\/uploads\\\/2019\\\/03\\\/Sympt\u00f4mes-de-maladie-du-Pinot-gris-GLMD-d\u00e9formations-folaires-et-mosa\u00efques-7-1080x923.jpg\",\"et-pb-gallery-module-image-portrait\":\"https:\\\/\\\/www.vignevin.com\\\/wp-content\\\/uploads\\\/2019\\\/03\\\/Sympt\u00f4mes-de-maladie-du-Pinot-gris-GLMD-d\u00e9formations-folaires-et-mosa\u00efques-7-400x516.jpg\",\"et-pb-post-main-image-fullwidth-large\":\"https:\\\/\\\/www.vignevin.com\\\/wp-content\\\/uploads\\\/2019\\\/03\\\/Sympt\u00f4mes-de-maladie-du-Pinot-gris-GLMD-d\u00e9formations-folaires-et-mosa\u00efques-7-2880x1800.jpg\",\"et-pb-image--responsive--desktop\":\"https:\\\/\\\/www.vignevin.com\\\/wp-content\\\/uploads\\\/2019\\\/03\\\/Sympt\u00f4mes-de-maladie-du-Pinot-gris-GLMD-d\u00e9formations-folaires-et-mosa\u00efques-7-scaled.jpg\",\"et-pb-image--responsive--tablet\":\"https:\\\/\\\/www.vignevin.com\\\/wp-content\\\/uploads\\\/2019\\\/03\\\/Sympt\u00f4mes-de-maladie-du-Pinot-gris-GLMD-d\u00e9formations-folaires-et-mosa\u00efques-7-scaled.jpg\",\"et-pb-image--responsive--phone\":\"https:\\\/\\\/www.vignevin.com\\\/wp-content\\\/uploads\\\/2019\\\/03\\\/Sympt\u00f4mes-de-maladie-du-Pinot-gris-GLMD-d\u00e9formations-folaires-et-mosa\u00efques-7-scaled.jpg\",\"gform-image-choice-sm\":\"https:\\\/\\\/www.vignevin.com\\\/wp-content\\\/uploads\\\/2019\\\/03\\\/Sympt\u00f4mes-de-maladie-du-Pinot-gris-GLMD-d\u00e9formations-folaires-et-mosa\u00efques-7-scaled.jpg\",\"gform-image-choice-md\":\"https:\\\/\\\/www.vignevin.com\\\/wp-content\\\/uploads\\\/2019\\\/03\\\/Sympt\u00f4mes-de-maladie-du-Pinot-gris-GLMD-d\u00e9formations-folaires-et-mosa\u00efques-7-scaled.jpg\",\"gform-image-choice-lg\":\"https:\\\/\\\/www.vignevin.com\\\/wp-content\\\/uploads\\\/2019\\\/03\\\/Sympt\u00f4mes-de-maladie-du-Pinot-gris-GLMD-d\u00e9formations-folaires-et-mosa\u00efques-7-scaled.jpg\",\"woocommerce_thumbnail\":\"https:\\\/\\\/www.vignevin.com\\\/wp-content\\\/uploads\\\/2019\\\/03\\\/Sympt\u00f4mes-de-maladie-du-Pinot-gris-GLMD-d\u00e9formations-folaires-et-mosa\u00efques-7-scaled-300x300.jpg\",\"woocommerce_single\":\"https:\\\/\\\/www.vignevin.com\\\/wp-content\\\/uploads\\\/2019\\\/03\\\/Sympt\u00f4mes-de-maladie-du-Pinot-gris-GLMD-d\u00e9formations-folaires-et-mosa\u00efques-7-scaled-600x513.jpg\",\"woocommerce_gallery_thumbnail\":\"https:\\\/\\\/www.vignevin.com\\\/wp-content\\\/uploads\\\/2019\\\/03\\\/Sympt\u00f4mes-de-maladie-du-Pinot-gris-GLMD-d\u00e9formations-folaires-et-mosa\u00efques-7-scaled-100x100.jpg\",\"full\":\"https:\\\/\\\/www.vignevin.com\\\/wp-content\\\/uploads\\\/2019\\\/03\\\/Sympt\u00f4mes-de-maladie-du-Pinot-gris-GLMD-d\u00e9formations-folaires-et-mosa\u00efques-7-scaled.jpg\",\"index\":36,\"id\":9902,\"video\":false,\"opts\":{\"caption\":\"\",\"thumb\":{\"errors\":{\"envira-gallery-error-no-file\":[\"No file could be found for the image URL specified.\"]},\"error_data\":[]},\"title\":\"Sympt&ocirc;mes de maladie du Pinot gris (GLMD) d&eacute;formations folaires et mosa&iuml;ques (7)\"},\"gallery_id\":\"17413\"},\"9903\":{\"status\":\"active\",\"src\":\"https:\\\/\\\/www.vignevin.com\\\/wp-content\\\/uploads\\\/2019\\\/03\\\/Sympt\u00f4mes-de-maladie-du-Pinot-gris-GLMD-d\u00e9formations-folaires-et-mosa\u00efques-8-scaled.jpg\",\"title\":\"Sympt&ocirc;mes de maladie du Pinot gris (GLMD) d&eacute;formations folaires et mosa&iuml;ques (8)\",\"link\":\"https:\\\/\\\/www.vignevin.com\\\/wp-content\\\/uploads\\\/2019\\\/03\\\/Sympt\u00f4mes-de-maladie-du-Pinot-gris-GLMD-d\u00e9formations-folaires-et-mosa\u00efques-8.jpg\",\"alt\":\"\",\"caption\":false,\"thumb\":{\"errors\":{\"envira-gallery-error-no-file\":[\"No file could be found for the image URL specified.\"]},\"error_data\":[]},\"meta\":{\"aperture\":\"4\",\"credit\":null,\"camera\":\"DSC-HX9V\",\"caption\":\"\",\"created_timestamp\":\"1497367963\",\"copyright\":null,\"focal_length\":\"7.59\",\"iso\":\"100\",\"shutter_speed\":\"0.02\",\"title\":\"\",\"orientation\":\"1\",\"keywords\":null},\"thumbnail\":\"https:\\\/\\\/www.vignevin.com\\\/wp-content\\\/uploads\\\/2019\\\/03\\\/Sympt\u00f4mes-de-maladie-du-Pinot-gris-GLMD-d\u00e9formations-folaires-et-mosa\u00efques-8-150x150.jpg\",\"medium\":\"https:\\\/\\\/www.vignevin.com\\\/wp-content\\\/uploads\\\/2019\\\/03\\\/Sympt\u00f4mes-de-maladie-du-Pinot-gris-GLMD-d\u00e9formations-folaires-et-mosa\u00efques-8-300x225.jpg\",\"medium_large\":\"https:\\\/\\\/www.vignevin.com\\\/wp-content\\\/uploads\\\/2019\\\/03\\\/Sympt\u00f4mes-de-maladie-du-Pinot-gris-GLMD-d\u00e9formations-folaires-et-mosa\u00efques-8-768x576.jpg\",\"large\":\"https:\\\/\\\/www.vignevin.com\\\/wp-content\\\/uploads\\\/2019\\\/03\\\/Sympt\u00f4mes-de-maladie-du-Pinot-gris-GLMD-d\u00e9formations-folaires-et-mosa\u00efques-8-1024x768.jpg\",\"1536x1536\":\"https:\\\/\\\/www.vignevin.com\\\/wp-content\\\/uploads\\\/2019\\\/03\\\/Sympt\u00f4mes-de-maladie-du-Pinot-gris-GLMD-d\u00e9formations-folaires-et-mosa\u00efques-8-scaled.jpg\",\"2048x2048\":\"https:\\\/\\\/www.vignevin.com\\\/wp-content\\\/uploads\\\/2019\\\/03\\\/Sympt\u00f4mes-de-maladie-du-Pinot-gris-GLMD-d\u00e9formations-folaires-et-mosa\u00efques-8-scaled.jpg\",\"et-pb-post-main-image\":\"https:\\\/\\\/www.vignevin.com\\\/wp-content\\\/uploads\\\/2019\\\/03\\\/Sympt\u00f4mes-de-maladie-du-Pinot-gris-GLMD-d\u00e9formations-folaires-et-mosa\u00efques-8-400x250.jpg\",\"et-pb-post-main-image-fullwidth\":\"https:\\\/\\\/www.vignevin.com\\\/wp-content\\\/uploads\\\/2019\\\/03\\\/Sympt\u00f4mes-de-maladie-du-Pinot-gris-GLMD-d\u00e9formations-folaires-et-mosa\u00efques-8-1080x675.jpg\",\"et-pb-portfolio-image\":\"https:\\\/\\\/www.vignevin.com\\\/wp-content\\\/uploads\\\/2019\\\/03\\\/Sympt\u00f4mes-de-maladie-du-Pinot-gris-GLMD-d\u00e9formations-folaires-et-mosa\u00efques-8-400x284.jpg\",\"et-pb-portfolio-module-image\":\"https:\\\/\\\/www.vignevin.com\\\/wp-content\\\/uploads\\\/2019\\\/03\\\/Sympt\u00f4mes-de-maladie-du-Pinot-gris-GLMD-d\u00e9formations-folaires-et-mosa\u00efques-8-510x382.jpg\",\"et-pb-portfolio-image-single\":\"https:\\\/\\\/www.vignevin.com\\\/wp-content\\\/uploads\\\/2019\\\/03\\\/Sympt\u00f4mes-de-maladie-du-Pinot-gris-GLMD-d\u00e9formations-folaires-et-mosa\u00efques-8-1080x810.jpg\",\"et-pb-gallery-module-image-portrait\":\"https:\\\/\\\/www.vignevin.com\\\/wp-content\\\/uploads\\\/2019\\\/03\\\/Sympt\u00f4mes-de-maladie-du-Pinot-gris-GLMD-d\u00e9formations-folaires-et-mosa\u00efques-8-400x516.jpg\",\"et-pb-post-main-image-fullwidth-large\":\"https:\\\/\\\/www.vignevin.com\\\/wp-content\\\/uploads\\\/2019\\\/03\\\/Sympt\u00f4mes-de-maladie-du-Pinot-gris-GLMD-d\u00e9formations-folaires-et-mosa\u00efques-8-2880x1800.jpg\",\"et-pb-image--responsive--desktop\":\"https:\\\/\\\/www.vignevin.com\\\/wp-content\\\/uploads\\\/2019\\\/03\\\/Sympt\u00f4mes-de-maladie-du-Pinot-gris-GLMD-d\u00e9formations-folaires-et-mosa\u00efques-8-scaled.jpg\",\"et-pb-image--responsive--tablet\":\"https:\\\/\\\/www.vignevin.com\\\/wp-content\\\/uploads\\\/2019\\\/03\\\/Sympt\u00f4mes-de-maladie-du-Pinot-gris-GLMD-d\u00e9formations-folaires-et-mosa\u00efques-8-scaled.jpg\",\"et-pb-image--responsive--phone\":\"https:\\\/\\\/www.vignevin.com\\\/wp-content\\\/uploads\\\/2019\\\/03\\\/Sympt\u00f4mes-de-maladie-du-Pinot-gris-GLMD-d\u00e9formations-folaires-et-mosa\u00efques-8-scaled.jpg\",\"gform-image-choice-sm\":\"https:\\\/\\\/www.vignevin.com\\\/wp-content\\\/uploads\\\/2019\\\/03\\\/Sympt\u00f4mes-de-maladie-du-Pinot-gris-GLMD-d\u00e9formations-folaires-et-mosa\u00efques-8-scaled.jpg\",\"gform-image-choice-md\":\"https:\\\/\\\/www.vignevin.com\\\/wp-content\\\/uploads\\\/2019\\\/03\\\/Sympt\u00f4mes-de-maladie-du-Pinot-gris-GLMD-d\u00e9formations-folaires-et-mosa\u00efques-8-scaled.jpg\",\"gform-image-choice-lg\":\"https:\\\/\\\/www.vignevin.com\\\/wp-content\\\/uploads\\\/2019\\\/03\\\/Sympt\u00f4mes-de-maladie-du-Pinot-gris-GLMD-d\u00e9formations-folaires-et-mosa\u00efques-8-scaled.jpg\",\"woocommerce_thumbnail\":\"https:\\\/\\\/www.vignevin.com\\\/wp-content\\\/uploads\\\/2019\\\/03\\\/Sympt\u00f4mes-de-maladie-du-Pinot-gris-GLMD-d\u00e9formations-folaires-et-mosa\u00efques-8-scaled-300x300.jpg\",\"woocommerce_single\":\"https:\\\/\\\/www.vignevin.com\\\/wp-content\\\/uploads\\\/2019\\\/03\\\/Sympt\u00f4mes-de-maladie-du-Pinot-gris-GLMD-d\u00e9formations-folaires-et-mosa\u00efques-8-scaled-600x450.jpg\",\"woocommerce_gallery_thumbnail\":\"https:\\\/\\\/www.vignevin.com\\\/wp-content\\\/uploads\\\/2019\\\/03\\\/Sympt\u00f4mes-de-maladie-du-Pinot-gris-GLMD-d\u00e9formations-folaires-et-mosa\u00efques-8-scaled-100x100.jpg\",\"full\":\"https:\\\/\\\/www.vignevin.com\\\/wp-content\\\/uploads\\\/2019\\\/03\\\/Sympt\u00f4mes-de-maladie-du-Pinot-gris-GLMD-d\u00e9formations-folaires-et-mosa\u00efques-8-scaled.jpg\",\"index\":37,\"id\":9903,\"video\":false,\"opts\":{\"caption\":\"\",\"thumb\":{\"errors\":{\"envira-gallery-error-no-file\":[\"No file could be found for the image URL specified.\"]},\"error_data\":[]},\"title\":\"Sympt&ocirc;mes de maladie du Pinot gris (GLMD) d&eacute;formations folaires et mosa&iuml;ques (8)\"},\"gallery_id\":\"17413\"},\"9904\":{\"status\":\"active\",\"src\":\"https:\\\/\\\/www.vignevin.com\\\/wp-content\\\/uploads\\\/2019\\\/03\\\/Sympt\u00f4mes-de-maladie-du-Pinot-gris-GLMD-d\u00e9formations-folaires-et-mosa\u00efques-9-scaled.jpg\",\"title\":\"Sympt&ocirc;mes de maladie du Pinot gris (GLMD) d&eacute;formations folaires et mosa&iuml;ques (9)\",\"link\":\"https:\\\/\\\/www.vignevin.com\\\/wp-content\\\/uploads\\\/2019\\\/03\\\/Sympt\u00f4mes-de-maladie-du-Pinot-gris-GLMD-d\u00e9formations-folaires-et-mosa\u00efques-9.jpg\",\"alt\":\"\",\"caption\":false,\"thumb\":{\"errors\":{\"envira-gallery-error-no-file\":[\"No file could be found for the image URL specified.\"]},\"error_data\":[]},\"meta\":{\"aperture\":\"3.3\",\"credit\":null,\"camera\":\"DSC-HX9V\",\"caption\":\"\",\"created_timestamp\":\"1497368274\",\"copyright\":null,\"focal_length\":\"4.28\",\"iso\":\"100\",\"shutter_speed\":\"0.003125\",\"title\":\"\",\"orientation\":\"1\",\"keywords\":null},\"thumbnail\":\"https:\\\/\\\/www.vignevin.com\\\/wp-content\\\/uploads\\\/2019\\\/03\\\/Sympt\u00f4mes-de-maladie-du-Pinot-gris-GLMD-d\u00e9formations-folaires-et-mosa\u00efques-9-150x150.jpg\",\"medium\":\"https:\\\/\\\/www.vignevin.com\\\/wp-content\\\/uploads\\\/2019\\\/03\\\/Sympt\u00f4mes-de-maladie-du-Pinot-gris-GLMD-d\u00e9formations-folaires-et-mosa\u00efques-9-300x225.jpg\",\"medium_large\":\"https:\\\/\\\/www.vignevin.com\\\/wp-content\\\/uploads\\\/2019\\\/03\\\/Sympt\u00f4mes-de-maladie-du-Pinot-gris-GLMD-d\u00e9formations-folaires-et-mosa\u00efques-9-768x576.jpg\",\"large\":\"https:\\\/\\\/www.vignevin.com\\\/wp-content\\\/uploads\\\/2019\\\/03\\\/Sympt\u00f4mes-de-maladie-du-Pinot-gris-GLMD-d\u00e9formations-folaires-et-mosa\u00efques-9-1024x768.jpg\",\"1536x1536\":\"https:\\\/\\\/www.vignevin.com\\\/wp-content\\\/uploads\\\/2019\\\/03\\\/Sympt\u00f4mes-de-maladie-du-Pinot-gris-GLMD-d\u00e9formations-folaires-et-mosa\u00efques-9-scaled.jpg\",\"2048x2048\":\"https:\\\/\\\/www.vignevin.com\\\/wp-content\\\/uploads\\\/2019\\\/03\\\/Sympt\u00f4mes-de-maladie-du-Pinot-gris-GLMD-d\u00e9formations-folaires-et-mosa\u00efques-9-scaled.jpg\",\"et-pb-post-main-image\":\"https:\\\/\\\/www.vignevin.com\\\/wp-content\\\/uploads\\\/2019\\\/03\\\/Sympt\u00f4mes-de-maladie-du-Pinot-gris-GLMD-d\u00e9formations-folaires-et-mosa\u00efques-9-400x250.jpg\",\"et-pb-post-main-image-fullwidth\":\"https:\\\/\\\/www.vignevin.com\\\/wp-content\\\/uploads\\\/2019\\\/03\\\/Sympt\u00f4mes-de-maladie-du-Pinot-gris-GLMD-d\u00e9formations-folaires-et-mosa\u00efques-9-1080x675.jpg\",\"et-pb-portfolio-image\":\"https:\\\/\\\/www.vignevin.com\\\/wp-content\\\/uploads\\\/2019\\\/03\\\/Sympt\u00f4mes-de-maladie-du-Pinot-gris-GLMD-d\u00e9formations-folaires-et-mosa\u00efques-9-400x284.jpg\",\"et-pb-portfolio-module-image\":\"https:\\\/\\\/www.vignevin.com\\\/wp-content\\\/uploads\\\/2019\\\/03\\\/Sympt\u00f4mes-de-maladie-du-Pinot-gris-GLMD-d\u00e9formations-folaires-et-mosa\u00efques-9-510x382.jpg\",\"et-pb-portfolio-image-single\":\"https:\\\/\\\/www.vignevin.com\\\/wp-content\\\/uploads\\\/2019\\\/03\\\/Sympt\u00f4mes-de-maladie-du-Pinot-gris-GLMD-d\u00e9formations-folaires-et-mosa\u00efques-9-1080x810.jpg\",\"et-pb-gallery-module-image-portrait\":\"https:\\\/\\\/www.vignevin.com\\\/wp-content\\\/uploads\\\/2019\\\/03\\\/Sympt\u00f4mes-de-maladie-du-Pinot-gris-GLMD-d\u00e9formations-folaires-et-mosa\u00efques-9-400x516.jpg\",\"et-pb-post-main-image-fullwidth-large\":\"https:\\\/\\\/www.vignevin.com\\\/wp-content\\\/uploads\\\/2019\\\/03\\\/Sympt\u00f4mes-de-maladie-du-Pinot-gris-GLMD-d\u00e9formations-folaires-et-mosa\u00efques-9-2880x1800.jpg\",\"et-pb-image--responsive--desktop\":\"https:\\\/\\\/www.vignevin.com\\\/wp-content\\\/uploads\\\/2019\\\/03\\\/Sympt\u00f4mes-de-maladie-du-Pinot-gris-GLMD-d\u00e9formations-folaires-et-mosa\u00efques-9-scaled.jpg\",\"et-pb-image--responsive--tablet\":\"https:\\\/\\\/www.vignevin.com\\\/wp-content\\\/uploads\\\/2019\\\/03\\\/Sympt\u00f4mes-de-maladie-du-Pinot-gris-GLMD-d\u00e9formations-folaires-et-mosa\u00efques-9-scaled.jpg\",\"et-pb-image--responsive--phone\":\"https:\\\/\\\/www.vignevin.com\\\/wp-content\\\/uploads\\\/2019\\\/03\\\/Sympt\u00f4mes-de-maladie-du-Pinot-gris-GLMD-d\u00e9formations-folaires-et-mosa\u00efques-9-scaled.jpg\",\"gform-image-choice-sm\":\"https:\\\/\\\/www.vignevin.com\\\/wp-content\\\/uploads\\\/2019\\\/03\\\/Sympt\u00f4mes-de-maladie-du-Pinot-gris-GLMD-d\u00e9formations-folaires-et-mosa\u00efques-9-scaled.jpg\",\"gform-image-choice-md\":\"https:\\\/\\\/www.vignevin.com\\\/wp-content\\\/uploads\\\/2019\\\/03\\\/Sympt\u00f4mes-de-maladie-du-Pinot-gris-GLMD-d\u00e9formations-folaires-et-mosa\u00efques-9-scaled.jpg\",\"gform-image-choice-lg\":\"https:\\\/\\\/www.vignevin.com\\\/wp-content\\\/uploads\\\/2019\\\/03\\\/Sympt\u00f4mes-de-maladie-du-Pinot-gris-GLMD-d\u00e9formations-folaires-et-mosa\u00efques-9-scaled.jpg\",\"woocommerce_thumbnail\":\"https:\\\/\\\/www.vignevin.com\\\/wp-content\\\/uploads\\\/2019\\\/03\\\/Sympt\u00f4mes-de-maladie-du-Pinot-gris-GLMD-d\u00e9formations-folaires-et-mosa\u00efques-9-scaled-300x300.jpg\",\"woocommerce_single\":\"https:\\\/\\\/www.vignevin.com\\\/wp-content\\\/uploads\\\/2019\\\/03\\\/Sympt\u00f4mes-de-maladie-du-Pinot-gris-GLMD-d\u00e9formations-folaires-et-mosa\u00efques-9-scaled-600x450.jpg\",\"woocommerce_gallery_thumbnail\":\"https:\\\/\\\/www.vignevin.com\\\/wp-content\\\/uploads\\\/2019\\\/03\\\/Sympt\u00f4mes-de-maladie-du-Pinot-gris-GLMD-d\u00e9formations-folaires-et-mosa\u00efques-9-scaled-100x100.jpg\",\"full\":\"https:\\\/\\\/www.vignevin.com\\\/wp-content\\\/uploads\\\/2019\\\/03\\\/Sympt\u00f4mes-de-maladie-du-Pinot-gris-GLMD-d\u00e9formations-folaires-et-mosa\u00efques-9-scaled.jpg\",\"index\":38,\"id\":9904,\"video\":false,\"opts\":{\"caption\":\"\",\"thumb\":{\"errors\":{\"envira-gallery-error-no-file\":[\"No file could be found for the image URL specified.\"]},\"error_data\":[]},\"title\":\"Sympt&ocirc;mes de maladie du Pinot gris (GLMD) d&eacute;formations folaires et mosa&iuml;ques (9)\"},\"gallery_id\":\"17413\"},\"9905\":{\"status\":\"active\",\"src\":\"https:\\\/\\\/www.vignevin.com\\\/wp-content\\\/uploads\\\/2019\\\/03\\\/Sympt\u00f4mes-de-maladie-du-Pinot-gris-GLMD-d\u00e9formations-folaires-et-mosa\u00efques-10-scaled.jpg\",\"title\":\"Sympt&ocirc;mes de maladie du Pinot gris (GLMD) d&eacute;formations folaires et mosa&iuml;ques (10)\",\"link\":\"https:\\\/\\\/www.vignevin.com\\\/wp-content\\\/uploads\\\/2019\\\/03\\\/Sympt\u00f4mes-de-maladie-du-Pinot-gris-GLMD-d\u00e9formations-folaires-et-mosa\u00efques-10.jpg\",\"alt\":\"\",\"caption\":false,\"thumb\":{\"errors\":{\"envira-gallery-error-no-file\":[\"No file could be found for the image URL specified.\"]},\"error_data\":[]},\"meta\":{\"aperture\":\"3.5\",\"credit\":null,\"camera\":\"DSC-HX9V\",\"caption\":\"\",\"created_timestamp\":\"1497368376\",\"copyright\":null,\"focal_length\":\"4.31\",\"iso\":\"100\",\"shutter_speed\":\"0.008\",\"title\":\"\",\"orientation\":null,\"keywords\":null},\"thumbnail\":\"https:\\\/\\\/www.vignevin.com\\\/wp-content\\\/uploads\\\/2019\\\/03\\\/Sympt\u00f4mes-de-maladie-du-Pinot-gris-GLMD-d\u00e9formations-folaires-et-mosa\u00efques-10-150x150.jpg\",\"medium\":\"https:\\\/\\\/www.vignevin.com\\\/wp-content\\\/uploads\\\/2019\\\/03\\\/Sympt\u00f4mes-de-maladie-du-Pinot-gris-GLMD-d\u00e9formations-folaires-et-mosa\u00efques-10-300x277.jpg\",\"medium_large\":\"https:\\\/\\\/www.vignevin.com\\\/wp-content\\\/uploads\\\/2019\\\/03\\\/Sympt\u00f4mes-de-maladie-du-Pinot-gris-GLMD-d\u00e9formations-folaires-et-mosa\u00efques-10-768x709.jpg\",\"large\":\"https:\\\/\\\/www.vignevin.com\\\/wp-content\\\/uploads\\\/2019\\\/03\\\/Sympt\u00f4mes-de-maladie-du-Pinot-gris-GLMD-d\u00e9formations-folaires-et-mosa\u00efques-10-1024x946.jpg\",\"1536x1536\":\"https:\\\/\\\/www.vignevin.com\\\/wp-content\\\/uploads\\\/2019\\\/03\\\/Sympt\u00f4mes-de-maladie-du-Pinot-gris-GLMD-d\u00e9formations-folaires-et-mosa\u00efques-10-scaled.jpg\",\"2048x2048\":\"https:\\\/\\\/www.vignevin.com\\\/wp-content\\\/uploads\\\/2019\\\/03\\\/Sympt\u00f4mes-de-maladie-du-Pinot-gris-GLMD-d\u00e9formations-folaires-et-mosa\u00efques-10-scaled.jpg\",\"et-pb-post-main-image\":\"https:\\\/\\\/www.vignevin.com\\\/wp-content\\\/uploads\\\/2019\\\/03\\\/Sympt\u00f4mes-de-maladie-du-Pinot-gris-GLMD-d\u00e9formations-folaires-et-mosa\u00efques-10-400x250.jpg\",\"et-pb-post-main-image-fullwidth\":\"https:\\\/\\\/www.vignevin.com\\\/wp-content\\\/uploads\\\/2019\\\/03\\\/Sympt\u00f4mes-de-maladie-du-Pinot-gris-GLMD-d\u00e9formations-folaires-et-mosa\u00efques-10-1080x675.jpg\",\"et-pb-portfolio-image\":\"https:\\\/\\\/www.vignevin.com\\\/wp-content\\\/uploads\\\/2019\\\/03\\\/Sympt\u00f4mes-de-maladie-du-Pinot-gris-GLMD-d\u00e9formations-folaires-et-mosa\u00efques-10-400x284.jpg\",\"et-pb-portfolio-module-image\":\"https:\\\/\\\/www.vignevin.com\\\/wp-content\\\/uploads\\\/2019\\\/03\\\/Sympt\u00f4mes-de-maladie-du-Pinot-gris-GLMD-d\u00e9formations-folaires-et-mosa\u00efques-10-510x382.jpg\",\"et-pb-portfolio-image-single\":\"https:\\\/\\\/www.vignevin.com\\\/wp-content\\\/uploads\\\/2019\\\/03\\\/Sympt\u00f4mes-de-maladie-du-Pinot-gris-GLMD-d\u00e9formations-folaires-et-mosa\u00efques-10-1080x997.jpg\",\"et-pb-gallery-module-image-portrait\":\"https:\\\/\\\/www.vignevin.com\\\/wp-content\\\/uploads\\\/2019\\\/03\\\/Sympt\u00f4mes-de-maladie-du-Pinot-gris-GLMD-d\u00e9formations-folaires-et-mosa\u00efques-10-400x516.jpg\",\"et-pb-post-main-image-fullwidth-large\":\"https:\\\/\\\/www.vignevin.com\\\/wp-content\\\/uploads\\\/2019\\\/03\\\/Sympt\u00f4mes-de-maladie-du-Pinot-gris-GLMD-d\u00e9formations-folaires-et-mosa\u00efques-10-2880x1800.jpg\",\"et-pb-image--responsive--desktop\":\"https:\\\/\\\/www.vignevin.com\\\/wp-content\\\/uploads\\\/2019\\\/03\\\/Sympt\u00f4mes-de-maladie-du-Pinot-gris-GLMD-d\u00e9formations-folaires-et-mosa\u00efques-10-scaled.jpg\",\"et-pb-image--responsive--tablet\":\"https:\\\/\\\/www.vignevin.com\\\/wp-content\\\/uploads\\\/2019\\\/03\\\/Sympt\u00f4mes-de-maladie-du-Pinot-gris-GLMD-d\u00e9formations-folaires-et-mosa\u00efques-10-scaled.jpg\",\"et-pb-image--responsive--phone\":\"https:\\\/\\\/www.vignevin.com\\\/wp-content\\\/uploads\\\/2019\\\/03\\\/Sympt\u00f4mes-de-maladie-du-Pinot-gris-GLMD-d\u00e9formations-folaires-et-mosa\u00efques-10-scaled.jpg\",\"gform-image-choice-sm\":\"https:\\\/\\\/www.vignevin.com\\\/wp-content\\\/uploads\\\/2019\\\/03\\\/Sympt\u00f4mes-de-maladie-du-Pinot-gris-GLMD-d\u00e9formations-folaires-et-mosa\u00efques-10-scaled.jpg\",\"gform-image-choice-md\":\"https:\\\/\\\/www.vignevin.com\\\/wp-content\\\/uploads\\\/2019\\\/03\\\/Sympt\u00f4mes-de-maladie-du-Pinot-gris-GLMD-d\u00e9formations-folaires-et-mosa\u00efques-10-scaled.jpg\",\"gform-image-choice-lg\":\"https:\\\/\\\/www.vignevin.com\\\/wp-content\\\/uploads\\\/2019\\\/03\\\/Sympt\u00f4mes-de-maladie-du-Pinot-gris-GLMD-d\u00e9formations-folaires-et-mosa\u00efques-10-scaled.jpg\",\"woocommerce_thumbnail\":\"https:\\\/\\\/www.vignevin.com\\\/wp-content\\\/uploads\\\/2019\\\/03\\\/Sympt\u00f4mes-de-maladie-du-Pinot-gris-GLMD-d\u00e9formations-folaires-et-mosa\u00efques-10-scaled-300x300.jpg\",\"woocommerce_single\":\"https:\\\/\\\/www.vignevin.com\\\/wp-content\\\/uploads\\\/2019\\\/03\\\/Sympt\u00f4mes-de-maladie-du-Pinot-gris-GLMD-d\u00e9formations-folaires-et-mosa\u00efques-10-scaled-600x554.jpg\",\"woocommerce_gallery_thumbnail\":\"https:\\\/\\\/www.vignevin.com\\\/wp-content\\\/uploads\\\/2019\\\/03\\\/Sympt\u00f4mes-de-maladie-du-Pinot-gris-GLMD-d\u00e9formations-folaires-et-mosa\u00efques-10-scaled-100x100.jpg\",\"full\":\"https:\\\/\\\/www.vignevin.com\\\/wp-content\\\/uploads\\\/2019\\\/03\\\/Sympt\u00f4mes-de-maladie-du-Pinot-gris-GLMD-d\u00e9formations-folaires-et-mosa\u00efques-10-scaled.jpg\",\"index\":39,\"id\":9905,\"video\":false,\"opts\":{\"caption\":\"\",\"thumb\":{\"errors\":{\"envira-gallery-error-no-file\":[\"No file could be found for the image URL specified.\"]},\"error_data\":[]},\"title\":\"Sympt&ocirc;mes de maladie du Pinot gris (GLMD) d&eacute;formations folaires et mosa&iuml;ques (10)\"},\"gallery_id\":\"17413\"},\"9906\":{\"status\":\"active\",\"src\":\"https:\\\/\\\/www.vignevin.com\\\/wp-content\\\/uploads\\\/2019\\\/03\\\/Sympt\u00f4mes-de-maladie-du-Pinot-gris-GLMD-d\u00e9formations-folaires-et-mosa\u00efques-sur-Pinot-noir-scaled.jpg\",\"title\":\"Sympt&ocirc;mes de maladie du Pinot gris (GLMD) d&eacute;formations folaires et mosa&iuml;ques sur Pinot noir\",\"link\":\"https:\\\/\\\/www.vignevin.com\\\/wp-content\\\/uploads\\\/2019\\\/03\\\/Sympt\u00f4mes-de-maladie-du-Pinot-gris-GLMD-d\u00e9formations-folaires-et-mosa\u00efques-sur-Pinot-noir.jpg\",\"alt\":\"\",\"caption\":false,\"thumb\":{\"errors\":{\"envira-gallery-error-no-file\":[\"No file could be found for the image URL specified.\"]},\"error_data\":[]},\"meta\":{\"aperture\":\"4\",\"credit\":null,\"camera\":\"DMC-TZ10\",\"caption\":\"\",\"created_timestamp\":\"1463586075\",\"copyright\":null,\"focal_length\":\"4.1\",\"iso\":\"80\",\"shutter_speed\":\"0.00625\",\"title\":\"\",\"orientation\":\"1\",\"keywords\":null},\"thumbnail\":\"https:\\\/\\\/www.vignevin.com\\\/wp-content\\\/uploads\\\/2019\\\/03\\\/Sympt\u00f4mes-de-maladie-du-Pinot-gris-GLMD-d\u00e9formations-folaires-et-mosa\u00efques-sur-Pinot-noir-150x150.jpg\",\"medium\":\"https:\\\/\\\/www.vignevin.com\\\/wp-content\\\/uploads\\\/2019\\\/03\\\/Sympt\u00f4mes-de-maladie-du-Pinot-gris-GLMD-d\u00e9formations-folaires-et-mosa\u00efques-sur-Pinot-noir-300x225.jpg\",\"medium_large\":\"https:\\\/\\\/www.vignevin.com\\\/wp-content\\\/uploads\\\/2019\\\/03\\\/Sympt\u00f4mes-de-maladie-du-Pinot-gris-GLMD-d\u00e9formations-folaires-et-mosa\u00efques-sur-Pinot-noir-768x576.jpg\",\"large\":\"https:\\\/\\\/www.vignevin.com\\\/wp-content\\\/uploads\\\/2019\\\/03\\\/Sympt\u00f4mes-de-maladie-du-Pinot-gris-GLMD-d\u00e9formations-folaires-et-mosa\u00efques-sur-Pinot-noir-1024x768.jpg\",\"1536x1536\":\"https:\\\/\\\/www.vignevin.com\\\/wp-content\\\/uploads\\\/2019\\\/03\\\/Sympt\u00f4mes-de-maladie-du-Pinot-gris-GLMD-d\u00e9formations-folaires-et-mosa\u00efques-sur-Pinot-noir-scaled.jpg\",\"2048x2048\":\"https:\\\/\\\/www.vignevin.com\\\/wp-content\\\/uploads\\\/2019\\\/03\\\/Sympt\u00f4mes-de-maladie-du-Pinot-gris-GLMD-d\u00e9formations-folaires-et-mosa\u00efques-sur-Pinot-noir-scaled.jpg\",\"et-pb-post-main-image\":\"https:\\\/\\\/www.vignevin.com\\\/wp-content\\\/uploads\\\/2019\\\/03\\\/Sympt\u00f4mes-de-maladie-du-Pinot-gris-GLMD-d\u00e9formations-folaires-et-mosa\u00efques-sur-Pinot-noir-400x250.jpg\",\"et-pb-post-main-image-fullwidth\":\"https:\\\/\\\/www.vignevin.com\\\/wp-content\\\/uploads\\\/2019\\\/03\\\/Sympt\u00f4mes-de-maladie-du-Pinot-gris-GLMD-d\u00e9formations-folaires-et-mosa\u00efques-sur-Pinot-noir-1080x675.jpg\",\"et-pb-portfolio-image\":\"https:\\\/\\\/www.vignevin.com\\\/wp-content\\\/uploads\\\/2019\\\/03\\\/Sympt\u00f4mes-de-maladie-du-Pinot-gris-GLMD-d\u00e9formations-folaires-et-mosa\u00efques-sur-Pinot-noir-400x284.jpg\",\"et-pb-portfolio-module-image\":\"https:\\\/\\\/www.vignevin.com\\\/wp-content\\\/uploads\\\/2019\\\/03\\\/Sympt\u00f4mes-de-maladie-du-Pinot-gris-GLMD-d\u00e9formations-folaires-et-mosa\u00efques-sur-Pinot-noir-510x382.jpg\",\"et-pb-portfolio-image-single\":\"https:\\\/\\\/www.vignevin.com\\\/wp-content\\\/uploads\\\/2019\\\/03\\\/Sympt\u00f4mes-de-maladie-du-Pinot-gris-GLMD-d\u00e9formations-folaires-et-mosa\u00efques-sur-Pinot-noir-1080x810.jpg\",\"et-pb-gallery-module-image-portrait\":\"https:\\\/\\\/www.vignevin.com\\\/wp-content\\\/uploads\\\/2019\\\/03\\\/Sympt\u00f4mes-de-maladie-du-Pinot-gris-GLMD-d\u00e9formations-folaires-et-mosa\u00efques-sur-Pinot-noir-400x516.jpg\",\"et-pb-post-main-image-fullwidth-large\":\"https:\\\/\\\/www.vignevin.com\\\/wp-content\\\/uploads\\\/2019\\\/03\\\/Sympt\u00f4mes-de-maladie-du-Pinot-gris-GLMD-d\u00e9formations-folaires-et-mosa\u00efques-sur-Pinot-noir-2880x1800.jpg\",\"et-pb-image--responsive--desktop\":\"https:\\\/\\\/www.vignevin.com\\\/wp-content\\\/uploads\\\/2019\\\/03\\\/Sympt\u00f4mes-de-maladie-du-Pinot-gris-GLMD-d\u00e9formations-folaires-et-mosa\u00efques-sur-Pinot-noir-scaled.jpg\",\"et-pb-image--responsive--tablet\":\"https:\\\/\\\/www.vignevin.com\\\/wp-content\\\/uploads\\\/2019\\\/03\\\/Sympt\u00f4mes-de-maladie-du-Pinot-gris-GLMD-d\u00e9formations-folaires-et-mosa\u00efques-sur-Pinot-noir-scaled.jpg\",\"et-pb-image--responsive--phone\":\"https:\\\/\\\/www.vignevin.com\\\/wp-content\\\/uploads\\\/2019\\\/03\\\/Sympt\u00f4mes-de-maladie-du-Pinot-gris-GLMD-d\u00e9formations-folaires-et-mosa\u00efques-sur-Pinot-noir-scaled.jpg\",\"gform-image-choice-sm\":\"https:\\\/\\\/www.vignevin.com\\\/wp-content\\\/uploads\\\/2019\\\/03\\\/Sympt\u00f4mes-de-maladie-du-Pinot-gris-GLMD-d\u00e9formations-folaires-et-mosa\u00efques-sur-Pinot-noir-scaled.jpg\",\"gform-image-choice-md\":\"https:\\\/\\\/www.vignevin.com\\\/wp-content\\\/uploads\\\/2019\\\/03\\\/Sympt\u00f4mes-de-maladie-du-Pinot-gris-GLMD-d\u00e9formations-folaires-et-mosa\u00efques-sur-Pinot-noir-scaled.jpg\",\"gform-image-choice-lg\":\"https:\\\/\\\/www.vignevin.com\\\/wp-content\\\/uploads\\\/2019\\\/03\\\/Sympt\u00f4mes-de-maladie-du-Pinot-gris-GLMD-d\u00e9formations-folaires-et-mosa\u00efques-sur-Pinot-noir-scaled.jpg\",\"woocommerce_thumbnail\":\"https:\\\/\\\/www.vignevin.com\\\/wp-content\\\/uploads\\\/2019\\\/03\\\/Sympt\u00f4mes-de-maladie-du-Pinot-gris-GLMD-d\u00e9formations-folaires-et-mosa\u00efques-sur-Pinot-noir-scaled-300x300.jpg\",\"woocommerce_single\":\"https:\\\/\\\/www.vignevin.com\\\/wp-content\\\/uploads\\\/2019\\\/03\\\/Sympt\u00f4mes-de-maladie-du-Pinot-gris-GLMD-d\u00e9formations-folaires-et-mosa\u00efques-sur-Pinot-noir-scaled-600x450.jpg\",\"woocommerce_gallery_thumbnail\":\"https:\\\/\\\/www.vignevin.com\\\/wp-content\\\/uploads\\\/2019\\\/03\\\/Sympt\u00f4mes-de-maladie-du-Pinot-gris-GLMD-d\u00e9formations-folaires-et-mosa\u00efques-sur-Pinot-noir-scaled-100x100.jpg\",\"full\":\"https:\\\/\\\/www.vignevin.com\\\/wp-content\\\/uploads\\\/2019\\\/03\\\/Sympt\u00f4mes-de-maladie-du-Pinot-gris-GLMD-d\u00e9formations-folaires-et-mosa\u00efques-sur-Pinot-noir-scaled.jpg\",\"index\":40,\"id\":9906,\"video\":false,\"opts\":{\"caption\":\"\",\"thumb\":{\"errors\":{\"envira-gallery-error-no-file\":[\"No file could be found for the image URL specified.\"]},\"error_data\":[]},\"title\":\"Sympt&ocirc;mes de maladie du Pinot gris (GLMD) d&eacute;formations folaires et mosa&iuml;ques sur Pinot noir\"},\"gallery_id\":\"17413\"},\"9907\":{\"status\":\"active\",\"src\":\"https:\\\/\\\/www.vignevin.com\\\/wp-content\\\/uploads\\\/2019\\\/03\\\/Sympt\u00f4mes-de-maladie-du-Pinot-gris-GLMD-d\u00e9formations-folaires-et-mosa\u00efques.jpg\",\"title\":\"Sympt&ocirc;mes de maladie du Pinot gris (GLMD) d&eacute;formations folaires et mosa&iuml;ques\",\"link\":\"https:\\\/\\\/www.vignevin.com\\\/wp-content\\\/uploads\\\/2019\\\/03\\\/Sympt\u00f4mes-de-maladie-du-Pinot-gris-GLMD-d\u00e9formations-folaires-et-mosa\u00efques.jpg\",\"alt\":\"\",\"caption\":false,\"thumb\":{\"errors\":{\"envira-gallery-error-no-file\":[\"No file could be found for the image URL specified.\"]},\"error_data\":[]},\"meta\":{\"aperture\":null,\"credit\":null,\"camera\":null,\"caption\":\"\",\"created_timestamp\":null,\"copyright\":null,\"focal_length\":null,\"iso\":null,\"shutter_speed\":null,\"title\":\"\",\"orientation\":null,\"keywords\":null},\"thumbnail\":\"https:\\\/\\\/www.vignevin.com\\\/wp-content\\\/uploads\\\/2019\\\/03\\\/Sympt\u00f4mes-de-maladie-du-Pinot-gris-GLMD-d\u00e9formations-folaires-et-mosa\u00efques-150x150.jpg\",\"medium\":\"https:\\\/\\\/www.vignevin.com\\\/wp-content\\\/uploads\\\/2019\\\/03\\\/Sympt\u00f4mes-de-maladie-du-Pinot-gris-GLMD-d\u00e9formations-folaires-et-mosa\u00efques-240x300.jpg\",\"medium_large\":\"https:\\\/\\\/www.vignevin.com\\\/wp-content\\\/uploads\\\/2019\\\/03\\\/Sympt\u00f4mes-de-maladie-du-Pinot-gris-GLMD-d\u00e9formations-folaires-et-mosa\u00efques-768x961.jpg\",\"large\":\"https:\\\/\\\/www.vignevin.com\\\/wp-content\\\/uploads\\\/2019\\\/03\\\/Sympt\u00f4mes-de-maladie-du-Pinot-gris-GLMD-d\u00e9formations-folaires-et-mosa\u00efques-818x1024.jpg\",\"1536x1536\":\"https:\\\/\\\/www.vignevin.com\\\/wp-content\\\/uploads\\\/2019\\\/03\\\/Sympt\u00f4mes-de-maladie-du-Pinot-gris-GLMD-d\u00e9formations-folaires-et-mosa\u00efques.jpg\",\"2048x2048\":\"https:\\\/\\\/www.vignevin.com\\\/wp-content\\\/uploads\\\/2019\\\/03\\\/Sympt\u00f4mes-de-maladie-du-Pinot-gris-GLMD-d\u00e9formations-folaires-et-mosa\u00efques.jpg\",\"et-pb-post-main-image\":\"https:\\\/\\\/www.vignevin.com\\\/wp-content\\\/uploads\\\/2019\\\/03\\\/Sympt\u00f4mes-de-maladie-du-Pinot-gris-GLMD-d\u00e9formations-folaires-et-mosa\u00efques-400x250.jpg\",\"et-pb-post-main-image-fullwidth\":\"https:\\\/\\\/www.vignevin.com\\\/wp-content\\\/uploads\\\/2019\\\/03\\\/Sympt\u00f4mes-de-maladie-du-Pinot-gris-GLMD-d\u00e9formations-folaires-et-mosa\u00efques-1080x675.jpg\",\"et-pb-portfolio-image\":\"https:\\\/\\\/www.vignevin.com\\\/wp-content\\\/uploads\\\/2019\\\/03\\\/Sympt\u00f4mes-de-maladie-du-Pinot-gris-GLMD-d\u00e9formations-folaires-et-mosa\u00efques-400x284.jpg\",\"et-pb-portfolio-module-image\":\"https:\\\/\\\/www.vignevin.com\\\/wp-content\\\/uploads\\\/2019\\\/03\\\/Sympt\u00f4mes-de-maladie-du-Pinot-gris-GLMD-d\u00e9formations-folaires-et-mosa\u00efques-510x382.jpg\",\"et-pb-portfolio-image-single\":\"https:\\\/\\\/www.vignevin.com\\\/wp-content\\\/uploads\\\/2019\\\/03\\\/Sympt\u00f4mes-de-maladie-du-Pinot-gris-GLMD-d\u00e9formations-folaires-et-mosa\u00efques-1080x1352.jpg\",\"et-pb-gallery-module-image-portrait\":\"https:\\\/\\\/www.vignevin.com\\\/wp-content\\\/uploads\\\/2019\\\/03\\\/Sympt\u00f4mes-de-maladie-du-Pinot-gris-GLMD-d\u00e9formations-folaires-et-mosa\u00efques-400x516.jpg\",\"et-pb-post-main-image-fullwidth-large\":\"https:\\\/\\\/www.vignevin.com\\\/wp-content\\\/uploads\\\/2019\\\/03\\\/Sympt\u00f4mes-de-maladie-du-Pinot-gris-GLMD-d\u00e9formations-folaires-et-mosa\u00efques.jpg\",\"et-pb-image--responsive--desktop\":\"https:\\\/\\\/www.vignevin.com\\\/wp-content\\\/uploads\\\/2019\\\/03\\\/Sympt\u00f4mes-de-maladie-du-Pinot-gris-GLMD-d\u00e9formations-folaires-et-mosa\u00efques.jpg\",\"et-pb-image--responsive--tablet\":\"https:\\\/\\\/www.vignevin.com\\\/wp-content\\\/uploads\\\/2019\\\/03\\\/Sympt\u00f4mes-de-maladie-du-Pinot-gris-GLMD-d\u00e9formations-folaires-et-mosa\u00efques.jpg\",\"et-pb-image--responsive--phone\":\"https:\\\/\\\/www.vignevin.com\\\/wp-content\\\/uploads\\\/2019\\\/03\\\/Sympt\u00f4mes-de-maladie-du-Pinot-gris-GLMD-d\u00e9formations-folaires-et-mosa\u00efques.jpg\",\"gform-image-choice-sm\":\"https:\\\/\\\/www.vignevin.com\\\/wp-content\\\/uploads\\\/2019\\\/03\\\/Sympt\u00f4mes-de-maladie-du-Pinot-gris-GLMD-d\u00e9formations-folaires-et-mosa\u00efques.jpg\",\"gform-image-choice-md\":\"https:\\\/\\\/www.vignevin.com\\\/wp-content\\\/uploads\\\/2019\\\/03\\\/Sympt\u00f4mes-de-maladie-du-Pinot-gris-GLMD-d\u00e9formations-folaires-et-mosa\u00efques.jpg\",\"gform-image-choice-lg\":\"https:\\\/\\\/www.vignevin.com\\\/wp-content\\\/uploads\\\/2019\\\/03\\\/Sympt\u00f4mes-de-maladie-du-Pinot-gris-GLMD-d\u00e9formations-folaires-et-mosa\u00efques.jpg\",\"woocommerce_thumbnail\":\"https:\\\/\\\/www.vignevin.com\\\/wp-content\\\/uploads\\\/2019\\\/03\\\/Sympt\u00f4mes-de-maladie-du-Pinot-gris-GLMD-d\u00e9formations-folaires-et-mosa\u00efques-300x300.jpg\",\"woocommerce_single\":\"https:\\\/\\\/www.vignevin.com\\\/wp-content\\\/uploads\\\/2019\\\/03\\\/Sympt\u00f4mes-de-maladie-du-Pinot-gris-GLMD-d\u00e9formations-folaires-et-mosa\u00efques-600x751.jpg\",\"woocommerce_gallery_thumbnail\":\"https:\\\/\\\/www.vignevin.com\\\/wp-content\\\/uploads\\\/2019\\\/03\\\/Sympt\u00f4mes-de-maladie-du-Pinot-gris-GLMD-d\u00e9formations-folaires-et-mosa\u00efques-100x100.jpg\",\"full\":\"https:\\\/\\\/www.vignevin.com\\\/wp-content\\\/uploads\\\/2019\\\/03\\\/Sympt\u00f4mes-de-maladie-du-Pinot-gris-GLMD-d\u00e9formations-folaires-et-mosa\u00efques.jpg\",\"index\":41,\"id\":9907,\"video\":false,\"opts\":{\"caption\":\"\",\"thumb\":{\"errors\":{\"envira-gallery-error-no-file\":[\"No file could be found for the image URL specified.\"]},\"error_data\":[]},\"title\":\"Sympt&ocirc;mes de maladie du Pinot gris (GLMD) d&eacute;formations folaires et mosa&iuml;ques\"},\"gallery_id\":\"17413\"},\"9908\":{\"status\":\"active\",\"src\":\"https:\\\/\\\/www.vignevin.com\\\/wp-content\\\/uploads\\\/2019\\\/03\\\/Sympt\u00f4mes-de-pourridi\u00e9-2.jpg\",\"title\":\"Sympt&ocirc;mes de pourridi&eacute; (2)\",\"link\":\"https:\\\/\\\/www.vignevin.com\\\/wp-content\\\/uploads\\\/2019\\\/03\\\/Sympt\u00f4mes-de-pourridi\u00e9-2.jpg\",\"alt\":\"\",\"caption\":false,\"thumb\":{\"errors\":{\"envira-gallery-error-no-file\":[\"No file could be found for the image URL specified.\"]},\"error_data\":[]},\"meta\":{\"aperture\":null,\"credit\":null,\"camera\":null,\"caption\":\"\",\"created_timestamp\":null,\"copyright\":null,\"focal_length\":null,\"iso\":null,\"shutter_speed\":null,\"title\":\"\",\"orientation\":null,\"keywords\":null},\"thumbnail\":\"https:\\\/\\\/www.vignevin.com\\\/wp-content\\\/uploads\\\/2019\\\/03\\\/Sympt\u00f4mes-de-pourridi\u00e9-2-150x150.jpg\",\"medium\":\"https:\\\/\\\/www.vignevin.com\\\/wp-content\\\/uploads\\\/2019\\\/03\\\/Sympt\u00f4mes-de-pourridi\u00e9-2-300x225.jpg\",\"medium_large\":\"https:\\\/\\\/www.vignevin.com\\\/wp-content\\\/uploads\\\/2019\\\/03\\\/Sympt\u00f4mes-de-pourridi\u00e9-2.jpg\",\"large\":\"https:\\\/\\\/www.vignevin.com\\\/wp-content\\\/uploads\\\/2019\\\/03\\\/Sympt\u00f4mes-de-pourridi\u00e9-2.jpg\",\"1536x1536\":\"https:\\\/\\\/www.vignevin.com\\\/wp-content\\\/uploads\\\/2019\\\/03\\\/Sympt\u00f4mes-de-pourridi\u00e9-2.jpg\",\"2048x2048\":\"https:\\\/\\\/www.vignevin.com\\\/wp-content\\\/uploads\\\/2019\\\/03\\\/Sympt\u00f4mes-de-pourridi\u00e9-2.jpg\",\"et-pb-post-main-image\":\"https:\\\/\\\/www.vignevin.com\\\/wp-content\\\/uploads\\\/2019\\\/03\\\/Sympt\u00f4mes-de-pourridi\u00e9-2-400x250.jpg\",\"et-pb-post-main-image-fullwidth\":\"https:\\\/\\\/www.vignevin.com\\\/wp-content\\\/uploads\\\/2019\\\/03\\\/Sympt\u00f4mes-de-pourridi\u00e9-2.jpg\",\"et-pb-portfolio-image\":\"https:\\\/\\\/www.vignevin.com\\\/wp-content\\\/uploads\\\/2019\\\/03\\\/Sympt\u00f4mes-de-pourridi\u00e9-2-400x284.jpg\",\"et-pb-portfolio-module-image\":\"https:\\\/\\\/www.vignevin.com\\\/wp-content\\\/uploads\\\/2019\\\/03\\\/Sympt\u00f4mes-de-pourridi\u00e9-2-510x382.jpg\",\"et-pb-portfolio-image-single\":\"https:\\\/\\\/www.vignevin.com\\\/wp-content\\\/uploads\\\/2019\\\/03\\\/Sympt\u00f4mes-de-pourridi\u00e9-2.jpg\",\"et-pb-gallery-module-image-portrait\":\"https:\\\/\\\/www.vignevin.com\\\/wp-content\\\/uploads\\\/2019\\\/03\\\/Sympt\u00f4mes-de-pourridi\u00e9-2-400x516.jpg\",\"et-pb-post-main-image-fullwidth-large\":\"https:\\\/\\\/www.vignevin.com\\\/wp-content\\\/uploads\\\/2019\\\/03\\\/Sympt\u00f4mes-de-pourridi\u00e9-2.jpg\",\"et-pb-image--responsive--desktop\":\"https:\\\/\\\/www.vignevin.com\\\/wp-content\\\/uploads\\\/2019\\\/03\\\/Sympt\u00f4mes-de-pourridi\u00e9-2.jpg\",\"et-pb-image--responsive--tablet\":\"https:\\\/\\\/www.vignevin.com\\\/wp-content\\\/uploads\\\/2019\\\/03\\\/Sympt\u00f4mes-de-pourridi\u00e9-2.jpg\",\"et-pb-image--responsive--phone\":\"https:\\\/\\\/www.vignevin.com\\\/wp-content\\\/uploads\\\/2019\\\/03\\\/Sympt\u00f4mes-de-pourridi\u00e9-2.jpg\",\"gform-image-choice-sm\":\"https:\\\/\\\/www.vignevin.com\\\/wp-content\\\/uploads\\\/2019\\\/03\\\/Sympt\u00f4mes-de-pourridi\u00e9-2.jpg\",\"gform-image-choice-md\":\"https:\\\/\\\/www.vignevin.com\\\/wp-content\\\/uploads\\\/2019\\\/03\\\/Sympt\u00f4mes-de-pourridi\u00e9-2.jpg\",\"gform-image-choice-lg\":\"https:\\\/\\\/www.vignevin.com\\\/wp-content\\\/uploads\\\/2019\\\/03\\\/Sympt\u00f4mes-de-pourridi\u00e9-2.jpg\",\"woocommerce_thumbnail\":\"https:\\\/\\\/www.vignevin.com\\\/wp-content\\\/uploads\\\/2019\\\/03\\\/Sympt\u00f4mes-de-pourridi\u00e9-2-300x300.jpg\",\"woocommerce_single\":\"https:\\\/\\\/www.vignevin.com\\\/wp-content\\\/uploads\\\/2019\\\/03\\\/Sympt\u00f4mes-de-pourridi\u00e9-2-600x450.jpg\",\"woocommerce_gallery_thumbnail\":\"https:\\\/\\\/www.vignevin.com\\\/wp-content\\\/uploads\\\/2019\\\/03\\\/Sympt\u00f4mes-de-pourridi\u00e9-2-100x100.jpg\",\"full\":\"https:\\\/\\\/www.vignevin.com\\\/wp-content\\\/uploads\\\/2019\\\/03\\\/Sympt\u00f4mes-de-pourridi\u00e9-2.jpg\",\"index\":42,\"id\":9908,\"video\":false,\"opts\":{\"caption\":\"\",\"thumb\":{\"errors\":{\"envira-gallery-error-no-file\":[\"No file could be found for the image URL specified.\"]},\"error_data\":[]},\"title\":\"Sympt&ocirc;mes de pourridi&eacute; (2)\"},\"gallery_id\":\"17413\"},\"9909\":{\"status\":\"active\",\"src\":\"https:\\\/\\\/www.vignevin.com\\\/wp-content\\\/uploads\\\/2019\\\/03\\\/Sympt\u00f4mes-de-pourridi\u00e9.jpg\",\"title\":\"Sympt&ocirc;mes de pourridi&eacute;\",\"link\":\"https:\\\/\\\/www.vignevin.com\\\/wp-content\\\/uploads\\\/2019\\\/03\\\/Sympt\u00f4mes-de-pourridi\u00e9.jpg\",\"alt\":\"\",\"caption\":false,\"thumb\":{\"errors\":{\"envira-gallery-error-no-file\":[\"No file could be found for the image URL specified.\"]},\"error_data\":[]},\"meta\":{\"aperture\":null,\"credit\":null,\"camera\":null,\"caption\":\"\",\"created_timestamp\":null,\"copyright\":null,\"focal_length\":null,\"iso\":null,\"shutter_speed\":null,\"title\":\"\",\"orientation\":null,\"keywords\":null},\"thumbnail\":\"https:\\\/\\\/www.vignevin.com\\\/wp-content\\\/uploads\\\/2019\\\/03\\\/Sympt\u00f4mes-de-pourridi\u00e9-150x150.jpg\",\"medium\":\"https:\\\/\\\/www.vignevin.com\\\/wp-content\\\/uploads\\\/2019\\\/03\\\/Sympt\u00f4mes-de-pourridi\u00e9-300x225.jpg\",\"medium_large\":\"https:\\\/\\\/www.vignevin.com\\\/wp-content\\\/uploads\\\/2019\\\/03\\\/Sympt\u00f4mes-de-pourridi\u00e9.jpg\",\"large\":\"https:\\\/\\\/www.vignevin.com\\\/wp-content\\\/uploads\\\/2019\\\/03\\\/Sympt\u00f4mes-de-pourridi\u00e9.jpg\",\"1536x1536\":\"https:\\\/\\\/www.vignevin.com\\\/wp-content\\\/uploads\\\/2019\\\/03\\\/Sympt\u00f4mes-de-pourridi\u00e9.jpg\",\"2048x2048\":\"https:\\\/\\\/www.vignevin.com\\\/wp-content\\\/uploads\\\/2019\\\/03\\\/Sympt\u00f4mes-de-pourridi\u00e9.jpg\",\"et-pb-post-main-image\":\"https:\\\/\\\/www.vignevin.com\\\/wp-content\\\/uploads\\\/2019\\\/03\\\/Sympt\u00f4mes-de-pourridi\u00e9-400x250.jpg\",\"et-pb-post-main-image-fullwidth\":\"https:\\\/\\\/www.vignevin.com\\\/wp-content\\\/uploads\\\/2019\\\/03\\\/Sympt\u00f4mes-de-pourridi\u00e9.jpg\",\"et-pb-portfolio-image\":\"https:\\\/\\\/www.vignevin.com\\\/wp-content\\\/uploads\\\/2019\\\/03\\\/Sympt\u00f4mes-de-pourridi\u00e9-400x284.jpg\",\"et-pb-portfolio-module-image\":\"https:\\\/\\\/www.vignevin.com\\\/wp-content\\\/uploads\\\/2019\\\/03\\\/Sympt\u00f4mes-de-pourridi\u00e9-510x382.jpg\",\"et-pb-portfolio-image-single\":\"https:\\\/\\\/www.vignevin.com\\\/wp-content\\\/uploads\\\/2019\\\/03\\\/Sympt\u00f4mes-de-pourridi\u00e9.jpg\",\"et-pb-gallery-module-image-portrait\":\"https:\\\/\\\/www.vignevin.com\\\/wp-content\\\/uploads\\\/2019\\\/03\\\/Sympt\u00f4mes-de-pourridi\u00e9-400x516.jpg\",\"et-pb-post-main-image-fullwidth-large\":\"https:\\\/\\\/www.vignevin.com\\\/wp-content\\\/uploads\\\/2019\\\/03\\\/Sympt\u00f4mes-de-pourridi\u00e9.jpg\",\"et-pb-image--responsive--desktop\":\"https:\\\/\\\/www.vignevin.com\\\/wp-content\\\/uploads\\\/2019\\\/03\\\/Sympt\u00f4mes-de-pourridi\u00e9.jpg\",\"et-pb-image--responsive--tablet\":\"https:\\\/\\\/www.vignevin.com\\\/wp-content\\\/uploads\\\/2019\\\/03\\\/Sympt\u00f4mes-de-pourridi\u00e9.jpg\",\"et-pb-image--responsive--phone\":\"https:\\\/\\\/www.vignevin.com\\\/wp-content\\\/uploads\\\/2019\\\/03\\\/Sympt\u00f4mes-de-pourridi\u00e9.jpg\",\"gform-image-choice-sm\":\"https:\\\/\\\/www.vignevin.com\\\/wp-content\\\/uploads\\\/2019\\\/03\\\/Sympt\u00f4mes-de-pourridi\u00e9.jpg\",\"gform-image-choice-md\":\"https:\\\/\\\/www.vignevin.com\\\/wp-content\\\/uploads\\\/2019\\\/03\\\/Sympt\u00f4mes-de-pourridi\u00e9.jpg\",\"gform-image-choice-lg\":\"https:\\\/\\\/www.vignevin.com\\\/wp-content\\\/uploads\\\/2019\\\/03\\\/Sympt\u00f4mes-de-pourridi\u00e9.jpg\",\"woocommerce_thumbnail\":\"https:\\\/\\\/www.vignevin.com\\\/wp-content\\\/uploads\\\/2019\\\/03\\\/Sympt\u00f4mes-de-pourridi\u00e9-300x300.jpg\",\"woocommerce_single\":\"https:\\\/\\\/www.vignevin.com\\\/wp-content\\\/uploads\\\/2019\\\/03\\\/Sympt\u00f4mes-de-pourridi\u00e9-600x450.jpg\",\"woocommerce_gallery_thumbnail\":\"https:\\\/\\\/www.vignevin.com\\\/wp-content\\\/uploads\\\/2019\\\/03\\\/Sympt\u00f4mes-de-pourridi\u00e9-100x100.jpg\",\"full\":\"https:\\\/\\\/www.vignevin.com\\\/wp-content\\\/uploads\\\/2019\\\/03\\\/Sympt\u00f4mes-de-pourridi\u00e9.jpg\",\"index\":43,\"id\":9909,\"video\":false,\"opts\":{\"caption\":\"\",\"thumb\":{\"errors\":{\"envira-gallery-error-no-file\":[\"No file could be found for the image URL specified.\"]},\"error_data\":[]},\"title\":\"Sympt&ocirc;mes de pourridi&eacute;\"},\"gallery_id\":\"17413\"},\"9910\":{\"status\":\"active\",\"src\":\"https:\\\/\\\/www.vignevin.com\\\/wp-content\\\/uploads\\\/2019\\\/03\\\/Sympt\u00f4mes-de-Red-Blotch-sur-Cabernet-franc-2.jpg\",\"title\":\"Sympt&ocirc;mes de Red Blotch sur Cabernet franc (2)\",\"link\":\"https:\\\/\\\/www.vignevin.com\\\/wp-content\\\/uploads\\\/2019\\\/03\\\/Sympt\u00f4mes-de-Red-Blotch-sur-Cabernet-franc-2.jpg\",\"alt\":\"\",\"caption\":false,\"thumb\":{\"errors\":{\"envira-gallery-error-no-file\":[\"No file could be found for the image URL specified.\"]},\"error_data\":[]},\"meta\":{\"aperture\":null,\"credit\":null,\"camera\":null,\"caption\":\"\",\"created_timestamp\":null,\"copyright\":null,\"focal_length\":null,\"iso\":null,\"shutter_speed\":null,\"title\":\"\",\"orientation\":null,\"keywords\":null},\"thumbnail\":\"https:\\\/\\\/www.vignevin.com\\\/wp-content\\\/uploads\\\/2019\\\/03\\\/Sympt\u00f4mes-de-Red-Blotch-sur-Cabernet-franc-2-150x150.jpg\",\"medium\":\"https:\\\/\\\/www.vignevin.com\\\/wp-content\\\/uploads\\\/2019\\\/03\\\/Sympt\u00f4mes-de-Red-Blotch-sur-Cabernet-franc-2-288x300.jpg\",\"medium_large\":\"https:\\\/\\\/www.vignevin.com\\\/wp-content\\\/uploads\\\/2019\\\/03\\\/Sympt\u00f4mes-de-Red-Blotch-sur-Cabernet-franc-2.jpg\",\"large\":\"https:\\\/\\\/www.vignevin.com\\\/wp-content\\\/uploads\\\/2019\\\/03\\\/Sympt\u00f4mes-de-Red-Blotch-sur-Cabernet-franc-2.jpg\",\"1536x1536\":\"https:\\\/\\\/www.vignevin.com\\\/wp-content\\\/uploads\\\/2019\\\/03\\\/Sympt\u00f4mes-de-Red-Blotch-sur-Cabernet-franc-2.jpg\",\"2048x2048\":\"https:\\\/\\\/www.vignevin.com\\\/wp-content\\\/uploads\\\/2019\\\/03\\\/Sympt\u00f4mes-de-Red-Blotch-sur-Cabernet-franc-2.jpg\",\"et-pb-post-main-image\":\"https:\\\/\\\/www.vignevin.com\\\/wp-content\\\/uploads\\\/2019\\\/03\\\/Sympt\u00f4mes-de-Red-Blotch-sur-Cabernet-franc-2-319x250.jpg\",\"et-pb-post-main-image-fullwidth\":\"https:\\\/\\\/www.vignevin.com\\\/wp-content\\\/uploads\\\/2019\\\/03\\\/Sympt\u00f4mes-de-Red-Blotch-sur-Cabernet-franc-2.jpg\",\"et-pb-portfolio-image\":\"https:\\\/\\\/www.vignevin.com\\\/wp-content\\\/uploads\\\/2019\\\/03\\\/Sympt\u00f4mes-de-Red-Blotch-sur-Cabernet-franc-2-319x284.jpg\",\"et-pb-portfolio-module-image\":\"https:\\\/\\\/www.vignevin.com\\\/wp-content\\\/uploads\\\/2019\\\/03\\\/Sympt\u00f4mes-de-Red-Blotch-sur-Cabernet-franc-2.jpg\",\"et-pb-portfolio-image-single\":\"https:\\\/\\\/www.vignevin.com\\\/wp-content\\\/uploads\\\/2019\\\/03\\\/Sympt\u00f4mes-de-Red-Blotch-sur-Cabernet-franc-2.jpg\",\"et-pb-gallery-module-image-portrait\":\"https:\\\/\\\/www.vignevin.com\\\/wp-content\\\/uploads\\\/2019\\\/03\\\/Sympt\u00f4mes-de-Red-Blotch-sur-Cabernet-franc-2.jpg\",\"et-pb-post-main-image-fullwidth-large\":\"https:\\\/\\\/www.vignevin.com\\\/wp-content\\\/uploads\\\/2019\\\/03\\\/Sympt\u00f4mes-de-Red-Blotch-sur-Cabernet-franc-2.jpg\",\"et-pb-image--responsive--desktop\":\"https:\\\/\\\/www.vignevin.com\\\/wp-content\\\/uploads\\\/2019\\\/03\\\/Sympt\u00f4mes-de-Red-Blotch-sur-Cabernet-franc-2.jpg\",\"et-pb-image--responsive--tablet\":\"https:\\\/\\\/www.vignevin.com\\\/wp-content\\\/uploads\\\/2019\\\/03\\\/Sympt\u00f4mes-de-Red-Blotch-sur-Cabernet-franc-2.jpg\",\"et-pb-image--responsive--phone\":\"https:\\\/\\\/www.vignevin.com\\\/wp-content\\\/uploads\\\/2019\\\/03\\\/Sympt\u00f4mes-de-Red-Blotch-sur-Cabernet-franc-2.jpg\",\"gform-image-choice-sm\":\"https:\\\/\\\/www.vignevin.com\\\/wp-content\\\/uploads\\\/2019\\\/03\\\/Sympt\u00f4mes-de-Red-Blotch-sur-Cabernet-franc-2.jpg\",\"gform-image-choice-md\":\"https:\\\/\\\/www.vignevin.com\\\/wp-content\\\/uploads\\\/2019\\\/03\\\/Sympt\u00f4mes-de-Red-Blotch-sur-Cabernet-franc-2.jpg\",\"gform-image-choice-lg\":\"https:\\\/\\\/www.vignevin.com\\\/wp-content\\\/uploads\\\/2019\\\/03\\\/Sympt\u00f4mes-de-Red-Blotch-sur-Cabernet-franc-2.jpg\",\"woocommerce_thumbnail\":\"https:\\\/\\\/www.vignevin.com\\\/wp-content\\\/uploads\\\/2019\\\/03\\\/Sympt\u00f4mes-de-Red-Blotch-sur-Cabernet-franc-2-300x300.jpg\",\"woocommerce_single\":\"https:\\\/\\\/www.vignevin.com\\\/wp-content\\\/uploads\\\/2019\\\/03\\\/Sympt\u00f4mes-de-Red-Blotch-sur-Cabernet-franc-2.jpg\",\"woocommerce_gallery_thumbnail\":\"https:\\\/\\\/www.vignevin.com\\\/wp-content\\\/uploads\\\/2019\\\/03\\\/Sympt\u00f4mes-de-Red-Blotch-sur-Cabernet-franc-2-100x100.jpg\",\"full\":\"https:\\\/\\\/www.vignevin.com\\\/wp-content\\\/uploads\\\/2019\\\/03\\\/Sympt\u00f4mes-de-Red-Blotch-sur-Cabernet-franc-2.jpg\",\"index\":44,\"id\":9910,\"video\":false,\"opts\":{\"caption\":\"\",\"thumb\":{\"errors\":{\"envira-gallery-error-no-file\":[\"No file could be found for the image URL specified.\"]},\"error_data\":[]},\"title\":\"Sympt&ocirc;mes de Red Blotch sur Cabernet franc (2)\"},\"gallery_id\":\"17413\"},\"9911\":{\"status\":\"active\",\"src\":\"https:\\\/\\\/www.vignevin.com\\\/wp-content\\\/uploads\\\/2019\\\/03\\\/Sympt\u00f4mes-de-Red-Blotch-sur-Cabernet-franc.jpg\",\"title\":\"Sympt&ocirc;mes de Red Blotch sur Cabernet franc\",\"link\":\"https:\\\/\\\/www.vignevin.com\\\/wp-content\\\/uploads\\\/2019\\\/03\\\/Sympt\u00f4mes-de-Red-Blotch-sur-Cabernet-franc.jpg\",\"alt\":\"\",\"caption\":false,\"thumb\":{\"errors\":{\"envira-gallery-error-no-file\":[\"No file could be found for the image URL specified.\"]},\"error_data\":[]},\"meta\":{\"aperture\":null,\"credit\":null,\"camera\":null,\"caption\":\"\",\"created_timestamp\":null,\"copyright\":null,\"focal_length\":null,\"iso\":null,\"shutter_speed\":null,\"title\":\"\",\"orientation\":null,\"keywords\":null},\"thumbnail\":\"https:\\\/\\\/www.vignevin.com\\\/wp-content\\\/uploads\\\/2019\\\/03\\\/Sympt\u00f4mes-de-Red-Blotch-sur-Cabernet-franc-150x150.jpg\",\"medium\":\"https:\\\/\\\/www.vignevin.com\\\/wp-content\\\/uploads\\\/2019\\\/03\\\/Sympt\u00f4mes-de-Red-Blotch-sur-Cabernet-franc-300x226.jpg\",\"medium_large\":\"https:\\\/\\\/www.vignevin.com\\\/wp-content\\\/uploads\\\/2019\\\/03\\\/Sympt\u00f4mes-de-Red-Blotch-sur-Cabernet-franc.jpg\",\"large\":\"https:\\\/\\\/www.vignevin.com\\\/wp-content\\\/uploads\\\/2019\\\/03\\\/Sympt\u00f4mes-de-Red-Blotch-sur-Cabernet-franc.jpg\",\"1536x1536\":\"https:\\\/\\\/www.vignevin.com\\\/wp-content\\\/uploads\\\/2019\\\/03\\\/Sympt\u00f4mes-de-Red-Blotch-sur-Cabernet-franc.jpg\",\"2048x2048\":\"https:\\\/\\\/www.vignevin.com\\\/wp-content\\\/uploads\\\/2019\\\/03\\\/Sympt\u00f4mes-de-Red-Blotch-sur-Cabernet-franc.jpg\",\"et-pb-post-main-image\":\"https:\\\/\\\/www.vignevin.com\\\/wp-content\\\/uploads\\\/2019\\\/03\\\/Sympt\u00f4mes-de-Red-Blotch-sur-Cabernet-franc-400x250.jpg\",\"et-pb-post-main-image-fullwidth\":\"https:\\\/\\\/www.vignevin.com\\\/wp-content\\\/uploads\\\/2019\\\/03\\\/Sympt\u00f4mes-de-Red-Blotch-sur-Cabernet-franc.jpg\",\"et-pb-portfolio-image\":\"https:\\\/\\\/www.vignevin.com\\\/wp-content\\\/uploads\\\/2019\\\/03\\\/Sympt\u00f4mes-de-Red-Blotch-sur-Cabernet-franc-400x284.jpg\",\"et-pb-portfolio-module-image\":\"https:\\\/\\\/www.vignevin.com\\\/wp-content\\\/uploads\\\/2019\\\/03\\\/Sympt\u00f4mes-de-Red-Blotch-sur-Cabernet-franc.jpg\",\"et-pb-portfolio-image-single\":\"https:\\\/\\\/www.vignevin.com\\\/wp-content\\\/uploads\\\/2019\\\/03\\\/Sympt\u00f4mes-de-Red-Blotch-sur-Cabernet-franc.jpg\",\"et-pb-gallery-module-image-portrait\":\"https:\\\/\\\/www.vignevin.com\\\/wp-content\\\/uploads\\\/2019\\\/03\\\/Sympt\u00f4mes-de-Red-Blotch-sur-Cabernet-franc-400x345.jpg\",\"et-pb-post-main-image-fullwidth-large\":\"https:\\\/\\\/www.vignevin.com\\\/wp-content\\\/uploads\\\/2019\\\/03\\\/Sympt\u00f4mes-de-Red-Blotch-sur-Cabernet-franc.jpg\",\"et-pb-image--responsive--desktop\":\"https:\\\/\\\/www.vignevin.com\\\/wp-content\\\/uploads\\\/2019\\\/03\\\/Sympt\u00f4mes-de-Red-Blotch-sur-Cabernet-franc.jpg\",\"et-pb-image--responsive--tablet\":\"https:\\\/\\\/www.vignevin.com\\\/wp-content\\\/uploads\\\/2019\\\/03\\\/Sympt\u00f4mes-de-Red-Blotch-sur-Cabernet-franc.jpg\",\"et-pb-image--responsive--phone\":\"https:\\\/\\\/www.vignevin.com\\\/wp-content\\\/uploads\\\/2019\\\/03\\\/Sympt\u00f4mes-de-Red-Blotch-sur-Cabernet-franc.jpg\",\"gform-image-choice-sm\":\"https:\\\/\\\/www.vignevin.com\\\/wp-content\\\/uploads\\\/2019\\\/03\\\/Sympt\u00f4mes-de-Red-Blotch-sur-Cabernet-franc.jpg\",\"gform-image-choice-md\":\"https:\\\/\\\/www.vignevin.com\\\/wp-content\\\/uploads\\\/2019\\\/03\\\/Sympt\u00f4mes-de-Red-Blotch-sur-Cabernet-franc.jpg\",\"gform-image-choice-lg\":\"https:\\\/\\\/www.vignevin.com\\\/wp-content\\\/uploads\\\/2019\\\/03\\\/Sympt\u00f4mes-de-Red-Blotch-sur-Cabernet-franc.jpg\",\"woocommerce_thumbnail\":\"https:\\\/\\\/www.vignevin.com\\\/wp-content\\\/uploads\\\/2019\\\/03\\\/Sympt\u00f4mes-de-Red-Blotch-sur-Cabernet-franc-300x300.jpg\",\"woocommerce_single\":\"https:\\\/\\\/www.vignevin.com\\\/wp-content\\\/uploads\\\/2019\\\/03\\\/Sympt\u00f4mes-de-Red-Blotch-sur-Cabernet-franc.jpg\",\"woocommerce_gallery_thumbnail\":\"https:\\\/\\\/www.vignevin.com\\\/wp-content\\\/uploads\\\/2019\\\/03\\\/Sympt\u00f4mes-de-Red-Blotch-sur-Cabernet-franc-100x100.jpg\",\"full\":\"https:\\\/\\\/www.vignevin.com\\\/wp-content\\\/uploads\\\/2019\\\/03\\\/Sympt\u00f4mes-de-Red-Blotch-sur-Cabernet-franc.jpg\",\"index\":45,\"id\":9911,\"video\":false,\"opts\":{\"caption\":\"\",\"thumb\":{\"errors\":{\"envira-gallery-error-no-file\":[\"No file could be found for the image URL specified.\"]},\"error_data\":[]},\"title\":\"Sympt&ocirc;mes de Red Blotch sur Cabernet franc\"},\"gallery_id\":\"17413\"},\"9912\":{\"status\":\"active\",\"src\":\"https:\\\/\\\/www.vignevin.com\\\/wp-content\\\/uploads\\\/2019\\\/03\\\/Sympt\u00f4mes-de-Red-Blotch-sur-Cabernet-Sauvignon-2.jpg\",\"title\":\"Sympt&ocirc;mes de Red Blotch sur Cabernet Sauvignon (2)\",\"link\":\"https:\\\/\\\/www.vignevin.com\\\/wp-content\\\/uploads\\\/2019\\\/03\\\/Sympt\u00f4mes-de-Red-Blotch-sur-Cabernet-Sauvignon-2.jpg\",\"alt\":\"\",\"caption\":false,\"thumb\":{\"errors\":{\"envira-gallery-error-no-file\":[\"No file could be found for the image URL specified.\"]},\"error_data\":[]},\"meta\":{\"aperture\":null,\"credit\":null,\"camera\":null,\"caption\":\"\",\"created_timestamp\":null,\"copyright\":null,\"focal_length\":null,\"iso\":null,\"shutter_speed\":null,\"title\":\"\",\"orientation\":null,\"keywords\":null},\"thumbnail\":\"https:\\\/\\\/www.vignevin.com\\\/wp-content\\\/uploads\\\/2019\\\/03\\\/Sympt\u00f4mes-de-Red-Blotch-sur-Cabernet-Sauvignon-2-150x150.jpg\",\"medium\":\"https:\\\/\\\/www.vignevin.com\\\/wp-content\\\/uploads\\\/2019\\\/03\\\/Sympt\u00f4mes-de-Red-Blotch-sur-Cabernet-Sauvignon-2-300x225.jpg\",\"medium_large\":\"https:\\\/\\\/www.vignevin.com\\\/wp-content\\\/uploads\\\/2019\\\/03\\\/Sympt\u00f4mes-de-Red-Blotch-sur-Cabernet-Sauvignon-2-768x577.jpg\",\"large\":\"https:\\\/\\\/www.vignevin.com\\\/wp-content\\\/uploads\\\/2019\\\/03\\\/Sympt\u00f4mes-de-Red-Blotch-sur-Cabernet-Sauvignon-2-1024x769.jpg\",\"1536x1536\":\"https:\\\/\\\/www.vignevin.com\\\/wp-content\\\/uploads\\\/2019\\\/03\\\/Sympt\u00f4mes-de-Red-Blotch-sur-Cabernet-Sauvignon-2.jpg\",\"2048x2048\":\"https:\\\/\\\/www.vignevin.com\\\/wp-content\\\/uploads\\\/2019\\\/03\\\/Sympt\u00f4mes-de-Red-Blotch-sur-Cabernet-Sauvignon-2.jpg\",\"et-pb-post-main-image\":\"https:\\\/\\\/www.vignevin.com\\\/wp-content\\\/uploads\\\/2019\\\/03\\\/Sympt\u00f4mes-de-Red-Blotch-sur-Cabernet-Sauvignon-2-400x250.jpg\",\"et-pb-post-main-image-fullwidth\":\"https:\\\/\\\/www.vignevin.com\\\/wp-content\\\/uploads\\\/2019\\\/03\\\/Sympt\u00f4mes-de-Red-Blotch-sur-Cabernet-Sauvignon-2-1080x675.jpg\",\"et-pb-portfolio-image\":\"https:\\\/\\\/www.vignevin.com\\\/wp-content\\\/uploads\\\/2019\\\/03\\\/Sympt\u00f4mes-de-Red-Blotch-sur-Cabernet-Sauvignon-2-400x284.jpg\",\"et-pb-portfolio-module-image\":\"https:\\\/\\\/www.vignevin.com\\\/wp-content\\\/uploads\\\/2019\\\/03\\\/Sympt\u00f4mes-de-Red-Blotch-sur-Cabernet-Sauvignon-2-510x382.jpg\",\"et-pb-portfolio-image-single\":\"https:\\\/\\\/www.vignevin.com\\\/wp-content\\\/uploads\\\/2019\\\/03\\\/Sympt\u00f4mes-de-Red-Blotch-sur-Cabernet-Sauvignon-2-1080x811.jpg\",\"et-pb-gallery-module-image-portrait\":\"https:\\\/\\\/www.vignevin.com\\\/wp-content\\\/uploads\\\/2019\\\/03\\\/Sympt\u00f4mes-de-Red-Blotch-sur-Cabernet-Sauvignon-2-400x516.jpg\",\"et-pb-post-main-image-fullwidth-large\":\"https:\\\/\\\/www.vignevin.com\\\/wp-content\\\/uploads\\\/2019\\\/03\\\/Sympt\u00f4mes-de-Red-Blotch-sur-Cabernet-Sauvignon-2.jpg\",\"et-pb-image--responsive--desktop\":\"https:\\\/\\\/www.vignevin.com\\\/wp-content\\\/uploads\\\/2019\\\/03\\\/Sympt\u00f4mes-de-Red-Blotch-sur-Cabernet-Sauvignon-2.jpg\",\"et-pb-image--responsive--tablet\":\"https:\\\/\\\/www.vignevin.com\\\/wp-content\\\/uploads\\\/2019\\\/03\\\/Sympt\u00f4mes-de-Red-Blotch-sur-Cabernet-Sauvignon-2.jpg\",\"et-pb-image--responsive--phone\":\"https:\\\/\\\/www.vignevin.com\\\/wp-content\\\/uploads\\\/2019\\\/03\\\/Sympt\u00f4mes-de-Red-Blotch-sur-Cabernet-Sauvignon-2.jpg\",\"gform-image-choice-sm\":\"https:\\\/\\\/www.vignevin.com\\\/wp-content\\\/uploads\\\/2019\\\/03\\\/Sympt\u00f4mes-de-Red-Blotch-sur-Cabernet-Sauvignon-2.jpg\",\"gform-image-choice-md\":\"https:\\\/\\\/www.vignevin.com\\\/wp-content\\\/uploads\\\/2019\\\/03\\\/Sympt\u00f4mes-de-Red-Blotch-sur-Cabernet-Sauvignon-2.jpg\",\"gform-image-choice-lg\":\"https:\\\/\\\/www.vignevin.com\\\/wp-content\\\/uploads\\\/2019\\\/03\\\/Sympt\u00f4mes-de-Red-Blotch-sur-Cabernet-Sauvignon-2.jpg\",\"woocommerce_thumbnail\":\"https:\\\/\\\/www.vignevin.com\\\/wp-content\\\/uploads\\\/2019\\\/03\\\/Sympt\u00f4mes-de-Red-Blotch-sur-Cabernet-Sauvignon-2-300x300.jpg\",\"woocommerce_single\":\"https:\\\/\\\/www.vignevin.com\\\/wp-content\\\/uploads\\\/2019\\\/03\\\/Sympt\u00f4mes-de-Red-Blotch-sur-Cabernet-Sauvignon-2-600x451.jpg\",\"woocommerce_gallery_thumbnail\":\"https:\\\/\\\/www.vignevin.com\\\/wp-content\\\/uploads\\\/2019\\\/03\\\/Sympt\u00f4mes-de-Red-Blotch-sur-Cabernet-Sauvignon-2-100x100.jpg\",\"full\":\"https:\\\/\\\/www.vignevin.com\\\/wp-content\\\/uploads\\\/2019\\\/03\\\/Sympt\u00f4mes-de-Red-Blotch-sur-Cabernet-Sauvignon-2.jpg\",\"index\":46,\"id\":9912,\"video\":false,\"opts\":{\"caption\":\"\",\"thumb\":{\"errors\":{\"envira-gallery-error-no-file\":[\"No file could be found for the image URL specified.\"]},\"error_data\":[]},\"title\":\"Sympt&ocirc;mes de Red Blotch sur Cabernet Sauvignon (2)\"},\"gallery_id\":\"17413\"},\"9913\":{\"status\":\"active\",\"src\":\"https:\\\/\\\/www.vignevin.com\\\/wp-content\\\/uploads\\\/2019\\\/03\\\/Sympt\u00f4mes-de-Red-Blotch-sur-Cabernet-Sauvignon.jpg\",\"title\":\"Sympt&ocirc;mes de Red Blotch sur Cabernet Sauvignon\",\"link\":\"https:\\\/\\\/www.vignevin.com\\\/wp-content\\\/uploads\\\/2019\\\/03\\\/Sympt\u00f4mes-de-Red-Blotch-sur-Cabernet-Sauvignon.jpg\",\"alt\":\"\",\"caption\":false,\"thumb\":{\"errors\":{\"envira-gallery-error-no-file\":[\"No file could be found for the image URL specified.\"]},\"error_data\":[]},\"meta\":{\"aperture\":null,\"credit\":null,\"camera\":null,\"caption\":\"\",\"created_timestamp\":null,\"copyright\":null,\"focal_length\":null,\"iso\":null,\"shutter_speed\":null,\"title\":\"\",\"orientation\":null,\"keywords\":null},\"thumbnail\":\"https:\\\/\\\/www.vignevin.com\\\/wp-content\\\/uploads\\\/2019\\\/03\\\/Sympt\u00f4mes-de-Red-Blotch-sur-Cabernet-Sauvignon-150x150.jpg\",\"medium\":\"https:\\\/\\\/www.vignevin.com\\\/wp-content\\\/uploads\\\/2019\\\/03\\\/Sympt\u00f4mes-de-Red-Blotch-sur-Cabernet-Sauvignon.jpg\",\"medium_large\":\"https:\\\/\\\/www.vignevin.com\\\/wp-content\\\/uploads\\\/2019\\\/03\\\/Sympt\u00f4mes-de-Red-Blotch-sur-Cabernet-Sauvignon.jpg\",\"large\":\"https:\\\/\\\/www.vignevin.com\\\/wp-content\\\/uploads\\\/2019\\\/03\\\/Sympt\u00f4mes-de-Red-Blotch-sur-Cabernet-Sauvignon.jpg\",\"1536x1536\":\"https:\\\/\\\/www.vignevin.com\\\/wp-content\\\/uploads\\\/2019\\\/03\\\/Sympt\u00f4mes-de-Red-Blotch-sur-Cabernet-Sauvignon.jpg\",\"2048x2048\":\"https:\\\/\\\/www.vignevin.com\\\/wp-content\\\/uploads\\\/2019\\\/03\\\/Sympt\u00f4mes-de-Red-Blotch-sur-Cabernet-Sauvignon.jpg\",\"et-pb-post-main-image\":\"https:\\\/\\\/www.vignevin.com\\\/wp-content\\\/uploads\\\/2019\\\/03\\\/Sympt\u00f4mes-de-Red-Blotch-sur-Cabernet-Sauvignon.jpg\",\"et-pb-post-main-image-fullwidth\":\"https:\\\/\\\/www.vignevin.com\\\/wp-content\\\/uploads\\\/2019\\\/03\\\/Sympt\u00f4mes-de-Red-Blotch-sur-Cabernet-Sauvignon.jpg\",\"et-pb-portfolio-image\":\"https:\\\/\\\/www.vignevin.com\\\/wp-content\\\/uploads\\\/2019\\\/03\\\/Sympt\u00f4mes-de-Red-Blotch-sur-Cabernet-Sauvignon.jpg\",\"et-pb-portfolio-module-image\":\"https:\\\/\\\/www.vignevin.com\\\/wp-content\\\/uploads\\\/2019\\\/03\\\/Sympt\u00f4mes-de-Red-Blotch-sur-Cabernet-Sauvignon.jpg\",\"et-pb-portfolio-image-single\":\"https:\\\/\\\/www.vignevin.com\\\/wp-content\\\/uploads\\\/2019\\\/03\\\/Sympt\u00f4mes-de-Red-Blotch-sur-Cabernet-Sauvignon.jpg\",\"et-pb-gallery-module-image-portrait\":\"https:\\\/\\\/www.vignevin.com\\\/wp-content\\\/uploads\\\/2019\\\/03\\\/Sympt\u00f4mes-de-Red-Blotch-sur-Cabernet-Sauvignon.jpg\",\"et-pb-post-main-image-fullwidth-large\":\"https:\\\/\\\/www.vignevin.com\\\/wp-content\\\/uploads\\\/2019\\\/03\\\/Sympt\u00f4mes-de-Red-Blotch-sur-Cabernet-Sauvignon.jpg\",\"et-pb-image--responsive--desktop\":\"https:\\\/\\\/www.vignevin.com\\\/wp-content\\\/uploads\\\/2019\\\/03\\\/Sympt\u00f4mes-de-Red-Blotch-sur-Cabernet-Sauvignon.jpg\",\"et-pb-image--responsive--tablet\":\"https:\\\/\\\/www.vignevin.com\\\/wp-content\\\/uploads\\\/2019\\\/03\\\/Sympt\u00f4mes-de-Red-Blotch-sur-Cabernet-Sauvignon.jpg\",\"et-pb-image--responsive--phone\":\"https:\\\/\\\/www.vignevin.com\\\/wp-content\\\/uploads\\\/2019\\\/03\\\/Sympt\u00f4mes-de-Red-Blotch-sur-Cabernet-Sauvignon.jpg\",\"gform-image-choice-sm\":\"https:\\\/\\\/www.vignevin.com\\\/wp-content\\\/uploads\\\/2019\\\/03\\\/Sympt\u00f4mes-de-Red-Blotch-sur-Cabernet-Sauvignon.jpg\",\"gform-image-choice-md\":\"https:\\\/\\\/www.vignevin.com\\\/wp-content\\\/uploads\\\/2019\\\/03\\\/Sympt\u00f4mes-de-Red-Blotch-sur-Cabernet-Sauvignon.jpg\",\"gform-image-choice-lg\":\"https:\\\/\\\/www.vignevin.com\\\/wp-content\\\/uploads\\\/2019\\\/03\\\/Sympt\u00f4mes-de-Red-Blotch-sur-Cabernet-Sauvignon.jpg\",\"woocommerce_thumbnail\":\"https:\\\/\\\/www.vignevin.com\\\/wp-content\\\/uploads\\\/2019\\\/03\\\/Sympt\u00f4mes-de-Red-Blotch-sur-Cabernet-Sauvignon.jpg\",\"woocommerce_single\":\"https:\\\/\\\/www.vignevin.com\\\/wp-content\\\/uploads\\\/2019\\\/03\\\/Sympt\u00f4mes-de-Red-Blotch-sur-Cabernet-Sauvignon.jpg\",\"woocommerce_gallery_thumbnail\":\"https:\\\/\\\/www.vignevin.com\\\/wp-content\\\/uploads\\\/2019\\\/03\\\/Sympt\u00f4mes-de-Red-Blotch-sur-Cabernet-Sauvignon-100x100.jpg\",\"full\":\"https:\\\/\\\/www.vignevin.com\\\/wp-content\\\/uploads\\\/2019\\\/03\\\/Sympt\u00f4mes-de-Red-Blotch-sur-Cabernet-Sauvignon.jpg\",\"index\":47,\"id\":9913,\"video\":false,\"opts\":{\"caption\":\"\",\"thumb\":{\"errors\":{\"envira-gallery-error-no-file\":[\"No file could be found for the image URL specified.\"]},\"error_data\":[]},\"title\":\"Sympt&ocirc;mes de Red Blotch sur Cabernet Sauvignon\"},\"gallery_id\":\"17413\"},\"9914\":{\"status\":\"active\",\"src\":\"https:\\\/\\\/www.vignevin.com\\\/wp-content\\\/uploads\\\/2019\\\/03\\\/Sympt\u00f4mes-de-Red-Blotch-sur-Chardonnay-2.jpg\",\"title\":\"Sympt&ocirc;mes de Red Blotch sur Chardonnay (2)\",\"link\":\"https:\\\/\\\/www.vignevin.com\\\/wp-content\\\/uploads\\\/2019\\\/03\\\/Sympt\u00f4mes-de-Red-Blotch-sur-Chardonnay-2.jpg\",\"alt\":\"\",\"caption\":false,\"thumb\":{\"errors\":{\"envira-gallery-error-no-file\":[\"No file could be found for the image URL specified.\"]},\"error_data\":[]},\"meta\":{\"aperture\":null,\"credit\":null,\"camera\":null,\"caption\":\"\",\"created_timestamp\":null,\"copyright\":null,\"focal_length\":null,\"iso\":null,\"shutter_speed\":null,\"title\":\"\",\"orientation\":null,\"keywords\":null},\"thumbnail\":\"https:\\\/\\\/www.vignevin.com\\\/wp-content\\\/uploads\\\/2019\\\/03\\\/Sympt\u00f4mes-de-Red-Blotch-sur-Chardonnay-2-150x150.jpg\",\"medium\":\"https:\\\/\\\/www.vignevin.com\\\/wp-content\\\/uploads\\\/2019\\\/03\\\/Sympt\u00f4mes-de-Red-Blotch-sur-Chardonnay-2-300x214.jpg\",\"medium_large\":\"https:\\\/\\\/www.vignevin.com\\\/wp-content\\\/uploads\\\/2019\\\/03\\\/Sympt\u00f4mes-de-Red-Blotch-sur-Chardonnay-2-768x549.jpg\",\"large\":\"https:\\\/\\\/www.vignevin.com\\\/wp-content\\\/uploads\\\/2019\\\/03\\\/Sympt\u00f4mes-de-Red-Blotch-sur-Chardonnay-2.jpg\",\"1536x1536\":\"https:\\\/\\\/www.vignevin.com\\\/wp-content\\\/uploads\\\/2019\\\/03\\\/Sympt\u00f4mes-de-Red-Blotch-sur-Chardonnay-2.jpg\",\"2048x2048\":\"https:\\\/\\\/www.vignevin.com\\\/wp-content\\\/uploads\\\/2019\\\/03\\\/Sympt\u00f4mes-de-Red-Blotch-sur-Chardonnay-2.jpg\",\"et-pb-post-main-image\":\"https:\\\/\\\/www.vignevin.com\\\/wp-content\\\/uploads\\\/2019\\\/03\\\/Sympt\u00f4mes-de-Red-Blotch-sur-Chardonnay-2-400x250.jpg\",\"et-pb-post-main-image-fullwidth\":\"https:\\\/\\\/www.vignevin.com\\\/wp-content\\\/uploads\\\/2019\\\/03\\\/Sympt\u00f4mes-de-Red-Blotch-sur-Chardonnay-2.jpg\",\"et-pb-portfolio-image\":\"https:\\\/\\\/www.vignevin.com\\\/wp-content\\\/uploads\\\/2019\\\/03\\\/Sympt\u00f4mes-de-Red-Blotch-sur-Chardonnay-2-400x284.jpg\",\"et-pb-portfolio-module-image\":\"https:\\\/\\\/www.vignevin.com\\\/wp-content\\\/uploads\\\/2019\\\/03\\\/Sympt\u00f4mes-de-Red-Blotch-sur-Chardonnay-2-510x382.jpg\",\"et-pb-portfolio-image-single\":\"https:\\\/\\\/www.vignevin.com\\\/wp-content\\\/uploads\\\/2019\\\/03\\\/Sympt\u00f4mes-de-Red-Blotch-sur-Chardonnay-2.jpg\",\"et-pb-gallery-module-image-portrait\":\"https:\\\/\\\/www.vignevin.com\\\/wp-content\\\/uploads\\\/2019\\\/03\\\/Sympt\u00f4mes-de-Red-Blotch-sur-Chardonnay-2-400x516.jpg\",\"et-pb-post-main-image-fullwidth-large\":\"https:\\\/\\\/www.vignevin.com\\\/wp-content\\\/uploads\\\/2019\\\/03\\\/Sympt\u00f4mes-de-Red-Blotch-sur-Chardonnay-2.jpg\",\"et-pb-image--responsive--desktop\":\"https:\\\/\\\/www.vignevin.com\\\/wp-content\\\/uploads\\\/2019\\\/03\\\/Sympt\u00f4mes-de-Red-Blotch-sur-Chardonnay-2.jpg\",\"et-pb-image--responsive--tablet\":\"https:\\\/\\\/www.vignevin.com\\\/wp-content\\\/uploads\\\/2019\\\/03\\\/Sympt\u00f4mes-de-Red-Blotch-sur-Chardonnay-2.jpg\",\"et-pb-image--responsive--phone\":\"https:\\\/\\\/www.vignevin.com\\\/wp-content\\\/uploads\\\/2019\\\/03\\\/Sympt\u00f4mes-de-Red-Blotch-sur-Chardonnay-2.jpg\",\"gform-image-choice-sm\":\"https:\\\/\\\/www.vignevin.com\\\/wp-content\\\/uploads\\\/2019\\\/03\\\/Sympt\u00f4mes-de-Red-Blotch-sur-Chardonnay-2.jpg\",\"gform-image-choice-md\":\"https:\\\/\\\/www.vignevin.com\\\/wp-content\\\/uploads\\\/2019\\\/03\\\/Sympt\u00f4mes-de-Red-Blotch-sur-Chardonnay-2.jpg\",\"gform-image-choice-lg\":\"https:\\\/\\\/www.vignevin.com\\\/wp-content\\\/uploads\\\/2019\\\/03\\\/Sympt\u00f4mes-de-Red-Blotch-sur-Chardonnay-2.jpg\",\"woocommerce_thumbnail\":\"https:\\\/\\\/www.vignevin.com\\\/wp-content\\\/uploads\\\/2019\\\/03\\\/Sympt\u00f4mes-de-Red-Blotch-sur-Chardonnay-2-300x300.jpg\",\"woocommerce_single\":\"https:\\\/\\\/www.vignevin.com\\\/wp-content\\\/uploads\\\/2019\\\/03\\\/Sympt\u00f4mes-de-Red-Blotch-sur-Chardonnay-2-600x429.jpg\",\"woocommerce_gallery_thumbnail\":\"https:\\\/\\\/www.vignevin.com\\\/wp-content\\\/uploads\\\/2019\\\/03\\\/Sympt\u00f4mes-de-Red-Blotch-sur-Chardonnay-2-100x100.jpg\",\"full\":\"https:\\\/\\\/www.vignevin.com\\\/wp-content\\\/uploads\\\/2019\\\/03\\\/Sympt\u00f4mes-de-Red-Blotch-sur-Chardonnay-2.jpg\",\"index\":48,\"id\":9914,\"video\":false,\"opts\":{\"caption\":\"\",\"thumb\":{\"errors\":{\"envira-gallery-error-no-file\":[\"No file could be found for the image URL specified.\"]},\"error_data\":[]},\"title\":\"Sympt&ocirc;mes de Red Blotch sur Chardonnay (2)\"},\"gallery_id\":\"17413\"},\"9915\":{\"status\":\"active\",\"src\":\"https:\\\/\\\/www.vignevin.com\\\/wp-content\\\/uploads\\\/2019\\\/03\\\/Sympt\u00f4mes-de-Red-Blotch-sur-Chardonnay.jpg\",\"title\":\"Sympt&ocirc;mes de Red Blotch sur Chardonnay\",\"link\":\"https:\\\/\\\/www.vignevin.com\\\/wp-content\\\/uploads\\\/2019\\\/03\\\/Sympt\u00f4mes-de-Red-Blotch-sur-Chardonnay.jpg\",\"alt\":\"\",\"caption\":false,\"thumb\":{\"errors\":{\"envira-gallery-error-no-file\":[\"No file could be found for the image URL specified.\"]},\"error_data\":[]},\"meta\":{\"aperture\":null,\"credit\":\"Matthew Hoffman\",\"camera\":null,\"caption\":\"\",\"created_timestamp\":\"1408956802\",\"copyright\":null,\"focal_length\":null,\"iso\":null,\"shutter_speed\":null,\"title\":\"\",\"orientation\":null,\"keywords\":null},\"thumbnail\":\"https:\\\/\\\/www.vignevin.com\\\/wp-content\\\/uploads\\\/2019\\\/03\\\/Sympt\u00f4mes-de-Red-Blotch-sur-Chardonnay-150x150.jpg\",\"medium\":\"https:\\\/\\\/www.vignevin.com\\\/wp-content\\\/uploads\\\/2019\\\/03\\\/Sympt\u00f4mes-de-Red-Blotch-sur-Chardonnay-300x225.jpg\",\"medium_large\":\"https:\\\/\\\/www.vignevin.com\\\/wp-content\\\/uploads\\\/2019\\\/03\\\/Sympt\u00f4mes-de-Red-Blotch-sur-Chardonnay.jpg\",\"large\":\"https:\\\/\\\/www.vignevin.com\\\/wp-content\\\/uploads\\\/2019\\\/03\\\/Sympt\u00f4mes-de-Red-Blotch-sur-Chardonnay.jpg\",\"1536x1536\":\"https:\\\/\\\/www.vignevin.com\\\/wp-content\\\/uploads\\\/2019\\\/03\\\/Sympt\u00f4mes-de-Red-Blotch-sur-Chardonnay.jpg\",\"2048x2048\":\"https:\\\/\\\/www.vignevin.com\\\/wp-content\\\/uploads\\\/2019\\\/03\\\/Sympt\u00f4mes-de-Red-Blotch-sur-Chardonnay.jpg\",\"et-pb-post-main-image\":\"https:\\\/\\\/www.vignevin.com\\\/wp-content\\\/uploads\\\/2019\\\/03\\\/Sympt\u00f4mes-de-Red-Blotch-sur-Chardonnay-400x250.jpg\",\"et-pb-post-main-image-fullwidth\":\"https:\\\/\\\/www.vignevin.com\\\/wp-content\\\/uploads\\\/2019\\\/03\\\/Sympt\u00f4mes-de-Red-Blotch-sur-Chardonnay.jpg\",\"et-pb-portfolio-image\":\"https:\\\/\\\/www.vignevin.com\\\/wp-content\\\/uploads\\\/2019\\\/03\\\/Sympt\u00f4mes-de-Red-Blotch-sur-Chardonnay-400x284.jpg\",\"et-pb-portfolio-module-image\":\"https:\\\/\\\/www.vignevin.com\\\/wp-content\\\/uploads\\\/2019\\\/03\\\/Sympt\u00f4mes-de-Red-Blotch-sur-Chardonnay-510x382.jpg\",\"et-pb-portfolio-image-single\":\"https:\\\/\\\/www.vignevin.com\\\/wp-content\\\/uploads\\\/2019\\\/03\\\/Sympt\u00f4mes-de-Red-Blotch-sur-Chardonnay.jpg\",\"et-pb-gallery-module-image-portrait\":\"https:\\\/\\\/www.vignevin.com\\\/wp-content\\\/uploads\\\/2019\\\/03\\\/Sympt\u00f4mes-de-Red-Blotch-sur-Chardonnay-400x472.jpg\",\"et-pb-post-main-image-fullwidth-large\":\"https:\\\/\\\/www.vignevin.com\\\/wp-content\\\/uploads\\\/2019\\\/03\\\/Sympt\u00f4mes-de-Red-Blotch-sur-Chardonnay.jpg\",\"et-pb-image--responsive--desktop\":\"https:\\\/\\\/www.vignevin.com\\\/wp-content\\\/uploads\\\/2019\\\/03\\\/Sympt\u00f4mes-de-Red-Blotch-sur-Chardonnay.jpg\",\"et-pb-image--responsive--tablet\":\"https:\\\/\\\/www.vignevin.com\\\/wp-content\\\/uploads\\\/2019\\\/03\\\/Sympt\u00f4mes-de-Red-Blotch-sur-Chardonnay.jpg\",\"et-pb-image--responsive--phone\":\"https:\\\/\\\/www.vignevin.com\\\/wp-content\\\/uploads\\\/2019\\\/03\\\/Sympt\u00f4mes-de-Red-Blotch-sur-Chardonnay.jpg\",\"gform-image-choice-sm\":\"https:\\\/\\\/www.vignevin.com\\\/wp-content\\\/uploads\\\/2019\\\/03\\\/Sympt\u00f4mes-de-Red-Blotch-sur-Chardonnay.jpg\",\"gform-image-choice-md\":\"https:\\\/\\\/www.vignevin.com\\\/wp-content\\\/uploads\\\/2019\\\/03\\\/Sympt\u00f4mes-de-Red-Blotch-sur-Chardonnay.jpg\",\"gform-image-choice-lg\":\"https:\\\/\\\/www.vignevin.com\\\/wp-content\\\/uploads\\\/2019\\\/03\\\/Sympt\u00f4mes-de-Red-Blotch-sur-Chardonnay.jpg\",\"woocommerce_thumbnail\":\"https:\\\/\\\/www.vignevin.com\\\/wp-content\\\/uploads\\\/2019\\\/03\\\/Sympt\u00f4mes-de-Red-Blotch-sur-Chardonnay-300x300.jpg\",\"woocommerce_single\":\"https:\\\/\\\/www.vignevin.com\\\/wp-content\\\/uploads\\\/2019\\\/03\\\/Sympt\u00f4mes-de-Red-Blotch-sur-Chardonnay-600x451.jpg\",\"woocommerce_gallery_thumbnail\":\"https:\\\/\\\/www.vignevin.com\\\/wp-content\\\/uploads\\\/2019\\\/03\\\/Sympt\u00f4mes-de-Red-Blotch-sur-Chardonnay-100x100.jpg\",\"full\":\"https:\\\/\\\/www.vignevin.com\\\/wp-content\\\/uploads\\\/2019\\\/03\\\/Sympt\u00f4mes-de-Red-Blotch-sur-Chardonnay.jpg\",\"index\":49,\"id\":9915,\"video\":false,\"opts\":{\"caption\":\"\",\"thumb\":{\"errors\":{\"envira-gallery-error-no-file\":[\"No file could be found for the image URL specified.\"]},\"error_data\":[]},\"title\":\"Sympt&ocirc;mes de Red Blotch sur Chardonnay\"},\"gallery_id\":\"17413\"},\"9916\":{\"status\":\"active\",\"src\":\"https:\\\/\\\/www.vignevin.com\\\/wp-content\\\/uploads\\\/2019\\\/03\\\/Sympt\u00f4mes-de-Red-Blotch-sur-Counoise-2-scaled.jpg\",\"title\":\"Sympt&ocirc;mes de Red Blotch sur Counoise (2)\",\"link\":\"https:\\\/\\\/www.vignevin.com\\\/wp-content\\\/uploads\\\/2019\\\/03\\\/Sympt\u00f4mes-de-Red-Blotch-sur-Counoise-2.jpg\",\"alt\":\"\",\"caption\":false,\"thumb\":{\"errors\":{\"envira-gallery-error-no-file\":[\"No file could be found for the image URL specified.\"]},\"error_data\":[]},\"meta\":{\"aperture\":\"2.2\",\"credit\":null,\"camera\":\"SM-G901F\",\"caption\":\"\",\"created_timestamp\":\"1476205812\",\"copyright\":null,\"focal_length\":\"4.8\",\"iso\":\"50\",\"shutter_speed\":\"0.0038759689922481\",\"title\":\"\",\"orientation\":\"1\",\"keywords\":null},\"thumbnail\":\"https:\\\/\\\/www.vignevin.com\\\/wp-content\\\/uploads\\\/2019\\\/03\\\/Sympt\u00f4mes-de-Red-Blotch-sur-Counoise-2-150x150.jpg\",\"medium\":\"https:\\\/\\\/www.vignevin.com\\\/wp-content\\\/uploads\\\/2019\\\/03\\\/Sympt\u00f4mes-de-Red-Blotch-sur-Counoise-2-169x300.jpg\",\"medium_large\":\"https:\\\/\\\/www.vignevin.com\\\/wp-content\\\/uploads\\\/2019\\\/03\\\/Sympt\u00f4mes-de-Red-Blotch-sur-Counoise-2-768x1365.jpg\",\"large\":\"https:\\\/\\\/www.vignevin.com\\\/wp-content\\\/uploads\\\/2019\\\/03\\\/Sympt\u00f4mes-de-Red-Blotch-sur-Counoise-2-576x1024.jpg\",\"1536x1536\":\"https:\\\/\\\/www.vignevin.com\\\/wp-content\\\/uploads\\\/2019\\\/03\\\/Sympt\u00f4mes-de-Red-Blotch-sur-Counoise-2-scaled.jpg\",\"2048x2048\":\"https:\\\/\\\/www.vignevin.com\\\/wp-content\\\/uploads\\\/2019\\\/03\\\/Sympt\u00f4mes-de-Red-Blotch-sur-Counoise-2-scaled.jpg\",\"et-pb-post-main-image\":\"https:\\\/\\\/www.vignevin.com\\\/wp-content\\\/uploads\\\/2019\\\/03\\\/Sympt\u00f4mes-de-Red-Blotch-sur-Counoise-2-400x250.jpg\",\"et-pb-post-main-image-fullwidth\":\"https:\\\/\\\/www.vignevin.com\\\/wp-content\\\/uploads\\\/2019\\\/03\\\/Sympt\u00f4mes-de-Red-Blotch-sur-Counoise-2-1080x675.jpg\",\"et-pb-portfolio-image\":\"https:\\\/\\\/www.vignevin.com\\\/wp-content\\\/uploads\\\/2019\\\/03\\\/Sympt\u00f4mes-de-Red-Blotch-sur-Counoise-2-400x284.jpg\",\"et-pb-portfolio-module-image\":\"https:\\\/\\\/www.vignevin.com\\\/wp-content\\\/uploads\\\/2019\\\/03\\\/Sympt\u00f4mes-de-Red-Blotch-sur-Counoise-2-510x382.jpg\",\"et-pb-portfolio-image-single\":\"https:\\\/\\\/www.vignevin.com\\\/wp-content\\\/uploads\\\/2019\\\/03\\\/Sympt\u00f4mes-de-Red-Blotch-sur-Counoise-2-1080x1920.jpg\",\"et-pb-gallery-module-image-portrait\":\"https:\\\/\\\/www.vignevin.com\\\/wp-content\\\/uploads\\\/2019\\\/03\\\/Sympt\u00f4mes-de-Red-Blotch-sur-Counoise-2-400x516.jpg\",\"et-pb-post-main-image-fullwidth-large\":\"https:\\\/\\\/www.vignevin.com\\\/wp-content\\\/uploads\\\/2019\\\/03\\\/Sympt\u00f4mes-de-Red-Blotch-sur-Counoise-2-2880x1800.jpg\",\"et-pb-image--responsive--desktop\":\"https:\\\/\\\/www.vignevin.com\\\/wp-content\\\/uploads\\\/2019\\\/03\\\/Sympt\u00f4mes-de-Red-Blotch-sur-Counoise-2-scaled.jpg\",\"et-pb-image--responsive--tablet\":\"https:\\\/\\\/www.vignevin.com\\\/wp-content\\\/uploads\\\/2019\\\/03\\\/Sympt\u00f4mes-de-Red-Blotch-sur-Counoise-2-scaled.jpg\",\"et-pb-image--responsive--phone\":\"https:\\\/\\\/www.vignevin.com\\\/wp-content\\\/uploads\\\/2019\\\/03\\\/Sympt\u00f4mes-de-Red-Blotch-sur-Counoise-2-scaled.jpg\",\"gform-image-choice-sm\":\"https:\\\/\\\/www.vignevin.com\\\/wp-content\\\/uploads\\\/2019\\\/03\\\/Sympt\u00f4mes-de-Red-Blotch-sur-Counoise-2-scaled.jpg\",\"gform-image-choice-md\":\"https:\\\/\\\/www.vignevin.com\\\/wp-content\\\/uploads\\\/2019\\\/03\\\/Sympt\u00f4mes-de-Red-Blotch-sur-Counoise-2-scaled.jpg\",\"gform-image-choice-lg\":\"https:\\\/\\\/www.vignevin.com\\\/wp-content\\\/uploads\\\/2019\\\/03\\\/Sympt\u00f4mes-de-Red-Blotch-sur-Counoise-2-scaled.jpg\",\"woocommerce_thumbnail\":\"https:\\\/\\\/www.vignevin.com\\\/wp-content\\\/uploads\\\/2019\\\/03\\\/Sympt\u00f4mes-de-Red-Blotch-sur-Counoise-2-scaled-300x300.jpg\",\"woocommerce_single\":\"https:\\\/\\\/www.vignevin.com\\\/wp-content\\\/uploads\\\/2019\\\/03\\\/Sympt\u00f4mes-de-Red-Blotch-sur-Counoise-2-scaled-600x1067.jpg\",\"woocommerce_gallery_thumbnail\":\"https:\\\/\\\/www.vignevin.com\\\/wp-content\\\/uploads\\\/2019\\\/03\\\/Sympt\u00f4mes-de-Red-Blotch-sur-Counoise-2-scaled-100x100.jpg\",\"full\":\"https:\\\/\\\/www.vignevin.com\\\/wp-content\\\/uploads\\\/2019\\\/03\\\/Sympt\u00f4mes-de-Red-Blotch-sur-Counoise-2-scaled.jpg\",\"index\":50,\"id\":9916,\"video\":false,\"opts\":{\"caption\":\"\",\"thumb\":{\"errors\":{\"envira-gallery-error-no-file\":[\"No file could be found for the image URL specified.\"]},\"error_data\":[]},\"title\":\"Sympt&ocirc;mes de Red Blotch sur Counoise (2)\"},\"gallery_id\":\"17413\"},\"9917\":{\"status\":\"active\",\"src\":\"https:\\\/\\\/www.vignevin.com\\\/wp-content\\\/uploads\\\/2019\\\/03\\\/Sympt\u00f4mes-de-Red-Blotch-sur-Counoise-scaled.jpg\",\"title\":\"Sympt&ocirc;mes de Red Blotch sur Counoise\",\"link\":\"https:\\\/\\\/www.vignevin.com\\\/wp-content\\\/uploads\\\/2019\\\/03\\\/Sympt\u00f4mes-de-Red-Blotch-sur-Counoise.jpg\",\"alt\":\"\",\"caption\":false,\"thumb\":{\"errors\":{\"envira-gallery-error-no-file\":[\"No file could be found for the image URL specified.\"]},\"error_data\":[]},\"meta\":{\"aperture\":\"2.2\",\"credit\":null,\"camera\":\"SM-G901F\",\"caption\":\"\",\"created_timestamp\":\"1476205191\",\"copyright\":null,\"focal_length\":\"4.8\",\"iso\":\"50\",\"shutter_speed\":\"0.0022883295194508\",\"title\":\"\",\"orientation\":\"1\",\"keywords\":null},\"thumbnail\":\"https:\\\/\\\/www.vignevin.com\\\/wp-content\\\/uploads\\\/2019\\\/03\\\/Sympt\u00f4mes-de-Red-Blotch-sur-Counoise-150x150.jpg\",\"medium\":\"https:\\\/\\\/www.vignevin.com\\\/wp-content\\\/uploads\\\/2019\\\/03\\\/Sympt\u00f4mes-de-Red-Blotch-sur-Counoise-169x300.jpg\",\"medium_large\":\"https:\\\/\\\/www.vignevin.com\\\/wp-content\\\/uploads\\\/2019\\\/03\\\/Sympt\u00f4mes-de-Red-Blotch-sur-Counoise-768x1365.jpg\",\"large\":\"https:\\\/\\\/www.vignevin.com\\\/wp-content\\\/uploads\\\/2019\\\/03\\\/Sympt\u00f4mes-de-Red-Blotch-sur-Counoise-576x1024.jpg\",\"1536x1536\":\"https:\\\/\\\/www.vignevin.com\\\/wp-content\\\/uploads\\\/2019\\\/03\\\/Sympt\u00f4mes-de-Red-Blotch-sur-Counoise-scaled.jpg\",\"2048x2048\":\"https:\\\/\\\/www.vignevin.com\\\/wp-content\\\/uploads\\\/2019\\\/03\\\/Sympt\u00f4mes-de-Red-Blotch-sur-Counoise-scaled.jpg\",\"et-pb-post-main-image\":\"https:\\\/\\\/www.vignevin.com\\\/wp-content\\\/uploads\\\/2019\\\/03\\\/Sympt\u00f4mes-de-Red-Blotch-sur-Counoise-400x250.jpg\",\"et-pb-post-main-image-fullwidth\":\"https:\\\/\\\/www.vignevin.com\\\/wp-content\\\/uploads\\\/2019\\\/03\\\/Sympt\u00f4mes-de-Red-Blotch-sur-Counoise-1080x675.jpg\",\"et-pb-portfolio-image\":\"https:\\\/\\\/www.vignevin.com\\\/wp-content\\\/uploads\\\/2019\\\/03\\\/Sympt\u00f4mes-de-Red-Blotch-sur-Counoise-400x284.jpg\",\"et-pb-portfolio-module-image\":\"https:\\\/\\\/www.vignevin.com\\\/wp-content\\\/uploads\\\/2019\\\/03\\\/Sympt\u00f4mes-de-Red-Blotch-sur-Counoise-510x382.jpg\",\"et-pb-portfolio-image-single\":\"https:\\\/\\\/www.vignevin.com\\\/wp-content\\\/uploads\\\/2019\\\/03\\\/Sympt\u00f4mes-de-Red-Blotch-sur-Counoise-1080x1920.jpg\",\"et-pb-gallery-module-image-portrait\":\"https:\\\/\\\/www.vignevin.com\\\/wp-content\\\/uploads\\\/2019\\\/03\\\/Sympt\u00f4mes-de-Red-Blotch-sur-Counoise-400x516.jpg\",\"et-pb-post-main-image-fullwidth-large\":\"https:\\\/\\\/www.vignevin.com\\\/wp-content\\\/uploads\\\/2019\\\/03\\\/Sympt\u00f4mes-de-Red-Blotch-sur-Counoise-2880x1800.jpg\",\"et-pb-image--responsive--desktop\":\"https:\\\/\\\/www.vignevin.com\\\/wp-content\\\/uploads\\\/2019\\\/03\\\/Sympt\u00f4mes-de-Red-Blotch-sur-Counoise-scaled.jpg\",\"et-pb-image--responsive--tablet\":\"https:\\\/\\\/www.vignevin.com\\\/wp-content\\\/uploads\\\/2019\\\/03\\\/Sympt\u00f4mes-de-Red-Blotch-sur-Counoise-scaled.jpg\",\"et-pb-image--responsive--phone\":\"https:\\\/\\\/www.vignevin.com\\\/wp-content\\\/uploads\\\/2019\\\/03\\\/Sympt\u00f4mes-de-Red-Blotch-sur-Counoise-scaled.jpg\",\"gform-image-choice-sm\":\"https:\\\/\\\/www.vignevin.com\\\/wp-content\\\/uploads\\\/2019\\\/03\\\/Sympt\u00f4mes-de-Red-Blotch-sur-Counoise-scaled.jpg\",\"gform-image-choice-md\":\"https:\\\/\\\/www.vignevin.com\\\/wp-content\\\/uploads\\\/2019\\\/03\\\/Sympt\u00f4mes-de-Red-Blotch-sur-Counoise-scaled.jpg\",\"gform-image-choice-lg\":\"https:\\\/\\\/www.vignevin.com\\\/wp-content\\\/uploads\\\/2019\\\/03\\\/Sympt\u00f4mes-de-Red-Blotch-sur-Counoise-scaled.jpg\",\"woocommerce_thumbnail\":\"https:\\\/\\\/www.vignevin.com\\\/wp-content\\\/uploads\\\/2019\\\/03\\\/Sympt\u00f4mes-de-Red-Blotch-sur-Counoise-scaled-300x300.jpg\",\"woocommerce_single\":\"https:\\\/\\\/www.vignevin.com\\\/wp-content\\\/uploads\\\/2019\\\/03\\\/Sympt\u00f4mes-de-Red-Blotch-sur-Counoise-scaled-600x1067.jpg\",\"woocommerce_gallery_thumbnail\":\"https:\\\/\\\/www.vignevin.com\\\/wp-content\\\/uploads\\\/2019\\\/03\\\/Sympt\u00f4mes-de-Red-Blotch-sur-Counoise-scaled-100x100.jpg\",\"full\":\"https:\\\/\\\/www.vignevin.com\\\/wp-content\\\/uploads\\\/2019\\\/03\\\/Sympt\u00f4mes-de-Red-Blotch-sur-Counoise-scaled.jpg\",\"index\":51,\"id\":9917,\"video\":false,\"opts\":{\"caption\":\"\",\"thumb\":{\"errors\":{\"envira-gallery-error-no-file\":[\"No file could be found for the image URL specified.\"]},\"error_data\":[]},\"title\":\"Sympt&ocirc;mes de Red Blotch sur Counoise\"},\"gallery_id\":\"17413\"},\"9918\":{\"status\":\"active\",\"src\":\"https:\\\/\\\/www.vignevin.com\\\/wp-content\\\/uploads\\\/2019\\\/03\\\/Sympt\u00f4mes-de-Red-Blotch-sur-Gamay.png\",\"title\":\"Sympt&ocirc;mes de Red Blotch sur Gamay\",\"link\":\"https:\\\/\\\/www.vignevin.com\\\/wp-content\\\/uploads\\\/2019\\\/03\\\/Sympt\u00f4mes-de-Red-Blotch-sur-Gamay.png\",\"alt\":\"\",\"caption\":false,\"thumb\":{\"errors\":{\"envira-gallery-error-no-file\":[\"No file could be found for the image URL specified.\"]},\"error_data\":[]},\"meta\":{\"aperture\":null,\"credit\":null,\"camera\":null,\"caption\":\"\",\"created_timestamp\":null,\"copyright\":null,\"focal_length\":null,\"iso\":null,\"shutter_speed\":null,\"title\":\"\",\"orientation\":null,\"keywords\":null},\"thumbnail\":\"https:\\\/\\\/www.vignevin.com\\\/wp-content\\\/uploads\\\/2019\\\/03\\\/Sympt\u00f4mes-de-Red-Blotch-sur-Gamay-150x150.png\",\"medium\":\"https:\\\/\\\/www.vignevin.com\\\/wp-content\\\/uploads\\\/2019\\\/03\\\/Sympt\u00f4mes-de-Red-Blotch-sur-Gamay.png\",\"medium_large\":\"https:\\\/\\\/www.vignevin.com\\\/wp-content\\\/uploads\\\/2019\\\/03\\\/Sympt\u00f4mes-de-Red-Blotch-sur-Gamay.png\",\"large\":\"https:\\\/\\\/www.vignevin.com\\\/wp-content\\\/uploads\\\/2019\\\/03\\\/Sympt\u00f4mes-de-Red-Blotch-sur-Gamay.png\",\"1536x1536\":\"https:\\\/\\\/www.vignevin.com\\\/wp-content\\\/uploads\\\/2019\\\/03\\\/Sympt\u00f4mes-de-Red-Blotch-sur-Gamay.png\",\"2048x2048\":\"https:\\\/\\\/www.vignevin.com\\\/wp-content\\\/uploads\\\/2019\\\/03\\\/Sympt\u00f4mes-de-Red-Blotch-sur-Gamay.png\",\"et-pb-post-main-image\":\"https:\\\/\\\/www.vignevin.com\\\/wp-content\\\/uploads\\\/2019\\\/03\\\/Sympt\u00f4mes-de-Red-Blotch-sur-Gamay-292x250.png\",\"et-pb-post-main-image-fullwidth\":\"https:\\\/\\\/www.vignevin.com\\\/wp-content\\\/uploads\\\/2019\\\/03\\\/Sympt\u00f4mes-de-Red-Blotch-sur-Gamay.png\",\"et-pb-portfolio-image\":\"https:\\\/\\\/www.vignevin.com\\\/wp-content\\\/uploads\\\/2019\\\/03\\\/Sympt\u00f4mes-de-Red-Blotch-sur-Gamay-292x284.png\",\"et-pb-portfolio-module-image\":\"https:\\\/\\\/www.vignevin.com\\\/wp-content\\\/uploads\\\/2019\\\/03\\\/Sympt\u00f4mes-de-Red-Blotch-sur-Gamay.png\",\"et-pb-portfolio-image-single\":\"https:\\\/\\\/www.vignevin.com\\\/wp-content\\\/uploads\\\/2019\\\/03\\\/Sympt\u00f4mes-de-Red-Blotch-sur-Gamay.png\",\"et-pb-gallery-module-image-portrait\":\"https:\\\/\\\/www.vignevin.com\\\/wp-content\\\/uploads\\\/2019\\\/03\\\/Sympt\u00f4mes-de-Red-Blotch-sur-Gamay.png\",\"et-pb-post-main-image-fullwidth-large\":\"https:\\\/\\\/www.vignevin.com\\\/wp-content\\\/uploads\\\/2019\\\/03\\\/Sympt\u00f4mes-de-Red-Blotch-sur-Gamay.png\",\"et-pb-image--responsive--desktop\":\"https:\\\/\\\/www.vignevin.com\\\/wp-content\\\/uploads\\\/2019\\\/03\\\/Sympt\u00f4mes-de-Red-Blotch-sur-Gamay.png\",\"et-pb-image--responsive--tablet\":\"https:\\\/\\\/www.vignevin.com\\\/wp-content\\\/uploads\\\/2019\\\/03\\\/Sympt\u00f4mes-de-Red-Blotch-sur-Gamay.png\",\"et-pb-image--responsive--phone\":\"https:\\\/\\\/www.vignevin.com\\\/wp-content\\\/uploads\\\/2019\\\/03\\\/Sympt\u00f4mes-de-Red-Blotch-sur-Gamay.png\",\"gform-image-choice-sm\":\"https:\\\/\\\/www.vignevin.com\\\/wp-content\\\/uploads\\\/2019\\\/03\\\/Sympt\u00f4mes-de-Red-Blotch-sur-Gamay.png\",\"gform-image-choice-md\":\"https:\\\/\\\/www.vignevin.com\\\/wp-content\\\/uploads\\\/2019\\\/03\\\/Sympt\u00f4mes-de-Red-Blotch-sur-Gamay.png\",\"gform-image-choice-lg\":\"https:\\\/\\\/www.vignevin.com\\\/wp-content\\\/uploads\\\/2019\\\/03\\\/Sympt\u00f4mes-de-Red-Blotch-sur-Gamay.png\",\"woocommerce_thumbnail\":\"https:\\\/\\\/www.vignevin.com\\\/wp-content\\\/uploads\\\/2019\\\/03\\\/Sympt\u00f4mes-de-Red-Blotch-sur-Gamay.png\",\"woocommerce_single\":\"https:\\\/\\\/www.vignevin.com\\\/wp-content\\\/uploads\\\/2019\\\/03\\\/Sympt\u00f4mes-de-Red-Blotch-sur-Gamay.png\",\"woocommerce_gallery_thumbnail\":\"https:\\\/\\\/www.vignevin.com\\\/wp-content\\\/uploads\\\/2019\\\/03\\\/Sympt\u00f4mes-de-Red-Blotch-sur-Gamay-100x100.png\",\"full\":\"https:\\\/\\\/www.vignevin.com\\\/wp-content\\\/uploads\\\/2019\\\/03\\\/Sympt\u00f4mes-de-Red-Blotch-sur-Gamay.png\",\"index\":52,\"id\":9918,\"video\":false,\"opts\":{\"caption\":\"\",\"thumb\":{\"errors\":{\"envira-gallery-error-no-file\":[\"No file could be found for the image URL specified.\"]},\"error_data\":[]},\"title\":\"Sympt&ocirc;mes de Red Blotch sur Gamay\"},\"gallery_id\":\"17413\"},\"9919\":{\"status\":\"active\",\"src\":\"https:\\\/\\\/www.vignevin.com\\\/wp-content\\\/uploads\\\/2019\\\/03\\\/Sympt\u00f4mes-de-Red-Blotch-sur-Merlot-2.jpg\",\"title\":\"Sympt&ocirc;mes de Red Blotch sur Merlot (2)\",\"link\":\"https:\\\/\\\/www.vignevin.com\\\/wp-content\\\/uploads\\\/2019\\\/03\\\/Sympt\u00f4mes-de-Red-Blotch-sur-Merlot-2.jpg\",\"alt\":\"\",\"caption\":false,\"thumb\":{\"errors\":{\"envira-gallery-error-no-file\":[\"No file could be found for the image URL specified.\"]},\"error_data\":[]},\"meta\":{\"aperture\":null,\"credit\":null,\"camera\":null,\"caption\":\"\",\"created_timestamp\":null,\"copyright\":null,\"focal_length\":null,\"iso\":null,\"shutter_speed\":null,\"title\":\"\",\"orientation\":null,\"keywords\":null},\"thumbnail\":\"https:\\\/\\\/www.vignevin.com\\\/wp-content\\\/uploads\\\/2019\\\/03\\\/Sympt\u00f4mes-de-Red-Blotch-sur-Merlot-2-150x150.jpg\",\"medium\":\"https:\\\/\\\/www.vignevin.com\\\/wp-content\\\/uploads\\\/2019\\\/03\\\/Sympt\u00f4mes-de-Red-Blotch-sur-Merlot-2-300x225.jpg\",\"medium_large\":\"https:\\\/\\\/www.vignevin.com\\\/wp-content\\\/uploads\\\/2019\\\/03\\\/Sympt\u00f4mes-de-Red-Blotch-sur-Merlot-2-768x576.jpg\",\"large\":\"https:\\\/\\\/www.vignevin.com\\\/wp-content\\\/uploads\\\/2019\\\/03\\\/Sympt\u00f4mes-de-Red-Blotch-sur-Merlot-2-1024x768.jpg\",\"1536x1536\":\"https:\\\/\\\/www.vignevin.com\\\/wp-content\\\/uploads\\\/2019\\\/03\\\/Sympt\u00f4mes-de-Red-Blotch-sur-Merlot-2.jpg\",\"2048x2048\":\"https:\\\/\\\/www.vignevin.com\\\/wp-content\\\/uploads\\\/2019\\\/03\\\/Sympt\u00f4mes-de-Red-Blotch-sur-Merlot-2.jpg\",\"et-pb-post-main-image\":\"https:\\\/\\\/www.vignevin.com\\\/wp-content\\\/uploads\\\/2019\\\/03\\\/Sympt\u00f4mes-de-Red-Blotch-sur-Merlot-2-400x250.jpg\",\"et-pb-post-main-image-fullwidth\":\"https:\\\/\\\/www.vignevin.com\\\/wp-content\\\/uploads\\\/2019\\\/03\\\/Sympt\u00f4mes-de-Red-Blotch-sur-Merlot-2-1080x675.jpg\",\"et-pb-portfolio-image\":\"https:\\\/\\\/www.vignevin.com\\\/wp-content\\\/uploads\\\/2019\\\/03\\\/Sympt\u00f4mes-de-Red-Blotch-sur-Merlot-2-400x284.jpg\",\"et-pb-portfolio-module-image\":\"https:\\\/\\\/www.vignevin.com\\\/wp-content\\\/uploads\\\/2019\\\/03\\\/Sympt\u00f4mes-de-Red-Blotch-sur-Merlot-2-510x382.jpg\",\"et-pb-portfolio-image-single\":\"https:\\\/\\\/www.vignevin.com\\\/wp-content\\\/uploads\\\/2019\\\/03\\\/Sympt\u00f4mes-de-Red-Blotch-sur-Merlot-2-1080x810.jpg\",\"et-pb-gallery-module-image-portrait\":\"https:\\\/\\\/www.vignevin.com\\\/wp-content\\\/uploads\\\/2019\\\/03\\\/Sympt\u00f4mes-de-Red-Blotch-sur-Merlot-2-400x516.jpg\",\"et-pb-post-main-image-fullwidth-large\":\"https:\\\/\\\/www.vignevin.com\\\/wp-content\\\/uploads\\\/2019\\\/03\\\/Sympt\u00f4mes-de-Red-Blotch-sur-Merlot-2.jpg\",\"et-pb-image--responsive--desktop\":\"https:\\\/\\\/www.vignevin.com\\\/wp-content\\\/uploads\\\/2019\\\/03\\\/Sympt\u00f4mes-de-Red-Blotch-sur-Merlot-2.jpg\",\"et-pb-image--responsive--tablet\":\"https:\\\/\\\/www.vignevin.com\\\/wp-content\\\/uploads\\\/2019\\\/03\\\/Sympt\u00f4mes-de-Red-Blotch-sur-Merlot-2.jpg\",\"et-pb-image--responsive--phone\":\"https:\\\/\\\/www.vignevin.com\\\/wp-content\\\/uploads\\\/2019\\\/03\\\/Sympt\u00f4mes-de-Red-Blotch-sur-Merlot-2.jpg\",\"gform-image-choice-sm\":\"https:\\\/\\\/www.vignevin.com\\\/wp-content\\\/uploads\\\/2019\\\/03\\\/Sympt\u00f4mes-de-Red-Blotch-sur-Merlot-2.jpg\",\"gform-image-choice-md\":\"https:\\\/\\\/www.vignevin.com\\\/wp-content\\\/uploads\\\/2019\\\/03\\\/Sympt\u00f4mes-de-Red-Blotch-sur-Merlot-2.jpg\",\"gform-image-choice-lg\":\"https:\\\/\\\/www.vignevin.com\\\/wp-content\\\/uploads\\\/2019\\\/03\\\/Sympt\u00f4mes-de-Red-Blotch-sur-Merlot-2.jpg\",\"woocommerce_thumbnail\":\"https:\\\/\\\/www.vignevin.com\\\/wp-content\\\/uploads\\\/2019\\\/03\\\/Sympt\u00f4mes-de-Red-Blotch-sur-Merlot-2-300x300.jpg\",\"woocommerce_single\":\"https:\\\/\\\/www.vignevin.com\\\/wp-content\\\/uploads\\\/2019\\\/03\\\/Sympt\u00f4mes-de-Red-Blotch-sur-Merlot-2-600x450.jpg\",\"woocommerce_gallery_thumbnail\":\"https:\\\/\\\/www.vignevin.com\\\/wp-content\\\/uploads\\\/2019\\\/03\\\/Sympt\u00f4mes-de-Red-Blotch-sur-Merlot-2-100x100.jpg\",\"full\":\"https:\\\/\\\/www.vignevin.com\\\/wp-content\\\/uploads\\\/2019\\\/03\\\/Sympt\u00f4mes-de-Red-Blotch-sur-Merlot-2.jpg\",\"index\":53,\"id\":9919,\"video\":false,\"opts\":{\"caption\":\"\",\"thumb\":{\"errors\":{\"envira-gallery-error-no-file\":[\"No file could be found for the image URL specified.\"]},\"error_data\":[]},\"title\":\"Sympt&ocirc;mes de Red Blotch sur Merlot (2)\"},\"gallery_id\":\"17413\"},\"9920\":{\"status\":\"active\",\"src\":\"https:\\\/\\\/www.vignevin.com\\\/wp-content\\\/uploads\\\/2019\\\/03\\\/Sympt\u00f4mes-de-Red-Blotch-sur-Merlot-3.jpg\",\"title\":\"Sympt&ocirc;mes de Red Blotch sur Merlot (3)\",\"link\":\"https:\\\/\\\/www.vignevin.com\\\/wp-content\\\/uploads\\\/2019\\\/03\\\/Sympt\u00f4mes-de-Red-Blotch-sur-Merlot-3.jpg\",\"alt\":\"\",\"caption\":false,\"thumb\":{\"errors\":{\"envira-gallery-error-no-file\":[\"No file could be found for the image URL specified.\"]},\"error_data\":[]},\"meta\":{\"aperture\":null,\"credit\":null,\"camera\":null,\"caption\":\"\",\"created_timestamp\":null,\"copyright\":null,\"focal_length\":null,\"iso\":null,\"shutter_speed\":null,\"title\":\"\",\"orientation\":null,\"keywords\":null},\"thumbnail\":\"https:\\\/\\\/www.vignevin.com\\\/wp-content\\\/uploads\\\/2019\\\/03\\\/Sympt\u00f4mes-de-Red-Blotch-sur-Merlot-3-150x150.jpg\",\"medium\":\"https:\\\/\\\/www.vignevin.com\\\/wp-content\\\/uploads\\\/2019\\\/03\\\/Sympt\u00f4mes-de-Red-Blotch-sur-Merlot-3-300x200.jpg\",\"medium_large\":\"https:\\\/\\\/www.vignevin.com\\\/wp-content\\\/uploads\\\/2019\\\/03\\\/Sympt\u00f4mes-de-Red-Blotch-sur-Merlot-3-768x512.jpg\",\"large\":\"https:\\\/\\\/www.vignevin.com\\\/wp-content\\\/uploads\\\/2019\\\/03\\\/Sympt\u00f4mes-de-Red-Blotch-sur-Merlot-3-1024x682.jpg\",\"1536x1536\":\"https:\\\/\\\/www.vignevin.com\\\/wp-content\\\/uploads\\\/2019\\\/03\\\/Sympt\u00f4mes-de-Red-Blotch-sur-Merlot-3.jpg\",\"2048x2048\":\"https:\\\/\\\/www.vignevin.com\\\/wp-content\\\/uploads\\\/2019\\\/03\\\/Sympt\u00f4mes-de-Red-Blotch-sur-Merlot-3.jpg\",\"et-pb-post-main-image\":\"https:\\\/\\\/www.vignevin.com\\\/wp-content\\\/uploads\\\/2019\\\/03\\\/Sympt\u00f4mes-de-Red-Blotch-sur-Merlot-3-400x250.jpg\",\"et-pb-post-main-image-fullwidth\":\"https:\\\/\\\/www.vignevin.com\\\/wp-content\\\/uploads\\\/2019\\\/03\\\/Sympt\u00f4mes-de-Red-Blotch-sur-Merlot-3-1080x675.jpg\",\"et-pb-portfolio-image\":\"https:\\\/\\\/www.vignevin.com\\\/wp-content\\\/uploads\\\/2019\\\/03\\\/Sympt\u00f4mes-de-Red-Blotch-sur-Merlot-3-400x284.jpg\",\"et-pb-portfolio-module-image\":\"https:\\\/\\\/www.vignevin.com\\\/wp-content\\\/uploads\\\/2019\\\/03\\\/Sympt\u00f4mes-de-Red-Blotch-sur-Merlot-3-510x382.jpg\",\"et-pb-portfolio-image-single\":\"https:\\\/\\\/www.vignevin.com\\\/wp-content\\\/uploads\\\/2019\\\/03\\\/Sympt\u00f4mes-de-Red-Blotch-sur-Merlot-3-1080x720.jpg\",\"et-pb-gallery-module-image-portrait\":\"https:\\\/\\\/www.vignevin.com\\\/wp-content\\\/uploads\\\/2019\\\/03\\\/Sympt\u00f4mes-de-Red-Blotch-sur-Merlot-3-400x516.jpg\",\"et-pb-post-main-image-fullwidth-large\":\"https:\\\/\\\/www.vignevin.com\\\/wp-content\\\/uploads\\\/2019\\\/03\\\/Sympt\u00f4mes-de-Red-Blotch-sur-Merlot-3.jpg\",\"et-pb-image--responsive--desktop\":\"https:\\\/\\\/www.vignevin.com\\\/wp-content\\\/uploads\\\/2019\\\/03\\\/Sympt\u00f4mes-de-Red-Blotch-sur-Merlot-3.jpg\",\"et-pb-image--responsive--tablet\":\"https:\\\/\\\/www.vignevin.com\\\/wp-content\\\/uploads\\\/2019\\\/03\\\/Sympt\u00f4mes-de-Red-Blotch-sur-Merlot-3.jpg\",\"et-pb-image--responsive--phone\":\"https:\\\/\\\/www.vignevin.com\\\/wp-content\\\/uploads\\\/2019\\\/03\\\/Sympt\u00f4mes-de-Red-Blotch-sur-Merlot-3.jpg\",\"gform-image-choice-sm\":\"https:\\\/\\\/www.vignevin.com\\\/wp-content\\\/uploads\\\/2019\\\/03\\\/Sympt\u00f4mes-de-Red-Blotch-sur-Merlot-3.jpg\",\"gform-image-choice-md\":\"https:\\\/\\\/www.vignevin.com\\\/wp-content\\\/uploads\\\/2019\\\/03\\\/Sympt\u00f4mes-de-Red-Blotch-sur-Merlot-3.jpg\",\"gform-image-choice-lg\":\"https:\\\/\\\/www.vignevin.com\\\/wp-content\\\/uploads\\\/2019\\\/03\\\/Sympt\u00f4mes-de-Red-Blotch-sur-Merlot-3.jpg\",\"woocommerce_thumbnail\":\"https:\\\/\\\/www.vignevin.com\\\/wp-content\\\/uploads\\\/2019\\\/03\\\/Sympt\u00f4mes-de-Red-Blotch-sur-Merlot-3-300x300.jpg\",\"woocommerce_single\":\"https:\\\/\\\/www.vignevin.com\\\/wp-content\\\/uploads\\\/2019\\\/03\\\/Sympt\u00f4mes-de-Red-Blotch-sur-Merlot-3-600x400.jpg\",\"woocommerce_gallery_thumbnail\":\"https:\\\/\\\/www.vignevin.com\\\/wp-content\\\/uploads\\\/2019\\\/03\\\/Sympt\u00f4mes-de-Red-Blotch-sur-Merlot-3-100x100.jpg\",\"full\":\"https:\\\/\\\/www.vignevin.com\\\/wp-content\\\/uploads\\\/2019\\\/03\\\/Sympt\u00f4mes-de-Red-Blotch-sur-Merlot-3.jpg\",\"index\":54,\"id\":9920,\"video\":false,\"opts\":{\"caption\":\"\",\"thumb\":{\"errors\":{\"envira-gallery-error-no-file\":[\"No file could be found for the image URL specified.\"]},\"error_data\":[]},\"title\":\"Sympt&ocirc;mes de Red Blotch sur Merlot (3)\"},\"gallery_id\":\"17413\"},\"9921\":{\"status\":\"active\",\"src\":\"https:\\\/\\\/www.vignevin.com\\\/wp-content\\\/uploads\\\/2019\\\/03\\\/Sympt\u00f4mes-de-Red-Blotch-sur-Merlot.jpg\",\"title\":\"Sympt&ocirc;mes de Red Blotch sur Merlot\",\"link\":\"https:\\\/\\\/www.vignevin.com\\\/wp-content\\\/uploads\\\/2019\\\/03\\\/Sympt\u00f4mes-de-Red-Blotch-sur-Merlot.jpg\",\"alt\":\"\",\"caption\":false,\"thumb\":{\"errors\":{\"envira-gallery-error-no-file\":[\"No file could be found for the image URL specified.\"]},\"error_data\":[]},\"meta\":{\"aperture\":null,\"credit\":null,\"camera\":null,\"caption\":\"\",\"created_timestamp\":null,\"copyright\":null,\"focal_length\":null,\"iso\":null,\"shutter_speed\":null,\"title\":\"\",\"orientation\":null,\"keywords\":null},\"thumbnail\":\"https:\\\/\\\/www.vignevin.com\\\/wp-content\\\/uploads\\\/2019\\\/03\\\/Sympt\u00f4mes-de-Red-Blotch-sur-Merlot-150x150.jpg\",\"medium\":\"https:\\\/\\\/www.vignevin.com\\\/wp-content\\\/uploads\\\/2019\\\/03\\\/Sympt\u00f4mes-de-Red-Blotch-sur-Merlot-300x183.jpg\",\"medium_large\":\"https:\\\/\\\/www.vignevin.com\\\/wp-content\\\/uploads\\\/2019\\\/03\\\/Sympt\u00f4mes-de-Red-Blotch-sur-Merlot-768x469.jpg\",\"large\":\"https:\\\/\\\/www.vignevin.com\\\/wp-content\\\/uploads\\\/2019\\\/03\\\/Sympt\u00f4mes-de-Red-Blotch-sur-Merlot.jpg\",\"1536x1536\":\"https:\\\/\\\/www.vignevin.com\\\/wp-content\\\/uploads\\\/2019\\\/03\\\/Sympt\u00f4mes-de-Red-Blotch-sur-Merlot.jpg\",\"2048x2048\":\"https:\\\/\\\/www.vignevin.com\\\/wp-content\\\/uploads\\\/2019\\\/03\\\/Sympt\u00f4mes-de-Red-Blotch-sur-Merlot.jpg\",\"et-pb-post-main-image\":\"https:\\\/\\\/www.vignevin.com\\\/wp-content\\\/uploads\\\/2019\\\/03\\\/Sympt\u00f4mes-de-Red-Blotch-sur-Merlot-400x250.jpg\",\"et-pb-post-main-image-fullwidth\":\"https:\\\/\\\/www.vignevin.com\\\/wp-content\\\/uploads\\\/2019\\\/03\\\/Sympt\u00f4mes-de-Red-Blotch-sur-Merlot.jpg\",\"et-pb-portfolio-image\":\"https:\\\/\\\/www.vignevin.com\\\/wp-content\\\/uploads\\\/2019\\\/03\\\/Sympt\u00f4mes-de-Red-Blotch-sur-Merlot-400x284.jpg\",\"et-pb-portfolio-module-image\":\"https:\\\/\\\/www.vignevin.com\\\/wp-content\\\/uploads\\\/2019\\\/03\\\/Sympt\u00f4mes-de-Red-Blotch-sur-Merlot-510x382.jpg\",\"et-pb-portfolio-image-single\":\"https:\\\/\\\/www.vignevin.com\\\/wp-content\\\/uploads\\\/2019\\\/03\\\/Sympt\u00f4mes-de-Red-Blotch-sur-Merlot.jpg\",\"et-pb-gallery-module-image-portrait\":\"https:\\\/\\\/www.vignevin.com\\\/wp-content\\\/uploads\\\/2019\\\/03\\\/Sympt\u00f4mes-de-Red-Blotch-sur-Merlot-400x476.jpg\",\"et-pb-post-main-image-fullwidth-large\":\"https:\\\/\\\/www.vignevin.com\\\/wp-content\\\/uploads\\\/2019\\\/03\\\/Sympt\u00f4mes-de-Red-Blotch-sur-Merlot.jpg\",\"et-pb-image--responsive--desktop\":\"https:\\\/\\\/www.vignevin.com\\\/wp-content\\\/uploads\\\/2019\\\/03\\\/Sympt\u00f4mes-de-Red-Blotch-sur-Merlot.jpg\",\"et-pb-image--responsive--tablet\":\"https:\\\/\\\/www.vignevin.com\\\/wp-content\\\/uploads\\\/2019\\\/03\\\/Sympt\u00f4mes-de-Red-Blotch-sur-Merlot.jpg\",\"et-pb-image--responsive--phone\":\"https:\\\/\\\/www.vignevin.com\\\/wp-content\\\/uploads\\\/2019\\\/03\\\/Sympt\u00f4mes-de-Red-Blotch-sur-Merlot.jpg\",\"gform-image-choice-sm\":\"https:\\\/\\\/www.vignevin.com\\\/wp-content\\\/uploads\\\/2019\\\/03\\\/Sympt\u00f4mes-de-Red-Blotch-sur-Merlot.jpg\",\"gform-image-choice-md\":\"https:\\\/\\\/www.vignevin.com\\\/wp-content\\\/uploads\\\/2019\\\/03\\\/Sympt\u00f4mes-de-Red-Blotch-sur-Merlot.jpg\",\"gform-image-choice-lg\":\"https:\\\/\\\/www.vignevin.com\\\/wp-content\\\/uploads\\\/2019\\\/03\\\/Sympt\u00f4mes-de-Red-Blotch-sur-Merlot.jpg\",\"woocommerce_thumbnail\":\"https:\\\/\\\/www.vignevin.com\\\/wp-content\\\/uploads\\\/2019\\\/03\\\/Sympt\u00f4mes-de-Red-Blotch-sur-Merlot-300x300.jpg\",\"woocommerce_single\":\"https:\\\/\\\/www.vignevin.com\\\/wp-content\\\/uploads\\\/2019\\\/03\\\/Sympt\u00f4mes-de-Red-Blotch-sur-Merlot-600x367.jpg\",\"woocommerce_gallery_thumbnail\":\"https:\\\/\\\/www.vignevin.com\\\/wp-content\\\/uploads\\\/2019\\\/03\\\/Sympt\u00f4mes-de-Red-Blotch-sur-Merlot-100x100.jpg\",\"full\":\"https:\\\/\\\/www.vignevin.com\\\/wp-content\\\/uploads\\\/2019\\\/03\\\/Sympt\u00f4mes-de-Red-Blotch-sur-Merlot.jpg\",\"index\":55,\"id\":9921,\"video\":false,\"opts\":{\"caption\":\"\",\"thumb\":{\"errors\":{\"envira-gallery-error-no-file\":[\"No file could be found for the image URL specified.\"]},\"error_data\":[]},\"title\":\"Sympt&ocirc;mes de Red Blotch sur Merlot\"},\"gallery_id\":\"17413\"},\"9922\":{\"status\":\"active\",\"src\":\"https:\\\/\\\/www.vignevin.com\\\/wp-content\\\/uploads\\\/2019\\\/03\\\/Sympt\u00f4mes-de-Red-Blotch-sur-Pinot-noir.jpg\",\"title\":\"Sympt&ocirc;mes de Red Blotch sur Pinot noir\",\"link\":\"https:\\\/\\\/www.vignevin.com\\\/wp-content\\\/uploads\\\/2019\\\/03\\\/Sympt\u00f4mes-de-Red-Blotch-sur-Pinot-noir.jpg\",\"alt\":\"\",\"caption\":false,\"thumb\":{\"errors\":{\"envira-gallery-error-no-file\":[\"No file could be found for the image URL specified.\"]},\"error_data\":[]},\"meta\":{\"aperture\":null,\"credit\":null,\"camera\":null,\"caption\":\"\",\"created_timestamp\":null,\"copyright\":null,\"focal_length\":null,\"iso\":null,\"shutter_speed\":null,\"title\":\"\",\"orientation\":\"1\",\"keywords\":null},\"thumbnail\":\"https:\\\/\\\/www.vignevin.com\\\/wp-content\\\/uploads\\\/2019\\\/03\\\/Sympt\u00f4mes-de-Red-Blotch-sur-Pinot-noir-150x150.jpg\",\"medium\":\"https:\\\/\\\/www.vignevin.com\\\/wp-content\\\/uploads\\\/2019\\\/03\\\/Sympt\u00f4mes-de-Red-Blotch-sur-Pinot-noir-300x200.jpg\",\"medium_large\":\"https:\\\/\\\/www.vignevin.com\\\/wp-content\\\/uploads\\\/2019\\\/03\\\/Sympt\u00f4mes-de-Red-Blotch-sur-Pinot-noir.jpg\",\"large\":\"https:\\\/\\\/www.vignevin.com\\\/wp-content\\\/uploads\\\/2019\\\/03\\\/Sympt\u00f4mes-de-Red-Blotch-sur-Pinot-noir.jpg\",\"1536x1536\":\"https:\\\/\\\/www.vignevin.com\\\/wp-content\\\/uploads\\\/2019\\\/03\\\/Sympt\u00f4mes-de-Red-Blotch-sur-Pinot-noir.jpg\",\"2048x2048\":\"https:\\\/\\\/www.vignevin.com\\\/wp-content\\\/uploads\\\/2019\\\/03\\\/Sympt\u00f4mes-de-Red-Blotch-sur-Pinot-noir.jpg\",\"et-pb-post-main-image\":\"https:\\\/\\\/www.vignevin.com\\\/wp-content\\\/uploads\\\/2019\\\/03\\\/Sympt\u00f4mes-de-Red-Blotch-sur-Pinot-noir-400x250.jpg\",\"et-pb-post-main-image-fullwidth\":\"https:\\\/\\\/www.vignevin.com\\\/wp-content\\\/uploads\\\/2019\\\/03\\\/Sympt\u00f4mes-de-Red-Blotch-sur-Pinot-noir.jpg\",\"et-pb-portfolio-image\":\"https:\\\/\\\/www.vignevin.com\\\/wp-content\\\/uploads\\\/2019\\\/03\\\/Sympt\u00f4mes-de-Red-Blotch-sur-Pinot-noir-400x284.jpg\",\"et-pb-portfolio-module-image\":\"https:\\\/\\\/www.vignevin.com\\\/wp-content\\\/uploads\\\/2019\\\/03\\\/Sympt\u00f4mes-de-Red-Blotch-sur-Pinot-noir-510x382.jpg\",\"et-pb-portfolio-image-single\":\"https:\\\/\\\/www.vignevin.com\\\/wp-content\\\/uploads\\\/2019\\\/03\\\/Sympt\u00f4mes-de-Red-Blotch-sur-Pinot-noir.jpg\",\"et-pb-gallery-module-image-portrait\":\"https:\\\/\\\/www.vignevin.com\\\/wp-content\\\/uploads\\\/2019\\\/03\\\/Sympt\u00f4mes-de-Red-Blotch-sur-Pinot-noir-400x479.jpg\",\"et-pb-post-main-image-fullwidth-large\":\"https:\\\/\\\/www.vignevin.com\\\/wp-content\\\/uploads\\\/2019\\\/03\\\/Sympt\u00f4mes-de-Red-Blotch-sur-Pinot-noir.jpg\",\"et-pb-image--responsive--desktop\":\"https:\\\/\\\/www.vignevin.com\\\/wp-content\\\/uploads\\\/2019\\\/03\\\/Sympt\u00f4mes-de-Red-Blotch-sur-Pinot-noir.jpg\",\"et-pb-image--responsive--tablet\":\"https:\\\/\\\/www.vignevin.com\\\/wp-content\\\/uploads\\\/2019\\\/03\\\/Sympt\u00f4mes-de-Red-Blotch-sur-Pinot-noir.jpg\",\"et-pb-image--responsive--phone\":\"https:\\\/\\\/www.vignevin.com\\\/wp-content\\\/uploads\\\/2019\\\/03\\\/Sympt\u00f4mes-de-Red-Blotch-sur-Pinot-noir.jpg\",\"gform-image-choice-sm\":\"https:\\\/\\\/www.vignevin.com\\\/wp-content\\\/uploads\\\/2019\\\/03\\\/Sympt\u00f4mes-de-Red-Blotch-sur-Pinot-noir.jpg\",\"gform-image-choice-md\":\"https:\\\/\\\/www.vignevin.com\\\/wp-content\\\/uploads\\\/2019\\\/03\\\/Sympt\u00f4mes-de-Red-Blotch-sur-Pinot-noir.jpg\",\"gform-image-choice-lg\":\"https:\\\/\\\/www.vignevin.com\\\/wp-content\\\/uploads\\\/2019\\\/03\\\/Sympt\u00f4mes-de-Red-Blotch-sur-Pinot-noir.jpg\",\"woocommerce_thumbnail\":\"https:\\\/\\\/www.vignevin.com\\\/wp-content\\\/uploads\\\/2019\\\/03\\\/Sympt\u00f4mes-de-Red-Blotch-sur-Pinot-noir-300x300.jpg\",\"woocommerce_single\":\"https:\\\/\\\/www.vignevin.com\\\/wp-content\\\/uploads\\\/2019\\\/03\\\/Sympt\u00f4mes-de-Red-Blotch-sur-Pinot-noir-600x399.jpg\",\"woocommerce_gallery_thumbnail\":\"https:\\\/\\\/www.vignevin.com\\\/wp-content\\\/uploads\\\/2019\\\/03\\\/Sympt\u00f4mes-de-Red-Blotch-sur-Pinot-noir-100x100.jpg\",\"full\":\"https:\\\/\\\/www.vignevin.com\\\/wp-content\\\/uploads\\\/2019\\\/03\\\/Sympt\u00f4mes-de-Red-Blotch-sur-Pinot-noir.jpg\",\"index\":56,\"id\":9922,\"video\":false,\"opts\":{\"caption\":\"\",\"thumb\":{\"errors\":{\"envira-gallery-error-no-file\":[\"No file could be found for the image URL specified.\"]},\"error_data\":[]},\"title\":\"Sympt&ocirc;mes de Red Blotch sur Pinot noir\"},\"gallery_id\":\"17413\"},\"9923\":{\"status\":\"active\",\"src\":\"https:\\\/\\\/www.vignevin.com\\\/wp-content\\\/uploads\\\/2019\\\/03\\\/Sympt\u00f4mes-de-Red-Blotch-sur-un-hybride-intersp\u00e9cifique-2.jpg\",\"title\":\"Sympt&ocirc;mes de Red Blotch sur un hybride intersp&eacute;cifique (2)\",\"link\":\"https:\\\/\\\/www.vignevin.com\\\/wp-content\\\/uploads\\\/2019\\\/03\\\/Sympt\u00f4mes-de-Red-Blotch-sur-un-hybride-intersp\u00e9cifique-2.jpg\",\"alt\":\"\",\"caption\":false,\"thumb\":{\"errors\":{\"envira-gallery-error-no-file\":[\"No file could be found for the image URL specified.\"]},\"error_data\":[]},\"meta\":{\"aperture\":null,\"credit\":null,\"camera\":null,\"caption\":\"\",\"created_timestamp\":null,\"copyright\":null,\"focal_length\":null,\"iso\":null,\"shutter_speed\":null,\"title\":\"\",\"orientation\":null,\"keywords\":null},\"thumbnail\":\"https:\\\/\\\/www.vignevin.com\\\/wp-content\\\/uploads\\\/2019\\\/03\\\/Sympt\u00f4mes-de-Red-Blotch-sur-un-hybride-intersp\u00e9cifique-2-150x150.jpg\",\"medium\":\"https:\\\/\\\/www.vignevin.com\\\/wp-content\\\/uploads\\\/2019\\\/03\\\/Sympt\u00f4mes-de-Red-Blotch-sur-un-hybride-intersp\u00e9cifique-2-300x226.jpg\",\"medium_large\":\"https:\\\/\\\/www.vignevin.com\\\/wp-content\\\/uploads\\\/2019\\\/03\\\/Sympt\u00f4mes-de-Red-Blotch-sur-un-hybride-intersp\u00e9cifique-2.jpg\",\"large\":\"https:\\\/\\\/www.vignevin.com\\\/wp-content\\\/uploads\\\/2019\\\/03\\\/Sympt\u00f4mes-de-Red-Blotch-sur-un-hybride-intersp\u00e9cifique-2.jpg\",\"1536x1536\":\"https:\\\/\\\/www.vignevin.com\\\/wp-content\\\/uploads\\\/2019\\\/03\\\/Sympt\u00f4mes-de-Red-Blotch-sur-un-hybride-intersp\u00e9cifique-2.jpg\",\"2048x2048\":\"https:\\\/\\\/www.vignevin.com\\\/wp-content\\\/uploads\\\/2019\\\/03\\\/Sympt\u00f4mes-de-Red-Blotch-sur-un-hybride-intersp\u00e9cifique-2.jpg\",\"et-pb-post-main-image\":\"https:\\\/\\\/www.vignevin.com\\\/wp-content\\\/uploads\\\/2019\\\/03\\\/Sympt\u00f4mes-de-Red-Blotch-sur-un-hybride-intersp\u00e9cifique-2-400x250.jpg\",\"et-pb-post-main-image-fullwidth\":\"https:\\\/\\\/www.vignevin.com\\\/wp-content\\\/uploads\\\/2019\\\/03\\\/Sympt\u00f4mes-de-Red-Blotch-sur-un-hybride-intersp\u00e9cifique-2.jpg\",\"et-pb-portfolio-image\":\"https:\\\/\\\/www.vignevin.com\\\/wp-content\\\/uploads\\\/2019\\\/03\\\/Sympt\u00f4mes-de-Red-Blotch-sur-un-hybride-intersp\u00e9cifique-2-400x284.jpg\",\"et-pb-portfolio-module-image\":\"https:\\\/\\\/www.vignevin.com\\\/wp-content\\\/uploads\\\/2019\\\/03\\\/Sympt\u00f4mes-de-Red-Blotch-sur-un-hybride-intersp\u00e9cifique-2.jpg\",\"et-pb-portfolio-image-single\":\"https:\\\/\\\/www.vignevin.com\\\/wp-content\\\/uploads\\\/2019\\\/03\\\/Sympt\u00f4mes-de-Red-Blotch-sur-un-hybride-intersp\u00e9cifique-2.jpg\",\"et-pb-gallery-module-image-portrait\":\"https:\\\/\\\/www.vignevin.com\\\/wp-content\\\/uploads\\\/2019\\\/03\\\/Sympt\u00f4mes-de-Red-Blotch-sur-un-hybride-intersp\u00e9cifique-2-400x324.jpg\",\"et-pb-post-main-image-fullwidth-large\":\"https:\\\/\\\/www.vignevin.com\\\/wp-content\\\/uploads\\\/2019\\\/03\\\/Sympt\u00f4mes-de-Red-Blotch-sur-un-hybride-intersp\u00e9cifique-2.jpg\",\"et-pb-image--responsive--desktop\":\"https:\\\/\\\/www.vignevin.com\\\/wp-content\\\/uploads\\\/2019\\\/03\\\/Sympt\u00f4mes-de-Red-Blotch-sur-un-hybride-intersp\u00e9cifique-2.jpg\",\"et-pb-image--responsive--tablet\":\"https:\\\/\\\/www.vignevin.com\\\/wp-content\\\/uploads\\\/2019\\\/03\\\/Sympt\u00f4mes-de-Red-Blotch-sur-un-hybride-intersp\u00e9cifique-2.jpg\",\"et-pb-image--responsive--phone\":\"https:\\\/\\\/www.vignevin.com\\\/wp-content\\\/uploads\\\/2019\\\/03\\\/Sympt\u00f4mes-de-Red-Blotch-sur-un-hybride-intersp\u00e9cifique-2.jpg\",\"gform-image-choice-sm\":\"https:\\\/\\\/www.vignevin.com\\\/wp-content\\\/uploads\\\/2019\\\/03\\\/Sympt\u00f4mes-de-Red-Blotch-sur-un-hybride-intersp\u00e9cifique-2.jpg\",\"gform-image-choice-md\":\"https:\\\/\\\/www.vignevin.com\\\/wp-content\\\/uploads\\\/2019\\\/03\\\/Sympt\u00f4mes-de-Red-Blotch-sur-un-hybride-intersp\u00e9cifique-2.jpg\",\"gform-image-choice-lg\":\"https:\\\/\\\/www.vignevin.com\\\/wp-content\\\/uploads\\\/2019\\\/03\\\/Sympt\u00f4mes-de-Red-Blotch-sur-un-hybride-intersp\u00e9cifique-2.jpg\",\"woocommerce_thumbnail\":\"https:\\\/\\\/www.vignevin.com\\\/wp-content\\\/uploads\\\/2019\\\/03\\\/Sympt\u00f4mes-de-Red-Blotch-sur-un-hybride-intersp\u00e9cifique-2-300x300.jpg\",\"woocommerce_single\":\"https:\\\/\\\/www.vignevin.com\\\/wp-content\\\/uploads\\\/2019\\\/03\\\/Sympt\u00f4mes-de-Red-Blotch-sur-un-hybride-intersp\u00e9cifique-2.jpg\",\"woocommerce_gallery_thumbnail\":\"https:\\\/\\\/www.vignevin.com\\\/wp-content\\\/uploads\\\/2019\\\/03\\\/Sympt\u00f4mes-de-Red-Blotch-sur-un-hybride-intersp\u00e9cifique-2-100x100.jpg\",\"full\":\"https:\\\/\\\/www.vignevin.com\\\/wp-content\\\/uploads\\\/2019\\\/03\\\/Sympt\u00f4mes-de-Red-Blotch-sur-un-hybride-intersp\u00e9cifique-2.jpg\",\"index\":57,\"id\":9923,\"video\":false,\"opts\":{\"caption\":\"\",\"thumb\":{\"errors\":{\"envira-gallery-error-no-file\":[\"No file could be found for the image URL specified.\"]},\"error_data\":[]},\"title\":\"Sympt&ocirc;mes de Red Blotch sur un hybride intersp&eacute;cifique (2)\"},\"gallery_id\":\"17413\"},\"9924\":{\"status\":\"active\",\"src\":\"https:\\\/\\\/www.vignevin.com\\\/wp-content\\\/uploads\\\/2019\\\/03\\\/Sympt\u00f4mes-de-Red-Blotch-sur-un-hybride-intersp\u00e9cifique-3.jpg\",\"title\":\"Sympt&ocirc;mes de Red Blotch sur un hybride intersp&eacute;cifique (3)\",\"link\":\"https:\\\/\\\/www.vignevin.com\\\/wp-content\\\/uploads\\\/2019\\\/03\\\/Sympt\u00f4mes-de-Red-Blotch-sur-un-hybride-intersp\u00e9cifique-3.jpg\",\"alt\":\"\",\"caption\":false,\"thumb\":{\"errors\":{\"envira-gallery-error-no-file\":[\"No file could be found for the image URL specified.\"]},\"error_data\":[]},\"meta\":{\"aperture\":null,\"credit\":null,\"camera\":null,\"caption\":\"\",\"created_timestamp\":null,\"copyright\":null,\"focal_length\":null,\"iso\":null,\"shutter_speed\":null,\"title\":\"\",\"orientation\":null,\"keywords\":null},\"thumbnail\":\"https:\\\/\\\/www.vignevin.com\\\/wp-content\\\/uploads\\\/2019\\\/03\\\/Sympt\u00f4mes-de-Red-Blotch-sur-un-hybride-intersp\u00e9cifique-3-150x150.jpg\",\"medium\":\"https:\\\/\\\/www.vignevin.com\\\/wp-content\\\/uploads\\\/2019\\\/03\\\/Sympt\u00f4mes-de-Red-Blotch-sur-un-hybride-intersp\u00e9cifique-3-300x241.jpg\",\"medium_large\":\"https:\\\/\\\/www.vignevin.com\\\/wp-content\\\/uploads\\\/2019\\\/03\\\/Sympt\u00f4mes-de-Red-Blotch-sur-un-hybride-intersp\u00e9cifique-3-768x616.jpg\",\"large\":\"https:\\\/\\\/www.vignevin.com\\\/wp-content\\\/uploads\\\/2019\\\/03\\\/Sympt\u00f4mes-de-Red-Blotch-sur-un-hybride-intersp\u00e9cifique-3.jpg\",\"1536x1536\":\"https:\\\/\\\/www.vignevin.com\\\/wp-content\\\/uploads\\\/2019\\\/03\\\/Sympt\u00f4mes-de-Red-Blotch-sur-un-hybride-intersp\u00e9cifique-3.jpg\",\"2048x2048\":\"https:\\\/\\\/www.vignevin.com\\\/wp-content\\\/uploads\\\/2019\\\/03\\\/Sympt\u00f4mes-de-Red-Blotch-sur-un-hybride-intersp\u00e9cifique-3.jpg\",\"et-pb-post-main-image\":\"https:\\\/\\\/www.vignevin.com\\\/wp-content\\\/uploads\\\/2019\\\/03\\\/Sympt\u00f4mes-de-Red-Blotch-sur-un-hybride-intersp\u00e9cifique-3-400x250.jpg\",\"et-pb-post-main-image-fullwidth\":\"https:\\\/\\\/www.vignevin.com\\\/wp-content\\\/uploads\\\/2019\\\/03\\\/Sympt\u00f4mes-de-Red-Blotch-sur-un-hybride-intersp\u00e9cifique-3.jpg\",\"et-pb-portfolio-image\":\"https:\\\/\\\/www.vignevin.com\\\/wp-content\\\/uploads\\\/2019\\\/03\\\/Sympt\u00f4mes-de-Red-Blotch-sur-un-hybride-intersp\u00e9cifique-3-400x284.jpg\",\"et-pb-portfolio-module-image\":\"https:\\\/\\\/www.vignevin.com\\\/wp-content\\\/uploads\\\/2019\\\/03\\\/Sympt\u00f4mes-de-Red-Blotch-sur-un-hybride-intersp\u00e9cifique-3-510x382.jpg\",\"et-pb-portfolio-image-single\":\"https:\\\/\\\/www.vignevin.com\\\/wp-content\\\/uploads\\\/2019\\\/03\\\/Sympt\u00f4mes-de-Red-Blotch-sur-un-hybride-intersp\u00e9cifique-3.jpg\",\"et-pb-gallery-module-image-portrait\":\"https:\\\/\\\/www.vignevin.com\\\/wp-content\\\/uploads\\\/2019\\\/03\\\/Sympt\u00f4mes-de-Red-Blotch-sur-un-hybride-intersp\u00e9cifique-3-400x516.jpg\",\"et-pb-post-main-image-fullwidth-large\":\"https:\\\/\\\/www.vignevin.com\\\/wp-content\\\/uploads\\\/2019\\\/03\\\/Sympt\u00f4mes-de-Red-Blotch-sur-un-hybride-intersp\u00e9cifique-3.jpg\",\"et-pb-image--responsive--desktop\":\"https:\\\/\\\/www.vignevin.com\\\/wp-content\\\/uploads\\\/2019\\\/03\\\/Sympt\u00f4mes-de-Red-Blotch-sur-un-hybride-intersp\u00e9cifique-3.jpg\",\"et-pb-image--responsive--tablet\":\"https:\\\/\\\/www.vignevin.com\\\/wp-content\\\/uploads\\\/2019\\\/03\\\/Sympt\u00f4mes-de-Red-Blotch-sur-un-hybride-intersp\u00e9cifique-3.jpg\",\"et-pb-image--responsive--phone\":\"https:\\\/\\\/www.vignevin.com\\\/wp-content\\\/uploads\\\/2019\\\/03\\\/Sympt\u00f4mes-de-Red-Blotch-sur-un-hybride-intersp\u00e9cifique-3.jpg\",\"gform-image-choice-sm\":\"https:\\\/\\\/www.vignevin.com\\\/wp-content\\\/uploads\\\/2019\\\/03\\\/Sympt\u00f4mes-de-Red-Blotch-sur-un-hybride-intersp\u00e9cifique-3.jpg\",\"gform-image-choice-md\":\"https:\\\/\\\/www.vignevin.com\\\/wp-content\\\/uploads\\\/2019\\\/03\\\/Sympt\u00f4mes-de-Red-Blotch-sur-un-hybride-intersp\u00e9cifique-3.jpg\",\"gform-image-choice-lg\":\"https:\\\/\\\/www.vignevin.com\\\/wp-content\\\/uploads\\\/2019\\\/03\\\/Sympt\u00f4mes-de-Red-Blotch-sur-un-hybride-intersp\u00e9cifique-3.jpg\",\"woocommerce_thumbnail\":\"https:\\\/\\\/www.vignevin.com\\\/wp-content\\\/uploads\\\/2019\\\/03\\\/Sympt\u00f4mes-de-Red-Blotch-sur-un-hybride-intersp\u00e9cifique-3-300x300.jpg\",\"woocommerce_single\":\"https:\\\/\\\/www.vignevin.com\\\/wp-content\\\/uploads\\\/2019\\\/03\\\/Sympt\u00f4mes-de-Red-Blotch-sur-un-hybride-intersp\u00e9cifique-3-600x481.jpg\",\"woocommerce_gallery_thumbnail\":\"https:\\\/\\\/www.vignevin.com\\\/wp-content\\\/uploads\\\/2019\\\/03\\\/Sympt\u00f4mes-de-Red-Blotch-sur-un-hybride-intersp\u00e9cifique-3-100x100.jpg\",\"full\":\"https:\\\/\\\/www.vignevin.com\\\/wp-content\\\/uploads\\\/2019\\\/03\\\/Sympt\u00f4mes-de-Red-Blotch-sur-un-hybride-intersp\u00e9cifique-3.jpg\",\"index\":58,\"id\":9924,\"video\":false,\"opts\":{\"caption\":\"\",\"thumb\":{\"errors\":{\"envira-gallery-error-no-file\":[\"No file could be found for the image URL specified.\"]},\"error_data\":[]},\"title\":\"Sympt&ocirc;mes de Red Blotch sur un hybride intersp&eacute;cifique (3)\"},\"gallery_id\":\"17413\"},\"9925\":{\"status\":\"active\",\"src\":\"https:\\\/\\\/www.vignevin.com\\\/wp-content\\\/uploads\\\/2019\\\/03\\\/Sympt\u00f4mes-de-Red-Blotch-sur-un-hybride-intersp\u00e9cifique.jpg\",\"title\":\"Sympt&ocirc;mes de Red Blotch sur un hybride intersp&eacute;cifique\",\"link\":\"https:\\\/\\\/www.vignevin.com\\\/wp-content\\\/uploads\\\/2019\\\/03\\\/Sympt\u00f4mes-de-Red-Blotch-sur-un-hybride-intersp\u00e9cifique.jpg\",\"alt\":\"\",\"caption\":false,\"thumb\":{\"errors\":{\"envira-gallery-error-no-file\":[\"No file could be found for the image URL specified.\"]},\"error_data\":[]},\"meta\":{\"aperture\":null,\"credit\":null,\"camera\":null,\"caption\":\"\",\"created_timestamp\":null,\"copyright\":null,\"focal_length\":null,\"iso\":null,\"shutter_speed\":null,\"title\":\"\",\"orientation\":null,\"keywords\":null},\"thumbnail\":\"https:\\\/\\\/www.vignevin.com\\\/wp-content\\\/uploads\\\/2019\\\/03\\\/Sympt\u00f4mes-de-Red-Blotch-sur-un-hybride-intersp\u00e9cifique-150x150.jpg\",\"medium\":\"https:\\\/\\\/www.vignevin.com\\\/wp-content\\\/uploads\\\/2019\\\/03\\\/Sympt\u00f4mes-de-Red-Blotch-sur-un-hybride-intersp\u00e9cifique-300x225.jpg\",\"medium_large\":\"https:\\\/\\\/www.vignevin.com\\\/wp-content\\\/uploads\\\/2019\\\/03\\\/Sympt\u00f4mes-de-Red-Blotch-sur-un-hybride-intersp\u00e9cifique.jpg\",\"large\":\"https:\\\/\\\/www.vignevin.com\\\/wp-content\\\/uploads\\\/2019\\\/03\\\/Sympt\u00f4mes-de-Red-Blotch-sur-un-hybride-intersp\u00e9cifique.jpg\",\"1536x1536\":\"https:\\\/\\\/www.vignevin.com\\\/wp-content\\\/uploads\\\/2019\\\/03\\\/Sympt\u00f4mes-de-Red-Blotch-sur-un-hybride-intersp\u00e9cifique.jpg\",\"2048x2048\":\"https:\\\/\\\/www.vignevin.com\\\/wp-content\\\/uploads\\\/2019\\\/03\\\/Sympt\u00f4mes-de-Red-Blotch-sur-un-hybride-intersp\u00e9cifique.jpg\",\"et-pb-post-main-image\":\"https:\\\/\\\/www.vignevin.com\\\/wp-content\\\/uploads\\\/2019\\\/03\\\/Sympt\u00f4mes-de-Red-Blotch-sur-un-hybride-intersp\u00e9cifique-400x250.jpg\",\"et-pb-post-main-image-fullwidth\":\"https:\\\/\\\/www.vignevin.com\\\/wp-content\\\/uploads\\\/2019\\\/03\\\/Sympt\u00f4mes-de-Red-Blotch-sur-un-hybride-intersp\u00e9cifique.jpg\",\"et-pb-portfolio-image\":\"https:\\\/\\\/www.vignevin.com\\\/wp-content\\\/uploads\\\/2019\\\/03\\\/Sympt\u00f4mes-de-Red-Blotch-sur-un-hybride-intersp\u00e9cifique-400x284.jpg\",\"et-pb-portfolio-module-image\":\"https:\\\/\\\/www.vignevin.com\\\/wp-content\\\/uploads\\\/2019\\\/03\\\/Sympt\u00f4mes-de-Red-Blotch-sur-un-hybride-intersp\u00e9cifique.jpg\",\"et-pb-portfolio-image-single\":\"https:\\\/\\\/www.vignevin.com\\\/wp-content\\\/uploads\\\/2019\\\/03\\\/Sympt\u00f4mes-de-Red-Blotch-sur-un-hybride-intersp\u00e9cifique.jpg\",\"et-pb-gallery-module-image-portrait\":\"https:\\\/\\\/www.vignevin.com\\\/wp-content\\\/uploads\\\/2019\\\/03\\\/Sympt\u00f4mes-de-Red-Blotch-sur-un-hybride-intersp\u00e9cifique-400x323.jpg\",\"et-pb-post-main-image-fullwidth-large\":\"https:\\\/\\\/www.vignevin.com\\\/wp-content\\\/uploads\\\/2019\\\/03\\\/Sympt\u00f4mes-de-Red-Blotch-sur-un-hybride-intersp\u00e9cifique.jpg\",\"et-pb-image--responsive--desktop\":\"https:\\\/\\\/www.vignevin.com\\\/wp-content\\\/uploads\\\/2019\\\/03\\\/Sympt\u00f4mes-de-Red-Blotch-sur-un-hybride-intersp\u00e9cifique.jpg\",\"et-pb-image--responsive--tablet\":\"https:\\\/\\\/www.vignevin.com\\\/wp-content\\\/uploads\\\/2019\\\/03\\\/Sympt\u00f4mes-de-Red-Blotch-sur-un-hybride-intersp\u00e9cifique.jpg\",\"et-pb-image--responsive--phone\":\"https:\\\/\\\/www.vignevin.com\\\/wp-content\\\/uploads\\\/2019\\\/03\\\/Sympt\u00f4mes-de-Red-Blotch-sur-un-hybride-intersp\u00e9cifique.jpg\",\"gform-image-choice-sm\":\"https:\\\/\\\/www.vignevin.com\\\/wp-content\\\/uploads\\\/2019\\\/03\\\/Sympt\u00f4mes-de-Red-Blotch-sur-un-hybride-intersp\u00e9cifique.jpg\",\"gform-image-choice-md\":\"https:\\\/\\\/www.vignevin.com\\\/wp-content\\\/uploads\\\/2019\\\/03\\\/Sympt\u00f4mes-de-Red-Blotch-sur-un-hybride-intersp\u00e9cifique.jpg\",\"gform-image-choice-lg\":\"https:\\\/\\\/www.vignevin.com\\\/wp-content\\\/uploads\\\/2019\\\/03\\\/Sympt\u00f4mes-de-Red-Blotch-sur-un-hybride-intersp\u00e9cifique.jpg\",\"woocommerce_thumbnail\":\"https:\\\/\\\/www.vignevin.com\\\/wp-content\\\/uploads\\\/2019\\\/03\\\/Sympt\u00f4mes-de-Red-Blotch-sur-un-hybride-intersp\u00e9cifique-300x300.jpg\",\"woocommerce_single\":\"https:\\\/\\\/www.vignevin.com\\\/wp-content\\\/uploads\\\/2019\\\/03\\\/Sympt\u00f4mes-de-Red-Blotch-sur-un-hybride-intersp\u00e9cifique.jpg\",\"woocommerce_gallery_thumbnail\":\"https:\\\/\\\/www.vignevin.com\\\/wp-content\\\/uploads\\\/2019\\\/03\\\/Sympt\u00f4mes-de-Red-Blotch-sur-un-hybride-intersp\u00e9cifique-100x100.jpg\",\"full\":\"https:\\\/\\\/www.vignevin.com\\\/wp-content\\\/uploads\\\/2019\\\/03\\\/Sympt\u00f4mes-de-Red-Blotch-sur-un-hybride-intersp\u00e9cifique.jpg\",\"index\":59,\"id\":9925,\"video\":false,\"opts\":{\"caption\":\"\",\"thumb\":{\"errors\":{\"envira-gallery-error-no-file\":[\"No file could be found for the image URL specified.\"]},\"error_data\":[]},\"title\":\"Sympt&ocirc;mes de Red Blotch sur un hybride intersp&eacute;cifique\"},\"gallery_id\":\"17413\"},\"9926\":{\"status\":\"active\",\"src\":\"https:\\\/\\\/www.vignevin.com\\\/wp-content\\\/uploads\\\/2019\\\/03\\\/Sympt\u00f4mes-de-Red-Blotch-sur-Zinfandel.png\",\"title\":\"Sympt&ocirc;mes de Red Blotch sur Zinfandel\",\"link\":\"https:\\\/\\\/www.vignevin.com\\\/wp-content\\\/uploads\\\/2019\\\/03\\\/Sympt\u00f4mes-de-Red-Blotch-sur-Zinfandel.png\",\"alt\":\"\",\"caption\":false,\"thumb\":{\"errors\":{\"envira-gallery-error-no-file\":[\"No file could be found for the image URL specified.\"]},\"error_data\":[]},\"meta\":{\"aperture\":null,\"credit\":null,\"camera\":null,\"caption\":\"\",\"created_timestamp\":null,\"copyright\":null,\"focal_length\":null,\"iso\":null,\"shutter_speed\":null,\"title\":\"\",\"orientation\":null,\"keywords\":null},\"thumbnail\":\"https:\\\/\\\/www.vignevin.com\\\/wp-content\\\/uploads\\\/2019\\\/03\\\/Sympt\u00f4mes-de-Red-Blotch-sur-Zinfandel-150x150.png\",\"medium\":\"https:\\\/\\\/www.vignevin.com\\\/wp-content\\\/uploads\\\/2019\\\/03\\\/Sympt\u00f4mes-de-Red-Blotch-sur-Zinfandel.png\",\"medium_large\":\"https:\\\/\\\/www.vignevin.com\\\/wp-content\\\/uploads\\\/2019\\\/03\\\/Sympt\u00f4mes-de-Red-Blotch-sur-Zinfandel.png\",\"large\":\"https:\\\/\\\/www.vignevin.com\\\/wp-content\\\/uploads\\\/2019\\\/03\\\/Sympt\u00f4mes-de-Red-Blotch-sur-Zinfandel.png\",\"1536x1536\":\"https:\\\/\\\/www.vignevin.com\\\/wp-content\\\/uploads\\\/2019\\\/03\\\/Sympt\u00f4mes-de-Red-Blotch-sur-Zinfandel.png\",\"2048x2048\":\"https:\\\/\\\/www.vignevin.com\\\/wp-content\\\/uploads\\\/2019\\\/03\\\/Sympt\u00f4mes-de-Red-Blotch-sur-Zinfandel.png\",\"et-pb-post-main-image\":\"https:\\\/\\\/www.vignevin.com\\\/wp-content\\\/uploads\\\/2019\\\/03\\\/Sympt\u00f4mes-de-Red-Blotch-sur-Zinfandel-262x250.png\",\"et-pb-post-main-image-fullwidth\":\"https:\\\/\\\/www.vignevin.com\\\/wp-content\\\/uploads\\\/2019\\\/03\\\/Sympt\u00f4mes-de-Red-Blotch-sur-Zinfandel.png\",\"et-pb-portfolio-image\":\"https:\\\/\\\/www.vignevin.com\\\/wp-content\\\/uploads\\\/2019\\\/03\\\/Sympt\u00f4mes-de-Red-Blotch-sur-Zinfandel-262x284.png\",\"et-pb-portfolio-module-image\":\"https:\\\/\\\/www.vignevin.com\\\/wp-content\\\/uploads\\\/2019\\\/03\\\/Sympt\u00f4mes-de-Red-Blotch-sur-Zinfandel.png\",\"et-pb-portfolio-image-single\":\"https:\\\/\\\/www.vignevin.com\\\/wp-content\\\/uploads\\\/2019\\\/03\\\/Sympt\u00f4mes-de-Red-Blotch-sur-Zinfandel.png\",\"et-pb-gallery-module-image-portrait\":\"https:\\\/\\\/www.vignevin.com\\\/wp-content\\\/uploads\\\/2019\\\/03\\\/Sympt\u00f4mes-de-Red-Blotch-sur-Zinfandel.png\",\"et-pb-post-main-image-fullwidth-large\":\"https:\\\/\\\/www.vignevin.com\\\/wp-content\\\/uploads\\\/2019\\\/03\\\/Sympt\u00f4mes-de-Red-Blotch-sur-Zinfandel.png\",\"et-pb-image--responsive--desktop\":\"https:\\\/\\\/www.vignevin.com\\\/wp-content\\\/uploads\\\/2019\\\/03\\\/Sympt\u00f4mes-de-Red-Blotch-sur-Zinfandel.png\",\"et-pb-image--responsive--tablet\":\"https:\\\/\\\/www.vignevin.com\\\/wp-content\\\/uploads\\\/2019\\\/03\\\/Sympt\u00f4mes-de-Red-Blotch-sur-Zinfandel.png\",\"et-pb-image--responsive--phone\":\"https:\\\/\\\/www.vignevin.com\\\/wp-content\\\/uploads\\\/2019\\\/03\\\/Sympt\u00f4mes-de-Red-Blotch-sur-Zinfandel.png\",\"gform-image-choice-sm\":\"https:\\\/\\\/www.vignevin.com\\\/wp-content\\\/uploads\\\/2019\\\/03\\\/Sympt\u00f4mes-de-Red-Blotch-sur-Zinfandel.png\",\"gform-image-choice-md\":\"https:\\\/\\\/www.vignevin.com\\\/wp-content\\\/uploads\\\/2019\\\/03\\\/Sympt\u00f4mes-de-Red-Blotch-sur-Zinfandel.png\",\"gform-image-choice-lg\":\"https:\\\/\\\/www.vignevin.com\\\/wp-content\\\/uploads\\\/2019\\\/03\\\/Sympt\u00f4mes-de-Red-Blotch-sur-Zinfandel.png\",\"woocommerce_thumbnail\":\"https:\\\/\\\/www.vignevin.com\\\/wp-content\\\/uploads\\\/2019\\\/03\\\/Sympt\u00f4mes-de-Red-Blotch-sur-Zinfandel.png\",\"woocommerce_single\":\"https:\\\/\\\/www.vignevin.com\\\/wp-content\\\/uploads\\\/2019\\\/03\\\/Sympt\u00f4mes-de-Red-Blotch-sur-Zinfandel.png\",\"woocommerce_gallery_thumbnail\":\"https:\\\/\\\/www.vignevin.com\\\/wp-content\\\/uploads\\\/2019\\\/03\\\/Sympt\u00f4mes-de-Red-Blotch-sur-Zinfandel-100x100.png\",\"full\":\"https:\\\/\\\/www.vignevin.com\\\/wp-content\\\/uploads\\\/2019\\\/03\\\/Sympt\u00f4mes-de-Red-Blotch-sur-Zinfandel.png\",\"index\":60,\"id\":9926,\"video\":false,\"opts\":{\"caption\":\"\",\"thumb\":{\"errors\":{\"envira-gallery-error-no-file\":[\"No file could be found for the image URL specified.\"]},\"error_data\":[]},\"title\":\"Sympt&ocirc;mes de Red Blotch sur Zinfandel\"},\"gallery_id\":\"17413\"},\"9927\":{\"status\":\"active\",\"src\":\"https:\\\/\\\/www.vignevin.com\\\/wp-content\\\/uploads\\\/2019\\\/03\\\/Sympt\u00f4mes-de-RLD-Grapevine-Roditis-Leaf-Discoloration-sur-feuilles-2.tif\",\"title\":\"Sympt&ocirc;mes de RLD (Grapevine Roditis Leaf Discoloration) sur feuilles (2)\",\"link\":\"https:\\\/\\\/www.vignevin.com\\\/wp-content\\\/uploads\\\/2019\\\/03\\\/Sympt\u00f4mes-de-RLD-Grapevine-Roditis-Leaf-Discoloration-sur-feuilles-2.tif\",\"alt\":\"\",\"caption\":false,\"thumb\":{\"errors\":{\"envira-gallery-error-no-file\":[\"No file could be found for the image URL specified.\"]},\"error_data\":[]},\"thumbnail\":\"https:\\\/\\\/www.vignevin.com\\\/wp-content\\\/uploads\\\/2019\\\/03\\\/Sympt\u00f4mes-de-RLD-Grapevine-Roditis-Leaf-Discoloration-sur-feuilles-2.tif\",\"medium\":\"https:\\\/\\\/www.vignevin.com\\\/wp-content\\\/uploads\\\/2019\\\/03\\\/Sympt\u00f4mes-de-RLD-Grapevine-Roditis-Leaf-Discoloration-sur-feuilles-2.tif\",\"medium_large\":\"https:\\\/\\\/www.vignevin.com\\\/wp-content\\\/uploads\\\/2019\\\/03\\\/Sympt\u00f4mes-de-RLD-Grapevine-Roditis-Leaf-Discoloration-sur-feuilles-2.tif\",\"large\":\"https:\\\/\\\/www.vignevin.com\\\/wp-content\\\/uploads\\\/2019\\\/03\\\/Sympt\u00f4mes-de-RLD-Grapevine-Roditis-Leaf-Discoloration-sur-feuilles-2.tif\",\"1536x1536\":\"https:\\\/\\\/www.vignevin.com\\\/wp-content\\\/uploads\\\/2019\\\/03\\\/Sympt\u00f4mes-de-RLD-Grapevine-Roditis-Leaf-Discoloration-sur-feuilles-2.tif\",\"2048x2048\":\"https:\\\/\\\/www.vignevin.com\\\/wp-content\\\/uploads\\\/2019\\\/03\\\/Sympt\u00f4mes-de-RLD-Grapevine-Roditis-Leaf-Discoloration-sur-feuilles-2.tif\",\"et-pb-post-main-image\":\"https:\\\/\\\/www.vignevin.com\\\/wp-content\\\/uploads\\\/2019\\\/03\\\/Sympt\u00f4mes-de-RLD-Grapevine-Roditis-Leaf-Discoloration-sur-feuilles-2.tif\",\"et-pb-post-main-image-fullwidth\":\"https:\\\/\\\/www.vignevin.com\\\/wp-content\\\/uploads\\\/2019\\\/03\\\/Sympt\u00f4mes-de-RLD-Grapevine-Roditis-Leaf-Discoloration-sur-feuilles-2.tif\",\"et-pb-portfolio-image\":\"https:\\\/\\\/www.vignevin.com\\\/wp-content\\\/uploads\\\/2019\\\/03\\\/Sympt\u00f4mes-de-RLD-Grapevine-Roditis-Leaf-Discoloration-sur-feuilles-2.tif\",\"et-pb-portfolio-module-image\":\"https:\\\/\\\/www.vignevin.com\\\/wp-content\\\/uploads\\\/2019\\\/03\\\/Sympt\u00f4mes-de-RLD-Grapevine-Roditis-Leaf-Discoloration-sur-feuilles-2.tif\",\"et-pb-portfolio-image-single\":\"https:\\\/\\\/www.vignevin.com\\\/wp-content\\\/uploads\\\/2019\\\/03\\\/Sympt\u00f4mes-de-RLD-Grapevine-Roditis-Leaf-Discoloration-sur-feuilles-2.tif\",\"et-pb-gallery-module-image-portrait\":\"https:\\\/\\\/www.vignevin.com\\\/wp-content\\\/uploads\\\/2019\\\/03\\\/Sympt\u00f4mes-de-RLD-Grapevine-Roditis-Leaf-Discoloration-sur-feuilles-2.tif\",\"et-pb-post-main-image-fullwidth-large\":\"https:\\\/\\\/www.vignevin.com\\\/wp-content\\\/uploads\\\/2019\\\/03\\\/Sympt\u00f4mes-de-RLD-Grapevine-Roditis-Leaf-Discoloration-sur-feuilles-2.tif\",\"et-pb-image--responsive--desktop\":\"https:\\\/\\\/www.vignevin.com\\\/wp-content\\\/uploads\\\/2019\\\/03\\\/Sympt\u00f4mes-de-RLD-Grapevine-Roditis-Leaf-Discoloration-sur-feuilles-2.tif\",\"et-pb-image--responsive--tablet\":\"https:\\\/\\\/www.vignevin.com\\\/wp-content\\\/uploads\\\/2019\\\/03\\\/Sympt\u00f4mes-de-RLD-Grapevine-Roditis-Leaf-Discoloration-sur-feuilles-2.tif\",\"et-pb-image--responsive--phone\":\"https:\\\/\\\/www.vignevin.com\\\/wp-content\\\/uploads\\\/2019\\\/03\\\/Sympt\u00f4mes-de-RLD-Grapevine-Roditis-Leaf-Discoloration-sur-feuilles-2.tif\",\"gform-image-choice-sm\":\"https:\\\/\\\/www.vignevin.com\\\/wp-content\\\/uploads\\\/2019\\\/03\\\/Sympt\u00f4mes-de-RLD-Grapevine-Roditis-Leaf-Discoloration-sur-feuilles-2.tif\",\"gform-image-choice-md\":\"https:\\\/\\\/www.vignevin.com\\\/wp-content\\\/uploads\\\/2019\\\/03\\\/Sympt\u00f4mes-de-RLD-Grapevine-Roditis-Leaf-Discoloration-sur-feuilles-2.tif\",\"gform-image-choice-lg\":\"https:\\\/\\\/www.vignevin.com\\\/wp-content\\\/uploads\\\/2019\\\/03\\\/Sympt\u00f4mes-de-RLD-Grapevine-Roditis-Leaf-Discoloration-sur-feuilles-2.tif\",\"woocommerce_thumbnail\":\"https:\\\/\\\/www.vignevin.com\\\/wp-content\\\/uploads\\\/2019\\\/03\\\/Sympt\u00f4mes-de-RLD-Grapevine-Roditis-Leaf-Discoloration-sur-feuilles-2.tif\",\"woocommerce_single\":\"https:\\\/\\\/www.vignevin.com\\\/wp-content\\\/uploads\\\/2019\\\/03\\\/Sympt\u00f4mes-de-RLD-Grapevine-Roditis-Leaf-Discoloration-sur-feuilles-2.tif\",\"woocommerce_gallery_thumbnail\":\"https:\\\/\\\/www.vignevin.com\\\/wp-content\\\/uploads\\\/2019\\\/03\\\/Sympt\u00f4mes-de-RLD-Grapevine-Roditis-Leaf-Discoloration-sur-feuilles-2.tif\",\"full\":\"https:\\\/\\\/www.vignevin.com\\\/wp-content\\\/uploads\\\/2019\\\/03\\\/Sympt\u00f4mes-de-RLD-Grapevine-Roditis-Leaf-Discoloration-sur-feuilles-2.tif\",\"index\":61,\"id\":9927,\"video\":false,\"opts\":{\"caption\":\"\",\"thumb\":{\"errors\":{\"envira-gallery-error-no-file\":[\"No file could be found for the image URL specified.\"]},\"error_data\":[]},\"title\":\"Sympt&ocirc;mes de RLD (Grapevine Roditis Leaf Discoloration) sur feuilles (2)\"},\"gallery_id\":\"17413\"},\"9928\":{\"status\":\"active\",\"src\":\"https:\\\/\\\/www.vignevin.com\\\/wp-content\\\/uploads\\\/2019\\\/03\\\/Sympt\u00f4mes-de-RLD-Grapevine-Roditis-Leaf-Discoloration-sur-feuilles-3.tif\",\"title\":\"Sympt&ocirc;mes de RLD (Grapevine Roditis Leaf Discoloration) sur feuilles (3)\",\"link\":\"https:\\\/\\\/www.vignevin.com\\\/wp-content\\\/uploads\\\/2019\\\/03\\\/Sympt\u00f4mes-de-RLD-Grapevine-Roditis-Leaf-Discoloration-sur-feuilles-3.tif\",\"alt\":\"\",\"caption\":false,\"thumb\":{\"errors\":{\"envira-gallery-error-no-file\":[\"No file could be found for the image URL specified.\"]},\"error_data\":[]},\"thumbnail\":\"https:\\\/\\\/www.vignevin.com\\\/wp-content\\\/uploads\\\/2019\\\/03\\\/Sympt\u00f4mes-de-RLD-Grapevine-Roditis-Leaf-Discoloration-sur-feuilles-3.tif\",\"medium\":\"https:\\\/\\\/www.vignevin.com\\\/wp-content\\\/uploads\\\/2019\\\/03\\\/Sympt\u00f4mes-de-RLD-Grapevine-Roditis-Leaf-Discoloration-sur-feuilles-3.tif\",\"medium_large\":\"https:\\\/\\\/www.vignevin.com\\\/wp-content\\\/uploads\\\/2019\\\/03\\\/Sympt\u00f4mes-de-RLD-Grapevine-Roditis-Leaf-Discoloration-sur-feuilles-3.tif\",\"large\":\"https:\\\/\\\/www.vignevin.com\\\/wp-content\\\/uploads\\\/2019\\\/03\\\/Sympt\u00f4mes-de-RLD-Grapevine-Roditis-Leaf-Discoloration-sur-feuilles-3.tif\",\"1536x1536\":\"https:\\\/\\\/www.vignevin.com\\\/wp-content\\\/uploads\\\/2019\\\/03\\\/Sympt\u00f4mes-de-RLD-Grapevine-Roditis-Leaf-Discoloration-sur-feuilles-3.tif\",\"2048x2048\":\"https:\\\/\\\/www.vignevin.com\\\/wp-content\\\/uploads\\\/2019\\\/03\\\/Sympt\u00f4mes-de-RLD-Grapevine-Roditis-Leaf-Discoloration-sur-feuilles-3.tif\",\"et-pb-post-main-image\":\"https:\\\/\\\/www.vignevin.com\\\/wp-content\\\/uploads\\\/2019\\\/03\\\/Sympt\u00f4mes-de-RLD-Grapevine-Roditis-Leaf-Discoloration-sur-feuilles-3.tif\",\"et-pb-post-main-image-fullwidth\":\"https:\\\/\\\/www.vignevin.com\\\/wp-content\\\/uploads\\\/2019\\\/03\\\/Sympt\u00f4mes-de-RLD-Grapevine-Roditis-Leaf-Discoloration-sur-feuilles-3.tif\",\"et-pb-portfolio-image\":\"https:\\\/\\\/www.vignevin.com\\\/wp-content\\\/uploads\\\/2019\\\/03\\\/Sympt\u00f4mes-de-RLD-Grapevine-Roditis-Leaf-Discoloration-sur-feuilles-3.tif\",\"et-pb-portfolio-module-image\":\"https:\\\/\\\/www.vignevin.com\\\/wp-content\\\/uploads\\\/2019\\\/03\\\/Sympt\u00f4mes-de-RLD-Grapevine-Roditis-Leaf-Discoloration-sur-feuilles-3.tif\",\"et-pb-portfolio-image-single\":\"https:\\\/\\\/www.vignevin.com\\\/wp-content\\\/uploads\\\/2019\\\/03\\\/Sympt\u00f4mes-de-RLD-Grapevine-Roditis-Leaf-Discoloration-sur-feuilles-3.tif\",\"et-pb-gallery-module-image-portrait\":\"https:\\\/\\\/www.vignevin.com\\\/wp-content\\\/uploads\\\/2019\\\/03\\\/Sympt\u00f4mes-de-RLD-Grapevine-Roditis-Leaf-Discoloration-sur-feuilles-3.tif\",\"et-pb-post-main-image-fullwidth-large\":\"https:\\\/\\\/www.vignevin.com\\\/wp-content\\\/uploads\\\/2019\\\/03\\\/Sympt\u00f4mes-de-RLD-Grapevine-Roditis-Leaf-Discoloration-sur-feuilles-3.tif\",\"et-pb-image--responsive--desktop\":\"https:\\\/\\\/www.vignevin.com\\\/wp-content\\\/uploads\\\/2019\\\/03\\\/Sympt\u00f4mes-de-RLD-Grapevine-Roditis-Leaf-Discoloration-sur-feuilles-3.tif\",\"et-pb-image--responsive--tablet\":\"https:\\\/\\\/www.vignevin.com\\\/wp-content\\\/uploads\\\/2019\\\/03\\\/Sympt\u00f4mes-de-RLD-Grapevine-Roditis-Leaf-Discoloration-sur-feuilles-3.tif\",\"et-pb-image--responsive--phone\":\"https:\\\/\\\/www.vignevin.com\\\/wp-content\\\/uploads\\\/2019\\\/03\\\/Sympt\u00f4mes-de-RLD-Grapevine-Roditis-Leaf-Discoloration-sur-feuilles-3.tif\",\"gform-image-choice-sm\":\"https:\\\/\\\/www.vignevin.com\\\/wp-content\\\/uploads\\\/2019\\\/03\\\/Sympt\u00f4mes-de-RLD-Grapevine-Roditis-Leaf-Discoloration-sur-feuilles-3.tif\",\"gform-image-choice-md\":\"https:\\\/\\\/www.vignevin.com\\\/wp-content\\\/uploads\\\/2019\\\/03\\\/Sympt\u00f4mes-de-RLD-Grapevine-Roditis-Leaf-Discoloration-sur-feuilles-3.tif\",\"gform-image-choice-lg\":\"https:\\\/\\\/www.vignevin.com\\\/wp-content\\\/uploads\\\/2019\\\/03\\\/Sympt\u00f4mes-de-RLD-Grapevine-Roditis-Leaf-Discoloration-sur-feuilles-3.tif\",\"woocommerce_thumbnail\":\"https:\\\/\\\/www.vignevin.com\\\/wp-content\\\/uploads\\\/2019\\\/03\\\/Sympt\u00f4mes-de-RLD-Grapevine-Roditis-Leaf-Discoloration-sur-feuilles-3.tif\",\"woocommerce_single\":\"https:\\\/\\\/www.vignevin.com\\\/wp-content\\\/uploads\\\/2019\\\/03\\\/Sympt\u00f4mes-de-RLD-Grapevine-Roditis-Leaf-Discoloration-sur-feuilles-3.tif\",\"woocommerce_gallery_thumbnail\":\"https:\\\/\\\/www.vignevin.com\\\/wp-content\\\/uploads\\\/2019\\\/03\\\/Sympt\u00f4mes-de-RLD-Grapevine-Roditis-Leaf-Discoloration-sur-feuilles-3.tif\",\"full\":\"https:\\\/\\\/www.vignevin.com\\\/wp-content\\\/uploads\\\/2019\\\/03\\\/Sympt\u00f4mes-de-RLD-Grapevine-Roditis-Leaf-Discoloration-sur-feuilles-3.tif\",\"index\":62,\"id\":9928,\"video\":false,\"opts\":{\"caption\":\"\",\"thumb\":{\"errors\":{\"envira-gallery-error-no-file\":[\"No file could be found for the image URL specified.\"]},\"error_data\":[]},\"title\":\"Sympt&ocirc;mes de RLD (Grapevine Roditis Leaf Discoloration) sur feuilles (3)\"},\"gallery_id\":\"17413\"},\"9929\":{\"status\":\"active\",\"src\":\"https:\\\/\\\/www.vignevin.com\\\/wp-content\\\/uploads\\\/2019\\\/03\\\/Sympt\u00f4mes-de-RLD-Grapevine-Roditis-Leaf-Discoloration-sur-feuilles.tif\",\"title\":\"Sympt&ocirc;mes de RLD (Grapevine Roditis Leaf Discoloration) sur feuilles\",\"link\":\"https:\\\/\\\/www.vignevin.com\\\/wp-content\\\/uploads\\\/2019\\\/03\\\/Sympt\u00f4mes-de-RLD-Grapevine-Roditis-Leaf-Discoloration-sur-feuilles.tif\",\"alt\":\"\",\"caption\":false,\"thumb\":{\"errors\":{\"envira-gallery-error-no-file\":[\"No file could be found for the image URL specified.\"]},\"error_data\":[]},\"thumbnail\":\"https:\\\/\\\/www.vignevin.com\\\/wp-content\\\/uploads\\\/2019\\\/03\\\/Sympt\u00f4mes-de-RLD-Grapevine-Roditis-Leaf-Discoloration-sur-feuilles.tif\",\"medium\":\"https:\\\/\\\/www.vignevin.com\\\/wp-content\\\/uploads\\\/2019\\\/03\\\/Sympt\u00f4mes-de-RLD-Grapevine-Roditis-Leaf-Discoloration-sur-feuilles.tif\",\"medium_large\":\"https:\\\/\\\/www.vignevin.com\\\/wp-content\\\/uploads\\\/2019\\\/03\\\/Sympt\u00f4mes-de-RLD-Grapevine-Roditis-Leaf-Discoloration-sur-feuilles.tif\",\"large\":\"https:\\\/\\\/www.vignevin.com\\\/wp-content\\\/uploads\\\/2019\\\/03\\\/Sympt\u00f4mes-de-RLD-Grapevine-Roditis-Leaf-Discoloration-sur-feuilles.tif\",\"1536x1536\":\"https:\\\/\\\/www.vignevin.com\\\/wp-content\\\/uploads\\\/2019\\\/03\\\/Sympt\u00f4mes-de-RLD-Grapevine-Roditis-Leaf-Discoloration-sur-feuilles.tif\",\"2048x2048\":\"https:\\\/\\\/www.vignevin.com\\\/wp-content\\\/uploads\\\/2019\\\/03\\\/Sympt\u00f4mes-de-RLD-Grapevine-Roditis-Leaf-Discoloration-sur-feuilles.tif\",\"et-pb-post-main-image\":\"https:\\\/\\\/www.vignevin.com\\\/wp-content\\\/uploads\\\/2019\\\/03\\\/Sympt\u00f4mes-de-RLD-Grapevine-Roditis-Leaf-Discoloration-sur-feuilles.tif\",\"et-pb-post-main-image-fullwidth\":\"https:\\\/\\\/www.vignevin.com\\\/wp-content\\\/uploads\\\/2019\\\/03\\\/Sympt\u00f4mes-de-RLD-Grapevine-Roditis-Leaf-Discoloration-sur-feuilles.tif\",\"et-pb-portfolio-image\":\"https:\\\/\\\/www.vignevin.com\\\/wp-content\\\/uploads\\\/2019\\\/03\\\/Sympt\u00f4mes-de-RLD-Grapevine-Roditis-Leaf-Discoloration-sur-feuilles.tif\",\"et-pb-portfolio-module-image\":\"https:\\\/\\\/www.vignevin.com\\\/wp-content\\\/uploads\\\/2019\\\/03\\\/Sympt\u00f4mes-de-RLD-Grapevine-Roditis-Leaf-Discoloration-sur-feuilles.tif\",\"et-pb-portfolio-image-single\":\"https:\\\/\\\/www.vignevin.com\\\/wp-content\\\/uploads\\\/2019\\\/03\\\/Sympt\u00f4mes-de-RLD-Grapevine-Roditis-Leaf-Discoloration-sur-feuilles.tif\",\"et-pb-gallery-module-image-portrait\":\"https:\\\/\\\/www.vignevin.com\\\/wp-content\\\/uploads\\\/2019\\\/03\\\/Sympt\u00f4mes-de-RLD-Grapevine-Roditis-Leaf-Discoloration-sur-feuilles.tif\",\"et-pb-post-main-image-fullwidth-large\":\"https:\\\/\\\/www.vignevin.com\\\/wp-content\\\/uploads\\\/2019\\\/03\\\/Sympt\u00f4mes-de-RLD-Grapevine-Roditis-Leaf-Discoloration-sur-feuilles.tif\",\"et-pb-image--responsive--desktop\":\"https:\\\/\\\/www.vignevin.com\\\/wp-content\\\/uploads\\\/2019\\\/03\\\/Sympt\u00f4mes-de-RLD-Grapevine-Roditis-Leaf-Discoloration-sur-feuilles.tif\",\"et-pb-image--responsive--tablet\":\"https:\\\/\\\/www.vignevin.com\\\/wp-content\\\/uploads\\\/2019\\\/03\\\/Sympt\u00f4mes-de-RLD-Grapevine-Roditis-Leaf-Discoloration-sur-feuilles.tif\",\"et-pb-image--responsive--phone\":\"https:\\\/\\\/www.vignevin.com\\\/wp-content\\\/uploads\\\/2019\\\/03\\\/Sympt\u00f4mes-de-RLD-Grapevine-Roditis-Leaf-Discoloration-sur-feuilles.tif\",\"gform-image-choice-sm\":\"https:\\\/\\\/www.vignevin.com\\\/wp-content\\\/uploads\\\/2019\\\/03\\\/Sympt\u00f4mes-de-RLD-Grapevine-Roditis-Leaf-Discoloration-sur-feuilles.tif\",\"gform-image-choice-md\":\"https:\\\/\\\/www.vignevin.com\\\/wp-content\\\/uploads\\\/2019\\\/03\\\/Sympt\u00f4mes-de-RLD-Grapevine-Roditis-Leaf-Discoloration-sur-feuilles.tif\",\"gform-image-choice-lg\":\"https:\\\/\\\/www.vignevin.com\\\/wp-content\\\/uploads\\\/2019\\\/03\\\/Sympt\u00f4mes-de-RLD-Grapevine-Roditis-Leaf-Discoloration-sur-feuilles.tif\",\"woocommerce_thumbnail\":\"https:\\\/\\\/www.vignevin.com\\\/wp-content\\\/uploads\\\/2019\\\/03\\\/Sympt\u00f4mes-de-RLD-Grapevine-Roditis-Leaf-Discoloration-sur-feuilles.tif\",\"woocommerce_single\":\"https:\\\/\\\/www.vignevin.com\\\/wp-content\\\/uploads\\\/2019\\\/03\\\/Sympt\u00f4mes-de-RLD-Grapevine-Roditis-Leaf-Discoloration-sur-feuilles.tif\",\"woocommerce_gallery_thumbnail\":\"https:\\\/\\\/www.vignevin.com\\\/wp-content\\\/uploads\\\/2019\\\/03\\\/Sympt\u00f4mes-de-RLD-Grapevine-Roditis-Leaf-Discoloration-sur-feuilles.tif\",\"full\":\"https:\\\/\\\/www.vignevin.com\\\/wp-content\\\/uploads\\\/2019\\\/03\\\/Sympt\u00f4mes-de-RLD-Grapevine-Roditis-Leaf-Discoloration-sur-feuilles.tif\",\"index\":63,\"id\":9929,\"video\":false,\"opts\":{\"caption\":\"\",\"thumb\":{\"errors\":{\"envira-gallery-error-no-file\":[\"No file could be found for the image URL specified.\"]},\"error_data\":[]},\"title\":\"Sympt&ocirc;mes de RLD (Grapevine Roditis Leaf Discoloration) sur feuilles\"},\"gallery_id\":\"17413\"},\"9930\":{\"status\":\"active\",\"src\":\"https:\\\/\\\/www.vignevin.com\\\/wp-content\\\/uploads\\\/2019\\\/03\\\/Sympt\u00f4mes-de-RLD-Grapevine-Roditis-Leaf-Discoloration-sur-grappes.tif\",\"title\":\"Sympt&ocirc;mes de RLD (Grapevine Roditis Leaf Discoloration) sur grappes\",\"link\":\"https:\\\/\\\/www.vignevin.com\\\/wp-content\\\/uploads\\\/2019\\\/03\\\/Sympt\u00f4mes-de-RLD-Grapevine-Roditis-Leaf-Discoloration-sur-grappes.tif\",\"alt\":\"\",\"caption\":false,\"thumb\":{\"errors\":{\"envira-gallery-error-no-file\":[\"No file could be found for the image URL specified.\"]},\"error_data\":[]},\"thumbnail\":\"https:\\\/\\\/www.vignevin.com\\\/wp-content\\\/uploads\\\/2019\\\/03\\\/Sympt\u00f4mes-de-RLD-Grapevine-Roditis-Leaf-Discoloration-sur-grappes.tif\",\"medium\":\"https:\\\/\\\/www.vignevin.com\\\/wp-content\\\/uploads\\\/2019\\\/03\\\/Sympt\u00f4mes-de-RLD-Grapevine-Roditis-Leaf-Discoloration-sur-grappes.tif\",\"medium_large\":\"https:\\\/\\\/www.vignevin.com\\\/wp-content\\\/uploads\\\/2019\\\/03\\\/Sympt\u00f4mes-de-RLD-Grapevine-Roditis-Leaf-Discoloration-sur-grappes.tif\",\"large\":\"https:\\\/\\\/www.vignevin.com\\\/wp-content\\\/uploads\\\/2019\\\/03\\\/Sympt\u00f4mes-de-RLD-Grapevine-Roditis-Leaf-Discoloration-sur-grappes.tif\",\"1536x1536\":\"https:\\\/\\\/www.vignevin.com\\\/wp-content\\\/uploads\\\/2019\\\/03\\\/Sympt\u00f4mes-de-RLD-Grapevine-Roditis-Leaf-Discoloration-sur-grappes.tif\",\"2048x2048\":\"https:\\\/\\\/www.vignevin.com\\\/wp-content\\\/uploads\\\/2019\\\/03\\\/Sympt\u00f4mes-de-RLD-Grapevine-Roditis-Leaf-Discoloration-sur-grappes.tif\",\"et-pb-post-main-image\":\"https:\\\/\\\/www.vignevin.com\\\/wp-content\\\/uploads\\\/2019\\\/03\\\/Sympt\u00f4mes-de-RLD-Grapevine-Roditis-Leaf-Discoloration-sur-grappes.tif\",\"et-pb-post-main-image-fullwidth\":\"https:\\\/\\\/www.vignevin.com\\\/wp-content\\\/uploads\\\/2019\\\/03\\\/Sympt\u00f4mes-de-RLD-Grapevine-Roditis-Leaf-Discoloration-sur-grappes.tif\",\"et-pb-portfolio-image\":\"https:\\\/\\\/www.vignevin.com\\\/wp-content\\\/uploads\\\/2019\\\/03\\\/Sympt\u00f4mes-de-RLD-Grapevine-Roditis-Leaf-Discoloration-sur-grappes.tif\",\"et-pb-portfolio-module-image\":\"https:\\\/\\\/www.vignevin.com\\\/wp-content\\\/uploads\\\/2019\\\/03\\\/Sympt\u00f4mes-de-RLD-Grapevine-Roditis-Leaf-Discoloration-sur-grappes.tif\",\"et-pb-portfolio-image-single\":\"https:\\\/\\\/www.vignevin.com\\\/wp-content\\\/uploads\\\/2019\\\/03\\\/Sympt\u00f4mes-de-RLD-Grapevine-Roditis-Leaf-Discoloration-sur-grappes.tif\",\"et-pb-gallery-module-image-portrait\":\"https:\\\/\\\/www.vignevin.com\\\/wp-content\\\/uploads\\\/2019\\\/03\\\/Sympt\u00f4mes-de-RLD-Grapevine-Roditis-Leaf-Discoloration-sur-grappes.tif\",\"et-pb-post-main-image-fullwidth-large\":\"https:\\\/\\\/www.vignevin.com\\\/wp-content\\\/uploads\\\/2019\\\/03\\\/Sympt\u00f4mes-de-RLD-Grapevine-Roditis-Leaf-Discoloration-sur-grappes.tif\",\"et-pb-image--responsive--desktop\":\"https:\\\/\\\/www.vignevin.com\\\/wp-content\\\/uploads\\\/2019\\\/03\\\/Sympt\u00f4mes-de-RLD-Grapevine-Roditis-Leaf-Discoloration-sur-grappes.tif\",\"et-pb-image--responsive--tablet\":\"https:\\\/\\\/www.vignevin.com\\\/wp-content\\\/uploads\\\/2019\\\/03\\\/Sympt\u00f4mes-de-RLD-Grapevine-Roditis-Leaf-Discoloration-sur-grappes.tif\",\"et-pb-image--responsive--phone\":\"https:\\\/\\\/www.vignevin.com\\\/wp-content\\\/uploads\\\/2019\\\/03\\\/Sympt\u00f4mes-de-RLD-Grapevine-Roditis-Leaf-Discoloration-sur-grappes.tif\",\"gform-image-choice-sm\":\"https:\\\/\\\/www.vignevin.com\\\/wp-content\\\/uploads\\\/2019\\\/03\\\/Sympt\u00f4mes-de-RLD-Grapevine-Roditis-Leaf-Discoloration-sur-grappes.tif\",\"gform-image-choice-md\":\"https:\\\/\\\/www.vignevin.com\\\/wp-content\\\/uploads\\\/2019\\\/03\\\/Sympt\u00f4mes-de-RLD-Grapevine-Roditis-Leaf-Discoloration-sur-grappes.tif\",\"gform-image-choice-lg\":\"https:\\\/\\\/www.vignevin.com\\\/wp-content\\\/uploads\\\/2019\\\/03\\\/Sympt\u00f4mes-de-RLD-Grapevine-Roditis-Leaf-Discoloration-sur-grappes.tif\",\"woocommerce_thumbnail\":\"https:\\\/\\\/www.vignevin.com\\\/wp-content\\\/uploads\\\/2019\\\/03\\\/Sympt\u00f4mes-de-RLD-Grapevine-Roditis-Leaf-Discoloration-sur-grappes.tif\",\"woocommerce_single\":\"https:\\\/\\\/www.vignevin.com\\\/wp-content\\\/uploads\\\/2019\\\/03\\\/Sympt\u00f4mes-de-RLD-Grapevine-Roditis-Leaf-Discoloration-sur-grappes.tif\",\"woocommerce_gallery_thumbnail\":\"https:\\\/\\\/www.vignevin.com\\\/wp-content\\\/uploads\\\/2019\\\/03\\\/Sympt\u00f4mes-de-RLD-Grapevine-Roditis-Leaf-Discoloration-sur-grappes.tif\",\"full\":\"https:\\\/\\\/www.vignevin.com\\\/wp-content\\\/uploads\\\/2019\\\/03\\\/Sympt\u00f4mes-de-RLD-Grapevine-Roditis-Leaf-Discoloration-sur-grappes.tif\",\"index\":64,\"id\":9930,\"video\":false,\"opts\":{\"caption\":\"\",\"thumb\":{\"errors\":{\"envira-gallery-error-no-file\":[\"No file could be found for the image URL specified.\"]},\"error_data\":[]},\"title\":\"Sympt&ocirc;mes de RLD (Grapevine Roditis Leaf Discoloration) sur grappes\"},\"gallery_id\":\"17413\"},\"9931\":{\"status\":\"active\",\"src\":\"https:\\\/\\\/www.vignevin.com\\\/wp-content\\\/uploads\\\/2019\\\/03\\\/Sympt\u00f4mes-d\u00e9corce-li\u00e9geuse-corky-bark-sur-feuille-apr\u00e8s-greffage-herbac\u00e9.jpg\",\"title\":\"OLYMPUS DIGITAL CAMERA\",\"link\":\"https:\\\/\\\/www.vignevin.com\\\/wp-content\\\/uploads\\\/2019\\\/03\\\/Sympt\u00f4mes-d\u00e9corce-li\u00e9geuse-corky-bark-sur-feuille-apr\u00e8s-greffage-herbac\u00e9.jpg\",\"alt\":\"\",\"caption\":\"OLYMPUS DIGITAL CAMERA\",\"thumb\":{\"errors\":{\"envira-gallery-error-no-file\":[\"No file could be found for the image URL specified.\"]},\"error_data\":[]},\"meta\":{\"aperture\":\"3\",\"credit\":null,\"camera\":\"C2500L\",\"caption\":\"OLYMPUS DIGITAL CAMERA\",\"created_timestamp\":\"1084461259\",\"copyright\":null,\"focal_length\":\"13.7\",\"iso\":\"100\",\"shutter_speed\":\"0.02\",\"title\":\"OLYMPUS DIGITAL CAMERA\",\"orientation\":\"1\",\"keywords\":null},\"thumbnail\":\"https:\\\/\\\/www.vignevin.com\\\/wp-content\\\/uploads\\\/2019\\\/03\\\/Sympt\u00f4mes-d\u00e9corce-li\u00e9geuse-corky-bark-sur-feuille-apr\u00e8s-greffage-herbac\u00e9-150x150.jpg\",\"medium\":\"https:\\\/\\\/www.vignevin.com\\\/wp-content\\\/uploads\\\/2019\\\/03\\\/Sympt\u00f4mes-d\u00e9corce-li\u00e9geuse-corky-bark-sur-feuille-apr\u00e8s-greffage-herbac\u00e9-300x240.jpg\",\"medium_large\":\"https:\\\/\\\/www.vignevin.com\\\/wp-content\\\/uploads\\\/2019\\\/03\\\/Sympt\u00f4mes-d\u00e9corce-li\u00e9geuse-corky-bark-sur-feuille-apr\u00e8s-greffage-herbac\u00e9-768x614.jpg\",\"large\":\"https:\\\/\\\/www.vignevin.com\\\/wp-content\\\/uploads\\\/2019\\\/03\\\/Sympt\u00f4mes-d\u00e9corce-li\u00e9geuse-corky-bark-sur-feuille-apr\u00e8s-greffage-herbac\u00e9-1024x818.jpg\",\"1536x1536\":\"https:\\\/\\\/www.vignevin.com\\\/wp-content\\\/uploads\\\/2019\\\/03\\\/Sympt\u00f4mes-d\u00e9corce-li\u00e9geuse-corky-bark-sur-feuille-apr\u00e8s-greffage-herbac\u00e9.jpg\",\"2048x2048\":\"https:\\\/\\\/www.vignevin.com\\\/wp-content\\\/uploads\\\/2019\\\/03\\\/Sympt\u00f4mes-d\u00e9corce-li\u00e9geuse-corky-bark-sur-feuille-apr\u00e8s-greffage-herbac\u00e9.jpg\",\"et-pb-post-main-image\":\"https:\\\/\\\/www.vignevin.com\\\/wp-content\\\/uploads\\\/2019\\\/03\\\/Sympt\u00f4mes-d\u00e9corce-li\u00e9geuse-corky-bark-sur-feuille-apr\u00e8s-greffage-herbac\u00e9-400x250.jpg\",\"et-pb-post-main-image-fullwidth\":\"https:\\\/\\\/www.vignevin.com\\\/wp-content\\\/uploads\\\/2019\\\/03\\\/Sympt\u00f4mes-d\u00e9corce-li\u00e9geuse-corky-bark-sur-feuille-apr\u00e8s-greffage-herbac\u00e9-1080x675.jpg\",\"et-pb-portfolio-image\":\"https:\\\/\\\/www.vignevin.com\\\/wp-content\\\/uploads\\\/2019\\\/03\\\/Sympt\u00f4mes-d\u00e9corce-li\u00e9geuse-corky-bark-sur-feuille-apr\u00e8s-greffage-herbac\u00e9-400x284.jpg\",\"et-pb-portfolio-module-image\":\"https:\\\/\\\/www.vignevin.com\\\/wp-content\\\/uploads\\\/2019\\\/03\\\/Sympt\u00f4mes-d\u00e9corce-li\u00e9geuse-corky-bark-sur-feuille-apr\u00e8s-greffage-herbac\u00e9-510x382.jpg\",\"et-pb-portfolio-image-single\":\"https:\\\/\\\/www.vignevin.com\\\/wp-content\\\/uploads\\\/2019\\\/03\\\/Sympt\u00f4mes-d\u00e9corce-li\u00e9geuse-corky-bark-sur-feuille-apr\u00e8s-greffage-herbac\u00e9-1080x863.jpg\",\"et-pb-gallery-module-image-portrait\":\"https:\\\/\\\/www.vignevin.com\\\/wp-content\\\/uploads\\\/2019\\\/03\\\/Sympt\u00f4mes-d\u00e9corce-li\u00e9geuse-corky-bark-sur-feuille-apr\u00e8s-greffage-herbac\u00e9-400x516.jpg\",\"et-pb-post-main-image-fullwidth-large\":\"https:\\\/\\\/www.vignevin.com\\\/wp-content\\\/uploads\\\/2019\\\/03\\\/Sympt\u00f4mes-d\u00e9corce-li\u00e9geuse-corky-bark-sur-feuille-apr\u00e8s-greffage-herbac\u00e9.jpg\",\"et-pb-image--responsive--desktop\":\"https:\\\/\\\/www.vignevin.com\\\/wp-content\\\/uploads\\\/2019\\\/03\\\/Sympt\u00f4mes-d\u00e9corce-li\u00e9geuse-corky-bark-sur-feuille-apr\u00e8s-greffage-herbac\u00e9.jpg\",\"et-pb-image--responsive--tablet\":\"https:\\\/\\\/www.vignevin.com\\\/wp-content\\\/uploads\\\/2019\\\/03\\\/Sympt\u00f4mes-d\u00e9corce-li\u00e9geuse-corky-bark-sur-feuille-apr\u00e8s-greffage-herbac\u00e9.jpg\",\"et-pb-image--responsive--phone\":\"https:\\\/\\\/www.vignevin.com\\\/wp-content\\\/uploads\\\/2019\\\/03\\\/Sympt\u00f4mes-d\u00e9corce-li\u00e9geuse-corky-bark-sur-feuille-apr\u00e8s-greffage-herbac\u00e9.jpg\",\"gform-image-choice-sm\":\"https:\\\/\\\/www.vignevin.com\\\/wp-content\\\/uploads\\\/2019\\\/03\\\/Sympt\u00f4mes-d\u00e9corce-li\u00e9geuse-corky-bark-sur-feuille-apr\u00e8s-greffage-herbac\u00e9.jpg\",\"gform-image-choice-md\":\"https:\\\/\\\/www.vignevin.com\\\/wp-content\\\/uploads\\\/2019\\\/03\\\/Sympt\u00f4mes-d\u00e9corce-li\u00e9geuse-corky-bark-sur-feuille-apr\u00e8s-greffage-herbac\u00e9.jpg\",\"gform-image-choice-lg\":\"https:\\\/\\\/www.vignevin.com\\\/wp-content\\\/uploads\\\/2019\\\/03\\\/Sympt\u00f4mes-d\u00e9corce-li\u00e9geuse-corky-bark-sur-feuille-apr\u00e8s-greffage-herbac\u00e9.jpg\",\"woocommerce_thumbnail\":\"https:\\\/\\\/www.vignevin.com\\\/wp-content\\\/uploads\\\/2019\\\/03\\\/Sympt\u00f4mes-d\u00e9corce-li\u00e9geuse-corky-bark-sur-feuille-apr\u00e8s-greffage-herbac\u00e9-300x300.jpg\",\"woocommerce_single\":\"https:\\\/\\\/www.vignevin.com\\\/wp-content\\\/uploads\\\/2019\\\/03\\\/Sympt\u00f4mes-d\u00e9corce-li\u00e9geuse-corky-bark-sur-feuille-apr\u00e8s-greffage-herbac\u00e9-600x479.jpg\",\"woocommerce_gallery_thumbnail\":\"https:\\\/\\\/www.vignevin.com\\\/wp-content\\\/uploads\\\/2019\\\/03\\\/Sympt\u00f4mes-d\u00e9corce-li\u00e9geuse-corky-bark-sur-feuille-apr\u00e8s-greffage-herbac\u00e9-100x100.jpg\",\"full\":\"https:\\\/\\\/www.vignevin.com\\\/wp-content\\\/uploads\\\/2019\\\/03\\\/Sympt\u00f4mes-d\u00e9corce-li\u00e9geuse-corky-bark-sur-feuille-apr\u00e8s-greffage-herbac\u00e9.jpg\",\"index\":65,\"id\":9931,\"video\":false,\"opts\":{\"caption\":\"OLYMPUS DIGITAL CAMERA\",\"thumb\":{\"errors\":{\"envira-gallery-error-no-file\":[\"No file could be found for the image URL specified.\"]},\"error_data\":[]},\"title\":\"OLYMPUS DIGITAL CAMERA\"},\"gallery_id\":\"17413\"},\"9932\":{\"status\":\"active\",\"src\":\"https:\\\/\\\/www.vignevin.com\\\/wp-content\\\/uploads\\\/2019\\\/03\\\/Sympt\u00f4mes-d\u00e9corce-li\u00e9geuse-corky-bark-sur-rameau-apr\u00e8s-greffage-herbac\u00e9-2.jpg\",\"title\":\"Sympt&ocirc;mes d&amp;rsquo;&eacute;corce li&eacute;geuse (corky bark) sur rameau apr&egrave;s greffage herbac&eacute; 2\",\"link\":\"https:\\\/\\\/www.vignevin.com\\\/wp-content\\\/uploads\\\/2019\\\/03\\\/Sympt\u00f4mes-d\u00e9corce-li\u00e9geuse-corky-bark-sur-rameau-apr\u00e8s-greffage-herbac\u00e9-2.jpg\",\"alt\":\"\",\"caption\":false,\"thumb\":{\"errors\":{\"envira-gallery-error-no-file\":[\"No file could be found for the image URL specified.\"]},\"error_data\":[]},\"meta\":{\"aperture\":\"3.6\",\"credit\":null,\"camera\":\"E5700\",\"caption\":\"\",\"created_timestamp\":\"1284023188\",\"copyright\":null,\"focal_length\":\"25.4\",\"iso\":\"100\",\"shutter_speed\":\"0.016583747927032\",\"title\":\"\",\"orientation\":\"1\",\"keywords\":null},\"thumbnail\":\"https:\\\/\\\/www.vignevin.com\\\/wp-content\\\/uploads\\\/2019\\\/03\\\/Sympt\u00f4mes-d\u00e9corce-li\u00e9geuse-corky-bark-sur-rameau-apr\u00e8s-greffage-herbac\u00e9-2-150x150.jpg\",\"medium\":\"https:\\\/\\\/www.vignevin.com\\\/wp-content\\\/uploads\\\/2019\\\/03\\\/Sympt\u00f4mes-d\u00e9corce-li\u00e9geuse-corky-bark-sur-rameau-apr\u00e8s-greffage-herbac\u00e9-2-300x225.jpg\",\"medium_large\":\"https:\\\/\\\/www.vignevin.com\\\/wp-content\\\/uploads\\\/2019\\\/03\\\/Sympt\u00f4mes-d\u00e9corce-li\u00e9geuse-corky-bark-sur-rameau-apr\u00e8s-greffage-herbac\u00e9-2-768x576.jpg\",\"large\":\"https:\\\/\\\/www.vignevin.com\\\/wp-content\\\/uploads\\\/2019\\\/03\\\/Sympt\u00f4mes-d\u00e9corce-li\u00e9geuse-corky-bark-sur-rameau-apr\u00e8s-greffage-herbac\u00e9-2-1024x768.jpg\",\"1536x1536\":\"https:\\\/\\\/www.vignevin.com\\\/wp-content\\\/uploads\\\/2019\\\/03\\\/Sympt\u00f4mes-d\u00e9corce-li\u00e9geuse-corky-bark-sur-rameau-apr\u00e8s-greffage-herbac\u00e9-2.jpg\",\"2048x2048\":\"https:\\\/\\\/www.vignevin.com\\\/wp-content\\\/uploads\\\/2019\\\/03\\\/Sympt\u00f4mes-d\u00e9corce-li\u00e9geuse-corky-bark-sur-rameau-apr\u00e8s-greffage-herbac\u00e9-2.jpg\",\"et-pb-post-main-image\":\"https:\\\/\\\/www.vignevin.com\\\/wp-content\\\/uploads\\\/2019\\\/03\\\/Sympt\u00f4mes-d\u00e9corce-li\u00e9geuse-corky-bark-sur-rameau-apr\u00e8s-greffage-herbac\u00e9-2-400x250.jpg\",\"et-pb-post-main-image-fullwidth\":\"https:\\\/\\\/www.vignevin.com\\\/wp-content\\\/uploads\\\/2019\\\/03\\\/Sympt\u00f4mes-d\u00e9corce-li\u00e9geuse-corky-bark-sur-rameau-apr\u00e8s-greffage-herbac\u00e9-2-1080x675.jpg\",\"et-pb-portfolio-image\":\"https:\\\/\\\/www.vignevin.com\\\/wp-content\\\/uploads\\\/2019\\\/03\\\/Sympt\u00f4mes-d\u00e9corce-li\u00e9geuse-corky-bark-sur-rameau-apr\u00e8s-greffage-herbac\u00e9-2-400x284.jpg\",\"et-pb-portfolio-module-image\":\"https:\\\/\\\/www.vignevin.com\\\/wp-content\\\/uploads\\\/2019\\\/03\\\/Sympt\u00f4mes-d\u00e9corce-li\u00e9geuse-corky-bark-sur-rameau-apr\u00e8s-greffage-herbac\u00e9-2-510x382.jpg\",\"et-pb-portfolio-image-single\":\"https:\\\/\\\/www.vignevin.com\\\/wp-content\\\/uploads\\\/2019\\\/03\\\/Sympt\u00f4mes-d\u00e9corce-li\u00e9geuse-corky-bark-sur-rameau-apr\u00e8s-greffage-herbac\u00e9-2-1080x810.jpg\",\"et-pb-gallery-module-image-portrait\":\"https:\\\/\\\/www.vignevin.com\\\/wp-content\\\/uploads\\\/2019\\\/03\\\/Sympt\u00f4mes-d\u00e9corce-li\u00e9geuse-corky-bark-sur-rameau-apr\u00e8s-greffage-herbac\u00e9-2-400x516.jpg\",\"et-pb-post-main-image-fullwidth-large\":\"https:\\\/\\\/www.vignevin.com\\\/wp-content\\\/uploads\\\/2019\\\/03\\\/Sympt\u00f4mes-d\u00e9corce-li\u00e9geuse-corky-bark-sur-rameau-apr\u00e8s-greffage-herbac\u00e9-2-2560x1800.jpg\",\"et-pb-image--responsive--desktop\":\"https:\\\/\\\/www.vignevin.com\\\/wp-content\\\/uploads\\\/2019\\\/03\\\/Sympt\u00f4mes-d\u00e9corce-li\u00e9geuse-corky-bark-sur-rameau-apr\u00e8s-greffage-herbac\u00e9-2.jpg\",\"et-pb-image--responsive--tablet\":\"https:\\\/\\\/www.vignevin.com\\\/wp-content\\\/uploads\\\/2019\\\/03\\\/Sympt\u00f4mes-d\u00e9corce-li\u00e9geuse-corky-bark-sur-rameau-apr\u00e8s-greffage-herbac\u00e9-2.jpg\",\"et-pb-image--responsive--phone\":\"https:\\\/\\\/www.vignevin.com\\\/wp-content\\\/uploads\\\/2019\\\/03\\\/Sympt\u00f4mes-d\u00e9corce-li\u00e9geuse-corky-bark-sur-rameau-apr\u00e8s-greffage-herbac\u00e9-2.jpg\",\"gform-image-choice-sm\":\"https:\\\/\\\/www.vignevin.com\\\/wp-content\\\/uploads\\\/2019\\\/03\\\/Sympt\u00f4mes-d\u00e9corce-li\u00e9geuse-corky-bark-sur-rameau-apr\u00e8s-greffage-herbac\u00e9-2.jpg\",\"gform-image-choice-md\":\"https:\\\/\\\/www.vignevin.com\\\/wp-content\\\/uploads\\\/2019\\\/03\\\/Sympt\u00f4mes-d\u00e9corce-li\u00e9geuse-corky-bark-sur-rameau-apr\u00e8s-greffage-herbac\u00e9-2.jpg\",\"gform-image-choice-lg\":\"https:\\\/\\\/www.vignevin.com\\\/wp-content\\\/uploads\\\/2019\\\/03\\\/Sympt\u00f4mes-d\u00e9corce-li\u00e9geuse-corky-bark-sur-rameau-apr\u00e8s-greffage-herbac\u00e9-2.jpg\",\"woocommerce_thumbnail\":\"https:\\\/\\\/www.vignevin.com\\\/wp-content\\\/uploads\\\/2019\\\/03\\\/Sympt\u00f4mes-d\u00e9corce-li\u00e9geuse-corky-bark-sur-rameau-apr\u00e8s-greffage-herbac\u00e9-2-300x300.jpg\",\"woocommerce_single\":\"https:\\\/\\\/www.vignevin.com\\\/wp-content\\\/uploads\\\/2019\\\/03\\\/Sympt\u00f4mes-d\u00e9corce-li\u00e9geuse-corky-bark-sur-rameau-apr\u00e8s-greffage-herbac\u00e9-2-600x450.jpg\",\"woocommerce_gallery_thumbnail\":\"https:\\\/\\\/www.vignevin.com\\\/wp-content\\\/uploads\\\/2019\\\/03\\\/Sympt\u00f4mes-d\u00e9corce-li\u00e9geuse-corky-bark-sur-rameau-apr\u00e8s-greffage-herbac\u00e9-2-100x100.jpg\",\"full\":\"https:\\\/\\\/www.vignevin.com\\\/wp-content\\\/uploads\\\/2019\\\/03\\\/Sympt\u00f4mes-d\u00e9corce-li\u00e9geuse-corky-bark-sur-rameau-apr\u00e8s-greffage-herbac\u00e9-2.jpg\",\"index\":66,\"id\":9932,\"video\":false,\"opts\":{\"caption\":\"\",\"thumb\":{\"errors\":{\"envira-gallery-error-no-file\":[\"No file could be found for the image URL specified.\"]},\"error_data\":[]},\"title\":\"Sympt&ocirc;mes d&amp;rsquo;&eacute;corce li&eacute;geuse (corky bark) sur rameau apr&egrave;s greffage herbac&eacute; 2\"},\"gallery_id\":\"17413\"},\"9933\":{\"status\":\"active\",\"src\":\"https:\\\/\\\/www.vignevin.com\\\/wp-content\\\/uploads\\\/2019\\\/03\\\/Sympt\u00f4mes-d\u00e9corce-li\u00e9geuse-corky-bark-sur-rameau-apr\u00e8s-greffage-herbac\u00e9.jpg\",\"title\":\"Sympt&ocirc;mes d&amp;rsquo;&eacute;corce li&eacute;geuse (corky bark) sur rameau apr&egrave;s greffage herbac&eacute;\",\"link\":\"https:\\\/\\\/www.vignevin.com\\\/wp-content\\\/uploads\\\/2019\\\/03\\\/Sympt\u00f4mes-d\u00e9corce-li\u00e9geuse-corky-bark-sur-rameau-apr\u00e8s-greffage-herbac\u00e9.jpg\",\"alt\":\"\",\"caption\":false,\"thumb\":{\"errors\":{\"envira-gallery-error-no-file\":[\"No file could be found for the image URL specified.\"]},\"error_data\":[]},\"meta\":{\"aperture\":null,\"credit\":null,\"camera\":null,\"caption\":\"\",\"created_timestamp\":null,\"copyright\":null,\"focal_length\":null,\"iso\":null,\"shutter_speed\":null,\"title\":\"\",\"orientation\":null,\"keywords\":null},\"thumbnail\":\"https:\\\/\\\/www.vignevin.com\\\/wp-content\\\/uploads\\\/2019\\\/03\\\/Sympt\u00f4mes-d\u00e9corce-li\u00e9geuse-corky-bark-sur-rameau-apr\u00e8s-greffage-herbac\u00e9-150x150.jpg\",\"medium\":\"https:\\\/\\\/www.vignevin.com\\\/wp-content\\\/uploads\\\/2019\\\/03\\\/Sympt\u00f4mes-d\u00e9corce-li\u00e9geuse-corky-bark-sur-rameau-apr\u00e8s-greffage-herbac\u00e9-240x300.jpg\",\"medium_large\":\"https:\\\/\\\/www.vignevin.com\\\/wp-content\\\/uploads\\\/2019\\\/03\\\/Sympt\u00f4mes-d\u00e9corce-li\u00e9geuse-corky-bark-sur-rameau-apr\u00e8s-greffage-herbac\u00e9-768x961.jpg\",\"large\":\"https:\\\/\\\/www.vignevin.com\\\/wp-content\\\/uploads\\\/2019\\\/03\\\/Sympt\u00f4mes-d\u00e9corce-li\u00e9geuse-corky-bark-sur-rameau-apr\u00e8s-greffage-herbac\u00e9-818x1024.jpg\",\"1536x1536\":\"https:\\\/\\\/www.vignevin.com\\\/wp-content\\\/uploads\\\/2019\\\/03\\\/Sympt\u00f4mes-d\u00e9corce-li\u00e9geuse-corky-bark-sur-rameau-apr\u00e8s-greffage-herbac\u00e9.jpg\",\"2048x2048\":\"https:\\\/\\\/www.vignevin.com\\\/wp-content\\\/uploads\\\/2019\\\/03\\\/Sympt\u00f4mes-d\u00e9corce-li\u00e9geuse-corky-bark-sur-rameau-apr\u00e8s-greffage-herbac\u00e9.jpg\",\"et-pb-post-main-image\":\"https:\\\/\\\/www.vignevin.com\\\/wp-content\\\/uploads\\\/2019\\\/03\\\/Sympt\u00f4mes-d\u00e9corce-li\u00e9geuse-corky-bark-sur-rameau-apr\u00e8s-greffage-herbac\u00e9-400x250.jpg\",\"et-pb-post-main-image-fullwidth\":\"https:\\\/\\\/www.vignevin.com\\\/wp-content\\\/uploads\\\/2019\\\/03\\\/Sympt\u00f4mes-d\u00e9corce-li\u00e9geuse-corky-bark-sur-rameau-apr\u00e8s-greffage-herbac\u00e9-1080x675.jpg\",\"et-pb-portfolio-image\":\"https:\\\/\\\/www.vignevin.com\\\/wp-content\\\/uploads\\\/2019\\\/03\\\/Sympt\u00f4mes-d\u00e9corce-li\u00e9geuse-corky-bark-sur-rameau-apr\u00e8s-greffage-herbac\u00e9-400x284.jpg\",\"et-pb-portfolio-module-image\":\"https:\\\/\\\/www.vignevin.com\\\/wp-content\\\/uploads\\\/2019\\\/03\\\/Sympt\u00f4mes-d\u00e9corce-li\u00e9geuse-corky-bark-sur-rameau-apr\u00e8s-greffage-herbac\u00e9-510x382.jpg\",\"et-pb-portfolio-image-single\":\"https:\\\/\\\/www.vignevin.com\\\/wp-content\\\/uploads\\\/2019\\\/03\\\/Sympt\u00f4mes-d\u00e9corce-li\u00e9geuse-corky-bark-sur-rameau-apr\u00e8s-greffage-herbac\u00e9-1080x1352.jpg\",\"et-pb-gallery-module-image-portrait\":\"https:\\\/\\\/www.vignevin.com\\\/wp-content\\\/uploads\\\/2019\\\/03\\\/Sympt\u00f4mes-d\u00e9corce-li\u00e9geuse-corky-bark-sur-rameau-apr\u00e8s-greffage-herbac\u00e9-400x516.jpg\",\"et-pb-post-main-image-fullwidth-large\":\"https:\\\/\\\/www.vignevin.com\\\/wp-content\\\/uploads\\\/2019\\\/03\\\/Sympt\u00f4mes-d\u00e9corce-li\u00e9geuse-corky-bark-sur-rameau-apr\u00e8s-greffage-herbac\u00e9.jpg\",\"et-pb-image--responsive--desktop\":\"https:\\\/\\\/www.vignevin.com\\\/wp-content\\\/uploads\\\/2019\\\/03\\\/Sympt\u00f4mes-d\u00e9corce-li\u00e9geuse-corky-bark-sur-rameau-apr\u00e8s-greffage-herbac\u00e9.jpg\",\"et-pb-image--responsive--tablet\":\"https:\\\/\\\/www.vignevin.com\\\/wp-content\\\/uploads\\\/2019\\\/03\\\/Sympt\u00f4mes-d\u00e9corce-li\u00e9geuse-corky-bark-sur-rameau-apr\u00e8s-greffage-herbac\u00e9.jpg\",\"et-pb-image--responsive--phone\":\"https:\\\/\\\/www.vignevin.com\\\/wp-content\\\/uploads\\\/2019\\\/03\\\/Sympt\u00f4mes-d\u00e9corce-li\u00e9geuse-corky-bark-sur-rameau-apr\u00e8s-greffage-herbac\u00e9.jpg\",\"gform-image-choice-sm\":\"https:\\\/\\\/www.vignevin.com\\\/wp-content\\\/uploads\\\/2019\\\/03\\\/Sympt\u00f4mes-d\u00e9corce-li\u00e9geuse-corky-bark-sur-rameau-apr\u00e8s-greffage-herbac\u00e9.jpg\",\"gform-image-choice-md\":\"https:\\\/\\\/www.vignevin.com\\\/wp-content\\\/uploads\\\/2019\\\/03\\\/Sympt\u00f4mes-d\u00e9corce-li\u00e9geuse-corky-bark-sur-rameau-apr\u00e8s-greffage-herbac\u00e9.jpg\",\"gform-image-choice-lg\":\"https:\\\/\\\/www.vignevin.com\\\/wp-content\\\/uploads\\\/2019\\\/03\\\/Sympt\u00f4mes-d\u00e9corce-li\u00e9geuse-corky-bark-sur-rameau-apr\u00e8s-greffage-herbac\u00e9.jpg\",\"woocommerce_thumbnail\":\"https:\\\/\\\/www.vignevin.com\\\/wp-content\\\/uploads\\\/2019\\\/03\\\/Sympt\u00f4mes-d\u00e9corce-li\u00e9geuse-corky-bark-sur-rameau-apr\u00e8s-greffage-herbac\u00e9-300x300.jpg\",\"woocommerce_single\":\"https:\\\/\\\/www.vignevin.com\\\/wp-content\\\/uploads\\\/2019\\\/03\\\/Sympt\u00f4mes-d\u00e9corce-li\u00e9geuse-corky-bark-sur-rameau-apr\u00e8s-greffage-herbac\u00e9-600x751.jpg\",\"woocommerce_gallery_thumbnail\":\"https:\\\/\\\/www.vignevin.com\\\/wp-content\\\/uploads\\\/2019\\\/03\\\/Sympt\u00f4mes-d\u00e9corce-li\u00e9geuse-corky-bark-sur-rameau-apr\u00e8s-greffage-herbac\u00e9-100x100.jpg\",\"full\":\"https:\\\/\\\/www.vignevin.com\\\/wp-content\\\/uploads\\\/2019\\\/03\\\/Sympt\u00f4mes-d\u00e9corce-li\u00e9geuse-corky-bark-sur-rameau-apr\u00e8s-greffage-herbac\u00e9.jpg\",\"index\":67,\"id\":9933,\"video\":false,\"opts\":{\"caption\":\"\",\"thumb\":{\"errors\":{\"envira-gallery-error-no-file\":[\"No file could be found for the image URL specified.\"]},\"error_data\":[]},\"title\":\"Sympt&ocirc;mes d&amp;rsquo;&eacute;corce li&eacute;geuse (corky bark) sur rameau apr&egrave;s greffage herbac&eacute;\"},\"gallery_id\":\"17413\"},\"9934\":{\"status\":\"active\",\"src\":\"https:\\\/\\\/www.vignevin.com\\\/wp-content\\\/uploads\\\/2019\\\/03\\\/Sympt\u00f4mes-d\u00e9corce-li\u00e9geuse-corky-bark-sur-rameau.jpg\",\"title\":\"OLYMPUS DIGITAL CAMERA\",\"link\":\"https:\\\/\\\/www.vignevin.com\\\/wp-content\\\/uploads\\\/2019\\\/03\\\/Sympt\u00f4mes-d\u00e9corce-li\u00e9geuse-corky-bark-sur-rameau.jpg\",\"alt\":\"\",\"caption\":\"OLYMPUS DIGITAL CAMERA\",\"thumb\":{\"errors\":{\"envira-gallery-error-no-file\":[\"No file could be found for the image URL specified.\"]},\"error_data\":[]},\"meta\":{\"aperture\":\"2.8\",\"credit\":null,\"camera\":\"C4100Z,C4000Z\",\"caption\":\"OLYMPUS DIGITAL CAMERA\",\"created_timestamp\":null,\"copyright\":null,\"focal_length\":\"9.1\",\"iso\":\"100\",\"shutter_speed\":\"0.008\",\"title\":\"OLYMPUS DIGITAL CAMERA\",\"orientation\":\"1\",\"keywords\":null},\"thumbnail\":\"https:\\\/\\\/www.vignevin.com\\\/wp-content\\\/uploads\\\/2019\\\/03\\\/Sympt\u00f4mes-d\u00e9corce-li\u00e9geuse-corky-bark-sur-rameau-150x150.jpg\",\"medium\":\"https:\\\/\\\/www.vignevin.com\\\/wp-content\\\/uploads\\\/2019\\\/03\\\/Sympt\u00f4mes-d\u00e9corce-li\u00e9geuse-corky-bark-sur-rameau-300x224.jpg\",\"medium_large\":\"https:\\\/\\\/www.vignevin.com\\\/wp-content\\\/uploads\\\/2019\\\/03\\\/Sympt\u00f4mes-d\u00e9corce-li\u00e9geuse-corky-bark-sur-rameau-768x575.jpg\",\"large\":\"https:\\\/\\\/www.vignevin.com\\\/wp-content\\\/uploads\\\/2019\\\/03\\\/Sympt\u00f4mes-d\u00e9corce-li\u00e9geuse-corky-bark-sur-rameau-1024x766.jpg\",\"1536x1536\":\"https:\\\/\\\/www.vignevin.com\\\/wp-content\\\/uploads\\\/2019\\\/03\\\/Sympt\u00f4mes-d\u00e9corce-li\u00e9geuse-corky-bark-sur-rameau.jpg\",\"2048x2048\":\"https:\\\/\\\/www.vignevin.com\\\/wp-content\\\/uploads\\\/2019\\\/03\\\/Sympt\u00f4mes-d\u00e9corce-li\u00e9geuse-corky-bark-sur-rameau.jpg\",\"et-pb-post-main-image\":\"https:\\\/\\\/www.vignevin.com\\\/wp-content\\\/uploads\\\/2019\\\/03\\\/Sympt\u00f4mes-d\u00e9corce-li\u00e9geuse-corky-bark-sur-rameau-400x250.jpg\",\"et-pb-post-main-image-fullwidth\":\"https:\\\/\\\/www.vignevin.com\\\/wp-content\\\/uploads\\\/2019\\\/03\\\/Sympt\u00f4mes-d\u00e9corce-li\u00e9geuse-corky-bark-sur-rameau-1080x675.jpg\",\"et-pb-portfolio-image\":\"https:\\\/\\\/www.vignevin.com\\\/wp-content\\\/uploads\\\/2019\\\/03\\\/Sympt\u00f4mes-d\u00e9corce-li\u00e9geuse-corky-bark-sur-rameau-400x284.jpg\",\"et-pb-portfolio-module-image\":\"https:\\\/\\\/www.vignevin.com\\\/wp-content\\\/uploads\\\/2019\\\/03\\\/Sympt\u00f4mes-d\u00e9corce-li\u00e9geuse-corky-bark-sur-rameau-510x382.jpg\",\"et-pb-portfolio-image-single\":\"https:\\\/\\\/www.vignevin.com\\\/wp-content\\\/uploads\\\/2019\\\/03\\\/Sympt\u00f4mes-d\u00e9corce-li\u00e9geuse-corky-bark-sur-rameau-1080x808.jpg\",\"et-pb-gallery-module-image-portrait\":\"https:\\\/\\\/www.vignevin.com\\\/wp-content\\\/uploads\\\/2019\\\/03\\\/Sympt\u00f4mes-d\u00e9corce-li\u00e9geuse-corky-bark-sur-rameau-400x516.jpg\",\"et-pb-post-main-image-fullwidth-large\":\"https:\\\/\\\/www.vignevin.com\\\/wp-content\\\/uploads\\\/2019\\\/03\\\/Sympt\u00f4mes-d\u00e9corce-li\u00e9geuse-corky-bark-sur-rameau.jpg\",\"et-pb-image--responsive--desktop\":\"https:\\\/\\\/www.vignevin.com\\\/wp-content\\\/uploads\\\/2019\\\/03\\\/Sympt\u00f4mes-d\u00e9corce-li\u00e9geuse-corky-bark-sur-rameau.jpg\",\"et-pb-image--responsive--tablet\":\"https:\\\/\\\/www.vignevin.com\\\/wp-content\\\/uploads\\\/2019\\\/03\\\/Sympt\u00f4mes-d\u00e9corce-li\u00e9geuse-corky-bark-sur-rameau.jpg\",\"et-pb-image--responsive--phone\":\"https:\\\/\\\/www.vignevin.com\\\/wp-content\\\/uploads\\\/2019\\\/03\\\/Sympt\u00f4mes-d\u00e9corce-li\u00e9geuse-corky-bark-sur-rameau.jpg\",\"gform-image-choice-sm\":\"https:\\\/\\\/www.vignevin.com\\\/wp-content\\\/uploads\\\/2019\\\/03\\\/Sympt\u00f4mes-d\u00e9corce-li\u00e9geuse-corky-bark-sur-rameau.jpg\",\"gform-image-choice-md\":\"https:\\\/\\\/www.vignevin.com\\\/wp-content\\\/uploads\\\/2019\\\/03\\\/Sympt\u00f4mes-d\u00e9corce-li\u00e9geuse-corky-bark-sur-rameau.jpg\",\"gform-image-choice-lg\":\"https:\\\/\\\/www.vignevin.com\\\/wp-content\\\/uploads\\\/2019\\\/03\\\/Sympt\u00f4mes-d\u00e9corce-li\u00e9geuse-corky-bark-sur-rameau.jpg\",\"woocommerce_thumbnail\":\"https:\\\/\\\/www.vignevin.com\\\/wp-content\\\/uploads\\\/2019\\\/03\\\/Sympt\u00f4mes-d\u00e9corce-li\u00e9geuse-corky-bark-sur-rameau-300x300.jpg\",\"woocommerce_single\":\"https:\\\/\\\/www.vignevin.com\\\/wp-content\\\/uploads\\\/2019\\\/03\\\/Sympt\u00f4mes-d\u00e9corce-li\u00e9geuse-corky-bark-sur-rameau-600x449.jpg\",\"woocommerce_gallery_thumbnail\":\"https:\\\/\\\/www.vignevin.com\\\/wp-content\\\/uploads\\\/2019\\\/03\\\/Sympt\u00f4mes-d\u00e9corce-li\u00e9geuse-corky-bark-sur-rameau-100x100.jpg\",\"full\":\"https:\\\/\\\/www.vignevin.com\\\/wp-content\\\/uploads\\\/2019\\\/03\\\/Sympt\u00f4mes-d\u00e9corce-li\u00e9geuse-corky-bark-sur-rameau.jpg\",\"index\":68,\"id\":9934,\"video\":false,\"opts\":{\"caption\":\"OLYMPUS DIGITAL CAMERA\",\"thumb\":{\"errors\":{\"envira-gallery-error-no-file\":[\"No file could be found for the image URL specified.\"]},\"error_data\":[]},\"title\":\"OLYMPUS DIGITAL CAMERA\"},\"gallery_id\":\"17413\"},\"9935\":{\"status\":\"active\",\"src\":\"https:\\\/\\\/www.vignevin.com\\\/wp-content\\\/uploads\\\/2019\\\/03\\\/Sympt\u00f4mes-d\u00e9corce-li\u00e9geuse-sur-rameau-herbac\u00e9-de-LN33.jpg\",\"title\":\"Sympt&ocirc;mes d&amp;rsquo;&eacute;corce li&eacute;geuse sur rameau herbac&eacute; de LN33\",\"link\":\"https:\\\/\\\/www.vignevin.com\\\/wp-content\\\/uploads\\\/2019\\\/03\\\/Sympt\u00f4mes-d\u00e9corce-li\u00e9geuse-sur-rameau-herbac\u00e9-de-LN33.jpg\",\"alt\":\"\",\"caption\":false,\"thumb\":{\"errors\":{\"envira-gallery-error-no-file\":[\"No file could be found for the image URL specified.\"]},\"error_data\":[]},\"meta\":{\"aperture\":null,\"credit\":null,\"camera\":null,\"caption\":\"\",\"created_timestamp\":null,\"copyright\":null,\"focal_length\":null,\"iso\":null,\"shutter_speed\":null,\"title\":\"\",\"orientation\":null,\"keywords\":null},\"thumbnail\":\"https:\\\/\\\/www.vignevin.com\\\/wp-content\\\/uploads\\\/2019\\\/03\\\/Sympt\u00f4mes-d\u00e9corce-li\u00e9geuse-sur-rameau-herbac\u00e9-de-LN33-150x150.jpg\",\"medium\":\"https:\\\/\\\/www.vignevin.com\\\/wp-content\\\/uploads\\\/2019\\\/03\\\/Sympt\u00f4mes-d\u00e9corce-li\u00e9geuse-sur-rameau-herbac\u00e9-de-LN33-208x300.jpg\",\"medium_large\":\"https:\\\/\\\/www.vignevin.com\\\/wp-content\\\/uploads\\\/2019\\\/03\\\/Sympt\u00f4mes-d\u00e9corce-li\u00e9geuse-sur-rameau-herbac\u00e9-de-LN33.jpg\",\"large\":\"https:\\\/\\\/www.vignevin.com\\\/wp-content\\\/uploads\\\/2019\\\/03\\\/Sympt\u00f4mes-d\u00e9corce-li\u00e9geuse-sur-rameau-herbac\u00e9-de-LN33.jpg\",\"1536x1536\":\"https:\\\/\\\/www.vignevin.com\\\/wp-content\\\/uploads\\\/2019\\\/03\\\/Sympt\u00f4mes-d\u00e9corce-li\u00e9geuse-sur-rameau-herbac\u00e9-de-LN33.jpg\",\"2048x2048\":\"https:\\\/\\\/www.vignevin.com\\\/wp-content\\\/uploads\\\/2019\\\/03\\\/Sympt\u00f4mes-d\u00e9corce-li\u00e9geuse-sur-rameau-herbac\u00e9-de-LN33.jpg\",\"et-pb-post-main-image\":\"https:\\\/\\\/www.vignevin.com\\\/wp-content\\\/uploads\\\/2019\\\/03\\\/Sympt\u00f4mes-d\u00e9corce-li\u00e9geuse-sur-rameau-herbac\u00e9-de-LN33-400x250.jpg\",\"et-pb-post-main-image-fullwidth\":\"https:\\\/\\\/www.vignevin.com\\\/wp-content\\\/uploads\\\/2019\\\/03\\\/Sympt\u00f4mes-d\u00e9corce-li\u00e9geuse-sur-rameau-herbac\u00e9-de-LN33.jpg\",\"et-pb-portfolio-image\":\"https:\\\/\\\/www.vignevin.com\\\/wp-content\\\/uploads\\\/2019\\\/03\\\/Sympt\u00f4mes-d\u00e9corce-li\u00e9geuse-sur-rameau-herbac\u00e9-de-LN33-400x284.jpg\",\"et-pb-portfolio-module-image\":\"https:\\\/\\\/www.vignevin.com\\\/wp-content\\\/uploads\\\/2019\\\/03\\\/Sympt\u00f4mes-d\u00e9corce-li\u00e9geuse-sur-rameau-herbac\u00e9-de-LN33-439x382.jpg\",\"et-pb-portfolio-image-single\":\"https:\\\/\\\/www.vignevin.com\\\/wp-content\\\/uploads\\\/2019\\\/03\\\/Sympt\u00f4mes-d\u00e9corce-li\u00e9geuse-sur-rameau-herbac\u00e9-de-LN33.jpg\",\"et-pb-gallery-module-image-portrait\":\"https:\\\/\\\/www.vignevin.com\\\/wp-content\\\/uploads\\\/2019\\\/03\\\/Sympt\u00f4mes-d\u00e9corce-li\u00e9geuse-sur-rameau-herbac\u00e9-de-LN33-400x516.jpg\",\"et-pb-post-main-image-fullwidth-large\":\"https:\\\/\\\/www.vignevin.com\\\/wp-content\\\/uploads\\\/2019\\\/03\\\/Sympt\u00f4mes-d\u00e9corce-li\u00e9geuse-sur-rameau-herbac\u00e9-de-LN33.jpg\",\"et-pb-image--responsive--desktop\":\"https:\\\/\\\/www.vignevin.com\\\/wp-content\\\/uploads\\\/2019\\\/03\\\/Sympt\u00f4mes-d\u00e9corce-li\u00e9geuse-sur-rameau-herbac\u00e9-de-LN33.jpg\",\"et-pb-image--responsive--tablet\":\"https:\\\/\\\/www.vignevin.com\\\/wp-content\\\/uploads\\\/2019\\\/03\\\/Sympt\u00f4mes-d\u00e9corce-li\u00e9geuse-sur-rameau-herbac\u00e9-de-LN33.jpg\",\"et-pb-image--responsive--phone\":\"https:\\\/\\\/www.vignevin.com\\\/wp-content\\\/uploads\\\/2019\\\/03\\\/Sympt\u00f4mes-d\u00e9corce-li\u00e9geuse-sur-rameau-herbac\u00e9-de-LN33.jpg\",\"gform-image-choice-sm\":\"https:\\\/\\\/www.vignevin.com\\\/wp-content\\\/uploads\\\/2019\\\/03\\\/Sympt\u00f4mes-d\u00e9corce-li\u00e9geuse-sur-rameau-herbac\u00e9-de-LN33.jpg\",\"gform-image-choice-md\":\"https:\\\/\\\/www.vignevin.com\\\/wp-content\\\/uploads\\\/2019\\\/03\\\/Sympt\u00f4mes-d\u00e9corce-li\u00e9geuse-sur-rameau-herbac\u00e9-de-LN33.jpg\",\"gform-image-choice-lg\":\"https:\\\/\\\/www.vignevin.com\\\/wp-content\\\/uploads\\\/2019\\\/03\\\/Sympt\u00f4mes-d\u00e9corce-li\u00e9geuse-sur-rameau-herbac\u00e9-de-LN33.jpg\",\"woocommerce_thumbnail\":\"https:\\\/\\\/www.vignevin.com\\\/wp-content\\\/uploads\\\/2019\\\/03\\\/Sympt\u00f4mes-d\u00e9corce-li\u00e9geuse-sur-rameau-herbac\u00e9-de-LN33-300x300.jpg\",\"woocommerce_single\":\"https:\\\/\\\/www.vignevin.com\\\/wp-content\\\/uploads\\\/2019\\\/03\\\/Sympt\u00f4mes-d\u00e9corce-li\u00e9geuse-sur-rameau-herbac\u00e9-de-LN33.jpg\",\"woocommerce_gallery_thumbnail\":\"https:\\\/\\\/www.vignevin.com\\\/wp-content\\\/uploads\\\/2019\\\/03\\\/Sympt\u00f4mes-d\u00e9corce-li\u00e9geuse-sur-rameau-herbac\u00e9-de-LN33-100x100.jpg\",\"full\":\"https:\\\/\\\/www.vignevin.com\\\/wp-content\\\/uploads\\\/2019\\\/03\\\/Sympt\u00f4mes-d\u00e9corce-li\u00e9geuse-sur-rameau-herbac\u00e9-de-LN33.jpg\",\"index\":69,\"id\":9935,\"video\":false,\"opts\":{\"caption\":\"\",\"thumb\":{\"errors\":{\"envira-gallery-error-no-file\":[\"No file could be found for the image URL specified.\"]},\"error_data\":[]},\"title\":\"Sympt&ocirc;mes d&amp;rsquo;&eacute;corce li&eacute;geuse sur rameau herbac&eacute; de LN33\"},\"gallery_id\":\"17413\"},\"9936\":{\"status\":\"active\",\"src\":\"https:\\\/\\\/www.vignevin.com\\\/wp-content\\\/uploads\\\/2019\\\/03\\\/Symptomes-foliaires-de-flavescence-dor\u00e9e-sur-porte-greffe-2-scaled.jpg\",\"title\":\"Symptomes foliaires de flavescence dor&eacute;e sur porte-greffe (2)\",\"link\":\"https:\\\/\\\/www.vignevin.com\\\/wp-content\\\/uploads\\\/2019\\\/03\\\/Symptomes-foliaires-de-flavescence-dor\u00e9e-sur-porte-greffe-2.jpg\",\"alt\":\"\",\"caption\":false,\"thumb\":{\"errors\":{\"envira-gallery-error-no-file\":[\"No file could be found for the image URL specified.\"]},\"error_data\":[]},\"meta\":{\"aperture\":\"1.7\",\"credit\":null,\"camera\":\"SM-G930F\",\"caption\":\"\",\"created_timestamp\":\"1504181989\",\"copyright\":null,\"focal_length\":\"4.2\",\"iso\":\"80\",\"shutter_speed\":\"0.01\",\"title\":\"\",\"orientation\":\"1\",\"keywords\":null},\"thumbnail\":\"https:\\\/\\\/www.vignevin.com\\\/wp-content\\\/uploads\\\/2019\\\/03\\\/Symptomes-foliaires-de-flavescence-dor\u00e9e-sur-porte-greffe-2-150x150.jpg\",\"medium\":\"https:\\\/\\\/www.vignevin.com\\\/wp-content\\\/uploads\\\/2019\\\/03\\\/Symptomes-foliaires-de-flavescence-dor\u00e9e-sur-porte-greffe-2-225x300.jpg\",\"medium_large\":\"https:\\\/\\\/www.vignevin.com\\\/wp-content\\\/uploads\\\/2019\\\/03\\\/Symptomes-foliaires-de-flavescence-dor\u00e9e-sur-porte-greffe-2-768x1024.jpg\",\"large\":\"https:\\\/\\\/www.vignevin.com\\\/wp-content\\\/uploads\\\/2019\\\/03\\\/Symptomes-foliaires-de-flavescence-dor\u00e9e-sur-porte-greffe-2-768x1024.jpg\",\"1536x1536\":\"https:\\\/\\\/www.vignevin.com\\\/wp-content\\\/uploads\\\/2019\\\/03\\\/Symptomes-foliaires-de-flavescence-dor\u00e9e-sur-porte-greffe-2-scaled.jpg\",\"2048x2048\":\"https:\\\/\\\/www.vignevin.com\\\/wp-content\\\/uploads\\\/2019\\\/03\\\/Symptomes-foliaires-de-flavescence-dor\u00e9e-sur-porte-greffe-2-scaled.jpg\",\"et-pb-post-main-image\":\"https:\\\/\\\/www.vignevin.com\\\/wp-content\\\/uploads\\\/2019\\\/03\\\/Symptomes-foliaires-de-flavescence-dor\u00e9e-sur-porte-greffe-2-400x250.jpg\",\"et-pb-post-main-image-fullwidth\":\"https:\\\/\\\/www.vignevin.com\\\/wp-content\\\/uploads\\\/2019\\\/03\\\/Symptomes-foliaires-de-flavescence-dor\u00e9e-sur-porte-greffe-2-1080x675.jpg\",\"et-pb-portfolio-image\":\"https:\\\/\\\/www.vignevin.com\\\/wp-content\\\/uploads\\\/2019\\\/03\\\/Symptomes-foliaires-de-flavescence-dor\u00e9e-sur-porte-greffe-2-400x284.jpg\",\"et-pb-portfolio-module-image\":\"https:\\\/\\\/www.vignevin.com\\\/wp-content\\\/uploads\\\/2019\\\/03\\\/Symptomes-foliaires-de-flavescence-dor\u00e9e-sur-porte-greffe-2-510x382.jpg\",\"et-pb-portfolio-image-single\":\"https:\\\/\\\/www.vignevin.com\\\/wp-content\\\/uploads\\\/2019\\\/03\\\/Symptomes-foliaires-de-flavescence-dor\u00e9e-sur-porte-greffe-2-1080x1440.jpg\",\"et-pb-gallery-module-image-portrait\":\"https:\\\/\\\/www.vignevin.com\\\/wp-content\\\/uploads\\\/2019\\\/03\\\/Symptomes-foliaires-de-flavescence-dor\u00e9e-sur-porte-greffe-2-400x516.jpg\",\"et-pb-post-main-image-fullwidth-large\":\"https:\\\/\\\/www.vignevin.com\\\/wp-content\\\/uploads\\\/2019\\\/03\\\/Symptomes-foliaires-de-flavescence-dor\u00e9e-sur-porte-greffe-2-2880x1800.jpg\",\"et-pb-image--responsive--desktop\":\"https:\\\/\\\/www.vignevin.com\\\/wp-content\\\/uploads\\\/2019\\\/03\\\/Symptomes-foliaires-de-flavescence-dor\u00e9e-sur-porte-greffe-2-scaled.jpg\",\"et-pb-image--responsive--tablet\":\"https:\\\/\\\/www.vignevin.com\\\/wp-content\\\/uploads\\\/2019\\\/03\\\/Symptomes-foliaires-de-flavescence-dor\u00e9e-sur-porte-greffe-2-scaled.jpg\",\"et-pb-image--responsive--phone\":\"https:\\\/\\\/www.vignevin.com\\\/wp-content\\\/uploads\\\/2019\\\/03\\\/Symptomes-foliaires-de-flavescence-dor\u00e9e-sur-porte-greffe-2-scaled.jpg\",\"gform-image-choice-sm\":\"https:\\\/\\\/www.vignevin.com\\\/wp-content\\\/uploads\\\/2019\\\/03\\\/Symptomes-foliaires-de-flavescence-dor\u00e9e-sur-porte-greffe-2-scaled.jpg\",\"gform-image-choice-md\":\"https:\\\/\\\/www.vignevin.com\\\/wp-content\\\/uploads\\\/2019\\\/03\\\/Symptomes-foliaires-de-flavescence-dor\u00e9e-sur-porte-greffe-2-scaled.jpg\",\"gform-image-choice-lg\":\"https:\\\/\\\/www.vignevin.com\\\/wp-content\\\/uploads\\\/2019\\\/03\\\/Symptomes-foliaires-de-flavescence-dor\u00e9e-sur-porte-greffe-2-scaled.jpg\",\"woocommerce_thumbnail\":\"https:\\\/\\\/www.vignevin.com\\\/wp-content\\\/uploads\\\/2019\\\/03\\\/Symptomes-foliaires-de-flavescence-dor\u00e9e-sur-porte-greffe-2-scaled-300x300.jpg\",\"woocommerce_single\":\"https:\\\/\\\/www.vignevin.com\\\/wp-content\\\/uploads\\\/2019\\\/03\\\/Symptomes-foliaires-de-flavescence-dor\u00e9e-sur-porte-greffe-2-scaled-600x800.jpg\",\"woocommerce_gallery_thumbnail\":\"https:\\\/\\\/www.vignevin.com\\\/wp-content\\\/uploads\\\/2019\\\/03\\\/Symptomes-foliaires-de-flavescence-dor\u00e9e-sur-porte-greffe-2-scaled-100x100.jpg\",\"full\":\"https:\\\/\\\/www.vignevin.com\\\/wp-content\\\/uploads\\\/2019\\\/03\\\/Symptomes-foliaires-de-flavescence-dor\u00e9e-sur-porte-greffe-2-scaled.jpg\",\"index\":70,\"id\":9936,\"video\":false,\"opts\":{\"caption\":\"\",\"thumb\":{\"errors\":{\"envira-gallery-error-no-file\":[\"No file could be found for the image URL specified.\"]},\"error_data\":[]},\"title\":\"Symptomes foliaires de flavescence dor&eacute;e sur porte-greffe (2)\"},\"gallery_id\":\"17413\"},\"9937\":{\"status\":\"active\",\"src\":\"https:\\\/\\\/www.vignevin.com\\\/wp-content\\\/uploads\\\/2019\\\/03\\\/Symptomes-foliaires-de-flavescence-dor\u00e9e-sur-porte-greffe-3-scaled.jpg\",\"title\":\"Symptomes foliaires de flavescence dor&eacute;e sur porte-greffe (3)\",\"link\":\"https:\\\/\\\/www.vignevin.com\\\/wp-content\\\/uploads\\\/2019\\\/03\\\/Symptomes-foliaires-de-flavescence-dor\u00e9e-sur-porte-greffe-3.jpg\",\"alt\":\"\",\"caption\":false,\"thumb\":{\"errors\":{\"envira-gallery-error-no-file\":[\"No file could be found for the image URL specified.\"]},\"error_data\":[]},\"meta\":{\"aperture\":\"1.7\",\"credit\":null,\"camera\":\"SM-G930F\",\"caption\":\"\",\"created_timestamp\":\"1504278564\",\"copyright\":null,\"focal_length\":\"4.2\",\"iso\":\"40\",\"shutter_speed\":\"0.004149377593361\",\"title\":\"\",\"orientation\":\"1\",\"keywords\":null},\"thumbnail\":\"https:\\\/\\\/www.vignevin.com\\\/wp-content\\\/uploads\\\/2019\\\/03\\\/Symptomes-foliaires-de-flavescence-dor\u00e9e-sur-porte-greffe-3-150x150.jpg\",\"medium\":\"https:\\\/\\\/www.vignevin.com\\\/wp-content\\\/uploads\\\/2019\\\/03\\\/Symptomes-foliaires-de-flavescence-dor\u00e9e-sur-porte-greffe-3-300x225.jpg\",\"medium_large\":\"https:\\\/\\\/www.vignevin.com\\\/wp-content\\\/uploads\\\/2019\\\/03\\\/Symptomes-foliaires-de-flavescence-dor\u00e9e-sur-porte-greffe-3-768x576.jpg\",\"large\":\"https:\\\/\\\/www.vignevin.com\\\/wp-content\\\/uploads\\\/2019\\\/03\\\/Symptomes-foliaires-de-flavescence-dor\u00e9e-sur-porte-greffe-3-1024x768.jpg\",\"1536x1536\":\"https:\\\/\\\/www.vignevin.com\\\/wp-content\\\/uploads\\\/2019\\\/03\\\/Symptomes-foliaires-de-flavescence-dor\u00e9e-sur-porte-greffe-3-scaled.jpg\",\"2048x2048\":\"https:\\\/\\\/www.vignevin.com\\\/wp-content\\\/uploads\\\/2019\\\/03\\\/Symptomes-foliaires-de-flavescence-dor\u00e9e-sur-porte-greffe-3-scaled.jpg\",\"et-pb-post-main-image\":\"https:\\\/\\\/www.vignevin.com\\\/wp-content\\\/uploads\\\/2019\\\/03\\\/Symptomes-foliaires-de-flavescence-dor\u00e9e-sur-porte-greffe-3-400x250.jpg\",\"et-pb-post-main-image-fullwidth\":\"https:\\\/\\\/www.vignevin.com\\\/wp-content\\\/uploads\\\/2019\\\/03\\\/Symptomes-foliaires-de-flavescence-dor\u00e9e-sur-porte-greffe-3-1080x675.jpg\",\"et-pb-portfolio-image\":\"https:\\\/\\\/www.vignevin.com\\\/wp-content\\\/uploads\\\/2019\\\/03\\\/Symptomes-foliaires-de-flavescence-dor\u00e9e-sur-porte-greffe-3-400x284.jpg\",\"et-pb-portfolio-module-image\":\"https:\\\/\\\/www.vignevin.com\\\/wp-content\\\/uploads\\\/2019\\\/03\\\/Symptomes-foliaires-de-flavescence-dor\u00e9e-sur-porte-greffe-3-510x382.jpg\",\"et-pb-portfolio-image-single\":\"https:\\\/\\\/www.vignevin.com\\\/wp-content\\\/uploads\\\/2019\\\/03\\\/Symptomes-foliaires-de-flavescence-dor\u00e9e-sur-porte-greffe-3-1080x810.jpg\",\"et-pb-gallery-module-image-portrait\":\"https:\\\/\\\/www.vignevin.com\\\/wp-content\\\/uploads\\\/2019\\\/03\\\/Symptomes-foliaires-de-flavescence-dor\u00e9e-sur-porte-greffe-3-400x516.jpg\",\"et-pb-post-main-image-fullwidth-large\":\"https:\\\/\\\/www.vignevin.com\\\/wp-content\\\/uploads\\\/2019\\\/03\\\/Symptomes-foliaires-de-flavescence-dor\u00e9e-sur-porte-greffe-3-2880x1800.jpg\",\"et-pb-image--responsive--desktop\":\"https:\\\/\\\/www.vignevin.com\\\/wp-content\\\/uploads\\\/2019\\\/03\\\/Symptomes-foliaires-de-flavescence-dor\u00e9e-sur-porte-greffe-3-scaled.jpg\",\"et-pb-image--responsive--tablet\":\"https:\\\/\\\/www.vignevin.com\\\/wp-content\\\/uploads\\\/2019\\\/03\\\/Symptomes-foliaires-de-flavescence-dor\u00e9e-sur-porte-greffe-3-scaled.jpg\",\"et-pb-image--responsive--phone\":\"https:\\\/\\\/www.vignevin.com\\\/wp-content\\\/uploads\\\/2019\\\/03\\\/Symptomes-foliaires-de-flavescence-dor\u00e9e-sur-porte-greffe-3-scaled.jpg\",\"gform-image-choice-sm\":\"https:\\\/\\\/www.vignevin.com\\\/wp-content\\\/uploads\\\/2019\\\/03\\\/Symptomes-foliaires-de-flavescence-dor\u00e9e-sur-porte-greffe-3-scaled.jpg\",\"gform-image-choice-md\":\"https:\\\/\\\/www.vignevin.com\\\/wp-content\\\/uploads\\\/2019\\\/03\\\/Symptomes-foliaires-de-flavescence-dor\u00e9e-sur-porte-greffe-3-scaled.jpg\",\"gform-image-choice-lg\":\"https:\\\/\\\/www.vignevin.com\\\/wp-content\\\/uploads\\\/2019\\\/03\\\/Symptomes-foliaires-de-flavescence-dor\u00e9e-sur-porte-greffe-3-scaled.jpg\",\"woocommerce_thumbnail\":\"https:\\\/\\\/www.vignevin.com\\\/wp-content\\\/uploads\\\/2019\\\/03\\\/Symptomes-foliaires-de-flavescence-dor\u00e9e-sur-porte-greffe-3-scaled-300x300.jpg\",\"woocommerce_single\":\"https:\\\/\\\/www.vignevin.com\\\/wp-content\\\/uploads\\\/2019\\\/03\\\/Symptomes-foliaires-de-flavescence-dor\u00e9e-sur-porte-greffe-3-scaled-600x450.jpg\",\"woocommerce_gallery_thumbnail\":\"https:\\\/\\\/www.vignevin.com\\\/wp-content\\\/uploads\\\/2019\\\/03\\\/Symptomes-foliaires-de-flavescence-dor\u00e9e-sur-porte-greffe-3-scaled-100x100.jpg\",\"full\":\"https:\\\/\\\/www.vignevin.com\\\/wp-content\\\/uploads\\\/2019\\\/03\\\/Symptomes-foliaires-de-flavescence-dor\u00e9e-sur-porte-greffe-3-scaled.jpg\",\"index\":71,\"id\":9937,\"video\":false,\"opts\":{\"caption\":\"\",\"thumb\":{\"errors\":{\"envira-gallery-error-no-file\":[\"No file could be found for the image URL specified.\"]},\"error_data\":[]},\"title\":\"Symptomes foliaires de flavescence dor&eacute;e sur porte-greffe (3)\"},\"gallery_id\":\"17413\"},\"9938\":{\"status\":\"active\",\"src\":\"https:\\\/\\\/www.vignevin.com\\\/wp-content\\\/uploads\\\/2019\\\/03\\\/Symptomes-foliaires-de-flavescence-dor\u00e9e-sur-porte-greffe-scaled.jpg\",\"title\":\"Symptomes foliaires de flavescence dor&eacute;e sur porte-greffe\",\"link\":\"https:\\\/\\\/www.vignevin.com\\\/wp-content\\\/uploads\\\/2019\\\/03\\\/Symptomes-foliaires-de-flavescence-dor\u00e9e-sur-porte-greffe.jpg\",\"alt\":\"\",\"caption\":false,\"thumb\":{\"errors\":{\"envira-gallery-error-no-file\":[\"No file could be found for the image URL specified.\"]},\"error_data\":[]},\"meta\":{\"aperture\":\"1.7\",\"credit\":null,\"camera\":\"SM-G930F\",\"caption\":\"\",\"created_timestamp\":\"1504181769\",\"copyright\":null,\"focal_length\":\"4.2\",\"iso\":\"64\",\"shutter_speed\":\"0.01\",\"title\":\"\",\"orientation\":\"1\",\"keywords\":null},\"thumbnail\":\"https:\\\/\\\/www.vignevin.com\\\/wp-content\\\/uploads\\\/2019\\\/03\\\/Symptomes-foliaires-de-flavescence-dor\u00e9e-sur-porte-greffe-150x150.jpg\",\"medium\":\"https:\\\/\\\/www.vignevin.com\\\/wp-content\\\/uploads\\\/2019\\\/03\\\/Symptomes-foliaires-de-flavescence-dor\u00e9e-sur-porte-greffe-300x225.jpg\",\"medium_large\":\"https:\\\/\\\/www.vignevin.com\\\/wp-content\\\/uploads\\\/2019\\\/03\\\/Symptomes-foliaires-de-flavescence-dor\u00e9e-sur-porte-greffe-768x576.jpg\",\"large\":\"https:\\\/\\\/www.vignevin.com\\\/wp-content\\\/uploads\\\/2019\\\/03\\\/Symptomes-foliaires-de-flavescence-dor\u00e9e-sur-porte-greffe-1024x768.jpg\",\"1536x1536\":\"https:\\\/\\\/www.vignevin.com\\\/wp-content\\\/uploads\\\/2019\\\/03\\\/Symptomes-foliaires-de-flavescence-dor\u00e9e-sur-porte-greffe-scaled.jpg\",\"2048x2048\":\"https:\\\/\\\/www.vignevin.com\\\/wp-content\\\/uploads\\\/2019\\\/03\\\/Symptomes-foliaires-de-flavescence-dor\u00e9e-sur-porte-greffe-scaled.jpg\",\"et-pb-post-main-image\":\"https:\\\/\\\/www.vignevin.com\\\/wp-content\\\/uploads\\\/2019\\\/03\\\/Symptomes-foliaires-de-flavescence-dor\u00e9e-sur-porte-greffe-400x250.jpg\",\"et-pb-post-main-image-fullwidth\":\"https:\\\/\\\/www.vignevin.com\\\/wp-content\\\/uploads\\\/2019\\\/03\\\/Symptomes-foliaires-de-flavescence-dor\u00e9e-sur-porte-greffe-1080x675.jpg\",\"et-pb-portfolio-image\":\"https:\\\/\\\/www.vignevin.com\\\/wp-content\\\/uploads\\\/2019\\\/03\\\/Symptomes-foliaires-de-flavescence-dor\u00e9e-sur-porte-greffe-400x284.jpg\",\"et-pb-portfolio-module-image\":\"https:\\\/\\\/www.vignevin.com\\\/wp-content\\\/uploads\\\/2019\\\/03\\\/Symptomes-foliaires-de-flavescence-dor\u00e9e-sur-porte-greffe-510x382.jpg\",\"et-pb-portfolio-image-single\":\"https:\\\/\\\/www.vignevin.com\\\/wp-content\\\/uploads\\\/2019\\\/03\\\/Symptomes-foliaires-de-flavescence-dor\u00e9e-sur-porte-greffe-1080x810.jpg\",\"et-pb-gallery-module-image-portrait\":\"https:\\\/\\\/www.vignevin.com\\\/wp-content\\\/uploads\\\/2019\\\/03\\\/Symptomes-foliaires-de-flavescence-dor\u00e9e-sur-porte-greffe-400x516.jpg\",\"et-pb-post-main-image-fullwidth-large\":\"https:\\\/\\\/www.vignevin.com\\\/wp-content\\\/uploads\\\/2019\\\/03\\\/Symptomes-foliaires-de-flavescence-dor\u00e9e-sur-porte-greffe-2880x1800.jpg\",\"et-pb-image--responsive--desktop\":\"https:\\\/\\\/www.vignevin.com\\\/wp-content\\\/uploads\\\/2019\\\/03\\\/Symptomes-foliaires-de-flavescence-dor\u00e9e-sur-porte-greffe-scaled.jpg\",\"et-pb-image--responsive--tablet\":\"https:\\\/\\\/www.vignevin.com\\\/wp-content\\\/uploads\\\/2019\\\/03\\\/Symptomes-foliaires-de-flavescence-dor\u00e9e-sur-porte-greffe-scaled.jpg\",\"et-pb-image--responsive--phone\":\"https:\\\/\\\/www.vignevin.com\\\/wp-content\\\/uploads\\\/2019\\\/03\\\/Symptomes-foliaires-de-flavescence-dor\u00e9e-sur-porte-greffe-scaled.jpg\",\"gform-image-choice-sm\":\"https:\\\/\\\/www.vignevin.com\\\/wp-content\\\/uploads\\\/2019\\\/03\\\/Symptomes-foliaires-de-flavescence-dor\u00e9e-sur-porte-greffe-scaled.jpg\",\"gform-image-choice-md\":\"https:\\\/\\\/www.vignevin.com\\\/wp-content\\\/uploads\\\/2019\\\/03\\\/Symptomes-foliaires-de-flavescence-dor\u00e9e-sur-porte-greffe-scaled.jpg\",\"gform-image-choice-lg\":\"https:\\\/\\\/www.vignevin.com\\\/wp-content\\\/uploads\\\/2019\\\/03\\\/Symptomes-foliaires-de-flavescence-dor\u00e9e-sur-porte-greffe-scaled.jpg\",\"woocommerce_thumbnail\":\"https:\\\/\\\/www.vignevin.com\\\/wp-content\\\/uploads\\\/2019\\\/03\\\/Symptomes-foliaires-de-flavescence-dor\u00e9e-sur-porte-greffe-scaled-300x300.jpg\",\"woocommerce_single\":\"https:\\\/\\\/www.vignevin.com\\\/wp-content\\\/uploads\\\/2019\\\/03\\\/Symptomes-foliaires-de-flavescence-dor\u00e9e-sur-porte-greffe-scaled-600x450.jpg\",\"woocommerce_gallery_thumbnail\":\"https:\\\/\\\/www.vignevin.com\\\/wp-content\\\/uploads\\\/2019\\\/03\\\/Symptomes-foliaires-de-flavescence-dor\u00e9e-sur-porte-greffe-scaled-100x100.jpg\",\"full\":\"https:\\\/\\\/www.vignevin.com\\\/wp-content\\\/uploads\\\/2019\\\/03\\\/Symptomes-foliaires-de-flavescence-dor\u00e9e-sur-porte-greffe-scaled.jpg\",\"index\":72,\"id\":9938,\"video\":false,\"opts\":{\"caption\":\"\",\"thumb\":{\"errors\":{\"envira-gallery-error-no-file\":[\"No file could be found for the image URL specified.\"]},\"error_data\":[]},\"title\":\"Symptomes foliaires de flavescence dor&eacute;e sur porte-greffe\"},\"gallery_id\":\"17413\"},\"9939\":{\"status\":\"active\",\"src\":\"https:\\\/\\\/www.vignevin.com\\\/wp-content\\\/uploads\\\/2019\\\/03\\\/Sympt\u00f4mes-foliaires-desca-sur-Duras-N-2-scaled.jpg\",\"title\":\"Sympt&ocirc;mes foliaires d&amp;rsquo;esca sur Duras N (2)\",\"link\":\"https:\\\/\\\/www.vignevin.com\\\/wp-content\\\/uploads\\\/2019\\\/03\\\/Sympt\u00f4mes-foliaires-desca-sur-Duras-N-2.jpg\",\"alt\":\"\",\"caption\":false,\"thumb\":{\"errors\":{\"envira-gallery-error-no-file\":[\"No file could be found for the image URL specified.\"]},\"error_data\":[]},\"meta\":{\"aperture\":\"3.3\",\"credit\":null,\"camera\":\"DMC-TZ10\",\"caption\":\"\",\"created_timestamp\":\"1441365210\",\"copyright\":null,\"focal_length\":\"4.1\",\"iso\":\"80\",\"shutter_speed\":\"0.02\",\"title\":\"\",\"orientation\":\"1\",\"keywords\":null},\"thumbnail\":\"https:\\\/\\\/www.vignevin.com\\\/wp-content\\\/uploads\\\/2019\\\/03\\\/Sympt\u00f4mes-foliaires-desca-sur-Duras-N-2-150x150.jpg\",\"medium\":\"https:\\\/\\\/www.vignevin.com\\\/wp-content\\\/uploads\\\/2019\\\/03\\\/Sympt\u00f4mes-foliaires-desca-sur-Duras-N-2-225x300.jpg\",\"medium_large\":\"https:\\\/\\\/www.vignevin.com\\\/wp-content\\\/uploads\\\/2019\\\/03\\\/Sympt\u00f4mes-foliaires-desca-sur-Duras-N-2-768x1024.jpg\",\"large\":\"https:\\\/\\\/www.vignevin.com\\\/wp-content\\\/uploads\\\/2019\\\/03\\\/Sympt\u00f4mes-foliaires-desca-sur-Duras-N-2-768x1024.jpg\",\"1536x1536\":\"https:\\\/\\\/www.vignevin.com\\\/wp-content\\\/uploads\\\/2019\\\/03\\\/Sympt\u00f4mes-foliaires-desca-sur-Duras-N-2-scaled.jpg\",\"2048x2048\":\"https:\\\/\\\/www.vignevin.com\\\/wp-content\\\/uploads\\\/2019\\\/03\\\/Sympt\u00f4mes-foliaires-desca-sur-Duras-N-2-scaled.jpg\",\"et-pb-post-main-image\":\"https:\\\/\\\/www.vignevin.com\\\/wp-content\\\/uploads\\\/2019\\\/03\\\/Sympt\u00f4mes-foliaires-desca-sur-Duras-N-2-400x250.jpg\",\"et-pb-post-main-image-fullwidth\":\"https:\\\/\\\/www.vignevin.com\\\/wp-content\\\/uploads\\\/2019\\\/03\\\/Sympt\u00f4mes-foliaires-desca-sur-Duras-N-2-1080x675.jpg\",\"et-pb-portfolio-image\":\"https:\\\/\\\/www.vignevin.com\\\/wp-content\\\/uploads\\\/2019\\\/03\\\/Sympt\u00f4mes-foliaires-desca-sur-Duras-N-2-400x284.jpg\",\"et-pb-portfolio-module-image\":\"https:\\\/\\\/www.vignevin.com\\\/wp-content\\\/uploads\\\/2019\\\/03\\\/Sympt\u00f4mes-foliaires-desca-sur-Duras-N-2-510x382.jpg\",\"et-pb-portfolio-image-single\":\"https:\\\/\\\/www.vignevin.com\\\/wp-content\\\/uploads\\\/2019\\\/03\\\/Sympt\u00f4mes-foliaires-desca-sur-Duras-N-2-1080x1440.jpg\",\"et-pb-gallery-module-image-portrait\":\"https:\\\/\\\/www.vignevin.com\\\/wp-content\\\/uploads\\\/2019\\\/03\\\/Sympt\u00f4mes-foliaires-desca-sur-Duras-N-2-400x516.jpg\",\"et-pb-post-main-image-fullwidth-large\":\"https:\\\/\\\/www.vignevin.com\\\/wp-content\\\/uploads\\\/2019\\\/03\\\/Sympt\u00f4mes-foliaires-desca-sur-Duras-N-2-2880x1800.jpg\",\"et-pb-image--responsive--desktop\":\"https:\\\/\\\/www.vignevin.com\\\/wp-content\\\/uploads\\\/2019\\\/03\\\/Sympt\u00f4mes-foliaires-desca-sur-Duras-N-2-scaled.jpg\",\"et-pb-image--responsive--tablet\":\"https:\\\/\\\/www.vignevin.com\\\/wp-content\\\/uploads\\\/2019\\\/03\\\/Sympt\u00f4mes-foliaires-desca-sur-Duras-N-2-scaled.jpg\",\"et-pb-image--responsive--phone\":\"https:\\\/\\\/www.vignevin.com\\\/wp-content\\\/uploads\\\/2019\\\/03\\\/Sympt\u00f4mes-foliaires-desca-sur-Duras-N-2-scaled.jpg\",\"gform-image-choice-sm\":\"https:\\\/\\\/www.vignevin.com\\\/wp-content\\\/uploads\\\/2019\\\/03\\\/Sympt\u00f4mes-foliaires-desca-sur-Duras-N-2-scaled.jpg\",\"gform-image-choice-md\":\"https:\\\/\\\/www.vignevin.com\\\/wp-content\\\/uploads\\\/2019\\\/03\\\/Sympt\u00f4mes-foliaires-desca-sur-Duras-N-2-scaled.jpg\",\"gform-image-choice-lg\":\"https:\\\/\\\/www.vignevin.com\\\/wp-content\\\/uploads\\\/2019\\\/03\\\/Sympt\u00f4mes-foliaires-desca-sur-Duras-N-2-scaled.jpg\",\"woocommerce_thumbnail\":\"https:\\\/\\\/www.vignevin.com\\\/wp-content\\\/uploads\\\/2019\\\/03\\\/Sympt\u00f4mes-foliaires-desca-sur-Duras-N-2-scaled-300x300.jpg\",\"woocommerce_single\":\"https:\\\/\\\/www.vignevin.com\\\/wp-content\\\/uploads\\\/2019\\\/03\\\/Sympt\u00f4mes-foliaires-desca-sur-Duras-N-2-scaled-600x800.jpg\",\"woocommerce_gallery_thumbnail\":\"https:\\\/\\\/www.vignevin.com\\\/wp-content\\\/uploads\\\/2019\\\/03\\\/Sympt\u00f4mes-foliaires-desca-sur-Duras-N-2-scaled-100x100.jpg\",\"full\":\"https:\\\/\\\/www.vignevin.com\\\/wp-content\\\/uploads\\\/2019\\\/03\\\/Sympt\u00f4mes-foliaires-desca-sur-Duras-N-2-scaled.jpg\",\"index\":73,\"id\":9939,\"video\":false,\"opts\":{\"caption\":\"\",\"thumb\":{\"errors\":{\"envira-gallery-error-no-file\":[\"No file could be found for the image URL specified.\"]},\"error_data\":[]},\"title\":\"Sympt&ocirc;mes foliaires d&amp;rsquo;esca sur Duras N (2)\"},\"gallery_id\":\"17413\"},\"9940\":{\"status\":\"active\",\"src\":\"https:\\\/\\\/www.vignevin.com\\\/wp-content\\\/uploads\\\/2019\\\/03\\\/Sympt\u00f4mes-foliaires-desca-sur-Duras-N-scaled.jpg\",\"title\":\"Sympt&ocirc;mes foliaires d&amp;rsquo;esca sur Duras N\",\"link\":\"https:\\\/\\\/www.vignevin.com\\\/wp-content\\\/uploads\\\/2019\\\/03\\\/Sympt\u00f4mes-foliaires-desca-sur-Duras-N.jpg\",\"alt\":\"\",\"caption\":false,\"thumb\":{\"errors\":{\"envira-gallery-error-no-file\":[\"No file could be found for the image URL specified.\"]},\"error_data\":[]},\"meta\":{\"aperture\":\"4\",\"credit\":null,\"camera\":\"DMC-TZ10\",\"caption\":\"\",\"created_timestamp\":\"1441362390\",\"copyright\":null,\"focal_length\":\"4.1\",\"iso\":\"80\",\"shutter_speed\":\"0.005\",\"title\":\"\",\"orientation\":\"1\",\"keywords\":null},\"thumbnail\":\"https:\\\/\\\/www.vignevin.com\\\/wp-content\\\/uploads\\\/2019\\\/03\\\/Sympt\u00f4mes-foliaires-desca-sur-Duras-N-150x150.jpg\",\"medium\":\"https:\\\/\\\/www.vignevin.com\\\/wp-content\\\/uploads\\\/2019\\\/03\\\/Sympt\u00f4mes-foliaires-desca-sur-Duras-N-225x300.jpg\",\"medium_large\":\"https:\\\/\\\/www.vignevin.com\\\/wp-content\\\/uploads\\\/2019\\\/03\\\/Sympt\u00f4mes-foliaires-desca-sur-Duras-N-768x1024.jpg\",\"large\":\"https:\\\/\\\/www.vignevin.com\\\/wp-content\\\/uploads\\\/2019\\\/03\\\/Sympt\u00f4mes-foliaires-desca-sur-Duras-N-768x1024.jpg\",\"1536x1536\":\"https:\\\/\\\/www.vignevin.com\\\/wp-content\\\/uploads\\\/2019\\\/03\\\/Sympt\u00f4mes-foliaires-desca-sur-Duras-N-scaled.jpg\",\"2048x2048\":\"https:\\\/\\\/www.vignevin.com\\\/wp-content\\\/uploads\\\/2019\\\/03\\\/Sympt\u00f4mes-foliaires-desca-sur-Duras-N-scaled.jpg\",\"et-pb-post-main-image\":\"https:\\\/\\\/www.vignevin.com\\\/wp-content\\\/uploads\\\/2019\\\/03\\\/Sympt\u00f4mes-foliaires-desca-sur-Duras-N-400x250.jpg\",\"et-pb-post-main-image-fullwidth\":\"https:\\\/\\\/www.vignevin.com\\\/wp-content\\\/uploads\\\/2019\\\/03\\\/Sympt\u00f4mes-foliaires-desca-sur-Duras-N-1080x675.jpg\",\"et-pb-portfolio-image\":\"https:\\\/\\\/www.vignevin.com\\\/wp-content\\\/uploads\\\/2019\\\/03\\\/Sympt\u00f4mes-foliaires-desca-sur-Duras-N-400x284.jpg\",\"et-pb-portfolio-module-image\":\"https:\\\/\\\/www.vignevin.com\\\/wp-content\\\/uploads\\\/2019\\\/03\\\/Sympt\u00f4mes-foliaires-desca-sur-Duras-N-510x382.jpg\",\"et-pb-portfolio-image-single\":\"https:\\\/\\\/www.vignevin.com\\\/wp-content\\\/uploads\\\/2019\\\/03\\\/Sympt\u00f4mes-foliaires-desca-sur-Duras-N-1080x1440.jpg\",\"et-pb-gallery-module-image-portrait\":\"https:\\\/\\\/www.vignevin.com\\\/wp-content\\\/uploads\\\/2019\\\/03\\\/Sympt\u00f4mes-foliaires-desca-sur-Duras-N-400x516.jpg\",\"et-pb-post-main-image-fullwidth-large\":\"https:\\\/\\\/www.vignevin.com\\\/wp-content\\\/uploads\\\/2019\\\/03\\\/Sympt\u00f4mes-foliaires-desca-sur-Duras-N-2880x1800.jpg\",\"et-pb-image--responsive--desktop\":\"https:\\\/\\\/www.vignevin.com\\\/wp-content\\\/uploads\\\/2019\\\/03\\\/Sympt\u00f4mes-foliaires-desca-sur-Duras-N-scaled.jpg\",\"et-pb-image--responsive--tablet\":\"https:\\\/\\\/www.vignevin.com\\\/wp-content\\\/uploads\\\/2019\\\/03\\\/Sympt\u00f4mes-foliaires-desca-sur-Duras-N-scaled.jpg\",\"et-pb-image--responsive--phone\":\"https:\\\/\\\/www.vignevin.com\\\/wp-content\\\/uploads\\\/2019\\\/03\\\/Sympt\u00f4mes-foliaires-desca-sur-Duras-N-scaled.jpg\",\"gform-image-choice-sm\":\"https:\\\/\\\/www.vignevin.com\\\/wp-content\\\/uploads\\\/2019\\\/03\\\/Sympt\u00f4mes-foliaires-desca-sur-Duras-N-scaled.jpg\",\"gform-image-choice-md\":\"https:\\\/\\\/www.vignevin.com\\\/wp-content\\\/uploads\\\/2019\\\/03\\\/Sympt\u00f4mes-foliaires-desca-sur-Duras-N-scaled.jpg\",\"gform-image-choice-lg\":\"https:\\\/\\\/www.vignevin.com\\\/wp-content\\\/uploads\\\/2019\\\/03\\\/Sympt\u00f4mes-foliaires-desca-sur-Duras-N-scaled.jpg\",\"woocommerce_thumbnail\":\"https:\\\/\\\/www.vignevin.com\\\/wp-content\\\/uploads\\\/2019\\\/03\\\/Sympt\u00f4mes-foliaires-desca-sur-Duras-N-scaled-300x300.jpg\",\"woocommerce_single\":\"https:\\\/\\\/www.vignevin.com\\\/wp-content\\\/uploads\\\/2019\\\/03\\\/Sympt\u00f4mes-foliaires-desca-sur-Duras-N-scaled-600x800.jpg\",\"woocommerce_gallery_thumbnail\":\"https:\\\/\\\/www.vignevin.com\\\/wp-content\\\/uploads\\\/2019\\\/03\\\/Sympt\u00f4mes-foliaires-desca-sur-Duras-N-scaled-100x100.jpg\",\"full\":\"https:\\\/\\\/www.vignevin.com\\\/wp-content\\\/uploads\\\/2019\\\/03\\\/Sympt\u00f4mes-foliaires-desca-sur-Duras-N-scaled.jpg\",\"index\":74,\"id\":9940,\"video\":false,\"opts\":{\"caption\":\"\",\"thumb\":{\"errors\":{\"envira-gallery-error-no-file\":[\"No file could be found for the image URL specified.\"]},\"error_data\":[]},\"title\":\"Sympt&ocirc;mes foliaires d&amp;rsquo;esca sur Duras N\"},\"gallery_id\":\"17413\"},\"9941\":{\"status\":\"active\",\"src\":\"https:\\\/\\\/www.vignevin.com\\\/wp-content\\\/uploads\\\/2019\\\/03\\\/Sympt\u00f4mes-foliaires-desca.jpg\",\"title\":\"Sympt&ocirc;mes foliaires d&amp;rsquo;esca\",\"link\":\"https:\\\/\\\/www.vignevin.com\\\/wp-content\\\/uploads\\\/2019\\\/03\\\/Sympt\u00f4mes-foliaires-desca.jpg\",\"alt\":\"\",\"caption\":false,\"thumb\":{\"errors\":{\"envira-gallery-error-no-file\":[\"No file could be found for the image URL specified.\"]},\"error_data\":[]},\"meta\":{\"aperture\":\"3.3\",\"credit\":null,\"camera\":\"DMC-TZ10\",\"caption\":\"\",\"created_timestamp\":\"1315482808\",\"copyright\":null,\"focal_length\":\"4.1\",\"iso\":\"80\",\"shutter_speed\":\"0.01\",\"title\":\"\",\"orientation\":\"1\",\"keywords\":null},\"thumbnail\":\"https:\\\/\\\/www.vignevin.com\\\/wp-content\\\/uploads\\\/2019\\\/03\\\/Sympt\u00f4mes-foliaires-desca-150x150.jpg\",\"medium\":\"https:\\\/\\\/www.vignevin.com\\\/wp-content\\\/uploads\\\/2019\\\/03\\\/Sympt\u00f4mes-foliaires-desca-300x225.jpg\",\"medium_large\":\"https:\\\/\\\/www.vignevin.com\\\/wp-content\\\/uploads\\\/2019\\\/03\\\/Sympt\u00f4mes-foliaires-desca-768x576.jpg\",\"large\":\"https:\\\/\\\/www.vignevin.com\\\/wp-content\\\/uploads\\\/2019\\\/03\\\/Sympt\u00f4mes-foliaires-desca-1024x768.jpg\",\"1536x1536\":\"https:\\\/\\\/www.vignevin.com\\\/wp-content\\\/uploads\\\/2019\\\/03\\\/Sympt\u00f4mes-foliaires-desca.jpg\",\"2048x2048\":\"https:\\\/\\\/www.vignevin.com\\\/wp-content\\\/uploads\\\/2019\\\/03\\\/Sympt\u00f4mes-foliaires-desca.jpg\",\"et-pb-post-main-image\":\"https:\\\/\\\/www.vignevin.com\\\/wp-content\\\/uploads\\\/2019\\\/03\\\/Sympt\u00f4mes-foliaires-desca-400x250.jpg\",\"et-pb-post-main-image-fullwidth\":\"https:\\\/\\\/www.vignevin.com\\\/wp-content\\\/uploads\\\/2019\\\/03\\\/Sympt\u00f4mes-foliaires-desca-1080x675.jpg\",\"et-pb-portfolio-image\":\"https:\\\/\\\/www.vignevin.com\\\/wp-content\\\/uploads\\\/2019\\\/03\\\/Sympt\u00f4mes-foliaires-desca-400x284.jpg\",\"et-pb-portfolio-module-image\":\"https:\\\/\\\/www.vignevin.com\\\/wp-content\\\/uploads\\\/2019\\\/03\\\/Sympt\u00f4mes-foliaires-desca-510x382.jpg\",\"et-pb-portfolio-image-single\":\"https:\\\/\\\/www.vignevin.com\\\/wp-content\\\/uploads\\\/2019\\\/03\\\/Sympt\u00f4mes-foliaires-desca-1080x810.jpg\",\"et-pb-gallery-module-image-portrait\":\"https:\\\/\\\/www.vignevin.com\\\/wp-content\\\/uploads\\\/2019\\\/03\\\/Sympt\u00f4mes-foliaires-desca-400x516.jpg\",\"et-pb-post-main-image-fullwidth-large\":\"https:\\\/\\\/www.vignevin.com\\\/wp-content\\\/uploads\\\/2019\\\/03\\\/Sympt\u00f4mes-foliaires-desca-2560x1800.jpg\",\"et-pb-image--responsive--desktop\":\"https:\\\/\\\/www.vignevin.com\\\/wp-content\\\/uploads\\\/2019\\\/03\\\/Sympt\u00f4mes-foliaires-desca.jpg\",\"et-pb-image--responsive--tablet\":\"https:\\\/\\\/www.vignevin.com\\\/wp-content\\\/uploads\\\/2019\\\/03\\\/Sympt\u00f4mes-foliaires-desca.jpg\",\"et-pb-image--responsive--phone\":\"https:\\\/\\\/www.vignevin.com\\\/wp-content\\\/uploads\\\/2019\\\/03\\\/Sympt\u00f4mes-foliaires-desca.jpg\",\"gform-image-choice-sm\":\"https:\\\/\\\/www.vignevin.com\\\/wp-content\\\/uploads\\\/2019\\\/03\\\/Sympt\u00f4mes-foliaires-desca.jpg\",\"gform-image-choice-md\":\"https:\\\/\\\/www.vignevin.com\\\/wp-content\\\/uploads\\\/2019\\\/03\\\/Sympt\u00f4mes-foliaires-desca.jpg\",\"gform-image-choice-lg\":\"https:\\\/\\\/www.vignevin.com\\\/wp-content\\\/uploads\\\/2019\\\/03\\\/Sympt\u00f4mes-foliaires-desca.jpg\",\"woocommerce_thumbnail\":\"https:\\\/\\\/www.vignevin.com\\\/wp-content\\\/uploads\\\/2019\\\/03\\\/Sympt\u00f4mes-foliaires-desca-300x300.jpg\",\"woocommerce_single\":\"https:\\\/\\\/www.vignevin.com\\\/wp-content\\\/uploads\\\/2019\\\/03\\\/Sympt\u00f4mes-foliaires-desca-600x450.jpg\",\"woocommerce_gallery_thumbnail\":\"https:\\\/\\\/www.vignevin.com\\\/wp-content\\\/uploads\\\/2019\\\/03\\\/Sympt\u00f4mes-foliaires-desca-100x100.jpg\",\"full\":\"https:\\\/\\\/www.vignevin.com\\\/wp-content\\\/uploads\\\/2019\\\/03\\\/Sympt\u00f4mes-foliaires-desca.jpg\",\"index\":75,\"id\":9941,\"video\":false,\"opts\":{\"caption\":\"\",\"thumb\":{\"errors\":{\"envira-gallery-error-no-file\":[\"No file could be found for the image URL specified.\"]},\"error_data\":[]},\"title\":\"Sympt&ocirc;mes foliaires d&amp;rsquo;esca\"},\"gallery_id\":\"17413\"}}'  data-gallery-sort-ids='[7053,7051,7052,7054,7055,7056,7057,7058,7059,7060,9876,9877,9878,9879,9880,9881,9882,9883,9884,9885,9886,9887,9888,9889,9890,9891,9892,9893,9894,9895,9896,9897,9898,9899,9900,9901,9902,9903,9904,9905,9906,9907,9908,9909,9910,9911,9912,9913,9914,9915,9916,9917,9918,9919,9920,9921,9922,9923,9924,9925,9926,9927,9928,9929,9930,9931,9932,9933,9934,9935,9936,9937,9938,9939,9940,9941]'  class=\"envira-album-gallery-17413 \" title=\"Grapevines Diseases\" ><div class=\"envira-lazy\" style=\"padding-bottom:66.666666666667%;\"><img loading=\"lazy\" decoding=\"async\" id=\"envira-gallery-image-17413\" class=\"envira-gallery-image envira-gallery-image-3\" data-envira-index=\"3\" src=\"https:\/\/www.vignevin.com\/wp-content\/uploads\/2019\/03\/IFV_BDA_11-600x400_c.jpg\" width=\"600\" height=\"400\" data-envira-src=\"https:\/\/www.vignevin.com\/wp-content\/uploads\/2019\/03\/IFV_BDA_11-600x400_c.jpg\" data-envira-album-id=\"17390\" data-envira-gallery-id=\"17413\" data-envira-item-id=\"17413\" data-caption=\"Grapevines Diseases\" alt=\"\" title=\"Grapevines Diseases\"  data-envira-srcset=\"https:\/\/www.vignevin.com\/wp-content\/uploads\/2019\/03\/IFV_BDA_11-600x400_c.jpg 400w,https:\/\/www.vignevin.com\/wp-content\/uploads\/2019\/03\/IFV_BDA_11-600x400_c.jpg 2x\" srcset=\"data:image\/gif;base64,R0lGODlhAQABAIAAAP\/\/\/\/\/\/\/yH5BAEKAAEALAAAAAABAAEAAAICTAEAOw==\" \/><\/div><\/a><div class=\"envira-album-title\">Grapevines Diseases<\/div><\/div><\/div><div id=\"envira-gallery-item-17415\" class=\"envira-gallery-item enviratope-item envira-gallery-item-4\" style=\"padding-left: 5px; padding-bottom: 10px; padding-right: 5px;\" ><div class=\"envira-gallery-item-inner\"><div class=\"envira-gallery-position-overlay  envira-gallery-top-left\"><\/div><div class=\"envira-gallery-position-overlay  envira-gallery-top-right\"><\/div><div class=\"envira-gallery-position-overlay  envira-gallery-bottom-left\"><\/div><div class=\"envira-gallery-position-overlay  envira-gallery-bottom-right\"><\/div><a href=\"https:\/\/www.vignevin.com\/en\/galerie\/auxiliaires\/\" data-gallery-images='{\"7069\":{\"status\":\"active\",\"src\":\"https:\\\/\\\/www.vignevin.com\\\/wp-content\\\/uploads\\\/2019\\\/03\\\/AgrypoAnnxium2.jpg\",\"title\":\"AgrypoAnnxium2\",\"link\":\"https:\\\/\\\/www.vignevin.com\\\/wp-content\\\/uploads\\\/2019\\\/03\\\/AgrypoAnnxium2.jpg\",\"alt\":\"\",\"caption\":false,\"thumb\":\"https:\\\/\\\/www.vignevin.com\\\/wp-content\\\/uploads\\\/2019\\\/03\\\/AgrypoAnnxium2-75x50_c.jpg\",\"meta\":{\"aperture\":null,\"credit\":null,\"camera\":null,\"caption\":\"\",\"created_timestamp\":null,\"copyright\":null,\"focal_length\":null,\"iso\":null,\"shutter_speed\":null,\"title\":\"\",\"orientation\":\"1\",\"keywords\":null,\"resized_images\":null},\"thumbnail\":\"https:\\\/\\\/www.vignevin.com\\\/wp-content\\\/uploads\\\/2019\\\/03\\\/AgrypoAnnxium2-150x150.jpg\",\"medium\":\"https:\\\/\\\/www.vignevin.com\\\/wp-content\\\/uploads\\\/2019\\\/03\\\/AgrypoAnnxium2.jpg\",\"medium_large\":\"https:\\\/\\\/www.vignevin.com\\\/wp-content\\\/uploads\\\/2019\\\/03\\\/AgrypoAnnxium2.jpg\",\"large\":\"https:\\\/\\\/www.vignevin.com\\\/wp-content\\\/uploads\\\/2019\\\/03\\\/AgrypoAnnxium2.jpg\",\"1536x1536\":\"https:\\\/\\\/www.vignevin.com\\\/wp-content\\\/uploads\\\/2019\\\/03\\\/AgrypoAnnxium2.jpg\",\"2048x2048\":\"https:\\\/\\\/www.vignevin.com\\\/wp-content\\\/uploads\\\/2019\\\/03\\\/AgrypoAnnxium2.jpg\",\"et-pb-post-main-image\":\"https:\\\/\\\/www.vignevin.com\\\/wp-content\\\/uploads\\\/2019\\\/03\\\/AgrypoAnnxium2.jpg\",\"et-pb-post-main-image-fullwidth\":\"https:\\\/\\\/www.vignevin.com\\\/wp-content\\\/uploads\\\/2019\\\/03\\\/AgrypoAnnxium2.jpg\",\"et-pb-portfolio-image\":\"https:\\\/\\\/www.vignevin.com\\\/wp-content\\\/uploads\\\/2019\\\/03\\\/AgrypoAnnxium2.jpg\",\"et-pb-portfolio-module-image\":\"https:\\\/\\\/www.vignevin.com\\\/wp-content\\\/uploads\\\/2019\\\/03\\\/AgrypoAnnxium2.jpg\",\"et-pb-portfolio-image-single\":\"https:\\\/\\\/www.vignevin.com\\\/wp-content\\\/uploads\\\/2019\\\/03\\\/AgrypoAnnxium2.jpg\",\"et-pb-gallery-module-image-portrait\":\"https:\\\/\\\/www.vignevin.com\\\/wp-content\\\/uploads\\\/2019\\\/03\\\/AgrypoAnnxium2.jpg\",\"et-pb-post-main-image-fullwidth-large\":\"https:\\\/\\\/www.vignevin.com\\\/wp-content\\\/uploads\\\/2019\\\/03\\\/AgrypoAnnxium2.jpg\",\"et-pb-image--responsive--desktop\":\"https:\\\/\\\/www.vignevin.com\\\/wp-content\\\/uploads\\\/2019\\\/03\\\/AgrypoAnnxium2.jpg\",\"et-pb-image--responsive--tablet\":\"https:\\\/\\\/www.vignevin.com\\\/wp-content\\\/uploads\\\/2019\\\/03\\\/AgrypoAnnxium2.jpg\",\"et-pb-image--responsive--phone\":\"https:\\\/\\\/www.vignevin.com\\\/wp-content\\\/uploads\\\/2019\\\/03\\\/AgrypoAnnxium2.jpg\",\"gform-image-choice-sm\":\"https:\\\/\\\/www.vignevin.com\\\/wp-content\\\/uploads\\\/2019\\\/03\\\/AgrypoAnnxium2.jpg\",\"gform-image-choice-md\":\"https:\\\/\\\/www.vignevin.com\\\/wp-content\\\/uploads\\\/2019\\\/03\\\/AgrypoAnnxium2.jpg\",\"gform-image-choice-lg\":\"https:\\\/\\\/www.vignevin.com\\\/wp-content\\\/uploads\\\/2019\\\/03\\\/AgrypoAnnxium2.jpg\",\"woocommerce_thumbnail\":\"https:\\\/\\\/www.vignevin.com\\\/wp-content\\\/uploads\\\/2019\\\/03\\\/AgrypoAnnxium2.jpg\",\"woocommerce_single\":\"https:\\\/\\\/www.vignevin.com\\\/wp-content\\\/uploads\\\/2019\\\/03\\\/AgrypoAnnxium2.jpg\",\"woocommerce_gallery_thumbnail\":\"https:\\\/\\\/www.vignevin.com\\\/wp-content\\\/uploads\\\/2019\\\/03\\\/AgrypoAnnxium2-100x100.jpg\",\"full\":\"https:\\\/\\\/www.vignevin.com\\\/wp-content\\\/uploads\\\/2019\\\/03\\\/AgrypoAnnxium2.jpg\",\"index\":0,\"id\":7069,\"video\":false,\"opts\":{\"caption\":\"\",\"thumb\":\"https:\\\/\\\/www.vignevin.com\\\/wp-content\\\/uploads\\\/2019\\\/03\\\/AgrypoAnnxium2-75x50_c.jpg\",\"title\":\"AgrypoAnnxium2\"},\"gallery_id\":17415,\"gallery_title\":\"Grapevines auxiliary fauna\"},\"7073\":{\"status\":\"active\",\"src\":\"https:\\\/\\\/www.vignevin.com\\\/wp-content\\\/uploads\\\/2019\\\/03\\\/campoplex-cf-capitator1-scaled.jpg\",\"title\":\"campoplex cf capitator\",\"link\":\"https:\\\/\\\/www.vignevin.com\\\/wp-content\\\/uploads\\\/2019\\\/03\\\/campoplex-cf-capitator1.jpg\",\"alt\":\"\",\"caption\":false,\"thumb\":{\"errors\":{\"envira-gallery-error-no-file\":[\"No file could be found for the image URL specified.\"]},\"error_data\":[]},\"meta\":{\"aperture\":null,\"credit\":null,\"camera\":null,\"caption\":\"\",\"created_timestamp\":null,\"copyright\":null,\"focal_length\":null,\"iso\":null,\"shutter_speed\":null,\"title\":\"\",\"orientation\":null,\"keywords\":null},\"thumbnail\":\"https:\\\/\\\/www.vignevin.com\\\/wp-content\\\/uploads\\\/2019\\\/03\\\/campoplex-cf-capitator1-150x150.jpg\",\"medium\":\"https:\\\/\\\/www.vignevin.com\\\/wp-content\\\/uploads\\\/2019\\\/03\\\/campoplex-cf-capitator1-300x199.jpg\",\"medium_large\":\"https:\\\/\\\/www.vignevin.com\\\/wp-content\\\/uploads\\\/2019\\\/03\\\/campoplex-cf-capitator1-768x509.jpg\",\"large\":\"https:\\\/\\\/www.vignevin.com\\\/wp-content\\\/uploads\\\/2019\\\/03\\\/campoplex-cf-capitator1-1024x679.jpg\",\"1536x1536\":\"https:\\\/\\\/www.vignevin.com\\\/wp-content\\\/uploads\\\/2019\\\/03\\\/campoplex-cf-capitator1-scaled.jpg\",\"2048x2048\":\"https:\\\/\\\/www.vignevin.com\\\/wp-content\\\/uploads\\\/2019\\\/03\\\/campoplex-cf-capitator1-scaled.jpg\",\"et-pb-post-main-image\":\"https:\\\/\\\/www.vignevin.com\\\/wp-content\\\/uploads\\\/2019\\\/03\\\/campoplex-cf-capitator1-400x250.jpg\",\"et-pb-post-main-image-fullwidth\":\"https:\\\/\\\/www.vignevin.com\\\/wp-content\\\/uploads\\\/2019\\\/03\\\/campoplex-cf-capitator1-1080x675.jpg\",\"et-pb-portfolio-image\":\"https:\\\/\\\/www.vignevin.com\\\/wp-content\\\/uploads\\\/2019\\\/03\\\/campoplex-cf-capitator1-400x284.jpg\",\"et-pb-portfolio-module-image\":\"https:\\\/\\\/www.vignevin.com\\\/wp-content\\\/uploads\\\/2019\\\/03\\\/campoplex-cf-capitator1-510x382.jpg\",\"et-pb-portfolio-image-single\":\"https:\\\/\\\/www.vignevin.com\\\/wp-content\\\/uploads\\\/2019\\\/03\\\/campoplex-cf-capitator1-1080x716.jpg\",\"et-pb-gallery-module-image-portrait\":\"https:\\\/\\\/www.vignevin.com\\\/wp-content\\\/uploads\\\/2019\\\/03\\\/campoplex-cf-capitator1-400x516.jpg\",\"et-pb-post-main-image-fullwidth-large\":\"https:\\\/\\\/www.vignevin.com\\\/wp-content\\\/uploads\\\/2019\\\/03\\\/campoplex-cf-capitator1-2880x1800.jpg\",\"et-pb-image--responsive--desktop\":\"https:\\\/\\\/www.vignevin.com\\\/wp-content\\\/uploads\\\/2019\\\/03\\\/campoplex-cf-capitator1-scaled.jpg\",\"et-pb-image--responsive--tablet\":\"https:\\\/\\\/www.vignevin.com\\\/wp-content\\\/uploads\\\/2019\\\/03\\\/campoplex-cf-capitator1-scaled.jpg\",\"et-pb-image--responsive--phone\":\"https:\\\/\\\/www.vignevin.com\\\/wp-content\\\/uploads\\\/2019\\\/03\\\/campoplex-cf-capitator1-scaled.jpg\",\"gform-image-choice-sm\":\"https:\\\/\\\/www.vignevin.com\\\/wp-content\\\/uploads\\\/2019\\\/03\\\/campoplex-cf-capitator1-scaled.jpg\",\"gform-image-choice-md\":\"https:\\\/\\\/www.vignevin.com\\\/wp-content\\\/uploads\\\/2019\\\/03\\\/campoplex-cf-capitator1-scaled.jpg\",\"gform-image-choice-lg\":\"https:\\\/\\\/www.vignevin.com\\\/wp-content\\\/uploads\\\/2019\\\/03\\\/campoplex-cf-capitator1-scaled.jpg\",\"woocommerce_thumbnail\":\"https:\\\/\\\/www.vignevin.com\\\/wp-content\\\/uploads\\\/2019\\\/03\\\/campoplex-cf-capitator1-scaled-300x300.jpg\",\"woocommerce_single\":\"https:\\\/\\\/www.vignevin.com\\\/wp-content\\\/uploads\\\/2019\\\/03\\\/campoplex-cf-capitator1-scaled-600x398.jpg\",\"woocommerce_gallery_thumbnail\":\"https:\\\/\\\/www.vignevin.com\\\/wp-content\\\/uploads\\\/2019\\\/03\\\/campoplex-cf-capitator1-scaled-100x100.jpg\",\"full\":\"https:\\\/\\\/www.vignevin.com\\\/wp-content\\\/uploads\\\/2019\\\/03\\\/campoplex-cf-capitator1-scaled.jpg\",\"index\":1,\"id\":7073,\"video\":false,\"opts\":{\"caption\":\"\",\"thumb\":{\"errors\":{\"envira-gallery-error-no-file\":[\"No file could be found for the image URL specified.\"]},\"error_data\":[]},\"title\":\"campoplex cf capitator\"},\"gallery_id\":17415,\"gallery_title\":\"Grapevines auxiliary fauna\"}}'  data-gallery-sort-ids='[7069,7073]'  class=\"envira-album-gallery-17415 \" title=\"Grapevines auxiliary fauna\" ><div class=\"envira-lazy\" style=\"padding-bottom:66.666666666667%;\"><img loading=\"lazy\" decoding=\"async\" id=\"envira-gallery-image-17415\" class=\"envira-gallery-image envira-gallery-image-4\" data-envira-index=\"4\" src=\"https:\/\/www.vignevin.com\/wp-content\/uploads\/2019\/03\/AgrypoAnnxium2-600x400_c.jpg\" width=\"600\" height=\"400\" data-envira-src=\"https:\/\/www.vignevin.com\/wp-content\/uploads\/2019\/03\/AgrypoAnnxium2-600x400_c.jpg\" data-envira-album-id=\"17390\" data-envira-gallery-id=\"17415\" data-envira-item-id=\"17415\" data-caption=\"Grapevines auxiliary fauna\" alt=\"\" title=\"Grapevines auxiliary fauna\"  data-envira-srcset=\"https:\/\/www.vignevin.com\/wp-content\/uploads\/2019\/03\/AgrypoAnnxium2-600x400_c.jpg 400w,https:\/\/www.vignevin.com\/wp-content\/uploads\/2019\/03\/AgrypoAnnxium2-600x400_c.jpg 2x\" srcset=\"data:image\/gif;base64,R0lGODlhAQABAIAAAP\/\/\/\/\/\/\/yH5BAEKAAEALAAAAAABAAEAAAICTAEAOw==\" \/><\/div><\/a><div class=\"envira-album-title\">Grapevines auxiliary fauna<\/div><\/div><\/div><div id=\"envira-gallery-item-17388\" class=\"envira-gallery-item enviratope-item envira-gallery-item-5\" style=\"padding-left: 5px; padding-bottom: 10px; padding-right: 5px;\" ><div class=\"envira-gallery-item-inner\"><div class=\"envira-gallery-position-overlay  envira-gallery-top-left\"><\/div><div class=\"envira-gallery-position-overlay  envira-gallery-top-right\"><\/div><div class=\"envira-gallery-position-overlay  envira-gallery-bottom-left\"><\/div><div class=\"envira-gallery-position-overlay  envira-gallery-bottom-right\"><\/div><a href=\"https:\/\/www.vignevin.com\/en\/galerie\/carences\/\" data-gallery-images='{\"10056\":{\"status\":\"active\",\"src\":\"https:\\\/\\\/www.vignevin.com\\\/wp-content\\\/uploads\\\/2019\\\/09\\\/Jaunissement-li\u00e9-\u00e0-une-mutation-somatique-2.jpg\",\"title\":\"Jaunissement li&amp;eacute; &amp;agrave; une mutation somatique (2)\",\"link\":\"https:\\\/\\\/www.vignevin.com\\\/wp-content\\\/uploads\\\/2019\\\/09\\\/Jaunissement-li\u00e9-\u00e0-une-mutation-somatique-2.jpg\",\"alt\":\"\",\"caption\":false,\"thumb\":\"https:\\\/\\\/www.vignevin.com\\\/wp-content\\\/uploads\\\/2019\\\/09\\\/Jaunissement-li\u00e9-\u00e0-une-mutation-somatique-2-75x50_c.jpg\",\"meta\":{\"aperture\":null,\"credit\":null,\"camera\":null,\"caption\":\"\",\"created_timestamp\":null,\"copyright\":null,\"focal_length\":null,\"iso\":null,\"shutter_speed\":null,\"title\":\"\",\"orientation\":null,\"keywords\":null},\"thumbnail\":\"https:\\\/\\\/www.vignevin.com\\\/wp-content\\\/uploads\\\/2019\\\/09\\\/Jaunissement-li\u00e9-\u00e0-une-mutation-somatique-2-150x150.jpg\",\"medium\":\"https:\\\/\\\/www.vignevin.com\\\/wp-content\\\/uploads\\\/2019\\\/09\\\/Jaunissement-li\u00e9-\u00e0-une-mutation-somatique-2-292x300.jpg\",\"medium_large\":\"https:\\\/\\\/www.vignevin.com\\\/wp-content\\\/uploads\\\/2019\\\/09\\\/Jaunissement-li\u00e9-\u00e0-une-mutation-somatique-2.jpg\",\"large\":\"https:\\\/\\\/www.vignevin.com\\\/wp-content\\\/uploads\\\/2019\\\/09\\\/Jaunissement-li\u00e9-\u00e0-une-mutation-somatique-2.jpg\",\"1536x1536\":\"https:\\\/\\\/www.vignevin.com\\\/wp-content\\\/uploads\\\/2019\\\/09\\\/Jaunissement-li\u00e9-\u00e0-une-mutation-somatique-2.jpg\",\"2048x2048\":\"https:\\\/\\\/www.vignevin.com\\\/wp-content\\\/uploads\\\/2019\\\/09\\\/Jaunissement-li\u00e9-\u00e0-une-mutation-somatique-2.jpg\",\"et-pb-post-main-image\":\"https:\\\/\\\/www.vignevin.com\\\/wp-content\\\/uploads\\\/2019\\\/09\\\/Jaunissement-li\u00e9-\u00e0-une-mutation-somatique-2-400x250.jpg\",\"et-pb-post-main-image-fullwidth\":\"https:\\\/\\\/www.vignevin.com\\\/wp-content\\\/uploads\\\/2019\\\/09\\\/Jaunissement-li\u00e9-\u00e0-une-mutation-somatique-2.jpg\",\"et-pb-portfolio-image\":\"https:\\\/\\\/www.vignevin.com\\\/wp-content\\\/uploads\\\/2019\\\/09\\\/Jaunissement-li\u00e9-\u00e0-une-mutation-somatique-2-400x284.jpg\",\"et-pb-portfolio-module-image\":\"https:\\\/\\\/www.vignevin.com\\\/wp-content\\\/uploads\\\/2019\\\/09\\\/Jaunissement-li\u00e9-\u00e0-une-mutation-somatique-2-510x382.jpg\",\"et-pb-portfolio-image-single\":\"https:\\\/\\\/www.vignevin.com\\\/wp-content\\\/uploads\\\/2019\\\/09\\\/Jaunissement-li\u00e9-\u00e0-une-mutation-somatique-2.jpg\",\"et-pb-gallery-module-image-portrait\":\"https:\\\/\\\/www.vignevin.com\\\/wp-content\\\/uploads\\\/2019\\\/09\\\/Jaunissement-li\u00e9-\u00e0-une-mutation-somatique-2-400x516.jpg\",\"et-pb-post-main-image-fullwidth-large\":\"https:\\\/\\\/www.vignevin.com\\\/wp-content\\\/uploads\\\/2019\\\/09\\\/Jaunissement-li\u00e9-\u00e0-une-mutation-somatique-2.jpg\",\"et-pb-image--responsive--desktop\":\"https:\\\/\\\/www.vignevin.com\\\/wp-content\\\/uploads\\\/2019\\\/09\\\/Jaunissement-li\u00e9-\u00e0-une-mutation-somatique-2.jpg\",\"et-pb-image--responsive--tablet\":\"https:\\\/\\\/www.vignevin.com\\\/wp-content\\\/uploads\\\/2019\\\/09\\\/Jaunissement-li\u00e9-\u00e0-une-mutation-somatique-2.jpg\",\"et-pb-image--responsive--phone\":\"https:\\\/\\\/www.vignevin.com\\\/wp-content\\\/uploads\\\/2019\\\/09\\\/Jaunissement-li\u00e9-\u00e0-une-mutation-somatique-2.jpg\",\"gform-image-choice-sm\":\"https:\\\/\\\/www.vignevin.com\\\/wp-content\\\/uploads\\\/2019\\\/09\\\/Jaunissement-li\u00e9-\u00e0-une-mutation-somatique-2.jpg\",\"gform-image-choice-md\":\"https:\\\/\\\/www.vignevin.com\\\/wp-content\\\/uploads\\\/2019\\\/09\\\/Jaunissement-li\u00e9-\u00e0-une-mutation-somatique-2.jpg\",\"gform-image-choice-lg\":\"https:\\\/\\\/www.vignevin.com\\\/wp-content\\\/uploads\\\/2019\\\/09\\\/Jaunissement-li\u00e9-\u00e0-une-mutation-somatique-2.jpg\",\"woocommerce_thumbnail\":\"https:\\\/\\\/www.vignevin.com\\\/wp-content\\\/uploads\\\/2019\\\/09\\\/Jaunissement-li\u00e9-\u00e0-une-mutation-somatique-2-300x300.jpg\",\"woocommerce_single\":\"https:\\\/\\\/www.vignevin.com\\\/wp-content\\\/uploads\\\/2019\\\/09\\\/Jaunissement-li\u00e9-\u00e0-une-mutation-somatique-2-600x616.jpg\",\"woocommerce_gallery_thumbnail\":\"https:\\\/\\\/www.vignevin.com\\\/wp-content\\\/uploads\\\/2019\\\/09\\\/Jaunissement-li\u00e9-\u00e0-une-mutation-somatique-2-100x100.jpg\",\"full\":\"https:\\\/\\\/www.vignevin.com\\\/wp-content\\\/uploads\\\/2019\\\/09\\\/Jaunissement-li\u00e9-\u00e0-une-mutation-somatique-2.jpg\",\"index\":0,\"id\":10056,\"video\":false,\"opts\":{\"caption\":\"\",\"thumb\":\"https:\\\/\\\/www.vignevin.com\\\/wp-content\\\/uploads\\\/2019\\\/09\\\/Jaunissement-li\u00e9-\u00e0-une-mutation-somatique-2-75x50_c.jpg\",\"title\":\"Jaunissement li&amp;eacute; &amp;agrave; une mutation somatique (2)\"},\"gallery_id\":17388,\"gallery_title\":\"Grapevines Deficiencies\"},\"10057\":{\"status\":\"active\",\"src\":\"https:\\\/\\\/www.vignevin.com\\\/wp-content\\\/uploads\\\/2019\\\/09\\\/Jaunissement-li\u00e9-\u00e0-une-mutation-somatique-2-1.jpg\",\"title\":\"Jaunissement li&amp;eacute; &amp;agrave; une mutation somatique 2\",\"link\":\"https:\\\/\\\/www.vignevin.com\\\/wp-content\\\/uploads\\\/2019\\\/09\\\/Jaunissement-li\u00e9-\u00e0-une-mutation-somatique-2-1.jpg\",\"alt\":\"\",\"caption\":false,\"thumb\":\"https:\\\/\\\/www.vignevin.com\\\/wp-content\\\/uploads\\\/2019\\\/09\\\/Jaunissement-li\u00e9-\u00e0-une-mutation-somatique-2-1-75x50_c.jpg\",\"meta\":{\"aperture\":\"3.3\",\"credit\":null,\"camera\":\"DMC-TZ10\",\"caption\":\"\",\"created_timestamp\":\"1308734010\",\"copyright\":null,\"focal_length\":\"4.1\",\"iso\":\"80\",\"shutter_speed\":\"0.025\",\"title\":\"\",\"orientation\":\"1\",\"keywords\":null},\"thumbnail\":\"https:\\\/\\\/www.vignevin.com\\\/wp-content\\\/uploads\\\/2019\\\/09\\\/Jaunissement-li\u00e9-\u00e0-une-mutation-somatique-2-1-150x150.jpg\",\"medium\":\"https:\\\/\\\/www.vignevin.com\\\/wp-content\\\/uploads\\\/2019\\\/09\\\/Jaunissement-li\u00e9-\u00e0-une-mutation-somatique-2-1-300x225.jpg\",\"medium_large\":\"https:\\\/\\\/www.vignevin.com\\\/wp-content\\\/uploads\\\/2019\\\/09\\\/Jaunissement-li\u00e9-\u00e0-une-mutation-somatique-2-1-768x576.jpg\",\"large\":\"https:\\\/\\\/www.vignevin.com\\\/wp-content\\\/uploads\\\/2019\\\/09\\\/Jaunissement-li\u00e9-\u00e0-une-mutation-somatique-2-1-1024x768.jpg\",\"1536x1536\":\"https:\\\/\\\/www.vignevin.com\\\/wp-content\\\/uploads\\\/2019\\\/09\\\/Jaunissement-li\u00e9-\u00e0-une-mutation-somatique-2-1.jpg\",\"2048x2048\":\"https:\\\/\\\/www.vignevin.com\\\/wp-content\\\/uploads\\\/2019\\\/09\\\/Jaunissement-li\u00e9-\u00e0-une-mutation-somatique-2-1.jpg\",\"et-pb-post-main-image\":\"https:\\\/\\\/www.vignevin.com\\\/wp-content\\\/uploads\\\/2019\\\/09\\\/Jaunissement-li\u00e9-\u00e0-une-mutation-somatique-2-1-400x250.jpg\",\"et-pb-post-main-image-fullwidth\":\"https:\\\/\\\/www.vignevin.com\\\/wp-content\\\/uploads\\\/2019\\\/09\\\/Jaunissement-li\u00e9-\u00e0-une-mutation-somatique-2-1-1080x675.jpg\",\"et-pb-portfolio-image\":\"https:\\\/\\\/www.vignevin.com\\\/wp-content\\\/uploads\\\/2019\\\/09\\\/Jaunissement-li\u00e9-\u00e0-une-mutation-somatique-2-1-400x284.jpg\",\"et-pb-portfolio-module-image\":\"https:\\\/\\\/www.vignevin.com\\\/wp-content\\\/uploads\\\/2019\\\/09\\\/Jaunissement-li\u00e9-\u00e0-une-mutation-somatique-2-1-510x382.jpg\",\"et-pb-portfolio-image-single\":\"https:\\\/\\\/www.vignevin.com\\\/wp-content\\\/uploads\\\/2019\\\/09\\\/Jaunissement-li\u00e9-\u00e0-une-mutation-somatique-2-1-1080x810.jpg\",\"et-pb-gallery-module-image-portrait\":\"https:\\\/\\\/www.vignevin.com\\\/wp-content\\\/uploads\\\/2019\\\/09\\\/Jaunissement-li\u00e9-\u00e0-une-mutation-somatique-2-1-400x516.jpg\",\"et-pb-post-main-image-fullwidth-large\":\"https:\\\/\\\/www.vignevin.com\\\/wp-content\\\/uploads\\\/2019\\\/09\\\/Jaunissement-li\u00e9-\u00e0-une-mutation-somatique-2-1-2560x1800.jpg\",\"et-pb-image--responsive--desktop\":\"https:\\\/\\\/www.vignevin.com\\\/wp-content\\\/uploads\\\/2019\\\/09\\\/Jaunissement-li\u00e9-\u00e0-une-mutation-somatique-2-1.jpg\",\"et-pb-image--responsive--tablet\":\"https:\\\/\\\/www.vignevin.com\\\/wp-content\\\/uploads\\\/2019\\\/09\\\/Jaunissement-li\u00e9-\u00e0-une-mutation-somatique-2-1.jpg\",\"et-pb-image--responsive--phone\":\"https:\\\/\\\/www.vignevin.com\\\/wp-content\\\/uploads\\\/2019\\\/09\\\/Jaunissement-li\u00e9-\u00e0-une-mutation-somatique-2-1.jpg\",\"gform-image-choice-sm\":\"https:\\\/\\\/www.vignevin.com\\\/wp-content\\\/uploads\\\/2019\\\/09\\\/Jaunissement-li\u00e9-\u00e0-une-mutation-somatique-2-1.jpg\",\"gform-image-choice-md\":\"https:\\\/\\\/www.vignevin.com\\\/wp-content\\\/uploads\\\/2019\\\/09\\\/Jaunissement-li\u00e9-\u00e0-une-mutation-somatique-2-1.jpg\",\"gform-image-choice-lg\":\"https:\\\/\\\/www.vignevin.com\\\/wp-content\\\/uploads\\\/2019\\\/09\\\/Jaunissement-li\u00e9-\u00e0-une-mutation-somatique-2-1.jpg\",\"woocommerce_thumbnail\":\"https:\\\/\\\/www.vignevin.com\\\/wp-content\\\/uploads\\\/2019\\\/09\\\/Jaunissement-li\u00e9-\u00e0-une-mutation-somatique-2-1-300x300.jpg\",\"woocommerce_single\":\"https:\\\/\\\/www.vignevin.com\\\/wp-content\\\/uploads\\\/2019\\\/09\\\/Jaunissement-li\u00e9-\u00e0-une-mutation-somatique-2-1-600x450.jpg\",\"woocommerce_gallery_thumbnail\":\"https:\\\/\\\/www.vignevin.com\\\/wp-content\\\/uploads\\\/2019\\\/09\\\/Jaunissement-li\u00e9-\u00e0-une-mutation-somatique-2-1-100x100.jpg\",\"full\":\"https:\\\/\\\/www.vignevin.com\\\/wp-content\\\/uploads\\\/2019\\\/09\\\/Jaunissement-li\u00e9-\u00e0-une-mutation-somatique-2-1.jpg\",\"index\":1,\"id\":10057,\"video\":false,\"opts\":{\"caption\":\"\",\"thumb\":\"https:\\\/\\\/www.vignevin.com\\\/wp-content\\\/uploads\\\/2019\\\/09\\\/Jaunissement-li\u00e9-\u00e0-une-mutation-somatique-2-1-75x50_c.jpg\",\"title\":\"Jaunissement li&amp;eacute; &amp;agrave; une mutation somatique 2\"},\"gallery_id\":17388,\"gallery_title\":\"Grapevines Deficiencies\"},\"10058\":{\"status\":\"active\",\"src\":\"https:\\\/\\\/www.vignevin.com\\\/wp-content\\\/uploads\\\/2019\\\/09\\\/Jaunissement-li\u00e9-\u00e0-une-mutation-somatique-3.jpg\",\"title\":\"Jaunissement li&amp;eacute; &amp;agrave; une mutation somatique 3\",\"link\":\"https:\\\/\\\/www.vignevin.com\\\/wp-content\\\/uploads\\\/2019\\\/09\\\/Jaunissement-li\u00e9-\u00e0-une-mutation-somatique-3.jpg\",\"alt\":\"\",\"caption\":false,\"thumb\":\"https:\\\/\\\/www.vignevin.com\\\/wp-content\\\/uploads\\\/2019\\\/09\\\/Jaunissement-li\u00e9-\u00e0-une-mutation-somatique-3-75x50_c.jpg\",\"meta\":{\"aperture\":\"4\",\"credit\":null,\"camera\":\"DMC-TZ10\",\"caption\":\"\",\"created_timestamp\":\"1340990952\",\"copyright\":null,\"focal_length\":\"4.1\",\"iso\":\"80\",\"shutter_speed\":\"0.00625\",\"title\":\"\",\"orientation\":\"1\",\"keywords\":null},\"thumbnail\":\"https:\\\/\\\/www.vignevin.com\\\/wp-content\\\/uploads\\\/2019\\\/09\\\/Jaunissement-li\u00e9-\u00e0-une-mutation-somatique-3-150x150.jpg\",\"medium\":\"https:\\\/\\\/www.vignevin.com\\\/wp-content\\\/uploads\\\/2019\\\/09\\\/Jaunissement-li\u00e9-\u00e0-une-mutation-somatique-3-225x300.jpg\",\"medium_large\":\"https:\\\/\\\/www.vignevin.com\\\/wp-content\\\/uploads\\\/2019\\\/09\\\/Jaunissement-li\u00e9-\u00e0-une-mutation-somatique-3-768x1024.jpg\",\"large\":\"https:\\\/\\\/www.vignevin.com\\\/wp-content\\\/uploads\\\/2019\\\/09\\\/Jaunissement-li\u00e9-\u00e0-une-mutation-somatique-3-768x1024.jpg\",\"1536x1536\":\"https:\\\/\\\/www.vignevin.com\\\/wp-content\\\/uploads\\\/2019\\\/09\\\/Jaunissement-li\u00e9-\u00e0-une-mutation-somatique-3.jpg\",\"2048x2048\":\"https:\\\/\\\/www.vignevin.com\\\/wp-content\\\/uploads\\\/2019\\\/09\\\/Jaunissement-li\u00e9-\u00e0-une-mutation-somatique-3.jpg\",\"et-pb-post-main-image\":\"https:\\\/\\\/www.vignevin.com\\\/wp-content\\\/uploads\\\/2019\\\/09\\\/Jaunissement-li\u00e9-\u00e0-une-mutation-somatique-3-400x250.jpg\",\"et-pb-post-main-image-fullwidth\":\"https:\\\/\\\/www.vignevin.com\\\/wp-content\\\/uploads\\\/2019\\\/09\\\/Jaunissement-li\u00e9-\u00e0-une-mutation-somatique-3-1080x675.jpg\",\"et-pb-portfolio-image\":\"https:\\\/\\\/www.vignevin.com\\\/wp-content\\\/uploads\\\/2019\\\/09\\\/Jaunissement-li\u00e9-\u00e0-une-mutation-somatique-3-400x284.jpg\",\"et-pb-portfolio-module-image\":\"https:\\\/\\\/www.vignevin.com\\\/wp-content\\\/uploads\\\/2019\\\/09\\\/Jaunissement-li\u00e9-\u00e0-une-mutation-somatique-3-510x382.jpg\",\"et-pb-portfolio-image-single\":\"https:\\\/\\\/www.vignevin.com\\\/wp-content\\\/uploads\\\/2019\\\/09\\\/Jaunissement-li\u00e9-\u00e0-une-mutation-somatique-3-1080x1440.jpg\",\"et-pb-gallery-module-image-portrait\":\"https:\\\/\\\/www.vignevin.com\\\/wp-content\\\/uploads\\\/2019\\\/09\\\/Jaunissement-li\u00e9-\u00e0-une-mutation-somatique-3-400x516.jpg\",\"et-pb-post-main-image-fullwidth-large\":\"https:\\\/\\\/www.vignevin.com\\\/wp-content\\\/uploads\\\/2019\\\/09\\\/Jaunissement-li\u00e9-\u00e0-une-mutation-somatique-3-1920x1800.jpg\",\"et-pb-image--responsive--desktop\":\"https:\\\/\\\/www.vignevin.com\\\/wp-content\\\/uploads\\\/2019\\\/09\\\/Jaunissement-li\u00e9-\u00e0-une-mutation-somatique-3.jpg\",\"et-pb-image--responsive--tablet\":\"https:\\\/\\\/www.vignevin.com\\\/wp-content\\\/uploads\\\/2019\\\/09\\\/Jaunissement-li\u00e9-\u00e0-une-mutation-somatique-3.jpg\",\"et-pb-image--responsive--phone\":\"https:\\\/\\\/www.vignevin.com\\\/wp-content\\\/uploads\\\/2019\\\/09\\\/Jaunissement-li\u00e9-\u00e0-une-mutation-somatique-3.jpg\",\"gform-image-choice-sm\":\"https:\\\/\\\/www.vignevin.com\\\/wp-content\\\/uploads\\\/2019\\\/09\\\/Jaunissement-li\u00e9-\u00e0-une-mutation-somatique-3.jpg\",\"gform-image-choice-md\":\"https:\\\/\\\/www.vignevin.com\\\/wp-content\\\/uploads\\\/2019\\\/09\\\/Jaunissement-li\u00e9-\u00e0-une-mutation-somatique-3.jpg\",\"gform-image-choice-lg\":\"https:\\\/\\\/www.vignevin.com\\\/wp-content\\\/uploads\\\/2019\\\/09\\\/Jaunissement-li\u00e9-\u00e0-une-mutation-somatique-3.jpg\",\"woocommerce_thumbnail\":\"https:\\\/\\\/www.vignevin.com\\\/wp-content\\\/uploads\\\/2019\\\/09\\\/Jaunissement-li\u00e9-\u00e0-une-mutation-somatique-3-300x300.jpg\",\"woocommerce_single\":\"https:\\\/\\\/www.vignevin.com\\\/wp-content\\\/uploads\\\/2019\\\/09\\\/Jaunissement-li\u00e9-\u00e0-une-mutation-somatique-3-600x800.jpg\",\"woocommerce_gallery_thumbnail\":\"https:\\\/\\\/www.vignevin.com\\\/wp-content\\\/uploads\\\/2019\\\/09\\\/Jaunissement-li\u00e9-\u00e0-une-mutation-somatique-3-100x100.jpg\",\"full\":\"https:\\\/\\\/www.vignevin.com\\\/wp-content\\\/uploads\\\/2019\\\/09\\\/Jaunissement-li\u00e9-\u00e0-une-mutation-somatique-3.jpg\",\"index\":2,\"id\":10058,\"video\":false,\"opts\":{\"caption\":\"\",\"thumb\":\"https:\\\/\\\/www.vignevin.com\\\/wp-content\\\/uploads\\\/2019\\\/09\\\/Jaunissement-li\u00e9-\u00e0-une-mutation-somatique-3-75x50_c.jpg\",\"title\":\"Jaunissement li&amp;eacute; &amp;agrave; une mutation somatique 3\"},\"gallery_id\":17388,\"gallery_title\":\"Grapevines Deficiencies\"},\"10059\":{\"status\":\"active\",\"src\":\"https:\\\/\\\/www.vignevin.com\\\/wp-content\\\/uploads\\\/2019\\\/09\\\/Jaunissement-li\u00e9-\u00e0-une-mutation-somatique-4.jpg\",\"title\":\"OLYMPUS DIGITAL CAMERA\",\"link\":\"https:\\\/\\\/www.vignevin.com\\\/wp-content\\\/uploads\\\/2019\\\/09\\\/Jaunissement-li\u00e9-\u00e0-une-mutation-somatique-4.jpg\",\"alt\":\"\",\"caption\":\"OLYMPUS DIGITAL CAMERA\",\"thumb\":\"https:\\\/\\\/www.vignevin.com\\\/wp-content\\\/uploads\\\/2019\\\/09\\\/Jaunissement-li\u00e9-\u00e0-une-mutation-somatique-4-75x50_c.jpg\",\"meta\":{\"aperture\":\"4.8\",\"credit\":null,\"camera\":\"C-5000Z\",\"caption\":\"OLYMPUS DIGITAL CAMERA\",\"created_timestamp\":\"1221128430\",\"copyright\":null,\"focal_length\":\"7.8\",\"iso\":\"50\",\"shutter_speed\":\"0.033333333333333\",\"title\":\"OLYMPUS DIGITAL CAMERA\",\"orientation\":null,\"keywords\":null},\"thumbnail\":\"https:\\\/\\\/www.vignevin.com\\\/wp-content\\\/uploads\\\/2019\\\/09\\\/Jaunissement-li\u00e9-\u00e0-une-mutation-somatique-4-150x150.jpg\",\"medium\":\"https:\\\/\\\/www.vignevin.com\\\/wp-content\\\/uploads\\\/2019\\\/09\\\/Jaunissement-li\u00e9-\u00e0-une-mutation-somatique-4-225x300.jpg\",\"medium_large\":\"https:\\\/\\\/www.vignevin.com\\\/wp-content\\\/uploads\\\/2019\\\/09\\\/Jaunissement-li\u00e9-\u00e0-une-mutation-somatique-4-768x1024.jpg\",\"large\":\"https:\\\/\\\/www.vignevin.com\\\/wp-content\\\/uploads\\\/2019\\\/09\\\/Jaunissement-li\u00e9-\u00e0-une-mutation-somatique-4-768x1024.jpg\",\"1536x1536\":\"https:\\\/\\\/www.vignevin.com\\\/wp-content\\\/uploads\\\/2019\\\/09\\\/Jaunissement-li\u00e9-\u00e0-une-mutation-somatique-4.jpg\",\"2048x2048\":\"https:\\\/\\\/www.vignevin.com\\\/wp-content\\\/uploads\\\/2019\\\/09\\\/Jaunissement-li\u00e9-\u00e0-une-mutation-somatique-4.jpg\",\"et-pb-post-main-image\":\"https:\\\/\\\/www.vignevin.com\\\/wp-content\\\/uploads\\\/2019\\\/09\\\/Jaunissement-li\u00e9-\u00e0-une-mutation-somatique-4-400x250.jpg\",\"et-pb-post-main-image-fullwidth\":\"https:\\\/\\\/www.vignevin.com\\\/wp-content\\\/uploads\\\/2019\\\/09\\\/Jaunissement-li\u00e9-\u00e0-une-mutation-somatique-4-1080x675.jpg\",\"et-pb-portfolio-image\":\"https:\\\/\\\/www.vignevin.com\\\/wp-content\\\/uploads\\\/2019\\\/09\\\/Jaunissement-li\u00e9-\u00e0-une-mutation-somatique-4-400x284.jpg\",\"et-pb-portfolio-module-image\":\"https:\\\/\\\/www.vignevin.com\\\/wp-content\\\/uploads\\\/2019\\\/09\\\/Jaunissement-li\u00e9-\u00e0-une-mutation-somatique-4-510x382.jpg\",\"et-pb-portfolio-image-single\":\"https:\\\/\\\/www.vignevin.com\\\/wp-content\\\/uploads\\\/2019\\\/09\\\/Jaunissement-li\u00e9-\u00e0-une-mutation-somatique-4-1080x1440.jpg\",\"et-pb-gallery-module-image-portrait\":\"https:\\\/\\\/www.vignevin.com\\\/wp-content\\\/uploads\\\/2019\\\/09\\\/Jaunissement-li\u00e9-\u00e0-une-mutation-somatique-4-400x516.jpg\",\"et-pb-post-main-image-fullwidth-large\":\"https:\\\/\\\/www.vignevin.com\\\/wp-content\\\/uploads\\\/2019\\\/09\\\/Jaunissement-li\u00e9-\u00e0-une-mutation-somatique-4.jpg\",\"et-pb-image--responsive--desktop\":\"https:\\\/\\\/www.vignevin.com\\\/wp-content\\\/uploads\\\/2019\\\/09\\\/Jaunissement-li\u00e9-\u00e0-une-mutation-somatique-4.jpg\",\"et-pb-image--responsive--tablet\":\"https:\\\/\\\/www.vignevin.com\\\/wp-content\\\/uploads\\\/2019\\\/09\\\/Jaunissement-li\u00e9-\u00e0-une-mutation-somatique-4.jpg\",\"et-pb-image--responsive--phone\":\"https:\\\/\\\/www.vignevin.com\\\/wp-content\\\/uploads\\\/2019\\\/09\\\/Jaunissement-li\u00e9-\u00e0-une-mutation-somatique-4.jpg\",\"gform-image-choice-sm\":\"https:\\\/\\\/www.vignevin.com\\\/wp-content\\\/uploads\\\/2019\\\/09\\\/Jaunissement-li\u00e9-\u00e0-une-mutation-somatique-4.jpg\",\"gform-image-choice-md\":\"https:\\\/\\\/www.vignevin.com\\\/wp-content\\\/uploads\\\/2019\\\/09\\\/Jaunissement-li\u00e9-\u00e0-une-mutation-somatique-4.jpg\",\"gform-image-choice-lg\":\"https:\\\/\\\/www.vignevin.com\\\/wp-content\\\/uploads\\\/2019\\\/09\\\/Jaunissement-li\u00e9-\u00e0-une-mutation-somatique-4.jpg\",\"woocommerce_thumbnail\":\"https:\\\/\\\/www.vignevin.com\\\/wp-content\\\/uploads\\\/2019\\\/09\\\/Jaunissement-li\u00e9-\u00e0-une-mutation-somatique-4-300x300.jpg\",\"woocommerce_single\":\"https:\\\/\\\/www.vignevin.com\\\/wp-content\\\/uploads\\\/2019\\\/09\\\/Jaunissement-li\u00e9-\u00e0-une-mutation-somatique-4-600x800.jpg\",\"woocommerce_gallery_thumbnail\":\"https:\\\/\\\/www.vignevin.com\\\/wp-content\\\/uploads\\\/2019\\\/09\\\/Jaunissement-li\u00e9-\u00e0-une-mutation-somatique-4-100x100.jpg\",\"full\":\"https:\\\/\\\/www.vignevin.com\\\/wp-content\\\/uploads\\\/2019\\\/09\\\/Jaunissement-li\u00e9-\u00e0-une-mutation-somatique-4.jpg\",\"index\":3,\"id\":10059,\"video\":false,\"opts\":{\"caption\":\"OLYMPUS DIGITAL CAMERA\",\"thumb\":\"https:\\\/\\\/www.vignevin.com\\\/wp-content\\\/uploads\\\/2019\\\/09\\\/Jaunissement-li\u00e9-\u00e0-une-mutation-somatique-4-75x50_c.jpg\",\"title\":\"OLYMPUS DIGITAL CAMERA\"},\"gallery_id\":17388,\"gallery_title\":\"Grapevines Deficiencies\"},\"10060\":{\"status\":\"active\",\"src\":\"https:\\\/\\\/www.vignevin.com\\\/wp-content\\\/uploads\\\/2019\\\/09\\\/Jaunissement-li\u00e9-\u00e0-une-mutation-somatique.jpg\",\"title\":\"Jaunissement li&amp;eacute; &amp;agrave; une mutation somatique\",\"link\":\"https:\\\/\\\/www.vignevin.com\\\/wp-content\\\/uploads\\\/2019\\\/09\\\/Jaunissement-li\u00e9-\u00e0-une-mutation-somatique.jpg\",\"alt\":\"\",\"caption\":false,\"thumb\":\"https:\\\/\\\/www.vignevin.com\\\/wp-content\\\/uploads\\\/2019\\\/09\\\/Jaunissement-li\u00e9-\u00e0-une-mutation-somatique-75x50_c.jpg\",\"meta\":{\"aperture\":\"4\",\"credit\":null,\"camera\":\"DMC-TZ10\",\"caption\":\"\",\"created_timestamp\":\"1276763050\",\"copyright\":null,\"focal_length\":\"4.1\",\"iso\":\"125\",\"shutter_speed\":\"0.005\",\"title\":\"\",\"orientation\":\"1\",\"keywords\":null},\"thumbnail\":\"https:\\\/\\\/www.vignevin.com\\\/wp-content\\\/uploads\\\/2019\\\/09\\\/Jaunissement-li\u00e9-\u00e0-une-mutation-somatique-150x150.jpg\",\"medium\":\"https:\\\/\\\/www.vignevin.com\\\/wp-content\\\/uploads\\\/2019\\\/09\\\/Jaunissement-li\u00e9-\u00e0-une-mutation-somatique-300x225.jpg\",\"medium_large\":\"https:\\\/\\\/www.vignevin.com\\\/wp-content\\\/uploads\\\/2019\\\/09\\\/Jaunissement-li\u00e9-\u00e0-une-mutation-somatique-768x576.jpg\",\"large\":\"https:\\\/\\\/www.vignevin.com\\\/wp-content\\\/uploads\\\/2019\\\/09\\\/Jaunissement-li\u00e9-\u00e0-une-mutation-somatique-1024x768.jpg\",\"1536x1536\":\"https:\\\/\\\/www.vignevin.com\\\/wp-content\\\/uploads\\\/2019\\\/09\\\/Jaunissement-li\u00e9-\u00e0-une-mutation-somatique.jpg\",\"2048x2048\":\"https:\\\/\\\/www.vignevin.com\\\/wp-content\\\/uploads\\\/2019\\\/09\\\/Jaunissement-li\u00e9-\u00e0-une-mutation-somatique.jpg\",\"et-pb-post-main-image\":\"https:\\\/\\\/www.vignevin.com\\\/wp-content\\\/uploads\\\/2019\\\/09\\\/Jaunissement-li\u00e9-\u00e0-une-mutation-somatique-400x250.jpg\",\"et-pb-post-main-image-fullwidth\":\"https:\\\/\\\/www.vignevin.com\\\/wp-content\\\/uploads\\\/2019\\\/09\\\/Jaunissement-li\u00e9-\u00e0-une-mutation-somatique-1080x675.jpg\",\"et-pb-portfolio-image\":\"https:\\\/\\\/www.vignevin.com\\\/wp-content\\\/uploads\\\/2019\\\/09\\\/Jaunissement-li\u00e9-\u00e0-une-mutation-somatique-400x284.jpg\",\"et-pb-portfolio-module-image\":\"https:\\\/\\\/www.vignevin.com\\\/wp-content\\\/uploads\\\/2019\\\/09\\\/Jaunissement-li\u00e9-\u00e0-une-mutation-somatique-510x382.jpg\",\"et-pb-portfolio-image-single\":\"https:\\\/\\\/www.vignevin.com\\\/wp-content\\\/uploads\\\/2019\\\/09\\\/Jaunissement-li\u00e9-\u00e0-une-mutation-somatique-1080x810.jpg\",\"et-pb-gallery-module-image-portrait\":\"https:\\\/\\\/www.vignevin.com\\\/wp-content\\\/uploads\\\/2019\\\/09\\\/Jaunissement-li\u00e9-\u00e0-une-mutation-somatique-400x516.jpg\",\"et-pb-post-main-image-fullwidth-large\":\"https:\\\/\\\/www.vignevin.com\\\/wp-content\\\/uploads\\\/2019\\\/09\\\/Jaunissement-li\u00e9-\u00e0-une-mutation-somatique-2560x1800.jpg\",\"et-pb-image--responsive--desktop\":\"https:\\\/\\\/www.vignevin.com\\\/wp-content\\\/uploads\\\/2019\\\/09\\\/Jaunissement-li\u00e9-\u00e0-une-mutation-somatique.jpg\",\"et-pb-image--responsive--tablet\":\"https:\\\/\\\/www.vignevin.com\\\/wp-content\\\/uploads\\\/2019\\\/09\\\/Jaunissement-li\u00e9-\u00e0-une-mutation-somatique.jpg\",\"et-pb-image--responsive--phone\":\"https:\\\/\\\/www.vignevin.com\\\/wp-content\\\/uploads\\\/2019\\\/09\\\/Jaunissement-li\u00e9-\u00e0-une-mutation-somatique.jpg\",\"gform-image-choice-sm\":\"https:\\\/\\\/www.vignevin.com\\\/wp-content\\\/uploads\\\/2019\\\/09\\\/Jaunissement-li\u00e9-\u00e0-une-mutation-somatique.jpg\",\"gform-image-choice-md\":\"https:\\\/\\\/www.vignevin.com\\\/wp-content\\\/uploads\\\/2019\\\/09\\\/Jaunissement-li\u00e9-\u00e0-une-mutation-somatique.jpg\",\"gform-image-choice-lg\":\"https:\\\/\\\/www.vignevin.com\\\/wp-content\\\/uploads\\\/2019\\\/09\\\/Jaunissement-li\u00e9-\u00e0-une-mutation-somatique.jpg\",\"woocommerce_thumbnail\":\"https:\\\/\\\/www.vignevin.com\\\/wp-content\\\/uploads\\\/2019\\\/09\\\/Jaunissement-li\u00e9-\u00e0-une-mutation-somatique-300x300.jpg\",\"woocommerce_single\":\"https:\\\/\\\/www.vignevin.com\\\/wp-content\\\/uploads\\\/2019\\\/09\\\/Jaunissement-li\u00e9-\u00e0-une-mutation-somatique-600x450.jpg\",\"woocommerce_gallery_thumbnail\":\"https:\\\/\\\/www.vignevin.com\\\/wp-content\\\/uploads\\\/2019\\\/09\\\/Jaunissement-li\u00e9-\u00e0-une-mutation-somatique-100x100.jpg\",\"full\":\"https:\\\/\\\/www.vignevin.com\\\/wp-content\\\/uploads\\\/2019\\\/09\\\/Jaunissement-li\u00e9-\u00e0-une-mutation-somatique.jpg\",\"index\":4,\"id\":10060,\"video\":false,\"opts\":{\"caption\":\"\",\"thumb\":\"https:\\\/\\\/www.vignevin.com\\\/wp-content\\\/uploads\\\/2019\\\/09\\\/Jaunissement-li\u00e9-\u00e0-une-mutation-somatique-75x50_c.jpg\",\"title\":\"Jaunissement li&amp;eacute; &amp;agrave; une mutation somatique\"},\"gallery_id\":17388,\"gallery_title\":\"Grapevines Deficiencies\"},\"10061\":{\"status\":\"active\",\"src\":\"https:\\\/\\\/www.vignevin.com\\\/wp-content\\\/uploads\\\/2019\\\/09\\\/Rougissement-foliaire-du-\u00e0-des-toxicit\u00e9s-en-sol-acide-2.jpg\",\"title\":\"Rougissement foliaire du &amp;agrave; des toxicit&amp;eacute;s en sol acide 2\",\"link\":\"https:\\\/\\\/www.vignevin.com\\\/wp-content\\\/uploads\\\/2019\\\/09\\\/Rougissement-foliaire-du-\u00e0-des-toxicit\u00e9s-en-sol-acide-2.jpg\",\"alt\":\"\",\"caption\":false,\"thumb\":\"https:\\\/\\\/www.vignevin.com\\\/wp-content\\\/uploads\\\/2019\\\/09\\\/Rougissement-foliaire-du-\u00e0-des-toxicit\u00e9s-en-sol-acide-2-75x50_c.jpg\",\"meta\":{\"aperture\":\"3.3\",\"credit\":null,\"camera\":\"DMC-TZ5\",\"caption\":\"\",\"created_timestamp\":\"1279899407\",\"copyright\":null,\"focal_length\":\"4.7\",\"iso\":\"100\",\"shutter_speed\":\"0.03125\",\"title\":\"\",\"orientation\":\"1\",\"keywords\":null},\"thumbnail\":\"https:\\\/\\\/www.vignevin.com\\\/wp-content\\\/uploads\\\/2019\\\/09\\\/Rougissement-foliaire-du-\u00e0-des-toxicit\u00e9s-en-sol-acide-2-150x150.jpg\",\"medium\":\"https:\\\/\\\/www.vignevin.com\\\/wp-content\\\/uploads\\\/2019\\\/09\\\/Rougissement-foliaire-du-\u00e0-des-toxicit\u00e9s-en-sol-acide-2-300x225.jpg\",\"medium_large\":\"https:\\\/\\\/www.vignevin.com\\\/wp-content\\\/uploads\\\/2019\\\/09\\\/Rougissement-foliaire-du-\u00e0-des-toxicit\u00e9s-en-sol-acide-2-768x576.jpg\",\"large\":\"https:\\\/\\\/www.vignevin.com\\\/wp-content\\\/uploads\\\/2019\\\/09\\\/Rougissement-foliaire-du-\u00e0-des-toxicit\u00e9s-en-sol-acide-2-1024x768.jpg\",\"1536x1536\":\"https:\\\/\\\/www.vignevin.com\\\/wp-content\\\/uploads\\\/2019\\\/09\\\/Rougissement-foliaire-du-\u00e0-des-toxicit\u00e9s-en-sol-acide-2.jpg\",\"2048x2048\":\"https:\\\/\\\/www.vignevin.com\\\/wp-content\\\/uploads\\\/2019\\\/09\\\/Rougissement-foliaire-du-\u00e0-des-toxicit\u00e9s-en-sol-acide-2.jpg\",\"et-pb-post-main-image\":\"https:\\\/\\\/www.vignevin.com\\\/wp-content\\\/uploads\\\/2019\\\/09\\\/Rougissement-foliaire-du-\u00e0-des-toxicit\u00e9s-en-sol-acide-2-400x250.jpg\",\"et-pb-post-main-image-fullwidth\":\"https:\\\/\\\/www.vignevin.com\\\/wp-content\\\/uploads\\\/2019\\\/09\\\/Rougissement-foliaire-du-\u00e0-des-toxicit\u00e9s-en-sol-acide-2-1080x675.jpg\",\"et-pb-portfolio-image\":\"https:\\\/\\\/www.vignevin.com\\\/wp-content\\\/uploads\\\/2019\\\/09\\\/Rougissement-foliaire-du-\u00e0-des-toxicit\u00e9s-en-sol-acide-2-400x284.jpg\",\"et-pb-portfolio-module-image\":\"https:\\\/\\\/www.vignevin.com\\\/wp-content\\\/uploads\\\/2019\\\/09\\\/Rougissement-foliaire-du-\u00e0-des-toxicit\u00e9s-en-sol-acide-2-510x382.jpg\",\"et-pb-portfolio-image-single\":\"https:\\\/\\\/www.vignevin.com\\\/wp-content\\\/uploads\\\/2019\\\/09\\\/Rougissement-foliaire-du-\u00e0-des-toxicit\u00e9s-en-sol-acide-2-1080x810.jpg\",\"et-pb-gallery-module-image-portrait\":\"https:\\\/\\\/www.vignevin.com\\\/wp-content\\\/uploads\\\/2019\\\/09\\\/Rougissement-foliaire-du-\u00e0-des-toxicit\u00e9s-en-sol-acide-2-400x516.jpg\",\"et-pb-post-main-image-fullwidth-large\":\"https:\\\/\\\/www.vignevin.com\\\/wp-content\\\/uploads\\\/2019\\\/09\\\/Rougissement-foliaire-du-\u00e0-des-toxicit\u00e9s-en-sol-acide-2.jpg\",\"et-pb-image--responsive--desktop\":\"https:\\\/\\\/www.vignevin.com\\\/wp-content\\\/uploads\\\/2019\\\/09\\\/Rougissement-foliaire-du-\u00e0-des-toxicit\u00e9s-en-sol-acide-2.jpg\",\"et-pb-image--responsive--tablet\":\"https:\\\/\\\/www.vignevin.com\\\/wp-content\\\/uploads\\\/2019\\\/09\\\/Rougissement-foliaire-du-\u00e0-des-toxicit\u00e9s-en-sol-acide-2.jpg\",\"et-pb-image--responsive--phone\":\"https:\\\/\\\/www.vignevin.com\\\/wp-content\\\/uploads\\\/2019\\\/09\\\/Rougissement-foliaire-du-\u00e0-des-toxicit\u00e9s-en-sol-acide-2.jpg\",\"gform-image-choice-sm\":\"https:\\\/\\\/www.vignevin.com\\\/wp-content\\\/uploads\\\/2019\\\/09\\\/Rougissement-foliaire-du-\u00e0-des-toxicit\u00e9s-en-sol-acide-2.jpg\",\"gform-image-choice-md\":\"https:\\\/\\\/www.vignevin.com\\\/wp-content\\\/uploads\\\/2019\\\/09\\\/Rougissement-foliaire-du-\u00e0-des-toxicit\u00e9s-en-sol-acide-2.jpg\",\"gform-image-choice-lg\":\"https:\\\/\\\/www.vignevin.com\\\/wp-content\\\/uploads\\\/2019\\\/09\\\/Rougissement-foliaire-du-\u00e0-des-toxicit\u00e9s-en-sol-acide-2.jpg\",\"woocommerce_thumbnail\":\"https:\\\/\\\/www.vignevin.com\\\/wp-content\\\/uploads\\\/2019\\\/09\\\/Rougissement-foliaire-du-\u00e0-des-toxicit\u00e9s-en-sol-acide-2-300x300.jpg\",\"woocommerce_single\":\"https:\\\/\\\/www.vignevin.com\\\/wp-content\\\/uploads\\\/2019\\\/09\\\/Rougissement-foliaire-du-\u00e0-des-toxicit\u00e9s-en-sol-acide-2-600x450.jpg\",\"woocommerce_gallery_thumbnail\":\"https:\\\/\\\/www.vignevin.com\\\/wp-content\\\/uploads\\\/2019\\\/09\\\/Rougissement-foliaire-du-\u00e0-des-toxicit\u00e9s-en-sol-acide-2-100x100.jpg\",\"full\":\"https:\\\/\\\/www.vignevin.com\\\/wp-content\\\/uploads\\\/2019\\\/09\\\/Rougissement-foliaire-du-\u00e0-des-toxicit\u00e9s-en-sol-acide-2.jpg\",\"index\":5,\"id\":10061,\"video\":false,\"opts\":{\"caption\":\"\",\"thumb\":\"https:\\\/\\\/www.vignevin.com\\\/wp-content\\\/uploads\\\/2019\\\/09\\\/Rougissement-foliaire-du-\u00e0-des-toxicit\u00e9s-en-sol-acide-2-75x50_c.jpg\",\"title\":\"Rougissement foliaire du &amp;agrave; des toxicit&amp;eacute;s en sol acide 2\"},\"gallery_id\":17388,\"gallery_title\":\"Grapevines Deficiencies\"},\"10062\":{\"status\":\"active\",\"src\":\"https:\\\/\\\/www.vignevin.com\\\/wp-content\\\/uploads\\\/2019\\\/09\\\/Rougissement-foliaire-du-\u00e0-des-toxicit\u00e9s-en-sol-acide-3.jpg\",\"title\":\"Rougissement foliaire du &amp;agrave; des toxicit&amp;eacute;s en sol acide 3\",\"link\":\"https:\\\/\\\/www.vignevin.com\\\/wp-content\\\/uploads\\\/2019\\\/09\\\/Rougissement-foliaire-du-\u00e0-des-toxicit\u00e9s-en-sol-acide-3.jpg\",\"alt\":\"\",\"caption\":false,\"thumb\":\"https:\\\/\\\/www.vignevin.com\\\/wp-content\\\/uploads\\\/2019\\\/09\\\/Rougissement-foliaire-du-\u00e0-des-toxicit\u00e9s-en-sol-acide-3-75x50_c.jpg\",\"meta\":{\"aperture\":\"3.3\",\"credit\":null,\"camera\":\"DMC-TZ5\",\"caption\":\"\",\"created_timestamp\":\"1279899450\",\"copyright\":null,\"focal_length\":\"4.7\",\"iso\":\"100\",\"shutter_speed\":\"0.03125\",\"title\":\"\",\"orientation\":\"1\",\"keywords\":null},\"thumbnail\":\"https:\\\/\\\/www.vignevin.com\\\/wp-content\\\/uploads\\\/2019\\\/09\\\/Rougissement-foliaire-du-\u00e0-des-toxicit\u00e9s-en-sol-acide-3-150x150.jpg\",\"medium\":\"https:\\\/\\\/www.vignevin.com\\\/wp-content\\\/uploads\\\/2019\\\/09\\\/Rougissement-foliaire-du-\u00e0-des-toxicit\u00e9s-en-sol-acide-3-300x225.jpg\",\"medium_large\":\"https:\\\/\\\/www.vignevin.com\\\/wp-content\\\/uploads\\\/2019\\\/09\\\/Rougissement-foliaire-du-\u00e0-des-toxicit\u00e9s-en-sol-acide-3-768x576.jpg\",\"large\":\"https:\\\/\\\/www.vignevin.com\\\/wp-content\\\/uploads\\\/2019\\\/09\\\/Rougissement-foliaire-du-\u00e0-des-toxicit\u00e9s-en-sol-acide-3-1024x768.jpg\",\"1536x1536\":\"https:\\\/\\\/www.vignevin.com\\\/wp-content\\\/uploads\\\/2019\\\/09\\\/Rougissement-foliaire-du-\u00e0-des-toxicit\u00e9s-en-sol-acide-3.jpg\",\"2048x2048\":\"https:\\\/\\\/www.vignevin.com\\\/wp-content\\\/uploads\\\/2019\\\/09\\\/Rougissement-foliaire-du-\u00e0-des-toxicit\u00e9s-en-sol-acide-3.jpg\",\"et-pb-post-main-image\":\"https:\\\/\\\/www.vignevin.com\\\/wp-content\\\/uploads\\\/2019\\\/09\\\/Rougissement-foliaire-du-\u00e0-des-toxicit\u00e9s-en-sol-acide-3-400x250.jpg\",\"et-pb-post-main-image-fullwidth\":\"https:\\\/\\\/www.vignevin.com\\\/wp-content\\\/uploads\\\/2019\\\/09\\\/Rougissement-foliaire-du-\u00e0-des-toxicit\u00e9s-en-sol-acide-3-1080x675.jpg\",\"et-pb-portfolio-image\":\"https:\\\/\\\/www.vignevin.com\\\/wp-content\\\/uploads\\\/2019\\\/09\\\/Rougissement-foliaire-du-\u00e0-des-toxicit\u00e9s-en-sol-acide-3-400x284.jpg\",\"et-pb-portfolio-module-image\":\"https:\\\/\\\/www.vignevin.com\\\/wp-content\\\/uploads\\\/2019\\\/09\\\/Rougissement-foliaire-du-\u00e0-des-toxicit\u00e9s-en-sol-acide-3-510x382.jpg\",\"et-pb-portfolio-image-single\":\"https:\\\/\\\/www.vignevin.com\\\/wp-content\\\/uploads\\\/2019\\\/09\\\/Rougissement-foliaire-du-\u00e0-des-toxicit\u00e9s-en-sol-acide-3-1080x810.jpg\",\"et-pb-gallery-module-image-portrait\":\"https:\\\/\\\/www.vignevin.com\\\/wp-content\\\/uploads\\\/2019\\\/09\\\/Rougissement-foliaire-du-\u00e0-des-toxicit\u00e9s-en-sol-acide-3-400x516.jpg\",\"et-pb-post-main-image-fullwidth-large\":\"https:\\\/\\\/www.vignevin.com\\\/wp-content\\\/uploads\\\/2019\\\/09\\\/Rougissement-foliaire-du-\u00e0-des-toxicit\u00e9s-en-sol-acide-3.jpg\",\"et-pb-image--responsive--desktop\":\"https:\\\/\\\/www.vignevin.com\\\/wp-content\\\/uploads\\\/2019\\\/09\\\/Rougissement-foliaire-du-\u00e0-des-toxicit\u00e9s-en-sol-acide-3.jpg\",\"et-pb-image--responsive--tablet\":\"https:\\\/\\\/www.vignevin.com\\\/wp-content\\\/uploads\\\/2019\\\/09\\\/Rougissement-foliaire-du-\u00e0-des-toxicit\u00e9s-en-sol-acide-3.jpg\",\"et-pb-image--responsive--phone\":\"https:\\\/\\\/www.vignevin.com\\\/wp-content\\\/uploads\\\/2019\\\/09\\\/Rougissement-foliaire-du-\u00e0-des-toxicit\u00e9s-en-sol-acide-3.jpg\",\"gform-image-choice-sm\":\"https:\\\/\\\/www.vignevin.com\\\/wp-content\\\/uploads\\\/2019\\\/09\\\/Rougissement-foliaire-du-\u00e0-des-toxicit\u00e9s-en-sol-acide-3.jpg\",\"gform-image-choice-md\":\"https:\\\/\\\/www.vignevin.com\\\/wp-content\\\/uploads\\\/2019\\\/09\\\/Rougissement-foliaire-du-\u00e0-des-toxicit\u00e9s-en-sol-acide-3.jpg\",\"gform-image-choice-lg\":\"https:\\\/\\\/www.vignevin.com\\\/wp-content\\\/uploads\\\/2019\\\/09\\\/Rougissement-foliaire-du-\u00e0-des-toxicit\u00e9s-en-sol-acide-3.jpg\",\"woocommerce_thumbnail\":\"https:\\\/\\\/www.vignevin.com\\\/wp-content\\\/uploads\\\/2019\\\/09\\\/Rougissement-foliaire-du-\u00e0-des-toxicit\u00e9s-en-sol-acide-3-300x300.jpg\",\"woocommerce_single\":\"https:\\\/\\\/www.vignevin.com\\\/wp-content\\\/uploads\\\/2019\\\/09\\\/Rougissement-foliaire-du-\u00e0-des-toxicit\u00e9s-en-sol-acide-3-600x450.jpg\",\"woocommerce_gallery_thumbnail\":\"https:\\\/\\\/www.vignevin.com\\\/wp-content\\\/uploads\\\/2019\\\/09\\\/Rougissement-foliaire-du-\u00e0-des-toxicit\u00e9s-en-sol-acide-3-100x100.jpg\",\"full\":\"https:\\\/\\\/www.vignevin.com\\\/wp-content\\\/uploads\\\/2019\\\/09\\\/Rougissement-foliaire-du-\u00e0-des-toxicit\u00e9s-en-sol-acide-3.jpg\",\"index\":6,\"id\":10062,\"video\":false,\"opts\":{\"caption\":\"\",\"thumb\":\"https:\\\/\\\/www.vignevin.com\\\/wp-content\\\/uploads\\\/2019\\\/09\\\/Rougissement-foliaire-du-\u00e0-des-toxicit\u00e9s-en-sol-acide-3-75x50_c.jpg\",\"title\":\"Rougissement foliaire du &amp;agrave; des toxicit&amp;eacute;s en sol acide 3\"},\"gallery_id\":17388,\"gallery_title\":\"Grapevines Deficiencies\"},\"10063\":{\"status\":\"active\",\"src\":\"https:\\\/\\\/www.vignevin.com\\\/wp-content\\\/uploads\\\/2019\\\/09\\\/Rougissement-foliaire-du-\u00e0-des-toxicit\u00e9s-en-sol-acide-4.jpg\",\"title\":\"Rougissement foliaire du &amp;agrave; des toxicit&amp;eacute;s en sol acide 4\",\"link\":\"https:\\\/\\\/www.vignevin.com\\\/wp-content\\\/uploads\\\/2019\\\/09\\\/Rougissement-foliaire-du-\u00e0-des-toxicit\u00e9s-en-sol-acide-4.jpg\",\"alt\":\"\",\"caption\":false,\"thumb\":\"https:\\\/\\\/www.vignevin.com\\\/wp-content\\\/uploads\\\/2019\\\/09\\\/Rougissement-foliaire-du-\u00e0-des-toxicit\u00e9s-en-sol-acide-4-75x50_c.jpg\",\"meta\":{\"aperture\":\"3.3\",\"credit\":null,\"camera\":\"DMC-TZ5\",\"caption\":\"\",\"created_timestamp\":\"1279899475\",\"copyright\":null,\"focal_length\":\"4.7\",\"iso\":\"100\",\"shutter_speed\":\"0.01\",\"title\":\"\",\"orientation\":\"1\",\"keywords\":null},\"thumbnail\":\"https:\\\/\\\/www.vignevin.com\\\/wp-content\\\/uploads\\\/2019\\\/09\\\/Rougissement-foliaire-du-\u00e0-des-toxicit\u00e9s-en-sol-acide-4-150x150.jpg\",\"medium\":\"https:\\\/\\\/www.vignevin.com\\\/wp-content\\\/uploads\\\/2019\\\/09\\\/Rougissement-foliaire-du-\u00e0-des-toxicit\u00e9s-en-sol-acide-4-300x225.jpg\",\"medium_large\":\"https:\\\/\\\/www.vignevin.com\\\/wp-content\\\/uploads\\\/2019\\\/09\\\/Rougissement-foliaire-du-\u00e0-des-toxicit\u00e9s-en-sol-acide-4-768x576.jpg\",\"large\":\"https:\\\/\\\/www.vignevin.com\\\/wp-content\\\/uploads\\\/2019\\\/09\\\/Rougissement-foliaire-du-\u00e0-des-toxicit\u00e9s-en-sol-acide-4-1024x768.jpg\",\"1536x1536\":\"https:\\\/\\\/www.vignevin.com\\\/wp-content\\\/uploads\\\/2019\\\/09\\\/Rougissement-foliaire-du-\u00e0-des-toxicit\u00e9s-en-sol-acide-4.jpg\",\"2048x2048\":\"https:\\\/\\\/www.vignevin.com\\\/wp-content\\\/uploads\\\/2019\\\/09\\\/Rougissement-foliaire-du-\u00e0-des-toxicit\u00e9s-en-sol-acide-4.jpg\",\"et-pb-post-main-image\":\"https:\\\/\\\/www.vignevin.com\\\/wp-content\\\/uploads\\\/2019\\\/09\\\/Rougissement-foliaire-du-\u00e0-des-toxicit\u00e9s-en-sol-acide-4-400x250.jpg\",\"et-pb-post-main-image-fullwidth\":\"https:\\\/\\\/www.vignevin.com\\\/wp-content\\\/uploads\\\/2019\\\/09\\\/Rougissement-foliaire-du-\u00e0-des-toxicit\u00e9s-en-sol-acide-4-1080x675.jpg\",\"et-pb-portfolio-image\":\"https:\\\/\\\/www.vignevin.com\\\/wp-content\\\/uploads\\\/2019\\\/09\\\/Rougissement-foliaire-du-\u00e0-des-toxicit\u00e9s-en-sol-acide-4-400x284.jpg\",\"et-pb-portfolio-module-image\":\"https:\\\/\\\/www.vignevin.com\\\/wp-content\\\/uploads\\\/2019\\\/09\\\/Rougissement-foliaire-du-\u00e0-des-toxicit\u00e9s-en-sol-acide-4-510x382.jpg\",\"et-pb-portfolio-image-single\":\"https:\\\/\\\/www.vignevin.com\\\/wp-content\\\/uploads\\\/2019\\\/09\\\/Rougissement-foliaire-du-\u00e0-des-toxicit\u00e9s-en-sol-acide-4-1080x810.jpg\",\"et-pb-gallery-module-image-portrait\":\"https:\\\/\\\/www.vignevin.com\\\/wp-content\\\/uploads\\\/2019\\\/09\\\/Rougissement-foliaire-du-\u00e0-des-toxicit\u00e9s-en-sol-acide-4-400x516.jpg\",\"et-pb-post-main-image-fullwidth-large\":\"https:\\\/\\\/www.vignevin.com\\\/wp-content\\\/uploads\\\/2019\\\/09\\\/Rougissement-foliaire-du-\u00e0-des-toxicit\u00e9s-en-sol-acide-4.jpg\",\"et-pb-image--responsive--desktop\":\"https:\\\/\\\/www.vignevin.com\\\/wp-content\\\/uploads\\\/2019\\\/09\\\/Rougissement-foliaire-du-\u00e0-des-toxicit\u00e9s-en-sol-acide-4.jpg\",\"et-pb-image--responsive--tablet\":\"https:\\\/\\\/www.vignevin.com\\\/wp-content\\\/uploads\\\/2019\\\/09\\\/Rougissement-foliaire-du-\u00e0-des-toxicit\u00e9s-en-sol-acide-4.jpg\",\"et-pb-image--responsive--phone\":\"https:\\\/\\\/www.vignevin.com\\\/wp-content\\\/uploads\\\/2019\\\/09\\\/Rougissement-foliaire-du-\u00e0-des-toxicit\u00e9s-en-sol-acide-4.jpg\",\"gform-image-choice-sm\":\"https:\\\/\\\/www.vignevin.com\\\/wp-content\\\/uploads\\\/2019\\\/09\\\/Rougissement-foliaire-du-\u00e0-des-toxicit\u00e9s-en-sol-acide-4.jpg\",\"gform-image-choice-md\":\"https:\\\/\\\/www.vignevin.com\\\/wp-content\\\/uploads\\\/2019\\\/09\\\/Rougissement-foliaire-du-\u00e0-des-toxicit\u00e9s-en-sol-acide-4.jpg\",\"gform-image-choice-lg\":\"https:\\\/\\\/www.vignevin.com\\\/wp-content\\\/uploads\\\/2019\\\/09\\\/Rougissement-foliaire-du-\u00e0-des-toxicit\u00e9s-en-sol-acide-4.jpg\",\"woocommerce_thumbnail\":\"https:\\\/\\\/www.vignevin.com\\\/wp-content\\\/uploads\\\/2019\\\/09\\\/Rougissement-foliaire-du-\u00e0-des-toxicit\u00e9s-en-sol-acide-4-300x300.jpg\",\"woocommerce_single\":\"https:\\\/\\\/www.vignevin.com\\\/wp-content\\\/uploads\\\/2019\\\/09\\\/Rougissement-foliaire-du-\u00e0-des-toxicit\u00e9s-en-sol-acide-4-600x450.jpg\",\"woocommerce_gallery_thumbnail\":\"https:\\\/\\\/www.vignevin.com\\\/wp-content\\\/uploads\\\/2019\\\/09\\\/Rougissement-foliaire-du-\u00e0-des-toxicit\u00e9s-en-sol-acide-4-100x100.jpg\",\"full\":\"https:\\\/\\\/www.vignevin.com\\\/wp-content\\\/uploads\\\/2019\\\/09\\\/Rougissement-foliaire-du-\u00e0-des-toxicit\u00e9s-en-sol-acide-4.jpg\",\"index\":7,\"id\":10063,\"video\":false,\"opts\":{\"caption\":\"\",\"thumb\":\"https:\\\/\\\/www.vignevin.com\\\/wp-content\\\/uploads\\\/2019\\\/09\\\/Rougissement-foliaire-du-\u00e0-des-toxicit\u00e9s-en-sol-acide-4-75x50_c.jpg\",\"title\":\"Rougissement foliaire du &amp;agrave; des toxicit&amp;eacute;s en sol acide 4\"},\"gallery_id\":17388,\"gallery_title\":\"Grapevines Deficiencies\"},\"10064\":{\"status\":\"active\",\"src\":\"https:\\\/\\\/www.vignevin.com\\\/wp-content\\\/uploads\\\/2019\\\/09\\\/Rougissement-foliaire-du-\u00e0-des-toxicit\u00e9s-en-sol-acide.jpg\",\"title\":\"Rougissement foliaire du &amp;agrave; des toxicit&amp;eacute;s en sol acide\",\"link\":\"https:\\\/\\\/www.vignevin.com\\\/wp-content\\\/uploads\\\/2019\\\/09\\\/Rougissement-foliaire-du-\u00e0-des-toxicit\u00e9s-en-sol-acide.jpg\",\"alt\":\"\",\"caption\":false,\"thumb\":\"https:\\\/\\\/www.vignevin.com\\\/wp-content\\\/uploads\\\/2019\\\/09\\\/Rougissement-foliaire-du-\u00e0-des-toxicit\u00e9s-en-sol-acide-75x50_c.jpg\",\"meta\":{\"aperture\":\"4\",\"credit\":null,\"camera\":\"DMC-TZ10\",\"caption\":\"\",\"created_timestamp\":\"1276763190\",\"copyright\":null,\"focal_length\":\"4.1\",\"iso\":\"80\",\"shutter_speed\":\"0.01\",\"title\":\"\",\"orientation\":\"1\",\"keywords\":null},\"thumbnail\":\"https:\\\/\\\/www.vignevin.com\\\/wp-content\\\/uploads\\\/2019\\\/09\\\/Rougissement-foliaire-du-\u00e0-des-toxicit\u00e9s-en-sol-acide-150x150.jpg\",\"medium\":\"https:\\\/\\\/www.vignevin.com\\\/wp-content\\\/uploads\\\/2019\\\/09\\\/Rougissement-foliaire-du-\u00e0-des-toxicit\u00e9s-en-sol-acide-300x225.jpg\",\"medium_large\":\"https:\\\/\\\/www.vignevin.com\\\/wp-content\\\/uploads\\\/2019\\\/09\\\/Rougissement-foliaire-du-\u00e0-des-toxicit\u00e9s-en-sol-acide-768x576.jpg\",\"large\":\"https:\\\/\\\/www.vignevin.com\\\/wp-content\\\/uploads\\\/2019\\\/09\\\/Rougissement-foliaire-du-\u00e0-des-toxicit\u00e9s-en-sol-acide-1024x768.jpg\",\"1536x1536\":\"https:\\\/\\\/www.vignevin.com\\\/wp-content\\\/uploads\\\/2019\\\/09\\\/Rougissement-foliaire-du-\u00e0-des-toxicit\u00e9s-en-sol-acide.jpg\",\"2048x2048\":\"https:\\\/\\\/www.vignevin.com\\\/wp-content\\\/uploads\\\/2019\\\/09\\\/Rougissement-foliaire-du-\u00e0-des-toxicit\u00e9s-en-sol-acide.jpg\",\"et-pb-post-main-image\":\"https:\\\/\\\/www.vignevin.com\\\/wp-content\\\/uploads\\\/2019\\\/09\\\/Rougissement-foliaire-du-\u00e0-des-toxicit\u00e9s-en-sol-acide-400x250.jpg\",\"et-pb-post-main-image-fullwidth\":\"https:\\\/\\\/www.vignevin.com\\\/wp-content\\\/uploads\\\/2019\\\/09\\\/Rougissement-foliaire-du-\u00e0-des-toxicit\u00e9s-en-sol-acide-1080x675.jpg\",\"et-pb-portfolio-image\":\"https:\\\/\\\/www.vignevin.com\\\/wp-content\\\/uploads\\\/2019\\\/09\\\/Rougissement-foliaire-du-\u00e0-des-toxicit\u00e9s-en-sol-acide-400x284.jpg\",\"et-pb-portfolio-module-image\":\"https:\\\/\\\/www.vignevin.com\\\/wp-content\\\/uploads\\\/2019\\\/09\\\/Rougissement-foliaire-du-\u00e0-des-toxicit\u00e9s-en-sol-acide-510x382.jpg\",\"et-pb-portfolio-image-single\":\"https:\\\/\\\/www.vignevin.com\\\/wp-content\\\/uploads\\\/2019\\\/09\\\/Rougissement-foliaire-du-\u00e0-des-toxicit\u00e9s-en-sol-acide-1080x810.jpg\",\"et-pb-gallery-module-image-portrait\":\"https:\\\/\\\/www.vignevin.com\\\/wp-content\\\/uploads\\\/2019\\\/09\\\/Rougissement-foliaire-du-\u00e0-des-toxicit\u00e9s-en-sol-acide-400x516.jpg\",\"et-pb-post-main-image-fullwidth-large\":\"https:\\\/\\\/www.vignevin.com\\\/wp-content\\\/uploads\\\/2019\\\/09\\\/Rougissement-foliaire-du-\u00e0-des-toxicit\u00e9s-en-sol-acide-2560x1800.jpg\",\"et-pb-image--responsive--desktop\":\"https:\\\/\\\/www.vignevin.com\\\/wp-content\\\/uploads\\\/2019\\\/09\\\/Rougissement-foliaire-du-\u00e0-des-toxicit\u00e9s-en-sol-acide.jpg\",\"et-pb-image--responsive--tablet\":\"https:\\\/\\\/www.vignevin.com\\\/wp-content\\\/uploads\\\/2019\\\/09\\\/Rougissement-foliaire-du-\u00e0-des-toxicit\u00e9s-en-sol-acide.jpg\",\"et-pb-image--responsive--phone\":\"https:\\\/\\\/www.vignevin.com\\\/wp-content\\\/uploads\\\/2019\\\/09\\\/Rougissement-foliaire-du-\u00e0-des-toxicit\u00e9s-en-sol-acide.jpg\",\"gform-image-choice-sm\":\"https:\\\/\\\/www.vignevin.com\\\/wp-content\\\/uploads\\\/2019\\\/09\\\/Rougissement-foliaire-du-\u00e0-des-toxicit\u00e9s-en-sol-acide.jpg\",\"gform-image-choice-md\":\"https:\\\/\\\/www.vignevin.com\\\/wp-content\\\/uploads\\\/2019\\\/09\\\/Rougissement-foliaire-du-\u00e0-des-toxicit\u00e9s-en-sol-acide.jpg\",\"gform-image-choice-lg\":\"https:\\\/\\\/www.vignevin.com\\\/wp-content\\\/uploads\\\/2019\\\/09\\\/Rougissement-foliaire-du-\u00e0-des-toxicit\u00e9s-en-sol-acide.jpg\",\"woocommerce_thumbnail\":\"https:\\\/\\\/www.vignevin.com\\\/wp-content\\\/uploads\\\/2019\\\/09\\\/Rougissement-foliaire-du-\u00e0-des-toxicit\u00e9s-en-sol-acide-300x300.jpg\",\"woocommerce_single\":\"https:\\\/\\\/www.vignevin.com\\\/wp-content\\\/uploads\\\/2019\\\/09\\\/Rougissement-foliaire-du-\u00e0-des-toxicit\u00e9s-en-sol-acide-600x450.jpg\",\"woocommerce_gallery_thumbnail\":\"https:\\\/\\\/www.vignevin.com\\\/wp-content\\\/uploads\\\/2019\\\/09\\\/Rougissement-foliaire-du-\u00e0-des-toxicit\u00e9s-en-sol-acide-100x100.jpg\",\"full\":\"https:\\\/\\\/www.vignevin.com\\\/wp-content\\\/uploads\\\/2019\\\/09\\\/Rougissement-foliaire-du-\u00e0-des-toxicit\u00e9s-en-sol-acide.jpg\",\"index\":8,\"id\":10064,\"video\":false,\"opts\":{\"caption\":\"\",\"thumb\":\"https:\\\/\\\/www.vignevin.com\\\/wp-content\\\/uploads\\\/2019\\\/09\\\/Rougissement-foliaire-du-\u00e0-des-toxicit\u00e9s-en-sol-acide-75x50_c.jpg\",\"title\":\"Rougissement foliaire du &amp;agrave; des toxicit&amp;eacute;s en sol acide\"},\"gallery_id\":17388,\"gallery_title\":\"Grapevines Deficiencies\"},\"10065\":{\"status\":\"active\",\"src\":\"https:\\\/\\\/www.vignevin.com\\\/wp-content\\\/uploads\\\/2019\\\/09\\\/Sympt\u00f4mes-dasphyxie-racinaire-2-scaled.jpg\",\"title\":\"Sympt&amp;ocirc;mes d&amp;amp;rsquo;asphyxie racinaire 2\",\"link\":\"https:\\\/\\\/www.vignevin.com\\\/wp-content\\\/uploads\\\/2019\\\/09\\\/Sympt\u00f4mes-dasphyxie-racinaire-2.jpg\",\"alt\":\"\",\"caption\":false,\"thumb\":\"https:\\\/\\\/www.vignevin.com\\\/wp-content\\\/uploads\\\/2019\\\/09\\\/Sympt\u00f4mes-dasphyxie-racinaire-2-scaled-75x50_c.jpg\",\"meta\":{\"aperture\":\"5.6\",\"credit\":null,\"camera\":\"DMC-LX2\",\"caption\":\"\",\"created_timestamp\":\"1215690179\",\"copyright\":null,\"focal_length\":\"8\",\"iso\":\"100\",\"shutter_speed\":\"0.004\",\"title\":\"\",\"orientation\":\"1\",\"keywords\":null},\"thumbnail\":\"https:\\\/\\\/www.vignevin.com\\\/wp-content\\\/uploads\\\/2019\\\/09\\\/Sympt\u00f4mes-dasphyxie-racinaire-2-150x150.jpg\",\"medium\":\"https:\\\/\\\/www.vignevin.com\\\/wp-content\\\/uploads\\\/2019\\\/09\\\/Sympt\u00f4mes-dasphyxie-racinaire-2-300x169.jpg\",\"medium_large\":\"https:\\\/\\\/www.vignevin.com\\\/wp-content\\\/uploads\\\/2019\\\/09\\\/Sympt\u00f4mes-dasphyxie-racinaire-2-768x432.jpg\",\"large\":\"https:\\\/\\\/www.vignevin.com\\\/wp-content\\\/uploads\\\/2019\\\/09\\\/Sympt\u00f4mes-dasphyxie-racinaire-2-1024x576.jpg\",\"1536x1536\":\"https:\\\/\\\/www.vignevin.com\\\/wp-content\\\/uploads\\\/2019\\\/09\\\/Sympt\u00f4mes-dasphyxie-racinaire-2-scaled.jpg\",\"2048x2048\":\"https:\\\/\\\/www.vignevin.com\\\/wp-content\\\/uploads\\\/2019\\\/09\\\/Sympt\u00f4mes-dasphyxie-racinaire-2-scaled.jpg\",\"et-pb-post-main-image\":\"https:\\\/\\\/www.vignevin.com\\\/wp-content\\\/uploads\\\/2019\\\/09\\\/Sympt\u00f4mes-dasphyxie-racinaire-2-400x250.jpg\",\"et-pb-post-main-image-fullwidth\":\"https:\\\/\\\/www.vignevin.com\\\/wp-content\\\/uploads\\\/2019\\\/09\\\/Sympt\u00f4mes-dasphyxie-racinaire-2-1080x675.jpg\",\"et-pb-portfolio-image\":\"https:\\\/\\\/www.vignevin.com\\\/wp-content\\\/uploads\\\/2019\\\/09\\\/Sympt\u00f4mes-dasphyxie-racinaire-2-400x284.jpg\",\"et-pb-portfolio-module-image\":\"https:\\\/\\\/www.vignevin.com\\\/wp-content\\\/uploads\\\/2019\\\/09\\\/Sympt\u00f4mes-dasphyxie-racinaire-2-510x382.jpg\",\"et-pb-portfolio-image-single\":\"https:\\\/\\\/www.vignevin.com\\\/wp-content\\\/uploads\\\/2019\\\/09\\\/Sympt\u00f4mes-dasphyxie-racinaire-2-1080x608.jpg\",\"et-pb-gallery-module-image-portrait\":\"https:\\\/\\\/www.vignevin.com\\\/wp-content\\\/uploads\\\/2019\\\/09\\\/Sympt\u00f4mes-dasphyxie-racinaire-2-400x516.jpg\",\"et-pb-post-main-image-fullwidth-large\":\"https:\\\/\\\/www.vignevin.com\\\/wp-content\\\/uploads\\\/2019\\\/09\\\/Sympt\u00f4mes-dasphyxie-racinaire-2-2880x1800.jpg\",\"et-pb-image--responsive--desktop\":\"https:\\\/\\\/www.vignevin.com\\\/wp-content\\\/uploads\\\/2019\\\/09\\\/Sympt\u00f4mes-dasphyxie-racinaire-2-scaled.jpg\",\"et-pb-image--responsive--tablet\":\"https:\\\/\\\/www.vignevin.com\\\/wp-content\\\/uploads\\\/2019\\\/09\\\/Sympt\u00f4mes-dasphyxie-racinaire-2-scaled.jpg\",\"et-pb-image--responsive--phone\":\"https:\\\/\\\/www.vignevin.com\\\/wp-content\\\/uploads\\\/2019\\\/09\\\/Sympt\u00f4mes-dasphyxie-racinaire-2-scaled.jpg\",\"gform-image-choice-sm\":\"https:\\\/\\\/www.vignevin.com\\\/wp-content\\\/uploads\\\/2019\\\/09\\\/Sympt\u00f4mes-dasphyxie-racinaire-2-scaled.jpg\",\"gform-image-choice-md\":\"https:\\\/\\\/www.vignevin.com\\\/wp-content\\\/uploads\\\/2019\\\/09\\\/Sympt\u00f4mes-dasphyxie-racinaire-2-scaled.jpg\",\"gform-image-choice-lg\":\"https:\\\/\\\/www.vignevin.com\\\/wp-content\\\/uploads\\\/2019\\\/09\\\/Sympt\u00f4mes-dasphyxie-racinaire-2-scaled.jpg\",\"woocommerce_thumbnail\":\"https:\\\/\\\/www.vignevin.com\\\/wp-content\\\/uploads\\\/2019\\\/09\\\/Sympt\u00f4mes-dasphyxie-racinaire-2-scaled-300x300.jpg\",\"woocommerce_single\":\"https:\\\/\\\/www.vignevin.com\\\/wp-content\\\/uploads\\\/2019\\\/09\\\/Sympt\u00f4mes-dasphyxie-racinaire-2-scaled-600x338.jpg\",\"woocommerce_gallery_thumbnail\":\"https:\\\/\\\/www.vignevin.com\\\/wp-content\\\/uploads\\\/2019\\\/09\\\/Sympt\u00f4mes-dasphyxie-racinaire-2-scaled-100x100.jpg\",\"full\":\"https:\\\/\\\/www.vignevin.com\\\/wp-content\\\/uploads\\\/2019\\\/09\\\/Sympt\u00f4mes-dasphyxie-racinaire-2-scaled.jpg\",\"index\":9,\"id\":10065,\"video\":false,\"opts\":{\"caption\":\"\",\"thumb\":\"https:\\\/\\\/www.vignevin.com\\\/wp-content\\\/uploads\\\/2019\\\/09\\\/Sympt\u00f4mes-dasphyxie-racinaire-2-scaled-75x50_c.jpg\",\"title\":\"Sympt&amp;ocirc;mes d&amp;amp;rsquo;asphyxie racinaire 2\"},\"gallery_id\":17388,\"gallery_title\":\"Grapevines Deficiencies\"},\"10066\":{\"status\":\"active\",\"src\":\"https:\\\/\\\/www.vignevin.com\\\/wp-content\\\/uploads\\\/2019\\\/09\\\/Sympt\u00f4mes-dasphyxie-racinaire-scaled.jpg\",\"title\":\"Sympt&amp;ocirc;mes d&amp;amp;rsquo;asphyxie racinaire\",\"link\":\"https:\\\/\\\/www.vignevin.com\\\/wp-content\\\/uploads\\\/2019\\\/09\\\/Sympt\u00f4mes-dasphyxie-racinaire.jpg\",\"alt\":\"\",\"caption\":false,\"thumb\":\"https:\\\/\\\/www.vignevin.com\\\/wp-content\\\/uploads\\\/2019\\\/09\\\/Sympt\u00f4mes-dasphyxie-racinaire-scaled-75x50_c.jpg\",\"meta\":{\"aperture\":\"4.9\",\"credit\":null,\"camera\":\"DMC-LX2\",\"caption\":\"\",\"created_timestamp\":\"1215690089\",\"copyright\":null,\"focal_length\":\"6.3\",\"iso\":\"100\",\"shutter_speed\":\"0.005\",\"title\":\"\",\"orientation\":\"1\",\"keywords\":null},\"thumbnail\":\"https:\\\/\\\/www.vignevin.com\\\/wp-content\\\/uploads\\\/2019\\\/09\\\/Sympt\u00f4mes-dasphyxie-racinaire-150x150.jpg\",\"medium\":\"https:\\\/\\\/www.vignevin.com\\\/wp-content\\\/uploads\\\/2019\\\/09\\\/Sympt\u00f4mes-dasphyxie-racinaire-300x169.jpg\",\"medium_large\":\"https:\\\/\\\/www.vignevin.com\\\/wp-content\\\/uploads\\\/2019\\\/09\\\/Sympt\u00f4mes-dasphyxie-racinaire-768x432.jpg\",\"large\":\"https:\\\/\\\/www.vignevin.com\\\/wp-content\\\/uploads\\\/2019\\\/09\\\/Sympt\u00f4mes-dasphyxie-racinaire-1024x576.jpg\",\"1536x1536\":\"https:\\\/\\\/www.vignevin.com\\\/wp-content\\\/uploads\\\/2019\\\/09\\\/Sympt\u00f4mes-dasphyxie-racinaire-scaled.jpg\",\"2048x2048\":\"https:\\\/\\\/www.vignevin.com\\\/wp-content\\\/uploads\\\/2019\\\/09\\\/Sympt\u00f4mes-dasphyxie-racinaire-scaled.jpg\",\"et-pb-post-main-image\":\"https:\\\/\\\/www.vignevin.com\\\/wp-content\\\/uploads\\\/2019\\\/09\\\/Sympt\u00f4mes-dasphyxie-racinaire-400x250.jpg\",\"et-pb-post-main-image-fullwidth\":\"https:\\\/\\\/www.vignevin.com\\\/wp-content\\\/uploads\\\/2019\\\/09\\\/Sympt\u00f4mes-dasphyxie-racinaire-1080x675.jpg\",\"et-pb-portfolio-image\":\"https:\\\/\\\/www.vignevin.com\\\/wp-content\\\/uploads\\\/2019\\\/09\\\/Sympt\u00f4mes-dasphyxie-racinaire-400x284.jpg\",\"et-pb-portfolio-module-image\":\"https:\\\/\\\/www.vignevin.com\\\/wp-content\\\/uploads\\\/2019\\\/09\\\/Sympt\u00f4mes-dasphyxie-racinaire-510x382.jpg\",\"et-pb-portfolio-image-single\":\"https:\\\/\\\/www.vignevin.com\\\/wp-content\\\/uploads\\\/2019\\\/09\\\/Sympt\u00f4mes-dasphyxie-racinaire-1080x608.jpg\",\"et-pb-gallery-module-image-portrait\":\"https:\\\/\\\/www.vignevin.com\\\/wp-content\\\/uploads\\\/2019\\\/09\\\/Sympt\u00f4mes-dasphyxie-racinaire-400x516.jpg\",\"et-pb-post-main-image-fullwidth-large\":\"https:\\\/\\\/www.vignevin.com\\\/wp-content\\\/uploads\\\/2019\\\/09\\\/Sympt\u00f4mes-dasphyxie-racinaire-2880x1800.jpg\",\"et-pb-image--responsive--desktop\":\"https:\\\/\\\/www.vignevin.com\\\/wp-content\\\/uploads\\\/2019\\\/09\\\/Sympt\u00f4mes-dasphyxie-racinaire-scaled.jpg\",\"et-pb-image--responsive--tablet\":\"https:\\\/\\\/www.vignevin.com\\\/wp-content\\\/uploads\\\/2019\\\/09\\\/Sympt\u00f4mes-dasphyxie-racinaire-scaled.jpg\",\"et-pb-image--responsive--phone\":\"https:\\\/\\\/www.vignevin.com\\\/wp-content\\\/uploads\\\/2019\\\/09\\\/Sympt\u00f4mes-dasphyxie-racinaire-scaled.jpg\",\"gform-image-choice-sm\":\"https:\\\/\\\/www.vignevin.com\\\/wp-content\\\/uploads\\\/2019\\\/09\\\/Sympt\u00f4mes-dasphyxie-racinaire-scaled.jpg\",\"gform-image-choice-md\":\"https:\\\/\\\/www.vignevin.com\\\/wp-content\\\/uploads\\\/2019\\\/09\\\/Sympt\u00f4mes-dasphyxie-racinaire-scaled.jpg\",\"gform-image-choice-lg\":\"https:\\\/\\\/www.vignevin.com\\\/wp-content\\\/uploads\\\/2019\\\/09\\\/Sympt\u00f4mes-dasphyxie-racinaire-scaled.jpg\",\"woocommerce_thumbnail\":\"https:\\\/\\\/www.vignevin.com\\\/wp-content\\\/uploads\\\/2019\\\/09\\\/Sympt\u00f4mes-dasphyxie-racinaire-scaled-300x300.jpg\",\"woocommerce_single\":\"https:\\\/\\\/www.vignevin.com\\\/wp-content\\\/uploads\\\/2019\\\/09\\\/Sympt\u00f4mes-dasphyxie-racinaire-scaled-600x338.jpg\",\"woocommerce_gallery_thumbnail\":\"https:\\\/\\\/www.vignevin.com\\\/wp-content\\\/uploads\\\/2019\\\/09\\\/Sympt\u00f4mes-dasphyxie-racinaire-scaled-100x100.jpg\",\"full\":\"https:\\\/\\\/www.vignevin.com\\\/wp-content\\\/uploads\\\/2019\\\/09\\\/Sympt\u00f4mes-dasphyxie-racinaire-scaled.jpg\",\"index\":10,\"id\":10066,\"video\":false,\"opts\":{\"caption\":\"\",\"thumb\":\"https:\\\/\\\/www.vignevin.com\\\/wp-content\\\/uploads\\\/2019\\\/09\\\/Sympt\u00f4mes-dasphyxie-racinaire-scaled-75x50_c.jpg\",\"title\":\"Sympt&amp;ocirc;mes d&amp;amp;rsquo;asphyxie racinaire\"},\"gallery_id\":17388,\"gallery_title\":\"Grapevines Deficiencies\"},\"10067\":{\"status\":\"active\",\"src\":\"https:\\\/\\\/www.vignevin.com\\\/wp-content\\\/uploads\\\/2019\\\/09\\\/Sympt\u00f4mes-de-carence-en-bore-2.jpg\",\"title\":\"Sympt&amp;ocirc;mes de carence en bore (2)\",\"link\":\"https:\\\/\\\/www.vignevin.com\\\/wp-content\\\/uploads\\\/2019\\\/09\\\/Sympt\u00f4mes-de-carence-en-bore-2.jpg\",\"alt\":\"\",\"caption\":false,\"thumb\":\"https:\\\/\\\/www.vignevin.com\\\/wp-content\\\/uploads\\\/2019\\\/09\\\/Sympt\u00f4mes-de-carence-en-bore-2-75x50_c.jpg\",\"meta\":{\"aperture\":null,\"credit\":null,\"camera\":null,\"caption\":\"\",\"created_timestamp\":null,\"copyright\":null,\"focal_length\":null,\"iso\":null,\"shutter_speed\":null,\"title\":\"\",\"orientation\":null,\"keywords\":null},\"thumbnail\":\"https:\\\/\\\/www.vignevin.com\\\/wp-content\\\/uploads\\\/2019\\\/09\\\/Sympt\u00f4mes-de-carence-en-bore-2-150x150.jpg\",\"medium\":\"https:\\\/\\\/www.vignevin.com\\\/wp-content\\\/uploads\\\/2019\\\/09\\\/Sympt\u00f4mes-de-carence-en-bore-2-300x220.jpg\",\"medium_large\":\"https:\\\/\\\/www.vignevin.com\\\/wp-content\\\/uploads\\\/2019\\\/09\\\/Sympt\u00f4mes-de-carence-en-bore-2.jpg\",\"large\":\"https:\\\/\\\/www.vignevin.com\\\/wp-content\\\/uploads\\\/2019\\\/09\\\/Sympt\u00f4mes-de-carence-en-bore-2.jpg\",\"1536x1536\":\"https:\\\/\\\/www.vignevin.com\\\/wp-content\\\/uploads\\\/2019\\\/09\\\/Sympt\u00f4mes-de-carence-en-bore-2.jpg\",\"2048x2048\":\"https:\\\/\\\/www.vignevin.com\\\/wp-content\\\/uploads\\\/2019\\\/09\\\/Sympt\u00f4mes-de-carence-en-bore-2.jpg\",\"et-pb-post-main-image\":\"https:\\\/\\\/www.vignevin.com\\\/wp-content\\\/uploads\\\/2019\\\/09\\\/Sympt\u00f4mes-de-carence-en-bore-2-400x250.jpg\",\"et-pb-post-main-image-fullwidth\":\"https:\\\/\\\/www.vignevin.com\\\/wp-content\\\/uploads\\\/2019\\\/09\\\/Sympt\u00f4mes-de-carence-en-bore-2.jpg\",\"et-pb-portfolio-image\":\"https:\\\/\\\/www.vignevin.com\\\/wp-content\\\/uploads\\\/2019\\\/09\\\/Sympt\u00f4mes-de-carence-en-bore-2-400x284.jpg\",\"et-pb-portfolio-module-image\":\"https:\\\/\\\/www.vignevin.com\\\/wp-content\\\/uploads\\\/2019\\\/09\\\/Sympt\u00f4mes-de-carence-en-bore-2.jpg\",\"et-pb-portfolio-image-single\":\"https:\\\/\\\/www.vignevin.com\\\/wp-content\\\/uploads\\\/2019\\\/09\\\/Sympt\u00f4mes-de-carence-en-bore-2.jpg\",\"et-pb-gallery-module-image-portrait\":\"https:\\\/\\\/www.vignevin.com\\\/wp-content\\\/uploads\\\/2019\\\/09\\\/Sympt\u00f4mes-de-carence-en-bore-2-400x298.jpg\",\"et-pb-post-main-image-fullwidth-large\":\"https:\\\/\\\/www.vignevin.com\\\/wp-content\\\/uploads\\\/2019\\\/09\\\/Sympt\u00f4mes-de-carence-en-bore-2.jpg\",\"et-pb-image--responsive--desktop\":\"https:\\\/\\\/www.vignevin.com\\\/wp-content\\\/uploads\\\/2019\\\/09\\\/Sympt\u00f4mes-de-carence-en-bore-2.jpg\",\"et-pb-image--responsive--tablet\":\"https:\\\/\\\/www.vignevin.com\\\/wp-content\\\/uploads\\\/2019\\\/09\\\/Sympt\u00f4mes-de-carence-en-bore-2.jpg\",\"et-pb-image--responsive--phone\":\"https:\\\/\\\/www.vignevin.com\\\/wp-content\\\/uploads\\\/2019\\\/09\\\/Sympt\u00f4mes-de-carence-en-bore-2.jpg\",\"gform-image-choice-sm\":\"https:\\\/\\\/www.vignevin.com\\\/wp-content\\\/uploads\\\/2019\\\/09\\\/Sympt\u00f4mes-de-carence-en-bore-2.jpg\",\"gform-image-choice-md\":\"https:\\\/\\\/www.vignevin.com\\\/wp-content\\\/uploads\\\/2019\\\/09\\\/Sympt\u00f4mes-de-carence-en-bore-2.jpg\",\"gform-image-choice-lg\":\"https:\\\/\\\/www.vignevin.com\\\/wp-content\\\/uploads\\\/2019\\\/09\\\/Sympt\u00f4mes-de-carence-en-bore-2.jpg\",\"woocommerce_thumbnail\":\"https:\\\/\\\/www.vignevin.com\\\/wp-content\\\/uploads\\\/2019\\\/09\\\/Sympt\u00f4mes-de-carence-en-bore-2-300x298.jpg\",\"woocommerce_single\":\"https:\\\/\\\/www.vignevin.com\\\/wp-content\\\/uploads\\\/2019\\\/09\\\/Sympt\u00f4mes-de-carence-en-bore-2.jpg\",\"woocommerce_gallery_thumbnail\":\"https:\\\/\\\/www.vignevin.com\\\/wp-content\\\/uploads\\\/2019\\\/09\\\/Sympt\u00f4mes-de-carence-en-bore-2-100x100.jpg\",\"full\":\"https:\\\/\\\/www.vignevin.com\\\/wp-content\\\/uploads\\\/2019\\\/09\\\/Sympt\u00f4mes-de-carence-en-bore-2.jpg\",\"index\":11,\"id\":10067,\"video\":false,\"opts\":{\"caption\":\"\",\"thumb\":\"https:\\\/\\\/www.vignevin.com\\\/wp-content\\\/uploads\\\/2019\\\/09\\\/Sympt\u00f4mes-de-carence-en-bore-2-75x50_c.jpg\",\"title\":\"Sympt&amp;ocirc;mes de carence en bore (2)\"},\"gallery_id\":17388,\"gallery_title\":\"Grapevines Deficiencies\"},\"10068\":{\"status\":\"active\",\"src\":\"https:\\\/\\\/www.vignevin.com\\\/wp-content\\\/uploads\\\/2019\\\/09\\\/Sympt\u00f4mes-de-carence-en-bore-3-scaled.jpg\",\"title\":\"Sympt&amp;ocirc;mes de carence en bore (3)\",\"link\":\"https:\\\/\\\/www.vignevin.com\\\/wp-content\\\/uploads\\\/2019\\\/09\\\/Sympt\u00f4mes-de-carence-en-bore-3.jpg\",\"alt\":\"\",\"caption\":false,\"thumb\":\"https:\\\/\\\/www.vignevin.com\\\/wp-content\\\/uploads\\\/2019\\\/09\\\/Sympt\u00f4mes-de-carence-en-bore-3-scaled-75x50_c.jpg\",\"meta\":{\"aperture\":\"2.4\",\"credit\":null,\"camera\":\"iPhone 5\",\"caption\":\"\",\"created_timestamp\":\"1411049600\",\"copyright\":null,\"focal_length\":\"4.12\",\"iso\":\"50\",\"shutter_speed\":\"0.0015503875968992\",\"title\":\"\",\"orientation\":\"1\",\"keywords\":null},\"thumbnail\":\"https:\\\/\\\/www.vignevin.com\\\/wp-content\\\/uploads\\\/2019\\\/09\\\/Sympt\u00f4mes-de-carence-en-bore-3-150x150.jpg\",\"medium\":\"https:\\\/\\\/www.vignevin.com\\\/wp-content\\\/uploads\\\/2019\\\/09\\\/Sympt\u00f4mes-de-carence-en-bore-3-225x300.jpg\",\"medium_large\":\"https:\\\/\\\/www.vignevin.com\\\/wp-content\\\/uploads\\\/2019\\\/09\\\/Sympt\u00f4mes-de-carence-en-bore-3-768x1024.jpg\",\"large\":\"https:\\\/\\\/www.vignevin.com\\\/wp-content\\\/uploads\\\/2019\\\/09\\\/Sympt\u00f4mes-de-carence-en-bore-3-768x1024.jpg\",\"1536x1536\":\"https:\\\/\\\/www.vignevin.com\\\/wp-content\\\/uploads\\\/2019\\\/09\\\/Sympt\u00f4mes-de-carence-en-bore-3-scaled.jpg\",\"2048x2048\":\"https:\\\/\\\/www.vignevin.com\\\/wp-content\\\/uploads\\\/2019\\\/09\\\/Sympt\u00f4mes-de-carence-en-bore-3-scaled.jpg\",\"et-pb-post-main-image\":\"https:\\\/\\\/www.vignevin.com\\\/wp-content\\\/uploads\\\/2019\\\/09\\\/Sympt\u00f4mes-de-carence-en-bore-3-400x250.jpg\",\"et-pb-post-main-image-fullwidth\":\"https:\\\/\\\/www.vignevin.com\\\/wp-content\\\/uploads\\\/2019\\\/09\\\/Sympt\u00f4mes-de-carence-en-bore-3-1080x675.jpg\",\"et-pb-portfolio-image\":\"https:\\\/\\\/www.vignevin.com\\\/wp-content\\\/uploads\\\/2019\\\/09\\\/Sympt\u00f4mes-de-carence-en-bore-3-400x284.jpg\",\"et-pb-portfolio-module-image\":\"https:\\\/\\\/www.vignevin.com\\\/wp-content\\\/uploads\\\/2019\\\/09\\\/Sympt\u00f4mes-de-carence-en-bore-3-510x382.jpg\",\"et-pb-portfolio-image-single\":\"https:\\\/\\\/www.vignevin.com\\\/wp-content\\\/uploads\\\/2019\\\/09\\\/Sympt\u00f4mes-de-carence-en-bore-3-1080x1440.jpg\",\"et-pb-gallery-module-image-portrait\":\"https:\\\/\\\/www.vignevin.com\\\/wp-content\\\/uploads\\\/2019\\\/09\\\/Sympt\u00f4mes-de-carence-en-bore-3-400x516.jpg\",\"et-pb-post-main-image-fullwidth-large\":\"https:\\\/\\\/www.vignevin.com\\\/wp-content\\\/uploads\\\/2019\\\/09\\\/Sympt\u00f4mes-de-carence-en-bore-3-2448x1800.jpg\",\"et-pb-image--responsive--desktop\":\"https:\\\/\\\/www.vignevin.com\\\/wp-content\\\/uploads\\\/2019\\\/09\\\/Sympt\u00f4mes-de-carence-en-bore-3-scaled.jpg\",\"et-pb-image--responsive--tablet\":\"https:\\\/\\\/www.vignevin.com\\\/wp-content\\\/uploads\\\/2019\\\/09\\\/Sympt\u00f4mes-de-carence-en-bore-3-scaled.jpg\",\"et-pb-image--responsive--phone\":\"https:\\\/\\\/www.vignevin.com\\\/wp-content\\\/uploads\\\/2019\\\/09\\\/Sympt\u00f4mes-de-carence-en-bore-3-scaled.jpg\",\"gform-image-choice-sm\":\"https:\\\/\\\/www.vignevin.com\\\/wp-content\\\/uploads\\\/2019\\\/09\\\/Sympt\u00f4mes-de-carence-en-bore-3-scaled.jpg\",\"gform-image-choice-md\":\"https:\\\/\\\/www.vignevin.com\\\/wp-content\\\/uploads\\\/2019\\\/09\\\/Sympt\u00f4mes-de-carence-en-bore-3-scaled.jpg\",\"gform-image-choice-lg\":\"https:\\\/\\\/www.vignevin.com\\\/wp-content\\\/uploads\\\/2019\\\/09\\\/Sympt\u00f4mes-de-carence-en-bore-3-scaled.jpg\",\"woocommerce_thumbnail\":\"https:\\\/\\\/www.vignevin.com\\\/wp-content\\\/uploads\\\/2019\\\/09\\\/Sympt\u00f4mes-de-carence-en-bore-3-scaled-300x300.jpg\",\"woocommerce_single\":\"https:\\\/\\\/www.vignevin.com\\\/wp-content\\\/uploads\\\/2019\\\/09\\\/Sympt\u00f4mes-de-carence-en-bore-3-scaled-600x800.jpg\",\"woocommerce_gallery_thumbnail\":\"https:\\\/\\\/www.vignevin.com\\\/wp-content\\\/uploads\\\/2019\\\/09\\\/Sympt\u00f4mes-de-carence-en-bore-3-scaled-100x100.jpg\",\"full\":\"https:\\\/\\\/www.vignevin.com\\\/wp-content\\\/uploads\\\/2019\\\/09\\\/Sympt\u00f4mes-de-carence-en-bore-3-scaled.jpg\",\"index\":12,\"id\":10068,\"video\":false,\"opts\":{\"caption\":\"\",\"thumb\":\"https:\\\/\\\/www.vignevin.com\\\/wp-content\\\/uploads\\\/2019\\\/09\\\/Sympt\u00f4mes-de-carence-en-bore-3-scaled-75x50_c.jpg\",\"title\":\"Sympt&amp;ocirc;mes de carence en bore (3)\"},\"gallery_id\":17388,\"gallery_title\":\"Grapevines Deficiencies\"},\"10069\":{\"status\":\"active\",\"src\":\"https:\\\/\\\/www.vignevin.com\\\/wp-content\\\/uploads\\\/2019\\\/09\\\/Sympt\u00f4mes-de-carence-en-bore.jpg\",\"title\":\"Sympt&amp;ocirc;mes de carence en bore\",\"link\":\"https:\\\/\\\/www.vignevin.com\\\/wp-content\\\/uploads\\\/2019\\\/09\\\/Sympt\u00f4mes-de-carence-en-bore.jpg\",\"alt\":\"\",\"caption\":false,\"thumb\":\"https:\\\/\\\/www.vignevin.com\\\/wp-content\\\/uploads\\\/2019\\\/09\\\/Sympt\u00f4mes-de-carence-en-bore-75x50_c.jpg\",\"meta\":{\"aperture\":\"3.3\",\"credit\":null,\"camera\":\"DMC-TZ10\",\"caption\":\"\",\"created_timestamp\":\"1308733703\",\"copyright\":null,\"focal_length\":\"4.1\",\"iso\":\"80\",\"shutter_speed\":\"0.016666666666667\",\"title\":\"\",\"orientation\":\"1\",\"keywords\":null},\"thumbnail\":\"https:\\\/\\\/www.vignevin.com\\\/wp-content\\\/uploads\\\/2019\\\/09\\\/Sympt\u00f4mes-de-carence-en-bore-150x150.jpg\",\"medium\":\"https:\\\/\\\/www.vignevin.com\\\/wp-content\\\/uploads\\\/2019\\\/09\\\/Sympt\u00f4mes-de-carence-en-bore-300x225.jpg\",\"medium_large\":\"https:\\\/\\\/www.vignevin.com\\\/wp-content\\\/uploads\\\/2019\\\/09\\\/Sympt\u00f4mes-de-carence-en-bore-768x576.jpg\",\"large\":\"https:\\\/\\\/www.vignevin.com\\\/wp-content\\\/uploads\\\/2019\\\/09\\\/Sympt\u00f4mes-de-carence-en-bore-1024x768.jpg\",\"1536x1536\":\"https:\\\/\\\/www.vignevin.com\\\/wp-content\\\/uploads\\\/2019\\\/09\\\/Sympt\u00f4mes-de-carence-en-bore.jpg\",\"2048x2048\":\"https:\\\/\\\/www.vignevin.com\\\/wp-content\\\/uploads\\\/2019\\\/09\\\/Sympt\u00f4mes-de-carence-en-bore.jpg\",\"et-pb-post-main-image\":\"https:\\\/\\\/www.vignevin.com\\\/wp-content\\\/uploads\\\/2019\\\/09\\\/Sympt\u00f4mes-de-carence-en-bore-400x250.jpg\",\"et-pb-post-main-image-fullwidth\":\"https:\\\/\\\/www.vignevin.com\\\/wp-content\\\/uploads\\\/2019\\\/09\\\/Sympt\u00f4mes-de-carence-en-bore-1080x675.jpg\",\"et-pb-portfolio-image\":\"https:\\\/\\\/www.vignevin.com\\\/wp-content\\\/uploads\\\/2019\\\/09\\\/Sympt\u00f4mes-de-carence-en-bore-400x284.jpg\",\"et-pb-portfolio-module-image\":\"https:\\\/\\\/www.vignevin.com\\\/wp-content\\\/uploads\\\/2019\\\/09\\\/Sympt\u00f4mes-de-carence-en-bore-510x382.jpg\",\"et-pb-portfolio-image-single\":\"https:\\\/\\\/www.vignevin.com\\\/wp-content\\\/uploads\\\/2019\\\/09\\\/Sympt\u00f4mes-de-carence-en-bore-1080x810.jpg\",\"et-pb-gallery-module-image-portrait\":\"https:\\\/\\\/www.vignevin.com\\\/wp-content\\\/uploads\\\/2019\\\/09\\\/Sympt\u00f4mes-de-carence-en-bore-400x516.jpg\",\"et-pb-post-main-image-fullwidth-large\":\"https:\\\/\\\/www.vignevin.com\\\/wp-content\\\/uploads\\\/2019\\\/09\\\/Sympt\u00f4mes-de-carence-en-bore-2560x1800.jpg\",\"et-pb-image--responsive--desktop\":\"https:\\\/\\\/www.vignevin.com\\\/wp-content\\\/uploads\\\/2019\\\/09\\\/Sympt\u00f4mes-de-carence-en-bore.jpg\",\"et-pb-image--responsive--tablet\":\"https:\\\/\\\/www.vignevin.com\\\/wp-content\\\/uploads\\\/2019\\\/09\\\/Sympt\u00f4mes-de-carence-en-bore.jpg\",\"et-pb-image--responsive--phone\":\"https:\\\/\\\/www.vignevin.com\\\/wp-content\\\/uploads\\\/2019\\\/09\\\/Sympt\u00f4mes-de-carence-en-bore.jpg\",\"gform-image-choice-sm\":\"https:\\\/\\\/www.vignevin.com\\\/wp-content\\\/uploads\\\/2019\\\/09\\\/Sympt\u00f4mes-de-carence-en-bore.jpg\",\"gform-image-choice-md\":\"https:\\\/\\\/www.vignevin.com\\\/wp-content\\\/uploads\\\/2019\\\/09\\\/Sympt\u00f4mes-de-carence-en-bore.jpg\",\"gform-image-choice-lg\":\"https:\\\/\\\/www.vignevin.com\\\/wp-content\\\/uploads\\\/2019\\\/09\\\/Sympt\u00f4mes-de-carence-en-bore.jpg\",\"woocommerce_thumbnail\":\"https:\\\/\\\/www.vignevin.com\\\/wp-content\\\/uploads\\\/2019\\\/09\\\/Sympt\u00f4mes-de-carence-en-bore-300x300.jpg\",\"woocommerce_single\":\"https:\\\/\\\/www.vignevin.com\\\/wp-content\\\/uploads\\\/2019\\\/09\\\/Sympt\u00f4mes-de-carence-en-bore-600x450.jpg\",\"woocommerce_gallery_thumbnail\":\"https:\\\/\\\/www.vignevin.com\\\/wp-content\\\/uploads\\\/2019\\\/09\\\/Sympt\u00f4mes-de-carence-en-bore-100x100.jpg\",\"full\":\"https:\\\/\\\/www.vignevin.com\\\/wp-content\\\/uploads\\\/2019\\\/09\\\/Sympt\u00f4mes-de-carence-en-bore.jpg\",\"index\":13,\"id\":10069,\"video\":false,\"opts\":{\"caption\":\"\",\"thumb\":\"https:\\\/\\\/www.vignevin.com\\\/wp-content\\\/uploads\\\/2019\\\/09\\\/Sympt\u00f4mes-de-carence-en-bore-75x50_c.jpg\",\"title\":\"Sympt&amp;ocirc;mes de carence en bore\"},\"gallery_id\":17388,\"gallery_title\":\"Grapevines Deficiencies\"},\"10070\":{\"status\":\"active\",\"src\":\"https:\\\/\\\/www.vignevin.com\\\/wp-content\\\/uploads\\\/2019\\\/09\\\/Sympt\u00f4mes-de-carence-magn\u00e9sienne-2.jpg\",\"title\":\"OLYMPUS DIGITAL CAMERA\",\"link\":\"https:\\\/\\\/www.vignevin.com\\\/wp-content\\\/uploads\\\/2019\\\/09\\\/Sympt\u00f4mes-de-carence-magn\u00e9sienne-2.jpg\",\"alt\":\"\",\"caption\":\"OLYMPUS DIGITAL CAMERA\",\"thumb\":\"https:\\\/\\\/www.vignevin.com\\\/wp-content\\\/uploads\\\/2019\\\/09\\\/Sympt\u00f4mes-de-carence-magn\u00e9sienne-2-75x50_c.jpg\",\"meta\":{\"aperture\":\"5.6\",\"credit\":null,\"camera\":\"C-5000Z\",\"caption\":\"OLYMPUS DIGITAL CAMERA\",\"created_timestamp\":\"1188827518\",\"copyright\":null,\"focal_length\":\"7.8\",\"iso\":\"50\",\"shutter_speed\":\"0.025\",\"title\":\"OLYMPUS DIGITAL CAMERA\",\"orientation\":null,\"keywords\":null},\"thumbnail\":\"https:\\\/\\\/www.vignevin.com\\\/wp-content\\\/uploads\\\/2019\\\/09\\\/Sympt\u00f4mes-de-carence-magn\u00e9sienne-2-150x150.jpg\",\"medium\":\"https:\\\/\\\/www.vignevin.com\\\/wp-content\\\/uploads\\\/2019\\\/09\\\/Sympt\u00f4mes-de-carence-magn\u00e9sienne-2-225x300.jpg\",\"medium_large\":\"https:\\\/\\\/www.vignevin.com\\\/wp-content\\\/uploads\\\/2019\\\/09\\\/Sympt\u00f4mes-de-carence-magn\u00e9sienne-2-768x1024.jpg\",\"large\":\"https:\\\/\\\/www.vignevin.com\\\/wp-content\\\/uploads\\\/2019\\\/09\\\/Sympt\u00f4mes-de-carence-magn\u00e9sienne-2-768x1024.jpg\",\"1536x1536\":\"https:\\\/\\\/www.vignevin.com\\\/wp-content\\\/uploads\\\/2019\\\/09\\\/Sympt\u00f4mes-de-carence-magn\u00e9sienne-2.jpg\",\"2048x2048\":\"https:\\\/\\\/www.vignevin.com\\\/wp-content\\\/uploads\\\/2019\\\/09\\\/Sympt\u00f4mes-de-carence-magn\u00e9sienne-2.jpg\",\"et-pb-post-main-image\":\"https:\\\/\\\/www.vignevin.com\\\/wp-content\\\/uploads\\\/2019\\\/09\\\/Sympt\u00f4mes-de-carence-magn\u00e9sienne-2-400x250.jpg\",\"et-pb-post-main-image-fullwidth\":\"https:\\\/\\\/www.vignevin.com\\\/wp-content\\\/uploads\\\/2019\\\/09\\\/Sympt\u00f4mes-de-carence-magn\u00e9sienne-2-1080x675.jpg\",\"et-pb-portfolio-image\":\"https:\\\/\\\/www.vignevin.com\\\/wp-content\\\/uploads\\\/2019\\\/09\\\/Sympt\u00f4mes-de-carence-magn\u00e9sienne-2-400x284.jpg\",\"et-pb-portfolio-module-image\":\"https:\\\/\\\/www.vignevin.com\\\/wp-content\\\/uploads\\\/2019\\\/09\\\/Sympt\u00f4mes-de-carence-magn\u00e9sienne-2-510x382.jpg\",\"et-pb-portfolio-image-single\":\"https:\\\/\\\/www.vignevin.com\\\/wp-content\\\/uploads\\\/2019\\\/09\\\/Sympt\u00f4mes-de-carence-magn\u00e9sienne-2-1080x1440.jpg\",\"et-pb-gallery-module-image-portrait\":\"https:\\\/\\\/www.vignevin.com\\\/wp-content\\\/uploads\\\/2019\\\/09\\\/Sympt\u00f4mes-de-carence-magn\u00e9sienne-2-400x516.jpg\",\"et-pb-post-main-image-fullwidth-large\":\"https:\\\/\\\/www.vignevin.com\\\/wp-content\\\/uploads\\\/2019\\\/09\\\/Sympt\u00f4mes-de-carence-magn\u00e9sienne-2.jpg\",\"et-pb-image--responsive--desktop\":\"https:\\\/\\\/www.vignevin.com\\\/wp-content\\\/uploads\\\/2019\\\/09\\\/Sympt\u00f4mes-de-carence-magn\u00e9sienne-2.jpg\",\"et-pb-image--responsive--tablet\":\"https:\\\/\\\/www.vignevin.com\\\/wp-content\\\/uploads\\\/2019\\\/09\\\/Sympt\u00f4mes-de-carence-magn\u00e9sienne-2.jpg\",\"et-pb-image--responsive--phone\":\"https:\\\/\\\/www.vignevin.com\\\/wp-content\\\/uploads\\\/2019\\\/09\\\/Sympt\u00f4mes-de-carence-magn\u00e9sienne-2.jpg\",\"gform-image-choice-sm\":\"https:\\\/\\\/www.vignevin.com\\\/wp-content\\\/uploads\\\/2019\\\/09\\\/Sympt\u00f4mes-de-carence-magn\u00e9sienne-2.jpg\",\"gform-image-choice-md\":\"https:\\\/\\\/www.vignevin.com\\\/wp-content\\\/uploads\\\/2019\\\/09\\\/Sympt\u00f4mes-de-carence-magn\u00e9sienne-2.jpg\",\"gform-image-choice-lg\":\"https:\\\/\\\/www.vignevin.com\\\/wp-content\\\/uploads\\\/2019\\\/09\\\/Sympt\u00f4mes-de-carence-magn\u00e9sienne-2.jpg\",\"woocommerce_thumbnail\":\"https:\\\/\\\/www.vignevin.com\\\/wp-content\\\/uploads\\\/2019\\\/09\\\/Sympt\u00f4mes-de-carence-magn\u00e9sienne-2-300x300.jpg\",\"woocommerce_single\":\"https:\\\/\\\/www.vignevin.com\\\/wp-content\\\/uploads\\\/2019\\\/09\\\/Sympt\u00f4mes-de-carence-magn\u00e9sienne-2-600x800.jpg\",\"woocommerce_gallery_thumbnail\":\"https:\\\/\\\/www.vignevin.com\\\/wp-content\\\/uploads\\\/2019\\\/09\\\/Sympt\u00f4mes-de-carence-magn\u00e9sienne-2-100x100.jpg\",\"full\":\"https:\\\/\\\/www.vignevin.com\\\/wp-content\\\/uploads\\\/2019\\\/09\\\/Sympt\u00f4mes-de-carence-magn\u00e9sienne-2.jpg\",\"index\":14,\"id\":10070,\"video\":false,\"opts\":{\"caption\":\"OLYMPUS DIGITAL CAMERA\",\"thumb\":\"https:\\\/\\\/www.vignevin.com\\\/wp-content\\\/uploads\\\/2019\\\/09\\\/Sympt\u00f4mes-de-carence-magn\u00e9sienne-2-75x50_c.jpg\",\"title\":\"OLYMPUS DIGITAL CAMERA\"},\"gallery_id\":17388,\"gallery_title\":\"Grapevines Deficiencies\"},\"10071\":{\"status\":\"active\",\"src\":\"https:\\\/\\\/www.vignevin.com\\\/wp-content\\\/uploads\\\/2019\\\/09\\\/Sympt\u00f4mes-de-carence-magn\u00e9sienne-3.jpg\",\"title\":\"OLYMPUS DIGITAL CAMERA\",\"link\":\"https:\\\/\\\/www.vignevin.com\\\/wp-content\\\/uploads\\\/2019\\\/09\\\/Sympt\u00f4mes-de-carence-magn\u00e9sienne-3.jpg\",\"alt\":\"\",\"caption\":\"OLYMPUS DIGITAL CAMERA\",\"thumb\":\"https:\\\/\\\/www.vignevin.com\\\/wp-content\\\/uploads\\\/2019\\\/09\\\/Sympt\u00f4mes-de-carence-magn\u00e9sienne-3-75x50_c.jpg\",\"meta\":{\"aperture\":\"2.8\",\"credit\":null,\"camera\":\"C-5000Z\",\"caption\":\"OLYMPUS DIGITAL CAMERA\",\"created_timestamp\":\"1188929733\",\"copyright\":null,\"focal_length\":\"7.8\",\"iso\":\"50\",\"shutter_speed\":\"0.0125\",\"title\":\"OLYMPUS DIGITAL CAMERA\",\"orientation\":\"1\",\"keywords\":null},\"thumbnail\":\"https:\\\/\\\/www.vignevin.com\\\/wp-content\\\/uploads\\\/2019\\\/09\\\/Sympt\u00f4mes-de-carence-magn\u00e9sienne-3-150x150.jpg\",\"medium\":\"https:\\\/\\\/www.vignevin.com\\\/wp-content\\\/uploads\\\/2019\\\/09\\\/Sympt\u00f4mes-de-carence-magn\u00e9sienne-3-300x225.jpg\",\"medium_large\":\"https:\\\/\\\/www.vignevin.com\\\/wp-content\\\/uploads\\\/2019\\\/09\\\/Sympt\u00f4mes-de-carence-magn\u00e9sienne-3-768x576.jpg\",\"large\":\"https:\\\/\\\/www.vignevin.com\\\/wp-content\\\/uploads\\\/2019\\\/09\\\/Sympt\u00f4mes-de-carence-magn\u00e9sienne-3-1024x768.jpg\",\"1536x1536\":\"https:\\\/\\\/www.vignevin.com\\\/wp-content\\\/uploads\\\/2019\\\/09\\\/Sympt\u00f4mes-de-carence-magn\u00e9sienne-3.jpg\",\"2048x2048\":\"https:\\\/\\\/www.vignevin.com\\\/wp-content\\\/uploads\\\/2019\\\/09\\\/Sympt\u00f4mes-de-carence-magn\u00e9sienne-3.jpg\",\"et-pb-post-main-image\":\"https:\\\/\\\/www.vignevin.com\\\/wp-content\\\/uploads\\\/2019\\\/09\\\/Sympt\u00f4mes-de-carence-magn\u00e9sienne-3-400x250.jpg\",\"et-pb-post-main-image-fullwidth\":\"https:\\\/\\\/www.vignevin.com\\\/wp-content\\\/uploads\\\/2019\\\/09\\\/Sympt\u00f4mes-de-carence-magn\u00e9sienne-3-1080x675.jpg\",\"et-pb-portfolio-image\":\"https:\\\/\\\/www.vignevin.com\\\/wp-content\\\/uploads\\\/2019\\\/09\\\/Sympt\u00f4mes-de-carence-magn\u00e9sienne-3-400x284.jpg\",\"et-pb-portfolio-module-image\":\"https:\\\/\\\/www.vignevin.com\\\/wp-content\\\/uploads\\\/2019\\\/09\\\/Sympt\u00f4mes-de-carence-magn\u00e9sienne-3-510x382.jpg\",\"et-pb-portfolio-image-single\":\"https:\\\/\\\/www.vignevin.com\\\/wp-content\\\/uploads\\\/2019\\\/09\\\/Sympt\u00f4mes-de-carence-magn\u00e9sienne-3-1080x810.jpg\",\"et-pb-gallery-module-image-portrait\":\"https:\\\/\\\/www.vignevin.com\\\/wp-content\\\/uploads\\\/2019\\\/09\\\/Sympt\u00f4mes-de-carence-magn\u00e9sienne-3-400x516.jpg\",\"et-pb-post-main-image-fullwidth-large\":\"https:\\\/\\\/www.vignevin.com\\\/wp-content\\\/uploads\\\/2019\\\/09\\\/Sympt\u00f4mes-de-carence-magn\u00e9sienne-3.jpg\",\"et-pb-image--responsive--desktop\":\"https:\\\/\\\/www.vignevin.com\\\/wp-content\\\/uploads\\\/2019\\\/09\\\/Sympt\u00f4mes-de-carence-magn\u00e9sienne-3.jpg\",\"et-pb-image--responsive--tablet\":\"https:\\\/\\\/www.vignevin.com\\\/wp-content\\\/uploads\\\/2019\\\/09\\\/Sympt\u00f4mes-de-carence-magn\u00e9sienne-3.jpg\",\"et-pb-image--responsive--phone\":\"https:\\\/\\\/www.vignevin.com\\\/wp-content\\\/uploads\\\/2019\\\/09\\\/Sympt\u00f4mes-de-carence-magn\u00e9sienne-3.jpg\",\"gform-image-choice-sm\":\"https:\\\/\\\/www.vignevin.com\\\/wp-content\\\/uploads\\\/2019\\\/09\\\/Sympt\u00f4mes-de-carence-magn\u00e9sienne-3.jpg\",\"gform-image-choice-md\":\"https:\\\/\\\/www.vignevin.com\\\/wp-content\\\/uploads\\\/2019\\\/09\\\/Sympt\u00f4mes-de-carence-magn\u00e9sienne-3.jpg\",\"gform-image-choice-lg\":\"https:\\\/\\\/www.vignevin.com\\\/wp-content\\\/uploads\\\/2019\\\/09\\\/Sympt\u00f4mes-de-carence-magn\u00e9sienne-3.jpg\",\"woocommerce_thumbnail\":\"https:\\\/\\\/www.vignevin.com\\\/wp-content\\\/uploads\\\/2019\\\/09\\\/Sympt\u00f4mes-de-carence-magn\u00e9sienne-3-300x300.jpg\",\"woocommerce_single\":\"https:\\\/\\\/www.vignevin.com\\\/wp-content\\\/uploads\\\/2019\\\/09\\\/Sympt\u00f4mes-de-carence-magn\u00e9sienne-3-600x450.jpg\",\"woocommerce_gallery_thumbnail\":\"https:\\\/\\\/www.vignevin.com\\\/wp-content\\\/uploads\\\/2019\\\/09\\\/Sympt\u00f4mes-de-carence-magn\u00e9sienne-3-100x100.jpg\",\"full\":\"https:\\\/\\\/www.vignevin.com\\\/wp-content\\\/uploads\\\/2019\\\/09\\\/Sympt\u00f4mes-de-carence-magn\u00e9sienne-3.jpg\",\"index\":15,\"id\":10071,\"video\":false,\"opts\":{\"caption\":\"OLYMPUS DIGITAL CAMERA\",\"thumb\":\"https:\\\/\\\/www.vignevin.com\\\/wp-content\\\/uploads\\\/2019\\\/09\\\/Sympt\u00f4mes-de-carence-magn\u00e9sienne-3-75x50_c.jpg\",\"title\":\"OLYMPUS DIGITAL CAMERA\"},\"gallery_id\":17388,\"gallery_title\":\"Grapevines Deficiencies\"},\"10072\":{\"status\":\"active\",\"src\":\"https:\\\/\\\/www.vignevin.com\\\/wp-content\\\/uploads\\\/2019\\\/09\\\/Sympt\u00f4mes-de-carence-magn\u00e9sienne-2-1-scaled.jpg\",\"title\":\"Sympt&amp;ocirc;mes de carence magn&amp;eacute;sienne 2\",\"link\":\"https:\\\/\\\/www.vignevin.com\\\/wp-content\\\/uploads\\\/2019\\\/09\\\/Sympt\u00f4mes-de-carence-magn\u00e9sienne-2-1.jpg\",\"alt\":\"\",\"caption\":false,\"thumb\":\"https:\\\/\\\/www.vignevin.com\\\/wp-content\\\/uploads\\\/2019\\\/09\\\/Sympt\u00f4mes-de-carence-magn\u00e9sienne-2-1-scaled-75x50_c.jpg\",\"meta\":{\"aperture\":\"3.3\",\"credit\":null,\"camera\":\"DMC-TZ10\",\"caption\":\"\",\"created_timestamp\":\"1441897762\",\"copyright\":null,\"focal_length\":\"4.1\",\"iso\":\"80\",\"shutter_speed\":\"0.0125\",\"title\":\"\",\"orientation\":\"1\",\"keywords\":null},\"thumbnail\":\"https:\\\/\\\/www.vignevin.com\\\/wp-content\\\/uploads\\\/2019\\\/09\\\/Sympt\u00f4mes-de-carence-magn\u00e9sienne-2-1-150x150.jpg\",\"medium\":\"https:\\\/\\\/www.vignevin.com\\\/wp-content\\\/uploads\\\/2019\\\/09\\\/Sympt\u00f4mes-de-carence-magn\u00e9sienne-2-1-225x300.jpg\",\"medium_large\":\"https:\\\/\\\/www.vignevin.com\\\/wp-content\\\/uploads\\\/2019\\\/09\\\/Sympt\u00f4mes-de-carence-magn\u00e9sienne-2-1-768x1024.jpg\",\"large\":\"https:\\\/\\\/www.vignevin.com\\\/wp-content\\\/uploads\\\/2019\\\/09\\\/Sympt\u00f4mes-de-carence-magn\u00e9sienne-2-1-768x1024.jpg\",\"1536x1536\":\"https:\\\/\\\/www.vignevin.com\\\/wp-content\\\/uploads\\\/2019\\\/09\\\/Sympt\u00f4mes-de-carence-magn\u00e9sienne-2-1-scaled.jpg\",\"2048x2048\":\"https:\\\/\\\/www.vignevin.com\\\/wp-content\\\/uploads\\\/2019\\\/09\\\/Sympt\u00f4mes-de-carence-magn\u00e9sienne-2-1-scaled.jpg\",\"et-pb-post-main-image\":\"https:\\\/\\\/www.vignevin.com\\\/wp-content\\\/uploads\\\/2019\\\/09\\\/Sympt\u00f4mes-de-carence-magn\u00e9sienne-2-1-400x250.jpg\",\"et-pb-post-main-image-fullwidth\":\"https:\\\/\\\/www.vignevin.com\\\/wp-content\\\/uploads\\\/2019\\\/09\\\/Sympt\u00f4mes-de-carence-magn\u00e9sienne-2-1-1080x675.jpg\",\"et-pb-portfolio-image\":\"https:\\\/\\\/www.vignevin.com\\\/wp-content\\\/uploads\\\/2019\\\/09\\\/Sympt\u00f4mes-de-carence-magn\u00e9sienne-2-1-400x284.jpg\",\"et-pb-portfolio-module-image\":\"https:\\\/\\\/www.vignevin.com\\\/wp-content\\\/uploads\\\/2019\\\/09\\\/Sympt\u00f4mes-de-carence-magn\u00e9sienne-2-1-510x382.jpg\",\"et-pb-portfolio-image-single\":\"https:\\\/\\\/www.vignevin.com\\\/wp-content\\\/uploads\\\/2019\\\/09\\\/Sympt\u00f4mes-de-carence-magn\u00e9sienne-2-1-1080x1440.jpg\",\"et-pb-gallery-module-image-portrait\":\"https:\\\/\\\/www.vignevin.com\\\/wp-content\\\/uploads\\\/2019\\\/09\\\/Sympt\u00f4mes-de-carence-magn\u00e9sienne-2-1-400x516.jpg\",\"et-pb-post-main-image-fullwidth-large\":\"https:\\\/\\\/www.vignevin.com\\\/wp-content\\\/uploads\\\/2019\\\/09\\\/Sympt\u00f4mes-de-carence-magn\u00e9sienne-2-1-2880x1800.jpg\",\"et-pb-image--responsive--desktop\":\"https:\\\/\\\/www.vignevin.com\\\/wp-content\\\/uploads\\\/2019\\\/09\\\/Sympt\u00f4mes-de-carence-magn\u00e9sienne-2-1-scaled.jpg\",\"et-pb-image--responsive--tablet\":\"https:\\\/\\\/www.vignevin.com\\\/wp-content\\\/uploads\\\/2019\\\/09\\\/Sympt\u00f4mes-de-carence-magn\u00e9sienne-2-1-scaled.jpg\",\"et-pb-image--responsive--phone\":\"https:\\\/\\\/www.vignevin.com\\\/wp-content\\\/uploads\\\/2019\\\/09\\\/Sympt\u00f4mes-de-carence-magn\u00e9sienne-2-1-scaled.jpg\",\"gform-image-choice-sm\":\"https:\\\/\\\/www.vignevin.com\\\/wp-content\\\/uploads\\\/2019\\\/09\\\/Sympt\u00f4mes-de-carence-magn\u00e9sienne-2-1-scaled.jpg\",\"gform-image-choice-md\":\"https:\\\/\\\/www.vignevin.com\\\/wp-content\\\/uploads\\\/2019\\\/09\\\/Sympt\u00f4mes-de-carence-magn\u00e9sienne-2-1-scaled.jpg\",\"gform-image-choice-lg\":\"https:\\\/\\\/www.vignevin.com\\\/wp-content\\\/uploads\\\/2019\\\/09\\\/Sympt\u00f4mes-de-carence-magn\u00e9sienne-2-1-scaled.jpg\",\"woocommerce_thumbnail\":\"https:\\\/\\\/www.vignevin.com\\\/wp-content\\\/uploads\\\/2019\\\/09\\\/Sympt\u00f4mes-de-carence-magn\u00e9sienne-2-1-scaled-300x300.jpg\",\"woocommerce_single\":\"https:\\\/\\\/www.vignevin.com\\\/wp-content\\\/uploads\\\/2019\\\/09\\\/Sympt\u00f4mes-de-carence-magn\u00e9sienne-2-1-scaled-600x800.jpg\",\"woocommerce_gallery_thumbnail\":\"https:\\\/\\\/www.vignevin.com\\\/wp-content\\\/uploads\\\/2019\\\/09\\\/Sympt\u00f4mes-de-carence-magn\u00e9sienne-2-1-scaled-100x100.jpg\",\"full\":\"https:\\\/\\\/www.vignevin.com\\\/wp-content\\\/uploads\\\/2019\\\/09\\\/Sympt\u00f4mes-de-carence-magn\u00e9sienne-2-1-scaled.jpg\",\"index\":16,\"id\":10072,\"video\":false,\"opts\":{\"caption\":\"\",\"thumb\":\"https:\\\/\\\/www.vignevin.com\\\/wp-content\\\/uploads\\\/2019\\\/09\\\/Sympt\u00f4mes-de-carence-magn\u00e9sienne-2-1-scaled-75x50_c.jpg\",\"title\":\"Sympt&amp;ocirc;mes de carence magn&amp;eacute;sienne 2\"},\"gallery_id\":17388,\"gallery_title\":\"Grapevines Deficiencies\"},\"10073\":{\"status\":\"active\",\"src\":\"https:\\\/\\\/www.vignevin.com\\\/wp-content\\\/uploads\\\/2019\\\/09\\\/Sympt\u00f4mes-de-carence-magn\u00e9sienne-scaled.jpg\",\"title\":\"Sympt&amp;ocirc;mes de carence magn&amp;eacute;sienne\",\"link\":\"https:\\\/\\\/www.vignevin.com\\\/wp-content\\\/uploads\\\/2019\\\/09\\\/Sympt\u00f4mes-de-carence-magn\u00e9sienne.jpg\",\"alt\":\"\",\"caption\":false,\"thumb\":\"https:\\\/\\\/www.vignevin.com\\\/wp-content\\\/uploads\\\/2019\\\/09\\\/Sympt\u00f4mes-de-carence-magn\u00e9sienne-scaled-75x50_c.jpg\",\"meta\":{\"aperture\":\"3.3\",\"credit\":null,\"camera\":\"DMC-TZ10\",\"caption\":\"\",\"created_timestamp\":\"1441897729\",\"copyright\":null,\"focal_length\":\"4.1\",\"iso\":\"80\",\"shutter_speed\":\"0.0125\",\"title\":\"\",\"orientation\":\"1\",\"keywords\":null},\"thumbnail\":\"https:\\\/\\\/www.vignevin.com\\\/wp-content\\\/uploads\\\/2019\\\/09\\\/Sympt\u00f4mes-de-carence-magn\u00e9sienne-150x150.jpg\",\"medium\":\"https:\\\/\\\/www.vignevin.com\\\/wp-content\\\/uploads\\\/2019\\\/09\\\/Sympt\u00f4mes-de-carence-magn\u00e9sienne-225x300.jpg\",\"medium_large\":\"https:\\\/\\\/www.vignevin.com\\\/wp-content\\\/uploads\\\/2019\\\/09\\\/Sympt\u00f4mes-de-carence-magn\u00e9sienne-768x1024.jpg\",\"large\":\"https:\\\/\\\/www.vignevin.com\\\/wp-content\\\/uploads\\\/2019\\\/09\\\/Sympt\u00f4mes-de-carence-magn\u00e9sienne-768x1024.jpg\",\"1536x1536\":\"https:\\\/\\\/www.vignevin.com\\\/wp-content\\\/uploads\\\/2019\\\/09\\\/Sympt\u00f4mes-de-carence-magn\u00e9sienne-scaled.jpg\",\"2048x2048\":\"https:\\\/\\\/www.vignevin.com\\\/wp-content\\\/uploads\\\/2019\\\/09\\\/Sympt\u00f4mes-de-carence-magn\u00e9sienne-scaled.jpg\",\"et-pb-post-main-image\":\"https:\\\/\\\/www.vignevin.com\\\/wp-content\\\/uploads\\\/2019\\\/09\\\/Sympt\u00f4mes-de-carence-magn\u00e9sienne-400x250.jpg\",\"et-pb-post-main-image-fullwidth\":\"https:\\\/\\\/www.vignevin.com\\\/wp-content\\\/uploads\\\/2019\\\/09\\\/Sympt\u00f4mes-de-carence-magn\u00e9sienne-1080x675.jpg\",\"et-pb-portfolio-image\":\"https:\\\/\\\/www.vignevin.com\\\/wp-content\\\/uploads\\\/2019\\\/09\\\/Sympt\u00f4mes-de-carence-magn\u00e9sienne-400x284.jpg\",\"et-pb-portfolio-module-image\":\"https:\\\/\\\/www.vignevin.com\\\/wp-content\\\/uploads\\\/2019\\\/09\\\/Sympt\u00f4mes-de-carence-magn\u00e9sienne-510x382.jpg\",\"et-pb-portfolio-image-single\":\"https:\\\/\\\/www.vignevin.com\\\/wp-content\\\/uploads\\\/2019\\\/09\\\/Sympt\u00f4mes-de-carence-magn\u00e9sienne-1080x1440.jpg\",\"et-pb-gallery-module-image-portrait\":\"https:\\\/\\\/www.vignevin.com\\\/wp-content\\\/uploads\\\/2019\\\/09\\\/Sympt\u00f4mes-de-carence-magn\u00e9sienne-400x516.jpg\",\"et-pb-post-main-image-fullwidth-large\":\"https:\\\/\\\/www.vignevin.com\\\/wp-content\\\/uploads\\\/2019\\\/09\\\/Sympt\u00f4mes-de-carence-magn\u00e9sienne-2880x1800.jpg\",\"et-pb-image--responsive--desktop\":\"https:\\\/\\\/www.vignevin.com\\\/wp-content\\\/uploads\\\/2019\\\/09\\\/Sympt\u00f4mes-de-carence-magn\u00e9sienne-scaled.jpg\",\"et-pb-image--responsive--tablet\":\"https:\\\/\\\/www.vignevin.com\\\/wp-content\\\/uploads\\\/2019\\\/09\\\/Sympt\u00f4mes-de-carence-magn\u00e9sienne-scaled.jpg\",\"et-pb-image--responsive--phone\":\"https:\\\/\\\/www.vignevin.com\\\/wp-content\\\/uploads\\\/2019\\\/09\\\/Sympt\u00f4mes-de-carence-magn\u00e9sienne-scaled.jpg\",\"gform-image-choice-sm\":\"https:\\\/\\\/www.vignevin.com\\\/wp-content\\\/uploads\\\/2019\\\/09\\\/Sympt\u00f4mes-de-carence-magn\u00e9sienne-scaled.jpg\",\"gform-image-choice-md\":\"https:\\\/\\\/www.vignevin.com\\\/wp-content\\\/uploads\\\/2019\\\/09\\\/Sympt\u00f4mes-de-carence-magn\u00e9sienne-scaled.jpg\",\"gform-image-choice-lg\":\"https:\\\/\\\/www.vignevin.com\\\/wp-content\\\/uploads\\\/2019\\\/09\\\/Sympt\u00f4mes-de-carence-magn\u00e9sienne-scaled.jpg\",\"woocommerce_thumbnail\":\"https:\\\/\\\/www.vignevin.com\\\/wp-content\\\/uploads\\\/2019\\\/09\\\/Sympt\u00f4mes-de-carence-magn\u00e9sienne-scaled-300x300.jpg\",\"woocommerce_single\":\"https:\\\/\\\/www.vignevin.com\\\/wp-content\\\/uploads\\\/2019\\\/09\\\/Sympt\u00f4mes-de-carence-magn\u00e9sienne-scaled-600x800.jpg\",\"woocommerce_gallery_thumbnail\":\"https:\\\/\\\/www.vignevin.com\\\/wp-content\\\/uploads\\\/2019\\\/09\\\/Sympt\u00f4mes-de-carence-magn\u00e9sienne-scaled-100x100.jpg\",\"full\":\"https:\\\/\\\/www.vignevin.com\\\/wp-content\\\/uploads\\\/2019\\\/09\\\/Sympt\u00f4mes-de-carence-magn\u00e9sienne-scaled.jpg\",\"index\":17,\"id\":10073,\"video\":false,\"opts\":{\"caption\":\"\",\"thumb\":\"https:\\\/\\\/www.vignevin.com\\\/wp-content\\\/uploads\\\/2019\\\/09\\\/Sympt\u00f4mes-de-carence-magn\u00e9sienne-scaled-75x50_c.jpg\",\"title\":\"Sympt&amp;ocirc;mes de carence magn&amp;eacute;sienne\"},\"gallery_id\":17388,\"gallery_title\":\"Grapevines Deficiencies\"},\"10074\":{\"status\":\"active\",\"src\":\"https:\\\/\\\/www.vignevin.com\\\/wp-content\\\/uploads\\\/2019\\\/09\\\/Sympt\u00f4mes-de-carence-potassique-2.jpg\",\"title\":\"OLYMPUS DIGITAL CAMERA\",\"link\":\"https:\\\/\\\/www.vignevin.com\\\/wp-content\\\/uploads\\\/2019\\\/09\\\/Sympt\u00f4mes-de-carence-potassique-2.jpg\",\"alt\":\"\",\"caption\":\"OLYMPUS DIGITAL CAMERA\",\"thumb\":\"https:\\\/\\\/www.vignevin.com\\\/wp-content\\\/uploads\\\/2019\\\/09\\\/Sympt\u00f4mes-de-carence-potassique-2-75x50_c.jpg\",\"meta\":{\"aperture\":\"2.8\",\"credit\":null,\"camera\":\"C-5000Z\",\"caption\":\"OLYMPUS DIGITAL CAMERA\",\"created_timestamp\":\"1189421022\",\"copyright\":null,\"focal_length\":\"7.8\",\"iso\":\"50\",\"shutter_speed\":\"0.0125\",\"title\":\"OLYMPUS DIGITAL CAMERA\",\"orientation\":\"1\",\"keywords\":null},\"thumbnail\":\"https:\\\/\\\/www.vignevin.com\\\/wp-content\\\/uploads\\\/2019\\\/09\\\/Sympt\u00f4mes-de-carence-potassique-2-150x150.jpg\",\"medium\":\"https:\\\/\\\/www.vignevin.com\\\/wp-content\\\/uploads\\\/2019\\\/09\\\/Sympt\u00f4mes-de-carence-potassique-2-225x300.jpg\",\"medium_large\":\"https:\\\/\\\/www.vignevin.com\\\/wp-content\\\/uploads\\\/2019\\\/09\\\/Sympt\u00f4mes-de-carence-potassique-2-768x1024.jpg\",\"large\":\"https:\\\/\\\/www.vignevin.com\\\/wp-content\\\/uploads\\\/2019\\\/09\\\/Sympt\u00f4mes-de-carence-potassique-2-768x1024.jpg\",\"1536x1536\":\"https:\\\/\\\/www.vignevin.com\\\/wp-content\\\/uploads\\\/2019\\\/09\\\/Sympt\u00f4mes-de-carence-potassique-2.jpg\",\"2048x2048\":\"https:\\\/\\\/www.vignevin.com\\\/wp-content\\\/uploads\\\/2019\\\/09\\\/Sympt\u00f4mes-de-carence-potassique-2.jpg\",\"et-pb-post-main-image\":\"https:\\\/\\\/www.vignevin.com\\\/wp-content\\\/uploads\\\/2019\\\/09\\\/Sympt\u00f4mes-de-carence-potassique-2-400x250.jpg\",\"et-pb-post-main-image-fullwidth\":\"https:\\\/\\\/www.vignevin.com\\\/wp-content\\\/uploads\\\/2019\\\/09\\\/Sympt\u00f4mes-de-carence-potassique-2-1080x675.jpg\",\"et-pb-portfolio-image\":\"https:\\\/\\\/www.vignevin.com\\\/wp-content\\\/uploads\\\/2019\\\/09\\\/Sympt\u00f4mes-de-carence-potassique-2-400x284.jpg\",\"et-pb-portfolio-module-image\":\"https:\\\/\\\/www.vignevin.com\\\/wp-content\\\/uploads\\\/2019\\\/09\\\/Sympt\u00f4mes-de-carence-potassique-2-510x382.jpg\",\"et-pb-portfolio-image-single\":\"https:\\\/\\\/www.vignevin.com\\\/wp-content\\\/uploads\\\/2019\\\/09\\\/Sympt\u00f4mes-de-carence-potassique-2-1080x1440.jpg\",\"et-pb-gallery-module-image-portrait\":\"https:\\\/\\\/www.vignevin.com\\\/wp-content\\\/uploads\\\/2019\\\/09\\\/Sympt\u00f4mes-de-carence-potassique-2-400x516.jpg\",\"et-pb-post-main-image-fullwidth-large\":\"https:\\\/\\\/www.vignevin.com\\\/wp-content\\\/uploads\\\/2019\\\/09\\\/Sympt\u00f4mes-de-carence-potassique-2.jpg\",\"et-pb-image--responsive--desktop\":\"https:\\\/\\\/www.vignevin.com\\\/wp-content\\\/uploads\\\/2019\\\/09\\\/Sympt\u00f4mes-de-carence-potassique-2.jpg\",\"et-pb-image--responsive--tablet\":\"https:\\\/\\\/www.vignevin.com\\\/wp-content\\\/uploads\\\/2019\\\/09\\\/Sympt\u00f4mes-de-carence-potassique-2.jpg\",\"et-pb-image--responsive--phone\":\"https:\\\/\\\/www.vignevin.com\\\/wp-content\\\/uploads\\\/2019\\\/09\\\/Sympt\u00f4mes-de-carence-potassique-2.jpg\",\"gform-image-choice-sm\":\"https:\\\/\\\/www.vignevin.com\\\/wp-content\\\/uploads\\\/2019\\\/09\\\/Sympt\u00f4mes-de-carence-potassique-2.jpg\",\"gform-image-choice-md\":\"https:\\\/\\\/www.vignevin.com\\\/wp-content\\\/uploads\\\/2019\\\/09\\\/Sympt\u00f4mes-de-carence-potassique-2.jpg\",\"gform-image-choice-lg\":\"https:\\\/\\\/www.vignevin.com\\\/wp-content\\\/uploads\\\/2019\\\/09\\\/Sympt\u00f4mes-de-carence-potassique-2.jpg\",\"woocommerce_thumbnail\":\"https:\\\/\\\/www.vignevin.com\\\/wp-content\\\/uploads\\\/2019\\\/09\\\/Sympt\u00f4mes-de-carence-potassique-2-300x300.jpg\",\"woocommerce_single\":\"https:\\\/\\\/www.vignevin.com\\\/wp-content\\\/uploads\\\/2019\\\/09\\\/Sympt\u00f4mes-de-carence-potassique-2-600x800.jpg\",\"woocommerce_gallery_thumbnail\":\"https:\\\/\\\/www.vignevin.com\\\/wp-content\\\/uploads\\\/2019\\\/09\\\/Sympt\u00f4mes-de-carence-potassique-2-100x100.jpg\",\"full\":\"https:\\\/\\\/www.vignevin.com\\\/wp-content\\\/uploads\\\/2019\\\/09\\\/Sympt\u00f4mes-de-carence-potassique-2.jpg\",\"index\":18,\"id\":10074,\"video\":false,\"opts\":{\"caption\":\"OLYMPUS DIGITAL CAMERA\",\"thumb\":\"https:\\\/\\\/www.vignevin.com\\\/wp-content\\\/uploads\\\/2019\\\/09\\\/Sympt\u00f4mes-de-carence-potassique-2-75x50_c.jpg\",\"title\":\"OLYMPUS DIGITAL CAMERA\"},\"gallery_id\":17388,\"gallery_title\":\"Grapevines Deficiencies\"},\"10075\":{\"status\":\"active\",\"src\":\"https:\\\/\\\/www.vignevin.com\\\/wp-content\\\/uploads\\\/2019\\\/09\\\/Sympt\u00f4mes-de-carence-potassique-3.jpg\",\"title\":\"OLYMPUS DIGITAL CAMERA\",\"link\":\"https:\\\/\\\/www.vignevin.com\\\/wp-content\\\/uploads\\\/2019\\\/09\\\/Sympt\u00f4mes-de-carence-potassique-3.jpg\",\"alt\":\"\",\"caption\":\"OLYMPUS DIGITAL CAMERA\",\"thumb\":\"https:\\\/\\\/www.vignevin.com\\\/wp-content\\\/uploads\\\/2019\\\/09\\\/Sympt\u00f4mes-de-carence-potassique-3-75x50_c.jpg\",\"meta\":{\"aperture\":\"2.8\",\"credit\":null,\"camera\":\"C-5000Z\",\"caption\":\"OLYMPUS DIGITAL CAMERA\",\"created_timestamp\":\"1189420854\",\"copyright\":null,\"focal_length\":\"7.8\",\"iso\":\"50\",\"shutter_speed\":\"0.0125\",\"title\":\"OLYMPUS DIGITAL CAMERA\",\"orientation\":\"1\",\"keywords\":null},\"thumbnail\":\"https:\\\/\\\/www.vignevin.com\\\/wp-content\\\/uploads\\\/2019\\\/09\\\/Sympt\u00f4mes-de-carence-potassique-3-150x150.jpg\",\"medium\":\"https:\\\/\\\/www.vignevin.com\\\/wp-content\\\/uploads\\\/2019\\\/09\\\/Sympt\u00f4mes-de-carence-potassique-3-225x300.jpg\",\"medium_large\":\"https:\\\/\\\/www.vignevin.com\\\/wp-content\\\/uploads\\\/2019\\\/09\\\/Sympt\u00f4mes-de-carence-potassique-3-768x1024.jpg\",\"large\":\"https:\\\/\\\/www.vignevin.com\\\/wp-content\\\/uploads\\\/2019\\\/09\\\/Sympt\u00f4mes-de-carence-potassique-3-768x1024.jpg\",\"1536x1536\":\"https:\\\/\\\/www.vignevin.com\\\/wp-content\\\/uploads\\\/2019\\\/09\\\/Sympt\u00f4mes-de-carence-potassique-3.jpg\",\"2048x2048\":\"https:\\\/\\\/www.vignevin.com\\\/wp-content\\\/uploads\\\/2019\\\/09\\\/Sympt\u00f4mes-de-carence-potassique-3.jpg\",\"et-pb-post-main-image\":\"https:\\\/\\\/www.vignevin.com\\\/wp-content\\\/uploads\\\/2019\\\/09\\\/Sympt\u00f4mes-de-carence-potassique-3-400x250.jpg\",\"et-pb-post-main-image-fullwidth\":\"https:\\\/\\\/www.vignevin.com\\\/wp-content\\\/uploads\\\/2019\\\/09\\\/Sympt\u00f4mes-de-carence-potassique-3-1080x675.jpg\",\"et-pb-portfolio-image\":\"https:\\\/\\\/www.vignevin.com\\\/wp-content\\\/uploads\\\/2019\\\/09\\\/Sympt\u00f4mes-de-carence-potassique-3-400x284.jpg\",\"et-pb-portfolio-module-image\":\"https:\\\/\\\/www.vignevin.com\\\/wp-content\\\/uploads\\\/2019\\\/09\\\/Sympt\u00f4mes-de-carence-potassique-3-510x382.jpg\",\"et-pb-portfolio-image-single\":\"https:\\\/\\\/www.vignevin.com\\\/wp-content\\\/uploads\\\/2019\\\/09\\\/Sympt\u00f4mes-de-carence-potassique-3-1080x1440.jpg\",\"et-pb-gallery-module-image-portrait\":\"https:\\\/\\\/www.vignevin.com\\\/wp-content\\\/uploads\\\/2019\\\/09\\\/Sympt\u00f4mes-de-carence-potassique-3-400x516.jpg\",\"et-pb-post-main-image-fullwidth-large\":\"https:\\\/\\\/www.vignevin.com\\\/wp-content\\\/uploads\\\/2019\\\/09\\\/Sympt\u00f4mes-de-carence-potassique-3.jpg\",\"et-pb-image--responsive--desktop\":\"https:\\\/\\\/www.vignevin.com\\\/wp-content\\\/uploads\\\/2019\\\/09\\\/Sympt\u00f4mes-de-carence-potassique-3.jpg\",\"et-pb-image--responsive--tablet\":\"https:\\\/\\\/www.vignevin.com\\\/wp-content\\\/uploads\\\/2019\\\/09\\\/Sympt\u00f4mes-de-carence-potassique-3.jpg\",\"et-pb-image--responsive--phone\":\"https:\\\/\\\/www.vignevin.com\\\/wp-content\\\/uploads\\\/2019\\\/09\\\/Sympt\u00f4mes-de-carence-potassique-3.jpg\",\"gform-image-choice-sm\":\"https:\\\/\\\/www.vignevin.com\\\/wp-content\\\/uploads\\\/2019\\\/09\\\/Sympt\u00f4mes-de-carence-potassique-3.jpg\",\"gform-image-choice-md\":\"https:\\\/\\\/www.vignevin.com\\\/wp-content\\\/uploads\\\/2019\\\/09\\\/Sympt\u00f4mes-de-carence-potassique-3.jpg\",\"gform-image-choice-lg\":\"https:\\\/\\\/www.vignevin.com\\\/wp-content\\\/uploads\\\/2019\\\/09\\\/Sympt\u00f4mes-de-carence-potassique-3.jpg\",\"woocommerce_thumbnail\":\"https:\\\/\\\/www.vignevin.com\\\/wp-content\\\/uploads\\\/2019\\\/09\\\/Sympt\u00f4mes-de-carence-potassique-3-300x300.jpg\",\"woocommerce_single\":\"https:\\\/\\\/www.vignevin.com\\\/wp-content\\\/uploads\\\/2019\\\/09\\\/Sympt\u00f4mes-de-carence-potassique-3-600x800.jpg\",\"woocommerce_gallery_thumbnail\":\"https:\\\/\\\/www.vignevin.com\\\/wp-content\\\/uploads\\\/2019\\\/09\\\/Sympt\u00f4mes-de-carence-potassique-3-100x100.jpg\",\"full\":\"https:\\\/\\\/www.vignevin.com\\\/wp-content\\\/uploads\\\/2019\\\/09\\\/Sympt\u00f4mes-de-carence-potassique-3.jpg\",\"index\":19,\"id\":10075,\"video\":false,\"opts\":{\"caption\":\"OLYMPUS DIGITAL CAMERA\",\"thumb\":\"https:\\\/\\\/www.vignevin.com\\\/wp-content\\\/uploads\\\/2019\\\/09\\\/Sympt\u00f4mes-de-carence-potassique-3-75x50_c.jpg\",\"title\":\"OLYMPUS DIGITAL CAMERA\"},\"gallery_id\":17388,\"gallery_title\":\"Grapevines Deficiencies\"},\"10076\":{\"status\":\"active\",\"src\":\"https:\\\/\\\/www.vignevin.com\\\/wp-content\\\/uploads\\\/2019\\\/09\\\/Sympt\u00f4mes-de-carence-potassique-4.jpg\",\"title\":\"Sympt&amp;ocirc;mes de carence potassique (4)\",\"link\":\"https:\\\/\\\/www.vignevin.com\\\/wp-content\\\/uploads\\\/2019\\\/09\\\/Sympt\u00f4mes-de-carence-potassique-4.jpg\",\"alt\":\"\",\"caption\":false,\"thumb\":\"https:\\\/\\\/www.vignevin.com\\\/wp-content\\\/uploads\\\/2019\\\/09\\\/Sympt\u00f4mes-de-carence-potassique-4-75x50_c.jpg\",\"meta\":{\"aperture\":null,\"credit\":null,\"camera\":null,\"caption\":\"\",\"created_timestamp\":null,\"copyright\":null,\"focal_length\":null,\"iso\":null,\"shutter_speed\":null,\"title\":\"\",\"orientation\":null,\"keywords\":null},\"thumbnail\":\"https:\\\/\\\/www.vignevin.com\\\/wp-content\\\/uploads\\\/2019\\\/09\\\/Sympt\u00f4mes-de-carence-potassique-4-150x150.jpg\",\"medium\":\"https:\\\/\\\/www.vignevin.com\\\/wp-content\\\/uploads\\\/2019\\\/09\\\/Sympt\u00f4mes-de-carence-potassique-4-290x300.jpg\",\"medium_large\":\"https:\\\/\\\/www.vignevin.com\\\/wp-content\\\/uploads\\\/2019\\\/09\\\/Sympt\u00f4mes-de-carence-potassique-4.jpg\",\"large\":\"https:\\\/\\\/www.vignevin.com\\\/wp-content\\\/uploads\\\/2019\\\/09\\\/Sympt\u00f4mes-de-carence-potassique-4.jpg\",\"1536x1536\":\"https:\\\/\\\/www.vignevin.com\\\/wp-content\\\/uploads\\\/2019\\\/09\\\/Sympt\u00f4mes-de-carence-potassique-4.jpg\",\"2048x2048\":\"https:\\\/\\\/www.vignevin.com\\\/wp-content\\\/uploads\\\/2019\\\/09\\\/Sympt\u00f4mes-de-carence-potassique-4.jpg\",\"et-pb-post-main-image\":\"https:\\\/\\\/www.vignevin.com\\\/wp-content\\\/uploads\\\/2019\\\/09\\\/Sympt\u00f4mes-de-carence-potassique-4-400x250.jpg\",\"et-pb-post-main-image-fullwidth\":\"https:\\\/\\\/www.vignevin.com\\\/wp-content\\\/uploads\\\/2019\\\/09\\\/Sympt\u00f4mes-de-carence-potassique-4.jpg\",\"et-pb-portfolio-image\":\"https:\\\/\\\/www.vignevin.com\\\/wp-content\\\/uploads\\\/2019\\\/09\\\/Sympt\u00f4mes-de-carence-potassique-4-400x284.jpg\",\"et-pb-portfolio-module-image\":\"https:\\\/\\\/www.vignevin.com\\\/wp-content\\\/uploads\\\/2019\\\/09\\\/Sympt\u00f4mes-de-carence-potassique-4-510x382.jpg\",\"et-pb-portfolio-image-single\":\"https:\\\/\\\/www.vignevin.com\\\/wp-content\\\/uploads\\\/2019\\\/09\\\/Sympt\u00f4mes-de-carence-potassique-4.jpg\",\"et-pb-gallery-module-image-portrait\":\"https:\\\/\\\/www.vignevin.com\\\/wp-content\\\/uploads\\\/2019\\\/09\\\/Sympt\u00f4mes-de-carence-potassique-4-400x516.jpg\",\"et-pb-post-main-image-fullwidth-large\":\"https:\\\/\\\/www.vignevin.com\\\/wp-content\\\/uploads\\\/2019\\\/09\\\/Sympt\u00f4mes-de-carence-potassique-4.jpg\",\"et-pb-image--responsive--desktop\":\"https:\\\/\\\/www.vignevin.com\\\/wp-content\\\/uploads\\\/2019\\\/09\\\/Sympt\u00f4mes-de-carence-potassique-4.jpg\",\"et-pb-image--responsive--tablet\":\"https:\\\/\\\/www.vignevin.com\\\/wp-content\\\/uploads\\\/2019\\\/09\\\/Sympt\u00f4mes-de-carence-potassique-4.jpg\",\"et-pb-image--responsive--phone\":\"https:\\\/\\\/www.vignevin.com\\\/wp-content\\\/uploads\\\/2019\\\/09\\\/Sympt\u00f4mes-de-carence-potassique-4.jpg\",\"gform-image-choice-sm\":\"https:\\\/\\\/www.vignevin.com\\\/wp-content\\\/uploads\\\/2019\\\/09\\\/Sympt\u00f4mes-de-carence-potassique-4.jpg\",\"gform-image-choice-md\":\"https:\\\/\\\/www.vignevin.com\\\/wp-content\\\/uploads\\\/2019\\\/09\\\/Sympt\u00f4mes-de-carence-potassique-4.jpg\",\"gform-image-choice-lg\":\"https:\\\/\\\/www.vignevin.com\\\/wp-content\\\/uploads\\\/2019\\\/09\\\/Sympt\u00f4mes-de-carence-potassique-4.jpg\",\"woocommerce_thumbnail\":\"https:\\\/\\\/www.vignevin.com\\\/wp-content\\\/uploads\\\/2019\\\/09\\\/Sympt\u00f4mes-de-carence-potassique-4-300x300.jpg\",\"woocommerce_single\":\"https:\\\/\\\/www.vignevin.com\\\/wp-content\\\/uploads\\\/2019\\\/09\\\/Sympt\u00f4mes-de-carence-potassique-4.jpg\",\"woocommerce_gallery_thumbnail\":\"https:\\\/\\\/www.vignevin.com\\\/wp-content\\\/uploads\\\/2019\\\/09\\\/Sympt\u00f4mes-de-carence-potassique-4-100x100.jpg\",\"full\":\"https:\\\/\\\/www.vignevin.com\\\/wp-content\\\/uploads\\\/2019\\\/09\\\/Sympt\u00f4mes-de-carence-potassique-4.jpg\",\"index\":20,\"id\":10076,\"video\":false,\"opts\":{\"caption\":\"\",\"thumb\":\"https:\\\/\\\/www.vignevin.com\\\/wp-content\\\/uploads\\\/2019\\\/09\\\/Sympt\u00f4mes-de-carence-potassique-4-75x50_c.jpg\",\"title\":\"Sympt&amp;ocirc;mes de carence potassique (4)\"},\"gallery_id\":17388,\"gallery_title\":\"Grapevines Deficiencies\"},\"10077\":{\"status\":\"active\",\"src\":\"https:\\\/\\\/www.vignevin.com\\\/wp-content\\\/uploads\\\/2019\\\/09\\\/Sympt\u00f4mes-de-carence-potassique-scaled.jpg\",\"title\":\"Sympt&amp;ocirc;mes de carence potassique\",\"link\":\"https:\\\/\\\/www.vignevin.com\\\/wp-content\\\/uploads\\\/2019\\\/09\\\/Sympt\u00f4mes-de-carence-potassique.jpg\",\"alt\":\"\",\"caption\":false,\"thumb\":\"https:\\\/\\\/www.vignevin.com\\\/wp-content\\\/uploads\\\/2019\\\/09\\\/Sympt\u00f4mes-de-carence-potassique-scaled-75x50_c.jpg\",\"meta\":{\"aperture\":\"4\",\"credit\":null,\"camera\":\"DMC-TZ10\",\"caption\":\"\",\"created_timestamp\":\"1441361635\",\"copyright\":null,\"focal_length\":\"4.1\",\"iso\":\"80\",\"shutter_speed\":\"0.00625\",\"title\":\"\",\"orientation\":\"1\",\"keywords\":null},\"thumbnail\":\"https:\\\/\\\/www.vignevin.com\\\/wp-content\\\/uploads\\\/2019\\\/09\\\/Sympt\u00f4mes-de-carence-potassique-150x150.jpg\",\"medium\":\"https:\\\/\\\/www.vignevin.com\\\/wp-content\\\/uploads\\\/2019\\\/09\\\/Sympt\u00f4mes-de-carence-potassique-225x300.jpg\",\"medium_large\":\"https:\\\/\\\/www.vignevin.com\\\/wp-content\\\/uploads\\\/2019\\\/09\\\/Sympt\u00f4mes-de-carence-potassique-768x1024.jpg\",\"large\":\"https:\\\/\\\/www.vignevin.com\\\/wp-content\\\/uploads\\\/2019\\\/09\\\/Sympt\u00f4mes-de-carence-potassique-768x1024.jpg\",\"1536x1536\":\"https:\\\/\\\/www.vignevin.com\\\/wp-content\\\/uploads\\\/2019\\\/09\\\/Sympt\u00f4mes-de-carence-potassique-scaled.jpg\",\"2048x2048\":\"https:\\\/\\\/www.vignevin.com\\\/wp-content\\\/uploads\\\/2019\\\/09\\\/Sympt\u00f4mes-de-carence-potassique-scaled.jpg\",\"et-pb-post-main-image\":\"https:\\\/\\\/www.vignevin.com\\\/wp-content\\\/uploads\\\/2019\\\/09\\\/Sympt\u00f4mes-de-carence-potassique-400x250.jpg\",\"et-pb-post-main-image-fullwidth\":\"https:\\\/\\\/www.vignevin.com\\\/wp-content\\\/uploads\\\/2019\\\/09\\\/Sympt\u00f4mes-de-carence-potassique-1080x675.jpg\",\"et-pb-portfolio-image\":\"https:\\\/\\\/www.vignevin.com\\\/wp-content\\\/uploads\\\/2019\\\/09\\\/Sympt\u00f4mes-de-carence-potassique-400x284.jpg\",\"et-pb-portfolio-module-image\":\"https:\\\/\\\/www.vignevin.com\\\/wp-content\\\/uploads\\\/2019\\\/09\\\/Sympt\u00f4mes-de-carence-potassique-510x382.jpg\",\"et-pb-portfolio-image-single\":\"https:\\\/\\\/www.vignevin.com\\\/wp-content\\\/uploads\\\/2019\\\/09\\\/Sympt\u00f4mes-de-carence-potassique-1080x1440.jpg\",\"et-pb-gallery-module-image-portrait\":\"https:\\\/\\\/www.vignevin.com\\\/wp-content\\\/uploads\\\/2019\\\/09\\\/Sympt\u00f4mes-de-carence-potassique-400x516.jpg\",\"et-pb-post-main-image-fullwidth-large\":\"https:\\\/\\\/www.vignevin.com\\\/wp-content\\\/uploads\\\/2019\\\/09\\\/Sympt\u00f4mes-de-carence-potassique-2880x1800.jpg\",\"et-pb-image--responsive--desktop\":\"https:\\\/\\\/www.vignevin.com\\\/wp-content\\\/uploads\\\/2019\\\/09\\\/Sympt\u00f4mes-de-carence-potassique-scaled.jpg\",\"et-pb-image--responsive--tablet\":\"https:\\\/\\\/www.vignevin.com\\\/wp-content\\\/uploads\\\/2019\\\/09\\\/Sympt\u00f4mes-de-carence-potassique-scaled.jpg\",\"et-pb-image--responsive--phone\":\"https:\\\/\\\/www.vignevin.com\\\/wp-content\\\/uploads\\\/2019\\\/09\\\/Sympt\u00f4mes-de-carence-potassique-scaled.jpg\",\"gform-image-choice-sm\":\"https:\\\/\\\/www.vignevin.com\\\/wp-content\\\/uploads\\\/2019\\\/09\\\/Sympt\u00f4mes-de-carence-potassique-scaled.jpg\",\"gform-image-choice-md\":\"https:\\\/\\\/www.vignevin.com\\\/wp-content\\\/uploads\\\/2019\\\/09\\\/Sympt\u00f4mes-de-carence-potassique-scaled.jpg\",\"gform-image-choice-lg\":\"https:\\\/\\\/www.vignevin.com\\\/wp-content\\\/uploads\\\/2019\\\/09\\\/Sympt\u00f4mes-de-carence-potassique-scaled.jpg\",\"woocommerce_thumbnail\":\"https:\\\/\\\/www.vignevin.com\\\/wp-content\\\/uploads\\\/2019\\\/09\\\/Sympt\u00f4mes-de-carence-potassique-scaled-300x300.jpg\",\"woocommerce_single\":\"https:\\\/\\\/www.vignevin.com\\\/wp-content\\\/uploads\\\/2019\\\/09\\\/Sympt\u00f4mes-de-carence-potassique-scaled-600x800.jpg\",\"woocommerce_gallery_thumbnail\":\"https:\\\/\\\/www.vignevin.com\\\/wp-content\\\/uploads\\\/2019\\\/09\\\/Sympt\u00f4mes-de-carence-potassique-scaled-100x100.jpg\",\"full\":\"https:\\\/\\\/www.vignevin.com\\\/wp-content\\\/uploads\\\/2019\\\/09\\\/Sympt\u00f4mes-de-carence-potassique-scaled.jpg\",\"index\":21,\"id\":10077,\"video\":false,\"opts\":{\"caption\":\"\",\"thumb\":\"https:\\\/\\\/www.vignevin.com\\\/wp-content\\\/uploads\\\/2019\\\/09\\\/Sympt\u00f4mes-de-carence-potassique-scaled-75x50_c.jpg\",\"title\":\"Sympt&amp;ocirc;mes de carence potassique\"},\"gallery_id\":17388,\"gallery_title\":\"Grapevines Deficiencies\"},\"10078\":{\"status\":\"active\",\"src\":\"https:\\\/\\\/www.vignevin.com\\\/wp-content\\\/uploads\\\/2019\\\/09\\\/Sympt\u00f4mes-de-nepovirus-RpRV-scaled.jpg\",\"title\":\"Sympt&amp;ocirc;mes de nepovirus (RpRV)\",\"link\":\"https:\\\/\\\/www.vignevin.com\\\/wp-content\\\/uploads\\\/2019\\\/09\\\/Sympt\u00f4mes-de-nepovirus-RpRV.jpg\",\"alt\":\"\",\"caption\":false,\"thumb\":\"https:\\\/\\\/www.vignevin.com\\\/wp-content\\\/uploads\\\/2019\\\/09\\\/Sympt\u00f4mes-de-nepovirus-RpRV-scaled-75x50_c.jpg\",\"meta\":{\"aperture\":\"3.5\",\"credit\":null,\"camera\":\"FinePix S5700 S700\",\"caption\":\"\",\"created_timestamp\":\"1421421953\",\"copyright\":null,\"focal_length\":\"6.3\",\"iso\":\"64\",\"shutter_speed\":\"0.0066666666666667\",\"title\":\"\",\"orientation\":\"1\",\"keywords\":null},\"thumbnail\":\"https:\\\/\\\/www.vignevin.com\\\/wp-content\\\/uploads\\\/2019\\\/09\\\/Sympt\u00f4mes-de-nepovirus-RpRV-150x150.jpg\",\"medium\":\"https:\\\/\\\/www.vignevin.com\\\/wp-content\\\/uploads\\\/2019\\\/09\\\/Sympt\u00f4mes-de-nepovirus-RpRV-300x225.jpg\",\"medium_large\":\"https:\\\/\\\/www.vignevin.com\\\/wp-content\\\/uploads\\\/2019\\\/09\\\/Sympt\u00f4mes-de-nepovirus-RpRV-768x576.jpg\",\"large\":\"https:\\\/\\\/www.vignevin.com\\\/wp-content\\\/uploads\\\/2019\\\/09\\\/Sympt\u00f4mes-de-nepovirus-RpRV-1024x768.jpg\",\"1536x1536\":\"https:\\\/\\\/www.vignevin.com\\\/wp-content\\\/uploads\\\/2019\\\/09\\\/Sympt\u00f4mes-de-nepovirus-RpRV-scaled.jpg\",\"2048x2048\":\"https:\\\/\\\/www.vignevin.com\\\/wp-content\\\/uploads\\\/2019\\\/09\\\/Sympt\u00f4mes-de-nepovirus-RpRV-scaled.jpg\",\"et-pb-post-main-image\":\"https:\\\/\\\/www.vignevin.com\\\/wp-content\\\/uploads\\\/2019\\\/09\\\/Sympt\u00f4mes-de-nepovirus-RpRV-400x250.jpg\",\"et-pb-post-main-image-fullwidth\":\"https:\\\/\\\/www.vignevin.com\\\/wp-content\\\/uploads\\\/2019\\\/09\\\/Sympt\u00f4mes-de-nepovirus-RpRV-1080x675.jpg\",\"et-pb-portfolio-image\":\"https:\\\/\\\/www.vignevin.com\\\/wp-content\\\/uploads\\\/2019\\\/09\\\/Sympt\u00f4mes-de-nepovirus-RpRV-400x284.jpg\",\"et-pb-portfolio-module-image\":\"https:\\\/\\\/www.vignevin.com\\\/wp-content\\\/uploads\\\/2019\\\/09\\\/Sympt\u00f4mes-de-nepovirus-RpRV-510x382.jpg\",\"et-pb-portfolio-image-single\":\"https:\\\/\\\/www.vignevin.com\\\/wp-content\\\/uploads\\\/2019\\\/09\\\/Sympt\u00f4mes-de-nepovirus-RpRV-1080x810.jpg\",\"et-pb-gallery-module-image-portrait\":\"https:\\\/\\\/www.vignevin.com\\\/wp-content\\\/uploads\\\/2019\\\/09\\\/Sympt\u00f4mes-de-nepovirus-RpRV-400x516.jpg\",\"et-pb-post-main-image-fullwidth-large\":\"https:\\\/\\\/www.vignevin.com\\\/wp-content\\\/uploads\\\/2019\\\/09\\\/Sympt\u00f4mes-de-nepovirus-RpRV-2880x1800.jpg\",\"et-pb-image--responsive--desktop\":\"https:\\\/\\\/www.vignevin.com\\\/wp-content\\\/uploads\\\/2019\\\/09\\\/Sympt\u00f4mes-de-nepovirus-RpRV-scaled.jpg\",\"et-pb-image--responsive--tablet\":\"https:\\\/\\\/www.vignevin.com\\\/wp-content\\\/uploads\\\/2019\\\/09\\\/Sympt\u00f4mes-de-nepovirus-RpRV-scaled.jpg\",\"et-pb-image--responsive--phone\":\"https:\\\/\\\/www.vignevin.com\\\/wp-content\\\/uploads\\\/2019\\\/09\\\/Sympt\u00f4mes-de-nepovirus-RpRV-scaled.jpg\",\"gform-image-choice-sm\":\"https:\\\/\\\/www.vignevin.com\\\/wp-content\\\/uploads\\\/2019\\\/09\\\/Sympt\u00f4mes-de-nepovirus-RpRV-scaled.jpg\",\"gform-image-choice-md\":\"https:\\\/\\\/www.vignevin.com\\\/wp-content\\\/uploads\\\/2019\\\/09\\\/Sympt\u00f4mes-de-nepovirus-RpRV-scaled.jpg\",\"gform-image-choice-lg\":\"https:\\\/\\\/www.vignevin.com\\\/wp-content\\\/uploads\\\/2019\\\/09\\\/Sympt\u00f4mes-de-nepovirus-RpRV-scaled.jpg\",\"woocommerce_thumbnail\":\"https:\\\/\\\/www.vignevin.com\\\/wp-content\\\/uploads\\\/2019\\\/09\\\/Sympt\u00f4mes-de-nepovirus-RpRV-scaled-300x300.jpg\",\"woocommerce_single\":\"https:\\\/\\\/www.vignevin.com\\\/wp-content\\\/uploads\\\/2019\\\/09\\\/Sympt\u00f4mes-de-nepovirus-RpRV-scaled-600x450.jpg\",\"woocommerce_gallery_thumbnail\":\"https:\\\/\\\/www.vignevin.com\\\/wp-content\\\/uploads\\\/2019\\\/09\\\/Sympt\u00f4mes-de-nepovirus-RpRV-scaled-100x100.jpg\",\"full\":\"https:\\\/\\\/www.vignevin.com\\\/wp-content\\\/uploads\\\/2019\\\/09\\\/Sympt\u00f4mes-de-nepovirus-RpRV-scaled.jpg\",\"index\":22,\"id\":10078,\"video\":false,\"opts\":{\"caption\":\"\",\"thumb\":\"https:\\\/\\\/www.vignevin.com\\\/wp-content\\\/uploads\\\/2019\\\/09\\\/Sympt\u00f4mes-de-nepovirus-RpRV-scaled-75x50_c.jpg\",\"title\":\"Sympt&amp;ocirc;mes de nepovirus (RpRV)\"},\"gallery_id\":17388,\"gallery_title\":\"Grapevines Deficiencies\"},\"10079\":{\"status\":\"active\",\"src\":\"https:\\\/\\\/www.vignevin.com\\\/wp-content\\\/uploads\\\/2019\\\/09\\\/Sympt\u00f4mes-de-nepovirus-SLRV-scaled.jpg\",\"title\":\"Sympt&amp;ocirc;mes de nepovirus (SLRV)\",\"link\":\"https:\\\/\\\/www.vignevin.com\\\/wp-content\\\/uploads\\\/2019\\\/09\\\/Sympt\u00f4mes-de-nepovirus-SLRV.jpg\",\"alt\":\"\",\"caption\":false,\"thumb\":\"https:\\\/\\\/www.vignevin.com\\\/wp-content\\\/uploads\\\/2019\\\/09\\\/Sympt\u00f4mes-de-nepovirus-SLRV-scaled-75x50_c.jpg\",\"meta\":{\"aperture\":\"6.8\",\"credit\":null,\"camera\":\"FinePix S5700 S700\",\"caption\":\"\",\"created_timestamp\":\"1421420611\",\"copyright\":null,\"focal_length\":\"6.3\",\"iso\":\"64\",\"shutter_speed\":\"0.016666666666667\",\"title\":\"\",\"orientation\":\"1\",\"keywords\":null},\"thumbnail\":\"https:\\\/\\\/www.vignevin.com\\\/wp-content\\\/uploads\\\/2019\\\/09\\\/Sympt\u00f4mes-de-nepovirus-SLRV-150x150.jpg\",\"medium\":\"https:\\\/\\\/www.vignevin.com\\\/wp-content\\\/uploads\\\/2019\\\/09\\\/Sympt\u00f4mes-de-nepovirus-SLRV-300x225.jpg\",\"medium_large\":\"https:\\\/\\\/www.vignevin.com\\\/wp-content\\\/uploads\\\/2019\\\/09\\\/Sympt\u00f4mes-de-nepovirus-SLRV-768x576.jpg\",\"large\":\"https:\\\/\\\/www.vignevin.com\\\/wp-content\\\/uploads\\\/2019\\\/09\\\/Sympt\u00f4mes-de-nepovirus-SLRV-1024x768.jpg\",\"1536x1536\":\"https:\\\/\\\/www.vignevin.com\\\/wp-content\\\/uploads\\\/2019\\\/09\\\/Sympt\u00f4mes-de-nepovirus-SLRV-scaled.jpg\",\"2048x2048\":\"https:\\\/\\\/www.vignevin.com\\\/wp-content\\\/uploads\\\/2019\\\/09\\\/Sympt\u00f4mes-de-nepovirus-SLRV-scaled.jpg\",\"et-pb-post-main-image\":\"https:\\\/\\\/www.vignevin.com\\\/wp-content\\\/uploads\\\/2019\\\/09\\\/Sympt\u00f4mes-de-nepovirus-SLRV-400x250.jpg\",\"et-pb-post-main-image-fullwidth\":\"https:\\\/\\\/www.vignevin.com\\\/wp-content\\\/uploads\\\/2019\\\/09\\\/Sympt\u00f4mes-de-nepovirus-SLRV-1080x675.jpg\",\"et-pb-portfolio-image\":\"https:\\\/\\\/www.vignevin.com\\\/wp-content\\\/uploads\\\/2019\\\/09\\\/Sympt\u00f4mes-de-nepovirus-SLRV-400x284.jpg\",\"et-pb-portfolio-module-image\":\"https:\\\/\\\/www.vignevin.com\\\/wp-content\\\/uploads\\\/2019\\\/09\\\/Sympt\u00f4mes-de-nepovirus-SLRV-510x382.jpg\",\"et-pb-portfolio-image-single\":\"https:\\\/\\\/www.vignevin.com\\\/wp-content\\\/uploads\\\/2019\\\/09\\\/Sympt\u00f4mes-de-nepovirus-SLRV-1080x810.jpg\",\"et-pb-gallery-module-image-portrait\":\"https:\\\/\\\/www.vignevin.com\\\/wp-content\\\/uploads\\\/2019\\\/09\\\/Sympt\u00f4mes-de-nepovirus-SLRV-400x516.jpg\",\"et-pb-post-main-image-fullwidth-large\":\"https:\\\/\\\/www.vignevin.com\\\/wp-content\\\/uploads\\\/2019\\\/09\\\/Sympt\u00f4mes-de-nepovirus-SLRV-2880x1800.jpg\",\"et-pb-image--responsive--desktop\":\"https:\\\/\\\/www.vignevin.com\\\/wp-content\\\/uploads\\\/2019\\\/09\\\/Sympt\u00f4mes-de-nepovirus-SLRV-scaled.jpg\",\"et-pb-image--responsive--tablet\":\"https:\\\/\\\/www.vignevin.com\\\/wp-content\\\/uploads\\\/2019\\\/09\\\/Sympt\u00f4mes-de-nepovirus-SLRV-scaled.jpg\",\"et-pb-image--responsive--phone\":\"https:\\\/\\\/www.vignevin.com\\\/wp-content\\\/uploads\\\/2019\\\/09\\\/Sympt\u00f4mes-de-nepovirus-SLRV-scaled.jpg\",\"gform-image-choice-sm\":\"https:\\\/\\\/www.vignevin.com\\\/wp-content\\\/uploads\\\/2019\\\/09\\\/Sympt\u00f4mes-de-nepovirus-SLRV-scaled.jpg\",\"gform-image-choice-md\":\"https:\\\/\\\/www.vignevin.com\\\/wp-content\\\/uploads\\\/2019\\\/09\\\/Sympt\u00f4mes-de-nepovirus-SLRV-scaled.jpg\",\"gform-image-choice-lg\":\"https:\\\/\\\/www.vignevin.com\\\/wp-content\\\/uploads\\\/2019\\\/09\\\/Sympt\u00f4mes-de-nepovirus-SLRV-scaled.jpg\",\"woocommerce_thumbnail\":\"https:\\\/\\\/www.vignevin.com\\\/wp-content\\\/uploads\\\/2019\\\/09\\\/Sympt\u00f4mes-de-nepovirus-SLRV-scaled-300x300.jpg\",\"woocommerce_single\":\"https:\\\/\\\/www.vignevin.com\\\/wp-content\\\/uploads\\\/2019\\\/09\\\/Sympt\u00f4mes-de-nepovirus-SLRV-scaled-600x450.jpg\",\"woocommerce_gallery_thumbnail\":\"https:\\\/\\\/www.vignevin.com\\\/wp-content\\\/uploads\\\/2019\\\/09\\\/Sympt\u00f4mes-de-nepovirus-SLRV-scaled-100x100.jpg\",\"full\":\"https:\\\/\\\/www.vignevin.com\\\/wp-content\\\/uploads\\\/2019\\\/09\\\/Sympt\u00f4mes-de-nepovirus-SLRV-scaled.jpg\",\"index\":23,\"id\":10079,\"video\":false,\"opts\":{\"caption\":\"\",\"thumb\":\"https:\\\/\\\/www.vignevin.com\\\/wp-content\\\/uploads\\\/2019\\\/09\\\/Sympt\u00f4mes-de-nepovirus-SLRV-scaled-75x50_c.jpg\",\"title\":\"Sympt&amp;ocirc;mes de nepovirus (SLRV)\"},\"gallery_id\":17388,\"gallery_title\":\"Grapevines Deficiencies\"},\"10080\":{\"status\":\"active\",\"src\":\"https:\\\/\\\/www.vignevin.com\\\/wp-content\\\/uploads\\\/2019\\\/09\\\/Sympt\u00f4mes-de-nepovirus-TBRV-scaled.jpg\",\"title\":\"Sympt&amp;ocirc;mes de nepovirus (TBRV)\",\"link\":\"https:\\\/\\\/www.vignevin.com\\\/wp-content\\\/uploads\\\/2019\\\/09\\\/Sympt\u00f4mes-de-nepovirus-TBRV.jpg\",\"alt\":\"\",\"caption\":false,\"thumb\":\"https:\\\/\\\/www.vignevin.com\\\/wp-content\\\/uploads\\\/2019\\\/09\\\/Sympt\u00f4mes-de-nepovirus-TBRV-scaled-75x50_c.jpg\",\"meta\":{\"aperture\":\"3.5\",\"credit\":null,\"camera\":\"FinePix S5700 S700\",\"caption\":\"\",\"created_timestamp\":\"1421421013\",\"copyright\":null,\"focal_length\":\"6.3\",\"iso\":\"64\",\"shutter_speed\":\"0.0058823529411765\",\"title\":\"\",\"orientation\":\"1\",\"keywords\":null},\"thumbnail\":\"https:\\\/\\\/www.vignevin.com\\\/wp-content\\\/uploads\\\/2019\\\/09\\\/Sympt\u00f4mes-de-nepovirus-TBRV-150x150.jpg\",\"medium\":\"https:\\\/\\\/www.vignevin.com\\\/wp-content\\\/uploads\\\/2019\\\/09\\\/Sympt\u00f4mes-de-nepovirus-TBRV-300x225.jpg\",\"medium_large\":\"https:\\\/\\\/www.vignevin.com\\\/wp-content\\\/uploads\\\/2019\\\/09\\\/Sympt\u00f4mes-de-nepovirus-TBRV-768x576.jpg\",\"large\":\"https:\\\/\\\/www.vignevin.com\\\/wp-content\\\/uploads\\\/2019\\\/09\\\/Sympt\u00f4mes-de-nepovirus-TBRV-1024x768.jpg\",\"1536x1536\":\"https:\\\/\\\/www.vignevin.com\\\/wp-content\\\/uploads\\\/2019\\\/09\\\/Sympt\u00f4mes-de-nepovirus-TBRV-scaled.jpg\",\"2048x2048\":\"https:\\\/\\\/www.vignevin.com\\\/wp-content\\\/uploads\\\/2019\\\/09\\\/Sympt\u00f4mes-de-nepovirus-TBRV-scaled.jpg\",\"et-pb-post-main-image\":\"https:\\\/\\\/www.vignevin.com\\\/wp-content\\\/uploads\\\/2019\\\/09\\\/Sympt\u00f4mes-de-nepovirus-TBRV-400x250.jpg\",\"et-pb-post-main-image-fullwidth\":\"https:\\\/\\\/www.vignevin.com\\\/wp-content\\\/uploads\\\/2019\\\/09\\\/Sympt\u00f4mes-de-nepovirus-TBRV-1080x675.jpg\",\"et-pb-portfolio-image\":\"https:\\\/\\\/www.vignevin.com\\\/wp-content\\\/uploads\\\/2019\\\/09\\\/Sympt\u00f4mes-de-nepovirus-TBRV-400x284.jpg\",\"et-pb-portfolio-module-image\":\"https:\\\/\\\/www.vignevin.com\\\/wp-content\\\/uploads\\\/2019\\\/09\\\/Sympt\u00f4mes-de-nepovirus-TBRV-510x382.jpg\",\"et-pb-portfolio-image-single\":\"https:\\\/\\\/www.vignevin.com\\\/wp-content\\\/uploads\\\/2019\\\/09\\\/Sympt\u00f4mes-de-nepovirus-TBRV-1080x810.jpg\",\"et-pb-gallery-module-image-portrait\":\"https:\\\/\\\/www.vignevin.com\\\/wp-content\\\/uploads\\\/2019\\\/09\\\/Sympt\u00f4mes-de-nepovirus-TBRV-400x516.jpg\",\"et-pb-post-main-image-fullwidth-large\":\"https:\\\/\\\/www.vignevin.com\\\/wp-content\\\/uploads\\\/2019\\\/09\\\/Sympt\u00f4mes-de-nepovirus-TBRV-2880x1800.jpg\",\"et-pb-image--responsive--desktop\":\"https:\\\/\\\/www.vignevin.com\\\/wp-content\\\/uploads\\\/2019\\\/09\\\/Sympt\u00f4mes-de-nepovirus-TBRV-scaled.jpg\",\"et-pb-image--responsive--tablet\":\"https:\\\/\\\/www.vignevin.com\\\/wp-content\\\/uploads\\\/2019\\\/09\\\/Sympt\u00f4mes-de-nepovirus-TBRV-scaled.jpg\",\"et-pb-image--responsive--phone\":\"https:\\\/\\\/www.vignevin.com\\\/wp-content\\\/uploads\\\/2019\\\/09\\\/Sympt\u00f4mes-de-nepovirus-TBRV-scaled.jpg\",\"gform-image-choice-sm\":\"https:\\\/\\\/www.vignevin.com\\\/wp-content\\\/uploads\\\/2019\\\/09\\\/Sympt\u00f4mes-de-nepovirus-TBRV-scaled.jpg\",\"gform-image-choice-md\":\"https:\\\/\\\/www.vignevin.com\\\/wp-content\\\/uploads\\\/2019\\\/09\\\/Sympt\u00f4mes-de-nepovirus-TBRV-scaled.jpg\",\"gform-image-choice-lg\":\"https:\\\/\\\/www.vignevin.com\\\/wp-content\\\/uploads\\\/2019\\\/09\\\/Sympt\u00f4mes-de-nepovirus-TBRV-scaled.jpg\",\"woocommerce_thumbnail\":\"https:\\\/\\\/www.vignevin.com\\\/wp-content\\\/uploads\\\/2019\\\/09\\\/Sympt\u00f4mes-de-nepovirus-TBRV-scaled-300x300.jpg\",\"woocommerce_single\":\"https:\\\/\\\/www.vignevin.com\\\/wp-content\\\/uploads\\\/2019\\\/09\\\/Sympt\u00f4mes-de-nepovirus-TBRV-scaled-600x450.jpg\",\"woocommerce_gallery_thumbnail\":\"https:\\\/\\\/www.vignevin.com\\\/wp-content\\\/uploads\\\/2019\\\/09\\\/Sympt\u00f4mes-de-nepovirus-TBRV-scaled-100x100.jpg\",\"full\":\"https:\\\/\\\/www.vignevin.com\\\/wp-content\\\/uploads\\\/2019\\\/09\\\/Sympt\u00f4mes-de-nepovirus-TBRV-scaled.jpg\",\"index\":24,\"id\":10080,\"video\":false,\"opts\":{\"caption\":\"\",\"thumb\":\"https:\\\/\\\/www.vignevin.com\\\/wp-content\\\/uploads\\\/2019\\\/09\\\/Sympt\u00f4mes-de-nepovirus-TBRV-scaled-75x50_c.jpg\",\"title\":\"Sympt&amp;ocirc;mes de nepovirus (TBRV)\"},\"gallery_id\":17388,\"gallery_title\":\"Grapevines Deficiencies\"},\"10081\":{\"status\":\"active\",\"src\":\"https:\\\/\\\/www.vignevin.com\\\/wp-content\\\/uploads\\\/2019\\\/09\\\/Sympt\u00f4mes-de-rougeau-traumatique-scaled.jpg\",\"title\":\"Sympt&amp;ocirc;mes de rougeau traumatique\",\"link\":\"https:\\\/\\\/www.vignevin.com\\\/wp-content\\\/uploads\\\/2019\\\/09\\\/Sympt\u00f4mes-de-rougeau-traumatique.jpg\",\"alt\":\"\",\"caption\":false,\"thumb\":\"https:\\\/\\\/www.vignevin.com\\\/wp-content\\\/uploads\\\/2019\\\/09\\\/Sympt\u00f4mes-de-rougeau-traumatique-scaled-75x50_c.jpg\",\"meta\":{\"aperture\":\"3.3\",\"credit\":null,\"camera\":\"DMC-TZ10\",\"caption\":\"\",\"created_timestamp\":\"1443521778\",\"copyright\":null,\"focal_length\":\"4.1\",\"iso\":\"80\",\"shutter_speed\":\"0.016666666666667\",\"title\":\"\",\"orientation\":\"1\",\"keywords\":null},\"thumbnail\":\"https:\\\/\\\/www.vignevin.com\\\/wp-content\\\/uploads\\\/2019\\\/09\\\/Sympt\u00f4mes-de-rougeau-traumatique-150x150.jpg\",\"medium\":\"https:\\\/\\\/www.vignevin.com\\\/wp-content\\\/uploads\\\/2019\\\/09\\\/Sympt\u00f4mes-de-rougeau-traumatique-225x300.jpg\",\"medium_large\":\"https:\\\/\\\/www.vignevin.com\\\/wp-content\\\/uploads\\\/2019\\\/09\\\/Sympt\u00f4mes-de-rougeau-traumatique-768x1024.jpg\",\"large\":\"https:\\\/\\\/www.vignevin.com\\\/wp-content\\\/uploads\\\/2019\\\/09\\\/Sympt\u00f4mes-de-rougeau-traumatique-768x1024.jpg\",\"1536x1536\":\"https:\\\/\\\/www.vignevin.com\\\/wp-content\\\/uploads\\\/2019\\\/09\\\/Sympt\u00f4mes-de-rougeau-traumatique-scaled.jpg\",\"2048x2048\":\"https:\\\/\\\/www.vignevin.com\\\/wp-content\\\/uploads\\\/2019\\\/09\\\/Sympt\u00f4mes-de-rougeau-traumatique-scaled.jpg\",\"et-pb-post-main-image\":\"https:\\\/\\\/www.vignevin.com\\\/wp-content\\\/uploads\\\/2019\\\/09\\\/Sympt\u00f4mes-de-rougeau-traumatique-400x250.jpg\",\"et-pb-post-main-image-fullwidth\":\"https:\\\/\\\/www.vignevin.com\\\/wp-content\\\/uploads\\\/2019\\\/09\\\/Sympt\u00f4mes-de-rougeau-traumatique-1080x675.jpg\",\"et-pb-portfolio-image\":\"https:\\\/\\\/www.vignevin.com\\\/wp-content\\\/uploads\\\/2019\\\/09\\\/Sympt\u00f4mes-de-rougeau-traumatique-400x284.jpg\",\"et-pb-portfolio-module-image\":\"https:\\\/\\\/www.vignevin.com\\\/wp-content\\\/uploads\\\/2019\\\/09\\\/Sympt\u00f4mes-de-rougeau-traumatique-510x382.jpg\",\"et-pb-portfolio-image-single\":\"https:\\\/\\\/www.vignevin.com\\\/wp-content\\\/uploads\\\/2019\\\/09\\\/Sympt\u00f4mes-de-rougeau-traumatique-1080x1440.jpg\",\"et-pb-gallery-module-image-portrait\":\"https:\\\/\\\/www.vignevin.com\\\/wp-content\\\/uploads\\\/2019\\\/09\\\/Sympt\u00f4mes-de-rougeau-traumatique-400x516.jpg\",\"et-pb-post-main-image-fullwidth-large\":\"https:\\\/\\\/www.vignevin.com\\\/wp-content\\\/uploads\\\/2019\\\/09\\\/Sympt\u00f4mes-de-rougeau-traumatique-2880x1800.jpg\",\"et-pb-image--responsive--desktop\":\"https:\\\/\\\/www.vignevin.com\\\/wp-content\\\/uploads\\\/2019\\\/09\\\/Sympt\u00f4mes-de-rougeau-traumatique-scaled.jpg\",\"et-pb-image--responsive--tablet\":\"https:\\\/\\\/www.vignevin.com\\\/wp-content\\\/uploads\\\/2019\\\/09\\\/Sympt\u00f4mes-de-rougeau-traumatique-scaled.jpg\",\"et-pb-image--responsive--phone\":\"https:\\\/\\\/www.vignevin.com\\\/wp-content\\\/uploads\\\/2019\\\/09\\\/Sympt\u00f4mes-de-rougeau-traumatique-scaled.jpg\",\"gform-image-choice-sm\":\"https:\\\/\\\/www.vignevin.com\\\/wp-content\\\/uploads\\\/2019\\\/09\\\/Sympt\u00f4mes-de-rougeau-traumatique-scaled.jpg\",\"gform-image-choice-md\":\"https:\\\/\\\/www.vignevin.com\\\/wp-content\\\/uploads\\\/2019\\\/09\\\/Sympt\u00f4mes-de-rougeau-traumatique-scaled.jpg\",\"gform-image-choice-lg\":\"https:\\\/\\\/www.vignevin.com\\\/wp-content\\\/uploads\\\/2019\\\/09\\\/Sympt\u00f4mes-de-rougeau-traumatique-scaled.jpg\",\"woocommerce_thumbnail\":\"https:\\\/\\\/www.vignevin.com\\\/wp-content\\\/uploads\\\/2019\\\/09\\\/Sympt\u00f4mes-de-rougeau-traumatique-scaled-300x300.jpg\",\"woocommerce_single\":\"https:\\\/\\\/www.vignevin.com\\\/wp-content\\\/uploads\\\/2019\\\/09\\\/Sympt\u00f4mes-de-rougeau-traumatique-scaled-600x800.jpg\",\"woocommerce_gallery_thumbnail\":\"https:\\\/\\\/www.vignevin.com\\\/wp-content\\\/uploads\\\/2019\\\/09\\\/Sympt\u00f4mes-de-rougeau-traumatique-scaled-100x100.jpg\",\"full\":\"https:\\\/\\\/www.vignevin.com\\\/wp-content\\\/uploads\\\/2019\\\/09\\\/Sympt\u00f4mes-de-rougeau-traumatique-scaled.jpg\",\"index\":25,\"id\":10081,\"video\":false,\"opts\":{\"caption\":\"\",\"thumb\":\"https:\\\/\\\/www.vignevin.com\\\/wp-content\\\/uploads\\\/2019\\\/09\\\/Sympt\u00f4mes-de-rougeau-traumatique-scaled-75x50_c.jpg\",\"title\":\"Sympt&amp;ocirc;mes de rougeau traumatique\"},\"gallery_id\":17388,\"gallery_title\":\"Grapevines Deficiencies\"}}'  data-gallery-sort-ids='[10056,10057,10058,10059,10060,10061,10062,10063,10064,10065,10066,10067,10068,10069,10070,10071,10072,10073,10074,10075,10076,10077,10078,10079,10080,10081]'  class=\"envira-album-gallery-17388 \" title=\"Grapevines Deficiencies\" ><div class=\"envira-lazy\" style=\"padding-bottom:66.666666666667%;\"><img loading=\"lazy\" decoding=\"async\" id=\"envira-gallery-image-17388\" class=\"envira-gallery-image envira-gallery-image-5\" data-envira-index=\"5\" src=\"https:\/\/www.vignevin.com\/wp-content\/uploads\/2019\/02\/etiquette-phototheque-carences.jpg\" width=\"600\" height=\"400\" data-envira-src=\"https:\/\/www.vignevin.com\/wp-content\/uploads\/2019\/02\/etiquette-phototheque-carences.jpg\" data-envira-album-id=\"17390\" data-envira-gallery-id=\"17388\" data-envira-item-id=\"17388\" data-caption=\"Grapevines Deficiencies\" alt=\"\" title=\"Grapevines Deficiencies\"  data-envira-srcset=\"https:\/\/www.vignevin.com\/wp-content\/uploads\/2019\/02\/etiquette-phototheque-carences.jpg 400w,https:\/\/www.vignevin.com\/wp-content\/uploads\/2019\/02\/etiquette-phototheque-carences.jpg 2x\" srcset=\"data:image\/gif;base64,R0lGODlhAQABAIAAAP\/\/\/\/\/\/\/yH5BAEKAAEALAAAAAABAAEAAAICTAEAOw==\" \/><\/div><\/a><div class=\"envira-album-title\">Grapevines Deficiencies<\/div><\/div><\/div><\/div><\/div>\n<p>[\/et_pb_text][\/et_pb_column][et_pb_column type=&#8221;1_2&#8243; specialty_columns=&#8221;2&#8243;][et_pb_row_inner admin_label=&#8221;Ligne&#8221; _builder_version=&#8221;4.8.2&#8243; custom_margin=&#8221;||0px|&#8221; custom_padding=&#8221;15px||0px|&#8221; box_shadow_horizontal_tablet=&#8221;0px&#8221; box_shadow_vertical_tablet=&#8221;0px&#8221; box_shadow_blur_tablet=&#8221;40px&#8221; box_shadow_spread_tablet=&#8221;0px&#8221; vertical_offset_tablet=&#8221;0&#8243; horizontal_offset_tablet=&#8221;0&#8243; z_index_tablet=&#8221;0&#8243;][et_pb_column_inner type=&#8221;4_4&#8243; saved_specialty_column_type=&#8221;1_2&#8243; custom_padding__hover=&#8221;|||&#8221; custom_padding=&#8221;|||&#8221; link_option_url_new_window=&#8221;off&#8221; use_background_color_gradient=&#8221;off&#8221; background_color_gradient_start=&#8221;#2b87da&#8221; background_color_gradient_end=&#8221;#29c4a9&#8243; background_color_gradient_type=&#8221;linear&#8221; background_color_gradient_direction=&#8221;180deg&#8221; background_color_gradient_direction_tablet=&#8221;180deg&#8221; background_color_gradient_direction_phone=&#8221;180deg&#8221; background_color_gradient_direction_radial=&#8221;center&#8221; background_color_gradient_start_position=&#8221;0%&#8221; background_color_gradient_start_position_tablet=&#8221;0%&#8221; background_color_gradient_start_position_phone=&#8221;0%&#8221; background_color_gradient_end_position=&#8221;100%&#8221; background_color_gradient_end_position_tablet=&#8221;100%&#8221; background_color_gradient_end_position_phone=&#8221;100%&#8221; background_color_gradient_overlays_image=&#8221;off&#8221; parallax=&#8221;off&#8221; parallax_method=&#8221;on&#8221; background_size=&#8221;cover&#8221; background_position=&#8221;center&#8221; background_repeat=&#8221;no-repeat&#8221; background_blend=&#8221;normal&#8221; allow_player_pause=&#8221;off&#8221; background_video_pause_outside_viewport=&#8221;on&#8221; custom_padding_tablet=&#8221;|||&#8221; custom_padding_phone=&#8221;|||&#8221; border_radii=&#8221;on||||&#8221; box_shadow_style=&#8221;none&#8221; box_shadow_horizontal=&#8221;box_shadow_style,%91object Object%93&#8243; box_shadow_horizontal_tablet=&#8221;0px&#8221; box_shadow_horizontal_phone=&#8221;0px&#8221; box_shadow_vertical=&#8221;box_shadow_style,%91object Object%93&#8243; box_shadow_vertical_tablet=&#8221;0px&#8221; box_shadow_vertical_phone=&#8221;0px&#8221; box_shadow_blur=&#8221;box_shadow_style,%91object Object%93&#8243; box_shadow_blur_tablet=&#8221;40px&#8221; box_shadow_blur_phone=&#8221;40px&#8221; box_shadow_spread=&#8221;box_shadow_style,%91object Object%93&#8243; box_shadow_spread_tablet=&#8221;0px&#8221; box_shadow_spread_phone=&#8221;0px&#8221; box_shadow_color=&#8221;rgba(0,0,0,0.3)&#8221; box_shadow_position=&#8221;outer&#8221; filter_hue_rotate=&#8221;0deg&#8221; filter_hue_rotate_tablet=&#8221;0deg&#8221; filter_hue_rotate_phone=&#8221;0deg&#8221; filter_saturate=&#8221;100%&#8221; filter_saturate_tablet=&#8221;100%&#8221; filter_saturate_phone=&#8221;100%&#8221; filter_brightness=&#8221;100%&#8221; filter_brightness_tablet=&#8221;100%&#8221; filter_brightness_phone=&#8221;100%&#8221; filter_contrast=&#8221;100%&#8221; filter_contrast_tablet=&#8221;100%&#8221; filter_contrast_phone=&#8221;100%&#8221; filter_invert=&#8221;0%&#8221; filter_invert_tablet=&#8221;0%&#8221; filter_invert_phone=&#8221;0%&#8221; filter_sepia=&#8221;0%&#8221; filter_sepia_tablet=&#8221;0%&#8221; filter_sepia_phone=&#8221;0%&#8221; filter_opacity=&#8221;100%&#8221; filter_opacity_tablet=&#8221;100%&#8221; filter_opacity_phone=&#8221;100%&#8221; filter_blur=&#8221;0px&#8221; filter_blur_tablet=&#8221;0px&#8221; filter_blur_phone=&#8221;0px&#8221; mix_blend_mode=&#8221;normal&#8221; animation_style=&#8221;none&#8221; animation_direction=&#8221;center&#8221; animation_duration=&#8221;1000ms&#8221; animation_duration_tablet=&#8221;1000ms&#8221; animation_duration_phone=&#8221;1000ms&#8221; animation_delay=&#8221;0ms&#8221; animation_delay_tablet=&#8221;0ms&#8221; animation_delay_phone=&#8221;0ms&#8221; animation_intensity_slide=&#8221;50%&#8221; animation_intensity_slide_tablet=&#8221;50%&#8221; animation_intensity_slide_phone=&#8221;50%&#8221; animation_intensity_zoom=&#8221;50%&#8221; animation_intensity_zoom_tablet=&#8221;50%&#8221; animation_intensity_zoom_phone=&#8221;50%&#8221; animation_intensity_flip=&#8221;50%&#8221; animation_intensity_flip_tablet=&#8221;50%&#8221; animation_intensity_flip_phone=&#8221;50%&#8221; animation_intensity_fold=&#8221;50%&#8221; animation_intensity_fold_tablet=&#8221;50%&#8221; animation_intensity_fold_phone=&#8221;50%&#8221; animation_intensity_roll=&#8221;50%&#8221; animation_intensity_roll_tablet=&#8221;50%&#8221; animation_intensity_roll_phone=&#8221;50%&#8221; animation_starting_opacity=&#8221;0%&#8221; animation_starting_opacity_tablet=&#8221;0%&#8221; animation_starting_opacity_phone=&#8221;0%&#8221; animation_speed_curve=&#8221;ease-in-out&#8221; animation_repeat=&#8221;once&#8221; disabled=&#8221;%91object HTMLInputElement%93&#8243; hover_transition_duration=&#8221;300ms&#8221; hover_transition_duration_tablet=&#8221;300ms&#8221; hover_transition_duration_phone=&#8221;300ms&#8221; hover_transition_delay=&#8221;0ms&#8221; hover_transition_delay_tablet=&#8221;0ms&#8221; hover_transition_delay_phone=&#8221;0ms&#8221; hover_transition_speed_curve=&#8221;ease&#8221; vertical_offset_tablet=&#8221;0&#8243; vertical_offset_phone=&#8221;0&#8243; horizontal_offset_tablet=&#8221;0&#8243; horizontal_offset_phone=&#8221;0&#8243; z_index=&#8221;2&#8243; z_index_tablet=&#8221;2&#8243; z_index_phone=&#8221;2&#8243; saved_specialty_column_type=&#8221;1_2&#8243;][et_pb_text admin_label=&#8221;Video-Library&#8221; _builder_version=&#8221;4.8.2&#8243; custom_margin=&#8221;||0px|&#8221; custom_padding=&#8221;||0px|&#8221; text_text_shadow_horizontal_length=&#8221;text_text_shadow_style,%91object Object%93&#8243; text_text_shadow_horizontal_length_tablet=&#8221;0px&#8221; text_text_shadow_vertical_length=&#8221;text_text_shadow_style,%91object Object%93&#8243; text_text_shadow_vertical_length_tablet=&#8221;0px&#8221; text_text_shadow_blur_strength=&#8221;text_text_shadow_style,%91object Object%93&#8243; text_text_shadow_blur_strength_tablet=&#8221;1px&#8221; link_text_shadow_horizontal_length=&#8221;link_text_shadow_style,%91object Object%93&#8243; link_text_shadow_horizontal_length_tablet=&#8221;0px&#8221; link_text_shadow_vertical_length=&#8221;link_text_shadow_style,%91object Object%93&#8243; link_text_shadow_vertical_length_tablet=&#8221;0px&#8221; link_text_shadow_blur_strength=&#8221;link_text_shadow_style,%91object Object%93&#8243; link_text_shadow_blur_strength_tablet=&#8221;1px&#8221; ul_text_shadow_horizontal_length=&#8221;ul_text_shadow_style,%91object Object%93&#8243; ul_text_shadow_horizontal_length_tablet=&#8221;0px&#8221; ul_text_shadow_vertical_length=&#8221;ul_text_shadow_style,%91object Object%93&#8243; ul_text_shadow_vertical_length_tablet=&#8221;0px&#8221; ul_text_shadow_blur_strength=&#8221;ul_text_shadow_style,%91object Object%93&#8243; ul_text_shadow_blur_strength_tablet=&#8221;1px&#8221; ol_text_shadow_horizontal_length=&#8221;ol_text_shadow_style,%91object Object%93&#8243; ol_text_shadow_horizontal_length_tablet=&#8221;0px&#8221; ol_text_shadow_vertical_length=&#8221;ol_text_shadow_style,%91object Object%93&#8243; ol_text_shadow_vertical_length_tablet=&#8221;0px&#8221; ol_text_shadow_blur_strength=&#8221;ol_text_shadow_style,%91object Object%93&#8243; ol_text_shadow_blur_strength_tablet=&#8221;1px&#8221; quote_text_shadow_horizontal_length=&#8221;quote_text_shadow_style,%91object Object%93&#8243; quote_text_shadow_horizontal_length_tablet=&#8221;0px&#8221; quote_text_shadow_vertical_length=&#8221;quote_text_shadow_style,%91object Object%93&#8243; quote_text_shadow_vertical_length_tablet=&#8221;0px&#8221; quote_text_shadow_blur_strength=&#8221;quote_text_shadow_style,%91object Object%93&#8243; quote_text_shadow_blur_strength_tablet=&#8221;1px&#8221; header_text_shadow_horizontal_length=&#8221;header_text_shadow_style,%91object Object%93&#8243; header_text_shadow_horizontal_length_tablet=&#8221;0px&#8221; header_text_shadow_vertical_length=&#8221;header_text_shadow_style,%91object Object%93&#8243; header_text_shadow_vertical_length_tablet=&#8221;0px&#8221; header_text_shadow_blur_strength=&#8221;header_text_shadow_style,%91object Object%93&#8243; header_text_shadow_blur_strength_tablet=&#8221;1px&#8221; header_2_text_shadow_horizontal_length=&#8221;header_2_text_shadow_style,%91object Object%93&#8243; header_2_text_shadow_horizontal_length_tablet=&#8221;0px&#8221; header_2_text_shadow_vertical_length=&#8221;header_2_text_shadow_style,%91object Object%93&#8243; header_2_text_shadow_vertical_length_tablet=&#8221;0px&#8221; header_2_text_shadow_blur_strength=&#8221;header_2_text_shadow_style,%91object Object%93&#8243; header_2_text_shadow_blur_strength_tablet=&#8221;1px&#8221; header_3_text_shadow_horizontal_length=&#8221;header_3_text_shadow_style,%91object Object%93&#8243; header_3_text_shadow_horizontal_length_tablet=&#8221;0px&#8221; header_3_text_shadow_vertical_length=&#8221;header_3_text_shadow_style,%91object Object%93&#8243; header_3_text_shadow_vertical_length_tablet=&#8221;0px&#8221; header_3_text_shadow_blur_strength=&#8221;header_3_text_shadow_style,%91object Object%93&#8243; header_3_text_shadow_blur_strength_tablet=&#8221;1px&#8221; header_4_text_shadow_horizontal_length=&#8221;header_4_text_shadow_style,%91object Object%93&#8243; header_4_text_shadow_horizontal_length_tablet=&#8221;0px&#8221; header_4_text_shadow_vertical_length=&#8221;header_4_text_shadow_style,%91object Object%93&#8243; header_4_text_shadow_vertical_length_tablet=&#8221;0px&#8221; header_4_text_shadow_blur_strength=&#8221;header_4_text_shadow_style,%91object Object%93&#8243; header_4_text_shadow_blur_strength_tablet=&#8221;1px&#8221; header_5_text_shadow_horizontal_length=&#8221;header_5_text_shadow_style,%91object Object%93&#8243; header_5_text_shadow_horizontal_length_tablet=&#8221;0px&#8221; header_5_text_shadow_vertical_length=&#8221;header_5_text_shadow_style,%91object Object%93&#8243; header_5_text_shadow_vertical_length_tablet=&#8221;0px&#8221; header_5_text_shadow_blur_strength=&#8221;header_5_text_shadow_style,%91object Object%93&#8243; header_5_text_shadow_blur_strength_tablet=&#8221;1px&#8221; header_6_text_shadow_horizontal_length=&#8221;header_6_text_shadow_style,%91object Object%93&#8243; header_6_text_shadow_horizontal_length_tablet=&#8221;0px&#8221; header_6_text_shadow_vertical_length=&#8221;header_6_text_shadow_style,%91object Object%93&#8243; header_6_text_shadow_vertical_length_tablet=&#8221;0px&#8221; header_6_text_shadow_blur_strength=&#8221;header_6_text_shadow_style,%91object Object%93&#8243; header_6_text_shadow_blur_strength_tablet=&#8221;1px&#8221; box_shadow_horizontal_tablet=&#8221;0px&#8221; box_shadow_vertical_tablet=&#8221;0px&#8221; box_shadow_blur_tablet=&#8221;40px&#8221; box_shadow_spread_tablet=&#8221;0px&#8221; vertical_offset_tablet=&#8221;0&#8243; horizontal_offset_tablet=&#8221;0&#8243; z_index_tablet=&#8221;0&#8243;]<\/p>\n<h2 style=\"text-align: center;\">Video-Library<\/h2>\n<p>[\/et_pb_text][\/et_pb_column_inner][\/et_pb_row_inner][et_pb_row_inner admin_label=&#8221;Ligne&#8221; _builder_version=&#8221;4.4.2&#8243; use_custom_gutter=&#8221;on&#8221; gutter_width=&#8221;2&#8243; box_shadow_horizontal_tablet=&#8221;0px&#8221; box_shadow_vertical_tablet=&#8221;0px&#8221; box_shadow_blur_tablet=&#8221;40px&#8221; box_shadow_spread_tablet=&#8221;0px&#8221; vertical_offset_tablet=&#8221;0&#8243; horizontal_offset_tablet=&#8221;0&#8243; z_index_tablet=&#8221;0&#8243;][et_pb_column_inner type=&#8221;1_2&#8243; saved_specialty_column_type=&#8221;1_2&#8243; custom_padding__hover=&#8221;|||&#8221; custom_padding=&#8221;|||&#8221; saved_specialty_column_type=&#8221;1_2&#8243;][et_pb_blurb admin_label=&#8221;ADN IFV&#8221; _builder_version=&#8221;4.9.2&#8243; title=&#8221;IFV&#8217;s DNA&#8221; image=&#8221;https:\/\/www.vignevin.com\/wp-content\/uploads\/2021\/03\/IFV-DNA.png&#8221; text_orientation=&#8221;center&#8221; url=&#8221;https:\/\/www.vignevin.com\/en\/library\/adn-de-l-ifv\/&#8221; text_shadow_horizontal_length=&#8221;text_shadow_style,%91object Object%93&#8243; text_shadow_vertical_length=&#8221;text_shadow_style,%91object Object%93&#8243; text_shadow_blur_strength=&#8221;text_shadow_style,%91object Object%93&#8243; header_text_shadow_horizontal_length=&#8221;header_text_shadow_style,%91object Object%93&#8243; header_text_shadow_vertical_length=&#8221;header_text_shadow_style,%91object Object%93&#8243; header_text_shadow_blur_strength=&#8221;header_text_shadow_style,%91object Object%93&#8243; body_text_shadow_horizontal_length=&#8221;body_text_shadow_style,%91object Object%93&#8243; body_text_shadow_vertical_length=&#8221;body_text_shadow_style,%91object Object%93&#8243; body_text_shadow_blur_strength=&#8221;body_text_shadow_style,%91object Object%93&#8243; animation=&#8221;off&#8221; z_index_tablet=&#8221;500&#8243; box_shadow_horizontal_image_tablet=&#8221;0px&#8221; box_shadow_vertical_image_tablet=&#8221;0px&#8221; box_shadow_blur_image_tablet=&#8221;40px&#8221; box_shadow_spread_image_tablet=&#8221;0px&#8221; body_link_text_shadow_horizontal_length=&#8221;body_link_text_shadow_style,%91object Object%93&#8243; body_link_text_shadow_horizontal_length_tablet=&#8221;0px&#8221; body_link_text_shadow_vertical_length=&#8221;body_link_text_shadow_style,%91object Object%93&#8243; body_link_text_shadow_vertical_length_tablet=&#8221;0px&#8221; body_link_text_shadow_blur_strength=&#8221;body_link_text_shadow_style,%91object Object%93&#8243; body_link_text_shadow_blur_strength_tablet=&#8221;1px&#8221; body_ul_text_shadow_horizontal_length=&#8221;body_ul_text_shadow_style,%91object Object%93&#8243; body_ul_text_shadow_horizontal_length_tablet=&#8221;0px&#8221; body_ul_text_shadow_vertical_length=&#8221;body_ul_text_shadow_style,%91object Object%93&#8243; body_ul_text_shadow_vertical_length_tablet=&#8221;0px&#8221; body_ul_text_shadow_blur_strength=&#8221;body_ul_text_shadow_style,%91object Object%93&#8243; body_ul_text_shadow_blur_strength_tablet=&#8221;1px&#8221; body_ol_text_shadow_horizontal_length=&#8221;body_ol_text_shadow_style,%91object Object%93&#8243; body_ol_text_shadow_horizontal_length_tablet=&#8221;0px&#8221; body_ol_text_shadow_vertical_length=&#8221;body_ol_text_shadow_style,%91object Object%93&#8243; body_ol_text_shadow_vertical_length_tablet=&#8221;0px&#8221; body_ol_text_shadow_blur_strength=&#8221;body_ol_text_shadow_style,%91object Object%93&#8243; body_ol_text_shadow_blur_strength_tablet=&#8221;1px&#8221; body_quote_text_shadow_horizontal_length=&#8221;body_quote_text_shadow_style,%91object Object%93&#8243; body_quote_text_shadow_horizontal_length_tablet=&#8221;0px&#8221; body_quote_text_shadow_vertical_length=&#8221;body_quote_text_shadow_style,%91object Object%93&#8243; body_quote_text_shadow_vertical_length_tablet=&#8221;0px&#8221; body_quote_text_shadow_blur_strength=&#8221;body_quote_text_shadow_style,%91object Object%93&#8243; body_quote_text_shadow_blur_strength_tablet=&#8221;1px&#8221; box_shadow_horizontal_tablet=&#8221;0px&#8221; box_shadow_vertical_tablet=&#8221;0px&#8221; box_shadow_blur_tablet=&#8221;40px&#8221; box_shadow_spread_tablet=&#8221;0px&#8221; vertical_offset_tablet=&#8221;0&#8243; horizontal_offset_tablet=&#8221;0&#8243; \/][et_pb_blurb admin_label=&#8221;Marque Entav-Inra&#8221; _builder_version=&#8221;4.9.2&#8243; title=&#8221;Entav-Inra introduces its clones&#8221; image=&#8221;https:\/\/www.vignevin.com\/wp-content\/uploads\/2021\/03\/EI-introduces-its-clones.png&#8221; text_orientation=&#8221;center&#8221; url=&#8221;https:\/\/www.vignevin.com\/en\/library\/entav-inra-presents-its-clones\/&#8221; background_color=&#8221;#ffffff&#8221; border_radii_image=&#8221;on|2px|2px|2px|2px&#8221; text_shadow_horizontal_length=&#8221;text_shadow_style,%91object Object%93&#8243; text_shadow_vertical_length=&#8221;text_shadow_style,%91object Object%93&#8243; text_shadow_blur_strength=&#8221;text_shadow_style,%91object Object%93&#8243; header_text_shadow_horizontal_length=&#8221;header_text_shadow_style,%91object Object%93&#8243; header_text_shadow_vertical_length=&#8221;header_text_shadow_style,%91object Object%93&#8243; header_text_shadow_blur_strength=&#8221;header_text_shadow_style,%91object Object%93&#8243; body_text_shadow_horizontal_length=&#8221;body_text_shadow_style,%91object Object%93&#8243; body_text_shadow_vertical_length=&#8221;body_text_shadow_style,%91object Object%93&#8243; body_text_shadow_blur_strength=&#8221;body_text_shadow_style,%91object Object%93&#8243; animation=&#8221;off&#8221; z_index_tablet=&#8221;500&#8243; box_shadow_horizontal_image_tablet=&#8221;0px&#8221; box_shadow_vertical_image_tablet=&#8221;0px&#8221; box_shadow_blur_image_tablet=&#8221;40px&#8221; box_shadow_spread_image_tablet=&#8221;0px&#8221; body_link_text_shadow_horizontal_length=&#8221;body_link_text_shadow_style,%91object Object%93&#8243; body_link_text_shadow_horizontal_length_tablet=&#8221;0px&#8221; body_link_text_shadow_vertical_length=&#8221;body_link_text_shadow_style,%91object Object%93&#8243; body_link_text_shadow_vertical_length_tablet=&#8221;0px&#8221; body_link_text_shadow_blur_strength=&#8221;body_link_text_shadow_style,%91object Object%93&#8243; body_link_text_shadow_blur_strength_tablet=&#8221;1px&#8221; body_ul_text_shadow_horizontal_length=&#8221;body_ul_text_shadow_style,%91object Object%93&#8243; body_ul_text_shadow_horizontal_length_tablet=&#8221;0px&#8221; body_ul_text_shadow_vertical_length=&#8221;body_ul_text_shadow_style,%91object Object%93&#8243; body_ul_text_shadow_vertical_length_tablet=&#8221;0px&#8221; body_ul_text_shadow_blur_strength=&#8221;body_ul_text_shadow_style,%91object Object%93&#8243; body_ul_text_shadow_blur_strength_tablet=&#8221;1px&#8221; body_ol_text_shadow_horizontal_length=&#8221;body_ol_text_shadow_style,%91object Object%93&#8243; body_ol_text_shadow_horizontal_length_tablet=&#8221;0px&#8221; body_ol_text_shadow_vertical_length=&#8221;body_ol_text_shadow_style,%91object Object%93&#8243; body_ol_text_shadow_vertical_length_tablet=&#8221;0px&#8221; body_ol_text_shadow_blur_strength=&#8221;body_ol_text_shadow_style,%91object Object%93&#8243; body_ol_text_shadow_blur_strength_tablet=&#8221;1px&#8221; body_quote_text_shadow_horizontal_length=&#8221;body_quote_text_shadow_style,%91object Object%93&#8243; body_quote_text_shadow_horizontal_length_tablet=&#8221;0px&#8221; body_quote_text_shadow_vertical_length=&#8221;body_quote_text_shadow_style,%91object Object%93&#8243; body_quote_text_shadow_vertical_length_tablet=&#8221;0px&#8221; body_quote_text_shadow_blur_strength=&#8221;body_quote_text_shadow_style,%91object Object%93&#8243; body_quote_text_shadow_blur_strength_tablet=&#8221;1px&#8221; box_shadow_horizontal_tablet=&#8221;0px&#8221; box_shadow_vertical_tablet=&#8221;0px&#8221; box_shadow_blur_tablet=&#8221;40px&#8221; box_shadow_spread_tablet=&#8221;0px&#8221; vertical_offset_tablet=&#8221;0&#8243; horizontal_offset_tablet=&#8221;0&#8243; \/][\/et_pb_column_inner][et_pb_column_inner type=&#8221;1_2&#8243; saved_specialty_column_type=&#8221;1_2&#8243; custom_padding__hover=&#8221;|||&#8221; custom_padding=&#8221;|||&#8221; saved_specialty_column_type=&#8221;1_2&#8243;][et_pb_blurb admin_label=&#8221;The Vignevin report&#8221; _builder_version=&#8221;4.8.2&#8243; title=&#8221;The Vignevin report&#8221; image=&#8221;https:\/\/www.vignevin.com\/wp-content\/uploads\/2021\/03\/the_vignevin_report.jpg&#8221; text_orientation=&#8221;center&#8221; url=&#8221;https:\/\/www.vignevin.com\/en\/library\/the-vignevin-report\/&#8221; text_shadow_horizontal_length=&#8221;text_shadow_style,%91object Object%93&#8243; text_shadow_vertical_length=&#8221;text_shadow_style,%91object Object%93&#8243; text_shadow_blur_strength=&#8221;text_shadow_style,%91object Object%93&#8243; header_text_shadow_horizontal_length=&#8221;header_text_shadow_style,%91object Object%93&#8243; header_text_shadow_vertical_length=&#8221;header_text_shadow_style,%91object Object%93&#8243; header_text_shadow_blur_strength=&#8221;header_text_shadow_style,%91object Object%93&#8243; body_text_shadow_horizontal_length=&#8221;body_text_shadow_style,%91object Object%93&#8243; body_text_shadow_vertical_length=&#8221;body_text_shadow_style,%91object Object%93&#8243; body_text_shadow_blur_strength=&#8221;body_text_shadow_style,%91object Object%93&#8243; animation=&#8221;off&#8221; z_index_tablet=&#8221;500&#8243; box_shadow_horizontal_image_tablet=&#8221;0px&#8221; box_shadow_vertical_image_tablet=&#8221;0px&#8221; box_shadow_blur_image_tablet=&#8221;40px&#8221; box_shadow_spread_image_tablet=&#8221;0px&#8221; body_link_text_shadow_horizontal_length=&#8221;body_link_text_shadow_style,%91object Object%93&#8243; body_link_text_shadow_horizontal_length_tablet=&#8221;0px&#8221; body_link_text_shadow_vertical_length=&#8221;body_link_text_shadow_style,%91object Object%93&#8243; body_link_text_shadow_vertical_length_tablet=&#8221;0px&#8221; body_link_text_shadow_blur_strength=&#8221;body_link_text_shadow_style,%91object Object%93&#8243; body_link_text_shadow_blur_strength_tablet=&#8221;1px&#8221; body_ul_text_shadow_horizontal_length=&#8221;body_ul_text_shadow_style,%91object Object%93&#8243; body_ul_text_shadow_horizontal_length_tablet=&#8221;0px&#8221; body_ul_text_shadow_vertical_length=&#8221;body_ul_text_shadow_style,%91object Object%93&#8243; body_ul_text_shadow_vertical_length_tablet=&#8221;0px&#8221; body_ul_text_shadow_blur_strength=&#8221;body_ul_text_shadow_style,%91object Object%93&#8243; body_ul_text_shadow_blur_strength_tablet=&#8221;1px&#8221; body_ol_text_shadow_horizontal_length=&#8221;body_ol_text_shadow_style,%91object Object%93&#8243; body_ol_text_shadow_horizontal_length_tablet=&#8221;0px&#8221; body_ol_text_shadow_vertical_length=&#8221;body_ol_text_shadow_style,%91object Object%93&#8243; body_ol_text_shadow_vertical_length_tablet=&#8221;0px&#8221; body_ol_text_shadow_blur_strength=&#8221;body_ol_text_shadow_style,%91object Object%93&#8243; body_ol_text_shadow_blur_strength_tablet=&#8221;1px&#8221; body_quote_text_shadow_horizontal_length=&#8221;body_quote_text_shadow_style,%91object Object%93&#8243; body_quote_text_shadow_horizontal_length_tablet=&#8221;0px&#8221; body_quote_text_shadow_vertical_length=&#8221;body_quote_text_shadow_style,%91object Object%93&#8243; body_quote_text_shadow_vertical_length_tablet=&#8221;0px&#8221; body_quote_text_shadow_blur_strength=&#8221;body_quote_text_shadow_style,%91object Object%93&#8243; body_quote_text_shadow_blur_strength_tablet=&#8221;1px&#8221; box_shadow_horizontal_tablet=&#8221;0px&#8221; box_shadow_vertical_tablet=&#8221;0px&#8221; box_shadow_blur_tablet=&#8221;40px&#8221; box_shadow_spread_tablet=&#8221;0px&#8221; vertical_offset_tablet=&#8221;0&#8243; horizontal_offset_tablet=&#8221;0&#8243; \/][\/et_pb_column_inner][\/et_pb_row_inner][\/et_pb_column][\/et_pb_section]<\/p>\n","protected":false},"excerpt":{"rendered":"<p>Photo-Library <div id=\"envira-gallery-wrap-17390\" class=\"envira-album-wrap envira-gallery-wrap envira-gallery-theme-base envira-lightbox-theme-base_dark\" ><div data-album-config='{\"type\":\"default\",\"columns\":\"2\",\"title\":\"Photo-library\",\"justified_row_height\":150,\"justified_margins\":1,\"justified_last_row\":\"nojustify\",\"back\":0,\"back_location\":\"above\",\"back_label\":\"Back to Album\",\"description_position\":\"0\",\"album_alignment\":\"0\",\"gallery_theme\":\"base\",\"album_width\":100,\"description\":null,\"display_titles\":\"below\",\"display_titles_automatic\":0,\"gallery_description_display\":\"\",\"display_captions\":0,\"display_image_count\":0,\"gutter\":10,\"margin\":10,\"sorting\":\"0\",\"sorting_direction\":\"ASC\",\"crop\":1,\"crop_width\":600,\"crop_height\":400,\"isotope\":1,\"lazy_loading\":1,\"lazy_loading_delay\":500,\"lightbox\":0,\"lightbox_theme\":\"base_dark\",\"title_display\":\"float\",\"arrows\":1,\"arrows_position\":\"inside\",\"toolbar\":1,\"toolbar_title\":0,\"toolbar_position\":\"top\",\"aspect\":1,\"loop\":1,\"lightbox_open_close_effect\":\"fade\",\"effect\":\"fade\",\"html5\":0,\"gallery_sort\":\"0\",\"supersize\":0,\"image_counter\":0,\"thumbnails\":1,\"thumbnails_width\":\"auto\",\"thumbnails_height\":\"auto\",\"thumbnails_position\":\"bottom\",\"thumbnails_custom_size\":0,\"mobile\":1,\"mobile_width\":320,\"mobile_height\":240,\"mobile_lightbox\":1,\"mobile_arrows\":1,\"mobile_toolbar\":1,\"mobile_thumbnails\":1,\"mobile_thumbnails_width\":75,\"mobile_thumbnails_height\":50,\"standalone_template\":\"\",\"classes\":\"\",\"rtl\":0,\"slug\":\"\",\"download_lightbox\":0,\"download_lightbox_position\":\"top-left\",\"download_lightbox_force\":0,\"album_id\":17390,\"keyboard\":1,\"mousewheel\":1,\"lightbox_title_caption\":\"title\"}' data-lightbox-theme='{&quot;arrows&quot;:true,&quot;margins&quot;:[120,0],&quot;gutter&quot;:&quot;100&quot;,&quot;thumbs_position&quot;:&quot;bottom&quot;,&quot;base_template&quot;:&quot;&lt;div id=\\&quot;envirabox-17390\\&quot; data-envirabox-id=\\&quot;17390\\&quot; class=\\&quot;envirabox-container envirabox-theme-base_dark envirabox-wrap\\&quot; role=\\&quot;dialog\\&quot;&gt;&lt;div class=\\&quot;envirabox-bg\\&quot;&gt;&lt;\\\/div&gt;&lt;div class=\\&quot;envirabox-outer\\&quot;&gt;&lt;div class=\\&quot;envirabox-inner\\&quot;&gt;&lt;div class=\\&quot;envirabox-caption-wrap\\&quot;&gt;&lt;div class=\\&quot;envirabox-title\\&quot;&gt;&lt;\\\/div&gt;&lt;\\\/div&gt;&lt;div class=\\&quot;envirabox-toolbar\\&quot;&gt;&lt;div class=\\&quot;envira-close-button\\&quot;&gt;&lt;a data-envirabox-close class=\\&quot;envirabox-item envirabox-close envirabox-button--close\\&quot; title=\\&quot;Close\\&quot; href=\\&quot;#\\&quot;&gt;&lt;\\\/a&gt;&lt;\\\/div&gt;&lt;\\\/div&gt;&lt;div class=\\&quot;envirabox-navigation\\&quot;&gt;&lt;a data-envirabox-prev title=\\&quot;Prev\\&quot; class=\\&quot;envirabox-arrow envirabox-arrow--left envirabox-nav envirabox-prev\\&quot; href=\\&quot;#\\&quot;&gt;&lt;span&gt;&lt;\\\/span&gt;&lt;\\\/a&gt;&lt;a data-envirabox-next title=\\&quot;Next\\&quot; class=\\&quot;envirabox-arrow envirabox-arrow--right envirabox-nav envirabox-next\\&quot; href=\\&quot;#\\&quot;&gt;&lt;span&gt;&lt;\\\/span&gt;&lt;\\\/a&gt;&lt;\\\/div&gt;&lt;div class=\\&quot;envirabox-stage\\&quot;&gt;&lt;\\\/div&gt;&lt;\\\/div&gt;&lt;\\\/div&gt;&lt;\\\/div&gt;&quot;,&quot;load_all&quot;:false,&quot;error_template&quot;:&quot;&lt;div class=\\&quot;envirabox-error\\&quot;&gt;&lt;p&gt;{{ERROR}}&lt;p&gt;&lt;\\\/div&gt;&quot;,&quot;inner_caption&quot;:false,&quot;caption_position&quot;:false,&quot;arrow_position&quot;:false,&quot;toolbar&quot;:true,&quot;infobar&quot;:false,&quot;show_smallbtn&quot;:false,&quot;lightbox_title_caption&quot;:false,&quot;idle_time&quot;:false,&quot;click_content&quot;:false,&quot;click_slide&quot;:false,&quot;click_outside&quot;:false,&quot;small_btn_template&quot;:&quot;&lt;a data-envirabox-close class=\\&quot;envirabox-item envirabox-close envirabox-button--close\\&quot; title=\\&quot;Close\\&quot; href=\\&quot;#\\&quot;&gt;&lt;\\\/a&gt;&quot;}' data-album-galleries='{\"17408\":{\"id\":\"17408\",\"title\":\"Grapevines Pests\",\"caption\":\"\",\"alt\":\"\",\"cover_image_id\":\"6933\",\"cover_image_url\":\"https:\\\/\\\/www.vignevin.com\\\/wp-content\\\/uploads\\\/2019\\\/02\\\/Acarien_rouge.jpg\",\"link_new_window\":\"\",\"gallery_lightbox\":\"1\",\"cover_image_url_thumb\":\"\",\"publish_date\":\"\"},\"17410\":{\"id\":\"17410\",\"title\":\"Grapevines virus\",\"caption\":\"\",\"alt\":\"\",\"cover_image_id\":\"6928\",\"cover_image_url\":\"https:\\\/\\\/www.vignevin.com\\\/wp-content\\\/uploads\\\/2019\\\/02\\\/etiquette-phototheque-viroses.jpg\",\"link_new_window\":\"\",\"gallery_lightbox\":\"1\",\"cover_image_url_thumb\":\"\",\"publish_date\":\"\"},\"17413\":{\"id\":\"17413\",\"title\":\"Grapevines Diseases\",\"caption\":\"\",\"alt\":\"\",\"cover_image_id\":\"7051\",\"cover_image_url\":\"https:\\\/\\\/www.vignevin.com\\\/wp-content\\\/uploads\\\/2019\\\/03\\\/IFV_BDA_11.jpg\",\"link_new_window\":\"\",\"gallery_lightbox\":\"1\",\"cover_image_url_thumb\":\"\",\"publish_date\":\"\"},\"17415\":{\"id\":\"17415\",\"title\":\"Grapevines auxiliary fauna\",\"caption\":\"\",\"alt\":\"\",\"cover_image_id\":\"7069\",\"cover_image_url\":\"https:\\\/\\\/www.vignevin.com\\\/wp-content\\\/uploads\\\/2019\\\/03\\\/AgrypoAnnxium2.jpg\",\"link_new_window\":\"\",\"gallery_lightbox\":\"1\",\"cover_image_url_thumb\":\"\",\"publish_date\":\"\"},\"17388\":{\"id\":\"17388\",\"title\":\"Grapevines Deficiencies\",\"caption\":\"\",\"alt\":\"\",\"cover_image_id\":\"10056\",\"cover_image_url\":\"https:\\\/\\\/www.vignevin.com\\\/wp-content\\\/uploads\\\/2019\\\/02\\\/etiquette-phototheque-carences.jpg\",\"link_new_window\":\"\",\"gallery_lightbox\":\"1\",\"cover_image_url_thumb\":\"\",\"publish_date\":\"\"}}' data-parsed-attrs='{&quot;id&quot;:&quot;17390&quot;,&quot;cache&quot;:true}' id=\"envira-gallery-17390\" class=\"envira-album-public envira-gallery-justified-public envira-lazy  envira-gallery-2-columns envira-clear\" data-envira-columns=\"2\" data-row-height=\"150\"><div id=\"envira-gallery-item-17408\" class=\"envira-gallery-item enviratope-item envira-gallery-item-1\" style=\"padding-left: 5px; padding-bottom: 10px; padding-right: 5px;\" ><div class=\"envira-gallery-item-inner\"><div class=\"envira-gallery-position-overlay  envira-gallery-top-left\"><\/div><div class=\"envira-gallery-position-overlay  envira-gallery-top-right\"><\/div><div class=\"envira-gallery-position-overlay  envira-gallery-bottom-left\"><\/div><div class=\"envira-gallery-position-overlay  envira-gallery-bottom-right\"><\/div><a href=\"https:\/\/www.vignevin.com\/en\/galerie\/les-ravageurs\/\" data-gallery-images='{\"6934\":{\"status\":\"active\",\"src\":\"https:\\\/\\\/www.vignevin.com\\\/wp-content\\\/uploads\\\/2019\\\/02\\\/Cicadelle_verte_1147-scaled.jpg\",\"title\":\"Nymphe de cicadelle verte (Empoasca vitis)\",\"link\":\"https:\\\/\\\/www.vignevin.com\\\/wp-content\\\/uploads\\\/2019\\\/02\\\/Cicadelle_verte_1147.jpg\",\"alt\":\"\",\"caption\":false,\"thumb\":\"https:\\\/\\\/www.vignevin.com\\\/wp-content\\\/uploads\\\/2019\\\/02\\\/Cicadelle_verte_1147-scaled-75x50_c.jpg\",\"meta\":{\"aperture\":null,\"credit\":\"Mackiewicz P.\",\"camera\":null,\"caption\":\"Nymphe de cicadelle verte (Empoasca vitis)\",\"created_timestamp\":null,\"copyright\":\"IFV\",\"focal_length\":null,\"iso\":null,\"shutter_speed\":null,\"title\":\"Nymphe de cicadelle verte (Empoasca vitis)\",\"orientation\":\"1\",\"keywords\":null},\"thumbnail\":\"https:\\\/\\\/www.vignevin.com\\\/wp-content\\\/uploads\\\/2019\\\/02\\\/Cicadelle_verte_1147-150x150.jpg\",\"medium\":\"https:\\\/\\\/www.vignevin.com\\\/wp-content\\\/uploads\\\/2019\\\/02\\\/Cicadelle_verte_1147-300x196.jpg\",\"medium_large\":\"https:\\\/\\\/www.vignevin.com\\\/wp-content\\\/uploads\\\/2019\\\/02\\\/Cicadelle_verte_1147-768x501.jpg\",\"large\":\"https:\\\/\\\/www.vignevin.com\\\/wp-content\\\/uploads\\\/2019\\\/02\\\/Cicadelle_verte_1147-1024x668.jpg\",\"1536x1536\":\"https:\\\/\\\/www.vignevin.com\\\/wp-content\\\/uploads\\\/2019\\\/02\\\/Cicadelle_verte_1147-scaled.jpg\",\"2048x2048\":\"https:\\\/\\\/www.vignevin.com\\\/wp-content\\\/uploads\\\/2019\\\/02\\\/Cicadelle_verte_1147-scaled.jpg\",\"et-pb-post-main-image\":\"https:\\\/\\\/www.vignevin.com\\\/wp-content\\\/uploads\\\/2019\\\/02\\\/Cicadelle_verte_1147-400x250.jpg\",\"et-pb-post-main-image-fullwidth\":\"https:\\\/\\\/www.vignevin.com\\\/wp-content\\\/uploads\\\/2019\\\/02\\\/Cicadelle_verte_1147-1080x675.jpg\",\"et-pb-portfolio-image\":\"https:\\\/\\\/www.vignevin.com\\\/wp-content\\\/uploads\\\/2019\\\/02\\\/Cicadelle_verte_1147-400x284.jpg\",\"et-pb-portfolio-module-image\":\"https:\\\/\\\/www.vignevin.com\\\/wp-content\\\/uploads\\\/2019\\\/02\\\/Cicadelle_verte_1147-510x382.jpg\",\"et-pb-portfolio-image-single\":\"https:\\\/\\\/www.vignevin.com\\\/wp-content\\\/uploads\\\/2019\\\/02\\\/Cicadelle_verte_1147-1080x705.jpg\",\"et-pb-gallery-module-image-portrait\":\"https:\\\/\\\/www.vignevin.com\\\/wp-content\\\/uploads\\\/2019\\\/02\\\/Cicadelle_verte_1147-400x516.jpg\",\"et-pb-post-main-image-fullwidth-large\":\"https:\\\/\\\/www.vignevin.com\\\/wp-content\\\/uploads\\\/2019\\\/02\\\/Cicadelle_verte_1147-2880x1800.jpg\",\"et-pb-image--responsive--desktop\":\"https:\\\/\\\/www.vignevin.com\\\/wp-content\\\/uploads\\\/2019\\\/02\\\/Cicadelle_verte_1147-scaled.jpg\",\"et-pb-image--responsive--tablet\":\"https:\\\/\\\/www.vignevin.com\\\/wp-content\\\/uploads\\\/2019\\\/02\\\/Cicadelle_verte_1147-scaled.jpg\",\"et-pb-image--responsive--phone\":\"https:\\\/\\\/www.vignevin.com\\\/wp-content\\\/uploads\\\/2019\\\/02\\\/Cicadelle_verte_1147-scaled.jpg\",\"gform-image-choice-sm\":\"https:\\\/\\\/www.vignevin.com\\\/wp-content\\\/uploads\\\/2019\\\/02\\\/Cicadelle_verte_1147-scaled.jpg\",\"gform-image-choice-md\":\"https:\\\/\\\/www.vignevin.com\\\/wp-content\\\/uploads\\\/2019\\\/02\\\/Cicadelle_verte_1147-scaled.jpg\",\"gform-image-choice-lg\":\"https:\\\/\\\/www.vignevin.com\\\/wp-content\\\/uploads\\\/2019\\\/02\\\/Cicadelle_verte_1147-scaled.jpg\",\"woocommerce_thumbnail\":\"https:\\\/\\\/www.vignevin.com\\\/wp-content\\\/uploads\\\/2019\\\/02\\\/Cicadelle_verte_1147-scaled-300x300.jpg\",\"woocommerce_single\":\"https:\\\/\\\/www.vignevin.com\\\/wp-content\\\/uploads\\\/2019\\\/02\\\/Cicadelle_verte_1147-scaled-600x392.jpg\",\"woocommerce_gallery_thumbnail\":\"https:\\\/\\\/www.vignevin.com\\\/wp-content\\\/uploads\\\/2019\\\/02\\\/Cicadelle_verte_1147-scaled-100x100.jpg\",\"full\":\"https:\\\/\\\/www.vignevin.com\\\/wp-content\\\/uploads\\\/2019\\\/02\\\/Cicadelle_verte_1147-scaled.jpg\",\"index\":0,\"id\":6934,\"video\":false,\"opts\":{\"caption\":\"\",\"thumb\":\"https:\\\/\\\/www.vignevin.com\\\/wp-content\\\/uploads\\\/2019\\\/02\\\/Cicadelle_verte_1147-scaled-75x50_c.jpg\",\"title\":\"Nymphe de cicadelle verte (Empoasca vitis)\"},\"gallery_id\":17408,\"gallery_title\":\"Grapevines Pests\"},\"6931\":{\"status\":\"active\",\"src\":\"https:\\\/\\\/www.vignevin.com\\\/wp-content\\\/uploads\\\/2019\\\/02\\\/Drosophyle_1217-scaled.jpg\",\"title\":\"Drosophile adulte (Drosophila melanogaster)\",\"link\":\"https:\\\/\\\/www.vignevin.com\\\/wp-content\\\/uploads\\\/2019\\\/02\\\/Drosophyle_1217.jpg\",\"alt\":\"\",\"caption\":false,\"thumb\":\"https:\\\/\\\/www.vignevin.com\\\/wp-content\\\/uploads\\\/2019\\\/02\\\/Drosophyle_1217-scaled-75x50_c.jpg\",\"meta\":{\"aperture\":null,\"credit\":\"Molot. B\",\"camera\":null,\"caption\":\"Drosophile adulte (Drosophila melanogaster)\",\"created_timestamp\":null,\"copyright\":\"IFV\",\"focal_length\":null,\"iso\":null,\"shutter_speed\":null,\"title\":\"Drosophile adulte (Drosophila melanogaster)\",\"orientation\":\"1\",\"keywords\":null},\"thumbnail\":\"https:\\\/\\\/www.vignevin.com\\\/wp-content\\\/uploads\\\/2019\\\/02\\\/Drosophyle_1217-150x150.jpg\",\"medium\":\"https:\\\/\\\/www.vignevin.com\\\/wp-content\\\/uploads\\\/2019\\\/02\\\/Drosophyle_1217-300x196.jpg\",\"medium_large\":\"https:\\\/\\\/www.vignevin.com\\\/wp-content\\\/uploads\\\/2019\\\/02\\\/Drosophyle_1217-768x501.jpg\",\"large\":\"https:\\\/\\\/www.vignevin.com\\\/wp-content\\\/uploads\\\/2019\\\/02\\\/Drosophyle_1217-1024x668.jpg\",\"1536x1536\":\"https:\\\/\\\/www.vignevin.com\\\/wp-content\\\/uploads\\\/2019\\\/02\\\/Drosophyle_1217-scaled.jpg\",\"2048x2048\":\"https:\\\/\\\/www.vignevin.com\\\/wp-content\\\/uploads\\\/2019\\\/02\\\/Drosophyle_1217-scaled.jpg\",\"et-pb-post-main-image\":\"https:\\\/\\\/www.vignevin.com\\\/wp-content\\\/uploads\\\/2019\\\/02\\\/Drosophyle_1217-400x250.jpg\",\"et-pb-post-main-image-fullwidth\":\"https:\\\/\\\/www.vignevin.com\\\/wp-content\\\/uploads\\\/2019\\\/02\\\/Drosophyle_1217-1080x675.jpg\",\"et-pb-portfolio-image\":\"https:\\\/\\\/www.vignevin.com\\\/wp-content\\\/uploads\\\/2019\\\/02\\\/Drosophyle_1217-400x284.jpg\",\"et-pb-portfolio-module-image\":\"https:\\\/\\\/www.vignevin.com\\\/wp-content\\\/uploads\\\/2019\\\/02\\\/Drosophyle_1217-510x382.jpg\",\"et-pb-portfolio-image-single\":\"https:\\\/\\\/www.vignevin.com\\\/wp-content\\\/uploads\\\/2019\\\/02\\\/Drosophyle_1217-1080x705.jpg\",\"et-pb-gallery-module-image-portrait\":\"https:\\\/\\\/www.vignevin.com\\\/wp-content\\\/uploads\\\/2019\\\/02\\\/Drosophyle_1217-400x516.jpg\",\"et-pb-post-main-image-fullwidth-large\":\"https:\\\/\\\/www.vignevin.com\\\/wp-content\\\/uploads\\\/2019\\\/02\\\/Drosophyle_1217-2880x1800.jpg\",\"et-pb-image--responsive--desktop\":\"https:\\\/\\\/www.vignevin.com\\\/wp-content\\\/uploads\\\/2019\\\/02\\\/Drosophyle_1217-scaled.jpg\",\"et-pb-image--responsive--tablet\":\"https:\\\/\\\/www.vignevin.com\\\/wp-content\\\/uploads\\\/2019\\\/02\\\/Drosophyle_1217-scaled.jpg\",\"et-pb-image--responsive--phone\":\"https:\\\/\\\/www.vignevin.com\\\/wp-content\\\/uploads\\\/2019\\\/02\\\/Drosophyle_1217-scaled.jpg\",\"gform-image-choice-sm\":\"https:\\\/\\\/www.vignevin.com\\\/wp-content\\\/uploads\\\/2019\\\/02\\\/Drosophyle_1217-scaled.jpg\",\"gform-image-choice-md\":\"https:\\\/\\\/www.vignevin.com\\\/wp-content\\\/uploads\\\/2019\\\/02\\\/Drosophyle_1217-scaled.jpg\",\"gform-image-choice-lg\":\"https:\\\/\\\/www.vignevin.com\\\/wp-content\\\/uploads\\\/2019\\\/02\\\/Drosophyle_1217-scaled.jpg\",\"woocommerce_thumbnail\":\"https:\\\/\\\/www.vignevin.com\\\/wp-content\\\/uploads\\\/2019\\\/02\\\/Drosophyle_1217-scaled-300x300.jpg\",\"woocommerce_single\":\"https:\\\/\\\/www.vignevin.com\\\/wp-content\\\/uploads\\\/2019\\\/02\\\/Drosophyle_1217-scaled-600x392.jpg\",\"woocommerce_gallery_thumbnail\":\"https:\\\/\\\/www.vignevin.com\\\/wp-content\\\/uploads\\\/2019\\\/02\\\/Drosophyle_1217-scaled-100x100.jpg\",\"full\":\"https:\\\/\\\/www.vignevin.com\\\/wp-content\\\/uploads\\\/2019\\\/02\\\/Drosophyle_1217-scaled.jpg\",\"index\":1,\"id\":6931,\"video\":false,\"opts\":{\"caption\":\"\",\"thumb\":\"https:\\\/\\\/www.vignevin.com\\\/wp-content\\\/uploads\\\/2019\\\/02\\\/Drosophyle_1217-scaled-75x50_c.jpg\",\"title\":\"Drosophile adulte (Drosophila melanogaster)\"},\"gallery_id\":17408,\"gallery_title\":\"Grapevines Pests\"},\"6932\":{\"status\":\"active\",\"src\":\"https:\\\/\\\/www.vignevin.com\\\/wp-content\\\/uploads\\\/2019\\\/02\\\/Erinose-scaled.jpg\",\"title\":\"&amp;eacute;rinose Colomerus vitis sur feuille\",\"link\":\"https:\\\/\\\/www.vignevin.com\\\/wp-content\\\/uploads\\\/2019\\\/02\\\/Erinose.jpg\",\"alt\":\"\",\"caption\":false,\"thumb\":\"https:\\\/\\\/www.vignevin.com\\\/wp-content\\\/uploads\\\/2019\\\/02\\\/Erinose-scaled-75x50_c.jpg\",\"meta\":{\"aperture\":null,\"credit\":\"Mackiewicz P.\",\"camera\":null,\"caption\":\"\u00e9rinose Colomerus vitis sur feuille\",\"created_timestamp\":null,\"copyright\":\"IFV\",\"focal_length\":null,\"iso\":null,\"shutter_speed\":null,\"title\":\"\u00e9rinose Colomerus vitis sur feuille\",\"orientation\":\"1\",\"keywords\":null},\"thumbnail\":\"https:\\\/\\\/www.vignevin.com\\\/wp-content\\\/uploads\\\/2019\\\/02\\\/Erinose-150x150.jpg\",\"medium\":\"https:\\\/\\\/www.vignevin.com\\\/wp-content\\\/uploads\\\/2019\\\/02\\\/Erinose-300x201.jpg\",\"medium_large\":\"https:\\\/\\\/www.vignevin.com\\\/wp-content\\\/uploads\\\/2019\\\/02\\\/Erinose-768x514.jpg\",\"large\":\"https:\\\/\\\/www.vignevin.com\\\/wp-content\\\/uploads\\\/2019\\\/02\\\/Erinose-1024x685.jpg\",\"1536x1536\":\"https:\\\/\\\/www.vignevin.com\\\/wp-content\\\/uploads\\\/2019\\\/02\\\/Erinose-scaled.jpg\",\"2048x2048\":\"https:\\\/\\\/www.vignevin.com\\\/wp-content\\\/uploads\\\/2019\\\/02\\\/Erinose-scaled.jpg\",\"et-pb-post-main-image\":\"https:\\\/\\\/www.vignevin.com\\\/wp-content\\\/uploads\\\/2019\\\/02\\\/Erinose-400x250.jpg\",\"et-pb-post-main-image-fullwidth\":\"https:\\\/\\\/www.vignevin.com\\\/wp-content\\\/uploads\\\/2019\\\/02\\\/Erinose-1080x675.jpg\",\"et-pb-portfolio-image\":\"https:\\\/\\\/www.vignevin.com\\\/wp-content\\\/uploads\\\/2019\\\/02\\\/Erinose-400x284.jpg\",\"et-pb-portfolio-module-image\":\"https:\\\/\\\/www.vignevin.com\\\/wp-content\\\/uploads\\\/2019\\\/02\\\/Erinose-510x382.jpg\",\"et-pb-portfolio-image-single\":\"https:\\\/\\\/www.vignevin.com\\\/wp-content\\\/uploads\\\/2019\\\/02\\\/Erinose-1080x723.jpg\",\"et-pb-gallery-module-image-portrait\":\"https:\\\/\\\/www.vignevin.com\\\/wp-content\\\/uploads\\\/2019\\\/02\\\/Erinose-400x516.jpg\",\"et-pb-post-main-image-fullwidth-large\":\"https:\\\/\\\/www.vignevin.com\\\/wp-content\\\/uploads\\\/2019\\\/02\\\/Erinose-2880x1800.jpg\",\"et-pb-image--responsive--desktop\":\"https:\\\/\\\/www.vignevin.com\\\/wp-content\\\/uploads\\\/2019\\\/02\\\/Erinose-scaled.jpg\",\"et-pb-image--responsive--tablet\":\"https:\\\/\\\/www.vignevin.com\\\/wp-content\\\/uploads\\\/2019\\\/02\\\/Erinose-scaled.jpg\",\"et-pb-image--responsive--phone\":\"https:\\\/\\\/www.vignevin.com\\\/wp-content\\\/uploads\\\/2019\\\/02\\\/Erinose-scaled.jpg\",\"gform-image-choice-sm\":\"https:\\\/\\\/www.vignevin.com\\\/wp-content\\\/uploads\\\/2019\\\/02\\\/Erinose-scaled.jpg\",\"gform-image-choice-md\":\"https:\\\/\\\/www.vignevin.com\\\/wp-content\\\/uploads\\\/2019\\\/02\\\/Erinose-scaled.jpg\",\"gform-image-choice-lg\":\"https:\\\/\\\/www.vignevin.com\\\/wp-content\\\/uploads\\\/2019\\\/02\\\/Erinose-scaled.jpg\",\"woocommerce_thumbnail\":\"https:\\\/\\\/www.vignevin.com\\\/wp-content\\\/uploads\\\/2019\\\/02\\\/Erinose-scaled-300x300.jpg\",\"woocommerce_single\":\"https:\\\/\\\/www.vignevin.com\\\/wp-content\\\/uploads\\\/2019\\\/02\\\/Erinose-scaled-600x401.jpg\",\"woocommerce_gallery_thumbnail\":\"https:\\\/\\\/www.vignevin.com\\\/wp-content\\\/uploads\\\/2019\\\/02\\\/Erinose-scaled-100x100.jpg\",\"full\":\"https:\\\/\\\/www.vignevin.com\\\/wp-content\\\/uploads\\\/2019\\\/02\\\/Erinose-scaled.jpg\",\"index\":2,\"id\":6932,\"video\":false,\"opts\":{\"caption\":\"\",\"thumb\":\"https:\\\/\\\/www.vignevin.com\\\/wp-content\\\/uploads\\\/2019\\\/02\\\/Erinose-scaled-75x50_c.jpg\",\"title\":\"&amp;eacute;rinose Colomerus vitis sur feuille\"},\"gallery_id\":17408,\"gallery_title\":\"Grapevines Pests\"},\"6933\":{\"status\":\"active\",\"src\":\"https:\\\/\\\/www.vignevin.com\\\/wp-content\\\/uploads\\\/2019\\\/02\\\/Acarien_rouge-scaled.jpg\",\"title\":\"acarien rouge Panonychus ulmi sur feuille\",\"link\":\"https:\\\/\\\/www.vignevin.com\\\/wp-content\\\/uploads\\\/2019\\\/02\\\/Acarien_rouge.jpg\",\"alt\":\"\",\"caption\":false,\"thumb\":\"https:\\\/\\\/www.vignevin.com\\\/wp-content\\\/uploads\\\/2019\\\/02\\\/Acarien_rouge-scaled-75x50_c.jpg\",\"meta\":{\"aperture\":null,\"credit\":\"Mackiewicz P.\",\"camera\":null,\"caption\":\"acarien rouge Panonychus ulmi sur feuille\",\"created_timestamp\":null,\"copyright\":\"IFV\",\"focal_length\":null,\"iso\":null,\"shutter_speed\":null,\"title\":\"acarien rouge Panonychus ulmi sur feuille\",\"orientation\":\"1\",\"keywords\":null},\"thumbnail\":\"https:\\\/\\\/www.vignevin.com\\\/wp-content\\\/uploads\\\/2019\\\/02\\\/Acarien_rouge-150x150.jpg\",\"medium\":\"https:\\\/\\\/www.vignevin.com\\\/wp-content\\\/uploads\\\/2019\\\/02\\\/Acarien_rouge-300x197.jpg\",\"medium_large\":\"https:\\\/\\\/www.vignevin.com\\\/wp-content\\\/uploads\\\/2019\\\/02\\\/Acarien_rouge-768x505.jpg\",\"large\":\"https:\\\/\\\/www.vignevin.com\\\/wp-content\\\/uploads\\\/2019\\\/02\\\/Acarien_rouge-1024x673.jpg\",\"1536x1536\":\"https:\\\/\\\/www.vignevin.com\\\/wp-content\\\/uploads\\\/2019\\\/02\\\/Acarien_rouge-scaled.jpg\",\"2048x2048\":\"https:\\\/\\\/www.vignevin.com\\\/wp-content\\\/uploads\\\/2019\\\/02\\\/Acarien_rouge-scaled.jpg\",\"et-pb-post-main-image\":\"https:\\\/\\\/www.vignevin.com\\\/wp-content\\\/uploads\\\/2019\\\/02\\\/Acarien_rouge-400x250.jpg\",\"et-pb-post-main-image-fullwidth\":\"https:\\\/\\\/www.vignevin.com\\\/wp-content\\\/uploads\\\/2019\\\/02\\\/Acarien_rouge-1080x675.jpg\",\"et-pb-portfolio-image\":\"https:\\\/\\\/www.vignevin.com\\\/wp-content\\\/uploads\\\/2019\\\/02\\\/Acarien_rouge-400x284.jpg\",\"et-pb-portfolio-module-image\":\"https:\\\/\\\/www.vignevin.com\\\/wp-content\\\/uploads\\\/2019\\\/02\\\/Acarien_rouge-510x382.jpg\",\"et-pb-portfolio-image-single\":\"https:\\\/\\\/www.vignevin.com\\\/wp-content\\\/uploads\\\/2019\\\/02\\\/Acarien_rouge-1080x710.jpg\",\"et-pb-gallery-module-image-portrait\":\"https:\\\/\\\/www.vignevin.com\\\/wp-content\\\/uploads\\\/2019\\\/02\\\/Acarien_rouge-400x516.jpg\",\"et-pb-post-main-image-fullwidth-large\":\"https:\\\/\\\/www.vignevin.com\\\/wp-content\\\/uploads\\\/2019\\\/02\\\/Acarien_rouge-2880x1800.jpg\",\"et-pb-image--responsive--desktop\":\"https:\\\/\\\/www.vignevin.com\\\/wp-content\\\/uploads\\\/2019\\\/02\\\/Acarien_rouge-scaled.jpg\",\"et-pb-image--responsive--tablet\":\"https:\\\/\\\/www.vignevin.com\\\/wp-content\\\/uploads\\\/2019\\\/02\\\/Acarien_rouge-scaled.jpg\",\"et-pb-image--responsive--phone\":\"https:\\\/\\\/www.vignevin.com\\\/wp-content\\\/uploads\\\/2019\\\/02\\\/Acarien_rouge-scaled.jpg\",\"gform-image-choice-sm\":\"https:\\\/\\\/www.vignevin.com\\\/wp-content\\\/uploads\\\/2019\\\/02\\\/Acarien_rouge-scaled.jpg\",\"gform-image-choice-md\":\"https:\\\/\\\/www.vignevin.com\\\/wp-content\\\/uploads\\\/2019\\\/02\\\/Acarien_rouge-scaled.jpg\",\"gform-image-choice-lg\":\"https:\\\/\\\/www.vignevin.com\\\/wp-content\\\/uploads\\\/2019\\\/02\\\/Acarien_rouge-scaled.jpg\",\"woocommerce_thumbnail\":\"https:\\\/\\\/www.vignevin.com\\\/wp-content\\\/uploads\\\/2019\\\/02\\\/Acarien_rouge-scaled-300x300.jpg\",\"woocommerce_single\":\"https:\\\/\\\/www.vignevin.com\\\/wp-content\\\/uploads\\\/2019\\\/02\\\/Acarien_rouge-scaled-600x395.jpg\",\"woocommerce_gallery_thumbnail\":\"https:\\\/\\\/www.vignevin.com\\\/wp-content\\\/uploads\\\/2019\\\/02\\\/Acarien_rouge-scaled-100x100.jpg\",\"full\":\"https:\\\/\\\/www.vignevin.com\\\/wp-content\\\/uploads\\\/2019\\\/02\\\/Acarien_rouge-scaled.jpg\",\"index\":3,\"id\":6933,\"video\":false,\"opts\":{\"caption\":\"\",\"thumb\":\"https:\\\/\\\/www.vignevin.com\\\/wp-content\\\/uploads\\\/2019\\\/02\\\/Acarien_rouge-scaled-75x50_c.jpg\",\"title\":\"acarien rouge Panonychus ulmi sur feuille\"},\"gallery_id\":17408,\"gallery_title\":\"Grapevines Pests\"},\"10041\":{\"status\":\"active\",\"src\":\"https:\\\/\\\/www.vignevin.com\\\/wp-content\\\/uploads\\\/2019\\\/02\\\/Ceresa-bubalus.jpg\",\"title\":\"Ceresa bubalus\",\"link\":\"https:\\\/\\\/www.vignevin.com\\\/wp-content\\\/uploads\\\/2019\\\/02\\\/Ceresa-bubalus.jpg\",\"alt\":\"\",\"caption\":false,\"thumb\":\"https:\\\/\\\/www.vignevin.com\\\/wp-content\\\/uploads\\\/2019\\\/02\\\/Ceresa-bubalus-75x50_c.jpg\",\"meta\":{\"aperture\":null,\"credit\":null,\"camera\":null,\"caption\":\"\",\"created_timestamp\":null,\"copyright\":null,\"focal_length\":null,\"iso\":null,\"shutter_speed\":null,\"title\":\"\",\"orientation\":null,\"keywords\":null},\"thumbnail\":\"https:\\\/\\\/www.vignevin.com\\\/wp-content\\\/uploads\\\/2019\\\/02\\\/Ceresa-bubalus-150x150.jpg\",\"medium\":\"https:\\\/\\\/www.vignevin.com\\\/wp-content\\\/uploads\\\/2019\\\/02\\\/Ceresa-bubalus-300x291.jpg\",\"medium_large\":\"https:\\\/\\\/www.vignevin.com\\\/wp-content\\\/uploads\\\/2019\\\/02\\\/Ceresa-bubalus.jpg\",\"large\":\"https:\\\/\\\/www.vignevin.com\\\/wp-content\\\/uploads\\\/2019\\\/02\\\/Ceresa-bubalus.jpg\",\"1536x1536\":\"https:\\\/\\\/www.vignevin.com\\\/wp-content\\\/uploads\\\/2019\\\/02\\\/Ceresa-bubalus.jpg\",\"2048x2048\":\"https:\\\/\\\/www.vignevin.com\\\/wp-content\\\/uploads\\\/2019\\\/02\\\/Ceresa-bubalus.jpg\",\"et-pb-post-main-image\":\"https:\\\/\\\/www.vignevin.com\\\/wp-content\\\/uploads\\\/2019\\\/02\\\/Ceresa-bubalus-308x250.jpg\",\"et-pb-post-main-image-fullwidth\":\"https:\\\/\\\/www.vignevin.com\\\/wp-content\\\/uploads\\\/2019\\\/02\\\/Ceresa-bubalus.jpg\",\"et-pb-portfolio-image\":\"https:\\\/\\\/www.vignevin.com\\\/wp-content\\\/uploads\\\/2019\\\/02\\\/Ceresa-bubalus-308x284.jpg\",\"et-pb-portfolio-module-image\":\"https:\\\/\\\/www.vignevin.com\\\/wp-content\\\/uploads\\\/2019\\\/02\\\/Ceresa-bubalus.jpg\",\"et-pb-portfolio-image-single\":\"https:\\\/\\\/www.vignevin.com\\\/wp-content\\\/uploads\\\/2019\\\/02\\\/Ceresa-bubalus.jpg\",\"et-pb-gallery-module-image-portrait\":\"https:\\\/\\\/www.vignevin.com\\\/wp-content\\\/uploads\\\/2019\\\/02\\\/Ceresa-bubalus.jpg\",\"et-pb-post-main-image-fullwidth-large\":\"https:\\\/\\\/www.vignevin.com\\\/wp-content\\\/uploads\\\/2019\\\/02\\\/Ceresa-bubalus.jpg\",\"et-pb-image--responsive--desktop\":\"https:\\\/\\\/www.vignevin.com\\\/wp-content\\\/uploads\\\/2019\\\/02\\\/Ceresa-bubalus.jpg\",\"et-pb-image--responsive--tablet\":\"https:\\\/\\\/www.vignevin.com\\\/wp-content\\\/uploads\\\/2019\\\/02\\\/Ceresa-bubalus.jpg\",\"et-pb-image--responsive--phone\":\"https:\\\/\\\/www.vignevin.com\\\/wp-content\\\/uploads\\\/2019\\\/02\\\/Ceresa-bubalus.jpg\",\"gform-image-choice-sm\":\"https:\\\/\\\/www.vignevin.com\\\/wp-content\\\/uploads\\\/2019\\\/02\\\/Ceresa-bubalus.jpg\",\"gform-image-choice-md\":\"https:\\\/\\\/www.vignevin.com\\\/wp-content\\\/uploads\\\/2019\\\/02\\\/Ceresa-bubalus.jpg\",\"gform-image-choice-lg\":\"https:\\\/\\\/www.vignevin.com\\\/wp-content\\\/uploads\\\/2019\\\/02\\\/Ceresa-bubalus.jpg\",\"woocommerce_thumbnail\":\"https:\\\/\\\/www.vignevin.com\\\/wp-content\\\/uploads\\\/2019\\\/02\\\/Ceresa-bubalus.jpg\",\"woocommerce_single\":\"https:\\\/\\\/www.vignevin.com\\\/wp-content\\\/uploads\\\/2019\\\/02\\\/Ceresa-bubalus.jpg\",\"woocommerce_gallery_thumbnail\":\"https:\\\/\\\/www.vignevin.com\\\/wp-content\\\/uploads\\\/2019\\\/02\\\/Ceresa-bubalus-100x100.jpg\",\"full\":\"https:\\\/\\\/www.vignevin.com\\\/wp-content\\\/uploads\\\/2019\\\/02\\\/Ceresa-bubalus.jpg\",\"index\":4,\"id\":10041,\"video\":false,\"opts\":{\"caption\":\"\",\"thumb\":\"https:\\\/\\\/www.vignevin.com\\\/wp-content\\\/uploads\\\/2019\\\/02\\\/Ceresa-bubalus-75x50_c.jpg\",\"title\":\"Ceresa bubalus\"},\"gallery_id\":17408,\"gallery_title\":\"Grapevines Pests\"},\"10042\":{\"status\":\"active\",\"src\":\"https:\\\/\\\/www.vignevin.com\\\/wp-content\\\/uploads\\\/2019\\\/02\\\/D\u00e9g\u00e2ts-dacariose-printemps-2.jpg\",\"title\":\"D&amp;eacute;g&amp;acirc;ts d&amp;amp;rsquo;acariose (printemps) (2)\",\"link\":\"https:\\\/\\\/www.vignevin.com\\\/wp-content\\\/uploads\\\/2019\\\/02\\\/D\u00e9g\u00e2ts-dacariose-printemps-2.jpg\",\"alt\":\"\",\"caption\":false,\"thumb\":\"https:\\\/\\\/www.vignevin.com\\\/wp-content\\\/uploads\\\/2019\\\/02\\\/D\u00e9g\u00e2ts-dacariose-printemps-2-75x50_c.jpg\",\"meta\":{\"aperture\":null,\"credit\":null,\"camera\":null,\"caption\":\"\",\"created_timestamp\":null,\"copyright\":null,\"focal_length\":null,\"iso\":null,\"shutter_speed\":null,\"title\":\"\",\"orientation\":null,\"keywords\":null},\"thumbnail\":\"https:\\\/\\\/www.vignevin.com\\\/wp-content\\\/uploads\\\/2019\\\/02\\\/D\u00e9g\u00e2ts-dacariose-printemps-2-150x150.jpg\",\"medium\":\"https:\\\/\\\/www.vignevin.com\\\/wp-content\\\/uploads\\\/2019\\\/02\\\/D\u00e9g\u00e2ts-dacariose-printemps-2-300x225.jpg\",\"medium_large\":\"https:\\\/\\\/www.vignevin.com\\\/wp-content\\\/uploads\\\/2019\\\/02\\\/D\u00e9g\u00e2ts-dacariose-printemps-2.jpg\",\"large\":\"https:\\\/\\\/www.vignevin.com\\\/wp-content\\\/uploads\\\/2019\\\/02\\\/D\u00e9g\u00e2ts-dacariose-printemps-2.jpg\",\"1536x1536\":\"https:\\\/\\\/www.vignevin.com\\\/wp-content\\\/uploads\\\/2019\\\/02\\\/D\u00e9g\u00e2ts-dacariose-printemps-2.jpg\",\"2048x2048\":\"https:\\\/\\\/www.vignevin.com\\\/wp-content\\\/uploads\\\/2019\\\/02\\\/D\u00e9g\u00e2ts-dacariose-printemps-2.jpg\",\"et-pb-post-main-image\":\"https:\\\/\\\/www.vignevin.com\\\/wp-content\\\/uploads\\\/2019\\\/02\\\/D\u00e9g\u00e2ts-dacariose-printemps-2-400x250.jpg\",\"et-pb-post-main-image-fullwidth\":\"https:\\\/\\\/www.vignevin.com\\\/wp-content\\\/uploads\\\/2019\\\/02\\\/D\u00e9g\u00e2ts-dacariose-printemps-2.jpg\",\"et-pb-portfolio-image\":\"https:\\\/\\\/www.vignevin.com\\\/wp-content\\\/uploads\\\/2019\\\/02\\\/D\u00e9g\u00e2ts-dacariose-printemps-2-400x284.jpg\",\"et-pb-portfolio-module-image\":\"https:\\\/\\\/www.vignevin.com\\\/wp-content\\\/uploads\\\/2019\\\/02\\\/D\u00e9g\u00e2ts-dacariose-printemps-2-510x382.jpg\",\"et-pb-portfolio-image-single\":\"https:\\\/\\\/www.vignevin.com\\\/wp-content\\\/uploads\\\/2019\\\/02\\\/D\u00e9g\u00e2ts-dacariose-printemps-2.jpg\",\"et-pb-gallery-module-image-portrait\":\"https:\\\/\\\/www.vignevin.com\\\/wp-content\\\/uploads\\\/2019\\\/02\\\/D\u00e9g\u00e2ts-dacariose-printemps-2-400x516.jpg\",\"et-pb-post-main-image-fullwidth-large\":\"https:\\\/\\\/www.vignevin.com\\\/wp-content\\\/uploads\\\/2019\\\/02\\\/D\u00e9g\u00e2ts-dacariose-printemps-2.jpg\",\"et-pb-image--responsive--desktop\":\"https:\\\/\\\/www.vignevin.com\\\/wp-content\\\/uploads\\\/2019\\\/02\\\/D\u00e9g\u00e2ts-dacariose-printemps-2.jpg\",\"et-pb-image--responsive--tablet\":\"https:\\\/\\\/www.vignevin.com\\\/wp-content\\\/uploads\\\/2019\\\/02\\\/D\u00e9g\u00e2ts-dacariose-printemps-2.jpg\",\"et-pb-image--responsive--phone\":\"https:\\\/\\\/www.vignevin.com\\\/wp-content\\\/uploads\\\/2019\\\/02\\\/D\u00e9g\u00e2ts-dacariose-printemps-2.jpg\",\"gform-image-choice-sm\":\"https:\\\/\\\/www.vignevin.com\\\/wp-content\\\/uploads\\\/2019\\\/02\\\/D\u00e9g\u00e2ts-dacariose-printemps-2.jpg\",\"gform-image-choice-md\":\"https:\\\/\\\/www.vignevin.com\\\/wp-content\\\/uploads\\\/2019\\\/02\\\/D\u00e9g\u00e2ts-dacariose-printemps-2.jpg\",\"gform-image-choice-lg\":\"https:\\\/\\\/www.vignevin.com\\\/wp-content\\\/uploads\\\/2019\\\/02\\\/D\u00e9g\u00e2ts-dacariose-printemps-2.jpg\",\"woocommerce_thumbnail\":\"https:\\\/\\\/www.vignevin.com\\\/wp-content\\\/uploads\\\/2019\\\/02\\\/D\u00e9g\u00e2ts-dacariose-printemps-2-300x300.jpg\",\"woocommerce_single\":\"https:\\\/\\\/www.vignevin.com\\\/wp-content\\\/uploads\\\/2019\\\/02\\\/D\u00e9g\u00e2ts-dacariose-printemps-2-600x450.jpg\",\"woocommerce_gallery_thumbnail\":\"https:\\\/\\\/www.vignevin.com\\\/wp-content\\\/uploads\\\/2019\\\/02\\\/D\u00e9g\u00e2ts-dacariose-printemps-2-100x100.jpg\",\"full\":\"https:\\\/\\\/www.vignevin.com\\\/wp-content\\\/uploads\\\/2019\\\/02\\\/D\u00e9g\u00e2ts-dacariose-printemps-2.jpg\",\"index\":5,\"id\":10042,\"video\":false,\"opts\":{\"caption\":\"\",\"thumb\":\"https:\\\/\\\/www.vignevin.com\\\/wp-content\\\/uploads\\\/2019\\\/02\\\/D\u00e9g\u00e2ts-dacariose-printemps-2-75x50_c.jpg\",\"title\":\"D&amp;eacute;g&amp;acirc;ts d&amp;amp;rsquo;acariose (printemps) (2)\"},\"gallery_id\":17408,\"gallery_title\":\"Grapevines Pests\"},\"10043\":{\"status\":\"active\",\"src\":\"https:\\\/\\\/www.vignevin.com\\\/wp-content\\\/uploads\\\/2019\\\/02\\\/D\u00e9g\u00e2ts-dacariose-printemps.jpg\",\"title\":\"D&amp;eacute;g&amp;acirc;ts d&amp;amp;rsquo;acariose (printemps)\",\"link\":\"https:\\\/\\\/www.vignevin.com\\\/wp-content\\\/uploads\\\/2019\\\/02\\\/D\u00e9g\u00e2ts-dacariose-printemps.jpg\",\"alt\":\"\",\"caption\":false,\"thumb\":\"https:\\\/\\\/www.vignevin.com\\\/wp-content\\\/uploads\\\/2019\\\/02\\\/D\u00e9g\u00e2ts-dacariose-printemps-75x50_c.jpg\",\"meta\":{\"aperture\":null,\"credit\":null,\"camera\":null,\"caption\":\"\",\"created_timestamp\":null,\"copyright\":null,\"focal_length\":null,\"iso\":null,\"shutter_speed\":null,\"title\":\"\",\"orientation\":null,\"keywords\":null},\"thumbnail\":\"https:\\\/\\\/www.vignevin.com\\\/wp-content\\\/uploads\\\/2019\\\/02\\\/D\u00e9g\u00e2ts-dacariose-printemps-150x150.jpg\",\"medium\":\"https:\\\/\\\/www.vignevin.com\\\/wp-content\\\/uploads\\\/2019\\\/02\\\/D\u00e9g\u00e2ts-dacariose-printemps-300x100.jpg\",\"medium_large\":\"https:\\\/\\\/www.vignevin.com\\\/wp-content\\\/uploads\\\/2019\\\/02\\\/D\u00e9g\u00e2ts-dacariose-printemps-768x255.jpg\",\"large\":\"https:\\\/\\\/www.vignevin.com\\\/wp-content\\\/uploads\\\/2019\\\/02\\\/D\u00e9g\u00e2ts-dacariose-printemps.jpg\",\"1536x1536\":\"https:\\\/\\\/www.vignevin.com\\\/wp-content\\\/uploads\\\/2019\\\/02\\\/D\u00e9g\u00e2ts-dacariose-printemps.jpg\",\"2048x2048\":\"https:\\\/\\\/www.vignevin.com\\\/wp-content\\\/uploads\\\/2019\\\/02\\\/D\u00e9g\u00e2ts-dacariose-printemps.jpg\",\"et-pb-post-main-image\":\"https:\\\/\\\/www.vignevin.com\\\/wp-content\\\/uploads\\\/2019\\\/02\\\/D\u00e9g\u00e2ts-dacariose-printemps-400x250.jpg\",\"et-pb-post-main-image-fullwidth\":\"https:\\\/\\\/www.vignevin.com\\\/wp-content\\\/uploads\\\/2019\\\/02\\\/D\u00e9g\u00e2ts-dacariose-printemps.jpg\",\"et-pb-portfolio-image\":\"https:\\\/\\\/www.vignevin.com\\\/wp-content\\\/uploads\\\/2019\\\/02\\\/D\u00e9g\u00e2ts-dacariose-printemps-400x259.jpg\",\"et-pb-portfolio-module-image\":\"https:\\\/\\\/www.vignevin.com\\\/wp-content\\\/uploads\\\/2019\\\/02\\\/D\u00e9g\u00e2ts-dacariose-printemps-510x259.jpg\",\"et-pb-portfolio-image-single\":\"https:\\\/\\\/www.vignevin.com\\\/wp-content\\\/uploads\\\/2019\\\/02\\\/D\u00e9g\u00e2ts-dacariose-printemps.jpg\",\"et-pb-gallery-module-image-portrait\":\"https:\\\/\\\/www.vignevin.com\\\/wp-content\\\/uploads\\\/2019\\\/02\\\/D\u00e9g\u00e2ts-dacariose-printemps-400x259.jpg\",\"et-pb-post-main-image-fullwidth-large\":\"https:\\\/\\\/www.vignevin.com\\\/wp-content\\\/uploads\\\/2019\\\/02\\\/D\u00e9g\u00e2ts-dacariose-printemps.jpg\",\"et-pb-image--responsive--desktop\":\"https:\\\/\\\/www.vignevin.com\\\/wp-content\\\/uploads\\\/2019\\\/02\\\/D\u00e9g\u00e2ts-dacariose-printemps.jpg\",\"et-pb-image--responsive--tablet\":\"https:\\\/\\\/www.vignevin.com\\\/wp-content\\\/uploads\\\/2019\\\/02\\\/D\u00e9g\u00e2ts-dacariose-printemps.jpg\",\"et-pb-image--responsive--phone\":\"https:\\\/\\\/www.vignevin.com\\\/wp-content\\\/uploads\\\/2019\\\/02\\\/D\u00e9g\u00e2ts-dacariose-printemps.jpg\",\"gform-image-choice-sm\":\"https:\\\/\\\/www.vignevin.com\\\/wp-content\\\/uploads\\\/2019\\\/02\\\/D\u00e9g\u00e2ts-dacariose-printemps.jpg\",\"gform-image-choice-md\":\"https:\\\/\\\/www.vignevin.com\\\/wp-content\\\/uploads\\\/2019\\\/02\\\/D\u00e9g\u00e2ts-dacariose-printemps.jpg\",\"gform-image-choice-lg\":\"https:\\\/\\\/www.vignevin.com\\\/wp-content\\\/uploads\\\/2019\\\/02\\\/D\u00e9g\u00e2ts-dacariose-printemps.jpg\",\"woocommerce_thumbnail\":\"https:\\\/\\\/www.vignevin.com\\\/wp-content\\\/uploads\\\/2019\\\/02\\\/D\u00e9g\u00e2ts-dacariose-printemps-300x259.jpg\",\"woocommerce_single\":\"https:\\\/\\\/www.vignevin.com\\\/wp-content\\\/uploads\\\/2019\\\/02\\\/D\u00e9g\u00e2ts-dacariose-printemps-600x199.jpg\",\"woocommerce_gallery_thumbnail\":\"https:\\\/\\\/www.vignevin.com\\\/wp-content\\\/uploads\\\/2019\\\/02\\\/D\u00e9g\u00e2ts-dacariose-printemps-100x100.jpg\",\"full\":\"https:\\\/\\\/www.vignevin.com\\\/wp-content\\\/uploads\\\/2019\\\/02\\\/D\u00e9g\u00e2ts-dacariose-printemps.jpg\",\"index\":6,\"id\":10043,\"video\":false,\"opts\":{\"caption\":\"\",\"thumb\":\"https:\\\/\\\/www.vignevin.com\\\/wp-content\\\/uploads\\\/2019\\\/02\\\/D\u00e9g\u00e2ts-dacariose-printemps-75x50_c.jpg\",\"title\":\"D&amp;eacute;g&amp;acirc;ts d&amp;amp;rsquo;acariose (printemps)\"},\"gallery_id\":17408,\"gallery_title\":\"Grapevines Pests\"},\"10044\":{\"status\":\"active\",\"src\":\"https:\\\/\\\/www.vignevin.com\\\/wp-content\\\/uploads\\\/2019\\\/02\\\/D\u00e9g\u00e2ts-de-cicadelle-bubale.jpg\",\"title\":\"OLYMPUS DIGITAL CAMERA\",\"link\":\"https:\\\/\\\/www.vignevin.com\\\/wp-content\\\/uploads\\\/2019\\\/02\\\/D\u00e9g\u00e2ts-de-cicadelle-bubale.jpg\",\"alt\":\"\",\"caption\":\"OLYMPUS DIGITAL CAMERA\",\"thumb\":\"https:\\\/\\\/www.vignevin.com\\\/wp-content\\\/uploads\\\/2019\\\/02\\\/D\u00e9g\u00e2ts-de-cicadelle-bubale-75x50_c.jpg\",\"meta\":{\"aperture\":\"2.8\",\"credit\":null,\"camera\":\"C-5000Z\",\"caption\":\"OLYMPUS DIGITAL CAMERA\",\"created_timestamp\":\"1189514306\",\"copyright\":null,\"focal_length\":\"7.8\",\"iso\":\"80\",\"shutter_speed\":\"0.016666666666667\",\"title\":\"OLYMPUS DIGITAL CAMERA\",\"orientation\":\"1\",\"keywords\":null},\"thumbnail\":\"https:\\\/\\\/www.vignevin.com\\\/wp-content\\\/uploads\\\/2019\\\/02\\\/D\u00e9g\u00e2ts-de-cicadelle-bubale-150x150.jpg\",\"medium\":\"https:\\\/\\\/www.vignevin.com\\\/wp-content\\\/uploads\\\/2019\\\/02\\\/D\u00e9g\u00e2ts-de-cicadelle-bubale-225x300.jpg\",\"medium_large\":\"https:\\\/\\\/www.vignevin.com\\\/wp-content\\\/uploads\\\/2019\\\/02\\\/D\u00e9g\u00e2ts-de-cicadelle-bubale-768x1024.jpg\",\"large\":\"https:\\\/\\\/www.vignevin.com\\\/wp-content\\\/uploads\\\/2019\\\/02\\\/D\u00e9g\u00e2ts-de-cicadelle-bubale-768x1024.jpg\",\"1536x1536\":\"https:\\\/\\\/www.vignevin.com\\\/wp-content\\\/uploads\\\/2019\\\/02\\\/D\u00e9g\u00e2ts-de-cicadelle-bubale.jpg\",\"2048x2048\":\"https:\\\/\\\/www.vignevin.com\\\/wp-content\\\/uploads\\\/2019\\\/02\\\/D\u00e9g\u00e2ts-de-cicadelle-bubale.jpg\",\"et-pb-post-main-image\":\"https:\\\/\\\/www.vignevin.com\\\/wp-content\\\/uploads\\\/2019\\\/02\\\/D\u00e9g\u00e2ts-de-cicadelle-bubale-400x250.jpg\",\"et-pb-post-main-image-fullwidth\":\"https:\\\/\\\/www.vignevin.com\\\/wp-content\\\/uploads\\\/2019\\\/02\\\/D\u00e9g\u00e2ts-de-cicadelle-bubale-1080x675.jpg\",\"et-pb-portfolio-image\":\"https:\\\/\\\/www.vignevin.com\\\/wp-content\\\/uploads\\\/2019\\\/02\\\/D\u00e9g\u00e2ts-de-cicadelle-bubale-400x284.jpg\",\"et-pb-portfolio-module-image\":\"https:\\\/\\\/www.vignevin.com\\\/wp-content\\\/uploads\\\/2019\\\/02\\\/D\u00e9g\u00e2ts-de-cicadelle-bubale-510x382.jpg\",\"et-pb-portfolio-image-single\":\"https:\\\/\\\/www.vignevin.com\\\/wp-content\\\/uploads\\\/2019\\\/02\\\/D\u00e9g\u00e2ts-de-cicadelle-bubale-1080x1440.jpg\",\"et-pb-gallery-module-image-portrait\":\"https:\\\/\\\/www.vignevin.com\\\/wp-content\\\/uploads\\\/2019\\\/02\\\/D\u00e9g\u00e2ts-de-cicadelle-bubale-400x516.jpg\",\"et-pb-post-main-image-fullwidth-large\":\"https:\\\/\\\/www.vignevin.com\\\/wp-content\\\/uploads\\\/2019\\\/02\\\/D\u00e9g\u00e2ts-de-cicadelle-bubale.jpg\",\"et-pb-image--responsive--desktop\":\"https:\\\/\\\/www.vignevin.com\\\/wp-content\\\/uploads\\\/2019\\\/02\\\/D\u00e9g\u00e2ts-de-cicadelle-bubale.jpg\",\"et-pb-image--responsive--tablet\":\"https:\\\/\\\/www.vignevin.com\\\/wp-content\\\/uploads\\\/2019\\\/02\\\/D\u00e9g\u00e2ts-de-cicadelle-bubale.jpg\",\"et-pb-image--responsive--phone\":\"https:\\\/\\\/www.vignevin.com\\\/wp-content\\\/uploads\\\/2019\\\/02\\\/D\u00e9g\u00e2ts-de-cicadelle-bubale.jpg\",\"gform-image-choice-sm\":\"https:\\\/\\\/www.vignevin.com\\\/wp-content\\\/uploads\\\/2019\\\/02\\\/D\u00e9g\u00e2ts-de-cicadelle-bubale.jpg\",\"gform-image-choice-md\":\"https:\\\/\\\/www.vignevin.com\\\/wp-content\\\/uploads\\\/2019\\\/02\\\/D\u00e9g\u00e2ts-de-cicadelle-bubale.jpg\",\"gform-image-choice-lg\":\"https:\\\/\\\/www.vignevin.com\\\/wp-content\\\/uploads\\\/2019\\\/02\\\/D\u00e9g\u00e2ts-de-cicadelle-bubale.jpg\",\"woocommerce_thumbnail\":\"https:\\\/\\\/www.vignevin.com\\\/wp-content\\\/uploads\\\/2019\\\/02\\\/D\u00e9g\u00e2ts-de-cicadelle-bubale-300x300.jpg\",\"woocommerce_single\":\"https:\\\/\\\/www.vignevin.com\\\/wp-content\\\/uploads\\\/2019\\\/02\\\/D\u00e9g\u00e2ts-de-cicadelle-bubale-600x800.jpg\",\"woocommerce_gallery_thumbnail\":\"https:\\\/\\\/www.vignevin.com\\\/wp-content\\\/uploads\\\/2019\\\/02\\\/D\u00e9g\u00e2ts-de-cicadelle-bubale-100x100.jpg\",\"full\":\"https:\\\/\\\/www.vignevin.com\\\/wp-content\\\/uploads\\\/2019\\\/02\\\/D\u00e9g\u00e2ts-de-cicadelle-bubale.jpg\",\"index\":7,\"id\":10044,\"video\":false,\"opts\":{\"caption\":\"OLYMPUS DIGITAL CAMERA\",\"thumb\":\"https:\\\/\\\/www.vignevin.com\\\/wp-content\\\/uploads\\\/2019\\\/02\\\/D\u00e9g\u00e2ts-de-cicadelle-bubale-75x50_c.jpg\",\"title\":\"OLYMPUS DIGITAL CAMERA\"},\"gallery_id\":17408,\"gallery_title\":\"Grapevines Pests\"},\"10045\":{\"status\":\"active\",\"src\":\"https:\\\/\\\/www.vignevin.com\\\/wp-content\\\/uploads\\\/2019\\\/02\\\/D\u00e9g\u00e2ts-de-cicadelles-vertes-sur-le-feuillage-2.jpg\",\"title\":\"D&amp;eacute;g&amp;acirc;ts de cicadelles vertes sur le feuillage (2)\",\"link\":\"https:\\\/\\\/www.vignevin.com\\\/wp-content\\\/uploads\\\/2019\\\/02\\\/D\u00e9g\u00e2ts-de-cicadelles-vertes-sur-le-feuillage-2.jpg\",\"alt\":\"\",\"caption\":false,\"thumb\":\"https:\\\/\\\/www.vignevin.com\\\/wp-content\\\/uploads\\\/2019\\\/02\\\/D\u00e9g\u00e2ts-de-cicadelles-vertes-sur-le-feuillage-2-75x50_c.jpg\",\"meta\":{\"aperture\":\"3.3\",\"credit\":null,\"camera\":\"DMC-TZ10\",\"caption\":\"\",\"created_timestamp\":\"1412608050\",\"copyright\":null,\"focal_length\":\"4.1\",\"iso\":\"80\",\"shutter_speed\":\"0.02\",\"title\":\"\",\"orientation\":\"1\",\"keywords\":null},\"thumbnail\":\"https:\\\/\\\/www.vignevin.com\\\/wp-content\\\/uploads\\\/2019\\\/02\\\/D\u00e9g\u00e2ts-de-cicadelles-vertes-sur-le-feuillage-2-150x150.jpg\",\"medium\":\"https:\\\/\\\/www.vignevin.com\\\/wp-content\\\/uploads\\\/2019\\\/02\\\/D\u00e9g\u00e2ts-de-cicadelles-vertes-sur-le-feuillage-2-225x300.jpg\",\"medium_large\":\"https:\\\/\\\/www.vignevin.com\\\/wp-content\\\/uploads\\\/2019\\\/02\\\/D\u00e9g\u00e2ts-de-cicadelles-vertes-sur-le-feuillage-2-768x1024.jpg\",\"large\":\"https:\\\/\\\/www.vignevin.com\\\/wp-content\\\/uploads\\\/2019\\\/02\\\/D\u00e9g\u00e2ts-de-cicadelles-vertes-sur-le-feuillage-2-768x1024.jpg\",\"1536x1536\":\"https:\\\/\\\/www.vignevin.com\\\/wp-content\\\/uploads\\\/2019\\\/02\\\/D\u00e9g\u00e2ts-de-cicadelles-vertes-sur-le-feuillage-2.jpg\",\"2048x2048\":\"https:\\\/\\\/www.vignevin.com\\\/wp-content\\\/uploads\\\/2019\\\/02\\\/D\u00e9g\u00e2ts-de-cicadelles-vertes-sur-le-feuillage-2.jpg\",\"et-pb-post-main-image\":\"https:\\\/\\\/www.vignevin.com\\\/wp-content\\\/uploads\\\/2019\\\/02\\\/D\u00e9g\u00e2ts-de-cicadelles-vertes-sur-le-feuillage-2-400x250.jpg\",\"et-pb-post-main-image-fullwidth\":\"https:\\\/\\\/www.vignevin.com\\\/wp-content\\\/uploads\\\/2019\\\/02\\\/D\u00e9g\u00e2ts-de-cicadelles-vertes-sur-le-feuillage-2-1080x675.jpg\",\"et-pb-portfolio-image\":\"https:\\\/\\\/www.vignevin.com\\\/wp-content\\\/uploads\\\/2019\\\/02\\\/D\u00e9g\u00e2ts-de-cicadelles-vertes-sur-le-feuillage-2-400x284.jpg\",\"et-pb-portfolio-module-image\":\"https:\\\/\\\/www.vignevin.com\\\/wp-content\\\/uploads\\\/2019\\\/02\\\/D\u00e9g\u00e2ts-de-cicadelles-vertes-sur-le-feuillage-2-510x382.jpg\",\"et-pb-portfolio-image-single\":\"https:\\\/\\\/www.vignevin.com\\\/wp-content\\\/uploads\\\/2019\\\/02\\\/D\u00e9g\u00e2ts-de-cicadelles-vertes-sur-le-feuillage-2-1080x1440.jpg\",\"et-pb-gallery-module-image-portrait\":\"https:\\\/\\\/www.vignevin.com\\\/wp-content\\\/uploads\\\/2019\\\/02\\\/D\u00e9g\u00e2ts-de-cicadelles-vertes-sur-le-feuillage-2-400x516.jpg\",\"et-pb-post-main-image-fullwidth-large\":\"https:\\\/\\\/www.vignevin.com\\\/wp-content\\\/uploads\\\/2019\\\/02\\\/D\u00e9g\u00e2ts-de-cicadelles-vertes-sur-le-feuillage-2-1920x1800.jpg\",\"et-pb-image--responsive--desktop\":\"https:\\\/\\\/www.vignevin.com\\\/wp-content\\\/uploads\\\/2019\\\/02\\\/D\u00e9g\u00e2ts-de-cicadelles-vertes-sur-le-feuillage-2.jpg\",\"et-pb-image--responsive--tablet\":\"https:\\\/\\\/www.vignevin.com\\\/wp-content\\\/uploads\\\/2019\\\/02\\\/D\u00e9g\u00e2ts-de-cicadelles-vertes-sur-le-feuillage-2.jpg\",\"et-pb-image--responsive--phone\":\"https:\\\/\\\/www.vignevin.com\\\/wp-content\\\/uploads\\\/2019\\\/02\\\/D\u00e9g\u00e2ts-de-cicadelles-vertes-sur-le-feuillage-2.jpg\",\"gform-image-choice-sm\":\"https:\\\/\\\/www.vignevin.com\\\/wp-content\\\/uploads\\\/2019\\\/02\\\/D\u00e9g\u00e2ts-de-cicadelles-vertes-sur-le-feuillage-2.jpg\",\"gform-image-choice-md\":\"https:\\\/\\\/www.vignevin.com\\\/wp-content\\\/uploads\\\/2019\\\/02\\\/D\u00e9g\u00e2ts-de-cicadelles-vertes-sur-le-feuillage-2.jpg\",\"gform-image-choice-lg\":\"https:\\\/\\\/www.vignevin.com\\\/wp-content\\\/uploads\\\/2019\\\/02\\\/D\u00e9g\u00e2ts-de-cicadelles-vertes-sur-le-feuillage-2.jpg\",\"woocommerce_thumbnail\":\"https:\\\/\\\/www.vignevin.com\\\/wp-content\\\/uploads\\\/2019\\\/02\\\/D\u00e9g\u00e2ts-de-cicadelles-vertes-sur-le-feuillage-2-300x300.jpg\",\"woocommerce_single\":\"https:\\\/\\\/www.vignevin.com\\\/wp-content\\\/uploads\\\/2019\\\/02\\\/D\u00e9g\u00e2ts-de-cicadelles-vertes-sur-le-feuillage-2-600x800.jpg\",\"woocommerce_gallery_thumbnail\":\"https:\\\/\\\/www.vignevin.com\\\/wp-content\\\/uploads\\\/2019\\\/02\\\/D\u00e9g\u00e2ts-de-cicadelles-vertes-sur-le-feuillage-2-100x100.jpg\",\"full\":\"https:\\\/\\\/www.vignevin.com\\\/wp-content\\\/uploads\\\/2019\\\/02\\\/D\u00e9g\u00e2ts-de-cicadelles-vertes-sur-le-feuillage-2.jpg\",\"index\":8,\"id\":10045,\"video\":false,\"opts\":{\"caption\":\"\",\"thumb\":\"https:\\\/\\\/www.vignevin.com\\\/wp-content\\\/uploads\\\/2019\\\/02\\\/D\u00e9g\u00e2ts-de-cicadelles-vertes-sur-le-feuillage-2-75x50_c.jpg\",\"title\":\"D&amp;eacute;g&amp;acirc;ts de cicadelles vertes sur le feuillage (2)\"},\"gallery_id\":17408,\"gallery_title\":\"Grapevines Pests\"},\"10046\":{\"status\":\"active\",\"src\":\"https:\\\/\\\/www.vignevin.com\\\/wp-content\\\/uploads\\\/2019\\\/02\\\/D\u00e9g\u00e2ts-de-cicadelles-vertes-sur-le-feuillage.jpg\",\"title\":\"D&amp;eacute;g&amp;acirc;ts de cicadelles vertes sur le feuillage\",\"link\":\"https:\\\/\\\/www.vignevin.com\\\/wp-content\\\/uploads\\\/2019\\\/02\\\/D\u00e9g\u00e2ts-de-cicadelles-vertes-sur-le-feuillage.jpg\",\"alt\":\"\",\"caption\":false,\"thumb\":\"https:\\\/\\\/www.vignevin.com\\\/wp-content\\\/uploads\\\/2019\\\/02\\\/D\u00e9g\u00e2ts-de-cicadelles-vertes-sur-le-feuillage-75x50_c.jpg\",\"meta\":{\"aperture\":\"3.3\",\"credit\":null,\"camera\":\"DMC-TZ10\",\"caption\":\"\",\"created_timestamp\":\"1378473302\",\"copyright\":null,\"focal_length\":\"4.1\",\"iso\":\"80\",\"shutter_speed\":\"0.016666666666667\",\"title\":\"\",\"orientation\":\"1\",\"keywords\":null},\"thumbnail\":\"https:\\\/\\\/www.vignevin.com\\\/wp-content\\\/uploads\\\/2019\\\/02\\\/D\u00e9g\u00e2ts-de-cicadelles-vertes-sur-le-feuillage-150x150.jpg\",\"medium\":\"https:\\\/\\\/www.vignevin.com\\\/wp-content\\\/uploads\\\/2019\\\/02\\\/D\u00e9g\u00e2ts-de-cicadelles-vertes-sur-le-feuillage-225x300.jpg\",\"medium_large\":\"https:\\\/\\\/www.vignevin.com\\\/wp-content\\\/uploads\\\/2019\\\/02\\\/D\u00e9g\u00e2ts-de-cicadelles-vertes-sur-le-feuillage-768x1024.jpg\",\"large\":\"https:\\\/\\\/www.vignevin.com\\\/wp-content\\\/uploads\\\/2019\\\/02\\\/D\u00e9g\u00e2ts-de-cicadelles-vertes-sur-le-feuillage-768x1024.jpg\",\"1536x1536\":\"https:\\\/\\\/www.vignevin.com\\\/wp-content\\\/uploads\\\/2019\\\/02\\\/D\u00e9g\u00e2ts-de-cicadelles-vertes-sur-le-feuillage.jpg\",\"2048x2048\":\"https:\\\/\\\/www.vignevin.com\\\/wp-content\\\/uploads\\\/2019\\\/02\\\/D\u00e9g\u00e2ts-de-cicadelles-vertes-sur-le-feuillage.jpg\",\"et-pb-post-main-image\":\"https:\\\/\\\/www.vignevin.com\\\/wp-content\\\/uploads\\\/2019\\\/02\\\/D\u00e9g\u00e2ts-de-cicadelles-vertes-sur-le-feuillage-400x250.jpg\",\"et-pb-post-main-image-fullwidth\":\"https:\\\/\\\/www.vignevin.com\\\/wp-content\\\/uploads\\\/2019\\\/02\\\/D\u00e9g\u00e2ts-de-cicadelles-vertes-sur-le-feuillage-1080x675.jpg\",\"et-pb-portfolio-image\":\"https:\\\/\\\/www.vignevin.com\\\/wp-content\\\/uploads\\\/2019\\\/02\\\/D\u00e9g\u00e2ts-de-cicadelles-vertes-sur-le-feuillage-400x284.jpg\",\"et-pb-portfolio-module-image\":\"https:\\\/\\\/www.vignevin.com\\\/wp-content\\\/uploads\\\/2019\\\/02\\\/D\u00e9g\u00e2ts-de-cicadelles-vertes-sur-le-feuillage-510x382.jpg\",\"et-pb-portfolio-image-single\":\"https:\\\/\\\/www.vignevin.com\\\/wp-content\\\/uploads\\\/2019\\\/02\\\/D\u00e9g\u00e2ts-de-cicadelles-vertes-sur-le-feuillage-1080x1440.jpg\",\"et-pb-gallery-module-image-portrait\":\"https:\\\/\\\/www.vignevin.com\\\/wp-content\\\/uploads\\\/2019\\\/02\\\/D\u00e9g\u00e2ts-de-cicadelles-vertes-sur-le-feuillage-400x516.jpg\",\"et-pb-post-main-image-fullwidth-large\":\"https:\\\/\\\/www.vignevin.com\\\/wp-content\\\/uploads\\\/2019\\\/02\\\/D\u00e9g\u00e2ts-de-cicadelles-vertes-sur-le-feuillage-1920x1800.jpg\",\"et-pb-image--responsive--desktop\":\"https:\\\/\\\/www.vignevin.com\\\/wp-content\\\/uploads\\\/2019\\\/02\\\/D\u00e9g\u00e2ts-de-cicadelles-vertes-sur-le-feuillage.jpg\",\"et-pb-image--responsive--tablet\":\"https:\\\/\\\/www.vignevin.com\\\/wp-content\\\/uploads\\\/2019\\\/02\\\/D\u00e9g\u00e2ts-de-cicadelles-vertes-sur-le-feuillage.jpg\",\"et-pb-image--responsive--phone\":\"https:\\\/\\\/www.vignevin.com\\\/wp-content\\\/uploads\\\/2019\\\/02\\\/D\u00e9g\u00e2ts-de-cicadelles-vertes-sur-le-feuillage.jpg\",\"gform-image-choice-sm\":\"https:\\\/\\\/www.vignevin.com\\\/wp-content\\\/uploads\\\/2019\\\/02\\\/D\u00e9g\u00e2ts-de-cicadelles-vertes-sur-le-feuillage.jpg\",\"gform-image-choice-md\":\"https:\\\/\\\/www.vignevin.com\\\/wp-content\\\/uploads\\\/2019\\\/02\\\/D\u00e9g\u00e2ts-de-cicadelles-vertes-sur-le-feuillage.jpg\",\"gform-image-choice-lg\":\"https:\\\/\\\/www.vignevin.com\\\/wp-content\\\/uploads\\\/2019\\\/02\\\/D\u00e9g\u00e2ts-de-cicadelles-vertes-sur-le-feuillage.jpg\",\"woocommerce_thumbnail\":\"https:\\\/\\\/www.vignevin.com\\\/wp-content\\\/uploads\\\/2019\\\/02\\\/D\u00e9g\u00e2ts-de-cicadelles-vertes-sur-le-feuillage-300x300.jpg\",\"woocommerce_single\":\"https:\\\/\\\/www.vignevin.com\\\/wp-content\\\/uploads\\\/2019\\\/02\\\/D\u00e9g\u00e2ts-de-cicadelles-vertes-sur-le-feuillage-600x800.jpg\",\"woocommerce_gallery_thumbnail\":\"https:\\\/\\\/www.vignevin.com\\\/wp-content\\\/uploads\\\/2019\\\/02\\\/D\u00e9g\u00e2ts-de-cicadelles-vertes-sur-le-feuillage-100x100.jpg\",\"full\":\"https:\\\/\\\/www.vignevin.com\\\/wp-content\\\/uploads\\\/2019\\\/02\\\/D\u00e9g\u00e2ts-de-cicadelles-vertes-sur-le-feuillage.jpg\",\"index\":9,\"id\":10046,\"video\":false,\"opts\":{\"caption\":\"\",\"thumb\":\"https:\\\/\\\/www.vignevin.com\\\/wp-content\\\/uploads\\\/2019\\\/02\\\/D\u00e9g\u00e2ts-de-cicadelles-vertes-sur-le-feuillage-75x50_c.jpg\",\"title\":\"D&amp;eacute;g&amp;acirc;ts de cicadelles vertes sur le feuillage\"},\"gallery_id\":17408,\"gallery_title\":\"Grapevines Pests\"},\"10047\":{\"status\":\"active\",\"src\":\"https:\\\/\\\/www.vignevin.com\\\/wp-content\\\/uploads\\\/2019\\\/02\\\/Diff\u00e9rents-stades-larvaires-de-Parthenolecanium-corni-scaled.jpg\",\"title\":\"Diff&amp;eacute;rents stades larvaires de Parthenolecanium corni\",\"link\":\"https:\\\/\\\/www.vignevin.com\\\/wp-content\\\/uploads\\\/2019\\\/02\\\/Diff\u00e9rents-stades-larvaires-de-Parthenolecanium-corni.jpg\",\"alt\":\"\",\"caption\":false,\"thumb\":\"https:\\\/\\\/www.vignevin.com\\\/wp-content\\\/uploads\\\/2019\\\/02\\\/Diff\u00e9rents-stades-larvaires-de-Parthenolecanium-corni-scaled-75x50_c.jpg\",\"meta\":{\"aperture\":\"3.5\",\"credit\":null,\"camera\":\"FinePix S5700 S700\",\"caption\":\"\",\"created_timestamp\":null,\"copyright\":null,\"focal_length\":\"3.9\",\"iso\":\"100\",\"shutter_speed\":\"0.0083333333333333\",\"title\":\"\",\"orientation\":\"1\",\"keywords\":null},\"thumbnail\":\"https:\\\/\\\/www.vignevin.com\\\/wp-content\\\/uploads\\\/2019\\\/02\\\/Diff\u00e9rents-stades-larvaires-de-Parthenolecanium-corni-150x150.jpg\",\"medium\":\"https:\\\/\\\/www.vignevin.com\\\/wp-content\\\/uploads\\\/2019\\\/02\\\/Diff\u00e9rents-stades-larvaires-de-Parthenolecanium-corni-225x300.jpg\",\"medium_large\":\"https:\\\/\\\/www.vignevin.com\\\/wp-content\\\/uploads\\\/2019\\\/02\\\/Diff\u00e9rents-stades-larvaires-de-Parthenolecanium-corni-768x1024.jpg\",\"large\":\"https:\\\/\\\/www.vignevin.com\\\/wp-content\\\/uploads\\\/2019\\\/02\\\/Diff\u00e9rents-stades-larvaires-de-Parthenolecanium-corni-768x1024.jpg\",\"1536x1536\":\"https:\\\/\\\/www.vignevin.com\\\/wp-content\\\/uploads\\\/2019\\\/02\\\/Diff\u00e9rents-stades-larvaires-de-Parthenolecanium-corni-scaled.jpg\",\"2048x2048\":\"https:\\\/\\\/www.vignevin.com\\\/wp-content\\\/uploads\\\/2019\\\/02\\\/Diff\u00e9rents-stades-larvaires-de-Parthenolecanium-corni-scaled.jpg\",\"et-pb-post-main-image\":\"https:\\\/\\\/www.vignevin.com\\\/wp-content\\\/uploads\\\/2019\\\/02\\\/Diff\u00e9rents-stades-larvaires-de-Parthenolecanium-corni-400x250.jpg\",\"et-pb-post-main-image-fullwidth\":\"https:\\\/\\\/www.vignevin.com\\\/wp-content\\\/uploads\\\/2019\\\/02\\\/Diff\u00e9rents-stades-larvaires-de-Parthenolecanium-corni-1080x675.jpg\",\"et-pb-portfolio-image\":\"https:\\\/\\\/www.vignevin.com\\\/wp-content\\\/uploads\\\/2019\\\/02\\\/Diff\u00e9rents-stades-larvaires-de-Parthenolecanium-corni-400x284.jpg\",\"et-pb-portfolio-module-image\":\"https:\\\/\\\/www.vignevin.com\\\/wp-content\\\/uploads\\\/2019\\\/02\\\/Diff\u00e9rents-stades-larvaires-de-Parthenolecanium-corni-510x382.jpg\",\"et-pb-portfolio-image-single\":\"https:\\\/\\\/www.vignevin.com\\\/wp-content\\\/uploads\\\/2019\\\/02\\\/Diff\u00e9rents-stades-larvaires-de-Parthenolecanium-corni-1080x1440.jpg\",\"et-pb-gallery-module-image-portrait\":\"https:\\\/\\\/www.vignevin.com\\\/wp-content\\\/uploads\\\/2019\\\/02\\\/Diff\u00e9rents-stades-larvaires-de-Parthenolecanium-corni-400x516.jpg\",\"et-pb-post-main-image-fullwidth-large\":\"https:\\\/\\\/www.vignevin.com\\\/wp-content\\\/uploads\\\/2019\\\/02\\\/Diff\u00e9rents-stades-larvaires-de-Parthenolecanium-corni-2304x1800.jpg\",\"et-pb-image--responsive--desktop\":\"https:\\\/\\\/www.vignevin.com\\\/wp-content\\\/uploads\\\/2019\\\/02\\\/Diff\u00e9rents-stades-larvaires-de-Parthenolecanium-corni-scaled.jpg\",\"et-pb-image--responsive--tablet\":\"https:\\\/\\\/www.vignevin.com\\\/wp-content\\\/uploads\\\/2019\\\/02\\\/Diff\u00e9rents-stades-larvaires-de-Parthenolecanium-corni-scaled.jpg\",\"et-pb-image--responsive--phone\":\"https:\\\/\\\/www.vignevin.com\\\/wp-content\\\/uploads\\\/2019\\\/02\\\/Diff\u00e9rents-stades-larvaires-de-Parthenolecanium-corni-scaled.jpg\",\"gform-image-choice-sm\":\"https:\\\/\\\/www.vignevin.com\\\/wp-content\\\/uploads\\\/2019\\\/02\\\/Diff\u00e9rents-stades-larvaires-de-Parthenolecanium-corni-scaled.jpg\",\"gform-image-choice-md\":\"https:\\\/\\\/www.vignevin.com\\\/wp-content\\\/uploads\\\/2019\\\/02\\\/Diff\u00e9rents-stades-larvaires-de-Parthenolecanium-corni-scaled.jpg\",\"gform-image-choice-lg\":\"https:\\\/\\\/www.vignevin.com\\\/wp-content\\\/uploads\\\/2019\\\/02\\\/Diff\u00e9rents-stades-larvaires-de-Parthenolecanium-corni-scaled.jpg\",\"woocommerce_thumbnail\":\"https:\\\/\\\/www.vignevin.com\\\/wp-content\\\/uploads\\\/2019\\\/02\\\/Diff\u00e9rents-stades-larvaires-de-Parthenolecanium-corni-scaled-300x300.jpg\",\"woocommerce_single\":\"https:\\\/\\\/www.vignevin.com\\\/wp-content\\\/uploads\\\/2019\\\/02\\\/Diff\u00e9rents-stades-larvaires-de-Parthenolecanium-corni-scaled-600x800.jpg\",\"woocommerce_gallery_thumbnail\":\"https:\\\/\\\/www.vignevin.com\\\/wp-content\\\/uploads\\\/2019\\\/02\\\/Diff\u00e9rents-stades-larvaires-de-Parthenolecanium-corni-scaled-100x100.jpg\",\"full\":\"https:\\\/\\\/www.vignevin.com\\\/wp-content\\\/uploads\\\/2019\\\/02\\\/Diff\u00e9rents-stades-larvaires-de-Parthenolecanium-corni-scaled.jpg\",\"index\":10,\"id\":10047,\"video\":false,\"opts\":{\"caption\":\"\",\"thumb\":\"https:\\\/\\\/www.vignevin.com\\\/wp-content\\\/uploads\\\/2019\\\/02\\\/Diff\u00e9rents-stades-larvaires-de-Parthenolecanium-corni-scaled-75x50_c.jpg\",\"title\":\"Diff&amp;eacute;rents stades larvaires de Parthenolecanium corni\"},\"gallery_id\":17408,\"gallery_title\":\"Grapevines Pests\"},\"10048\":{\"status\":\"active\",\"src\":\"https:\\\/\\\/www.vignevin.com\\\/wp-content\\\/uploads\\\/2019\\\/02\\\/Galles-d\u00e9rinose-scaled.jpg\",\"title\":\"Galles d&amp;amp;rsquo;&amp;eacute;rinose\",\"link\":\"https:\\\/\\\/www.vignevin.com\\\/wp-content\\\/uploads\\\/2019\\\/02\\\/Galles-d\u00e9rinose.jpg\",\"alt\":\"\",\"caption\":false,\"thumb\":\"https:\\\/\\\/www.vignevin.com\\\/wp-content\\\/uploads\\\/2019\\\/02\\\/Galles-d\u00e9rinose-scaled-75x50_c.jpg\",\"meta\":{\"aperture\":\"3.3\",\"credit\":null,\"camera\":\"DMC-TZ10\",\"caption\":\"\",\"created_timestamp\":\"1463584915\",\"copyright\":null,\"focal_length\":\"4.1\",\"iso\":\"80\",\"shutter_speed\":\"0.0125\",\"title\":\"\",\"orientation\":\"1\",\"keywords\":null},\"thumbnail\":\"https:\\\/\\\/www.vignevin.com\\\/wp-content\\\/uploads\\\/2019\\\/02\\\/Galles-d\u00e9rinose-150x150.jpg\",\"medium\":\"https:\\\/\\\/www.vignevin.com\\\/wp-content\\\/uploads\\\/2019\\\/02\\\/Galles-d\u00e9rinose-225x300.jpg\",\"medium_large\":\"https:\\\/\\\/www.vignevin.com\\\/wp-content\\\/uploads\\\/2019\\\/02\\\/Galles-d\u00e9rinose-768x1024.jpg\",\"large\":\"https:\\\/\\\/www.vignevin.com\\\/wp-content\\\/uploads\\\/2019\\\/02\\\/Galles-d\u00e9rinose-768x1024.jpg\",\"1536x1536\":\"https:\\\/\\\/www.vignevin.com\\\/wp-content\\\/uploads\\\/2019\\\/02\\\/Galles-d\u00e9rinose-scaled.jpg\",\"2048x2048\":\"https:\\\/\\\/www.vignevin.com\\\/wp-content\\\/uploads\\\/2019\\\/02\\\/Galles-d\u00e9rinose-scaled.jpg\",\"et-pb-post-main-image\":\"https:\\\/\\\/www.vignevin.com\\\/wp-content\\\/uploads\\\/2019\\\/02\\\/Galles-d\u00e9rinose-400x250.jpg\",\"et-pb-post-main-image-fullwidth\":\"https:\\\/\\\/www.vignevin.com\\\/wp-content\\\/uploads\\\/2019\\\/02\\\/Galles-d\u00e9rinose-1080x675.jpg\",\"et-pb-portfolio-image\":\"https:\\\/\\\/www.vignevin.com\\\/wp-content\\\/uploads\\\/2019\\\/02\\\/Galles-d\u00e9rinose-400x284.jpg\",\"et-pb-portfolio-module-image\":\"https:\\\/\\\/www.vignevin.com\\\/wp-content\\\/uploads\\\/2019\\\/02\\\/Galles-d\u00e9rinose-510x382.jpg\",\"et-pb-portfolio-image-single\":\"https:\\\/\\\/www.vignevin.com\\\/wp-content\\\/uploads\\\/2019\\\/02\\\/Galles-d\u00e9rinose-1080x1440.jpg\",\"et-pb-gallery-module-image-portrait\":\"https:\\\/\\\/www.vignevin.com\\\/wp-content\\\/uploads\\\/2019\\\/02\\\/Galles-d\u00e9rinose-400x516.jpg\",\"et-pb-post-main-image-fullwidth-large\":\"https:\\\/\\\/www.vignevin.com\\\/wp-content\\\/uploads\\\/2019\\\/02\\\/Galles-d\u00e9rinose-2880x1800.jpg\",\"et-pb-image--responsive--desktop\":\"https:\\\/\\\/www.vignevin.com\\\/wp-content\\\/uploads\\\/2019\\\/02\\\/Galles-d\u00e9rinose-scaled.jpg\",\"et-pb-image--responsive--tablet\":\"https:\\\/\\\/www.vignevin.com\\\/wp-content\\\/uploads\\\/2019\\\/02\\\/Galles-d\u00e9rinose-scaled.jpg\",\"et-pb-image--responsive--phone\":\"https:\\\/\\\/www.vignevin.com\\\/wp-content\\\/uploads\\\/2019\\\/02\\\/Galles-d\u00e9rinose-scaled.jpg\",\"gform-image-choice-sm\":\"https:\\\/\\\/www.vignevin.com\\\/wp-content\\\/uploads\\\/2019\\\/02\\\/Galles-d\u00e9rinose-scaled.jpg\",\"gform-image-choice-md\":\"https:\\\/\\\/www.vignevin.com\\\/wp-content\\\/uploads\\\/2019\\\/02\\\/Galles-d\u00e9rinose-scaled.jpg\",\"gform-image-choice-lg\":\"https:\\\/\\\/www.vignevin.com\\\/wp-content\\\/uploads\\\/2019\\\/02\\\/Galles-d\u00e9rinose-scaled.jpg\",\"woocommerce_thumbnail\":\"https:\\\/\\\/www.vignevin.com\\\/wp-content\\\/uploads\\\/2019\\\/02\\\/Galles-d\u00e9rinose-scaled-300x300.jpg\",\"woocommerce_single\":\"https:\\\/\\\/www.vignevin.com\\\/wp-content\\\/uploads\\\/2019\\\/02\\\/Galles-d\u00e9rinose-scaled-600x800.jpg\",\"woocommerce_gallery_thumbnail\":\"https:\\\/\\\/www.vignevin.com\\\/wp-content\\\/uploads\\\/2019\\\/02\\\/Galles-d\u00e9rinose-scaled-100x100.jpg\",\"full\":\"https:\\\/\\\/www.vignevin.com\\\/wp-content\\\/uploads\\\/2019\\\/02\\\/Galles-d\u00e9rinose-scaled.jpg\",\"index\":11,\"id\":10048,\"video\":false,\"opts\":{\"caption\":\"\",\"thumb\":\"https:\\\/\\\/www.vignevin.com\\\/wp-content\\\/uploads\\\/2019\\\/02\\\/Galles-d\u00e9rinose-scaled-75x50_c.jpg\",\"title\":\"Galles d&amp;amp;rsquo;&amp;eacute;rinose\"},\"gallery_id\":17408,\"gallery_title\":\"Grapevines Pests\"},\"10049\":{\"status\":\"active\",\"src\":\"https:\\\/\\\/www.vignevin.com\\\/wp-content\\\/uploads\\\/2019\\\/02\\\/Heliococcus-bohemicus-sur-rameau-de-vigne-scaled.jpg\",\"title\":\"OLYMPUS DIGITAL CAMERA\",\"link\":\"https:\\\/\\\/www.vignevin.com\\\/wp-content\\\/uploads\\\/2019\\\/02\\\/Heliococcus-bohemicus-sur-rameau-de-vigne.jpg\",\"alt\":\"\",\"caption\":\"OLYMPUS DIGITAL CAMERA\",\"thumb\":\"https:\\\/\\\/www.vignevin.com\\\/wp-content\\\/uploads\\\/2019\\\/02\\\/Heliococcus-bohemicus-sur-rameau-de-vigne-scaled-75x50_c.jpg\",\"meta\":{\"aperture\":\"5.6\",\"credit\":null,\"camera\":\"E-300\",\"caption\":\"OLYMPUS DIGITAL CAMERA\",\"created_timestamp\":\"1272538149\",\"copyright\":null,\"focal_length\":\"25\",\"iso\":\"200\",\"shutter_speed\":\"0.016666666666667\",\"title\":\"OLYMPUS DIGITAL CAMERA\",\"orientation\":\"1\",\"keywords\":null},\"thumbnail\":\"https:\\\/\\\/www.vignevin.com\\\/wp-content\\\/uploads\\\/2019\\\/02\\\/Heliococcus-bohemicus-sur-rameau-de-vigne-150x150.jpg\",\"medium\":\"https:\\\/\\\/www.vignevin.com\\\/wp-content\\\/uploads\\\/2019\\\/02\\\/Heliococcus-bohemicus-sur-rameau-de-vigne-225x300.jpg\",\"medium_large\":\"https:\\\/\\\/www.vignevin.com\\\/wp-content\\\/uploads\\\/2019\\\/02\\\/Heliococcus-bohemicus-sur-rameau-de-vigne-768x1024.jpg\",\"large\":\"https:\\\/\\\/www.vignevin.com\\\/wp-content\\\/uploads\\\/2019\\\/02\\\/Heliococcus-bohemicus-sur-rameau-de-vigne-768x1024.jpg\",\"1536x1536\":\"https:\\\/\\\/www.vignevin.com\\\/wp-content\\\/uploads\\\/2019\\\/02\\\/Heliococcus-bohemicus-sur-rameau-de-vigne-scaled.jpg\",\"2048x2048\":\"https:\\\/\\\/www.vignevin.com\\\/wp-content\\\/uploads\\\/2019\\\/02\\\/Heliococcus-bohemicus-sur-rameau-de-vigne-scaled.jpg\",\"et-pb-post-main-image\":\"https:\\\/\\\/www.vignevin.com\\\/wp-content\\\/uploads\\\/2019\\\/02\\\/Heliococcus-bohemicus-sur-rameau-de-vigne-400x250.jpg\",\"et-pb-post-main-image-fullwidth\":\"https:\\\/\\\/www.vignevin.com\\\/wp-content\\\/uploads\\\/2019\\\/02\\\/Heliococcus-bohemicus-sur-rameau-de-vigne-1080x675.jpg\",\"et-pb-portfolio-image\":\"https:\\\/\\\/www.vignevin.com\\\/wp-content\\\/uploads\\\/2019\\\/02\\\/Heliococcus-bohemicus-sur-rameau-de-vigne-400x284.jpg\",\"et-pb-portfolio-module-image\":\"https:\\\/\\\/www.vignevin.com\\\/wp-content\\\/uploads\\\/2019\\\/02\\\/Heliococcus-bohemicus-sur-rameau-de-vigne-510x382.jpg\",\"et-pb-portfolio-image-single\":\"https:\\\/\\\/www.vignevin.com\\\/wp-content\\\/uploads\\\/2019\\\/02\\\/Heliococcus-bohemicus-sur-rameau-de-vigne-1080x1440.jpg\",\"et-pb-gallery-module-image-portrait\":\"https:\\\/\\\/www.vignevin.com\\\/wp-content\\\/uploads\\\/2019\\\/02\\\/Heliococcus-bohemicus-sur-rameau-de-vigne-400x516.jpg\",\"et-pb-post-main-image-fullwidth-large\":\"https:\\\/\\\/www.vignevin.com\\\/wp-content\\\/uploads\\\/2019\\\/02\\\/Heliococcus-bohemicus-sur-rameau-de-vigne-2448x1800.jpg\",\"et-pb-image--responsive--desktop\":\"https:\\\/\\\/www.vignevin.com\\\/wp-content\\\/uploads\\\/2019\\\/02\\\/Heliococcus-bohemicus-sur-rameau-de-vigne-scaled.jpg\",\"et-pb-image--responsive--tablet\":\"https:\\\/\\\/www.vignevin.com\\\/wp-content\\\/uploads\\\/2019\\\/02\\\/Heliococcus-bohemicus-sur-rameau-de-vigne-scaled.jpg\",\"et-pb-image--responsive--phone\":\"https:\\\/\\\/www.vignevin.com\\\/wp-content\\\/uploads\\\/2019\\\/02\\\/Heliococcus-bohemicus-sur-rameau-de-vigne-scaled.jpg\",\"gform-image-choice-sm\":\"https:\\\/\\\/www.vignevin.com\\\/wp-content\\\/uploads\\\/2019\\\/02\\\/Heliococcus-bohemicus-sur-rameau-de-vigne-scaled.jpg\",\"gform-image-choice-md\":\"https:\\\/\\\/www.vignevin.com\\\/wp-content\\\/uploads\\\/2019\\\/02\\\/Heliococcus-bohemicus-sur-rameau-de-vigne-scaled.jpg\",\"gform-image-choice-lg\":\"https:\\\/\\\/www.vignevin.com\\\/wp-content\\\/uploads\\\/2019\\\/02\\\/Heliococcus-bohemicus-sur-rameau-de-vigne-scaled.jpg\",\"woocommerce_thumbnail\":\"https:\\\/\\\/www.vignevin.com\\\/wp-content\\\/uploads\\\/2019\\\/02\\\/Heliococcus-bohemicus-sur-rameau-de-vigne-scaled-300x300.jpg\",\"woocommerce_single\":\"https:\\\/\\\/www.vignevin.com\\\/wp-content\\\/uploads\\\/2019\\\/02\\\/Heliococcus-bohemicus-sur-rameau-de-vigne-scaled-600x800.jpg\",\"woocommerce_gallery_thumbnail\":\"https:\\\/\\\/www.vignevin.com\\\/wp-content\\\/uploads\\\/2019\\\/02\\\/Heliococcus-bohemicus-sur-rameau-de-vigne-scaled-100x100.jpg\",\"full\":\"https:\\\/\\\/www.vignevin.com\\\/wp-content\\\/uploads\\\/2019\\\/02\\\/Heliococcus-bohemicus-sur-rameau-de-vigne-scaled.jpg\",\"index\":12,\"id\":10049,\"video\":false,\"opts\":{\"caption\":\"OLYMPUS DIGITAL CAMERA\",\"thumb\":\"https:\\\/\\\/www.vignevin.com\\\/wp-content\\\/uploads\\\/2019\\\/02\\\/Heliococcus-bohemicus-sur-rameau-de-vigne-scaled-75x50_c.jpg\",\"title\":\"OLYMPUS DIGITAL CAMERA\"},\"gallery_id\":17408,\"gallery_title\":\"Grapevines Pests\"},\"10050\":{\"status\":\"active\",\"src\":\"https:\\\/\\\/www.vignevin.com\\\/wp-content\\\/uploads\\\/2019\\\/02\\\/Parthenolecanium-corni-et-fourmis-sur-une-souche-au-printemps-scaled.jpg\",\"title\":\"Parthenolecanium corni et fourmis sur une souche au printemps\",\"link\":\"https:\\\/\\\/www.vignevin.com\\\/wp-content\\\/uploads\\\/2019\\\/02\\\/Parthenolecanium-corni-et-fourmis-sur-une-souche-au-printemps.jpg\",\"alt\":\"\",\"caption\":false,\"thumb\":\"https:\\\/\\\/www.vignevin.com\\\/wp-content\\\/uploads\\\/2019\\\/02\\\/Parthenolecanium-corni-et-fourmis-sur-une-souche-au-printemps-scaled-75x50_c.jpg\",\"meta\":{\"aperture\":\"4\",\"credit\":null,\"camera\":\"FinePix S5700 S700\",\"caption\":\"\",\"created_timestamp\":\"1448131194\",\"copyright\":null,\"focal_length\":\"23.6\",\"iso\":\"64\",\"shutter_speed\":\"0.0047619047619048\",\"title\":\"\",\"orientation\":\"1\",\"keywords\":null},\"thumbnail\":\"https:\\\/\\\/www.vignevin.com\\\/wp-content\\\/uploads\\\/2019\\\/02\\\/Parthenolecanium-corni-et-fourmis-sur-une-souche-au-printemps-150x150.jpg\",\"medium\":\"https:\\\/\\\/www.vignevin.com\\\/wp-content\\\/uploads\\\/2019\\\/02\\\/Parthenolecanium-corni-et-fourmis-sur-une-souche-au-printemps-300x225.jpg\",\"medium_large\":\"https:\\\/\\\/www.vignevin.com\\\/wp-content\\\/uploads\\\/2019\\\/02\\\/Parthenolecanium-corni-et-fourmis-sur-une-souche-au-printemps-768x576.jpg\",\"large\":\"https:\\\/\\\/www.vignevin.com\\\/wp-content\\\/uploads\\\/2019\\\/02\\\/Parthenolecanium-corni-et-fourmis-sur-une-souche-au-printemps-1024x768.jpg\",\"1536x1536\":\"https:\\\/\\\/www.vignevin.com\\\/wp-content\\\/uploads\\\/2019\\\/02\\\/Parthenolecanium-corni-et-fourmis-sur-une-souche-au-printemps-scaled.jpg\",\"2048x2048\":\"https:\\\/\\\/www.vignevin.com\\\/wp-content\\\/uploads\\\/2019\\\/02\\\/Parthenolecanium-corni-et-fourmis-sur-une-souche-au-printemps-scaled.jpg\",\"et-pb-post-main-image\":\"https:\\\/\\\/www.vignevin.com\\\/wp-content\\\/uploads\\\/2019\\\/02\\\/Parthenolecanium-corni-et-fourmis-sur-une-souche-au-printemps-400x250.jpg\",\"et-pb-post-main-image-fullwidth\":\"https:\\\/\\\/www.vignevin.com\\\/wp-content\\\/uploads\\\/2019\\\/02\\\/Parthenolecanium-corni-et-fourmis-sur-une-souche-au-printemps-1080x675.jpg\",\"et-pb-portfolio-image\":\"https:\\\/\\\/www.vignevin.com\\\/wp-content\\\/uploads\\\/2019\\\/02\\\/Parthenolecanium-corni-et-fourmis-sur-une-souche-au-printemps-400x284.jpg\",\"et-pb-portfolio-module-image\":\"https:\\\/\\\/www.vignevin.com\\\/wp-content\\\/uploads\\\/2019\\\/02\\\/Parthenolecanium-corni-et-fourmis-sur-une-souche-au-printemps-510x382.jpg\",\"et-pb-portfolio-image-single\":\"https:\\\/\\\/www.vignevin.com\\\/wp-content\\\/uploads\\\/2019\\\/02\\\/Parthenolecanium-corni-et-fourmis-sur-une-souche-au-printemps-1080x810.jpg\",\"et-pb-gallery-module-image-portrait\":\"https:\\\/\\\/www.vignevin.com\\\/wp-content\\\/uploads\\\/2019\\\/02\\\/Parthenolecanium-corni-et-fourmis-sur-une-souche-au-printemps-400x516.jpg\",\"et-pb-post-main-image-fullwidth-large\":\"https:\\\/\\\/www.vignevin.com\\\/wp-content\\\/uploads\\\/2019\\\/02\\\/Parthenolecanium-corni-et-fourmis-sur-une-souche-au-printemps-2880x1800.jpg\",\"et-pb-image--responsive--desktop\":\"https:\\\/\\\/www.vignevin.com\\\/wp-content\\\/uploads\\\/2019\\\/02\\\/Parthenolecanium-corni-et-fourmis-sur-une-souche-au-printemps-scaled.jpg\",\"et-pb-image--responsive--tablet\":\"https:\\\/\\\/www.vignevin.com\\\/wp-content\\\/uploads\\\/2019\\\/02\\\/Parthenolecanium-corni-et-fourmis-sur-une-souche-au-printemps-scaled.jpg\",\"et-pb-image--responsive--phone\":\"https:\\\/\\\/www.vignevin.com\\\/wp-content\\\/uploads\\\/2019\\\/02\\\/Parthenolecanium-corni-et-fourmis-sur-une-souche-au-printemps-scaled.jpg\",\"gform-image-choice-sm\":\"https:\\\/\\\/www.vignevin.com\\\/wp-content\\\/uploads\\\/2019\\\/02\\\/Parthenolecanium-corni-et-fourmis-sur-une-souche-au-printemps-scaled.jpg\",\"gform-image-choice-md\":\"https:\\\/\\\/www.vignevin.com\\\/wp-content\\\/uploads\\\/2019\\\/02\\\/Parthenolecanium-corni-et-fourmis-sur-une-souche-au-printemps-scaled.jpg\",\"gform-image-choice-lg\":\"https:\\\/\\\/www.vignevin.com\\\/wp-content\\\/uploads\\\/2019\\\/02\\\/Parthenolecanium-corni-et-fourmis-sur-une-souche-au-printemps-scaled.jpg\",\"woocommerce_thumbnail\":\"https:\\\/\\\/www.vignevin.com\\\/wp-content\\\/uploads\\\/2019\\\/02\\\/Parthenolecanium-corni-et-fourmis-sur-une-souche-au-printemps-scaled-300x300.jpg\",\"woocommerce_single\":\"https:\\\/\\\/www.vignevin.com\\\/wp-content\\\/uploads\\\/2019\\\/02\\\/Parthenolecanium-corni-et-fourmis-sur-une-souche-au-printemps-scaled-600x450.jpg\",\"woocommerce_gallery_thumbnail\":\"https:\\\/\\\/www.vignevin.com\\\/wp-content\\\/uploads\\\/2019\\\/02\\\/Parthenolecanium-corni-et-fourmis-sur-une-souche-au-printemps-scaled-100x100.jpg\",\"full\":\"https:\\\/\\\/www.vignevin.com\\\/wp-content\\\/uploads\\\/2019\\\/02\\\/Parthenolecanium-corni-et-fourmis-sur-une-souche-au-printemps-scaled.jpg\",\"index\":13,\"id\":10050,\"video\":false,\"opts\":{\"caption\":\"\",\"thumb\":\"https:\\\/\\\/www.vignevin.com\\\/wp-content\\\/uploads\\\/2019\\\/02\\\/Parthenolecanium-corni-et-fourmis-sur-une-souche-au-printemps-scaled-75x50_c.jpg\",\"title\":\"Parthenolecanium corni et fourmis sur une souche au printemps\"},\"gallery_id\":17408,\"gallery_title\":\"Grapevines Pests\"},\"10051\":{\"status\":\"active\",\"src\":\"https:\\\/\\\/www.vignevin.com\\\/wp-content\\\/uploads\\\/2019\\\/02\\\/Rougissement-foliaire-du-\u00e0-des-d\u00e9g\u00e2ts-dacariens-Panonychus-ulmi.jpg\",\"title\":\"Rougissement foliaire du &amp;agrave; des d&amp;eacute;g&amp;acirc;ts d&amp;amp;rsquo;acariens (Panonychus ulmi)\",\"link\":\"https:\\\/\\\/www.vignevin.com\\\/wp-content\\\/uploads\\\/2019\\\/02\\\/Rougissement-foliaire-du-\u00e0-des-d\u00e9g\u00e2ts-dacariens-Panonychus-ulmi.jpg\",\"alt\":\"\",\"caption\":false,\"thumb\":\"https:\\\/\\\/www.vignevin.com\\\/wp-content\\\/uploads\\\/2019\\\/02\\\/Rougissement-foliaire-du-\u00e0-des-d\u00e9g\u00e2ts-dacariens-Panonychus-ulmi-75x50_c.jpg\",\"meta\":{\"aperture\":\"5.3\",\"credit\":null,\"camera\":\"E4500\",\"caption\":\"\",\"created_timestamp\":\"1221645859\",\"copyright\":null,\"focal_length\":\"7.85\",\"iso\":\"100\",\"shutter_speed\":\"0.0044583147570218\",\"title\":\"\",\"orientation\":null,\"keywords\":null},\"thumbnail\":\"https:\\\/\\\/www.vignevin.com\\\/wp-content\\\/uploads\\\/2019\\\/02\\\/Rougissement-foliaire-du-\u00e0-des-d\u00e9g\u00e2ts-dacariens-Panonychus-ulmi-150x150.jpg\",\"medium\":\"https:\\\/\\\/www.vignevin.com\\\/wp-content\\\/uploads\\\/2019\\\/02\\\/Rougissement-foliaire-du-\u00e0-des-d\u00e9g\u00e2ts-dacariens-Panonychus-ulmi-225x300.jpg\",\"medium_large\":\"https:\\\/\\\/www.vignevin.com\\\/wp-content\\\/uploads\\\/2019\\\/02\\\/Rougissement-foliaire-du-\u00e0-des-d\u00e9g\u00e2ts-dacariens-Panonychus-ulmi-768x1024.jpg\",\"large\":\"https:\\\/\\\/www.vignevin.com\\\/wp-content\\\/uploads\\\/2019\\\/02\\\/Rougissement-foliaire-du-\u00e0-des-d\u00e9g\u00e2ts-dacariens-Panonychus-ulmi-768x1024.jpg\",\"1536x1536\":\"https:\\\/\\\/www.vignevin.com\\\/wp-content\\\/uploads\\\/2019\\\/02\\\/Rougissement-foliaire-du-\u00e0-des-d\u00e9g\u00e2ts-dacariens-Panonychus-ulmi.jpg\",\"2048x2048\":\"https:\\\/\\\/www.vignevin.com\\\/wp-content\\\/uploads\\\/2019\\\/02\\\/Rougissement-foliaire-du-\u00e0-des-d\u00e9g\u00e2ts-dacariens-Panonychus-ulmi.jpg\",\"et-pb-post-main-image\":\"https:\\\/\\\/www.vignevin.com\\\/wp-content\\\/uploads\\\/2019\\\/02\\\/Rougissement-foliaire-du-\u00e0-des-d\u00e9g\u00e2ts-dacariens-Panonychus-ulmi-400x250.jpg\",\"et-pb-post-main-image-fullwidth\":\"https:\\\/\\\/www.vignevin.com\\\/wp-content\\\/uploads\\\/2019\\\/02\\\/Rougissement-foliaire-du-\u00e0-des-d\u00e9g\u00e2ts-dacariens-Panonychus-ulmi-1080x675.jpg\",\"et-pb-portfolio-image\":\"https:\\\/\\\/www.vignevin.com\\\/wp-content\\\/uploads\\\/2019\\\/02\\\/Rougissement-foliaire-du-\u00e0-des-d\u00e9g\u00e2ts-dacariens-Panonychus-ulmi-400x284.jpg\",\"et-pb-portfolio-module-image\":\"https:\\\/\\\/www.vignevin.com\\\/wp-content\\\/uploads\\\/2019\\\/02\\\/Rougissement-foliaire-du-\u00e0-des-d\u00e9g\u00e2ts-dacariens-Panonychus-ulmi-510x382.jpg\",\"et-pb-portfolio-image-single\":\"https:\\\/\\\/www.vignevin.com\\\/wp-content\\\/uploads\\\/2019\\\/02\\\/Rougissement-foliaire-du-\u00e0-des-d\u00e9g\u00e2ts-dacariens-Panonychus-ulmi-1080x1440.jpg\",\"et-pb-gallery-module-image-portrait\":\"https:\\\/\\\/www.vignevin.com\\\/wp-content\\\/uploads\\\/2019\\\/02\\\/Rougissement-foliaire-du-\u00e0-des-d\u00e9g\u00e2ts-dacariens-Panonychus-ulmi-400x516.jpg\",\"et-pb-post-main-image-fullwidth-large\":\"https:\\\/\\\/www.vignevin.com\\\/wp-content\\\/uploads\\\/2019\\\/02\\\/Rougissement-foliaire-du-\u00e0-des-d\u00e9g\u00e2ts-dacariens-Panonychus-ulmi.jpg\",\"et-pb-image--responsive--desktop\":\"https:\\\/\\\/www.vignevin.com\\\/wp-content\\\/uploads\\\/2019\\\/02\\\/Rougissement-foliaire-du-\u00e0-des-d\u00e9g\u00e2ts-dacariens-Panonychus-ulmi.jpg\",\"et-pb-image--responsive--tablet\":\"https:\\\/\\\/www.vignevin.com\\\/wp-content\\\/uploads\\\/2019\\\/02\\\/Rougissement-foliaire-du-\u00e0-des-d\u00e9g\u00e2ts-dacariens-Panonychus-ulmi.jpg\",\"et-pb-image--responsive--phone\":\"https:\\\/\\\/www.vignevin.com\\\/wp-content\\\/uploads\\\/2019\\\/02\\\/Rougissement-foliaire-du-\u00e0-des-d\u00e9g\u00e2ts-dacariens-Panonychus-ulmi.jpg\",\"gform-image-choice-sm\":\"https:\\\/\\\/www.vignevin.com\\\/wp-content\\\/uploads\\\/2019\\\/02\\\/Rougissement-foliaire-du-\u00e0-des-d\u00e9g\u00e2ts-dacariens-Panonychus-ulmi.jpg\",\"gform-image-choice-md\":\"https:\\\/\\\/www.vignevin.com\\\/wp-content\\\/uploads\\\/2019\\\/02\\\/Rougissement-foliaire-du-\u00e0-des-d\u00e9g\u00e2ts-dacariens-Panonychus-ulmi.jpg\",\"gform-image-choice-lg\":\"https:\\\/\\\/www.vignevin.com\\\/wp-content\\\/uploads\\\/2019\\\/02\\\/Rougissement-foliaire-du-\u00e0-des-d\u00e9g\u00e2ts-dacariens-Panonychus-ulmi.jpg\",\"woocommerce_thumbnail\":\"https:\\\/\\\/www.vignevin.com\\\/wp-content\\\/uploads\\\/2019\\\/02\\\/Rougissement-foliaire-du-\u00e0-des-d\u00e9g\u00e2ts-dacariens-Panonychus-ulmi-300x300.jpg\",\"woocommerce_single\":\"https:\\\/\\\/www.vignevin.com\\\/wp-content\\\/uploads\\\/2019\\\/02\\\/Rougissement-foliaire-du-\u00e0-des-d\u00e9g\u00e2ts-dacariens-Panonychus-ulmi-600x800.jpg\",\"woocommerce_gallery_thumbnail\":\"https:\\\/\\\/www.vignevin.com\\\/wp-content\\\/uploads\\\/2019\\\/02\\\/Rougissement-foliaire-du-\u00e0-des-d\u00e9g\u00e2ts-dacariens-Panonychus-ulmi-100x100.jpg\",\"full\":\"https:\\\/\\\/www.vignevin.com\\\/wp-content\\\/uploads\\\/2019\\\/02\\\/Rougissement-foliaire-du-\u00e0-des-d\u00e9g\u00e2ts-dacariens-Panonychus-ulmi.jpg\",\"index\":14,\"id\":10051,\"video\":false,\"opts\":{\"caption\":\"\",\"thumb\":\"https:\\\/\\\/www.vignevin.com\\\/wp-content\\\/uploads\\\/2019\\\/02\\\/Rougissement-foliaire-du-\u00e0-des-d\u00e9g\u00e2ts-dacariens-Panonychus-ulmi-75x50_c.jpg\",\"title\":\"Rougissement foliaire du &amp;agrave; des d&amp;eacute;g&amp;acirc;ts d&amp;amp;rsquo;acariens (Panonychus ulmi)\"},\"gallery_id\":17408,\"gallery_title\":\"Grapevines Pests\"},\"10052\":{\"status\":\"active\",\"src\":\"https:\\\/\\\/www.vignevin.com\\\/wp-content\\\/uploads\\\/2019\\\/02\\\/Spissistilus-festinus.png\",\"title\":\"Spissistilus festinus\",\"link\":\"https:\\\/\\\/www.vignevin.com\\\/wp-content\\\/uploads\\\/2019\\\/02\\\/Spissistilus-festinus.png\",\"alt\":\"\",\"caption\":false,\"thumb\":\"https:\\\/\\\/www.vignevin.com\\\/wp-content\\\/uploads\\\/2019\\\/02\\\/Spissistilus-festinus-75x50_c.png\",\"meta\":{\"aperture\":null,\"credit\":null,\"camera\":null,\"caption\":\"\",\"created_timestamp\":null,\"copyright\":null,\"focal_length\":null,\"iso\":null,\"shutter_speed\":null,\"title\":\"\",\"orientation\":null,\"keywords\":null},\"thumbnail\":\"https:\\\/\\\/www.vignevin.com\\\/wp-content\\\/uploads\\\/2019\\\/02\\\/Spissistilus-festinus-150x150.png\",\"medium\":\"https:\\\/\\\/www.vignevin.com\\\/wp-content\\\/uploads\\\/2019\\\/02\\\/Spissistilus-festinus-300x262.png\",\"medium_large\":\"https:\\\/\\\/www.vignevin.com\\\/wp-content\\\/uploads\\\/2019\\\/02\\\/Spissistilus-festinus.png\",\"large\":\"https:\\\/\\\/www.vignevin.com\\\/wp-content\\\/uploads\\\/2019\\\/02\\\/Spissistilus-festinus.png\",\"1536x1536\":\"https:\\\/\\\/www.vignevin.com\\\/wp-content\\\/uploads\\\/2019\\\/02\\\/Spissistilus-festinus.png\",\"2048x2048\":\"https:\\\/\\\/www.vignevin.com\\\/wp-content\\\/uploads\\\/2019\\\/02\\\/Spissistilus-festinus.png\",\"et-pb-post-main-image\":\"https:\\\/\\\/www.vignevin.com\\\/wp-content\\\/uploads\\\/2019\\\/02\\\/Spissistilus-festinus-340x250.png\",\"et-pb-post-main-image-fullwidth\":\"https:\\\/\\\/www.vignevin.com\\\/wp-content\\\/uploads\\\/2019\\\/02\\\/Spissistilus-festinus.png\",\"et-pb-portfolio-image\":\"https:\\\/\\\/www.vignevin.com\\\/wp-content\\\/uploads\\\/2019\\\/02\\\/Spissistilus-festinus-340x284.png\",\"et-pb-portfolio-module-image\":\"https:\\\/\\\/www.vignevin.com\\\/wp-content\\\/uploads\\\/2019\\\/02\\\/Spissistilus-festinus.png\",\"et-pb-portfolio-image-single\":\"https:\\\/\\\/www.vignevin.com\\\/wp-content\\\/uploads\\\/2019\\\/02\\\/Spissistilus-festinus.png\",\"et-pb-gallery-module-image-portrait\":\"https:\\\/\\\/www.vignevin.com\\\/wp-content\\\/uploads\\\/2019\\\/02\\\/Spissistilus-festinus.png\",\"et-pb-post-main-image-fullwidth-large\":\"https:\\\/\\\/www.vignevin.com\\\/wp-content\\\/uploads\\\/2019\\\/02\\\/Spissistilus-festinus.png\",\"et-pb-image--responsive--desktop\":\"https:\\\/\\\/www.vignevin.com\\\/wp-content\\\/uploads\\\/2019\\\/02\\\/Spissistilus-festinus.png\",\"et-pb-image--responsive--tablet\":\"https:\\\/\\\/www.vignevin.com\\\/wp-content\\\/uploads\\\/2019\\\/02\\\/Spissistilus-festinus.png\",\"et-pb-image--responsive--phone\":\"https:\\\/\\\/www.vignevin.com\\\/wp-content\\\/uploads\\\/2019\\\/02\\\/Spissistilus-festinus.png\",\"gform-image-choice-sm\":\"https:\\\/\\\/www.vignevin.com\\\/wp-content\\\/uploads\\\/2019\\\/02\\\/Spissistilus-festinus.png\",\"gform-image-choice-md\":\"https:\\\/\\\/www.vignevin.com\\\/wp-content\\\/uploads\\\/2019\\\/02\\\/Spissistilus-festinus.png\",\"gform-image-choice-lg\":\"https:\\\/\\\/www.vignevin.com\\\/wp-content\\\/uploads\\\/2019\\\/02\\\/Spissistilus-festinus.png\",\"woocommerce_thumbnail\":\"https:\\\/\\\/www.vignevin.com\\\/wp-content\\\/uploads\\\/2019\\\/02\\\/Spissistilus-festinus-300x297.png\",\"woocommerce_single\":\"https:\\\/\\\/www.vignevin.com\\\/wp-content\\\/uploads\\\/2019\\\/02\\\/Spissistilus-festinus.png\",\"woocommerce_gallery_thumbnail\":\"https:\\\/\\\/www.vignevin.com\\\/wp-content\\\/uploads\\\/2019\\\/02\\\/Spissistilus-festinus-100x100.png\",\"full\":\"https:\\\/\\\/www.vignevin.com\\\/wp-content\\\/uploads\\\/2019\\\/02\\\/Spissistilus-festinus.png\",\"index\":15,\"id\":10052,\"video\":false,\"opts\":{\"caption\":\"\",\"thumb\":\"https:\\\/\\\/www.vignevin.com\\\/wp-content\\\/uploads\\\/2019\\\/02\\\/Spissistilus-festinus-75x50_c.png\",\"title\":\"Spissistilus festinus\"},\"gallery_id\":17408,\"gallery_title\":\"Grapevines Pests\"},\"10053\":{\"status\":\"active\",\"src\":\"https:\\\/\\\/www.vignevin.com\\\/wp-content\\\/uploads\\\/2019\\\/02\\\/Sympt\u00f4mes-d\u00e9rinose-galles-sur-feuilles-scaled.jpg\",\"title\":\"Sympt&amp;ocirc;mes d&amp;amp;rsquo;&amp;eacute;rinose galles sur feuilles\",\"link\":\"https:\\\/\\\/www.vignevin.com\\\/wp-content\\\/uploads\\\/2019\\\/02\\\/Sympt\u00f4mes-d\u00e9rinose-galles-sur-feuilles.jpg\",\"alt\":\"\",\"caption\":false,\"thumb\":\"https:\\\/\\\/www.vignevin.com\\\/wp-content\\\/uploads\\\/2019\\\/02\\\/Sympt\u00f4mes-d\u00e9rinose-galles-sur-feuilles-scaled-75x50_c.jpg\",\"meta\":{\"aperture\":\"3.3\",\"credit\":null,\"camera\":\"DMC-TZ10\",\"caption\":\"\",\"created_timestamp\":\"1463586465\",\"copyright\":null,\"focal_length\":\"4.1\",\"iso\":\"80\",\"shutter_speed\":\"0.016666666666667\",\"title\":\"\",\"orientation\":\"1\",\"keywords\":null},\"thumbnail\":\"https:\\\/\\\/www.vignevin.com\\\/wp-content\\\/uploads\\\/2019\\\/02\\\/Sympt\u00f4mes-d\u00e9rinose-galles-sur-feuilles-150x150.jpg\",\"medium\":\"https:\\\/\\\/www.vignevin.com\\\/wp-content\\\/uploads\\\/2019\\\/02\\\/Sympt\u00f4mes-d\u00e9rinose-galles-sur-feuilles-300x225.jpg\",\"medium_large\":\"https:\\\/\\\/www.vignevin.com\\\/wp-content\\\/uploads\\\/2019\\\/02\\\/Sympt\u00f4mes-d\u00e9rinose-galles-sur-feuilles-768x576.jpg\",\"large\":\"https:\\\/\\\/www.vignevin.com\\\/wp-content\\\/uploads\\\/2019\\\/02\\\/Sympt\u00f4mes-d\u00e9rinose-galles-sur-feuilles-1024x768.jpg\",\"1536x1536\":\"https:\\\/\\\/www.vignevin.com\\\/wp-content\\\/uploads\\\/2019\\\/02\\\/Sympt\u00f4mes-d\u00e9rinose-galles-sur-feuilles-scaled.jpg\",\"2048x2048\":\"https:\\\/\\\/www.vignevin.com\\\/wp-content\\\/uploads\\\/2019\\\/02\\\/Sympt\u00f4mes-d\u00e9rinose-galles-sur-feuilles-scaled.jpg\",\"et-pb-post-main-image\":\"https:\\\/\\\/www.vignevin.com\\\/wp-content\\\/uploads\\\/2019\\\/02\\\/Sympt\u00f4mes-d\u00e9rinose-galles-sur-feuilles-400x250.jpg\",\"et-pb-post-main-image-fullwidth\":\"https:\\\/\\\/www.vignevin.com\\\/wp-content\\\/uploads\\\/2019\\\/02\\\/Sympt\u00f4mes-d\u00e9rinose-galles-sur-feuilles-1080x675.jpg\",\"et-pb-portfolio-image\":\"https:\\\/\\\/www.vignevin.com\\\/wp-content\\\/uploads\\\/2019\\\/02\\\/Sympt\u00f4mes-d\u00e9rinose-galles-sur-feuilles-400x284.jpg\",\"et-pb-portfolio-module-image\":\"https:\\\/\\\/www.vignevin.com\\\/wp-content\\\/uploads\\\/2019\\\/02\\\/Sympt\u00f4mes-d\u00e9rinose-galles-sur-feuilles-510x382.jpg\",\"et-pb-portfolio-image-single\":\"https:\\\/\\\/www.vignevin.com\\\/wp-content\\\/uploads\\\/2019\\\/02\\\/Sympt\u00f4mes-d\u00e9rinose-galles-sur-feuilles-1080x810.jpg\",\"et-pb-gallery-module-image-portrait\":\"https:\\\/\\\/www.vignevin.com\\\/wp-content\\\/uploads\\\/2019\\\/02\\\/Sympt\u00f4mes-d\u00e9rinose-galles-sur-feuilles-400x516.jpg\",\"et-pb-post-main-image-fullwidth-large\":\"https:\\\/\\\/www.vignevin.com\\\/wp-content\\\/uploads\\\/2019\\\/02\\\/Sympt\u00f4mes-d\u00e9rinose-galles-sur-feuilles-2880x1800.jpg\",\"et-pb-image--responsive--desktop\":\"https:\\\/\\\/www.vignevin.com\\\/wp-content\\\/uploads\\\/2019\\\/02\\\/Sympt\u00f4mes-d\u00e9rinose-galles-sur-feuilles-scaled.jpg\",\"et-pb-image--responsive--tablet\":\"https:\\\/\\\/www.vignevin.com\\\/wp-content\\\/uploads\\\/2019\\\/02\\\/Sympt\u00f4mes-d\u00e9rinose-galles-sur-feuilles-scaled.jpg\",\"et-pb-image--responsive--phone\":\"https:\\\/\\\/www.vignevin.com\\\/wp-content\\\/uploads\\\/2019\\\/02\\\/Sympt\u00f4mes-d\u00e9rinose-galles-sur-feuilles-scaled.jpg\",\"gform-image-choice-sm\":\"https:\\\/\\\/www.vignevin.com\\\/wp-content\\\/uploads\\\/2019\\\/02\\\/Sympt\u00f4mes-d\u00e9rinose-galles-sur-feuilles-scaled.jpg\",\"gform-image-choice-md\":\"https:\\\/\\\/www.vignevin.com\\\/wp-content\\\/uploads\\\/2019\\\/02\\\/Sympt\u00f4mes-d\u00e9rinose-galles-sur-feuilles-scaled.jpg\",\"gform-image-choice-lg\":\"https:\\\/\\\/www.vignevin.com\\\/wp-content\\\/uploads\\\/2019\\\/02\\\/Sympt\u00f4mes-d\u00e9rinose-galles-sur-feuilles-scaled.jpg\",\"woocommerce_thumbnail\":\"https:\\\/\\\/www.vignevin.com\\\/wp-content\\\/uploads\\\/2019\\\/02\\\/Sympt\u00f4mes-d\u00e9rinose-galles-sur-feuilles-scaled-300x300.jpg\",\"woocommerce_single\":\"https:\\\/\\\/www.vignevin.com\\\/wp-content\\\/uploads\\\/2019\\\/02\\\/Sympt\u00f4mes-d\u00e9rinose-galles-sur-feuilles-scaled-600x450.jpg\",\"woocommerce_gallery_thumbnail\":\"https:\\\/\\\/www.vignevin.com\\\/wp-content\\\/uploads\\\/2019\\\/02\\\/Sympt\u00f4mes-d\u00e9rinose-galles-sur-feuilles-scaled-100x100.jpg\",\"full\":\"https:\\\/\\\/www.vignevin.com\\\/wp-content\\\/uploads\\\/2019\\\/02\\\/Sympt\u00f4mes-d\u00e9rinose-galles-sur-feuilles-scaled.jpg\",\"index\":16,\"id\":10053,\"video\":false,\"opts\":{\"caption\":\"\",\"thumb\":\"https:\\\/\\\/www.vignevin.com\\\/wp-content\\\/uploads\\\/2019\\\/02\\\/Sympt\u00f4mes-d\u00e9rinose-galles-sur-feuilles-scaled-75x50_c.jpg\",\"title\":\"Sympt&amp;ocirc;mes d&amp;amp;rsquo;&amp;eacute;rinose galles sur feuilles\"},\"gallery_id\":17408,\"gallery_title\":\"Grapevines Pests\"},\"10054\":{\"status\":\"active\",\"src\":\"https:\\\/\\\/www.vignevin.com\\\/wp-content\\\/uploads\\\/2019\\\/02\\\/Xiphinema-index.tif\",\"title\":\"Xiphinema index\",\"link\":\"https:\\\/\\\/www.vignevin.com\\\/wp-content\\\/uploads\\\/2019\\\/02\\\/Xiphinema-index.tif\",\"alt\":\"\",\"caption\":false,\"thumb\":\"https:\\\/\\\/www.vignevin.com\\\/wp-content\\\/uploads\\\/2019\\\/02\\\/Xiphinema-index-75x50_c.tif\",\"thumbnail\":\"https:\\\/\\\/www.vignevin.com\\\/wp-content\\\/uploads\\\/2019\\\/02\\\/Xiphinema-index.tif\",\"medium\":\"https:\\\/\\\/www.vignevin.com\\\/wp-content\\\/uploads\\\/2019\\\/02\\\/Xiphinema-index.tif\",\"medium_large\":\"https:\\\/\\\/www.vignevin.com\\\/wp-content\\\/uploads\\\/2019\\\/02\\\/Xiphinema-index.tif\",\"large\":\"https:\\\/\\\/www.vignevin.com\\\/wp-content\\\/uploads\\\/2019\\\/02\\\/Xiphinema-index.tif\",\"1536x1536\":\"https:\\\/\\\/www.vignevin.com\\\/wp-content\\\/uploads\\\/2019\\\/02\\\/Xiphinema-index.tif\",\"2048x2048\":\"https:\\\/\\\/www.vignevin.com\\\/wp-content\\\/uploads\\\/2019\\\/02\\\/Xiphinema-index.tif\",\"et-pb-post-main-image\":\"https:\\\/\\\/www.vignevin.com\\\/wp-content\\\/uploads\\\/2019\\\/02\\\/Xiphinema-index.tif\",\"et-pb-post-main-image-fullwidth\":\"https:\\\/\\\/www.vignevin.com\\\/wp-content\\\/uploads\\\/2019\\\/02\\\/Xiphinema-index.tif\",\"et-pb-portfolio-image\":\"https:\\\/\\\/www.vignevin.com\\\/wp-content\\\/uploads\\\/2019\\\/02\\\/Xiphinema-index.tif\",\"et-pb-portfolio-module-image\":\"https:\\\/\\\/www.vignevin.com\\\/wp-content\\\/uploads\\\/2019\\\/02\\\/Xiphinema-index.tif\",\"et-pb-portfolio-image-single\":\"https:\\\/\\\/www.vignevin.com\\\/wp-content\\\/uploads\\\/2019\\\/02\\\/Xiphinema-index.tif\",\"et-pb-gallery-module-image-portrait\":\"https:\\\/\\\/www.vignevin.com\\\/wp-content\\\/uploads\\\/2019\\\/02\\\/Xiphinema-index.tif\",\"et-pb-post-main-image-fullwidth-large\":\"https:\\\/\\\/www.vignevin.com\\\/wp-content\\\/uploads\\\/2019\\\/02\\\/Xiphinema-index.tif\",\"et-pb-image--responsive--desktop\":\"https:\\\/\\\/www.vignevin.com\\\/wp-content\\\/uploads\\\/2019\\\/02\\\/Xiphinema-index.tif\",\"et-pb-image--responsive--tablet\":\"https:\\\/\\\/www.vignevin.com\\\/wp-content\\\/uploads\\\/2019\\\/02\\\/Xiphinema-index.tif\",\"et-pb-image--responsive--phone\":\"https:\\\/\\\/www.vignevin.com\\\/wp-content\\\/uploads\\\/2019\\\/02\\\/Xiphinema-index.tif\",\"gform-image-choice-sm\":\"https:\\\/\\\/www.vignevin.com\\\/wp-content\\\/uploads\\\/2019\\\/02\\\/Xiphinema-index.tif\",\"gform-image-choice-md\":\"https:\\\/\\\/www.vignevin.com\\\/wp-content\\\/uploads\\\/2019\\\/02\\\/Xiphinema-index.tif\",\"gform-image-choice-lg\":\"https:\\\/\\\/www.vignevin.com\\\/wp-content\\\/uploads\\\/2019\\\/02\\\/Xiphinema-index.tif\",\"woocommerce_thumbnail\":\"https:\\\/\\\/www.vignevin.com\\\/wp-content\\\/uploads\\\/2019\\\/02\\\/Xiphinema-index.tif\",\"woocommerce_single\":\"https:\\\/\\\/www.vignevin.com\\\/wp-content\\\/uploads\\\/2019\\\/02\\\/Xiphinema-index.tif\",\"woocommerce_gallery_thumbnail\":\"https:\\\/\\\/www.vignevin.com\\\/wp-content\\\/uploads\\\/2019\\\/02\\\/Xiphinema-index.tif\",\"full\":\"https:\\\/\\\/www.vignevin.com\\\/wp-content\\\/uploads\\\/2019\\\/02\\\/Xiphinema-index.tif\",\"index\":17,\"id\":10054,\"video\":false,\"opts\":{\"caption\":\"\",\"thumb\":\"https:\\\/\\\/www.vignevin.com\\\/wp-content\\\/uploads\\\/2019\\\/02\\\/Xiphinema-index-75x50_c.tif\",\"title\":\"Xiphinema index\"},\"gallery_id\":17408,\"gallery_title\":\"Grapevines Pests\"}}'  data-gallery-sort-ids='[6934,6931,6932,6933,10041,10042,10043,10044,10045,10046,10047,10048,10049,10050,10051,10052,10053,10054]'  class=\"envira-album-gallery-17408 \" title=\"Grapevines Pests\" ><div class=\"envira-lazy\" style=\"padding-bottom:66.666666666667%;\"><img loading=\"lazy\" decoding=\"async\" id=\"envira-gallery-image-17408\" class=\"envira-gallery-image envira-gallery-image-1\" data-envira-index=\"1\" src=\"https:\/\/www.vignevin.com\/wp-content\/uploads\/2019\/02\/Acarien_rouge-600x400_c.jpg\" width=\"600\" height=\"400\" data-envira-src=\"https:\/\/www.vignevin.com\/wp-content\/uploads\/2019\/02\/Acarien_rouge-600x400_c.jpg\" data-envira-album-id=\"17390\" data-envira-gallery-id=\"17408\" data-envira-item-id=\"17408\" data-caption=\"Grapevines Pests\" alt=\"\" title=\"Grapevines Pests\"  data-envira-srcset=\"https:\/\/www.vignevin.com\/wp-content\/uploads\/2019\/02\/Acarien_rouge-600x400_c.jpg 400w,https:\/\/www.vignevin.com\/wp-content\/uploads\/2019\/02\/Acarien_rouge-600x400_c.jpg 2x\" srcset=\"data:image\/gif;base64,R0lGODlhAQABAIAAAP\/\/\/\/\/\/\/yH5BAEKAAEALAAAAAABAAEAAAICTAEAOw==\" \/><\/div><\/a><div class=\"envira-album-title\">Grapevines Pests<\/div><\/div><\/div><div id=\"envira-gallery-item-17410\" class=\"envira-gallery-item enviratope-item envira-gallery-item-2\" style=\"padding-left: 5px; padding-bottom: 10px; padding-right: 5px;\" ><div class=\"envira-gallery-item-inner\"><div class=\"envira-gallery-position-overlay  envira-gallery-top-left\"><\/div><div class=\"envira-gallery-position-overlay  envira-gallery-top-right\"><\/div><div class=\"envira-gallery-position-overlay  envira-gallery-bottom-left\"><\/div><div class=\"envira-gallery-position-overlay  envira-gallery-bottom-right\"><\/div><a href=\"https:\/\/www.vignevin.com\/en\/galerie\/maladies\/\" data-gallery-images='{\"6928\":{\"status\":\"active\",\"src\":\"https:\\\/\\\/www.vignevin.com\\\/wp-content\\\/uploads\\\/2019\\\/02\\\/Court_Nou\u00e9_1272-scaled.jpg\",\"title\":\"court-nou&amp;eacute; : sympt&amp;ocirc;mes ring spot\",\"link\":\"https:\\\/\\\/www.vignevin.com\\\/https:\\\/\\\/www.vignevin.com\\\/https:\\\/\\\/www.vignevin.com\\\/https:\\\/\\\/www.vignevin.com\\\/wp-content\\\/uploads\\\/2019\\\/02\\\/Court_Nou\u00e9_1272.jpg\",\"alt\":\"\",\"caption\":false,\"thumb\":\"https:\\\/\\\/www.vignevin.com\\\/wp-content\\\/uploads\\\/2019\\\/02\\\/Court_Nou\u00e9_1272-scaled-75x50_c.jpg\",\"meta\":{\"aperture\":null,\"credit\":\"Mackiewicz P.\",\"camera\":null,\"caption\":\"court-nou\u00e9 : sympt\u00f4mes ring spot\",\"created_timestamp\":null,\"copyright\":\"IFV\",\"focal_length\":null,\"iso\":null,\"shutter_speed\":null,\"title\":\"court-nou\u00e9 : sympt\u00f4mes ring spot\",\"orientation\":\"1\",\"keywords\":null},\"thumbnail\":\"https:\\\/\\\/www.vignevin.com\\\/wp-content\\\/uploads\\\/2019\\\/02\\\/Court_Nou\u00e9_1272-150x150.jpg\",\"medium\":\"https:\\\/\\\/www.vignevin.com\\\/wp-content\\\/uploads\\\/2019\\\/02\\\/Court_Nou\u00e9_1272-300x196.jpg\",\"medium_large\":\"https:\\\/\\\/www.vignevin.com\\\/wp-content\\\/uploads\\\/2019\\\/02\\\/Court_Nou\u00e9_1272-768x501.jpg\",\"large\":\"https:\\\/\\\/www.vignevin.com\\\/wp-content\\\/uploads\\\/2019\\\/02\\\/Court_Nou\u00e9_1272-1024x668.jpg\",\"1536x1536\":\"https:\\\/\\\/www.vignevin.com\\\/wp-content\\\/uploads\\\/2019\\\/02\\\/Court_Nou\u00e9_1272-scaled.jpg\",\"2048x2048\":\"https:\\\/\\\/www.vignevin.com\\\/wp-content\\\/uploads\\\/2019\\\/02\\\/Court_Nou\u00e9_1272-scaled.jpg\",\"et-pb-post-main-image\":\"https:\\\/\\\/www.vignevin.com\\\/wp-content\\\/uploads\\\/2019\\\/02\\\/Court_Nou\u00e9_1272-400x250.jpg\",\"et-pb-post-main-image-fullwidth\":\"https:\\\/\\\/www.vignevin.com\\\/wp-content\\\/uploads\\\/2019\\\/02\\\/Court_Nou\u00e9_1272-1080x675.jpg\",\"et-pb-portfolio-image\":\"https:\\\/\\\/www.vignevin.com\\\/wp-content\\\/uploads\\\/2019\\\/02\\\/Court_Nou\u00e9_1272-400x284.jpg\",\"et-pb-portfolio-module-image\":\"https:\\\/\\\/www.vignevin.com\\\/wp-content\\\/uploads\\\/2019\\\/02\\\/Court_Nou\u00e9_1272-510x382.jpg\",\"et-pb-portfolio-image-single\":\"https:\\\/\\\/www.vignevin.com\\\/wp-content\\\/uploads\\\/2019\\\/02\\\/Court_Nou\u00e9_1272-1080x705.jpg\",\"et-pb-gallery-module-image-portrait\":\"https:\\\/\\\/www.vignevin.com\\\/wp-content\\\/uploads\\\/2019\\\/02\\\/Court_Nou\u00e9_1272-400x516.jpg\",\"et-pb-post-main-image-fullwidth-large\":\"https:\\\/\\\/www.vignevin.com\\\/wp-content\\\/uploads\\\/2019\\\/02\\\/Court_Nou\u00e9_1272-2880x1800.jpg\",\"et-pb-image--responsive--desktop\":\"https:\\\/\\\/www.vignevin.com\\\/wp-content\\\/uploads\\\/2019\\\/02\\\/Court_Nou\u00e9_1272-scaled.jpg\",\"et-pb-image--responsive--tablet\":\"https:\\\/\\\/www.vignevin.com\\\/wp-content\\\/uploads\\\/2019\\\/02\\\/Court_Nou\u00e9_1272-scaled.jpg\",\"et-pb-image--responsive--phone\":\"https:\\\/\\\/www.vignevin.com\\\/wp-content\\\/uploads\\\/2019\\\/02\\\/Court_Nou\u00e9_1272-scaled.jpg\",\"gform-image-choice-sm\":\"https:\\\/\\\/www.vignevin.com\\\/wp-content\\\/uploads\\\/2019\\\/02\\\/Court_Nou\u00e9_1272-scaled.jpg\",\"gform-image-choice-md\":\"https:\\\/\\\/www.vignevin.com\\\/wp-content\\\/uploads\\\/2019\\\/02\\\/Court_Nou\u00e9_1272-scaled.jpg\",\"gform-image-choice-lg\":\"https:\\\/\\\/www.vignevin.com\\\/wp-content\\\/uploads\\\/2019\\\/02\\\/Court_Nou\u00e9_1272-scaled.jpg\",\"woocommerce_thumbnail\":\"https:\\\/\\\/www.vignevin.com\\\/wp-content\\\/uploads\\\/2019\\\/02\\\/Court_Nou\u00e9_1272-scaled-300x300.jpg\",\"woocommerce_single\":\"https:\\\/\\\/www.vignevin.com\\\/wp-content\\\/uploads\\\/2019\\\/02\\\/Court_Nou\u00e9_1272-scaled-600x392.jpg\",\"woocommerce_gallery_thumbnail\":\"https:\\\/\\\/www.vignevin.com\\\/wp-content\\\/uploads\\\/2019\\\/02\\\/Court_Nou\u00e9_1272-scaled-100x100.jpg\",\"full\":\"https:\\\/\\\/www.vignevin.com\\\/wp-content\\\/uploads\\\/2019\\\/02\\\/Court_Nou\u00e9_1272-scaled.jpg\",\"index\":0,\"id\":6928,\"video\":false,\"opts\":{\"caption\":\"\",\"thumb\":\"https:\\\/\\\/www.vignevin.com\\\/wp-content\\\/uploads\\\/2019\\\/02\\\/Court_Nou\u00e9_1272-scaled-75x50_c.jpg\",\"title\":\"court-nou&amp;eacute; : sympt&amp;ocirc;mes ring spot\"},\"gallery_id\":17410,\"gallery_title\":\"Grapevines virus\"},\"6927\":{\"status\":\"active\",\"src\":\"https:\\\/\\\/www.vignevin.com\\\/wp-content\\\/uploads\\\/2019\\\/02\\\/Court_Nou\u00e9-scaled.jpg\",\"title\":\"court nou&amp;eacute; : sympt&amp;ocirc;me de panachure (GFLV, AMV)\",\"link\":\"https:\\\/\\\/www.vignevin.com\\\/https:\\\/\\\/www.vignevin.com\\\/https:\\\/\\\/www.vignevin.com\\\/https:\\\/\\\/www.vignevin.com\\\/wp-content\\\/uploads\\\/2019\\\/02\\\/Court_Nou\u00e9.jpg\",\"alt\":\"\",\"caption\":false,\"thumb\":\"https:\\\/\\\/www.vignevin.com\\\/wp-content\\\/uploads\\\/2019\\\/02\\\/Court_Nou\u00e9-scaled-75x50_c.jpg\",\"meta\":{\"aperture\":null,\"credit\":\"Cuinier C.\",\"camera\":null,\"caption\":\"court nou\u00e9 : sympt\u00f4me de panachure (GFLV, AMV)\",\"created_timestamp\":null,\"copyright\":\"IFV\",\"focal_length\":null,\"iso\":null,\"shutter_speed\":null,\"title\":\"court nou\u00e9 : sympt\u00f4me de panachure (GFLV, AMV)\",\"orientation\":\"1\",\"keywords\":null},\"thumbnail\":\"https:\\\/\\\/www.vignevin.com\\\/wp-content\\\/uploads\\\/2019\\\/02\\\/Court_Nou\u00e9-150x150.jpg\",\"medium\":\"https:\\\/\\\/www.vignevin.com\\\/wp-content\\\/uploads\\\/2019\\\/02\\\/Court_Nou\u00e9-300x196.jpg\",\"medium_large\":\"https:\\\/\\\/www.vignevin.com\\\/wp-content\\\/uploads\\\/2019\\\/02\\\/Court_Nou\u00e9-768x501.jpg\",\"large\":\"https:\\\/\\\/www.vignevin.com\\\/wp-content\\\/uploads\\\/2019\\\/02\\\/Court_Nou\u00e9-1024x668.jpg\",\"1536x1536\":\"https:\\\/\\\/www.vignevin.com\\\/wp-content\\\/uploads\\\/2019\\\/02\\\/Court_Nou\u00e9-scaled.jpg\",\"2048x2048\":\"https:\\\/\\\/www.vignevin.com\\\/wp-content\\\/uploads\\\/2019\\\/02\\\/Court_Nou\u00e9-scaled.jpg\",\"et-pb-post-main-image\":\"https:\\\/\\\/www.vignevin.com\\\/wp-content\\\/uploads\\\/2019\\\/02\\\/Court_Nou\u00e9-400x250.jpg\",\"et-pb-post-main-image-fullwidth\":\"https:\\\/\\\/www.vignevin.com\\\/wp-content\\\/uploads\\\/2019\\\/02\\\/Court_Nou\u00e9-1080x675.jpg\",\"et-pb-portfolio-image\":\"https:\\\/\\\/www.vignevin.com\\\/wp-content\\\/uploads\\\/2019\\\/02\\\/Court_Nou\u00e9-400x284.jpg\",\"et-pb-portfolio-module-image\":\"https:\\\/\\\/www.vignevin.com\\\/wp-content\\\/uploads\\\/2019\\\/02\\\/Court_Nou\u00e9-510x382.jpg\",\"et-pb-portfolio-image-single\":\"https:\\\/\\\/www.vignevin.com\\\/wp-content\\\/uploads\\\/2019\\\/02\\\/Court_Nou\u00e9-1080x705.jpg\",\"et-pb-gallery-module-image-portrait\":\"https:\\\/\\\/www.vignevin.com\\\/wp-content\\\/uploads\\\/2019\\\/02\\\/Court_Nou\u00e9-400x516.jpg\",\"et-pb-post-main-image-fullwidth-large\":\"https:\\\/\\\/www.vignevin.com\\\/wp-content\\\/uploads\\\/2019\\\/02\\\/Court_Nou\u00e9-2880x1800.jpg\",\"et-pb-image--responsive--desktop\":\"https:\\\/\\\/www.vignevin.com\\\/wp-content\\\/uploads\\\/2019\\\/02\\\/Court_Nou\u00e9-scaled.jpg\",\"et-pb-image--responsive--tablet\":\"https:\\\/\\\/www.vignevin.com\\\/wp-content\\\/uploads\\\/2019\\\/02\\\/Court_Nou\u00e9-scaled.jpg\",\"et-pb-image--responsive--phone\":\"https:\\\/\\\/www.vignevin.com\\\/wp-content\\\/uploads\\\/2019\\\/02\\\/Court_Nou\u00e9-scaled.jpg\",\"gform-image-choice-sm\":\"https:\\\/\\\/www.vignevin.com\\\/wp-content\\\/uploads\\\/2019\\\/02\\\/Court_Nou\u00e9-scaled.jpg\",\"gform-image-choice-md\":\"https:\\\/\\\/www.vignevin.com\\\/wp-content\\\/uploads\\\/2019\\\/02\\\/Court_Nou\u00e9-scaled.jpg\",\"gform-image-choice-lg\":\"https:\\\/\\\/www.vignevin.com\\\/wp-content\\\/uploads\\\/2019\\\/02\\\/Court_Nou\u00e9-scaled.jpg\",\"woocommerce_thumbnail\":\"https:\\\/\\\/www.vignevin.com\\\/wp-content\\\/uploads\\\/2019\\\/02\\\/Court_Nou\u00e9-scaled-300x300.jpg\",\"woocommerce_single\":\"https:\\\/\\\/www.vignevin.com\\\/wp-content\\\/uploads\\\/2019\\\/02\\\/Court_Nou\u00e9-scaled-600x392.jpg\",\"woocommerce_gallery_thumbnail\":\"https:\\\/\\\/www.vignevin.com\\\/wp-content\\\/uploads\\\/2019\\\/02\\\/Court_Nou\u00e9-scaled-100x100.jpg\",\"full\":\"https:\\\/\\\/www.vignevin.com\\\/wp-content\\\/uploads\\\/2019\\\/02\\\/Court_Nou\u00e9-scaled.jpg\",\"index\":1,\"id\":6927,\"video\":false,\"opts\":{\"caption\":\"\",\"thumb\":\"https:\\\/\\\/www.vignevin.com\\\/wp-content\\\/uploads\\\/2019\\\/02\\\/Court_Nou\u00e9-scaled-75x50_c.jpg\",\"title\":\"court nou&amp;eacute; : sympt&amp;ocirc;me de panachure (GFLV, AMV)\"},\"gallery_id\":17410,\"gallery_title\":\"Grapevines virus\"},\"6929\":{\"status\":\"active\",\"src\":\"https:\\\/\\\/www.vignevin.com\\\/wp-content\\\/uploads\\\/2019\\\/02\\\/Enroulement-scaled.jpg\",\"title\":\"enroulement (GLRV)\",\"link\":\"https:\\\/\\\/www.vignevin.com\\\/wp-content\\\/uploads\\\/2019\\\/02\\\/Enroulement.jpg\",\"alt\":\"\",\"caption\":false,\"thumb\":\"https:\\\/\\\/www.vignevin.com\\\/wp-content\\\/uploads\\\/2019\\\/02\\\/Enroulement-scaled-75x50_c.jpg\",\"meta\":{\"aperture\":null,\"credit\":\"Mackiewicz P.\",\"camera\":null,\"caption\":\"enroulement (GLRV)\",\"created_timestamp\":null,\"copyright\":\"IFV\",\"focal_length\":null,\"iso\":null,\"shutter_speed\":null,\"title\":\"enroulement (GLRV)\",\"orientation\":\"1\",\"keywords\":null},\"thumbnail\":\"https:\\\/\\\/www.vignevin.com\\\/wp-content\\\/uploads\\\/2019\\\/02\\\/Enroulement-150x150.jpg\",\"medium\":\"https:\\\/\\\/www.vignevin.com\\\/wp-content\\\/uploads\\\/2019\\\/02\\\/Enroulement-300x196.jpg\",\"medium_large\":\"https:\\\/\\\/www.vignevin.com\\\/wp-content\\\/uploads\\\/2019\\\/02\\\/Enroulement-768x501.jpg\",\"large\":\"https:\\\/\\\/www.vignevin.com\\\/wp-content\\\/uploads\\\/2019\\\/02\\\/Enroulement-1024x668.jpg\",\"1536x1536\":\"https:\\\/\\\/www.vignevin.com\\\/wp-content\\\/uploads\\\/2019\\\/02\\\/Enroulement-scaled.jpg\",\"2048x2048\":\"https:\\\/\\\/www.vignevin.com\\\/wp-content\\\/uploads\\\/2019\\\/02\\\/Enroulement-scaled.jpg\",\"et-pb-post-main-image\":\"https:\\\/\\\/www.vignevin.com\\\/wp-content\\\/uploads\\\/2019\\\/02\\\/Enroulement-400x250.jpg\",\"et-pb-post-main-image-fullwidth\":\"https:\\\/\\\/www.vignevin.com\\\/wp-content\\\/uploads\\\/2019\\\/02\\\/Enroulement-1080x675.jpg\",\"et-pb-portfolio-image\":\"https:\\\/\\\/www.vignevin.com\\\/wp-content\\\/uploads\\\/2019\\\/02\\\/Enroulement-400x284.jpg\",\"et-pb-portfolio-module-image\":\"https:\\\/\\\/www.vignevin.com\\\/wp-content\\\/uploads\\\/2019\\\/02\\\/Enroulement-510x382.jpg\",\"et-pb-portfolio-image-single\":\"https:\\\/\\\/www.vignevin.com\\\/wp-content\\\/uploads\\\/2019\\\/02\\\/Enroulement-1080x705.jpg\",\"et-pb-gallery-module-image-portrait\":\"https:\\\/\\\/www.vignevin.com\\\/wp-content\\\/uploads\\\/2019\\\/02\\\/Enroulement-400x516.jpg\",\"et-pb-post-main-image-fullwidth-large\":\"https:\\\/\\\/www.vignevin.com\\\/wp-content\\\/uploads\\\/2019\\\/02\\\/Enroulement-2880x1800.jpg\",\"et-pb-image--responsive--desktop\":\"https:\\\/\\\/www.vignevin.com\\\/wp-content\\\/uploads\\\/2019\\\/02\\\/Enroulement-scaled.jpg\",\"et-pb-image--responsive--tablet\":\"https:\\\/\\\/www.vignevin.com\\\/wp-content\\\/uploads\\\/2019\\\/02\\\/Enroulement-scaled.jpg\",\"et-pb-image--responsive--phone\":\"https:\\\/\\\/www.vignevin.com\\\/wp-content\\\/uploads\\\/2019\\\/02\\\/Enroulement-scaled.jpg\",\"gform-image-choice-sm\":\"https:\\\/\\\/www.vignevin.com\\\/wp-content\\\/uploads\\\/2019\\\/02\\\/Enroulement-scaled.jpg\",\"gform-image-choice-md\":\"https:\\\/\\\/www.vignevin.com\\\/wp-content\\\/uploads\\\/2019\\\/02\\\/Enroulement-scaled.jpg\",\"gform-image-choice-lg\":\"https:\\\/\\\/www.vignevin.com\\\/wp-content\\\/uploads\\\/2019\\\/02\\\/Enroulement-scaled.jpg\",\"woocommerce_thumbnail\":\"https:\\\/\\\/www.vignevin.com\\\/wp-content\\\/uploads\\\/2019\\\/02\\\/Enroulement-scaled-300x300.jpg\",\"woocommerce_single\":\"https:\\\/\\\/www.vignevin.com\\\/wp-content\\\/uploads\\\/2019\\\/02\\\/Enroulement-scaled-600x392.jpg\",\"woocommerce_gallery_thumbnail\":\"https:\\\/\\\/www.vignevin.com\\\/wp-content\\\/uploads\\\/2019\\\/02\\\/Enroulement-scaled-100x100.jpg\",\"full\":\"https:\\\/\\\/www.vignevin.com\\\/wp-content\\\/uploads\\\/2019\\\/02\\\/Enroulement-scaled.jpg\",\"index\":2,\"id\":6929,\"video\":false,\"opts\":{\"caption\":\"\",\"thumb\":\"https:\\\/\\\/www.vignevin.com\\\/wp-content\\\/uploads\\\/2019\\\/02\\\/Enroulement-scaled-75x50_c.jpg\",\"title\":\"enroulement (GLRV)\"},\"gallery_id\":17410,\"gallery_title\":\"Grapevines virus\"},\"6930\":{\"status\":\"active\",\"src\":\"https:\\\/\\\/www.vignevin.com\\\/wp-content\\\/uploads\\\/2019\\\/02\\\/Enroulement1-scaled.jpg\",\"title\":\"enroulement (GLRV)\",\"link\":\"https:\\\/\\\/www.vignevin.com\\\/wp-content\\\/uploads\\\/2019\\\/02\\\/Enroulement1.jpg\",\"alt\":\"\",\"caption\":\"enroulement (GLRV)\",\"thumb\":\"https:\\\/\\\/www.vignevin.com\\\/wp-content\\\/uploads\\\/2019\\\/02\\\/Enroulement1-scaled-75x50_c.jpg\",\"meta\":{\"aperture\":null,\"credit\":\"Mackiewicz P.\",\"camera\":null,\"caption\":\"enroulement (GLRV)\",\"created_timestamp\":null,\"copyright\":\"IFV\",\"focal_length\":null,\"iso\":null,\"shutter_speed\":null,\"title\":\"enroulement (GLRV)\",\"orientation\":\"1\",\"keywords\":null},\"thumbnail\":\"https:\\\/\\\/www.vignevin.com\\\/wp-content\\\/uploads\\\/2019\\\/02\\\/Enroulement1-150x150.jpg\",\"medium\":\"https:\\\/\\\/www.vignevin.com\\\/wp-content\\\/uploads\\\/2019\\\/02\\\/Enroulement1-196x300.jpg\",\"medium_large\":\"https:\\\/\\\/www.vignevin.com\\\/wp-content\\\/uploads\\\/2019\\\/02\\\/Enroulement1-768x1177.jpg\",\"large\":\"https:\\\/\\\/www.vignevin.com\\\/wp-content\\\/uploads\\\/2019\\\/02\\\/Enroulement1-668x1024.jpg\",\"1536x1536\":\"https:\\\/\\\/www.vignevin.com\\\/wp-content\\\/uploads\\\/2019\\\/02\\\/Enroulement1-scaled.jpg\",\"2048x2048\":\"https:\\\/\\\/www.vignevin.com\\\/wp-content\\\/uploads\\\/2019\\\/02\\\/Enroulement1-scaled.jpg\",\"et-pb-post-main-image\":\"https:\\\/\\\/www.vignevin.com\\\/wp-content\\\/uploads\\\/2019\\\/02\\\/Enroulement1-400x250.jpg\",\"et-pb-post-main-image-fullwidth\":\"https:\\\/\\\/www.vignevin.com\\\/wp-content\\\/uploads\\\/2019\\\/02\\\/Enroulement1-1080x675.jpg\",\"et-pb-portfolio-image\":\"https:\\\/\\\/www.vignevin.com\\\/wp-content\\\/uploads\\\/2019\\\/02\\\/Enroulement1-400x284.jpg\",\"et-pb-portfolio-module-image\":\"https:\\\/\\\/www.vignevin.com\\\/wp-content\\\/uploads\\\/2019\\\/02\\\/Enroulement1-510x382.jpg\",\"et-pb-portfolio-image-single\":\"https:\\\/\\\/www.vignevin.com\\\/wp-content\\\/uploads\\\/2019\\\/02\\\/Enroulement1-1080x1655.jpg\",\"et-pb-gallery-module-image-portrait\":\"https:\\\/\\\/www.vignevin.com\\\/wp-content\\\/uploads\\\/2019\\\/02\\\/Enroulement1-400x516.jpg\",\"et-pb-post-main-image-fullwidth-large\":\"https:\\\/\\\/www.vignevin.com\\\/wp-content\\\/uploads\\\/2019\\\/02\\\/Enroulement1-1927x1800.jpg\",\"et-pb-image--responsive--desktop\":\"https:\\\/\\\/www.vignevin.com\\\/wp-content\\\/uploads\\\/2019\\\/02\\\/Enroulement1-scaled.jpg\",\"et-pb-image--responsive--tablet\":\"https:\\\/\\\/www.vignevin.com\\\/wp-content\\\/uploads\\\/2019\\\/02\\\/Enroulement1-scaled.jpg\",\"et-pb-image--responsive--phone\":\"https:\\\/\\\/www.vignevin.com\\\/wp-content\\\/uploads\\\/2019\\\/02\\\/Enroulement1-scaled.jpg\",\"gform-image-choice-sm\":\"https:\\\/\\\/www.vignevin.com\\\/wp-content\\\/uploads\\\/2019\\\/02\\\/Enroulement1-scaled.jpg\",\"gform-image-choice-md\":\"https:\\\/\\\/www.vignevin.com\\\/wp-content\\\/uploads\\\/2019\\\/02\\\/Enroulement1-scaled.jpg\",\"gform-image-choice-lg\":\"https:\\\/\\\/www.vignevin.com\\\/wp-content\\\/uploads\\\/2019\\\/02\\\/Enroulement1-scaled.jpg\",\"woocommerce_thumbnail\":\"https:\\\/\\\/www.vignevin.com\\\/wp-content\\\/uploads\\\/2019\\\/02\\\/Enroulement1-scaled-300x300.jpg\",\"woocommerce_single\":\"https:\\\/\\\/www.vignevin.com\\\/wp-content\\\/uploads\\\/2019\\\/02\\\/Enroulement1-scaled-600x919.jpg\",\"woocommerce_gallery_thumbnail\":\"https:\\\/\\\/www.vignevin.com\\\/wp-content\\\/uploads\\\/2019\\\/02\\\/Enroulement1-scaled-100x100.jpg\",\"full\":\"https:\\\/\\\/www.vignevin.com\\\/wp-content\\\/uploads\\\/2019\\\/02\\\/Enroulement1-scaled.jpg\",\"index\":3,\"id\":6930,\"video\":false,\"opts\":{\"caption\":\"enroulement (GLRV)\",\"thumb\":\"https:\\\/\\\/www.vignevin.com\\\/wp-content\\\/uploads\\\/2019\\\/02\\\/Enroulement1-scaled-75x50_c.jpg\",\"title\":\"enroulement (GLRV)\"},\"gallery_id\":17410,\"gallery_title\":\"Grapevines virus\"},\"9942\":{\"status\":\"active\",\"src\":\"https:\\\/\\\/www.vignevin.com\\\/wp-content\\\/uploads\\\/2019\\\/02\\\/Pulvinaria-vitis.jpg\",\"title\":\"Pulvinaria vitis\",\"link\":\"https:\\\/\\\/www.vignevin.com\\\/wp-content\\\/uploads\\\/2019\\\/02\\\/Pulvinaria-vitis.jpg\",\"alt\":\"\",\"caption\":false,\"thumb\":\"https:\\\/\\\/www.vignevin.com\\\/wp-content\\\/uploads\\\/2019\\\/02\\\/Pulvinaria-vitis-75x50_c.jpg\",\"meta\":{\"aperture\":null,\"credit\":null,\"camera\":null,\"caption\":\"\",\"created_timestamp\":null,\"copyright\":null,\"focal_length\":null,\"iso\":null,\"shutter_speed\":null,\"title\":\"\",\"orientation\":null,\"keywords\":null},\"thumbnail\":\"https:\\\/\\\/www.vignevin.com\\\/wp-content\\\/uploads\\\/2019\\\/02\\\/Pulvinaria-vitis-150x150.jpg\",\"medium\":\"https:\\\/\\\/www.vignevin.com\\\/wp-content\\\/uploads\\\/2019\\\/02\\\/Pulvinaria-vitis-300x181.jpg\",\"medium_large\":\"https:\\\/\\\/www.vignevin.com\\\/wp-content\\\/uploads\\\/2019\\\/02\\\/Pulvinaria-vitis.jpg\",\"large\":\"https:\\\/\\\/www.vignevin.com\\\/wp-content\\\/uploads\\\/2019\\\/02\\\/Pulvinaria-vitis.jpg\",\"1536x1536\":\"https:\\\/\\\/www.vignevin.com\\\/wp-content\\\/uploads\\\/2019\\\/02\\\/Pulvinaria-vitis.jpg\",\"2048x2048\":\"https:\\\/\\\/www.vignevin.com\\\/wp-content\\\/uploads\\\/2019\\\/02\\\/Pulvinaria-vitis.jpg\",\"et-pb-post-main-image\":\"https:\\\/\\\/www.vignevin.com\\\/wp-content\\\/uploads\\\/2019\\\/02\\\/Pulvinaria-vitis-400x250.jpg\",\"et-pb-post-main-image-fullwidth\":\"https:\\\/\\\/www.vignevin.com\\\/wp-content\\\/uploads\\\/2019\\\/02\\\/Pulvinaria-vitis.jpg\",\"et-pb-portfolio-image\":\"https:\\\/\\\/www.vignevin.com\\\/wp-content\\\/uploads\\\/2019\\\/02\\\/Pulvinaria-vitis-400x275.jpg\",\"et-pb-portfolio-module-image\":\"https:\\\/\\\/www.vignevin.com\\\/wp-content\\\/uploads\\\/2019\\\/02\\\/Pulvinaria-vitis.jpg\",\"et-pb-portfolio-image-single\":\"https:\\\/\\\/www.vignevin.com\\\/wp-content\\\/uploads\\\/2019\\\/02\\\/Pulvinaria-vitis.jpg\",\"et-pb-gallery-module-image-portrait\":\"https:\\\/\\\/www.vignevin.com\\\/wp-content\\\/uploads\\\/2019\\\/02\\\/Pulvinaria-vitis-400x275.jpg\",\"et-pb-post-main-image-fullwidth-large\":\"https:\\\/\\\/www.vignevin.com\\\/wp-content\\\/uploads\\\/2019\\\/02\\\/Pulvinaria-vitis.jpg\",\"et-pb-image--responsive--desktop\":\"https:\\\/\\\/www.vignevin.com\\\/wp-content\\\/uploads\\\/2019\\\/02\\\/Pulvinaria-vitis.jpg\",\"et-pb-image--responsive--tablet\":\"https:\\\/\\\/www.vignevin.com\\\/wp-content\\\/uploads\\\/2019\\\/02\\\/Pulvinaria-vitis.jpg\",\"et-pb-image--responsive--phone\":\"https:\\\/\\\/www.vignevin.com\\\/wp-content\\\/uploads\\\/2019\\\/02\\\/Pulvinaria-vitis.jpg\",\"gform-image-choice-sm\":\"https:\\\/\\\/www.vignevin.com\\\/wp-content\\\/uploads\\\/2019\\\/02\\\/Pulvinaria-vitis.jpg\",\"gform-image-choice-md\":\"https:\\\/\\\/www.vignevin.com\\\/wp-content\\\/uploads\\\/2019\\\/02\\\/Pulvinaria-vitis.jpg\",\"gform-image-choice-lg\":\"https:\\\/\\\/www.vignevin.com\\\/wp-content\\\/uploads\\\/2019\\\/02\\\/Pulvinaria-vitis.jpg\",\"woocommerce_thumbnail\":\"https:\\\/\\\/www.vignevin.com\\\/wp-content\\\/uploads\\\/2019\\\/02\\\/Pulvinaria-vitis-300x275.jpg\",\"woocommerce_single\":\"https:\\\/\\\/www.vignevin.com\\\/wp-content\\\/uploads\\\/2019\\\/02\\\/Pulvinaria-vitis.jpg\",\"woocommerce_gallery_thumbnail\":\"https:\\\/\\\/www.vignevin.com\\\/wp-content\\\/uploads\\\/2019\\\/02\\\/Pulvinaria-vitis-100x100.jpg\",\"full\":\"https:\\\/\\\/www.vignevin.com\\\/wp-content\\\/uploads\\\/2019\\\/02\\\/Pulvinaria-vitis.jpg\",\"index\":4,\"id\":9942,\"video\":false,\"opts\":{\"caption\":\"\",\"thumb\":\"https:\\\/\\\/www.vignevin.com\\\/wp-content\\\/uploads\\\/2019\\\/02\\\/Pulvinaria-vitis-75x50_c.jpg\",\"title\":\"Pulvinaria vitis\"},\"gallery_id\":17410,\"gallery_title\":\"Grapevines virus\"},\"9943\":{\"status\":\"active\",\"src\":\"https:\\\/\\\/www.vignevin.com\\\/wp-content\\\/uploads\\\/2019\\\/02\\\/Ronds-de-court-nou\u00e9-dans-le-vignoble-de-Champagne.jpg\",\"title\":\"Ronds de court-nou&amp;eacute; dans le vignoble de Champagne\",\"link\":\"https:\\\/\\\/www.vignevin.com\\\/wp-content\\\/uploads\\\/2019\\\/02\\\/Ronds-de-court-nou\u00e9-dans-le-vignoble-de-Champagne.jpg\",\"alt\":\"\",\"caption\":false,\"thumb\":\"https:\\\/\\\/www.vignevin.com\\\/wp-content\\\/uploads\\\/2019\\\/02\\\/Ronds-de-court-nou\u00e9-dans-le-vignoble-de-Champagne-75x50_c.jpg\",\"meta\":{\"aperture\":\"4.2\",\"credit\":null,\"camera\":\"DMC-TZ10\",\"caption\":\"\",\"created_timestamp\":\"1307384902\",\"copyright\":null,\"focal_length\":\"13.7\",\"iso\":\"80\",\"shutter_speed\":\"0.00625\",\"title\":\"\",\"orientation\":\"1\",\"keywords\":null},\"thumbnail\":\"https:\\\/\\\/www.vignevin.com\\\/wp-content\\\/uploads\\\/2019\\\/02\\\/Ronds-de-court-nou\u00e9-dans-le-vignoble-de-Champagne-150x150.jpg\",\"medium\":\"https:\\\/\\\/www.vignevin.com\\\/wp-content\\\/uploads\\\/2019\\\/02\\\/Ronds-de-court-nou\u00e9-dans-le-vignoble-de-Champagne-300x225.jpg\",\"medium_large\":\"https:\\\/\\\/www.vignevin.com\\\/wp-content\\\/uploads\\\/2019\\\/02\\\/Ronds-de-court-nou\u00e9-dans-le-vignoble-de-Champagne-768x576.jpg\",\"large\":\"https:\\\/\\\/www.vignevin.com\\\/wp-content\\\/uploads\\\/2019\\\/02\\\/Ronds-de-court-nou\u00e9-dans-le-vignoble-de-Champagne-1024x768.jpg\",\"1536x1536\":\"https:\\\/\\\/www.vignevin.com\\\/wp-content\\\/uploads\\\/2019\\\/02\\\/Ronds-de-court-nou\u00e9-dans-le-vignoble-de-Champagne.jpg\",\"2048x2048\":\"https:\\\/\\\/www.vignevin.com\\\/wp-content\\\/uploads\\\/2019\\\/02\\\/Ronds-de-court-nou\u00e9-dans-le-vignoble-de-Champagne.jpg\",\"et-pb-post-main-image\":\"https:\\\/\\\/www.vignevin.com\\\/wp-content\\\/uploads\\\/2019\\\/02\\\/Ronds-de-court-nou\u00e9-dans-le-vignoble-de-Champagne-400x250.jpg\",\"et-pb-post-main-image-fullwidth\":\"https:\\\/\\\/www.vignevin.com\\\/wp-content\\\/uploads\\\/2019\\\/02\\\/Ronds-de-court-nou\u00e9-dans-le-vignoble-de-Champagne-1080x675.jpg\",\"et-pb-portfolio-image\":\"https:\\\/\\\/www.vignevin.com\\\/wp-content\\\/uploads\\\/2019\\\/02\\\/Ronds-de-court-nou\u00e9-dans-le-vignoble-de-Champagne-400x284.jpg\",\"et-pb-portfolio-module-image\":\"https:\\\/\\\/www.vignevin.com\\\/wp-content\\\/uploads\\\/2019\\\/02\\\/Ronds-de-court-nou\u00e9-dans-le-vignoble-de-Champagne-510x382.jpg\",\"et-pb-portfolio-image-single\":\"https:\\\/\\\/www.vignevin.com\\\/wp-content\\\/uploads\\\/2019\\\/02\\\/Ronds-de-court-nou\u00e9-dans-le-vignoble-de-Champagne-1080x810.jpg\",\"et-pb-gallery-module-image-portrait\":\"https:\\\/\\\/www.vignevin.com\\\/wp-content\\\/uploads\\\/2019\\\/02\\\/Ronds-de-court-nou\u00e9-dans-le-vignoble-de-Champagne-400x516.jpg\",\"et-pb-post-main-image-fullwidth-large\":\"https:\\\/\\\/www.vignevin.com\\\/wp-content\\\/uploads\\\/2019\\\/02\\\/Ronds-de-court-nou\u00e9-dans-le-vignoble-de-Champagne-2560x1800.jpg\",\"et-pb-image--responsive--desktop\":\"https:\\\/\\\/www.vignevin.com\\\/wp-content\\\/uploads\\\/2019\\\/02\\\/Ronds-de-court-nou\u00e9-dans-le-vignoble-de-Champagne.jpg\",\"et-pb-image--responsive--tablet\":\"https:\\\/\\\/www.vignevin.com\\\/wp-content\\\/uploads\\\/2019\\\/02\\\/Ronds-de-court-nou\u00e9-dans-le-vignoble-de-Champagne.jpg\",\"et-pb-image--responsive--phone\":\"https:\\\/\\\/www.vignevin.com\\\/wp-content\\\/uploads\\\/2019\\\/02\\\/Ronds-de-court-nou\u00e9-dans-le-vignoble-de-Champagne.jpg\",\"gform-image-choice-sm\":\"https:\\\/\\\/www.vignevin.com\\\/wp-content\\\/uploads\\\/2019\\\/02\\\/Ronds-de-court-nou\u00e9-dans-le-vignoble-de-Champagne.jpg\",\"gform-image-choice-md\":\"https:\\\/\\\/www.vignevin.com\\\/wp-content\\\/uploads\\\/2019\\\/02\\\/Ronds-de-court-nou\u00e9-dans-le-vignoble-de-Champagne.jpg\",\"gform-image-choice-lg\":\"https:\\\/\\\/www.vignevin.com\\\/wp-content\\\/uploads\\\/2019\\\/02\\\/Ronds-de-court-nou\u00e9-dans-le-vignoble-de-Champagne.jpg\",\"woocommerce_thumbnail\":\"https:\\\/\\\/www.vignevin.com\\\/wp-content\\\/uploads\\\/2019\\\/02\\\/Ronds-de-court-nou\u00e9-dans-le-vignoble-de-Champagne-300x300.jpg\",\"woocommerce_single\":\"https:\\\/\\\/www.vignevin.com\\\/wp-content\\\/uploads\\\/2019\\\/02\\\/Ronds-de-court-nou\u00e9-dans-le-vignoble-de-Champagne-600x450.jpg\",\"woocommerce_gallery_thumbnail\":\"https:\\\/\\\/www.vignevin.com\\\/wp-content\\\/uploads\\\/2019\\\/02\\\/Ronds-de-court-nou\u00e9-dans-le-vignoble-de-Champagne-100x100.jpg\",\"full\":\"https:\\\/\\\/www.vignevin.com\\\/wp-content\\\/uploads\\\/2019\\\/02\\\/Ronds-de-court-nou\u00e9-dans-le-vignoble-de-Champagne.jpg\",\"index\":5,\"id\":9943,\"video\":false,\"opts\":{\"caption\":\"\",\"thumb\":\"https:\\\/\\\/www.vignevin.com\\\/wp-content\\\/uploads\\\/2019\\\/02\\\/Ronds-de-court-nou\u00e9-dans-le-vignoble-de-Champagne-75x50_c.jpg\",\"title\":\"Ronds de court-nou&amp;eacute; dans le vignoble de Champagne\"},\"gallery_id\":17410,\"gallery_title\":\"Grapevines virus\"},\"9944\":{\"status\":\"active\",\"src\":\"https:\\\/\\\/www.vignevin.com\\\/wp-content\\\/uploads\\\/2019\\\/02\\\/Sympt\u00f4mes-de-court-nou\u00e9-d\u00e9formation-foliaire-2.jpg\",\"title\":\"Sympt&amp;ocirc;mes de court-nou&amp;eacute; d&amp;eacute;formation foliaire (2)\",\"link\":\"https:\\\/\\\/www.vignevin.com\\\/wp-content\\\/uploads\\\/2019\\\/02\\\/Sympt\u00f4mes-de-court-nou\u00e9-d\u00e9formation-foliaire-2.jpg\",\"alt\":\"\",\"caption\":false,\"thumb\":\"https:\\\/\\\/www.vignevin.com\\\/wp-content\\\/uploads\\\/2019\\\/02\\\/Sympt\u00f4mes-de-court-nou\u00e9-d\u00e9formation-foliaire-2-75x50_c.jpg\",\"meta\":{\"aperture\":\"3.5\",\"credit\":null,\"camera\":\"DMC-TZ10\",\"caption\":\"\",\"created_timestamp\":\"1377621838\",\"copyright\":null,\"focal_length\":\"4.1\",\"iso\":\"80\",\"shutter_speed\":\"0.01\",\"title\":\"\",\"orientation\":\"1\",\"keywords\":null},\"thumbnail\":\"https:\\\/\\\/www.vignevin.com\\\/wp-content\\\/uploads\\\/2019\\\/02\\\/Sympt\u00f4mes-de-court-nou\u00e9-d\u00e9formation-foliaire-2-150x150.jpg\",\"medium\":\"https:\\\/\\\/www.vignevin.com\\\/wp-content\\\/uploads\\\/2019\\\/02\\\/Sympt\u00f4mes-de-court-nou\u00e9-d\u00e9formation-foliaire-2-225x300.jpg\",\"medium_large\":\"https:\\\/\\\/www.vignevin.com\\\/wp-content\\\/uploads\\\/2019\\\/02\\\/Sympt\u00f4mes-de-court-nou\u00e9-d\u00e9formation-foliaire-2-768x1024.jpg\",\"large\":\"https:\\\/\\\/www.vignevin.com\\\/wp-content\\\/uploads\\\/2019\\\/02\\\/Sympt\u00f4mes-de-court-nou\u00e9-d\u00e9formation-foliaire-2-768x1024.jpg\",\"1536x1536\":\"https:\\\/\\\/www.vignevin.com\\\/wp-content\\\/uploads\\\/2019\\\/02\\\/Sympt\u00f4mes-de-court-nou\u00e9-d\u00e9formation-foliaire-2.jpg\",\"2048x2048\":\"https:\\\/\\\/www.vignevin.com\\\/wp-content\\\/uploads\\\/2019\\\/02\\\/Sympt\u00f4mes-de-court-nou\u00e9-d\u00e9formation-foliaire-2.jpg\",\"et-pb-post-main-image\":\"https:\\\/\\\/www.vignevin.com\\\/wp-content\\\/uploads\\\/2019\\\/02\\\/Sympt\u00f4mes-de-court-nou\u00e9-d\u00e9formation-foliaire-2-400x250.jpg\",\"et-pb-post-main-image-fullwidth\":\"https:\\\/\\\/www.vignevin.com\\\/wp-content\\\/uploads\\\/2019\\\/02\\\/Sympt\u00f4mes-de-court-nou\u00e9-d\u00e9formation-foliaire-2-1080x675.jpg\",\"et-pb-portfolio-image\":\"https:\\\/\\\/www.vignevin.com\\\/wp-content\\\/uploads\\\/2019\\\/02\\\/Sympt\u00f4mes-de-court-nou\u00e9-d\u00e9formation-foliaire-2-400x284.jpg\",\"et-pb-portfolio-module-image\":\"https:\\\/\\\/www.vignevin.com\\\/wp-content\\\/uploads\\\/2019\\\/02\\\/Sympt\u00f4mes-de-court-nou\u00e9-d\u00e9formation-foliaire-2-510x382.jpg\",\"et-pb-portfolio-image-single\":\"https:\\\/\\\/www.vignevin.com\\\/wp-content\\\/uploads\\\/2019\\\/02\\\/Sympt\u00f4mes-de-court-nou\u00e9-d\u00e9formation-foliaire-2-1080x1440.jpg\",\"et-pb-gallery-module-image-portrait\":\"https:\\\/\\\/www.vignevin.com\\\/wp-content\\\/uploads\\\/2019\\\/02\\\/Sympt\u00f4mes-de-court-nou\u00e9-d\u00e9formation-foliaire-2-400x516.jpg\",\"et-pb-post-main-image-fullwidth-large\":\"https:\\\/\\\/www.vignevin.com\\\/wp-content\\\/uploads\\\/2019\\\/02\\\/Sympt\u00f4mes-de-court-nou\u00e9-d\u00e9formation-foliaire-2-1920x1800.jpg\",\"et-pb-image--responsive--desktop\":\"https:\\\/\\\/www.vignevin.com\\\/wp-content\\\/uploads\\\/2019\\\/02\\\/Sympt\u00f4mes-de-court-nou\u00e9-d\u00e9formation-foliaire-2.jpg\",\"et-pb-image--responsive--tablet\":\"https:\\\/\\\/www.vignevin.com\\\/wp-content\\\/uploads\\\/2019\\\/02\\\/Sympt\u00f4mes-de-court-nou\u00e9-d\u00e9formation-foliaire-2.jpg\",\"et-pb-image--responsive--phone\":\"https:\\\/\\\/www.vignevin.com\\\/wp-content\\\/uploads\\\/2019\\\/02\\\/Sympt\u00f4mes-de-court-nou\u00e9-d\u00e9formation-foliaire-2.jpg\",\"gform-image-choice-sm\":\"https:\\\/\\\/www.vignevin.com\\\/wp-content\\\/uploads\\\/2019\\\/02\\\/Sympt\u00f4mes-de-court-nou\u00e9-d\u00e9formation-foliaire-2.jpg\",\"gform-image-choice-md\":\"https:\\\/\\\/www.vignevin.com\\\/wp-content\\\/uploads\\\/2019\\\/02\\\/Sympt\u00f4mes-de-court-nou\u00e9-d\u00e9formation-foliaire-2.jpg\",\"gform-image-choice-lg\":\"https:\\\/\\\/www.vignevin.com\\\/wp-content\\\/uploads\\\/2019\\\/02\\\/Sympt\u00f4mes-de-court-nou\u00e9-d\u00e9formation-foliaire-2.jpg\",\"woocommerce_thumbnail\":\"https:\\\/\\\/www.vignevin.com\\\/wp-content\\\/uploads\\\/2019\\\/02\\\/Sympt\u00f4mes-de-court-nou\u00e9-d\u00e9formation-foliaire-2-300x300.jpg\",\"woocommerce_single\":\"https:\\\/\\\/www.vignevin.com\\\/wp-content\\\/uploads\\\/2019\\\/02\\\/Sympt\u00f4mes-de-court-nou\u00e9-d\u00e9formation-foliaire-2-600x800.jpg\",\"woocommerce_gallery_thumbnail\":\"https:\\\/\\\/www.vignevin.com\\\/wp-content\\\/uploads\\\/2019\\\/02\\\/Sympt\u00f4mes-de-court-nou\u00e9-d\u00e9formation-foliaire-2-100x100.jpg\",\"full\":\"https:\\\/\\\/www.vignevin.com\\\/wp-content\\\/uploads\\\/2019\\\/02\\\/Sympt\u00f4mes-de-court-nou\u00e9-d\u00e9formation-foliaire-2.jpg\",\"index\":6,\"id\":9944,\"video\":false,\"opts\":{\"caption\":\"\",\"thumb\":\"https:\\\/\\\/www.vignevin.com\\\/wp-content\\\/uploads\\\/2019\\\/02\\\/Sympt\u00f4mes-de-court-nou\u00e9-d\u00e9formation-foliaire-2-75x50_c.jpg\",\"title\":\"Sympt&amp;ocirc;mes de court-nou&amp;eacute; d&amp;eacute;formation foliaire (2)\"},\"gallery_id\":17410,\"gallery_title\":\"Grapevines virus\"},\"9945\":{\"status\":\"active\",\"src\":\"https:\\\/\\\/www.vignevin.com\\\/wp-content\\\/uploads\\\/2019\\\/02\\\/Sympt\u00f4mes-de-court-nou\u00e9-d\u00e9formation-foliaire.jpg\",\"title\":\"Sympt&amp;ocirc;mes de court-nou&amp;eacute; d&amp;eacute;formation foliaire\",\"link\":\"https:\\\/\\\/www.vignevin.com\\\/wp-content\\\/uploads\\\/2019\\\/02\\\/Sympt\u00f4mes-de-court-nou\u00e9-d\u00e9formation-foliaire.jpg\",\"alt\":\"\",\"caption\":false,\"thumb\":\"https:\\\/\\\/www.vignevin.com\\\/wp-content\\\/uploads\\\/2019\\\/02\\\/Sympt\u00f4mes-de-court-nou\u00e9-d\u00e9formation-foliaire-75x50_c.jpg\",\"meta\":{\"aperture\":\"4\",\"credit\":null,\"camera\":\"DMC-TZ10\",\"caption\":\"\",\"created_timestamp\":\"1313751034\",\"copyright\":null,\"focal_length\":\"4.1\",\"iso\":\"80\",\"shutter_speed\":\"0.00625\",\"title\":\"\",\"orientation\":\"1\",\"keywords\":null},\"thumbnail\":\"https:\\\/\\\/www.vignevin.com\\\/wp-content\\\/uploads\\\/2019\\\/02\\\/Sympt\u00f4mes-de-court-nou\u00e9-d\u00e9formation-foliaire-150x150.jpg\",\"medium\":\"https:\\\/\\\/www.vignevin.com\\\/wp-content\\\/uploads\\\/2019\\\/02\\\/Sympt\u00f4mes-de-court-nou\u00e9-d\u00e9formation-foliaire-300x225.jpg\",\"medium_large\":\"https:\\\/\\\/www.vignevin.com\\\/wp-content\\\/uploads\\\/2019\\\/02\\\/Sympt\u00f4mes-de-court-nou\u00e9-d\u00e9formation-foliaire-768x576.jpg\",\"large\":\"https:\\\/\\\/www.vignevin.com\\\/wp-content\\\/uploads\\\/2019\\\/02\\\/Sympt\u00f4mes-de-court-nou\u00e9-d\u00e9formation-foliaire-1024x768.jpg\",\"1536x1536\":\"https:\\\/\\\/www.vignevin.com\\\/wp-content\\\/uploads\\\/2019\\\/02\\\/Sympt\u00f4mes-de-court-nou\u00e9-d\u00e9formation-foliaire.jpg\",\"2048x2048\":\"https:\\\/\\\/www.vignevin.com\\\/wp-content\\\/uploads\\\/2019\\\/02\\\/Sympt\u00f4mes-de-court-nou\u00e9-d\u00e9formation-foliaire.jpg\",\"et-pb-post-main-image\":\"https:\\\/\\\/www.vignevin.com\\\/wp-content\\\/uploads\\\/2019\\\/02\\\/Sympt\u00f4mes-de-court-nou\u00e9-d\u00e9formation-foliaire-400x250.jpg\",\"et-pb-post-main-image-fullwidth\":\"https:\\\/\\\/www.vignevin.com\\\/wp-content\\\/uploads\\\/2019\\\/02\\\/Sympt\u00f4mes-de-court-nou\u00e9-d\u00e9formation-foliaire-1080x675.jpg\",\"et-pb-portfolio-image\":\"https:\\\/\\\/www.vignevin.com\\\/wp-content\\\/uploads\\\/2019\\\/02\\\/Sympt\u00f4mes-de-court-nou\u00e9-d\u00e9formation-foliaire-400x284.jpg\",\"et-pb-portfolio-module-image\":\"https:\\\/\\\/www.vignevin.com\\\/wp-content\\\/uploads\\\/2019\\\/02\\\/Sympt\u00f4mes-de-court-nou\u00e9-d\u00e9formation-foliaire-510x382.jpg\",\"et-pb-portfolio-image-single\":\"https:\\\/\\\/www.vignevin.com\\\/wp-content\\\/uploads\\\/2019\\\/02\\\/Sympt\u00f4mes-de-court-nou\u00e9-d\u00e9formation-foliaire-1080x810.jpg\",\"et-pb-gallery-module-image-portrait\":\"https:\\\/\\\/www.vignevin.com\\\/wp-content\\\/uploads\\\/2019\\\/02\\\/Sympt\u00f4mes-de-court-nou\u00e9-d\u00e9formation-foliaire-400x516.jpg\",\"et-pb-post-main-image-fullwidth-large\":\"https:\\\/\\\/www.vignevin.com\\\/wp-content\\\/uploads\\\/2019\\\/02\\\/Sympt\u00f4mes-de-court-nou\u00e9-d\u00e9formation-foliaire-2560x1800.jpg\",\"et-pb-image--responsive--desktop\":\"https:\\\/\\\/www.vignevin.com\\\/wp-content\\\/uploads\\\/2019\\\/02\\\/Sympt\u00f4mes-de-court-nou\u00e9-d\u00e9formation-foliaire.jpg\",\"et-pb-image--responsive--tablet\":\"https:\\\/\\\/www.vignevin.com\\\/wp-content\\\/uploads\\\/2019\\\/02\\\/Sympt\u00f4mes-de-court-nou\u00e9-d\u00e9formation-foliaire.jpg\",\"et-pb-image--responsive--phone\":\"https:\\\/\\\/www.vignevin.com\\\/wp-content\\\/uploads\\\/2019\\\/02\\\/Sympt\u00f4mes-de-court-nou\u00e9-d\u00e9formation-foliaire.jpg\",\"gform-image-choice-sm\":\"https:\\\/\\\/www.vignevin.com\\\/wp-content\\\/uploads\\\/2019\\\/02\\\/Sympt\u00f4mes-de-court-nou\u00e9-d\u00e9formation-foliaire.jpg\",\"gform-image-choice-md\":\"https:\\\/\\\/www.vignevin.com\\\/wp-content\\\/uploads\\\/2019\\\/02\\\/Sympt\u00f4mes-de-court-nou\u00e9-d\u00e9formation-foliaire.jpg\",\"gform-image-choice-lg\":\"https:\\\/\\\/www.vignevin.com\\\/wp-content\\\/uploads\\\/2019\\\/02\\\/Sympt\u00f4mes-de-court-nou\u00e9-d\u00e9formation-foliaire.jpg\",\"woocommerce_thumbnail\":\"https:\\\/\\\/www.vignevin.com\\\/wp-content\\\/uploads\\\/2019\\\/02\\\/Sympt\u00f4mes-de-court-nou\u00e9-d\u00e9formation-foliaire-300x300.jpg\",\"woocommerce_single\":\"https:\\\/\\\/www.vignevin.com\\\/wp-content\\\/uploads\\\/2019\\\/02\\\/Sympt\u00f4mes-de-court-nou\u00e9-d\u00e9formation-foliaire-600x450.jpg\",\"woocommerce_gallery_thumbnail\":\"https:\\\/\\\/www.vignevin.com\\\/wp-content\\\/uploads\\\/2019\\\/02\\\/Sympt\u00f4mes-de-court-nou\u00e9-d\u00e9formation-foliaire-100x100.jpg\",\"full\":\"https:\\\/\\\/www.vignevin.com\\\/wp-content\\\/uploads\\\/2019\\\/02\\\/Sympt\u00f4mes-de-court-nou\u00e9-d\u00e9formation-foliaire.jpg\",\"index\":7,\"id\":9945,\"video\":false,\"opts\":{\"caption\":\"\",\"thumb\":\"https:\\\/\\\/www.vignevin.com\\\/wp-content\\\/uploads\\\/2019\\\/02\\\/Sympt\u00f4mes-de-court-nou\u00e9-d\u00e9formation-foliaire-75x50_c.jpg\",\"title\":\"Sympt&amp;ocirc;mes de court-nou&amp;eacute; d&amp;eacute;formation foliaire\"},\"gallery_id\":17410,\"gallery_title\":\"Grapevines virus\"},\"9946\":{\"status\":\"active\",\"src\":\"https:\\\/\\\/www.vignevin.com\\\/wp-content\\\/uploads\\\/2019\\\/02\\\/Sympt\u00f4mes-de-court-nou\u00e9-double-n\u0153uds.jpg\",\"title\":\"OLYMPUS DIGITAL CAMERA\",\"link\":\"https:\\\/\\\/www.vignevin.com\\\/wp-content\\\/uploads\\\/2019\\\/02\\\/Sympt\u00f4mes-de-court-nou\u00e9-double-n\u0153uds.jpg\",\"alt\":\"\",\"caption\":\"OLYMPUS DIGITAL CAMERA\",\"thumb\":\"https:\\\/\\\/www.vignevin.com\\\/wp-content\\\/uploads\\\/2019\\\/02\\\/Sympt\u00f4mes-de-court-nou\u00e9-double-n\u0153uds-75x50_c.jpg\",\"meta\":{\"aperture\":\"2.8\",\"credit\":null,\"camera\":\"C-5000Z\",\"caption\":\"OLYMPUS DIGITAL CAMERA\",\"created_timestamp\":\"1083369864\",\"copyright\":null,\"focal_length\":\"7.8\",\"iso\":\"100\",\"shutter_speed\":\"0.033333333333333\",\"title\":\"OLYMPUS DIGITAL CAMERA\",\"orientation\":\"1\",\"keywords\":null},\"thumbnail\":\"https:\\\/\\\/www.vignevin.com\\\/wp-content\\\/uploads\\\/2019\\\/02\\\/Sympt\u00f4mes-de-court-nou\u00e9-double-n\u0153uds-150x150.jpg\",\"medium\":\"https:\\\/\\\/www.vignevin.com\\\/wp-content\\\/uploads\\\/2019\\\/02\\\/Sympt\u00f4mes-de-court-nou\u00e9-double-n\u0153uds-225x300.jpg\",\"medium_large\":\"https:\\\/\\\/www.vignevin.com\\\/wp-content\\\/uploads\\\/2019\\\/02\\\/Sympt\u00f4mes-de-court-nou\u00e9-double-n\u0153uds-768x1024.jpg\",\"large\":\"https:\\\/\\\/www.vignevin.com\\\/wp-content\\\/uploads\\\/2019\\\/02\\\/Sympt\u00f4mes-de-court-nou\u00e9-double-n\u0153uds-768x1024.jpg\",\"1536x1536\":\"https:\\\/\\\/www.vignevin.com\\\/wp-content\\\/uploads\\\/2019\\\/02\\\/Sympt\u00f4mes-de-court-nou\u00e9-double-n\u0153uds.jpg\",\"2048x2048\":\"https:\\\/\\\/www.vignevin.com\\\/wp-content\\\/uploads\\\/2019\\\/02\\\/Sympt\u00f4mes-de-court-nou\u00e9-double-n\u0153uds.jpg\",\"et-pb-post-main-image\":\"https:\\\/\\\/www.vignevin.com\\\/wp-content\\\/uploads\\\/2019\\\/02\\\/Sympt\u00f4mes-de-court-nou\u00e9-double-n\u0153uds-400x250.jpg\",\"et-pb-post-main-image-fullwidth\":\"https:\\\/\\\/www.vignevin.com\\\/wp-content\\\/uploads\\\/2019\\\/02\\\/Sympt\u00f4mes-de-court-nou\u00e9-double-n\u0153uds-1080x675.jpg\",\"et-pb-portfolio-image\":\"https:\\\/\\\/www.vignevin.com\\\/wp-content\\\/uploads\\\/2019\\\/02\\\/Sympt\u00f4mes-de-court-nou\u00e9-double-n\u0153uds-400x284.jpg\",\"et-pb-portfolio-module-image\":\"https:\\\/\\\/www.vignevin.com\\\/wp-content\\\/uploads\\\/2019\\\/02\\\/Sympt\u00f4mes-de-court-nou\u00e9-double-n\u0153uds-510x382.jpg\",\"et-pb-portfolio-image-single\":\"https:\\\/\\\/www.vignevin.com\\\/wp-content\\\/uploads\\\/2019\\\/02\\\/Sympt\u00f4mes-de-court-nou\u00e9-double-n\u0153uds-1080x1440.jpg\",\"et-pb-gallery-module-image-portrait\":\"https:\\\/\\\/www.vignevin.com\\\/wp-content\\\/uploads\\\/2019\\\/02\\\/Sympt\u00f4mes-de-court-nou\u00e9-double-n\u0153uds-400x516.jpg\",\"et-pb-post-main-image-fullwidth-large\":\"https:\\\/\\\/www.vignevin.com\\\/wp-content\\\/uploads\\\/2019\\\/02\\\/Sympt\u00f4mes-de-court-nou\u00e9-double-n\u0153uds-1920x1800.jpg\",\"et-pb-image--responsive--desktop\":\"https:\\\/\\\/www.vignevin.com\\\/wp-content\\\/uploads\\\/2019\\\/02\\\/Sympt\u00f4mes-de-court-nou\u00e9-double-n\u0153uds.jpg\",\"et-pb-image--responsive--tablet\":\"https:\\\/\\\/www.vignevin.com\\\/wp-content\\\/uploads\\\/2019\\\/02\\\/Sympt\u00f4mes-de-court-nou\u00e9-double-n\u0153uds.jpg\",\"et-pb-image--responsive--phone\":\"https:\\\/\\\/www.vignevin.com\\\/wp-content\\\/uploads\\\/2019\\\/02\\\/Sympt\u00f4mes-de-court-nou\u00e9-double-n\u0153uds.jpg\",\"gform-image-choice-sm\":\"https:\\\/\\\/www.vignevin.com\\\/wp-content\\\/uploads\\\/2019\\\/02\\\/Sympt\u00f4mes-de-court-nou\u00e9-double-n\u0153uds.jpg\",\"gform-image-choice-md\":\"https:\\\/\\\/www.vignevin.com\\\/wp-content\\\/uploads\\\/2019\\\/02\\\/Sympt\u00f4mes-de-court-nou\u00e9-double-n\u0153uds.jpg\",\"gform-image-choice-lg\":\"https:\\\/\\\/www.vignevin.com\\\/wp-content\\\/uploads\\\/2019\\\/02\\\/Sympt\u00f4mes-de-court-nou\u00e9-double-n\u0153uds.jpg\",\"woocommerce_thumbnail\":\"https:\\\/\\\/www.vignevin.com\\\/wp-content\\\/uploads\\\/2019\\\/02\\\/Sympt\u00f4mes-de-court-nou\u00e9-double-n\u0153uds-300x300.jpg\",\"woocommerce_single\":\"https:\\\/\\\/www.vignevin.com\\\/wp-content\\\/uploads\\\/2019\\\/02\\\/Sympt\u00f4mes-de-court-nou\u00e9-double-n\u0153uds-600x800.jpg\",\"woocommerce_gallery_thumbnail\":\"https:\\\/\\\/www.vignevin.com\\\/wp-content\\\/uploads\\\/2019\\\/02\\\/Sympt\u00f4mes-de-court-nou\u00e9-double-n\u0153uds-100x100.jpg\",\"full\":\"https:\\\/\\\/www.vignevin.com\\\/wp-content\\\/uploads\\\/2019\\\/02\\\/Sympt\u00f4mes-de-court-nou\u00e9-double-n\u0153uds.jpg\",\"index\":8,\"id\":9946,\"video\":false,\"opts\":{\"caption\":\"OLYMPUS DIGITAL CAMERA\",\"thumb\":\"https:\\\/\\\/www.vignevin.com\\\/wp-content\\\/uploads\\\/2019\\\/02\\\/Sympt\u00f4mes-de-court-nou\u00e9-double-n\u0153uds-75x50_c.jpg\",\"title\":\"OLYMPUS DIGITAL CAMERA\"},\"gallery_id\":17410,\"gallery_title\":\"Grapevines virus\"},\"9947\":{\"status\":\"active\",\"src\":\"https:\\\/\\\/www.vignevin.com\\\/wp-content\\\/uploads\\\/2019\\\/02\\\/Sympt\u00f4mes-de-court-nou\u00e9-entrenoeuds-irr\u00e9guliers.jpg\",\"title\":\"OLYMPUS DIGITAL CAMERA\",\"link\":\"https:\\\/\\\/www.vignevin.com\\\/wp-content\\\/uploads\\\/2019\\\/02\\\/Sympt\u00f4mes-de-court-nou\u00e9-entrenoeuds-irr\u00e9guliers.jpg\",\"alt\":\"\",\"caption\":\"OLYMPUS DIGITAL CAMERA\",\"thumb\":\"https:\\\/\\\/www.vignevin.com\\\/wp-content\\\/uploads\\\/2019\\\/02\\\/Sympt\u00f4mes-de-court-nou\u00e9-entrenoeuds-irr\u00e9guliers-75x50_c.jpg\",\"meta\":{\"aperture\":\"8\",\"credit\":null,\"camera\":\"C-5000Z\",\"caption\":\"OLYMPUS DIGITAL CAMERA\",\"created_timestamp\":\"1082852223\",\"copyright\":null,\"focal_length\":\"7.8\",\"iso\":\"160\",\"shutter_speed\":\"0.033333333333333\",\"title\":\"OLYMPUS DIGITAL CAMERA\",\"orientation\":\"1\",\"keywords\":null},\"thumbnail\":\"https:\\\/\\\/www.vignevin.com\\\/wp-content\\\/uploads\\\/2019\\\/02\\\/Sympt\u00f4mes-de-court-nou\u00e9-entrenoeuds-irr\u00e9guliers-150x150.jpg\",\"medium\":\"https:\\\/\\\/www.vignevin.com\\\/wp-content\\\/uploads\\\/2019\\\/02\\\/Sympt\u00f4mes-de-court-nou\u00e9-entrenoeuds-irr\u00e9guliers-300x225.jpg\",\"medium_large\":\"https:\\\/\\\/www.vignevin.com\\\/wp-content\\\/uploads\\\/2019\\\/02\\\/Sympt\u00f4mes-de-court-nou\u00e9-entrenoeuds-irr\u00e9guliers-768x576.jpg\",\"large\":\"https:\\\/\\\/www.vignevin.com\\\/wp-content\\\/uploads\\\/2019\\\/02\\\/Sympt\u00f4mes-de-court-nou\u00e9-entrenoeuds-irr\u00e9guliers-1024x768.jpg\",\"1536x1536\":\"https:\\\/\\\/www.vignevin.com\\\/wp-content\\\/uploads\\\/2019\\\/02\\\/Sympt\u00f4mes-de-court-nou\u00e9-entrenoeuds-irr\u00e9guliers.jpg\",\"2048x2048\":\"https:\\\/\\\/www.vignevin.com\\\/wp-content\\\/uploads\\\/2019\\\/02\\\/Sympt\u00f4mes-de-court-nou\u00e9-entrenoeuds-irr\u00e9guliers.jpg\",\"et-pb-post-main-image\":\"https:\\\/\\\/www.vignevin.com\\\/wp-content\\\/uploads\\\/2019\\\/02\\\/Sympt\u00f4mes-de-court-nou\u00e9-entrenoeuds-irr\u00e9guliers-400x250.jpg\",\"et-pb-post-main-image-fullwidth\":\"https:\\\/\\\/www.vignevin.com\\\/wp-content\\\/uploads\\\/2019\\\/02\\\/Sympt\u00f4mes-de-court-nou\u00e9-entrenoeuds-irr\u00e9guliers-1080x675.jpg\",\"et-pb-portfolio-image\":\"https:\\\/\\\/www.vignevin.com\\\/wp-content\\\/uploads\\\/2019\\\/02\\\/Sympt\u00f4mes-de-court-nou\u00e9-entrenoeuds-irr\u00e9guliers-400x284.jpg\",\"et-pb-portfolio-module-image\":\"https:\\\/\\\/www.vignevin.com\\\/wp-content\\\/uploads\\\/2019\\\/02\\\/Sympt\u00f4mes-de-court-nou\u00e9-entrenoeuds-irr\u00e9guliers-510x382.jpg\",\"et-pb-portfolio-image-single\":\"https:\\\/\\\/www.vignevin.com\\\/wp-content\\\/uploads\\\/2019\\\/02\\\/Sympt\u00f4mes-de-court-nou\u00e9-entrenoeuds-irr\u00e9guliers-1080x810.jpg\",\"et-pb-gallery-module-image-portrait\":\"https:\\\/\\\/www.vignevin.com\\\/wp-content\\\/uploads\\\/2019\\\/02\\\/Sympt\u00f4mes-de-court-nou\u00e9-entrenoeuds-irr\u00e9guliers-400x516.jpg\",\"et-pb-post-main-image-fullwidth-large\":\"https:\\\/\\\/www.vignevin.com\\\/wp-content\\\/uploads\\\/2019\\\/02\\\/Sympt\u00f4mes-de-court-nou\u00e9-entrenoeuds-irr\u00e9guliers-2560x1800.jpg\",\"et-pb-image--responsive--desktop\":\"https:\\\/\\\/www.vignevin.com\\\/wp-content\\\/uploads\\\/2019\\\/02\\\/Sympt\u00f4mes-de-court-nou\u00e9-entrenoeuds-irr\u00e9guliers.jpg\",\"et-pb-image--responsive--tablet\":\"https:\\\/\\\/www.vignevin.com\\\/wp-content\\\/uploads\\\/2019\\\/02\\\/Sympt\u00f4mes-de-court-nou\u00e9-entrenoeuds-irr\u00e9guliers.jpg\",\"et-pb-image--responsive--phone\":\"https:\\\/\\\/www.vignevin.com\\\/wp-content\\\/uploads\\\/2019\\\/02\\\/Sympt\u00f4mes-de-court-nou\u00e9-entrenoeuds-irr\u00e9guliers.jpg\",\"gform-image-choice-sm\":\"https:\\\/\\\/www.vignevin.com\\\/wp-content\\\/uploads\\\/2019\\\/02\\\/Sympt\u00f4mes-de-court-nou\u00e9-entrenoeuds-irr\u00e9guliers.jpg\",\"gform-image-choice-md\":\"https:\\\/\\\/www.vignevin.com\\\/wp-content\\\/uploads\\\/2019\\\/02\\\/Sympt\u00f4mes-de-court-nou\u00e9-entrenoeuds-irr\u00e9guliers.jpg\",\"gform-image-choice-lg\":\"https:\\\/\\\/www.vignevin.com\\\/wp-content\\\/uploads\\\/2019\\\/02\\\/Sympt\u00f4mes-de-court-nou\u00e9-entrenoeuds-irr\u00e9guliers.jpg\",\"woocommerce_thumbnail\":\"https:\\\/\\\/www.vignevin.com\\\/wp-content\\\/uploads\\\/2019\\\/02\\\/Sympt\u00f4mes-de-court-nou\u00e9-entrenoeuds-irr\u00e9guliers-300x300.jpg\",\"woocommerce_single\":\"https:\\\/\\\/www.vignevin.com\\\/wp-content\\\/uploads\\\/2019\\\/02\\\/Sympt\u00f4mes-de-court-nou\u00e9-entrenoeuds-irr\u00e9guliers-600x450.jpg\",\"woocommerce_gallery_thumbnail\":\"https:\\\/\\\/www.vignevin.com\\\/wp-content\\\/uploads\\\/2019\\\/02\\\/Sympt\u00f4mes-de-court-nou\u00e9-entrenoeuds-irr\u00e9guliers-100x100.jpg\",\"full\":\"https:\\\/\\\/www.vignevin.com\\\/wp-content\\\/uploads\\\/2019\\\/02\\\/Sympt\u00f4mes-de-court-nou\u00e9-entrenoeuds-irr\u00e9guliers.jpg\",\"index\":9,\"id\":9947,\"video\":false,\"opts\":{\"caption\":\"OLYMPUS DIGITAL CAMERA\",\"thumb\":\"https:\\\/\\\/www.vignevin.com\\\/wp-content\\\/uploads\\\/2019\\\/02\\\/Sympt\u00f4mes-de-court-nou\u00e9-entrenoeuds-irr\u00e9guliers-75x50_c.jpg\",\"title\":\"OLYMPUS DIGITAL CAMERA\"},\"gallery_id\":17410,\"gallery_title\":\"Grapevines virus\"},\"9948\":{\"status\":\"active\",\"src\":\"https:\\\/\\\/www.vignevin.com\\\/wp-content\\\/uploads\\\/2019\\\/02\\\/Sympt\u00f4mes-de-court-nou\u00e9-fasciations-aplatissement-des-rameaux.jpg\",\"title\":\"OLYMPUS DIGITAL CAMERA\",\"link\":\"https:\\\/\\\/www.vignevin.com\\\/wp-content\\\/uploads\\\/2019\\\/02\\\/Sympt\u00f4mes-de-court-nou\u00e9-fasciations-aplatissement-des-rameaux.jpg\",\"alt\":\"\",\"caption\":\"OLYMPUS DIGITAL CAMERA\",\"thumb\":\"https:\\\/\\\/www.vignevin.com\\\/wp-content\\\/uploads\\\/2019\\\/02\\\/Sympt\u00f4mes-de-court-nou\u00e9-fasciations-aplatissement-des-rameaux-75x50_c.jpg\",\"meta\":{\"aperture\":\"2.8\",\"credit\":null,\"camera\":\"C-5000Z\",\"caption\":\"OLYMPUS DIGITAL CAMERA\",\"created_timestamp\":\"1195210236\",\"copyright\":null,\"focal_length\":\"7.8\",\"iso\":\"125\",\"shutter_speed\":\"0.033333333333333\",\"title\":\"OLYMPUS DIGITAL CAMERA\",\"orientation\":\"1\",\"keywords\":null},\"thumbnail\":\"https:\\\/\\\/www.vignevin.com\\\/wp-content\\\/uploads\\\/2019\\\/02\\\/Sympt\u00f4mes-de-court-nou\u00e9-fasciations-aplatissement-des-rameaux-150x150.jpg\",\"medium\":\"https:\\\/\\\/www.vignevin.com\\\/wp-content\\\/uploads\\\/2019\\\/02\\\/Sympt\u00f4mes-de-court-nou\u00e9-fasciations-aplatissement-des-rameaux-300x225.jpg\",\"medium_large\":\"https:\\\/\\\/www.vignevin.com\\\/wp-content\\\/uploads\\\/2019\\\/02\\\/Sympt\u00f4mes-de-court-nou\u00e9-fasciations-aplatissement-des-rameaux-768x576.jpg\",\"large\":\"https:\\\/\\\/www.vignevin.com\\\/wp-content\\\/uploads\\\/2019\\\/02\\\/Sympt\u00f4mes-de-court-nou\u00e9-fasciations-aplatissement-des-rameaux-1024x768.jpg\",\"1536x1536\":\"https:\\\/\\\/www.vignevin.com\\\/wp-content\\\/uploads\\\/2019\\\/02\\\/Sympt\u00f4mes-de-court-nou\u00e9-fasciations-aplatissement-des-rameaux.jpg\",\"2048x2048\":\"https:\\\/\\\/www.vignevin.com\\\/wp-content\\\/uploads\\\/2019\\\/02\\\/Sympt\u00f4mes-de-court-nou\u00e9-fasciations-aplatissement-des-rameaux.jpg\",\"et-pb-post-main-image\":\"https:\\\/\\\/www.vignevin.com\\\/wp-content\\\/uploads\\\/2019\\\/02\\\/Sympt\u00f4mes-de-court-nou\u00e9-fasciations-aplatissement-des-rameaux-400x250.jpg\",\"et-pb-post-main-image-fullwidth\":\"https:\\\/\\\/www.vignevin.com\\\/wp-content\\\/uploads\\\/2019\\\/02\\\/Sympt\u00f4mes-de-court-nou\u00e9-fasciations-aplatissement-des-rameaux-1080x675.jpg\",\"et-pb-portfolio-image\":\"https:\\\/\\\/www.vignevin.com\\\/wp-content\\\/uploads\\\/2019\\\/02\\\/Sympt\u00f4mes-de-court-nou\u00e9-fasciations-aplatissement-des-rameaux-400x284.jpg\",\"et-pb-portfolio-module-image\":\"https:\\\/\\\/www.vignevin.com\\\/wp-content\\\/uploads\\\/2019\\\/02\\\/Sympt\u00f4mes-de-court-nou\u00e9-fasciations-aplatissement-des-rameaux-510x382.jpg\",\"et-pb-portfolio-image-single\":\"https:\\\/\\\/www.vignevin.com\\\/wp-content\\\/uploads\\\/2019\\\/02\\\/Sympt\u00f4mes-de-court-nou\u00e9-fasciations-aplatissement-des-rameaux-1080x810.jpg\",\"et-pb-gallery-module-image-portrait\":\"https:\\\/\\\/www.vignevin.com\\\/wp-content\\\/uploads\\\/2019\\\/02\\\/Sympt\u00f4mes-de-court-nou\u00e9-fasciations-aplatissement-des-rameaux-400x516.jpg\",\"et-pb-post-main-image-fullwidth-large\":\"https:\\\/\\\/www.vignevin.com\\\/wp-content\\\/uploads\\\/2019\\\/02\\\/Sympt\u00f4mes-de-court-nou\u00e9-fasciations-aplatissement-des-rameaux.jpg\",\"et-pb-image--responsive--desktop\":\"https:\\\/\\\/www.vignevin.com\\\/wp-content\\\/uploads\\\/2019\\\/02\\\/Sympt\u00f4mes-de-court-nou\u00e9-fasciations-aplatissement-des-rameaux.jpg\",\"et-pb-image--responsive--tablet\":\"https:\\\/\\\/www.vignevin.com\\\/wp-content\\\/uploads\\\/2019\\\/02\\\/Sympt\u00f4mes-de-court-nou\u00e9-fasciations-aplatissement-des-rameaux.jpg\",\"et-pb-image--responsive--phone\":\"https:\\\/\\\/www.vignevin.com\\\/wp-content\\\/uploads\\\/2019\\\/02\\\/Sympt\u00f4mes-de-court-nou\u00e9-fasciations-aplatissement-des-rameaux.jpg\",\"gform-image-choice-sm\":\"https:\\\/\\\/www.vignevin.com\\\/wp-content\\\/uploads\\\/2019\\\/02\\\/Sympt\u00f4mes-de-court-nou\u00e9-fasciations-aplatissement-des-rameaux.jpg\",\"gform-image-choice-md\":\"https:\\\/\\\/www.vignevin.com\\\/wp-content\\\/uploads\\\/2019\\\/02\\\/Sympt\u00f4mes-de-court-nou\u00e9-fasciations-aplatissement-des-rameaux.jpg\",\"gform-image-choice-lg\":\"https:\\\/\\\/www.vignevin.com\\\/wp-content\\\/uploads\\\/2019\\\/02\\\/Sympt\u00f4mes-de-court-nou\u00e9-fasciations-aplatissement-des-rameaux.jpg\",\"woocommerce_thumbnail\":\"https:\\\/\\\/www.vignevin.com\\\/wp-content\\\/uploads\\\/2019\\\/02\\\/Sympt\u00f4mes-de-court-nou\u00e9-fasciations-aplatissement-des-rameaux-300x300.jpg\",\"woocommerce_single\":\"https:\\\/\\\/www.vignevin.com\\\/wp-content\\\/uploads\\\/2019\\\/02\\\/Sympt\u00f4mes-de-court-nou\u00e9-fasciations-aplatissement-des-rameaux-600x450.jpg\",\"woocommerce_gallery_thumbnail\":\"https:\\\/\\\/www.vignevin.com\\\/wp-content\\\/uploads\\\/2019\\\/02\\\/Sympt\u00f4mes-de-court-nou\u00e9-fasciations-aplatissement-des-rameaux-100x100.jpg\",\"full\":\"https:\\\/\\\/www.vignevin.com\\\/wp-content\\\/uploads\\\/2019\\\/02\\\/Sympt\u00f4mes-de-court-nou\u00e9-fasciations-aplatissement-des-rameaux.jpg\",\"index\":10,\"id\":9948,\"video\":false,\"opts\":{\"caption\":\"OLYMPUS DIGITAL CAMERA\",\"thumb\":\"https:\\\/\\\/www.vignevin.com\\\/wp-content\\\/uploads\\\/2019\\\/02\\\/Sympt\u00f4mes-de-court-nou\u00e9-fasciations-aplatissement-des-rameaux-75x50_c.jpg\",\"title\":\"OLYMPUS DIGITAL CAMERA\"},\"gallery_id\":17410,\"gallery_title\":\"Grapevines virus\"},\"9949\":{\"status\":\"active\",\"src\":\"https:\\\/\\\/www.vignevin.com\\\/wp-content\\\/uploads\\\/2019\\\/02\\\/Sympt\u00f4mes-de-court-nou\u00e9-millerandage.jpg\",\"title\":\"Sympt&amp;ocirc;mes de court-nou&amp;eacute; millerandage\",\"link\":\"https:\\\/\\\/www.vignevin.com\\\/wp-content\\\/uploads\\\/2019\\\/02\\\/Sympt\u00f4mes-de-court-nou\u00e9-millerandage.jpg\",\"alt\":\"\",\"caption\":false,\"thumb\":\"https:\\\/\\\/www.vignevin.com\\\/wp-content\\\/uploads\\\/2019\\\/02\\\/Sympt\u00f4mes-de-court-nou\u00e9-millerandage-75x50_c.jpg\",\"meta\":{\"aperture\":\"3.3\",\"credit\":null,\"camera\":\"DMC-TZ10\",\"caption\":\"\",\"created_timestamp\":\"1341430501\",\"copyright\":null,\"focal_length\":\"4.1\",\"iso\":\"100\",\"shutter_speed\":\"0.033333333333333\",\"title\":\"\",\"orientation\":\"1\",\"keywords\":null},\"thumbnail\":\"https:\\\/\\\/www.vignevin.com\\\/wp-content\\\/uploads\\\/2019\\\/02\\\/Sympt\u00f4mes-de-court-nou\u00e9-millerandage.jpg\",\"medium\":\"https:\\\/\\\/www.vignevin.com\\\/wp-content\\\/uploads\\\/2019\\\/02\\\/Sympt\u00f4mes-de-court-nou\u00e9-millerandage.jpg\",\"medium_large\":\"https:\\\/\\\/www.vignevin.com\\\/wp-content\\\/uploads\\\/2019\\\/02\\\/Sympt\u00f4mes-de-court-nou\u00e9-millerandage.jpg\",\"large\":\"https:\\\/\\\/www.vignevin.com\\\/wp-content\\\/uploads\\\/2019\\\/02\\\/Sympt\u00f4mes-de-court-nou\u00e9-millerandage.jpg\",\"1536x1536\":\"https:\\\/\\\/www.vignevin.com\\\/wp-content\\\/uploads\\\/2019\\\/02\\\/Sympt\u00f4mes-de-court-nou\u00e9-millerandage.jpg\",\"2048x2048\":\"https:\\\/\\\/www.vignevin.com\\\/wp-content\\\/uploads\\\/2019\\\/02\\\/Sympt\u00f4mes-de-court-nou\u00e9-millerandage.jpg\",\"et-pb-post-main-image\":\"https:\\\/\\\/www.vignevin.com\\\/wp-content\\\/uploads\\\/2019\\\/02\\\/Sympt\u00f4mes-de-court-nou\u00e9-millerandage.jpg\",\"et-pb-post-main-image-fullwidth\":\"https:\\\/\\\/www.vignevin.com\\\/wp-content\\\/uploads\\\/2019\\\/02\\\/Sympt\u00f4mes-de-court-nou\u00e9-millerandage.jpg\",\"et-pb-portfolio-image\":\"https:\\\/\\\/www.vignevin.com\\\/wp-content\\\/uploads\\\/2019\\\/02\\\/Sympt\u00f4mes-de-court-nou\u00e9-millerandage.jpg\",\"et-pb-portfolio-module-image\":\"https:\\\/\\\/www.vignevin.com\\\/wp-content\\\/uploads\\\/2019\\\/02\\\/Sympt\u00f4mes-de-court-nou\u00e9-millerandage.jpg\",\"et-pb-portfolio-image-single\":\"https:\\\/\\\/www.vignevin.com\\\/wp-content\\\/uploads\\\/2019\\\/02\\\/Sympt\u00f4mes-de-court-nou\u00e9-millerandage.jpg\",\"et-pb-gallery-module-image-portrait\":\"https:\\\/\\\/www.vignevin.com\\\/wp-content\\\/uploads\\\/2019\\\/02\\\/Sympt\u00f4mes-de-court-nou\u00e9-millerandage.jpg\",\"et-pb-post-main-image-fullwidth-large\":\"https:\\\/\\\/www.vignevin.com\\\/wp-content\\\/uploads\\\/2019\\\/02\\\/Sympt\u00f4mes-de-court-nou\u00e9-millerandage.jpg\",\"et-pb-image--responsive--desktop\":\"https:\\\/\\\/www.vignevin.com\\\/wp-content\\\/uploads\\\/2019\\\/02\\\/Sympt\u00f4mes-de-court-nou\u00e9-millerandage.jpg\",\"et-pb-image--responsive--tablet\":\"https:\\\/\\\/www.vignevin.com\\\/wp-content\\\/uploads\\\/2019\\\/02\\\/Sympt\u00f4mes-de-court-nou\u00e9-millerandage.jpg\",\"et-pb-image--responsive--phone\":\"https:\\\/\\\/www.vignevin.com\\\/wp-content\\\/uploads\\\/2019\\\/02\\\/Sympt\u00f4mes-de-court-nou\u00e9-millerandage.jpg\",\"gform-image-choice-sm\":\"https:\\\/\\\/www.vignevin.com\\\/wp-content\\\/uploads\\\/2019\\\/02\\\/Sympt\u00f4mes-de-court-nou\u00e9-millerandage.jpg\",\"gform-image-choice-md\":\"https:\\\/\\\/www.vignevin.com\\\/wp-content\\\/uploads\\\/2019\\\/02\\\/Sympt\u00f4mes-de-court-nou\u00e9-millerandage.jpg\",\"gform-image-choice-lg\":\"https:\\\/\\\/www.vignevin.com\\\/wp-content\\\/uploads\\\/2019\\\/02\\\/Sympt\u00f4mes-de-court-nou\u00e9-millerandage.jpg\",\"woocommerce_thumbnail\":\"https:\\\/\\\/www.vignevin.com\\\/wp-content\\\/uploads\\\/2019\\\/02\\\/Sympt\u00f4mes-de-court-nou\u00e9-millerandage-300x300.jpg\",\"woocommerce_single\":\"https:\\\/\\\/www.vignevin.com\\\/wp-content\\\/uploads\\\/2019\\\/02\\\/Sympt\u00f4mes-de-court-nou\u00e9-millerandage-600x800.jpg\",\"woocommerce_gallery_thumbnail\":\"https:\\\/\\\/www.vignevin.com\\\/wp-content\\\/uploads\\\/2019\\\/02\\\/Sympt\u00f4mes-de-court-nou\u00e9-millerandage-100x100.jpg\",\"full\":\"https:\\\/\\\/www.vignevin.com\\\/wp-content\\\/uploads\\\/2019\\\/02\\\/Sympt\u00f4mes-de-court-nou\u00e9-millerandage.jpg\",\"index\":11,\"id\":9949,\"video\":false,\"opts\":{\"caption\":\"\",\"thumb\":\"https:\\\/\\\/www.vignevin.com\\\/wp-content\\\/uploads\\\/2019\\\/02\\\/Sympt\u00f4mes-de-court-nou\u00e9-millerandage-75x50_c.jpg\",\"title\":\"Sympt&amp;ocirc;mes de court-nou&amp;eacute; millerandage\"},\"gallery_id\":17410,\"gallery_title\":\"Grapevines virus\"},\"9950\":{\"status\":\"active\",\"src\":\"https:\\\/\\\/www.vignevin.com\\\/wp-content\\\/uploads\\\/2019\\\/02\\\/Sympt\u00f4mes-de-court-nou\u00e9-panachure-2.jpg\",\"title\":\"Sympt&amp;ocirc;mes de court-nou&amp;eacute; panachure (2)\",\"link\":\"https:\\\/\\\/www.vignevin.com\\\/wp-content\\\/uploads\\\/2019\\\/02\\\/Sympt\u00f4mes-de-court-nou\u00e9-panachure-2.jpg\",\"alt\":\"\",\"caption\":false,\"thumb\":\"https:\\\/\\\/www.vignevin.com\\\/wp-content\\\/uploads\\\/2019\\\/02\\\/Sympt\u00f4mes-de-court-nou\u00e9-panachure-2-75x50_c.jpg\",\"meta\":{\"aperture\":\"3.3\",\"credit\":null,\"camera\":\"DMC-TZ10\",\"caption\":\"\",\"created_timestamp\":\"1341430666\",\"copyright\":null,\"focal_length\":\"4.1\",\"iso\":\"80\",\"shutter_speed\":\"0.02\",\"title\":\"\",\"orientation\":\"1\",\"keywords\":null},\"thumbnail\":\"https:\\\/\\\/www.vignevin.com\\\/wp-content\\\/uploads\\\/2019\\\/02\\\/Sympt\u00f4mes-de-court-nou\u00e9-panachure-2.jpg\",\"medium\":\"https:\\\/\\\/www.vignevin.com\\\/wp-content\\\/uploads\\\/2019\\\/02\\\/Sympt\u00f4mes-de-court-nou\u00e9-panachure-2.jpg\",\"medium_large\":\"https:\\\/\\\/www.vignevin.com\\\/wp-content\\\/uploads\\\/2019\\\/02\\\/Sympt\u00f4mes-de-court-nou\u00e9-panachure-2.jpg\",\"large\":\"https:\\\/\\\/www.vignevin.com\\\/wp-content\\\/uploads\\\/2019\\\/02\\\/Sympt\u00f4mes-de-court-nou\u00e9-panachure-2.jpg\",\"1536x1536\":\"https:\\\/\\\/www.vignevin.com\\\/wp-content\\\/uploads\\\/2019\\\/02\\\/Sympt\u00f4mes-de-court-nou\u00e9-panachure-2.jpg\",\"2048x2048\":\"https:\\\/\\\/www.vignevin.com\\\/wp-content\\\/uploads\\\/2019\\\/02\\\/Sympt\u00f4mes-de-court-nou\u00e9-panachure-2.jpg\",\"et-pb-post-main-image\":\"https:\\\/\\\/www.vignevin.com\\\/wp-content\\\/uploads\\\/2019\\\/02\\\/Sympt\u00f4mes-de-court-nou\u00e9-panachure-2.jpg\",\"et-pb-post-main-image-fullwidth\":\"https:\\\/\\\/www.vignevin.com\\\/wp-content\\\/uploads\\\/2019\\\/02\\\/Sympt\u00f4mes-de-court-nou\u00e9-panachure-2.jpg\",\"et-pb-portfolio-image\":\"https:\\\/\\\/www.vignevin.com\\\/wp-content\\\/uploads\\\/2019\\\/02\\\/Sympt\u00f4mes-de-court-nou\u00e9-panachure-2.jpg\",\"et-pb-portfolio-module-image\":\"https:\\\/\\\/www.vignevin.com\\\/wp-content\\\/uploads\\\/2019\\\/02\\\/Sympt\u00f4mes-de-court-nou\u00e9-panachure-2.jpg\",\"et-pb-portfolio-image-single\":\"https:\\\/\\\/www.vignevin.com\\\/wp-content\\\/uploads\\\/2019\\\/02\\\/Sympt\u00f4mes-de-court-nou\u00e9-panachure-2.jpg\",\"et-pb-gallery-module-image-portrait\":\"https:\\\/\\\/www.vignevin.com\\\/wp-content\\\/uploads\\\/2019\\\/02\\\/Sympt\u00f4mes-de-court-nou\u00e9-panachure-2.jpg\",\"et-pb-post-main-image-fullwidth-large\":\"https:\\\/\\\/www.vignevin.com\\\/wp-content\\\/uploads\\\/2019\\\/02\\\/Sympt\u00f4mes-de-court-nou\u00e9-panachure-2.jpg\",\"et-pb-image--responsive--desktop\":\"https:\\\/\\\/www.vignevin.com\\\/wp-content\\\/uploads\\\/2019\\\/02\\\/Sympt\u00f4mes-de-court-nou\u00e9-panachure-2.jpg\",\"et-pb-image--responsive--tablet\":\"https:\\\/\\\/www.vignevin.com\\\/wp-content\\\/uploads\\\/2019\\\/02\\\/Sympt\u00f4mes-de-court-nou\u00e9-panachure-2.jpg\",\"et-pb-image--responsive--phone\":\"https:\\\/\\\/www.vignevin.com\\\/wp-content\\\/uploads\\\/2019\\\/02\\\/Sympt\u00f4mes-de-court-nou\u00e9-panachure-2.jpg\",\"gform-image-choice-sm\":\"https:\\\/\\\/www.vignevin.com\\\/wp-content\\\/uploads\\\/2019\\\/02\\\/Sympt\u00f4mes-de-court-nou\u00e9-panachure-2.jpg\",\"gform-image-choice-md\":\"https:\\\/\\\/www.vignevin.com\\\/wp-content\\\/uploads\\\/2019\\\/02\\\/Sympt\u00f4mes-de-court-nou\u00e9-panachure-2.jpg\",\"gform-image-choice-lg\":\"https:\\\/\\\/www.vignevin.com\\\/wp-content\\\/uploads\\\/2019\\\/02\\\/Sympt\u00f4mes-de-court-nou\u00e9-panachure-2.jpg\",\"woocommerce_thumbnail\":\"https:\\\/\\\/www.vignevin.com\\\/wp-content\\\/uploads\\\/2019\\\/02\\\/Sympt\u00f4mes-de-court-nou\u00e9-panachure-2-300x300.jpg\",\"woocommerce_single\":\"https:\\\/\\\/www.vignevin.com\\\/wp-content\\\/uploads\\\/2019\\\/02\\\/Sympt\u00f4mes-de-court-nou\u00e9-panachure-2-600x800.jpg\",\"woocommerce_gallery_thumbnail\":\"https:\\\/\\\/www.vignevin.com\\\/wp-content\\\/uploads\\\/2019\\\/02\\\/Sympt\u00f4mes-de-court-nou\u00e9-panachure-2-100x100.jpg\",\"full\":\"https:\\\/\\\/www.vignevin.com\\\/wp-content\\\/uploads\\\/2019\\\/02\\\/Sympt\u00f4mes-de-court-nou\u00e9-panachure-2.jpg\",\"index\":12,\"id\":9950,\"video\":false,\"opts\":{\"caption\":\"\",\"thumb\":\"https:\\\/\\\/www.vignevin.com\\\/wp-content\\\/uploads\\\/2019\\\/02\\\/Sympt\u00f4mes-de-court-nou\u00e9-panachure-2-75x50_c.jpg\",\"title\":\"Sympt&amp;ocirc;mes de court-nou&amp;eacute; panachure (2)\"},\"gallery_id\":17410,\"gallery_title\":\"Grapevines virus\"},\"9951\":{\"status\":\"active\",\"src\":\"https:\\\/\\\/www.vignevin.com\\\/wp-content\\\/uploads\\\/2019\\\/02\\\/Sympt\u00f4mes-de-court-nou\u00e9-panachure-r\u00e9ticul\u00e9e-et-d\u00e9formation-foliaire-scaled.jpg\",\"title\":\"Sympt&amp;ocirc;mes de court-nou&amp;eacute; panachure r&amp;eacute;ticul&amp;eacute;e et d&amp;eacute;formation foliaire\",\"link\":\"https:\\\/\\\/www.vignevin.com\\\/wp-content\\\/uploads\\\/2019\\\/02\\\/Sympt\u00f4mes-de-court-nou\u00e9-panachure-r\u00e9ticul\u00e9e-et-d\u00e9formation-foliaire.jpg\",\"alt\":\"\",\"caption\":false,\"thumb\":\"https:\\\/\\\/www.vignevin.com\\\/wp-content\\\/uploads\\\/2019\\\/02\\\/Sympt\u00f4mes-de-court-nou\u00e9-panachure-r\u00e9ticul\u00e9e-et-d\u00e9formation-foliaire-scaled-75x50_c.jpg\",\"meta\":{\"aperture\":\"4\",\"credit\":null,\"camera\":\"DMC-TZ10\",\"caption\":\"\",\"created_timestamp\":\"1469725525\",\"copyright\":null,\"focal_length\":\"4.1\",\"iso\":\"80\",\"shutter_speed\":\"0.008\",\"title\":\"\",\"orientation\":\"1\",\"keywords\":null},\"thumbnail\":\"https:\\\/\\\/www.vignevin.com\\\/wp-content\\\/uploads\\\/2019\\\/02\\\/Sympt\u00f4mes-de-court-nou\u00e9-panachure-r\u00e9ticul\u00e9e-et-d\u00e9formation-foliaire-150x150.jpg\",\"medium\":\"https:\\\/\\\/www.vignevin.com\\\/wp-content\\\/uploads\\\/2019\\\/02\\\/Sympt\u00f4mes-de-court-nou\u00e9-panachure-r\u00e9ticul\u00e9e-et-d\u00e9formation-foliaire-225x300.jpg\",\"medium_large\":\"https:\\\/\\\/www.vignevin.com\\\/wp-content\\\/uploads\\\/2019\\\/02\\\/Sympt\u00f4mes-de-court-nou\u00e9-panachure-r\u00e9ticul\u00e9e-et-d\u00e9formation-foliaire-768x1024.jpg\",\"large\":\"https:\\\/\\\/www.vignevin.com\\\/wp-content\\\/uploads\\\/2019\\\/02\\\/Sympt\u00f4mes-de-court-nou\u00e9-panachure-r\u00e9ticul\u00e9e-et-d\u00e9formation-foliaire-768x1024.jpg\",\"1536x1536\":\"https:\\\/\\\/www.vignevin.com\\\/wp-content\\\/uploads\\\/2019\\\/02\\\/Sympt\u00f4mes-de-court-nou\u00e9-panachure-r\u00e9ticul\u00e9e-et-d\u00e9formation-foliaire-scaled.jpg\",\"2048x2048\":\"https:\\\/\\\/www.vignevin.com\\\/wp-content\\\/uploads\\\/2019\\\/02\\\/Sympt\u00f4mes-de-court-nou\u00e9-panachure-r\u00e9ticul\u00e9e-et-d\u00e9formation-foliaire-scaled.jpg\",\"et-pb-post-main-image\":\"https:\\\/\\\/www.vignevin.com\\\/wp-content\\\/uploads\\\/2019\\\/02\\\/Sympt\u00f4mes-de-court-nou\u00e9-panachure-r\u00e9ticul\u00e9e-et-d\u00e9formation-foliaire-400x250.jpg\",\"et-pb-post-main-image-fullwidth\":\"https:\\\/\\\/www.vignevin.com\\\/wp-content\\\/uploads\\\/2019\\\/02\\\/Sympt\u00f4mes-de-court-nou\u00e9-panachure-r\u00e9ticul\u00e9e-et-d\u00e9formation-foliaire-1080x675.jpg\",\"et-pb-portfolio-image\":\"https:\\\/\\\/www.vignevin.com\\\/wp-content\\\/uploads\\\/2019\\\/02\\\/Sympt\u00f4mes-de-court-nou\u00e9-panachure-r\u00e9ticul\u00e9e-et-d\u00e9formation-foliaire-400x284.jpg\",\"et-pb-portfolio-module-image\":\"https:\\\/\\\/www.vignevin.com\\\/wp-content\\\/uploads\\\/2019\\\/02\\\/Sympt\u00f4mes-de-court-nou\u00e9-panachure-r\u00e9ticul\u00e9e-et-d\u00e9formation-foliaire-510x382.jpg\",\"et-pb-portfolio-image-single\":\"https:\\\/\\\/www.vignevin.com\\\/wp-content\\\/uploads\\\/2019\\\/02\\\/Sympt\u00f4mes-de-court-nou\u00e9-panachure-r\u00e9ticul\u00e9e-et-d\u00e9formation-foliaire-1080x1440.jpg\",\"et-pb-gallery-module-image-portrait\":\"https:\\\/\\\/www.vignevin.com\\\/wp-content\\\/uploads\\\/2019\\\/02\\\/Sympt\u00f4mes-de-court-nou\u00e9-panachure-r\u00e9ticul\u00e9e-et-d\u00e9formation-foliaire-400x516.jpg\",\"et-pb-post-main-image-fullwidth-large\":\"https:\\\/\\\/www.vignevin.com\\\/wp-content\\\/uploads\\\/2019\\\/02\\\/Sympt\u00f4mes-de-court-nou\u00e9-panachure-r\u00e9ticul\u00e9e-et-d\u00e9formation-foliaire-2880x1800.jpg\",\"et-pb-image--responsive--desktop\":\"https:\\\/\\\/www.vignevin.com\\\/wp-content\\\/uploads\\\/2019\\\/02\\\/Sympt\u00f4mes-de-court-nou\u00e9-panachure-r\u00e9ticul\u00e9e-et-d\u00e9formation-foliaire-scaled.jpg\",\"et-pb-image--responsive--tablet\":\"https:\\\/\\\/www.vignevin.com\\\/wp-content\\\/uploads\\\/2019\\\/02\\\/Sympt\u00f4mes-de-court-nou\u00e9-panachure-r\u00e9ticul\u00e9e-et-d\u00e9formation-foliaire-scaled.jpg\",\"et-pb-image--responsive--phone\":\"https:\\\/\\\/www.vignevin.com\\\/wp-content\\\/uploads\\\/2019\\\/02\\\/Sympt\u00f4mes-de-court-nou\u00e9-panachure-r\u00e9ticul\u00e9e-et-d\u00e9formation-foliaire-scaled.jpg\",\"gform-image-choice-sm\":\"https:\\\/\\\/www.vignevin.com\\\/wp-content\\\/uploads\\\/2019\\\/02\\\/Sympt\u00f4mes-de-court-nou\u00e9-panachure-r\u00e9ticul\u00e9e-et-d\u00e9formation-foliaire-scaled.jpg\",\"gform-image-choice-md\":\"https:\\\/\\\/www.vignevin.com\\\/wp-content\\\/uploads\\\/2019\\\/02\\\/Sympt\u00f4mes-de-court-nou\u00e9-panachure-r\u00e9ticul\u00e9e-et-d\u00e9formation-foliaire-scaled.jpg\",\"gform-image-choice-lg\":\"https:\\\/\\\/www.vignevin.com\\\/wp-content\\\/uploads\\\/2019\\\/02\\\/Sympt\u00f4mes-de-court-nou\u00e9-panachure-r\u00e9ticul\u00e9e-et-d\u00e9formation-foliaire-scaled.jpg\",\"woocommerce_thumbnail\":\"https:\\\/\\\/www.vignevin.com\\\/wp-content\\\/uploads\\\/2019\\\/02\\\/Sympt\u00f4mes-de-court-nou\u00e9-panachure-r\u00e9ticul\u00e9e-et-d\u00e9formation-foliaire-scaled-300x300.jpg\",\"woocommerce_single\":\"https:\\\/\\\/www.vignevin.com\\\/wp-content\\\/uploads\\\/2019\\\/02\\\/Sympt\u00f4mes-de-court-nou\u00e9-panachure-r\u00e9ticul\u00e9e-et-d\u00e9formation-foliaire-scaled-600x800.jpg\",\"woocommerce_gallery_thumbnail\":\"https:\\\/\\\/www.vignevin.com\\\/wp-content\\\/uploads\\\/2019\\\/02\\\/Sympt\u00f4mes-de-court-nou\u00e9-panachure-r\u00e9ticul\u00e9e-et-d\u00e9formation-foliaire-scaled-100x100.jpg\",\"full\":\"https:\\\/\\\/www.vignevin.com\\\/wp-content\\\/uploads\\\/2019\\\/02\\\/Sympt\u00f4mes-de-court-nou\u00e9-panachure-r\u00e9ticul\u00e9e-et-d\u00e9formation-foliaire-scaled.jpg\",\"index\":13,\"id\":9951,\"video\":false,\"opts\":{\"caption\":\"\",\"thumb\":\"https:\\\/\\\/www.vignevin.com\\\/wp-content\\\/uploads\\\/2019\\\/02\\\/Sympt\u00f4mes-de-court-nou\u00e9-panachure-r\u00e9ticul\u00e9e-et-d\u00e9formation-foliaire-scaled-75x50_c.jpg\",\"title\":\"Sympt&amp;ocirc;mes de court-nou&amp;eacute; panachure r&amp;eacute;ticul&amp;eacute;e et d&amp;eacute;formation foliaire\"},\"gallery_id\":17410,\"gallery_title\":\"Grapevines virus\"},\"9952\":{\"status\":\"active\",\"src\":\"https:\\\/\\\/www.vignevin.com\\\/wp-content\\\/uploads\\\/2019\\\/02\\\/Sympt\u00f4mes-de-court-nou\u00e9-panachure-r\u00e9ticul\u00e9e.jpg\",\"title\":\"Sympt&amp;ocirc;mes de court-nou&amp;eacute; panachure r&amp;eacute;ticul&amp;eacute;e\",\"link\":\"https:\\\/\\\/www.vignevin.com\\\/wp-content\\\/uploads\\\/2019\\\/02\\\/Sympt\u00f4mes-de-court-nou\u00e9-panachure-r\u00e9ticul\u00e9e.jpg\",\"alt\":\"\",\"caption\":false,\"thumb\":\"https:\\\/\\\/www.vignevin.com\\\/wp-content\\\/uploads\\\/2019\\\/02\\\/Sympt\u00f4mes-de-court-nou\u00e9-panachure-r\u00e9ticul\u00e9e-75x50_c.jpg\",\"meta\":{\"aperture\":\"4\",\"credit\":null,\"camera\":\"DMC-TZ10\",\"caption\":\"\",\"created_timestamp\":\"1278245436\",\"copyright\":null,\"focal_length\":\"4.1\",\"iso\":\"80\",\"shutter_speed\":\"0.00625\",\"title\":\"\",\"orientation\":\"1\",\"keywords\":null},\"thumbnail\":\"https:\\\/\\\/www.vignevin.com\\\/wp-content\\\/uploads\\\/2019\\\/02\\\/Sympt\u00f4mes-de-court-nou\u00e9-panachure-r\u00e9ticul\u00e9e.jpg\",\"medium\":\"https:\\\/\\\/www.vignevin.com\\\/wp-content\\\/uploads\\\/2019\\\/02\\\/Sympt\u00f4mes-de-court-nou\u00e9-panachure-r\u00e9ticul\u00e9e.jpg\",\"medium_large\":\"https:\\\/\\\/www.vignevin.com\\\/wp-content\\\/uploads\\\/2019\\\/02\\\/Sympt\u00f4mes-de-court-nou\u00e9-panachure-r\u00e9ticul\u00e9e.jpg\",\"large\":\"https:\\\/\\\/www.vignevin.com\\\/wp-content\\\/uploads\\\/2019\\\/02\\\/Sympt\u00f4mes-de-court-nou\u00e9-panachure-r\u00e9ticul\u00e9e.jpg\",\"1536x1536\":\"https:\\\/\\\/www.vignevin.com\\\/wp-content\\\/uploads\\\/2019\\\/02\\\/Sympt\u00f4mes-de-court-nou\u00e9-panachure-r\u00e9ticul\u00e9e.jpg\",\"2048x2048\":\"https:\\\/\\\/www.vignevin.com\\\/wp-content\\\/uploads\\\/2019\\\/02\\\/Sympt\u00f4mes-de-court-nou\u00e9-panachure-r\u00e9ticul\u00e9e.jpg\",\"et-pb-post-main-image\":\"https:\\\/\\\/www.vignevin.com\\\/wp-content\\\/uploads\\\/2019\\\/02\\\/Sympt\u00f4mes-de-court-nou\u00e9-panachure-r\u00e9ticul\u00e9e.jpg\",\"et-pb-post-main-image-fullwidth\":\"https:\\\/\\\/www.vignevin.com\\\/wp-content\\\/uploads\\\/2019\\\/02\\\/Sympt\u00f4mes-de-court-nou\u00e9-panachure-r\u00e9ticul\u00e9e.jpg\",\"et-pb-portfolio-image\":\"https:\\\/\\\/www.vignevin.com\\\/wp-content\\\/uploads\\\/2019\\\/02\\\/Sympt\u00f4mes-de-court-nou\u00e9-panachure-r\u00e9ticul\u00e9e.jpg\",\"et-pb-portfolio-module-image\":\"https:\\\/\\\/www.vignevin.com\\\/wp-content\\\/uploads\\\/2019\\\/02\\\/Sympt\u00f4mes-de-court-nou\u00e9-panachure-r\u00e9ticul\u00e9e.jpg\",\"et-pb-portfolio-image-single\":\"https:\\\/\\\/www.vignevin.com\\\/wp-content\\\/uploads\\\/2019\\\/02\\\/Sympt\u00f4mes-de-court-nou\u00e9-panachure-r\u00e9ticul\u00e9e.jpg\",\"et-pb-gallery-module-image-portrait\":\"https:\\\/\\\/www.vignevin.com\\\/wp-content\\\/uploads\\\/2019\\\/02\\\/Sympt\u00f4mes-de-court-nou\u00e9-panachure-r\u00e9ticul\u00e9e.jpg\",\"et-pb-post-main-image-fullwidth-large\":\"https:\\\/\\\/www.vignevin.com\\\/wp-content\\\/uploads\\\/2019\\\/02\\\/Sympt\u00f4mes-de-court-nou\u00e9-panachure-r\u00e9ticul\u00e9e.jpg\",\"et-pb-image--responsive--desktop\":\"https:\\\/\\\/www.vignevin.com\\\/wp-content\\\/uploads\\\/2019\\\/02\\\/Sympt\u00f4mes-de-court-nou\u00e9-panachure-r\u00e9ticul\u00e9e.jpg\",\"et-pb-image--responsive--tablet\":\"https:\\\/\\\/www.vignevin.com\\\/wp-content\\\/uploads\\\/2019\\\/02\\\/Sympt\u00f4mes-de-court-nou\u00e9-panachure-r\u00e9ticul\u00e9e.jpg\",\"et-pb-image--responsive--phone\":\"https:\\\/\\\/www.vignevin.com\\\/wp-content\\\/uploads\\\/2019\\\/02\\\/Sympt\u00f4mes-de-court-nou\u00e9-panachure-r\u00e9ticul\u00e9e.jpg\",\"gform-image-choice-sm\":\"https:\\\/\\\/www.vignevin.com\\\/wp-content\\\/uploads\\\/2019\\\/02\\\/Sympt\u00f4mes-de-court-nou\u00e9-panachure-r\u00e9ticul\u00e9e.jpg\",\"gform-image-choice-md\":\"https:\\\/\\\/www.vignevin.com\\\/wp-content\\\/uploads\\\/2019\\\/02\\\/Sympt\u00f4mes-de-court-nou\u00e9-panachure-r\u00e9ticul\u00e9e.jpg\",\"gform-image-choice-lg\":\"https:\\\/\\\/www.vignevin.com\\\/wp-content\\\/uploads\\\/2019\\\/02\\\/Sympt\u00f4mes-de-court-nou\u00e9-panachure-r\u00e9ticul\u00e9e.jpg\",\"woocommerce_thumbnail\":\"https:\\\/\\\/www.vignevin.com\\\/wp-content\\\/uploads\\\/2019\\\/02\\\/Sympt\u00f4mes-de-court-nou\u00e9-panachure-r\u00e9ticul\u00e9e-300x300.jpg\",\"woocommerce_single\":\"https:\\\/\\\/www.vignevin.com\\\/wp-content\\\/uploads\\\/2019\\\/02\\\/Sympt\u00f4mes-de-court-nou\u00e9-panachure-r\u00e9ticul\u00e9e-600x800.jpg\",\"woocommerce_gallery_thumbnail\":\"https:\\\/\\\/www.vignevin.com\\\/wp-content\\\/uploads\\\/2019\\\/02\\\/Sympt\u00f4mes-de-court-nou\u00e9-panachure-r\u00e9ticul\u00e9e-100x100.jpg\",\"full\":\"https:\\\/\\\/www.vignevin.com\\\/wp-content\\\/uploads\\\/2019\\\/02\\\/Sympt\u00f4mes-de-court-nou\u00e9-panachure-r\u00e9ticul\u00e9e.jpg\",\"index\":14,\"id\":9952,\"video\":false,\"opts\":{\"caption\":\"\",\"thumb\":\"https:\\\/\\\/www.vignevin.com\\\/wp-content\\\/uploads\\\/2019\\\/02\\\/Sympt\u00f4mes-de-court-nou\u00e9-panachure-r\u00e9ticul\u00e9e-75x50_c.jpg\",\"title\":\"Sympt&amp;ocirc;mes de court-nou&amp;eacute; panachure r&amp;eacute;ticul&amp;eacute;e\"},\"gallery_id\":17410,\"gallery_title\":\"Grapevines virus\"},\"9953\":{\"status\":\"active\",\"src\":\"https:\\\/\\\/www.vignevin.com\\\/wp-content\\\/uploads\\\/2019\\\/02\\\/Sympt\u00f4mes-de-court-nou\u00e9-panachure.jpg\",\"title\":\"Sympt&amp;ocirc;mes de court-nou&amp;eacute; panachure\",\"link\":\"https:\\\/\\\/www.vignevin.com\\\/wp-content\\\/uploads\\\/2019\\\/02\\\/Sympt\u00f4mes-de-court-nou\u00e9-panachure.jpg\",\"alt\":\"\",\"caption\":false,\"thumb\":\"https:\\\/\\\/www.vignevin.com\\\/wp-content\\\/uploads\\\/2019\\\/02\\\/Sympt\u00f4mes-de-court-nou\u00e9-panachure-75x50_c.jpg\",\"meta\":{\"aperture\":\"4\",\"credit\":null,\"camera\":\"DMC-TZ10\",\"caption\":\"\",\"created_timestamp\":\"1278245314\",\"copyright\":null,\"focal_length\":\"4.1\",\"iso\":\"80\",\"shutter_speed\":\"0.0025\",\"title\":\"\",\"orientation\":\"1\",\"keywords\":null},\"thumbnail\":\"https:\\\/\\\/www.vignevin.com\\\/wp-content\\\/uploads\\\/2019\\\/02\\\/Sympt\u00f4mes-de-court-nou\u00e9-panachure-150x150.jpg\",\"medium\":\"https:\\\/\\\/www.vignevin.com\\\/wp-content\\\/uploads\\\/2019\\\/02\\\/Sympt\u00f4mes-de-court-nou\u00e9-panachure-300x225.jpg\",\"medium_large\":\"https:\\\/\\\/www.vignevin.com\\\/wp-content\\\/uploads\\\/2019\\\/02\\\/Sympt\u00f4mes-de-court-nou\u00e9-panachure-768x576.jpg\",\"large\":\"https:\\\/\\\/www.vignevin.com\\\/wp-content\\\/uploads\\\/2019\\\/02\\\/Sympt\u00f4mes-de-court-nou\u00e9-panachure-1024x768.jpg\",\"1536x1536\":\"https:\\\/\\\/www.vignevin.com\\\/wp-content\\\/uploads\\\/2019\\\/02\\\/Sympt\u00f4mes-de-court-nou\u00e9-panachure.jpg\",\"2048x2048\":\"https:\\\/\\\/www.vignevin.com\\\/wp-content\\\/uploads\\\/2019\\\/02\\\/Sympt\u00f4mes-de-court-nou\u00e9-panachure.jpg\",\"et-pb-post-main-image\":\"https:\\\/\\\/www.vignevin.com\\\/wp-content\\\/uploads\\\/2019\\\/02\\\/Sympt\u00f4mes-de-court-nou\u00e9-panachure-400x250.jpg\",\"et-pb-post-main-image-fullwidth\":\"https:\\\/\\\/www.vignevin.com\\\/wp-content\\\/uploads\\\/2019\\\/02\\\/Sympt\u00f4mes-de-court-nou\u00e9-panachure-1080x675.jpg\",\"et-pb-portfolio-image\":\"https:\\\/\\\/www.vignevin.com\\\/wp-content\\\/uploads\\\/2019\\\/02\\\/Sympt\u00f4mes-de-court-nou\u00e9-panachure-400x284.jpg\",\"et-pb-portfolio-module-image\":\"https:\\\/\\\/www.vignevin.com\\\/wp-content\\\/uploads\\\/2019\\\/02\\\/Sympt\u00f4mes-de-court-nou\u00e9-panachure-510x382.jpg\",\"et-pb-portfolio-image-single\":\"https:\\\/\\\/www.vignevin.com\\\/wp-content\\\/uploads\\\/2019\\\/02\\\/Sympt\u00f4mes-de-court-nou\u00e9-panachure-1080x810.jpg\",\"et-pb-gallery-module-image-portrait\":\"https:\\\/\\\/www.vignevin.com\\\/wp-content\\\/uploads\\\/2019\\\/02\\\/Sympt\u00f4mes-de-court-nou\u00e9-panachure-400x516.jpg\",\"et-pb-post-main-image-fullwidth-large\":\"https:\\\/\\\/www.vignevin.com\\\/wp-content\\\/uploads\\\/2019\\\/02\\\/Sympt\u00f4mes-de-court-nou\u00e9-panachure-2560x1800.jpg\",\"et-pb-image--responsive--desktop\":\"https:\\\/\\\/www.vignevin.com\\\/wp-content\\\/uploads\\\/2019\\\/02\\\/Sympt\u00f4mes-de-court-nou\u00e9-panachure.jpg\",\"et-pb-image--responsive--tablet\":\"https:\\\/\\\/www.vignevin.com\\\/wp-content\\\/uploads\\\/2019\\\/02\\\/Sympt\u00f4mes-de-court-nou\u00e9-panachure.jpg\",\"et-pb-image--responsive--phone\":\"https:\\\/\\\/www.vignevin.com\\\/wp-content\\\/uploads\\\/2019\\\/02\\\/Sympt\u00f4mes-de-court-nou\u00e9-panachure.jpg\",\"gform-image-choice-sm\":\"https:\\\/\\\/www.vignevin.com\\\/wp-content\\\/uploads\\\/2019\\\/02\\\/Sympt\u00f4mes-de-court-nou\u00e9-panachure.jpg\",\"gform-image-choice-md\":\"https:\\\/\\\/www.vignevin.com\\\/wp-content\\\/uploads\\\/2019\\\/02\\\/Sympt\u00f4mes-de-court-nou\u00e9-panachure.jpg\",\"gform-image-choice-lg\":\"https:\\\/\\\/www.vignevin.com\\\/wp-content\\\/uploads\\\/2019\\\/02\\\/Sympt\u00f4mes-de-court-nou\u00e9-panachure.jpg\",\"woocommerce_thumbnail\":\"https:\\\/\\\/www.vignevin.com\\\/wp-content\\\/uploads\\\/2019\\\/02\\\/Sympt\u00f4mes-de-court-nou\u00e9-panachure-300x300.jpg\",\"woocommerce_single\":\"https:\\\/\\\/www.vignevin.com\\\/wp-content\\\/uploads\\\/2019\\\/02\\\/Sympt\u00f4mes-de-court-nou\u00e9-panachure-600x450.jpg\",\"woocommerce_gallery_thumbnail\":\"https:\\\/\\\/www.vignevin.com\\\/wp-content\\\/uploads\\\/2019\\\/02\\\/Sympt\u00f4mes-de-court-nou\u00e9-panachure-100x100.jpg\",\"full\":\"https:\\\/\\\/www.vignevin.com\\\/wp-content\\\/uploads\\\/2019\\\/02\\\/Sympt\u00f4mes-de-court-nou\u00e9-panachure.jpg\",\"index\":15,\"id\":9953,\"video\":false,\"opts\":{\"caption\":\"\",\"thumb\":\"https:\\\/\\\/www.vignevin.com\\\/wp-content\\\/uploads\\\/2019\\\/02\\\/Sympt\u00f4mes-de-court-nou\u00e9-panachure-75x50_c.jpg\",\"title\":\"Sympt&amp;ocirc;mes de court-nou&amp;eacute; panachure\"},\"gallery_id\":17410,\"gallery_title\":\"Grapevines virus\"},\"9954\":{\"status\":\"active\",\"src\":\"https:\\\/\\\/www.vignevin.com\\\/wp-content\\\/uploads\\\/2019\\\/02\\\/Sympt\u00f4mes-de-court-nou\u00e9-rond-de-panachure-scaled.jpg\",\"title\":\"Sympt&amp;ocirc;mes de court-nou&amp;eacute; rond de panachure\",\"link\":\"https:\\\/\\\/www.vignevin.com\\\/wp-content\\\/uploads\\\/2019\\\/02\\\/Sympt\u00f4mes-de-court-nou\u00e9-rond-de-panachure.jpg\",\"alt\":\"\",\"caption\":false,\"thumb\":\"https:\\\/\\\/www.vignevin.com\\\/wp-content\\\/uploads\\\/2019\\\/02\\\/Sympt\u00f4mes-de-court-nou\u00e9-rond-de-panachure-scaled-75x50_c.jpg\",\"meta\":{\"aperture\":\"4.4\",\"credit\":null,\"camera\":\"DMC-TZ10\",\"caption\":\"\",\"created_timestamp\":\"1464200355\",\"copyright\":null,\"focal_length\":\"18.2\",\"iso\":\"125\",\"shutter_speed\":\"0.00625\",\"title\":\"\",\"orientation\":\"1\",\"keywords\":null},\"thumbnail\":\"https:\\\/\\\/www.vignevin.com\\\/wp-content\\\/uploads\\\/2019\\\/02\\\/Sympt\u00f4mes-de-court-nou\u00e9-rond-de-panachure-150x150.jpg\",\"medium\":\"https:\\\/\\\/www.vignevin.com\\\/wp-content\\\/uploads\\\/2019\\\/02\\\/Sympt\u00f4mes-de-court-nou\u00e9-rond-de-panachure-300x225.jpg\",\"medium_large\":\"https:\\\/\\\/www.vignevin.com\\\/wp-content\\\/uploads\\\/2019\\\/02\\\/Sympt\u00f4mes-de-court-nou\u00e9-rond-de-panachure-768x576.jpg\",\"large\":\"https:\\\/\\\/www.vignevin.com\\\/wp-content\\\/uploads\\\/2019\\\/02\\\/Sympt\u00f4mes-de-court-nou\u00e9-rond-de-panachure-1024x768.jpg\",\"1536x1536\":\"https:\\\/\\\/www.vignevin.com\\\/wp-content\\\/uploads\\\/2019\\\/02\\\/Sympt\u00f4mes-de-court-nou\u00e9-rond-de-panachure-scaled.jpg\",\"2048x2048\":\"https:\\\/\\\/www.vignevin.com\\\/wp-content\\\/uploads\\\/2019\\\/02\\\/Sympt\u00f4mes-de-court-nou\u00e9-rond-de-panachure-scaled.jpg\",\"et-pb-post-main-image\":\"https:\\\/\\\/www.vignevin.com\\\/wp-content\\\/uploads\\\/2019\\\/02\\\/Sympt\u00f4mes-de-court-nou\u00e9-rond-de-panachure-400x250.jpg\",\"et-pb-post-main-image-fullwidth\":\"https:\\\/\\\/www.vignevin.com\\\/wp-content\\\/uploads\\\/2019\\\/02\\\/Sympt\u00f4mes-de-court-nou\u00e9-rond-de-panachure-1080x675.jpg\",\"et-pb-portfolio-image\":\"https:\\\/\\\/www.vignevin.com\\\/wp-content\\\/uploads\\\/2019\\\/02\\\/Sympt\u00f4mes-de-court-nou\u00e9-rond-de-panachure-400x284.jpg\",\"et-pb-portfolio-module-image\":\"https:\\\/\\\/www.vignevin.com\\\/wp-content\\\/uploads\\\/2019\\\/02\\\/Sympt\u00f4mes-de-court-nou\u00e9-rond-de-panachure-510x382.jpg\",\"et-pb-portfolio-image-single\":\"https:\\\/\\\/www.vignevin.com\\\/wp-content\\\/uploads\\\/2019\\\/02\\\/Sympt\u00f4mes-de-court-nou\u00e9-rond-de-panachure-1080x810.jpg\",\"et-pb-gallery-module-image-portrait\":\"https:\\\/\\\/www.vignevin.com\\\/wp-content\\\/uploads\\\/2019\\\/02\\\/Sympt\u00f4mes-de-court-nou\u00e9-rond-de-panachure-400x516.jpg\",\"et-pb-post-main-image-fullwidth-large\":\"https:\\\/\\\/www.vignevin.com\\\/wp-content\\\/uploads\\\/2019\\\/02\\\/Sympt\u00f4mes-de-court-nou\u00e9-rond-de-panachure-2880x1800.jpg\",\"et-pb-image--responsive--desktop\":\"https:\\\/\\\/www.vignevin.com\\\/wp-content\\\/uploads\\\/2019\\\/02\\\/Sympt\u00f4mes-de-court-nou\u00e9-rond-de-panachure-scaled.jpg\",\"et-pb-image--responsive--tablet\":\"https:\\\/\\\/www.vignevin.com\\\/wp-content\\\/uploads\\\/2019\\\/02\\\/Sympt\u00f4mes-de-court-nou\u00e9-rond-de-panachure-scaled.jpg\",\"et-pb-image--responsive--phone\":\"https:\\\/\\\/www.vignevin.com\\\/wp-content\\\/uploads\\\/2019\\\/02\\\/Sympt\u00f4mes-de-court-nou\u00e9-rond-de-panachure-scaled.jpg\",\"gform-image-choice-sm\":\"https:\\\/\\\/www.vignevin.com\\\/wp-content\\\/uploads\\\/2019\\\/02\\\/Sympt\u00f4mes-de-court-nou\u00e9-rond-de-panachure-scaled.jpg\",\"gform-image-choice-md\":\"https:\\\/\\\/www.vignevin.com\\\/wp-content\\\/uploads\\\/2019\\\/02\\\/Sympt\u00f4mes-de-court-nou\u00e9-rond-de-panachure-scaled.jpg\",\"gform-image-choice-lg\":\"https:\\\/\\\/www.vignevin.com\\\/wp-content\\\/uploads\\\/2019\\\/02\\\/Sympt\u00f4mes-de-court-nou\u00e9-rond-de-panachure-scaled.jpg\",\"woocommerce_thumbnail\":\"https:\\\/\\\/www.vignevin.com\\\/wp-content\\\/uploads\\\/2019\\\/02\\\/Sympt\u00f4mes-de-court-nou\u00e9-rond-de-panachure-scaled-300x300.jpg\",\"woocommerce_single\":\"https:\\\/\\\/www.vignevin.com\\\/wp-content\\\/uploads\\\/2019\\\/02\\\/Sympt\u00f4mes-de-court-nou\u00e9-rond-de-panachure-scaled-600x450.jpg\",\"woocommerce_gallery_thumbnail\":\"https:\\\/\\\/www.vignevin.com\\\/wp-content\\\/uploads\\\/2019\\\/02\\\/Sympt\u00f4mes-de-court-nou\u00e9-rond-de-panachure-scaled-100x100.jpg\",\"full\":\"https:\\\/\\\/www.vignevin.com\\\/wp-content\\\/uploads\\\/2019\\\/02\\\/Sympt\u00f4mes-de-court-nou\u00e9-rond-de-panachure-scaled.jpg\",\"index\":16,\"id\":9954,\"video\":false,\"opts\":{\"caption\":\"\",\"thumb\":\"https:\\\/\\\/www.vignevin.com\\\/wp-content\\\/uploads\\\/2019\\\/02\\\/Sympt\u00f4mes-de-court-nou\u00e9-rond-de-panachure-scaled-75x50_c.jpg\",\"title\":\"Sympt&amp;ocirc;mes de court-nou&amp;eacute; rond de panachure\"},\"gallery_id\":17410,\"gallery_title\":\"Grapevines virus\"},\"9955\":{\"status\":\"active\",\"src\":\"https:\\\/\\\/www.vignevin.com\\\/wp-content\\\/uploads\\\/2019\\\/02\\\/Sympt\u00f4mes-de-court-nou\u00e9-2.jpg\",\"title\":\"Sympt&amp;ocirc;mes de court-nou&amp;eacute; (2)\",\"link\":\"https:\\\/\\\/www.vignevin.com\\\/wp-content\\\/uploads\\\/2019\\\/02\\\/Sympt\u00f4mes-de-court-nou\u00e9-2.jpg\",\"alt\":\"\",\"caption\":false,\"thumb\":\"https:\\\/\\\/www.vignevin.com\\\/wp-content\\\/uploads\\\/2019\\\/02\\\/Sympt\u00f4mes-de-court-nou\u00e9-2-75x50_c.jpg\",\"meta\":{\"aperture\":\"4\",\"credit\":null,\"camera\":\"DMC-TZ10\",\"caption\":\"\",\"created_timestamp\":\"1338976889\",\"copyright\":null,\"focal_length\":\"4.1\",\"iso\":\"80\",\"shutter_speed\":\"0.004\",\"title\":\"\",\"orientation\":\"1\",\"keywords\":null},\"thumbnail\":\"https:\\\/\\\/www.vignevin.com\\\/wp-content\\\/uploads\\\/2019\\\/02\\\/Sympt\u00f4mes-de-court-nou\u00e9-2-150x150.jpg\",\"medium\":\"https:\\\/\\\/www.vignevin.com\\\/wp-content\\\/uploads\\\/2019\\\/02\\\/Sympt\u00f4mes-de-court-nou\u00e9-2-225x300.jpg\",\"medium_large\":\"https:\\\/\\\/www.vignevin.com\\\/wp-content\\\/uploads\\\/2019\\\/02\\\/Sympt\u00f4mes-de-court-nou\u00e9-2-768x1024.jpg\",\"large\":\"https:\\\/\\\/www.vignevin.com\\\/wp-content\\\/uploads\\\/2019\\\/02\\\/Sympt\u00f4mes-de-court-nou\u00e9-2-768x1024.jpg\",\"1536x1536\":\"https:\\\/\\\/www.vignevin.com\\\/wp-content\\\/uploads\\\/2019\\\/02\\\/Sympt\u00f4mes-de-court-nou\u00e9-2.jpg\",\"2048x2048\":\"https:\\\/\\\/www.vignevin.com\\\/wp-content\\\/uploads\\\/2019\\\/02\\\/Sympt\u00f4mes-de-court-nou\u00e9-2.jpg\",\"et-pb-post-main-image\":\"https:\\\/\\\/www.vignevin.com\\\/wp-content\\\/uploads\\\/2019\\\/02\\\/Sympt\u00f4mes-de-court-nou\u00e9-2-400x250.jpg\",\"et-pb-post-main-image-fullwidth\":\"https:\\\/\\\/www.vignevin.com\\\/wp-content\\\/uploads\\\/2019\\\/02\\\/Sympt\u00f4mes-de-court-nou\u00e9-2-1080x675.jpg\",\"et-pb-portfolio-image\":\"https:\\\/\\\/www.vignevin.com\\\/wp-content\\\/uploads\\\/2019\\\/02\\\/Sympt\u00f4mes-de-court-nou\u00e9-2-400x284.jpg\",\"et-pb-portfolio-module-image\":\"https:\\\/\\\/www.vignevin.com\\\/wp-content\\\/uploads\\\/2019\\\/02\\\/Sympt\u00f4mes-de-court-nou\u00e9-2-510x382.jpg\",\"et-pb-portfolio-image-single\":\"https:\\\/\\\/www.vignevin.com\\\/wp-content\\\/uploads\\\/2019\\\/02\\\/Sympt\u00f4mes-de-court-nou\u00e9-2-1080x1440.jpg\",\"et-pb-gallery-module-image-portrait\":\"https:\\\/\\\/www.vignevin.com\\\/wp-content\\\/uploads\\\/2019\\\/02\\\/Sympt\u00f4mes-de-court-nou\u00e9-2-400x516.jpg\",\"et-pb-post-main-image-fullwidth-large\":\"https:\\\/\\\/www.vignevin.com\\\/wp-content\\\/uploads\\\/2019\\\/02\\\/Sympt\u00f4mes-de-court-nou\u00e9-2-1920x1800.jpg\",\"et-pb-image--responsive--desktop\":\"https:\\\/\\\/www.vignevin.com\\\/wp-content\\\/uploads\\\/2019\\\/02\\\/Sympt\u00f4mes-de-court-nou\u00e9-2.jpg\",\"et-pb-image--responsive--tablet\":\"https:\\\/\\\/www.vignevin.com\\\/wp-content\\\/uploads\\\/2019\\\/02\\\/Sympt\u00f4mes-de-court-nou\u00e9-2.jpg\",\"et-pb-image--responsive--phone\":\"https:\\\/\\\/www.vignevin.com\\\/wp-content\\\/uploads\\\/2019\\\/02\\\/Sympt\u00f4mes-de-court-nou\u00e9-2.jpg\",\"gform-image-choice-sm\":\"https:\\\/\\\/www.vignevin.com\\\/wp-content\\\/uploads\\\/2019\\\/02\\\/Sympt\u00f4mes-de-court-nou\u00e9-2.jpg\",\"gform-image-choice-md\":\"https:\\\/\\\/www.vignevin.com\\\/wp-content\\\/uploads\\\/2019\\\/02\\\/Sympt\u00f4mes-de-court-nou\u00e9-2.jpg\",\"gform-image-choice-lg\":\"https:\\\/\\\/www.vignevin.com\\\/wp-content\\\/uploads\\\/2019\\\/02\\\/Sympt\u00f4mes-de-court-nou\u00e9-2.jpg\",\"woocommerce_thumbnail\":\"https:\\\/\\\/www.vignevin.com\\\/wp-content\\\/uploads\\\/2019\\\/02\\\/Sympt\u00f4mes-de-court-nou\u00e9-2-300x300.jpg\",\"woocommerce_single\":\"https:\\\/\\\/www.vignevin.com\\\/wp-content\\\/uploads\\\/2019\\\/02\\\/Sympt\u00f4mes-de-court-nou\u00e9-2-600x800.jpg\",\"woocommerce_gallery_thumbnail\":\"https:\\\/\\\/www.vignevin.com\\\/wp-content\\\/uploads\\\/2019\\\/02\\\/Sympt\u00f4mes-de-court-nou\u00e9-2-100x100.jpg\",\"full\":\"https:\\\/\\\/www.vignevin.com\\\/wp-content\\\/uploads\\\/2019\\\/02\\\/Sympt\u00f4mes-de-court-nou\u00e9-2.jpg\",\"index\":17,\"id\":9955,\"video\":false,\"opts\":{\"caption\":\"\",\"thumb\":\"https:\\\/\\\/www.vignevin.com\\\/wp-content\\\/uploads\\\/2019\\\/02\\\/Sympt\u00f4mes-de-court-nou\u00e9-2-75x50_c.jpg\",\"title\":\"Sympt&amp;ocirc;mes de court-nou&amp;eacute; (2)\"},\"gallery_id\":17410,\"gallery_title\":\"Grapevines virus\"},\"9956\":{\"status\":\"active\",\"src\":\"https:\\\/\\\/www.vignevin.com\\\/wp-content\\\/uploads\\\/2019\\\/02\\\/Sympt\u00f4mes-de-court-nou\u00e9-3.jpg\",\"title\":\"Sympt&amp;ocirc;mes de court-nou&amp;eacute; (3)\",\"link\":\"https:\\\/\\\/www.vignevin.com\\\/wp-content\\\/uploads\\\/2019\\\/02\\\/Sympt\u00f4mes-de-court-nou\u00e9-3.jpg\",\"alt\":\"\",\"caption\":false,\"thumb\":\"https:\\\/\\\/www.vignevin.com\\\/wp-content\\\/uploads\\\/2019\\\/02\\\/Sympt\u00f4mes-de-court-nou\u00e9-3-75x50_c.jpg\",\"meta\":{\"aperture\":\"4\",\"credit\":null,\"camera\":\"DMC-TZ10\",\"caption\":\"\",\"created_timestamp\":\"1372930847\",\"copyright\":null,\"focal_length\":\"4.1\",\"iso\":\"125\",\"shutter_speed\":\"0.004\",\"title\":\"\",\"orientation\":\"1\",\"keywords\":null},\"thumbnail\":\"https:\\\/\\\/www.vignevin.com\\\/wp-content\\\/uploads\\\/2019\\\/02\\\/Sympt\u00f4mes-de-court-nou\u00e9-3.jpg\",\"medium\":\"https:\\\/\\\/www.vignevin.com\\\/wp-content\\\/uploads\\\/2019\\\/02\\\/Sympt\u00f4mes-de-court-nou\u00e9-3.jpg\",\"medium_large\":\"https:\\\/\\\/www.vignevin.com\\\/wp-content\\\/uploads\\\/2019\\\/02\\\/Sympt\u00f4mes-de-court-nou\u00e9-3.jpg\",\"large\":\"https:\\\/\\\/www.vignevin.com\\\/wp-content\\\/uploads\\\/2019\\\/02\\\/Sympt\u00f4mes-de-court-nou\u00e9-3.jpg\",\"1536x1536\":\"https:\\\/\\\/www.vignevin.com\\\/wp-content\\\/uploads\\\/2019\\\/02\\\/Sympt\u00f4mes-de-court-nou\u00e9-3.jpg\",\"2048x2048\":\"https:\\\/\\\/www.vignevin.com\\\/wp-content\\\/uploads\\\/2019\\\/02\\\/Sympt\u00f4mes-de-court-nou\u00e9-3.jpg\",\"et-pb-post-main-image\":\"https:\\\/\\\/www.vignevin.com\\\/wp-content\\\/uploads\\\/2019\\\/02\\\/Sympt\u00f4mes-de-court-nou\u00e9-3.jpg\",\"et-pb-post-main-image-fullwidth\":\"https:\\\/\\\/www.vignevin.com\\\/wp-content\\\/uploads\\\/2019\\\/02\\\/Sympt\u00f4mes-de-court-nou\u00e9-3.jpg\",\"et-pb-portfolio-image\":\"https:\\\/\\\/www.vignevin.com\\\/wp-content\\\/uploads\\\/2019\\\/02\\\/Sympt\u00f4mes-de-court-nou\u00e9-3.jpg\",\"et-pb-portfolio-module-image\":\"https:\\\/\\\/www.vignevin.com\\\/wp-content\\\/uploads\\\/2019\\\/02\\\/Sympt\u00f4mes-de-court-nou\u00e9-3.jpg\",\"et-pb-portfolio-image-single\":\"https:\\\/\\\/www.vignevin.com\\\/wp-content\\\/uploads\\\/2019\\\/02\\\/Sympt\u00f4mes-de-court-nou\u00e9-3.jpg\",\"et-pb-gallery-module-image-portrait\":\"https:\\\/\\\/www.vignevin.com\\\/wp-content\\\/uploads\\\/2019\\\/02\\\/Sympt\u00f4mes-de-court-nou\u00e9-3.jpg\",\"et-pb-post-main-image-fullwidth-large\":\"https:\\\/\\\/www.vignevin.com\\\/wp-content\\\/uploads\\\/2019\\\/02\\\/Sympt\u00f4mes-de-court-nou\u00e9-3.jpg\",\"et-pb-image--responsive--desktop\":\"https:\\\/\\\/www.vignevin.com\\\/wp-content\\\/uploads\\\/2019\\\/02\\\/Sympt\u00f4mes-de-court-nou\u00e9-3.jpg\",\"et-pb-image--responsive--tablet\":\"https:\\\/\\\/www.vignevin.com\\\/wp-content\\\/uploads\\\/2019\\\/02\\\/Sympt\u00f4mes-de-court-nou\u00e9-3.jpg\",\"et-pb-image--responsive--phone\":\"https:\\\/\\\/www.vignevin.com\\\/wp-content\\\/uploads\\\/2019\\\/02\\\/Sympt\u00f4mes-de-court-nou\u00e9-3.jpg\",\"gform-image-choice-sm\":\"https:\\\/\\\/www.vignevin.com\\\/wp-content\\\/uploads\\\/2019\\\/02\\\/Sympt\u00f4mes-de-court-nou\u00e9-3.jpg\",\"gform-image-choice-md\":\"https:\\\/\\\/www.vignevin.com\\\/wp-content\\\/uploads\\\/2019\\\/02\\\/Sympt\u00f4mes-de-court-nou\u00e9-3.jpg\",\"gform-image-choice-lg\":\"https:\\\/\\\/www.vignevin.com\\\/wp-content\\\/uploads\\\/2019\\\/02\\\/Sympt\u00f4mes-de-court-nou\u00e9-3.jpg\",\"woocommerce_thumbnail\":\"https:\\\/\\\/www.vignevin.com\\\/wp-content\\\/uploads\\\/2019\\\/02\\\/Sympt\u00f4mes-de-court-nou\u00e9-3-300x300.jpg\",\"woocommerce_single\":\"https:\\\/\\\/www.vignevin.com\\\/wp-content\\\/uploads\\\/2019\\\/02\\\/Sympt\u00f4mes-de-court-nou\u00e9-3-600x450.jpg\",\"woocommerce_gallery_thumbnail\":\"https:\\\/\\\/www.vignevin.com\\\/wp-content\\\/uploads\\\/2019\\\/02\\\/Sympt\u00f4mes-de-court-nou\u00e9-3-100x100.jpg\",\"full\":\"https:\\\/\\\/www.vignevin.com\\\/wp-content\\\/uploads\\\/2019\\\/02\\\/Sympt\u00f4mes-de-court-nou\u00e9-3.jpg\",\"index\":18,\"id\":9956,\"video\":false,\"opts\":{\"caption\":\"\",\"thumb\":\"https:\\\/\\\/www.vignevin.com\\\/wp-content\\\/uploads\\\/2019\\\/02\\\/Sympt\u00f4mes-de-court-nou\u00e9-3-75x50_c.jpg\",\"title\":\"Sympt&amp;ocirc;mes de court-nou&amp;eacute; (3)\"},\"gallery_id\":17410,\"gallery_title\":\"Grapevines virus\"},\"9957\":{\"status\":\"active\",\"src\":\"https:\\\/\\\/www.vignevin.com\\\/wp-content\\\/uploads\\\/2019\\\/02\\\/Sympt\u00f4mes-de-court-nou\u00e9-4.jpg\",\"title\":\"OLYMPUS DIGITAL CAMERA\",\"link\":\"https:\\\/\\\/www.vignevin.com\\\/wp-content\\\/uploads\\\/2019\\\/02\\\/Sympt\u00f4mes-de-court-nou\u00e9-4.jpg\",\"alt\":\"\",\"caption\":\"OLYMPUS DIGITAL CAMERA\",\"thumb\":\"https:\\\/\\\/www.vignevin.com\\\/wp-content\\\/uploads\\\/2019\\\/02\\\/Sympt\u00f4mes-de-court-nou\u00e9-4-75x50_c.jpg\",\"meta\":{\"aperture\":\"2.8\",\"credit\":null,\"camera\":\"C-5000Z\",\"caption\":\"OLYMPUS DIGITAL CAMERA\",\"created_timestamp\":\"1221674867\",\"copyright\":null,\"focal_length\":\"7.8\",\"iso\":\"80\",\"shutter_speed\":\"0.033333333333333\",\"title\":\"OLYMPUS DIGITAL CAMERA\",\"orientation\":null,\"keywords\":null},\"thumbnail\":\"https:\\\/\\\/www.vignevin.com\\\/wp-content\\\/uploads\\\/2019\\\/02\\\/Sympt\u00f4mes-de-court-nou\u00e9-4.jpg\",\"medium\":\"https:\\\/\\\/www.vignevin.com\\\/wp-content\\\/uploads\\\/2019\\\/02\\\/Sympt\u00f4mes-de-court-nou\u00e9-4.jpg\",\"medium_large\":\"https:\\\/\\\/www.vignevin.com\\\/wp-content\\\/uploads\\\/2019\\\/02\\\/Sympt\u00f4mes-de-court-nou\u00e9-4.jpg\",\"large\":\"https:\\\/\\\/www.vignevin.com\\\/wp-content\\\/uploads\\\/2019\\\/02\\\/Sympt\u00f4mes-de-court-nou\u00e9-4.jpg\",\"1536x1536\":\"https:\\\/\\\/www.vignevin.com\\\/wp-content\\\/uploads\\\/2019\\\/02\\\/Sympt\u00f4mes-de-court-nou\u00e9-4.jpg\",\"2048x2048\":\"https:\\\/\\\/www.vignevin.com\\\/wp-content\\\/uploads\\\/2019\\\/02\\\/Sympt\u00f4mes-de-court-nou\u00e9-4.jpg\",\"et-pb-post-main-image\":\"https:\\\/\\\/www.vignevin.com\\\/wp-content\\\/uploads\\\/2019\\\/02\\\/Sympt\u00f4mes-de-court-nou\u00e9-4.jpg\",\"et-pb-post-main-image-fullwidth\":\"https:\\\/\\\/www.vignevin.com\\\/wp-content\\\/uploads\\\/2019\\\/02\\\/Sympt\u00f4mes-de-court-nou\u00e9-4.jpg\",\"et-pb-portfolio-image\":\"https:\\\/\\\/www.vignevin.com\\\/wp-content\\\/uploads\\\/2019\\\/02\\\/Sympt\u00f4mes-de-court-nou\u00e9-4.jpg\",\"et-pb-portfolio-module-image\":\"https:\\\/\\\/www.vignevin.com\\\/wp-content\\\/uploads\\\/2019\\\/02\\\/Sympt\u00f4mes-de-court-nou\u00e9-4.jpg\",\"et-pb-portfolio-image-single\":\"https:\\\/\\\/www.vignevin.com\\\/wp-content\\\/uploads\\\/2019\\\/02\\\/Sympt\u00f4mes-de-court-nou\u00e9-4.jpg\",\"et-pb-gallery-module-image-portrait\":\"https:\\\/\\\/www.vignevin.com\\\/wp-content\\\/uploads\\\/2019\\\/02\\\/Sympt\u00f4mes-de-court-nou\u00e9-4.jpg\",\"et-pb-post-main-image-fullwidth-large\":\"https:\\\/\\\/www.vignevin.com\\\/wp-content\\\/uploads\\\/2019\\\/02\\\/Sympt\u00f4mes-de-court-nou\u00e9-4.jpg\",\"et-pb-image--responsive--desktop\":\"https:\\\/\\\/www.vignevin.com\\\/wp-content\\\/uploads\\\/2019\\\/02\\\/Sympt\u00f4mes-de-court-nou\u00e9-4.jpg\",\"et-pb-image--responsive--tablet\":\"https:\\\/\\\/www.vignevin.com\\\/wp-content\\\/uploads\\\/2019\\\/02\\\/Sympt\u00f4mes-de-court-nou\u00e9-4.jpg\",\"et-pb-image--responsive--phone\":\"https:\\\/\\\/www.vignevin.com\\\/wp-content\\\/uploads\\\/2019\\\/02\\\/Sympt\u00f4mes-de-court-nou\u00e9-4.jpg\",\"gform-image-choice-sm\":\"https:\\\/\\\/www.vignevin.com\\\/wp-content\\\/uploads\\\/2019\\\/02\\\/Sympt\u00f4mes-de-court-nou\u00e9-4.jpg\",\"gform-image-choice-md\":\"https:\\\/\\\/www.vignevin.com\\\/wp-content\\\/uploads\\\/2019\\\/02\\\/Sympt\u00f4mes-de-court-nou\u00e9-4.jpg\",\"gform-image-choice-lg\":\"https:\\\/\\\/www.vignevin.com\\\/wp-content\\\/uploads\\\/2019\\\/02\\\/Sympt\u00f4mes-de-court-nou\u00e9-4.jpg\",\"woocommerce_thumbnail\":\"https:\\\/\\\/www.vignevin.com\\\/wp-content\\\/uploads\\\/2019\\\/02\\\/Sympt\u00f4mes-de-court-nou\u00e9-4-300x300.jpg\",\"woocommerce_single\":\"https:\\\/\\\/www.vignevin.com\\\/wp-content\\\/uploads\\\/2019\\\/02\\\/Sympt\u00f4mes-de-court-nou\u00e9-4-600x800.jpg\",\"woocommerce_gallery_thumbnail\":\"https:\\\/\\\/www.vignevin.com\\\/wp-content\\\/uploads\\\/2019\\\/02\\\/Sympt\u00f4mes-de-court-nou\u00e9-4-100x100.jpg\",\"full\":\"https:\\\/\\\/www.vignevin.com\\\/wp-content\\\/uploads\\\/2019\\\/02\\\/Sympt\u00f4mes-de-court-nou\u00e9-4.jpg\",\"index\":19,\"id\":9957,\"video\":false,\"opts\":{\"caption\":\"OLYMPUS DIGITAL CAMERA\",\"thumb\":\"https:\\\/\\\/www.vignevin.com\\\/wp-content\\\/uploads\\\/2019\\\/02\\\/Sympt\u00f4mes-de-court-nou\u00e9-4-75x50_c.jpg\",\"title\":\"OLYMPUS DIGITAL CAMERA\"},\"gallery_id\":17410,\"gallery_title\":\"Grapevines virus\"},\"9958\":{\"status\":\"active\",\"src\":\"https:\\\/\\\/www.vignevin.com\\\/wp-content\\\/uploads\\\/2019\\\/02\\\/Sympt\u00f4mes-de-court-nou\u00e9-5.jpg\",\"title\":\"Sympt&amp;ocirc;mes de court-nou&amp;eacute; (5)\",\"link\":\"https:\\\/\\\/www.vignevin.com\\\/wp-content\\\/uploads\\\/2019\\\/02\\\/Sympt\u00f4mes-de-court-nou\u00e9-5.jpg\",\"alt\":\"\",\"caption\":false,\"thumb\":\"https:\\\/\\\/www.vignevin.com\\\/wp-content\\\/uploads\\\/2019\\\/02\\\/Sympt\u00f4mes-de-court-nou\u00e9-5-75x50_c.jpg\",\"meta\":{\"aperture\":\"3.3\",\"credit\":null,\"camera\":\"DMC-TZ10\",\"caption\":\"\",\"created_timestamp\":\"1374076227\",\"copyright\":null,\"focal_length\":\"4.1\",\"iso\":\"400\",\"shutter_speed\":\"0.033333333333333\",\"title\":\"\",\"orientation\":\"1\",\"keywords\":null},\"thumbnail\":\"https:\\\/\\\/www.vignevin.com\\\/wp-content\\\/uploads\\\/2019\\\/02\\\/Sympt\u00f4mes-de-court-nou\u00e9-5.jpg\",\"medium\":\"https:\\\/\\\/www.vignevin.com\\\/wp-content\\\/uploads\\\/2019\\\/02\\\/Sympt\u00f4mes-de-court-nou\u00e9-5.jpg\",\"medium_large\":\"https:\\\/\\\/www.vignevin.com\\\/wp-content\\\/uploads\\\/2019\\\/02\\\/Sympt\u00f4mes-de-court-nou\u00e9-5.jpg\",\"large\":\"https:\\\/\\\/www.vignevin.com\\\/wp-content\\\/uploads\\\/2019\\\/02\\\/Sympt\u00f4mes-de-court-nou\u00e9-5.jpg\",\"1536x1536\":\"https:\\\/\\\/www.vignevin.com\\\/wp-content\\\/uploads\\\/2019\\\/02\\\/Sympt\u00f4mes-de-court-nou\u00e9-5.jpg\",\"2048x2048\":\"https:\\\/\\\/www.vignevin.com\\\/wp-content\\\/uploads\\\/2019\\\/02\\\/Sympt\u00f4mes-de-court-nou\u00e9-5.jpg\",\"et-pb-post-main-image\":\"https:\\\/\\\/www.vignevin.com\\\/wp-content\\\/uploads\\\/2019\\\/02\\\/Sympt\u00f4mes-de-court-nou\u00e9-5.jpg\",\"et-pb-post-main-image-fullwidth\":\"https:\\\/\\\/www.vignevin.com\\\/wp-content\\\/uploads\\\/2019\\\/02\\\/Sympt\u00f4mes-de-court-nou\u00e9-5.jpg\",\"et-pb-portfolio-image\":\"https:\\\/\\\/www.vignevin.com\\\/wp-content\\\/uploads\\\/2019\\\/02\\\/Sympt\u00f4mes-de-court-nou\u00e9-5.jpg\",\"et-pb-portfolio-module-image\":\"https:\\\/\\\/www.vignevin.com\\\/wp-content\\\/uploads\\\/2019\\\/02\\\/Sympt\u00f4mes-de-court-nou\u00e9-5.jpg\",\"et-pb-portfolio-image-single\":\"https:\\\/\\\/www.vignevin.com\\\/wp-content\\\/uploads\\\/2019\\\/02\\\/Sympt\u00f4mes-de-court-nou\u00e9-5.jpg\",\"et-pb-gallery-module-image-portrait\":\"https:\\\/\\\/www.vignevin.com\\\/wp-content\\\/uploads\\\/2019\\\/02\\\/Sympt\u00f4mes-de-court-nou\u00e9-5.jpg\",\"et-pb-post-main-image-fullwidth-large\":\"https:\\\/\\\/www.vignevin.com\\\/wp-content\\\/uploads\\\/2019\\\/02\\\/Sympt\u00f4mes-de-court-nou\u00e9-5.jpg\",\"et-pb-image--responsive--desktop\":\"https:\\\/\\\/www.vignevin.com\\\/wp-content\\\/uploads\\\/2019\\\/02\\\/Sympt\u00f4mes-de-court-nou\u00e9-5.jpg\",\"et-pb-image--responsive--tablet\":\"https:\\\/\\\/www.vignevin.com\\\/wp-content\\\/uploads\\\/2019\\\/02\\\/Sympt\u00f4mes-de-court-nou\u00e9-5.jpg\",\"et-pb-image--responsive--phone\":\"https:\\\/\\\/www.vignevin.com\\\/wp-content\\\/uploads\\\/2019\\\/02\\\/Sympt\u00f4mes-de-court-nou\u00e9-5.jpg\",\"gform-image-choice-sm\":\"https:\\\/\\\/www.vignevin.com\\\/wp-content\\\/uploads\\\/2019\\\/02\\\/Sympt\u00f4mes-de-court-nou\u00e9-5.jpg\",\"gform-image-choice-md\":\"https:\\\/\\\/www.vignevin.com\\\/wp-content\\\/uploads\\\/2019\\\/02\\\/Sympt\u00f4mes-de-court-nou\u00e9-5.jpg\",\"gform-image-choice-lg\":\"https:\\\/\\\/www.vignevin.com\\\/wp-content\\\/uploads\\\/2019\\\/02\\\/Sympt\u00f4mes-de-court-nou\u00e9-5.jpg\",\"woocommerce_thumbnail\":\"https:\\\/\\\/www.vignevin.com\\\/wp-content\\\/uploads\\\/2019\\\/02\\\/Sympt\u00f4mes-de-court-nou\u00e9-5-300x300.jpg\",\"woocommerce_single\":\"https:\\\/\\\/www.vignevin.com\\\/wp-content\\\/uploads\\\/2019\\\/02\\\/Sympt\u00f4mes-de-court-nou\u00e9-5-600x800.jpg\",\"woocommerce_gallery_thumbnail\":\"https:\\\/\\\/www.vignevin.com\\\/wp-content\\\/uploads\\\/2019\\\/02\\\/Sympt\u00f4mes-de-court-nou\u00e9-5-100x100.jpg\",\"full\":\"https:\\\/\\\/www.vignevin.com\\\/wp-content\\\/uploads\\\/2019\\\/02\\\/Sympt\u00f4mes-de-court-nou\u00e9-5.jpg\",\"index\":20,\"id\":9958,\"video\":false,\"opts\":{\"caption\":\"\",\"thumb\":\"https:\\\/\\\/www.vignevin.com\\\/wp-content\\\/uploads\\\/2019\\\/02\\\/Sympt\u00f4mes-de-court-nou\u00e9-5-75x50_c.jpg\",\"title\":\"Sympt&amp;ocirc;mes de court-nou&amp;eacute; (5)\"},\"gallery_id\":17410,\"gallery_title\":\"Grapevines virus\"},\"9959\":{\"status\":\"active\",\"src\":\"https:\\\/\\\/www.vignevin.com\\\/wp-content\\\/uploads\\\/2019\\\/02\\\/Sympt\u00f4mes-de-court-nou\u00e9-6.jpg\",\"title\":\"Sympt&amp;ocirc;mes de court-nou&amp;eacute; (6)\",\"link\":\"https:\\\/\\\/www.vignevin.com\\\/wp-content\\\/uploads\\\/2019\\\/02\\\/Sympt\u00f4mes-de-court-nou\u00e9-6.jpg\",\"alt\":\"\",\"caption\":false,\"thumb\":\"https:\\\/\\\/www.vignevin.com\\\/wp-content\\\/uploads\\\/2019\\\/02\\\/Sympt\u00f4mes-de-court-nou\u00e9-6-75x50_c.jpg\",\"meta\":{\"aperture\":\"4\",\"credit\":null,\"camera\":\"DMC-TZ10\",\"caption\":\"\",\"created_timestamp\":\"1342091093\",\"copyright\":null,\"focal_length\":\"4.1\",\"iso\":\"80\",\"shutter_speed\":\"0.003125\",\"title\":\"\",\"orientation\":\"1\",\"keywords\":null},\"thumbnail\":\"https:\\\/\\\/www.vignevin.com\\\/wp-content\\\/uploads\\\/2019\\\/02\\\/Sympt\u00f4mes-de-court-nou\u00e9-6.jpg\",\"medium\":\"https:\\\/\\\/www.vignevin.com\\\/wp-content\\\/uploads\\\/2019\\\/02\\\/Sympt\u00f4mes-de-court-nou\u00e9-6.jpg\",\"medium_large\":\"https:\\\/\\\/www.vignevin.com\\\/wp-content\\\/uploads\\\/2019\\\/02\\\/Sympt\u00f4mes-de-court-nou\u00e9-6.jpg\",\"large\":\"https:\\\/\\\/www.vignevin.com\\\/wp-content\\\/uploads\\\/2019\\\/02\\\/Sympt\u00f4mes-de-court-nou\u00e9-6.jpg\",\"1536x1536\":\"https:\\\/\\\/www.vignevin.com\\\/wp-content\\\/uploads\\\/2019\\\/02\\\/Sympt\u00f4mes-de-court-nou\u00e9-6.jpg\",\"2048x2048\":\"https:\\\/\\\/www.vignevin.com\\\/wp-content\\\/uploads\\\/2019\\\/02\\\/Sympt\u00f4mes-de-court-nou\u00e9-6.jpg\",\"et-pb-post-main-image\":\"https:\\\/\\\/www.vignevin.com\\\/wp-content\\\/uploads\\\/2019\\\/02\\\/Sympt\u00f4mes-de-court-nou\u00e9-6.jpg\",\"et-pb-post-main-image-fullwidth\":\"https:\\\/\\\/www.vignevin.com\\\/wp-content\\\/uploads\\\/2019\\\/02\\\/Sympt\u00f4mes-de-court-nou\u00e9-6.jpg\",\"et-pb-portfolio-image\":\"https:\\\/\\\/www.vignevin.com\\\/wp-content\\\/uploads\\\/2019\\\/02\\\/Sympt\u00f4mes-de-court-nou\u00e9-6.jpg\",\"et-pb-portfolio-module-image\":\"https:\\\/\\\/www.vignevin.com\\\/wp-content\\\/uploads\\\/2019\\\/02\\\/Sympt\u00f4mes-de-court-nou\u00e9-6.jpg\",\"et-pb-portfolio-image-single\":\"https:\\\/\\\/www.vignevin.com\\\/wp-content\\\/uploads\\\/2019\\\/02\\\/Sympt\u00f4mes-de-court-nou\u00e9-6.jpg\",\"et-pb-gallery-module-image-portrait\":\"https:\\\/\\\/www.vignevin.com\\\/wp-content\\\/uploads\\\/2019\\\/02\\\/Sympt\u00f4mes-de-court-nou\u00e9-6.jpg\",\"et-pb-post-main-image-fullwidth-large\":\"https:\\\/\\\/www.vignevin.com\\\/wp-content\\\/uploads\\\/2019\\\/02\\\/Sympt\u00f4mes-de-court-nou\u00e9-6.jpg\",\"et-pb-image--responsive--desktop\":\"https:\\\/\\\/www.vignevin.com\\\/wp-content\\\/uploads\\\/2019\\\/02\\\/Sympt\u00f4mes-de-court-nou\u00e9-6.jpg\",\"et-pb-image--responsive--tablet\":\"https:\\\/\\\/www.vignevin.com\\\/wp-content\\\/uploads\\\/2019\\\/02\\\/Sympt\u00f4mes-de-court-nou\u00e9-6.jpg\",\"et-pb-image--responsive--phone\":\"https:\\\/\\\/www.vignevin.com\\\/wp-content\\\/uploads\\\/2019\\\/02\\\/Sympt\u00f4mes-de-court-nou\u00e9-6.jpg\",\"gform-image-choice-sm\":\"https:\\\/\\\/www.vignevin.com\\\/wp-content\\\/uploads\\\/2019\\\/02\\\/Sympt\u00f4mes-de-court-nou\u00e9-6.jpg\",\"gform-image-choice-md\":\"https:\\\/\\\/www.vignevin.com\\\/wp-content\\\/uploads\\\/2019\\\/02\\\/Sympt\u00f4mes-de-court-nou\u00e9-6.jpg\",\"gform-image-choice-lg\":\"https:\\\/\\\/www.vignevin.com\\\/wp-content\\\/uploads\\\/2019\\\/02\\\/Sympt\u00f4mes-de-court-nou\u00e9-6.jpg\",\"woocommerce_thumbnail\":\"https:\\\/\\\/www.vignevin.com\\\/wp-content\\\/uploads\\\/2019\\\/02\\\/Sympt\u00f4mes-de-court-nou\u00e9-6-300x300.jpg\",\"woocommerce_single\":\"https:\\\/\\\/www.vignevin.com\\\/wp-content\\\/uploads\\\/2019\\\/02\\\/Sympt\u00f4mes-de-court-nou\u00e9-6-600x800.jpg\",\"woocommerce_gallery_thumbnail\":\"https:\\\/\\\/www.vignevin.com\\\/wp-content\\\/uploads\\\/2019\\\/02\\\/Sympt\u00f4mes-de-court-nou\u00e9-6-100x100.jpg\",\"full\":\"https:\\\/\\\/www.vignevin.com\\\/wp-content\\\/uploads\\\/2019\\\/02\\\/Sympt\u00f4mes-de-court-nou\u00e9-6.jpg\",\"index\":21,\"id\":9959,\"video\":false,\"opts\":{\"caption\":\"\",\"thumb\":\"https:\\\/\\\/www.vignevin.com\\\/wp-content\\\/uploads\\\/2019\\\/02\\\/Sympt\u00f4mes-de-court-nou\u00e9-6-75x50_c.jpg\",\"title\":\"Sympt&amp;ocirc;mes de court-nou&amp;eacute; (6)\"},\"gallery_id\":17410,\"gallery_title\":\"Grapevines virus\"},\"9960\":{\"status\":\"active\",\"src\":\"https:\\\/\\\/www.vignevin.com\\\/wp-content\\\/uploads\\\/2019\\\/02\\\/Sympt\u00f4mes-de-court-nou\u00e9-7.jpg\",\"title\":\"Sympt&amp;ocirc;mes de court-nou&amp;eacute; (7)\",\"link\":\"https:\\\/\\\/www.vignevin.com\\\/wp-content\\\/uploads\\\/2019\\\/02\\\/Sympt\u00f4mes-de-court-nou\u00e9-7.jpg\",\"alt\":\"\",\"caption\":false,\"thumb\":\"https:\\\/\\\/www.vignevin.com\\\/wp-content\\\/uploads\\\/2019\\\/02\\\/Sympt\u00f4mes-de-court-nou\u00e9-7-75x50_c.jpg\",\"meta\":{\"aperture\":\"4\",\"credit\":null,\"camera\":\"DMC-TZ10\",\"caption\":\"\",\"created_timestamp\":\"1341483981\",\"copyright\":null,\"focal_length\":\"4.1\",\"iso\":\"80\",\"shutter_speed\":\"0.00625\",\"title\":\"\",\"orientation\":\"1\",\"keywords\":null},\"thumbnail\":\"https:\\\/\\\/www.vignevin.com\\\/wp-content\\\/uploads\\\/2019\\\/02\\\/Sympt\u00f4mes-de-court-nou\u00e9-7.jpg\",\"medium\":\"https:\\\/\\\/www.vignevin.com\\\/wp-content\\\/uploads\\\/2019\\\/02\\\/Sympt\u00f4mes-de-court-nou\u00e9-7.jpg\",\"medium_large\":\"https:\\\/\\\/www.vignevin.com\\\/wp-content\\\/uploads\\\/2019\\\/02\\\/Sympt\u00f4mes-de-court-nou\u00e9-7.jpg\",\"large\":\"https:\\\/\\\/www.vignevin.com\\\/wp-content\\\/uploads\\\/2019\\\/02\\\/Sympt\u00f4mes-de-court-nou\u00e9-7.jpg\",\"1536x1536\":\"https:\\\/\\\/www.vignevin.com\\\/wp-content\\\/uploads\\\/2019\\\/02\\\/Sympt\u00f4mes-de-court-nou\u00e9-7.jpg\",\"2048x2048\":\"https:\\\/\\\/www.vignevin.com\\\/wp-content\\\/uploads\\\/2019\\\/02\\\/Sympt\u00f4mes-de-court-nou\u00e9-7.jpg\",\"et-pb-post-main-image\":\"https:\\\/\\\/www.vignevin.com\\\/wp-content\\\/uploads\\\/2019\\\/02\\\/Sympt\u00f4mes-de-court-nou\u00e9-7.jpg\",\"et-pb-post-main-image-fullwidth\":\"https:\\\/\\\/www.vignevin.com\\\/wp-content\\\/uploads\\\/2019\\\/02\\\/Sympt\u00f4mes-de-court-nou\u00e9-7.jpg\",\"et-pb-portfolio-image\":\"https:\\\/\\\/www.vignevin.com\\\/wp-content\\\/uploads\\\/2019\\\/02\\\/Sympt\u00f4mes-de-court-nou\u00e9-7.jpg\",\"et-pb-portfolio-module-image\":\"https:\\\/\\\/www.vignevin.com\\\/wp-content\\\/uploads\\\/2019\\\/02\\\/Sympt\u00f4mes-de-court-nou\u00e9-7.jpg\",\"et-pb-portfolio-image-single\":\"https:\\\/\\\/www.vignevin.com\\\/wp-content\\\/uploads\\\/2019\\\/02\\\/Sympt\u00f4mes-de-court-nou\u00e9-7.jpg\",\"et-pb-gallery-module-image-portrait\":\"https:\\\/\\\/www.vignevin.com\\\/wp-content\\\/uploads\\\/2019\\\/02\\\/Sympt\u00f4mes-de-court-nou\u00e9-7.jpg\",\"et-pb-post-main-image-fullwidth-large\":\"https:\\\/\\\/www.vignevin.com\\\/wp-content\\\/uploads\\\/2019\\\/02\\\/Sympt\u00f4mes-de-court-nou\u00e9-7.jpg\",\"et-pb-image--responsive--desktop\":\"https:\\\/\\\/www.vignevin.com\\\/wp-content\\\/uploads\\\/2019\\\/02\\\/Sympt\u00f4mes-de-court-nou\u00e9-7.jpg\",\"et-pb-image--responsive--tablet\":\"https:\\\/\\\/www.vignevin.com\\\/wp-content\\\/uploads\\\/2019\\\/02\\\/Sympt\u00f4mes-de-court-nou\u00e9-7.jpg\",\"et-pb-image--responsive--phone\":\"https:\\\/\\\/www.vignevin.com\\\/wp-content\\\/uploads\\\/2019\\\/02\\\/Sympt\u00f4mes-de-court-nou\u00e9-7.jpg\",\"gform-image-choice-sm\":\"https:\\\/\\\/www.vignevin.com\\\/wp-content\\\/uploads\\\/2019\\\/02\\\/Sympt\u00f4mes-de-court-nou\u00e9-7.jpg\",\"gform-image-choice-md\":\"https:\\\/\\\/www.vignevin.com\\\/wp-content\\\/uploads\\\/2019\\\/02\\\/Sympt\u00f4mes-de-court-nou\u00e9-7.jpg\",\"gform-image-choice-lg\":\"https:\\\/\\\/www.vignevin.com\\\/wp-content\\\/uploads\\\/2019\\\/02\\\/Sympt\u00f4mes-de-court-nou\u00e9-7.jpg\",\"woocommerce_thumbnail\":\"https:\\\/\\\/www.vignevin.com\\\/wp-content\\\/uploads\\\/2019\\\/02\\\/Sympt\u00f4mes-de-court-nou\u00e9-7-300x300.jpg\",\"woocommerce_single\":\"https:\\\/\\\/www.vignevin.com\\\/wp-content\\\/uploads\\\/2019\\\/02\\\/Sympt\u00f4mes-de-court-nou\u00e9-7-600x800.jpg\",\"woocommerce_gallery_thumbnail\":\"https:\\\/\\\/www.vignevin.com\\\/wp-content\\\/uploads\\\/2019\\\/02\\\/Sympt\u00f4mes-de-court-nou\u00e9-7-100x100.jpg\",\"full\":\"https:\\\/\\\/www.vignevin.com\\\/wp-content\\\/uploads\\\/2019\\\/02\\\/Sympt\u00f4mes-de-court-nou\u00e9-7.jpg\",\"index\":22,\"id\":9960,\"video\":false,\"opts\":{\"caption\":\"\",\"thumb\":\"https:\\\/\\\/www.vignevin.com\\\/wp-content\\\/uploads\\\/2019\\\/02\\\/Sympt\u00f4mes-de-court-nou\u00e9-7-75x50_c.jpg\",\"title\":\"Sympt&amp;ocirc;mes de court-nou&amp;eacute; (7)\"},\"gallery_id\":17410,\"gallery_title\":\"Grapevines virus\"},\"9961\":{\"status\":\"active\",\"src\":\"https:\\\/\\\/www.vignevin.com\\\/wp-content\\\/uploads\\\/2019\\\/02\\\/Sympt\u00f4mes-de-court-nou\u00e9-8-scaled.jpg\",\"title\":\"Sympt&amp;ocirc;mes de court-nou&amp;eacute; (8)\",\"link\":\"https:\\\/\\\/www.vignevin.com\\\/wp-content\\\/uploads\\\/2019\\\/02\\\/Sympt\u00f4mes-de-court-nou\u00e9-8.jpg\",\"alt\":\"\",\"caption\":false,\"thumb\":\"https:\\\/\\\/www.vignevin.com\\\/wp-content\\\/uploads\\\/2019\\\/02\\\/Sympt\u00f4mes-de-court-nou\u00e9-8-scaled-75x50_c.jpg\",\"meta\":{\"aperture\":\"4.5\",\"credit\":null,\"camera\":\"DMC-TZ10\",\"caption\":\"\",\"created_timestamp\":\"1467893642\",\"copyright\":null,\"focal_length\":\"4.1\",\"iso\":\"80\",\"shutter_speed\":\"0.0025\",\"title\":\"\",\"orientation\":\"1\",\"keywords\":null},\"thumbnail\":\"https:\\\/\\\/www.vignevin.com\\\/wp-content\\\/uploads\\\/2019\\\/02\\\/Sympt\u00f4mes-de-court-nou\u00e9-8-150x150.jpg\",\"medium\":\"https:\\\/\\\/www.vignevin.com\\\/wp-content\\\/uploads\\\/2019\\\/02\\\/Sympt\u00f4mes-de-court-nou\u00e9-8-225x300.jpg\",\"medium_large\":\"https:\\\/\\\/www.vignevin.com\\\/wp-content\\\/uploads\\\/2019\\\/02\\\/Sympt\u00f4mes-de-court-nou\u00e9-8-768x1024.jpg\",\"large\":\"https:\\\/\\\/www.vignevin.com\\\/wp-content\\\/uploads\\\/2019\\\/02\\\/Sympt\u00f4mes-de-court-nou\u00e9-8-768x1024.jpg\",\"1536x1536\":\"https:\\\/\\\/www.vignevin.com\\\/wp-content\\\/uploads\\\/2019\\\/02\\\/Sympt\u00f4mes-de-court-nou\u00e9-8-scaled.jpg\",\"2048x2048\":\"https:\\\/\\\/www.vignevin.com\\\/wp-content\\\/uploads\\\/2019\\\/02\\\/Sympt\u00f4mes-de-court-nou\u00e9-8-scaled.jpg\",\"et-pb-post-main-image\":\"https:\\\/\\\/www.vignevin.com\\\/wp-content\\\/uploads\\\/2019\\\/02\\\/Sympt\u00f4mes-de-court-nou\u00e9-8-400x250.jpg\",\"et-pb-post-main-image-fullwidth\":\"https:\\\/\\\/www.vignevin.com\\\/wp-content\\\/uploads\\\/2019\\\/02\\\/Sympt\u00f4mes-de-court-nou\u00e9-8-1080x675.jpg\",\"et-pb-portfolio-image\":\"https:\\\/\\\/www.vignevin.com\\\/wp-content\\\/uploads\\\/2019\\\/02\\\/Sympt\u00f4mes-de-court-nou\u00e9-8-400x284.jpg\",\"et-pb-portfolio-module-image\":\"https:\\\/\\\/www.vignevin.com\\\/wp-content\\\/uploads\\\/2019\\\/02\\\/Sympt\u00f4mes-de-court-nou\u00e9-8-510x382.jpg\",\"et-pb-portfolio-image-single\":\"https:\\\/\\\/www.vignevin.com\\\/wp-content\\\/uploads\\\/2019\\\/02\\\/Sympt\u00f4mes-de-court-nou\u00e9-8-1080x1440.jpg\",\"et-pb-gallery-module-image-portrait\":\"https:\\\/\\\/www.vignevin.com\\\/wp-content\\\/uploads\\\/2019\\\/02\\\/Sympt\u00f4mes-de-court-nou\u00e9-8-400x516.jpg\",\"et-pb-post-main-image-fullwidth-large\":\"https:\\\/\\\/www.vignevin.com\\\/wp-content\\\/uploads\\\/2019\\\/02\\\/Sympt\u00f4mes-de-court-nou\u00e9-8-2880x1800.jpg\",\"et-pb-image--responsive--desktop\":\"https:\\\/\\\/www.vignevin.com\\\/wp-content\\\/uploads\\\/2019\\\/02\\\/Sympt\u00f4mes-de-court-nou\u00e9-8-scaled.jpg\",\"et-pb-image--responsive--tablet\":\"https:\\\/\\\/www.vignevin.com\\\/wp-content\\\/uploads\\\/2019\\\/02\\\/Sympt\u00f4mes-de-court-nou\u00e9-8-scaled.jpg\",\"et-pb-image--responsive--phone\":\"https:\\\/\\\/www.vignevin.com\\\/wp-content\\\/uploads\\\/2019\\\/02\\\/Sympt\u00f4mes-de-court-nou\u00e9-8-scaled.jpg\",\"gform-image-choice-sm\":\"https:\\\/\\\/www.vignevin.com\\\/wp-content\\\/uploads\\\/2019\\\/02\\\/Sympt\u00f4mes-de-court-nou\u00e9-8-scaled.jpg\",\"gform-image-choice-md\":\"https:\\\/\\\/www.vignevin.com\\\/wp-content\\\/uploads\\\/2019\\\/02\\\/Sympt\u00f4mes-de-court-nou\u00e9-8-scaled.jpg\",\"gform-image-choice-lg\":\"https:\\\/\\\/www.vignevin.com\\\/wp-content\\\/uploads\\\/2019\\\/02\\\/Sympt\u00f4mes-de-court-nou\u00e9-8-scaled.jpg\",\"woocommerce_thumbnail\":\"https:\\\/\\\/www.vignevin.com\\\/wp-content\\\/uploads\\\/2019\\\/02\\\/Sympt\u00f4mes-de-court-nou\u00e9-8-scaled-300x300.jpg\",\"woocommerce_single\":\"https:\\\/\\\/www.vignevin.com\\\/wp-content\\\/uploads\\\/2019\\\/02\\\/Sympt\u00f4mes-de-court-nou\u00e9-8-scaled-600x800.jpg\",\"woocommerce_gallery_thumbnail\":\"https:\\\/\\\/www.vignevin.com\\\/wp-content\\\/uploads\\\/2019\\\/02\\\/Sympt\u00f4mes-de-court-nou\u00e9-8-scaled-100x100.jpg\",\"full\":\"https:\\\/\\\/www.vignevin.com\\\/wp-content\\\/uploads\\\/2019\\\/02\\\/Sympt\u00f4mes-de-court-nou\u00e9-8-scaled.jpg\",\"index\":23,\"id\":9961,\"video\":false,\"opts\":{\"caption\":\"\",\"thumb\":\"https:\\\/\\\/www.vignevin.com\\\/wp-content\\\/uploads\\\/2019\\\/02\\\/Sympt\u00f4mes-de-court-nou\u00e9-8-scaled-75x50_c.jpg\",\"title\":\"Sympt&amp;ocirc;mes de court-nou&amp;eacute; (8)\"},\"gallery_id\":17410,\"gallery_title\":\"Grapevines virus\"},\"9962\":{\"status\":\"active\",\"src\":\"https:\\\/\\\/www.vignevin.com\\\/wp-content\\\/uploads\\\/2019\\\/02\\\/Sympt\u00f4mes-de-court-nou\u00e9-9.jpg\",\"title\":\"Sympt&amp;ocirc;mes de court-nou&amp;eacute; (9)\",\"link\":\"https:\\\/\\\/www.vignevin.com\\\/wp-content\\\/uploads\\\/2019\\\/02\\\/Sympt\u00f4mes-de-court-nou\u00e9-9.jpg\",\"alt\":\"\",\"caption\":false,\"thumb\":\"https:\\\/\\\/www.vignevin.com\\\/wp-content\\\/uploads\\\/2019\\\/02\\\/Sympt\u00f4mes-de-court-nou\u00e9-9-75x50_c.jpg\",\"meta\":{\"aperture\":\"3.3\",\"credit\":null,\"camera\":\"DMC-TZ10\",\"caption\":\"\",\"created_timestamp\":\"1341415775\",\"copyright\":null,\"focal_length\":\"4.4\",\"iso\":\"80\",\"shutter_speed\":\"0.004\",\"title\":\"\",\"orientation\":\"1\",\"keywords\":null},\"thumbnail\":\"https:\\\/\\\/www.vignevin.com\\\/wp-content\\\/uploads\\\/2019\\\/02\\\/Sympt\u00f4mes-de-court-nou\u00e9-9-150x150.jpg\",\"medium\":\"https:\\\/\\\/www.vignevin.com\\\/wp-content\\\/uploads\\\/2019\\\/02\\\/Sympt\u00f4mes-de-court-nou\u00e9-9-300x225.jpg\",\"medium_large\":\"https:\\\/\\\/www.vignevin.com\\\/wp-content\\\/uploads\\\/2019\\\/02\\\/Sympt\u00f4mes-de-court-nou\u00e9-9-768x576.jpg\",\"large\":\"https:\\\/\\\/www.vignevin.com\\\/wp-content\\\/uploads\\\/2019\\\/02\\\/Sympt\u00f4mes-de-court-nou\u00e9-9-1024x768.jpg\",\"1536x1536\":\"https:\\\/\\\/www.vignevin.com\\\/wp-content\\\/uploads\\\/2019\\\/02\\\/Sympt\u00f4mes-de-court-nou\u00e9-9.jpg\",\"2048x2048\":\"https:\\\/\\\/www.vignevin.com\\\/wp-content\\\/uploads\\\/2019\\\/02\\\/Sympt\u00f4mes-de-court-nou\u00e9-9.jpg\",\"et-pb-post-main-image\":\"https:\\\/\\\/www.vignevin.com\\\/wp-content\\\/uploads\\\/2019\\\/02\\\/Sympt\u00f4mes-de-court-nou\u00e9-9-400x250.jpg\",\"et-pb-post-main-image-fullwidth\":\"https:\\\/\\\/www.vignevin.com\\\/wp-content\\\/uploads\\\/2019\\\/02\\\/Sympt\u00f4mes-de-court-nou\u00e9-9-1080x675.jpg\",\"et-pb-portfolio-image\":\"https:\\\/\\\/www.vignevin.com\\\/wp-content\\\/uploads\\\/2019\\\/02\\\/Sympt\u00f4mes-de-court-nou\u00e9-9-400x284.jpg\",\"et-pb-portfolio-module-image\":\"https:\\\/\\\/www.vignevin.com\\\/wp-content\\\/uploads\\\/2019\\\/02\\\/Sympt\u00f4mes-de-court-nou\u00e9-9-510x382.jpg\",\"et-pb-portfolio-image-single\":\"https:\\\/\\\/www.vignevin.com\\\/wp-content\\\/uploads\\\/2019\\\/02\\\/Sympt\u00f4mes-de-court-nou\u00e9-9-1080x810.jpg\",\"et-pb-gallery-module-image-portrait\":\"https:\\\/\\\/www.vignevin.com\\\/wp-content\\\/uploads\\\/2019\\\/02\\\/Sympt\u00f4mes-de-court-nou\u00e9-9-400x516.jpg\",\"et-pb-post-main-image-fullwidth-large\":\"https:\\\/\\\/www.vignevin.com\\\/wp-content\\\/uploads\\\/2019\\\/02\\\/Sympt\u00f4mes-de-court-nou\u00e9-9.jpg\",\"et-pb-image--responsive--desktop\":\"https:\\\/\\\/www.vignevin.com\\\/wp-content\\\/uploads\\\/2019\\\/02\\\/Sympt\u00f4mes-de-court-nou\u00e9-9.jpg\",\"et-pb-image--responsive--tablet\":\"https:\\\/\\\/www.vignevin.com\\\/wp-content\\\/uploads\\\/2019\\\/02\\\/Sympt\u00f4mes-de-court-nou\u00e9-9.jpg\",\"et-pb-image--responsive--phone\":\"https:\\\/\\\/www.vignevin.com\\\/wp-content\\\/uploads\\\/2019\\\/02\\\/Sympt\u00f4mes-de-court-nou\u00e9-9.jpg\",\"gform-image-choice-sm\":\"https:\\\/\\\/www.vignevin.com\\\/wp-content\\\/uploads\\\/2019\\\/02\\\/Sympt\u00f4mes-de-court-nou\u00e9-9.jpg\",\"gform-image-choice-md\":\"https:\\\/\\\/www.vignevin.com\\\/wp-content\\\/uploads\\\/2019\\\/02\\\/Sympt\u00f4mes-de-court-nou\u00e9-9.jpg\",\"gform-image-choice-lg\":\"https:\\\/\\\/www.vignevin.com\\\/wp-content\\\/uploads\\\/2019\\\/02\\\/Sympt\u00f4mes-de-court-nou\u00e9-9.jpg\",\"woocommerce_thumbnail\":\"https:\\\/\\\/www.vignevin.com\\\/wp-content\\\/uploads\\\/2019\\\/02\\\/Sympt\u00f4mes-de-court-nou\u00e9-9-300x300.jpg\",\"woocommerce_single\":\"https:\\\/\\\/www.vignevin.com\\\/wp-content\\\/uploads\\\/2019\\\/02\\\/Sympt\u00f4mes-de-court-nou\u00e9-9-600x450.jpg\",\"woocommerce_gallery_thumbnail\":\"https:\\\/\\\/www.vignevin.com\\\/wp-content\\\/uploads\\\/2019\\\/02\\\/Sympt\u00f4mes-de-court-nou\u00e9-9-100x100.jpg\",\"full\":\"https:\\\/\\\/www.vignevin.com\\\/wp-content\\\/uploads\\\/2019\\\/02\\\/Sympt\u00f4mes-de-court-nou\u00e9-9.jpg\",\"index\":24,\"id\":9962,\"video\":false,\"opts\":{\"caption\":\"\",\"thumb\":\"https:\\\/\\\/www.vignevin.com\\\/wp-content\\\/uploads\\\/2019\\\/02\\\/Sympt\u00f4mes-de-court-nou\u00e9-9-75x50_c.jpg\",\"title\":\"Sympt&amp;ocirc;mes de court-nou&amp;eacute; (9)\"},\"gallery_id\":17410,\"gallery_title\":\"Grapevines virus\"},\"9963\":{\"status\":\"active\",\"src\":\"https:\\\/\\\/www.vignevin.com\\\/wp-content\\\/uploads\\\/2019\\\/02\\\/Sympt\u00f4mes-de-court-nou\u00e9-10.jpg\",\"title\":\"Sympt&amp;ocirc;mes de court-nou&amp;eacute; (10)\",\"link\":\"https:\\\/\\\/www.vignevin.com\\\/wp-content\\\/uploads\\\/2019\\\/02\\\/Sympt\u00f4mes-de-court-nou\u00e9-10.jpg\",\"alt\":\"\",\"caption\":false,\"thumb\":\"https:\\\/\\\/www.vignevin.com\\\/wp-content\\\/uploads\\\/2019\\\/02\\\/Sympt\u00f4mes-de-court-nou\u00e9-10-75x50_c.jpg\",\"meta\":{\"aperture\":\"3.2\",\"credit\":null,\"camera\":\"E5700\",\"caption\":\"\",\"created_timestamp\":null,\"copyright\":null,\"focal_length\":\"15.7\",\"iso\":\"100\",\"shutter_speed\":\"0.016583747927032\",\"title\":\"\",\"orientation\":\"1\",\"keywords\":null},\"thumbnail\":\"https:\\\/\\\/www.vignevin.com\\\/wp-content\\\/uploads\\\/2019\\\/02\\\/Sympt\u00f4mes-de-court-nou\u00e9-10-150x150.jpg\",\"medium\":\"https:\\\/\\\/www.vignevin.com\\\/wp-content\\\/uploads\\\/2019\\\/02\\\/Sympt\u00f4mes-de-court-nou\u00e9-10-300x225.jpg\",\"medium_large\":\"https:\\\/\\\/www.vignevin.com\\\/wp-content\\\/uploads\\\/2019\\\/02\\\/Sympt\u00f4mes-de-court-nou\u00e9-10-768x576.jpg\",\"large\":\"https:\\\/\\\/www.vignevin.com\\\/wp-content\\\/uploads\\\/2019\\\/02\\\/Sympt\u00f4mes-de-court-nou\u00e9-10-1024x768.jpg\",\"1536x1536\":\"https:\\\/\\\/www.vignevin.com\\\/wp-content\\\/uploads\\\/2019\\\/02\\\/Sympt\u00f4mes-de-court-nou\u00e9-10.jpg\",\"2048x2048\":\"https:\\\/\\\/www.vignevin.com\\\/wp-content\\\/uploads\\\/2019\\\/02\\\/Sympt\u00f4mes-de-court-nou\u00e9-10.jpg\",\"et-pb-post-main-image\":\"https:\\\/\\\/www.vignevin.com\\\/wp-content\\\/uploads\\\/2019\\\/02\\\/Sympt\u00f4mes-de-court-nou\u00e9-10-400x250.jpg\",\"et-pb-post-main-image-fullwidth\":\"https:\\\/\\\/www.vignevin.com\\\/wp-content\\\/uploads\\\/2019\\\/02\\\/Sympt\u00f4mes-de-court-nou\u00e9-10-1080x675.jpg\",\"et-pb-portfolio-image\":\"https:\\\/\\\/www.vignevin.com\\\/wp-content\\\/uploads\\\/2019\\\/02\\\/Sympt\u00f4mes-de-court-nou\u00e9-10-400x284.jpg\",\"et-pb-portfolio-module-image\":\"https:\\\/\\\/www.vignevin.com\\\/wp-content\\\/uploads\\\/2019\\\/02\\\/Sympt\u00f4mes-de-court-nou\u00e9-10-510x382.jpg\",\"et-pb-portfolio-image-single\":\"https:\\\/\\\/www.vignevin.com\\\/wp-content\\\/uploads\\\/2019\\\/02\\\/Sympt\u00f4mes-de-court-nou\u00e9-10-1080x810.jpg\",\"et-pb-gallery-module-image-portrait\":\"https:\\\/\\\/www.vignevin.com\\\/wp-content\\\/uploads\\\/2019\\\/02\\\/Sympt\u00f4mes-de-court-nou\u00e9-10-400x516.jpg\",\"et-pb-post-main-image-fullwidth-large\":\"https:\\\/\\\/www.vignevin.com\\\/wp-content\\\/uploads\\\/2019\\\/02\\\/Sympt\u00f4mes-de-court-nou\u00e9-10-2560x1800.jpg\",\"et-pb-image--responsive--desktop\":\"https:\\\/\\\/www.vignevin.com\\\/wp-content\\\/uploads\\\/2019\\\/02\\\/Sympt\u00f4mes-de-court-nou\u00e9-10.jpg\",\"et-pb-image--responsive--tablet\":\"https:\\\/\\\/www.vignevin.com\\\/wp-content\\\/uploads\\\/2019\\\/02\\\/Sympt\u00f4mes-de-court-nou\u00e9-10.jpg\",\"et-pb-image--responsive--phone\":\"https:\\\/\\\/www.vignevin.com\\\/wp-content\\\/uploads\\\/2019\\\/02\\\/Sympt\u00f4mes-de-court-nou\u00e9-10.jpg\",\"gform-image-choice-sm\":\"https:\\\/\\\/www.vignevin.com\\\/wp-content\\\/uploads\\\/2019\\\/02\\\/Sympt\u00f4mes-de-court-nou\u00e9-10.jpg\",\"gform-image-choice-md\":\"https:\\\/\\\/www.vignevin.com\\\/wp-content\\\/uploads\\\/2019\\\/02\\\/Sympt\u00f4mes-de-court-nou\u00e9-10.jpg\",\"gform-image-choice-lg\":\"https:\\\/\\\/www.vignevin.com\\\/wp-content\\\/uploads\\\/2019\\\/02\\\/Sympt\u00f4mes-de-court-nou\u00e9-10.jpg\",\"woocommerce_thumbnail\":\"https:\\\/\\\/www.vignevin.com\\\/wp-content\\\/uploads\\\/2019\\\/02\\\/Sympt\u00f4mes-de-court-nou\u00e9-10-300x300.jpg\",\"woocommerce_single\":\"https:\\\/\\\/www.vignevin.com\\\/wp-content\\\/uploads\\\/2019\\\/02\\\/Sympt\u00f4mes-de-court-nou\u00e9-10-600x450.jpg\",\"woocommerce_gallery_thumbnail\":\"https:\\\/\\\/www.vignevin.com\\\/wp-content\\\/uploads\\\/2019\\\/02\\\/Sympt\u00f4mes-de-court-nou\u00e9-10-100x100.jpg\",\"full\":\"https:\\\/\\\/www.vignevin.com\\\/wp-content\\\/uploads\\\/2019\\\/02\\\/Sympt\u00f4mes-de-court-nou\u00e9-10.jpg\",\"index\":25,\"id\":9963,\"video\":false,\"opts\":{\"caption\":\"\",\"thumb\":\"https:\\\/\\\/www.vignevin.com\\\/wp-content\\\/uploads\\\/2019\\\/02\\\/Sympt\u00f4mes-de-court-nou\u00e9-10-75x50_c.jpg\",\"title\":\"Sympt&amp;ocirc;mes de court-nou&amp;eacute; (10)\"},\"gallery_id\":17410,\"gallery_title\":\"Grapevines virus\"},\"9964\":{\"status\":\"active\",\"src\":\"https:\\\/\\\/www.vignevin.com\\\/wp-content\\\/uploads\\\/2019\\\/02\\\/Sympt\u00f4mes-de-court-nou\u00e9-caus\u00e9s-par-le-Raspberry-Ringspot-Virus-RpRV-scaled.jpg\",\"title\":\"Sympt&amp;ocirc;mes de court-nou&amp;eacute; caus&amp;eacute;s par le Raspberry Ringspot Virus (RpRV)\",\"link\":\"https:\\\/\\\/www.vignevin.com\\\/wp-content\\\/uploads\\\/2019\\\/02\\\/Sympt\u00f4mes-de-court-nou\u00e9-caus\u00e9s-par-le-Raspberry-Ringspot-Virus-RpRV.jpg\",\"alt\":\"\",\"caption\":false,\"thumb\":\"https:\\\/\\\/www.vignevin.com\\\/wp-content\\\/uploads\\\/2019\\\/02\\\/Sympt\u00f4mes-de-court-nou\u00e9-caus\u00e9s-par-le-Raspberry-Ringspot-Virus-RpRV-scaled-75x50_c.jpg\",\"meta\":{\"aperture\":\"3.5\",\"credit\":null,\"camera\":\"FinePix S5700 S700\",\"caption\":\"\",\"created_timestamp\":\"1421421993\",\"copyright\":null,\"focal_length\":\"6.3\",\"iso\":\"64\",\"shutter_speed\":\"0.0071428571428571\",\"title\":\"\",\"orientation\":\"1\",\"keywords\":null},\"thumbnail\":\"https:\\\/\\\/www.vignevin.com\\\/wp-content\\\/uploads\\\/2019\\\/02\\\/Sympt\u00f4mes-de-court-nou\u00e9-caus\u00e9s-par-le-Raspberry-Ringspot-Virus-RpRV-150x150.jpg\",\"medium\":\"https:\\\/\\\/www.vignevin.com\\\/wp-content\\\/uploads\\\/2019\\\/02\\\/Sympt\u00f4mes-de-court-nou\u00e9-caus\u00e9s-par-le-Raspberry-Ringspot-Virus-RpRV-300x225.jpg\",\"medium_large\":\"https:\\\/\\\/www.vignevin.com\\\/wp-content\\\/uploads\\\/2019\\\/02\\\/Sympt\u00f4mes-de-court-nou\u00e9-caus\u00e9s-par-le-Raspberry-Ringspot-Virus-RpRV-768x576.jpg\",\"large\":\"https:\\\/\\\/www.vignevin.com\\\/wp-content\\\/uploads\\\/2019\\\/02\\\/Sympt\u00f4mes-de-court-nou\u00e9-caus\u00e9s-par-le-Raspberry-Ringspot-Virus-RpRV-1024x768.jpg\",\"1536x1536\":\"https:\\\/\\\/www.vignevin.com\\\/wp-content\\\/uploads\\\/2019\\\/02\\\/Sympt\u00f4mes-de-court-nou\u00e9-caus\u00e9s-par-le-Raspberry-Ringspot-Virus-RpRV-scaled.jpg\",\"2048x2048\":\"https:\\\/\\\/www.vignevin.com\\\/wp-content\\\/uploads\\\/2019\\\/02\\\/Sympt\u00f4mes-de-court-nou\u00e9-caus\u00e9s-par-le-Raspberry-Ringspot-Virus-RpRV-scaled.jpg\",\"et-pb-post-main-image\":\"https:\\\/\\\/www.vignevin.com\\\/wp-content\\\/uploads\\\/2019\\\/02\\\/Sympt\u00f4mes-de-court-nou\u00e9-caus\u00e9s-par-le-Raspberry-Ringspot-Virus-RpRV-400x250.jpg\",\"et-pb-post-main-image-fullwidth\":\"https:\\\/\\\/www.vignevin.com\\\/wp-content\\\/uploads\\\/2019\\\/02\\\/Sympt\u00f4mes-de-court-nou\u00e9-caus\u00e9s-par-le-Raspberry-Ringspot-Virus-RpRV-1080x675.jpg\",\"et-pb-portfolio-image\":\"https:\\\/\\\/www.vignevin.com\\\/wp-content\\\/uploads\\\/2019\\\/02\\\/Sympt\u00f4mes-de-court-nou\u00e9-caus\u00e9s-par-le-Raspberry-Ringspot-Virus-RpRV-400x284.jpg\",\"et-pb-portfolio-module-image\":\"https:\\\/\\\/www.vignevin.com\\\/wp-content\\\/uploads\\\/2019\\\/02\\\/Sympt\u00f4mes-de-court-nou\u00e9-caus\u00e9s-par-le-Raspberry-Ringspot-Virus-RpRV-510x382.jpg\",\"et-pb-portfolio-image-single\":\"https:\\\/\\\/www.vignevin.com\\\/wp-content\\\/uploads\\\/2019\\\/02\\\/Sympt\u00f4mes-de-court-nou\u00e9-caus\u00e9s-par-le-Raspberry-Ringspot-Virus-RpRV-1080x810.jpg\",\"et-pb-gallery-module-image-portrait\":\"https:\\\/\\\/www.vignevin.com\\\/wp-content\\\/uploads\\\/2019\\\/02\\\/Sympt\u00f4mes-de-court-nou\u00e9-caus\u00e9s-par-le-Raspberry-Ringspot-Virus-RpRV-400x516.jpg\",\"et-pb-post-main-image-fullwidth-large\":\"https:\\\/\\\/www.vignevin.com\\\/wp-content\\\/uploads\\\/2019\\\/02\\\/Sympt\u00f4mes-de-court-nou\u00e9-caus\u00e9s-par-le-Raspberry-Ringspot-Virus-RpRV-2880x1800.jpg\",\"et-pb-image--responsive--desktop\":\"https:\\\/\\\/www.vignevin.com\\\/wp-content\\\/uploads\\\/2019\\\/02\\\/Sympt\u00f4mes-de-court-nou\u00e9-caus\u00e9s-par-le-Raspberry-Ringspot-Virus-RpRV-scaled.jpg\",\"et-pb-image--responsive--tablet\":\"https:\\\/\\\/www.vignevin.com\\\/wp-content\\\/uploads\\\/2019\\\/02\\\/Sympt\u00f4mes-de-court-nou\u00e9-caus\u00e9s-par-le-Raspberry-Ringspot-Virus-RpRV-scaled.jpg\",\"et-pb-image--responsive--phone\":\"https:\\\/\\\/www.vignevin.com\\\/wp-content\\\/uploads\\\/2019\\\/02\\\/Sympt\u00f4mes-de-court-nou\u00e9-caus\u00e9s-par-le-Raspberry-Ringspot-Virus-RpRV-scaled.jpg\",\"gform-image-choice-sm\":\"https:\\\/\\\/www.vignevin.com\\\/wp-content\\\/uploads\\\/2019\\\/02\\\/Sympt\u00f4mes-de-court-nou\u00e9-caus\u00e9s-par-le-Raspberry-Ringspot-Virus-RpRV-scaled.jpg\",\"gform-image-choice-md\":\"https:\\\/\\\/www.vignevin.com\\\/wp-content\\\/uploads\\\/2019\\\/02\\\/Sympt\u00f4mes-de-court-nou\u00e9-caus\u00e9s-par-le-Raspberry-Ringspot-Virus-RpRV-scaled.jpg\",\"gform-image-choice-lg\":\"https:\\\/\\\/www.vignevin.com\\\/wp-content\\\/uploads\\\/2019\\\/02\\\/Sympt\u00f4mes-de-court-nou\u00e9-caus\u00e9s-par-le-Raspberry-Ringspot-Virus-RpRV-scaled.jpg\",\"woocommerce_thumbnail\":\"https:\\\/\\\/www.vignevin.com\\\/wp-content\\\/uploads\\\/2019\\\/02\\\/Sympt\u00f4mes-de-court-nou\u00e9-caus\u00e9s-par-le-Raspberry-Ringspot-Virus-RpRV-scaled-300x300.jpg\",\"woocommerce_single\":\"https:\\\/\\\/www.vignevin.com\\\/wp-content\\\/uploads\\\/2019\\\/02\\\/Sympt\u00f4mes-de-court-nou\u00e9-caus\u00e9s-par-le-Raspberry-Ringspot-Virus-RpRV-scaled-600x450.jpg\",\"woocommerce_gallery_thumbnail\":\"https:\\\/\\\/www.vignevin.com\\\/wp-content\\\/uploads\\\/2019\\\/02\\\/Sympt\u00f4mes-de-court-nou\u00e9-caus\u00e9s-par-le-Raspberry-Ringspot-Virus-RpRV-scaled-100x100.jpg\",\"full\":\"https:\\\/\\\/www.vignevin.com\\\/wp-content\\\/uploads\\\/2019\\\/02\\\/Sympt\u00f4mes-de-court-nou\u00e9-caus\u00e9s-par-le-Raspberry-Ringspot-Virus-RpRV-scaled.jpg\",\"index\":26,\"id\":9964,\"video\":false,\"opts\":{\"caption\":\"\",\"thumb\":\"https:\\\/\\\/www.vignevin.com\\\/wp-content\\\/uploads\\\/2019\\\/02\\\/Sympt\u00f4mes-de-court-nou\u00e9-caus\u00e9s-par-le-Raspberry-Ringspot-Virus-RpRV-scaled-75x50_c.jpg\",\"title\":\"Sympt&amp;ocirc;mes de court-nou&amp;eacute; caus&amp;eacute;s par le Raspberry Ringspot Virus (RpRV)\"},\"gallery_id\":17410,\"gallery_title\":\"Grapevines virus\"},\"9965\":{\"status\":\"active\",\"src\":\"https:\\\/\\\/www.vignevin.com\\\/wp-content\\\/uploads\\\/2019\\\/02\\\/Sympt\u00f4mes-de-court-nou\u00e9-caus\u00e9s-par-le-Strawberry-Latent-Ringspot-Virus-SLRV-scaled.jpg\",\"title\":\"Sympt&amp;ocirc;mes de court-nou&amp;eacute; caus&amp;eacute;s par le Strawberry Latent Ringspot Virus (SLRV)\",\"link\":\"https:\\\/\\\/www.vignevin.com\\\/wp-content\\\/uploads\\\/2019\\\/02\\\/Sympt\u00f4mes-de-court-nou\u00e9-caus\u00e9s-par-le-Strawberry-Latent-Ringspot-Virus-SLRV.jpg\",\"alt\":\"\",\"caption\":false,\"thumb\":\"https:\\\/\\\/www.vignevin.com\\\/wp-content\\\/uploads\\\/2019\\\/02\\\/Sympt\u00f4mes-de-court-nou\u00e9-caus\u00e9s-par-le-Strawberry-Latent-Ringspot-Virus-SLRV-scaled-75x50_c.jpg\",\"meta\":{\"aperture\":\"6.8\",\"credit\":null,\"camera\":\"FinePix S5700 S700\",\"caption\":\"\",\"created_timestamp\":\"1421420644\",\"copyright\":null,\"focal_length\":\"8\",\"iso\":\"200\",\"shutter_speed\":\"0.0045454545454545\",\"title\":\"\",\"orientation\":\"1\",\"keywords\":null,\"resized_images\":null},\"thumbnail\":\"https:\\\/\\\/www.vignevin.com\\\/wp-content\\\/uploads\\\/2019\\\/02\\\/Sympt\u00f4mes-de-court-nou\u00e9-caus\u00e9s-par-le-Strawberry-Latent-Ringspot-Virus-SLRV-scaled.jpg\",\"medium\":\"https:\\\/\\\/www.vignevin.com\\\/wp-content\\\/uploads\\\/2019\\\/02\\\/Sympt\u00f4mes-de-court-nou\u00e9-caus\u00e9s-par-le-Strawberry-Latent-Ringspot-Virus-SLRV-scaled.jpg\",\"medium_large\":\"https:\\\/\\\/www.vignevin.com\\\/wp-content\\\/uploads\\\/2019\\\/02\\\/Sympt\u00f4mes-de-court-nou\u00e9-caus\u00e9s-par-le-Strawberry-Latent-Ringspot-Virus-SLRV-scaled.jpg\",\"large\":\"https:\\\/\\\/www.vignevin.com\\\/wp-content\\\/uploads\\\/2019\\\/02\\\/Sympt\u00f4mes-de-court-nou\u00e9-caus\u00e9s-par-le-Strawberry-Latent-Ringspot-Virus-SLRV-scaled.jpg\",\"1536x1536\":\"https:\\\/\\\/www.vignevin.com\\\/wp-content\\\/uploads\\\/2019\\\/02\\\/Sympt\u00f4mes-de-court-nou\u00e9-caus\u00e9s-par-le-Strawberry-Latent-Ringspot-Virus-SLRV-scaled.jpg\",\"2048x2048\":\"https:\\\/\\\/www.vignevin.com\\\/wp-content\\\/uploads\\\/2019\\\/02\\\/Sympt\u00f4mes-de-court-nou\u00e9-caus\u00e9s-par-le-Strawberry-Latent-Ringspot-Virus-SLRV-scaled.jpg\",\"et-pb-post-main-image\":\"https:\\\/\\\/www.vignevin.com\\\/wp-content\\\/uploads\\\/2019\\\/02\\\/Sympt\u00f4mes-de-court-nou\u00e9-caus\u00e9s-par-le-Strawberry-Latent-Ringspot-Virus-SLRV-scaled.jpg\",\"et-pb-post-main-image-fullwidth\":\"https:\\\/\\\/www.vignevin.com\\\/wp-content\\\/uploads\\\/2019\\\/02\\\/Sympt\u00f4mes-de-court-nou\u00e9-caus\u00e9s-par-le-Strawberry-Latent-Ringspot-Virus-SLRV-scaled.jpg\",\"et-pb-portfolio-image\":\"https:\\\/\\\/www.vignevin.com\\\/wp-content\\\/uploads\\\/2019\\\/02\\\/Sympt\u00f4mes-de-court-nou\u00e9-caus\u00e9s-par-le-Strawberry-Latent-Ringspot-Virus-SLRV-scaled.jpg\",\"et-pb-portfolio-module-image\":\"https:\\\/\\\/www.vignevin.com\\\/wp-content\\\/uploads\\\/2019\\\/02\\\/Sympt\u00f4mes-de-court-nou\u00e9-caus\u00e9s-par-le-Strawberry-Latent-Ringspot-Virus-SLRV-scaled.jpg\",\"et-pb-portfolio-image-single\":\"https:\\\/\\\/www.vignevin.com\\\/wp-content\\\/uploads\\\/2019\\\/02\\\/Sympt\u00f4mes-de-court-nou\u00e9-caus\u00e9s-par-le-Strawberry-Latent-Ringspot-Virus-SLRV-scaled.jpg\",\"et-pb-gallery-module-image-portrait\":\"https:\\\/\\\/www.vignevin.com\\\/wp-content\\\/uploads\\\/2019\\\/02\\\/Sympt\u00f4mes-de-court-nou\u00e9-caus\u00e9s-par-le-Strawberry-Latent-Ringspot-Virus-SLRV-scaled.jpg\",\"et-pb-post-main-image-fullwidth-large\":\"https:\\\/\\\/www.vignevin.com\\\/wp-content\\\/uploads\\\/2019\\\/02\\\/Sympt\u00f4mes-de-court-nou\u00e9-caus\u00e9s-par-le-Strawberry-Latent-Ringspot-Virus-SLRV-scaled.jpg\",\"et-pb-image--responsive--desktop\":\"https:\\\/\\\/www.vignevin.com\\\/wp-content\\\/uploads\\\/2019\\\/02\\\/Sympt\u00f4mes-de-court-nou\u00e9-caus\u00e9s-par-le-Strawberry-Latent-Ringspot-Virus-SLRV-scaled.jpg\",\"et-pb-image--responsive--tablet\":\"https:\\\/\\\/www.vignevin.com\\\/wp-content\\\/uploads\\\/2019\\\/02\\\/Sympt\u00f4mes-de-court-nou\u00e9-caus\u00e9s-par-le-Strawberry-Latent-Ringspot-Virus-SLRV-scaled.jpg\",\"et-pb-image--responsive--phone\":\"https:\\\/\\\/www.vignevin.com\\\/wp-content\\\/uploads\\\/2019\\\/02\\\/Sympt\u00f4mes-de-court-nou\u00e9-caus\u00e9s-par-le-Strawberry-Latent-Ringspot-Virus-SLRV-scaled.jpg\",\"gform-image-choice-sm\":\"https:\\\/\\\/www.vignevin.com\\\/wp-content\\\/uploads\\\/2019\\\/02\\\/Sympt\u00f4mes-de-court-nou\u00e9-caus\u00e9s-par-le-Strawberry-Latent-Ringspot-Virus-SLRV-scaled.jpg\",\"gform-image-choice-md\":\"https:\\\/\\\/www.vignevin.com\\\/wp-content\\\/uploads\\\/2019\\\/02\\\/Sympt\u00f4mes-de-court-nou\u00e9-caus\u00e9s-par-le-Strawberry-Latent-Ringspot-Virus-SLRV-scaled.jpg\",\"gform-image-choice-lg\":\"https:\\\/\\\/www.vignevin.com\\\/wp-content\\\/uploads\\\/2019\\\/02\\\/Sympt\u00f4mes-de-court-nou\u00e9-caus\u00e9s-par-le-Strawberry-Latent-Ringspot-Virus-SLRV-scaled.jpg\",\"woocommerce_thumbnail\":\"https:\\\/\\\/www.vignevin.com\\\/wp-content\\\/uploads\\\/2019\\\/02\\\/Sympt\u00f4mes-de-court-nou\u00e9-caus\u00e9s-par-le-Strawberry-Latent-Ringspot-Virus-SLRV-scaled-300x300.jpg\",\"woocommerce_single\":\"https:\\\/\\\/www.vignevin.com\\\/wp-content\\\/uploads\\\/2019\\\/02\\\/Sympt\u00f4mes-de-court-nou\u00e9-caus\u00e9s-par-le-Strawberry-Latent-Ringspot-Virus-SLRV-scaled-600x450.jpg\",\"woocommerce_gallery_thumbnail\":\"https:\\\/\\\/www.vignevin.com\\\/wp-content\\\/uploads\\\/2019\\\/02\\\/Sympt\u00f4mes-de-court-nou\u00e9-caus\u00e9s-par-le-Strawberry-Latent-Ringspot-Virus-SLRV-scaled-100x100.jpg\",\"full\":\"https:\\\/\\\/www.vignevin.com\\\/wp-content\\\/uploads\\\/2019\\\/02\\\/Sympt\u00f4mes-de-court-nou\u00e9-caus\u00e9s-par-le-Strawberry-Latent-Ringspot-Virus-SLRV-scaled.jpg\",\"index\":27,\"id\":9965,\"video\":false,\"opts\":{\"caption\":\"\",\"thumb\":\"https:\\\/\\\/www.vignevin.com\\\/wp-content\\\/uploads\\\/2019\\\/02\\\/Sympt\u00f4mes-de-court-nou\u00e9-caus\u00e9s-par-le-Strawberry-Latent-Ringspot-Virus-SLRV-scaled-75x50_c.jpg\",\"title\":\"Sympt&amp;ocirc;mes de court-nou&amp;eacute; caus&amp;eacute;s par le Strawberry Latent Ringspot Virus (SLRV)\"},\"gallery_id\":17410,\"gallery_title\":\"Grapevines virus\"},\"9966\":{\"status\":\"active\",\"src\":\"https:\\\/\\\/www.vignevin.com\\\/wp-content\\\/uploads\\\/2019\\\/02\\\/Sympt\u00f4mes-de-court-nou\u00e9-caus\u00e9s-par-le-Tomato-Blackring-Virus-TBRV-scaled.jpg\",\"title\":\"Sympt&amp;ocirc;mes de court-nou&amp;eacute; caus&amp;eacute;s par le Tomato Blackring Virus (TBRV)\",\"link\":\"https:\\\/\\\/www.vignevin.com\\\/wp-content\\\/uploads\\\/2019\\\/02\\\/Sympt\u00f4mes-de-court-nou\u00e9-caus\u00e9s-par-le-Tomato-Blackring-Virus-TBRV.jpg\",\"alt\":\"\",\"caption\":false,\"thumb\":\"https:\\\/\\\/www.vignevin.com\\\/wp-content\\\/uploads\\\/2019\\\/02\\\/Sympt\u00f4mes-de-court-nou\u00e9-caus\u00e9s-par-le-Tomato-Blackring-Virus-TBRV-scaled-75x50_c.jpg\",\"meta\":{\"aperture\":\"3.5\",\"credit\":null,\"camera\":\"FinePix S5700 S700\",\"caption\":\"\",\"created_timestamp\":\"1421421076\",\"copyright\":null,\"focal_length\":\"6.3\",\"iso\":\"100\",\"shutter_speed\":\"0.0071428571428571\",\"title\":\"\",\"orientation\":\"1\",\"keywords\":null},\"thumbnail\":\"https:\\\/\\\/www.vignevin.com\\\/wp-content\\\/uploads\\\/2019\\\/02\\\/Sympt\u00f4mes-de-court-nou\u00e9-caus\u00e9s-par-le-Tomato-Blackring-Virus-TBRV-150x150.jpg\",\"medium\":\"https:\\\/\\\/www.vignevin.com\\\/wp-content\\\/uploads\\\/2019\\\/02\\\/Sympt\u00f4mes-de-court-nou\u00e9-caus\u00e9s-par-le-Tomato-Blackring-Virus-TBRV-300x225.jpg\",\"medium_large\":\"https:\\\/\\\/www.vignevin.com\\\/wp-content\\\/uploads\\\/2019\\\/02\\\/Sympt\u00f4mes-de-court-nou\u00e9-caus\u00e9s-par-le-Tomato-Blackring-Virus-TBRV-768x576.jpg\",\"large\":\"https:\\\/\\\/www.vignevin.com\\\/wp-content\\\/uploads\\\/2019\\\/02\\\/Sympt\u00f4mes-de-court-nou\u00e9-caus\u00e9s-par-le-Tomato-Blackring-Virus-TBRV-1024x768.jpg\",\"1536x1536\":\"https:\\\/\\\/www.vignevin.com\\\/wp-content\\\/uploads\\\/2019\\\/02\\\/Sympt\u00f4mes-de-court-nou\u00e9-caus\u00e9s-par-le-Tomato-Blackring-Virus-TBRV-scaled.jpg\",\"2048x2048\":\"https:\\\/\\\/www.vignevin.com\\\/wp-content\\\/uploads\\\/2019\\\/02\\\/Sympt\u00f4mes-de-court-nou\u00e9-caus\u00e9s-par-le-Tomato-Blackring-Virus-TBRV-scaled.jpg\",\"et-pb-post-main-image\":\"https:\\\/\\\/www.vignevin.com\\\/wp-content\\\/uploads\\\/2019\\\/02\\\/Sympt\u00f4mes-de-court-nou\u00e9-caus\u00e9s-par-le-Tomato-Blackring-Virus-TBRV-400x250.jpg\",\"et-pb-post-main-image-fullwidth\":\"https:\\\/\\\/www.vignevin.com\\\/wp-content\\\/uploads\\\/2019\\\/02\\\/Sympt\u00f4mes-de-court-nou\u00e9-caus\u00e9s-par-le-Tomato-Blackring-Virus-TBRV-1080x675.jpg\",\"et-pb-portfolio-image\":\"https:\\\/\\\/www.vignevin.com\\\/wp-content\\\/uploads\\\/2019\\\/02\\\/Sympt\u00f4mes-de-court-nou\u00e9-caus\u00e9s-par-le-Tomato-Blackring-Virus-TBRV-400x284.jpg\",\"et-pb-portfolio-module-image\":\"https:\\\/\\\/www.vignevin.com\\\/wp-content\\\/uploads\\\/2019\\\/02\\\/Sympt\u00f4mes-de-court-nou\u00e9-caus\u00e9s-par-le-Tomato-Blackring-Virus-TBRV-510x382.jpg\",\"et-pb-portfolio-image-single\":\"https:\\\/\\\/www.vignevin.com\\\/wp-content\\\/uploads\\\/2019\\\/02\\\/Sympt\u00f4mes-de-court-nou\u00e9-caus\u00e9s-par-le-Tomato-Blackring-Virus-TBRV-1080x810.jpg\",\"et-pb-gallery-module-image-portrait\":\"https:\\\/\\\/www.vignevin.com\\\/wp-content\\\/uploads\\\/2019\\\/02\\\/Sympt\u00f4mes-de-court-nou\u00e9-caus\u00e9s-par-le-Tomato-Blackring-Virus-TBRV-400x516.jpg\",\"et-pb-post-main-image-fullwidth-large\":\"https:\\\/\\\/www.vignevin.com\\\/wp-content\\\/uploads\\\/2019\\\/02\\\/Sympt\u00f4mes-de-court-nou\u00e9-caus\u00e9s-par-le-Tomato-Blackring-Virus-TBRV-2880x1800.jpg\",\"et-pb-image--responsive--desktop\":\"https:\\\/\\\/www.vignevin.com\\\/wp-content\\\/uploads\\\/2019\\\/02\\\/Sympt\u00f4mes-de-court-nou\u00e9-caus\u00e9s-par-le-Tomato-Blackring-Virus-TBRV-scaled.jpg\",\"et-pb-image--responsive--tablet\":\"https:\\\/\\\/www.vignevin.com\\\/wp-content\\\/uploads\\\/2019\\\/02\\\/Sympt\u00f4mes-de-court-nou\u00e9-caus\u00e9s-par-le-Tomato-Blackring-Virus-TBRV-scaled.jpg\",\"et-pb-image--responsive--phone\":\"https:\\\/\\\/www.vignevin.com\\\/wp-content\\\/uploads\\\/2019\\\/02\\\/Sympt\u00f4mes-de-court-nou\u00e9-caus\u00e9s-par-le-Tomato-Blackring-Virus-TBRV-scaled.jpg\",\"gform-image-choice-sm\":\"https:\\\/\\\/www.vignevin.com\\\/wp-content\\\/uploads\\\/2019\\\/02\\\/Sympt\u00f4mes-de-court-nou\u00e9-caus\u00e9s-par-le-Tomato-Blackring-Virus-TBRV-scaled.jpg\",\"gform-image-choice-md\":\"https:\\\/\\\/www.vignevin.com\\\/wp-content\\\/uploads\\\/2019\\\/02\\\/Sympt\u00f4mes-de-court-nou\u00e9-caus\u00e9s-par-le-Tomato-Blackring-Virus-TBRV-scaled.jpg\",\"gform-image-choice-lg\":\"https:\\\/\\\/www.vignevin.com\\\/wp-content\\\/uploads\\\/2019\\\/02\\\/Sympt\u00f4mes-de-court-nou\u00e9-caus\u00e9s-par-le-Tomato-Blackring-Virus-TBRV-scaled.jpg\",\"woocommerce_thumbnail\":\"https:\\\/\\\/www.vignevin.com\\\/wp-content\\\/uploads\\\/2019\\\/02\\\/Sympt\u00f4mes-de-court-nou\u00e9-caus\u00e9s-par-le-Tomato-Blackring-Virus-TBRV-scaled-300x300.jpg\",\"woocommerce_single\":\"https:\\\/\\\/www.vignevin.com\\\/wp-content\\\/uploads\\\/2019\\\/02\\\/Sympt\u00f4mes-de-court-nou\u00e9-caus\u00e9s-par-le-Tomato-Blackring-Virus-TBRV-scaled-600x450.jpg\",\"woocommerce_gallery_thumbnail\":\"https:\\\/\\\/www.vignevin.com\\\/wp-content\\\/uploads\\\/2019\\\/02\\\/Sympt\u00f4mes-de-court-nou\u00e9-caus\u00e9s-par-le-Tomato-Blackring-Virus-TBRV-scaled-100x100.jpg\",\"full\":\"https:\\\/\\\/www.vignevin.com\\\/wp-content\\\/uploads\\\/2019\\\/02\\\/Sympt\u00f4mes-de-court-nou\u00e9-caus\u00e9s-par-le-Tomato-Blackring-Virus-TBRV-scaled.jpg\",\"index\":28,\"id\":9966,\"video\":false,\"opts\":{\"caption\":\"\",\"thumb\":\"https:\\\/\\\/www.vignevin.com\\\/wp-content\\\/uploads\\\/2019\\\/02\\\/Sympt\u00f4mes-de-court-nou\u00e9-caus\u00e9s-par-le-Tomato-Blackring-Virus-TBRV-scaled-75x50_c.jpg\",\"title\":\"Sympt&amp;ocirc;mes de court-nou&amp;eacute; caus&amp;eacute;s par le Tomato Blackring Virus (TBRV)\"},\"gallery_id\":17410,\"gallery_title\":\"Grapevines virus\"},\"9967\":{\"status\":\"active\",\"src\":\"https:\\\/\\\/www.vignevin.com\\\/wp-content\\\/uploads\\\/2019\\\/02\\\/Sympt\u00f4mes-de-court-nou\u00e9-dans-une-vieille-vigne.jpg\",\"title\":\"Sympt&amp;ocirc;mes de court-nou&amp;eacute; dans une vieille vigne\",\"link\":\"https:\\\/\\\/www.vignevin.com\\\/wp-content\\\/uploads\\\/2019\\\/02\\\/Sympt\u00f4mes-de-court-nou\u00e9-dans-une-vieille-vigne.jpg\",\"alt\":\"\",\"caption\":false,\"thumb\":\"https:\\\/\\\/www.vignevin.com\\\/wp-content\\\/uploads\\\/2019\\\/02\\\/Sympt\u00f4mes-de-court-nou\u00e9-dans-une-vieille-vigne-75x50_c.jpg\",\"meta\":{\"aperture\":\"5\",\"credit\":null,\"camera\":\"DMC-TZ10\",\"caption\":\"\",\"created_timestamp\":\"1341853275\",\"copyright\":null,\"focal_length\":\"4.1\",\"iso\":\"125\",\"shutter_speed\":\"0.0025\",\"title\":\"\",\"orientation\":\"1\",\"keywords\":null},\"thumbnail\":\"https:\\\/\\\/www.vignevin.com\\\/wp-content\\\/uploads\\\/2019\\\/02\\\/Sympt\u00f4mes-de-court-nou\u00e9-dans-une-vieille-vigne.jpg\",\"medium\":\"https:\\\/\\\/www.vignevin.com\\\/wp-content\\\/uploads\\\/2019\\\/02\\\/Sympt\u00f4mes-de-court-nou\u00e9-dans-une-vieille-vigne.jpg\",\"medium_large\":\"https:\\\/\\\/www.vignevin.com\\\/wp-content\\\/uploads\\\/2019\\\/02\\\/Sympt\u00f4mes-de-court-nou\u00e9-dans-une-vieille-vigne.jpg\",\"large\":\"https:\\\/\\\/www.vignevin.com\\\/wp-content\\\/uploads\\\/2019\\\/02\\\/Sympt\u00f4mes-de-court-nou\u00e9-dans-une-vieille-vigne.jpg\",\"1536x1536\":\"https:\\\/\\\/www.vignevin.com\\\/wp-content\\\/uploads\\\/2019\\\/02\\\/Sympt\u00f4mes-de-court-nou\u00e9-dans-une-vieille-vigne.jpg\",\"2048x2048\":\"https:\\\/\\\/www.vignevin.com\\\/wp-content\\\/uploads\\\/2019\\\/02\\\/Sympt\u00f4mes-de-court-nou\u00e9-dans-une-vieille-vigne.jpg\",\"et-pb-post-main-image\":\"https:\\\/\\\/www.vignevin.com\\\/wp-content\\\/uploads\\\/2019\\\/02\\\/Sympt\u00f4mes-de-court-nou\u00e9-dans-une-vieille-vigne.jpg\",\"et-pb-post-main-image-fullwidth\":\"https:\\\/\\\/www.vignevin.com\\\/wp-content\\\/uploads\\\/2019\\\/02\\\/Sympt\u00f4mes-de-court-nou\u00e9-dans-une-vieille-vigne.jpg\",\"et-pb-portfolio-image\":\"https:\\\/\\\/www.vignevin.com\\\/wp-content\\\/uploads\\\/2019\\\/02\\\/Sympt\u00f4mes-de-court-nou\u00e9-dans-une-vieille-vigne.jpg\",\"et-pb-portfolio-module-image\":\"https:\\\/\\\/www.vignevin.com\\\/wp-content\\\/uploads\\\/2019\\\/02\\\/Sympt\u00f4mes-de-court-nou\u00e9-dans-une-vieille-vigne.jpg\",\"et-pb-portfolio-image-single\":\"https:\\\/\\\/www.vignevin.com\\\/wp-content\\\/uploads\\\/2019\\\/02\\\/Sympt\u00f4mes-de-court-nou\u00e9-dans-une-vieille-vigne.jpg\",\"et-pb-gallery-module-image-portrait\":\"https:\\\/\\\/www.vignevin.com\\\/wp-content\\\/uploads\\\/2019\\\/02\\\/Sympt\u00f4mes-de-court-nou\u00e9-dans-une-vieille-vigne.jpg\",\"et-pb-post-main-image-fullwidth-large\":\"https:\\\/\\\/www.vignevin.com\\\/wp-content\\\/uploads\\\/2019\\\/02\\\/Sympt\u00f4mes-de-court-nou\u00e9-dans-une-vieille-vigne.jpg\",\"et-pb-image--responsive--desktop\":\"https:\\\/\\\/www.vignevin.com\\\/wp-content\\\/uploads\\\/2019\\\/02\\\/Sympt\u00f4mes-de-court-nou\u00e9-dans-une-vieille-vigne.jpg\",\"et-pb-image--responsive--tablet\":\"https:\\\/\\\/www.vignevin.com\\\/wp-content\\\/uploads\\\/2019\\\/02\\\/Sympt\u00f4mes-de-court-nou\u00e9-dans-une-vieille-vigne.jpg\",\"et-pb-image--responsive--phone\":\"https:\\\/\\\/www.vignevin.com\\\/wp-content\\\/uploads\\\/2019\\\/02\\\/Sympt\u00f4mes-de-court-nou\u00e9-dans-une-vieille-vigne.jpg\",\"gform-image-choice-sm\":\"https:\\\/\\\/www.vignevin.com\\\/wp-content\\\/uploads\\\/2019\\\/02\\\/Sympt\u00f4mes-de-court-nou\u00e9-dans-une-vieille-vigne.jpg\",\"gform-image-choice-md\":\"https:\\\/\\\/www.vignevin.com\\\/wp-content\\\/uploads\\\/2019\\\/02\\\/Sympt\u00f4mes-de-court-nou\u00e9-dans-une-vieille-vigne.jpg\",\"gform-image-choice-lg\":\"https:\\\/\\\/www.vignevin.com\\\/wp-content\\\/uploads\\\/2019\\\/02\\\/Sympt\u00f4mes-de-court-nou\u00e9-dans-une-vieille-vigne.jpg\",\"woocommerce_thumbnail\":\"https:\\\/\\\/www.vignevin.com\\\/wp-content\\\/uploads\\\/2019\\\/02\\\/Sympt\u00f4mes-de-court-nou\u00e9-dans-une-vieille-vigne-300x300.jpg\",\"woocommerce_single\":\"https:\\\/\\\/www.vignevin.com\\\/wp-content\\\/uploads\\\/2019\\\/02\\\/Sympt\u00f4mes-de-court-nou\u00e9-dans-une-vieille-vigne-600x450.jpg\",\"woocommerce_gallery_thumbnail\":\"https:\\\/\\\/www.vignevin.com\\\/wp-content\\\/uploads\\\/2019\\\/02\\\/Sympt\u00f4mes-de-court-nou\u00e9-dans-une-vieille-vigne-100x100.jpg\",\"full\":\"https:\\\/\\\/www.vignevin.com\\\/wp-content\\\/uploads\\\/2019\\\/02\\\/Sympt\u00f4mes-de-court-nou\u00e9-dans-une-vieille-vigne.jpg\",\"index\":29,\"id\":9967,\"video\":false,\"opts\":{\"caption\":\"\",\"thumb\":\"https:\\\/\\\/www.vignevin.com\\\/wp-content\\\/uploads\\\/2019\\\/02\\\/Sympt\u00f4mes-de-court-nou\u00e9-dans-une-vieille-vigne-75x50_c.jpg\",\"title\":\"Sympt&amp;ocirc;mes de court-nou&amp;eacute; dans une vieille vigne\"},\"gallery_id\":17410,\"gallery_title\":\"Grapevines virus\"},\"9968\":{\"status\":\"active\",\"src\":\"https:\\\/\\\/www.vignevin.com\\\/wp-content\\\/uploads\\\/2019\\\/02\\\/Sympt\u00f4mes-de-court-nou\u00e9-sur-Carignan-N-panachure-scaled.jpg\",\"title\":\"Sympt&amp;ocirc;mes de court-nou&amp;eacute; sur Carignan N panachure\",\"link\":\"https:\\\/\\\/www.vignevin.com\\\/wp-content\\\/uploads\\\/2019\\\/02\\\/Sympt\u00f4mes-de-court-nou\u00e9-sur-Carignan-N-panachure.jpg\",\"alt\":\"\",\"caption\":false,\"thumb\":\"https:\\\/\\\/www.vignevin.com\\\/wp-content\\\/uploads\\\/2019\\\/02\\\/Sympt\u00f4mes-de-court-nou\u00e9-sur-Carignan-N-panachure-scaled-75x50_c.jpg\",\"meta\":{\"aperture\":\"10\",\"credit\":null,\"camera\":\"Canon EOS 50D\",\"caption\":\"\",\"created_timestamp\":\"1461950862\",\"copyright\":null,\"focal_length\":\"17\",\"iso\":\"100\",\"shutter_speed\":\"0.005\",\"title\":\"\",\"orientation\":\"1\",\"keywords\":null},\"thumbnail\":\"https:\\\/\\\/www.vignevin.com\\\/wp-content\\\/uploads\\\/2019\\\/02\\\/Sympt\u00f4mes-de-court-nou\u00e9-sur-Carignan-N-panachure-150x150.jpg\",\"medium\":\"https:\\\/\\\/www.vignevin.com\\\/wp-content\\\/uploads\\\/2019\\\/02\\\/Sympt\u00f4mes-de-court-nou\u00e9-sur-Carignan-N-panachure-200x300.jpg\",\"medium_large\":\"https:\\\/\\\/www.vignevin.com\\\/wp-content\\\/uploads\\\/2019\\\/02\\\/Sympt\u00f4mes-de-court-nou\u00e9-sur-Carignan-N-panachure-768x1152.jpg\",\"large\":\"https:\\\/\\\/www.vignevin.com\\\/wp-content\\\/uploads\\\/2019\\\/02\\\/Sympt\u00f4mes-de-court-nou\u00e9-sur-Carignan-N-panachure-683x1024.jpg\",\"1536x1536\":\"https:\\\/\\\/www.vignevin.com\\\/wp-content\\\/uploads\\\/2019\\\/02\\\/Sympt\u00f4mes-de-court-nou\u00e9-sur-Carignan-N-panachure-scaled.jpg\",\"2048x2048\":\"https:\\\/\\\/www.vignevin.com\\\/wp-content\\\/uploads\\\/2019\\\/02\\\/Sympt\u00f4mes-de-court-nou\u00e9-sur-Carignan-N-panachure-scaled.jpg\",\"et-pb-post-main-image\":\"https:\\\/\\\/www.vignevin.com\\\/wp-content\\\/uploads\\\/2019\\\/02\\\/Sympt\u00f4mes-de-court-nou\u00e9-sur-Carignan-N-panachure-400x250.jpg\",\"et-pb-post-main-image-fullwidth\":\"https:\\\/\\\/www.vignevin.com\\\/wp-content\\\/uploads\\\/2019\\\/02\\\/Sympt\u00f4mes-de-court-nou\u00e9-sur-Carignan-N-panachure-1080x675.jpg\",\"et-pb-portfolio-image\":\"https:\\\/\\\/www.vignevin.com\\\/wp-content\\\/uploads\\\/2019\\\/02\\\/Sympt\u00f4mes-de-court-nou\u00e9-sur-Carignan-N-panachure-400x284.jpg\",\"et-pb-portfolio-module-image\":\"https:\\\/\\\/www.vignevin.com\\\/wp-content\\\/uploads\\\/2019\\\/02\\\/Sympt\u00f4mes-de-court-nou\u00e9-sur-Carignan-N-panachure-510x382.jpg\",\"et-pb-portfolio-image-single\":\"https:\\\/\\\/www.vignevin.com\\\/wp-content\\\/uploads\\\/2019\\\/02\\\/Sympt\u00f4mes-de-court-nou\u00e9-sur-Carignan-N-panachure-1080x1620.jpg\",\"et-pb-gallery-module-image-portrait\":\"https:\\\/\\\/www.vignevin.com\\\/wp-content\\\/uploads\\\/2019\\\/02\\\/Sympt\u00f4mes-de-court-nou\u00e9-sur-Carignan-N-panachure-400x516.jpg\",\"et-pb-post-main-image-fullwidth-large\":\"https:\\\/\\\/www.vignevin.com\\\/wp-content\\\/uploads\\\/2019\\\/02\\\/Sympt\u00f4mes-de-court-nou\u00e9-sur-Carignan-N-panachure-2304x1800.jpg\",\"et-pb-image--responsive--desktop\":\"https:\\\/\\\/www.vignevin.com\\\/wp-content\\\/uploads\\\/2019\\\/02\\\/Sympt\u00f4mes-de-court-nou\u00e9-sur-Carignan-N-panachure-scaled.jpg\",\"et-pb-image--responsive--tablet\":\"https:\\\/\\\/www.vignevin.com\\\/wp-content\\\/uploads\\\/2019\\\/02\\\/Sympt\u00f4mes-de-court-nou\u00e9-sur-Carignan-N-panachure-scaled.jpg\",\"et-pb-image--responsive--phone\":\"https:\\\/\\\/www.vignevin.com\\\/wp-content\\\/uploads\\\/2019\\\/02\\\/Sympt\u00f4mes-de-court-nou\u00e9-sur-Carignan-N-panachure-scaled.jpg\",\"gform-image-choice-sm\":\"https:\\\/\\\/www.vignevin.com\\\/wp-content\\\/uploads\\\/2019\\\/02\\\/Sympt\u00f4mes-de-court-nou\u00e9-sur-Carignan-N-panachure-scaled.jpg\",\"gform-image-choice-md\":\"https:\\\/\\\/www.vignevin.com\\\/wp-content\\\/uploads\\\/2019\\\/02\\\/Sympt\u00f4mes-de-court-nou\u00e9-sur-Carignan-N-panachure-scaled.jpg\",\"gform-image-choice-lg\":\"https:\\\/\\\/www.vignevin.com\\\/wp-content\\\/uploads\\\/2019\\\/02\\\/Sympt\u00f4mes-de-court-nou\u00e9-sur-Carignan-N-panachure-scaled.jpg\",\"woocommerce_thumbnail\":\"https:\\\/\\\/www.vignevin.com\\\/wp-content\\\/uploads\\\/2019\\\/02\\\/Sympt\u00f4mes-de-court-nou\u00e9-sur-Carignan-N-panachure-scaled-300x300.jpg\",\"woocommerce_single\":\"https:\\\/\\\/www.vignevin.com\\\/wp-content\\\/uploads\\\/2019\\\/02\\\/Sympt\u00f4mes-de-court-nou\u00e9-sur-Carignan-N-panachure-scaled-600x900.jpg\",\"woocommerce_gallery_thumbnail\":\"https:\\\/\\\/www.vignevin.com\\\/wp-content\\\/uploads\\\/2019\\\/02\\\/Sympt\u00f4mes-de-court-nou\u00e9-sur-Carignan-N-panachure-scaled-100x100.jpg\",\"full\":\"https:\\\/\\\/www.vignevin.com\\\/wp-content\\\/uploads\\\/2019\\\/02\\\/Sympt\u00f4mes-de-court-nou\u00e9-sur-Carignan-N-panachure-scaled.jpg\",\"index\":30,\"id\":9968,\"video\":false,\"opts\":{\"caption\":\"\",\"thumb\":\"https:\\\/\\\/www.vignevin.com\\\/wp-content\\\/uploads\\\/2019\\\/02\\\/Sympt\u00f4mes-de-court-nou\u00e9-sur-Carignan-N-panachure-scaled-75x50_c.jpg\",\"title\":\"Sympt&amp;ocirc;mes de court-nou&amp;eacute; sur Carignan N panachure\"},\"gallery_id\":17410,\"gallery_title\":\"Grapevines virus\"},\"9969\":{\"status\":\"active\",\"src\":\"https:\\\/\\\/www.vignevin.com\\\/wp-content\\\/uploads\\\/2019\\\/02\\\/Sympt\u00f4mes-de-court-nou\u00e9-sur-Chardonnay-panachure.jpg\",\"title\":\"Sympt&amp;ocirc;mes de court-nou&amp;eacute; sur Chardonnay panachure\",\"link\":\"https:\\\/\\\/www.vignevin.com\\\/wp-content\\\/uploads\\\/2019\\\/02\\\/Sympt\u00f4mes-de-court-nou\u00e9-sur-Chardonnay-panachure.jpg\",\"alt\":\"\",\"caption\":false,\"thumb\":\"https:\\\/\\\/www.vignevin.com\\\/wp-content\\\/uploads\\\/2019\\\/02\\\/Sympt\u00f4mes-de-court-nou\u00e9-sur-Chardonnay-panachure-75x50_c.jpg\",\"meta\":{\"aperture\":\"4\",\"credit\":null,\"camera\":\"DMC-TZ10\",\"caption\":\"\",\"created_timestamp\":\"1307385039\",\"copyright\":null,\"focal_length\":\"7.3\",\"iso\":\"80\",\"shutter_speed\":\"0.00625\",\"title\":\"\",\"orientation\":\"1\",\"keywords\":null},\"thumbnail\":\"https:\\\/\\\/www.vignevin.com\\\/wp-content\\\/uploads\\\/2019\\\/02\\\/Sympt\u00f4mes-de-court-nou\u00e9-sur-Chardonnay-panachure-150x150.jpg\",\"medium\":\"https:\\\/\\\/www.vignevin.com\\\/wp-content\\\/uploads\\\/2019\\\/02\\\/Sympt\u00f4mes-de-court-nou\u00e9-sur-Chardonnay-panachure-300x225.jpg\",\"medium_large\":\"https:\\\/\\\/www.vignevin.com\\\/wp-content\\\/uploads\\\/2019\\\/02\\\/Sympt\u00f4mes-de-court-nou\u00e9-sur-Chardonnay-panachure-768x576.jpg\",\"large\":\"https:\\\/\\\/www.vignevin.com\\\/wp-content\\\/uploads\\\/2019\\\/02\\\/Sympt\u00f4mes-de-court-nou\u00e9-sur-Chardonnay-panachure-1024x768.jpg\",\"1536x1536\":\"https:\\\/\\\/www.vignevin.com\\\/wp-content\\\/uploads\\\/2019\\\/02\\\/Sympt\u00f4mes-de-court-nou\u00e9-sur-Chardonnay-panachure.jpg\",\"2048x2048\":\"https:\\\/\\\/www.vignevin.com\\\/wp-content\\\/uploads\\\/2019\\\/02\\\/Sympt\u00f4mes-de-court-nou\u00e9-sur-Chardonnay-panachure.jpg\",\"et-pb-post-main-image\":\"https:\\\/\\\/www.vignevin.com\\\/wp-content\\\/uploads\\\/2019\\\/02\\\/Sympt\u00f4mes-de-court-nou\u00e9-sur-Chardonnay-panachure-400x250.jpg\",\"et-pb-post-main-image-fullwidth\":\"https:\\\/\\\/www.vignevin.com\\\/wp-content\\\/uploads\\\/2019\\\/02\\\/Sympt\u00f4mes-de-court-nou\u00e9-sur-Chardonnay-panachure-1080x675.jpg\",\"et-pb-portfolio-image\":\"https:\\\/\\\/www.vignevin.com\\\/wp-content\\\/uploads\\\/2019\\\/02\\\/Sympt\u00f4mes-de-court-nou\u00e9-sur-Chardonnay-panachure-400x284.jpg\",\"et-pb-portfolio-module-image\":\"https:\\\/\\\/www.vignevin.com\\\/wp-content\\\/uploads\\\/2019\\\/02\\\/Sympt\u00f4mes-de-court-nou\u00e9-sur-Chardonnay-panachure-510x382.jpg\",\"et-pb-portfolio-image-single\":\"https:\\\/\\\/www.vignevin.com\\\/wp-content\\\/uploads\\\/2019\\\/02\\\/Sympt\u00f4mes-de-court-nou\u00e9-sur-Chardonnay-panachure-1080x810.jpg\",\"et-pb-gallery-module-image-portrait\":\"https:\\\/\\\/www.vignevin.com\\\/wp-content\\\/uploads\\\/2019\\\/02\\\/Sympt\u00f4mes-de-court-nou\u00e9-sur-Chardonnay-panachure-400x516.jpg\",\"et-pb-post-main-image-fullwidth-large\":\"https:\\\/\\\/www.vignevin.com\\\/wp-content\\\/uploads\\\/2019\\\/02\\\/Sympt\u00f4mes-de-court-nou\u00e9-sur-Chardonnay-panachure-2560x1800.jpg\",\"et-pb-image--responsive--desktop\":\"https:\\\/\\\/www.vignevin.com\\\/wp-content\\\/uploads\\\/2019\\\/02\\\/Sympt\u00f4mes-de-court-nou\u00e9-sur-Chardonnay-panachure.jpg\",\"et-pb-image--responsive--tablet\":\"https:\\\/\\\/www.vignevin.com\\\/wp-content\\\/uploads\\\/2019\\\/02\\\/Sympt\u00f4mes-de-court-nou\u00e9-sur-Chardonnay-panachure.jpg\",\"et-pb-image--responsive--phone\":\"https:\\\/\\\/www.vignevin.com\\\/wp-content\\\/uploads\\\/2019\\\/02\\\/Sympt\u00f4mes-de-court-nou\u00e9-sur-Chardonnay-panachure.jpg\",\"gform-image-choice-sm\":\"https:\\\/\\\/www.vignevin.com\\\/wp-content\\\/uploads\\\/2019\\\/02\\\/Sympt\u00f4mes-de-court-nou\u00e9-sur-Chardonnay-panachure.jpg\",\"gform-image-choice-md\":\"https:\\\/\\\/www.vignevin.com\\\/wp-content\\\/uploads\\\/2019\\\/02\\\/Sympt\u00f4mes-de-court-nou\u00e9-sur-Chardonnay-panachure.jpg\",\"gform-image-choice-lg\":\"https:\\\/\\\/www.vignevin.com\\\/wp-content\\\/uploads\\\/2019\\\/02\\\/Sympt\u00f4mes-de-court-nou\u00e9-sur-Chardonnay-panachure.jpg\",\"woocommerce_thumbnail\":\"https:\\\/\\\/www.vignevin.com\\\/wp-content\\\/uploads\\\/2019\\\/02\\\/Sympt\u00f4mes-de-court-nou\u00e9-sur-Chardonnay-panachure-300x300.jpg\",\"woocommerce_single\":\"https:\\\/\\\/www.vignevin.com\\\/wp-content\\\/uploads\\\/2019\\\/02\\\/Sympt\u00f4mes-de-court-nou\u00e9-sur-Chardonnay-panachure-600x450.jpg\",\"woocommerce_gallery_thumbnail\":\"https:\\\/\\\/www.vignevin.com\\\/wp-content\\\/uploads\\\/2019\\\/02\\\/Sympt\u00f4mes-de-court-nou\u00e9-sur-Chardonnay-panachure-100x100.jpg\",\"full\":\"https:\\\/\\\/www.vignevin.com\\\/wp-content\\\/uploads\\\/2019\\\/02\\\/Sympt\u00f4mes-de-court-nou\u00e9-sur-Chardonnay-panachure.jpg\",\"index\":31,\"id\":9969,\"video\":false,\"opts\":{\"caption\":\"\",\"thumb\":\"https:\\\/\\\/www.vignevin.com\\\/wp-content\\\/uploads\\\/2019\\\/02\\\/Sympt\u00f4mes-de-court-nou\u00e9-sur-Chardonnay-panachure-75x50_c.jpg\",\"title\":\"Sympt&amp;ocirc;mes de court-nou&amp;eacute; sur Chardonnay panachure\"},\"gallery_id\":17410,\"gallery_title\":\"Grapevines virus\"},\"9970\":{\"status\":\"active\",\"src\":\"https:\\\/\\\/www.vignevin.com\\\/wp-content\\\/uploads\\\/2019\\\/02\\\/Sympt\u00f4mes-de-court-nou\u00e9-sur-Cot-N-Malbec-2-scaled.jpg\",\"title\":\"Sympt&amp;ocirc;mes de court-nou&amp;eacute; sur Cot N (Malbec) (2)\",\"link\":\"https:\\\/\\\/www.vignevin.com\\\/wp-content\\\/uploads\\\/2019\\\/02\\\/Sympt\u00f4mes-de-court-nou\u00e9-sur-Cot-N-Malbec-2.jpg\",\"alt\":\"\",\"caption\":false,\"thumb\":\"https:\\\/\\\/www.vignevin.com\\\/wp-content\\\/uploads\\\/2019\\\/02\\\/Sympt\u00f4mes-de-court-nou\u00e9-sur-Cot-N-Malbec-2-scaled-75x50_c.jpg\",\"meta\":{\"aperture\":\"3.3\",\"credit\":null,\"camera\":\"DMC-TZ10\",\"caption\":\"\",\"created_timestamp\":\"1436352237\",\"copyright\":null,\"focal_length\":\"4.1\",\"iso\":\"80\",\"shutter_speed\":\"0.02\",\"title\":\"\",\"orientation\":\"1\",\"keywords\":null,\"resized_images\":null},\"thumbnail\":\"https:\\\/\\\/www.vignevin.com\\\/wp-content\\\/uploads\\\/2019\\\/02\\\/Sympt\u00f4mes-de-court-nou\u00e9-sur-Cot-N-Malbec-2-scaled.jpg\",\"medium\":\"https:\\\/\\\/www.vignevin.com\\\/wp-content\\\/uploads\\\/2019\\\/02\\\/Sympt\u00f4mes-de-court-nou\u00e9-sur-Cot-N-Malbec-2-scaled.jpg\",\"medium_large\":\"https:\\\/\\\/www.vignevin.com\\\/wp-content\\\/uploads\\\/2019\\\/02\\\/Sympt\u00f4mes-de-court-nou\u00e9-sur-Cot-N-Malbec-2-scaled.jpg\",\"large\":\"https:\\\/\\\/www.vignevin.com\\\/wp-content\\\/uploads\\\/2019\\\/02\\\/Sympt\u00f4mes-de-court-nou\u00e9-sur-Cot-N-Malbec-2-scaled.jpg\",\"1536x1536\":\"https:\\\/\\\/www.vignevin.com\\\/wp-content\\\/uploads\\\/2019\\\/02\\\/Sympt\u00f4mes-de-court-nou\u00e9-sur-Cot-N-Malbec-2-scaled.jpg\",\"2048x2048\":\"https:\\\/\\\/www.vignevin.com\\\/wp-content\\\/uploads\\\/2019\\\/02\\\/Sympt\u00f4mes-de-court-nou\u00e9-sur-Cot-N-Malbec-2-scaled.jpg\",\"et-pb-post-main-image\":\"https:\\\/\\\/www.vignevin.com\\\/wp-content\\\/uploads\\\/2019\\\/02\\\/Sympt\u00f4mes-de-court-nou\u00e9-sur-Cot-N-Malbec-2-scaled.jpg\",\"et-pb-post-main-image-fullwidth\":\"https:\\\/\\\/www.vignevin.com\\\/wp-content\\\/uploads\\\/2019\\\/02\\\/Sympt\u00f4mes-de-court-nou\u00e9-sur-Cot-N-Malbec-2-scaled.jpg\",\"et-pb-portfolio-image\":\"https:\\\/\\\/www.vignevin.com\\\/wp-content\\\/uploads\\\/2019\\\/02\\\/Sympt\u00f4mes-de-court-nou\u00e9-sur-Cot-N-Malbec-2-scaled.jpg\",\"et-pb-portfolio-module-image\":\"https:\\\/\\\/www.vignevin.com\\\/wp-content\\\/uploads\\\/2019\\\/02\\\/Sympt\u00f4mes-de-court-nou\u00e9-sur-Cot-N-Malbec-2-scaled.jpg\",\"et-pb-portfolio-image-single\":\"https:\\\/\\\/www.vignevin.com\\\/wp-content\\\/uploads\\\/2019\\\/02\\\/Sympt\u00f4mes-de-court-nou\u00e9-sur-Cot-N-Malbec-2-scaled.jpg\",\"et-pb-gallery-module-image-portrait\":\"https:\\\/\\\/www.vignevin.com\\\/wp-content\\\/uploads\\\/2019\\\/02\\\/Sympt\u00f4mes-de-court-nou\u00e9-sur-Cot-N-Malbec-2-scaled.jpg\",\"et-pb-post-main-image-fullwidth-large\":\"https:\\\/\\\/www.vignevin.com\\\/wp-content\\\/uploads\\\/2019\\\/02\\\/Sympt\u00f4mes-de-court-nou\u00e9-sur-Cot-N-Malbec-2-scaled.jpg\",\"et-pb-image--responsive--desktop\":\"https:\\\/\\\/www.vignevin.com\\\/wp-content\\\/uploads\\\/2019\\\/02\\\/Sympt\u00f4mes-de-court-nou\u00e9-sur-Cot-N-Malbec-2-scaled.jpg\",\"et-pb-image--responsive--tablet\":\"https:\\\/\\\/www.vignevin.com\\\/wp-content\\\/uploads\\\/2019\\\/02\\\/Sympt\u00f4mes-de-court-nou\u00e9-sur-Cot-N-Malbec-2-scaled.jpg\",\"et-pb-image--responsive--phone\":\"https:\\\/\\\/www.vignevin.com\\\/wp-content\\\/uploads\\\/2019\\\/02\\\/Sympt\u00f4mes-de-court-nou\u00e9-sur-Cot-N-Malbec-2-scaled.jpg\",\"gform-image-choice-sm\":\"https:\\\/\\\/www.vignevin.com\\\/wp-content\\\/uploads\\\/2019\\\/02\\\/Sympt\u00f4mes-de-court-nou\u00e9-sur-Cot-N-Malbec-2-scaled.jpg\",\"gform-image-choice-md\":\"https:\\\/\\\/www.vignevin.com\\\/wp-content\\\/uploads\\\/2019\\\/02\\\/Sympt\u00f4mes-de-court-nou\u00e9-sur-Cot-N-Malbec-2-scaled.jpg\",\"gform-image-choice-lg\":\"https:\\\/\\\/www.vignevin.com\\\/wp-content\\\/uploads\\\/2019\\\/02\\\/Sympt\u00f4mes-de-court-nou\u00e9-sur-Cot-N-Malbec-2-scaled.jpg\",\"woocommerce_thumbnail\":\"https:\\\/\\\/www.vignevin.com\\\/wp-content\\\/uploads\\\/2019\\\/02\\\/Sympt\u00f4mes-de-court-nou\u00e9-sur-Cot-N-Malbec-2-scaled-300x300.jpg\",\"woocommerce_single\":\"https:\\\/\\\/www.vignevin.com\\\/wp-content\\\/uploads\\\/2019\\\/02\\\/Sympt\u00f4mes-de-court-nou\u00e9-sur-Cot-N-Malbec-2-scaled-600x800.jpg\",\"woocommerce_gallery_thumbnail\":\"https:\\\/\\\/www.vignevin.com\\\/wp-content\\\/uploads\\\/2019\\\/02\\\/Sympt\u00f4mes-de-court-nou\u00e9-sur-Cot-N-Malbec-2-scaled-100x100.jpg\",\"full\":\"https:\\\/\\\/www.vignevin.com\\\/wp-content\\\/uploads\\\/2019\\\/02\\\/Sympt\u00f4mes-de-court-nou\u00e9-sur-Cot-N-Malbec-2-scaled.jpg\",\"index\":32,\"id\":9970,\"video\":false,\"opts\":{\"caption\":\"\",\"thumb\":\"https:\\\/\\\/www.vignevin.com\\\/wp-content\\\/uploads\\\/2019\\\/02\\\/Sympt\u00f4mes-de-court-nou\u00e9-sur-Cot-N-Malbec-2-scaled-75x50_c.jpg\",\"title\":\"Sympt&amp;ocirc;mes de court-nou&amp;eacute; sur Cot N (Malbec) (2)\"},\"gallery_id\":17410,\"gallery_title\":\"Grapevines virus\"},\"9971\":{\"status\":\"active\",\"src\":\"https:\\\/\\\/www.vignevin.com\\\/wp-content\\\/uploads\\\/2019\\\/02\\\/Sympt\u00f4mes-de-court-nou\u00e9-sur-Cot-N-Malbec.jpg\",\"title\":\"Sympt&amp;ocirc;mes de court-nou&amp;eacute; sur Cot N (Malbec)\",\"link\":\"https:\\\/\\\/www.vignevin.com\\\/wp-content\\\/uploads\\\/2019\\\/02\\\/Sympt\u00f4mes-de-court-nou\u00e9-sur-Cot-N-Malbec.jpg\",\"alt\":\"\",\"caption\":false,\"thumb\":\"https:\\\/\\\/www.vignevin.com\\\/wp-content\\\/uploads\\\/2019\\\/02\\\/Sympt\u00f4mes-de-court-nou\u00e9-sur-Cot-N-Malbec-75x50_c.jpg\",\"meta\":{\"aperture\":\"3.9\",\"credit\":null,\"camera\":\"DMC-TZ10\",\"caption\":\"\",\"created_timestamp\":\"1314377890\",\"copyright\":null,\"focal_length\":\"9.7\",\"iso\":\"80\",\"shutter_speed\":\"0.025\",\"title\":\"\",\"orientation\":\"1\",\"keywords\":null},\"thumbnail\":\"https:\\\/\\\/www.vignevin.com\\\/wp-content\\\/uploads\\\/2019\\\/02\\\/Sympt\u00f4mes-de-court-nou\u00e9-sur-Cot-N-Malbec.jpg\",\"medium\":\"https:\\\/\\\/www.vignevin.com\\\/wp-content\\\/uploads\\\/2019\\\/02\\\/Sympt\u00f4mes-de-court-nou\u00e9-sur-Cot-N-Malbec.jpg\",\"medium_large\":\"https:\\\/\\\/www.vignevin.com\\\/wp-content\\\/uploads\\\/2019\\\/02\\\/Sympt\u00f4mes-de-court-nou\u00e9-sur-Cot-N-Malbec.jpg\",\"large\":\"https:\\\/\\\/www.vignevin.com\\\/wp-content\\\/uploads\\\/2019\\\/02\\\/Sympt\u00f4mes-de-court-nou\u00e9-sur-Cot-N-Malbec.jpg\",\"1536x1536\":\"https:\\\/\\\/www.vignevin.com\\\/wp-content\\\/uploads\\\/2019\\\/02\\\/Sympt\u00f4mes-de-court-nou\u00e9-sur-Cot-N-Malbec.jpg\",\"2048x2048\":\"https:\\\/\\\/www.vignevin.com\\\/wp-content\\\/uploads\\\/2019\\\/02\\\/Sympt\u00f4mes-de-court-nou\u00e9-sur-Cot-N-Malbec.jpg\",\"et-pb-post-main-image\":\"https:\\\/\\\/www.vignevin.com\\\/wp-content\\\/uploads\\\/2019\\\/02\\\/Sympt\u00f4mes-de-court-nou\u00e9-sur-Cot-N-Malbec.jpg\",\"et-pb-post-main-image-fullwidth\":\"https:\\\/\\\/www.vignevin.com\\\/wp-content\\\/uploads\\\/2019\\\/02\\\/Sympt\u00f4mes-de-court-nou\u00e9-sur-Cot-N-Malbec.jpg\",\"et-pb-portfolio-image\":\"https:\\\/\\\/www.vignevin.com\\\/wp-content\\\/uploads\\\/2019\\\/02\\\/Sympt\u00f4mes-de-court-nou\u00e9-sur-Cot-N-Malbec.jpg\",\"et-pb-portfolio-module-image\":\"https:\\\/\\\/www.vignevin.com\\\/wp-content\\\/uploads\\\/2019\\\/02\\\/Sympt\u00f4mes-de-court-nou\u00e9-sur-Cot-N-Malbec.jpg\",\"et-pb-portfolio-image-single\":\"https:\\\/\\\/www.vignevin.com\\\/wp-content\\\/uploads\\\/2019\\\/02\\\/Sympt\u00f4mes-de-court-nou\u00e9-sur-Cot-N-Malbec.jpg\",\"et-pb-gallery-module-image-portrait\":\"https:\\\/\\\/www.vignevin.com\\\/wp-content\\\/uploads\\\/2019\\\/02\\\/Sympt\u00f4mes-de-court-nou\u00e9-sur-Cot-N-Malbec.jpg\",\"et-pb-post-main-image-fullwidth-large\":\"https:\\\/\\\/www.vignevin.com\\\/wp-content\\\/uploads\\\/2019\\\/02\\\/Sympt\u00f4mes-de-court-nou\u00e9-sur-Cot-N-Malbec.jpg\",\"et-pb-image--responsive--desktop\":\"https:\\\/\\\/www.vignevin.com\\\/wp-content\\\/uploads\\\/2019\\\/02\\\/Sympt\u00f4mes-de-court-nou\u00e9-sur-Cot-N-Malbec.jpg\",\"et-pb-image--responsive--tablet\":\"https:\\\/\\\/www.vignevin.com\\\/wp-content\\\/uploads\\\/2019\\\/02\\\/Sympt\u00f4mes-de-court-nou\u00e9-sur-Cot-N-Malbec.jpg\",\"et-pb-image--responsive--phone\":\"https:\\\/\\\/www.vignevin.com\\\/wp-content\\\/uploads\\\/2019\\\/02\\\/Sympt\u00f4mes-de-court-nou\u00e9-sur-Cot-N-Malbec.jpg\",\"gform-image-choice-sm\":\"https:\\\/\\\/www.vignevin.com\\\/wp-content\\\/uploads\\\/2019\\\/02\\\/Sympt\u00f4mes-de-court-nou\u00e9-sur-Cot-N-Malbec.jpg\",\"gform-image-choice-md\":\"https:\\\/\\\/www.vignevin.com\\\/wp-content\\\/uploads\\\/2019\\\/02\\\/Sympt\u00f4mes-de-court-nou\u00e9-sur-Cot-N-Malbec.jpg\",\"gform-image-choice-lg\":\"https:\\\/\\\/www.vignevin.com\\\/wp-content\\\/uploads\\\/2019\\\/02\\\/Sympt\u00f4mes-de-court-nou\u00e9-sur-Cot-N-Malbec.jpg\",\"woocommerce_thumbnail\":\"https:\\\/\\\/www.vignevin.com\\\/wp-content\\\/uploads\\\/2019\\\/02\\\/Sympt\u00f4mes-de-court-nou\u00e9-sur-Cot-N-Malbec-300x300.jpg\",\"woocommerce_single\":\"https:\\\/\\\/www.vignevin.com\\\/wp-content\\\/uploads\\\/2019\\\/02\\\/Sympt\u00f4mes-de-court-nou\u00e9-sur-Cot-N-Malbec-600x450.jpg\",\"woocommerce_gallery_thumbnail\":\"https:\\\/\\\/www.vignevin.com\\\/wp-content\\\/uploads\\\/2019\\\/02\\\/Sympt\u00f4mes-de-court-nou\u00e9-sur-Cot-N-Malbec-100x100.jpg\",\"full\":\"https:\\\/\\\/www.vignevin.com\\\/wp-content\\\/uploads\\\/2019\\\/02\\\/Sympt\u00f4mes-de-court-nou\u00e9-sur-Cot-N-Malbec.jpg\",\"index\":33,\"id\":9971,\"video\":false,\"opts\":{\"caption\":\"\",\"thumb\":\"https:\\\/\\\/www.vignevin.com\\\/wp-content\\\/uploads\\\/2019\\\/02\\\/Sympt\u00f4mes-de-court-nou\u00e9-sur-Cot-N-Malbec-75x50_c.jpg\",\"title\":\"Sympt&amp;ocirc;mes de court-nou&amp;eacute; sur Cot N (Malbec)\"},\"gallery_id\":17410,\"gallery_title\":\"Grapevines virus\"},\"9972\":{\"status\":\"active\",\"src\":\"https:\\\/\\\/www.vignevin.com\\\/wp-content\\\/uploads\\\/2019\\\/02\\\/Sympt\u00f4mes-de-court-nou\u00e9-sur-Fer-N-double-n\u0153uds-2.jpg\",\"title\":\"Sympt&amp;ocirc;mes de court-nou&amp;eacute; sur Fer N double-n&amp;oelig;uds (2)\",\"link\":\"https:\\\/\\\/www.vignevin.com\\\/wp-content\\\/uploads\\\/2019\\\/02\\\/Sympt\u00f4mes-de-court-nou\u00e9-sur-Fer-N-double-n\u0153uds-2.jpg\",\"alt\":\"\",\"caption\":false,\"thumb\":\"https:\\\/\\\/www.vignevin.com\\\/wp-content\\\/uploads\\\/2019\\\/02\\\/Sympt\u00f4mes-de-court-nou\u00e9-sur-Fer-N-double-n\u0153uds-2-75x50_c.jpg\",\"meta\":{\"aperture\":null,\"credit\":null,\"camera\":null,\"caption\":\"\",\"created_timestamp\":null,\"copyright\":null,\"focal_length\":null,\"iso\":null,\"shutter_speed\":null,\"title\":\"\",\"orientation\":null,\"keywords\":null},\"thumbnail\":\"https:\\\/\\\/www.vignevin.com\\\/wp-content\\\/uploads\\\/2019\\\/02\\\/Sympt\u00f4mes-de-court-nou\u00e9-sur-Fer-N-double-n\u0153uds-2-150x150.jpg\",\"medium\":\"https:\\\/\\\/www.vignevin.com\\\/wp-content\\\/uploads\\\/2019\\\/02\\\/Sympt\u00f4mes-de-court-nou\u00e9-sur-Fer-N-double-n\u0153uds-2-256x300.jpg\",\"medium_large\":\"https:\\\/\\\/www.vignevin.com\\\/wp-content\\\/uploads\\\/2019\\\/02\\\/Sympt\u00f4mes-de-court-nou\u00e9-sur-Fer-N-double-n\u0153uds-2.jpg\",\"large\":\"https:\\\/\\\/www.vignevin.com\\\/wp-content\\\/uploads\\\/2019\\\/02\\\/Sympt\u00f4mes-de-court-nou\u00e9-sur-Fer-N-double-n\u0153uds-2.jpg\",\"1536x1536\":\"https:\\\/\\\/www.vignevin.com\\\/wp-content\\\/uploads\\\/2019\\\/02\\\/Sympt\u00f4mes-de-court-nou\u00e9-sur-Fer-N-double-n\u0153uds-2.jpg\",\"2048x2048\":\"https:\\\/\\\/www.vignevin.com\\\/wp-content\\\/uploads\\\/2019\\\/02\\\/Sympt\u00f4mes-de-court-nou\u00e9-sur-Fer-N-double-n\u0153uds-2.jpg\",\"et-pb-post-main-image\":\"https:\\\/\\\/www.vignevin.com\\\/wp-content\\\/uploads\\\/2019\\\/02\\\/Sympt\u00f4mes-de-court-nou\u00e9-sur-Fer-N-double-n\u0153uds-2-400x250.jpg\",\"et-pb-post-main-image-fullwidth\":\"https:\\\/\\\/www.vignevin.com\\\/wp-content\\\/uploads\\\/2019\\\/02\\\/Sympt\u00f4mes-de-court-nou\u00e9-sur-Fer-N-double-n\u0153uds-2-600x675.jpg\",\"et-pb-portfolio-image\":\"https:\\\/\\\/www.vignevin.com\\\/wp-content\\\/uploads\\\/2019\\\/02\\\/Sympt\u00f4mes-de-court-nou\u00e9-sur-Fer-N-double-n\u0153uds-2-400x284.jpg\",\"et-pb-portfolio-module-image\":\"https:\\\/\\\/www.vignevin.com\\\/wp-content\\\/uploads\\\/2019\\\/02\\\/Sympt\u00f4mes-de-court-nou\u00e9-sur-Fer-N-double-n\u0153uds-2-510x382.jpg\",\"et-pb-portfolio-image-single\":\"https:\\\/\\\/www.vignevin.com\\\/wp-content\\\/uploads\\\/2019\\\/02\\\/Sympt\u00f4mes-de-court-nou\u00e9-sur-Fer-N-double-n\u0153uds-2.jpg\",\"et-pb-gallery-module-image-portrait\":\"https:\\\/\\\/www.vignevin.com\\\/wp-content\\\/uploads\\\/2019\\\/02\\\/Sympt\u00f4mes-de-court-nou\u00e9-sur-Fer-N-double-n\u0153uds-2-400x516.jpg\",\"et-pb-post-main-image-fullwidth-large\":\"https:\\\/\\\/www.vignevin.com\\\/wp-content\\\/uploads\\\/2019\\\/02\\\/Sympt\u00f4mes-de-court-nou\u00e9-sur-Fer-N-double-n\u0153uds-2.jpg\",\"et-pb-image--responsive--desktop\":\"https:\\\/\\\/www.vignevin.com\\\/wp-content\\\/uploads\\\/2019\\\/02\\\/Sympt\u00f4mes-de-court-nou\u00e9-sur-Fer-N-double-n\u0153uds-2.jpg\",\"et-pb-image--responsive--tablet\":\"https:\\\/\\\/www.vignevin.com\\\/wp-content\\\/uploads\\\/2019\\\/02\\\/Sympt\u00f4mes-de-court-nou\u00e9-sur-Fer-N-double-n\u0153uds-2.jpg\",\"et-pb-image--responsive--phone\":\"https:\\\/\\\/www.vignevin.com\\\/wp-content\\\/uploads\\\/2019\\\/02\\\/Sympt\u00f4mes-de-court-nou\u00e9-sur-Fer-N-double-n\u0153uds-2.jpg\",\"gform-image-choice-sm\":\"https:\\\/\\\/www.vignevin.com\\\/wp-content\\\/uploads\\\/2019\\\/02\\\/Sympt\u00f4mes-de-court-nou\u00e9-sur-Fer-N-double-n\u0153uds-2.jpg\",\"gform-image-choice-md\":\"https:\\\/\\\/www.vignevin.com\\\/wp-content\\\/uploads\\\/2019\\\/02\\\/Sympt\u00f4mes-de-court-nou\u00e9-sur-Fer-N-double-n\u0153uds-2.jpg\",\"gform-image-choice-lg\":\"https:\\\/\\\/www.vignevin.com\\\/wp-content\\\/uploads\\\/2019\\\/02\\\/Sympt\u00f4mes-de-court-nou\u00e9-sur-Fer-N-double-n\u0153uds-2.jpg\",\"woocommerce_thumbnail\":\"https:\\\/\\\/www.vignevin.com\\\/wp-content\\\/uploads\\\/2019\\\/02\\\/Sympt\u00f4mes-de-court-nou\u00e9-sur-Fer-N-double-n\u0153uds-2-300x300.jpg\",\"woocommerce_single\":\"https:\\\/\\\/www.vignevin.com\\\/wp-content\\\/uploads\\\/2019\\\/02\\\/Sympt\u00f4mes-de-court-nou\u00e9-sur-Fer-N-double-n\u0153uds-2.jpg\",\"woocommerce_gallery_thumbnail\":\"https:\\\/\\\/www.vignevin.com\\\/wp-content\\\/uploads\\\/2019\\\/02\\\/Sympt\u00f4mes-de-court-nou\u00e9-sur-Fer-N-double-n\u0153uds-2-100x100.jpg\",\"full\":\"https:\\\/\\\/www.vignevin.com\\\/wp-content\\\/uploads\\\/2019\\\/02\\\/Sympt\u00f4mes-de-court-nou\u00e9-sur-Fer-N-double-n\u0153uds-2.jpg\",\"index\":34,\"id\":9972,\"video\":false,\"opts\":{\"caption\":\"\",\"thumb\":\"https:\\\/\\\/www.vignevin.com\\\/wp-content\\\/uploads\\\/2019\\\/02\\\/Sympt\u00f4mes-de-court-nou\u00e9-sur-Fer-N-double-n\u0153uds-2-75x50_c.jpg\",\"title\":\"Sympt&amp;ocirc;mes de court-nou&amp;eacute; sur Fer N double-n&amp;oelig;uds (2)\"},\"gallery_id\":17410,\"gallery_title\":\"Grapevines virus\"},\"9973\":{\"status\":\"active\",\"src\":\"https:\\\/\\\/www.vignevin.com\\\/wp-content\\\/uploads\\\/2019\\\/02\\\/Sympt\u00f4mes-de-court-nou\u00e9-sur-Fer-N-double-n\u0153uds.jpg\",\"title\":\"OLYMPUS DIGITAL CAMERA\",\"link\":\"https:\\\/\\\/www.vignevin.com\\\/wp-content\\\/uploads\\\/2019\\\/02\\\/Sympt\u00f4mes-de-court-nou\u00e9-sur-Fer-N-double-n\u0153uds.jpg\",\"alt\":\"\",\"caption\":\"OLYMPUS DIGITAL CAMERA\",\"thumb\":\"https:\\\/\\\/www.vignevin.com\\\/wp-content\\\/uploads\\\/2019\\\/02\\\/Sympt\u00f4mes-de-court-nou\u00e9-sur-Fer-N-double-n\u0153uds-75x50_c.jpg\",\"meta\":{\"aperture\":\"8\",\"credit\":null,\"camera\":\"C-5000Z\",\"caption\":\"OLYMPUS DIGITAL CAMERA\",\"created_timestamp\":\"1082842103\",\"copyright\":null,\"focal_length\":\"7.8\",\"iso\":\"50\",\"shutter_speed\":\"0.016666666666667\",\"title\":\"OLYMPUS DIGITAL CAMERA\",\"orientation\":\"1\",\"keywords\":null},\"thumbnail\":\"https:\\\/\\\/www.vignevin.com\\\/wp-content\\\/uploads\\\/2019\\\/02\\\/Sympt\u00f4mes-de-court-nou\u00e9-sur-Fer-N-double-n\u0153uds.jpg\",\"medium\":\"https:\\\/\\\/www.vignevin.com\\\/wp-content\\\/uploads\\\/2019\\\/02\\\/Sympt\u00f4mes-de-court-nou\u00e9-sur-Fer-N-double-n\u0153uds.jpg\",\"medium_large\":\"https:\\\/\\\/www.vignevin.com\\\/wp-content\\\/uploads\\\/2019\\\/02\\\/Sympt\u00f4mes-de-court-nou\u00e9-sur-Fer-N-double-n\u0153uds.jpg\",\"large\":\"https:\\\/\\\/www.vignevin.com\\\/wp-content\\\/uploads\\\/2019\\\/02\\\/Sympt\u00f4mes-de-court-nou\u00e9-sur-Fer-N-double-n\u0153uds.jpg\",\"1536x1536\":\"https:\\\/\\\/www.vignevin.com\\\/wp-content\\\/uploads\\\/2019\\\/02\\\/Sympt\u00f4mes-de-court-nou\u00e9-sur-Fer-N-double-n\u0153uds.jpg\",\"2048x2048\":\"https:\\\/\\\/www.vignevin.com\\\/wp-content\\\/uploads\\\/2019\\\/02\\\/Sympt\u00f4mes-de-court-nou\u00e9-sur-Fer-N-double-n\u0153uds.jpg\",\"et-pb-post-main-image\":\"https:\\\/\\\/www.vignevin.com\\\/wp-content\\\/uploads\\\/2019\\\/02\\\/Sympt\u00f4mes-de-court-nou\u00e9-sur-Fer-N-double-n\u0153uds.jpg\",\"et-pb-post-main-image-fullwidth\":\"https:\\\/\\\/www.vignevin.com\\\/wp-content\\\/uploads\\\/2019\\\/02\\\/Sympt\u00f4mes-de-court-nou\u00e9-sur-Fer-N-double-n\u0153uds.jpg\",\"et-pb-portfolio-image\":\"https:\\\/\\\/www.vignevin.com\\\/wp-content\\\/uploads\\\/2019\\\/02\\\/Sympt\u00f4mes-de-court-nou\u00e9-sur-Fer-N-double-n\u0153uds.jpg\",\"et-pb-portfolio-module-image\":\"https:\\\/\\\/www.vignevin.com\\\/wp-content\\\/uploads\\\/2019\\\/02\\\/Sympt\u00f4mes-de-court-nou\u00e9-sur-Fer-N-double-n\u0153uds.jpg\",\"et-pb-portfolio-image-single\":\"https:\\\/\\\/www.vignevin.com\\\/wp-content\\\/uploads\\\/2019\\\/02\\\/Sympt\u00f4mes-de-court-nou\u00e9-sur-Fer-N-double-n\u0153uds.jpg\",\"et-pb-gallery-module-image-portrait\":\"https:\\\/\\\/www.vignevin.com\\\/wp-content\\\/uploads\\\/2019\\\/02\\\/Sympt\u00f4mes-de-court-nou\u00e9-sur-Fer-N-double-n\u0153uds.jpg\",\"et-pb-post-main-image-fullwidth-large\":\"https:\\\/\\\/www.vignevin.com\\\/wp-content\\\/uploads\\\/2019\\\/02\\\/Sympt\u00f4mes-de-court-nou\u00e9-sur-Fer-N-double-n\u0153uds.jpg\",\"et-pb-image--responsive--desktop\":\"https:\\\/\\\/www.vignevin.com\\\/wp-content\\\/uploads\\\/2019\\\/02\\\/Sympt\u00f4mes-de-court-nou\u00e9-sur-Fer-N-double-n\u0153uds.jpg\",\"et-pb-image--responsive--tablet\":\"https:\\\/\\\/www.vignevin.com\\\/wp-content\\\/uploads\\\/2019\\\/02\\\/Sympt\u00f4mes-de-court-nou\u00e9-sur-Fer-N-double-n\u0153uds.jpg\",\"et-pb-image--responsive--phone\":\"https:\\\/\\\/www.vignevin.com\\\/wp-content\\\/uploads\\\/2019\\\/02\\\/Sympt\u00f4mes-de-court-nou\u00e9-sur-Fer-N-double-n\u0153uds.jpg\",\"gform-image-choice-sm\":\"https:\\\/\\\/www.vignevin.com\\\/wp-content\\\/uploads\\\/2019\\\/02\\\/Sympt\u00f4mes-de-court-nou\u00e9-sur-Fer-N-double-n\u0153uds.jpg\",\"gform-image-choice-md\":\"https:\\\/\\\/www.vignevin.com\\\/wp-content\\\/uploads\\\/2019\\\/02\\\/Sympt\u00f4mes-de-court-nou\u00e9-sur-Fer-N-double-n\u0153uds.jpg\",\"gform-image-choice-lg\":\"https:\\\/\\\/www.vignevin.com\\\/wp-content\\\/uploads\\\/2019\\\/02\\\/Sympt\u00f4mes-de-court-nou\u00e9-sur-Fer-N-double-n\u0153uds.jpg\",\"woocommerce_thumbnail\":\"https:\\\/\\\/www.vignevin.com\\\/wp-content\\\/uploads\\\/2019\\\/02\\\/Sympt\u00f4mes-de-court-nou\u00e9-sur-Fer-N-double-n\u0153uds-300x300.jpg\",\"woocommerce_single\":\"https:\\\/\\\/www.vignevin.com\\\/wp-content\\\/uploads\\\/2019\\\/02\\\/Sympt\u00f4mes-de-court-nou\u00e9-sur-Fer-N-double-n\u0153uds-600x450.jpg\",\"woocommerce_gallery_thumbnail\":\"https:\\\/\\\/www.vignevin.com\\\/wp-content\\\/uploads\\\/2019\\\/02\\\/Sympt\u00f4mes-de-court-nou\u00e9-sur-Fer-N-double-n\u0153uds-100x100.jpg\",\"full\":\"https:\\\/\\\/www.vignevin.com\\\/wp-content\\\/uploads\\\/2019\\\/02\\\/Sympt\u00f4mes-de-court-nou\u00e9-sur-Fer-N-double-n\u0153uds.jpg\",\"index\":35,\"id\":9973,\"video\":false,\"opts\":{\"caption\":\"OLYMPUS DIGITAL CAMERA\",\"thumb\":\"https:\\\/\\\/www.vignevin.com\\\/wp-content\\\/uploads\\\/2019\\\/02\\\/Sympt\u00f4mes-de-court-nou\u00e9-sur-Fer-N-double-n\u0153uds-75x50_c.jpg\",\"title\":\"OLYMPUS DIGITAL CAMERA\"},\"gallery_id\":17410,\"gallery_title\":\"Grapevines virus\"},\"9974\":{\"status\":\"active\",\"src\":\"https:\\\/\\\/www.vignevin.com\\\/wp-content\\\/uploads\\\/2019\\\/02\\\/Sympt\u00f4mes-de-court-nou\u00e9-sur-Fer-N-millerandage-2-scaled.jpg\",\"title\":\"Sympt&amp;ocirc;mes de court-nou&amp;eacute; sur Fer N millerandage (2)\",\"link\":\"https:\\\/\\\/www.vignevin.com\\\/wp-content\\\/uploads\\\/2019\\\/02\\\/Sympt\u00f4mes-de-court-nou\u00e9-sur-Fer-N-millerandage-2.jpg\",\"alt\":\"\",\"caption\":false,\"thumb\":\"https:\\\/\\\/www.vignevin.com\\\/wp-content\\\/uploads\\\/2019\\\/02\\\/Sympt\u00f4mes-de-court-nou\u00e9-sur-Fer-N-millerandage-2-scaled-75x50_c.jpg\",\"meta\":{\"aperture\":\"3.3\",\"credit\":null,\"camera\":\"DMC-TZ10\",\"caption\":\"\",\"created_timestamp\":\"1443439480\",\"copyright\":null,\"focal_length\":\"4.1\",\"iso\":\"125\",\"shutter_speed\":\"0.016666666666667\",\"title\":\"\",\"orientation\":\"1\",\"keywords\":null},\"thumbnail\":\"https:\\\/\\\/www.vignevin.com\\\/wp-content\\\/uploads\\\/2019\\\/02\\\/Sympt\u00f4mes-de-court-nou\u00e9-sur-Fer-N-millerandage-2-150x150.jpg\",\"medium\":\"https:\\\/\\\/www.vignevin.com\\\/wp-content\\\/uploads\\\/2019\\\/02\\\/Sympt\u00f4mes-de-court-nou\u00e9-sur-Fer-N-millerandage-2-225x300.jpg\",\"medium_large\":\"https:\\\/\\\/www.vignevin.com\\\/wp-content\\\/uploads\\\/2019\\\/02\\\/Sympt\u00f4mes-de-court-nou\u00e9-sur-Fer-N-millerandage-2-768x1024.jpg\",\"large\":\"https:\\\/\\\/www.vignevin.com\\\/wp-content\\\/uploads\\\/2019\\\/02\\\/Sympt\u00f4mes-de-court-nou\u00e9-sur-Fer-N-millerandage-2-768x1024.jpg\",\"1536x1536\":\"https:\\\/\\\/www.vignevin.com\\\/wp-content\\\/uploads\\\/2019\\\/02\\\/Sympt\u00f4mes-de-court-nou\u00e9-sur-Fer-N-millerandage-2-scaled.jpg\",\"2048x2048\":\"https:\\\/\\\/www.vignevin.com\\\/wp-content\\\/uploads\\\/2019\\\/02\\\/Sympt\u00f4mes-de-court-nou\u00e9-sur-Fer-N-millerandage-2-scaled.jpg\",\"et-pb-post-main-image\":\"https:\\\/\\\/www.vignevin.com\\\/wp-content\\\/uploads\\\/2019\\\/02\\\/Sympt\u00f4mes-de-court-nou\u00e9-sur-Fer-N-millerandage-2-400x250.jpg\",\"et-pb-post-main-image-fullwidth\":\"https:\\\/\\\/www.vignevin.com\\\/wp-content\\\/uploads\\\/2019\\\/02\\\/Sympt\u00f4mes-de-court-nou\u00e9-sur-Fer-N-millerandage-2-1080x675.jpg\",\"et-pb-portfolio-image\":\"https:\\\/\\\/www.vignevin.com\\\/wp-content\\\/uploads\\\/2019\\\/02\\\/Sympt\u00f4mes-de-court-nou\u00e9-sur-Fer-N-millerandage-2-400x284.jpg\",\"et-pb-portfolio-module-image\":\"https:\\\/\\\/www.vignevin.com\\\/wp-content\\\/uploads\\\/2019\\\/02\\\/Sympt\u00f4mes-de-court-nou\u00e9-sur-Fer-N-millerandage-2-510x382.jpg\",\"et-pb-portfolio-image-single\":\"https:\\\/\\\/www.vignevin.com\\\/wp-content\\\/uploads\\\/2019\\\/02\\\/Sympt\u00f4mes-de-court-nou\u00e9-sur-Fer-N-millerandage-2-1080x1440.jpg\",\"et-pb-gallery-module-image-portrait\":\"https:\\\/\\\/www.vignevin.com\\\/wp-content\\\/uploads\\\/2019\\\/02\\\/Sympt\u00f4mes-de-court-nou\u00e9-sur-Fer-N-millerandage-2-400x516.jpg\",\"et-pb-post-main-image-fullwidth-large\":\"https:\\\/\\\/www.vignevin.com\\\/wp-content\\\/uploads\\\/2019\\\/02\\\/Sympt\u00f4mes-de-court-nou\u00e9-sur-Fer-N-millerandage-2-2880x1800.jpg\",\"et-pb-image--responsive--desktop\":\"https:\\\/\\\/www.vignevin.com\\\/wp-content\\\/uploads\\\/2019\\\/02\\\/Sympt\u00f4mes-de-court-nou\u00e9-sur-Fer-N-millerandage-2-scaled.jpg\",\"et-pb-image--responsive--tablet\":\"https:\\\/\\\/www.vignevin.com\\\/wp-content\\\/uploads\\\/2019\\\/02\\\/Sympt\u00f4mes-de-court-nou\u00e9-sur-Fer-N-millerandage-2-scaled.jpg\",\"et-pb-image--responsive--phone\":\"https:\\\/\\\/www.vignevin.com\\\/wp-content\\\/uploads\\\/2019\\\/02\\\/Sympt\u00f4mes-de-court-nou\u00e9-sur-Fer-N-millerandage-2-scaled.jpg\",\"gform-image-choice-sm\":\"https:\\\/\\\/www.vignevin.com\\\/wp-content\\\/uploads\\\/2019\\\/02\\\/Sympt\u00f4mes-de-court-nou\u00e9-sur-Fer-N-millerandage-2-scaled.jpg\",\"gform-image-choice-md\":\"https:\\\/\\\/www.vignevin.com\\\/wp-content\\\/uploads\\\/2019\\\/02\\\/Sympt\u00f4mes-de-court-nou\u00e9-sur-Fer-N-millerandage-2-scaled.jpg\",\"gform-image-choice-lg\":\"https:\\\/\\\/www.vignevin.com\\\/wp-content\\\/uploads\\\/2019\\\/02\\\/Sympt\u00f4mes-de-court-nou\u00e9-sur-Fer-N-millerandage-2-scaled.jpg\",\"woocommerce_thumbnail\":\"https:\\\/\\\/www.vignevin.com\\\/wp-content\\\/uploads\\\/2019\\\/02\\\/Sympt\u00f4mes-de-court-nou\u00e9-sur-Fer-N-millerandage-2-scaled-300x300.jpg\",\"woocommerce_single\":\"https:\\\/\\\/www.vignevin.com\\\/wp-content\\\/uploads\\\/2019\\\/02\\\/Sympt\u00f4mes-de-court-nou\u00e9-sur-Fer-N-millerandage-2-scaled-600x800.jpg\",\"woocommerce_gallery_thumbnail\":\"https:\\\/\\\/www.vignevin.com\\\/wp-content\\\/uploads\\\/2019\\\/02\\\/Sympt\u00f4mes-de-court-nou\u00e9-sur-Fer-N-millerandage-2-scaled-100x100.jpg\",\"full\":\"https:\\\/\\\/www.vignevin.com\\\/wp-content\\\/uploads\\\/2019\\\/02\\\/Sympt\u00f4mes-de-court-nou\u00e9-sur-Fer-N-millerandage-2-scaled.jpg\",\"index\":36,\"id\":9974,\"video\":false,\"opts\":{\"caption\":\"\",\"thumb\":\"https:\\\/\\\/www.vignevin.com\\\/wp-content\\\/uploads\\\/2019\\\/02\\\/Sympt\u00f4mes-de-court-nou\u00e9-sur-Fer-N-millerandage-2-scaled-75x50_c.jpg\",\"title\":\"Sympt&amp;ocirc;mes de court-nou&amp;eacute; sur Fer N millerandage (2)\"},\"gallery_id\":17410,\"gallery_title\":\"Grapevines virus\"},\"9975\":{\"status\":\"active\",\"src\":\"https:\\\/\\\/www.vignevin.com\\\/wp-content\\\/uploads\\\/2019\\\/02\\\/Sympt\u00f4mes-de-court-nou\u00e9-sur-Fer-N-millerandage-scaled.jpg\",\"title\":\"Sympt&amp;ocirc;mes de court-nou&amp;eacute; sur Fer N millerandage\",\"link\":\"https:\\\/\\\/www.vignevin.com\\\/wp-content\\\/uploads\\\/2019\\\/02\\\/Sympt\u00f4mes-de-court-nou\u00e9-sur-Fer-N-millerandage.jpg\",\"alt\":\"\",\"caption\":false,\"thumb\":\"https:\\\/\\\/www.vignevin.com\\\/wp-content\\\/uploads\\\/2019\\\/02\\\/Sympt\u00f4mes-de-court-nou\u00e9-sur-Fer-N-millerandage-scaled-75x50_c.jpg\",\"meta\":{\"aperture\":\"3.3\",\"credit\":null,\"camera\":\"DMC-TZ10\",\"caption\":\"\",\"created_timestamp\":\"1443439471\",\"copyright\":null,\"focal_length\":\"4.1\",\"iso\":\"80\",\"shutter_speed\":\"0.01\",\"title\":\"\",\"orientation\":\"1\",\"keywords\":null},\"thumbnail\":\"https:\\\/\\\/www.vignevin.com\\\/wp-content\\\/uploads\\\/2019\\\/02\\\/Sympt\u00f4mes-de-court-nou\u00e9-sur-Fer-N-millerandage-150x150.jpg\",\"medium\":\"https:\\\/\\\/www.vignevin.com\\\/wp-content\\\/uploads\\\/2019\\\/02\\\/Sympt\u00f4mes-de-court-nou\u00e9-sur-Fer-N-millerandage-225x300.jpg\",\"medium_large\":\"https:\\\/\\\/www.vignevin.com\\\/wp-content\\\/uploads\\\/2019\\\/02\\\/Sympt\u00f4mes-de-court-nou\u00e9-sur-Fer-N-millerandage-768x1024.jpg\",\"large\":\"https:\\\/\\\/www.vignevin.com\\\/wp-content\\\/uploads\\\/2019\\\/02\\\/Sympt\u00f4mes-de-court-nou\u00e9-sur-Fer-N-millerandage-768x1024.jpg\",\"1536x1536\":\"https:\\\/\\\/www.vignevin.com\\\/wp-content\\\/uploads\\\/2019\\\/02\\\/Sympt\u00f4mes-de-court-nou\u00e9-sur-Fer-N-millerandage-scaled.jpg\",\"2048x2048\":\"https:\\\/\\\/www.vignevin.com\\\/wp-content\\\/uploads\\\/2019\\\/02\\\/Sympt\u00f4mes-de-court-nou\u00e9-sur-Fer-N-millerandage-scaled.jpg\",\"et-pb-post-main-image\":\"https:\\\/\\\/www.vignevin.com\\\/wp-content\\\/uploads\\\/2019\\\/02\\\/Sympt\u00f4mes-de-court-nou\u00e9-sur-Fer-N-millerandage-400x250.jpg\",\"et-pb-post-main-image-fullwidth\":\"https:\\\/\\\/www.vignevin.com\\\/wp-content\\\/uploads\\\/2019\\\/02\\\/Sympt\u00f4mes-de-court-nou\u00e9-sur-Fer-N-millerandage-1080x675.jpg\",\"et-pb-portfolio-image\":\"https:\\\/\\\/www.vignevin.com\\\/wp-content\\\/uploads\\\/2019\\\/02\\\/Sympt\u00f4mes-de-court-nou\u00e9-sur-Fer-N-millerandage-400x284.jpg\",\"et-pb-portfolio-module-image\":\"https:\\\/\\\/www.vignevin.com\\\/wp-content\\\/uploads\\\/2019\\\/02\\\/Sympt\u00f4mes-de-court-nou\u00e9-sur-Fer-N-millerandage-510x382.jpg\",\"et-pb-portfolio-image-single\":\"https:\\\/\\\/www.vignevin.com\\\/wp-content\\\/uploads\\\/2019\\\/02\\\/Sympt\u00f4mes-de-court-nou\u00e9-sur-Fer-N-millerandage-1080x1440.jpg\",\"et-pb-gallery-module-image-portrait\":\"https:\\\/\\\/www.vignevin.com\\\/wp-content\\\/uploads\\\/2019\\\/02\\\/Sympt\u00f4mes-de-court-nou\u00e9-sur-Fer-N-millerandage-400x516.jpg\",\"et-pb-post-main-image-fullwidth-large\":\"https:\\\/\\\/www.vignevin.com\\\/wp-content\\\/uploads\\\/2019\\\/02\\\/Sympt\u00f4mes-de-court-nou\u00e9-sur-Fer-N-millerandage-2880x1800.jpg\",\"et-pb-image--responsive--desktop\":\"https:\\\/\\\/www.vignevin.com\\\/wp-content\\\/uploads\\\/2019\\\/02\\\/Sympt\u00f4mes-de-court-nou\u00e9-sur-Fer-N-millerandage-scaled.jpg\",\"et-pb-image--responsive--tablet\":\"https:\\\/\\\/www.vignevin.com\\\/wp-content\\\/uploads\\\/2019\\\/02\\\/Sympt\u00f4mes-de-court-nou\u00e9-sur-Fer-N-millerandage-scaled.jpg\",\"et-pb-image--responsive--phone\":\"https:\\\/\\\/www.vignevin.com\\\/wp-content\\\/uploads\\\/2019\\\/02\\\/Sympt\u00f4mes-de-court-nou\u00e9-sur-Fer-N-millerandage-scaled.jpg\",\"gform-image-choice-sm\":\"https:\\\/\\\/www.vignevin.com\\\/wp-content\\\/uploads\\\/2019\\\/02\\\/Sympt\u00f4mes-de-court-nou\u00e9-sur-Fer-N-millerandage-scaled.jpg\",\"gform-image-choice-md\":\"https:\\\/\\\/www.vignevin.com\\\/wp-content\\\/uploads\\\/2019\\\/02\\\/Sympt\u00f4mes-de-court-nou\u00e9-sur-Fer-N-millerandage-scaled.jpg\",\"gform-image-choice-lg\":\"https:\\\/\\\/www.vignevin.com\\\/wp-content\\\/uploads\\\/2019\\\/02\\\/Sympt\u00f4mes-de-court-nou\u00e9-sur-Fer-N-millerandage-scaled.jpg\",\"woocommerce_thumbnail\":\"https:\\\/\\\/www.vignevin.com\\\/wp-content\\\/uploads\\\/2019\\\/02\\\/Sympt\u00f4mes-de-court-nou\u00e9-sur-Fer-N-millerandage-scaled-300x300.jpg\",\"woocommerce_single\":\"https:\\\/\\\/www.vignevin.com\\\/wp-content\\\/uploads\\\/2019\\\/02\\\/Sympt\u00f4mes-de-court-nou\u00e9-sur-Fer-N-millerandage-scaled-600x800.jpg\",\"woocommerce_gallery_thumbnail\":\"https:\\\/\\\/www.vignevin.com\\\/wp-content\\\/uploads\\\/2019\\\/02\\\/Sympt\u00f4mes-de-court-nou\u00e9-sur-Fer-N-millerandage-scaled-100x100.jpg\",\"full\":\"https:\\\/\\\/www.vignevin.com\\\/wp-content\\\/uploads\\\/2019\\\/02\\\/Sympt\u00f4mes-de-court-nou\u00e9-sur-Fer-N-millerandage-scaled.jpg\",\"index\":37,\"id\":9975,\"video\":false,\"opts\":{\"caption\":\"\",\"thumb\":\"https:\\\/\\\/www.vignevin.com\\\/wp-content\\\/uploads\\\/2019\\\/02\\\/Sympt\u00f4mes-de-court-nou\u00e9-sur-Fer-N-millerandage-scaled-75x50_c.jpg\",\"title\":\"Sympt&amp;ocirc;mes de court-nou&amp;eacute; sur Fer N millerandage\"},\"gallery_id\":17410,\"gallery_title\":\"Grapevines virus\"},\"9976\":{\"status\":\"active\",\"src\":\"https:\\\/\\\/www.vignevin.com\\\/wp-content\\\/uploads\\\/2019\\\/02\\\/Sympt\u00f4mes-de-court-nou\u00e9-sur-galle-d\u00e9rinose.jpg\",\"title\":\"Sympt&amp;ocirc;mes de court-nou&amp;eacute; sur galle d&amp;amp;rsquo;&amp;eacute;rinose\",\"link\":\"https:\\\/\\\/www.vignevin.com\\\/wp-content\\\/uploads\\\/2019\\\/02\\\/Sympt\u00f4mes-de-court-nou\u00e9-sur-galle-d\u00e9rinose.jpg\",\"alt\":\"\",\"caption\":false,\"thumb\":\"https:\\\/\\\/www.vignevin.com\\\/wp-content\\\/uploads\\\/2019\\\/02\\\/Sympt\u00f4mes-de-court-nou\u00e9-sur-galle-d\u00e9rinose-75x50_c.jpg\",\"meta\":{\"aperture\":\"3.3\",\"credit\":null,\"camera\":\"DMC-TZ10\",\"caption\":\"\",\"created_timestamp\":\"1276196351\",\"copyright\":null,\"focal_length\":\"4.1\",\"iso\":\"400\",\"shutter_speed\":\"0.033333333333333\",\"title\":\"\",\"orientation\":\"1\",\"keywords\":null},\"thumbnail\":\"https:\\\/\\\/www.vignevin.com\\\/wp-content\\\/uploads\\\/2019\\\/02\\\/Sympt\u00f4mes-de-court-nou\u00e9-sur-galle-d\u00e9rinose-150x150.jpg\",\"medium\":\"https:\\\/\\\/www.vignevin.com\\\/wp-content\\\/uploads\\\/2019\\\/02\\\/Sympt\u00f4mes-de-court-nou\u00e9-sur-galle-d\u00e9rinose-300x225.jpg\",\"medium_large\":\"https:\\\/\\\/www.vignevin.com\\\/wp-content\\\/uploads\\\/2019\\\/02\\\/Sympt\u00f4mes-de-court-nou\u00e9-sur-galle-d\u00e9rinose-768x576.jpg\",\"large\":\"https:\\\/\\\/www.vignevin.com\\\/wp-content\\\/uploads\\\/2019\\\/02\\\/Sympt\u00f4mes-de-court-nou\u00e9-sur-galle-d\u00e9rinose-1024x768.jpg\",\"1536x1536\":\"https:\\\/\\\/www.vignevin.com\\\/wp-content\\\/uploads\\\/2019\\\/02\\\/Sympt\u00f4mes-de-court-nou\u00e9-sur-galle-d\u00e9rinose.jpg\",\"2048x2048\":\"https:\\\/\\\/www.vignevin.com\\\/wp-content\\\/uploads\\\/2019\\\/02\\\/Sympt\u00f4mes-de-court-nou\u00e9-sur-galle-d\u00e9rinose.jpg\",\"et-pb-post-main-image\":\"https:\\\/\\\/www.vignevin.com\\\/wp-content\\\/uploads\\\/2019\\\/02\\\/Sympt\u00f4mes-de-court-nou\u00e9-sur-galle-d\u00e9rinose-400x250.jpg\",\"et-pb-post-main-image-fullwidth\":\"https:\\\/\\\/www.vignevin.com\\\/wp-content\\\/uploads\\\/2019\\\/02\\\/Sympt\u00f4mes-de-court-nou\u00e9-sur-galle-d\u00e9rinose-1080x675.jpg\",\"et-pb-portfolio-image\":\"https:\\\/\\\/www.vignevin.com\\\/wp-content\\\/uploads\\\/2019\\\/02\\\/Sympt\u00f4mes-de-court-nou\u00e9-sur-galle-d\u00e9rinose-400x284.jpg\",\"et-pb-portfolio-module-image\":\"https:\\\/\\\/www.vignevin.com\\\/wp-content\\\/uploads\\\/2019\\\/02\\\/Sympt\u00f4mes-de-court-nou\u00e9-sur-galle-d\u00e9rinose-510x382.jpg\",\"et-pb-portfolio-image-single\":\"https:\\\/\\\/www.vignevin.com\\\/wp-content\\\/uploads\\\/2019\\\/02\\\/Sympt\u00f4mes-de-court-nou\u00e9-sur-galle-d\u00e9rinose-1080x810.jpg\",\"et-pb-gallery-module-image-portrait\":\"https:\\\/\\\/www.vignevin.com\\\/wp-content\\\/uploads\\\/2019\\\/02\\\/Sympt\u00f4mes-de-court-nou\u00e9-sur-galle-d\u00e9rinose-400x516.jpg\",\"et-pb-post-main-image-fullwidth-large\":\"https:\\\/\\\/www.vignevin.com\\\/wp-content\\\/uploads\\\/2019\\\/02\\\/Sympt\u00f4mes-de-court-nou\u00e9-sur-galle-d\u00e9rinose-2560x1800.jpg\",\"et-pb-image--responsive--desktop\":\"https:\\\/\\\/www.vignevin.com\\\/wp-content\\\/uploads\\\/2019\\\/02\\\/Sympt\u00f4mes-de-court-nou\u00e9-sur-galle-d\u00e9rinose.jpg\",\"et-pb-image--responsive--tablet\":\"https:\\\/\\\/www.vignevin.com\\\/wp-content\\\/uploads\\\/2019\\\/02\\\/Sympt\u00f4mes-de-court-nou\u00e9-sur-galle-d\u00e9rinose.jpg\",\"et-pb-image--responsive--phone\":\"https:\\\/\\\/www.vignevin.com\\\/wp-content\\\/uploads\\\/2019\\\/02\\\/Sympt\u00f4mes-de-court-nou\u00e9-sur-galle-d\u00e9rinose.jpg\",\"gform-image-choice-sm\":\"https:\\\/\\\/www.vignevin.com\\\/wp-content\\\/uploads\\\/2019\\\/02\\\/Sympt\u00f4mes-de-court-nou\u00e9-sur-galle-d\u00e9rinose.jpg\",\"gform-image-choice-md\":\"https:\\\/\\\/www.vignevin.com\\\/wp-content\\\/uploads\\\/2019\\\/02\\\/Sympt\u00f4mes-de-court-nou\u00e9-sur-galle-d\u00e9rinose.jpg\",\"gform-image-choice-lg\":\"https:\\\/\\\/www.vignevin.com\\\/wp-content\\\/uploads\\\/2019\\\/02\\\/Sympt\u00f4mes-de-court-nou\u00e9-sur-galle-d\u00e9rinose.jpg\",\"woocommerce_thumbnail\":\"https:\\\/\\\/www.vignevin.com\\\/wp-content\\\/uploads\\\/2019\\\/02\\\/Sympt\u00f4mes-de-court-nou\u00e9-sur-galle-d\u00e9rinose-300x300.jpg\",\"woocommerce_single\":\"https:\\\/\\\/www.vignevin.com\\\/wp-content\\\/uploads\\\/2019\\\/02\\\/Sympt\u00f4mes-de-court-nou\u00e9-sur-galle-d\u00e9rinose-600x450.jpg\",\"woocommerce_gallery_thumbnail\":\"https:\\\/\\\/www.vignevin.com\\\/wp-content\\\/uploads\\\/2019\\\/02\\\/Sympt\u00f4mes-de-court-nou\u00e9-sur-galle-d\u00e9rinose-100x100.jpg\",\"full\":\"https:\\\/\\\/www.vignevin.com\\\/wp-content\\\/uploads\\\/2019\\\/02\\\/Sympt\u00f4mes-de-court-nou\u00e9-sur-galle-d\u00e9rinose.jpg\",\"index\":38,\"id\":9976,\"video\":false,\"opts\":{\"caption\":\"\",\"thumb\":\"https:\\\/\\\/www.vignevin.com\\\/wp-content\\\/uploads\\\/2019\\\/02\\\/Sympt\u00f4mes-de-court-nou\u00e9-sur-galle-d\u00e9rinose-75x50_c.jpg\",\"title\":\"Sympt&amp;ocirc;mes de court-nou&amp;eacute; sur galle d&amp;amp;rsquo;&amp;eacute;rinose\"},\"gallery_id\":17410,\"gallery_title\":\"Grapevines virus\"},\"9977\":{\"status\":\"active\",\"src\":\"https:\\\/\\\/www.vignevin.com\\\/wp-content\\\/uploads\\\/2019\\\/02\\\/Sympt\u00f4mes-de-court-nou\u00e9-sur-grappes-coulure.jpg\",\"title\":\"Sympt&amp;ocirc;mes de court-nou&amp;eacute; sur grappes coulure\",\"link\":\"https:\\\/\\\/www.vignevin.com\\\/wp-content\\\/uploads\\\/2019\\\/02\\\/Sympt\u00f4mes-de-court-nou\u00e9-sur-grappes-coulure.jpg\",\"alt\":\"\",\"caption\":false,\"thumb\":\"https:\\\/\\\/www.vignevin.com\\\/wp-content\\\/uploads\\\/2019\\\/02\\\/Sympt\u00f4mes-de-court-nou\u00e9-sur-grappes-coulure-75x50_c.jpg\",\"meta\":{\"aperture\":\"3.3\",\"credit\":null,\"camera\":\"DMC-TZ10\",\"caption\":\"\",\"created_timestamp\":\"1341416100\",\"copyright\":null,\"focal_length\":\"4.1\",\"iso\":\"80\",\"shutter_speed\":\"0.005\",\"title\":\"\",\"orientation\":\"1\",\"keywords\":null},\"thumbnail\":\"https:\\\/\\\/www.vignevin.com\\\/wp-content\\\/uploads\\\/2019\\\/02\\\/Sympt\u00f4mes-de-court-nou\u00e9-sur-grappes-coulure-150x150.jpg\",\"medium\":\"https:\\\/\\\/www.vignevin.com\\\/wp-content\\\/uploads\\\/2019\\\/02\\\/Sympt\u00f4mes-de-court-nou\u00e9-sur-grappes-coulure-225x300.jpg\",\"medium_large\":\"https:\\\/\\\/www.vignevin.com\\\/wp-content\\\/uploads\\\/2019\\\/02\\\/Sympt\u00f4mes-de-court-nou\u00e9-sur-grappes-coulure-768x1024.jpg\",\"large\":\"https:\\\/\\\/www.vignevin.com\\\/wp-content\\\/uploads\\\/2019\\\/02\\\/Sympt\u00f4mes-de-court-nou\u00e9-sur-grappes-coulure-768x1024.jpg\",\"1536x1536\":\"https:\\\/\\\/www.vignevin.com\\\/wp-content\\\/uploads\\\/2019\\\/02\\\/Sympt\u00f4mes-de-court-nou\u00e9-sur-grappes-coulure.jpg\",\"2048x2048\":\"https:\\\/\\\/www.vignevin.com\\\/wp-content\\\/uploads\\\/2019\\\/02\\\/Sympt\u00f4mes-de-court-nou\u00e9-sur-grappes-coulure.jpg\",\"et-pb-post-main-image\":\"https:\\\/\\\/www.vignevin.com\\\/wp-content\\\/uploads\\\/2019\\\/02\\\/Sympt\u00f4mes-de-court-nou\u00e9-sur-grappes-coulure-400x250.jpg\",\"et-pb-post-main-image-fullwidth\":\"https:\\\/\\\/www.vignevin.com\\\/wp-content\\\/uploads\\\/2019\\\/02\\\/Sympt\u00f4mes-de-court-nou\u00e9-sur-grappes-coulure-1080x675.jpg\",\"et-pb-portfolio-image\":\"https:\\\/\\\/www.vignevin.com\\\/wp-content\\\/uploads\\\/2019\\\/02\\\/Sympt\u00f4mes-de-court-nou\u00e9-sur-grappes-coulure-400x284.jpg\",\"et-pb-portfolio-module-image\":\"https:\\\/\\\/www.vignevin.com\\\/wp-content\\\/uploads\\\/2019\\\/02\\\/Sympt\u00f4mes-de-court-nou\u00e9-sur-grappes-coulure-510x382.jpg\",\"et-pb-portfolio-image-single\":\"https:\\\/\\\/www.vignevin.com\\\/wp-content\\\/uploads\\\/2019\\\/02\\\/Sympt\u00f4mes-de-court-nou\u00e9-sur-grappes-coulure-1080x1440.jpg\",\"et-pb-gallery-module-image-portrait\":\"https:\\\/\\\/www.vignevin.com\\\/wp-content\\\/uploads\\\/2019\\\/02\\\/Sympt\u00f4mes-de-court-nou\u00e9-sur-grappes-coulure-400x516.jpg\",\"et-pb-post-main-image-fullwidth-large\":\"https:\\\/\\\/www.vignevin.com\\\/wp-content\\\/uploads\\\/2019\\\/02\\\/Sympt\u00f4mes-de-court-nou\u00e9-sur-grappes-coulure-1536x1800.jpg\",\"et-pb-image--responsive--desktop\":\"https:\\\/\\\/www.vignevin.com\\\/wp-content\\\/uploads\\\/2019\\\/02\\\/Sympt\u00f4mes-de-court-nou\u00e9-sur-grappes-coulure.jpg\",\"et-pb-image--responsive--tablet\":\"https:\\\/\\\/www.vignevin.com\\\/wp-content\\\/uploads\\\/2019\\\/02\\\/Sympt\u00f4mes-de-court-nou\u00e9-sur-grappes-coulure.jpg\",\"et-pb-image--responsive--phone\":\"https:\\\/\\\/www.vignevin.com\\\/wp-content\\\/uploads\\\/2019\\\/02\\\/Sympt\u00f4mes-de-court-nou\u00e9-sur-grappes-coulure.jpg\",\"gform-image-choice-sm\":\"https:\\\/\\\/www.vignevin.com\\\/wp-content\\\/uploads\\\/2019\\\/02\\\/Sympt\u00f4mes-de-court-nou\u00e9-sur-grappes-coulure.jpg\",\"gform-image-choice-md\":\"https:\\\/\\\/www.vignevin.com\\\/wp-content\\\/uploads\\\/2019\\\/02\\\/Sympt\u00f4mes-de-court-nou\u00e9-sur-grappes-coulure.jpg\",\"gform-image-choice-lg\":\"https:\\\/\\\/www.vignevin.com\\\/wp-content\\\/uploads\\\/2019\\\/02\\\/Sympt\u00f4mes-de-court-nou\u00e9-sur-grappes-coulure.jpg\",\"woocommerce_thumbnail\":\"https:\\\/\\\/www.vignevin.com\\\/wp-content\\\/uploads\\\/2019\\\/02\\\/Sympt\u00f4mes-de-court-nou\u00e9-sur-grappes-coulure-300x300.jpg\",\"woocommerce_single\":\"https:\\\/\\\/www.vignevin.com\\\/wp-content\\\/uploads\\\/2019\\\/02\\\/Sympt\u00f4mes-de-court-nou\u00e9-sur-grappes-coulure-600x800.jpg\",\"woocommerce_gallery_thumbnail\":\"https:\\\/\\\/www.vignevin.com\\\/wp-content\\\/uploads\\\/2019\\\/02\\\/Sympt\u00f4mes-de-court-nou\u00e9-sur-grappes-coulure-100x100.jpg\",\"full\":\"https:\\\/\\\/www.vignevin.com\\\/wp-content\\\/uploads\\\/2019\\\/02\\\/Sympt\u00f4mes-de-court-nou\u00e9-sur-grappes-coulure.jpg\",\"index\":39,\"id\":9977,\"video\":false,\"opts\":{\"caption\":\"\",\"thumb\":\"https:\\\/\\\/www.vignevin.com\\\/wp-content\\\/uploads\\\/2019\\\/02\\\/Sympt\u00f4mes-de-court-nou\u00e9-sur-grappes-coulure-75x50_c.jpg\",\"title\":\"Sympt&amp;ocirc;mes de court-nou&amp;eacute; sur grappes coulure\"},\"gallery_id\":17410,\"gallery_title\":\"Grapevines virus\"},\"9978\":{\"status\":\"active\",\"src\":\"https:\\\/\\\/www.vignevin.com\\\/wp-content\\\/uploads\\\/2019\\\/02\\\/Sympt\u00f4mes-de-court-nou\u00e9-sur-Juran\u00e7on-noir-panachure-scaled.jpg\",\"title\":\"Sympt&amp;ocirc;mes de court-nou&amp;eacute; sur Juran&amp;ccedil;on noir panachure\",\"link\":\"https:\\\/\\\/www.vignevin.com\\\/wp-content\\\/uploads\\\/2019\\\/02\\\/Sympt\u00f4mes-de-court-nou\u00e9-sur-Juran\u00e7on-noir-panachure.jpg\",\"alt\":\"\",\"caption\":false,\"thumb\":\"https:\\\/\\\/www.vignevin.com\\\/wp-content\\\/uploads\\\/2019\\\/02\\\/Sympt\u00f4mes-de-court-nou\u00e9-sur-Juran\u00e7on-noir-panachure-scaled-75x50_c.jpg\",\"meta\":{\"aperture\":\"5\",\"credit\":null,\"camera\":\"DMC-TZ10\",\"caption\":\"\",\"created_timestamp\":\"1432738218\",\"copyright\":null,\"focal_length\":\"4.1\",\"iso\":\"80\",\"shutter_speed\":\"0.002\",\"title\":\"\",\"orientation\":\"1\",\"keywords\":null},\"thumbnail\":\"https:\\\/\\\/www.vignevin.com\\\/wp-content\\\/uploads\\\/2019\\\/02\\\/Sympt\u00f4mes-de-court-nou\u00e9-sur-Juran\u00e7on-noir-panachure-150x150.jpg\",\"medium\":\"https:\\\/\\\/www.vignevin.com\\\/wp-content\\\/uploads\\\/2019\\\/02\\\/Sympt\u00f4mes-de-court-nou\u00e9-sur-Juran\u00e7on-noir-panachure-225x300.jpg\",\"medium_large\":\"https:\\\/\\\/www.vignevin.com\\\/wp-content\\\/uploads\\\/2019\\\/02\\\/Sympt\u00f4mes-de-court-nou\u00e9-sur-Juran\u00e7on-noir-panachure-768x1024.jpg\",\"large\":\"https:\\\/\\\/www.vignevin.com\\\/wp-content\\\/uploads\\\/2019\\\/02\\\/Sympt\u00f4mes-de-court-nou\u00e9-sur-Juran\u00e7on-noir-panachure-768x1024.jpg\",\"1536x1536\":\"https:\\\/\\\/www.vignevin.com\\\/wp-content\\\/uploads\\\/2019\\\/02\\\/Sympt\u00f4mes-de-court-nou\u00e9-sur-Juran\u00e7on-noir-panachure-scaled.jpg\",\"2048x2048\":\"https:\\\/\\\/www.vignevin.com\\\/wp-content\\\/uploads\\\/2019\\\/02\\\/Sympt\u00f4mes-de-court-nou\u00e9-sur-Juran\u00e7on-noir-panachure-scaled.jpg\",\"et-pb-post-main-image\":\"https:\\\/\\\/www.vignevin.com\\\/wp-content\\\/uploads\\\/2019\\\/02\\\/Sympt\u00f4mes-de-court-nou\u00e9-sur-Juran\u00e7on-noir-panachure-400x250.jpg\",\"et-pb-post-main-image-fullwidth\":\"https:\\\/\\\/www.vignevin.com\\\/wp-content\\\/uploads\\\/2019\\\/02\\\/Sympt\u00f4mes-de-court-nou\u00e9-sur-Juran\u00e7on-noir-panachure-1080x675.jpg\",\"et-pb-portfolio-image\":\"https:\\\/\\\/www.vignevin.com\\\/wp-content\\\/uploads\\\/2019\\\/02\\\/Sympt\u00f4mes-de-court-nou\u00e9-sur-Juran\u00e7on-noir-panachure-400x284.jpg\",\"et-pb-portfolio-module-image\":\"https:\\\/\\\/www.vignevin.com\\\/wp-content\\\/uploads\\\/2019\\\/02\\\/Sympt\u00f4mes-de-court-nou\u00e9-sur-Juran\u00e7on-noir-panachure-510x382.jpg\",\"et-pb-portfolio-image-single\":\"https:\\\/\\\/www.vignevin.com\\\/wp-content\\\/uploads\\\/2019\\\/02\\\/Sympt\u00f4mes-de-court-nou\u00e9-sur-Juran\u00e7on-noir-panachure-1080x1440.jpg\",\"et-pb-gallery-module-image-portrait\":\"https:\\\/\\\/www.vignevin.com\\\/wp-content\\\/uploads\\\/2019\\\/02\\\/Sympt\u00f4mes-de-court-nou\u00e9-sur-Juran\u00e7on-noir-panachure-400x516.jpg\",\"et-pb-post-main-image-fullwidth-large\":\"https:\\\/\\\/www.vignevin.com\\\/wp-content\\\/uploads\\\/2019\\\/02\\\/Sympt\u00f4mes-de-court-nou\u00e9-sur-Juran\u00e7on-noir-panachure-2880x1800.jpg\",\"et-pb-image--responsive--desktop\":\"https:\\\/\\\/www.vignevin.com\\\/wp-content\\\/uploads\\\/2019\\\/02\\\/Sympt\u00f4mes-de-court-nou\u00e9-sur-Juran\u00e7on-noir-panachure-scaled.jpg\",\"et-pb-image--responsive--tablet\":\"https:\\\/\\\/www.vignevin.com\\\/wp-content\\\/uploads\\\/2019\\\/02\\\/Sympt\u00f4mes-de-court-nou\u00e9-sur-Juran\u00e7on-noir-panachure-scaled.jpg\",\"et-pb-image--responsive--phone\":\"https:\\\/\\\/www.vignevin.com\\\/wp-content\\\/uploads\\\/2019\\\/02\\\/Sympt\u00f4mes-de-court-nou\u00e9-sur-Juran\u00e7on-noir-panachure-scaled.jpg\",\"gform-image-choice-sm\":\"https:\\\/\\\/www.vignevin.com\\\/wp-content\\\/uploads\\\/2019\\\/02\\\/Sympt\u00f4mes-de-court-nou\u00e9-sur-Juran\u00e7on-noir-panachure-scaled.jpg\",\"gform-image-choice-md\":\"https:\\\/\\\/www.vignevin.com\\\/wp-content\\\/uploads\\\/2019\\\/02\\\/Sympt\u00f4mes-de-court-nou\u00e9-sur-Juran\u00e7on-noir-panachure-scaled.jpg\",\"gform-image-choice-lg\":\"https:\\\/\\\/www.vignevin.com\\\/wp-content\\\/uploads\\\/2019\\\/02\\\/Sympt\u00f4mes-de-court-nou\u00e9-sur-Juran\u00e7on-noir-panachure-scaled.jpg\",\"woocommerce_thumbnail\":\"https:\\\/\\\/www.vignevin.com\\\/wp-content\\\/uploads\\\/2019\\\/02\\\/Sympt\u00f4mes-de-court-nou\u00e9-sur-Juran\u00e7on-noir-panachure-scaled-300x300.jpg\",\"woocommerce_single\":\"https:\\\/\\\/www.vignevin.com\\\/wp-content\\\/uploads\\\/2019\\\/02\\\/Sympt\u00f4mes-de-court-nou\u00e9-sur-Juran\u00e7on-noir-panachure-scaled-600x800.jpg\",\"woocommerce_gallery_thumbnail\":\"https:\\\/\\\/www.vignevin.com\\\/wp-content\\\/uploads\\\/2019\\\/02\\\/Sympt\u00f4mes-de-court-nou\u00e9-sur-Juran\u00e7on-noir-panachure-scaled-100x100.jpg\",\"full\":\"https:\\\/\\\/www.vignevin.com\\\/wp-content\\\/uploads\\\/2019\\\/02\\\/Sympt\u00f4mes-de-court-nou\u00e9-sur-Juran\u00e7on-noir-panachure-scaled.jpg\",\"index\":40,\"id\":9978,\"video\":false,\"opts\":{\"caption\":\"\",\"thumb\":\"https:\\\/\\\/www.vignevin.com\\\/wp-content\\\/uploads\\\/2019\\\/02\\\/Sympt\u00f4mes-de-court-nou\u00e9-sur-Juran\u00e7on-noir-panachure-scaled-75x50_c.jpg\",\"title\":\"Sympt&amp;ocirc;mes de court-nou&amp;eacute; sur Juran&amp;ccedil;on noir panachure\"},\"gallery_id\":17410,\"gallery_title\":\"Grapevines virus\"},\"9979\":{\"status\":\"active\",\"src\":\"https:\\\/\\\/www.vignevin.com\\\/wp-content\\\/uploads\\\/2019\\\/02\\\/Sympt\u00f4mes-de-court-nou\u00e9-sur-Juran\u00e7on-noir-2-scaled.jpg\",\"title\":\"Sympt&amp;ocirc;mes de court-nou&amp;eacute; sur Juran&amp;ccedil;on noir (2)\",\"link\":\"https:\\\/\\\/www.vignevin.com\\\/wp-content\\\/uploads\\\/2019\\\/02\\\/Sympt\u00f4mes-de-court-nou\u00e9-sur-Juran\u00e7on-noir-2.jpg\",\"alt\":\"\",\"caption\":false,\"thumb\":\"https:\\\/\\\/www.vignevin.com\\\/wp-content\\\/uploads\\\/2019\\\/02\\\/Sympt\u00f4mes-de-court-nou\u00e9-sur-Juran\u00e7on-noir-2-scaled-75x50_c.jpg\",\"meta\":{\"aperture\":\"3.3\",\"credit\":null,\"camera\":\"DMC-TZ10\",\"caption\":\"\",\"created_timestamp\":\"1466149740\",\"copyright\":null,\"focal_length\":\"4.1\",\"iso\":\"125\",\"shutter_speed\":\"0.01\",\"title\":\"\",\"orientation\":\"1\",\"keywords\":null},\"thumbnail\":\"https:\\\/\\\/www.vignevin.com\\\/wp-content\\\/uploads\\\/2019\\\/02\\\/Sympt\u00f4mes-de-court-nou\u00e9-sur-Juran\u00e7on-noir-2-150x150.jpg\",\"medium\":\"https:\\\/\\\/www.vignevin.com\\\/wp-content\\\/uploads\\\/2019\\\/02\\\/Sympt\u00f4mes-de-court-nou\u00e9-sur-Juran\u00e7on-noir-2-225x300.jpg\",\"medium_large\":\"https:\\\/\\\/www.vignevin.com\\\/wp-content\\\/uploads\\\/2019\\\/02\\\/Sympt\u00f4mes-de-court-nou\u00e9-sur-Juran\u00e7on-noir-2-768x1024.jpg\",\"large\":\"https:\\\/\\\/www.vignevin.com\\\/wp-content\\\/uploads\\\/2019\\\/02\\\/Sympt\u00f4mes-de-court-nou\u00e9-sur-Juran\u00e7on-noir-2-768x1024.jpg\",\"1536x1536\":\"https:\\\/\\\/www.vignevin.com\\\/wp-content\\\/uploads\\\/2019\\\/02\\\/Sympt\u00f4mes-de-court-nou\u00e9-sur-Juran\u00e7on-noir-2-scaled.jpg\",\"2048x2048\":\"https:\\\/\\\/www.vignevin.com\\\/wp-content\\\/uploads\\\/2019\\\/02\\\/Sympt\u00f4mes-de-court-nou\u00e9-sur-Juran\u00e7on-noir-2-scaled.jpg\",\"et-pb-post-main-image\":\"https:\\\/\\\/www.vignevin.com\\\/wp-content\\\/uploads\\\/2019\\\/02\\\/Sympt\u00f4mes-de-court-nou\u00e9-sur-Juran\u00e7on-noir-2-400x250.jpg\",\"et-pb-post-main-image-fullwidth\":\"https:\\\/\\\/www.vignevin.com\\\/wp-content\\\/uploads\\\/2019\\\/02\\\/Sympt\u00f4mes-de-court-nou\u00e9-sur-Juran\u00e7on-noir-2-1080x675.jpg\",\"et-pb-portfolio-image\":\"https:\\\/\\\/www.vignevin.com\\\/wp-content\\\/uploads\\\/2019\\\/02\\\/Sympt\u00f4mes-de-court-nou\u00e9-sur-Juran\u00e7on-noir-2-400x284.jpg\",\"et-pb-portfolio-module-image\":\"https:\\\/\\\/www.vignevin.com\\\/wp-content\\\/uploads\\\/2019\\\/02\\\/Sympt\u00f4mes-de-court-nou\u00e9-sur-Juran\u00e7on-noir-2-510x382.jpg\",\"et-pb-portfolio-image-single\":\"https:\\\/\\\/www.vignevin.com\\\/wp-content\\\/uploads\\\/2019\\\/02\\\/Sympt\u00f4mes-de-court-nou\u00e9-sur-Juran\u00e7on-noir-2-1080x1440.jpg\",\"et-pb-gallery-module-image-portrait\":\"https:\\\/\\\/www.vignevin.com\\\/wp-content\\\/uploads\\\/2019\\\/02\\\/Sympt\u00f4mes-de-court-nou\u00e9-sur-Juran\u00e7on-noir-2-400x516.jpg\",\"et-pb-post-main-image-fullwidth-large\":\"https:\\\/\\\/www.vignevin.com\\\/wp-content\\\/uploads\\\/2019\\\/02\\\/Sympt\u00f4mes-de-court-nou\u00e9-sur-Juran\u00e7on-noir-2-2880x1800.jpg\",\"et-pb-image--responsive--desktop\":\"https:\\\/\\\/www.vignevin.com\\\/wp-content\\\/uploads\\\/2019\\\/02\\\/Sympt\u00f4mes-de-court-nou\u00e9-sur-Juran\u00e7on-noir-2-scaled.jpg\",\"et-pb-image--responsive--tablet\":\"https:\\\/\\\/www.vignevin.com\\\/wp-content\\\/uploads\\\/2019\\\/02\\\/Sympt\u00f4mes-de-court-nou\u00e9-sur-Juran\u00e7on-noir-2-scaled.jpg\",\"et-pb-image--responsive--phone\":\"https:\\\/\\\/www.vignevin.com\\\/wp-content\\\/uploads\\\/2019\\\/02\\\/Sympt\u00f4mes-de-court-nou\u00e9-sur-Juran\u00e7on-noir-2-scaled.jpg\",\"gform-image-choice-sm\":\"https:\\\/\\\/www.vignevin.com\\\/wp-content\\\/uploads\\\/2019\\\/02\\\/Sympt\u00f4mes-de-court-nou\u00e9-sur-Juran\u00e7on-noir-2-scaled.jpg\",\"gform-image-choice-md\":\"https:\\\/\\\/www.vignevin.com\\\/wp-content\\\/uploads\\\/2019\\\/02\\\/Sympt\u00f4mes-de-court-nou\u00e9-sur-Juran\u00e7on-noir-2-scaled.jpg\",\"gform-image-choice-lg\":\"https:\\\/\\\/www.vignevin.com\\\/wp-content\\\/uploads\\\/2019\\\/02\\\/Sympt\u00f4mes-de-court-nou\u00e9-sur-Juran\u00e7on-noir-2-scaled.jpg\",\"woocommerce_thumbnail\":\"https:\\\/\\\/www.vignevin.com\\\/wp-content\\\/uploads\\\/2019\\\/02\\\/Sympt\u00f4mes-de-court-nou\u00e9-sur-Juran\u00e7on-noir-2-scaled-300x300.jpg\",\"woocommerce_single\":\"https:\\\/\\\/www.vignevin.com\\\/wp-content\\\/uploads\\\/2019\\\/02\\\/Sympt\u00f4mes-de-court-nou\u00e9-sur-Juran\u00e7on-noir-2-scaled-600x800.jpg\",\"woocommerce_gallery_thumbnail\":\"https:\\\/\\\/www.vignevin.com\\\/wp-content\\\/uploads\\\/2019\\\/02\\\/Sympt\u00f4mes-de-court-nou\u00e9-sur-Juran\u00e7on-noir-2-scaled-100x100.jpg\",\"full\":\"https:\\\/\\\/www.vignevin.com\\\/wp-content\\\/uploads\\\/2019\\\/02\\\/Sympt\u00f4mes-de-court-nou\u00e9-sur-Juran\u00e7on-noir-2-scaled.jpg\",\"index\":41,\"id\":9979,\"video\":false,\"opts\":{\"caption\":\"\",\"thumb\":\"https:\\\/\\\/www.vignevin.com\\\/wp-content\\\/uploads\\\/2019\\\/02\\\/Sympt\u00f4mes-de-court-nou\u00e9-sur-Juran\u00e7on-noir-2-scaled-75x50_c.jpg\",\"title\":\"Sympt&amp;ocirc;mes de court-nou&amp;eacute; sur Juran&amp;ccedil;on noir (2)\"},\"gallery_id\":17410,\"gallery_title\":\"Grapevines virus\"},\"9980\":{\"status\":\"active\",\"src\":\"https:\\\/\\\/www.vignevin.com\\\/wp-content\\\/uploads\\\/2019\\\/02\\\/Sympt\u00f4mes-de-court-nou\u00e9-sur-Juran\u00e7on-noir-3.jpg\",\"title\":\"Sympt&amp;ocirc;mes de court-nou&amp;eacute; sur Juran&amp;ccedil;on noir (3)\",\"link\":\"https:\\\/\\\/www.vignevin.com\\\/wp-content\\\/uploads\\\/2019\\\/02\\\/Sympt\u00f4mes-de-court-nou\u00e9-sur-Juran\u00e7on-noir-3.jpg\",\"alt\":\"\",\"caption\":false,\"thumb\":\"https:\\\/\\\/www.vignevin.com\\\/wp-content\\\/uploads\\\/2019\\\/02\\\/Sympt\u00f4mes-de-court-nou\u00e9-sur-Juran\u00e7on-noir-3-75x50_c.jpg\",\"meta\":{\"aperture\":\"4\",\"credit\":null,\"camera\":\"DMC-TZ10\",\"caption\":\"\",\"created_timestamp\":\"1313751034\",\"copyright\":null,\"focal_length\":\"4.1\",\"iso\":\"80\",\"shutter_speed\":\"0.00625\",\"title\":\"\",\"orientation\":\"1\",\"keywords\":null},\"thumbnail\":\"https:\\\/\\\/www.vignevin.com\\\/wp-content\\\/uploads\\\/2019\\\/02\\\/Sympt\u00f4mes-de-court-nou\u00e9-sur-Juran\u00e7on-noir-3-150x150.jpg\",\"medium\":\"https:\\\/\\\/www.vignevin.com\\\/wp-content\\\/uploads\\\/2019\\\/02\\\/Sympt\u00f4mes-de-court-nou\u00e9-sur-Juran\u00e7on-noir-3-300x225.jpg\",\"medium_large\":\"https:\\\/\\\/www.vignevin.com\\\/wp-content\\\/uploads\\\/2019\\\/02\\\/Sympt\u00f4mes-de-court-nou\u00e9-sur-Juran\u00e7on-noir-3-768x576.jpg\",\"large\":\"https:\\\/\\\/www.vignevin.com\\\/wp-content\\\/uploads\\\/2019\\\/02\\\/Sympt\u00f4mes-de-court-nou\u00e9-sur-Juran\u00e7on-noir-3-1024x768.jpg\",\"1536x1536\":\"https:\\\/\\\/www.vignevin.com\\\/wp-content\\\/uploads\\\/2019\\\/02\\\/Sympt\u00f4mes-de-court-nou\u00e9-sur-Juran\u00e7on-noir-3.jpg\",\"2048x2048\":\"https:\\\/\\\/www.vignevin.com\\\/wp-content\\\/uploads\\\/2019\\\/02\\\/Sympt\u00f4mes-de-court-nou\u00e9-sur-Juran\u00e7on-noir-3.jpg\",\"et-pb-post-main-image\":\"https:\\\/\\\/www.vignevin.com\\\/wp-content\\\/uploads\\\/2019\\\/02\\\/Sympt\u00f4mes-de-court-nou\u00e9-sur-Juran\u00e7on-noir-3-400x250.jpg\",\"et-pb-post-main-image-fullwidth\":\"https:\\\/\\\/www.vignevin.com\\\/wp-content\\\/uploads\\\/2019\\\/02\\\/Sympt\u00f4mes-de-court-nou\u00e9-sur-Juran\u00e7on-noir-3-1080x675.jpg\",\"et-pb-portfolio-image\":\"https:\\\/\\\/www.vignevin.com\\\/wp-content\\\/uploads\\\/2019\\\/02\\\/Sympt\u00f4mes-de-court-nou\u00e9-sur-Juran\u00e7on-noir-3-400x284.jpg\",\"et-pb-portfolio-module-image\":\"https:\\\/\\\/www.vignevin.com\\\/wp-content\\\/uploads\\\/2019\\\/02\\\/Sympt\u00f4mes-de-court-nou\u00e9-sur-Juran\u00e7on-noir-3-510x382.jpg\",\"et-pb-portfolio-image-single\":\"https:\\\/\\\/www.vignevin.com\\\/wp-content\\\/uploads\\\/2019\\\/02\\\/Sympt\u00f4mes-de-court-nou\u00e9-sur-Juran\u00e7on-noir-3-1080x810.jpg\",\"et-pb-gallery-module-image-portrait\":\"https:\\\/\\\/www.vignevin.com\\\/wp-content\\\/uploads\\\/2019\\\/02\\\/Sympt\u00f4mes-de-court-nou\u00e9-sur-Juran\u00e7on-noir-3-400x516.jpg\",\"et-pb-post-main-image-fullwidth-large\":\"https:\\\/\\\/www.vignevin.com\\\/wp-content\\\/uploads\\\/2019\\\/02\\\/Sympt\u00f4mes-de-court-nou\u00e9-sur-Juran\u00e7on-noir-3-2560x1800.jpg\",\"et-pb-image--responsive--desktop\":\"https:\\\/\\\/www.vignevin.com\\\/wp-content\\\/uploads\\\/2019\\\/02\\\/Sympt\u00f4mes-de-court-nou\u00e9-sur-Juran\u00e7on-noir-3.jpg\",\"et-pb-image--responsive--tablet\":\"https:\\\/\\\/www.vignevin.com\\\/wp-content\\\/uploads\\\/2019\\\/02\\\/Sympt\u00f4mes-de-court-nou\u00e9-sur-Juran\u00e7on-noir-3.jpg\",\"et-pb-image--responsive--phone\":\"https:\\\/\\\/www.vignevin.com\\\/wp-content\\\/uploads\\\/2019\\\/02\\\/Sympt\u00f4mes-de-court-nou\u00e9-sur-Juran\u00e7on-noir-3.jpg\",\"gform-image-choice-sm\":\"https:\\\/\\\/www.vignevin.com\\\/wp-content\\\/uploads\\\/2019\\\/02\\\/Sympt\u00f4mes-de-court-nou\u00e9-sur-Juran\u00e7on-noir-3.jpg\",\"gform-image-choice-md\":\"https:\\\/\\\/www.vignevin.com\\\/wp-content\\\/uploads\\\/2019\\\/02\\\/Sympt\u00f4mes-de-court-nou\u00e9-sur-Juran\u00e7on-noir-3.jpg\",\"gform-image-choice-lg\":\"https:\\\/\\\/www.vignevin.com\\\/wp-content\\\/uploads\\\/2019\\\/02\\\/Sympt\u00f4mes-de-court-nou\u00e9-sur-Juran\u00e7on-noir-3.jpg\",\"woocommerce_thumbnail\":\"https:\\\/\\\/www.vignevin.com\\\/wp-content\\\/uploads\\\/2019\\\/02\\\/Sympt\u00f4mes-de-court-nou\u00e9-sur-Juran\u00e7on-noir-3-300x300.jpg\",\"woocommerce_single\":\"https:\\\/\\\/www.vignevin.com\\\/wp-content\\\/uploads\\\/2019\\\/02\\\/Sympt\u00f4mes-de-court-nou\u00e9-sur-Juran\u00e7on-noir-3-600x450.jpg\",\"woocommerce_gallery_thumbnail\":\"https:\\\/\\\/www.vignevin.com\\\/wp-content\\\/uploads\\\/2019\\\/02\\\/Sympt\u00f4mes-de-court-nou\u00e9-sur-Juran\u00e7on-noir-3-100x100.jpg\",\"full\":\"https:\\\/\\\/www.vignevin.com\\\/wp-content\\\/uploads\\\/2019\\\/02\\\/Sympt\u00f4mes-de-court-nou\u00e9-sur-Juran\u00e7on-noir-3.jpg\",\"index\":42,\"id\":9980,\"video\":false,\"opts\":{\"caption\":\"\",\"thumb\":\"https:\\\/\\\/www.vignevin.com\\\/wp-content\\\/uploads\\\/2019\\\/02\\\/Sympt\u00f4mes-de-court-nou\u00e9-sur-Juran\u00e7on-noir-3-75x50_c.jpg\",\"title\":\"Sympt&amp;ocirc;mes de court-nou&amp;eacute; sur Juran&amp;ccedil;on noir (3)\"},\"gallery_id\":17410,\"gallery_title\":\"Grapevines virus\"},\"9981\":{\"status\":\"active\",\"src\":\"https:\\\/\\\/www.vignevin.com\\\/wp-content\\\/uploads\\\/2019\\\/02\\\/Sympt\u00f4mes-de-court-nou\u00e9-sur-Juran\u00e7on-noir-scaled.jpg\",\"title\":\"Sympt&amp;ocirc;mes de court-nou&amp;eacute; sur Juran&amp;ccedil;on noir\",\"link\":\"https:\\\/\\\/www.vignevin.com\\\/wp-content\\\/uploads\\\/2019\\\/02\\\/Sympt\u00f4mes-de-court-nou\u00e9-sur-Juran\u00e7on-noir.jpg\",\"alt\":\"\",\"caption\":false,\"thumb\":\"https:\\\/\\\/www.vignevin.com\\\/wp-content\\\/uploads\\\/2019\\\/02\\\/Sympt\u00f4mes-de-court-nou\u00e9-sur-Juran\u00e7on-noir-scaled-75x50_c.jpg\",\"meta\":{\"aperture\":\"3.3\",\"credit\":null,\"camera\":\"DMC-TZ10\",\"caption\":\"\",\"created_timestamp\":\"1466149698\",\"copyright\":null,\"focal_length\":\"4.1\",\"iso\":\"80\",\"shutter_speed\":\"0.0125\",\"title\":\"\",\"orientation\":\"1\",\"keywords\":null},\"thumbnail\":\"https:\\\/\\\/www.vignevin.com\\\/wp-content\\\/uploads\\\/2019\\\/02\\\/Sympt\u00f4mes-de-court-nou\u00e9-sur-Juran\u00e7on-noir-150x150.jpg\",\"medium\":\"https:\\\/\\\/www.vignevin.com\\\/wp-content\\\/uploads\\\/2019\\\/02\\\/Sympt\u00f4mes-de-court-nou\u00e9-sur-Juran\u00e7on-noir-225x300.jpg\",\"medium_large\":\"https:\\\/\\\/www.vignevin.com\\\/wp-content\\\/uploads\\\/2019\\\/02\\\/Sympt\u00f4mes-de-court-nou\u00e9-sur-Juran\u00e7on-noir-768x1024.jpg\",\"large\":\"https:\\\/\\\/www.vignevin.com\\\/wp-content\\\/uploads\\\/2019\\\/02\\\/Sympt\u00f4mes-de-court-nou\u00e9-sur-Juran\u00e7on-noir-768x1024.jpg\",\"1536x1536\":\"https:\\\/\\\/www.vignevin.com\\\/wp-content\\\/uploads\\\/2019\\\/02\\\/Sympt\u00f4mes-de-court-nou\u00e9-sur-Juran\u00e7on-noir-scaled.jpg\",\"2048x2048\":\"https:\\\/\\\/www.vignevin.com\\\/wp-content\\\/uploads\\\/2019\\\/02\\\/Sympt\u00f4mes-de-court-nou\u00e9-sur-Juran\u00e7on-noir-scaled.jpg\",\"et-pb-post-main-image\":\"https:\\\/\\\/www.vignevin.com\\\/wp-content\\\/uploads\\\/2019\\\/02\\\/Sympt\u00f4mes-de-court-nou\u00e9-sur-Juran\u00e7on-noir-400x250.jpg\",\"et-pb-post-main-image-fullwidth\":\"https:\\\/\\\/www.vignevin.com\\\/wp-content\\\/uploads\\\/2019\\\/02\\\/Sympt\u00f4mes-de-court-nou\u00e9-sur-Juran\u00e7on-noir-1080x675.jpg\",\"et-pb-portfolio-image\":\"https:\\\/\\\/www.vignevin.com\\\/wp-content\\\/uploads\\\/2019\\\/02\\\/Sympt\u00f4mes-de-court-nou\u00e9-sur-Juran\u00e7on-noir-400x284.jpg\",\"et-pb-portfolio-module-image\":\"https:\\\/\\\/www.vignevin.com\\\/wp-content\\\/uploads\\\/2019\\\/02\\\/Sympt\u00f4mes-de-court-nou\u00e9-sur-Juran\u00e7on-noir-510x382.jpg\",\"et-pb-portfolio-image-single\":\"https:\\\/\\\/www.vignevin.com\\\/wp-content\\\/uploads\\\/2019\\\/02\\\/Sympt\u00f4mes-de-court-nou\u00e9-sur-Juran\u00e7on-noir-1080x1440.jpg\",\"et-pb-gallery-module-image-portrait\":\"https:\\\/\\\/www.vignevin.com\\\/wp-content\\\/uploads\\\/2019\\\/02\\\/Sympt\u00f4mes-de-court-nou\u00e9-sur-Juran\u00e7on-noir-400x516.jpg\",\"et-pb-post-main-image-fullwidth-large\":\"https:\\\/\\\/www.vignevin.com\\\/wp-content\\\/uploads\\\/2019\\\/02\\\/Sympt\u00f4mes-de-court-nou\u00e9-sur-Juran\u00e7on-noir-2880x1800.jpg\",\"et-pb-image--responsive--desktop\":\"https:\\\/\\\/www.vignevin.com\\\/wp-content\\\/uploads\\\/2019\\\/02\\\/Sympt\u00f4mes-de-court-nou\u00e9-sur-Juran\u00e7on-noir-scaled.jpg\",\"et-pb-image--responsive--tablet\":\"https:\\\/\\\/www.vignevin.com\\\/wp-content\\\/uploads\\\/2019\\\/02\\\/Sympt\u00f4mes-de-court-nou\u00e9-sur-Juran\u00e7on-noir-scaled.jpg\",\"et-pb-image--responsive--phone\":\"https:\\\/\\\/www.vignevin.com\\\/wp-content\\\/uploads\\\/2019\\\/02\\\/Sympt\u00f4mes-de-court-nou\u00e9-sur-Juran\u00e7on-noir-scaled.jpg\",\"gform-image-choice-sm\":\"https:\\\/\\\/www.vignevin.com\\\/wp-content\\\/uploads\\\/2019\\\/02\\\/Sympt\u00f4mes-de-court-nou\u00e9-sur-Juran\u00e7on-noir-scaled.jpg\",\"gform-image-choice-md\":\"https:\\\/\\\/www.vignevin.com\\\/wp-content\\\/uploads\\\/2019\\\/02\\\/Sympt\u00f4mes-de-court-nou\u00e9-sur-Juran\u00e7on-noir-scaled.jpg\",\"gform-image-choice-lg\":\"https:\\\/\\\/www.vignevin.com\\\/wp-content\\\/uploads\\\/2019\\\/02\\\/Sympt\u00f4mes-de-court-nou\u00e9-sur-Juran\u00e7on-noir-scaled.jpg\",\"woocommerce_thumbnail\":\"https:\\\/\\\/www.vignevin.com\\\/wp-content\\\/uploads\\\/2019\\\/02\\\/Sympt\u00f4mes-de-court-nou\u00e9-sur-Juran\u00e7on-noir-scaled-300x300.jpg\",\"woocommerce_single\":\"https:\\\/\\\/www.vignevin.com\\\/wp-content\\\/uploads\\\/2019\\\/02\\\/Sympt\u00f4mes-de-court-nou\u00e9-sur-Juran\u00e7on-noir-scaled-600x800.jpg\",\"woocommerce_gallery_thumbnail\":\"https:\\\/\\\/www.vignevin.com\\\/wp-content\\\/uploads\\\/2019\\\/02\\\/Sympt\u00f4mes-de-court-nou\u00e9-sur-Juran\u00e7on-noir-scaled-100x100.jpg\",\"full\":\"https:\\\/\\\/www.vignevin.com\\\/wp-content\\\/uploads\\\/2019\\\/02\\\/Sympt\u00f4mes-de-court-nou\u00e9-sur-Juran\u00e7on-noir-scaled.jpg\",\"index\":43,\"id\":9981,\"video\":false,\"opts\":{\"caption\":\"\",\"thumb\":\"https:\\\/\\\/www.vignevin.com\\\/wp-content\\\/uploads\\\/2019\\\/02\\\/Sympt\u00f4mes-de-court-nou\u00e9-sur-Juran\u00e7on-noir-scaled-75x50_c.jpg\",\"title\":\"Sympt&amp;ocirc;mes de court-nou&amp;eacute; sur Juran&amp;ccedil;on noir\"},\"gallery_id\":17410,\"gallery_title\":\"Grapevines virus\"},\"9982\":{\"status\":\"active\",\"src\":\"https:\\\/\\\/www.vignevin.com\\\/wp-content\\\/uploads\\\/2019\\\/02\\\/Sympt\u00f4mes-de-court-nou\u00e9-sur-Merlot-N-panachure.jpg\",\"title\":\"OLYMPUS DIGITAL CAMERA\",\"link\":\"https:\\\/\\\/www.vignevin.com\\\/wp-content\\\/uploads\\\/2019\\\/02\\\/Sympt\u00f4mes-de-court-nou\u00e9-sur-Merlot-N-panachure.jpg\",\"alt\":\"\",\"caption\":\"OLYMPUS DIGITAL CAMERA\",\"thumb\":\"https:\\\/\\\/www.vignevin.com\\\/wp-content\\\/uploads\\\/2019\\\/02\\\/Sympt\u00f4mes-de-court-nou\u00e9-sur-Merlot-N-panachure-75x50_c.jpg\",\"meta\":{\"aperture\":\"5.6\",\"credit\":null,\"camera\":\"C-5000Z\",\"caption\":\"OLYMPUS DIGITAL CAMERA\",\"created_timestamp\":\"1082041219\",\"copyright\":null,\"focal_length\":\"7.8\",\"iso\":\"50\",\"shutter_speed\":\"0.005\",\"title\":\"OLYMPUS DIGITAL CAMERA\",\"orientation\":\"1\",\"keywords\":null},\"thumbnail\":\"https:\\\/\\\/www.vignevin.com\\\/wp-content\\\/uploads\\\/2019\\\/02\\\/Sympt\u00f4mes-de-court-nou\u00e9-sur-Merlot-N-panachure.jpg\",\"medium\":\"https:\\\/\\\/www.vignevin.com\\\/wp-content\\\/uploads\\\/2019\\\/02\\\/Sympt\u00f4mes-de-court-nou\u00e9-sur-Merlot-N-panachure.jpg\",\"medium_large\":\"https:\\\/\\\/www.vignevin.com\\\/wp-content\\\/uploads\\\/2019\\\/02\\\/Sympt\u00f4mes-de-court-nou\u00e9-sur-Merlot-N-panachure.jpg\",\"large\":\"https:\\\/\\\/www.vignevin.com\\\/wp-content\\\/uploads\\\/2019\\\/02\\\/Sympt\u00f4mes-de-court-nou\u00e9-sur-Merlot-N-panachure.jpg\",\"1536x1536\":\"https:\\\/\\\/www.vignevin.com\\\/wp-content\\\/uploads\\\/2019\\\/02\\\/Sympt\u00f4mes-de-court-nou\u00e9-sur-Merlot-N-panachure.jpg\",\"2048x2048\":\"https:\\\/\\\/www.vignevin.com\\\/wp-content\\\/uploads\\\/2019\\\/02\\\/Sympt\u00f4mes-de-court-nou\u00e9-sur-Merlot-N-panachure.jpg\",\"et-pb-post-main-image\":\"https:\\\/\\\/www.vignevin.com\\\/wp-content\\\/uploads\\\/2019\\\/02\\\/Sympt\u00f4mes-de-court-nou\u00e9-sur-Merlot-N-panachure.jpg\",\"et-pb-post-main-image-fullwidth\":\"https:\\\/\\\/www.vignevin.com\\\/wp-content\\\/uploads\\\/2019\\\/02\\\/Sympt\u00f4mes-de-court-nou\u00e9-sur-Merlot-N-panachure.jpg\",\"et-pb-portfolio-image\":\"https:\\\/\\\/www.vignevin.com\\\/wp-content\\\/uploads\\\/2019\\\/02\\\/Sympt\u00f4mes-de-court-nou\u00e9-sur-Merlot-N-panachure.jpg\",\"et-pb-portfolio-module-image\":\"https:\\\/\\\/www.vignevin.com\\\/wp-content\\\/uploads\\\/2019\\\/02\\\/Sympt\u00f4mes-de-court-nou\u00e9-sur-Merlot-N-panachure.jpg\",\"et-pb-portfolio-image-single\":\"https:\\\/\\\/www.vignevin.com\\\/wp-content\\\/uploads\\\/2019\\\/02\\\/Sympt\u00f4mes-de-court-nou\u00e9-sur-Merlot-N-panachure.jpg\",\"et-pb-gallery-module-image-portrait\":\"https:\\\/\\\/www.vignevin.com\\\/wp-content\\\/uploads\\\/2019\\\/02\\\/Sympt\u00f4mes-de-court-nou\u00e9-sur-Merlot-N-panachure.jpg\",\"et-pb-post-main-image-fullwidth-large\":\"https:\\\/\\\/www.vignevin.com\\\/wp-content\\\/uploads\\\/2019\\\/02\\\/Sympt\u00f4mes-de-court-nou\u00e9-sur-Merlot-N-panachure.jpg\",\"et-pb-image--responsive--desktop\":\"https:\\\/\\\/www.vignevin.com\\\/wp-content\\\/uploads\\\/2019\\\/02\\\/Sympt\u00f4mes-de-court-nou\u00e9-sur-Merlot-N-panachure.jpg\",\"et-pb-image--responsive--tablet\":\"https:\\\/\\\/www.vignevin.com\\\/wp-content\\\/uploads\\\/2019\\\/02\\\/Sympt\u00f4mes-de-court-nou\u00e9-sur-Merlot-N-panachure.jpg\",\"et-pb-image--responsive--phone\":\"https:\\\/\\\/www.vignevin.com\\\/wp-content\\\/uploads\\\/2019\\\/02\\\/Sympt\u00f4mes-de-court-nou\u00e9-sur-Merlot-N-panachure.jpg\",\"gform-image-choice-sm\":\"https:\\\/\\\/www.vignevin.com\\\/wp-content\\\/uploads\\\/2019\\\/02\\\/Sympt\u00f4mes-de-court-nou\u00e9-sur-Merlot-N-panachure.jpg\",\"gform-image-choice-md\":\"https:\\\/\\\/www.vignevin.com\\\/wp-content\\\/uploads\\\/2019\\\/02\\\/Sympt\u00f4mes-de-court-nou\u00e9-sur-Merlot-N-panachure.jpg\",\"gform-image-choice-lg\":\"https:\\\/\\\/www.vignevin.com\\\/wp-content\\\/uploads\\\/2019\\\/02\\\/Sympt\u00f4mes-de-court-nou\u00e9-sur-Merlot-N-panachure.jpg\",\"woocommerce_thumbnail\":\"https:\\\/\\\/www.vignevin.com\\\/wp-content\\\/uploads\\\/2019\\\/02\\\/Sympt\u00f4mes-de-court-nou\u00e9-sur-Merlot-N-panachure-300x300.jpg\",\"woocommerce_single\":\"https:\\\/\\\/www.vignevin.com\\\/wp-content\\\/uploads\\\/2019\\\/02\\\/Sympt\u00f4mes-de-court-nou\u00e9-sur-Merlot-N-panachure-600x800.jpg\",\"woocommerce_gallery_thumbnail\":\"https:\\\/\\\/www.vignevin.com\\\/wp-content\\\/uploads\\\/2019\\\/02\\\/Sympt\u00f4mes-de-court-nou\u00e9-sur-Merlot-N-panachure-100x100.jpg\",\"full\":\"https:\\\/\\\/www.vignevin.com\\\/wp-content\\\/uploads\\\/2019\\\/02\\\/Sympt\u00f4mes-de-court-nou\u00e9-sur-Merlot-N-panachure.jpg\",\"index\":44,\"id\":9982,\"video\":false,\"opts\":{\"caption\":\"OLYMPUS DIGITAL CAMERA\",\"thumb\":\"https:\\\/\\\/www.vignevin.com\\\/wp-content\\\/uploads\\\/2019\\\/02\\\/Sympt\u00f4mes-de-court-nou\u00e9-sur-Merlot-N-panachure-75x50_c.jpg\",\"title\":\"OLYMPUS DIGITAL CAMERA\"},\"gallery_id\":17410,\"gallery_title\":\"Grapevines virus\"},\"9983\":{\"status\":\"active\",\"src\":\"https:\\\/\\\/www.vignevin.com\\\/wp-content\\\/uploads\\\/2019\\\/02\\\/Sympt\u00f4mes-de-court-nou\u00e9-sur-Persan-N-feuille-d\u00e9form\u00e9e.jpg\",\"title\":\"Sympt&amp;ocirc;mes de court-nou&amp;eacute; sur Persan N feuille d&amp;eacute;form&amp;eacute;e\",\"link\":\"https:\\\/\\\/www.vignevin.com\\\/wp-content\\\/uploads\\\/2019\\\/02\\\/Sympt\u00f4mes-de-court-nou\u00e9-sur-Persan-N-feuille-d\u00e9form\u00e9e.jpg\",\"alt\":\"\",\"caption\":false,\"thumb\":\"https:\\\/\\\/www.vignevin.com\\\/wp-content\\\/uploads\\\/2019\\\/02\\\/Sympt\u00f4mes-de-court-nou\u00e9-sur-Persan-N-feuille-d\u00e9form\u00e9e-75x50_c.jpg\",\"meta\":{\"aperture\":\"4\",\"credit\":null,\"camera\":\"DMC-TZ10\",\"caption\":\"\",\"created_timestamp\":\"1372866873\",\"copyright\":null,\"focal_length\":\"4.1\",\"iso\":\"80\",\"shutter_speed\":\"0.01\",\"title\":\"\",\"orientation\":\"1\",\"keywords\":null},\"thumbnail\":\"https:\\\/\\\/www.vignevin.com\\\/wp-content\\\/uploads\\\/2019\\\/02\\\/Sympt\u00f4mes-de-court-nou\u00e9-sur-Persan-N-feuille-d\u00e9form\u00e9e-150x150.jpg\",\"medium\":\"https:\\\/\\\/www.vignevin.com\\\/wp-content\\\/uploads\\\/2019\\\/02\\\/Sympt\u00f4mes-de-court-nou\u00e9-sur-Persan-N-feuille-d\u00e9form\u00e9e-225x300.jpg\",\"medium_large\":\"https:\\\/\\\/www.vignevin.com\\\/wp-content\\\/uploads\\\/2019\\\/02\\\/Sympt\u00f4mes-de-court-nou\u00e9-sur-Persan-N-feuille-d\u00e9form\u00e9e-768x1024.jpg\",\"large\":\"https:\\\/\\\/www.vignevin.com\\\/wp-content\\\/uploads\\\/2019\\\/02\\\/Sympt\u00f4mes-de-court-nou\u00e9-sur-Persan-N-feuille-d\u00e9form\u00e9e-768x1024.jpg\",\"1536x1536\":\"https:\\\/\\\/www.vignevin.com\\\/wp-content\\\/uploads\\\/2019\\\/02\\\/Sympt\u00f4mes-de-court-nou\u00e9-sur-Persan-N-feuille-d\u00e9form\u00e9e.jpg\",\"2048x2048\":\"https:\\\/\\\/www.vignevin.com\\\/wp-content\\\/uploads\\\/2019\\\/02\\\/Sympt\u00f4mes-de-court-nou\u00e9-sur-Persan-N-feuille-d\u00e9form\u00e9e.jpg\",\"et-pb-post-main-image\":\"https:\\\/\\\/www.vignevin.com\\\/wp-content\\\/uploads\\\/2019\\\/02\\\/Sympt\u00f4mes-de-court-nou\u00e9-sur-Persan-N-feuille-d\u00e9form\u00e9e-400x250.jpg\",\"et-pb-post-main-image-fullwidth\":\"https:\\\/\\\/www.vignevin.com\\\/wp-content\\\/uploads\\\/2019\\\/02\\\/Sympt\u00f4mes-de-court-nou\u00e9-sur-Persan-N-feuille-d\u00e9form\u00e9e-1080x675.jpg\",\"et-pb-portfolio-image\":\"https:\\\/\\\/www.vignevin.com\\\/wp-content\\\/uploads\\\/2019\\\/02\\\/Sympt\u00f4mes-de-court-nou\u00e9-sur-Persan-N-feuille-d\u00e9form\u00e9e-400x284.jpg\",\"et-pb-portfolio-module-image\":\"https:\\\/\\\/www.vignevin.com\\\/wp-content\\\/uploads\\\/2019\\\/02\\\/Sympt\u00f4mes-de-court-nou\u00e9-sur-Persan-N-feuille-d\u00e9form\u00e9e-510x382.jpg\",\"et-pb-portfolio-image-single\":\"https:\\\/\\\/www.vignevin.com\\\/wp-content\\\/uploads\\\/2019\\\/02\\\/Sympt\u00f4mes-de-court-nou\u00e9-sur-Persan-N-feuille-d\u00e9form\u00e9e-1080x1440.jpg\",\"et-pb-gallery-module-image-portrait\":\"https:\\\/\\\/www.vignevin.com\\\/wp-content\\\/uploads\\\/2019\\\/02\\\/Sympt\u00f4mes-de-court-nou\u00e9-sur-Persan-N-feuille-d\u00e9form\u00e9e-400x516.jpg\",\"et-pb-post-main-image-fullwidth-large\":\"https:\\\/\\\/www.vignevin.com\\\/wp-content\\\/uploads\\\/2019\\\/02\\\/Sympt\u00f4mes-de-court-nou\u00e9-sur-Persan-N-feuille-d\u00e9form\u00e9e-1920x1800.jpg\",\"et-pb-image--responsive--desktop\":\"https:\\\/\\\/www.vignevin.com\\\/wp-content\\\/uploads\\\/2019\\\/02\\\/Sympt\u00f4mes-de-court-nou\u00e9-sur-Persan-N-feuille-d\u00e9form\u00e9e.jpg\",\"et-pb-image--responsive--tablet\":\"https:\\\/\\\/www.vignevin.com\\\/wp-content\\\/uploads\\\/2019\\\/02\\\/Sympt\u00f4mes-de-court-nou\u00e9-sur-Persan-N-feuille-d\u00e9form\u00e9e.jpg\",\"et-pb-image--responsive--phone\":\"https:\\\/\\\/www.vignevin.com\\\/wp-content\\\/uploads\\\/2019\\\/02\\\/Sympt\u00f4mes-de-court-nou\u00e9-sur-Persan-N-feuille-d\u00e9form\u00e9e.jpg\",\"gform-image-choice-sm\":\"https:\\\/\\\/www.vignevin.com\\\/wp-content\\\/uploads\\\/2019\\\/02\\\/Sympt\u00f4mes-de-court-nou\u00e9-sur-Persan-N-feuille-d\u00e9form\u00e9e.jpg\",\"gform-image-choice-md\":\"https:\\\/\\\/www.vignevin.com\\\/wp-content\\\/uploads\\\/2019\\\/02\\\/Sympt\u00f4mes-de-court-nou\u00e9-sur-Persan-N-feuille-d\u00e9form\u00e9e.jpg\",\"gform-image-choice-lg\":\"https:\\\/\\\/www.vignevin.com\\\/wp-content\\\/uploads\\\/2019\\\/02\\\/Sympt\u00f4mes-de-court-nou\u00e9-sur-Persan-N-feuille-d\u00e9form\u00e9e.jpg\",\"woocommerce_thumbnail\":\"https:\\\/\\\/www.vignevin.com\\\/wp-content\\\/uploads\\\/2019\\\/02\\\/Sympt\u00f4mes-de-court-nou\u00e9-sur-Persan-N-feuille-d\u00e9form\u00e9e-300x300.jpg\",\"woocommerce_single\":\"https:\\\/\\\/www.vignevin.com\\\/wp-content\\\/uploads\\\/2019\\\/02\\\/Sympt\u00f4mes-de-court-nou\u00e9-sur-Persan-N-feuille-d\u00e9form\u00e9e-600x800.jpg\",\"woocommerce_gallery_thumbnail\":\"https:\\\/\\\/www.vignevin.com\\\/wp-content\\\/uploads\\\/2019\\\/02\\\/Sympt\u00f4mes-de-court-nou\u00e9-sur-Persan-N-feuille-d\u00e9form\u00e9e-100x100.jpg\",\"full\":\"https:\\\/\\\/www.vignevin.com\\\/wp-content\\\/uploads\\\/2019\\\/02\\\/Sympt\u00f4mes-de-court-nou\u00e9-sur-Persan-N-feuille-d\u00e9form\u00e9e.jpg\",\"index\":45,\"id\":9983,\"video\":false,\"opts\":{\"caption\":\"\",\"thumb\":\"https:\\\/\\\/www.vignevin.com\\\/wp-content\\\/uploads\\\/2019\\\/02\\\/Sympt\u00f4mes-de-court-nou\u00e9-sur-Persan-N-feuille-d\u00e9form\u00e9e-75x50_c.jpg\",\"title\":\"Sympt&amp;ocirc;mes de court-nou&amp;eacute; sur Persan N feuille d&amp;eacute;form&amp;eacute;e\"},\"gallery_id\":17410,\"gallery_title\":\"Grapevines virus\"},\"9984\":{\"status\":\"active\",\"src\":\"https:\\\/\\\/www.vignevin.com\\\/wp-content\\\/uploads\\\/2019\\\/02\\\/Sympt\u00f4mes-de-court-nou\u00e9-sur-Rupestris-du-Lot-2-scaled.jpg\",\"title\":\"Sympt&amp;ocirc;mes de court-nou&amp;eacute; sur Rupestris du Lot 2\",\"link\":\"https:\\\/\\\/www.vignevin.com\\\/wp-content\\\/uploads\\\/2019\\\/02\\\/Sympt\u00f4mes-de-court-nou\u00e9-sur-Rupestris-du-Lot-2.jpg\",\"alt\":\"\",\"caption\":false,\"thumb\":\"https:\\\/\\\/www.vignevin.com\\\/wp-content\\\/uploads\\\/2019\\\/02\\\/Sympt\u00f4mes-de-court-nou\u00e9-sur-Rupestris-du-Lot-2-scaled-75x50_c.jpg\",\"meta\":{\"aperture\":\"3.5\",\"credit\":null,\"camera\":\"DSC-HX9V\",\"caption\":\"\",\"created_timestamp\":\"1464707246\",\"copyright\":null,\"focal_length\":\"4.52\",\"iso\":\"100\",\"shutter_speed\":\"0.0015625\",\"title\":\"\",\"orientation\":\"1\",\"keywords\":null,\"resized_images\":null},\"thumbnail\":\"https:\\\/\\\/www.vignevin.com\\\/wp-content\\\/uploads\\\/2019\\\/02\\\/Sympt\u00f4mes-de-court-nou\u00e9-sur-Rupestris-du-Lot-2-scaled.jpg\",\"medium\":\"https:\\\/\\\/www.vignevin.com\\\/wp-content\\\/uploads\\\/2019\\\/02\\\/Sympt\u00f4mes-de-court-nou\u00e9-sur-Rupestris-du-Lot-2-scaled.jpg\",\"medium_large\":\"https:\\\/\\\/www.vignevin.com\\\/wp-content\\\/uploads\\\/2019\\\/02\\\/Sympt\u00f4mes-de-court-nou\u00e9-sur-Rupestris-du-Lot-2-scaled.jpg\",\"large\":\"https:\\\/\\\/www.vignevin.com\\\/wp-content\\\/uploads\\\/2019\\\/02\\\/Sympt\u00f4mes-de-court-nou\u00e9-sur-Rupestris-du-Lot-2-scaled.jpg\",\"1536x1536\":\"https:\\\/\\\/www.vignevin.com\\\/wp-content\\\/uploads\\\/2019\\\/02\\\/Sympt\u00f4mes-de-court-nou\u00e9-sur-Rupestris-du-Lot-2-scaled.jpg\",\"2048x2048\":\"https:\\\/\\\/www.vignevin.com\\\/wp-content\\\/uploads\\\/2019\\\/02\\\/Sympt\u00f4mes-de-court-nou\u00e9-sur-Rupestris-du-Lot-2-scaled.jpg\",\"et-pb-post-main-image\":\"https:\\\/\\\/www.vignevin.com\\\/wp-content\\\/uploads\\\/2019\\\/02\\\/Sympt\u00f4mes-de-court-nou\u00e9-sur-Rupestris-du-Lot-2-scaled.jpg\",\"et-pb-post-main-image-fullwidth\":\"https:\\\/\\\/www.vignevin.com\\\/wp-content\\\/uploads\\\/2019\\\/02\\\/Sympt\u00f4mes-de-court-nou\u00e9-sur-Rupestris-du-Lot-2-scaled.jpg\",\"et-pb-portfolio-image\":\"https:\\\/\\\/www.vignevin.com\\\/wp-content\\\/uploads\\\/2019\\\/02\\\/Sympt\u00f4mes-de-court-nou\u00e9-sur-Rupestris-du-Lot-2-scaled.jpg\",\"et-pb-portfolio-module-image\":\"https:\\\/\\\/www.vignevin.com\\\/wp-content\\\/uploads\\\/2019\\\/02\\\/Sympt\u00f4mes-de-court-nou\u00e9-sur-Rupestris-du-Lot-2-scaled.jpg\",\"et-pb-portfolio-image-single\":\"https:\\\/\\\/www.vignevin.com\\\/wp-content\\\/uploads\\\/2019\\\/02\\\/Sympt\u00f4mes-de-court-nou\u00e9-sur-Rupestris-du-Lot-2-scaled.jpg\",\"et-pb-gallery-module-image-portrait\":\"https:\\\/\\\/www.vignevin.com\\\/wp-content\\\/uploads\\\/2019\\\/02\\\/Sympt\u00f4mes-de-court-nou\u00e9-sur-Rupestris-du-Lot-2-scaled.jpg\",\"et-pb-post-main-image-fullwidth-large\":\"https:\\\/\\\/www.vignevin.com\\\/wp-content\\\/uploads\\\/2019\\\/02\\\/Sympt\u00f4mes-de-court-nou\u00e9-sur-Rupestris-du-Lot-2-scaled.jpg\",\"et-pb-image--responsive--desktop\":\"https:\\\/\\\/www.vignevin.com\\\/wp-content\\\/uploads\\\/2019\\\/02\\\/Sympt\u00f4mes-de-court-nou\u00e9-sur-Rupestris-du-Lot-2-scaled.jpg\",\"et-pb-image--responsive--tablet\":\"https:\\\/\\\/www.vignevin.com\\\/wp-content\\\/uploads\\\/2019\\\/02\\\/Sympt\u00f4mes-de-court-nou\u00e9-sur-Rupestris-du-Lot-2-scaled.jpg\",\"et-pb-image--responsive--phone\":\"https:\\\/\\\/www.vignevin.com\\\/wp-content\\\/uploads\\\/2019\\\/02\\\/Sympt\u00f4mes-de-court-nou\u00e9-sur-Rupestris-du-Lot-2-scaled.jpg\",\"gform-image-choice-sm\":\"https:\\\/\\\/www.vignevin.com\\\/wp-content\\\/uploads\\\/2019\\\/02\\\/Sympt\u00f4mes-de-court-nou\u00e9-sur-Rupestris-du-Lot-2-scaled.jpg\",\"gform-image-choice-md\":\"https:\\\/\\\/www.vignevin.com\\\/wp-content\\\/uploads\\\/2019\\\/02\\\/Sympt\u00f4mes-de-court-nou\u00e9-sur-Rupestris-du-Lot-2-scaled.jpg\",\"gform-image-choice-lg\":\"https:\\\/\\\/www.vignevin.com\\\/wp-content\\\/uploads\\\/2019\\\/02\\\/Sympt\u00f4mes-de-court-nou\u00e9-sur-Rupestris-du-Lot-2-scaled.jpg\",\"woocommerce_thumbnail\":\"https:\\\/\\\/www.vignevin.com\\\/wp-content\\\/uploads\\\/2019\\\/02\\\/Sympt\u00f4mes-de-court-nou\u00e9-sur-Rupestris-du-Lot-2-scaled-300x300.jpg\",\"woocommerce_single\":\"https:\\\/\\\/www.vignevin.com\\\/wp-content\\\/uploads\\\/2019\\\/02\\\/Sympt\u00f4mes-de-court-nou\u00e9-sur-Rupestris-du-Lot-2-scaled-600x450.jpg\",\"woocommerce_gallery_thumbnail\":\"https:\\\/\\\/www.vignevin.com\\\/wp-content\\\/uploads\\\/2019\\\/02\\\/Sympt\u00f4mes-de-court-nou\u00e9-sur-Rupestris-du-Lot-2-scaled-100x100.jpg\",\"full\":\"https:\\\/\\\/www.vignevin.com\\\/wp-content\\\/uploads\\\/2019\\\/02\\\/Sympt\u00f4mes-de-court-nou\u00e9-sur-Rupestris-du-Lot-2-scaled.jpg\",\"index\":46,\"id\":9984,\"video\":false,\"opts\":{\"caption\":\"\",\"thumb\":\"https:\\\/\\\/www.vignevin.com\\\/wp-content\\\/uploads\\\/2019\\\/02\\\/Sympt\u00f4mes-de-court-nou\u00e9-sur-Rupestris-du-Lot-2-scaled-75x50_c.jpg\",\"title\":\"Sympt&amp;ocirc;mes de court-nou&amp;eacute; sur Rupestris du Lot 2\"},\"gallery_id\":17410,\"gallery_title\":\"Grapevines virus\"},\"9985\":{\"status\":\"active\",\"src\":\"https:\\\/\\\/www.vignevin.com\\\/wp-content\\\/uploads\\\/2019\\\/02\\\/Sympt\u00f4mes-de-court-nou\u00e9-sur-Rupestris-du-Lot-3-scaled.jpg\",\"title\":\"Sympt&amp;ocirc;mes de court-nou&amp;eacute; sur Rupestris du Lot 3\",\"link\":\"https:\\\/\\\/www.vignevin.com\\\/wp-content\\\/uploads\\\/2019\\\/02\\\/Sympt\u00f4mes-de-court-nou\u00e9-sur-Rupestris-du-Lot-3.jpg\",\"alt\":\"\",\"caption\":false,\"thumb\":\"https:\\\/\\\/www.vignevin.com\\\/wp-content\\\/uploads\\\/2019\\\/02\\\/Sympt\u00f4mes-de-court-nou\u00e9-sur-Rupestris-du-Lot-3-scaled-75x50_c.jpg\",\"meta\":{\"aperture\":\"4.5\",\"credit\":null,\"camera\":\"DSC-HX9V\",\"caption\":\"\",\"created_timestamp\":\"1464706985\",\"copyright\":null,\"focal_length\":\"16.64\",\"iso\":\"100\",\"shutter_speed\":\"0.004\",\"title\":\"\",\"orientation\":\"1\",\"keywords\":null},\"thumbnail\":\"https:\\\/\\\/www.vignevin.com\\\/wp-content\\\/uploads\\\/2019\\\/02\\\/Sympt\u00f4mes-de-court-nou\u00e9-sur-Rupestris-du-Lot-3-150x150.jpg\",\"medium\":\"https:\\\/\\\/www.vignevin.com\\\/wp-content\\\/uploads\\\/2019\\\/02\\\/Sympt\u00f4mes-de-court-nou\u00e9-sur-Rupestris-du-Lot-3-225x300.jpg\",\"medium_large\":\"https:\\\/\\\/www.vignevin.com\\\/wp-content\\\/uploads\\\/2019\\\/02\\\/Sympt\u00f4mes-de-court-nou\u00e9-sur-Rupestris-du-Lot-3-768x1024.jpg\",\"large\":\"https:\\\/\\\/www.vignevin.com\\\/wp-content\\\/uploads\\\/2019\\\/02\\\/Sympt\u00f4mes-de-court-nou\u00e9-sur-Rupestris-du-Lot-3-768x1024.jpg\",\"1536x1536\":\"https:\\\/\\\/www.vignevin.com\\\/wp-content\\\/uploads\\\/2019\\\/02\\\/Sympt\u00f4mes-de-court-nou\u00e9-sur-Rupestris-du-Lot-3-scaled.jpg\",\"2048x2048\":\"https:\\\/\\\/www.vignevin.com\\\/wp-content\\\/uploads\\\/2019\\\/02\\\/Sympt\u00f4mes-de-court-nou\u00e9-sur-Rupestris-du-Lot-3-scaled.jpg\",\"et-pb-post-main-image\":\"https:\\\/\\\/www.vignevin.com\\\/wp-content\\\/uploads\\\/2019\\\/02\\\/Sympt\u00f4mes-de-court-nou\u00e9-sur-Rupestris-du-Lot-3-400x250.jpg\",\"et-pb-post-main-image-fullwidth\":\"https:\\\/\\\/www.vignevin.com\\\/wp-content\\\/uploads\\\/2019\\\/02\\\/Sympt\u00f4mes-de-court-nou\u00e9-sur-Rupestris-du-Lot-3-1080x675.jpg\",\"et-pb-portfolio-image\":\"https:\\\/\\\/www.vignevin.com\\\/wp-content\\\/uploads\\\/2019\\\/02\\\/Sympt\u00f4mes-de-court-nou\u00e9-sur-Rupestris-du-Lot-3-400x284.jpg\",\"et-pb-portfolio-module-image\":\"https:\\\/\\\/www.vignevin.com\\\/wp-content\\\/uploads\\\/2019\\\/02\\\/Sympt\u00f4mes-de-court-nou\u00e9-sur-Rupestris-du-Lot-3-510x382.jpg\",\"et-pb-portfolio-image-single\":\"https:\\\/\\\/www.vignevin.com\\\/wp-content\\\/uploads\\\/2019\\\/02\\\/Sympt\u00f4mes-de-court-nou\u00e9-sur-Rupestris-du-Lot-3-1080x1440.jpg\",\"et-pb-gallery-module-image-portrait\":\"https:\\\/\\\/www.vignevin.com\\\/wp-content\\\/uploads\\\/2019\\\/02\\\/Sympt\u00f4mes-de-court-nou\u00e9-sur-Rupestris-du-Lot-3-400x516.jpg\",\"et-pb-post-main-image-fullwidth-large\":\"https:\\\/\\\/www.vignevin.com\\\/wp-content\\\/uploads\\\/2019\\\/02\\\/Sympt\u00f4mes-de-court-nou\u00e9-sur-Rupestris-du-Lot-3-2880x1800.jpg\",\"et-pb-image--responsive--desktop\":\"https:\\\/\\\/www.vignevin.com\\\/wp-content\\\/uploads\\\/2019\\\/02\\\/Sympt\u00f4mes-de-court-nou\u00e9-sur-Rupestris-du-Lot-3-scaled.jpg\",\"et-pb-image--responsive--tablet\":\"https:\\\/\\\/www.vignevin.com\\\/wp-content\\\/uploads\\\/2019\\\/02\\\/Sympt\u00f4mes-de-court-nou\u00e9-sur-Rupestris-du-Lot-3-scaled.jpg\",\"et-pb-image--responsive--phone\":\"https:\\\/\\\/www.vignevin.com\\\/wp-content\\\/uploads\\\/2019\\\/02\\\/Sympt\u00f4mes-de-court-nou\u00e9-sur-Rupestris-du-Lot-3-scaled.jpg\",\"gform-image-choice-sm\":\"https:\\\/\\\/www.vignevin.com\\\/wp-content\\\/uploads\\\/2019\\\/02\\\/Sympt\u00f4mes-de-court-nou\u00e9-sur-Rupestris-du-Lot-3-scaled.jpg\",\"gform-image-choice-md\":\"https:\\\/\\\/www.vignevin.com\\\/wp-content\\\/uploads\\\/2019\\\/02\\\/Sympt\u00f4mes-de-court-nou\u00e9-sur-Rupestris-du-Lot-3-scaled.jpg\",\"gform-image-choice-lg\":\"https:\\\/\\\/www.vignevin.com\\\/wp-content\\\/uploads\\\/2019\\\/02\\\/Sympt\u00f4mes-de-court-nou\u00e9-sur-Rupestris-du-Lot-3-scaled.jpg\",\"woocommerce_thumbnail\":\"https:\\\/\\\/www.vignevin.com\\\/wp-content\\\/uploads\\\/2019\\\/02\\\/Sympt\u00f4mes-de-court-nou\u00e9-sur-Rupestris-du-Lot-3-scaled-300x300.jpg\",\"woocommerce_single\":\"https:\\\/\\\/www.vignevin.com\\\/wp-content\\\/uploads\\\/2019\\\/02\\\/Sympt\u00f4mes-de-court-nou\u00e9-sur-Rupestris-du-Lot-3-scaled-600x800.jpg\",\"woocommerce_gallery_thumbnail\":\"https:\\\/\\\/www.vignevin.com\\\/wp-content\\\/uploads\\\/2019\\\/02\\\/Sympt\u00f4mes-de-court-nou\u00e9-sur-Rupestris-du-Lot-3-scaled-100x100.jpg\",\"full\":\"https:\\\/\\\/www.vignevin.com\\\/wp-content\\\/uploads\\\/2019\\\/02\\\/Sympt\u00f4mes-de-court-nou\u00e9-sur-Rupestris-du-Lot-3-scaled.jpg\",\"index\":47,\"id\":9985,\"video\":false,\"opts\":{\"caption\":\"\",\"thumb\":\"https:\\\/\\\/www.vignevin.com\\\/wp-content\\\/uploads\\\/2019\\\/02\\\/Sympt\u00f4mes-de-court-nou\u00e9-sur-Rupestris-du-Lot-3-scaled-75x50_c.jpg\",\"title\":\"Sympt&amp;ocirc;mes de court-nou&amp;eacute; sur Rupestris du Lot 3\"},\"gallery_id\":17410,\"gallery_title\":\"Grapevines virus\"},\"9986\":{\"status\":\"active\",\"src\":\"https:\\\/\\\/www.vignevin.com\\\/wp-content\\\/uploads\\\/2019\\\/02\\\/Sympt\u00f4mes-de-court-nou\u00e9-sur-Rupestris-du-Lot-4-scaled.jpg\",\"title\":\"Sympt&amp;ocirc;mes de court-nou&amp;eacute; sur Rupestris du Lot 4\",\"link\":\"https:\\\/\\\/www.vignevin.com\\\/wp-content\\\/uploads\\\/2019\\\/02\\\/Sympt\u00f4mes-de-court-nou\u00e9-sur-Rupestris-du-Lot-4.jpg\",\"alt\":\"\",\"caption\":false,\"thumb\":\"https:\\\/\\\/www.vignevin.com\\\/wp-content\\\/uploads\\\/2019\\\/02\\\/Sympt\u00f4mes-de-court-nou\u00e9-sur-Rupestris-du-Lot-4-scaled-75x50_c.jpg\",\"meta\":{\"aperture\":\"4.5\",\"credit\":null,\"camera\":\"DSC-HX9V\",\"caption\":\"\",\"created_timestamp\":\"1464707014\",\"copyright\":null,\"focal_length\":\"16.64\",\"iso\":\"100\",\"shutter_speed\":\"0.0025\",\"title\":\"\",\"orientation\":\"1\",\"keywords\":null},\"thumbnail\":\"https:\\\/\\\/www.vignevin.com\\\/wp-content\\\/uploads\\\/2019\\\/02\\\/Sympt\u00f4mes-de-court-nou\u00e9-sur-Rupestris-du-Lot-4-150x150.jpg\",\"medium\":\"https:\\\/\\\/www.vignevin.com\\\/wp-content\\\/uploads\\\/2019\\\/02\\\/Sympt\u00f4mes-de-court-nou\u00e9-sur-Rupestris-du-Lot-4-225x300.jpg\",\"medium_large\":\"https:\\\/\\\/www.vignevin.com\\\/wp-content\\\/uploads\\\/2019\\\/02\\\/Sympt\u00f4mes-de-court-nou\u00e9-sur-Rupestris-du-Lot-4-768x1024.jpg\",\"large\":\"https:\\\/\\\/www.vignevin.com\\\/wp-content\\\/uploads\\\/2019\\\/02\\\/Sympt\u00f4mes-de-court-nou\u00e9-sur-Rupestris-du-Lot-4-768x1024.jpg\",\"1536x1536\":\"https:\\\/\\\/www.vignevin.com\\\/wp-content\\\/uploads\\\/2019\\\/02\\\/Sympt\u00f4mes-de-court-nou\u00e9-sur-Rupestris-du-Lot-4-scaled.jpg\",\"2048x2048\":\"https:\\\/\\\/www.vignevin.com\\\/wp-content\\\/uploads\\\/2019\\\/02\\\/Sympt\u00f4mes-de-court-nou\u00e9-sur-Rupestris-du-Lot-4-scaled.jpg\",\"et-pb-post-main-image\":\"https:\\\/\\\/www.vignevin.com\\\/wp-content\\\/uploads\\\/2019\\\/02\\\/Sympt\u00f4mes-de-court-nou\u00e9-sur-Rupestris-du-Lot-4-400x250.jpg\",\"et-pb-post-main-image-fullwidth\":\"https:\\\/\\\/www.vignevin.com\\\/wp-content\\\/uploads\\\/2019\\\/02\\\/Sympt\u00f4mes-de-court-nou\u00e9-sur-Rupestris-du-Lot-4-1080x675.jpg\",\"et-pb-portfolio-image\":\"https:\\\/\\\/www.vignevin.com\\\/wp-content\\\/uploads\\\/2019\\\/02\\\/Sympt\u00f4mes-de-court-nou\u00e9-sur-Rupestris-du-Lot-4-400x284.jpg\",\"et-pb-portfolio-module-image\":\"https:\\\/\\\/www.vignevin.com\\\/wp-content\\\/uploads\\\/2019\\\/02\\\/Sympt\u00f4mes-de-court-nou\u00e9-sur-Rupestris-du-Lot-4-510x382.jpg\",\"et-pb-portfolio-image-single\":\"https:\\\/\\\/www.vignevin.com\\\/wp-content\\\/uploads\\\/2019\\\/02\\\/Sympt\u00f4mes-de-court-nou\u00e9-sur-Rupestris-du-Lot-4-1080x1440.jpg\",\"et-pb-gallery-module-image-portrait\":\"https:\\\/\\\/www.vignevin.com\\\/wp-content\\\/uploads\\\/2019\\\/02\\\/Sympt\u00f4mes-de-court-nou\u00e9-sur-Rupestris-du-Lot-4-400x516.jpg\",\"et-pb-post-main-image-fullwidth-large\":\"https:\\\/\\\/www.vignevin.com\\\/wp-content\\\/uploads\\\/2019\\\/02\\\/Sympt\u00f4mes-de-court-nou\u00e9-sur-Rupestris-du-Lot-4-2880x1800.jpg\",\"et-pb-image--responsive--desktop\":\"https:\\\/\\\/www.vignevin.com\\\/wp-content\\\/uploads\\\/2019\\\/02\\\/Sympt\u00f4mes-de-court-nou\u00e9-sur-Rupestris-du-Lot-4-scaled.jpg\",\"et-pb-image--responsive--tablet\":\"https:\\\/\\\/www.vignevin.com\\\/wp-content\\\/uploads\\\/2019\\\/02\\\/Sympt\u00f4mes-de-court-nou\u00e9-sur-Rupestris-du-Lot-4-scaled.jpg\",\"et-pb-image--responsive--phone\":\"https:\\\/\\\/www.vignevin.com\\\/wp-content\\\/uploads\\\/2019\\\/02\\\/Sympt\u00f4mes-de-court-nou\u00e9-sur-Rupestris-du-Lot-4-scaled.jpg\",\"gform-image-choice-sm\":\"https:\\\/\\\/www.vignevin.com\\\/wp-content\\\/uploads\\\/2019\\\/02\\\/Sympt\u00f4mes-de-court-nou\u00e9-sur-Rupestris-du-Lot-4-scaled.jpg\",\"gform-image-choice-md\":\"https:\\\/\\\/www.vignevin.com\\\/wp-content\\\/uploads\\\/2019\\\/02\\\/Sympt\u00f4mes-de-court-nou\u00e9-sur-Rupestris-du-Lot-4-scaled.jpg\",\"gform-image-choice-lg\":\"https:\\\/\\\/www.vignevin.com\\\/wp-content\\\/uploads\\\/2019\\\/02\\\/Sympt\u00f4mes-de-court-nou\u00e9-sur-Rupestris-du-Lot-4-scaled.jpg\",\"woocommerce_thumbnail\":\"https:\\\/\\\/www.vignevin.com\\\/wp-content\\\/uploads\\\/2019\\\/02\\\/Sympt\u00f4mes-de-court-nou\u00e9-sur-Rupestris-du-Lot-4-scaled-300x300.jpg\",\"woocommerce_single\":\"https:\\\/\\\/www.vignevin.com\\\/wp-content\\\/uploads\\\/2019\\\/02\\\/Sympt\u00f4mes-de-court-nou\u00e9-sur-Rupestris-du-Lot-4-scaled-600x800.jpg\",\"woocommerce_gallery_thumbnail\":\"https:\\\/\\\/www.vignevin.com\\\/wp-content\\\/uploads\\\/2019\\\/02\\\/Sympt\u00f4mes-de-court-nou\u00e9-sur-Rupestris-du-Lot-4-scaled-100x100.jpg\",\"full\":\"https:\\\/\\\/www.vignevin.com\\\/wp-content\\\/uploads\\\/2019\\\/02\\\/Sympt\u00f4mes-de-court-nou\u00e9-sur-Rupestris-du-Lot-4-scaled.jpg\",\"index\":48,\"id\":9986,\"video\":false,\"opts\":{\"caption\":\"\",\"thumb\":\"https:\\\/\\\/www.vignevin.com\\\/wp-content\\\/uploads\\\/2019\\\/02\\\/Sympt\u00f4mes-de-court-nou\u00e9-sur-Rupestris-du-Lot-4-scaled-75x50_c.jpg\",\"title\":\"Sympt&amp;ocirc;mes de court-nou&amp;eacute; sur Rupestris du Lot 4\"},\"gallery_id\":17410,\"gallery_title\":\"Grapevines virus\"},\"9987\":{\"status\":\"active\",\"src\":\"https:\\\/\\\/www.vignevin.com\\\/wp-content\\\/uploads\\\/2019\\\/02\\\/Sympt\u00f4mes-de-court-nou\u00e9-sur-Rupestris-du-Lot.jpg\",\"title\":\"Sympt&amp;ocirc;mes de court-nou&amp;eacute; sur Rupestris du Lot\",\"link\":\"https:\\\/\\\/www.vignevin.com\\\/wp-content\\\/uploads\\\/2019\\\/02\\\/Sympt\u00f4mes-de-court-nou\u00e9-sur-Rupestris-du-Lot.jpg\",\"alt\":\"\",\"caption\":false,\"thumb\":\"https:\\\/\\\/www.vignevin.com\\\/wp-content\\\/uploads\\\/2019\\\/02\\\/Sympt\u00f4mes-de-court-nou\u00e9-sur-Rupestris-du-Lot-75x50_c.jpg\",\"meta\":{\"aperture\":null,\"credit\":null,\"camera\":null,\"caption\":\"\",\"created_timestamp\":null,\"copyright\":null,\"focal_length\":null,\"iso\":null,\"shutter_speed\":null,\"title\":\"\",\"orientation\":null,\"keywords\":null},\"thumbnail\":\"https:\\\/\\\/www.vignevin.com\\\/wp-content\\\/uploads\\\/2019\\\/02\\\/Sympt\u00f4mes-de-court-nou\u00e9-sur-Rupestris-du-Lot.jpg\",\"medium\":\"https:\\\/\\\/www.vignevin.com\\\/wp-content\\\/uploads\\\/2019\\\/02\\\/Sympt\u00f4mes-de-court-nou\u00e9-sur-Rupestris-du-Lot.jpg\",\"medium_large\":\"https:\\\/\\\/www.vignevin.com\\\/wp-content\\\/uploads\\\/2019\\\/02\\\/Sympt\u00f4mes-de-court-nou\u00e9-sur-Rupestris-du-Lot.jpg\",\"large\":\"https:\\\/\\\/www.vignevin.com\\\/wp-content\\\/uploads\\\/2019\\\/02\\\/Sympt\u00f4mes-de-court-nou\u00e9-sur-Rupestris-du-Lot.jpg\",\"1536x1536\":\"https:\\\/\\\/www.vignevin.com\\\/wp-content\\\/uploads\\\/2019\\\/02\\\/Sympt\u00f4mes-de-court-nou\u00e9-sur-Rupestris-du-Lot.jpg\",\"2048x2048\":\"https:\\\/\\\/www.vignevin.com\\\/wp-content\\\/uploads\\\/2019\\\/02\\\/Sympt\u00f4mes-de-court-nou\u00e9-sur-Rupestris-du-Lot.jpg\",\"et-pb-post-main-image\":\"https:\\\/\\\/www.vignevin.com\\\/wp-content\\\/uploads\\\/2019\\\/02\\\/Sympt\u00f4mes-de-court-nou\u00e9-sur-Rupestris-du-Lot.jpg\",\"et-pb-post-main-image-fullwidth\":\"https:\\\/\\\/www.vignevin.com\\\/wp-content\\\/uploads\\\/2019\\\/02\\\/Sympt\u00f4mes-de-court-nou\u00e9-sur-Rupestris-du-Lot.jpg\",\"et-pb-portfolio-image\":\"https:\\\/\\\/www.vignevin.com\\\/wp-content\\\/uploads\\\/2019\\\/02\\\/Sympt\u00f4mes-de-court-nou\u00e9-sur-Rupestris-du-Lot.jpg\",\"et-pb-portfolio-module-image\":\"https:\\\/\\\/www.vignevin.com\\\/wp-content\\\/uploads\\\/2019\\\/02\\\/Sympt\u00f4mes-de-court-nou\u00e9-sur-Rupestris-du-Lot.jpg\",\"et-pb-portfolio-image-single\":\"https:\\\/\\\/www.vignevin.com\\\/wp-content\\\/uploads\\\/2019\\\/02\\\/Sympt\u00f4mes-de-court-nou\u00e9-sur-Rupestris-du-Lot.jpg\",\"et-pb-gallery-module-image-portrait\":\"https:\\\/\\\/www.vignevin.com\\\/wp-content\\\/uploads\\\/2019\\\/02\\\/Sympt\u00f4mes-de-court-nou\u00e9-sur-Rupestris-du-Lot.jpg\",\"et-pb-post-main-image-fullwidth-large\":\"https:\\\/\\\/www.vignevin.com\\\/wp-content\\\/uploads\\\/2019\\\/02\\\/Sympt\u00f4mes-de-court-nou\u00e9-sur-Rupestris-du-Lot.jpg\",\"et-pb-image--responsive--desktop\":\"https:\\\/\\\/www.vignevin.com\\\/wp-content\\\/uploads\\\/2019\\\/02\\\/Sympt\u00f4mes-de-court-nou\u00e9-sur-Rupestris-du-Lot.jpg\",\"et-pb-image--responsive--tablet\":\"https:\\\/\\\/www.vignevin.com\\\/wp-content\\\/uploads\\\/2019\\\/02\\\/Sympt\u00f4mes-de-court-nou\u00e9-sur-Rupestris-du-Lot.jpg\",\"et-pb-image--responsive--phone\":\"https:\\\/\\\/www.vignevin.com\\\/wp-content\\\/uploads\\\/2019\\\/02\\\/Sympt\u00f4mes-de-court-nou\u00e9-sur-Rupestris-du-Lot.jpg\",\"gform-image-choice-sm\":\"https:\\\/\\\/www.vignevin.com\\\/wp-content\\\/uploads\\\/2019\\\/02\\\/Sympt\u00f4mes-de-court-nou\u00e9-sur-Rupestris-du-Lot.jpg\",\"gform-image-choice-md\":\"https:\\\/\\\/www.vignevin.com\\\/wp-content\\\/uploads\\\/2019\\\/02\\\/Sympt\u00f4mes-de-court-nou\u00e9-sur-Rupestris-du-Lot.jpg\",\"gform-image-choice-lg\":\"https:\\\/\\\/www.vignevin.com\\\/wp-content\\\/uploads\\\/2019\\\/02\\\/Sympt\u00f4mes-de-court-nou\u00e9-sur-Rupestris-du-Lot.jpg\",\"woocommerce_thumbnail\":\"https:\\\/\\\/www.vignevin.com\\\/wp-content\\\/uploads\\\/2019\\\/02\\\/Sympt\u00f4mes-de-court-nou\u00e9-sur-Rupestris-du-Lot-300x300.jpg\",\"woocommerce_single\":\"https:\\\/\\\/www.vignevin.com\\\/wp-content\\\/uploads\\\/2019\\\/02\\\/Sympt\u00f4mes-de-court-nou\u00e9-sur-Rupestris-du-Lot-600x393.jpg\",\"woocommerce_gallery_thumbnail\":\"https:\\\/\\\/www.vignevin.com\\\/wp-content\\\/uploads\\\/2019\\\/02\\\/Sympt\u00f4mes-de-court-nou\u00e9-sur-Rupestris-du-Lot-100x100.jpg\",\"full\":\"https:\\\/\\\/www.vignevin.com\\\/wp-content\\\/uploads\\\/2019\\\/02\\\/Sympt\u00f4mes-de-court-nou\u00e9-sur-Rupestris-du-Lot.jpg\",\"index\":49,\"id\":9987,\"video\":false,\"opts\":{\"caption\":\"\",\"thumb\":\"https:\\\/\\\/www.vignevin.com\\\/wp-content\\\/uploads\\\/2019\\\/02\\\/Sympt\u00f4mes-de-court-nou\u00e9-sur-Rupestris-du-Lot-75x50_c.jpg\",\"title\":\"Sympt&amp;ocirc;mes de court-nou&amp;eacute; sur Rupestris du Lot\"},\"gallery_id\":17410,\"gallery_title\":\"Grapevines virus\"},\"9988\":{\"status\":\"active\",\"src\":\"https:\\\/\\\/www.vignevin.com\\\/wp-content\\\/uploads\\\/2019\\\/02\\\/Sympt\u00f4mes-de-court-nou\u00e9-sur-Sauvignon-blanc-double-n\u0153ud.jpg\",\"title\":\"Sympt&amp;ocirc;mes de court-nou&amp;eacute; sur Sauvignon blanc double-n&amp;oelig;ud\",\"link\":\"https:\\\/\\\/www.vignevin.com\\\/wp-content\\\/uploads\\\/2019\\\/02\\\/Sympt\u00f4mes-de-court-nou\u00e9-sur-Sauvignon-blanc-double-n\u0153ud.jpg\",\"alt\":\"\",\"caption\":false,\"thumb\":\"https:\\\/\\\/www.vignevin.com\\\/wp-content\\\/uploads\\\/2019\\\/02\\\/Sympt\u00f4mes-de-court-nou\u00e9-sur-Sauvignon-blanc-double-n\u0153ud-75x50_c.jpg\",\"meta\":{\"aperture\":\"3.3\",\"credit\":null,\"camera\":\"DMC-TZ10\",\"caption\":\"\",\"created_timestamp\":\"1313747553\",\"copyright\":null,\"focal_length\":\"4.1\",\"iso\":\"80\",\"shutter_speed\":\"0.02\",\"title\":\"\",\"orientation\":\"1\",\"keywords\":null},\"thumbnail\":\"https:\\\/\\\/www.vignevin.com\\\/wp-content\\\/uploads\\\/2019\\\/02\\\/Sympt\u00f4mes-de-court-nou\u00e9-sur-Sauvignon-blanc-double-n\u0153ud.jpg\",\"medium\":\"https:\\\/\\\/www.vignevin.com\\\/wp-content\\\/uploads\\\/2019\\\/02\\\/Sympt\u00f4mes-de-court-nou\u00e9-sur-Sauvignon-blanc-double-n\u0153ud.jpg\",\"medium_large\":\"https:\\\/\\\/www.vignevin.com\\\/wp-content\\\/uploads\\\/2019\\\/02\\\/Sympt\u00f4mes-de-court-nou\u00e9-sur-Sauvignon-blanc-double-n\u0153ud.jpg\",\"large\":\"https:\\\/\\\/www.vignevin.com\\\/wp-content\\\/uploads\\\/2019\\\/02\\\/Sympt\u00f4mes-de-court-nou\u00e9-sur-Sauvignon-blanc-double-n\u0153ud.jpg\",\"1536x1536\":\"https:\\\/\\\/www.vignevin.com\\\/wp-content\\\/uploads\\\/2019\\\/02\\\/Sympt\u00f4mes-de-court-nou\u00e9-sur-Sauvignon-blanc-double-n\u0153ud.jpg\",\"2048x2048\":\"https:\\\/\\\/www.vignevin.com\\\/wp-content\\\/uploads\\\/2019\\\/02\\\/Sympt\u00f4mes-de-court-nou\u00e9-sur-Sauvignon-blanc-double-n\u0153ud.jpg\",\"et-pb-post-main-image\":\"https:\\\/\\\/www.vignevin.com\\\/wp-content\\\/uploads\\\/2019\\\/02\\\/Sympt\u00f4mes-de-court-nou\u00e9-sur-Sauvignon-blanc-double-n\u0153ud.jpg\",\"et-pb-post-main-image-fullwidth\":\"https:\\\/\\\/www.vignevin.com\\\/wp-content\\\/uploads\\\/2019\\\/02\\\/Sympt\u00f4mes-de-court-nou\u00e9-sur-Sauvignon-blanc-double-n\u0153ud.jpg\",\"et-pb-portfolio-image\":\"https:\\\/\\\/www.vignevin.com\\\/wp-content\\\/uploads\\\/2019\\\/02\\\/Sympt\u00f4mes-de-court-nou\u00e9-sur-Sauvignon-blanc-double-n\u0153ud.jpg\",\"et-pb-portfolio-module-image\":\"https:\\\/\\\/www.vignevin.com\\\/wp-content\\\/uploads\\\/2019\\\/02\\\/Sympt\u00f4mes-de-court-nou\u00e9-sur-Sauvignon-blanc-double-n\u0153ud.jpg\",\"et-pb-portfolio-image-single\":\"https:\\\/\\\/www.vignevin.com\\\/wp-content\\\/uploads\\\/2019\\\/02\\\/Sympt\u00f4mes-de-court-nou\u00e9-sur-Sauvignon-blanc-double-n\u0153ud.jpg\",\"et-pb-gallery-module-image-portrait\":\"https:\\\/\\\/www.vignevin.com\\\/wp-content\\\/uploads\\\/2019\\\/02\\\/Sympt\u00f4mes-de-court-nou\u00e9-sur-Sauvignon-blanc-double-n\u0153ud.jpg\",\"et-pb-post-main-image-fullwidth-large\":\"https:\\\/\\\/www.vignevin.com\\\/wp-content\\\/uploads\\\/2019\\\/02\\\/Sympt\u00f4mes-de-court-nou\u00e9-sur-Sauvignon-blanc-double-n\u0153ud.jpg\",\"et-pb-image--responsive--desktop\":\"https:\\\/\\\/www.vignevin.com\\\/wp-content\\\/uploads\\\/2019\\\/02\\\/Sympt\u00f4mes-de-court-nou\u00e9-sur-Sauvignon-blanc-double-n\u0153ud.jpg\",\"et-pb-image--responsive--tablet\":\"https:\\\/\\\/www.vignevin.com\\\/wp-content\\\/uploads\\\/2019\\\/02\\\/Sympt\u00f4mes-de-court-nou\u00e9-sur-Sauvignon-blanc-double-n\u0153ud.jpg\",\"et-pb-image--responsive--phone\":\"https:\\\/\\\/www.vignevin.com\\\/wp-content\\\/uploads\\\/2019\\\/02\\\/Sympt\u00f4mes-de-court-nou\u00e9-sur-Sauvignon-blanc-double-n\u0153ud.jpg\",\"gform-image-choice-sm\":\"https:\\\/\\\/www.vignevin.com\\\/wp-content\\\/uploads\\\/2019\\\/02\\\/Sympt\u00f4mes-de-court-nou\u00e9-sur-Sauvignon-blanc-double-n\u0153ud.jpg\",\"gform-image-choice-md\":\"https:\\\/\\\/www.vignevin.com\\\/wp-content\\\/uploads\\\/2019\\\/02\\\/Sympt\u00f4mes-de-court-nou\u00e9-sur-Sauvignon-blanc-double-n\u0153ud.jpg\",\"gform-image-choice-lg\":\"https:\\\/\\\/www.vignevin.com\\\/wp-content\\\/uploads\\\/2019\\\/02\\\/Sympt\u00f4mes-de-court-nou\u00e9-sur-Sauvignon-blanc-double-n\u0153ud.jpg\",\"woocommerce_thumbnail\":\"https:\\\/\\\/www.vignevin.com\\\/wp-content\\\/uploads\\\/2019\\\/02\\\/Sympt\u00f4mes-de-court-nou\u00e9-sur-Sauvignon-blanc-double-n\u0153ud-300x300.jpg\",\"woocommerce_single\":\"https:\\\/\\\/www.vignevin.com\\\/wp-content\\\/uploads\\\/2019\\\/02\\\/Sympt\u00f4mes-de-court-nou\u00e9-sur-Sauvignon-blanc-double-n\u0153ud-600x450.jpg\",\"woocommerce_gallery_thumbnail\":\"https:\\\/\\\/www.vignevin.com\\\/wp-content\\\/uploads\\\/2019\\\/02\\\/Sympt\u00f4mes-de-court-nou\u00e9-sur-Sauvignon-blanc-double-n\u0153ud-100x100.jpg\",\"full\":\"https:\\\/\\\/www.vignevin.com\\\/wp-content\\\/uploads\\\/2019\\\/02\\\/Sympt\u00f4mes-de-court-nou\u00e9-sur-Sauvignon-blanc-double-n\u0153ud.jpg\",\"index\":50,\"id\":9988,\"video\":false,\"opts\":{\"caption\":\"\",\"thumb\":\"https:\\\/\\\/www.vignevin.com\\\/wp-content\\\/uploads\\\/2019\\\/02\\\/Sympt\u00f4mes-de-court-nou\u00e9-sur-Sauvignon-blanc-double-n\u0153ud-75x50_c.jpg\",\"title\":\"Sympt&amp;ocirc;mes de court-nou&amp;eacute; sur Sauvignon blanc double-n&amp;oelig;ud\"},\"gallery_id\":17410,\"gallery_title\":\"Grapevines virus\"},\"9989\":{\"status\":\"active\",\"src\":\"https:\\\/\\\/www.vignevin.com\\\/wp-content\\\/uploads\\\/2019\\\/02\\\/Sympt\u00f4mes-de-court-nou\u00e9-sur-Sauvignon-blanc-double-n\u0153uds-scaled.jpg\",\"title\":\"Sympt&amp;ocirc;mes de court-nou&amp;eacute; sur Sauvignon blanc double-n&amp;oelig;uds\",\"link\":\"https:\\\/\\\/www.vignevin.com\\\/wp-content\\\/uploads\\\/2019\\\/02\\\/Sympt\u00f4mes-de-court-nou\u00e9-sur-Sauvignon-blanc-double-n\u0153uds.jpg\",\"alt\":\"\",\"caption\":false,\"thumb\":\"https:\\\/\\\/www.vignevin.com\\\/wp-content\\\/uploads\\\/2019\\\/02\\\/Sympt\u00f4mes-de-court-nou\u00e9-sur-Sauvignon-blanc-double-n\u0153uds-scaled-75x50_c.jpg\",\"meta\":{\"aperture\":\"4\",\"credit\":null,\"camera\":\"DMC-TZ10\",\"caption\":\"\",\"created_timestamp\":\"1467198819\",\"copyright\":null,\"focal_length\":\"4.1\",\"iso\":\"80\",\"shutter_speed\":\"0.005\",\"title\":\"\",\"orientation\":\"1\",\"keywords\":null,\"resized_images\":null},\"thumbnail\":\"https:\\\/\\\/www.vignevin.com\\\/wp-content\\\/uploads\\\/2019\\\/02\\\/Sympt\u00f4mes-de-court-nou\u00e9-sur-Sauvignon-blanc-double-n\u0153uds-scaled.jpg\",\"medium\":\"https:\\\/\\\/www.vignevin.com\\\/wp-content\\\/uploads\\\/2019\\\/02\\\/Sympt\u00f4mes-de-court-nou\u00e9-sur-Sauvignon-blanc-double-n\u0153uds-scaled.jpg\",\"medium_large\":\"https:\\\/\\\/www.vignevin.com\\\/wp-content\\\/uploads\\\/2019\\\/02\\\/Sympt\u00f4mes-de-court-nou\u00e9-sur-Sauvignon-blanc-double-n\u0153uds-scaled.jpg\",\"large\":\"https:\\\/\\\/www.vignevin.com\\\/wp-content\\\/uploads\\\/2019\\\/02\\\/Sympt\u00f4mes-de-court-nou\u00e9-sur-Sauvignon-blanc-double-n\u0153uds-scaled.jpg\",\"1536x1536\":\"https:\\\/\\\/www.vignevin.com\\\/wp-content\\\/uploads\\\/2019\\\/02\\\/Sympt\u00f4mes-de-court-nou\u00e9-sur-Sauvignon-blanc-double-n\u0153uds-scaled.jpg\",\"2048x2048\":\"https:\\\/\\\/www.vignevin.com\\\/wp-content\\\/uploads\\\/2019\\\/02\\\/Sympt\u00f4mes-de-court-nou\u00e9-sur-Sauvignon-blanc-double-n\u0153uds-scaled.jpg\",\"et-pb-post-main-image\":\"https:\\\/\\\/www.vignevin.com\\\/wp-content\\\/uploads\\\/2019\\\/02\\\/Sympt\u00f4mes-de-court-nou\u00e9-sur-Sauvignon-blanc-double-n\u0153uds-scaled.jpg\",\"et-pb-post-main-image-fullwidth\":\"https:\\\/\\\/www.vignevin.com\\\/wp-content\\\/uploads\\\/2019\\\/02\\\/Sympt\u00f4mes-de-court-nou\u00e9-sur-Sauvignon-blanc-double-n\u0153uds-scaled.jpg\",\"et-pb-portfolio-image\":\"https:\\\/\\\/www.vignevin.com\\\/wp-content\\\/uploads\\\/2019\\\/02\\\/Sympt\u00f4mes-de-court-nou\u00e9-sur-Sauvignon-blanc-double-n\u0153uds-scaled.jpg\",\"et-pb-portfolio-module-image\":\"https:\\\/\\\/www.vignevin.com\\\/wp-content\\\/uploads\\\/2019\\\/02\\\/Sympt\u00f4mes-de-court-nou\u00e9-sur-Sauvignon-blanc-double-n\u0153uds-scaled.jpg\",\"et-pb-portfolio-image-single\":\"https:\\\/\\\/www.vignevin.com\\\/wp-content\\\/uploads\\\/2019\\\/02\\\/Sympt\u00f4mes-de-court-nou\u00e9-sur-Sauvignon-blanc-double-n\u0153uds-scaled.jpg\",\"et-pb-gallery-module-image-portrait\":\"https:\\\/\\\/www.vignevin.com\\\/wp-content\\\/uploads\\\/2019\\\/02\\\/Sympt\u00f4mes-de-court-nou\u00e9-sur-Sauvignon-blanc-double-n\u0153uds-scaled.jpg\",\"et-pb-post-main-image-fullwidth-large\":\"https:\\\/\\\/www.vignevin.com\\\/wp-content\\\/uploads\\\/2019\\\/02\\\/Sympt\u00f4mes-de-court-nou\u00e9-sur-Sauvignon-blanc-double-n\u0153uds-scaled.jpg\",\"et-pb-image--responsive--desktop\":\"https:\\\/\\\/www.vignevin.com\\\/wp-content\\\/uploads\\\/2019\\\/02\\\/Sympt\u00f4mes-de-court-nou\u00e9-sur-Sauvignon-blanc-double-n\u0153uds-scaled.jpg\",\"et-pb-image--responsive--tablet\":\"https:\\\/\\\/www.vignevin.com\\\/wp-content\\\/uploads\\\/2019\\\/02\\\/Sympt\u00f4mes-de-court-nou\u00e9-sur-Sauvignon-blanc-double-n\u0153uds-scaled.jpg\",\"et-pb-image--responsive--phone\":\"https:\\\/\\\/www.vignevin.com\\\/wp-content\\\/uploads\\\/2019\\\/02\\\/Sympt\u00f4mes-de-court-nou\u00e9-sur-Sauvignon-blanc-double-n\u0153uds-scaled.jpg\",\"gform-image-choice-sm\":\"https:\\\/\\\/www.vignevin.com\\\/wp-content\\\/uploads\\\/2019\\\/02\\\/Sympt\u00f4mes-de-court-nou\u00e9-sur-Sauvignon-blanc-double-n\u0153uds-scaled.jpg\",\"gform-image-choice-md\":\"https:\\\/\\\/www.vignevin.com\\\/wp-content\\\/uploads\\\/2019\\\/02\\\/Sympt\u00f4mes-de-court-nou\u00e9-sur-Sauvignon-blanc-double-n\u0153uds-scaled.jpg\",\"gform-image-choice-lg\":\"https:\\\/\\\/www.vignevin.com\\\/wp-content\\\/uploads\\\/2019\\\/02\\\/Sympt\u00f4mes-de-court-nou\u00e9-sur-Sauvignon-blanc-double-n\u0153uds-scaled.jpg\",\"woocommerce_thumbnail\":\"https:\\\/\\\/www.vignevin.com\\\/wp-content\\\/uploads\\\/2019\\\/02\\\/Sympt\u00f4mes-de-court-nou\u00e9-sur-Sauvignon-blanc-double-n\u0153uds-scaled-300x300.jpg\",\"woocommerce_single\":\"https:\\\/\\\/www.vignevin.com\\\/wp-content\\\/uploads\\\/2019\\\/02\\\/Sympt\u00f4mes-de-court-nou\u00e9-sur-Sauvignon-blanc-double-n\u0153uds-scaled-600x810.jpg\",\"woocommerce_gallery_thumbnail\":\"https:\\\/\\\/www.vignevin.com\\\/wp-content\\\/uploads\\\/2019\\\/02\\\/Sympt\u00f4mes-de-court-nou\u00e9-sur-Sauvignon-blanc-double-n\u0153uds-scaled-100x100.jpg\",\"full\":\"https:\\\/\\\/www.vignevin.com\\\/wp-content\\\/uploads\\\/2019\\\/02\\\/Sympt\u00f4mes-de-court-nou\u00e9-sur-Sauvignon-blanc-double-n\u0153uds-scaled.jpg\",\"index\":51,\"id\":9989,\"video\":false,\"opts\":{\"caption\":\"\",\"thumb\":\"https:\\\/\\\/www.vignevin.com\\\/wp-content\\\/uploads\\\/2019\\\/02\\\/Sympt\u00f4mes-de-court-nou\u00e9-sur-Sauvignon-blanc-double-n\u0153uds-scaled-75x50_c.jpg\",\"title\":\"Sympt&amp;ocirc;mes de court-nou&amp;eacute; sur Sauvignon blanc double-n&amp;oelig;uds\"},\"gallery_id\":17410,\"gallery_title\":\"Grapevines virus\"},\"9990\":{\"status\":\"active\",\"src\":\"https:\\\/\\\/www.vignevin.com\\\/wp-content\\\/uploads\\\/2019\\\/02\\\/Sympt\u00f4mes-de-court-nou\u00e9-sur-Sauvignon-blanc-feuille-d\u00e9form\u00e9e-scaled.jpg\",\"title\":\"Sympt&amp;ocirc;mes de court-nou&amp;eacute; sur Sauvignon blanc feuille d&amp;eacute;form&amp;eacute;e\",\"link\":\"https:\\\/\\\/www.vignevin.com\\\/wp-content\\\/uploads\\\/2019\\\/02\\\/Sympt\u00f4mes-de-court-nou\u00e9-sur-Sauvignon-blanc-feuille-d\u00e9form\u00e9e.jpg\",\"alt\":\"\",\"caption\":false,\"thumb\":\"https:\\\/\\\/www.vignevin.com\\\/wp-content\\\/uploads\\\/2019\\\/02\\\/Sympt\u00f4mes-de-court-nou\u00e9-sur-Sauvignon-blanc-feuille-d\u00e9form\u00e9e-scaled-75x50_c.jpg\",\"meta\":{\"aperture\":\"6.3\",\"credit\":null,\"camera\":\"DMC-TZ10\",\"caption\":\"\",\"created_timestamp\":\"1467198378\",\"copyright\":null,\"focal_length\":\"4.1\",\"iso\":\"125\",\"shutter_speed\":\"0.00125\",\"title\":\"\",\"orientation\":\"1\",\"keywords\":null},\"thumbnail\":\"https:\\\/\\\/www.vignevin.com\\\/wp-content\\\/uploads\\\/2019\\\/02\\\/Sympt\u00f4mes-de-court-nou\u00e9-sur-Sauvignon-blanc-feuille-d\u00e9form\u00e9e-150x150.jpg\",\"medium\":\"https:\\\/\\\/www.vignevin.com\\\/wp-content\\\/uploads\\\/2019\\\/02\\\/Sympt\u00f4mes-de-court-nou\u00e9-sur-Sauvignon-blanc-feuille-d\u00e9form\u00e9e-295x300.jpg\",\"medium_large\":\"https:\\\/\\\/www.vignevin.com\\\/wp-content\\\/uploads\\\/2019\\\/02\\\/Sympt\u00f4mes-de-court-nou\u00e9-sur-Sauvignon-blanc-feuille-d\u00e9form\u00e9e-768x781.jpg\",\"large\":\"https:\\\/\\\/www.vignevin.com\\\/wp-content\\\/uploads\\\/2019\\\/02\\\/Sympt\u00f4mes-de-court-nou\u00e9-sur-Sauvignon-blanc-feuille-d\u00e9form\u00e9e-1007x1024.jpg\",\"1536x1536\":\"https:\\\/\\\/www.vignevin.com\\\/wp-content\\\/uploads\\\/2019\\\/02\\\/Sympt\u00f4mes-de-court-nou\u00e9-sur-Sauvignon-blanc-feuille-d\u00e9form\u00e9e-scaled.jpg\",\"2048x2048\":\"https:\\\/\\\/www.vignevin.com\\\/wp-content\\\/uploads\\\/2019\\\/02\\\/Sympt\u00f4mes-de-court-nou\u00e9-sur-Sauvignon-blanc-feuille-d\u00e9form\u00e9e-scaled.jpg\",\"et-pb-post-main-image\":\"https:\\\/\\\/www.vignevin.com\\\/wp-content\\\/uploads\\\/2019\\\/02\\\/Sympt\u00f4mes-de-court-nou\u00e9-sur-Sauvignon-blanc-feuille-d\u00e9form\u00e9e-400x250.jpg\",\"et-pb-post-main-image-fullwidth\":\"https:\\\/\\\/www.vignevin.com\\\/wp-content\\\/uploads\\\/2019\\\/02\\\/Sympt\u00f4mes-de-court-nou\u00e9-sur-Sauvignon-blanc-feuille-d\u00e9form\u00e9e-1080x675.jpg\",\"et-pb-portfolio-image\":\"https:\\\/\\\/www.vignevin.com\\\/wp-content\\\/uploads\\\/2019\\\/02\\\/Sympt\u00f4mes-de-court-nou\u00e9-sur-Sauvignon-blanc-feuille-d\u00e9form\u00e9e-400x284.jpg\",\"et-pb-portfolio-module-image\":\"https:\\\/\\\/www.vignevin.com\\\/wp-content\\\/uploads\\\/2019\\\/02\\\/Sympt\u00f4mes-de-court-nou\u00e9-sur-Sauvignon-blanc-feuille-d\u00e9form\u00e9e-510x382.jpg\",\"et-pb-portfolio-image-single\":\"https:\\\/\\\/www.vignevin.com\\\/wp-content\\\/uploads\\\/2019\\\/02\\\/Sympt\u00f4mes-de-court-nou\u00e9-sur-Sauvignon-blanc-feuille-d\u00e9form\u00e9e-1080x1099.jpg\",\"et-pb-gallery-module-image-portrait\":\"https:\\\/\\\/www.vignevin.com\\\/wp-content\\\/uploads\\\/2019\\\/02\\\/Sympt\u00f4mes-de-court-nou\u00e9-sur-Sauvignon-blanc-feuille-d\u00e9form\u00e9e-400x516.jpg\",\"et-pb-post-main-image-fullwidth-large\":\"https:\\\/\\\/www.vignevin.com\\\/wp-content\\\/uploads\\\/2019\\\/02\\\/Sympt\u00f4mes-de-court-nou\u00e9-sur-Sauvignon-blanc-feuille-d\u00e9form\u00e9e-2761x1800.jpg\",\"et-pb-image--responsive--desktop\":\"https:\\\/\\\/www.vignevin.com\\\/wp-content\\\/uploads\\\/2019\\\/02\\\/Sympt\u00f4mes-de-court-nou\u00e9-sur-Sauvignon-blanc-feuille-d\u00e9form\u00e9e-scaled.jpg\",\"et-pb-image--responsive--tablet\":\"https:\\\/\\\/www.vignevin.com\\\/wp-content\\\/uploads\\\/2019\\\/02\\\/Sympt\u00f4mes-de-court-nou\u00e9-sur-Sauvignon-blanc-feuille-d\u00e9form\u00e9e-scaled.jpg\",\"et-pb-image--responsive--phone\":\"https:\\\/\\\/www.vignevin.com\\\/wp-content\\\/uploads\\\/2019\\\/02\\\/Sympt\u00f4mes-de-court-nou\u00e9-sur-Sauvignon-blanc-feuille-d\u00e9form\u00e9e-scaled.jpg\",\"gform-image-choice-sm\":\"https:\\\/\\\/www.vignevin.com\\\/wp-content\\\/uploads\\\/2019\\\/02\\\/Sympt\u00f4mes-de-court-nou\u00e9-sur-Sauvignon-blanc-feuille-d\u00e9form\u00e9e-scaled.jpg\",\"gform-image-choice-md\":\"https:\\\/\\\/www.vignevin.com\\\/wp-content\\\/uploads\\\/2019\\\/02\\\/Sympt\u00f4mes-de-court-nou\u00e9-sur-Sauvignon-blanc-feuille-d\u00e9form\u00e9e-scaled.jpg\",\"gform-image-choice-lg\":\"https:\\\/\\\/www.vignevin.com\\\/wp-content\\\/uploads\\\/2019\\\/02\\\/Sympt\u00f4mes-de-court-nou\u00e9-sur-Sauvignon-blanc-feuille-d\u00e9form\u00e9e-scaled.jpg\",\"woocommerce_thumbnail\":\"https:\\\/\\\/www.vignevin.com\\\/wp-content\\\/uploads\\\/2019\\\/02\\\/Sympt\u00f4mes-de-court-nou\u00e9-sur-Sauvignon-blanc-feuille-d\u00e9form\u00e9e-scaled-300x300.jpg\",\"woocommerce_single\":\"https:\\\/\\\/www.vignevin.com\\\/wp-content\\\/uploads\\\/2019\\\/02\\\/Sympt\u00f4mes-de-court-nou\u00e9-sur-Sauvignon-blanc-feuille-d\u00e9form\u00e9e-scaled-600x610.jpg\",\"woocommerce_gallery_thumbnail\":\"https:\\\/\\\/www.vignevin.com\\\/wp-content\\\/uploads\\\/2019\\\/02\\\/Sympt\u00f4mes-de-court-nou\u00e9-sur-Sauvignon-blanc-feuille-d\u00e9form\u00e9e-scaled-100x100.jpg\",\"full\":\"https:\\\/\\\/www.vignevin.com\\\/wp-content\\\/uploads\\\/2019\\\/02\\\/Sympt\u00f4mes-de-court-nou\u00e9-sur-Sauvignon-blanc-feuille-d\u00e9form\u00e9e-scaled.jpg\",\"index\":52,\"id\":9990,\"video\":false,\"opts\":{\"caption\":\"\",\"thumb\":\"https:\\\/\\\/www.vignevin.com\\\/wp-content\\\/uploads\\\/2019\\\/02\\\/Sympt\u00f4mes-de-court-nou\u00e9-sur-Sauvignon-blanc-feuille-d\u00e9form\u00e9e-scaled-75x50_c.jpg\",\"title\":\"Sympt&amp;ocirc;mes de court-nou&amp;eacute; sur Sauvignon blanc feuille d&amp;eacute;form&amp;eacute;e\"},\"gallery_id\":17410,\"gallery_title\":\"Grapevines virus\"},\"9991\":{\"status\":\"active\",\"src\":\"https:\\\/\\\/www.vignevin.com\\\/wp-content\\\/uploads\\\/2019\\\/02\\\/Sympt\u00f4mes-de-court-nou\u00e9-sur-Sauvignon-blanc-feuille-normale-gauche-et-feuille-d\u00e9form\u00e9e-droite-scaled.jpg\",\"title\":\"Sympt&amp;ocirc;mes de court-nou&amp;eacute; sur Sauvignon blanc feuille normale (gauche) et feuille d&amp;eacute;form&amp;eacute;e (droite)\",\"link\":\"https:\\\/\\\/www.vignevin.com\\\/wp-content\\\/uploads\\\/2019\\\/02\\\/Sympt\u00f4mes-de-court-nou\u00e9-sur-Sauvignon-blanc-feuille-normale-gauche-et-feuille-d\u00e9form\u00e9e-droite.jpg\",\"alt\":\"\",\"caption\":false,\"thumb\":\"https:\\\/\\\/www.vignevin.com\\\/wp-content\\\/uploads\\\/2019\\\/02\\\/Sympt\u00f4mes-de-court-nou\u00e9-sur-Sauvignon-blanc-feuille-normale-gauche-et-feuille-d\u00e9form\u00e9e-droite-scaled-75x50_c.jpg\",\"meta\":{\"aperture\":\"4\",\"credit\":null,\"camera\":\"DMC-TZ10\",\"caption\":\"\",\"created_timestamp\":\"1467198887\",\"copyright\":null,\"focal_length\":\"4.1\",\"iso\":\"125\",\"shutter_speed\":\"0.005\",\"title\":\"\",\"orientation\":\"1\",\"keywords\":null},\"thumbnail\":\"https:\\\/\\\/www.vignevin.com\\\/wp-content\\\/uploads\\\/2019\\\/02\\\/Sympt\u00f4mes-de-court-nou\u00e9-sur-Sauvignon-blanc-feuille-normale-gauche-et-feuille-d\u00e9form\u00e9e-droite-150x150.jpg\",\"medium\":\"https:\\\/\\\/www.vignevin.com\\\/wp-content\\\/uploads\\\/2019\\\/02\\\/Sympt\u00f4mes-de-court-nou\u00e9-sur-Sauvignon-blanc-feuille-normale-gauche-et-feuille-d\u00e9form\u00e9e-droite-300x225.jpg\",\"medium_large\":\"https:\\\/\\\/www.vignevin.com\\\/wp-content\\\/uploads\\\/2019\\\/02\\\/Sympt\u00f4mes-de-court-nou\u00e9-sur-Sauvignon-blanc-feuille-normale-gauche-et-feuille-d\u00e9form\u00e9e-droite-768x576.jpg\",\"large\":\"https:\\\/\\\/www.vignevin.com\\\/wp-content\\\/uploads\\\/2019\\\/02\\\/Sympt\u00f4mes-de-court-nou\u00e9-sur-Sauvignon-blanc-feuille-normale-gauche-et-feuille-d\u00e9form\u00e9e-droite-1024x768.jpg\",\"1536x1536\":\"https:\\\/\\\/www.vignevin.com\\\/wp-content\\\/uploads\\\/2019\\\/02\\\/Sympt\u00f4mes-de-court-nou\u00e9-sur-Sauvignon-blanc-feuille-normale-gauche-et-feuille-d\u00e9form\u00e9e-droite-scaled.jpg\",\"2048x2048\":\"https:\\\/\\\/www.vignevin.com\\\/wp-content\\\/uploads\\\/2019\\\/02\\\/Sympt\u00f4mes-de-court-nou\u00e9-sur-Sauvignon-blanc-feuille-normale-gauche-et-feuille-d\u00e9form\u00e9e-droite-scaled.jpg\",\"et-pb-post-main-image\":\"https:\\\/\\\/www.vignevin.com\\\/wp-content\\\/uploads\\\/2019\\\/02\\\/Sympt\u00f4mes-de-court-nou\u00e9-sur-Sauvignon-blanc-feuille-normale-gauche-et-feuille-d\u00e9form\u00e9e-droite-400x250.jpg\",\"et-pb-post-main-image-fullwidth\":\"https:\\\/\\\/www.vignevin.com\\\/wp-content\\\/uploads\\\/2019\\\/02\\\/Sympt\u00f4mes-de-court-nou\u00e9-sur-Sauvignon-blanc-feuille-normale-gauche-et-feuille-d\u00e9form\u00e9e-droite-1080x675.jpg\",\"et-pb-portfolio-image\":\"https:\\\/\\\/www.vignevin.com\\\/wp-content\\\/uploads\\\/2019\\\/02\\\/Sympt\u00f4mes-de-court-nou\u00e9-sur-Sauvignon-blanc-feuille-normale-gauche-et-feuille-d\u00e9form\u00e9e-droite-400x284.jpg\",\"et-pb-portfolio-module-image\":\"https:\\\/\\\/www.vignevin.com\\\/wp-content\\\/uploads\\\/2019\\\/02\\\/Sympt\u00f4mes-de-court-nou\u00e9-sur-Sauvignon-blanc-feuille-normale-gauche-et-feuille-d\u00e9form\u00e9e-droite-510x382.jpg\",\"et-pb-portfolio-image-single\":\"https:\\\/\\\/www.vignevin.com\\\/wp-content\\\/uploads\\\/2019\\\/02\\\/Sympt\u00f4mes-de-court-nou\u00e9-sur-Sauvignon-blanc-feuille-normale-gauche-et-feuille-d\u00e9form\u00e9e-droite-1080x810.jpg\",\"et-pb-gallery-module-image-portrait\":\"https:\\\/\\\/www.vignevin.com\\\/wp-content\\\/uploads\\\/2019\\\/02\\\/Sympt\u00f4mes-de-court-nou\u00e9-sur-Sauvignon-blanc-feuille-normale-gauche-et-feuille-d\u00e9form\u00e9e-droite-400x516.jpg\",\"et-pb-post-main-image-fullwidth-large\":\"https:\\\/\\\/www.vignevin.com\\\/wp-content\\\/uploads\\\/2019\\\/02\\\/Sympt\u00f4mes-de-court-nou\u00e9-sur-Sauvignon-blanc-feuille-normale-gauche-et-feuille-d\u00e9form\u00e9e-droite-2880x1800.jpg\",\"et-pb-image--responsive--desktop\":\"https:\\\/\\\/www.vignevin.com\\\/wp-content\\\/uploads\\\/2019\\\/02\\\/Sympt\u00f4mes-de-court-nou\u00e9-sur-Sauvignon-blanc-feuille-normale-gauche-et-feuille-d\u00e9form\u00e9e-droite-scaled.jpg\",\"et-pb-image--responsive--tablet\":\"https:\\\/\\\/www.vignevin.com\\\/wp-content\\\/uploads\\\/2019\\\/02\\\/Sympt\u00f4mes-de-court-nou\u00e9-sur-Sauvignon-blanc-feuille-normale-gauche-et-feuille-d\u00e9form\u00e9e-droite-scaled.jpg\",\"et-pb-image--responsive--phone\":\"https:\\\/\\\/www.vignevin.com\\\/wp-content\\\/uploads\\\/2019\\\/02\\\/Sympt\u00f4mes-de-court-nou\u00e9-sur-Sauvignon-blanc-feuille-normale-gauche-et-feuille-d\u00e9form\u00e9e-droite-scaled.jpg\",\"gform-image-choice-sm\":\"https:\\\/\\\/www.vignevin.com\\\/wp-content\\\/uploads\\\/2019\\\/02\\\/Sympt\u00f4mes-de-court-nou\u00e9-sur-Sauvignon-blanc-feuille-normale-gauche-et-feuille-d\u00e9form\u00e9e-droite-scaled.jpg\",\"gform-image-choice-md\":\"https:\\\/\\\/www.vignevin.com\\\/wp-content\\\/uploads\\\/2019\\\/02\\\/Sympt\u00f4mes-de-court-nou\u00e9-sur-Sauvignon-blanc-feuille-normale-gauche-et-feuille-d\u00e9form\u00e9e-droite-scaled.jpg\",\"gform-image-choice-lg\":\"https:\\\/\\\/www.vignevin.com\\\/wp-content\\\/uploads\\\/2019\\\/02\\\/Sympt\u00f4mes-de-court-nou\u00e9-sur-Sauvignon-blanc-feuille-normale-gauche-et-feuille-d\u00e9form\u00e9e-droite-scaled.jpg\",\"woocommerce_thumbnail\":\"https:\\\/\\\/www.vignevin.com\\\/wp-content\\\/uploads\\\/2019\\\/02\\\/Sympt\u00f4mes-de-court-nou\u00e9-sur-Sauvignon-blanc-feuille-normale-gauche-et-feuille-d\u00e9form\u00e9e-droite-scaled-300x300.jpg\",\"woocommerce_single\":\"https:\\\/\\\/www.vignevin.com\\\/wp-content\\\/uploads\\\/2019\\\/02\\\/Sympt\u00f4mes-de-court-nou\u00e9-sur-Sauvignon-blanc-feuille-normale-gauche-et-feuille-d\u00e9form\u00e9e-droite-scaled-600x450.jpg\",\"woocommerce_gallery_thumbnail\":\"https:\\\/\\\/www.vignevin.com\\\/wp-content\\\/uploads\\\/2019\\\/02\\\/Sympt\u00f4mes-de-court-nou\u00e9-sur-Sauvignon-blanc-feuille-normale-gauche-et-feuille-d\u00e9form\u00e9e-droite-scaled-100x100.jpg\",\"full\":\"https:\\\/\\\/www.vignevin.com\\\/wp-content\\\/uploads\\\/2019\\\/02\\\/Sympt\u00f4mes-de-court-nou\u00e9-sur-Sauvignon-blanc-feuille-normale-gauche-et-feuille-d\u00e9form\u00e9e-droite-scaled.jpg\",\"index\":53,\"id\":9991,\"video\":false,\"opts\":{\"caption\":\"\",\"thumb\":\"https:\\\/\\\/www.vignevin.com\\\/wp-content\\\/uploads\\\/2019\\\/02\\\/Sympt\u00f4mes-de-court-nou\u00e9-sur-Sauvignon-blanc-feuille-normale-gauche-et-feuille-d\u00e9form\u00e9e-droite-scaled-75x50_c.jpg\",\"title\":\"Sympt&amp;ocirc;mes de court-nou&amp;eacute; sur Sauvignon blanc feuille normale (gauche) et feuille d&amp;eacute;form&amp;eacute;e (droite)\"},\"gallery_id\":17410,\"gallery_title\":\"Grapevines virus\"},\"9992\":{\"status\":\"active\",\"src\":\"https:\\\/\\\/www.vignevin.com\\\/wp-content\\\/uploads\\\/2019\\\/02\\\/Sympt\u00f4mes-de-court-nou\u00e9-sur-Sauvignon-blanc-grappe-millerand\u00e9e.jpg\",\"title\":\"Sympt&amp;ocirc;mes de court-nou&amp;eacute; sur Sauvignon blanc grappe millerand&amp;eacute;e\",\"link\":\"https:\\\/\\\/www.vignevin.com\\\/wp-content\\\/uploads\\\/2019\\\/02\\\/Sympt\u00f4mes-de-court-nou\u00e9-sur-Sauvignon-blanc-grappe-millerand\u00e9e.jpg\",\"alt\":\"\",\"caption\":false,\"thumb\":\"https:\\\/\\\/www.vignevin.com\\\/wp-content\\\/uploads\\\/2019\\\/02\\\/Sympt\u00f4mes-de-court-nou\u00e9-sur-Sauvignon-blanc-grappe-millerand\u00e9e-75x50_c.jpg\",\"meta\":{\"aperture\":\"3.3\",\"credit\":null,\"camera\":\"DMC-TZ10\",\"caption\":\"\",\"created_timestamp\":\"1380012979\",\"copyright\":null,\"focal_length\":\"4.1\",\"iso\":\"125\",\"shutter_speed\":\"0.033333333333333\",\"title\":\"\",\"orientation\":\"1\",\"keywords\":null},\"thumbnail\":\"https:\\\/\\\/www.vignevin.com\\\/wp-content\\\/uploads\\\/2019\\\/02\\\/Sympt\u00f4mes-de-court-nou\u00e9-sur-Sauvignon-blanc-grappe-millerand\u00e9e-150x150.jpg\",\"medium\":\"https:\\\/\\\/www.vignevin.com\\\/wp-content\\\/uploads\\\/2019\\\/02\\\/Sympt\u00f4mes-de-court-nou\u00e9-sur-Sauvignon-blanc-grappe-millerand\u00e9e-225x300.jpg\",\"medium_large\":\"https:\\\/\\\/www.vignevin.com\\\/wp-content\\\/uploads\\\/2019\\\/02\\\/Sympt\u00f4mes-de-court-nou\u00e9-sur-Sauvignon-blanc-grappe-millerand\u00e9e-768x1024.jpg\",\"large\":\"https:\\\/\\\/www.vignevin.com\\\/wp-content\\\/uploads\\\/2019\\\/02\\\/Sympt\u00f4mes-de-court-nou\u00e9-sur-Sauvignon-blanc-grappe-millerand\u00e9e-768x1024.jpg\",\"1536x1536\":\"https:\\\/\\\/www.vignevin.com\\\/wp-content\\\/uploads\\\/2019\\\/02\\\/Sympt\u00f4mes-de-court-nou\u00e9-sur-Sauvignon-blanc-grappe-millerand\u00e9e.jpg\",\"2048x2048\":\"https:\\\/\\\/www.vignevin.com\\\/wp-content\\\/uploads\\\/2019\\\/02\\\/Sympt\u00f4mes-de-court-nou\u00e9-sur-Sauvignon-blanc-grappe-millerand\u00e9e.jpg\",\"et-pb-post-main-image\":\"https:\\\/\\\/www.vignevin.com\\\/wp-content\\\/uploads\\\/2019\\\/02\\\/Sympt\u00f4mes-de-court-nou\u00e9-sur-Sauvignon-blanc-grappe-millerand\u00e9e-400x250.jpg\",\"et-pb-post-main-image-fullwidth\":\"https:\\\/\\\/www.vignevin.com\\\/wp-content\\\/uploads\\\/2019\\\/02\\\/Sympt\u00f4mes-de-court-nou\u00e9-sur-Sauvignon-blanc-grappe-millerand\u00e9e-1080x675.jpg\",\"et-pb-portfolio-image\":\"https:\\\/\\\/www.vignevin.com\\\/wp-content\\\/uploads\\\/2019\\\/02\\\/Sympt\u00f4mes-de-court-nou\u00e9-sur-Sauvignon-blanc-grappe-millerand\u00e9e-400x284.jpg\",\"et-pb-portfolio-module-image\":\"https:\\\/\\\/www.vignevin.com\\\/wp-content\\\/uploads\\\/2019\\\/02\\\/Sympt\u00f4mes-de-court-nou\u00e9-sur-Sauvignon-blanc-grappe-millerand\u00e9e-510x382.jpg\",\"et-pb-portfolio-image-single\":\"https:\\\/\\\/www.vignevin.com\\\/wp-content\\\/uploads\\\/2019\\\/02\\\/Sympt\u00f4mes-de-court-nou\u00e9-sur-Sauvignon-blanc-grappe-millerand\u00e9e-1080x1440.jpg\",\"et-pb-gallery-module-image-portrait\":\"https:\\\/\\\/www.vignevin.com\\\/wp-content\\\/uploads\\\/2019\\\/02\\\/Sympt\u00f4mes-de-court-nou\u00e9-sur-Sauvignon-blanc-grappe-millerand\u00e9e-400x516.jpg\",\"et-pb-post-main-image-fullwidth-large\":\"https:\\\/\\\/www.vignevin.com\\\/wp-content\\\/uploads\\\/2019\\\/02\\\/Sympt\u00f4mes-de-court-nou\u00e9-sur-Sauvignon-blanc-grappe-millerand\u00e9e-1920x1800.jpg\",\"et-pb-image--responsive--desktop\":\"https:\\\/\\\/www.vignevin.com\\\/wp-content\\\/uploads\\\/2019\\\/02\\\/Sympt\u00f4mes-de-court-nou\u00e9-sur-Sauvignon-blanc-grappe-millerand\u00e9e.jpg\",\"et-pb-image--responsive--tablet\":\"https:\\\/\\\/www.vignevin.com\\\/wp-content\\\/uploads\\\/2019\\\/02\\\/Sympt\u00f4mes-de-court-nou\u00e9-sur-Sauvignon-blanc-grappe-millerand\u00e9e.jpg\",\"et-pb-image--responsive--phone\":\"https:\\\/\\\/www.vignevin.com\\\/wp-content\\\/uploads\\\/2019\\\/02\\\/Sympt\u00f4mes-de-court-nou\u00e9-sur-Sauvignon-blanc-grappe-millerand\u00e9e.jpg\",\"gform-image-choice-sm\":\"https:\\\/\\\/www.vignevin.com\\\/wp-content\\\/uploads\\\/2019\\\/02\\\/Sympt\u00f4mes-de-court-nou\u00e9-sur-Sauvignon-blanc-grappe-millerand\u00e9e.jpg\",\"gform-image-choice-md\":\"https:\\\/\\\/www.vignevin.com\\\/wp-content\\\/uploads\\\/2019\\\/02\\\/Sympt\u00f4mes-de-court-nou\u00e9-sur-Sauvignon-blanc-grappe-millerand\u00e9e.jpg\",\"gform-image-choice-lg\":\"https:\\\/\\\/www.vignevin.com\\\/wp-content\\\/uploads\\\/2019\\\/02\\\/Sympt\u00f4mes-de-court-nou\u00e9-sur-Sauvignon-blanc-grappe-millerand\u00e9e.jpg\",\"woocommerce_thumbnail\":\"https:\\\/\\\/www.vignevin.com\\\/wp-content\\\/uploads\\\/2019\\\/02\\\/Sympt\u00f4mes-de-court-nou\u00e9-sur-Sauvignon-blanc-grappe-millerand\u00e9e-300x300.jpg\",\"woocommerce_single\":\"https:\\\/\\\/www.vignevin.com\\\/wp-content\\\/uploads\\\/2019\\\/02\\\/Sympt\u00f4mes-de-court-nou\u00e9-sur-Sauvignon-blanc-grappe-millerand\u00e9e-600x800.jpg\",\"woocommerce_gallery_thumbnail\":\"https:\\\/\\\/www.vignevin.com\\\/wp-content\\\/uploads\\\/2019\\\/02\\\/Sympt\u00f4mes-de-court-nou\u00e9-sur-Sauvignon-blanc-grappe-millerand\u00e9e-100x100.jpg\",\"full\":\"https:\\\/\\\/www.vignevin.com\\\/wp-content\\\/uploads\\\/2019\\\/02\\\/Sympt\u00f4mes-de-court-nou\u00e9-sur-Sauvignon-blanc-grappe-millerand\u00e9e.jpg\",\"index\":54,\"id\":9992,\"video\":false,\"opts\":{\"caption\":\"\",\"thumb\":\"https:\\\/\\\/www.vignevin.com\\\/wp-content\\\/uploads\\\/2019\\\/02\\\/Sympt\u00f4mes-de-court-nou\u00e9-sur-Sauvignon-blanc-grappe-millerand\u00e9e-75x50_c.jpg\",\"title\":\"Sympt&amp;ocirc;mes de court-nou&amp;eacute; sur Sauvignon blanc grappe millerand&amp;eacute;e\"},\"gallery_id\":17410,\"gallery_title\":\"Grapevines virus\"},\"9993\":{\"status\":\"active\",\"src\":\"https:\\\/\\\/www.vignevin.com\\\/wp-content\\\/uploads\\\/2019\\\/02\\\/Sympt\u00f4mes-de-court-nou\u00e9-sur-Tannat-N-2-scaled.jpg\",\"title\":\"Sympt&amp;ocirc;mes de court-nou&amp;eacute; sur Tannat N (2)\",\"link\":\"https:\\\/\\\/www.vignevin.com\\\/wp-content\\\/uploads\\\/2019\\\/02\\\/Sympt\u00f4mes-de-court-nou\u00e9-sur-Tannat-N-2.jpg\",\"alt\":\"\",\"caption\":false,\"thumb\":\"https:\\\/\\\/www.vignevin.com\\\/wp-content\\\/uploads\\\/2019\\\/02\\\/Sympt\u00f4mes-de-court-nou\u00e9-sur-Tannat-N-2-scaled-75x50_c.jpg\",\"meta\":{\"aperture\":\"1.9\",\"credit\":null,\"camera\":\"SM-G920F\",\"caption\":\"\",\"created_timestamp\":\"1468337271\",\"copyright\":null,\"focal_length\":\"4.3\",\"iso\":\"40\",\"shutter_speed\":\"0.0054347826086957\",\"title\":\"\",\"orientation\":\"1\",\"keywords\":null},\"thumbnail\":\"https:\\\/\\\/www.vignevin.com\\\/wp-content\\\/uploads\\\/2019\\\/02\\\/Sympt\u00f4mes-de-court-nou\u00e9-sur-Tannat-N-2-150x150.jpg\",\"medium\":\"https:\\\/\\\/www.vignevin.com\\\/wp-content\\\/uploads\\\/2019\\\/02\\\/Sympt\u00f4mes-de-court-nou\u00e9-sur-Tannat-N-2-169x300.jpg\",\"medium_large\":\"https:\\\/\\\/www.vignevin.com\\\/wp-content\\\/uploads\\\/2019\\\/02\\\/Sympt\u00f4mes-de-court-nou\u00e9-sur-Tannat-N-2-768x1365.jpg\",\"large\":\"https:\\\/\\\/www.vignevin.com\\\/wp-content\\\/uploads\\\/2019\\\/02\\\/Sympt\u00f4mes-de-court-nou\u00e9-sur-Tannat-N-2-576x1024.jpg\",\"1536x1536\":\"https:\\\/\\\/www.vignevin.com\\\/wp-content\\\/uploads\\\/2019\\\/02\\\/Sympt\u00f4mes-de-court-nou\u00e9-sur-Tannat-N-2-scaled.jpg\",\"2048x2048\":\"https:\\\/\\\/www.vignevin.com\\\/wp-content\\\/uploads\\\/2019\\\/02\\\/Sympt\u00f4mes-de-court-nou\u00e9-sur-Tannat-N-2-scaled.jpg\",\"et-pb-post-main-image\":\"https:\\\/\\\/www.vignevin.com\\\/wp-content\\\/uploads\\\/2019\\\/02\\\/Sympt\u00f4mes-de-court-nou\u00e9-sur-Tannat-N-2-400x250.jpg\",\"et-pb-post-main-image-fullwidth\":\"https:\\\/\\\/www.vignevin.com\\\/wp-content\\\/uploads\\\/2019\\\/02\\\/Sympt\u00f4mes-de-court-nou\u00e9-sur-Tannat-N-2-1080x675.jpg\",\"et-pb-portfolio-image\":\"https:\\\/\\\/www.vignevin.com\\\/wp-content\\\/uploads\\\/2019\\\/02\\\/Sympt\u00f4mes-de-court-nou\u00e9-sur-Tannat-N-2-400x284.jpg\",\"et-pb-portfolio-module-image\":\"https:\\\/\\\/www.vignevin.com\\\/wp-content\\\/uploads\\\/2019\\\/02\\\/Sympt\u00f4mes-de-court-nou\u00e9-sur-Tannat-N-2-510x382.jpg\",\"et-pb-portfolio-image-single\":\"https:\\\/\\\/www.vignevin.com\\\/wp-content\\\/uploads\\\/2019\\\/02\\\/Sympt\u00f4mes-de-court-nou\u00e9-sur-Tannat-N-2-1080x1920.jpg\",\"et-pb-gallery-module-image-portrait\":\"https:\\\/\\\/www.vignevin.com\\\/wp-content\\\/uploads\\\/2019\\\/02\\\/Sympt\u00f4mes-de-court-nou\u00e9-sur-Tannat-N-2-400x516.jpg\",\"et-pb-post-main-image-fullwidth-large\":\"https:\\\/\\\/www.vignevin.com\\\/wp-content\\\/uploads\\\/2019\\\/02\\\/Sympt\u00f4mes-de-court-nou\u00e9-sur-Tannat-N-2-2880x1800.jpg\",\"et-pb-image--responsive--desktop\":\"https:\\\/\\\/www.vignevin.com\\\/wp-content\\\/uploads\\\/2019\\\/02\\\/Sympt\u00f4mes-de-court-nou\u00e9-sur-Tannat-N-2-scaled.jpg\",\"et-pb-image--responsive--tablet\":\"https:\\\/\\\/www.vignevin.com\\\/wp-content\\\/uploads\\\/2019\\\/02\\\/Sympt\u00f4mes-de-court-nou\u00e9-sur-Tannat-N-2-scaled.jpg\",\"et-pb-image--responsive--phone\":\"https:\\\/\\\/www.vignevin.com\\\/wp-content\\\/uploads\\\/2019\\\/02\\\/Sympt\u00f4mes-de-court-nou\u00e9-sur-Tannat-N-2-scaled.jpg\",\"gform-image-choice-sm\":\"https:\\\/\\\/www.vignevin.com\\\/wp-content\\\/uploads\\\/2019\\\/02\\\/Sympt\u00f4mes-de-court-nou\u00e9-sur-Tannat-N-2-scaled.jpg\",\"gform-image-choice-md\":\"https:\\\/\\\/www.vignevin.com\\\/wp-content\\\/uploads\\\/2019\\\/02\\\/Sympt\u00f4mes-de-court-nou\u00e9-sur-Tannat-N-2-scaled.jpg\",\"gform-image-choice-lg\":\"https:\\\/\\\/www.vignevin.com\\\/wp-content\\\/uploads\\\/2019\\\/02\\\/Sympt\u00f4mes-de-court-nou\u00e9-sur-Tannat-N-2-scaled.jpg\",\"woocommerce_thumbnail\":\"https:\\\/\\\/www.vignevin.com\\\/wp-content\\\/uploads\\\/2019\\\/02\\\/Sympt\u00f4mes-de-court-nou\u00e9-sur-Tannat-N-2-scaled-300x300.jpg\",\"woocommerce_single\":\"https:\\\/\\\/www.vignevin.com\\\/wp-content\\\/uploads\\\/2019\\\/02\\\/Sympt\u00f4mes-de-court-nou\u00e9-sur-Tannat-N-2-scaled-600x1067.jpg\",\"woocommerce_gallery_thumbnail\":\"https:\\\/\\\/www.vignevin.com\\\/wp-content\\\/uploads\\\/2019\\\/02\\\/Sympt\u00f4mes-de-court-nou\u00e9-sur-Tannat-N-2-scaled-100x100.jpg\",\"full\":\"https:\\\/\\\/www.vignevin.com\\\/wp-content\\\/uploads\\\/2019\\\/02\\\/Sympt\u00f4mes-de-court-nou\u00e9-sur-Tannat-N-2-scaled.jpg\",\"index\":55,\"id\":9993,\"video\":false,\"opts\":{\"caption\":\"\",\"thumb\":\"https:\\\/\\\/www.vignevin.com\\\/wp-content\\\/uploads\\\/2019\\\/02\\\/Sympt\u00f4mes-de-court-nou\u00e9-sur-Tannat-N-2-scaled-75x50_c.jpg\",\"title\":\"Sympt&amp;ocirc;mes de court-nou&amp;eacute; sur Tannat N (2)\"},\"gallery_id\":17410,\"gallery_title\":\"Grapevines virus\"},\"9994\":{\"status\":\"active\",\"src\":\"https:\\\/\\\/www.vignevin.com\\\/wp-content\\\/uploads\\\/2019\\\/02\\\/Sympt\u00f4mes-de-court-nou\u00e9-sur-Tannat-N-scaled.jpg\",\"title\":\"Sympt&amp;ocirc;mes de court-nou&amp;eacute; sur Tannat N\",\"link\":\"https:\\\/\\\/www.vignevin.com\\\/wp-content\\\/uploads\\\/2019\\\/02\\\/Sympt\u00f4mes-de-court-nou\u00e9-sur-Tannat-N.jpg\",\"alt\":\"\",\"caption\":false,\"thumb\":\"https:\\\/\\\/www.vignevin.com\\\/wp-content\\\/uploads\\\/2019\\\/02\\\/Sympt\u00f4mes-de-court-nou\u00e9-sur-Tannat-N-scaled-75x50_c.jpg\",\"meta\":{\"aperture\":\"1.9\",\"credit\":null,\"camera\":\"SM-G920F\",\"caption\":\"\",\"created_timestamp\":\"1468315167\",\"copyright\":null,\"focal_length\":\"4.3\",\"iso\":\"50\",\"shutter_speed\":\"0.02\",\"title\":\"\",\"orientation\":\"1\",\"keywords\":null,\"resized_images\":null},\"thumbnail\":\"https:\\\/\\\/www.vignevin.com\\\/wp-content\\\/uploads\\\/2019\\\/02\\\/Sympt\u00f4mes-de-court-nou\u00e9-sur-Tannat-N-scaled.jpg\",\"medium\":\"https:\\\/\\\/www.vignevin.com\\\/wp-content\\\/uploads\\\/2019\\\/02\\\/Sympt\u00f4mes-de-court-nou\u00e9-sur-Tannat-N-scaled.jpg\",\"medium_large\":\"https:\\\/\\\/www.vignevin.com\\\/wp-content\\\/uploads\\\/2019\\\/02\\\/Sympt\u00f4mes-de-court-nou\u00e9-sur-Tannat-N-scaled.jpg\",\"large\":\"https:\\\/\\\/www.vignevin.com\\\/wp-content\\\/uploads\\\/2019\\\/02\\\/Sympt\u00f4mes-de-court-nou\u00e9-sur-Tannat-N-scaled.jpg\",\"1536x1536\":\"https:\\\/\\\/www.vignevin.com\\\/wp-content\\\/uploads\\\/2019\\\/02\\\/Sympt\u00f4mes-de-court-nou\u00e9-sur-Tannat-N-scaled.jpg\",\"2048x2048\":\"https:\\\/\\\/www.vignevin.com\\\/wp-content\\\/uploads\\\/2019\\\/02\\\/Sympt\u00f4mes-de-court-nou\u00e9-sur-Tannat-N-scaled.jpg\",\"et-pb-post-main-image\":\"https:\\\/\\\/www.vignevin.com\\\/wp-content\\\/uploads\\\/2019\\\/02\\\/Sympt\u00f4mes-de-court-nou\u00e9-sur-Tannat-N-scaled.jpg\",\"et-pb-post-main-image-fullwidth\":\"https:\\\/\\\/www.vignevin.com\\\/wp-content\\\/uploads\\\/2019\\\/02\\\/Sympt\u00f4mes-de-court-nou\u00e9-sur-Tannat-N-scaled.jpg\",\"et-pb-portfolio-image\":\"https:\\\/\\\/www.vignevin.com\\\/wp-content\\\/uploads\\\/2019\\\/02\\\/Sympt\u00f4mes-de-court-nou\u00e9-sur-Tannat-N-scaled.jpg\",\"et-pb-portfolio-module-image\":\"https:\\\/\\\/www.vignevin.com\\\/wp-content\\\/uploads\\\/2019\\\/02\\\/Sympt\u00f4mes-de-court-nou\u00e9-sur-Tannat-N-scaled.jpg\",\"et-pb-portfolio-image-single\":\"https:\\\/\\\/www.vignevin.com\\\/wp-content\\\/uploads\\\/2019\\\/02\\\/Sympt\u00f4mes-de-court-nou\u00e9-sur-Tannat-N-scaled.jpg\",\"et-pb-gallery-module-image-portrait\":\"https:\\\/\\\/www.vignevin.com\\\/wp-content\\\/uploads\\\/2019\\\/02\\\/Sympt\u00f4mes-de-court-nou\u00e9-sur-Tannat-N-scaled.jpg\",\"et-pb-post-main-image-fullwidth-large\":\"https:\\\/\\\/www.vignevin.com\\\/wp-content\\\/uploads\\\/2019\\\/02\\\/Sympt\u00f4mes-de-court-nou\u00e9-sur-Tannat-N-scaled.jpg\",\"et-pb-image--responsive--desktop\":\"https:\\\/\\\/www.vignevin.com\\\/wp-content\\\/uploads\\\/2019\\\/02\\\/Sympt\u00f4mes-de-court-nou\u00e9-sur-Tannat-N-scaled.jpg\",\"et-pb-image--responsive--tablet\":\"https:\\\/\\\/www.vignevin.com\\\/wp-content\\\/uploads\\\/2019\\\/02\\\/Sympt\u00f4mes-de-court-nou\u00e9-sur-Tannat-N-scaled.jpg\",\"et-pb-image--responsive--phone\":\"https:\\\/\\\/www.vignevin.com\\\/wp-content\\\/uploads\\\/2019\\\/02\\\/Sympt\u00f4mes-de-court-nou\u00e9-sur-Tannat-N-scaled.jpg\",\"gform-image-choice-sm\":\"https:\\\/\\\/www.vignevin.com\\\/wp-content\\\/uploads\\\/2019\\\/02\\\/Sympt\u00f4mes-de-court-nou\u00e9-sur-Tannat-N-scaled.jpg\",\"gform-image-choice-md\":\"https:\\\/\\\/www.vignevin.com\\\/wp-content\\\/uploads\\\/2019\\\/02\\\/Sympt\u00f4mes-de-court-nou\u00e9-sur-Tannat-N-scaled.jpg\",\"gform-image-choice-lg\":\"https:\\\/\\\/www.vignevin.com\\\/wp-content\\\/uploads\\\/2019\\\/02\\\/Sympt\u00f4mes-de-court-nou\u00e9-sur-Tannat-N-scaled.jpg\",\"woocommerce_thumbnail\":\"https:\\\/\\\/www.vignevin.com\\\/wp-content\\\/uploads\\\/2019\\\/02\\\/Sympt\u00f4mes-de-court-nou\u00e9-sur-Tannat-N-scaled-300x300.jpg\",\"woocommerce_single\":\"https:\\\/\\\/www.vignevin.com\\\/wp-content\\\/uploads\\\/2019\\\/02\\\/Sympt\u00f4mes-de-court-nou\u00e9-sur-Tannat-N-scaled-600x1067.jpg\",\"woocommerce_gallery_thumbnail\":\"https:\\\/\\\/www.vignevin.com\\\/wp-content\\\/uploads\\\/2019\\\/02\\\/Sympt\u00f4mes-de-court-nou\u00e9-sur-Tannat-N-scaled-100x100.jpg\",\"full\":\"https:\\\/\\\/www.vignevin.com\\\/wp-content\\\/uploads\\\/2019\\\/02\\\/Sympt\u00f4mes-de-court-nou\u00e9-sur-Tannat-N-scaled.jpg\",\"index\":56,\"id\":9994,\"video\":false,\"opts\":{\"caption\":\"\",\"thumb\":\"https:\\\/\\\/www.vignevin.com\\\/wp-content\\\/uploads\\\/2019\\\/02\\\/Sympt\u00f4mes-de-court-nou\u00e9-sur-Tannat-N-scaled-75x50_c.jpg\",\"title\":\"Sympt&amp;ocirc;mes de court-nou&amp;eacute; sur Tannat N\"},\"gallery_id\":17410,\"gallery_title\":\"Grapevines virus\"},\"9995\":{\"status\":\"active\",\"src\":\"https:\\\/\\\/www.vignevin.com\\\/wp-content\\\/uploads\\\/2019\\\/02\\\/Sympt\u00f4mes-de-court-nou\u00e9-sur-Valdigui\u00e9-N-scaled.jpg\",\"title\":\"Sympt&amp;ocirc;mes de court-nou&amp;eacute; sur Valdigui&amp;eacute; N\",\"link\":\"https:\\\/\\\/www.vignevin.com\\\/wp-content\\\/uploads\\\/2019\\\/02\\\/Sympt\u00f4mes-de-court-nou\u00e9-sur-Valdigui\u00e9-N.jpg\",\"alt\":\"\",\"caption\":false,\"thumb\":\"https:\\\/\\\/www.vignevin.com\\\/wp-content\\\/uploads\\\/2019\\\/02\\\/Sympt\u00f4mes-de-court-nou\u00e9-sur-Valdigui\u00e9-N-scaled-75x50_c.jpg\",\"meta\":{\"aperture\":\"4\",\"credit\":null,\"camera\":\"DMC-TZ10\",\"caption\":\"\",\"created_timestamp\":\"1469724723\",\"copyright\":null,\"focal_length\":\"4.1\",\"iso\":\"80\",\"shutter_speed\":\"0.01\",\"title\":\"\",\"orientation\":\"1\",\"keywords\":null},\"thumbnail\":\"https:\\\/\\\/www.vignevin.com\\\/wp-content\\\/uploads\\\/2019\\\/02\\\/Sympt\u00f4mes-de-court-nou\u00e9-sur-Valdigui\u00e9-N-150x150.jpg\",\"medium\":\"https:\\\/\\\/www.vignevin.com\\\/wp-content\\\/uploads\\\/2019\\\/02\\\/Sympt\u00f4mes-de-court-nou\u00e9-sur-Valdigui\u00e9-N-225x300.jpg\",\"medium_large\":\"https:\\\/\\\/www.vignevin.com\\\/wp-content\\\/uploads\\\/2019\\\/02\\\/Sympt\u00f4mes-de-court-nou\u00e9-sur-Valdigui\u00e9-N-768x1024.jpg\",\"large\":\"https:\\\/\\\/www.vignevin.com\\\/wp-content\\\/uploads\\\/2019\\\/02\\\/Sympt\u00f4mes-de-court-nou\u00e9-sur-Valdigui\u00e9-N-768x1024.jpg\",\"1536x1536\":\"https:\\\/\\\/www.vignevin.com\\\/wp-content\\\/uploads\\\/2019\\\/02\\\/Sympt\u00f4mes-de-court-nou\u00e9-sur-Valdigui\u00e9-N-scaled.jpg\",\"2048x2048\":\"https:\\\/\\\/www.vignevin.com\\\/wp-content\\\/uploads\\\/2019\\\/02\\\/Sympt\u00f4mes-de-court-nou\u00e9-sur-Valdigui\u00e9-N-scaled.jpg\",\"et-pb-post-main-image\":\"https:\\\/\\\/www.vignevin.com\\\/wp-content\\\/uploads\\\/2019\\\/02\\\/Sympt\u00f4mes-de-court-nou\u00e9-sur-Valdigui\u00e9-N-400x250.jpg\",\"et-pb-post-main-image-fullwidth\":\"https:\\\/\\\/www.vignevin.com\\\/wp-content\\\/uploads\\\/2019\\\/02\\\/Sympt\u00f4mes-de-court-nou\u00e9-sur-Valdigui\u00e9-N-1080x675.jpg\",\"et-pb-portfolio-image\":\"https:\\\/\\\/www.vignevin.com\\\/wp-content\\\/uploads\\\/2019\\\/02\\\/Sympt\u00f4mes-de-court-nou\u00e9-sur-Valdigui\u00e9-N-400x284.jpg\",\"et-pb-portfolio-module-image\":\"https:\\\/\\\/www.vignevin.com\\\/wp-content\\\/uploads\\\/2019\\\/02\\\/Sympt\u00f4mes-de-court-nou\u00e9-sur-Valdigui\u00e9-N-510x382.jpg\",\"et-pb-portfolio-image-single\":\"https:\\\/\\\/www.vignevin.com\\\/wp-content\\\/uploads\\\/2019\\\/02\\\/Sympt\u00f4mes-de-court-nou\u00e9-sur-Valdigui\u00e9-N-1080x1440.jpg\",\"et-pb-gallery-module-image-portrait\":\"https:\\\/\\\/www.vignevin.com\\\/wp-content\\\/uploads\\\/2019\\\/02\\\/Sympt\u00f4mes-de-court-nou\u00e9-sur-Valdigui\u00e9-N-400x516.jpg\",\"et-pb-post-main-image-fullwidth-large\":\"https:\\\/\\\/www.vignevin.com\\\/wp-content\\\/uploads\\\/2019\\\/02\\\/Sympt\u00f4mes-de-court-nou\u00e9-sur-Valdigui\u00e9-N-2880x1800.jpg\",\"et-pb-image--responsive--desktop\":\"https:\\\/\\\/www.vignevin.com\\\/wp-content\\\/uploads\\\/2019\\\/02\\\/Sympt\u00f4mes-de-court-nou\u00e9-sur-Valdigui\u00e9-N-scaled.jpg\",\"et-pb-image--responsive--tablet\":\"https:\\\/\\\/www.vignevin.com\\\/wp-content\\\/uploads\\\/2019\\\/02\\\/Sympt\u00f4mes-de-court-nou\u00e9-sur-Valdigui\u00e9-N-scaled.jpg\",\"et-pb-image--responsive--phone\":\"https:\\\/\\\/www.vignevin.com\\\/wp-content\\\/uploads\\\/2019\\\/02\\\/Sympt\u00f4mes-de-court-nou\u00e9-sur-Valdigui\u00e9-N-scaled.jpg\",\"gform-image-choice-sm\":\"https:\\\/\\\/www.vignevin.com\\\/wp-content\\\/uploads\\\/2019\\\/02\\\/Sympt\u00f4mes-de-court-nou\u00e9-sur-Valdigui\u00e9-N-scaled.jpg\",\"gform-image-choice-md\":\"https:\\\/\\\/www.vignevin.com\\\/wp-content\\\/uploads\\\/2019\\\/02\\\/Sympt\u00f4mes-de-court-nou\u00e9-sur-Valdigui\u00e9-N-scaled.jpg\",\"gform-image-choice-lg\":\"https:\\\/\\\/www.vignevin.com\\\/wp-content\\\/uploads\\\/2019\\\/02\\\/Sympt\u00f4mes-de-court-nou\u00e9-sur-Valdigui\u00e9-N-scaled.jpg\",\"woocommerce_thumbnail\":\"https:\\\/\\\/www.vignevin.com\\\/wp-content\\\/uploads\\\/2019\\\/02\\\/Sympt\u00f4mes-de-court-nou\u00e9-sur-Valdigui\u00e9-N-scaled-300x300.jpg\",\"woocommerce_single\":\"https:\\\/\\\/www.vignevin.com\\\/wp-content\\\/uploads\\\/2019\\\/02\\\/Sympt\u00f4mes-de-court-nou\u00e9-sur-Valdigui\u00e9-N-scaled-600x800.jpg\",\"woocommerce_gallery_thumbnail\":\"https:\\\/\\\/www.vignevin.com\\\/wp-content\\\/uploads\\\/2019\\\/02\\\/Sympt\u00f4mes-de-court-nou\u00e9-sur-Valdigui\u00e9-N-scaled-100x100.jpg\",\"full\":\"https:\\\/\\\/www.vignevin.com\\\/wp-content\\\/uploads\\\/2019\\\/02\\\/Sympt\u00f4mes-de-court-nou\u00e9-sur-Valdigui\u00e9-N-scaled.jpg\",\"index\":57,\"id\":9995,\"video\":false,\"opts\":{\"caption\":\"\",\"thumb\":\"https:\\\/\\\/www.vignevin.com\\\/wp-content\\\/uploads\\\/2019\\\/02\\\/Sympt\u00f4mes-de-court-nou\u00e9-sur-Valdigui\u00e9-N-scaled-75x50_c.jpg\",\"title\":\"Sympt&amp;ocirc;mes de court-nou&amp;eacute; sur Valdigui&amp;eacute; N\"},\"gallery_id\":17410,\"gallery_title\":\"Grapevines virus\"},\"9996\":{\"status\":\"active\",\"src\":\"https:\\\/\\\/www.vignevin.com\\\/wp-content\\\/uploads\\\/2019\\\/02\\\/Sympt\u00f4mes-de-court-nou\u00e9-scaled.jpg\",\"title\":\"Sympt&amp;ocirc;mes de court-nou&amp;eacute;\",\"link\":\"https:\\\/\\\/www.vignevin.com\\\/wp-content\\\/uploads\\\/2019\\\/02\\\/Sympt\u00f4mes-de-court-nou\u00e9.jpg\",\"alt\":\"\",\"caption\":false,\"thumb\":\"https:\\\/\\\/www.vignevin.com\\\/wp-content\\\/uploads\\\/2019\\\/02\\\/Sympt\u00f4mes-de-court-nou\u00e9-scaled-75x50_c.jpg\",\"meta\":{\"aperture\":\"3.3\",\"credit\":null,\"camera\":\"DMC-TZ10\",\"caption\":\"\",\"created_timestamp\":\"1430914382\",\"copyright\":null,\"focal_length\":\"4.1\",\"iso\":\"80\",\"shutter_speed\":\"0.016666666666667\",\"title\":\"\",\"orientation\":\"1\",\"keywords\":null},\"thumbnail\":\"https:\\\/\\\/www.vignevin.com\\\/wp-content\\\/uploads\\\/2019\\\/02\\\/Sympt\u00f4mes-de-court-nou\u00e9-150x150.jpg\",\"medium\":\"https:\\\/\\\/www.vignevin.com\\\/wp-content\\\/uploads\\\/2019\\\/02\\\/Sympt\u00f4mes-de-court-nou\u00e9-300x225.jpg\",\"medium_large\":\"https:\\\/\\\/www.vignevin.com\\\/wp-content\\\/uploads\\\/2019\\\/02\\\/Sympt\u00f4mes-de-court-nou\u00e9-768x576.jpg\",\"large\":\"https:\\\/\\\/www.vignevin.com\\\/wp-content\\\/uploads\\\/2019\\\/02\\\/Sympt\u00f4mes-de-court-nou\u00e9-1024x768.jpg\",\"1536x1536\":\"https:\\\/\\\/www.vignevin.com\\\/wp-content\\\/uploads\\\/2019\\\/02\\\/Sympt\u00f4mes-de-court-nou\u00e9-scaled.jpg\",\"2048x2048\":\"https:\\\/\\\/www.vignevin.com\\\/wp-content\\\/uploads\\\/2019\\\/02\\\/Sympt\u00f4mes-de-court-nou\u00e9-scaled.jpg\",\"et-pb-post-main-image\":\"https:\\\/\\\/www.vignevin.com\\\/wp-content\\\/uploads\\\/2019\\\/02\\\/Sympt\u00f4mes-de-court-nou\u00e9-400x250.jpg\",\"et-pb-post-main-image-fullwidth\":\"https:\\\/\\\/www.vignevin.com\\\/wp-content\\\/uploads\\\/2019\\\/02\\\/Sympt\u00f4mes-de-court-nou\u00e9-1080x675.jpg\",\"et-pb-portfolio-image\":\"https:\\\/\\\/www.vignevin.com\\\/wp-content\\\/uploads\\\/2019\\\/02\\\/Sympt\u00f4mes-de-court-nou\u00e9-400x284.jpg\",\"et-pb-portfolio-module-image\":\"https:\\\/\\\/www.vignevin.com\\\/wp-content\\\/uploads\\\/2019\\\/02\\\/Sympt\u00f4mes-de-court-nou\u00e9-510x382.jpg\",\"et-pb-portfolio-image-single\":\"https:\\\/\\\/www.vignevin.com\\\/wp-content\\\/uploads\\\/2019\\\/02\\\/Sympt\u00f4mes-de-court-nou\u00e9-1080x810.jpg\",\"et-pb-gallery-module-image-portrait\":\"https:\\\/\\\/www.vignevin.com\\\/wp-content\\\/uploads\\\/2019\\\/02\\\/Sympt\u00f4mes-de-court-nou\u00e9-400x516.jpg\",\"et-pb-post-main-image-fullwidth-large\":\"https:\\\/\\\/www.vignevin.com\\\/wp-content\\\/uploads\\\/2019\\\/02\\\/Sympt\u00f4mes-de-court-nou\u00e9-2880x1800.jpg\",\"et-pb-image--responsive--desktop\":\"https:\\\/\\\/www.vignevin.com\\\/wp-content\\\/uploads\\\/2019\\\/02\\\/Sympt\u00f4mes-de-court-nou\u00e9-scaled.jpg\",\"et-pb-image--responsive--tablet\":\"https:\\\/\\\/www.vignevin.com\\\/wp-content\\\/uploads\\\/2019\\\/02\\\/Sympt\u00f4mes-de-court-nou\u00e9-scaled.jpg\",\"et-pb-image--responsive--phone\":\"https:\\\/\\\/www.vignevin.com\\\/wp-content\\\/uploads\\\/2019\\\/02\\\/Sympt\u00f4mes-de-court-nou\u00e9-scaled.jpg\",\"gform-image-choice-sm\":\"https:\\\/\\\/www.vignevin.com\\\/wp-content\\\/uploads\\\/2019\\\/02\\\/Sympt\u00f4mes-de-court-nou\u00e9-scaled.jpg\",\"gform-image-choice-md\":\"https:\\\/\\\/www.vignevin.com\\\/wp-content\\\/uploads\\\/2019\\\/02\\\/Sympt\u00f4mes-de-court-nou\u00e9-scaled.jpg\",\"gform-image-choice-lg\":\"https:\\\/\\\/www.vignevin.com\\\/wp-content\\\/uploads\\\/2019\\\/02\\\/Sympt\u00f4mes-de-court-nou\u00e9-scaled.jpg\",\"woocommerce_thumbnail\":\"https:\\\/\\\/www.vignevin.com\\\/wp-content\\\/uploads\\\/2019\\\/02\\\/Sympt\u00f4mes-de-court-nou\u00e9-scaled-300x300.jpg\",\"woocommerce_single\":\"https:\\\/\\\/www.vignevin.com\\\/wp-content\\\/uploads\\\/2019\\\/02\\\/Sympt\u00f4mes-de-court-nou\u00e9-scaled-600x450.jpg\",\"woocommerce_gallery_thumbnail\":\"https:\\\/\\\/www.vignevin.com\\\/wp-content\\\/uploads\\\/2019\\\/02\\\/Sympt\u00f4mes-de-court-nou\u00e9-scaled-100x100.jpg\",\"full\":\"https:\\\/\\\/www.vignevin.com\\\/wp-content\\\/uploads\\\/2019\\\/02\\\/Sympt\u00f4mes-de-court-nou\u00e9-scaled.jpg\",\"index\":58,\"id\":9996,\"video\":false,\"opts\":{\"caption\":\"\",\"thumb\":\"https:\\\/\\\/www.vignevin.com\\\/wp-content\\\/uploads\\\/2019\\\/02\\\/Sympt\u00f4mes-de-court-nou\u00e9-scaled-75x50_c.jpg\",\"title\":\"Sympt&amp;ocirc;mes de court-nou&amp;eacute;\"},\"gallery_id\":17410,\"gallery_title\":\"Grapevines virus\"},\"9997\":{\"status\":\"active\",\"src\":\"https:\\\/\\\/www.vignevin.com\\\/wp-content\\\/uploads\\\/2019\\\/02\\\/Sympt\u00f4mes-de-GVCV-Grapevine-Vein-Clearing-Virus-sur-Chardonnel.jpg\",\"title\":\"OLYMPUS DIGITAL CAMERA\",\"link\":\"https:\\\/\\\/www.vignevin.com\\\/wp-content\\\/uploads\\\/2019\\\/02\\\/Sympt\u00f4mes-de-GVCV-Grapevine-Vein-Clearing-Virus-sur-Chardonnel.jpg\",\"alt\":\"\",\"caption\":\"OLYMPUS DIGITAL CAMERA\",\"thumb\":\"https:\\\/\\\/www.vignevin.com\\\/wp-content\\\/uploads\\\/2019\\\/02\\\/Sympt\u00f4mes-de-GVCV-Grapevine-Vein-Clearing-Virus-sur-Chardonnel-75x50_c.jpg\",\"meta\":{\"aperture\":\"4\",\"credit\":null,\"camera\":\"C765UZ\",\"caption\":\"OLYMPUS DIGITAL CAMERA\",\"created_timestamp\":null,\"copyright\":null,\"focal_length\":\"6.3\",\"iso\":\"64\",\"shutter_speed\":\"0.0015625\",\"title\":\"OLYMPUS DIGITAL CAMERA\",\"orientation\":\"1\",\"keywords\":null},\"thumbnail\":\"https:\\\/\\\/www.vignevin.com\\\/wp-content\\\/uploads\\\/2019\\\/02\\\/Sympt\u00f4mes-de-GVCV-Grapevine-Vein-Clearing-Virus-sur-Chardonnel.jpg\",\"medium\":\"https:\\\/\\\/www.vignevin.com\\\/wp-content\\\/uploads\\\/2019\\\/02\\\/Sympt\u00f4mes-de-GVCV-Grapevine-Vein-Clearing-Virus-sur-Chardonnel.jpg\",\"medium_large\":\"https:\\\/\\\/www.vignevin.com\\\/wp-content\\\/uploads\\\/2019\\\/02\\\/Sympt\u00f4mes-de-GVCV-Grapevine-Vein-Clearing-Virus-sur-Chardonnel.jpg\",\"large\":\"https:\\\/\\\/www.vignevin.com\\\/wp-content\\\/uploads\\\/2019\\\/02\\\/Sympt\u00f4mes-de-GVCV-Grapevine-Vein-Clearing-Virus-sur-Chardonnel.jpg\",\"1536x1536\":\"https:\\\/\\\/www.vignevin.com\\\/wp-content\\\/uploads\\\/2019\\\/02\\\/Sympt\u00f4mes-de-GVCV-Grapevine-Vein-Clearing-Virus-sur-Chardonnel.jpg\",\"2048x2048\":\"https:\\\/\\\/www.vignevin.com\\\/wp-content\\\/uploads\\\/2019\\\/02\\\/Sympt\u00f4mes-de-GVCV-Grapevine-Vein-Clearing-Virus-sur-Chardonnel.jpg\",\"et-pb-post-main-image\":\"https:\\\/\\\/www.vignevin.com\\\/wp-content\\\/uploads\\\/2019\\\/02\\\/Sympt\u00f4mes-de-GVCV-Grapevine-Vein-Clearing-Virus-sur-Chardonnel.jpg\",\"et-pb-post-main-image-fullwidth\":\"https:\\\/\\\/www.vignevin.com\\\/wp-content\\\/uploads\\\/2019\\\/02\\\/Sympt\u00f4mes-de-GVCV-Grapevine-Vein-Clearing-Virus-sur-Chardonnel.jpg\",\"et-pb-portfolio-image\":\"https:\\\/\\\/www.vignevin.com\\\/wp-content\\\/uploads\\\/2019\\\/02\\\/Sympt\u00f4mes-de-GVCV-Grapevine-Vein-Clearing-Virus-sur-Chardonnel.jpg\",\"et-pb-portfolio-module-image\":\"https:\\\/\\\/www.vignevin.com\\\/wp-content\\\/uploads\\\/2019\\\/02\\\/Sympt\u00f4mes-de-GVCV-Grapevine-Vein-Clearing-Virus-sur-Chardonnel.jpg\",\"et-pb-portfolio-image-single\":\"https:\\\/\\\/www.vignevin.com\\\/wp-content\\\/uploads\\\/2019\\\/02\\\/Sympt\u00f4mes-de-GVCV-Grapevine-Vein-Clearing-Virus-sur-Chardonnel.jpg\",\"et-pb-gallery-module-image-portrait\":\"https:\\\/\\\/www.vignevin.com\\\/wp-content\\\/uploads\\\/2019\\\/02\\\/Sympt\u00f4mes-de-GVCV-Grapevine-Vein-Clearing-Virus-sur-Chardonnel.jpg\",\"et-pb-post-main-image-fullwidth-large\":\"https:\\\/\\\/www.vignevin.com\\\/wp-content\\\/uploads\\\/2019\\\/02\\\/Sympt\u00f4mes-de-GVCV-Grapevine-Vein-Clearing-Virus-sur-Chardonnel.jpg\",\"et-pb-image--responsive--desktop\":\"https:\\\/\\\/www.vignevin.com\\\/wp-content\\\/uploads\\\/2019\\\/02\\\/Sympt\u00f4mes-de-GVCV-Grapevine-Vein-Clearing-Virus-sur-Chardonnel.jpg\",\"et-pb-image--responsive--tablet\":\"https:\\\/\\\/www.vignevin.com\\\/wp-content\\\/uploads\\\/2019\\\/02\\\/Sympt\u00f4mes-de-GVCV-Grapevine-Vein-Clearing-Virus-sur-Chardonnel.jpg\",\"et-pb-image--responsive--phone\":\"https:\\\/\\\/www.vignevin.com\\\/wp-content\\\/uploads\\\/2019\\\/02\\\/Sympt\u00f4mes-de-GVCV-Grapevine-Vein-Clearing-Virus-sur-Chardonnel.jpg\",\"gform-image-choice-sm\":\"https:\\\/\\\/www.vignevin.com\\\/wp-content\\\/uploads\\\/2019\\\/02\\\/Sympt\u00f4mes-de-GVCV-Grapevine-Vein-Clearing-Virus-sur-Chardonnel.jpg\",\"gform-image-choice-md\":\"https:\\\/\\\/www.vignevin.com\\\/wp-content\\\/uploads\\\/2019\\\/02\\\/Sympt\u00f4mes-de-GVCV-Grapevine-Vein-Clearing-Virus-sur-Chardonnel.jpg\",\"gform-image-choice-lg\":\"https:\\\/\\\/www.vignevin.com\\\/wp-content\\\/uploads\\\/2019\\\/02\\\/Sympt\u00f4mes-de-GVCV-Grapevine-Vein-Clearing-Virus-sur-Chardonnel.jpg\",\"woocommerce_thumbnail\":\"https:\\\/\\\/www.vignevin.com\\\/wp-content\\\/uploads\\\/2019\\\/02\\\/Sympt\u00f4mes-de-GVCV-Grapevine-Vein-Clearing-Virus-sur-Chardonnel-300x300.jpg\",\"woocommerce_single\":\"https:\\\/\\\/www.vignevin.com\\\/wp-content\\\/uploads\\\/2019\\\/02\\\/Sympt\u00f4mes-de-GVCV-Grapevine-Vein-Clearing-Virus-sur-Chardonnel-600x449.jpg\",\"woocommerce_gallery_thumbnail\":\"https:\\\/\\\/www.vignevin.com\\\/wp-content\\\/uploads\\\/2019\\\/02\\\/Sympt\u00f4mes-de-GVCV-Grapevine-Vein-Clearing-Virus-sur-Chardonnel-100x100.jpg\",\"full\":\"https:\\\/\\\/www.vignevin.com\\\/wp-content\\\/uploads\\\/2019\\\/02\\\/Sympt\u00f4mes-de-GVCV-Grapevine-Vein-Clearing-Virus-sur-Chardonnel.jpg\",\"index\":59,\"id\":9997,\"video\":false,\"opts\":{\"caption\":\"OLYMPUS DIGITAL CAMERA\",\"thumb\":\"https:\\\/\\\/www.vignevin.com\\\/wp-content\\\/uploads\\\/2019\\\/02\\\/Sympt\u00f4mes-de-GVCV-Grapevine-Vein-Clearing-Virus-sur-Chardonnel-75x50_c.jpg\",\"title\":\"OLYMPUS DIGITAL CAMERA\"},\"gallery_id\":17410,\"gallery_title\":\"Grapevines virus\"},\"9998\":{\"status\":\"active\",\"src\":\"https:\\\/\\\/www.vignevin.com\\\/wp-content\\\/uploads\\\/2019\\\/02\\\/Sympt\u00f4mes-de-GVCV-Grapevine-Vein-Clearing-Virus-sur-Vidal-blanc.jpg\",\"title\":\"OLYMPUS DIGITAL CAMERA\",\"link\":\"https:\\\/\\\/www.vignevin.com\\\/wp-content\\\/uploads\\\/2019\\\/02\\\/Sympt\u00f4mes-de-GVCV-Grapevine-Vein-Clearing-Virus-sur-Vidal-blanc.jpg\",\"alt\":\"\",\"caption\":\"OLYMPUS DIGITAL CAMERA\",\"thumb\":\"https:\\\/\\\/www.vignevin.com\\\/wp-content\\\/uploads\\\/2019\\\/02\\\/Sympt\u00f4mes-de-GVCV-Grapevine-Vein-Clearing-Virus-sur-Vidal-blanc-75x50_c.jpg\",\"meta\":{\"aperture\":\"4\",\"credit\":null,\"camera\":\"C765UZ\",\"caption\":\"OLYMPUS DIGITAL CAMERA\",\"created_timestamp\":null,\"copyright\":null,\"focal_length\":\"6.3\",\"iso\":\"64\",\"shutter_speed\":\"0.008\",\"title\":\"OLYMPUS DIGITAL CAMERA\",\"orientation\":\"1\",\"keywords\":null},\"thumbnail\":\"https:\\\/\\\/www.vignevin.com\\\/wp-content\\\/uploads\\\/2019\\\/02\\\/Sympt\u00f4mes-de-GVCV-Grapevine-Vein-Clearing-Virus-sur-Vidal-blanc.jpg\",\"medium\":\"https:\\\/\\\/www.vignevin.com\\\/wp-content\\\/uploads\\\/2019\\\/02\\\/Sympt\u00f4mes-de-GVCV-Grapevine-Vein-Clearing-Virus-sur-Vidal-blanc.jpg\",\"medium_large\":\"https:\\\/\\\/www.vignevin.com\\\/wp-content\\\/uploads\\\/2019\\\/02\\\/Sympt\u00f4mes-de-GVCV-Grapevine-Vein-Clearing-Virus-sur-Vidal-blanc.jpg\",\"large\":\"https:\\\/\\\/www.vignevin.com\\\/wp-content\\\/uploads\\\/2019\\\/02\\\/Sympt\u00f4mes-de-GVCV-Grapevine-Vein-Clearing-Virus-sur-Vidal-blanc.jpg\",\"1536x1536\":\"https:\\\/\\\/www.vignevin.com\\\/wp-content\\\/uploads\\\/2019\\\/02\\\/Sympt\u00f4mes-de-GVCV-Grapevine-Vein-Clearing-Virus-sur-Vidal-blanc.jpg\",\"2048x2048\":\"https:\\\/\\\/www.vignevin.com\\\/wp-content\\\/uploads\\\/2019\\\/02\\\/Sympt\u00f4mes-de-GVCV-Grapevine-Vein-Clearing-Virus-sur-Vidal-blanc.jpg\",\"et-pb-post-main-image\":\"https:\\\/\\\/www.vignevin.com\\\/wp-content\\\/uploads\\\/2019\\\/02\\\/Sympt\u00f4mes-de-GVCV-Grapevine-Vein-Clearing-Virus-sur-Vidal-blanc.jpg\",\"et-pb-post-main-image-fullwidth\":\"https:\\\/\\\/www.vignevin.com\\\/wp-content\\\/uploads\\\/2019\\\/02\\\/Sympt\u00f4mes-de-GVCV-Grapevine-Vein-Clearing-Virus-sur-Vidal-blanc.jpg\",\"et-pb-portfolio-image\":\"https:\\\/\\\/www.vignevin.com\\\/wp-content\\\/uploads\\\/2019\\\/02\\\/Sympt\u00f4mes-de-GVCV-Grapevine-Vein-Clearing-Virus-sur-Vidal-blanc.jpg\",\"et-pb-portfolio-module-image\":\"https:\\\/\\\/www.vignevin.com\\\/wp-content\\\/uploads\\\/2019\\\/02\\\/Sympt\u00f4mes-de-GVCV-Grapevine-Vein-Clearing-Virus-sur-Vidal-blanc.jpg\",\"et-pb-portfolio-image-single\":\"https:\\\/\\\/www.vignevin.com\\\/wp-content\\\/uploads\\\/2019\\\/02\\\/Sympt\u00f4mes-de-GVCV-Grapevine-Vein-Clearing-Virus-sur-Vidal-blanc.jpg\",\"et-pb-gallery-module-image-portrait\":\"https:\\\/\\\/www.vignevin.com\\\/wp-content\\\/uploads\\\/2019\\\/02\\\/Sympt\u00f4mes-de-GVCV-Grapevine-Vein-Clearing-Virus-sur-Vidal-blanc.jpg\",\"et-pb-post-main-image-fullwidth-large\":\"https:\\\/\\\/www.vignevin.com\\\/wp-content\\\/uploads\\\/2019\\\/02\\\/Sympt\u00f4mes-de-GVCV-Grapevine-Vein-Clearing-Virus-sur-Vidal-blanc.jpg\",\"et-pb-image--responsive--desktop\":\"https:\\\/\\\/www.vignevin.com\\\/wp-content\\\/uploads\\\/2019\\\/02\\\/Sympt\u00f4mes-de-GVCV-Grapevine-Vein-Clearing-Virus-sur-Vidal-blanc.jpg\",\"et-pb-image--responsive--tablet\":\"https:\\\/\\\/www.vignevin.com\\\/wp-content\\\/uploads\\\/2019\\\/02\\\/Sympt\u00f4mes-de-GVCV-Grapevine-Vein-Clearing-Virus-sur-Vidal-blanc.jpg\",\"et-pb-image--responsive--phone\":\"https:\\\/\\\/www.vignevin.com\\\/wp-content\\\/uploads\\\/2019\\\/02\\\/Sympt\u00f4mes-de-GVCV-Grapevine-Vein-Clearing-Virus-sur-Vidal-blanc.jpg\",\"gform-image-choice-sm\":\"https:\\\/\\\/www.vignevin.com\\\/wp-content\\\/uploads\\\/2019\\\/02\\\/Sympt\u00f4mes-de-GVCV-Grapevine-Vein-Clearing-Virus-sur-Vidal-blanc.jpg\",\"gform-image-choice-md\":\"https:\\\/\\\/www.vignevin.com\\\/wp-content\\\/uploads\\\/2019\\\/02\\\/Sympt\u00f4mes-de-GVCV-Grapevine-Vein-Clearing-Virus-sur-Vidal-blanc.jpg\",\"gform-image-choice-lg\":\"https:\\\/\\\/www.vignevin.com\\\/wp-content\\\/uploads\\\/2019\\\/02\\\/Sympt\u00f4mes-de-GVCV-Grapevine-Vein-Clearing-Virus-sur-Vidal-blanc.jpg\",\"woocommerce_thumbnail\":\"https:\\\/\\\/www.vignevin.com\\\/wp-content\\\/uploads\\\/2019\\\/02\\\/Sympt\u00f4mes-de-GVCV-Grapevine-Vein-Clearing-Virus-sur-Vidal-blanc-300x300.jpg\",\"woocommerce_single\":\"https:\\\/\\\/www.vignevin.com\\\/wp-content\\\/uploads\\\/2019\\\/02\\\/Sympt\u00f4mes-de-GVCV-Grapevine-Vein-Clearing-Virus-sur-Vidal-blanc-600x449.jpg\",\"woocommerce_gallery_thumbnail\":\"https:\\\/\\\/www.vignevin.com\\\/wp-content\\\/uploads\\\/2019\\\/02\\\/Sympt\u00f4mes-de-GVCV-Grapevine-Vein-Clearing-Virus-sur-Vidal-blanc-100x100.jpg\",\"full\":\"https:\\\/\\\/www.vignevin.com\\\/wp-content\\\/uploads\\\/2019\\\/02\\\/Sympt\u00f4mes-de-GVCV-Grapevine-Vein-Clearing-Virus-sur-Vidal-blanc.jpg\",\"index\":60,\"id\":9998,\"video\":false,\"opts\":{\"caption\":\"OLYMPUS DIGITAL CAMERA\",\"thumb\":\"https:\\\/\\\/www.vignevin.com\\\/wp-content\\\/uploads\\\/2019\\\/02\\\/Sympt\u00f4mes-de-GVCV-Grapevine-Vein-Clearing-Virus-sur-Vidal-blanc-75x50_c.jpg\",\"title\":\"OLYMPUS DIGITAL CAMERA\"},\"gallery_id\":17410,\"gallery_title\":\"Grapevines virus\"},\"9999\":{\"status\":\"active\",\"src\":\"https:\\\/\\\/www.vignevin.com\\\/wp-content\\\/uploads\\\/2019\\\/02\\\/Sympt\u00f4mes-de-GVCV-Grapevine-Vein-Clearing-Virus.tif\",\"title\":\"Sympt&amp;ocirc;mes de GVCV (Grapevine Vein Clearing Virus)\",\"link\":\"https:\\\/\\\/www.vignevin.com\\\/wp-content\\\/uploads\\\/2019\\\/02\\\/Sympt\u00f4mes-de-GVCV-Grapevine-Vein-Clearing-Virus.tif\",\"alt\":\"\",\"caption\":false,\"thumb\":\"https:\\\/\\\/www.vignevin.com\\\/wp-content\\\/uploads\\\/2019\\\/02\\\/Sympt\u00f4mes-de-GVCV-Grapevine-Vein-Clearing-Virus-75x50_c.tif\",\"thumbnail\":\"https:\\\/\\\/www.vignevin.com\\\/wp-content\\\/uploads\\\/2019\\\/02\\\/Sympt\u00f4mes-de-GVCV-Grapevine-Vein-Clearing-Virus.tif\",\"medium\":\"https:\\\/\\\/www.vignevin.com\\\/wp-content\\\/uploads\\\/2019\\\/02\\\/Sympt\u00f4mes-de-GVCV-Grapevine-Vein-Clearing-Virus.tif\",\"medium_large\":\"https:\\\/\\\/www.vignevin.com\\\/wp-content\\\/uploads\\\/2019\\\/02\\\/Sympt\u00f4mes-de-GVCV-Grapevine-Vein-Clearing-Virus.tif\",\"large\":\"https:\\\/\\\/www.vignevin.com\\\/wp-content\\\/uploads\\\/2019\\\/02\\\/Sympt\u00f4mes-de-GVCV-Grapevine-Vein-Clearing-Virus.tif\",\"1536x1536\":\"https:\\\/\\\/www.vignevin.com\\\/wp-content\\\/uploads\\\/2019\\\/02\\\/Sympt\u00f4mes-de-GVCV-Grapevine-Vein-Clearing-Virus.tif\",\"2048x2048\":\"https:\\\/\\\/www.vignevin.com\\\/wp-content\\\/uploads\\\/2019\\\/02\\\/Sympt\u00f4mes-de-GVCV-Grapevine-Vein-Clearing-Virus.tif\",\"et-pb-post-main-image\":\"https:\\\/\\\/www.vignevin.com\\\/wp-content\\\/uploads\\\/2019\\\/02\\\/Sympt\u00f4mes-de-GVCV-Grapevine-Vein-Clearing-Virus.tif\",\"et-pb-post-main-image-fullwidth\":\"https:\\\/\\\/www.vignevin.com\\\/wp-content\\\/uploads\\\/2019\\\/02\\\/Sympt\u00f4mes-de-GVCV-Grapevine-Vein-Clearing-Virus.tif\",\"et-pb-portfolio-image\":\"https:\\\/\\\/www.vignevin.com\\\/wp-content\\\/uploads\\\/2019\\\/02\\\/Sympt\u00f4mes-de-GVCV-Grapevine-Vein-Clearing-Virus.tif\",\"et-pb-portfolio-module-image\":\"https:\\\/\\\/www.vignevin.com\\\/wp-content\\\/uploads\\\/2019\\\/02\\\/Sympt\u00f4mes-de-GVCV-Grapevine-Vein-Clearing-Virus.tif\",\"et-pb-portfolio-image-single\":\"https:\\\/\\\/www.vignevin.com\\\/wp-content\\\/uploads\\\/2019\\\/02\\\/Sympt\u00f4mes-de-GVCV-Grapevine-Vein-Clearing-Virus.tif\",\"et-pb-gallery-module-image-portrait\":\"https:\\\/\\\/www.vignevin.com\\\/wp-content\\\/uploads\\\/2019\\\/02\\\/Sympt\u00f4mes-de-GVCV-Grapevine-Vein-Clearing-Virus.tif\",\"et-pb-post-main-image-fullwidth-large\":\"https:\\\/\\\/www.vignevin.com\\\/wp-content\\\/uploads\\\/2019\\\/02\\\/Sympt\u00f4mes-de-GVCV-Grapevine-Vein-Clearing-Virus.tif\",\"et-pb-image--responsive--desktop\":\"https:\\\/\\\/www.vignevin.com\\\/wp-content\\\/uploads\\\/2019\\\/02\\\/Sympt\u00f4mes-de-GVCV-Grapevine-Vein-Clearing-Virus.tif\",\"et-pb-image--responsive--tablet\":\"https:\\\/\\\/www.vignevin.com\\\/wp-content\\\/uploads\\\/2019\\\/02\\\/Sympt\u00f4mes-de-GVCV-Grapevine-Vein-Clearing-Virus.tif\",\"et-pb-image--responsive--phone\":\"https:\\\/\\\/www.vignevin.com\\\/wp-content\\\/uploads\\\/2019\\\/02\\\/Sympt\u00f4mes-de-GVCV-Grapevine-Vein-Clearing-Virus.tif\",\"gform-image-choice-sm\":\"https:\\\/\\\/www.vignevin.com\\\/wp-content\\\/uploads\\\/2019\\\/02\\\/Sympt\u00f4mes-de-GVCV-Grapevine-Vein-Clearing-Virus.tif\",\"gform-image-choice-md\":\"https:\\\/\\\/www.vignevin.com\\\/wp-content\\\/uploads\\\/2019\\\/02\\\/Sympt\u00f4mes-de-GVCV-Grapevine-Vein-Clearing-Virus.tif\",\"gform-image-choice-lg\":\"https:\\\/\\\/www.vignevin.com\\\/wp-content\\\/uploads\\\/2019\\\/02\\\/Sympt\u00f4mes-de-GVCV-Grapevine-Vein-Clearing-Virus.tif\",\"woocommerce_thumbnail\":\"https:\\\/\\\/www.vignevin.com\\\/wp-content\\\/uploads\\\/2019\\\/02\\\/Sympt\u00f4mes-de-GVCV-Grapevine-Vein-Clearing-Virus.tif\",\"woocommerce_single\":\"https:\\\/\\\/www.vignevin.com\\\/wp-content\\\/uploads\\\/2019\\\/02\\\/Sympt\u00f4mes-de-GVCV-Grapevine-Vein-Clearing-Virus.tif\",\"woocommerce_gallery_thumbnail\":\"https:\\\/\\\/www.vignevin.com\\\/wp-content\\\/uploads\\\/2019\\\/02\\\/Sympt\u00f4mes-de-GVCV-Grapevine-Vein-Clearing-Virus.tif\",\"full\":\"https:\\\/\\\/www.vignevin.com\\\/wp-content\\\/uploads\\\/2019\\\/02\\\/Sympt\u00f4mes-de-GVCV-Grapevine-Vein-Clearing-Virus.tif\",\"index\":61,\"id\":9999,\"video\":false,\"opts\":{\"caption\":\"\",\"thumb\":\"https:\\\/\\\/www.vignevin.com\\\/wp-content\\\/uploads\\\/2019\\\/02\\\/Sympt\u00f4mes-de-GVCV-Grapevine-Vein-Clearing-Virus-75x50_c.tif\",\"title\":\"Sympt&amp;ocirc;mes de GVCV (Grapevine Vein Clearing Virus)\"},\"gallery_id\":17410,\"gallery_title\":\"Grapevines virus\"},\"10000\":{\"status\":\"active\",\"src\":\"https:\\\/\\\/www.vignevin.com\\\/wp-content\\\/uploads\\\/2019\\\/02\\\/Sympt\u00f4mes-de-la-marbrure-sur-feuilles-de-Rupestris-du-Lot.jpg\",\"title\":\"OLYMPUS DIGITAL CAMERA\",\"link\":\"https:\\\/\\\/www.vignevin.com\\\/wp-content\\\/uploads\\\/2019\\\/02\\\/Sympt\u00f4mes-de-la-marbrure-sur-feuilles-de-Rupestris-du-Lot.jpg\",\"alt\":\"\",\"caption\":\"OLYMPUS DIGITAL CAMERA\",\"thumb\":\"https:\\\/\\\/www.vignevin.com\\\/wp-content\\\/uploads\\\/2019\\\/02\\\/Sympt\u00f4mes-de-la-marbrure-sur-feuilles-de-Rupestris-du-Lot-75x50_c.jpg\",\"meta\":{\"aperture\":\"3\",\"credit\":null,\"camera\":\"C2500L\",\"caption\":\"OLYMPUS DIGITAL CAMERA\",\"created_timestamp\":\"1084355860\",\"copyright\":null,\"focal_length\":\"13.6\",\"iso\":\"100\",\"shutter_speed\":\"0.025\",\"title\":\"OLYMPUS DIGITAL CAMERA\",\"orientation\":\"1\",\"keywords\":null},\"thumbnail\":\"https:\\\/\\\/www.vignevin.com\\\/wp-content\\\/uploads\\\/2019\\\/02\\\/Sympt\u00f4mes-de-la-marbrure-sur-feuilles-de-Rupestris-du-Lot-150x150.jpg\",\"medium\":\"https:\\\/\\\/www.vignevin.com\\\/wp-content\\\/uploads\\\/2019\\\/02\\\/Sympt\u00f4mes-de-la-marbrure-sur-feuilles-de-Rupestris-du-Lot-300x240.jpg\",\"medium_large\":\"https:\\\/\\\/www.vignevin.com\\\/wp-content\\\/uploads\\\/2019\\\/02\\\/Sympt\u00f4mes-de-la-marbrure-sur-feuilles-de-Rupestris-du-Lot-768x614.jpg\",\"large\":\"https:\\\/\\\/www.vignevin.com\\\/wp-content\\\/uploads\\\/2019\\\/02\\\/Sympt\u00f4mes-de-la-marbrure-sur-feuilles-de-Rupestris-du-Lot-1024x818.jpg\",\"1536x1536\":\"https:\\\/\\\/www.vignevin.com\\\/wp-content\\\/uploads\\\/2019\\\/02\\\/Sympt\u00f4mes-de-la-marbrure-sur-feuilles-de-Rupestris-du-Lot.jpg\",\"2048x2048\":\"https:\\\/\\\/www.vignevin.com\\\/wp-content\\\/uploads\\\/2019\\\/02\\\/Sympt\u00f4mes-de-la-marbrure-sur-feuilles-de-Rupestris-du-Lot.jpg\",\"et-pb-post-main-image\":\"https:\\\/\\\/www.vignevin.com\\\/wp-content\\\/uploads\\\/2019\\\/02\\\/Sympt\u00f4mes-de-la-marbrure-sur-feuilles-de-Rupestris-du-Lot-400x250.jpg\",\"et-pb-post-main-image-fullwidth\":\"https:\\\/\\\/www.vignevin.com\\\/wp-content\\\/uploads\\\/2019\\\/02\\\/Sympt\u00f4mes-de-la-marbrure-sur-feuilles-de-Rupestris-du-Lot-1080x675.jpg\",\"et-pb-portfolio-image\":\"https:\\\/\\\/www.vignevin.com\\\/wp-content\\\/uploads\\\/2019\\\/02\\\/Sympt\u00f4mes-de-la-marbrure-sur-feuilles-de-Rupestris-du-Lot-400x284.jpg\",\"et-pb-portfolio-module-image\":\"https:\\\/\\\/www.vignevin.com\\\/wp-content\\\/uploads\\\/2019\\\/02\\\/Sympt\u00f4mes-de-la-marbrure-sur-feuilles-de-Rupestris-du-Lot-510x382.jpg\",\"et-pb-portfolio-image-single\":\"https:\\\/\\\/www.vignevin.com\\\/wp-content\\\/uploads\\\/2019\\\/02\\\/Sympt\u00f4mes-de-la-marbrure-sur-feuilles-de-Rupestris-du-Lot-1080x863.jpg\",\"et-pb-gallery-module-image-portrait\":\"https:\\\/\\\/www.vignevin.com\\\/wp-content\\\/uploads\\\/2019\\\/02\\\/Sympt\u00f4mes-de-la-marbrure-sur-feuilles-de-Rupestris-du-Lot-400x516.jpg\",\"et-pb-post-main-image-fullwidth-large\":\"https:\\\/\\\/www.vignevin.com\\\/wp-content\\\/uploads\\\/2019\\\/02\\\/Sympt\u00f4mes-de-la-marbrure-sur-feuilles-de-Rupestris-du-Lot.jpg\",\"et-pb-image--responsive--desktop\":\"https:\\\/\\\/www.vignevin.com\\\/wp-content\\\/uploads\\\/2019\\\/02\\\/Sympt\u00f4mes-de-la-marbrure-sur-feuilles-de-Rupestris-du-Lot.jpg\",\"et-pb-image--responsive--tablet\":\"https:\\\/\\\/www.vignevin.com\\\/wp-content\\\/uploads\\\/2019\\\/02\\\/Sympt\u00f4mes-de-la-marbrure-sur-feuilles-de-Rupestris-du-Lot.jpg\",\"et-pb-image--responsive--phone\":\"https:\\\/\\\/www.vignevin.com\\\/wp-content\\\/uploads\\\/2019\\\/02\\\/Sympt\u00f4mes-de-la-marbrure-sur-feuilles-de-Rupestris-du-Lot.jpg\",\"gform-image-choice-sm\":\"https:\\\/\\\/www.vignevin.com\\\/wp-content\\\/uploads\\\/2019\\\/02\\\/Sympt\u00f4mes-de-la-marbrure-sur-feuilles-de-Rupestris-du-Lot.jpg\",\"gform-image-choice-md\":\"https:\\\/\\\/www.vignevin.com\\\/wp-content\\\/uploads\\\/2019\\\/02\\\/Sympt\u00f4mes-de-la-marbrure-sur-feuilles-de-Rupestris-du-Lot.jpg\",\"gform-image-choice-lg\":\"https:\\\/\\\/www.vignevin.com\\\/wp-content\\\/uploads\\\/2019\\\/02\\\/Sympt\u00f4mes-de-la-marbrure-sur-feuilles-de-Rupestris-du-Lot.jpg\",\"woocommerce_thumbnail\":\"https:\\\/\\\/www.vignevin.com\\\/wp-content\\\/uploads\\\/2019\\\/02\\\/Sympt\u00f4mes-de-la-marbrure-sur-feuilles-de-Rupestris-du-Lot-300x300.jpg\",\"woocommerce_single\":\"https:\\\/\\\/www.vignevin.com\\\/wp-content\\\/uploads\\\/2019\\\/02\\\/Sympt\u00f4mes-de-la-marbrure-sur-feuilles-de-Rupestris-du-Lot-600x479.jpg\",\"woocommerce_gallery_thumbnail\":\"https:\\\/\\\/www.vignevin.com\\\/wp-content\\\/uploads\\\/2019\\\/02\\\/Sympt\u00f4mes-de-la-marbrure-sur-feuilles-de-Rupestris-du-Lot-100x100.jpg\",\"full\":\"https:\\\/\\\/www.vignevin.com\\\/wp-content\\\/uploads\\\/2019\\\/02\\\/Sympt\u00f4mes-de-la-marbrure-sur-feuilles-de-Rupestris-du-Lot.jpg\",\"index\":62,\"id\":10000,\"video\":false,\"opts\":{\"caption\":\"OLYMPUS DIGITAL CAMERA\",\"thumb\":\"https:\\\/\\\/www.vignevin.com\\\/wp-content\\\/uploads\\\/2019\\\/02\\\/Sympt\u00f4mes-de-la-marbrure-sur-feuilles-de-Rupestris-du-Lot-75x50_c.jpg\",\"title\":\"OLYMPUS DIGITAL CAMERA\"},\"gallery_id\":17410,\"gallery_title\":\"Grapevines virus\"},\"10001\":{\"status\":\"active\",\"src\":\"https:\\\/\\\/www.vignevin.com\\\/wp-content\\\/uploads\\\/2019\\\/02\\\/Sympt\u00f4mes-de-la-marbrure-scaled.jpg\",\"title\":\"Sympt&amp;ocirc;mes de la marbrure\",\"link\":\"https:\\\/\\\/www.vignevin.com\\\/wp-content\\\/uploads\\\/2019\\\/02\\\/Sympt\u00f4mes-de-la-marbrure.jpg\",\"alt\":\"\",\"caption\":false,\"thumb\":\"https:\\\/\\\/www.vignevin.com\\\/wp-content\\\/uploads\\\/2019\\\/02\\\/Sympt\u00f4mes-de-la-marbrure-scaled-75x50_c.jpg\",\"meta\":{\"aperture\":\"4\",\"credit\":null,\"camera\":\"DSC-HX9V\",\"caption\":\"\",\"created_timestamp\":\"1463129977\",\"copyright\":null,\"focal_length\":\"9.37\",\"iso\":\"100\",\"shutter_speed\":\"0.008\",\"title\":\"\",\"orientation\":\"1\",\"keywords\":null,\"resized_images\":null},\"thumbnail\":\"https:\\\/\\\/www.vignevin.com\\\/wp-content\\\/uploads\\\/2019\\\/02\\\/Sympt\u00f4mes-de-la-marbrure-scaled.jpg\",\"medium\":\"https:\\\/\\\/www.vignevin.com\\\/wp-content\\\/uploads\\\/2019\\\/02\\\/Sympt\u00f4mes-de-la-marbrure-scaled.jpg\",\"medium_large\":\"https:\\\/\\\/www.vignevin.com\\\/wp-content\\\/uploads\\\/2019\\\/02\\\/Sympt\u00f4mes-de-la-marbrure-scaled.jpg\",\"large\":\"https:\\\/\\\/www.vignevin.com\\\/wp-content\\\/uploads\\\/2019\\\/02\\\/Sympt\u00f4mes-de-la-marbrure-scaled.jpg\",\"1536x1536\":\"https:\\\/\\\/www.vignevin.com\\\/wp-content\\\/uploads\\\/2019\\\/02\\\/Sympt\u00f4mes-de-la-marbrure-scaled.jpg\",\"2048x2048\":\"https:\\\/\\\/www.vignevin.com\\\/wp-content\\\/uploads\\\/2019\\\/02\\\/Sympt\u00f4mes-de-la-marbrure-scaled.jpg\",\"et-pb-post-main-image\":\"https:\\\/\\\/www.vignevin.com\\\/wp-content\\\/uploads\\\/2019\\\/02\\\/Sympt\u00f4mes-de-la-marbrure-scaled.jpg\",\"et-pb-post-main-image-fullwidth\":\"https:\\\/\\\/www.vignevin.com\\\/wp-content\\\/uploads\\\/2019\\\/02\\\/Sympt\u00f4mes-de-la-marbrure-scaled.jpg\",\"et-pb-portfolio-image\":\"https:\\\/\\\/www.vignevin.com\\\/wp-content\\\/uploads\\\/2019\\\/02\\\/Sympt\u00f4mes-de-la-marbrure-scaled.jpg\",\"et-pb-portfolio-module-image\":\"https:\\\/\\\/www.vignevin.com\\\/wp-content\\\/uploads\\\/2019\\\/02\\\/Sympt\u00f4mes-de-la-marbrure-scaled.jpg\",\"et-pb-portfolio-image-single\":\"https:\\\/\\\/www.vignevin.com\\\/wp-content\\\/uploads\\\/2019\\\/02\\\/Sympt\u00f4mes-de-la-marbrure-scaled.jpg\",\"et-pb-gallery-module-image-portrait\":\"https:\\\/\\\/www.vignevin.com\\\/wp-content\\\/uploads\\\/2019\\\/02\\\/Sympt\u00f4mes-de-la-marbrure-scaled.jpg\",\"et-pb-post-main-image-fullwidth-large\":\"https:\\\/\\\/www.vignevin.com\\\/wp-content\\\/uploads\\\/2019\\\/02\\\/Sympt\u00f4mes-de-la-marbrure-scaled.jpg\",\"et-pb-image--responsive--desktop\":\"https:\\\/\\\/www.vignevin.com\\\/wp-content\\\/uploads\\\/2019\\\/02\\\/Sympt\u00f4mes-de-la-marbrure-scaled.jpg\",\"et-pb-image--responsive--tablet\":\"https:\\\/\\\/www.vignevin.com\\\/wp-content\\\/uploads\\\/2019\\\/02\\\/Sympt\u00f4mes-de-la-marbrure-scaled.jpg\",\"et-pb-image--responsive--phone\":\"https:\\\/\\\/www.vignevin.com\\\/wp-content\\\/uploads\\\/2019\\\/02\\\/Sympt\u00f4mes-de-la-marbrure-scaled.jpg\",\"gform-image-choice-sm\":\"https:\\\/\\\/www.vignevin.com\\\/wp-content\\\/uploads\\\/2019\\\/02\\\/Sympt\u00f4mes-de-la-marbrure-scaled.jpg\",\"gform-image-choice-md\":\"https:\\\/\\\/www.vignevin.com\\\/wp-content\\\/uploads\\\/2019\\\/02\\\/Sympt\u00f4mes-de-la-marbrure-scaled.jpg\",\"gform-image-choice-lg\":\"https:\\\/\\\/www.vignevin.com\\\/wp-content\\\/uploads\\\/2019\\\/02\\\/Sympt\u00f4mes-de-la-marbrure-scaled.jpg\",\"woocommerce_thumbnail\":\"https:\\\/\\\/www.vignevin.com\\\/wp-content\\\/uploads\\\/2019\\\/02\\\/Sympt\u00f4mes-de-la-marbrure-scaled-300x300.jpg\",\"woocommerce_single\":\"https:\\\/\\\/www.vignevin.com\\\/wp-content\\\/uploads\\\/2019\\\/02\\\/Sympt\u00f4mes-de-la-marbrure-scaled-600x450.jpg\",\"woocommerce_gallery_thumbnail\":\"https:\\\/\\\/www.vignevin.com\\\/wp-content\\\/uploads\\\/2019\\\/02\\\/Sympt\u00f4mes-de-la-marbrure-scaled-100x100.jpg\",\"full\":\"https:\\\/\\\/www.vignevin.com\\\/wp-content\\\/uploads\\\/2019\\\/02\\\/Sympt\u00f4mes-de-la-marbrure-scaled.jpg\",\"index\":63,\"id\":10001,\"video\":false,\"opts\":{\"caption\":\"\",\"thumb\":\"https:\\\/\\\/www.vignevin.com\\\/wp-content\\\/uploads\\\/2019\\\/02\\\/Sympt\u00f4mes-de-la-marbrure-scaled-75x50_c.jpg\",\"title\":\"Sympt&amp;ocirc;mes de la marbrure\"},\"gallery_id\":17410,\"gallery_title\":\"Grapevines virus\"},\"10002\":{\"status\":\"active\",\"src\":\"https:\\\/\\\/www.vignevin.com\\\/wp-content\\\/uploads\\\/2019\\\/02\\\/Sympt\u00f4mes-de-mabrure.jpg\",\"title\":\"OLYMPUS DIGITAL CAMERA\",\"link\":\"https:\\\/\\\/www.vignevin.com\\\/wp-content\\\/uploads\\\/2019\\\/02\\\/Sympt\u00f4mes-de-mabrure.jpg\",\"alt\":\"\",\"caption\":\"OLYMPUS DIGITAL CAMERA\",\"thumb\":\"https:\\\/\\\/www.vignevin.com\\\/wp-content\\\/uploads\\\/2019\\\/02\\\/Sympt\u00f4mes-de-mabrure-75x50_c.jpg\",\"meta\":{\"aperture\":\"3\",\"credit\":null,\"camera\":\"C2500L\",\"caption\":\"OLYMPUS DIGITAL CAMERA\",\"created_timestamp\":\"1084355860\",\"copyright\":null,\"focal_length\":\"13.6\",\"iso\":\"100\",\"shutter_speed\":\"0.025\",\"title\":\"OLYMPUS DIGITAL CAMERA\",\"orientation\":null,\"keywords\":null},\"thumbnail\":\"https:\\\/\\\/www.vignevin.com\\\/wp-content\\\/uploads\\\/2019\\\/02\\\/Sympt\u00f4mes-de-mabrure-150x150.jpg\",\"medium\":\"https:\\\/\\\/www.vignevin.com\\\/wp-content\\\/uploads\\\/2019\\\/02\\\/Sympt\u00f4mes-de-mabrure-300x242.jpg\",\"medium_large\":\"https:\\\/\\\/www.vignevin.com\\\/wp-content\\\/uploads\\\/2019\\\/02\\\/Sympt\u00f4mes-de-mabrure-768x620.jpg\",\"large\":\"https:\\\/\\\/www.vignevin.com\\\/wp-content\\\/uploads\\\/2019\\\/02\\\/Sympt\u00f4mes-de-mabrure-1024x827.jpg\",\"1536x1536\":\"https:\\\/\\\/www.vignevin.com\\\/wp-content\\\/uploads\\\/2019\\\/02\\\/Sympt\u00f4mes-de-mabrure.jpg\",\"2048x2048\":\"https:\\\/\\\/www.vignevin.com\\\/wp-content\\\/uploads\\\/2019\\\/02\\\/Sympt\u00f4mes-de-mabrure.jpg\",\"et-pb-post-main-image\":\"https:\\\/\\\/www.vignevin.com\\\/wp-content\\\/uploads\\\/2019\\\/02\\\/Sympt\u00f4mes-de-mabrure-400x250.jpg\",\"et-pb-post-main-image-fullwidth\":\"https:\\\/\\\/www.vignevin.com\\\/wp-content\\\/uploads\\\/2019\\\/02\\\/Sympt\u00f4mes-de-mabrure-1080x675.jpg\",\"et-pb-portfolio-image\":\"https:\\\/\\\/www.vignevin.com\\\/wp-content\\\/uploads\\\/2019\\\/02\\\/Sympt\u00f4mes-de-mabrure-400x284.jpg\",\"et-pb-portfolio-module-image\":\"https:\\\/\\\/www.vignevin.com\\\/wp-content\\\/uploads\\\/2019\\\/02\\\/Sympt\u00f4mes-de-mabrure-510x382.jpg\",\"et-pb-portfolio-image-single\":\"https:\\\/\\\/www.vignevin.com\\\/wp-content\\\/uploads\\\/2019\\\/02\\\/Sympt\u00f4mes-de-mabrure-1080x872.jpg\",\"et-pb-gallery-module-image-portrait\":\"https:\\\/\\\/www.vignevin.com\\\/wp-content\\\/uploads\\\/2019\\\/02\\\/Sympt\u00f4mes-de-mabrure-400x516.jpg\",\"et-pb-post-main-image-fullwidth-large\":\"https:\\\/\\\/www.vignevin.com\\\/wp-content\\\/uploads\\\/2019\\\/02\\\/Sympt\u00f4mes-de-mabrure.jpg\",\"et-pb-image--responsive--desktop\":\"https:\\\/\\\/www.vignevin.com\\\/wp-content\\\/uploads\\\/2019\\\/02\\\/Sympt\u00f4mes-de-mabrure.jpg\",\"et-pb-image--responsive--tablet\":\"https:\\\/\\\/www.vignevin.com\\\/wp-content\\\/uploads\\\/2019\\\/02\\\/Sympt\u00f4mes-de-mabrure.jpg\",\"et-pb-image--responsive--phone\":\"https:\\\/\\\/www.vignevin.com\\\/wp-content\\\/uploads\\\/2019\\\/02\\\/Sympt\u00f4mes-de-mabrure.jpg\",\"gform-image-choice-sm\":\"https:\\\/\\\/www.vignevin.com\\\/wp-content\\\/uploads\\\/2019\\\/02\\\/Sympt\u00f4mes-de-mabrure.jpg\",\"gform-image-choice-md\":\"https:\\\/\\\/www.vignevin.com\\\/wp-content\\\/uploads\\\/2019\\\/02\\\/Sympt\u00f4mes-de-mabrure.jpg\",\"gform-image-choice-lg\":\"https:\\\/\\\/www.vignevin.com\\\/wp-content\\\/uploads\\\/2019\\\/02\\\/Sympt\u00f4mes-de-mabrure.jpg\",\"woocommerce_thumbnail\":\"https:\\\/\\\/www.vignevin.com\\\/wp-content\\\/uploads\\\/2019\\\/02\\\/Sympt\u00f4mes-de-mabrure-300x300.jpg\",\"woocommerce_single\":\"https:\\\/\\\/www.vignevin.com\\\/wp-content\\\/uploads\\\/2019\\\/02\\\/Sympt\u00f4mes-de-mabrure-600x485.jpg\",\"woocommerce_gallery_thumbnail\":\"https:\\\/\\\/www.vignevin.com\\\/wp-content\\\/uploads\\\/2019\\\/02\\\/Sympt\u00f4mes-de-mabrure-100x100.jpg\",\"full\":\"https:\\\/\\\/www.vignevin.com\\\/wp-content\\\/uploads\\\/2019\\\/02\\\/Sympt\u00f4mes-de-mabrure.jpg\",\"index\":64,\"id\":10002,\"video\":false,\"opts\":{\"caption\":\"OLYMPUS DIGITAL CAMERA\",\"thumb\":\"https:\\\/\\\/www.vignevin.com\\\/wp-content\\\/uploads\\\/2019\\\/02\\\/Sympt\u00f4mes-de-mabrure-75x50_c.jpg\",\"title\":\"OLYMPUS DIGITAL CAMERA\"},\"gallery_id\":17410,\"gallery_title\":\"Grapevines virus\"},\"10003\":{\"status\":\"active\",\"src\":\"https:\\\/\\\/www.vignevin.com\\\/wp-content\\\/uploads\\\/2019\\\/02\\\/Sympt\u00f4mes-de-marbrure-sur-Rupestris-du-Lot-scaled.jpg\",\"title\":\"Sympt&amp;ocirc;mes de marbrure sur Rupestris du Lot\",\"link\":\"https:\\\/\\\/www.vignevin.com\\\/wp-content\\\/uploads\\\/2019\\\/02\\\/Sympt\u00f4mes-de-marbrure-sur-Rupestris-du-Lot.jpg\",\"alt\":\"\",\"caption\":false,\"thumb\":\"https:\\\/\\\/www.vignevin.com\\\/wp-content\\\/uploads\\\/2019\\\/02\\\/Sympt\u00f4mes-de-marbrure-sur-Rupestris-du-Lot-scaled-75x50_c.jpg\",\"meta\":{\"aperture\":\"3.3\",\"credit\":null,\"camera\":\"DSC-HX9V\",\"caption\":\"\",\"created_timestamp\":\"1463130273\",\"copyright\":null,\"focal_length\":\"4.28\",\"iso\":\"100\",\"shutter_speed\":\"0.004\",\"title\":\"\",\"orientation\":\"1\",\"keywords\":null},\"thumbnail\":\"https:\\\/\\\/www.vignevin.com\\\/wp-content\\\/uploads\\\/2019\\\/02\\\/Sympt\u00f4mes-de-marbrure-sur-Rupestris-du-Lot-150x150.jpg\",\"medium\":\"https:\\\/\\\/www.vignevin.com\\\/wp-content\\\/uploads\\\/2019\\\/02\\\/Sympt\u00f4mes-de-marbrure-sur-Rupestris-du-Lot-225x300.jpg\",\"medium_large\":\"https:\\\/\\\/www.vignevin.com\\\/wp-content\\\/uploads\\\/2019\\\/02\\\/Sympt\u00f4mes-de-marbrure-sur-Rupestris-du-Lot-768x1024.jpg\",\"large\":\"https:\\\/\\\/www.vignevin.com\\\/wp-content\\\/uploads\\\/2019\\\/02\\\/Sympt\u00f4mes-de-marbrure-sur-Rupestris-du-Lot-768x1024.jpg\",\"1536x1536\":\"https:\\\/\\\/www.vignevin.com\\\/wp-content\\\/uploads\\\/2019\\\/02\\\/Sympt\u00f4mes-de-marbrure-sur-Rupestris-du-Lot-scaled.jpg\",\"2048x2048\":\"https:\\\/\\\/www.vignevin.com\\\/wp-content\\\/uploads\\\/2019\\\/02\\\/Sympt\u00f4mes-de-marbrure-sur-Rupestris-du-Lot-scaled.jpg\",\"et-pb-post-main-image\":\"https:\\\/\\\/www.vignevin.com\\\/wp-content\\\/uploads\\\/2019\\\/02\\\/Sympt\u00f4mes-de-marbrure-sur-Rupestris-du-Lot-400x250.jpg\",\"et-pb-post-main-image-fullwidth\":\"https:\\\/\\\/www.vignevin.com\\\/wp-content\\\/uploads\\\/2019\\\/02\\\/Sympt\u00f4mes-de-marbrure-sur-Rupestris-du-Lot-1080x675.jpg\",\"et-pb-portfolio-image\":\"https:\\\/\\\/www.vignevin.com\\\/wp-content\\\/uploads\\\/2019\\\/02\\\/Sympt\u00f4mes-de-marbrure-sur-Rupestris-du-Lot-400x284.jpg\",\"et-pb-portfolio-module-image\":\"https:\\\/\\\/www.vignevin.com\\\/wp-content\\\/uploads\\\/2019\\\/02\\\/Sympt\u00f4mes-de-marbrure-sur-Rupestris-du-Lot-510x382.jpg\",\"et-pb-portfolio-image-single\":\"https:\\\/\\\/www.vignevin.com\\\/wp-content\\\/uploads\\\/2019\\\/02\\\/Sympt\u00f4mes-de-marbrure-sur-Rupestris-du-Lot-1080x1440.jpg\",\"et-pb-gallery-module-image-portrait\":\"https:\\\/\\\/www.vignevin.com\\\/wp-content\\\/uploads\\\/2019\\\/02\\\/Sympt\u00f4mes-de-marbrure-sur-Rupestris-du-Lot-400x516.jpg\",\"et-pb-post-main-image-fullwidth-large\":\"https:\\\/\\\/www.vignevin.com\\\/wp-content\\\/uploads\\\/2019\\\/02\\\/Sympt\u00f4mes-de-marbrure-sur-Rupestris-du-Lot-2880x1800.jpg\",\"et-pb-image--responsive--desktop\":\"https:\\\/\\\/www.vignevin.com\\\/wp-content\\\/uploads\\\/2019\\\/02\\\/Sympt\u00f4mes-de-marbrure-sur-Rupestris-du-Lot-scaled.jpg\",\"et-pb-image--responsive--tablet\":\"https:\\\/\\\/www.vignevin.com\\\/wp-content\\\/uploads\\\/2019\\\/02\\\/Sympt\u00f4mes-de-marbrure-sur-Rupestris-du-Lot-scaled.jpg\",\"et-pb-image--responsive--phone\":\"https:\\\/\\\/www.vignevin.com\\\/wp-content\\\/uploads\\\/2019\\\/02\\\/Sympt\u00f4mes-de-marbrure-sur-Rupestris-du-Lot-scaled.jpg\",\"gform-image-choice-sm\":\"https:\\\/\\\/www.vignevin.com\\\/wp-content\\\/uploads\\\/2019\\\/02\\\/Sympt\u00f4mes-de-marbrure-sur-Rupestris-du-Lot-scaled.jpg\",\"gform-image-choice-md\":\"https:\\\/\\\/www.vignevin.com\\\/wp-content\\\/uploads\\\/2019\\\/02\\\/Sympt\u00f4mes-de-marbrure-sur-Rupestris-du-Lot-scaled.jpg\",\"gform-image-choice-lg\":\"https:\\\/\\\/www.vignevin.com\\\/wp-content\\\/uploads\\\/2019\\\/02\\\/Sympt\u00f4mes-de-marbrure-sur-Rupestris-du-Lot-scaled.jpg\",\"woocommerce_thumbnail\":\"https:\\\/\\\/www.vignevin.com\\\/wp-content\\\/uploads\\\/2019\\\/02\\\/Sympt\u00f4mes-de-marbrure-sur-Rupestris-du-Lot-scaled-300x300.jpg\",\"woocommerce_single\":\"https:\\\/\\\/www.vignevin.com\\\/wp-content\\\/uploads\\\/2019\\\/02\\\/Sympt\u00f4mes-de-marbrure-sur-Rupestris-du-Lot-scaled-600x800.jpg\",\"woocommerce_gallery_thumbnail\":\"https:\\\/\\\/www.vignevin.com\\\/wp-content\\\/uploads\\\/2019\\\/02\\\/Sympt\u00f4mes-de-marbrure-sur-Rupestris-du-Lot-scaled-100x100.jpg\",\"full\":\"https:\\\/\\\/www.vignevin.com\\\/wp-content\\\/uploads\\\/2019\\\/02\\\/Sympt\u00f4mes-de-marbrure-sur-Rupestris-du-Lot-scaled.jpg\",\"index\":65,\"id\":10003,\"video\":false,\"opts\":{\"caption\":\"\",\"thumb\":\"https:\\\/\\\/www.vignevin.com\\\/wp-content\\\/uploads\\\/2019\\\/02\\\/Sympt\u00f4mes-de-marbrure-sur-Rupestris-du-Lot-scaled-75x50_c.jpg\",\"title\":\"Sympt&amp;ocirc;mes de marbrure sur Rupestris du Lot\"},\"gallery_id\":17410,\"gallery_title\":\"Grapevines virus\"},\"10004\":{\"status\":\"active\",\"src\":\"https:\\\/\\\/www.vignevin.com\\\/wp-content\\\/uploads\\\/2019\\\/02\\\/Sympt\u00f4mes-de-n\u00e9crose-des-nervures-sur-110-R-provoqu\u00e9-par-le-GRSPaV.jpg\",\"title\":\"Sympt&amp;ocirc;mes de n&amp;eacute;crose des nervures sur 110 R, provoqu&amp;eacute; par le GRSPaV\",\"link\":\"https:\\\/\\\/www.vignevin.com\\\/wp-content\\\/uploads\\\/2019\\\/02\\\/Sympt\u00f4mes-de-n\u00e9crose-des-nervures-sur-110-R-provoqu\u00e9-par-le-GRSPaV.jpg\",\"alt\":\"\",\"caption\":false,\"thumb\":\"https:\\\/\\\/www.vignevin.com\\\/wp-content\\\/uploads\\\/2019\\\/02\\\/Sympt\u00f4mes-de-n\u00e9crose-des-nervures-sur-110-R-provoqu\u00e9-par-le-GRSPaV-75x50_c.jpg\",\"meta\":{\"aperture\":null,\"credit\":null,\"camera\":null,\"caption\":\"\",\"created_timestamp\":null,\"copyright\":null,\"focal_length\":null,\"iso\":null,\"shutter_speed\":null,\"title\":\"\",\"orientation\":null,\"keywords\":null},\"thumbnail\":\"https:\\\/\\\/www.vignevin.com\\\/wp-content\\\/uploads\\\/2019\\\/02\\\/Sympt\u00f4mes-de-n\u00e9crose-des-nervures-sur-110-R-provoqu\u00e9-par-le-GRSPaV-150x150.jpg\",\"medium\":\"https:\\\/\\\/www.vignevin.com\\\/wp-content\\\/uploads\\\/2019\\\/02\\\/Sympt\u00f4mes-de-n\u00e9crose-des-nervures-sur-110-R-provoqu\u00e9-par-le-GRSPaV-300x183.jpg\",\"medium_large\":\"https:\\\/\\\/www.vignevin.com\\\/wp-content\\\/uploads\\\/2019\\\/02\\\/Sympt\u00f4mes-de-n\u00e9crose-des-nervures-sur-110-R-provoqu\u00e9-par-le-GRSPaV.jpg\",\"large\":\"https:\\\/\\\/www.vignevin.com\\\/wp-content\\\/uploads\\\/2019\\\/02\\\/Sympt\u00f4mes-de-n\u00e9crose-des-nervures-sur-110-R-provoqu\u00e9-par-le-GRSPaV.jpg\",\"1536x1536\":\"https:\\\/\\\/www.vignevin.com\\\/wp-content\\\/uploads\\\/2019\\\/02\\\/Sympt\u00f4mes-de-n\u00e9crose-des-nervures-sur-110-R-provoqu\u00e9-par-le-GRSPaV.jpg\",\"2048x2048\":\"https:\\\/\\\/www.vignevin.com\\\/wp-content\\\/uploads\\\/2019\\\/02\\\/Sympt\u00f4mes-de-n\u00e9crose-des-nervures-sur-110-R-provoqu\u00e9-par-le-GRSPaV.jpg\",\"et-pb-post-main-image\":\"https:\\\/\\\/www.vignevin.com\\\/wp-content\\\/uploads\\\/2019\\\/02\\\/Sympt\u00f4mes-de-n\u00e9crose-des-nervures-sur-110-R-provoqu\u00e9-par-le-GRSPaV-400x250.jpg\",\"et-pb-post-main-image-fullwidth\":\"https:\\\/\\\/www.vignevin.com\\\/wp-content\\\/uploads\\\/2019\\\/02\\\/Sympt\u00f4mes-de-n\u00e9crose-des-nervures-sur-110-R-provoqu\u00e9-par-le-GRSPaV.jpg\",\"et-pb-portfolio-image\":\"https:\\\/\\\/www.vignevin.com\\\/wp-content\\\/uploads\\\/2019\\\/02\\\/Sympt\u00f4mes-de-n\u00e9crose-des-nervures-sur-110-R-provoqu\u00e9-par-le-GRSPaV-400x284.jpg\",\"et-pb-portfolio-module-image\":\"https:\\\/\\\/www.vignevin.com\\\/wp-content\\\/uploads\\\/2019\\\/02\\\/Sympt\u00f4mes-de-n\u00e9crose-des-nervures-sur-110-R-provoqu\u00e9-par-le-GRSPaV-510x382.jpg\",\"et-pb-portfolio-image-single\":\"https:\\\/\\\/www.vignevin.com\\\/wp-content\\\/uploads\\\/2019\\\/02\\\/Sympt\u00f4mes-de-n\u00e9crose-des-nervures-sur-110-R-provoqu\u00e9-par-le-GRSPaV.jpg\",\"et-pb-gallery-module-image-portrait\":\"https:\\\/\\\/www.vignevin.com\\\/wp-content\\\/uploads\\\/2019\\\/02\\\/Sympt\u00f4mes-de-n\u00e9crose-des-nervures-sur-110-R-provoqu\u00e9-par-le-GRSPaV-400x411.jpg\",\"et-pb-post-main-image-fullwidth-large\":\"https:\\\/\\\/www.vignevin.com\\\/wp-content\\\/uploads\\\/2019\\\/02\\\/Sympt\u00f4mes-de-n\u00e9crose-des-nervures-sur-110-R-provoqu\u00e9-par-le-GRSPaV.jpg\",\"et-pb-image--responsive--desktop\":\"https:\\\/\\\/www.vignevin.com\\\/wp-content\\\/uploads\\\/2019\\\/02\\\/Sympt\u00f4mes-de-n\u00e9crose-des-nervures-sur-110-R-provoqu\u00e9-par-le-GRSPaV.jpg\",\"et-pb-image--responsive--tablet\":\"https:\\\/\\\/www.vignevin.com\\\/wp-content\\\/uploads\\\/2019\\\/02\\\/Sympt\u00f4mes-de-n\u00e9crose-des-nervures-sur-110-R-provoqu\u00e9-par-le-GRSPaV.jpg\",\"et-pb-image--responsive--phone\":\"https:\\\/\\\/www.vignevin.com\\\/wp-content\\\/uploads\\\/2019\\\/02\\\/Sympt\u00f4mes-de-n\u00e9crose-des-nervures-sur-110-R-provoqu\u00e9-par-le-GRSPaV.jpg\",\"gform-image-choice-sm\":\"https:\\\/\\\/www.vignevin.com\\\/wp-content\\\/uploads\\\/2019\\\/02\\\/Sympt\u00f4mes-de-n\u00e9crose-des-nervures-sur-110-R-provoqu\u00e9-par-le-GRSPaV.jpg\",\"gform-image-choice-md\":\"https:\\\/\\\/www.vignevin.com\\\/wp-content\\\/uploads\\\/2019\\\/02\\\/Sympt\u00f4mes-de-n\u00e9crose-des-nervures-sur-110-R-provoqu\u00e9-par-le-GRSPaV.jpg\",\"gform-image-choice-lg\":\"https:\\\/\\\/www.vignevin.com\\\/wp-content\\\/uploads\\\/2019\\\/02\\\/Sympt\u00f4mes-de-n\u00e9crose-des-nervures-sur-110-R-provoqu\u00e9-par-le-GRSPaV.jpg\",\"woocommerce_thumbnail\":\"https:\\\/\\\/www.vignevin.com\\\/wp-content\\\/uploads\\\/2019\\\/02\\\/Sympt\u00f4mes-de-n\u00e9crose-des-nervures-sur-110-R-provoqu\u00e9-par-le-GRSPaV-300x300.jpg\",\"woocommerce_single\":\"https:\\\/\\\/www.vignevin.com\\\/wp-content\\\/uploads\\\/2019\\\/02\\\/Sympt\u00f4mes-de-n\u00e9crose-des-nervures-sur-110-R-provoqu\u00e9-par-le-GRSPaV-600x366.jpg\",\"woocommerce_gallery_thumbnail\":\"https:\\\/\\\/www.vignevin.com\\\/wp-content\\\/uploads\\\/2019\\\/02\\\/Sympt\u00f4mes-de-n\u00e9crose-des-nervures-sur-110-R-provoqu\u00e9-par-le-GRSPaV-100x100.jpg\",\"full\":\"https:\\\/\\\/www.vignevin.com\\\/wp-content\\\/uploads\\\/2019\\\/02\\\/Sympt\u00f4mes-de-n\u00e9crose-des-nervures-sur-110-R-provoqu\u00e9-par-le-GRSPaV.jpg\",\"index\":66,\"id\":10004,\"video\":false,\"opts\":{\"caption\":\"\",\"thumb\":\"https:\\\/\\\/www.vignevin.com\\\/wp-content\\\/uploads\\\/2019\\\/02\\\/Sympt\u00f4mes-de-n\u00e9crose-des-nervures-sur-110-R-provoqu\u00e9-par-le-GRSPaV-75x50_c.jpg\",\"title\":\"Sympt&amp;ocirc;mes de n&amp;eacute;crose des nervures sur 110 R, provoqu&amp;eacute; par le GRSPaV\"},\"gallery_id\":17410,\"gallery_title\":\"Grapevines virus\"},\"10005\":{\"status\":\"active\",\"src\":\"https:\\\/\\\/www.vignevin.com\\\/wp-content\\\/uploads\\\/2019\\\/02\\\/Sympt\u00f4mes-de-n\u00e9crose-des-nervures-sur-feuille-de-110R-indicateur.jpg\",\"title\":\"Sympt&amp;ocirc;mes de n&amp;eacute;crose des nervures sur feuille de 110R (indicateur)\",\"link\":\"https:\\\/\\\/www.vignevin.com\\\/wp-content\\\/uploads\\\/2019\\\/02\\\/Sympt\u00f4mes-de-n\u00e9crose-des-nervures-sur-feuille-de-110R-indicateur.jpg\",\"alt\":\"\",\"caption\":false,\"thumb\":\"https:\\\/\\\/www.vignevin.com\\\/wp-content\\\/uploads\\\/2019\\\/02\\\/Sympt\u00f4mes-de-n\u00e9crose-des-nervures-sur-feuille-de-110R-indicateur-75x50_c.jpg\",\"meta\":{\"aperture\":\"3.3\",\"credit\":null,\"camera\":\"E5700\",\"caption\":\"\",\"created_timestamp\":\"1284022858\",\"copyright\":null,\"focal_length\":\"18.8\",\"iso\":\"100\",\"shutter_speed\":\"0.016583747927032\",\"title\":\"\",\"orientation\":\"1\",\"keywords\":null},\"thumbnail\":\"https:\\\/\\\/www.vignevin.com\\\/wp-content\\\/uploads\\\/2019\\\/02\\\/Sympt\u00f4mes-de-n\u00e9crose-des-nervures-sur-feuille-de-110R-indicateur-150x150.jpg\",\"medium\":\"https:\\\/\\\/www.vignevin.com\\\/wp-content\\\/uploads\\\/2019\\\/02\\\/Sympt\u00f4mes-de-n\u00e9crose-des-nervures-sur-feuille-de-110R-indicateur-300x225.jpg\",\"medium_large\":\"https:\\\/\\\/www.vignevin.com\\\/wp-content\\\/uploads\\\/2019\\\/02\\\/Sympt\u00f4mes-de-n\u00e9crose-des-nervures-sur-feuille-de-110R-indicateur-768x576.jpg\",\"large\":\"https:\\\/\\\/www.vignevin.com\\\/wp-content\\\/uploads\\\/2019\\\/02\\\/Sympt\u00f4mes-de-n\u00e9crose-des-nervures-sur-feuille-de-110R-indicateur-1024x768.jpg\",\"1536x1536\":\"https:\\\/\\\/www.vignevin.com\\\/wp-content\\\/uploads\\\/2019\\\/02\\\/Sympt\u00f4mes-de-n\u00e9crose-des-nervures-sur-feuille-de-110R-indicateur.jpg\",\"2048x2048\":\"https:\\\/\\\/www.vignevin.com\\\/wp-content\\\/uploads\\\/2019\\\/02\\\/Sympt\u00f4mes-de-n\u00e9crose-des-nervures-sur-feuille-de-110R-indicateur.jpg\",\"et-pb-post-main-image\":\"https:\\\/\\\/www.vignevin.com\\\/wp-content\\\/uploads\\\/2019\\\/02\\\/Sympt\u00f4mes-de-n\u00e9crose-des-nervures-sur-feuille-de-110R-indicateur-400x250.jpg\",\"et-pb-post-main-image-fullwidth\":\"https:\\\/\\\/www.vignevin.com\\\/wp-content\\\/uploads\\\/2019\\\/02\\\/Sympt\u00f4mes-de-n\u00e9crose-des-nervures-sur-feuille-de-110R-indicateur-1080x675.jpg\",\"et-pb-portfolio-image\":\"https:\\\/\\\/www.vignevin.com\\\/wp-content\\\/uploads\\\/2019\\\/02\\\/Sympt\u00f4mes-de-n\u00e9crose-des-nervures-sur-feuille-de-110R-indicateur-400x284.jpg\",\"et-pb-portfolio-module-image\":\"https:\\\/\\\/www.vignevin.com\\\/wp-content\\\/uploads\\\/2019\\\/02\\\/Sympt\u00f4mes-de-n\u00e9crose-des-nervures-sur-feuille-de-110R-indicateur-510x382.jpg\",\"et-pb-portfolio-image-single\":\"https:\\\/\\\/www.vignevin.com\\\/wp-content\\\/uploads\\\/2019\\\/02\\\/Sympt\u00f4mes-de-n\u00e9crose-des-nervures-sur-feuille-de-110R-indicateur-1080x810.jpg\",\"et-pb-gallery-module-image-portrait\":\"https:\\\/\\\/www.vignevin.com\\\/wp-content\\\/uploads\\\/2019\\\/02\\\/Sympt\u00f4mes-de-n\u00e9crose-des-nervures-sur-feuille-de-110R-indicateur-400x516.jpg\",\"et-pb-post-main-image-fullwidth-large\":\"https:\\\/\\\/www.vignevin.com\\\/wp-content\\\/uploads\\\/2019\\\/02\\\/Sympt\u00f4mes-de-n\u00e9crose-des-nervures-sur-feuille-de-110R-indicateur-2560x1800.jpg\",\"et-pb-image--responsive--desktop\":\"https:\\\/\\\/www.vignevin.com\\\/wp-content\\\/uploads\\\/2019\\\/02\\\/Sympt\u00f4mes-de-n\u00e9crose-des-nervures-sur-feuille-de-110R-indicateur.jpg\",\"et-pb-image--responsive--tablet\":\"https:\\\/\\\/www.vignevin.com\\\/wp-content\\\/uploads\\\/2019\\\/02\\\/Sympt\u00f4mes-de-n\u00e9crose-des-nervures-sur-feuille-de-110R-indicateur.jpg\",\"et-pb-image--responsive--phone\":\"https:\\\/\\\/www.vignevin.com\\\/wp-content\\\/uploads\\\/2019\\\/02\\\/Sympt\u00f4mes-de-n\u00e9crose-des-nervures-sur-feuille-de-110R-indicateur.jpg\",\"gform-image-choice-sm\":\"https:\\\/\\\/www.vignevin.com\\\/wp-content\\\/uploads\\\/2019\\\/02\\\/Sympt\u00f4mes-de-n\u00e9crose-des-nervures-sur-feuille-de-110R-indicateur.jpg\",\"gform-image-choice-md\":\"https:\\\/\\\/www.vignevin.com\\\/wp-content\\\/uploads\\\/2019\\\/02\\\/Sympt\u00f4mes-de-n\u00e9crose-des-nervures-sur-feuille-de-110R-indicateur.jpg\",\"gform-image-choice-lg\":\"https:\\\/\\\/www.vignevin.com\\\/wp-content\\\/uploads\\\/2019\\\/02\\\/Sympt\u00f4mes-de-n\u00e9crose-des-nervures-sur-feuille-de-110R-indicateur.jpg\",\"woocommerce_thumbnail\":\"https:\\\/\\\/www.vignevin.com\\\/wp-content\\\/uploads\\\/2019\\\/02\\\/Sympt\u00f4mes-de-n\u00e9crose-des-nervures-sur-feuille-de-110R-indicateur-300x300.jpg\",\"woocommerce_single\":\"https:\\\/\\\/www.vignevin.com\\\/wp-content\\\/uploads\\\/2019\\\/02\\\/Sympt\u00f4mes-de-n\u00e9crose-des-nervures-sur-feuille-de-110R-indicateur-600x450.jpg\",\"woocommerce_gallery_thumbnail\":\"https:\\\/\\\/www.vignevin.com\\\/wp-content\\\/uploads\\\/2019\\\/02\\\/Sympt\u00f4mes-de-n\u00e9crose-des-nervures-sur-feuille-de-110R-indicateur-100x100.jpg\",\"full\":\"https:\\\/\\\/www.vignevin.com\\\/wp-content\\\/uploads\\\/2019\\\/02\\\/Sympt\u00f4mes-de-n\u00e9crose-des-nervures-sur-feuille-de-110R-indicateur.jpg\",\"index\":67,\"id\":10005,\"video\":false,\"opts\":{\"caption\":\"\",\"thumb\":\"https:\\\/\\\/www.vignevin.com\\\/wp-content\\\/uploads\\\/2019\\\/02\\\/Sympt\u00f4mes-de-n\u00e9crose-des-nervures-sur-feuille-de-110R-indicateur-75x50_c.jpg\",\"title\":\"Sympt&amp;ocirc;mes de n&amp;eacute;crose des nervures sur feuille de 110R (indicateur)\"},\"gallery_id\":17410,\"gallery_title\":\"Grapevines virus\"},\"10006\":{\"status\":\"active\",\"src\":\"https:\\\/\\\/www.vignevin.com\\\/wp-content\\\/uploads\\\/2019\\\/02\\\/Sympt\u00f4mes-de-t\u00e2ches-annulaires-sur-feuilles-de-Rupestris-du-Lot.jpg\",\"title\":\"Sympt&amp;ocirc;mes de t&amp;acirc;ches annulaires sur feuilles de Rupestris du Lot\",\"link\":\"https:\\\/\\\/www.vignevin.com\\\/wp-content\\\/uploads\\\/2019\\\/02\\\/Sympt\u00f4mes-de-t\u00e2ches-annulaires-sur-feuilles-de-Rupestris-du-Lot.jpg\",\"alt\":\"\",\"caption\":false,\"thumb\":\"https:\\\/\\\/www.vignevin.com\\\/wp-content\\\/uploads\\\/2019\\\/02\\\/Sympt\u00f4mes-de-t\u00e2ches-annulaires-sur-feuilles-de-Rupestris-du-Lot-75x50_c.jpg\",\"meta\":{\"aperture\":\"3.5\",\"credit\":null,\"camera\":\"E5700\",\"caption\":\"\",\"created_timestamp\":null,\"copyright\":null,\"focal_length\":\"21\",\"iso\":\"100\",\"shutter_speed\":\"0.016583747927032\",\"title\":\"\",\"orientation\":\"1\",\"keywords\":null},\"thumbnail\":\"https:\\\/\\\/www.vignevin.com\\\/wp-content\\\/uploads\\\/2019\\\/02\\\/Sympt\u00f4mes-de-t\u00e2ches-annulaires-sur-feuilles-de-Rupestris-du-Lot.jpg\",\"medium\":\"https:\\\/\\\/www.vignevin.com\\\/wp-content\\\/uploads\\\/2019\\\/02\\\/Sympt\u00f4mes-de-t\u00e2ches-annulaires-sur-feuilles-de-Rupestris-du-Lot.jpg\",\"medium_large\":\"https:\\\/\\\/www.vignevin.com\\\/wp-content\\\/uploads\\\/2019\\\/02\\\/Sympt\u00f4mes-de-t\u00e2ches-annulaires-sur-feuilles-de-Rupestris-du-Lot.jpg\",\"large\":\"https:\\\/\\\/www.vignevin.com\\\/wp-content\\\/uploads\\\/2019\\\/02\\\/Sympt\u00f4mes-de-t\u00e2ches-annulaires-sur-feuilles-de-Rupestris-du-Lot.jpg\",\"1536x1536\":\"https:\\\/\\\/www.vignevin.com\\\/wp-content\\\/uploads\\\/2019\\\/02\\\/Sympt\u00f4mes-de-t\u00e2ches-annulaires-sur-feuilles-de-Rupestris-du-Lot.jpg\",\"2048x2048\":\"https:\\\/\\\/www.vignevin.com\\\/wp-content\\\/uploads\\\/2019\\\/02\\\/Sympt\u00f4mes-de-t\u00e2ches-annulaires-sur-feuilles-de-Rupestris-du-Lot.jpg\",\"et-pb-post-main-image\":\"https:\\\/\\\/www.vignevin.com\\\/wp-content\\\/uploads\\\/2019\\\/02\\\/Sympt\u00f4mes-de-t\u00e2ches-annulaires-sur-feuilles-de-Rupestris-du-Lot.jpg\",\"et-pb-post-main-image-fullwidth\":\"https:\\\/\\\/www.vignevin.com\\\/wp-content\\\/uploads\\\/2019\\\/02\\\/Sympt\u00f4mes-de-t\u00e2ches-annulaires-sur-feuilles-de-Rupestris-du-Lot.jpg\",\"et-pb-portfolio-image\":\"https:\\\/\\\/www.vignevin.com\\\/wp-content\\\/uploads\\\/2019\\\/02\\\/Sympt\u00f4mes-de-t\u00e2ches-annulaires-sur-feuilles-de-Rupestris-du-Lot.jpg\",\"et-pb-portfolio-module-image\":\"https:\\\/\\\/www.vignevin.com\\\/wp-content\\\/uploads\\\/2019\\\/02\\\/Sympt\u00f4mes-de-t\u00e2ches-annulaires-sur-feuilles-de-Rupestris-du-Lot.jpg\",\"et-pb-portfolio-image-single\":\"https:\\\/\\\/www.vignevin.com\\\/wp-content\\\/uploads\\\/2019\\\/02\\\/Sympt\u00f4mes-de-t\u00e2ches-annulaires-sur-feuilles-de-Rupestris-du-Lot.jpg\",\"et-pb-gallery-module-image-portrait\":\"https:\\\/\\\/www.vignevin.com\\\/wp-content\\\/uploads\\\/2019\\\/02\\\/Sympt\u00f4mes-de-t\u00e2ches-annulaires-sur-feuilles-de-Rupestris-du-Lot.jpg\",\"et-pb-post-main-image-fullwidth-large\":\"https:\\\/\\\/www.vignevin.com\\\/wp-content\\\/uploads\\\/2019\\\/02\\\/Sympt\u00f4mes-de-t\u00e2ches-annulaires-sur-feuilles-de-Rupestris-du-Lot.jpg\",\"et-pb-image--responsive--desktop\":\"https:\\\/\\\/www.vignevin.com\\\/wp-content\\\/uploads\\\/2019\\\/02\\\/Sympt\u00f4mes-de-t\u00e2ches-annulaires-sur-feuilles-de-Rupestris-du-Lot.jpg\",\"et-pb-image--responsive--tablet\":\"https:\\\/\\\/www.vignevin.com\\\/wp-content\\\/uploads\\\/2019\\\/02\\\/Sympt\u00f4mes-de-t\u00e2ches-annulaires-sur-feuilles-de-Rupestris-du-Lot.jpg\",\"et-pb-image--responsive--phone\":\"https:\\\/\\\/www.vignevin.com\\\/wp-content\\\/uploads\\\/2019\\\/02\\\/Sympt\u00f4mes-de-t\u00e2ches-annulaires-sur-feuilles-de-Rupestris-du-Lot.jpg\",\"gform-image-choice-sm\":\"https:\\\/\\\/www.vignevin.com\\\/wp-content\\\/uploads\\\/2019\\\/02\\\/Sympt\u00f4mes-de-t\u00e2ches-annulaires-sur-feuilles-de-Rupestris-du-Lot.jpg\",\"gform-image-choice-md\":\"https:\\\/\\\/www.vignevin.com\\\/wp-content\\\/uploads\\\/2019\\\/02\\\/Sympt\u00f4mes-de-t\u00e2ches-annulaires-sur-feuilles-de-Rupestris-du-Lot.jpg\",\"gform-image-choice-lg\":\"https:\\\/\\\/www.vignevin.com\\\/wp-content\\\/uploads\\\/2019\\\/02\\\/Sympt\u00f4mes-de-t\u00e2ches-annulaires-sur-feuilles-de-Rupestris-du-Lot.jpg\",\"woocommerce_thumbnail\":\"https:\\\/\\\/www.vignevin.com\\\/wp-content\\\/uploads\\\/2019\\\/02\\\/Sympt\u00f4mes-de-t\u00e2ches-annulaires-sur-feuilles-de-Rupestris-du-Lot-300x300.jpg\",\"woocommerce_single\":\"https:\\\/\\\/www.vignevin.com\\\/wp-content\\\/uploads\\\/2019\\\/02\\\/Sympt\u00f4mes-de-t\u00e2ches-annulaires-sur-feuilles-de-Rupestris-du-Lot-600x450.jpg\",\"woocommerce_gallery_thumbnail\":\"https:\\\/\\\/www.vignevin.com\\\/wp-content\\\/uploads\\\/2019\\\/02\\\/Sympt\u00f4mes-de-t\u00e2ches-annulaires-sur-feuilles-de-Rupestris-du-Lot-100x100.jpg\",\"full\":\"https:\\\/\\\/www.vignevin.com\\\/wp-content\\\/uploads\\\/2019\\\/02\\\/Sympt\u00f4mes-de-t\u00e2ches-annulaires-sur-feuilles-de-Rupestris-du-Lot.jpg\",\"index\":68,\"id\":10006,\"video\":false,\"opts\":{\"caption\":\"\",\"thumb\":\"https:\\\/\\\/www.vignevin.com\\\/wp-content\\\/uploads\\\/2019\\\/02\\\/Sympt\u00f4mes-de-t\u00e2ches-annulaires-sur-feuilles-de-Rupestris-du-Lot-75x50_c.jpg\",\"title\":\"Sympt&amp;ocirc;mes de t&amp;acirc;ches annulaires sur feuilles de Rupestris du Lot\"},\"gallery_id\":17410,\"gallery_title\":\"Grapevines virus\"},\"10007\":{\"status\":\"active\",\"src\":\"https:\\\/\\\/www.vignevin.com\\\/wp-content\\\/uploads\\\/2019\\\/02\\\/Sympt\u00f4mes-de-Vein-Clearing-Virus-sur-feuilles-de-Vidal-Blanc-2.tif\",\"title\":\"Sympt&amp;ocirc;mes de Vein Clearing Virus sur feuilles de Vidal Blanc (2)\",\"link\":\"https:\\\/\\\/www.vignevin.com\\\/wp-content\\\/uploads\\\/2019\\\/02\\\/Sympt\u00f4mes-de-Vein-Clearing-Virus-sur-feuilles-de-Vidal-Blanc-2.tif\",\"alt\":\"\",\"caption\":false,\"thumb\":\"https:\\\/\\\/www.vignevin.com\\\/wp-content\\\/uploads\\\/2019\\\/02\\\/Sympt\u00f4mes-de-Vein-Clearing-Virus-sur-feuilles-de-Vidal-Blanc-2-75x50_c.tif\",\"thumbnail\":\"https:\\\/\\\/www.vignevin.com\\\/wp-content\\\/uploads\\\/2019\\\/02\\\/Sympt\u00f4mes-de-Vein-Clearing-Virus-sur-feuilles-de-Vidal-Blanc-2.tif\",\"medium\":\"https:\\\/\\\/www.vignevin.com\\\/wp-content\\\/uploads\\\/2019\\\/02\\\/Sympt\u00f4mes-de-Vein-Clearing-Virus-sur-feuilles-de-Vidal-Blanc-2.tif\",\"medium_large\":\"https:\\\/\\\/www.vignevin.com\\\/wp-content\\\/uploads\\\/2019\\\/02\\\/Sympt\u00f4mes-de-Vein-Clearing-Virus-sur-feuilles-de-Vidal-Blanc-2.tif\",\"large\":\"https:\\\/\\\/www.vignevin.com\\\/wp-content\\\/uploads\\\/2019\\\/02\\\/Sympt\u00f4mes-de-Vein-Clearing-Virus-sur-feuilles-de-Vidal-Blanc-2.tif\",\"1536x1536\":\"https:\\\/\\\/www.vignevin.com\\\/wp-content\\\/uploads\\\/2019\\\/02\\\/Sympt\u00f4mes-de-Vein-Clearing-Virus-sur-feuilles-de-Vidal-Blanc-2.tif\",\"2048x2048\":\"https:\\\/\\\/www.vignevin.com\\\/wp-content\\\/uploads\\\/2019\\\/02\\\/Sympt\u00f4mes-de-Vein-Clearing-Virus-sur-feuilles-de-Vidal-Blanc-2.tif\",\"et-pb-post-main-image\":\"https:\\\/\\\/www.vignevin.com\\\/wp-content\\\/uploads\\\/2019\\\/02\\\/Sympt\u00f4mes-de-Vein-Clearing-Virus-sur-feuilles-de-Vidal-Blanc-2.tif\",\"et-pb-post-main-image-fullwidth\":\"https:\\\/\\\/www.vignevin.com\\\/wp-content\\\/uploads\\\/2019\\\/02\\\/Sympt\u00f4mes-de-Vein-Clearing-Virus-sur-feuilles-de-Vidal-Blanc-2.tif\",\"et-pb-portfolio-image\":\"https:\\\/\\\/www.vignevin.com\\\/wp-content\\\/uploads\\\/2019\\\/02\\\/Sympt\u00f4mes-de-Vein-Clearing-Virus-sur-feuilles-de-Vidal-Blanc-2.tif\",\"et-pb-portfolio-module-image\":\"https:\\\/\\\/www.vignevin.com\\\/wp-content\\\/uploads\\\/2019\\\/02\\\/Sympt\u00f4mes-de-Vein-Clearing-Virus-sur-feuilles-de-Vidal-Blanc-2.tif\",\"et-pb-portfolio-image-single\":\"https:\\\/\\\/www.vignevin.com\\\/wp-content\\\/uploads\\\/2019\\\/02\\\/Sympt\u00f4mes-de-Vein-Clearing-Virus-sur-feuilles-de-Vidal-Blanc-2.tif\",\"et-pb-gallery-module-image-portrait\":\"https:\\\/\\\/www.vignevin.com\\\/wp-content\\\/uploads\\\/2019\\\/02\\\/Sympt\u00f4mes-de-Vein-Clearing-Virus-sur-feuilles-de-Vidal-Blanc-2.tif\",\"et-pb-post-main-image-fullwidth-large\":\"https:\\\/\\\/www.vignevin.com\\\/wp-content\\\/uploads\\\/2019\\\/02\\\/Sympt\u00f4mes-de-Vein-Clearing-Virus-sur-feuilles-de-Vidal-Blanc-2.tif\",\"et-pb-image--responsive--desktop\":\"https:\\\/\\\/www.vignevin.com\\\/wp-content\\\/uploads\\\/2019\\\/02\\\/Sympt\u00f4mes-de-Vein-Clearing-Virus-sur-feuilles-de-Vidal-Blanc-2.tif\",\"et-pb-image--responsive--tablet\":\"https:\\\/\\\/www.vignevin.com\\\/wp-content\\\/uploads\\\/2019\\\/02\\\/Sympt\u00f4mes-de-Vein-Clearing-Virus-sur-feuilles-de-Vidal-Blanc-2.tif\",\"et-pb-image--responsive--phone\":\"https:\\\/\\\/www.vignevin.com\\\/wp-content\\\/uploads\\\/2019\\\/02\\\/Sympt\u00f4mes-de-Vein-Clearing-Virus-sur-feuilles-de-Vidal-Blanc-2.tif\",\"gform-image-choice-sm\":\"https:\\\/\\\/www.vignevin.com\\\/wp-content\\\/uploads\\\/2019\\\/02\\\/Sympt\u00f4mes-de-Vein-Clearing-Virus-sur-feuilles-de-Vidal-Blanc-2.tif\",\"gform-image-choice-md\":\"https:\\\/\\\/www.vignevin.com\\\/wp-content\\\/uploads\\\/2019\\\/02\\\/Sympt\u00f4mes-de-Vein-Clearing-Virus-sur-feuilles-de-Vidal-Blanc-2.tif\",\"gform-image-choice-lg\":\"https:\\\/\\\/www.vignevin.com\\\/wp-content\\\/uploads\\\/2019\\\/02\\\/Sympt\u00f4mes-de-Vein-Clearing-Virus-sur-feuilles-de-Vidal-Blanc-2.tif\",\"woocommerce_thumbnail\":\"https:\\\/\\\/www.vignevin.com\\\/wp-content\\\/uploads\\\/2019\\\/02\\\/Sympt\u00f4mes-de-Vein-Clearing-Virus-sur-feuilles-de-Vidal-Blanc-2.tif\",\"woocommerce_single\":\"https:\\\/\\\/www.vignevin.com\\\/wp-content\\\/uploads\\\/2019\\\/02\\\/Sympt\u00f4mes-de-Vein-Clearing-Virus-sur-feuilles-de-Vidal-Blanc-2.tif\",\"woocommerce_gallery_thumbnail\":\"https:\\\/\\\/www.vignevin.com\\\/wp-content\\\/uploads\\\/2019\\\/02\\\/Sympt\u00f4mes-de-Vein-Clearing-Virus-sur-feuilles-de-Vidal-Blanc-2.tif\",\"full\":\"https:\\\/\\\/www.vignevin.com\\\/wp-content\\\/uploads\\\/2019\\\/02\\\/Sympt\u00f4mes-de-Vein-Clearing-Virus-sur-feuilles-de-Vidal-Blanc-2.tif\",\"index\":69,\"id\":10007,\"video\":false,\"opts\":{\"caption\":\"\",\"thumb\":\"https:\\\/\\\/www.vignevin.com\\\/wp-content\\\/uploads\\\/2019\\\/02\\\/Sympt\u00f4mes-de-Vein-Clearing-Virus-sur-feuilles-de-Vidal-Blanc-2-75x50_c.tif\",\"title\":\"Sympt&amp;ocirc;mes de Vein Clearing Virus sur feuilles de Vidal Blanc (2)\"},\"gallery_id\":17410,\"gallery_title\":\"Grapevines virus\"},\"10008\":{\"status\":\"active\",\"src\":\"https:\\\/\\\/www.vignevin.com\\\/wp-content\\\/uploads\\\/2019\\\/02\\\/Sympt\u00f4mes-de-Vein-Clearing-Virus-sur-feuilles-de-Vidal-Blanc.tif\",\"title\":\"Sympt&amp;ocirc;mes de Vein Clearing Virus sur feuilles de Vidal Blanc\",\"link\":\"https:\\\/\\\/www.vignevin.com\\\/wp-content\\\/uploads\\\/2019\\\/02\\\/Sympt\u00f4mes-de-Vein-Clearing-Virus-sur-feuilles-de-Vidal-Blanc.tif\",\"alt\":\"\",\"caption\":false,\"thumb\":\"https:\\\/\\\/www.vignevin.com\\\/wp-content\\\/uploads\\\/2019\\\/02\\\/Sympt\u00f4mes-de-Vein-Clearing-Virus-sur-feuilles-de-Vidal-Blanc-75x50_c.tif\",\"thumbnail\":\"https:\\\/\\\/www.vignevin.com\\\/wp-content\\\/uploads\\\/2019\\\/02\\\/Sympt\u00f4mes-de-Vein-Clearing-Virus-sur-feuilles-de-Vidal-Blanc.tif\",\"medium\":\"https:\\\/\\\/www.vignevin.com\\\/wp-content\\\/uploads\\\/2019\\\/02\\\/Sympt\u00f4mes-de-Vein-Clearing-Virus-sur-feuilles-de-Vidal-Blanc.tif\",\"medium_large\":\"https:\\\/\\\/www.vignevin.com\\\/wp-content\\\/uploads\\\/2019\\\/02\\\/Sympt\u00f4mes-de-Vein-Clearing-Virus-sur-feuilles-de-Vidal-Blanc.tif\",\"large\":\"https:\\\/\\\/www.vignevin.com\\\/wp-content\\\/uploads\\\/2019\\\/02\\\/Sympt\u00f4mes-de-Vein-Clearing-Virus-sur-feuilles-de-Vidal-Blanc.tif\",\"1536x1536\":\"https:\\\/\\\/www.vignevin.com\\\/wp-content\\\/uploads\\\/2019\\\/02\\\/Sympt\u00f4mes-de-Vein-Clearing-Virus-sur-feuilles-de-Vidal-Blanc.tif\",\"2048x2048\":\"https:\\\/\\\/www.vignevin.com\\\/wp-content\\\/uploads\\\/2019\\\/02\\\/Sympt\u00f4mes-de-Vein-Clearing-Virus-sur-feuilles-de-Vidal-Blanc.tif\",\"et-pb-post-main-image\":\"https:\\\/\\\/www.vignevin.com\\\/wp-content\\\/uploads\\\/2019\\\/02\\\/Sympt\u00f4mes-de-Vein-Clearing-Virus-sur-feuilles-de-Vidal-Blanc.tif\",\"et-pb-post-main-image-fullwidth\":\"https:\\\/\\\/www.vignevin.com\\\/wp-content\\\/uploads\\\/2019\\\/02\\\/Sympt\u00f4mes-de-Vein-Clearing-Virus-sur-feuilles-de-Vidal-Blanc.tif\",\"et-pb-portfolio-image\":\"https:\\\/\\\/www.vignevin.com\\\/wp-content\\\/uploads\\\/2019\\\/02\\\/Sympt\u00f4mes-de-Vein-Clearing-Virus-sur-feuilles-de-Vidal-Blanc.tif\",\"et-pb-portfolio-module-image\":\"https:\\\/\\\/www.vignevin.com\\\/wp-content\\\/uploads\\\/2019\\\/02\\\/Sympt\u00f4mes-de-Vein-Clearing-Virus-sur-feuilles-de-Vidal-Blanc.tif\",\"et-pb-portfolio-image-single\":\"https:\\\/\\\/www.vignevin.com\\\/wp-content\\\/uploads\\\/2019\\\/02\\\/Sympt\u00f4mes-de-Vein-Clearing-Virus-sur-feuilles-de-Vidal-Blanc.tif\",\"et-pb-gallery-module-image-portrait\":\"https:\\\/\\\/www.vignevin.com\\\/wp-content\\\/uploads\\\/2019\\\/02\\\/Sympt\u00f4mes-de-Vein-Clearing-Virus-sur-feuilles-de-Vidal-Blanc.tif\",\"et-pb-post-main-image-fullwidth-large\":\"https:\\\/\\\/www.vignevin.com\\\/wp-content\\\/uploads\\\/2019\\\/02\\\/Sympt\u00f4mes-de-Vein-Clearing-Virus-sur-feuilles-de-Vidal-Blanc.tif\",\"et-pb-image--responsive--desktop\":\"https:\\\/\\\/www.vignevin.com\\\/wp-content\\\/uploads\\\/2019\\\/02\\\/Sympt\u00f4mes-de-Vein-Clearing-Virus-sur-feuilles-de-Vidal-Blanc.tif\",\"et-pb-image--responsive--tablet\":\"https:\\\/\\\/www.vignevin.com\\\/wp-content\\\/uploads\\\/2019\\\/02\\\/Sympt\u00f4mes-de-Vein-Clearing-Virus-sur-feuilles-de-Vidal-Blanc.tif\",\"et-pb-image--responsive--phone\":\"https:\\\/\\\/www.vignevin.com\\\/wp-content\\\/uploads\\\/2019\\\/02\\\/Sympt\u00f4mes-de-Vein-Clearing-Virus-sur-feuilles-de-Vidal-Blanc.tif\",\"gform-image-choice-sm\":\"https:\\\/\\\/www.vignevin.com\\\/wp-content\\\/uploads\\\/2019\\\/02\\\/Sympt\u00f4mes-de-Vein-Clearing-Virus-sur-feuilles-de-Vidal-Blanc.tif\",\"gform-image-choice-md\":\"https:\\\/\\\/www.vignevin.com\\\/wp-content\\\/uploads\\\/2019\\\/02\\\/Sympt\u00f4mes-de-Vein-Clearing-Virus-sur-feuilles-de-Vidal-Blanc.tif\",\"gform-image-choice-lg\":\"https:\\\/\\\/www.vignevin.com\\\/wp-content\\\/uploads\\\/2019\\\/02\\\/Sympt\u00f4mes-de-Vein-Clearing-Virus-sur-feuilles-de-Vidal-Blanc.tif\",\"woocommerce_thumbnail\":\"https:\\\/\\\/www.vignevin.com\\\/wp-content\\\/uploads\\\/2019\\\/02\\\/Sympt\u00f4mes-de-Vein-Clearing-Virus-sur-feuilles-de-Vidal-Blanc.tif\",\"woocommerce_single\":\"https:\\\/\\\/www.vignevin.com\\\/wp-content\\\/uploads\\\/2019\\\/02\\\/Sympt\u00f4mes-de-Vein-Clearing-Virus-sur-feuilles-de-Vidal-Blanc.tif\",\"woocommerce_gallery_thumbnail\":\"https:\\\/\\\/www.vignevin.com\\\/wp-content\\\/uploads\\\/2019\\\/02\\\/Sympt\u00f4mes-de-Vein-Clearing-Virus-sur-feuilles-de-Vidal-Blanc.tif\",\"full\":\"https:\\\/\\\/www.vignevin.com\\\/wp-content\\\/uploads\\\/2019\\\/02\\\/Sympt\u00f4mes-de-Vein-Clearing-Virus-sur-feuilles-de-Vidal-Blanc.tif\",\"index\":70,\"id\":10008,\"video\":false,\"opts\":{\"caption\":\"\",\"thumb\":\"https:\\\/\\\/www.vignevin.com\\\/wp-content\\\/uploads\\\/2019\\\/02\\\/Sympt\u00f4mes-de-Vein-Clearing-Virus-sur-feuilles-de-Vidal-Blanc-75x50_c.tif\",\"title\":\"Sympt&amp;ocirc;mes de Vein Clearing Virus sur feuilles de Vidal Blanc\"},\"gallery_id\":17410,\"gallery_title\":\"Grapevines virus\"},\"10009\":{\"status\":\"active\",\"src\":\"https:\\\/\\\/www.vignevin.com\\\/wp-content\\\/uploads\\\/2019\\\/02\\\/Sympt\u00f4mes-denroulement-2.jpg\",\"title\":\"Sympt&amp;ocirc;mes d&amp;amp;rsquo;enroulement (2)\",\"link\":\"https:\\\/\\\/www.vignevin.com\\\/wp-content\\\/uploads\\\/2019\\\/02\\\/Sympt\u00f4mes-denroulement-2.jpg\",\"alt\":\"\",\"caption\":false,\"thumb\":\"https:\\\/\\\/www.vignevin.com\\\/wp-content\\\/uploads\\\/2019\\\/02\\\/Sympt\u00f4mes-denroulement-2-75x50_c.jpg\",\"meta\":{\"aperture\":\"4\",\"credit\":null,\"camera\":\"DMC-TZ10\",\"caption\":\"\",\"created_timestamp\":\"1379600142\",\"copyright\":null,\"focal_length\":\"4.1\",\"iso\":\"80\",\"shutter_speed\":\"0.008\",\"title\":\"\",\"orientation\":\"1\",\"keywords\":null},\"thumbnail\":\"https:\\\/\\\/www.vignevin.com\\\/wp-content\\\/uploads\\\/2019\\\/02\\\/Sympt\u00f4mes-denroulement-2.jpg\",\"medium\":\"https:\\\/\\\/www.vignevin.com\\\/wp-content\\\/uploads\\\/2019\\\/02\\\/Sympt\u00f4mes-denroulement-2.jpg\",\"medium_large\":\"https:\\\/\\\/www.vignevin.com\\\/wp-content\\\/uploads\\\/2019\\\/02\\\/Sympt\u00f4mes-denroulement-2.jpg\",\"large\":\"https:\\\/\\\/www.vignevin.com\\\/wp-content\\\/uploads\\\/2019\\\/02\\\/Sympt\u00f4mes-denroulement-2.jpg\",\"1536x1536\":\"https:\\\/\\\/www.vignevin.com\\\/wp-content\\\/uploads\\\/2019\\\/02\\\/Sympt\u00f4mes-denroulement-2.jpg\",\"2048x2048\":\"https:\\\/\\\/www.vignevin.com\\\/wp-content\\\/uploads\\\/2019\\\/02\\\/Sympt\u00f4mes-denroulement-2.jpg\",\"et-pb-post-main-image\":\"https:\\\/\\\/www.vignevin.com\\\/wp-content\\\/uploads\\\/2019\\\/02\\\/Sympt\u00f4mes-denroulement-2.jpg\",\"et-pb-post-main-image-fullwidth\":\"https:\\\/\\\/www.vignevin.com\\\/wp-content\\\/uploads\\\/2019\\\/02\\\/Sympt\u00f4mes-denroulement-2.jpg\",\"et-pb-portfolio-image\":\"https:\\\/\\\/www.vignevin.com\\\/wp-content\\\/uploads\\\/2019\\\/02\\\/Sympt\u00f4mes-denroulement-2.jpg\",\"et-pb-portfolio-module-image\":\"https:\\\/\\\/www.vignevin.com\\\/wp-content\\\/uploads\\\/2019\\\/02\\\/Sympt\u00f4mes-denroulement-2.jpg\",\"et-pb-portfolio-image-single\":\"https:\\\/\\\/www.vignevin.com\\\/wp-content\\\/uploads\\\/2019\\\/02\\\/Sympt\u00f4mes-denroulement-2.jpg\",\"et-pb-gallery-module-image-portrait\":\"https:\\\/\\\/www.vignevin.com\\\/wp-content\\\/uploads\\\/2019\\\/02\\\/Sympt\u00f4mes-denroulement-2.jpg\",\"et-pb-post-main-image-fullwidth-large\":\"https:\\\/\\\/www.vignevin.com\\\/wp-content\\\/uploads\\\/2019\\\/02\\\/Sympt\u00f4mes-denroulement-2.jpg\",\"et-pb-image--responsive--desktop\":\"https:\\\/\\\/www.vignevin.com\\\/wp-content\\\/uploads\\\/2019\\\/02\\\/Sympt\u00f4mes-denroulement-2.jpg\",\"et-pb-image--responsive--tablet\":\"https:\\\/\\\/www.vignevin.com\\\/wp-content\\\/uploads\\\/2019\\\/02\\\/Sympt\u00f4mes-denroulement-2.jpg\",\"et-pb-image--responsive--phone\":\"https:\\\/\\\/www.vignevin.com\\\/wp-content\\\/uploads\\\/2019\\\/02\\\/Sympt\u00f4mes-denroulement-2.jpg\",\"gform-image-choice-sm\":\"https:\\\/\\\/www.vignevin.com\\\/wp-content\\\/uploads\\\/2019\\\/02\\\/Sympt\u00f4mes-denroulement-2.jpg\",\"gform-image-choice-md\":\"https:\\\/\\\/www.vignevin.com\\\/wp-content\\\/uploads\\\/2019\\\/02\\\/Sympt\u00f4mes-denroulement-2.jpg\",\"gform-image-choice-lg\":\"https:\\\/\\\/www.vignevin.com\\\/wp-content\\\/uploads\\\/2019\\\/02\\\/Sympt\u00f4mes-denroulement-2.jpg\",\"woocommerce_thumbnail\":\"https:\\\/\\\/www.vignevin.com\\\/wp-content\\\/uploads\\\/2019\\\/02\\\/Sympt\u00f4mes-denroulement-2-300x300.jpg\",\"woocommerce_single\":\"https:\\\/\\\/www.vignevin.com\\\/wp-content\\\/uploads\\\/2019\\\/02\\\/Sympt\u00f4mes-denroulement-2-600x800.jpg\",\"woocommerce_gallery_thumbnail\":\"https:\\\/\\\/www.vignevin.com\\\/wp-content\\\/uploads\\\/2019\\\/02\\\/Sympt\u00f4mes-denroulement-2-100x100.jpg\",\"full\":\"https:\\\/\\\/www.vignevin.com\\\/wp-content\\\/uploads\\\/2019\\\/02\\\/Sympt\u00f4mes-denroulement-2.jpg\",\"index\":71,\"id\":10009,\"video\":false,\"opts\":{\"caption\":\"\",\"thumb\":\"https:\\\/\\\/www.vignevin.com\\\/wp-content\\\/uploads\\\/2019\\\/02\\\/Sympt\u00f4mes-denroulement-2-75x50_c.jpg\",\"title\":\"Sympt&amp;ocirc;mes d&amp;amp;rsquo;enroulement (2)\"},\"gallery_id\":17410,\"gallery_title\":\"Grapevines virus\"},\"10010\":{\"status\":\"active\",\"src\":\"https:\\\/\\\/www.vignevin.com\\\/wp-content\\\/uploads\\\/2019\\\/02\\\/Sympt\u00f4mes-denroulement-3.jpg\",\"title\":\"OLYMPUS DIGITAL CAMERA\",\"link\":\"https:\\\/\\\/www.vignevin.com\\\/wp-content\\\/uploads\\\/2019\\\/02\\\/Sympt\u00f4mes-denroulement-3.jpg\",\"alt\":\"\",\"caption\":\"OLYMPUS DIGITAL CAMERA\",\"thumb\":\"https:\\\/\\\/www.vignevin.com\\\/wp-content\\\/uploads\\\/2019\\\/02\\\/Sympt\u00f4mes-denroulement-3-75x50_c.jpg\",\"meta\":{\"aperture\":\"2.8\",\"credit\":null,\"camera\":\"C-5000Z\",\"caption\":\"OLYMPUS DIGITAL CAMERA\",\"created_timestamp\":\"1190815916\",\"copyright\":null,\"focal_length\":\"7.8\",\"iso\":\"50\",\"shutter_speed\":\"0.004\",\"title\":\"OLYMPUS DIGITAL CAMERA\",\"orientation\":\"1\",\"keywords\":null},\"thumbnail\":\"https:\\\/\\\/www.vignevin.com\\\/wp-content\\\/uploads\\\/2019\\\/02\\\/Sympt\u00f4mes-denroulement-3.jpg\",\"medium\":\"https:\\\/\\\/www.vignevin.com\\\/wp-content\\\/uploads\\\/2019\\\/02\\\/Sympt\u00f4mes-denroulement-3.jpg\",\"medium_large\":\"https:\\\/\\\/www.vignevin.com\\\/wp-content\\\/uploads\\\/2019\\\/02\\\/Sympt\u00f4mes-denroulement-3.jpg\",\"large\":\"https:\\\/\\\/www.vignevin.com\\\/wp-content\\\/uploads\\\/2019\\\/02\\\/Sympt\u00f4mes-denroulement-3.jpg\",\"1536x1536\":\"https:\\\/\\\/www.vignevin.com\\\/wp-content\\\/uploads\\\/2019\\\/02\\\/Sympt\u00f4mes-denroulement-3.jpg\",\"2048x2048\":\"https:\\\/\\\/www.vignevin.com\\\/wp-content\\\/uploads\\\/2019\\\/02\\\/Sympt\u00f4mes-denroulement-3.jpg\",\"et-pb-post-main-image\":\"https:\\\/\\\/www.vignevin.com\\\/wp-content\\\/uploads\\\/2019\\\/02\\\/Sympt\u00f4mes-denroulement-3.jpg\",\"et-pb-post-main-image-fullwidth\":\"https:\\\/\\\/www.vignevin.com\\\/wp-content\\\/uploads\\\/2019\\\/02\\\/Sympt\u00f4mes-denroulement-3.jpg\",\"et-pb-portfolio-image\":\"https:\\\/\\\/www.vignevin.com\\\/wp-content\\\/uploads\\\/2019\\\/02\\\/Sympt\u00f4mes-denroulement-3.jpg\",\"et-pb-portfolio-module-image\":\"https:\\\/\\\/www.vignevin.com\\\/wp-content\\\/uploads\\\/2019\\\/02\\\/Sympt\u00f4mes-denroulement-3.jpg\",\"et-pb-portfolio-image-single\":\"https:\\\/\\\/www.vignevin.com\\\/wp-content\\\/uploads\\\/2019\\\/02\\\/Sympt\u00f4mes-denroulement-3.jpg\",\"et-pb-gallery-module-image-portrait\":\"https:\\\/\\\/www.vignevin.com\\\/wp-content\\\/uploads\\\/2019\\\/02\\\/Sympt\u00f4mes-denroulement-3.jpg\",\"et-pb-post-main-image-fullwidth-large\":\"https:\\\/\\\/www.vignevin.com\\\/wp-content\\\/uploads\\\/2019\\\/02\\\/Sympt\u00f4mes-denroulement-3.jpg\",\"et-pb-image--responsive--desktop\":\"https:\\\/\\\/www.vignevin.com\\\/wp-content\\\/uploads\\\/2019\\\/02\\\/Sympt\u00f4mes-denroulement-3.jpg\",\"et-pb-image--responsive--tablet\":\"https:\\\/\\\/www.vignevin.com\\\/wp-content\\\/uploads\\\/2019\\\/02\\\/Sympt\u00f4mes-denroulement-3.jpg\",\"et-pb-image--responsive--phone\":\"https:\\\/\\\/www.vignevin.com\\\/wp-content\\\/uploads\\\/2019\\\/02\\\/Sympt\u00f4mes-denroulement-3.jpg\",\"gform-image-choice-sm\":\"https:\\\/\\\/www.vignevin.com\\\/wp-content\\\/uploads\\\/2019\\\/02\\\/Sympt\u00f4mes-denroulement-3.jpg\",\"gform-image-choice-md\":\"https:\\\/\\\/www.vignevin.com\\\/wp-content\\\/uploads\\\/2019\\\/02\\\/Sympt\u00f4mes-denroulement-3.jpg\",\"gform-image-choice-lg\":\"https:\\\/\\\/www.vignevin.com\\\/wp-content\\\/uploads\\\/2019\\\/02\\\/Sympt\u00f4mes-denroulement-3.jpg\",\"woocommerce_thumbnail\":\"https:\\\/\\\/www.vignevin.com\\\/wp-content\\\/uploads\\\/2019\\\/02\\\/Sympt\u00f4mes-denroulement-3-300x300.jpg\",\"woocommerce_single\":\"https:\\\/\\\/www.vignevin.com\\\/wp-content\\\/uploads\\\/2019\\\/02\\\/Sympt\u00f4mes-denroulement-3-600x800.jpg\",\"woocommerce_gallery_thumbnail\":\"https:\\\/\\\/www.vignevin.com\\\/wp-content\\\/uploads\\\/2019\\\/02\\\/Sympt\u00f4mes-denroulement-3-100x100.jpg\",\"full\":\"https:\\\/\\\/www.vignevin.com\\\/wp-content\\\/uploads\\\/2019\\\/02\\\/Sympt\u00f4mes-denroulement-3.jpg\",\"index\":72,\"id\":10010,\"video\":false,\"opts\":{\"caption\":\"OLYMPUS DIGITAL CAMERA\",\"thumb\":\"https:\\\/\\\/www.vignevin.com\\\/wp-content\\\/uploads\\\/2019\\\/02\\\/Sympt\u00f4mes-denroulement-3-75x50_c.jpg\",\"title\":\"OLYMPUS DIGITAL CAMERA\"},\"gallery_id\":17410,\"gallery_title\":\"Grapevines virus\"},\"10011\":{\"status\":\"active\",\"src\":\"https:\\\/\\\/www.vignevin.com\\\/wp-content\\\/uploads\\\/2019\\\/02\\\/Sympt\u00f4mes-denroulement-4-scaled.jpg\",\"title\":\"Sympt&amp;ocirc;mes d&amp;amp;rsquo;enroulement (4)\",\"link\":\"https:\\\/\\\/www.vignevin.com\\\/wp-content\\\/uploads\\\/2019\\\/02\\\/Sympt\u00f4mes-denroulement-4.jpg\",\"alt\":\"\",\"caption\":false,\"thumb\":\"https:\\\/\\\/www.vignevin.com\\\/wp-content\\\/uploads\\\/2019\\\/02\\\/Sympt\u00f4mes-denroulement-4-scaled-75x50_c.jpg\",\"meta\":{\"aperture\":\"4\",\"credit\":null,\"camera\":\"DMC-TZ10\",\"caption\":\"\",\"created_timestamp\":\"1435073524\",\"copyright\":null,\"focal_length\":\"4.1\",\"iso\":\"80\",\"shutter_speed\":\"0.0025\",\"title\":\"\",\"orientation\":\"1\",\"keywords\":null},\"thumbnail\":\"https:\\\/\\\/www.vignevin.com\\\/wp-content\\\/uploads\\\/2019\\\/02\\\/Sympt\u00f4mes-denroulement-4-150x150.jpg\",\"medium\":\"https:\\\/\\\/www.vignevin.com\\\/wp-content\\\/uploads\\\/2019\\\/02\\\/Sympt\u00f4mes-denroulement-4-225x300.jpg\",\"medium_large\":\"https:\\\/\\\/www.vignevin.com\\\/wp-content\\\/uploads\\\/2019\\\/02\\\/Sympt\u00f4mes-denroulement-4-768x1024.jpg\",\"large\":\"https:\\\/\\\/www.vignevin.com\\\/wp-content\\\/uploads\\\/2019\\\/02\\\/Sympt\u00f4mes-denroulement-4-768x1024.jpg\",\"1536x1536\":\"https:\\\/\\\/www.vignevin.com\\\/wp-content\\\/uploads\\\/2019\\\/02\\\/Sympt\u00f4mes-denroulement-4-scaled.jpg\",\"2048x2048\":\"https:\\\/\\\/www.vignevin.com\\\/wp-content\\\/uploads\\\/2019\\\/02\\\/Sympt\u00f4mes-denroulement-4-scaled.jpg\",\"et-pb-post-main-image\":\"https:\\\/\\\/www.vignevin.com\\\/wp-content\\\/uploads\\\/2019\\\/02\\\/Sympt\u00f4mes-denroulement-4-400x250.jpg\",\"et-pb-post-main-image-fullwidth\":\"https:\\\/\\\/www.vignevin.com\\\/wp-content\\\/uploads\\\/2019\\\/02\\\/Sympt\u00f4mes-denroulement-4-1080x675.jpg\",\"et-pb-portfolio-image\":\"https:\\\/\\\/www.vignevin.com\\\/wp-content\\\/uploads\\\/2019\\\/02\\\/Sympt\u00f4mes-denroulement-4-400x284.jpg\",\"et-pb-portfolio-module-image\":\"https:\\\/\\\/www.vignevin.com\\\/wp-content\\\/uploads\\\/2019\\\/02\\\/Sympt\u00f4mes-denroulement-4-510x382.jpg\",\"et-pb-portfolio-image-single\":\"https:\\\/\\\/www.vignevin.com\\\/wp-content\\\/uploads\\\/2019\\\/02\\\/Sympt\u00f4mes-denroulement-4-1080x1440.jpg\",\"et-pb-gallery-module-image-portrait\":\"https:\\\/\\\/www.vignevin.com\\\/wp-content\\\/uploads\\\/2019\\\/02\\\/Sympt\u00f4mes-denroulement-4-400x516.jpg\",\"et-pb-post-main-image-fullwidth-large\":\"https:\\\/\\\/www.vignevin.com\\\/wp-content\\\/uploads\\\/2019\\\/02\\\/Sympt\u00f4mes-denroulement-4-2880x1800.jpg\",\"et-pb-image--responsive--desktop\":\"https:\\\/\\\/www.vignevin.com\\\/wp-content\\\/uploads\\\/2019\\\/02\\\/Sympt\u00f4mes-denroulement-4-scaled.jpg\",\"et-pb-image--responsive--tablet\":\"https:\\\/\\\/www.vignevin.com\\\/wp-content\\\/uploads\\\/2019\\\/02\\\/Sympt\u00f4mes-denroulement-4-scaled.jpg\",\"et-pb-image--responsive--phone\":\"https:\\\/\\\/www.vignevin.com\\\/wp-content\\\/uploads\\\/2019\\\/02\\\/Sympt\u00f4mes-denroulement-4-scaled.jpg\",\"gform-image-choice-sm\":\"https:\\\/\\\/www.vignevin.com\\\/wp-content\\\/uploads\\\/2019\\\/02\\\/Sympt\u00f4mes-denroulement-4-scaled.jpg\",\"gform-image-choice-md\":\"https:\\\/\\\/www.vignevin.com\\\/wp-content\\\/uploads\\\/2019\\\/02\\\/Sympt\u00f4mes-denroulement-4-scaled.jpg\",\"gform-image-choice-lg\":\"https:\\\/\\\/www.vignevin.com\\\/wp-content\\\/uploads\\\/2019\\\/02\\\/Sympt\u00f4mes-denroulement-4-scaled.jpg\",\"woocommerce_thumbnail\":\"https:\\\/\\\/www.vignevin.com\\\/wp-content\\\/uploads\\\/2019\\\/02\\\/Sympt\u00f4mes-denroulement-4-scaled-300x300.jpg\",\"woocommerce_single\":\"https:\\\/\\\/www.vignevin.com\\\/wp-content\\\/uploads\\\/2019\\\/02\\\/Sympt\u00f4mes-denroulement-4-scaled-600x800.jpg\",\"woocommerce_gallery_thumbnail\":\"https:\\\/\\\/www.vignevin.com\\\/wp-content\\\/uploads\\\/2019\\\/02\\\/Sympt\u00f4mes-denroulement-4-scaled-100x100.jpg\",\"full\":\"https:\\\/\\\/www.vignevin.com\\\/wp-content\\\/uploads\\\/2019\\\/02\\\/Sympt\u00f4mes-denroulement-4-scaled.jpg\",\"index\":73,\"id\":10011,\"video\":false,\"opts\":{\"caption\":\"\",\"thumb\":\"https:\\\/\\\/www.vignevin.com\\\/wp-content\\\/uploads\\\/2019\\\/02\\\/Sympt\u00f4mes-denroulement-4-scaled-75x50_c.jpg\",\"title\":\"Sympt&amp;ocirc;mes d&amp;amp;rsquo;enroulement (4)\"},\"gallery_id\":17410,\"gallery_title\":\"Grapevines virus\"},\"10012\":{\"status\":\"active\",\"src\":\"https:\\\/\\\/www.vignevin.com\\\/wp-content\\\/uploads\\\/2019\\\/02\\\/Sympt\u00f4mes-denroulement-5.jpg\",\"title\":\"Sympt&amp;ocirc;mes d&amp;amp;rsquo;enroulement (5)\",\"link\":\"https:\\\/\\\/www.vignevin.com\\\/wp-content\\\/uploads\\\/2019\\\/02\\\/Sympt\u00f4mes-denroulement-5.jpg\",\"alt\":\"\",\"caption\":false,\"thumb\":\"https:\\\/\\\/www.vignevin.com\\\/wp-content\\\/uploads\\\/2019\\\/02\\\/Sympt\u00f4mes-denroulement-5-75x50_c.jpg\",\"meta\":{\"aperture\":null,\"credit\":null,\"camera\":null,\"caption\":\"\",\"created_timestamp\":null,\"copyright\":null,\"focal_length\":null,\"iso\":null,\"shutter_speed\":null,\"title\":\"\",\"orientation\":null,\"keywords\":null},\"thumbnail\":\"https:\\\/\\\/www.vignevin.com\\\/wp-content\\\/uploads\\\/2019\\\/02\\\/Sympt\u00f4mes-denroulement-5.jpg\",\"medium\":\"https:\\\/\\\/www.vignevin.com\\\/wp-content\\\/uploads\\\/2019\\\/02\\\/Sympt\u00f4mes-denroulement-5.jpg\",\"medium_large\":\"https:\\\/\\\/www.vignevin.com\\\/wp-content\\\/uploads\\\/2019\\\/02\\\/Sympt\u00f4mes-denroulement-5.jpg\",\"large\":\"https:\\\/\\\/www.vignevin.com\\\/wp-content\\\/uploads\\\/2019\\\/02\\\/Sympt\u00f4mes-denroulement-5.jpg\",\"1536x1536\":\"https:\\\/\\\/www.vignevin.com\\\/wp-content\\\/uploads\\\/2019\\\/02\\\/Sympt\u00f4mes-denroulement-5.jpg\",\"2048x2048\":\"https:\\\/\\\/www.vignevin.com\\\/wp-content\\\/uploads\\\/2019\\\/02\\\/Sympt\u00f4mes-denroulement-5.jpg\",\"et-pb-post-main-image\":\"https:\\\/\\\/www.vignevin.com\\\/wp-content\\\/uploads\\\/2019\\\/02\\\/Sympt\u00f4mes-denroulement-5.jpg\",\"et-pb-post-main-image-fullwidth\":\"https:\\\/\\\/www.vignevin.com\\\/wp-content\\\/uploads\\\/2019\\\/02\\\/Sympt\u00f4mes-denroulement-5.jpg\",\"et-pb-portfolio-image\":\"https:\\\/\\\/www.vignevin.com\\\/wp-content\\\/uploads\\\/2019\\\/02\\\/Sympt\u00f4mes-denroulement-5.jpg\",\"et-pb-portfolio-module-image\":\"https:\\\/\\\/www.vignevin.com\\\/wp-content\\\/uploads\\\/2019\\\/02\\\/Sympt\u00f4mes-denroulement-5.jpg\",\"et-pb-portfolio-image-single\":\"https:\\\/\\\/www.vignevin.com\\\/wp-content\\\/uploads\\\/2019\\\/02\\\/Sympt\u00f4mes-denroulement-5.jpg\",\"et-pb-gallery-module-image-portrait\":\"https:\\\/\\\/www.vignevin.com\\\/wp-content\\\/uploads\\\/2019\\\/02\\\/Sympt\u00f4mes-denroulement-5.jpg\",\"et-pb-post-main-image-fullwidth-large\":\"https:\\\/\\\/www.vignevin.com\\\/wp-content\\\/uploads\\\/2019\\\/02\\\/Sympt\u00f4mes-denroulement-5.jpg\",\"et-pb-image--responsive--desktop\":\"https:\\\/\\\/www.vignevin.com\\\/wp-content\\\/uploads\\\/2019\\\/02\\\/Sympt\u00f4mes-denroulement-5.jpg\",\"et-pb-image--responsive--tablet\":\"https:\\\/\\\/www.vignevin.com\\\/wp-content\\\/uploads\\\/2019\\\/02\\\/Sympt\u00f4mes-denroulement-5.jpg\",\"et-pb-image--responsive--phone\":\"https:\\\/\\\/www.vignevin.com\\\/wp-content\\\/uploads\\\/2019\\\/02\\\/Sympt\u00f4mes-denroulement-5.jpg\",\"gform-image-choice-sm\":\"https:\\\/\\\/www.vignevin.com\\\/wp-content\\\/uploads\\\/2019\\\/02\\\/Sympt\u00f4mes-denroulement-5.jpg\",\"gform-image-choice-md\":\"https:\\\/\\\/www.vignevin.com\\\/wp-content\\\/uploads\\\/2019\\\/02\\\/Sympt\u00f4mes-denroulement-5.jpg\",\"gform-image-choice-lg\":\"https:\\\/\\\/www.vignevin.com\\\/wp-content\\\/uploads\\\/2019\\\/02\\\/Sympt\u00f4mes-denroulement-5.jpg\",\"woocommerce_thumbnail\":\"https:\\\/\\\/www.vignevin.com\\\/wp-content\\\/uploads\\\/2019\\\/02\\\/Sympt\u00f4mes-denroulement-5-300x300.jpg\",\"woocommerce_single\":\"https:\\\/\\\/www.vignevin.com\\\/wp-content\\\/uploads\\\/2019\\\/02\\\/Sympt\u00f4mes-denroulement-5.jpg\",\"woocommerce_gallery_thumbnail\":\"https:\\\/\\\/www.vignevin.com\\\/wp-content\\\/uploads\\\/2019\\\/02\\\/Sympt\u00f4mes-denroulement-5-100x100.jpg\",\"full\":\"https:\\\/\\\/www.vignevin.com\\\/wp-content\\\/uploads\\\/2019\\\/02\\\/Sympt\u00f4mes-denroulement-5.jpg\",\"index\":74,\"id\":10012,\"video\":false,\"opts\":{\"caption\":\"\",\"thumb\":\"https:\\\/\\\/www.vignevin.com\\\/wp-content\\\/uploads\\\/2019\\\/02\\\/Sympt\u00f4mes-denroulement-5-75x50_c.jpg\",\"title\":\"Sympt&amp;ocirc;mes d&amp;amp;rsquo;enroulement (5)\"},\"gallery_id\":17410,\"gallery_title\":\"Grapevines virus\"},\"10013\":{\"status\":\"active\",\"src\":\"https:\\\/\\\/www.vignevin.com\\\/wp-content\\\/uploads\\\/2019\\\/02\\\/Sympt\u00f4mes-denroulement-sur-Fer-N-2.jpg\",\"title\":\"Sympt&amp;ocirc;mes d&amp;amp;rsquo;enroulement sur Fer N (2)\",\"link\":\"https:\\\/\\\/www.vignevin.com\\\/wp-content\\\/uploads\\\/2019\\\/02\\\/Sympt\u00f4mes-denroulement-sur-Fer-N-2.jpg\",\"alt\":\"\",\"caption\":false,\"thumb\":\"https:\\\/\\\/www.vignevin.com\\\/wp-content\\\/uploads\\\/2019\\\/02\\\/Sympt\u00f4mes-denroulement-sur-Fer-N-2-75x50_c.jpg\",\"meta\":{\"aperture\":\"4\",\"credit\":null,\"camera\":\"DMC-TZ10\",\"caption\":\"\",\"created_timestamp\":\"1286279382\",\"copyright\":null,\"focal_length\":\"6.5\",\"iso\":\"80\",\"shutter_speed\":\"0.004\",\"title\":\"\",\"orientation\":\"1\",\"keywords\":null},\"thumbnail\":\"https:\\\/\\\/www.vignevin.com\\\/wp-content\\\/uploads\\\/2019\\\/02\\\/Sympt\u00f4mes-denroulement-sur-Fer-N-2-150x150.jpg\",\"medium\":\"https:\\\/\\\/www.vignevin.com\\\/wp-content\\\/uploads\\\/2019\\\/02\\\/Sympt\u00f4mes-denroulement-sur-Fer-N-2-300x225.jpg\",\"medium_large\":\"https:\\\/\\\/www.vignevin.com\\\/wp-content\\\/uploads\\\/2019\\\/02\\\/Sympt\u00f4mes-denroulement-sur-Fer-N-2-768x576.jpg\",\"large\":\"https:\\\/\\\/www.vignevin.com\\\/wp-content\\\/uploads\\\/2019\\\/02\\\/Sympt\u00f4mes-denroulement-sur-Fer-N-2-1024x768.jpg\",\"1536x1536\":\"https:\\\/\\\/www.vignevin.com\\\/wp-content\\\/uploads\\\/2019\\\/02\\\/Sympt\u00f4mes-denroulement-sur-Fer-N-2.jpg\",\"2048x2048\":\"https:\\\/\\\/www.vignevin.com\\\/wp-content\\\/uploads\\\/2019\\\/02\\\/Sympt\u00f4mes-denroulement-sur-Fer-N-2.jpg\",\"et-pb-post-main-image\":\"https:\\\/\\\/www.vignevin.com\\\/wp-content\\\/uploads\\\/2019\\\/02\\\/Sympt\u00f4mes-denroulement-sur-Fer-N-2-400x250.jpg\",\"et-pb-post-main-image-fullwidth\":\"https:\\\/\\\/www.vignevin.com\\\/wp-content\\\/uploads\\\/2019\\\/02\\\/Sympt\u00f4mes-denroulement-sur-Fer-N-2-1080x675.jpg\",\"et-pb-portfolio-image\":\"https:\\\/\\\/www.vignevin.com\\\/wp-content\\\/uploads\\\/2019\\\/02\\\/Sympt\u00f4mes-denroulement-sur-Fer-N-2-400x284.jpg\",\"et-pb-portfolio-module-image\":\"https:\\\/\\\/www.vignevin.com\\\/wp-content\\\/uploads\\\/2019\\\/02\\\/Sympt\u00f4mes-denroulement-sur-Fer-N-2-510x382.jpg\",\"et-pb-portfolio-image-single\":\"https:\\\/\\\/www.vignevin.com\\\/wp-content\\\/uploads\\\/2019\\\/02\\\/Sympt\u00f4mes-denroulement-sur-Fer-N-2-1080x810.jpg\",\"et-pb-gallery-module-image-portrait\":\"https:\\\/\\\/www.vignevin.com\\\/wp-content\\\/uploads\\\/2019\\\/02\\\/Sympt\u00f4mes-denroulement-sur-Fer-N-2-400x516.jpg\",\"et-pb-post-main-image-fullwidth-large\":\"https:\\\/\\\/www.vignevin.com\\\/wp-content\\\/uploads\\\/2019\\\/02\\\/Sympt\u00f4mes-denroulement-sur-Fer-N-2-2560x1800.jpg\",\"et-pb-image--responsive--desktop\":\"https:\\\/\\\/www.vignevin.com\\\/wp-content\\\/uploads\\\/2019\\\/02\\\/Sympt\u00f4mes-denroulement-sur-Fer-N-2.jpg\",\"et-pb-image--responsive--tablet\":\"https:\\\/\\\/www.vignevin.com\\\/wp-content\\\/uploads\\\/2019\\\/02\\\/Sympt\u00f4mes-denroulement-sur-Fer-N-2.jpg\",\"et-pb-image--responsive--phone\":\"https:\\\/\\\/www.vignevin.com\\\/wp-content\\\/uploads\\\/2019\\\/02\\\/Sympt\u00f4mes-denroulement-sur-Fer-N-2.jpg\",\"gform-image-choice-sm\":\"https:\\\/\\\/www.vignevin.com\\\/wp-content\\\/uploads\\\/2019\\\/02\\\/Sympt\u00f4mes-denroulement-sur-Fer-N-2.jpg\",\"gform-image-choice-md\":\"https:\\\/\\\/www.vignevin.com\\\/wp-content\\\/uploads\\\/2019\\\/02\\\/Sympt\u00f4mes-denroulement-sur-Fer-N-2.jpg\",\"gform-image-choice-lg\":\"https:\\\/\\\/www.vignevin.com\\\/wp-content\\\/uploads\\\/2019\\\/02\\\/Sympt\u00f4mes-denroulement-sur-Fer-N-2.jpg\",\"woocommerce_thumbnail\":\"https:\\\/\\\/www.vignevin.com\\\/wp-content\\\/uploads\\\/2019\\\/02\\\/Sympt\u00f4mes-denroulement-sur-Fer-N-2-300x300.jpg\",\"woocommerce_single\":\"https:\\\/\\\/www.vignevin.com\\\/wp-content\\\/uploads\\\/2019\\\/02\\\/Sympt\u00f4mes-denroulement-sur-Fer-N-2-600x450.jpg\",\"woocommerce_gallery_thumbnail\":\"https:\\\/\\\/www.vignevin.com\\\/wp-content\\\/uploads\\\/2019\\\/02\\\/Sympt\u00f4mes-denroulement-sur-Fer-N-2-100x100.jpg\",\"full\":\"https:\\\/\\\/www.vignevin.com\\\/wp-content\\\/uploads\\\/2019\\\/02\\\/Sympt\u00f4mes-denroulement-sur-Fer-N-2.jpg\",\"index\":75,\"id\":10013,\"video\":false,\"opts\":{\"caption\":\"\",\"thumb\":\"https:\\\/\\\/www.vignevin.com\\\/wp-content\\\/uploads\\\/2019\\\/02\\\/Sympt\u00f4mes-denroulement-sur-Fer-N-2-75x50_c.jpg\",\"title\":\"Sympt&amp;ocirc;mes d&amp;amp;rsquo;enroulement sur Fer N (2)\"},\"gallery_id\":17410,\"gallery_title\":\"Grapevines virus\"},\"10014\":{\"status\":\"active\",\"src\":\"https:\\\/\\\/www.vignevin.com\\\/wp-content\\\/uploads\\\/2019\\\/02\\\/Sympt\u00f4mes-denroulement-sur-Fer-N-3.jpg\",\"title\":\"Sympt&amp;ocirc;mes d&amp;amp;rsquo;enroulement sur Fer N (3)\",\"link\":\"https:\\\/\\\/www.vignevin.com\\\/wp-content\\\/uploads\\\/2019\\\/02\\\/Sympt\u00f4mes-denroulement-sur-Fer-N-3.jpg\",\"alt\":\"\",\"caption\":false,\"thumb\":\"https:\\\/\\\/www.vignevin.com\\\/wp-content\\\/uploads\\\/2019\\\/02\\\/Sympt\u00f4mes-denroulement-sur-Fer-N-3-75x50_c.jpg\",\"meta\":{\"aperture\":\"3.3\",\"credit\":null,\"camera\":\"DMC-TZ10\",\"caption\":\"\",\"created_timestamp\":\"1412609078\",\"copyright\":null,\"focal_length\":\"4.1\",\"iso\":\"80\",\"shutter_speed\":\"0.0125\",\"title\":\"\",\"orientation\":\"1\",\"keywords\":null},\"thumbnail\":\"https:\\\/\\\/www.vignevin.com\\\/wp-content\\\/uploads\\\/2019\\\/02\\\/Sympt\u00f4mes-denroulement-sur-Fer-N-3-150x150.jpg\",\"medium\":\"https:\\\/\\\/www.vignevin.com\\\/wp-content\\\/uploads\\\/2019\\\/02\\\/Sympt\u00f4mes-denroulement-sur-Fer-N-3-225x300.jpg\",\"medium_large\":\"https:\\\/\\\/www.vignevin.com\\\/wp-content\\\/uploads\\\/2019\\\/02\\\/Sympt\u00f4mes-denroulement-sur-Fer-N-3-768x1024.jpg\",\"large\":\"https:\\\/\\\/www.vignevin.com\\\/wp-content\\\/uploads\\\/2019\\\/02\\\/Sympt\u00f4mes-denroulement-sur-Fer-N-3-768x1024.jpg\",\"1536x1536\":\"https:\\\/\\\/www.vignevin.com\\\/wp-content\\\/uploads\\\/2019\\\/02\\\/Sympt\u00f4mes-denroulement-sur-Fer-N-3.jpg\",\"2048x2048\":\"https:\\\/\\\/www.vignevin.com\\\/wp-content\\\/uploads\\\/2019\\\/02\\\/Sympt\u00f4mes-denroulement-sur-Fer-N-3.jpg\",\"et-pb-post-main-image\":\"https:\\\/\\\/www.vignevin.com\\\/wp-content\\\/uploads\\\/2019\\\/02\\\/Sympt\u00f4mes-denroulement-sur-Fer-N-3-400x250.jpg\",\"et-pb-post-main-image-fullwidth\":\"https:\\\/\\\/www.vignevin.com\\\/wp-content\\\/uploads\\\/2019\\\/02\\\/Sympt\u00f4mes-denroulement-sur-Fer-N-3-1080x675.jpg\",\"et-pb-portfolio-image\":\"https:\\\/\\\/www.vignevin.com\\\/wp-content\\\/uploads\\\/2019\\\/02\\\/Sympt\u00f4mes-denroulement-sur-Fer-N-3-400x284.jpg\",\"et-pb-portfolio-module-image\":\"https:\\\/\\\/www.vignevin.com\\\/wp-content\\\/uploads\\\/2019\\\/02\\\/Sympt\u00f4mes-denroulement-sur-Fer-N-3-510x382.jpg\",\"et-pb-portfolio-image-single\":\"https:\\\/\\\/www.vignevin.com\\\/wp-content\\\/uploads\\\/2019\\\/02\\\/Sympt\u00f4mes-denroulement-sur-Fer-N-3-1080x1440.jpg\",\"et-pb-gallery-module-image-portrait\":\"https:\\\/\\\/www.vignevin.com\\\/wp-content\\\/uploads\\\/2019\\\/02\\\/Sympt\u00f4mes-denroulement-sur-Fer-N-3-400x516.jpg\",\"et-pb-post-main-image-fullwidth-large\":\"https:\\\/\\\/www.vignevin.com\\\/wp-content\\\/uploads\\\/2019\\\/02\\\/Sympt\u00f4mes-denroulement-sur-Fer-N-3-1920x1800.jpg\",\"et-pb-image--responsive--desktop\":\"https:\\\/\\\/www.vignevin.com\\\/wp-content\\\/uploads\\\/2019\\\/02\\\/Sympt\u00f4mes-denroulement-sur-Fer-N-3.jpg\",\"et-pb-image--responsive--tablet\":\"https:\\\/\\\/www.vignevin.com\\\/wp-content\\\/uploads\\\/2019\\\/02\\\/Sympt\u00f4mes-denroulement-sur-Fer-N-3.jpg\",\"et-pb-image--responsive--phone\":\"https:\\\/\\\/www.vignevin.com\\\/wp-content\\\/uploads\\\/2019\\\/02\\\/Sympt\u00f4mes-denroulement-sur-Fer-N-3.jpg\",\"gform-image-choice-sm\":\"https:\\\/\\\/www.vignevin.com\\\/wp-content\\\/uploads\\\/2019\\\/02\\\/Sympt\u00f4mes-denroulement-sur-Fer-N-3.jpg\",\"gform-image-choice-md\":\"https:\\\/\\\/www.vignevin.com\\\/wp-content\\\/uploads\\\/2019\\\/02\\\/Sympt\u00f4mes-denroulement-sur-Fer-N-3.jpg\",\"gform-image-choice-lg\":\"https:\\\/\\\/www.vignevin.com\\\/wp-content\\\/uploads\\\/2019\\\/02\\\/Sympt\u00f4mes-denroulement-sur-Fer-N-3.jpg\",\"woocommerce_thumbnail\":\"https:\\\/\\\/www.vignevin.com\\\/wp-content\\\/uploads\\\/2019\\\/02\\\/Sympt\u00f4mes-denroulement-sur-Fer-N-3-300x300.jpg\",\"woocommerce_single\":\"https:\\\/\\\/www.vignevin.com\\\/wp-content\\\/uploads\\\/2019\\\/02\\\/Sympt\u00f4mes-denroulement-sur-Fer-N-3-600x800.jpg\",\"woocommerce_gallery_thumbnail\":\"https:\\\/\\\/www.vignevin.com\\\/wp-content\\\/uploads\\\/2019\\\/02\\\/Sympt\u00f4mes-denroulement-sur-Fer-N-3-100x100.jpg\",\"full\":\"https:\\\/\\\/www.vignevin.com\\\/wp-content\\\/uploads\\\/2019\\\/02\\\/Sympt\u00f4mes-denroulement-sur-Fer-N-3.jpg\",\"index\":76,\"id\":10014,\"video\":false,\"opts\":{\"caption\":\"\",\"thumb\":\"https:\\\/\\\/www.vignevin.com\\\/wp-content\\\/uploads\\\/2019\\\/02\\\/Sympt\u00f4mes-denroulement-sur-Fer-N-3-75x50_c.jpg\",\"title\":\"Sympt&amp;ocirc;mes d&amp;amp;rsquo;enroulement sur Fer N (3)\"},\"gallery_id\":17410,\"gallery_title\":\"Grapevines virus\"},\"10015\":{\"status\":\"active\",\"src\":\"https:\\\/\\\/www.vignevin.com\\\/wp-content\\\/uploads\\\/2019\\\/02\\\/Sympt\u00f4mes-denroulement-sur-Fer-N-4.jpg\",\"title\":\"Sympt&amp;ocirc;mes d&amp;amp;rsquo;enroulement sur Fer N (4)\",\"link\":\"https:\\\/\\\/www.vignevin.com\\\/wp-content\\\/uploads\\\/2019\\\/02\\\/Sympt\u00f4mes-denroulement-sur-Fer-N-4.jpg\",\"alt\":\"\",\"caption\":false,\"thumb\":\"https:\\\/\\\/www.vignevin.com\\\/wp-content\\\/uploads\\\/2019\\\/02\\\/Sympt\u00f4mes-denroulement-sur-Fer-N-4-75x50_c.jpg\",\"meta\":{\"aperture\":\"4\",\"credit\":null,\"camera\":\"DMC-TZ10\",\"caption\":\"\",\"created_timestamp\":\"1412609189\",\"copyright\":null,\"focal_length\":\"4.1\",\"iso\":\"125\",\"shutter_speed\":\"0.01\",\"title\":\"\",\"orientation\":\"1\",\"keywords\":null},\"thumbnail\":\"https:\\\/\\\/www.vignevin.com\\\/wp-content\\\/uploads\\\/2019\\\/02\\\/Sympt\u00f4mes-denroulement-sur-Fer-N-4-150x150.jpg\",\"medium\":\"https:\\\/\\\/www.vignevin.com\\\/wp-content\\\/uploads\\\/2019\\\/02\\\/Sympt\u00f4mes-denroulement-sur-Fer-N-4-225x300.jpg\",\"medium_large\":\"https:\\\/\\\/www.vignevin.com\\\/wp-content\\\/uploads\\\/2019\\\/02\\\/Sympt\u00f4mes-denroulement-sur-Fer-N-4-768x1024.jpg\",\"large\":\"https:\\\/\\\/www.vignevin.com\\\/wp-content\\\/uploads\\\/2019\\\/02\\\/Sympt\u00f4mes-denroulement-sur-Fer-N-4-768x1024.jpg\",\"1536x1536\":\"https:\\\/\\\/www.vignevin.com\\\/wp-content\\\/uploads\\\/2019\\\/02\\\/Sympt\u00f4mes-denroulement-sur-Fer-N-4.jpg\",\"2048x2048\":\"https:\\\/\\\/www.vignevin.com\\\/wp-content\\\/uploads\\\/2019\\\/02\\\/Sympt\u00f4mes-denroulement-sur-Fer-N-4.jpg\",\"et-pb-post-main-image\":\"https:\\\/\\\/www.vignevin.com\\\/wp-content\\\/uploads\\\/2019\\\/02\\\/Sympt\u00f4mes-denroulement-sur-Fer-N-4-400x250.jpg\",\"et-pb-post-main-image-fullwidth\":\"https:\\\/\\\/www.vignevin.com\\\/wp-content\\\/uploads\\\/2019\\\/02\\\/Sympt\u00f4mes-denroulement-sur-Fer-N-4-1080x675.jpg\",\"et-pb-portfolio-image\":\"https:\\\/\\\/www.vignevin.com\\\/wp-content\\\/uploads\\\/2019\\\/02\\\/Sympt\u00f4mes-denroulement-sur-Fer-N-4-400x284.jpg\",\"et-pb-portfolio-module-image\":\"https:\\\/\\\/www.vignevin.com\\\/wp-content\\\/uploads\\\/2019\\\/02\\\/Sympt\u00f4mes-denroulement-sur-Fer-N-4-510x382.jpg\",\"et-pb-portfolio-image-single\":\"https:\\\/\\\/www.vignevin.com\\\/wp-content\\\/uploads\\\/2019\\\/02\\\/Sympt\u00f4mes-denroulement-sur-Fer-N-4-1080x1440.jpg\",\"et-pb-gallery-module-image-portrait\":\"https:\\\/\\\/www.vignevin.com\\\/wp-content\\\/uploads\\\/2019\\\/02\\\/Sympt\u00f4mes-denroulement-sur-Fer-N-4-400x516.jpg\",\"et-pb-post-main-image-fullwidth-large\":\"https:\\\/\\\/www.vignevin.com\\\/wp-content\\\/uploads\\\/2019\\\/02\\\/Sympt\u00f4mes-denroulement-sur-Fer-N-4-1920x1800.jpg\",\"et-pb-image--responsive--desktop\":\"https:\\\/\\\/www.vignevin.com\\\/wp-content\\\/uploads\\\/2019\\\/02\\\/Sympt\u00f4mes-denroulement-sur-Fer-N-4.jpg\",\"et-pb-image--responsive--tablet\":\"https:\\\/\\\/www.vignevin.com\\\/wp-content\\\/uploads\\\/2019\\\/02\\\/Sympt\u00f4mes-denroulement-sur-Fer-N-4.jpg\",\"et-pb-image--responsive--phone\":\"https:\\\/\\\/www.vignevin.com\\\/wp-content\\\/uploads\\\/2019\\\/02\\\/Sympt\u00f4mes-denroulement-sur-Fer-N-4.jpg\",\"gform-image-choice-sm\":\"https:\\\/\\\/www.vignevin.com\\\/wp-content\\\/uploads\\\/2019\\\/02\\\/Sympt\u00f4mes-denroulement-sur-Fer-N-4.jpg\",\"gform-image-choice-md\":\"https:\\\/\\\/www.vignevin.com\\\/wp-content\\\/uploads\\\/2019\\\/02\\\/Sympt\u00f4mes-denroulement-sur-Fer-N-4.jpg\",\"gform-image-choice-lg\":\"https:\\\/\\\/www.vignevin.com\\\/wp-content\\\/uploads\\\/2019\\\/02\\\/Sympt\u00f4mes-denroulement-sur-Fer-N-4.jpg\",\"woocommerce_thumbnail\":\"https:\\\/\\\/www.vignevin.com\\\/wp-content\\\/uploads\\\/2019\\\/02\\\/Sympt\u00f4mes-denroulement-sur-Fer-N-4-300x300.jpg\",\"woocommerce_single\":\"https:\\\/\\\/www.vignevin.com\\\/wp-content\\\/uploads\\\/2019\\\/02\\\/Sympt\u00f4mes-denroulement-sur-Fer-N-4-600x800.jpg\",\"woocommerce_gallery_thumbnail\":\"https:\\\/\\\/www.vignevin.com\\\/wp-content\\\/uploads\\\/2019\\\/02\\\/Sympt\u00f4mes-denroulement-sur-Fer-N-4-100x100.jpg\",\"full\":\"https:\\\/\\\/www.vignevin.com\\\/wp-content\\\/uploads\\\/2019\\\/02\\\/Sympt\u00f4mes-denroulement-sur-Fer-N-4.jpg\",\"index\":77,\"id\":10015,\"video\":false,\"opts\":{\"caption\":\"\",\"thumb\":\"https:\\\/\\\/www.vignevin.com\\\/wp-content\\\/uploads\\\/2019\\\/02\\\/Sympt\u00f4mes-denroulement-sur-Fer-N-4-75x50_c.jpg\",\"title\":\"Sympt&amp;ocirc;mes d&amp;amp;rsquo;enroulement sur Fer N (4)\"},\"gallery_id\":17410,\"gallery_title\":\"Grapevines virus\"},\"10016\":{\"status\":\"active\",\"src\":\"https:\\\/\\\/www.vignevin.com\\\/wp-content\\\/uploads\\\/2019\\\/02\\\/Sympt\u00f4mes-denroulement-sur-Fer-N-5.jpg\",\"title\":\"Sympt&amp;ocirc;mes d&amp;amp;rsquo;enroulement sur Fer N (5)\",\"link\":\"https:\\\/\\\/www.vignevin.com\\\/wp-content\\\/uploads\\\/2019\\\/02\\\/Sympt\u00f4mes-denroulement-sur-Fer-N-5.jpg\",\"alt\":\"\",\"caption\":false,\"thumb\":\"https:\\\/\\\/www.vignevin.com\\\/wp-content\\\/uploads\\\/2019\\\/02\\\/Sympt\u00f4mes-denroulement-sur-Fer-N-5-75x50_c.jpg\",\"meta\":{\"aperture\":\"3.3\",\"credit\":null,\"camera\":\"DMC-TZ10\",\"caption\":\"\",\"created_timestamp\":\"1412607798\",\"copyright\":null,\"focal_length\":\"4.1\",\"iso\":\"80\",\"shutter_speed\":\"0.016666666666667\",\"title\":\"\",\"orientation\":\"1\",\"keywords\":null},\"thumbnail\":\"https:\\\/\\\/www.vignevin.com\\\/wp-content\\\/uploads\\\/2019\\\/02\\\/Sympt\u00f4mes-denroulement-sur-Fer-N-5-150x150.jpg\",\"medium\":\"https:\\\/\\\/www.vignevin.com\\\/wp-content\\\/uploads\\\/2019\\\/02\\\/Sympt\u00f4mes-denroulement-sur-Fer-N-5-225x300.jpg\",\"medium_large\":\"https:\\\/\\\/www.vignevin.com\\\/wp-content\\\/uploads\\\/2019\\\/02\\\/Sympt\u00f4mes-denroulement-sur-Fer-N-5-768x1024.jpg\",\"large\":\"https:\\\/\\\/www.vignevin.com\\\/wp-content\\\/uploads\\\/2019\\\/02\\\/Sympt\u00f4mes-denroulement-sur-Fer-N-5-768x1024.jpg\",\"1536x1536\":\"https:\\\/\\\/www.vignevin.com\\\/wp-content\\\/uploads\\\/2019\\\/02\\\/Sympt\u00f4mes-denroulement-sur-Fer-N-5.jpg\",\"2048x2048\":\"https:\\\/\\\/www.vignevin.com\\\/wp-content\\\/uploads\\\/2019\\\/02\\\/Sympt\u00f4mes-denroulement-sur-Fer-N-5.jpg\",\"et-pb-post-main-image\":\"https:\\\/\\\/www.vignevin.com\\\/wp-content\\\/uploads\\\/2019\\\/02\\\/Sympt\u00f4mes-denroulement-sur-Fer-N-5-400x250.jpg\",\"et-pb-post-main-image-fullwidth\":\"https:\\\/\\\/www.vignevin.com\\\/wp-content\\\/uploads\\\/2019\\\/02\\\/Sympt\u00f4mes-denroulement-sur-Fer-N-5-1080x675.jpg\",\"et-pb-portfolio-image\":\"https:\\\/\\\/www.vignevin.com\\\/wp-content\\\/uploads\\\/2019\\\/02\\\/Sympt\u00f4mes-denroulement-sur-Fer-N-5-400x284.jpg\",\"et-pb-portfolio-module-image\":\"https:\\\/\\\/www.vignevin.com\\\/wp-content\\\/uploads\\\/2019\\\/02\\\/Sympt\u00f4mes-denroulement-sur-Fer-N-5-510x382.jpg\",\"et-pb-portfolio-image-single\":\"https:\\\/\\\/www.vignevin.com\\\/wp-content\\\/uploads\\\/2019\\\/02\\\/Sympt\u00f4mes-denroulement-sur-Fer-N-5-1080x1440.jpg\",\"et-pb-gallery-module-image-portrait\":\"https:\\\/\\\/www.vignevin.com\\\/wp-content\\\/uploads\\\/2019\\\/02\\\/Sympt\u00f4mes-denroulement-sur-Fer-N-5-400x516.jpg\",\"et-pb-post-main-image-fullwidth-large\":\"https:\\\/\\\/www.vignevin.com\\\/wp-content\\\/uploads\\\/2019\\\/02\\\/Sympt\u00f4mes-denroulement-sur-Fer-N-5-1920x1800.jpg\",\"et-pb-image--responsive--desktop\":\"https:\\\/\\\/www.vignevin.com\\\/wp-content\\\/uploads\\\/2019\\\/02\\\/Sympt\u00f4mes-denroulement-sur-Fer-N-5.jpg\",\"et-pb-image--responsive--tablet\":\"https:\\\/\\\/www.vignevin.com\\\/wp-content\\\/uploads\\\/2019\\\/02\\\/Sympt\u00f4mes-denroulement-sur-Fer-N-5.jpg\",\"et-pb-image--responsive--phone\":\"https:\\\/\\\/www.vignevin.com\\\/wp-content\\\/uploads\\\/2019\\\/02\\\/Sympt\u00f4mes-denroulement-sur-Fer-N-5.jpg\",\"gform-image-choice-sm\":\"https:\\\/\\\/www.vignevin.com\\\/wp-content\\\/uploads\\\/2019\\\/02\\\/Sympt\u00f4mes-denroulement-sur-Fer-N-5.jpg\",\"gform-image-choice-md\":\"https:\\\/\\\/www.vignevin.com\\\/wp-content\\\/uploads\\\/2019\\\/02\\\/Sympt\u00f4mes-denroulement-sur-Fer-N-5.jpg\",\"gform-image-choice-lg\":\"https:\\\/\\\/www.vignevin.com\\\/wp-content\\\/uploads\\\/2019\\\/02\\\/Sympt\u00f4mes-denroulement-sur-Fer-N-5.jpg\",\"woocommerce_thumbnail\":\"https:\\\/\\\/www.vignevin.com\\\/wp-content\\\/uploads\\\/2019\\\/02\\\/Sympt\u00f4mes-denroulement-sur-Fer-N-5-300x300.jpg\",\"woocommerce_single\":\"https:\\\/\\\/www.vignevin.com\\\/wp-content\\\/uploads\\\/2019\\\/02\\\/Sympt\u00f4mes-denroulement-sur-Fer-N-5-600x800.jpg\",\"woocommerce_gallery_thumbnail\":\"https:\\\/\\\/www.vignevin.com\\\/wp-content\\\/uploads\\\/2019\\\/02\\\/Sympt\u00f4mes-denroulement-sur-Fer-N-5-100x100.jpg\",\"full\":\"https:\\\/\\\/www.vignevin.com\\\/wp-content\\\/uploads\\\/2019\\\/02\\\/Sympt\u00f4mes-denroulement-sur-Fer-N-5.jpg\",\"index\":78,\"id\":10016,\"video\":false,\"opts\":{\"caption\":\"\",\"thumb\":\"https:\\\/\\\/www.vignevin.com\\\/wp-content\\\/uploads\\\/2019\\\/02\\\/Sympt\u00f4mes-denroulement-sur-Fer-N-5-75x50_c.jpg\",\"title\":\"Sympt&amp;ocirc;mes d&amp;amp;rsquo;enroulement sur Fer N (5)\"},\"gallery_id\":17410,\"gallery_title\":\"Grapevines virus\"},\"10017\":{\"status\":\"active\",\"src\":\"https:\\\/\\\/www.vignevin.com\\\/wp-content\\\/uploads\\\/2019\\\/02\\\/Sympt\u00f4mes-denroulement-sur-Fer-N-6.jpg\",\"title\":\"Sympt&amp;ocirc;mes d&amp;amp;rsquo;enroulement sur Fer N (6)\",\"link\":\"https:\\\/\\\/www.vignevin.com\\\/wp-content\\\/uploads\\\/2019\\\/02\\\/Sympt\u00f4mes-denroulement-sur-Fer-N-6.jpg\",\"alt\":\"\",\"caption\":false,\"thumb\":\"https:\\\/\\\/www.vignevin.com\\\/wp-content\\\/uploads\\\/2019\\\/02\\\/Sympt\u00f4mes-denroulement-sur-Fer-N-6-75x50_c.jpg\",\"meta\":{\"aperture\":\"3.3\",\"credit\":null,\"camera\":\"DMC-TZ10\",\"caption\":\"\",\"created_timestamp\":\"1412607811\",\"copyright\":null,\"focal_length\":\"4.1\",\"iso\":\"80\",\"shutter_speed\":\"0.0125\",\"title\":\"\",\"orientation\":\"1\",\"keywords\":null},\"thumbnail\":\"https:\\\/\\\/www.vignevin.com\\\/wp-content\\\/uploads\\\/2019\\\/02\\\/Sympt\u00f4mes-denroulement-sur-Fer-N-6-150x150.jpg\",\"medium\":\"https:\\\/\\\/www.vignevin.com\\\/wp-content\\\/uploads\\\/2019\\\/02\\\/Sympt\u00f4mes-denroulement-sur-Fer-N-6-300x225.jpg\",\"medium_large\":\"https:\\\/\\\/www.vignevin.com\\\/wp-content\\\/uploads\\\/2019\\\/02\\\/Sympt\u00f4mes-denroulement-sur-Fer-N-6-768x576.jpg\",\"large\":\"https:\\\/\\\/www.vignevin.com\\\/wp-content\\\/uploads\\\/2019\\\/02\\\/Sympt\u00f4mes-denroulement-sur-Fer-N-6-1024x768.jpg\",\"1536x1536\":\"https:\\\/\\\/www.vignevin.com\\\/wp-content\\\/uploads\\\/2019\\\/02\\\/Sympt\u00f4mes-denroulement-sur-Fer-N-6.jpg\",\"2048x2048\":\"https:\\\/\\\/www.vignevin.com\\\/wp-content\\\/uploads\\\/2019\\\/02\\\/Sympt\u00f4mes-denroulement-sur-Fer-N-6.jpg\",\"et-pb-post-main-image\":\"https:\\\/\\\/www.vignevin.com\\\/wp-content\\\/uploads\\\/2019\\\/02\\\/Sympt\u00f4mes-denroulement-sur-Fer-N-6-400x250.jpg\",\"et-pb-post-main-image-fullwidth\":\"https:\\\/\\\/www.vignevin.com\\\/wp-content\\\/uploads\\\/2019\\\/02\\\/Sympt\u00f4mes-denroulement-sur-Fer-N-6-1080x675.jpg\",\"et-pb-portfolio-image\":\"https:\\\/\\\/www.vignevin.com\\\/wp-content\\\/uploads\\\/2019\\\/02\\\/Sympt\u00f4mes-denroulement-sur-Fer-N-6-400x284.jpg\",\"et-pb-portfolio-module-image\":\"https:\\\/\\\/www.vignevin.com\\\/wp-content\\\/uploads\\\/2019\\\/02\\\/Sympt\u00f4mes-denroulement-sur-Fer-N-6-510x382.jpg\",\"et-pb-portfolio-image-single\":\"https:\\\/\\\/www.vignevin.com\\\/wp-content\\\/uploads\\\/2019\\\/02\\\/Sympt\u00f4mes-denroulement-sur-Fer-N-6-1080x810.jpg\",\"et-pb-gallery-module-image-portrait\":\"https:\\\/\\\/www.vignevin.com\\\/wp-content\\\/uploads\\\/2019\\\/02\\\/Sympt\u00f4mes-denroulement-sur-Fer-N-6-400x516.jpg\",\"et-pb-post-main-image-fullwidth-large\":\"https:\\\/\\\/www.vignevin.com\\\/wp-content\\\/uploads\\\/2019\\\/02\\\/Sympt\u00f4mes-denroulement-sur-Fer-N-6-2560x1800.jpg\",\"et-pb-image--responsive--desktop\":\"https:\\\/\\\/www.vignevin.com\\\/wp-content\\\/uploads\\\/2019\\\/02\\\/Sympt\u00f4mes-denroulement-sur-Fer-N-6.jpg\",\"et-pb-image--responsive--tablet\":\"https:\\\/\\\/www.vignevin.com\\\/wp-content\\\/uploads\\\/2019\\\/02\\\/Sympt\u00f4mes-denroulement-sur-Fer-N-6.jpg\",\"et-pb-image--responsive--phone\":\"https:\\\/\\\/www.vignevin.com\\\/wp-content\\\/uploads\\\/2019\\\/02\\\/Sympt\u00f4mes-denroulement-sur-Fer-N-6.jpg\",\"gform-image-choice-sm\":\"https:\\\/\\\/www.vignevin.com\\\/wp-content\\\/uploads\\\/2019\\\/02\\\/Sympt\u00f4mes-denroulement-sur-Fer-N-6.jpg\",\"gform-image-choice-md\":\"https:\\\/\\\/www.vignevin.com\\\/wp-content\\\/uploads\\\/2019\\\/02\\\/Sympt\u00f4mes-denroulement-sur-Fer-N-6.jpg\",\"gform-image-choice-lg\":\"https:\\\/\\\/www.vignevin.com\\\/wp-content\\\/uploads\\\/2019\\\/02\\\/Sympt\u00f4mes-denroulement-sur-Fer-N-6.jpg\",\"woocommerce_thumbnail\":\"https:\\\/\\\/www.vignevin.com\\\/wp-content\\\/uploads\\\/2019\\\/02\\\/Sympt\u00f4mes-denroulement-sur-Fer-N-6-300x300.jpg\",\"woocommerce_single\":\"https:\\\/\\\/www.vignevin.com\\\/wp-content\\\/uploads\\\/2019\\\/02\\\/Sympt\u00f4mes-denroulement-sur-Fer-N-6-600x450.jpg\",\"woocommerce_gallery_thumbnail\":\"https:\\\/\\\/www.vignevin.com\\\/wp-content\\\/uploads\\\/2019\\\/02\\\/Sympt\u00f4mes-denroulement-sur-Fer-N-6-100x100.jpg\",\"full\":\"https:\\\/\\\/www.vignevin.com\\\/wp-content\\\/uploads\\\/2019\\\/02\\\/Sympt\u00f4mes-denroulement-sur-Fer-N-6.jpg\",\"index\":79,\"id\":10017,\"video\":false,\"opts\":{\"caption\":\"\",\"thumb\":\"https:\\\/\\\/www.vignevin.com\\\/wp-content\\\/uploads\\\/2019\\\/02\\\/Sympt\u00f4mes-denroulement-sur-Fer-N-6-75x50_c.jpg\",\"title\":\"Sympt&amp;ocirc;mes d&amp;amp;rsquo;enroulement sur Fer N (6)\"},\"gallery_id\":17410,\"gallery_title\":\"Grapevines virus\"},\"10018\":{\"status\":\"active\",\"src\":\"https:\\\/\\\/www.vignevin.com\\\/wp-content\\\/uploads\\\/2019\\\/02\\\/Sympt\u00f4mes-denroulement-sur-Fer-N-7.jpg\",\"title\":\"Sympt&amp;ocirc;mes d&amp;amp;rsquo;enroulement sur Fer N (7)\",\"link\":\"https:\\\/\\\/www.vignevin.com\\\/wp-content\\\/uploads\\\/2019\\\/02\\\/Sympt\u00f4mes-denroulement-sur-Fer-N-7.jpg\",\"alt\":\"\",\"caption\":false,\"thumb\":\"https:\\\/\\\/www.vignevin.com\\\/wp-content\\\/uploads\\\/2019\\\/02\\\/Sympt\u00f4mes-denroulement-sur-Fer-N-7-75x50_c.jpg\",\"meta\":{\"aperture\":\"3.8\",\"credit\":null,\"camera\":\"DMC-TZ10\",\"caption\":\"\",\"created_timestamp\":\"1412608607\",\"copyright\":null,\"focal_length\":\"7.9\",\"iso\":\"80\",\"shutter_speed\":\"0.0125\",\"title\":\"\",\"orientation\":\"1\",\"keywords\":null},\"thumbnail\":\"https:\\\/\\\/www.vignevin.com\\\/wp-content\\\/uploads\\\/2019\\\/02\\\/Sympt\u00f4mes-denroulement-sur-Fer-N-7-150x150.jpg\",\"medium\":\"https:\\\/\\\/www.vignevin.com\\\/wp-content\\\/uploads\\\/2019\\\/02\\\/Sympt\u00f4mes-denroulement-sur-Fer-N-7-300x225.jpg\",\"medium_large\":\"https:\\\/\\\/www.vignevin.com\\\/wp-content\\\/uploads\\\/2019\\\/02\\\/Sympt\u00f4mes-denroulement-sur-Fer-N-7-768x576.jpg\",\"large\":\"https:\\\/\\\/www.vignevin.com\\\/wp-content\\\/uploads\\\/2019\\\/02\\\/Sympt\u00f4mes-denroulement-sur-Fer-N-7-1024x768.jpg\",\"1536x1536\":\"https:\\\/\\\/www.vignevin.com\\\/wp-content\\\/uploads\\\/2019\\\/02\\\/Sympt\u00f4mes-denroulement-sur-Fer-N-7.jpg\",\"2048x2048\":\"https:\\\/\\\/www.vignevin.com\\\/wp-content\\\/uploads\\\/2019\\\/02\\\/Sympt\u00f4mes-denroulement-sur-Fer-N-7.jpg\",\"et-pb-post-main-image\":\"https:\\\/\\\/www.vignevin.com\\\/wp-content\\\/uploads\\\/2019\\\/02\\\/Sympt\u00f4mes-denroulement-sur-Fer-N-7-400x250.jpg\",\"et-pb-post-main-image-fullwidth\":\"https:\\\/\\\/www.vignevin.com\\\/wp-content\\\/uploads\\\/2019\\\/02\\\/Sympt\u00f4mes-denroulement-sur-Fer-N-7-1080x675.jpg\",\"et-pb-portfolio-image\":\"https:\\\/\\\/www.vignevin.com\\\/wp-content\\\/uploads\\\/2019\\\/02\\\/Sympt\u00f4mes-denroulement-sur-Fer-N-7-400x284.jpg\",\"et-pb-portfolio-module-image\":\"https:\\\/\\\/www.vignevin.com\\\/wp-content\\\/uploads\\\/2019\\\/02\\\/Sympt\u00f4mes-denroulement-sur-Fer-N-7-510x382.jpg\",\"et-pb-portfolio-image-single\":\"https:\\\/\\\/www.vignevin.com\\\/wp-content\\\/uploads\\\/2019\\\/02\\\/Sympt\u00f4mes-denroulement-sur-Fer-N-7-1080x810.jpg\",\"et-pb-gallery-module-image-portrait\":\"https:\\\/\\\/www.vignevin.com\\\/wp-content\\\/uploads\\\/2019\\\/02\\\/Sympt\u00f4mes-denroulement-sur-Fer-N-7-400x516.jpg\",\"et-pb-post-main-image-fullwidth-large\":\"https:\\\/\\\/www.vignevin.com\\\/wp-content\\\/uploads\\\/2019\\\/02\\\/Sympt\u00f4mes-denroulement-sur-Fer-N-7-2560x1800.jpg\",\"et-pb-image--responsive--desktop\":\"https:\\\/\\\/www.vignevin.com\\\/wp-content\\\/uploads\\\/2019\\\/02\\\/Sympt\u00f4mes-denroulement-sur-Fer-N-7.jpg\",\"et-pb-image--responsive--tablet\":\"https:\\\/\\\/www.vignevin.com\\\/wp-content\\\/uploads\\\/2019\\\/02\\\/Sympt\u00f4mes-denroulement-sur-Fer-N-7.jpg\",\"et-pb-image--responsive--phone\":\"https:\\\/\\\/www.vignevin.com\\\/wp-content\\\/uploads\\\/2019\\\/02\\\/Sympt\u00f4mes-denroulement-sur-Fer-N-7.jpg\",\"gform-image-choice-sm\":\"https:\\\/\\\/www.vignevin.com\\\/wp-content\\\/uploads\\\/2019\\\/02\\\/Sympt\u00f4mes-denroulement-sur-Fer-N-7.jpg\",\"gform-image-choice-md\":\"https:\\\/\\\/www.vignevin.com\\\/wp-content\\\/uploads\\\/2019\\\/02\\\/Sympt\u00f4mes-denroulement-sur-Fer-N-7.jpg\",\"gform-image-choice-lg\":\"https:\\\/\\\/www.vignevin.com\\\/wp-content\\\/uploads\\\/2019\\\/02\\\/Sympt\u00f4mes-denroulement-sur-Fer-N-7.jpg\",\"woocommerce_thumbnail\":\"https:\\\/\\\/www.vignevin.com\\\/wp-content\\\/uploads\\\/2019\\\/02\\\/Sympt\u00f4mes-denroulement-sur-Fer-N-7-300x300.jpg\",\"woocommerce_single\":\"https:\\\/\\\/www.vignevin.com\\\/wp-content\\\/uploads\\\/2019\\\/02\\\/Sympt\u00f4mes-denroulement-sur-Fer-N-7-600x450.jpg\",\"woocommerce_gallery_thumbnail\":\"https:\\\/\\\/www.vignevin.com\\\/wp-content\\\/uploads\\\/2019\\\/02\\\/Sympt\u00f4mes-denroulement-sur-Fer-N-7-100x100.jpg\",\"full\":\"https:\\\/\\\/www.vignevin.com\\\/wp-content\\\/uploads\\\/2019\\\/02\\\/Sympt\u00f4mes-denroulement-sur-Fer-N-7.jpg\",\"index\":80,\"id\":10018,\"video\":false,\"opts\":{\"caption\":\"\",\"thumb\":\"https:\\\/\\\/www.vignevin.com\\\/wp-content\\\/uploads\\\/2019\\\/02\\\/Sympt\u00f4mes-denroulement-sur-Fer-N-7-75x50_c.jpg\",\"title\":\"Sympt&amp;ocirc;mes d&amp;amp;rsquo;enroulement sur Fer N (7)\"},\"gallery_id\":17410,\"gallery_title\":\"Grapevines virus\"},\"10019\":{\"status\":\"active\",\"src\":\"https:\\\/\\\/www.vignevin.com\\\/wp-content\\\/uploads\\\/2019\\\/02\\\/Sympt\u00f4mes-denroulement-sur-Fer-N-8.jpg\",\"title\":\"OLYMPUS DIGITAL CAMERA\",\"link\":\"https:\\\/\\\/www.vignevin.com\\\/wp-content\\\/uploads\\\/2019\\\/02\\\/Sympt\u00f4mes-denroulement-sur-Fer-N-8.jpg\",\"alt\":\"\",\"caption\":\"OLYMPUS DIGITAL CAMERA\",\"thumb\":\"https:\\\/\\\/www.vignevin.com\\\/wp-content\\\/uploads\\\/2019\\\/02\\\/Sympt\u00f4mes-denroulement-sur-Fer-N-8-75x50_c.jpg\",\"meta\":{\"aperture\":\"4\",\"credit\":null,\"camera\":\"C-5000Z\",\"caption\":\"OLYMPUS DIGITAL CAMERA\",\"created_timestamp\":\"1189591341\",\"copyright\":null,\"focal_length\":\"7.8\",\"iso\":\"50\",\"shutter_speed\":\"0.033333333333333\",\"title\":\"OLYMPUS DIGITAL CAMERA\",\"orientation\":\"1\",\"keywords\":null},\"thumbnail\":\"https:\\\/\\\/www.vignevin.com\\\/wp-content\\\/uploads\\\/2019\\\/02\\\/Sympt\u00f4mes-denroulement-sur-Fer-N-8-150x150.jpg\",\"medium\":\"https:\\\/\\\/www.vignevin.com\\\/wp-content\\\/uploads\\\/2019\\\/02\\\/Sympt\u00f4mes-denroulement-sur-Fer-N-8-225x300.jpg\",\"medium_large\":\"https:\\\/\\\/www.vignevin.com\\\/wp-content\\\/uploads\\\/2019\\\/02\\\/Sympt\u00f4mes-denroulement-sur-Fer-N-8-768x1024.jpg\",\"large\":\"https:\\\/\\\/www.vignevin.com\\\/wp-content\\\/uploads\\\/2019\\\/02\\\/Sympt\u00f4mes-denroulement-sur-Fer-N-8-768x1024.jpg\",\"1536x1536\":\"https:\\\/\\\/www.vignevin.com\\\/wp-content\\\/uploads\\\/2019\\\/02\\\/Sympt\u00f4mes-denroulement-sur-Fer-N-8.jpg\",\"2048x2048\":\"https:\\\/\\\/www.vignevin.com\\\/wp-content\\\/uploads\\\/2019\\\/02\\\/Sympt\u00f4mes-denroulement-sur-Fer-N-8.jpg\",\"et-pb-post-main-image\":\"https:\\\/\\\/www.vignevin.com\\\/wp-content\\\/uploads\\\/2019\\\/02\\\/Sympt\u00f4mes-denroulement-sur-Fer-N-8-400x250.jpg\",\"et-pb-post-main-image-fullwidth\":\"https:\\\/\\\/www.vignevin.com\\\/wp-content\\\/uploads\\\/2019\\\/02\\\/Sympt\u00f4mes-denroulement-sur-Fer-N-8-1080x675.jpg\",\"et-pb-portfolio-image\":\"https:\\\/\\\/www.vignevin.com\\\/wp-content\\\/uploads\\\/2019\\\/02\\\/Sympt\u00f4mes-denroulement-sur-Fer-N-8-400x284.jpg\",\"et-pb-portfolio-module-image\":\"https:\\\/\\\/www.vignevin.com\\\/wp-content\\\/uploads\\\/2019\\\/02\\\/Sympt\u00f4mes-denroulement-sur-Fer-N-8-510x382.jpg\",\"et-pb-portfolio-image-single\":\"https:\\\/\\\/www.vignevin.com\\\/wp-content\\\/uploads\\\/2019\\\/02\\\/Sympt\u00f4mes-denroulement-sur-Fer-N-8-1080x1440.jpg\",\"et-pb-gallery-module-image-portrait\":\"https:\\\/\\\/www.vignevin.com\\\/wp-content\\\/uploads\\\/2019\\\/02\\\/Sympt\u00f4mes-denroulement-sur-Fer-N-8-400x516.jpg\",\"et-pb-post-main-image-fullwidth-large\":\"https:\\\/\\\/www.vignevin.com\\\/wp-content\\\/uploads\\\/2019\\\/02\\\/Sympt\u00f4mes-denroulement-sur-Fer-N-8.jpg\",\"et-pb-image--responsive--desktop\":\"https:\\\/\\\/www.vignevin.com\\\/wp-content\\\/uploads\\\/2019\\\/02\\\/Sympt\u00f4mes-denroulement-sur-Fer-N-8.jpg\",\"et-pb-image--responsive--tablet\":\"https:\\\/\\\/www.vignevin.com\\\/wp-content\\\/uploads\\\/2019\\\/02\\\/Sympt\u00f4mes-denroulement-sur-Fer-N-8.jpg\",\"et-pb-image--responsive--phone\":\"https:\\\/\\\/www.vignevin.com\\\/wp-content\\\/uploads\\\/2019\\\/02\\\/Sympt\u00f4mes-denroulement-sur-Fer-N-8.jpg\",\"gform-image-choice-sm\":\"https:\\\/\\\/www.vignevin.com\\\/wp-content\\\/uploads\\\/2019\\\/02\\\/Sympt\u00f4mes-denroulement-sur-Fer-N-8.jpg\",\"gform-image-choice-md\":\"https:\\\/\\\/www.vignevin.com\\\/wp-content\\\/uploads\\\/2019\\\/02\\\/Sympt\u00f4mes-denroulement-sur-Fer-N-8.jpg\",\"gform-image-choice-lg\":\"https:\\\/\\\/www.vignevin.com\\\/wp-content\\\/uploads\\\/2019\\\/02\\\/Sympt\u00f4mes-denroulement-sur-Fer-N-8.jpg\",\"woocommerce_thumbnail\":\"https:\\\/\\\/www.vignevin.com\\\/wp-content\\\/uploads\\\/2019\\\/02\\\/Sympt\u00f4mes-denroulement-sur-Fer-N-8-300x300.jpg\",\"woocommerce_single\":\"https:\\\/\\\/www.vignevin.com\\\/wp-content\\\/uploads\\\/2019\\\/02\\\/Sympt\u00f4mes-denroulement-sur-Fer-N-8-600x800.jpg\",\"woocommerce_gallery_thumbnail\":\"https:\\\/\\\/www.vignevin.com\\\/wp-content\\\/uploads\\\/2019\\\/02\\\/Sympt\u00f4mes-denroulement-sur-Fer-N-8-100x100.jpg\",\"full\":\"https:\\\/\\\/www.vignevin.com\\\/wp-content\\\/uploads\\\/2019\\\/02\\\/Sympt\u00f4mes-denroulement-sur-Fer-N-8.jpg\",\"index\":81,\"id\":10019,\"video\":false,\"opts\":{\"caption\":\"OLYMPUS DIGITAL CAMERA\",\"thumb\":\"https:\\\/\\\/www.vignevin.com\\\/wp-content\\\/uploads\\\/2019\\\/02\\\/Sympt\u00f4mes-denroulement-sur-Fer-N-8-75x50_c.jpg\",\"title\":\"OLYMPUS DIGITAL CAMERA\"},\"gallery_id\":17410,\"gallery_title\":\"Grapevines virus\"},\"10020\":{\"status\":\"active\",\"src\":\"https:\\\/\\\/www.vignevin.com\\\/wp-content\\\/uploads\\\/2019\\\/02\\\/Sympt\u00f4mes-denroulement-sur-Fer-N-9.jpg\",\"title\":\"OLYMPUS DIGITAL CAMERA\",\"link\":\"https:\\\/\\\/www.vignevin.com\\\/wp-content\\\/uploads\\\/2019\\\/02\\\/Sympt\u00f4mes-denroulement-sur-Fer-N-9.jpg\",\"alt\":\"\",\"caption\":\"OLYMPUS DIGITAL CAMERA\",\"thumb\":\"https:\\\/\\\/www.vignevin.com\\\/wp-content\\\/uploads\\\/2019\\\/02\\\/Sympt\u00f4mes-denroulement-sur-Fer-N-9-75x50_c.jpg\",\"meta\":{\"aperture\":\"4\",\"credit\":null,\"camera\":\"C-5000Z\",\"caption\":\"OLYMPUS DIGITAL CAMERA\",\"created_timestamp\":\"1189591361\",\"copyright\":null,\"focal_length\":\"7.8\",\"iso\":\"80\",\"shutter_speed\":\"0.033333333333333\",\"title\":\"OLYMPUS DIGITAL CAMERA\",\"orientation\":\"1\",\"keywords\":null},\"thumbnail\":\"https:\\\/\\\/www.vignevin.com\\\/wp-content\\\/uploads\\\/2019\\\/02\\\/Sympt\u00f4mes-denroulement-sur-Fer-N-9-150x150.jpg\",\"medium\":\"https:\\\/\\\/www.vignevin.com\\\/wp-content\\\/uploads\\\/2019\\\/02\\\/Sympt\u00f4mes-denroulement-sur-Fer-N-9-225x300.jpg\",\"medium_large\":\"https:\\\/\\\/www.vignevin.com\\\/wp-content\\\/uploads\\\/2019\\\/02\\\/Sympt\u00f4mes-denroulement-sur-Fer-N-9-768x1024.jpg\",\"large\":\"https:\\\/\\\/www.vignevin.com\\\/wp-content\\\/uploads\\\/2019\\\/02\\\/Sympt\u00f4mes-denroulement-sur-Fer-N-9-768x1024.jpg\",\"1536x1536\":\"https:\\\/\\\/www.vignevin.com\\\/wp-content\\\/uploads\\\/2019\\\/02\\\/Sympt\u00f4mes-denroulement-sur-Fer-N-9.jpg\",\"2048x2048\":\"https:\\\/\\\/www.vignevin.com\\\/wp-content\\\/uploads\\\/2019\\\/02\\\/Sympt\u00f4mes-denroulement-sur-Fer-N-9.jpg\",\"et-pb-post-main-image\":\"https:\\\/\\\/www.vignevin.com\\\/wp-content\\\/uploads\\\/2019\\\/02\\\/Sympt\u00f4mes-denroulement-sur-Fer-N-9-400x250.jpg\",\"et-pb-post-main-image-fullwidth\":\"https:\\\/\\\/www.vignevin.com\\\/wp-content\\\/uploads\\\/2019\\\/02\\\/Sympt\u00f4mes-denroulement-sur-Fer-N-9-1080x675.jpg\",\"et-pb-portfolio-image\":\"https:\\\/\\\/www.vignevin.com\\\/wp-content\\\/uploads\\\/2019\\\/02\\\/Sympt\u00f4mes-denroulement-sur-Fer-N-9-400x284.jpg\",\"et-pb-portfolio-module-image\":\"https:\\\/\\\/www.vignevin.com\\\/wp-content\\\/uploads\\\/2019\\\/02\\\/Sympt\u00f4mes-denroulement-sur-Fer-N-9-510x382.jpg\",\"et-pb-portfolio-image-single\":\"https:\\\/\\\/www.vignevin.com\\\/wp-content\\\/uploads\\\/2019\\\/02\\\/Sympt\u00f4mes-denroulement-sur-Fer-N-9-1080x1440.jpg\",\"et-pb-gallery-module-image-portrait\":\"https:\\\/\\\/www.vignevin.com\\\/wp-content\\\/uploads\\\/2019\\\/02\\\/Sympt\u00f4mes-denroulement-sur-Fer-N-9-400x516.jpg\",\"et-pb-post-main-image-fullwidth-large\":\"https:\\\/\\\/www.vignevin.com\\\/wp-content\\\/uploads\\\/2019\\\/02\\\/Sympt\u00f4mes-denroulement-sur-Fer-N-9-1920x1800.jpg\",\"et-pb-image--responsive--desktop\":\"https:\\\/\\\/www.vignevin.com\\\/wp-content\\\/uploads\\\/2019\\\/02\\\/Sympt\u00f4mes-denroulement-sur-Fer-N-9.jpg\",\"et-pb-image--responsive--tablet\":\"https:\\\/\\\/www.vignevin.com\\\/wp-content\\\/uploads\\\/2019\\\/02\\\/Sympt\u00f4mes-denroulement-sur-Fer-N-9.jpg\",\"et-pb-image--responsive--phone\":\"https:\\\/\\\/www.vignevin.com\\\/wp-content\\\/uploads\\\/2019\\\/02\\\/Sympt\u00f4mes-denroulement-sur-Fer-N-9.jpg\",\"gform-image-choice-sm\":\"https:\\\/\\\/www.vignevin.com\\\/wp-content\\\/uploads\\\/2019\\\/02\\\/Sympt\u00f4mes-denroulement-sur-Fer-N-9.jpg\",\"gform-image-choice-md\":\"https:\\\/\\\/www.vignevin.com\\\/wp-content\\\/uploads\\\/2019\\\/02\\\/Sympt\u00f4mes-denroulement-sur-Fer-N-9.jpg\",\"gform-image-choice-lg\":\"https:\\\/\\\/www.vignevin.com\\\/wp-content\\\/uploads\\\/2019\\\/02\\\/Sympt\u00f4mes-denroulement-sur-Fer-N-9.jpg\",\"woocommerce_thumbnail\":\"https:\\\/\\\/www.vignevin.com\\\/wp-content\\\/uploads\\\/2019\\\/02\\\/Sympt\u00f4mes-denroulement-sur-Fer-N-9-300x300.jpg\",\"woocommerce_single\":\"https:\\\/\\\/www.vignevin.com\\\/wp-content\\\/uploads\\\/2019\\\/02\\\/Sympt\u00f4mes-denroulement-sur-Fer-N-9-600x800.jpg\",\"woocommerce_gallery_thumbnail\":\"https:\\\/\\\/www.vignevin.com\\\/wp-content\\\/uploads\\\/2019\\\/02\\\/Sympt\u00f4mes-denroulement-sur-Fer-N-9-100x100.jpg\",\"full\":\"https:\\\/\\\/www.vignevin.com\\\/wp-content\\\/uploads\\\/2019\\\/02\\\/Sympt\u00f4mes-denroulement-sur-Fer-N-9.jpg\",\"index\":82,\"id\":10020,\"video\":false,\"opts\":{\"caption\":\"OLYMPUS DIGITAL CAMERA\",\"thumb\":\"https:\\\/\\\/www.vignevin.com\\\/wp-content\\\/uploads\\\/2019\\\/02\\\/Sympt\u00f4mes-denroulement-sur-Fer-N-9-75x50_c.jpg\",\"title\":\"OLYMPUS DIGITAL CAMERA\"},\"gallery_id\":17410,\"gallery_title\":\"Grapevines virus\"},\"10021\":{\"status\":\"active\",\"src\":\"https:\\\/\\\/www.vignevin.com\\\/wp-content\\\/uploads\\\/2019\\\/02\\\/Sympt\u00f4mes-denroulement-sur-Fer-N.jpg\",\"title\":\"Sympt&amp;ocirc;mes d&amp;amp;rsquo;enroulement sur Fer N\",\"link\":\"https:\\\/\\\/www.vignevin.com\\\/wp-content\\\/uploads\\\/2019\\\/02\\\/Sympt\u00f4mes-denroulement-sur-Fer-N.jpg\",\"alt\":\"\",\"caption\":false,\"thumb\":\"https:\\\/\\\/www.vignevin.com\\\/wp-content\\\/uploads\\\/2019\\\/02\\\/Sympt\u00f4mes-denroulement-sur-Fer-N-75x50_c.jpg\",\"meta\":{\"aperture\":\"4\",\"credit\":null,\"camera\":\"DMC-TZ10\",\"caption\":\"\",\"created_timestamp\":\"1286279403\",\"copyright\":null,\"focal_length\":\"6.5\",\"iso\":\"80\",\"shutter_speed\":\"0.004\",\"title\":\"\",\"orientation\":\"1\",\"keywords\":null},\"thumbnail\":\"https:\\\/\\\/www.vignevin.com\\\/wp-content\\\/uploads\\\/2019\\\/02\\\/Sympt\u00f4mes-denroulement-sur-Fer-N.jpg\",\"medium\":\"https:\\\/\\\/www.vignevin.com\\\/wp-content\\\/uploads\\\/2019\\\/02\\\/Sympt\u00f4mes-denroulement-sur-Fer-N.jpg\",\"medium_large\":\"https:\\\/\\\/www.vignevin.com\\\/wp-content\\\/uploads\\\/2019\\\/02\\\/Sympt\u00f4mes-denroulement-sur-Fer-N.jpg\",\"large\":\"https:\\\/\\\/www.vignevin.com\\\/wp-content\\\/uploads\\\/2019\\\/02\\\/Sympt\u00f4mes-denroulement-sur-Fer-N.jpg\",\"1536x1536\":\"https:\\\/\\\/www.vignevin.com\\\/wp-content\\\/uploads\\\/2019\\\/02\\\/Sympt\u00f4mes-denroulement-sur-Fer-N.jpg\",\"2048x2048\":\"https:\\\/\\\/www.vignevin.com\\\/wp-content\\\/uploads\\\/2019\\\/02\\\/Sympt\u00f4mes-denroulement-sur-Fer-N.jpg\",\"et-pb-post-main-image\":\"https:\\\/\\\/www.vignevin.com\\\/wp-content\\\/uploads\\\/2019\\\/02\\\/Sympt\u00f4mes-denroulement-sur-Fer-N.jpg\",\"et-pb-post-main-image-fullwidth\":\"https:\\\/\\\/www.vignevin.com\\\/wp-content\\\/uploads\\\/2019\\\/02\\\/Sympt\u00f4mes-denroulement-sur-Fer-N.jpg\",\"et-pb-portfolio-image\":\"https:\\\/\\\/www.vignevin.com\\\/wp-content\\\/uploads\\\/2019\\\/02\\\/Sympt\u00f4mes-denroulement-sur-Fer-N.jpg\",\"et-pb-portfolio-module-image\":\"https:\\\/\\\/www.vignevin.com\\\/wp-content\\\/uploads\\\/2019\\\/02\\\/Sympt\u00f4mes-denroulement-sur-Fer-N.jpg\",\"et-pb-portfolio-image-single\":\"https:\\\/\\\/www.vignevin.com\\\/wp-content\\\/uploads\\\/2019\\\/02\\\/Sympt\u00f4mes-denroulement-sur-Fer-N.jpg\",\"et-pb-gallery-module-image-portrait\":\"https:\\\/\\\/www.vignevin.com\\\/wp-content\\\/uploads\\\/2019\\\/02\\\/Sympt\u00f4mes-denroulement-sur-Fer-N.jpg\",\"et-pb-post-main-image-fullwidth-large\":\"https:\\\/\\\/www.vignevin.com\\\/wp-content\\\/uploads\\\/2019\\\/02\\\/Sympt\u00f4mes-denroulement-sur-Fer-N.jpg\",\"et-pb-image--responsive--desktop\":\"https:\\\/\\\/www.vignevin.com\\\/wp-content\\\/uploads\\\/2019\\\/02\\\/Sympt\u00f4mes-denroulement-sur-Fer-N.jpg\",\"et-pb-image--responsive--tablet\":\"https:\\\/\\\/www.vignevin.com\\\/wp-content\\\/uploads\\\/2019\\\/02\\\/Sympt\u00f4mes-denroulement-sur-Fer-N.jpg\",\"et-pb-image--responsive--phone\":\"https:\\\/\\\/www.vignevin.com\\\/wp-content\\\/uploads\\\/2019\\\/02\\\/Sympt\u00f4mes-denroulement-sur-Fer-N.jpg\",\"gform-image-choice-sm\":\"https:\\\/\\\/www.vignevin.com\\\/wp-content\\\/uploads\\\/2019\\\/02\\\/Sympt\u00f4mes-denroulement-sur-Fer-N.jpg\",\"gform-image-choice-md\":\"https:\\\/\\\/www.vignevin.com\\\/wp-content\\\/uploads\\\/2019\\\/02\\\/Sympt\u00f4mes-denroulement-sur-Fer-N.jpg\",\"gform-image-choice-lg\":\"https:\\\/\\\/www.vignevin.com\\\/wp-content\\\/uploads\\\/2019\\\/02\\\/Sympt\u00f4mes-denroulement-sur-Fer-N.jpg\",\"woocommerce_thumbnail\":\"https:\\\/\\\/www.vignevin.com\\\/wp-content\\\/uploads\\\/2019\\\/02\\\/Sympt\u00f4mes-denroulement-sur-Fer-N-300x300.jpg\",\"woocommerce_single\":\"https:\\\/\\\/www.vignevin.com\\\/wp-content\\\/uploads\\\/2019\\\/02\\\/Sympt\u00f4mes-denroulement-sur-Fer-N-600x450.jpg\",\"woocommerce_gallery_thumbnail\":\"https:\\\/\\\/www.vignevin.com\\\/wp-content\\\/uploads\\\/2019\\\/02\\\/Sympt\u00f4mes-denroulement-sur-Fer-N-100x100.jpg\",\"full\":\"https:\\\/\\\/www.vignevin.com\\\/wp-content\\\/uploads\\\/2019\\\/02\\\/Sympt\u00f4mes-denroulement-sur-Fer-N.jpg\",\"index\":83,\"id\":10021,\"video\":false,\"opts\":{\"caption\":\"\",\"thumb\":\"https:\\\/\\\/www.vignevin.com\\\/wp-content\\\/uploads\\\/2019\\\/02\\\/Sympt\u00f4mes-denroulement-sur-Fer-N-75x50_c.jpg\",\"title\":\"Sympt&amp;ocirc;mes d&amp;amp;rsquo;enroulement sur Fer N\"},\"gallery_id\":17410,\"gallery_title\":\"Grapevines virus\"},\"10022\":{\"status\":\"active\",\"src\":\"https:\\\/\\\/www.vignevin.com\\\/wp-content\\\/uploads\\\/2019\\\/02\\\/Sympt\u00f4mes-denroulement-sur-Gamay.jpg\",\"title\":\"OLYMPUS DIGITAL CAMERA\",\"link\":\"https:\\\/\\\/www.vignevin.com\\\/wp-content\\\/uploads\\\/2019\\\/02\\\/Sympt\u00f4mes-denroulement-sur-Gamay.jpg\",\"alt\":\"\",\"caption\":\"OLYMPUS DIGITAL CAMERA\",\"thumb\":\"https:\\\/\\\/www.vignevin.com\\\/wp-content\\\/uploads\\\/2019\\\/02\\\/Sympt\u00f4mes-denroulement-sur-Gamay-75x50_c.jpg\",\"meta\":{\"aperture\":\"2.8\",\"credit\":null,\"camera\":\"C-5000Z\",\"caption\":\"OLYMPUS DIGITAL CAMERA\",\"created_timestamp\":\"1191409581\",\"copyright\":null,\"focal_length\":\"7.8\",\"iso\":\"50\",\"shutter_speed\":\"0.0125\",\"title\":\"OLYMPUS DIGITAL CAMERA\",\"orientation\":\"1\",\"keywords\":null},\"thumbnail\":\"https:\\\/\\\/www.vignevin.com\\\/wp-content\\\/uploads\\\/2019\\\/02\\\/Sympt\u00f4mes-denroulement-sur-Gamay-150x150.jpg\",\"medium\":\"https:\\\/\\\/www.vignevin.com\\\/wp-content\\\/uploads\\\/2019\\\/02\\\/Sympt\u00f4mes-denroulement-sur-Gamay-225x300.jpg\",\"medium_large\":\"https:\\\/\\\/www.vignevin.com\\\/wp-content\\\/uploads\\\/2019\\\/02\\\/Sympt\u00f4mes-denroulement-sur-Gamay-768x1024.jpg\",\"large\":\"https:\\\/\\\/www.vignevin.com\\\/wp-content\\\/uploads\\\/2019\\\/02\\\/Sympt\u00f4mes-denroulement-sur-Gamay-768x1024.jpg\",\"1536x1536\":\"https:\\\/\\\/www.vignevin.com\\\/wp-content\\\/uploads\\\/2019\\\/02\\\/Sympt\u00f4mes-denroulement-sur-Gamay.jpg\",\"2048x2048\":\"https:\\\/\\\/www.vignevin.com\\\/wp-content\\\/uploads\\\/2019\\\/02\\\/Sympt\u00f4mes-denroulement-sur-Gamay.jpg\",\"et-pb-post-main-image\":\"https:\\\/\\\/www.vignevin.com\\\/wp-content\\\/uploads\\\/2019\\\/02\\\/Sympt\u00f4mes-denroulement-sur-Gamay-400x250.jpg\",\"et-pb-post-main-image-fullwidth\":\"https:\\\/\\\/www.vignevin.com\\\/wp-content\\\/uploads\\\/2019\\\/02\\\/Sympt\u00f4mes-denroulement-sur-Gamay-1080x675.jpg\",\"et-pb-portfolio-image\":\"https:\\\/\\\/www.vignevin.com\\\/wp-content\\\/uploads\\\/2019\\\/02\\\/Sympt\u00f4mes-denroulement-sur-Gamay-400x284.jpg\",\"et-pb-portfolio-module-image\":\"https:\\\/\\\/www.vignevin.com\\\/wp-content\\\/uploads\\\/2019\\\/02\\\/Sympt\u00f4mes-denroulement-sur-Gamay-510x382.jpg\",\"et-pb-portfolio-image-single\":\"https:\\\/\\\/www.vignevin.com\\\/wp-content\\\/uploads\\\/2019\\\/02\\\/Sympt\u00f4mes-denroulement-sur-Gamay-1080x1440.jpg\",\"et-pb-gallery-module-image-portrait\":\"https:\\\/\\\/www.vignevin.com\\\/wp-content\\\/uploads\\\/2019\\\/02\\\/Sympt\u00f4mes-denroulement-sur-Gamay-400x516.jpg\",\"et-pb-post-main-image-fullwidth-large\":\"https:\\\/\\\/www.vignevin.com\\\/wp-content\\\/uploads\\\/2019\\\/02\\\/Sympt\u00f4mes-denroulement-sur-Gamay.jpg\",\"et-pb-image--responsive--desktop\":\"https:\\\/\\\/www.vignevin.com\\\/wp-content\\\/uploads\\\/2019\\\/02\\\/Sympt\u00f4mes-denroulement-sur-Gamay.jpg\",\"et-pb-image--responsive--tablet\":\"https:\\\/\\\/www.vignevin.com\\\/wp-content\\\/uploads\\\/2019\\\/02\\\/Sympt\u00f4mes-denroulement-sur-Gamay.jpg\",\"et-pb-image--responsive--phone\":\"https:\\\/\\\/www.vignevin.com\\\/wp-content\\\/uploads\\\/2019\\\/02\\\/Sympt\u00f4mes-denroulement-sur-Gamay.jpg\",\"gform-image-choice-sm\":\"https:\\\/\\\/www.vignevin.com\\\/wp-content\\\/uploads\\\/2019\\\/02\\\/Sympt\u00f4mes-denroulement-sur-Gamay.jpg\",\"gform-image-choice-md\":\"https:\\\/\\\/www.vignevin.com\\\/wp-content\\\/uploads\\\/2019\\\/02\\\/Sympt\u00f4mes-denroulement-sur-Gamay.jpg\",\"gform-image-choice-lg\":\"https:\\\/\\\/www.vignevin.com\\\/wp-content\\\/uploads\\\/2019\\\/02\\\/Sympt\u00f4mes-denroulement-sur-Gamay.jpg\",\"woocommerce_thumbnail\":\"https:\\\/\\\/www.vignevin.com\\\/wp-content\\\/uploads\\\/2019\\\/02\\\/Sympt\u00f4mes-denroulement-sur-Gamay-300x300.jpg\",\"woocommerce_single\":\"https:\\\/\\\/www.vignevin.com\\\/wp-content\\\/uploads\\\/2019\\\/02\\\/Sympt\u00f4mes-denroulement-sur-Gamay-600x800.jpg\",\"woocommerce_gallery_thumbnail\":\"https:\\\/\\\/www.vignevin.com\\\/wp-content\\\/uploads\\\/2019\\\/02\\\/Sympt\u00f4mes-denroulement-sur-Gamay-100x100.jpg\",\"full\":\"https:\\\/\\\/www.vignevin.com\\\/wp-content\\\/uploads\\\/2019\\\/02\\\/Sympt\u00f4mes-denroulement-sur-Gamay.jpg\",\"index\":84,\"id\":10022,\"video\":false,\"opts\":{\"caption\":\"OLYMPUS DIGITAL CAMERA\",\"thumb\":\"https:\\\/\\\/www.vignevin.com\\\/wp-content\\\/uploads\\\/2019\\\/02\\\/Sympt\u00f4mes-denroulement-sur-Gamay-75x50_c.jpg\",\"title\":\"OLYMPUS DIGITAL CAMERA\"},\"gallery_id\":17410,\"gallery_title\":\"Grapevines virus\"},\"10023\":{\"status\":\"active\",\"src\":\"https:\\\/\\\/www.vignevin.com\\\/wp-content\\\/uploads\\\/2019\\\/02\\\/Sympt\u00f4mes-denroulement-sur-Jaoumet-B-2.jpg\",\"title\":\"Sympt&amp;ocirc;mes d&amp;amp;rsquo;enroulement sur Jaoumet B (2)\",\"link\":\"https:\\\/\\\/www.vignevin.com\\\/wp-content\\\/uploads\\\/2019\\\/02\\\/Sympt\u00f4mes-denroulement-sur-Jaoumet-B-2.jpg\",\"alt\":\"\",\"caption\":false,\"thumb\":\"https:\\\/\\\/www.vignevin.com\\\/wp-content\\\/uploads\\\/2019\\\/02\\\/Sympt\u00f4mes-denroulement-sur-Jaoumet-B-2-75x50_c.jpg\",\"meta\":{\"aperture\":\"3.3\",\"credit\":null,\"camera\":\"DMC-TZ10\",\"caption\":\"\",\"created_timestamp\":\"1379093160\",\"copyright\":null,\"focal_length\":\"4.1\",\"iso\":\"80\",\"shutter_speed\":\"0.0125\",\"title\":\"\",\"orientation\":\"1\",\"keywords\":null},\"thumbnail\":\"https:\\\/\\\/www.vignevin.com\\\/wp-content\\\/uploads\\\/2019\\\/02\\\/Sympt\u00f4mes-denroulement-sur-Jaoumet-B-2-150x150.jpg\",\"medium\":\"https:\\\/\\\/www.vignevin.com\\\/wp-content\\\/uploads\\\/2019\\\/02\\\/Sympt\u00f4mes-denroulement-sur-Jaoumet-B-2-225x300.jpg\",\"medium_large\":\"https:\\\/\\\/www.vignevin.com\\\/wp-content\\\/uploads\\\/2019\\\/02\\\/Sympt\u00f4mes-denroulement-sur-Jaoumet-B-2-768x1024.jpg\",\"large\":\"https:\\\/\\\/www.vignevin.com\\\/wp-content\\\/uploads\\\/2019\\\/02\\\/Sympt\u00f4mes-denroulement-sur-Jaoumet-B-2-768x1024.jpg\",\"1536x1536\":\"https:\\\/\\\/www.vignevin.com\\\/wp-content\\\/uploads\\\/2019\\\/02\\\/Sympt\u00f4mes-denroulement-sur-Jaoumet-B-2.jpg\",\"2048x2048\":\"https:\\\/\\\/www.vignevin.com\\\/wp-content\\\/uploads\\\/2019\\\/02\\\/Sympt\u00f4mes-denroulement-sur-Jaoumet-B-2.jpg\",\"et-pb-post-main-image\":\"https:\\\/\\\/www.vignevin.com\\\/wp-content\\\/uploads\\\/2019\\\/02\\\/Sympt\u00f4mes-denroulement-sur-Jaoumet-B-2-400x250.jpg\",\"et-pb-post-main-image-fullwidth\":\"https:\\\/\\\/www.vignevin.com\\\/wp-content\\\/uploads\\\/2019\\\/02\\\/Sympt\u00f4mes-denroulement-sur-Jaoumet-B-2-1080x675.jpg\",\"et-pb-portfolio-image\":\"https:\\\/\\\/www.vignevin.com\\\/wp-content\\\/uploads\\\/2019\\\/02\\\/Sympt\u00f4mes-denroulement-sur-Jaoumet-B-2-400x284.jpg\",\"et-pb-portfolio-module-image\":\"https:\\\/\\\/www.vignevin.com\\\/wp-content\\\/uploads\\\/2019\\\/02\\\/Sympt\u00f4mes-denroulement-sur-Jaoumet-B-2-510x382.jpg\",\"et-pb-portfolio-image-single\":\"https:\\\/\\\/www.vignevin.com\\\/wp-content\\\/uploads\\\/2019\\\/02\\\/Sympt\u00f4mes-denroulement-sur-Jaoumet-B-2-1080x1440.jpg\",\"et-pb-gallery-module-image-portrait\":\"https:\\\/\\\/www.vignevin.com\\\/wp-content\\\/uploads\\\/2019\\\/02\\\/Sympt\u00f4mes-denroulement-sur-Jaoumet-B-2-400x516.jpg\",\"et-pb-post-main-image-fullwidth-large\":\"https:\\\/\\\/www.vignevin.com\\\/wp-content\\\/uploads\\\/2019\\\/02\\\/Sympt\u00f4mes-denroulement-sur-Jaoumet-B-2-1920x1800.jpg\",\"et-pb-image--responsive--desktop\":\"https:\\\/\\\/www.vignevin.com\\\/wp-content\\\/uploads\\\/2019\\\/02\\\/Sympt\u00f4mes-denroulement-sur-Jaoumet-B-2.jpg\",\"et-pb-image--responsive--tablet\":\"https:\\\/\\\/www.vignevin.com\\\/wp-content\\\/uploads\\\/2019\\\/02\\\/Sympt\u00f4mes-denroulement-sur-Jaoumet-B-2.jpg\",\"et-pb-image--responsive--phone\":\"https:\\\/\\\/www.vignevin.com\\\/wp-content\\\/uploads\\\/2019\\\/02\\\/Sympt\u00f4mes-denroulement-sur-Jaoumet-B-2.jpg\",\"gform-image-choice-sm\":\"https:\\\/\\\/www.vignevin.com\\\/wp-content\\\/uploads\\\/2019\\\/02\\\/Sympt\u00f4mes-denroulement-sur-Jaoumet-B-2.jpg\",\"gform-image-choice-md\":\"https:\\\/\\\/www.vignevin.com\\\/wp-content\\\/uploads\\\/2019\\\/02\\\/Sympt\u00f4mes-denroulement-sur-Jaoumet-B-2.jpg\",\"gform-image-choice-lg\":\"https:\\\/\\\/www.vignevin.com\\\/wp-content\\\/uploads\\\/2019\\\/02\\\/Sympt\u00f4mes-denroulement-sur-Jaoumet-B-2.jpg\",\"woocommerce_thumbnail\":\"https:\\\/\\\/www.vignevin.com\\\/wp-content\\\/uploads\\\/2019\\\/02\\\/Sympt\u00f4mes-denroulement-sur-Jaoumet-B-2-300x300.jpg\",\"woocommerce_single\":\"https:\\\/\\\/www.vignevin.com\\\/wp-content\\\/uploads\\\/2019\\\/02\\\/Sympt\u00f4mes-denroulement-sur-Jaoumet-B-2-600x800.jpg\",\"woocommerce_gallery_thumbnail\":\"https:\\\/\\\/www.vignevin.com\\\/wp-content\\\/uploads\\\/2019\\\/02\\\/Sympt\u00f4mes-denroulement-sur-Jaoumet-B-2-100x100.jpg\",\"full\":\"https:\\\/\\\/www.vignevin.com\\\/wp-content\\\/uploads\\\/2019\\\/02\\\/Sympt\u00f4mes-denroulement-sur-Jaoumet-B-2.jpg\",\"index\":85,\"id\":10023,\"video\":false,\"opts\":{\"caption\":\"\",\"thumb\":\"https:\\\/\\\/www.vignevin.com\\\/wp-content\\\/uploads\\\/2019\\\/02\\\/Sympt\u00f4mes-denroulement-sur-Jaoumet-B-2-75x50_c.jpg\",\"title\":\"Sympt&amp;ocirc;mes d&amp;amp;rsquo;enroulement sur Jaoumet B (2)\"},\"gallery_id\":17410,\"gallery_title\":\"Grapevines virus\"},\"10024\":{\"status\":\"active\",\"src\":\"https:\\\/\\\/www.vignevin.com\\\/wp-content\\\/uploads\\\/2019\\\/02\\\/Sympt\u00f4mes-denroulement-sur-Jaoumet-B-3-e1589898670985.jpg\",\"title\":\"Sympt&amp;ocirc;mes d&amp;amp;rsquo;enroulement sur Jaoumet B (3)\",\"link\":\"https:\\\/\\\/www.vignevin.com\\\/wp-content\\\/uploads\\\/2019\\\/02\\\/Sympt\u00f4mes-denroulement-sur-Jaoumet-B-3.jpg\",\"alt\":\"\",\"caption\":false,\"thumb\":\"https:\\\/\\\/www.vignevin.com\\\/wp-content\\\/uploads\\\/2019\\\/02\\\/Sympt\u00f4mes-denroulement-sur-Jaoumet-B-3-e1589898670985-75x50_c.jpg\",\"meta\":{\"aperture\":\"3.3\",\"credit\":null,\"camera\":\"DMC-TZ10\",\"caption\":\"\",\"created_timestamp\":\"1379093287\",\"copyright\":null,\"focal_length\":\"4.1\",\"iso\":\"80\",\"shutter_speed\":\"0.01\",\"title\":\"\",\"orientation\":\"1\",\"keywords\":null},\"thumbnail\":\"https:\\\/\\\/www.vignevin.com\\\/wp-content\\\/uploads\\\/2019\\\/02\\\/Sympt\u00f4mes-denroulement-sur-Jaoumet-B-3-e1589898670985-150x150.jpg\",\"medium\":\"https:\\\/\\\/www.vignevin.com\\\/wp-content\\\/uploads\\\/2019\\\/02\\\/Sympt\u00f4mes-denroulement-sur-Jaoumet-B-3-e1589898670985-288x300.jpg\",\"medium_large\":\"https:\\\/\\\/www.vignevin.com\\\/wp-content\\\/uploads\\\/2019\\\/02\\\/Sympt\u00f4mes-denroulement-sur-Jaoumet-B-3-e1589898670985-768x801.jpg\",\"large\":\"https:\\\/\\\/www.vignevin.com\\\/wp-content\\\/uploads\\\/2019\\\/02\\\/Sympt\u00f4mes-denroulement-sur-Jaoumet-B-3-e1589898670985-982x1024.jpg\",\"1536x1536\":\"https:\\\/\\\/www.vignevin.com\\\/wp-content\\\/uploads\\\/2019\\\/02\\\/Sympt\u00f4mes-denroulement-sur-Jaoumet-B-3-e1589898670985-1472x1536.jpg\",\"2048x2048\":\"https:\\\/\\\/www.vignevin.com\\\/wp-content\\\/uploads\\\/2019\\\/02\\\/Sympt\u00f4mes-denroulement-sur-Jaoumet-B-3-e1589898670985.jpg\",\"et-pb-post-main-image\":\"https:\\\/\\\/www.vignevin.com\\\/wp-content\\\/uploads\\\/2019\\\/02\\\/Sympt\u00f4mes-denroulement-sur-Jaoumet-B-3-e1589898670985-400x250.jpg\",\"et-pb-post-main-image-fullwidth\":\"https:\\\/\\\/www.vignevin.com\\\/wp-content\\\/uploads\\\/2019\\\/02\\\/Sympt\u00f4mes-denroulement-sur-Jaoumet-B-3-e1589898670985-1080x675.jpg\",\"et-pb-portfolio-image\":\"https:\\\/\\\/www.vignevin.com\\\/wp-content\\\/uploads\\\/2019\\\/02\\\/Sympt\u00f4mes-denroulement-sur-Jaoumet-B-3-e1589898670985-400x284.jpg\",\"et-pb-portfolio-module-image\":\"https:\\\/\\\/www.vignevin.com\\\/wp-content\\\/uploads\\\/2019\\\/02\\\/Sympt\u00f4mes-denroulement-sur-Jaoumet-B-3-e1589898670985-510x382.jpg\",\"et-pb-portfolio-image-single\":\"https:\\\/\\\/www.vignevin.com\\\/wp-content\\\/uploads\\\/2019\\\/02\\\/Sympt\u00f4mes-denroulement-sur-Jaoumet-B-3-e1589898670985-1080x1127.jpg\",\"et-pb-gallery-module-image-portrait\":\"https:\\\/\\\/www.vignevin.com\\\/wp-content\\\/uploads\\\/2019\\\/02\\\/Sympt\u00f4mes-denroulement-sur-Jaoumet-B-3-e1589898670985-400x516.jpg\",\"et-pb-post-main-image-fullwidth-large\":\"https:\\\/\\\/www.vignevin.com\\\/wp-content\\\/uploads\\\/2019\\\/02\\\/Sympt\u00f4mes-denroulement-sur-Jaoumet-B-3-e1589898670985-1920x1800.jpg\",\"et-pb-image--responsive--desktop\":\"https:\\\/\\\/www.vignevin.com\\\/wp-content\\\/uploads\\\/2019\\\/02\\\/Sympt\u00f4mes-denroulement-sur-Jaoumet-B-3-e1589898670985-1280x720.jpg\",\"et-pb-image--responsive--tablet\":\"https:\\\/\\\/www.vignevin.com\\\/wp-content\\\/uploads\\\/2019\\\/02\\\/Sympt\u00f4mes-denroulement-sur-Jaoumet-B-3-e1589898670985-980x551.jpg\",\"et-pb-image--responsive--phone\":\"https:\\\/\\\/www.vignevin.com\\\/wp-content\\\/uploads\\\/2019\\\/02\\\/Sympt\u00f4mes-denroulement-sur-Jaoumet-B-3-e1589898670985-480x270.jpg\",\"gform-image-choice-sm\":\"https:\\\/\\\/www.vignevin.com\\\/wp-content\\\/uploads\\\/2019\\\/02\\\/Sympt\u00f4mes-denroulement-sur-Jaoumet-B-3-e1589898670985.jpg\",\"gform-image-choice-md\":\"https:\\\/\\\/www.vignevin.com\\\/wp-content\\\/uploads\\\/2019\\\/02\\\/Sympt\u00f4mes-denroulement-sur-Jaoumet-B-3-e1589898670985.jpg\",\"gform-image-choice-lg\":\"https:\\\/\\\/www.vignevin.com\\\/wp-content\\\/uploads\\\/2019\\\/02\\\/Sympt\u00f4mes-denroulement-sur-Jaoumet-B-3-e1589898670985.jpg\",\"woocommerce_thumbnail\":\"https:\\\/\\\/www.vignevin.com\\\/wp-content\\\/uploads\\\/2019\\\/02\\\/Sympt\u00f4mes-denroulement-sur-Jaoumet-B-3-e1589898670985-300x300.jpg\",\"woocommerce_single\":\"https:\\\/\\\/www.vignevin.com\\\/wp-content\\\/uploads\\\/2019\\\/02\\\/Sympt\u00f4mes-denroulement-sur-Jaoumet-B-3-e1589898670985-600x626.jpg\",\"woocommerce_gallery_thumbnail\":\"https:\\\/\\\/www.vignevin.com\\\/wp-content\\\/uploads\\\/2019\\\/02\\\/Sympt\u00f4mes-denroulement-sur-Jaoumet-B-3-e1589898670985-100x100.jpg\",\"full\":\"https:\\\/\\\/www.vignevin.com\\\/wp-content\\\/uploads\\\/2019\\\/02\\\/Sympt\u00f4mes-denroulement-sur-Jaoumet-B-3-e1589898670985.jpg\",\"index\":86,\"id\":10024,\"video\":false,\"opts\":{\"caption\":\"\",\"thumb\":\"https:\\\/\\\/www.vignevin.com\\\/wp-content\\\/uploads\\\/2019\\\/02\\\/Sympt\u00f4mes-denroulement-sur-Jaoumet-B-3-e1589898670985-75x50_c.jpg\",\"title\":\"Sympt&amp;ocirc;mes d&amp;amp;rsquo;enroulement sur Jaoumet B (3)\"},\"gallery_id\":17410,\"gallery_title\":\"Grapevines virus\"},\"10025\":{\"status\":\"active\",\"src\":\"https:\\\/\\\/www.vignevin.com\\\/wp-content\\\/uploads\\\/2019\\\/02\\\/Sympt\u00f4mes-denroulement-sur-Jaoumet-B.jpg\",\"title\":\"Sympt&amp;ocirc;mes d&amp;amp;rsquo;enroulement sur Jaoumet B\",\"link\":\"https:\\\/\\\/www.vignevin.com\\\/wp-content\\\/uploads\\\/2019\\\/02\\\/Sympt\u00f4mes-denroulement-sur-Jaoumet-B.jpg\",\"alt\":\"\",\"caption\":false,\"thumb\":\"https:\\\/\\\/www.vignevin.com\\\/wp-content\\\/uploads\\\/2019\\\/02\\\/Sympt\u00f4mes-denroulement-sur-Jaoumet-B-75x50_c.jpg\",\"meta\":{\"aperture\":\"3.3\",\"credit\":null,\"camera\":\"DMC-TZ10\",\"caption\":\"\",\"created_timestamp\":\"1379093360\",\"copyright\":null,\"focal_length\":\"4.1\",\"iso\":\"80\",\"shutter_speed\":\"0.0125\",\"title\":\"\",\"orientation\":\"1\",\"keywords\":null},\"thumbnail\":\"https:\\\/\\\/www.vignevin.com\\\/wp-content\\\/uploads\\\/2019\\\/02\\\/Sympt\u00f4mes-denroulement-sur-Jaoumet-B-150x150.jpg\",\"medium\":\"https:\\\/\\\/www.vignevin.com\\\/wp-content\\\/uploads\\\/2019\\\/02\\\/Sympt\u00f4mes-denroulement-sur-Jaoumet-B-225x300.jpg\",\"medium_large\":\"https:\\\/\\\/www.vignevin.com\\\/wp-content\\\/uploads\\\/2019\\\/02\\\/Sympt\u00f4mes-denroulement-sur-Jaoumet-B-768x1024.jpg\",\"large\":\"https:\\\/\\\/www.vignevin.com\\\/wp-content\\\/uploads\\\/2019\\\/02\\\/Sympt\u00f4mes-denroulement-sur-Jaoumet-B-768x1024.jpg\",\"1536x1536\":\"https:\\\/\\\/www.vignevin.com\\\/wp-content\\\/uploads\\\/2019\\\/02\\\/Sympt\u00f4mes-denroulement-sur-Jaoumet-B.jpg\",\"2048x2048\":\"https:\\\/\\\/www.vignevin.com\\\/wp-content\\\/uploads\\\/2019\\\/02\\\/Sympt\u00f4mes-denroulement-sur-Jaoumet-B.jpg\",\"et-pb-post-main-image\":\"https:\\\/\\\/www.vignevin.com\\\/wp-content\\\/uploads\\\/2019\\\/02\\\/Sympt\u00f4mes-denroulement-sur-Jaoumet-B-400x250.jpg\",\"et-pb-post-main-image-fullwidth\":\"https:\\\/\\\/www.vignevin.com\\\/wp-content\\\/uploads\\\/2019\\\/02\\\/Sympt\u00f4mes-denroulement-sur-Jaoumet-B-1080x675.jpg\",\"et-pb-portfolio-image\":\"https:\\\/\\\/www.vignevin.com\\\/wp-content\\\/uploads\\\/2019\\\/02\\\/Sympt\u00f4mes-denroulement-sur-Jaoumet-B-400x284.jpg\",\"et-pb-portfolio-module-image\":\"https:\\\/\\\/www.vignevin.com\\\/wp-content\\\/uploads\\\/2019\\\/02\\\/Sympt\u00f4mes-denroulement-sur-Jaoumet-B-510x382.jpg\",\"et-pb-portfolio-image-single\":\"https:\\\/\\\/www.vignevin.com\\\/wp-content\\\/uploads\\\/2019\\\/02\\\/Sympt\u00f4mes-denroulement-sur-Jaoumet-B-1080x1440.jpg\",\"et-pb-gallery-module-image-portrait\":\"https:\\\/\\\/www.vignevin.com\\\/wp-content\\\/uploads\\\/2019\\\/02\\\/Sympt\u00f4mes-denroulement-sur-Jaoumet-B-400x516.jpg\",\"et-pb-post-main-image-fullwidth-large\":\"https:\\\/\\\/www.vignevin.com\\\/wp-content\\\/uploads\\\/2019\\\/02\\\/Sympt\u00f4mes-denroulement-sur-Jaoumet-B-1920x1800.jpg\",\"et-pb-image--responsive--desktop\":\"https:\\\/\\\/www.vignevin.com\\\/wp-content\\\/uploads\\\/2019\\\/02\\\/Sympt\u00f4mes-denroulement-sur-Jaoumet-B.jpg\",\"et-pb-image--responsive--tablet\":\"https:\\\/\\\/www.vignevin.com\\\/wp-content\\\/uploads\\\/2019\\\/02\\\/Sympt\u00f4mes-denroulement-sur-Jaoumet-B.jpg\",\"et-pb-image--responsive--phone\":\"https:\\\/\\\/www.vignevin.com\\\/wp-content\\\/uploads\\\/2019\\\/02\\\/Sympt\u00f4mes-denroulement-sur-Jaoumet-B.jpg\",\"gform-image-choice-sm\":\"https:\\\/\\\/www.vignevin.com\\\/wp-content\\\/uploads\\\/2019\\\/02\\\/Sympt\u00f4mes-denroulement-sur-Jaoumet-B.jpg\",\"gform-image-choice-md\":\"https:\\\/\\\/www.vignevin.com\\\/wp-content\\\/uploads\\\/2019\\\/02\\\/Sympt\u00f4mes-denroulement-sur-Jaoumet-B.jpg\",\"gform-image-choice-lg\":\"https:\\\/\\\/www.vignevin.com\\\/wp-content\\\/uploads\\\/2019\\\/02\\\/Sympt\u00f4mes-denroulement-sur-Jaoumet-B.jpg\",\"woocommerce_thumbnail\":\"https:\\\/\\\/www.vignevin.com\\\/wp-content\\\/uploads\\\/2019\\\/02\\\/Sympt\u00f4mes-denroulement-sur-Jaoumet-B-300x300.jpg\",\"woocommerce_single\":\"https:\\\/\\\/www.vignevin.com\\\/wp-content\\\/uploads\\\/2019\\\/02\\\/Sympt\u00f4mes-denroulement-sur-Jaoumet-B-600x800.jpg\",\"woocommerce_gallery_thumbnail\":\"https:\\\/\\\/www.vignevin.com\\\/wp-content\\\/uploads\\\/2019\\\/02\\\/Sympt\u00f4mes-denroulement-sur-Jaoumet-B-100x100.jpg\",\"full\":\"https:\\\/\\\/www.vignevin.com\\\/wp-content\\\/uploads\\\/2019\\\/02\\\/Sympt\u00f4mes-denroulement-sur-Jaoumet-B.jpg\",\"index\":87,\"id\":10025,\"video\":false,\"opts\":{\"caption\":\"\",\"thumb\":\"https:\\\/\\\/www.vignevin.com\\\/wp-content\\\/uploads\\\/2019\\\/02\\\/Sympt\u00f4mes-denroulement-sur-Jaoumet-B-75x50_c.jpg\",\"title\":\"Sympt&amp;ocirc;mes d&amp;amp;rsquo;enroulement sur Jaoumet B\"},\"gallery_id\":17410,\"gallery_title\":\"Grapevines virus\"},\"10026\":{\"status\":\"active\",\"src\":\"https:\\\/\\\/www.vignevin.com\\\/wp-content\\\/uploads\\\/2019\\\/02\\\/Sympt\u00f4mes-denroulement-sur-Juran\u00e7on-noir-2.jpg\",\"title\":\"Sympt&amp;ocirc;mes d&amp;amp;rsquo;enroulement sur Juran&amp;ccedil;on noir (2)\",\"link\":\"https:\\\/\\\/www.vignevin.com\\\/wp-content\\\/uploads\\\/2019\\\/02\\\/Sympt\u00f4mes-denroulement-sur-Juran\u00e7on-noir-2.jpg\",\"alt\":\"\",\"caption\":false,\"thumb\":\"https:\\\/\\\/www.vignevin.com\\\/wp-content\\\/uploads\\\/2019\\\/02\\\/Sympt\u00f4mes-denroulement-sur-Juran\u00e7on-noir-2-75x50_c.jpg\",\"meta\":{\"aperture\":\"3.3\",\"credit\":null,\"camera\":\"DMC-TZ10\",\"caption\":\"\",\"created_timestamp\":\"1315482841\",\"copyright\":null,\"focal_length\":\"4.1\",\"iso\":\"80\",\"shutter_speed\":\"0.016666666666667\",\"title\":\"\",\"orientation\":\"1\",\"keywords\":null},\"thumbnail\":\"https:\\\/\\\/www.vignevin.com\\\/wp-content\\\/uploads\\\/2019\\\/02\\\/Sympt\u00f4mes-denroulement-sur-Juran\u00e7on-noir-2-150x150.jpg\",\"medium\":\"https:\\\/\\\/www.vignevin.com\\\/wp-content\\\/uploads\\\/2019\\\/02\\\/Sympt\u00f4mes-denroulement-sur-Juran\u00e7on-noir-2-300x225.jpg\",\"medium_large\":\"https:\\\/\\\/www.vignevin.com\\\/wp-content\\\/uploads\\\/2019\\\/02\\\/Sympt\u00f4mes-denroulement-sur-Juran\u00e7on-noir-2-768x576.jpg\",\"large\":\"https:\\\/\\\/www.vignevin.com\\\/wp-content\\\/uploads\\\/2019\\\/02\\\/Sympt\u00f4mes-denroulement-sur-Juran\u00e7on-noir-2-1024x768.jpg\",\"1536x1536\":\"https:\\\/\\\/www.vignevin.com\\\/wp-content\\\/uploads\\\/2019\\\/02\\\/Sympt\u00f4mes-denroulement-sur-Juran\u00e7on-noir-2.jpg\",\"2048x2048\":\"https:\\\/\\\/www.vignevin.com\\\/wp-content\\\/uploads\\\/2019\\\/02\\\/Sympt\u00f4mes-denroulement-sur-Juran\u00e7on-noir-2.jpg\",\"et-pb-post-main-image\":\"https:\\\/\\\/www.vignevin.com\\\/wp-content\\\/uploads\\\/2019\\\/02\\\/Sympt\u00f4mes-denroulement-sur-Juran\u00e7on-noir-2-400x250.jpg\",\"et-pb-post-main-image-fullwidth\":\"https:\\\/\\\/www.vignevin.com\\\/wp-content\\\/uploads\\\/2019\\\/02\\\/Sympt\u00f4mes-denroulement-sur-Juran\u00e7on-noir-2-1080x675.jpg\",\"et-pb-portfolio-image\":\"https:\\\/\\\/www.vignevin.com\\\/wp-content\\\/uploads\\\/2019\\\/02\\\/Sympt\u00f4mes-denroulement-sur-Juran\u00e7on-noir-2-400x284.jpg\",\"et-pb-portfolio-module-image\":\"https:\\\/\\\/www.vignevin.com\\\/wp-content\\\/uploads\\\/2019\\\/02\\\/Sympt\u00f4mes-denroulement-sur-Juran\u00e7on-noir-2-510x382.jpg\",\"et-pb-portfolio-image-single\":\"https:\\\/\\\/www.vignevin.com\\\/wp-content\\\/uploads\\\/2019\\\/02\\\/Sympt\u00f4mes-denroulement-sur-Juran\u00e7on-noir-2-1080x810.jpg\",\"et-pb-gallery-module-image-portrait\":\"https:\\\/\\\/www.vignevin.com\\\/wp-content\\\/uploads\\\/2019\\\/02\\\/Sympt\u00f4mes-denroulement-sur-Juran\u00e7on-noir-2-400x516.jpg\",\"et-pb-post-main-image-fullwidth-large\":\"https:\\\/\\\/www.vignevin.com\\\/wp-content\\\/uploads\\\/2019\\\/02\\\/Sympt\u00f4mes-denroulement-sur-Juran\u00e7on-noir-2-2560x1800.jpg\",\"et-pb-image--responsive--desktop\":\"https:\\\/\\\/www.vignevin.com\\\/wp-content\\\/uploads\\\/2019\\\/02\\\/Sympt\u00f4mes-denroulement-sur-Juran\u00e7on-noir-2.jpg\",\"et-pb-image--responsive--tablet\":\"https:\\\/\\\/www.vignevin.com\\\/wp-content\\\/uploads\\\/2019\\\/02\\\/Sympt\u00f4mes-denroulement-sur-Juran\u00e7on-noir-2.jpg\",\"et-pb-image--responsive--phone\":\"https:\\\/\\\/www.vignevin.com\\\/wp-content\\\/uploads\\\/2019\\\/02\\\/Sympt\u00f4mes-denroulement-sur-Juran\u00e7on-noir-2.jpg\",\"gform-image-choice-sm\":\"https:\\\/\\\/www.vignevin.com\\\/wp-content\\\/uploads\\\/2019\\\/02\\\/Sympt\u00f4mes-denroulement-sur-Juran\u00e7on-noir-2.jpg\",\"gform-image-choice-md\":\"https:\\\/\\\/www.vignevin.com\\\/wp-content\\\/uploads\\\/2019\\\/02\\\/Sympt\u00f4mes-denroulement-sur-Juran\u00e7on-noir-2.jpg\",\"gform-image-choice-lg\":\"https:\\\/\\\/www.vignevin.com\\\/wp-content\\\/uploads\\\/2019\\\/02\\\/Sympt\u00f4mes-denroulement-sur-Juran\u00e7on-noir-2.jpg\",\"woocommerce_thumbnail\":\"https:\\\/\\\/www.vignevin.com\\\/wp-content\\\/uploads\\\/2019\\\/02\\\/Sympt\u00f4mes-denroulement-sur-Juran\u00e7on-noir-2-300x300.jpg\",\"woocommerce_single\":\"https:\\\/\\\/www.vignevin.com\\\/wp-content\\\/uploads\\\/2019\\\/02\\\/Sympt\u00f4mes-denroulement-sur-Juran\u00e7on-noir-2-600x450.jpg\",\"woocommerce_gallery_thumbnail\":\"https:\\\/\\\/www.vignevin.com\\\/wp-content\\\/uploads\\\/2019\\\/02\\\/Sympt\u00f4mes-denroulement-sur-Juran\u00e7on-noir-2-100x100.jpg\",\"full\":\"https:\\\/\\\/www.vignevin.com\\\/wp-content\\\/uploads\\\/2019\\\/02\\\/Sympt\u00f4mes-denroulement-sur-Juran\u00e7on-noir-2.jpg\",\"index\":88,\"id\":10026,\"video\":false,\"opts\":{\"caption\":\"\",\"thumb\":\"https:\\\/\\\/www.vignevin.com\\\/wp-content\\\/uploads\\\/2019\\\/02\\\/Sympt\u00f4mes-denroulement-sur-Juran\u00e7on-noir-2-75x50_c.jpg\",\"title\":\"Sympt&amp;ocirc;mes d&amp;amp;rsquo;enroulement sur Juran&amp;ccedil;on noir (2)\"},\"gallery_id\":17410,\"gallery_title\":\"Grapevines virus\"},\"10027\":{\"status\":\"active\",\"src\":\"https:\\\/\\\/www.vignevin.com\\\/wp-content\\\/uploads\\\/2019\\\/02\\\/Sympt\u00f4mes-denroulement-sur-Juran\u00e7on-noir.jpg\",\"title\":\"Sympt&amp;ocirc;mes d&amp;amp;rsquo;enroulement sur Juran&amp;ccedil;on noir\",\"link\":\"https:\\\/\\\/www.vignevin.com\\\/wp-content\\\/uploads\\\/2019\\\/02\\\/Sympt\u00f4mes-denroulement-sur-Juran\u00e7on-noir.jpg\",\"alt\":\"\",\"caption\":false,\"thumb\":\"https:\\\/\\\/www.vignevin.com\\\/wp-content\\\/uploads\\\/2019\\\/02\\\/Sympt\u00f4mes-denroulement-sur-Juran\u00e7on-noir-75x50_c.jpg\",\"meta\":{\"aperture\":\"3.3\",\"credit\":null,\"camera\":\"DMC-TZ10\",\"caption\":\"\",\"created_timestamp\":\"1315482340\",\"copyright\":null,\"focal_length\":\"4.1\",\"iso\":\"80\",\"shutter_speed\":\"0.0125\",\"title\":\"\",\"orientation\":\"1\",\"keywords\":null},\"thumbnail\":\"https:\\\/\\\/www.vignevin.com\\\/wp-content\\\/uploads\\\/2019\\\/02\\\/Sympt\u00f4mes-denroulement-sur-Juran\u00e7on-noir-150x150.jpg\",\"medium\":\"https:\\\/\\\/www.vignevin.com\\\/wp-content\\\/uploads\\\/2019\\\/02\\\/Sympt\u00f4mes-denroulement-sur-Juran\u00e7on-noir-300x225.jpg\",\"medium_large\":\"https:\\\/\\\/www.vignevin.com\\\/wp-content\\\/uploads\\\/2019\\\/02\\\/Sympt\u00f4mes-denroulement-sur-Juran\u00e7on-noir-768x576.jpg\",\"large\":\"https:\\\/\\\/www.vignevin.com\\\/wp-content\\\/uploads\\\/2019\\\/02\\\/Sympt\u00f4mes-denroulement-sur-Juran\u00e7on-noir-1024x768.jpg\",\"1536x1536\":\"https:\\\/\\\/www.vignevin.com\\\/wp-content\\\/uploads\\\/2019\\\/02\\\/Sympt\u00f4mes-denroulement-sur-Juran\u00e7on-noir.jpg\",\"2048x2048\":\"https:\\\/\\\/www.vignevin.com\\\/wp-content\\\/uploads\\\/2019\\\/02\\\/Sympt\u00f4mes-denroulement-sur-Juran\u00e7on-noir.jpg\",\"et-pb-post-main-image\":\"https:\\\/\\\/www.vignevin.com\\\/wp-content\\\/uploads\\\/2019\\\/02\\\/Sympt\u00f4mes-denroulement-sur-Juran\u00e7on-noir-400x250.jpg\",\"et-pb-post-main-image-fullwidth\":\"https:\\\/\\\/www.vignevin.com\\\/wp-content\\\/uploads\\\/2019\\\/02\\\/Sympt\u00f4mes-denroulement-sur-Juran\u00e7on-noir-1080x675.jpg\",\"et-pb-portfolio-image\":\"https:\\\/\\\/www.vignevin.com\\\/wp-content\\\/uploads\\\/2019\\\/02\\\/Sympt\u00f4mes-denroulement-sur-Juran\u00e7on-noir-400x284.jpg\",\"et-pb-portfolio-module-image\":\"https:\\\/\\\/www.vignevin.com\\\/wp-content\\\/uploads\\\/2019\\\/02\\\/Sympt\u00f4mes-denroulement-sur-Juran\u00e7on-noir-510x382.jpg\",\"et-pb-portfolio-image-single\":\"https:\\\/\\\/www.vignevin.com\\\/wp-content\\\/uploads\\\/2019\\\/02\\\/Sympt\u00f4mes-denroulement-sur-Juran\u00e7on-noir-1080x810.jpg\",\"et-pb-gallery-module-image-portrait\":\"https:\\\/\\\/www.vignevin.com\\\/wp-content\\\/uploads\\\/2019\\\/02\\\/Sympt\u00f4mes-denroulement-sur-Juran\u00e7on-noir-400x516.jpg\",\"et-pb-post-main-image-fullwidth-large\":\"https:\\\/\\\/www.vignevin.com\\\/wp-content\\\/uploads\\\/2019\\\/02\\\/Sympt\u00f4mes-denroulement-sur-Juran\u00e7on-noir-2560x1800.jpg\",\"et-pb-image--responsive--desktop\":\"https:\\\/\\\/www.vignevin.com\\\/wp-content\\\/uploads\\\/2019\\\/02\\\/Sympt\u00f4mes-denroulement-sur-Juran\u00e7on-noir.jpg\",\"et-pb-image--responsive--tablet\":\"https:\\\/\\\/www.vignevin.com\\\/wp-content\\\/uploads\\\/2019\\\/02\\\/Sympt\u00f4mes-denroulement-sur-Juran\u00e7on-noir.jpg\",\"et-pb-image--responsive--phone\":\"https:\\\/\\\/www.vignevin.com\\\/wp-content\\\/uploads\\\/2019\\\/02\\\/Sympt\u00f4mes-denroulement-sur-Juran\u00e7on-noir.jpg\",\"gform-image-choice-sm\":\"https:\\\/\\\/www.vignevin.com\\\/wp-content\\\/uploads\\\/2019\\\/02\\\/Sympt\u00f4mes-denroulement-sur-Juran\u00e7on-noir.jpg\",\"gform-image-choice-md\":\"https:\\\/\\\/www.vignevin.com\\\/wp-content\\\/uploads\\\/2019\\\/02\\\/Sympt\u00f4mes-denroulement-sur-Juran\u00e7on-noir.jpg\",\"gform-image-choice-lg\":\"https:\\\/\\\/www.vignevin.com\\\/wp-content\\\/uploads\\\/2019\\\/02\\\/Sympt\u00f4mes-denroulement-sur-Juran\u00e7on-noir.jpg\",\"woocommerce_thumbnail\":\"https:\\\/\\\/www.vignevin.com\\\/wp-content\\\/uploads\\\/2019\\\/02\\\/Sympt\u00f4mes-denroulement-sur-Juran\u00e7on-noir-300x300.jpg\",\"woocommerce_single\":\"https:\\\/\\\/www.vignevin.com\\\/wp-content\\\/uploads\\\/2019\\\/02\\\/Sympt\u00f4mes-denroulement-sur-Juran\u00e7on-noir-600x450.jpg\",\"woocommerce_gallery_thumbnail\":\"https:\\\/\\\/www.vignevin.com\\\/wp-content\\\/uploads\\\/2019\\\/02\\\/Sympt\u00f4mes-denroulement-sur-Juran\u00e7on-noir-100x100.jpg\",\"full\":\"https:\\\/\\\/www.vignevin.com\\\/wp-content\\\/uploads\\\/2019\\\/02\\\/Sympt\u00f4mes-denroulement-sur-Juran\u00e7on-noir.jpg\",\"index\":89,\"id\":10027,\"video\":false,\"opts\":{\"caption\":\"\",\"thumb\":\"https:\\\/\\\/www.vignevin.com\\\/wp-content\\\/uploads\\\/2019\\\/02\\\/Sympt\u00f4mes-denroulement-sur-Juran\u00e7on-noir-75x50_c.jpg\",\"title\":\"Sympt&amp;ocirc;mes d&amp;amp;rsquo;enroulement sur Juran&amp;ccedil;on noir\"},\"gallery_id\":17410,\"gallery_title\":\"Grapevines virus\"},\"10028\":{\"status\":\"active\",\"src\":\"https:\\\/\\\/www.vignevin.com\\\/wp-content\\\/uploads\\\/2019\\\/02\\\/Sympt\u00f4mes-denroulement-sur-vari\u00e9t\u00e9-indicatrice-apr\u00e8s-greffage-herbac\u00e9.jpg\",\"title\":\"Sympt&amp;ocirc;mes d&amp;amp;rsquo;enroulement sur vari&amp;eacute;t&amp;eacute; indicatrice apr&amp;egrave;s greffage herbac&amp;eacute;\",\"link\":\"https:\\\/\\\/www.vignevin.com\\\/wp-content\\\/uploads\\\/2019\\\/02\\\/Sympt\u00f4mes-denroulement-sur-vari\u00e9t\u00e9-indicatrice-apr\u00e8s-greffage-herbac\u00e9.jpg\",\"alt\":\"\",\"caption\":false,\"thumb\":\"https:\\\/\\\/www.vignevin.com\\\/wp-content\\\/uploads\\\/2019\\\/02\\\/Sympt\u00f4mes-denroulement-sur-vari\u00e9t\u00e9-indicatrice-apr\u00e8s-greffage-herbac\u00e9-75x50_c.jpg\",\"meta\":{\"aperture\":null,\"credit\":null,\"camera\":null,\"caption\":\"\",\"created_timestamp\":null,\"copyright\":null,\"focal_length\":null,\"iso\":null,\"shutter_speed\":null,\"title\":\"\",\"orientation\":null,\"keywords\":null},\"thumbnail\":\"https:\\\/\\\/www.vignevin.com\\\/wp-content\\\/uploads\\\/2019\\\/02\\\/Sympt\u00f4mes-denroulement-sur-vari\u00e9t\u00e9-indicatrice-apr\u00e8s-greffage-herbac\u00e9-150x150.jpg\",\"medium\":\"https:\\\/\\\/www.vignevin.com\\\/wp-content\\\/uploads\\\/2019\\\/02\\\/Sympt\u00f4mes-denroulement-sur-vari\u00e9t\u00e9-indicatrice-apr\u00e8s-greffage-herbac\u00e9-298x300.jpg\",\"medium_large\":\"https:\\\/\\\/www.vignevin.com\\\/wp-content\\\/uploads\\\/2019\\\/02\\\/Sympt\u00f4mes-denroulement-sur-vari\u00e9t\u00e9-indicatrice-apr\u00e8s-greffage-herbac\u00e9.jpg\",\"large\":\"https:\\\/\\\/www.vignevin.com\\\/wp-content\\\/uploads\\\/2019\\\/02\\\/Sympt\u00f4mes-denroulement-sur-vari\u00e9t\u00e9-indicatrice-apr\u00e8s-greffage-herbac\u00e9.jpg\",\"1536x1536\":\"https:\\\/\\\/www.vignevin.com\\\/wp-content\\\/uploads\\\/2019\\\/02\\\/Sympt\u00f4mes-denroulement-sur-vari\u00e9t\u00e9-indicatrice-apr\u00e8s-greffage-herbac\u00e9.jpg\",\"2048x2048\":\"https:\\\/\\\/www.vignevin.com\\\/wp-content\\\/uploads\\\/2019\\\/02\\\/Sympt\u00f4mes-denroulement-sur-vari\u00e9t\u00e9-indicatrice-apr\u00e8s-greffage-herbac\u00e9.jpg\",\"et-pb-post-main-image\":\"https:\\\/\\\/www.vignevin.com\\\/wp-content\\\/uploads\\\/2019\\\/02\\\/Sympt\u00f4mes-denroulement-sur-vari\u00e9t\u00e9-indicatrice-apr\u00e8s-greffage-herbac\u00e9-382x250.jpg\",\"et-pb-post-main-image-fullwidth\":\"https:\\\/\\\/www.vignevin.com\\\/wp-content\\\/uploads\\\/2019\\\/02\\\/Sympt\u00f4mes-denroulement-sur-vari\u00e9t\u00e9-indicatrice-apr\u00e8s-greffage-herbac\u00e9.jpg\",\"et-pb-portfolio-image\":\"https:\\\/\\\/www.vignevin.com\\\/wp-content\\\/uploads\\\/2019\\\/02\\\/Sympt\u00f4mes-denroulement-sur-vari\u00e9t\u00e9-indicatrice-apr\u00e8s-greffage-herbac\u00e9-382x284.jpg\",\"et-pb-portfolio-module-image\":\"https:\\\/\\\/www.vignevin.com\\\/wp-content\\\/uploads\\\/2019\\\/02\\\/Sympt\u00f4mes-denroulement-sur-vari\u00e9t\u00e9-indicatrice-apr\u00e8s-greffage-herbac\u00e9-382x382.jpg\",\"et-pb-portfolio-image-single\":\"https:\\\/\\\/www.vignevin.com\\\/wp-content\\\/uploads\\\/2019\\\/02\\\/Sympt\u00f4mes-denroulement-sur-vari\u00e9t\u00e9-indicatrice-apr\u00e8s-greffage-herbac\u00e9.jpg\",\"et-pb-gallery-module-image-portrait\":\"https:\\\/\\\/www.vignevin.com\\\/wp-content\\\/uploads\\\/2019\\\/02\\\/Sympt\u00f4mes-denroulement-sur-vari\u00e9t\u00e9-indicatrice-apr\u00e8s-greffage-herbac\u00e9.jpg\",\"et-pb-post-main-image-fullwidth-large\":\"https:\\\/\\\/www.vignevin.com\\\/wp-content\\\/uploads\\\/2019\\\/02\\\/Sympt\u00f4mes-denroulement-sur-vari\u00e9t\u00e9-indicatrice-apr\u00e8s-greffage-herbac\u00e9.jpg\",\"et-pb-image--responsive--desktop\":\"https:\\\/\\\/www.vignevin.com\\\/wp-content\\\/uploads\\\/2019\\\/02\\\/Sympt\u00f4mes-denroulement-sur-vari\u00e9t\u00e9-indicatrice-apr\u00e8s-greffage-herbac\u00e9.jpg\",\"et-pb-image--responsive--tablet\":\"https:\\\/\\\/www.vignevin.com\\\/wp-content\\\/uploads\\\/2019\\\/02\\\/Sympt\u00f4mes-denroulement-sur-vari\u00e9t\u00e9-indicatrice-apr\u00e8s-greffage-herbac\u00e9.jpg\",\"et-pb-image--responsive--phone\":\"https:\\\/\\\/www.vignevin.com\\\/wp-content\\\/uploads\\\/2019\\\/02\\\/Sympt\u00f4mes-denroulement-sur-vari\u00e9t\u00e9-indicatrice-apr\u00e8s-greffage-herbac\u00e9.jpg\",\"gform-image-choice-sm\":\"https:\\\/\\\/www.vignevin.com\\\/wp-content\\\/uploads\\\/2019\\\/02\\\/Sympt\u00f4mes-denroulement-sur-vari\u00e9t\u00e9-indicatrice-apr\u00e8s-greffage-herbac\u00e9.jpg\",\"gform-image-choice-md\":\"https:\\\/\\\/www.vignevin.com\\\/wp-content\\\/uploads\\\/2019\\\/02\\\/Sympt\u00f4mes-denroulement-sur-vari\u00e9t\u00e9-indicatrice-apr\u00e8s-greffage-herbac\u00e9.jpg\",\"gform-image-choice-lg\":\"https:\\\/\\\/www.vignevin.com\\\/wp-content\\\/uploads\\\/2019\\\/02\\\/Sympt\u00f4mes-denroulement-sur-vari\u00e9t\u00e9-indicatrice-apr\u00e8s-greffage-herbac\u00e9.jpg\",\"woocommerce_thumbnail\":\"https:\\\/\\\/www.vignevin.com\\\/wp-content\\\/uploads\\\/2019\\\/02\\\/Sympt\u00f4mes-denroulement-sur-vari\u00e9t\u00e9-indicatrice-apr\u00e8s-greffage-herbac\u00e9-300x300.jpg\",\"woocommerce_single\":\"https:\\\/\\\/www.vignevin.com\\\/wp-content\\\/uploads\\\/2019\\\/02\\\/Sympt\u00f4mes-denroulement-sur-vari\u00e9t\u00e9-indicatrice-apr\u00e8s-greffage-herbac\u00e9.jpg\",\"woocommerce_gallery_thumbnail\":\"https:\\\/\\\/www.vignevin.com\\\/wp-content\\\/uploads\\\/2019\\\/02\\\/Sympt\u00f4mes-denroulement-sur-vari\u00e9t\u00e9-indicatrice-apr\u00e8s-greffage-herbac\u00e9-100x100.jpg\",\"full\":\"https:\\\/\\\/www.vignevin.com\\\/wp-content\\\/uploads\\\/2019\\\/02\\\/Sympt\u00f4mes-denroulement-sur-vari\u00e9t\u00e9-indicatrice-apr\u00e8s-greffage-herbac\u00e9.jpg\",\"index\":90,\"id\":10028,\"video\":false,\"opts\":{\"caption\":\"\",\"thumb\":\"https:\\\/\\\/www.vignevin.com\\\/wp-content\\\/uploads\\\/2019\\\/02\\\/Sympt\u00f4mes-denroulement-sur-vari\u00e9t\u00e9-indicatrice-apr\u00e8s-greffage-herbac\u00e9-75x50_c.jpg\",\"title\":\"Sympt&amp;ocirc;mes d&amp;amp;rsquo;enroulement sur vari&amp;eacute;t&amp;eacute; indicatrice apr&amp;egrave;s greffage herbac&amp;eacute;\"},\"gallery_id\":17410,\"gallery_title\":\"Grapevines virus\"},\"10029\":{\"status\":\"active\",\"src\":\"https:\\\/\\\/www.vignevin.com\\\/wp-content\\\/uploads\\\/2019\\\/02\\\/Sympt\u00f4mes-denroulement.jpg\",\"title\":\"Sympt&amp;ocirc;mes d&amp;amp;rsquo;enroulement\",\"link\":\"https:\\\/\\\/www.vignevin.com\\\/wp-content\\\/uploads\\\/2019\\\/02\\\/Sympt\u00f4mes-denroulement.jpg\",\"alt\":\"\",\"caption\":false,\"thumb\":\"https:\\\/\\\/www.vignevin.com\\\/wp-content\\\/uploads\\\/2019\\\/02\\\/Sympt\u00f4mes-denroulement-75x50_c.jpg\",\"meta\":{\"aperture\":null,\"credit\":null,\"camera\":null,\"caption\":\"\",\"created_timestamp\":null,\"copyright\":null,\"focal_length\":null,\"iso\":null,\"shutter_speed\":null,\"title\":\"\",\"orientation\":\"1\",\"keywords\":null},\"thumbnail\":\"https:\\\/\\\/www.vignevin.com\\\/wp-content\\\/uploads\\\/2019\\\/02\\\/Sympt\u00f4mes-denroulement.jpg\",\"medium\":\"https:\\\/\\\/www.vignevin.com\\\/wp-content\\\/uploads\\\/2019\\\/02\\\/Sympt\u00f4mes-denroulement.jpg\",\"medium_large\":\"https:\\\/\\\/www.vignevin.com\\\/wp-content\\\/uploads\\\/2019\\\/02\\\/Sympt\u00f4mes-denroulement.jpg\",\"large\":\"https:\\\/\\\/www.vignevin.com\\\/wp-content\\\/uploads\\\/2019\\\/02\\\/Sympt\u00f4mes-denroulement.jpg\",\"1536x1536\":\"https:\\\/\\\/www.vignevin.com\\\/wp-content\\\/uploads\\\/2019\\\/02\\\/Sympt\u00f4mes-denroulement.jpg\",\"2048x2048\":\"https:\\\/\\\/www.vignevin.com\\\/wp-content\\\/uploads\\\/2019\\\/02\\\/Sympt\u00f4mes-denroulement.jpg\",\"et-pb-post-main-image\":\"https:\\\/\\\/www.vignevin.com\\\/wp-content\\\/uploads\\\/2019\\\/02\\\/Sympt\u00f4mes-denroulement.jpg\",\"et-pb-post-main-image-fullwidth\":\"https:\\\/\\\/www.vignevin.com\\\/wp-content\\\/uploads\\\/2019\\\/02\\\/Sympt\u00f4mes-denroulement.jpg\",\"et-pb-portfolio-image\":\"https:\\\/\\\/www.vignevin.com\\\/wp-content\\\/uploads\\\/2019\\\/02\\\/Sympt\u00f4mes-denroulement.jpg\",\"et-pb-portfolio-module-image\":\"https:\\\/\\\/www.vignevin.com\\\/wp-content\\\/uploads\\\/2019\\\/02\\\/Sympt\u00f4mes-denroulement.jpg\",\"et-pb-portfolio-image-single\":\"https:\\\/\\\/www.vignevin.com\\\/wp-content\\\/uploads\\\/2019\\\/02\\\/Sympt\u00f4mes-denroulement.jpg\",\"et-pb-gallery-module-image-portrait\":\"https:\\\/\\\/www.vignevin.com\\\/wp-content\\\/uploads\\\/2019\\\/02\\\/Sympt\u00f4mes-denroulement.jpg\",\"et-pb-post-main-image-fullwidth-large\":\"https:\\\/\\\/www.vignevin.com\\\/wp-content\\\/uploads\\\/2019\\\/02\\\/Sympt\u00f4mes-denroulement.jpg\",\"et-pb-image--responsive--desktop\":\"https:\\\/\\\/www.vignevin.com\\\/wp-content\\\/uploads\\\/2019\\\/02\\\/Sympt\u00f4mes-denroulement.jpg\",\"et-pb-image--responsive--tablet\":\"https:\\\/\\\/www.vignevin.com\\\/wp-content\\\/uploads\\\/2019\\\/02\\\/Sympt\u00f4mes-denroulement.jpg\",\"et-pb-image--responsive--phone\":\"https:\\\/\\\/www.vignevin.com\\\/wp-content\\\/uploads\\\/2019\\\/02\\\/Sympt\u00f4mes-denroulement.jpg\",\"gform-image-choice-sm\":\"https:\\\/\\\/www.vignevin.com\\\/wp-content\\\/uploads\\\/2019\\\/02\\\/Sympt\u00f4mes-denroulement.jpg\",\"gform-image-choice-md\":\"https:\\\/\\\/www.vignevin.com\\\/wp-content\\\/uploads\\\/2019\\\/02\\\/Sympt\u00f4mes-denroulement.jpg\",\"gform-image-choice-lg\":\"https:\\\/\\\/www.vignevin.com\\\/wp-content\\\/uploads\\\/2019\\\/02\\\/Sympt\u00f4mes-denroulement.jpg\",\"woocommerce_thumbnail\":\"https:\\\/\\\/www.vignevin.com\\\/wp-content\\\/uploads\\\/2019\\\/02\\\/Sympt\u00f4mes-denroulement-300x300.jpg\",\"woocommerce_single\":\"https:\\\/\\\/www.vignevin.com\\\/wp-content\\\/uploads\\\/2019\\\/02\\\/Sympt\u00f4mes-denroulement-600x383.jpg\",\"woocommerce_gallery_thumbnail\":\"https:\\\/\\\/www.vignevin.com\\\/wp-content\\\/uploads\\\/2019\\\/02\\\/Sympt\u00f4mes-denroulement-100x100.jpg\",\"full\":\"https:\\\/\\\/www.vignevin.com\\\/wp-content\\\/uploads\\\/2019\\\/02\\\/Sympt\u00f4mes-denroulement.jpg\",\"index\":91,\"id\":10029,\"video\":false,\"opts\":{\"caption\":\"\",\"thumb\":\"https:\\\/\\\/www.vignevin.com\\\/wp-content\\\/uploads\\\/2019\\\/02\\\/Sympt\u00f4mes-denroulement-75x50_c.jpg\",\"title\":\"Sympt&amp;ocirc;mes d&amp;amp;rsquo;enroulement\"},\"gallery_id\":17410,\"gallery_title\":\"Grapevines virus\"},\"10030\":{\"status\":\"active\",\"src\":\"https:\\\/\\\/www.vignevin.com\\\/wp-content\\\/uploads\\\/2019\\\/02\\\/Sympt\u00f4mes-deutypiose-Eutypa-lata-2.jpg\",\"title\":\"Sympt&amp;ocirc;mes d&amp;amp;rsquo;eutypiose (Eutypa lata) (2)\",\"link\":\"https:\\\/\\\/www.vignevin.com\\\/wp-content\\\/uploads\\\/2019\\\/02\\\/Sympt\u00f4mes-deutypiose-Eutypa-lata-2.jpg\",\"alt\":\"\",\"caption\":false,\"thumb\":\"https:\\\/\\\/www.vignevin.com\\\/wp-content\\\/uploads\\\/2019\\\/02\\\/Sympt\u00f4mes-deutypiose-Eutypa-lata-2-75x50_c.jpg\",\"meta\":{\"aperture\":null,\"credit\":null,\"camera\":null,\"caption\":\"\",\"created_timestamp\":null,\"copyright\":null,\"focal_length\":null,\"iso\":null,\"shutter_speed\":null,\"title\":\"\",\"orientation\":null,\"keywords\":null},\"thumbnail\":\"https:\\\/\\\/www.vignevin.com\\\/wp-content\\\/uploads\\\/2019\\\/02\\\/Sympt\u00f4mes-deutypiose-Eutypa-lata-2-150x150.jpg\",\"medium\":\"https:\\\/\\\/www.vignevin.com\\\/wp-content\\\/uploads\\\/2019\\\/02\\\/Sympt\u00f4mes-deutypiose-Eutypa-lata-2-209x300.jpg\",\"medium_large\":\"https:\\\/\\\/www.vignevin.com\\\/wp-content\\\/uploads\\\/2019\\\/02\\\/Sympt\u00f4mes-deutypiose-Eutypa-lata-2.jpg\",\"large\":\"https:\\\/\\\/www.vignevin.com\\\/wp-content\\\/uploads\\\/2019\\\/02\\\/Sympt\u00f4mes-deutypiose-Eutypa-lata-2.jpg\",\"1536x1536\":\"https:\\\/\\\/www.vignevin.com\\\/wp-content\\\/uploads\\\/2019\\\/02\\\/Sympt\u00f4mes-deutypiose-Eutypa-lata-2.jpg\",\"2048x2048\":\"https:\\\/\\\/www.vignevin.com\\\/wp-content\\\/uploads\\\/2019\\\/02\\\/Sympt\u00f4mes-deutypiose-Eutypa-lata-2.jpg\",\"et-pb-post-main-image\":\"https:\\\/\\\/www.vignevin.com\\\/wp-content\\\/uploads\\\/2019\\\/02\\\/Sympt\u00f4mes-deutypiose-Eutypa-lata-2-400x250.jpg\",\"et-pb-post-main-image-fullwidth\":\"https:\\\/\\\/www.vignevin.com\\\/wp-content\\\/uploads\\\/2019\\\/02\\\/Sympt\u00f4mes-deutypiose-Eutypa-lata-2-472x675.jpg\",\"et-pb-portfolio-image\":\"https:\\\/\\\/www.vignevin.com\\\/wp-content\\\/uploads\\\/2019\\\/02\\\/Sympt\u00f4mes-deutypiose-Eutypa-lata-2-400x284.jpg\",\"et-pb-portfolio-module-image\":\"https:\\\/\\\/www.vignevin.com\\\/wp-content\\\/uploads\\\/2019\\\/02\\\/Sympt\u00f4mes-deutypiose-Eutypa-lata-2-472x382.jpg\",\"et-pb-portfolio-image-single\":\"https:\\\/\\\/www.vignevin.com\\\/wp-content\\\/uploads\\\/2019\\\/02\\\/Sympt\u00f4mes-deutypiose-Eutypa-lata-2.jpg\",\"et-pb-gallery-module-image-portrait\":\"https:\\\/\\\/www.vignevin.com\\\/wp-content\\\/uploads\\\/2019\\\/02\\\/Sympt\u00f4mes-deutypiose-Eutypa-lata-2-400x516.jpg\",\"et-pb-post-main-image-fullwidth-large\":\"https:\\\/\\\/www.vignevin.com\\\/wp-content\\\/uploads\\\/2019\\\/02\\\/Sympt\u00f4mes-deutypiose-Eutypa-lata-2.jpg\",\"et-pb-image--responsive--desktop\":\"https:\\\/\\\/www.vignevin.com\\\/wp-content\\\/uploads\\\/2019\\\/02\\\/Sympt\u00f4mes-deutypiose-Eutypa-lata-2.jpg\",\"et-pb-image--responsive--tablet\":\"https:\\\/\\\/www.vignevin.com\\\/wp-content\\\/uploads\\\/2019\\\/02\\\/Sympt\u00f4mes-deutypiose-Eutypa-lata-2.jpg\",\"et-pb-image--responsive--phone\":\"https:\\\/\\\/www.vignevin.com\\\/wp-content\\\/uploads\\\/2019\\\/02\\\/Sympt\u00f4mes-deutypiose-Eutypa-lata-2.jpg\",\"gform-image-choice-sm\":\"https:\\\/\\\/www.vignevin.com\\\/wp-content\\\/uploads\\\/2019\\\/02\\\/Sympt\u00f4mes-deutypiose-Eutypa-lata-2.jpg\",\"gform-image-choice-md\":\"https:\\\/\\\/www.vignevin.com\\\/wp-content\\\/uploads\\\/2019\\\/02\\\/Sympt\u00f4mes-deutypiose-Eutypa-lata-2.jpg\",\"gform-image-choice-lg\":\"https:\\\/\\\/www.vignevin.com\\\/wp-content\\\/uploads\\\/2019\\\/02\\\/Sympt\u00f4mes-deutypiose-Eutypa-lata-2.jpg\",\"woocommerce_thumbnail\":\"https:\\\/\\\/www.vignevin.com\\\/wp-content\\\/uploads\\\/2019\\\/02\\\/Sympt\u00f4mes-deutypiose-Eutypa-lata-2-300x300.jpg\",\"woocommerce_single\":\"https:\\\/\\\/www.vignevin.com\\\/wp-content\\\/uploads\\\/2019\\\/02\\\/Sympt\u00f4mes-deutypiose-Eutypa-lata-2.jpg\",\"woocommerce_gallery_thumbnail\":\"https:\\\/\\\/www.vignevin.com\\\/wp-content\\\/uploads\\\/2019\\\/02\\\/Sympt\u00f4mes-deutypiose-Eutypa-lata-2-100x100.jpg\",\"full\":\"https:\\\/\\\/www.vignevin.com\\\/wp-content\\\/uploads\\\/2019\\\/02\\\/Sympt\u00f4mes-deutypiose-Eutypa-lata-2.jpg\",\"index\":92,\"id\":10030,\"video\":false,\"opts\":{\"caption\":\"\",\"thumb\":\"https:\\\/\\\/www.vignevin.com\\\/wp-content\\\/uploads\\\/2019\\\/02\\\/Sympt\u00f4mes-deutypiose-Eutypa-lata-2-75x50_c.jpg\",\"title\":\"Sympt&amp;ocirc;mes d&amp;amp;rsquo;eutypiose (Eutypa lata) (2)\"},\"gallery_id\":17410,\"gallery_title\":\"Grapevines virus\"},\"10031\":{\"status\":\"active\",\"src\":\"https:\\\/\\\/www.vignevin.com\\\/wp-content\\\/uploads\\\/2019\\\/02\\\/Sympt\u00f4mes-deutypiose-Eutypa-lata-3.jpg\",\"title\":\"Sympt&amp;ocirc;mes d&amp;amp;rsquo;eutypiose (Eutypa lata) (3)\",\"link\":\"https:\\\/\\\/www.vignevin.com\\\/wp-content\\\/uploads\\\/2019\\\/02\\\/Sympt\u00f4mes-deutypiose-Eutypa-lata-3.jpg\",\"alt\":\"\",\"caption\":false,\"thumb\":\"https:\\\/\\\/www.vignevin.com\\\/wp-content\\\/uploads\\\/2019\\\/02\\\/Sympt\u00f4mes-deutypiose-Eutypa-lata-3-75x50_c.jpg\",\"meta\":{\"aperture\":null,\"credit\":null,\"camera\":null,\"caption\":\"\",\"created_timestamp\":null,\"copyright\":null,\"focal_length\":null,\"iso\":null,\"shutter_speed\":null,\"title\":\"\",\"orientation\":null,\"keywords\":null},\"thumbnail\":\"https:\\\/\\\/www.vignevin.com\\\/wp-content\\\/uploads\\\/2019\\\/02\\\/Sympt\u00f4mes-deutypiose-Eutypa-lata-3-150x150.jpg\",\"medium\":\"https:\\\/\\\/www.vignevin.com\\\/wp-content\\\/uploads\\\/2019\\\/02\\\/Sympt\u00f4mes-deutypiose-Eutypa-lata-3.jpg\",\"medium_large\":\"https:\\\/\\\/www.vignevin.com\\\/wp-content\\\/uploads\\\/2019\\\/02\\\/Sympt\u00f4mes-deutypiose-Eutypa-lata-3.jpg\",\"large\":\"https:\\\/\\\/www.vignevin.com\\\/wp-content\\\/uploads\\\/2019\\\/02\\\/Sympt\u00f4mes-deutypiose-Eutypa-lata-3.jpg\",\"1536x1536\":\"https:\\\/\\\/www.vignevin.com\\\/wp-content\\\/uploads\\\/2019\\\/02\\\/Sympt\u00f4mes-deutypiose-Eutypa-lata-3.jpg\",\"2048x2048\":\"https:\\\/\\\/www.vignevin.com\\\/wp-content\\\/uploads\\\/2019\\\/02\\\/Sympt\u00f4mes-deutypiose-Eutypa-lata-3.jpg\",\"et-pb-post-main-image\":\"https:\\\/\\\/www.vignevin.com\\\/wp-content\\\/uploads\\\/2019\\\/02\\\/Sympt\u00f4mes-deutypiose-Eutypa-lata-3-265x250.jpg\",\"et-pb-post-main-image-fullwidth\":\"https:\\\/\\\/www.vignevin.com\\\/wp-content\\\/uploads\\\/2019\\\/02\\\/Sympt\u00f4mes-deutypiose-Eutypa-lata-3.jpg\",\"et-pb-portfolio-image\":\"https:\\\/\\\/www.vignevin.com\\\/wp-content\\\/uploads\\\/2019\\\/02\\\/Sympt\u00f4mes-deutypiose-Eutypa-lata-3-265x284.jpg\",\"et-pb-portfolio-module-image\":\"https:\\\/\\\/www.vignevin.com\\\/wp-content\\\/uploads\\\/2019\\\/02\\\/Sympt\u00f4mes-deutypiose-Eutypa-lata-3.jpg\",\"et-pb-portfolio-image-single\":\"https:\\\/\\\/www.vignevin.com\\\/wp-content\\\/uploads\\\/2019\\\/02\\\/Sympt\u00f4mes-deutypiose-Eutypa-lata-3.jpg\",\"et-pb-gallery-module-image-portrait\":\"https:\\\/\\\/www.vignevin.com\\\/wp-content\\\/uploads\\\/2019\\\/02\\\/Sympt\u00f4mes-deutypiose-Eutypa-lata-3.jpg\",\"et-pb-post-main-image-fullwidth-large\":\"https:\\\/\\\/www.vignevin.com\\\/wp-content\\\/uploads\\\/2019\\\/02\\\/Sympt\u00f4mes-deutypiose-Eutypa-lata-3.jpg\",\"et-pb-image--responsive--desktop\":\"https:\\\/\\\/www.vignevin.com\\\/wp-content\\\/uploads\\\/2019\\\/02\\\/Sympt\u00f4mes-deutypiose-Eutypa-lata-3.jpg\",\"et-pb-image--responsive--tablet\":\"https:\\\/\\\/www.vignevin.com\\\/wp-content\\\/uploads\\\/2019\\\/02\\\/Sympt\u00f4mes-deutypiose-Eutypa-lata-3.jpg\",\"et-pb-image--responsive--phone\":\"https:\\\/\\\/www.vignevin.com\\\/wp-content\\\/uploads\\\/2019\\\/02\\\/Sympt\u00f4mes-deutypiose-Eutypa-lata-3.jpg\",\"gform-image-choice-sm\":\"https:\\\/\\\/www.vignevin.com\\\/wp-content\\\/uploads\\\/2019\\\/02\\\/Sympt\u00f4mes-deutypiose-Eutypa-lata-3.jpg\",\"gform-image-choice-md\":\"https:\\\/\\\/www.vignevin.com\\\/wp-content\\\/uploads\\\/2019\\\/02\\\/Sympt\u00f4mes-deutypiose-Eutypa-lata-3.jpg\",\"gform-image-choice-lg\":\"https:\\\/\\\/www.vignevin.com\\\/wp-content\\\/uploads\\\/2019\\\/02\\\/Sympt\u00f4mes-deutypiose-Eutypa-lata-3.jpg\",\"woocommerce_thumbnail\":\"https:\\\/\\\/www.vignevin.com\\\/wp-content\\\/uploads\\\/2019\\\/02\\\/Sympt\u00f4mes-deutypiose-Eutypa-lata-3.jpg\",\"woocommerce_single\":\"https:\\\/\\\/www.vignevin.com\\\/wp-content\\\/uploads\\\/2019\\\/02\\\/Sympt\u00f4mes-deutypiose-Eutypa-lata-3.jpg\",\"woocommerce_gallery_thumbnail\":\"https:\\\/\\\/www.vignevin.com\\\/wp-content\\\/uploads\\\/2019\\\/02\\\/Sympt\u00f4mes-deutypiose-Eutypa-lata-3-100x100.jpg\",\"full\":\"https:\\\/\\\/www.vignevin.com\\\/wp-content\\\/uploads\\\/2019\\\/02\\\/Sympt\u00f4mes-deutypiose-Eutypa-lata-3.jpg\",\"index\":93,\"id\":10031,\"video\":false,\"opts\":{\"caption\":\"\",\"thumb\":\"https:\\\/\\\/www.vignevin.com\\\/wp-content\\\/uploads\\\/2019\\\/02\\\/Sympt\u00f4mes-deutypiose-Eutypa-lata-3-75x50_c.jpg\",\"title\":\"Sympt&amp;ocirc;mes d&amp;amp;rsquo;eutypiose (Eutypa lata) (3)\"},\"gallery_id\":17410,\"gallery_title\":\"Grapevines virus\"},\"10032\":{\"status\":\"active\",\"src\":\"https:\\\/\\\/www.vignevin.com\\\/wp-content\\\/uploads\\\/2019\\\/02\\\/Sympt\u00f4mes-deutypiose-Eutypa-lata-sur-Syrah.jpg\",\"title\":\"Sympt&amp;ocirc;mes d&amp;amp;rsquo;eutypiose (Eutypa lata) sur Syrah\",\"link\":\"https:\\\/\\\/www.vignevin.com\\\/wp-content\\\/uploads\\\/2019\\\/02\\\/Sympt\u00f4mes-deutypiose-Eutypa-lata-sur-Syrah.jpg\",\"alt\":\"\",\"caption\":false,\"thumb\":\"https:\\\/\\\/www.vignevin.com\\\/wp-content\\\/uploads\\\/2019\\\/02\\\/Sympt\u00f4mes-deutypiose-Eutypa-lata-sur-Syrah-75x50_c.jpg\",\"meta\":{\"aperture\":null,\"credit\":null,\"camera\":null,\"caption\":\"\",\"created_timestamp\":null,\"copyright\":null,\"focal_length\":null,\"iso\":null,\"shutter_speed\":null,\"title\":\"\",\"orientation\":null,\"keywords\":null},\"thumbnail\":\"https:\\\/\\\/www.vignevin.com\\\/wp-content\\\/uploads\\\/2019\\\/02\\\/Sympt\u00f4mes-deutypiose-Eutypa-lata-sur-Syrah-150x150.jpg\",\"medium\":\"https:\\\/\\\/www.vignevin.com\\\/wp-content\\\/uploads\\\/2019\\\/02\\\/Sympt\u00f4mes-deutypiose-Eutypa-lata-sur-Syrah-300x181.jpg\",\"medium_large\":\"https:\\\/\\\/www.vignevin.com\\\/wp-content\\\/uploads\\\/2019\\\/02\\\/Sympt\u00f4mes-deutypiose-Eutypa-lata-sur-Syrah-768x462.jpg\",\"large\":\"https:\\\/\\\/www.vignevin.com\\\/wp-content\\\/uploads\\\/2019\\\/02\\\/Sympt\u00f4mes-deutypiose-Eutypa-lata-sur-Syrah.jpg\",\"1536x1536\":\"https:\\\/\\\/www.vignevin.com\\\/wp-content\\\/uploads\\\/2019\\\/02\\\/Sympt\u00f4mes-deutypiose-Eutypa-lata-sur-Syrah.jpg\",\"2048x2048\":\"https:\\\/\\\/www.vignevin.com\\\/wp-content\\\/uploads\\\/2019\\\/02\\\/Sympt\u00f4mes-deutypiose-Eutypa-lata-sur-Syrah.jpg\",\"et-pb-post-main-image\":\"https:\\\/\\\/www.vignevin.com\\\/wp-content\\\/uploads\\\/2019\\\/02\\\/Sympt\u00f4mes-deutypiose-Eutypa-lata-sur-Syrah-400x250.jpg\",\"et-pb-post-main-image-fullwidth\":\"https:\\\/\\\/www.vignevin.com\\\/wp-content\\\/uploads\\\/2019\\\/02\\\/Sympt\u00f4mes-deutypiose-Eutypa-lata-sur-Syrah.jpg\",\"et-pb-portfolio-image\":\"https:\\\/\\\/www.vignevin.com\\\/wp-content\\\/uploads\\\/2019\\\/02\\\/Sympt\u00f4mes-deutypiose-Eutypa-lata-sur-Syrah-400x284.jpg\",\"et-pb-portfolio-module-image\":\"https:\\\/\\\/www.vignevin.com\\\/wp-content\\\/uploads\\\/2019\\\/02\\\/Sympt\u00f4mes-deutypiose-Eutypa-lata-sur-Syrah-510x382.jpg\",\"et-pb-portfolio-image-single\":\"https:\\\/\\\/www.vignevin.com\\\/wp-content\\\/uploads\\\/2019\\\/02\\\/Sympt\u00f4mes-deutypiose-Eutypa-lata-sur-Syrah.jpg\",\"et-pb-gallery-module-image-portrait\":\"https:\\\/\\\/www.vignevin.com\\\/wp-content\\\/uploads\\\/2019\\\/02\\\/Sympt\u00f4mes-deutypiose-Eutypa-lata-sur-Syrah-400x516.jpg\",\"et-pb-post-main-image-fullwidth-large\":\"https:\\\/\\\/www.vignevin.com\\\/wp-content\\\/uploads\\\/2019\\\/02\\\/Sympt\u00f4mes-deutypiose-Eutypa-lata-sur-Syrah.jpg\",\"et-pb-image--responsive--desktop\":\"https:\\\/\\\/www.vignevin.com\\\/wp-content\\\/uploads\\\/2019\\\/02\\\/Sympt\u00f4mes-deutypiose-Eutypa-lata-sur-Syrah.jpg\",\"et-pb-image--responsive--tablet\":\"https:\\\/\\\/www.vignevin.com\\\/wp-content\\\/uploads\\\/2019\\\/02\\\/Sympt\u00f4mes-deutypiose-Eutypa-lata-sur-Syrah.jpg\",\"et-pb-image--responsive--phone\":\"https:\\\/\\\/www.vignevin.com\\\/wp-content\\\/uploads\\\/2019\\\/02\\\/Sympt\u00f4mes-deutypiose-Eutypa-lata-sur-Syrah.jpg\",\"gform-image-choice-sm\":\"https:\\\/\\\/www.vignevin.com\\\/wp-content\\\/uploads\\\/2019\\\/02\\\/Sympt\u00f4mes-deutypiose-Eutypa-lata-sur-Syrah.jpg\",\"gform-image-choice-md\":\"https:\\\/\\\/www.vignevin.com\\\/wp-content\\\/uploads\\\/2019\\\/02\\\/Sympt\u00f4mes-deutypiose-Eutypa-lata-sur-Syrah.jpg\",\"gform-image-choice-lg\":\"https:\\\/\\\/www.vignevin.com\\\/wp-content\\\/uploads\\\/2019\\\/02\\\/Sympt\u00f4mes-deutypiose-Eutypa-lata-sur-Syrah.jpg\",\"woocommerce_thumbnail\":\"https:\\\/\\\/www.vignevin.com\\\/wp-content\\\/uploads\\\/2019\\\/02\\\/Sympt\u00f4mes-deutypiose-Eutypa-lata-sur-Syrah-300x300.jpg\",\"woocommerce_single\":\"https:\\\/\\\/www.vignevin.com\\\/wp-content\\\/uploads\\\/2019\\\/02\\\/Sympt\u00f4mes-deutypiose-Eutypa-lata-sur-Syrah-600x361.jpg\",\"woocommerce_gallery_thumbnail\":\"https:\\\/\\\/www.vignevin.com\\\/wp-content\\\/uploads\\\/2019\\\/02\\\/Sympt\u00f4mes-deutypiose-Eutypa-lata-sur-Syrah-100x100.jpg\",\"full\":\"https:\\\/\\\/www.vignevin.com\\\/wp-content\\\/uploads\\\/2019\\\/02\\\/Sympt\u00f4mes-deutypiose-Eutypa-lata-sur-Syrah.jpg\",\"index\":94,\"id\":10032,\"video\":false,\"opts\":{\"caption\":\"\",\"thumb\":\"https:\\\/\\\/www.vignevin.com\\\/wp-content\\\/uploads\\\/2019\\\/02\\\/Sympt\u00f4mes-deutypiose-Eutypa-lata-sur-Syrah-75x50_c.jpg\",\"title\":\"Sympt&amp;ocirc;mes d&amp;amp;rsquo;eutypiose (Eutypa lata) sur Syrah\"},\"gallery_id\":17410,\"gallery_title\":\"Grapevines virus\"},\"10033\":{\"status\":\"active\",\"src\":\"https:\\\/\\\/www.vignevin.com\\\/wp-content\\\/uploads\\\/2019\\\/02\\\/Sympt\u00f4mes-deutypiose-Eutypa-lata.jpg\",\"title\":\"Sympt&amp;ocirc;mes d&amp;amp;rsquo;eutypiose (Eutypa lata)\",\"link\":\"https:\\\/\\\/www.vignevin.com\\\/wp-content\\\/uploads\\\/2019\\\/02\\\/Sympt\u00f4mes-deutypiose-Eutypa-lata.jpg\",\"alt\":\"\",\"caption\":false,\"thumb\":\"https:\\\/\\\/www.vignevin.com\\\/wp-content\\\/uploads\\\/2019\\\/02\\\/Sympt\u00f4mes-deutypiose-Eutypa-lata-75x50_c.jpg\",\"meta\":{\"aperture\":null,\"credit\":null,\"camera\":null,\"caption\":\"\",\"created_timestamp\":null,\"copyright\":null,\"focal_length\":null,\"iso\":null,\"shutter_speed\":null,\"title\":\"\",\"orientation\":null,\"keywords\":null},\"thumbnail\":\"https:\\\/\\\/www.vignevin.com\\\/wp-content\\\/uploads\\\/2019\\\/02\\\/Sympt\u00f4mes-deutypiose-Eutypa-lata.jpg\",\"medium\":\"https:\\\/\\\/www.vignevin.com\\\/wp-content\\\/uploads\\\/2019\\\/02\\\/Sympt\u00f4mes-deutypiose-Eutypa-lata.jpg\",\"medium_large\":\"https:\\\/\\\/www.vignevin.com\\\/wp-content\\\/uploads\\\/2019\\\/02\\\/Sympt\u00f4mes-deutypiose-Eutypa-lata.jpg\",\"large\":\"https:\\\/\\\/www.vignevin.com\\\/wp-content\\\/uploads\\\/2019\\\/02\\\/Sympt\u00f4mes-deutypiose-Eutypa-lata.jpg\",\"1536x1536\":\"https:\\\/\\\/www.vignevin.com\\\/wp-content\\\/uploads\\\/2019\\\/02\\\/Sympt\u00f4mes-deutypiose-Eutypa-lata.jpg\",\"2048x2048\":\"https:\\\/\\\/www.vignevin.com\\\/wp-content\\\/uploads\\\/2019\\\/02\\\/Sympt\u00f4mes-deutypiose-Eutypa-lata.jpg\",\"et-pb-post-main-image\":\"https:\\\/\\\/www.vignevin.com\\\/wp-content\\\/uploads\\\/2019\\\/02\\\/Sympt\u00f4mes-deutypiose-Eutypa-lata.jpg\",\"et-pb-post-main-image-fullwidth\":\"https:\\\/\\\/www.vignevin.com\\\/wp-content\\\/uploads\\\/2019\\\/02\\\/Sympt\u00f4mes-deutypiose-Eutypa-lata.jpg\",\"et-pb-portfolio-image\":\"https:\\\/\\\/www.vignevin.com\\\/wp-content\\\/uploads\\\/2019\\\/02\\\/Sympt\u00f4mes-deutypiose-Eutypa-lata.jpg\",\"et-pb-portfolio-module-image\":\"https:\\\/\\\/www.vignevin.com\\\/wp-content\\\/uploads\\\/2019\\\/02\\\/Sympt\u00f4mes-deutypiose-Eutypa-lata.jpg\",\"et-pb-portfolio-image-single\":\"https:\\\/\\\/www.vignevin.com\\\/wp-content\\\/uploads\\\/2019\\\/02\\\/Sympt\u00f4mes-deutypiose-Eutypa-lata.jpg\",\"et-pb-gallery-module-image-portrait\":\"https:\\\/\\\/www.vignevin.com\\\/wp-content\\\/uploads\\\/2019\\\/02\\\/Sympt\u00f4mes-deutypiose-Eutypa-lata.jpg\",\"et-pb-post-main-image-fullwidth-large\":\"https:\\\/\\\/www.vignevin.com\\\/wp-content\\\/uploads\\\/2019\\\/02\\\/Sympt\u00f4mes-deutypiose-Eutypa-lata.jpg\",\"et-pb-image--responsive--desktop\":\"https:\\\/\\\/www.vignevin.com\\\/wp-content\\\/uploads\\\/2019\\\/02\\\/Sympt\u00f4mes-deutypiose-Eutypa-lata.jpg\",\"et-pb-image--responsive--tablet\":\"https:\\\/\\\/www.vignevin.com\\\/wp-content\\\/uploads\\\/2019\\\/02\\\/Sympt\u00f4mes-deutypiose-Eutypa-lata.jpg\",\"et-pb-image--responsive--phone\":\"https:\\\/\\\/www.vignevin.com\\\/wp-content\\\/uploads\\\/2019\\\/02\\\/Sympt\u00f4mes-deutypiose-Eutypa-lata.jpg\",\"gform-image-choice-sm\":\"https:\\\/\\\/www.vignevin.com\\\/wp-content\\\/uploads\\\/2019\\\/02\\\/Sympt\u00f4mes-deutypiose-Eutypa-lata.jpg\",\"gform-image-choice-md\":\"https:\\\/\\\/www.vignevin.com\\\/wp-content\\\/uploads\\\/2019\\\/02\\\/Sympt\u00f4mes-deutypiose-Eutypa-lata.jpg\",\"gform-image-choice-lg\":\"https:\\\/\\\/www.vignevin.com\\\/wp-content\\\/uploads\\\/2019\\\/02\\\/Sympt\u00f4mes-deutypiose-Eutypa-lata.jpg\",\"woocommerce_thumbnail\":\"https:\\\/\\\/www.vignevin.com\\\/wp-content\\\/uploads\\\/2019\\\/02\\\/Sympt\u00f4mes-deutypiose-Eutypa-lata-300x300.jpg\",\"woocommerce_single\":\"https:\\\/\\\/www.vignevin.com\\\/wp-content\\\/uploads\\\/2019\\\/02\\\/Sympt\u00f4mes-deutypiose-Eutypa-lata.jpg\",\"woocommerce_gallery_thumbnail\":\"https:\\\/\\\/www.vignevin.com\\\/wp-content\\\/uploads\\\/2019\\\/02\\\/Sympt\u00f4mes-deutypiose-Eutypa-lata-100x100.jpg\",\"full\":\"https:\\\/\\\/www.vignevin.com\\\/wp-content\\\/uploads\\\/2019\\\/02\\\/Sympt\u00f4mes-deutypiose-Eutypa-lata.jpg\",\"index\":95,\"id\":10033,\"video\":false,\"opts\":{\"caption\":\"\",\"thumb\":\"https:\\\/\\\/www.vignevin.com\\\/wp-content\\\/uploads\\\/2019\\\/02\\\/Sympt\u00f4mes-deutypiose-Eutypa-lata-75x50_c.jpg\",\"title\":\"Sympt&amp;ocirc;mes d&amp;amp;rsquo;eutypiose (Eutypa lata)\"},\"gallery_id\":17410,\"gallery_title\":\"Grapevines virus\"},\"10034\":{\"status\":\"active\",\"src\":\"https:\\\/\\\/www.vignevin.com\\\/wp-content\\\/uploads\\\/2019\\\/02\\\/Sympt\u00f4mes-foliaires-de-court-nou\u00e9-2.jpg\",\"title\":\"Sympt&amp;ocirc;mes foliaires de court-nou&amp;eacute; 2\",\"link\":\"https:\\\/\\\/www.vignevin.com\\\/wp-content\\\/uploads\\\/2019\\\/02\\\/Sympt\u00f4mes-foliaires-de-court-nou\u00e9-2.jpg\",\"alt\":\"\",\"caption\":false,\"thumb\":\"https:\\\/\\\/www.vignevin.com\\\/wp-content\\\/uploads\\\/2019\\\/02\\\/Sympt\u00f4mes-foliaires-de-court-nou\u00e9-2-75x50_c.jpg\",\"meta\":{\"aperture\":\"4\",\"credit\":null,\"camera\":\"DMC-TZ10\",\"caption\":\"\",\"created_timestamp\":\"1278245363\",\"copyright\":null,\"focal_length\":\"4.1\",\"iso\":\"80\",\"shutter_speed\":\"0.008\",\"title\":\"\",\"orientation\":\"1\",\"keywords\":null},\"thumbnail\":\"https:\\\/\\\/www.vignevin.com\\\/wp-content\\\/uploads\\\/2019\\\/02\\\/Sympt\u00f4mes-foliaires-de-court-nou\u00e9-2-150x150.jpg\",\"medium\":\"https:\\\/\\\/www.vignevin.com\\\/wp-content\\\/uploads\\\/2019\\\/02\\\/Sympt\u00f4mes-foliaires-de-court-nou\u00e9-2-225x300.jpg\",\"medium_large\":\"https:\\\/\\\/www.vignevin.com\\\/wp-content\\\/uploads\\\/2019\\\/02\\\/Sympt\u00f4mes-foliaires-de-court-nou\u00e9-2-768x1024.jpg\",\"large\":\"https:\\\/\\\/www.vignevin.com\\\/wp-content\\\/uploads\\\/2019\\\/02\\\/Sympt\u00f4mes-foliaires-de-court-nou\u00e9-2-768x1024.jpg\",\"1536x1536\":\"https:\\\/\\\/www.vignevin.com\\\/wp-content\\\/uploads\\\/2019\\\/02\\\/Sympt\u00f4mes-foliaires-de-court-nou\u00e9-2.jpg\",\"2048x2048\":\"https:\\\/\\\/www.vignevin.com\\\/wp-content\\\/uploads\\\/2019\\\/02\\\/Sympt\u00f4mes-foliaires-de-court-nou\u00e9-2.jpg\",\"et-pb-post-main-image\":\"https:\\\/\\\/www.vignevin.com\\\/wp-content\\\/uploads\\\/2019\\\/02\\\/Sympt\u00f4mes-foliaires-de-court-nou\u00e9-2-400x250.jpg\",\"et-pb-post-main-image-fullwidth\":\"https:\\\/\\\/www.vignevin.com\\\/wp-content\\\/uploads\\\/2019\\\/02\\\/Sympt\u00f4mes-foliaires-de-court-nou\u00e9-2-1080x675.jpg\",\"et-pb-portfolio-image\":\"https:\\\/\\\/www.vignevin.com\\\/wp-content\\\/uploads\\\/2019\\\/02\\\/Sympt\u00f4mes-foliaires-de-court-nou\u00e9-2-400x284.jpg\",\"et-pb-portfolio-module-image\":\"https:\\\/\\\/www.vignevin.com\\\/wp-content\\\/uploads\\\/2019\\\/02\\\/Sympt\u00f4mes-foliaires-de-court-nou\u00e9-2-510x382.jpg\",\"et-pb-portfolio-image-single\":\"https:\\\/\\\/www.vignevin.com\\\/wp-content\\\/uploads\\\/2019\\\/02\\\/Sympt\u00f4mes-foliaires-de-court-nou\u00e9-2-1080x1440.jpg\",\"et-pb-gallery-module-image-portrait\":\"https:\\\/\\\/www.vignevin.com\\\/wp-content\\\/uploads\\\/2019\\\/02\\\/Sympt\u00f4mes-foliaires-de-court-nou\u00e9-2-400x516.jpg\",\"et-pb-post-main-image-fullwidth-large\":\"https:\\\/\\\/www.vignevin.com\\\/wp-content\\\/uploads\\\/2019\\\/02\\\/Sympt\u00f4mes-foliaires-de-court-nou\u00e9-2-1920x1800.jpg\",\"et-pb-image--responsive--desktop\":\"https:\\\/\\\/www.vignevin.com\\\/wp-content\\\/uploads\\\/2019\\\/02\\\/Sympt\u00f4mes-foliaires-de-court-nou\u00e9-2.jpg\",\"et-pb-image--responsive--tablet\":\"https:\\\/\\\/www.vignevin.com\\\/wp-content\\\/uploads\\\/2019\\\/02\\\/Sympt\u00f4mes-foliaires-de-court-nou\u00e9-2.jpg\",\"et-pb-image--responsive--phone\":\"https:\\\/\\\/www.vignevin.com\\\/wp-content\\\/uploads\\\/2019\\\/02\\\/Sympt\u00f4mes-foliaires-de-court-nou\u00e9-2.jpg\",\"gform-image-choice-sm\":\"https:\\\/\\\/www.vignevin.com\\\/wp-content\\\/uploads\\\/2019\\\/02\\\/Sympt\u00f4mes-foliaires-de-court-nou\u00e9-2.jpg\",\"gform-image-choice-md\":\"https:\\\/\\\/www.vignevin.com\\\/wp-content\\\/uploads\\\/2019\\\/02\\\/Sympt\u00f4mes-foliaires-de-court-nou\u00e9-2.jpg\",\"gform-image-choice-lg\":\"https:\\\/\\\/www.vignevin.com\\\/wp-content\\\/uploads\\\/2019\\\/02\\\/Sympt\u00f4mes-foliaires-de-court-nou\u00e9-2.jpg\",\"woocommerce_thumbnail\":\"https:\\\/\\\/www.vignevin.com\\\/wp-content\\\/uploads\\\/2019\\\/02\\\/Sympt\u00f4mes-foliaires-de-court-nou\u00e9-2-300x300.jpg\",\"woocommerce_single\":\"https:\\\/\\\/www.vignevin.com\\\/wp-content\\\/uploads\\\/2019\\\/02\\\/Sympt\u00f4mes-foliaires-de-court-nou\u00e9-2-600x800.jpg\",\"woocommerce_gallery_thumbnail\":\"https:\\\/\\\/www.vignevin.com\\\/wp-content\\\/uploads\\\/2019\\\/02\\\/Sympt\u00f4mes-foliaires-de-court-nou\u00e9-2-100x100.jpg\",\"full\":\"https:\\\/\\\/www.vignevin.com\\\/wp-content\\\/uploads\\\/2019\\\/02\\\/Sympt\u00f4mes-foliaires-de-court-nou\u00e9-2.jpg\",\"index\":96,\"id\":10034,\"video\":false,\"opts\":{\"caption\":\"\",\"thumb\":\"https:\\\/\\\/www.vignevin.com\\\/wp-content\\\/uploads\\\/2019\\\/02\\\/Sympt\u00f4mes-foliaires-de-court-nou\u00e9-2-75x50_c.jpg\",\"title\":\"Sympt&amp;ocirc;mes foliaires de court-nou&amp;eacute; 2\"},\"gallery_id\":17410,\"gallery_title\":\"Grapevines virus\"},\"10035\":{\"status\":\"active\",\"src\":\"https:\\\/\\\/www.vignevin.com\\\/wp-content\\\/uploads\\\/2019\\\/02\\\/Sympt\u00f4mes-foliaires-de-court-nou\u00e9-3.jpg\",\"title\":\"Sympt&amp;ocirc;mes foliaires de court-nou&amp;eacute; 3\",\"link\":\"https:\\\/\\\/www.vignevin.com\\\/wp-content\\\/uploads\\\/2019\\\/02\\\/Sympt\u00f4mes-foliaires-de-court-nou\u00e9-3.jpg\",\"alt\":\"\",\"caption\":false,\"thumb\":\"https:\\\/\\\/www.vignevin.com\\\/wp-content\\\/uploads\\\/2019\\\/02\\\/Sympt\u00f4mes-foliaires-de-court-nou\u00e9-3-75x50_c.jpg\",\"meta\":{\"aperture\":\"4\",\"credit\":null,\"camera\":\"DMC-TZ10\",\"caption\":\"\",\"created_timestamp\":\"1342091134\",\"copyright\":null,\"focal_length\":\"4.1\",\"iso\":\"80\",\"shutter_speed\":\"0.002\",\"title\":\"\",\"orientation\":\"1\",\"keywords\":null},\"thumbnail\":\"https:\\\/\\\/www.vignevin.com\\\/wp-content\\\/uploads\\\/2019\\\/02\\\/Sympt\u00f4mes-foliaires-de-court-nou\u00e9-3-150x150.jpg\",\"medium\":\"https:\\\/\\\/www.vignevin.com\\\/wp-content\\\/uploads\\\/2019\\\/02\\\/Sympt\u00f4mes-foliaires-de-court-nou\u00e9-3-225x300.jpg\",\"medium_large\":\"https:\\\/\\\/www.vignevin.com\\\/wp-content\\\/uploads\\\/2019\\\/02\\\/Sympt\u00f4mes-foliaires-de-court-nou\u00e9-3-768x1024.jpg\",\"large\":\"https:\\\/\\\/www.vignevin.com\\\/wp-content\\\/uploads\\\/2019\\\/02\\\/Sympt\u00f4mes-foliaires-de-court-nou\u00e9-3-768x1024.jpg\",\"1536x1536\":\"https:\\\/\\\/www.vignevin.com\\\/wp-content\\\/uploads\\\/2019\\\/02\\\/Sympt\u00f4mes-foliaires-de-court-nou\u00e9-3.jpg\",\"2048x2048\":\"https:\\\/\\\/www.vignevin.com\\\/wp-content\\\/uploads\\\/2019\\\/02\\\/Sympt\u00f4mes-foliaires-de-court-nou\u00e9-3.jpg\",\"et-pb-post-main-image\":\"https:\\\/\\\/www.vignevin.com\\\/wp-content\\\/uploads\\\/2019\\\/02\\\/Sympt\u00f4mes-foliaires-de-court-nou\u00e9-3-400x250.jpg\",\"et-pb-post-main-image-fullwidth\":\"https:\\\/\\\/www.vignevin.com\\\/wp-content\\\/uploads\\\/2019\\\/02\\\/Sympt\u00f4mes-foliaires-de-court-nou\u00e9-3-1080x675.jpg\",\"et-pb-portfolio-image\":\"https:\\\/\\\/www.vignevin.com\\\/wp-content\\\/uploads\\\/2019\\\/02\\\/Sympt\u00f4mes-foliaires-de-court-nou\u00e9-3-400x284.jpg\",\"et-pb-portfolio-module-image\":\"https:\\\/\\\/www.vignevin.com\\\/wp-content\\\/uploads\\\/2019\\\/02\\\/Sympt\u00f4mes-foliaires-de-court-nou\u00e9-3-510x382.jpg\",\"et-pb-portfolio-image-single\":\"https:\\\/\\\/www.vignevin.com\\\/wp-content\\\/uploads\\\/2019\\\/02\\\/Sympt\u00f4mes-foliaires-de-court-nou\u00e9-3-1080x1440.jpg\",\"et-pb-gallery-module-image-portrait\":\"https:\\\/\\\/www.vignevin.com\\\/wp-content\\\/uploads\\\/2019\\\/02\\\/Sympt\u00f4mes-foliaires-de-court-nou\u00e9-3-400x516.jpg\",\"et-pb-post-main-image-fullwidth-large\":\"https:\\\/\\\/www.vignevin.com\\\/wp-content\\\/uploads\\\/2019\\\/02\\\/Sympt\u00f4mes-foliaires-de-court-nou\u00e9-3-1920x1800.jpg\",\"et-pb-image--responsive--desktop\":\"https:\\\/\\\/www.vignevin.com\\\/wp-content\\\/uploads\\\/2019\\\/02\\\/Sympt\u00f4mes-foliaires-de-court-nou\u00e9-3.jpg\",\"et-pb-image--responsive--tablet\":\"https:\\\/\\\/www.vignevin.com\\\/wp-content\\\/uploads\\\/2019\\\/02\\\/Sympt\u00f4mes-foliaires-de-court-nou\u00e9-3.jpg\",\"et-pb-image--responsive--phone\":\"https:\\\/\\\/www.vignevin.com\\\/wp-content\\\/uploads\\\/2019\\\/02\\\/Sympt\u00f4mes-foliaires-de-court-nou\u00e9-3.jpg\",\"gform-image-choice-sm\":\"https:\\\/\\\/www.vignevin.com\\\/wp-content\\\/uploads\\\/2019\\\/02\\\/Sympt\u00f4mes-foliaires-de-court-nou\u00e9-3.jpg\",\"gform-image-choice-md\":\"https:\\\/\\\/www.vignevin.com\\\/wp-content\\\/uploads\\\/2019\\\/02\\\/Sympt\u00f4mes-foliaires-de-court-nou\u00e9-3.jpg\",\"gform-image-choice-lg\":\"https:\\\/\\\/www.vignevin.com\\\/wp-content\\\/uploads\\\/2019\\\/02\\\/Sympt\u00f4mes-foliaires-de-court-nou\u00e9-3.jpg\",\"woocommerce_thumbnail\":\"https:\\\/\\\/www.vignevin.com\\\/wp-content\\\/uploads\\\/2019\\\/02\\\/Sympt\u00f4mes-foliaires-de-court-nou\u00e9-3-300x300.jpg\",\"woocommerce_single\":\"https:\\\/\\\/www.vignevin.com\\\/wp-content\\\/uploads\\\/2019\\\/02\\\/Sympt\u00f4mes-foliaires-de-court-nou\u00e9-3-600x800.jpg\",\"woocommerce_gallery_thumbnail\":\"https:\\\/\\\/www.vignevin.com\\\/wp-content\\\/uploads\\\/2019\\\/02\\\/Sympt\u00f4mes-foliaires-de-court-nou\u00e9-3-100x100.jpg\",\"full\":\"https:\\\/\\\/www.vignevin.com\\\/wp-content\\\/uploads\\\/2019\\\/02\\\/Sympt\u00f4mes-foliaires-de-court-nou\u00e9-3.jpg\",\"index\":97,\"id\":10035,\"video\":false,\"opts\":{\"caption\":\"\",\"thumb\":\"https:\\\/\\\/www.vignevin.com\\\/wp-content\\\/uploads\\\/2019\\\/02\\\/Sympt\u00f4mes-foliaires-de-court-nou\u00e9-3-75x50_c.jpg\",\"title\":\"Sympt&amp;ocirc;mes foliaires de court-nou&amp;eacute; 3\"},\"gallery_id\":17410,\"gallery_title\":\"Grapevines virus\"},\"10036\":{\"status\":\"active\",\"src\":\"https:\\\/\\\/www.vignevin.com\\\/wp-content\\\/uploads\\\/2019\\\/02\\\/Sympt\u00f4mes-foliaires-de-court-nou\u00e9-sur-Carignan-N-2-scaled.jpg\",\"title\":\"Sympt&amp;ocirc;mes foliaires de court-nou&amp;eacute; sur Carignan N 2\",\"link\":\"https:\\\/\\\/www.vignevin.com\\\/wp-content\\\/uploads\\\/2019\\\/02\\\/Sympt\u00f4mes-foliaires-de-court-nou\u00e9-sur-Carignan-N-2.jpg\",\"alt\":\"\",\"caption\":false,\"thumb\":\"https:\\\/\\\/www.vignevin.com\\\/wp-content\\\/uploads\\\/2019\\\/02\\\/Sympt\u00f4mes-foliaires-de-court-nou\u00e9-sur-Carignan-N-2-scaled-75x50_c.jpg\",\"meta\":{\"aperture\":\"3.5\",\"credit\":null,\"camera\":\"DSC-HX9V\",\"caption\":\"\",\"created_timestamp\":\"1464707134\",\"copyright\":null,\"focal_length\":\"4.52\",\"iso\":\"100\",\"shutter_speed\":\"0.00125\",\"title\":\"\",\"orientation\":\"1\",\"keywords\":null},\"thumbnail\":\"https:\\\/\\\/www.vignevin.com\\\/wp-content\\\/uploads\\\/2019\\\/02\\\/Sympt\u00f4mes-foliaires-de-court-nou\u00e9-sur-Carignan-N-2-150x150.jpg\",\"medium\":\"https:\\\/\\\/www.vignevin.com\\\/wp-content\\\/uploads\\\/2019\\\/02\\\/Sympt\u00f4mes-foliaires-de-court-nou\u00e9-sur-Carignan-N-2-225x300.jpg\",\"medium_large\":\"https:\\\/\\\/www.vignevin.com\\\/wp-content\\\/uploads\\\/2019\\\/02\\\/Sympt\u00f4mes-foliaires-de-court-nou\u00e9-sur-Carignan-N-2-768x1024.jpg\",\"large\":\"https:\\\/\\\/www.vignevin.com\\\/wp-content\\\/uploads\\\/2019\\\/02\\\/Sympt\u00f4mes-foliaires-de-court-nou\u00e9-sur-Carignan-N-2-768x1024.jpg\",\"1536x1536\":\"https:\\\/\\\/www.vignevin.com\\\/wp-content\\\/uploads\\\/2019\\\/02\\\/Sympt\u00f4mes-foliaires-de-court-nou\u00e9-sur-Carignan-N-2-scaled.jpg\",\"2048x2048\":\"https:\\\/\\\/www.vignevin.com\\\/wp-content\\\/uploads\\\/2019\\\/02\\\/Sympt\u00f4mes-foliaires-de-court-nou\u00e9-sur-Carignan-N-2-scaled.jpg\",\"et-pb-post-main-image\":\"https:\\\/\\\/www.vignevin.com\\\/wp-content\\\/uploads\\\/2019\\\/02\\\/Sympt\u00f4mes-foliaires-de-court-nou\u00e9-sur-Carignan-N-2-400x250.jpg\",\"et-pb-post-main-image-fullwidth\":\"https:\\\/\\\/www.vignevin.com\\\/wp-content\\\/uploads\\\/2019\\\/02\\\/Sympt\u00f4mes-foliaires-de-court-nou\u00e9-sur-Carignan-N-2-1080x675.jpg\",\"et-pb-portfolio-image\":\"https:\\\/\\\/www.vignevin.com\\\/wp-content\\\/uploads\\\/2019\\\/02\\\/Sympt\u00f4mes-foliaires-de-court-nou\u00e9-sur-Carignan-N-2-400x284.jpg\",\"et-pb-portfolio-module-image\":\"https:\\\/\\\/www.vignevin.com\\\/wp-content\\\/uploads\\\/2019\\\/02\\\/Sympt\u00f4mes-foliaires-de-court-nou\u00e9-sur-Carignan-N-2-510x382.jpg\",\"et-pb-portfolio-image-single\":\"https:\\\/\\\/www.vignevin.com\\\/wp-content\\\/uploads\\\/2019\\\/02\\\/Sympt\u00f4mes-foliaires-de-court-nou\u00e9-sur-Carignan-N-2-1080x1440.jpg\",\"et-pb-gallery-module-image-portrait\":\"https:\\\/\\\/www.vignevin.com\\\/wp-content\\\/uploads\\\/2019\\\/02\\\/Sympt\u00f4mes-foliaires-de-court-nou\u00e9-sur-Carignan-N-2-400x516.jpg\",\"et-pb-post-main-image-fullwidth-large\":\"https:\\\/\\\/www.vignevin.com\\\/wp-content\\\/uploads\\\/2019\\\/02\\\/Sympt\u00f4mes-foliaires-de-court-nou\u00e9-sur-Carignan-N-2-2880x1800.jpg\",\"et-pb-image--responsive--desktop\":\"https:\\\/\\\/www.vignevin.com\\\/wp-content\\\/uploads\\\/2019\\\/02\\\/Sympt\u00f4mes-foliaires-de-court-nou\u00e9-sur-Carignan-N-2-scaled.jpg\",\"et-pb-image--responsive--tablet\":\"https:\\\/\\\/www.vignevin.com\\\/wp-content\\\/uploads\\\/2019\\\/02\\\/Sympt\u00f4mes-foliaires-de-court-nou\u00e9-sur-Carignan-N-2-scaled.jpg\",\"et-pb-image--responsive--phone\":\"https:\\\/\\\/www.vignevin.com\\\/wp-content\\\/uploads\\\/2019\\\/02\\\/Sympt\u00f4mes-foliaires-de-court-nou\u00e9-sur-Carignan-N-2-scaled.jpg\",\"gform-image-choice-sm\":\"https:\\\/\\\/www.vignevin.com\\\/wp-content\\\/uploads\\\/2019\\\/02\\\/Sympt\u00f4mes-foliaires-de-court-nou\u00e9-sur-Carignan-N-2-scaled.jpg\",\"gform-image-choice-md\":\"https:\\\/\\\/www.vignevin.com\\\/wp-content\\\/uploads\\\/2019\\\/02\\\/Sympt\u00f4mes-foliaires-de-court-nou\u00e9-sur-Carignan-N-2-scaled.jpg\",\"gform-image-choice-lg\":\"https:\\\/\\\/www.vignevin.com\\\/wp-content\\\/uploads\\\/2019\\\/02\\\/Sympt\u00f4mes-foliaires-de-court-nou\u00e9-sur-Carignan-N-2-scaled.jpg\",\"woocommerce_thumbnail\":\"https:\\\/\\\/www.vignevin.com\\\/wp-content\\\/uploads\\\/2019\\\/02\\\/Sympt\u00f4mes-foliaires-de-court-nou\u00e9-sur-Carignan-N-2-scaled-300x300.jpg\",\"woocommerce_single\":\"https:\\\/\\\/www.vignevin.com\\\/wp-content\\\/uploads\\\/2019\\\/02\\\/Sympt\u00f4mes-foliaires-de-court-nou\u00e9-sur-Carignan-N-2-scaled-600x800.jpg\",\"woocommerce_gallery_thumbnail\":\"https:\\\/\\\/www.vignevin.com\\\/wp-content\\\/uploads\\\/2019\\\/02\\\/Sympt\u00f4mes-foliaires-de-court-nou\u00e9-sur-Carignan-N-2-scaled-100x100.jpg\",\"full\":\"https:\\\/\\\/www.vignevin.com\\\/wp-content\\\/uploads\\\/2019\\\/02\\\/Sympt\u00f4mes-foliaires-de-court-nou\u00e9-sur-Carignan-N-2-scaled.jpg\",\"index\":98,\"id\":10036,\"video\":false,\"opts\":{\"caption\":\"\",\"thumb\":\"https:\\\/\\\/www.vignevin.com\\\/wp-content\\\/uploads\\\/2019\\\/02\\\/Sympt\u00f4mes-foliaires-de-court-nou\u00e9-sur-Carignan-N-2-scaled-75x50_c.jpg\",\"title\":\"Sympt&amp;ocirc;mes foliaires de court-nou&amp;eacute; sur Carignan N 2\"},\"gallery_id\":17410,\"gallery_title\":\"Grapevines virus\"},\"10037\":{\"status\":\"active\",\"src\":\"https:\\\/\\\/www.vignevin.com\\\/wp-content\\\/uploads\\\/2019\\\/02\\\/Sympt\u00f4mes-foliaires-de-court-nou\u00e9-sur-Carignan-N-3-scaled.jpg\",\"title\":\"Sympt&amp;ocirc;mes foliaires de court-nou&amp;eacute; sur Carignan N 3\",\"link\":\"https:\\\/\\\/www.vignevin.com\\\/wp-content\\\/uploads\\\/2019\\\/02\\\/Sympt\u00f4mes-foliaires-de-court-nou\u00e9-sur-Carignan-N-3.jpg\",\"alt\":\"\",\"caption\":false,\"thumb\":\"https:\\\/\\\/www.vignevin.com\\\/wp-content\\\/uploads\\\/2019\\\/02\\\/Sympt\u00f4mes-foliaires-de-court-nou\u00e9-sur-Carignan-N-3-scaled-75x50_c.jpg\",\"meta\":{\"aperture\":\"3.5\",\"credit\":null,\"camera\":\"DSC-HX9V\",\"caption\":\"\",\"created_timestamp\":\"1464707432\",\"copyright\":null,\"focal_length\":\"5.25\",\"iso\":\"100\",\"shutter_speed\":\"0.0015625\",\"title\":\"\",\"orientation\":\"1\",\"keywords\":null,\"resized_images\":null},\"thumbnail\":\"https:\\\/\\\/www.vignevin.com\\\/wp-content\\\/uploads\\\/2019\\\/02\\\/Sympt\u00f4mes-foliaires-de-court-nou\u00e9-sur-Carignan-N-3-scaled.jpg\",\"medium\":\"https:\\\/\\\/www.vignevin.com\\\/wp-content\\\/uploads\\\/2019\\\/02\\\/Sympt\u00f4mes-foliaires-de-court-nou\u00e9-sur-Carignan-N-3-scaled.jpg\",\"medium_large\":\"https:\\\/\\\/www.vignevin.com\\\/wp-content\\\/uploads\\\/2019\\\/02\\\/Sympt\u00f4mes-foliaires-de-court-nou\u00e9-sur-Carignan-N-3-scaled.jpg\",\"large\":\"https:\\\/\\\/www.vignevin.com\\\/wp-content\\\/uploads\\\/2019\\\/02\\\/Sympt\u00f4mes-foliaires-de-court-nou\u00e9-sur-Carignan-N-3-scaled.jpg\",\"1536x1536\":\"https:\\\/\\\/www.vignevin.com\\\/wp-content\\\/uploads\\\/2019\\\/02\\\/Sympt\u00f4mes-foliaires-de-court-nou\u00e9-sur-Carignan-N-3-scaled.jpg\",\"2048x2048\":\"https:\\\/\\\/www.vignevin.com\\\/wp-content\\\/uploads\\\/2019\\\/02\\\/Sympt\u00f4mes-foliaires-de-court-nou\u00e9-sur-Carignan-N-3-scaled.jpg\",\"et-pb-post-main-image\":\"https:\\\/\\\/www.vignevin.com\\\/wp-content\\\/uploads\\\/2019\\\/02\\\/Sympt\u00f4mes-foliaires-de-court-nou\u00e9-sur-Carignan-N-3-scaled.jpg\",\"et-pb-post-main-image-fullwidth\":\"https:\\\/\\\/www.vignevin.com\\\/wp-content\\\/uploads\\\/2019\\\/02\\\/Sympt\u00f4mes-foliaires-de-court-nou\u00e9-sur-Carignan-N-3-scaled.jpg\",\"et-pb-portfolio-image\":\"https:\\\/\\\/www.vignevin.com\\\/wp-content\\\/uploads\\\/2019\\\/02\\\/Sympt\u00f4mes-foliaires-de-court-nou\u00e9-sur-Carignan-N-3-scaled.jpg\",\"et-pb-portfolio-module-image\":\"https:\\\/\\\/www.vignevin.com\\\/wp-content\\\/uploads\\\/2019\\\/02\\\/Sympt\u00f4mes-foliaires-de-court-nou\u00e9-sur-Carignan-N-3-scaled.jpg\",\"et-pb-portfolio-image-single\":\"https:\\\/\\\/www.vignevin.com\\\/wp-content\\\/uploads\\\/2019\\\/02\\\/Sympt\u00f4mes-foliaires-de-court-nou\u00e9-sur-Carignan-N-3-scaled.jpg\",\"et-pb-gallery-module-image-portrait\":\"https:\\\/\\\/www.vignevin.com\\\/wp-content\\\/uploads\\\/2019\\\/02\\\/Sympt\u00f4mes-foliaires-de-court-nou\u00e9-sur-Carignan-N-3-scaled.jpg\",\"et-pb-post-main-image-fullwidth-large\":\"https:\\\/\\\/www.vignevin.com\\\/wp-content\\\/uploads\\\/2019\\\/02\\\/Sympt\u00f4mes-foliaires-de-court-nou\u00e9-sur-Carignan-N-3-scaled.jpg\",\"et-pb-image--responsive--desktop\":\"https:\\\/\\\/www.vignevin.com\\\/wp-content\\\/uploads\\\/2019\\\/02\\\/Sympt\u00f4mes-foliaires-de-court-nou\u00e9-sur-Carignan-N-3-scaled.jpg\",\"et-pb-image--responsive--tablet\":\"https:\\\/\\\/www.vignevin.com\\\/wp-content\\\/uploads\\\/2019\\\/02\\\/Sympt\u00f4mes-foliaires-de-court-nou\u00e9-sur-Carignan-N-3-scaled.jpg\",\"et-pb-image--responsive--phone\":\"https:\\\/\\\/www.vignevin.com\\\/wp-content\\\/uploads\\\/2019\\\/02\\\/Sympt\u00f4mes-foliaires-de-court-nou\u00e9-sur-Carignan-N-3-scaled.jpg\",\"gform-image-choice-sm\":\"https:\\\/\\\/www.vignevin.com\\\/wp-content\\\/uploads\\\/2019\\\/02\\\/Sympt\u00f4mes-foliaires-de-court-nou\u00e9-sur-Carignan-N-3-scaled.jpg\",\"gform-image-choice-md\":\"https:\\\/\\\/www.vignevin.com\\\/wp-content\\\/uploads\\\/2019\\\/02\\\/Sympt\u00f4mes-foliaires-de-court-nou\u00e9-sur-Carignan-N-3-scaled.jpg\",\"gform-image-choice-lg\":\"https:\\\/\\\/www.vignevin.com\\\/wp-content\\\/uploads\\\/2019\\\/02\\\/Sympt\u00f4mes-foliaires-de-court-nou\u00e9-sur-Carignan-N-3-scaled.jpg\",\"woocommerce_thumbnail\":\"https:\\\/\\\/www.vignevin.com\\\/wp-content\\\/uploads\\\/2019\\\/02\\\/Sympt\u00f4mes-foliaires-de-court-nou\u00e9-sur-Carignan-N-3-scaled-300x300.jpg\",\"woocommerce_single\":\"https:\\\/\\\/www.vignevin.com\\\/wp-content\\\/uploads\\\/2019\\\/02\\\/Sympt\u00f4mes-foliaires-de-court-nou\u00e9-sur-Carignan-N-3-scaled-600x800.jpg\",\"woocommerce_gallery_thumbnail\":\"https:\\\/\\\/www.vignevin.com\\\/wp-content\\\/uploads\\\/2019\\\/02\\\/Sympt\u00f4mes-foliaires-de-court-nou\u00e9-sur-Carignan-N-3-scaled-100x100.jpg\",\"full\":\"https:\\\/\\\/www.vignevin.com\\\/wp-content\\\/uploads\\\/2019\\\/02\\\/Sympt\u00f4mes-foliaires-de-court-nou\u00e9-sur-Carignan-N-3-scaled.jpg\",\"index\":99,\"id\":10037,\"video\":false,\"opts\":{\"caption\":\"\",\"thumb\":\"https:\\\/\\\/www.vignevin.com\\\/wp-content\\\/uploads\\\/2019\\\/02\\\/Sympt\u00f4mes-foliaires-de-court-nou\u00e9-sur-Carignan-N-3-scaled-75x50_c.jpg\",\"title\":\"Sympt&amp;ocirc;mes foliaires de court-nou&amp;eacute; sur Carignan N 3\"},\"gallery_id\":17410,\"gallery_title\":\"Grapevines virus\"},\"10038\":{\"status\":\"active\",\"src\":\"https:\\\/\\\/www.vignevin.com\\\/wp-content\\\/uploads\\\/2019\\\/02\\\/Sympt\u00f4mes-foliaires-de-court-nou\u00e9-sur-Carignan-N-4-scaled.jpg\",\"title\":\"Sympt&amp;ocirc;mes foliaires de court-nou&amp;eacute; sur Carignan N 4\",\"link\":\"https:\\\/\\\/www.vignevin.com\\\/wp-content\\\/uploads\\\/2019\\\/02\\\/Sympt\u00f4mes-foliaires-de-court-nou\u00e9-sur-Carignan-N-4.jpg\",\"alt\":\"\",\"caption\":false,\"thumb\":\"https:\\\/\\\/www.vignevin.com\\\/wp-content\\\/uploads\\\/2019\\\/02\\\/Sympt\u00f4mes-foliaires-de-court-nou\u00e9-sur-Carignan-N-4-scaled-75x50_c.jpg\",\"meta\":{\"aperture\":\"4.5\",\"credit\":null,\"camera\":\"DSC-HX9V\",\"caption\":\"\",\"created_timestamp\":\"1464707500\",\"copyright\":null,\"focal_length\":\"11.09\",\"iso\":\"100\",\"shutter_speed\":\"0.0025\",\"title\":\"\",\"orientation\":\"1\",\"keywords\":null,\"resized_images\":null},\"thumbnail\":\"https:\\\/\\\/www.vignevin.com\\\/wp-content\\\/uploads\\\/2019\\\/02\\\/Sympt\u00f4mes-foliaires-de-court-nou\u00e9-sur-Carignan-N-4-scaled.jpg\",\"medium\":\"https:\\\/\\\/www.vignevin.com\\\/wp-content\\\/uploads\\\/2019\\\/02\\\/Sympt\u00f4mes-foliaires-de-court-nou\u00e9-sur-Carignan-N-4-scaled.jpg\",\"medium_large\":\"https:\\\/\\\/www.vignevin.com\\\/wp-content\\\/uploads\\\/2019\\\/02\\\/Sympt\u00f4mes-foliaires-de-court-nou\u00e9-sur-Carignan-N-4-scaled.jpg\",\"large\":\"https:\\\/\\\/www.vignevin.com\\\/wp-content\\\/uploads\\\/2019\\\/02\\\/Sympt\u00f4mes-foliaires-de-court-nou\u00e9-sur-Carignan-N-4-scaled.jpg\",\"1536x1536\":\"https:\\\/\\\/www.vignevin.com\\\/wp-content\\\/uploads\\\/2019\\\/02\\\/Sympt\u00f4mes-foliaires-de-court-nou\u00e9-sur-Carignan-N-4-scaled.jpg\",\"2048x2048\":\"https:\\\/\\\/www.vignevin.com\\\/wp-content\\\/uploads\\\/2019\\\/02\\\/Sympt\u00f4mes-foliaires-de-court-nou\u00e9-sur-Carignan-N-4-scaled.jpg\",\"et-pb-post-main-image\":\"https:\\\/\\\/www.vignevin.com\\\/wp-content\\\/uploads\\\/2019\\\/02\\\/Sympt\u00f4mes-foliaires-de-court-nou\u00e9-sur-Carignan-N-4-scaled.jpg\",\"et-pb-post-main-image-fullwidth\":\"https:\\\/\\\/www.vignevin.com\\\/wp-content\\\/uploads\\\/2019\\\/02\\\/Sympt\u00f4mes-foliaires-de-court-nou\u00e9-sur-Carignan-N-4-scaled.jpg\",\"et-pb-portfolio-image\":\"https:\\\/\\\/www.vignevin.com\\\/wp-content\\\/uploads\\\/2019\\\/02\\\/Sympt\u00f4mes-foliaires-de-court-nou\u00e9-sur-Carignan-N-4-scaled.jpg\",\"et-pb-portfolio-module-image\":\"https:\\\/\\\/www.vignevin.com\\\/wp-content\\\/uploads\\\/2019\\\/02\\\/Sympt\u00f4mes-foliaires-de-court-nou\u00e9-sur-Carignan-N-4-scaled.jpg\",\"et-pb-portfolio-image-single\":\"https:\\\/\\\/www.vignevin.com\\\/wp-content\\\/uploads\\\/2019\\\/02\\\/Sympt\u00f4mes-foliaires-de-court-nou\u00e9-sur-Carignan-N-4-scaled.jpg\",\"et-pb-gallery-module-image-portrait\":\"https:\\\/\\\/www.vignevin.com\\\/wp-content\\\/uploads\\\/2019\\\/02\\\/Sympt\u00f4mes-foliaires-de-court-nou\u00e9-sur-Carignan-N-4-scaled.jpg\",\"et-pb-post-main-image-fullwidth-large\":\"https:\\\/\\\/www.vignevin.com\\\/wp-content\\\/uploads\\\/2019\\\/02\\\/Sympt\u00f4mes-foliaires-de-court-nou\u00e9-sur-Carignan-N-4-scaled.jpg\",\"et-pb-image--responsive--desktop\":\"https:\\\/\\\/www.vignevin.com\\\/wp-content\\\/uploads\\\/2019\\\/02\\\/Sympt\u00f4mes-foliaires-de-court-nou\u00e9-sur-Carignan-N-4-scaled.jpg\",\"et-pb-image--responsive--tablet\":\"https:\\\/\\\/www.vignevin.com\\\/wp-content\\\/uploads\\\/2019\\\/02\\\/Sympt\u00f4mes-foliaires-de-court-nou\u00e9-sur-Carignan-N-4-scaled.jpg\",\"et-pb-image--responsive--phone\":\"https:\\\/\\\/www.vignevin.com\\\/wp-content\\\/uploads\\\/2019\\\/02\\\/Sympt\u00f4mes-foliaires-de-court-nou\u00e9-sur-Carignan-N-4-scaled.jpg\",\"gform-image-choice-sm\":\"https:\\\/\\\/www.vignevin.com\\\/wp-content\\\/uploads\\\/2019\\\/02\\\/Sympt\u00f4mes-foliaires-de-court-nou\u00e9-sur-Carignan-N-4-scaled.jpg\",\"gform-image-choice-md\":\"https:\\\/\\\/www.vignevin.com\\\/wp-content\\\/uploads\\\/2019\\\/02\\\/Sympt\u00f4mes-foliaires-de-court-nou\u00e9-sur-Carignan-N-4-scaled.jpg\",\"gform-image-choice-lg\":\"https:\\\/\\\/www.vignevin.com\\\/wp-content\\\/uploads\\\/2019\\\/02\\\/Sympt\u00f4mes-foliaires-de-court-nou\u00e9-sur-Carignan-N-4-scaled.jpg\",\"woocommerce_thumbnail\":\"https:\\\/\\\/www.vignevin.com\\\/wp-content\\\/uploads\\\/2019\\\/02\\\/Sympt\u00f4mes-foliaires-de-court-nou\u00e9-sur-Carignan-N-4-scaled-300x300.jpg\",\"woocommerce_single\":\"https:\\\/\\\/www.vignevin.com\\\/wp-content\\\/uploads\\\/2019\\\/02\\\/Sympt\u00f4mes-foliaires-de-court-nou\u00e9-sur-Carignan-N-4-scaled-600x800.jpg\",\"woocommerce_gallery_thumbnail\":\"https:\\\/\\\/www.vignevin.com\\\/wp-content\\\/uploads\\\/2019\\\/02\\\/Sympt\u00f4mes-foliaires-de-court-nou\u00e9-sur-Carignan-N-4-scaled-100x100.jpg\",\"full\":\"https:\\\/\\\/www.vignevin.com\\\/wp-content\\\/uploads\\\/2019\\\/02\\\/Sympt\u00f4mes-foliaires-de-court-nou\u00e9-sur-Carignan-N-4-scaled.jpg\",\"index\":100,\"id\":10038,\"video\":false,\"opts\":{\"caption\":\"\",\"thumb\":\"https:\\\/\\\/www.vignevin.com\\\/wp-content\\\/uploads\\\/2019\\\/02\\\/Sympt\u00f4mes-foliaires-de-court-nou\u00e9-sur-Carignan-N-4-scaled-75x50_c.jpg\",\"title\":\"Sympt&amp;ocirc;mes foliaires de court-nou&amp;eacute; sur Carignan N 4\"},\"gallery_id\":17410,\"gallery_title\":\"Grapevines virus\"},\"10039\":{\"status\":\"active\",\"src\":\"https:\\\/\\\/www.vignevin.com\\\/wp-content\\\/uploads\\\/2019\\\/02\\\/Sympt\u00f4mes-foliaires-de-court-nou\u00e9-sur-Carignan-N-scaled.jpg\",\"title\":\"Sympt&amp;ocirc;mes foliaires de court-nou&amp;eacute; sur Carignan N\",\"link\":\"https:\\\/\\\/www.vignevin.com\\\/wp-content\\\/uploads\\\/2019\\\/02\\\/Sympt\u00f4mes-foliaires-de-court-nou\u00e9-sur-Carignan-N.jpg\",\"alt\":\"\",\"caption\":false,\"thumb\":\"https:\\\/\\\/www.vignevin.com\\\/wp-content\\\/uploads\\\/2019\\\/02\\\/Sympt\u00f4mes-foliaires-de-court-nou\u00e9-sur-Carignan-N-scaled-75x50_c.jpg\",\"meta\":{\"aperture\":\"4.5\",\"credit\":null,\"camera\":\"DSC-HX9V\",\"caption\":\"\",\"created_timestamp\":\"1464707368\",\"copyright\":null,\"focal_length\":\"11.64\",\"iso\":\"100\",\"shutter_speed\":\"0.0025\",\"title\":\"\",\"orientation\":\"1\",\"keywords\":null},\"thumbnail\":\"https:\\\/\\\/www.vignevin.com\\\/wp-content\\\/uploads\\\/2019\\\/02\\\/Sympt\u00f4mes-foliaires-de-court-nou\u00e9-sur-Carignan-N-150x150.jpg\",\"medium\":\"https:\\\/\\\/www.vignevin.com\\\/wp-content\\\/uploads\\\/2019\\\/02\\\/Sympt\u00f4mes-foliaires-de-court-nou\u00e9-sur-Carignan-N-300x225.jpg\",\"medium_large\":\"https:\\\/\\\/www.vignevin.com\\\/wp-content\\\/uploads\\\/2019\\\/02\\\/Sympt\u00f4mes-foliaires-de-court-nou\u00e9-sur-Carignan-N-768x576.jpg\",\"large\":\"https:\\\/\\\/www.vignevin.com\\\/wp-content\\\/uploads\\\/2019\\\/02\\\/Sympt\u00f4mes-foliaires-de-court-nou\u00e9-sur-Carignan-N-1024x768.jpg\",\"1536x1536\":\"https:\\\/\\\/www.vignevin.com\\\/wp-content\\\/uploads\\\/2019\\\/02\\\/Sympt\u00f4mes-foliaires-de-court-nou\u00e9-sur-Carignan-N-scaled.jpg\",\"2048x2048\":\"https:\\\/\\\/www.vignevin.com\\\/wp-content\\\/uploads\\\/2019\\\/02\\\/Sympt\u00f4mes-foliaires-de-court-nou\u00e9-sur-Carignan-N-scaled.jpg\",\"et-pb-post-main-image\":\"https:\\\/\\\/www.vignevin.com\\\/wp-content\\\/uploads\\\/2019\\\/02\\\/Sympt\u00f4mes-foliaires-de-court-nou\u00e9-sur-Carignan-N-400x250.jpg\",\"et-pb-post-main-image-fullwidth\":\"https:\\\/\\\/www.vignevin.com\\\/wp-content\\\/uploads\\\/2019\\\/02\\\/Sympt\u00f4mes-foliaires-de-court-nou\u00e9-sur-Carignan-N-1080x675.jpg\",\"et-pb-portfolio-image\":\"https:\\\/\\\/www.vignevin.com\\\/wp-content\\\/uploads\\\/2019\\\/02\\\/Sympt\u00f4mes-foliaires-de-court-nou\u00e9-sur-Carignan-N-400x284.jpg\",\"et-pb-portfolio-module-image\":\"https:\\\/\\\/www.vignevin.com\\\/wp-content\\\/uploads\\\/2019\\\/02\\\/Sympt\u00f4mes-foliaires-de-court-nou\u00e9-sur-Carignan-N-510x382.jpg\",\"et-pb-portfolio-image-single\":\"https:\\\/\\\/www.vignevin.com\\\/wp-content\\\/uploads\\\/2019\\\/02\\\/Sympt\u00f4mes-foliaires-de-court-nou\u00e9-sur-Carignan-N-1080x810.jpg\",\"et-pb-gallery-module-image-portrait\":\"https:\\\/\\\/www.vignevin.com\\\/wp-content\\\/uploads\\\/2019\\\/02\\\/Sympt\u00f4mes-foliaires-de-court-nou\u00e9-sur-Carignan-N-400x516.jpg\",\"et-pb-post-main-image-fullwidth-large\":\"https:\\\/\\\/www.vignevin.com\\\/wp-content\\\/uploads\\\/2019\\\/02\\\/Sympt\u00f4mes-foliaires-de-court-nou\u00e9-sur-Carignan-N-2880x1800.jpg\",\"et-pb-image--responsive--desktop\":\"https:\\\/\\\/www.vignevin.com\\\/wp-content\\\/uploads\\\/2019\\\/02\\\/Sympt\u00f4mes-foliaires-de-court-nou\u00e9-sur-Carignan-N-scaled.jpg\",\"et-pb-image--responsive--tablet\":\"https:\\\/\\\/www.vignevin.com\\\/wp-content\\\/uploads\\\/2019\\\/02\\\/Sympt\u00f4mes-foliaires-de-court-nou\u00e9-sur-Carignan-N-scaled.jpg\",\"et-pb-image--responsive--phone\":\"https:\\\/\\\/www.vignevin.com\\\/wp-content\\\/uploads\\\/2019\\\/02\\\/Sympt\u00f4mes-foliaires-de-court-nou\u00e9-sur-Carignan-N-scaled.jpg\",\"gform-image-choice-sm\":\"https:\\\/\\\/www.vignevin.com\\\/wp-content\\\/uploads\\\/2019\\\/02\\\/Sympt\u00f4mes-foliaires-de-court-nou\u00e9-sur-Carignan-N-scaled.jpg\",\"gform-image-choice-md\":\"https:\\\/\\\/www.vignevin.com\\\/wp-content\\\/uploads\\\/2019\\\/02\\\/Sympt\u00f4mes-foliaires-de-court-nou\u00e9-sur-Carignan-N-scaled.jpg\",\"gform-image-choice-lg\":\"https:\\\/\\\/www.vignevin.com\\\/wp-content\\\/uploads\\\/2019\\\/02\\\/Sympt\u00f4mes-foliaires-de-court-nou\u00e9-sur-Carignan-N-scaled.jpg\",\"woocommerce_thumbnail\":\"https:\\\/\\\/www.vignevin.com\\\/wp-content\\\/uploads\\\/2019\\\/02\\\/Sympt\u00f4mes-foliaires-de-court-nou\u00e9-sur-Carignan-N-scaled-300x300.jpg\",\"woocommerce_single\":\"https:\\\/\\\/www.vignevin.com\\\/wp-content\\\/uploads\\\/2019\\\/02\\\/Sympt\u00f4mes-foliaires-de-court-nou\u00e9-sur-Carignan-N-scaled-600x450.jpg\",\"woocommerce_gallery_thumbnail\":\"https:\\\/\\\/www.vignevin.com\\\/wp-content\\\/uploads\\\/2019\\\/02\\\/Sympt\u00f4mes-foliaires-de-court-nou\u00e9-sur-Carignan-N-scaled-100x100.jpg\",\"full\":\"https:\\\/\\\/www.vignevin.com\\\/wp-content\\\/uploads\\\/2019\\\/02\\\/Sympt\u00f4mes-foliaires-de-court-nou\u00e9-sur-Carignan-N-scaled.jpg\",\"index\":101,\"id\":10039,\"video\":false,\"opts\":{\"caption\":\"\",\"thumb\":\"https:\\\/\\\/www.vignevin.com\\\/wp-content\\\/uploads\\\/2019\\\/02\\\/Sympt\u00f4mes-foliaires-de-court-nou\u00e9-sur-Carignan-N-scaled-75x50_c.jpg\",\"title\":\"Sympt&amp;ocirc;mes foliaires de court-nou&amp;eacute; sur Carignan N\"},\"gallery_id\":17410,\"gallery_title\":\"Grapevines virus\"},\"10040\":{\"status\":\"active\",\"src\":\"https:\\\/\\\/www.vignevin.com\\\/wp-content\\\/uploads\\\/2019\\\/02\\\/Sympt\u00f4mes-foliaires-de-court-nou\u00e9.jpg\",\"title\":\"Sympt&amp;ocirc;mes foliaires de court-nou&amp;eacute;\",\"link\":\"https:\\\/\\\/www.vignevin.com\\\/wp-content\\\/uploads\\\/2019\\\/02\\\/Sympt\u00f4mes-foliaires-de-court-nou\u00e9.jpg\",\"alt\":\"\",\"caption\":false,\"thumb\":\"https:\\\/\\\/www.vignevin.com\\\/wp-content\\\/uploads\\\/2019\\\/02\\\/Sympt\u00f4mes-foliaires-de-court-nou\u00e9-75x50_c.jpg\",\"meta\":{\"aperture\":\"3.3\",\"credit\":null,\"camera\":\"DMC-TZ10\",\"caption\":\"\",\"created_timestamp\":\"1380106167\",\"copyright\":null,\"focal_length\":\"4.1\",\"iso\":\"80\",\"shutter_speed\":\"0.025\",\"title\":\"\",\"orientation\":\"1\",\"keywords\":null},\"thumbnail\":\"https:\\\/\\\/www.vignevin.com\\\/wp-content\\\/uploads\\\/2019\\\/02\\\/Sympt\u00f4mes-foliaires-de-court-nou\u00e9.jpg\",\"medium\":\"https:\\\/\\\/www.vignevin.com\\\/wp-content\\\/uploads\\\/2019\\\/02\\\/Sympt\u00f4mes-foliaires-de-court-nou\u00e9.jpg\",\"medium_large\":\"https:\\\/\\\/www.vignevin.com\\\/wp-content\\\/uploads\\\/2019\\\/02\\\/Sympt\u00f4mes-foliaires-de-court-nou\u00e9.jpg\",\"large\":\"https:\\\/\\\/www.vignevin.com\\\/wp-content\\\/uploads\\\/2019\\\/02\\\/Sympt\u00f4mes-foliaires-de-court-nou\u00e9.jpg\",\"1536x1536\":\"https:\\\/\\\/www.vignevin.com\\\/wp-content\\\/uploads\\\/2019\\\/02\\\/Sympt\u00f4mes-foliaires-de-court-nou\u00e9.jpg\",\"2048x2048\":\"https:\\\/\\\/www.vignevin.com\\\/wp-content\\\/uploads\\\/2019\\\/02\\\/Sympt\u00f4mes-foliaires-de-court-nou\u00e9.jpg\",\"et-pb-post-main-image\":\"https:\\\/\\\/www.vignevin.com\\\/wp-content\\\/uploads\\\/2019\\\/02\\\/Sympt\u00f4mes-foliaires-de-court-nou\u00e9.jpg\",\"et-pb-post-main-image-fullwidth\":\"https:\\\/\\\/www.vignevin.com\\\/wp-content\\\/uploads\\\/2019\\\/02\\\/Sympt\u00f4mes-foliaires-de-court-nou\u00e9.jpg\",\"et-pb-portfolio-image\":\"https:\\\/\\\/www.vignevin.com\\\/wp-content\\\/uploads\\\/2019\\\/02\\\/Sympt\u00f4mes-foliaires-de-court-nou\u00e9.jpg\",\"et-pb-portfolio-module-image\":\"https:\\\/\\\/www.vignevin.com\\\/wp-content\\\/uploads\\\/2019\\\/02\\\/Sympt\u00f4mes-foliaires-de-court-nou\u00e9.jpg\",\"et-pb-portfolio-image-single\":\"https:\\\/\\\/www.vignevin.com\\\/wp-content\\\/uploads\\\/2019\\\/02\\\/Sympt\u00f4mes-foliaires-de-court-nou\u00e9.jpg\",\"et-pb-gallery-module-image-portrait\":\"https:\\\/\\\/www.vignevin.com\\\/wp-content\\\/uploads\\\/2019\\\/02\\\/Sympt\u00f4mes-foliaires-de-court-nou\u00e9.jpg\",\"et-pb-post-main-image-fullwidth-large\":\"https:\\\/\\\/www.vignevin.com\\\/wp-content\\\/uploads\\\/2019\\\/02\\\/Sympt\u00f4mes-foliaires-de-court-nou\u00e9.jpg\",\"et-pb-image--responsive--desktop\":\"https:\\\/\\\/www.vignevin.com\\\/wp-content\\\/uploads\\\/2019\\\/02\\\/Sympt\u00f4mes-foliaires-de-court-nou\u00e9.jpg\",\"et-pb-image--responsive--tablet\":\"https:\\\/\\\/www.vignevin.com\\\/wp-content\\\/uploads\\\/2019\\\/02\\\/Sympt\u00f4mes-foliaires-de-court-nou\u00e9.jpg\",\"et-pb-image--responsive--phone\":\"https:\\\/\\\/www.vignevin.com\\\/wp-content\\\/uploads\\\/2019\\\/02\\\/Sympt\u00f4mes-foliaires-de-court-nou\u00e9.jpg\",\"gform-image-choice-sm\":\"https:\\\/\\\/www.vignevin.com\\\/wp-content\\\/uploads\\\/2019\\\/02\\\/Sympt\u00f4mes-foliaires-de-court-nou\u00e9.jpg\",\"gform-image-choice-md\":\"https:\\\/\\\/www.vignevin.com\\\/wp-content\\\/uploads\\\/2019\\\/02\\\/Sympt\u00f4mes-foliaires-de-court-nou\u00e9.jpg\",\"gform-image-choice-lg\":\"https:\\\/\\\/www.vignevin.com\\\/wp-content\\\/uploads\\\/2019\\\/02\\\/Sympt\u00f4mes-foliaires-de-court-nou\u00e9.jpg\",\"woocommerce_thumbnail\":\"https:\\\/\\\/www.vignevin.com\\\/wp-content\\\/uploads\\\/2019\\\/02\\\/Sympt\u00f4mes-foliaires-de-court-nou\u00e9-300x300.jpg\",\"woocommerce_single\":\"https:\\\/\\\/www.vignevin.com\\\/wp-content\\\/uploads\\\/2019\\\/02\\\/Sympt\u00f4mes-foliaires-de-court-nou\u00e9-600x800.jpg\",\"woocommerce_gallery_thumbnail\":\"https:\\\/\\\/www.vignevin.com\\\/wp-content\\\/uploads\\\/2019\\\/02\\\/Sympt\u00f4mes-foliaires-de-court-nou\u00e9-100x100.jpg\",\"full\":\"https:\\\/\\\/www.vignevin.com\\\/wp-content\\\/uploads\\\/2019\\\/02\\\/Sympt\u00f4mes-foliaires-de-court-nou\u00e9.jpg\",\"index\":102,\"id\":10040,\"video\":false,\"opts\":{\"caption\":\"\",\"thumb\":\"https:\\\/\\\/www.vignevin.com\\\/wp-content\\\/uploads\\\/2019\\\/02\\\/Sympt\u00f4mes-foliaires-de-court-nou\u00e9-75x50_c.jpg\",\"title\":\"Sympt&amp;ocirc;mes foliaires de court-nou&amp;eacute;\"},\"gallery_id\":17410,\"gallery_title\":\"Grapevines virus\"}}'  data-gallery-sort-ids='[6928,6927,6929,6930,9942,9943,9944,9945,9946,9947,9948,9949,9950,9951,9952,9953,9954,9955,9956,9957,9958,9959,9960,9961,9962,9963,9964,9965,9966,9967,9968,9969,9970,9971,9972,9973,9974,9975,9976,9977,9978,9979,9980,9981,9982,9983,9984,9985,9986,9987,9988,9989,9990,9991,9992,9993,9994,9995,9996,9997,9998,9999,10000,10001,10002,10003,10004,10005,10006,10007,10008,10009,10010,10011,10012,10013,10014,10015,10016,10017,10018,10019,10020,10021,10022,10023,10024,10025,10026,10027,10028,10029,10030,10031,10032,10033,10034,10035,10036,10037,10038,10039,10040]'  class=\"envira-album-gallery-17410 \" title=\"Grapevines virus\" ><div class=\"envira-lazy\" style=\"padding-bottom:66.666666666667%;\"><img loading=\"lazy\" decoding=\"async\" id=\"envira-gallery-image-17410\" class=\"envira-gallery-image envira-gallery-image-2\" data-envira-index=\"2\" src=\"https:\/\/www.vignevin.com\/wp-content\/uploads\/2019\/02\/etiquette-phototheque-viroses.jpg\" width=\"600\" height=\"400\" data-envira-src=\"https:\/\/www.vignevin.com\/wp-content\/uploads\/2019\/02\/etiquette-phototheque-viroses.jpg\" data-envira-album-id=\"17390\" data-envira-gallery-id=\"17410\" data-envira-item-id=\"17410\" data-caption=\"Grapevines virus\" alt=\"\" title=\"Grapevines virus\"  data-envira-srcset=\"https:\/\/www.vignevin.com\/wp-content\/uploads\/2019\/02\/etiquette-phototheque-viroses.jpg 400w,https:\/\/www.vignevin.com\/wp-content\/uploads\/2019\/02\/etiquette-phototheque-viroses.jpg 2x\" srcset=\"data:image\/gif;base64,R0lGODlhAQABAIAAAP\/\/\/\/\/\/\/yH5BAEKAAEALAAAAAABAAEAAAICTAEAOw==\" \/><\/div><\/a><div class=\"envira-album-title\">Grapevines virus<\/div><\/div><\/div><div id=\"envira-gallery-item-17413\" class=\"envira-gallery-item enviratope-item envira-gallery-item-3\" style=\"padding-left: 5px; padding-bottom: 10px; padding-right: 5px;\" ><div class=\"envira-gallery-item-inner\"><div class=\"envira-gallery-position-overlay  envira-gallery-top-left\"><\/div><div class=\"envira-gallery-position-overlay  envira-gallery-top-right\"><\/div><div class=\"envira-gallery-position-overlay  envira-gallery-bottom-left\"><\/div><div class=\"envira-gallery-position-overlay  envira-gallery-bottom-right\"><\/div><a href=\"https:\/\/www.vignevin.com\/en\/galerie\/maladies-2\/\" data-gallery-images='{\"7053\":{\"status\":\"active\",\"src\":\"https:\\\/\\\/www.vignevin.com\\\/wp-content\\\/uploads\\\/2019\\\/03\\\/IFV_BDA_30.jpg\",\"title\":\"N&eacute;crose d&rsquo;eutypiose\",\"link\":\"https:\\\/\\\/www.vignevin.com\\\/wp-content\\\/uploads\\\/2019\\\/03\\\/IFV_BDA_30.jpg\",\"alt\":\"\",\"caption\":false,\"thumb\":\"https:\\\/\\\/www.vignevin.com\\\/wp-content\\\/uploads\\\/2019\\\/03\\\/IFV_BDA_30-75x50_c.jpg\",\"meta\":{\"aperture\":null,\"credit\":null,\"camera\":null,\"caption\":\"Sympt\u00f4mes du black dead arm\",\"created_timestamp\":null,\"copyright\":\"IFV\",\"focal_length\":null,\"iso\":null,\"shutter_speed\":null,\"title\":\"Sympt\u00f4mes du black dead arm\",\"orientation\":\"1\",\"keywords\":null},\"thumbnail\":\"https:\\\/\\\/www.vignevin.com\\\/wp-content\\\/uploads\\\/2019\\\/03\\\/IFV_BDA_30-150x150.jpg\",\"medium\":\"https:\\\/\\\/www.vignevin.com\\\/wp-content\\\/uploads\\\/2019\\\/03\\\/IFV_BDA_30-300x230.jpg\",\"medium_large\":\"https:\\\/\\\/www.vignevin.com\\\/wp-content\\\/uploads\\\/2019\\\/03\\\/IFV_BDA_30-768x590.jpg\",\"large\":\"https:\\\/\\\/www.vignevin.com\\\/wp-content\\\/uploads\\\/2019\\\/03\\\/IFV_BDA_30-1024x786.jpg\",\"1536x1536\":\"https:\\\/\\\/www.vignevin.com\\\/wp-content\\\/uploads\\\/2019\\\/03\\\/IFV_BDA_30.jpg\",\"2048x2048\":\"https:\\\/\\\/www.vignevin.com\\\/wp-content\\\/uploads\\\/2019\\\/03\\\/IFV_BDA_30.jpg\",\"et-pb-post-main-image\":\"https:\\\/\\\/www.vignevin.com\\\/wp-content\\\/uploads\\\/2019\\\/03\\\/IFV_BDA_30-400x250.jpg\",\"et-pb-post-main-image-fullwidth\":\"https:\\\/\\\/www.vignevin.com\\\/wp-content\\\/uploads\\\/2019\\\/03\\\/IFV_BDA_30-1080x675.jpg\",\"et-pb-portfolio-image\":\"https:\\\/\\\/www.vignevin.com\\\/wp-content\\\/uploads\\\/2019\\\/03\\\/IFV_BDA_30-400x284.jpg\",\"et-pb-portfolio-module-image\":\"https:\\\/\\\/www.vignevin.com\\\/wp-content\\\/uploads\\\/2019\\\/03\\\/IFV_BDA_30-510x382.jpg\",\"et-pb-portfolio-image-single\":\"https:\\\/\\\/www.vignevin.com\\\/wp-content\\\/uploads\\\/2019\\\/03\\\/IFV_BDA_30-1080x829.jpg\",\"et-pb-gallery-module-image-portrait\":\"https:\\\/\\\/www.vignevin.com\\\/wp-content\\\/uploads\\\/2019\\\/03\\\/IFV_BDA_30-400x516.jpg\",\"et-pb-post-main-image-fullwidth-large\":\"https:\\\/\\\/www.vignevin.com\\\/wp-content\\\/uploads\\\/2019\\\/03\\\/IFV_BDA_30.jpg\",\"et-pb-image--responsive--desktop\":\"https:\\\/\\\/www.vignevin.com\\\/wp-content\\\/uploads\\\/2019\\\/03\\\/IFV_BDA_30.jpg\",\"et-pb-image--responsive--tablet\":\"https:\\\/\\\/www.vignevin.com\\\/wp-content\\\/uploads\\\/2019\\\/03\\\/IFV_BDA_30.jpg\",\"et-pb-image--responsive--phone\":\"https:\\\/\\\/www.vignevin.com\\\/wp-content\\\/uploads\\\/2019\\\/03\\\/IFV_BDA_30.jpg\",\"gform-image-choice-sm\":\"https:\\\/\\\/www.vignevin.com\\\/wp-content\\\/uploads\\\/2019\\\/03\\\/IFV_BDA_30.jpg\",\"gform-image-choice-md\":\"https:\\\/\\\/www.vignevin.com\\\/wp-content\\\/uploads\\\/2019\\\/03\\\/IFV_BDA_30.jpg\",\"gform-image-choice-lg\":\"https:\\\/\\\/www.vignevin.com\\\/wp-content\\\/uploads\\\/2019\\\/03\\\/IFV_BDA_30.jpg\",\"woocommerce_thumbnail\":\"https:\\\/\\\/www.vignevin.com\\\/wp-content\\\/uploads\\\/2019\\\/03\\\/IFV_BDA_30-300x300.jpg\",\"woocommerce_single\":\"https:\\\/\\\/www.vignevin.com\\\/wp-content\\\/uploads\\\/2019\\\/03\\\/IFV_BDA_30-600x461.jpg\",\"woocommerce_gallery_thumbnail\":\"https:\\\/\\\/www.vignevin.com\\\/wp-content\\\/uploads\\\/2019\\\/03\\\/IFV_BDA_30-100x100.jpg\",\"full\":\"https:\\\/\\\/www.vignevin.com\\\/wp-content\\\/uploads\\\/2019\\\/03\\\/IFV_BDA_30.jpg\",\"index\":0,\"id\":7053,\"video\":false,\"opts\":{\"caption\":\"\",\"thumb\":\"https:\\\/\\\/www.vignevin.com\\\/wp-content\\\/uploads\\\/2019\\\/03\\\/IFV_BDA_30-75x50_c.jpg\",\"title\":\"N&eacute;crose d&rsquo;eutypiose\"},\"gallery_id\":\"17413\"},\"7051\":{\"status\":\"active\",\"src\":\"https:\\\/\\\/www.vignevin.com\\\/wp-content\\\/uploads\\\/2019\\\/03\\\/IFV_BDA_11.jpg\",\"title\":\"\",\"link\":\"https:\\\/\\\/www.vignevin.com\\\/wp-content\\\/uploads\\\/2019\\\/03\\\/IFV_BDA_11.jpg\",\"alt\":\"\",\"caption\":false,\"thumb\":\"https:\\\/\\\/www.vignevin.com\\\/wp-content\\\/uploads\\\/2019\\\/03\\\/IFV_BDA_11-75x50_c.jpg\",\"meta\":{\"aperture\":null,\"credit\":null,\"camera\":null,\"caption\":\"\",\"created_timestamp\":null,\"copyright\":null,\"focal_length\":null,\"iso\":null,\"shutter_speed\":null,\"title\":\"\",\"orientation\":null,\"keywords\":null,\"resized_images\":null},\"thumbnail\":\"https:\\\/\\\/www.vignevin.com\\\/wp-content\\\/uploads\\\/2019\\\/03\\\/IFV_BDA_11-150x150.jpg\",\"medium\":\"https:\\\/\\\/www.vignevin.com\\\/wp-content\\\/uploads\\\/2019\\\/03\\\/IFV_BDA_11-283x300.jpg\",\"medium_large\":\"https:\\\/\\\/www.vignevin.com\\\/wp-content\\\/uploads\\\/2019\\\/03\\\/IFV_BDA_11.jpg\",\"large\":\"https:\\\/\\\/www.vignevin.com\\\/wp-content\\\/uploads\\\/2019\\\/03\\\/IFV_BDA_11.jpg\",\"1536x1536\":\"https:\\\/\\\/www.vignevin.com\\\/wp-content\\\/uploads\\\/2019\\\/03\\\/IFV_BDA_11.jpg\",\"2048x2048\":\"https:\\\/\\\/www.vignevin.com\\\/wp-content\\\/uploads\\\/2019\\\/03\\\/IFV_BDA_11.jpg\",\"et-pb-post-main-image\":\"https:\\\/\\\/www.vignevin.com\\\/wp-content\\\/uploads\\\/2019\\\/03\\\/IFV_BDA_11-308x250.jpg\",\"et-pb-post-main-image-fullwidth\":\"https:\\\/\\\/www.vignevin.com\\\/wp-content\\\/uploads\\\/2019\\\/03\\\/IFV_BDA_11.jpg\",\"et-pb-portfolio-image\":\"https:\\\/\\\/www.vignevin.com\\\/wp-content\\\/uploads\\\/2019\\\/03\\\/IFV_BDA_11-308x284.jpg\",\"et-pb-portfolio-module-image\":\"https:\\\/\\\/www.vignevin.com\\\/wp-content\\\/uploads\\\/2019\\\/03\\\/IFV_BDA_11.jpg\",\"et-pb-portfolio-image-single\":\"https:\\\/\\\/www.vignevin.com\\\/wp-content\\\/uploads\\\/2019\\\/03\\\/IFV_BDA_11.jpg\",\"et-pb-gallery-module-image-portrait\":\"https:\\\/\\\/www.vignevin.com\\\/wp-content\\\/uploads\\\/2019\\\/03\\\/IFV_BDA_11.jpg\",\"et-pb-post-main-image-fullwidth-large\":\"https:\\\/\\\/www.vignevin.com\\\/wp-content\\\/uploads\\\/2019\\\/03\\\/IFV_BDA_11.jpg\",\"et-pb-image--responsive--desktop\":\"https:\\\/\\\/www.vignevin.com\\\/wp-content\\\/uploads\\\/2019\\\/03\\\/IFV_BDA_11.jpg\",\"et-pb-image--responsive--tablet\":\"https:\\\/\\\/www.vignevin.com\\\/wp-content\\\/uploads\\\/2019\\\/03\\\/IFV_BDA_11.jpg\",\"et-pb-image--responsive--phone\":\"https:\\\/\\\/www.vignevin.com\\\/wp-content\\\/uploads\\\/2019\\\/03\\\/IFV_BDA_11.jpg\",\"gform-image-choice-sm\":\"https:\\\/\\\/www.vignevin.com\\\/wp-content\\\/uploads\\\/2019\\\/03\\\/IFV_BDA_11.jpg\",\"gform-image-choice-md\":\"https:\\\/\\\/www.vignevin.com\\\/wp-content\\\/uploads\\\/2019\\\/03\\\/IFV_BDA_11.jpg\",\"gform-image-choice-lg\":\"https:\\\/\\\/www.vignevin.com\\\/wp-content\\\/uploads\\\/2019\\\/03\\\/IFV_BDA_11.jpg\",\"woocommerce_thumbnail\":\"https:\\\/\\\/www.vignevin.com\\\/wp-content\\\/uploads\\\/2019\\\/03\\\/IFV_BDA_11-300x300.jpg\",\"woocommerce_single\":\"https:\\\/\\\/www.vignevin.com\\\/wp-content\\\/uploads\\\/2019\\\/03\\\/IFV_BDA_11.jpg\",\"woocommerce_gallery_thumbnail\":\"https:\\\/\\\/www.vignevin.com\\\/wp-content\\\/uploads\\\/2019\\\/03\\\/IFV_BDA_11-100x100.jpg\",\"full\":\"https:\\\/\\\/www.vignevin.com\\\/wp-content\\\/uploads\\\/2019\\\/03\\\/IFV_BDA_11.jpg\",\"index\":1,\"id\":7051,\"video\":false,\"opts\":{\"caption\":\"\",\"thumb\":\"https:\\\/\\\/www.vignevin.com\\\/wp-content\\\/uploads\\\/2019\\\/03\\\/IFV_BDA_11-75x50_c.jpg\",\"title\":\"\"},\"gallery_id\":\"17413\"},\"7052\":{\"status\":\"active\",\"src\":\"https:\\\/\\\/www.vignevin.com\\\/wp-content\\\/uploads\\\/2019\\\/03\\\/IFV_BDA_19.jpg\",\"title\":\"Sympt&ocirc;mes du black dead arm\",\"link\":\"https:\\\/\\\/www.vignevin.com\\\/wp-content\\\/uploads\\\/2019\\\/03\\\/IFV_BDA_19.jpg\",\"alt\":\"\",\"caption\":false,\"thumb\":\"https:\\\/\\\/www.vignevin.com\\\/wp-content\\\/uploads\\\/2019\\\/03\\\/IFV_BDA_19-75x50_c.jpg\",\"meta\":{\"aperture\":null,\"credit\":null,\"camera\":null,\"caption\":\"Sympt\u00f4mes du black dead arm\",\"created_timestamp\":null,\"copyright\":\"IFV\",\"focal_length\":null,\"iso\":null,\"shutter_speed\":null,\"title\":\"Sympt\u00f4mes du black dead arm\",\"orientation\":\"1\",\"keywords\":null},\"thumbnail\":\"https:\\\/\\\/www.vignevin.com\\\/wp-content\\\/uploads\\\/2019\\\/03\\\/IFV_BDA_19-150x150.jpg\",\"medium\":\"https:\\\/\\\/www.vignevin.com\\\/wp-content\\\/uploads\\\/2019\\\/03\\\/IFV_BDA_19-300x202.jpg\",\"medium_large\":\"https:\\\/\\\/www.vignevin.com\\\/wp-content\\\/uploads\\\/2019\\\/03\\\/IFV_BDA_19-768x517.jpg\",\"large\":\"https:\\\/\\\/www.vignevin.com\\\/wp-content\\\/uploads\\\/2019\\\/03\\\/IFV_BDA_19-1024x689.jpg\",\"1536x1536\":\"https:\\\/\\\/www.vignevin.com\\\/wp-content\\\/uploads\\\/2019\\\/03\\\/IFV_BDA_19.jpg\",\"2048x2048\":\"https:\\\/\\\/www.vignevin.com\\\/wp-content\\\/uploads\\\/2019\\\/03\\\/IFV_BDA_19.jpg\",\"et-pb-post-main-image\":\"https:\\\/\\\/www.vignevin.com\\\/wp-content\\\/uploads\\\/2019\\\/03\\\/IFV_BDA_19-400x250.jpg\",\"et-pb-post-main-image-fullwidth\":\"https:\\\/\\\/www.vignevin.com\\\/wp-content\\\/uploads\\\/2019\\\/03\\\/IFV_BDA_19-1080x675.jpg\",\"et-pb-portfolio-image\":\"https:\\\/\\\/www.vignevin.com\\\/wp-content\\\/uploads\\\/2019\\\/03\\\/IFV_BDA_19-400x284.jpg\",\"et-pb-portfolio-module-image\":\"https:\\\/\\\/www.vignevin.com\\\/wp-content\\\/uploads\\\/2019\\\/03\\\/IFV_BDA_19-510x382.jpg\",\"et-pb-portfolio-image-single\":\"https:\\\/\\\/www.vignevin.com\\\/wp-content\\\/uploads\\\/2019\\\/03\\\/IFV_BDA_19-1080x727.jpg\",\"et-pb-gallery-module-image-portrait\":\"https:\\\/\\\/www.vignevin.com\\\/wp-content\\\/uploads\\\/2019\\\/03\\\/IFV_BDA_19-400x516.jpg\",\"et-pb-post-main-image-fullwidth-large\":\"https:\\\/\\\/www.vignevin.com\\\/wp-content\\\/uploads\\\/2019\\\/03\\\/IFV_BDA_19.jpg\",\"et-pb-image--responsive--desktop\":\"https:\\\/\\\/www.vignevin.com\\\/wp-content\\\/uploads\\\/2019\\\/03\\\/IFV_BDA_19.jpg\",\"et-pb-image--responsive--tablet\":\"https:\\\/\\\/www.vignevin.com\\\/wp-content\\\/uploads\\\/2019\\\/03\\\/IFV_BDA_19.jpg\",\"et-pb-image--responsive--phone\":\"https:\\\/\\\/www.vignevin.com\\\/wp-content\\\/uploads\\\/2019\\\/03\\\/IFV_BDA_19.jpg\",\"gform-image-choice-sm\":\"https:\\\/\\\/www.vignevin.com\\\/wp-content\\\/uploads\\\/2019\\\/03\\\/IFV_BDA_19.jpg\",\"gform-image-choice-md\":\"https:\\\/\\\/www.vignevin.com\\\/wp-content\\\/uploads\\\/2019\\\/03\\\/IFV_BDA_19.jpg\",\"gform-image-choice-lg\":\"https:\\\/\\\/www.vignevin.com\\\/wp-content\\\/uploads\\\/2019\\\/03\\\/IFV_BDA_19.jpg\",\"woocommerce_thumbnail\":\"https:\\\/\\\/www.vignevin.com\\\/wp-content\\\/uploads\\\/2019\\\/03\\\/IFV_BDA_19-300x300.jpg\",\"woocommerce_single\":\"https:\\\/\\\/www.vignevin.com\\\/wp-content\\\/uploads\\\/2019\\\/03\\\/IFV_BDA_19-600x404.jpg\",\"woocommerce_gallery_thumbnail\":\"https:\\\/\\\/www.vignevin.com\\\/wp-content\\\/uploads\\\/2019\\\/03\\\/IFV_BDA_19-100x100.jpg\",\"full\":\"https:\\\/\\\/www.vignevin.com\\\/wp-content\\\/uploads\\\/2019\\\/03\\\/IFV_BDA_19.jpg\",\"index\":2,\"id\":7052,\"video\":false,\"opts\":{\"caption\":\"\",\"thumb\":\"https:\\\/\\\/www.vignevin.com\\\/wp-content\\\/uploads\\\/2019\\\/03\\\/IFV_BDA_19-75x50_c.jpg\",\"title\":\"Sympt&ocirc;mes du black dead arm\"},\"gallery_id\":\"17413\"},\"7054\":{\"status\":\"active\",\"src\":\"https:\\\/\\\/www.vignevin.com\\\/wp-content\\\/uploads\\\/2019\\\/03\\\/IFV_Esca_3.jpg\",\"title\":\"Esca\",\"link\":\"https:\\\/\\\/www.vignevin.com\\\/wp-content\\\/uploads\\\/2019\\\/03\\\/IFV_Esca_3.jpg\",\"alt\":\"\",\"caption\":false,\"thumb\":\"https:\\\/\\\/www.vignevin.com\\\/wp-content\\\/uploads\\\/2019\\\/03\\\/IFV_Esca_3-75x50_c.jpg\",\"meta\":{\"aperture\":null,\"credit\":null,\"camera\":null,\"caption\":\"Esca\",\"created_timestamp\":null,\"copyright\":\"IFV\",\"focal_length\":null,\"iso\":null,\"shutter_speed\":null,\"title\":\"Esca\",\"orientation\":\"1\",\"keywords\":null},\"thumbnail\":\"https:\\\/\\\/www.vignevin.com\\\/wp-content\\\/uploads\\\/2019\\\/03\\\/IFV_Esca_3-150x150.jpg\",\"medium\":\"https:\\\/\\\/www.vignevin.com\\\/wp-content\\\/uploads\\\/2019\\\/03\\\/IFV_Esca_3-191x300.jpg\",\"medium_large\":\"https:\\\/\\\/www.vignevin.com\\\/wp-content\\\/uploads\\\/2019\\\/03\\\/IFV_Esca_3-768x1205.jpg\",\"large\":\"https:\\\/\\\/www.vignevin.com\\\/wp-content\\\/uploads\\\/2019\\\/03\\\/IFV_Esca_3-653x1024.jpg\",\"1536x1536\":\"https:\\\/\\\/www.vignevin.com\\\/wp-content\\\/uploads\\\/2019\\\/03\\\/IFV_Esca_3.jpg\",\"2048x2048\":\"https:\\\/\\\/www.vignevin.com\\\/wp-content\\\/uploads\\\/2019\\\/03\\\/IFV_Esca_3.jpg\",\"et-pb-post-main-image\":\"https:\\\/\\\/www.vignevin.com\\\/wp-content\\\/uploads\\\/2019\\\/03\\\/IFV_Esca_3-400x250.jpg\",\"et-pb-post-main-image-fullwidth\":\"https:\\\/\\\/www.vignevin.com\\\/wp-content\\\/uploads\\\/2019\\\/03\\\/IFV_Esca_3-968x675.jpg\",\"et-pb-portfolio-image\":\"https:\\\/\\\/www.vignevin.com\\\/wp-content\\\/uploads\\\/2019\\\/03\\\/IFV_Esca_3-400x284.jpg\",\"et-pb-portfolio-module-image\":\"https:\\\/\\\/www.vignevin.com\\\/wp-content\\\/uploads\\\/2019\\\/03\\\/IFV_Esca_3-510x382.jpg\",\"et-pb-portfolio-image-single\":\"https:\\\/\\\/www.vignevin.com\\\/wp-content\\\/uploads\\\/2019\\\/03\\\/IFV_Esca_3.jpg\",\"et-pb-gallery-module-image-portrait\":\"https:\\\/\\\/www.vignevin.com\\\/wp-content\\\/uploads\\\/2019\\\/03\\\/IFV_Esca_3-400x516.jpg\",\"et-pb-post-main-image-fullwidth-large\":\"https:\\\/\\\/www.vignevin.com\\\/wp-content\\\/uploads\\\/2019\\\/03\\\/IFV_Esca_3.jpg\",\"et-pb-image--responsive--desktop\":\"https:\\\/\\\/www.vignevin.com\\\/wp-content\\\/uploads\\\/2019\\\/03\\\/IFV_Esca_3.jpg\",\"et-pb-image--responsive--tablet\":\"https:\\\/\\\/www.vignevin.com\\\/wp-content\\\/uploads\\\/2019\\\/03\\\/IFV_Esca_3.jpg\",\"et-pb-image--responsive--phone\":\"https:\\\/\\\/www.vignevin.com\\\/wp-content\\\/uploads\\\/2019\\\/03\\\/IFV_Esca_3.jpg\",\"gform-image-choice-sm\":\"https:\\\/\\\/www.vignevin.com\\\/wp-content\\\/uploads\\\/2019\\\/03\\\/IFV_Esca_3.jpg\",\"gform-image-choice-md\":\"https:\\\/\\\/www.vignevin.com\\\/wp-content\\\/uploads\\\/2019\\\/03\\\/IFV_Esca_3.jpg\",\"gform-image-choice-lg\":\"https:\\\/\\\/www.vignevin.com\\\/wp-content\\\/uploads\\\/2019\\\/03\\\/IFV_Esca_3.jpg\",\"woocommerce_thumbnail\":\"https:\\\/\\\/www.vignevin.com\\\/wp-content\\\/uploads\\\/2019\\\/03\\\/IFV_Esca_3-300x300.jpg\",\"woocommerce_single\":\"https:\\\/\\\/www.vignevin.com\\\/wp-content\\\/uploads\\\/2019\\\/03\\\/IFV_Esca_3-600x942.jpg\",\"woocommerce_gallery_thumbnail\":\"https:\\\/\\\/www.vignevin.com\\\/wp-content\\\/uploads\\\/2019\\\/03\\\/IFV_Esca_3-100x100.jpg\",\"full\":\"https:\\\/\\\/www.vignevin.com\\\/wp-content\\\/uploads\\\/2019\\\/03\\\/IFV_Esca_3.jpg\",\"index\":3,\"id\":7054,\"video\":false,\"opts\":{\"caption\":\"\",\"thumb\":\"https:\\\/\\\/www.vignevin.com\\\/wp-content\\\/uploads\\\/2019\\\/03\\\/IFV_Esca_3-75x50_c.jpg\",\"title\":\"Esca\"},\"gallery_id\":\"17413\"},\"7055\":{\"status\":\"active\",\"src\":\"https:\\\/\\\/www.vignevin.com\\\/wp-content\\\/uploads\\\/2019\\\/03\\\/IFV_Esca_10.jpg\",\"title\":\"\",\"link\":\"https:\\\/\\\/www.vignevin.com\\\/wp-content\\\/uploads\\\/2019\\\/03\\\/IFV_Esca_10.jpg\",\"alt\":\"\",\"caption\":false,\"thumb\":\"https:\\\/\\\/www.vignevin.com\\\/wp-content\\\/uploads\\\/2019\\\/03\\\/IFV_Esca_10-75x50_c.jpg\",\"meta\":{\"aperture\":null,\"credit\":null,\"camera\":null,\"caption\":\"\",\"created_timestamp\":null,\"copyright\":null,\"focal_length\":null,\"iso\":null,\"shutter_speed\":null,\"title\":\"\",\"orientation\":\"1\",\"keywords\":null},\"thumbnail\":\"https:\\\/\\\/www.vignevin.com\\\/wp-content\\\/uploads\\\/2019\\\/03\\\/IFV_Esca_10-150x150.jpg\",\"medium\":\"https:\\\/\\\/www.vignevin.com\\\/wp-content\\\/uploads\\\/2019\\\/03\\\/IFV_Esca_10-234x300.jpg\",\"medium_large\":\"https:\\\/\\\/www.vignevin.com\\\/wp-content\\\/uploads\\\/2019\\\/03\\\/IFV_Esca_10.jpg\",\"large\":\"https:\\\/\\\/www.vignevin.com\\\/wp-content\\\/uploads\\\/2019\\\/03\\\/IFV_Esca_10.jpg\",\"1536x1536\":\"https:\\\/\\\/www.vignevin.com\\\/wp-content\\\/uploads\\\/2019\\\/03\\\/IFV_Esca_10.jpg\",\"2048x2048\":\"https:\\\/\\\/www.vignevin.com\\\/wp-content\\\/uploads\\\/2019\\\/03\\\/IFV_Esca_10.jpg\",\"et-pb-post-main-image\":\"https:\\\/\\\/www.vignevin.com\\\/wp-content\\\/uploads\\\/2019\\\/03\\\/IFV_Esca_10-359x250.jpg\",\"et-pb-post-main-image-fullwidth\":\"https:\\\/\\\/www.vignevin.com\\\/wp-content\\\/uploads\\\/2019\\\/03\\\/IFV_Esca_10.jpg\",\"et-pb-portfolio-image\":\"https:\\\/\\\/www.vignevin.com\\\/wp-content\\\/uploads\\\/2019\\\/03\\\/IFV_Esca_10-359x284.jpg\",\"et-pb-portfolio-module-image\":\"https:\\\/\\\/www.vignevin.com\\\/wp-content\\\/uploads\\\/2019\\\/03\\\/IFV_Esca_10-359x382.jpg\",\"et-pb-portfolio-image-single\":\"https:\\\/\\\/www.vignevin.com\\\/wp-content\\\/uploads\\\/2019\\\/03\\\/IFV_Esca_10.jpg\",\"et-pb-gallery-module-image-portrait\":\"https:\\\/\\\/www.vignevin.com\\\/wp-content\\\/uploads\\\/2019\\\/03\\\/IFV_Esca_10.jpg\",\"et-pb-post-main-image-fullwidth-large\":\"https:\\\/\\\/www.vignevin.com\\\/wp-content\\\/uploads\\\/2019\\\/03\\\/IFV_Esca_10.jpg\",\"et-pb-image--responsive--desktop\":\"https:\\\/\\\/www.vignevin.com\\\/wp-content\\\/uploads\\\/2019\\\/03\\\/IFV_Esca_10.jpg\",\"et-pb-image--responsive--tablet\":\"https:\\\/\\\/www.vignevin.com\\\/wp-content\\\/uploads\\\/2019\\\/03\\\/IFV_Esca_10.jpg\",\"et-pb-image--responsive--phone\":\"https:\\\/\\\/www.vignevin.com\\\/wp-content\\\/uploads\\\/2019\\\/03\\\/IFV_Esca_10.jpg\",\"gform-image-choice-sm\":\"https:\\\/\\\/www.vignevin.com\\\/wp-content\\\/uploads\\\/2019\\\/03\\\/IFV_Esca_10.jpg\",\"gform-image-choice-md\":\"https:\\\/\\\/www.vignevin.com\\\/wp-content\\\/uploads\\\/2019\\\/03\\\/IFV_Esca_10.jpg\",\"gform-image-choice-lg\":\"https:\\\/\\\/www.vignevin.com\\\/wp-content\\\/uploads\\\/2019\\\/03\\\/IFV_Esca_10.jpg\",\"woocommerce_thumbnail\":\"https:\\\/\\\/www.vignevin.com\\\/wp-content\\\/uploads\\\/2019\\\/03\\\/IFV_Esca_10-300x300.jpg\",\"woocommerce_single\":\"https:\\\/\\\/www.vignevin.com\\\/wp-content\\\/uploads\\\/2019\\\/03\\\/IFV_Esca_10.jpg\",\"woocommerce_gallery_thumbnail\":\"https:\\\/\\\/www.vignevin.com\\\/wp-content\\\/uploads\\\/2019\\\/03\\\/IFV_Esca_10-100x100.jpg\",\"full\":\"https:\\\/\\\/www.vignevin.com\\\/wp-content\\\/uploads\\\/2019\\\/03\\\/IFV_Esca_10.jpg\",\"index\":4,\"id\":7055,\"video\":false,\"opts\":{\"caption\":\"\",\"thumb\":\"https:\\\/\\\/www.vignevin.com\\\/wp-content\\\/uploads\\\/2019\\\/03\\\/IFV_Esca_10-75x50_c.jpg\",\"title\":\"\"},\"gallery_id\":\"17413\"},\"7056\":{\"status\":\"active\",\"src\":\"https:\\\/\\\/www.vignevin.com\\\/wp-content\\\/uploads\\\/2019\\\/03\\\/IFV_EUTYPIOSE-scaled.jpg\",\"title\":\"Porteur tr&egrave;s touch&eacute; &ndash; Cordon clone 509 Bois Franc (Domaine de l&rsquo;Eclair)\",\"link\":\"https:\\\/\\\/www.vignevin.com\\\/wp-content\\\/uploads\\\/2019\\\/03\\\/IFV_EUTYPIOSE.jpg\",\"alt\":\"\",\"caption\":false,\"thumb\":\"https:\\\/\\\/www.vignevin.com\\\/wp-content\\\/uploads\\\/2019\\\/03\\\/IFV_EUTYPIOSE-scaled-75x50_c.jpg\",\"meta\":{\"aperture\":\"4\",\"credit\":null,\"camera\":\"Canon PowerShot A610\",\"caption\":\"Porteur tr\u00e8s touch\u00e9 - Cordon clone 509 Bois Franc (Domaine de l&&#163;39;Eclair)\",\"created_timestamp\":\"1185882270\",\"copyright\":\"IFV\",\"focal_length\":\"14.926\",\"iso\":null,\"shutter_speed\":\"0.002\",\"title\":\"Porteur tr\u00e8s touch\u00e9 - Cordon clone 509 Bois Franc (Domaine de l&&#163;39;Eclair)\",\"orientation\":\"1\",\"keywords\":null},\"thumbnail\":\"https:\\\/\\\/www.vignevin.com\\\/wp-content\\\/uploads\\\/2019\\\/03\\\/IFV_EUTYPIOSE-150x150.jpg\",\"medium\":\"https:\\\/\\\/www.vignevin.com\\\/wp-content\\\/uploads\\\/2019\\\/03\\\/IFV_EUTYPIOSE-225x300.jpg\",\"medium_large\":\"https:\\\/\\\/www.vignevin.com\\\/wp-content\\\/uploads\\\/2019\\\/03\\\/IFV_EUTYPIOSE-768x1024.jpg\",\"large\":\"https:\\\/\\\/www.vignevin.com\\\/wp-content\\\/uploads\\\/2019\\\/03\\\/IFV_EUTYPIOSE-768x1024.jpg\",\"1536x1536\":\"https:\\\/\\\/www.vignevin.com\\\/wp-content\\\/uploads\\\/2019\\\/03\\\/IFV_EUTYPIOSE-scaled.jpg\",\"2048x2048\":\"https:\\\/\\\/www.vignevin.com\\\/wp-content\\\/uploads\\\/2019\\\/03\\\/IFV_EUTYPIOSE-scaled.jpg\",\"et-pb-post-main-image\":\"https:\\\/\\\/www.vignevin.com\\\/wp-content\\\/uploads\\\/2019\\\/03\\\/IFV_EUTYPIOSE-400x250.jpg\",\"et-pb-post-main-image-fullwidth\":\"https:\\\/\\\/www.vignevin.com\\\/wp-content\\\/uploads\\\/2019\\\/03\\\/IFV_EUTYPIOSE-1080x675.jpg\",\"et-pb-portfolio-image\":\"https:\\\/\\\/www.vignevin.com\\\/wp-content\\\/uploads\\\/2019\\\/03\\\/IFV_EUTYPIOSE-400x284.jpg\",\"et-pb-portfolio-module-image\":\"https:\\\/\\\/www.vignevin.com\\\/wp-content\\\/uploads\\\/2019\\\/03\\\/IFV_EUTYPIOSE-510x382.jpg\",\"et-pb-portfolio-image-single\":\"https:\\\/\\\/www.vignevin.com\\\/wp-content\\\/uploads\\\/2019\\\/03\\\/IFV_EUTYPIOSE-1080x1440.jpg\",\"et-pb-gallery-module-image-portrait\":\"https:\\\/\\\/www.vignevin.com\\\/wp-content\\\/uploads\\\/2019\\\/03\\\/IFV_EUTYPIOSE-400x516.jpg\",\"et-pb-post-main-image-fullwidth-large\":\"https:\\\/\\\/www.vignevin.com\\\/wp-content\\\/uploads\\\/2019\\\/03\\\/IFV_EUTYPIOSE-1944x1800.jpg\",\"et-pb-image--responsive--desktop\":\"https:\\\/\\\/www.vignevin.com\\\/wp-content\\\/uploads\\\/2019\\\/03\\\/IFV_EUTYPIOSE-scaled.jpg\",\"et-pb-image--responsive--tablet\":\"https:\\\/\\\/www.vignevin.com\\\/wp-content\\\/uploads\\\/2019\\\/03\\\/IFV_EUTYPIOSE-scaled.jpg\",\"et-pb-image--responsive--phone\":\"https:\\\/\\\/www.vignevin.com\\\/wp-content\\\/uploads\\\/2019\\\/03\\\/IFV_EUTYPIOSE-scaled.jpg\",\"gform-image-choice-sm\":\"https:\\\/\\\/www.vignevin.com\\\/wp-content\\\/uploads\\\/2019\\\/03\\\/IFV_EUTYPIOSE-scaled.jpg\",\"gform-image-choice-md\":\"https:\\\/\\\/www.vignevin.com\\\/wp-content\\\/uploads\\\/2019\\\/03\\\/IFV_EUTYPIOSE-scaled.jpg\",\"gform-image-choice-lg\":\"https:\\\/\\\/www.vignevin.com\\\/wp-content\\\/uploads\\\/2019\\\/03\\\/IFV_EUTYPIOSE-scaled.jpg\",\"woocommerce_thumbnail\":\"https:\\\/\\\/www.vignevin.com\\\/wp-content\\\/uploads\\\/2019\\\/03\\\/IFV_EUTYPIOSE-scaled-300x300.jpg\",\"woocommerce_single\":\"https:\\\/\\\/www.vignevin.com\\\/wp-content\\\/uploads\\\/2019\\\/03\\\/IFV_EUTYPIOSE-scaled-600x800.jpg\",\"woocommerce_gallery_thumbnail\":\"https:\\\/\\\/www.vignevin.com\\\/wp-content\\\/uploads\\\/2019\\\/03\\\/IFV_EUTYPIOSE-scaled-100x100.jpg\",\"full\":\"https:\\\/\\\/www.vignevin.com\\\/wp-content\\\/uploads\\\/2019\\\/03\\\/IFV_EUTYPIOSE-scaled.jpg\",\"index\":5,\"id\":7056,\"video\":false,\"opts\":{\"caption\":\"\",\"thumb\":\"https:\\\/\\\/www.vignevin.com\\\/wp-content\\\/uploads\\\/2019\\\/03\\\/IFV_EUTYPIOSE-scaled-75x50_c.jpg\",\"title\":\"Porteur tr&egrave;s touch&eacute; &ndash; Cordon clone 509 Bois Franc (Domaine de l&rsquo;Eclair)\"},\"gallery_id\":\"17413\"},\"7057\":{\"status\":\"active\",\"src\":\"https:\\\/\\\/www.vignevin.com\\\/wp-content\\\/uploads\\\/2019\\\/03\\\/IFV_Eutypiose1-scaled.jpg\",\"title\":\"eutypiose (Eutypa lata)\",\"link\":\"https:\\\/\\\/www.vignevin.com\\\/wp-content\\\/uploads\\\/2019\\\/03\\\/IFV_Eutypiose1.jpg\",\"alt\":\"\",\"caption\":false,\"thumb\":\"https:\\\/\\\/www.vignevin.com\\\/wp-content\\\/uploads\\\/2019\\\/03\\\/IFV_Eutypiose1-scaled-75x50_c.jpg\",\"meta\":{\"aperture\":null,\"credit\":\"Mackiewicz P.\",\"camera\":null,\"caption\":\"eutypiose (Eutypa lata)\",\"created_timestamp\":null,\"copyright\":\"IFV\",\"focal_length\":null,\"iso\":null,\"shutter_speed\":null,\"title\":\"eutypiose (Eutypa lata)\",\"orientation\":\"1\",\"keywords\":null},\"thumbnail\":\"https:\\\/\\\/www.vignevin.com\\\/wp-content\\\/uploads\\\/2019\\\/03\\\/IFV_Eutypiose1-150x150.jpg\",\"medium\":\"https:\\\/\\\/www.vignevin.com\\\/wp-content\\\/uploads\\\/2019\\\/03\\\/IFV_Eutypiose1-196x300.jpg\",\"medium_large\":\"https:\\\/\\\/www.vignevin.com\\\/wp-content\\\/uploads\\\/2019\\\/03\\\/IFV_Eutypiose1-768x1177.jpg\",\"large\":\"https:\\\/\\\/www.vignevin.com\\\/wp-content\\\/uploads\\\/2019\\\/03\\\/IFV_Eutypiose1-668x1024.jpg\",\"1536x1536\":\"https:\\\/\\\/www.vignevin.com\\\/wp-content\\\/uploads\\\/2019\\\/03\\\/IFV_Eutypiose1-scaled.jpg\",\"2048x2048\":\"https:\\\/\\\/www.vignevin.com\\\/wp-content\\\/uploads\\\/2019\\\/03\\\/IFV_Eutypiose1-scaled.jpg\",\"et-pb-post-main-image\":\"https:\\\/\\\/www.vignevin.com\\\/wp-content\\\/uploads\\\/2019\\\/03\\\/IFV_Eutypiose1-400x250.jpg\",\"et-pb-post-main-image-fullwidth\":\"https:\\\/\\\/www.vignevin.com\\\/wp-content\\\/uploads\\\/2019\\\/03\\\/IFV_Eutypiose1-1080x675.jpg\",\"et-pb-portfolio-image\":\"https:\\\/\\\/www.vignevin.com\\\/wp-content\\\/uploads\\\/2019\\\/03\\\/IFV_Eutypiose1-400x284.jpg\",\"et-pb-portfolio-module-image\":\"https:\\\/\\\/www.vignevin.com\\\/wp-content\\\/uploads\\\/2019\\\/03\\\/IFV_Eutypiose1-510x382.jpg\",\"et-pb-portfolio-image-single\":\"https:\\\/\\\/www.vignevin.com\\\/wp-content\\\/uploads\\\/2019\\\/03\\\/IFV_Eutypiose1-1080x1655.jpg\",\"et-pb-gallery-module-image-portrait\":\"https:\\\/\\\/www.vignevin.com\\\/wp-content\\\/uploads\\\/2019\\\/03\\\/IFV_Eutypiose1-400x516.jpg\",\"et-pb-post-main-image-fullwidth-large\":\"https:\\\/\\\/www.vignevin.com\\\/wp-content\\\/uploads\\\/2019\\\/03\\\/IFV_Eutypiose1-1927x1800.jpg\",\"et-pb-image--responsive--desktop\":\"https:\\\/\\\/www.vignevin.com\\\/wp-content\\\/uploads\\\/2019\\\/03\\\/IFV_Eutypiose1-scaled.jpg\",\"et-pb-image--responsive--tablet\":\"https:\\\/\\\/www.vignevin.com\\\/wp-content\\\/uploads\\\/2019\\\/03\\\/IFV_Eutypiose1-scaled.jpg\",\"et-pb-image--responsive--phone\":\"https:\\\/\\\/www.vignevin.com\\\/wp-content\\\/uploads\\\/2019\\\/03\\\/IFV_Eutypiose1-scaled.jpg\",\"gform-image-choice-sm\":\"https:\\\/\\\/www.vignevin.com\\\/wp-content\\\/uploads\\\/2019\\\/03\\\/IFV_Eutypiose1-scaled.jpg\",\"gform-image-choice-md\":\"https:\\\/\\\/www.vignevin.com\\\/wp-content\\\/uploads\\\/2019\\\/03\\\/IFV_Eutypiose1-scaled.jpg\",\"gform-image-choice-lg\":\"https:\\\/\\\/www.vignevin.com\\\/wp-content\\\/uploads\\\/2019\\\/03\\\/IFV_Eutypiose1-scaled.jpg\",\"woocommerce_thumbnail\":\"https:\\\/\\\/www.vignevin.com\\\/wp-content\\\/uploads\\\/2019\\\/03\\\/IFV_Eutypiose1-scaled-300x300.jpg\",\"woocommerce_single\":\"https:\\\/\\\/www.vignevin.com\\\/wp-content\\\/uploads\\\/2019\\\/03\\\/IFV_Eutypiose1-scaled-600x919.jpg\",\"woocommerce_gallery_thumbnail\":\"https:\\\/\\\/www.vignevin.com\\\/wp-content\\\/uploads\\\/2019\\\/03\\\/IFV_Eutypiose1-scaled-100x100.jpg\",\"full\":\"https:\\\/\\\/www.vignevin.com\\\/wp-content\\\/uploads\\\/2019\\\/03\\\/IFV_Eutypiose1-scaled.jpg\",\"index\":6,\"id\":7057,\"video\":false,\"opts\":{\"caption\":\"\",\"thumb\":\"https:\\\/\\\/www.vignevin.com\\\/wp-content\\\/uploads\\\/2019\\\/03\\\/IFV_Eutypiose1-scaled-75x50_c.jpg\",\"title\":\"eutypiose (Eutypa lata)\"},\"gallery_id\":\"17413\"},\"7058\":{\"status\":\"active\",\"src\":\"https:\\\/\\\/www.vignevin.com\\\/wp-content\\\/uploads\\\/2019\\\/03\\\/IFV_MILDIOU.jpg\",\"title\":\"Mildiou\",\"link\":\"https:\\\/\\\/www.vignevin.com\\\/wp-content\\\/uploads\\\/2019\\\/03\\\/IFV_MILDIOU.jpg\",\"alt\":\"\",\"caption\":false,\"thumb\":\"https:\\\/\\\/www.vignevin.com\\\/wp-content\\\/uploads\\\/2019\\\/03\\\/IFV_MILDIOU-75x50_c.jpg\",\"meta\":{\"aperture\":\"5.6\",\"credit\":null,\"camera\":\"E4500\",\"caption\":\"Mildiou\",\"created_timestamp\":\"1149076532\",\"copyright\":\"IFV\",\"focal_length\":\"12.6\",\"iso\":\"100\",\"shutter_speed\":\"0.0087336244541485\",\"title\":\"Mildiou\",\"orientation\":\"1\",\"keywords\":null},\"thumbnail\":\"https:\\\/\\\/www.vignevin.com\\\/wp-content\\\/uploads\\\/2019\\\/03\\\/IFV_MILDIOU-150x150.jpg\",\"medium\":\"https:\\\/\\\/www.vignevin.com\\\/wp-content\\\/uploads\\\/2019\\\/03\\\/IFV_MILDIOU-300x225.jpg\",\"medium_large\":\"https:\\\/\\\/www.vignevin.com\\\/wp-content\\\/uploads\\\/2019\\\/03\\\/IFV_MILDIOU-768x576.jpg\",\"large\":\"https:\\\/\\\/www.vignevin.com\\\/wp-content\\\/uploads\\\/2019\\\/03\\\/IFV_MILDIOU-1024x768.jpg\",\"1536x1536\":\"https:\\\/\\\/www.vignevin.com\\\/wp-content\\\/uploads\\\/2019\\\/03\\\/IFV_MILDIOU.jpg\",\"2048x2048\":\"https:\\\/\\\/www.vignevin.com\\\/wp-content\\\/uploads\\\/2019\\\/03\\\/IFV_MILDIOU.jpg\",\"et-pb-post-main-image\":\"https:\\\/\\\/www.vignevin.com\\\/wp-content\\\/uploads\\\/2019\\\/03\\\/IFV_MILDIOU-400x250.jpg\",\"et-pb-post-main-image-fullwidth\":\"https:\\\/\\\/www.vignevin.com\\\/wp-content\\\/uploads\\\/2019\\\/03\\\/IFV_MILDIOU-1080x675.jpg\",\"et-pb-portfolio-image\":\"https:\\\/\\\/www.vignevin.com\\\/wp-content\\\/uploads\\\/2019\\\/03\\\/IFV_MILDIOU-400x284.jpg\",\"et-pb-portfolio-module-image\":\"https:\\\/\\\/www.vignevin.com\\\/wp-content\\\/uploads\\\/2019\\\/03\\\/IFV_MILDIOU-510x382.jpg\",\"et-pb-portfolio-image-single\":\"https:\\\/\\\/www.vignevin.com\\\/wp-content\\\/uploads\\\/2019\\\/03\\\/IFV_MILDIOU-1080x810.jpg\",\"et-pb-gallery-module-image-portrait\":\"https:\\\/\\\/www.vignevin.com\\\/wp-content\\\/uploads\\\/2019\\\/03\\\/IFV_MILDIOU-400x516.jpg\",\"et-pb-post-main-image-fullwidth-large\":\"https:\\\/\\\/www.vignevin.com\\\/wp-content\\\/uploads\\\/2019\\\/03\\\/IFV_MILDIOU.jpg\",\"et-pb-image--responsive--desktop\":\"https:\\\/\\\/www.vignevin.com\\\/wp-content\\\/uploads\\\/2019\\\/03\\\/IFV_MILDIOU.jpg\",\"et-pb-image--responsive--tablet\":\"https:\\\/\\\/www.vignevin.com\\\/wp-content\\\/uploads\\\/2019\\\/03\\\/IFV_MILDIOU.jpg\",\"et-pb-image--responsive--phone\":\"https:\\\/\\\/www.vignevin.com\\\/wp-content\\\/uploads\\\/2019\\\/03\\\/IFV_MILDIOU.jpg\",\"gform-image-choice-sm\":\"https:\\\/\\\/www.vignevin.com\\\/wp-content\\\/uploads\\\/2019\\\/03\\\/IFV_MILDIOU.jpg\",\"gform-image-choice-md\":\"https:\\\/\\\/www.vignevin.com\\\/wp-content\\\/uploads\\\/2019\\\/03\\\/IFV_MILDIOU.jpg\",\"gform-image-choice-lg\":\"https:\\\/\\\/www.vignevin.com\\\/wp-content\\\/uploads\\\/2019\\\/03\\\/IFV_MILDIOU.jpg\",\"woocommerce_thumbnail\":\"https:\\\/\\\/www.vignevin.com\\\/wp-content\\\/uploads\\\/2019\\\/03\\\/IFV_MILDIOU-300x300.jpg\",\"woocommerce_single\":\"https:\\\/\\\/www.vignevin.com\\\/wp-content\\\/uploads\\\/2019\\\/03\\\/IFV_MILDIOU-600x450.jpg\",\"woocommerce_gallery_thumbnail\":\"https:\\\/\\\/www.vignevin.com\\\/wp-content\\\/uploads\\\/2019\\\/03\\\/IFV_MILDIOU-100x100.jpg\",\"full\":\"https:\\\/\\\/www.vignevin.com\\\/wp-content\\\/uploads\\\/2019\\\/03\\\/IFV_MILDIOU.jpg\",\"index\":7,\"id\":7058,\"video\":false,\"opts\":{\"caption\":\"\",\"thumb\":\"https:\\\/\\\/www.vignevin.com\\\/wp-content\\\/uploads\\\/2019\\\/03\\\/IFV_MILDIOU-75x50_c.jpg\",\"title\":\"Mildiou\"},\"gallery_id\":\"17413\"},\"7059\":{\"status\":\"active\",\"src\":\"https:\\\/\\\/www.vignevin.com\\\/wp-content\\\/uploads\\\/2019\\\/03\\\/Mildiou-scaled.jpg\",\"title\":\"Mildiou sur feuille\",\"link\":\"https:\\\/\\\/www.vignevin.com\\\/wp-content\\\/uploads\\\/2019\\\/03\\\/Mildiou.jpg\",\"alt\":\"\",\"caption\":false,\"thumb\":\"https:\\\/\\\/www.vignevin.com\\\/wp-content\\\/uploads\\\/2019\\\/03\\\/Mildiou-scaled-75x50_c.jpg\",\"meta\":{\"aperture\":null,\"credit\":\"Mackiewicz P.\",\"camera\":null,\"caption\":\"Mildiou sur feuille\",\"created_timestamp\":null,\"copyright\":\"IFV\",\"focal_length\":null,\"iso\":null,\"shutter_speed\":null,\"title\":\"Mildiou sur feuille\",\"orientation\":\"1\",\"keywords\":null},\"thumbnail\":\"https:\\\/\\\/www.vignevin.com\\\/wp-content\\\/uploads\\\/2019\\\/03\\\/Mildiou-150x150.jpg\",\"medium\":\"https:\\\/\\\/www.vignevin.com\\\/wp-content\\\/uploads\\\/2019\\\/03\\\/Mildiou-300x196.jpg\",\"medium_large\":\"https:\\\/\\\/www.vignevin.com\\\/wp-content\\\/uploads\\\/2019\\\/03\\\/Mildiou-768x501.jpg\",\"large\":\"https:\\\/\\\/www.vignevin.com\\\/wp-content\\\/uploads\\\/2019\\\/03\\\/Mildiou-1024x668.jpg\",\"1536x1536\":\"https:\\\/\\\/www.vignevin.com\\\/wp-content\\\/uploads\\\/2019\\\/03\\\/Mildiou-scaled.jpg\",\"2048x2048\":\"https:\\\/\\\/www.vignevin.com\\\/wp-content\\\/uploads\\\/2019\\\/03\\\/Mildiou-scaled.jpg\",\"et-pb-post-main-image\":\"https:\\\/\\\/www.vignevin.com\\\/wp-content\\\/uploads\\\/2019\\\/03\\\/Mildiou-400x250.jpg\",\"et-pb-post-main-image-fullwidth\":\"https:\\\/\\\/www.vignevin.com\\\/wp-content\\\/uploads\\\/2019\\\/03\\\/Mildiou-1080x675.jpg\",\"et-pb-portfolio-image\":\"https:\\\/\\\/www.vignevin.com\\\/wp-content\\\/uploads\\\/2019\\\/03\\\/Mildiou-400x284.jpg\",\"et-pb-portfolio-module-image\":\"https:\\\/\\\/www.vignevin.com\\\/wp-content\\\/uploads\\\/2019\\\/03\\\/Mildiou-510x382.jpg\",\"et-pb-portfolio-image-single\":\"https:\\\/\\\/www.vignevin.com\\\/wp-content\\\/uploads\\\/2019\\\/03\\\/Mildiou-1080x705.jpg\",\"et-pb-gallery-module-image-portrait\":\"https:\\\/\\\/www.vignevin.com\\\/wp-content\\\/uploads\\\/2019\\\/03\\\/Mildiou-400x516.jpg\",\"et-pb-post-main-image-fullwidth-large\":\"https:\\\/\\\/www.vignevin.com\\\/wp-content\\\/uploads\\\/2019\\\/03\\\/Mildiou-2880x1800.jpg\",\"et-pb-image--responsive--desktop\":\"https:\\\/\\\/www.vignevin.com\\\/wp-content\\\/uploads\\\/2019\\\/03\\\/Mildiou-scaled.jpg\",\"et-pb-image--responsive--tablet\":\"https:\\\/\\\/www.vignevin.com\\\/wp-content\\\/uploads\\\/2019\\\/03\\\/Mildiou-scaled.jpg\",\"et-pb-image--responsive--phone\":\"https:\\\/\\\/www.vignevin.com\\\/wp-content\\\/uploads\\\/2019\\\/03\\\/Mildiou-scaled.jpg\",\"gform-image-choice-sm\":\"https:\\\/\\\/www.vignevin.com\\\/wp-content\\\/uploads\\\/2019\\\/03\\\/Mildiou-scaled.jpg\",\"gform-image-choice-md\":\"https:\\\/\\\/www.vignevin.com\\\/wp-content\\\/uploads\\\/2019\\\/03\\\/Mildiou-scaled.jpg\",\"gform-image-choice-lg\":\"https:\\\/\\\/www.vignevin.com\\\/wp-content\\\/uploads\\\/2019\\\/03\\\/Mildiou-scaled.jpg\",\"woocommerce_thumbnail\":\"https:\\\/\\\/www.vignevin.com\\\/wp-content\\\/uploads\\\/2019\\\/03\\\/Mildiou-scaled-300x300.jpg\",\"woocommerce_single\":\"https:\\\/\\\/www.vignevin.com\\\/wp-content\\\/uploads\\\/2019\\\/03\\\/Mildiou-scaled-600x391.jpg\",\"woocommerce_gallery_thumbnail\":\"https:\\\/\\\/www.vignevin.com\\\/wp-content\\\/uploads\\\/2019\\\/03\\\/Mildiou-scaled-100x100.jpg\",\"full\":\"https:\\\/\\\/www.vignevin.com\\\/wp-content\\\/uploads\\\/2019\\\/03\\\/Mildiou-scaled.jpg\",\"index\":8,\"id\":7059,\"video\":false,\"opts\":{\"caption\":\"\",\"thumb\":\"https:\\\/\\\/www.vignevin.com\\\/wp-content\\\/uploads\\\/2019\\\/03\\\/Mildiou-scaled-75x50_c.jpg\",\"title\":\"Mildiou sur feuille\"},\"gallery_id\":\"17413\"},\"7060\":{\"status\":\"active\",\"src\":\"https:\\\/\\\/www.vignevin.com\\\/wp-content\\\/uploads\\\/2019\\\/03\\\/PIED_NOIR_4.jpg\",\"title\":\"PIED_NOIR_4\",\"link\":\"https:\\\/\\\/www.vignevin.com\\\/wp-content\\\/uploads\\\/2019\\\/03\\\/PIED_NOIR_4.jpg\",\"alt\":\"\",\"caption\":false,\"thumb\":\"https:\\\/\\\/www.vignevin.com\\\/wp-content\\\/uploads\\\/2019\\\/03\\\/PIED_NOIR_4-75x50_c.jpg\",\"meta\":{\"aperture\":null,\"credit\":null,\"camera\":null,\"caption\":\"\",\"created_timestamp\":null,\"copyright\":null,\"focal_length\":null,\"iso\":null,\"shutter_speed\":null,\"title\":\"\",\"orientation\":null,\"keywords\":null},\"thumbnail\":\"https:\\\/\\\/www.vignevin.com\\\/wp-content\\\/uploads\\\/2019\\\/03\\\/PIED_NOIR_4-150x150.jpg\",\"medium\":\"https:\\\/\\\/www.vignevin.com\\\/wp-content\\\/uploads\\\/2019\\\/03\\\/PIED_NOIR_4-197x300.jpg\",\"medium_large\":\"https:\\\/\\\/www.vignevin.com\\\/wp-content\\\/uploads\\\/2019\\\/03\\\/PIED_NOIR_4.jpg\",\"large\":\"https:\\\/\\\/www.vignevin.com\\\/wp-content\\\/uploads\\\/2019\\\/03\\\/PIED_NOIR_4.jpg\",\"1536x1536\":\"https:\\\/\\\/www.vignevin.com\\\/wp-content\\\/uploads\\\/2019\\\/03\\\/PIED_NOIR_4.jpg\",\"2048x2048\":\"https:\\\/\\\/www.vignevin.com\\\/wp-content\\\/uploads\\\/2019\\\/03\\\/PIED_NOIR_4.jpg\",\"et-pb-post-main-image\":\"https:\\\/\\\/www.vignevin.com\\\/wp-content\\\/uploads\\\/2019\\\/03\\\/PIED_NOIR_4-255x250.jpg\",\"et-pb-post-main-image-fullwidth\":\"https:\\\/\\\/www.vignevin.com\\\/wp-content\\\/uploads\\\/2019\\\/03\\\/PIED_NOIR_4.jpg\",\"et-pb-portfolio-image\":\"https:\\\/\\\/www.vignevin.com\\\/wp-content\\\/uploads\\\/2019\\\/03\\\/PIED_NOIR_4-255x284.jpg\",\"et-pb-portfolio-module-image\":\"https:\\\/\\\/www.vignevin.com\\\/wp-content\\\/uploads\\\/2019\\\/03\\\/PIED_NOIR_4-255x382.jpg\",\"et-pb-portfolio-image-single\":\"https:\\\/\\\/www.vignevin.com\\\/wp-content\\\/uploads\\\/2019\\\/03\\\/PIED_NOIR_4.jpg\",\"et-pb-gallery-module-image-portrait\":\"https:\\\/\\\/www.vignevin.com\\\/wp-content\\\/uploads\\\/2019\\\/03\\\/PIED_NOIR_4.jpg\",\"et-pb-post-main-image-fullwidth-large\":\"https:\\\/\\\/www.vignevin.com\\\/wp-content\\\/uploads\\\/2019\\\/03\\\/PIED_NOIR_4.jpg\",\"et-pb-image--responsive--desktop\":\"https:\\\/\\\/www.vignevin.com\\\/wp-content\\\/uploads\\\/2019\\\/03\\\/PIED_NOIR_4.jpg\",\"et-pb-image--responsive--tablet\":\"https:\\\/\\\/www.vignevin.com\\\/wp-content\\\/uploads\\\/2019\\\/03\\\/PIED_NOIR_4.jpg\",\"et-pb-image--responsive--phone\":\"https:\\\/\\\/www.vignevin.com\\\/wp-content\\\/uploads\\\/2019\\\/03\\\/PIED_NOIR_4.jpg\",\"gform-image-choice-sm\":\"https:\\\/\\\/www.vignevin.com\\\/wp-content\\\/uploads\\\/2019\\\/03\\\/PIED_NOIR_4.jpg\",\"gform-image-choice-md\":\"https:\\\/\\\/www.vignevin.com\\\/wp-content\\\/uploads\\\/2019\\\/03\\\/PIED_NOIR_4.jpg\",\"gform-image-choice-lg\":\"https:\\\/\\\/www.vignevin.com\\\/wp-content\\\/uploads\\\/2019\\\/03\\\/PIED_NOIR_4.jpg\",\"woocommerce_thumbnail\":\"https:\\\/\\\/www.vignevin.com\\\/wp-content\\\/uploads\\\/2019\\\/03\\\/PIED_NOIR_4-255x300.jpg\",\"woocommerce_single\":\"https:\\\/\\\/www.vignevin.com\\\/wp-content\\\/uploads\\\/2019\\\/03\\\/PIED_NOIR_4.jpg\",\"woocommerce_gallery_thumbnail\":\"https:\\\/\\\/www.vignevin.com\\\/wp-content\\\/uploads\\\/2019\\\/03\\\/PIED_NOIR_4-100x100.jpg\",\"full\":\"https:\\\/\\\/www.vignevin.com\\\/wp-content\\\/uploads\\\/2019\\\/03\\\/PIED_NOIR_4.jpg\",\"index\":9,\"id\":7060,\"video\":false,\"opts\":{\"caption\":\"\",\"thumb\":\"https:\\\/\\\/www.vignevin.com\\\/wp-content\\\/uploads\\\/2019\\\/03\\\/PIED_NOIR_4-75x50_c.jpg\",\"title\":\"PIED_NOIR_4\"},\"gallery_id\":\"17413\"},\"9876\":{\"status\":\"active\",\"src\":\"https:\\\/\\\/www.vignevin.com\\\/wp-content\\\/uploads\\\/2019\\\/03\\\/D\u00e9p\u00e9rissement-de-la-Syrah-rougissements-caract\u00e9ristiques.jpg\",\"title\":\"OLYMPUS DIGITAL CAMERA\",\"link\":\"https:\\\/\\\/www.vignevin.com\\\/wp-content\\\/uploads\\\/2019\\\/03\\\/D\u00e9p\u00e9rissement-de-la-Syrah-rougissements-caract\u00e9ristiques.jpg\",\"alt\":\"\",\"caption\":\"OLYMPUS DIGITAL CAMERA\",\"thumb\":\"https:\\\/\\\/www.vignevin.com\\\/wp-content\\\/uploads\\\/2019\\\/03\\\/D\u00e9p\u00e9rissement-de-la-Syrah-rougissements-caract\u00e9ristiques-75x50_c.jpg\",\"meta\":{\"aperture\":\"4\",\"credit\":null,\"camera\":\"C-5000Z\",\"caption\":\"OLYMPUS DIGITAL CAMERA\",\"created_timestamp\":\"1222360910\",\"copyright\":null,\"focal_length\":\"7.8\",\"iso\":\"50\",\"shutter_speed\":\"0.033333333333333\",\"title\":\"OLYMPUS DIGITAL CAMERA\",\"orientation\":\"1\",\"keywords\":null},\"thumbnail\":\"https:\\\/\\\/www.vignevin.com\\\/wp-content\\\/uploads\\\/2019\\\/03\\\/D\u00e9p\u00e9rissement-de-la-Syrah-rougissements-caract\u00e9ristiques-150x150.jpg\",\"medium\":\"https:\\\/\\\/www.vignevin.com\\\/wp-content\\\/uploads\\\/2019\\\/03\\\/D\u00e9p\u00e9rissement-de-la-Syrah-rougissements-caract\u00e9ristiques-300x225.jpg\",\"medium_large\":\"https:\\\/\\\/www.vignevin.com\\\/wp-content\\\/uploads\\\/2019\\\/03\\\/D\u00e9p\u00e9rissement-de-la-Syrah-rougissements-caract\u00e9ristiques-768x576.jpg\",\"large\":\"https:\\\/\\\/www.vignevin.com\\\/wp-content\\\/uploads\\\/2019\\\/03\\\/D\u00e9p\u00e9rissement-de-la-Syrah-rougissements-caract\u00e9ristiques-1024x768.jpg\",\"1536x1536\":\"https:\\\/\\\/www.vignevin.com\\\/wp-content\\\/uploads\\\/2019\\\/03\\\/D\u00e9p\u00e9rissement-de-la-Syrah-rougissements-caract\u00e9ristiques.jpg\",\"2048x2048\":\"https:\\\/\\\/www.vignevin.com\\\/wp-content\\\/uploads\\\/2019\\\/03\\\/D\u00e9p\u00e9rissement-de-la-Syrah-rougissements-caract\u00e9ristiques.jpg\",\"et-pb-post-main-image\":\"https:\\\/\\\/www.vignevin.com\\\/wp-content\\\/uploads\\\/2019\\\/03\\\/D\u00e9p\u00e9rissement-de-la-Syrah-rougissements-caract\u00e9ristiques-400x250.jpg\",\"et-pb-post-main-image-fullwidth\":\"https:\\\/\\\/www.vignevin.com\\\/wp-content\\\/uploads\\\/2019\\\/03\\\/D\u00e9p\u00e9rissement-de-la-Syrah-rougissements-caract\u00e9ristiques-1080x675.jpg\",\"et-pb-portfolio-image\":\"https:\\\/\\\/www.vignevin.com\\\/wp-content\\\/uploads\\\/2019\\\/03\\\/D\u00e9p\u00e9rissement-de-la-Syrah-rougissements-caract\u00e9ristiques-400x284.jpg\",\"et-pb-portfolio-module-image\":\"https:\\\/\\\/www.vignevin.com\\\/wp-content\\\/uploads\\\/2019\\\/03\\\/D\u00e9p\u00e9rissement-de-la-Syrah-rougissements-caract\u00e9ristiques-510x382.jpg\",\"et-pb-portfolio-image-single\":\"https:\\\/\\\/www.vignevin.com\\\/wp-content\\\/uploads\\\/2019\\\/03\\\/D\u00e9p\u00e9rissement-de-la-Syrah-rougissements-caract\u00e9ristiques-1080x810.jpg\",\"et-pb-gallery-module-image-portrait\":\"https:\\\/\\\/www.vignevin.com\\\/wp-content\\\/uploads\\\/2019\\\/03\\\/D\u00e9p\u00e9rissement-de-la-Syrah-rougissements-caract\u00e9ristiques-400x516.jpg\",\"et-pb-post-main-image-fullwidth-large\":\"https:\\\/\\\/www.vignevin.com\\\/wp-content\\\/uploads\\\/2019\\\/03\\\/D\u00e9p\u00e9rissement-de-la-Syrah-rougissements-caract\u00e9ristiques.jpg\",\"et-pb-image--responsive--desktop\":\"https:\\\/\\\/www.vignevin.com\\\/wp-content\\\/uploads\\\/2019\\\/03\\\/D\u00e9p\u00e9rissement-de-la-Syrah-rougissements-caract\u00e9ristiques.jpg\",\"et-pb-image--responsive--tablet\":\"https:\\\/\\\/www.vignevin.com\\\/wp-content\\\/uploads\\\/2019\\\/03\\\/D\u00e9p\u00e9rissement-de-la-Syrah-rougissements-caract\u00e9ristiques.jpg\",\"et-pb-image--responsive--phone\":\"https:\\\/\\\/www.vignevin.com\\\/wp-content\\\/uploads\\\/2019\\\/03\\\/D\u00e9p\u00e9rissement-de-la-Syrah-rougissements-caract\u00e9ristiques.jpg\",\"gform-image-choice-sm\":\"https:\\\/\\\/www.vignevin.com\\\/wp-content\\\/uploads\\\/2019\\\/03\\\/D\u00e9p\u00e9rissement-de-la-Syrah-rougissements-caract\u00e9ristiques.jpg\",\"gform-image-choice-md\":\"https:\\\/\\\/www.vignevin.com\\\/wp-content\\\/uploads\\\/2019\\\/03\\\/D\u00e9p\u00e9rissement-de-la-Syrah-rougissements-caract\u00e9ristiques.jpg\",\"gform-image-choice-lg\":\"https:\\\/\\\/www.vignevin.com\\\/wp-content\\\/uploads\\\/2019\\\/03\\\/D\u00e9p\u00e9rissement-de-la-Syrah-rougissements-caract\u00e9ristiques.jpg\",\"woocommerce_thumbnail\":\"https:\\\/\\\/www.vignevin.com\\\/wp-content\\\/uploads\\\/2019\\\/03\\\/D\u00e9p\u00e9rissement-de-la-Syrah-rougissements-caract\u00e9ristiques-300x300.jpg\",\"woocommerce_single\":\"https:\\\/\\\/www.vignevin.com\\\/wp-content\\\/uploads\\\/2019\\\/03\\\/D\u00e9p\u00e9rissement-de-la-Syrah-rougissements-caract\u00e9ristiques-600x450.jpg\",\"woocommerce_gallery_thumbnail\":\"https:\\\/\\\/www.vignevin.com\\\/wp-content\\\/uploads\\\/2019\\\/03\\\/D\u00e9p\u00e9rissement-de-la-Syrah-rougissements-caract\u00e9ristiques-100x100.jpg\",\"full\":\"https:\\\/\\\/www.vignevin.com\\\/wp-content\\\/uploads\\\/2019\\\/03\\\/D\u00e9p\u00e9rissement-de-la-Syrah-rougissements-caract\u00e9ristiques.jpg\",\"index\":10,\"id\":9876,\"video\":false,\"opts\":{\"caption\":\"OLYMPUS DIGITAL CAMERA\",\"thumb\":\"https:\\\/\\\/www.vignevin.com\\\/wp-content\\\/uploads\\\/2019\\\/03\\\/D\u00e9p\u00e9rissement-de-la-Syrah-rougissements-caract\u00e9ristiques-75x50_c.jpg\",\"title\":\"OLYMPUS DIGITAL CAMERA\"},\"gallery_id\":\"17413\"},\"9877\":{\"status\":\"active\",\"src\":\"https:\\\/\\\/www.vignevin.com\\\/wp-content\\\/uploads\\\/2019\\\/03\\\/Red-Blotch-sur-Gamay-souche-saine-et-atteinte.jpg\",\"title\":\"Red Blotch sur Gamay souche saine et atteinte\",\"link\":\"https:\\\/\\\/www.vignevin.com\\\/wp-content\\\/uploads\\\/2019\\\/03\\\/Red-Blotch-sur-Gamay-souche-saine-et-atteinte.jpg\",\"alt\":\"\",\"caption\":false,\"thumb\":\"https:\\\/\\\/www.vignevin.com\\\/wp-content\\\/uploads\\\/2019\\\/03\\\/Red-Blotch-sur-Gamay-souche-saine-et-atteinte-75x50_c.jpg\",\"meta\":{\"aperture\":null,\"credit\":null,\"camera\":null,\"caption\":\"\",\"created_timestamp\":null,\"copyright\":null,\"focal_length\":null,\"iso\":null,\"shutter_speed\":null,\"title\":\"\",\"orientation\":null,\"keywords\":null},\"thumbnail\":\"https:\\\/\\\/www.vignevin.com\\\/wp-content\\\/uploads\\\/2019\\\/03\\\/Red-Blotch-sur-Gamay-souche-saine-et-atteinte-150x150.jpg\",\"medium\":\"https:\\\/\\\/www.vignevin.com\\\/wp-content\\\/uploads\\\/2019\\\/03\\\/Red-Blotch-sur-Gamay-souche-saine-et-atteinte-166x300.jpg\",\"medium_large\":\"https:\\\/\\\/www.vignevin.com\\\/wp-content\\\/uploads\\\/2019\\\/03\\\/Red-Blotch-sur-Gamay-souche-saine-et-atteinte.jpg\",\"large\":\"https:\\\/\\\/www.vignevin.com\\\/wp-content\\\/uploads\\\/2019\\\/03\\\/Red-Blotch-sur-Gamay-souche-saine-et-atteinte.jpg\",\"1536x1536\":\"https:\\\/\\\/www.vignevin.com\\\/wp-content\\\/uploads\\\/2019\\\/03\\\/Red-Blotch-sur-Gamay-souche-saine-et-atteinte.jpg\",\"2048x2048\":\"https:\\\/\\\/www.vignevin.com\\\/wp-content\\\/uploads\\\/2019\\\/03\\\/Red-Blotch-sur-Gamay-souche-saine-et-atteinte.jpg\",\"et-pb-post-main-image\":\"https:\\\/\\\/www.vignevin.com\\\/wp-content\\\/uploads\\\/2019\\\/03\\\/Red-Blotch-sur-Gamay-souche-saine-et-atteinte-325x250.jpg\",\"et-pb-post-main-image-fullwidth\":\"https:\\\/\\\/www.vignevin.com\\\/wp-content\\\/uploads\\\/2019\\\/03\\\/Red-Blotch-sur-Gamay-souche-saine-et-atteinte.jpg\",\"et-pb-portfolio-image\":\"https:\\\/\\\/www.vignevin.com\\\/wp-content\\\/uploads\\\/2019\\\/03\\\/Red-Blotch-sur-Gamay-souche-saine-et-atteinte-325x284.jpg\",\"et-pb-portfolio-module-image\":\"https:\\\/\\\/www.vignevin.com\\\/wp-content\\\/uploads\\\/2019\\\/03\\\/Red-Blotch-sur-Gamay-souche-saine-et-atteinte-325x382.jpg\",\"et-pb-portfolio-image-single\":\"https:\\\/\\\/www.vignevin.com\\\/wp-content\\\/uploads\\\/2019\\\/03\\\/Red-Blotch-sur-Gamay-souche-saine-et-atteinte.jpg\",\"et-pb-gallery-module-image-portrait\":\"https:\\\/\\\/www.vignevin.com\\\/wp-content\\\/uploads\\\/2019\\\/03\\\/Red-Blotch-sur-Gamay-souche-saine-et-atteinte-325x516.jpg\",\"et-pb-post-main-image-fullwidth-large\":\"https:\\\/\\\/www.vignevin.com\\\/wp-content\\\/uploads\\\/2019\\\/03\\\/Red-Blotch-sur-Gamay-souche-saine-et-atteinte.jpg\",\"et-pb-image--responsive--desktop\":\"https:\\\/\\\/www.vignevin.com\\\/wp-content\\\/uploads\\\/2019\\\/03\\\/Red-Blotch-sur-Gamay-souche-saine-et-atteinte.jpg\",\"et-pb-image--responsive--tablet\":\"https:\\\/\\\/www.vignevin.com\\\/wp-content\\\/uploads\\\/2019\\\/03\\\/Red-Blotch-sur-Gamay-souche-saine-et-atteinte.jpg\",\"et-pb-image--responsive--phone\":\"https:\\\/\\\/www.vignevin.com\\\/wp-content\\\/uploads\\\/2019\\\/03\\\/Red-Blotch-sur-Gamay-souche-saine-et-atteinte.jpg\",\"gform-image-choice-sm\":\"https:\\\/\\\/www.vignevin.com\\\/wp-content\\\/uploads\\\/2019\\\/03\\\/Red-Blotch-sur-Gamay-souche-saine-et-atteinte.jpg\",\"gform-image-choice-md\":\"https:\\\/\\\/www.vignevin.com\\\/wp-content\\\/uploads\\\/2019\\\/03\\\/Red-Blotch-sur-Gamay-souche-saine-et-atteinte.jpg\",\"gform-image-choice-lg\":\"https:\\\/\\\/www.vignevin.com\\\/wp-content\\\/uploads\\\/2019\\\/03\\\/Red-Blotch-sur-Gamay-souche-saine-et-atteinte.jpg\",\"woocommerce_thumbnail\":\"https:\\\/\\\/www.vignevin.com\\\/wp-content\\\/uploads\\\/2019\\\/03\\\/Red-Blotch-sur-Gamay-souche-saine-et-atteinte-300x300.jpg\",\"woocommerce_single\":\"https:\\\/\\\/www.vignevin.com\\\/wp-content\\\/uploads\\\/2019\\\/03\\\/Red-Blotch-sur-Gamay-souche-saine-et-atteinte.jpg\",\"woocommerce_gallery_thumbnail\":\"https:\\\/\\\/www.vignevin.com\\\/wp-content\\\/uploads\\\/2019\\\/03\\\/Red-Blotch-sur-Gamay-souche-saine-et-atteinte-100x100.jpg\",\"full\":\"https:\\\/\\\/www.vignevin.com\\\/wp-content\\\/uploads\\\/2019\\\/03\\\/Red-Blotch-sur-Gamay-souche-saine-et-atteinte.jpg\",\"index\":11,\"id\":9877,\"video\":false,\"opts\":{\"caption\":\"\",\"thumb\":\"https:\\\/\\\/www.vignevin.com\\\/wp-content\\\/uploads\\\/2019\\\/03\\\/Red-Blotch-sur-Gamay-souche-saine-et-atteinte-75x50_c.jpg\",\"title\":\"Red Blotch sur Gamay souche saine et atteinte\"},\"gallery_id\":\"17413\"},\"9878\":{\"status\":\"active\",\"src\":\"https:\\\/\\\/www.vignevin.com\\\/wp-content\\\/uploads\\\/2019\\\/03\\\/Sympt\u00f4mes-de-bois-noir-sur-Chardonnay.jpg\",\"title\":\"OLYMPUS DIGITAL CAMERA\",\"link\":\"https:\\\/\\\/www.vignevin.com\\\/wp-content\\\/uploads\\\/2019\\\/03\\\/Sympt\u00f4mes-de-bois-noir-sur-Chardonnay.jpg\",\"alt\":\"\",\"caption\":\"OLYMPUS DIGITAL CAMERA\",\"thumb\":{\"errors\":{\"envira-gallery-error-no-file\":[\"No file could be found for the image URL specified.\"]},\"error_data\":[]},\"meta\":{\"aperture\":\"2.8\",\"credit\":null,\"camera\":\"C-5000Z\",\"caption\":\"OLYMPUS DIGITAL CAMERA\",\"created_timestamp\":\"1189508456\",\"copyright\":null,\"focal_length\":\"7.8\",\"iso\":\"50\",\"shutter_speed\":\"0.003125\",\"title\":\"OLYMPUS DIGITAL CAMERA\",\"orientation\":\"1\",\"keywords\":null},\"thumbnail\":\"https:\\\/\\\/www.vignevin.com\\\/wp-content\\\/uploads\\\/2019\\\/03\\\/Sympt\u00f4mes-de-bois-noir-sur-Chardonnay-150x150.jpg\",\"medium\":\"https:\\\/\\\/www.vignevin.com\\\/wp-content\\\/uploads\\\/2019\\\/03\\\/Sympt\u00f4mes-de-bois-noir-sur-Chardonnay-225x300.jpg\",\"medium_large\":\"https:\\\/\\\/www.vignevin.com\\\/wp-content\\\/uploads\\\/2019\\\/03\\\/Sympt\u00f4mes-de-bois-noir-sur-Chardonnay-768x1024.jpg\",\"large\":\"https:\\\/\\\/www.vignevin.com\\\/wp-content\\\/uploads\\\/2019\\\/03\\\/Sympt\u00f4mes-de-bois-noir-sur-Chardonnay-768x1024.jpg\",\"1536x1536\":\"https:\\\/\\\/www.vignevin.com\\\/wp-content\\\/uploads\\\/2019\\\/03\\\/Sympt\u00f4mes-de-bois-noir-sur-Chardonnay.jpg\",\"2048x2048\":\"https:\\\/\\\/www.vignevin.com\\\/wp-content\\\/uploads\\\/2019\\\/03\\\/Sympt\u00f4mes-de-bois-noir-sur-Chardonnay.jpg\",\"et-pb-post-main-image\":\"https:\\\/\\\/www.vignevin.com\\\/wp-content\\\/uploads\\\/2019\\\/03\\\/Sympt\u00f4mes-de-bois-noir-sur-Chardonnay-400x250.jpg\",\"et-pb-post-main-image-fullwidth\":\"https:\\\/\\\/www.vignevin.com\\\/wp-content\\\/uploads\\\/2019\\\/03\\\/Sympt\u00f4mes-de-bois-noir-sur-Chardonnay-1080x675.jpg\",\"et-pb-portfolio-image\":\"https:\\\/\\\/www.vignevin.com\\\/wp-content\\\/uploads\\\/2019\\\/03\\\/Sympt\u00f4mes-de-bois-noir-sur-Chardonnay-400x284.jpg\",\"et-pb-portfolio-module-image\":\"https:\\\/\\\/www.vignevin.com\\\/wp-content\\\/uploads\\\/2019\\\/03\\\/Sympt\u00f4mes-de-bois-noir-sur-Chardonnay-510x382.jpg\",\"et-pb-portfolio-image-single\":\"https:\\\/\\\/www.vignevin.com\\\/wp-content\\\/uploads\\\/2019\\\/03\\\/Sympt\u00f4mes-de-bois-noir-sur-Chardonnay-1080x1440.jpg\",\"et-pb-gallery-module-image-portrait\":\"https:\\\/\\\/www.vignevin.com\\\/wp-content\\\/uploads\\\/2019\\\/03\\\/Sympt\u00f4mes-de-bois-noir-sur-Chardonnay-400x516.jpg\",\"et-pb-post-main-image-fullwidth-large\":\"https:\\\/\\\/www.vignevin.com\\\/wp-content\\\/uploads\\\/2019\\\/03\\\/Sympt\u00f4mes-de-bois-noir-sur-Chardonnay.jpg\",\"et-pb-image--responsive--desktop\":\"https:\\\/\\\/www.vignevin.com\\\/wp-content\\\/uploads\\\/2019\\\/03\\\/Sympt\u00f4mes-de-bois-noir-sur-Chardonnay.jpg\",\"et-pb-image--responsive--tablet\":\"https:\\\/\\\/www.vignevin.com\\\/wp-content\\\/uploads\\\/2019\\\/03\\\/Sympt\u00f4mes-de-bois-noir-sur-Chardonnay.jpg\",\"et-pb-image--responsive--phone\":\"https:\\\/\\\/www.vignevin.com\\\/wp-content\\\/uploads\\\/2019\\\/03\\\/Sympt\u00f4mes-de-bois-noir-sur-Chardonnay.jpg\",\"gform-image-choice-sm\":\"https:\\\/\\\/www.vignevin.com\\\/wp-content\\\/uploads\\\/2019\\\/03\\\/Sympt\u00f4mes-de-bois-noir-sur-Chardonnay.jpg\",\"gform-image-choice-md\":\"https:\\\/\\\/www.vignevin.com\\\/wp-content\\\/uploads\\\/2019\\\/03\\\/Sympt\u00f4mes-de-bois-noir-sur-Chardonnay.jpg\",\"gform-image-choice-lg\":\"https:\\\/\\\/www.vignevin.com\\\/wp-content\\\/uploads\\\/2019\\\/03\\\/Sympt\u00f4mes-de-bois-noir-sur-Chardonnay.jpg\",\"woocommerce_thumbnail\":\"https:\\\/\\\/www.vignevin.com\\\/wp-content\\\/uploads\\\/2019\\\/03\\\/Sympt\u00f4mes-de-bois-noir-sur-Chardonnay-300x300.jpg\",\"woocommerce_single\":\"https:\\\/\\\/www.vignevin.com\\\/wp-content\\\/uploads\\\/2019\\\/03\\\/Sympt\u00f4mes-de-bois-noir-sur-Chardonnay-600x800.jpg\",\"woocommerce_gallery_thumbnail\":\"https:\\\/\\\/www.vignevin.com\\\/wp-content\\\/uploads\\\/2019\\\/03\\\/Sympt\u00f4mes-de-bois-noir-sur-Chardonnay-100x100.jpg\",\"full\":\"https:\\\/\\\/www.vignevin.com\\\/wp-content\\\/uploads\\\/2019\\\/03\\\/Sympt\u00f4mes-de-bois-noir-sur-Chardonnay.jpg\",\"index\":12,\"id\":9878,\"video\":false,\"opts\":{\"caption\":\"OLYMPUS DIGITAL CAMERA\",\"thumb\":{\"errors\":{\"envira-gallery-error-no-file\":[\"No file could be found for the image URL specified.\"]},\"error_data\":[]},\"title\":\"OLYMPUS DIGITAL CAMERA\"},\"gallery_id\":\"17413\"},\"9879\":{\"status\":\"active\",\"src\":\"https:\\\/\\\/www.vignevin.com\\\/wp-content\\\/uploads\\\/2019\\\/03\\\/Sympt\u00f4mes-de-bois-noir-sur-Gamay-coloration-foliaire-caract\u00e9ristique.jpg\",\"title\":\"OLYMPUS DIGITAL CAMERA\",\"link\":\"https:\\\/\\\/www.vignevin.com\\\/wp-content\\\/uploads\\\/2019\\\/03\\\/Sympt\u00f4mes-de-bois-noir-sur-Gamay-coloration-foliaire-caract\u00e9ristique.jpg\",\"alt\":\"\",\"caption\":\"OLYMPUS DIGITAL CAMERA\",\"thumb\":{\"errors\":{\"envira-gallery-error-no-file\":[\"No file could be found for the image URL specified.\"]},\"error_data\":[]},\"meta\":{\"aperture\":\"2.8\",\"credit\":null,\"camera\":\"C-5000Z\",\"caption\":\"OLYMPUS DIGITAL CAMERA\",\"created_timestamp\":\"1191413225\",\"copyright\":null,\"focal_length\":\"7.8\",\"iso\":\"50\",\"shutter_speed\":\"0.01\",\"title\":\"OLYMPUS DIGITAL CAMERA\",\"orientation\":\"1\",\"keywords\":null},\"thumbnail\":\"https:\\\/\\\/www.vignevin.com\\\/wp-content\\\/uploads\\\/2019\\\/03\\\/Sympt\u00f4mes-de-bois-noir-sur-Gamay-coloration-foliaire-caract\u00e9ristique-150x150.jpg\",\"medium\":\"https:\\\/\\\/www.vignevin.com\\\/wp-content\\\/uploads\\\/2019\\\/03\\\/Sympt\u00f4mes-de-bois-noir-sur-Gamay-coloration-foliaire-caract\u00e9ristique-225x300.jpg\",\"medium_large\":\"https:\\\/\\\/www.vignevin.com\\\/wp-content\\\/uploads\\\/2019\\\/03\\\/Sympt\u00f4mes-de-bois-noir-sur-Gamay-coloration-foliaire-caract\u00e9ristique-768x1024.jpg\",\"large\":\"https:\\\/\\\/www.vignevin.com\\\/wp-content\\\/uploads\\\/2019\\\/03\\\/Sympt\u00f4mes-de-bois-noir-sur-Gamay-coloration-foliaire-caract\u00e9ristique-768x1024.jpg\",\"1536x1536\":\"https:\\\/\\\/www.vignevin.com\\\/wp-content\\\/uploads\\\/2019\\\/03\\\/Sympt\u00f4mes-de-bois-noir-sur-Gamay-coloration-foliaire-caract\u00e9ristique.jpg\",\"2048x2048\":\"https:\\\/\\\/www.vignevin.com\\\/wp-content\\\/uploads\\\/2019\\\/03\\\/Sympt\u00f4mes-de-bois-noir-sur-Gamay-coloration-foliaire-caract\u00e9ristique.jpg\",\"et-pb-post-main-image\":\"https:\\\/\\\/www.vignevin.com\\\/wp-content\\\/uploads\\\/2019\\\/03\\\/Sympt\u00f4mes-de-bois-noir-sur-Gamay-coloration-foliaire-caract\u00e9ristique-400x250.jpg\",\"et-pb-post-main-image-fullwidth\":\"https:\\\/\\\/www.vignevin.com\\\/wp-content\\\/uploads\\\/2019\\\/03\\\/Sympt\u00f4mes-de-bois-noir-sur-Gamay-coloration-foliaire-caract\u00e9ristique-1080x675.jpg\",\"et-pb-portfolio-image\":\"https:\\\/\\\/www.vignevin.com\\\/wp-content\\\/uploads\\\/2019\\\/03\\\/Sympt\u00f4mes-de-bois-noir-sur-Gamay-coloration-foliaire-caract\u00e9ristique-400x284.jpg\",\"et-pb-portfolio-module-image\":\"https:\\\/\\\/www.vignevin.com\\\/wp-content\\\/uploads\\\/2019\\\/03\\\/Sympt\u00f4mes-de-bois-noir-sur-Gamay-coloration-foliaire-caract\u00e9ristique-510x382.jpg\",\"et-pb-portfolio-image-single\":\"https:\\\/\\\/www.vignevin.com\\\/wp-content\\\/uploads\\\/2019\\\/03\\\/Sympt\u00f4mes-de-bois-noir-sur-Gamay-coloration-foliaire-caract\u00e9ristique-1080x1440.jpg\",\"et-pb-gallery-module-image-portrait\":\"https:\\\/\\\/www.vignevin.com\\\/wp-content\\\/uploads\\\/2019\\\/03\\\/Sympt\u00f4mes-de-bois-noir-sur-Gamay-coloration-foliaire-caract\u00e9ristique-400x516.jpg\",\"et-pb-post-main-image-fullwidth-large\":\"https:\\\/\\\/www.vignevin.com\\\/wp-content\\\/uploads\\\/2019\\\/03\\\/Sympt\u00f4mes-de-bois-noir-sur-Gamay-coloration-foliaire-caract\u00e9ristique.jpg\",\"et-pb-image--responsive--desktop\":\"https:\\\/\\\/www.vignevin.com\\\/wp-content\\\/uploads\\\/2019\\\/03\\\/Sympt\u00f4mes-de-bois-noir-sur-Gamay-coloration-foliaire-caract\u00e9ristique.jpg\",\"et-pb-image--responsive--tablet\":\"https:\\\/\\\/www.vignevin.com\\\/wp-content\\\/uploads\\\/2019\\\/03\\\/Sympt\u00f4mes-de-bois-noir-sur-Gamay-coloration-foliaire-caract\u00e9ristique.jpg\",\"et-pb-image--responsive--phone\":\"https:\\\/\\\/www.vignevin.com\\\/wp-content\\\/uploads\\\/2019\\\/03\\\/Sympt\u00f4mes-de-bois-noir-sur-Gamay-coloration-foliaire-caract\u00e9ristique.jpg\",\"gform-image-choice-sm\":\"https:\\\/\\\/www.vignevin.com\\\/wp-content\\\/uploads\\\/2019\\\/03\\\/Sympt\u00f4mes-de-bois-noir-sur-Gamay-coloration-foliaire-caract\u00e9ristique.jpg\",\"gform-image-choice-md\":\"https:\\\/\\\/www.vignevin.com\\\/wp-content\\\/uploads\\\/2019\\\/03\\\/Sympt\u00f4mes-de-bois-noir-sur-Gamay-coloration-foliaire-caract\u00e9ristique.jpg\",\"gform-image-choice-lg\":\"https:\\\/\\\/www.vignevin.com\\\/wp-content\\\/uploads\\\/2019\\\/03\\\/Sympt\u00f4mes-de-bois-noir-sur-Gamay-coloration-foliaire-caract\u00e9ristique.jpg\",\"woocommerce_thumbnail\":\"https:\\\/\\\/www.vignevin.com\\\/wp-content\\\/uploads\\\/2019\\\/03\\\/Sympt\u00f4mes-de-bois-noir-sur-Gamay-coloration-foliaire-caract\u00e9ristique-300x300.jpg\",\"woocommerce_single\":\"https:\\\/\\\/www.vignevin.com\\\/wp-content\\\/uploads\\\/2019\\\/03\\\/Sympt\u00f4mes-de-bois-noir-sur-Gamay-coloration-foliaire-caract\u00e9ristique-600x800.jpg\",\"woocommerce_gallery_thumbnail\":\"https:\\\/\\\/www.vignevin.com\\\/wp-content\\\/uploads\\\/2019\\\/03\\\/Sympt\u00f4mes-de-bois-noir-sur-Gamay-coloration-foliaire-caract\u00e9ristique-100x100.jpg\",\"full\":\"https:\\\/\\\/www.vignevin.com\\\/wp-content\\\/uploads\\\/2019\\\/03\\\/Sympt\u00f4mes-de-bois-noir-sur-Gamay-coloration-foliaire-caract\u00e9ristique.jpg\",\"index\":13,\"id\":9879,\"video\":false,\"opts\":{\"caption\":\"OLYMPUS DIGITAL CAMERA\",\"thumb\":{\"errors\":{\"envira-gallery-error-no-file\":[\"No file could be found for the image URL specified.\"]},\"error_data\":[]},\"title\":\"OLYMPUS DIGITAL CAMERA\"},\"gallery_id\":\"17413\"},\"9880\":{\"status\":\"active\",\"src\":\"https:\\\/\\\/www.vignevin.com\\\/wp-content\\\/uploads\\\/2019\\\/03\\\/Sympt\u00f4mes-de-bois-noir-sur-Gamay-2.jpg\",\"title\":\"Sympt&ocirc;mes de bois noir sur Gamay (2)\",\"link\":\"https:\\\/\\\/www.vignevin.com\\\/wp-content\\\/uploads\\\/2019\\\/03\\\/Sympt\u00f4mes-de-bois-noir-sur-Gamay-2.jpg\",\"alt\":\"\",\"caption\":false,\"thumb\":{\"errors\":{\"envira-gallery-error-no-file\":[\"No file could be found for the image URL specified.\"]},\"error_data\":[]},\"meta\":{\"aperture\":\"4\",\"credit\":null,\"camera\":\"DMC-TZ10\",\"caption\":\"\",\"created_timestamp\":\"1285929224\",\"copyright\":null,\"focal_length\":\"6.9\",\"iso\":\"80\",\"shutter_speed\":\"0.004\",\"title\":\"\",\"orientation\":\"1\",\"keywords\":null},\"thumbnail\":\"https:\\\/\\\/www.vignevin.com\\\/wp-content\\\/uploads\\\/2019\\\/03\\\/Sympt\u00f4mes-de-bois-noir-sur-Gamay-2-150x150.jpg\",\"medium\":\"https:\\\/\\\/www.vignevin.com\\\/wp-content\\\/uploads\\\/2019\\\/03\\\/Sympt\u00f4mes-de-bois-noir-sur-Gamay-2-225x300.jpg\",\"medium_large\":\"https:\\\/\\\/www.vignevin.com\\\/wp-content\\\/uploads\\\/2019\\\/03\\\/Sympt\u00f4mes-de-bois-noir-sur-Gamay-2-768x1024.jpg\",\"large\":\"https:\\\/\\\/www.vignevin.com\\\/wp-content\\\/uploads\\\/2019\\\/03\\\/Sympt\u00f4mes-de-bois-noir-sur-Gamay-2-768x1024.jpg\",\"1536x1536\":\"https:\\\/\\\/www.vignevin.com\\\/wp-content\\\/uploads\\\/2019\\\/03\\\/Sympt\u00f4mes-de-bois-noir-sur-Gamay-2.jpg\",\"2048x2048\":\"https:\\\/\\\/www.vignevin.com\\\/wp-content\\\/uploads\\\/2019\\\/03\\\/Sympt\u00f4mes-de-bois-noir-sur-Gamay-2.jpg\",\"et-pb-post-main-image\":\"https:\\\/\\\/www.vignevin.com\\\/wp-content\\\/uploads\\\/2019\\\/03\\\/Sympt\u00f4mes-de-bois-noir-sur-Gamay-2-400x250.jpg\",\"et-pb-post-main-image-fullwidth\":\"https:\\\/\\\/www.vignevin.com\\\/wp-content\\\/uploads\\\/2019\\\/03\\\/Sympt\u00f4mes-de-bois-noir-sur-Gamay-2-1080x675.jpg\",\"et-pb-portfolio-image\":\"https:\\\/\\\/www.vignevin.com\\\/wp-content\\\/uploads\\\/2019\\\/03\\\/Sympt\u00f4mes-de-bois-noir-sur-Gamay-2-400x284.jpg\",\"et-pb-portfolio-module-image\":\"https:\\\/\\\/www.vignevin.com\\\/wp-content\\\/uploads\\\/2019\\\/03\\\/Sympt\u00f4mes-de-bois-noir-sur-Gamay-2-510x382.jpg\",\"et-pb-portfolio-image-single\":\"https:\\\/\\\/www.vignevin.com\\\/wp-content\\\/uploads\\\/2019\\\/03\\\/Sympt\u00f4mes-de-bois-noir-sur-Gamay-2-1080x1440.jpg\",\"et-pb-gallery-module-image-portrait\":\"https:\\\/\\\/www.vignevin.com\\\/wp-content\\\/uploads\\\/2019\\\/03\\\/Sympt\u00f4mes-de-bois-noir-sur-Gamay-2-400x516.jpg\",\"et-pb-post-main-image-fullwidth-large\":\"https:\\\/\\\/www.vignevin.com\\\/wp-content\\\/uploads\\\/2019\\\/03\\\/Sympt\u00f4mes-de-bois-noir-sur-Gamay-2-1920x1800.jpg\",\"et-pb-image--responsive--desktop\":\"https:\\\/\\\/www.vignevin.com\\\/wp-content\\\/uploads\\\/2019\\\/03\\\/Sympt\u00f4mes-de-bois-noir-sur-Gamay-2.jpg\",\"et-pb-image--responsive--tablet\":\"https:\\\/\\\/www.vignevin.com\\\/wp-content\\\/uploads\\\/2019\\\/03\\\/Sympt\u00f4mes-de-bois-noir-sur-Gamay-2.jpg\",\"et-pb-image--responsive--phone\":\"https:\\\/\\\/www.vignevin.com\\\/wp-content\\\/uploads\\\/2019\\\/03\\\/Sympt\u00f4mes-de-bois-noir-sur-Gamay-2.jpg\",\"gform-image-choice-sm\":\"https:\\\/\\\/www.vignevin.com\\\/wp-content\\\/uploads\\\/2019\\\/03\\\/Sympt\u00f4mes-de-bois-noir-sur-Gamay-2.jpg\",\"gform-image-choice-md\":\"https:\\\/\\\/www.vignevin.com\\\/wp-content\\\/uploads\\\/2019\\\/03\\\/Sympt\u00f4mes-de-bois-noir-sur-Gamay-2.jpg\",\"gform-image-choice-lg\":\"https:\\\/\\\/www.vignevin.com\\\/wp-content\\\/uploads\\\/2019\\\/03\\\/Sympt\u00f4mes-de-bois-noir-sur-Gamay-2.jpg\",\"woocommerce_thumbnail\":\"https:\\\/\\\/www.vignevin.com\\\/wp-content\\\/uploads\\\/2019\\\/03\\\/Sympt\u00f4mes-de-bois-noir-sur-Gamay-2-300x300.jpg\",\"woocommerce_single\":\"https:\\\/\\\/www.vignevin.com\\\/wp-content\\\/uploads\\\/2019\\\/03\\\/Sympt\u00f4mes-de-bois-noir-sur-Gamay-2-600x800.jpg\",\"woocommerce_gallery_thumbnail\":\"https:\\\/\\\/www.vignevin.com\\\/wp-content\\\/uploads\\\/2019\\\/03\\\/Sympt\u00f4mes-de-bois-noir-sur-Gamay-2-100x100.jpg\",\"full\":\"https:\\\/\\\/www.vignevin.com\\\/wp-content\\\/uploads\\\/2019\\\/03\\\/Sympt\u00f4mes-de-bois-noir-sur-Gamay-2.jpg\",\"index\":14,\"id\":9880,\"video\":false,\"opts\":{\"caption\":\"\",\"thumb\":{\"errors\":{\"envira-gallery-error-no-file\":[\"No file could be found for the image URL specified.\"]},\"error_data\":[]},\"title\":\"Sympt&ocirc;mes de bois noir sur Gamay (2)\"},\"gallery_id\":\"17413\"},\"9881\":{\"status\":\"active\",\"src\":\"https:\\\/\\\/www.vignevin.com\\\/wp-content\\\/uploads\\\/2019\\\/03\\\/Sympt\u00f4mes-de-bois-noir-sur-Gamay.jpg\",\"title\":\"OLYMPUS DIGITAL CAMERA\",\"link\":\"https:\\\/\\\/www.vignevin.com\\\/wp-content\\\/uploads\\\/2019\\\/03\\\/Sympt\u00f4mes-de-bois-noir-sur-Gamay.jpg\",\"alt\":\"\",\"caption\":\"OLYMPUS DIGITAL CAMERA\",\"thumb\":{\"errors\":{\"envira-gallery-error-no-file\":[\"No file could be found for the image URL specified.\"]},\"error_data\":[]},\"meta\":{\"aperture\":\"2.8\",\"credit\":null,\"camera\":\"C-5000Z\",\"caption\":\"OLYMPUS DIGITAL CAMERA\",\"created_timestamp\":\"1191405706\",\"copyright\":null,\"focal_length\":\"7.8\",\"iso\":\"50\",\"shutter_speed\":\"0.008\",\"title\":\"OLYMPUS DIGITAL CAMERA\",\"orientation\":\"1\",\"keywords\":null},\"thumbnail\":\"https:\\\/\\\/www.vignevin.com\\\/wp-content\\\/uploads\\\/2019\\\/03\\\/Sympt\u00f4mes-de-bois-noir-sur-Gamay-150x150.jpg\",\"medium\":\"https:\\\/\\\/www.vignevin.com\\\/wp-content\\\/uploads\\\/2019\\\/03\\\/Sympt\u00f4mes-de-bois-noir-sur-Gamay-225x300.jpg\",\"medium_large\":\"https:\\\/\\\/www.vignevin.com\\\/wp-content\\\/uploads\\\/2019\\\/03\\\/Sympt\u00f4mes-de-bois-noir-sur-Gamay-768x1024.jpg\",\"large\":\"https:\\\/\\\/www.vignevin.com\\\/wp-content\\\/uploads\\\/2019\\\/03\\\/Sympt\u00f4mes-de-bois-noir-sur-Gamay-768x1024.jpg\",\"1536x1536\":\"https:\\\/\\\/www.vignevin.com\\\/wp-content\\\/uploads\\\/2019\\\/03\\\/Sympt\u00f4mes-de-bois-noir-sur-Gamay.jpg\",\"2048x2048\":\"https:\\\/\\\/www.vignevin.com\\\/wp-content\\\/uploads\\\/2019\\\/03\\\/Sympt\u00f4mes-de-bois-noir-sur-Gamay.jpg\",\"et-pb-post-main-image\":\"https:\\\/\\\/www.vignevin.com\\\/wp-content\\\/uploads\\\/2019\\\/03\\\/Sympt\u00f4mes-de-bois-noir-sur-Gamay-400x250.jpg\",\"et-pb-post-main-image-fullwidth\":\"https:\\\/\\\/www.vignevin.com\\\/wp-content\\\/uploads\\\/2019\\\/03\\\/Sympt\u00f4mes-de-bois-noir-sur-Gamay-1080x675.jpg\",\"et-pb-portfolio-image\":\"https:\\\/\\\/www.vignevin.com\\\/wp-content\\\/uploads\\\/2019\\\/03\\\/Sympt\u00f4mes-de-bois-noir-sur-Gamay-400x284.jpg\",\"et-pb-portfolio-module-image\":\"https:\\\/\\\/www.vignevin.com\\\/wp-content\\\/uploads\\\/2019\\\/03\\\/Sympt\u00f4mes-de-bois-noir-sur-Gamay-510x382.jpg\",\"et-pb-portfolio-image-single\":\"https:\\\/\\\/www.vignevin.com\\\/wp-content\\\/uploads\\\/2019\\\/03\\\/Sympt\u00f4mes-de-bois-noir-sur-Gamay-1080x1440.jpg\",\"et-pb-gallery-module-image-portrait\":\"https:\\\/\\\/www.vignevin.com\\\/wp-content\\\/uploads\\\/2019\\\/03\\\/Sympt\u00f4mes-de-bois-noir-sur-Gamay-400x516.jpg\",\"et-pb-post-main-image-fullwidth-large\":\"https:\\\/\\\/www.vignevin.com\\\/wp-content\\\/uploads\\\/2019\\\/03\\\/Sympt\u00f4mes-de-bois-noir-sur-Gamay-1920x1800.jpg\",\"et-pb-image--responsive--desktop\":\"https:\\\/\\\/www.vignevin.com\\\/wp-content\\\/uploads\\\/2019\\\/03\\\/Sympt\u00f4mes-de-bois-noir-sur-Gamay.jpg\",\"et-pb-image--responsive--tablet\":\"https:\\\/\\\/www.vignevin.com\\\/wp-content\\\/uploads\\\/2019\\\/03\\\/Sympt\u00f4mes-de-bois-noir-sur-Gamay.jpg\",\"et-pb-image--responsive--phone\":\"https:\\\/\\\/www.vignevin.com\\\/wp-content\\\/uploads\\\/2019\\\/03\\\/Sympt\u00f4mes-de-bois-noir-sur-Gamay.jpg\",\"gform-image-choice-sm\":\"https:\\\/\\\/www.vignevin.com\\\/wp-content\\\/uploads\\\/2019\\\/03\\\/Sympt\u00f4mes-de-bois-noir-sur-Gamay.jpg\",\"gform-image-choice-md\":\"https:\\\/\\\/www.vignevin.com\\\/wp-content\\\/uploads\\\/2019\\\/03\\\/Sympt\u00f4mes-de-bois-noir-sur-Gamay.jpg\",\"gform-image-choice-lg\":\"https:\\\/\\\/www.vignevin.com\\\/wp-content\\\/uploads\\\/2019\\\/03\\\/Sympt\u00f4mes-de-bois-noir-sur-Gamay.jpg\",\"woocommerce_thumbnail\":\"https:\\\/\\\/www.vignevin.com\\\/wp-content\\\/uploads\\\/2019\\\/03\\\/Sympt\u00f4mes-de-bois-noir-sur-Gamay-300x300.jpg\",\"woocommerce_single\":\"https:\\\/\\\/www.vignevin.com\\\/wp-content\\\/uploads\\\/2019\\\/03\\\/Sympt\u00f4mes-de-bois-noir-sur-Gamay-600x800.jpg\",\"woocommerce_gallery_thumbnail\":\"https:\\\/\\\/www.vignevin.com\\\/wp-content\\\/uploads\\\/2019\\\/03\\\/Sympt\u00f4mes-de-bois-noir-sur-Gamay-100x100.jpg\",\"full\":\"https:\\\/\\\/www.vignevin.com\\\/wp-content\\\/uploads\\\/2019\\\/03\\\/Sympt\u00f4mes-de-bois-noir-sur-Gamay.jpg\",\"index\":15,\"id\":9881,\"video\":false,\"opts\":{\"caption\":\"OLYMPUS DIGITAL CAMERA\",\"thumb\":{\"errors\":{\"envira-gallery-error-no-file\":[\"No file could be found for the image URL specified.\"]},\"error_data\":[]},\"title\":\"OLYMPUS DIGITAL CAMERA\"},\"gallery_id\":\"17413\"},\"9882\":{\"status\":\"active\",\"src\":\"https:\\\/\\\/www.vignevin.com\\\/wp-content\\\/uploads\\\/2019\\\/03\\\/Sympt\u00f4mes-de-cannelures-Kober-stem-grooving-apr\u00e8s-greffage-herbac\u00e9-sur-lindicateur-Kober-5-BB-section-observ\u00e9e-\u00e0-la-loupe-binoculaire.jpg\",\"title\":\"Sympt&ocirc;mes de cannelures (Kober stem grooving) apr&egrave;s greffage herbac&eacute; sur l&amp;rsquo;indicateur Kober 5 BB section observ&eacute;e &agrave; la loupe binoculaire\",\"link\":\"https:\\\/\\\/www.vignevin.com\\\/wp-content\\\/uploads\\\/2019\\\/03\\\/Sympt\u00f4mes-de-cannelures-Kober-stem-grooving-apr\u00e8s-greffage-herbac\u00e9-sur-lindicateur-Kober-5-BB-section-observ\u00e9e-\u00e0-la-loupe-binoculaire.jpg\",\"alt\":\"\",\"caption\":false,\"thumb\":{\"errors\":{\"envira-gallery-error-no-file\":[\"No file could be found for the image URL specified.\"]},\"error_data\":[]},\"meta\":{\"aperture\":null,\"credit\":null,\"camera\":null,\"caption\":\"\",\"created_timestamp\":null,\"copyright\":null,\"focal_length\":null,\"iso\":null,\"shutter_speed\":null,\"title\":\"\",\"orientation\":null,\"keywords\":null},\"thumbnail\":\"https:\\\/\\\/www.vignevin.com\\\/wp-content\\\/uploads\\\/2019\\\/03\\\/Sympt\u00f4mes-de-cannelures-Kober-stem-grooving-apr\u00e8s-greffage-herbac\u00e9-sur-lindicateur-Kober-5-BB-section-observ\u00e9e-\u00e0-la-loupe-binoculaire-150x150.jpg\",\"medium\":\"https:\\\/\\\/www.vignevin.com\\\/wp-content\\\/uploads\\\/2019\\\/03\\\/Sympt\u00f4mes-de-cannelures-Kober-stem-grooving-apr\u00e8s-greffage-herbac\u00e9-sur-lindicateur-Kober-5-BB-section-observ\u00e9e-\u00e0-la-loupe-binoculaire-300x203.jpg\",\"medium_large\":\"https:\\\/\\\/www.vignevin.com\\\/wp-content\\\/uploads\\\/2019\\\/03\\\/Sympt\u00f4mes-de-cannelures-Kober-stem-grooving-apr\u00e8s-greffage-herbac\u00e9-sur-lindicateur-Kober-5-BB-section-observ\u00e9e-\u00e0-la-loupe-binoculaire-768x520.jpg\",\"large\":\"https:\\\/\\\/www.vignevin.com\\\/wp-content\\\/uploads\\\/2019\\\/03\\\/Sympt\u00f4mes-de-cannelures-Kober-stem-grooving-apr\u00e8s-greffage-herbac\u00e9-sur-lindicateur-Kober-5-BB-section-observ\u00e9e-\u00e0-la-loupe-binoculaire-1024x693.jpg\",\"1536x1536\":\"https:\\\/\\\/www.vignevin.com\\\/wp-content\\\/uploads\\\/2019\\\/03\\\/Sympt\u00f4mes-de-cannelures-Kober-stem-grooving-apr\u00e8s-greffage-herbac\u00e9-sur-lindicateur-Kober-5-BB-section-observ\u00e9e-\u00e0-la-loupe-binoculaire.jpg\",\"2048x2048\":\"https:\\\/\\\/www.vignevin.com\\\/wp-content\\\/uploads\\\/2019\\\/03\\\/Sympt\u00f4mes-de-cannelures-Kober-stem-grooving-apr\u00e8s-greffage-herbac\u00e9-sur-lindicateur-Kober-5-BB-section-observ\u00e9e-\u00e0-la-loupe-binoculaire.jpg\",\"et-pb-post-main-image\":\"https:\\\/\\\/www.vignevin.com\\\/wp-content\\\/uploads\\\/2019\\\/03\\\/Sympt\u00f4mes-de-cannelures-Kober-stem-grooving-apr\u00e8s-greffage-herbac\u00e9-sur-lindicateur-Kober-5-BB-section-observ\u00e9e-\u00e0-la-loupe-binoculaire-400x250.jpg\",\"et-pb-post-main-image-fullwidth\":\"https:\\\/\\\/www.vignevin.com\\\/wp-content\\\/uploads\\\/2019\\\/03\\\/Sympt\u00f4mes-de-cannelures-Kober-stem-grooving-apr\u00e8s-greffage-herbac\u00e9-sur-lindicateur-Kober-5-BB-section-observ\u00e9e-\u00e0-la-loupe-binoculaire-1080x675.jpg\",\"et-pb-portfolio-image\":\"https:\\\/\\\/www.vignevin.com\\\/wp-content\\\/uploads\\\/2019\\\/03\\\/Sympt\u00f4mes-de-cannelures-Kober-stem-grooving-apr\u00e8s-greffage-herbac\u00e9-sur-lindicateur-Kober-5-BB-section-observ\u00e9e-\u00e0-la-loupe-binoculaire-400x284.jpg\",\"et-pb-portfolio-module-image\":\"https:\\\/\\\/www.vignevin.com\\\/wp-content\\\/uploads\\\/2019\\\/03\\\/Sympt\u00f4mes-de-cannelures-Kober-stem-grooving-apr\u00e8s-greffage-herbac\u00e9-sur-lindicateur-Kober-5-BB-section-observ\u00e9e-\u00e0-la-loupe-binoculaire-510x382.jpg\",\"et-pb-portfolio-image-single\":\"https:\\\/\\\/www.vignevin.com\\\/wp-content\\\/uploads\\\/2019\\\/03\\\/Sympt\u00f4mes-de-cannelures-Kober-stem-grooving-apr\u00e8s-greffage-herbac\u00e9-sur-lindicateur-Kober-5-BB-section-observ\u00e9e-\u00e0-la-loupe-binoculaire-1080x731.jpg\",\"et-pb-gallery-module-image-portrait\":\"https:\\\/\\\/www.vignevin.com\\\/wp-content\\\/uploads\\\/2019\\\/03\\\/Sympt\u00f4mes-de-cannelures-Kober-stem-grooving-apr\u00e8s-greffage-herbac\u00e9-sur-lindicateur-Kober-5-BB-section-observ\u00e9e-\u00e0-la-loupe-binoculaire-400x516.jpg\",\"et-pb-post-main-image-fullwidth-large\":\"https:\\\/\\\/www.vignevin.com\\\/wp-content\\\/uploads\\\/2019\\\/03\\\/Sympt\u00f4mes-de-cannelures-Kober-stem-grooving-apr\u00e8s-greffage-herbac\u00e9-sur-lindicateur-Kober-5-BB-section-observ\u00e9e-\u00e0-la-loupe-binoculaire.jpg\",\"et-pb-image--responsive--desktop\":\"https:\\\/\\\/www.vignevin.com\\\/wp-content\\\/uploads\\\/2019\\\/03\\\/Sympt\u00f4mes-de-cannelures-Kober-stem-grooving-apr\u00e8s-greffage-herbac\u00e9-sur-lindicateur-Kober-5-BB-section-observ\u00e9e-\u00e0-la-loupe-binoculaire.jpg\",\"et-pb-image--responsive--tablet\":\"https:\\\/\\\/www.vignevin.com\\\/wp-content\\\/uploads\\\/2019\\\/03\\\/Sympt\u00f4mes-de-cannelures-Kober-stem-grooving-apr\u00e8s-greffage-herbac\u00e9-sur-lindicateur-Kober-5-BB-section-observ\u00e9e-\u00e0-la-loupe-binoculaire.jpg\",\"et-pb-image--responsive--phone\":\"https:\\\/\\\/www.vignevin.com\\\/wp-content\\\/uploads\\\/2019\\\/03\\\/Sympt\u00f4mes-de-cannelures-Kober-stem-grooving-apr\u00e8s-greffage-herbac\u00e9-sur-lindicateur-Kober-5-BB-section-observ\u00e9e-\u00e0-la-loupe-binoculaire.jpg\",\"gform-image-choice-sm\":\"https:\\\/\\\/www.vignevin.com\\\/wp-content\\\/uploads\\\/2019\\\/03\\\/Sympt\u00f4mes-de-cannelures-Kober-stem-grooving-apr\u00e8s-greffage-herbac\u00e9-sur-lindicateur-Kober-5-BB-section-observ\u00e9e-\u00e0-la-loupe-binoculaire.jpg\",\"gform-image-choice-md\":\"https:\\\/\\\/www.vignevin.com\\\/wp-content\\\/uploads\\\/2019\\\/03\\\/Sympt\u00f4mes-de-cannelures-Kober-stem-grooving-apr\u00e8s-greffage-herbac\u00e9-sur-lindicateur-Kober-5-BB-section-observ\u00e9e-\u00e0-la-loupe-binoculaire.jpg\",\"gform-image-choice-lg\":\"https:\\\/\\\/www.vignevin.com\\\/wp-content\\\/uploads\\\/2019\\\/03\\\/Sympt\u00f4mes-de-cannelures-Kober-stem-grooving-apr\u00e8s-greffage-herbac\u00e9-sur-lindicateur-Kober-5-BB-section-observ\u00e9e-\u00e0-la-loupe-binoculaire.jpg\",\"woocommerce_thumbnail\":\"https:\\\/\\\/www.vignevin.com\\\/wp-content\\\/uploads\\\/2019\\\/03\\\/Sympt\u00f4mes-de-cannelures-Kober-stem-grooving-apr\u00e8s-greffage-herbac\u00e9-sur-lindicateur-Kober-5-BB-section-observ\u00e9e-\u00e0-la-loupe-binoculaire-300x300.jpg\",\"woocommerce_single\":\"https:\\\/\\\/www.vignevin.com\\\/wp-content\\\/uploads\\\/2019\\\/03\\\/Sympt\u00f4mes-de-cannelures-Kober-stem-grooving-apr\u00e8s-greffage-herbac\u00e9-sur-lindicateur-Kober-5-BB-section-observ\u00e9e-\u00e0-la-loupe-binoculaire-600x406.jpg\",\"woocommerce_gallery_thumbnail\":\"https:\\\/\\\/www.vignevin.com\\\/wp-content\\\/uploads\\\/2019\\\/03\\\/Sympt\u00f4mes-de-cannelures-Kober-stem-grooving-apr\u00e8s-greffage-herbac\u00e9-sur-lindicateur-Kober-5-BB-section-observ\u00e9e-\u00e0-la-loupe-binoculaire-100x100.jpg\",\"full\":\"https:\\\/\\\/www.vignevin.com\\\/wp-content\\\/uploads\\\/2019\\\/03\\\/Sympt\u00f4mes-de-cannelures-Kober-stem-grooving-apr\u00e8s-greffage-herbac\u00e9-sur-lindicateur-Kober-5-BB-section-observ\u00e9e-\u00e0-la-loupe-binoculaire.jpg\",\"index\":16,\"id\":9882,\"video\":false,\"opts\":{\"caption\":\"\",\"thumb\":{\"errors\":{\"envira-gallery-error-no-file\":[\"No file could be found for the image URL specified.\"]},\"error_data\":[]},\"title\":\"Sympt&ocirc;mes de cannelures (Kober stem grooving) apr&egrave;s greffage herbac&eacute; sur l&amp;rsquo;indicateur Kober 5 BB section observ&eacute;e &agrave; la loupe binoculaire\"},\"gallery_id\":\"17413\"},\"9883\":{\"status\":\"active\",\"src\":\"https:\\\/\\\/www.vignevin.com\\\/wp-content\\\/uploads\\\/2019\\\/03\\\/Sympt\u00f4mes-de-cannelures-et-ponctuations-Rupestris-stem-pitting-sur-Rupestris-du-Lot-indicateur.jpg\",\"title\":\"Sympt&ocirc;mes de cannelures et ponctuations (Rupestris stem pitting) sur Rupestris du Lot (indicateur)\",\"link\":\"https:\\\/\\\/www.vignevin.com\\\/wp-content\\\/uploads\\\/2019\\\/03\\\/Sympt\u00f4mes-de-cannelures-et-ponctuations-Rupestris-stem-pitting-sur-Rupestris-du-Lot-indicateur.jpg\",\"alt\":\"\",\"caption\":false,\"thumb\":{\"errors\":{\"envira-gallery-error-no-file\":[\"No file could be found for the image URL specified.\"]},\"error_data\":[]},\"meta\":{\"aperture\":\"3.7\",\"credit\":null,\"camera\":\"E5700\",\"caption\":\"\",\"created_timestamp\":\"1128527646\",\"copyright\":null,\"focal_length\":\"29.5\",\"iso\":\"100\",\"shutter_speed\":\"0.008\",\"title\":\"\",\"orientation\":\"1\",\"keywords\":null},\"thumbnail\":\"https:\\\/\\\/www.vignevin.com\\\/wp-content\\\/uploads\\\/2019\\\/03\\\/Sympt\u00f4mes-de-cannelures-et-ponctuations-Rupestris-stem-pitting-sur-Rupestris-du-Lot-indicateur-150x150.jpg\",\"medium\":\"https:\\\/\\\/www.vignevin.com\\\/wp-content\\\/uploads\\\/2019\\\/03\\\/Sympt\u00f4mes-de-cannelures-et-ponctuations-Rupestris-stem-pitting-sur-Rupestris-du-Lot-indicateur-300x225.jpg\",\"medium_large\":\"https:\\\/\\\/www.vignevin.com\\\/wp-content\\\/uploads\\\/2019\\\/03\\\/Sympt\u00f4mes-de-cannelures-et-ponctuations-Rupestris-stem-pitting-sur-Rupestris-du-Lot-indicateur-768x576.jpg\",\"large\":\"https:\\\/\\\/www.vignevin.com\\\/wp-content\\\/uploads\\\/2019\\\/03\\\/Sympt\u00f4mes-de-cannelures-et-ponctuations-Rupestris-stem-pitting-sur-Rupestris-du-Lot-indicateur-1024x768.jpg\",\"1536x1536\":\"https:\\\/\\\/www.vignevin.com\\\/wp-content\\\/uploads\\\/2019\\\/03\\\/Sympt\u00f4mes-de-cannelures-et-ponctuations-Rupestris-stem-pitting-sur-Rupestris-du-Lot-indicateur.jpg\",\"2048x2048\":\"https:\\\/\\\/www.vignevin.com\\\/wp-content\\\/uploads\\\/2019\\\/03\\\/Sympt\u00f4mes-de-cannelures-et-ponctuations-Rupestris-stem-pitting-sur-Rupestris-du-Lot-indicateur.jpg\",\"et-pb-post-main-image\":\"https:\\\/\\\/www.vignevin.com\\\/wp-content\\\/uploads\\\/2019\\\/03\\\/Sympt\u00f4mes-de-cannelures-et-ponctuations-Rupestris-stem-pitting-sur-Rupestris-du-Lot-indicateur-400x250.jpg\",\"et-pb-post-main-image-fullwidth\":\"https:\\\/\\\/www.vignevin.com\\\/wp-content\\\/uploads\\\/2019\\\/03\\\/Sympt\u00f4mes-de-cannelures-et-ponctuations-Rupestris-stem-pitting-sur-Rupestris-du-Lot-indicateur-1080x675.jpg\",\"et-pb-portfolio-image\":\"https:\\\/\\\/www.vignevin.com\\\/wp-content\\\/uploads\\\/2019\\\/03\\\/Sympt\u00f4mes-de-cannelures-et-ponctuations-Rupestris-stem-pitting-sur-Rupestris-du-Lot-indicateur-400x284.jpg\",\"et-pb-portfolio-module-image\":\"https:\\\/\\\/www.vignevin.com\\\/wp-content\\\/uploads\\\/2019\\\/03\\\/Sympt\u00f4mes-de-cannelures-et-ponctuations-Rupestris-stem-pitting-sur-Rupestris-du-Lot-indicateur-510x382.jpg\",\"et-pb-portfolio-image-single\":\"https:\\\/\\\/www.vignevin.com\\\/wp-content\\\/uploads\\\/2019\\\/03\\\/Sympt\u00f4mes-de-cannelures-et-ponctuations-Rupestris-stem-pitting-sur-Rupestris-du-Lot-indicateur-1080x810.jpg\",\"et-pb-gallery-module-image-portrait\":\"https:\\\/\\\/www.vignevin.com\\\/wp-content\\\/uploads\\\/2019\\\/03\\\/Sympt\u00f4mes-de-cannelures-et-ponctuations-Rupestris-stem-pitting-sur-Rupestris-du-Lot-indicateur-400x516.jpg\",\"et-pb-post-main-image-fullwidth-large\":\"https:\\\/\\\/www.vignevin.com\\\/wp-content\\\/uploads\\\/2019\\\/03\\\/Sympt\u00f4mes-de-cannelures-et-ponctuations-Rupestris-stem-pitting-sur-Rupestris-du-Lot-indicateur-2560x1800.jpg\",\"et-pb-image--responsive--desktop\":\"https:\\\/\\\/www.vignevin.com\\\/wp-content\\\/uploads\\\/2019\\\/03\\\/Sympt\u00f4mes-de-cannelures-et-ponctuations-Rupestris-stem-pitting-sur-Rupestris-du-Lot-indicateur.jpg\",\"et-pb-image--responsive--tablet\":\"https:\\\/\\\/www.vignevin.com\\\/wp-content\\\/uploads\\\/2019\\\/03\\\/Sympt\u00f4mes-de-cannelures-et-ponctuations-Rupestris-stem-pitting-sur-Rupestris-du-Lot-indicateur.jpg\",\"et-pb-image--responsive--phone\":\"https:\\\/\\\/www.vignevin.com\\\/wp-content\\\/uploads\\\/2019\\\/03\\\/Sympt\u00f4mes-de-cannelures-et-ponctuations-Rupestris-stem-pitting-sur-Rupestris-du-Lot-indicateur.jpg\",\"gform-image-choice-sm\":\"https:\\\/\\\/www.vignevin.com\\\/wp-content\\\/uploads\\\/2019\\\/03\\\/Sympt\u00f4mes-de-cannelures-et-ponctuations-Rupestris-stem-pitting-sur-Rupestris-du-Lot-indicateur.jpg\",\"gform-image-choice-md\":\"https:\\\/\\\/www.vignevin.com\\\/wp-content\\\/uploads\\\/2019\\\/03\\\/Sympt\u00f4mes-de-cannelures-et-ponctuations-Rupestris-stem-pitting-sur-Rupestris-du-Lot-indicateur.jpg\",\"gform-image-choice-lg\":\"https:\\\/\\\/www.vignevin.com\\\/wp-content\\\/uploads\\\/2019\\\/03\\\/Sympt\u00f4mes-de-cannelures-et-ponctuations-Rupestris-stem-pitting-sur-Rupestris-du-Lot-indicateur.jpg\",\"woocommerce_thumbnail\":\"https:\\\/\\\/www.vignevin.com\\\/wp-content\\\/uploads\\\/2019\\\/03\\\/Sympt\u00f4mes-de-cannelures-et-ponctuations-Rupestris-stem-pitting-sur-Rupestris-du-Lot-indicateur-300x300.jpg\",\"woocommerce_single\":\"https:\\\/\\\/www.vignevin.com\\\/wp-content\\\/uploads\\\/2019\\\/03\\\/Sympt\u00f4mes-de-cannelures-et-ponctuations-Rupestris-stem-pitting-sur-Rupestris-du-Lot-indicateur-600x450.jpg\",\"woocommerce_gallery_thumbnail\":\"https:\\\/\\\/www.vignevin.com\\\/wp-content\\\/uploads\\\/2019\\\/03\\\/Sympt\u00f4mes-de-cannelures-et-ponctuations-Rupestris-stem-pitting-sur-Rupestris-du-Lot-indicateur-100x100.jpg\",\"full\":\"https:\\\/\\\/www.vignevin.com\\\/wp-content\\\/uploads\\\/2019\\\/03\\\/Sympt\u00f4mes-de-cannelures-et-ponctuations-Rupestris-stem-pitting-sur-Rupestris-du-Lot-indicateur.jpg\",\"index\":17,\"id\":9883,\"video\":false,\"opts\":{\"caption\":\"\",\"thumb\":{\"errors\":{\"envira-gallery-error-no-file\":[\"No file could be found for the image URL specified.\"]},\"error_data\":[]},\"title\":\"Sympt&ocirc;mes de cannelures et ponctuations (Rupestris stem pitting) sur Rupestris du Lot (indicateur)\"},\"gallery_id\":\"17413\"},\"9884\":{\"status\":\"active\",\"src\":\"https:\\\/\\\/www.vignevin.com\\\/wp-content\\\/uploads\\\/2019\\\/03\\\/Sympt\u00f4mes-de-cannelures-sur-Rupestris-du-Lot-2-plants-symptomatiques-\u00e0-gauche-et-1-asymptomatique-\u00e0-droite.jpg\",\"title\":\"Sympt&ocirc;mes de cannelures sur Rupestris du Lot 2 plants symptomatiques &agrave; gauche et 1 asymptomatique &agrave; droite\",\"link\":\"https:\\\/\\\/www.vignevin.com\\\/wp-content\\\/uploads\\\/2019\\\/03\\\/Sympt\u00f4mes-de-cannelures-sur-Rupestris-du-Lot-2-plants-symptomatiques-\u00e0-gauche-et-1-asymptomatique-\u00e0-droite.jpg\",\"alt\":\"\",\"caption\":false,\"thumb\":{\"errors\":{\"envira-gallery-error-no-file\":[\"No file could be found for the image URL specified.\"]},\"error_data\":[]},\"meta\":{\"aperture\":null,\"credit\":null,\"camera\":null,\"caption\":\"\",\"created_timestamp\":null,\"copyright\":null,\"focal_length\":null,\"iso\":null,\"shutter_speed\":null,\"title\":\"\",\"orientation\":null,\"keywords\":null},\"thumbnail\":\"https:\\\/\\\/www.vignevin.com\\\/wp-content\\\/uploads\\\/2019\\\/03\\\/Sympt\u00f4mes-de-cannelures-sur-Rupestris-du-Lot-2-plants-symptomatiques-\u00e0-gauche-et-1-asymptomatique-\u00e0-droite-150x150.jpg\",\"medium\":\"https:\\\/\\\/www.vignevin.com\\\/wp-content\\\/uploads\\\/2019\\\/03\\\/Sympt\u00f4mes-de-cannelures-sur-Rupestris-du-Lot-2-plants-symptomatiques-\u00e0-gauche-et-1-asymptomatique-\u00e0-droite-198x300.jpg\",\"medium_large\":\"https:\\\/\\\/www.vignevin.com\\\/wp-content\\\/uploads\\\/2019\\\/03\\\/Sympt\u00f4mes-de-cannelures-sur-Rupestris-du-Lot-2-plants-symptomatiques-\u00e0-gauche-et-1-asymptomatique-\u00e0-droite.jpg\",\"large\":\"https:\\\/\\\/www.vignevin.com\\\/wp-content\\\/uploads\\\/2019\\\/03\\\/Sympt\u00f4mes-de-cannelures-sur-Rupestris-du-Lot-2-plants-symptomatiques-\u00e0-gauche-et-1-asymptomatique-\u00e0-droite.jpg\",\"1536x1536\":\"https:\\\/\\\/www.vignevin.com\\\/wp-content\\\/uploads\\\/2019\\\/03\\\/Sympt\u00f4mes-de-cannelures-sur-Rupestris-du-Lot-2-plants-symptomatiques-\u00e0-gauche-et-1-asymptomatique-\u00e0-droite.jpg\",\"2048x2048\":\"https:\\\/\\\/www.vignevin.com\\\/wp-content\\\/uploads\\\/2019\\\/03\\\/Sympt\u00f4mes-de-cannelures-sur-Rupestris-du-Lot-2-plants-symptomatiques-\u00e0-gauche-et-1-asymptomatique-\u00e0-droite.jpg\",\"et-pb-post-main-image\":\"https:\\\/\\\/www.vignevin.com\\\/wp-content\\\/uploads\\\/2019\\\/03\\\/Sympt\u00f4mes-de-cannelures-sur-Rupestris-du-Lot-2-plants-symptomatiques-\u00e0-gauche-et-1-asymptomatique-\u00e0-droite-359x250.jpg\",\"et-pb-post-main-image-fullwidth\":\"https:\\\/\\\/www.vignevin.com\\\/wp-content\\\/uploads\\\/2019\\\/03\\\/Sympt\u00f4mes-de-cannelures-sur-Rupestris-du-Lot-2-plants-symptomatiques-\u00e0-gauche-et-1-asymptomatique-\u00e0-droite.jpg\",\"et-pb-portfolio-image\":\"https:\\\/\\\/www.vignevin.com\\\/wp-content\\\/uploads\\\/2019\\\/03\\\/Sympt\u00f4mes-de-cannelures-sur-Rupestris-du-Lot-2-plants-symptomatiques-\u00e0-gauche-et-1-asymptomatique-\u00e0-droite-359x284.jpg\",\"et-pb-portfolio-module-image\":\"https:\\\/\\\/www.vignevin.com\\\/wp-content\\\/uploads\\\/2019\\\/03\\\/Sympt\u00f4mes-de-cannelures-sur-Rupestris-du-Lot-2-plants-symptomatiques-\u00e0-gauche-et-1-asymptomatique-\u00e0-droite-359x382.jpg\",\"et-pb-portfolio-image-single\":\"https:\\\/\\\/www.vignevin.com\\\/wp-content\\\/uploads\\\/2019\\\/03\\\/Sympt\u00f4mes-de-cannelures-sur-Rupestris-du-Lot-2-plants-symptomatiques-\u00e0-gauche-et-1-asymptomatique-\u00e0-droite.jpg\",\"et-pb-gallery-module-image-portrait\":\"https:\\\/\\\/www.vignevin.com\\\/wp-content\\\/uploads\\\/2019\\\/03\\\/Sympt\u00f4mes-de-cannelures-sur-Rupestris-du-Lot-2-plants-symptomatiques-\u00e0-gauche-et-1-asymptomatique-\u00e0-droite-359x516.jpg\",\"et-pb-post-main-image-fullwidth-large\":\"https:\\\/\\\/www.vignevin.com\\\/wp-content\\\/uploads\\\/2019\\\/03\\\/Sympt\u00f4mes-de-cannelures-sur-Rupestris-du-Lot-2-plants-symptomatiques-\u00e0-gauche-et-1-asymptomatique-\u00e0-droite.jpg\",\"et-pb-image--responsive--desktop\":\"https:\\\/\\\/www.vignevin.com\\\/wp-content\\\/uploads\\\/2019\\\/03\\\/Sympt\u00f4mes-de-cannelures-sur-Rupestris-du-Lot-2-plants-symptomatiques-\u00e0-gauche-et-1-asymptomatique-\u00e0-droite.jpg\",\"et-pb-image--responsive--tablet\":\"https:\\\/\\\/www.vignevin.com\\\/wp-content\\\/uploads\\\/2019\\\/03\\\/Sympt\u00f4mes-de-cannelures-sur-Rupestris-du-Lot-2-plants-symptomatiques-\u00e0-gauche-et-1-asymptomatique-\u00e0-droite.jpg\",\"et-pb-image--responsive--phone\":\"https:\\\/\\\/www.vignevin.com\\\/wp-content\\\/uploads\\\/2019\\\/03\\\/Sympt\u00f4mes-de-cannelures-sur-Rupestris-du-Lot-2-plants-symptomatiques-\u00e0-gauche-et-1-asymptomatique-\u00e0-droite.jpg\",\"gform-image-choice-sm\":\"https:\\\/\\\/www.vignevin.com\\\/wp-content\\\/uploads\\\/2019\\\/03\\\/Sympt\u00f4mes-de-cannelures-sur-Rupestris-du-Lot-2-plants-symptomatiques-\u00e0-gauche-et-1-asymptomatique-\u00e0-droite.jpg\",\"gform-image-choice-md\":\"https:\\\/\\\/www.vignevin.com\\\/wp-content\\\/uploads\\\/2019\\\/03\\\/Sympt\u00f4mes-de-cannelures-sur-Rupestris-du-Lot-2-plants-symptomatiques-\u00e0-gauche-et-1-asymptomatique-\u00e0-droite.jpg\",\"gform-image-choice-lg\":\"https:\\\/\\\/www.vignevin.com\\\/wp-content\\\/uploads\\\/2019\\\/03\\\/Sympt\u00f4mes-de-cannelures-sur-Rupestris-du-Lot-2-plants-symptomatiques-\u00e0-gauche-et-1-asymptomatique-\u00e0-droite.jpg\",\"woocommerce_thumbnail\":\"https:\\\/\\\/www.vignevin.com\\\/wp-content\\\/uploads\\\/2019\\\/03\\\/Sympt\u00f4mes-de-cannelures-sur-Rupestris-du-Lot-2-plants-symptomatiques-\u00e0-gauche-et-1-asymptomatique-\u00e0-droite-300x300.jpg\",\"woocommerce_single\":\"https:\\\/\\\/www.vignevin.com\\\/wp-content\\\/uploads\\\/2019\\\/03\\\/Sympt\u00f4mes-de-cannelures-sur-Rupestris-du-Lot-2-plants-symptomatiques-\u00e0-gauche-et-1-asymptomatique-\u00e0-droite.jpg\",\"woocommerce_gallery_thumbnail\":\"https:\\\/\\\/www.vignevin.com\\\/wp-content\\\/uploads\\\/2019\\\/03\\\/Sympt\u00f4mes-de-cannelures-sur-Rupestris-du-Lot-2-plants-symptomatiques-\u00e0-gauche-et-1-asymptomatique-\u00e0-droite-100x100.jpg\",\"full\":\"https:\\\/\\\/www.vignevin.com\\\/wp-content\\\/uploads\\\/2019\\\/03\\\/Sympt\u00f4mes-de-cannelures-sur-Rupestris-du-Lot-2-plants-symptomatiques-\u00e0-gauche-et-1-asymptomatique-\u00e0-droite.jpg\",\"index\":18,\"id\":9884,\"video\":false,\"opts\":{\"caption\":\"\",\"thumb\":{\"errors\":{\"envira-gallery-error-no-file\":[\"No file could be found for the image URL specified.\"]},\"error_data\":[]},\"title\":\"Sympt&ocirc;mes de cannelures sur Rupestris du Lot 2 plants symptomatiques &agrave; gauche et 1 asymptomatique &agrave; droite\"},\"gallery_id\":\"17413\"},\"9885\":{\"status\":\"active\",\"src\":\"https:\\\/\\\/www.vignevin.com\\\/wp-content\\\/uploads\\\/2019\\\/03\\\/Sympt\u00f4mes-de-chlorose-calcaire.jpg\",\"title\":\"Sympt&ocirc;mes de chlorose calcaire\",\"link\":\"https:\\\/\\\/www.vignevin.com\\\/wp-content\\\/uploads\\\/2019\\\/03\\\/Sympt\u00f4mes-de-chlorose-calcaire.jpg\",\"alt\":\"\",\"caption\":false,\"thumb\":{\"errors\":{\"envira-gallery-error-no-file\":[\"No file could be found for the image URL specified.\"]},\"error_data\":[]},\"meta\":{\"aperture\":null,\"credit\":null,\"camera\":null,\"caption\":\"\",\"created_timestamp\":null,\"copyright\":null,\"focal_length\":null,\"iso\":null,\"shutter_speed\":null,\"title\":\"\",\"orientation\":null,\"keywords\":null},\"thumbnail\":\"https:\\\/\\\/www.vignevin.com\\\/wp-content\\\/uploads\\\/2019\\\/03\\\/Sympt\u00f4mes-de-chlorose-calcaire-150x150.jpg\",\"medium\":\"https:\\\/\\\/www.vignevin.com\\\/wp-content\\\/uploads\\\/2019\\\/03\\\/Sympt\u00f4mes-de-chlorose-calcaire-225x300.jpg\",\"medium_large\":\"https:\\\/\\\/www.vignevin.com\\\/wp-content\\\/uploads\\\/2019\\\/03\\\/Sympt\u00f4mes-de-chlorose-calcaire.jpg\",\"large\":\"https:\\\/\\\/www.vignevin.com\\\/wp-content\\\/uploads\\\/2019\\\/03\\\/Sympt\u00f4mes-de-chlorose-calcaire.jpg\",\"1536x1536\":\"https:\\\/\\\/www.vignevin.com\\\/wp-content\\\/uploads\\\/2019\\\/03\\\/Sympt\u00f4mes-de-chlorose-calcaire.jpg\",\"2048x2048\":\"https:\\\/\\\/www.vignevin.com\\\/wp-content\\\/uploads\\\/2019\\\/03\\\/Sympt\u00f4mes-de-chlorose-calcaire.jpg\",\"et-pb-post-main-image\":\"https:\\\/\\\/www.vignevin.com\\\/wp-content\\\/uploads\\\/2019\\\/03\\\/Sympt\u00f4mes-de-chlorose-calcaire-400x250.jpg\",\"et-pb-post-main-image-fullwidth\":\"https:\\\/\\\/www.vignevin.com\\\/wp-content\\\/uploads\\\/2019\\\/03\\\/Sympt\u00f4mes-de-chlorose-calcaire.jpg\",\"et-pb-portfolio-image\":\"https:\\\/\\\/www.vignevin.com\\\/wp-content\\\/uploads\\\/2019\\\/03\\\/Sympt\u00f4mes-de-chlorose-calcaire-400x284.jpg\",\"et-pb-portfolio-module-image\":\"https:\\\/\\\/www.vignevin.com\\\/wp-content\\\/uploads\\\/2019\\\/03\\\/Sympt\u00f4mes-de-chlorose-calcaire-500x382.jpg\",\"et-pb-portfolio-image-single\":\"https:\\\/\\\/www.vignevin.com\\\/wp-content\\\/uploads\\\/2019\\\/03\\\/Sympt\u00f4mes-de-chlorose-calcaire.jpg\",\"et-pb-gallery-module-image-portrait\":\"https:\\\/\\\/www.vignevin.com\\\/wp-content\\\/uploads\\\/2019\\\/03\\\/Sympt\u00f4mes-de-chlorose-calcaire-400x516.jpg\",\"et-pb-post-main-image-fullwidth-large\":\"https:\\\/\\\/www.vignevin.com\\\/wp-content\\\/uploads\\\/2019\\\/03\\\/Sympt\u00f4mes-de-chlorose-calcaire.jpg\",\"et-pb-image--responsive--desktop\":\"https:\\\/\\\/www.vignevin.com\\\/wp-content\\\/uploads\\\/2019\\\/03\\\/Sympt\u00f4mes-de-chlorose-calcaire.jpg\",\"et-pb-image--responsive--tablet\":\"https:\\\/\\\/www.vignevin.com\\\/wp-content\\\/uploads\\\/2019\\\/03\\\/Sympt\u00f4mes-de-chlorose-calcaire.jpg\",\"et-pb-image--responsive--phone\":\"https:\\\/\\\/www.vignevin.com\\\/wp-content\\\/uploads\\\/2019\\\/03\\\/Sympt\u00f4mes-de-chlorose-calcaire.jpg\",\"gform-image-choice-sm\":\"https:\\\/\\\/www.vignevin.com\\\/wp-content\\\/uploads\\\/2019\\\/03\\\/Sympt\u00f4mes-de-chlorose-calcaire.jpg\",\"gform-image-choice-md\":\"https:\\\/\\\/www.vignevin.com\\\/wp-content\\\/uploads\\\/2019\\\/03\\\/Sympt\u00f4mes-de-chlorose-calcaire.jpg\",\"gform-image-choice-lg\":\"https:\\\/\\\/www.vignevin.com\\\/wp-content\\\/uploads\\\/2019\\\/03\\\/Sympt\u00f4mes-de-chlorose-calcaire.jpg\",\"woocommerce_thumbnail\":\"https:\\\/\\\/www.vignevin.com\\\/wp-content\\\/uploads\\\/2019\\\/03\\\/Sympt\u00f4mes-de-chlorose-calcaire-300x300.jpg\",\"woocommerce_single\":\"https:\\\/\\\/www.vignevin.com\\\/wp-content\\\/uploads\\\/2019\\\/03\\\/Sympt\u00f4mes-de-chlorose-calcaire.jpg\",\"woocommerce_gallery_thumbnail\":\"https:\\\/\\\/www.vignevin.com\\\/wp-content\\\/uploads\\\/2019\\\/03\\\/Sympt\u00f4mes-de-chlorose-calcaire-100x100.jpg\",\"full\":\"https:\\\/\\\/www.vignevin.com\\\/wp-content\\\/uploads\\\/2019\\\/03\\\/Sympt\u00f4mes-de-chlorose-calcaire.jpg\",\"index\":19,\"id\":9885,\"video\":false,\"opts\":{\"caption\":\"\",\"thumb\":{\"errors\":{\"envira-gallery-error-no-file\":[\"No file could be found for the image URL specified.\"]},\"error_data\":[]},\"title\":\"Sympt&ocirc;mes de chlorose calcaire\"},\"gallery_id\":\"17413\"},\"9886\":{\"status\":\"active\",\"src\":\"https:\\\/\\\/www.vignevin.com\\\/wp-content\\\/uploads\\\/2019\\\/03\\\/Sympt\u00f4mes-de-chlorose-ferrique.jpg\",\"title\":\"OLYMPUS DIGITAL CAMERA\",\"link\":\"https:\\\/\\\/www.vignevin.com\\\/wp-content\\\/uploads\\\/2019\\\/03\\\/Sympt\u00f4mes-de-chlorose-ferrique.jpg\",\"alt\":\"\",\"caption\":\"OLYMPUS DIGITAL CAMERA\",\"thumb\":{\"errors\":{\"envira-gallery-error-no-file\":[\"No file could be found for the image URL specified.\"]},\"error_data\":[]},\"meta\":{\"aperture\":\"5.6\",\"credit\":null,\"camera\":\"C-5000Z\",\"caption\":\"OLYMPUS DIGITAL CAMERA\",\"created_timestamp\":\"1191412996\",\"copyright\":null,\"focal_length\":\"7.8\",\"iso\":\"50\",\"shutter_speed\":\"0.0125\",\"title\":\"OLYMPUS DIGITAL CAMERA\",\"orientation\":\"1\",\"keywords\":null},\"thumbnail\":\"https:\\\/\\\/www.vignevin.com\\\/wp-content\\\/uploads\\\/2019\\\/03\\\/Sympt\u00f4mes-de-chlorose-ferrique-150x150.jpg\",\"medium\":\"https:\\\/\\\/www.vignevin.com\\\/wp-content\\\/uploads\\\/2019\\\/03\\\/Sympt\u00f4mes-de-chlorose-ferrique-225x300.jpg\",\"medium_large\":\"https:\\\/\\\/www.vignevin.com\\\/wp-content\\\/uploads\\\/2019\\\/03\\\/Sympt\u00f4mes-de-chlorose-ferrique-768x1024.jpg\",\"large\":\"https:\\\/\\\/www.vignevin.com\\\/wp-content\\\/uploads\\\/2019\\\/03\\\/Sympt\u00f4mes-de-chlorose-ferrique-768x1024.jpg\",\"1536x1536\":\"https:\\\/\\\/www.vignevin.com\\\/wp-content\\\/uploads\\\/2019\\\/03\\\/Sympt\u00f4mes-de-chlorose-ferrique.jpg\",\"2048x2048\":\"https:\\\/\\\/www.vignevin.com\\\/wp-content\\\/uploads\\\/2019\\\/03\\\/Sympt\u00f4mes-de-chlorose-ferrique.jpg\",\"et-pb-post-main-image\":\"https:\\\/\\\/www.vignevin.com\\\/wp-content\\\/uploads\\\/2019\\\/03\\\/Sympt\u00f4mes-de-chlorose-ferrique-400x250.jpg\",\"et-pb-post-main-image-fullwidth\":\"https:\\\/\\\/www.vignevin.com\\\/wp-content\\\/uploads\\\/2019\\\/03\\\/Sympt\u00f4mes-de-chlorose-ferrique-1080x675.jpg\",\"et-pb-portfolio-image\":\"https:\\\/\\\/www.vignevin.com\\\/wp-content\\\/uploads\\\/2019\\\/03\\\/Sympt\u00f4mes-de-chlorose-ferrique-400x284.jpg\",\"et-pb-portfolio-module-image\":\"https:\\\/\\\/www.vignevin.com\\\/wp-content\\\/uploads\\\/2019\\\/03\\\/Sympt\u00f4mes-de-chlorose-ferrique-510x382.jpg\",\"et-pb-portfolio-image-single\":\"https:\\\/\\\/www.vignevin.com\\\/wp-content\\\/uploads\\\/2019\\\/03\\\/Sympt\u00f4mes-de-chlorose-ferrique-1080x1440.jpg\",\"et-pb-gallery-module-image-portrait\":\"https:\\\/\\\/www.vignevin.com\\\/wp-content\\\/uploads\\\/2019\\\/03\\\/Sympt\u00f4mes-de-chlorose-ferrique-400x516.jpg\",\"et-pb-post-main-image-fullwidth-large\":\"https:\\\/\\\/www.vignevin.com\\\/wp-content\\\/uploads\\\/2019\\\/03\\\/Sympt\u00f4mes-de-chlorose-ferrique.jpg\",\"et-pb-image--responsive--desktop\":\"https:\\\/\\\/www.vignevin.com\\\/wp-content\\\/uploads\\\/2019\\\/03\\\/Sympt\u00f4mes-de-chlorose-ferrique.jpg\",\"et-pb-image--responsive--tablet\":\"https:\\\/\\\/www.vignevin.com\\\/wp-content\\\/uploads\\\/2019\\\/03\\\/Sympt\u00f4mes-de-chlorose-ferrique.jpg\",\"et-pb-image--responsive--phone\":\"https:\\\/\\\/www.vignevin.com\\\/wp-content\\\/uploads\\\/2019\\\/03\\\/Sympt\u00f4mes-de-chlorose-ferrique.jpg\",\"gform-image-choice-sm\":\"https:\\\/\\\/www.vignevin.com\\\/wp-content\\\/uploads\\\/2019\\\/03\\\/Sympt\u00f4mes-de-chlorose-ferrique.jpg\",\"gform-image-choice-md\":\"https:\\\/\\\/www.vignevin.com\\\/wp-content\\\/uploads\\\/2019\\\/03\\\/Sympt\u00f4mes-de-chlorose-ferrique.jpg\",\"gform-image-choice-lg\":\"https:\\\/\\\/www.vignevin.com\\\/wp-content\\\/uploads\\\/2019\\\/03\\\/Sympt\u00f4mes-de-chlorose-ferrique.jpg\",\"woocommerce_thumbnail\":\"https:\\\/\\\/www.vignevin.com\\\/wp-content\\\/uploads\\\/2019\\\/03\\\/Sympt\u00f4mes-de-chlorose-ferrique-300x300.jpg\",\"woocommerce_single\":\"https:\\\/\\\/www.vignevin.com\\\/wp-content\\\/uploads\\\/2019\\\/03\\\/Sympt\u00f4mes-de-chlorose-ferrique-600x800.jpg\",\"woocommerce_gallery_thumbnail\":\"https:\\\/\\\/www.vignevin.com\\\/wp-content\\\/uploads\\\/2019\\\/03\\\/Sympt\u00f4mes-de-chlorose-ferrique-100x100.jpg\",\"full\":\"https:\\\/\\\/www.vignevin.com\\\/wp-content\\\/uploads\\\/2019\\\/03\\\/Sympt\u00f4mes-de-chlorose-ferrique.jpg\",\"index\":20,\"id\":9886,\"video\":false,\"opts\":{\"caption\":\"OLYMPUS DIGITAL CAMERA\",\"thumb\":{\"errors\":{\"envira-gallery-error-no-file\":[\"No file could be found for the image URL specified.\"]},\"error_data\":[]},\"title\":\"OLYMPUS DIGITAL CAMERA\"},\"gallery_id\":\"17413\"},\"9887\":{\"status\":\"active\",\"src\":\"https:\\\/\\\/www.vignevin.com\\\/wp-content\\\/uploads\\\/2019\\\/03\\\/Sympt\u00f4mes-de-chlorose-sur-Gamay-N.jpg\",\"title\":\"Sympt&ocirc;mes de chlorose sur Gamay N\",\"link\":\"https:\\\/\\\/www.vignevin.com\\\/wp-content\\\/uploads\\\/2019\\\/03\\\/Sympt\u00f4mes-de-chlorose-sur-Gamay-N.jpg\",\"alt\":\"\",\"caption\":false,\"thumb\":{\"errors\":{\"envira-gallery-error-no-file\":[\"No file could be found for the image URL specified.\"]},\"error_data\":[]},\"meta\":{\"aperture\":null,\"credit\":null,\"camera\":null,\"caption\":\"\",\"created_timestamp\":null,\"copyright\":null,\"focal_length\":null,\"iso\":null,\"shutter_speed\":null,\"title\":\"\",\"orientation\":null,\"keywords\":null},\"thumbnail\":\"https:\\\/\\\/www.vignevin.com\\\/wp-content\\\/uploads\\\/2019\\\/03\\\/Sympt\u00f4mes-de-chlorose-sur-Gamay-N-150x150.jpg\",\"medium\":\"https:\\\/\\\/www.vignevin.com\\\/wp-content\\\/uploads\\\/2019\\\/03\\\/Sympt\u00f4mes-de-chlorose-sur-Gamay-N-225x300.jpg\",\"medium_large\":\"https:\\\/\\\/www.vignevin.com\\\/wp-content\\\/uploads\\\/2019\\\/03\\\/Sympt\u00f4mes-de-chlorose-sur-Gamay-N.jpg\",\"large\":\"https:\\\/\\\/www.vignevin.com\\\/wp-content\\\/uploads\\\/2019\\\/03\\\/Sympt\u00f4mes-de-chlorose-sur-Gamay-N.jpg\",\"1536x1536\":\"https:\\\/\\\/www.vignevin.com\\\/wp-content\\\/uploads\\\/2019\\\/03\\\/Sympt\u00f4mes-de-chlorose-sur-Gamay-N.jpg\",\"2048x2048\":\"https:\\\/\\\/www.vignevin.com\\\/wp-content\\\/uploads\\\/2019\\\/03\\\/Sympt\u00f4mes-de-chlorose-sur-Gamay-N.jpg\",\"et-pb-post-main-image\":\"https:\\\/\\\/www.vignevin.com\\\/wp-content\\\/uploads\\\/2019\\\/03\\\/Sympt\u00f4mes-de-chlorose-sur-Gamay-N-400x250.jpg\",\"et-pb-post-main-image-fullwidth\":\"https:\\\/\\\/www.vignevin.com\\\/wp-content\\\/uploads\\\/2019\\\/03\\\/Sympt\u00f4mes-de-chlorose-sur-Gamay-N-564x675.jpg\",\"et-pb-portfolio-image\":\"https:\\\/\\\/www.vignevin.com\\\/wp-content\\\/uploads\\\/2019\\\/03\\\/Sympt\u00f4mes-de-chlorose-sur-Gamay-N-400x284.jpg\",\"et-pb-portfolio-module-image\":\"https:\\\/\\\/www.vignevin.com\\\/wp-content\\\/uploads\\\/2019\\\/03\\\/Sympt\u00f4mes-de-chlorose-sur-Gamay-N-510x382.jpg\",\"et-pb-portfolio-image-single\":\"https:\\\/\\\/www.vignevin.com\\\/wp-content\\\/uploads\\\/2019\\\/03\\\/Sympt\u00f4mes-de-chlorose-sur-Gamay-N.jpg\",\"et-pb-gallery-module-image-portrait\":\"https:\\\/\\\/www.vignevin.com\\\/wp-content\\\/uploads\\\/2019\\\/03\\\/Sympt\u00f4mes-de-chlorose-sur-Gamay-N-400x516.jpg\",\"et-pb-post-main-image-fullwidth-large\":\"https:\\\/\\\/www.vignevin.com\\\/wp-content\\\/uploads\\\/2019\\\/03\\\/Sympt\u00f4mes-de-chlorose-sur-Gamay-N.jpg\",\"et-pb-image--responsive--desktop\":\"https:\\\/\\\/www.vignevin.com\\\/wp-content\\\/uploads\\\/2019\\\/03\\\/Sympt\u00f4mes-de-chlorose-sur-Gamay-N.jpg\",\"et-pb-image--responsive--tablet\":\"https:\\\/\\\/www.vignevin.com\\\/wp-content\\\/uploads\\\/2019\\\/03\\\/Sympt\u00f4mes-de-chlorose-sur-Gamay-N.jpg\",\"et-pb-image--responsive--phone\":\"https:\\\/\\\/www.vignevin.com\\\/wp-content\\\/uploads\\\/2019\\\/03\\\/Sympt\u00f4mes-de-chlorose-sur-Gamay-N.jpg\",\"gform-image-choice-sm\":\"https:\\\/\\\/www.vignevin.com\\\/wp-content\\\/uploads\\\/2019\\\/03\\\/Sympt\u00f4mes-de-chlorose-sur-Gamay-N.jpg\",\"gform-image-choice-md\":\"https:\\\/\\\/www.vignevin.com\\\/wp-content\\\/uploads\\\/2019\\\/03\\\/Sympt\u00f4mes-de-chlorose-sur-Gamay-N.jpg\",\"gform-image-choice-lg\":\"https:\\\/\\\/www.vignevin.com\\\/wp-content\\\/uploads\\\/2019\\\/03\\\/Sympt\u00f4mes-de-chlorose-sur-Gamay-N.jpg\",\"woocommerce_thumbnail\":\"https:\\\/\\\/www.vignevin.com\\\/wp-content\\\/uploads\\\/2019\\\/03\\\/Sympt\u00f4mes-de-chlorose-sur-Gamay-N-300x300.jpg\",\"woocommerce_single\":\"https:\\\/\\\/www.vignevin.com\\\/wp-content\\\/uploads\\\/2019\\\/03\\\/Sympt\u00f4mes-de-chlorose-sur-Gamay-N.jpg\",\"woocommerce_gallery_thumbnail\":\"https:\\\/\\\/www.vignevin.com\\\/wp-content\\\/uploads\\\/2019\\\/03\\\/Sympt\u00f4mes-de-chlorose-sur-Gamay-N-100x100.jpg\",\"full\":\"https:\\\/\\\/www.vignevin.com\\\/wp-content\\\/uploads\\\/2019\\\/03\\\/Sympt\u00f4mes-de-chlorose-sur-Gamay-N.jpg\",\"index\":21,\"id\":9887,\"video\":false,\"opts\":{\"caption\":\"\",\"thumb\":{\"errors\":{\"envira-gallery-error-no-file\":[\"No file could be found for the image URL specified.\"]},\"error_data\":[]},\"title\":\"Sympt&ocirc;mes de chlorose sur Gamay N\"},\"gallery_id\":\"17413\"},\"9888\":{\"status\":\"active\",\"src\":\"https:\\\/\\\/www.vignevin.com\\\/wp-content\\\/uploads\\\/2019\\\/03\\\/Sympt\u00f4mes-de-flavescence-dor\u00e9e-sur-c\u00e9page-blanc.jpg\",\"title\":\"OLYMPUS DIGITAL CAMERA\",\"link\":\"https:\\\/\\\/www.vignevin.com\\\/wp-content\\\/uploads\\\/2019\\\/03\\\/Sympt\u00f4mes-de-flavescence-dor\u00e9e-sur-c\u00e9page-blanc.jpg\",\"alt\":\"\",\"caption\":\"OLYMPUS DIGITAL CAMERA\",\"thumb\":{\"errors\":{\"envira-gallery-error-no-file\":[\"No file could be found for the image URL specified.\"]},\"error_data\":[]},\"meta\":{\"aperture\":\"2.8\",\"credit\":null,\"camera\":\"C-5000Z\",\"caption\":\"OLYMPUS DIGITAL CAMERA\",\"created_timestamp\":\"1126088748\",\"copyright\":null,\"focal_length\":\"7.8\",\"iso\":\"50\",\"shutter_speed\":\"0.0015384615384615\",\"title\":\"OLYMPUS DIGITAL CAMERA\",\"orientation\":null,\"keywords\":null},\"thumbnail\":\"https:\\\/\\\/www.vignevin.com\\\/wp-content\\\/uploads\\\/2019\\\/03\\\/Sympt\u00f4mes-de-flavescence-dor\u00e9e-sur-c\u00e9page-blanc-150x150.jpg\",\"medium\":\"https:\\\/\\\/www.vignevin.com\\\/wp-content\\\/uploads\\\/2019\\\/03\\\/Sympt\u00f4mes-de-flavescence-dor\u00e9e-sur-c\u00e9page-blanc-225x300.jpg\",\"medium_large\":\"https:\\\/\\\/www.vignevin.com\\\/wp-content\\\/uploads\\\/2019\\\/03\\\/Sympt\u00f4mes-de-flavescence-dor\u00e9e-sur-c\u00e9page-blanc-768x1024.jpg\",\"large\":\"https:\\\/\\\/www.vignevin.com\\\/wp-content\\\/uploads\\\/2019\\\/03\\\/Sympt\u00f4mes-de-flavescence-dor\u00e9e-sur-c\u00e9page-blanc-768x1024.jpg\",\"1536x1536\":\"https:\\\/\\\/www.vignevin.com\\\/wp-content\\\/uploads\\\/2019\\\/03\\\/Sympt\u00f4mes-de-flavescence-dor\u00e9e-sur-c\u00e9page-blanc.jpg\",\"2048x2048\":\"https:\\\/\\\/www.vignevin.com\\\/wp-content\\\/uploads\\\/2019\\\/03\\\/Sympt\u00f4mes-de-flavescence-dor\u00e9e-sur-c\u00e9page-blanc.jpg\",\"et-pb-post-main-image\":\"https:\\\/\\\/www.vignevin.com\\\/wp-content\\\/uploads\\\/2019\\\/03\\\/Sympt\u00f4mes-de-flavescence-dor\u00e9e-sur-c\u00e9page-blanc-400x250.jpg\",\"et-pb-post-main-image-fullwidth\":\"https:\\\/\\\/www.vignevin.com\\\/wp-content\\\/uploads\\\/2019\\\/03\\\/Sympt\u00f4mes-de-flavescence-dor\u00e9e-sur-c\u00e9page-blanc-1080x675.jpg\",\"et-pb-portfolio-image\":\"https:\\\/\\\/www.vignevin.com\\\/wp-content\\\/uploads\\\/2019\\\/03\\\/Sympt\u00f4mes-de-flavescence-dor\u00e9e-sur-c\u00e9page-blanc-400x284.jpg\",\"et-pb-portfolio-module-image\":\"https:\\\/\\\/www.vignevin.com\\\/wp-content\\\/uploads\\\/2019\\\/03\\\/Sympt\u00f4mes-de-flavescence-dor\u00e9e-sur-c\u00e9page-blanc-510x382.jpg\",\"et-pb-portfolio-image-single\":\"https:\\\/\\\/www.vignevin.com\\\/wp-content\\\/uploads\\\/2019\\\/03\\\/Sympt\u00f4mes-de-flavescence-dor\u00e9e-sur-c\u00e9page-blanc-1080x1440.jpg\",\"et-pb-gallery-module-image-portrait\":\"https:\\\/\\\/www.vignevin.com\\\/wp-content\\\/uploads\\\/2019\\\/03\\\/Sympt\u00f4mes-de-flavescence-dor\u00e9e-sur-c\u00e9page-blanc-400x516.jpg\",\"et-pb-post-main-image-fullwidth-large\":\"https:\\\/\\\/www.vignevin.com\\\/wp-content\\\/uploads\\\/2019\\\/03\\\/Sympt\u00f4mes-de-flavescence-dor\u00e9e-sur-c\u00e9page-blanc.jpg\",\"et-pb-image--responsive--desktop\":\"https:\\\/\\\/www.vignevin.com\\\/wp-content\\\/uploads\\\/2019\\\/03\\\/Sympt\u00f4mes-de-flavescence-dor\u00e9e-sur-c\u00e9page-blanc.jpg\",\"et-pb-image--responsive--tablet\":\"https:\\\/\\\/www.vignevin.com\\\/wp-content\\\/uploads\\\/2019\\\/03\\\/Sympt\u00f4mes-de-flavescence-dor\u00e9e-sur-c\u00e9page-blanc.jpg\",\"et-pb-image--responsive--phone\":\"https:\\\/\\\/www.vignevin.com\\\/wp-content\\\/uploads\\\/2019\\\/03\\\/Sympt\u00f4mes-de-flavescence-dor\u00e9e-sur-c\u00e9page-blanc.jpg\",\"gform-image-choice-sm\":\"https:\\\/\\\/www.vignevin.com\\\/wp-content\\\/uploads\\\/2019\\\/03\\\/Sympt\u00f4mes-de-flavescence-dor\u00e9e-sur-c\u00e9page-blanc.jpg\",\"gform-image-choice-md\":\"https:\\\/\\\/www.vignevin.com\\\/wp-content\\\/uploads\\\/2019\\\/03\\\/Sympt\u00f4mes-de-flavescence-dor\u00e9e-sur-c\u00e9page-blanc.jpg\",\"gform-image-choice-lg\":\"https:\\\/\\\/www.vignevin.com\\\/wp-content\\\/uploads\\\/2019\\\/03\\\/Sympt\u00f4mes-de-flavescence-dor\u00e9e-sur-c\u00e9page-blanc.jpg\",\"woocommerce_thumbnail\":\"https:\\\/\\\/www.vignevin.com\\\/wp-content\\\/uploads\\\/2019\\\/03\\\/Sympt\u00f4mes-de-flavescence-dor\u00e9e-sur-c\u00e9page-blanc-300x300.jpg\",\"woocommerce_single\":\"https:\\\/\\\/www.vignevin.com\\\/wp-content\\\/uploads\\\/2019\\\/03\\\/Sympt\u00f4mes-de-flavescence-dor\u00e9e-sur-c\u00e9page-blanc-600x800.jpg\",\"woocommerce_gallery_thumbnail\":\"https:\\\/\\\/www.vignevin.com\\\/wp-content\\\/uploads\\\/2019\\\/03\\\/Sympt\u00f4mes-de-flavescence-dor\u00e9e-sur-c\u00e9page-blanc-100x100.jpg\",\"full\":\"https:\\\/\\\/www.vignevin.com\\\/wp-content\\\/uploads\\\/2019\\\/03\\\/Sympt\u00f4mes-de-flavescence-dor\u00e9e-sur-c\u00e9page-blanc.jpg\",\"index\":22,\"id\":9888,\"video\":false,\"opts\":{\"caption\":\"OLYMPUS DIGITAL CAMERA\",\"thumb\":{\"errors\":{\"envira-gallery-error-no-file\":[\"No file could be found for the image URL specified.\"]},\"error_data\":[]},\"title\":\"OLYMPUS DIGITAL CAMERA\"},\"gallery_id\":\"17413\"},\"9889\":{\"status\":\"active\",\"src\":\"https:\\\/\\\/www.vignevin.com\\\/wp-content\\\/uploads\\\/2019\\\/03\\\/Sympt\u00f4mes-de-flavescence-dor\u00e9e-sur-Duras-N.jpg\",\"title\":\"OLYMPUS DIGITAL CAMERA\",\"link\":\"https:\\\/\\\/www.vignevin.com\\\/wp-content\\\/uploads\\\/2019\\\/03\\\/Sympt\u00f4mes-de-flavescence-dor\u00e9e-sur-Duras-N.jpg\",\"alt\":\"\",\"caption\":\"OLYMPUS DIGITAL CAMERA\",\"thumb\":{\"errors\":{\"envira-gallery-error-no-file\":[\"No file could be found for the image URL specified.\"]},\"error_data\":[]},\"meta\":{\"aperture\":\"2.8\",\"credit\":null,\"camera\":\"C-5000Z\",\"caption\":\"OLYMPUS DIGITAL CAMERA\",\"created_timestamp\":\"1157040017\",\"copyright\":null,\"focal_length\":\"7.8\",\"iso\":\"50\",\"shutter_speed\":\"0.01\",\"title\":\"OLYMPUS DIGITAL CAMERA\",\"orientation\":\"1\",\"keywords\":null},\"thumbnail\":\"https:\\\/\\\/www.vignevin.com\\\/wp-content\\\/uploads\\\/2019\\\/03\\\/Sympt\u00f4mes-de-flavescence-dor\u00e9e-sur-Duras-N-150x150.jpg\",\"medium\":\"https:\\\/\\\/www.vignevin.com\\\/wp-content\\\/uploads\\\/2019\\\/03\\\/Sympt\u00f4mes-de-flavescence-dor\u00e9e-sur-Duras-N-300x225.jpg\",\"medium_large\":\"https:\\\/\\\/www.vignevin.com\\\/wp-content\\\/uploads\\\/2019\\\/03\\\/Sympt\u00f4mes-de-flavescence-dor\u00e9e-sur-Duras-N-768x576.jpg\",\"large\":\"https:\\\/\\\/www.vignevin.com\\\/wp-content\\\/uploads\\\/2019\\\/03\\\/Sympt\u00f4mes-de-flavescence-dor\u00e9e-sur-Duras-N-1024x768.jpg\",\"1536x1536\":\"https:\\\/\\\/www.vignevin.com\\\/wp-content\\\/uploads\\\/2019\\\/03\\\/Sympt\u00f4mes-de-flavescence-dor\u00e9e-sur-Duras-N.jpg\",\"2048x2048\":\"https:\\\/\\\/www.vignevin.com\\\/wp-content\\\/uploads\\\/2019\\\/03\\\/Sympt\u00f4mes-de-flavescence-dor\u00e9e-sur-Duras-N.jpg\",\"et-pb-post-main-image\":\"https:\\\/\\\/www.vignevin.com\\\/wp-content\\\/uploads\\\/2019\\\/03\\\/Sympt\u00f4mes-de-flavescence-dor\u00e9e-sur-Duras-N-400x250.jpg\",\"et-pb-post-main-image-fullwidth\":\"https:\\\/\\\/www.vignevin.com\\\/wp-content\\\/uploads\\\/2019\\\/03\\\/Sympt\u00f4mes-de-flavescence-dor\u00e9e-sur-Duras-N-1080x675.jpg\",\"et-pb-portfolio-image\":\"https:\\\/\\\/www.vignevin.com\\\/wp-content\\\/uploads\\\/2019\\\/03\\\/Sympt\u00f4mes-de-flavescence-dor\u00e9e-sur-Duras-N-400x284.jpg\",\"et-pb-portfolio-module-image\":\"https:\\\/\\\/www.vignevin.com\\\/wp-content\\\/uploads\\\/2019\\\/03\\\/Sympt\u00f4mes-de-flavescence-dor\u00e9e-sur-Duras-N-510x382.jpg\",\"et-pb-portfolio-image-single\":\"https:\\\/\\\/www.vignevin.com\\\/wp-content\\\/uploads\\\/2019\\\/03\\\/Sympt\u00f4mes-de-flavescence-dor\u00e9e-sur-Duras-N-1080x810.jpg\",\"et-pb-gallery-module-image-portrait\":\"https:\\\/\\\/www.vignevin.com\\\/wp-content\\\/uploads\\\/2019\\\/03\\\/Sympt\u00f4mes-de-flavescence-dor\u00e9e-sur-Duras-N-400x516.jpg\",\"et-pb-post-main-image-fullwidth-large\":\"https:\\\/\\\/www.vignevin.com\\\/wp-content\\\/uploads\\\/2019\\\/03\\\/Sympt\u00f4mes-de-flavescence-dor\u00e9e-sur-Duras-N.jpg\",\"et-pb-image--responsive--desktop\":\"https:\\\/\\\/www.vignevin.com\\\/wp-content\\\/uploads\\\/2019\\\/03\\\/Sympt\u00f4mes-de-flavescence-dor\u00e9e-sur-Duras-N.jpg\",\"et-pb-image--responsive--tablet\":\"https:\\\/\\\/www.vignevin.com\\\/wp-content\\\/uploads\\\/2019\\\/03\\\/Sympt\u00f4mes-de-flavescence-dor\u00e9e-sur-Duras-N.jpg\",\"et-pb-image--responsive--phone\":\"https:\\\/\\\/www.vignevin.com\\\/wp-content\\\/uploads\\\/2019\\\/03\\\/Sympt\u00f4mes-de-flavescence-dor\u00e9e-sur-Duras-N.jpg\",\"gform-image-choice-sm\":\"https:\\\/\\\/www.vignevin.com\\\/wp-content\\\/uploads\\\/2019\\\/03\\\/Sympt\u00f4mes-de-flavescence-dor\u00e9e-sur-Duras-N.jpg\",\"gform-image-choice-md\":\"https:\\\/\\\/www.vignevin.com\\\/wp-content\\\/uploads\\\/2019\\\/03\\\/Sympt\u00f4mes-de-flavescence-dor\u00e9e-sur-Duras-N.jpg\",\"gform-image-choice-lg\":\"https:\\\/\\\/www.vignevin.com\\\/wp-content\\\/uploads\\\/2019\\\/03\\\/Sympt\u00f4mes-de-flavescence-dor\u00e9e-sur-Duras-N.jpg\",\"woocommerce_thumbnail\":\"https:\\\/\\\/www.vignevin.com\\\/wp-content\\\/uploads\\\/2019\\\/03\\\/Sympt\u00f4mes-de-flavescence-dor\u00e9e-sur-Duras-N-300x300.jpg\",\"woocommerce_single\":\"https:\\\/\\\/www.vignevin.com\\\/wp-content\\\/uploads\\\/2019\\\/03\\\/Sympt\u00f4mes-de-flavescence-dor\u00e9e-sur-Duras-N-600x450.jpg\",\"woocommerce_gallery_thumbnail\":\"https:\\\/\\\/www.vignevin.com\\\/wp-content\\\/uploads\\\/2019\\\/03\\\/Sympt\u00f4mes-de-flavescence-dor\u00e9e-sur-Duras-N-100x100.jpg\",\"full\":\"https:\\\/\\\/www.vignevin.com\\\/wp-content\\\/uploads\\\/2019\\\/03\\\/Sympt\u00f4mes-de-flavescence-dor\u00e9e-sur-Duras-N.jpg\",\"index\":23,\"id\":9889,\"video\":false,\"opts\":{\"caption\":\"OLYMPUS DIGITAL CAMERA\",\"thumb\":{\"errors\":{\"envira-gallery-error-no-file\":[\"No file could be found for the image URL specified.\"]},\"error_data\":[]},\"title\":\"OLYMPUS DIGITAL CAMERA\"},\"gallery_id\":\"17413\"},\"9890\":{\"status\":\"active\",\"src\":\"https:\\\/\\\/www.vignevin.com\\\/wp-content\\\/uploads\\\/2019\\\/03\\\/Sympt\u00f4mes-de-flavescence-dor\u00e9e-sur-Gamay-N.jpg\",\"title\":\"Sympt&ocirc;mes de flavescence dor&eacute;e sur Gamay N\",\"link\":\"https:\\\/\\\/www.vignevin.com\\\/wp-content\\\/uploads\\\/2019\\\/03\\\/Sympt\u00f4mes-de-flavescence-dor\u00e9e-sur-Gamay-N.jpg\",\"alt\":\"\",\"caption\":false,\"thumb\":{\"errors\":{\"envira-gallery-error-no-file\":[\"No file could be found for the image URL specified.\"]},\"error_data\":[]},\"meta\":{\"aperture\":\"4\",\"credit\":null,\"camera\":\"DMC-TZ10\",\"caption\":\"\",\"created_timestamp\":\"1409759402\",\"copyright\":null,\"focal_length\":\"6.5\",\"iso\":\"80\",\"shutter_speed\":\"0.0025\",\"title\":\"\",\"orientation\":\"1\",\"keywords\":null},\"thumbnail\":\"https:\\\/\\\/www.vignevin.com\\\/wp-content\\\/uploads\\\/2019\\\/03\\\/Sympt\u00f4mes-de-flavescence-dor\u00e9e-sur-Gamay-N-150x150.jpg\",\"medium\":\"https:\\\/\\\/www.vignevin.com\\\/wp-content\\\/uploads\\\/2019\\\/03\\\/Sympt\u00f4mes-de-flavescence-dor\u00e9e-sur-Gamay-N-300x225.jpg\",\"medium_large\":\"https:\\\/\\\/www.vignevin.com\\\/wp-content\\\/uploads\\\/2019\\\/03\\\/Sympt\u00f4mes-de-flavescence-dor\u00e9e-sur-Gamay-N-768x576.jpg\",\"large\":\"https:\\\/\\\/www.vignevin.com\\\/wp-content\\\/uploads\\\/2019\\\/03\\\/Sympt\u00f4mes-de-flavescence-dor\u00e9e-sur-Gamay-N-1024x768.jpg\",\"1536x1536\":\"https:\\\/\\\/www.vignevin.com\\\/wp-content\\\/uploads\\\/2019\\\/03\\\/Sympt\u00f4mes-de-flavescence-dor\u00e9e-sur-Gamay-N.jpg\",\"2048x2048\":\"https:\\\/\\\/www.vignevin.com\\\/wp-content\\\/uploads\\\/2019\\\/03\\\/Sympt\u00f4mes-de-flavescence-dor\u00e9e-sur-Gamay-N.jpg\",\"et-pb-post-main-image\":\"https:\\\/\\\/www.vignevin.com\\\/wp-content\\\/uploads\\\/2019\\\/03\\\/Sympt\u00f4mes-de-flavescence-dor\u00e9e-sur-Gamay-N-400x250.jpg\",\"et-pb-post-main-image-fullwidth\":\"https:\\\/\\\/www.vignevin.com\\\/wp-content\\\/uploads\\\/2019\\\/03\\\/Sympt\u00f4mes-de-flavescence-dor\u00e9e-sur-Gamay-N-1080x675.jpg\",\"et-pb-portfolio-image\":\"https:\\\/\\\/www.vignevin.com\\\/wp-content\\\/uploads\\\/2019\\\/03\\\/Sympt\u00f4mes-de-flavescence-dor\u00e9e-sur-Gamay-N-400x284.jpg\",\"et-pb-portfolio-module-image\":\"https:\\\/\\\/www.vignevin.com\\\/wp-content\\\/uploads\\\/2019\\\/03\\\/Sympt\u00f4mes-de-flavescence-dor\u00e9e-sur-Gamay-N-510x382.jpg\",\"et-pb-portfolio-image-single\":\"https:\\\/\\\/www.vignevin.com\\\/wp-content\\\/uploads\\\/2019\\\/03\\\/Sympt\u00f4mes-de-flavescence-dor\u00e9e-sur-Gamay-N-1080x810.jpg\",\"et-pb-gallery-module-image-portrait\":\"https:\\\/\\\/www.vignevin.com\\\/wp-content\\\/uploads\\\/2019\\\/03\\\/Sympt\u00f4mes-de-flavescence-dor\u00e9e-sur-Gamay-N-400x516.jpg\",\"et-pb-post-main-image-fullwidth-large\":\"https:\\\/\\\/www.vignevin.com\\\/wp-content\\\/uploads\\\/2019\\\/03\\\/Sympt\u00f4mes-de-flavescence-dor\u00e9e-sur-Gamay-N-2560x1800.jpg\",\"et-pb-image--responsive--desktop\":\"https:\\\/\\\/www.vignevin.com\\\/wp-content\\\/uploads\\\/2019\\\/03\\\/Sympt\u00f4mes-de-flavescence-dor\u00e9e-sur-Gamay-N.jpg\",\"et-pb-image--responsive--tablet\":\"https:\\\/\\\/www.vignevin.com\\\/wp-content\\\/uploads\\\/2019\\\/03\\\/Sympt\u00f4mes-de-flavescence-dor\u00e9e-sur-Gamay-N.jpg\",\"et-pb-image--responsive--phone\":\"https:\\\/\\\/www.vignevin.com\\\/wp-content\\\/uploads\\\/2019\\\/03\\\/Sympt\u00f4mes-de-flavescence-dor\u00e9e-sur-Gamay-N.jpg\",\"gform-image-choice-sm\":\"https:\\\/\\\/www.vignevin.com\\\/wp-content\\\/uploads\\\/2019\\\/03\\\/Sympt\u00f4mes-de-flavescence-dor\u00e9e-sur-Gamay-N.jpg\",\"gform-image-choice-md\":\"https:\\\/\\\/www.vignevin.com\\\/wp-content\\\/uploads\\\/2019\\\/03\\\/Sympt\u00f4mes-de-flavescence-dor\u00e9e-sur-Gamay-N.jpg\",\"gform-image-choice-lg\":\"https:\\\/\\\/www.vignevin.com\\\/wp-content\\\/uploads\\\/2019\\\/03\\\/Sympt\u00f4mes-de-flavescence-dor\u00e9e-sur-Gamay-N.jpg\",\"woocommerce_thumbnail\":\"https:\\\/\\\/www.vignevin.com\\\/wp-content\\\/uploads\\\/2019\\\/03\\\/Sympt\u00f4mes-de-flavescence-dor\u00e9e-sur-Gamay-N-300x300.jpg\",\"woocommerce_single\":\"https:\\\/\\\/www.vignevin.com\\\/wp-content\\\/uploads\\\/2019\\\/03\\\/Sympt\u00f4mes-de-flavescence-dor\u00e9e-sur-Gamay-N-600x450.jpg\",\"woocommerce_gallery_thumbnail\":\"https:\\\/\\\/www.vignevin.com\\\/wp-content\\\/uploads\\\/2019\\\/03\\\/Sympt\u00f4mes-de-flavescence-dor\u00e9e-sur-Gamay-N-100x100.jpg\",\"full\":\"https:\\\/\\\/www.vignevin.com\\\/wp-content\\\/uploads\\\/2019\\\/03\\\/Sympt\u00f4mes-de-flavescence-dor\u00e9e-sur-Gamay-N.jpg\",\"index\":24,\"id\":9890,\"video\":false,\"opts\":{\"caption\":\"\",\"thumb\":{\"errors\":{\"envira-gallery-error-no-file\":[\"No file could be found for the image URL specified.\"]},\"error_data\":[]},\"title\":\"Sympt&ocirc;mes de flavescence dor&eacute;e sur Gamay N\"},\"gallery_id\":\"17413\"},\"9891\":{\"status\":\"active\",\"src\":\"https:\\\/\\\/www.vignevin.com\\\/wp-content\\\/uploads\\\/2019\\\/03\\\/Sympt\u00f4mes-de-la-maladie-du-Pinot-gris-GLMD-et-\u00e9rinose-scaled.jpg\",\"title\":\"Sympt&ocirc;mes de la maladie du Pinot gris (GLMD) et &eacute;rinose\",\"link\":\"https:\\\/\\\/www.vignevin.com\\\/wp-content\\\/uploads\\\/2019\\\/03\\\/Sympt\u00f4mes-de-la-maladie-du-Pinot-gris-GLMD-et-\u00e9rinose.jpg\",\"alt\":\"\",\"caption\":false,\"thumb\":{\"errors\":{\"envira-gallery-error-no-file\":[\"No file could be found for the image URL specified.\"]},\"error_data\":[]},\"meta\":{\"aperture\":\"3.3\",\"credit\":null,\"camera\":\"DMC-TZ10\",\"caption\":\"\",\"created_timestamp\":\"1463585055\",\"copyright\":null,\"focal_length\":\"4.1\",\"iso\":\"80\",\"shutter_speed\":\"0.025\",\"title\":\"\",\"orientation\":\"1\",\"keywords\":null},\"thumbnail\":\"https:\\\/\\\/www.vignevin.com\\\/wp-content\\\/uploads\\\/2019\\\/03\\\/Sympt\u00f4mes-de-la-maladie-du-Pinot-gris-GLMD-et-\u00e9rinose-150x150.jpg\",\"medium\":\"https:\\\/\\\/www.vignevin.com\\\/wp-content\\\/uploads\\\/2019\\\/03\\\/Sympt\u00f4mes-de-la-maladie-du-Pinot-gris-GLMD-et-\u00e9rinose-300x225.jpg\",\"medium_large\":\"https:\\\/\\\/www.vignevin.com\\\/wp-content\\\/uploads\\\/2019\\\/03\\\/Sympt\u00f4mes-de-la-maladie-du-Pinot-gris-GLMD-et-\u00e9rinose-768x576.jpg\",\"large\":\"https:\\\/\\\/www.vignevin.com\\\/wp-content\\\/uploads\\\/2019\\\/03\\\/Sympt\u00f4mes-de-la-maladie-du-Pinot-gris-GLMD-et-\u00e9rinose-1024x768.jpg\",\"1536x1536\":\"https:\\\/\\\/www.vignevin.com\\\/wp-content\\\/uploads\\\/2019\\\/03\\\/Sympt\u00f4mes-de-la-maladie-du-Pinot-gris-GLMD-et-\u00e9rinose-scaled.jpg\",\"2048x2048\":\"https:\\\/\\\/www.vignevin.com\\\/wp-content\\\/uploads\\\/2019\\\/03\\\/Sympt\u00f4mes-de-la-maladie-du-Pinot-gris-GLMD-et-\u00e9rinose-scaled.jpg\",\"et-pb-post-main-image\":\"https:\\\/\\\/www.vignevin.com\\\/wp-content\\\/uploads\\\/2019\\\/03\\\/Sympt\u00f4mes-de-la-maladie-du-Pinot-gris-GLMD-et-\u00e9rinose-400x250.jpg\",\"et-pb-post-main-image-fullwidth\":\"https:\\\/\\\/www.vignevin.com\\\/wp-content\\\/uploads\\\/2019\\\/03\\\/Sympt\u00f4mes-de-la-maladie-du-Pinot-gris-GLMD-et-\u00e9rinose-1080x675.jpg\",\"et-pb-portfolio-image\":\"https:\\\/\\\/www.vignevin.com\\\/wp-content\\\/uploads\\\/2019\\\/03\\\/Sympt\u00f4mes-de-la-maladie-du-Pinot-gris-GLMD-et-\u00e9rinose-400x284.jpg\",\"et-pb-portfolio-module-image\":\"https:\\\/\\\/www.vignevin.com\\\/wp-content\\\/uploads\\\/2019\\\/03\\\/Sympt\u00f4mes-de-la-maladie-du-Pinot-gris-GLMD-et-\u00e9rinose-510x382.jpg\",\"et-pb-portfolio-image-single\":\"https:\\\/\\\/www.vignevin.com\\\/wp-content\\\/uploads\\\/2019\\\/03\\\/Sympt\u00f4mes-de-la-maladie-du-Pinot-gris-GLMD-et-\u00e9rinose-1080x810.jpg\",\"et-pb-gallery-module-image-portrait\":\"https:\\\/\\\/www.vignevin.com\\\/wp-content\\\/uploads\\\/2019\\\/03\\\/Sympt\u00f4mes-de-la-maladie-du-Pinot-gris-GLMD-et-\u00e9rinose-400x516.jpg\",\"et-pb-post-main-image-fullwidth-large\":\"https:\\\/\\\/www.vignevin.com\\\/wp-content\\\/uploads\\\/2019\\\/03\\\/Sympt\u00f4mes-de-la-maladie-du-Pinot-gris-GLMD-et-\u00e9rinose-2880x1800.jpg\",\"et-pb-image--responsive--desktop\":\"https:\\\/\\\/www.vignevin.com\\\/wp-content\\\/uploads\\\/2019\\\/03\\\/Sympt\u00f4mes-de-la-maladie-du-Pinot-gris-GLMD-et-\u00e9rinose-scaled.jpg\",\"et-pb-image--responsive--tablet\":\"https:\\\/\\\/www.vignevin.com\\\/wp-content\\\/uploads\\\/2019\\\/03\\\/Sympt\u00f4mes-de-la-maladie-du-Pinot-gris-GLMD-et-\u00e9rinose-scaled.jpg\",\"et-pb-image--responsive--phone\":\"https:\\\/\\\/www.vignevin.com\\\/wp-content\\\/uploads\\\/2019\\\/03\\\/Sympt\u00f4mes-de-la-maladie-du-Pinot-gris-GLMD-et-\u00e9rinose-scaled.jpg\",\"gform-image-choice-sm\":\"https:\\\/\\\/www.vignevin.com\\\/wp-content\\\/uploads\\\/2019\\\/03\\\/Sympt\u00f4mes-de-la-maladie-du-Pinot-gris-GLMD-et-\u00e9rinose-scaled.jpg\",\"gform-image-choice-md\":\"https:\\\/\\\/www.vignevin.com\\\/wp-content\\\/uploads\\\/2019\\\/03\\\/Sympt\u00f4mes-de-la-maladie-du-Pinot-gris-GLMD-et-\u00e9rinose-scaled.jpg\",\"gform-image-choice-lg\":\"https:\\\/\\\/www.vignevin.com\\\/wp-content\\\/uploads\\\/2019\\\/03\\\/Sympt\u00f4mes-de-la-maladie-du-Pinot-gris-GLMD-et-\u00e9rinose-scaled.jpg\",\"woocommerce_thumbnail\":\"https:\\\/\\\/www.vignevin.com\\\/wp-content\\\/uploads\\\/2019\\\/03\\\/Sympt\u00f4mes-de-la-maladie-du-Pinot-gris-GLMD-et-\u00e9rinose-scaled-300x300.jpg\",\"woocommerce_single\":\"https:\\\/\\\/www.vignevin.com\\\/wp-content\\\/uploads\\\/2019\\\/03\\\/Sympt\u00f4mes-de-la-maladie-du-Pinot-gris-GLMD-et-\u00e9rinose-scaled-600x450.jpg\",\"woocommerce_gallery_thumbnail\":\"https:\\\/\\\/www.vignevin.com\\\/wp-content\\\/uploads\\\/2019\\\/03\\\/Sympt\u00f4mes-de-la-maladie-du-Pinot-gris-GLMD-et-\u00e9rinose-scaled-100x100.jpg\",\"full\":\"https:\\\/\\\/www.vignevin.com\\\/wp-content\\\/uploads\\\/2019\\\/03\\\/Sympt\u00f4mes-de-la-maladie-du-Pinot-gris-GLMD-et-\u00e9rinose-scaled.jpg\",\"index\":25,\"id\":9891,\"video\":false,\"opts\":{\"caption\":\"\",\"thumb\":{\"errors\":{\"envira-gallery-error-no-file\":[\"No file could be found for the image URL specified.\"]},\"error_data\":[]},\"title\":\"Sympt&ocirc;mes de la maladie du Pinot gris (GLMD) et &eacute;rinose\"},\"gallery_id\":\"17413\"},\"9892\":{\"status\":\"active\",\"src\":\"https:\\\/\\\/www.vignevin.com\\\/wp-content\\\/uploads\\\/2019\\\/03\\\/Sympt\u00f4mes-de-la-maladie-du-Pinot-gris-GLMD-sur-Pinot-noir-d\u00e9tail-dune-feuille-2.jpg\",\"title\":\"Sympt&ocirc;mes de la maladie du Pinot gris (GLMD) sur Pinot noir d&eacute;tail d&amp;rsquo;une feuille (2)\",\"link\":\"https:\\\/\\\/www.vignevin.com\\\/wp-content\\\/uploads\\\/2019\\\/03\\\/Sympt\u00f4mes-de-la-maladie-du-Pinot-gris-GLMD-sur-Pinot-noir-d\u00e9tail-dune-feuille-2.jpg\",\"alt\":\"\",\"caption\":false,\"thumb\":{\"errors\":{\"envira-gallery-error-no-file\":[\"No file could be found for the image URL specified.\"]},\"error_data\":[]},\"meta\":{\"aperture\":null,\"credit\":null,\"camera\":null,\"caption\":\"\",\"created_timestamp\":null,\"copyright\":null,\"focal_length\":null,\"iso\":null,\"shutter_speed\":null,\"title\":\"\",\"orientation\":null,\"keywords\":null},\"thumbnail\":\"https:\\\/\\\/www.vignevin.com\\\/wp-content\\\/uploads\\\/2019\\\/03\\\/Sympt\u00f4mes-de-la-maladie-du-Pinot-gris-GLMD-sur-Pinot-noir-d\u00e9tail-dune-feuille-2-150x150.jpg\",\"medium\":\"https:\\\/\\\/www.vignevin.com\\\/wp-content\\\/uploads\\\/2019\\\/03\\\/Sympt\u00f4mes-de-la-maladie-du-Pinot-gris-GLMD-sur-Pinot-noir-d\u00e9tail-dune-feuille-2-244x300.jpg\",\"medium_large\":\"https:\\\/\\\/www.vignevin.com\\\/wp-content\\\/uploads\\\/2019\\\/03\\\/Sympt\u00f4mes-de-la-maladie-du-Pinot-gris-GLMD-sur-Pinot-noir-d\u00e9tail-dune-feuille-2.jpg\",\"large\":\"https:\\\/\\\/www.vignevin.com\\\/wp-content\\\/uploads\\\/2019\\\/03\\\/Sympt\u00f4mes-de-la-maladie-du-Pinot-gris-GLMD-sur-Pinot-noir-d\u00e9tail-dune-feuille-2.jpg\",\"1536x1536\":\"https:\\\/\\\/www.vignevin.com\\\/wp-content\\\/uploads\\\/2019\\\/03\\\/Sympt\u00f4mes-de-la-maladie-du-Pinot-gris-GLMD-sur-Pinot-noir-d\u00e9tail-dune-feuille-2.jpg\",\"2048x2048\":\"https:\\\/\\\/www.vignevin.com\\\/wp-content\\\/uploads\\\/2019\\\/03\\\/Sympt\u00f4mes-de-la-maladie-du-Pinot-gris-GLMD-sur-Pinot-noir-d\u00e9tail-dune-feuille-2.jpg\",\"et-pb-post-main-image\":\"https:\\\/\\\/www.vignevin.com\\\/wp-content\\\/uploads\\\/2019\\\/03\\\/Sympt\u00f4mes-de-la-maladie-du-Pinot-gris-GLMD-sur-Pinot-noir-d\u00e9tail-dune-feuille-2-397x250.jpg\",\"et-pb-post-main-image-fullwidth\":\"https:\\\/\\\/www.vignevin.com\\\/wp-content\\\/uploads\\\/2019\\\/03\\\/Sympt\u00f4mes-de-la-maladie-du-Pinot-gris-GLMD-sur-Pinot-noir-d\u00e9tail-dune-feuille-2.jpg\",\"et-pb-portfolio-image\":\"https:\\\/\\\/www.vignevin.com\\\/wp-content\\\/uploads\\\/2019\\\/03\\\/Sympt\u00f4mes-de-la-maladie-du-Pinot-gris-GLMD-sur-Pinot-noir-d\u00e9tail-dune-feuille-2-397x284.jpg\",\"et-pb-portfolio-module-image\":\"https:\\\/\\\/www.vignevin.com\\\/wp-content\\\/uploads\\\/2019\\\/03\\\/Sympt\u00f4mes-de-la-maladie-du-Pinot-gris-GLMD-sur-Pinot-noir-d\u00e9tail-dune-feuille-2-397x382.jpg\",\"et-pb-portfolio-image-single\":\"https:\\\/\\\/www.vignevin.com\\\/wp-content\\\/uploads\\\/2019\\\/03\\\/Sympt\u00f4mes-de-la-maladie-du-Pinot-gris-GLMD-sur-Pinot-noir-d\u00e9tail-dune-feuille-2.jpg\",\"et-pb-gallery-module-image-portrait\":\"https:\\\/\\\/www.vignevin.com\\\/wp-content\\\/uploads\\\/2019\\\/03\\\/Sympt\u00f4mes-de-la-maladie-du-Pinot-gris-GLMD-sur-Pinot-noir-d\u00e9tail-dune-feuille-2.jpg\",\"et-pb-post-main-image-fullwidth-large\":\"https:\\\/\\\/www.vignevin.com\\\/wp-content\\\/uploads\\\/2019\\\/03\\\/Sympt\u00f4mes-de-la-maladie-du-Pinot-gris-GLMD-sur-Pinot-noir-d\u00e9tail-dune-feuille-2.jpg\",\"et-pb-image--responsive--desktop\":\"https:\\\/\\\/www.vignevin.com\\\/wp-content\\\/uploads\\\/2019\\\/03\\\/Sympt\u00f4mes-de-la-maladie-du-Pinot-gris-GLMD-sur-Pinot-noir-d\u00e9tail-dune-feuille-2.jpg\",\"et-pb-image--responsive--tablet\":\"https:\\\/\\\/www.vignevin.com\\\/wp-content\\\/uploads\\\/2019\\\/03\\\/Sympt\u00f4mes-de-la-maladie-du-Pinot-gris-GLMD-sur-Pinot-noir-d\u00e9tail-dune-feuille-2.jpg\",\"et-pb-image--responsive--phone\":\"https:\\\/\\\/www.vignevin.com\\\/wp-content\\\/uploads\\\/2019\\\/03\\\/Sympt\u00f4mes-de-la-maladie-du-Pinot-gris-GLMD-sur-Pinot-noir-d\u00e9tail-dune-feuille-2.jpg\",\"gform-image-choice-sm\":\"https:\\\/\\\/www.vignevin.com\\\/wp-content\\\/uploads\\\/2019\\\/03\\\/Sympt\u00f4mes-de-la-maladie-du-Pinot-gris-GLMD-sur-Pinot-noir-d\u00e9tail-dune-feuille-2.jpg\",\"gform-image-choice-md\":\"https:\\\/\\\/www.vignevin.com\\\/wp-content\\\/uploads\\\/2019\\\/03\\\/Sympt\u00f4mes-de-la-maladie-du-Pinot-gris-GLMD-sur-Pinot-noir-d\u00e9tail-dune-feuille-2.jpg\",\"gform-image-choice-lg\":\"https:\\\/\\\/www.vignevin.com\\\/wp-content\\\/uploads\\\/2019\\\/03\\\/Sympt\u00f4mes-de-la-maladie-du-Pinot-gris-GLMD-sur-Pinot-noir-d\u00e9tail-dune-feuille-2.jpg\",\"woocommerce_thumbnail\":\"https:\\\/\\\/www.vignevin.com\\\/wp-content\\\/uploads\\\/2019\\\/03\\\/Sympt\u00f4mes-de-la-maladie-du-Pinot-gris-GLMD-sur-Pinot-noir-d\u00e9tail-dune-feuille-2-300x300.jpg\",\"woocommerce_single\":\"https:\\\/\\\/www.vignevin.com\\\/wp-content\\\/uploads\\\/2019\\\/03\\\/Sympt\u00f4mes-de-la-maladie-du-Pinot-gris-GLMD-sur-Pinot-noir-d\u00e9tail-dune-feuille-2.jpg\",\"woocommerce_gallery_thumbnail\":\"https:\\\/\\\/www.vignevin.com\\\/wp-content\\\/uploads\\\/2019\\\/03\\\/Sympt\u00f4mes-de-la-maladie-du-Pinot-gris-GLMD-sur-Pinot-noir-d\u00e9tail-dune-feuille-2-100x100.jpg\",\"full\":\"https:\\\/\\\/www.vignevin.com\\\/wp-content\\\/uploads\\\/2019\\\/03\\\/Sympt\u00f4mes-de-la-maladie-du-Pinot-gris-GLMD-sur-Pinot-noir-d\u00e9tail-dune-feuille-2.jpg\",\"index\":26,\"id\":9892,\"video\":false,\"opts\":{\"caption\":\"\",\"thumb\":{\"errors\":{\"envira-gallery-error-no-file\":[\"No file could be found for the image URL specified.\"]},\"error_data\":[]},\"title\":\"Sympt&ocirc;mes de la maladie du Pinot gris (GLMD) sur Pinot noir d&eacute;tail d&amp;rsquo;une feuille (2)\"},\"gallery_id\":\"17413\"},\"9893\":{\"status\":\"active\",\"src\":\"https:\\\/\\\/www.vignevin.com\\\/wp-content\\\/uploads\\\/2019\\\/03\\\/Sympt\u00f4mes-de-la-maladie-du-Pinot-gris-GLMD-sur-Pinot-noir-d\u00e9tail-dune-feuille.jpg\",\"title\":\"Sympt&ocirc;mes de la maladie du Pinot gris (GLMD) sur Pinot noir d&eacute;tail d&amp;rsquo;une feuille\",\"link\":\"https:\\\/\\\/www.vignevin.com\\\/wp-content\\\/uploads\\\/2019\\\/03\\\/Sympt\u00f4mes-de-la-maladie-du-Pinot-gris-GLMD-sur-Pinot-noir-d\u00e9tail-dune-feuille.jpg\",\"alt\":\"\",\"caption\":false,\"thumb\":{\"errors\":{\"envira-gallery-error-no-file\":[\"No file could be found for the image URL specified.\"]},\"error_data\":[]},\"meta\":{\"aperture\":null,\"credit\":null,\"camera\":null,\"caption\":\"\",\"created_timestamp\":null,\"copyright\":null,\"focal_length\":null,\"iso\":null,\"shutter_speed\":null,\"title\":\"\",\"orientation\":null,\"keywords\":null},\"thumbnail\":\"https:\\\/\\\/www.vignevin.com\\\/wp-content\\\/uploads\\\/2019\\\/03\\\/Sympt\u00f4mes-de-la-maladie-du-Pinot-gris-GLMD-sur-Pinot-noir-d\u00e9tail-dune-feuille-150x150.jpg\",\"medium\":\"https:\\\/\\\/www.vignevin.com\\\/wp-content\\\/uploads\\\/2019\\\/03\\\/Sympt\u00f4mes-de-la-maladie-du-Pinot-gris-GLMD-sur-Pinot-noir-d\u00e9tail-dune-feuille-300x267.jpg\",\"medium_large\":\"https:\\\/\\\/www.vignevin.com\\\/wp-content\\\/uploads\\\/2019\\\/03\\\/Sympt\u00f4mes-de-la-maladie-du-Pinot-gris-GLMD-sur-Pinot-noir-d\u00e9tail-dune-feuille.jpg\",\"large\":\"https:\\\/\\\/www.vignevin.com\\\/wp-content\\\/uploads\\\/2019\\\/03\\\/Sympt\u00f4mes-de-la-maladie-du-Pinot-gris-GLMD-sur-Pinot-noir-d\u00e9tail-dune-feuille.jpg\",\"1536x1536\":\"https:\\\/\\\/www.vignevin.com\\\/wp-content\\\/uploads\\\/2019\\\/03\\\/Sympt\u00f4mes-de-la-maladie-du-Pinot-gris-GLMD-sur-Pinot-noir-d\u00e9tail-dune-feuille.jpg\",\"2048x2048\":\"https:\\\/\\\/www.vignevin.com\\\/wp-content\\\/uploads\\\/2019\\\/03\\\/Sympt\u00f4mes-de-la-maladie-du-Pinot-gris-GLMD-sur-Pinot-noir-d\u00e9tail-dune-feuille.jpg\",\"et-pb-post-main-image\":\"https:\\\/\\\/www.vignevin.com\\\/wp-content\\\/uploads\\\/2019\\\/03\\\/Sympt\u00f4mes-de-la-maladie-du-Pinot-gris-GLMD-sur-Pinot-noir-d\u00e9tail-dune-feuille-400x250.jpg\",\"et-pb-post-main-image-fullwidth\":\"https:\\\/\\\/www.vignevin.com\\\/wp-content\\\/uploads\\\/2019\\\/03\\\/Sympt\u00f4mes-de-la-maladie-du-Pinot-gris-GLMD-sur-Pinot-noir-d\u00e9tail-dune-feuille.jpg\",\"et-pb-portfolio-image\":\"https:\\\/\\\/www.vignevin.com\\\/wp-content\\\/uploads\\\/2019\\\/03\\\/Sympt\u00f4mes-de-la-maladie-du-Pinot-gris-GLMD-sur-Pinot-noir-d\u00e9tail-dune-feuille-400x284.jpg\",\"et-pb-portfolio-module-image\":\"https:\\\/\\\/www.vignevin.com\\\/wp-content\\\/uploads\\\/2019\\\/03\\\/Sympt\u00f4mes-de-la-maladie-du-Pinot-gris-GLMD-sur-Pinot-noir-d\u00e9tail-dune-feuille-452x382.jpg\",\"et-pb-portfolio-image-single\":\"https:\\\/\\\/www.vignevin.com\\\/wp-content\\\/uploads\\\/2019\\\/03\\\/Sympt\u00f4mes-de-la-maladie-du-Pinot-gris-GLMD-sur-Pinot-noir-d\u00e9tail-dune-feuille.jpg\",\"et-pb-gallery-module-image-portrait\":\"https:\\\/\\\/www.vignevin.com\\\/wp-content\\\/uploads\\\/2019\\\/03\\\/Sympt\u00f4mes-de-la-maladie-du-Pinot-gris-GLMD-sur-Pinot-noir-d\u00e9tail-dune-feuille-400x403.jpg\",\"et-pb-post-main-image-fullwidth-large\":\"https:\\\/\\\/www.vignevin.com\\\/wp-content\\\/uploads\\\/2019\\\/03\\\/Sympt\u00f4mes-de-la-maladie-du-Pinot-gris-GLMD-sur-Pinot-noir-d\u00e9tail-dune-feuille.jpg\",\"et-pb-image--responsive--desktop\":\"https:\\\/\\\/www.vignevin.com\\\/wp-content\\\/uploads\\\/2019\\\/03\\\/Sympt\u00f4mes-de-la-maladie-du-Pinot-gris-GLMD-sur-Pinot-noir-d\u00e9tail-dune-feuille.jpg\",\"et-pb-image--responsive--tablet\":\"https:\\\/\\\/www.vignevin.com\\\/wp-content\\\/uploads\\\/2019\\\/03\\\/Sympt\u00f4mes-de-la-maladie-du-Pinot-gris-GLMD-sur-Pinot-noir-d\u00e9tail-dune-feuille.jpg\",\"et-pb-image--responsive--phone\":\"https:\\\/\\\/www.vignevin.com\\\/wp-content\\\/uploads\\\/2019\\\/03\\\/Sympt\u00f4mes-de-la-maladie-du-Pinot-gris-GLMD-sur-Pinot-noir-d\u00e9tail-dune-feuille.jpg\",\"gform-image-choice-sm\":\"https:\\\/\\\/www.vignevin.com\\\/wp-content\\\/uploads\\\/2019\\\/03\\\/Sympt\u00f4mes-de-la-maladie-du-Pinot-gris-GLMD-sur-Pinot-noir-d\u00e9tail-dune-feuille.jpg\",\"gform-image-choice-md\":\"https:\\\/\\\/www.vignevin.com\\\/wp-content\\\/uploads\\\/2019\\\/03\\\/Sympt\u00f4mes-de-la-maladie-du-Pinot-gris-GLMD-sur-Pinot-noir-d\u00e9tail-dune-feuille.jpg\",\"gform-image-choice-lg\":\"https:\\\/\\\/www.vignevin.com\\\/wp-content\\\/uploads\\\/2019\\\/03\\\/Sympt\u00f4mes-de-la-maladie-du-Pinot-gris-GLMD-sur-Pinot-noir-d\u00e9tail-dune-feuille.jpg\",\"woocommerce_thumbnail\":\"https:\\\/\\\/www.vignevin.com\\\/wp-content\\\/uploads\\\/2019\\\/03\\\/Sympt\u00f4mes-de-la-maladie-du-Pinot-gris-GLMD-sur-Pinot-noir-d\u00e9tail-dune-feuille-300x300.jpg\",\"woocommerce_single\":\"https:\\\/\\\/www.vignevin.com\\\/wp-content\\\/uploads\\\/2019\\\/03\\\/Sympt\u00f4mes-de-la-maladie-du-Pinot-gris-GLMD-sur-Pinot-noir-d\u00e9tail-dune-feuille.jpg\",\"woocommerce_gallery_thumbnail\":\"https:\\\/\\\/www.vignevin.com\\\/wp-content\\\/uploads\\\/2019\\\/03\\\/Sympt\u00f4mes-de-la-maladie-du-Pinot-gris-GLMD-sur-Pinot-noir-d\u00e9tail-dune-feuille-100x100.jpg\",\"full\":\"https:\\\/\\\/www.vignevin.com\\\/wp-content\\\/uploads\\\/2019\\\/03\\\/Sympt\u00f4mes-de-la-maladie-du-Pinot-gris-GLMD-sur-Pinot-noir-d\u00e9tail-dune-feuille.jpg\",\"index\":27,\"id\":9893,\"video\":false,\"opts\":{\"caption\":\"\",\"thumb\":{\"errors\":{\"envira-gallery-error-no-file\":[\"No file could be found for the image URL specified.\"]},\"error_data\":[]},\"title\":\"Sympt&ocirc;mes de la maladie du Pinot gris (GLMD) sur Pinot noir d&eacute;tail d&amp;rsquo;une feuille\"},\"gallery_id\":\"17413\"},\"9894\":{\"status\":\"active\",\"src\":\"https:\\\/\\\/www.vignevin.com\\\/wp-content\\\/uploads\\\/2019\\\/03\\\/Sympt\u00f4mes-de-la-maladie-du-Pinot-gris-GLMD-sur-Pinot-noir-feuilles-d\u00e9form\u00e9es-d\u00e9color\u00e9es-et-entreneoeuds-courts-2.jpg\",\"title\":\"Sympt&ocirc;mes de la maladie du Pinot gris (GLMD) sur Pinot noir feuilles d&eacute;form&eacute;es, d&eacute;color&eacute;es et entreneoeuds courts (2)\",\"link\":\"https:\\\/\\\/www.vignevin.com\\\/wp-content\\\/uploads\\\/2019\\\/03\\\/Sympt\u00f4mes-de-la-maladie-du-Pinot-gris-GLMD-sur-Pinot-noir-feuilles-d\u00e9form\u00e9es-d\u00e9color\u00e9es-et-entreneoeuds-courts-2.jpg\",\"alt\":\"\",\"caption\":false,\"thumb\":{\"errors\":{\"envira-gallery-error-no-file\":[\"No file could be found for the image URL specified.\"]},\"error_data\":[]},\"meta\":{\"aperture\":null,\"credit\":null,\"camera\":null,\"caption\":\"\",\"created_timestamp\":null,\"copyright\":null,\"focal_length\":null,\"iso\":null,\"shutter_speed\":null,\"title\":\"\",\"orientation\":null,\"keywords\":null},\"thumbnail\":\"https:\\\/\\\/www.vignevin.com\\\/wp-content\\\/uploads\\\/2019\\\/03\\\/Sympt\u00f4mes-de-la-maladie-du-Pinot-gris-GLMD-sur-Pinot-noir-feuilles-d\u00e9form\u00e9es-d\u00e9color\u00e9es-et-entreneoeuds-courts-2-150x150.jpg\",\"medium\":\"https:\\\/\\\/www.vignevin.com\\\/wp-content\\\/uploads\\\/2019\\\/03\\\/Sympt\u00f4mes-de-la-maladie-du-Pinot-gris-GLMD-sur-Pinot-noir-feuilles-d\u00e9form\u00e9es-d\u00e9color\u00e9es-et-entreneoeuds-courts-2-220x300.jpg\",\"medium_large\":\"https:\\\/\\\/www.vignevin.com\\\/wp-content\\\/uploads\\\/2019\\\/03\\\/Sympt\u00f4mes-de-la-maladie-du-Pinot-gris-GLMD-sur-Pinot-noir-feuilles-d\u00e9form\u00e9es-d\u00e9color\u00e9es-et-entreneoeuds-courts-2.jpg\",\"large\":\"https:\\\/\\\/www.vignevin.com\\\/wp-content\\\/uploads\\\/2019\\\/03\\\/Sympt\u00f4mes-de-la-maladie-du-Pinot-gris-GLMD-sur-Pinot-noir-feuilles-d\u00e9form\u00e9es-d\u00e9color\u00e9es-et-entreneoeuds-courts-2.jpg\",\"1536x1536\":\"https:\\\/\\\/www.vignevin.com\\\/wp-content\\\/uploads\\\/2019\\\/03\\\/Sympt\u00f4mes-de-la-maladie-du-Pinot-gris-GLMD-sur-Pinot-noir-feuilles-d\u00e9form\u00e9es-d\u00e9color\u00e9es-et-entreneoeuds-courts-2.jpg\",\"2048x2048\":\"https:\\\/\\\/www.vignevin.com\\\/wp-content\\\/uploads\\\/2019\\\/03\\\/Sympt\u00f4mes-de-la-maladie-du-Pinot-gris-GLMD-sur-Pinot-noir-feuilles-d\u00e9form\u00e9es-d\u00e9color\u00e9es-et-entreneoeuds-courts-2.jpg\",\"et-pb-post-main-image\":\"https:\\\/\\\/www.vignevin.com\\\/wp-content\\\/uploads\\\/2019\\\/03\\\/Sympt\u00f4mes-de-la-maladie-du-Pinot-gris-GLMD-sur-Pinot-noir-feuilles-d\u00e9form\u00e9es-d\u00e9color\u00e9es-et-entreneoeuds-courts-2-400x250.jpg\",\"et-pb-post-main-image-fullwidth\":\"https:\\\/\\\/www.vignevin.com\\\/wp-content\\\/uploads\\\/2019\\\/03\\\/Sympt\u00f4mes-de-la-maladie-du-Pinot-gris-GLMD-sur-Pinot-noir-feuilles-d\u00e9form\u00e9es-d\u00e9color\u00e9es-et-entreneoeuds-courts-2-589x675.jpg\",\"et-pb-portfolio-image\":\"https:\\\/\\\/www.vignevin.com\\\/wp-content\\\/uploads\\\/2019\\\/03\\\/Sympt\u00f4mes-de-la-maladie-du-Pinot-gris-GLMD-sur-Pinot-noir-feuilles-d\u00e9form\u00e9es-d\u00e9color\u00e9es-et-entreneoeuds-courts-2-400x284.jpg\",\"et-pb-portfolio-module-image\":\"https:\\\/\\\/www.vignevin.com\\\/wp-content\\\/uploads\\\/2019\\\/03\\\/Sympt\u00f4mes-de-la-maladie-du-Pinot-gris-GLMD-sur-Pinot-noir-feuilles-d\u00e9form\u00e9es-d\u00e9color\u00e9es-et-entreneoeuds-courts-2-510x382.jpg\",\"et-pb-portfolio-image-single\":\"https:\\\/\\\/www.vignevin.com\\\/wp-content\\\/uploads\\\/2019\\\/03\\\/Sympt\u00f4mes-de-la-maladie-du-Pinot-gris-GLMD-sur-Pinot-noir-feuilles-d\u00e9form\u00e9es-d\u00e9color\u00e9es-et-entreneoeuds-courts-2.jpg\",\"et-pb-gallery-module-image-portrait\":\"https:\\\/\\\/www.vignevin.com\\\/wp-content\\\/uploads\\\/2019\\\/03\\\/Sympt\u00f4mes-de-la-maladie-du-Pinot-gris-GLMD-sur-Pinot-noir-feuilles-d\u00e9form\u00e9es-d\u00e9color\u00e9es-et-entreneoeuds-courts-2-400x516.jpg\",\"et-pb-post-main-image-fullwidth-large\":\"https:\\\/\\\/www.vignevin.com\\\/wp-content\\\/uploads\\\/2019\\\/03\\\/Sympt\u00f4mes-de-la-maladie-du-Pinot-gris-GLMD-sur-Pinot-noir-feuilles-d\u00e9form\u00e9es-d\u00e9color\u00e9es-et-entreneoeuds-courts-2.jpg\",\"et-pb-image--responsive--desktop\":\"https:\\\/\\\/www.vignevin.com\\\/wp-content\\\/uploads\\\/2019\\\/03\\\/Sympt\u00f4mes-de-la-maladie-du-Pinot-gris-GLMD-sur-Pinot-noir-feuilles-d\u00e9form\u00e9es-d\u00e9color\u00e9es-et-entreneoeuds-courts-2.jpg\",\"et-pb-image--responsive--tablet\":\"https:\\\/\\\/www.vignevin.com\\\/wp-content\\\/uploads\\\/2019\\\/03\\\/Sympt\u00f4mes-de-la-maladie-du-Pinot-gris-GLMD-sur-Pinot-noir-feuilles-d\u00e9form\u00e9es-d\u00e9color\u00e9es-et-entreneoeuds-courts-2.jpg\",\"et-pb-image--responsive--phone\":\"https:\\\/\\\/www.vignevin.com\\\/wp-content\\\/uploads\\\/2019\\\/03\\\/Sympt\u00f4mes-de-la-maladie-du-Pinot-gris-GLMD-sur-Pinot-noir-feuilles-d\u00e9form\u00e9es-d\u00e9color\u00e9es-et-entreneoeuds-courts-2.jpg\",\"gform-image-choice-sm\":\"https:\\\/\\\/www.vignevin.com\\\/wp-content\\\/uploads\\\/2019\\\/03\\\/Sympt\u00f4mes-de-la-maladie-du-Pinot-gris-GLMD-sur-Pinot-noir-feuilles-d\u00e9form\u00e9es-d\u00e9color\u00e9es-et-entreneoeuds-courts-2.jpg\",\"gform-image-choice-md\":\"https:\\\/\\\/www.vignevin.com\\\/wp-content\\\/uploads\\\/2019\\\/03\\\/Sympt\u00f4mes-de-la-maladie-du-Pinot-gris-GLMD-sur-Pinot-noir-feuilles-d\u00e9form\u00e9es-d\u00e9color\u00e9es-et-entreneoeuds-courts-2.jpg\",\"gform-image-choice-lg\":\"https:\\\/\\\/www.vignevin.com\\\/wp-content\\\/uploads\\\/2019\\\/03\\\/Sympt\u00f4mes-de-la-maladie-du-Pinot-gris-GLMD-sur-Pinot-noir-feuilles-d\u00e9form\u00e9es-d\u00e9color\u00e9es-et-entreneoeuds-courts-2.jpg\",\"woocommerce_thumbnail\":\"https:\\\/\\\/www.vignevin.com\\\/wp-content\\\/uploads\\\/2019\\\/03\\\/Sympt\u00f4mes-de-la-maladie-du-Pinot-gris-GLMD-sur-Pinot-noir-feuilles-d\u00e9form\u00e9es-d\u00e9color\u00e9es-et-entreneoeuds-courts-2-300x300.jpg\",\"woocommerce_single\":\"https:\\\/\\\/www.vignevin.com\\\/wp-content\\\/uploads\\\/2019\\\/03\\\/Sympt\u00f4mes-de-la-maladie-du-Pinot-gris-GLMD-sur-Pinot-noir-feuilles-d\u00e9form\u00e9es-d\u00e9color\u00e9es-et-entreneoeuds-courts-2.jpg\",\"woocommerce_gallery_thumbnail\":\"https:\\\/\\\/www.vignevin.com\\\/wp-content\\\/uploads\\\/2019\\\/03\\\/Sympt\u00f4mes-de-la-maladie-du-Pinot-gris-GLMD-sur-Pinot-noir-feuilles-d\u00e9form\u00e9es-d\u00e9color\u00e9es-et-entreneoeuds-courts-2-100x100.jpg\",\"full\":\"https:\\\/\\\/www.vignevin.com\\\/wp-content\\\/uploads\\\/2019\\\/03\\\/Sympt\u00f4mes-de-la-maladie-du-Pinot-gris-GLMD-sur-Pinot-noir-feuilles-d\u00e9form\u00e9es-d\u00e9color\u00e9es-et-entreneoeuds-courts-2.jpg\",\"index\":28,\"id\":9894,\"video\":false,\"opts\":{\"caption\":\"\",\"thumb\":{\"errors\":{\"envira-gallery-error-no-file\":[\"No file could be found for the image URL specified.\"]},\"error_data\":[]},\"title\":\"Sympt&ocirc;mes de la maladie du Pinot gris (GLMD) sur Pinot noir feuilles d&eacute;form&eacute;es, d&eacute;color&eacute;es et entreneoeuds courts (2)\"},\"gallery_id\":\"17413\"},\"9895\":{\"status\":\"active\",\"src\":\"https:\\\/\\\/www.vignevin.com\\\/wp-content\\\/uploads\\\/2019\\\/03\\\/Sympt\u00f4mes-de-la-maladie-du-Pinot-gris-GLMD-sur-Pinot-noir-feuilles-d\u00e9form\u00e9es-d\u00e9color\u00e9es-et-entreneoeuds-courts.jpg\",\"title\":\"Sympt&ocirc;mes de la maladie du Pinot gris (GLMD) sur Pinot noir feuilles d&eacute;form&eacute;es, d&eacute;color&eacute;es et entreneoeuds courts\",\"link\":\"https:\\\/\\\/www.vignevin.com\\\/wp-content\\\/uploads\\\/2019\\\/03\\\/Sympt\u00f4mes-de-la-maladie-du-Pinot-gris-GLMD-sur-Pinot-noir-feuilles-d\u00e9form\u00e9es-d\u00e9color\u00e9es-et-entreneoeuds-courts.jpg\",\"alt\":\"\",\"caption\":false,\"thumb\":{\"errors\":{\"envira-gallery-error-no-file\":[\"No file could be found for the image URL specified.\"]},\"error_data\":[]},\"meta\":{\"aperture\":null,\"credit\":null,\"camera\":null,\"caption\":\"\",\"created_timestamp\":null,\"copyright\":null,\"focal_length\":null,\"iso\":null,\"shutter_speed\":null,\"title\":\"\",\"orientation\":null,\"keywords\":null},\"thumbnail\":\"https:\\\/\\\/www.vignevin.com\\\/wp-content\\\/uploads\\\/2019\\\/03\\\/Sympt\u00f4mes-de-la-maladie-du-Pinot-gris-GLMD-sur-Pinot-noir-feuilles-d\u00e9form\u00e9es-d\u00e9color\u00e9es-et-entreneoeuds-courts-150x150.jpg\",\"medium\":\"https:\\\/\\\/www.vignevin.com\\\/wp-content\\\/uploads\\\/2019\\\/03\\\/Sympt\u00f4mes-de-la-maladie-du-Pinot-gris-GLMD-sur-Pinot-noir-feuilles-d\u00e9form\u00e9es-d\u00e9color\u00e9es-et-entreneoeuds-courts-300x225.jpg\",\"medium_large\":\"https:\\\/\\\/www.vignevin.com\\\/wp-content\\\/uploads\\\/2019\\\/03\\\/Sympt\u00f4mes-de-la-maladie-du-Pinot-gris-GLMD-sur-Pinot-noir-feuilles-d\u00e9form\u00e9es-d\u00e9color\u00e9es-et-entreneoeuds-courts-768x576.jpg\",\"large\":\"https:\\\/\\\/www.vignevin.com\\\/wp-content\\\/uploads\\\/2019\\\/03\\\/Sympt\u00f4mes-de-la-maladie-du-Pinot-gris-GLMD-sur-Pinot-noir-feuilles-d\u00e9form\u00e9es-d\u00e9color\u00e9es-et-entreneoeuds-courts.jpg\",\"1536x1536\":\"https:\\\/\\\/www.vignevin.com\\\/wp-content\\\/uploads\\\/2019\\\/03\\\/Sympt\u00f4mes-de-la-maladie-du-Pinot-gris-GLMD-sur-Pinot-noir-feuilles-d\u00e9form\u00e9es-d\u00e9color\u00e9es-et-entreneoeuds-courts.jpg\",\"2048x2048\":\"https:\\\/\\\/www.vignevin.com\\\/wp-content\\\/uploads\\\/2019\\\/03\\\/Sympt\u00f4mes-de-la-maladie-du-Pinot-gris-GLMD-sur-Pinot-noir-feuilles-d\u00e9form\u00e9es-d\u00e9color\u00e9es-et-entreneoeuds-courts.jpg\",\"et-pb-post-main-image\":\"https:\\\/\\\/www.vignevin.com\\\/wp-content\\\/uploads\\\/2019\\\/03\\\/Sympt\u00f4mes-de-la-maladie-du-Pinot-gris-GLMD-sur-Pinot-noir-feuilles-d\u00e9form\u00e9es-d\u00e9color\u00e9es-et-entreneoeuds-courts-400x250.jpg\",\"et-pb-post-main-image-fullwidth\":\"https:\\\/\\\/www.vignevin.com\\\/wp-content\\\/uploads\\\/2019\\\/03\\\/Sympt\u00f4mes-de-la-maladie-du-Pinot-gris-GLMD-sur-Pinot-noir-feuilles-d\u00e9form\u00e9es-d\u00e9color\u00e9es-et-entreneoeuds-courts.jpg\",\"et-pb-portfolio-image\":\"https:\\\/\\\/www.vignevin.com\\\/wp-content\\\/uploads\\\/2019\\\/03\\\/Sympt\u00f4mes-de-la-maladie-du-Pinot-gris-GLMD-sur-Pinot-noir-feuilles-d\u00e9form\u00e9es-d\u00e9color\u00e9es-et-entreneoeuds-courts-400x284.jpg\",\"et-pb-portfolio-module-image\":\"https:\\\/\\\/www.vignevin.com\\\/wp-content\\\/uploads\\\/2019\\\/03\\\/Sympt\u00f4mes-de-la-maladie-du-Pinot-gris-GLMD-sur-Pinot-noir-feuilles-d\u00e9form\u00e9es-d\u00e9color\u00e9es-et-entreneoeuds-courts-510x382.jpg\",\"et-pb-portfolio-image-single\":\"https:\\\/\\\/www.vignevin.com\\\/wp-content\\\/uploads\\\/2019\\\/03\\\/Sympt\u00f4mes-de-la-maladie-du-Pinot-gris-GLMD-sur-Pinot-noir-feuilles-d\u00e9form\u00e9es-d\u00e9color\u00e9es-et-entreneoeuds-courts.jpg\",\"et-pb-gallery-module-image-portrait\":\"https:\\\/\\\/www.vignevin.com\\\/wp-content\\\/uploads\\\/2019\\\/03\\\/Sympt\u00f4mes-de-la-maladie-du-Pinot-gris-GLMD-sur-Pinot-noir-feuilles-d\u00e9form\u00e9es-d\u00e9color\u00e9es-et-entreneoeuds-courts-400x516.jpg\",\"et-pb-post-main-image-fullwidth-large\":\"https:\\\/\\\/www.vignevin.com\\\/wp-content\\\/uploads\\\/2019\\\/03\\\/Sympt\u00f4mes-de-la-maladie-du-Pinot-gris-GLMD-sur-Pinot-noir-feuilles-d\u00e9form\u00e9es-d\u00e9color\u00e9es-et-entreneoeuds-courts.jpg\",\"et-pb-image--responsive--desktop\":\"https:\\\/\\\/www.vignevin.com\\\/wp-content\\\/uploads\\\/2019\\\/03\\\/Sympt\u00f4mes-de-la-maladie-du-Pinot-gris-GLMD-sur-Pinot-noir-feuilles-d\u00e9form\u00e9es-d\u00e9color\u00e9es-et-entreneoeuds-courts.jpg\",\"et-pb-image--responsive--tablet\":\"https:\\\/\\\/www.vignevin.com\\\/wp-content\\\/uploads\\\/2019\\\/03\\\/Sympt\u00f4mes-de-la-maladie-du-Pinot-gris-GLMD-sur-Pinot-noir-feuilles-d\u00e9form\u00e9es-d\u00e9color\u00e9es-et-entreneoeuds-courts.jpg\",\"et-pb-image--responsive--phone\":\"https:\\\/\\\/www.vignevin.com\\\/wp-content\\\/uploads\\\/2019\\\/03\\\/Sympt\u00f4mes-de-la-maladie-du-Pinot-gris-GLMD-sur-Pinot-noir-feuilles-d\u00e9form\u00e9es-d\u00e9color\u00e9es-et-entreneoeuds-courts.jpg\",\"gform-image-choice-sm\":\"https:\\\/\\\/www.vignevin.com\\\/wp-content\\\/uploads\\\/2019\\\/03\\\/Sympt\u00f4mes-de-la-maladie-du-Pinot-gris-GLMD-sur-Pinot-noir-feuilles-d\u00e9form\u00e9es-d\u00e9color\u00e9es-et-entreneoeuds-courts.jpg\",\"gform-image-choice-md\":\"https:\\\/\\\/www.vignevin.com\\\/wp-content\\\/uploads\\\/2019\\\/03\\\/Sympt\u00f4mes-de-la-maladie-du-Pinot-gris-GLMD-sur-Pinot-noir-feuilles-d\u00e9form\u00e9es-d\u00e9color\u00e9es-et-entreneoeuds-courts.jpg\",\"gform-image-choice-lg\":\"https:\\\/\\\/www.vignevin.com\\\/wp-content\\\/uploads\\\/2019\\\/03\\\/Sympt\u00f4mes-de-la-maladie-du-Pinot-gris-GLMD-sur-Pinot-noir-feuilles-d\u00e9form\u00e9es-d\u00e9color\u00e9es-et-entreneoeuds-courts.jpg\",\"woocommerce_thumbnail\":\"https:\\\/\\\/www.vignevin.com\\\/wp-content\\\/uploads\\\/2019\\\/03\\\/Sympt\u00f4mes-de-la-maladie-du-Pinot-gris-GLMD-sur-Pinot-noir-feuilles-d\u00e9form\u00e9es-d\u00e9color\u00e9es-et-entreneoeuds-courts-300x300.jpg\",\"woocommerce_single\":\"https:\\\/\\\/www.vignevin.com\\\/wp-content\\\/uploads\\\/2019\\\/03\\\/Sympt\u00f4mes-de-la-maladie-du-Pinot-gris-GLMD-sur-Pinot-noir-feuilles-d\u00e9form\u00e9es-d\u00e9color\u00e9es-et-entreneoeuds-courts-600x450.jpg\",\"woocommerce_gallery_thumbnail\":\"https:\\\/\\\/www.vignevin.com\\\/wp-content\\\/uploads\\\/2019\\\/03\\\/Sympt\u00f4mes-de-la-maladie-du-Pinot-gris-GLMD-sur-Pinot-noir-feuilles-d\u00e9form\u00e9es-d\u00e9color\u00e9es-et-entreneoeuds-courts-100x100.jpg\",\"full\":\"https:\\\/\\\/www.vignevin.com\\\/wp-content\\\/uploads\\\/2019\\\/03\\\/Sympt\u00f4mes-de-la-maladie-du-Pinot-gris-GLMD-sur-Pinot-noir-feuilles-d\u00e9form\u00e9es-d\u00e9color\u00e9es-et-entreneoeuds-courts.jpg\",\"index\":29,\"id\":9895,\"video\":false,\"opts\":{\"caption\":\"\",\"thumb\":{\"errors\":{\"envira-gallery-error-no-file\":[\"No file could be found for the image URL specified.\"]},\"error_data\":[]},\"title\":\"Sympt&ocirc;mes de la maladie du Pinot gris (GLMD) sur Pinot noir feuilles d&eacute;form&eacute;es, d&eacute;color&eacute;es et entreneoeuds courts\"},\"gallery_id\":\"17413\"},\"9896\":{\"status\":\"active\",\"src\":\"https:\\\/\\\/www.vignevin.com\\\/wp-content\\\/uploads\\\/2019\\\/03\\\/Sympt\u00f4mes-de-la-maladie-du-Pinot-gris-GLMD-sur-Pinot-noir.jpg\",\"title\":\"Sympt&ocirc;mes de la maladie du Pinot gris (GLMD) sur Pinot noir\",\"link\":\"https:\\\/\\\/www.vignevin.com\\\/wp-content\\\/uploads\\\/2019\\\/03\\\/Sympt\u00f4mes-de-la-maladie-du-Pinot-gris-GLMD-sur-Pinot-noir.jpg\",\"alt\":\"\",\"caption\":false,\"thumb\":{\"errors\":{\"envira-gallery-error-no-file\":[\"No file could be found for the image URL specified.\"]},\"error_data\":[]},\"meta\":{\"aperture\":null,\"credit\":null,\"camera\":null,\"caption\":\"\",\"created_timestamp\":null,\"copyright\":null,\"focal_length\":null,\"iso\":null,\"shutter_speed\":null,\"title\":\"\",\"orientation\":null,\"keywords\":null},\"thumbnail\":\"https:\\\/\\\/www.vignevin.com\\\/wp-content\\\/uploads\\\/2019\\\/03\\\/Sympt\u00f4mes-de-la-maladie-du-Pinot-gris-GLMD-sur-Pinot-noir-150x150.jpg\",\"medium\":\"https:\\\/\\\/www.vignevin.com\\\/wp-content\\\/uploads\\\/2019\\\/03\\\/Sympt\u00f4mes-de-la-maladie-du-Pinot-gris-GLMD-sur-Pinot-noir-300x225.jpg\",\"medium_large\":\"https:\\\/\\\/www.vignevin.com\\\/wp-content\\\/uploads\\\/2019\\\/03\\\/Sympt\u00f4mes-de-la-maladie-du-Pinot-gris-GLMD-sur-Pinot-noir.jpg\",\"large\":\"https:\\\/\\\/www.vignevin.com\\\/wp-content\\\/uploads\\\/2019\\\/03\\\/Sympt\u00f4mes-de-la-maladie-du-Pinot-gris-GLMD-sur-Pinot-noir.jpg\",\"1536x1536\":\"https:\\\/\\\/www.vignevin.com\\\/wp-content\\\/uploads\\\/2019\\\/03\\\/Sympt\u00f4mes-de-la-maladie-du-Pinot-gris-GLMD-sur-Pinot-noir.jpg\",\"2048x2048\":\"https:\\\/\\\/www.vignevin.com\\\/wp-content\\\/uploads\\\/2019\\\/03\\\/Sympt\u00f4mes-de-la-maladie-du-Pinot-gris-GLMD-sur-Pinot-noir.jpg\",\"et-pb-post-main-image\":\"https:\\\/\\\/www.vignevin.com\\\/wp-content\\\/uploads\\\/2019\\\/03\\\/Sympt\u00f4mes-de-la-maladie-du-Pinot-gris-GLMD-sur-Pinot-noir-400x250.jpg\",\"et-pb-post-main-image-fullwidth\":\"https:\\\/\\\/www.vignevin.com\\\/wp-content\\\/uploads\\\/2019\\\/03\\\/Sympt\u00f4mes-de-la-maladie-du-Pinot-gris-GLMD-sur-Pinot-noir.jpg\",\"et-pb-portfolio-image\":\"https:\\\/\\\/www.vignevin.com\\\/wp-content\\\/uploads\\\/2019\\\/03\\\/Sympt\u00f4mes-de-la-maladie-du-Pinot-gris-GLMD-sur-Pinot-noir-400x284.jpg\",\"et-pb-portfolio-module-image\":\"https:\\\/\\\/www.vignevin.com\\\/wp-content\\\/uploads\\\/2019\\\/03\\\/Sympt\u00f4mes-de-la-maladie-du-Pinot-gris-GLMD-sur-Pinot-noir-510x382.jpg\",\"et-pb-portfolio-image-single\":\"https:\\\/\\\/www.vignevin.com\\\/wp-content\\\/uploads\\\/2019\\\/03\\\/Sympt\u00f4mes-de-la-maladie-du-Pinot-gris-GLMD-sur-Pinot-noir.jpg\",\"et-pb-gallery-module-image-portrait\":\"https:\\\/\\\/www.vignevin.com\\\/wp-content\\\/uploads\\\/2019\\\/03\\\/Sympt\u00f4mes-de-la-maladie-du-Pinot-gris-GLMD-sur-Pinot-noir-400x516.jpg\",\"et-pb-post-main-image-fullwidth-large\":\"https:\\\/\\\/www.vignevin.com\\\/wp-content\\\/uploads\\\/2019\\\/03\\\/Sympt\u00f4mes-de-la-maladie-du-Pinot-gris-GLMD-sur-Pinot-noir.jpg\",\"et-pb-image--responsive--desktop\":\"https:\\\/\\\/www.vignevin.com\\\/wp-content\\\/uploads\\\/2019\\\/03\\\/Sympt\u00f4mes-de-la-maladie-du-Pinot-gris-GLMD-sur-Pinot-noir.jpg\",\"et-pb-image--responsive--tablet\":\"https:\\\/\\\/www.vignevin.com\\\/wp-content\\\/uploads\\\/2019\\\/03\\\/Sympt\u00f4mes-de-la-maladie-du-Pinot-gris-GLMD-sur-Pinot-noir.jpg\",\"et-pb-image--responsive--phone\":\"https:\\\/\\\/www.vignevin.com\\\/wp-content\\\/uploads\\\/2019\\\/03\\\/Sympt\u00f4mes-de-la-maladie-du-Pinot-gris-GLMD-sur-Pinot-noir.jpg\",\"gform-image-choice-sm\":\"https:\\\/\\\/www.vignevin.com\\\/wp-content\\\/uploads\\\/2019\\\/03\\\/Sympt\u00f4mes-de-la-maladie-du-Pinot-gris-GLMD-sur-Pinot-noir.jpg\",\"gform-image-choice-md\":\"https:\\\/\\\/www.vignevin.com\\\/wp-content\\\/uploads\\\/2019\\\/03\\\/Sympt\u00f4mes-de-la-maladie-du-Pinot-gris-GLMD-sur-Pinot-noir.jpg\",\"gform-image-choice-lg\":\"https:\\\/\\\/www.vignevin.com\\\/wp-content\\\/uploads\\\/2019\\\/03\\\/Sympt\u00f4mes-de-la-maladie-du-Pinot-gris-GLMD-sur-Pinot-noir.jpg\",\"woocommerce_thumbnail\":\"https:\\\/\\\/www.vignevin.com\\\/wp-content\\\/uploads\\\/2019\\\/03\\\/Sympt\u00f4mes-de-la-maladie-du-Pinot-gris-GLMD-sur-Pinot-noir-300x300.jpg\",\"woocommerce_single\":\"https:\\\/\\\/www.vignevin.com\\\/wp-content\\\/uploads\\\/2019\\\/03\\\/Sympt\u00f4mes-de-la-maladie-du-Pinot-gris-GLMD-sur-Pinot-noir-600x450.jpg\",\"woocommerce_gallery_thumbnail\":\"https:\\\/\\\/www.vignevin.com\\\/wp-content\\\/uploads\\\/2019\\\/03\\\/Sympt\u00f4mes-de-la-maladie-du-Pinot-gris-GLMD-sur-Pinot-noir-100x100.jpg\",\"full\":\"https:\\\/\\\/www.vignevin.com\\\/wp-content\\\/uploads\\\/2019\\\/03\\\/Sympt\u00f4mes-de-la-maladie-du-Pinot-gris-GLMD-sur-Pinot-noir.jpg\",\"index\":30,\"id\":9896,\"video\":false,\"opts\":{\"caption\":\"\",\"thumb\":{\"errors\":{\"envira-gallery-error-no-file\":[\"No file could be found for the image URL specified.\"]},\"error_data\":[]},\"title\":\"Sympt&ocirc;mes de la maladie du Pinot gris (GLMD) sur Pinot noir\"},\"gallery_id\":\"17413\"},\"9897\":{\"status\":\"active\",\"src\":\"https:\\\/\\\/www.vignevin.com\\\/wp-content\\\/uploads\\\/2019\\\/03\\\/Sympt\u00f4mes-de-maladie-du-Pinot-gris-GLMD-d\u00e9formations-folaires-et-mosa\u00efques-2-scaled.jpg\",\"title\":\"Sympt&ocirc;mes de maladie du Pinot gris (GLMD) d&eacute;formations folaires et mosa&iuml;ques (2)\",\"link\":\"https:\\\/\\\/www.vignevin.com\\\/wp-content\\\/uploads\\\/2019\\\/03\\\/Sympt\u00f4mes-de-maladie-du-Pinot-gris-GLMD-d\u00e9formations-folaires-et-mosa\u00efques-2.jpg\",\"alt\":\"\",\"caption\":false,\"thumb\":{\"errors\":{\"envira-gallery-error-no-file\":[\"No file could be found for the image URL specified.\"]},\"error_data\":[]},\"meta\":{\"aperture\":\"4\",\"credit\":null,\"camera\":\"DSC-HX9V\",\"caption\":\"\",\"created_timestamp\":\"1497350485\",\"copyright\":null,\"focal_length\":\"6.61\",\"iso\":\"125\",\"shutter_speed\":\"0.01\",\"title\":\"\",\"orientation\":\"1\",\"keywords\":null},\"thumbnail\":\"https:\\\/\\\/www.vignevin.com\\\/wp-content\\\/uploads\\\/2019\\\/03\\\/Sympt\u00f4mes-de-maladie-du-Pinot-gris-GLMD-d\u00e9formations-folaires-et-mosa\u00efques-2-150x150.jpg\",\"medium\":\"https:\\\/\\\/www.vignevin.com\\\/wp-content\\\/uploads\\\/2019\\\/03\\\/Sympt\u00f4mes-de-maladie-du-Pinot-gris-GLMD-d\u00e9formations-folaires-et-mosa\u00efques-2-300x225.jpg\",\"medium_large\":\"https:\\\/\\\/www.vignevin.com\\\/wp-content\\\/uploads\\\/2019\\\/03\\\/Sympt\u00f4mes-de-maladie-du-Pinot-gris-GLMD-d\u00e9formations-folaires-et-mosa\u00efques-2-768x576.jpg\",\"large\":\"https:\\\/\\\/www.vignevin.com\\\/wp-content\\\/uploads\\\/2019\\\/03\\\/Sympt\u00f4mes-de-maladie-du-Pinot-gris-GLMD-d\u00e9formations-folaires-et-mosa\u00efques-2-1024x768.jpg\",\"1536x1536\":\"https:\\\/\\\/www.vignevin.com\\\/wp-content\\\/uploads\\\/2019\\\/03\\\/Sympt\u00f4mes-de-maladie-du-Pinot-gris-GLMD-d\u00e9formations-folaires-et-mosa\u00efques-2-scaled.jpg\",\"2048x2048\":\"https:\\\/\\\/www.vignevin.com\\\/wp-content\\\/uploads\\\/2019\\\/03\\\/Sympt\u00f4mes-de-maladie-du-Pinot-gris-GLMD-d\u00e9formations-folaires-et-mosa\u00efques-2-scaled.jpg\",\"et-pb-post-main-image\":\"https:\\\/\\\/www.vignevin.com\\\/wp-content\\\/uploads\\\/2019\\\/03\\\/Sympt\u00f4mes-de-maladie-du-Pinot-gris-GLMD-d\u00e9formations-folaires-et-mosa\u00efques-2-400x250.jpg\",\"et-pb-post-main-image-fullwidth\":\"https:\\\/\\\/www.vignevin.com\\\/wp-content\\\/uploads\\\/2019\\\/03\\\/Sympt\u00f4mes-de-maladie-du-Pinot-gris-GLMD-d\u00e9formations-folaires-et-mosa\u00efques-2-1080x675.jpg\",\"et-pb-portfolio-image\":\"https:\\\/\\\/www.vignevin.com\\\/wp-content\\\/uploads\\\/2019\\\/03\\\/Sympt\u00f4mes-de-maladie-du-Pinot-gris-GLMD-d\u00e9formations-folaires-et-mosa\u00efques-2-400x284.jpg\",\"et-pb-portfolio-module-image\":\"https:\\\/\\\/www.vignevin.com\\\/wp-content\\\/uploads\\\/2019\\\/03\\\/Sympt\u00f4mes-de-maladie-du-Pinot-gris-GLMD-d\u00e9formations-folaires-et-mosa\u00efques-2-510x382.jpg\",\"et-pb-portfolio-image-single\":\"https:\\\/\\\/www.vignevin.com\\\/wp-content\\\/uploads\\\/2019\\\/03\\\/Sympt\u00f4mes-de-maladie-du-Pinot-gris-GLMD-d\u00e9formations-folaires-et-mosa\u00efques-2-1080x810.jpg\",\"et-pb-gallery-module-image-portrait\":\"https:\\\/\\\/www.vignevin.com\\\/wp-content\\\/uploads\\\/2019\\\/03\\\/Sympt\u00f4mes-de-maladie-du-Pinot-gris-GLMD-d\u00e9formations-folaires-et-mosa\u00efques-2-400x516.jpg\",\"et-pb-post-main-image-fullwidth-large\":\"https:\\\/\\\/www.vignevin.com\\\/wp-content\\\/uploads\\\/2019\\\/03\\\/Sympt\u00f4mes-de-maladie-du-Pinot-gris-GLMD-d\u00e9formations-folaires-et-mosa\u00efques-2-2880x1800.jpg\",\"et-pb-image--responsive--desktop\":\"https:\\\/\\\/www.vignevin.com\\\/wp-content\\\/uploads\\\/2019\\\/03\\\/Sympt\u00f4mes-de-maladie-du-Pinot-gris-GLMD-d\u00e9formations-folaires-et-mosa\u00efques-2-scaled.jpg\",\"et-pb-image--responsive--tablet\":\"https:\\\/\\\/www.vignevin.com\\\/wp-content\\\/uploads\\\/2019\\\/03\\\/Sympt\u00f4mes-de-maladie-du-Pinot-gris-GLMD-d\u00e9formations-folaires-et-mosa\u00efques-2-scaled.jpg\",\"et-pb-image--responsive--phone\":\"https:\\\/\\\/www.vignevin.com\\\/wp-content\\\/uploads\\\/2019\\\/03\\\/Sympt\u00f4mes-de-maladie-du-Pinot-gris-GLMD-d\u00e9formations-folaires-et-mosa\u00efques-2-scaled.jpg\",\"gform-image-choice-sm\":\"https:\\\/\\\/www.vignevin.com\\\/wp-content\\\/uploads\\\/2019\\\/03\\\/Sympt\u00f4mes-de-maladie-du-Pinot-gris-GLMD-d\u00e9formations-folaires-et-mosa\u00efques-2-scaled.jpg\",\"gform-image-choice-md\":\"https:\\\/\\\/www.vignevin.com\\\/wp-content\\\/uploads\\\/2019\\\/03\\\/Sympt\u00f4mes-de-maladie-du-Pinot-gris-GLMD-d\u00e9formations-folaires-et-mosa\u00efques-2-scaled.jpg\",\"gform-image-choice-lg\":\"https:\\\/\\\/www.vignevin.com\\\/wp-content\\\/uploads\\\/2019\\\/03\\\/Sympt\u00f4mes-de-maladie-du-Pinot-gris-GLMD-d\u00e9formations-folaires-et-mosa\u00efques-2-scaled.jpg\",\"woocommerce_thumbnail\":\"https:\\\/\\\/www.vignevin.com\\\/wp-content\\\/uploads\\\/2019\\\/03\\\/Sympt\u00f4mes-de-maladie-du-Pinot-gris-GLMD-d\u00e9formations-folaires-et-mosa\u00efques-2-scaled-300x300.jpg\",\"woocommerce_single\":\"https:\\\/\\\/www.vignevin.com\\\/wp-content\\\/uploads\\\/2019\\\/03\\\/Sympt\u00f4mes-de-maladie-du-Pinot-gris-GLMD-d\u00e9formations-folaires-et-mosa\u00efques-2-scaled-600x450.jpg\",\"woocommerce_gallery_thumbnail\":\"https:\\\/\\\/www.vignevin.com\\\/wp-content\\\/uploads\\\/2019\\\/03\\\/Sympt\u00f4mes-de-maladie-du-Pinot-gris-GLMD-d\u00e9formations-folaires-et-mosa\u00efques-2-scaled-100x100.jpg\",\"full\":\"https:\\\/\\\/www.vignevin.com\\\/wp-content\\\/uploads\\\/2019\\\/03\\\/Sympt\u00f4mes-de-maladie-du-Pinot-gris-GLMD-d\u00e9formations-folaires-et-mosa\u00efques-2-scaled.jpg\",\"index\":31,\"id\":9897,\"video\":false,\"opts\":{\"caption\":\"\",\"thumb\":{\"errors\":{\"envira-gallery-error-no-file\":[\"No file could be found for the image URL specified.\"]},\"error_data\":[]},\"title\":\"Sympt&ocirc;mes de maladie du Pinot gris (GLMD) d&eacute;formations folaires et mosa&iuml;ques (2)\"},\"gallery_id\":\"17413\"},\"9898\":{\"status\":\"active\",\"src\":\"https:\\\/\\\/www.vignevin.com\\\/wp-content\\\/uploads\\\/2019\\\/03\\\/Sympt\u00f4mes-de-maladie-du-Pinot-gris-GLMD-d\u00e9formations-folaires-et-mosa\u00efques-3-scaled.jpg\",\"title\":\"Sympt&ocirc;mes de maladie du Pinot gris (GLMD) d&eacute;formations folaires et mosa&iuml;ques (3)\",\"link\":\"https:\\\/\\\/www.vignevin.com\\\/wp-content\\\/uploads\\\/2019\\\/03\\\/Sympt\u00f4mes-de-maladie-du-Pinot-gris-GLMD-d\u00e9formations-folaires-et-mosa\u00efques-3.jpg\",\"alt\":\"\",\"caption\":false,\"thumb\":{\"errors\":{\"envira-gallery-error-no-file\":[\"No file could be found for the image URL specified.\"]},\"error_data\":[]},\"meta\":{\"aperture\":\"4.5\",\"credit\":null,\"camera\":\"DSC-HX9V\",\"caption\":\"\",\"created_timestamp\":\"1497350495\",\"copyright\":null,\"focal_length\":\"11.36\",\"iso\":\"125\",\"shutter_speed\":\"0.0125\",\"title\":\"\",\"orientation\":\"1\",\"keywords\":null},\"thumbnail\":\"https:\\\/\\\/www.vignevin.com\\\/wp-content\\\/uploads\\\/2019\\\/03\\\/Sympt\u00f4mes-de-maladie-du-Pinot-gris-GLMD-d\u00e9formations-folaires-et-mosa\u00efques-3-150x150.jpg\",\"medium\":\"https:\\\/\\\/www.vignevin.com\\\/wp-content\\\/uploads\\\/2019\\\/03\\\/Sympt\u00f4mes-de-maladie-du-Pinot-gris-GLMD-d\u00e9formations-folaires-et-mosa\u00efques-3-300x225.jpg\",\"medium_large\":\"https:\\\/\\\/www.vignevin.com\\\/wp-content\\\/uploads\\\/2019\\\/03\\\/Sympt\u00f4mes-de-maladie-du-Pinot-gris-GLMD-d\u00e9formations-folaires-et-mosa\u00efques-3-768x576.jpg\",\"large\":\"https:\\\/\\\/www.vignevin.com\\\/wp-content\\\/uploads\\\/2019\\\/03\\\/Sympt\u00f4mes-de-maladie-du-Pinot-gris-GLMD-d\u00e9formations-folaires-et-mosa\u00efques-3-1024x768.jpg\",\"1536x1536\":\"https:\\\/\\\/www.vignevin.com\\\/wp-content\\\/uploads\\\/2019\\\/03\\\/Sympt\u00f4mes-de-maladie-du-Pinot-gris-GLMD-d\u00e9formations-folaires-et-mosa\u00efques-3-scaled.jpg\",\"2048x2048\":\"https:\\\/\\\/www.vignevin.com\\\/wp-content\\\/uploads\\\/2019\\\/03\\\/Sympt\u00f4mes-de-maladie-du-Pinot-gris-GLMD-d\u00e9formations-folaires-et-mosa\u00efques-3-scaled.jpg\",\"et-pb-post-main-image\":\"https:\\\/\\\/www.vignevin.com\\\/wp-content\\\/uploads\\\/2019\\\/03\\\/Sympt\u00f4mes-de-maladie-du-Pinot-gris-GLMD-d\u00e9formations-folaires-et-mosa\u00efques-3-400x250.jpg\",\"et-pb-post-main-image-fullwidth\":\"https:\\\/\\\/www.vignevin.com\\\/wp-content\\\/uploads\\\/2019\\\/03\\\/Sympt\u00f4mes-de-maladie-du-Pinot-gris-GLMD-d\u00e9formations-folaires-et-mosa\u00efques-3-1080x675.jpg\",\"et-pb-portfolio-image\":\"https:\\\/\\\/www.vignevin.com\\\/wp-content\\\/uploads\\\/2019\\\/03\\\/Sympt\u00f4mes-de-maladie-du-Pinot-gris-GLMD-d\u00e9formations-folaires-et-mosa\u00efques-3-400x284.jpg\",\"et-pb-portfolio-module-image\":\"https:\\\/\\\/www.vignevin.com\\\/wp-content\\\/uploads\\\/2019\\\/03\\\/Sympt\u00f4mes-de-maladie-du-Pinot-gris-GLMD-d\u00e9formations-folaires-et-mosa\u00efques-3-510x382.jpg\",\"et-pb-portfolio-image-single\":\"https:\\\/\\\/www.vignevin.com\\\/wp-content\\\/uploads\\\/2019\\\/03\\\/Sympt\u00f4mes-de-maladie-du-Pinot-gris-GLMD-d\u00e9formations-folaires-et-mosa\u00efques-3-1080x810.jpg\",\"et-pb-gallery-module-image-portrait\":\"https:\\\/\\\/www.vignevin.com\\\/wp-content\\\/uploads\\\/2019\\\/03\\\/Sympt\u00f4mes-de-maladie-du-Pinot-gris-GLMD-d\u00e9formations-folaires-et-mosa\u00efques-3-400x516.jpg\",\"et-pb-post-main-image-fullwidth-large\":\"https:\\\/\\\/www.vignevin.com\\\/wp-content\\\/uploads\\\/2019\\\/03\\\/Sympt\u00f4mes-de-maladie-du-Pinot-gris-GLMD-d\u00e9formations-folaires-et-mosa\u00efques-3-2880x1800.jpg\",\"et-pb-image--responsive--desktop\":\"https:\\\/\\\/www.vignevin.com\\\/wp-content\\\/uploads\\\/2019\\\/03\\\/Sympt\u00f4mes-de-maladie-du-Pinot-gris-GLMD-d\u00e9formations-folaires-et-mosa\u00efques-3-scaled.jpg\",\"et-pb-image--responsive--tablet\":\"https:\\\/\\\/www.vignevin.com\\\/wp-content\\\/uploads\\\/2019\\\/03\\\/Sympt\u00f4mes-de-maladie-du-Pinot-gris-GLMD-d\u00e9formations-folaires-et-mosa\u00efques-3-scaled.jpg\",\"et-pb-image--responsive--phone\":\"https:\\\/\\\/www.vignevin.com\\\/wp-content\\\/uploads\\\/2019\\\/03\\\/Sympt\u00f4mes-de-maladie-du-Pinot-gris-GLMD-d\u00e9formations-folaires-et-mosa\u00efques-3-scaled.jpg\",\"gform-image-choice-sm\":\"https:\\\/\\\/www.vignevin.com\\\/wp-content\\\/uploads\\\/2019\\\/03\\\/Sympt\u00f4mes-de-maladie-du-Pinot-gris-GLMD-d\u00e9formations-folaires-et-mosa\u00efques-3-scaled.jpg\",\"gform-image-choice-md\":\"https:\\\/\\\/www.vignevin.com\\\/wp-content\\\/uploads\\\/2019\\\/03\\\/Sympt\u00f4mes-de-maladie-du-Pinot-gris-GLMD-d\u00e9formations-folaires-et-mosa\u00efques-3-scaled.jpg\",\"gform-image-choice-lg\":\"https:\\\/\\\/www.vignevin.com\\\/wp-content\\\/uploads\\\/2019\\\/03\\\/Sympt\u00f4mes-de-maladie-du-Pinot-gris-GLMD-d\u00e9formations-folaires-et-mosa\u00efques-3-scaled.jpg\",\"woocommerce_thumbnail\":\"https:\\\/\\\/www.vignevin.com\\\/wp-content\\\/uploads\\\/2019\\\/03\\\/Sympt\u00f4mes-de-maladie-du-Pinot-gris-GLMD-d\u00e9formations-folaires-et-mosa\u00efques-3-scaled-300x300.jpg\",\"woocommerce_single\":\"https:\\\/\\\/www.vignevin.com\\\/wp-content\\\/uploads\\\/2019\\\/03\\\/Sympt\u00f4mes-de-maladie-du-Pinot-gris-GLMD-d\u00e9formations-folaires-et-mosa\u00efques-3-scaled-600x450.jpg\",\"woocommerce_gallery_thumbnail\":\"https:\\\/\\\/www.vignevin.com\\\/wp-content\\\/uploads\\\/2019\\\/03\\\/Sympt\u00f4mes-de-maladie-du-Pinot-gris-GLMD-d\u00e9formations-folaires-et-mosa\u00efques-3-scaled-100x100.jpg\",\"full\":\"https:\\\/\\\/www.vignevin.com\\\/wp-content\\\/uploads\\\/2019\\\/03\\\/Sympt\u00f4mes-de-maladie-du-Pinot-gris-GLMD-d\u00e9formations-folaires-et-mosa\u00efques-3-scaled.jpg\",\"index\":32,\"id\":9898,\"video\":false,\"opts\":{\"caption\":\"\",\"thumb\":{\"errors\":{\"envira-gallery-error-no-file\":[\"No file could be found for the image URL specified.\"]},\"error_data\":[]},\"title\":\"Sympt&ocirc;mes de maladie du Pinot gris (GLMD) d&eacute;formations folaires et mosa&iuml;ques (3)\"},\"gallery_id\":\"17413\"},\"9899\":{\"status\":\"active\",\"src\":\"https:\\\/\\\/www.vignevin.com\\\/wp-content\\\/uploads\\\/2019\\\/03\\\/Sympt\u00f4mes-de-maladie-du-Pinot-gris-GLMD-d\u00e9formations-folaires-et-mosa\u00efques-4-scaled.jpg\",\"title\":\"Sympt&ocirc;mes de maladie du Pinot gris (GLMD) d&eacute;formations folaires et mosa&iuml;ques (4)\",\"link\":\"https:\\\/\\\/www.vignevin.com\\\/wp-content\\\/uploads\\\/2019\\\/03\\\/Sympt\u00f4mes-de-maladie-du-Pinot-gris-GLMD-d\u00e9formations-folaires-et-mosa\u00efques-4.jpg\",\"alt\":\"\",\"caption\":false,\"thumb\":{\"errors\":{\"envira-gallery-error-no-file\":[\"No file could be found for the image URL specified.\"]},\"error_data\":[]},\"meta\":{\"aperture\":\"4.5\",\"credit\":null,\"camera\":\"DSC-HX9V\",\"caption\":\"\",\"created_timestamp\":\"1497350522\",\"copyright\":null,\"focal_length\":\"11.36\",\"iso\":\"250\",\"shutter_speed\":\"0.0125\",\"title\":\"\",\"orientation\":\"1\",\"keywords\":null},\"thumbnail\":\"https:\\\/\\\/www.vignevin.com\\\/wp-content\\\/uploads\\\/2019\\\/03\\\/Sympt\u00f4mes-de-maladie-du-Pinot-gris-GLMD-d\u00e9formations-folaires-et-mosa\u00efques-4-150x150.jpg\",\"medium\":\"https:\\\/\\\/www.vignevin.com\\\/wp-content\\\/uploads\\\/2019\\\/03\\\/Sympt\u00f4mes-de-maladie-du-Pinot-gris-GLMD-d\u00e9formations-folaires-et-mosa\u00efques-4-300x225.jpg\",\"medium_large\":\"https:\\\/\\\/www.vignevin.com\\\/wp-content\\\/uploads\\\/2019\\\/03\\\/Sympt\u00f4mes-de-maladie-du-Pinot-gris-GLMD-d\u00e9formations-folaires-et-mosa\u00efques-4-768x576.jpg\",\"large\":\"https:\\\/\\\/www.vignevin.com\\\/wp-content\\\/uploads\\\/2019\\\/03\\\/Sympt\u00f4mes-de-maladie-du-Pinot-gris-GLMD-d\u00e9formations-folaires-et-mosa\u00efques-4-1024x768.jpg\",\"1536x1536\":\"https:\\\/\\\/www.vignevin.com\\\/wp-content\\\/uploads\\\/2019\\\/03\\\/Sympt\u00f4mes-de-maladie-du-Pinot-gris-GLMD-d\u00e9formations-folaires-et-mosa\u00efques-4-scaled.jpg\",\"2048x2048\":\"https:\\\/\\\/www.vignevin.com\\\/wp-content\\\/uploads\\\/2019\\\/03\\\/Sympt\u00f4mes-de-maladie-du-Pinot-gris-GLMD-d\u00e9formations-folaires-et-mosa\u00efques-4-scaled.jpg\",\"et-pb-post-main-image\":\"https:\\\/\\\/www.vignevin.com\\\/wp-content\\\/uploads\\\/2019\\\/03\\\/Sympt\u00f4mes-de-maladie-du-Pinot-gris-GLMD-d\u00e9formations-folaires-et-mosa\u00efques-4-400x250.jpg\",\"et-pb-post-main-image-fullwidth\":\"https:\\\/\\\/www.vignevin.com\\\/wp-content\\\/uploads\\\/2019\\\/03\\\/Sympt\u00f4mes-de-maladie-du-Pinot-gris-GLMD-d\u00e9formations-folaires-et-mosa\u00efques-4-1080x675.jpg\",\"et-pb-portfolio-image\":\"https:\\\/\\\/www.vignevin.com\\\/wp-content\\\/uploads\\\/2019\\\/03\\\/Sympt\u00f4mes-de-maladie-du-Pinot-gris-GLMD-d\u00e9formations-folaires-et-mosa\u00efques-4-400x284.jpg\",\"et-pb-portfolio-module-image\":\"https:\\\/\\\/www.vignevin.com\\\/wp-content\\\/uploads\\\/2019\\\/03\\\/Sympt\u00f4mes-de-maladie-du-Pinot-gris-GLMD-d\u00e9formations-folaires-et-mosa\u00efques-4-510x382.jpg\",\"et-pb-portfolio-image-single\":\"https:\\\/\\\/www.vignevin.com\\\/wp-content\\\/uploads\\\/2019\\\/03\\\/Sympt\u00f4mes-de-maladie-du-Pinot-gris-GLMD-d\u00e9formations-folaires-et-mosa\u00efques-4-1080x810.jpg\",\"et-pb-gallery-module-image-portrait\":\"https:\\\/\\\/www.vignevin.com\\\/wp-content\\\/uploads\\\/2019\\\/03\\\/Sympt\u00f4mes-de-maladie-du-Pinot-gris-GLMD-d\u00e9formations-folaires-et-mosa\u00efques-4-400x516.jpg\",\"et-pb-post-main-image-fullwidth-large\":\"https:\\\/\\\/www.vignevin.com\\\/wp-content\\\/uploads\\\/2019\\\/03\\\/Sympt\u00f4mes-de-maladie-du-Pinot-gris-GLMD-d\u00e9formations-folaires-et-mosa\u00efques-4-2880x1800.jpg\",\"et-pb-image--responsive--desktop\":\"https:\\\/\\\/www.vignevin.com\\\/wp-content\\\/uploads\\\/2019\\\/03\\\/Sympt\u00f4mes-de-maladie-du-Pinot-gris-GLMD-d\u00e9formations-folaires-et-mosa\u00efques-4-scaled.jpg\",\"et-pb-image--responsive--tablet\":\"https:\\\/\\\/www.vignevin.com\\\/wp-content\\\/uploads\\\/2019\\\/03\\\/Sympt\u00f4mes-de-maladie-du-Pinot-gris-GLMD-d\u00e9formations-folaires-et-mosa\u00efques-4-scaled.jpg\",\"et-pb-image--responsive--phone\":\"https:\\\/\\\/www.vignevin.com\\\/wp-content\\\/uploads\\\/2019\\\/03\\\/Sympt\u00f4mes-de-maladie-du-Pinot-gris-GLMD-d\u00e9formations-folaires-et-mosa\u00efques-4-scaled.jpg\",\"gform-image-choice-sm\":\"https:\\\/\\\/www.vignevin.com\\\/wp-content\\\/uploads\\\/2019\\\/03\\\/Sympt\u00f4mes-de-maladie-du-Pinot-gris-GLMD-d\u00e9formations-folaires-et-mosa\u00efques-4-scaled.jpg\",\"gform-image-choice-md\":\"https:\\\/\\\/www.vignevin.com\\\/wp-content\\\/uploads\\\/2019\\\/03\\\/Sympt\u00f4mes-de-maladie-du-Pinot-gris-GLMD-d\u00e9formations-folaires-et-mosa\u00efques-4-scaled.jpg\",\"gform-image-choice-lg\":\"https:\\\/\\\/www.vignevin.com\\\/wp-content\\\/uploads\\\/2019\\\/03\\\/Sympt\u00f4mes-de-maladie-du-Pinot-gris-GLMD-d\u00e9formations-folaires-et-mosa\u00efques-4-scaled.jpg\",\"woocommerce_thumbnail\":\"https:\\\/\\\/www.vignevin.com\\\/wp-content\\\/uploads\\\/2019\\\/03\\\/Sympt\u00f4mes-de-maladie-du-Pinot-gris-GLMD-d\u00e9formations-folaires-et-mosa\u00efques-4-scaled-300x300.jpg\",\"woocommerce_single\":\"https:\\\/\\\/www.vignevin.com\\\/wp-content\\\/uploads\\\/2019\\\/03\\\/Sympt\u00f4mes-de-maladie-du-Pinot-gris-GLMD-d\u00e9formations-folaires-et-mosa\u00efques-4-scaled-600x450.jpg\",\"woocommerce_gallery_thumbnail\":\"https:\\\/\\\/www.vignevin.com\\\/wp-content\\\/uploads\\\/2019\\\/03\\\/Sympt\u00f4mes-de-maladie-du-Pinot-gris-GLMD-d\u00e9formations-folaires-et-mosa\u00efques-4-scaled-100x100.jpg\",\"full\":\"https:\\\/\\\/www.vignevin.com\\\/wp-content\\\/uploads\\\/2019\\\/03\\\/Sympt\u00f4mes-de-maladie-du-Pinot-gris-GLMD-d\u00e9formations-folaires-et-mosa\u00efques-4-scaled.jpg\",\"index\":33,\"id\":9899,\"video\":false,\"opts\":{\"caption\":\"\",\"thumb\":{\"errors\":{\"envira-gallery-error-no-file\":[\"No file could be found for the image URL specified.\"]},\"error_data\":[]},\"title\":\"Sympt&ocirc;mes de maladie du Pinot gris (GLMD) d&eacute;formations folaires et mosa&iuml;ques (4)\"},\"gallery_id\":\"17413\"},\"9900\":{\"status\":\"active\",\"src\":\"https:\\\/\\\/www.vignevin.com\\\/wp-content\\\/uploads\\\/2019\\\/03\\\/Sympt\u00f4mes-de-maladie-du-Pinot-gris-GLMD-d\u00e9formations-folaires-et-mosa\u00efques-5-scaled.jpg\",\"title\":\"Sympt&ocirc;mes de maladie du Pinot gris (GLMD) d&eacute;formations folaires et mosa&iuml;ques (5)\",\"link\":\"https:\\\/\\\/www.vignevin.com\\\/wp-content\\\/uploads\\\/2019\\\/03\\\/Sympt\u00f4mes-de-maladie-du-Pinot-gris-GLMD-d\u00e9formations-folaires-et-mosa\u00efques-5.jpg\",\"alt\":\"\",\"caption\":false,\"thumb\":{\"errors\":{\"envira-gallery-error-no-file\":[\"No file could be found for the image URL specified.\"]},\"error_data\":[]},\"meta\":{\"aperture\":\"3.5\",\"credit\":null,\"camera\":\"DSC-HX9V\",\"caption\":\"\",\"created_timestamp\":\"1497350633\",\"copyright\":null,\"focal_length\":\"5.51\",\"iso\":\"100\",\"shutter_speed\":\"0.0125\",\"title\":\"\",\"orientation\":\"1\",\"keywords\":null},\"thumbnail\":\"https:\\\/\\\/www.vignevin.com\\\/wp-content\\\/uploads\\\/2019\\\/03\\\/Sympt\u00f4mes-de-maladie-du-Pinot-gris-GLMD-d\u00e9formations-folaires-et-mosa\u00efques-5-150x150.jpg\",\"medium\":\"https:\\\/\\\/www.vignevin.com\\\/wp-content\\\/uploads\\\/2019\\\/03\\\/Sympt\u00f4mes-de-maladie-du-Pinot-gris-GLMD-d\u00e9formations-folaires-et-mosa\u00efques-5-300x279.jpg\",\"medium_large\":\"https:\\\/\\\/www.vignevin.com\\\/wp-content\\\/uploads\\\/2019\\\/03\\\/Sympt\u00f4mes-de-maladie-du-Pinot-gris-GLMD-d\u00e9formations-folaires-et-mosa\u00efques-5-768x714.jpg\",\"large\":\"https:\\\/\\\/www.vignevin.com\\\/wp-content\\\/uploads\\\/2019\\\/03\\\/Sympt\u00f4mes-de-maladie-du-Pinot-gris-GLMD-d\u00e9formations-folaires-et-mosa\u00efques-5-1024x952.jpg\",\"1536x1536\":\"https:\\\/\\\/www.vignevin.com\\\/wp-content\\\/uploads\\\/2019\\\/03\\\/Sympt\u00f4mes-de-maladie-du-Pinot-gris-GLMD-d\u00e9formations-folaires-et-mosa\u00efques-5-scaled.jpg\",\"2048x2048\":\"https:\\\/\\\/www.vignevin.com\\\/wp-content\\\/uploads\\\/2019\\\/03\\\/Sympt\u00f4mes-de-maladie-du-Pinot-gris-GLMD-d\u00e9formations-folaires-et-mosa\u00efques-5-scaled.jpg\",\"et-pb-post-main-image\":\"https:\\\/\\\/www.vignevin.com\\\/wp-content\\\/uploads\\\/2019\\\/03\\\/Sympt\u00f4mes-de-maladie-du-Pinot-gris-GLMD-d\u00e9formations-folaires-et-mosa\u00efques-5-400x250.jpg\",\"et-pb-post-main-image-fullwidth\":\"https:\\\/\\\/www.vignevin.com\\\/wp-content\\\/uploads\\\/2019\\\/03\\\/Sympt\u00f4mes-de-maladie-du-Pinot-gris-GLMD-d\u00e9formations-folaires-et-mosa\u00efques-5-1080x675.jpg\",\"et-pb-portfolio-image\":\"https:\\\/\\\/www.vignevin.com\\\/wp-content\\\/uploads\\\/2019\\\/03\\\/Sympt\u00f4mes-de-maladie-du-Pinot-gris-GLMD-d\u00e9formations-folaires-et-mosa\u00efques-5-400x284.jpg\",\"et-pb-portfolio-module-image\":\"https:\\\/\\\/www.vignevin.com\\\/wp-content\\\/uploads\\\/2019\\\/03\\\/Sympt\u00f4mes-de-maladie-du-Pinot-gris-GLMD-d\u00e9formations-folaires-et-mosa\u00efques-5-510x382.jpg\",\"et-pb-portfolio-image-single\":\"https:\\\/\\\/www.vignevin.com\\\/wp-content\\\/uploads\\\/2019\\\/03\\\/Sympt\u00f4mes-de-maladie-du-Pinot-gris-GLMD-d\u00e9formations-folaires-et-mosa\u00efques-5-1080x1004.jpg\",\"et-pb-gallery-module-image-portrait\":\"https:\\\/\\\/www.vignevin.com\\\/wp-content\\\/uploads\\\/2019\\\/03\\\/Sympt\u00f4mes-de-maladie-du-Pinot-gris-GLMD-d\u00e9formations-folaires-et-mosa\u00efques-5-400x516.jpg\",\"et-pb-post-main-image-fullwidth-large\":\"https:\\\/\\\/www.vignevin.com\\\/wp-content\\\/uploads\\\/2019\\\/03\\\/Sympt\u00f4mes-de-maladie-du-Pinot-gris-GLMD-d\u00e9formations-folaires-et-mosa\u00efques-5-2880x1800.jpg\",\"et-pb-image--responsive--desktop\":\"https:\\\/\\\/www.vignevin.com\\\/wp-content\\\/uploads\\\/2019\\\/03\\\/Sympt\u00f4mes-de-maladie-du-Pinot-gris-GLMD-d\u00e9formations-folaires-et-mosa\u00efques-5-scaled.jpg\",\"et-pb-image--responsive--tablet\":\"https:\\\/\\\/www.vignevin.com\\\/wp-content\\\/uploads\\\/2019\\\/03\\\/Sympt\u00f4mes-de-maladie-du-Pinot-gris-GLMD-d\u00e9formations-folaires-et-mosa\u00efques-5-scaled.jpg\",\"et-pb-image--responsive--phone\":\"https:\\\/\\\/www.vignevin.com\\\/wp-content\\\/uploads\\\/2019\\\/03\\\/Sympt\u00f4mes-de-maladie-du-Pinot-gris-GLMD-d\u00e9formations-folaires-et-mosa\u00efques-5-scaled.jpg\",\"gform-image-choice-sm\":\"https:\\\/\\\/www.vignevin.com\\\/wp-content\\\/uploads\\\/2019\\\/03\\\/Sympt\u00f4mes-de-maladie-du-Pinot-gris-GLMD-d\u00e9formations-folaires-et-mosa\u00efques-5-scaled.jpg\",\"gform-image-choice-md\":\"https:\\\/\\\/www.vignevin.com\\\/wp-content\\\/uploads\\\/2019\\\/03\\\/Sympt\u00f4mes-de-maladie-du-Pinot-gris-GLMD-d\u00e9formations-folaires-et-mosa\u00efques-5-scaled.jpg\",\"gform-image-choice-lg\":\"https:\\\/\\\/www.vignevin.com\\\/wp-content\\\/uploads\\\/2019\\\/03\\\/Sympt\u00f4mes-de-maladie-du-Pinot-gris-GLMD-d\u00e9formations-folaires-et-mosa\u00efques-5-scaled.jpg\",\"woocommerce_thumbnail\":\"https:\\\/\\\/www.vignevin.com\\\/wp-content\\\/uploads\\\/2019\\\/03\\\/Sympt\u00f4mes-de-maladie-du-Pinot-gris-GLMD-d\u00e9formations-folaires-et-mosa\u00efques-5-scaled-300x300.jpg\",\"woocommerce_single\":\"https:\\\/\\\/www.vignevin.com\\\/wp-content\\\/uploads\\\/2019\\\/03\\\/Sympt\u00f4mes-de-maladie-du-Pinot-gris-GLMD-d\u00e9formations-folaires-et-mosa\u00efques-5-scaled-600x558.jpg\",\"woocommerce_gallery_thumbnail\":\"https:\\\/\\\/www.vignevin.com\\\/wp-content\\\/uploads\\\/2019\\\/03\\\/Sympt\u00f4mes-de-maladie-du-Pinot-gris-GLMD-d\u00e9formations-folaires-et-mosa\u00efques-5-scaled-100x100.jpg\",\"full\":\"https:\\\/\\\/www.vignevin.com\\\/wp-content\\\/uploads\\\/2019\\\/03\\\/Sympt\u00f4mes-de-maladie-du-Pinot-gris-GLMD-d\u00e9formations-folaires-et-mosa\u00efques-5-scaled.jpg\",\"index\":34,\"id\":9900,\"video\":false,\"opts\":{\"caption\":\"\",\"thumb\":{\"errors\":{\"envira-gallery-error-no-file\":[\"No file could be found for the image URL specified.\"]},\"error_data\":[]},\"title\":\"Sympt&ocirc;mes de maladie du Pinot gris (GLMD) d&eacute;formations folaires et mosa&iuml;ques (5)\"},\"gallery_id\":\"17413\"},\"9901\":{\"status\":\"active\",\"src\":\"https:\\\/\\\/www.vignevin.com\\\/wp-content\\\/uploads\\\/2019\\\/03\\\/Sympt\u00f4mes-de-maladie-du-Pinot-gris-GLMD-d\u00e9formations-folaires-et-mosa\u00efques-6-scaled.jpg\",\"title\":\"Sympt&ocirc;mes de maladie du Pinot gris (GLMD) d&eacute;formations folaires et mosa&iuml;ques (6)\",\"link\":\"https:\\\/\\\/www.vignevin.com\\\/wp-content\\\/uploads\\\/2019\\\/03\\\/Sympt\u00f4mes-de-maladie-du-Pinot-gris-GLMD-d\u00e9formations-folaires-et-mosa\u00efques-6.jpg\",\"alt\":\"\",\"caption\":false,\"thumb\":{\"errors\":{\"envira-gallery-error-no-file\":[\"No file could be found for the image URL specified.\"]},\"error_data\":[]},\"meta\":{\"aperture\":\"3.3\",\"credit\":null,\"camera\":\"DSC-HX9V\",\"caption\":\"\",\"created_timestamp\":\"1497367445\",\"copyright\":null,\"focal_length\":\"4.28\",\"iso\":\"100\",\"shutter_speed\":\"0.008\",\"title\":\"\",\"orientation\":null,\"keywords\":null},\"thumbnail\":\"https:\\\/\\\/www.vignevin.com\\\/wp-content\\\/uploads\\\/2019\\\/03\\\/Sympt\u00f4mes-de-maladie-du-Pinot-gris-GLMD-d\u00e9formations-folaires-et-mosa\u00efques-6-150x150.jpg\",\"medium\":\"https:\\\/\\\/www.vignevin.com\\\/wp-content\\\/uploads\\\/2019\\\/03\\\/Sympt\u00f4mes-de-maladie-du-Pinot-gris-GLMD-d\u00e9formations-folaires-et-mosa\u00efques-6-300x235.jpg\",\"medium_large\":\"https:\\\/\\\/www.vignevin.com\\\/wp-content\\\/uploads\\\/2019\\\/03\\\/Sympt\u00f4mes-de-maladie-du-Pinot-gris-GLMD-d\u00e9formations-folaires-et-mosa\u00efques-6-768x601.jpg\",\"large\":\"https:\\\/\\\/www.vignevin.com\\\/wp-content\\\/uploads\\\/2019\\\/03\\\/Sympt\u00f4mes-de-maladie-du-Pinot-gris-GLMD-d\u00e9formations-folaires-et-mosa\u00efques-6-1024x801.jpg\",\"1536x1536\":\"https:\\\/\\\/www.vignevin.com\\\/wp-content\\\/uploads\\\/2019\\\/03\\\/Sympt\u00f4mes-de-maladie-du-Pinot-gris-GLMD-d\u00e9formations-folaires-et-mosa\u00efques-6-scaled.jpg\",\"2048x2048\":\"https:\\\/\\\/www.vignevin.com\\\/wp-content\\\/uploads\\\/2019\\\/03\\\/Sympt\u00f4mes-de-maladie-du-Pinot-gris-GLMD-d\u00e9formations-folaires-et-mosa\u00efques-6-scaled.jpg\",\"et-pb-post-main-image\":\"https:\\\/\\\/www.vignevin.com\\\/wp-content\\\/uploads\\\/2019\\\/03\\\/Sympt\u00f4mes-de-maladie-du-Pinot-gris-GLMD-d\u00e9formations-folaires-et-mosa\u00efques-6-400x250.jpg\",\"et-pb-post-main-image-fullwidth\":\"https:\\\/\\\/www.vignevin.com\\\/wp-content\\\/uploads\\\/2019\\\/03\\\/Sympt\u00f4mes-de-maladie-du-Pinot-gris-GLMD-d\u00e9formations-folaires-et-mosa\u00efques-6-1080x675.jpg\",\"et-pb-portfolio-image\":\"https:\\\/\\\/www.vignevin.com\\\/wp-content\\\/uploads\\\/2019\\\/03\\\/Sympt\u00f4mes-de-maladie-du-Pinot-gris-GLMD-d\u00e9formations-folaires-et-mosa\u00efques-6-400x284.jpg\",\"et-pb-portfolio-module-image\":\"https:\\\/\\\/www.vignevin.com\\\/wp-content\\\/uploads\\\/2019\\\/03\\\/Sympt\u00f4mes-de-maladie-du-Pinot-gris-GLMD-d\u00e9formations-folaires-et-mosa\u00efques-6-510x382.jpg\",\"et-pb-portfolio-image-single\":\"https:\\\/\\\/www.vignevin.com\\\/wp-content\\\/uploads\\\/2019\\\/03\\\/Sympt\u00f4mes-de-maladie-du-Pinot-gris-GLMD-d\u00e9formations-folaires-et-mosa\u00efques-6-1080x845.jpg\",\"et-pb-gallery-module-image-portrait\":\"https:\\\/\\\/www.vignevin.com\\\/wp-content\\\/uploads\\\/2019\\\/03\\\/Sympt\u00f4mes-de-maladie-du-Pinot-gris-GLMD-d\u00e9formations-folaires-et-mosa\u00efques-6-400x516.jpg\",\"et-pb-post-main-image-fullwidth-large\":\"https:\\\/\\\/www.vignevin.com\\\/wp-content\\\/uploads\\\/2019\\\/03\\\/Sympt\u00f4mes-de-maladie-du-Pinot-gris-GLMD-d\u00e9formations-folaires-et-mosa\u00efques-6-2880x1800.jpg\",\"et-pb-image--responsive--desktop\":\"https:\\\/\\\/www.vignevin.com\\\/wp-content\\\/uploads\\\/2019\\\/03\\\/Sympt\u00f4mes-de-maladie-du-Pinot-gris-GLMD-d\u00e9formations-folaires-et-mosa\u00efques-6-scaled.jpg\",\"et-pb-image--responsive--tablet\":\"https:\\\/\\\/www.vignevin.com\\\/wp-content\\\/uploads\\\/2019\\\/03\\\/Sympt\u00f4mes-de-maladie-du-Pinot-gris-GLMD-d\u00e9formations-folaires-et-mosa\u00efques-6-scaled.jpg\",\"et-pb-image--responsive--phone\":\"https:\\\/\\\/www.vignevin.com\\\/wp-content\\\/uploads\\\/2019\\\/03\\\/Sympt\u00f4mes-de-maladie-du-Pinot-gris-GLMD-d\u00e9formations-folaires-et-mosa\u00efques-6-scaled.jpg\",\"gform-image-choice-sm\":\"https:\\\/\\\/www.vignevin.com\\\/wp-content\\\/uploads\\\/2019\\\/03\\\/Sympt\u00f4mes-de-maladie-du-Pinot-gris-GLMD-d\u00e9formations-folaires-et-mosa\u00efques-6-scaled.jpg\",\"gform-image-choice-md\":\"https:\\\/\\\/www.vignevin.com\\\/wp-content\\\/uploads\\\/2019\\\/03\\\/Sympt\u00f4mes-de-maladie-du-Pinot-gris-GLMD-d\u00e9formations-folaires-et-mosa\u00efques-6-scaled.jpg\",\"gform-image-choice-lg\":\"https:\\\/\\\/www.vignevin.com\\\/wp-content\\\/uploads\\\/2019\\\/03\\\/Sympt\u00f4mes-de-maladie-du-Pinot-gris-GLMD-d\u00e9formations-folaires-et-mosa\u00efques-6-scaled.jpg\",\"woocommerce_thumbnail\":\"https:\\\/\\\/www.vignevin.com\\\/wp-content\\\/uploads\\\/2019\\\/03\\\/Sympt\u00f4mes-de-maladie-du-Pinot-gris-GLMD-d\u00e9formations-folaires-et-mosa\u00efques-6-scaled-300x300.jpg\",\"woocommerce_single\":\"https:\\\/\\\/www.vignevin.com\\\/wp-content\\\/uploads\\\/2019\\\/03\\\/Sympt\u00f4mes-de-maladie-du-Pinot-gris-GLMD-d\u00e9formations-folaires-et-mosa\u00efques-6-scaled-600x469.jpg\",\"woocommerce_gallery_thumbnail\":\"https:\\\/\\\/www.vignevin.com\\\/wp-content\\\/uploads\\\/2019\\\/03\\\/Sympt\u00f4mes-de-maladie-du-Pinot-gris-GLMD-d\u00e9formations-folaires-et-mosa\u00efques-6-scaled-100x100.jpg\",\"full\":\"https:\\\/\\\/www.vignevin.com\\\/wp-content\\\/uploads\\\/2019\\\/03\\\/Sympt\u00f4mes-de-maladie-du-Pinot-gris-GLMD-d\u00e9formations-folaires-et-mosa\u00efques-6-scaled.jpg\",\"index\":35,\"id\":9901,\"video\":false,\"opts\":{\"caption\":\"\",\"thumb\":{\"errors\":{\"envira-gallery-error-no-file\":[\"No file could be found for the image URL specified.\"]},\"error_data\":[]},\"title\":\"Sympt&ocirc;mes de maladie du Pinot gris (GLMD) d&eacute;formations folaires et mosa&iuml;ques (6)\"},\"gallery_id\":\"17413\"},\"9902\":{\"status\":\"active\",\"src\":\"https:\\\/\\\/www.vignevin.com\\\/wp-content\\\/uploads\\\/2019\\\/03\\\/Sympt\u00f4mes-de-maladie-du-Pinot-gris-GLMD-d\u00e9formations-folaires-et-mosa\u00efques-7-scaled.jpg\",\"title\":\"Sympt&ocirc;mes de maladie du Pinot gris (GLMD) d&eacute;formations folaires et mosa&iuml;ques (7)\",\"link\":\"https:\\\/\\\/www.vignevin.com\\\/wp-content\\\/uploads\\\/2019\\\/03\\\/Sympt\u00f4mes-de-maladie-du-Pinot-gris-GLMD-d\u00e9formations-folaires-et-mosa\u00efques-7.jpg\",\"alt\":\"\",\"caption\":false,\"thumb\":{\"errors\":{\"envira-gallery-error-no-file\":[\"No file could be found for the image URL specified.\"]},\"error_data\":[]},\"meta\":{\"aperture\":\"3.5\",\"credit\":null,\"camera\":\"DSC-HX9V\",\"caption\":\"\",\"created_timestamp\":\"1497367655\",\"copyright\":null,\"focal_length\":\"4.45\",\"iso\":\"100\",\"shutter_speed\":\"0.0125\",\"title\":\"\",\"orientation\":null,\"keywords\":null},\"thumbnail\":\"https:\\\/\\\/www.vignevin.com\\\/wp-content\\\/uploads\\\/2019\\\/03\\\/Sympt\u00f4mes-de-maladie-du-Pinot-gris-GLMD-d\u00e9formations-folaires-et-mosa\u00efques-7-150x150.jpg\",\"medium\":\"https:\\\/\\\/www.vignevin.com\\\/wp-content\\\/uploads\\\/2019\\\/03\\\/Sympt\u00f4mes-de-maladie-du-Pinot-gris-GLMD-d\u00e9formations-folaires-et-mosa\u00efques-7-300x256.jpg\",\"medium_large\":\"https:\\\/\\\/www.vignevin.com\\\/wp-content\\\/uploads\\\/2019\\\/03\\\/Sympt\u00f4mes-de-maladie-du-Pinot-gris-GLMD-d\u00e9formations-folaires-et-mosa\u00efques-7-768x656.jpg\",\"large\":\"https:\\\/\\\/www.vignevin.com\\\/wp-content\\\/uploads\\\/2019\\\/03\\\/Sympt\u00f4mes-de-maladie-du-Pinot-gris-GLMD-d\u00e9formations-folaires-et-mosa\u00efques-7-1024x875.jpg\",\"1536x1536\":\"https:\\\/\\\/www.vignevin.com\\\/wp-content\\\/uploads\\\/2019\\\/03\\\/Sympt\u00f4mes-de-maladie-du-Pinot-gris-GLMD-d\u00e9formations-folaires-et-mosa\u00efques-7-scaled.jpg\",\"2048x2048\":\"https:\\\/\\\/www.vignevin.com\\\/wp-content\\\/uploads\\\/2019\\\/03\\\/Sympt\u00f4mes-de-maladie-du-Pinot-gris-GLMD-d\u00e9formations-folaires-et-mosa\u00efques-7-scaled.jpg\",\"et-pb-post-main-image\":\"https:\\\/\\\/www.vignevin.com\\\/wp-content\\\/uploads\\\/2019\\\/03\\\/Sympt\u00f4mes-de-maladie-du-Pinot-gris-GLMD-d\u00e9formations-folaires-et-mosa\u00efques-7-400x250.jpg\",\"et-pb-post-main-image-fullwidth\":\"https:\\\/\\\/www.vignevin.com\\\/wp-content\\\/uploads\\\/2019\\\/03\\\/Sympt\u00f4mes-de-maladie-du-Pinot-gris-GLMD-d\u00e9formations-folaires-et-mosa\u00efques-7-1080x675.jpg\",\"et-pb-portfolio-image\":\"https:\\\/\\\/www.vignevin.com\\\/wp-content\\\/uploads\\\/2019\\\/03\\\/Sympt\u00f4mes-de-maladie-du-Pinot-gris-GLMD-d\u00e9formations-folaires-et-mosa\u00efques-7-400x284.jpg\",\"et-pb-portfolio-module-image\":\"https:\\\/\\\/www.vignevin.com\\\/wp-content\\\/uploads\\\/2019\\\/03\\\/Sympt\u00f4mes-de-maladie-du-Pinot-gris-GLMD-d\u00e9formations-folaires-et-mosa\u00efques-7-510x382.jpg\",\"et-pb-portfolio-image-single\":\"https:\\\/\\\/www.vignevin.com\\\/wp-content\\\/uploads\\\/2019\\\/03\\\/Sympt\u00f4mes-de-maladie-du-Pinot-gris-GLMD-d\u00e9formations-folaires-et-mosa\u00efques-7-1080x923.jpg\",\"et-pb-gallery-module-image-portrait\":\"https:\\\/\\\/www.vignevin.com\\\/wp-content\\\/uploads\\\/2019\\\/03\\\/Sympt\u00f4mes-de-maladie-du-Pinot-gris-GLMD-d\u00e9formations-folaires-et-mosa\u00efques-7-400x516.jpg\",\"et-pb-post-main-image-fullwidth-large\":\"https:\\\/\\\/www.vignevin.com\\\/wp-content\\\/uploads\\\/2019\\\/03\\\/Sympt\u00f4mes-de-maladie-du-Pinot-gris-GLMD-d\u00e9formations-folaires-et-mosa\u00efques-7-2880x1800.jpg\",\"et-pb-image--responsive--desktop\":\"https:\\\/\\\/www.vignevin.com\\\/wp-content\\\/uploads\\\/2019\\\/03\\\/Sympt\u00f4mes-de-maladie-du-Pinot-gris-GLMD-d\u00e9formations-folaires-et-mosa\u00efques-7-scaled.jpg\",\"et-pb-image--responsive--tablet\":\"https:\\\/\\\/www.vignevin.com\\\/wp-content\\\/uploads\\\/2019\\\/03\\\/Sympt\u00f4mes-de-maladie-du-Pinot-gris-GLMD-d\u00e9formations-folaires-et-mosa\u00efques-7-scaled.jpg\",\"et-pb-image--responsive--phone\":\"https:\\\/\\\/www.vignevin.com\\\/wp-content\\\/uploads\\\/2019\\\/03\\\/Sympt\u00f4mes-de-maladie-du-Pinot-gris-GLMD-d\u00e9formations-folaires-et-mosa\u00efques-7-scaled.jpg\",\"gform-image-choice-sm\":\"https:\\\/\\\/www.vignevin.com\\\/wp-content\\\/uploads\\\/2019\\\/03\\\/Sympt\u00f4mes-de-maladie-du-Pinot-gris-GLMD-d\u00e9formations-folaires-et-mosa\u00efques-7-scaled.jpg\",\"gform-image-choice-md\":\"https:\\\/\\\/www.vignevin.com\\\/wp-content\\\/uploads\\\/2019\\\/03\\\/Sympt\u00f4mes-de-maladie-du-Pinot-gris-GLMD-d\u00e9formations-folaires-et-mosa\u00efques-7-scaled.jpg\",\"gform-image-choice-lg\":\"https:\\\/\\\/www.vignevin.com\\\/wp-content\\\/uploads\\\/2019\\\/03\\\/Sympt\u00f4mes-de-maladie-du-Pinot-gris-GLMD-d\u00e9formations-folaires-et-mosa\u00efques-7-scaled.jpg\",\"woocommerce_thumbnail\":\"https:\\\/\\\/www.vignevin.com\\\/wp-content\\\/uploads\\\/2019\\\/03\\\/Sympt\u00f4mes-de-maladie-du-Pinot-gris-GLMD-d\u00e9formations-folaires-et-mosa\u00efques-7-scaled-300x300.jpg\",\"woocommerce_single\":\"https:\\\/\\\/www.vignevin.com\\\/wp-content\\\/uploads\\\/2019\\\/03\\\/Sympt\u00f4mes-de-maladie-du-Pinot-gris-GLMD-d\u00e9formations-folaires-et-mosa\u00efques-7-scaled-600x513.jpg\",\"woocommerce_gallery_thumbnail\":\"https:\\\/\\\/www.vignevin.com\\\/wp-content\\\/uploads\\\/2019\\\/03\\\/Sympt\u00f4mes-de-maladie-du-Pinot-gris-GLMD-d\u00e9formations-folaires-et-mosa\u00efques-7-scaled-100x100.jpg\",\"full\":\"https:\\\/\\\/www.vignevin.com\\\/wp-content\\\/uploads\\\/2019\\\/03\\\/Sympt\u00f4mes-de-maladie-du-Pinot-gris-GLMD-d\u00e9formations-folaires-et-mosa\u00efques-7-scaled.jpg\",\"index\":36,\"id\":9902,\"video\":false,\"opts\":{\"caption\":\"\",\"thumb\":{\"errors\":{\"envira-gallery-error-no-file\":[\"No file could be found for the image URL specified.\"]},\"error_data\":[]},\"title\":\"Sympt&ocirc;mes de maladie du Pinot gris (GLMD) d&eacute;formations folaires et mosa&iuml;ques (7)\"},\"gallery_id\":\"17413\"},\"9903\":{\"status\":\"active\",\"src\":\"https:\\\/\\\/www.vignevin.com\\\/wp-content\\\/uploads\\\/2019\\\/03\\\/Sympt\u00f4mes-de-maladie-du-Pinot-gris-GLMD-d\u00e9formations-folaires-et-mosa\u00efques-8-scaled.jpg\",\"title\":\"Sympt&ocirc;mes de maladie du Pinot gris (GLMD) d&eacute;formations folaires et mosa&iuml;ques (8)\",\"link\":\"https:\\\/\\\/www.vignevin.com\\\/wp-content\\\/uploads\\\/2019\\\/03\\\/Sympt\u00f4mes-de-maladie-du-Pinot-gris-GLMD-d\u00e9formations-folaires-et-mosa\u00efques-8.jpg\",\"alt\":\"\",\"caption\":false,\"thumb\":{\"errors\":{\"envira-gallery-error-no-file\":[\"No file could be found for the image URL specified.\"]},\"error_data\":[]},\"meta\":{\"aperture\":\"4\",\"credit\":null,\"camera\":\"DSC-HX9V\",\"caption\":\"\",\"created_timestamp\":\"1497367963\",\"copyright\":null,\"focal_length\":\"7.59\",\"iso\":\"100\",\"shutter_speed\":\"0.02\",\"title\":\"\",\"orientation\":\"1\",\"keywords\":null},\"thumbnail\":\"https:\\\/\\\/www.vignevin.com\\\/wp-content\\\/uploads\\\/2019\\\/03\\\/Sympt\u00f4mes-de-maladie-du-Pinot-gris-GLMD-d\u00e9formations-folaires-et-mosa\u00efques-8-150x150.jpg\",\"medium\":\"https:\\\/\\\/www.vignevin.com\\\/wp-content\\\/uploads\\\/2019\\\/03\\\/Sympt\u00f4mes-de-maladie-du-Pinot-gris-GLMD-d\u00e9formations-folaires-et-mosa\u00efques-8-300x225.jpg\",\"medium_large\":\"https:\\\/\\\/www.vignevin.com\\\/wp-content\\\/uploads\\\/2019\\\/03\\\/Sympt\u00f4mes-de-maladie-du-Pinot-gris-GLMD-d\u00e9formations-folaires-et-mosa\u00efques-8-768x576.jpg\",\"large\":\"https:\\\/\\\/www.vignevin.com\\\/wp-content\\\/uploads\\\/2019\\\/03\\\/Sympt\u00f4mes-de-maladie-du-Pinot-gris-GLMD-d\u00e9formations-folaires-et-mosa\u00efques-8-1024x768.jpg\",\"1536x1536\":\"https:\\\/\\\/www.vignevin.com\\\/wp-content\\\/uploads\\\/2019\\\/03\\\/Sympt\u00f4mes-de-maladie-du-Pinot-gris-GLMD-d\u00e9formations-folaires-et-mosa\u00efques-8-scaled.jpg\",\"2048x2048\":\"https:\\\/\\\/www.vignevin.com\\\/wp-content\\\/uploads\\\/2019\\\/03\\\/Sympt\u00f4mes-de-maladie-du-Pinot-gris-GLMD-d\u00e9formations-folaires-et-mosa\u00efques-8-scaled.jpg\",\"et-pb-post-main-image\":\"https:\\\/\\\/www.vignevin.com\\\/wp-content\\\/uploads\\\/2019\\\/03\\\/Sympt\u00f4mes-de-maladie-du-Pinot-gris-GLMD-d\u00e9formations-folaires-et-mosa\u00efques-8-400x250.jpg\",\"et-pb-post-main-image-fullwidth\":\"https:\\\/\\\/www.vignevin.com\\\/wp-content\\\/uploads\\\/2019\\\/03\\\/Sympt\u00f4mes-de-maladie-du-Pinot-gris-GLMD-d\u00e9formations-folaires-et-mosa\u00efques-8-1080x675.jpg\",\"et-pb-portfolio-image\":\"https:\\\/\\\/www.vignevin.com\\\/wp-content\\\/uploads\\\/2019\\\/03\\\/Sympt\u00f4mes-de-maladie-du-Pinot-gris-GLMD-d\u00e9formations-folaires-et-mosa\u00efques-8-400x284.jpg\",\"et-pb-portfolio-module-image\":\"https:\\\/\\\/www.vignevin.com\\\/wp-content\\\/uploads\\\/2019\\\/03\\\/Sympt\u00f4mes-de-maladie-du-Pinot-gris-GLMD-d\u00e9formations-folaires-et-mosa\u00efques-8-510x382.jpg\",\"et-pb-portfolio-image-single\":\"https:\\\/\\\/www.vignevin.com\\\/wp-content\\\/uploads\\\/2019\\\/03\\\/Sympt\u00f4mes-de-maladie-du-Pinot-gris-GLMD-d\u00e9formations-folaires-et-mosa\u00efques-8-1080x810.jpg\",\"et-pb-gallery-module-image-portrait\":\"https:\\\/\\\/www.vignevin.com\\\/wp-content\\\/uploads\\\/2019\\\/03\\\/Sympt\u00f4mes-de-maladie-du-Pinot-gris-GLMD-d\u00e9formations-folaires-et-mosa\u00efques-8-400x516.jpg\",\"et-pb-post-main-image-fullwidth-large\":\"https:\\\/\\\/www.vignevin.com\\\/wp-content\\\/uploads\\\/2019\\\/03\\\/Sympt\u00f4mes-de-maladie-du-Pinot-gris-GLMD-d\u00e9formations-folaires-et-mosa\u00efques-8-2880x1800.jpg\",\"et-pb-image--responsive--desktop\":\"https:\\\/\\\/www.vignevin.com\\\/wp-content\\\/uploads\\\/2019\\\/03\\\/Sympt\u00f4mes-de-maladie-du-Pinot-gris-GLMD-d\u00e9formations-folaires-et-mosa\u00efques-8-scaled.jpg\",\"et-pb-image--responsive--tablet\":\"https:\\\/\\\/www.vignevin.com\\\/wp-content\\\/uploads\\\/2019\\\/03\\\/Sympt\u00f4mes-de-maladie-du-Pinot-gris-GLMD-d\u00e9formations-folaires-et-mosa\u00efques-8-scaled.jpg\",\"et-pb-image--responsive--phone\":\"https:\\\/\\\/www.vignevin.com\\\/wp-content\\\/uploads\\\/2019\\\/03\\\/Sympt\u00f4mes-de-maladie-du-Pinot-gris-GLMD-d\u00e9formations-folaires-et-mosa\u00efques-8-scaled.jpg\",\"gform-image-choice-sm\":\"https:\\\/\\\/www.vignevin.com\\\/wp-content\\\/uploads\\\/2019\\\/03\\\/Sympt\u00f4mes-de-maladie-du-Pinot-gris-GLMD-d\u00e9formations-folaires-et-mosa\u00efques-8-scaled.jpg\",\"gform-image-choice-md\":\"https:\\\/\\\/www.vignevin.com\\\/wp-content\\\/uploads\\\/2019\\\/03\\\/Sympt\u00f4mes-de-maladie-du-Pinot-gris-GLMD-d\u00e9formations-folaires-et-mosa\u00efques-8-scaled.jpg\",\"gform-image-choice-lg\":\"https:\\\/\\\/www.vignevin.com\\\/wp-content\\\/uploads\\\/2019\\\/03\\\/Sympt\u00f4mes-de-maladie-du-Pinot-gris-GLMD-d\u00e9formations-folaires-et-mosa\u00efques-8-scaled.jpg\",\"woocommerce_thumbnail\":\"https:\\\/\\\/www.vignevin.com\\\/wp-content\\\/uploads\\\/2019\\\/03\\\/Sympt\u00f4mes-de-maladie-du-Pinot-gris-GLMD-d\u00e9formations-folaires-et-mosa\u00efques-8-scaled-300x300.jpg\",\"woocommerce_single\":\"https:\\\/\\\/www.vignevin.com\\\/wp-content\\\/uploads\\\/2019\\\/03\\\/Sympt\u00f4mes-de-maladie-du-Pinot-gris-GLMD-d\u00e9formations-folaires-et-mosa\u00efques-8-scaled-600x450.jpg\",\"woocommerce_gallery_thumbnail\":\"https:\\\/\\\/www.vignevin.com\\\/wp-content\\\/uploads\\\/2019\\\/03\\\/Sympt\u00f4mes-de-maladie-du-Pinot-gris-GLMD-d\u00e9formations-folaires-et-mosa\u00efques-8-scaled-100x100.jpg\",\"full\":\"https:\\\/\\\/www.vignevin.com\\\/wp-content\\\/uploads\\\/2019\\\/03\\\/Sympt\u00f4mes-de-maladie-du-Pinot-gris-GLMD-d\u00e9formations-folaires-et-mosa\u00efques-8-scaled.jpg\",\"index\":37,\"id\":9903,\"video\":false,\"opts\":{\"caption\":\"\",\"thumb\":{\"errors\":{\"envira-gallery-error-no-file\":[\"No file could be found for the image URL specified.\"]},\"error_data\":[]},\"title\":\"Sympt&ocirc;mes de maladie du Pinot gris (GLMD) d&eacute;formations folaires et mosa&iuml;ques (8)\"},\"gallery_id\":\"17413\"},\"9904\":{\"status\":\"active\",\"src\":\"https:\\\/\\\/www.vignevin.com\\\/wp-content\\\/uploads\\\/2019\\\/03\\\/Sympt\u00f4mes-de-maladie-du-Pinot-gris-GLMD-d\u00e9formations-folaires-et-mosa\u00efques-9-scaled.jpg\",\"title\":\"Sympt&ocirc;mes de maladie du Pinot gris (GLMD) d&eacute;formations folaires et mosa&iuml;ques (9)\",\"link\":\"https:\\\/\\\/www.vignevin.com\\\/wp-content\\\/uploads\\\/2019\\\/03\\\/Sympt\u00f4mes-de-maladie-du-Pinot-gris-GLMD-d\u00e9formations-folaires-et-mosa\u00efques-9.jpg\",\"alt\":\"\",\"caption\":false,\"thumb\":{\"errors\":{\"envira-gallery-error-no-file\":[\"No file could be found for the image URL specified.\"]},\"error_data\":[]},\"meta\":{\"aperture\":\"3.3\",\"credit\":null,\"camera\":\"DSC-HX9V\",\"caption\":\"\",\"created_timestamp\":\"1497368274\",\"copyright\":null,\"focal_length\":\"4.28\",\"iso\":\"100\",\"shutter_speed\":\"0.003125\",\"title\":\"\",\"orientation\":\"1\",\"keywords\":null},\"thumbnail\":\"https:\\\/\\\/www.vignevin.com\\\/wp-content\\\/uploads\\\/2019\\\/03\\\/Sympt\u00f4mes-de-maladie-du-Pinot-gris-GLMD-d\u00e9formations-folaires-et-mosa\u00efques-9-150x150.jpg\",\"medium\":\"https:\\\/\\\/www.vignevin.com\\\/wp-content\\\/uploads\\\/2019\\\/03\\\/Sympt\u00f4mes-de-maladie-du-Pinot-gris-GLMD-d\u00e9formations-folaires-et-mosa\u00efques-9-300x225.jpg\",\"medium_large\":\"https:\\\/\\\/www.vignevin.com\\\/wp-content\\\/uploads\\\/2019\\\/03\\\/Sympt\u00f4mes-de-maladie-du-Pinot-gris-GLMD-d\u00e9formations-folaires-et-mosa\u00efques-9-768x576.jpg\",\"large\":\"https:\\\/\\\/www.vignevin.com\\\/wp-content\\\/uploads\\\/2019\\\/03\\\/Sympt\u00f4mes-de-maladie-du-Pinot-gris-GLMD-d\u00e9formations-folaires-et-mosa\u00efques-9-1024x768.jpg\",\"1536x1536\":\"https:\\\/\\\/www.vignevin.com\\\/wp-content\\\/uploads\\\/2019\\\/03\\\/Sympt\u00f4mes-de-maladie-du-Pinot-gris-GLMD-d\u00e9formations-folaires-et-mosa\u00efques-9-scaled.jpg\",\"2048x2048\":\"https:\\\/\\\/www.vignevin.com\\\/wp-content\\\/uploads\\\/2019\\\/03\\\/Sympt\u00f4mes-de-maladie-du-Pinot-gris-GLMD-d\u00e9formations-folaires-et-mosa\u00efques-9-scaled.jpg\",\"et-pb-post-main-image\":\"https:\\\/\\\/www.vignevin.com\\\/wp-content\\\/uploads\\\/2019\\\/03\\\/Sympt\u00f4mes-de-maladie-du-Pinot-gris-GLMD-d\u00e9formations-folaires-et-mosa\u00efques-9-400x250.jpg\",\"et-pb-post-main-image-fullwidth\":\"https:\\\/\\\/www.vignevin.com\\\/wp-content\\\/uploads\\\/2019\\\/03\\\/Sympt\u00f4mes-de-maladie-du-Pinot-gris-GLMD-d\u00e9formations-folaires-et-mosa\u00efques-9-1080x675.jpg\",\"et-pb-portfolio-image\":\"https:\\\/\\\/www.vignevin.com\\\/wp-content\\\/uploads\\\/2019\\\/03\\\/Sympt\u00f4mes-de-maladie-du-Pinot-gris-GLMD-d\u00e9formations-folaires-et-mosa\u00efques-9-400x284.jpg\",\"et-pb-portfolio-module-image\":\"https:\\\/\\\/www.vignevin.com\\\/wp-content\\\/uploads\\\/2019\\\/03\\\/Sympt\u00f4mes-de-maladie-du-Pinot-gris-GLMD-d\u00e9formations-folaires-et-mosa\u00efques-9-510x382.jpg\",\"et-pb-portfolio-image-single\":\"https:\\\/\\\/www.vignevin.com\\\/wp-content\\\/uploads\\\/2019\\\/03\\\/Sympt\u00f4mes-de-maladie-du-Pinot-gris-GLMD-d\u00e9formations-folaires-et-mosa\u00efques-9-1080x810.jpg\",\"et-pb-gallery-module-image-portrait\":\"https:\\\/\\\/www.vignevin.com\\\/wp-content\\\/uploads\\\/2019\\\/03\\\/Sympt\u00f4mes-de-maladie-du-Pinot-gris-GLMD-d\u00e9formations-folaires-et-mosa\u00efques-9-400x516.jpg\",\"et-pb-post-main-image-fullwidth-large\":\"https:\\\/\\\/www.vignevin.com\\\/wp-content\\\/uploads\\\/2019\\\/03\\\/Sympt\u00f4mes-de-maladie-du-Pinot-gris-GLMD-d\u00e9formations-folaires-et-mosa\u00efques-9-2880x1800.jpg\",\"et-pb-image--responsive--desktop\":\"https:\\\/\\\/www.vignevin.com\\\/wp-content\\\/uploads\\\/2019\\\/03\\\/Sympt\u00f4mes-de-maladie-du-Pinot-gris-GLMD-d\u00e9formations-folaires-et-mosa\u00efques-9-scaled.jpg\",\"et-pb-image--responsive--tablet\":\"https:\\\/\\\/www.vignevin.com\\\/wp-content\\\/uploads\\\/2019\\\/03\\\/Sympt\u00f4mes-de-maladie-du-Pinot-gris-GLMD-d\u00e9formations-folaires-et-mosa\u00efques-9-scaled.jpg\",\"et-pb-image--responsive--phone\":\"https:\\\/\\\/www.vignevin.com\\\/wp-content\\\/uploads\\\/2019\\\/03\\\/Sympt\u00f4mes-de-maladie-du-Pinot-gris-GLMD-d\u00e9formations-folaires-et-mosa\u00efques-9-scaled.jpg\",\"gform-image-choice-sm\":\"https:\\\/\\\/www.vignevin.com\\\/wp-content\\\/uploads\\\/2019\\\/03\\\/Sympt\u00f4mes-de-maladie-du-Pinot-gris-GLMD-d\u00e9formations-folaires-et-mosa\u00efques-9-scaled.jpg\",\"gform-image-choice-md\":\"https:\\\/\\\/www.vignevin.com\\\/wp-content\\\/uploads\\\/2019\\\/03\\\/Sympt\u00f4mes-de-maladie-du-Pinot-gris-GLMD-d\u00e9formations-folaires-et-mosa\u00efques-9-scaled.jpg\",\"gform-image-choice-lg\":\"https:\\\/\\\/www.vignevin.com\\\/wp-content\\\/uploads\\\/2019\\\/03\\\/Sympt\u00f4mes-de-maladie-du-Pinot-gris-GLMD-d\u00e9formations-folaires-et-mosa\u00efques-9-scaled.jpg\",\"woocommerce_thumbnail\":\"https:\\\/\\\/www.vignevin.com\\\/wp-content\\\/uploads\\\/2019\\\/03\\\/Sympt\u00f4mes-de-maladie-du-Pinot-gris-GLMD-d\u00e9formations-folaires-et-mosa\u00efques-9-scaled-300x300.jpg\",\"woocommerce_single\":\"https:\\\/\\\/www.vignevin.com\\\/wp-content\\\/uploads\\\/2019\\\/03\\\/Sympt\u00f4mes-de-maladie-du-Pinot-gris-GLMD-d\u00e9formations-folaires-et-mosa\u00efques-9-scaled-600x450.jpg\",\"woocommerce_gallery_thumbnail\":\"https:\\\/\\\/www.vignevin.com\\\/wp-content\\\/uploads\\\/2019\\\/03\\\/Sympt\u00f4mes-de-maladie-du-Pinot-gris-GLMD-d\u00e9formations-folaires-et-mosa\u00efques-9-scaled-100x100.jpg\",\"full\":\"https:\\\/\\\/www.vignevin.com\\\/wp-content\\\/uploads\\\/2019\\\/03\\\/Sympt\u00f4mes-de-maladie-du-Pinot-gris-GLMD-d\u00e9formations-folaires-et-mosa\u00efques-9-scaled.jpg\",\"index\":38,\"id\":9904,\"video\":false,\"opts\":{\"caption\":\"\",\"thumb\":{\"errors\":{\"envira-gallery-error-no-file\":[\"No file could be found for the image URL specified.\"]},\"error_data\":[]},\"title\":\"Sympt&ocirc;mes de maladie du Pinot gris (GLMD) d&eacute;formations folaires et mosa&iuml;ques (9)\"},\"gallery_id\":\"17413\"},\"9905\":{\"status\":\"active\",\"src\":\"https:\\\/\\\/www.vignevin.com\\\/wp-content\\\/uploads\\\/2019\\\/03\\\/Sympt\u00f4mes-de-maladie-du-Pinot-gris-GLMD-d\u00e9formations-folaires-et-mosa\u00efques-10-scaled.jpg\",\"title\":\"Sympt&ocirc;mes de maladie du Pinot gris (GLMD) d&eacute;formations folaires et mosa&iuml;ques (10)\",\"link\":\"https:\\\/\\\/www.vignevin.com\\\/wp-content\\\/uploads\\\/2019\\\/03\\\/Sympt\u00f4mes-de-maladie-du-Pinot-gris-GLMD-d\u00e9formations-folaires-et-mosa\u00efques-10.jpg\",\"alt\":\"\",\"caption\":false,\"thumb\":{\"errors\":{\"envira-gallery-error-no-file\":[\"No file could be found for the image URL specified.\"]},\"error_data\":[]},\"meta\":{\"aperture\":\"3.5\",\"credit\":null,\"camera\":\"DSC-HX9V\",\"caption\":\"\",\"created_timestamp\":\"1497368376\",\"copyright\":null,\"focal_length\":\"4.31\",\"iso\":\"100\",\"shutter_speed\":\"0.008\",\"title\":\"\",\"orientation\":null,\"keywords\":null},\"thumbnail\":\"https:\\\/\\\/www.vignevin.com\\\/wp-content\\\/uploads\\\/2019\\\/03\\\/Sympt\u00f4mes-de-maladie-du-Pinot-gris-GLMD-d\u00e9formations-folaires-et-mosa\u00efques-10-150x150.jpg\",\"medium\":\"https:\\\/\\\/www.vignevin.com\\\/wp-content\\\/uploads\\\/2019\\\/03\\\/Sympt\u00f4mes-de-maladie-du-Pinot-gris-GLMD-d\u00e9formations-folaires-et-mosa\u00efques-10-300x277.jpg\",\"medium_large\":\"https:\\\/\\\/www.vignevin.com\\\/wp-content\\\/uploads\\\/2019\\\/03\\\/Sympt\u00f4mes-de-maladie-du-Pinot-gris-GLMD-d\u00e9formations-folaires-et-mosa\u00efques-10-768x709.jpg\",\"large\":\"https:\\\/\\\/www.vignevin.com\\\/wp-content\\\/uploads\\\/2019\\\/03\\\/Sympt\u00f4mes-de-maladie-du-Pinot-gris-GLMD-d\u00e9formations-folaires-et-mosa\u00efques-10-1024x946.jpg\",\"1536x1536\":\"https:\\\/\\\/www.vignevin.com\\\/wp-content\\\/uploads\\\/2019\\\/03\\\/Sympt\u00f4mes-de-maladie-du-Pinot-gris-GLMD-d\u00e9formations-folaires-et-mosa\u00efques-10-scaled.jpg\",\"2048x2048\":\"https:\\\/\\\/www.vignevin.com\\\/wp-content\\\/uploads\\\/2019\\\/03\\\/Sympt\u00f4mes-de-maladie-du-Pinot-gris-GLMD-d\u00e9formations-folaires-et-mosa\u00efques-10-scaled.jpg\",\"et-pb-post-main-image\":\"https:\\\/\\\/www.vignevin.com\\\/wp-content\\\/uploads\\\/2019\\\/03\\\/Sympt\u00f4mes-de-maladie-du-Pinot-gris-GLMD-d\u00e9formations-folaires-et-mosa\u00efques-10-400x250.jpg\",\"et-pb-post-main-image-fullwidth\":\"https:\\\/\\\/www.vignevin.com\\\/wp-content\\\/uploads\\\/2019\\\/03\\\/Sympt\u00f4mes-de-maladie-du-Pinot-gris-GLMD-d\u00e9formations-folaires-et-mosa\u00efques-10-1080x675.jpg\",\"et-pb-portfolio-image\":\"https:\\\/\\\/www.vignevin.com\\\/wp-content\\\/uploads\\\/2019\\\/03\\\/Sympt\u00f4mes-de-maladie-du-Pinot-gris-GLMD-d\u00e9formations-folaires-et-mosa\u00efques-10-400x284.jpg\",\"et-pb-portfolio-module-image\":\"https:\\\/\\\/www.vignevin.com\\\/wp-content\\\/uploads\\\/2019\\\/03\\\/Sympt\u00f4mes-de-maladie-du-Pinot-gris-GLMD-d\u00e9formations-folaires-et-mosa\u00efques-10-510x382.jpg\",\"et-pb-portfolio-image-single\":\"https:\\\/\\\/www.vignevin.com\\\/wp-content\\\/uploads\\\/2019\\\/03\\\/Sympt\u00f4mes-de-maladie-du-Pinot-gris-GLMD-d\u00e9formations-folaires-et-mosa\u00efques-10-1080x997.jpg\",\"et-pb-gallery-module-image-portrait\":\"https:\\\/\\\/www.vignevin.com\\\/wp-content\\\/uploads\\\/2019\\\/03\\\/Sympt\u00f4mes-de-maladie-du-Pinot-gris-GLMD-d\u00e9formations-folaires-et-mosa\u00efques-10-400x516.jpg\",\"et-pb-post-main-image-fullwidth-large\":\"https:\\\/\\\/www.vignevin.com\\\/wp-content\\\/uploads\\\/2019\\\/03\\\/Sympt\u00f4mes-de-maladie-du-Pinot-gris-GLMD-d\u00e9formations-folaires-et-mosa\u00efques-10-2880x1800.jpg\",\"et-pb-image--responsive--desktop\":\"https:\\\/\\\/www.vignevin.com\\\/wp-content\\\/uploads\\\/2019\\\/03\\\/Sympt\u00f4mes-de-maladie-du-Pinot-gris-GLMD-d\u00e9formations-folaires-et-mosa\u00efques-10-scaled.jpg\",\"et-pb-image--responsive--tablet\":\"https:\\\/\\\/www.vignevin.com\\\/wp-content\\\/uploads\\\/2019\\\/03\\\/Sympt\u00f4mes-de-maladie-du-Pinot-gris-GLMD-d\u00e9formations-folaires-et-mosa\u00efques-10-scaled.jpg\",\"et-pb-image--responsive--phone\":\"https:\\\/\\\/www.vignevin.com\\\/wp-content\\\/uploads\\\/2019\\\/03\\\/Sympt\u00f4mes-de-maladie-du-Pinot-gris-GLMD-d\u00e9formations-folaires-et-mosa\u00efques-10-scaled.jpg\",\"gform-image-choice-sm\":\"https:\\\/\\\/www.vignevin.com\\\/wp-content\\\/uploads\\\/2019\\\/03\\\/Sympt\u00f4mes-de-maladie-du-Pinot-gris-GLMD-d\u00e9formations-folaires-et-mosa\u00efques-10-scaled.jpg\",\"gform-image-choice-md\":\"https:\\\/\\\/www.vignevin.com\\\/wp-content\\\/uploads\\\/2019\\\/03\\\/Sympt\u00f4mes-de-maladie-du-Pinot-gris-GLMD-d\u00e9formations-folaires-et-mosa\u00efques-10-scaled.jpg\",\"gform-image-choice-lg\":\"https:\\\/\\\/www.vignevin.com\\\/wp-content\\\/uploads\\\/2019\\\/03\\\/Sympt\u00f4mes-de-maladie-du-Pinot-gris-GLMD-d\u00e9formations-folaires-et-mosa\u00efques-10-scaled.jpg\",\"woocommerce_thumbnail\":\"https:\\\/\\\/www.vignevin.com\\\/wp-content\\\/uploads\\\/2019\\\/03\\\/Sympt\u00f4mes-de-maladie-du-Pinot-gris-GLMD-d\u00e9formations-folaires-et-mosa\u00efques-10-scaled-300x300.jpg\",\"woocommerce_single\":\"https:\\\/\\\/www.vignevin.com\\\/wp-content\\\/uploads\\\/2019\\\/03\\\/Sympt\u00f4mes-de-maladie-du-Pinot-gris-GLMD-d\u00e9formations-folaires-et-mosa\u00efques-10-scaled-600x554.jpg\",\"woocommerce_gallery_thumbnail\":\"https:\\\/\\\/www.vignevin.com\\\/wp-content\\\/uploads\\\/2019\\\/03\\\/Sympt\u00f4mes-de-maladie-du-Pinot-gris-GLMD-d\u00e9formations-folaires-et-mosa\u00efques-10-scaled-100x100.jpg\",\"full\":\"https:\\\/\\\/www.vignevin.com\\\/wp-content\\\/uploads\\\/2019\\\/03\\\/Sympt\u00f4mes-de-maladie-du-Pinot-gris-GLMD-d\u00e9formations-folaires-et-mosa\u00efques-10-scaled.jpg\",\"index\":39,\"id\":9905,\"video\":false,\"opts\":{\"caption\":\"\",\"thumb\":{\"errors\":{\"envira-gallery-error-no-file\":[\"No file could be found for the image URL specified.\"]},\"error_data\":[]},\"title\":\"Sympt&ocirc;mes de maladie du Pinot gris (GLMD) d&eacute;formations folaires et mosa&iuml;ques (10)\"},\"gallery_id\":\"17413\"},\"9906\":{\"status\":\"active\",\"src\":\"https:\\\/\\\/www.vignevin.com\\\/wp-content\\\/uploads\\\/2019\\\/03\\\/Sympt\u00f4mes-de-maladie-du-Pinot-gris-GLMD-d\u00e9formations-folaires-et-mosa\u00efques-sur-Pinot-noir-scaled.jpg\",\"title\":\"Sympt&ocirc;mes de maladie du Pinot gris (GLMD) d&eacute;formations folaires et mosa&iuml;ques sur Pinot noir\",\"link\":\"https:\\\/\\\/www.vignevin.com\\\/wp-content\\\/uploads\\\/2019\\\/03\\\/Sympt\u00f4mes-de-maladie-du-Pinot-gris-GLMD-d\u00e9formations-folaires-et-mosa\u00efques-sur-Pinot-noir.jpg\",\"alt\":\"\",\"caption\":false,\"thumb\":{\"errors\":{\"envira-gallery-error-no-file\":[\"No file could be found for the image URL specified.\"]},\"error_data\":[]},\"meta\":{\"aperture\":\"4\",\"credit\":null,\"camera\":\"DMC-TZ10\",\"caption\":\"\",\"created_timestamp\":\"1463586075\",\"copyright\":null,\"focal_length\":\"4.1\",\"iso\":\"80\",\"shutter_speed\":\"0.00625\",\"title\":\"\",\"orientation\":\"1\",\"keywords\":null},\"thumbnail\":\"https:\\\/\\\/www.vignevin.com\\\/wp-content\\\/uploads\\\/2019\\\/03\\\/Sympt\u00f4mes-de-maladie-du-Pinot-gris-GLMD-d\u00e9formations-folaires-et-mosa\u00efques-sur-Pinot-noir-150x150.jpg\",\"medium\":\"https:\\\/\\\/www.vignevin.com\\\/wp-content\\\/uploads\\\/2019\\\/03\\\/Sympt\u00f4mes-de-maladie-du-Pinot-gris-GLMD-d\u00e9formations-folaires-et-mosa\u00efques-sur-Pinot-noir-300x225.jpg\",\"medium_large\":\"https:\\\/\\\/www.vignevin.com\\\/wp-content\\\/uploads\\\/2019\\\/03\\\/Sympt\u00f4mes-de-maladie-du-Pinot-gris-GLMD-d\u00e9formations-folaires-et-mosa\u00efques-sur-Pinot-noir-768x576.jpg\",\"large\":\"https:\\\/\\\/www.vignevin.com\\\/wp-content\\\/uploads\\\/2019\\\/03\\\/Sympt\u00f4mes-de-maladie-du-Pinot-gris-GLMD-d\u00e9formations-folaires-et-mosa\u00efques-sur-Pinot-noir-1024x768.jpg\",\"1536x1536\":\"https:\\\/\\\/www.vignevin.com\\\/wp-content\\\/uploads\\\/2019\\\/03\\\/Sympt\u00f4mes-de-maladie-du-Pinot-gris-GLMD-d\u00e9formations-folaires-et-mosa\u00efques-sur-Pinot-noir-scaled.jpg\",\"2048x2048\":\"https:\\\/\\\/www.vignevin.com\\\/wp-content\\\/uploads\\\/2019\\\/03\\\/Sympt\u00f4mes-de-maladie-du-Pinot-gris-GLMD-d\u00e9formations-folaires-et-mosa\u00efques-sur-Pinot-noir-scaled.jpg\",\"et-pb-post-main-image\":\"https:\\\/\\\/www.vignevin.com\\\/wp-content\\\/uploads\\\/2019\\\/03\\\/Sympt\u00f4mes-de-maladie-du-Pinot-gris-GLMD-d\u00e9formations-folaires-et-mosa\u00efques-sur-Pinot-noir-400x250.jpg\",\"et-pb-post-main-image-fullwidth\":\"https:\\\/\\\/www.vignevin.com\\\/wp-content\\\/uploads\\\/2019\\\/03\\\/Sympt\u00f4mes-de-maladie-du-Pinot-gris-GLMD-d\u00e9formations-folaires-et-mosa\u00efques-sur-Pinot-noir-1080x675.jpg\",\"et-pb-portfolio-image\":\"https:\\\/\\\/www.vignevin.com\\\/wp-content\\\/uploads\\\/2019\\\/03\\\/Sympt\u00f4mes-de-maladie-du-Pinot-gris-GLMD-d\u00e9formations-folaires-et-mosa\u00efques-sur-Pinot-noir-400x284.jpg\",\"et-pb-portfolio-module-image\":\"https:\\\/\\\/www.vignevin.com\\\/wp-content\\\/uploads\\\/2019\\\/03\\\/Sympt\u00f4mes-de-maladie-du-Pinot-gris-GLMD-d\u00e9formations-folaires-et-mosa\u00efques-sur-Pinot-noir-510x382.jpg\",\"et-pb-portfolio-image-single\":\"https:\\\/\\\/www.vignevin.com\\\/wp-content\\\/uploads\\\/2019\\\/03\\\/Sympt\u00f4mes-de-maladie-du-Pinot-gris-GLMD-d\u00e9formations-folaires-et-mosa\u00efques-sur-Pinot-noir-1080x810.jpg\",\"et-pb-gallery-module-image-portrait\":\"https:\\\/\\\/www.vignevin.com\\\/wp-content\\\/uploads\\\/2019\\\/03\\\/Sympt\u00f4mes-de-maladie-du-Pinot-gris-GLMD-d\u00e9formations-folaires-et-mosa\u00efques-sur-Pinot-noir-400x516.jpg\",\"et-pb-post-main-image-fullwidth-large\":\"https:\\\/\\\/www.vignevin.com\\\/wp-content\\\/uploads\\\/2019\\\/03\\\/Sympt\u00f4mes-de-maladie-du-Pinot-gris-GLMD-d\u00e9formations-folaires-et-mosa\u00efques-sur-Pinot-noir-2880x1800.jpg\",\"et-pb-image--responsive--desktop\":\"https:\\\/\\\/www.vignevin.com\\\/wp-content\\\/uploads\\\/2019\\\/03\\\/Sympt\u00f4mes-de-maladie-du-Pinot-gris-GLMD-d\u00e9formations-folaires-et-mosa\u00efques-sur-Pinot-noir-scaled.jpg\",\"et-pb-image--responsive--tablet\":\"https:\\\/\\\/www.vignevin.com\\\/wp-content\\\/uploads\\\/2019\\\/03\\\/Sympt\u00f4mes-de-maladie-du-Pinot-gris-GLMD-d\u00e9formations-folaires-et-mosa\u00efques-sur-Pinot-noir-scaled.jpg\",\"et-pb-image--responsive--phone\":\"https:\\\/\\\/www.vignevin.com\\\/wp-content\\\/uploads\\\/2019\\\/03\\\/Sympt\u00f4mes-de-maladie-du-Pinot-gris-GLMD-d\u00e9formations-folaires-et-mosa\u00efques-sur-Pinot-noir-scaled.jpg\",\"gform-image-choice-sm\":\"https:\\\/\\\/www.vignevin.com\\\/wp-content\\\/uploads\\\/2019\\\/03\\\/Sympt\u00f4mes-de-maladie-du-Pinot-gris-GLMD-d\u00e9formations-folaires-et-mosa\u00efques-sur-Pinot-noir-scaled.jpg\",\"gform-image-choice-md\":\"https:\\\/\\\/www.vignevin.com\\\/wp-content\\\/uploads\\\/2019\\\/03\\\/Sympt\u00f4mes-de-maladie-du-Pinot-gris-GLMD-d\u00e9formations-folaires-et-mosa\u00efques-sur-Pinot-noir-scaled.jpg\",\"gform-image-choice-lg\":\"https:\\\/\\\/www.vignevin.com\\\/wp-content\\\/uploads\\\/2019\\\/03\\\/Sympt\u00f4mes-de-maladie-du-Pinot-gris-GLMD-d\u00e9formations-folaires-et-mosa\u00efques-sur-Pinot-noir-scaled.jpg\",\"woocommerce_thumbnail\":\"https:\\\/\\\/www.vignevin.com\\\/wp-content\\\/uploads\\\/2019\\\/03\\\/Sympt\u00f4mes-de-maladie-du-Pinot-gris-GLMD-d\u00e9formations-folaires-et-mosa\u00efques-sur-Pinot-noir-scaled-300x300.jpg\",\"woocommerce_single\":\"https:\\\/\\\/www.vignevin.com\\\/wp-content\\\/uploads\\\/2019\\\/03\\\/Sympt\u00f4mes-de-maladie-du-Pinot-gris-GLMD-d\u00e9formations-folaires-et-mosa\u00efques-sur-Pinot-noir-scaled-600x450.jpg\",\"woocommerce_gallery_thumbnail\":\"https:\\\/\\\/www.vignevin.com\\\/wp-content\\\/uploads\\\/2019\\\/03\\\/Sympt\u00f4mes-de-maladie-du-Pinot-gris-GLMD-d\u00e9formations-folaires-et-mosa\u00efques-sur-Pinot-noir-scaled-100x100.jpg\",\"full\":\"https:\\\/\\\/www.vignevin.com\\\/wp-content\\\/uploads\\\/2019\\\/03\\\/Sympt\u00f4mes-de-maladie-du-Pinot-gris-GLMD-d\u00e9formations-folaires-et-mosa\u00efques-sur-Pinot-noir-scaled.jpg\",\"index\":40,\"id\":9906,\"video\":false,\"opts\":{\"caption\":\"\",\"thumb\":{\"errors\":{\"envira-gallery-error-no-file\":[\"No file could be found for the image URL specified.\"]},\"error_data\":[]},\"title\":\"Sympt&ocirc;mes de maladie du Pinot gris (GLMD) d&eacute;formations folaires et mosa&iuml;ques sur Pinot noir\"},\"gallery_id\":\"17413\"},\"9907\":{\"status\":\"active\",\"src\":\"https:\\\/\\\/www.vignevin.com\\\/wp-content\\\/uploads\\\/2019\\\/03\\\/Sympt\u00f4mes-de-maladie-du-Pinot-gris-GLMD-d\u00e9formations-folaires-et-mosa\u00efques.jpg\",\"title\":\"Sympt&ocirc;mes de maladie du Pinot gris (GLMD) d&eacute;formations folaires et mosa&iuml;ques\",\"link\":\"https:\\\/\\\/www.vignevin.com\\\/wp-content\\\/uploads\\\/2019\\\/03\\\/Sympt\u00f4mes-de-maladie-du-Pinot-gris-GLMD-d\u00e9formations-folaires-et-mosa\u00efques.jpg\",\"alt\":\"\",\"caption\":false,\"thumb\":{\"errors\":{\"envira-gallery-error-no-file\":[\"No file could be found for the image URL specified.\"]},\"error_data\":[]},\"meta\":{\"aperture\":null,\"credit\":null,\"camera\":null,\"caption\":\"\",\"created_timestamp\":null,\"copyright\":null,\"focal_length\":null,\"iso\":null,\"shutter_speed\":null,\"title\":\"\",\"orientation\":null,\"keywords\":null},\"thumbnail\":\"https:\\\/\\\/www.vignevin.com\\\/wp-content\\\/uploads\\\/2019\\\/03\\\/Sympt\u00f4mes-de-maladie-du-Pinot-gris-GLMD-d\u00e9formations-folaires-et-mosa\u00efques-150x150.jpg\",\"medium\":\"https:\\\/\\\/www.vignevin.com\\\/wp-content\\\/uploads\\\/2019\\\/03\\\/Sympt\u00f4mes-de-maladie-du-Pinot-gris-GLMD-d\u00e9formations-folaires-et-mosa\u00efques-240x300.jpg\",\"medium_large\":\"https:\\\/\\\/www.vignevin.com\\\/wp-content\\\/uploads\\\/2019\\\/03\\\/Sympt\u00f4mes-de-maladie-du-Pinot-gris-GLMD-d\u00e9formations-folaires-et-mosa\u00efques-768x961.jpg\",\"large\":\"https:\\\/\\\/www.vignevin.com\\\/wp-content\\\/uploads\\\/2019\\\/03\\\/Sympt\u00f4mes-de-maladie-du-Pinot-gris-GLMD-d\u00e9formations-folaires-et-mosa\u00efques-818x1024.jpg\",\"1536x1536\":\"https:\\\/\\\/www.vignevin.com\\\/wp-content\\\/uploads\\\/2019\\\/03\\\/Sympt\u00f4mes-de-maladie-du-Pinot-gris-GLMD-d\u00e9formations-folaires-et-mosa\u00efques.jpg\",\"2048x2048\":\"https:\\\/\\\/www.vignevin.com\\\/wp-content\\\/uploads\\\/2019\\\/03\\\/Sympt\u00f4mes-de-maladie-du-Pinot-gris-GLMD-d\u00e9formations-folaires-et-mosa\u00efques.jpg\",\"et-pb-post-main-image\":\"https:\\\/\\\/www.vignevin.com\\\/wp-content\\\/uploads\\\/2019\\\/03\\\/Sympt\u00f4mes-de-maladie-du-Pinot-gris-GLMD-d\u00e9formations-folaires-et-mosa\u00efques-400x250.jpg\",\"et-pb-post-main-image-fullwidth\":\"https:\\\/\\\/www.vignevin.com\\\/wp-content\\\/uploads\\\/2019\\\/03\\\/Sympt\u00f4mes-de-maladie-du-Pinot-gris-GLMD-d\u00e9formations-folaires-et-mosa\u00efques-1080x675.jpg\",\"et-pb-portfolio-image\":\"https:\\\/\\\/www.vignevin.com\\\/wp-content\\\/uploads\\\/2019\\\/03\\\/Sympt\u00f4mes-de-maladie-du-Pinot-gris-GLMD-d\u00e9formations-folaires-et-mosa\u00efques-400x284.jpg\",\"et-pb-portfolio-module-image\":\"https:\\\/\\\/www.vignevin.com\\\/wp-content\\\/uploads\\\/2019\\\/03\\\/Sympt\u00f4mes-de-maladie-du-Pinot-gris-GLMD-d\u00e9formations-folaires-et-mosa\u00efques-510x382.jpg\",\"et-pb-portfolio-image-single\":\"https:\\\/\\\/www.vignevin.com\\\/wp-content\\\/uploads\\\/2019\\\/03\\\/Sympt\u00f4mes-de-maladie-du-Pinot-gris-GLMD-d\u00e9formations-folaires-et-mosa\u00efques-1080x1352.jpg\",\"et-pb-gallery-module-image-portrait\":\"https:\\\/\\\/www.vignevin.com\\\/wp-content\\\/uploads\\\/2019\\\/03\\\/Sympt\u00f4mes-de-maladie-du-Pinot-gris-GLMD-d\u00e9formations-folaires-et-mosa\u00efques-400x516.jpg\",\"et-pb-post-main-image-fullwidth-large\":\"https:\\\/\\\/www.vignevin.com\\\/wp-content\\\/uploads\\\/2019\\\/03\\\/Sympt\u00f4mes-de-maladie-du-Pinot-gris-GLMD-d\u00e9formations-folaires-et-mosa\u00efques.jpg\",\"et-pb-image--responsive--desktop\":\"https:\\\/\\\/www.vignevin.com\\\/wp-content\\\/uploads\\\/2019\\\/03\\\/Sympt\u00f4mes-de-maladie-du-Pinot-gris-GLMD-d\u00e9formations-folaires-et-mosa\u00efques.jpg\",\"et-pb-image--responsive--tablet\":\"https:\\\/\\\/www.vignevin.com\\\/wp-content\\\/uploads\\\/2019\\\/03\\\/Sympt\u00f4mes-de-maladie-du-Pinot-gris-GLMD-d\u00e9formations-folaires-et-mosa\u00efques.jpg\",\"et-pb-image--responsive--phone\":\"https:\\\/\\\/www.vignevin.com\\\/wp-content\\\/uploads\\\/2019\\\/03\\\/Sympt\u00f4mes-de-maladie-du-Pinot-gris-GLMD-d\u00e9formations-folaires-et-mosa\u00efques.jpg\",\"gform-image-choice-sm\":\"https:\\\/\\\/www.vignevin.com\\\/wp-content\\\/uploads\\\/2019\\\/03\\\/Sympt\u00f4mes-de-maladie-du-Pinot-gris-GLMD-d\u00e9formations-folaires-et-mosa\u00efques.jpg\",\"gform-image-choice-md\":\"https:\\\/\\\/www.vignevin.com\\\/wp-content\\\/uploads\\\/2019\\\/03\\\/Sympt\u00f4mes-de-maladie-du-Pinot-gris-GLMD-d\u00e9formations-folaires-et-mosa\u00efques.jpg\",\"gform-image-choice-lg\":\"https:\\\/\\\/www.vignevin.com\\\/wp-content\\\/uploads\\\/2019\\\/03\\\/Sympt\u00f4mes-de-maladie-du-Pinot-gris-GLMD-d\u00e9formations-folaires-et-mosa\u00efques.jpg\",\"woocommerce_thumbnail\":\"https:\\\/\\\/www.vignevin.com\\\/wp-content\\\/uploads\\\/2019\\\/03\\\/Sympt\u00f4mes-de-maladie-du-Pinot-gris-GLMD-d\u00e9formations-folaires-et-mosa\u00efques-300x300.jpg\",\"woocommerce_single\":\"https:\\\/\\\/www.vignevin.com\\\/wp-content\\\/uploads\\\/2019\\\/03\\\/Sympt\u00f4mes-de-maladie-du-Pinot-gris-GLMD-d\u00e9formations-folaires-et-mosa\u00efques-600x751.jpg\",\"woocommerce_gallery_thumbnail\":\"https:\\\/\\\/www.vignevin.com\\\/wp-content\\\/uploads\\\/2019\\\/03\\\/Sympt\u00f4mes-de-maladie-du-Pinot-gris-GLMD-d\u00e9formations-folaires-et-mosa\u00efques-100x100.jpg\",\"full\":\"https:\\\/\\\/www.vignevin.com\\\/wp-content\\\/uploads\\\/2019\\\/03\\\/Sympt\u00f4mes-de-maladie-du-Pinot-gris-GLMD-d\u00e9formations-folaires-et-mosa\u00efques.jpg\",\"index\":41,\"id\":9907,\"video\":false,\"opts\":{\"caption\":\"\",\"thumb\":{\"errors\":{\"envira-gallery-error-no-file\":[\"No file could be found for the image URL specified.\"]},\"error_data\":[]},\"title\":\"Sympt&ocirc;mes de maladie du Pinot gris (GLMD) d&eacute;formations folaires et mosa&iuml;ques\"},\"gallery_id\":\"17413\"},\"9908\":{\"status\":\"active\",\"src\":\"https:\\\/\\\/www.vignevin.com\\\/wp-content\\\/uploads\\\/2019\\\/03\\\/Sympt\u00f4mes-de-pourridi\u00e9-2.jpg\",\"title\":\"Sympt&ocirc;mes de pourridi&eacute; (2)\",\"link\":\"https:\\\/\\\/www.vignevin.com\\\/wp-content\\\/uploads\\\/2019\\\/03\\\/Sympt\u00f4mes-de-pourridi\u00e9-2.jpg\",\"alt\":\"\",\"caption\":false,\"thumb\":{\"errors\":{\"envira-gallery-error-no-file\":[\"No file could be found for the image URL specified.\"]},\"error_data\":[]},\"meta\":{\"aperture\":null,\"credit\":null,\"camera\":null,\"caption\":\"\",\"created_timestamp\":null,\"copyright\":null,\"focal_length\":null,\"iso\":null,\"shutter_speed\":null,\"title\":\"\",\"orientation\":null,\"keywords\":null},\"thumbnail\":\"https:\\\/\\\/www.vignevin.com\\\/wp-content\\\/uploads\\\/2019\\\/03\\\/Sympt\u00f4mes-de-pourridi\u00e9-2-150x150.jpg\",\"medium\":\"https:\\\/\\\/www.vignevin.com\\\/wp-content\\\/uploads\\\/2019\\\/03\\\/Sympt\u00f4mes-de-pourridi\u00e9-2-300x225.jpg\",\"medium_large\":\"https:\\\/\\\/www.vignevin.com\\\/wp-content\\\/uploads\\\/2019\\\/03\\\/Sympt\u00f4mes-de-pourridi\u00e9-2.jpg\",\"large\":\"https:\\\/\\\/www.vignevin.com\\\/wp-content\\\/uploads\\\/2019\\\/03\\\/Sympt\u00f4mes-de-pourridi\u00e9-2.jpg\",\"1536x1536\":\"https:\\\/\\\/www.vignevin.com\\\/wp-content\\\/uploads\\\/2019\\\/03\\\/Sympt\u00f4mes-de-pourridi\u00e9-2.jpg\",\"2048x2048\":\"https:\\\/\\\/www.vignevin.com\\\/wp-content\\\/uploads\\\/2019\\\/03\\\/Sympt\u00f4mes-de-pourridi\u00e9-2.jpg\",\"et-pb-post-main-image\":\"https:\\\/\\\/www.vignevin.com\\\/wp-content\\\/uploads\\\/2019\\\/03\\\/Sympt\u00f4mes-de-pourridi\u00e9-2-400x250.jpg\",\"et-pb-post-main-image-fullwidth\":\"https:\\\/\\\/www.vignevin.com\\\/wp-content\\\/uploads\\\/2019\\\/03\\\/Sympt\u00f4mes-de-pourridi\u00e9-2.jpg\",\"et-pb-portfolio-image\":\"https:\\\/\\\/www.vignevin.com\\\/wp-content\\\/uploads\\\/2019\\\/03\\\/Sympt\u00f4mes-de-pourridi\u00e9-2-400x284.jpg\",\"et-pb-portfolio-module-image\":\"https:\\\/\\\/www.vignevin.com\\\/wp-content\\\/uploads\\\/2019\\\/03\\\/Sympt\u00f4mes-de-pourridi\u00e9-2-510x382.jpg\",\"et-pb-portfolio-image-single\":\"https:\\\/\\\/www.vignevin.com\\\/wp-content\\\/uploads\\\/2019\\\/03\\\/Sympt\u00f4mes-de-pourridi\u00e9-2.jpg\",\"et-pb-gallery-module-image-portrait\":\"https:\\\/\\\/www.vignevin.com\\\/wp-content\\\/uploads\\\/2019\\\/03\\\/Sympt\u00f4mes-de-pourridi\u00e9-2-400x516.jpg\",\"et-pb-post-main-image-fullwidth-large\":\"https:\\\/\\\/www.vignevin.com\\\/wp-content\\\/uploads\\\/2019\\\/03\\\/Sympt\u00f4mes-de-pourridi\u00e9-2.jpg\",\"et-pb-image--responsive--desktop\":\"https:\\\/\\\/www.vignevin.com\\\/wp-content\\\/uploads\\\/2019\\\/03\\\/Sympt\u00f4mes-de-pourridi\u00e9-2.jpg\",\"et-pb-image--responsive--tablet\":\"https:\\\/\\\/www.vignevin.com\\\/wp-content\\\/uploads\\\/2019\\\/03\\\/Sympt\u00f4mes-de-pourridi\u00e9-2.jpg\",\"et-pb-image--responsive--phone\":\"https:\\\/\\\/www.vignevin.com\\\/wp-content\\\/uploads\\\/2019\\\/03\\\/Sympt\u00f4mes-de-pourridi\u00e9-2.jpg\",\"gform-image-choice-sm\":\"https:\\\/\\\/www.vignevin.com\\\/wp-content\\\/uploads\\\/2019\\\/03\\\/Sympt\u00f4mes-de-pourridi\u00e9-2.jpg\",\"gform-image-choice-md\":\"https:\\\/\\\/www.vignevin.com\\\/wp-content\\\/uploads\\\/2019\\\/03\\\/Sympt\u00f4mes-de-pourridi\u00e9-2.jpg\",\"gform-image-choice-lg\":\"https:\\\/\\\/www.vignevin.com\\\/wp-content\\\/uploads\\\/2019\\\/03\\\/Sympt\u00f4mes-de-pourridi\u00e9-2.jpg\",\"woocommerce_thumbnail\":\"https:\\\/\\\/www.vignevin.com\\\/wp-content\\\/uploads\\\/2019\\\/03\\\/Sympt\u00f4mes-de-pourridi\u00e9-2-300x300.jpg\",\"woocommerce_single\":\"https:\\\/\\\/www.vignevin.com\\\/wp-content\\\/uploads\\\/2019\\\/03\\\/Sympt\u00f4mes-de-pourridi\u00e9-2-600x450.jpg\",\"woocommerce_gallery_thumbnail\":\"https:\\\/\\\/www.vignevin.com\\\/wp-content\\\/uploads\\\/2019\\\/03\\\/Sympt\u00f4mes-de-pourridi\u00e9-2-100x100.jpg\",\"full\":\"https:\\\/\\\/www.vignevin.com\\\/wp-content\\\/uploads\\\/2019\\\/03\\\/Sympt\u00f4mes-de-pourridi\u00e9-2.jpg\",\"index\":42,\"id\":9908,\"video\":false,\"opts\":{\"caption\":\"\",\"thumb\":{\"errors\":{\"envira-gallery-error-no-file\":[\"No file could be found for the image URL specified.\"]},\"error_data\":[]},\"title\":\"Sympt&ocirc;mes de pourridi&eacute; (2)\"},\"gallery_id\":\"17413\"},\"9909\":{\"status\":\"active\",\"src\":\"https:\\\/\\\/www.vignevin.com\\\/wp-content\\\/uploads\\\/2019\\\/03\\\/Sympt\u00f4mes-de-pourridi\u00e9.jpg\",\"title\":\"Sympt&ocirc;mes de pourridi&eacute;\",\"link\":\"https:\\\/\\\/www.vignevin.com\\\/wp-content\\\/uploads\\\/2019\\\/03\\\/Sympt\u00f4mes-de-pourridi\u00e9.jpg\",\"alt\":\"\",\"caption\":false,\"thumb\":{\"errors\":{\"envira-gallery-error-no-file\":[\"No file could be found for the image URL specified.\"]},\"error_data\":[]},\"meta\":{\"aperture\":null,\"credit\":null,\"camera\":null,\"caption\":\"\",\"created_timestamp\":null,\"copyright\":null,\"focal_length\":null,\"iso\":null,\"shutter_speed\":null,\"title\":\"\",\"orientation\":null,\"keywords\":null},\"thumbnail\":\"https:\\\/\\\/www.vignevin.com\\\/wp-content\\\/uploads\\\/2019\\\/03\\\/Sympt\u00f4mes-de-pourridi\u00e9-150x150.jpg\",\"medium\":\"https:\\\/\\\/www.vignevin.com\\\/wp-content\\\/uploads\\\/2019\\\/03\\\/Sympt\u00f4mes-de-pourridi\u00e9-300x225.jpg\",\"medium_large\":\"https:\\\/\\\/www.vignevin.com\\\/wp-content\\\/uploads\\\/2019\\\/03\\\/Sympt\u00f4mes-de-pourridi\u00e9.jpg\",\"large\":\"https:\\\/\\\/www.vignevin.com\\\/wp-content\\\/uploads\\\/2019\\\/03\\\/Sympt\u00f4mes-de-pourridi\u00e9.jpg\",\"1536x1536\":\"https:\\\/\\\/www.vignevin.com\\\/wp-content\\\/uploads\\\/2019\\\/03\\\/Sympt\u00f4mes-de-pourridi\u00e9.jpg\",\"2048x2048\":\"https:\\\/\\\/www.vignevin.com\\\/wp-content\\\/uploads\\\/2019\\\/03\\\/Sympt\u00f4mes-de-pourridi\u00e9.jpg\",\"et-pb-post-main-image\":\"https:\\\/\\\/www.vignevin.com\\\/wp-content\\\/uploads\\\/2019\\\/03\\\/Sympt\u00f4mes-de-pourridi\u00e9-400x250.jpg\",\"et-pb-post-main-image-fullwidth\":\"https:\\\/\\\/www.vignevin.com\\\/wp-content\\\/uploads\\\/2019\\\/03\\\/Sympt\u00f4mes-de-pourridi\u00e9.jpg\",\"et-pb-portfolio-image\":\"https:\\\/\\\/www.vignevin.com\\\/wp-content\\\/uploads\\\/2019\\\/03\\\/Sympt\u00f4mes-de-pourridi\u00e9-400x284.jpg\",\"et-pb-portfolio-module-image\":\"https:\\\/\\\/www.vignevin.com\\\/wp-content\\\/uploads\\\/2019\\\/03\\\/Sympt\u00f4mes-de-pourridi\u00e9-510x382.jpg\",\"et-pb-portfolio-image-single\":\"https:\\\/\\\/www.vignevin.com\\\/wp-content\\\/uploads\\\/2019\\\/03\\\/Sympt\u00f4mes-de-pourridi\u00e9.jpg\",\"et-pb-gallery-module-image-portrait\":\"https:\\\/\\\/www.vignevin.com\\\/wp-content\\\/uploads\\\/2019\\\/03\\\/Sympt\u00f4mes-de-pourridi\u00e9-400x516.jpg\",\"et-pb-post-main-image-fullwidth-large\":\"https:\\\/\\\/www.vignevin.com\\\/wp-content\\\/uploads\\\/2019\\\/03\\\/Sympt\u00f4mes-de-pourridi\u00e9.jpg\",\"et-pb-image--responsive--desktop\":\"https:\\\/\\\/www.vignevin.com\\\/wp-content\\\/uploads\\\/2019\\\/03\\\/Sympt\u00f4mes-de-pourridi\u00e9.jpg\",\"et-pb-image--responsive--tablet\":\"https:\\\/\\\/www.vignevin.com\\\/wp-content\\\/uploads\\\/2019\\\/03\\\/Sympt\u00f4mes-de-pourridi\u00e9.jpg\",\"et-pb-image--responsive--phone\":\"https:\\\/\\\/www.vignevin.com\\\/wp-content\\\/uploads\\\/2019\\\/03\\\/Sympt\u00f4mes-de-pourridi\u00e9.jpg\",\"gform-image-choice-sm\":\"https:\\\/\\\/www.vignevin.com\\\/wp-content\\\/uploads\\\/2019\\\/03\\\/Sympt\u00f4mes-de-pourridi\u00e9.jpg\",\"gform-image-choice-md\":\"https:\\\/\\\/www.vignevin.com\\\/wp-content\\\/uploads\\\/2019\\\/03\\\/Sympt\u00f4mes-de-pourridi\u00e9.jpg\",\"gform-image-choice-lg\":\"https:\\\/\\\/www.vignevin.com\\\/wp-content\\\/uploads\\\/2019\\\/03\\\/Sympt\u00f4mes-de-pourridi\u00e9.jpg\",\"woocommerce_thumbnail\":\"https:\\\/\\\/www.vignevin.com\\\/wp-content\\\/uploads\\\/2019\\\/03\\\/Sympt\u00f4mes-de-pourridi\u00e9-300x300.jpg\",\"woocommerce_single\":\"https:\\\/\\\/www.vignevin.com\\\/wp-content\\\/uploads\\\/2019\\\/03\\\/Sympt\u00f4mes-de-pourridi\u00e9-600x450.jpg\",\"woocommerce_gallery_thumbnail\":\"https:\\\/\\\/www.vignevin.com\\\/wp-content\\\/uploads\\\/2019\\\/03\\\/Sympt\u00f4mes-de-pourridi\u00e9-100x100.jpg\",\"full\":\"https:\\\/\\\/www.vignevin.com\\\/wp-content\\\/uploads\\\/2019\\\/03\\\/Sympt\u00f4mes-de-pourridi\u00e9.jpg\",\"index\":43,\"id\":9909,\"video\":false,\"opts\":{\"caption\":\"\",\"thumb\":{\"errors\":{\"envira-gallery-error-no-file\":[\"No file could be found for the image URL specified.\"]},\"error_data\":[]},\"title\":\"Sympt&ocirc;mes de pourridi&eacute;\"},\"gallery_id\":\"17413\"},\"9910\":{\"status\":\"active\",\"src\":\"https:\\\/\\\/www.vignevin.com\\\/wp-content\\\/uploads\\\/2019\\\/03\\\/Sympt\u00f4mes-de-Red-Blotch-sur-Cabernet-franc-2.jpg\",\"title\":\"Sympt&ocirc;mes de Red Blotch sur Cabernet franc (2)\",\"link\":\"https:\\\/\\\/www.vignevin.com\\\/wp-content\\\/uploads\\\/2019\\\/03\\\/Sympt\u00f4mes-de-Red-Blotch-sur-Cabernet-franc-2.jpg\",\"alt\":\"\",\"caption\":false,\"thumb\":{\"errors\":{\"envira-gallery-error-no-file\":[\"No file could be found for the image URL specified.\"]},\"error_data\":[]},\"meta\":{\"aperture\":null,\"credit\":null,\"camera\":null,\"caption\":\"\",\"created_timestamp\":null,\"copyright\":null,\"focal_length\":null,\"iso\":null,\"shutter_speed\":null,\"title\":\"\",\"orientation\":null,\"keywords\":null},\"thumbnail\":\"https:\\\/\\\/www.vignevin.com\\\/wp-content\\\/uploads\\\/2019\\\/03\\\/Sympt\u00f4mes-de-Red-Blotch-sur-Cabernet-franc-2-150x150.jpg\",\"medium\":\"https:\\\/\\\/www.vignevin.com\\\/wp-content\\\/uploads\\\/2019\\\/03\\\/Sympt\u00f4mes-de-Red-Blotch-sur-Cabernet-franc-2-288x300.jpg\",\"medium_large\":\"https:\\\/\\\/www.vignevin.com\\\/wp-content\\\/uploads\\\/2019\\\/03\\\/Sympt\u00f4mes-de-Red-Blotch-sur-Cabernet-franc-2.jpg\",\"large\":\"https:\\\/\\\/www.vignevin.com\\\/wp-content\\\/uploads\\\/2019\\\/03\\\/Sympt\u00f4mes-de-Red-Blotch-sur-Cabernet-franc-2.jpg\",\"1536x1536\":\"https:\\\/\\\/www.vignevin.com\\\/wp-content\\\/uploads\\\/2019\\\/03\\\/Sympt\u00f4mes-de-Red-Blotch-sur-Cabernet-franc-2.jpg\",\"2048x2048\":\"https:\\\/\\\/www.vignevin.com\\\/wp-content\\\/uploads\\\/2019\\\/03\\\/Sympt\u00f4mes-de-Red-Blotch-sur-Cabernet-franc-2.jpg\",\"et-pb-post-main-image\":\"https:\\\/\\\/www.vignevin.com\\\/wp-content\\\/uploads\\\/2019\\\/03\\\/Sympt\u00f4mes-de-Red-Blotch-sur-Cabernet-franc-2-319x250.jpg\",\"et-pb-post-main-image-fullwidth\":\"https:\\\/\\\/www.vignevin.com\\\/wp-content\\\/uploads\\\/2019\\\/03\\\/Sympt\u00f4mes-de-Red-Blotch-sur-Cabernet-franc-2.jpg\",\"et-pb-portfolio-image\":\"https:\\\/\\\/www.vignevin.com\\\/wp-content\\\/uploads\\\/2019\\\/03\\\/Sympt\u00f4mes-de-Red-Blotch-sur-Cabernet-franc-2-319x284.jpg\",\"et-pb-portfolio-module-image\":\"https:\\\/\\\/www.vignevin.com\\\/wp-content\\\/uploads\\\/2019\\\/03\\\/Sympt\u00f4mes-de-Red-Blotch-sur-Cabernet-franc-2.jpg\",\"et-pb-portfolio-image-single\":\"https:\\\/\\\/www.vignevin.com\\\/wp-content\\\/uploads\\\/2019\\\/03\\\/Sympt\u00f4mes-de-Red-Blotch-sur-Cabernet-franc-2.jpg\",\"et-pb-gallery-module-image-portrait\":\"https:\\\/\\\/www.vignevin.com\\\/wp-content\\\/uploads\\\/2019\\\/03\\\/Sympt\u00f4mes-de-Red-Blotch-sur-Cabernet-franc-2.jpg\",\"et-pb-post-main-image-fullwidth-large\":\"https:\\\/\\\/www.vignevin.com\\\/wp-content\\\/uploads\\\/2019\\\/03\\\/Sympt\u00f4mes-de-Red-Blotch-sur-Cabernet-franc-2.jpg\",\"et-pb-image--responsive--desktop\":\"https:\\\/\\\/www.vignevin.com\\\/wp-content\\\/uploads\\\/2019\\\/03\\\/Sympt\u00f4mes-de-Red-Blotch-sur-Cabernet-franc-2.jpg\",\"et-pb-image--responsive--tablet\":\"https:\\\/\\\/www.vignevin.com\\\/wp-content\\\/uploads\\\/2019\\\/03\\\/Sympt\u00f4mes-de-Red-Blotch-sur-Cabernet-franc-2.jpg\",\"et-pb-image--responsive--phone\":\"https:\\\/\\\/www.vignevin.com\\\/wp-content\\\/uploads\\\/2019\\\/03\\\/Sympt\u00f4mes-de-Red-Blotch-sur-Cabernet-franc-2.jpg\",\"gform-image-choice-sm\":\"https:\\\/\\\/www.vignevin.com\\\/wp-content\\\/uploads\\\/2019\\\/03\\\/Sympt\u00f4mes-de-Red-Blotch-sur-Cabernet-franc-2.jpg\",\"gform-image-choice-md\":\"https:\\\/\\\/www.vignevin.com\\\/wp-content\\\/uploads\\\/2019\\\/03\\\/Sympt\u00f4mes-de-Red-Blotch-sur-Cabernet-franc-2.jpg\",\"gform-image-choice-lg\":\"https:\\\/\\\/www.vignevin.com\\\/wp-content\\\/uploads\\\/2019\\\/03\\\/Sympt\u00f4mes-de-Red-Blotch-sur-Cabernet-franc-2.jpg\",\"woocommerce_thumbnail\":\"https:\\\/\\\/www.vignevin.com\\\/wp-content\\\/uploads\\\/2019\\\/03\\\/Sympt\u00f4mes-de-Red-Blotch-sur-Cabernet-franc-2-300x300.jpg\",\"woocommerce_single\":\"https:\\\/\\\/www.vignevin.com\\\/wp-content\\\/uploads\\\/2019\\\/03\\\/Sympt\u00f4mes-de-Red-Blotch-sur-Cabernet-franc-2.jpg\",\"woocommerce_gallery_thumbnail\":\"https:\\\/\\\/www.vignevin.com\\\/wp-content\\\/uploads\\\/2019\\\/03\\\/Sympt\u00f4mes-de-Red-Blotch-sur-Cabernet-franc-2-100x100.jpg\",\"full\":\"https:\\\/\\\/www.vignevin.com\\\/wp-content\\\/uploads\\\/2019\\\/03\\\/Sympt\u00f4mes-de-Red-Blotch-sur-Cabernet-franc-2.jpg\",\"index\":44,\"id\":9910,\"video\":false,\"opts\":{\"caption\":\"\",\"thumb\":{\"errors\":{\"envira-gallery-error-no-file\":[\"No file could be found for the image URL specified.\"]},\"error_data\":[]},\"title\":\"Sympt&ocirc;mes de Red Blotch sur Cabernet franc (2)\"},\"gallery_id\":\"17413\"},\"9911\":{\"status\":\"active\",\"src\":\"https:\\\/\\\/www.vignevin.com\\\/wp-content\\\/uploads\\\/2019\\\/03\\\/Sympt\u00f4mes-de-Red-Blotch-sur-Cabernet-franc.jpg\",\"title\":\"Sympt&ocirc;mes de Red Blotch sur Cabernet franc\",\"link\":\"https:\\\/\\\/www.vignevin.com\\\/wp-content\\\/uploads\\\/2019\\\/03\\\/Sympt\u00f4mes-de-Red-Blotch-sur-Cabernet-franc.jpg\",\"alt\":\"\",\"caption\":false,\"thumb\":{\"errors\":{\"envira-gallery-error-no-file\":[\"No file could be found for the image URL specified.\"]},\"error_data\":[]},\"meta\":{\"aperture\":null,\"credit\":null,\"camera\":null,\"caption\":\"\",\"created_timestamp\":null,\"copyright\":null,\"focal_length\":null,\"iso\":null,\"shutter_speed\":null,\"title\":\"\",\"orientation\":null,\"keywords\":null},\"thumbnail\":\"https:\\\/\\\/www.vignevin.com\\\/wp-content\\\/uploads\\\/2019\\\/03\\\/Sympt\u00f4mes-de-Red-Blotch-sur-Cabernet-franc-150x150.jpg\",\"medium\":\"https:\\\/\\\/www.vignevin.com\\\/wp-content\\\/uploads\\\/2019\\\/03\\\/Sympt\u00f4mes-de-Red-Blotch-sur-Cabernet-franc-300x226.jpg\",\"medium_large\":\"https:\\\/\\\/www.vignevin.com\\\/wp-content\\\/uploads\\\/2019\\\/03\\\/Sympt\u00f4mes-de-Red-Blotch-sur-Cabernet-franc.jpg\",\"large\":\"https:\\\/\\\/www.vignevin.com\\\/wp-content\\\/uploads\\\/2019\\\/03\\\/Sympt\u00f4mes-de-Red-Blotch-sur-Cabernet-franc.jpg\",\"1536x1536\":\"https:\\\/\\\/www.vignevin.com\\\/wp-content\\\/uploads\\\/2019\\\/03\\\/Sympt\u00f4mes-de-Red-Blotch-sur-Cabernet-franc.jpg\",\"2048x2048\":\"https:\\\/\\\/www.vignevin.com\\\/wp-content\\\/uploads\\\/2019\\\/03\\\/Sympt\u00f4mes-de-Red-Blotch-sur-Cabernet-franc.jpg\",\"et-pb-post-main-image\":\"https:\\\/\\\/www.vignevin.com\\\/wp-content\\\/uploads\\\/2019\\\/03\\\/Sympt\u00f4mes-de-Red-Blotch-sur-Cabernet-franc-400x250.jpg\",\"et-pb-post-main-image-fullwidth\":\"https:\\\/\\\/www.vignevin.com\\\/wp-content\\\/uploads\\\/2019\\\/03\\\/Sympt\u00f4mes-de-Red-Blotch-sur-Cabernet-franc.jpg\",\"et-pb-portfolio-image\":\"https:\\\/\\\/www.vignevin.com\\\/wp-content\\\/uploads\\\/2019\\\/03\\\/Sympt\u00f4mes-de-Red-Blotch-sur-Cabernet-franc-400x284.jpg\",\"et-pb-portfolio-module-image\":\"https:\\\/\\\/www.vignevin.com\\\/wp-content\\\/uploads\\\/2019\\\/03\\\/Sympt\u00f4mes-de-Red-Blotch-sur-Cabernet-franc.jpg\",\"et-pb-portfolio-image-single\":\"https:\\\/\\\/www.vignevin.com\\\/wp-content\\\/uploads\\\/2019\\\/03\\\/Sympt\u00f4mes-de-Red-Blotch-sur-Cabernet-franc.jpg\",\"et-pb-gallery-module-image-portrait\":\"https:\\\/\\\/www.vignevin.com\\\/wp-content\\\/uploads\\\/2019\\\/03\\\/Sympt\u00f4mes-de-Red-Blotch-sur-Cabernet-franc-400x345.jpg\",\"et-pb-post-main-image-fullwidth-large\":\"https:\\\/\\\/www.vignevin.com\\\/wp-content\\\/uploads\\\/2019\\\/03\\\/Sympt\u00f4mes-de-Red-Blotch-sur-Cabernet-franc.jpg\",\"et-pb-image--responsive--desktop\":\"https:\\\/\\\/www.vignevin.com\\\/wp-content\\\/uploads\\\/2019\\\/03\\\/Sympt\u00f4mes-de-Red-Blotch-sur-Cabernet-franc.jpg\",\"et-pb-image--responsive--tablet\":\"https:\\\/\\\/www.vignevin.com\\\/wp-content\\\/uploads\\\/2019\\\/03\\\/Sympt\u00f4mes-de-Red-Blotch-sur-Cabernet-franc.jpg\",\"et-pb-image--responsive--phone\":\"https:\\\/\\\/www.vignevin.com\\\/wp-content\\\/uploads\\\/2019\\\/03\\\/Sympt\u00f4mes-de-Red-Blotch-sur-Cabernet-franc.jpg\",\"gform-image-choice-sm\":\"https:\\\/\\\/www.vignevin.com\\\/wp-content\\\/uploads\\\/2019\\\/03\\\/Sympt\u00f4mes-de-Red-Blotch-sur-Cabernet-franc.jpg\",\"gform-image-choice-md\":\"https:\\\/\\\/www.vignevin.com\\\/wp-content\\\/uploads\\\/2019\\\/03\\\/Sympt\u00f4mes-de-Red-Blotch-sur-Cabernet-franc.jpg\",\"gform-image-choice-lg\":\"https:\\\/\\\/www.vignevin.com\\\/wp-content\\\/uploads\\\/2019\\\/03\\\/Sympt\u00f4mes-de-Red-Blotch-sur-Cabernet-franc.jpg\",\"woocommerce_thumbnail\":\"https:\\\/\\\/www.vignevin.com\\\/wp-content\\\/uploads\\\/2019\\\/03\\\/Sympt\u00f4mes-de-Red-Blotch-sur-Cabernet-franc-300x300.jpg\",\"woocommerce_single\":\"https:\\\/\\\/www.vignevin.com\\\/wp-content\\\/uploads\\\/2019\\\/03\\\/Sympt\u00f4mes-de-Red-Blotch-sur-Cabernet-franc.jpg\",\"woocommerce_gallery_thumbnail\":\"https:\\\/\\\/www.vignevin.com\\\/wp-content\\\/uploads\\\/2019\\\/03\\\/Sympt\u00f4mes-de-Red-Blotch-sur-Cabernet-franc-100x100.jpg\",\"full\":\"https:\\\/\\\/www.vignevin.com\\\/wp-content\\\/uploads\\\/2019\\\/03\\\/Sympt\u00f4mes-de-Red-Blotch-sur-Cabernet-franc.jpg\",\"index\":45,\"id\":9911,\"video\":false,\"opts\":{\"caption\":\"\",\"thumb\":{\"errors\":{\"envira-gallery-error-no-file\":[\"No file could be found for the image URL specified.\"]},\"error_data\":[]},\"title\":\"Sympt&ocirc;mes de Red Blotch sur Cabernet franc\"},\"gallery_id\":\"17413\"},\"9912\":{\"status\":\"active\",\"src\":\"https:\\\/\\\/www.vignevin.com\\\/wp-content\\\/uploads\\\/2019\\\/03\\\/Sympt\u00f4mes-de-Red-Blotch-sur-Cabernet-Sauvignon-2.jpg\",\"title\":\"Sympt&ocirc;mes de Red Blotch sur Cabernet Sauvignon (2)\",\"link\":\"https:\\\/\\\/www.vignevin.com\\\/wp-content\\\/uploads\\\/2019\\\/03\\\/Sympt\u00f4mes-de-Red-Blotch-sur-Cabernet-Sauvignon-2.jpg\",\"alt\":\"\",\"caption\":false,\"thumb\":{\"errors\":{\"envira-gallery-error-no-file\":[\"No file could be found for the image URL specified.\"]},\"error_data\":[]},\"meta\":{\"aperture\":null,\"credit\":null,\"camera\":null,\"caption\":\"\",\"created_timestamp\":null,\"copyright\":null,\"focal_length\":null,\"iso\":null,\"shutter_speed\":null,\"title\":\"\",\"orientation\":null,\"keywords\":null},\"thumbnail\":\"https:\\\/\\\/www.vignevin.com\\\/wp-content\\\/uploads\\\/2019\\\/03\\\/Sympt\u00f4mes-de-Red-Blotch-sur-Cabernet-Sauvignon-2-150x150.jpg\",\"medium\":\"https:\\\/\\\/www.vignevin.com\\\/wp-content\\\/uploads\\\/2019\\\/03\\\/Sympt\u00f4mes-de-Red-Blotch-sur-Cabernet-Sauvignon-2-300x225.jpg\",\"medium_large\":\"https:\\\/\\\/www.vignevin.com\\\/wp-content\\\/uploads\\\/2019\\\/03\\\/Sympt\u00f4mes-de-Red-Blotch-sur-Cabernet-Sauvignon-2-768x577.jpg\",\"large\":\"https:\\\/\\\/www.vignevin.com\\\/wp-content\\\/uploads\\\/2019\\\/03\\\/Sympt\u00f4mes-de-Red-Blotch-sur-Cabernet-Sauvignon-2-1024x769.jpg\",\"1536x1536\":\"https:\\\/\\\/www.vignevin.com\\\/wp-content\\\/uploads\\\/2019\\\/03\\\/Sympt\u00f4mes-de-Red-Blotch-sur-Cabernet-Sauvignon-2.jpg\",\"2048x2048\":\"https:\\\/\\\/www.vignevin.com\\\/wp-content\\\/uploads\\\/2019\\\/03\\\/Sympt\u00f4mes-de-Red-Blotch-sur-Cabernet-Sauvignon-2.jpg\",\"et-pb-post-main-image\":\"https:\\\/\\\/www.vignevin.com\\\/wp-content\\\/uploads\\\/2019\\\/03\\\/Sympt\u00f4mes-de-Red-Blotch-sur-Cabernet-Sauvignon-2-400x250.jpg\",\"et-pb-post-main-image-fullwidth\":\"https:\\\/\\\/www.vignevin.com\\\/wp-content\\\/uploads\\\/2019\\\/03\\\/Sympt\u00f4mes-de-Red-Blotch-sur-Cabernet-Sauvignon-2-1080x675.jpg\",\"et-pb-portfolio-image\":\"https:\\\/\\\/www.vignevin.com\\\/wp-content\\\/uploads\\\/2019\\\/03\\\/Sympt\u00f4mes-de-Red-Blotch-sur-Cabernet-Sauvignon-2-400x284.jpg\",\"et-pb-portfolio-module-image\":\"https:\\\/\\\/www.vignevin.com\\\/wp-content\\\/uploads\\\/2019\\\/03\\\/Sympt\u00f4mes-de-Red-Blotch-sur-Cabernet-Sauvignon-2-510x382.jpg\",\"et-pb-portfolio-image-single\":\"https:\\\/\\\/www.vignevin.com\\\/wp-content\\\/uploads\\\/2019\\\/03\\\/Sympt\u00f4mes-de-Red-Blotch-sur-Cabernet-Sauvignon-2-1080x811.jpg\",\"et-pb-gallery-module-image-portrait\":\"https:\\\/\\\/www.vignevin.com\\\/wp-content\\\/uploads\\\/2019\\\/03\\\/Sympt\u00f4mes-de-Red-Blotch-sur-Cabernet-Sauvignon-2-400x516.jpg\",\"et-pb-post-main-image-fullwidth-large\":\"https:\\\/\\\/www.vignevin.com\\\/wp-content\\\/uploads\\\/2019\\\/03\\\/Sympt\u00f4mes-de-Red-Blotch-sur-Cabernet-Sauvignon-2.jpg\",\"et-pb-image--responsive--desktop\":\"https:\\\/\\\/www.vignevin.com\\\/wp-content\\\/uploads\\\/2019\\\/03\\\/Sympt\u00f4mes-de-Red-Blotch-sur-Cabernet-Sauvignon-2.jpg\",\"et-pb-image--responsive--tablet\":\"https:\\\/\\\/www.vignevin.com\\\/wp-content\\\/uploads\\\/2019\\\/03\\\/Sympt\u00f4mes-de-Red-Blotch-sur-Cabernet-Sauvignon-2.jpg\",\"et-pb-image--responsive--phone\":\"https:\\\/\\\/www.vignevin.com\\\/wp-content\\\/uploads\\\/2019\\\/03\\\/Sympt\u00f4mes-de-Red-Blotch-sur-Cabernet-Sauvignon-2.jpg\",\"gform-image-choice-sm\":\"https:\\\/\\\/www.vignevin.com\\\/wp-content\\\/uploads\\\/2019\\\/03\\\/Sympt\u00f4mes-de-Red-Blotch-sur-Cabernet-Sauvignon-2.jpg\",\"gform-image-choice-md\":\"https:\\\/\\\/www.vignevin.com\\\/wp-content\\\/uploads\\\/2019\\\/03\\\/Sympt\u00f4mes-de-Red-Blotch-sur-Cabernet-Sauvignon-2.jpg\",\"gform-image-choice-lg\":\"https:\\\/\\\/www.vignevin.com\\\/wp-content\\\/uploads\\\/2019\\\/03\\\/Sympt\u00f4mes-de-Red-Blotch-sur-Cabernet-Sauvignon-2.jpg\",\"woocommerce_thumbnail\":\"https:\\\/\\\/www.vignevin.com\\\/wp-content\\\/uploads\\\/2019\\\/03\\\/Sympt\u00f4mes-de-Red-Blotch-sur-Cabernet-Sauvignon-2-300x300.jpg\",\"woocommerce_single\":\"https:\\\/\\\/www.vignevin.com\\\/wp-content\\\/uploads\\\/2019\\\/03\\\/Sympt\u00f4mes-de-Red-Blotch-sur-Cabernet-Sauvignon-2-600x451.jpg\",\"woocommerce_gallery_thumbnail\":\"https:\\\/\\\/www.vignevin.com\\\/wp-content\\\/uploads\\\/2019\\\/03\\\/Sympt\u00f4mes-de-Red-Blotch-sur-Cabernet-Sauvignon-2-100x100.jpg\",\"full\":\"https:\\\/\\\/www.vignevin.com\\\/wp-content\\\/uploads\\\/2019\\\/03\\\/Sympt\u00f4mes-de-Red-Blotch-sur-Cabernet-Sauvignon-2.jpg\",\"index\":46,\"id\":9912,\"video\":false,\"opts\":{\"caption\":\"\",\"thumb\":{\"errors\":{\"envira-gallery-error-no-file\":[\"No file could be found for the image URL specified.\"]},\"error_data\":[]},\"title\":\"Sympt&ocirc;mes de Red Blotch sur Cabernet Sauvignon (2)\"},\"gallery_id\":\"17413\"},\"9913\":{\"status\":\"active\",\"src\":\"https:\\\/\\\/www.vignevin.com\\\/wp-content\\\/uploads\\\/2019\\\/03\\\/Sympt\u00f4mes-de-Red-Blotch-sur-Cabernet-Sauvignon.jpg\",\"title\":\"Sympt&ocirc;mes de Red Blotch sur Cabernet Sauvignon\",\"link\":\"https:\\\/\\\/www.vignevin.com\\\/wp-content\\\/uploads\\\/2019\\\/03\\\/Sympt\u00f4mes-de-Red-Blotch-sur-Cabernet-Sauvignon.jpg\",\"alt\":\"\",\"caption\":false,\"thumb\":{\"errors\":{\"envira-gallery-error-no-file\":[\"No file could be found for the image URL specified.\"]},\"error_data\":[]},\"meta\":{\"aperture\":null,\"credit\":null,\"camera\":null,\"caption\":\"\",\"created_timestamp\":null,\"copyright\":null,\"focal_length\":null,\"iso\":null,\"shutter_speed\":null,\"title\":\"\",\"orientation\":null,\"keywords\":null},\"thumbnail\":\"https:\\\/\\\/www.vignevin.com\\\/wp-content\\\/uploads\\\/2019\\\/03\\\/Sympt\u00f4mes-de-Red-Blotch-sur-Cabernet-Sauvignon-150x150.jpg\",\"medium\":\"https:\\\/\\\/www.vignevin.com\\\/wp-content\\\/uploads\\\/2019\\\/03\\\/Sympt\u00f4mes-de-Red-Blotch-sur-Cabernet-Sauvignon.jpg\",\"medium_large\":\"https:\\\/\\\/www.vignevin.com\\\/wp-content\\\/uploads\\\/2019\\\/03\\\/Sympt\u00f4mes-de-Red-Blotch-sur-Cabernet-Sauvignon.jpg\",\"large\":\"https:\\\/\\\/www.vignevin.com\\\/wp-content\\\/uploads\\\/2019\\\/03\\\/Sympt\u00f4mes-de-Red-Blotch-sur-Cabernet-Sauvignon.jpg\",\"1536x1536\":\"https:\\\/\\\/www.vignevin.com\\\/wp-content\\\/uploads\\\/2019\\\/03\\\/Sympt\u00f4mes-de-Red-Blotch-sur-Cabernet-Sauvignon.jpg\",\"2048x2048\":\"https:\\\/\\\/www.vignevin.com\\\/wp-content\\\/uploads\\\/2019\\\/03\\\/Sympt\u00f4mes-de-Red-Blotch-sur-Cabernet-Sauvignon.jpg\",\"et-pb-post-main-image\":\"https:\\\/\\\/www.vignevin.com\\\/wp-content\\\/uploads\\\/2019\\\/03\\\/Sympt\u00f4mes-de-Red-Blotch-sur-Cabernet-Sauvignon.jpg\",\"et-pb-post-main-image-fullwidth\":\"https:\\\/\\\/www.vignevin.com\\\/wp-content\\\/uploads\\\/2019\\\/03\\\/Sympt\u00f4mes-de-Red-Blotch-sur-Cabernet-Sauvignon.jpg\",\"et-pb-portfolio-image\":\"https:\\\/\\\/www.vignevin.com\\\/wp-content\\\/uploads\\\/2019\\\/03\\\/Sympt\u00f4mes-de-Red-Blotch-sur-Cabernet-Sauvignon.jpg\",\"et-pb-portfolio-module-image\":\"https:\\\/\\\/www.vignevin.com\\\/wp-content\\\/uploads\\\/2019\\\/03\\\/Sympt\u00f4mes-de-Red-Blotch-sur-Cabernet-Sauvignon.jpg\",\"et-pb-portfolio-image-single\":\"https:\\\/\\\/www.vignevin.com\\\/wp-content\\\/uploads\\\/2019\\\/03\\\/Sympt\u00f4mes-de-Red-Blotch-sur-Cabernet-Sauvignon.jpg\",\"et-pb-gallery-module-image-portrait\":\"https:\\\/\\\/www.vignevin.com\\\/wp-content\\\/uploads\\\/2019\\\/03\\\/Sympt\u00f4mes-de-Red-Blotch-sur-Cabernet-Sauvignon.jpg\",\"et-pb-post-main-image-fullwidth-large\":\"https:\\\/\\\/www.vignevin.com\\\/wp-content\\\/uploads\\\/2019\\\/03\\\/Sympt\u00f4mes-de-Red-Blotch-sur-Cabernet-Sauvignon.jpg\",\"et-pb-image--responsive--desktop\":\"https:\\\/\\\/www.vignevin.com\\\/wp-content\\\/uploads\\\/2019\\\/03\\\/Sympt\u00f4mes-de-Red-Blotch-sur-Cabernet-Sauvignon.jpg\",\"et-pb-image--responsive--tablet\":\"https:\\\/\\\/www.vignevin.com\\\/wp-content\\\/uploads\\\/2019\\\/03\\\/Sympt\u00f4mes-de-Red-Blotch-sur-Cabernet-Sauvignon.jpg\",\"et-pb-image--responsive--phone\":\"https:\\\/\\\/www.vignevin.com\\\/wp-content\\\/uploads\\\/2019\\\/03\\\/Sympt\u00f4mes-de-Red-Blotch-sur-Cabernet-Sauvignon.jpg\",\"gform-image-choice-sm\":\"https:\\\/\\\/www.vignevin.com\\\/wp-content\\\/uploads\\\/2019\\\/03\\\/Sympt\u00f4mes-de-Red-Blotch-sur-Cabernet-Sauvignon.jpg\",\"gform-image-choice-md\":\"https:\\\/\\\/www.vignevin.com\\\/wp-content\\\/uploads\\\/2019\\\/03\\\/Sympt\u00f4mes-de-Red-Blotch-sur-Cabernet-Sauvignon.jpg\",\"gform-image-choice-lg\":\"https:\\\/\\\/www.vignevin.com\\\/wp-content\\\/uploads\\\/2019\\\/03\\\/Sympt\u00f4mes-de-Red-Blotch-sur-Cabernet-Sauvignon.jpg\",\"woocommerce_thumbnail\":\"https:\\\/\\\/www.vignevin.com\\\/wp-content\\\/uploads\\\/2019\\\/03\\\/Sympt\u00f4mes-de-Red-Blotch-sur-Cabernet-Sauvignon.jpg\",\"woocommerce_single\":\"https:\\\/\\\/www.vignevin.com\\\/wp-content\\\/uploads\\\/2019\\\/03\\\/Sympt\u00f4mes-de-Red-Blotch-sur-Cabernet-Sauvignon.jpg\",\"woocommerce_gallery_thumbnail\":\"https:\\\/\\\/www.vignevin.com\\\/wp-content\\\/uploads\\\/2019\\\/03\\\/Sympt\u00f4mes-de-Red-Blotch-sur-Cabernet-Sauvignon-100x100.jpg\",\"full\":\"https:\\\/\\\/www.vignevin.com\\\/wp-content\\\/uploads\\\/2019\\\/03\\\/Sympt\u00f4mes-de-Red-Blotch-sur-Cabernet-Sauvignon.jpg\",\"index\":47,\"id\":9913,\"video\":false,\"opts\":{\"caption\":\"\",\"thumb\":{\"errors\":{\"envira-gallery-error-no-file\":[\"No file could be found for the image URL specified.\"]},\"error_data\":[]},\"title\":\"Sympt&ocirc;mes de Red Blotch sur Cabernet Sauvignon\"},\"gallery_id\":\"17413\"},\"9914\":{\"status\":\"active\",\"src\":\"https:\\\/\\\/www.vignevin.com\\\/wp-content\\\/uploads\\\/2019\\\/03\\\/Sympt\u00f4mes-de-Red-Blotch-sur-Chardonnay-2.jpg\",\"title\":\"Sympt&ocirc;mes de Red Blotch sur Chardonnay (2)\",\"link\":\"https:\\\/\\\/www.vignevin.com\\\/wp-content\\\/uploads\\\/2019\\\/03\\\/Sympt\u00f4mes-de-Red-Blotch-sur-Chardonnay-2.jpg\",\"alt\":\"\",\"caption\":false,\"thumb\":{\"errors\":{\"envira-gallery-error-no-file\":[\"No file could be found for the image URL specified.\"]},\"error_data\":[]},\"meta\":{\"aperture\":null,\"credit\":null,\"camera\":null,\"caption\":\"\",\"created_timestamp\":null,\"copyright\":null,\"focal_length\":null,\"iso\":null,\"shutter_speed\":null,\"title\":\"\",\"orientation\":null,\"keywords\":null},\"thumbnail\":\"https:\\\/\\\/www.vignevin.com\\\/wp-content\\\/uploads\\\/2019\\\/03\\\/Sympt\u00f4mes-de-Red-Blotch-sur-Chardonnay-2-150x150.jpg\",\"medium\":\"https:\\\/\\\/www.vignevin.com\\\/wp-content\\\/uploads\\\/2019\\\/03\\\/Sympt\u00f4mes-de-Red-Blotch-sur-Chardonnay-2-300x214.jpg\",\"medium_large\":\"https:\\\/\\\/www.vignevin.com\\\/wp-content\\\/uploads\\\/2019\\\/03\\\/Sympt\u00f4mes-de-Red-Blotch-sur-Chardonnay-2-768x549.jpg\",\"large\":\"https:\\\/\\\/www.vignevin.com\\\/wp-content\\\/uploads\\\/2019\\\/03\\\/Sympt\u00f4mes-de-Red-Blotch-sur-Chardonnay-2.jpg\",\"1536x1536\":\"https:\\\/\\\/www.vignevin.com\\\/wp-content\\\/uploads\\\/2019\\\/03\\\/Sympt\u00f4mes-de-Red-Blotch-sur-Chardonnay-2.jpg\",\"2048x2048\":\"https:\\\/\\\/www.vignevin.com\\\/wp-content\\\/uploads\\\/2019\\\/03\\\/Sympt\u00f4mes-de-Red-Blotch-sur-Chardonnay-2.jpg\",\"et-pb-post-main-image\":\"https:\\\/\\\/www.vignevin.com\\\/wp-content\\\/uploads\\\/2019\\\/03\\\/Sympt\u00f4mes-de-Red-Blotch-sur-Chardonnay-2-400x250.jpg\",\"et-pb-post-main-image-fullwidth\":\"https:\\\/\\\/www.vignevin.com\\\/wp-content\\\/uploads\\\/2019\\\/03\\\/Sympt\u00f4mes-de-Red-Blotch-sur-Chardonnay-2.jpg\",\"et-pb-portfolio-image\":\"https:\\\/\\\/www.vignevin.com\\\/wp-content\\\/uploads\\\/2019\\\/03\\\/Sympt\u00f4mes-de-Red-Blotch-sur-Chardonnay-2-400x284.jpg\",\"et-pb-portfolio-module-image\":\"https:\\\/\\\/www.vignevin.com\\\/wp-content\\\/uploads\\\/2019\\\/03\\\/Sympt\u00f4mes-de-Red-Blotch-sur-Chardonnay-2-510x382.jpg\",\"et-pb-portfolio-image-single\":\"https:\\\/\\\/www.vignevin.com\\\/wp-content\\\/uploads\\\/2019\\\/03\\\/Sympt\u00f4mes-de-Red-Blotch-sur-Chardonnay-2.jpg\",\"et-pb-gallery-module-image-portrait\":\"https:\\\/\\\/www.vignevin.com\\\/wp-content\\\/uploads\\\/2019\\\/03\\\/Sympt\u00f4mes-de-Red-Blotch-sur-Chardonnay-2-400x516.jpg\",\"et-pb-post-main-image-fullwidth-large\":\"https:\\\/\\\/www.vignevin.com\\\/wp-content\\\/uploads\\\/2019\\\/03\\\/Sympt\u00f4mes-de-Red-Blotch-sur-Chardonnay-2.jpg\",\"et-pb-image--responsive--desktop\":\"https:\\\/\\\/www.vignevin.com\\\/wp-content\\\/uploads\\\/2019\\\/03\\\/Sympt\u00f4mes-de-Red-Blotch-sur-Chardonnay-2.jpg\",\"et-pb-image--responsive--tablet\":\"https:\\\/\\\/www.vignevin.com\\\/wp-content\\\/uploads\\\/2019\\\/03\\\/Sympt\u00f4mes-de-Red-Blotch-sur-Chardonnay-2.jpg\",\"et-pb-image--responsive--phone\":\"https:\\\/\\\/www.vignevin.com\\\/wp-content\\\/uploads\\\/2019\\\/03\\\/Sympt\u00f4mes-de-Red-Blotch-sur-Chardonnay-2.jpg\",\"gform-image-choice-sm\":\"https:\\\/\\\/www.vignevin.com\\\/wp-content\\\/uploads\\\/2019\\\/03\\\/Sympt\u00f4mes-de-Red-Blotch-sur-Chardonnay-2.jpg\",\"gform-image-choice-md\":\"https:\\\/\\\/www.vignevin.com\\\/wp-content\\\/uploads\\\/2019\\\/03\\\/Sympt\u00f4mes-de-Red-Blotch-sur-Chardonnay-2.jpg\",\"gform-image-choice-lg\":\"https:\\\/\\\/www.vignevin.com\\\/wp-content\\\/uploads\\\/2019\\\/03\\\/Sympt\u00f4mes-de-Red-Blotch-sur-Chardonnay-2.jpg\",\"woocommerce_thumbnail\":\"https:\\\/\\\/www.vignevin.com\\\/wp-content\\\/uploads\\\/2019\\\/03\\\/Sympt\u00f4mes-de-Red-Blotch-sur-Chardonnay-2-300x300.jpg\",\"woocommerce_single\":\"https:\\\/\\\/www.vignevin.com\\\/wp-content\\\/uploads\\\/2019\\\/03\\\/Sympt\u00f4mes-de-Red-Blotch-sur-Chardonnay-2-600x429.jpg\",\"woocommerce_gallery_thumbnail\":\"https:\\\/\\\/www.vignevin.com\\\/wp-content\\\/uploads\\\/2019\\\/03\\\/Sympt\u00f4mes-de-Red-Blotch-sur-Chardonnay-2-100x100.jpg\",\"full\":\"https:\\\/\\\/www.vignevin.com\\\/wp-content\\\/uploads\\\/2019\\\/03\\\/Sympt\u00f4mes-de-Red-Blotch-sur-Chardonnay-2.jpg\",\"index\":48,\"id\":9914,\"video\":false,\"opts\":{\"caption\":\"\",\"thumb\":{\"errors\":{\"envira-gallery-error-no-file\":[\"No file could be found for the image URL specified.\"]},\"error_data\":[]},\"title\":\"Sympt&ocirc;mes de Red Blotch sur Chardonnay (2)\"},\"gallery_id\":\"17413\"},\"9915\":{\"status\":\"active\",\"src\":\"https:\\\/\\\/www.vignevin.com\\\/wp-content\\\/uploads\\\/2019\\\/03\\\/Sympt\u00f4mes-de-Red-Blotch-sur-Chardonnay.jpg\",\"title\":\"Sympt&ocirc;mes de Red Blotch sur Chardonnay\",\"link\":\"https:\\\/\\\/www.vignevin.com\\\/wp-content\\\/uploads\\\/2019\\\/03\\\/Sympt\u00f4mes-de-Red-Blotch-sur-Chardonnay.jpg\",\"alt\":\"\",\"caption\":false,\"thumb\":{\"errors\":{\"envira-gallery-error-no-file\":[\"No file could be found for the image URL specified.\"]},\"error_data\":[]},\"meta\":{\"aperture\":null,\"credit\":\"Matthew Hoffman\",\"camera\":null,\"caption\":\"\",\"created_timestamp\":\"1408956802\",\"copyright\":null,\"focal_length\":null,\"iso\":null,\"shutter_speed\":null,\"title\":\"\",\"orientation\":null,\"keywords\":null},\"thumbnail\":\"https:\\\/\\\/www.vignevin.com\\\/wp-content\\\/uploads\\\/2019\\\/03\\\/Sympt\u00f4mes-de-Red-Blotch-sur-Chardonnay-150x150.jpg\",\"medium\":\"https:\\\/\\\/www.vignevin.com\\\/wp-content\\\/uploads\\\/2019\\\/03\\\/Sympt\u00f4mes-de-Red-Blotch-sur-Chardonnay-300x225.jpg\",\"medium_large\":\"https:\\\/\\\/www.vignevin.com\\\/wp-content\\\/uploads\\\/2019\\\/03\\\/Sympt\u00f4mes-de-Red-Blotch-sur-Chardonnay.jpg\",\"large\":\"https:\\\/\\\/www.vignevin.com\\\/wp-content\\\/uploads\\\/2019\\\/03\\\/Sympt\u00f4mes-de-Red-Blotch-sur-Chardonnay.jpg\",\"1536x1536\":\"https:\\\/\\\/www.vignevin.com\\\/wp-content\\\/uploads\\\/2019\\\/03\\\/Sympt\u00f4mes-de-Red-Blotch-sur-Chardonnay.jpg\",\"2048x2048\":\"https:\\\/\\\/www.vignevin.com\\\/wp-content\\\/uploads\\\/2019\\\/03\\\/Sympt\u00f4mes-de-Red-Blotch-sur-Chardonnay.jpg\",\"et-pb-post-main-image\":\"https:\\\/\\\/www.vignevin.com\\\/wp-content\\\/uploads\\\/2019\\\/03\\\/Sympt\u00f4mes-de-Red-Blotch-sur-Chardonnay-400x250.jpg\",\"et-pb-post-main-image-fullwidth\":\"https:\\\/\\\/www.vignevin.com\\\/wp-content\\\/uploads\\\/2019\\\/03\\\/Sympt\u00f4mes-de-Red-Blotch-sur-Chardonnay.jpg\",\"et-pb-portfolio-image\":\"https:\\\/\\\/www.vignevin.com\\\/wp-content\\\/uploads\\\/2019\\\/03\\\/Sympt\u00f4mes-de-Red-Blotch-sur-Chardonnay-400x284.jpg\",\"et-pb-portfolio-module-image\":\"https:\\\/\\\/www.vignevin.com\\\/wp-content\\\/uploads\\\/2019\\\/03\\\/Sympt\u00f4mes-de-Red-Blotch-sur-Chardonnay-510x382.jpg\",\"et-pb-portfolio-image-single\":\"https:\\\/\\\/www.vignevin.com\\\/wp-content\\\/uploads\\\/2019\\\/03\\\/Sympt\u00f4mes-de-Red-Blotch-sur-Chardonnay.jpg\",\"et-pb-gallery-module-image-portrait\":\"https:\\\/\\\/www.vignevin.com\\\/wp-content\\\/uploads\\\/2019\\\/03\\\/Sympt\u00f4mes-de-Red-Blotch-sur-Chardonnay-400x472.jpg\",\"et-pb-post-main-image-fullwidth-large\":\"https:\\\/\\\/www.vignevin.com\\\/wp-content\\\/uploads\\\/2019\\\/03\\\/Sympt\u00f4mes-de-Red-Blotch-sur-Chardonnay.jpg\",\"et-pb-image--responsive--desktop\":\"https:\\\/\\\/www.vignevin.com\\\/wp-content\\\/uploads\\\/2019\\\/03\\\/Sympt\u00f4mes-de-Red-Blotch-sur-Chardonnay.jpg\",\"et-pb-image--responsive--tablet\":\"https:\\\/\\\/www.vignevin.com\\\/wp-content\\\/uploads\\\/2019\\\/03\\\/Sympt\u00f4mes-de-Red-Blotch-sur-Chardonnay.jpg\",\"et-pb-image--responsive--phone\":\"https:\\\/\\\/www.vignevin.com\\\/wp-content\\\/uploads\\\/2019\\\/03\\\/Sympt\u00f4mes-de-Red-Blotch-sur-Chardonnay.jpg\",\"gform-image-choice-sm\":\"https:\\\/\\\/www.vignevin.com\\\/wp-content\\\/uploads\\\/2019\\\/03\\\/Sympt\u00f4mes-de-Red-Blotch-sur-Chardonnay.jpg\",\"gform-image-choice-md\":\"https:\\\/\\\/www.vignevin.com\\\/wp-content\\\/uploads\\\/2019\\\/03\\\/Sympt\u00f4mes-de-Red-Blotch-sur-Chardonnay.jpg\",\"gform-image-choice-lg\":\"https:\\\/\\\/www.vignevin.com\\\/wp-content\\\/uploads\\\/2019\\\/03\\\/Sympt\u00f4mes-de-Red-Blotch-sur-Chardonnay.jpg\",\"woocommerce_thumbnail\":\"https:\\\/\\\/www.vignevin.com\\\/wp-content\\\/uploads\\\/2019\\\/03\\\/Sympt\u00f4mes-de-Red-Blotch-sur-Chardonnay-300x300.jpg\",\"woocommerce_single\":\"https:\\\/\\\/www.vignevin.com\\\/wp-content\\\/uploads\\\/2019\\\/03\\\/Sympt\u00f4mes-de-Red-Blotch-sur-Chardonnay-600x451.jpg\",\"woocommerce_gallery_thumbnail\":\"https:\\\/\\\/www.vignevin.com\\\/wp-content\\\/uploads\\\/2019\\\/03\\\/Sympt\u00f4mes-de-Red-Blotch-sur-Chardonnay-100x100.jpg\",\"full\":\"https:\\\/\\\/www.vignevin.com\\\/wp-content\\\/uploads\\\/2019\\\/03\\\/Sympt\u00f4mes-de-Red-Blotch-sur-Chardonnay.jpg\",\"index\":49,\"id\":9915,\"video\":false,\"opts\":{\"caption\":\"\",\"thumb\":{\"errors\":{\"envira-gallery-error-no-file\":[\"No file could be found for the image URL specified.\"]},\"error_data\":[]},\"title\":\"Sympt&ocirc;mes de Red Blotch sur Chardonnay\"},\"gallery_id\":\"17413\"},\"9916\":{\"status\":\"active\",\"src\":\"https:\\\/\\\/www.vignevin.com\\\/wp-content\\\/uploads\\\/2019\\\/03\\\/Sympt\u00f4mes-de-Red-Blotch-sur-Counoise-2-scaled.jpg\",\"title\":\"Sympt&ocirc;mes de Red Blotch sur Counoise (2)\",\"link\":\"https:\\\/\\\/www.vignevin.com\\\/wp-content\\\/uploads\\\/2019\\\/03\\\/Sympt\u00f4mes-de-Red-Blotch-sur-Counoise-2.jpg\",\"alt\":\"\",\"caption\":false,\"thumb\":{\"errors\":{\"envira-gallery-error-no-file\":[\"No file could be found for the image URL specified.\"]},\"error_data\":[]},\"meta\":{\"aperture\":\"2.2\",\"credit\":null,\"camera\":\"SM-G901F\",\"caption\":\"\",\"created_timestamp\":\"1476205812\",\"copyright\":null,\"focal_length\":\"4.8\",\"iso\":\"50\",\"shutter_speed\":\"0.0038759689922481\",\"title\":\"\",\"orientation\":\"1\",\"keywords\":null},\"thumbnail\":\"https:\\\/\\\/www.vignevin.com\\\/wp-content\\\/uploads\\\/2019\\\/03\\\/Sympt\u00f4mes-de-Red-Blotch-sur-Counoise-2-150x150.jpg\",\"medium\":\"https:\\\/\\\/www.vignevin.com\\\/wp-content\\\/uploads\\\/2019\\\/03\\\/Sympt\u00f4mes-de-Red-Blotch-sur-Counoise-2-169x300.jpg\",\"medium_large\":\"https:\\\/\\\/www.vignevin.com\\\/wp-content\\\/uploads\\\/2019\\\/03\\\/Sympt\u00f4mes-de-Red-Blotch-sur-Counoise-2-768x1365.jpg\",\"large\":\"https:\\\/\\\/www.vignevin.com\\\/wp-content\\\/uploads\\\/2019\\\/03\\\/Sympt\u00f4mes-de-Red-Blotch-sur-Counoise-2-576x1024.jpg\",\"1536x1536\":\"https:\\\/\\\/www.vignevin.com\\\/wp-content\\\/uploads\\\/2019\\\/03\\\/Sympt\u00f4mes-de-Red-Blotch-sur-Counoise-2-scaled.jpg\",\"2048x2048\":\"https:\\\/\\\/www.vignevin.com\\\/wp-content\\\/uploads\\\/2019\\\/03\\\/Sympt\u00f4mes-de-Red-Blotch-sur-Counoise-2-scaled.jpg\",\"et-pb-post-main-image\":\"https:\\\/\\\/www.vignevin.com\\\/wp-content\\\/uploads\\\/2019\\\/03\\\/Sympt\u00f4mes-de-Red-Blotch-sur-Counoise-2-400x250.jpg\",\"et-pb-post-main-image-fullwidth\":\"https:\\\/\\\/www.vignevin.com\\\/wp-content\\\/uploads\\\/2019\\\/03\\\/Sympt\u00f4mes-de-Red-Blotch-sur-Counoise-2-1080x675.jpg\",\"et-pb-portfolio-image\":\"https:\\\/\\\/www.vignevin.com\\\/wp-content\\\/uploads\\\/2019\\\/03\\\/Sympt\u00f4mes-de-Red-Blotch-sur-Counoise-2-400x284.jpg\",\"et-pb-portfolio-module-image\":\"https:\\\/\\\/www.vignevin.com\\\/wp-content\\\/uploads\\\/2019\\\/03\\\/Sympt\u00f4mes-de-Red-Blotch-sur-Counoise-2-510x382.jpg\",\"et-pb-portfolio-image-single\":\"https:\\\/\\\/www.vignevin.com\\\/wp-content\\\/uploads\\\/2019\\\/03\\\/Sympt\u00f4mes-de-Red-Blotch-sur-Counoise-2-1080x1920.jpg\",\"et-pb-gallery-module-image-portrait\":\"https:\\\/\\\/www.vignevin.com\\\/wp-content\\\/uploads\\\/2019\\\/03\\\/Sympt\u00f4mes-de-Red-Blotch-sur-Counoise-2-400x516.jpg\",\"et-pb-post-main-image-fullwidth-large\":\"https:\\\/\\\/www.vignevin.com\\\/wp-content\\\/uploads\\\/2019\\\/03\\\/Sympt\u00f4mes-de-Red-Blotch-sur-Counoise-2-2880x1800.jpg\",\"et-pb-image--responsive--desktop\":\"https:\\\/\\\/www.vignevin.com\\\/wp-content\\\/uploads\\\/2019\\\/03\\\/Sympt\u00f4mes-de-Red-Blotch-sur-Counoise-2-scaled.jpg\",\"et-pb-image--responsive--tablet\":\"https:\\\/\\\/www.vignevin.com\\\/wp-content\\\/uploads\\\/2019\\\/03\\\/Sympt\u00f4mes-de-Red-Blotch-sur-Counoise-2-scaled.jpg\",\"et-pb-image--responsive--phone\":\"https:\\\/\\\/www.vignevin.com\\\/wp-content\\\/uploads\\\/2019\\\/03\\\/Sympt\u00f4mes-de-Red-Blotch-sur-Counoise-2-scaled.jpg\",\"gform-image-choice-sm\":\"https:\\\/\\\/www.vignevin.com\\\/wp-content\\\/uploads\\\/2019\\\/03\\\/Sympt\u00f4mes-de-Red-Blotch-sur-Counoise-2-scaled.jpg\",\"gform-image-choice-md\":\"https:\\\/\\\/www.vignevin.com\\\/wp-content\\\/uploads\\\/2019\\\/03\\\/Sympt\u00f4mes-de-Red-Blotch-sur-Counoise-2-scaled.jpg\",\"gform-image-choice-lg\":\"https:\\\/\\\/www.vignevin.com\\\/wp-content\\\/uploads\\\/2019\\\/03\\\/Sympt\u00f4mes-de-Red-Blotch-sur-Counoise-2-scaled.jpg\",\"woocommerce_thumbnail\":\"https:\\\/\\\/www.vignevin.com\\\/wp-content\\\/uploads\\\/2019\\\/03\\\/Sympt\u00f4mes-de-Red-Blotch-sur-Counoise-2-scaled-300x300.jpg\",\"woocommerce_single\":\"https:\\\/\\\/www.vignevin.com\\\/wp-content\\\/uploads\\\/2019\\\/03\\\/Sympt\u00f4mes-de-Red-Blotch-sur-Counoise-2-scaled-600x1067.jpg\",\"woocommerce_gallery_thumbnail\":\"https:\\\/\\\/www.vignevin.com\\\/wp-content\\\/uploads\\\/2019\\\/03\\\/Sympt\u00f4mes-de-Red-Blotch-sur-Counoise-2-scaled-100x100.jpg\",\"full\":\"https:\\\/\\\/www.vignevin.com\\\/wp-content\\\/uploads\\\/2019\\\/03\\\/Sympt\u00f4mes-de-Red-Blotch-sur-Counoise-2-scaled.jpg\",\"index\":50,\"id\":9916,\"video\":false,\"opts\":{\"caption\":\"\",\"thumb\":{\"errors\":{\"envira-gallery-error-no-file\":[\"No file could be found for the image URL specified.\"]},\"error_data\":[]},\"title\":\"Sympt&ocirc;mes de Red Blotch sur Counoise (2)\"},\"gallery_id\":\"17413\"},\"9917\":{\"status\":\"active\",\"src\":\"https:\\\/\\\/www.vignevin.com\\\/wp-content\\\/uploads\\\/2019\\\/03\\\/Sympt\u00f4mes-de-Red-Blotch-sur-Counoise-scaled.jpg\",\"title\":\"Sympt&ocirc;mes de Red Blotch sur Counoise\",\"link\":\"https:\\\/\\\/www.vignevin.com\\\/wp-content\\\/uploads\\\/2019\\\/03\\\/Sympt\u00f4mes-de-Red-Blotch-sur-Counoise.jpg\",\"alt\":\"\",\"caption\":false,\"thumb\":{\"errors\":{\"envira-gallery-error-no-file\":[\"No file could be found for the image URL specified.\"]},\"error_data\":[]},\"meta\":{\"aperture\":\"2.2\",\"credit\":null,\"camera\":\"SM-G901F\",\"caption\":\"\",\"created_timestamp\":\"1476205191\",\"copyright\":null,\"focal_length\":\"4.8\",\"iso\":\"50\",\"shutter_speed\":\"0.0022883295194508\",\"title\":\"\",\"orientation\":\"1\",\"keywords\":null},\"thumbnail\":\"https:\\\/\\\/www.vignevin.com\\\/wp-content\\\/uploads\\\/2019\\\/03\\\/Sympt\u00f4mes-de-Red-Blotch-sur-Counoise-150x150.jpg\",\"medium\":\"https:\\\/\\\/www.vignevin.com\\\/wp-content\\\/uploads\\\/2019\\\/03\\\/Sympt\u00f4mes-de-Red-Blotch-sur-Counoise-169x300.jpg\",\"medium_large\":\"https:\\\/\\\/www.vignevin.com\\\/wp-content\\\/uploads\\\/2019\\\/03\\\/Sympt\u00f4mes-de-Red-Blotch-sur-Counoise-768x1365.jpg\",\"large\":\"https:\\\/\\\/www.vignevin.com\\\/wp-content\\\/uploads\\\/2019\\\/03\\\/Sympt\u00f4mes-de-Red-Blotch-sur-Counoise-576x1024.jpg\",\"1536x1536\":\"https:\\\/\\\/www.vignevin.com\\\/wp-content\\\/uploads\\\/2019\\\/03\\\/Sympt\u00f4mes-de-Red-Blotch-sur-Counoise-scaled.jpg\",\"2048x2048\":\"https:\\\/\\\/www.vignevin.com\\\/wp-content\\\/uploads\\\/2019\\\/03\\\/Sympt\u00f4mes-de-Red-Blotch-sur-Counoise-scaled.jpg\",\"et-pb-post-main-image\":\"https:\\\/\\\/www.vignevin.com\\\/wp-content\\\/uploads\\\/2019\\\/03\\\/Sympt\u00f4mes-de-Red-Blotch-sur-Counoise-400x250.jpg\",\"et-pb-post-main-image-fullwidth\":\"https:\\\/\\\/www.vignevin.com\\\/wp-content\\\/uploads\\\/2019\\\/03\\\/Sympt\u00f4mes-de-Red-Blotch-sur-Counoise-1080x675.jpg\",\"et-pb-portfolio-image\":\"https:\\\/\\\/www.vignevin.com\\\/wp-content\\\/uploads\\\/2019\\\/03\\\/Sympt\u00f4mes-de-Red-Blotch-sur-Counoise-400x284.jpg\",\"et-pb-portfolio-module-image\":\"https:\\\/\\\/www.vignevin.com\\\/wp-content\\\/uploads\\\/2019\\\/03\\\/Sympt\u00f4mes-de-Red-Blotch-sur-Counoise-510x382.jpg\",\"et-pb-portfolio-image-single\":\"https:\\\/\\\/www.vignevin.com\\\/wp-content\\\/uploads\\\/2019\\\/03\\\/Sympt\u00f4mes-de-Red-Blotch-sur-Counoise-1080x1920.jpg\",\"et-pb-gallery-module-image-portrait\":\"https:\\\/\\\/www.vignevin.com\\\/wp-content\\\/uploads\\\/2019\\\/03\\\/Sympt\u00f4mes-de-Red-Blotch-sur-Counoise-400x516.jpg\",\"et-pb-post-main-image-fullwidth-large\":\"https:\\\/\\\/www.vignevin.com\\\/wp-content\\\/uploads\\\/2019\\\/03\\\/Sympt\u00f4mes-de-Red-Blotch-sur-Counoise-2880x1800.jpg\",\"et-pb-image--responsive--desktop\":\"https:\\\/\\\/www.vignevin.com\\\/wp-content\\\/uploads\\\/2019\\\/03\\\/Sympt\u00f4mes-de-Red-Blotch-sur-Counoise-scaled.jpg\",\"et-pb-image--responsive--tablet\":\"https:\\\/\\\/www.vignevin.com\\\/wp-content\\\/uploads\\\/2019\\\/03\\\/Sympt\u00f4mes-de-Red-Blotch-sur-Counoise-scaled.jpg\",\"et-pb-image--responsive--phone\":\"https:\\\/\\\/www.vignevin.com\\\/wp-content\\\/uploads\\\/2019\\\/03\\\/Sympt\u00f4mes-de-Red-Blotch-sur-Counoise-scaled.jpg\",\"gform-image-choice-sm\":\"https:\\\/\\\/www.vignevin.com\\\/wp-content\\\/uploads\\\/2019\\\/03\\\/Sympt\u00f4mes-de-Red-Blotch-sur-Counoise-scaled.jpg\",\"gform-image-choice-md\":\"https:\\\/\\\/www.vignevin.com\\\/wp-content\\\/uploads\\\/2019\\\/03\\\/Sympt\u00f4mes-de-Red-Blotch-sur-Counoise-scaled.jpg\",\"gform-image-choice-lg\":\"https:\\\/\\\/www.vignevin.com\\\/wp-content\\\/uploads\\\/2019\\\/03\\\/Sympt\u00f4mes-de-Red-Blotch-sur-Counoise-scaled.jpg\",\"woocommerce_thumbnail\":\"https:\\\/\\\/www.vignevin.com\\\/wp-content\\\/uploads\\\/2019\\\/03\\\/Sympt\u00f4mes-de-Red-Blotch-sur-Counoise-scaled-300x300.jpg\",\"woocommerce_single\":\"https:\\\/\\\/www.vignevin.com\\\/wp-content\\\/uploads\\\/2019\\\/03\\\/Sympt\u00f4mes-de-Red-Blotch-sur-Counoise-scaled-600x1067.jpg\",\"woocommerce_gallery_thumbnail\":\"https:\\\/\\\/www.vignevin.com\\\/wp-content\\\/uploads\\\/2019\\\/03\\\/Sympt\u00f4mes-de-Red-Blotch-sur-Counoise-scaled-100x100.jpg\",\"full\":\"https:\\\/\\\/www.vignevin.com\\\/wp-content\\\/uploads\\\/2019\\\/03\\\/Sympt\u00f4mes-de-Red-Blotch-sur-Counoise-scaled.jpg\",\"index\":51,\"id\":9917,\"video\":false,\"opts\":{\"caption\":\"\",\"thumb\":{\"errors\":{\"envira-gallery-error-no-file\":[\"No file could be found for the image URL specified.\"]},\"error_data\":[]},\"title\":\"Sympt&ocirc;mes de Red Blotch sur Counoise\"},\"gallery_id\":\"17413\"},\"9918\":{\"status\":\"active\",\"src\":\"https:\\\/\\\/www.vignevin.com\\\/wp-content\\\/uploads\\\/2019\\\/03\\\/Sympt\u00f4mes-de-Red-Blotch-sur-Gamay.png\",\"title\":\"Sympt&ocirc;mes de Red Blotch sur Gamay\",\"link\":\"https:\\\/\\\/www.vignevin.com\\\/wp-content\\\/uploads\\\/2019\\\/03\\\/Sympt\u00f4mes-de-Red-Blotch-sur-Gamay.png\",\"alt\":\"\",\"caption\":false,\"thumb\":{\"errors\":{\"envira-gallery-error-no-file\":[\"No file could be found for the image URL specified.\"]},\"error_data\":[]},\"meta\":{\"aperture\":null,\"credit\":null,\"camera\":null,\"caption\":\"\",\"created_timestamp\":null,\"copyright\":null,\"focal_length\":null,\"iso\":null,\"shutter_speed\":null,\"title\":\"\",\"orientation\":null,\"keywords\":null},\"thumbnail\":\"https:\\\/\\\/www.vignevin.com\\\/wp-content\\\/uploads\\\/2019\\\/03\\\/Sympt\u00f4mes-de-Red-Blotch-sur-Gamay-150x150.png\",\"medium\":\"https:\\\/\\\/www.vignevin.com\\\/wp-content\\\/uploads\\\/2019\\\/03\\\/Sympt\u00f4mes-de-Red-Blotch-sur-Gamay.png\",\"medium_large\":\"https:\\\/\\\/www.vignevin.com\\\/wp-content\\\/uploads\\\/2019\\\/03\\\/Sympt\u00f4mes-de-Red-Blotch-sur-Gamay.png\",\"large\":\"https:\\\/\\\/www.vignevin.com\\\/wp-content\\\/uploads\\\/2019\\\/03\\\/Sympt\u00f4mes-de-Red-Blotch-sur-Gamay.png\",\"1536x1536\":\"https:\\\/\\\/www.vignevin.com\\\/wp-content\\\/uploads\\\/2019\\\/03\\\/Sympt\u00f4mes-de-Red-Blotch-sur-Gamay.png\",\"2048x2048\":\"https:\\\/\\\/www.vignevin.com\\\/wp-content\\\/uploads\\\/2019\\\/03\\\/Sympt\u00f4mes-de-Red-Blotch-sur-Gamay.png\",\"et-pb-post-main-image\":\"https:\\\/\\\/www.vignevin.com\\\/wp-content\\\/uploads\\\/2019\\\/03\\\/Sympt\u00f4mes-de-Red-Blotch-sur-Gamay-292x250.png\",\"et-pb-post-main-image-fullwidth\":\"https:\\\/\\\/www.vignevin.com\\\/wp-content\\\/uploads\\\/2019\\\/03\\\/Sympt\u00f4mes-de-Red-Blotch-sur-Gamay.png\",\"et-pb-portfolio-image\":\"https:\\\/\\\/www.vignevin.com\\\/wp-content\\\/uploads\\\/2019\\\/03\\\/Sympt\u00f4mes-de-Red-Blotch-sur-Gamay-292x284.png\",\"et-pb-portfolio-module-image\":\"https:\\\/\\\/www.vignevin.com\\\/wp-content\\\/uploads\\\/2019\\\/03\\\/Sympt\u00f4mes-de-Red-Blotch-sur-Gamay.png\",\"et-pb-portfolio-image-single\":\"https:\\\/\\\/www.vignevin.com\\\/wp-content\\\/uploads\\\/2019\\\/03\\\/Sympt\u00f4mes-de-Red-Blotch-sur-Gamay.png\",\"et-pb-gallery-module-image-portrait\":\"https:\\\/\\\/www.vignevin.com\\\/wp-content\\\/uploads\\\/2019\\\/03\\\/Sympt\u00f4mes-de-Red-Blotch-sur-Gamay.png\",\"et-pb-post-main-image-fullwidth-large\":\"https:\\\/\\\/www.vignevin.com\\\/wp-content\\\/uploads\\\/2019\\\/03\\\/Sympt\u00f4mes-de-Red-Blotch-sur-Gamay.png\",\"et-pb-image--responsive--desktop\":\"https:\\\/\\\/www.vignevin.com\\\/wp-content\\\/uploads\\\/2019\\\/03\\\/Sympt\u00f4mes-de-Red-Blotch-sur-Gamay.png\",\"et-pb-image--responsive--tablet\":\"https:\\\/\\\/www.vignevin.com\\\/wp-content\\\/uploads\\\/2019\\\/03\\\/Sympt\u00f4mes-de-Red-Blotch-sur-Gamay.png\",\"et-pb-image--responsive--phone\":\"https:\\\/\\\/www.vignevin.com\\\/wp-content\\\/uploads\\\/2019\\\/03\\\/Sympt\u00f4mes-de-Red-Blotch-sur-Gamay.png\",\"gform-image-choice-sm\":\"https:\\\/\\\/www.vignevin.com\\\/wp-content\\\/uploads\\\/2019\\\/03\\\/Sympt\u00f4mes-de-Red-Blotch-sur-Gamay.png\",\"gform-image-choice-md\":\"https:\\\/\\\/www.vignevin.com\\\/wp-content\\\/uploads\\\/2019\\\/03\\\/Sympt\u00f4mes-de-Red-Blotch-sur-Gamay.png\",\"gform-image-choice-lg\":\"https:\\\/\\\/www.vignevin.com\\\/wp-content\\\/uploads\\\/2019\\\/03\\\/Sympt\u00f4mes-de-Red-Blotch-sur-Gamay.png\",\"woocommerce_thumbnail\":\"https:\\\/\\\/www.vignevin.com\\\/wp-content\\\/uploads\\\/2019\\\/03\\\/Sympt\u00f4mes-de-Red-Blotch-sur-Gamay.png\",\"woocommerce_single\":\"https:\\\/\\\/www.vignevin.com\\\/wp-content\\\/uploads\\\/2019\\\/03\\\/Sympt\u00f4mes-de-Red-Blotch-sur-Gamay.png\",\"woocommerce_gallery_thumbnail\":\"https:\\\/\\\/www.vignevin.com\\\/wp-content\\\/uploads\\\/2019\\\/03\\\/Sympt\u00f4mes-de-Red-Blotch-sur-Gamay-100x100.png\",\"full\":\"https:\\\/\\\/www.vignevin.com\\\/wp-content\\\/uploads\\\/2019\\\/03\\\/Sympt\u00f4mes-de-Red-Blotch-sur-Gamay.png\",\"index\":52,\"id\":9918,\"video\":false,\"opts\":{\"caption\":\"\",\"thumb\":{\"errors\":{\"envira-gallery-error-no-file\":[\"No file could be found for the image URL specified.\"]},\"error_data\":[]},\"title\":\"Sympt&ocirc;mes de Red Blotch sur Gamay\"},\"gallery_id\":\"17413\"},\"9919\":{\"status\":\"active\",\"src\":\"https:\\\/\\\/www.vignevin.com\\\/wp-content\\\/uploads\\\/2019\\\/03\\\/Sympt\u00f4mes-de-Red-Blotch-sur-Merlot-2.jpg\",\"title\":\"Sympt&ocirc;mes de Red Blotch sur Merlot (2)\",\"link\":\"https:\\\/\\\/www.vignevin.com\\\/wp-content\\\/uploads\\\/2019\\\/03\\\/Sympt\u00f4mes-de-Red-Blotch-sur-Merlot-2.jpg\",\"alt\":\"\",\"caption\":false,\"thumb\":{\"errors\":{\"envira-gallery-error-no-file\":[\"No file could be found for the image URL specified.\"]},\"error_data\":[]},\"meta\":{\"aperture\":null,\"credit\":null,\"camera\":null,\"caption\":\"\",\"created_timestamp\":null,\"copyright\":null,\"focal_length\":null,\"iso\":null,\"shutter_speed\":null,\"title\":\"\",\"orientation\":null,\"keywords\":null},\"thumbnail\":\"https:\\\/\\\/www.vignevin.com\\\/wp-content\\\/uploads\\\/2019\\\/03\\\/Sympt\u00f4mes-de-Red-Blotch-sur-Merlot-2-150x150.jpg\",\"medium\":\"https:\\\/\\\/www.vignevin.com\\\/wp-content\\\/uploads\\\/2019\\\/03\\\/Sympt\u00f4mes-de-Red-Blotch-sur-Merlot-2-300x225.jpg\",\"medium_large\":\"https:\\\/\\\/www.vignevin.com\\\/wp-content\\\/uploads\\\/2019\\\/03\\\/Sympt\u00f4mes-de-Red-Blotch-sur-Merlot-2-768x576.jpg\",\"large\":\"https:\\\/\\\/www.vignevin.com\\\/wp-content\\\/uploads\\\/2019\\\/03\\\/Sympt\u00f4mes-de-Red-Blotch-sur-Merlot-2-1024x768.jpg\",\"1536x1536\":\"https:\\\/\\\/www.vignevin.com\\\/wp-content\\\/uploads\\\/2019\\\/03\\\/Sympt\u00f4mes-de-Red-Blotch-sur-Merlot-2.jpg\",\"2048x2048\":\"https:\\\/\\\/www.vignevin.com\\\/wp-content\\\/uploads\\\/2019\\\/03\\\/Sympt\u00f4mes-de-Red-Blotch-sur-Merlot-2.jpg\",\"et-pb-post-main-image\":\"https:\\\/\\\/www.vignevin.com\\\/wp-content\\\/uploads\\\/2019\\\/03\\\/Sympt\u00f4mes-de-Red-Blotch-sur-Merlot-2-400x250.jpg\",\"et-pb-post-main-image-fullwidth\":\"https:\\\/\\\/www.vignevin.com\\\/wp-content\\\/uploads\\\/2019\\\/03\\\/Sympt\u00f4mes-de-Red-Blotch-sur-Merlot-2-1080x675.jpg\",\"et-pb-portfolio-image\":\"https:\\\/\\\/www.vignevin.com\\\/wp-content\\\/uploads\\\/2019\\\/03\\\/Sympt\u00f4mes-de-Red-Blotch-sur-Merlot-2-400x284.jpg\",\"et-pb-portfolio-module-image\":\"https:\\\/\\\/www.vignevin.com\\\/wp-content\\\/uploads\\\/2019\\\/03\\\/Sympt\u00f4mes-de-Red-Blotch-sur-Merlot-2-510x382.jpg\",\"et-pb-portfolio-image-single\":\"https:\\\/\\\/www.vignevin.com\\\/wp-content\\\/uploads\\\/2019\\\/03\\\/Sympt\u00f4mes-de-Red-Blotch-sur-Merlot-2-1080x810.jpg\",\"et-pb-gallery-module-image-portrait\":\"https:\\\/\\\/www.vignevin.com\\\/wp-content\\\/uploads\\\/2019\\\/03\\\/Sympt\u00f4mes-de-Red-Blotch-sur-Merlot-2-400x516.jpg\",\"et-pb-post-main-image-fullwidth-large\":\"https:\\\/\\\/www.vignevin.com\\\/wp-content\\\/uploads\\\/2019\\\/03\\\/Sympt\u00f4mes-de-Red-Blotch-sur-Merlot-2.jpg\",\"et-pb-image--responsive--desktop\":\"https:\\\/\\\/www.vignevin.com\\\/wp-content\\\/uploads\\\/2019\\\/03\\\/Sympt\u00f4mes-de-Red-Blotch-sur-Merlot-2.jpg\",\"et-pb-image--responsive--tablet\":\"https:\\\/\\\/www.vignevin.com\\\/wp-content\\\/uploads\\\/2019\\\/03\\\/Sympt\u00f4mes-de-Red-Blotch-sur-Merlot-2.jpg\",\"et-pb-image--responsive--phone\":\"https:\\\/\\\/www.vignevin.com\\\/wp-content\\\/uploads\\\/2019\\\/03\\\/Sympt\u00f4mes-de-Red-Blotch-sur-Merlot-2.jpg\",\"gform-image-choice-sm\":\"https:\\\/\\\/www.vignevin.com\\\/wp-content\\\/uploads\\\/2019\\\/03\\\/Sympt\u00f4mes-de-Red-Blotch-sur-Merlot-2.jpg\",\"gform-image-choice-md\":\"https:\\\/\\\/www.vignevin.com\\\/wp-content\\\/uploads\\\/2019\\\/03\\\/Sympt\u00f4mes-de-Red-Blotch-sur-Merlot-2.jpg\",\"gform-image-choice-lg\":\"https:\\\/\\\/www.vignevin.com\\\/wp-content\\\/uploads\\\/2019\\\/03\\\/Sympt\u00f4mes-de-Red-Blotch-sur-Merlot-2.jpg\",\"woocommerce_thumbnail\":\"https:\\\/\\\/www.vignevin.com\\\/wp-content\\\/uploads\\\/2019\\\/03\\\/Sympt\u00f4mes-de-Red-Blotch-sur-Merlot-2-300x300.jpg\",\"woocommerce_single\":\"https:\\\/\\\/www.vignevin.com\\\/wp-content\\\/uploads\\\/2019\\\/03\\\/Sympt\u00f4mes-de-Red-Blotch-sur-Merlot-2-600x450.jpg\",\"woocommerce_gallery_thumbnail\":\"https:\\\/\\\/www.vignevin.com\\\/wp-content\\\/uploads\\\/2019\\\/03\\\/Sympt\u00f4mes-de-Red-Blotch-sur-Merlot-2-100x100.jpg\",\"full\":\"https:\\\/\\\/www.vignevin.com\\\/wp-content\\\/uploads\\\/2019\\\/03\\\/Sympt\u00f4mes-de-Red-Blotch-sur-Merlot-2.jpg\",\"index\":53,\"id\":9919,\"video\":false,\"opts\":{\"caption\":\"\",\"thumb\":{\"errors\":{\"envira-gallery-error-no-file\":[\"No file could be found for the image URL specified.\"]},\"error_data\":[]},\"title\":\"Sympt&ocirc;mes de Red Blotch sur Merlot (2)\"},\"gallery_id\":\"17413\"},\"9920\":{\"status\":\"active\",\"src\":\"https:\\\/\\\/www.vignevin.com\\\/wp-content\\\/uploads\\\/2019\\\/03\\\/Sympt\u00f4mes-de-Red-Blotch-sur-Merlot-3.jpg\",\"title\":\"Sympt&ocirc;mes de Red Blotch sur Merlot (3)\",\"link\":\"https:\\\/\\\/www.vignevin.com\\\/wp-content\\\/uploads\\\/2019\\\/03\\\/Sympt\u00f4mes-de-Red-Blotch-sur-Merlot-3.jpg\",\"alt\":\"\",\"caption\":false,\"thumb\":{\"errors\":{\"envira-gallery-error-no-file\":[\"No file could be found for the image URL specified.\"]},\"error_data\":[]},\"meta\":{\"aperture\":null,\"credit\":null,\"camera\":null,\"caption\":\"\",\"created_timestamp\":null,\"copyright\":null,\"focal_length\":null,\"iso\":null,\"shutter_speed\":null,\"title\":\"\",\"orientation\":null,\"keywords\":null},\"thumbnail\":\"https:\\\/\\\/www.vignevin.com\\\/wp-content\\\/uploads\\\/2019\\\/03\\\/Sympt\u00f4mes-de-Red-Blotch-sur-Merlot-3-150x150.jpg\",\"medium\":\"https:\\\/\\\/www.vignevin.com\\\/wp-content\\\/uploads\\\/2019\\\/03\\\/Sympt\u00f4mes-de-Red-Blotch-sur-Merlot-3-300x200.jpg\",\"medium_large\":\"https:\\\/\\\/www.vignevin.com\\\/wp-content\\\/uploads\\\/2019\\\/03\\\/Sympt\u00f4mes-de-Red-Blotch-sur-Merlot-3-768x512.jpg\",\"large\":\"https:\\\/\\\/www.vignevin.com\\\/wp-content\\\/uploads\\\/2019\\\/03\\\/Sympt\u00f4mes-de-Red-Blotch-sur-Merlot-3-1024x682.jpg\",\"1536x1536\":\"https:\\\/\\\/www.vignevin.com\\\/wp-content\\\/uploads\\\/2019\\\/03\\\/Sympt\u00f4mes-de-Red-Blotch-sur-Merlot-3.jpg\",\"2048x2048\":\"https:\\\/\\\/www.vignevin.com\\\/wp-content\\\/uploads\\\/2019\\\/03\\\/Sympt\u00f4mes-de-Red-Blotch-sur-Merlot-3.jpg\",\"et-pb-post-main-image\":\"https:\\\/\\\/www.vignevin.com\\\/wp-content\\\/uploads\\\/2019\\\/03\\\/Sympt\u00f4mes-de-Red-Blotch-sur-Merlot-3-400x250.jpg\",\"et-pb-post-main-image-fullwidth\":\"https:\\\/\\\/www.vignevin.com\\\/wp-content\\\/uploads\\\/2019\\\/03\\\/Sympt\u00f4mes-de-Red-Blotch-sur-Merlot-3-1080x675.jpg\",\"et-pb-portfolio-image\":\"https:\\\/\\\/www.vignevin.com\\\/wp-content\\\/uploads\\\/2019\\\/03\\\/Sympt\u00f4mes-de-Red-Blotch-sur-Merlot-3-400x284.jpg\",\"et-pb-portfolio-module-image\":\"https:\\\/\\\/www.vignevin.com\\\/wp-content\\\/uploads\\\/2019\\\/03\\\/Sympt\u00f4mes-de-Red-Blotch-sur-Merlot-3-510x382.jpg\",\"et-pb-portfolio-image-single\":\"https:\\\/\\\/www.vignevin.com\\\/wp-content\\\/uploads\\\/2019\\\/03\\\/Sympt\u00f4mes-de-Red-Blotch-sur-Merlot-3-1080x720.jpg\",\"et-pb-gallery-module-image-portrait\":\"https:\\\/\\\/www.vignevin.com\\\/wp-content\\\/uploads\\\/2019\\\/03\\\/Sympt\u00f4mes-de-Red-Blotch-sur-Merlot-3-400x516.jpg\",\"et-pb-post-main-image-fullwidth-large\":\"https:\\\/\\\/www.vignevin.com\\\/wp-content\\\/uploads\\\/2019\\\/03\\\/Sympt\u00f4mes-de-Red-Blotch-sur-Merlot-3.jpg\",\"et-pb-image--responsive--desktop\":\"https:\\\/\\\/www.vignevin.com\\\/wp-content\\\/uploads\\\/2019\\\/03\\\/Sympt\u00f4mes-de-Red-Blotch-sur-Merlot-3.jpg\",\"et-pb-image--responsive--tablet\":\"https:\\\/\\\/www.vignevin.com\\\/wp-content\\\/uploads\\\/2019\\\/03\\\/Sympt\u00f4mes-de-Red-Blotch-sur-Merlot-3.jpg\",\"et-pb-image--responsive--phone\":\"https:\\\/\\\/www.vignevin.com\\\/wp-content\\\/uploads\\\/2019\\\/03\\\/Sympt\u00f4mes-de-Red-Blotch-sur-Merlot-3.jpg\",\"gform-image-choice-sm\":\"https:\\\/\\\/www.vignevin.com\\\/wp-content\\\/uploads\\\/2019\\\/03\\\/Sympt\u00f4mes-de-Red-Blotch-sur-Merlot-3.jpg\",\"gform-image-choice-md\":\"https:\\\/\\\/www.vignevin.com\\\/wp-content\\\/uploads\\\/2019\\\/03\\\/Sympt\u00f4mes-de-Red-Blotch-sur-Merlot-3.jpg\",\"gform-image-choice-lg\":\"https:\\\/\\\/www.vignevin.com\\\/wp-content\\\/uploads\\\/2019\\\/03\\\/Sympt\u00f4mes-de-Red-Blotch-sur-Merlot-3.jpg\",\"woocommerce_thumbnail\":\"https:\\\/\\\/www.vignevin.com\\\/wp-content\\\/uploads\\\/2019\\\/03\\\/Sympt\u00f4mes-de-Red-Blotch-sur-Merlot-3-300x300.jpg\",\"woocommerce_single\":\"https:\\\/\\\/www.vignevin.com\\\/wp-content\\\/uploads\\\/2019\\\/03\\\/Sympt\u00f4mes-de-Red-Blotch-sur-Merlot-3-600x400.jpg\",\"woocommerce_gallery_thumbnail\":\"https:\\\/\\\/www.vignevin.com\\\/wp-content\\\/uploads\\\/2019\\\/03\\\/Sympt\u00f4mes-de-Red-Blotch-sur-Merlot-3-100x100.jpg\",\"full\":\"https:\\\/\\\/www.vignevin.com\\\/wp-content\\\/uploads\\\/2019\\\/03\\\/Sympt\u00f4mes-de-Red-Blotch-sur-Merlot-3.jpg\",\"index\":54,\"id\":9920,\"video\":false,\"opts\":{\"caption\":\"\",\"thumb\":{\"errors\":{\"envira-gallery-error-no-file\":[\"No file could be found for the image URL specified.\"]},\"error_data\":[]},\"title\":\"Sympt&ocirc;mes de Red Blotch sur Merlot (3)\"},\"gallery_id\":\"17413\"},\"9921\":{\"status\":\"active\",\"src\":\"https:\\\/\\\/www.vignevin.com\\\/wp-content\\\/uploads\\\/2019\\\/03\\\/Sympt\u00f4mes-de-Red-Blotch-sur-Merlot.jpg\",\"title\":\"Sympt&ocirc;mes de Red Blotch sur Merlot\",\"link\":\"https:\\\/\\\/www.vignevin.com\\\/wp-content\\\/uploads\\\/2019\\\/03\\\/Sympt\u00f4mes-de-Red-Blotch-sur-Merlot.jpg\",\"alt\":\"\",\"caption\":false,\"thumb\":{\"errors\":{\"envira-gallery-error-no-file\":[\"No file could be found for the image URL specified.\"]},\"error_data\":[]},\"meta\":{\"aperture\":null,\"credit\":null,\"camera\":null,\"caption\":\"\",\"created_timestamp\":null,\"copyright\":null,\"focal_length\":null,\"iso\":null,\"shutter_speed\":null,\"title\":\"\",\"orientation\":null,\"keywords\":null},\"thumbnail\":\"https:\\\/\\\/www.vignevin.com\\\/wp-content\\\/uploads\\\/2019\\\/03\\\/Sympt\u00f4mes-de-Red-Blotch-sur-Merlot-150x150.jpg\",\"medium\":\"https:\\\/\\\/www.vignevin.com\\\/wp-content\\\/uploads\\\/2019\\\/03\\\/Sympt\u00f4mes-de-Red-Blotch-sur-Merlot-300x183.jpg\",\"medium_large\":\"https:\\\/\\\/www.vignevin.com\\\/wp-content\\\/uploads\\\/2019\\\/03\\\/Sympt\u00f4mes-de-Red-Blotch-sur-Merlot-768x469.jpg\",\"large\":\"https:\\\/\\\/www.vignevin.com\\\/wp-content\\\/uploads\\\/2019\\\/03\\\/Sympt\u00f4mes-de-Red-Blotch-sur-Merlot.jpg\",\"1536x1536\":\"https:\\\/\\\/www.vignevin.com\\\/wp-content\\\/uploads\\\/2019\\\/03\\\/Sympt\u00f4mes-de-Red-Blotch-sur-Merlot.jpg\",\"2048x2048\":\"https:\\\/\\\/www.vignevin.com\\\/wp-content\\\/uploads\\\/2019\\\/03\\\/Sympt\u00f4mes-de-Red-Blotch-sur-Merlot.jpg\",\"et-pb-post-main-image\":\"https:\\\/\\\/www.vignevin.com\\\/wp-content\\\/uploads\\\/2019\\\/03\\\/Sympt\u00f4mes-de-Red-Blotch-sur-Merlot-400x250.jpg\",\"et-pb-post-main-image-fullwidth\":\"https:\\\/\\\/www.vignevin.com\\\/wp-content\\\/uploads\\\/2019\\\/03\\\/Sympt\u00f4mes-de-Red-Blotch-sur-Merlot.jpg\",\"et-pb-portfolio-image\":\"https:\\\/\\\/www.vignevin.com\\\/wp-content\\\/uploads\\\/2019\\\/03\\\/Sympt\u00f4mes-de-Red-Blotch-sur-Merlot-400x284.jpg\",\"et-pb-portfolio-module-image\":\"https:\\\/\\\/www.vignevin.com\\\/wp-content\\\/uploads\\\/2019\\\/03\\\/Sympt\u00f4mes-de-Red-Blotch-sur-Merlot-510x382.jpg\",\"et-pb-portfolio-image-single\":\"https:\\\/\\\/www.vignevin.com\\\/wp-content\\\/uploads\\\/2019\\\/03\\\/Sympt\u00f4mes-de-Red-Blotch-sur-Merlot.jpg\",\"et-pb-gallery-module-image-portrait\":\"https:\\\/\\\/www.vignevin.com\\\/wp-content\\\/uploads\\\/2019\\\/03\\\/Sympt\u00f4mes-de-Red-Blotch-sur-Merlot-400x476.jpg\",\"et-pb-post-main-image-fullwidth-large\":\"https:\\\/\\\/www.vignevin.com\\\/wp-content\\\/uploads\\\/2019\\\/03\\\/Sympt\u00f4mes-de-Red-Blotch-sur-Merlot.jpg\",\"et-pb-image--responsive--desktop\":\"https:\\\/\\\/www.vignevin.com\\\/wp-content\\\/uploads\\\/2019\\\/03\\\/Sympt\u00f4mes-de-Red-Blotch-sur-Merlot.jpg\",\"et-pb-image--responsive--tablet\":\"https:\\\/\\\/www.vignevin.com\\\/wp-content\\\/uploads\\\/2019\\\/03\\\/Sympt\u00f4mes-de-Red-Blotch-sur-Merlot.jpg\",\"et-pb-image--responsive--phone\":\"https:\\\/\\\/www.vignevin.com\\\/wp-content\\\/uploads\\\/2019\\\/03\\\/Sympt\u00f4mes-de-Red-Blotch-sur-Merlot.jpg\",\"gform-image-choice-sm\":\"https:\\\/\\\/www.vignevin.com\\\/wp-content\\\/uploads\\\/2019\\\/03\\\/Sympt\u00f4mes-de-Red-Blotch-sur-Merlot.jpg\",\"gform-image-choice-md\":\"https:\\\/\\\/www.vignevin.com\\\/wp-content\\\/uploads\\\/2019\\\/03\\\/Sympt\u00f4mes-de-Red-Blotch-sur-Merlot.jpg\",\"gform-image-choice-lg\":\"https:\\\/\\\/www.vignevin.com\\\/wp-content\\\/uploads\\\/2019\\\/03\\\/Sympt\u00f4mes-de-Red-Blotch-sur-Merlot.jpg\",\"woocommerce_thumbnail\":\"https:\\\/\\\/www.vignevin.com\\\/wp-content\\\/uploads\\\/2019\\\/03\\\/Sympt\u00f4mes-de-Red-Blotch-sur-Merlot-300x300.jpg\",\"woocommerce_single\":\"https:\\\/\\\/www.vignevin.com\\\/wp-content\\\/uploads\\\/2019\\\/03\\\/Sympt\u00f4mes-de-Red-Blotch-sur-Merlot-600x367.jpg\",\"woocommerce_gallery_thumbnail\":\"https:\\\/\\\/www.vignevin.com\\\/wp-content\\\/uploads\\\/2019\\\/03\\\/Sympt\u00f4mes-de-Red-Blotch-sur-Merlot-100x100.jpg\",\"full\":\"https:\\\/\\\/www.vignevin.com\\\/wp-content\\\/uploads\\\/2019\\\/03\\\/Sympt\u00f4mes-de-Red-Blotch-sur-Merlot.jpg\",\"index\":55,\"id\":9921,\"video\":false,\"opts\":{\"caption\":\"\",\"thumb\":{\"errors\":{\"envira-gallery-error-no-file\":[\"No file could be found for the image URL specified.\"]},\"error_data\":[]},\"title\":\"Sympt&ocirc;mes de Red Blotch sur Merlot\"},\"gallery_id\":\"17413\"},\"9922\":{\"status\":\"active\",\"src\":\"https:\\\/\\\/www.vignevin.com\\\/wp-content\\\/uploads\\\/2019\\\/03\\\/Sympt\u00f4mes-de-Red-Blotch-sur-Pinot-noir.jpg\",\"title\":\"Sympt&ocirc;mes de Red Blotch sur Pinot noir\",\"link\":\"https:\\\/\\\/www.vignevin.com\\\/wp-content\\\/uploads\\\/2019\\\/03\\\/Sympt\u00f4mes-de-Red-Blotch-sur-Pinot-noir.jpg\",\"alt\":\"\",\"caption\":false,\"thumb\":{\"errors\":{\"envira-gallery-error-no-file\":[\"No file could be found for the image URL specified.\"]},\"error_data\":[]},\"meta\":{\"aperture\":null,\"credit\":null,\"camera\":null,\"caption\":\"\",\"created_timestamp\":null,\"copyright\":null,\"focal_length\":null,\"iso\":null,\"shutter_speed\":null,\"title\":\"\",\"orientation\":\"1\",\"keywords\":null},\"thumbnail\":\"https:\\\/\\\/www.vignevin.com\\\/wp-content\\\/uploads\\\/2019\\\/03\\\/Sympt\u00f4mes-de-Red-Blotch-sur-Pinot-noir-150x150.jpg\",\"medium\":\"https:\\\/\\\/www.vignevin.com\\\/wp-content\\\/uploads\\\/2019\\\/03\\\/Sympt\u00f4mes-de-Red-Blotch-sur-Pinot-noir-300x200.jpg\",\"medium_large\":\"https:\\\/\\\/www.vignevin.com\\\/wp-content\\\/uploads\\\/2019\\\/03\\\/Sympt\u00f4mes-de-Red-Blotch-sur-Pinot-noir.jpg\",\"large\":\"https:\\\/\\\/www.vignevin.com\\\/wp-content\\\/uploads\\\/2019\\\/03\\\/Sympt\u00f4mes-de-Red-Blotch-sur-Pinot-noir.jpg\",\"1536x1536\":\"https:\\\/\\\/www.vignevin.com\\\/wp-content\\\/uploads\\\/2019\\\/03\\\/Sympt\u00f4mes-de-Red-Blotch-sur-Pinot-noir.jpg\",\"2048x2048\":\"https:\\\/\\\/www.vignevin.com\\\/wp-content\\\/uploads\\\/2019\\\/03\\\/Sympt\u00f4mes-de-Red-Blotch-sur-Pinot-noir.jpg\",\"et-pb-post-main-image\":\"https:\\\/\\\/www.vignevin.com\\\/wp-content\\\/uploads\\\/2019\\\/03\\\/Sympt\u00f4mes-de-Red-Blotch-sur-Pinot-noir-400x250.jpg\",\"et-pb-post-main-image-fullwidth\":\"https:\\\/\\\/www.vignevin.com\\\/wp-content\\\/uploads\\\/2019\\\/03\\\/Sympt\u00f4mes-de-Red-Blotch-sur-Pinot-noir.jpg\",\"et-pb-portfolio-image\":\"https:\\\/\\\/www.vignevin.com\\\/wp-content\\\/uploads\\\/2019\\\/03\\\/Sympt\u00f4mes-de-Red-Blotch-sur-Pinot-noir-400x284.jpg\",\"et-pb-portfolio-module-image\":\"https:\\\/\\\/www.vignevin.com\\\/wp-content\\\/uploads\\\/2019\\\/03\\\/Sympt\u00f4mes-de-Red-Blotch-sur-Pinot-noir-510x382.jpg\",\"et-pb-portfolio-image-single\":\"https:\\\/\\\/www.vignevin.com\\\/wp-content\\\/uploads\\\/2019\\\/03\\\/Sympt\u00f4mes-de-Red-Blotch-sur-Pinot-noir.jpg\",\"et-pb-gallery-module-image-portrait\":\"https:\\\/\\\/www.vignevin.com\\\/wp-content\\\/uploads\\\/2019\\\/03\\\/Sympt\u00f4mes-de-Red-Blotch-sur-Pinot-noir-400x479.jpg\",\"et-pb-post-main-image-fullwidth-large\":\"https:\\\/\\\/www.vignevin.com\\\/wp-content\\\/uploads\\\/2019\\\/03\\\/Sympt\u00f4mes-de-Red-Blotch-sur-Pinot-noir.jpg\",\"et-pb-image--responsive--desktop\":\"https:\\\/\\\/www.vignevin.com\\\/wp-content\\\/uploads\\\/2019\\\/03\\\/Sympt\u00f4mes-de-Red-Blotch-sur-Pinot-noir.jpg\",\"et-pb-image--responsive--tablet\":\"https:\\\/\\\/www.vignevin.com\\\/wp-content\\\/uploads\\\/2019\\\/03\\\/Sympt\u00f4mes-de-Red-Blotch-sur-Pinot-noir.jpg\",\"et-pb-image--responsive--phone\":\"https:\\\/\\\/www.vignevin.com\\\/wp-content\\\/uploads\\\/2019\\\/03\\\/Sympt\u00f4mes-de-Red-Blotch-sur-Pinot-noir.jpg\",\"gform-image-choice-sm\":\"https:\\\/\\\/www.vignevin.com\\\/wp-content\\\/uploads\\\/2019\\\/03\\\/Sympt\u00f4mes-de-Red-Blotch-sur-Pinot-noir.jpg\",\"gform-image-choice-md\":\"https:\\\/\\\/www.vignevin.com\\\/wp-content\\\/uploads\\\/2019\\\/03\\\/Sympt\u00f4mes-de-Red-Blotch-sur-Pinot-noir.jpg\",\"gform-image-choice-lg\":\"https:\\\/\\\/www.vignevin.com\\\/wp-content\\\/uploads\\\/2019\\\/03\\\/Sympt\u00f4mes-de-Red-Blotch-sur-Pinot-noir.jpg\",\"woocommerce_thumbnail\":\"https:\\\/\\\/www.vignevin.com\\\/wp-content\\\/uploads\\\/2019\\\/03\\\/Sympt\u00f4mes-de-Red-Blotch-sur-Pinot-noir-300x300.jpg\",\"woocommerce_single\":\"https:\\\/\\\/www.vignevin.com\\\/wp-content\\\/uploads\\\/2019\\\/03\\\/Sympt\u00f4mes-de-Red-Blotch-sur-Pinot-noir-600x399.jpg\",\"woocommerce_gallery_thumbnail\":\"https:\\\/\\\/www.vignevin.com\\\/wp-content\\\/uploads\\\/2019\\\/03\\\/Sympt\u00f4mes-de-Red-Blotch-sur-Pinot-noir-100x100.jpg\",\"full\":\"https:\\\/\\\/www.vignevin.com\\\/wp-content\\\/uploads\\\/2019\\\/03\\\/Sympt\u00f4mes-de-Red-Blotch-sur-Pinot-noir.jpg\",\"index\":56,\"id\":9922,\"video\":false,\"opts\":{\"caption\":\"\",\"thumb\":{\"errors\":{\"envira-gallery-error-no-file\":[\"No file could be found for the image URL specified.\"]},\"error_data\":[]},\"title\":\"Sympt&ocirc;mes de Red Blotch sur Pinot noir\"},\"gallery_id\":\"17413\"},\"9923\":{\"status\":\"active\",\"src\":\"https:\\\/\\\/www.vignevin.com\\\/wp-content\\\/uploads\\\/2019\\\/03\\\/Sympt\u00f4mes-de-Red-Blotch-sur-un-hybride-intersp\u00e9cifique-2.jpg\",\"title\":\"Sympt&ocirc;mes de Red Blotch sur un hybride intersp&eacute;cifique (2)\",\"link\":\"https:\\\/\\\/www.vignevin.com\\\/wp-content\\\/uploads\\\/2019\\\/03\\\/Sympt\u00f4mes-de-Red-Blotch-sur-un-hybride-intersp\u00e9cifique-2.jpg\",\"alt\":\"\",\"caption\":false,\"thumb\":{\"errors\":{\"envira-gallery-error-no-file\":[\"No file could be found for the image URL specified.\"]},\"error_data\":[]},\"meta\":{\"aperture\":null,\"credit\":null,\"camera\":null,\"caption\":\"\",\"created_timestamp\":null,\"copyright\":null,\"focal_length\":null,\"iso\":null,\"shutter_speed\":null,\"title\":\"\",\"orientation\":null,\"keywords\":null},\"thumbnail\":\"https:\\\/\\\/www.vignevin.com\\\/wp-content\\\/uploads\\\/2019\\\/03\\\/Sympt\u00f4mes-de-Red-Blotch-sur-un-hybride-intersp\u00e9cifique-2-150x150.jpg\",\"medium\":\"https:\\\/\\\/www.vignevin.com\\\/wp-content\\\/uploads\\\/2019\\\/03\\\/Sympt\u00f4mes-de-Red-Blotch-sur-un-hybride-intersp\u00e9cifique-2-300x226.jpg\",\"medium_large\":\"https:\\\/\\\/www.vignevin.com\\\/wp-content\\\/uploads\\\/2019\\\/03\\\/Sympt\u00f4mes-de-Red-Blotch-sur-un-hybride-intersp\u00e9cifique-2.jpg\",\"large\":\"https:\\\/\\\/www.vignevin.com\\\/wp-content\\\/uploads\\\/2019\\\/03\\\/Sympt\u00f4mes-de-Red-Blotch-sur-un-hybride-intersp\u00e9cifique-2.jpg\",\"1536x1536\":\"https:\\\/\\\/www.vignevin.com\\\/wp-content\\\/uploads\\\/2019\\\/03\\\/Sympt\u00f4mes-de-Red-Blotch-sur-un-hybride-intersp\u00e9cifique-2.jpg\",\"2048x2048\":\"https:\\\/\\\/www.vignevin.com\\\/wp-content\\\/uploads\\\/2019\\\/03\\\/Sympt\u00f4mes-de-Red-Blotch-sur-un-hybride-intersp\u00e9cifique-2.jpg\",\"et-pb-post-main-image\":\"https:\\\/\\\/www.vignevin.com\\\/wp-content\\\/uploads\\\/2019\\\/03\\\/Sympt\u00f4mes-de-Red-Blotch-sur-un-hybride-intersp\u00e9cifique-2-400x250.jpg\",\"et-pb-post-main-image-fullwidth\":\"https:\\\/\\\/www.vignevin.com\\\/wp-content\\\/uploads\\\/2019\\\/03\\\/Sympt\u00f4mes-de-Red-Blotch-sur-un-hybride-intersp\u00e9cifique-2.jpg\",\"et-pb-portfolio-image\":\"https:\\\/\\\/www.vignevin.com\\\/wp-content\\\/uploads\\\/2019\\\/03\\\/Sympt\u00f4mes-de-Red-Blotch-sur-un-hybride-intersp\u00e9cifique-2-400x284.jpg\",\"et-pb-portfolio-module-image\":\"https:\\\/\\\/www.vignevin.com\\\/wp-content\\\/uploads\\\/2019\\\/03\\\/Sympt\u00f4mes-de-Red-Blotch-sur-un-hybride-intersp\u00e9cifique-2.jpg\",\"et-pb-portfolio-image-single\":\"https:\\\/\\\/www.vignevin.com\\\/wp-content\\\/uploads\\\/2019\\\/03\\\/Sympt\u00f4mes-de-Red-Blotch-sur-un-hybride-intersp\u00e9cifique-2.jpg\",\"et-pb-gallery-module-image-portrait\":\"https:\\\/\\\/www.vignevin.com\\\/wp-content\\\/uploads\\\/2019\\\/03\\\/Sympt\u00f4mes-de-Red-Blotch-sur-un-hybride-intersp\u00e9cifique-2-400x324.jpg\",\"et-pb-post-main-image-fullwidth-large\":\"https:\\\/\\\/www.vignevin.com\\\/wp-content\\\/uploads\\\/2019\\\/03\\\/Sympt\u00f4mes-de-Red-Blotch-sur-un-hybride-intersp\u00e9cifique-2.jpg\",\"et-pb-image--responsive--desktop\":\"https:\\\/\\\/www.vignevin.com\\\/wp-content\\\/uploads\\\/2019\\\/03\\\/Sympt\u00f4mes-de-Red-Blotch-sur-un-hybride-intersp\u00e9cifique-2.jpg\",\"et-pb-image--responsive--tablet\":\"https:\\\/\\\/www.vignevin.com\\\/wp-content\\\/uploads\\\/2019\\\/03\\\/Sympt\u00f4mes-de-Red-Blotch-sur-un-hybride-intersp\u00e9cifique-2.jpg\",\"et-pb-image--responsive--phone\":\"https:\\\/\\\/www.vignevin.com\\\/wp-content\\\/uploads\\\/2019\\\/03\\\/Sympt\u00f4mes-de-Red-Blotch-sur-un-hybride-intersp\u00e9cifique-2.jpg\",\"gform-image-choice-sm\":\"https:\\\/\\\/www.vignevin.com\\\/wp-content\\\/uploads\\\/2019\\\/03\\\/Sympt\u00f4mes-de-Red-Blotch-sur-un-hybride-intersp\u00e9cifique-2.jpg\",\"gform-image-choice-md\":\"https:\\\/\\\/www.vignevin.com\\\/wp-content\\\/uploads\\\/2019\\\/03\\\/Sympt\u00f4mes-de-Red-Blotch-sur-un-hybride-intersp\u00e9cifique-2.jpg\",\"gform-image-choice-lg\":\"https:\\\/\\\/www.vignevin.com\\\/wp-content\\\/uploads\\\/2019\\\/03\\\/Sympt\u00f4mes-de-Red-Blotch-sur-un-hybride-intersp\u00e9cifique-2.jpg\",\"woocommerce_thumbnail\":\"https:\\\/\\\/www.vignevin.com\\\/wp-content\\\/uploads\\\/2019\\\/03\\\/Sympt\u00f4mes-de-Red-Blotch-sur-un-hybride-intersp\u00e9cifique-2-300x300.jpg\",\"woocommerce_single\":\"https:\\\/\\\/www.vignevin.com\\\/wp-content\\\/uploads\\\/2019\\\/03\\\/Sympt\u00f4mes-de-Red-Blotch-sur-un-hybride-intersp\u00e9cifique-2.jpg\",\"woocommerce_gallery_thumbnail\":\"https:\\\/\\\/www.vignevin.com\\\/wp-content\\\/uploads\\\/2019\\\/03\\\/Sympt\u00f4mes-de-Red-Blotch-sur-un-hybride-intersp\u00e9cifique-2-100x100.jpg\",\"full\":\"https:\\\/\\\/www.vignevin.com\\\/wp-content\\\/uploads\\\/2019\\\/03\\\/Sympt\u00f4mes-de-Red-Blotch-sur-un-hybride-intersp\u00e9cifique-2.jpg\",\"index\":57,\"id\":9923,\"video\":false,\"opts\":{\"caption\":\"\",\"thumb\":{\"errors\":{\"envira-gallery-error-no-file\":[\"No file could be found for the image URL specified.\"]},\"error_data\":[]},\"title\":\"Sympt&ocirc;mes de Red Blotch sur un hybride intersp&eacute;cifique (2)\"},\"gallery_id\":\"17413\"},\"9924\":{\"status\":\"active\",\"src\":\"https:\\\/\\\/www.vignevin.com\\\/wp-content\\\/uploads\\\/2019\\\/03\\\/Sympt\u00f4mes-de-Red-Blotch-sur-un-hybride-intersp\u00e9cifique-3.jpg\",\"title\":\"Sympt&ocirc;mes de Red Blotch sur un hybride intersp&eacute;cifique (3)\",\"link\":\"https:\\\/\\\/www.vignevin.com\\\/wp-content\\\/uploads\\\/2019\\\/03\\\/Sympt\u00f4mes-de-Red-Blotch-sur-un-hybride-intersp\u00e9cifique-3.jpg\",\"alt\":\"\",\"caption\":false,\"thumb\":{\"errors\":{\"envira-gallery-error-no-file\":[\"No file could be found for the image URL specified.\"]},\"error_data\":[]},\"meta\":{\"aperture\":null,\"credit\":null,\"camera\":null,\"caption\":\"\",\"created_timestamp\":null,\"copyright\":null,\"focal_length\":null,\"iso\":null,\"shutter_speed\":null,\"title\":\"\",\"orientation\":null,\"keywords\":null},\"thumbnail\":\"https:\\\/\\\/www.vignevin.com\\\/wp-content\\\/uploads\\\/2019\\\/03\\\/Sympt\u00f4mes-de-Red-Blotch-sur-un-hybride-intersp\u00e9cifique-3-150x150.jpg\",\"medium\":\"https:\\\/\\\/www.vignevin.com\\\/wp-content\\\/uploads\\\/2019\\\/03\\\/Sympt\u00f4mes-de-Red-Blotch-sur-un-hybride-intersp\u00e9cifique-3-300x241.jpg\",\"medium_large\":\"https:\\\/\\\/www.vignevin.com\\\/wp-content\\\/uploads\\\/2019\\\/03\\\/Sympt\u00f4mes-de-Red-Blotch-sur-un-hybride-intersp\u00e9cifique-3-768x616.jpg\",\"large\":\"https:\\\/\\\/www.vignevin.com\\\/wp-content\\\/uploads\\\/2019\\\/03\\\/Sympt\u00f4mes-de-Red-Blotch-sur-un-hybride-intersp\u00e9cifique-3.jpg\",\"1536x1536\":\"https:\\\/\\\/www.vignevin.com\\\/wp-content\\\/uploads\\\/2019\\\/03\\\/Sympt\u00f4mes-de-Red-Blotch-sur-un-hybride-intersp\u00e9cifique-3.jpg\",\"2048x2048\":\"https:\\\/\\\/www.vignevin.com\\\/wp-content\\\/uploads\\\/2019\\\/03\\\/Sympt\u00f4mes-de-Red-Blotch-sur-un-hybride-intersp\u00e9cifique-3.jpg\",\"et-pb-post-main-image\":\"https:\\\/\\\/www.vignevin.com\\\/wp-content\\\/uploads\\\/2019\\\/03\\\/Sympt\u00f4mes-de-Red-Blotch-sur-un-hybride-intersp\u00e9cifique-3-400x250.jpg\",\"et-pb-post-main-image-fullwidth\":\"https:\\\/\\\/www.vignevin.com\\\/wp-content\\\/uploads\\\/2019\\\/03\\\/Sympt\u00f4mes-de-Red-Blotch-sur-un-hybride-intersp\u00e9cifique-3.jpg\",\"et-pb-portfolio-image\":\"https:\\\/\\\/www.vignevin.com\\\/wp-content\\\/uploads\\\/2019\\\/03\\\/Sympt\u00f4mes-de-Red-Blotch-sur-un-hybride-intersp\u00e9cifique-3-400x284.jpg\",\"et-pb-portfolio-module-image\":\"https:\\\/\\\/www.vignevin.com\\\/wp-content\\\/uploads\\\/2019\\\/03\\\/Sympt\u00f4mes-de-Red-Blotch-sur-un-hybride-intersp\u00e9cifique-3-510x382.jpg\",\"et-pb-portfolio-image-single\":\"https:\\\/\\\/www.vignevin.com\\\/wp-content\\\/uploads\\\/2019\\\/03\\\/Sympt\u00f4mes-de-Red-Blotch-sur-un-hybride-intersp\u00e9cifique-3.jpg\",\"et-pb-gallery-module-image-portrait\":\"https:\\\/\\\/www.vignevin.com\\\/wp-content\\\/uploads\\\/2019\\\/03\\\/Sympt\u00f4mes-de-Red-Blotch-sur-un-hybride-intersp\u00e9cifique-3-400x516.jpg\",\"et-pb-post-main-image-fullwidth-large\":\"https:\\\/\\\/www.vignevin.com\\\/wp-content\\\/uploads\\\/2019\\\/03\\\/Sympt\u00f4mes-de-Red-Blotch-sur-un-hybride-intersp\u00e9cifique-3.jpg\",\"et-pb-image--responsive--desktop\":\"https:\\\/\\\/www.vignevin.com\\\/wp-content\\\/uploads\\\/2019\\\/03\\\/Sympt\u00f4mes-de-Red-Blotch-sur-un-hybride-intersp\u00e9cifique-3.jpg\",\"et-pb-image--responsive--tablet\":\"https:\\\/\\\/www.vignevin.com\\\/wp-content\\\/uploads\\\/2019\\\/03\\\/Sympt\u00f4mes-de-Red-Blotch-sur-un-hybride-intersp\u00e9cifique-3.jpg\",\"et-pb-image--responsive--phone\":\"https:\\\/\\\/www.vignevin.com\\\/wp-content\\\/uploads\\\/2019\\\/03\\\/Sympt\u00f4mes-de-Red-Blotch-sur-un-hybride-intersp\u00e9cifique-3.jpg\",\"gform-image-choice-sm\":\"https:\\\/\\\/www.vignevin.com\\\/wp-content\\\/uploads\\\/2019\\\/03\\\/Sympt\u00f4mes-de-Red-Blotch-sur-un-hybride-intersp\u00e9cifique-3.jpg\",\"gform-image-choice-md\":\"https:\\\/\\\/www.vignevin.com\\\/wp-content\\\/uploads\\\/2019\\\/03\\\/Sympt\u00f4mes-de-Red-Blotch-sur-un-hybride-intersp\u00e9cifique-3.jpg\",\"gform-image-choice-lg\":\"https:\\\/\\\/www.vignevin.com\\\/wp-content\\\/uploads\\\/2019\\\/03\\\/Sympt\u00f4mes-de-Red-Blotch-sur-un-hybride-intersp\u00e9cifique-3.jpg\",\"woocommerce_thumbnail\":\"https:\\\/\\\/www.vignevin.com\\\/wp-content\\\/uploads\\\/2019\\\/03\\\/Sympt\u00f4mes-de-Red-Blotch-sur-un-hybride-intersp\u00e9cifique-3-300x300.jpg\",\"woocommerce_single\":\"https:\\\/\\\/www.vignevin.com\\\/wp-content\\\/uploads\\\/2019\\\/03\\\/Sympt\u00f4mes-de-Red-Blotch-sur-un-hybride-intersp\u00e9cifique-3-600x481.jpg\",\"woocommerce_gallery_thumbnail\":\"https:\\\/\\\/www.vignevin.com\\\/wp-content\\\/uploads\\\/2019\\\/03\\\/Sympt\u00f4mes-de-Red-Blotch-sur-un-hybride-intersp\u00e9cifique-3-100x100.jpg\",\"full\":\"https:\\\/\\\/www.vignevin.com\\\/wp-content\\\/uploads\\\/2019\\\/03\\\/Sympt\u00f4mes-de-Red-Blotch-sur-un-hybride-intersp\u00e9cifique-3.jpg\",\"index\":58,\"id\":9924,\"video\":false,\"opts\":{\"caption\":\"\",\"thumb\":{\"errors\":{\"envira-gallery-error-no-file\":[\"No file could be found for the image URL specified.\"]},\"error_data\":[]},\"title\":\"Sympt&ocirc;mes de Red Blotch sur un hybride intersp&eacute;cifique (3)\"},\"gallery_id\":\"17413\"},\"9925\":{\"status\":\"active\",\"src\":\"https:\\\/\\\/www.vignevin.com\\\/wp-content\\\/uploads\\\/2019\\\/03\\\/Sympt\u00f4mes-de-Red-Blotch-sur-un-hybride-intersp\u00e9cifique.jpg\",\"title\":\"Sympt&ocirc;mes de Red Blotch sur un hybride intersp&eacute;cifique\",\"link\":\"https:\\\/\\\/www.vignevin.com\\\/wp-content\\\/uploads\\\/2019\\\/03\\\/Sympt\u00f4mes-de-Red-Blotch-sur-un-hybride-intersp\u00e9cifique.jpg\",\"alt\":\"\",\"caption\":false,\"thumb\":{\"errors\":{\"envira-gallery-error-no-file\":[\"No file could be found for the image URL specified.\"]},\"error_data\":[]},\"meta\":{\"aperture\":null,\"credit\":null,\"camera\":null,\"caption\":\"\",\"created_timestamp\":null,\"copyright\":null,\"focal_length\":null,\"iso\":null,\"shutter_speed\":null,\"title\":\"\",\"orientation\":null,\"keywords\":null},\"thumbnail\":\"https:\\\/\\\/www.vignevin.com\\\/wp-content\\\/uploads\\\/2019\\\/03\\\/Sympt\u00f4mes-de-Red-Blotch-sur-un-hybride-intersp\u00e9cifique-150x150.jpg\",\"medium\":\"https:\\\/\\\/www.vignevin.com\\\/wp-content\\\/uploads\\\/2019\\\/03\\\/Sympt\u00f4mes-de-Red-Blotch-sur-un-hybride-intersp\u00e9cifique-300x225.jpg\",\"medium_large\":\"https:\\\/\\\/www.vignevin.com\\\/wp-content\\\/uploads\\\/2019\\\/03\\\/Sympt\u00f4mes-de-Red-Blotch-sur-un-hybride-intersp\u00e9cifique.jpg\",\"large\":\"https:\\\/\\\/www.vignevin.com\\\/wp-content\\\/uploads\\\/2019\\\/03\\\/Sympt\u00f4mes-de-Red-Blotch-sur-un-hybride-intersp\u00e9cifique.jpg\",\"1536x1536\":\"https:\\\/\\\/www.vignevin.com\\\/wp-content\\\/uploads\\\/2019\\\/03\\\/Sympt\u00f4mes-de-Red-Blotch-sur-un-hybride-intersp\u00e9cifique.jpg\",\"2048x2048\":\"https:\\\/\\\/www.vignevin.com\\\/wp-content\\\/uploads\\\/2019\\\/03\\\/Sympt\u00f4mes-de-Red-Blotch-sur-un-hybride-intersp\u00e9cifique.jpg\",\"et-pb-post-main-image\":\"https:\\\/\\\/www.vignevin.com\\\/wp-content\\\/uploads\\\/2019\\\/03\\\/Sympt\u00f4mes-de-Red-Blotch-sur-un-hybride-intersp\u00e9cifique-400x250.jpg\",\"et-pb-post-main-image-fullwidth\":\"https:\\\/\\\/www.vignevin.com\\\/wp-content\\\/uploads\\\/2019\\\/03\\\/Sympt\u00f4mes-de-Red-Blotch-sur-un-hybride-intersp\u00e9cifique.jpg\",\"et-pb-portfolio-image\":\"https:\\\/\\\/www.vignevin.com\\\/wp-content\\\/uploads\\\/2019\\\/03\\\/Sympt\u00f4mes-de-Red-Blotch-sur-un-hybride-intersp\u00e9cifique-400x284.jpg\",\"et-pb-portfolio-module-image\":\"https:\\\/\\\/www.vignevin.com\\\/wp-content\\\/uploads\\\/2019\\\/03\\\/Sympt\u00f4mes-de-Red-Blotch-sur-un-hybride-intersp\u00e9cifique.jpg\",\"et-pb-portfolio-image-single\":\"https:\\\/\\\/www.vignevin.com\\\/wp-content\\\/uploads\\\/2019\\\/03\\\/Sympt\u00f4mes-de-Red-Blotch-sur-un-hybride-intersp\u00e9cifique.jpg\",\"et-pb-gallery-module-image-portrait\":\"https:\\\/\\\/www.vignevin.com\\\/wp-content\\\/uploads\\\/2019\\\/03\\\/Sympt\u00f4mes-de-Red-Blotch-sur-un-hybride-intersp\u00e9cifique-400x323.jpg\",\"et-pb-post-main-image-fullwidth-large\":\"https:\\\/\\\/www.vignevin.com\\\/wp-content\\\/uploads\\\/2019\\\/03\\\/Sympt\u00f4mes-de-Red-Blotch-sur-un-hybride-intersp\u00e9cifique.jpg\",\"et-pb-image--responsive--desktop\":\"https:\\\/\\\/www.vignevin.com\\\/wp-content\\\/uploads\\\/2019\\\/03\\\/Sympt\u00f4mes-de-Red-Blotch-sur-un-hybride-intersp\u00e9cifique.jpg\",\"et-pb-image--responsive--tablet\":\"https:\\\/\\\/www.vignevin.com\\\/wp-content\\\/uploads\\\/2019\\\/03\\\/Sympt\u00f4mes-de-Red-Blotch-sur-un-hybride-intersp\u00e9cifique.jpg\",\"et-pb-image--responsive--phone\":\"https:\\\/\\\/www.vignevin.com\\\/wp-content\\\/uploads\\\/2019\\\/03\\\/Sympt\u00f4mes-de-Red-Blotch-sur-un-hybride-intersp\u00e9cifique.jpg\",\"gform-image-choice-sm\":\"https:\\\/\\\/www.vignevin.com\\\/wp-content\\\/uploads\\\/2019\\\/03\\\/Sympt\u00f4mes-de-Red-Blotch-sur-un-hybride-intersp\u00e9cifique.jpg\",\"gform-image-choice-md\":\"https:\\\/\\\/www.vignevin.com\\\/wp-content\\\/uploads\\\/2019\\\/03\\\/Sympt\u00f4mes-de-Red-Blotch-sur-un-hybride-intersp\u00e9cifique.jpg\",\"gform-image-choice-lg\":\"https:\\\/\\\/www.vignevin.com\\\/wp-content\\\/uploads\\\/2019\\\/03\\\/Sympt\u00f4mes-de-Red-Blotch-sur-un-hybride-intersp\u00e9cifique.jpg\",\"woocommerce_thumbnail\":\"https:\\\/\\\/www.vignevin.com\\\/wp-content\\\/uploads\\\/2019\\\/03\\\/Sympt\u00f4mes-de-Red-Blotch-sur-un-hybride-intersp\u00e9cifique-300x300.jpg\",\"woocommerce_single\":\"https:\\\/\\\/www.vignevin.com\\\/wp-content\\\/uploads\\\/2019\\\/03\\\/Sympt\u00f4mes-de-Red-Blotch-sur-un-hybride-intersp\u00e9cifique.jpg\",\"woocommerce_gallery_thumbnail\":\"https:\\\/\\\/www.vignevin.com\\\/wp-content\\\/uploads\\\/2019\\\/03\\\/Sympt\u00f4mes-de-Red-Blotch-sur-un-hybride-intersp\u00e9cifique-100x100.jpg\",\"full\":\"https:\\\/\\\/www.vignevin.com\\\/wp-content\\\/uploads\\\/2019\\\/03\\\/Sympt\u00f4mes-de-Red-Blotch-sur-un-hybride-intersp\u00e9cifique.jpg\",\"index\":59,\"id\":9925,\"video\":false,\"opts\":{\"caption\":\"\",\"thumb\":{\"errors\":{\"envira-gallery-error-no-file\":[\"No file could be found for the image URL specified.\"]},\"error_data\":[]},\"title\":\"Sympt&ocirc;mes de Red Blotch sur un hybride intersp&eacute;cifique\"},\"gallery_id\":\"17413\"},\"9926\":{\"status\":\"active\",\"src\":\"https:\\\/\\\/www.vignevin.com\\\/wp-content\\\/uploads\\\/2019\\\/03\\\/Sympt\u00f4mes-de-Red-Blotch-sur-Zinfandel.png\",\"title\":\"Sympt&ocirc;mes de Red Blotch sur Zinfandel\",\"link\":\"https:\\\/\\\/www.vignevin.com\\\/wp-content\\\/uploads\\\/2019\\\/03\\\/Sympt\u00f4mes-de-Red-Blotch-sur-Zinfandel.png\",\"alt\":\"\",\"caption\":false,\"thumb\":{\"errors\":{\"envira-gallery-error-no-file\":[\"No file could be found for the image URL specified.\"]},\"error_data\":[]},\"meta\":{\"aperture\":null,\"credit\":null,\"camera\":null,\"caption\":\"\",\"created_timestamp\":null,\"copyright\":null,\"focal_length\":null,\"iso\":null,\"shutter_speed\":null,\"title\":\"\",\"orientation\":null,\"keywords\":null},\"thumbnail\":\"https:\\\/\\\/www.vignevin.com\\\/wp-content\\\/uploads\\\/2019\\\/03\\\/Sympt\u00f4mes-de-Red-Blotch-sur-Zinfandel-150x150.png\",\"medium\":\"https:\\\/\\\/www.vignevin.com\\\/wp-content\\\/uploads\\\/2019\\\/03\\\/Sympt\u00f4mes-de-Red-Blotch-sur-Zinfandel.png\",\"medium_large\":\"https:\\\/\\\/www.vignevin.com\\\/wp-content\\\/uploads\\\/2019\\\/03\\\/Sympt\u00f4mes-de-Red-Blotch-sur-Zinfandel.png\",\"large\":\"https:\\\/\\\/www.vignevin.com\\\/wp-content\\\/uploads\\\/2019\\\/03\\\/Sympt\u00f4mes-de-Red-Blotch-sur-Zinfandel.png\",\"1536x1536\":\"https:\\\/\\\/www.vignevin.com\\\/wp-content\\\/uploads\\\/2019\\\/03\\\/Sympt\u00f4mes-de-Red-Blotch-sur-Zinfandel.png\",\"2048x2048\":\"https:\\\/\\\/www.vignevin.com\\\/wp-content\\\/uploads\\\/2019\\\/03\\\/Sympt\u00f4mes-de-Red-Blotch-sur-Zinfandel.png\",\"et-pb-post-main-image\":\"https:\\\/\\\/www.vignevin.com\\\/wp-content\\\/uploads\\\/2019\\\/03\\\/Sympt\u00f4mes-de-Red-Blotch-sur-Zinfandel-262x250.png\",\"et-pb-post-main-image-fullwidth\":\"https:\\\/\\\/www.vignevin.com\\\/wp-content\\\/uploads\\\/2019\\\/03\\\/Sympt\u00f4mes-de-Red-Blotch-sur-Zinfandel.png\",\"et-pb-portfolio-image\":\"https:\\\/\\\/www.vignevin.com\\\/wp-content\\\/uploads\\\/2019\\\/03\\\/Sympt\u00f4mes-de-Red-Blotch-sur-Zinfandel-262x284.png\",\"et-pb-portfolio-module-image\":\"https:\\\/\\\/www.vignevin.com\\\/wp-content\\\/uploads\\\/2019\\\/03\\\/Sympt\u00f4mes-de-Red-Blotch-sur-Zinfandel.png\",\"et-pb-portfolio-image-single\":\"https:\\\/\\\/www.vignevin.com\\\/wp-content\\\/uploads\\\/2019\\\/03\\\/Sympt\u00f4mes-de-Red-Blotch-sur-Zinfandel.png\",\"et-pb-gallery-module-image-portrait\":\"https:\\\/\\\/www.vignevin.com\\\/wp-content\\\/uploads\\\/2019\\\/03\\\/Sympt\u00f4mes-de-Red-Blotch-sur-Zinfandel.png\",\"et-pb-post-main-image-fullwidth-large\":\"https:\\\/\\\/www.vignevin.com\\\/wp-content\\\/uploads\\\/2019\\\/03\\\/Sympt\u00f4mes-de-Red-Blotch-sur-Zinfandel.png\",\"et-pb-image--responsive--desktop\":\"https:\\\/\\\/www.vignevin.com\\\/wp-content\\\/uploads\\\/2019\\\/03\\\/Sympt\u00f4mes-de-Red-Blotch-sur-Zinfandel.png\",\"et-pb-image--responsive--tablet\":\"https:\\\/\\\/www.vignevin.com\\\/wp-content\\\/uploads\\\/2019\\\/03\\\/Sympt\u00f4mes-de-Red-Blotch-sur-Zinfandel.png\",\"et-pb-image--responsive--phone\":\"https:\\\/\\\/www.vignevin.com\\\/wp-content\\\/uploads\\\/2019\\\/03\\\/Sympt\u00f4mes-de-Red-Blotch-sur-Zinfandel.png\",\"gform-image-choice-sm\":\"https:\\\/\\\/www.vignevin.com\\\/wp-content\\\/uploads\\\/2019\\\/03\\\/Sympt\u00f4mes-de-Red-Blotch-sur-Zinfandel.png\",\"gform-image-choice-md\":\"https:\\\/\\\/www.vignevin.com\\\/wp-content\\\/uploads\\\/2019\\\/03\\\/Sympt\u00f4mes-de-Red-Blotch-sur-Zinfandel.png\",\"gform-image-choice-lg\":\"https:\\\/\\\/www.vignevin.com\\\/wp-content\\\/uploads\\\/2019\\\/03\\\/Sympt\u00f4mes-de-Red-Blotch-sur-Zinfandel.png\",\"woocommerce_thumbnail\":\"https:\\\/\\\/www.vignevin.com\\\/wp-content\\\/uploads\\\/2019\\\/03\\\/Sympt\u00f4mes-de-Red-Blotch-sur-Zinfandel.png\",\"woocommerce_single\":\"https:\\\/\\\/www.vignevin.com\\\/wp-content\\\/uploads\\\/2019\\\/03\\\/Sympt\u00f4mes-de-Red-Blotch-sur-Zinfandel.png\",\"woocommerce_gallery_thumbnail\":\"https:\\\/\\\/www.vignevin.com\\\/wp-content\\\/uploads\\\/2019\\\/03\\\/Sympt\u00f4mes-de-Red-Blotch-sur-Zinfandel-100x100.png\",\"full\":\"https:\\\/\\\/www.vignevin.com\\\/wp-content\\\/uploads\\\/2019\\\/03\\\/Sympt\u00f4mes-de-Red-Blotch-sur-Zinfandel.png\",\"index\":60,\"id\":9926,\"video\":false,\"opts\":{\"caption\":\"\",\"thumb\":{\"errors\":{\"envira-gallery-error-no-file\":[\"No file could be found for the image URL specified.\"]},\"error_data\":[]},\"title\":\"Sympt&ocirc;mes de Red Blotch sur Zinfandel\"},\"gallery_id\":\"17413\"},\"9927\":{\"status\":\"active\",\"src\":\"https:\\\/\\\/www.vignevin.com\\\/wp-content\\\/uploads\\\/2019\\\/03\\\/Sympt\u00f4mes-de-RLD-Grapevine-Roditis-Leaf-Discoloration-sur-feuilles-2.tif\",\"title\":\"Sympt&ocirc;mes de RLD (Grapevine Roditis Leaf Discoloration) sur feuilles (2)\",\"link\":\"https:\\\/\\\/www.vignevin.com\\\/wp-content\\\/uploads\\\/2019\\\/03\\\/Sympt\u00f4mes-de-RLD-Grapevine-Roditis-Leaf-Discoloration-sur-feuilles-2.tif\",\"alt\":\"\",\"caption\":false,\"thumb\":{\"errors\":{\"envira-gallery-error-no-file\":[\"No file could be found for the image URL specified.\"]},\"error_data\":[]},\"thumbnail\":\"https:\\\/\\\/www.vignevin.com\\\/wp-content\\\/uploads\\\/2019\\\/03\\\/Sympt\u00f4mes-de-RLD-Grapevine-Roditis-Leaf-Discoloration-sur-feuilles-2.tif\",\"medium\":\"https:\\\/\\\/www.vignevin.com\\\/wp-content\\\/uploads\\\/2019\\\/03\\\/Sympt\u00f4mes-de-RLD-Grapevine-Roditis-Leaf-Discoloration-sur-feuilles-2.tif\",\"medium_large\":\"https:\\\/\\\/www.vignevin.com\\\/wp-content\\\/uploads\\\/2019\\\/03\\\/Sympt\u00f4mes-de-RLD-Grapevine-Roditis-Leaf-Discoloration-sur-feuilles-2.tif\",\"large\":\"https:\\\/\\\/www.vignevin.com\\\/wp-content\\\/uploads\\\/2019\\\/03\\\/Sympt\u00f4mes-de-RLD-Grapevine-Roditis-Leaf-Discoloration-sur-feuilles-2.tif\",\"1536x1536\":\"https:\\\/\\\/www.vignevin.com\\\/wp-content\\\/uploads\\\/2019\\\/03\\\/Sympt\u00f4mes-de-RLD-Grapevine-Roditis-Leaf-Discoloration-sur-feuilles-2.tif\",\"2048x2048\":\"https:\\\/\\\/www.vignevin.com\\\/wp-content\\\/uploads\\\/2019\\\/03\\\/Sympt\u00f4mes-de-RLD-Grapevine-Roditis-Leaf-Discoloration-sur-feuilles-2.tif\",\"et-pb-post-main-image\":\"https:\\\/\\\/www.vignevin.com\\\/wp-content\\\/uploads\\\/2019\\\/03\\\/Sympt\u00f4mes-de-RLD-Grapevine-Roditis-Leaf-Discoloration-sur-feuilles-2.tif\",\"et-pb-post-main-image-fullwidth\":\"https:\\\/\\\/www.vignevin.com\\\/wp-content\\\/uploads\\\/2019\\\/03\\\/Sympt\u00f4mes-de-RLD-Grapevine-Roditis-Leaf-Discoloration-sur-feuilles-2.tif\",\"et-pb-portfolio-image\":\"https:\\\/\\\/www.vignevin.com\\\/wp-content\\\/uploads\\\/2019\\\/03\\\/Sympt\u00f4mes-de-RLD-Grapevine-Roditis-Leaf-Discoloration-sur-feuilles-2.tif\",\"et-pb-portfolio-module-image\":\"https:\\\/\\\/www.vignevin.com\\\/wp-content\\\/uploads\\\/2019\\\/03\\\/Sympt\u00f4mes-de-RLD-Grapevine-Roditis-Leaf-Discoloration-sur-feuilles-2.tif\",\"et-pb-portfolio-image-single\":\"https:\\\/\\\/www.vignevin.com\\\/wp-content\\\/uploads\\\/2019\\\/03\\\/Sympt\u00f4mes-de-RLD-Grapevine-Roditis-Leaf-Discoloration-sur-feuilles-2.tif\",\"et-pb-gallery-module-image-portrait\":\"https:\\\/\\\/www.vignevin.com\\\/wp-content\\\/uploads\\\/2019\\\/03\\\/Sympt\u00f4mes-de-RLD-Grapevine-Roditis-Leaf-Discoloration-sur-feuilles-2.tif\",\"et-pb-post-main-image-fullwidth-large\":\"https:\\\/\\\/www.vignevin.com\\\/wp-content\\\/uploads\\\/2019\\\/03\\\/Sympt\u00f4mes-de-RLD-Grapevine-Roditis-Leaf-Discoloration-sur-feuilles-2.tif\",\"et-pb-image--responsive--desktop\":\"https:\\\/\\\/www.vignevin.com\\\/wp-content\\\/uploads\\\/2019\\\/03\\\/Sympt\u00f4mes-de-RLD-Grapevine-Roditis-Leaf-Discoloration-sur-feuilles-2.tif\",\"et-pb-image--responsive--tablet\":\"https:\\\/\\\/www.vignevin.com\\\/wp-content\\\/uploads\\\/2019\\\/03\\\/Sympt\u00f4mes-de-RLD-Grapevine-Roditis-Leaf-Discoloration-sur-feuilles-2.tif\",\"et-pb-image--responsive--phone\":\"https:\\\/\\\/www.vignevin.com\\\/wp-content\\\/uploads\\\/2019\\\/03\\\/Sympt\u00f4mes-de-RLD-Grapevine-Roditis-Leaf-Discoloration-sur-feuilles-2.tif\",\"gform-image-choice-sm\":\"https:\\\/\\\/www.vignevin.com\\\/wp-content\\\/uploads\\\/2019\\\/03\\\/Sympt\u00f4mes-de-RLD-Grapevine-Roditis-Leaf-Discoloration-sur-feuilles-2.tif\",\"gform-image-choice-md\":\"https:\\\/\\\/www.vignevin.com\\\/wp-content\\\/uploads\\\/2019\\\/03\\\/Sympt\u00f4mes-de-RLD-Grapevine-Roditis-Leaf-Discoloration-sur-feuilles-2.tif\",\"gform-image-choice-lg\":\"https:\\\/\\\/www.vignevin.com\\\/wp-content\\\/uploads\\\/2019\\\/03\\\/Sympt\u00f4mes-de-RLD-Grapevine-Roditis-Leaf-Discoloration-sur-feuilles-2.tif\",\"woocommerce_thumbnail\":\"https:\\\/\\\/www.vignevin.com\\\/wp-content\\\/uploads\\\/2019\\\/03\\\/Sympt\u00f4mes-de-RLD-Grapevine-Roditis-Leaf-Discoloration-sur-feuilles-2.tif\",\"woocommerce_single\":\"https:\\\/\\\/www.vignevin.com\\\/wp-content\\\/uploads\\\/2019\\\/03\\\/Sympt\u00f4mes-de-RLD-Grapevine-Roditis-Leaf-Discoloration-sur-feuilles-2.tif\",\"woocommerce_gallery_thumbnail\":\"https:\\\/\\\/www.vignevin.com\\\/wp-content\\\/uploads\\\/2019\\\/03\\\/Sympt\u00f4mes-de-RLD-Grapevine-Roditis-Leaf-Discoloration-sur-feuilles-2.tif\",\"full\":\"https:\\\/\\\/www.vignevin.com\\\/wp-content\\\/uploads\\\/2019\\\/03\\\/Sympt\u00f4mes-de-RLD-Grapevine-Roditis-Leaf-Discoloration-sur-feuilles-2.tif\",\"index\":61,\"id\":9927,\"video\":false,\"opts\":{\"caption\":\"\",\"thumb\":{\"errors\":{\"envira-gallery-error-no-file\":[\"No file could be found for the image URL specified.\"]},\"error_data\":[]},\"title\":\"Sympt&ocirc;mes de RLD (Grapevine Roditis Leaf Discoloration) sur feuilles (2)\"},\"gallery_id\":\"17413\"},\"9928\":{\"status\":\"active\",\"src\":\"https:\\\/\\\/www.vignevin.com\\\/wp-content\\\/uploads\\\/2019\\\/03\\\/Sympt\u00f4mes-de-RLD-Grapevine-Roditis-Leaf-Discoloration-sur-feuilles-3.tif\",\"title\":\"Sympt&ocirc;mes de RLD (Grapevine Roditis Leaf Discoloration) sur feuilles (3)\",\"link\":\"https:\\\/\\\/www.vignevin.com\\\/wp-content\\\/uploads\\\/2019\\\/03\\\/Sympt\u00f4mes-de-RLD-Grapevine-Roditis-Leaf-Discoloration-sur-feuilles-3.tif\",\"alt\":\"\",\"caption\":false,\"thumb\":{\"errors\":{\"envira-gallery-error-no-file\":[\"No file could be found for the image URL specified.\"]},\"error_data\":[]},\"thumbnail\":\"https:\\\/\\\/www.vignevin.com\\\/wp-content\\\/uploads\\\/2019\\\/03\\\/Sympt\u00f4mes-de-RLD-Grapevine-Roditis-Leaf-Discoloration-sur-feuilles-3.tif\",\"medium\":\"https:\\\/\\\/www.vignevin.com\\\/wp-content\\\/uploads\\\/2019\\\/03\\\/Sympt\u00f4mes-de-RLD-Grapevine-Roditis-Leaf-Discoloration-sur-feuilles-3.tif\",\"medium_large\":\"https:\\\/\\\/www.vignevin.com\\\/wp-content\\\/uploads\\\/2019\\\/03\\\/Sympt\u00f4mes-de-RLD-Grapevine-Roditis-Leaf-Discoloration-sur-feuilles-3.tif\",\"large\":\"https:\\\/\\\/www.vignevin.com\\\/wp-content\\\/uploads\\\/2019\\\/03\\\/Sympt\u00f4mes-de-RLD-Grapevine-Roditis-Leaf-Discoloration-sur-feuilles-3.tif\",\"1536x1536\":\"https:\\\/\\\/www.vignevin.com\\\/wp-content\\\/uploads\\\/2019\\\/03\\\/Sympt\u00f4mes-de-RLD-Grapevine-Roditis-Leaf-Discoloration-sur-feuilles-3.tif\",\"2048x2048\":\"https:\\\/\\\/www.vignevin.com\\\/wp-content\\\/uploads\\\/2019\\\/03\\\/Sympt\u00f4mes-de-RLD-Grapevine-Roditis-Leaf-Discoloration-sur-feuilles-3.tif\",\"et-pb-post-main-image\":\"https:\\\/\\\/www.vignevin.com\\\/wp-content\\\/uploads\\\/2019\\\/03\\\/Sympt\u00f4mes-de-RLD-Grapevine-Roditis-Leaf-Discoloration-sur-feuilles-3.tif\",\"et-pb-post-main-image-fullwidth\":\"https:\\\/\\\/www.vignevin.com\\\/wp-content\\\/uploads\\\/2019\\\/03\\\/Sympt\u00f4mes-de-RLD-Grapevine-Roditis-Leaf-Discoloration-sur-feuilles-3.tif\",\"et-pb-portfolio-image\":\"https:\\\/\\\/www.vignevin.com\\\/wp-content\\\/uploads\\\/2019\\\/03\\\/Sympt\u00f4mes-de-RLD-Grapevine-Roditis-Leaf-Discoloration-sur-feuilles-3.tif\",\"et-pb-portfolio-module-image\":\"https:\\\/\\\/www.vignevin.com\\\/wp-content\\\/uploads\\\/2019\\\/03\\\/Sympt\u00f4mes-de-RLD-Grapevine-Roditis-Leaf-Discoloration-sur-feuilles-3.tif\",\"et-pb-portfolio-image-single\":\"https:\\\/\\\/www.vignevin.com\\\/wp-content\\\/uploads\\\/2019\\\/03\\\/Sympt\u00f4mes-de-RLD-Grapevine-Roditis-Leaf-Discoloration-sur-feuilles-3.tif\",\"et-pb-gallery-module-image-portrait\":\"https:\\\/\\\/www.vignevin.com\\\/wp-content\\\/uploads\\\/2019\\\/03\\\/Sympt\u00f4mes-de-RLD-Grapevine-Roditis-Leaf-Discoloration-sur-feuilles-3.tif\",\"et-pb-post-main-image-fullwidth-large\":\"https:\\\/\\\/www.vignevin.com\\\/wp-content\\\/uploads\\\/2019\\\/03\\\/Sympt\u00f4mes-de-RLD-Grapevine-Roditis-Leaf-Discoloration-sur-feuilles-3.tif\",\"et-pb-image--responsive--desktop\":\"https:\\\/\\\/www.vignevin.com\\\/wp-content\\\/uploads\\\/2019\\\/03\\\/Sympt\u00f4mes-de-RLD-Grapevine-Roditis-Leaf-Discoloration-sur-feuilles-3.tif\",\"et-pb-image--responsive--tablet\":\"https:\\\/\\\/www.vignevin.com\\\/wp-content\\\/uploads\\\/2019\\\/03\\\/Sympt\u00f4mes-de-RLD-Grapevine-Roditis-Leaf-Discoloration-sur-feuilles-3.tif\",\"et-pb-image--responsive--phone\":\"https:\\\/\\\/www.vignevin.com\\\/wp-content\\\/uploads\\\/2019\\\/03\\\/Sympt\u00f4mes-de-RLD-Grapevine-Roditis-Leaf-Discoloration-sur-feuilles-3.tif\",\"gform-image-choice-sm\":\"https:\\\/\\\/www.vignevin.com\\\/wp-content\\\/uploads\\\/2019\\\/03\\\/Sympt\u00f4mes-de-RLD-Grapevine-Roditis-Leaf-Discoloration-sur-feuilles-3.tif\",\"gform-image-choice-md\":\"https:\\\/\\\/www.vignevin.com\\\/wp-content\\\/uploads\\\/2019\\\/03\\\/Sympt\u00f4mes-de-RLD-Grapevine-Roditis-Leaf-Discoloration-sur-feuilles-3.tif\",\"gform-image-choice-lg\":\"https:\\\/\\\/www.vignevin.com\\\/wp-content\\\/uploads\\\/2019\\\/03\\\/Sympt\u00f4mes-de-RLD-Grapevine-Roditis-Leaf-Discoloration-sur-feuilles-3.tif\",\"woocommerce_thumbnail\":\"https:\\\/\\\/www.vignevin.com\\\/wp-content\\\/uploads\\\/2019\\\/03\\\/Sympt\u00f4mes-de-RLD-Grapevine-Roditis-Leaf-Discoloration-sur-feuilles-3.tif\",\"woocommerce_single\":\"https:\\\/\\\/www.vignevin.com\\\/wp-content\\\/uploads\\\/2019\\\/03\\\/Sympt\u00f4mes-de-RLD-Grapevine-Roditis-Leaf-Discoloration-sur-feuilles-3.tif\",\"woocommerce_gallery_thumbnail\":\"https:\\\/\\\/www.vignevin.com\\\/wp-content\\\/uploads\\\/2019\\\/03\\\/Sympt\u00f4mes-de-RLD-Grapevine-Roditis-Leaf-Discoloration-sur-feuilles-3.tif\",\"full\":\"https:\\\/\\\/www.vignevin.com\\\/wp-content\\\/uploads\\\/2019\\\/03\\\/Sympt\u00f4mes-de-RLD-Grapevine-Roditis-Leaf-Discoloration-sur-feuilles-3.tif\",\"index\":62,\"id\":9928,\"video\":false,\"opts\":{\"caption\":\"\",\"thumb\":{\"errors\":{\"envira-gallery-error-no-file\":[\"No file could be found for the image URL specified.\"]},\"error_data\":[]},\"title\":\"Sympt&ocirc;mes de RLD (Grapevine Roditis Leaf Discoloration) sur feuilles (3)\"},\"gallery_id\":\"17413\"},\"9929\":{\"status\":\"active\",\"src\":\"https:\\\/\\\/www.vignevin.com\\\/wp-content\\\/uploads\\\/2019\\\/03\\\/Sympt\u00f4mes-de-RLD-Grapevine-Roditis-Leaf-Discoloration-sur-feuilles.tif\",\"title\":\"Sympt&ocirc;mes de RLD (Grapevine Roditis Leaf Discoloration) sur feuilles\",\"link\":\"https:\\\/\\\/www.vignevin.com\\\/wp-content\\\/uploads\\\/2019\\\/03\\\/Sympt\u00f4mes-de-RLD-Grapevine-Roditis-Leaf-Discoloration-sur-feuilles.tif\",\"alt\":\"\",\"caption\":false,\"thumb\":{\"errors\":{\"envira-gallery-error-no-file\":[\"No file could be found for the image URL specified.\"]},\"error_data\":[]},\"thumbnail\":\"https:\\\/\\\/www.vignevin.com\\\/wp-content\\\/uploads\\\/2019\\\/03\\\/Sympt\u00f4mes-de-RLD-Grapevine-Roditis-Leaf-Discoloration-sur-feuilles.tif\",\"medium\":\"https:\\\/\\\/www.vignevin.com\\\/wp-content\\\/uploads\\\/2019\\\/03\\\/Sympt\u00f4mes-de-RLD-Grapevine-Roditis-Leaf-Discoloration-sur-feuilles.tif\",\"medium_large\":\"https:\\\/\\\/www.vignevin.com\\\/wp-content\\\/uploads\\\/2019\\\/03\\\/Sympt\u00f4mes-de-RLD-Grapevine-Roditis-Leaf-Discoloration-sur-feuilles.tif\",\"large\":\"https:\\\/\\\/www.vignevin.com\\\/wp-content\\\/uploads\\\/2019\\\/03\\\/Sympt\u00f4mes-de-RLD-Grapevine-Roditis-Leaf-Discoloration-sur-feuilles.tif\",\"1536x1536\":\"https:\\\/\\\/www.vignevin.com\\\/wp-content\\\/uploads\\\/2019\\\/03\\\/Sympt\u00f4mes-de-RLD-Grapevine-Roditis-Leaf-Discoloration-sur-feuilles.tif\",\"2048x2048\":\"https:\\\/\\\/www.vignevin.com\\\/wp-content\\\/uploads\\\/2019\\\/03\\\/Sympt\u00f4mes-de-RLD-Grapevine-Roditis-Leaf-Discoloration-sur-feuilles.tif\",\"et-pb-post-main-image\":\"https:\\\/\\\/www.vignevin.com\\\/wp-content\\\/uploads\\\/2019\\\/03\\\/Sympt\u00f4mes-de-RLD-Grapevine-Roditis-Leaf-Discoloration-sur-feuilles.tif\",\"et-pb-post-main-image-fullwidth\":\"https:\\\/\\\/www.vignevin.com\\\/wp-content\\\/uploads\\\/2019\\\/03\\\/Sympt\u00f4mes-de-RLD-Grapevine-Roditis-Leaf-Discoloration-sur-feuilles.tif\",\"et-pb-portfolio-image\":\"https:\\\/\\\/www.vignevin.com\\\/wp-content\\\/uploads\\\/2019\\\/03\\\/Sympt\u00f4mes-de-RLD-Grapevine-Roditis-Leaf-Discoloration-sur-feuilles.tif\",\"et-pb-portfolio-module-image\":\"https:\\\/\\\/www.vignevin.com\\\/wp-content\\\/uploads\\\/2019\\\/03\\\/Sympt\u00f4mes-de-RLD-Grapevine-Roditis-Leaf-Discoloration-sur-feuilles.tif\",\"et-pb-portfolio-image-single\":\"https:\\\/\\\/www.vignevin.com\\\/wp-content\\\/uploads\\\/2019\\\/03\\\/Sympt\u00f4mes-de-RLD-Grapevine-Roditis-Leaf-Discoloration-sur-feuilles.tif\",\"et-pb-gallery-module-image-portrait\":\"https:\\\/\\\/www.vignevin.com\\\/wp-content\\\/uploads\\\/2019\\\/03\\\/Sympt\u00f4mes-de-RLD-Grapevine-Roditis-Leaf-Discoloration-sur-feuilles.tif\",\"et-pb-post-main-image-fullwidth-large\":\"https:\\\/\\\/www.vignevin.com\\\/wp-content\\\/uploads\\\/2019\\\/03\\\/Sympt\u00f4mes-de-RLD-Grapevine-Roditis-Leaf-Discoloration-sur-feuilles.tif\",\"et-pb-image--responsive--desktop\":\"https:\\\/\\\/www.vignevin.com\\\/wp-content\\\/uploads\\\/2019\\\/03\\\/Sympt\u00f4mes-de-RLD-Grapevine-Roditis-Leaf-Discoloration-sur-feuilles.tif\",\"et-pb-image--responsive--tablet\":\"https:\\\/\\\/www.vignevin.com\\\/wp-content\\\/uploads\\\/2019\\\/03\\\/Sympt\u00f4mes-de-RLD-Grapevine-Roditis-Leaf-Discoloration-sur-feuilles.tif\",\"et-pb-image--responsive--phone\":\"https:\\\/\\\/www.vignevin.com\\\/wp-content\\\/uploads\\\/2019\\\/03\\\/Sympt\u00f4mes-de-RLD-Grapevine-Roditis-Leaf-Discoloration-sur-feuilles.tif\",\"gform-image-choice-sm\":\"https:\\\/\\\/www.vignevin.com\\\/wp-content\\\/uploads\\\/2019\\\/03\\\/Sympt\u00f4mes-de-RLD-Grapevine-Roditis-Leaf-Discoloration-sur-feuilles.tif\",\"gform-image-choice-md\":\"https:\\\/\\\/www.vignevin.com\\\/wp-content\\\/uploads\\\/2019\\\/03\\\/Sympt\u00f4mes-de-RLD-Grapevine-Roditis-Leaf-Discoloration-sur-feuilles.tif\",\"gform-image-choice-lg\":\"https:\\\/\\\/www.vignevin.com\\\/wp-content\\\/uploads\\\/2019\\\/03\\\/Sympt\u00f4mes-de-RLD-Grapevine-Roditis-Leaf-Discoloration-sur-feuilles.tif\",\"woocommerce_thumbnail\":\"https:\\\/\\\/www.vignevin.com\\\/wp-content\\\/uploads\\\/2019\\\/03\\\/Sympt\u00f4mes-de-RLD-Grapevine-Roditis-Leaf-Discoloration-sur-feuilles.tif\",\"woocommerce_single\":\"https:\\\/\\\/www.vignevin.com\\\/wp-content\\\/uploads\\\/2019\\\/03\\\/Sympt\u00f4mes-de-RLD-Grapevine-Roditis-Leaf-Discoloration-sur-feuilles.tif\",\"woocommerce_gallery_thumbnail\":\"https:\\\/\\\/www.vignevin.com\\\/wp-content\\\/uploads\\\/2019\\\/03\\\/Sympt\u00f4mes-de-RLD-Grapevine-Roditis-Leaf-Discoloration-sur-feuilles.tif\",\"full\":\"https:\\\/\\\/www.vignevin.com\\\/wp-content\\\/uploads\\\/2019\\\/03\\\/Sympt\u00f4mes-de-RLD-Grapevine-Roditis-Leaf-Discoloration-sur-feuilles.tif\",\"index\":63,\"id\":9929,\"video\":false,\"opts\":{\"caption\":\"\",\"thumb\":{\"errors\":{\"envira-gallery-error-no-file\":[\"No file could be found for the image URL specified.\"]},\"error_data\":[]},\"title\":\"Sympt&ocirc;mes de RLD (Grapevine Roditis Leaf Discoloration) sur feuilles\"},\"gallery_id\":\"17413\"},\"9930\":{\"status\":\"active\",\"src\":\"https:\\\/\\\/www.vignevin.com\\\/wp-content\\\/uploads\\\/2019\\\/03\\\/Sympt\u00f4mes-de-RLD-Grapevine-Roditis-Leaf-Discoloration-sur-grappes.tif\",\"title\":\"Sympt&ocirc;mes de RLD (Grapevine Roditis Leaf Discoloration) sur grappes\",\"link\":\"https:\\\/\\\/www.vignevin.com\\\/wp-content\\\/uploads\\\/2019\\\/03\\\/Sympt\u00f4mes-de-RLD-Grapevine-Roditis-Leaf-Discoloration-sur-grappes.tif\",\"alt\":\"\",\"caption\":false,\"thumb\":{\"errors\":{\"envira-gallery-error-no-file\":[\"No file could be found for the image URL specified.\"]},\"error_data\":[]},\"thumbnail\":\"https:\\\/\\\/www.vignevin.com\\\/wp-content\\\/uploads\\\/2019\\\/03\\\/Sympt\u00f4mes-de-RLD-Grapevine-Roditis-Leaf-Discoloration-sur-grappes.tif\",\"medium\":\"https:\\\/\\\/www.vignevin.com\\\/wp-content\\\/uploads\\\/2019\\\/03\\\/Sympt\u00f4mes-de-RLD-Grapevine-Roditis-Leaf-Discoloration-sur-grappes.tif\",\"medium_large\":\"https:\\\/\\\/www.vignevin.com\\\/wp-content\\\/uploads\\\/2019\\\/03\\\/Sympt\u00f4mes-de-RLD-Grapevine-Roditis-Leaf-Discoloration-sur-grappes.tif\",\"large\":\"https:\\\/\\\/www.vignevin.com\\\/wp-content\\\/uploads\\\/2019\\\/03\\\/Sympt\u00f4mes-de-RLD-Grapevine-Roditis-Leaf-Discoloration-sur-grappes.tif\",\"1536x1536\":\"https:\\\/\\\/www.vignevin.com\\\/wp-content\\\/uploads\\\/2019\\\/03\\\/Sympt\u00f4mes-de-RLD-Grapevine-Roditis-Leaf-Discoloration-sur-grappes.tif\",\"2048x2048\":\"https:\\\/\\\/www.vignevin.com\\\/wp-content\\\/uploads\\\/2019\\\/03\\\/Sympt\u00f4mes-de-RLD-Grapevine-Roditis-Leaf-Discoloration-sur-grappes.tif\",\"et-pb-post-main-image\":\"https:\\\/\\\/www.vignevin.com\\\/wp-content\\\/uploads\\\/2019\\\/03\\\/Sympt\u00f4mes-de-RLD-Grapevine-Roditis-Leaf-Discoloration-sur-grappes.tif\",\"et-pb-post-main-image-fullwidth\":\"https:\\\/\\\/www.vignevin.com\\\/wp-content\\\/uploads\\\/2019\\\/03\\\/Sympt\u00f4mes-de-RLD-Grapevine-Roditis-Leaf-Discoloration-sur-grappes.tif\",\"et-pb-portfolio-image\":\"https:\\\/\\\/www.vignevin.com\\\/wp-content\\\/uploads\\\/2019\\\/03\\\/Sympt\u00f4mes-de-RLD-Grapevine-Roditis-Leaf-Discoloration-sur-grappes.tif\",\"et-pb-portfolio-module-image\":\"https:\\\/\\\/www.vignevin.com\\\/wp-content\\\/uploads\\\/2019\\\/03\\\/Sympt\u00f4mes-de-RLD-Grapevine-Roditis-Leaf-Discoloration-sur-grappes.tif\",\"et-pb-portfolio-image-single\":\"https:\\\/\\\/www.vignevin.com\\\/wp-content\\\/uploads\\\/2019\\\/03\\\/Sympt\u00f4mes-de-RLD-Grapevine-Roditis-Leaf-Discoloration-sur-grappes.tif\",\"et-pb-gallery-module-image-portrait\":\"https:\\\/\\\/www.vignevin.com\\\/wp-content\\\/uploads\\\/2019\\\/03\\\/Sympt\u00f4mes-de-RLD-Grapevine-Roditis-Leaf-Discoloration-sur-grappes.tif\",\"et-pb-post-main-image-fullwidth-large\":\"https:\\\/\\\/www.vignevin.com\\\/wp-content\\\/uploads\\\/2019\\\/03\\\/Sympt\u00f4mes-de-RLD-Grapevine-Roditis-Leaf-Discoloration-sur-grappes.tif\",\"et-pb-image--responsive--desktop\":\"https:\\\/\\\/www.vignevin.com\\\/wp-content\\\/uploads\\\/2019\\\/03\\\/Sympt\u00f4mes-de-RLD-Grapevine-Roditis-Leaf-Discoloration-sur-grappes.tif\",\"et-pb-image--responsive--tablet\":\"https:\\\/\\\/www.vignevin.com\\\/wp-content\\\/uploads\\\/2019\\\/03\\\/Sympt\u00f4mes-de-RLD-Grapevine-Roditis-Leaf-Discoloration-sur-grappes.tif\",\"et-pb-image--responsive--phone\":\"https:\\\/\\\/www.vignevin.com\\\/wp-content\\\/uploads\\\/2019\\\/03\\\/Sympt\u00f4mes-de-RLD-Grapevine-Roditis-Leaf-Discoloration-sur-grappes.tif\",\"gform-image-choice-sm\":\"https:\\\/\\\/www.vignevin.com\\\/wp-content\\\/uploads\\\/2019\\\/03\\\/Sympt\u00f4mes-de-RLD-Grapevine-Roditis-Leaf-Discoloration-sur-grappes.tif\",\"gform-image-choice-md\":\"https:\\\/\\\/www.vignevin.com\\\/wp-content\\\/uploads\\\/2019\\\/03\\\/Sympt\u00f4mes-de-RLD-Grapevine-Roditis-Leaf-Discoloration-sur-grappes.tif\",\"gform-image-choice-lg\":\"https:\\\/\\\/www.vignevin.com\\\/wp-content\\\/uploads\\\/2019\\\/03\\\/Sympt\u00f4mes-de-RLD-Grapevine-Roditis-Leaf-Discoloration-sur-grappes.tif\",\"woocommerce_thumbnail\":\"https:\\\/\\\/www.vignevin.com\\\/wp-content\\\/uploads\\\/2019\\\/03\\\/Sympt\u00f4mes-de-RLD-Grapevine-Roditis-Leaf-Discoloration-sur-grappes.tif\",\"woocommerce_single\":\"https:\\\/\\\/www.vignevin.com\\\/wp-content\\\/uploads\\\/2019\\\/03\\\/Sympt\u00f4mes-de-RLD-Grapevine-Roditis-Leaf-Discoloration-sur-grappes.tif\",\"woocommerce_gallery_thumbnail\":\"https:\\\/\\\/www.vignevin.com\\\/wp-content\\\/uploads\\\/2019\\\/03\\\/Sympt\u00f4mes-de-RLD-Grapevine-Roditis-Leaf-Discoloration-sur-grappes.tif\",\"full\":\"https:\\\/\\\/www.vignevin.com\\\/wp-content\\\/uploads\\\/2019\\\/03\\\/Sympt\u00f4mes-de-RLD-Grapevine-Roditis-Leaf-Discoloration-sur-grappes.tif\",\"index\":64,\"id\":9930,\"video\":false,\"opts\":{\"caption\":\"\",\"thumb\":{\"errors\":{\"envira-gallery-error-no-file\":[\"No file could be found for the image URL specified.\"]},\"error_data\":[]},\"title\":\"Sympt&ocirc;mes de RLD (Grapevine Roditis Leaf Discoloration) sur grappes\"},\"gallery_id\":\"17413\"},\"9931\":{\"status\":\"active\",\"src\":\"https:\\\/\\\/www.vignevin.com\\\/wp-content\\\/uploads\\\/2019\\\/03\\\/Sympt\u00f4mes-d\u00e9corce-li\u00e9geuse-corky-bark-sur-feuille-apr\u00e8s-greffage-herbac\u00e9.jpg\",\"title\":\"OLYMPUS DIGITAL CAMERA\",\"link\":\"https:\\\/\\\/www.vignevin.com\\\/wp-content\\\/uploads\\\/2019\\\/03\\\/Sympt\u00f4mes-d\u00e9corce-li\u00e9geuse-corky-bark-sur-feuille-apr\u00e8s-greffage-herbac\u00e9.jpg\",\"alt\":\"\",\"caption\":\"OLYMPUS DIGITAL CAMERA\",\"thumb\":{\"errors\":{\"envira-gallery-error-no-file\":[\"No file could be found for the image URL specified.\"]},\"error_data\":[]},\"meta\":{\"aperture\":\"3\",\"credit\":null,\"camera\":\"C2500L\",\"caption\":\"OLYMPUS DIGITAL CAMERA\",\"created_timestamp\":\"1084461259\",\"copyright\":null,\"focal_length\":\"13.7\",\"iso\":\"100\",\"shutter_speed\":\"0.02\",\"title\":\"OLYMPUS DIGITAL CAMERA\",\"orientation\":\"1\",\"keywords\":null},\"thumbnail\":\"https:\\\/\\\/www.vignevin.com\\\/wp-content\\\/uploads\\\/2019\\\/03\\\/Sympt\u00f4mes-d\u00e9corce-li\u00e9geuse-corky-bark-sur-feuille-apr\u00e8s-greffage-herbac\u00e9-150x150.jpg\",\"medium\":\"https:\\\/\\\/www.vignevin.com\\\/wp-content\\\/uploads\\\/2019\\\/03\\\/Sympt\u00f4mes-d\u00e9corce-li\u00e9geuse-corky-bark-sur-feuille-apr\u00e8s-greffage-herbac\u00e9-300x240.jpg\",\"medium_large\":\"https:\\\/\\\/www.vignevin.com\\\/wp-content\\\/uploads\\\/2019\\\/03\\\/Sympt\u00f4mes-d\u00e9corce-li\u00e9geuse-corky-bark-sur-feuille-apr\u00e8s-greffage-herbac\u00e9-768x614.jpg\",\"large\":\"https:\\\/\\\/www.vignevin.com\\\/wp-content\\\/uploads\\\/2019\\\/03\\\/Sympt\u00f4mes-d\u00e9corce-li\u00e9geuse-corky-bark-sur-feuille-apr\u00e8s-greffage-herbac\u00e9-1024x818.jpg\",\"1536x1536\":\"https:\\\/\\\/www.vignevin.com\\\/wp-content\\\/uploads\\\/2019\\\/03\\\/Sympt\u00f4mes-d\u00e9corce-li\u00e9geuse-corky-bark-sur-feuille-apr\u00e8s-greffage-herbac\u00e9.jpg\",\"2048x2048\":\"https:\\\/\\\/www.vignevin.com\\\/wp-content\\\/uploads\\\/2019\\\/03\\\/Sympt\u00f4mes-d\u00e9corce-li\u00e9geuse-corky-bark-sur-feuille-apr\u00e8s-greffage-herbac\u00e9.jpg\",\"et-pb-post-main-image\":\"https:\\\/\\\/www.vignevin.com\\\/wp-content\\\/uploads\\\/2019\\\/03\\\/Sympt\u00f4mes-d\u00e9corce-li\u00e9geuse-corky-bark-sur-feuille-apr\u00e8s-greffage-herbac\u00e9-400x250.jpg\",\"et-pb-post-main-image-fullwidth\":\"https:\\\/\\\/www.vignevin.com\\\/wp-content\\\/uploads\\\/2019\\\/03\\\/Sympt\u00f4mes-d\u00e9corce-li\u00e9geuse-corky-bark-sur-feuille-apr\u00e8s-greffage-herbac\u00e9-1080x675.jpg\",\"et-pb-portfolio-image\":\"https:\\\/\\\/www.vignevin.com\\\/wp-content\\\/uploads\\\/2019\\\/03\\\/Sympt\u00f4mes-d\u00e9corce-li\u00e9geuse-corky-bark-sur-feuille-apr\u00e8s-greffage-herbac\u00e9-400x284.jpg\",\"et-pb-portfolio-module-image\":\"https:\\\/\\\/www.vignevin.com\\\/wp-content\\\/uploads\\\/2019\\\/03\\\/Sympt\u00f4mes-d\u00e9corce-li\u00e9geuse-corky-bark-sur-feuille-apr\u00e8s-greffage-herbac\u00e9-510x382.jpg\",\"et-pb-portfolio-image-single\":\"https:\\\/\\\/www.vignevin.com\\\/wp-content\\\/uploads\\\/2019\\\/03\\\/Sympt\u00f4mes-d\u00e9corce-li\u00e9geuse-corky-bark-sur-feuille-apr\u00e8s-greffage-herbac\u00e9-1080x863.jpg\",\"et-pb-gallery-module-image-portrait\":\"https:\\\/\\\/www.vignevin.com\\\/wp-content\\\/uploads\\\/2019\\\/03\\\/Sympt\u00f4mes-d\u00e9corce-li\u00e9geuse-corky-bark-sur-feuille-apr\u00e8s-greffage-herbac\u00e9-400x516.jpg\",\"et-pb-post-main-image-fullwidth-large\":\"https:\\\/\\\/www.vignevin.com\\\/wp-content\\\/uploads\\\/2019\\\/03\\\/Sympt\u00f4mes-d\u00e9corce-li\u00e9geuse-corky-bark-sur-feuille-apr\u00e8s-greffage-herbac\u00e9.jpg\",\"et-pb-image--responsive--desktop\":\"https:\\\/\\\/www.vignevin.com\\\/wp-content\\\/uploads\\\/2019\\\/03\\\/Sympt\u00f4mes-d\u00e9corce-li\u00e9geuse-corky-bark-sur-feuille-apr\u00e8s-greffage-herbac\u00e9.jpg\",\"et-pb-image--responsive--tablet\":\"https:\\\/\\\/www.vignevin.com\\\/wp-content\\\/uploads\\\/2019\\\/03\\\/Sympt\u00f4mes-d\u00e9corce-li\u00e9geuse-corky-bark-sur-feuille-apr\u00e8s-greffage-herbac\u00e9.jpg\",\"et-pb-image--responsive--phone\":\"https:\\\/\\\/www.vignevin.com\\\/wp-content\\\/uploads\\\/2019\\\/03\\\/Sympt\u00f4mes-d\u00e9corce-li\u00e9geuse-corky-bark-sur-feuille-apr\u00e8s-greffage-herbac\u00e9.jpg\",\"gform-image-choice-sm\":\"https:\\\/\\\/www.vignevin.com\\\/wp-content\\\/uploads\\\/2019\\\/03\\\/Sympt\u00f4mes-d\u00e9corce-li\u00e9geuse-corky-bark-sur-feuille-apr\u00e8s-greffage-herbac\u00e9.jpg\",\"gform-image-choice-md\":\"https:\\\/\\\/www.vignevin.com\\\/wp-content\\\/uploads\\\/2019\\\/03\\\/Sympt\u00f4mes-d\u00e9corce-li\u00e9geuse-corky-bark-sur-feuille-apr\u00e8s-greffage-herbac\u00e9.jpg\",\"gform-image-choice-lg\":\"https:\\\/\\\/www.vignevin.com\\\/wp-content\\\/uploads\\\/2019\\\/03\\\/Sympt\u00f4mes-d\u00e9corce-li\u00e9geuse-corky-bark-sur-feuille-apr\u00e8s-greffage-herbac\u00e9.jpg\",\"woocommerce_thumbnail\":\"https:\\\/\\\/www.vignevin.com\\\/wp-content\\\/uploads\\\/2019\\\/03\\\/Sympt\u00f4mes-d\u00e9corce-li\u00e9geuse-corky-bark-sur-feuille-apr\u00e8s-greffage-herbac\u00e9-300x300.jpg\",\"woocommerce_single\":\"https:\\\/\\\/www.vignevin.com\\\/wp-content\\\/uploads\\\/2019\\\/03\\\/Sympt\u00f4mes-d\u00e9corce-li\u00e9geuse-corky-bark-sur-feuille-apr\u00e8s-greffage-herbac\u00e9-600x479.jpg\",\"woocommerce_gallery_thumbnail\":\"https:\\\/\\\/www.vignevin.com\\\/wp-content\\\/uploads\\\/2019\\\/03\\\/Sympt\u00f4mes-d\u00e9corce-li\u00e9geuse-corky-bark-sur-feuille-apr\u00e8s-greffage-herbac\u00e9-100x100.jpg\",\"full\":\"https:\\\/\\\/www.vignevin.com\\\/wp-content\\\/uploads\\\/2019\\\/03\\\/Sympt\u00f4mes-d\u00e9corce-li\u00e9geuse-corky-bark-sur-feuille-apr\u00e8s-greffage-herbac\u00e9.jpg\",\"index\":65,\"id\":9931,\"video\":false,\"opts\":{\"caption\":\"OLYMPUS DIGITAL CAMERA\",\"thumb\":{\"errors\":{\"envira-gallery-error-no-file\":[\"No file could be found for the image URL specified.\"]},\"error_data\":[]},\"title\":\"OLYMPUS DIGITAL CAMERA\"},\"gallery_id\":\"17413\"},\"9932\":{\"status\":\"active\",\"src\":\"https:\\\/\\\/www.vignevin.com\\\/wp-content\\\/uploads\\\/2019\\\/03\\\/Sympt\u00f4mes-d\u00e9corce-li\u00e9geuse-corky-bark-sur-rameau-apr\u00e8s-greffage-herbac\u00e9-2.jpg\",\"title\":\"Sympt&ocirc;mes d&amp;rsquo;&eacute;corce li&eacute;geuse (corky bark) sur rameau apr&egrave;s greffage herbac&eacute; 2\",\"link\":\"https:\\\/\\\/www.vignevin.com\\\/wp-content\\\/uploads\\\/2019\\\/03\\\/Sympt\u00f4mes-d\u00e9corce-li\u00e9geuse-corky-bark-sur-rameau-apr\u00e8s-greffage-herbac\u00e9-2.jpg\",\"alt\":\"\",\"caption\":false,\"thumb\":{\"errors\":{\"envira-gallery-error-no-file\":[\"No file could be found for the image URL specified.\"]},\"error_data\":[]},\"meta\":{\"aperture\":\"3.6\",\"credit\":null,\"camera\":\"E5700\",\"caption\":\"\",\"created_timestamp\":\"1284023188\",\"copyright\":null,\"focal_length\":\"25.4\",\"iso\":\"100\",\"shutter_speed\":\"0.016583747927032\",\"title\":\"\",\"orientation\":\"1\",\"keywords\":null},\"thumbnail\":\"https:\\\/\\\/www.vignevin.com\\\/wp-content\\\/uploads\\\/2019\\\/03\\\/Sympt\u00f4mes-d\u00e9corce-li\u00e9geuse-corky-bark-sur-rameau-apr\u00e8s-greffage-herbac\u00e9-2-150x150.jpg\",\"medium\":\"https:\\\/\\\/www.vignevin.com\\\/wp-content\\\/uploads\\\/2019\\\/03\\\/Sympt\u00f4mes-d\u00e9corce-li\u00e9geuse-corky-bark-sur-rameau-apr\u00e8s-greffage-herbac\u00e9-2-300x225.jpg\",\"medium_large\":\"https:\\\/\\\/www.vignevin.com\\\/wp-content\\\/uploads\\\/2019\\\/03\\\/Sympt\u00f4mes-d\u00e9corce-li\u00e9geuse-corky-bark-sur-rameau-apr\u00e8s-greffage-herbac\u00e9-2-768x576.jpg\",\"large\":\"https:\\\/\\\/www.vignevin.com\\\/wp-content\\\/uploads\\\/2019\\\/03\\\/Sympt\u00f4mes-d\u00e9corce-li\u00e9geuse-corky-bark-sur-rameau-apr\u00e8s-greffage-herbac\u00e9-2-1024x768.jpg\",\"1536x1536\":\"https:\\\/\\\/www.vignevin.com\\\/wp-content\\\/uploads\\\/2019\\\/03\\\/Sympt\u00f4mes-d\u00e9corce-li\u00e9geuse-corky-bark-sur-rameau-apr\u00e8s-greffage-herbac\u00e9-2.jpg\",\"2048x2048\":\"https:\\\/\\\/www.vignevin.com\\\/wp-content\\\/uploads\\\/2019\\\/03\\\/Sympt\u00f4mes-d\u00e9corce-li\u00e9geuse-corky-bark-sur-rameau-apr\u00e8s-greffage-herbac\u00e9-2.jpg\",\"et-pb-post-main-image\":\"https:\\\/\\\/www.vignevin.com\\\/wp-content\\\/uploads\\\/2019\\\/03\\\/Sympt\u00f4mes-d\u00e9corce-li\u00e9geuse-corky-bark-sur-rameau-apr\u00e8s-greffage-herbac\u00e9-2-400x250.jpg\",\"et-pb-post-main-image-fullwidth\":\"https:\\\/\\\/www.vignevin.com\\\/wp-content\\\/uploads\\\/2019\\\/03\\\/Sympt\u00f4mes-d\u00e9corce-li\u00e9geuse-corky-bark-sur-rameau-apr\u00e8s-greffage-herbac\u00e9-2-1080x675.jpg\",\"et-pb-portfolio-image\":\"https:\\\/\\\/www.vignevin.com\\\/wp-content\\\/uploads\\\/2019\\\/03\\\/Sympt\u00f4mes-d\u00e9corce-li\u00e9geuse-corky-bark-sur-rameau-apr\u00e8s-greffage-herbac\u00e9-2-400x284.jpg\",\"et-pb-portfolio-module-image\":\"https:\\\/\\\/www.vignevin.com\\\/wp-content\\\/uploads\\\/2019\\\/03\\\/Sympt\u00f4mes-d\u00e9corce-li\u00e9geuse-corky-bark-sur-rameau-apr\u00e8s-greffage-herbac\u00e9-2-510x382.jpg\",\"et-pb-portfolio-image-single\":\"https:\\\/\\\/www.vignevin.com\\\/wp-content\\\/uploads\\\/2019\\\/03\\\/Sympt\u00f4mes-d\u00e9corce-li\u00e9geuse-corky-bark-sur-rameau-apr\u00e8s-greffage-herbac\u00e9-2-1080x810.jpg\",\"et-pb-gallery-module-image-portrait\":\"https:\\\/\\\/www.vignevin.com\\\/wp-content\\\/uploads\\\/2019\\\/03\\\/Sympt\u00f4mes-d\u00e9corce-li\u00e9geuse-corky-bark-sur-rameau-apr\u00e8s-greffage-herbac\u00e9-2-400x516.jpg\",\"et-pb-post-main-image-fullwidth-large\":\"https:\\\/\\\/www.vignevin.com\\\/wp-content\\\/uploads\\\/2019\\\/03\\\/Sympt\u00f4mes-d\u00e9corce-li\u00e9geuse-corky-bark-sur-rameau-apr\u00e8s-greffage-herbac\u00e9-2-2560x1800.jpg\",\"et-pb-image--responsive--desktop\":\"https:\\\/\\\/www.vignevin.com\\\/wp-content\\\/uploads\\\/2019\\\/03\\\/Sympt\u00f4mes-d\u00e9corce-li\u00e9geuse-corky-bark-sur-rameau-apr\u00e8s-greffage-herbac\u00e9-2.jpg\",\"et-pb-image--responsive--tablet\":\"https:\\\/\\\/www.vignevin.com\\\/wp-content\\\/uploads\\\/2019\\\/03\\\/Sympt\u00f4mes-d\u00e9corce-li\u00e9geuse-corky-bark-sur-rameau-apr\u00e8s-greffage-herbac\u00e9-2.jpg\",\"et-pb-image--responsive--phone\":\"https:\\\/\\\/www.vignevin.com\\\/wp-content\\\/uploads\\\/2019\\\/03\\\/Sympt\u00f4mes-d\u00e9corce-li\u00e9geuse-corky-bark-sur-rameau-apr\u00e8s-greffage-herbac\u00e9-2.jpg\",\"gform-image-choice-sm\":\"https:\\\/\\\/www.vignevin.com\\\/wp-content\\\/uploads\\\/2019\\\/03\\\/Sympt\u00f4mes-d\u00e9corce-li\u00e9geuse-corky-bark-sur-rameau-apr\u00e8s-greffage-herbac\u00e9-2.jpg\",\"gform-image-choice-md\":\"https:\\\/\\\/www.vignevin.com\\\/wp-content\\\/uploads\\\/2019\\\/03\\\/Sympt\u00f4mes-d\u00e9corce-li\u00e9geuse-corky-bark-sur-rameau-apr\u00e8s-greffage-herbac\u00e9-2.jpg\",\"gform-image-choice-lg\":\"https:\\\/\\\/www.vignevin.com\\\/wp-content\\\/uploads\\\/2019\\\/03\\\/Sympt\u00f4mes-d\u00e9corce-li\u00e9geuse-corky-bark-sur-rameau-apr\u00e8s-greffage-herbac\u00e9-2.jpg\",\"woocommerce_thumbnail\":\"https:\\\/\\\/www.vignevin.com\\\/wp-content\\\/uploads\\\/2019\\\/03\\\/Sympt\u00f4mes-d\u00e9corce-li\u00e9geuse-corky-bark-sur-rameau-apr\u00e8s-greffage-herbac\u00e9-2-300x300.jpg\",\"woocommerce_single\":\"https:\\\/\\\/www.vignevin.com\\\/wp-content\\\/uploads\\\/2019\\\/03\\\/Sympt\u00f4mes-d\u00e9corce-li\u00e9geuse-corky-bark-sur-rameau-apr\u00e8s-greffage-herbac\u00e9-2-600x450.jpg\",\"woocommerce_gallery_thumbnail\":\"https:\\\/\\\/www.vignevin.com\\\/wp-content\\\/uploads\\\/2019\\\/03\\\/Sympt\u00f4mes-d\u00e9corce-li\u00e9geuse-corky-bark-sur-rameau-apr\u00e8s-greffage-herbac\u00e9-2-100x100.jpg\",\"full\":\"https:\\\/\\\/www.vignevin.com\\\/wp-content\\\/uploads\\\/2019\\\/03\\\/Sympt\u00f4mes-d\u00e9corce-li\u00e9geuse-corky-bark-sur-rameau-apr\u00e8s-greffage-herbac\u00e9-2.jpg\",\"index\":66,\"id\":9932,\"video\":false,\"opts\":{\"caption\":\"\",\"thumb\":{\"errors\":{\"envira-gallery-error-no-file\":[\"No file could be found for the image URL specified.\"]},\"error_data\":[]},\"title\":\"Sympt&ocirc;mes d&amp;rsquo;&eacute;corce li&eacute;geuse (corky bark) sur rameau apr&egrave;s greffage herbac&eacute; 2\"},\"gallery_id\":\"17413\"},\"9933\":{\"status\":\"active\",\"src\":\"https:\\\/\\\/www.vignevin.com\\\/wp-content\\\/uploads\\\/2019\\\/03\\\/Sympt\u00f4mes-d\u00e9corce-li\u00e9geuse-corky-bark-sur-rameau-apr\u00e8s-greffage-herbac\u00e9.jpg\",\"title\":\"Sympt&ocirc;mes d&amp;rsquo;&eacute;corce li&eacute;geuse (corky bark) sur rameau apr&egrave;s greffage herbac&eacute;\",\"link\":\"https:\\\/\\\/www.vignevin.com\\\/wp-content\\\/uploads\\\/2019\\\/03\\\/Sympt\u00f4mes-d\u00e9corce-li\u00e9geuse-corky-bark-sur-rameau-apr\u00e8s-greffage-herbac\u00e9.jpg\",\"alt\":\"\",\"caption\":false,\"thumb\":{\"errors\":{\"envira-gallery-error-no-file\":[\"No file could be found for the image URL specified.\"]},\"error_data\":[]},\"meta\":{\"aperture\":null,\"credit\":null,\"camera\":null,\"caption\":\"\",\"created_timestamp\":null,\"copyright\":null,\"focal_length\":null,\"iso\":null,\"shutter_speed\":null,\"title\":\"\",\"orientation\":null,\"keywords\":null},\"thumbnail\":\"https:\\\/\\\/www.vignevin.com\\\/wp-content\\\/uploads\\\/2019\\\/03\\\/Sympt\u00f4mes-d\u00e9corce-li\u00e9geuse-corky-bark-sur-rameau-apr\u00e8s-greffage-herbac\u00e9-150x150.jpg\",\"medium\":\"https:\\\/\\\/www.vignevin.com\\\/wp-content\\\/uploads\\\/2019\\\/03\\\/Sympt\u00f4mes-d\u00e9corce-li\u00e9geuse-corky-bark-sur-rameau-apr\u00e8s-greffage-herbac\u00e9-240x300.jpg\",\"medium_large\":\"https:\\\/\\\/www.vignevin.com\\\/wp-content\\\/uploads\\\/2019\\\/03\\\/Sympt\u00f4mes-d\u00e9corce-li\u00e9geuse-corky-bark-sur-rameau-apr\u00e8s-greffage-herbac\u00e9-768x961.jpg\",\"large\":\"https:\\\/\\\/www.vignevin.com\\\/wp-content\\\/uploads\\\/2019\\\/03\\\/Sympt\u00f4mes-d\u00e9corce-li\u00e9geuse-corky-bark-sur-rameau-apr\u00e8s-greffage-herbac\u00e9-818x1024.jpg\",\"1536x1536\":\"https:\\\/\\\/www.vignevin.com\\\/wp-content\\\/uploads\\\/2019\\\/03\\\/Sympt\u00f4mes-d\u00e9corce-li\u00e9geuse-corky-bark-sur-rameau-apr\u00e8s-greffage-herbac\u00e9.jpg\",\"2048x2048\":\"https:\\\/\\\/www.vignevin.com\\\/wp-content\\\/uploads\\\/2019\\\/03\\\/Sympt\u00f4mes-d\u00e9corce-li\u00e9geuse-corky-bark-sur-rameau-apr\u00e8s-greffage-herbac\u00e9.jpg\",\"et-pb-post-main-image\":\"https:\\\/\\\/www.vignevin.com\\\/wp-content\\\/uploads\\\/2019\\\/03\\\/Sympt\u00f4mes-d\u00e9corce-li\u00e9geuse-corky-bark-sur-rameau-apr\u00e8s-greffage-herbac\u00e9-400x250.jpg\",\"et-pb-post-main-image-fullwidth\":\"https:\\\/\\\/www.vignevin.com\\\/wp-content\\\/uploads\\\/2019\\\/03\\\/Sympt\u00f4mes-d\u00e9corce-li\u00e9geuse-corky-bark-sur-rameau-apr\u00e8s-greffage-herbac\u00e9-1080x675.jpg\",\"et-pb-portfolio-image\":\"https:\\\/\\\/www.vignevin.com\\\/wp-content\\\/uploads\\\/2019\\\/03\\\/Sympt\u00f4mes-d\u00e9corce-li\u00e9geuse-corky-bark-sur-rameau-apr\u00e8s-greffage-herbac\u00e9-400x284.jpg\",\"et-pb-portfolio-module-image\":\"https:\\\/\\\/www.vignevin.com\\\/wp-content\\\/uploads\\\/2019\\\/03\\\/Sympt\u00f4mes-d\u00e9corce-li\u00e9geuse-corky-bark-sur-rameau-apr\u00e8s-greffage-herbac\u00e9-510x382.jpg\",\"et-pb-portfolio-image-single\":\"https:\\\/\\\/www.vignevin.com\\\/wp-content\\\/uploads\\\/2019\\\/03\\\/Sympt\u00f4mes-d\u00e9corce-li\u00e9geuse-corky-bark-sur-rameau-apr\u00e8s-greffage-herbac\u00e9-1080x1352.jpg\",\"et-pb-gallery-module-image-portrait\":\"https:\\\/\\\/www.vignevin.com\\\/wp-content\\\/uploads\\\/2019\\\/03\\\/Sympt\u00f4mes-d\u00e9corce-li\u00e9geuse-corky-bark-sur-rameau-apr\u00e8s-greffage-herbac\u00e9-400x516.jpg\",\"et-pb-post-main-image-fullwidth-large\":\"https:\\\/\\\/www.vignevin.com\\\/wp-content\\\/uploads\\\/2019\\\/03\\\/Sympt\u00f4mes-d\u00e9corce-li\u00e9geuse-corky-bark-sur-rameau-apr\u00e8s-greffage-herbac\u00e9.jpg\",\"et-pb-image--responsive--desktop\":\"https:\\\/\\\/www.vignevin.com\\\/wp-content\\\/uploads\\\/2019\\\/03\\\/Sympt\u00f4mes-d\u00e9corce-li\u00e9geuse-corky-bark-sur-rameau-apr\u00e8s-greffage-herbac\u00e9.jpg\",\"et-pb-image--responsive--tablet\":\"https:\\\/\\\/www.vignevin.com\\\/wp-content\\\/uploads\\\/2019\\\/03\\\/Sympt\u00f4mes-d\u00e9corce-li\u00e9geuse-corky-bark-sur-rameau-apr\u00e8s-greffage-herbac\u00e9.jpg\",\"et-pb-image--responsive--phone\":\"https:\\\/\\\/www.vignevin.com\\\/wp-content\\\/uploads\\\/2019\\\/03\\\/Sympt\u00f4mes-d\u00e9corce-li\u00e9geuse-corky-bark-sur-rameau-apr\u00e8s-greffage-herbac\u00e9.jpg\",\"gform-image-choice-sm\":\"https:\\\/\\\/www.vignevin.com\\\/wp-content\\\/uploads\\\/2019\\\/03\\\/Sympt\u00f4mes-d\u00e9corce-li\u00e9geuse-corky-bark-sur-rameau-apr\u00e8s-greffage-herbac\u00e9.jpg\",\"gform-image-choice-md\":\"https:\\\/\\\/www.vignevin.com\\\/wp-content\\\/uploads\\\/2019\\\/03\\\/Sympt\u00f4mes-d\u00e9corce-li\u00e9geuse-corky-bark-sur-rameau-apr\u00e8s-greffage-herbac\u00e9.jpg\",\"gform-image-choice-lg\":\"https:\\\/\\\/www.vignevin.com\\\/wp-content\\\/uploads\\\/2019\\\/03\\\/Sympt\u00f4mes-d\u00e9corce-li\u00e9geuse-corky-bark-sur-rameau-apr\u00e8s-greffage-herbac\u00e9.jpg\",\"woocommerce_thumbnail\":\"https:\\\/\\\/www.vignevin.com\\\/wp-content\\\/uploads\\\/2019\\\/03\\\/Sympt\u00f4mes-d\u00e9corce-li\u00e9geuse-corky-bark-sur-rameau-apr\u00e8s-greffage-herbac\u00e9-300x300.jpg\",\"woocommerce_single\":\"https:\\\/\\\/www.vignevin.com\\\/wp-content\\\/uploads\\\/2019\\\/03\\\/Sympt\u00f4mes-d\u00e9corce-li\u00e9geuse-corky-bark-sur-rameau-apr\u00e8s-greffage-herbac\u00e9-600x751.jpg\",\"woocommerce_gallery_thumbnail\":\"https:\\\/\\\/www.vignevin.com\\\/wp-content\\\/uploads\\\/2019\\\/03\\\/Sympt\u00f4mes-d\u00e9corce-li\u00e9geuse-corky-bark-sur-rameau-apr\u00e8s-greffage-herbac\u00e9-100x100.jpg\",\"full\":\"https:\\\/\\\/www.vignevin.com\\\/wp-content\\\/uploads\\\/2019\\\/03\\\/Sympt\u00f4mes-d\u00e9corce-li\u00e9geuse-corky-bark-sur-rameau-apr\u00e8s-greffage-herbac\u00e9.jpg\",\"index\":67,\"id\":9933,\"video\":false,\"opts\":{\"caption\":\"\",\"thumb\":{\"errors\":{\"envira-gallery-error-no-file\":[\"No file could be found for the image URL specified.\"]},\"error_data\":[]},\"title\":\"Sympt&ocirc;mes d&amp;rsquo;&eacute;corce li&eacute;geuse (corky bark) sur rameau apr&egrave;s greffage herbac&eacute;\"},\"gallery_id\":\"17413\"},\"9934\":{\"status\":\"active\",\"src\":\"https:\\\/\\\/www.vignevin.com\\\/wp-content\\\/uploads\\\/2019\\\/03\\\/Sympt\u00f4mes-d\u00e9corce-li\u00e9geuse-corky-bark-sur-rameau.jpg\",\"title\":\"OLYMPUS DIGITAL CAMERA\",\"link\":\"https:\\\/\\\/www.vignevin.com\\\/wp-content\\\/uploads\\\/2019\\\/03\\\/Sympt\u00f4mes-d\u00e9corce-li\u00e9geuse-corky-bark-sur-rameau.jpg\",\"alt\":\"\",\"caption\":\"OLYMPUS DIGITAL CAMERA\",\"thumb\":{\"errors\":{\"envira-gallery-error-no-file\":[\"No file could be found for the image URL specified.\"]},\"error_data\":[]},\"meta\":{\"aperture\":\"2.8\",\"credit\":null,\"camera\":\"C4100Z,C4000Z\",\"caption\":\"OLYMPUS DIGITAL CAMERA\",\"created_timestamp\":null,\"copyright\":null,\"focal_length\":\"9.1\",\"iso\":\"100\",\"shutter_speed\":\"0.008\",\"title\":\"OLYMPUS DIGITAL CAMERA\",\"orientation\":\"1\",\"keywords\":null},\"thumbnail\":\"https:\\\/\\\/www.vignevin.com\\\/wp-content\\\/uploads\\\/2019\\\/03\\\/Sympt\u00f4mes-d\u00e9corce-li\u00e9geuse-corky-bark-sur-rameau-150x150.jpg\",\"medium\":\"https:\\\/\\\/www.vignevin.com\\\/wp-content\\\/uploads\\\/2019\\\/03\\\/Sympt\u00f4mes-d\u00e9corce-li\u00e9geuse-corky-bark-sur-rameau-300x224.jpg\",\"medium_large\":\"https:\\\/\\\/www.vignevin.com\\\/wp-content\\\/uploads\\\/2019\\\/03\\\/Sympt\u00f4mes-d\u00e9corce-li\u00e9geuse-corky-bark-sur-rameau-768x575.jpg\",\"large\":\"https:\\\/\\\/www.vignevin.com\\\/wp-content\\\/uploads\\\/2019\\\/03\\\/Sympt\u00f4mes-d\u00e9corce-li\u00e9geuse-corky-bark-sur-rameau-1024x766.jpg\",\"1536x1536\":\"https:\\\/\\\/www.vignevin.com\\\/wp-content\\\/uploads\\\/2019\\\/03\\\/Sympt\u00f4mes-d\u00e9corce-li\u00e9geuse-corky-bark-sur-rameau.jpg\",\"2048x2048\":\"https:\\\/\\\/www.vignevin.com\\\/wp-content\\\/uploads\\\/2019\\\/03\\\/Sympt\u00f4mes-d\u00e9corce-li\u00e9geuse-corky-bark-sur-rameau.jpg\",\"et-pb-post-main-image\":\"https:\\\/\\\/www.vignevin.com\\\/wp-content\\\/uploads\\\/2019\\\/03\\\/Sympt\u00f4mes-d\u00e9corce-li\u00e9geuse-corky-bark-sur-rameau-400x250.jpg\",\"et-pb-post-main-image-fullwidth\":\"https:\\\/\\\/www.vignevin.com\\\/wp-content\\\/uploads\\\/2019\\\/03\\\/Sympt\u00f4mes-d\u00e9corce-li\u00e9geuse-corky-bark-sur-rameau-1080x675.jpg\",\"et-pb-portfolio-image\":\"https:\\\/\\\/www.vignevin.com\\\/wp-content\\\/uploads\\\/2019\\\/03\\\/Sympt\u00f4mes-d\u00e9corce-li\u00e9geuse-corky-bark-sur-rameau-400x284.jpg\",\"et-pb-portfolio-module-image\":\"https:\\\/\\\/www.vignevin.com\\\/wp-content\\\/uploads\\\/2019\\\/03\\\/Sympt\u00f4mes-d\u00e9corce-li\u00e9geuse-corky-bark-sur-rameau-510x382.jpg\",\"et-pb-portfolio-image-single\":\"https:\\\/\\\/www.vignevin.com\\\/wp-content\\\/uploads\\\/2019\\\/03\\\/Sympt\u00f4mes-d\u00e9corce-li\u00e9geuse-corky-bark-sur-rameau-1080x808.jpg\",\"et-pb-gallery-module-image-portrait\":\"https:\\\/\\\/www.vignevin.com\\\/wp-content\\\/uploads\\\/2019\\\/03\\\/Sympt\u00f4mes-d\u00e9corce-li\u00e9geuse-corky-bark-sur-rameau-400x516.jpg\",\"et-pb-post-main-image-fullwidth-large\":\"https:\\\/\\\/www.vignevin.com\\\/wp-content\\\/uploads\\\/2019\\\/03\\\/Sympt\u00f4mes-d\u00e9corce-li\u00e9geuse-corky-bark-sur-rameau.jpg\",\"et-pb-image--responsive--desktop\":\"https:\\\/\\\/www.vignevin.com\\\/wp-content\\\/uploads\\\/2019\\\/03\\\/Sympt\u00f4mes-d\u00e9corce-li\u00e9geuse-corky-bark-sur-rameau.jpg\",\"et-pb-image--responsive--tablet\":\"https:\\\/\\\/www.vignevin.com\\\/wp-content\\\/uploads\\\/2019\\\/03\\\/Sympt\u00f4mes-d\u00e9corce-li\u00e9geuse-corky-bark-sur-rameau.jpg\",\"et-pb-image--responsive--phone\":\"https:\\\/\\\/www.vignevin.com\\\/wp-content\\\/uploads\\\/2019\\\/03\\\/Sympt\u00f4mes-d\u00e9corce-li\u00e9geuse-corky-bark-sur-rameau.jpg\",\"gform-image-choice-sm\":\"https:\\\/\\\/www.vignevin.com\\\/wp-content\\\/uploads\\\/2019\\\/03\\\/Sympt\u00f4mes-d\u00e9corce-li\u00e9geuse-corky-bark-sur-rameau.jpg\",\"gform-image-choice-md\":\"https:\\\/\\\/www.vignevin.com\\\/wp-content\\\/uploads\\\/2019\\\/03\\\/Sympt\u00f4mes-d\u00e9corce-li\u00e9geuse-corky-bark-sur-rameau.jpg\",\"gform-image-choice-lg\":\"https:\\\/\\\/www.vignevin.com\\\/wp-content\\\/uploads\\\/2019\\\/03\\\/Sympt\u00f4mes-d\u00e9corce-li\u00e9geuse-corky-bark-sur-rameau.jpg\",\"woocommerce_thumbnail\":\"https:\\\/\\\/www.vignevin.com\\\/wp-content\\\/uploads\\\/2019\\\/03\\\/Sympt\u00f4mes-d\u00e9corce-li\u00e9geuse-corky-bark-sur-rameau-300x300.jpg\",\"woocommerce_single\":\"https:\\\/\\\/www.vignevin.com\\\/wp-content\\\/uploads\\\/2019\\\/03\\\/Sympt\u00f4mes-d\u00e9corce-li\u00e9geuse-corky-bark-sur-rameau-600x449.jpg\",\"woocommerce_gallery_thumbnail\":\"https:\\\/\\\/www.vignevin.com\\\/wp-content\\\/uploads\\\/2019\\\/03\\\/Sympt\u00f4mes-d\u00e9corce-li\u00e9geuse-corky-bark-sur-rameau-100x100.jpg\",\"full\":\"https:\\\/\\\/www.vignevin.com\\\/wp-content\\\/uploads\\\/2019\\\/03\\\/Sympt\u00f4mes-d\u00e9corce-li\u00e9geuse-corky-bark-sur-rameau.jpg\",\"index\":68,\"id\":9934,\"video\":false,\"opts\":{\"caption\":\"OLYMPUS DIGITAL CAMERA\",\"thumb\":{\"errors\":{\"envira-gallery-error-no-file\":[\"No file could be found for the image URL specified.\"]},\"error_data\":[]},\"title\":\"OLYMPUS DIGITAL CAMERA\"},\"gallery_id\":\"17413\"},\"9935\":{\"status\":\"active\",\"src\":\"https:\\\/\\\/www.vignevin.com\\\/wp-content\\\/uploads\\\/2019\\\/03\\\/Sympt\u00f4mes-d\u00e9corce-li\u00e9geuse-sur-rameau-herbac\u00e9-de-LN33.jpg\",\"title\":\"Sympt&ocirc;mes d&amp;rsquo;&eacute;corce li&eacute;geuse sur rameau herbac&eacute; de LN33\",\"link\":\"https:\\\/\\\/www.vignevin.com\\\/wp-content\\\/uploads\\\/2019\\\/03\\\/Sympt\u00f4mes-d\u00e9corce-li\u00e9geuse-sur-rameau-herbac\u00e9-de-LN33.jpg\",\"alt\":\"\",\"caption\":false,\"thumb\":{\"errors\":{\"envira-gallery-error-no-file\":[\"No file could be found for the image URL specified.\"]},\"error_data\":[]},\"meta\":{\"aperture\":null,\"credit\":null,\"camera\":null,\"caption\":\"\",\"created_timestamp\":null,\"copyright\":null,\"focal_length\":null,\"iso\":null,\"shutter_speed\":null,\"title\":\"\",\"orientation\":null,\"keywords\":null},\"thumbnail\":\"https:\\\/\\\/www.vignevin.com\\\/wp-content\\\/uploads\\\/2019\\\/03\\\/Sympt\u00f4mes-d\u00e9corce-li\u00e9geuse-sur-rameau-herbac\u00e9-de-LN33-150x150.jpg\",\"medium\":\"https:\\\/\\\/www.vignevin.com\\\/wp-content\\\/uploads\\\/2019\\\/03\\\/Sympt\u00f4mes-d\u00e9corce-li\u00e9geuse-sur-rameau-herbac\u00e9-de-LN33-208x300.jpg\",\"medium_large\":\"https:\\\/\\\/www.vignevin.com\\\/wp-content\\\/uploads\\\/2019\\\/03\\\/Sympt\u00f4mes-d\u00e9corce-li\u00e9geuse-sur-rameau-herbac\u00e9-de-LN33.jpg\",\"large\":\"https:\\\/\\\/www.vignevin.com\\\/wp-content\\\/uploads\\\/2019\\\/03\\\/Sympt\u00f4mes-d\u00e9corce-li\u00e9geuse-sur-rameau-herbac\u00e9-de-LN33.jpg\",\"1536x1536\":\"https:\\\/\\\/www.vignevin.com\\\/wp-content\\\/uploads\\\/2019\\\/03\\\/Sympt\u00f4mes-d\u00e9corce-li\u00e9geuse-sur-rameau-herbac\u00e9-de-LN33.jpg\",\"2048x2048\":\"https:\\\/\\\/www.vignevin.com\\\/wp-content\\\/uploads\\\/2019\\\/03\\\/Sympt\u00f4mes-d\u00e9corce-li\u00e9geuse-sur-rameau-herbac\u00e9-de-LN33.jpg\",\"et-pb-post-main-image\":\"https:\\\/\\\/www.vignevin.com\\\/wp-content\\\/uploads\\\/2019\\\/03\\\/Sympt\u00f4mes-d\u00e9corce-li\u00e9geuse-sur-rameau-herbac\u00e9-de-LN33-400x250.jpg\",\"et-pb-post-main-image-fullwidth\":\"https:\\\/\\\/www.vignevin.com\\\/wp-content\\\/uploads\\\/2019\\\/03\\\/Sympt\u00f4mes-d\u00e9corce-li\u00e9geuse-sur-rameau-herbac\u00e9-de-LN33.jpg\",\"et-pb-portfolio-image\":\"https:\\\/\\\/www.vignevin.com\\\/wp-content\\\/uploads\\\/2019\\\/03\\\/Sympt\u00f4mes-d\u00e9corce-li\u00e9geuse-sur-rameau-herbac\u00e9-de-LN33-400x284.jpg\",\"et-pb-portfolio-module-image\":\"https:\\\/\\\/www.vignevin.com\\\/wp-content\\\/uploads\\\/2019\\\/03\\\/Sympt\u00f4mes-d\u00e9corce-li\u00e9geuse-sur-rameau-herbac\u00e9-de-LN33-439x382.jpg\",\"et-pb-portfolio-image-single\":\"https:\\\/\\\/www.vignevin.com\\\/wp-content\\\/uploads\\\/2019\\\/03\\\/Sympt\u00f4mes-d\u00e9corce-li\u00e9geuse-sur-rameau-herbac\u00e9-de-LN33.jpg\",\"et-pb-gallery-module-image-portrait\":\"https:\\\/\\\/www.vignevin.com\\\/wp-content\\\/uploads\\\/2019\\\/03\\\/Sympt\u00f4mes-d\u00e9corce-li\u00e9geuse-sur-rameau-herbac\u00e9-de-LN33-400x516.jpg\",\"et-pb-post-main-image-fullwidth-large\":\"https:\\\/\\\/www.vignevin.com\\\/wp-content\\\/uploads\\\/2019\\\/03\\\/Sympt\u00f4mes-d\u00e9corce-li\u00e9geuse-sur-rameau-herbac\u00e9-de-LN33.jpg\",\"et-pb-image--responsive--desktop\":\"https:\\\/\\\/www.vignevin.com\\\/wp-content\\\/uploads\\\/2019\\\/03\\\/Sympt\u00f4mes-d\u00e9corce-li\u00e9geuse-sur-rameau-herbac\u00e9-de-LN33.jpg\",\"et-pb-image--responsive--tablet\":\"https:\\\/\\\/www.vignevin.com\\\/wp-content\\\/uploads\\\/2019\\\/03\\\/Sympt\u00f4mes-d\u00e9corce-li\u00e9geuse-sur-rameau-herbac\u00e9-de-LN33.jpg\",\"et-pb-image--responsive--phone\":\"https:\\\/\\\/www.vignevin.com\\\/wp-content\\\/uploads\\\/2019\\\/03\\\/Sympt\u00f4mes-d\u00e9corce-li\u00e9geuse-sur-rameau-herbac\u00e9-de-LN33.jpg\",\"gform-image-choice-sm\":\"https:\\\/\\\/www.vignevin.com\\\/wp-content\\\/uploads\\\/2019\\\/03\\\/Sympt\u00f4mes-d\u00e9corce-li\u00e9geuse-sur-rameau-herbac\u00e9-de-LN33.jpg\",\"gform-image-choice-md\":\"https:\\\/\\\/www.vignevin.com\\\/wp-content\\\/uploads\\\/2019\\\/03\\\/Sympt\u00f4mes-d\u00e9corce-li\u00e9geuse-sur-rameau-herbac\u00e9-de-LN33.jpg\",\"gform-image-choice-lg\":\"https:\\\/\\\/www.vignevin.com\\\/wp-content\\\/uploads\\\/2019\\\/03\\\/Sympt\u00f4mes-d\u00e9corce-li\u00e9geuse-sur-rameau-herbac\u00e9-de-LN33.jpg\",\"woocommerce_thumbnail\":\"https:\\\/\\\/www.vignevin.com\\\/wp-content\\\/uploads\\\/2019\\\/03\\\/Sympt\u00f4mes-d\u00e9corce-li\u00e9geuse-sur-rameau-herbac\u00e9-de-LN33-300x300.jpg\",\"woocommerce_single\":\"https:\\\/\\\/www.vignevin.com\\\/wp-content\\\/uploads\\\/2019\\\/03\\\/Sympt\u00f4mes-d\u00e9corce-li\u00e9geuse-sur-rameau-herbac\u00e9-de-LN33.jpg\",\"woocommerce_gallery_thumbnail\":\"https:\\\/\\\/www.vignevin.com\\\/wp-content\\\/uploads\\\/2019\\\/03\\\/Sympt\u00f4mes-d\u00e9corce-li\u00e9geuse-sur-rameau-herbac\u00e9-de-LN33-100x100.jpg\",\"full\":\"https:\\\/\\\/www.vignevin.com\\\/wp-content\\\/uploads\\\/2019\\\/03\\\/Sympt\u00f4mes-d\u00e9corce-li\u00e9geuse-sur-rameau-herbac\u00e9-de-LN33.jpg\",\"index\":69,\"id\":9935,\"video\":false,\"opts\":{\"caption\":\"\",\"thumb\":{\"errors\":{\"envira-gallery-error-no-file\":[\"No file could be found for the image URL specified.\"]},\"error_data\":[]},\"title\":\"Sympt&ocirc;mes d&amp;rsquo;&eacute;corce li&eacute;geuse sur rameau herbac&eacute; de LN33\"},\"gallery_id\":\"17413\"},\"9936\":{\"status\":\"active\",\"src\":\"https:\\\/\\\/www.vignevin.com\\\/wp-content\\\/uploads\\\/2019\\\/03\\\/Symptomes-foliaires-de-flavescence-dor\u00e9e-sur-porte-greffe-2-scaled.jpg\",\"title\":\"Symptomes foliaires de flavescence dor&eacute;e sur porte-greffe (2)\",\"link\":\"https:\\\/\\\/www.vignevin.com\\\/wp-content\\\/uploads\\\/2019\\\/03\\\/Symptomes-foliaires-de-flavescence-dor\u00e9e-sur-porte-greffe-2.jpg\",\"alt\":\"\",\"caption\":false,\"thumb\":{\"errors\":{\"envira-gallery-error-no-file\":[\"No file could be found for the image URL specified.\"]},\"error_data\":[]},\"meta\":{\"aperture\":\"1.7\",\"credit\":null,\"camera\":\"SM-G930F\",\"caption\":\"\",\"created_timestamp\":\"1504181989\",\"copyright\":null,\"focal_length\":\"4.2\",\"iso\":\"80\",\"shutter_speed\":\"0.01\",\"title\":\"\",\"orientation\":\"1\",\"keywords\":null},\"thumbnail\":\"https:\\\/\\\/www.vignevin.com\\\/wp-content\\\/uploads\\\/2019\\\/03\\\/Symptomes-foliaires-de-flavescence-dor\u00e9e-sur-porte-greffe-2-150x150.jpg\",\"medium\":\"https:\\\/\\\/www.vignevin.com\\\/wp-content\\\/uploads\\\/2019\\\/03\\\/Symptomes-foliaires-de-flavescence-dor\u00e9e-sur-porte-greffe-2-225x300.jpg\",\"medium_large\":\"https:\\\/\\\/www.vignevin.com\\\/wp-content\\\/uploads\\\/2019\\\/03\\\/Symptomes-foliaires-de-flavescence-dor\u00e9e-sur-porte-greffe-2-768x1024.jpg\",\"large\":\"https:\\\/\\\/www.vignevin.com\\\/wp-content\\\/uploads\\\/2019\\\/03\\\/Symptomes-foliaires-de-flavescence-dor\u00e9e-sur-porte-greffe-2-768x1024.jpg\",\"1536x1536\":\"https:\\\/\\\/www.vignevin.com\\\/wp-content\\\/uploads\\\/2019\\\/03\\\/Symptomes-foliaires-de-flavescence-dor\u00e9e-sur-porte-greffe-2-scaled.jpg\",\"2048x2048\":\"https:\\\/\\\/www.vignevin.com\\\/wp-content\\\/uploads\\\/2019\\\/03\\\/Symptomes-foliaires-de-flavescence-dor\u00e9e-sur-porte-greffe-2-scaled.jpg\",\"et-pb-post-main-image\":\"https:\\\/\\\/www.vignevin.com\\\/wp-content\\\/uploads\\\/2019\\\/03\\\/Symptomes-foliaires-de-flavescence-dor\u00e9e-sur-porte-greffe-2-400x250.jpg\",\"et-pb-post-main-image-fullwidth\":\"https:\\\/\\\/www.vignevin.com\\\/wp-content\\\/uploads\\\/2019\\\/03\\\/Symptomes-foliaires-de-flavescence-dor\u00e9e-sur-porte-greffe-2-1080x675.jpg\",\"et-pb-portfolio-image\":\"https:\\\/\\\/www.vignevin.com\\\/wp-content\\\/uploads\\\/2019\\\/03\\\/Symptomes-foliaires-de-flavescence-dor\u00e9e-sur-porte-greffe-2-400x284.jpg\",\"et-pb-portfolio-module-image\":\"https:\\\/\\\/www.vignevin.com\\\/wp-content\\\/uploads\\\/2019\\\/03\\\/Symptomes-foliaires-de-flavescence-dor\u00e9e-sur-porte-greffe-2-510x382.jpg\",\"et-pb-portfolio-image-single\":\"https:\\\/\\\/www.vignevin.com\\\/wp-content\\\/uploads\\\/2019\\\/03\\\/Symptomes-foliaires-de-flavescence-dor\u00e9e-sur-porte-greffe-2-1080x1440.jpg\",\"et-pb-gallery-module-image-portrait\":\"https:\\\/\\\/www.vignevin.com\\\/wp-content\\\/uploads\\\/2019\\\/03\\\/Symptomes-foliaires-de-flavescence-dor\u00e9e-sur-porte-greffe-2-400x516.jpg\",\"et-pb-post-main-image-fullwidth-large\":\"https:\\\/\\\/www.vignevin.com\\\/wp-content\\\/uploads\\\/2019\\\/03\\\/Symptomes-foliaires-de-flavescence-dor\u00e9e-sur-porte-greffe-2-2880x1800.jpg\",\"et-pb-image--responsive--desktop\":\"https:\\\/\\\/www.vignevin.com\\\/wp-content\\\/uploads\\\/2019\\\/03\\\/Symptomes-foliaires-de-flavescence-dor\u00e9e-sur-porte-greffe-2-scaled.jpg\",\"et-pb-image--responsive--tablet\":\"https:\\\/\\\/www.vignevin.com\\\/wp-content\\\/uploads\\\/2019\\\/03\\\/Symptomes-foliaires-de-flavescence-dor\u00e9e-sur-porte-greffe-2-scaled.jpg\",\"et-pb-image--responsive--phone\":\"https:\\\/\\\/www.vignevin.com\\\/wp-content\\\/uploads\\\/2019\\\/03\\\/Symptomes-foliaires-de-flavescence-dor\u00e9e-sur-porte-greffe-2-scaled.jpg\",\"gform-image-choice-sm\":\"https:\\\/\\\/www.vignevin.com\\\/wp-content\\\/uploads\\\/2019\\\/03\\\/Symptomes-foliaires-de-flavescence-dor\u00e9e-sur-porte-greffe-2-scaled.jpg\",\"gform-image-choice-md\":\"https:\\\/\\\/www.vignevin.com\\\/wp-content\\\/uploads\\\/2019\\\/03\\\/Symptomes-foliaires-de-flavescence-dor\u00e9e-sur-porte-greffe-2-scaled.jpg\",\"gform-image-choice-lg\":\"https:\\\/\\\/www.vignevin.com\\\/wp-content\\\/uploads\\\/2019\\\/03\\\/Symptomes-foliaires-de-flavescence-dor\u00e9e-sur-porte-greffe-2-scaled.jpg\",\"woocommerce_thumbnail\":\"https:\\\/\\\/www.vignevin.com\\\/wp-content\\\/uploads\\\/2019\\\/03\\\/Symptomes-foliaires-de-flavescence-dor\u00e9e-sur-porte-greffe-2-scaled-300x300.jpg\",\"woocommerce_single\":\"https:\\\/\\\/www.vignevin.com\\\/wp-content\\\/uploads\\\/2019\\\/03\\\/Symptomes-foliaires-de-flavescence-dor\u00e9e-sur-porte-greffe-2-scaled-600x800.jpg\",\"woocommerce_gallery_thumbnail\":\"https:\\\/\\\/www.vignevin.com\\\/wp-content\\\/uploads\\\/2019\\\/03\\\/Symptomes-foliaires-de-flavescence-dor\u00e9e-sur-porte-greffe-2-scaled-100x100.jpg\",\"full\":\"https:\\\/\\\/www.vignevin.com\\\/wp-content\\\/uploads\\\/2019\\\/03\\\/Symptomes-foliaires-de-flavescence-dor\u00e9e-sur-porte-greffe-2-scaled.jpg\",\"index\":70,\"id\":9936,\"video\":false,\"opts\":{\"caption\":\"\",\"thumb\":{\"errors\":{\"envira-gallery-error-no-file\":[\"No file could be found for the image URL specified.\"]},\"error_data\":[]},\"title\":\"Symptomes foliaires de flavescence dor&eacute;e sur porte-greffe (2)\"},\"gallery_id\":\"17413\"},\"9937\":{\"status\":\"active\",\"src\":\"https:\\\/\\\/www.vignevin.com\\\/wp-content\\\/uploads\\\/2019\\\/03\\\/Symptomes-foliaires-de-flavescence-dor\u00e9e-sur-porte-greffe-3-scaled.jpg\",\"title\":\"Symptomes foliaires de flavescence dor&eacute;e sur porte-greffe (3)\",\"link\":\"https:\\\/\\\/www.vignevin.com\\\/wp-content\\\/uploads\\\/2019\\\/03\\\/Symptomes-foliaires-de-flavescence-dor\u00e9e-sur-porte-greffe-3.jpg\",\"alt\":\"\",\"caption\":false,\"thumb\":{\"errors\":{\"envira-gallery-error-no-file\":[\"No file could be found for the image URL specified.\"]},\"error_data\":[]},\"meta\":{\"aperture\":\"1.7\",\"credit\":null,\"camera\":\"SM-G930F\",\"caption\":\"\",\"created_timestamp\":\"1504278564\",\"copyright\":null,\"focal_length\":\"4.2\",\"iso\":\"40\",\"shutter_speed\":\"0.004149377593361\",\"title\":\"\",\"orientation\":\"1\",\"keywords\":null},\"thumbnail\":\"https:\\\/\\\/www.vignevin.com\\\/wp-content\\\/uploads\\\/2019\\\/03\\\/Symptomes-foliaires-de-flavescence-dor\u00e9e-sur-porte-greffe-3-150x150.jpg\",\"medium\":\"https:\\\/\\\/www.vignevin.com\\\/wp-content\\\/uploads\\\/2019\\\/03\\\/Symptomes-foliaires-de-flavescence-dor\u00e9e-sur-porte-greffe-3-300x225.jpg\",\"medium_large\":\"https:\\\/\\\/www.vignevin.com\\\/wp-content\\\/uploads\\\/2019\\\/03\\\/Symptomes-foliaires-de-flavescence-dor\u00e9e-sur-porte-greffe-3-768x576.jpg\",\"large\":\"https:\\\/\\\/www.vignevin.com\\\/wp-content\\\/uploads\\\/2019\\\/03\\\/Symptomes-foliaires-de-flavescence-dor\u00e9e-sur-porte-greffe-3-1024x768.jpg\",\"1536x1536\":\"https:\\\/\\\/www.vignevin.com\\\/wp-content\\\/uploads\\\/2019\\\/03\\\/Symptomes-foliaires-de-flavescence-dor\u00e9e-sur-porte-greffe-3-scaled.jpg\",\"2048x2048\":\"https:\\\/\\\/www.vignevin.com\\\/wp-content\\\/uploads\\\/2019\\\/03\\\/Symptomes-foliaires-de-flavescence-dor\u00e9e-sur-porte-greffe-3-scaled.jpg\",\"et-pb-post-main-image\":\"https:\\\/\\\/www.vignevin.com\\\/wp-content\\\/uploads\\\/2019\\\/03\\\/Symptomes-foliaires-de-flavescence-dor\u00e9e-sur-porte-greffe-3-400x250.jpg\",\"et-pb-post-main-image-fullwidth\":\"https:\\\/\\\/www.vignevin.com\\\/wp-content\\\/uploads\\\/2019\\\/03\\\/Symptomes-foliaires-de-flavescence-dor\u00e9e-sur-porte-greffe-3-1080x675.jpg\",\"et-pb-portfolio-image\":\"https:\\\/\\\/www.vignevin.com\\\/wp-content\\\/uploads\\\/2019\\\/03\\\/Symptomes-foliaires-de-flavescence-dor\u00e9e-sur-porte-greffe-3-400x284.jpg\",\"et-pb-portfolio-module-image\":\"https:\\\/\\\/www.vignevin.com\\\/wp-content\\\/uploads\\\/2019\\\/03\\\/Symptomes-foliaires-de-flavescence-dor\u00e9e-sur-porte-greffe-3-510x382.jpg\",\"et-pb-portfolio-image-single\":\"https:\\\/\\\/www.vignevin.com\\\/wp-content\\\/uploads\\\/2019\\\/03\\\/Symptomes-foliaires-de-flavescence-dor\u00e9e-sur-porte-greffe-3-1080x810.jpg\",\"et-pb-gallery-module-image-portrait\":\"https:\\\/\\\/www.vignevin.com\\\/wp-content\\\/uploads\\\/2019\\\/03\\\/Symptomes-foliaires-de-flavescence-dor\u00e9e-sur-porte-greffe-3-400x516.jpg\",\"et-pb-post-main-image-fullwidth-large\":\"https:\\\/\\\/www.vignevin.com\\\/wp-content\\\/uploads\\\/2019\\\/03\\\/Symptomes-foliaires-de-flavescence-dor\u00e9e-sur-porte-greffe-3-2880x1800.jpg\",\"et-pb-image--responsive--desktop\":\"https:\\\/\\\/www.vignevin.com\\\/wp-content\\\/uploads\\\/2019\\\/03\\\/Symptomes-foliaires-de-flavescence-dor\u00e9e-sur-porte-greffe-3-scaled.jpg\",\"et-pb-image--responsive--tablet\":\"https:\\\/\\\/www.vignevin.com\\\/wp-content\\\/uploads\\\/2019\\\/03\\\/Symptomes-foliaires-de-flavescence-dor\u00e9e-sur-porte-greffe-3-scaled.jpg\",\"et-pb-image--responsive--phone\":\"https:\\\/\\\/www.vignevin.com\\\/wp-content\\\/uploads\\\/2019\\\/03\\\/Symptomes-foliaires-de-flavescence-dor\u00e9e-sur-porte-greffe-3-scaled.jpg\",\"gform-image-choice-sm\":\"https:\\\/\\\/www.vignevin.com\\\/wp-content\\\/uploads\\\/2019\\\/03\\\/Symptomes-foliaires-de-flavescence-dor\u00e9e-sur-porte-greffe-3-scaled.jpg\",\"gform-image-choice-md\":\"https:\\\/\\\/www.vignevin.com\\\/wp-content\\\/uploads\\\/2019\\\/03\\\/Symptomes-foliaires-de-flavescence-dor\u00e9e-sur-porte-greffe-3-scaled.jpg\",\"gform-image-choice-lg\":\"https:\\\/\\\/www.vignevin.com\\\/wp-content\\\/uploads\\\/2019\\\/03\\\/Symptomes-foliaires-de-flavescence-dor\u00e9e-sur-porte-greffe-3-scaled.jpg\",\"woocommerce_thumbnail\":\"https:\\\/\\\/www.vignevin.com\\\/wp-content\\\/uploads\\\/2019\\\/03\\\/Symptomes-foliaires-de-flavescence-dor\u00e9e-sur-porte-greffe-3-scaled-300x300.jpg\",\"woocommerce_single\":\"https:\\\/\\\/www.vignevin.com\\\/wp-content\\\/uploads\\\/2019\\\/03\\\/Symptomes-foliaires-de-flavescence-dor\u00e9e-sur-porte-greffe-3-scaled-600x450.jpg\",\"woocommerce_gallery_thumbnail\":\"https:\\\/\\\/www.vignevin.com\\\/wp-content\\\/uploads\\\/2019\\\/03\\\/Symptomes-foliaires-de-flavescence-dor\u00e9e-sur-porte-greffe-3-scaled-100x100.jpg\",\"full\":\"https:\\\/\\\/www.vignevin.com\\\/wp-content\\\/uploads\\\/2019\\\/03\\\/Symptomes-foliaires-de-flavescence-dor\u00e9e-sur-porte-greffe-3-scaled.jpg\",\"index\":71,\"id\":9937,\"video\":false,\"opts\":{\"caption\":\"\",\"thumb\":{\"errors\":{\"envira-gallery-error-no-file\":[\"No file could be found for the image URL specified.\"]},\"error_data\":[]},\"title\":\"Symptomes foliaires de flavescence dor&eacute;e sur porte-greffe (3)\"},\"gallery_id\":\"17413\"},\"9938\":{\"status\":\"active\",\"src\":\"https:\\\/\\\/www.vignevin.com\\\/wp-content\\\/uploads\\\/2019\\\/03\\\/Symptomes-foliaires-de-flavescence-dor\u00e9e-sur-porte-greffe-scaled.jpg\",\"title\":\"Symptomes foliaires de flavescence dor&eacute;e sur porte-greffe\",\"link\":\"https:\\\/\\\/www.vignevin.com\\\/wp-content\\\/uploads\\\/2019\\\/03\\\/Symptomes-foliaires-de-flavescence-dor\u00e9e-sur-porte-greffe.jpg\",\"alt\":\"\",\"caption\":false,\"thumb\":{\"errors\":{\"envira-gallery-error-no-file\":[\"No file could be found for the image URL specified.\"]},\"error_data\":[]},\"meta\":{\"aperture\":\"1.7\",\"credit\":null,\"camera\":\"SM-G930F\",\"caption\":\"\",\"created_timestamp\":\"1504181769\",\"copyright\":null,\"focal_length\":\"4.2\",\"iso\":\"64\",\"shutter_speed\":\"0.01\",\"title\":\"\",\"orientation\":\"1\",\"keywords\":null},\"thumbnail\":\"https:\\\/\\\/www.vignevin.com\\\/wp-content\\\/uploads\\\/2019\\\/03\\\/Symptomes-foliaires-de-flavescence-dor\u00e9e-sur-porte-greffe-150x150.jpg\",\"medium\":\"https:\\\/\\\/www.vignevin.com\\\/wp-content\\\/uploads\\\/2019\\\/03\\\/Symptomes-foliaires-de-flavescence-dor\u00e9e-sur-porte-greffe-300x225.jpg\",\"medium_large\":\"https:\\\/\\\/www.vignevin.com\\\/wp-content\\\/uploads\\\/2019\\\/03\\\/Symptomes-foliaires-de-flavescence-dor\u00e9e-sur-porte-greffe-768x576.jpg\",\"large\":\"https:\\\/\\\/www.vignevin.com\\\/wp-content\\\/uploads\\\/2019\\\/03\\\/Symptomes-foliaires-de-flavescence-dor\u00e9e-sur-porte-greffe-1024x768.jpg\",\"1536x1536\":\"https:\\\/\\\/www.vignevin.com\\\/wp-content\\\/uploads\\\/2019\\\/03\\\/Symptomes-foliaires-de-flavescence-dor\u00e9e-sur-porte-greffe-scaled.jpg\",\"2048x2048\":\"https:\\\/\\\/www.vignevin.com\\\/wp-content\\\/uploads\\\/2019\\\/03\\\/Symptomes-foliaires-de-flavescence-dor\u00e9e-sur-porte-greffe-scaled.jpg\",\"et-pb-post-main-image\":\"https:\\\/\\\/www.vignevin.com\\\/wp-content\\\/uploads\\\/2019\\\/03\\\/Symptomes-foliaires-de-flavescence-dor\u00e9e-sur-porte-greffe-400x250.jpg\",\"et-pb-post-main-image-fullwidth\":\"https:\\\/\\\/www.vignevin.com\\\/wp-content\\\/uploads\\\/2019\\\/03\\\/Symptomes-foliaires-de-flavescence-dor\u00e9e-sur-porte-greffe-1080x675.jpg\",\"et-pb-portfolio-image\":\"https:\\\/\\\/www.vignevin.com\\\/wp-content\\\/uploads\\\/2019\\\/03\\\/Symptomes-foliaires-de-flavescence-dor\u00e9e-sur-porte-greffe-400x284.jpg\",\"et-pb-portfolio-module-image\":\"https:\\\/\\\/www.vignevin.com\\\/wp-content\\\/uploads\\\/2019\\\/03\\\/Symptomes-foliaires-de-flavescence-dor\u00e9e-sur-porte-greffe-510x382.jpg\",\"et-pb-portfolio-image-single\":\"https:\\\/\\\/www.vignevin.com\\\/wp-content\\\/uploads\\\/2019\\\/03\\\/Symptomes-foliaires-de-flavescence-dor\u00e9e-sur-porte-greffe-1080x810.jpg\",\"et-pb-gallery-module-image-portrait\":\"https:\\\/\\\/www.vignevin.com\\\/wp-content\\\/uploads\\\/2019\\\/03\\\/Symptomes-foliaires-de-flavescence-dor\u00e9e-sur-porte-greffe-400x516.jpg\",\"et-pb-post-main-image-fullwidth-large\":\"https:\\\/\\\/www.vignevin.com\\\/wp-content\\\/uploads\\\/2019\\\/03\\\/Symptomes-foliaires-de-flavescence-dor\u00e9e-sur-porte-greffe-2880x1800.jpg\",\"et-pb-image--responsive--desktop\":\"https:\\\/\\\/www.vignevin.com\\\/wp-content\\\/uploads\\\/2019\\\/03\\\/Symptomes-foliaires-de-flavescence-dor\u00e9e-sur-porte-greffe-scaled.jpg\",\"et-pb-image--responsive--tablet\":\"https:\\\/\\\/www.vignevin.com\\\/wp-content\\\/uploads\\\/2019\\\/03\\\/Symptomes-foliaires-de-flavescence-dor\u00e9e-sur-porte-greffe-scaled.jpg\",\"et-pb-image--responsive--phone\":\"https:\\\/\\\/www.vignevin.com\\\/wp-content\\\/uploads\\\/2019\\\/03\\\/Symptomes-foliaires-de-flavescence-dor\u00e9e-sur-porte-greffe-scaled.jpg\",\"gform-image-choice-sm\":\"https:\\\/\\\/www.vignevin.com\\\/wp-content\\\/uploads\\\/2019\\\/03\\\/Symptomes-foliaires-de-flavescence-dor\u00e9e-sur-porte-greffe-scaled.jpg\",\"gform-image-choice-md\":\"https:\\\/\\\/www.vignevin.com\\\/wp-content\\\/uploads\\\/2019\\\/03\\\/Symptomes-foliaires-de-flavescence-dor\u00e9e-sur-porte-greffe-scaled.jpg\",\"gform-image-choice-lg\":\"https:\\\/\\\/www.vignevin.com\\\/wp-content\\\/uploads\\\/2019\\\/03\\\/Symptomes-foliaires-de-flavescence-dor\u00e9e-sur-porte-greffe-scaled.jpg\",\"woocommerce_thumbnail\":\"https:\\\/\\\/www.vignevin.com\\\/wp-content\\\/uploads\\\/2019\\\/03\\\/Symptomes-foliaires-de-flavescence-dor\u00e9e-sur-porte-greffe-scaled-300x300.jpg\",\"woocommerce_single\":\"https:\\\/\\\/www.vignevin.com\\\/wp-content\\\/uploads\\\/2019\\\/03\\\/Symptomes-foliaires-de-flavescence-dor\u00e9e-sur-porte-greffe-scaled-600x450.jpg\",\"woocommerce_gallery_thumbnail\":\"https:\\\/\\\/www.vignevin.com\\\/wp-content\\\/uploads\\\/2019\\\/03\\\/Symptomes-foliaires-de-flavescence-dor\u00e9e-sur-porte-greffe-scaled-100x100.jpg\",\"full\":\"https:\\\/\\\/www.vignevin.com\\\/wp-content\\\/uploads\\\/2019\\\/03\\\/Symptomes-foliaires-de-flavescence-dor\u00e9e-sur-porte-greffe-scaled.jpg\",\"index\":72,\"id\":9938,\"video\":false,\"opts\":{\"caption\":\"\",\"thumb\":{\"errors\":{\"envira-gallery-error-no-file\":[\"No file could be found for the image URL specified.\"]},\"error_data\":[]},\"title\":\"Symptomes foliaires de flavescence dor&eacute;e sur porte-greffe\"},\"gallery_id\":\"17413\"},\"9939\":{\"status\":\"active\",\"src\":\"https:\\\/\\\/www.vignevin.com\\\/wp-content\\\/uploads\\\/2019\\\/03\\\/Sympt\u00f4mes-foliaires-desca-sur-Duras-N-2-scaled.jpg\",\"title\":\"Sympt&ocirc;mes foliaires d&amp;rsquo;esca sur Duras N (2)\",\"link\":\"https:\\\/\\\/www.vignevin.com\\\/wp-content\\\/uploads\\\/2019\\\/03\\\/Sympt\u00f4mes-foliaires-desca-sur-Duras-N-2.jpg\",\"alt\":\"\",\"caption\":false,\"thumb\":{\"errors\":{\"envira-gallery-error-no-file\":[\"No file could be found for the image URL specified.\"]},\"error_data\":[]},\"meta\":{\"aperture\":\"3.3\",\"credit\":null,\"camera\":\"DMC-TZ10\",\"caption\":\"\",\"created_timestamp\":\"1441365210\",\"copyright\":null,\"focal_length\":\"4.1\",\"iso\":\"80\",\"shutter_speed\":\"0.02\",\"title\":\"\",\"orientation\":\"1\",\"keywords\":null},\"thumbnail\":\"https:\\\/\\\/www.vignevin.com\\\/wp-content\\\/uploads\\\/2019\\\/03\\\/Sympt\u00f4mes-foliaires-desca-sur-Duras-N-2-150x150.jpg\",\"medium\":\"https:\\\/\\\/www.vignevin.com\\\/wp-content\\\/uploads\\\/2019\\\/03\\\/Sympt\u00f4mes-foliaires-desca-sur-Duras-N-2-225x300.jpg\",\"medium_large\":\"https:\\\/\\\/www.vignevin.com\\\/wp-content\\\/uploads\\\/2019\\\/03\\\/Sympt\u00f4mes-foliaires-desca-sur-Duras-N-2-768x1024.jpg\",\"large\":\"https:\\\/\\\/www.vignevin.com\\\/wp-content\\\/uploads\\\/2019\\\/03\\\/Sympt\u00f4mes-foliaires-desca-sur-Duras-N-2-768x1024.jpg\",\"1536x1536\":\"https:\\\/\\\/www.vignevin.com\\\/wp-content\\\/uploads\\\/2019\\\/03\\\/Sympt\u00f4mes-foliaires-desca-sur-Duras-N-2-scaled.jpg\",\"2048x2048\":\"https:\\\/\\\/www.vignevin.com\\\/wp-content\\\/uploads\\\/2019\\\/03\\\/Sympt\u00f4mes-foliaires-desca-sur-Duras-N-2-scaled.jpg\",\"et-pb-post-main-image\":\"https:\\\/\\\/www.vignevin.com\\\/wp-content\\\/uploads\\\/2019\\\/03\\\/Sympt\u00f4mes-foliaires-desca-sur-Duras-N-2-400x250.jpg\",\"et-pb-post-main-image-fullwidth\":\"https:\\\/\\\/www.vignevin.com\\\/wp-content\\\/uploads\\\/2019\\\/03\\\/Sympt\u00f4mes-foliaires-desca-sur-Duras-N-2-1080x675.jpg\",\"et-pb-portfolio-image\":\"https:\\\/\\\/www.vignevin.com\\\/wp-content\\\/uploads\\\/2019\\\/03\\\/Sympt\u00f4mes-foliaires-desca-sur-Duras-N-2-400x284.jpg\",\"et-pb-portfolio-module-image\":\"https:\\\/\\\/www.vignevin.com\\\/wp-content\\\/uploads\\\/2019\\\/03\\\/Sympt\u00f4mes-foliaires-desca-sur-Duras-N-2-510x382.jpg\",\"et-pb-portfolio-image-single\":\"https:\\\/\\\/www.vignevin.com\\\/wp-content\\\/uploads\\\/2019\\\/03\\\/Sympt\u00f4mes-foliaires-desca-sur-Duras-N-2-1080x1440.jpg\",\"et-pb-gallery-module-image-portrait\":\"https:\\\/\\\/www.vignevin.com\\\/wp-content\\\/uploads\\\/2019\\\/03\\\/Sympt\u00f4mes-foliaires-desca-sur-Duras-N-2-400x516.jpg\",\"et-pb-post-main-image-fullwidth-large\":\"https:\\\/\\\/www.vignevin.com\\\/wp-content\\\/uploads\\\/2019\\\/03\\\/Sympt\u00f4mes-foliaires-desca-sur-Duras-N-2-2880x1800.jpg\",\"et-pb-image--responsive--desktop\":\"https:\\\/\\\/www.vignevin.com\\\/wp-content\\\/uploads\\\/2019\\\/03\\\/Sympt\u00f4mes-foliaires-desca-sur-Duras-N-2-scaled.jpg\",\"et-pb-image--responsive--tablet\":\"https:\\\/\\\/www.vignevin.com\\\/wp-content\\\/uploads\\\/2019\\\/03\\\/Sympt\u00f4mes-foliaires-desca-sur-Duras-N-2-scaled.jpg\",\"et-pb-image--responsive--phone\":\"https:\\\/\\\/www.vignevin.com\\\/wp-content\\\/uploads\\\/2019\\\/03\\\/Sympt\u00f4mes-foliaires-desca-sur-Duras-N-2-scaled.jpg\",\"gform-image-choice-sm\":\"https:\\\/\\\/www.vignevin.com\\\/wp-content\\\/uploads\\\/2019\\\/03\\\/Sympt\u00f4mes-foliaires-desca-sur-Duras-N-2-scaled.jpg\",\"gform-image-choice-md\":\"https:\\\/\\\/www.vignevin.com\\\/wp-content\\\/uploads\\\/2019\\\/03\\\/Sympt\u00f4mes-foliaires-desca-sur-Duras-N-2-scaled.jpg\",\"gform-image-choice-lg\":\"https:\\\/\\\/www.vignevin.com\\\/wp-content\\\/uploads\\\/2019\\\/03\\\/Sympt\u00f4mes-foliaires-desca-sur-Duras-N-2-scaled.jpg\",\"woocommerce_thumbnail\":\"https:\\\/\\\/www.vignevin.com\\\/wp-content\\\/uploads\\\/2019\\\/03\\\/Sympt\u00f4mes-foliaires-desca-sur-Duras-N-2-scaled-300x300.jpg\",\"woocommerce_single\":\"https:\\\/\\\/www.vignevin.com\\\/wp-content\\\/uploads\\\/2019\\\/03\\\/Sympt\u00f4mes-foliaires-desca-sur-Duras-N-2-scaled-600x800.jpg\",\"woocommerce_gallery_thumbnail\":\"https:\\\/\\\/www.vignevin.com\\\/wp-content\\\/uploads\\\/2019\\\/03\\\/Sympt\u00f4mes-foliaires-desca-sur-Duras-N-2-scaled-100x100.jpg\",\"full\":\"https:\\\/\\\/www.vignevin.com\\\/wp-content\\\/uploads\\\/2019\\\/03\\\/Sympt\u00f4mes-foliaires-desca-sur-Duras-N-2-scaled.jpg\",\"index\":73,\"id\":9939,\"video\":false,\"opts\":{\"caption\":\"\",\"thumb\":{\"errors\":{\"envira-gallery-error-no-file\":[\"No file could be found for the image URL specified.\"]},\"error_data\":[]},\"title\":\"Sympt&ocirc;mes foliaires d&amp;rsquo;esca sur Duras N (2)\"},\"gallery_id\":\"17413\"},\"9940\":{\"status\":\"active\",\"src\":\"https:\\\/\\\/www.vignevin.com\\\/wp-content\\\/uploads\\\/2019\\\/03\\\/Sympt\u00f4mes-foliaires-desca-sur-Duras-N-scaled.jpg\",\"title\":\"Sympt&ocirc;mes foliaires d&amp;rsquo;esca sur Duras N\",\"link\":\"https:\\\/\\\/www.vignevin.com\\\/wp-content\\\/uploads\\\/2019\\\/03\\\/Sympt\u00f4mes-foliaires-desca-sur-Duras-N.jpg\",\"alt\":\"\",\"caption\":false,\"thumb\":{\"errors\":{\"envira-gallery-error-no-file\":[\"No file could be found for the image URL specified.\"]},\"error_data\":[]},\"meta\":{\"aperture\":\"4\",\"credit\":null,\"camera\":\"DMC-TZ10\",\"caption\":\"\",\"created_timestamp\":\"1441362390\",\"copyright\":null,\"focal_length\":\"4.1\",\"iso\":\"80\",\"shutter_speed\":\"0.005\",\"title\":\"\",\"orientation\":\"1\",\"keywords\":null},\"thumbnail\":\"https:\\\/\\\/www.vignevin.com\\\/wp-content\\\/uploads\\\/2019\\\/03\\\/Sympt\u00f4mes-foliaires-desca-sur-Duras-N-150x150.jpg\",\"medium\":\"https:\\\/\\\/www.vignevin.com\\\/wp-content\\\/uploads\\\/2019\\\/03\\\/Sympt\u00f4mes-foliaires-desca-sur-Duras-N-225x300.jpg\",\"medium_large\":\"https:\\\/\\\/www.vignevin.com\\\/wp-content\\\/uploads\\\/2019\\\/03\\\/Sympt\u00f4mes-foliaires-desca-sur-Duras-N-768x1024.jpg\",\"large\":\"https:\\\/\\\/www.vignevin.com\\\/wp-content\\\/uploads\\\/2019\\\/03\\\/Sympt\u00f4mes-foliaires-desca-sur-Duras-N-768x1024.jpg\",\"1536x1536\":\"https:\\\/\\\/www.vignevin.com\\\/wp-content\\\/uploads\\\/2019\\\/03\\\/Sympt\u00f4mes-foliaires-desca-sur-Duras-N-scaled.jpg\",\"2048x2048\":\"https:\\\/\\\/www.vignevin.com\\\/wp-content\\\/uploads\\\/2019\\\/03\\\/Sympt\u00f4mes-foliaires-desca-sur-Duras-N-scaled.jpg\",\"et-pb-post-main-image\":\"https:\\\/\\\/www.vignevin.com\\\/wp-content\\\/uploads\\\/2019\\\/03\\\/Sympt\u00f4mes-foliaires-desca-sur-Duras-N-400x250.jpg\",\"et-pb-post-main-image-fullwidth\":\"https:\\\/\\\/www.vignevin.com\\\/wp-content\\\/uploads\\\/2019\\\/03\\\/Sympt\u00f4mes-foliaires-desca-sur-Duras-N-1080x675.jpg\",\"et-pb-portfolio-image\":\"https:\\\/\\\/www.vignevin.com\\\/wp-content\\\/uploads\\\/2019\\\/03\\\/Sympt\u00f4mes-foliaires-desca-sur-Duras-N-400x284.jpg\",\"et-pb-portfolio-module-image\":\"https:\\\/\\\/www.vignevin.com\\\/wp-content\\\/uploads\\\/2019\\\/03\\\/Sympt\u00f4mes-foliaires-desca-sur-Duras-N-510x382.jpg\",\"et-pb-portfolio-image-single\":\"https:\\\/\\\/www.vignevin.com\\\/wp-content\\\/uploads\\\/2019\\\/03\\\/Sympt\u00f4mes-foliaires-desca-sur-Duras-N-1080x1440.jpg\",\"et-pb-gallery-module-image-portrait\":\"https:\\\/\\\/www.vignevin.com\\\/wp-content\\\/uploads\\\/2019\\\/03\\\/Sympt\u00f4mes-foliaires-desca-sur-Duras-N-400x516.jpg\",\"et-pb-post-main-image-fullwidth-large\":\"https:\\\/\\\/www.vignevin.com\\\/wp-content\\\/uploads\\\/2019\\\/03\\\/Sympt\u00f4mes-foliaires-desca-sur-Duras-N-2880x1800.jpg\",\"et-pb-image--responsive--desktop\":\"https:\\\/\\\/www.vignevin.com\\\/wp-content\\\/uploads\\\/2019\\\/03\\\/Sympt\u00f4mes-foliaires-desca-sur-Duras-N-scaled.jpg\",\"et-pb-image--responsive--tablet\":\"https:\\\/\\\/www.vignevin.com\\\/wp-content\\\/uploads\\\/2019\\\/03\\\/Sympt\u00f4mes-foliaires-desca-sur-Duras-N-scaled.jpg\",\"et-pb-image--responsive--phone\":\"https:\\\/\\\/www.vignevin.com\\\/wp-content\\\/uploads\\\/2019\\\/03\\\/Sympt\u00f4mes-foliaires-desca-sur-Duras-N-scaled.jpg\",\"gform-image-choice-sm\":\"https:\\\/\\\/www.vignevin.com\\\/wp-content\\\/uploads\\\/2019\\\/03\\\/Sympt\u00f4mes-foliaires-desca-sur-Duras-N-scaled.jpg\",\"gform-image-choice-md\":\"https:\\\/\\\/www.vignevin.com\\\/wp-content\\\/uploads\\\/2019\\\/03\\\/Sympt\u00f4mes-foliaires-desca-sur-Duras-N-scaled.jpg\",\"gform-image-choice-lg\":\"https:\\\/\\\/www.vignevin.com\\\/wp-content\\\/uploads\\\/2019\\\/03\\\/Sympt\u00f4mes-foliaires-desca-sur-Duras-N-scaled.jpg\",\"woocommerce_thumbnail\":\"https:\\\/\\\/www.vignevin.com\\\/wp-content\\\/uploads\\\/2019\\\/03\\\/Sympt\u00f4mes-foliaires-desca-sur-Duras-N-scaled-300x300.jpg\",\"woocommerce_single\":\"https:\\\/\\\/www.vignevin.com\\\/wp-content\\\/uploads\\\/2019\\\/03\\\/Sympt\u00f4mes-foliaires-desca-sur-Duras-N-scaled-600x800.jpg\",\"woocommerce_gallery_thumbnail\":\"https:\\\/\\\/www.vignevin.com\\\/wp-content\\\/uploads\\\/2019\\\/03\\\/Sympt\u00f4mes-foliaires-desca-sur-Duras-N-scaled-100x100.jpg\",\"full\":\"https:\\\/\\\/www.vignevin.com\\\/wp-content\\\/uploads\\\/2019\\\/03\\\/Sympt\u00f4mes-foliaires-desca-sur-Duras-N-scaled.jpg\",\"index\":74,\"id\":9940,\"video\":false,\"opts\":{\"caption\":\"\",\"thumb\":{\"errors\":{\"envira-gallery-error-no-file\":[\"No file could be found for the image URL specified.\"]},\"error_data\":[]},\"title\":\"Sympt&ocirc;mes foliaires d&amp;rsquo;esca sur Duras N\"},\"gallery_id\":\"17413\"},\"9941\":{\"status\":\"active\",\"src\":\"https:\\\/\\\/www.vignevin.com\\\/wp-content\\\/uploads\\\/2019\\\/03\\\/Sympt\u00f4mes-foliaires-desca.jpg\",\"title\":\"Sympt&ocirc;mes foliaires d&amp;rsquo;esca\",\"link\":\"https:\\\/\\\/www.vignevin.com\\\/wp-content\\\/uploads\\\/2019\\\/03\\\/Sympt\u00f4mes-foliaires-desca.jpg\",\"alt\":\"\",\"caption\":false,\"thumb\":{\"errors\":{\"envira-gallery-error-no-file\":[\"No file could be found for the image URL specified.\"]},\"error_data\":[]},\"meta\":{\"aperture\":\"3.3\",\"credit\":null,\"camera\":\"DMC-TZ10\",\"caption\":\"\",\"created_timestamp\":\"1315482808\",\"copyright\":null,\"focal_length\":\"4.1\",\"iso\":\"80\",\"shutter_speed\":\"0.01\",\"title\":\"\",\"orientation\":\"1\",\"keywords\":null},\"thumbnail\":\"https:\\\/\\\/www.vignevin.com\\\/wp-content\\\/uploads\\\/2019\\\/03\\\/Sympt\u00f4mes-foliaires-desca-150x150.jpg\",\"medium\":\"https:\\\/\\\/www.vignevin.com\\\/wp-content\\\/uploads\\\/2019\\\/03\\\/Sympt\u00f4mes-foliaires-desca-300x225.jpg\",\"medium_large\":\"https:\\\/\\\/www.vignevin.com\\\/wp-content\\\/uploads\\\/2019\\\/03\\\/Sympt\u00f4mes-foliaires-desca-768x576.jpg\",\"large\":\"https:\\\/\\\/www.vignevin.com\\\/wp-content\\\/uploads\\\/2019\\\/03\\\/Sympt\u00f4mes-foliaires-desca-1024x768.jpg\",\"1536x1536\":\"https:\\\/\\\/www.vignevin.com\\\/wp-content\\\/uploads\\\/2019\\\/03\\\/Sympt\u00f4mes-foliaires-desca.jpg\",\"2048x2048\":\"https:\\\/\\\/www.vignevin.com\\\/wp-content\\\/uploads\\\/2019\\\/03\\\/Sympt\u00f4mes-foliaires-desca.jpg\",\"et-pb-post-main-image\":\"https:\\\/\\\/www.vignevin.com\\\/wp-content\\\/uploads\\\/2019\\\/03\\\/Sympt\u00f4mes-foliaires-desca-400x250.jpg\",\"et-pb-post-main-image-fullwidth\":\"https:\\\/\\\/www.vignevin.com\\\/wp-content\\\/uploads\\\/2019\\\/03\\\/Sympt\u00f4mes-foliaires-desca-1080x675.jpg\",\"et-pb-portfolio-image\":\"https:\\\/\\\/www.vignevin.com\\\/wp-content\\\/uploads\\\/2019\\\/03\\\/Sympt\u00f4mes-foliaires-desca-400x284.jpg\",\"et-pb-portfolio-module-image\":\"https:\\\/\\\/www.vignevin.com\\\/wp-content\\\/uploads\\\/2019\\\/03\\\/Sympt\u00f4mes-foliaires-desca-510x382.jpg\",\"et-pb-portfolio-image-single\":\"https:\\\/\\\/www.vignevin.com\\\/wp-content\\\/uploads\\\/2019\\\/03\\\/Sympt\u00f4mes-foliaires-desca-1080x810.jpg\",\"et-pb-gallery-module-image-portrait\":\"https:\\\/\\\/www.vignevin.com\\\/wp-content\\\/uploads\\\/2019\\\/03\\\/Sympt\u00f4mes-foliaires-desca-400x516.jpg\",\"et-pb-post-main-image-fullwidth-large\":\"https:\\\/\\\/www.vignevin.com\\\/wp-content\\\/uploads\\\/2019\\\/03\\\/Sympt\u00f4mes-foliaires-desca-2560x1800.jpg\",\"et-pb-image--responsive--desktop\":\"https:\\\/\\\/www.vignevin.com\\\/wp-content\\\/uploads\\\/2019\\\/03\\\/Sympt\u00f4mes-foliaires-desca.jpg\",\"et-pb-image--responsive--tablet\":\"https:\\\/\\\/www.vignevin.com\\\/wp-content\\\/uploads\\\/2019\\\/03\\\/Sympt\u00f4mes-foliaires-desca.jpg\",\"et-pb-image--responsive--phone\":\"https:\\\/\\\/www.vignevin.com\\\/wp-content\\\/uploads\\\/2019\\\/03\\\/Sympt\u00f4mes-foliaires-desca.jpg\",\"gform-image-choice-sm\":\"https:\\\/\\\/www.vignevin.com\\\/wp-content\\\/uploads\\\/2019\\\/03\\\/Sympt\u00f4mes-foliaires-desca.jpg\",\"gform-image-choice-md\":\"https:\\\/\\\/www.vignevin.com\\\/wp-content\\\/uploads\\\/2019\\\/03\\\/Sympt\u00f4mes-foliaires-desca.jpg\",\"gform-image-choice-lg\":\"https:\\\/\\\/www.vignevin.com\\\/wp-content\\\/uploads\\\/2019\\\/03\\\/Sympt\u00f4mes-foliaires-desca.jpg\",\"woocommerce_thumbnail\":\"https:\\\/\\\/www.vignevin.com\\\/wp-content\\\/uploads\\\/2019\\\/03\\\/Sympt\u00f4mes-foliaires-desca-300x300.jpg\",\"woocommerce_single\":\"https:\\\/\\\/www.vignevin.com\\\/wp-content\\\/uploads\\\/2019\\\/03\\\/Sympt\u00f4mes-foliaires-desca-600x450.jpg\",\"woocommerce_gallery_thumbnail\":\"https:\\\/\\\/www.vignevin.com\\\/wp-content\\\/uploads\\\/2019\\\/03\\\/Sympt\u00f4mes-foliaires-desca-100x100.jpg\",\"full\":\"https:\\\/\\\/www.vignevin.com\\\/wp-content\\\/uploads\\\/2019\\\/03\\\/Sympt\u00f4mes-foliaires-desca.jpg\",\"index\":75,\"id\":9941,\"video\":false,\"opts\":{\"caption\":\"\",\"thumb\":{\"errors\":{\"envira-gallery-error-no-file\":[\"No file could be found for the image URL specified.\"]},\"error_data\":[]},\"title\":\"Sympt&ocirc;mes foliaires d&amp;rsquo;esca\"},\"gallery_id\":\"17413\"}}'  data-gallery-sort-ids='[7053,7051,7052,7054,7055,7056,7057,7058,7059,7060,9876,9877,9878,9879,9880,9881,9882,9883,9884,9885,9886,9887,9888,9889,9890,9891,9892,9893,9894,9895,9896,9897,9898,9899,9900,9901,9902,9903,9904,9905,9906,9907,9908,9909,9910,9911,9912,9913,9914,9915,9916,9917,9918,9919,9920,9921,9922,9923,9924,9925,9926,9927,9928,9929,9930,9931,9932,9933,9934,9935,9936,9937,9938,9939,9940,9941]'  class=\"envira-album-gallery-17413 \" title=\"Grapevines Diseases\" ><div class=\"envira-lazy\" style=\"padding-bottom:66.666666666667%;\"><img loading=\"lazy\" decoding=\"async\" id=\"envira-gallery-image-17413\" class=\"envira-gallery-image envira-gallery-image-3\" data-envira-index=\"3\" src=\"https:\/\/www.vignevin.com\/wp-content\/uploads\/2019\/03\/IFV_BDA_11-600x400_c.jpg\" width=\"600\" height=\"400\" data-envira-src=\"https:\/\/www.vignevin.com\/wp-content\/uploads\/2019\/03\/IFV_BDA_11-600x400_c.jpg\" data-envira-album-id=\"17390\" data-envira-gallery-id=\"17413\" data-envira-item-id=\"17413\" data-caption=\"Grapevines Diseases\" alt=\"\" title=\"Grapevines Diseases\"  data-envira-srcset=\"https:\/\/www.vignevin.com\/wp-content\/uploads\/2019\/03\/IFV_BDA_11-600x400_c.jpg 400w,https:\/\/www.vignevin.com\/wp-content\/uploads\/2019\/03\/IFV_BDA_11-600x400_c.jpg 2x\" srcset=\"data:image\/gif;base64,R0lGODlhAQABAIAAAP\/\/\/\/\/\/\/yH5BAEKAAEALAAAAAABAAEAAAICTAEAOw==\" \/><\/div><\/a><div class=\"envira-album-title\">Grapevines Diseases<\/div><\/div><\/div><div id=\"envira-gallery-item-17415\" class=\"envira-gallery-item enviratope-item envira-gallery-item-4\" style=\"padding-left: 5px; padding-bottom: 10px; padding-right: 5px;\" ><div class=\"envira-gallery-item-inner\"><div class=\"envira-gallery-position-overlay  envira-gallery-top-left\"><\/div><div class=\"envira-gallery-position-overlay  envira-gallery-top-right\"><\/div><div class=\"envira-gallery-position-overlay  envira-gallery-bottom-left\"><\/div><div class=\"envira-gallery-position-overlay  envira-gallery-bottom-right\"><\/div><a href=\"https:\/\/www.vignevin.com\/en\/galerie\/auxiliaires\/\" data-gallery-images='{\"7069\":{\"status\":\"active\",\"src\":\"https:\\\/\\\/www.vignevin.com\\\/wp-content\\\/uploads\\\/2019\\\/03\\\/AgrypoAnnxium2.jpg\",\"title\":\"AgrypoAnnxium2\",\"link\":\"https:\\\/\\\/www.vignevin.com\\\/wp-content\\\/uploads\\\/2019\\\/03\\\/AgrypoAnnxium2.jpg\",\"alt\":\"\",\"caption\":false,\"thumb\":\"https:\\\/\\\/www.vignevin.com\\\/wp-content\\\/uploads\\\/2019\\\/03\\\/AgrypoAnnxium2-75x50_c.jpg\",\"meta\":{\"aperture\":null,\"credit\":null,\"camera\":null,\"caption\":\"\",\"created_timestamp\":null,\"copyright\":null,\"focal_length\":null,\"iso\":null,\"shutter_speed\":null,\"title\":\"\",\"orientation\":\"1\",\"keywords\":null,\"resized_images\":null},\"thumbnail\":\"https:\\\/\\\/www.vignevin.com\\\/wp-content\\\/uploads\\\/2019\\\/03\\\/AgrypoAnnxium2-150x150.jpg\",\"medium\":\"https:\\\/\\\/www.vignevin.com\\\/wp-content\\\/uploads\\\/2019\\\/03\\\/AgrypoAnnxium2.jpg\",\"medium_large\":\"https:\\\/\\\/www.vignevin.com\\\/wp-content\\\/uploads\\\/2019\\\/03\\\/AgrypoAnnxium2.jpg\",\"large\":\"https:\\\/\\\/www.vignevin.com\\\/wp-content\\\/uploads\\\/2019\\\/03\\\/AgrypoAnnxium2.jpg\",\"1536x1536\":\"https:\\\/\\\/www.vignevin.com\\\/wp-content\\\/uploads\\\/2019\\\/03\\\/AgrypoAnnxium2.jpg\",\"2048x2048\":\"https:\\\/\\\/www.vignevin.com\\\/wp-content\\\/uploads\\\/2019\\\/03\\\/AgrypoAnnxium2.jpg\",\"et-pb-post-main-image\":\"https:\\\/\\\/www.vignevin.com\\\/wp-content\\\/uploads\\\/2019\\\/03\\\/AgrypoAnnxium2.jpg\",\"et-pb-post-main-image-fullwidth\":\"https:\\\/\\\/www.vignevin.com\\\/wp-content\\\/uploads\\\/2019\\\/03\\\/AgrypoAnnxium2.jpg\",\"et-pb-portfolio-image\":\"https:\\\/\\\/www.vignevin.com\\\/wp-content\\\/uploads\\\/2019\\\/03\\\/AgrypoAnnxium2.jpg\",\"et-pb-portfolio-module-image\":\"https:\\\/\\\/www.vignevin.com\\\/wp-content\\\/uploads\\\/2019\\\/03\\\/AgrypoAnnxium2.jpg\",\"et-pb-portfolio-image-single\":\"https:\\\/\\\/www.vignevin.com\\\/wp-content\\\/uploads\\\/2019\\\/03\\\/AgrypoAnnxium2.jpg\",\"et-pb-gallery-module-image-portrait\":\"https:\\\/\\\/www.vignevin.com\\\/wp-content\\\/uploads\\\/2019\\\/03\\\/AgrypoAnnxium2.jpg\",\"et-pb-post-main-image-fullwidth-large\":\"https:\\\/\\\/www.vignevin.com\\\/wp-content\\\/uploads\\\/2019\\\/03\\\/AgrypoAnnxium2.jpg\",\"et-pb-image--responsive--desktop\":\"https:\\\/\\\/www.vignevin.com\\\/wp-content\\\/uploads\\\/2019\\\/03\\\/AgrypoAnnxium2.jpg\",\"et-pb-image--responsive--tablet\":\"https:\\\/\\\/www.vignevin.com\\\/wp-content\\\/uploads\\\/2019\\\/03\\\/AgrypoAnnxium2.jpg\",\"et-pb-image--responsive--phone\":\"https:\\\/\\\/www.vignevin.com\\\/wp-content\\\/uploads\\\/2019\\\/03\\\/AgrypoAnnxium2.jpg\",\"gform-image-choice-sm\":\"https:\\\/\\\/www.vignevin.com\\\/wp-content\\\/uploads\\\/2019\\\/03\\\/AgrypoAnnxium2.jpg\",\"gform-image-choice-md\":\"https:\\\/\\\/www.vignevin.com\\\/wp-content\\\/uploads\\\/2019\\\/03\\\/AgrypoAnnxium2.jpg\",\"gform-image-choice-lg\":\"https:\\\/\\\/www.vignevin.com\\\/wp-content\\\/uploads\\\/2019\\\/03\\\/AgrypoAnnxium2.jpg\",\"woocommerce_thumbnail\":\"https:\\\/\\\/www.vignevin.com\\\/wp-content\\\/uploads\\\/2019\\\/03\\\/AgrypoAnnxium2.jpg\",\"woocommerce_single\":\"https:\\\/\\\/www.vignevin.com\\\/wp-content\\\/uploads\\\/2019\\\/03\\\/AgrypoAnnxium2.jpg\",\"woocommerce_gallery_thumbnail\":\"https:\\\/\\\/www.vignevin.com\\\/wp-content\\\/uploads\\\/2019\\\/03\\\/AgrypoAnnxium2-100x100.jpg\",\"full\":\"https:\\\/\\\/www.vignevin.com\\\/wp-content\\\/uploads\\\/2019\\\/03\\\/AgrypoAnnxium2.jpg\",\"index\":0,\"id\":7069,\"video\":false,\"opts\":{\"caption\":\"\",\"thumb\":\"https:\\\/\\\/www.vignevin.com\\\/wp-content\\\/uploads\\\/2019\\\/03\\\/AgrypoAnnxium2-75x50_c.jpg\",\"title\":\"AgrypoAnnxium2\"},\"gallery_id\":17415,\"gallery_title\":\"Grapevines auxiliary fauna\"},\"7073\":{\"status\":\"active\",\"src\":\"https:\\\/\\\/www.vignevin.com\\\/wp-content\\\/uploads\\\/2019\\\/03\\\/campoplex-cf-capitator1-scaled.jpg\",\"title\":\"campoplex cf capitator\",\"link\":\"https:\\\/\\\/www.vignevin.com\\\/wp-content\\\/uploads\\\/2019\\\/03\\\/campoplex-cf-capitator1.jpg\",\"alt\":\"\",\"caption\":false,\"thumb\":{\"errors\":{\"envira-gallery-error-no-file\":[\"No file could be found for the image URL specified.\"]},\"error_data\":[]},\"meta\":{\"aperture\":null,\"credit\":null,\"camera\":null,\"caption\":\"\",\"created_timestamp\":null,\"copyright\":null,\"focal_length\":null,\"iso\":null,\"shutter_speed\":null,\"title\":\"\",\"orientation\":null,\"keywords\":null},\"thumbnail\":\"https:\\\/\\\/www.vignevin.com\\\/wp-content\\\/uploads\\\/2019\\\/03\\\/campoplex-cf-capitator1-150x150.jpg\",\"medium\":\"https:\\\/\\\/www.vignevin.com\\\/wp-content\\\/uploads\\\/2019\\\/03\\\/campoplex-cf-capitator1-300x199.jpg\",\"medium_large\":\"https:\\\/\\\/www.vignevin.com\\\/wp-content\\\/uploads\\\/2019\\\/03\\\/campoplex-cf-capitator1-768x509.jpg\",\"large\":\"https:\\\/\\\/www.vignevin.com\\\/wp-content\\\/uploads\\\/2019\\\/03\\\/campoplex-cf-capitator1-1024x679.jpg\",\"1536x1536\":\"https:\\\/\\\/www.vignevin.com\\\/wp-content\\\/uploads\\\/2019\\\/03\\\/campoplex-cf-capitator1-scaled.jpg\",\"2048x2048\":\"https:\\\/\\\/www.vignevin.com\\\/wp-content\\\/uploads\\\/2019\\\/03\\\/campoplex-cf-capitator1-scaled.jpg\",\"et-pb-post-main-image\":\"https:\\\/\\\/www.vignevin.com\\\/wp-content\\\/uploads\\\/2019\\\/03\\\/campoplex-cf-capitator1-400x250.jpg\",\"et-pb-post-main-image-fullwidth\":\"https:\\\/\\\/www.vignevin.com\\\/wp-content\\\/uploads\\\/2019\\\/03\\\/campoplex-cf-capitator1-1080x675.jpg\",\"et-pb-portfolio-image\":\"https:\\\/\\\/www.vignevin.com\\\/wp-content\\\/uploads\\\/2019\\\/03\\\/campoplex-cf-capitator1-400x284.jpg\",\"et-pb-portfolio-module-image\":\"https:\\\/\\\/www.vignevin.com\\\/wp-content\\\/uploads\\\/2019\\\/03\\\/campoplex-cf-capitator1-510x382.jpg\",\"et-pb-portfolio-image-single\":\"https:\\\/\\\/www.vignevin.com\\\/wp-content\\\/uploads\\\/2019\\\/03\\\/campoplex-cf-capitator1-1080x716.jpg\",\"et-pb-gallery-module-image-portrait\":\"https:\\\/\\\/www.vignevin.com\\\/wp-content\\\/uploads\\\/2019\\\/03\\\/campoplex-cf-capitator1-400x516.jpg\",\"et-pb-post-main-image-fullwidth-large\":\"https:\\\/\\\/www.vignevin.com\\\/wp-content\\\/uploads\\\/2019\\\/03\\\/campoplex-cf-capitator1-2880x1800.jpg\",\"et-pb-image--responsive--desktop\":\"https:\\\/\\\/www.vignevin.com\\\/wp-content\\\/uploads\\\/2019\\\/03\\\/campoplex-cf-capitator1-scaled.jpg\",\"et-pb-image--responsive--tablet\":\"https:\\\/\\\/www.vignevin.com\\\/wp-content\\\/uploads\\\/2019\\\/03\\\/campoplex-cf-capitator1-scaled.jpg\",\"et-pb-image--responsive--phone\":\"https:\\\/\\\/www.vignevin.com\\\/wp-content\\\/uploads\\\/2019\\\/03\\\/campoplex-cf-capitator1-scaled.jpg\",\"gform-image-choice-sm\":\"https:\\\/\\\/www.vignevin.com\\\/wp-content\\\/uploads\\\/2019\\\/03\\\/campoplex-cf-capitator1-scaled.jpg\",\"gform-image-choice-md\":\"https:\\\/\\\/www.vignevin.com\\\/wp-content\\\/uploads\\\/2019\\\/03\\\/campoplex-cf-capitator1-scaled.jpg\",\"gform-image-choice-lg\":\"https:\\\/\\\/www.vignevin.com\\\/wp-content\\\/uploads\\\/2019\\\/03\\\/campoplex-cf-capitator1-scaled.jpg\",\"woocommerce_thumbnail\":\"https:\\\/\\\/www.vignevin.com\\\/wp-content\\\/uploads\\\/2019\\\/03\\\/campoplex-cf-capitator1-scaled-300x300.jpg\",\"woocommerce_single\":\"https:\\\/\\\/www.vignevin.com\\\/wp-content\\\/uploads\\\/2019\\\/03\\\/campoplex-cf-capitator1-scaled-600x398.jpg\",\"woocommerce_gallery_thumbnail\":\"https:\\\/\\\/www.vignevin.com\\\/wp-content\\\/uploads\\\/2019\\\/03\\\/campoplex-cf-capitator1-scaled-100x100.jpg\",\"full\":\"https:\\\/\\\/www.vignevin.com\\\/wp-content\\\/uploads\\\/2019\\\/03\\\/campoplex-cf-capitator1-scaled.jpg\",\"index\":1,\"id\":7073,\"video\":false,\"opts\":{\"caption\":\"\",\"thumb\":{\"errors\":{\"envira-gallery-error-no-file\":[\"No file could be found for the image URL specified.\"]},\"error_data\":[]},\"title\":\"campoplex cf capitator\"},\"gallery_id\":17415,\"gallery_title\":\"Grapevines auxiliary fauna\"}}'  data-gallery-sort-ids='[7069,7073]'  class=\"envira-album-gallery-17415 \" title=\"Grapevines auxiliary fauna\" ><div class=\"envira-lazy\" style=\"padding-bottom:66.666666666667%;\"><img loading=\"lazy\" decoding=\"async\" id=\"envira-gallery-image-17415\" class=\"envira-gallery-image envira-gallery-image-4\" data-envira-index=\"4\" src=\"https:\/\/www.vignevin.com\/wp-content\/uploads\/2019\/03\/AgrypoAnnxium2-600x400_c.jpg\" width=\"600\" height=\"400\" data-envira-src=\"https:\/\/www.vignevin.com\/wp-content\/uploads\/2019\/03\/AgrypoAnnxium2-600x400_c.jpg\" data-envira-album-id=\"17390\" data-envira-gallery-id=\"17415\" data-envira-item-id=\"17415\" data-caption=\"Grapevines auxiliary fauna\" alt=\"\" title=\"Grapevines auxiliary fauna\"  data-envira-srcset=\"https:\/\/www.vignevin.com\/wp-content\/uploads\/2019\/03\/AgrypoAnnxium2-600x400_c.jpg 400w,https:\/\/www.vignevin.com\/wp-content\/uploads\/2019\/03\/AgrypoAnnxium2-600x400_c.jpg 2x\" srcset=\"data:image\/gif;base64,R0lGODlhAQABAIAAAP\/\/\/\/\/\/\/yH5BAEKAAEALAAAAAABAAEAAAICTAEAOw==\" \/><\/div><\/a><div class=\"envira-album-title\">Grapevines auxiliary fauna<\/div><\/div><\/div><div id=\"envira-gallery-item-17388\" class=\"envira-gallery-item enviratope-item envira-gallery-item-5\" style=\"padding-left: 5px; padding-bottom: 10px; padding-right: 5px;\" ><div class=\"envira-gallery-item-inner\"><div class=\"envira-gallery-position-overlay  envira-gallery-top-left\"><\/div><div class=\"envira-gallery-position-overlay  envira-gallery-top-right\"><\/div><div class=\"envira-gallery-position-overlay  envira-gallery-bottom-left\"><\/div><div class=\"envira-gallery-position-overlay  envira-gallery-bottom-right\"><\/div><a href=\"https:\/\/www.vignevin.com\/en\/galerie\/carences\/\" data-gallery-images='{\"10056\":{\"status\":\"active\",\"src\":\"https:\\\/\\\/www.vignevin.com\\\/wp-content\\\/uploads\\\/2019\\\/09\\\/Jaunissement-li\u00e9-\u00e0-une-mutation-somatique-2.jpg\",\"title\":\"Jaunissement li&amp;eacute; &amp;agrave; une mutation somatique (2)\",\"link\":\"https:\\\/\\\/www.vignevin.com\\\/wp-content\\\/uploads\\\/2019\\\/09\\\/Jaunissement-li\u00e9-\u00e0-une-mutation-somatique-2.jpg\",\"alt\":\"\",\"caption\":false,\"thumb\":\"https:\\\/\\\/www.vignevin.com\\\/wp-content\\\/uploads\\\/2019\\\/09\\\/Jaunissement-li\u00e9-\u00e0-une-mutation-somatique-2-75x50_c.jpg\",\"meta\":{\"aperture\":null,\"credit\":null,\"camera\":null,\"caption\":\"\",\"created_timestamp\":null,\"copyright\":null,\"focal_length\":null,\"iso\":null,\"shutter_speed\":null,\"title\":\"\",\"orientation\":null,\"keywords\":null},\"thumbnail\":\"https:\\\/\\\/www.vignevin.com\\\/wp-content\\\/uploads\\\/2019\\\/09\\\/Jaunissement-li\u00e9-\u00e0-une-mutation-somatique-2-150x150.jpg\",\"medium\":\"https:\\\/\\\/www.vignevin.com\\\/wp-content\\\/uploads\\\/2019\\\/09\\\/Jaunissement-li\u00e9-\u00e0-une-mutation-somatique-2-292x300.jpg\",\"medium_large\":\"https:\\\/\\\/www.vignevin.com\\\/wp-content\\\/uploads\\\/2019\\\/09\\\/Jaunissement-li\u00e9-\u00e0-une-mutation-somatique-2.jpg\",\"large\":\"https:\\\/\\\/www.vignevin.com\\\/wp-content\\\/uploads\\\/2019\\\/09\\\/Jaunissement-li\u00e9-\u00e0-une-mutation-somatique-2.jpg\",\"1536x1536\":\"https:\\\/\\\/www.vignevin.com\\\/wp-content\\\/uploads\\\/2019\\\/09\\\/Jaunissement-li\u00e9-\u00e0-une-mutation-somatique-2.jpg\",\"2048x2048\":\"https:\\\/\\\/www.vignevin.com\\\/wp-content\\\/uploads\\\/2019\\\/09\\\/Jaunissement-li\u00e9-\u00e0-une-mutation-somatique-2.jpg\",\"et-pb-post-main-image\":\"https:\\\/\\\/www.vignevin.com\\\/wp-content\\\/uploads\\\/2019\\\/09\\\/Jaunissement-li\u00e9-\u00e0-une-mutation-somatique-2-400x250.jpg\",\"et-pb-post-main-image-fullwidth\":\"https:\\\/\\\/www.vignevin.com\\\/wp-content\\\/uploads\\\/2019\\\/09\\\/Jaunissement-li\u00e9-\u00e0-une-mutation-somatique-2.jpg\",\"et-pb-portfolio-image\":\"https:\\\/\\\/www.vignevin.com\\\/wp-content\\\/uploads\\\/2019\\\/09\\\/Jaunissement-li\u00e9-\u00e0-une-mutation-somatique-2-400x284.jpg\",\"et-pb-portfolio-module-image\":\"https:\\\/\\\/www.vignevin.com\\\/wp-content\\\/uploads\\\/2019\\\/09\\\/Jaunissement-li\u00e9-\u00e0-une-mutation-somatique-2-510x382.jpg\",\"et-pb-portfolio-image-single\":\"https:\\\/\\\/www.vignevin.com\\\/wp-content\\\/uploads\\\/2019\\\/09\\\/Jaunissement-li\u00e9-\u00e0-une-mutation-somatique-2.jpg\",\"et-pb-gallery-module-image-portrait\":\"https:\\\/\\\/www.vignevin.com\\\/wp-content\\\/uploads\\\/2019\\\/09\\\/Jaunissement-li\u00e9-\u00e0-une-mutation-somatique-2-400x516.jpg\",\"et-pb-post-main-image-fullwidth-large\":\"https:\\\/\\\/www.vignevin.com\\\/wp-content\\\/uploads\\\/2019\\\/09\\\/Jaunissement-li\u00e9-\u00e0-une-mutation-somatique-2.jpg\",\"et-pb-image--responsive--desktop\":\"https:\\\/\\\/www.vignevin.com\\\/wp-content\\\/uploads\\\/2019\\\/09\\\/Jaunissement-li\u00e9-\u00e0-une-mutation-somatique-2.jpg\",\"et-pb-image--responsive--tablet\":\"https:\\\/\\\/www.vignevin.com\\\/wp-content\\\/uploads\\\/2019\\\/09\\\/Jaunissement-li\u00e9-\u00e0-une-mutation-somatique-2.jpg\",\"et-pb-image--responsive--phone\":\"https:\\\/\\\/www.vignevin.com\\\/wp-content\\\/uploads\\\/2019\\\/09\\\/Jaunissement-li\u00e9-\u00e0-une-mutation-somatique-2.jpg\",\"gform-image-choice-sm\":\"https:\\\/\\\/www.vignevin.com\\\/wp-content\\\/uploads\\\/2019\\\/09\\\/Jaunissement-li\u00e9-\u00e0-une-mutation-somatique-2.jpg\",\"gform-image-choice-md\":\"https:\\\/\\\/www.vignevin.com\\\/wp-content\\\/uploads\\\/2019\\\/09\\\/Jaunissement-li\u00e9-\u00e0-une-mutation-somatique-2.jpg\",\"gform-image-choice-lg\":\"https:\\\/\\\/www.vignevin.com\\\/wp-content\\\/uploads\\\/2019\\\/09\\\/Jaunissement-li\u00e9-\u00e0-une-mutation-somatique-2.jpg\",\"woocommerce_thumbnail\":\"https:\\\/\\\/www.vignevin.com\\\/wp-content\\\/uploads\\\/2019\\\/09\\\/Jaunissement-li\u00e9-\u00e0-une-mutation-somatique-2-300x300.jpg\",\"woocommerce_single\":\"https:\\\/\\\/www.vignevin.com\\\/wp-content\\\/uploads\\\/2019\\\/09\\\/Jaunissement-li\u00e9-\u00e0-une-mutation-somatique-2-600x616.jpg\",\"woocommerce_gallery_thumbnail\":\"https:\\\/\\\/www.vignevin.com\\\/wp-content\\\/uploads\\\/2019\\\/09\\\/Jaunissement-li\u00e9-\u00e0-une-mutation-somatique-2-100x100.jpg\",\"full\":\"https:\\\/\\\/www.vignevin.com\\\/wp-content\\\/uploads\\\/2019\\\/09\\\/Jaunissement-li\u00e9-\u00e0-une-mutation-somatique-2.jpg\",\"index\":0,\"id\":10056,\"video\":false,\"opts\":{\"caption\":\"\",\"thumb\":\"https:\\\/\\\/www.vignevin.com\\\/wp-content\\\/uploads\\\/2019\\\/09\\\/Jaunissement-li\u00e9-\u00e0-une-mutation-somatique-2-75x50_c.jpg\",\"title\":\"Jaunissement li&amp;eacute; &amp;agrave; une mutation somatique (2)\"},\"gallery_id\":17388,\"gallery_title\":\"Grapevines Deficiencies\"},\"10057\":{\"status\":\"active\",\"src\":\"https:\\\/\\\/www.vignevin.com\\\/wp-content\\\/uploads\\\/2019\\\/09\\\/Jaunissement-li\u00e9-\u00e0-une-mutation-somatique-2-1.jpg\",\"title\":\"Jaunissement li&amp;eacute; &amp;agrave; une mutation somatique 2\",\"link\":\"https:\\\/\\\/www.vignevin.com\\\/wp-content\\\/uploads\\\/2019\\\/09\\\/Jaunissement-li\u00e9-\u00e0-une-mutation-somatique-2-1.jpg\",\"alt\":\"\",\"caption\":false,\"thumb\":\"https:\\\/\\\/www.vignevin.com\\\/wp-content\\\/uploads\\\/2019\\\/09\\\/Jaunissement-li\u00e9-\u00e0-une-mutation-somatique-2-1-75x50_c.jpg\",\"meta\":{\"aperture\":\"3.3\",\"credit\":null,\"camera\":\"DMC-TZ10\",\"caption\":\"\",\"created_timestamp\":\"1308734010\",\"copyright\":null,\"focal_length\":\"4.1\",\"iso\":\"80\",\"shutter_speed\":\"0.025\",\"title\":\"\",\"orientation\":\"1\",\"keywords\":null},\"thumbnail\":\"https:\\\/\\\/www.vignevin.com\\\/wp-content\\\/uploads\\\/2019\\\/09\\\/Jaunissement-li\u00e9-\u00e0-une-mutation-somatique-2-1-150x150.jpg\",\"medium\":\"https:\\\/\\\/www.vignevin.com\\\/wp-content\\\/uploads\\\/2019\\\/09\\\/Jaunissement-li\u00e9-\u00e0-une-mutation-somatique-2-1-300x225.jpg\",\"medium_large\":\"https:\\\/\\\/www.vignevin.com\\\/wp-content\\\/uploads\\\/2019\\\/09\\\/Jaunissement-li\u00e9-\u00e0-une-mutation-somatique-2-1-768x576.jpg\",\"large\":\"https:\\\/\\\/www.vignevin.com\\\/wp-content\\\/uploads\\\/2019\\\/09\\\/Jaunissement-li\u00e9-\u00e0-une-mutation-somatique-2-1-1024x768.jpg\",\"1536x1536\":\"https:\\\/\\\/www.vignevin.com\\\/wp-content\\\/uploads\\\/2019\\\/09\\\/Jaunissement-li\u00e9-\u00e0-une-mutation-somatique-2-1.jpg\",\"2048x2048\":\"https:\\\/\\\/www.vignevin.com\\\/wp-content\\\/uploads\\\/2019\\\/09\\\/Jaunissement-li\u00e9-\u00e0-une-mutation-somatique-2-1.jpg\",\"et-pb-post-main-image\":\"https:\\\/\\\/www.vignevin.com\\\/wp-content\\\/uploads\\\/2019\\\/09\\\/Jaunissement-li\u00e9-\u00e0-une-mutation-somatique-2-1-400x250.jpg\",\"et-pb-post-main-image-fullwidth\":\"https:\\\/\\\/www.vignevin.com\\\/wp-content\\\/uploads\\\/2019\\\/09\\\/Jaunissement-li\u00e9-\u00e0-une-mutation-somatique-2-1-1080x675.jpg\",\"et-pb-portfolio-image\":\"https:\\\/\\\/www.vignevin.com\\\/wp-content\\\/uploads\\\/2019\\\/09\\\/Jaunissement-li\u00e9-\u00e0-une-mutation-somatique-2-1-400x284.jpg\",\"et-pb-portfolio-module-image\":\"https:\\\/\\\/www.vignevin.com\\\/wp-content\\\/uploads\\\/2019\\\/09\\\/Jaunissement-li\u00e9-\u00e0-une-mutation-somatique-2-1-510x382.jpg\",\"et-pb-portfolio-image-single\":\"https:\\\/\\\/www.vignevin.com\\\/wp-content\\\/uploads\\\/2019\\\/09\\\/Jaunissement-li\u00e9-\u00e0-une-mutation-somatique-2-1-1080x810.jpg\",\"et-pb-gallery-module-image-portrait\":\"https:\\\/\\\/www.vignevin.com\\\/wp-content\\\/uploads\\\/2019\\\/09\\\/Jaunissement-li\u00e9-\u00e0-une-mutation-somatique-2-1-400x516.jpg\",\"et-pb-post-main-image-fullwidth-large\":\"https:\\\/\\\/www.vignevin.com\\\/wp-content\\\/uploads\\\/2019\\\/09\\\/Jaunissement-li\u00e9-\u00e0-une-mutation-somatique-2-1-2560x1800.jpg\",\"et-pb-image--responsive--desktop\":\"https:\\\/\\\/www.vignevin.com\\\/wp-content\\\/uploads\\\/2019\\\/09\\\/Jaunissement-li\u00e9-\u00e0-une-mutation-somatique-2-1.jpg\",\"et-pb-image--responsive--tablet\":\"https:\\\/\\\/www.vignevin.com\\\/wp-content\\\/uploads\\\/2019\\\/09\\\/Jaunissement-li\u00e9-\u00e0-une-mutation-somatique-2-1.jpg\",\"et-pb-image--responsive--phone\":\"https:\\\/\\\/www.vignevin.com\\\/wp-content\\\/uploads\\\/2019\\\/09\\\/Jaunissement-li\u00e9-\u00e0-une-mutation-somatique-2-1.jpg\",\"gform-image-choice-sm\":\"https:\\\/\\\/www.vignevin.com\\\/wp-content\\\/uploads\\\/2019\\\/09\\\/Jaunissement-li\u00e9-\u00e0-une-mutation-somatique-2-1.jpg\",\"gform-image-choice-md\":\"https:\\\/\\\/www.vignevin.com\\\/wp-content\\\/uploads\\\/2019\\\/09\\\/Jaunissement-li\u00e9-\u00e0-une-mutation-somatique-2-1.jpg\",\"gform-image-choice-lg\":\"https:\\\/\\\/www.vignevin.com\\\/wp-content\\\/uploads\\\/2019\\\/09\\\/Jaunissement-li\u00e9-\u00e0-une-mutation-somatique-2-1.jpg\",\"woocommerce_thumbnail\":\"https:\\\/\\\/www.vignevin.com\\\/wp-content\\\/uploads\\\/2019\\\/09\\\/Jaunissement-li\u00e9-\u00e0-une-mutation-somatique-2-1-300x300.jpg\",\"woocommerce_single\":\"https:\\\/\\\/www.vignevin.com\\\/wp-content\\\/uploads\\\/2019\\\/09\\\/Jaunissement-li\u00e9-\u00e0-une-mutation-somatique-2-1-600x450.jpg\",\"woocommerce_gallery_thumbnail\":\"https:\\\/\\\/www.vignevin.com\\\/wp-content\\\/uploads\\\/2019\\\/09\\\/Jaunissement-li\u00e9-\u00e0-une-mutation-somatique-2-1-100x100.jpg\",\"full\":\"https:\\\/\\\/www.vignevin.com\\\/wp-content\\\/uploads\\\/2019\\\/09\\\/Jaunissement-li\u00e9-\u00e0-une-mutation-somatique-2-1.jpg\",\"index\":1,\"id\":10057,\"video\":false,\"opts\":{\"caption\":\"\",\"thumb\":\"https:\\\/\\\/www.vignevin.com\\\/wp-content\\\/uploads\\\/2019\\\/09\\\/Jaunissement-li\u00e9-\u00e0-une-mutation-somatique-2-1-75x50_c.jpg\",\"title\":\"Jaunissement li&amp;eacute; &amp;agrave; une mutation somatique 2\"},\"gallery_id\":17388,\"gallery_title\":\"Grapevines Deficiencies\"},\"10058\":{\"status\":\"active\",\"src\":\"https:\\\/\\\/www.vignevin.com\\\/wp-content\\\/uploads\\\/2019\\\/09\\\/Jaunissement-li\u00e9-\u00e0-une-mutation-somatique-3.jpg\",\"title\":\"Jaunissement li&amp;eacute; &amp;agrave; une mutation somatique 3\",\"link\":\"https:\\\/\\\/www.vignevin.com\\\/wp-content\\\/uploads\\\/2019\\\/09\\\/Jaunissement-li\u00e9-\u00e0-une-mutation-somatique-3.jpg\",\"alt\":\"\",\"caption\":false,\"thumb\":\"https:\\\/\\\/www.vignevin.com\\\/wp-content\\\/uploads\\\/2019\\\/09\\\/Jaunissement-li\u00e9-\u00e0-une-mutation-somatique-3-75x50_c.jpg\",\"meta\":{\"aperture\":\"4\",\"credit\":null,\"camera\":\"DMC-TZ10\",\"caption\":\"\",\"created_timestamp\":\"1340990952\",\"copyright\":null,\"focal_length\":\"4.1\",\"iso\":\"80\",\"shutter_speed\":\"0.00625\",\"title\":\"\",\"orientation\":\"1\",\"keywords\":null},\"thumbnail\":\"https:\\\/\\\/www.vignevin.com\\\/wp-content\\\/uploads\\\/2019\\\/09\\\/Jaunissement-li\u00e9-\u00e0-une-mutation-somatique-3-150x150.jpg\",\"medium\":\"https:\\\/\\\/www.vignevin.com\\\/wp-content\\\/uploads\\\/2019\\\/09\\\/Jaunissement-li\u00e9-\u00e0-une-mutation-somatique-3-225x300.jpg\",\"medium_large\":\"https:\\\/\\\/www.vignevin.com\\\/wp-content\\\/uploads\\\/2019\\\/09\\\/Jaunissement-li\u00e9-\u00e0-une-mutation-somatique-3-768x1024.jpg\",\"large\":\"https:\\\/\\\/www.vignevin.com\\\/wp-content\\\/uploads\\\/2019\\\/09\\\/Jaunissement-li\u00e9-\u00e0-une-mutation-somatique-3-768x1024.jpg\",\"1536x1536\":\"https:\\\/\\\/www.vignevin.com\\\/wp-content\\\/uploads\\\/2019\\\/09\\\/Jaunissement-li\u00e9-\u00e0-une-mutation-somatique-3.jpg\",\"2048x2048\":\"https:\\\/\\\/www.vignevin.com\\\/wp-content\\\/uploads\\\/2019\\\/09\\\/Jaunissement-li\u00e9-\u00e0-une-mutation-somatique-3.jpg\",\"et-pb-post-main-image\":\"https:\\\/\\\/www.vignevin.com\\\/wp-content\\\/uploads\\\/2019\\\/09\\\/Jaunissement-li\u00e9-\u00e0-une-mutation-somatique-3-400x250.jpg\",\"et-pb-post-main-image-fullwidth\":\"https:\\\/\\\/www.vignevin.com\\\/wp-content\\\/uploads\\\/2019\\\/09\\\/Jaunissement-li\u00e9-\u00e0-une-mutation-somatique-3-1080x675.jpg\",\"et-pb-portfolio-image\":\"https:\\\/\\\/www.vignevin.com\\\/wp-content\\\/uploads\\\/2019\\\/09\\\/Jaunissement-li\u00e9-\u00e0-une-mutation-somatique-3-400x284.jpg\",\"et-pb-portfolio-module-image\":\"https:\\\/\\\/www.vignevin.com\\\/wp-content\\\/uploads\\\/2019\\\/09\\\/Jaunissement-li\u00e9-\u00e0-une-mutation-somatique-3-510x382.jpg\",\"et-pb-portfolio-image-single\":\"https:\\\/\\\/www.vignevin.com\\\/wp-content\\\/uploads\\\/2019\\\/09\\\/Jaunissement-li\u00e9-\u00e0-une-mutation-somatique-3-1080x1440.jpg\",\"et-pb-gallery-module-image-portrait\":\"https:\\\/\\\/www.vignevin.com\\\/wp-content\\\/uploads\\\/2019\\\/09\\\/Jaunissement-li\u00e9-\u00e0-une-mutation-somatique-3-400x516.jpg\",\"et-pb-post-main-image-fullwidth-large\":\"https:\\\/\\\/www.vignevin.com\\\/wp-content\\\/uploads\\\/2019\\\/09\\\/Jaunissement-li\u00e9-\u00e0-une-mutation-somatique-3-1920x1800.jpg\",\"et-pb-image--responsive--desktop\":\"https:\\\/\\\/www.vignevin.com\\\/wp-content\\\/uploads\\\/2019\\\/09\\\/Jaunissement-li\u00e9-\u00e0-une-mutation-somatique-3.jpg\",\"et-pb-image--responsive--tablet\":\"https:\\\/\\\/www.vignevin.com\\\/wp-content\\\/uploads\\\/2019\\\/09\\\/Jaunissement-li\u00e9-\u00e0-une-mutation-somatique-3.jpg\",\"et-pb-image--responsive--phone\":\"https:\\\/\\\/www.vignevin.com\\\/wp-content\\\/uploads\\\/2019\\\/09\\\/Jaunissement-li\u00e9-\u00e0-une-mutation-somatique-3.jpg\",\"gform-image-choice-sm\":\"https:\\\/\\\/www.vignevin.com\\\/wp-content\\\/uploads\\\/2019\\\/09\\\/Jaunissement-li\u00e9-\u00e0-une-mutation-somatique-3.jpg\",\"gform-image-choice-md\":\"https:\\\/\\\/www.vignevin.com\\\/wp-content\\\/uploads\\\/2019\\\/09\\\/Jaunissement-li\u00e9-\u00e0-une-mutation-somatique-3.jpg\",\"gform-image-choice-lg\":\"https:\\\/\\\/www.vignevin.com\\\/wp-content\\\/uploads\\\/2019\\\/09\\\/Jaunissement-li\u00e9-\u00e0-une-mutation-somatique-3.jpg\",\"woocommerce_thumbnail\":\"https:\\\/\\\/www.vignevin.com\\\/wp-content\\\/uploads\\\/2019\\\/09\\\/Jaunissement-li\u00e9-\u00e0-une-mutation-somatique-3-300x300.jpg\",\"woocommerce_single\":\"https:\\\/\\\/www.vignevin.com\\\/wp-content\\\/uploads\\\/2019\\\/09\\\/Jaunissement-li\u00e9-\u00e0-une-mutation-somatique-3-600x800.jpg\",\"woocommerce_gallery_thumbnail\":\"https:\\\/\\\/www.vignevin.com\\\/wp-content\\\/uploads\\\/2019\\\/09\\\/Jaunissement-li\u00e9-\u00e0-une-mutation-somatique-3-100x100.jpg\",\"full\":\"https:\\\/\\\/www.vignevin.com\\\/wp-content\\\/uploads\\\/2019\\\/09\\\/Jaunissement-li\u00e9-\u00e0-une-mutation-somatique-3.jpg\",\"index\":2,\"id\":10058,\"video\":false,\"opts\":{\"caption\":\"\",\"thumb\":\"https:\\\/\\\/www.vignevin.com\\\/wp-content\\\/uploads\\\/2019\\\/09\\\/Jaunissement-li\u00e9-\u00e0-une-mutation-somatique-3-75x50_c.jpg\",\"title\":\"Jaunissement li&amp;eacute; &amp;agrave; une mutation somatique 3\"},\"gallery_id\":17388,\"gallery_title\":\"Grapevines Deficiencies\"},\"10059\":{\"status\":\"active\",\"src\":\"https:\\\/\\\/www.vignevin.com\\\/wp-content\\\/uploads\\\/2019\\\/09\\\/Jaunissement-li\u00e9-\u00e0-une-mutation-somatique-4.jpg\",\"title\":\"OLYMPUS DIGITAL CAMERA\",\"link\":\"https:\\\/\\\/www.vignevin.com\\\/wp-content\\\/uploads\\\/2019\\\/09\\\/Jaunissement-li\u00e9-\u00e0-une-mutation-somatique-4.jpg\",\"alt\":\"\",\"caption\":\"OLYMPUS DIGITAL CAMERA\",\"thumb\":\"https:\\\/\\\/www.vignevin.com\\\/wp-content\\\/uploads\\\/2019\\\/09\\\/Jaunissement-li\u00e9-\u00e0-une-mutation-somatique-4-75x50_c.jpg\",\"meta\":{\"aperture\":\"4.8\",\"credit\":null,\"camera\":\"C-5000Z\",\"caption\":\"OLYMPUS DIGITAL CAMERA\",\"created_timestamp\":\"1221128430\",\"copyright\":null,\"focal_length\":\"7.8\",\"iso\":\"50\",\"shutter_speed\":\"0.033333333333333\",\"title\":\"OLYMPUS DIGITAL CAMERA\",\"orientation\":null,\"keywords\":null},\"thumbnail\":\"https:\\\/\\\/www.vignevin.com\\\/wp-content\\\/uploads\\\/2019\\\/09\\\/Jaunissement-li\u00e9-\u00e0-une-mutation-somatique-4-150x150.jpg\",\"medium\":\"https:\\\/\\\/www.vignevin.com\\\/wp-content\\\/uploads\\\/2019\\\/09\\\/Jaunissement-li\u00e9-\u00e0-une-mutation-somatique-4-225x300.jpg\",\"medium_large\":\"https:\\\/\\\/www.vignevin.com\\\/wp-content\\\/uploads\\\/2019\\\/09\\\/Jaunissement-li\u00e9-\u00e0-une-mutation-somatique-4-768x1024.jpg\",\"large\":\"https:\\\/\\\/www.vignevin.com\\\/wp-content\\\/uploads\\\/2019\\\/09\\\/Jaunissement-li\u00e9-\u00e0-une-mutation-somatique-4-768x1024.jpg\",\"1536x1536\":\"https:\\\/\\\/www.vignevin.com\\\/wp-content\\\/uploads\\\/2019\\\/09\\\/Jaunissement-li\u00e9-\u00e0-une-mutation-somatique-4.jpg\",\"2048x2048\":\"https:\\\/\\\/www.vignevin.com\\\/wp-content\\\/uploads\\\/2019\\\/09\\\/Jaunissement-li\u00e9-\u00e0-une-mutation-somatique-4.jpg\",\"et-pb-post-main-image\":\"https:\\\/\\\/www.vignevin.com\\\/wp-content\\\/uploads\\\/2019\\\/09\\\/Jaunissement-li\u00e9-\u00e0-une-mutation-somatique-4-400x250.jpg\",\"et-pb-post-main-image-fullwidth\":\"https:\\\/\\\/www.vignevin.com\\\/wp-content\\\/uploads\\\/2019\\\/09\\\/Jaunissement-li\u00e9-\u00e0-une-mutation-somatique-4-1080x675.jpg\",\"et-pb-portfolio-image\":\"https:\\\/\\\/www.vignevin.com\\\/wp-content\\\/uploads\\\/2019\\\/09\\\/Jaunissement-li\u00e9-\u00e0-une-mutation-somatique-4-400x284.jpg\",\"et-pb-portfolio-module-image\":\"https:\\\/\\\/www.vignevin.com\\\/wp-content\\\/uploads\\\/2019\\\/09\\\/Jaunissement-li\u00e9-\u00e0-une-mutation-somatique-4-510x382.jpg\",\"et-pb-portfolio-image-single\":\"https:\\\/\\\/www.vignevin.com\\\/wp-content\\\/uploads\\\/2019\\\/09\\\/Jaunissement-li\u00e9-\u00e0-une-mutation-somatique-4-1080x1440.jpg\",\"et-pb-gallery-module-image-portrait\":\"https:\\\/\\\/www.vignevin.com\\\/wp-content\\\/uploads\\\/2019\\\/09\\\/Jaunissement-li\u00e9-\u00e0-une-mutation-somatique-4-400x516.jpg\",\"et-pb-post-main-image-fullwidth-large\":\"https:\\\/\\\/www.vignevin.com\\\/wp-content\\\/uploads\\\/2019\\\/09\\\/Jaunissement-li\u00e9-\u00e0-une-mutation-somatique-4.jpg\",\"et-pb-image--responsive--desktop\":\"https:\\\/\\\/www.vignevin.com\\\/wp-content\\\/uploads\\\/2019\\\/09\\\/Jaunissement-li\u00e9-\u00e0-une-mutation-somatique-4.jpg\",\"et-pb-image--responsive--tablet\":\"https:\\\/\\\/www.vignevin.com\\\/wp-content\\\/uploads\\\/2019\\\/09\\\/Jaunissement-li\u00e9-\u00e0-une-mutation-somatique-4.jpg\",\"et-pb-image--responsive--phone\":\"https:\\\/\\\/www.vignevin.com\\\/wp-content\\\/uploads\\\/2019\\\/09\\\/Jaunissement-li\u00e9-\u00e0-une-mutation-somatique-4.jpg\",\"gform-image-choice-sm\":\"https:\\\/\\\/www.vignevin.com\\\/wp-content\\\/uploads\\\/2019\\\/09\\\/Jaunissement-li\u00e9-\u00e0-une-mutation-somatique-4.jpg\",\"gform-image-choice-md\":\"https:\\\/\\\/www.vignevin.com\\\/wp-content\\\/uploads\\\/2019\\\/09\\\/Jaunissement-li\u00e9-\u00e0-une-mutation-somatique-4.jpg\",\"gform-image-choice-lg\":\"https:\\\/\\\/www.vignevin.com\\\/wp-content\\\/uploads\\\/2019\\\/09\\\/Jaunissement-li\u00e9-\u00e0-une-mutation-somatique-4.jpg\",\"woocommerce_thumbnail\":\"https:\\\/\\\/www.vignevin.com\\\/wp-content\\\/uploads\\\/2019\\\/09\\\/Jaunissement-li\u00e9-\u00e0-une-mutation-somatique-4-300x300.jpg\",\"woocommerce_single\":\"https:\\\/\\\/www.vignevin.com\\\/wp-content\\\/uploads\\\/2019\\\/09\\\/Jaunissement-li\u00e9-\u00e0-une-mutation-somatique-4-600x800.jpg\",\"woocommerce_gallery_thumbnail\":\"https:\\\/\\\/www.vignevin.com\\\/wp-content\\\/uploads\\\/2019\\\/09\\\/Jaunissement-li\u00e9-\u00e0-une-mutation-somatique-4-100x100.jpg\",\"full\":\"https:\\\/\\\/www.vignevin.com\\\/wp-content\\\/uploads\\\/2019\\\/09\\\/Jaunissement-li\u00e9-\u00e0-une-mutation-somatique-4.jpg\",\"index\":3,\"id\":10059,\"video\":false,\"opts\":{\"caption\":\"OLYMPUS DIGITAL CAMERA\",\"thumb\":\"https:\\\/\\\/www.vignevin.com\\\/wp-content\\\/uploads\\\/2019\\\/09\\\/Jaunissement-li\u00e9-\u00e0-une-mutation-somatique-4-75x50_c.jpg\",\"title\":\"OLYMPUS DIGITAL CAMERA\"},\"gallery_id\":17388,\"gallery_title\":\"Grapevines Deficiencies\"},\"10060\":{\"status\":\"active\",\"src\":\"https:\\\/\\\/www.vignevin.com\\\/wp-content\\\/uploads\\\/2019\\\/09\\\/Jaunissement-li\u00e9-\u00e0-une-mutation-somatique.jpg\",\"title\":\"Jaunissement li&amp;eacute; &amp;agrave; une mutation somatique\",\"link\":\"https:\\\/\\\/www.vignevin.com\\\/wp-content\\\/uploads\\\/2019\\\/09\\\/Jaunissement-li\u00e9-\u00e0-une-mutation-somatique.jpg\",\"alt\":\"\",\"caption\":false,\"thumb\":\"https:\\\/\\\/www.vignevin.com\\\/wp-content\\\/uploads\\\/2019\\\/09\\\/Jaunissement-li\u00e9-\u00e0-une-mutation-somatique-75x50_c.jpg\",\"meta\":{\"aperture\":\"4\",\"credit\":null,\"camera\":\"DMC-TZ10\",\"caption\":\"\",\"created_timestamp\":\"1276763050\",\"copyright\":null,\"focal_length\":\"4.1\",\"iso\":\"125\",\"shutter_speed\":\"0.005\",\"title\":\"\",\"orientation\":\"1\",\"keywords\":null},\"thumbnail\":\"https:\\\/\\\/www.vignevin.com\\\/wp-content\\\/uploads\\\/2019\\\/09\\\/Jaunissement-li\u00e9-\u00e0-une-mutation-somatique-150x150.jpg\",\"medium\":\"https:\\\/\\\/www.vignevin.com\\\/wp-content\\\/uploads\\\/2019\\\/09\\\/Jaunissement-li\u00e9-\u00e0-une-mutation-somatique-300x225.jpg\",\"medium_large\":\"https:\\\/\\\/www.vignevin.com\\\/wp-content\\\/uploads\\\/2019\\\/09\\\/Jaunissement-li\u00e9-\u00e0-une-mutation-somatique-768x576.jpg\",\"large\":\"https:\\\/\\\/www.vignevin.com\\\/wp-content\\\/uploads\\\/2019\\\/09\\\/Jaunissement-li\u00e9-\u00e0-une-mutation-somatique-1024x768.jpg\",\"1536x1536\":\"https:\\\/\\\/www.vignevin.com\\\/wp-content\\\/uploads\\\/2019\\\/09\\\/Jaunissement-li\u00e9-\u00e0-une-mutation-somatique.jpg\",\"2048x2048\":\"https:\\\/\\\/www.vignevin.com\\\/wp-content\\\/uploads\\\/2019\\\/09\\\/Jaunissement-li\u00e9-\u00e0-une-mutation-somatique.jpg\",\"et-pb-post-main-image\":\"https:\\\/\\\/www.vignevin.com\\\/wp-content\\\/uploads\\\/2019\\\/09\\\/Jaunissement-li\u00e9-\u00e0-une-mutation-somatique-400x250.jpg\",\"et-pb-post-main-image-fullwidth\":\"https:\\\/\\\/www.vignevin.com\\\/wp-content\\\/uploads\\\/2019\\\/09\\\/Jaunissement-li\u00e9-\u00e0-une-mutation-somatique-1080x675.jpg\",\"et-pb-portfolio-image\":\"https:\\\/\\\/www.vignevin.com\\\/wp-content\\\/uploads\\\/2019\\\/09\\\/Jaunissement-li\u00e9-\u00e0-une-mutation-somatique-400x284.jpg\",\"et-pb-portfolio-module-image\":\"https:\\\/\\\/www.vignevin.com\\\/wp-content\\\/uploads\\\/2019\\\/09\\\/Jaunissement-li\u00e9-\u00e0-une-mutation-somatique-510x382.jpg\",\"et-pb-portfolio-image-single\":\"https:\\\/\\\/www.vignevin.com\\\/wp-content\\\/uploads\\\/2019\\\/09\\\/Jaunissement-li\u00e9-\u00e0-une-mutation-somatique-1080x810.jpg\",\"et-pb-gallery-module-image-portrait\":\"https:\\\/\\\/www.vignevin.com\\\/wp-content\\\/uploads\\\/2019\\\/09\\\/Jaunissement-li\u00e9-\u00e0-une-mutation-somatique-400x516.jpg\",\"et-pb-post-main-image-fullwidth-large\":\"https:\\\/\\\/www.vignevin.com\\\/wp-content\\\/uploads\\\/2019\\\/09\\\/Jaunissement-li\u00e9-\u00e0-une-mutation-somatique-2560x1800.jpg\",\"et-pb-image--responsive--desktop\":\"https:\\\/\\\/www.vignevin.com\\\/wp-content\\\/uploads\\\/2019\\\/09\\\/Jaunissement-li\u00e9-\u00e0-une-mutation-somatique.jpg\",\"et-pb-image--responsive--tablet\":\"https:\\\/\\\/www.vignevin.com\\\/wp-content\\\/uploads\\\/2019\\\/09\\\/Jaunissement-li\u00e9-\u00e0-une-mutation-somatique.jpg\",\"et-pb-image--responsive--phone\":\"https:\\\/\\\/www.vignevin.com\\\/wp-content\\\/uploads\\\/2019\\\/09\\\/Jaunissement-li\u00e9-\u00e0-une-mutation-somatique.jpg\",\"gform-image-choice-sm\":\"https:\\\/\\\/www.vignevin.com\\\/wp-content\\\/uploads\\\/2019\\\/09\\\/Jaunissement-li\u00e9-\u00e0-une-mutation-somatique.jpg\",\"gform-image-choice-md\":\"https:\\\/\\\/www.vignevin.com\\\/wp-content\\\/uploads\\\/2019\\\/09\\\/Jaunissement-li\u00e9-\u00e0-une-mutation-somatique.jpg\",\"gform-image-choice-lg\":\"https:\\\/\\\/www.vignevin.com\\\/wp-content\\\/uploads\\\/2019\\\/09\\\/Jaunissement-li\u00e9-\u00e0-une-mutation-somatique.jpg\",\"woocommerce_thumbnail\":\"https:\\\/\\\/www.vignevin.com\\\/wp-content\\\/uploads\\\/2019\\\/09\\\/Jaunissement-li\u00e9-\u00e0-une-mutation-somatique-300x300.jpg\",\"woocommerce_single\":\"https:\\\/\\\/www.vignevin.com\\\/wp-content\\\/uploads\\\/2019\\\/09\\\/Jaunissement-li\u00e9-\u00e0-une-mutation-somatique-600x450.jpg\",\"woocommerce_gallery_thumbnail\":\"https:\\\/\\\/www.vignevin.com\\\/wp-content\\\/uploads\\\/2019\\\/09\\\/Jaunissement-li\u00e9-\u00e0-une-mutation-somatique-100x100.jpg\",\"full\":\"https:\\\/\\\/www.vignevin.com\\\/wp-content\\\/uploads\\\/2019\\\/09\\\/Jaunissement-li\u00e9-\u00e0-une-mutation-somatique.jpg\",\"index\":4,\"id\":10060,\"video\":false,\"opts\":{\"caption\":\"\",\"thumb\":\"https:\\\/\\\/www.vignevin.com\\\/wp-content\\\/uploads\\\/2019\\\/09\\\/Jaunissement-li\u00e9-\u00e0-une-mutation-somatique-75x50_c.jpg\",\"title\":\"Jaunissement li&amp;eacute; &amp;agrave; une mutation somatique\"},\"gallery_id\":17388,\"gallery_title\":\"Grapevines Deficiencies\"},\"10061\":{\"status\":\"active\",\"src\":\"https:\\\/\\\/www.vignevin.com\\\/wp-content\\\/uploads\\\/2019\\\/09\\\/Rougissement-foliaire-du-\u00e0-des-toxicit\u00e9s-en-sol-acide-2.jpg\",\"title\":\"Rougissement foliaire du &amp;agrave; des toxicit&amp;eacute;s en sol acide 2\",\"link\":\"https:\\\/\\\/www.vignevin.com\\\/wp-content\\\/uploads\\\/2019\\\/09\\\/Rougissement-foliaire-du-\u00e0-des-toxicit\u00e9s-en-sol-acide-2.jpg\",\"alt\":\"\",\"caption\":false,\"thumb\":\"https:\\\/\\\/www.vignevin.com\\\/wp-content\\\/uploads\\\/2019\\\/09\\\/Rougissement-foliaire-du-\u00e0-des-toxicit\u00e9s-en-sol-acide-2-75x50_c.jpg\",\"meta\":{\"aperture\":\"3.3\",\"credit\":null,\"camera\":\"DMC-TZ5\",\"caption\":\"\",\"created_timestamp\":\"1279899407\",\"copyright\":null,\"focal_length\":\"4.7\",\"iso\":\"100\",\"shutter_speed\":\"0.03125\",\"title\":\"\",\"orientation\":\"1\",\"keywords\":null},\"thumbnail\":\"https:\\\/\\\/www.vignevin.com\\\/wp-content\\\/uploads\\\/2019\\\/09\\\/Rougissement-foliaire-du-\u00e0-des-toxicit\u00e9s-en-sol-acide-2-150x150.jpg\",\"medium\":\"https:\\\/\\\/www.vignevin.com\\\/wp-content\\\/uploads\\\/2019\\\/09\\\/Rougissement-foliaire-du-\u00e0-des-toxicit\u00e9s-en-sol-acide-2-300x225.jpg\",\"medium_large\":\"https:\\\/\\\/www.vignevin.com\\\/wp-content\\\/uploads\\\/2019\\\/09\\\/Rougissement-foliaire-du-\u00e0-des-toxicit\u00e9s-en-sol-acide-2-768x576.jpg\",\"large\":\"https:\\\/\\\/www.vignevin.com\\\/wp-content\\\/uploads\\\/2019\\\/09\\\/Rougissement-foliaire-du-\u00e0-des-toxicit\u00e9s-en-sol-acide-2-1024x768.jpg\",\"1536x1536\":\"https:\\\/\\\/www.vignevin.com\\\/wp-content\\\/uploads\\\/2019\\\/09\\\/Rougissement-foliaire-du-\u00e0-des-toxicit\u00e9s-en-sol-acide-2.jpg\",\"2048x2048\":\"https:\\\/\\\/www.vignevin.com\\\/wp-content\\\/uploads\\\/2019\\\/09\\\/Rougissement-foliaire-du-\u00e0-des-toxicit\u00e9s-en-sol-acide-2.jpg\",\"et-pb-post-main-image\":\"https:\\\/\\\/www.vignevin.com\\\/wp-content\\\/uploads\\\/2019\\\/09\\\/Rougissement-foliaire-du-\u00e0-des-toxicit\u00e9s-en-sol-acide-2-400x250.jpg\",\"et-pb-post-main-image-fullwidth\":\"https:\\\/\\\/www.vignevin.com\\\/wp-content\\\/uploads\\\/2019\\\/09\\\/Rougissement-foliaire-du-\u00e0-des-toxicit\u00e9s-en-sol-acide-2-1080x675.jpg\",\"et-pb-portfolio-image\":\"https:\\\/\\\/www.vignevin.com\\\/wp-content\\\/uploads\\\/2019\\\/09\\\/Rougissement-foliaire-du-\u00e0-des-toxicit\u00e9s-en-sol-acide-2-400x284.jpg\",\"et-pb-portfolio-module-image\":\"https:\\\/\\\/www.vignevin.com\\\/wp-content\\\/uploads\\\/2019\\\/09\\\/Rougissement-foliaire-du-\u00e0-des-toxicit\u00e9s-en-sol-acide-2-510x382.jpg\",\"et-pb-portfolio-image-single\":\"https:\\\/\\\/www.vignevin.com\\\/wp-content\\\/uploads\\\/2019\\\/09\\\/Rougissement-foliaire-du-\u00e0-des-toxicit\u00e9s-en-sol-acide-2-1080x810.jpg\",\"et-pb-gallery-module-image-portrait\":\"https:\\\/\\\/www.vignevin.com\\\/wp-content\\\/uploads\\\/2019\\\/09\\\/Rougissement-foliaire-du-\u00e0-des-toxicit\u00e9s-en-sol-acide-2-400x516.jpg\",\"et-pb-post-main-image-fullwidth-large\":\"https:\\\/\\\/www.vignevin.com\\\/wp-content\\\/uploads\\\/2019\\\/09\\\/Rougissement-foliaire-du-\u00e0-des-toxicit\u00e9s-en-sol-acide-2.jpg\",\"et-pb-image--responsive--desktop\":\"https:\\\/\\\/www.vignevin.com\\\/wp-content\\\/uploads\\\/2019\\\/09\\\/Rougissement-foliaire-du-\u00e0-des-toxicit\u00e9s-en-sol-acide-2.jpg\",\"et-pb-image--responsive--tablet\":\"https:\\\/\\\/www.vignevin.com\\\/wp-content\\\/uploads\\\/2019\\\/09\\\/Rougissement-foliaire-du-\u00e0-des-toxicit\u00e9s-en-sol-acide-2.jpg\",\"et-pb-image--responsive--phone\":\"https:\\\/\\\/www.vignevin.com\\\/wp-content\\\/uploads\\\/2019\\\/09\\\/Rougissement-foliaire-du-\u00e0-des-toxicit\u00e9s-en-sol-acide-2.jpg\",\"gform-image-choice-sm\":\"https:\\\/\\\/www.vignevin.com\\\/wp-content\\\/uploads\\\/2019\\\/09\\\/Rougissement-foliaire-du-\u00e0-des-toxicit\u00e9s-en-sol-acide-2.jpg\",\"gform-image-choice-md\":\"https:\\\/\\\/www.vignevin.com\\\/wp-content\\\/uploads\\\/2019\\\/09\\\/Rougissement-foliaire-du-\u00e0-des-toxicit\u00e9s-en-sol-acide-2.jpg\",\"gform-image-choice-lg\":\"https:\\\/\\\/www.vignevin.com\\\/wp-content\\\/uploads\\\/2019\\\/09\\\/Rougissement-foliaire-du-\u00e0-des-toxicit\u00e9s-en-sol-acide-2.jpg\",\"woocommerce_thumbnail\":\"https:\\\/\\\/www.vignevin.com\\\/wp-content\\\/uploads\\\/2019\\\/09\\\/Rougissement-foliaire-du-\u00e0-des-toxicit\u00e9s-en-sol-acide-2-300x300.jpg\",\"woocommerce_single\":\"https:\\\/\\\/www.vignevin.com\\\/wp-content\\\/uploads\\\/2019\\\/09\\\/Rougissement-foliaire-du-\u00e0-des-toxicit\u00e9s-en-sol-acide-2-600x450.jpg\",\"woocommerce_gallery_thumbnail\":\"https:\\\/\\\/www.vignevin.com\\\/wp-content\\\/uploads\\\/2019\\\/09\\\/Rougissement-foliaire-du-\u00e0-des-toxicit\u00e9s-en-sol-acide-2-100x100.jpg\",\"full\":\"https:\\\/\\\/www.vignevin.com\\\/wp-content\\\/uploads\\\/2019\\\/09\\\/Rougissement-foliaire-du-\u00e0-des-toxicit\u00e9s-en-sol-acide-2.jpg\",\"index\":5,\"id\":10061,\"video\":false,\"opts\":{\"caption\":\"\",\"thumb\":\"https:\\\/\\\/www.vignevin.com\\\/wp-content\\\/uploads\\\/2019\\\/09\\\/Rougissement-foliaire-du-\u00e0-des-toxicit\u00e9s-en-sol-acide-2-75x50_c.jpg\",\"title\":\"Rougissement foliaire du &amp;agrave; des toxicit&amp;eacute;s en sol acide 2\"},\"gallery_id\":17388,\"gallery_title\":\"Grapevines Deficiencies\"},\"10062\":{\"status\":\"active\",\"src\":\"https:\\\/\\\/www.vignevin.com\\\/wp-content\\\/uploads\\\/2019\\\/09\\\/Rougissement-foliaire-du-\u00e0-des-toxicit\u00e9s-en-sol-acide-3.jpg\",\"title\":\"Rougissement foliaire du &amp;agrave; des toxicit&amp;eacute;s en sol acide 3\",\"link\":\"https:\\\/\\\/www.vignevin.com\\\/wp-content\\\/uploads\\\/2019\\\/09\\\/Rougissement-foliaire-du-\u00e0-des-toxicit\u00e9s-en-sol-acide-3.jpg\",\"alt\":\"\",\"caption\":false,\"thumb\":\"https:\\\/\\\/www.vignevin.com\\\/wp-content\\\/uploads\\\/2019\\\/09\\\/Rougissement-foliaire-du-\u00e0-des-toxicit\u00e9s-en-sol-acide-3-75x50_c.jpg\",\"meta\":{\"aperture\":\"3.3\",\"credit\":null,\"camera\":\"DMC-TZ5\",\"caption\":\"\",\"created_timestamp\":\"1279899450\",\"copyright\":null,\"focal_length\":\"4.7\",\"iso\":\"100\",\"shutter_speed\":\"0.03125\",\"title\":\"\",\"orientation\":\"1\",\"keywords\":null},\"thumbnail\":\"https:\\\/\\\/www.vignevin.com\\\/wp-content\\\/uploads\\\/2019\\\/09\\\/Rougissement-foliaire-du-\u00e0-des-toxicit\u00e9s-en-sol-acide-3-150x150.jpg\",\"medium\":\"https:\\\/\\\/www.vignevin.com\\\/wp-content\\\/uploads\\\/2019\\\/09\\\/Rougissement-foliaire-du-\u00e0-des-toxicit\u00e9s-en-sol-acide-3-300x225.jpg\",\"medium_large\":\"https:\\\/\\\/www.vignevin.com\\\/wp-content\\\/uploads\\\/2019\\\/09\\\/Rougissement-foliaire-du-\u00e0-des-toxicit\u00e9s-en-sol-acide-3-768x576.jpg\",\"large\":\"https:\\\/\\\/www.vignevin.com\\\/wp-content\\\/uploads\\\/2019\\\/09\\\/Rougissement-foliaire-du-\u00e0-des-toxicit\u00e9s-en-sol-acide-3-1024x768.jpg\",\"1536x1536\":\"https:\\\/\\\/www.vignevin.com\\\/wp-content\\\/uploads\\\/2019\\\/09\\\/Rougissement-foliaire-du-\u00e0-des-toxicit\u00e9s-en-sol-acide-3.jpg\",\"2048x2048\":\"https:\\\/\\\/www.vignevin.com\\\/wp-content\\\/uploads\\\/2019\\\/09\\\/Rougissement-foliaire-du-\u00e0-des-toxicit\u00e9s-en-sol-acide-3.jpg\",\"et-pb-post-main-image\":\"https:\\\/\\\/www.vignevin.com\\\/wp-content\\\/uploads\\\/2019\\\/09\\\/Rougissement-foliaire-du-\u00e0-des-toxicit\u00e9s-en-sol-acide-3-400x250.jpg\",\"et-pb-post-main-image-fullwidth\":\"https:\\\/\\\/www.vignevin.com\\\/wp-content\\\/uploads\\\/2019\\\/09\\\/Rougissement-foliaire-du-\u00e0-des-toxicit\u00e9s-en-sol-acide-3-1080x675.jpg\",\"et-pb-portfolio-image\":\"https:\\\/\\\/www.vignevin.com\\\/wp-content\\\/uploads\\\/2019\\\/09\\\/Rougissement-foliaire-du-\u00e0-des-toxicit\u00e9s-en-sol-acide-3-400x284.jpg\",\"et-pb-portfolio-module-image\":\"https:\\\/\\\/www.vignevin.com\\\/wp-content\\\/uploads\\\/2019\\\/09\\\/Rougissement-foliaire-du-\u00e0-des-toxicit\u00e9s-en-sol-acide-3-510x382.jpg\",\"et-pb-portfolio-image-single\":\"https:\\\/\\\/www.vignevin.com\\\/wp-content\\\/uploads\\\/2019\\\/09\\\/Rougissement-foliaire-du-\u00e0-des-toxicit\u00e9s-en-sol-acide-3-1080x810.jpg\",\"et-pb-gallery-module-image-portrait\":\"https:\\\/\\\/www.vignevin.com\\\/wp-content\\\/uploads\\\/2019\\\/09\\\/Rougissement-foliaire-du-\u00e0-des-toxicit\u00e9s-en-sol-acide-3-400x516.jpg\",\"et-pb-post-main-image-fullwidth-large\":\"https:\\\/\\\/www.vignevin.com\\\/wp-content\\\/uploads\\\/2019\\\/09\\\/Rougissement-foliaire-du-\u00e0-des-toxicit\u00e9s-en-sol-acide-3.jpg\",\"et-pb-image--responsive--desktop\":\"https:\\\/\\\/www.vignevin.com\\\/wp-content\\\/uploads\\\/2019\\\/09\\\/Rougissement-foliaire-du-\u00e0-des-toxicit\u00e9s-en-sol-acide-3.jpg\",\"et-pb-image--responsive--tablet\":\"https:\\\/\\\/www.vignevin.com\\\/wp-content\\\/uploads\\\/2019\\\/09\\\/Rougissement-foliaire-du-\u00e0-des-toxicit\u00e9s-en-sol-acide-3.jpg\",\"et-pb-image--responsive--phone\":\"https:\\\/\\\/www.vignevin.com\\\/wp-content\\\/uploads\\\/2019\\\/09\\\/Rougissement-foliaire-du-\u00e0-des-toxicit\u00e9s-en-sol-acide-3.jpg\",\"gform-image-choice-sm\":\"https:\\\/\\\/www.vignevin.com\\\/wp-content\\\/uploads\\\/2019\\\/09\\\/Rougissement-foliaire-du-\u00e0-des-toxicit\u00e9s-en-sol-acide-3.jpg\",\"gform-image-choice-md\":\"https:\\\/\\\/www.vignevin.com\\\/wp-content\\\/uploads\\\/2019\\\/09\\\/Rougissement-foliaire-du-\u00e0-des-toxicit\u00e9s-en-sol-acide-3.jpg\",\"gform-image-choice-lg\":\"https:\\\/\\\/www.vignevin.com\\\/wp-content\\\/uploads\\\/2019\\\/09\\\/Rougissement-foliaire-du-\u00e0-des-toxicit\u00e9s-en-sol-acide-3.jpg\",\"woocommerce_thumbnail\":\"https:\\\/\\\/www.vignevin.com\\\/wp-content\\\/uploads\\\/2019\\\/09\\\/Rougissement-foliaire-du-\u00e0-des-toxicit\u00e9s-en-sol-acide-3-300x300.jpg\",\"woocommerce_single\":\"https:\\\/\\\/www.vignevin.com\\\/wp-content\\\/uploads\\\/2019\\\/09\\\/Rougissement-foliaire-du-\u00e0-des-toxicit\u00e9s-en-sol-acide-3-600x450.jpg\",\"woocommerce_gallery_thumbnail\":\"https:\\\/\\\/www.vignevin.com\\\/wp-content\\\/uploads\\\/2019\\\/09\\\/Rougissement-foliaire-du-\u00e0-des-toxicit\u00e9s-en-sol-acide-3-100x100.jpg\",\"full\":\"https:\\\/\\\/www.vignevin.com\\\/wp-content\\\/uploads\\\/2019\\\/09\\\/Rougissement-foliaire-du-\u00e0-des-toxicit\u00e9s-en-sol-acide-3.jpg\",\"index\":6,\"id\":10062,\"video\":false,\"opts\":{\"caption\":\"\",\"thumb\":\"https:\\\/\\\/www.vignevin.com\\\/wp-content\\\/uploads\\\/2019\\\/09\\\/Rougissement-foliaire-du-\u00e0-des-toxicit\u00e9s-en-sol-acide-3-75x50_c.jpg\",\"title\":\"Rougissement foliaire du &amp;agrave; des toxicit&amp;eacute;s en sol acide 3\"},\"gallery_id\":17388,\"gallery_title\":\"Grapevines Deficiencies\"},\"10063\":{\"status\":\"active\",\"src\":\"https:\\\/\\\/www.vignevin.com\\\/wp-content\\\/uploads\\\/2019\\\/09\\\/Rougissement-foliaire-du-\u00e0-des-toxicit\u00e9s-en-sol-acide-4.jpg\",\"title\":\"Rougissement foliaire du &amp;agrave; des toxicit&amp;eacute;s en sol acide 4\",\"link\":\"https:\\\/\\\/www.vignevin.com\\\/wp-content\\\/uploads\\\/2019\\\/09\\\/Rougissement-foliaire-du-\u00e0-des-toxicit\u00e9s-en-sol-acide-4.jpg\",\"alt\":\"\",\"caption\":false,\"thumb\":\"https:\\\/\\\/www.vignevin.com\\\/wp-content\\\/uploads\\\/2019\\\/09\\\/Rougissement-foliaire-du-\u00e0-des-toxicit\u00e9s-en-sol-acide-4-75x50_c.jpg\",\"meta\":{\"aperture\":\"3.3\",\"credit\":null,\"camera\":\"DMC-TZ5\",\"caption\":\"\",\"created_timestamp\":\"1279899475\",\"copyright\":null,\"focal_length\":\"4.7\",\"iso\":\"100\",\"shutter_speed\":\"0.01\",\"title\":\"\",\"orientation\":\"1\",\"keywords\":null},\"thumbnail\":\"https:\\\/\\\/www.vignevin.com\\\/wp-content\\\/uploads\\\/2019\\\/09\\\/Rougissement-foliaire-du-\u00e0-des-toxicit\u00e9s-en-sol-acide-4-150x150.jpg\",\"medium\":\"https:\\\/\\\/www.vignevin.com\\\/wp-content\\\/uploads\\\/2019\\\/09\\\/Rougissement-foliaire-du-\u00e0-des-toxicit\u00e9s-en-sol-acide-4-300x225.jpg\",\"medium_large\":\"https:\\\/\\\/www.vignevin.com\\\/wp-content\\\/uploads\\\/2019\\\/09\\\/Rougissement-foliaire-du-\u00e0-des-toxicit\u00e9s-en-sol-acide-4-768x576.jpg\",\"large\":\"https:\\\/\\\/www.vignevin.com\\\/wp-content\\\/uploads\\\/2019\\\/09\\\/Rougissement-foliaire-du-\u00e0-des-toxicit\u00e9s-en-sol-acide-4-1024x768.jpg\",\"1536x1536\":\"https:\\\/\\\/www.vignevin.com\\\/wp-content\\\/uploads\\\/2019\\\/09\\\/Rougissement-foliaire-du-\u00e0-des-toxicit\u00e9s-en-sol-acide-4.jpg\",\"2048x2048\":\"https:\\\/\\\/www.vignevin.com\\\/wp-content\\\/uploads\\\/2019\\\/09\\\/Rougissement-foliaire-du-\u00e0-des-toxicit\u00e9s-en-sol-acide-4.jpg\",\"et-pb-post-main-image\":\"https:\\\/\\\/www.vignevin.com\\\/wp-content\\\/uploads\\\/2019\\\/09\\\/Rougissement-foliaire-du-\u00e0-des-toxicit\u00e9s-en-sol-acide-4-400x250.jpg\",\"et-pb-post-main-image-fullwidth\":\"https:\\\/\\\/www.vignevin.com\\\/wp-content\\\/uploads\\\/2019\\\/09\\\/Rougissement-foliaire-du-\u00e0-des-toxicit\u00e9s-en-sol-acide-4-1080x675.jpg\",\"et-pb-portfolio-image\":\"https:\\\/\\\/www.vignevin.com\\\/wp-content\\\/uploads\\\/2019\\\/09\\\/Rougissement-foliaire-du-\u00e0-des-toxicit\u00e9s-en-sol-acide-4-400x284.jpg\",\"et-pb-portfolio-module-image\":\"https:\\\/\\\/www.vignevin.com\\\/wp-content\\\/uploads\\\/2019\\\/09\\\/Rougissement-foliaire-du-\u00e0-des-toxicit\u00e9s-en-sol-acide-4-510x382.jpg\",\"et-pb-portfolio-image-single\":\"https:\\\/\\\/www.vignevin.com\\\/wp-content\\\/uploads\\\/2019\\\/09\\\/Rougissement-foliaire-du-\u00e0-des-toxicit\u00e9s-en-sol-acide-4-1080x810.jpg\",\"et-pb-gallery-module-image-portrait\":\"https:\\\/\\\/www.vignevin.com\\\/wp-content\\\/uploads\\\/2019\\\/09\\\/Rougissement-foliaire-du-\u00e0-des-toxicit\u00e9s-en-sol-acide-4-400x516.jpg\",\"et-pb-post-main-image-fullwidth-large\":\"https:\\\/\\\/www.vignevin.com\\\/wp-content\\\/uploads\\\/2019\\\/09\\\/Rougissement-foliaire-du-\u00e0-des-toxicit\u00e9s-en-sol-acide-4.jpg\",\"et-pb-image--responsive--desktop\":\"https:\\\/\\\/www.vignevin.com\\\/wp-content\\\/uploads\\\/2019\\\/09\\\/Rougissement-foliaire-du-\u00e0-des-toxicit\u00e9s-en-sol-acide-4.jpg\",\"et-pb-image--responsive--tablet\":\"https:\\\/\\\/www.vignevin.com\\\/wp-content\\\/uploads\\\/2019\\\/09\\\/Rougissement-foliaire-du-\u00e0-des-toxicit\u00e9s-en-sol-acide-4.jpg\",\"et-pb-image--responsive--phone\":\"https:\\\/\\\/www.vignevin.com\\\/wp-content\\\/uploads\\\/2019\\\/09\\\/Rougissement-foliaire-du-\u00e0-des-toxicit\u00e9s-en-sol-acide-4.jpg\",\"gform-image-choice-sm\":\"https:\\\/\\\/www.vignevin.com\\\/wp-content\\\/uploads\\\/2019\\\/09\\\/Rougissement-foliaire-du-\u00e0-des-toxicit\u00e9s-en-sol-acide-4.jpg\",\"gform-image-choice-md\":\"https:\\\/\\\/www.vignevin.com\\\/wp-content\\\/uploads\\\/2019\\\/09\\\/Rougissement-foliaire-du-\u00e0-des-toxicit\u00e9s-en-sol-acide-4.jpg\",\"gform-image-choice-lg\":\"https:\\\/\\\/www.vignevin.com\\\/wp-content\\\/uploads\\\/2019\\\/09\\\/Rougissement-foliaire-du-\u00e0-des-toxicit\u00e9s-en-sol-acide-4.jpg\",\"woocommerce_thumbnail\":\"https:\\\/\\\/www.vignevin.com\\\/wp-content\\\/uploads\\\/2019\\\/09\\\/Rougissement-foliaire-du-\u00e0-des-toxicit\u00e9s-en-sol-acide-4-300x300.jpg\",\"woocommerce_single\":\"https:\\\/\\\/www.vignevin.com\\\/wp-content\\\/uploads\\\/2019\\\/09\\\/Rougissement-foliaire-du-\u00e0-des-toxicit\u00e9s-en-sol-acide-4-600x450.jpg\",\"woocommerce_gallery_thumbnail\":\"https:\\\/\\\/www.vignevin.com\\\/wp-content\\\/uploads\\\/2019\\\/09\\\/Rougissement-foliaire-du-\u00e0-des-toxicit\u00e9s-en-sol-acide-4-100x100.jpg\",\"full\":\"https:\\\/\\\/www.vignevin.com\\\/wp-content\\\/uploads\\\/2019\\\/09\\\/Rougissement-foliaire-du-\u00e0-des-toxicit\u00e9s-en-sol-acide-4.jpg\",\"index\":7,\"id\":10063,\"video\":false,\"opts\":{\"caption\":\"\",\"thumb\":\"https:\\\/\\\/www.vignevin.com\\\/wp-content\\\/uploads\\\/2019\\\/09\\\/Rougissement-foliaire-du-\u00e0-des-toxicit\u00e9s-en-sol-acide-4-75x50_c.jpg\",\"title\":\"Rougissement foliaire du &amp;agrave; des toxicit&amp;eacute;s en sol acide 4\"},\"gallery_id\":17388,\"gallery_title\":\"Grapevines Deficiencies\"},\"10064\":{\"status\":\"active\",\"src\":\"https:\\\/\\\/www.vignevin.com\\\/wp-content\\\/uploads\\\/2019\\\/09\\\/Rougissement-foliaire-du-\u00e0-des-toxicit\u00e9s-en-sol-acide.jpg\",\"title\":\"Rougissement foliaire du &amp;agrave; des toxicit&amp;eacute;s en sol acide\",\"link\":\"https:\\\/\\\/www.vignevin.com\\\/wp-content\\\/uploads\\\/2019\\\/09\\\/Rougissement-foliaire-du-\u00e0-des-toxicit\u00e9s-en-sol-acide.jpg\",\"alt\":\"\",\"caption\":false,\"thumb\":\"https:\\\/\\\/www.vignevin.com\\\/wp-content\\\/uploads\\\/2019\\\/09\\\/Rougissement-foliaire-du-\u00e0-des-toxicit\u00e9s-en-sol-acide-75x50_c.jpg\",\"meta\":{\"aperture\":\"4\",\"credit\":null,\"camera\":\"DMC-TZ10\",\"caption\":\"\",\"created_timestamp\":\"1276763190\",\"copyright\":null,\"focal_length\":\"4.1\",\"iso\":\"80\",\"shutter_speed\":\"0.01\",\"title\":\"\",\"orientation\":\"1\",\"keywords\":null},\"thumbnail\":\"https:\\\/\\\/www.vignevin.com\\\/wp-content\\\/uploads\\\/2019\\\/09\\\/Rougissement-foliaire-du-\u00e0-des-toxicit\u00e9s-en-sol-acide-150x150.jpg\",\"medium\":\"https:\\\/\\\/www.vignevin.com\\\/wp-content\\\/uploads\\\/2019\\\/09\\\/Rougissement-foliaire-du-\u00e0-des-toxicit\u00e9s-en-sol-acide-300x225.jpg\",\"medium_large\":\"https:\\\/\\\/www.vignevin.com\\\/wp-content\\\/uploads\\\/2019\\\/09\\\/Rougissement-foliaire-du-\u00e0-des-toxicit\u00e9s-en-sol-acide-768x576.jpg\",\"large\":\"https:\\\/\\\/www.vignevin.com\\\/wp-content\\\/uploads\\\/2019\\\/09\\\/Rougissement-foliaire-du-\u00e0-des-toxicit\u00e9s-en-sol-acide-1024x768.jpg\",\"1536x1536\":\"https:\\\/\\\/www.vignevin.com\\\/wp-content\\\/uploads\\\/2019\\\/09\\\/Rougissement-foliaire-du-\u00e0-des-toxicit\u00e9s-en-sol-acide.jpg\",\"2048x2048\":\"https:\\\/\\\/www.vignevin.com\\\/wp-content\\\/uploads\\\/2019\\\/09\\\/Rougissement-foliaire-du-\u00e0-des-toxicit\u00e9s-en-sol-acide.jpg\",\"et-pb-post-main-image\":\"https:\\\/\\\/www.vignevin.com\\\/wp-content\\\/uploads\\\/2019\\\/09\\\/Rougissement-foliaire-du-\u00e0-des-toxicit\u00e9s-en-sol-acide-400x250.jpg\",\"et-pb-post-main-image-fullwidth\":\"https:\\\/\\\/www.vignevin.com\\\/wp-content\\\/uploads\\\/2019\\\/09\\\/Rougissement-foliaire-du-\u00e0-des-toxicit\u00e9s-en-sol-acide-1080x675.jpg\",\"et-pb-portfolio-image\":\"https:\\\/\\\/www.vignevin.com\\\/wp-content\\\/uploads\\\/2019\\\/09\\\/Rougissement-foliaire-du-\u00e0-des-toxicit\u00e9s-en-sol-acide-400x284.jpg\",\"et-pb-portfolio-module-image\":\"https:\\\/\\\/www.vignevin.com\\\/wp-content\\\/uploads\\\/2019\\\/09\\\/Rougissement-foliaire-du-\u00e0-des-toxicit\u00e9s-en-sol-acide-510x382.jpg\",\"et-pb-portfolio-image-single\":\"https:\\\/\\\/www.vignevin.com\\\/wp-content\\\/uploads\\\/2019\\\/09\\\/Rougissement-foliaire-du-\u00e0-des-toxicit\u00e9s-en-sol-acide-1080x810.jpg\",\"et-pb-gallery-module-image-portrait\":\"https:\\\/\\\/www.vignevin.com\\\/wp-content\\\/uploads\\\/2019\\\/09\\\/Rougissement-foliaire-du-\u00e0-des-toxicit\u00e9s-en-sol-acide-400x516.jpg\",\"et-pb-post-main-image-fullwidth-large\":\"https:\\\/\\\/www.vignevin.com\\\/wp-content\\\/uploads\\\/2019\\\/09\\\/Rougissement-foliaire-du-\u00e0-des-toxicit\u00e9s-en-sol-acide-2560x1800.jpg\",\"et-pb-image--responsive--desktop\":\"https:\\\/\\\/www.vignevin.com\\\/wp-content\\\/uploads\\\/2019\\\/09\\\/Rougissement-foliaire-du-\u00e0-des-toxicit\u00e9s-en-sol-acide.jpg\",\"et-pb-image--responsive--tablet\":\"https:\\\/\\\/www.vignevin.com\\\/wp-content\\\/uploads\\\/2019\\\/09\\\/Rougissement-foliaire-du-\u00e0-des-toxicit\u00e9s-en-sol-acide.jpg\",\"et-pb-image--responsive--phone\":\"https:\\\/\\\/www.vignevin.com\\\/wp-content\\\/uploads\\\/2019\\\/09\\\/Rougissement-foliaire-du-\u00e0-des-toxicit\u00e9s-en-sol-acide.jpg\",\"gform-image-choice-sm\":\"https:\\\/\\\/www.vignevin.com\\\/wp-content\\\/uploads\\\/2019\\\/09\\\/Rougissement-foliaire-du-\u00e0-des-toxicit\u00e9s-en-sol-acide.jpg\",\"gform-image-choice-md\":\"https:\\\/\\\/www.vignevin.com\\\/wp-content\\\/uploads\\\/2019\\\/09\\\/Rougissement-foliaire-du-\u00e0-des-toxicit\u00e9s-en-sol-acide.jpg\",\"gform-image-choice-lg\":\"https:\\\/\\\/www.vignevin.com\\\/wp-content\\\/uploads\\\/2019\\\/09\\\/Rougissement-foliaire-du-\u00e0-des-toxicit\u00e9s-en-sol-acide.jpg\",\"woocommerce_thumbnail\":\"https:\\\/\\\/www.vignevin.com\\\/wp-content\\\/uploads\\\/2019\\\/09\\\/Rougissement-foliaire-du-\u00e0-des-toxicit\u00e9s-en-sol-acide-300x300.jpg\",\"woocommerce_single\":\"https:\\\/\\\/www.vignevin.com\\\/wp-content\\\/uploads\\\/2019\\\/09\\\/Rougissement-foliaire-du-\u00e0-des-toxicit\u00e9s-en-sol-acide-600x450.jpg\",\"woocommerce_gallery_thumbnail\":\"https:\\\/\\\/www.vignevin.com\\\/wp-content\\\/uploads\\\/2019\\\/09\\\/Rougissement-foliaire-du-\u00e0-des-toxicit\u00e9s-en-sol-acide-100x100.jpg\",\"full\":\"https:\\\/\\\/www.vignevin.com\\\/wp-content\\\/uploads\\\/2019\\\/09\\\/Rougissement-foliaire-du-\u00e0-des-toxicit\u00e9s-en-sol-acide.jpg\",\"index\":8,\"id\":10064,\"video\":false,\"opts\":{\"caption\":\"\",\"thumb\":\"https:\\\/\\\/www.vignevin.com\\\/wp-content\\\/uploads\\\/2019\\\/09\\\/Rougissement-foliaire-du-\u00e0-des-toxicit\u00e9s-en-sol-acide-75x50_c.jpg\",\"title\":\"Rougissement foliaire du &amp;agrave; des toxicit&amp;eacute;s en sol acide\"},\"gallery_id\":17388,\"gallery_title\":\"Grapevines Deficiencies\"},\"10065\":{\"status\":\"active\",\"src\":\"https:\\\/\\\/www.vignevin.com\\\/wp-content\\\/uploads\\\/2019\\\/09\\\/Sympt\u00f4mes-dasphyxie-racinaire-2-scaled.jpg\",\"title\":\"Sympt&amp;ocirc;mes d&amp;amp;rsquo;asphyxie racinaire 2\",\"link\":\"https:\\\/\\\/www.vignevin.com\\\/wp-content\\\/uploads\\\/2019\\\/09\\\/Sympt\u00f4mes-dasphyxie-racinaire-2.jpg\",\"alt\":\"\",\"caption\":false,\"thumb\":\"https:\\\/\\\/www.vignevin.com\\\/wp-content\\\/uploads\\\/2019\\\/09\\\/Sympt\u00f4mes-dasphyxie-racinaire-2-scaled-75x50_c.jpg\",\"meta\":{\"aperture\":\"5.6\",\"credit\":null,\"camera\":\"DMC-LX2\",\"caption\":\"\",\"created_timestamp\":\"1215690179\",\"copyright\":null,\"focal_length\":\"8\",\"iso\":\"100\",\"shutter_speed\":\"0.004\",\"title\":\"\",\"orientation\":\"1\",\"keywords\":null},\"thumbnail\":\"https:\\\/\\\/www.vignevin.com\\\/wp-content\\\/uploads\\\/2019\\\/09\\\/Sympt\u00f4mes-dasphyxie-racinaire-2-150x150.jpg\",\"medium\":\"https:\\\/\\\/www.vignevin.com\\\/wp-content\\\/uploads\\\/2019\\\/09\\\/Sympt\u00f4mes-dasphyxie-racinaire-2-300x169.jpg\",\"medium_large\":\"https:\\\/\\\/www.vignevin.com\\\/wp-content\\\/uploads\\\/2019\\\/09\\\/Sympt\u00f4mes-dasphyxie-racinaire-2-768x432.jpg\",\"large\":\"https:\\\/\\\/www.vignevin.com\\\/wp-content\\\/uploads\\\/2019\\\/09\\\/Sympt\u00f4mes-dasphyxie-racinaire-2-1024x576.jpg\",\"1536x1536\":\"https:\\\/\\\/www.vignevin.com\\\/wp-content\\\/uploads\\\/2019\\\/09\\\/Sympt\u00f4mes-dasphyxie-racinaire-2-scaled.jpg\",\"2048x2048\":\"https:\\\/\\\/www.vignevin.com\\\/wp-content\\\/uploads\\\/2019\\\/09\\\/Sympt\u00f4mes-dasphyxie-racinaire-2-scaled.jpg\",\"et-pb-post-main-image\":\"https:\\\/\\\/www.vignevin.com\\\/wp-content\\\/uploads\\\/2019\\\/09\\\/Sympt\u00f4mes-dasphyxie-racinaire-2-400x250.jpg\",\"et-pb-post-main-image-fullwidth\":\"https:\\\/\\\/www.vignevin.com\\\/wp-content\\\/uploads\\\/2019\\\/09\\\/Sympt\u00f4mes-dasphyxie-racinaire-2-1080x675.jpg\",\"et-pb-portfolio-image\":\"https:\\\/\\\/www.vignevin.com\\\/wp-content\\\/uploads\\\/2019\\\/09\\\/Sympt\u00f4mes-dasphyxie-racinaire-2-400x284.jpg\",\"et-pb-portfolio-module-image\":\"https:\\\/\\\/www.vignevin.com\\\/wp-content\\\/uploads\\\/2019\\\/09\\\/Sympt\u00f4mes-dasphyxie-racinaire-2-510x382.jpg\",\"et-pb-portfolio-image-single\":\"https:\\\/\\\/www.vignevin.com\\\/wp-content\\\/uploads\\\/2019\\\/09\\\/Sympt\u00f4mes-dasphyxie-racinaire-2-1080x608.jpg\",\"et-pb-gallery-module-image-portrait\":\"https:\\\/\\\/www.vignevin.com\\\/wp-content\\\/uploads\\\/2019\\\/09\\\/Sympt\u00f4mes-dasphyxie-racinaire-2-400x516.jpg\",\"et-pb-post-main-image-fullwidth-large\":\"https:\\\/\\\/www.vignevin.com\\\/wp-content\\\/uploads\\\/2019\\\/09\\\/Sympt\u00f4mes-dasphyxie-racinaire-2-2880x1800.jpg\",\"et-pb-image--responsive--desktop\":\"https:\\\/\\\/www.vignevin.com\\\/wp-content\\\/uploads\\\/2019\\\/09\\\/Sympt\u00f4mes-dasphyxie-racinaire-2-scaled.jpg\",\"et-pb-image--responsive--tablet\":\"https:\\\/\\\/www.vignevin.com\\\/wp-content\\\/uploads\\\/2019\\\/09\\\/Sympt\u00f4mes-dasphyxie-racinaire-2-scaled.jpg\",\"et-pb-image--responsive--phone\":\"https:\\\/\\\/www.vignevin.com\\\/wp-content\\\/uploads\\\/2019\\\/09\\\/Sympt\u00f4mes-dasphyxie-racinaire-2-scaled.jpg\",\"gform-image-choice-sm\":\"https:\\\/\\\/www.vignevin.com\\\/wp-content\\\/uploads\\\/2019\\\/09\\\/Sympt\u00f4mes-dasphyxie-racinaire-2-scaled.jpg\",\"gform-image-choice-md\":\"https:\\\/\\\/www.vignevin.com\\\/wp-content\\\/uploads\\\/2019\\\/09\\\/Sympt\u00f4mes-dasphyxie-racinaire-2-scaled.jpg\",\"gform-image-choice-lg\":\"https:\\\/\\\/www.vignevin.com\\\/wp-content\\\/uploads\\\/2019\\\/09\\\/Sympt\u00f4mes-dasphyxie-racinaire-2-scaled.jpg\",\"woocommerce_thumbnail\":\"https:\\\/\\\/www.vignevin.com\\\/wp-content\\\/uploads\\\/2019\\\/09\\\/Sympt\u00f4mes-dasphyxie-racinaire-2-scaled-300x300.jpg\",\"woocommerce_single\":\"https:\\\/\\\/www.vignevin.com\\\/wp-content\\\/uploads\\\/2019\\\/09\\\/Sympt\u00f4mes-dasphyxie-racinaire-2-scaled-600x338.jpg\",\"woocommerce_gallery_thumbnail\":\"https:\\\/\\\/www.vignevin.com\\\/wp-content\\\/uploads\\\/2019\\\/09\\\/Sympt\u00f4mes-dasphyxie-racinaire-2-scaled-100x100.jpg\",\"full\":\"https:\\\/\\\/www.vignevin.com\\\/wp-content\\\/uploads\\\/2019\\\/09\\\/Sympt\u00f4mes-dasphyxie-racinaire-2-scaled.jpg\",\"index\":9,\"id\":10065,\"video\":false,\"opts\":{\"caption\":\"\",\"thumb\":\"https:\\\/\\\/www.vignevin.com\\\/wp-content\\\/uploads\\\/2019\\\/09\\\/Sympt\u00f4mes-dasphyxie-racinaire-2-scaled-75x50_c.jpg\",\"title\":\"Sympt&amp;ocirc;mes d&amp;amp;rsquo;asphyxie racinaire 2\"},\"gallery_id\":17388,\"gallery_title\":\"Grapevines Deficiencies\"},\"10066\":{\"status\":\"active\",\"src\":\"https:\\\/\\\/www.vignevin.com\\\/wp-content\\\/uploads\\\/2019\\\/09\\\/Sympt\u00f4mes-dasphyxie-racinaire-scaled.jpg\",\"title\":\"Sympt&amp;ocirc;mes d&amp;amp;rsquo;asphyxie racinaire\",\"link\":\"https:\\\/\\\/www.vignevin.com\\\/wp-content\\\/uploads\\\/2019\\\/09\\\/Sympt\u00f4mes-dasphyxie-racinaire.jpg\",\"alt\":\"\",\"caption\":false,\"thumb\":\"https:\\\/\\\/www.vignevin.com\\\/wp-content\\\/uploads\\\/2019\\\/09\\\/Sympt\u00f4mes-dasphyxie-racinaire-scaled-75x50_c.jpg\",\"meta\":{\"aperture\":\"4.9\",\"credit\":null,\"camera\":\"DMC-LX2\",\"caption\":\"\",\"created_timestamp\":\"1215690089\",\"copyright\":null,\"focal_length\":\"6.3\",\"iso\":\"100\",\"shutter_speed\":\"0.005\",\"title\":\"\",\"orientation\":\"1\",\"keywords\":null},\"thumbnail\":\"https:\\\/\\\/www.vignevin.com\\\/wp-content\\\/uploads\\\/2019\\\/09\\\/Sympt\u00f4mes-dasphyxie-racinaire-150x150.jpg\",\"medium\":\"https:\\\/\\\/www.vignevin.com\\\/wp-content\\\/uploads\\\/2019\\\/09\\\/Sympt\u00f4mes-dasphyxie-racinaire-300x169.jpg\",\"medium_large\":\"https:\\\/\\\/www.vignevin.com\\\/wp-content\\\/uploads\\\/2019\\\/09\\\/Sympt\u00f4mes-dasphyxie-racinaire-768x432.jpg\",\"large\":\"https:\\\/\\\/www.vignevin.com\\\/wp-content\\\/uploads\\\/2019\\\/09\\\/Sympt\u00f4mes-dasphyxie-racinaire-1024x576.jpg\",\"1536x1536\":\"https:\\\/\\\/www.vignevin.com\\\/wp-content\\\/uploads\\\/2019\\\/09\\\/Sympt\u00f4mes-dasphyxie-racinaire-scaled.jpg\",\"2048x2048\":\"https:\\\/\\\/www.vignevin.com\\\/wp-content\\\/uploads\\\/2019\\\/09\\\/Sympt\u00f4mes-dasphyxie-racinaire-scaled.jpg\",\"et-pb-post-main-image\":\"https:\\\/\\\/www.vignevin.com\\\/wp-content\\\/uploads\\\/2019\\\/09\\\/Sympt\u00f4mes-dasphyxie-racinaire-400x250.jpg\",\"et-pb-post-main-image-fullwidth\":\"https:\\\/\\\/www.vignevin.com\\\/wp-content\\\/uploads\\\/2019\\\/09\\\/Sympt\u00f4mes-dasphyxie-racinaire-1080x675.jpg\",\"et-pb-portfolio-image\":\"https:\\\/\\\/www.vignevin.com\\\/wp-content\\\/uploads\\\/2019\\\/09\\\/Sympt\u00f4mes-dasphyxie-racinaire-400x284.jpg\",\"et-pb-portfolio-module-image\":\"https:\\\/\\\/www.vignevin.com\\\/wp-content\\\/uploads\\\/2019\\\/09\\\/Sympt\u00f4mes-dasphyxie-racinaire-510x382.jpg\",\"et-pb-portfolio-image-single\":\"https:\\\/\\\/www.vignevin.com\\\/wp-content\\\/uploads\\\/2019\\\/09\\\/Sympt\u00f4mes-dasphyxie-racinaire-1080x608.jpg\",\"et-pb-gallery-module-image-portrait\":\"https:\\\/\\\/www.vignevin.com\\\/wp-content\\\/uploads\\\/2019\\\/09\\\/Sympt\u00f4mes-dasphyxie-racinaire-400x516.jpg\",\"et-pb-post-main-image-fullwidth-large\":\"https:\\\/\\\/www.vignevin.com\\\/wp-content\\\/uploads\\\/2019\\\/09\\\/Sympt\u00f4mes-dasphyxie-racinaire-2880x1800.jpg\",\"et-pb-image--responsive--desktop\":\"https:\\\/\\\/www.vignevin.com\\\/wp-content\\\/uploads\\\/2019\\\/09\\\/Sympt\u00f4mes-dasphyxie-racinaire-scaled.jpg\",\"et-pb-image--responsive--tablet\":\"https:\\\/\\\/www.vignevin.com\\\/wp-content\\\/uploads\\\/2019\\\/09\\\/Sympt\u00f4mes-dasphyxie-racinaire-scaled.jpg\",\"et-pb-image--responsive--phone\":\"https:\\\/\\\/www.vignevin.com\\\/wp-content\\\/uploads\\\/2019\\\/09\\\/Sympt\u00f4mes-dasphyxie-racinaire-scaled.jpg\",\"gform-image-choice-sm\":\"https:\\\/\\\/www.vignevin.com\\\/wp-content\\\/uploads\\\/2019\\\/09\\\/Sympt\u00f4mes-dasphyxie-racinaire-scaled.jpg\",\"gform-image-choice-md\":\"https:\\\/\\\/www.vignevin.com\\\/wp-content\\\/uploads\\\/2019\\\/09\\\/Sympt\u00f4mes-dasphyxie-racinaire-scaled.jpg\",\"gform-image-choice-lg\":\"https:\\\/\\\/www.vignevin.com\\\/wp-content\\\/uploads\\\/2019\\\/09\\\/Sympt\u00f4mes-dasphyxie-racinaire-scaled.jpg\",\"woocommerce_thumbnail\":\"https:\\\/\\\/www.vignevin.com\\\/wp-content\\\/uploads\\\/2019\\\/09\\\/Sympt\u00f4mes-dasphyxie-racinaire-scaled-300x300.jpg\",\"woocommerce_single\":\"https:\\\/\\\/www.vignevin.com\\\/wp-content\\\/uploads\\\/2019\\\/09\\\/Sympt\u00f4mes-dasphyxie-racinaire-scaled-600x338.jpg\",\"woocommerce_gallery_thumbnail\":\"https:\\\/\\\/www.vignevin.com\\\/wp-content\\\/uploads\\\/2019\\\/09\\\/Sympt\u00f4mes-dasphyxie-racinaire-scaled-100x100.jpg\",\"full\":\"https:\\\/\\\/www.vignevin.com\\\/wp-content\\\/uploads\\\/2019\\\/09\\\/Sympt\u00f4mes-dasphyxie-racinaire-scaled.jpg\",\"index\":10,\"id\":10066,\"video\":false,\"opts\":{\"caption\":\"\",\"thumb\":\"https:\\\/\\\/www.vignevin.com\\\/wp-content\\\/uploads\\\/2019\\\/09\\\/Sympt\u00f4mes-dasphyxie-racinaire-scaled-75x50_c.jpg\",\"title\":\"Sympt&amp;ocirc;mes d&amp;amp;rsquo;asphyxie racinaire\"},\"gallery_id\":17388,\"gallery_title\":\"Grapevines Deficiencies\"},\"10067\":{\"status\":\"active\",\"src\":\"https:\\\/\\\/www.vignevin.com\\\/wp-content\\\/uploads\\\/2019\\\/09\\\/Sympt\u00f4mes-de-carence-en-bore-2.jpg\",\"title\":\"Sympt&amp;ocirc;mes de carence en bore (2)\",\"link\":\"https:\\\/\\\/www.vignevin.com\\\/wp-content\\\/uploads\\\/2019\\\/09\\\/Sympt\u00f4mes-de-carence-en-bore-2.jpg\",\"alt\":\"\",\"caption\":false,\"thumb\":\"https:\\\/\\\/www.vignevin.com\\\/wp-content\\\/uploads\\\/2019\\\/09\\\/Sympt\u00f4mes-de-carence-en-bore-2-75x50_c.jpg\",\"meta\":{\"aperture\":null,\"credit\":null,\"camera\":null,\"caption\":\"\",\"created_timestamp\":null,\"copyright\":null,\"focal_length\":null,\"iso\":null,\"shutter_speed\":null,\"title\":\"\",\"orientation\":null,\"keywords\":null},\"thumbnail\":\"https:\\\/\\\/www.vignevin.com\\\/wp-content\\\/uploads\\\/2019\\\/09\\\/Sympt\u00f4mes-de-carence-en-bore-2-150x150.jpg\",\"medium\":\"https:\\\/\\\/www.vignevin.com\\\/wp-content\\\/uploads\\\/2019\\\/09\\\/Sympt\u00f4mes-de-carence-en-bore-2-300x220.jpg\",\"medium_large\":\"https:\\\/\\\/www.vignevin.com\\\/wp-content\\\/uploads\\\/2019\\\/09\\\/Sympt\u00f4mes-de-carence-en-bore-2.jpg\",\"large\":\"https:\\\/\\\/www.vignevin.com\\\/wp-content\\\/uploads\\\/2019\\\/09\\\/Sympt\u00f4mes-de-carence-en-bore-2.jpg\",\"1536x1536\":\"https:\\\/\\\/www.vignevin.com\\\/wp-content\\\/uploads\\\/2019\\\/09\\\/Sympt\u00f4mes-de-carence-en-bore-2.jpg\",\"2048x2048\":\"https:\\\/\\\/www.vignevin.com\\\/wp-content\\\/uploads\\\/2019\\\/09\\\/Sympt\u00f4mes-de-carence-en-bore-2.jpg\",\"et-pb-post-main-image\":\"https:\\\/\\\/www.vignevin.com\\\/wp-content\\\/uploads\\\/2019\\\/09\\\/Sympt\u00f4mes-de-carence-en-bore-2-400x250.jpg\",\"et-pb-post-main-image-fullwidth\":\"https:\\\/\\\/www.vignevin.com\\\/wp-content\\\/uploads\\\/2019\\\/09\\\/Sympt\u00f4mes-de-carence-en-bore-2.jpg\",\"et-pb-portfolio-image\":\"https:\\\/\\\/www.vignevin.com\\\/wp-content\\\/uploads\\\/2019\\\/09\\\/Sympt\u00f4mes-de-carence-en-bore-2-400x284.jpg\",\"et-pb-portfolio-module-image\":\"https:\\\/\\\/www.vignevin.com\\\/wp-content\\\/uploads\\\/2019\\\/09\\\/Sympt\u00f4mes-de-carence-en-bore-2.jpg\",\"et-pb-portfolio-image-single\":\"https:\\\/\\\/www.vignevin.com\\\/wp-content\\\/uploads\\\/2019\\\/09\\\/Sympt\u00f4mes-de-carence-en-bore-2.jpg\",\"et-pb-gallery-module-image-portrait\":\"https:\\\/\\\/www.vignevin.com\\\/wp-content\\\/uploads\\\/2019\\\/09\\\/Sympt\u00f4mes-de-carence-en-bore-2-400x298.jpg\",\"et-pb-post-main-image-fullwidth-large\":\"https:\\\/\\\/www.vignevin.com\\\/wp-content\\\/uploads\\\/2019\\\/09\\\/Sympt\u00f4mes-de-carence-en-bore-2.jpg\",\"et-pb-image--responsive--desktop\":\"https:\\\/\\\/www.vignevin.com\\\/wp-content\\\/uploads\\\/2019\\\/09\\\/Sympt\u00f4mes-de-carence-en-bore-2.jpg\",\"et-pb-image--responsive--tablet\":\"https:\\\/\\\/www.vignevin.com\\\/wp-content\\\/uploads\\\/2019\\\/09\\\/Sympt\u00f4mes-de-carence-en-bore-2.jpg\",\"et-pb-image--responsive--phone\":\"https:\\\/\\\/www.vignevin.com\\\/wp-content\\\/uploads\\\/2019\\\/09\\\/Sympt\u00f4mes-de-carence-en-bore-2.jpg\",\"gform-image-choice-sm\":\"https:\\\/\\\/www.vignevin.com\\\/wp-content\\\/uploads\\\/2019\\\/09\\\/Sympt\u00f4mes-de-carence-en-bore-2.jpg\",\"gform-image-choice-md\":\"https:\\\/\\\/www.vignevin.com\\\/wp-content\\\/uploads\\\/2019\\\/09\\\/Sympt\u00f4mes-de-carence-en-bore-2.jpg\",\"gform-image-choice-lg\":\"https:\\\/\\\/www.vignevin.com\\\/wp-content\\\/uploads\\\/2019\\\/09\\\/Sympt\u00f4mes-de-carence-en-bore-2.jpg\",\"woocommerce_thumbnail\":\"https:\\\/\\\/www.vignevin.com\\\/wp-content\\\/uploads\\\/2019\\\/09\\\/Sympt\u00f4mes-de-carence-en-bore-2-300x298.jpg\",\"woocommerce_single\":\"https:\\\/\\\/www.vignevin.com\\\/wp-content\\\/uploads\\\/2019\\\/09\\\/Sympt\u00f4mes-de-carence-en-bore-2.jpg\",\"woocommerce_gallery_thumbnail\":\"https:\\\/\\\/www.vignevin.com\\\/wp-content\\\/uploads\\\/2019\\\/09\\\/Sympt\u00f4mes-de-carence-en-bore-2-100x100.jpg\",\"full\":\"https:\\\/\\\/www.vignevin.com\\\/wp-content\\\/uploads\\\/2019\\\/09\\\/Sympt\u00f4mes-de-carence-en-bore-2.jpg\",\"index\":11,\"id\":10067,\"video\":false,\"opts\":{\"caption\":\"\",\"thumb\":\"https:\\\/\\\/www.vignevin.com\\\/wp-content\\\/uploads\\\/2019\\\/09\\\/Sympt\u00f4mes-de-carence-en-bore-2-75x50_c.jpg\",\"title\":\"Sympt&amp;ocirc;mes de carence en bore (2)\"},\"gallery_id\":17388,\"gallery_title\":\"Grapevines Deficiencies\"},\"10068\":{\"status\":\"active\",\"src\":\"https:\\\/\\\/www.vignevin.com\\\/wp-content\\\/uploads\\\/2019\\\/09\\\/Sympt\u00f4mes-de-carence-en-bore-3-scaled.jpg\",\"title\":\"Sympt&amp;ocirc;mes de carence en bore (3)\",\"link\":\"https:\\\/\\\/www.vignevin.com\\\/wp-content\\\/uploads\\\/2019\\\/09\\\/Sympt\u00f4mes-de-carence-en-bore-3.jpg\",\"alt\":\"\",\"caption\":false,\"thumb\":\"https:\\\/\\\/www.vignevin.com\\\/wp-content\\\/uploads\\\/2019\\\/09\\\/Sympt\u00f4mes-de-carence-en-bore-3-scaled-75x50_c.jpg\",\"meta\":{\"aperture\":\"2.4\",\"credit\":null,\"camera\":\"iPhone 5\",\"caption\":\"\",\"created_timestamp\":\"1411049600\",\"copyright\":null,\"focal_length\":\"4.12\",\"iso\":\"50\",\"shutter_speed\":\"0.0015503875968992\",\"title\":\"\",\"orientation\":\"1\",\"keywords\":null},\"thumbnail\":\"https:\\\/\\\/www.vignevin.com\\\/wp-content\\\/uploads\\\/2019\\\/09\\\/Sympt\u00f4mes-de-carence-en-bore-3-150x150.jpg\",\"medium\":\"https:\\\/\\\/www.vignevin.com\\\/wp-content\\\/uploads\\\/2019\\\/09\\\/Sympt\u00f4mes-de-carence-en-bore-3-225x300.jpg\",\"medium_large\":\"https:\\\/\\\/www.vignevin.com\\\/wp-content\\\/uploads\\\/2019\\\/09\\\/Sympt\u00f4mes-de-carence-en-bore-3-768x1024.jpg\",\"large\":\"https:\\\/\\\/www.vignevin.com\\\/wp-content\\\/uploads\\\/2019\\\/09\\\/Sympt\u00f4mes-de-carence-en-bore-3-768x1024.jpg\",\"1536x1536\":\"https:\\\/\\\/www.vignevin.com\\\/wp-content\\\/uploads\\\/2019\\\/09\\\/Sympt\u00f4mes-de-carence-en-bore-3-scaled.jpg\",\"2048x2048\":\"https:\\\/\\\/www.vignevin.com\\\/wp-content\\\/uploads\\\/2019\\\/09\\\/Sympt\u00f4mes-de-carence-en-bore-3-scaled.jpg\",\"et-pb-post-main-image\":\"https:\\\/\\\/www.vignevin.com\\\/wp-content\\\/uploads\\\/2019\\\/09\\\/Sympt\u00f4mes-de-carence-en-bore-3-400x250.jpg\",\"et-pb-post-main-image-fullwidth\":\"https:\\\/\\\/www.vignevin.com\\\/wp-content\\\/uploads\\\/2019\\\/09\\\/Sympt\u00f4mes-de-carence-en-bore-3-1080x675.jpg\",\"et-pb-portfolio-image\":\"https:\\\/\\\/www.vignevin.com\\\/wp-content\\\/uploads\\\/2019\\\/09\\\/Sympt\u00f4mes-de-carence-en-bore-3-400x284.jpg\",\"et-pb-portfolio-module-image\":\"https:\\\/\\\/www.vignevin.com\\\/wp-content\\\/uploads\\\/2019\\\/09\\\/Sympt\u00f4mes-de-carence-en-bore-3-510x382.jpg\",\"et-pb-portfolio-image-single\":\"https:\\\/\\\/www.vignevin.com\\\/wp-content\\\/uploads\\\/2019\\\/09\\\/Sympt\u00f4mes-de-carence-en-bore-3-1080x1440.jpg\",\"et-pb-gallery-module-image-portrait\":\"https:\\\/\\\/www.vignevin.com\\\/wp-content\\\/uploads\\\/2019\\\/09\\\/Sympt\u00f4mes-de-carence-en-bore-3-400x516.jpg\",\"et-pb-post-main-image-fullwidth-large\":\"https:\\\/\\\/www.vignevin.com\\\/wp-content\\\/uploads\\\/2019\\\/09\\\/Sympt\u00f4mes-de-carence-en-bore-3-2448x1800.jpg\",\"et-pb-image--responsive--desktop\":\"https:\\\/\\\/www.vignevin.com\\\/wp-content\\\/uploads\\\/2019\\\/09\\\/Sympt\u00f4mes-de-carence-en-bore-3-scaled.jpg\",\"et-pb-image--responsive--tablet\":\"https:\\\/\\\/www.vignevin.com\\\/wp-content\\\/uploads\\\/2019\\\/09\\\/Sympt\u00f4mes-de-carence-en-bore-3-scaled.jpg\",\"et-pb-image--responsive--phone\":\"https:\\\/\\\/www.vignevin.com\\\/wp-content\\\/uploads\\\/2019\\\/09\\\/Sympt\u00f4mes-de-carence-en-bore-3-scaled.jpg\",\"gform-image-choice-sm\":\"https:\\\/\\\/www.vignevin.com\\\/wp-content\\\/uploads\\\/2019\\\/09\\\/Sympt\u00f4mes-de-carence-en-bore-3-scaled.jpg\",\"gform-image-choice-md\":\"https:\\\/\\\/www.vignevin.com\\\/wp-content\\\/uploads\\\/2019\\\/09\\\/Sympt\u00f4mes-de-carence-en-bore-3-scaled.jpg\",\"gform-image-choice-lg\":\"https:\\\/\\\/www.vignevin.com\\\/wp-content\\\/uploads\\\/2019\\\/09\\\/Sympt\u00f4mes-de-carence-en-bore-3-scaled.jpg\",\"woocommerce_thumbnail\":\"https:\\\/\\\/www.vignevin.com\\\/wp-content\\\/uploads\\\/2019\\\/09\\\/Sympt\u00f4mes-de-carence-en-bore-3-scaled-300x300.jpg\",\"woocommerce_single\":\"https:\\\/\\\/www.vignevin.com\\\/wp-content\\\/uploads\\\/2019\\\/09\\\/Sympt\u00f4mes-de-carence-en-bore-3-scaled-600x800.jpg\",\"woocommerce_gallery_thumbnail\":\"https:\\\/\\\/www.vignevin.com\\\/wp-content\\\/uploads\\\/2019\\\/09\\\/Sympt\u00f4mes-de-carence-en-bore-3-scaled-100x100.jpg\",\"full\":\"https:\\\/\\\/www.vignevin.com\\\/wp-content\\\/uploads\\\/2019\\\/09\\\/Sympt\u00f4mes-de-carence-en-bore-3-scaled.jpg\",\"index\":12,\"id\":10068,\"video\":false,\"opts\":{\"caption\":\"\",\"thumb\":\"https:\\\/\\\/www.vignevin.com\\\/wp-content\\\/uploads\\\/2019\\\/09\\\/Sympt\u00f4mes-de-carence-en-bore-3-scaled-75x50_c.jpg\",\"title\":\"Sympt&amp;ocirc;mes de carence en bore (3)\"},\"gallery_id\":17388,\"gallery_title\":\"Grapevines Deficiencies\"},\"10069\":{\"status\":\"active\",\"src\":\"https:\\\/\\\/www.vignevin.com\\\/wp-content\\\/uploads\\\/2019\\\/09\\\/Sympt\u00f4mes-de-carence-en-bore.jpg\",\"title\":\"Sympt&amp;ocirc;mes de carence en bore\",\"link\":\"https:\\\/\\\/www.vignevin.com\\\/wp-content\\\/uploads\\\/2019\\\/09\\\/Sympt\u00f4mes-de-carence-en-bore.jpg\",\"alt\":\"\",\"caption\":false,\"thumb\":\"https:\\\/\\\/www.vignevin.com\\\/wp-content\\\/uploads\\\/2019\\\/09\\\/Sympt\u00f4mes-de-carence-en-bore-75x50_c.jpg\",\"meta\":{\"aperture\":\"3.3\",\"credit\":null,\"camera\":\"DMC-TZ10\",\"caption\":\"\",\"created_timestamp\":\"1308733703\",\"copyright\":null,\"focal_length\":\"4.1\",\"iso\":\"80\",\"shutter_speed\":\"0.016666666666667\",\"title\":\"\",\"orientation\":\"1\",\"keywords\":null},\"thumbnail\":\"https:\\\/\\\/www.vignevin.com\\\/wp-content\\\/uploads\\\/2019\\\/09\\\/Sympt\u00f4mes-de-carence-en-bore-150x150.jpg\",\"medium\":\"https:\\\/\\\/www.vignevin.com\\\/wp-content\\\/uploads\\\/2019\\\/09\\\/Sympt\u00f4mes-de-carence-en-bore-300x225.jpg\",\"medium_large\":\"https:\\\/\\\/www.vignevin.com\\\/wp-content\\\/uploads\\\/2019\\\/09\\\/Sympt\u00f4mes-de-carence-en-bore-768x576.jpg\",\"large\":\"https:\\\/\\\/www.vignevin.com\\\/wp-content\\\/uploads\\\/2019\\\/09\\\/Sympt\u00f4mes-de-carence-en-bore-1024x768.jpg\",\"1536x1536\":\"https:\\\/\\\/www.vignevin.com\\\/wp-content\\\/uploads\\\/2019\\\/09\\\/Sympt\u00f4mes-de-carence-en-bore.jpg\",\"2048x2048\":\"https:\\\/\\\/www.vignevin.com\\\/wp-content\\\/uploads\\\/2019\\\/09\\\/Sympt\u00f4mes-de-carence-en-bore.jpg\",\"et-pb-post-main-image\":\"https:\\\/\\\/www.vignevin.com\\\/wp-content\\\/uploads\\\/2019\\\/09\\\/Sympt\u00f4mes-de-carence-en-bore-400x250.jpg\",\"et-pb-post-main-image-fullwidth\":\"https:\\\/\\\/www.vignevin.com\\\/wp-content\\\/uploads\\\/2019\\\/09\\\/Sympt\u00f4mes-de-carence-en-bore-1080x675.jpg\",\"et-pb-portfolio-image\":\"https:\\\/\\\/www.vignevin.com\\\/wp-content\\\/uploads\\\/2019\\\/09\\\/Sympt\u00f4mes-de-carence-en-bore-400x284.jpg\",\"et-pb-portfolio-module-image\":\"https:\\\/\\\/www.vignevin.com\\\/wp-content\\\/uploads\\\/2019\\\/09\\\/Sympt\u00f4mes-de-carence-en-bore-510x382.jpg\",\"et-pb-portfolio-image-single\":\"https:\\\/\\\/www.vignevin.com\\\/wp-content\\\/uploads\\\/2019\\\/09\\\/Sympt\u00f4mes-de-carence-en-bore-1080x810.jpg\",\"et-pb-gallery-module-image-portrait\":\"https:\\\/\\\/www.vignevin.com\\\/wp-content\\\/uploads\\\/2019\\\/09\\\/Sympt\u00f4mes-de-carence-en-bore-400x516.jpg\",\"et-pb-post-main-image-fullwidth-large\":\"https:\\\/\\\/www.vignevin.com\\\/wp-content\\\/uploads\\\/2019\\\/09\\\/Sympt\u00f4mes-de-carence-en-bore-2560x1800.jpg\",\"et-pb-image--responsive--desktop\":\"https:\\\/\\\/www.vignevin.com\\\/wp-content\\\/uploads\\\/2019\\\/09\\\/Sympt\u00f4mes-de-carence-en-bore.jpg\",\"et-pb-image--responsive--tablet\":\"https:\\\/\\\/www.vignevin.com\\\/wp-content\\\/uploads\\\/2019\\\/09\\\/Sympt\u00f4mes-de-carence-en-bore.jpg\",\"et-pb-image--responsive--phone\":\"https:\\\/\\\/www.vignevin.com\\\/wp-content\\\/uploads\\\/2019\\\/09\\\/Sympt\u00f4mes-de-carence-en-bore.jpg\",\"gform-image-choice-sm\":\"https:\\\/\\\/www.vignevin.com\\\/wp-content\\\/uploads\\\/2019\\\/09\\\/Sympt\u00f4mes-de-carence-en-bore.jpg\",\"gform-image-choice-md\":\"https:\\\/\\\/www.vignevin.com\\\/wp-content\\\/uploads\\\/2019\\\/09\\\/Sympt\u00f4mes-de-carence-en-bore.jpg\",\"gform-image-choice-lg\":\"https:\\\/\\\/www.vignevin.com\\\/wp-content\\\/uploads\\\/2019\\\/09\\\/Sympt\u00f4mes-de-carence-en-bore.jpg\",\"woocommerce_thumbnail\":\"https:\\\/\\\/www.vignevin.com\\\/wp-content\\\/uploads\\\/2019\\\/09\\\/Sympt\u00f4mes-de-carence-en-bore-300x300.jpg\",\"woocommerce_single\":\"https:\\\/\\\/www.vignevin.com\\\/wp-content\\\/uploads\\\/2019\\\/09\\\/Sympt\u00f4mes-de-carence-en-bore-600x450.jpg\",\"woocommerce_gallery_thumbnail\":\"https:\\\/\\\/www.vignevin.com\\\/wp-content\\\/uploads\\\/2019\\\/09\\\/Sympt\u00f4mes-de-carence-en-bore-100x100.jpg\",\"full\":\"https:\\\/\\\/www.vignevin.com\\\/wp-content\\\/uploads\\\/2019\\\/09\\\/Sympt\u00f4mes-de-carence-en-bore.jpg\",\"index\":13,\"id\":10069,\"video\":false,\"opts\":{\"caption\":\"\",\"thumb\":\"https:\\\/\\\/www.vignevin.com\\\/wp-content\\\/uploads\\\/2019\\\/09\\\/Sympt\u00f4mes-de-carence-en-bore-75x50_c.jpg\",\"title\":\"Sympt&amp;ocirc;mes de carence en bore\"},\"gallery_id\":17388,\"gallery_title\":\"Grapevines Deficiencies\"},\"10070\":{\"status\":\"active\",\"src\":\"https:\\\/\\\/www.vignevin.com\\\/wp-content\\\/uploads\\\/2019\\\/09\\\/Sympt\u00f4mes-de-carence-magn\u00e9sienne-2.jpg\",\"title\":\"OLYMPUS DIGITAL CAMERA\",\"link\":\"https:\\\/\\\/www.vignevin.com\\\/wp-content\\\/uploads\\\/2019\\\/09\\\/Sympt\u00f4mes-de-carence-magn\u00e9sienne-2.jpg\",\"alt\":\"\",\"caption\":\"OLYMPUS DIGITAL CAMERA\",\"thumb\":\"https:\\\/\\\/www.vignevin.com\\\/wp-content\\\/uploads\\\/2019\\\/09\\\/Sympt\u00f4mes-de-carence-magn\u00e9sienne-2-75x50_c.jpg\",\"meta\":{\"aperture\":\"5.6\",\"credit\":null,\"camera\":\"C-5000Z\",\"caption\":\"OLYMPUS DIGITAL CAMERA\",\"created_timestamp\":\"1188827518\",\"copyright\":null,\"focal_length\":\"7.8\",\"iso\":\"50\",\"shutter_speed\":\"0.025\",\"title\":\"OLYMPUS DIGITAL CAMERA\",\"orientation\":null,\"keywords\":null},\"thumbnail\":\"https:\\\/\\\/www.vignevin.com\\\/wp-content\\\/uploads\\\/2019\\\/09\\\/Sympt\u00f4mes-de-carence-magn\u00e9sienne-2-150x150.jpg\",\"medium\":\"https:\\\/\\\/www.vignevin.com\\\/wp-content\\\/uploads\\\/2019\\\/09\\\/Sympt\u00f4mes-de-carence-magn\u00e9sienne-2-225x300.jpg\",\"medium_large\":\"https:\\\/\\\/www.vignevin.com\\\/wp-content\\\/uploads\\\/2019\\\/09\\\/Sympt\u00f4mes-de-carence-magn\u00e9sienne-2-768x1024.jpg\",\"large\":\"https:\\\/\\\/www.vignevin.com\\\/wp-content\\\/uploads\\\/2019\\\/09\\\/Sympt\u00f4mes-de-carence-magn\u00e9sienne-2-768x1024.jpg\",\"1536x1536\":\"https:\\\/\\\/www.vignevin.com\\\/wp-content\\\/uploads\\\/2019\\\/09\\\/Sympt\u00f4mes-de-carence-magn\u00e9sienne-2.jpg\",\"2048x2048\":\"https:\\\/\\\/www.vignevin.com\\\/wp-content\\\/uploads\\\/2019\\\/09\\\/Sympt\u00f4mes-de-carence-magn\u00e9sienne-2.jpg\",\"et-pb-post-main-image\":\"https:\\\/\\\/www.vignevin.com\\\/wp-content\\\/uploads\\\/2019\\\/09\\\/Sympt\u00f4mes-de-carence-magn\u00e9sienne-2-400x250.jpg\",\"et-pb-post-main-image-fullwidth\":\"https:\\\/\\\/www.vignevin.com\\\/wp-content\\\/uploads\\\/2019\\\/09\\\/Sympt\u00f4mes-de-carence-magn\u00e9sienne-2-1080x675.jpg\",\"et-pb-portfolio-image\":\"https:\\\/\\\/www.vignevin.com\\\/wp-content\\\/uploads\\\/2019\\\/09\\\/Sympt\u00f4mes-de-carence-magn\u00e9sienne-2-400x284.jpg\",\"et-pb-portfolio-module-image\":\"https:\\\/\\\/www.vignevin.com\\\/wp-content\\\/uploads\\\/2019\\\/09\\\/Sympt\u00f4mes-de-carence-magn\u00e9sienne-2-510x382.jpg\",\"et-pb-portfolio-image-single\":\"https:\\\/\\\/www.vignevin.com\\\/wp-content\\\/uploads\\\/2019\\\/09\\\/Sympt\u00f4mes-de-carence-magn\u00e9sienne-2-1080x1440.jpg\",\"et-pb-gallery-module-image-portrait\":\"https:\\\/\\\/www.vignevin.com\\\/wp-content\\\/uploads\\\/2019\\\/09\\\/Sympt\u00f4mes-de-carence-magn\u00e9sienne-2-400x516.jpg\",\"et-pb-post-main-image-fullwidth-large\":\"https:\\\/\\\/www.vignevin.com\\\/wp-content\\\/uploads\\\/2019\\\/09\\\/Sympt\u00f4mes-de-carence-magn\u00e9sienne-2.jpg\",\"et-pb-image--responsive--desktop\":\"https:\\\/\\\/www.vignevin.com\\\/wp-content\\\/uploads\\\/2019\\\/09\\\/Sympt\u00f4mes-de-carence-magn\u00e9sienne-2.jpg\",\"et-pb-image--responsive--tablet\":\"https:\\\/\\\/www.vignevin.com\\\/wp-content\\\/uploads\\\/2019\\\/09\\\/Sympt\u00f4mes-de-carence-magn\u00e9sienne-2.jpg\",\"et-pb-image--responsive--phone\":\"https:\\\/\\\/www.vignevin.com\\\/wp-content\\\/uploads\\\/2019\\\/09\\\/Sympt\u00f4mes-de-carence-magn\u00e9sienne-2.jpg\",\"gform-image-choice-sm\":\"https:\\\/\\\/www.vignevin.com\\\/wp-content\\\/uploads\\\/2019\\\/09\\\/Sympt\u00f4mes-de-carence-magn\u00e9sienne-2.jpg\",\"gform-image-choice-md\":\"https:\\\/\\\/www.vignevin.com\\\/wp-content\\\/uploads\\\/2019\\\/09\\\/Sympt\u00f4mes-de-carence-magn\u00e9sienne-2.jpg\",\"gform-image-choice-lg\":\"https:\\\/\\\/www.vignevin.com\\\/wp-content\\\/uploads\\\/2019\\\/09\\\/Sympt\u00f4mes-de-carence-magn\u00e9sienne-2.jpg\",\"woocommerce_thumbnail\":\"https:\\\/\\\/www.vignevin.com\\\/wp-content\\\/uploads\\\/2019\\\/09\\\/Sympt\u00f4mes-de-carence-magn\u00e9sienne-2-300x300.jpg\",\"woocommerce_single\":\"https:\\\/\\\/www.vignevin.com\\\/wp-content\\\/uploads\\\/2019\\\/09\\\/Sympt\u00f4mes-de-carence-magn\u00e9sienne-2-600x800.jpg\",\"woocommerce_gallery_thumbnail\":\"https:\\\/\\\/www.vignevin.com\\\/wp-content\\\/uploads\\\/2019\\\/09\\\/Sympt\u00f4mes-de-carence-magn\u00e9sienne-2-100x100.jpg\",\"full\":\"https:\\\/\\\/www.vignevin.com\\\/wp-content\\\/uploads\\\/2019\\\/09\\\/Sympt\u00f4mes-de-carence-magn\u00e9sienne-2.jpg\",\"index\":14,\"id\":10070,\"video\":false,\"opts\":{\"caption\":\"OLYMPUS DIGITAL CAMERA\",\"thumb\":\"https:\\\/\\\/www.vignevin.com\\\/wp-content\\\/uploads\\\/2019\\\/09\\\/Sympt\u00f4mes-de-carence-magn\u00e9sienne-2-75x50_c.jpg\",\"title\":\"OLYMPUS DIGITAL CAMERA\"},\"gallery_id\":17388,\"gallery_title\":\"Grapevines Deficiencies\"},\"10071\":{\"status\":\"active\",\"src\":\"https:\\\/\\\/www.vignevin.com\\\/wp-content\\\/uploads\\\/2019\\\/09\\\/Sympt\u00f4mes-de-carence-magn\u00e9sienne-3.jpg\",\"title\":\"OLYMPUS DIGITAL CAMERA\",\"link\":\"https:\\\/\\\/www.vignevin.com\\\/wp-content\\\/uploads\\\/2019\\\/09\\\/Sympt\u00f4mes-de-carence-magn\u00e9sienne-3.jpg\",\"alt\":\"\",\"caption\":\"OLYMPUS DIGITAL CAMERA\",\"thumb\":\"https:\\\/\\\/www.vignevin.com\\\/wp-content\\\/uploads\\\/2019\\\/09\\\/Sympt\u00f4mes-de-carence-magn\u00e9sienne-3-75x50_c.jpg\",\"meta\":{\"aperture\":\"2.8\",\"credit\":null,\"camera\":\"C-5000Z\",\"caption\":\"OLYMPUS DIGITAL CAMERA\",\"created_timestamp\":\"1188929733\",\"copyright\":null,\"focal_length\":\"7.8\",\"iso\":\"50\",\"shutter_speed\":\"0.0125\",\"title\":\"OLYMPUS DIGITAL CAMERA\",\"orientation\":\"1\",\"keywords\":null},\"thumbnail\":\"https:\\\/\\\/www.vignevin.com\\\/wp-content\\\/uploads\\\/2019\\\/09\\\/Sympt\u00f4mes-de-carence-magn\u00e9sienne-3-150x150.jpg\",\"medium\":\"https:\\\/\\\/www.vignevin.com\\\/wp-content\\\/uploads\\\/2019\\\/09\\\/Sympt\u00f4mes-de-carence-magn\u00e9sienne-3-300x225.jpg\",\"medium_large\":\"https:\\\/\\\/www.vignevin.com\\\/wp-content\\\/uploads\\\/2019\\\/09\\\/Sympt\u00f4mes-de-carence-magn\u00e9sienne-3-768x576.jpg\",\"large\":\"https:\\\/\\\/www.vignevin.com\\\/wp-content\\\/uploads\\\/2019\\\/09\\\/Sympt\u00f4mes-de-carence-magn\u00e9sienne-3-1024x768.jpg\",\"1536x1536\":\"https:\\\/\\\/www.vignevin.com\\\/wp-content\\\/uploads\\\/2019\\\/09\\\/Sympt\u00f4mes-de-carence-magn\u00e9sienne-3.jpg\",\"2048x2048\":\"https:\\\/\\\/www.vignevin.com\\\/wp-content\\\/uploads\\\/2019\\\/09\\\/Sympt\u00f4mes-de-carence-magn\u00e9sienne-3.jpg\",\"et-pb-post-main-image\":\"https:\\\/\\\/www.vignevin.com\\\/wp-content\\\/uploads\\\/2019\\\/09\\\/Sympt\u00f4mes-de-carence-magn\u00e9sienne-3-400x250.jpg\",\"et-pb-post-main-image-fullwidth\":\"https:\\\/\\\/www.vignevin.com\\\/wp-content\\\/uploads\\\/2019\\\/09\\\/Sympt\u00f4mes-de-carence-magn\u00e9sienne-3-1080x675.jpg\",\"et-pb-portfolio-image\":\"https:\\\/\\\/www.vignevin.com\\\/wp-content\\\/uploads\\\/2019\\\/09\\\/Sympt\u00f4mes-de-carence-magn\u00e9sienne-3-400x284.jpg\",\"et-pb-portfolio-module-image\":\"https:\\\/\\\/www.vignevin.com\\\/wp-content\\\/uploads\\\/2019\\\/09\\\/Sympt\u00f4mes-de-carence-magn\u00e9sienne-3-510x382.jpg\",\"et-pb-portfolio-image-single\":\"https:\\\/\\\/www.vignevin.com\\\/wp-content\\\/uploads\\\/2019\\\/09\\\/Sympt\u00f4mes-de-carence-magn\u00e9sienne-3-1080x810.jpg\",\"et-pb-gallery-module-image-portrait\":\"https:\\\/\\\/www.vignevin.com\\\/wp-content\\\/uploads\\\/2019\\\/09\\\/Sympt\u00f4mes-de-carence-magn\u00e9sienne-3-400x516.jpg\",\"et-pb-post-main-image-fullwidth-large\":\"https:\\\/\\\/www.vignevin.com\\\/wp-content\\\/uploads\\\/2019\\\/09\\\/Sympt\u00f4mes-de-carence-magn\u00e9sienne-3.jpg\",\"et-pb-image--responsive--desktop\":\"https:\\\/\\\/www.vignevin.com\\\/wp-content\\\/uploads\\\/2019\\\/09\\\/Sympt\u00f4mes-de-carence-magn\u00e9sienne-3.jpg\",\"et-pb-image--responsive--tablet\":\"https:\\\/\\\/www.vignevin.com\\\/wp-content\\\/uploads\\\/2019\\\/09\\\/Sympt\u00f4mes-de-carence-magn\u00e9sienne-3.jpg\",\"et-pb-image--responsive--phone\":\"https:\\\/\\\/www.vignevin.com\\\/wp-content\\\/uploads\\\/2019\\\/09\\\/Sympt\u00f4mes-de-carence-magn\u00e9sienne-3.jpg\",\"gform-image-choice-sm\":\"https:\\\/\\\/www.vignevin.com\\\/wp-content\\\/uploads\\\/2019\\\/09\\\/Sympt\u00f4mes-de-carence-magn\u00e9sienne-3.jpg\",\"gform-image-choice-md\":\"https:\\\/\\\/www.vignevin.com\\\/wp-content\\\/uploads\\\/2019\\\/09\\\/Sympt\u00f4mes-de-carence-magn\u00e9sienne-3.jpg\",\"gform-image-choice-lg\":\"https:\\\/\\\/www.vignevin.com\\\/wp-content\\\/uploads\\\/2019\\\/09\\\/Sympt\u00f4mes-de-carence-magn\u00e9sienne-3.jpg\",\"woocommerce_thumbnail\":\"https:\\\/\\\/www.vignevin.com\\\/wp-content\\\/uploads\\\/2019\\\/09\\\/Sympt\u00f4mes-de-carence-magn\u00e9sienne-3-300x300.jpg\",\"woocommerce_single\":\"https:\\\/\\\/www.vignevin.com\\\/wp-content\\\/uploads\\\/2019\\\/09\\\/Sympt\u00f4mes-de-carence-magn\u00e9sienne-3-600x450.jpg\",\"woocommerce_gallery_thumbnail\":\"https:\\\/\\\/www.vignevin.com\\\/wp-content\\\/uploads\\\/2019\\\/09\\\/Sympt\u00f4mes-de-carence-magn\u00e9sienne-3-100x100.jpg\",\"full\":\"https:\\\/\\\/www.vignevin.com\\\/wp-content\\\/uploads\\\/2019\\\/09\\\/Sympt\u00f4mes-de-carence-magn\u00e9sienne-3.jpg\",\"index\":15,\"id\":10071,\"video\":false,\"opts\":{\"caption\":\"OLYMPUS DIGITAL CAMERA\",\"thumb\":\"https:\\\/\\\/www.vignevin.com\\\/wp-content\\\/uploads\\\/2019\\\/09\\\/Sympt\u00f4mes-de-carence-magn\u00e9sienne-3-75x50_c.jpg\",\"title\":\"OLYMPUS DIGITAL CAMERA\"},\"gallery_id\":17388,\"gallery_title\":\"Grapevines Deficiencies\"},\"10072\":{\"status\":\"active\",\"src\":\"https:\\\/\\\/www.vignevin.com\\\/wp-content\\\/uploads\\\/2019\\\/09\\\/Sympt\u00f4mes-de-carence-magn\u00e9sienne-2-1-scaled.jpg\",\"title\":\"Sympt&amp;ocirc;mes de carence magn&amp;eacute;sienne 2\",\"link\":\"https:\\\/\\\/www.vignevin.com\\\/wp-content\\\/uploads\\\/2019\\\/09\\\/Sympt\u00f4mes-de-carence-magn\u00e9sienne-2-1.jpg\",\"alt\":\"\",\"caption\":false,\"thumb\":\"https:\\\/\\\/www.vignevin.com\\\/wp-content\\\/uploads\\\/2019\\\/09\\\/Sympt\u00f4mes-de-carence-magn\u00e9sienne-2-1-scaled-75x50_c.jpg\",\"meta\":{\"aperture\":\"3.3\",\"credit\":null,\"camera\":\"DMC-TZ10\",\"caption\":\"\",\"created_timestamp\":\"1441897762\",\"copyright\":null,\"focal_length\":\"4.1\",\"iso\":\"80\",\"shutter_speed\":\"0.0125\",\"title\":\"\",\"orientation\":\"1\",\"keywords\":null},\"thumbnail\":\"https:\\\/\\\/www.vignevin.com\\\/wp-content\\\/uploads\\\/2019\\\/09\\\/Sympt\u00f4mes-de-carence-magn\u00e9sienne-2-1-150x150.jpg\",\"medium\":\"https:\\\/\\\/www.vignevin.com\\\/wp-content\\\/uploads\\\/2019\\\/09\\\/Sympt\u00f4mes-de-carence-magn\u00e9sienne-2-1-225x300.jpg\",\"medium_large\":\"https:\\\/\\\/www.vignevin.com\\\/wp-content\\\/uploads\\\/2019\\\/09\\\/Sympt\u00f4mes-de-carence-magn\u00e9sienne-2-1-768x1024.jpg\",\"large\":\"https:\\\/\\\/www.vignevin.com\\\/wp-content\\\/uploads\\\/2019\\\/09\\\/Sympt\u00f4mes-de-carence-magn\u00e9sienne-2-1-768x1024.jpg\",\"1536x1536\":\"https:\\\/\\\/www.vignevin.com\\\/wp-content\\\/uploads\\\/2019\\\/09\\\/Sympt\u00f4mes-de-carence-magn\u00e9sienne-2-1-scaled.jpg\",\"2048x2048\":\"https:\\\/\\\/www.vignevin.com\\\/wp-content\\\/uploads\\\/2019\\\/09\\\/Sympt\u00f4mes-de-carence-magn\u00e9sienne-2-1-scaled.jpg\",\"et-pb-post-main-image\":\"https:\\\/\\\/www.vignevin.com\\\/wp-content\\\/uploads\\\/2019\\\/09\\\/Sympt\u00f4mes-de-carence-magn\u00e9sienne-2-1-400x250.jpg\",\"et-pb-post-main-image-fullwidth\":\"https:\\\/\\\/www.vignevin.com\\\/wp-content\\\/uploads\\\/2019\\\/09\\\/Sympt\u00f4mes-de-carence-magn\u00e9sienne-2-1-1080x675.jpg\",\"et-pb-portfolio-image\":\"https:\\\/\\\/www.vignevin.com\\\/wp-content\\\/uploads\\\/2019\\\/09\\\/Sympt\u00f4mes-de-carence-magn\u00e9sienne-2-1-400x284.jpg\",\"et-pb-portfolio-module-image\":\"https:\\\/\\\/www.vignevin.com\\\/wp-content\\\/uploads\\\/2019\\\/09\\\/Sympt\u00f4mes-de-carence-magn\u00e9sienne-2-1-510x382.jpg\",\"et-pb-portfolio-image-single\":\"https:\\\/\\\/www.vignevin.com\\\/wp-content\\\/uploads\\\/2019\\\/09\\\/Sympt\u00f4mes-de-carence-magn\u00e9sienne-2-1-1080x1440.jpg\",\"et-pb-gallery-module-image-portrait\":\"https:\\\/\\\/www.vignevin.com\\\/wp-content\\\/uploads\\\/2019\\\/09\\\/Sympt\u00f4mes-de-carence-magn\u00e9sienne-2-1-400x516.jpg\",\"et-pb-post-main-image-fullwidth-large\":\"https:\\\/\\\/www.vignevin.com\\\/wp-content\\\/uploads\\\/2019\\\/09\\\/Sympt\u00f4mes-de-carence-magn\u00e9sienne-2-1-2880x1800.jpg\",\"et-pb-image--responsive--desktop\":\"https:\\\/\\\/www.vignevin.com\\\/wp-content\\\/uploads\\\/2019\\\/09\\\/Sympt\u00f4mes-de-carence-magn\u00e9sienne-2-1-scaled.jpg\",\"et-pb-image--responsive--tablet\":\"https:\\\/\\\/www.vignevin.com\\\/wp-content\\\/uploads\\\/2019\\\/09\\\/Sympt\u00f4mes-de-carence-magn\u00e9sienne-2-1-scaled.jpg\",\"et-pb-image--responsive--phone\":\"https:\\\/\\\/www.vignevin.com\\\/wp-content\\\/uploads\\\/2019\\\/09\\\/Sympt\u00f4mes-de-carence-magn\u00e9sienne-2-1-scaled.jpg\",\"gform-image-choice-sm\":\"https:\\\/\\\/www.vignevin.com\\\/wp-content\\\/uploads\\\/2019\\\/09\\\/Sympt\u00f4mes-de-carence-magn\u00e9sienne-2-1-scaled.jpg\",\"gform-image-choice-md\":\"https:\\\/\\\/www.vignevin.com\\\/wp-content\\\/uploads\\\/2019\\\/09\\\/Sympt\u00f4mes-de-carence-magn\u00e9sienne-2-1-scaled.jpg\",\"gform-image-choice-lg\":\"https:\\\/\\\/www.vignevin.com\\\/wp-content\\\/uploads\\\/2019\\\/09\\\/Sympt\u00f4mes-de-carence-magn\u00e9sienne-2-1-scaled.jpg\",\"woocommerce_thumbnail\":\"https:\\\/\\\/www.vignevin.com\\\/wp-content\\\/uploads\\\/2019\\\/09\\\/Sympt\u00f4mes-de-carence-magn\u00e9sienne-2-1-scaled-300x300.jpg\",\"woocommerce_single\":\"https:\\\/\\\/www.vignevin.com\\\/wp-content\\\/uploads\\\/2019\\\/09\\\/Sympt\u00f4mes-de-carence-magn\u00e9sienne-2-1-scaled-600x800.jpg\",\"woocommerce_gallery_thumbnail\":\"https:\\\/\\\/www.vignevin.com\\\/wp-content\\\/uploads\\\/2019\\\/09\\\/Sympt\u00f4mes-de-carence-magn\u00e9sienne-2-1-scaled-100x100.jpg\",\"full\":\"https:\\\/\\\/www.vignevin.com\\\/wp-content\\\/uploads\\\/2019\\\/09\\\/Sympt\u00f4mes-de-carence-magn\u00e9sienne-2-1-scaled.jpg\",\"index\":16,\"id\":10072,\"video\":false,\"opts\":{\"caption\":\"\",\"thumb\":\"https:\\\/\\\/www.vignevin.com\\\/wp-content\\\/uploads\\\/2019\\\/09\\\/Sympt\u00f4mes-de-carence-magn\u00e9sienne-2-1-scaled-75x50_c.jpg\",\"title\":\"Sympt&amp;ocirc;mes de carence magn&amp;eacute;sienne 2\"},\"gallery_id\":17388,\"gallery_title\":\"Grapevines Deficiencies\"},\"10073\":{\"status\":\"active\",\"src\":\"https:\\\/\\\/www.vignevin.com\\\/wp-content\\\/uploads\\\/2019\\\/09\\\/Sympt\u00f4mes-de-carence-magn\u00e9sienne-scaled.jpg\",\"title\":\"Sympt&amp;ocirc;mes de carence magn&amp;eacute;sienne\",\"link\":\"https:\\\/\\\/www.vignevin.com\\\/wp-content\\\/uploads\\\/2019\\\/09\\\/Sympt\u00f4mes-de-carence-magn\u00e9sienne.jpg\",\"alt\":\"\",\"caption\":false,\"thumb\":\"https:\\\/\\\/www.vignevin.com\\\/wp-content\\\/uploads\\\/2019\\\/09\\\/Sympt\u00f4mes-de-carence-magn\u00e9sienne-scaled-75x50_c.jpg\",\"meta\":{\"aperture\":\"3.3\",\"credit\":null,\"camera\":\"DMC-TZ10\",\"caption\":\"\",\"created_timestamp\":\"1441897729\",\"copyright\":null,\"focal_length\":\"4.1\",\"iso\":\"80\",\"shutter_speed\":\"0.0125\",\"title\":\"\",\"orientation\":\"1\",\"keywords\":null},\"thumbnail\":\"https:\\\/\\\/www.vignevin.com\\\/wp-content\\\/uploads\\\/2019\\\/09\\\/Sympt\u00f4mes-de-carence-magn\u00e9sienne-150x150.jpg\",\"medium\":\"https:\\\/\\\/www.vignevin.com\\\/wp-content\\\/uploads\\\/2019\\\/09\\\/Sympt\u00f4mes-de-carence-magn\u00e9sienne-225x300.jpg\",\"medium_large\":\"https:\\\/\\\/www.vignevin.com\\\/wp-content\\\/uploads\\\/2019\\\/09\\\/Sympt\u00f4mes-de-carence-magn\u00e9sienne-768x1024.jpg\",\"large\":\"https:\\\/\\\/www.vignevin.com\\\/wp-content\\\/uploads\\\/2019\\\/09\\\/Sympt\u00f4mes-de-carence-magn\u00e9sienne-768x1024.jpg\",\"1536x1536\":\"https:\\\/\\\/www.vignevin.com\\\/wp-content\\\/uploads\\\/2019\\\/09\\\/Sympt\u00f4mes-de-carence-magn\u00e9sienne-scaled.jpg\",\"2048x2048\":\"https:\\\/\\\/www.vignevin.com\\\/wp-content\\\/uploads\\\/2019\\\/09\\\/Sympt\u00f4mes-de-carence-magn\u00e9sienne-scaled.jpg\",\"et-pb-post-main-image\":\"https:\\\/\\\/www.vignevin.com\\\/wp-content\\\/uploads\\\/2019\\\/09\\\/Sympt\u00f4mes-de-carence-magn\u00e9sienne-400x250.jpg\",\"et-pb-post-main-image-fullwidth\":\"https:\\\/\\\/www.vignevin.com\\\/wp-content\\\/uploads\\\/2019\\\/09\\\/Sympt\u00f4mes-de-carence-magn\u00e9sienne-1080x675.jpg\",\"et-pb-portfolio-image\":\"https:\\\/\\\/www.vignevin.com\\\/wp-content\\\/uploads\\\/2019\\\/09\\\/Sympt\u00f4mes-de-carence-magn\u00e9sienne-400x284.jpg\",\"et-pb-portfolio-module-image\":\"https:\\\/\\\/www.vignevin.com\\\/wp-content\\\/uploads\\\/2019\\\/09\\\/Sympt\u00f4mes-de-carence-magn\u00e9sienne-510x382.jpg\",\"et-pb-portfolio-image-single\":\"https:\\\/\\\/www.vignevin.com\\\/wp-content\\\/uploads\\\/2019\\\/09\\\/Sympt\u00f4mes-de-carence-magn\u00e9sienne-1080x1440.jpg\",\"et-pb-gallery-module-image-portrait\":\"https:\\\/\\\/www.vignevin.com\\\/wp-content\\\/uploads\\\/2019\\\/09\\\/Sympt\u00f4mes-de-carence-magn\u00e9sienne-400x516.jpg\",\"et-pb-post-main-image-fullwidth-large\":\"https:\\\/\\\/www.vignevin.com\\\/wp-content\\\/uploads\\\/2019\\\/09\\\/Sympt\u00f4mes-de-carence-magn\u00e9sienne-2880x1800.jpg\",\"et-pb-image--responsive--desktop\":\"https:\\\/\\\/www.vignevin.com\\\/wp-content\\\/uploads\\\/2019\\\/09\\\/Sympt\u00f4mes-de-carence-magn\u00e9sienne-scaled.jpg\",\"et-pb-image--responsive--tablet\":\"https:\\\/\\\/www.vignevin.com\\\/wp-content\\\/uploads\\\/2019\\\/09\\\/Sympt\u00f4mes-de-carence-magn\u00e9sienne-scaled.jpg\",\"et-pb-image--responsive--phone\":\"https:\\\/\\\/www.vignevin.com\\\/wp-content\\\/uploads\\\/2019\\\/09\\\/Sympt\u00f4mes-de-carence-magn\u00e9sienne-scaled.jpg\",\"gform-image-choice-sm\":\"https:\\\/\\\/www.vignevin.com\\\/wp-content\\\/uploads\\\/2019\\\/09\\\/Sympt\u00f4mes-de-carence-magn\u00e9sienne-scaled.jpg\",\"gform-image-choice-md\":\"https:\\\/\\\/www.vignevin.com\\\/wp-content\\\/uploads\\\/2019\\\/09\\\/Sympt\u00f4mes-de-carence-magn\u00e9sienne-scaled.jpg\",\"gform-image-choice-lg\":\"https:\\\/\\\/www.vignevin.com\\\/wp-content\\\/uploads\\\/2019\\\/09\\\/Sympt\u00f4mes-de-carence-magn\u00e9sienne-scaled.jpg\",\"woocommerce_thumbnail\":\"https:\\\/\\\/www.vignevin.com\\\/wp-content\\\/uploads\\\/2019\\\/09\\\/Sympt\u00f4mes-de-carence-magn\u00e9sienne-scaled-300x300.jpg\",\"woocommerce_single\":\"https:\\\/\\\/www.vignevin.com\\\/wp-content\\\/uploads\\\/2019\\\/09\\\/Sympt\u00f4mes-de-carence-magn\u00e9sienne-scaled-600x800.jpg\",\"woocommerce_gallery_thumbnail\":\"https:\\\/\\\/www.vignevin.com\\\/wp-content\\\/uploads\\\/2019\\\/09\\\/Sympt\u00f4mes-de-carence-magn\u00e9sienne-scaled-100x100.jpg\",\"full\":\"https:\\\/\\\/www.vignevin.com\\\/wp-content\\\/uploads\\\/2019\\\/09\\\/Sympt\u00f4mes-de-carence-magn\u00e9sienne-scaled.jpg\",\"index\":17,\"id\":10073,\"video\":false,\"opts\":{\"caption\":\"\",\"thumb\":\"https:\\\/\\\/www.vignevin.com\\\/wp-content\\\/uploads\\\/2019\\\/09\\\/Sympt\u00f4mes-de-carence-magn\u00e9sienne-scaled-75x50_c.jpg\",\"title\":\"Sympt&amp;ocirc;mes de carence magn&amp;eacute;sienne\"},\"gallery_id\":17388,\"gallery_title\":\"Grapevines Deficiencies\"},\"10074\":{\"status\":\"active\",\"src\":\"https:\\\/\\\/www.vignevin.com\\\/wp-content\\\/uploads\\\/2019\\\/09\\\/Sympt\u00f4mes-de-carence-potassique-2.jpg\",\"title\":\"OLYMPUS DIGITAL CAMERA\",\"link\":\"https:\\\/\\\/www.vignevin.com\\\/wp-content\\\/uploads\\\/2019\\\/09\\\/Sympt\u00f4mes-de-carence-potassique-2.jpg\",\"alt\":\"\",\"caption\":\"OLYMPUS DIGITAL CAMERA\",\"thumb\":\"https:\\\/\\\/www.vignevin.com\\\/wp-content\\\/uploads\\\/2019\\\/09\\\/Sympt\u00f4mes-de-carence-potassique-2-75x50_c.jpg\",\"meta\":{\"aperture\":\"2.8\",\"credit\":null,\"camera\":\"C-5000Z\",\"caption\":\"OLYMPUS DIGITAL CAMERA\",\"created_timestamp\":\"1189421022\",\"copyright\":null,\"focal_length\":\"7.8\",\"iso\":\"50\",\"shutter_speed\":\"0.0125\",\"title\":\"OLYMPUS DIGITAL CAMERA\",\"orientation\":\"1\",\"keywords\":null},\"thumbnail\":\"https:\\\/\\\/www.vignevin.com\\\/wp-content\\\/uploads\\\/2019\\\/09\\\/Sympt\u00f4mes-de-carence-potassique-2-150x150.jpg\",\"medium\":\"https:\\\/\\\/www.vignevin.com\\\/wp-content\\\/uploads\\\/2019\\\/09\\\/Sympt\u00f4mes-de-carence-potassique-2-225x300.jpg\",\"medium_large\":\"https:\\\/\\\/www.vignevin.com\\\/wp-content\\\/uploads\\\/2019\\\/09\\\/Sympt\u00f4mes-de-carence-potassique-2-768x1024.jpg\",\"large\":\"https:\\\/\\\/www.vignevin.com\\\/wp-content\\\/uploads\\\/2019\\\/09\\\/Sympt\u00f4mes-de-carence-potassique-2-768x1024.jpg\",\"1536x1536\":\"https:\\\/\\\/www.vignevin.com\\\/wp-content\\\/uploads\\\/2019\\\/09\\\/Sympt\u00f4mes-de-carence-potassique-2.jpg\",\"2048x2048\":\"https:\\\/\\\/www.vignevin.com\\\/wp-content\\\/uploads\\\/2019\\\/09\\\/Sympt\u00f4mes-de-carence-potassique-2.jpg\",\"et-pb-post-main-image\":\"https:\\\/\\\/www.vignevin.com\\\/wp-content\\\/uploads\\\/2019\\\/09\\\/Sympt\u00f4mes-de-carence-potassique-2-400x250.jpg\",\"et-pb-post-main-image-fullwidth\":\"https:\\\/\\\/www.vignevin.com\\\/wp-content\\\/uploads\\\/2019\\\/09\\\/Sympt\u00f4mes-de-carence-potassique-2-1080x675.jpg\",\"et-pb-portfolio-image\":\"https:\\\/\\\/www.vignevin.com\\\/wp-content\\\/uploads\\\/2019\\\/09\\\/Sympt\u00f4mes-de-carence-potassique-2-400x284.jpg\",\"et-pb-portfolio-module-image\":\"https:\\\/\\\/www.vignevin.com\\\/wp-content\\\/uploads\\\/2019\\\/09\\\/Sympt\u00f4mes-de-carence-potassique-2-510x382.jpg\",\"et-pb-portfolio-image-single\":\"https:\\\/\\\/www.vignevin.com\\\/wp-content\\\/uploads\\\/2019\\\/09\\\/Sympt\u00f4mes-de-carence-potassique-2-1080x1440.jpg\",\"et-pb-gallery-module-image-portrait\":\"https:\\\/\\\/www.vignevin.com\\\/wp-content\\\/uploads\\\/2019\\\/09\\\/Sympt\u00f4mes-de-carence-potassique-2-400x516.jpg\",\"et-pb-post-main-image-fullwidth-large\":\"https:\\\/\\\/www.vignevin.com\\\/wp-content\\\/uploads\\\/2019\\\/09\\\/Sympt\u00f4mes-de-carence-potassique-2.jpg\",\"et-pb-image--responsive--desktop\":\"https:\\\/\\\/www.vignevin.com\\\/wp-content\\\/uploads\\\/2019\\\/09\\\/Sympt\u00f4mes-de-carence-potassique-2.jpg\",\"et-pb-image--responsive--tablet\":\"https:\\\/\\\/www.vignevin.com\\\/wp-content\\\/uploads\\\/2019\\\/09\\\/Sympt\u00f4mes-de-carence-potassique-2.jpg\",\"et-pb-image--responsive--phone\":\"https:\\\/\\\/www.vignevin.com\\\/wp-content\\\/uploads\\\/2019\\\/09\\\/Sympt\u00f4mes-de-carence-potassique-2.jpg\",\"gform-image-choice-sm\":\"https:\\\/\\\/www.vignevin.com\\\/wp-content\\\/uploads\\\/2019\\\/09\\\/Sympt\u00f4mes-de-carence-potassique-2.jpg\",\"gform-image-choice-md\":\"https:\\\/\\\/www.vignevin.com\\\/wp-content\\\/uploads\\\/2019\\\/09\\\/Sympt\u00f4mes-de-carence-potassique-2.jpg\",\"gform-image-choice-lg\":\"https:\\\/\\\/www.vignevin.com\\\/wp-content\\\/uploads\\\/2019\\\/09\\\/Sympt\u00f4mes-de-carence-potassique-2.jpg\",\"woocommerce_thumbnail\":\"https:\\\/\\\/www.vignevin.com\\\/wp-content\\\/uploads\\\/2019\\\/09\\\/Sympt\u00f4mes-de-carence-potassique-2-300x300.jpg\",\"woocommerce_single\":\"https:\\\/\\\/www.vignevin.com\\\/wp-content\\\/uploads\\\/2019\\\/09\\\/Sympt\u00f4mes-de-carence-potassique-2-600x800.jpg\",\"woocommerce_gallery_thumbnail\":\"https:\\\/\\\/www.vignevin.com\\\/wp-content\\\/uploads\\\/2019\\\/09\\\/Sympt\u00f4mes-de-carence-potassique-2-100x100.jpg\",\"full\":\"https:\\\/\\\/www.vignevin.com\\\/wp-content\\\/uploads\\\/2019\\\/09\\\/Sympt\u00f4mes-de-carence-potassique-2.jpg\",\"index\":18,\"id\":10074,\"video\":false,\"opts\":{\"caption\":\"OLYMPUS DIGITAL CAMERA\",\"thumb\":\"https:\\\/\\\/www.vignevin.com\\\/wp-content\\\/uploads\\\/2019\\\/09\\\/Sympt\u00f4mes-de-carence-potassique-2-75x50_c.jpg\",\"title\":\"OLYMPUS DIGITAL CAMERA\"},\"gallery_id\":17388,\"gallery_title\":\"Grapevines Deficiencies\"},\"10075\":{\"status\":\"active\",\"src\":\"https:\\\/\\\/www.vignevin.com\\\/wp-content\\\/uploads\\\/2019\\\/09\\\/Sympt\u00f4mes-de-carence-potassique-3.jpg\",\"title\":\"OLYMPUS DIGITAL CAMERA\",\"link\":\"https:\\\/\\\/www.vignevin.com\\\/wp-content\\\/uploads\\\/2019\\\/09\\\/Sympt\u00f4mes-de-carence-potassique-3.jpg\",\"alt\":\"\",\"caption\":\"OLYMPUS DIGITAL CAMERA\",\"thumb\":\"https:\\\/\\\/www.vignevin.com\\\/wp-content\\\/uploads\\\/2019\\\/09\\\/Sympt\u00f4mes-de-carence-potassique-3-75x50_c.jpg\",\"meta\":{\"aperture\":\"2.8\",\"credit\":null,\"camera\":\"C-5000Z\",\"caption\":\"OLYMPUS DIGITAL CAMERA\",\"created_timestamp\":\"1189420854\",\"copyright\":null,\"focal_length\":\"7.8\",\"iso\":\"50\",\"shutter_speed\":\"0.0125\",\"title\":\"OLYMPUS DIGITAL CAMERA\",\"orientation\":\"1\",\"keywords\":null},\"thumbnail\":\"https:\\\/\\\/www.vignevin.com\\\/wp-content\\\/uploads\\\/2019\\\/09\\\/Sympt\u00f4mes-de-carence-potassique-3-150x150.jpg\",\"medium\":\"https:\\\/\\\/www.vignevin.com\\\/wp-content\\\/uploads\\\/2019\\\/09\\\/Sympt\u00f4mes-de-carence-potassique-3-225x300.jpg\",\"medium_large\":\"https:\\\/\\\/www.vignevin.com\\\/wp-content\\\/uploads\\\/2019\\\/09\\\/Sympt\u00f4mes-de-carence-potassique-3-768x1024.jpg\",\"large\":\"https:\\\/\\\/www.vignevin.com\\\/wp-content\\\/uploads\\\/2019\\\/09\\\/Sympt\u00f4mes-de-carence-potassique-3-768x1024.jpg\",\"1536x1536\":\"https:\\\/\\\/www.vignevin.com\\\/wp-content\\\/uploads\\\/2019\\\/09\\\/Sympt\u00f4mes-de-carence-potassique-3.jpg\",\"2048x2048\":\"https:\\\/\\\/www.vignevin.com\\\/wp-content\\\/uploads\\\/2019\\\/09\\\/Sympt\u00f4mes-de-carence-potassique-3.jpg\",\"et-pb-post-main-image\":\"https:\\\/\\\/www.vignevin.com\\\/wp-content\\\/uploads\\\/2019\\\/09\\\/Sympt\u00f4mes-de-carence-potassique-3-400x250.jpg\",\"et-pb-post-main-image-fullwidth\":\"https:\\\/\\\/www.vignevin.com\\\/wp-content\\\/uploads\\\/2019\\\/09\\\/Sympt\u00f4mes-de-carence-potassique-3-1080x675.jpg\",\"et-pb-portfolio-image\":\"https:\\\/\\\/www.vignevin.com\\\/wp-content\\\/uploads\\\/2019\\\/09\\\/Sympt\u00f4mes-de-carence-potassique-3-400x284.jpg\",\"et-pb-portfolio-module-image\":\"https:\\\/\\\/www.vignevin.com\\\/wp-content\\\/uploads\\\/2019\\\/09\\\/Sympt\u00f4mes-de-carence-potassique-3-510x382.jpg\",\"et-pb-portfolio-image-single\":\"https:\\\/\\\/www.vignevin.com\\\/wp-content\\\/uploads\\\/2019\\\/09\\\/Sympt\u00f4mes-de-carence-potassique-3-1080x1440.jpg\",\"et-pb-gallery-module-image-portrait\":\"https:\\\/\\\/www.vignevin.com\\\/wp-content\\\/uploads\\\/2019\\\/09\\\/Sympt\u00f4mes-de-carence-potassique-3-400x516.jpg\",\"et-pb-post-main-image-fullwidth-large\":\"https:\\\/\\\/www.vignevin.com\\\/wp-content\\\/uploads\\\/2019\\\/09\\\/Sympt\u00f4mes-de-carence-potassique-3.jpg\",\"et-pb-image--responsive--desktop\":\"https:\\\/\\\/www.vignevin.com\\\/wp-content\\\/uploads\\\/2019\\\/09\\\/Sympt\u00f4mes-de-carence-potassique-3.jpg\",\"et-pb-image--responsive--tablet\":\"https:\\\/\\\/www.vignevin.com\\\/wp-content\\\/uploads\\\/2019\\\/09\\\/Sympt\u00f4mes-de-carence-potassique-3.jpg\",\"et-pb-image--responsive--phone\":\"https:\\\/\\\/www.vignevin.com\\\/wp-content\\\/uploads\\\/2019\\\/09\\\/Sympt\u00f4mes-de-carence-potassique-3.jpg\",\"gform-image-choice-sm\":\"https:\\\/\\\/www.vignevin.com\\\/wp-content\\\/uploads\\\/2019\\\/09\\\/Sympt\u00f4mes-de-carence-potassique-3.jpg\",\"gform-image-choice-md\":\"https:\\\/\\\/www.vignevin.com\\\/wp-content\\\/uploads\\\/2019\\\/09\\\/Sympt\u00f4mes-de-carence-potassique-3.jpg\",\"gform-image-choice-lg\":\"https:\\\/\\\/www.vignevin.com\\\/wp-content\\\/uploads\\\/2019\\\/09\\\/Sympt\u00f4mes-de-carence-potassique-3.jpg\",\"woocommerce_thumbnail\":\"https:\\\/\\\/www.vignevin.com\\\/wp-content\\\/uploads\\\/2019\\\/09\\\/Sympt\u00f4mes-de-carence-potassique-3-300x300.jpg\",\"woocommerce_single\":\"https:\\\/\\\/www.vignevin.com\\\/wp-content\\\/uploads\\\/2019\\\/09\\\/Sympt\u00f4mes-de-carence-potassique-3-600x800.jpg\",\"woocommerce_gallery_thumbnail\":\"https:\\\/\\\/www.vignevin.com\\\/wp-content\\\/uploads\\\/2019\\\/09\\\/Sympt\u00f4mes-de-carence-potassique-3-100x100.jpg\",\"full\":\"https:\\\/\\\/www.vignevin.com\\\/wp-content\\\/uploads\\\/2019\\\/09\\\/Sympt\u00f4mes-de-carence-potassique-3.jpg\",\"index\":19,\"id\":10075,\"video\":false,\"opts\":{\"caption\":\"OLYMPUS DIGITAL CAMERA\",\"thumb\":\"https:\\\/\\\/www.vignevin.com\\\/wp-content\\\/uploads\\\/2019\\\/09\\\/Sympt\u00f4mes-de-carence-potassique-3-75x50_c.jpg\",\"title\":\"OLYMPUS DIGITAL CAMERA\"},\"gallery_id\":17388,\"gallery_title\":\"Grapevines Deficiencies\"},\"10076\":{\"status\":\"active\",\"src\":\"https:\\\/\\\/www.vignevin.com\\\/wp-content\\\/uploads\\\/2019\\\/09\\\/Sympt\u00f4mes-de-carence-potassique-4.jpg\",\"title\":\"Sympt&amp;ocirc;mes de carence potassique (4)\",\"link\":\"https:\\\/\\\/www.vignevin.com\\\/wp-content\\\/uploads\\\/2019\\\/09\\\/Sympt\u00f4mes-de-carence-potassique-4.jpg\",\"alt\":\"\",\"caption\":false,\"thumb\":\"https:\\\/\\\/www.vignevin.com\\\/wp-content\\\/uploads\\\/2019\\\/09\\\/Sympt\u00f4mes-de-carence-potassique-4-75x50_c.jpg\",\"meta\":{\"aperture\":null,\"credit\":null,\"camera\":null,\"caption\":\"\",\"created_timestamp\":null,\"copyright\":null,\"focal_length\":null,\"iso\":null,\"shutter_speed\":null,\"title\":\"\",\"orientation\":null,\"keywords\":null},\"thumbnail\":\"https:\\\/\\\/www.vignevin.com\\\/wp-content\\\/uploads\\\/2019\\\/09\\\/Sympt\u00f4mes-de-carence-potassique-4-150x150.jpg\",\"medium\":\"https:\\\/\\\/www.vignevin.com\\\/wp-content\\\/uploads\\\/2019\\\/09\\\/Sympt\u00f4mes-de-carence-potassique-4-290x300.jpg\",\"medium_large\":\"https:\\\/\\\/www.vignevin.com\\\/wp-content\\\/uploads\\\/2019\\\/09\\\/Sympt\u00f4mes-de-carence-potassique-4.jpg\",\"large\":\"https:\\\/\\\/www.vignevin.com\\\/wp-content\\\/uploads\\\/2019\\\/09\\\/Sympt\u00f4mes-de-carence-potassique-4.jpg\",\"1536x1536\":\"https:\\\/\\\/www.vignevin.com\\\/wp-content\\\/uploads\\\/2019\\\/09\\\/Sympt\u00f4mes-de-carence-potassique-4.jpg\",\"2048x2048\":\"https:\\\/\\\/www.vignevin.com\\\/wp-content\\\/uploads\\\/2019\\\/09\\\/Sympt\u00f4mes-de-carence-potassique-4.jpg\",\"et-pb-post-main-image\":\"https:\\\/\\\/www.vignevin.com\\\/wp-content\\\/uploads\\\/2019\\\/09\\\/Sympt\u00f4mes-de-carence-potassique-4-400x250.jpg\",\"et-pb-post-main-image-fullwidth\":\"https:\\\/\\\/www.vignevin.com\\\/wp-content\\\/uploads\\\/2019\\\/09\\\/Sympt\u00f4mes-de-carence-potassique-4.jpg\",\"et-pb-portfolio-image\":\"https:\\\/\\\/www.vignevin.com\\\/wp-content\\\/uploads\\\/2019\\\/09\\\/Sympt\u00f4mes-de-carence-potassique-4-400x284.jpg\",\"et-pb-portfolio-module-image\":\"https:\\\/\\\/www.vignevin.com\\\/wp-content\\\/uploads\\\/2019\\\/09\\\/Sympt\u00f4mes-de-carence-potassique-4-510x382.jpg\",\"et-pb-portfolio-image-single\":\"https:\\\/\\\/www.vignevin.com\\\/wp-content\\\/uploads\\\/2019\\\/09\\\/Sympt\u00f4mes-de-carence-potassique-4.jpg\",\"et-pb-gallery-module-image-portrait\":\"https:\\\/\\\/www.vignevin.com\\\/wp-content\\\/uploads\\\/2019\\\/09\\\/Sympt\u00f4mes-de-carence-potassique-4-400x516.jpg\",\"et-pb-post-main-image-fullwidth-large\":\"https:\\\/\\\/www.vignevin.com\\\/wp-content\\\/uploads\\\/2019\\\/09\\\/Sympt\u00f4mes-de-carence-potassique-4.jpg\",\"et-pb-image--responsive--desktop\":\"https:\\\/\\\/www.vignevin.com\\\/wp-content\\\/uploads\\\/2019\\\/09\\\/Sympt\u00f4mes-de-carence-potassique-4.jpg\",\"et-pb-image--responsive--tablet\":\"https:\\\/\\\/www.vignevin.com\\\/wp-content\\\/uploads\\\/2019\\\/09\\\/Sympt\u00f4mes-de-carence-potassique-4.jpg\",\"et-pb-image--responsive--phone\":\"https:\\\/\\\/www.vignevin.com\\\/wp-content\\\/uploads\\\/2019\\\/09\\\/Sympt\u00f4mes-de-carence-potassique-4.jpg\",\"gform-image-choice-sm\":\"https:\\\/\\\/www.vignevin.com\\\/wp-content\\\/uploads\\\/2019\\\/09\\\/Sympt\u00f4mes-de-carence-potassique-4.jpg\",\"gform-image-choice-md\":\"https:\\\/\\\/www.vignevin.com\\\/wp-content\\\/uploads\\\/2019\\\/09\\\/Sympt\u00f4mes-de-carence-potassique-4.jpg\",\"gform-image-choice-lg\":\"https:\\\/\\\/www.vignevin.com\\\/wp-content\\\/uploads\\\/2019\\\/09\\\/Sympt\u00f4mes-de-carence-potassique-4.jpg\",\"woocommerce_thumbnail\":\"https:\\\/\\\/www.vignevin.com\\\/wp-content\\\/uploads\\\/2019\\\/09\\\/Sympt\u00f4mes-de-carence-potassique-4-300x300.jpg\",\"woocommerce_single\":\"https:\\\/\\\/www.vignevin.com\\\/wp-content\\\/uploads\\\/2019\\\/09\\\/Sympt\u00f4mes-de-carence-potassique-4.jpg\",\"woocommerce_gallery_thumbnail\":\"https:\\\/\\\/www.vignevin.com\\\/wp-content\\\/uploads\\\/2019\\\/09\\\/Sympt\u00f4mes-de-carence-potassique-4-100x100.jpg\",\"full\":\"https:\\\/\\\/www.vignevin.com\\\/wp-content\\\/uploads\\\/2019\\\/09\\\/Sympt\u00f4mes-de-carence-potassique-4.jpg\",\"index\":20,\"id\":10076,\"video\":false,\"opts\":{\"caption\":\"\",\"thumb\":\"https:\\\/\\\/www.vignevin.com\\\/wp-content\\\/uploads\\\/2019\\\/09\\\/Sympt\u00f4mes-de-carence-potassique-4-75x50_c.jpg\",\"title\":\"Sympt&amp;ocirc;mes de carence potassique (4)\"},\"gallery_id\":17388,\"gallery_title\":\"Grapevines Deficiencies\"},\"10077\":{\"status\":\"active\",\"src\":\"https:\\\/\\\/www.vignevin.com\\\/wp-content\\\/uploads\\\/2019\\\/09\\\/Sympt\u00f4mes-de-carence-potassique-scaled.jpg\",\"title\":\"Sympt&amp;ocirc;mes de carence potassique\",\"link\":\"https:\\\/\\\/www.vignevin.com\\\/wp-content\\\/uploads\\\/2019\\\/09\\\/Sympt\u00f4mes-de-carence-potassique.jpg\",\"alt\":\"\",\"caption\":false,\"thumb\":\"https:\\\/\\\/www.vignevin.com\\\/wp-content\\\/uploads\\\/2019\\\/09\\\/Sympt\u00f4mes-de-carence-potassique-scaled-75x50_c.jpg\",\"meta\":{\"aperture\":\"4\",\"credit\":null,\"camera\":\"DMC-TZ10\",\"caption\":\"\",\"created_timestamp\":\"1441361635\",\"copyright\":null,\"focal_length\":\"4.1\",\"iso\":\"80\",\"shutter_speed\":\"0.00625\",\"title\":\"\",\"orientation\":\"1\",\"keywords\":null},\"thumbnail\":\"https:\\\/\\\/www.vignevin.com\\\/wp-content\\\/uploads\\\/2019\\\/09\\\/Sympt\u00f4mes-de-carence-potassique-150x150.jpg\",\"medium\":\"https:\\\/\\\/www.vignevin.com\\\/wp-content\\\/uploads\\\/2019\\\/09\\\/Sympt\u00f4mes-de-carence-potassique-225x300.jpg\",\"medium_large\":\"https:\\\/\\\/www.vignevin.com\\\/wp-content\\\/uploads\\\/2019\\\/09\\\/Sympt\u00f4mes-de-carence-potassique-768x1024.jpg\",\"large\":\"https:\\\/\\\/www.vignevin.com\\\/wp-content\\\/uploads\\\/2019\\\/09\\\/Sympt\u00f4mes-de-carence-potassique-768x1024.jpg\",\"1536x1536\":\"https:\\\/\\\/www.vignevin.com\\\/wp-content\\\/uploads\\\/2019\\\/09\\\/Sympt\u00f4mes-de-carence-potassique-scaled.jpg\",\"2048x2048\":\"https:\\\/\\\/www.vignevin.com\\\/wp-content\\\/uploads\\\/2019\\\/09\\\/Sympt\u00f4mes-de-carence-potassique-scaled.jpg\",\"et-pb-post-main-image\":\"https:\\\/\\\/www.vignevin.com\\\/wp-content\\\/uploads\\\/2019\\\/09\\\/Sympt\u00f4mes-de-carence-potassique-400x250.jpg\",\"et-pb-post-main-image-fullwidth\":\"https:\\\/\\\/www.vignevin.com\\\/wp-content\\\/uploads\\\/2019\\\/09\\\/Sympt\u00f4mes-de-carence-potassique-1080x675.jpg\",\"et-pb-portfolio-image\":\"https:\\\/\\\/www.vignevin.com\\\/wp-content\\\/uploads\\\/2019\\\/09\\\/Sympt\u00f4mes-de-carence-potassique-400x284.jpg\",\"et-pb-portfolio-module-image\":\"https:\\\/\\\/www.vignevin.com\\\/wp-content\\\/uploads\\\/2019\\\/09\\\/Sympt\u00f4mes-de-carence-potassique-510x382.jpg\",\"et-pb-portfolio-image-single\":\"https:\\\/\\\/www.vignevin.com\\\/wp-content\\\/uploads\\\/2019\\\/09\\\/Sympt\u00f4mes-de-carence-potassique-1080x1440.jpg\",\"et-pb-gallery-module-image-portrait\":\"https:\\\/\\\/www.vignevin.com\\\/wp-content\\\/uploads\\\/2019\\\/09\\\/Sympt\u00f4mes-de-carence-potassique-400x516.jpg\",\"et-pb-post-main-image-fullwidth-large\":\"https:\\\/\\\/www.vignevin.com\\\/wp-content\\\/uploads\\\/2019\\\/09\\\/Sympt\u00f4mes-de-carence-potassique-2880x1800.jpg\",\"et-pb-image--responsive--desktop\":\"https:\\\/\\\/www.vignevin.com\\\/wp-content\\\/uploads\\\/2019\\\/09\\\/Sympt\u00f4mes-de-carence-potassique-scaled.jpg\",\"et-pb-image--responsive--tablet\":\"https:\\\/\\\/www.vignevin.com\\\/wp-content\\\/uploads\\\/2019\\\/09\\\/Sympt\u00f4mes-de-carence-potassique-scaled.jpg\",\"et-pb-image--responsive--phone\":\"https:\\\/\\\/www.vignevin.com\\\/wp-content\\\/uploads\\\/2019\\\/09\\\/Sympt\u00f4mes-de-carence-potassique-scaled.jpg\",\"gform-image-choice-sm\":\"https:\\\/\\\/www.vignevin.com\\\/wp-content\\\/uploads\\\/2019\\\/09\\\/Sympt\u00f4mes-de-carence-potassique-scaled.jpg\",\"gform-image-choice-md\":\"https:\\\/\\\/www.vignevin.com\\\/wp-content\\\/uploads\\\/2019\\\/09\\\/Sympt\u00f4mes-de-carence-potassique-scaled.jpg\",\"gform-image-choice-lg\":\"https:\\\/\\\/www.vignevin.com\\\/wp-content\\\/uploads\\\/2019\\\/09\\\/Sympt\u00f4mes-de-carence-potassique-scaled.jpg\",\"woocommerce_thumbnail\":\"https:\\\/\\\/www.vignevin.com\\\/wp-content\\\/uploads\\\/2019\\\/09\\\/Sympt\u00f4mes-de-carence-potassique-scaled-300x300.jpg\",\"woocommerce_single\":\"https:\\\/\\\/www.vignevin.com\\\/wp-content\\\/uploads\\\/2019\\\/09\\\/Sympt\u00f4mes-de-carence-potassique-scaled-600x800.jpg\",\"woocommerce_gallery_thumbnail\":\"https:\\\/\\\/www.vignevin.com\\\/wp-content\\\/uploads\\\/2019\\\/09\\\/Sympt\u00f4mes-de-carence-potassique-scaled-100x100.jpg\",\"full\":\"https:\\\/\\\/www.vignevin.com\\\/wp-content\\\/uploads\\\/2019\\\/09\\\/Sympt\u00f4mes-de-carence-potassique-scaled.jpg\",\"index\":21,\"id\":10077,\"video\":false,\"opts\":{\"caption\":\"\",\"thumb\":\"https:\\\/\\\/www.vignevin.com\\\/wp-content\\\/uploads\\\/2019\\\/09\\\/Sympt\u00f4mes-de-carence-potassique-scaled-75x50_c.jpg\",\"title\":\"Sympt&amp;ocirc;mes de carence potassique\"},\"gallery_id\":17388,\"gallery_title\":\"Grapevines Deficiencies\"},\"10078\":{\"status\":\"active\",\"src\":\"https:\\\/\\\/www.vignevin.com\\\/wp-content\\\/uploads\\\/2019\\\/09\\\/Sympt\u00f4mes-de-nepovirus-RpRV-scaled.jpg\",\"title\":\"Sympt&amp;ocirc;mes de nepovirus (RpRV)\",\"link\":\"https:\\\/\\\/www.vignevin.com\\\/wp-content\\\/uploads\\\/2019\\\/09\\\/Sympt\u00f4mes-de-nepovirus-RpRV.jpg\",\"alt\":\"\",\"caption\":false,\"thumb\":\"https:\\\/\\\/www.vignevin.com\\\/wp-content\\\/uploads\\\/2019\\\/09\\\/Sympt\u00f4mes-de-nepovirus-RpRV-scaled-75x50_c.jpg\",\"meta\":{\"aperture\":\"3.5\",\"credit\":null,\"camera\":\"FinePix S5700 S700\",\"caption\":\"\",\"created_timestamp\":\"1421421953\",\"copyright\":null,\"focal_length\":\"6.3\",\"iso\":\"64\",\"shutter_speed\":\"0.0066666666666667\",\"title\":\"\",\"orientation\":\"1\",\"keywords\":null},\"thumbnail\":\"https:\\\/\\\/www.vignevin.com\\\/wp-content\\\/uploads\\\/2019\\\/09\\\/Sympt\u00f4mes-de-nepovirus-RpRV-150x150.jpg\",\"medium\":\"https:\\\/\\\/www.vignevin.com\\\/wp-content\\\/uploads\\\/2019\\\/09\\\/Sympt\u00f4mes-de-nepovirus-RpRV-300x225.jpg\",\"medium_large\":\"https:\\\/\\\/www.vignevin.com\\\/wp-content\\\/uploads\\\/2019\\\/09\\\/Sympt\u00f4mes-de-nepovirus-RpRV-768x576.jpg\",\"large\":\"https:\\\/\\\/www.vignevin.com\\\/wp-content\\\/uploads\\\/2019\\\/09\\\/Sympt\u00f4mes-de-nepovirus-RpRV-1024x768.jpg\",\"1536x1536\":\"https:\\\/\\\/www.vignevin.com\\\/wp-content\\\/uploads\\\/2019\\\/09\\\/Sympt\u00f4mes-de-nepovirus-RpRV-scaled.jpg\",\"2048x2048\":\"https:\\\/\\\/www.vignevin.com\\\/wp-content\\\/uploads\\\/2019\\\/09\\\/Sympt\u00f4mes-de-nepovirus-RpRV-scaled.jpg\",\"et-pb-post-main-image\":\"https:\\\/\\\/www.vignevin.com\\\/wp-content\\\/uploads\\\/2019\\\/09\\\/Sympt\u00f4mes-de-nepovirus-RpRV-400x250.jpg\",\"et-pb-post-main-image-fullwidth\":\"https:\\\/\\\/www.vignevin.com\\\/wp-content\\\/uploads\\\/2019\\\/09\\\/Sympt\u00f4mes-de-nepovirus-RpRV-1080x675.jpg\",\"et-pb-portfolio-image\":\"https:\\\/\\\/www.vignevin.com\\\/wp-content\\\/uploads\\\/2019\\\/09\\\/Sympt\u00f4mes-de-nepovirus-RpRV-400x284.jpg\",\"et-pb-portfolio-module-image\":\"https:\\\/\\\/www.vignevin.com\\\/wp-content\\\/uploads\\\/2019\\\/09\\\/Sympt\u00f4mes-de-nepovirus-RpRV-510x382.jpg\",\"et-pb-portfolio-image-single\":\"https:\\\/\\\/www.vignevin.com\\\/wp-content\\\/uploads\\\/2019\\\/09\\\/Sympt\u00f4mes-de-nepovirus-RpRV-1080x810.jpg\",\"et-pb-gallery-module-image-portrait\":\"https:\\\/\\\/www.vignevin.com\\\/wp-content\\\/uploads\\\/2019\\\/09\\\/Sympt\u00f4mes-de-nepovirus-RpRV-400x516.jpg\",\"et-pb-post-main-image-fullwidth-large\":\"https:\\\/\\\/www.vignevin.com\\\/wp-content\\\/uploads\\\/2019\\\/09\\\/Sympt\u00f4mes-de-nepovirus-RpRV-2880x1800.jpg\",\"et-pb-image--responsive--desktop\":\"https:\\\/\\\/www.vignevin.com\\\/wp-content\\\/uploads\\\/2019\\\/09\\\/Sympt\u00f4mes-de-nepovirus-RpRV-scaled.jpg\",\"et-pb-image--responsive--tablet\":\"https:\\\/\\\/www.vignevin.com\\\/wp-content\\\/uploads\\\/2019\\\/09\\\/Sympt\u00f4mes-de-nepovirus-RpRV-scaled.jpg\",\"et-pb-image--responsive--phone\":\"https:\\\/\\\/www.vignevin.com\\\/wp-content\\\/uploads\\\/2019\\\/09\\\/Sympt\u00f4mes-de-nepovirus-RpRV-scaled.jpg\",\"gform-image-choice-sm\":\"https:\\\/\\\/www.vignevin.com\\\/wp-content\\\/uploads\\\/2019\\\/09\\\/Sympt\u00f4mes-de-nepovirus-RpRV-scaled.jpg\",\"gform-image-choice-md\":\"https:\\\/\\\/www.vignevin.com\\\/wp-content\\\/uploads\\\/2019\\\/09\\\/Sympt\u00f4mes-de-nepovirus-RpRV-scaled.jpg\",\"gform-image-choice-lg\":\"https:\\\/\\\/www.vignevin.com\\\/wp-content\\\/uploads\\\/2019\\\/09\\\/Sympt\u00f4mes-de-nepovirus-RpRV-scaled.jpg\",\"woocommerce_thumbnail\":\"https:\\\/\\\/www.vignevin.com\\\/wp-content\\\/uploads\\\/2019\\\/09\\\/Sympt\u00f4mes-de-nepovirus-RpRV-scaled-300x300.jpg\",\"woocommerce_single\":\"https:\\\/\\\/www.vignevin.com\\\/wp-content\\\/uploads\\\/2019\\\/09\\\/Sympt\u00f4mes-de-nepovirus-RpRV-scaled-600x450.jpg\",\"woocommerce_gallery_thumbnail\":\"https:\\\/\\\/www.vignevin.com\\\/wp-content\\\/uploads\\\/2019\\\/09\\\/Sympt\u00f4mes-de-nepovirus-RpRV-scaled-100x100.jpg\",\"full\":\"https:\\\/\\\/www.vignevin.com\\\/wp-content\\\/uploads\\\/2019\\\/09\\\/Sympt\u00f4mes-de-nepovirus-RpRV-scaled.jpg\",\"index\":22,\"id\":10078,\"video\":false,\"opts\":{\"caption\":\"\",\"thumb\":\"https:\\\/\\\/www.vignevin.com\\\/wp-content\\\/uploads\\\/2019\\\/09\\\/Sympt\u00f4mes-de-nepovirus-RpRV-scaled-75x50_c.jpg\",\"title\":\"Sympt&amp;ocirc;mes de nepovirus (RpRV)\"},\"gallery_id\":17388,\"gallery_title\":\"Grapevines Deficiencies\"},\"10079\":{\"status\":\"active\",\"src\":\"https:\\\/\\\/www.vignevin.com\\\/wp-content\\\/uploads\\\/2019\\\/09\\\/Sympt\u00f4mes-de-nepovirus-SLRV-scaled.jpg\",\"title\":\"Sympt&amp;ocirc;mes de nepovirus (SLRV)\",\"link\":\"https:\\\/\\\/www.vignevin.com\\\/wp-content\\\/uploads\\\/2019\\\/09\\\/Sympt\u00f4mes-de-nepovirus-SLRV.jpg\",\"alt\":\"\",\"caption\":false,\"thumb\":\"https:\\\/\\\/www.vignevin.com\\\/wp-content\\\/uploads\\\/2019\\\/09\\\/Sympt\u00f4mes-de-nepovirus-SLRV-scaled-75x50_c.jpg\",\"meta\":{\"aperture\":\"6.8\",\"credit\":null,\"camera\":\"FinePix S5700 S700\",\"caption\":\"\",\"created_timestamp\":\"1421420611\",\"copyright\":null,\"focal_length\":\"6.3\",\"iso\":\"64\",\"shutter_speed\":\"0.016666666666667\",\"title\":\"\",\"orientation\":\"1\",\"keywords\":null},\"thumbnail\":\"https:\\\/\\\/www.vignevin.com\\\/wp-content\\\/uploads\\\/2019\\\/09\\\/Sympt\u00f4mes-de-nepovirus-SLRV-150x150.jpg\",\"medium\":\"https:\\\/\\\/www.vignevin.com\\\/wp-content\\\/uploads\\\/2019\\\/09\\\/Sympt\u00f4mes-de-nepovirus-SLRV-300x225.jpg\",\"medium_large\":\"https:\\\/\\\/www.vignevin.com\\\/wp-content\\\/uploads\\\/2019\\\/09\\\/Sympt\u00f4mes-de-nepovirus-SLRV-768x576.jpg\",\"large\":\"https:\\\/\\\/www.vignevin.com\\\/wp-content\\\/uploads\\\/2019\\\/09\\\/Sympt\u00f4mes-de-nepovirus-SLRV-1024x768.jpg\",\"1536x1536\":\"https:\\\/\\\/www.vignevin.com\\\/wp-content\\\/uploads\\\/2019\\\/09\\\/Sympt\u00f4mes-de-nepovirus-SLRV-scaled.jpg\",\"2048x2048\":\"https:\\\/\\\/www.vignevin.com\\\/wp-content\\\/uploads\\\/2019\\\/09\\\/Sympt\u00f4mes-de-nepovirus-SLRV-scaled.jpg\",\"et-pb-post-main-image\":\"https:\\\/\\\/www.vignevin.com\\\/wp-content\\\/uploads\\\/2019\\\/09\\\/Sympt\u00f4mes-de-nepovirus-SLRV-400x250.jpg\",\"et-pb-post-main-image-fullwidth\":\"https:\\\/\\\/www.vignevin.com\\\/wp-content\\\/uploads\\\/2019\\\/09\\\/Sympt\u00f4mes-de-nepovirus-SLRV-1080x675.jpg\",\"et-pb-portfolio-image\":\"https:\\\/\\\/www.vignevin.com\\\/wp-content\\\/uploads\\\/2019\\\/09\\\/Sympt\u00f4mes-de-nepovirus-SLRV-400x284.jpg\",\"et-pb-portfolio-module-image\":\"https:\\\/\\\/www.vignevin.com\\\/wp-content\\\/uploads\\\/2019\\\/09\\\/Sympt\u00f4mes-de-nepovirus-SLRV-510x382.jpg\",\"et-pb-portfolio-image-single\":\"https:\\\/\\\/www.vignevin.com\\\/wp-content\\\/uploads\\\/2019\\\/09\\\/Sympt\u00f4mes-de-nepovirus-SLRV-1080x810.jpg\",\"et-pb-gallery-module-image-portrait\":\"https:\\\/\\\/www.vignevin.com\\\/wp-content\\\/uploads\\\/2019\\\/09\\\/Sympt\u00f4mes-de-nepovirus-SLRV-400x516.jpg\",\"et-pb-post-main-image-fullwidth-large\":\"https:\\\/\\\/www.vignevin.com\\\/wp-content\\\/uploads\\\/2019\\\/09\\\/Sympt\u00f4mes-de-nepovirus-SLRV-2880x1800.jpg\",\"et-pb-image--responsive--desktop\":\"https:\\\/\\\/www.vignevin.com\\\/wp-content\\\/uploads\\\/2019\\\/09\\\/Sympt\u00f4mes-de-nepovirus-SLRV-scaled.jpg\",\"et-pb-image--responsive--tablet\":\"https:\\\/\\\/www.vignevin.com\\\/wp-content\\\/uploads\\\/2019\\\/09\\\/Sympt\u00f4mes-de-nepovirus-SLRV-scaled.jpg\",\"et-pb-image--responsive--phone\":\"https:\\\/\\\/www.vignevin.com\\\/wp-content\\\/uploads\\\/2019\\\/09\\\/Sympt\u00f4mes-de-nepovirus-SLRV-scaled.jpg\",\"gform-image-choice-sm\":\"https:\\\/\\\/www.vignevin.com\\\/wp-content\\\/uploads\\\/2019\\\/09\\\/Sympt\u00f4mes-de-nepovirus-SLRV-scaled.jpg\",\"gform-image-choice-md\":\"https:\\\/\\\/www.vignevin.com\\\/wp-content\\\/uploads\\\/2019\\\/09\\\/Sympt\u00f4mes-de-nepovirus-SLRV-scaled.jpg\",\"gform-image-choice-lg\":\"https:\\\/\\\/www.vignevin.com\\\/wp-content\\\/uploads\\\/2019\\\/09\\\/Sympt\u00f4mes-de-nepovirus-SLRV-scaled.jpg\",\"woocommerce_thumbnail\":\"https:\\\/\\\/www.vignevin.com\\\/wp-content\\\/uploads\\\/2019\\\/09\\\/Sympt\u00f4mes-de-nepovirus-SLRV-scaled-300x300.jpg\",\"woocommerce_single\":\"https:\\\/\\\/www.vignevin.com\\\/wp-content\\\/uploads\\\/2019\\\/09\\\/Sympt\u00f4mes-de-nepovirus-SLRV-scaled-600x450.jpg\",\"woocommerce_gallery_thumbnail\":\"https:\\\/\\\/www.vignevin.com\\\/wp-content\\\/uploads\\\/2019\\\/09\\\/Sympt\u00f4mes-de-nepovirus-SLRV-scaled-100x100.jpg\",\"full\":\"https:\\\/\\\/www.vignevin.com\\\/wp-content\\\/uploads\\\/2019\\\/09\\\/Sympt\u00f4mes-de-nepovirus-SLRV-scaled.jpg\",\"index\":23,\"id\":10079,\"video\":false,\"opts\":{\"caption\":\"\",\"thumb\":\"https:\\\/\\\/www.vignevin.com\\\/wp-content\\\/uploads\\\/2019\\\/09\\\/Sympt\u00f4mes-de-nepovirus-SLRV-scaled-75x50_c.jpg\",\"title\":\"Sympt&amp;ocirc;mes de nepovirus (SLRV)\"},\"gallery_id\":17388,\"gallery_title\":\"Grapevines Deficiencies\"},\"10080\":{\"status\":\"active\",\"src\":\"https:\\\/\\\/www.vignevin.com\\\/wp-content\\\/uploads\\\/2019\\\/09\\\/Sympt\u00f4mes-de-nepovirus-TBRV-scaled.jpg\",\"title\":\"Sympt&amp;ocirc;mes de nepovirus (TBRV)\",\"link\":\"https:\\\/\\\/www.vignevin.com\\\/wp-content\\\/uploads\\\/2019\\\/09\\\/Sympt\u00f4mes-de-nepovirus-TBRV.jpg\",\"alt\":\"\",\"caption\":false,\"thumb\":\"https:\\\/\\\/www.vignevin.com\\\/wp-content\\\/uploads\\\/2019\\\/09\\\/Sympt\u00f4mes-de-nepovirus-TBRV-scaled-75x50_c.jpg\",\"meta\":{\"aperture\":\"3.5\",\"credit\":null,\"camera\":\"FinePix S5700 S700\",\"caption\":\"\",\"created_timestamp\":\"1421421013\",\"copyright\":null,\"focal_length\":\"6.3\",\"iso\":\"64\",\"shutter_speed\":\"0.0058823529411765\",\"title\":\"\",\"orientation\":\"1\",\"keywords\":null},\"thumbnail\":\"https:\\\/\\\/www.vignevin.com\\\/wp-content\\\/uploads\\\/2019\\\/09\\\/Sympt\u00f4mes-de-nepovirus-TBRV-150x150.jpg\",\"medium\":\"https:\\\/\\\/www.vignevin.com\\\/wp-content\\\/uploads\\\/2019\\\/09\\\/Sympt\u00f4mes-de-nepovirus-TBRV-300x225.jpg\",\"medium_large\":\"https:\\\/\\\/www.vignevin.com\\\/wp-content\\\/uploads\\\/2019\\\/09\\\/Sympt\u00f4mes-de-nepovirus-TBRV-768x576.jpg\",\"large\":\"https:\\\/\\\/www.vignevin.com\\\/wp-content\\\/uploads\\\/2019\\\/09\\\/Sympt\u00f4mes-de-nepovirus-TBRV-1024x768.jpg\",\"1536x1536\":\"https:\\\/\\\/www.vignevin.com\\\/wp-content\\\/uploads\\\/2019\\\/09\\\/Sympt\u00f4mes-de-nepovirus-TBRV-scaled.jpg\",\"2048x2048\":\"https:\\\/\\\/www.vignevin.com\\\/wp-content\\\/uploads\\\/2019\\\/09\\\/Sympt\u00f4mes-de-nepovirus-TBRV-scaled.jpg\",\"et-pb-post-main-image\":\"https:\\\/\\\/www.vignevin.com\\\/wp-content\\\/uploads\\\/2019\\\/09\\\/Sympt\u00f4mes-de-nepovirus-TBRV-400x250.jpg\",\"et-pb-post-main-image-fullwidth\":\"https:\\\/\\\/www.vignevin.com\\\/wp-content\\\/uploads\\\/2019\\\/09\\\/Sympt\u00f4mes-de-nepovirus-TBRV-1080x675.jpg\",\"et-pb-portfolio-image\":\"https:\\\/\\\/www.vignevin.com\\\/wp-content\\\/uploads\\\/2019\\\/09\\\/Sympt\u00f4mes-de-nepovirus-TBRV-400x284.jpg\",\"et-pb-portfolio-module-image\":\"https:\\\/\\\/www.vignevin.com\\\/wp-content\\\/uploads\\\/2019\\\/09\\\/Sympt\u00f4mes-de-nepovirus-TBRV-510x382.jpg\",\"et-pb-portfolio-image-single\":\"https:\\\/\\\/www.vignevin.com\\\/wp-content\\\/uploads\\\/2019\\\/09\\\/Sympt\u00f4mes-de-nepovirus-TBRV-1080x810.jpg\",\"et-pb-gallery-module-image-portrait\":\"https:\\\/\\\/www.vignevin.com\\\/wp-content\\\/uploads\\\/2019\\\/09\\\/Sympt\u00f4mes-de-nepovirus-TBRV-400x516.jpg\",\"et-pb-post-main-image-fullwidth-large\":\"https:\\\/\\\/www.vignevin.com\\\/wp-content\\\/uploads\\\/2019\\\/09\\\/Sympt\u00f4mes-de-nepovirus-TBRV-2880x1800.jpg\",\"et-pb-image--responsive--desktop\":\"https:\\\/\\\/www.vignevin.com\\\/wp-content\\\/uploads\\\/2019\\\/09\\\/Sympt\u00f4mes-de-nepovirus-TBRV-scaled.jpg\",\"et-pb-image--responsive--tablet\":\"https:\\\/\\\/www.vignevin.com\\\/wp-content\\\/uploads\\\/2019\\\/09\\\/Sympt\u00f4mes-de-nepovirus-TBRV-scaled.jpg\",\"et-pb-image--responsive--phone\":\"https:\\\/\\\/www.vignevin.com\\\/wp-content\\\/uploads\\\/2019\\\/09\\\/Sympt\u00f4mes-de-nepovirus-TBRV-scaled.jpg\",\"gform-image-choice-sm\":\"https:\\\/\\\/www.vignevin.com\\\/wp-content\\\/uploads\\\/2019\\\/09\\\/Sympt\u00f4mes-de-nepovirus-TBRV-scaled.jpg\",\"gform-image-choice-md\":\"https:\\\/\\\/www.vignevin.com\\\/wp-content\\\/uploads\\\/2019\\\/09\\\/Sympt\u00f4mes-de-nepovirus-TBRV-scaled.jpg\",\"gform-image-choice-lg\":\"https:\\\/\\\/www.vignevin.com\\\/wp-content\\\/uploads\\\/2019\\\/09\\\/Sympt\u00f4mes-de-nepovirus-TBRV-scaled.jpg\",\"woocommerce_thumbnail\":\"https:\\\/\\\/www.vignevin.com\\\/wp-content\\\/uploads\\\/2019\\\/09\\\/Sympt\u00f4mes-de-nepovirus-TBRV-scaled-300x300.jpg\",\"woocommerce_single\":\"https:\\\/\\\/www.vignevin.com\\\/wp-content\\\/uploads\\\/2019\\\/09\\\/Sympt\u00f4mes-de-nepovirus-TBRV-scaled-600x450.jpg\",\"woocommerce_gallery_thumbnail\":\"https:\\\/\\\/www.vignevin.com\\\/wp-content\\\/uploads\\\/2019\\\/09\\\/Sympt\u00f4mes-de-nepovirus-TBRV-scaled-100x100.jpg\",\"full\":\"https:\\\/\\\/www.vignevin.com\\\/wp-content\\\/uploads\\\/2019\\\/09\\\/Sympt\u00f4mes-de-nepovirus-TBRV-scaled.jpg\",\"index\":24,\"id\":10080,\"video\":false,\"opts\":{\"caption\":\"\",\"thumb\":\"https:\\\/\\\/www.vignevin.com\\\/wp-content\\\/uploads\\\/2019\\\/09\\\/Sympt\u00f4mes-de-nepovirus-TBRV-scaled-75x50_c.jpg\",\"title\":\"Sympt&amp;ocirc;mes de nepovirus (TBRV)\"},\"gallery_id\":17388,\"gallery_title\":\"Grapevines Deficiencies\"},\"10081\":{\"status\":\"active\",\"src\":\"https:\\\/\\\/www.vignevin.com\\\/wp-content\\\/uploads\\\/2019\\\/09\\\/Sympt\u00f4mes-de-rougeau-traumatique-scaled.jpg\",\"title\":\"Sympt&amp;ocirc;mes de rougeau traumatique\",\"link\":\"https:\\\/\\\/www.vignevin.com\\\/wp-content\\\/uploads\\\/2019\\\/09\\\/Sympt\u00f4mes-de-rougeau-traumatique.jpg\",\"alt\":\"\",\"caption\":false,\"thumb\":\"https:\\\/\\\/www.vignevin.com\\\/wp-content\\\/uploads\\\/2019\\\/09\\\/Sympt\u00f4mes-de-rougeau-traumatique-scaled-75x50_c.jpg\",\"meta\":{\"aperture\":\"3.3\",\"credit\":null,\"camera\":\"DMC-TZ10\",\"caption\":\"\",\"created_timestamp\":\"1443521778\",\"copyright\":null,\"focal_length\":\"4.1\",\"iso\":\"80\",\"shutter_speed\":\"0.016666666666667\",\"title\":\"\",\"orientation\":\"1\",\"keywords\":null},\"thumbnail\":\"https:\\\/\\\/www.vignevin.com\\\/wp-content\\\/uploads\\\/2019\\\/09\\\/Sympt\u00f4mes-de-rougeau-traumatique-150x150.jpg\",\"medium\":\"https:\\\/\\\/www.vignevin.com\\\/wp-content\\\/uploads\\\/2019\\\/09\\\/Sympt\u00f4mes-de-rougeau-traumatique-225x300.jpg\",\"medium_large\":\"https:\\\/\\\/www.vignevin.com\\\/wp-content\\\/uploads\\\/2019\\\/09\\\/Sympt\u00f4mes-de-rougeau-traumatique-768x1024.jpg\",\"large\":\"https:\\\/\\\/www.vignevin.com\\\/wp-content\\\/uploads\\\/2019\\\/09\\\/Sympt\u00f4mes-de-rougeau-traumatique-768x1024.jpg\",\"1536x1536\":\"https:\\\/\\\/www.vignevin.com\\\/wp-content\\\/uploads\\\/2019\\\/09\\\/Sympt\u00f4mes-de-rougeau-traumatique-scaled.jpg\",\"2048x2048\":\"https:\\\/\\\/www.vignevin.com\\\/wp-content\\\/uploads\\\/2019\\\/09\\\/Sympt\u00f4mes-de-rougeau-traumatique-scaled.jpg\",\"et-pb-post-main-image\":\"https:\\\/\\\/www.vignevin.com\\\/wp-content\\\/uploads\\\/2019\\\/09\\\/Sympt\u00f4mes-de-rougeau-traumatique-400x250.jpg\",\"et-pb-post-main-image-fullwidth\":\"https:\\\/\\\/www.vignevin.com\\\/wp-content\\\/uploads\\\/2019\\\/09\\\/Sympt\u00f4mes-de-rougeau-traumatique-1080x675.jpg\",\"et-pb-portfolio-image\":\"https:\\\/\\\/www.vignevin.com\\\/wp-content\\\/uploads\\\/2019\\\/09\\\/Sympt\u00f4mes-de-rougeau-traumatique-400x284.jpg\",\"et-pb-portfolio-module-image\":\"https:\\\/\\\/www.vignevin.com\\\/wp-content\\\/uploads\\\/2019\\\/09\\\/Sympt\u00f4mes-de-rougeau-traumatique-510x382.jpg\",\"et-pb-portfolio-image-single\":\"https:\\\/\\\/www.vignevin.com\\\/wp-content\\\/uploads\\\/2019\\\/09\\\/Sympt\u00f4mes-de-rougeau-traumatique-1080x1440.jpg\",\"et-pb-gallery-module-image-portrait\":\"https:\\\/\\\/www.vignevin.com\\\/wp-content\\\/uploads\\\/2019\\\/09\\\/Sympt\u00f4mes-de-rougeau-traumatique-400x516.jpg\",\"et-pb-post-main-image-fullwidth-large\":\"https:\\\/\\\/www.vignevin.com\\\/wp-content\\\/uploads\\\/2019\\\/09\\\/Sympt\u00f4mes-de-rougeau-traumatique-2880x1800.jpg\",\"et-pb-image--responsive--desktop\":\"https:\\\/\\\/www.vignevin.com\\\/wp-content\\\/uploads\\\/2019\\\/09\\\/Sympt\u00f4mes-de-rougeau-traumatique-scaled.jpg\",\"et-pb-image--responsive--tablet\":\"https:\\\/\\\/www.vignevin.com\\\/wp-content\\\/uploads\\\/2019\\\/09\\\/Sympt\u00f4mes-de-rougeau-traumatique-scaled.jpg\",\"et-pb-image--responsive--phone\":\"https:\\\/\\\/www.vignevin.com\\\/wp-content\\\/uploads\\\/2019\\\/09\\\/Sympt\u00f4mes-de-rougeau-traumatique-scaled.jpg\",\"gform-image-choice-sm\":\"https:\\\/\\\/www.vignevin.com\\\/wp-content\\\/uploads\\\/2019\\\/09\\\/Sympt\u00f4mes-de-rougeau-traumatique-scaled.jpg\",\"gform-image-choice-md\":\"https:\\\/\\\/www.vignevin.com\\\/wp-content\\\/uploads\\\/2019\\\/09\\\/Sympt\u00f4mes-de-rougeau-traumatique-scaled.jpg\",\"gform-image-choice-lg\":\"https:\\\/\\\/www.vignevin.com\\\/wp-content\\\/uploads\\\/2019\\\/09\\\/Sympt\u00f4mes-de-rougeau-traumatique-scaled.jpg\",\"woocommerce_thumbnail\":\"https:\\\/\\\/www.vignevin.com\\\/wp-content\\\/uploads\\\/2019\\\/09\\\/Sympt\u00f4mes-de-rougeau-traumatique-scaled-300x300.jpg\",\"woocommerce_single\":\"https:\\\/\\\/www.vignevin.com\\\/wp-content\\\/uploads\\\/2019\\\/09\\\/Sympt\u00f4mes-de-rougeau-traumatique-scaled-600x800.jpg\",\"woocommerce_gallery_thumbnail\":\"https:\\\/\\\/www.vignevin.com\\\/wp-content\\\/uploads\\\/2019\\\/09\\\/Sympt\u00f4mes-de-rougeau-traumatique-scaled-100x100.jpg\",\"full\":\"https:\\\/\\\/www.vignevin.com\\\/wp-content\\\/uploads\\\/2019\\\/09\\\/Sympt\u00f4mes-de-rougeau-traumatique-scaled.jpg\",\"index\":25,\"id\":10081,\"video\":false,\"opts\":{\"caption\":\"\",\"thumb\":\"https:\\\/\\\/www.vignevin.com\\\/wp-content\\\/uploads\\\/2019\\\/09\\\/Sympt\u00f4mes-de-rougeau-traumatique-scaled-75x50_c.jpg\",\"title\":\"Sympt&amp;ocirc;mes de rougeau traumatique\"},\"gallery_id\":17388,\"gallery_title\":\"Grapevines Deficiencies\"}}'  data-gallery-sort-ids='[10056,10057,10058,10059,10060,10061,10062,10063,10064,10065,10066,10067,10068,10069,10070,10071,10072,10073,10074,10075,10076,10077,10078,10079,10080,10081]'  class=\"envira-album-gallery-17388 \" title=\"Grapevines Deficiencies\" ><div class=\"envira-lazy\" style=\"padding-bottom:66.666666666667%;\"><img loading=\"lazy\" decoding=\"async\" id=\"envira-gallery-image-17388\" class=\"envira-gallery-image envira-gallery-image-5\" data-envira-index=\"5\" src=\"https:\/\/www.vignevin.com\/wp-content\/uploads\/2019\/02\/etiquette-phototheque-carences.jpg\" width=\"600\" height=\"400\" data-envira-src=\"https:\/\/www.vignevin.com\/wp-content\/uploads\/2019\/02\/etiquette-phototheque-carences.jpg\" data-envira-album-id=\"17390\" data-envira-gallery-id=\"17388\" data-envira-item-id=\"17388\" data-caption=\"Grapevines Deficiencies\" alt=\"\" title=\"Grapevines Deficiencies\"  data-envira-srcset=\"https:\/\/www.vignevin.com\/wp-content\/uploads\/2019\/02\/etiquette-phototheque-carences.jpg 400w,https:\/\/www.vignevin.com\/wp-content\/uploads\/2019\/02\/etiquette-phototheque-carences.jpg 2x\" srcset=\"data:image\/gif;base64,R0lGODlhAQABAIAAAP\/\/\/\/\/\/\/yH5BAEKAAEALAAAAAABAAEAAAICTAEAOw==\" \/><\/div><\/a><div class=\"envira-album-title\">Grapevines Deficiencies<\/div><\/div><\/div><\/div><\/div> Video-Library<\/p>\n","protected":false},"author":1,"featured_media":0,"parent":0,"menu_order":0,"comment_status":"closed","ping_status":"closed","template":"","meta":{"_acf_changed":false,"_et_pb_use_builder":"on","_et_pb_old_content":"<p>[et_pb_section bb_built=\"1\" fullwidth=\"off\" specialty=\"on\" inner_width=\"auto\" inner_max_width=\"none\" _builder_version=\"4.4.2\"][et_pb_column type=\"1_2\"][et_pb_text admin_label=\"Phototh\u00e8que\" _builder_version=\"4.4.2\" text_text_shadow_horizontal_length=\"text_text_shadow_style,%91object Object%93\" text_text_shadow_horizontal_length_tablet=\"0px\" text_text_shadow_vertical_length=\"text_text_shadow_style,%91object Object%93\" text_text_shadow_vertical_length_tablet=\"0px\" text_text_shadow_blur_strength=\"text_text_shadow_style,%91object Object%93\" text_text_shadow_blur_strength_tablet=\"1px\" link_text_shadow_horizontal_length=\"link_text_shadow_style,%91object Object%93\" link_text_shadow_horizontal_length_tablet=\"0px\" link_text_shadow_vertical_length=\"link_text_shadow_style,%91object Object%93\" link_text_shadow_vertical_length_tablet=\"0px\" link_text_shadow_blur_strength=\"link_text_shadow_style,%91object Object%93\" link_text_shadow_blur_strength_tablet=\"1px\" ul_text_shadow_horizontal_length=\"ul_text_shadow_style,%91object Object%93\" ul_text_shadow_horizontal_length_tablet=\"0px\" ul_text_shadow_vertical_length=\"ul_text_shadow_style,%91object Object%93\" ul_text_shadow_vertical_length_tablet=\"0px\" ul_text_shadow_blur_strength=\"ul_text_shadow_style,%91object Object%93\" ul_text_shadow_blur_strength_tablet=\"1px\" ol_text_shadow_horizontal_length=\"ol_text_shadow_style,%91object Object%93\" ol_text_shadow_horizontal_length_tablet=\"0px\" ol_text_shadow_vertical_length=\"ol_text_shadow_style,%91object Object%93\" ol_text_shadow_vertical_length_tablet=\"0px\" ol_text_shadow_blur_strength=\"ol_text_shadow_style,%91object Object%93\" ol_text_shadow_blur_strength_tablet=\"1px\" quote_text_shadow_horizontal_length=\"quote_text_shadow_style,%91object Object%93\" quote_text_shadow_horizontal_length_tablet=\"0px\" quote_text_shadow_vertical_length=\"quote_text_shadow_style,%91object Object%93\" quote_text_shadow_vertical_length_tablet=\"0px\" quote_text_shadow_blur_strength=\"quote_text_shadow_style,%91object Object%93\" quote_text_shadow_blur_strength_tablet=\"1px\" header_text_shadow_horizontal_length=\"header_text_shadow_style,%91object Object%93\" header_text_shadow_horizontal_length_tablet=\"0px\" header_text_shadow_vertical_length=\"header_text_shadow_style,%91object Object%93\" header_text_shadow_vertical_length_tablet=\"0px\" header_text_shadow_blur_strength=\"header_text_shadow_style,%91object Object%93\" header_text_shadow_blur_strength_tablet=\"1px\" header_2_text_shadow_horizontal_length=\"header_2_text_shadow_style,%91object Object%93\" header_2_text_shadow_horizontal_length_tablet=\"0px\" header_2_text_shadow_vertical_length=\"header_2_text_shadow_style,%91object Object%93\" header_2_text_shadow_vertical_length_tablet=\"0px\" header_2_text_shadow_blur_strength=\"header_2_text_shadow_style,%91object Object%93\" header_2_text_shadow_blur_strength_tablet=\"1px\" header_3_text_shadow_horizontal_length=\"header_3_text_shadow_style,%91object Object%93\" header_3_text_shadow_horizontal_length_tablet=\"0px\" header_3_text_shadow_vertical_length=\"header_3_text_shadow_style,%91object Object%93\" header_3_text_shadow_vertical_length_tablet=\"0px\" header_3_text_shadow_blur_strength=\"header_3_text_shadow_style,%91object Object%93\" header_3_text_shadow_blur_strength_tablet=\"1px\" header_4_text_shadow_horizontal_length=\"header_4_text_shadow_style,%91object Object%93\" header_4_text_shadow_horizontal_length_tablet=\"0px\" header_4_text_shadow_vertical_length=\"header_4_text_shadow_style,%91object Object%93\" header_4_text_shadow_vertical_length_tablet=\"0px\" header_4_text_shadow_blur_strength=\"header_4_text_shadow_style,%91object Object%93\" header_4_text_shadow_blur_strength_tablet=\"1px\" header_5_text_shadow_horizontal_length=\"header_5_text_shadow_style,%91object Object%93\" header_5_text_shadow_horizontal_length_tablet=\"0px\" header_5_text_shadow_vertical_length=\"header_5_text_shadow_style,%91object Object%93\" header_5_text_shadow_vertical_length_tablet=\"0px\" header_5_text_shadow_blur_strength=\"header_5_text_shadow_style,%91object Object%93\" header_5_text_shadow_blur_strength_tablet=\"1px\" header_6_text_shadow_horizontal_length=\"header_6_text_shadow_style,%91object Object%93\" header_6_text_shadow_horizontal_length_tablet=\"0px\" header_6_text_shadow_vertical_length=\"header_6_text_shadow_style,%91object Object%93\" header_6_text_shadow_vertical_length_tablet=\"0px\" header_6_text_shadow_blur_strength=\"header_6_text_shadow_style,%91object Object%93\" header_6_text_shadow_blur_strength_tablet=\"1px\" box_shadow_horizontal_tablet=\"0px\" box_shadow_vertical_tablet=\"0px\" box_shadow_blur_tablet=\"40px\" box_shadow_spread_tablet=\"0px\" vertical_offset_tablet=\"0\" horizontal_offset_tablet=\"0\" z_index_tablet=\"0\"]<\/p><h2 style=\"text-align: center;\">Phototh\u00e8que<\/h2><p>[\/et_pb_text][et_pb_text admin_label=\"Liste des albums\" _builder_version=\"4.4.2\" text_text_shadow_horizontal_length=\"text_text_shadow_style,%91object Object%93\" text_text_shadow_vertical_length=\"text_text_shadow_style,%91object Object%93\" text_text_shadow_blur_strength=\"text_text_shadow_style,%91object Object%93\" link_text_shadow_horizontal_length=\"link_text_shadow_style,%91object Object%93\" link_text_shadow_vertical_length=\"link_text_shadow_style,%91object Object%93\" link_text_shadow_blur_strength=\"link_text_shadow_style,%91object Object%93\" ul_text_shadow_horizontal_length=\"ul_text_shadow_style,%91object Object%93\" ul_text_shadow_vertical_length=\"ul_text_shadow_style,%91object Object%93\" ul_text_shadow_blur_strength=\"ul_text_shadow_style,%91object Object%93\" ol_text_shadow_horizontal_length=\"ol_text_shadow_style,%91object Object%93\" ol_text_shadow_vertical_length=\"ol_text_shadow_style,%91object Object%93\" ol_text_shadow_blur_strength=\"ol_text_shadow_style,%91object Object%93\" quote_text_shadow_horizontal_length=\"quote_text_shadow_style,%91object Object%93\" quote_text_shadow_vertical_length=\"quote_text_shadow_style,%91object Object%93\" quote_text_shadow_blur_strength=\"quote_text_shadow_style,%91object Object%93\" header_text_shadow_horizontal_length=\"header_text_shadow_style,%91object Object%93\" header_text_shadow_vertical_length=\"header_text_shadow_style,%91object Object%93\" header_text_shadow_blur_strength=\"header_text_shadow_style,%91object Object%93\" header_2_text_shadow_horizontal_length=\"header_2_text_shadow_style,%91object Object%93\" header_2_text_shadow_vertical_length=\"header_2_text_shadow_style,%91object Object%93\" header_2_text_shadow_blur_strength=\"header_2_text_shadow_style,%91object Object%93\" header_3_text_shadow_horizontal_length=\"header_3_text_shadow_style,%91object Object%93\" header_3_text_shadow_vertical_length=\"header_3_text_shadow_style,%91object Object%93\" header_3_text_shadow_blur_strength=\"header_3_text_shadow_style,%91object Object%93\" header_4_text_shadow_horizontal_length=\"header_4_text_shadow_style,%91object Object%93\" header_4_text_shadow_vertical_length=\"header_4_text_shadow_style,%91object Object%93\" header_4_text_shadow_blur_strength=\"header_4_text_shadow_style,%91object Object%93\" header_5_text_shadow_horizontal_length=\"header_5_text_shadow_style,%91object Object%93\" header_5_text_shadow_vertical_length=\"header_5_text_shadow_style,%91object Object%93\" header_5_text_shadow_blur_strength=\"header_5_text_shadow_style,%91object Object%93\" header_6_text_shadow_horizontal_length=\"header_6_text_shadow_style,%91object Object%93\" header_6_text_shadow_vertical_length=\"header_6_text_shadow_style,%91object Object%93\" header_6_text_shadow_blur_strength=\"header_6_text_shadow_style,%91object Object%93\" z_index_tablet=\"500\" box_shadow_horizontal_tablet=\"0px\" box_shadow_vertical_tablet=\"0px\" box_shadow_blur_tablet=\"40px\" box_shadow_spread_tablet=\"0px\" vertical_offset_tablet=\"0\" horizontal_offset_tablet=\"0\"]<\/p><p>[envira-album id=\"3462\"]<\/p><p>[\/et_pb_text][\/et_pb_column][et_pb_column type=\"1_2\" specialty_columns=\"2\"][et_pb_row_inner admin_label=\"Ligne\" _builder_version=\"4.4.2\" custom_margin=\"||0px|\" custom_padding=\"0px||0px|\" box_shadow_horizontal_tablet=\"0px\" box_shadow_vertical_tablet=\"0px\" box_shadow_blur_tablet=\"40px\" box_shadow_spread_tablet=\"0px\" vertical_offset_tablet=\"0\" horizontal_offset_tablet=\"0\" z_index_tablet=\"0\"][et_pb_column_inner type=\"4_4\" saved_specialty_column_type=\"1_2\" custom_padding__hover=\"|||\" custom_padding=\"|||\" link_option_url_new_window=\"off\" use_background_color_gradient=\"off\" background_color_gradient_start=\"#2b87da\" background_color_gradient_end=\"#29c4a9\" background_color_gradient_type=\"linear\" background_color_gradient_direction=\"180deg\" background_color_gradient_direction_tablet=\"180deg\" background_color_gradient_direction_phone=\"180deg\" background_color_gradient_direction_radial=\"center\" background_color_gradient_start_position=\"0%\" background_color_gradient_start_position_tablet=\"0%\" background_color_gradient_start_position_phone=\"0%\" background_color_gradient_end_position=\"100%\" background_color_gradient_end_position_tablet=\"100%\" background_color_gradient_end_position_phone=\"100%\" background_color_gradient_overlays_image=\"off\" parallax=\"off\" parallax_method=\"on\" background_size=\"cover\" background_position=\"center\" background_repeat=\"no-repeat\" background_blend=\"normal\" allow_player_pause=\"off\" background_video_pause_outside_viewport=\"on\" custom_padding_tablet=\"|||\" custom_padding_phone=\"|||\" border_radii=\"on||||\" box_shadow_style=\"none\" box_shadow_horizontal=\"box_shadow_style,%91object Object%93\" box_shadow_horizontal_tablet=\"0px\" box_shadow_horizontal_phone=\"0px\" box_shadow_vertical=\"box_shadow_style,%91object Object%93\" box_shadow_vertical_tablet=\"0px\" box_shadow_vertical_phone=\"0px\" box_shadow_blur=\"box_shadow_style,%91object Object%93\" box_shadow_blur_tablet=\"40px\" box_shadow_blur_phone=\"40px\" box_shadow_spread=\"box_shadow_style,%91object Object%93\" box_shadow_spread_tablet=\"0px\" box_shadow_spread_phone=\"0px\" box_shadow_color=\"rgba(0,0,0,0.3)\" box_shadow_position=\"outer\" filter_hue_rotate=\"0deg\" filter_hue_rotate_tablet=\"0deg\" filter_hue_rotate_phone=\"0deg\" filter_saturate=\"100%\" filter_saturate_tablet=\"100%\" filter_saturate_phone=\"100%\" filter_brightness=\"100%\" filter_brightness_tablet=\"100%\" filter_brightness_phone=\"100%\" filter_contrast=\"100%\" filter_contrast_tablet=\"100%\" filter_contrast_phone=\"100%\" filter_invert=\"0%\" filter_invert_tablet=\"0%\" filter_invert_phone=\"0%\" filter_sepia=\"0%\" filter_sepia_tablet=\"0%\" filter_sepia_phone=\"0%\" filter_opacity=\"100%\" filter_opacity_tablet=\"100%\" filter_opacity_phone=\"100%\" filter_blur=\"0px\" filter_blur_tablet=\"0px\" filter_blur_phone=\"0px\" mix_blend_mode=\"normal\" animation_style=\"none\" animation_direction=\"center\" animation_duration=\"1000ms\" animation_duration_tablet=\"1000ms\" animation_duration_phone=\"1000ms\" animation_delay=\"0ms\" animation_delay_tablet=\"0ms\" animation_delay_phone=\"0ms\" animation_intensity_slide=\"50%\" animation_intensity_slide_tablet=\"50%\" animation_intensity_slide_phone=\"50%\" animation_intensity_zoom=\"50%\" animation_intensity_zoom_tablet=\"50%\" animation_intensity_zoom_phone=\"50%\" animation_intensity_flip=\"50%\" animation_intensity_flip_tablet=\"50%\" animation_intensity_flip_phone=\"50%\" animation_intensity_fold=\"50%\" animation_intensity_fold_tablet=\"50%\" animation_intensity_fold_phone=\"50%\" animation_intensity_roll=\"50%\" animation_intensity_roll_tablet=\"50%\" animation_intensity_roll_phone=\"50%\" animation_starting_opacity=\"0%\" animation_starting_opacity_tablet=\"0%\" animation_starting_opacity_phone=\"0%\" animation_speed_curve=\"ease-in-out\" animation_repeat=\"once\" disabled=\"%91object HTMLInputElement%93\" hover_transition_duration=\"300ms\" hover_transition_duration_tablet=\"300ms\" hover_transition_duration_phone=\"300ms\" hover_transition_delay=\"0ms\" hover_transition_delay_tablet=\"0ms\" hover_transition_delay_phone=\"0ms\" hover_transition_speed_curve=\"ease\" vertical_offset_tablet=\"0\" vertical_offset_phone=\"0\" horizontal_offset_tablet=\"0\" horizontal_offset_phone=\"0\" z_index=\"2\" z_index_tablet=\"2\" z_index_phone=\"2\" saved_specialty_column_type=\"1_2\"][et_pb_text admin_label=\"Vid\u00e9oth\u00e8que\" _builder_version=\"3.7\" custom_margin=\"||0px|\" custom_padding=\"||0px|\" text_orientation=\"left\"]<\/p><h2 style=\"text-align: center;\">Vid\u00e9oth\u00e8que<\/h2><p>[\/et_pb_text][\/et_pb_column_inner][\/et_pb_row_inner][et_pb_row_inner admin_label=\"Ligne\" _builder_version=\"4.4.2\" use_custom_gutter=\"on\" gutter_width=\"2\" box_shadow_horizontal_tablet=\"0px\" box_shadow_vertical_tablet=\"0px\" box_shadow_blur_tablet=\"40px\" box_shadow_spread_tablet=\"0px\" vertical_offset_tablet=\"0\" horizontal_offset_tablet=\"0\" z_index_tablet=\"0\"][et_pb_column_inner type=\"1_2\" saved_specialty_column_type=\"1_2\" custom_padding__hover=\"|||\" custom_padding=\"|||\" saved_specialty_column_type=\"1_2\"][et_pb_blurb admin_label=\"ADN IFV\" _builder_version=\"4.4.2\" title=\"L' ADN de l'IFV\" image=\"https:\/\/www.vignevin.com\/wp-content\/uploads\/2020\/05\/etiquette-ADN-IFV.jpg\" text_orientation=\"center\" url=\"https:\/\/www.vignevin.com\/mediatheque\/adn-de-l-ifv\/\" text_shadow_horizontal_length=\"text_shadow_style,%91object Object%93\" text_shadow_vertical_length=\"text_shadow_style,%91object Object%93\" text_shadow_blur_strength=\"text_shadow_style,%91object Object%93\" header_text_shadow_horizontal_length=\"header_text_shadow_style,%91object Object%93\" header_text_shadow_vertical_length=\"header_text_shadow_style,%91object Object%93\" header_text_shadow_blur_strength=\"header_text_shadow_style,%91object Object%93\" body_text_shadow_horizontal_length=\"body_text_shadow_style,%91object Object%93\" body_text_shadow_vertical_length=\"body_text_shadow_style,%91object Object%93\" body_text_shadow_blur_strength=\"body_text_shadow_style,%91object Object%93\" animation=\"off\" z_index_tablet=\"500\" box_shadow_horizontal_image_tablet=\"0px\" box_shadow_vertical_image_tablet=\"0px\" box_shadow_blur_image_tablet=\"40px\" box_shadow_spread_image_tablet=\"0px\" body_link_text_shadow_horizontal_length=\"body_link_text_shadow_style,%91object Object%93\" body_link_text_shadow_horizontal_length_tablet=\"0px\" body_link_text_shadow_vertical_length=\"body_link_text_shadow_style,%91object Object%93\" body_link_text_shadow_vertical_length_tablet=\"0px\" body_link_text_shadow_blur_strength=\"body_link_text_shadow_style,%91object Object%93\" body_link_text_shadow_blur_strength_tablet=\"1px\" body_ul_text_shadow_horizontal_length=\"body_ul_text_shadow_style,%91object Object%93\" body_ul_text_shadow_horizontal_length_tablet=\"0px\" body_ul_text_shadow_vertical_length=\"body_ul_text_shadow_style,%91object Object%93\" body_ul_text_shadow_vertical_length_tablet=\"0px\" body_ul_text_shadow_blur_strength=\"body_ul_text_shadow_style,%91object Object%93\" body_ul_text_shadow_blur_strength_tablet=\"1px\" body_ol_text_shadow_horizontal_length=\"body_ol_text_shadow_style,%91object Object%93\" body_ol_text_shadow_horizontal_length_tablet=\"0px\" body_ol_text_shadow_vertical_length=\"body_ol_text_shadow_style,%91object Object%93\" body_ol_text_shadow_vertical_length_tablet=\"0px\" body_ol_text_shadow_blur_strength=\"body_ol_text_shadow_style,%91object Object%93\" body_ol_text_shadow_blur_strength_tablet=\"1px\" body_quote_text_shadow_horizontal_length=\"body_quote_text_shadow_style,%91object Object%93\" body_quote_text_shadow_horizontal_length_tablet=\"0px\" body_quote_text_shadow_vertical_length=\"body_quote_text_shadow_style,%91object Object%93\" body_quote_text_shadow_vertical_length_tablet=\"0px\" body_quote_text_shadow_blur_strength=\"body_quote_text_shadow_style,%91object Object%93\" body_quote_text_shadow_blur_strength_tablet=\"1px\" box_shadow_horizontal_tablet=\"0px\" box_shadow_vertical_tablet=\"0px\" box_shadow_blur_tablet=\"40px\" box_shadow_spread_tablet=\"0px\" vertical_offset_tablet=\"0\" horizontal_offset_tablet=\"0\" \/][et_pb_blurb admin_label=\"Reportages\" _builder_version=\"3.22.4\" title=\"Les Reportages\" image=\"https:\/\/www.vignevin.com\/wp-content\/uploads\/2019\/04\/tournage-Mas-Piquet-2-e1557931977141.jpg\" text_orientation=\"center\" url=\"https:\/\/www.vignevin.com\/mediatheque\/les-reportages\/\" text_shadow_horizontal_length=\"text_shadow_style,%91object Object%93\" text_shadow_vertical_length=\"text_shadow_style,%91object Object%93\" text_shadow_blur_strength=\"text_shadow_style,%91object Object%93\" header_text_shadow_horizontal_length=\"header_text_shadow_style,%91object Object%93\" header_text_shadow_vertical_length=\"header_text_shadow_style,%91object Object%93\" header_text_shadow_blur_strength=\"header_text_shadow_style,%91object Object%93\" body_text_shadow_horizontal_length=\"body_text_shadow_style,%91object Object%93\" body_text_shadow_vertical_length=\"body_text_shadow_style,%91object Object%93\" body_text_shadow_blur_strength=\"body_text_shadow_style,%91object Object%93\" animation=\"off\" z_index_tablet=\"500\" \/][et_pb_blurb admin_label=\"Marque Entav-Inra\" _builder_version=\"4.4.2\" title=\"La marque Entav-Inra pr\u00e9sente ses clones\" image=\"https:\/\/www.vignevin.com\/wp-content\/uploads\/2020\/05\/Etiquette-EntavInra-clones.jpg\" text_orientation=\"center\" url=\"https:\/\/www.vignevin.com\/mediatheque\/entav-inra-presente-ses-clones\/\" background_color=\"#ffffff\" border_radii_image=\"on|2px|2px|2px|2px\" text_shadow_horizontal_length=\"text_shadow_style,%91object Object%93\" text_shadow_vertical_length=\"text_shadow_style,%91object Object%93\" text_shadow_blur_strength=\"text_shadow_style,%91object Object%93\" header_text_shadow_horizontal_length=\"header_text_shadow_style,%91object Object%93\" header_text_shadow_vertical_length=\"header_text_shadow_style,%91object Object%93\" header_text_shadow_blur_strength=\"header_text_shadow_style,%91object Object%93\" body_text_shadow_horizontal_length=\"body_text_shadow_style,%91object Object%93\" body_text_shadow_vertical_length=\"body_text_shadow_style,%91object Object%93\" body_text_shadow_blur_strength=\"body_text_shadow_style,%91object Object%93\" animation=\"off\" z_index_tablet=\"500\" box_shadow_horizontal_image_tablet=\"0px\" box_shadow_vertical_image_tablet=\"0px\" box_shadow_blur_image_tablet=\"40px\" box_shadow_spread_image_tablet=\"0px\" body_link_text_shadow_horizontal_length=\"body_link_text_shadow_style,%91object Object%93\" body_link_text_shadow_horizontal_length_tablet=\"0px\" body_link_text_shadow_vertical_length=\"body_link_text_shadow_style,%91object Object%93\" body_link_text_shadow_vertical_length_tablet=\"0px\" body_link_text_shadow_blur_strength=\"body_link_text_shadow_style,%91object Object%93\" body_link_text_shadow_blur_strength_tablet=\"1px\" body_ul_text_shadow_horizontal_length=\"body_ul_text_shadow_style,%91object Object%93\" body_ul_text_shadow_horizontal_length_tablet=\"0px\" body_ul_text_shadow_vertical_length=\"body_ul_text_shadow_style,%91object Object%93\" body_ul_text_shadow_vertical_length_tablet=\"0px\" body_ul_text_shadow_blur_strength=\"body_ul_text_shadow_style,%91object Object%93\" body_ul_text_shadow_blur_strength_tablet=\"1px\" body_ol_text_shadow_horizontal_length=\"body_ol_text_shadow_style,%91object Object%93\" body_ol_text_shadow_horizontal_length_tablet=\"0px\" body_ol_text_shadow_vertical_length=\"body_ol_text_shadow_style,%91object Object%93\" body_ol_text_shadow_vertical_length_tablet=\"0px\" body_ol_text_shadow_blur_strength=\"body_ol_text_shadow_style,%91object Object%93\" body_ol_text_shadow_blur_strength_tablet=\"1px\" body_quote_text_shadow_horizontal_length=\"body_quote_text_shadow_style,%91object Object%93\" body_quote_text_shadow_horizontal_length_tablet=\"0px\" body_quote_text_shadow_vertical_length=\"body_quote_text_shadow_style,%91object Object%93\" body_quote_text_shadow_vertical_length_tablet=\"0px\" body_quote_text_shadow_blur_strength=\"body_quote_text_shadow_style,%91object Object%93\" body_quote_text_shadow_blur_strength_tablet=\"1px\" box_shadow_horizontal_tablet=\"0px\" box_shadow_vertical_tablet=\"0px\" box_shadow_blur_tablet=\"40px\" box_shadow_spread_tablet=\"0px\" vertical_offset_tablet=\"0\" horizontal_offset_tablet=\"0\" \/][\/et_pb_column_inner][et_pb_column_inner type=\"1_2\" saved_specialty_column_type=\"1_2\" custom_padding__hover=\"|||\" custom_padding=\"|||\" saved_specialty_column_type=\"1_2\"][et_pb_blurb admin_label=\"webinaires IFV\" _builder_version=\"4.4.2\" title=\"Les Webinaires IFV\" image=\"https:\/\/www.vignevin.com\/wp-content\/uploads\/2020\/05\/etiquette-webinaires-IFV.jpg\" text_orientation=\"center\" url=\"\/mediatheque\/les-webinaires-ifv\/\" text_shadow_horizontal_length=\"text_shadow_style,%91object Object%93\" text_shadow_vertical_length=\"text_shadow_style,%91object Object%93\" text_shadow_blur_strength=\"text_shadow_style,%91object Object%93\" header_text_shadow_horizontal_length=\"header_text_shadow_style,%91object Object%93\" header_text_shadow_vertical_length=\"header_text_shadow_style,%91object Object%93\" header_text_shadow_blur_strength=\"header_text_shadow_style,%91object Object%93\" body_text_shadow_horizontal_length=\"body_text_shadow_style,%91object Object%93\" body_text_shadow_vertical_length=\"body_text_shadow_style,%91object Object%93\" body_text_shadow_blur_strength=\"body_text_shadow_style,%91object Object%93\" animation=\"off\" z_index_tablet=\"500\" box_shadow_horizontal_image_tablet=\"0px\" box_shadow_vertical_image_tablet=\"0px\" box_shadow_blur_image_tablet=\"40px\" box_shadow_spread_image_tablet=\"0px\" body_link_text_shadow_horizontal_length=\"body_link_text_shadow_style,%91object Object%93\" body_link_text_shadow_horizontal_length_tablet=\"0px\" body_link_text_shadow_vertical_length=\"body_link_text_shadow_style,%91object Object%93\" body_link_text_shadow_vertical_length_tablet=\"0px\" body_link_text_shadow_blur_strength=\"body_link_text_shadow_style,%91object Object%93\" body_link_text_shadow_blur_strength_tablet=\"1px\" body_ul_text_shadow_horizontal_length=\"body_ul_text_shadow_style,%91object Object%93\" body_ul_text_shadow_horizontal_length_tablet=\"0px\" body_ul_text_shadow_vertical_length=\"body_ul_text_shadow_style,%91object Object%93\" body_ul_text_shadow_vertical_length_tablet=\"0px\" body_ul_text_shadow_blur_strength=\"body_ul_text_shadow_style,%91object Object%93\" body_ul_text_shadow_blur_strength_tablet=\"1px\" body_ol_text_shadow_horizontal_length=\"body_ol_text_shadow_style,%91object Object%93\" body_ol_text_shadow_horizontal_length_tablet=\"0px\" body_ol_text_shadow_vertical_length=\"body_ol_text_shadow_style,%91object Object%93\" body_ol_text_shadow_vertical_length_tablet=\"0px\" body_ol_text_shadow_blur_strength=\"body_ol_text_shadow_style,%91object Object%93\" body_ol_text_shadow_blur_strength_tablet=\"1px\" body_quote_text_shadow_horizontal_length=\"body_quote_text_shadow_style,%91object Object%93\" body_quote_text_shadow_horizontal_length_tablet=\"0px\" body_quote_text_shadow_vertical_length=\"body_quote_text_shadow_style,%91object Object%93\" body_quote_text_shadow_vertical_length_tablet=\"0px\" body_quote_text_shadow_blur_strength=\"body_quote_text_shadow_style,%91object Object%93\" body_quote_text_shadow_blur_strength_tablet=\"1px\" box_shadow_horizontal_tablet=\"0px\" box_shadow_vertical_tablet=\"0px\" box_shadow_blur_tablet=\"40px\" box_shadow_spread_tablet=\"0px\" vertical_offset_tablet=\"0\" horizontal_offset_tablet=\"0\" \/][et_pb_blurb admin_label=\"Les 'Minute Vignevin'\" _builder_version=\"4.4.2\" title=\"La 'Minute Vignevin'\" image=\"https:\/\/www.vignevin.com\/wp-content\/uploads\/2020\/05\/Etiquette-Minute-vignevin.jpg\" text_orientation=\"center\" url=\"\/mediatheque\/la-minute-vignevin\/\" text_shadow_horizontal_length=\"text_shadow_style,%91object Object%93\" text_shadow_vertical_length=\"text_shadow_style,%91object Object%93\" text_shadow_blur_strength=\"text_shadow_style,%91object Object%93\" header_text_shadow_horizontal_length=\"header_text_shadow_style,%91object Object%93\" header_text_shadow_vertical_length=\"header_text_shadow_style,%91object Object%93\" header_text_shadow_blur_strength=\"header_text_shadow_style,%91object Object%93\" body_text_shadow_horizontal_length=\"body_text_shadow_style,%91object Object%93\" body_text_shadow_vertical_length=\"body_text_shadow_style,%91object Object%93\" body_text_shadow_blur_strength=\"body_text_shadow_style,%91object Object%93\" animation=\"off\" z_index_tablet=\"500\" box_shadow_horizontal_image_tablet=\"0px\" box_shadow_vertical_image_tablet=\"0px\" box_shadow_blur_image_tablet=\"40px\" box_shadow_spread_image_tablet=\"0px\" body_link_text_shadow_horizontal_length=\"body_link_text_shadow_style,%91object Object%93\" body_link_text_shadow_horizontal_length_tablet=\"0px\" body_link_text_shadow_vertical_length=\"body_link_text_shadow_style,%91object Object%93\" body_link_text_shadow_vertical_length_tablet=\"0px\" body_link_text_shadow_blur_strength=\"body_link_text_shadow_style,%91object Object%93\" body_link_text_shadow_blur_strength_tablet=\"1px\" body_ul_text_shadow_horizontal_length=\"body_ul_text_shadow_style,%91object Object%93\" body_ul_text_shadow_horizontal_length_tablet=\"0px\" body_ul_text_shadow_vertical_length=\"body_ul_text_shadow_style,%91object Object%93\" body_ul_text_shadow_vertical_length_tablet=\"0px\" body_ul_text_shadow_blur_strength=\"body_ul_text_shadow_style,%91object Object%93\" body_ul_text_shadow_blur_strength_tablet=\"1px\" body_ol_text_shadow_horizontal_length=\"body_ol_text_shadow_style,%91object Object%93\" body_ol_text_shadow_horizontal_length_tablet=\"0px\" body_ol_text_shadow_vertical_length=\"body_ol_text_shadow_style,%91object Object%93\" body_ol_text_shadow_vertical_length_tablet=\"0px\" body_ol_text_shadow_blur_strength=\"body_ol_text_shadow_style,%91object Object%93\" body_ol_text_shadow_blur_strength_tablet=\"1px\" body_quote_text_shadow_horizontal_length=\"body_quote_text_shadow_style,%91object Object%93\" body_quote_text_shadow_horizontal_length_tablet=\"0px\" body_quote_text_shadow_vertical_length=\"body_quote_text_shadow_style,%91object Object%93\" body_quote_text_shadow_vertical_length_tablet=\"0px\" body_quote_text_shadow_blur_strength=\"body_quote_text_shadow_style,%91object Object%93\" body_quote_text_shadow_blur_strength_tablet=\"1px\" box_shadow_horizontal_tablet=\"0px\" box_shadow_vertical_tablet=\"0px\" box_shadow_blur_tablet=\"40px\" box_shadow_spread_tablet=\"0px\" vertical_offset_tablet=\"0\" horizontal_offset_tablet=\"0\" \/][\/et_pb_column_inner][\/et_pb_row_inner][\/et_pb_column][\/et_pb_section]<\/p>","_et_gb_content_width":"","_relevanssi_hide_post":"","_relevanssi_hide_content":"","_relevanssi_pin_for_all":"","_relevanssi_pin_keywords":"","_relevanssi_unpin_keywords":"","_relevanssi_related_keywords":"","_relevanssi_related_include_ids":"","_relevanssi_related_exclude_ids":"","_relevanssi_related_no_append":"","_relevanssi_related_not_related":"","_relevanssi_related_posts":"","_relevanssi_noindex_reason":"","footnotes":""},"class_list":["post-16123","page","type-page","status-publish","hentry"],"acf":[],"_links":{"self":[{"href":"https:\/\/www.vignevin.com\/en\/wp-json\/wp\/v2\/pages\/16123","targetHints":{"allow":["GET"]}}],"collection":[{"href":"https:\/\/www.vignevin.com\/en\/wp-json\/wp\/v2\/pages"}],"about":[{"href":"https:\/\/www.vignevin.com\/en\/wp-json\/wp\/v2\/types\/page"}],"author":[{"embeddable":true,"href":"https:\/\/www.vignevin.com\/en\/wp-json\/wp\/v2\/users\/1"}],"replies":[{"embeddable":true,"href":"https:\/\/www.vignevin.com\/en\/wp-json\/wp\/v2\/comments?post=16123"}],"version-history":[{"count":0,"href":"https:\/\/www.vignevin.com\/en\/wp-json\/wp\/v2\/pages\/16123\/revisions"}],"wp:attachment":[{"href":"https:\/\/www.vignevin.com\/en\/wp-json\/wp\/v2\/media?parent=16123"}],"curies":[{"name":"wp","href":"https:\/\/api.w.org\/{rel}","templated":true}]}}